{"id":158264,"date":"2026-09-04T22:24:31","date_gmt":"2026-09-04T22:24:31","guid":{"rendered":"https:\/\/iwell-guard.com\/?page_id=158264"},"modified":"2026-09-04T22:55:59","modified_gmt":"2026-09-04T22:55:59","slug":"palo-santo","status":"publish","type":"page","link":"https:\/\/iwell-guard.com\/sk\/palo-santo\/","title":{"rendered":"Palo Santo"},"content":{"rendered":"\t\t<div data-elementor-type=\"wp-page\" data-elementor-id=\"158264\" class=\"elementor elementor-158264 elementor-3781 elementor-bc-flex-widget\" data-elementor-post-type=\"page\">\n\t\t\t\t<div class=\"elementor-element elementor-element-iwgs-palo-santo-hero e-flex e-con-boxed e-con e-parent\" data-id=\"iwgs-palo-santo-hero\" data-element_type=\"container\" data-e-type=\"container\">\n\t\t\t\t\t<div class=\"e-con-inner\">\n\t\t<div class=\"elementor-element elementor-element-iw-palo-santo-hero-left e-con-full e-flex e-con e-child\" data-id=\"iw-palo-santo-hero-left\" data-element_type=\"container\" data-e-type=\"container\">\n\t\t\t\t<div class=\"elementor-element elementor-element-iwgs-palo-santo-h1 elementor-widget elementor-widget-heading\" data-id=\"iwgs-palo-santo-h1\" data-element_type=\"widget\" data-e-type=\"widget\" data-widget_type=\"heading.default\">\n\t\t\t\t\t<h1 class=\"elementor-heading-title elementor-size-default\">Palo Santo \u2014 sv\u00e4t\u00e9 vykurovacie drevo Ju\u017enej Ameriky<\/h1>\t\t\t\t<\/div>\n\t\t<div class=\"elementor-element elementor-element-iw-palo-santo-hero-bw e-con-full e-flex e-con e-child\" data-id=\"iw-palo-santo-hero-bw\" data-element_type=\"container\" data-e-type=\"container\">\n\t\t\t\t<div class=\"elementor-element elementor-element-iwgs-palo-santo-pills elementor-widget elementor-widget-html\" data-id=\"iwgs-palo-santo-pills\" data-element_type=\"widget\" data-e-type=\"widget\" data-widget_type=\"html.default\">\n\t\t\t\t\t<div class=\"iwg-pill-row\"><span class=\"iwg-klasse-badge\" tabindex=\"0\" data-tooltip=\"Druh ochrann\u00e9ho prostriedku.\">Vonn\u00e1 \u017eivica<\/span><a href=\"https:\/\/iwell-guard.com\/sk\/?page_id=158265\" class=\"iwg-kultur-badge\" tabindex=\"0\" data-tooltip=\"Preh\u013ead.\">Kadidlo a o\u010dista<\/a><\/div>\t\t\t\t<\/div>\n\t\t\t\t<div class=\"elementor-element elementor-element-iwgs-palo-santo-lead elementor-widget elementor-widget-text-editor\" data-id=\"iwgs-palo-santo-lead\" data-element_type=\"widget\" data-e-type=\"widget\" data-widget_type=\"text-editor.default\">\n\t\t\t\t\t\t\t\t\t<p>Palo Santo znamen\u00e1 v \u0161paniel\u010dine \u201esv\u00e4t\u00e9 drevo\u201c. Tento n\u00e1zov odkazuje na postavenie, ktor\u00e9 toto vykurovacie drevo zauj\u00edma v \u013eudovej trad\u00edcii andskej oblasti a tropickej Ju\u017enej Ameriky: nejde len o jednu z mnoh\u00fdch vykurovac\u00edch l\u00e1tok, ale o n\u00e1stroj \u0161amana a lie\u010dite\u013ea, ktor\u00fd je pre svoju vz\u00e1cnos\u0165 a charakteristick\u00fa v\u00f4\u0148u pova\u017eovan\u00fd za mimoriadne mocn\u00fd.<\/p><p>Na rozdiel od <a href=\"https:\/\/iwell-guard.com\/sk\/?page_id=158279\">kadidla<\/a> alebo <a href=\"https:\/\/iwell-guard.com\/sk\/?page_id=158263\">myrhy<\/a>, ktor\u00e9 sa vykuruj\u00fa ako \u017eivice, sa pri Palo Santo spa\u013euje samotn\u00e9 drevo; hobliny, k\u00fasky alebo ty\u010dinky z kme\u0148a stromu Bursera graveolens vyd\u00e1vaj\u00fa pri zap\u00e1len\u00ed sladko-\u017eivicov\u00fd dym s \u013eahk\u00fdm citrusovo-m\u00e4tov\u00fdm podt\u00f3nom.<\/p><p>Na <a href=\"https:\/\/iwell-guard.com\/sk\/?page_id=158265\">preh\u013eadovej str\u00e1nke o vykurovan\u00ed a o\u010diste<\/a> predstavuje Palo Santo juhoamerick\u00fa vetvu ritu\u00e1lnej vykurovacej trad\u00edcie. Tento profil sa venuje sv\u00e4tej povahe, ktor\u00fa Palo Santo po\u017e\u00edva v juhoamerickej vykurovacej trad\u00edcii. Palo Santo je sv\u00e4t\u00e9 drevo na vykurovanie, a nasleduj\u00face \u010dasti popisuj\u00fa p\u00f4vod a pou\u017eitie tohto materi\u00e1lu.<\/p>\t\t\t\t\t\t\t\t<\/div>\n\t\t\t\t<\/div>\n\t\t\t\t<\/div>\n\t\t<div class=\"elementor-element elementor-element-iw-palo-santo-hero-img e-con-full e-flex e-con e-child\" data-id=\"iw-palo-santo-hero-img\" data-element_type=\"container\" data-e-type=\"container\">\n\t\t\t\t<div class=\"elementor-element elementor-element-iwgs-palo-santo-himg iwg-hero-image elementor-widget elementor-widget-image\" data-id=\"iwgs-palo-santo-himg\" data-element_type=\"widget\" data-e-type=\"widget\" data-widget_type=\"image.default\">\n\t\t\t\t\t\t\t\t\t\t\t\t\t\t\t<img fetchpriority=\"high\" decoding=\"async\" width=\"683\" height=\"1024\" src=\"https:\/\/iwell-guard.com\/wp-content\/uploads\/2026\/05\/schutzsymbol_anden_palo-santo-683x1024.png\" class=\"attachment-large size-large wp-image-159446\" alt=\"Palo Santo \u2013 sv\u00e4t\u00e9 vonn\u00e9 drevo Ju\u017enej Ameriky, historicko-ilustra\u010dn\u00e9 zobrazenie\" srcset=\"https:\/\/iwell-guard.com\/wp-content\/uploads\/2026\/05\/schutzsymbol_anden_palo-santo-683x1024.png 683w, https:\/\/iwell-guard.com\/wp-content\/uploads\/2026\/05\/schutzsymbol_anden_palo-santo-200x300.png 200w, https:\/\/iwell-guard.com\/wp-content\/uploads\/2026\/05\/schutzsymbol_anden_palo-santo-768x1152.png 768w, https:\/\/iwell-guard.com\/wp-content\/uploads\/2026\/05\/schutzsymbol_anden_palo-santo.png 1024w\" sizes=\"(max-width: 683px) 100vw, 683px\" \/>\t\t\t\t\t\t\t\t\t\t\t\t\t\t\t<\/div>\n\t\t\t\t<\/div>\n\t\t\t\t\t<\/div>\n\t\t\t\t<\/div>\n\t\t<div class=\"elementor-element elementor-element-iwgs-palo-santo-s0 e-flex e-con-boxed e-con e-parent\" data-id=\"iwgs-palo-santo-s0\" data-element_type=\"container\" data-e-type=\"container\">\n\t\t\t\t\t<div class=\"e-con-inner\">\n\t\t\t\t<div class=\"elementor-element elementor-element-iwgs-palo-santo-s0h elementor-widget elementor-widget-heading\" data-id=\"iwgs-palo-santo-s0h\" data-element_type=\"widget\" data-e-type=\"widget\" data-widget_type=\"heading.default\">\n\t\t\t\t\t<h2 class=\"elementor-heading-title elementor-size-default\">R\u00fdchly preh\u013ead<\/h2>\t\t\t\t<\/div>\n\t\t<div class=\"elementor-element elementor-element-iw-palo-santo-s0-bw e-con-full e-flex e-con e-child\" data-id=\"iw-palo-santo-s0-bw\" data-element_type=\"container\" data-e-type=\"container\">\n\t\t\t\t<div class=\"elementor-element elementor-element-iwgs-palo-santo-s0t elementor-widget elementor-widget-text-editor\" data-id=\"iwgs-palo-santo-s0t\" data-element_type=\"widget\" data-e-type=\"widget\" data-widget_type=\"text-editor.default\">\n\t\t\t\t\t\t\t\t\t<p>Palo Santo (Bursera graveolens) rastie v such\u00fdch lesoch Ekv\u00e1doru, Peru a \u010fal\u0161\u00edch juhoamerick\u00fdch kraj\u00edn. Drevo z\u00edskava svoju charakteristick\u00fa v\u00f4\u0148u a\u017e po prirodzenom odumret\u00ed stromu alebo kon\u00e1ra: \u00e9terick\u00e9 oleje sa v mrtvom dreve tvoria po\u010das viacer\u00fdch rokov.<\/p><p>V <span class=\"iwg-fachbegriff\" data-tooltip=\"Odovzd\u00e1vanie vedomost\u00ed a pr\u00edbehov cez gener\u00e1cie.\" tabindex=\"0\">trad\u00edcii<\/span> p\u00f4vodn\u00fdch obyvate\u013eov a v latinskoamerickej \u013eudovej vierre je Palo Santo pova\u017eovan\u00e9 za prostriedok proti zl\u00fdm duchom, sprievodcu \u0161amansk\u00fdch ritu\u00e1lov a ochranu pred negat\u00edvnymi vplyvmi. Jeho dym m\u00e1 odohna\u0165 \u0161kodliv\u00e9 sily a z\u00e1rove\u0148 pril\u00e1ka lie\u010div\u00e9 a dobr\u00e9 energie.<\/p>\t\t\t\t\t\t\t\t<\/div>\n\t\t\t\t<\/div>\n\t\t\t\t\t<\/div>\n\t\t\t\t<\/div>\n\t\t<div class=\"elementor-element elementor-element-iwgs-palo-santo-s1 e-flex e-con-boxed e-con e-parent\" data-id=\"iwgs-palo-santo-s1\" data-element_type=\"container\" data-e-type=\"container\">\n\t\t\t\t\t<div class=\"e-con-inner\">\n\t\t\t\t<div class=\"elementor-element elementor-element-iwgs-palo-santo-s1h elementor-widget elementor-widget-heading\" data-id=\"iwgs-palo-santo-s1h\" data-element_type=\"widget\" data-e-type=\"widget\" data-widget_type=\"heading.default\">\n\t\t\t\t\t<h2 class=\"elementor-heading-title elementor-size-default\">P\u00f4vod a trad\u00edcia<\/h2>\t\t\t\t<\/div>\n\t\t<div class=\"elementor-element elementor-element-iw-palo-santo-s1-bw e-con-full e-flex e-con e-child\" data-id=\"iw-palo-santo-s1-bw\" data-element_type=\"container\" data-e-type=\"container\">\n\t\t\t\t<div class=\"elementor-element elementor-element-iwgs-palo-santo-s1t elementor-widget elementor-widget-text-editor\" data-id=\"iwgs-palo-santo-s1t\" data-element_type=\"widget\" data-e-type=\"widget\" data-widget_type=\"text-editor.default\">\n\t\t\t\t\t\t\t\t\t<p>Pou\u017e\u00edvanie Palo Santo sa v \u00fastnej <span class=\"iwg-fachbegriff\" data-tooltip=\"Odovzd\u00e1vanie vedomost\u00ed a pr\u00edbehov cez gener\u00e1cie.\" tabindex=\"0\">trad\u00edcii<\/span> p\u00f4vodn\u00fdch obyvate\u013eov Ekv\u00e1doru a Peru siaha \u010faleko do minulosti. \u0160amani a lie\u010ditelia andsk\u00fdch kult\u00far, medzi nimi z\u00e1stupcovia trad\u00edcie curanderismo, pou\u017e\u00edvali toto drevo pri lie\u010debn\u00fdch ritu\u00e1loch, obradoch o\u010disty a ako sprievodn\u00fd prostriedok pri komunik\u00e1cii s duchovn\u00fdm svetom.<\/p><p>Inkovia pod\u013ea r\u00f4znych podan\u00ed pou\u017e\u00edvali drevo pri obradn\u00fdch pr\u00edle\u017eitostiach; overen\u00e1 p\u00edsomn\u00e1 dokument\u00e1cia z predkolon\u00e1lnej doby je v\u0161ak vzh\u013eadom na absenciu p\u00edsomn\u00fdch prame\u0148ov \u0165a\u017eko dostupn\u00e1.<\/p>\n<p>S koloniz\u00e1ciou Ju\u017enej Ameriky a vplyvom \u0161panielskeho katolicizmu sa p\u00f4vodn\u00e9 indi\u00e1nske pou\u017e\u00edvanie premie\u0161alo s kres\u0165ansk\u00fdmi prvkami.<\/p><p>Samotn\u00fd n\u00e1zov \u201esv\u00e4t\u00e9 drevo\u201c je produktom tohto premie\u0161ania: odzrkad\u013euje kres\u0165ansk\u00e9 prekrytie, ktor\u00fdm bolo vykurovacie drevo spojen\u00e9 s pojmom sv\u00e4tosti. V synkretickej \u013eudovej viere Latinskej Ameriky, ktor\u00e1 sp\u00e1ja p\u00f4vodn\u00e9, africk\u00e9 a eur\u00f3pske prvky, zostalo Palo Santo pevne zakotven\u00fdm ochrann\u00fdm prostriedkom.<\/p>\n<p>V nov\u0161ej dobe sa Palo Santo dostalo prostredn\u00edctvom wellness a new age hnut\u00ed do z\u00e1padn\u00e9ho sveta, kde sa podobne ako biela \u0161alvia pred\u00e1va ako univerz\u00e1lny prostriedok na o\u010distu. Pri tom sa \u010dasto str\u00e1ca \u0161pecifick\u00fd ritu\u00e1lny kontext, v ktorom bolo drevo p\u00f4vodne pou\u017e\u00edvan\u00e9.<\/p>\t\t\t\t\t\t\t\t<\/div>\n\t\t\t\t<\/div>\n\t\t\t\t\t<\/div>\n\t\t\t\t<\/div>\n\t\t<div class=\"elementor-element elementor-element-iwgs-palo-santo-s2 e-flex e-con-boxed e-con e-parent\" data-id=\"iwgs-palo-santo-s2\" data-element_type=\"container\" data-e-type=\"container\">\n\t\t\t\t\t<div class=\"e-con-inner\">\n\t\t\t\t<div class=\"elementor-element elementor-element-iwgs-palo-santo-s2h elementor-widget elementor-widget-heading\" data-id=\"iwgs-palo-santo-s2h\" data-element_type=\"widget\" data-e-type=\"widget\" data-widget_type=\"heading.default\">\n\t\t\t\t\t<h2 class=\"elementor-heading-title elementor-size-default\">Princ\u00edp \u00fa\u010dinku pod\u013ea trad\u00edcie<\/h2>\t\t\t\t<\/div>\n\t\t<div class=\"elementor-element elementor-element-iw-palo-santo-s2-bw e-con-full e-flex e-con e-child\" data-id=\"iw-palo-santo-s2-bw\" data-element_type=\"container\" data-e-type=\"container\">\n\t\t\t\t<div class=\"elementor-element elementor-element-iwgs-palo-santo-s2t elementor-widget elementor-widget-text-editor\" data-id=\"iwgs-palo-santo-s2t\" data-element_type=\"widget\" data-e-type=\"widget\" data-widget_type=\"text-editor.default\">\n\t\t\t\t\t\t\t\t\t<p>V andskej a curanderistickej <span class=\"iwg-fachbegriff\" data-tooltip=\"Odovzd\u00e1vanie vedomost\u00ed a pr\u00edbehov cez gener\u00e1cie.\" tabindex=\"0\">trad\u00edcii<\/span> p\u00f4sob\u00ed Palo Santo na dvoch \u00farovniach naraz. Jeho dym m\u00e1 na jednej strane odohn\u00e1va\u0165 \u0161kodliv\u00fdch duchov a negat\u00edvne vplyvy (susto, da\u00f1o, mal aire, teda stra\u0161ideln\u00fd duch, \u0161kodliv\u00e9 \u010dary a zl\u00fd vzduch v tradi\u010dnom zmysle).<\/p><p>Na druhej strane m\u00e1 v\u00f4\u0148a pril\u00e1ka\u0165 lie\u010div\u00e9, ochrann\u00e9 duchy a sily. <span class=\"iwg-fachbegriff\" data-tooltip=\"N\u00e1bo\u017eensk\u00fd \u0161pecialista, ktor\u00e9mu sa pripisuje sprostredkovanie medzi \u013eu\u010fmi a svetom duchov.\" tabindex=\"0\">\u0160aman<\/span> alebo lie\u010dite\u013e tak Palo Santo nepou\u017e\u00edva len na vyh\u00e1\u0148anie, ale aj na privol\u00e1vanie: vytv\u00e1ra o\u010disten\u00fd priestor, do ktor\u00e9ho m\u00f4\u017ee vst\u00fapi\u0165 lie\u010div\u00e1 sila.<\/p>\n<p>Tento dvojit\u00fd aspekt, vyh\u00e1\u0148anie a privol\u00e1vanie, odli\u0161uje Palo Santo v jeho tradi\u010dnej funkcii od \u010disto obrann\u00fdch prostriedkov, ako je <a href=\"https:\/\/iwell-guard.com\/sk\/?page_id=158278\">jalovec<\/a>, ktor\u00e9mu sa pripisuje sp\u00f4sob \u00fa\u010dinku sk\u00f4r odpudzuj\u00faci a brzdiaci. Predstava, \u017ee ochrana neznamen\u00e1 len obranu, ale aj privolanie dobra, je charakteristick\u00e1 pre andsk\u00fa trad\u00edciu.<\/p>\n<p>Pre \u00fa\u010dinnos\u0165 je pod\u013ea tejto <span class=\"iwg-fachbegriff\" data-tooltip=\"Odovzd\u00e1vanie vedomost\u00ed a pr\u00edbehov cez gener\u00e1cie.\" tabindex=\"0\">trad\u00edcie<\/span> rozhoduj\u00face, aby drevo prirodzene odumrelo. Drevo, ktor\u00e9 bolo zo\u0165at\u00e9, nem\u00e1 ma\u0165 rovnak\u00fa ritu\u00e1lnu silu ako drevo, ktor\u00e9 odumrelo samo a nieko\u013eko rokov le\u017ealo na zemi, ne\u017e bolo zozbieran\u00e9.<\/p><p>\u010cas, ktor\u00fd drevo potrebuje na vytvorenie svojej v\u00f4ne, nie je v <span class=\"iwg-fachbegriff\" data-tooltip=\"Odovzd\u00e1vanie vedomost\u00ed a pr\u00edbehov cez gener\u00e1cie.\" tabindex=\"0\">trad\u00edcii<\/span> n\u00e1hodn\u00fd: je cenou za jeho \u00fa\u010dinnos\u0165.<\/p>\t\t\t\t\t\t\t\t<\/div>\n\t\t\t\t<\/div>\n\t\t\t\t\t<\/div>\n\t\t\t\t<\/div>\n\t\t<div class=\"elementor-element elementor-element-iwgs-palo-santo-s3 e-flex e-con-boxed e-con e-parent\" data-id=\"iwgs-palo-santo-s3\" data-element_type=\"container\" data-e-type=\"container\">\n\t\t\t\t\t<div class=\"e-con-inner\">\n\t\t\t\t<div class=\"elementor-element elementor-element-iwgs-palo-santo-s3h elementor-widget elementor-widget-heading\" data-id=\"iwgs-palo-santo-s3h\" data-element_type=\"widget\" data-e-type=\"widget\" data-widget_type=\"heading.default\">\n\t\t\t\t\t<h2 class=\"elementor-heading-title elementor-size-default\">Roz\u0161\u00edrenie medzi kult\u00farami<\/h2>\t\t\t\t<\/div>\n\t\t<div class=\"elementor-element elementor-element-iw-palo-santo-s3-bw e-con-full e-flex e-con e-child\" data-id=\"iw-palo-santo-s3-bw\" data-element_type=\"container\" data-e-type=\"container\">\n\t\t\t\t<div class=\"elementor-element elementor-element-iwgs-palo-santo-s3t elementor-widget elementor-widget-text-editor\" data-id=\"iwgs-palo-santo-s3t\" data-element_type=\"widget\" data-e-type=\"widget\" data-widget_type=\"text-editor.default\">\n\t\t\t\t\t\t\t\t\t<p>Palo Santo je vo svojej p\u00f4vodnej forme obmedzen\u00e9 na Ju\u017en\u00fa Ameriku, preto\u017ee strom Bursera graveolens sa vyskytuje iba tam. Podobn\u00e9 koncepty, teda vykurovanie prirodzene odumret\u00fdm alebo osobitne zostarnut\u00fdm drevom, sa v\u0161ak vyskytuj\u00fa aj v in\u00fdch kult\u00farach.<\/p><p>V tibetskom vykurovan\u00ed sa pou\u017e\u00edvaj\u00fa ur\u010dit\u00e9 druhy dreva a \u017eiv\u00edc, ktor\u00e9 potrebuj\u00fa dlh\u00fa dobu zrenia. V Japonsku je vykurovanie agarov\u00fdm drevom (oud\/orlie drevo) tie\u017e spojen\u00e9 s vz\u00e1cnos\u0165ou a pomal\u00fdm zren\u00edm dreva; ritu\u00e1lna logika hodnoty a \u00fa\u010dinnosti zrel\u00e9ho dreva je \u0161truktur\u00e1lne pr\u00edbuzn\u00e1.<\/p>\n<p>V Ekv\u00e1dore a Peru je Palo Santo dnes s\u00fa\u010dasne n\u00e1rodn\u00fdm <span class=\"iwg-fachbegriff\" data-tooltip=\"Znak, ktor\u00fd zastupuje predstavu alebo v\u00fdznam.\" tabindex=\"0\">symbolom<\/span> a hospod\u00e1rskym produktom. V\u00fdvoz dreva je legislat\u00edvne regulovan\u00fd, preto\u017ee nekontrolovan\u00e9 vyu\u017e\u00edvanie viedlo k ohrozeniu jeho popul\u00e1cie. To rob\u00ed z Palo Santo jednu z m\u00e1la vykurovac\u00edch l\u00e1tok, ktorej tradi\u010dn\u00fd status m\u00e1 aj ekologick\u00fd ochrann\u00fd rozmer.<\/p>\t\t\t\t\t\t\t\t<\/div>\n\t\t\t\t<\/div>\n\t\t\t\t\t<\/div>\n\t\t\t\t<\/div>\n\t\t<div class=\"elementor-element elementor-element-iwgs-palo-santo-s4 e-flex e-con-boxed e-con e-parent\" data-id=\"iwgs-palo-santo-s4\" data-element_type=\"container\" data-e-type=\"container\">\n\t\t\t\t\t<div class=\"e-con-inner\">\n\t\t\t\t<div class=\"elementor-element elementor-element-iwgs-palo-santo-s4h elementor-widget elementor-widget-heading\" data-id=\"iwgs-palo-santo-s4h\" data-element_type=\"widget\" data-e-type=\"widget\" data-widget_type=\"heading.default\">\n\t\t\t\t\t<h2 class=\"elementor-heading-title elementor-size-default\">Proti \u010domu sa pou\u017e\u00edva<\/h2>\t\t\t\t<\/div>\n\t\t<div class=\"elementor-element elementor-element-iw-palo-santo-s4-bw e-con-full e-flex e-con e-child\" data-id=\"iw-palo-santo-s4-bw\" data-element_type=\"container\" data-e-type=\"container\">\n\t\t\t\t<div class=\"elementor-element elementor-element-iwgs-palo-santo-s4t elementor-widget elementor-widget-text-editor\" data-id=\"iwgs-palo-santo-s4t\" data-element_type=\"widget\" data-e-type=\"widget\" data-widget_type=\"text-editor.default\">\n\t\t\t\t\t\t\t\t\t<p>V curanderskej a \u0161amanskej <span class=\"iwg-fachbegriff\" data-tooltip=\"Odovzd\u00e1vanie vedomost\u00ed a rozpr\u00e1van\u00ed z gener\u00e1cie na gener\u00e1ciu.\" tabindex=\"0\">trad\u00edcii<\/span> sa Palo Santo pou\u017e\u00edva proti nasleduj\u00facim kateg\u00f3ri\u00e1m \u0161kodliv\u00fdch vplyvov:<\/p>\n<ul>\n<li>Mal aire, doslova \u201ezl\u00fd vzduch\u201c: vplyvy, ktor\u00e9 sa via\u017eu na ur\u010dit\u00e9 miesta, \u010dasy alebo stretnutia a sp\u00f4sobuj\u00fa chorobu<\/li>\n<li>Mal de ojo, zl\u00e9 oko: \u00famyseln\u00e9 alebo ne\u00famyseln\u00e9 p\u00f4sobenie prostredn\u00edctvom z\u00e1visti alebo intenz\u00edvnej pozornosti<\/li>\n<li>Susto, z\u013eaknutie: stav, pri ktorom pod\u013ea <span class=\"iwg-fachbegriff\" data-tooltip=\"Odovzd\u00e1vanie vedomost\u00ed a rozpr\u00e1van\u00ed z gener\u00e1cie na gener\u00e1ciu.\" tabindex=\"0\">trad\u00edcie<\/span> \u010das\u0165 du\u0161e opust\u00ed telo v d\u00f4sledku vystra\u0161enia a ochrann\u00ed duchovia ju maj\u00fa priv\u00e1dza\u0165 sp\u00e4\u0165<\/li>\n<li>Vplyv duchov, ktor\u00ed s\u00fa viazan\u00ed na ur\u010dit\u00e9 miesto a sp\u00f4sobuj\u00fa poruchy<\/li>\n<li>V\u0161eobecn\u00e1 \u0161kodliv\u00e1 <span class=\"iwg-fachbegriff\" data-tooltip=\"Praktiky, ktor\u00e9 sa prostredn\u00edctvom osobitn\u00fdch \u00fakonov alebo form\u00fal sna\u017eia zasahova\u0165 do chodu vec\u00ed.\" tabindex=\"0\">m\u00e1gia<\/span> (da\u00f1o), ktor\u00fa namierila na osobu tretia strana<\/li>\n<\/ul>\n<p>Tieto kateg\u00f3rie zodpovedaj\u00fa \u0161pecificky andsk\u00e9mu sveton\u00e1zoru, daj\u00fa sa v\u0161ak \u0161truktur\u00e1lne porovna\u0165 s podobn\u00fdmi kateg\u00f3riami z in\u00fdch kult\u00far. <a href=\"https:\/\/iwell-guard.com\/sk\/?page_id=158268\">Kompas ochrany<\/a> zara\u010fuje Palo Santo k typom bytost\u00ed, s ktor\u00fdmi je pod\u013ea trad\u00edcie sp\u00e1jan\u00e9.<\/p>\t\t\t\t\t\t\t\t<\/div>\n\t\t\t\t<\/div>\n\t\t\t\t\t<\/div>\n\t\t\t\t<\/div>\n\t\t<div class=\"elementor-element elementor-element-iwgs-palo-santo-s5 e-flex e-con-boxed e-con e-parent\" data-id=\"iwgs-palo-santo-s5\" data-element_type=\"container\" data-e-type=\"container\">\n\t\t\t\t\t<div class=\"e-con-inner\">\n\t\t\t\t<div class=\"elementor-element elementor-element-iwgs-palo-santo-s5h elementor-widget elementor-widget-heading\" data-id=\"iwgs-palo-santo-s5h\" data-element_type=\"widget\" data-e-type=\"widget\" data-widget_type=\"heading.default\">\n\t\t\t\t\t<h2 class=\"elementor-heading-title elementor-size-default\">Pou\u017eitie a limity<\/h2>\t\t\t\t<\/div>\n\t\t<div class=\"elementor-element elementor-element-iw-palo-santo-s5-bw e-con-full e-flex e-con e-child\" data-id=\"iw-palo-santo-s5-bw\" data-element_type=\"container\" data-e-type=\"container\">\n\t\t\t\t<div class=\"elementor-element elementor-element-iwgs-palo-santo-s5t elementor-widget elementor-widget-text-editor\" data-id=\"iwgs-palo-santo-s5t\" data-element_type=\"widget\" data-e-type=\"widget\" data-widget_type=\"text-editor.default\">\n\t\t\t\t\t\t\t\t\t<p>Palo Santo sa obvykle zapa\u013euje ako k\u00fasok dreva alebo drevn\u00e1 trieska a potom sa sf\u00fakne, aby \u017eeravel podobne ako vonn\u00e1 ty\u010dinka. Dym sa vedie po priestore alebo cez osobu. Pod\u013ea <span class=\"iwg-fachbegriff\" data-tooltip=\"Odovzd\u00e1vanie vedomost\u00ed a rozpr\u00e1van\u00ed z gener\u00e1cie na gener\u00e1ciu.\" tabindex=\"0\">trad\u00edcie<\/span> sa tento \u00fakon vykon\u00e1va s jasn\u00fdm z\u00e1merom; samotn\u00e9 sp\u00e1lenie bez koncentr\u00e1cie sa pova\u017euje za menej \u00fa\u010dinn\u00e9.<\/p>\n<p>D\u00f4le\u017eitou hranicou tejto praxe je ot\u00e1zka p\u00f4vodu. Udr\u017eate\u013ene a leg\u00e1lne zbieran\u00e9 Palo Santo z prirodzene odumret\u00e9ho dreva sa v <span class=\"iwg-fachbegriff\" data-tooltip=\"Odovzd\u00e1vanie vedomost\u00ed a rozpr\u00e1van\u00ed z gener\u00e1cie na gener\u00e1ciu.\" tabindex=\"0\">trad\u00edcii<\/span> aj v ekologickom hodnoten\u00ed l\u00ed\u0161i od priemyselne vyr\u00e1ban\u00fdch produktov. Kto chce Palo Santo pou\u017e\u00edva\u0165 v duchu <span class=\"iwg-fachbegriff\" data-tooltip=\"Odovzd\u00e1vanie vedomost\u00ed a rozpr\u00e1van\u00ed z gener\u00e1cie na gener\u00e1ciu.\" tabindex=\"0\">trad\u00edcie<\/span>, mal by dba\u0165 na certifikovan\u00e9 produkty poch\u00e1dzaj\u00face z Ekv\u00e1doru alebo Peru s pr\u00edslu\u0161n\u00fdmi dokladmi.<\/p>\n<p>Ako v\u0161etky vonn\u00e9 l\u00e1tky, ani Palo Santo nie je pod\u013ea <span class=\"iwg-fachbegriff\" data-tooltip=\"Odovzd\u00e1vanie vedomost\u00ed a rozpr\u00e1van\u00ed z gener\u00e1cie na gener\u00e1ciu.\" tabindex=\"0\">trad\u00edcie<\/span> univerz\u00e1lnym liekom ani n\u00e1hradou za in\u00e9 ochrann\u00e9 opatrenia. Jeho sila spo\u010d\u00edva v spojen\u00ed o\u010disty a privolania priazniv\u00e9ho; pri konkr\u00e9tnych \u0161kodliv\u00fdch bytostiach odpor\u00fa\u010da <span class=\"iwg-fachbegriff\" data-tooltip=\"Odovzd\u00e1vanie vedomost\u00ed a rozpr\u00e1van\u00ed z gener\u00e1cie na gener\u00e1ciu.\" tabindex=\"0\">trad\u00edcia<\/span> doplnkov\u00e9 prostriedky, ktor\u00e9 s\u00fa zdokumentovan\u00e9 v <a href=\"https:\/\/iwell-guard.com\/sk\/?page_id=158268\">Kompase ochrany<\/a>.<\/p>\t\t\t\t\t\t\t\t<\/div>\n\t\t\t\t<\/div>\n\t\t\t\t\t<\/div>\n\t\t\t\t<\/div>\n\t\t<div class=\"elementor-element elementor-element-iwgs-palo-santo-lit e-flex e-con-boxed e-con e-parent\" data-id=\"iwgs-palo-santo-lit\" data-element_type=\"container\" data-e-type=\"container\">\n\t\t\t\t\t<div class=\"e-con-inner\">\n\t\t\t\t<div class=\"elementor-element elementor-element-iwgs-palo-santo-lith elementor-widget elementor-widget-heading\" data-id=\"iwgs-palo-santo-lith\" data-element_type=\"widget\" data-e-type=\"widget\" data-widget_type=\"heading.default\">\n\t\t\t\t\t<h2 class=\"elementor-heading-title elementor-size-default\">Literat\u00fara (v\u00fdber)<\/h2>\t\t\t\t<\/div>\n\t\t<div class=\"elementor-element elementor-element-iw-palo-santo-lit-bw e-con-full e-flex e-con e-child\" data-id=\"iw-palo-santo-lit-bw\" data-element_type=\"container\" data-e-type=\"container\">\n\t\t\t\t<div class=\"elementor-element elementor-element-iwgs-palo-santo-litt elementor-widget elementor-widget-html\" data-id=\"iwgs-palo-santo-litt\" data-element_type=\"widget\" data-e-type=\"widget\" data-widget_type=\"html.default\">\n\t\t\t\t\t<footer data-nosnippet=\"true\"><ul><li>Don Callaway, Joel Janetski, Omer Stewart: Ute. In: Handbook of North American Indians, Bd. 11. Washington: Smithsonian Institution, 1986.<\/li><li>Luis Eduardo Luna, Pablo Amaringo: Ayahuasca Visions: The Religious Iconography of a Peruvian Shaman. Berkeley: North Atlantic Books, 1991.<\/li><li>Claudia M\u00fcller-Ebeling, Christian R\u00e4tsch, Wolf-Dieter Storl: Witchcraft Medicine: Healing Arts, Shamanic Practices and Forbidden Plants. Rochester: Inner Traditions, 2003.<\/li><li>Silvia Ravera: Herbalism: A Guide to Using Herbs and Plant Medicine for Healing and Wellbeing. Bath: Parragon, 2004.<\/li><li>Stefan Michalak: Ethnobotanisches W\u00f6rterbuch Lateinamerika. Frankfurt: Peter Lang, 2008.<\/li><\/ul><\/footer>\t\t\t\t<\/div>\n\t\t\t\t<\/div>\n\t\t\t\t\t<\/div>\n\t\t\t\t<\/div>\n\t\t<div class=\"elementor-element elementor-element-iwgs-palo-santo-kwd e-flex e-con-boxed e-con e-parent\" data-id=\"iwgs-palo-santo-kwd\" data-element_type=\"container\" data-e-type=\"container\">\n\t\t\t\t\t<div class=\"e-con-inner\">\n\t\t<div class=\"elementor-element elementor-element-iw-palo-santo-kwd-bw e-con-full e-flex e-con e-child\" data-id=\"iw-palo-santo-kwd-bw\" data-element_type=\"container\" data-e-type=\"container\">\n\t\t\t\t<div class=\"elementor-element elementor-element-iwgs-palo-santo-kwdt elementor-widget elementor-widget-text-editor\" data-id=\"iwgs-palo-santo-kwdt\" data-element_type=\"widget\" data-e-type=\"widget\" data-widget_type=\"text-editor.default\">\n\t\t\t\t\t\t\t\t\t<p><em>S\u00favisiace k\u013e\u00fa\u010dov\u00e9 pojmy: palo santo sv\u00e4t\u00e9 drevo \u00fa\u010dinok vonn\u00e9 drevo.<\/em><\/p>\t\t\t\t\t\t\t\t<\/div>\n\t\t\t\t<\/div>\n\t\t\t\t\t<\/div>\n\t\t\t\t<\/div>\n\t\t<div class=\"elementor-element elementor-element-iwgs-palo-santo-cc e-flex e-con-boxed e-con e-parent\" data-id=\"iwgs-palo-santo-cc\" data-element_type=\"container\" data-e-type=\"container\" id=\"iwg-cc-palo-santo\">\n\t\t\t\t\t<div class=\"e-con-inner\">\n\t\t<div class=\"elementor-element elementor-element-iwgs-palo-santo-ccinner e-flex e-con-boxed e-con e-parent\" data-id=\"iwgs-palo-santo-ccinner\" data-element_type=\"container\" data-e-type=\"container\" data-settings=\"{&quot;background_background&quot;:&quot;classic&quot;}\">\n\t\t\t\t\t<div class=\"e-con-inner\">\n\t\t\t\t<div class=\"elementor-element elementor-element-iwgs-palo-santo-cch elementor-widget elementor-widget-heading\" data-id=\"iwgs-palo-santo-cch\" data-element_type=\"widget\" data-e-type=\"widget\" data-widget_type=\"heading.default\">\n\t\t\t\t\t<h2 class=\"elementor-heading-title elementor-size-default\">iWell Guard a ochrann\u00e9 trad\u00edcie<\/h2>\t\t\t\t<\/div>\n\t\t\t\t<div class=\"elementor-element elementor-element-iwgs-palo-santo-cct elementor-widget elementor-widget-text-editor\" data-id=\"iwgs-palo-santo-cct\" data-element_type=\"widget\" data-e-type=\"widget\" data-widget_type=\"text-editor.default\">\n\t\t\t\t\t\t\t\t\t<p>Palo Santo predstavuje princ\u00edp, pod\u013ea ktor\u00e9ho ochrana nie je len obranou, ale aj akt\u00edvnou starostlivos\u0165ou o dobre usporiadan\u00fd priestor, v ktorom m\u00e1 miesto to priazniv\u00e9. <a href=\"https:\/\/iwell-guard.com\/sk\/ochranny-privesok-iwell-guard-kupit\/\">iWell Guard<\/a> t\u00fato my\u0161lienku nesie v sebe: sp\u00e1ja prvky z trad\u00edci\u00ed r\u00f4znych kult\u00far, ktor\u00e9 v\u0161etky vych\u00e1dzaj\u00fa z presved\u010denia, \u017ee si \u010dlovek m\u00f4\u017ee svoj osobn\u00fd ochrann\u00fd priestor akt\u00edvne vytv\u00e1ra\u0165.<\/p><p>Juhoamerick\u00fd princ\u00edp dvojit\u00e9ho vykurovania, vyh\u00e1\u0148ania a privol\u00e1vania, sa odr\u00e1\u017ea v pr\u00edstupe iWell Guard, ktor\u00fd sa nezameriava len na obranu, ale na posil\u0148uj\u00face spojenie s vlastn\u00fdm ochrann\u00fdm z\u00e1merom.<\/p>\t\t\t\t\t\t\t\t<\/div>\n\t\t\t\t<div class=\"elementor-element elementor-element-iwgs-palo-santo-ccb iwg-cc-button iwg-cc-cta-2026-05-13 elementor-widget elementor-widget-jet-button\" data-id=\"iwgs-palo-santo-ccb\" data-element_type=\"widget\" data-e-type=\"widget\" data-widget_type=\"jet-button.default\">\n\t\t\t\t<div class=\"elementor-widget-container\">\n\t\t\t\t\t<div class=\"elementor-jet-button jet-elements\"><div class=\"jet-button__container\"><a class=\"jet-button__instance jet-button__instance--icon-left hover-effect-1\" href=\"\/schutzanhaenger-iwell-guard-kaufen\/?utm_source=iwell-guard.com&amp;utm_medium=info-box&amp;utm_campaign=schutzsymbole\"><div class=\"jet-button__plane jet-button__plane-normal\"><\/div><div class=\"jet-button__plane jet-button__plane-hover\"><\/div><div class=\"jet-button__state jet-button__state-normal\"><span class=\"jet-button__label\">Viac o iWell Guard<\/span><\/div><div class=\"jet-button__state jet-button__state-hover\"><span class=\"jet-button__label\">Viac o iWell Guard<\/span><\/div><\/a><\/div><\/div><style>.elementor-element.elementor-element-iwgs-palo-santo-ccb .jet-button__instance{width:320px;height:56px;}.elementor-element.elementor-element-iwgs-palo-santo-ccb .jet-button__state-normal .jet-button__label{text-align:center;margin:0px 0px 0px 0px;color:#1a1b20;font-family:Montserrat,sans-serif;font-size:13px;font-weight:400;letter-spacing:4px;line-height:1.714em;text-transform:uppercase;}.elementor-element.elementor-element-iwgs-palo-santo-ccb .jet-button__state-hover .jet-button__label{text-align:center;margin:0px 0px 0px 0px;color:#FECC76;font-family:Montserrat,sans-serif;font-size:13px;font-weight:400;letter-spacing:4px;line-height:1.714em;text-transform:uppercase;}.elementor-element.elementor-element-iwgs-palo-santo-ccb .jet-button__plane-normal{background-color:#FECC76;border-style:solid;border-color:#C99540;border-width:2px 2px 2px 2px;}.elementor-element.elementor-element-iwgs-palo-santo-ccb .jet-button__plane-hover{background-color:rgba(0,0,0,0.55);border-style:solid;border-color:#FECC76;border-width:2px 2px 2px 2px;}<\/style>\t\t\t\t<\/div>\n\t\t\t\t<\/div>\n\t\t\t\t<div class=\"elementor-element elementor-element-iwgs-palo-santo-ccd elementor-widget elementor-widget-text-editor\" data-id=\"iwgs-palo-santo-ccd\" data-element_type=\"widget\" data-e-type=\"widget\" data-widget_type=\"text-editor.default\">\n\t\t\t\t\t\t\t\t\t<p style=\"text-align:center;font-size:13px;opacity:0.7;margin-top:14px\" data-nosnippet=\"true\">Osobn\u00e9 sk\u00fasenosti sa m\u00f4\u017eu l\u00ed\u0161i\u0165. Nejde o zdravotn\u00edcku pom\u00f4cku. Nejde o pr\u00eds\u013eub lie\u010denia.<\/p>\t\t\t\t\t\t\t\t<\/div>\n\t\t\t\t\t<\/div>\n\t\t\t\t<\/div>\n\t\t\t\t\t<\/div>\n\t\t\t\t<\/div>\n\t\t<div class=\"elementor-element elementor-element-iwgs-palo-santo-disc e-flex e-con-boxed e-con e-parent\" data-id=\"iwgs-palo-santo-disc\" data-element_type=\"container\" data-e-type=\"container\">\n\t\t\t\t\t<div class=\"e-con-inner\">\n\t\t<div class=\"elementor-element elementor-element-iw-palo-santo-disc-bw e-con-full e-flex e-con e-child\" data-id=\"iw-palo-santo-disc-bw\" data-element_type=\"container\" data-e-type=\"container\">\n\t\t\t\t<div class=\"elementor-element elementor-element-iwgs-palo-santo-discw elementor-widget elementor-widget-html\" data-id=\"iwgs-palo-santo-discw\" data-element_type=\"widget\" data-e-type=\"widget\" data-widget_type=\"html.default\">\n\t\t\t\t\t<footer data-nosnippet=\"true\" class=\"iwg-disclaimer-block\"><p data-nosnippet=\"true\">iWell Guard <strong>nie je zdravotn\u00edcka pom\u00f4cka<\/strong> a nenahr\u00e1dza lek\u00e1rske ani psychoterapeutick\u00e9 lie\u010denie. Tu uveden\u00fd obsah predstavuje religionistick\u00e9 a kult\u00farno-historick\u00e9 zaradenie, nie pr\u00eds\u013eub duchovn\u00e9ho \u00fa\u010dinku.<\/p><\/footer>\t\t\t\t<\/div>\n\t\t\t\t<\/div>\n\t\t\t\t\t<\/div>\n\t\t\t\t<\/div>\n\t\t\t\t<\/div>\n\t\t","protected":false},"excerpt":{"rendered":"","protected":false},"author":3,"featured_media":4114,"parent":0,"menu_order":0,"comment_status":"closed","ping_status":"closed","template":"elementor_header_footer","meta":{"_yoast_wpseo_focuskw":"palo santo","_yoast_wpseo_title":"Palo Santo - sv\u00e4t\u00e9 drevo na vykurovanie","_yoast_wpseo_metadesc":"Palo Santo: trad\u00edcia sv\u00e4t\u00e9ho dreva z Ju\u017enej Ameriky, jeho pou\u017eitie v \u0161amanizme a jeho v\u00fdznam ako prostriedku na o\u010distu.","_yoast_wpseo_meta-robots-noindex":"","_yoast_wpseo_canonical":"","_angie_page":false,"gefaehrdungsstufe":"","wesen_kultur":"","wesen_klasse":"","footnotes":""},"categories":[],"class_list":["post-158264","page","type-page","status-publish","has-post-thumbnail","hentry"],"yoast_head":"<!-- This site is optimized with the Yoast SEO Premium plugin v27.7 (Yoast SEO v28.3) - https:\/\/yoast.com\/product\/yoast-seo-premium-wordpress\/ -->\n<title>Palo Santo - sv\u00e4t\u00e9 drevo na vykurovanie<\/title>\n<meta name=\"description\" content=\"Palo Santo: trad\u00edcia sv\u00e4t\u00e9ho dreva z Ju\u017enej Ameriky, jeho pou\u017eitie v \u0161amanizme a jeho v\u00fdznam ako prostriedku na o\u010distu.\" \/>\n<meta name=\"robots\" content=\"index, follow, max-snippet:-1, max-image-preview:large, max-video-preview:-1\" \/>\n<link rel=\"canonical\" href=\"https:\/\/iwell-guard.com\/sk\/palo-santo\/\" \/>\n<meta property=\"og:locale\" content=\"sk_SK\" \/>\n<meta property=\"og:type\" content=\"article\" \/>\n<meta property=\"og:title\" content=\"Palo Santo\" \/>\n<meta property=\"og:description\" content=\"Palo Santo: trad\u00edcia sv\u00e4t\u00e9ho dreva z Ju\u017enej Ameriky, jeho pou\u017eitie v \u0161amanizme a jeho v\u00fdznam ako prostriedku na o\u010distu.\" \/>\n<meta property=\"og:url\" content=\"https:\/\/iwell-guard.com\/sk\/palo-santo\/\" \/>\n<meta property=\"og:site_name\" content=\"iWell Guard\" \/>\n<meta property=\"article:modified_time\" content=\"2026-09-04T22:55:59+00:00\" \/>\n<meta property=\"og:image\" content=\"https:\/\/iwell-guard.com\/wp-content\/uploads\/2026\/05\/schutzsymbol_anden_palo-santo-683x1024.png\" \/>\n\t<meta property=\"og:image:width\" content=\"683\" \/>\n\t<meta property=\"og:image:height\" content=\"1024\" \/>\n\t<meta property=\"og:image:type\" content=\"image\/png\" \/>\n<meta name=\"twitter:card\" content=\"summary_large_image\" \/>\n<script type=\"application\/ld+json\" class=\"yoast-schema-graph\">{\"@context\":\"https:\\\/\\\/schema.org\",\"@graph\":[{\"@type\":\"WebPage\",\"@id\":\"https:\\\/\\\/iwell-guard.com\\\/sk\\\/palo-santo\\\/\",\"url\":\"https:\\\/\\\/iwell-guard.com\\\/sk\\\/palo-santo\\\/\",\"name\":\"Palo Santo - sv\u00e4t\u00e9 drevo na vykurovanie\",\"isPartOf\":{\"@id\":\"https:\\\/\\\/iwell-guard.com\\\/sk\\\/#website\"},\"primaryImageOfPage\":{\"@id\":\"https:\\\/\\\/iwell-guard.com\\\/sk\\\/palo-santo\\\/#primaryimage\"},\"image\":{\"@id\":\"https:\\\/\\\/iwell-guard.com\\\/sk\\\/palo-santo\\\/#primaryimage\"},\"thumbnailUrl\":\"https:\\\/\\\/iwell-guard.com\\\/wp-content\\\/uploads\\\/2026\\\/05\\\/schutzsymbol_anden_palo-santo.png\",\"datePublished\":\"2026-09-04T22:24:31+00:00\",\"dateModified\":\"2026-09-04T22:55:59+00:00\",\"description\":\"Palo Santo: trad\u00edcia sv\u00e4t\u00e9ho dreva z Ju\u017enej Ameriky, jeho pou\u017eitie v \u0161amanizme a jeho v\u00fdznam ako prostriedku na o\u010distu.\",\"breadcrumb\":{\"@id\":\"https:\\\/\\\/iwell-guard.com\\\/sk\\\/palo-santo\\\/#breadcrumb\"},\"inLanguage\":\"sk-SK\",\"potentialAction\":[{\"@type\":\"ReadAction\",\"target\":[\"https:\\\/\\\/iwell-guard.com\\\/sk\\\/palo-santo\\\/\"]}]},{\"@type\":\"ImageObject\",\"inLanguage\":\"sk-SK\",\"@id\":\"https:\\\/\\\/iwell-guard.com\\\/sk\\\/palo-santo\\\/#primaryimage\",\"url\":\"https:\\\/\\\/iwell-guard.com\\\/wp-content\\\/uploads\\\/2026\\\/05\\\/schutzsymbol_anden_palo-santo.png\",\"contentUrl\":\"https:\\\/\\\/iwell-guard.com\\\/wp-content\\\/uploads\\\/2026\\\/05\\\/schutzsymbol_anden_palo-santo.png\",\"width\":1024,\"height\":1536,\"caption\":\"Palo Santo \u2013 sv\u00e4t\u00e9 vonn\u00e9 drevo Ju\u017enej Ameriky, historicko-ilustra\u010dn\u00e9 zobrazenie\"},{\"@type\":\"BreadcrumbList\",\"@id\":\"https:\\\/\\\/iwell-guard.com\\\/sk\\\/palo-santo\\\/#breadcrumb\",\"itemListElement\":[{\"@type\":\"ListItem\",\"position\":1,\"name\":\"Start\",\"item\":\"https:\\\/\\\/iwell-guard.com\\\/sk\\\/?page_id=157572\"},{\"@type\":\"ListItem\",\"position\":2,\"name\":\"Palo Santo\"}]},{\"@type\":\"WebSite\",\"@id\":\"https:\\\/\\\/iwell-guard.com\\\/sk\\\/#website\",\"url\":\"https:\\\/\\\/iwell-guard.com\\\/sk\\\/\",\"name\":\"iWell Guard\",\"description\":\"Schutz vor dunklen Einfl\u00fcssen\",\"publisher\":{\"@id\":\"https:\\\/\\\/iwell-guard.com\\\/sk\\\/#organization\"},\"potentialAction\":[{\"@type\":\"SearchAction\",\"target\":{\"@type\":\"EntryPoint\",\"urlTemplate\":\"https:\\\/\\\/iwell-guard.com\\\/sk\\\/?s={search_term_string}\"},\"query-input\":{\"@type\":\"PropertyValueSpecification\",\"valueRequired\":true,\"valueName\":\"search_term_string\"}}],\"inLanguage\":\"sk-SK\"},{\"@type\":\"Organization\",\"@id\":\"https:\\\/\\\/iwell-guard.com\\\/sk\\\/#organization\",\"name\":\"Ittermann electronic GmbH\",\"url\":\"https:\\\/\\\/iwell-guard.com\\\/sk\\\/\",\"logo\":{\"@type\":\"ImageObject\",\"inLanguage\":\"sk-SK\",\"@id\":\"https:\\\/\\\/iwell-guard.com\\\/sk\\\/#\\\/schema\\\/logo\\\/image\\\/\",\"url\":\"https:\\\/\\\/iwell-guard.com\\\/wp-content\\\/uploads\\\/2026\\\/05\\\/Ittermann-Logo-1182x237-1.png\",\"contentUrl\":\"https:\\\/\\\/iwell-guard.com\\\/wp-content\\\/uploads\\\/2026\\\/05\\\/Ittermann-Logo-1182x237-1.png\",\"width\":1182,\"height\":237,\"caption\":\"Ittermann electronic GmbH\"},\"image\":{\"@id\":\"https:\\\/\\\/iwell-guard.com\\\/sk\\\/#\\\/schema\\\/logo\\\/image\\\/\"},\"sameAs\":[\"https:\\\/\\\/pantip.com\\\/profile\\\/9367242\",\"https:\\\/\\\/micro.blog\\\/iwellguard\",\"https:\\\/\\\/www.diggerslist.com\\\/iwellguard\\\/about\",\"https:\\\/\\\/skitterphoto.com\\\/photographers\\\/2870314\\\/iwell-guard\",\"https:\\\/\\\/iwellguard.wordpress.com\\\/2026\\\/06\\\/06\\\/iwell-guard\\\/\",\"https:\\\/\\\/hub.docker.com\\\/u\\\/iwellguard\",\"https:\\\/\\\/www.pinterest.com\\\/iwellguard\\\/\",\"https:\\\/\\\/bit.ly\\\/m\\\/iwellguard\",\"https:\\\/\\\/entre-vos-mains.alsace.eu\\\/profiles\\\/iwellguard\\\/activity\",\"https:\\\/\\\/gravatar.com\\\/reallybeded8fd34\",\"https:\\\/\\\/naijamatta.com\\\/iwellguard\",\"https:\\\/\\\/www.goodreads.com\\\/iwellguard\",\"https:\\\/\\\/profile.hatena.ne.jp\\\/iwellguard\\\/\",\"https:\\\/\\\/experiment.com\\\/users\\\/iwellguard\",\"https:\\\/\\\/wakelet.com\\\/@iWellGuard82270\",\"https:\\\/\\\/www.chordie.com\\\/forum\\\/profile.php?id=2555664\",\"https:\\\/\\\/www.instapaper.com\\\/p\\\/17757966\",\"https:\\\/\\\/www.mapleprimes.com\\\/users\\\/iwellguard\",\"https:\\\/\\\/businesslistingplus.com\\\/profile\\\/iwell-guard\\\/\",\"https:\\\/\\\/telegra.ph\\\/iWell-Guard-06-06\",\"https:\\\/\\\/pbase.com\\\/iwellguard\\\/iwellguard\",\"https:\\\/\\\/b.hatena.ne.jp\\\/iwellguard\\\/20260607#bookmark-4788405196491818882\",\"https:\\\/\\\/fliphtml5.com\\\/home\\\/iwellguard\",\"https:\\\/\\\/anyflip.com\\\/homepage\\\/cmiwl#About\",\"https:\\\/\\\/transfur.com\\\/Users\\\/iwellguard\",\"http:\\\/\\\/delphi.larsbo.org\\\/user\\\/iwellguard\",\"https:\\\/\\\/jobs.lajobsportal.org\\\/profiles\\\/8380803-iwell-guard\",\"https:\\\/\\\/md.chaosdorf.de\\\/s\\\/jfbe5SBdJD\",\"https:\\\/\\\/www.lingvolive.com\\\/en-us\\\/profile\\\/9ecaeaca-ce11-4e51-9e71-01d55e2bff36\\\/translations\",\"https:\\\/\\\/www.fitday.com\\\/fitness\\\/forums\\\/members\\\/iwellguard.html\",\"https:\\\/\\\/www.mymeetbook.com\\\/iwellguard\",\"https:\\\/\\\/pxhere.com\\\/en\\\/photographer-me\\\/5040798\",\"https:\\\/\\\/disqus.com\\\/by\\\/iwellguard\\\/about\\\/\",\"https:\\\/\\\/pastelink.net\\\/hjwciqwq\",\"https:\\\/\\\/pubhtml5.com\\\/homepage\\\/scjhn\\\/\",\"https:\\\/\\\/www.bitchute.com\\\/channel\\\/2O2eOKzNqujT\",\"https:\\\/\\\/audiomack.com\\\/iwellguard\"]}]}<\/script>\n<!-- \/ Yoast SEO Premium plugin. -->","yoast_head_json":{"title":"Palo Santo - sv\u00e4t\u00e9 drevo na vykurovanie","description":"Palo Santo: trad\u00edcia sv\u00e4t\u00e9ho dreva z Ju\u017enej Ameriky, jeho pou\u017eitie v \u0161amanizme a jeho v\u00fdznam ako prostriedku na o\u010distu.","robots":{"index":"index","follow":"follow","max-snippet":"max-snippet:-1","max-image-preview":"max-image-preview:large","max-video-preview":"max-video-preview:-1"},"canonical":"https:\/\/iwell-guard.com\/sk\/palo-santo\/","og_locale":"sk_SK","og_type":"article","og_title":"Palo Santo","og_description":"Palo Santo: trad\u00edcia sv\u00e4t\u00e9ho dreva z Ju\u017enej Ameriky, jeho pou\u017eitie v \u0161amanizme a jeho v\u00fdznam ako prostriedku na o\u010distu.","og_url":"https:\/\/iwell-guard.com\/sk\/palo-santo\/","og_site_name":"iWell Guard","article_modified_time":"2026-09-04T22:55:59+00:00","og_image":[{"width":683,"height":1024,"url":"https:\/\/iwell-guard.com\/wp-content\/uploads\/2026\/05\/schutzsymbol_anden_palo-santo-683x1024.png","type":"image\/png"}],"twitter_card":"summary_large_image","schema":{"@context":"https:\/\/schema.org","@graph":[{"@type":"WebPage","@id":"https:\/\/iwell-guard.com\/sk\/palo-santo\/","url":"https:\/\/iwell-guard.com\/sk\/palo-santo\/","name":"Palo Santo - sv\u00e4t\u00e9 drevo na vykurovanie","isPartOf":{"@id":"https:\/\/iwell-guard.com\/sk\/#website"},"primaryImageOfPage":{"@id":"https:\/\/iwell-guard.com\/sk\/palo-santo\/#primaryimage"},"image":{"@id":"https:\/\/iwell-guard.com\/sk\/palo-santo\/#primaryimage"},"thumbnailUrl":"https:\/\/iwell-guard.com\/wp-content\/uploads\/2026\/05\/schutzsymbol_anden_palo-santo.png","datePublished":"2026-09-04T22:24:31+00:00","dateModified":"2026-09-04T22:55:59+00:00","description":"Palo Santo: trad\u00edcia sv\u00e4t\u00e9ho dreva z Ju\u017enej Ameriky, jeho pou\u017eitie v \u0161amanizme a jeho v\u00fdznam ako prostriedku na o\u010distu.","breadcrumb":{"@id":"https:\/\/iwell-guard.com\/sk\/palo-santo\/#breadcrumb"},"inLanguage":"sk-SK","potentialAction":[{"@type":"ReadAction","target":["https:\/\/iwell-guard.com\/sk\/palo-santo\/"]}]},{"@type":"ImageObject","inLanguage":"sk-SK","@id":"https:\/\/iwell-guard.com\/sk\/palo-santo\/#primaryimage","url":"https:\/\/iwell-guard.com\/wp-content\/uploads\/2026\/05\/schutzsymbol_anden_palo-santo.png","contentUrl":"https:\/\/iwell-guard.com\/wp-content\/uploads\/2026\/05\/schutzsymbol_anden_palo-santo.png","width":1024,"height":1536,"caption":"Palo Santo \u2013 sv\u00e4t\u00e9 vonn\u00e9 drevo Ju\u017enej Ameriky, historicko-ilustra\u010dn\u00e9 zobrazenie"},{"@type":"BreadcrumbList","@id":"https:\/\/iwell-guard.com\/sk\/palo-santo\/#breadcrumb","itemListElement":[{"@type":"ListItem","position":1,"name":"Start","item":"https:\/\/iwell-guard.com\/sk\/?page_id=157572"},{"@type":"ListItem","position":2,"name":"Palo Santo"}]},{"@type":"WebSite","@id":"https:\/\/iwell-guard.com\/sk\/#website","url":"https:\/\/iwell-guard.com\/sk\/","name":"iWell Guard","description":"Schutz vor dunklen Einfl\u00fcssen","publisher":{"@id":"https:\/\/iwell-guard.com\/sk\/#organization"},"potentialAction":[{"@type":"SearchAction","target":{"@type":"EntryPoint","urlTemplate":"https:\/\/iwell-guard.com\/sk\/?s={search_term_string}"},"query-input":{"@type":"PropertyValueSpecification","valueRequired":true,"valueName":"search_term_string"}}],"inLanguage":"sk-SK"},{"@type":"Organization","@id":"https:\/\/iwell-guard.com\/sk\/#organization","name":"Ittermann electronic GmbH","url":"https:\/\/iwell-guard.com\/sk\/","logo":{"@type":"ImageObject","inLanguage":"sk-SK","@id":"https:\/\/iwell-guard.com\/sk\/#\/schema\/logo\/image\/","url":"https:\/\/iwell-guard.com\/wp-content\/uploads\/2026\/05\/Ittermann-Logo-1182x237-1.png","contentUrl":"https:\/\/iwell-guard.com\/wp-content\/uploads\/2026\/05\/Ittermann-Logo-1182x237-1.png","width":1182,"height":237,"caption":"Ittermann electronic GmbH"},"image":{"@id":"https:\/\/iwell-guard.com\/sk\/#\/schema\/logo\/image\/"},"sameAs":["https:\/\/pantip.com\/profile\/9367242","https:\/\/micro.blog\/iwellguard","https:\/\/www.diggerslist.com\/iwellguard\/about","https:\/\/skitterphoto.com\/photographers\/2870314\/iwell-guard","https:\/\/iwellguard.wordpress.com\/2026\/06\/06\/iwell-guard\/","https:\/\/hub.docker.com\/u\/iwellguard","https:\/\/www.pinterest.com\/iwellguard\/","https:\/\/bit.ly\/m\/iwellguard","https:\/\/entre-vos-mains.alsace.eu\/profiles\/iwellguard\/activity","https:\/\/gravatar.com\/reallybeded8fd34","https:\/\/naijamatta.com\/iwellguard","https:\/\/www.goodreads.com\/iwellguard","https:\/\/profile.hatena.ne.jp\/iwellguard\/","https:\/\/experiment.com\/users\/iwellguard","https:\/\/wakelet.com\/@iWellGuard82270","https:\/\/www.chordie.com\/forum\/profile.php?id=2555664","https:\/\/www.instapaper.com\/p\/17757966","https:\/\/www.mapleprimes.com\/users\/iwellguard","https:\/\/businesslistingplus.com\/profile\/iwell-guard\/","https:\/\/telegra.ph\/iWell-Guard-06-06","https:\/\/pbase.com\/iwellguard\/iwellguard","https:\/\/b.hatena.ne.jp\/iwellguard\/20260607#bookmark-4788405196491818882","https:\/\/fliphtml5.com\/home\/iwellguard","https:\/\/anyflip.com\/homepage\/cmiwl#About","https:\/\/transfur.com\/Users\/iwellguard","http:\/\/delphi.larsbo.org\/user\/iwellguard","https:\/\/jobs.lajobsportal.org\/profiles\/8380803-iwell-guard","https:\/\/md.chaosdorf.de\/s\/jfbe5SBdJD","https:\/\/www.lingvolive.com\/en-us\/profile\/9ecaeaca-ce11-4e51-9e71-01d55e2bff36\/translations","https:\/\/www.fitday.com\/fitness\/forums\/members\/iwellguard.html","https:\/\/www.mymeetbook.com\/iwellguard","https:\/\/pxhere.com\/en\/photographer-me\/5040798","https:\/\/disqus.com\/by\/iwellguard\/about\/","https:\/\/pastelink.net\/hjwciqwq","https:\/\/pubhtml5.com\/homepage\/scjhn\/","https:\/\/www.bitchute.com\/channel\/2O2eOKzNqujT","https:\/\/audiomack.com\/iwellguard"]}]}},"_links":{"self":[{"href":"https:\/\/iwell-guard.com\/sk\/wp-json\/wp\/v2\/pages\/158264","targetHints":{"allow":["GET"]}}],"collection":[{"href":"https:\/\/iwell-guard.com\/sk\/wp-json\/wp\/v2\/pages"}],"about":[{"href":"https:\/\/iwell-guard.com\/sk\/wp-json\/wp\/v2\/types\/page"}],"author":[{"embeddable":true,"href":"https:\/\/iwell-guard.com\/sk\/wp-json\/wp\/v2\/users\/3"}],"replies":[{"embeddable":true,"href":"https:\/\/iwell-guard.com\/sk\/wp-json\/wp\/v2\/comments?post=158264"}],"version-history":[{"count":0,"href":"https:\/\/iwell-guard.com\/sk\/wp-json\/wp\/v2\/pages\/158264\/revisions"}],"wp:featuredmedia":[{"embeddable":true,"href":"https:\/\/iwell-guard.com\/sk\/wp-json\/wp\/v2\/media\/4114"}],"wp:attachment":[{"href":"https:\/\/iwell-guard.com\/sk\/wp-json\/wp\/v2\/media?parent=158264"}],"wp:term":[{"taxonomy":"category","embeddable":true,"href":"https:\/\/iwell-guard.com\/sk\/wp-json\/wp\/v2\/categories?post=158264"}],"curies":[{"name":"wp","href":"https:\/\/api.w.org\/{rel}","templated":true}]}}