{"id":158259,"date":"2026-09-04T22:24:27","date_gmt":"2026-09-04T22:24:27","guid":{"rendered":"https:\/\/iwell-guard.com\/?page_id=158259"},"modified":"2026-09-04T22:55:52","modified_gmt":"2026-09-04T22:55:52","slug":"lubovnik-bodkovany","status":"publish","type":"page","link":"https:\/\/iwell-guard.com\/sk\/lubovnik-bodkovany\/","title":{"rendered":"\u013dubovn\u00edk bodkovan\u00fd (Johanniskraut)"},"content":{"rendered":"\t\t<div data-elementor-type=\"wp-page\" data-elementor-id=\"158259\" class=\"elementor elementor-158259 elementor-3776 elementor-bc-flex-widget\" data-elementor-post-type=\"page\">\n\t\t\t\t<div class=\"elementor-element elementor-element-iwgs-johanniskraut-hero e-flex e-con-boxed e-con e-parent\" data-id=\"iwgs-johanniskraut-hero\" data-element_type=\"container\" data-e-type=\"container\">\n\t\t\t\t\t<div class=\"e-con-inner\">\n\t\t<div class=\"elementor-element elementor-element-iw-johanniskraut-hero-left e-con-full e-flex e-con e-child\" data-id=\"iw-johanniskraut-hero-left\" data-element_type=\"container\" data-e-type=\"container\">\n\t\t\t\t<div class=\"elementor-element elementor-element-iwgs-johanniskraut-h1 elementor-widget elementor-widget-heading\" data-id=\"iwgs-johanniskraut-h1\" data-element_type=\"widget\" data-e-type=\"widget\" data-widget_type=\"heading.default\">\n\t\t\t\t\t<h1 class=\"elementor-heading-title elementor-size-default\">\u013dubovn\u00edk bodkovan\u00fd \u2014 ochrann\u00e1 rastlina slnovratu<\/h1>\t\t\t\t<\/div>\n\t\t<div class=\"elementor-element elementor-element-iw-johanniskraut-hero-bw e-con-full e-flex e-con e-child\" data-id=\"iw-johanniskraut-hero-bw\" data-element_type=\"container\" data-e-type=\"container\">\n\t\t\t\t<div class=\"elementor-element elementor-element-iwgs-johanniskraut-pills elementor-widget elementor-widget-html\" data-id=\"iwgs-johanniskraut-pills\" data-element_type=\"widget\" data-e-type=\"widget\" data-widget_type=\"html.default\">\n\t\t\t\t\t<div class=\"iwg-pill-row\"><span class=\"iwg-klasse-badge\" tabindex=\"0\" data-tooltip=\"Druh ochrann\u00e9ho prostriedku.\">Ochrann\u00e1 l\u00e1tka<\/span><a href=\"https:\/\/iwell-guard.com\/sk\/?page_id=158251\" class=\"iwg-kultur-badge\" tabindex=\"0\" data-tooltip=\"K preh\u013eadu.\">Ochrann\u00e9 l\u00e1tky a rastliny<\/a><\/div>\t\t\t\t<\/div>\n\t\t\t\t<div class=\"elementor-element elementor-element-iwgs-johanniskraut-lead elementor-widget elementor-widget-text-editor\" data-id=\"iwgs-johanniskraut-lead\" data-element_type=\"widget\" data-e-type=\"widget\" data-widget_type=\"text-editor.default\">\n\t\t\t\t\t\t\t\t\t<p>\u013dubovn\u00edk bodkovan\u00fd nesie v latinskej botanike jedno z najv\u00fdraznej\u0161\u00edch \u013eudov\u00fdch pr\u00edvlastkov, ak\u00e9 kedy lie\u010div\u00e1 rastlina dostala: <em>Fuga daemonum<\/em>, \u00fatek d\u00e9monov.<\/p><p>Tento n\u00e1zov, dolo\u017een\u00fd od stredoveku v botanick\u00fdch a teologick\u00fdch textoch, zh\u0155\u0148a jadro \u013eudovej <span class=\"iwg-fachbegriff\" data-tooltip=\"Odovzd\u00e1vanie vedomost\u00ed a rozpr\u00e1van\u00ed z gener\u00e1cie na gener\u00e1ciu.\" tabindex=\"0\">trad\u00edcie<\/span>: bylina, ktor\u00e1 okolo J\u00e1nskeho d\u0148a 24. j\u00fana stoj\u00ed v plnom kvete, m\u00e1 chr\u00e1ni\u0165 dom a osobu pred d\u00e9monmi, no\u010dn\u00fdmi tla\u010dite\u013emi a \u0161kodliv\u00fdmi duchovn\u00fdmi bytos\u0165ami.<\/p>\n<p>\u013dubovn\u00edk bodkovan\u00fd je s\u00fa\u010das\u0165ou <a href=\"https:\/\/iwell-guard.com\/sk\/?page_id=158251\">ochrann\u00fdch l\u00e1tok a ochrann\u00fdch rastl\u00edn<\/a> a medzi ochrann\u00fdmi rastlinami zast\u00e1va zvl\u00e1\u0161tne postavenie, preto\u017ee ako jedin\u00e1 rastlina v tejto skupine nesie cirkevne schv\u00e1len\u00e9 latinsk\u00e9 ochrann\u00e9 meno: Ozna\u010denie <em>Fuga daemonum<\/em> doklad\u00e1, \u017ee aj stredovek\u00e1 cirkev toto ochrann\u00e9 pris\u00fadenie poznala, zaznamenala a prevzala do svojej botaniky bez toho, aby ho odmietla.<\/p><p>D\u00f4le\u017eit\u00e9 upozornenie: T\u00e1to str\u00e1nka sa venuje v\u00fdlu\u010dne folkl\u00f3rnej ochrannej trad\u00edcii. Lek\u00e1rske alebo farmakologick\u00e9 tvrdenia o byline nie s\u00fa predmetom tohto \u010dl\u00e1nku. Bl\u00edzkos\u0165 k slnovratu dodnes formuje \u013eudov\u00e9 ch\u00e1panie \u013eubovn\u00edka bodkovan\u00e9ho ako ochrannej rastliny.<\/p>\t\t\t\t\t\t\t\t<\/div>\n\t\t\t\t<\/div>\n\t\t\t\t<\/div>\n\t\t<div class=\"elementor-element elementor-element-iw-johanniskraut-hero-img e-con-full e-flex e-con e-child\" data-id=\"iw-johanniskraut-hero-img\" data-element_type=\"container\" data-e-type=\"container\">\n\t\t\t\t<div class=\"elementor-element elementor-element-iwgs-johanniskraut-himg iwg-hero-image elementor-widget elementor-widget-image\" data-id=\"iwgs-johanniskraut-himg\" data-element_type=\"widget\" data-e-type=\"widget\" data-widget_type=\"image.default\">\n\t\t\t\t\t\t\t\t\t\t\t\t\t\t\t<img fetchpriority=\"high\" decoding=\"async\" width=\"683\" height=\"1024\" src=\"https:\/\/iwell-guard.com\/wp-content\/uploads\/2026\/05\/schutzsymbol_germanisch_johanniskraut-683x1024.png\" class=\"attachment-large size-large wp-image-159449\" alt=\"\u013dubovn\u00edk \u2013 ochrann\u00e1 rastlina slnovratu, historicko-ilustra\u010dne\" srcset=\"https:\/\/iwell-guard.com\/wp-content\/uploads\/2026\/05\/schutzsymbol_germanisch_johanniskraut-683x1024.png 683w, https:\/\/iwell-guard.com\/wp-content\/uploads\/2026\/05\/schutzsymbol_germanisch_johanniskraut-200x300.png 200w, https:\/\/iwell-guard.com\/wp-content\/uploads\/2026\/05\/schutzsymbol_germanisch_johanniskraut-768x1152.png 768w, https:\/\/iwell-guard.com\/wp-content\/uploads\/2026\/05\/schutzsymbol_germanisch_johanniskraut.png 1024w\" sizes=\"(max-width: 683px) 100vw, 683px\" \/>\t\t\t\t\t\t\t\t\t\t\t\t\t\t\t<\/div>\n\t\t\t\t<\/div>\n\t\t\t\t\t<\/div>\n\t\t\t\t<\/div>\n\t\t<div class=\"elementor-element elementor-element-iwgs-johanniskraut-s0 e-flex e-con-boxed e-con e-parent\" data-id=\"iwgs-johanniskraut-s0\" data-element_type=\"container\" data-e-type=\"container\">\n\t\t\t\t\t<div class=\"e-con-inner\">\n\t\t\t\t<div class=\"elementor-element elementor-element-iwgs-johanniskraut-s0h elementor-widget elementor-widget-heading\" data-id=\"iwgs-johanniskraut-s0h\" data-element_type=\"widget\" data-e-type=\"widget\" data-widget_type=\"heading.default\">\n\t\t\t\t\t<h2 class=\"elementor-heading-title elementor-size-default\">R\u00fdchly preh\u013ead<\/h2>\t\t\t\t<\/div>\n\t\t<div class=\"elementor-element elementor-element-iw-johanniskraut-s0-bw e-con-full e-flex e-con e-child\" data-id=\"iw-johanniskraut-s0-bw\" data-element_type=\"container\" data-e-type=\"container\">\n\t\t\t\t<div class=\"elementor-element elementor-element-iwgs-johanniskraut-s0t elementor-widget elementor-widget-text-editor\" data-id=\"iwgs-johanniskraut-s0t\" data-element_type=\"widget\" data-e-type=\"widget\" data-widget_type=\"text-editor.default\">\n\t\t\t\t\t\t\t\t\t<p>V <span class=\"iwg-fachbegriff\" data-tooltip=\"Odovzd\u00e1vanie vedomost\u00ed a rozpr\u00e1van\u00ed z gener\u00e1cie na gener\u00e1ciu.\" tabindex=\"0\">trad\u00edcii<\/span> plat\u00ed \u013eubovn\u00edk bodkovan\u00fd za ochrann\u00fa rastlinu proti d\u00e9monom, no\u010dn\u00fdm tla\u010dite\u013eom a v\u0161eobecn\u00e9mu no\u010dn\u00e9mu p\u00f4sobeniu. Bylina sa su\u0161\u00ed a v zv\u00e4zkoch zavesuje nad vchody, do okenn\u00fdch r\u00e1mov a k posteliam.<\/p><p>Za obzvl\u00e1\u0161\u0165 siln\u00fa sa pova\u017euje bylina zbieran\u00e1 na J\u00e1nsky de\u0148. Zlato\u017elt\u00e9 kvety a \u010derven\u00e9 farbivo z rozotret\u00fdch listov s\u00fa v <span class=\"iwg-fachbegriff\" data-tooltip=\"Odovzd\u00e1vanie vedomost\u00ed a rozpr\u00e1van\u00ed z gener\u00e1cie na gener\u00e1ciu.\" tabindex=\"0\">trad\u00edcii<\/span> vykladan\u00e9 ako znak svetelnej sily, ktor\u00e1 zatl\u00e1\u010da temnotu.<\/p>\t\t\t\t\t\t\t\t<\/div>\n\t\t\t\t<\/div>\n\t\t\t\t\t<\/div>\n\t\t\t\t<\/div>\n\t\t<div class=\"elementor-element elementor-element-iwgs-johanniskraut-s1 e-flex e-con-boxed e-con e-parent\" data-id=\"iwgs-johanniskraut-s1\" data-element_type=\"container\" data-e-type=\"container\">\n\t\t\t\t\t<div class=\"e-con-inner\">\n\t\t\t\t<div class=\"elementor-element elementor-element-iwgs-johanniskraut-s1h elementor-widget elementor-widget-heading\" data-id=\"iwgs-johanniskraut-s1h\" data-element_type=\"widget\" data-e-type=\"widget\" data-widget_type=\"heading.default\">\n\t\t\t\t\t<h2 class=\"elementor-heading-title elementor-size-default\">P\u00f4vod a trad\u00edcia<\/h2>\t\t\t\t<\/div>\n\t\t<div class=\"elementor-element elementor-element-iw-johanniskraut-s1-bw e-con-full e-flex e-con e-child\" data-id=\"iw-johanniskraut-s1-bw\" data-element_type=\"container\" data-e-type=\"container\">\n\t\t\t\t<div class=\"elementor-element elementor-element-iwgs-johanniskraut-s1t elementor-widget elementor-widget-text-editor\" data-id=\"iwgs-johanniskraut-s1t\" data-element_type=\"widget\" data-e-type=\"widget\" data-widget_type=\"text-editor.default\">\n\t\t\t\t\t\t\t\t\t<p>Nemeck\u00fd n\u00e1zov Johanniskraut odkazuje na J\u00e1na Krstite\u013ea, ktor\u00e9ho sviatok sa sl\u00e1vi 24. j\u00fana. Letn\u00fd slnovrat pripad\u00e1 kr\u00e1tko pred tento d\u00e1tum, a v \u013eudovej trad\u00edcii sa slnovratov\u00e9 ohne z predkres\u0165ansk\u00fdch zvykov zl\u00fa\u010dili s kres\u0165anskou \u00factou k sv\u00e4tcovi.<\/p><p>Rastliny zozbieran\u00e9 v tomto \u010dase platili za obzvl\u00e1\u0161\u0165 siln\u00e9, preto\u017ee v sebe pojali maximum slne\u010dnej sily.<\/p>\n<p><em>Hypericum perforatum<\/em>, botanick\u00fd n\u00e1zov rastliny, obsahuje v druhovom mene n\u00e1znak: Listy pri poh\u013eade proti svetlu ukazuj\u00fa drobn\u00e9 perfor\u00e1cie, ktor\u00e9 \u013eudov\u00e1 trad\u00edcia vykladala ako bodn\u00e9 alebo ranov\u00e9 znamenia. Toto spojenie s utrpen\u00edm Krstite\u013ea umocnilo n\u00e1bo\u017eensk\u00fd n\u00e1boj byliny.<\/p>\n<p>V stredovekej botanike Konr\u00e1da z Megenbergu (<em>Buch der Natur<\/em>, 14. storo\u010die) sa \u013eubovn\u00edk bodkovan\u00fd spom\u00edna v s\u00favislosti s obranou proti d\u00e9monom a no\u010dn\u00fdm tla\u010dite\u013eom. Paracelsus, lek\u00e1r a pr\u00edrodn\u00fd filozof z prvej polovice 16. storo\u010dia, popisuje bylinu v s\u00favislosti so svetlom, \u010disten\u00edm a obranou proti duchom.<\/p>\n<p>V nemeckej \u013eudovej trad\u00edcii, podrobne zdokumentovanej v Handw\u00f6rterbuch des deutschen Aberglaubens, patr\u00ed zavesovanie zv\u00e4zkov \u013eubovn\u00edka bodkovan\u00e9ho na J\u00e1na medzi najroz\u0161\u00edrenej\u0161ie dom\u00e1ce praktiky. Kto na J\u00e1nsky de\u0148 zabudol odreza\u0165 \u010derstv\u00fa bylinu a zavesi\u0165 ju nad dvere, platil v niektor\u00fdch krajoch za bezbrann\u00e9ho na nast\u00e1vaj\u00faci rok.<\/p>\t\t\t\t\t\t\t\t<\/div>\n\t\t\t\t<\/div>\n\t\t\t\t\t<\/div>\n\t\t\t\t<\/div>\n\t\t<div class=\"elementor-element elementor-element-iwgs-johanniskraut-s2 e-flex e-con-boxed e-con e-parent\" data-id=\"iwgs-johanniskraut-s2\" data-element_type=\"container\" data-e-type=\"container\">\n\t\t\t\t\t<div class=\"e-con-inner\">\n\t\t\t\t<div class=\"elementor-element elementor-element-iwgs-johanniskraut-s2h elementor-widget elementor-widget-heading\" data-id=\"iwgs-johanniskraut-s2h\" data-element_type=\"widget\" data-e-type=\"widget\" data-widget_type=\"heading.default\">\n\t\t\t\t\t<h2 class=\"elementor-heading-title elementor-size-default\">Princ\u00edp \u00fa\u010dinku pod\u013ea trad\u00edcie<\/h2>\t\t\t\t<\/div>\n\t\t<div class=\"elementor-element elementor-element-iw-johanniskraut-s2-bw e-con-full e-flex e-con e-child\" data-id=\"iw-johanniskraut-s2-bw\" data-element_type=\"container\" data-e-type=\"container\">\n\t\t\t\t<div class=\"elementor-element elementor-element-iwgs-johanniskraut-s2t elementor-widget elementor-widget-text-editor\" data-id=\"iwgs-johanniskraut-s2t\" data-element_type=\"widget\" data-e-type=\"widget\" data-widget_type=\"text-editor.default\">\n\t\t\t\t\t\t\t\t\t<p><span class=\"iwg-fachbegriff\" data-tooltip=\"Odovzd\u00e1vanie vedomost\u00ed a rozpr\u00e1van\u00ed z gener\u00e1cie na gener\u00e1ciu.\" tabindex=\"0\">Trad\u00edcia<\/span> zaklad\u00e1 ochrann\u00fd \u00fa\u010dinok \u013eubovn\u00edka bodkovan\u00e9ho na viacer\u00fdch rovin\u00e1ch.<\/p>\n<p>Najsilnej\u0161ie je pris\u00fadenie svetla. Bylina kvitne intenz\u00edvne \u017elto v \u010dase najdlh\u0161\u00edch dn\u00ed roka, a \u010derven\u00e9 farbivo hyperic\u00edn, ktor\u00e9 unik\u00e1 z rozotret\u00fdch kvetov, sa vykladalo ako zrazen\u00e9 slne\u010dn\u00e9 svetlo alebo symbolick\u00e1 krv slne\u010dn\u00e9ho sv\u00e4tca. Bytosti, ktor\u00e9 vyh\u013ead\u00e1vaj\u00fa temnotu, pod\u013ea tejto logiky trad\u00edcie nem\u00f4\u017eu tejto koncentrovanej svetelnej sile odola\u0165.<\/p>\n<p>K tomu sa prid\u00e1va \u010dasovanie: rastliny zozbieran\u00e9 na J\u00e1na stoja pod\u013ea \u013eudovej viery na vrchole svojej pr\u00edrodnej sily. Hranica medzi oby\u010dajnou silou rastliny a jej ochrann\u00fdm \u00fa\u010dinkom pod\u013ea tohto ch\u00e1pania nele\u017e\u00ed v ch\u00e9mii, ale v okamihu zberu a s n\u00edm spojenom kozmickom energetickom postaven\u00ed.<\/p>\n<p>Nakoniec prispieva k h\u013abke tejto trad\u00edcie aj cirkevn\u00e9 pomenovanie <em>Fuga daemonum<\/em>: Ke\u010f aj latinsky vzdelan\u00e1 stredovek\u00e1 botanika spom\u00ednala t\u00fato bylinu pri obrane proti d\u00e9monom, \u013eudov\u00e1 prax tak z\u00edskala oporu v p\u00edsomnej kult\u00fare, ktor\u00fa in\u00e9 ochrann\u00e9 rastliny nemali.<\/p>\t\t\t\t\t\t\t\t<\/div>\n\t\t\t\t<\/div>\n\t\t\t\t\t<\/div>\n\t\t\t\t<\/div>\n\t\t<div class=\"elementor-element elementor-element-iwgs-johanniskraut-s3 e-flex e-con-boxed e-con e-parent\" data-id=\"iwgs-johanniskraut-s3\" data-element_type=\"container\" data-e-type=\"container\">\n\t\t\t\t\t<div class=\"e-con-inner\">\n\t\t\t\t<div class=\"elementor-element elementor-element-iwgs-johanniskraut-s3h elementor-widget elementor-widget-heading\" data-id=\"iwgs-johanniskraut-s3h\" data-element_type=\"widget\" data-e-type=\"widget\" data-widget_type=\"heading.default\">\n\t\t\t\t\t<h2 class=\"elementor-heading-title elementor-size-default\">Roz\u0161\u00edrenie medzi kult\u00farami<\/h2>\t\t\t\t<\/div>\n\t\t<div class=\"elementor-element elementor-element-iw-johanniskraut-s3-bw e-con-full e-flex e-con e-child\" data-id=\"iw-johanniskraut-s3-bw\" data-element_type=\"container\" data-e-type=\"container\">\n\t\t\t\t<div class=\"elementor-element elementor-element-iwgs-johanniskraut-s3t elementor-widget elementor-widget-text-editor\" data-id=\"iwgs-johanniskraut-s3t\" data-element_type=\"widget\" data-e-type=\"widget\" data-widget_type=\"text-editor.default\">\n\t\t\t\t\t\t\t\t\t<p>\u013dubovn\u00edk bodkovan\u00fd ako ochrann\u00e1 rastlina je predov\u0161etk\u00fdm stredoeur\u00f3psky jav, hoci zanechal stopy aj v susedn\u00fdch kult\u00farach.<\/p>\n<p>V <strong>strednej a z\u00e1padnej Eur\u00f3pe<\/strong> je j\u00e1nska ochrann\u00e1 prax dokumentovan\u00e1 v \u0161irokej miere. Od Bavorska po Rak\u00fasko, \u0160vaj\u010diarsko, Franc\u00fazsko a\u017e po Po\u013esko a pobaltsk\u00e9 krajiny sa zavesovanie \u013eubovn\u00edka bodkovan\u00e9ho na J\u00e1nsky de\u0148 objavuje ako jednotn\u00fd ochrann\u00fd zvyk.<\/p>\n<p>V <strong>\u0160kandin\u00e1vii<\/strong> s\u00fa zn\u00e1me podobn\u00e9 praktiky so slnovratov\u00fdmi bylinami. Samotn\u00e1 bylina je tam vz\u00e1cnej\u0161ia, ale logika slnovratovej byliny ako ochrannej rastliny sa odr\u00e1\u017ea v miestnych bylin\u00e1ch, ako je valeri\u00e1na lek\u00e1rska.<\/p>\n<p>V <strong>ju\u017enej Eur\u00f3pe<\/strong> a v <strong>Stredomor\u00ed<\/strong> je J\u00e1nsky de\u0148 ako term\u00edn zberu \u010darovn\u00fdch byl\u00edn tie\u017e roz\u0161\u00edren\u00fd, a v niektor\u00fdch oblastiach Talianska a Gr\u00e9cka zohr\u00e1va \u013eubovn\u00edk bodkovan\u00fd podobn\u00fa \u00falohu ako v nemecky hovoriacich krajin\u00e1ch.<\/p>\n<p>V <strong>severnej Afrike a na Bl\u00edzkom v\u00fdchode<\/strong> je t\u00e1to rastlina ako ochrann\u00fd prostriedok menej pr\u00edtomn\u00e1, ale v niektor\u00fdch berbersk\u00fdch a arabsk\u00fdch prame\u0148och \u013eudov\u00e9ho lie\u010dite\u013estva sa sp\u00e1ja s obranou proti duchom.<\/p>\t\t\t\t\t\t\t\t<\/div>\n\t\t\t\t<\/div>\n\t\t\t\t\t<\/div>\n\t\t\t\t<\/div>\n\t\t<div class=\"elementor-element elementor-element-iwgs-johanniskraut-s4 e-flex e-con-boxed e-con e-parent\" data-id=\"iwgs-johanniskraut-s4\" data-element_type=\"container\" data-e-type=\"container\">\n\t\t\t\t\t<div class=\"e-con-inner\">\n\t\t\t\t<div class=\"elementor-element elementor-element-iwgs-johanniskraut-s4h elementor-widget elementor-widget-heading\" data-id=\"iwgs-johanniskraut-s4h\" data-element_type=\"widget\" data-e-type=\"widget\" data-widget_type=\"heading.default\">\n\t\t\t\t\t<h2 class=\"elementor-heading-title elementor-size-default\">Proti \u010domu sa pou\u017e\u00edva<\/h2>\t\t\t\t<\/div>\n\t\t<div class=\"elementor-element elementor-element-iw-johanniskraut-s4-bw e-con-full e-flex e-con e-child\" data-id=\"iw-johanniskraut-s4-bw\" data-element_type=\"container\" data-e-type=\"container\">\n\t\t\t\t<div class=\"elementor-element elementor-element-iwgs-johanniskraut-s4t elementor-widget elementor-widget-text-editor\" data-id=\"iwgs-johanniskraut-s4t\" data-element_type=\"widget\" data-e-type=\"widget\" data-widget_type=\"text-editor.default\">\n\t\t\t\t\t\t\t\t\t<p>Pod\u013ea d\u00e1vnej trad\u00edcie sa \u013eubovn\u00edk bral ako ochrana najm\u00e4 proti:<\/p>\n<p>Proti <strong>d\u00e9monom a d\u00e9monick\u00e9mu p\u00f4sobeniu<\/strong>: N\u00e1zov <em>Fuga daemonum<\/em> to ozna\u010duje priamo. Bylina mala d\u00e9monov vyhna\u0165 z priestorov a prin\u00fati\u0165 ich opusti\u0165 dom\u00e1cnos\u0165, v ktorej bola zavesen\u00e1.<\/p>\n<p>Proti <strong>alpom a no\u010dn\u00fdm mor\u00e1m<\/strong>: V stredoeur\u00f3pskej \u013eudovej trad\u00edcii je alp, no\u010dn\u00fd duch, ktor\u00fd si sad\u00e1 na spiacich \u013eud\u00ed a tr\u00e1pi ich no\u010dn\u00fdmi morami, hlavn\u00fdm cie\u013eom ochrannej praxe s \u013eubovn\u00edkom. Zv\u00e4zky byl\u00edn na posteliach a nad dvermi sp\u00e1lne mali alpa odohna\u0165.<\/p>\n<p>Proti <strong>\u010darodejniciam a \u0161kodlivej m\u00e1gii<\/strong>: \u013dubovn\u00edk zavesen\u00fd na dver\u00e1ch a okn\u00e1ch sa tie\u017e pova\u017eoval za ochranu proti vniknutiu \u010darodejn\u00edc alebo p\u00f4sobeniu \u0161kodlivej m\u00e1gie namierenej proti domu.<\/p>\n<p>Proti <strong>v\u0161eobecn\u00e9mu zl\u00e9mu p\u00f4sobeniu v \u010dase slnovratu<\/strong>: Vo folkl\u00f3rnej praxi sv\u00e4toj\u00e1nsky de\u0148 ozna\u010duje za\u010diatok \u201enebezpe\u010dnej\u0161ej polovice roka\u201c, v ktorej maj\u00fa by\u0165 nadprirodzen\u00e9 sily akt\u00edvnej\u0161ie. \u010cerstv\u00e1 bylina sa v tomto obdob\u00ed pova\u017eovala za sez\u00f3nnu ochrann\u00fa v\u00fdbavu.<\/p>\t\t\t\t\t\t\t\t<\/div>\n\t\t\t\t<\/div>\n\t\t\t\t\t<\/div>\n\t\t\t\t<\/div>\n\t\t<div class=\"elementor-element elementor-element-iwgs-johanniskraut-s5 e-flex e-con-boxed e-con e-parent\" data-id=\"iwgs-johanniskraut-s5\" data-element_type=\"container\" data-e-type=\"container\">\n\t\t\t\t\t<div class=\"e-con-inner\">\n\t\t\t\t<div class=\"elementor-element elementor-element-iwgs-johanniskraut-s5h elementor-widget elementor-widget-heading\" data-id=\"iwgs-johanniskraut-s5h\" data-element_type=\"widget\" data-e-type=\"widget\" data-widget_type=\"heading.default\">\n\t\t\t\t\t<h2 class=\"elementor-heading-title elementor-size-default\">Pou\u017eitie a limity<\/h2>\t\t\t\t<\/div>\n\t\t<div class=\"elementor-element elementor-element-iw-johanniskraut-s5-bw e-con-full e-flex e-con e-child\" data-id=\"iw-johanniskraut-s5-bw\" data-element_type=\"container\" data-e-type=\"container\">\n\t\t\t\t<div class=\"elementor-element elementor-element-iwgs-johanniskraut-s5t elementor-widget elementor-widget-text-editor\" data-id=\"iwgs-johanniskraut-s5t\" data-element_type=\"widget\" data-e-type=\"widget\" data-widget_type=\"text-editor.default\">\n\t\t\t\t\t\t\t\t\t<p>Su\u0161en\u00e9 zv\u00e4zky sa zavesuj\u00fa nad vchody, do okenn\u00fdch r\u00e1mov a do sp\u00e1ln\u00ed. Pod\u013ea <span class=\"iwg-fachbegriff\" data-tooltip=\"Odovzd\u00e1vanie vedomost\u00ed a rozpr\u00e1van\u00ed z gener\u00e1cie na gener\u00e1ciu.\" tabindex=\"0\">trad\u00edcie<\/span> je najvhodnej\u0161\u00ed \u010das sv\u00e4toj\u00e1nsky de\u0148 samotn\u00fd alebo kr\u00e1tko predt\u00fdm: bylina zrezan\u00e1 v tomto \u010dase v sebe nesie pln\u00fa silu slnka. Bylina zozbieran\u00e1 mimo tohto obdobia sa pod\u013ea striktn\u00e9ho v\u00fdkladu <span class=\"iwg-fachbegriff\" data-tooltip=\"Odovzd\u00e1vanie vedomost\u00ed a rozpr\u00e1van\u00ed z gener\u00e1cie na gener\u00e1ciu.\" tabindex=\"0\">trad\u00edcie<\/span> pova\u017euje za menej \u00fa\u010dinn\u00fa.<\/p>\n<p>Niektor\u00e9 trad\u00edcie vy\u017eaduj\u00fa, aby sa bylina zbierala bez \u017eelezn\u00e9ho n\u00e1stroja, teda hol\u00fdmi rukami alebo dreven\u00fdm no\u017eom, aby sa nenaru\u0161ila prirodzen\u00e1 sila. In\u00e9 trad\u00edcie tak\u00e9to obmedzenie nepoznaj\u00fa.<\/p>\n<p>Ochrann\u00fd \u00fa\u010dinok je viazan\u00fd na miesto, kde bylina vis\u00ed: chr\u00e1ni priestor, nie osobu, ktor\u00e1 tento priestor op\u00fa\u0161\u0165a. Pre osobn\u00fa ochranu na cest\u00e1ch sa bylina v in\u00fdch trad\u00edci\u00e1ch za\u0161\u00edvala do ochrann\u00e9ho vrec\u00fa\u0161ka.<\/p>\n<p>S touto <span class=\"iwg-fachbegriff\" data-tooltip=\"Odovzd\u00e1vanie vedomost\u00ed a rozpr\u00e1van\u00ed z gener\u00e1cie na gener\u00e1ciu.\" tabindex=\"0\">trad\u00edciou<\/span> nie s\u00fa spojen\u00e9 \u017eiadne medic\u00ednske tvrdenia o \u00fa\u010dinkoch.<\/p>\t\t\t\t\t\t\t\t<\/div>\n\t\t\t\t<\/div>\n\t\t\t\t\t<\/div>\n\t\t\t\t<\/div>\n\t\t<div class=\"elementor-element elementor-element-iwgs-johanniskraut-lit e-flex e-con-boxed e-con e-parent\" data-id=\"iwgs-johanniskraut-lit\" data-element_type=\"container\" data-e-type=\"container\">\n\t\t\t\t\t<div class=\"e-con-inner\">\n\t\t\t\t<div class=\"elementor-element elementor-element-iwgs-johanniskraut-lith elementor-widget elementor-widget-heading\" data-id=\"iwgs-johanniskraut-lith\" data-element_type=\"widget\" data-e-type=\"widget\" data-widget_type=\"heading.default\">\n\t\t\t\t\t<h2 class=\"elementor-heading-title elementor-size-default\">Literat\u00fara (v\u00fdber)<\/h2>\t\t\t\t<\/div>\n\t\t<div class=\"elementor-element elementor-element-iw-johanniskraut-lit-bw e-con-full e-flex e-con e-child\" data-id=\"iw-johanniskraut-lit-bw\" data-element_type=\"container\" data-e-type=\"container\">\n\t\t\t\t<div class=\"elementor-element elementor-element-iwgs-johanniskraut-litt elementor-widget elementor-widget-html\" data-id=\"iwgs-johanniskraut-litt\" data-element_type=\"widget\" data-e-type=\"widget\" data-widget_type=\"html.default\">\n\t\t\t\t\t<footer data-nosnippet=\"true\"><ul><li>Handw\u00f6rterbuch des deutschen Aberglaubens. Hrsg. von Hanns B\u00e4chtold-St\u00e4ubli und Eduard Hoffmann-Krayer. Berlin \/ Leipzig 1927-1942. Artikel \"Johanniskraut\".<\/li><li>Konrad von Megenberg: Buch der Natur. 14. Jahrhundert (Hrsg. Franz Pfeiffer, Stuttgart 1861).<\/li><li>Marzell, Heinrich: W\u00f6rterbuch der deutschen Pflanzennamen. Leipzig 1943-1979.<\/li><li>Richard Kieckhefer: Magic in the Middle Ages. Cambridge University Press, 1989.<\/li><li>Jacob Grimm: Deutsche Mythologie. 4. Auflage, Berlin 1875-1878.<\/li><\/ul><\/footer>\t\t\t\t<\/div>\n\t\t\t\t<\/div>\n\t\t\t\t\t<\/div>\n\t\t\t\t<\/div>\n\t\t<div class=\"elementor-element elementor-element-iwgs-johanniskraut-kwd e-flex e-con-boxed e-con e-parent\" data-id=\"iwgs-johanniskraut-kwd\" data-element_type=\"container\" data-e-type=\"container\">\n\t\t\t\t\t<div class=\"e-con-inner\">\n\t\t<div class=\"elementor-element elementor-element-iw-johanniskraut-kwd-bw e-con-full e-flex e-con e-child\" data-id=\"iw-johanniskraut-kwd-bw\" data-element_type=\"container\" data-e-type=\"container\">\n\t\t\t\t<div class=\"elementor-element elementor-element-iwgs-johanniskraut-kwdt elementor-widget elementor-widget-text-editor\" data-id=\"iwgs-johanniskraut-kwdt\" data-element_type=\"widget\" data-e-type=\"widget\" data-widget_type=\"text-editor.default\">\n\t\t\t\t\t\t\t\t\t<p><em>S\u00favisiace k\u013e\u00fa\u010dov\u00e9 pojmy: johanniskraut schutz fuga daemonum daemonenkraut <span class=\"iwg-fachbegriff\" data-tooltip=\"N\u00e1bo\u017eensk\u00e9 predstavy a zvyky roz\u0161\u00edren\u00e9 v be\u017enom \u017eivote.\" tabindex=\"0\">\u013eudov\u00e1 viera<\/span>.<\/em><\/p>\t\t\t\t\t\t\t\t<\/div>\n\t\t\t\t<\/div>\n\t\t\t\t\t<\/div>\n\t\t\t\t<\/div>\n\t\t<div class=\"elementor-element elementor-element-iwgs-johanniskraut-cc e-flex e-con-boxed e-con e-parent\" data-id=\"iwgs-johanniskraut-cc\" data-element_type=\"container\" data-e-type=\"container\" id=\"iwg-cc-johanniskraut\">\n\t\t\t\t\t<div class=\"e-con-inner\">\n\t\t<div class=\"elementor-element elementor-element-iwgs-johanniskraut-ccinner e-flex e-con-boxed e-con e-parent\" data-id=\"iwgs-johanniskraut-ccinner\" data-element_type=\"container\" data-e-type=\"container\" data-settings=\"{&quot;background_background&quot;:&quot;classic&quot;}\">\n\t\t\t\t\t<div class=\"e-con-inner\">\n\t\t\t\t<div class=\"elementor-element elementor-element-iwgs-johanniskraut-cch elementor-widget elementor-widget-heading\" data-id=\"iwgs-johanniskraut-cch\" data-element_type=\"widget\" data-e-type=\"widget\" data-widget_type=\"heading.default\">\n\t\t\t\t\t<h2 class=\"elementor-heading-title elementor-size-default\">iWell Guard a ochrann\u00e9 trad\u00edcie<\/h2>\t\t\t\t<\/div>\n\t\t\t\t<div class=\"elementor-element elementor-element-iwgs-johanniskraut-cct elementor-widget elementor-widget-text-editor\" data-id=\"iwgs-johanniskraut-cct\" data-element_type=\"widget\" data-e-type=\"widget\" data-widget_type=\"text-editor.default\">\n\t\t\t\t\t\t\t\t\t<p><span class=\"iwg-fachbegriff\" data-tooltip=\"Odovzd\u00e1vanie vedomost\u00ed a rozpr\u00e1van\u00ed z gener\u00e1cie na gener\u00e1ciu.\" tabindex=\"0\">Trad\u00edcia<\/span> \u013eubovn\u00edka ukazuje, ako svetlo a pr\u00edroda spolo\u010dne formovali ochrann\u00fa predstavu, ktor\u00e1 zostala \u017eiv\u00e1 po st\u00e1ro\u010dia.<\/p><p>My\u0161lienka, \u017ee ur\u010dit\u00e9 rastliny a l\u00e1tky zozbieran\u00e9 v spr\u00e1vnom \u010dase a na spr\u00e1vnom mieste rozv\u00edjaj\u00fa ochrann\u00fd \u00fa\u010dinok, sa sp\u00e1ja s konceptom <a href=\"https:\/\/iwell-guard.com\/sk\/ochranny-privesok-iwell-guard-kupit\/\">iWell Guard<\/a>, predmetu, ktor\u00fd v sebe sp\u00e1ja vl\u00e1kna ochrann\u00e9ho myslenia mnoh\u00fdch kult\u00far.<\/p>\t\t\t\t\t\t\t\t<\/div>\n\t\t\t\t<div class=\"elementor-element elementor-element-iwgs-johanniskraut-ccb iwg-cc-button iwg-cc-cta-2026-05-13 elementor-widget elementor-widget-jet-button\" data-id=\"iwgs-johanniskraut-ccb\" data-element_type=\"widget\" data-e-type=\"widget\" data-widget_type=\"jet-button.default\">\n\t\t\t\t<div class=\"elementor-widget-container\">\n\t\t\t\t\t<div class=\"elementor-jet-button jet-elements\"><div class=\"jet-button__container\"><a class=\"jet-button__instance jet-button__instance--icon-left hover-effect-1\" href=\"\/schutzanhaenger-iwell-guard-kaufen\/?utm_source=iwell-guard.com&amp;utm_medium=info-box&amp;utm_campaign=schutzsymbole\"><div class=\"jet-button__plane jet-button__plane-normal\"><\/div><div class=\"jet-button__plane jet-button__plane-hover\"><\/div><div class=\"jet-button__state jet-button__state-normal\"><span class=\"jet-button__label\">Viac o iWell Guard<\/span><\/div><div class=\"jet-button__state jet-button__state-hover\"><span class=\"jet-button__label\">Viac o iWell Guard<\/span><\/div><\/a><\/div><\/div><style>.elementor-element.elementor-element-iwgs-johanniskraut-ccb .jet-button__instance{width:320px;height:56px;}.elementor-element.elementor-element-iwgs-johanniskraut-ccb .jet-button__state-normal .jet-button__label{text-align:center;margin:0px 0px 0px 0px;color:#1a1b20;font-family:Montserrat,sans-serif;font-size:13px;font-weight:400;letter-spacing:4px;line-height:1.714em;text-transform:uppercase;}.elementor-element.elementor-element-iwgs-johanniskraut-ccb .jet-button__state-hover .jet-button__label{text-align:center;margin:0px 0px 0px 0px;color:#FECC76;font-family:Montserrat,sans-serif;font-size:13px;font-weight:400;letter-spacing:4px;line-height:1.714em;text-transform:uppercase;}.elementor-element.elementor-element-iwgs-johanniskraut-ccb .jet-button__plane-normal{background-color:#FECC76;border-style:solid;border-color:#C99540;border-width:2px 2px 2px 2px;}.elementor-element.elementor-element-iwgs-johanniskraut-ccb .jet-button__plane-hover{background-color:rgba(0,0,0,0.55);border-style:solid;border-color:#FECC76;border-width:2px 2px 2px 2px;}<\/style>\t\t\t\t<\/div>\n\t\t\t\t<\/div>\n\t\t\t\t<div class=\"elementor-element elementor-element-iwgs-johanniskraut-ccd elementor-widget elementor-widget-text-editor\" data-id=\"iwgs-johanniskraut-ccd\" data-element_type=\"widget\" data-e-type=\"widget\" data-widget_type=\"text-editor.default\">\n\t\t\t\t\t\t\t\t\t<p style=\"text-align:center;font-size:13px;opacity:0.7;margin-top:14px\" data-nosnippet=\"true\">Osobn\u00e9 sk\u00fasenosti sa m\u00f4\u017eu l\u00ed\u0161i\u0165. Nejde o zdravotn\u00edcku pom\u00f4cku. Nejde o pr\u00eds\u013eub lie\u010denia.<\/p>\t\t\t\t\t\t\t\t<\/div>\n\t\t\t\t\t<\/div>\n\t\t\t\t<\/div>\n\t\t\t\t\t<\/div>\n\t\t\t\t<\/div>\n\t\t<div class=\"elementor-element elementor-element-iwgs-johanniskraut-disc e-flex e-con-boxed e-con e-parent\" data-id=\"iwgs-johanniskraut-disc\" data-element_type=\"container\" data-e-type=\"container\">\n\t\t\t\t\t<div class=\"e-con-inner\">\n\t\t<div class=\"elementor-element elementor-element-iw-johanniskraut-disc-bw e-con-full e-flex e-con e-child\" data-id=\"iw-johanniskraut-disc-bw\" data-element_type=\"container\" data-e-type=\"container\">\n\t\t\t\t<div class=\"elementor-element elementor-element-iwgs-johanniskraut-discw elementor-widget elementor-widget-html\" data-id=\"iwgs-johanniskraut-discw\" data-element_type=\"widget\" data-e-type=\"widget\" data-widget_type=\"html.default\">\n\t\t\t\t\t<footer data-nosnippet=\"true\" class=\"iwg-disclaimer-block\"><p data-nosnippet=\"true\">iWell Guard <strong>nie je zdravotn\u00edcka pom\u00f4cka<\/strong> a nenahr\u00e1dza lek\u00e1rske ani psychoterapeutick\u00e9 lie\u010denie. Tu uveden\u00fd obsah predstavuje religionistick\u00e9 a kult\u00farno-historick\u00e9 zaradenie, nie pr\u00eds\u013eub duchovn\u00e9ho \u00fa\u010dinku.<\/p><\/footer>\t\t\t\t<\/div>\n\t\t\t\t<\/div>\n\t\t\t\t\t<\/div>\n\t\t\t\t<\/div>\n\t\t\t\t<\/div>\n\t\t","protected":false},"excerpt":{"rendered":"","protected":false},"author":3,"featured_media":4111,"parent":0,"menu_order":0,"comment_status":"closed","ping_status":"closed","template":"elementor_header_footer","meta":{"_yoast_wpseo_focuskw":"\u013eubovn\u00edk ochrana","_yoast_wpseo_title":"\u013dubovn\u00edk bodkovan\u00fd ako ochrann\u00e1 rastlina","_yoast_wpseo_metadesc":"Fuga daemonum: Pod\u013ea trad\u00edcie m\u00e1 \u013eubovn\u00edk bodkovan\u00fd silu vyh\u00e1\u0148a\u0165 d\u00e9monov a no\u010dn\u00fdch duchov. P\u00f4vod, princ\u00edp \u00fa\u010dinku, pou\u017eitie.","_yoast_wpseo_meta-robots-noindex":"","_yoast_wpseo_canonical":"","_angie_page":false,"gefaehrdungsstufe":"","wesen_kultur":"","wesen_klasse":"","footnotes":""},"categories":[],"class_list":["post-158259","page","type-page","status-publish","has-post-thumbnail","hentry"],"yoast_head":"<!-- This site is optimized with the Yoast SEO Premium plugin v27.7 (Yoast SEO v28.3) - https:\/\/yoast.com\/product\/yoast-seo-premium-wordpress\/ -->\n<title>\u013dubovn\u00edk bodkovan\u00fd ako ochrann\u00e1 rastlina<\/title>\n<meta name=\"description\" content=\"Fuga daemonum: Pod\u013ea trad\u00edcie m\u00e1 \u013eubovn\u00edk bodkovan\u00fd silu vyh\u00e1\u0148a\u0165 d\u00e9monov a no\u010dn\u00fdch duchov. P\u00f4vod, princ\u00edp \u00fa\u010dinku, pou\u017eitie.\" \/>\n<meta name=\"robots\" content=\"index, follow, max-snippet:-1, max-image-preview:large, max-video-preview:-1\" \/>\n<link rel=\"canonical\" href=\"https:\/\/iwell-guard.com\/sk\/lubovnik-bodkovany\/\" \/>\n<meta property=\"og:locale\" content=\"sk_SK\" \/>\n<meta property=\"og:type\" content=\"article\" \/>\n<meta property=\"og:title\" content=\"\u013dubovn\u00edk bodkovan\u00fd (Johanniskraut)\" \/>\n<meta property=\"og:description\" content=\"Fuga daemonum: Pod\u013ea trad\u00edcie m\u00e1 \u013eubovn\u00edk bodkovan\u00fd silu vyh\u00e1\u0148a\u0165 d\u00e9monov a no\u010dn\u00fdch duchov. P\u00f4vod, princ\u00edp \u00fa\u010dinku, pou\u017eitie.\" \/>\n<meta property=\"og:url\" content=\"https:\/\/iwell-guard.com\/sk\/lubovnik-bodkovany\/\" \/>\n<meta property=\"og:site_name\" content=\"iWell Guard\" \/>\n<meta property=\"article:modified_time\" content=\"2026-09-04T22:55:52+00:00\" \/>\n<meta property=\"og:image\" content=\"https:\/\/iwell-guard.com\/wp-content\/uploads\/2026\/05\/schutzsymbol_germanisch_johanniskraut.png\" \/>\n\t<meta property=\"og:image:width\" content=\"1024\" \/>\n\t<meta property=\"og:image:height\" content=\"1536\" \/>\n\t<meta property=\"og:image:type\" content=\"image\/png\" \/>\n<meta name=\"twitter:card\" content=\"summary_large_image\" \/>\n<script type=\"application\/ld+json\" class=\"yoast-schema-graph\">{\"@context\":\"https:\\\/\\\/schema.org\",\"@graph\":[{\"@type\":\"WebPage\",\"@id\":\"https:\\\/\\\/iwell-guard.com\\\/sk\\\/lubovnik-bodkovany\\\/\",\"url\":\"https:\\\/\\\/iwell-guard.com\\\/sk\\\/lubovnik-bodkovany\\\/\",\"name\":\"\u013dubovn\u00edk bodkovan\u00fd ako ochrann\u00e1 rastlina\",\"isPartOf\":{\"@id\":\"https:\\\/\\\/iwell-guard.com\\\/sk\\\/#website\"},\"primaryImageOfPage\":{\"@id\":\"https:\\\/\\\/iwell-guard.com\\\/sk\\\/lubovnik-bodkovany\\\/#primaryimage\"},\"image\":{\"@id\":\"https:\\\/\\\/iwell-guard.com\\\/sk\\\/lubovnik-bodkovany\\\/#primaryimage\"},\"thumbnailUrl\":\"https:\\\/\\\/iwell-guard.com\\\/wp-content\\\/uploads\\\/2026\\\/05\\\/schutzsymbol_germanisch_johanniskraut.png\",\"datePublished\":\"2026-09-04T22:24:27+00:00\",\"dateModified\":\"2026-09-04T22:55:52+00:00\",\"description\":\"Fuga daemonum: Pod\u013ea trad\u00edcie m\u00e1 \u013eubovn\u00edk bodkovan\u00fd silu vyh\u00e1\u0148a\u0165 d\u00e9monov a no\u010dn\u00fdch duchov. P\u00f4vod, princ\u00edp \u00fa\u010dinku, pou\u017eitie.\",\"breadcrumb\":{\"@id\":\"https:\\\/\\\/iwell-guard.com\\\/sk\\\/lubovnik-bodkovany\\\/#breadcrumb\"},\"inLanguage\":\"sk-SK\",\"potentialAction\":[{\"@type\":\"ReadAction\",\"target\":[\"https:\\\/\\\/iwell-guard.com\\\/sk\\\/lubovnik-bodkovany\\\/\"]}]},{\"@type\":\"ImageObject\",\"inLanguage\":\"sk-SK\",\"@id\":\"https:\\\/\\\/iwell-guard.com\\\/sk\\\/lubovnik-bodkovany\\\/#primaryimage\",\"url\":\"https:\\\/\\\/iwell-guard.com\\\/wp-content\\\/uploads\\\/2026\\\/05\\\/schutzsymbol_germanisch_johanniskraut.png\",\"contentUrl\":\"https:\\\/\\\/iwell-guard.com\\\/wp-content\\\/uploads\\\/2026\\\/05\\\/schutzsymbol_germanisch_johanniskraut.png\",\"width\":1024,\"height\":1536,\"caption\":\"\u013dubovn\u00edk \u2013 ochrann\u00e1 rastlina slnovratu, historicko-ilustra\u010dne\"},{\"@type\":\"BreadcrumbList\",\"@id\":\"https:\\\/\\\/iwell-guard.com\\\/sk\\\/lubovnik-bodkovany\\\/#breadcrumb\",\"itemListElement\":[{\"@type\":\"ListItem\",\"position\":1,\"name\":\"Start\",\"item\":\"https:\\\/\\\/iwell-guard.com\\\/sk\\\/?page_id=157572\"},{\"@type\":\"ListItem\",\"position\":2,\"name\":\"\u013dubovn\u00edk bodkovan\u00fd (Johanniskraut)\"}]},{\"@type\":\"WebSite\",\"@id\":\"https:\\\/\\\/iwell-guard.com\\\/sk\\\/#website\",\"url\":\"https:\\\/\\\/iwell-guard.com\\\/sk\\\/\",\"name\":\"iWell Guard\",\"description\":\"Schutz vor dunklen Einfl\u00fcssen\",\"publisher\":{\"@id\":\"https:\\\/\\\/iwell-guard.com\\\/sk\\\/#organization\"},\"potentialAction\":[{\"@type\":\"SearchAction\",\"target\":{\"@type\":\"EntryPoint\",\"urlTemplate\":\"https:\\\/\\\/iwell-guard.com\\\/sk\\\/?s={search_term_string}\"},\"query-input\":{\"@type\":\"PropertyValueSpecification\",\"valueRequired\":true,\"valueName\":\"search_term_string\"}}],\"inLanguage\":\"sk-SK\"},{\"@type\":\"Organization\",\"@id\":\"https:\\\/\\\/iwell-guard.com\\\/sk\\\/#organization\",\"name\":\"Ittermann electronic GmbH\",\"url\":\"https:\\\/\\\/iwell-guard.com\\\/sk\\\/\",\"logo\":{\"@type\":\"ImageObject\",\"inLanguage\":\"sk-SK\",\"@id\":\"https:\\\/\\\/iwell-guard.com\\\/sk\\\/#\\\/schema\\\/logo\\\/image\\\/\",\"url\":\"https:\\\/\\\/iwell-guard.com\\\/wp-content\\\/uploads\\\/2026\\\/05\\\/Ittermann-Logo-1182x237-1.png\",\"contentUrl\":\"https:\\\/\\\/iwell-guard.com\\\/wp-content\\\/uploads\\\/2026\\\/05\\\/Ittermann-Logo-1182x237-1.png\",\"width\":1182,\"height\":237,\"caption\":\"Ittermann electronic GmbH\"},\"image\":{\"@id\":\"https:\\\/\\\/iwell-guard.com\\\/sk\\\/#\\\/schema\\\/logo\\\/image\\\/\"},\"sameAs\":[\"https:\\\/\\\/pantip.com\\\/profile\\\/9367242\",\"https:\\\/\\\/micro.blog\\\/iwellguard\",\"https:\\\/\\\/www.diggerslist.com\\\/iwellguard\\\/about\",\"https:\\\/\\\/skitterphoto.com\\\/photographers\\\/2870314\\\/iwell-guard\",\"https:\\\/\\\/iwellguard.wordpress.com\\\/2026\\\/06\\\/06\\\/iwell-guard\\\/\",\"https:\\\/\\\/hub.docker.com\\\/u\\\/iwellguard\",\"https:\\\/\\\/www.pinterest.com\\\/iwellguard\\\/\",\"https:\\\/\\\/bit.ly\\\/m\\\/iwellguard\",\"https:\\\/\\\/entre-vos-mains.alsace.eu\\\/profiles\\\/iwellguard\\\/activity\",\"https:\\\/\\\/gravatar.com\\\/reallybeded8fd34\",\"https:\\\/\\\/naijamatta.com\\\/iwellguard\",\"https:\\\/\\\/www.goodreads.com\\\/iwellguard\",\"https:\\\/\\\/profile.hatena.ne.jp\\\/iwellguard\\\/\",\"https:\\\/\\\/experiment.com\\\/users\\\/iwellguard\",\"https:\\\/\\\/wakelet.com\\\/@iWellGuard82270\",\"https:\\\/\\\/www.chordie.com\\\/forum\\\/profile.php?id=2555664\",\"https:\\\/\\\/www.instapaper.com\\\/p\\\/17757966\",\"https:\\\/\\\/www.mapleprimes.com\\\/users\\\/iwellguard\",\"https:\\\/\\\/businesslistingplus.com\\\/profile\\\/iwell-guard\\\/\",\"https:\\\/\\\/telegra.ph\\\/iWell-Guard-06-06\",\"https:\\\/\\\/pbase.com\\\/iwellguard\\\/iwellguard\",\"https:\\\/\\\/b.hatena.ne.jp\\\/iwellguard\\\/20260607#bookmark-4788405196491818882\",\"https:\\\/\\\/fliphtml5.com\\\/home\\\/iwellguard\",\"https:\\\/\\\/anyflip.com\\\/homepage\\\/cmiwl#About\",\"https:\\\/\\\/transfur.com\\\/Users\\\/iwellguard\",\"http:\\\/\\\/delphi.larsbo.org\\\/user\\\/iwellguard\",\"https:\\\/\\\/jobs.lajobsportal.org\\\/profiles\\\/8380803-iwell-guard\",\"https:\\\/\\\/md.chaosdorf.de\\\/s\\\/jfbe5SBdJD\",\"https:\\\/\\\/www.lingvolive.com\\\/en-us\\\/profile\\\/9ecaeaca-ce11-4e51-9e71-01d55e2bff36\\\/translations\",\"https:\\\/\\\/www.fitday.com\\\/fitness\\\/forums\\\/members\\\/iwellguard.html\",\"https:\\\/\\\/www.mymeetbook.com\\\/iwellguard\",\"https:\\\/\\\/pxhere.com\\\/en\\\/photographer-me\\\/5040798\",\"https:\\\/\\\/disqus.com\\\/by\\\/iwellguard\\\/about\\\/\",\"https:\\\/\\\/pastelink.net\\\/hjwciqwq\",\"https:\\\/\\\/pubhtml5.com\\\/homepage\\\/scjhn\\\/\",\"https:\\\/\\\/www.bitchute.com\\\/channel\\\/2O2eOKzNqujT\",\"https:\\\/\\\/audiomack.com\\\/iwellguard\"]}]}<\/script>\n<!-- \/ Yoast SEO Premium plugin. -->","yoast_head_json":{"title":"\u013dubovn\u00edk bodkovan\u00fd ako ochrann\u00e1 rastlina","description":"Fuga daemonum: Pod\u013ea trad\u00edcie m\u00e1 \u013eubovn\u00edk bodkovan\u00fd silu vyh\u00e1\u0148a\u0165 d\u00e9monov a no\u010dn\u00fdch duchov. P\u00f4vod, princ\u00edp \u00fa\u010dinku, pou\u017eitie.","robots":{"index":"index","follow":"follow","max-snippet":"max-snippet:-1","max-image-preview":"max-image-preview:large","max-video-preview":"max-video-preview:-1"},"canonical":"https:\/\/iwell-guard.com\/sk\/lubovnik-bodkovany\/","og_locale":"sk_SK","og_type":"article","og_title":"\u013dubovn\u00edk bodkovan\u00fd (Johanniskraut)","og_description":"Fuga daemonum: Pod\u013ea trad\u00edcie m\u00e1 \u013eubovn\u00edk bodkovan\u00fd silu vyh\u00e1\u0148a\u0165 d\u00e9monov a no\u010dn\u00fdch duchov. P\u00f4vod, princ\u00edp \u00fa\u010dinku, pou\u017eitie.","og_url":"https:\/\/iwell-guard.com\/sk\/lubovnik-bodkovany\/","og_site_name":"iWell Guard","article_modified_time":"2026-09-04T22:55:52+00:00","og_image":[{"width":1024,"height":1536,"url":"https:\/\/iwell-guard.com\/wp-content\/uploads\/2026\/05\/schutzsymbol_germanisch_johanniskraut.png","type":"image\/png"}],"twitter_card":"summary_large_image","schema":{"@context":"https:\/\/schema.org","@graph":[{"@type":"WebPage","@id":"https:\/\/iwell-guard.com\/sk\/lubovnik-bodkovany\/","url":"https:\/\/iwell-guard.com\/sk\/lubovnik-bodkovany\/","name":"\u013dubovn\u00edk bodkovan\u00fd ako ochrann\u00e1 rastlina","isPartOf":{"@id":"https:\/\/iwell-guard.com\/sk\/#website"},"primaryImageOfPage":{"@id":"https:\/\/iwell-guard.com\/sk\/lubovnik-bodkovany\/#primaryimage"},"image":{"@id":"https:\/\/iwell-guard.com\/sk\/lubovnik-bodkovany\/#primaryimage"},"thumbnailUrl":"https:\/\/iwell-guard.com\/wp-content\/uploads\/2026\/05\/schutzsymbol_germanisch_johanniskraut.png","datePublished":"2026-09-04T22:24:27+00:00","dateModified":"2026-09-04T22:55:52+00:00","description":"Fuga daemonum: Pod\u013ea trad\u00edcie m\u00e1 \u013eubovn\u00edk bodkovan\u00fd silu vyh\u00e1\u0148a\u0165 d\u00e9monov a no\u010dn\u00fdch duchov. P\u00f4vod, princ\u00edp \u00fa\u010dinku, pou\u017eitie.","breadcrumb":{"@id":"https:\/\/iwell-guard.com\/sk\/lubovnik-bodkovany\/#breadcrumb"},"inLanguage":"sk-SK","potentialAction":[{"@type":"ReadAction","target":["https:\/\/iwell-guard.com\/sk\/lubovnik-bodkovany\/"]}]},{"@type":"ImageObject","inLanguage":"sk-SK","@id":"https:\/\/iwell-guard.com\/sk\/lubovnik-bodkovany\/#primaryimage","url":"https:\/\/iwell-guard.com\/wp-content\/uploads\/2026\/05\/schutzsymbol_germanisch_johanniskraut.png","contentUrl":"https:\/\/iwell-guard.com\/wp-content\/uploads\/2026\/05\/schutzsymbol_germanisch_johanniskraut.png","width":1024,"height":1536,"caption":"\u013dubovn\u00edk \u2013 ochrann\u00e1 rastlina slnovratu, historicko-ilustra\u010dne"},{"@type":"BreadcrumbList","@id":"https:\/\/iwell-guard.com\/sk\/lubovnik-bodkovany\/#breadcrumb","itemListElement":[{"@type":"ListItem","position":1,"name":"Start","item":"https:\/\/iwell-guard.com\/sk\/?page_id=157572"},{"@type":"ListItem","position":2,"name":"\u013dubovn\u00edk bodkovan\u00fd (Johanniskraut)"}]},{"@type":"WebSite","@id":"https:\/\/iwell-guard.com\/sk\/#website","url":"https:\/\/iwell-guard.com\/sk\/","name":"iWell Guard","description":"Schutz vor dunklen Einfl\u00fcssen","publisher":{"@id":"https:\/\/iwell-guard.com\/sk\/#organization"},"potentialAction":[{"@type":"SearchAction","target":{"@type":"EntryPoint","urlTemplate":"https:\/\/iwell-guard.com\/sk\/?s={search_term_string}"},"query-input":{"@type":"PropertyValueSpecification","valueRequired":true,"valueName":"search_term_string"}}],"inLanguage":"sk-SK"},{"@type":"Organization","@id":"https:\/\/iwell-guard.com\/sk\/#organization","name":"Ittermann electronic GmbH","url":"https:\/\/iwell-guard.com\/sk\/","logo":{"@type":"ImageObject","inLanguage":"sk-SK","@id":"https:\/\/iwell-guard.com\/sk\/#\/schema\/logo\/image\/","url":"https:\/\/iwell-guard.com\/wp-content\/uploads\/2026\/05\/Ittermann-Logo-1182x237-1.png","contentUrl":"https:\/\/iwell-guard.com\/wp-content\/uploads\/2026\/05\/Ittermann-Logo-1182x237-1.png","width":1182,"height":237,"caption":"Ittermann electronic GmbH"},"image":{"@id":"https:\/\/iwell-guard.com\/sk\/#\/schema\/logo\/image\/"},"sameAs":["https:\/\/pantip.com\/profile\/9367242","https:\/\/micro.blog\/iwellguard","https:\/\/www.diggerslist.com\/iwellguard\/about","https:\/\/skitterphoto.com\/photographers\/2870314\/iwell-guard","https:\/\/iwellguard.wordpress.com\/2026\/06\/06\/iwell-guard\/","https:\/\/hub.docker.com\/u\/iwellguard","https:\/\/www.pinterest.com\/iwellguard\/","https:\/\/bit.ly\/m\/iwellguard","https:\/\/entre-vos-mains.alsace.eu\/profiles\/iwellguard\/activity","https:\/\/gravatar.com\/reallybeded8fd34","https:\/\/naijamatta.com\/iwellguard","https:\/\/www.goodreads.com\/iwellguard","https:\/\/profile.hatena.ne.jp\/iwellguard\/","https:\/\/experiment.com\/users\/iwellguard","https:\/\/wakelet.com\/@iWellGuard82270","https:\/\/www.chordie.com\/forum\/profile.php?id=2555664","https:\/\/www.instapaper.com\/p\/17757966","https:\/\/www.mapleprimes.com\/users\/iwellguard","https:\/\/businesslistingplus.com\/profile\/iwell-guard\/","https:\/\/telegra.ph\/iWell-Guard-06-06","https:\/\/pbase.com\/iwellguard\/iwellguard","https:\/\/b.hatena.ne.jp\/iwellguard\/20260607#bookmark-4788405196491818882","https:\/\/fliphtml5.com\/home\/iwellguard","https:\/\/anyflip.com\/homepage\/cmiwl#About","https:\/\/transfur.com\/Users\/iwellguard","http:\/\/delphi.larsbo.org\/user\/iwellguard","https:\/\/jobs.lajobsportal.org\/profiles\/8380803-iwell-guard","https:\/\/md.chaosdorf.de\/s\/jfbe5SBdJD","https:\/\/www.lingvolive.com\/en-us\/profile\/9ecaeaca-ce11-4e51-9e71-01d55e2bff36\/translations","https:\/\/www.fitday.com\/fitness\/forums\/members\/iwellguard.html","https:\/\/www.mymeetbook.com\/iwellguard","https:\/\/pxhere.com\/en\/photographer-me\/5040798","https:\/\/disqus.com\/by\/iwellguard\/about\/","https:\/\/pastelink.net\/hjwciqwq","https:\/\/pubhtml5.com\/homepage\/scjhn\/","https:\/\/www.bitchute.com\/channel\/2O2eOKzNqujT","https:\/\/audiomack.com\/iwellguard"]}]}},"_links":{"self":[{"href":"https:\/\/iwell-guard.com\/sk\/wp-json\/wp\/v2\/pages\/158259","targetHints":{"allow":["GET"]}}],"collection":[{"href":"https:\/\/iwell-guard.com\/sk\/wp-json\/wp\/v2\/pages"}],"about":[{"href":"https:\/\/iwell-guard.com\/sk\/wp-json\/wp\/v2\/types\/page"}],"author":[{"embeddable":true,"href":"https:\/\/iwell-guard.com\/sk\/wp-json\/wp\/v2\/users\/3"}],"replies":[{"embeddable":true,"href":"https:\/\/iwell-guard.com\/sk\/wp-json\/wp\/v2\/comments?post=158259"}],"version-history":[{"count":0,"href":"https:\/\/iwell-guard.com\/sk\/wp-json\/wp\/v2\/pages\/158259\/revisions"}],"wp:featuredmedia":[{"embeddable":true,"href":"https:\/\/iwell-guard.com\/sk\/wp-json\/wp\/v2\/media\/4111"}],"wp:attachment":[{"href":"https:\/\/iwell-guard.com\/sk\/wp-json\/wp\/v2\/media?parent=158259"}],"wp:term":[{"taxonomy":"category","embeddable":true,"href":"https:\/\/iwell-guard.com\/sk\/wp-json\/wp\/v2\/categories?post=158259"}],"curies":[{"name":"wp","href":"https:\/\/api.w.org\/{rel}","templated":true}]}}