{"id":158244,"date":"2026-09-04T22:24:13","date_gmt":"2026-09-04T22:24:13","guid":{"rendered":"https:\/\/iwell-guard.com\/?page_id=158244"},"modified":"2026-09-04T22:55:28","modified_gmt":"2026-09-04T22:55:28","slug":"ochranne-farby-modra-cervena-cierna","status":"publish","type":"page","link":"https:\/\/iwell-guard.com\/sk\/ochranne-farby-modra-cervena-cierna\/","title":{"rendered":"Ochrann\u00e9 farby \u2013 modr\u00e1, \u010derven\u00e1 a \u010dierna ako ochrana"},"content":{"rendered":"\t\t<div data-elementor-type=\"wp-page\" data-elementor-id=\"158244\" class=\"elementor elementor-158244 elementor-3745 elementor-bc-flex-widget\" data-elementor-post-type=\"page\">\n\t\t\t\t<div class=\"elementor-element elementor-element-iwgs-schutzfarben-hero e-flex e-con-boxed e-con e-parent\" data-id=\"iwgs-schutzfarben-hero\" data-element_type=\"container\" data-e-type=\"container\">\n\t\t\t\t\t<div class=\"e-con-inner\">\n\t\t<div class=\"elementor-element elementor-element-iwgs-schutzfarben-hl e-flex e-con-boxed e-con e-parent\" data-id=\"iwgs-schutzfarben-hl\" data-element_type=\"container\" data-e-type=\"container\">\n\t\t\t\t\t<div class=\"e-con-inner\">\n\t\t<div class=\"elementor-element elementor-element-iwgs-schutzfarben-hlbox e-con-full e-flex e-con e-parent\" data-id=\"iwgs-schutzfarben-hlbox\" data-element_type=\"container\" data-e-type=\"container\">\n\t\t\t\t<div class=\"elementor-element elementor-element-iwgs-schutzfarben-h1 elementor-widget elementor-widget-heading\" data-id=\"iwgs-schutzfarben-h1\" data-element_type=\"widget\" data-e-type=\"widget\" data-widget_type=\"heading.default\">\n\t\t\t\t\t<h1 class=\"elementor-heading-title elementor-size-default\">Ochrann\u00e9 farby: farby s obrann\u00fdm v\u00fdznamom<\/h1>\t\t\t\t<\/div>\n\t\t\t\t<div class=\"elementor-element elementor-element-iwgs-schutzfarben-lead elementor-widget elementor-widget-text-editor\" data-id=\"iwgs-schutzfarben-lead\" data-element_type=\"widget\" data-e-type=\"widget\" data-widget_type=\"text-editor.default\">\n\t\t\t\t\t\t\t\t\t<p>V mnoh\u00fdch kult\u00farach sa ur\u010dit\u00fdm farb\u00e1m prisudzuje obrann\u00fd v\u00fdznam. Modr\u00e1, \u010derven\u00e1 a \u010dierna sa ako ochrann\u00e9 farby vyskytuj\u00fa naj\u010dastej\u0161ie, pri\u010dom ka\u017ed\u00e1 m\u00e1 vlastn\u00e9 od\u00f4vodnenie. Tento \u010dl\u00e1nok zara\u010fuje princ\u00edp ochrannej farby z religionistick\u00e9ho h\u013eadiska a sleduje jeho stopy od <span class=\"iwg-fachbegriff\" data-tooltip=\"Epocha gr\u00e9ckej a r\u00edmskej kult\u00fary, pribli\u017ene od 800 pred Kr. do 600 po Kr.\" tabindex=\"0\">antiky<\/span> a\u017e po s\u00fa\u010dasn\u00fa recepciu. Pritom sa rozli\u0161uje medzi historicky dolo\u017een\u00fdmi <span class=\"iwg-fachbegriff\" data-tooltip=\"S\u00fahrn tradovan\u00fdch zvykov spolo\u010denstva.\" tabindex=\"0\">zvykmi<\/span> a modern\u00fdm v\u00fdkladom.<\/p>\t\t\t\t\t\t\t\t<\/div>\n\t\t\t\t<\/div>\n\t\t\t\t<div class=\"elementor-element elementor-element-iwgs-schutzfarben-pills elementor-widget elementor-widget-html\" data-id=\"iwgs-schutzfarben-pills\" data-element_type=\"widget\" data-e-type=\"widget\" data-widget_type=\"html.default\">\n\t\t\t\t\t<div class=\"iwg-pill-row\"><span class=\"iwg-klasse-badge\" tabindex=\"0\" data-tooltip=\"Ochrann\u00fd symbol, amulet alebo apotropajn\u00fd predmet.\">Ochrann\u00fd symbol<\/span><a href=\"https:\/\/iwell-guard.com\/sk\/ochranne-symboly\/\" class=\"iwg-kultur-badge\" tabindex=\"0\" data-tooltip=\"Ochrann\u00e1 trad\u00edcia: Medzikult\u00farne\">Medzikult\u00farne<\/a><span class=\"iwg-tradition-badge\" tabindex=\"0\" data-tooltip=\"V\u0161eobecn\u00fd princ\u00edp \u00fa\u010dinku, na ktorom s\u00fa zalo\u017een\u00e9 ochrann\u00e9 zvyky.\">Ochrann\u00fd princ\u00edp<\/span><\/div>\t\t\t\t<\/div>\n\t\t\t\t\t<\/div>\n\t\t\t\t<\/div>\n\t\t<div class=\"elementor-element elementor-element-iwgs-schutzfarben-hr e-con-full e-flex e-con e-parent\" data-id=\"iwgs-schutzfarben-hr\" data-element_type=\"container\" data-e-type=\"container\">\n\t\t\t\t<div class=\"elementor-element elementor-element-iwgs-schutzfarben-himg iwg-hero-image elementor-widget elementor-widget-image\" data-id=\"iwgs-schutzfarben-himg\" data-element_type=\"widget\" data-e-type=\"widget\" data-widget_type=\"image.default\">\n\t\t\t\t\t\t\t\t\t\t\t\t\t\t\t<img fetchpriority=\"high\" decoding=\"async\" width=\"683\" height=\"1024\" src=\"https:\/\/iwell-guard.com\/wp-content\/uploads\/2026\/05\/schutzsymbol_universell_schutzfarben-683x1024.webp\" class=\"attachment-large size-large wp-image-159463\" alt=\"Ochrann\u00e9 farby \u2013 ochrann\u00fd symbol, muze\u00e1lna ilustr\u00e1cia&quot;}\n\nPozn\u00e1mka: pod\u013ea pravidiel som odstr\u00e1nil poml\u010dku ako \u0161tylistick\u00fd prvok, ale v tomto pr\u00edpade ide o oddelenie dvoch vecn\u00fdch v\u00fdrazov (nie o \u0161tylistick\u00fa poml\u010dku), preto som zachoval spojku s poml\u010dkou pre zrozumite\u013enos\u0165. Fin\u00e1lna odpove\u010f:\n\n{&quot;c454471b4f4449e1&quot;: &quot;Ochrann\u00e9 farby \u2013 ochrann\u00fd symbol, muze\u00e1lna ilustr\u00e1cia\" srcset=\"https:\/\/iwell-guard.com\/wp-content\/uploads\/2026\/05\/schutzsymbol_universell_schutzfarben-683x1024.webp 683w, https:\/\/iwell-guard.com\/wp-content\/uploads\/2026\/05\/schutzsymbol_universell_schutzfarben-200x300.webp 200w, https:\/\/iwell-guard.com\/wp-content\/uploads\/2026\/05\/schutzsymbol_universell_schutzfarben-768x1152.webp 768w, https:\/\/iwell-guard.com\/wp-content\/uploads\/2026\/05\/schutzsymbol_universell_schutzfarben.webp 1024w\" sizes=\"(max-width: 683px) 100vw, 683px\" \/>\t\t\t\t\t\t\t\t\t\t\t\t\t\t\t<\/div>\n\t\t\t\t<\/div>\n\t\t\t\t\t<\/div>\n\t\t\t\t<\/div>\n\t\t<div class=\"elementor-element elementor-element-iwgs-schutzfarben-s0 e-flex e-con-boxed e-con e-parent\" data-id=\"iwgs-schutzfarben-s0\" data-element_type=\"container\" data-e-type=\"container\">\n\t\t\t\t\t<div class=\"e-con-inner\">\n\t\t\t\t<div class=\"elementor-element elementor-element-iwgs-schutzfarben-s0h elementor-widget elementor-widget-heading\" data-id=\"iwgs-schutzfarben-s0h\" data-element_type=\"widget\" data-e-type=\"widget\" data-widget_type=\"heading.default\">\n\t\t\t\t\t<h2 class=\"elementor-heading-title elementor-size-default\">Zaradenie: \u010do je ochrann\u00e1 farba<\/h2>\t\t\t\t<\/div>\n\t\t<div class=\"elementor-element elementor-element-iwgs-schutzfarben-s0box e-con-full e-flex e-con e-parent\" data-id=\"iwgs-schutzfarben-s0box\" data-element_type=\"container\" data-e-type=\"container\">\n\t\t\t\t<div class=\"elementor-element elementor-element-iwgs-schutzfarben-s0t elementor-widget elementor-widget-text-editor\" data-id=\"iwgs-schutzfarben-s0t\" data-element_type=\"widget\" data-e-type=\"widget\" data-widget_type=\"text-editor.default\">\n\t\t\t\t\t\t\t\t\t<p>Ochrann\u00e1 farba je farba, ktorej sa prisudzuje obrann\u00fd v\u00fdznam. Pou\u017e\u00edva sa na predmetoch, oble\u010den\u00ed, \u0161perkoch alebo na budov\u00e1ch s o\u010dak\u00e1van\u00edm, \u017ee bude odh\u00e1\u0148a\u0165 \u0161kodliv\u00e9 vplyvy.<\/p><p>Zvl\u00e1\u0161tnos\u0165ou ochrannej farby je, \u017ee jej v\u00fdznam je viazan\u00fd na samotn\u00fa farbu, a nie na konkr\u00e9tny <span class=\"iwg-fachbegriff\" data-tooltip=\"Opakuj\u00faci sa obsahov\u00fd prvok v umen\u00ed alebo rozpr\u00e1van\u00ed.\" tabindex=\"0\">mot\u00edv<\/span>. Modr\u00e1 stu\u017eka, \u010derven\u00e1 \u0161n\u00fara alebo osoba oble\u010den\u00e1 v \u010diernom nes\u00fa farbu ako nosite\u013eku v\u00fdkladu.<\/p><p>Ktor\u00e1 farba sa pova\u017euje za ochrann\u00fa, silne z\u00e1vis\u00ed od kult\u00fary. Modr\u00e1, \u010derven\u00e1 a \u010dierna s\u00fa naj\u010dastej\u0161ie ochrann\u00e9 farby, av\u0161ak aj in\u00e9 farby m\u00f4\u017eu region\u00e1lne zohr\u00e1va\u0165 t\u00fato \u00falohu.<\/p><p>Ochrann\u00e1 farba sa zriedka vyskytuje samostatne. V\u00e4\u010d\u0161inou je spojen\u00e1 s predmetom, napr\u00edklad s perlou, stu\u017ekou, kame\u0148om alebo k\u00faskom l\u00e1tky. Farba potom zosil\u0148uje pripisovan\u00fd v\u00fdznam predmetu.<\/p><p>V r\u00e1mci <a href=\"https:\/\/iwell-guard.com\/sk\/ochranne-symboly\/\">ochrann\u00fdch symbolov<\/a> patr\u00ed ochrann\u00e1 farba medzi vlastnosti, ktor\u00e9 robia z predmetu ochrann\u00e9 znamenie. Stoj\u00ed ved\u013ea materi\u00e1lu, tvaru a <span class=\"iwg-fachbegriff\" data-tooltip=\"Opakuj\u00faci sa obsahov\u00fd prvok v umen\u00ed alebo rozpr\u00e1van\u00ed.\" tabindex=\"0\">mot\u00edvu<\/span>.<\/p><p>Ochrann\u00e1 farba je tak menej samostatn\u00fdm <span class=\"iwg-fachbegriff\" data-tooltip=\"Znak, ktor\u00fd zastupuje predstavu alebo v\u00fdznam.\" tabindex=\"0\">symbolom<\/span> a viac priebe\u017en\u00fdm princ\u00edpom. Ukazuje, \u017ee nosite\u013eom obrann\u00e9ho v\u00fdkladu m\u00f4\u017ee by\u0165 nielen obraz a l\u00e1tka, ale aj samotn\u00e1 farba.<\/p><p>Ochrann\u00e1 farba je zriedkavo jednozna\u010dn\u00e1, preto\u017ee t\u00e1 ist\u00e1 farba m\u00f4\u017ee by\u0165 v r\u00f4znych kult\u00farach vykladan\u00e1 ve\u013emi odli\u0161ne. \u010co sa v jednej trad\u00edcii pova\u017euje za ochrann\u00e9, m\u00f4\u017ee by\u0165 v inej sp\u00e1jan\u00e9 so sm\u00fatkom alebo nebezpe\u010denstvom. T\u00e1to viacv\u00fdznamovos\u0165 patr\u00ed k podstate farebnej symboliky.<\/p>\t\t\t\t\t\t\t\t<\/div>\n\t\t\t\t<\/div>\n\t\t\t\t\t<\/div>\n\t\t\t\t<\/div>\n\t\t<div class=\"elementor-element elementor-element-iwgs-schutzfarben-s1 e-flex e-con-boxed e-con e-parent\" data-id=\"iwgs-schutzfarben-s1\" data-element_type=\"container\" data-e-type=\"container\">\n\t\t\t\t\t<div class=\"e-con-inner\">\n\t\t\t\t<div class=\"elementor-element elementor-element-iwgs-schutzfarben-s1h elementor-widget elementor-widget-heading\" data-id=\"iwgs-schutzfarben-s1h\" data-element_type=\"widget\" data-e-type=\"widget\" data-widget_type=\"heading.default\">\n\t\t\t\t\t<h2 class=\"elementor-heading-title elementor-size-default\">P\u00f4vod a historick\u00e1 h\u013abka ochrann\u00fdch farieb<\/h2>\t\t\t\t<\/div>\n\t\t<div class=\"elementor-element elementor-element-iwgs-schutzfarben-s1box e-con-full e-flex e-con e-parent\" data-id=\"iwgs-schutzfarben-s1box\" data-element_type=\"container\" data-e-type=\"container\">\n\t\t\t\t<div class=\"elementor-element elementor-element-iwgs-schutzfarben-s1t elementor-widget elementor-widget-text-editor\" data-id=\"iwgs-schutzfarben-s1t\" data-element_type=\"widget\" data-e-type=\"widget\" data-widget_type=\"text-editor.default\">\n\t\t\t\t\t\t\t\t\t<p>Sp\u00e1janie farieb s v\u00fdznamami je ve\u013emi star\u00e9. U\u017e v rann\u00fdch kult\u00farach sa z\u00edskavali farebn\u00e9 pigmenty a cielene sa pou\u017e\u00edvali, napr\u00edklad pri pohreboch a v <span class=\"iwg-fachbegriff\" data-tooltip=\"S\u00fahrn n\u00e1bo\u017eensk\u00fdch \u00factov\u00fdch \u00fakonov vo\u010di bo\u017estvu alebo sv\u00e4tej postave.\" tabindex=\"0\">kulte<\/span>. S farbami sa u\u017e skoro sp\u00e1jali ur\u010dit\u00e9 predstavy.<\/p><p>V\u00fdznam farby \u010dasto s\u00favisel s n\u00e1ro\u010dnos\u0165ou jej z\u00edskavania. Niektor\u00e9 farbiv\u00e1 boli vz\u00e1cne a n\u00e1kladn\u00e9, in\u00e9 \u013eahko dostupn\u00e9. Tieto rozdiely formovali hodnotenie jednotliv\u00fdch farieb.<\/p><p>Modr\u00e1 bola v mnoh\u00fdch oblastiach farbou, ktor\u00fa bolo \u0165a\u017ek\u00e9 vyrobi\u0165. Ur\u010dit\u00e9 modr\u00e9 pigmenty a modr\u00e9 sklovit\u00e9 hmoty sa pova\u017eovali za vz\u00e1cne. T\u00e1to vz\u00e1cnos\u0165 je jedn\u00fdm z pozad\u00ed osobit\u00e9ho postavenia modrej farby.<\/p><p>\u010cerven\u00e1 je farbou krvi a oh\u0148a a patr\u00ed medzi najstar\u0161ie pou\u017e\u00edvan\u00e9 farby. \u010cerven\u00fd okr je zn\u00e1my u\u017e z prehistorick\u00fdch s\u00favislost\u00ed, \u010do ukazuje hlbok\u00fa hist\u00f3riu tejto farby.<\/p><p>\u010cierna je farbou noci, temnoty a sm\u00fatku. V mnoh\u00fdch kult\u00farach bola sp\u00e1jan\u00e1 so smr\u0165ou, ale z\u00e1rove\u0148 sa pou\u017e\u00edvala aj v ochrann\u00fdch zvykoch, \u010do ukazuje jej dvojak\u00fd v\u00fdznam.<\/p><p>Celkovo sa ukazuje, \u017ee obrann\u00fd v\u00fdklad farieb sa tiahne cez dlh\u00e9 \u010dasov\u00e9 \u00faseky a mnoh\u00e9 kult\u00fary. Ktor\u00e1 farba sa pova\u017eovala za ochrann\u00fa, sa pritom l\u00ed\u0161ilo pod\u013ea oblasti.<\/p><p>S vyn\u00e1lezom umel\u00fdch farb\u00edv v dev\u00e4tn\u00e1stom storo\u010d\u00ed sa farba stala v\u0161eobecne dostupnou a stratila \u010das\u0165 svojej p\u00f4vodnej vz\u00e1cnosti. T\u00e1to zmena ovplyvnila aj zaobch\u00e1dzanie s farbami v <span class=\"iwg-fachbegriff\" data-tooltip=\"S\u00fahrn tradovan\u00fdch zvykov spolo\u010denstva.\" tabindex=\"0\">zvykoch<\/span>. Star\u00e9 hodnotenie vz\u00e1cnych odtie\u0148ov farieb sa dnes d\u00e1 vyvodi\u0165 najm\u00e4 zo star\u0161\u00edch prame\u0148ov.<\/p>\t\t\t\t\t\t\t\t<\/div>\n\t\t\t\t<\/div>\n\t\t\t\t\t<\/div>\n\t\t\t\t<\/div>\n\t\t<div class=\"elementor-element elementor-element-iwgs-schutzfarben-s2 e-flex e-con-boxed e-con e-parent\" data-id=\"iwgs-schutzfarben-s2\" data-element_type=\"container\" data-e-type=\"container\">\n\t\t\t\t\t<div class=\"e-con-inner\">\n\t\t\t\t<div class=\"elementor-element elementor-element-iwgs-schutzfarben-s2h elementor-widget elementor-widget-heading\" data-id=\"iwgs-schutzfarben-s2h\" data-element_type=\"widget\" data-e-type=\"widget\" data-widget_type=\"heading.default\">\n\t\t\t\t\t<h2 class=\"elementor-heading-title elementor-size-default\">Predstava stojaca za ochrannou farbou<\/h2>\t\t\t\t<\/div>\n\t\t<div class=\"elementor-element elementor-element-iwgs-schutzfarben-s2box e-con-full e-flex e-con e-parent\" data-id=\"iwgs-schutzfarben-s2box\" data-element_type=\"container\" data-e-type=\"container\">\n\t\t\t\t<div class=\"elementor-element elementor-element-iwgs-schutzfarben-s2t elementor-widget elementor-widget-text-editor\" data-id=\"iwgs-schutzfarben-s2t\" data-element_type=\"widget\" data-e-type=\"widget\" data-widget_type=\"text-editor.default\">\n\t\t\t\t\t\t\t\t\t<p>Pri modrej je d\u00f4le\u017eitou my\u0161lienkou s\u00favislos\u0165 s nebom a s vodou. Modr\u00e1 bola sp\u00e1jan\u00e1 so \u0161\u00edrkou, jasnos\u0165ou a \u010distotou. Toto spojenie urobilo z farby v nieko\u013ek\u00fdch kult\u00farach preferovan\u00fa ochrann\u00fa farbu.<\/p><p>Na Bl\u00edzkom v\u00fdchode a v Stredomor\u00ed je modr\u00e1 \u00fazko spojen\u00e1 s odvr\u00e1ten\u00edm takzvan\u00e9ho zl\u00e9ho poh\u013eadu. Modr\u00e1 perla oka, <a href=\"https:\/\/iwell-guard.com\/sk\/?page_id=158117\">Nazar Boncu\u011fu<\/a>, je najzn\u00e1mej\u0161\u00edm pr\u00edkladom tohto spojenia.<\/p><p>Pri \u010dervenej je z\u00e1sadn\u00e1 s\u00favislos\u0165 s krvou a \u017eivotom. \u010cerven\u00e1 sa pova\u017eovala za farbu \u017eivotnej sily. Niektor\u00e9 podania ch\u00e1pali \u010derven\u00fa farbu ako prostriedok na odp\u00fatanie alebo zviazanie \u0161kodliv\u00fdch vplyvov p\u00f4sobiacich na osobu.<\/p><p>\u010cerven\u00e1 bola tie\u017e sp\u00e1jan\u00e1 s oh\u0148om, ktor\u00fd s\u00e1m bol pova\u017eovan\u00fd za \u010distiaci a obrann\u00fd. \u010cerven\u00e1 farba tak mohla by\u0165 ch\u00e1pan\u00e1 ako \u010das\u0165 tejto sily oh\u0148a.<\/p><p>Pri \u010diernej je roz\u0161\u00edrenou my\u0161lienkou skr\u00fdvanie. \u010cierna farba sa pova\u017euje za nen\u00e1padn\u00fa a pod\u013ea niektor\u00fdch predst\u00e1v m\u00f4\u017ee uchr\u00e1ni\u0165 nosite\u013ea pred takzvan\u00fdm zl\u00fdm poh\u013eadom.<\/p><p>Tu pop\u00edsan\u00e9 predstavy s\u00fa kult\u00farno-historick\u00e9 vysvetlenia. Popisuj\u00fa, pre\u010do sa ur\u010dit\u00fdm farb\u00e1m prisudzoval obrann\u00fd v\u00fdznam, a dokumentuj\u00fa vieru. Nie s\u00fa d\u00f4kazom \u00fa\u010dinku. V\u00fdskum predstavu popisuje, bez toho, aby ju potvrdzoval.<\/p><p>Pri modrej hr\u00e1 v nieko\u013ek\u00fdch podaniach navy\u0161e \u00falohu predstava, \u017ee t\u00e1to farba sa v \u017eivej pr\u00edrode vyskytuje zriedkavo. Pr\u00e1ve nezvy\u010dajnos\u0165 hlbokej modrej mohla prispie\u0165 k tomu, \u017ee sa jej pripisoval osobit\u00fd v\u00fdznam. Farba sa tak pova\u017eovala za n\u00e1padit\u00fa aj v\u00fdznamn\u00fa z\u00e1rove\u0148.<\/p>\t\t\t\t\t\t\t\t<\/div>\n\t\t\t\t<\/div>\n\t\t\t\t\t<\/div>\n\t\t\t\t<\/div>\n\t\t<div class=\"elementor-element elementor-element-iwgs-schutzfarben-s3 e-flex e-con-boxed e-con e-parent\" data-id=\"iwgs-schutzfarben-s3\" data-element_type=\"container\" data-e-type=\"container\">\n\t\t\t\t\t<div class=\"e-con-inner\">\n\t\t\t\t<div class=\"elementor-element elementor-element-iwgs-schutzfarben-s3h elementor-widget elementor-widget-heading\" data-id=\"iwgs-schutzfarben-s3h\" data-element_type=\"widget\" data-e-type=\"widget\" data-widget_type=\"heading.default\">\n\t\t\t\t\t<h2 class=\"elementor-heading-title elementor-size-default\">Pr\u00edklady z antiky a Predn\u00e9ho Orientu<\/h2>\t\t\t\t<\/div>\n\t\t<div class=\"elementor-element elementor-element-iwgs-schutzfarben-s3box e-con-full e-flex e-con e-parent\" data-id=\"iwgs-schutzfarben-s3box\" data-element_type=\"container\" data-e-type=\"container\">\n\t\t\t\t<div class=\"elementor-element elementor-element-iwgs-schutzfarben-s3t elementor-widget elementor-widget-text-editor\" data-id=\"iwgs-schutzfarben-s3t\" data-element_type=\"widget\" data-e-type=\"widget\" data-widget_type=\"text-editor.default\">\n\t\t\t\t\t\t\t\t\t<p>Vo fara\u00f3nskom Egypte boli farby pevne spojen\u00e9 s v\u00fdznammi. Modr\u00e9 a zelen\u00e9 odtiene sa sp\u00e1jali s nebom, vodou a obnovou, a modr\u00e9 amulety a kor\u00e1lky s\u00fa mnohon\u00e1sobne dokumentovan\u00e9.<\/p><p>V Egypte sa modr\u00e9 sklo a modr\u00fd kame\u0148 lapislazuli pou\u017e\u00edvali na v\u00fdrobu \u0161perkov a amuletov. Oba materi\u00e1ly mali osobit\u00fd v\u00fdznam v\u010faka svojej farbe a vz\u00e1cnosti.<\/p><p>V Mezopot\u00e1mii sa na amulety pou\u017e\u00edvali farebn\u00e9 kamene a sklovit\u00e9 materi\u00e1ly. Farba kame\u0148a bola \u010dasto s\u00fa\u010das\u0165ou jeho pripisovan\u00e9ho v\u00fdznamu, nielen ozdobou.<\/p><p>Na Bl\u00edzkom v\u00fdchode je roz\u0161\u00edren\u00e1 modr\u00e1 \u201eok\u00e1\u201c kor\u00e1lka proti poh\u013eadu, ktor\u00fd sa pova\u017eoval za \u0161kodliv\u00fd. Spojenie modrej farby s mot\u00edvom oka m\u00e1 v tomto regi\u00f3ne dlh\u00fa trad\u00edciu.<\/p><p>\u010cerven\u00e9 farbiv\u00e1 sa v <span class=\"iwg-fachbegriff\" data-tooltip=\"Epocha gr\u00e9ckej a r\u00edmskej kult\u00fary, pribli\u017ene od roku 800 pred Kr. do 600 po Kr.\" tabindex=\"0\">antike<\/span> pou\u017e\u00edvali na odevy, \u0161perky a ma\u013eovanie. V niektor\u00fdch s\u00favislostiach m\u00e1 \u010derven\u00e1 \u0161n\u00fara alebo \u010derven\u00e1 stuha v\u00fdznam, ktor\u00fd presahuje \u010dist\u00fa ozdobu.<\/p><p>Tieto pr\u00edklady ukazuj\u00fa, \u017ee farby v antickom stredomorskom priestore a na Bl\u00edzkom v\u00fdchode neboli ch\u00e1pan\u00e9 len ako ozdobn\u00e9. Boli s\u00fa\u010das\u0165ou siete v\u00fdznamov, na ktor\u00fa sa viazal aj ochrann\u00fd v\u00fdklad.<\/p><p>Aj v gr\u00e9ckom a r\u00edmskom svete bola \u010derven\u00e1 \u00fazko spojen\u00e1 s oblas\u0165ou \u017eivota a \u017eivotn\u00fdch prechodov. Pri svadb\u00e1ch sa objavovali \u010derven\u00e9 \u0161atky a \u010derven\u00e9 z\u00e1voje a \u010derven\u00e9 farbiv\u00e1 sa pou\u017e\u00edvali pri v\u00fdznamn\u00fdch odevoch. Farba tam nesla v\u00fdznam, ktor\u00fd presahoval samotn\u00fa ozdobu.<\/p>\t\t\t\t\t\t\t\t<\/div>\n\t\t\t\t<\/div>\n\t\t\t\t\t<\/div>\n\t\t\t\t<\/div>\n\t\t<div class=\"elementor-element elementor-element-iwgs-schutzfarben-s4 e-flex e-con-boxed e-con e-parent\" data-id=\"iwgs-schutzfarben-s4\" data-element_type=\"container\" data-e-type=\"container\">\n\t\t\t\t\t<div class=\"e-con-inner\">\n\t\t\t\t<div class=\"elementor-element elementor-element-iwgs-schutzfarben-s4h elementor-widget elementor-widget-heading\" data-id=\"iwgs-schutzfarben-s4h\" data-element_type=\"widget\" data-e-type=\"widget\" data-widget_type=\"heading.default\">\n\t\t\t\t\t<h2 class=\"elementor-heading-title elementor-size-default\">Pr\u00edklady z eur\u00f3pskej \u013eudovej magie<\/h2>\t\t\t\t<\/div>\n\t\t<div class=\"elementor-element elementor-element-iwgs-schutzfarben-s4box e-con-full e-flex e-con e-parent\" data-id=\"iwgs-schutzfarben-s4box\" data-element_type=\"container\" data-e-type=\"container\">\n\t\t\t\t<div class=\"elementor-element elementor-element-iwgs-schutzfarben-s4t elementor-widget elementor-widget-text-editor\" data-id=\"iwgs-schutzfarben-s4t\" data-element_type=\"widget\" data-e-type=\"widget\" data-widget_type=\"text-editor.default\">\n\t\t\t\t\t\t\t\t\t<p>V eur\u00f3pskej \u013eudovej magii hr\u00e1 \u010derven\u00e1 farba v\u00fdrazn\u00fa \u00falohu. Etnografick\u00e9 zbierky uv\u00e1dzaj\u00fa \u010derven\u00e9 stuhy a \u0161n\u00fary, ktor\u00e9 sa viazali de\u0165om, zvierat\u00e1m a sn\u00fabencom.<\/p><p>\u010cerven\u00e1 stuha sa novorodencom viazala na z\u00e1p\u00e4stie alebo pripev\u0148ovala k postie\u013eke. \u010cerven\u00e9 stuhy sa nasadzovali aj dobytku. Tieto zvyky s\u00fa zdokumentovan\u00e9 v mnoh\u00fdch regi\u00f3noch Eur\u00f3py.<\/p><p>Modr\u00e1 sa v eur\u00f3pskej \u013eudovej magii objavuje okrem in\u00e9ho v podobe modr\u00fdch kor\u00e1lok a modr\u00fdch sklenen\u00fdch prvkov. Pripev\u0148ovali sa na odev a \u0161perky a sp\u00e1jali sa s odvr\u00e1ten\u00edm poh\u013eadu pova\u017eovan\u00e9ho za \u0161kodliv\u00fd.<\/p><p>\u010cierna je v Eur\u00f3pe silne spojen\u00e1 so sm\u00fatkom. V niektor\u00fdch zvykoch sa \u010dierny odev alebo \u010dierny prvok nosil z\u00e1rove\u0148 s ochrann\u00fdm v\u00fdkladom, napr\u00edklad na pohreboch.<\/p><p>Spr\u00e1vy o zvykoch viazan\u00fdch na farby dokumentuj\u00fa o\u010dak\u00e1vania t\u00fdch, ktor\u00ed ich pou\u017e\u00edvali, nie preuk\u00e1zan\u00fd \u00fa\u010dinok. Ukazuj\u00fa, \u017ee farby sa ch\u00e1pali ako nositelia v\u00fdznamu, ktor\u00fd poskytoval pocit bezpe\u010dia.<\/p><p>S ustupovan\u00edm magick\u00fdch dom\u00e1cich zvykov stratili mnoh\u00e9 z t\u00fdchto prakt\u00edk svoju be\u017en\u00fa \u00falohu. \u010cerven\u00e1 stuha pre novorodencov si v niektor\u00fdch oblastiach zachovala svoje miesto ako <span class=\"iwg-fachbegriff\" data-tooltip=\"Tradovan\u00e1 \u010dinnos\u0165, ktor\u00e1 sa v spolo\u010denstve pravidelne opakuje.\" tabindex=\"0\">zvyk<\/span> dlh\u0161ie ako in\u00e9.<\/p><p>Etnografick\u00e9 zbierky navy\u0161e zaznamen\u00e1vaj\u00fa pou\u017e\u00edvanie zelen\u00fdch a bielych prvkov v jednotliv\u00fdch ochrann\u00fdch zvykoch. Zelen\u00e1 sa sp\u00e1jala s rastom a \u017eivotnou silou, biela s \u010distotou. Tieto pr\u00edklady ukazuj\u00fa, \u017ee eur\u00f3pska \u013eudov\u00e1 magia d\u00e1vala v\u00fdznam aj in\u00fdm farb\u00e1m ne\u017e modrej, \u010dervenej a \u010diernej.<\/p>\t\t\t\t\t\t\t\t<\/div>\n\t\t\t\t<\/div>\n\t\t\t\t\t<\/div>\n\t\t\t\t<\/div>\n\t\t<div class=\"elementor-element elementor-element-iwgs-schutzfarben-s5 e-flex e-con-boxed e-con e-parent\" data-id=\"iwgs-schutzfarben-s5\" data-element_type=\"container\" data-e-type=\"container\">\n\t\t\t\t\t<div class=\"e-con-inner\">\n\t\t\t\t<div class=\"elementor-element elementor-element-iwgs-schutzfarben-s5h elementor-widget elementor-widget-heading\" data-id=\"iwgs-schutzfarben-s5h\" data-element_type=\"widget\" data-e-type=\"widget\" data-widget_type=\"heading.default\">\n\t\t\t\t\t<h2 class=\"elementor-heading-title elementor-size-default\">Pr\u00edklady z \u00c1zie a \u010fal\u0161\u00edch kult\u00far<\/h2>\t\t\t\t<\/div>\n\t\t<div class=\"elementor-element elementor-element-iwgs-schutzfarben-s5box e-con-full e-flex e-con e-parent\" data-id=\"iwgs-schutzfarben-s5box\" data-element_type=\"container\" data-e-type=\"container\">\n\t\t\t\t<div class=\"elementor-element elementor-element-iwgs-schutzfarben-s5t elementor-widget elementor-widget-text-editor\" data-id=\"iwgs-schutzfarben-s5t\" data-element_type=\"widget\" data-e-type=\"widget\" data-widget_type=\"text-editor.default\">\n\t\t\t\t\t\t\t\t\t<p>V \u010c\u00edne je \u010derven\u00e1 najd\u00f4le\u017eitej\u0161ou ochrannou a \u0161\u0165astie prin\u00e1\u0161aj\u00facou farbou. \u010cerven\u00e9 ob\u00e1lky, \u010derven\u00e9 \u0161n\u00fary a stuhy sa pou\u017e\u00edvaj\u00fa po\u010das sviatkov a pri \u017eivotn\u00fdch prechodoch. Aj \u010derven\u00e9 znaky na dver\u00e1ch patria k tomuto <span class=\"iwg-fachbegriff\" data-tooltip=\"Tradovan\u00e1 \u010dinnos\u0165, ktor\u00e1 sa v spolo\u010denstve pravidelne opakuje.\" tabindex=\"0\">zvyku<\/span>.<\/p><p>V ju\u017enej \u00c1zii sa \u010dervenej \u0161n\u00fare, ktor\u00e1 sa via\u017ee na z\u00e1p\u00e4stie, pripisuje ochrann\u00fd v\u00fdznam. K ritu\u00e1lnej oblasti patria aj \u010derven\u00e9 znaky na \u010dele a \u010derven\u00e9 pr\u00e1\u0161ky.<\/p><p>Na Bl\u00edzkom v\u00fdchode a v Turecku je roz\u0161\u00edren\u00e1 modr\u00e1 \u201eok\u00e1\u201c kor\u00e1lka. Modr\u00e1 farba je tam \u00fazko spojen\u00e1 s odvr\u00e1ten\u00edm poh\u013eadu pova\u017eovan\u00e9ho za \u0161kodliv\u00fd a ur\u010duje podobu mnoh\u00fdch ochrann\u00fdch predmetov.<\/p><p>V r\u00f4znych kult\u00farach sa \u010diernemu znamienku, napr\u00edklad \u010diernemu bodu na tv\u00e1ri die\u0165a\u0165a, pripisuje odp\u00fatavaj\u00faci v\u00fdznam. M\u00e1 odp\u00fata\u0165 poh\u013ead od die\u0165a\u0165a.<\/p><p>V t\u00fdchto r\u00f4znych oblastiach sa ukazuje, \u017ee s odvracan\u00edm ne\u0161\u0165astia sa v mnoh\u00fdch kult\u00farach sp\u00e1jalo viacero farieb. Ktor\u00e1 farba t\u00fato \u00falohu prevezme, sa l\u00ed\u0161i pod\u013ea trad\u00edcie.<\/p><p>R\u00f4znorodos\u0165 t\u00fdchto pr\u00edkladov ukazuje, \u017ee ochrann\u00fa farbu treba ch\u00e1pa\u0165 ako princ\u00edp. Vznik\u00e1 v\u017edy tam, kde sa farbe na z\u00e1klade jej s\u00favislost\u00ed pripisuje osobit\u00fd v\u00fdznam.<\/p><p>Vo v\u00fdchodo\u00e1zijskom farebnom poriadku m\u00e1 vysok\u00fd v\u00fdznam aj \u017elt\u00e1, preto\u017ee v \u010c\u00edne bola dlho vyhraden\u00e1 vl\u00e1dnucej sf\u00e9re. V ritu\u00e1lnych s\u00favislostiach sa objavuj\u00fa \u017elt\u00e9 papiere a \u017elt\u00e9 p\u00edsan\u00e9 p\u00e1sy, ktor\u00fdm sa pripisoval ochrann\u00fd v\u00fdklad. Farebn\u00fd poriadok bol tak \u00fazko spojen\u00fd so spolo\u010densk\u00fdmi a kozmologick\u00fdmi predstavami.<\/p>\t\t\t\t\t\t\t\t<\/div>\n\t\t\t\t<\/div>\n\t\t\t\t\t<\/div>\n\t\t\t\t<\/div>\n\t\t<div class=\"elementor-element elementor-element-iwgs-schutzfarben-s6 e-flex e-con-boxed e-con e-parent\" data-id=\"iwgs-schutzfarben-s6\" data-element_type=\"container\" data-e-type=\"container\">\n\t\t\t\t\t<div class=\"e-con-inner\">\n\t\t\t\t<div class=\"elementor-element elementor-element-iwgs-schutzfarben-s6h elementor-widget elementor-widget-heading\" data-id=\"iwgs-schutzfarben-s6h\" data-element_type=\"widget\" data-e-type=\"widget\" data-widget_type=\"heading.default\">\n\t\t\t\t\t<h2 class=\"elementor-heading-title elementor-size-default\">Pou\u017eitie v ritu\u00e1li a v be\u017enom \u017eivote<\/h2>\t\t\t\t<\/div>\n\t\t<div class=\"elementor-element elementor-element-iwgs-schutzfarben-s6box e-con-full e-flex e-con e-parent\" data-id=\"iwgs-schutzfarben-s6box\" data-element_type=\"container\" data-e-type=\"container\">\n\t\t\t\t<div class=\"elementor-element elementor-element-iwgs-schutzfarben-s6t elementor-widget elementor-widget-text-editor\" data-id=\"iwgs-schutzfarben-s6t\" data-element_type=\"widget\" data-e-type=\"widget\" data-widget_type=\"text-editor.default\">\n\t\t\t\t\t\t\t\t\t<p>Ochrann\u00e9 farby sa v be\u017enom \u017eivote pou\u017e\u00edvali v\u00e4\u010d\u0161inou prostredn\u00edctvom predmetov. Farebn\u00e1 stuha, farebn\u00e1 kor\u00e1lka alebo farebn\u00fd kus l\u00e1tky nosili dan\u00fa farbu, a t\u00fdm aj jej pripisovan\u00fd v\u00fdznam.<\/p><p>Zvyky viazan\u00e9 na farby boli \u010dasto spojen\u00e9 so \u017eivotn\u00fdmi udalos\u0165ami. Pri naroden\u00ed, svadbe a v detstve sa nasadzovali farebn\u00e9 stuhy a kor\u00e1lky, preto\u017ee tieto \u017eivotn\u00e9 f\u00e1zy sa pova\u017eovali za obzvl\u00e1\u0161\u0165 zranite\u013en\u00e9.<\/p><p>Ochrann\u00e1 farba sa \u010dasto nosila na tele. \u010cerven\u00e1 stuha na z\u00e1p\u00e4st\u00ed alebo modr\u00e1 kor\u00e1lka na krku sprev\u00e1dzala nosite\u013ea na r\u00f4znych miestach a mala ho sprev\u00e1dza\u0165 trvalo.<\/p><p>Na budov\u00e1ch sa ochrann\u00e9 farby objavuj\u00fa vo forme farebn\u00fdch n\u00e1terov, farebn\u00fdch dver\u00ed a farebn\u00fdch prvkov na okn\u00e1ch. V niektor\u00fdch regi\u00f3noch sa modro natret\u00e9 dvere a okenn\u00e9 r\u00e1my sp\u00e1jaj\u00fa s ochrann\u00fdm v\u00fdkladom.<\/p><p>Niektor\u00e9 zvyky sp\u00e1jali nasadenie ochrannej farby s vysloven\u00fdmi slovami alebo s konkr\u00e9tnym okamihom. Farba bola potom s\u00fa\u010das\u0165ou \u0161ir\u0161ieho \u00fakonu.<\/p><p>Jednotn\u00fd ritu\u00e1lny poriadok pre ochrann\u00e9 farby neexistuje. Ktor\u00e1 farba sa kedy a ako pou\u017e\u00edvala, z\u00e1viselo od regi\u00f3nu a trad\u00edcie, \u010do etnografick\u00fd v\u00fdskum viackr\u00e1t zdokumentoval.<\/p><p>Aj pri samotnom farben\u00ed hrali \u00falohu ur\u010dit\u00e9 predstavy. V niektor\u00fdch podaniach sa za d\u00f4le\u017eit\u00fd pova\u017eoval \u010das farbenia alebo p\u00f4vod farbiva. Tieto pravidl\u00e1 ukazuj\u00fa, \u017ee do <span class=\"iwg-fachbegriff\" data-tooltip=\"Tradovan\u00e1 \u010dinnos\u0165, ktor\u00e1 sa v spolo\u010denstve pravidelne opakuje.\" tabindex=\"0\">zvyku<\/span> mohla by\u0165 zapojen\u00e1 nielen hotov\u00e1 farba, ale aj jej z\u00edskavanie.<\/p>\t\t\t\t\t\t\t\t<\/div>\n\t\t\t\t<\/div>\n\t\t\t\t\t<\/div>\n\t\t\t\t<\/div>\n\t\t<div class=\"elementor-element elementor-element-iwgs-schutzfarben-s7 e-flex e-con-boxed e-con e-parent\" data-id=\"iwgs-schutzfarben-s7\" data-element_type=\"container\" data-e-type=\"container\">\n\t\t\t\t\t<div class=\"e-con-inner\">\n\t\t\t\t<div class=\"elementor-element elementor-element-iwgs-schutzfarben-s7h elementor-widget elementor-widget-heading\" data-id=\"iwgs-schutzfarben-s7h\" data-element_type=\"widget\" data-e-type=\"widget\" data-widget_type=\"heading.default\">\n\t\t\t\t\t<h2 class=\"elementor-heading-title elementor-size-default\">Pr\u00edbuzn\u00e9 formy ochrany a vymedzenie<\/h2>\t\t\t\t<\/div>\n\t\t<div class=\"elementor-element elementor-element-iwgs-schutzfarben-s7box e-con-full e-flex e-con e-parent\" data-id=\"iwgs-schutzfarben-s7box\" data-element_type=\"container\" data-e-type=\"container\">\n\t\t\t\t<div class=\"elementor-element elementor-element-iwgs-schutzfarben-s7t elementor-widget elementor-widget-text-editor\" data-id=\"iwgs-schutzfarben-s7t\" data-element_type=\"widget\" data-e-type=\"widget\" data-widget_type=\"text-editor.default\">\n\t\t\t\t\t\t\t\t\t<p>Ochrann\u00e1 farba je v \u00fazkom spojen\u00ed s obrazov\u00fdmi amuletmi. Mnoh\u00e9 <a href=\"https:\/\/iwell-guard.com\/sk\/?page_id=158126\">amulety a talizmany<\/a> nes\u00fa ur\u010dit\u00fa farbu, ktor\u00e1 patr\u00ed k ich pripisovan\u00e9mu v\u00fdznamu. Farba a <span class=\"iwg-fachbegriff\" data-tooltip=\"Opakuj\u00faci sa obsahov\u00fd prvok v umen\u00ed alebo rozpr\u00e1van\u00ed.\" tabindex=\"0\">mot\u00edv<\/span> potom \u00fa\u010dinkuj\u00fa spolo\u010dne.<\/p><p>S ochrannou farbou je tesne spojen\u00fd aj modr\u00fd kor\u00e1lik s okom. Pri nazar boncu\u011fu s\u00fa modr\u00e1 farba a mot\u00edv oka neoddelite\u013en\u00e9. Kor\u00e1lik ukazuje, ako sa farba a obraz m\u00f4\u017eu spoji\u0165 do jedn\u00e9ho ochrann\u00e9ho znaku.<\/p><p>Ochrann\u00e1 farba sa odli\u0161uje od apotropajnej l\u00e1tky. Pri soli a \u017eeleze patr\u00ed v\u00fdznam samotn\u00e9mu materi\u00e1lu. Pri ochrannej farbe patr\u00ed v\u00fdznam farbe, ktor\u00e1 m\u00f4\u017ee by\u0165 nanesen\u00e1 na ve\u013emi r\u00f4zne materi\u00e1ly.<\/p><p>Existuje hranica vo\u010di \u010disto dekorat\u00edvnemu farebn\u00e9mu ladeniu. Farebn\u00fd odev alebo farebn\u00fd n\u00e1tor nemus\u00ed nevyhnutne nosi\u0165 ochrann\u00fd v\u00fdznam. Rozhoduj\u00face je, \u010di sa farbe pripisuje odh\u00e1\u0148aj\u00faca funkcia.<\/p><p>Ochrann\u00fa farbu treba \u010falej odl\u00ed\u0161i\u0165 od farby ako \u010disto stavovsk\u00e9ho alebo sm\u00fato\u010dn\u00e9ho znaku. \u010cierna ako farba sm\u00fatku sa spo\u010diatku riadi spolo\u010denskou konvenciou, nie odh\u00e1\u0148aj\u00facim v\u00fdkladom.<\/p><p>Zaradenie do tohto susedstva pom\u00e1ha presne ur\u010di\u0165 ochrann\u00fa farbu. Je to vlastnos\u0165, ktor\u00e1 m\u00f4\u017ee z predmetov urobi\u0165 ochrann\u00e9 znaky, a odli\u0161uje sa od l\u00e1tky, <span class=\"iwg-fachbegriff\" data-tooltip=\"Opakuj\u00faci sa obsahov\u00fd prvok v umen\u00ed alebo rozpr\u00e1van\u00ed.\" tabindex=\"0\">mot\u00edvu<\/span> a \u010distej ozdoby.<\/p><p>V r\u00e1mci ochrann\u00fdch farieb existuje aj spojenie s formou, v akej sa farba nos\u00ed. Stu\u017eka, \u0161n\u00fara a kor\u00e1lik s\u00fa samy nosite\u013emi v\u00fdznamu. Pri ochrannej farbe p\u00f4sobia farba a zvolen\u00e1 forma spolo\u010dne a nie v\u017edy sa daj\u00fa od seba jasne oddeli\u0165.<\/p>\t\t\t\t\t\t\t\t<\/div>\n\t\t\t\t<\/div>\n\t\t\t\t\t<\/div>\n\t\t\t\t<\/div>\n\t\t<div class=\"elementor-element elementor-element-iwgs-schutzfarben-s8 e-flex e-con-boxed e-con e-parent\" data-id=\"iwgs-schutzfarben-s8\" data-element_type=\"container\" data-e-type=\"container\">\n\t\t\t\t\t<div class=\"e-con-inner\">\n\t\t\t\t<div class=\"elementor-element elementor-element-iwgs-schutzfarben-s8h elementor-widget elementor-widget-heading\" data-id=\"iwgs-schutzfarben-s8h\" data-element_type=\"widget\" data-e-type=\"widget\" data-widget_type=\"heading.default\">\n\t\t\t\t\t<h2 class=\"elementor-heading-title elementor-size-default\">S\u00fa\u010dasn\u00e1 recepcia ochrann\u00fdch farieb<\/h2>\t\t\t\t<\/div>\n\t\t<div class=\"elementor-element elementor-element-iwgs-schutzfarben-s8box e-con-full e-flex e-con e-parent\" data-id=\"iwgs-schutzfarben-s8box\" data-element_type=\"container\" data-e-type=\"container\">\n\t\t\t\t<div class=\"elementor-element elementor-element-iwgs-schutzfarben-s8t elementor-widget elementor-widget-text-editor\" data-id=\"iwgs-schutzfarben-s8t\" data-element_type=\"widget\" data-e-type=\"widget\" data-widget_type=\"text-editor.default\">\n\t\t\t\t\t\t\t\t\t<p>Niektor\u00e9 zvyky spojen\u00e9 s farbami s\u00fa \u017eiv\u00e9 a\u017e do s\u00fa\u010dasnosti. Modr\u00fd kor\u00e1lik s okom je roz\u0161\u00edren\u00fd v Stredomor\u00ed a aj za jeho hranicami. \u010cerven\u00e9 stu\u017eky sa v mnoh\u00fdch kult\u00farach de\u0165om st\u00e1le via\u017eu.<\/p><p>V modernej <span class=\"iwg-fachbegriff\" data-tooltip=\"S\u00faborn\u00fd pojem pre u\u010denia, ktor\u00e9 si n\u00e1rokuj\u00fa skryt\u00e9 poznanie pr\u00edstupn\u00e9 iba zasv\u00e4ten\u00fdm.\" tabindex=\"0\">ezoterike<\/span> sa farby \u010dasto sp\u00e1jaj\u00fa s vlastnos\u0165ami a \u00fa\u010dinkami. Existuje mnoho farebn\u00fdch u\u010den\u00ed, ktor\u00e9 pripisuj\u00fa jednotliv\u00fdm farb\u00e1m ur\u010dit\u00e9 sily. Tak\u00e9to tvrdenia nie s\u00fa dolo\u017een\u00e9.<\/p><p>K t\u00fdmto s\u00fa\u010dasn\u00fdm farebn\u00fdm u\u010deniam treba pristupova\u0165 kriticky. Farby treba ch\u00e1pa\u0165 ako kult\u00farne symboly s dlhou dejinou v\u00fdznamu, nie ako nosite\u013eov overite\u013en\u00fdch \u00fa\u010dinkov.<\/p><p>V reklame a v dizajne sa vyu\u017e\u00edvaj\u00fa \u00fa\u010dinky farieb, av\u0161ak v zmysle vn\u00edmania a n\u00e1lady. Tento psychologicky pop\u00edsan\u00fd \u00fa\u010dinok treba odli\u0161ova\u0165 od magick\u00e9ho ochrann\u00e9ho v\u00fdkladu.<\/p><p>Pre <span class=\"iwg-fachbegriff\" data-tooltip=\"Veda, ktor\u00e1 sk\u00fama n\u00e1bo\u017eenstv\u00e1 porovn\u00e1vac\u00edm sp\u00f4sobom a bez v\u00e4zby na vieru.\" tabindex=\"0\">religionistiku<\/span> s\u00fa ochrann\u00e9 farby n\u00e1u\u010dn\u00fdm pr\u00edkladom. Ukazuj\u00fa, ako sa vidite\u013en\u00e9 vlastnosti sveta, farby neba, krvi a noci, mohli sta\u0165 z\u00e1kladom odh\u00e1\u0148aj\u00facich v\u00fdkladov.<\/p><p>Kto sa dnes zaober\u00e1 ochrann\u00fdmi farbami, n\u00e1jde v tom predov\u0161etk\u00fdm kult\u00farnohistorick\u00fa t\u00e9mu. Vecn\u00fd pr\u00edstup odde\u013euje dolo\u017een\u00fa hist\u00f3riu zvykov od modern\u00fdch pr\u00eds\u013eubov \u00fa\u010dinku, ktor\u00e9 neobstoja pri overen\u00ed.<\/p><p>Aj jazykoveda sa zaoberala pomenovaniami farieb a uk\u00e1zala, \u017ee kult\u00fary svoje farby delia r\u00f4zne. Ktor\u00e9 odtiene sa po\u010d\u00edtaj\u00fa za jednu farbu a ak\u00fd v\u00fdznam nes\u00fa, je kult\u00farne podmienen\u00e9. Toto zistenie podporuje pozorovanie, \u017ee v\u00fdber ochrannej farby sa l\u00ed\u0161i od regi\u00f3nu k regi\u00f3nu.<\/p>\t\t\t\t\t\t\t\t<\/div>\n\t\t\t\t<\/div>\n\t\t\t\t\t<\/div>\n\t\t\t\t<\/div>\n\t\t<div class=\"elementor-element elementor-element-iwgs-schutzfarben-lit e-flex e-con-boxed e-con e-parent\" data-id=\"iwgs-schutzfarben-lit\" data-element_type=\"container\" data-e-type=\"container\">\n\t\t\t\t\t<div class=\"e-con-inner\">\n\t\t\t\t<div class=\"elementor-element elementor-element-iwgs-schutzfarben-lith elementor-widget elementor-widget-heading\" data-id=\"iwgs-schutzfarben-lith\" data-element_type=\"widget\" data-e-type=\"widget\" data-widget_type=\"heading.default\">\n\t\t\t\t\t<h2 class=\"elementor-heading-title elementor-size-default\">Literat\u00fara (v\u00fdber)<\/h2>\t\t\t\t<\/div>\n\t\t<div class=\"elementor-element elementor-element-iwgs-schutzfarben-litbox e-con-full e-flex e-con e-parent\" data-id=\"iwgs-schutzfarben-litbox\" data-element_type=\"container\" data-e-type=\"container\">\n\t\t\t\t<div class=\"elementor-element elementor-element-iwgs-schutzfarben-litt elementor-widget elementor-widget-html\" data-id=\"iwgs-schutzfarben-litt\" data-element_type=\"widget\" data-e-type=\"widget\" data-widget_type=\"html.default\">\n\t\t\t\t\t<footer data-nosnippet=\"true\"><ul><li>Michel Pastoureau: <em>Blau. Die Geschichte einer Farbe<\/em> (2000)<\/li><li>Michel Pastoureau: <em>Schwarz. Geschichte einer Farbe<\/em> (2008)<\/li><li>Liselotte Hansmann, Lenz Kriss-Rettenbeck: <em>Amulett und Talisman. Erscheinungsform und Geschichte<\/em> (1966)<\/li><li>Hanns B\u00e4chtold-St\u00e4ubli (Hrsg.): <em>Handw\u00f6rterbuch des deutschen Aberglaubens<\/em> (1927-1942)<\/li><li>Wolfram Eberhard: <em>Lexikon chinesischer Symbole<\/em> (1983)<\/li><\/ul><\/footer>\t\t\t\t<\/div>\n\t\t\t\t<\/div>\n\t\t\t\t\t<\/div>\n\t\t\t\t<\/div>\n\t\t<div class=\"elementor-element elementor-element-iwgs-schutzfarben-kwd e-flex e-con-boxed e-con e-parent\" data-id=\"iwgs-schutzfarben-kwd\" data-element_type=\"container\" data-e-type=\"container\">\n\t\t\t\t\t<div class=\"e-con-inner\">\n\t\t\t\t<div class=\"elementor-element elementor-element-iwgs-schutzfarben-kwdt elementor-widget elementor-widget-text-editor\" data-id=\"iwgs-schutzfarben-kwdt\" data-element_type=\"widget\" data-e-type=\"widget\" data-widget_type=\"text-editor.default\">\n\t\t\t\t\t\t\t\t\t<p><em>S\u00favisiace k\u013e\u00fa\u010dov\u00e9 pojmy: ochrann\u00e9 farby symbolika farieb modr\u00e1 \u010derven\u00e1 \u010dierna \u010derven\u00e1 stu\u017eka modr\u00fd kor\u00e1lik farba obrana <span class=\"iwg-fachbegriff\" data-tooltip=\"Odh\u00e1\u0148aj\u00faci ne\u0161\u0165astie: o znakoch a predmetoch, ktor\u00e9 maj\u00fa odh\u00e1\u0148a\u0165 \u0161kodliv\u00e9 vplyvy.\" tabindex=\"0\">apotropajn\u00fd<\/span>.<\/em><\/p>\t\t\t\t\t\t\t\t<\/div>\n\t\t\t\t\t<\/div>\n\t\t\t\t<\/div>\n\t\t<div class=\"elementor-element elementor-element-iwgs-schutzfarben-cc e-flex e-con-boxed e-con e-parent\" data-id=\"iwgs-schutzfarben-cc\" data-element_type=\"container\" data-e-type=\"container\" id=\"iwg-cc-schutzfarben\">\n\t\t\t\t\t<div class=\"e-con-inner\">\n\t\t<div class=\"elementor-element elementor-element-iwgs-schutzfarben-ccinner e-flex e-con-boxed e-con e-parent\" data-id=\"iwgs-schutzfarben-ccinner\" data-element_type=\"container\" data-e-type=\"container\" data-settings=\"{&quot;background_background&quot;:&quot;classic&quot;}\">\n\t\t\t\t\t<div class=\"e-con-inner\">\n\t\t\t\t<div class=\"elementor-element elementor-element-iwgs-schutzfarben-cch elementor-widget elementor-widget-heading\" data-id=\"iwgs-schutzfarben-cch\" data-element_type=\"widget\" data-e-type=\"widget\" data-widget_type=\"heading.default\">\n\t\t\t\t\t<h2 class=\"elementor-heading-title elementor-size-default\">iWell Guard a ochrann\u00e9 trad\u00edcie<\/h2>\t\t\t\t<\/div>\n\t\t\t\t<div class=\"elementor-element elementor-element-iwgs-schutzfarben-cct elementor-widget elementor-widget-text-editor\" data-id=\"iwgs-schutzfarben-cct\" data-element_type=\"widget\" data-e-type=\"widget\" data-widget_type=\"text-editor.default\">\n\t\t\t\t\t\t\t\t\t<p>iWell Guard nadv\u00e4zuje na kult\u00farnohistorick\u00fa trad\u00edciu nosite\u013en\u00fdch ochrann\u00fdch predmetov, do ktorej patr\u00ed aj ochrann\u00e1 farba. Modern\u00fd spolo\u010dn\u00edk pre \u013eud\u00ed, ktor\u00ed \u017eij\u00fa s ochrann\u00fdmi symbolmi: vyroben\u00fd v Nemecku, 41 vrstiev z prav\u00e9ho zlata, platiny a striebra, s 30-d\u0148ovou lehotou na vr\u00e1tenie.<\/p>\t\t\t\t\t\t\t\t<\/div>\n\t\t\t\t<div class=\"elementor-element elementor-element-iwgs-schutzfarben-ccb iwg-cc-button iwg-cc-cta-2026-05-13 elementor-widget elementor-widget-jet-button\" data-id=\"iwgs-schutzfarben-ccb\" data-element_type=\"widget\" data-e-type=\"widget\" data-widget_type=\"jet-button.default\">\n\t\t\t\t<div class=\"elementor-widget-container\">\n\t\t\t\t\t<div class=\"elementor-jet-button jet-elements\"><div class=\"jet-button__container\"><a class=\"jet-button__instance jet-button__instance--icon-left hover-effect-1\" href=\"\/schutzanhaenger-iwell-guard-kaufen\/?utm_source=iwell-guard.com&amp;utm_medium=info-box&amp;utm_campaign=schutzsymbole\"><div class=\"jet-button__plane jet-button__plane-normal\"><\/div><div class=\"jet-button__plane jet-button__plane-hover\"><\/div><div class=\"jet-button__state jet-button__state-normal\"><span class=\"jet-button__label\">Viac o iWell Guard<\/span><\/div><div class=\"jet-button__state jet-button__state-hover\"><span class=\"jet-button__label\">Viac o iWell Guard<\/span><\/div><\/a><\/div><\/div><style>.elementor-element.elementor-element-iwgs-schutzfarben-ccb .jet-button__instance{width:320px;height:56px;}.elementor-element.elementor-element-iwgs-schutzfarben-ccb .jet-button__state-normal .jet-button__label{text-align:center;margin:0px 0px 0px 0px;color:#1a1b20;font-family:Montserrat,sans-serif;font-size:13px;font-weight:400;letter-spacing:4px;line-height:1.714em;text-transform:uppercase;}.elementor-element.elementor-element-iwgs-schutzfarben-ccb .jet-button__state-hover .jet-button__label{text-align:center;margin:0px 0px 0px 0px;color:#FECC76;font-family:Montserrat,sans-serif;font-size:13px;font-weight:400;letter-spacing:4px;line-height:1.714em;text-transform:uppercase;}.elementor-element.elementor-element-iwgs-schutzfarben-ccb .jet-button__plane-normal{background-color:#FECC76;border-style:solid;border-color:#C99540;border-width:2px 2px 2px 2px;}.elementor-element.elementor-element-iwgs-schutzfarben-ccb .jet-button__plane-hover{background-color:rgba(0,0,0,0.55);border-style:solid;border-color:#FECC76;border-width:2px 2px 2px 2px;}<\/style>\t\t\t\t<\/div>\n\t\t\t\t<\/div>\n\t\t\t\t<div class=\"elementor-element elementor-element-iwgs-schutzfarben-ccd elementor-widget elementor-widget-text-editor\" data-id=\"iwgs-schutzfarben-ccd\" data-element_type=\"widget\" data-e-type=\"widget\" data-widget_type=\"text-editor.default\">\n\t\t\t\t\t\t\t\t\t<p style=\"text-align:center;font-size:13px;opacity:0.7;margin-top:14px\" data-nosnippet=\"true\">Osobn\u00e9 sk\u00fasenosti sa m\u00f4\u017eu l\u00ed\u0161i\u0165. Nejde o zdravotn\u00edcku pom\u00f4cku. Nejde o pr\u00eds\u013eub lie\u010denia.<\/p>\t\t\t\t\t\t\t\t<\/div>\n\t\t\t\t\t<\/div>\n\t\t\t\t<\/div>\n\t\t\t\t\t<\/div>\n\t\t\t\t<\/div>\n\t\t<div class=\"elementor-element elementor-element-iwgs-schutzfarben-disc e-flex e-con-boxed e-con e-parent\" data-id=\"iwgs-schutzfarben-disc\" data-element_type=\"container\" data-e-type=\"container\">\n\t\t\t\t\t<div class=\"e-con-inner\">\n\t\t\t\t<div class=\"elementor-element elementor-element-iwgs-schutzfarben-discw elementor-widget elementor-widget-html\" data-id=\"iwgs-schutzfarben-discw\" data-element_type=\"widget\" data-e-type=\"widget\" data-widget_type=\"html.default\">\n\t\t\t\t\t<footer data-nosnippet=\"true\" class=\"iwg-disclaimer-block\"><p data-nosnippet=\"true\">iWell Guard <strong>nie je zdravotn\u00edcka pom\u00f4cka<\/strong> a nenahr\u00e1dza lek\u00e1rske ani psychoterapeutick\u00e9 lie\u010denie. Tu uveden\u00fd obsah predstavuje religionistick\u00e9 a kult\u00farno-historick\u00e9 zaradenie, nie pr\u00eds\u013eub duchovn\u00e9ho \u00fa\u010dinku.<\/p><\/footer>\t\t\t\t<\/div>\n\t\t\t\t\t<\/div>\n\t\t\t\t<\/div>\n\t\t\t\t<\/div>\n\t\t","protected":false},"excerpt":{"rendered":"","protected":false},"author":3,"featured_media":3582,"parent":0,"menu_order":0,"comment_status":"closed","ping_status":"closed","template":"elementor_header_footer","meta":{"_yoast_wpseo_focuskw":"Ochrann\u00e9 farby","_yoast_wpseo_title":"Ochrann\u00e9 farby: modr\u00e1, \u010derven\u00e1 a \u010dierna","_yoast_wpseo_metadesc":"Ochrann\u00e9 farby s obrann\u00fdm v\u00fdznamom: pre\u010do sa modr\u00e1, \u010derven\u00e1 a \u010dierna pova\u017euj\u00fa za ochrann\u00e9 farby, s pr\u00edkladmi z antiky, \u013eudovej magie a \u00c1zie.","_yoast_wpseo_meta-robots-noindex":"","_yoast_wpseo_canonical":"","_angie_page":false,"gefaehrdungsstufe":"","wesen_kultur":"","wesen_klasse":"","footnotes":""},"categories":[],"class_list":["post-158244","page","type-page","status-publish","has-post-thumbnail","hentry"],"yoast_head":"<!-- This site is optimized with the Yoast SEO Premium plugin v27.7 (Yoast SEO v28.3) - https:\/\/yoast.com\/product\/yoast-seo-premium-wordpress\/ -->\n<title>Ochrann\u00e9 farby: modr\u00e1, \u010derven\u00e1 a \u010dierna<\/title>\n<meta name=\"description\" content=\"Ochrann\u00e9 farby s obrann\u00fdm v\u00fdznamom: pre\u010do sa modr\u00e1, \u010derven\u00e1 a \u010dierna pova\u017euj\u00fa za ochrann\u00e9 farby, s pr\u00edkladmi z antiky, \u013eudovej magie a \u00c1zie.\" \/>\n<meta name=\"robots\" content=\"index, follow, max-snippet:-1, max-image-preview:large, max-video-preview:-1\" \/>\n<link rel=\"canonical\" href=\"https:\/\/iwell-guard.com\/sk\/ochranne-farby-modra-cervena-cierna\/\" \/>\n<meta property=\"og:locale\" content=\"sk_SK\" \/>\n<meta property=\"og:type\" content=\"article\" \/>\n<meta property=\"og:title\" content=\"Ochrann\u00e9 farby \u2013 modr\u00e1, \u010derven\u00e1 a \u010dierna ako ochrana\" \/>\n<meta property=\"og:description\" content=\"Ochrann\u00e9 farby s obrann\u00fdm v\u00fdznamom: pre\u010do sa modr\u00e1, \u010derven\u00e1 a \u010dierna pova\u017euj\u00fa za ochrann\u00e9 farby, s pr\u00edkladmi z antiky, \u013eudovej magie a \u00c1zie.\" \/>\n<meta property=\"og:url\" content=\"https:\/\/iwell-guard.com\/sk\/ochranne-farby-modra-cervena-cierna\/\" \/>\n<meta property=\"og:site_name\" content=\"iWell Guard\" \/>\n<meta property=\"article:modified_time\" content=\"2026-09-04T22:55:28+00:00\" \/>\n<meta property=\"og:image\" content=\"https:\/\/iwell-guard.com\/wp-content\/uploads\/2026\/05\/schutzsymbol_universell_schutzfarben.webp\" \/>\n\t<meta property=\"og:image:width\" content=\"1024\" \/>\n\t<meta property=\"og:image:height\" content=\"1536\" \/>\n\t<meta property=\"og:image:type\" content=\"image\/webp\" \/>\n<meta name=\"twitter:card\" content=\"summary_large_image\" \/>\n<script type=\"application\/ld+json\" class=\"yoast-schema-graph\">{\"@context\":\"https:\\\/\\\/schema.org\",\"@graph\":[{\"@type\":\"WebPage\",\"@id\":\"https:\\\/\\\/iwell-guard.com\\\/sk\\\/ochranne-farby-modra-cervena-cierna\\\/\",\"url\":\"https:\\\/\\\/iwell-guard.com\\\/sk\\\/ochranne-farby-modra-cervena-cierna\\\/\",\"name\":\"Ochrann\u00e9 farby: modr\u00e1, \u010derven\u00e1 a \u010dierna\",\"isPartOf\":{\"@id\":\"https:\\\/\\\/iwell-guard.com\\\/sk\\\/#website\"},\"primaryImageOfPage\":{\"@id\":\"https:\\\/\\\/iwell-guard.com\\\/sk\\\/ochranne-farby-modra-cervena-cierna\\\/#primaryimage\"},\"image\":{\"@id\":\"https:\\\/\\\/iwell-guard.com\\\/sk\\\/ochranne-farby-modra-cervena-cierna\\\/#primaryimage\"},\"thumbnailUrl\":\"https:\\\/\\\/iwell-guard.com\\\/wp-content\\\/uploads\\\/2026\\\/05\\\/schutzsymbol_universell_schutzfarben.webp\",\"datePublished\":\"2026-09-04T22:24:13+00:00\",\"dateModified\":\"2026-09-04T22:55:28+00:00\",\"description\":\"Ochrann\u00e9 farby s obrann\u00fdm v\u00fdznamom: pre\u010do sa modr\u00e1, \u010derven\u00e1 a \u010dierna pova\u017euj\u00fa za ochrann\u00e9 farby, s pr\u00edkladmi z antiky, \u013eudovej magie a \u00c1zie.\",\"breadcrumb\":{\"@id\":\"https:\\\/\\\/iwell-guard.com\\\/sk\\\/ochranne-farby-modra-cervena-cierna\\\/#breadcrumb\"},\"inLanguage\":\"sk-SK\",\"potentialAction\":[{\"@type\":\"ReadAction\",\"target\":[\"https:\\\/\\\/iwell-guard.com\\\/sk\\\/ochranne-farby-modra-cervena-cierna\\\/\"]}]},{\"@type\":\"ImageObject\",\"inLanguage\":\"sk-SK\",\"@id\":\"https:\\\/\\\/iwell-guard.com\\\/sk\\\/ochranne-farby-modra-cervena-cierna\\\/#primaryimage\",\"url\":\"https:\\\/\\\/iwell-guard.com\\\/wp-content\\\/uploads\\\/2026\\\/05\\\/schutzsymbol_universell_schutzfarben.webp\",\"contentUrl\":\"https:\\\/\\\/iwell-guard.com\\\/wp-content\\\/uploads\\\/2026\\\/05\\\/schutzsymbol_universell_schutzfarben.webp\",\"width\":1024,\"height\":1536,\"caption\":\"Ochrann\u00fd symbol. Muze\u00e1lna ilustr\u00e1cia z\u00e1ti\u0161ia.\"},{\"@type\":\"BreadcrumbList\",\"@id\":\"https:\\\/\\\/iwell-guard.com\\\/sk\\\/ochranne-farby-modra-cervena-cierna\\\/#breadcrumb\",\"itemListElement\":[{\"@type\":\"ListItem\",\"position\":1,\"name\":\"Start\",\"item\":\"https:\\\/\\\/iwell-guard.com\\\/sk\\\/?page_id=157572\"},{\"@type\":\"ListItem\",\"position\":2,\"name\":\"Ochrann\u00e9 farby \u2013 modr\u00e1, \u010derven\u00e1 a \u010dierna ako ochrana\"}]},{\"@type\":\"WebSite\",\"@id\":\"https:\\\/\\\/iwell-guard.com\\\/sk\\\/#website\",\"url\":\"https:\\\/\\\/iwell-guard.com\\\/sk\\\/\",\"name\":\"iWell Guard\",\"description\":\"Schutz vor dunklen Einfl\u00fcssen\",\"publisher\":{\"@id\":\"https:\\\/\\\/iwell-guard.com\\\/sk\\\/#organization\"},\"potentialAction\":[{\"@type\":\"SearchAction\",\"target\":{\"@type\":\"EntryPoint\",\"urlTemplate\":\"https:\\\/\\\/iwell-guard.com\\\/sk\\\/?s={search_term_string}\"},\"query-input\":{\"@type\":\"PropertyValueSpecification\",\"valueRequired\":true,\"valueName\":\"search_term_string\"}}],\"inLanguage\":\"sk-SK\"},{\"@type\":\"Organization\",\"@id\":\"https:\\\/\\\/iwell-guard.com\\\/sk\\\/#organization\",\"name\":\"Ittermann electronic GmbH\",\"url\":\"https:\\\/\\\/iwell-guard.com\\\/sk\\\/\",\"logo\":{\"@type\":\"ImageObject\",\"inLanguage\":\"sk-SK\",\"@id\":\"https:\\\/\\\/iwell-guard.com\\\/sk\\\/#\\\/schema\\\/logo\\\/image\\\/\",\"url\":\"https:\\\/\\\/iwell-guard.com\\\/wp-content\\\/uploads\\\/2026\\\/05\\\/Ittermann-Logo-1182x237-1.png\",\"contentUrl\":\"https:\\\/\\\/iwell-guard.com\\\/wp-content\\\/uploads\\\/2026\\\/05\\\/Ittermann-Logo-1182x237-1.png\",\"width\":1182,\"height\":237,\"caption\":\"Ittermann electronic GmbH\"},\"image\":{\"@id\":\"https:\\\/\\\/iwell-guard.com\\\/sk\\\/#\\\/schema\\\/logo\\\/image\\\/\"},\"sameAs\":[\"https:\\\/\\\/pantip.com\\\/profile\\\/9367242\",\"https:\\\/\\\/micro.blog\\\/iwellguard\",\"https:\\\/\\\/www.diggerslist.com\\\/iwellguard\\\/about\",\"https:\\\/\\\/skitterphoto.com\\\/photographers\\\/2870314\\\/iwell-guard\",\"https:\\\/\\\/iwellguard.wordpress.com\\\/2026\\\/06\\\/06\\\/iwell-guard\\\/\",\"https:\\\/\\\/hub.docker.com\\\/u\\\/iwellguard\",\"https:\\\/\\\/www.pinterest.com\\\/iwellguard\\\/\",\"https:\\\/\\\/bit.ly\\\/m\\\/iwellguard\",\"https:\\\/\\\/entre-vos-mains.alsace.eu\\\/profiles\\\/iwellguard\\\/activity\",\"https:\\\/\\\/gravatar.com\\\/reallybeded8fd34\",\"https:\\\/\\\/naijamatta.com\\\/iwellguard\",\"https:\\\/\\\/www.goodreads.com\\\/iwellguard\",\"https:\\\/\\\/profile.hatena.ne.jp\\\/iwellguard\\\/\",\"https:\\\/\\\/experiment.com\\\/users\\\/iwellguard\",\"https:\\\/\\\/wakelet.com\\\/@iWellGuard82270\",\"https:\\\/\\\/www.chordie.com\\\/forum\\\/profile.php?id=2555664\",\"https:\\\/\\\/www.instapaper.com\\\/p\\\/17757966\",\"https:\\\/\\\/www.mapleprimes.com\\\/users\\\/iwellguard\",\"https:\\\/\\\/businesslistingplus.com\\\/profile\\\/iwell-guard\\\/\",\"https:\\\/\\\/telegra.ph\\\/iWell-Guard-06-06\",\"https:\\\/\\\/pbase.com\\\/iwellguard\\\/iwellguard\",\"https:\\\/\\\/b.hatena.ne.jp\\\/iwellguard\\\/20260607#bookmark-4788405196491818882\",\"https:\\\/\\\/fliphtml5.com\\\/home\\\/iwellguard\",\"https:\\\/\\\/anyflip.com\\\/homepage\\\/cmiwl#About\",\"https:\\\/\\\/transfur.com\\\/Users\\\/iwellguard\",\"http:\\\/\\\/delphi.larsbo.org\\\/user\\\/iwellguard\",\"https:\\\/\\\/jobs.lajobsportal.org\\\/profiles\\\/8380803-iwell-guard\",\"https:\\\/\\\/md.chaosdorf.de\\\/s\\\/jfbe5SBdJD\",\"https:\\\/\\\/www.lingvolive.com\\\/en-us\\\/profile\\\/9ecaeaca-ce11-4e51-9e71-01d55e2bff36\\\/translations\",\"https:\\\/\\\/www.fitday.com\\\/fitness\\\/forums\\\/members\\\/iwellguard.html\",\"https:\\\/\\\/www.mymeetbook.com\\\/iwellguard\",\"https:\\\/\\\/pxhere.com\\\/en\\\/photographer-me\\\/5040798\",\"https:\\\/\\\/disqus.com\\\/by\\\/iwellguard\\\/about\\\/\",\"https:\\\/\\\/pastelink.net\\\/hjwciqwq\",\"https:\\\/\\\/pubhtml5.com\\\/homepage\\\/scjhn\\\/\",\"https:\\\/\\\/www.bitchute.com\\\/channel\\\/2O2eOKzNqujT\",\"https:\\\/\\\/audiomack.com\\\/iwellguard\"]}]}<\/script>\n<!-- \/ Yoast SEO Premium plugin. -->","yoast_head_json":{"title":"Ochrann\u00e9 farby: modr\u00e1, \u010derven\u00e1 a \u010dierna","description":"Ochrann\u00e9 farby s obrann\u00fdm v\u00fdznamom: pre\u010do sa modr\u00e1, \u010derven\u00e1 a \u010dierna pova\u017euj\u00fa za ochrann\u00e9 farby, s pr\u00edkladmi z antiky, \u013eudovej magie a \u00c1zie.","robots":{"index":"index","follow":"follow","max-snippet":"max-snippet:-1","max-image-preview":"max-image-preview:large","max-video-preview":"max-video-preview:-1"},"canonical":"https:\/\/iwell-guard.com\/sk\/ochranne-farby-modra-cervena-cierna\/","og_locale":"sk_SK","og_type":"article","og_title":"Ochrann\u00e9 farby \u2013 modr\u00e1, \u010derven\u00e1 a \u010dierna ako ochrana","og_description":"Ochrann\u00e9 farby s obrann\u00fdm v\u00fdznamom: pre\u010do sa modr\u00e1, \u010derven\u00e1 a \u010dierna pova\u017euj\u00fa za ochrann\u00e9 farby, s pr\u00edkladmi z antiky, \u013eudovej magie a \u00c1zie.","og_url":"https:\/\/iwell-guard.com\/sk\/ochranne-farby-modra-cervena-cierna\/","og_site_name":"iWell Guard","article_modified_time":"2026-09-04T22:55:28+00:00","og_image":[{"width":1024,"height":1536,"url":"https:\/\/iwell-guard.com\/wp-content\/uploads\/2026\/05\/schutzsymbol_universell_schutzfarben.webp","type":"image\/webp"}],"twitter_card":"summary_large_image","schema":{"@context":"https:\/\/schema.org","@graph":[{"@type":"WebPage","@id":"https:\/\/iwell-guard.com\/sk\/ochranne-farby-modra-cervena-cierna\/","url":"https:\/\/iwell-guard.com\/sk\/ochranne-farby-modra-cervena-cierna\/","name":"Ochrann\u00e9 farby: modr\u00e1, \u010derven\u00e1 a \u010dierna","isPartOf":{"@id":"https:\/\/iwell-guard.com\/sk\/#website"},"primaryImageOfPage":{"@id":"https:\/\/iwell-guard.com\/sk\/ochranne-farby-modra-cervena-cierna\/#primaryimage"},"image":{"@id":"https:\/\/iwell-guard.com\/sk\/ochranne-farby-modra-cervena-cierna\/#primaryimage"},"thumbnailUrl":"https:\/\/iwell-guard.com\/wp-content\/uploads\/2026\/05\/schutzsymbol_universell_schutzfarben.webp","datePublished":"2026-09-04T22:24:13+00:00","dateModified":"2026-09-04T22:55:28+00:00","description":"Ochrann\u00e9 farby s obrann\u00fdm v\u00fdznamom: pre\u010do sa modr\u00e1, \u010derven\u00e1 a \u010dierna pova\u017euj\u00fa za ochrann\u00e9 farby, s pr\u00edkladmi z antiky, \u013eudovej magie a \u00c1zie.","breadcrumb":{"@id":"https:\/\/iwell-guard.com\/sk\/ochranne-farby-modra-cervena-cierna\/#breadcrumb"},"inLanguage":"sk-SK","potentialAction":[{"@type":"ReadAction","target":["https:\/\/iwell-guard.com\/sk\/ochranne-farby-modra-cervena-cierna\/"]}]},{"@type":"ImageObject","inLanguage":"sk-SK","@id":"https:\/\/iwell-guard.com\/sk\/ochranne-farby-modra-cervena-cierna\/#primaryimage","url":"https:\/\/iwell-guard.com\/wp-content\/uploads\/2026\/05\/schutzsymbol_universell_schutzfarben.webp","contentUrl":"https:\/\/iwell-guard.com\/wp-content\/uploads\/2026\/05\/schutzsymbol_universell_schutzfarben.webp","width":1024,"height":1536,"caption":"Ochrann\u00fd symbol. Muze\u00e1lna ilustr\u00e1cia z\u00e1ti\u0161ia."},{"@type":"BreadcrumbList","@id":"https:\/\/iwell-guard.com\/sk\/ochranne-farby-modra-cervena-cierna\/#breadcrumb","itemListElement":[{"@type":"ListItem","position":1,"name":"Start","item":"https:\/\/iwell-guard.com\/sk\/?page_id=157572"},{"@type":"ListItem","position":2,"name":"Ochrann\u00e9 farby \u2013 modr\u00e1, \u010derven\u00e1 a \u010dierna ako ochrana"}]},{"@type":"WebSite","@id":"https:\/\/iwell-guard.com\/sk\/#website","url":"https:\/\/iwell-guard.com\/sk\/","name":"iWell Guard","description":"Schutz vor dunklen Einfl\u00fcssen","publisher":{"@id":"https:\/\/iwell-guard.com\/sk\/#organization"},"potentialAction":[{"@type":"SearchAction","target":{"@type":"EntryPoint","urlTemplate":"https:\/\/iwell-guard.com\/sk\/?s={search_term_string}"},"query-input":{"@type":"PropertyValueSpecification","valueRequired":true,"valueName":"search_term_string"}}],"inLanguage":"sk-SK"},{"@type":"Organization","@id":"https:\/\/iwell-guard.com\/sk\/#organization","name":"Ittermann electronic GmbH","url":"https:\/\/iwell-guard.com\/sk\/","logo":{"@type":"ImageObject","inLanguage":"sk-SK","@id":"https:\/\/iwell-guard.com\/sk\/#\/schema\/logo\/image\/","url":"https:\/\/iwell-guard.com\/wp-content\/uploads\/2026\/05\/Ittermann-Logo-1182x237-1.png","contentUrl":"https:\/\/iwell-guard.com\/wp-content\/uploads\/2026\/05\/Ittermann-Logo-1182x237-1.png","width":1182,"height":237,"caption":"Ittermann electronic GmbH"},"image":{"@id":"https:\/\/iwell-guard.com\/sk\/#\/schema\/logo\/image\/"},"sameAs":["https:\/\/pantip.com\/profile\/9367242","https:\/\/micro.blog\/iwellguard","https:\/\/www.diggerslist.com\/iwellguard\/about","https:\/\/skitterphoto.com\/photographers\/2870314\/iwell-guard","https:\/\/iwellguard.wordpress.com\/2026\/06\/06\/iwell-guard\/","https:\/\/hub.docker.com\/u\/iwellguard","https:\/\/www.pinterest.com\/iwellguard\/","https:\/\/bit.ly\/m\/iwellguard","https:\/\/entre-vos-mains.alsace.eu\/profiles\/iwellguard\/activity","https:\/\/gravatar.com\/reallybeded8fd34","https:\/\/naijamatta.com\/iwellguard","https:\/\/www.goodreads.com\/iwellguard","https:\/\/profile.hatena.ne.jp\/iwellguard\/","https:\/\/experiment.com\/users\/iwellguard","https:\/\/wakelet.com\/@iWellGuard82270","https:\/\/www.chordie.com\/forum\/profile.php?id=2555664","https:\/\/www.instapaper.com\/p\/17757966","https:\/\/www.mapleprimes.com\/users\/iwellguard","https:\/\/businesslistingplus.com\/profile\/iwell-guard\/","https:\/\/telegra.ph\/iWell-Guard-06-06","https:\/\/pbase.com\/iwellguard\/iwellguard","https:\/\/b.hatena.ne.jp\/iwellguard\/20260607#bookmark-4788405196491818882","https:\/\/fliphtml5.com\/home\/iwellguard","https:\/\/anyflip.com\/homepage\/cmiwl#About","https:\/\/transfur.com\/Users\/iwellguard","http:\/\/delphi.larsbo.org\/user\/iwellguard","https:\/\/jobs.lajobsportal.org\/profiles\/8380803-iwell-guard","https:\/\/md.chaosdorf.de\/s\/jfbe5SBdJD","https:\/\/www.lingvolive.com\/en-us\/profile\/9ecaeaca-ce11-4e51-9e71-01d55e2bff36\/translations","https:\/\/www.fitday.com\/fitness\/forums\/members\/iwellguard.html","https:\/\/www.mymeetbook.com\/iwellguard","https:\/\/pxhere.com\/en\/photographer-me\/5040798","https:\/\/disqus.com\/by\/iwellguard\/about\/","https:\/\/pastelink.net\/hjwciqwq","https:\/\/pubhtml5.com\/homepage\/scjhn\/","https:\/\/www.bitchute.com\/channel\/2O2eOKzNqujT","https:\/\/audiomack.com\/iwellguard"]}]}},"_links":{"self":[{"href":"https:\/\/iwell-guard.com\/sk\/wp-json\/wp\/v2\/pages\/158244","targetHints":{"allow":["GET"]}}],"collection":[{"href":"https:\/\/iwell-guard.com\/sk\/wp-json\/wp\/v2\/pages"}],"about":[{"href":"https:\/\/iwell-guard.com\/sk\/wp-json\/wp\/v2\/types\/page"}],"author":[{"embeddable":true,"href":"https:\/\/iwell-guard.com\/sk\/wp-json\/wp\/v2\/users\/3"}],"replies":[{"embeddable":true,"href":"https:\/\/iwell-guard.com\/sk\/wp-json\/wp\/v2\/comments?post=158244"}],"version-history":[{"count":0,"href":"https:\/\/iwell-guard.com\/sk\/wp-json\/wp\/v2\/pages\/158244\/revisions"}],"wp:featuredmedia":[{"embeddable":true,"href":"https:\/\/iwell-guard.com\/sk\/wp-json\/wp\/v2\/media\/3582"}],"wp:attachment":[{"href":"https:\/\/iwell-guard.com\/sk\/wp-json\/wp\/v2\/media?parent=158244"}],"wp:term":[{"taxonomy":"category","embeddable":true,"href":"https:\/\/iwell-guard.com\/sk\/wp-json\/wp\/v2\/categories?post=158244"}],"curies":[{"name":"wp","href":"https:\/\/api.w.org\/{rel}","templated":true}]}}