{"id":158217,"date":"2026-09-04T22:23:47","date_gmt":"2026-09-04T22:23:47","guid":{"rendered":"https:\/\/iwell-guard.com\/?page_id=158217"},"modified":"2026-09-04T22:54:36","modified_gmt":"2026-09-04T22:54:36","slug":"mala-budhisticky-ruzenec-108-koralikov","status":"publish","type":"page","link":"https:\/\/iwell-guard.com\/sk\/mala-budhisticky-ruzenec-108-koralikov\/","title":{"rendered":"Mala \u2013 buddhistick\u00fd ru\u017eenec z 108 kor\u00e1likov"},"content":{"rendered":"\t\t<div data-elementor-type=\"wp-page\" data-elementor-id=\"158217\" class=\"elementor elementor-158217 elementor-3717 elementor-bc-flex-widget\" data-elementor-post-type=\"page\">\n\t\t\t\t<div class=\"elementor-element elementor-element-iwgs-mala-hero e-flex e-con-boxed e-con e-parent\" data-id=\"iwgs-mala-hero\" data-element_type=\"container\" data-e-type=\"container\">\n\t\t\t\t\t<div class=\"e-con-inner\">\n\t\t<div class=\"elementor-element elementor-element-iwgs-mala-hl e-flex e-con-boxed e-con e-parent\" data-id=\"iwgs-mala-hl\" data-element_type=\"container\" data-e-type=\"container\">\n\t\t\t\t\t<div class=\"e-con-inner\">\n\t\t<div class=\"elementor-element elementor-element-iwgs-mala-hlbox e-con-full e-flex e-con e-parent\" data-id=\"iwgs-mala-hlbox\" data-element_type=\"container\" data-e-type=\"container\">\n\t\t\t\t<div class=\"elementor-element elementor-element-iwgs-mala-h1 elementor-widget elementor-widget-heading\" data-id=\"iwgs-mala-h1\" data-element_type=\"widget\" data-e-type=\"widget\" data-widget_type=\"heading.default\">\n\t\t\t\t\t<h1 class=\"elementor-heading-title elementor-size-default\">Mala \u2013 buddhistick\u00fd ru\u017eenec na recit\u00e1ciu<\/h1>\t\t\t\t<\/div>\n\t\t\t\t<div class=\"elementor-element elementor-element-iwgs-mala-lead elementor-widget elementor-widget-text-editor\" data-id=\"iwgs-mala-lead\" data-element_type=\"widget\" data-e-type=\"widget\" data-widget_type=\"text-editor.default\">\n\t\t\t\t\t\t\t\t\t<p>Mala je ozna\u010denie pre buddhistick\u00fd ru\u017eenec. Vo svojej roz\u0161\u00edrenej forme sa sklad\u00e1 z 108 kor\u00e1likov. Sl\u00fa\u017ei na po\u010d\u00edtanie pri recit\u00e1cii mantier a z\u00e1rove\u0148 je znakom duchovn\u00e9ho s\u00fastredenia a <span class=\"iwg-fachbegriff\" data-tooltip=\"Pre\u017e\u00edvan\u00fd n\u00e1bo\u017eensk\u00fd postoj a praxe \u010dloveka.\" tabindex=\"0\">n\u00e1bo\u017enosti<\/span>.<\/p>\t\t\t\t\t\t\t\t<\/div>\n\t\t\t\t<\/div>\n\t\t\t\t<div class=\"elementor-element elementor-element-iwgs-mala-pills elementor-widget elementor-widget-html\" data-id=\"iwgs-mala-pills\" data-element_type=\"widget\" data-e-type=\"widget\" data-widget_type=\"html.default\">\n\t\t\t\t\t<div class=\"iwg-pill-row\"><span class=\"iwg-klasse-badge\" tabindex=\"0\" data-tooltip=\"Ochrann\u00fd symbol, amulet alebo apotropajn\u00fd predmet.\">Ochrann\u00fd symbol<\/span><a href=\"https:\/\/iwell-guard.com\/sk\/buddhizmus\/\" class=\"iwg-kultur-badge\" tabindex=\"0\" data-tooltip=\"Ochrann\u00e1 trad\u00edcia: budhizmus\">Budhizmus<\/a><span class=\"iwg-tradition-badge\" tabindex=\"0\" data-tooltip=\"\u0160n\u00fara kor\u00e1likov, ktor\u00e1 pom\u00e1ha pri po\u010d\u00edtan\u00ed modlitieb.\">Ru\u017eenec<\/span><\/div>\t\t\t\t<\/div>\n\t\t\t\t\t<\/div>\n\t\t\t\t<\/div>\n\t\t<div class=\"elementor-element elementor-element-iwgs-mala-hr e-con-full e-flex e-con e-parent\" data-id=\"iwgs-mala-hr\" data-element_type=\"container\" data-e-type=\"container\">\n\t\t\t\t<div class=\"elementor-element elementor-element-iwgs-mala-himg iwg-hero-image elementor-widget elementor-widget-image\" data-id=\"iwgs-mala-himg\" data-element_type=\"widget\" data-e-type=\"widget\" data-widget_type=\"image.default\">\n\t\t\t\t\t\t\t\t\t\t\t\t\t\t\t<img fetchpriority=\"high\" decoding=\"async\" width=\"683\" height=\"1024\" src=\"https:\/\/iwell-guard.com\/wp-content\/uploads\/2026\/05\/schutzsymbol_buddhismus_mala-683x1024.webp\" class=\"attachment-large size-large wp-image-159515\" alt=\"Mala \u2013 ochrann\u00fd symbol, m\u00fazejn\u00e1 ilustr\u00e1cia\" srcset=\"https:\/\/iwell-guard.com\/wp-content\/uploads\/2026\/05\/schutzsymbol_buddhismus_mala-683x1024.webp 683w, https:\/\/iwell-guard.com\/wp-content\/uploads\/2026\/05\/schutzsymbol_buddhismus_mala-200x300.webp 200w, https:\/\/iwell-guard.com\/wp-content\/uploads\/2026\/05\/schutzsymbol_buddhismus_mala-768x1152.webp 768w, https:\/\/iwell-guard.com\/wp-content\/uploads\/2026\/05\/schutzsymbol_buddhismus_mala.webp 1024w\" sizes=\"(max-width: 683px) 100vw, 683px\" \/>\t\t\t\t\t\t\t\t\t\t\t\t\t\t\t<\/div>\n\t\t\t\t<\/div>\n\t\t\t\t\t<\/div>\n\t\t\t\t<\/div>\n\t\t<div class=\"elementor-element elementor-element-iwgs-mala-s0 e-flex e-con-boxed e-con e-parent\" data-id=\"iwgs-mala-s0\" data-element_type=\"container\" data-e-type=\"container\">\n\t\t\t\t\t<div class=\"e-con-inner\">\n\t\t\t\t<div class=\"elementor-element elementor-element-iwgs-mala-s0h elementor-widget elementor-widget-heading\" data-id=\"iwgs-mala-s0h\" data-element_type=\"widget\" data-e-type=\"widget\" data-widget_type=\"heading.default\">\n\t\t\t\t\t<h2 class=\"elementor-heading-title elementor-size-default\">Zaradenie<\/h2>\t\t\t\t<\/div>\n\t\t<div class=\"elementor-element elementor-element-iwgs-mala-s0box e-con-full e-flex e-con e-parent\" data-id=\"iwgs-mala-s0box\" data-element_type=\"container\" data-e-type=\"container\">\n\t\t\t\t<div class=\"elementor-element elementor-element-iwgs-mala-s0t elementor-widget elementor-widget-text-editor\" data-id=\"iwgs-mala-s0t\" data-element_type=\"widget\" data-e-type=\"widget\" data-widget_type=\"text-editor.default\">\n\t\t\t\t\t\t\t\t\t<p>Mala je ozna\u010denie pre ru\u017eenec <a href=\"https:\/\/iwell-guard.com\/sk\/buddhizmus\/\">budhizmu<\/a>. Slovo poch\u00e1dza zo sanskrtu a znamen\u00e1 pribli\u017ene veniec alebo n\u00e1hrdeln\u00edk.<\/p><p>Mala je \u0161n\u00fara, na ktor\u00fa je navle\u010den\u00fd rad kor\u00e1likov. V najroz\u0161\u00edrenej\u0161ej podobe m\u00e1 stodesa\u0165 osem kor\u00e1likov. Okrem toho existuj\u00fa aj krat\u0161ie ru\u017eenca s men\u0161\u00edm po\u010dtom kor\u00e1likov.<\/p><p>Jej \u00falohou je po\u010d\u00edtanie. Pri recit\u00e1cii mantier a modlitieb sa po ka\u017edom opakovan\u00ed posunie jeden kor\u00e1lik. Mala pom\u00e1ha praktikuj\u00facemu udr\u017eiava\u0165 preh\u013ead o po\u010dte opakovan\u00ed.<\/p><p>Nad r\u00e1mec tejto praktickej \u00falohy je mala znakom duchovn\u00e9ho cvi\u010denia a <span class=\"iwg-fachbegriff\" data-tooltip=\"Pre\u017e\u00edvan\u00fd n\u00e1bo\u017eensk\u00fd postoj a praxe \u010dloveka.\" tabindex=\"0\">n\u00e1bo\u017enosti<\/span>. Kto nos\u00ed malu, d\u00e1va sa pozna\u0165 ako praktikuj\u00faci.<\/p><p>Mala sa \u010dasto nos\u00ed aj ako \u0161perk a st\u00e1ly spolo\u010dn\u00edk, obto\u010den\u00e1 okolo z\u00e1p\u00e4stia alebo zavesen\u00e1 okolo krku. V tejto podobe sprev\u00e1dza \u010dloveka po\u010das cel\u00e9ho d\u0148a.<\/p><p>V <span class=\"iwg-fachbegriff\" data-tooltip=\"Veda, ktor\u00e1 sk\u00fama n\u00e1bo\u017eenstv\u00e1 porovn\u00e1vac\u00edm sp\u00f4sobom bez vyznania viery.\" tabindex=\"0\">religionistike<\/span> je mala dobr\u00fdm pr\u00edkladom duchovn\u00e9ho predmetu, ktor\u00fd je z\u00e1rove\u0148 n\u00e1strojom aj znakom. Sl\u00fa\u017ei na cvi\u010denie a je z\u00e1rove\u0148 <span class=\"iwg-fachbegriff\" data-tooltip=\"V\u00fdsti\u017en\u00fd obraz, ktor\u00fd zastupuje abstraktn\u00fa my\u0161lienku.\" tabindex=\"0\">symbolom<\/span> n\u00e1bo\u017en\u00e9ho \u017eivota.<\/p>\t\t\t\t\t\t\t\t<\/div>\n\t\t\t\t<\/div>\n\t\t\t\t\t<\/div>\n\t\t\t\t<\/div>\n\t\t<div class=\"elementor-element elementor-element-iwgs-mala-s1 e-flex e-con-boxed e-con e-parent\" data-id=\"iwgs-mala-s1\" data-element_type=\"container\" data-e-type=\"container\">\n\t\t\t\t\t<div class=\"e-con-inner\">\n\t\t\t\t<div class=\"elementor-element elementor-element-iwgs-mala-s1h elementor-widget elementor-widget-heading\" data-id=\"iwgs-mala-s1h\" data-element_type=\"widget\" data-e-type=\"widget\" data-widget_type=\"heading.default\">\n\t\t\t\t\t<h2 class=\"elementor-heading-title elementor-size-default\">P\u00f4vod a roz\u0161\u00edrenie ru\u017eenca<\/h2>\t\t\t\t<\/div>\n\t\t<div class=\"elementor-element elementor-element-iwgs-mala-s1box e-con-full e-flex e-con e-parent\" data-id=\"iwgs-mala-s1box\" data-element_type=\"container\" data-e-type=\"container\">\n\t\t\t\t<div class=\"elementor-element elementor-element-iwgs-mala-s1t elementor-widget elementor-widget-text-editor\" data-id=\"iwgs-mala-s1t\" data-element_type=\"widget\" data-e-type=\"widget\" data-widget_type=\"text-editor.default\">\n\t\t\t\t\t\t\t\t\t<p>Ru\u017eenec nevznikol v budhizme. Je zn\u00e1my v indickom svete u\u017e pred budhizmom a patr\u00ed aj k trad\u00edcii hinduizmu.<\/p><p>V indickej <span class=\"iwg-fachbegriff\" data-tooltip=\"Pre\u017e\u00edvan\u00fd n\u00e1bo\u017eensk\u00fd postoj a praxe \u010dloveka.\" tabindex=\"0\">n\u00e1bo\u017enosti<\/span> sl\u00fa\u017eila \u0161n\u00fara u\u017e od skor\u00fdch \u010dias na po\u010d\u00edtanie pri opakovan\u00ed sv\u00e4t\u00fdch slov a mien. Budhizmus prevzal tento roz\u0161\u00edren\u00fd n\u00e1stroj.<\/p><p>So \u0161\u00edren\u00edm budhizmu sa \u0161\u00edrila aj mala. Z Indie sa dostala do Tibetu, do kraj\u00edn v\u00fdchodnej \u00c1zie a do juhov\u00fdchodnej \u00c1zie.<\/p><p>V r\u00f4znych regi\u00f3noch a \u0161kol\u00e1ch nadobudla mala mierne odli\u0161n\u00fa podobu. Po\u010det kor\u00e1likov, materi\u00e1l a sp\u00f4sob pou\u017eitia sa pod\u013ea trad\u00edcie l\u00ed\u0161ia.<\/p><p>Zauj\u00edmav\u00e9 je, \u017ee ru\u017eenec je zn\u00e1my ove\u013ea \u0161ir\u0161ie ne\u017e len v indickom a buddhistickom svete. Aj kres\u0165anstvo a islam poznaj\u00fa viazan\u00e9 alebo navle\u010den\u00e9 pom\u00f4cky na po\u010d\u00edtanie modlitieb.<\/p><p>Mala tak patr\u00ed k celosvetovo roz\u0161\u00edrenej skupine ru\u017eencov. My\u0161lienka vies\u0165 po\u010d\u00edtanie sv\u00e4t\u00fdch slov pomocou navle\u010den\u00e9ho n\u00e1stroja je roz\u0161\u00edren\u00e1 v mnoh\u00fdch n\u00e1bo\u017eenstv\u00e1ch.<\/p>\t\t\t\t\t\t\t\t<\/div>\n\t\t\t\t<\/div>\n\t\t\t\t\t<\/div>\n\t\t\t\t<\/div>\n\t\t<div class=\"elementor-element elementor-element-iwgs-mala-s2 e-flex e-con-boxed e-con e-parent\" data-id=\"iwgs-mala-s2\" data-element_type=\"container\" data-e-type=\"container\">\n\t\t\t\t\t<div class=\"e-con-inner\">\n\t\t\t\t<div class=\"elementor-element elementor-element-iwgs-mala-s2h elementor-widget elementor-widget-heading\" data-id=\"iwgs-mala-s2h\" data-element_type=\"widget\" data-e-type=\"widget\" data-widget_type=\"heading.default\">\n\t\t\t\t\t<h2 class=\"elementor-heading-title elementor-size-default\">\u010c\u00edslo stodesa\u0165 osem kor\u00e1likov<\/h2>\t\t\t\t<\/div>\n\t\t<div class=\"elementor-element elementor-element-iwgs-mala-s2box e-con-full e-flex e-con e-parent\" data-id=\"iwgs-mala-s2box\" data-element_type=\"container\" data-e-type=\"container\">\n\t\t\t\t<div class=\"elementor-element elementor-element-iwgs-mala-s2t elementor-widget elementor-widget-text-editor\" data-id=\"iwgs-mala-s2t\" data-element_type=\"widget\" data-e-type=\"widget\" data-widget_type=\"text-editor.default\">\n\t\t\t\t\t\t\t\t\t<p>Najroz\u0161\u00edrenej\u0161ia mala m\u00e1 stodesa\u0165 osem kor\u00e1likov. Toto \u010d\u00edslo nie je zvolen\u00e9 n\u00e1hodne, v budhizme a v indickom svete plat\u00ed za v\u00fdznamn\u00e9 \u010d\u00edslo.<\/p><p>\u010c\u00edslo stodesa\u0165 osem sa v budhizme objavuje na mnoh\u00fdch miestach. Sp\u00e1ja sa s r\u00f4znymi v\u00fdpo\u010dtami, napr\u00edklad s po\u010dtom p\u00fat alebo prek\u00e1\u017eok, ktor\u00e9 m\u00e1 \u010dlovek prekona\u0165.<\/p><p>O presnom p\u00f4vode tohto \u010d\u00edsla existuj\u00fa r\u00f4zne \u00favahy. Jeho zd\u00f4vodnenie sa l\u00ed\u0161i a \u017eiadny jednotliv\u00fd v\u00fdklad neplat\u00ed za jedin\u00fd spr\u00e1vny.<\/p><p>Ist\u00e9 je, \u017ee toto \u010d\u00edslo bolo vn\u00edman\u00e9 ako okr\u00fahle a \u00fapln\u00e9. Ru\u017eenec zo stodesa\u0165 \u00f4smich kor\u00e1likov tvor\u00ed ako celok jednu \u00fapln\u00fa jednotku cvi\u010denia.<\/p><p>Okrem plnej mala existuj\u00fa aj krat\u0161ie ru\u017eenca. Roz\u0161\u00edren\u00e9 s\u00fa n\u00e1ramkov\u00e9 ru\u017eenca s men\u0161\u00edm po\u010dtom kor\u00e1likov, \u010dasto delite\u013eom \u010d\u00edsla stodesa\u0165 osem, ktor\u00e9 sa nosia na z\u00e1p\u00e4st\u00ed.<\/p><p>Po\u010det kor\u00e1likov tak d\u00e1va male pevn\u00fd poriadok. S ka\u017ed\u00fdm \u00fapln\u00fdm kolom dosiahne praktikuj\u00faci ur\u010dit\u00fd, v\u00fdznamn\u00fd po\u010det opakovan\u00ed.<\/p>\t\t\t\t\t\t\t\t<\/div>\n\t\t\t\t<\/div>\n\t\t\t\t\t<\/div>\n\t\t\t\t<\/div>\n\t\t<div class=\"elementor-element elementor-element-iwgs-mala-s3 e-flex e-con-boxed e-con e-parent\" data-id=\"iwgs-mala-s3\" data-element_type=\"container\" data-e-type=\"container\">\n\t\t\t\t\t<div class=\"e-con-inner\">\n\t\t\t\t<div class=\"elementor-element elementor-element-iwgs-mala-s3h elementor-widget elementor-widget-heading\" data-id=\"iwgs-mala-s3h\" data-element_type=\"widget\" data-e-type=\"widget\" data-widget_type=\"heading.default\">\n\t\t\t\t\t<h2 class=\"elementor-heading-title elementor-size-default\">Stavba a materi\u00e1l maly<\/h2>\t\t\t\t<\/div>\n\t\t<div class=\"elementor-element elementor-element-iwgs-mala-s3box e-con-full e-flex e-con e-parent\" data-id=\"iwgs-mala-s3box\" data-element_type=\"container\" data-e-type=\"container\">\n\t\t\t\t<div class=\"elementor-element elementor-element-iwgs-mala-s3t elementor-widget elementor-widget-text-editor\" data-id=\"iwgs-mala-s3t\" data-element_type=\"widget\" data-e-type=\"widget\" data-widget_type=\"text-editor.default\">\n\t\t\t\t\t\t\t\t\t<p>Mala m\u00e1 usporiadan\u00fa stavbu. Okrem stodesa\u0165 \u00f4smich po\u010d\u00edtac\u00edch kor\u00e1likov m\u00e1 aj \u010fal\u0161ie s\u00fa\u010dasti, ktor\u00e9 maj\u00fa svoju vlastn\u00fa \u00falohu.<\/p><p>Na jednom mieste ru\u017eenca sa nach\u00e1dza v\u00e4\u010d\u0161\u00ed alebo inak tvarovan\u00fd kor\u00e1lik, ktor\u00fd sa \u010dasto naz\u00fdva majstrovsk\u00fd kor\u00e1lik. Ozna\u010duje za\u010diatok a koniec kola a s\u00e1m sa nepo\u010d\u00edta.<\/p><p>Nad majstrovsk\u00fdm kor\u00e1likom sa \u010dasto nach\u00e1dza pretiahnut\u00fd z\u00e1vere\u010dn\u00fd pr\u00edvesok, ktor\u00fd ru\u017eenec uzatv\u00e1ra. Niekedy sa sp\u00e1ja s bohatstvom poznania alebo s duchovn\u00fdm zdokonalen\u00edm.<\/p><p>Niektor\u00e9 maly maj\u00fa aj \u010fal\u0161ie po\u010d\u00edtacie kor\u00e1liky, vlo\u017een\u00e9 vo v\u00e4\u010d\u0161\u00edch rozostupoch. Pom\u00e1haj\u00fa udr\u017eiava\u0165 preh\u013ead o v\u00e4\u010d\u0161om po\u010dte opakovan\u00ed alebo o po\u010dte dokon\u010den\u00fdch k\u00f4l.<\/p><p>Na kor\u00e1likoy sa pou\u017e\u00edvaj\u00fa r\u00f4zne materi\u00e1ly. Roz\u0161\u00edren\u00e9 je drevo, semen\u00e1 ur\u010dit\u00fdch rastl\u00edn, kosti a polodrahokamy. V niektor\u00fdch trad\u00edci\u00e1ch sa osobitne cen\u00ed konkr\u00e9tny materi\u00e1l.<\/p><p>\u010clenen\u00e1 stavba rob\u00ed z maly premyslen\u00fd n\u00e1stroj. Po\u010d\u00edtacie kor\u00e1liky, majstrovsk\u00fd kor\u00e1lik, z\u00e1vere\u010dn\u00fd pr\u00edvesok a \u010fal\u0161ie zna\u010dky do sebe zapadaj\u00fa a umo\u017e\u0148uj\u00fa presn\u00e9 vedenie recit\u00e1cie.<\/p>\t\t\t\t\t\t\t\t<\/div>\n\t\t\t\t<\/div>\n\t\t\t\t\t<\/div>\n\t\t\t\t<\/div>\n\t\t<div class=\"elementor-element elementor-element-iwgs-mala-s4 e-flex e-con-boxed e-con e-parent\" data-id=\"iwgs-mala-s4\" data-element_type=\"container\" data-e-type=\"container\">\n\t\t\t\t\t<div class=\"e-con-inner\">\n\t\t\t\t<div class=\"elementor-element elementor-element-iwgs-mala-s4h elementor-widget elementor-widget-heading\" data-id=\"iwgs-mala-s4h\" data-element_type=\"widget\" data-e-type=\"widget\" data-widget_type=\"heading.default\">\n\t\t\t\t\t<h2 class=\"elementor-heading-title elementor-size-default\">Mala v pou\u017e\u00edvan\u00ed<\/h2>\t\t\t\t<\/div>\n\t\t<div class=\"elementor-element elementor-element-iwgs-mala-s4box e-con-full e-flex e-con e-parent\" data-id=\"iwgs-mala-s4box\" data-element_type=\"container\" data-e-type=\"container\">\n\t\t\t\t<div class=\"elementor-element elementor-element-iwgs-mala-s4t elementor-widget elementor-widget-text-editor\" data-id=\"iwgs-mala-s4t\" data-element_type=\"widget\" data-e-type=\"widget\" data-widget_type=\"text-editor.default\">\n\t\t\t\t\t\t\t\t\t<p>Mala sa pou\u017e\u00edva pri recit\u00e1cii mantier a modlitieb. Jej pou\u017e\u00edvanie sa riadi usporiadan\u00fdm sp\u00f4sobom, ktor\u00fd je v jednotliv\u00fdch trad\u00edci\u00e1ch podobn\u00fd, no v detailoch odli\u0161n\u00fd.<\/p><p>Praktikuj\u00faci dr\u017e\u00ed ru\u017eenec v ruke a za\u010d\u00edna pri prvom kor\u00e1lku po hlavnom kor\u00e1lku. Po ka\u017edom opakovan\u00ed mantry posunie palcom o jeden kor\u00e1lok \u010falej.<\/p><p>Takto putuje praktikuj\u00faci kor\u00e1lok po kor\u00e1lku cel\u00fdm ru\u017eencom. Ke\u010f dospeje k hlavn\u00e9mu kor\u00e1lku, dokon\u010dil cel\u00e9 kolo stoosem opakovan\u00ed.<\/p><p>Ak chce praktikuj\u00faci pokra\u010dova\u0165, oto\u010d\u00ed ru\u017eenec a za\u010dne nov\u00e9 kolo. Hlavn\u00fd kor\u00e1lok pri tom neprekra\u010duje, ale ten tvor\u00ed v\u017edy bod obratu.<\/p><p>T\u00e1to manipul\u00e1cia umo\u017e\u0148uje praktikuj\u00facemu s\u00fastredi\u0165 sa v\u00fdlu\u010dne na <span class=\"iwg-fachbegriff\" data-tooltip=\"Sv\u00e4t\u00e1 slabika alebo formula, ktor\u00e1 sa v hinduizme a budhizme opakovane vyslovuje.\" tabindex=\"0\">mantru<\/span>. Po\u010d\u00edtanie prebieha takpovediac samo od seba, bez toho, aby sa pozornos\u0165 odv\u00e1dzala od recit\u00e1cie.<\/p><p>Mala je tak pom\u00f4ckou na s\u00fastredenie. Zbavuje praktikuj\u00faceho po\u010d\u00edtania a umo\u017e\u0148uje mu venova\u0165 sa v\u00fdlu\u010dne samotnej duchovnej praxi, opakovaniu sv\u00e4t\u00e9ho slova.<\/p>\t\t\t\t\t\t\t\t<\/div>\n\t\t\t\t<\/div>\n\t\t\t\t\t<\/div>\n\t\t\t\t<\/div>\n\t\t<div class=\"elementor-element elementor-element-iwgs-mala-s5 e-flex e-con-boxed e-con e-parent\" data-id=\"iwgs-mala-s5\" data-element_type=\"container\" data-e-type=\"container\">\n\t\t\t\t\t<div class=\"e-con-inner\">\n\t\t\t\t<div class=\"elementor-element elementor-element-iwgs-mala-s5h elementor-widget elementor-widget-heading\" data-id=\"iwgs-mala-s5h\" data-element_type=\"widget\" data-e-type=\"widget\" data-widget_type=\"heading.default\">\n\t\t\t\t\t<h2 class=\"elementor-heading-title elementor-size-default\">Mantra, opakovanie a s\u00fastredenie<\/h2>\t\t\t\t<\/div>\n\t\t<div class=\"elementor-element elementor-element-iwgs-mala-s5box e-con-full e-flex e-con e-parent\" data-id=\"iwgs-mala-s5box\" data-element_type=\"container\" data-e-type=\"container\">\n\t\t\t\t<div class=\"elementor-element elementor-element-iwgs-mala-s5t elementor-widget elementor-widget-text-editor\" data-id=\"iwgs-mala-s5t\" data-element_type=\"widget\" data-e-type=\"widget\" data-widget_type=\"text-editor.default\">\n\t\t\t\t\t\t\t\t\t<p>Mala s\u00favis\u00ed s <span class=\"iwg-fachbegriff\" data-tooltip=\"Sv\u00e4t\u00e1 slabika alebo formula, ktor\u00e1 sa v hinduizme a budhizme opakovane vyslovuje.\" tabindex=\"0\">mantrou<\/span>. Bez recit\u00e1cie mantier a modlitieb by modlitebn\u00fd ru\u017eenec nemal \u017eiadnu \u00falohu.<\/p><p><span class=\"iwg-fachbegriff\" data-tooltip=\"Sv\u00e4t\u00e1 slabika alebo formula, ktor\u00e1 sa v hinduizme a budhizme opakovane vyslovuje.\" tabindex=\"0\">Mantra<\/span> je sv\u00e4t\u00e1 formula, slovo alebo veta, ktor\u00e1 sa po\u010das praxe opakovane vyslovuje. V budhizme je be\u017en\u00fdch mno\u017estvo mantier, ktor\u00e9 s\u00fa priraden\u00e9 jednotliv\u00fdm postav\u00e1m alebo u\u010deniam.<\/p><p>Zmysel opakovania spo\u010d\u00edva v s\u00fastreden\u00ed mysle. T\u00fdm, \u017ee praktikuj\u00faci opakovane vyslovuje <span class=\"iwg-fachbegriff\" data-tooltip=\"Sv\u00e4t\u00e1 slabika alebo formula, ktor\u00e1 sa v hinduizme a budhizme opakovane vyslovuje.\" tabindex=\"0\">mantru<\/span>, zameriava svoju <span class=\"iwg-fachbegriff\" data-tooltip=\"Beztelesn\u00e1 bytos\u0165, ktorej sa pripisuje p\u00f4sobenie vo svete.\" tabindex=\"0\">myse\u013e<\/span> a oslobodzuje ju od nepokojn\u00e9ho bl\u00fadenia.<\/p><p>Mnohon\u00e1sobn\u00e9 opakovanie je pri tom vyslovene \u017eiadan\u00e9. Niektor\u00e9 praxe predpisuj\u00fa vyslovi\u0165 <span class=\"iwg-fachbegriff\" data-tooltip=\"Sv\u00e4t\u00e1 slabika alebo formula, ktor\u00e1 sa v hinduizme a budhizme opakovane vyslovuje.\" tabindex=\"0\">mantru<\/span> mnoho tis\u00edc kr\u00e1t. Tu sa mala st\u00e1va nevyhnutnou pom\u00f4ckou.<\/p><p>Mala vedie po\u010d\u00edtanie, ale sama nie je podstatou. Podstatou je <span class=\"iwg-fachbegriff\" data-tooltip=\"Sv\u00e4t\u00e1 slabika alebo formula, ktor\u00e1 sa v hinduizme a budhizme opakovane vyslovuje.\" tabindex=\"0\">mantra<\/span> a duchovn\u00e9 s\u00fastredenie, ktor\u00e9 vznik\u00e1 jej opakovan\u00edm.<\/p><p>Mala je tak pom\u00f4ckou v slu\u017ebe. Sl\u00fa\u017ei recit\u00e1cii a s\u00fastredeniu, a jej hodnota spo\u010d\u00edva v tom, \u017ee umo\u017e\u0148uje a usporad\u00fava t\u00fato duchovn\u00fa prax.<\/p>\t\t\t\t\t\t\t\t<\/div>\n\t\t\t\t<\/div>\n\t\t\t\t\t<\/div>\n\t\t\t\t<\/div>\n\t\t<div class=\"elementor-element elementor-element-iwgs-mala-s6 e-flex e-con-boxed e-con e-parent\" data-id=\"iwgs-mala-s6\" data-element_type=\"container\" data-e-type=\"container\">\n\t\t\t\t\t<div class=\"e-con-inner\">\n\t\t\t\t<div class=\"elementor-element elementor-element-iwgs-mala-s6h elementor-widget elementor-widget-heading\" data-id=\"iwgs-mala-s6h\" data-element_type=\"widget\" data-e-type=\"widget\" data-widget_type=\"heading.default\">\n\t\t\t\t\t<h2 class=\"elementor-heading-title elementor-size-default\">Mala ako znak a ochrana<\/h2>\t\t\t\t<\/div>\n\t\t<div class=\"elementor-element elementor-element-iwgs-mala-s6box e-con-full e-flex e-con e-parent\" data-id=\"iwgs-mala-s6box\" data-element_type=\"container\" data-e-type=\"container\">\n\t\t\t\t<div class=\"elementor-element elementor-element-iwgs-mala-s6t elementor-widget elementor-widget-text-editor\" data-id=\"iwgs-mala-s6t\" data-element_type=\"widget\" data-e-type=\"widget\" data-widget_type=\"text-editor.default\">\n\t\t\t\t\t\t\t\t\t<p>Nad r\u00e1mec svojej \u00falohy po\u010d\u00edtacej pom\u00f4cky je mala aj znakom. \u010casto sa nos\u00ed cel\u00fd de\u0148 a ozna\u010duje svojho nosite\u013ea ako praktikuj\u00faceho.<\/p><p>Mala je tak znakom <span class=\"iwg-fachbegriff\" data-tooltip=\"Pre\u017e\u00edvan\u00fd n\u00e1bo\u017eensk\u00fd postoj a prax \u010dloveka.\" tabindex=\"0\">n\u00e1bo\u017enosti<\/span> a duchovnej praxe. Kto ju nos\u00ed na z\u00e1p\u00e4st\u00ed alebo na krku, hl\u00e1si sa k budhistickej praxi.<\/p><p>Ochrann\u00fd v\u00fdznam nadob\u00fada mala predov\u0161etk\u00fdm prostredn\u00edctvom toho, \u010do sa na nej udialo. Ru\u017eenec, na ktorom bolo odrecitovan\u00fdch mnoho tis\u00edc mantier, sa pova\u017euje za touto praxou formovan\u00fd.<\/p><p>V niektor\u00fdch trad\u00edci\u00e1ch navy\u0161e malu po\u017eehn\u00e1va u\u010dite\u013e. Po\u017eehnan\u00e1 mala sa potom ch\u00e1pe ako predmet, ktor\u00fd v sebe nesie <span class=\"iwg-fachbegriff\" data-tooltip=\"Vyslovenie priania blaha a ochrany, \u010dasto v pevnej jazykovej forme.\" tabindex=\"0\">po\u017eehnanie<\/span> praxe a u\u010dite\u013ea.<\/p><p>Ochrana mala teda nespo\u010d\u00edva v odvracaj\u00facej sile. Spo\u010d\u00edva v pripomienke praxe a v spojen\u00ed s recit\u00e1ciou, ktor\u00e1 sa na nej vykon\u00e1vala.<\/p><p>Mala je tak dobr\u00fdm pr\u00edkladom predmetu, ktor\u00fd sa pou\u017e\u00edvan\u00edm st\u00e1va znakom. Z po\u010d\u00edtacej pom\u00f4cky pri recit\u00e1cii sa st\u00e1va nosen\u00fd znak <span class=\"iwg-fachbegriff\" data-tooltip=\"Pre\u017e\u00edvan\u00fd n\u00e1bo\u017eensk\u00fd postoj a prax \u010dloveka.\" tabindex=\"0\">n\u00e1bo\u017enosti<\/span> a duchovn\u00e9ho s\u00fastredenia.<\/p>\t\t\t\t\t\t\t\t<\/div>\n\t\t\t\t<\/div>\n\t\t\t\t\t<\/div>\n\t\t\t\t<\/div>\n\t\t<div class=\"elementor-element elementor-element-iwgs-mala-s7 e-flex e-con-boxed e-con e-parent\" data-id=\"iwgs-mala-s7\" data-element_type=\"container\" data-e-type=\"container\">\n\t\t\t\t\t<div class=\"e-con-inner\">\n\t\t\t\t<div class=\"elementor-element elementor-element-iwgs-mala-s7h elementor-widget elementor-widget-heading\" data-id=\"iwgs-mala-s7h\" data-element_type=\"widget\" data-e-type=\"widget\" data-widget_type=\"heading.default\">\n\t\t\t\t\t<h2 class=\"elementor-heading-title elementor-size-default\">Mala medzi modlitebn\u00fdmi ru\u017eenceami svet\u0430<\/h2>\t\t\t\t<\/div>\n\t\t<div class=\"elementor-element elementor-element-iwgs-mala-s7box e-con-full e-flex e-con e-parent\" data-id=\"iwgs-mala-s7box\" data-element_type=\"container\" data-e-type=\"container\">\n\t\t\t\t<div class=\"elementor-element elementor-element-iwgs-mala-s7t elementor-widget elementor-widget-text-editor\" data-id=\"iwgs-mala-s7t\" data-element_type=\"widget\" data-e-type=\"widget\" data-widget_type=\"text-editor.default\">\n\t\t\t\t\t\t\t\t\t<p>Malu mo\u017eno vn\u00edma\u0165 v \u0161ir\u0161om kontexte modlitebn\u00fdch ru\u017een\u010dekov. Tak\u00e9to ru\u017een\u010deky a viazan\u00e9 pom\u00f4cky s\u00fa zn\u00e1me v mnoh\u00fdch n\u00e1bo\u017eenstv\u00e1ch.<\/p><p>V hinduizme, z ktor\u00e9ho prostredia budhistick\u00e1 mala poch\u00e1dza, je modlitebn\u00fd ru\u017eenec tie\u017e be\u017en\u00fd. Aj tam sl\u00fa\u017ei na po\u010d\u00edtanie pri opakovan\u00ed sv\u00e4t\u00fdch mien a form\u00fal.<\/p><p>Kres\u0165anstvo pozn\u00e1 ru\u017eenec, viazan\u00fa re\u0165az s kor\u00e1lkami, ktor\u00e1 vedie modlenie pevnej postupnosti modlitieb. Islam pozn\u00e1 modlitebn\u00fd ru\u017eenec na vyslovovanie mien Boha.<\/p><p>V\u0161etk\u00fdm t\u00fdmto ru\u017een\u010dekom je spolo\u010dn\u00e1 t\u00e1 ist\u00e1 z\u00e1kladn\u00e1 my\u0161lienka. Opakovan\u00e9 vyslovovanie sv\u00e4t\u00fdch slov je veden\u00e9 usporiadanou pom\u00f4ckou, aby sa modliaci sa mohol s\u00fastredi\u0165 na slovo.<\/p><p>Rozdiely s\u00fa v detailoch, v po\u010dte kor\u00e1lkov, vo vyslovovan\u00fdch slov\u00e1ch a v sp\u00f4sobe pou\u017e\u00edvania. Spolo\u010dn\u00e9 jadro, veden\u00e9 po\u010d\u00edtanie recit\u00e1cie, je v\u0161ak v\u0161ade rovnak\u00e9.<\/p><p>Mala je tak budhistickou podobou celosvetovo roz\u0161\u00edrenej pom\u00f4cky. Ukazuje, \u017ee my\u0161lienka vies\u0165 <span class=\"iwg-fachbegriff\" data-tooltip=\"Jazykov\u00e9 obr\u00e1tenie sa \u010dloveka k bo\u017estvu.\" tabindex=\"0\">modlitbu<\/span> pomocou ru\u017eenca bola ch\u00e1pan\u00e1 vo v\u0161etk\u00fdch n\u00e1bo\u017eenstv\u00e1ch.<\/p>\t\t\t\t\t\t\t\t<\/div>\n\t\t\t\t<\/div>\n\t\t\t\t\t<\/div>\n\t\t\t\t<\/div>\n\t\t<div class=\"elementor-element elementor-element-iwgs-mala-s8 e-flex e-con-boxed e-con e-parent\" data-id=\"iwgs-mala-s8\" data-element_type=\"container\" data-e-type=\"container\">\n\t\t\t\t\t<div class=\"e-con-inner\">\n\t\t\t\t<div class=\"elementor-element elementor-element-iwgs-mala-s8h elementor-widget elementor-widget-heading\" data-id=\"iwgs-mala-s8h\" data-element_type=\"widget\" data-e-type=\"widget\" data-widget_type=\"heading.default\">\n\t\t\t\t\t<h2 class=\"elementor-heading-title elementor-size-default\">S\u00fa\u010dasn\u00e1 recepcia<\/h2>\t\t\t\t<\/div>\n\t\t<div class=\"elementor-element elementor-element-iwgs-mala-s8box e-con-full e-flex e-con e-parent\" data-id=\"iwgs-mala-s8box\" data-element_type=\"container\" data-e-type=\"container\">\n\t\t\t\t<div class=\"elementor-element elementor-element-iwgs-mala-s8t elementor-widget elementor-widget-text-editor\" data-id=\"iwgs-mala-s8t\" data-element_type=\"widget\" data-e-type=\"widget\" data-widget_type=\"text-editor.default\">\n\t\t\t\t\t\t\t\t\t<p>Mala je aj dnes v buddhistickom svete roz\u0161\u00edren\u00fdm a \u017eiv\u00fdm predmetom. V kl\u00e1\u0161toroch a v praxi veriacich sa pou\u017e\u00edva nezmenene.<\/p><p>Mn\u00edsi, mn\u00ed\u0161ky i praktizuj\u00faci laici nosia malu pri recit\u00e1cii aj v be\u017enom \u017eivote. Je be\u017en\u00fdm javom v krajin\u00e1ch buddhizmu.<\/p><p>Za hranicami buddhistick\u00e9ho svet sa mala stala zn\u00e1mou aj na Z\u00e1pade, spolu so z\u00e1ujmom o buddhistick\u00fa prax a medit\u00e1ciu. Aj tam sa hojne pou\u017e\u00edva a nos\u00ed.<\/p><p>Pri tomto roz\u0161\u00edrenej\u0161om pou\u017e\u00edvan\u00ed sa mala nos\u00ed z\u00e1rove\u0148 ako \u0161perk. Ako n\u00e1ramok na z\u00e1p\u00e4st\u00ed sa stala roz\u0161\u00edren\u00fdm ozdobn\u00fdm predmetom.<\/p><p>Pri takomto pou\u017eit\u00ed m\u00f4\u017ee n\u00e1bo\u017eensk\u00e1 funkcia maly ust\u00fapi\u0165 do \u00fazadia. Vn\u00edma sa vtedy sk\u00f4r ako \u0161perk alebo ako znak pr\u00edklonu k v\u0161\u00edmavosti.<\/p><p>V jadre v\u0161ak mala zost\u00e1va t\u00fdm, \u010d\u00edm bola v\u017edy: modlitebnou \u0161n\u00farou na recit\u00e1ciu mantier, n\u00e1strojom duchovn\u00e9ho s\u00fastredenia a znakom n\u00e1bo\u017en\u00e9ho, praktizuj\u00faceho \u017eivota.<\/p>\t\t\t\t\t\t\t\t<\/div>\n\t\t\t\t<\/div>\n\t\t\t\t\t<\/div>\n\t\t\t\t<\/div>\n\t\t<div class=\"elementor-element elementor-element-iwgs-mala-lit e-flex e-con-boxed e-con e-parent\" data-id=\"iwgs-mala-lit\" data-element_type=\"container\" data-e-type=\"container\">\n\t\t\t\t\t<div class=\"e-con-inner\">\n\t\t\t\t<div class=\"elementor-element elementor-element-iwgs-mala-lith elementor-widget elementor-widget-heading\" data-id=\"iwgs-mala-lith\" data-element_type=\"widget\" data-e-type=\"widget\" data-widget_type=\"heading.default\">\n\t\t\t\t\t<h2 class=\"elementor-heading-title elementor-size-default\">Literat\u00fara (v\u00fdber)<\/h2>\t\t\t\t<\/div>\n\t\t<div class=\"elementor-element elementor-element-iwgs-mala-litbox e-con-full e-flex e-con e-parent\" data-id=\"iwgs-mala-litbox\" data-element_type=\"container\" data-e-type=\"container\">\n\t\t\t\t<div class=\"elementor-element elementor-element-iwgs-mala-litt elementor-widget elementor-widget-html\" data-id=\"iwgs-mala-litt\" data-element_type=\"widget\" data-e-type=\"widget\" data-widget_type=\"html.default\">\n\t\t\t\t\t<footer data-nosnippet=\"true\"><ul><li>Robert Beer: <em>Die Symbole des tibetischen Buddhismus<\/em> (2003)<\/li><li>Hans Wolfgang Schumann: <em>Buddhismus. Stifter, Schulen und Systeme<\/em> (1976)<\/li><li>Detlef Ingo Lauf: <em>Geheimlehren tibetischer Malereien<\/em> (1979)<\/li><li>Heinz Bechert a Richard Gombrich (vyd.): <em>Der Buddhismus. Geschichte und Gegenwart<\/em> (1984)<\/li><li>Lama Anagarika Govinda: <em>Grundlagen tibetischer Mystik<\/em> (1956)<\/li><\/ul><\/footer>\t\t\t\t<\/div>\n\t\t\t\t<\/div>\n\t\t\t\t\t<\/div>\n\t\t\t\t<\/div>\n\t\t<div class=\"elementor-element elementor-element-iwgs-mala-kwd e-flex e-con-boxed e-con e-parent\" data-id=\"iwgs-mala-kwd\" data-element_type=\"container\" data-e-type=\"container\">\n\t\t\t\t\t<div class=\"e-con-inner\">\n\t\t\t\t<div class=\"elementor-element elementor-element-iwgs-mala-kwdt elementor-widget elementor-widget-text-editor\" data-id=\"iwgs-mala-kwdt\" data-element_type=\"widget\" data-e-type=\"widget\" data-widget_type=\"text-editor.default\">\n\t\t\t\t\t\t\t\t\t<p><em>S\u00favisiace k\u013e\u00fa\u010dov\u00e9 pojmy: Mala buddhistick\u00e1 modlitebn\u00e1 \u0161n\u00fara 108 kor\u00e1likov <span class=\"iwg-fachbegriff\" data-tooltip=\"Sv\u00e4t\u00e1 slabika alebo formula, ktor\u00e1 sa v hinduizme a buddhizme opakovane vyslovuje.\" tabindex=\"0\">Mantra<\/span> recit\u00e1cia hlavn\u00fd kor\u00e1lik buddhizmus duchovn\u00e9 s\u00fastredenie.<\/em><\/p>\t\t\t\t\t\t\t\t<\/div>\n\t\t\t\t\t<\/div>\n\t\t\t\t<\/div>\n\t\t<div class=\"elementor-element elementor-element-iwgs-mala-cc e-flex e-con-boxed e-con e-parent\" data-id=\"iwgs-mala-cc\" data-element_type=\"container\" data-e-type=\"container\" id=\"iwg-cc-mala\">\n\t\t\t\t\t<div class=\"e-con-inner\">\n\t\t<div class=\"elementor-element elementor-element-iwgs-mala-ccinner e-flex e-con-boxed e-con e-parent\" data-id=\"iwgs-mala-ccinner\" data-element_type=\"container\" data-e-type=\"container\" data-settings=\"{&quot;background_background&quot;:&quot;classic&quot;}\">\n\t\t\t\t\t<div class=\"e-con-inner\">\n\t\t\t\t<div class=\"elementor-element elementor-element-iwgs-mala-cch elementor-widget elementor-widget-heading\" data-id=\"iwgs-mala-cch\" data-element_type=\"widget\" data-e-type=\"widget\" data-widget_type=\"heading.default\">\n\t\t\t\t\t<h2 class=\"elementor-heading-title elementor-size-default\">iWell Guard a ochrann\u00e9 trad\u00edcie<\/h2>\t\t\t\t<\/div>\n\t\t\t\t<div class=\"elementor-element elementor-element-iwgs-mala-cct elementor-widget elementor-widget-text-editor\" data-id=\"iwgs-mala-cct\" data-element_type=\"widget\" data-e-type=\"widget\" data-widget_type=\"text-editor.default\">\n\t\t\t\t\t\t\t\t\t<p>iWell Guard nadv\u00e4zuje na kult\u00farno-historick\u00fa trad\u00edciu nosite\u013en\u00fdch ochrann\u00fdch predmetov, ku ktorej patr\u00ed aj mala. Modern\u00fd spolo\u010dn\u00edk pre \u013eud\u00ed, ktor\u00ed \u017eij\u00fa s ochrann\u00fdmi symbolmi: vyroben\u00fd v Nemecku, 41 vrstiev z prav\u00e9ho zlata, platiny a striebra, s 30-d\u0148ovou lehotou na vr\u00e1tenie.<\/p>\t\t\t\t\t\t\t\t<\/div>\n\t\t\t\t<div class=\"elementor-element elementor-element-iwgs-mala-ccb iwg-cc-button iwg-cc-cta-2026-05-13 elementor-widget elementor-widget-jet-button\" data-id=\"iwgs-mala-ccb\" data-element_type=\"widget\" data-e-type=\"widget\" data-widget_type=\"jet-button.default\">\n\t\t\t\t<div class=\"elementor-widget-container\">\n\t\t\t\t\t<div class=\"elementor-jet-button jet-elements\"><div class=\"jet-button__container\"><a class=\"jet-button__instance jet-button__instance--icon-left hover-effect-1\" href=\"\/schutzanhaenger-iwell-guard-kaufen\/?utm_source=iwell-guard.com&amp;utm_medium=info-box&amp;utm_campaign=schutzsymbole\"><div class=\"jet-button__plane jet-button__plane-normal\"><\/div><div class=\"jet-button__plane jet-button__plane-hover\"><\/div><div class=\"jet-button__state jet-button__state-normal\"><span class=\"jet-button__label\">Viac o iWell Guard<\/span><\/div><div class=\"jet-button__state jet-button__state-hover\"><span class=\"jet-button__label\">Viac o iWell Guard<\/span><\/div><\/a><\/div><\/div><style>.elementor-element.elementor-element-iwgs-mala-ccb .jet-button__instance{width:320px;height:56px;}.elementor-element.elementor-element-iwgs-mala-ccb .jet-button__state-normal .jet-button__label{text-align:center;margin:0px 0px 0px 0px;color:#1a1b20;font-family:Montserrat,sans-serif;font-size:13px;font-weight:400;letter-spacing:4px;line-height:1.714em;text-transform:uppercase;}.elementor-element.elementor-element-iwgs-mala-ccb .jet-button__state-hover .jet-button__label{text-align:center;margin:0px 0px 0px 0px;color:#FECC76;font-family:Montserrat,sans-serif;font-size:13px;font-weight:400;letter-spacing:4px;line-height:1.714em;text-transform:uppercase;}.elementor-element.elementor-element-iwgs-mala-ccb .jet-button__plane-normal{background-color:#FECC76;border-style:solid;border-color:#C99540;border-width:2px 2px 2px 2px;}.elementor-element.elementor-element-iwgs-mala-ccb .jet-button__plane-hover{background-color:rgba(0,0,0,0.55);border-style:solid;border-color:#FECC76;border-width:2px 2px 2px 2px;}<\/style>\t\t\t\t<\/div>\n\t\t\t\t<\/div>\n\t\t\t\t<div class=\"elementor-element elementor-element-iwgs-mala-ccd elementor-widget elementor-widget-text-editor\" data-id=\"iwgs-mala-ccd\" data-element_type=\"widget\" data-e-type=\"widget\" data-widget_type=\"text-editor.default\">\n\t\t\t\t\t\t\t\t\t<p style=\"text-align:center;font-size:13px;opacity:0.7;margin-top:14px\" data-nosnippet=\"true\">Osobn\u00e9 sk\u00fasenosti sa m\u00f4\u017eu l\u00ed\u0161i\u0165. Nejde o zdravotn\u00edcku pom\u00f4cku. Nejde o pr\u00eds\u013eub lie\u010denia.<\/p>\t\t\t\t\t\t\t\t<\/div>\n\t\t\t\t\t<\/div>\n\t\t\t\t<\/div>\n\t\t\t\t\t<\/div>\n\t\t\t\t<\/div>\n\t\t<div class=\"elementor-element elementor-element-iwgs-mala-disc e-flex e-con-boxed e-con e-parent\" data-id=\"iwgs-mala-disc\" data-element_type=\"container\" data-e-type=\"container\">\n\t\t\t\t\t<div class=\"e-con-inner\">\n\t\t\t\t<div class=\"elementor-element elementor-element-iwgs-mala-discw elementor-widget elementor-widget-html\" data-id=\"iwgs-mala-discw\" data-element_type=\"widget\" data-e-type=\"widget\" data-widget_type=\"html.default\">\n\t\t\t\t\t<footer data-nosnippet=\"true\" class=\"iwg-disclaimer-block\"><p data-nosnippet=\"true\">iWell Guard <strong>nie je zdravotn\u00edcka pom\u00f4cka<\/strong> a nenahr\u00e1dza lek\u00e1rske ani psychoterapeutick\u00e9 lie\u010denie. Tu uveden\u00fd obsah predstavuje religionistick\u00e9 a kult\u00farno-historick\u00e9 zaradenie, nie pr\u00eds\u013eub duchovn\u00e9ho \u00fa\u010dinku.<\/p><\/footer>\t\t\t\t<\/div>\n\t\t\t\t\t<\/div>\n\t\t\t\t<\/div>\n\t\t\t\t<\/div>\n\t\t","protected":false},"excerpt":{"rendered":"","protected":false},"author":3,"featured_media":3530,"parent":0,"menu_order":0,"comment_status":"closed","ping_status":"closed","template":"elementor_header_footer","meta":{"_yoast_wpseo_focuskw":"Mala","_yoast_wpseo_title":"Mala \u2013 buddhistick\u00fd ru\u017eenec","_yoast_wpseo_metadesc":"Mala je buddhistick\u00fd ru\u017eenec zo 108 kor\u00e1likov. Sl\u00fa\u017ei na recit\u00e1ciu mantier. Vysvetlenie stavby a v\u00fdznamu.","_yoast_wpseo_meta-robots-noindex":"","_yoast_wpseo_canonical":"","_angie_page":false,"gefaehrdungsstufe":"","wesen_kultur":"","wesen_klasse":"","footnotes":""},"categories":[],"class_list":["post-158217","page","type-page","status-publish","has-post-thumbnail","hentry"],"yoast_head":"<!-- This site is optimized with the Yoast SEO Premium plugin v27.7 (Yoast SEO v28.3) - https:\/\/yoast.com\/product\/yoast-seo-premium-wordpress\/ -->\n<title>Mala \u2013 buddhistick\u00fd ru\u017eenec<\/title>\n<meta name=\"description\" content=\"Mala je buddhistick\u00fd ru\u017eenec zo 108 kor\u00e1likov. Sl\u00fa\u017ei na recit\u00e1ciu mantier. Vysvetlenie stavby a v\u00fdznamu.\" \/>\n<meta name=\"robots\" content=\"index, follow, max-snippet:-1, max-image-preview:large, max-video-preview:-1\" \/>\n<link rel=\"canonical\" href=\"https:\/\/iwell-guard.com\/sk\/mala-budhisticky-ruzenec-108-koralikov\/\" \/>\n<meta property=\"og:locale\" content=\"sk_SK\" \/>\n<meta property=\"og:type\" content=\"article\" \/>\n<meta property=\"og:title\" content=\"Mala \u2013 buddhistick\u00fd ru\u017eenec z 108 kor\u00e1likov\" \/>\n<meta property=\"og:description\" content=\"Mala je buddhistick\u00fd ru\u017eenec zo 108 kor\u00e1likov. Sl\u00fa\u017ei na recit\u00e1ciu mantier. Vysvetlenie stavby a v\u00fdznamu.\" \/>\n<meta property=\"og:url\" content=\"https:\/\/iwell-guard.com\/sk\/mala-budhisticky-ruzenec-108-koralikov\/\" \/>\n<meta property=\"og:site_name\" content=\"iWell Guard\" \/>\n<meta property=\"article:modified_time\" content=\"2026-09-04T22:54:36+00:00\" \/>\n<meta property=\"og:image\" content=\"https:\/\/iwell-guard.com\/wp-content\/uploads\/2026\/05\/schutzsymbol_buddhismus_mala.webp\" \/>\n\t<meta property=\"og:image:width\" content=\"1024\" \/>\n\t<meta property=\"og:image:height\" content=\"1536\" \/>\n\t<meta property=\"og:image:type\" content=\"image\/webp\" \/>\n<meta name=\"twitter:card\" content=\"summary_large_image\" \/>\n<script type=\"application\/ld+json\" class=\"yoast-schema-graph\">{\"@context\":\"https:\\\/\\\/schema.org\",\"@graph\":[{\"@type\":\"WebPage\",\"@id\":\"https:\\\/\\\/iwell-guard.com\\\/sk\\\/mala-budhisticky-ruzenec-108-koralikov\\\/\",\"url\":\"https:\\\/\\\/iwell-guard.com\\\/sk\\\/mala-budhisticky-ruzenec-108-koralikov\\\/\",\"name\":\"Mala \u2013 buddhistick\u00fd ru\u017eenec\",\"isPartOf\":{\"@id\":\"https:\\\/\\\/iwell-guard.com\\\/sk\\\/#website\"},\"primaryImageOfPage\":{\"@id\":\"https:\\\/\\\/iwell-guard.com\\\/sk\\\/mala-budhisticky-ruzenec-108-koralikov\\\/#primaryimage\"},\"image\":{\"@id\":\"https:\\\/\\\/iwell-guard.com\\\/sk\\\/mala-budhisticky-ruzenec-108-koralikov\\\/#primaryimage\"},\"thumbnailUrl\":\"https:\\\/\\\/iwell-guard.com\\\/wp-content\\\/uploads\\\/2026\\\/05\\\/schutzsymbol_buddhismus_mala.webp\",\"datePublished\":\"2026-09-04T22:23:47+00:00\",\"dateModified\":\"2026-09-04T22:54:36+00:00\",\"description\":\"Mala je buddhistick\u00fd ru\u017eenec zo 108 kor\u00e1likov. Sl\u00fa\u017ei na recit\u00e1ciu mantier. Vysvetlenie stavby a v\u00fdznamu.\",\"breadcrumb\":{\"@id\":\"https:\\\/\\\/iwell-guard.com\\\/sk\\\/mala-budhisticky-ruzenec-108-koralikov\\\/#breadcrumb\"},\"inLanguage\":\"sk-SK\",\"potentialAction\":[{\"@type\":\"ReadAction\",\"target\":[\"https:\\\/\\\/iwell-guard.com\\\/sk\\\/mala-budhisticky-ruzenec-108-koralikov\\\/\"]}]},{\"@type\":\"ImageObject\",\"inLanguage\":\"sk-SK\",\"@id\":\"https:\\\/\\\/iwell-guard.com\\\/sk\\\/mala-budhisticky-ruzenec-108-koralikov\\\/#primaryimage\",\"url\":\"https:\\\/\\\/iwell-guard.com\\\/wp-content\\\/uploads\\\/2026\\\/05\\\/schutzsymbol_buddhismus_mala.webp\",\"contentUrl\":\"https:\\\/\\\/iwell-guard.com\\\/wp-content\\\/uploads\\\/2026\\\/05\\\/schutzsymbol_buddhismus_mala.webp\",\"width\":1024,\"height\":1536,\"caption\":\"Ochrann\u00fd symbol. Muze\u00e1lna ilustr\u00e1cia z\u00e1ti\u0161ia.\"},{\"@type\":\"BreadcrumbList\",\"@id\":\"https:\\\/\\\/iwell-guard.com\\\/sk\\\/mala-budhisticky-ruzenec-108-koralikov\\\/#breadcrumb\",\"itemListElement\":[{\"@type\":\"ListItem\",\"position\":1,\"name\":\"Start\",\"item\":\"https:\\\/\\\/iwell-guard.com\\\/sk\\\/?page_id=157572\"},{\"@type\":\"ListItem\",\"position\":2,\"name\":\"Mala \u2013 buddhistick\u00fd ru\u017eenec z 108 kor\u00e1likov\"}]},{\"@type\":\"WebSite\",\"@id\":\"https:\\\/\\\/iwell-guard.com\\\/sk\\\/#website\",\"url\":\"https:\\\/\\\/iwell-guard.com\\\/sk\\\/\",\"name\":\"iWell Guard\",\"description\":\"Schutz vor dunklen Einfl\u00fcssen\",\"publisher\":{\"@id\":\"https:\\\/\\\/iwell-guard.com\\\/sk\\\/#organization\"},\"potentialAction\":[{\"@type\":\"SearchAction\",\"target\":{\"@type\":\"EntryPoint\",\"urlTemplate\":\"https:\\\/\\\/iwell-guard.com\\\/sk\\\/?s={search_term_string}\"},\"query-input\":{\"@type\":\"PropertyValueSpecification\",\"valueRequired\":true,\"valueName\":\"search_term_string\"}}],\"inLanguage\":\"sk-SK\"},{\"@type\":\"Organization\",\"@id\":\"https:\\\/\\\/iwell-guard.com\\\/sk\\\/#organization\",\"name\":\"Ittermann electronic GmbH\",\"url\":\"https:\\\/\\\/iwell-guard.com\\\/sk\\\/\",\"logo\":{\"@type\":\"ImageObject\",\"inLanguage\":\"sk-SK\",\"@id\":\"https:\\\/\\\/iwell-guard.com\\\/sk\\\/#\\\/schema\\\/logo\\\/image\\\/\",\"url\":\"https:\\\/\\\/iwell-guard.com\\\/wp-content\\\/uploads\\\/2026\\\/05\\\/Ittermann-Logo-1182x237-1.png\",\"contentUrl\":\"https:\\\/\\\/iwell-guard.com\\\/wp-content\\\/uploads\\\/2026\\\/05\\\/Ittermann-Logo-1182x237-1.png\",\"width\":1182,\"height\":237,\"caption\":\"Ittermann electronic GmbH\"},\"image\":{\"@id\":\"https:\\\/\\\/iwell-guard.com\\\/sk\\\/#\\\/schema\\\/logo\\\/image\\\/\"},\"sameAs\":[\"https:\\\/\\\/pantip.com\\\/profile\\\/9367242\",\"https:\\\/\\\/micro.blog\\\/iwellguard\",\"https:\\\/\\\/www.diggerslist.com\\\/iwellguard\\\/about\",\"https:\\\/\\\/skitterphoto.com\\\/photographers\\\/2870314\\\/iwell-guard\",\"https:\\\/\\\/iwellguard.wordpress.com\\\/2026\\\/06\\\/06\\\/iwell-guard\\\/\",\"https:\\\/\\\/hub.docker.com\\\/u\\\/iwellguard\",\"https:\\\/\\\/www.pinterest.com\\\/iwellguard\\\/\",\"https:\\\/\\\/bit.ly\\\/m\\\/iwellguard\",\"https:\\\/\\\/entre-vos-mains.alsace.eu\\\/profiles\\\/iwellguard\\\/activity\",\"https:\\\/\\\/gravatar.com\\\/reallybeded8fd34\",\"https:\\\/\\\/naijamatta.com\\\/iwellguard\",\"https:\\\/\\\/www.goodreads.com\\\/iwellguard\",\"https:\\\/\\\/profile.hatena.ne.jp\\\/iwellguard\\\/\",\"https:\\\/\\\/experiment.com\\\/users\\\/iwellguard\",\"https:\\\/\\\/wakelet.com\\\/@iWellGuard82270\",\"https:\\\/\\\/www.chordie.com\\\/forum\\\/profile.php?id=2555664\",\"https:\\\/\\\/www.instapaper.com\\\/p\\\/17757966\",\"https:\\\/\\\/www.mapleprimes.com\\\/users\\\/iwellguard\",\"https:\\\/\\\/businesslistingplus.com\\\/profile\\\/iwell-guard\\\/\",\"https:\\\/\\\/telegra.ph\\\/iWell-Guard-06-06\",\"https:\\\/\\\/pbase.com\\\/iwellguard\\\/iwellguard\",\"https:\\\/\\\/b.hatena.ne.jp\\\/iwellguard\\\/20260607#bookmark-4788405196491818882\",\"https:\\\/\\\/fliphtml5.com\\\/home\\\/iwellguard\",\"https:\\\/\\\/anyflip.com\\\/homepage\\\/cmiwl#About\",\"https:\\\/\\\/transfur.com\\\/Users\\\/iwellguard\",\"http:\\\/\\\/delphi.larsbo.org\\\/user\\\/iwellguard\",\"https:\\\/\\\/jobs.lajobsportal.org\\\/profiles\\\/8380803-iwell-guard\",\"https:\\\/\\\/md.chaosdorf.de\\\/s\\\/jfbe5SBdJD\",\"https:\\\/\\\/www.lingvolive.com\\\/en-us\\\/profile\\\/9ecaeaca-ce11-4e51-9e71-01d55e2bff36\\\/translations\",\"https:\\\/\\\/www.fitday.com\\\/fitness\\\/forums\\\/members\\\/iwellguard.html\",\"https:\\\/\\\/www.mymeetbook.com\\\/iwellguard\",\"https:\\\/\\\/pxhere.com\\\/en\\\/photographer-me\\\/5040798\",\"https:\\\/\\\/disqus.com\\\/by\\\/iwellguard\\\/about\\\/\",\"https:\\\/\\\/pastelink.net\\\/hjwciqwq\",\"https:\\\/\\\/pubhtml5.com\\\/homepage\\\/scjhn\\\/\",\"https:\\\/\\\/www.bitchute.com\\\/channel\\\/2O2eOKzNqujT\",\"https:\\\/\\\/audiomack.com\\\/iwellguard\"]}]}<\/script>\n<!-- \/ Yoast SEO Premium plugin. -->","yoast_head_json":{"title":"Mala \u2013 buddhistick\u00fd ru\u017eenec","description":"Mala je buddhistick\u00fd ru\u017eenec zo 108 kor\u00e1likov. Sl\u00fa\u017ei na recit\u00e1ciu mantier. Vysvetlenie stavby a v\u00fdznamu.","robots":{"index":"index","follow":"follow","max-snippet":"max-snippet:-1","max-image-preview":"max-image-preview:large","max-video-preview":"max-video-preview:-1"},"canonical":"https:\/\/iwell-guard.com\/sk\/mala-budhisticky-ruzenec-108-koralikov\/","og_locale":"sk_SK","og_type":"article","og_title":"Mala \u2013 buddhistick\u00fd ru\u017eenec z 108 kor\u00e1likov","og_description":"Mala je buddhistick\u00fd ru\u017eenec zo 108 kor\u00e1likov. Sl\u00fa\u017ei na recit\u00e1ciu mantier. Vysvetlenie stavby a v\u00fdznamu.","og_url":"https:\/\/iwell-guard.com\/sk\/mala-budhisticky-ruzenec-108-koralikov\/","og_site_name":"iWell Guard","article_modified_time":"2026-09-04T22:54:36+00:00","og_image":[{"width":1024,"height":1536,"url":"https:\/\/iwell-guard.com\/wp-content\/uploads\/2026\/05\/schutzsymbol_buddhismus_mala.webp","type":"image\/webp"}],"twitter_card":"summary_large_image","schema":{"@context":"https:\/\/schema.org","@graph":[{"@type":"WebPage","@id":"https:\/\/iwell-guard.com\/sk\/mala-budhisticky-ruzenec-108-koralikov\/","url":"https:\/\/iwell-guard.com\/sk\/mala-budhisticky-ruzenec-108-koralikov\/","name":"Mala \u2013 buddhistick\u00fd ru\u017eenec","isPartOf":{"@id":"https:\/\/iwell-guard.com\/sk\/#website"},"primaryImageOfPage":{"@id":"https:\/\/iwell-guard.com\/sk\/mala-budhisticky-ruzenec-108-koralikov\/#primaryimage"},"image":{"@id":"https:\/\/iwell-guard.com\/sk\/mala-budhisticky-ruzenec-108-koralikov\/#primaryimage"},"thumbnailUrl":"https:\/\/iwell-guard.com\/wp-content\/uploads\/2026\/05\/schutzsymbol_buddhismus_mala.webp","datePublished":"2026-09-04T22:23:47+00:00","dateModified":"2026-09-04T22:54:36+00:00","description":"Mala je buddhistick\u00fd ru\u017eenec zo 108 kor\u00e1likov. Sl\u00fa\u017ei na recit\u00e1ciu mantier. Vysvetlenie stavby a v\u00fdznamu.","breadcrumb":{"@id":"https:\/\/iwell-guard.com\/sk\/mala-budhisticky-ruzenec-108-koralikov\/#breadcrumb"},"inLanguage":"sk-SK","potentialAction":[{"@type":"ReadAction","target":["https:\/\/iwell-guard.com\/sk\/mala-budhisticky-ruzenec-108-koralikov\/"]}]},{"@type":"ImageObject","inLanguage":"sk-SK","@id":"https:\/\/iwell-guard.com\/sk\/mala-budhisticky-ruzenec-108-koralikov\/#primaryimage","url":"https:\/\/iwell-guard.com\/wp-content\/uploads\/2026\/05\/schutzsymbol_buddhismus_mala.webp","contentUrl":"https:\/\/iwell-guard.com\/wp-content\/uploads\/2026\/05\/schutzsymbol_buddhismus_mala.webp","width":1024,"height":1536,"caption":"Ochrann\u00fd symbol. Muze\u00e1lna ilustr\u00e1cia z\u00e1ti\u0161ia."},{"@type":"BreadcrumbList","@id":"https:\/\/iwell-guard.com\/sk\/mala-budhisticky-ruzenec-108-koralikov\/#breadcrumb","itemListElement":[{"@type":"ListItem","position":1,"name":"Start","item":"https:\/\/iwell-guard.com\/sk\/?page_id=157572"},{"@type":"ListItem","position":2,"name":"Mala \u2013 buddhistick\u00fd ru\u017eenec z 108 kor\u00e1likov"}]},{"@type":"WebSite","@id":"https:\/\/iwell-guard.com\/sk\/#website","url":"https:\/\/iwell-guard.com\/sk\/","name":"iWell Guard","description":"Schutz vor dunklen Einfl\u00fcssen","publisher":{"@id":"https:\/\/iwell-guard.com\/sk\/#organization"},"potentialAction":[{"@type":"SearchAction","target":{"@type":"EntryPoint","urlTemplate":"https:\/\/iwell-guard.com\/sk\/?s={search_term_string}"},"query-input":{"@type":"PropertyValueSpecification","valueRequired":true,"valueName":"search_term_string"}}],"inLanguage":"sk-SK"},{"@type":"Organization","@id":"https:\/\/iwell-guard.com\/sk\/#organization","name":"Ittermann electronic GmbH","url":"https:\/\/iwell-guard.com\/sk\/","logo":{"@type":"ImageObject","inLanguage":"sk-SK","@id":"https:\/\/iwell-guard.com\/sk\/#\/schema\/logo\/image\/","url":"https:\/\/iwell-guard.com\/wp-content\/uploads\/2026\/05\/Ittermann-Logo-1182x237-1.png","contentUrl":"https:\/\/iwell-guard.com\/wp-content\/uploads\/2026\/05\/Ittermann-Logo-1182x237-1.png","width":1182,"height":237,"caption":"Ittermann electronic GmbH"},"image":{"@id":"https:\/\/iwell-guard.com\/sk\/#\/schema\/logo\/image\/"},"sameAs":["https:\/\/pantip.com\/profile\/9367242","https:\/\/micro.blog\/iwellguard","https:\/\/www.diggerslist.com\/iwellguard\/about","https:\/\/skitterphoto.com\/photographers\/2870314\/iwell-guard","https:\/\/iwellguard.wordpress.com\/2026\/06\/06\/iwell-guard\/","https:\/\/hub.docker.com\/u\/iwellguard","https:\/\/www.pinterest.com\/iwellguard\/","https:\/\/bit.ly\/m\/iwellguard","https:\/\/entre-vos-mains.alsace.eu\/profiles\/iwellguard\/activity","https:\/\/gravatar.com\/reallybeded8fd34","https:\/\/naijamatta.com\/iwellguard","https:\/\/www.goodreads.com\/iwellguard","https:\/\/profile.hatena.ne.jp\/iwellguard\/","https:\/\/experiment.com\/users\/iwellguard","https:\/\/wakelet.com\/@iWellGuard82270","https:\/\/www.chordie.com\/forum\/profile.php?id=2555664","https:\/\/www.instapaper.com\/p\/17757966","https:\/\/www.mapleprimes.com\/users\/iwellguard","https:\/\/businesslistingplus.com\/profile\/iwell-guard\/","https:\/\/telegra.ph\/iWell-Guard-06-06","https:\/\/pbase.com\/iwellguard\/iwellguard","https:\/\/b.hatena.ne.jp\/iwellguard\/20260607#bookmark-4788405196491818882","https:\/\/fliphtml5.com\/home\/iwellguard","https:\/\/anyflip.com\/homepage\/cmiwl#About","https:\/\/transfur.com\/Users\/iwellguard","http:\/\/delphi.larsbo.org\/user\/iwellguard","https:\/\/jobs.lajobsportal.org\/profiles\/8380803-iwell-guard","https:\/\/md.chaosdorf.de\/s\/jfbe5SBdJD","https:\/\/www.lingvolive.com\/en-us\/profile\/9ecaeaca-ce11-4e51-9e71-01d55e2bff36\/translations","https:\/\/www.fitday.com\/fitness\/forums\/members\/iwellguard.html","https:\/\/www.mymeetbook.com\/iwellguard","https:\/\/pxhere.com\/en\/photographer-me\/5040798","https:\/\/disqus.com\/by\/iwellguard\/about\/","https:\/\/pastelink.net\/hjwciqwq","https:\/\/pubhtml5.com\/homepage\/scjhn\/","https:\/\/www.bitchute.com\/channel\/2O2eOKzNqujT","https:\/\/audiomack.com\/iwellguard"]}]}},"_links":{"self":[{"href":"https:\/\/iwell-guard.com\/sk\/wp-json\/wp\/v2\/pages\/158217","targetHints":{"allow":["GET"]}}],"collection":[{"href":"https:\/\/iwell-guard.com\/sk\/wp-json\/wp\/v2\/pages"}],"about":[{"href":"https:\/\/iwell-guard.com\/sk\/wp-json\/wp\/v2\/types\/page"}],"author":[{"embeddable":true,"href":"https:\/\/iwell-guard.com\/sk\/wp-json\/wp\/v2\/users\/3"}],"replies":[{"embeddable":true,"href":"https:\/\/iwell-guard.com\/sk\/wp-json\/wp\/v2\/comments?post=158217"}],"version-history":[{"count":0,"href":"https:\/\/iwell-guard.com\/sk\/wp-json\/wp\/v2\/pages\/158217\/revisions"}],"wp:featuredmedia":[{"embeddable":true,"href":"https:\/\/iwell-guard.com\/sk\/wp-json\/wp\/v2\/media\/3530"}],"wp:attachment":[{"href":"https:\/\/iwell-guard.com\/sk\/wp-json\/wp\/v2\/media?parent=158217"}],"wp:term":[{"taxonomy":"category","embeddable":true,"href":"https:\/\/iwell-guard.com\/sk\/wp-json\/wp\/v2\/categories?post=158217"}],"curies":[{"name":"wp","href":"https:\/\/api.w.org\/{rel}","templated":true}]}}