{"id":158182,"date":"2026-09-04T22:23:11","date_gmt":"2026-09-04T22:23:11","guid":{"rendered":"https:\/\/iwell-guard.com\/?page_id=158182"},"modified":"2026-09-04T22:53:29","modified_gmt":"2026-09-04T22:53:29","slug":"cierna-nitka-ochrana-zly-pohlad","status":"publish","type":"page","link":"https:\/\/iwell-guard.com\/sk\/cierna-nitka-ochrana-zly-pohlad\/","title":{"rendered":"\u010cierna nitka \u2013 ochrann\u00e1 p\u00e1ska proti zl\u00e9mu poh\u013eadu"},"content":{"rendered":"\t\t<div data-elementor-type=\"wp-page\" data-elementor-id=\"158182\" class=\"elementor elementor-158182 elementor-3681 elementor-bc-flex-widget\" data-elementor-post-type=\"page\">\n\t\t\t\t<div class=\"elementor-element elementor-element-iwgs-schwarzerfad-hero e-flex e-con-boxed e-con e-parent\" data-id=\"iwgs-schwarzerfad-hero\" data-element_type=\"container\" data-e-type=\"container\">\n\t\t\t\t\t<div class=\"e-con-inner\">\n\t\t<div class=\"elementor-element elementor-element-iwgs-schwarzerfad-hl e-flex e-con-boxed e-con e-parent\" data-id=\"iwgs-schwarzerfad-hl\" data-element_type=\"container\" data-e-type=\"container\">\n\t\t\t\t\t<div class=\"e-con-inner\">\n\t\t<div class=\"elementor-element elementor-element-iwgs-schwarzerfad-hlbox e-con-full e-flex e-con e-parent\" data-id=\"iwgs-schwarzerfad-hlbox\" data-element_type=\"container\" data-e-type=\"container\">\n\t\t\t\t<div class=\"elementor-element elementor-element-iwgs-schwarzerfad-h1 elementor-widget elementor-widget-heading\" data-id=\"iwgs-schwarzerfad-h1\" data-element_type=\"widget\" data-e-type=\"widget\" data-widget_type=\"heading.default\">\n\t\t\t\t\t<h1 class=\"elementor-heading-title elementor-size-default\">\u010cierna nitka \u2013 \u010dierna ochrann\u00e1 p\u00e1ska proti zl\u00e9mu poh\u013eadu<\/h1>\t\t\t\t<\/div>\n\t\t\t\t<div class=\"elementor-element elementor-element-iwgs-schwarzerfad-lead elementor-widget elementor-widget-text-editor\" data-id=\"iwgs-schwarzerfad-lead\" data-element_type=\"widget\" data-e-type=\"widget\" data-widget_type=\"text-editor.default\">\n\t\t\t\t\t\t\t\t\t<p>\u010cierna nitka je jednoduch\u00e1 ochrann\u00e1 p\u00e1ska, ktor\u00fa si v Indii mnoho \u013eud\u00ed, najm\u00e4 mal\u00e9 deti, priv\u00e4zuje na z\u00e1p\u00e4stie, bok alebo \u010dlenok. M\u00e1 chr\u00e1ni\u0165 pred zl\u00fdm poh\u013eadom a ne\u0161\u0165ast\u00edm a patr\u00ed medzi najroz\u0161\u00edrenej\u0161ie be\u017en\u00e9 ochrann\u00e9 prostriedky.<\/p>\t\t\t\t\t\t\t\t<\/div>\n\t\t\t\t<\/div>\n\t\t\t\t<div class=\"elementor-element elementor-element-iwgs-schwarzerfad-pills elementor-widget elementor-widget-html\" data-id=\"iwgs-schwarzerfad-pills\" data-element_type=\"widget\" data-e-type=\"widget\" data-widget_type=\"html.default\">\n\t\t\t\t\t<div class=\"iwg-pill-row\"><span class=\"iwg-klasse-badge\" tabindex=\"0\" data-tooltip=\"Ochrann\u00fd symbol, amulet alebo apotropajn\u00fd predmet.\">Ochrann\u00fd symbol<\/span><a href=\"https:\/\/iwell-guard.com\/sk\/hinduizmus\/\" class=\"iwg-kultur-badge\" tabindex=\"0\" data-tooltip=\"Ochrann\u00e1 trad\u00edcia: hinduizmus\">Hinduizmus<\/a><span class=\"iwg-tradition-badge\" tabindex=\"0\" data-tooltip=\"P\u00e1ska, ktorej sa pripisuje ochrann\u00fd \u00fa\u010dinok.\">Ochrann\u00e1 p\u00e1ska<\/span><\/div>\t\t\t\t<\/div>\n\t\t\t\t\t<\/div>\n\t\t\t\t<\/div>\n\t\t<div class=\"elementor-element elementor-element-iwgs-schwarzerfad-hr e-con-full e-flex e-con e-parent\" data-id=\"iwgs-schwarzerfad-hr\" data-element_type=\"container\" data-e-type=\"container\">\n\t\t\t\t<div class=\"elementor-element elementor-element-iwgs-schwarzerfad-himg iwg-hero-image elementor-widget elementor-widget-image\" data-id=\"iwgs-schwarzerfad-himg\" data-element_type=\"widget\" data-e-type=\"widget\" data-widget_type=\"image.default\">\n\t\t\t\t\t\t\t\t\t\t\t\t\t\t\t<img fetchpriority=\"high\" decoding=\"async\" width=\"683\" height=\"1024\" src=\"https:\/\/iwell-guard.com\/wp-content\/uploads\/2026\/05\/schutzsymbol_hinduismus_schwarzer-faden-683x1024.webp\" class=\"attachment-large size-large wp-image-159526\" alt=\"\u010cierna ni\u0165 \u2013 ochrann\u00fd symbol, m\u00fazejn\u00e1 ilustr\u00e1cia\" srcset=\"https:\/\/iwell-guard.com\/wp-content\/uploads\/2026\/05\/schutzsymbol_hinduismus_schwarzer-faden-683x1024.webp 683w, https:\/\/iwell-guard.com\/wp-content\/uploads\/2026\/05\/schutzsymbol_hinduismus_schwarzer-faden-200x300.webp 200w, https:\/\/iwell-guard.com\/wp-content\/uploads\/2026\/05\/schutzsymbol_hinduismus_schwarzer-faden-768x1152.webp 768w, https:\/\/iwell-guard.com\/wp-content\/uploads\/2026\/05\/schutzsymbol_hinduismus_schwarzer-faden.webp 1024w\" sizes=\"(max-width: 683px) 100vw, 683px\" \/>\t\t\t\t\t\t\t\t\t\t\t\t\t\t\t<\/div>\n\t\t\t\t<\/div>\n\t\t\t\t\t<\/div>\n\t\t\t\t<\/div>\n\t\t<div class=\"elementor-element elementor-element-iwgs-schwarzerfad-s0 e-flex e-con-boxed e-con e-parent\" data-id=\"iwgs-schwarzerfad-s0\" data-element_type=\"container\" data-e-type=\"container\">\n\t\t\t\t\t<div class=\"e-con-inner\">\n\t\t\t\t<div class=\"elementor-element elementor-element-iwgs-schwarzerfad-s0h elementor-widget elementor-widget-heading\" data-id=\"iwgs-schwarzerfad-s0h\" data-element_type=\"widget\" data-e-type=\"widget\" data-widget_type=\"heading.default\">\n\t\t\t\t\t<h2 class=\"elementor-heading-title elementor-size-default\">Zaradenie<\/h2>\t\t\t\t<\/div>\n\t\t<div class=\"elementor-element elementor-element-iwgs-schwarzerfad-s0box e-con-full e-flex e-con e-parent\" data-id=\"iwgs-schwarzerfad-s0box\" data-element_type=\"container\" data-e-type=\"container\">\n\t\t\t\t<div class=\"elementor-element elementor-element-iwgs-schwarzerfad-s0t elementor-widget elementor-widget-text-editor\" data-id=\"iwgs-schwarzerfad-s0t\" data-element_type=\"widget\" data-e-type=\"widget\" data-widget_type=\"text-editor.default\">\n\t\t\t\t\t\t\t\t\t<p>\u010cierna nitka je jednoduch\u00e1 ochrann\u00e1 p\u00e1ska poch\u00e1dzaj\u00faca z prostredia <a href=\"https:\/\/iwell-guard.com\/sk\/hinduizmus\/\">hinduizmu<\/a> a indick\u00e9ho be\u017en\u00e9ho \u017eivota. Ide o jednoduch\u00fa \u010diernu \u0161n\u00farku, ktor\u00e1 sa priv\u00e4zuje na \u010das\u0165 tela.<\/p><p>\u010cierna nitka sa nos\u00ed na z\u00e1p\u00e4st\u00ed, na \u010dlenku alebo okolo boku. Priv\u00e4zuje sa najm\u00e4 mal\u00fdm de\u0165om, ktor\u00e9 pod\u013ea v\u0161eobecnej predstavy patria medzi obzvl\u00e1\u0161\u0165 ohrozen\u00e9.<\/p><p>\u00dalohou \u010diernej nitky je ochrana. M\u00e1 chr\u00e1ni\u0165 pred zl\u00fdm poh\u013eadom a v\u0161eobecne odvraca\u0165 ne\u0161\u0165astie a \u0161kodliv\u00e9 vplyvy od nosite\u013ea.<\/p><p>\u010cierna nitka je bl\u00edzko pr\u00edbuzn\u00e1 s in\u00fdmi ochrann\u00fdmi p\u00e1skami v Indii, predov\u0161etk\u00fdm s farebn\u00fdmi a posv\u00e4ten\u00fdmi nitkami, ktor\u00e9 sa priv\u00e4zuj\u00fa v ritu\u00e1lnom kontexte. Na rozdiel od nich je \u010dierna nitka v\u00e4\u010d\u0161inou jednoduch\u00e1 a bez zvl\u00e1\u0161tnej <span class=\"iwg-fachbegriff\" data-tooltip=\"Sl\u00e1vnostn\u00fd \u00fakon prebiehaj\u00faci pod\u013ea pevn\u00fdch pravidiel.\" tabindex=\"0\">cerem\u00f3nie<\/span>.<\/p><p>\u010cierna nitka je roz\u0161\u00edren\u00e1 aj mimo n\u00e1bo\u017eensk\u00fdch hran\u00edc. Nosia ju hinduistick\u00e9 rodiny, ale stret\u00e1vame sa s \u0148ou aj u in\u00fdch skup\u00edn obyvate\u013estva Indie, kde plat\u00ed za v\u0161eobecn\u00fd ochrann\u00fd prostriedok.<\/p><p>V <span class=\"iwg-fachbegriff\" data-tooltip=\"Veda, ktor\u00e1 sk\u00fama n\u00e1bo\u017eenstv\u00e1 porovn\u00e1vac\u00edm sp\u00f4sobom a bez v\u00e4zby na vieru.\" tabindex=\"0\">religionistike<\/span> je \u010dierna nitka dobr\u00fdm pr\u00edkladom jednoduch\u00e9ho be\u017en\u00e9ho ochrann\u00e9ho prostriedku. Jej \u00fa\u010dinok sa zaklad\u00e1 menej na nejakej vypracovanej n\u00e1uke a viac na \u0161ir\u0161ie zdie\u013eanej predstave o ochrane prostredn\u00edctvom p\u00e1sky a \u010diernej farby.<\/p>\t\t\t\t\t\t\t\t<\/div>\n\t\t\t\t<\/div>\n\t\t\t\t\t<\/div>\n\t\t\t\t<\/div>\n\t\t<div class=\"elementor-element elementor-element-iwgs-schwarzerfad-s1 e-flex e-con-boxed e-con e-parent\" data-id=\"iwgs-schwarzerfad-s1\" data-element_type=\"container\" data-e-type=\"container\">\n\t\t\t\t\t<div class=\"e-con-inner\">\n\t\t\t\t<div class=\"elementor-element elementor-element-iwgs-schwarzerfad-s1h elementor-widget elementor-widget-heading\" data-id=\"iwgs-schwarzerfad-s1h\" data-element_type=\"widget\" data-e-type=\"widget\" data-widget_type=\"heading.default\">\n\t\t\t\t\t<h2 class=\"elementor-heading-title elementor-size-default\">P\u00e1ska ako ochrann\u00fd prostriedok<\/h2>\t\t\t\t<\/div>\n\t\t<div class=\"elementor-element elementor-element-iwgs-schwarzerfad-s1box e-con-full e-flex e-con e-parent\" data-id=\"iwgs-schwarzerfad-s1box\" data-element_type=\"container\" data-e-type=\"container\">\n\t\t\t\t<div class=\"elementor-element elementor-element-iwgs-schwarzerfad-s1t elementor-widget elementor-widget-text-editor\" data-id=\"iwgs-schwarzerfad-s1t\" data-element_type=\"widget\" data-e-type=\"widget\" data-widget_type=\"text-editor.default\">\n\t\t\t\t\t\t\t\t\t<p>\u010cierna nitka patr\u00ed medzi ochrann\u00e9 p\u00e1sky. Priv\u00e4zovan\u00e1 p\u00e1ska je ochrann\u00fd prostriedok, ktor\u00fd sa vyskytuje v mnoh\u00fdch kult\u00farach a je roz\u0161\u00edren\u00fd aj v Indii.<\/p><p>P\u00e1ska sa prilo\u017e\u00ed na \u010das\u0165 tela a tam sa zauzl\u00ed. Toto priv\u00e4zovanie m\u00e1 symbolick\u00fd v\u00fdznam. Uzatv\u00e1ra nosite\u013ea a vytv\u00e1ra okolo neho pomyseln\u00fa chr\u00e1nen\u00fa hranicu.<\/p><p>Uzol tu hr\u00e1 svoju vlastn\u00fa \u00falohu. V mnoh\u00fdch predstav\u00e1ch plat\u00ed uzol za prostriedok, ktor\u00fd nie\u010do pridr\u017e\u00ed alebo nie\u010do odvr\u00e1ti. Zauzlen\u00e1 p\u00e1ska je preto viac ne\u017e len \u0161n\u00farka.<\/p><p>P\u00e1ska sa \u010dasto nos\u00ed na z\u00e1p\u00e4st\u00ed, preto\u017ee toto miesto je vidite\u013en\u00e9 a \u013eahko dostupn\u00e9. U det\u00ed sa p\u00e1ska priv\u00e4zuje aj okolo boku alebo na \u010dlenok, kde zost\u00e1va skryt\u00e1 pod odevom.<\/p><p>Ochrann\u00fdch p\u00e1sok je v Indii ve\u013ea. Existuj\u00fa posv\u00e4ten\u00e9 nitky, ktor\u00e9 priv\u00e4zuje k\u0148az, farebn\u00e9 p\u00e1sky k ur\u010dit\u00fdm sviatkom a p\u00e1sky, ktor\u00e9 sa priv\u00e4zuj\u00fa na p\u00fatnick\u00fdch miestach. \u010cierna nitka je najjednoduch\u0161ou z t\u00fdchto foriem.<\/p><p>\u010cierna nitka m\u00e1 s ostatn\u00fdmi ochrann\u00fdmi p\u00e1skami spolo\u010dn\u00fa z\u00e1kladn\u00fa my\u0161lienku. Priv\u00e4zovan\u00e1 p\u00e1ska obop\u00edna nosite\u013ea a m\u00e1 ho chr\u00e1ni\u0165 pred \u0161kodliv\u00fdmi vplyvmi. Jej osobitos\u0165 spo\u010d\u00edva v farbe a v jednoduchom, be\u017enom pou\u017eit\u00ed.<\/p>\t\t\t\t\t\t\t\t<\/div>\n\t\t\t\t<\/div>\n\t\t\t\t\t<\/div>\n\t\t\t\t<\/div>\n\t\t<div class=\"elementor-element elementor-element-iwgs-schwarzerfad-s2 e-flex e-con-boxed e-con e-parent\" data-id=\"iwgs-schwarzerfad-s2\" data-element_type=\"container\" data-e-type=\"container\">\n\t\t\t\t\t<div class=\"e-con-inner\">\n\t\t\t\t<div class=\"elementor-element elementor-element-iwgs-schwarzerfad-s2h elementor-widget elementor-widget-heading\" data-id=\"iwgs-schwarzerfad-s2h\" data-element_type=\"widget\" data-e-type=\"widget\" data-widget_type=\"heading.default\">\n\t\t\t\t\t<h2 class=\"elementor-heading-title elementor-size-default\">V\u00fdznam \u010diernej farby<\/h2>\t\t\t\t<\/div>\n\t\t<div class=\"elementor-element elementor-element-iwgs-schwarzerfad-s2box e-con-full e-flex e-con e-parent\" data-id=\"iwgs-schwarzerfad-s2box\" data-element_type=\"container\" data-e-type=\"container\">\n\t\t\t\t<div class=\"elementor-element elementor-element-iwgs-schwarzerfad-s2t elementor-widget elementor-widget-text-editor\" data-id=\"iwgs-schwarzerfad-s2t\" data-element_type=\"widget\" data-e-type=\"widget\" data-widget_type=\"text-editor.default\">\n\t\t\t\t\t\t\t\t\t<p>Najv\u00fdraznej\u0161\u00edm znakom tejto ochrannej p\u00e1sky je jej farba. Na rozdiel od \u010derven\u00fdch \u010di \u017elt\u00fdch ochrann\u00fdch nitiek v Indii je t\u00e1to nitka z\u00e1merne \u010dierna.<\/p><p>\u010cierna farba m\u00e1 v indickom kontexte osobitn\u00fd v\u00fdznam vo vz\u0165ahu k zl\u00e9mu poh\u013eadu. \u010cierna plat\u00ed za farbu, ktor\u00e1 na seba pritiahne a odp\u00fata \u0161kodliv\u00fd poh\u013ead.<\/p><p>My\u0161lienka za t\u00fdm je odklonenie. Pod\u013ea tejto predstavy sa zl\u00fd poh\u013ead zameria najprv na v\u00fdrazn\u00e9 \u010dierne znamenie, a nie na chr\u00e1nen\u00e9 die\u0165a. \u010cierna p\u00e1ska poh\u013ead ako by zachytila.<\/p><p>Z rovnak\u00e9ho d\u00f4vodu sa mal\u00fdm de\u0165om v Indii \u010dasto prid\u00e1va aj \u010dierny bod, v\u00e4\u010d\u0161inou na l\u00edce alebo na \u010delo. Aj tento \u010dierny bod m\u00e1 odp\u00fata\u0165 poh\u013ead a mierne naru\u0161i\u0165 dokonal\u00fd dojem die\u0165a\u0165a.<\/p><p>Za oboma javmi stoj\u00ed spolo\u010dn\u00e1 predstava. \u00daplne kr\u00e1sne, zdrav\u00e9 die\u0165a plat\u00ed za obzvl\u00e1\u0161\u0165 ohrozen\u00e9, preto\u017ee na seba pritiahne obdiv a z\u00e1vis\u0165. Mal\u00e1 \u010dierna \u0161kvrna odv\u00e1dza poh\u013ead a zni\u017euje nebezpe\u010denstvo.<\/p><p>\u010cierna farba pri \u010diernej nitke tak nie je vybran\u00e1 n\u00e1hodne. Je s\u00fa\u010das\u0165ou ochrannej my\u0161lienky. P\u00e1ska nep\u00f4sob\u00ed len ako priv\u00e4zovan\u00e1 p\u00e1ska, ale aj svojou odp\u00fatavaj\u00facou, poh\u013ead zachyt\u00e1vaj\u00facou farbou.<\/p>\t\t\t\t\t\t\t\t<\/div>\n\t\t\t\t<\/div>\n\t\t\t\t\t<\/div>\n\t\t\t\t<\/div>\n\t\t<div class=\"elementor-element elementor-element-iwgs-schwarzerfad-s3 e-flex e-con-boxed e-con e-parent\" data-id=\"iwgs-schwarzerfad-s3\" data-element_type=\"container\" data-e-type=\"container\">\n\t\t\t\t\t<div class=\"e-con-inner\">\n\t\t\t\t<div class=\"elementor-element elementor-element-iwgs-schwarzerfad-s3h elementor-widget elementor-widget-heading\" data-id=\"iwgs-schwarzerfad-s3h\" data-element_type=\"widget\" data-e-type=\"widget\" data-widget_type=\"heading.default\">\n\t\t\t\t\t<h2 class=\"elementor-heading-title elementor-size-default\">\u010cierna nitka a zl\u00fd poh\u013ead<\/h2>\t\t\t\t<\/div>\n\t\t<div class=\"elementor-element elementor-element-iwgs-schwarzerfad-s3box e-con-full e-flex e-con e-parent\" data-id=\"iwgs-schwarzerfad-s3box\" data-element_type=\"container\" data-e-type=\"container\">\n\t\t\t\t<div class=\"elementor-element elementor-element-iwgs-schwarzerfad-s3t elementor-widget elementor-widget-text-editor\" data-id=\"iwgs-schwarzerfad-s3t\" data-element_type=\"widget\" data-e-type=\"widget\" data-widget_type=\"text-editor.default\">\n\t\t\t\t\t\t\t\t\t<p>Najd\u00f4le\u017eitej\u0161ou \u00falohou \u010diernej nitky je ochrana pred zl\u00fdm poh\u013eadom. T\u00e1to viera je roz\u0161\u00edren\u00e1 v Indii, ako aj v mnoh\u00fdch in\u00fdch \u010dastiach svet.<\/p><p>Pod\u013ea predstavy o zlom poh\u013eade m\u00f4\u017ee poh\u013ead sp\u00f4sobi\u0165 \u0161kodu. \u010casto sa sp\u00e1ja so z\u00e1vis\u0165ou a nevra\u017eivos\u0165ou. Kto sa na nie\u010do pozer\u00e1 s ubli\u017euj\u00facou z\u00e1vis\u0165ou, m\u00f4\u017ee tomu pod\u013ea tejto predstavy u\u0161kodi\u0165.<\/p><p>Za obzvl\u00e1\u0161\u0165 ohrozen\u00e9 platia deti. Zdrav\u00e9, kr\u00e1sne die\u0165a na seba pritiahne obdiv, a pr\u00e1ve tento obdiv sa m\u00f4\u017ee pod\u013ea danej predstavy zmeni\u0165 na \u0161kodliv\u00fd poh\u013ead, aj bez zl\u00e9ho \u00famyslu.<\/p><p>Tu nastupuje \u010dierna nitka. Priv\u00e4zuje sa de\u0165om, aby ich chr\u00e1nila pred t\u00fdmto poh\u013eadom. V\u00fdrazn\u00e1 \u010dierna p\u00e1ska m\u00e1 odp\u00fata\u0165 poh\u013ead a sp\u00f4sobi\u0165, \u017ee die\u0165a vyzer\u00e1 menej v\u00fdrazne.<\/p><p>Viera v zl\u00fd poh\u013ead a prostriedky proti nemu tvoria vlastn\u00fa, ve\u013emi roz\u0161\u00edren\u00fa oblas\u0165 ochrann\u00fdch predst\u00e1v. \u010cierna nitka patr\u00ed do tejto oblasti, ktor\u00e1 je podrobnej\u0161ie predstaven\u00e1 na str\u00e1nke o <a href=\"https:\/\/iwell-guard.com\/sk\/zle-oko\/\">zlom poh\u013eade<\/a>.<\/p><p>\u010cierna nitka je tak jedn\u00fdm z najjednoduch\u0161\u00edch a z\u00e1rove\u0148 najroz\u0161\u00edrenej\u0161\u00edch prostriedkov proti zl\u00e9mu poh\u013eadu v Indii. Nevy\u017eaduje \u017eiadnu n\u00e1mahu ani <span class=\"iwg-fachbegriff\" data-tooltip=\"Sl\u00e1vnostn\u00fd \u00fakon prebiehaj\u00faci pod\u013ea pevn\u00fdch pravidiel.\" tabindex=\"0\">cerem\u00f3niu<\/span> a je dostupn\u00e1 ka\u017edej rodine.<\/p>\t\t\t\t\t\t\t\t<\/div>\n\t\t\t\t<\/div>\n\t\t\t\t\t<\/div>\n\t\t\t\t<\/div>\n\t\t<div class=\"elementor-element elementor-element-iwgs-schwarzerfad-s4 e-flex e-con-boxed e-con e-parent\" data-id=\"iwgs-schwarzerfad-s4\" data-element_type=\"container\" data-e-type=\"container\">\n\t\t\t\t\t<div class=\"e-con-inner\">\n\t\t\t\t<div class=\"elementor-element elementor-element-iwgs-schwarzerfad-s4h elementor-widget elementor-widget-heading\" data-id=\"iwgs-schwarzerfad-s4h\" data-element_type=\"widget\" data-e-type=\"widget\" data-widget_type=\"heading.default\">\n\t\t\t\t\t<h2 class=\"elementor-heading-title elementor-size-default\">\u010cierna nitka u det\u00ed<\/h2>\t\t\t\t<\/div>\n\t\t<div class=\"elementor-element elementor-element-iwgs-schwarzerfad-s4box e-con-full e-flex e-con e-parent\" data-id=\"iwgs-schwarzerfad-s4box\" data-element_type=\"container\" data-e-type=\"container\">\n\t\t\t\t<div class=\"elementor-element elementor-element-iwgs-schwarzerfad-s4t elementor-widget elementor-widget-text-editor\" data-id=\"iwgs-schwarzerfad-s4t\" data-element_type=\"widget\" data-e-type=\"widget\" data-widget_type=\"text-editor.default\">\n\t\t\t\t\t\t\t\t\t<p>Naj\u010dastej\u0161\u00edm nosite\u013eom \u010dierneho vl\u00e1kna je mal\u00e9 die\u0165a. Mnoh\u00fdm doj\u010dat\u00e1m a mal\u00fdm de\u0165om v Indii sa kr\u00e1tko po naroden\u00ed navia\u017ee tak\u00e1to p\u00e1ska.<\/p><p>D\u00f4vodom je zvl\u00e1\u0161tna zranite\u013enos\u0165, ktor\u00e1 sa mal\u00fdm de\u0165om pripisuje. Pova\u017euj\u00fa sa za e\u0161te nespevnen\u00e9, a preto za osobitne n\u00e1chyln\u00e9 na \u0161kodliv\u00e9 vplyvy a na zl\u00e9 oko.<\/p><p>P\u00e1ska sa die\u0165a\u0165u zvy\u010dajne via\u017ee okolo z\u00e1p\u00e4stia, \u010dlenka alebo bokov. Na bokoch zost\u00e1va skryt\u00e1 pod oble\u010den\u00edm a nen\u00e1padne die\u0165a sprev\u00e1dza po\u010das cel\u00e9ho d\u0148a.<\/p><p>\u010cierne vl\u00e1kno sa \u010dasto sp\u00e1ja s \u010fal\u0161\u00edmi ochrann\u00fdmi opatreniami. K nim patr\u00ed u\u017e spom\u00ednan\u00fd \u010dierny bodka na l\u00edci alebo na \u010dele die\u0165a\u0165a, ktor\u00e1 m\u00e1 tie\u017e odp\u00fata\u0165 poh\u013ead.<\/p><p>Naviazanie p\u00e1sky je v\u00e4\u010d\u0161inou z\u00e1le\u017eitos\u0165ou rodiny, \u010dasto matky alebo babi\u010dky. Nie je potrebn\u00fd \u017eiadny k\u0148azsk\u00fd \u00farad. \u010cierne vl\u00e1kno tak patr\u00ed k dom\u00e1cej, rodinnej ochrannej praxi.<\/p><p>V tomto pou\u017eit\u00ed sa ukazuje, \u017ee \u010dierne vl\u00e1kno je predov\u0161etk\u00fdm znakom starostlivosti. Vyjadruje staros\u0165 rodiny o blaho die\u0165a\u0165a a d\u00e1va tejto starosti vidite\u013en\u00fa, hmatate\u013en\u00fa podobu.<\/p>\t\t\t\t\t\t\t\t<\/div>\n\t\t\t\t<\/div>\n\t\t\t\t\t<\/div>\n\t\t\t\t<\/div>\n\t\t<div class=\"elementor-element elementor-element-iwgs-schwarzerfad-s5 e-flex e-con-boxed e-con e-parent\" data-id=\"iwgs-schwarzerfad-s5\" data-element_type=\"container\" data-e-type=\"container\">\n\t\t\t\t\t<div class=\"e-con-inner\">\n\t\t\t\t<div class=\"elementor-element elementor-element-iwgs-schwarzerfad-s5h elementor-widget elementor-widget-heading\" data-id=\"iwgs-schwarzerfad-s5h\" data-element_type=\"widget\" data-e-type=\"widget\" data-widget_type=\"heading.default\">\n\t\t\t\t\t<h2 class=\"elementor-heading-title elementor-size-default\">\u010cierne vl\u00e1kno a \u010derven\u00e9 vl\u00e1kno<\/h2>\t\t\t\t<\/div>\n\t\t<div class=\"elementor-element elementor-element-iwgs-schwarzerfad-s5box e-con-full e-flex e-con e-parent\" data-id=\"iwgs-schwarzerfad-s5box\" data-element_type=\"container\" data-e-type=\"container\">\n\t\t\t\t<div class=\"elementor-element elementor-element-iwgs-schwarzerfad-s5t elementor-widget elementor-widget-text-editor\" data-id=\"iwgs-schwarzerfad-s5t\" data-element_type=\"widget\" data-e-type=\"widget\" data-widget_type=\"text-editor.default\">\n\t\t\t\t\t\t\t\t\t<p>\u010cierne vl\u00e1kno je mo\u017en\u00e9 dobre pochopi\u0165 v porovnan\u00ed s \u010derven\u00fdm vl\u00e1knom. Oboje s\u00fa ochrann\u00e9 p\u00e1sky, l\u00ed\u0161ia sa v\u0161ak farbou a v\u00fdznamom.<\/p><p>\u010cerven\u00e9 vl\u00e1kno je v Indii roz\u0161\u00edrenou posv\u00e4tenou ochrannou p\u00e1skou. \u010casto ho via\u017ee k\u0148az, nasadzuje sa na p\u00fatnick\u00fdch miestach alebo sa ude\u013euje pri ur\u010dit\u00fdch sviatkoch. \u010cerven\u00e1 sa pova\u017euje za priazniv\u00fa, siln\u00fa farbu.<\/p><p>\u010cerven\u00e9 vl\u00e1kno tak stoj\u00ed sk\u00f4r za <span class=\"iwg-fachbegriff\" data-tooltip=\"Pr\u00eds\u013eub blaha a ochrany, \u010dasto v ust\u00e1lenej jazykovej forme.\" tabindex=\"0\">po\u017eehnanie<\/span> a za spojenie so sv\u00e4t\u00fdm. Pren\u00e1\u0161a na nosite\u013ea priazniv\u00fa silu. \u010casto je spojen\u00e9 s <span class=\"iwg-fachbegriff\" data-tooltip=\"Sl\u00e1vnostn\u00fd \u00fakon prebiehaj\u00faci pod\u013ea pevn\u00fdch pravidiel.\" tabindex=\"0\">obradom<\/span> a s vyslovenou formulou.<\/p><p>\u010cierne vl\u00e1kno je naproti tomu v\u00e4\u010d\u0161inou jednoduch\u00e9 a bez <span class=\"iwg-fachbegriff\" data-tooltip=\"Sl\u00e1vnostn\u00fd \u00fakon prebiehaj\u00faci pod\u013ea pevn\u00fdch pravidiel.\" tabindex=\"0\">obradu<\/span>. Jeho farba nesmeruje k <span class=\"iwg-fachbegriff\" data-tooltip=\"Pr\u00eds\u013eub blaha a ochrany, \u010dasto v ust\u00e1lenej jazykovej forme.\" tabindex=\"0\">po\u017eehnaniu<\/span>, ale k odvr\u00e1teniu zla. \u010cierna farba odp\u00fatava zl\u00e9 oko a zachyt\u00e1va ho.<\/p><p>Obe vl\u00e1kna sa dop\u013a\u0148aj\u00fa. Jedno p\u00f4sob\u00ed priazniv\u00fdm <span class=\"iwg-fachbegriff\" data-tooltip=\"Pr\u00eds\u013eub blaha a ochrany, \u010dasto v ust\u00e1lenej jazykovej forme.\" tabindex=\"0\">po\u017eehnan\u00edm<\/span>, druh\u00e9 odvracaj\u00facou ochranou. Niektor\u00e9 deti preto nosia obe p\u00e1sky, \u010derven\u00fa aj \u010diernu, z\u00e1rove\u0148.<\/p><p>Porovnanie ukazuje, \u017ee farba ochrannej p\u00e1sky spoluur\u010duje jej v\u00fdznam. \u010cerven\u00e1 a \u010dierna predstavuj\u00fa dva odli\u0161n\u00e9 sp\u00f4soby ochrany, jeden pri\u0165ahuj\u00faci <span class=\"iwg-fachbegriff\" data-tooltip=\"Pr\u00eds\u013eub blaha a ochrany, \u010dasto v ust\u00e1lenej jazykovej forme.\" tabindex=\"0\">po\u017eehnanie<\/span> a druh\u00fd odvracaj\u00faci pozornos\u0165.<\/p>\t\t\t\t\t\t\t\t<\/div>\n\t\t\t\t<\/div>\n\t\t\t\t\t<\/div>\n\t\t\t\t<\/div>\n\t\t<div class=\"elementor-element elementor-element-iwgs-schwarzerfad-s6 e-flex e-con-boxed e-con e-parent\" data-id=\"iwgs-schwarzerfad-s6\" data-element_type=\"container\" data-e-type=\"container\">\n\t\t\t\t\t<div class=\"e-con-inner\">\n\t\t\t\t<div class=\"elementor-element elementor-element-iwgs-schwarzerfad-s6h elementor-widget elementor-widget-heading\" data-id=\"iwgs-schwarzerfad-s6h\" data-element_type=\"widget\" data-e-type=\"widget\" data-widget_type=\"heading.default\">\n\t\t\t\t\t<h2 class=\"elementor-heading-title elementor-size-default\">\u010cierne ochrann\u00e9 p\u00e1sky v r\u00f4znych kult\u00farach<\/h2>\t\t\t\t<\/div>\n\t\t<div class=\"elementor-element elementor-element-iwgs-schwarzerfad-s6box e-con-full e-flex e-con e-parent\" data-id=\"iwgs-schwarzerfad-s6box\" data-element_type=\"container\" data-e-type=\"container\">\n\t\t\t\t<div class=\"elementor-element elementor-element-iwgs-schwarzerfad-s6t elementor-widget elementor-widget-text-editor\" data-id=\"iwgs-schwarzerfad-s6t\" data-element_type=\"widget\" data-e-type=\"widget\" data-widget_type=\"text-editor.default\">\n\t\t\t\t\t\t\t\t\t<p>\u010cierne vl\u00e1kno mo\u017eno vn\u00edma\u0165 v \u0161ir\u0161om kontexte ochrann\u00fdch p\u00e1sok. Naviazan\u00e1 p\u00e1ska je ochrann\u00fd prostriedok, ktor\u00fd sa vyskytuje v mnoh\u00fdch kult\u00farach.<\/p><p>V mnoh\u00fdch trad\u00edci\u00e1ch sa via\u017ee p\u00e1ska okolo z\u00e1p\u00e4stia alebo \u010dlenka, aby chr\u00e1nila nosite\u013ea. Farby sa l\u00ed\u0161ia, ale z\u00e1kladn\u00e1 my\u0161lienka je pr\u00edbuzn\u00e1, ochrana pomocou obop\u00ednaj\u00facej, uzlom zviazanej p\u00e1sky.<\/p><p>Ani \u010dierna farba ako prostriedok proti zl\u00e9mu oku nie je obmedzen\u00e1 iba na Indiu. V r\u00f4znych kult\u00farach Stredomoria a Bl\u00edzkeho v\u00fdchodu sa temn\u00e9 alebo v\u00fdrazn\u00e9 znaky pova\u017euj\u00fa za prostriedok na odp\u00fatanie \u0161kodliv\u00e9ho poh\u013eadu.<\/p><p>Pr\u00edbuzn\u00fd je aj modr\u00fd amulet v tvare oka, ktor\u00fd je roz\u0161\u00edren\u00fd v Turecku a v Stredomor\u00ed. Odvracia zl\u00e9 oko t\u00fdm, \u017ee ho zachyt\u00ed. Na str\u00e1nke o <a href=\"https:\/\/iwell-guard.com\/sk\/?page_id=158117\">Nazar Boncu\u011fu<\/a> je tento prostriedok podrobnej\u0161ie predstaven\u00fd.<\/p><p>\u010cierne vl\u00e1kno z Indie a modr\u00e9 oko zo Stredomoria vych\u00e1dzaj\u00fa z podobnej my\u0161lienky. V\u00fdrazn\u00fd znak up\u00fata \u0161kodliv\u00fd poh\u013ead a odvr\u00e1ti ho od chr\u00e1nen\u00e9ho \u010dloveka.<\/p><p>\u010cierne vl\u00e1kno je teda indickou podobou celosvetovo roz\u0161\u00edrenej my\u0161lienky. Ochrann\u00e1 p\u00e1ska a odv\u00e1dzaj\u00faca farba sa v \u0148om sp\u00e1jaj\u00fa do jednoduch\u00e9ho, v ka\u017edodennom \u017eivote pevne zakotven\u00e9ho ochrann\u00e9ho prostriedku.<\/p>\t\t\t\t\t\t\t\t<\/div>\n\t\t\t\t<\/div>\n\t\t\t\t\t<\/div>\n\t\t\t\t<\/div>\n\t\t<div class=\"elementor-element elementor-element-iwgs-schwarzerfad-s7 e-flex e-con-boxed e-con e-parent\" data-id=\"iwgs-schwarzerfad-s7\" data-element_type=\"container\" data-e-type=\"container\">\n\t\t\t\t\t<div class=\"e-con-inner\">\n\t\t\t\t<div class=\"elementor-element elementor-element-iwgs-schwarzerfad-s7h elementor-widget elementor-widget-heading\" data-id=\"iwgs-schwarzerfad-s7h\" data-element_type=\"widget\" data-e-type=\"widget\" data-widget_type=\"heading.default\">\n\t\t\t\t\t<h2 class=\"elementor-heading-title elementor-size-default\">Poctiv\u00e9 zaradenie p\u00f4vodu a v\u00fdkladu<\/h2>\t\t\t\t<\/div>\n\t\t<div class=\"elementor-element elementor-element-iwgs-schwarzerfad-s7box e-con-full e-flex e-con e-parent\" data-id=\"iwgs-schwarzerfad-s7box\" data-element_type=\"container\" data-e-type=\"container\">\n\t\t\t\t<div class=\"elementor-element elementor-element-iwgs-schwarzerfad-s7t elementor-widget elementor-widget-text-editor\" data-id=\"iwgs-schwarzerfad-s7t\" data-element_type=\"widget\" data-e-type=\"widget\" data-widget_type=\"text-editor.default\">\n\t\t\t\t\t\t\t\t\t<p>Pri takom jednoduchom a be\u017enom ochrannom prostriedku, ako je \u010dierne vl\u00e1kno, je d\u00f4le\u017eit\u00e9 poctiv\u00e9 zaradenie. Mnoh\u00e9 z toho, \u010do sa o \u0148om hovor\u00ed, vych\u00e1dza z roz\u0161\u00edrenej predstavy, nie z ust\u00e1lenej n\u00e1uky.<\/p><p>\u010cierne vl\u00e1kno patr\u00ed k \u013eudovej ochrannej praxi. Nie je zakotven\u00e9 v u\u010den\u00fdch n\u00e1bo\u017eensk\u00fdch textoch hinduizmu, ale odovzd\u00e1va sa a udr\u017eiava v rodin\u00e1ch.<\/p><p>Jeho vek nie je mo\u017en\u00e9 presne ur\u010di\u0165. Viazanie ochrann\u00fdch p\u00e1sok je v Indii ve\u013emi star\u00e9, ale jednoduch\u00e9 \u010dierne vl\u00e1kno v jeho dne\u0161nej forme sa ako samostatn\u00fd <span class=\"iwg-fachbegriff\" data-tooltip=\"Odovzd\u00e1van\u00fd \u00fakon, ktor\u00fd sa v spolo\u010denstve pravidelne opakuje.\" tabindex=\"0\">zvyk<\/span> len \u0165a\u017eko presne datuje.<\/p><p>Ani v\u00fdklad \u010diernej farby nie je striktne stanoven\u00fd. Vysvetlenie, \u017ee \u010dierna farba odv\u00e1dza poh\u013ead, je roz\u0161\u00edren\u00e9 a logick\u00e9, ale je to v\u00fdklad zvyku, nie jeho jedin\u00e9 mo\u017en\u00e9 vysvetlenie.<\/p><p>\u010cierne vl\u00e1kno navy\u0161e nie je \u010disto hinduistick\u00fdm znakom. Pou\u017e\u00edva sa nez\u00e1visle od n\u00e1bo\u017eensk\u00fdch hran\u00edc a patr\u00ed ku spolo\u010dnej ochrannej kult\u00fare indick\u00e9ho ka\u017edodenn\u00e9ho \u017eivota.<\/p><p>Poctiv\u00e9 zobrazenie preto opisuje \u010dierne vl\u00e1kno tak, ako naozaj je, ako jednoduch\u00fa, ve\u013emi roz\u0161\u00edren\u00fa ochrann\u00fa p\u00e1sku indick\u00e9ho ka\u017edodenn\u00e9ho \u017eivota, ktorej v\u00fdznam spo\u010d\u00edva v \u017eitej praxi, a nie v ust\u00e1lenej n\u00e1uke.<\/p>\t\t\t\t\t\t\t\t<\/div>\n\t\t\t\t<\/div>\n\t\t\t\t\t<\/div>\n\t\t\t\t<\/div>\n\t\t<div class=\"elementor-element elementor-element-iwgs-schwarzerfad-s8 e-flex e-con-boxed e-con e-parent\" data-id=\"iwgs-schwarzerfad-s8\" data-element_type=\"container\" data-e-type=\"container\">\n\t\t\t\t\t<div class=\"e-con-inner\">\n\t\t\t\t<div class=\"elementor-element elementor-element-iwgs-schwarzerfad-s8h elementor-widget elementor-widget-heading\" data-id=\"iwgs-schwarzerfad-s8h\" data-element_type=\"widget\" data-e-type=\"widget\" data-widget_type=\"heading.default\">\n\t\t\t\t\t<h2 class=\"elementor-heading-title elementor-size-default\">S\u00fa\u010dasn\u00e1 recepcia<\/h2>\t\t\t\t<\/div>\n\t\t<div class=\"elementor-element elementor-element-iwgs-schwarzerfad-s8box e-con-full e-flex e-con e-parent\" data-id=\"iwgs-schwarzerfad-s8box\" data-element_type=\"container\" data-e-type=\"container\">\n\t\t\t\t<div class=\"elementor-element elementor-element-iwgs-schwarzerfad-s8t elementor-widget elementor-widget-text-editor\" data-id=\"iwgs-schwarzerfad-s8t\" data-element_type=\"widget\" data-e-type=\"widget\" data-widget_type=\"text-editor.default\">\n\t\t\t\t\t\t\t\t\t<p>\u010cierna nitka je v Indii dodnes nesmierne roz\u0161\u00edren\u00e1. Na mnoh\u00fdch z\u00e1p\u00e4stiach a u mnoh\u00fdch det\u00ed je vidie\u0165 jednoduch\u00fa \u010diernu \u0161n\u00farku.<\/p><p>Pr\u00e1ve preto, \u017ee je jednoduch\u00e1 a nen\u00e1kladn\u00e1, sa \u010dierna nitka udr\u017eala vo v\u0161etk\u00fdch spolo\u010densk\u00fdch vrstv\u00e1ch. Nevy\u017eaduje \u017eiadnu n\u00e1mahu ani <span class=\"iwg-fachbegriff\" data-tooltip=\"Sl\u00e1vnostn\u00fd \u00fakon prebiehaj\u00faci pod\u013ea pevn\u00fdch pravidiel.\" tabindex=\"0\">cerem\u00f3niu<\/span> a je dostupn\u00e1 ka\u017edej rodine.<\/p><p>Aj medzi indick\u00fdmi vys\u0165ahovalcami a v indick\u00fdch komunit\u00e1ch mimo Indie sa \u010dierna nitka odovzd\u00e1va \u010falej. Patr\u00ed medzi zvyky, ktor\u00e9 putuj\u00fa s rodinou aj cez hranice kraj\u00edn.<\/p><p>V s\u00fa\u010dasnosti je \u010dierna nitka niekedy ch\u00e1pan\u00e1 ako vedom\u00e1 n\u00e1bo\u017eensk\u00e1 ochrann\u00e1 prax, inokedy ako samozrejm\u00fd <span class=\"iwg-fachbegriff\" data-tooltip=\"Tradi\u010dn\u00fd \u00fakon, ktor\u00fd sa v spolo\u010denstve opakovane praktizuje.\" tabindex=\"0\">zvyk<\/span>, pri ktorom presn\u00fd v\u00fdklad ustupuje do pozadia. Oba pr\u00edstupy existuj\u00fa s\u00fa\u010dasne.<\/p><p>Vecn\u00fd popis ozna\u010duje \u010diernu nitku ako jednoduch\u00fa ochrann\u00fa \u0161n\u00farku, ktor\u00e1 m\u00e1 chr\u00e1ni\u0165 pred zl\u00fdm poh\u013eadom a ktor\u00e1 sa nasadzuje predov\u0161etk\u00fdm z starostlivosti o deti.<\/p><p>\u010cierna nitka je tak v\u00fdrazn\u00fdm pr\u00edkladom jednoduch\u00e9ho ka\u017edodenn\u00e9ho ochrann\u00e9ho prostriedku. Sp\u00e1ja sa v nej ochrana prostredn\u00edctvom uviazanej \u0161n\u00farky, odpudzuj\u00faci v\u00fdznam \u010diernej farby a staros\u0165 rodiny o dobro die\u0165a\u0165a.<\/p>\t\t\t\t\t\t\t\t<\/div>\n\t\t\t\t<\/div>\n\t\t\t\t\t<\/div>\n\t\t\t\t<\/div>\n\t\t<div class=\"elementor-element elementor-element-iwgs-schwarzerfad-lit e-flex e-con-boxed e-con e-parent\" data-id=\"iwgs-schwarzerfad-lit\" data-element_type=\"container\" data-e-type=\"container\">\n\t\t\t\t\t<div class=\"e-con-inner\">\n\t\t\t\t<div class=\"elementor-element elementor-element-iwgs-schwarzerfad-lith elementor-widget elementor-widget-heading\" data-id=\"iwgs-schwarzerfad-lith\" data-element_type=\"widget\" data-e-type=\"widget\" data-widget_type=\"heading.default\">\n\t\t\t\t\t<h2 class=\"elementor-heading-title elementor-size-default\">Literat\u00fara (v\u00fdber)<\/h2>\t\t\t\t<\/div>\n\t\t<div class=\"elementor-element elementor-element-iwgs-schwarzerfad-litbox e-con-full e-flex e-con e-parent\" data-id=\"iwgs-schwarzerfad-litbox\" data-element_type=\"container\" data-e-type=\"container\">\n\t\t\t\t<div class=\"elementor-element elementor-element-iwgs-schwarzerfad-litt elementor-widget elementor-widget-html\" data-id=\"iwgs-schwarzerfad-litt\" data-element_type=\"widget\" data-e-type=\"widget\" data-widget_type=\"html.default\">\n\t\t\t\t\t<footer data-nosnippet=\"true\"><ul><li>Axel Michaels: <em>Der Hinduismus. Geschichte und Gegenwart<\/em> (1998)<\/li><li>Alan Dundes (Hrsg.): <em>The Evil Eye. A Casebook<\/em> (1981)<\/li><li>William Crooke: <em>Religion and Folklore of Northern India<\/em> (1926)<\/li><li>Heinrich von Stietencron: <em>Der Hinduismus<\/em> (2001)<\/li><li>Lawrence A. Babb: <em>The Divine Hierarchy. Popular Hinduism in Central India<\/em> (1975)<\/li><\/ul><\/footer>\t\t\t\t<\/div>\n\t\t\t\t<\/div>\n\t\t\t\t\t<\/div>\n\t\t\t\t<\/div>\n\t\t<div class=\"elementor-element elementor-element-iwgs-schwarzerfad-kwd e-flex e-con-boxed e-con e-parent\" data-id=\"iwgs-schwarzerfad-kwd\" data-element_type=\"container\" data-e-type=\"container\">\n\t\t\t\t\t<div class=\"e-con-inner\">\n\t\t\t\t<div class=\"elementor-element elementor-element-iwgs-schwarzerfad-kwdt elementor-widget elementor-widget-text-editor\" data-id=\"iwgs-schwarzerfad-kwdt\" data-element_type=\"widget\" data-e-type=\"widget\" data-widget_type=\"text-editor.default\">\n\t\t\t\t\t\t\t\t\t<p><em>S\u00favisiace k\u013e\u00fa\u010dov\u00e9 pojmy: \u010dierna nitka ochrann\u00e1 \u0161n\u00farka <span class=\"iwg-fachbegriff\" data-tooltip=\"Roz\u0161\u00edren\u00e1 predstava, \u017ee z\u00e1vistliv\u00fd poh\u013ead inej osoby m\u00f4\u017ee sp\u00f4sobi\u0165 \u0161kodu.\" tabindex=\"0\">zl\u00fd poh\u013ead<\/span> deti z\u00e1p\u00e4stie uzol \u010dierna farba hinduizmus.<\/em><\/p>\t\t\t\t\t\t\t\t<\/div>\n\t\t\t\t\t<\/div>\n\t\t\t\t<\/div>\n\t\t<div class=\"elementor-element elementor-element-iwgs-schwarzerfad-cc e-flex e-con-boxed e-con e-parent\" data-id=\"iwgs-schwarzerfad-cc\" data-element_type=\"container\" data-e-type=\"container\" id=\"iwg-cc-schwarzer-faden\">\n\t\t\t\t\t<div class=\"e-con-inner\">\n\t\t<div class=\"elementor-element elementor-element-iwgs-schwarzerfad-ccinner e-flex e-con-boxed e-con e-parent\" data-id=\"iwgs-schwarzerfad-ccinner\" data-element_type=\"container\" data-e-type=\"container\" data-settings=\"{&quot;background_background&quot;:&quot;classic&quot;}\">\n\t\t\t\t\t<div class=\"e-con-inner\">\n\t\t\t\t<div class=\"elementor-element elementor-element-iwgs-schwarzerfad-cch elementor-widget elementor-widget-heading\" data-id=\"iwgs-schwarzerfad-cch\" data-element_type=\"widget\" data-e-type=\"widget\" data-widget_type=\"heading.default\">\n\t\t\t\t\t<h2 class=\"elementor-heading-title elementor-size-default\">iWell Guard a ochrann\u00e9 trad\u00edcie<\/h2>\t\t\t\t<\/div>\n\t\t\t\t<div class=\"elementor-element elementor-element-iwgs-schwarzerfad-cct elementor-widget elementor-widget-text-editor\" data-id=\"iwgs-schwarzerfad-cct\" data-element_type=\"widget\" data-e-type=\"widget\" data-widget_type=\"text-editor.default\">\n\t\t\t\t\t\t\t\t\t<p>iWell Guard nadv\u00e4zuje na kult\u00farno-historick\u00fa trad\u00edciu prenosn\u00fdch ochrann\u00fdch predmetov, ku ktorej patr\u00ed aj \u010dierna nitka. Modern\u00fd spolo\u010dn\u00edk pre \u013eud\u00ed, ktor\u00ed \u017eij\u00fa s ochrann\u00fdmi symbolmi: vyroben\u00fd v Nemecku, 41 vrstiev z prav\u00e9ho zlata, platiny a striebra, s 30-d\u0148ovou lehotou na vr\u00e1tenie.<\/p>\t\t\t\t\t\t\t\t<\/div>\n\t\t\t\t<div class=\"elementor-element elementor-element-iwgs-schwarzerfad-ccb iwg-cc-button iwg-cc-cta-2026-05-13 elementor-widget elementor-widget-jet-button\" data-id=\"iwgs-schwarzerfad-ccb\" data-element_type=\"widget\" data-e-type=\"widget\" data-widget_type=\"jet-button.default\">\n\t\t\t\t<div class=\"elementor-widget-container\">\n\t\t\t\t\t<div class=\"elementor-jet-button jet-elements\"><div class=\"jet-button__container\"><a class=\"jet-button__instance jet-button__instance--icon-left hover-effect-1\" href=\"\/schutzanhaenger-iwell-guard-kaufen\/?utm_source=iwell-guard.com&amp;utm_medium=info-box&amp;utm_campaign=schutzsymbole\"><div class=\"jet-button__plane jet-button__plane-normal\"><\/div><div class=\"jet-button__plane jet-button__plane-hover\"><\/div><div class=\"jet-button__state jet-button__state-normal\"><span class=\"jet-button__label\">Viac o iWell Guard<\/span><\/div><div class=\"jet-button__state jet-button__state-hover\"><span class=\"jet-button__label\">Viac o iWell Guard<\/span><\/div><\/a><\/div><\/div><style>.elementor-element.elementor-element-iwgs-schwarzerfad-ccb .jet-button__instance{width:320px;height:56px;}.elementor-element.elementor-element-iwgs-schwarzerfad-ccb .jet-button__state-normal .jet-button__label{text-align:center;margin:0px 0px 0px 0px;color:#1a1b20;font-family:Montserrat,sans-serif;font-size:13px;font-weight:400;letter-spacing:4px;line-height:1.714em;text-transform:uppercase;}.elementor-element.elementor-element-iwgs-schwarzerfad-ccb .jet-button__state-hover .jet-button__label{text-align:center;margin:0px 0px 0px 0px;color:#FECC76;font-family:Montserrat,sans-serif;font-size:13px;font-weight:400;letter-spacing:4px;line-height:1.714em;text-transform:uppercase;}.elementor-element.elementor-element-iwgs-schwarzerfad-ccb .jet-button__plane-normal{background-color:#FECC76;border-style:solid;border-color:#C99540;border-width:2px 2px 2px 2px;}.elementor-element.elementor-element-iwgs-schwarzerfad-ccb .jet-button__plane-hover{background-color:rgba(0,0,0,0.55);border-style:solid;border-color:#FECC76;border-width:2px 2px 2px 2px;}<\/style>\t\t\t\t<\/div>\n\t\t\t\t<\/div>\n\t\t\t\t<div class=\"elementor-element elementor-element-iwgs-schwarzerfad-ccd elementor-widget elementor-widget-text-editor\" data-id=\"iwgs-schwarzerfad-ccd\" data-element_type=\"widget\" data-e-type=\"widget\" data-widget_type=\"text-editor.default\">\n\t\t\t\t\t\t\t\t\t<p style=\"text-align:center;font-size:13px;opacity:0.7;margin-top:14px\" data-nosnippet=\"true\">Osobn\u00e9 sk\u00fasenosti sa m\u00f4\u017eu l\u00ed\u0161i\u0165. Nejde o zdravotn\u00edcku pom\u00f4cku. Nejde o pr\u00eds\u013eub lie\u010denia.<\/p>\t\t\t\t\t\t\t\t<\/div>\n\t\t\t\t\t<\/div>\n\t\t\t\t<\/div>\n\t\t\t\t\t<\/div>\n\t\t\t\t<\/div>\n\t\t<div class=\"elementor-element elementor-element-iwgs-schwarzerfad-disc e-flex e-con-boxed e-con e-parent\" data-id=\"iwgs-schwarzerfad-disc\" data-element_type=\"container\" data-e-type=\"container\">\n\t\t\t\t\t<div class=\"e-con-inner\">\n\t\t\t\t<div class=\"elementor-element elementor-element-iwgs-schwarzerfad-discw elementor-widget elementor-widget-html\" data-id=\"iwgs-schwarzerfad-discw\" data-element_type=\"widget\" data-e-type=\"widget\" data-widget_type=\"html.default\">\n\t\t\t\t\t<footer data-nosnippet=\"true\" class=\"iwg-disclaimer-block\"><p data-nosnippet=\"true\">iWell Guard <strong>nie je zdravotn\u00edcka pom\u00f4cka<\/strong> a nenahr\u00e1dza lek\u00e1rske ani psychoterapeutick\u00e9 lie\u010denie. Tu uveden\u00fd obsah predstavuje religionistick\u00e9 a kult\u00farno-historick\u00e9 zaradenie, nie pr\u00eds\u013eub duchovn\u00e9ho \u00fa\u010dinku.<\/p><\/footer>\t\t\t\t<\/div>\n\t\t\t\t\t<\/div>\n\t\t\t\t<\/div>\n\t\t\t\t<\/div>\n\t\t","protected":false},"excerpt":{"rendered":"","protected":false},"author":3,"featured_media":3519,"parent":0,"menu_order":0,"comment_status":"closed","ping_status":"closed","template":"elementor_header_footer","meta":{"_yoast_wpseo_focuskw":"\u010dierna nitka","_yoast_wpseo_title":"\u010cierna nitka \u2013 ochrann\u00e1 p\u00e1ska v hinduizme","_yoast_wpseo_metadesc":"\u010cierna nitka je ochrann\u00e1 p\u00e1ska proti zl\u00e9mu poh\u013eadu, ktor\u00fa si \u010dasto priv\u00e4zuj\u00fa deti. Zrozumite\u013ene vysvetlen\u00e9 jej v\u00fdznam, p\u00f4vod a pou\u017eitie.","_yoast_wpseo_meta-robots-noindex":"","_yoast_wpseo_canonical":"","_angie_page":false,"gefaehrdungsstufe":"","wesen_kultur":"","wesen_klasse":"","footnotes":""},"categories":[],"class_list":["post-158182","page","type-page","status-publish","has-post-thumbnail","hentry"],"yoast_head":"<!-- This site is optimized with the Yoast SEO Premium plugin v27.7 (Yoast SEO v28.3) - https:\/\/yoast.com\/product\/yoast-seo-premium-wordpress\/ -->\n<title>\u010cierna nitka \u2013 ochrann\u00e1 p\u00e1ska v hinduizme<\/title>\n<meta name=\"description\" content=\"\u010cierna nitka je ochrann\u00e1 p\u00e1ska proti zl\u00e9mu poh\u013eadu, ktor\u00fa si \u010dasto priv\u00e4zuj\u00fa deti. Zrozumite\u013ene vysvetlen\u00e9 jej v\u00fdznam, p\u00f4vod a pou\u017eitie.\" \/>\n<meta name=\"robots\" content=\"index, follow, max-snippet:-1, max-image-preview:large, max-video-preview:-1\" \/>\n<link rel=\"canonical\" href=\"https:\/\/iwell-guard.com\/sk\/cierna-nitka-ochrana-zly-pohlad\/\" \/>\n<meta property=\"og:locale\" content=\"sk_SK\" \/>\n<meta property=\"og:type\" content=\"article\" \/>\n<meta property=\"og:title\" content=\"\u010cierna nitka \u2013 ochrann\u00e1 p\u00e1ska proti zl\u00e9mu poh\u013eadu\" \/>\n<meta property=\"og:description\" content=\"\u010cierna nitka je ochrann\u00e1 p\u00e1ska proti zl\u00e9mu poh\u013eadu, ktor\u00fa si \u010dasto priv\u00e4zuj\u00fa deti. Zrozumite\u013ene vysvetlen\u00e9 jej v\u00fdznam, p\u00f4vod a pou\u017eitie.\" \/>\n<meta property=\"og:url\" content=\"https:\/\/iwell-guard.com\/sk\/cierna-nitka-ochrana-zly-pohlad\/\" \/>\n<meta property=\"og:site_name\" content=\"iWell Guard\" \/>\n<meta property=\"article:modified_time\" content=\"2026-09-04T22:53:29+00:00\" \/>\n<meta property=\"og:image\" content=\"https:\/\/iwell-guard.com\/wp-content\/uploads\/2026\/05\/schutzsymbol_hinduismus_schwarzer-faden.webp\" \/>\n\t<meta property=\"og:image:width\" content=\"1024\" \/>\n\t<meta property=\"og:image:height\" content=\"1536\" \/>\n\t<meta property=\"og:image:type\" content=\"image\/webp\" \/>\n<meta name=\"twitter:card\" content=\"summary_large_image\" \/>\n<script type=\"application\/ld+json\" class=\"yoast-schema-graph\">{\"@context\":\"https:\\\/\\\/schema.org\",\"@graph\":[{\"@type\":\"WebPage\",\"@id\":\"https:\\\/\\\/iwell-guard.com\\\/sk\\\/cierna-nitka-ochrana-zly-pohlad\\\/\",\"url\":\"https:\\\/\\\/iwell-guard.com\\\/sk\\\/cierna-nitka-ochrana-zly-pohlad\\\/\",\"name\":\"\u010cierna nitka \u2013 ochrann\u00e1 p\u00e1ska v hinduizme\",\"isPartOf\":{\"@id\":\"https:\\\/\\\/iwell-guard.com\\\/sk\\\/#website\"},\"primaryImageOfPage\":{\"@id\":\"https:\\\/\\\/iwell-guard.com\\\/sk\\\/cierna-nitka-ochrana-zly-pohlad\\\/#primaryimage\"},\"image\":{\"@id\":\"https:\\\/\\\/iwell-guard.com\\\/sk\\\/cierna-nitka-ochrana-zly-pohlad\\\/#primaryimage\"},\"thumbnailUrl\":\"https:\\\/\\\/iwell-guard.com\\\/wp-content\\\/uploads\\\/2026\\\/05\\\/schutzsymbol_hinduismus_schwarzer-faden.webp\",\"datePublished\":\"2026-09-04T22:23:11+00:00\",\"dateModified\":\"2026-09-04T22:53:29+00:00\",\"description\":\"\u010cierna nitka je ochrann\u00e1 p\u00e1ska proti zl\u00e9mu poh\u013eadu, ktor\u00fa si \u010dasto priv\u00e4zuj\u00fa deti. Zrozumite\u013ene vysvetlen\u00e9 jej v\u00fdznam, p\u00f4vod a pou\u017eitie.\",\"breadcrumb\":{\"@id\":\"https:\\\/\\\/iwell-guard.com\\\/sk\\\/cierna-nitka-ochrana-zly-pohlad\\\/#breadcrumb\"},\"inLanguage\":\"sk-SK\",\"potentialAction\":[{\"@type\":\"ReadAction\",\"target\":[\"https:\\\/\\\/iwell-guard.com\\\/sk\\\/cierna-nitka-ochrana-zly-pohlad\\\/\"]}]},{\"@type\":\"ImageObject\",\"inLanguage\":\"sk-SK\",\"@id\":\"https:\\\/\\\/iwell-guard.com\\\/sk\\\/cierna-nitka-ochrana-zly-pohlad\\\/#primaryimage\",\"url\":\"https:\\\/\\\/iwell-guard.com\\\/wp-content\\\/uploads\\\/2026\\\/05\\\/schutzsymbol_hinduismus_schwarzer-faden.webp\",\"contentUrl\":\"https:\\\/\\\/iwell-guard.com\\\/wp-content\\\/uploads\\\/2026\\\/05\\\/schutzsymbol_hinduismus_schwarzer-faden.webp\",\"width\":1024,\"height\":1536,\"caption\":\"Ochrann\u00fd symbol. Muze\u00e1lna ilustr\u00e1cia z\u00e1ti\u0161ia.\"},{\"@type\":\"BreadcrumbList\",\"@id\":\"https:\\\/\\\/iwell-guard.com\\\/sk\\\/cierna-nitka-ochrana-zly-pohlad\\\/#breadcrumb\",\"itemListElement\":[{\"@type\":\"ListItem\",\"position\":1,\"name\":\"Start\",\"item\":\"https:\\\/\\\/iwell-guard.com\\\/sk\\\/?page_id=157572\"},{\"@type\":\"ListItem\",\"position\":2,\"name\":\"\u010cierna nitka \u2013 ochrann\u00e1 p\u00e1ska proti zl\u00e9mu poh\u013eadu\"}]},{\"@type\":\"WebSite\",\"@id\":\"https:\\\/\\\/iwell-guard.com\\\/sk\\\/#website\",\"url\":\"https:\\\/\\\/iwell-guard.com\\\/sk\\\/\",\"name\":\"iWell Guard\",\"description\":\"Schutz vor dunklen Einfl\u00fcssen\",\"publisher\":{\"@id\":\"https:\\\/\\\/iwell-guard.com\\\/sk\\\/#organization\"},\"potentialAction\":[{\"@type\":\"SearchAction\",\"target\":{\"@type\":\"EntryPoint\",\"urlTemplate\":\"https:\\\/\\\/iwell-guard.com\\\/sk\\\/?s={search_term_string}\"},\"query-input\":{\"@type\":\"PropertyValueSpecification\",\"valueRequired\":true,\"valueName\":\"search_term_string\"}}],\"inLanguage\":\"sk-SK\"},{\"@type\":\"Organization\",\"@id\":\"https:\\\/\\\/iwell-guard.com\\\/sk\\\/#organization\",\"name\":\"Ittermann electronic GmbH\",\"url\":\"https:\\\/\\\/iwell-guard.com\\\/sk\\\/\",\"logo\":{\"@type\":\"ImageObject\",\"inLanguage\":\"sk-SK\",\"@id\":\"https:\\\/\\\/iwell-guard.com\\\/sk\\\/#\\\/schema\\\/logo\\\/image\\\/\",\"url\":\"https:\\\/\\\/iwell-guard.com\\\/wp-content\\\/uploads\\\/2026\\\/05\\\/Ittermann-Logo-1182x237-1.png\",\"contentUrl\":\"https:\\\/\\\/iwell-guard.com\\\/wp-content\\\/uploads\\\/2026\\\/05\\\/Ittermann-Logo-1182x237-1.png\",\"width\":1182,\"height\":237,\"caption\":\"Ittermann electronic GmbH\"},\"image\":{\"@id\":\"https:\\\/\\\/iwell-guard.com\\\/sk\\\/#\\\/schema\\\/logo\\\/image\\\/\"},\"sameAs\":[\"https:\\\/\\\/pantip.com\\\/profile\\\/9367242\",\"https:\\\/\\\/micro.blog\\\/iwellguard\",\"https:\\\/\\\/www.diggerslist.com\\\/iwellguard\\\/about\",\"https:\\\/\\\/skitterphoto.com\\\/photographers\\\/2870314\\\/iwell-guard\",\"https:\\\/\\\/iwellguard.wordpress.com\\\/2026\\\/06\\\/06\\\/iwell-guard\\\/\",\"https:\\\/\\\/hub.docker.com\\\/u\\\/iwellguard\",\"https:\\\/\\\/www.pinterest.com\\\/iwellguard\\\/\",\"https:\\\/\\\/bit.ly\\\/m\\\/iwellguard\",\"https:\\\/\\\/entre-vos-mains.alsace.eu\\\/profiles\\\/iwellguard\\\/activity\",\"https:\\\/\\\/gravatar.com\\\/reallybeded8fd34\",\"https:\\\/\\\/naijamatta.com\\\/iwellguard\",\"https:\\\/\\\/www.goodreads.com\\\/iwellguard\",\"https:\\\/\\\/profile.hatena.ne.jp\\\/iwellguard\\\/\",\"https:\\\/\\\/experiment.com\\\/users\\\/iwellguard\",\"https:\\\/\\\/wakelet.com\\\/@iWellGuard82270\",\"https:\\\/\\\/www.chordie.com\\\/forum\\\/profile.php?id=2555664\",\"https:\\\/\\\/www.instapaper.com\\\/p\\\/17757966\",\"https:\\\/\\\/www.mapleprimes.com\\\/users\\\/iwellguard\",\"https:\\\/\\\/businesslistingplus.com\\\/profile\\\/iwell-guard\\\/\",\"https:\\\/\\\/telegra.ph\\\/iWell-Guard-06-06\",\"https:\\\/\\\/pbase.com\\\/iwellguard\\\/iwellguard\",\"https:\\\/\\\/b.hatena.ne.jp\\\/iwellguard\\\/20260607#bookmark-4788405196491818882\",\"https:\\\/\\\/fliphtml5.com\\\/home\\\/iwellguard\",\"https:\\\/\\\/anyflip.com\\\/homepage\\\/cmiwl#About\",\"https:\\\/\\\/transfur.com\\\/Users\\\/iwellguard\",\"http:\\\/\\\/delphi.larsbo.org\\\/user\\\/iwellguard\",\"https:\\\/\\\/jobs.lajobsportal.org\\\/profiles\\\/8380803-iwell-guard\",\"https:\\\/\\\/md.chaosdorf.de\\\/s\\\/jfbe5SBdJD\",\"https:\\\/\\\/www.lingvolive.com\\\/en-us\\\/profile\\\/9ecaeaca-ce11-4e51-9e71-01d55e2bff36\\\/translations\",\"https:\\\/\\\/www.fitday.com\\\/fitness\\\/forums\\\/members\\\/iwellguard.html\",\"https:\\\/\\\/www.mymeetbook.com\\\/iwellguard\",\"https:\\\/\\\/pxhere.com\\\/en\\\/photographer-me\\\/5040798\",\"https:\\\/\\\/disqus.com\\\/by\\\/iwellguard\\\/about\\\/\",\"https:\\\/\\\/pastelink.net\\\/hjwciqwq\",\"https:\\\/\\\/pubhtml5.com\\\/homepage\\\/scjhn\\\/\",\"https:\\\/\\\/www.bitchute.com\\\/channel\\\/2O2eOKzNqujT\",\"https:\\\/\\\/audiomack.com\\\/iwellguard\"]}]}<\/script>\n<!-- \/ Yoast SEO Premium plugin. -->","yoast_head_json":{"title":"\u010cierna nitka \u2013 ochrann\u00e1 p\u00e1ska v hinduizme","description":"\u010cierna nitka je ochrann\u00e1 p\u00e1ska proti zl\u00e9mu poh\u013eadu, ktor\u00fa si \u010dasto priv\u00e4zuj\u00fa deti. Zrozumite\u013ene vysvetlen\u00e9 jej v\u00fdznam, p\u00f4vod a pou\u017eitie.","robots":{"index":"index","follow":"follow","max-snippet":"max-snippet:-1","max-image-preview":"max-image-preview:large","max-video-preview":"max-video-preview:-1"},"canonical":"https:\/\/iwell-guard.com\/sk\/cierna-nitka-ochrana-zly-pohlad\/","og_locale":"sk_SK","og_type":"article","og_title":"\u010cierna nitka \u2013 ochrann\u00e1 p\u00e1ska proti zl\u00e9mu poh\u013eadu","og_description":"\u010cierna nitka je ochrann\u00e1 p\u00e1ska proti zl\u00e9mu poh\u013eadu, ktor\u00fa si \u010dasto priv\u00e4zuj\u00fa deti. Zrozumite\u013ene vysvetlen\u00e9 jej v\u00fdznam, p\u00f4vod a pou\u017eitie.","og_url":"https:\/\/iwell-guard.com\/sk\/cierna-nitka-ochrana-zly-pohlad\/","og_site_name":"iWell Guard","article_modified_time":"2026-09-04T22:53:29+00:00","og_image":[{"width":1024,"height":1536,"url":"https:\/\/iwell-guard.com\/wp-content\/uploads\/2026\/05\/schutzsymbol_hinduismus_schwarzer-faden.webp","type":"image\/webp"}],"twitter_card":"summary_large_image","schema":{"@context":"https:\/\/schema.org","@graph":[{"@type":"WebPage","@id":"https:\/\/iwell-guard.com\/sk\/cierna-nitka-ochrana-zly-pohlad\/","url":"https:\/\/iwell-guard.com\/sk\/cierna-nitka-ochrana-zly-pohlad\/","name":"\u010cierna nitka \u2013 ochrann\u00e1 p\u00e1ska v hinduizme","isPartOf":{"@id":"https:\/\/iwell-guard.com\/sk\/#website"},"primaryImageOfPage":{"@id":"https:\/\/iwell-guard.com\/sk\/cierna-nitka-ochrana-zly-pohlad\/#primaryimage"},"image":{"@id":"https:\/\/iwell-guard.com\/sk\/cierna-nitka-ochrana-zly-pohlad\/#primaryimage"},"thumbnailUrl":"https:\/\/iwell-guard.com\/wp-content\/uploads\/2026\/05\/schutzsymbol_hinduismus_schwarzer-faden.webp","datePublished":"2026-09-04T22:23:11+00:00","dateModified":"2026-09-04T22:53:29+00:00","description":"\u010cierna nitka je ochrann\u00e1 p\u00e1ska proti zl\u00e9mu poh\u013eadu, ktor\u00fa si \u010dasto priv\u00e4zuj\u00fa deti. Zrozumite\u013ene vysvetlen\u00e9 jej v\u00fdznam, p\u00f4vod a pou\u017eitie.","breadcrumb":{"@id":"https:\/\/iwell-guard.com\/sk\/cierna-nitka-ochrana-zly-pohlad\/#breadcrumb"},"inLanguage":"sk-SK","potentialAction":[{"@type":"ReadAction","target":["https:\/\/iwell-guard.com\/sk\/cierna-nitka-ochrana-zly-pohlad\/"]}]},{"@type":"ImageObject","inLanguage":"sk-SK","@id":"https:\/\/iwell-guard.com\/sk\/cierna-nitka-ochrana-zly-pohlad\/#primaryimage","url":"https:\/\/iwell-guard.com\/wp-content\/uploads\/2026\/05\/schutzsymbol_hinduismus_schwarzer-faden.webp","contentUrl":"https:\/\/iwell-guard.com\/wp-content\/uploads\/2026\/05\/schutzsymbol_hinduismus_schwarzer-faden.webp","width":1024,"height":1536,"caption":"Ochrann\u00fd symbol. Muze\u00e1lna ilustr\u00e1cia z\u00e1ti\u0161ia."},{"@type":"BreadcrumbList","@id":"https:\/\/iwell-guard.com\/sk\/cierna-nitka-ochrana-zly-pohlad\/#breadcrumb","itemListElement":[{"@type":"ListItem","position":1,"name":"Start","item":"https:\/\/iwell-guard.com\/sk\/?page_id=157572"},{"@type":"ListItem","position":2,"name":"\u010cierna nitka \u2013 ochrann\u00e1 p\u00e1ska proti zl\u00e9mu poh\u013eadu"}]},{"@type":"WebSite","@id":"https:\/\/iwell-guard.com\/sk\/#website","url":"https:\/\/iwell-guard.com\/sk\/","name":"iWell Guard","description":"Schutz vor dunklen Einfl\u00fcssen","publisher":{"@id":"https:\/\/iwell-guard.com\/sk\/#organization"},"potentialAction":[{"@type":"SearchAction","target":{"@type":"EntryPoint","urlTemplate":"https:\/\/iwell-guard.com\/sk\/?s={search_term_string}"},"query-input":{"@type":"PropertyValueSpecification","valueRequired":true,"valueName":"search_term_string"}}],"inLanguage":"sk-SK"},{"@type":"Organization","@id":"https:\/\/iwell-guard.com\/sk\/#organization","name":"Ittermann electronic GmbH","url":"https:\/\/iwell-guard.com\/sk\/","logo":{"@type":"ImageObject","inLanguage":"sk-SK","@id":"https:\/\/iwell-guard.com\/sk\/#\/schema\/logo\/image\/","url":"https:\/\/iwell-guard.com\/wp-content\/uploads\/2026\/05\/Ittermann-Logo-1182x237-1.png","contentUrl":"https:\/\/iwell-guard.com\/wp-content\/uploads\/2026\/05\/Ittermann-Logo-1182x237-1.png","width":1182,"height":237,"caption":"Ittermann electronic GmbH"},"image":{"@id":"https:\/\/iwell-guard.com\/sk\/#\/schema\/logo\/image\/"},"sameAs":["https:\/\/pantip.com\/profile\/9367242","https:\/\/micro.blog\/iwellguard","https:\/\/www.diggerslist.com\/iwellguard\/about","https:\/\/skitterphoto.com\/photographers\/2870314\/iwell-guard","https:\/\/iwellguard.wordpress.com\/2026\/06\/06\/iwell-guard\/","https:\/\/hub.docker.com\/u\/iwellguard","https:\/\/www.pinterest.com\/iwellguard\/","https:\/\/bit.ly\/m\/iwellguard","https:\/\/entre-vos-mains.alsace.eu\/profiles\/iwellguard\/activity","https:\/\/gravatar.com\/reallybeded8fd34","https:\/\/naijamatta.com\/iwellguard","https:\/\/www.goodreads.com\/iwellguard","https:\/\/profile.hatena.ne.jp\/iwellguard\/","https:\/\/experiment.com\/users\/iwellguard","https:\/\/wakelet.com\/@iWellGuard82270","https:\/\/www.chordie.com\/forum\/profile.php?id=2555664","https:\/\/www.instapaper.com\/p\/17757966","https:\/\/www.mapleprimes.com\/users\/iwellguard","https:\/\/businesslistingplus.com\/profile\/iwell-guard\/","https:\/\/telegra.ph\/iWell-Guard-06-06","https:\/\/pbase.com\/iwellguard\/iwellguard","https:\/\/b.hatena.ne.jp\/iwellguard\/20260607#bookmark-4788405196491818882","https:\/\/fliphtml5.com\/home\/iwellguard","https:\/\/anyflip.com\/homepage\/cmiwl#About","https:\/\/transfur.com\/Users\/iwellguard","http:\/\/delphi.larsbo.org\/user\/iwellguard","https:\/\/jobs.lajobsportal.org\/profiles\/8380803-iwell-guard","https:\/\/md.chaosdorf.de\/s\/jfbe5SBdJD","https:\/\/www.lingvolive.com\/en-us\/profile\/9ecaeaca-ce11-4e51-9e71-01d55e2bff36\/translations","https:\/\/www.fitday.com\/fitness\/forums\/members\/iwellguard.html","https:\/\/www.mymeetbook.com\/iwellguard","https:\/\/pxhere.com\/en\/photographer-me\/5040798","https:\/\/disqus.com\/by\/iwellguard\/about\/","https:\/\/pastelink.net\/hjwciqwq","https:\/\/pubhtml5.com\/homepage\/scjhn\/","https:\/\/www.bitchute.com\/channel\/2O2eOKzNqujT","https:\/\/audiomack.com\/iwellguard"]}]}},"_links":{"self":[{"href":"https:\/\/iwell-guard.com\/sk\/wp-json\/wp\/v2\/pages\/158182","targetHints":{"allow":["GET"]}}],"collection":[{"href":"https:\/\/iwell-guard.com\/sk\/wp-json\/wp\/v2\/pages"}],"about":[{"href":"https:\/\/iwell-guard.com\/sk\/wp-json\/wp\/v2\/types\/page"}],"author":[{"embeddable":true,"href":"https:\/\/iwell-guard.com\/sk\/wp-json\/wp\/v2\/users\/3"}],"replies":[{"embeddable":true,"href":"https:\/\/iwell-guard.com\/sk\/wp-json\/wp\/v2\/comments?post=158182"}],"version-history":[{"count":0,"href":"https:\/\/iwell-guard.com\/sk\/wp-json\/wp\/v2\/pages\/158182\/revisions"}],"wp:featuredmedia":[{"embeddable":true,"href":"https:\/\/iwell-guard.com\/sk\/wp-json\/wp\/v2\/media\/3519"}],"wp:attachment":[{"href":"https:\/\/iwell-guard.com\/sk\/wp-json\/wp\/v2\/media?parent=158182"}],"wp:term":[{"taxonomy":"category","embeddable":true,"href":"https:\/\/iwell-guard.com\/sk\/wp-json\/wp\/v2\/categories?post=158182"}],"curies":[{"name":"wp","href":"https:\/\/api.w.org\/{rel}","templated":true}]}}