{"id":158178,"date":"2026-09-04T22:23:09","date_gmt":"2026-09-04T22:23:09","guid":{"rendered":"https:\/\/iwell-guard.com\/?page_id=158178"},"modified":"2026-09-04T22:53:21","modified_gmt":"2026-09-04T22:53:21","slug":"zulfiqar-mec-aliho-ako-ochranne-znamenie","status":"publish","type":"page","link":"https:\/\/iwell-guard.com\/sk\/zulfiqar-mec-aliho-ako-ochranne-znamenie\/","title":{"rendered":"Zulfiqar \u2013 Aliov me\u010d ako ochrann\u00e9 znamenie"},"content":{"rendered":"\t\t<div data-elementor-type=\"wp-page\" data-elementor-id=\"158178\" class=\"elementor elementor-158178 elementor-3676 elementor-bc-flex-widget\" data-elementor-post-type=\"page\">\n\t\t\t\t<div class=\"elementor-element elementor-element-iwgs-zulfiqar-hero e-flex e-con-boxed e-con e-parent\" data-id=\"iwgs-zulfiqar-hero\" data-element_type=\"container\" data-e-type=\"container\">\n\t\t\t\t\t<div class=\"e-con-inner\">\n\t\t<div class=\"elementor-element elementor-element-iwgs-zulfiqar-hl e-flex e-con-boxed e-con e-parent\" data-id=\"iwgs-zulfiqar-hl\" data-element_type=\"container\" data-e-type=\"container\">\n\t\t\t\t\t<div class=\"e-con-inner\">\n\t\t<div class=\"elementor-element elementor-element-iwgs-zulfiqar-hlbox e-con-full e-flex e-con e-parent\" data-id=\"iwgs-zulfiqar-hlbox\" data-element_type=\"container\" data-e-type=\"container\">\n\t\t\t\t<div class=\"elementor-element elementor-element-iwgs-zulfiqar-h1 elementor-widget elementor-widget-heading\" data-id=\"iwgs-zulfiqar-h1\" data-element_type=\"widget\" data-e-type=\"widget\" data-widget_type=\"heading.default\">\n\t\t\t\t\t<h1 class=\"elementor-heading-title elementor-size-default\">Zulfiqar \u2013 Aliov me\u010d ako znamenie a ochrana<\/h1>\t\t\t\t<\/div>\n\t\t\t\t<div class=\"elementor-element elementor-element-iwgs-zulfiqar-lead elementor-widget elementor-widget-text-editor\" data-id=\"iwgs-zulfiqar-lead\" data-element_type=\"widget\" data-e-type=\"widget\" data-widget_type=\"text-editor.default\">\n\t\t\t\t\t\t\t\t\t<p>Zulfiqar je legend\u00e1rny me\u010d Aliho, bratranca a z\u00e1rove\u0148 za\u0165a Proroka. So svojou charakteristickou rozdvojenou \u010depe\u013eou je v\u00fdznamn\u00fdm znamen\u00edm, najm\u00e4 v \u0161iitskom islame.<\/p>\t\t\t\t\t\t\t\t<\/div>\n\t\t\t\t<\/div>\n\t\t\t\t<div class=\"elementor-element elementor-element-iwgs-zulfiqar-pills elementor-widget elementor-widget-html\" data-id=\"iwgs-zulfiqar-pills\" data-element_type=\"widget\" data-e-type=\"widget\" data-widget_type=\"html.default\">\n\t\t\t\t\t<div class=\"iwg-pill-row\"><span class=\"iwg-klasse-badge\" tabindex=\"0\" data-tooltip=\"Ochrann\u00fd symbol, amulet alebo apotropajn\u00fd predmet.\">Ochrann\u00fd symbol<\/span><a href=\"https:\/\/iwell-guard.com\/sk\/islam\/\" class=\"iwg-kultur-badge\" tabindex=\"0\" data-tooltip=\"Ochrann\u00e1 trad\u00edcia: Islam\">Islam<\/a><span class=\"iwg-tradition-badge\" tabindex=\"0\" data-tooltip=\"Symbol s ochrannou alebo v\u00fdznamotvornou funkciou.\">Znamenie<\/span><\/div>\t\t\t\t<\/div>\n\t\t\t\t\t<\/div>\n\t\t\t\t<\/div>\n\t\t<div class=\"elementor-element elementor-element-iwgs-zulfiqar-hr e-con-full e-flex e-con e-parent\" data-id=\"iwgs-zulfiqar-hr\" data-element_type=\"container\" data-e-type=\"container\">\n\t\t\t\t<div class=\"elementor-element elementor-element-iwgs-zulfiqar-himg iwg-hero-image elementor-widget elementor-widget-image\" data-id=\"iwgs-zulfiqar-himg\" data-element_type=\"widget\" data-e-type=\"widget\" data-widget_type=\"image.default\">\n\t\t\t\t\t\t\t\t\t\t\t\t\t\t\t<img fetchpriority=\"high\" decoding=\"async\" width=\"683\" height=\"1024\" src=\"https:\/\/iwell-guard.com\/wp-content\/uploads\/2026\/05\/schutzsymbol_islam_zulfiqar-683x1024.webp\" class=\"attachment-large size-large wp-image-159528\" alt=\"Zulfiqar \u2013 ochrann\u00fd symbol, m\u00fazejn\u00e1 ilustr\u00e1cia\" srcset=\"https:\/\/iwell-guard.com\/wp-content\/uploads\/2026\/05\/schutzsymbol_islam_zulfiqar-683x1024.webp 683w, https:\/\/iwell-guard.com\/wp-content\/uploads\/2026\/05\/schutzsymbol_islam_zulfiqar-200x300.webp 200w, https:\/\/iwell-guard.com\/wp-content\/uploads\/2026\/05\/schutzsymbol_islam_zulfiqar-768x1152.webp 768w, https:\/\/iwell-guard.com\/wp-content\/uploads\/2026\/05\/schutzsymbol_islam_zulfiqar.webp 1024w\" sizes=\"(max-width: 683px) 100vw, 683px\" \/>\t\t\t\t\t\t\t\t\t\t\t\t\t\t\t<\/div>\n\t\t\t\t<\/div>\n\t\t\t\t\t<\/div>\n\t\t\t\t<\/div>\n\t\t<div class=\"elementor-element elementor-element-iwgs-zulfiqar-s0 e-flex e-con-boxed e-con e-parent\" data-id=\"iwgs-zulfiqar-s0\" data-element_type=\"container\" data-e-type=\"container\">\n\t\t\t\t\t<div class=\"e-con-inner\">\n\t\t\t\t<div class=\"elementor-element elementor-element-iwgs-zulfiqar-s0h elementor-widget elementor-widget-heading\" data-id=\"iwgs-zulfiqar-s0h\" data-element_type=\"widget\" data-e-type=\"widget\" data-widget_type=\"heading.default\">\n\t\t\t\t\t<h2 class=\"elementor-heading-title elementor-size-default\">Zaradenie<\/h2>\t\t\t\t<\/div>\n\t\t<div class=\"elementor-element elementor-element-iwgs-zulfiqar-s0box e-con-full e-flex e-con e-parent\" data-id=\"iwgs-zulfiqar-s0box\" data-element_type=\"container\" data-e-type=\"container\">\n\t\t\t\t<div class=\"elementor-element elementor-element-iwgs-zulfiqar-s0t elementor-widget elementor-widget-text-editor\" data-id=\"iwgs-zulfiqar-s0t\" data-element_type=\"widget\" data-e-type=\"widget\" data-widget_type=\"text-editor.default\">\n\t\t\t\t\t\t\t\t\t<p>Zulfiqar je n\u00e1zov me\u010da. Je to legend\u00e1rny me\u010d Aliho, jednej z najd\u00f4le\u017eitej\u0161\u00edch post\u00e1v ranej hist\u00f3rie <a href=\"https:\/\/iwell-guard.com\/sk\/islam\/\">islamu<\/a>.<\/p><p>Ako znamenie sa Zulfiqar zobrazuje v podobe me\u010da, ktor\u00e9ho \u010depe\u013e je na hrote rozdvojen\u00e1. T\u00e1to rozdvojen\u00e1, dvojjazy\u010dn\u00e1 \u010depe\u013e je nezamenite\u013en\u00fdm pozn\u00e1vac\u00edm znakom Zulfiqara.<\/p><p>Zulfiqar je predov\u0161etk\u00fdm znamen\u00edm uctievania a identity. Predstavuje Aliho, jeho odvahu a hodnoty, ktor\u00e9 s\u00fa s n\u00edm spojen\u00e9.<\/p><p>Najm\u00e4 v \u0161iitskom islame a pr\u00edbuzn\u00fdch smeroch m\u00e1 Zulfiqar vysok\u00e9 postavenie. Je tam v\u00fdznamn\u00fdm n\u00e1bo\u017eensk\u00fdm a komunitn\u00fdm znamen\u00edm.<\/p><p>Nad r\u00e1mec svojho v\u00fdznamu ako znaku identity nesie Zulfiqar aj ochrann\u00fd rozmer. Ako znamenie Aliho a jeho bohom danej sily sa pou\u017e\u00edva na amuletoch a z\u00e1stav\u00e1ch.<\/p><p>V <span class=\"iwg-fachbegriff\" data-tooltip=\"Veda, ktor\u00e1 sk\u00fama n\u00e1bo\u017eenstv\u00e1 porovn\u00e1vac\u00edm sp\u00f4sobom a bez vyznania.\" tabindex=\"0\">religionistike<\/span> je Zulfiqar dobr\u00fdm pr\u00edkladom znamenia, ktor\u00e9 vych\u00e1dza z legend\u00e1rneho predmetu a sp\u00e1ja v sebe uctievanie, identitu a ochranu.<\/p>\t\t\t\t\t\t\t\t<\/div>\n\t\t\t\t<\/div>\n\t\t\t\t\t<\/div>\n\t\t\t\t<\/div>\n\t\t<div class=\"elementor-element elementor-element-iwgs-zulfiqar-s1 e-flex e-con-boxed e-con e-parent\" data-id=\"iwgs-zulfiqar-s1\" data-element_type=\"container\" data-e-type=\"container\">\n\t\t\t\t\t<div class=\"e-con-inner\">\n\t\t\t\t<div class=\"elementor-element elementor-element-iwgs-zulfiqar-s1h elementor-widget elementor-widget-heading\" data-id=\"iwgs-zulfiqar-s1h\" data-element_type=\"widget\" data-e-type=\"widget\" data-widget_type=\"heading.default\">\n\t\t\t\t\t<h2 class=\"elementor-heading-title elementor-size-default\">Ali, nosite\u013e me\u010da<\/h2>\t\t\t\t<\/div>\n\t\t<div class=\"elementor-element elementor-element-iwgs-zulfiqar-s1box e-con-full e-flex e-con e-parent\" data-id=\"iwgs-zulfiqar-s1box\" data-element_type=\"container\" data-e-type=\"container\">\n\t\t\t\t<div class=\"elementor-element elementor-element-iwgs-zulfiqar-s1t elementor-widget elementor-widget-text-editor\" data-id=\"iwgs-zulfiqar-s1t\" data-element_type=\"widget\" data-e-type=\"widget\" data-widget_type=\"text-editor.default\">\n\t\t\t\t\t\t\t\t\t<p>Zulfiqar je neoddelite\u013ene spojen\u00fd s Alim. Ali ibn Ab\u00ed T\u00e1lib bol bratrancom proroka Mohameda a z\u00e1rove\u0148 jeho za\u0165om, preto\u017ee bol \u017eenat\u00fd s dc\u00e9rou Proroka.<\/p><p>Ali patr\u00ed medzi \u00fastredn\u00e9 postavy ranej islamskej hist\u00f3rie. Bol jedn\u00fdm z prv\u00fdch, ktor\u00ed sa pridali k islamu, a bol Prorokovi obzvl\u00e1\u0161\u0165 bl\u00edzky.<\/p><p>Po smrti Proroka sa Ali nesk\u00f4r stal \u0161tvrt\u00fdm kalifom, teda jedn\u00fdm z n\u00e1stupcov vo veden\u00ed islamskej obce.<\/p><p>Pre \u0161iitsk\u00fd islam m\u00e1 Ali mimoriadny v\u00fdznam. \u0160iiti v \u0148om a v jeho potomkoch vidia legit\u00edmnych vodcov islamskej obce.<\/p><p>Ali je pova\u017eovan\u00fd za vzor odvahy, spravodlivosti a <span class=\"iwg-fachbegriff\" data-tooltip=\"Pre\u017e\u00edvan\u00fd n\u00e1bo\u017eensk\u00fd postoj a prax \u010dloveka.\" tabindex=\"0\">n\u00e1bo\u017enosti<\/span>. Mnoh\u00e9 pr\u00edbehy vyzdvihuj\u00fa jeho odvahu a bez\u00fahonnos\u0165.<\/p><p>Me\u010d Zulfiqar patr\u00ed k tomuto obrazu Aliho. Je jeho me\u010dom, a t\u00fdm je znamen\u00edm jeho odvahy a jeho \u00falohy v ranej hist\u00f3rii islamu.<\/p>\t\t\t\t\t\t\t\t<\/div>\n\t\t\t\t<\/div>\n\t\t\t\t\t<\/div>\n\t\t\t\t<\/div>\n\t\t<div class=\"elementor-element elementor-element-iwgs-zulfiqar-s2 e-flex e-con-boxed e-con e-parent\" data-id=\"iwgs-zulfiqar-s2\" data-element_type=\"container\" data-e-type=\"container\">\n\t\t\t\t\t<div class=\"e-con-inner\">\n\t\t\t\t<div class=\"elementor-element elementor-element-iwgs-zulfiqar-s2h elementor-widget elementor-widget-heading\" data-id=\"iwgs-zulfiqar-s2h\" data-element_type=\"widget\" data-e-type=\"widget\" data-widget_type=\"heading.default\">\n\t\t\t\t\t<h2 class=\"elementor-heading-title elementor-size-default\">Legenda o me\u010di<\/h2>\t\t\t\t<\/div>\n\t\t<div class=\"elementor-element elementor-element-iwgs-zulfiqar-s2box e-con-full e-flex e-con e-parent\" data-id=\"iwgs-zulfiqar-s2box\" data-element_type=\"container\" data-e-type=\"container\">\n\t\t\t\t<div class=\"elementor-element elementor-element-iwgs-zulfiqar-s2t elementor-widget elementor-widget-text-editor\" data-id=\"iwgs-zulfiqar-s2t\" data-element_type=\"widget\" data-e-type=\"widget\" data-widget_type=\"text-editor.default\">\n\t\t\t\t\t\t\t\t\t<p>Okolo me\u010da Zulfiqar sa via\u017eu r\u00f4zne pr\u00edbehy. Rozpr\u00e1vaj\u00fa o tom, ako sa me\u010d dostal do vlastn\u00edctva Aliho a ak\u00fd v\u00fdznam mu bol pripisovan\u00fd.<\/p><p>Pod\u013ea <span class=\"iwg-fachbegriff\" data-tooltip=\"Odovzd\u00e1vanie vedomost\u00ed a pr\u00edbehov z gener\u00e1cie na gener\u00e1ciu.\" tabindex=\"0\">trad\u00edcie<\/span> dostal Ali me\u010d v ranom obdob\u00ed islamu. Roz\u0161\u00edren\u00fd pr\u00edbeh ho sp\u00e1ja s jednou z prv\u00fdch bitiek, v ktor\u00fdch sa mlad\u00e1 islamsk\u00e1 obec musela presadi\u0165.<\/p><p>Me\u010d je v pr\u00edbehoch opisovan\u00fd ako v\u00fdnimo\u010dn\u00fd. Pova\u017eoval sa za obzvl\u00e1\u0161\u0165 mocn\u00fd a jeho meno sa stalo synonymom nadraden\u00e9ho me\u010da.<\/p><p>Zn\u00e1my je v\u00fdrok, ktor\u00fd spolo\u010dne oslavuje me\u010d a jeho nosite\u013ea. Hovor\u00ed v podstate, \u017ee nie je hrdinu ako Ali a nie je me\u010d ako Zulfiqar.<\/p><p>Tento v\u00fdrok neoddelite\u013ene sp\u00e1ja me\u010d s Alim. Zulfiqar nie je \u013eubovo\u013en\u00fd me\u010d, ale me\u010d pr\u00e1ve tohto jedn\u00e9ho hrdinu.<\/p><p>T\u00e1to <span class=\"iwg-fachbegriff\" data-tooltip=\"Vzdel\u00e1vac\u00ed pr\u00edbeh, v\u00e4\u010d\u0161inou o \u017eivote sv\u00e4t\u00fdch.\" tabindex=\"0\">legenda<\/span> d\u00e1va znameniu jeho v\u00fdznam. Zulfiqar je me\u010d vzorov\u00e9ho hrdinu, ktor\u00fd je sp\u00e1jan\u00fd s bo\u017eskou pomocou. V tomto spojen\u00ed spo\u010d\u00edva jeho sila ako znamenia.<\/p>\t\t\t\t\t\t\t\t<\/div>\n\t\t\t\t<\/div>\n\t\t\t\t\t<\/div>\n\t\t\t\t<\/div>\n\t\t<div class=\"elementor-element elementor-element-iwgs-zulfiqar-s3 e-flex e-con-boxed e-con e-parent\" data-id=\"iwgs-zulfiqar-s3\" data-element_type=\"container\" data-e-type=\"container\">\n\t\t\t\t\t<div class=\"e-con-inner\">\n\t\t\t\t<div class=\"elementor-element elementor-element-iwgs-zulfiqar-s3h elementor-widget elementor-widget-heading\" data-id=\"iwgs-zulfiqar-s3h\" data-element_type=\"widget\" data-e-type=\"widget\" data-widget_type=\"heading.default\">\n\t\t\t\t\t<h2 class=\"elementor-heading-title elementor-size-default\">Podoba: rozdvojen\u00e1 \u010depe\u013e<\/h2>\t\t\t\t<\/div>\n\t\t<div class=\"elementor-element elementor-element-iwgs-zulfiqar-s3box e-con-full e-flex e-con e-parent\" data-id=\"iwgs-zulfiqar-s3box\" data-element_type=\"container\" data-e-type=\"container\">\n\t\t\t\t<div class=\"elementor-element elementor-element-iwgs-zulfiqar-s3t elementor-widget elementor-widget-text-editor\" data-id=\"iwgs-zulfiqar-s3t\" data-element_type=\"widget\" data-e-type=\"widget\" data-widget_type=\"text-editor.default\">\n\t\t\t\t\t\t\t\t\t<p>Znamenie Zulfiqar sa zobrazuje v podobe me\u010da. Jeho charakteristick\u00fdm znakom je \u010depe\u013e, ktor\u00e1 je na hrote rozdvojen\u00e1.<\/p><p>Namiesto jedn\u00e9ho hrotu kon\u010d\u00ed \u010depe\u013e Zulfiqara dvoma hrotmi. Je do istej miery dvojjazy\u010dn\u00e1. T\u00e1to rozdvojen\u00e1 \u010depe\u013e odli\u0161uje Zulfiqar od ka\u017ed\u00e9ho be\u017en\u00e9ho me\u010da.<\/p><p>O p\u00f4vode tohto nezvy\u010dajn\u00e9ho tvaru existuj\u00fa r\u00f4zne \u00favahy. Meno me\u010da sa sp\u00e1ja so slovom, ktor\u00e9 odkazuje na dr\u00e1\u017eky alebo z\u00e1rezy.<\/p><p>V obrazovom zobrazen\u00ed sa z tohto znaku stala zrete\u013ene rozdvojen\u00e1, dvojjazy\u010dn\u00e1 \u010depe\u013e. Je to tvar, pod\u013ea ktor\u00e9ho je Zulfiqar v umen\u00ed a na znameniach okam\u017eite rozpoznate\u013en\u00fd.<\/p><p>Rozdvojen\u00e1 \u010depe\u013e d\u00e1va Zulfiqaru p\u00f4sobiv\u00fa, nezamenite\u013en\u00fa podobu. Vy\u010dle\u0148uje me\u010d z radu be\u017en\u00fdch zbran\u00ed a ozna\u010duje ho ako v\u00fdnimo\u010dn\u00fd me\u010d Aliho.<\/p><p>V zobrazen\u00ed sa Zulfiqar \u010dasto objavuje samostatne, niekedy s oslavn\u00fdm v\u00fdrokom o Alim a jeho me\u010di. Rozdvojen\u00e1 \u010depe\u013e pri tom v\u017edy zost\u00e1va rozhoduj\u00facim rozpozn\u00e1vac\u00edm znakom.<\/p>\t\t\t\t\t\t\t\t<\/div>\n\t\t\t\t<\/div>\n\t\t\t\t\t<\/div>\n\t\t\t\t<\/div>\n\t\t<div class=\"elementor-element elementor-element-iwgs-zulfiqar-s4 e-flex e-con-boxed e-con e-parent\" data-id=\"iwgs-zulfiqar-s4\" data-element_type=\"container\" data-e-type=\"container\">\n\t\t\t\t\t<div class=\"e-con-inner\">\n\t\t\t\t<div class=\"elementor-element elementor-element-iwgs-zulfiqar-s4h elementor-widget elementor-widget-heading\" data-id=\"iwgs-zulfiqar-s4h\" data-element_type=\"widget\" data-e-type=\"widget\" data-widget_type=\"heading.default\">\n\t\t\t\t\t<h2 class=\"elementor-heading-title elementor-size-default\">Zulfiqar v \u0161iitskom islame<\/h2>\t\t\t\t<\/div>\n\t\t<div class=\"elementor-element elementor-element-iwgs-zulfiqar-s4box e-con-full e-flex e-con e-parent\" data-id=\"iwgs-zulfiqar-s4box\" data-element_type=\"container\" data-e-type=\"container\">\n\t\t\t\t<div class=\"elementor-element elementor-element-iwgs-zulfiqar-s4t elementor-widget elementor-widget-text-editor\" data-id=\"iwgs-zulfiqar-s4t\" data-element_type=\"widget\" data-e-type=\"widget\" data-widget_type=\"text-editor.default\">\n\t\t\t\t\t\t\t\t\t<p>Zulfiqar m\u00e1 osobitn\u00fd v\u00fdznam v \u0161i\u00edtskom islame. Ke\u010f\u017ee Al\u00ed je pre \u0161i\u00edtov v\u00fdnimo\u010dnou postavou, aj jeho me\u010d je d\u00f4le\u017eit\u00fdm znakom.<\/p><p>V oblastiach s \u0161i\u00edtskou trad\u00edciou sa zulfiqar objavuje na vlajk\u00e1ch, obrazoch a predmetoch <span class=\"iwg-fachbegriff\" data-tooltip=\"Pre\u017e\u00edvan\u00fd n\u00e1bo\u017eensk\u00fd postoj a praxis \u010dloveka.\" tabindex=\"0\">n\u00e1bo\u017enosti<\/span>. Je vidite\u013en\u00fdm znakom uctievania Al\u00edho.<\/p><p>Aj v pr\u00edbuzn\u00fdch pr\u00fadoch, napr\u00edklad u alavitov a v trad\u00edcii bekta\u0161iov, m\u00e1 zulfiqar vysok\u00e9 postavenie. V t\u00fdchto spolo\u010denstv\u00e1ch je uctievanie Al\u00edho mimoriadne v\u00fdrazn\u00e9.<\/p><p>Zulfiqar je v t\u00fdchto s\u00favislostiach znakom identity. Kto ho zobrazuje alebo nos\u00ed, hl\u00e1si sa k uctievaniu Al\u00edho a k spolo\u010denstvu, ktor\u00e9 v \u0148om vid\u00ed svoj vzor.<\/p><p>Znak tak sp\u00e1ja uctievanie osoby s pr\u00edslu\u0161nos\u0165ou k spolo\u010denstvu. Je z\u00e1rove\u0148 znakom uctievania a znakom spolo\u010denstva.<\/p><p>V tomto postaven\u00ed sa zulfiqar podob\u00e1 in\u00fdm znakom identity v n\u00e1bo\u017eenstv\u00e1ch. Podobne ako kr\u00ed\u017e alebo D\u00e1vidova hviezda rob\u00ed vidite\u013enou pr\u00edslu\u0161nos\u0165, tu pr\u00edslu\u0161nos\u0165 k uctievaniu Al\u00edho.<\/p>\t\t\t\t\t\t\t\t<\/div>\n\t\t\t\t<\/div>\n\t\t\t\t\t<\/div>\n\t\t\t\t<\/div>\n\t\t<div class=\"elementor-element elementor-element-iwgs-zulfiqar-s5 e-flex e-con-boxed e-con e-parent\" data-id=\"iwgs-zulfiqar-s5\" data-element_type=\"container\" data-e-type=\"container\">\n\t\t\t\t\t<div class=\"e-con-inner\">\n\t\t\t\t<div class=\"elementor-element elementor-element-iwgs-zulfiqar-s5h elementor-widget elementor-widget-heading\" data-id=\"iwgs-zulfiqar-s5h\" data-element_type=\"widget\" data-e-type=\"widget\" data-widget_type=\"heading.default\">\n\t\t\t\t\t<h2 class=\"elementor-heading-title elementor-size-default\">Zulfiqar ako ochrann\u00fd znak<\/h2>\t\t\t\t<\/div>\n\t\t<div class=\"elementor-element elementor-element-iwgs-zulfiqar-s5box e-con-full e-flex e-con e-parent\" data-id=\"iwgs-zulfiqar-s5box\" data-element_type=\"container\" data-e-type=\"container\">\n\t\t\t\t<div class=\"elementor-element elementor-element-iwgs-zulfiqar-s5t elementor-widget elementor-widget-text-editor\" data-id=\"iwgs-zulfiqar-s5t\" data-element_type=\"widget\" data-e-type=\"widget\" data-widget_type=\"text-editor.default\">\n\t\t\t\t\t\t\t\t\t<p>Nad r\u00e1mec znaku identity m\u00e1 zulfiqar aj ochrann\u00fd charakter. Pou\u017e\u00edva sa na amuletoch a ochrann\u00fdch predmetoch.<\/p><p>Ochrann\u00fd v\u00fdznam vych\u00e1dza z toho, \u010do me\u010d symbolizuje. Zulfiqar je me\u010d vzorov\u00e9ho hrdinu, sp\u00e1jan\u00fd s odvahou, spravodlivos\u0165ou a bo\u017eskou pomocou.<\/p><p>Kto nos\u00ed znak zulfiqar, stavia sa pod tento vzor. Znak m\u00e1 prin\u00e1\u0161a\u0165 odvahu, pevnos\u0165 a pomoc, ktor\u00e9 s\u00fa spojen\u00e9 s Al\u00edm a jeho me\u010dom.<\/p><p>Me\u010d je navy\u0161e zbra\u0148, prostriedok obrany. Ako znak m\u00f4\u017ee me\u010d predstavova\u0165 ochranu a odvr\u00e1tenie zla, bez toho, aby sa ch\u00e1pal ako skuto\u010dn\u00e1 zbra\u0148.<\/p><p>Zulfiqar tak patr\u00ed medzi znaky, ktor\u00e9 chr\u00e1nia spojen\u00edm s uctievanou postavou. Jeho ochrana je obr\u00e1tenie sa k Al\u00edmu a k sile, ktor\u00e1 sa mu pripisuje.<\/p><p>Zulfiqar je tak menej odvracaj\u00facim <span class=\"iwg-fachbegriff\" data-tooltip=\"Nosen\u00fd predmet, ktor\u00e9mu sa pripisuje ochrann\u00fd, zlo odvracaj\u00faci \u00fa\u010dinok.\" tabindex=\"0\">amuletom<\/span> a viac znakom, ktor\u00fd p\u00f4sob\u00ed prostredn\u00edctvom uctievania a vzoru. Chr\u00e1ni t\u00fdm, \u017ee sp\u00e1ja svojho nosite\u013ea s odvahou a pomocou Al\u00edho.<\/p>\t\t\t\t\t\t\t\t<\/div>\n\t\t\t\t<\/div>\n\t\t\t\t\t<\/div>\n\t\t\t\t<\/div>\n\t\t<div class=\"elementor-element elementor-element-iwgs-zulfiqar-s6 e-flex e-con-boxed e-con e-parent\" data-id=\"iwgs-zulfiqar-s6\" data-element_type=\"container\" data-e-type=\"container\">\n\t\t\t\t\t<div class=\"e-con-inner\">\n\t\t\t\t<div class=\"elementor-element elementor-element-iwgs-zulfiqar-s6h elementor-widget elementor-widget-heading\" data-id=\"iwgs-zulfiqar-s6h\" data-element_type=\"widget\" data-e-type=\"widget\" data-widget_type=\"heading.default\">\n\t\t\t\t\t<h2 class=\"elementor-heading-title elementor-size-default\">Me\u010d ako znak v kult\u00farach<\/h2>\t\t\t\t<\/div>\n\t\t<div class=\"elementor-element elementor-element-iwgs-zulfiqar-s6box e-con-full e-flex e-con e-parent\" data-id=\"iwgs-zulfiqar-s6box\" data-element_type=\"container\" data-e-type=\"container\">\n\t\t\t\t<div class=\"elementor-element elementor-element-iwgs-zulfiqar-s6t elementor-widget elementor-widget-text-editor\" data-id=\"iwgs-zulfiqar-s6t\" data-element_type=\"widget\" data-e-type=\"widget\" data-widget_type=\"text-editor.default\">\n\t\t\t\t\t\t\t\t\t<p>Zulfiqar mo\u017eno vn\u00edma\u0165 v \u0161ir\u0161om kontexte me\u010dov\u00fdch znakov. Me\u010d ako znak m\u00e1 v\u00fdznam v mnoh\u00fdch kult\u00farach.<\/p><p>V mnoh\u00fdch trad\u00edci\u00e1ch me\u010d predstavuje silu, spravodlivos\u0165 a obranu poriadku. Je znakom brannej, ochrannej moci.<\/p><p>Me\u010d je \u010dasto spojen\u00fd s ur\u010ditou postavou, s hrdinom, sv\u00e4t\u00fdm alebo bohom. Me\u010d sa potom st\u00e1va znakom tejto postavy a hodn\u00f4t, ktor\u00e9 predstavuje.<\/p><p>Zulfiqar patr\u00ed do tejto skupiny. Je me\u010dom Al\u00edho, a ako tak\u00fd je znakom odvahy, spravodlivosti a bo\u017eskej pomoci.<\/p><p>Osobitos\u0165ou zulfiqaru je rozdvojen\u00e1 \u010depe\u013e. Rob\u00ed me\u010d nezamenite\u013en\u00fdm a vy\u010dle\u0148uje ho z radu oby\u010dajn\u00fdch me\u010dov\u00fdch znakov.<\/p><p>Zulfiqar je tak islamskou, najm\u00e4 \u0161i\u00edtskou podobou me\u010dov\u00e9ho znaku. Sp\u00e1ja be\u017en\u00fd obraz me\u010da ako znaku brannej cnosti s uctievan\u00edm konkr\u00e9tnej ctenej postavy.<\/p>\t\t\t\t\t\t\t\t<\/div>\n\t\t\t\t<\/div>\n\t\t\t\t\t<\/div>\n\t\t\t\t<\/div>\n\t\t<div class=\"elementor-element elementor-element-iwgs-zulfiqar-s7 e-flex e-con-boxed e-con e-parent\" data-id=\"iwgs-zulfiqar-s7\" data-element_type=\"container\" data-e-type=\"container\">\n\t\t\t\t\t<div class=\"e-con-inner\">\n\t\t\t\t<div class=\"elementor-element elementor-element-iwgs-zulfiqar-s7h elementor-widget elementor-widget-heading\" data-id=\"iwgs-zulfiqar-s7h\" data-element_type=\"widget\" data-e-type=\"widget\" data-widget_type=\"heading.default\">\n\t\t\t\t\t<h2 class=\"elementor-heading-title elementor-size-default\">Uctievanie, identita a ochrana<\/h2>\t\t\t\t<\/div>\n\t\t<div class=\"elementor-element elementor-element-iwgs-zulfiqar-s7box e-con-full e-flex e-con e-parent\" data-id=\"iwgs-zulfiqar-s7box\" data-element_type=\"container\" data-e-type=\"container\">\n\t\t\t\t<div class=\"elementor-element elementor-element-iwgs-zulfiqar-s7t elementor-widget elementor-widget-text-editor\" data-id=\"iwgs-zulfiqar-s7t\" data-element_type=\"widget\" data-e-type=\"widget\" data-widget_type=\"text-editor.default\">\n\t\t\t\t\t\t\t\t\t<p>Zulfiqar sp\u00e1ja tri v\u00fdznamy, ktor\u00e9 spolu \u00fazko s\u00favisia: uctievanie, identitu a ochranu.<\/p><p>Uctievanie patr\u00ed Al\u00edmu. Zulfiqar je jeho me\u010d, a zobrazi\u0165 ho znamen\u00e1 cti\u0165 Al\u00edho a jeho odvahu.<\/p><p>Identita sa vz\u0165ahuje na spolo\u010denstvo. Zulfiqar je znakom \u0161i\u00edtskych a pr\u00edbuzn\u00fdch spolo\u010denstiev. Nosi\u0165 ho znamen\u00e1 hl\u00e1si\u0165 sa k tomuto spolo\u010denstvu.<\/p><p>Ochrana vypl\u00fdva z oboch. Kto sa stavia pod znak Al\u00edho, h\u013ead\u00e1 pomoc a silu, ktor\u00e9 s\u00fa s n\u00edm spojen\u00e9.<\/p><p>Tieto tri v\u00fdznamy nie je mo\u017en\u00e9 striktne oddeli\u0165. Patria k sebe a spolo\u010dne vytv\u00e1raj\u00fa zmysel znaku.<\/p><p>Zulfiqar je tak viacvrstvov\u00fd znak. Je z\u00e1rove\u0148 znakom uctievania, identity a ochrany, a v\u0161etky tri str\u00e1nky vych\u00e1dzaj\u00fa zo spojenia s Al\u00edm a jeho me\u010dom.<\/p>\t\t\t\t\t\t\t\t<\/div>\n\t\t\t\t<\/div>\n\t\t\t\t\t<\/div>\n\t\t\t\t<\/div>\n\t\t<div class=\"elementor-element elementor-element-iwgs-zulfiqar-s8 e-flex e-con-boxed e-con e-parent\" data-id=\"iwgs-zulfiqar-s8\" data-element_type=\"container\" data-e-type=\"container\">\n\t\t\t\t\t<div class=\"e-con-inner\">\n\t\t\t\t<div class=\"elementor-element elementor-element-iwgs-zulfiqar-s8h elementor-widget elementor-widget-heading\" data-id=\"iwgs-zulfiqar-s8h\" data-element_type=\"widget\" data-e-type=\"widget\" data-widget_type=\"heading.default\">\n\t\t\t\t\t<h2 class=\"elementor-heading-title elementor-size-default\">S\u00fa\u010dasn\u00e1 recepcia<\/h2>\t\t\t\t<\/div>\n\t\t<div class=\"elementor-element elementor-element-iwgs-zulfiqar-s8box e-con-full e-flex e-con e-parent\" data-id=\"iwgs-zulfiqar-s8box\" data-element_type=\"container\" data-e-type=\"container\">\n\t\t\t\t<div class=\"elementor-element elementor-element-iwgs-zulfiqar-s8t elementor-widget elementor-widget-text-editor\" data-id=\"iwgs-zulfiqar-s8t\" data-element_type=\"widget\" data-e-type=\"widget\" data-widget_type=\"text-editor.default\">\n\t\t\t\t\t\t\t\t\t<p>Zulfiqar je v islamskom svete, najm\u00e4 v oblastiach s \u0161i\u00edtskou trad\u00edciou, aj v s\u00fa\u010dasnosti \u017eiv\u00fdm znakom. Objavuje sa na vlajk\u00e1ch, obrazoch a predmetoch <span class=\"iwg-fachbegriff\" data-tooltip=\"Pre\u017e\u00edvan\u00fd n\u00e1bo\u017eensk\u00fd postoj a praxis \u010dloveka.\" tabindex=\"0\">n\u00e1bo\u017enosti<\/span>.<\/p><p>Ako pr\u00edvesok a \u0161perk nos\u00ed zulfiqar mnoho \u013eud\u00ed. V tejto forme je vyznan\u00edm uctievania Al\u00edho a znakom vyprosovanej ochrany.<\/p><p>Aj v umen\u00ed a v tvorbe je zulfiqar pr\u00edtomn\u00fd. Jeho nezamenite\u013en\u00e1 rozdvojen\u00e1 \u010depe\u013e z neho rob\u00ed \u013eahko rozpoznate\u013en\u00fd <span class=\"iwg-fachbegriff\" data-tooltip=\"Opakuj\u00faci sa obsahov\u00fd prvok v umen\u00ed alebo rozpr\u00e1van\u00ed.\" tabindex=\"0\">mot\u00edv<\/span>.<\/p><p>Pre sk\u00famanie islamu je zulfiqar v\u00fdpovedn\u00fdm znakom. Ukazuje, ako \u00fazko m\u00f4\u017eu by\u0165 spojen\u00e9 uctievanie postavy, identita spolo\u010denstva a t\u00fa\u017eba po ochrane.<\/p><p>Zulfiqar tak zost\u00e1va v\u00fdrazn\u00fdm pr\u00edkladom znaku, ktor\u00fd vznikol z legend\u00e1rneho predmetu. Z me\u010da uctievan\u00e9ho hrdinu sa stal znak, ktor\u00fd vyjadruje uctievanie, pr\u00edslu\u0161nos\u0165 a ochranu naraz.<\/p><p>V \u0148om sa sp\u00e1ja spomienka na Al\u00edho, nezamenite\u013en\u00e1 podoba rozdvojenej \u010depele a t\u00fa\u017eba ma\u0165 podiel na odvahe a pomoci, ktor\u00e9 s\u00fa spojen\u00e9 s me\u010dom zulfiqar.<\/p>\t\t\t\t\t\t\t\t<\/div>\n\t\t\t\t<\/div>\n\t\t\t\t\t<\/div>\n\t\t\t\t<\/div>\n\t\t<div class=\"elementor-element elementor-element-iwgs-zulfiqar-lit e-flex e-con-boxed e-con e-parent\" data-id=\"iwgs-zulfiqar-lit\" data-element_type=\"container\" data-e-type=\"container\">\n\t\t\t\t\t<div class=\"e-con-inner\">\n\t\t\t\t<div class=\"elementor-element elementor-element-iwgs-zulfiqar-lith elementor-widget elementor-widget-heading\" data-id=\"iwgs-zulfiqar-lith\" data-element_type=\"widget\" data-e-type=\"widget\" data-widget_type=\"heading.default\">\n\t\t\t\t\t<h2 class=\"elementor-heading-title elementor-size-default\">Literat\u00fara (v\u00fdber)<\/h2>\t\t\t\t<\/div>\n\t\t<div class=\"elementor-element elementor-element-iwgs-zulfiqar-litbox e-con-full e-flex e-con e-parent\" data-id=\"iwgs-zulfiqar-litbox\" data-element_type=\"container\" data-e-type=\"container\">\n\t\t\t\t<div class=\"elementor-element elementor-element-iwgs-zulfiqar-litt elementor-widget elementor-widget-html\" data-id=\"iwgs-zulfiqar-litt\" data-element_type=\"widget\" data-e-type=\"widget\" data-widget_type=\"html.default\">\n\t\t\t\t\t<footer data-nosnippet=\"true\"><ul><li>Annemarie Schimmel: <em>Die Religion des Islam. Eine Einf\u00fchrung<\/em> (1990)<\/li><li>Heinz Halm: <em>Die Schia<\/em> (1988)<\/li><li>Heinz Halm: <em>Der schiitische Islam<\/em> (1994)<\/li><li>Annemarie Schimmel: <em>Die Zeichen Gottes<\/em> (1995)<\/li><li>Maria Vittoria Fontana: \u0161t\u00fadie k islamskej ikonografii<\/li><\/ul><\/footer>\t\t\t\t<\/div>\n\t\t\t\t<\/div>\n\t\t\t\t\t<\/div>\n\t\t\t\t<\/div>\n\t\t<div class=\"elementor-element elementor-element-iwgs-zulfiqar-kwd e-flex e-con-boxed e-con e-parent\" data-id=\"iwgs-zulfiqar-kwd\" data-element_type=\"container\" data-e-type=\"container\">\n\t\t\t\t\t<div class=\"e-con-inner\">\n\t\t\t\t<div class=\"elementor-element elementor-element-iwgs-zulfiqar-kwdt elementor-widget elementor-widget-text-editor\" data-id=\"iwgs-zulfiqar-kwdt\" data-element_type=\"widget\" data-e-type=\"widget\" data-widget_type=\"text-editor.default\">\n\t\t\t\t\t\t\t\t\t<p><em>Pr\u00edbuzn\u00e9 k\u013e\u00fa\u010dov\u00e9 pojmy: Zulfiqar Al\u00ed me\u010d \u0161i\u00edtsky islam rozdvojen\u00e1 \u010depe\u013e uctievanie znak identity.<\/em><\/p>\t\t\t\t\t\t\t\t<\/div>\n\t\t\t\t\t<\/div>\n\t\t\t\t<\/div>\n\t\t<div class=\"elementor-element elementor-element-iwgs-zulfiqar-cc e-flex e-con-boxed e-con e-parent\" data-id=\"iwgs-zulfiqar-cc\" data-element_type=\"container\" data-e-type=\"container\" id=\"iwg-cc-zulfiqar\">\n\t\t\t\t\t<div class=\"e-con-inner\">\n\t\t<div class=\"elementor-element elementor-element-iwgs-zulfiqar-ccinner e-flex e-con-boxed e-con e-parent\" data-id=\"iwgs-zulfiqar-ccinner\" data-element_type=\"container\" data-e-type=\"container\" data-settings=\"{&quot;background_background&quot;:&quot;classic&quot;}\">\n\t\t\t\t\t<div class=\"e-con-inner\">\n\t\t\t\t<div class=\"elementor-element elementor-element-iwgs-zulfiqar-cch elementor-widget elementor-widget-heading\" data-id=\"iwgs-zulfiqar-cch\" data-element_type=\"widget\" data-e-type=\"widget\" data-widget_type=\"heading.default\">\n\t\t\t\t\t<h2 class=\"elementor-heading-title elementor-size-default\">iWell Guard a ochrann\u00e9 trad\u00edcie<\/h2>\t\t\t\t<\/div>\n\t\t\t\t<div class=\"elementor-element elementor-element-iwgs-zulfiqar-cct elementor-widget elementor-widget-text-editor\" data-id=\"iwgs-zulfiqar-cct\" data-element_type=\"widget\" data-e-type=\"widget\" data-widget_type=\"text-editor.default\">\n\t\t\t\t\t\t\t\t\t<p>iWell Guard sa zara\u010fuje do kult\u00farno-historickej l\u00ednie nosite\u013en\u00fdch ochrann\u00fdch predmetov, ku ktor\u00fdm patr\u00ed aj zulfiqar. Modern\u00fd spolo\u010dn\u00edk pre \u013eud\u00ed, ktor\u00ed \u017eij\u00fa s ochrann\u00fdmi symbolmi: vyroben\u00fd v Nemecku, 41 vrstiev z prav\u00e9ho zlata, platiny a striebra, s 30-d\u0148ov\u00fdm pr\u00e1vom na vr\u00e1tenie.<\/p>\t\t\t\t\t\t\t\t<\/div>\n\t\t\t\t<div class=\"elementor-element elementor-element-iwgs-zulfiqar-ccb iwg-cc-button iwg-cc-cta-2026-05-13 elementor-widget elementor-widget-jet-button\" data-id=\"iwgs-zulfiqar-ccb\" data-element_type=\"widget\" data-e-type=\"widget\" data-widget_type=\"jet-button.default\">\n\t\t\t\t<div class=\"elementor-widget-container\">\n\t\t\t\t\t<div class=\"elementor-jet-button jet-elements\"><div class=\"jet-button__container\"><a class=\"jet-button__instance jet-button__instance--icon-left hover-effect-1\" href=\"\/schutzanhaenger-iwell-guard-kaufen\/?utm_source=iwell-guard.com&amp;utm_medium=info-box&amp;utm_campaign=schutzsymbole\"><div class=\"jet-button__plane jet-button__plane-normal\"><\/div><div class=\"jet-button__plane jet-button__plane-hover\"><\/div><div class=\"jet-button__state jet-button__state-normal\"><span class=\"jet-button__label\">Viac o iWell Guard<\/span><\/div><div class=\"jet-button__state jet-button__state-hover\"><span class=\"jet-button__label\">Viac o iWell Guard<\/span><\/div><\/a><\/div><\/div><style>.elementor-element.elementor-element-iwgs-zulfiqar-ccb .jet-button__instance{width:320px;height:56px;}.elementor-element.elementor-element-iwgs-zulfiqar-ccb .jet-button__state-normal .jet-button__label{text-align:center;margin:0px 0px 0px 0px;color:#1a1b20;font-family:Montserrat,sans-serif;font-size:13px;font-weight:400;letter-spacing:4px;line-height:1.714em;text-transform:uppercase;}.elementor-element.elementor-element-iwgs-zulfiqar-ccb .jet-button__state-hover .jet-button__label{text-align:center;margin:0px 0px 0px 0px;color:#FECC76;font-family:Montserrat,sans-serif;font-size:13px;font-weight:400;letter-spacing:4px;line-height:1.714em;text-transform:uppercase;}.elementor-element.elementor-element-iwgs-zulfiqar-ccb .jet-button__plane-normal{background-color:#FECC76;border-style:solid;border-color:#C99540;border-width:2px 2px 2px 2px;}.elementor-element.elementor-element-iwgs-zulfiqar-ccb .jet-button__plane-hover{background-color:rgba(0,0,0,0.55);border-style:solid;border-color:#FECC76;border-width:2px 2px 2px 2px;}<\/style>\t\t\t\t<\/div>\n\t\t\t\t<\/div>\n\t\t\t\t<div class=\"elementor-element elementor-element-iwgs-zulfiqar-ccd elementor-widget elementor-widget-text-editor\" data-id=\"iwgs-zulfiqar-ccd\" data-element_type=\"widget\" data-e-type=\"widget\" data-widget_type=\"text-editor.default\">\n\t\t\t\t\t\t\t\t\t<p style=\"text-align:center;font-size:13px;opacity:0.7;margin-top:14px\" data-nosnippet=\"true\">Osobn\u00e9 sk\u00fasenosti sa m\u00f4\u017eu l\u00ed\u0161i\u0165. Nejde o zdravotn\u00edcku pom\u00f4cku. Nejde o pr\u00eds\u013eub lie\u010denia.<\/p>\t\t\t\t\t\t\t\t<\/div>\n\t\t\t\t\t<\/div>\n\t\t\t\t<\/div>\n\t\t\t\t\t<\/div>\n\t\t\t\t<\/div>\n\t\t<div class=\"elementor-element elementor-element-iwgs-zulfiqar-disc e-flex e-con-boxed e-con e-parent\" data-id=\"iwgs-zulfiqar-disc\" data-element_type=\"container\" data-e-type=\"container\">\n\t\t\t\t\t<div class=\"e-con-inner\">\n\t\t\t\t<div class=\"elementor-element elementor-element-iwgs-zulfiqar-discw elementor-widget elementor-widget-html\" data-id=\"iwgs-zulfiqar-discw\" data-element_type=\"widget\" data-e-type=\"widget\" data-widget_type=\"html.default\">\n\t\t\t\t\t<footer data-nosnippet=\"true\" class=\"iwg-disclaimer-block\"><p data-nosnippet=\"true\">iWell Guard <strong>nie je zdravotn\u00edcka pom\u00f4cka<\/strong> a nenahr\u00e1dza lek\u00e1rske ani psychoterapeutick\u00e9 lie\u010denie. Tu uveden\u00fd obsah predstavuje religionistick\u00e9 a kult\u00farno-historick\u00e9 zaradenie, nie pr\u00eds\u013eub duchovn\u00e9ho \u00fa\u010dinku.<\/p><\/footer>\t\t\t\t<\/div>\n\t\t\t\t\t<\/div>\n\t\t\t\t<\/div>\n\t\t\t\t<\/div>\n\t\t","protected":false},"excerpt":{"rendered":"","protected":false},"author":3,"featured_media":3517,"parent":0,"menu_order":0,"comment_status":"closed","ping_status":"closed","template":"elementor_header_footer","meta":{"_yoast_wpseo_focuskw":"Zulfiqar","_yoast_wpseo_title":"Zulfiqar \u2013 Aliov me\u010d ako ochrann\u00e9 znamenie","_yoast_wpseo_metadesc":"Zulfiqar je legend\u00e1rny me\u010d Aliho a v\u00fdznamn\u00e9 znamenie, najm\u00e4 v \u0161iitskom islame. Vysvetlenie p\u00f4vodu a v\u00fdznamu.","_yoast_wpseo_meta-robots-noindex":"","_yoast_wpseo_canonical":"","_angie_page":false,"gefaehrdungsstufe":"","wesen_kultur":"","wesen_klasse":"","footnotes":""},"categories":[],"class_list":["post-158178","page","type-page","status-publish","has-post-thumbnail","hentry"],"yoast_head":"<!-- This site is optimized with the Yoast SEO Premium plugin v27.7 (Yoast SEO v28.3) - https:\/\/yoast.com\/product\/yoast-seo-premium-wordpress\/ -->\n<title>Zulfiqar \u2013 Aliov me\u010d ako ochrann\u00e9 znamenie<\/title>\n<meta name=\"description\" content=\"Zulfiqar je legend\u00e1rny me\u010d Aliho a v\u00fdznamn\u00e9 znamenie, najm\u00e4 v \u0161iitskom islame. Vysvetlenie p\u00f4vodu a v\u00fdznamu.\" \/>\n<meta name=\"robots\" content=\"index, follow, max-snippet:-1, max-image-preview:large, max-video-preview:-1\" \/>\n<link rel=\"canonical\" href=\"https:\/\/iwell-guard.com\/sk\/zulfiqar-mec-aliho-ako-ochranne-znamenie\/\" \/>\n<meta property=\"og:locale\" content=\"sk_SK\" \/>\n<meta property=\"og:type\" content=\"article\" \/>\n<meta property=\"og:title\" content=\"Zulfiqar \u2013 Aliov me\u010d ako ochrann\u00e9 znamenie\" \/>\n<meta property=\"og:description\" content=\"Zulfiqar je legend\u00e1rny me\u010d Aliho a v\u00fdznamn\u00e9 znamenie, najm\u00e4 v \u0161iitskom islame. Vysvetlenie p\u00f4vodu a v\u00fdznamu.\" \/>\n<meta property=\"og:url\" content=\"https:\/\/iwell-guard.com\/sk\/zulfiqar-mec-aliho-ako-ochranne-znamenie\/\" \/>\n<meta property=\"og:site_name\" content=\"iWell Guard\" \/>\n<meta property=\"article:modified_time\" content=\"2026-09-04T22:53:21+00:00\" \/>\n<meta property=\"og:image\" content=\"https:\/\/iwell-guard.com\/wp-content\/uploads\/2026\/05\/schutzsymbol_islam_zulfiqar.webp\" \/>\n\t<meta property=\"og:image:width\" content=\"1024\" \/>\n\t<meta property=\"og:image:height\" content=\"1536\" \/>\n\t<meta property=\"og:image:type\" content=\"image\/webp\" \/>\n<meta name=\"twitter:card\" content=\"summary_large_image\" \/>\n<script type=\"application\/ld+json\" class=\"yoast-schema-graph\">{\"@context\":\"https:\\\/\\\/schema.org\",\"@graph\":[{\"@type\":\"WebPage\",\"@id\":\"https:\\\/\\\/iwell-guard.com\\\/sk\\\/zulfiqar-mec-aliho-ako-ochranne-znamenie\\\/\",\"url\":\"https:\\\/\\\/iwell-guard.com\\\/sk\\\/zulfiqar-mec-aliho-ako-ochranne-znamenie\\\/\",\"name\":\"Zulfiqar \u2013 Aliov me\u010d ako ochrann\u00e9 znamenie\",\"isPartOf\":{\"@id\":\"https:\\\/\\\/iwell-guard.com\\\/sk\\\/#website\"},\"primaryImageOfPage\":{\"@id\":\"https:\\\/\\\/iwell-guard.com\\\/sk\\\/zulfiqar-mec-aliho-ako-ochranne-znamenie\\\/#primaryimage\"},\"image\":{\"@id\":\"https:\\\/\\\/iwell-guard.com\\\/sk\\\/zulfiqar-mec-aliho-ako-ochranne-znamenie\\\/#primaryimage\"},\"thumbnailUrl\":\"https:\\\/\\\/iwell-guard.com\\\/wp-content\\\/uploads\\\/2026\\\/05\\\/schutzsymbol_islam_zulfiqar.webp\",\"datePublished\":\"2026-09-04T22:23:09+00:00\",\"dateModified\":\"2026-09-04T22:53:21+00:00\",\"description\":\"Zulfiqar je legend\u00e1rny me\u010d Aliho a v\u00fdznamn\u00e9 znamenie, najm\u00e4 v \u0161iitskom islame. Vysvetlenie p\u00f4vodu a v\u00fdznamu.\",\"breadcrumb\":{\"@id\":\"https:\\\/\\\/iwell-guard.com\\\/sk\\\/zulfiqar-mec-aliho-ako-ochranne-znamenie\\\/#breadcrumb\"},\"inLanguage\":\"sk-SK\",\"potentialAction\":[{\"@type\":\"ReadAction\",\"target\":[\"https:\\\/\\\/iwell-guard.com\\\/sk\\\/zulfiqar-mec-aliho-ako-ochranne-znamenie\\\/\"]}]},{\"@type\":\"ImageObject\",\"inLanguage\":\"sk-SK\",\"@id\":\"https:\\\/\\\/iwell-guard.com\\\/sk\\\/zulfiqar-mec-aliho-ako-ochranne-znamenie\\\/#primaryimage\",\"url\":\"https:\\\/\\\/iwell-guard.com\\\/wp-content\\\/uploads\\\/2026\\\/05\\\/schutzsymbol_islam_zulfiqar.webp\",\"contentUrl\":\"https:\\\/\\\/iwell-guard.com\\\/wp-content\\\/uploads\\\/2026\\\/05\\\/schutzsymbol_islam_zulfiqar.webp\",\"width\":1024,\"height\":1536,\"caption\":\"Ochrann\u00fd symbol. Muze\u00e1lna ilustr\u00e1cia z\u00e1ti\u0161ia.\"},{\"@type\":\"BreadcrumbList\",\"@id\":\"https:\\\/\\\/iwell-guard.com\\\/sk\\\/zulfiqar-mec-aliho-ako-ochranne-znamenie\\\/#breadcrumb\",\"itemListElement\":[{\"@type\":\"ListItem\",\"position\":1,\"name\":\"Start\",\"item\":\"https:\\\/\\\/iwell-guard.com\\\/sk\\\/?page_id=157572\"},{\"@type\":\"ListItem\",\"position\":2,\"name\":\"Zulfiqar \u2013 Aliov me\u010d ako ochrann\u00e9 znamenie\"}]},{\"@type\":\"WebSite\",\"@id\":\"https:\\\/\\\/iwell-guard.com\\\/sk\\\/#website\",\"url\":\"https:\\\/\\\/iwell-guard.com\\\/sk\\\/\",\"name\":\"iWell Guard\",\"description\":\"Schutz vor dunklen Einfl\u00fcssen\",\"publisher\":{\"@id\":\"https:\\\/\\\/iwell-guard.com\\\/sk\\\/#organization\"},\"potentialAction\":[{\"@type\":\"SearchAction\",\"target\":{\"@type\":\"EntryPoint\",\"urlTemplate\":\"https:\\\/\\\/iwell-guard.com\\\/sk\\\/?s={search_term_string}\"},\"query-input\":{\"@type\":\"PropertyValueSpecification\",\"valueRequired\":true,\"valueName\":\"search_term_string\"}}],\"inLanguage\":\"sk-SK\"},{\"@type\":\"Organization\",\"@id\":\"https:\\\/\\\/iwell-guard.com\\\/sk\\\/#organization\",\"name\":\"Ittermann electronic GmbH\",\"url\":\"https:\\\/\\\/iwell-guard.com\\\/sk\\\/\",\"logo\":{\"@type\":\"ImageObject\",\"inLanguage\":\"sk-SK\",\"@id\":\"https:\\\/\\\/iwell-guard.com\\\/sk\\\/#\\\/schema\\\/logo\\\/image\\\/\",\"url\":\"https:\\\/\\\/iwell-guard.com\\\/wp-content\\\/uploads\\\/2026\\\/05\\\/Ittermann-Logo-1182x237-1.png\",\"contentUrl\":\"https:\\\/\\\/iwell-guard.com\\\/wp-content\\\/uploads\\\/2026\\\/05\\\/Ittermann-Logo-1182x237-1.png\",\"width\":1182,\"height\":237,\"caption\":\"Ittermann electronic GmbH\"},\"image\":{\"@id\":\"https:\\\/\\\/iwell-guard.com\\\/sk\\\/#\\\/schema\\\/logo\\\/image\\\/\"},\"sameAs\":[\"https:\\\/\\\/pantip.com\\\/profile\\\/9367242\",\"https:\\\/\\\/micro.blog\\\/iwellguard\",\"https:\\\/\\\/www.diggerslist.com\\\/iwellguard\\\/about\",\"https:\\\/\\\/skitterphoto.com\\\/photographers\\\/2870314\\\/iwell-guard\",\"https:\\\/\\\/iwellguard.wordpress.com\\\/2026\\\/06\\\/06\\\/iwell-guard\\\/\",\"https:\\\/\\\/hub.docker.com\\\/u\\\/iwellguard\",\"https:\\\/\\\/www.pinterest.com\\\/iwellguard\\\/\",\"https:\\\/\\\/bit.ly\\\/m\\\/iwellguard\",\"https:\\\/\\\/entre-vos-mains.alsace.eu\\\/profiles\\\/iwellguard\\\/activity\",\"https:\\\/\\\/gravatar.com\\\/reallybeded8fd34\",\"https:\\\/\\\/naijamatta.com\\\/iwellguard\",\"https:\\\/\\\/www.goodreads.com\\\/iwellguard\",\"https:\\\/\\\/profile.hatena.ne.jp\\\/iwellguard\\\/\",\"https:\\\/\\\/experiment.com\\\/users\\\/iwellguard\",\"https:\\\/\\\/wakelet.com\\\/@iWellGuard82270\",\"https:\\\/\\\/www.chordie.com\\\/forum\\\/profile.php?id=2555664\",\"https:\\\/\\\/www.instapaper.com\\\/p\\\/17757966\",\"https:\\\/\\\/www.mapleprimes.com\\\/users\\\/iwellguard\",\"https:\\\/\\\/businesslistingplus.com\\\/profile\\\/iwell-guard\\\/\",\"https:\\\/\\\/telegra.ph\\\/iWell-Guard-06-06\",\"https:\\\/\\\/pbase.com\\\/iwellguard\\\/iwellguard\",\"https:\\\/\\\/b.hatena.ne.jp\\\/iwellguard\\\/20260607#bookmark-4788405196491818882\",\"https:\\\/\\\/fliphtml5.com\\\/home\\\/iwellguard\",\"https:\\\/\\\/anyflip.com\\\/homepage\\\/cmiwl#About\",\"https:\\\/\\\/transfur.com\\\/Users\\\/iwellguard\",\"http:\\\/\\\/delphi.larsbo.org\\\/user\\\/iwellguard\",\"https:\\\/\\\/jobs.lajobsportal.org\\\/profiles\\\/8380803-iwell-guard\",\"https:\\\/\\\/md.chaosdorf.de\\\/s\\\/jfbe5SBdJD\",\"https:\\\/\\\/www.lingvolive.com\\\/en-us\\\/profile\\\/9ecaeaca-ce11-4e51-9e71-01d55e2bff36\\\/translations\",\"https:\\\/\\\/www.fitday.com\\\/fitness\\\/forums\\\/members\\\/iwellguard.html\",\"https:\\\/\\\/www.mymeetbook.com\\\/iwellguard\",\"https:\\\/\\\/pxhere.com\\\/en\\\/photographer-me\\\/5040798\",\"https:\\\/\\\/disqus.com\\\/by\\\/iwellguard\\\/about\\\/\",\"https:\\\/\\\/pastelink.net\\\/hjwciqwq\",\"https:\\\/\\\/pubhtml5.com\\\/homepage\\\/scjhn\\\/\",\"https:\\\/\\\/www.bitchute.com\\\/channel\\\/2O2eOKzNqujT\",\"https:\\\/\\\/audiomack.com\\\/iwellguard\"]}]}<\/script>\n<!-- \/ Yoast SEO Premium plugin. -->","yoast_head_json":{"title":"Zulfiqar \u2013 Aliov me\u010d ako ochrann\u00e9 znamenie","description":"Zulfiqar je legend\u00e1rny me\u010d Aliho a v\u00fdznamn\u00e9 znamenie, najm\u00e4 v \u0161iitskom islame. Vysvetlenie p\u00f4vodu a v\u00fdznamu.","robots":{"index":"index","follow":"follow","max-snippet":"max-snippet:-1","max-image-preview":"max-image-preview:large","max-video-preview":"max-video-preview:-1"},"canonical":"https:\/\/iwell-guard.com\/sk\/zulfiqar-mec-aliho-ako-ochranne-znamenie\/","og_locale":"sk_SK","og_type":"article","og_title":"Zulfiqar \u2013 Aliov me\u010d ako ochrann\u00e9 znamenie","og_description":"Zulfiqar je legend\u00e1rny me\u010d Aliho a v\u00fdznamn\u00e9 znamenie, najm\u00e4 v \u0161iitskom islame. Vysvetlenie p\u00f4vodu a v\u00fdznamu.","og_url":"https:\/\/iwell-guard.com\/sk\/zulfiqar-mec-aliho-ako-ochranne-znamenie\/","og_site_name":"iWell Guard","article_modified_time":"2026-09-04T22:53:21+00:00","og_image":[{"width":1024,"height":1536,"url":"https:\/\/iwell-guard.com\/wp-content\/uploads\/2026\/05\/schutzsymbol_islam_zulfiqar.webp","type":"image\/webp"}],"twitter_card":"summary_large_image","schema":{"@context":"https:\/\/schema.org","@graph":[{"@type":"WebPage","@id":"https:\/\/iwell-guard.com\/sk\/zulfiqar-mec-aliho-ako-ochranne-znamenie\/","url":"https:\/\/iwell-guard.com\/sk\/zulfiqar-mec-aliho-ako-ochranne-znamenie\/","name":"Zulfiqar \u2013 Aliov me\u010d ako ochrann\u00e9 znamenie","isPartOf":{"@id":"https:\/\/iwell-guard.com\/sk\/#website"},"primaryImageOfPage":{"@id":"https:\/\/iwell-guard.com\/sk\/zulfiqar-mec-aliho-ako-ochranne-znamenie\/#primaryimage"},"image":{"@id":"https:\/\/iwell-guard.com\/sk\/zulfiqar-mec-aliho-ako-ochranne-znamenie\/#primaryimage"},"thumbnailUrl":"https:\/\/iwell-guard.com\/wp-content\/uploads\/2026\/05\/schutzsymbol_islam_zulfiqar.webp","datePublished":"2026-09-04T22:23:09+00:00","dateModified":"2026-09-04T22:53:21+00:00","description":"Zulfiqar je legend\u00e1rny me\u010d Aliho a v\u00fdznamn\u00e9 znamenie, najm\u00e4 v \u0161iitskom islame. Vysvetlenie p\u00f4vodu a v\u00fdznamu.","breadcrumb":{"@id":"https:\/\/iwell-guard.com\/sk\/zulfiqar-mec-aliho-ako-ochranne-znamenie\/#breadcrumb"},"inLanguage":"sk-SK","potentialAction":[{"@type":"ReadAction","target":["https:\/\/iwell-guard.com\/sk\/zulfiqar-mec-aliho-ako-ochranne-znamenie\/"]}]},{"@type":"ImageObject","inLanguage":"sk-SK","@id":"https:\/\/iwell-guard.com\/sk\/zulfiqar-mec-aliho-ako-ochranne-znamenie\/#primaryimage","url":"https:\/\/iwell-guard.com\/wp-content\/uploads\/2026\/05\/schutzsymbol_islam_zulfiqar.webp","contentUrl":"https:\/\/iwell-guard.com\/wp-content\/uploads\/2026\/05\/schutzsymbol_islam_zulfiqar.webp","width":1024,"height":1536,"caption":"Ochrann\u00fd symbol. Muze\u00e1lna ilustr\u00e1cia z\u00e1ti\u0161ia."},{"@type":"BreadcrumbList","@id":"https:\/\/iwell-guard.com\/sk\/zulfiqar-mec-aliho-ako-ochranne-znamenie\/#breadcrumb","itemListElement":[{"@type":"ListItem","position":1,"name":"Start","item":"https:\/\/iwell-guard.com\/sk\/?page_id=157572"},{"@type":"ListItem","position":2,"name":"Zulfiqar \u2013 Aliov me\u010d ako ochrann\u00e9 znamenie"}]},{"@type":"WebSite","@id":"https:\/\/iwell-guard.com\/sk\/#website","url":"https:\/\/iwell-guard.com\/sk\/","name":"iWell Guard","description":"Schutz vor dunklen Einfl\u00fcssen","publisher":{"@id":"https:\/\/iwell-guard.com\/sk\/#organization"},"potentialAction":[{"@type":"SearchAction","target":{"@type":"EntryPoint","urlTemplate":"https:\/\/iwell-guard.com\/sk\/?s={search_term_string}"},"query-input":{"@type":"PropertyValueSpecification","valueRequired":true,"valueName":"search_term_string"}}],"inLanguage":"sk-SK"},{"@type":"Organization","@id":"https:\/\/iwell-guard.com\/sk\/#organization","name":"Ittermann electronic GmbH","url":"https:\/\/iwell-guard.com\/sk\/","logo":{"@type":"ImageObject","inLanguage":"sk-SK","@id":"https:\/\/iwell-guard.com\/sk\/#\/schema\/logo\/image\/","url":"https:\/\/iwell-guard.com\/wp-content\/uploads\/2026\/05\/Ittermann-Logo-1182x237-1.png","contentUrl":"https:\/\/iwell-guard.com\/wp-content\/uploads\/2026\/05\/Ittermann-Logo-1182x237-1.png","width":1182,"height":237,"caption":"Ittermann electronic GmbH"},"image":{"@id":"https:\/\/iwell-guard.com\/sk\/#\/schema\/logo\/image\/"},"sameAs":["https:\/\/pantip.com\/profile\/9367242","https:\/\/micro.blog\/iwellguard","https:\/\/www.diggerslist.com\/iwellguard\/about","https:\/\/skitterphoto.com\/photographers\/2870314\/iwell-guard","https:\/\/iwellguard.wordpress.com\/2026\/06\/06\/iwell-guard\/","https:\/\/hub.docker.com\/u\/iwellguard","https:\/\/www.pinterest.com\/iwellguard\/","https:\/\/bit.ly\/m\/iwellguard","https:\/\/entre-vos-mains.alsace.eu\/profiles\/iwellguard\/activity","https:\/\/gravatar.com\/reallybeded8fd34","https:\/\/naijamatta.com\/iwellguard","https:\/\/www.goodreads.com\/iwellguard","https:\/\/profile.hatena.ne.jp\/iwellguard\/","https:\/\/experiment.com\/users\/iwellguard","https:\/\/wakelet.com\/@iWellGuard82270","https:\/\/www.chordie.com\/forum\/profile.php?id=2555664","https:\/\/www.instapaper.com\/p\/17757966","https:\/\/www.mapleprimes.com\/users\/iwellguard","https:\/\/businesslistingplus.com\/profile\/iwell-guard\/","https:\/\/telegra.ph\/iWell-Guard-06-06","https:\/\/pbase.com\/iwellguard\/iwellguard","https:\/\/b.hatena.ne.jp\/iwellguard\/20260607#bookmark-4788405196491818882","https:\/\/fliphtml5.com\/home\/iwellguard","https:\/\/anyflip.com\/homepage\/cmiwl#About","https:\/\/transfur.com\/Users\/iwellguard","http:\/\/delphi.larsbo.org\/user\/iwellguard","https:\/\/jobs.lajobsportal.org\/profiles\/8380803-iwell-guard","https:\/\/md.chaosdorf.de\/s\/jfbe5SBdJD","https:\/\/www.lingvolive.com\/en-us\/profile\/9ecaeaca-ce11-4e51-9e71-01d55e2bff36\/translations","https:\/\/www.fitday.com\/fitness\/forums\/members\/iwellguard.html","https:\/\/www.mymeetbook.com\/iwellguard","https:\/\/pxhere.com\/en\/photographer-me\/5040798","https:\/\/disqus.com\/by\/iwellguard\/about\/","https:\/\/pastelink.net\/hjwciqwq","https:\/\/pubhtml5.com\/homepage\/scjhn\/","https:\/\/www.bitchute.com\/channel\/2O2eOKzNqujT","https:\/\/audiomack.com\/iwellguard"]}]}},"_links":{"self":[{"href":"https:\/\/iwell-guard.com\/sk\/wp-json\/wp\/v2\/pages\/158178","targetHints":{"allow":["GET"]}}],"collection":[{"href":"https:\/\/iwell-guard.com\/sk\/wp-json\/wp\/v2\/pages"}],"about":[{"href":"https:\/\/iwell-guard.com\/sk\/wp-json\/wp\/v2\/types\/page"}],"author":[{"embeddable":true,"href":"https:\/\/iwell-guard.com\/sk\/wp-json\/wp\/v2\/users\/3"}],"replies":[{"embeddable":true,"href":"https:\/\/iwell-guard.com\/sk\/wp-json\/wp\/v2\/comments?post=158178"}],"version-history":[{"count":0,"href":"https:\/\/iwell-guard.com\/sk\/wp-json\/wp\/v2\/pages\/158178\/revisions"}],"wp:featuredmedia":[{"embeddable":true,"href":"https:\/\/iwell-guard.com\/sk\/wp-json\/wp\/v2\/media\/3517"}],"wp:attachment":[{"href":"https:\/\/iwell-guard.com\/sk\/wp-json\/wp\/v2\/media?parent=158178"}],"wp:term":[{"taxonomy":"category","embeddable":true,"href":"https:\/\/iwell-guard.com\/sk\/wp-json\/wp\/v2\/categories?post=158178"}],"curies":[{"name":"wp","href":"https:\/\/api.w.org\/{rel}","templated":true}]}}