{"id":158167,"date":"2026-09-04T22:23:00","date_gmt":"2026-09-04T22:23:00","guid":{"rendered":"https:\/\/iwell-guard.com\/?page_id=158167"},"modified":"2026-09-04T22:53:05","modified_gmt":"2026-09-04T22:53:05","slug":"awen-znak-inspiracie","status":"publish","type":"page","link":"https:\/\/iwell-guard.com\/sk\/awen-znak-inspiracie\/","title":{"rendered":"Awen \u2013 znak in\u0161pir\u00e1cie"},"content":{"rendered":"\t\t<div data-elementor-type=\"wp-page\" data-elementor-id=\"158167\" class=\"elementor elementor-158167 elementor-3665 elementor-bc-flex-widget\" data-elementor-post-type=\"page\">\n\t\t\t\t<div class=\"elementor-element elementor-element-iwgs-awen-hero e-flex e-con-boxed e-con e-parent\" data-id=\"iwgs-awen-hero\" data-element_type=\"container\" data-e-type=\"container\">\n\t\t\t\t\t<div class=\"e-con-inner\">\n\t\t<div class=\"elementor-element elementor-element-iwgs-awen-hl e-flex e-con-boxed e-con e-parent\" data-id=\"iwgs-awen-hl\" data-element_type=\"container\" data-e-type=\"container\">\n\t\t\t\t\t<div class=\"e-con-inner\">\n\t\t<div class=\"elementor-element elementor-element-iwgs-awen-hlbox e-con-full e-flex e-con e-parent\" data-id=\"iwgs-awen-hlbox\" data-element_type=\"container\" data-e-type=\"container\">\n\t\t\t\t<div class=\"elementor-element elementor-element-iwgs-awen-h1 elementor-widget elementor-widget-heading\" data-id=\"iwgs-awen-h1\" data-element_type=\"widget\" data-e-type=\"widget\" data-widget_type=\"heading.default\">\n\t\t\t\t\t<h1 class=\"elementor-heading-title elementor-size-default\">Awen \u2013 znak b\u00e1snickej in\u0161pir\u00e1cie<\/h1>\t\t\t\t<\/div>\n\t\t\t\t<div class=\"elementor-element elementor-element-iwgs-awen-lead elementor-widget elementor-widget-text-editor\" data-id=\"iwgs-awen-lead\" data-element_type=\"widget\" data-e-type=\"widget\" data-widget_type=\"text-editor.default\">\n\t\t\t\t\t\t\t\t\t<p>Awen je znak z troch l\u00fa\u010dov, \u010dasto s tromi bodkami nad nimi. Symbolizuje b\u00e1snick\u00fa in\u0161pir\u00e1ciu. Slovo samo je star\u00e9, <span class=\"iwg-fachbegriff\" data-tooltip=\"Znak, ktor\u00fd zastupuje predstavu alebo v\u00fdznam.\" tabindex=\"0\">symbol<\/span> v\u0161ak vznikol a\u017e v 18. storo\u010d\u00ed.<\/p>\t\t\t\t\t\t\t\t<\/div>\n\t\t\t\t<\/div>\n\t\t\t\t<div class=\"elementor-element elementor-element-iwgs-awen-pills elementor-widget elementor-widget-html\" data-id=\"iwgs-awen-pills\" data-element_type=\"widget\" data-e-type=\"widget\" data-widget_type=\"html.default\">\n\t\t\t\t\t<div class=\"iwg-pill-row\"><span class=\"iwg-klasse-badge\" tabindex=\"0\" data-tooltip=\"Ochrann\u00fd symbol, amulet alebo apotropaick\u00fd predmet.\">Ochrann\u00fd symbol<\/span><a href=\"https:\/\/iwell-guard.com\/sk\/keltska\/\" class=\"iwg-kultur-badge\" tabindex=\"0\" data-tooltip=\"Ochrann\u00e1 trad\u00edcia: Keltsk\u00e1\">Keltsk\u00e1<\/a><span class=\"iwg-tradition-badge\" tabindex=\"0\" data-tooltip=\"Znamenie, ktor\u00e9 zastupuje ist\u00fd v\u00fdznam.\">Symbol<\/span><\/div>\t\t\t\t<\/div>\n\t\t\t\t\t<\/div>\n\t\t\t\t<\/div>\n\t\t<div class=\"elementor-element elementor-element-iwgs-awen-hr e-con-full e-flex e-con e-parent\" data-id=\"iwgs-awen-hr\" data-element_type=\"container\" data-e-type=\"container\">\n\t\t\t\t<div class=\"elementor-element elementor-element-iwgs-awen-himg iwg-hero-image elementor-widget elementor-widget-image\" data-id=\"iwgs-awen-himg\" data-element_type=\"widget\" data-e-type=\"widget\" data-widget_type=\"image.default\">\n\t\t\t\t\t\t\t\t\t\t\t\t\t\t\t<img fetchpriority=\"high\" decoding=\"async\" width=\"683\" height=\"1024\" src=\"https:\/\/iwell-guard.com\/wp-content\/uploads\/2026\/05\/schutzsymbol_keltisch_awen-683x1024.webp\" class=\"attachment-large size-large wp-image-159556\" alt=\"Awen - ochrann\u00fd symbol, m\u00fazejn\u00e1 ilustr\u00e1cia\" srcset=\"https:\/\/iwell-guard.com\/wp-content\/uploads\/2026\/05\/schutzsymbol_keltisch_awen-683x1024.webp 683w, https:\/\/iwell-guard.com\/wp-content\/uploads\/2026\/05\/schutzsymbol_keltisch_awen-200x300.webp 200w, https:\/\/iwell-guard.com\/wp-content\/uploads\/2026\/05\/schutzsymbol_keltisch_awen-768x1152.webp 768w, https:\/\/iwell-guard.com\/wp-content\/uploads\/2026\/05\/schutzsymbol_keltisch_awen.webp 1024w\" sizes=\"(max-width: 683px) 100vw, 683px\" \/>\t\t\t\t\t\t\t\t\t\t\t\t\t\t\t<\/div>\n\t\t\t\t<\/div>\n\t\t\t\t\t<\/div>\n\t\t\t\t<\/div>\n\t\t<div class=\"elementor-element elementor-element-iwgs-awen-s0 e-flex e-con-boxed e-con e-parent\" data-id=\"iwgs-awen-s0\" data-element_type=\"container\" data-e-type=\"container\">\n\t\t\t\t\t<div class=\"e-con-inner\">\n\t\t\t\t<div class=\"elementor-element elementor-element-iwgs-awen-s0h elementor-widget elementor-widget-heading\" data-id=\"iwgs-awen-s0h\" data-element_type=\"widget\" data-e-type=\"widget\" data-widget_type=\"heading.default\">\n\t\t\t\t\t<h2 class=\"elementor-heading-title elementor-size-default\">Zaradenie<\/h2>\t\t\t\t<\/div>\n\t\t<div class=\"elementor-element elementor-element-iwgs-awen-s0box e-con-full e-flex e-con e-parent\" data-id=\"iwgs-awen-s0box\" data-element_type=\"container\" data-e-type=\"container\">\n\t\t\t\t<div class=\"elementor-element elementor-element-iwgs-awen-s0t elementor-widget elementor-widget-text-editor\" data-id=\"iwgs-awen-s0t\" data-element_type=\"widget\" data-e-type=\"widget\" data-widget_type=\"text-editor.default\">\n\t\t\t\t\t\t\t\t\t<p>Awen je znak z <a href=\"https:\/\/iwell-guard.com\/sk\/keltska\/\">keltskej<\/a>, presnej\u0161ie waleskej <span class=\"iwg-fachbegriff\" data-tooltip=\"Odovzd\u00e1vanie vedomost\u00ed a rozpr\u00e1van\u00ed z gener\u00e1cie na gener\u00e1ciu.\" tabindex=\"0\">trad\u00edcie<\/span>. Sklad\u00e1 sa z troch l\u00fa\u010dov alebo \u010diar, ktor\u00e9 sa smerom nadol rozbiehaj\u00fa, a v\u00e4\u010d\u0161inou z troch bodiek nad nimi.<\/p><p>Slovo Awen poch\u00e1dza z wale\u0161tiny. Ozna\u010duje b\u00e1snick\u00fa in\u0161pir\u00e1ciu, tvoriv\u00e9 vnuknutie, ako by to bol dych alebo v\u00e1nok, z ktor\u00e9ho vznik\u00e1 po\u00e9zia a poznanie.<\/p><p>Awen je tak v prvom rade znakom in\u0161pir\u00e1cie a tvorivej sily. Nejde o ochrann\u00fd amulet v pravom zmysle slova, ale o symbol s hlb\u0161\u00edm v\u00fdznamom.<\/p><p>V s\u00fa\u010dasnom pou\u017e\u00edvan\u00ed m\u00e1 v\u0161ak Awen aj ochrann\u00fd a po\u017eehn\u00e1vaj\u00faci v\u00fdznam. V modern\u00fdch druidsk\u00fdch hnutiach je znakom duchovnej sp\u00e4tosti, ktor\u00fd sa nos\u00ed aj ako ochrann\u00fd a po\u017eehn\u00e1vaj\u00faci symbol.<\/p><p>Pri zara\u010fovan\u00ed Awenu je d\u00f4le\u017eit\u00e9 presn\u00e9 rozl\u00ed\u0161enie. Slovo Awen je star\u00e9 a siaha do stredovekej waleskej <span class=\"iwg-fachbegriff\" data-tooltip=\"Odovzd\u00e1vanie vedomost\u00ed a rozpr\u00e1van\u00ed z gener\u00e1cie na gener\u00e1ciu.\" tabindex=\"0\">trad\u00edcie<\/span>. <span class=\"iwg-fachbegriff\" data-tooltip=\"Znak, ktor\u00fd zastupuje predstavu alebo v\u00fdznam.\" tabindex=\"0\">Symbol<\/span> troch l\u00fa\u010dov je naproti tomu ove\u013ea mlad\u0161\u00ed.<\/p><p>Toto rozl\u00ed\u0161enie medzi star\u00fdm slovom a mlad\u00fdm <span class=\"iwg-fachbegriff\" data-tooltip=\"Znak, ktor\u00fd zastupuje predstavu alebo v\u00fdznam.\" tabindex=\"0\">symbolom<\/span> sa tiahne cel\u00fdm v\u00fdkladom. Je obzvl\u00e1\u0161\u0165 d\u00f4le\u017eit\u00e9, preto\u017ee Awen sa \u010dasto bez rozdielu vyd\u00e1va za starovek\u00fd keltsk\u00fd znak.<\/p>\t\t\t\t\t\t\t\t<\/div>\n\t\t\t\t<\/div>\n\t\t\t\t\t<\/div>\n\t\t\t\t<\/div>\n\t\t<div class=\"elementor-element elementor-element-iwgs-awen-s1 e-flex e-con-boxed e-con e-parent\" data-id=\"iwgs-awen-s1\" data-element_type=\"container\" data-e-type=\"container\">\n\t\t\t\t\t<div class=\"e-con-inner\">\n\t\t\t\t<div class=\"elementor-element elementor-element-iwgs-awen-s1h elementor-widget elementor-widget-heading\" data-id=\"iwgs-awen-s1h\" data-element_type=\"widget\" data-e-type=\"widget\" data-widget_type=\"heading.default\">\n\t\t\t\t\t<h2 class=\"elementor-heading-title elementor-size-default\">Slovo Awen<\/h2>\t\t\t\t<\/div>\n\t\t<div class=\"elementor-element elementor-element-iwgs-awen-s1box e-con-full e-flex e-con e-parent\" data-id=\"iwgs-awen-s1box\" data-element_type=\"container\" data-e-type=\"container\">\n\t\t\t\t<div class=\"elementor-element elementor-element-iwgs-awen-s1t elementor-widget elementor-widget-text-editor\" data-id=\"iwgs-awen-s1t\" data-element_type=\"widget\" data-e-type=\"widget\" data-widget_type=\"text-editor.default\">\n\t\t\t\t\t\t\t\t\t<p>Pojem Awen je star\u00fd. Je dolo\u017een\u00fd v stredovekej waleskej literat\u00fare, kde ozna\u010duje b\u00e1snick\u00fa in\u0161pir\u00e1ciu.<\/p><p>Walesk\u00e1 <span class=\"iwg-fachbegriff\" data-tooltip=\"Odovzd\u00e1vanie vedomost\u00ed a rozpr\u00e1van\u00ed z gener\u00e1cie na gener\u00e1ciu.\" tabindex=\"0\">trad\u00edcia<\/span> poznala postavu barda, b\u00e1snika a spev\u00e1ka. Po\u00e9zia sa nepova\u017eovala za be\u017en\u00e9 remeslo, ale za dar, ktor\u00fd b\u00e1snika nav\u0161tevoval. Tento prich\u00e1dzaj\u00faci dar je Awen.<\/p><p>Awen sa tak ch\u00e1pal ako sila, ktor\u00e1 prich\u00e1dza zvonka alebo zhora. B\u00e1snik ju prij\u00edmal, nevytv\u00e1ral ju s\u00e1m zo seba. Bola ako dych, ktor\u00fd ho napl\u0148oval.<\/p><p>Vo walesk\u00fdch rozpr\u00e1vaniach sa Awen sp\u00e1ja s ur\u010dit\u00fdmi postavami. Zn\u00e1my je pr\u00edbeh o kotli, z ktor\u00e9ho sa z\u00edskava in\u0161pir\u00e1cia, a o b\u00e1snikovi, ktor\u00fd sa jeho p\u00f4soben\u00edm st\u00e1va ve\u0161com a spev\u00e1kom.<\/p><p>Slovo Awen tak patr\u00ed k skuto\u010dnej, starej trad\u00edcii. Walesk\u00e1 kult\u00fara poznala pojem aj predstavu prich\u00e1dzaj\u00facej b\u00e1snickej in\u0161pir\u00e1cie.<\/p><p>\u010co v\u0161ak star\u00e1 <span class=\"iwg-fachbegriff\" data-tooltip=\"Odovzd\u00e1vanie vedomost\u00ed a rozpr\u00e1van\u00ed z gener\u00e1cie na gener\u00e1ciu.\" tabindex=\"0\">trad\u00edcia<\/span> nepoznala, je konkr\u00e9tny nakreslen\u00fd <span class=\"iwg-fachbegriff\" data-tooltip=\"Znak, ktor\u00fd zastupuje predstavu alebo v\u00fdznam.\" tabindex=\"0\">symbol<\/span> pre Awen. Slovo je star\u00e9, znak z troch l\u00fa\u010dov nie je.<\/p>\t\t\t\t\t\t\t\t<\/div>\n\t\t\t\t<\/div>\n\t\t\t\t\t<\/div>\n\t\t\t\t<\/div>\n\t\t<div class=\"elementor-element elementor-element-iwgs-awen-s2 e-flex e-con-boxed e-con e-parent\" data-id=\"iwgs-awen-s2\" data-element_type=\"container\" data-e-type=\"container\">\n\t\t\t\t\t<div class=\"e-con-inner\">\n\t\t\t\t<div class=\"elementor-element elementor-element-iwgs-awen-s2h elementor-widget elementor-widget-heading\" data-id=\"iwgs-awen-s2h\" data-element_type=\"widget\" data-e-type=\"widget\" data-widget_type=\"heading.default\">\n\t\t\t\t\t<h2 class=\"elementor-heading-title elementor-size-default\">Symbol troch l\u00fa\u010dov<\/h2>\t\t\t\t<\/div>\n\t\t<div class=\"elementor-element elementor-element-iwgs-awen-s2box e-con-full e-flex e-con e-parent\" data-id=\"iwgs-awen-s2box\" data-element_type=\"container\" data-e-type=\"container\">\n\t\t\t\t<div class=\"elementor-element elementor-element-iwgs-awen-s2t elementor-widget elementor-widget-text-editor\" data-id=\"iwgs-awen-s2t\" data-element_type=\"widget\" data-e-type=\"widget\" data-widget_type=\"text-editor.default\">\n\t\t\t\t\t\t\t\t\t<p>Nakreslen\u00fd <span class=\"iwg-fachbegriff\" data-tooltip=\"Znak, ktor\u00fd zastupuje predstavu alebo v\u00fdznam.\" tabindex=\"0\">symbol<\/span> Awenu sa sklad\u00e1 z troch l\u00fa\u010dov. Smerom nadol sa rozbiehaj\u00fa a nad nimi stoja v\u00e4\u010d\u0161inou tri bodky. Celok je \u010dasto obklopen\u00fd jedn\u00fdm alebo viacer\u00fdmi kruhmi.<\/p><p>Tento <span class=\"iwg-fachbegriff\" data-tooltip=\"Znak, ktor\u00fd zastupuje predstavu alebo v\u00fdznam.\" tabindex=\"0\">symbol<\/span> nie je star\u00fd. Vznikol na konci 18. storo\u010dia. Jeho tvorcom bol Walisan Edward Williams, zn\u00e1my pod menom Iolo Morganwg.<\/p><p>Iolo Morganwg bol b\u00e1snik a zberate\u013e, ktor\u00fd sa v\u00e1\u0161nivo venoval walesk\u00e9mu kult\u00farnemu dedi\u010dstvu. Zalo\u017eil zhroma\u017edenie walesk\u00fdch b\u00e1snikov a pre toto hnutie vytvoril vlastn\u00fd svet symbolov.<\/p><p>Pre toto novodob\u00e9 druidsk\u00e9 hnutie vytvoril Iolo Morganwg <span class=\"iwg-fachbegriff\" data-tooltip=\"Znak, ktor\u00fd zastupuje predstavu alebo v\u00fdznam.\" tabindex=\"0\">symbol<\/span> Awenu z troch l\u00fa\u010dov. Bolo to nov\u00e9 dielo, hoci nadv\u00e4zovalo na star\u00e9 pojmy a predstavy.<\/p><p>Iolo Morganwg vyd\u00e1val niektor\u00e9 veci za star\u00e9, hoci ich s\u00e1m vytvoril alebo dotvoril. B\u00e1danie to nesk\u00f4r objasnilo. <span class=\"iwg-fachbegriff\" data-tooltip=\"Znak, ktor\u00fd zastupuje predstavu alebo v\u00fdznam.\" tabindex=\"0\">Symbol<\/span> Awenu patr\u00ed k t\u00fdmto v\u00fdtvorom 18. storo\u010dia.<\/p><p>T\u00fdm je jasn\u00e9 rozl\u00ed\u0161enie. Slovo Awen je stredovek\u00e9 a prav\u00e9. Nakreslen\u00fd <span class=\"iwg-fachbegriff\" data-tooltip=\"Znak, ktor\u00fd zastupuje predstavu alebo v\u00fdznam.\" tabindex=\"0\">symbol<\/span> troch l\u00fa\u010dov je v\u00fdtvorom konca 18. storo\u010dia. Obe patria k sebe, ale maj\u00fa odli\u0161n\u00fd vek.<\/p>\t\t\t\t\t\t\t\t<\/div>\n\t\t\t\t<\/div>\n\t\t\t\t\t<\/div>\n\t\t\t\t<\/div>\n\t\t<div class=\"elementor-element elementor-element-iwgs-awen-s3 e-flex e-con-boxed e-con e-parent\" data-id=\"iwgs-awen-s3\" data-element_type=\"container\" data-e-type=\"container\">\n\t\t\t\t\t<div class=\"e-con-inner\">\n\t\t\t\t<div class=\"elementor-element elementor-element-iwgs-awen-s3h elementor-widget elementor-widget-heading\" data-id=\"iwgs-awen-s3h\" data-element_type=\"widget\" data-e-type=\"widget\" data-widget_type=\"heading.default\">\n\t\t\t\t\t<h2 class=\"elementor-heading-title elementor-size-default\">Iolo Morganwg a walesk\u00e1 znovuzrodenie<\/h2>\t\t\t\t<\/div>\n\t\t<div class=\"elementor-element elementor-element-iwgs-awen-s3box e-con-full e-flex e-con e-parent\" data-id=\"iwgs-awen-s3box\" data-element_type=\"container\" data-e-type=\"container\">\n\t\t\t\t<div class=\"elementor-element elementor-element-iwgs-awen-s3t elementor-widget elementor-widget-text-editor\" data-id=\"iwgs-awen-s3t\" data-element_type=\"widget\" data-e-type=\"widget\" data-widget_type=\"text-editor.default\">\n\t\t\t\t\t\t\t\t\t<p>Na pochopenie symbolu Awen sa oplat\u00ed pozrie\u0165 na dobu jeho vzniku. Neskor\u00e9 18. storo\u010die bolo obdob\u00edm, v ktorom v\u00fdrazne narastal z\u00e1ujem o star\u00e9 kult\u00fary Britsk\u00fdch ostrovov.<\/p><p>Vo Walese vzniklo hnutie, ktor\u00e9 chcelo pestova\u0165 a o\u017eivi\u0165 walesk\u00e9 dedi\u010dstvo, walesk\u00fd jazyk a walesk\u00fa po\u00e9ziu. Iolo Morganwg bol jednou z hnac\u00edch post\u00e1v tohto hnutia.<\/p><p>Zalo\u017eil sl\u00e1vnostn\u00e9 zhroma\u017edenie b\u00e1snikov, ktor\u00e9 nadv\u00e4zovalo na star\u00e9 predstavy o bardoch a druidoch. Pre toto zhroma\u017edenie vytvoril zvyky, ritu\u00e1ly a znaky.<\/p><p>Symbol Awen patr\u00ed k tomuto v\u00fdtvoru. Od za\u010diatku bol znakom modern\u00e9ho druidsk\u00e9ho hnutia, nie odovzdan\u00fdm star\u00fdm symbolom.<\/p><p>Toto hnutie nebolo len podvodom. Nieslo ho skuto\u010dn\u00e9 nad\u0161enie pre walesk\u00e9 dedi\u010dstvo a zna\u010dne prispelo k pestovaniu waleskej kult\u00fary. Niektor\u00e9 jeho zvyky pretrv\u00e1vaj\u00fa dodnes.<\/p><p>Bolo to v\u0161ak hnutie novoveku, ktor\u00e9 chcelo o\u017eivi\u0165 star\u00e9 a z\u00e1rove\u0148 vytvori\u0165 nov\u00e9. Symbol Awen je v\u00fdtvorom tohto hnutia a je poctiv\u00e9 ho tak aj ozna\u010dova\u0165.<\/p>\t\t\t\t\t\t\t\t<\/div>\n\t\t\t\t<\/div>\n\t\t\t\t\t<\/div>\n\t\t\t\t<\/div>\n\t\t<div class=\"elementor-element elementor-element-iwgs-awen-s4 e-flex e-con-boxed e-con e-parent\" data-id=\"iwgs-awen-s4\" data-element_type=\"container\" data-e-type=\"container\">\n\t\t\t\t\t<div class=\"e-con-inner\">\n\t\t\t\t<div class=\"elementor-element elementor-element-iwgs-awen-s4h elementor-widget elementor-widget-heading\" data-id=\"iwgs-awen-s4h\" data-element_type=\"widget\" data-e-type=\"widget\" data-widget_type=\"heading.default\">\n\t\t\t\t\t<h2 class=\"elementor-heading-title elementor-size-default\">V\u00fdklad znaku<\/h2>\t\t\t\t<\/div>\n\t\t<div class=\"elementor-element elementor-element-iwgs-awen-s4box e-con-full e-flex e-con e-parent\" data-id=\"iwgs-awen-s4box\" data-element_type=\"container\" data-e-type=\"container\">\n\t\t\t\t<div class=\"elementor-element elementor-element-iwgs-awen-s4t elementor-widget elementor-widget-text-editor\" data-id=\"iwgs-awen-s4t\" data-element_type=\"widget\" data-e-type=\"widget\" data-widget_type=\"text-editor.default\">\n\t\t\t\t\t\t\t\t\t<p>Symbol Awen zlo\u017een\u00fd z troch l\u00fa\u010dov je spojen\u00fd s v\u00fdkladom, ktor\u00fd objas\u0148uje jeho jednotliv\u00e9 \u010dasti. Tento v\u00fdklad patr\u00ed k modernej druidskej trad\u00edcii.<\/p><p>Tri l\u00fa\u010de sa vykladaj\u00fa r\u00f4znymi sp\u00f4sobmi. Roz\u0161\u00edren\u00fd v\u00fdklad ich ch\u00e1pe ako tri l\u00fa\u010de svetla alebo ako tri aspekty bo\u017esk\u00e9ho p\u00f4sobenia.<\/p><p>Tri body nad l\u00fa\u010dmi sa tie\u017e vykladaj\u00fa, napr\u00edklad ako body, z ktor\u00fdch vych\u00e1dza svetlo, alebo ako symboly z\u00e1kladn\u00fdch s\u00edl. Aj obklopuj\u00face kruhy nes\u00fa svoj v\u00fdznam.<\/p><p>Symbol Awen ako celok predstavuje in\u0161pir\u00e1ciu, tvoriv\u00e9 vnuknutie a harmonick\u00e9 p\u00f4sobenie s\u00edl. Je znakom duchovnej tvorivej sily.<\/p><p>Tieto v\u00fdklady s\u00fa premyslen\u00e9 a pre pr\u00edvr\u017eencov druidsk\u00e9ho hnutia maj\u00fa svoj v\u00fdznam. Patria k \u017eivej s\u00fa\u010dasnosti tohto znaku.<\/p><p>Je v\u0161ak d\u00f4le\u017eit\u00e9 vedie\u0165, \u017ee tieto v\u00fdklady s\u00fa s\u00fa\u010das\u0165ou modernej druidskej trad\u00edcie. Nejde o star\u00e9, odovzdan\u00e9 poznanie, ale o s\u00fa\u010das\u0165 symboliky, ktor\u00e1 sa rozv\u00edjala od 18. storo\u010dia.<\/p>\t\t\t\t\t\t\t\t<\/div>\n\t\t\t\t<\/div>\n\t\t\t\t\t<\/div>\n\t\t\t\t<\/div>\n\t\t<div class=\"elementor-element elementor-element-iwgs-awen-s5 e-flex e-con-boxed e-con e-parent\" data-id=\"iwgs-awen-s5\" data-element_type=\"container\" data-e-type=\"container\">\n\t\t\t\t\t<div class=\"e-con-inner\">\n\t\t\t\t<div class=\"elementor-element elementor-element-iwgs-awen-s5h elementor-widget elementor-widget-heading\" data-id=\"iwgs-awen-s5h\" data-element_type=\"widget\" data-e-type=\"widget\" data-widget_type=\"heading.default\">\n\t\t\t\t\t<h2 class=\"elementor-heading-title elementor-size-default\">Awen ako ochrann\u00fd a po\u017eehn\u00e1vaj\u00faci znak<\/h2>\t\t\t\t<\/div>\n\t\t<div class=\"elementor-element elementor-element-iwgs-awen-s5box e-con-full e-flex e-con e-parent\" data-id=\"iwgs-awen-s5box\" data-element_type=\"container\" data-e-type=\"container\">\n\t\t\t\t<div class=\"elementor-element elementor-element-iwgs-awen-s5t elementor-widget elementor-widget-text-editor\" data-id=\"iwgs-awen-s5t\" data-element_type=\"widget\" data-e-type=\"widget\" data-widget_type=\"text-editor.default\">\n\t\t\t\t\t\t\t\t\t<p>Awen je v prvom rade znakom in\u0161pir\u00e1cie, nie odvracaj\u00facim ochrann\u00fdm amuletom. V s\u00fa\u010dasnom pou\u017e\u00edvan\u00ed v\u0161ak nesie aj ochrann\u00fd a po\u017eehn\u00e1vaj\u00faci v\u00fdznam.<\/p><p>V modern\u00fdch druidsk\u00fdch hnutiach sa Awen pou\u017e\u00edva ako centr\u00e1lny znak viery a rozpozn\u00e1vania. Kto ho nos\u00ed, prihlasuje sa k tejto duchovnej trad\u00edcii.<\/p><p>V tejto s\u00favislosti z\u00edskava Awen aj vz\u0165ah k ochrane. Stavia svojho nosite\u013ea pod znamenie in\u0161pir\u00e1cie a duchovn\u00e9ho spojenia a je pova\u017eovan\u00fd za znak po\u017eehnania a dobrej sily.<\/p><p>Awen tak patr\u00ed menej k odvracaj\u00facim <span class=\"iwg-fachbegriff\" data-tooltip=\"Mno\u017en\u00e9 \u010d\u00edslo od apotropaikon: predmety a znaky, ktor\u00e9 maj\u00fa odvraca\u0165 ne\u0161\u0165astie.\" tabindex=\"0\">apotropaik\u00e1m<\/span> a viac k znakom po\u017eehnania. Neodvracia hrozbou a nezachyt\u00e1va poh\u013ead, ale stavia pod dobr\u00fa, tvoriv\u00fa silu.<\/p><p>V tomto oh\u013eade sa Awen podob\u00e1 in\u00fdm znakom po\u017eehnania, ktor\u00e9 neodvracaj\u00fa, ale <span class=\"iwg-fachbegriff\" data-tooltip=\"Odovzdanie predmetu, miesta alebo \u010dloveka sv\u00e4t\u00e9mu prostredn\u00edctvom n\u00e1bo\u017eensk\u00e9ho aktu.\" tabindex=\"0\">posv\u00e4cuj\u00fa<\/span> a stavaj\u00fa pod dobr\u00e9 znamenie. Jeho ochranou je spojenie s in\u0161piruj\u00facou silou.<\/p><p>Pre presn\u00e9 zaradenie je d\u00f4le\u017eit\u00e9 ch\u00e1pa\u0165 Awen spr\u00e1vne. Je to modern\u00fd znak in\u0161pir\u00e1cie a duchovn\u00e9ho po\u017eehnania, ktor\u00fd v druidskom hnut\u00ed z\u00edskal aj ochrann\u00fd v\u00fdznam.<\/p>\t\t\t\t\t\t\t\t<\/div>\n\t\t\t\t<\/div>\n\t\t\t\t\t<\/div>\n\t\t\t\t<\/div>\n\t\t<div class=\"elementor-element elementor-element-iwgs-awen-s6 e-flex e-con-boxed e-con e-parent\" data-id=\"iwgs-awen-s6\" data-element_type=\"container\" data-e-type=\"container\">\n\t\t\t\t\t<div class=\"e-con-inner\">\n\t\t\t\t<div class=\"elementor-element elementor-element-iwgs-awen-s6h elementor-widget elementor-widget-heading\" data-id=\"iwgs-awen-s6h\" data-element_type=\"widget\" data-e-type=\"widget\" data-widget_type=\"heading.default\">\n\t\t\t\t\t<h2 class=\"elementor-heading-title elementor-size-default\">Modern\u00e9 druidsk\u00e9 hnutie<\/h2>\t\t\t\t<\/div>\n\t\t<div class=\"elementor-element elementor-element-iwgs-awen-s6box e-con-full e-flex e-con e-parent\" data-id=\"iwgs-awen-s6box\" data-element_type=\"container\" data-e-type=\"container\">\n\t\t\t\t<div class=\"elementor-element elementor-element-iwgs-awen-s6t elementor-widget elementor-widget-text-editor\" data-id=\"iwgs-awen-s6t\" data-element_type=\"widget\" data-e-type=\"widget\" data-widget_type=\"text-editor.default\">\n\t\t\t\t\t\t\t\t\t<p><span class=\"iwg-fachbegriff\" data-tooltip=\"Znak, ktor\u00fd zastupuje predstavu alebo v\u00fdznam.\" tabindex=\"0\">Symbol<\/span> Awen je \u00fazko spojen\u00fd s modern\u00fdm druidsk\u00fdm hnut\u00edm. Toto hnutie sa odvol\u00e1va na star\u00fdch druidov, k\u0148azov a u\u010dencov keltsk\u00e9ho sveta.<\/p><p>O historick\u00fdch druidoch je isto zn\u00e1me len m\u00e1lo. Nezanechali vlastn\u00e9 p\u00edsomn\u00e9 pamiatky. Poznanie o nich sa opiera len o nieko\u013eko svedectiev zvonka, predov\u0161etk\u00fdm z antickej literat\u00fary.<\/p><p>Modern\u00e9 druidsk\u00e9 hnutie vzniklo a\u017e v novej dobe, od 18. storo\u010dia. Nejde o nepreru\u0161en\u00e9 pokra\u010dovanie star\u00fdch druidov, ale o novodob\u00fd v\u00fdtvor, ktor\u00fd sa odvol\u00e1va na t\u00fato starobyl\u00fa postavu.<\/p><p>V r\u00e1mci tohto hnutia existuj\u00fa r\u00f4zne pr\u00fady. Niektor\u00e9 sa ch\u00e1pu ako kult\u00farne hnutie na pestovanie keltsk\u00e9ho dedi\u010dstva, in\u00e9 ako n\u00e1bo\u017eensk\u00e9 alebo duchovn\u00e9 spolo\u010denstvo.<\/p><p>V r\u00e1mci v\u0161etk\u00fdch t\u00fdchto pr\u00fadov je Awen sp\u00e1jaj\u00facim znakom. Je tak povediac rozpozn\u00e1vac\u00edm znakom modern\u00e9ho druidsk\u00e9ho hnutia, podobne ako kr\u00ed\u017e pre kres\u0165anstvo.<\/p><p>Awen je tak dobr\u00fdm pr\u00edkladom znaku, ktor\u00fd bol vytvoren\u00fd modern\u00fdm hnut\u00edm a v tomto hnut\u00ed zauj\u00edma centr\u00e1lne postavenie. Je mlad\u00fd, ale vo svojej trad\u00edcii pevne zakotven\u00fd.<\/p>\t\t\t\t\t\t\t\t<\/div>\n\t\t\t\t<\/div>\n\t\t\t\t\t<\/div>\n\t\t\t\t<\/div>\n\t\t<div class=\"elementor-element elementor-element-iwgs-awen-s7 e-flex e-con-boxed e-con e-parent\" data-id=\"iwgs-awen-s7\" data-element_type=\"container\" data-e-type=\"container\">\n\t\t\t\t\t<div class=\"e-con-inner\">\n\t\t\t\t<div class=\"elementor-element elementor-element-iwgs-awen-s7h elementor-widget elementor-widget-heading\" data-id=\"iwgs-awen-s7h\" data-element_type=\"widget\" data-e-type=\"widget\" data-widget_type=\"heading.default\">\n\t\t\t\t\t<h2 class=\"elementor-heading-title elementor-size-default\">Star\u00e9 slovo, mlad\u00fd znak<\/h2>\t\t\t\t<\/div>\n\t\t<div class=\"elementor-element elementor-element-iwgs-awen-s7box e-con-full e-flex e-con e-parent\" data-id=\"iwgs-awen-s7box\" data-element_type=\"container\" data-e-type=\"container\">\n\t\t\t\t<div class=\"elementor-element elementor-element-iwgs-awen-s7t elementor-widget elementor-widget-text-editor\" data-id=\"iwgs-awen-s7t\" data-element_type=\"widget\" data-e-type=\"widget\" data-widget_type=\"text-editor.default\">\n\t\t\t\t\t\t\t\t\t<p>Pri Awen je rozhoduj\u00face rozl\u00ed\u0161enie medzi star\u00fdm slovom a mlad\u00fdm znakom. Oboje patr\u00ed k sebe, no ide o veci r\u00f4zneho veku, a to by malo by\u0165 jasne pomenovan\u00e9.<\/p><p>Slovo Awen je star\u00e9. Je dolo\u017een\u00e9 v stredovekej waleskej literat\u00fare, kde ozna\u010duje b\u00e1snick\u00fa in\u0161pir\u00e1ciu. Predstava o pr\u00fadiacom tvorivom dare je autentick\u00e1 a odovzdan\u00e1 trad\u00edciou.<\/p><p>Nakreslen\u00fd symbol z troch l\u00fa\u010dov je naproti tomu mlad\u00fd. Vznikol v neskorom 18. storo\u010d\u00ed ako v\u00fdtvor Iola Morganwga pre modern\u00e9 druidsk\u00e9 hnutie.<\/p><p>Toto rozl\u00ed\u0161enie nie je ved\u013eaj\u0161ou z\u00e1le\u017eitos\u0165ou. V dne\u0161nom obraze sa symbol Awen \u010dasto zobrazuje ako prastar\u00fd keltsk\u00fd alebo druidsk\u00fd znak. Toto zobrazenie nie je vecne udr\u017eate\u013en\u00e9.<\/p><p>Spr\u00e1vne je sk\u00f4r toto: star\u00e9 slovo a star\u00e1 predstava boli v 18. storo\u010d\u00ed spojen\u00e9 s novo vytvoren\u00fdm symbolom. Symbol nadv\u00e4zuje na star\u00e9, no s\u00e1m je nov\u00fdm v\u00fdtvorom.<\/p><p>Poctiv\u00e9 zobrazenie Awen pomen\u00fava oboje. Uzn\u00e1va star\u00e9 slovo a star\u00fa predstavu in\u0161pir\u00e1cie a z\u00e1rove\u0148 jasne zara\u010fuje symbol ako v\u00fdtvor novoveku. Tak sa Awen ani umelo nezostar\u00ed, ani sa jeho v\u00fdznam neskr\u00e1ti.<\/p>\t\t\t\t\t\t\t\t<\/div>\n\t\t\t\t<\/div>\n\t\t\t\t\t<\/div>\n\t\t\t\t<\/div>\n\t\t<div class=\"elementor-element elementor-element-iwgs-awen-s8 e-flex e-con-boxed e-con e-parent\" data-id=\"iwgs-awen-s8\" data-element_type=\"container\" data-e-type=\"container\">\n\t\t\t\t\t<div class=\"e-con-inner\">\n\t\t\t\t<div class=\"elementor-element elementor-element-iwgs-awen-s8h elementor-widget elementor-widget-heading\" data-id=\"iwgs-awen-s8h\" data-element_type=\"widget\" data-e-type=\"widget\" data-widget_type=\"heading.default\">\n\t\t\t\t\t<h2 class=\"elementor-heading-title elementor-size-default\">S\u00fa\u010dasn\u00e1 recepcia<\/h2>\t\t\t\t<\/div>\n\t\t<div class=\"elementor-element elementor-element-iwgs-awen-s8box e-con-full e-flex e-con e-parent\" data-id=\"iwgs-awen-s8box\" data-element_type=\"container\" data-e-type=\"container\">\n\t\t\t\t<div class=\"elementor-element elementor-element-iwgs-awen-s8t elementor-widget elementor-widget-text-editor\" data-id=\"iwgs-awen-s8t\" data-element_type=\"widget\" data-e-type=\"widget\" data-widget_type=\"text-editor.default\">\n\t\t\t\t\t\t\t\t\t<p>Awenov <span class=\"iwg-fachbegriff\" data-tooltip=\"Znak, ktor\u00fd zastupuje predstavu alebo v\u00fdznam.\" tabindex=\"0\">symbol<\/span> je dnes ve\u013emi roz\u0161\u00edren\u00fd. Objavuje sa na \u0161perkoch ako pr\u00edvesok, ako tetovanie a ako <span class=\"iwg-fachbegriff\" data-tooltip=\"Opakuj\u00faci sa obsahov\u00fd prvok v umen\u00ed alebo v rozpr\u00e1van\u00ed.\" tabindex=\"0\">mot\u00edv<\/span> v dizajne. Ob\u013e\u00faben\u00fd je najm\u00e4 v s\u00favislosti s keltskou kult\u00farou a s duchovnos\u0165ou.<\/p><p>V modernom druidskom hnut\u00ed m\u00e1 Awen svoje pevn\u00e9 miesto ako \u00fastredn\u00fd znak. Predstavuje tam in\u0161pir\u00e1ciu, duchovn\u00e9 spojenie a hl\u00e1sanie sa k tejto trad\u00edcii.<\/p><p>Nad r\u00e1mec druidsk\u00e9ho hnutia sa Awen nos\u00ed ako v\u0161eobecn\u00fd znak in\u0161pir\u00e1cie, tvorivosti a duchovnosti spojenej s pr\u00edrodou. Pri tomto pou\u017eit\u00ed je jeho presn\u00fd p\u00f4vod \u010dasto nezn\u00e1my.<\/p><p>Ako pri mnoh\u00fdch znakoch, aj pri Awene je d\u00f4le\u017eit\u00e9 vecn\u00e9 zaradenie. Slovo je star\u00e9, znak je nov\u00fd. Kto Awen zobrazuje, mal by tento rozdiel pozna\u0165 a pomenova\u0165.<\/p><p>Toto zaradenie Awen neznehodnocuje. Zost\u00e1va v\u00fdrazn\u00fdm znakom s kr\u00e1snou, jasnou formou a p\u00f4sobiv\u00fdm v\u00fdznamom, tvorivou in\u0161pir\u00e1ciou.<\/p><p>Awen je tak pou\u010dn\u00fdm pr\u00edkladom. Ukazuje, ako modern\u00e9 hnutie m\u00f4\u017ee nadviaza\u0165 na star\u00e9 slovo a vytvori\u0165 z neho nov\u00fd, \u017eiv\u00fd znak, ktor\u00fd sa dnes nos\u00ed naprie\u010d r\u00f4znymi kontextmi.<\/p>\t\t\t\t\t\t\t\t<\/div>\n\t\t\t\t<\/div>\n\t\t\t\t\t<\/div>\n\t\t\t\t<\/div>\n\t\t<div class=\"elementor-element elementor-element-iwgs-awen-lit e-flex e-con-boxed e-con e-parent\" data-id=\"iwgs-awen-lit\" data-element_type=\"container\" data-e-type=\"container\">\n\t\t\t\t\t<div class=\"e-con-inner\">\n\t\t\t\t<div class=\"elementor-element elementor-element-iwgs-awen-lith elementor-widget elementor-widget-heading\" data-id=\"iwgs-awen-lith\" data-element_type=\"widget\" data-e-type=\"widget\" data-widget_type=\"heading.default\">\n\t\t\t\t\t<h2 class=\"elementor-heading-title elementor-size-default\">Literat\u00fara (v\u00fdber)<\/h2>\t\t\t\t<\/div>\n\t\t<div class=\"elementor-element elementor-element-iwgs-awen-litbox e-con-full e-flex e-con e-parent\" data-id=\"iwgs-awen-litbox\" data-element_type=\"container\" data-e-type=\"container\">\n\t\t\t\t<div class=\"elementor-element elementor-element-iwgs-awen-litt elementor-widget elementor-widget-html\" data-id=\"iwgs-awen-litt\" data-element_type=\"widget\" data-e-type=\"widget\" data-widget_type=\"html.default\">\n\t\t\t\t\t<footer data-nosnippet=\"true\"><ul><li>Ronald Hutton: <em>Blood and Mistletoe. The History of the Druids in Britain<\/em> (2009)<\/li><li>Ronald Hutton: <em>The Druids<\/em> (2007)<\/li><li>Bernhard Maier: <em>Die Religion der Kelten<\/em> (2001)<\/li><li>Geraint H. Jenkins (ed.): <em>A Rattleskull Genius. The Many Faces of Iolo Morganwg<\/em> (2005)<\/li><li>Juliette Wood: \u0160t\u00fadie k waleskej trad\u00edcii<\/li><\/ul><\/footer>\t\t\t\t<\/div>\n\t\t\t\t<\/div>\n\t\t\t\t\t<\/div>\n\t\t\t\t<\/div>\n\t\t<div class=\"elementor-element elementor-element-iwgs-awen-kwd e-flex e-con-boxed e-con e-parent\" data-id=\"iwgs-awen-kwd\" data-element_type=\"container\" data-e-type=\"container\">\n\t\t\t\t\t<div class=\"e-con-inner\">\n\t\t\t\t<div class=\"elementor-element elementor-element-iwgs-awen-kwdt elementor-widget elementor-widget-text-editor\" data-id=\"iwgs-awen-kwdt\" data-element_type=\"widget\" data-e-type=\"widget\" data-widget_type=\"text-editor.default\">\n\t\t\t\t\t\t\t\t\t<p><em>S\u00favisiace k\u013e\u00fa\u010dov\u00e9 pojmy: Awen in\u0161pir\u00e1cia Iolo Morganwg druidi Wales tri l\u00fa\u010de bard Gorsedd.<\/em><\/p>\t\t\t\t\t\t\t\t<\/div>\n\t\t\t\t\t<\/div>\n\t\t\t\t<\/div>\n\t\t<div class=\"elementor-element elementor-element-iwgs-awen-cc e-flex e-con-boxed e-con e-parent\" data-id=\"iwgs-awen-cc\" data-element_type=\"container\" data-e-type=\"container\" id=\"iwg-cc-awen\">\n\t\t\t\t\t<div class=\"e-con-inner\">\n\t\t<div class=\"elementor-element elementor-element-iwgs-awen-ccinner e-flex e-con-boxed e-con e-parent\" data-id=\"iwgs-awen-ccinner\" data-element_type=\"container\" data-e-type=\"container\" data-settings=\"{&quot;background_background&quot;:&quot;classic&quot;}\">\n\t\t\t\t\t<div class=\"e-con-inner\">\n\t\t\t\t<div class=\"elementor-element elementor-element-iwgs-awen-cch elementor-widget elementor-widget-heading\" data-id=\"iwgs-awen-cch\" data-element_type=\"widget\" data-e-type=\"widget\" data-widget_type=\"heading.default\">\n\t\t\t\t\t<h2 class=\"elementor-heading-title elementor-size-default\">iWell Guard a ochrann\u00e9 trad\u00edcie<\/h2>\t\t\t\t<\/div>\n\t\t\t\t<div class=\"elementor-element elementor-element-iwgs-awen-cct elementor-widget elementor-widget-text-editor\" data-id=\"iwgs-awen-cct\" data-element_type=\"widget\" data-e-type=\"widget\" data-widget_type=\"text-editor.default\">\n\t\t\t\t\t\t\t\t\t<p>iWell Guard sa zara\u010fuje do kult\u00farno-historickej l\u00ednie nosite\u013en\u00fdch ochrann\u00fdch predmetov, ku ktorej patr\u00ed aj Awen. Modern\u00fd spolo\u010dn\u00edk pre \u013eud\u00ed, ktor\u00ed \u017eij\u00fa s ochrann\u00fdmi symbolmi: vyroben\u00fd v Nemecku, 41 vrstiev z prav\u00e9ho zlata, platiny a striebra, s 30-d\u0148ovou lehotou na vr\u00e1tenie tovaru.<\/p>\t\t\t\t\t\t\t\t<\/div>\n\t\t\t\t<div class=\"elementor-element elementor-element-iwgs-awen-ccb iwg-cc-button iwg-cc-cta-2026-05-13 elementor-widget elementor-widget-jet-button\" data-id=\"iwgs-awen-ccb\" data-element_type=\"widget\" data-e-type=\"widget\" data-widget_type=\"jet-button.default\">\n\t\t\t\t<div class=\"elementor-widget-container\">\n\t\t\t\t\t<div class=\"elementor-jet-button jet-elements\"><div class=\"jet-button__container\"><a class=\"jet-button__instance jet-button__instance--icon-left hover-effect-1\" href=\"\/schutzanhaenger-iwell-guard-kaufen\/?utm_source=iwell-guard.com&amp;utm_medium=info-box&amp;utm_campaign=schutzsymbole\"><div class=\"jet-button__plane jet-button__plane-normal\"><\/div><div class=\"jet-button__plane jet-button__plane-hover\"><\/div><div class=\"jet-button__state jet-button__state-normal\"><span class=\"jet-button__label\">Viac o iWell Guard<\/span><\/div><div class=\"jet-button__state jet-button__state-hover\"><span class=\"jet-button__label\">Viac o iWell Guard<\/span><\/div><\/a><\/div><\/div><style>.elementor-element.elementor-element-iwgs-awen-ccb .jet-button__instance{width:320px;height:56px;}.elementor-element.elementor-element-iwgs-awen-ccb .jet-button__state-normal .jet-button__label{text-align:center;margin:0px 0px 0px 0px;color:#1a1b20;font-family:Montserrat,sans-serif;font-size:13px;font-weight:400;letter-spacing:4px;line-height:1.714em;text-transform:uppercase;}.elementor-element.elementor-element-iwgs-awen-ccb .jet-button__state-hover .jet-button__label{text-align:center;margin:0px 0px 0px 0px;color:#FECC76;font-family:Montserrat,sans-serif;font-size:13px;font-weight:400;letter-spacing:4px;line-height:1.714em;text-transform:uppercase;}.elementor-element.elementor-element-iwgs-awen-ccb .jet-button__plane-normal{background-color:#FECC76;border-style:solid;border-color:#C99540;border-width:2px 2px 2px 2px;}.elementor-element.elementor-element-iwgs-awen-ccb .jet-button__plane-hover{background-color:rgba(0,0,0,0.55);border-style:solid;border-color:#FECC76;border-width:2px 2px 2px 2px;}<\/style>\t\t\t\t<\/div>\n\t\t\t\t<\/div>\n\t\t\t\t<div class=\"elementor-element elementor-element-iwgs-awen-ccd elementor-widget elementor-widget-text-editor\" data-id=\"iwgs-awen-ccd\" data-element_type=\"widget\" data-e-type=\"widget\" data-widget_type=\"text-editor.default\">\n\t\t\t\t\t\t\t\t\t<p style=\"text-align:center;font-size:13px;opacity:0.7;margin-top:14px\" data-nosnippet=\"true\">Osobn\u00e9 sk\u00fasenosti sa m\u00f4\u017eu l\u00ed\u0161i\u0165. Nejde o zdravotn\u00edcku pom\u00f4cku. Nejde o pr\u00eds\u013eub lie\u010denia.<\/p>\t\t\t\t\t\t\t\t<\/div>\n\t\t\t\t\t<\/div>\n\t\t\t\t<\/div>\n\t\t\t\t\t<\/div>\n\t\t\t\t<\/div>\n\t\t<div class=\"elementor-element elementor-element-iwgs-awen-disc e-flex e-con-boxed e-con e-parent\" data-id=\"iwgs-awen-disc\" data-element_type=\"container\" data-e-type=\"container\">\n\t\t\t\t\t<div class=\"e-con-inner\">\n\t\t\t\t<div class=\"elementor-element elementor-element-iwgs-awen-discw elementor-widget elementor-widget-html\" data-id=\"iwgs-awen-discw\" data-element_type=\"widget\" data-e-type=\"widget\" data-widget_type=\"html.default\">\n\t\t\t\t\t<footer data-nosnippet=\"true\" class=\"iwg-disclaimer-block\"><p data-nosnippet=\"true\">iWell Guard <strong>nie je zdravotn\u00edcka pom\u00f4cka<\/strong> a nenahr\u00e1dza lek\u00e1rske ani psychoterapeutick\u00e9 lie\u010denie. Tu uveden\u00fd obsah predstavuje religionistick\u00e9 a kult\u00farno-historick\u00e9 zaradenie, nie pr\u00eds\u013eub duchovn\u00e9ho \u00fa\u010dinku.<\/p><\/footer>\t\t\t\t<\/div>\n\t\t\t\t\t<\/div>\n\t\t\t\t<\/div>\n\t\t\t\t<\/div>\n\t\t","protected":false},"excerpt":{"rendered":"","protected":false},"author":3,"featured_media":3489,"parent":0,"menu_order":0,"comment_status":"closed","ping_status":"closed","template":"elementor_header_footer","meta":{"_yoast_wpseo_focuskw":"Awen","_yoast_wpseo_title":"Awen \u2013 keltsk\u00fd znak in\u0161pir\u00e1cie","_yoast_wpseo_metadesc":"Awen je znak z troch l\u00fa\u010dov, ktor\u00fd symbolizuje in\u0161pir\u00e1ciu. Zrozumite\u013ene vysvetlen\u00fd p\u00f4vod slova a symbolu.","_yoast_wpseo_meta-robots-noindex":"","_yoast_wpseo_canonical":"","_angie_page":false,"gefaehrdungsstufe":"","wesen_kultur":"","wesen_klasse":"","footnotes":""},"categories":[],"class_list":["post-158167","page","type-page","status-publish","has-post-thumbnail","hentry"],"yoast_head":"<!-- This site is optimized with the Yoast SEO Premium plugin v27.7 (Yoast SEO v28.3) - https:\/\/yoast.com\/product\/yoast-seo-premium-wordpress\/ -->\n<title>Awen \u2013 keltsk\u00fd znak in\u0161pir\u00e1cie<\/title>\n<meta name=\"description\" content=\"Awen je znak z troch l\u00fa\u010dov, ktor\u00fd symbolizuje in\u0161pir\u00e1ciu. Zrozumite\u013ene vysvetlen\u00fd p\u00f4vod slova a symbolu.\" \/>\n<meta name=\"robots\" content=\"index, follow, max-snippet:-1, max-image-preview:large, max-video-preview:-1\" \/>\n<link rel=\"canonical\" href=\"https:\/\/iwell-guard.com\/sk\/awen-znak-inspiracie\/\" \/>\n<meta property=\"og:locale\" content=\"sk_SK\" \/>\n<meta property=\"og:type\" content=\"article\" \/>\n<meta property=\"og:title\" content=\"Awen \u2013 znak in\u0161pir\u00e1cie\" \/>\n<meta property=\"og:description\" content=\"Awen je znak z troch l\u00fa\u010dov, ktor\u00fd symbolizuje in\u0161pir\u00e1ciu. Zrozumite\u013ene vysvetlen\u00fd p\u00f4vod slova a symbolu.\" \/>\n<meta property=\"og:url\" content=\"https:\/\/iwell-guard.com\/sk\/awen-znak-inspiracie\/\" \/>\n<meta property=\"og:site_name\" content=\"iWell Guard\" \/>\n<meta property=\"article:modified_time\" content=\"2026-09-04T22:53:05+00:00\" \/>\n<meta property=\"og:image\" content=\"https:\/\/iwell-guard.com\/wp-content\/uploads\/2026\/05\/schutzsymbol_keltisch_awen.webp\" \/>\n\t<meta property=\"og:image:width\" content=\"1024\" \/>\n\t<meta property=\"og:image:height\" content=\"1536\" \/>\n\t<meta property=\"og:image:type\" content=\"image\/webp\" \/>\n<meta name=\"twitter:card\" content=\"summary_large_image\" \/>\n<script type=\"application\/ld+json\" class=\"yoast-schema-graph\">{\"@context\":\"https:\\\/\\\/schema.org\",\"@graph\":[{\"@type\":\"WebPage\",\"@id\":\"https:\\\/\\\/iwell-guard.com\\\/sk\\\/awen-znak-inspiracie\\\/\",\"url\":\"https:\\\/\\\/iwell-guard.com\\\/sk\\\/awen-znak-inspiracie\\\/\",\"name\":\"Awen \u2013 keltsk\u00fd znak in\u0161pir\u00e1cie\",\"isPartOf\":{\"@id\":\"https:\\\/\\\/iwell-guard.com\\\/sk\\\/#website\"},\"primaryImageOfPage\":{\"@id\":\"https:\\\/\\\/iwell-guard.com\\\/sk\\\/awen-znak-inspiracie\\\/#primaryimage\"},\"image\":{\"@id\":\"https:\\\/\\\/iwell-guard.com\\\/sk\\\/awen-znak-inspiracie\\\/#primaryimage\"},\"thumbnailUrl\":\"https:\\\/\\\/iwell-guard.com\\\/wp-content\\\/uploads\\\/2026\\\/05\\\/schutzsymbol_keltisch_awen.webp\",\"datePublished\":\"2026-09-04T22:23:00+00:00\",\"dateModified\":\"2026-09-04T22:53:05+00:00\",\"description\":\"Awen je znak z troch l\u00fa\u010dov, ktor\u00fd symbolizuje in\u0161pir\u00e1ciu. Zrozumite\u013ene vysvetlen\u00fd p\u00f4vod slova a symbolu.\",\"breadcrumb\":{\"@id\":\"https:\\\/\\\/iwell-guard.com\\\/sk\\\/awen-znak-inspiracie\\\/#breadcrumb\"},\"inLanguage\":\"sk-SK\",\"potentialAction\":[{\"@type\":\"ReadAction\",\"target\":[\"https:\\\/\\\/iwell-guard.com\\\/sk\\\/awen-znak-inspiracie\\\/\"]}]},{\"@type\":\"ImageObject\",\"inLanguage\":\"sk-SK\",\"@id\":\"https:\\\/\\\/iwell-guard.com\\\/sk\\\/awen-znak-inspiracie\\\/#primaryimage\",\"url\":\"https:\\\/\\\/iwell-guard.com\\\/wp-content\\\/uploads\\\/2026\\\/05\\\/schutzsymbol_keltisch_awen.webp\",\"contentUrl\":\"https:\\\/\\\/iwell-guard.com\\\/wp-content\\\/uploads\\\/2026\\\/05\\\/schutzsymbol_keltisch_awen.webp\",\"width\":1024,\"height\":1536,\"caption\":\"Ochrann\u00fd symbol. Muze\u00e1lna ilustr\u00e1cia z\u00e1ti\u0161ia.\"},{\"@type\":\"BreadcrumbList\",\"@id\":\"https:\\\/\\\/iwell-guard.com\\\/sk\\\/awen-znak-inspiracie\\\/#breadcrumb\",\"itemListElement\":[{\"@type\":\"ListItem\",\"position\":1,\"name\":\"Start\",\"item\":\"https:\\\/\\\/iwell-guard.com\\\/sk\\\/?page_id=157572\"},{\"@type\":\"ListItem\",\"position\":2,\"name\":\"Awen \u2013 znak in\u0161pir\u00e1cie\"}]},{\"@type\":\"WebSite\",\"@id\":\"https:\\\/\\\/iwell-guard.com\\\/sk\\\/#website\",\"url\":\"https:\\\/\\\/iwell-guard.com\\\/sk\\\/\",\"name\":\"iWell Guard\",\"description\":\"Schutz vor dunklen Einfl\u00fcssen\",\"publisher\":{\"@id\":\"https:\\\/\\\/iwell-guard.com\\\/sk\\\/#organization\"},\"potentialAction\":[{\"@type\":\"SearchAction\",\"target\":{\"@type\":\"EntryPoint\",\"urlTemplate\":\"https:\\\/\\\/iwell-guard.com\\\/sk\\\/?s={search_term_string}\"},\"query-input\":{\"@type\":\"PropertyValueSpecification\",\"valueRequired\":true,\"valueName\":\"search_term_string\"}}],\"inLanguage\":\"sk-SK\"},{\"@type\":\"Organization\",\"@id\":\"https:\\\/\\\/iwell-guard.com\\\/sk\\\/#organization\",\"name\":\"Ittermann electronic GmbH\",\"url\":\"https:\\\/\\\/iwell-guard.com\\\/sk\\\/\",\"logo\":{\"@type\":\"ImageObject\",\"inLanguage\":\"sk-SK\",\"@id\":\"https:\\\/\\\/iwell-guard.com\\\/sk\\\/#\\\/schema\\\/logo\\\/image\\\/\",\"url\":\"https:\\\/\\\/iwell-guard.com\\\/wp-content\\\/uploads\\\/2026\\\/05\\\/Ittermann-Logo-1182x237-1.png\",\"contentUrl\":\"https:\\\/\\\/iwell-guard.com\\\/wp-content\\\/uploads\\\/2026\\\/05\\\/Ittermann-Logo-1182x237-1.png\",\"width\":1182,\"height\":237,\"caption\":\"Ittermann electronic GmbH\"},\"image\":{\"@id\":\"https:\\\/\\\/iwell-guard.com\\\/sk\\\/#\\\/schema\\\/logo\\\/image\\\/\"},\"sameAs\":[\"https:\\\/\\\/pantip.com\\\/profile\\\/9367242\",\"https:\\\/\\\/micro.blog\\\/iwellguard\",\"https:\\\/\\\/www.diggerslist.com\\\/iwellguard\\\/about\",\"https:\\\/\\\/skitterphoto.com\\\/photographers\\\/2870314\\\/iwell-guard\",\"https:\\\/\\\/iwellguard.wordpress.com\\\/2026\\\/06\\\/06\\\/iwell-guard\\\/\",\"https:\\\/\\\/hub.docker.com\\\/u\\\/iwellguard\",\"https:\\\/\\\/www.pinterest.com\\\/iwellguard\\\/\",\"https:\\\/\\\/bit.ly\\\/m\\\/iwellguard\",\"https:\\\/\\\/entre-vos-mains.alsace.eu\\\/profiles\\\/iwellguard\\\/activity\",\"https:\\\/\\\/gravatar.com\\\/reallybeded8fd34\",\"https:\\\/\\\/naijamatta.com\\\/iwellguard\",\"https:\\\/\\\/www.goodreads.com\\\/iwellguard\",\"https:\\\/\\\/profile.hatena.ne.jp\\\/iwellguard\\\/\",\"https:\\\/\\\/experiment.com\\\/users\\\/iwellguard\",\"https:\\\/\\\/wakelet.com\\\/@iWellGuard82270\",\"https:\\\/\\\/www.chordie.com\\\/forum\\\/profile.php?id=2555664\",\"https:\\\/\\\/www.instapaper.com\\\/p\\\/17757966\",\"https:\\\/\\\/www.mapleprimes.com\\\/users\\\/iwellguard\",\"https:\\\/\\\/businesslistingplus.com\\\/profile\\\/iwell-guard\\\/\",\"https:\\\/\\\/telegra.ph\\\/iWell-Guard-06-06\",\"https:\\\/\\\/pbase.com\\\/iwellguard\\\/iwellguard\",\"https:\\\/\\\/b.hatena.ne.jp\\\/iwellguard\\\/20260607#bookmark-4788405196491818882\",\"https:\\\/\\\/fliphtml5.com\\\/home\\\/iwellguard\",\"https:\\\/\\\/anyflip.com\\\/homepage\\\/cmiwl#About\",\"https:\\\/\\\/transfur.com\\\/Users\\\/iwellguard\",\"http:\\\/\\\/delphi.larsbo.org\\\/user\\\/iwellguard\",\"https:\\\/\\\/jobs.lajobsportal.org\\\/profiles\\\/8380803-iwell-guard\",\"https:\\\/\\\/md.chaosdorf.de\\\/s\\\/jfbe5SBdJD\",\"https:\\\/\\\/www.lingvolive.com\\\/en-us\\\/profile\\\/9ecaeaca-ce11-4e51-9e71-01d55e2bff36\\\/translations\",\"https:\\\/\\\/www.fitday.com\\\/fitness\\\/forums\\\/members\\\/iwellguard.html\",\"https:\\\/\\\/www.mymeetbook.com\\\/iwellguard\",\"https:\\\/\\\/pxhere.com\\\/en\\\/photographer-me\\\/5040798\",\"https:\\\/\\\/disqus.com\\\/by\\\/iwellguard\\\/about\\\/\",\"https:\\\/\\\/pastelink.net\\\/hjwciqwq\",\"https:\\\/\\\/pubhtml5.com\\\/homepage\\\/scjhn\\\/\",\"https:\\\/\\\/www.bitchute.com\\\/channel\\\/2O2eOKzNqujT\",\"https:\\\/\\\/audiomack.com\\\/iwellguard\"]}]}<\/script>\n<!-- \/ Yoast SEO Premium plugin. -->","yoast_head_json":{"title":"Awen \u2013 keltsk\u00fd znak in\u0161pir\u00e1cie","description":"Awen je znak z troch l\u00fa\u010dov, ktor\u00fd symbolizuje in\u0161pir\u00e1ciu. Zrozumite\u013ene vysvetlen\u00fd p\u00f4vod slova a symbolu.","robots":{"index":"index","follow":"follow","max-snippet":"max-snippet:-1","max-image-preview":"max-image-preview:large","max-video-preview":"max-video-preview:-1"},"canonical":"https:\/\/iwell-guard.com\/sk\/awen-znak-inspiracie\/","og_locale":"sk_SK","og_type":"article","og_title":"Awen \u2013 znak in\u0161pir\u00e1cie","og_description":"Awen je znak z troch l\u00fa\u010dov, ktor\u00fd symbolizuje in\u0161pir\u00e1ciu. Zrozumite\u013ene vysvetlen\u00fd p\u00f4vod slova a symbolu.","og_url":"https:\/\/iwell-guard.com\/sk\/awen-znak-inspiracie\/","og_site_name":"iWell Guard","article_modified_time":"2026-09-04T22:53:05+00:00","og_image":[{"width":1024,"height":1536,"url":"https:\/\/iwell-guard.com\/wp-content\/uploads\/2026\/05\/schutzsymbol_keltisch_awen.webp","type":"image\/webp"}],"twitter_card":"summary_large_image","schema":{"@context":"https:\/\/schema.org","@graph":[{"@type":"WebPage","@id":"https:\/\/iwell-guard.com\/sk\/awen-znak-inspiracie\/","url":"https:\/\/iwell-guard.com\/sk\/awen-znak-inspiracie\/","name":"Awen \u2013 keltsk\u00fd znak in\u0161pir\u00e1cie","isPartOf":{"@id":"https:\/\/iwell-guard.com\/sk\/#website"},"primaryImageOfPage":{"@id":"https:\/\/iwell-guard.com\/sk\/awen-znak-inspiracie\/#primaryimage"},"image":{"@id":"https:\/\/iwell-guard.com\/sk\/awen-znak-inspiracie\/#primaryimage"},"thumbnailUrl":"https:\/\/iwell-guard.com\/wp-content\/uploads\/2026\/05\/schutzsymbol_keltisch_awen.webp","datePublished":"2026-09-04T22:23:00+00:00","dateModified":"2026-09-04T22:53:05+00:00","description":"Awen je znak z troch l\u00fa\u010dov, ktor\u00fd symbolizuje in\u0161pir\u00e1ciu. Zrozumite\u013ene vysvetlen\u00fd p\u00f4vod slova a symbolu.","breadcrumb":{"@id":"https:\/\/iwell-guard.com\/sk\/awen-znak-inspiracie\/#breadcrumb"},"inLanguage":"sk-SK","potentialAction":[{"@type":"ReadAction","target":["https:\/\/iwell-guard.com\/sk\/awen-znak-inspiracie\/"]}]},{"@type":"ImageObject","inLanguage":"sk-SK","@id":"https:\/\/iwell-guard.com\/sk\/awen-znak-inspiracie\/#primaryimage","url":"https:\/\/iwell-guard.com\/wp-content\/uploads\/2026\/05\/schutzsymbol_keltisch_awen.webp","contentUrl":"https:\/\/iwell-guard.com\/wp-content\/uploads\/2026\/05\/schutzsymbol_keltisch_awen.webp","width":1024,"height":1536,"caption":"Ochrann\u00fd symbol. Muze\u00e1lna ilustr\u00e1cia z\u00e1ti\u0161ia."},{"@type":"BreadcrumbList","@id":"https:\/\/iwell-guard.com\/sk\/awen-znak-inspiracie\/#breadcrumb","itemListElement":[{"@type":"ListItem","position":1,"name":"Start","item":"https:\/\/iwell-guard.com\/sk\/?page_id=157572"},{"@type":"ListItem","position":2,"name":"Awen \u2013 znak in\u0161pir\u00e1cie"}]},{"@type":"WebSite","@id":"https:\/\/iwell-guard.com\/sk\/#website","url":"https:\/\/iwell-guard.com\/sk\/","name":"iWell Guard","description":"Schutz vor dunklen Einfl\u00fcssen","publisher":{"@id":"https:\/\/iwell-guard.com\/sk\/#organization"},"potentialAction":[{"@type":"SearchAction","target":{"@type":"EntryPoint","urlTemplate":"https:\/\/iwell-guard.com\/sk\/?s={search_term_string}"},"query-input":{"@type":"PropertyValueSpecification","valueRequired":true,"valueName":"search_term_string"}}],"inLanguage":"sk-SK"},{"@type":"Organization","@id":"https:\/\/iwell-guard.com\/sk\/#organization","name":"Ittermann electronic GmbH","url":"https:\/\/iwell-guard.com\/sk\/","logo":{"@type":"ImageObject","inLanguage":"sk-SK","@id":"https:\/\/iwell-guard.com\/sk\/#\/schema\/logo\/image\/","url":"https:\/\/iwell-guard.com\/wp-content\/uploads\/2026\/05\/Ittermann-Logo-1182x237-1.png","contentUrl":"https:\/\/iwell-guard.com\/wp-content\/uploads\/2026\/05\/Ittermann-Logo-1182x237-1.png","width":1182,"height":237,"caption":"Ittermann electronic GmbH"},"image":{"@id":"https:\/\/iwell-guard.com\/sk\/#\/schema\/logo\/image\/"},"sameAs":["https:\/\/pantip.com\/profile\/9367242","https:\/\/micro.blog\/iwellguard","https:\/\/www.diggerslist.com\/iwellguard\/about","https:\/\/skitterphoto.com\/photographers\/2870314\/iwell-guard","https:\/\/iwellguard.wordpress.com\/2026\/06\/06\/iwell-guard\/","https:\/\/hub.docker.com\/u\/iwellguard","https:\/\/www.pinterest.com\/iwellguard\/","https:\/\/bit.ly\/m\/iwellguard","https:\/\/entre-vos-mains.alsace.eu\/profiles\/iwellguard\/activity","https:\/\/gravatar.com\/reallybeded8fd34","https:\/\/naijamatta.com\/iwellguard","https:\/\/www.goodreads.com\/iwellguard","https:\/\/profile.hatena.ne.jp\/iwellguard\/","https:\/\/experiment.com\/users\/iwellguard","https:\/\/wakelet.com\/@iWellGuard82270","https:\/\/www.chordie.com\/forum\/profile.php?id=2555664","https:\/\/www.instapaper.com\/p\/17757966","https:\/\/www.mapleprimes.com\/users\/iwellguard","https:\/\/businesslistingplus.com\/profile\/iwell-guard\/","https:\/\/telegra.ph\/iWell-Guard-06-06","https:\/\/pbase.com\/iwellguard\/iwellguard","https:\/\/b.hatena.ne.jp\/iwellguard\/20260607#bookmark-4788405196491818882","https:\/\/fliphtml5.com\/home\/iwellguard","https:\/\/anyflip.com\/homepage\/cmiwl#About","https:\/\/transfur.com\/Users\/iwellguard","http:\/\/delphi.larsbo.org\/user\/iwellguard","https:\/\/jobs.lajobsportal.org\/profiles\/8380803-iwell-guard","https:\/\/md.chaosdorf.de\/s\/jfbe5SBdJD","https:\/\/www.lingvolive.com\/en-us\/profile\/9ecaeaca-ce11-4e51-9e71-01d55e2bff36\/translations","https:\/\/www.fitday.com\/fitness\/forums\/members\/iwellguard.html","https:\/\/www.mymeetbook.com\/iwellguard","https:\/\/pxhere.com\/en\/photographer-me\/5040798","https:\/\/disqus.com\/by\/iwellguard\/about\/","https:\/\/pastelink.net\/hjwciqwq","https:\/\/pubhtml5.com\/homepage\/scjhn\/","https:\/\/www.bitchute.com\/channel\/2O2eOKzNqujT","https:\/\/audiomack.com\/iwellguard"]}]}},"_links":{"self":[{"href":"https:\/\/iwell-guard.com\/sk\/wp-json\/wp\/v2\/pages\/158167","targetHints":{"allow":["GET"]}}],"collection":[{"href":"https:\/\/iwell-guard.com\/sk\/wp-json\/wp\/v2\/pages"}],"about":[{"href":"https:\/\/iwell-guard.com\/sk\/wp-json\/wp\/v2\/types\/page"}],"author":[{"embeddable":true,"href":"https:\/\/iwell-guard.com\/sk\/wp-json\/wp\/v2\/users\/3"}],"replies":[{"embeddable":true,"href":"https:\/\/iwell-guard.com\/sk\/wp-json\/wp\/v2\/comments?post=158167"}],"version-history":[{"count":0,"href":"https:\/\/iwell-guard.com\/sk\/wp-json\/wp\/v2\/pages\/158167\/revisions"}],"wp:featuredmedia":[{"embeddable":true,"href":"https:\/\/iwell-guard.com\/sk\/wp-json\/wp\/v2\/media\/3489"}],"wp:attachment":[{"href":"https:\/\/iwell-guard.com\/sk\/wp-json\/wp\/v2\/media?parent=158167"}],"wp:term":[{"taxonomy":"category","embeddable":true,"href":"https:\/\/iwell-guard.com\/sk\/wp-json\/wp\/v2\/categories?post=158167"}],"curies":[{"name":"wp","href":"https:\/\/api.w.org\/{rel}","templated":true}]}}