{"id":158163,"date":"2026-09-04T22:22:57","date_gmt":"2026-09-04T22:22:57","guid":{"rendered":"https:\/\/iwell-guard.com\/?page_id=158163"},"modified":"2026-09-04T22:52:58","modified_gmt":"2026-09-04T22:52:58","slug":"brakteat-zlaty-ochranny-medailon","status":"publish","type":"page","link":"https:\/\/iwell-guard.com\/sk\/brakteat-zlaty-ochranny-medailon\/","title":{"rendered":"Brakte\u00e1t \u2013 zlat\u00fd ochrann\u00fd medail\u00f3n doby s\u0165ahovania n\u00e1rodov"},"content":{"rendered":"\t\t<div data-elementor-type=\"wp-page\" data-elementor-id=\"158163\" class=\"elementor elementor-158163 elementor-3661 elementor-bc-flex-widget\" data-elementor-post-type=\"page\">\n\t\t\t\t<div class=\"elementor-element elementor-element-iwgs-brakteat-hero e-flex e-con-boxed e-con e-parent\" data-id=\"iwgs-brakteat-hero\" data-element_type=\"container\" data-e-type=\"container\">\n\t\t\t\t\t<div class=\"e-con-inner\">\n\t\t<div class=\"elementor-element elementor-element-iwgs-brakteat-hl e-flex e-con-boxed e-con e-parent\" data-id=\"iwgs-brakteat-hl\" data-element_type=\"container\" data-e-type=\"container\">\n\t\t\t\t\t<div class=\"e-con-inner\">\n\t\t<div class=\"elementor-element elementor-element-iwgs-brakteat-hlbox e-con-full e-flex e-con e-parent\" data-id=\"iwgs-brakteat-hlbox\" data-element_type=\"container\" data-e-type=\"container\">\n\t\t\t\t<div class=\"elementor-element elementor-element-iwgs-brakteat-h1 elementor-widget elementor-widget-heading\" data-id=\"iwgs-brakteat-h1\" data-element_type=\"widget\" data-e-type=\"widget\" data-widget_type=\"heading.default\">\n\t\t\t\t\t<h1 class=\"elementor-heading-title elementor-size-default\">Brakte\u00e1t \u2013 zlat\u00fd ochrann\u00fd medail\u00f3n doby s\u0165ahovania n\u00e1rodov<\/h1>\t\t\t\t<\/div>\n\t\t\t\t<div class=\"elementor-element elementor-element-iwgs-brakteat-lead elementor-widget elementor-widget-text-editor\" data-id=\"iwgs-brakteat-lead\" data-element_type=\"widget\" data-e-type=\"widget\" data-widget_type=\"text-editor.default\">\n\t\t\t\t\t\t\t\t\t<p>Brakte\u00e1ty s\u00fa tenk\u00e9 zlat\u00e9 pr\u00edvesky z doby s\u0165ahovania n\u00e1rodov. Svojimi razen\u00fdmi obrazmi a runov\u00fdmi n\u00e1pismi patria medzi najp\u00f4sobivej\u0161ie ochrann\u00e9 predmety ran\u00e9ho germ\u00e1nskeho severu.<\/p>\n<p class=\"iwg-kwfix\">Brakte\u00e1t je zlat\u00fd ochrann\u00fd medail\u00f3n germ\u00e1nskej doby s\u0165ahovania n\u00e1rodov.<\/p>\t\t\t\t\t\t\t\t<\/div>\n\t\t\t\t<\/div>\n\t\t\t\t<div class=\"elementor-element elementor-element-iwgs-brakteat-pills elementor-widget elementor-widget-html\" data-id=\"iwgs-brakteat-pills\" data-element_type=\"widget\" data-e-type=\"widget\" data-widget_type=\"html.default\">\n\t\t\t\t\t<div class=\"iwg-pill-row\"><span class=\"iwg-klasse-badge\" tabindex=\"0\" data-tooltip=\"Ochrann\u00fd symbol, amulet alebo apotropaick\u00fd predmet.\">Ochrann\u00fd symbol<\/span><a href=\"https:\/\/iwell-guard.com\/sk\/germanske\/\" class=\"iwg-kultur-badge\" tabindex=\"0\" data-tooltip=\"Ochrann\u00e1 trad\u00edcia: Germ\u00e1nska\">Germ\u00e1nska<\/a><span class=\"iwg-tradition-badge\" tabindex=\"0\" data-tooltip=\"Predmet alebo znak, ktor\u00fd m\u00e1 odvr\u00e1ti\u0165 ne\u0161\u0165astie a \u0161kodliv\u00e9 vplyvy.\">Apotropaikon<\/span><\/div>\t\t\t\t<\/div>\n\t\t\t\t\t<\/div>\n\t\t\t\t<\/div>\n\t\t<div class=\"elementor-element elementor-element-iwgs-brakteat-hr e-con-full e-flex e-con e-parent\" data-id=\"iwgs-brakteat-hr\" data-element_type=\"container\" data-e-type=\"container\">\n\t\t\t\t<div class=\"elementor-element elementor-element-iwgs-brakteat-himg iwg-hero-image elementor-widget elementor-widget-image\" data-id=\"iwgs-brakteat-himg\" data-element_type=\"widget\" data-e-type=\"widget\" data-widget_type=\"image.default\">\n\t\t\t\t\t\t\t\t\t\t\t\t\t\t\t<img fetchpriority=\"high\" decoding=\"async\" width=\"683\" height=\"1024\" src=\"https:\/\/iwell-guard.com\/wp-content\/uploads\/2026\/05\/schutzsymbol_germanisch_brakteat-683x1024.webp\" class=\"attachment-large size-large wp-image-159566\" alt=\"Braktet - ochrann\u00fd symbol, m\u00fazejn\u00e1 ilustr\u00e1cia\" srcset=\"https:\/\/iwell-guard.com\/wp-content\/uploads\/2026\/05\/schutzsymbol_germanisch_brakteat-683x1024.webp 683w, https:\/\/iwell-guard.com\/wp-content\/uploads\/2026\/05\/schutzsymbol_germanisch_brakteat-200x300.webp 200w, https:\/\/iwell-guard.com\/wp-content\/uploads\/2026\/05\/schutzsymbol_germanisch_brakteat-768x1152.webp 768w, https:\/\/iwell-guard.com\/wp-content\/uploads\/2026\/05\/schutzsymbol_germanisch_brakteat.webp 1024w\" sizes=\"(max-width: 683px) 100vw, 683px\" \/>\t\t\t\t\t\t\t\t\t\t\t\t\t\t\t<\/div>\n\t\t\t\t<\/div>\n\t\t\t\t\t<\/div>\n\t\t\t\t<\/div>\n\t\t<div class=\"elementor-element elementor-element-iwgs-brakteat-s0 e-flex e-con-boxed e-con e-parent\" data-id=\"iwgs-brakteat-s0\" data-element_type=\"container\" data-e-type=\"container\">\n\t\t\t\t\t<div class=\"e-con-inner\">\n\t\t\t\t<div class=\"elementor-element elementor-element-iwgs-brakteat-s0h elementor-widget elementor-widget-heading\" data-id=\"iwgs-brakteat-s0h\" data-element_type=\"widget\" data-e-type=\"widget\" data-widget_type=\"heading.default\">\n\t\t\t\t\t<h2 class=\"elementor-heading-title elementor-size-default\">Zaradenie<\/h2>\t\t\t\t<\/div>\n\t\t<div class=\"elementor-element elementor-element-iwgs-brakteat-s0box e-con-full e-flex e-con e-parent\" data-id=\"iwgs-brakteat-s0box\" data-element_type=\"container\" data-e-type=\"container\">\n\t\t\t\t<div class=\"elementor-element elementor-element-iwgs-brakteat-s0t elementor-widget elementor-widget-text-editor\" data-id=\"iwgs-brakteat-s0t\" data-element_type=\"widget\" data-e-type=\"widget\" data-widget_type=\"text-editor.default\">\n\t\t\t\t\t\t\t\t\t<p>Brakte\u00e1t je tenk\u00fd, jednostranne razen\u00fd pr\u00edvesok zo zlata. Tak\u00e9to brakte\u00e1ty boli roz\u0161\u00edren\u00e9 v dobe s\u0165ahovania n\u00e1rodov, teda v storo\u010diach okolo konca <span class=\"iwg-fachbegriff\" data-tooltip=\"Epocha gr\u00e9ckej a r\u00edmskej kult\u00fary, pribli\u017ene od 800 pred Kr. do 600 po Kr.\" tabindex=\"0\">antiky<\/span>, predov\u0161etk\u00fdm na <a href=\"https:\/\/iwell-guard.com\/sk\/germanske\/\">germ\u00e1nskom<\/a> severe Eur\u00f3py.<\/p><p>Brakte\u00e1ty sa nosili na tele ako \u0161perk. Viseli na \u0161n\u00farke alebo retiazke a spo\u010d\u00edvali nosite\u013eovi na hrudi. Patria tak medzi nosen\u00e9 predmety.<\/p><p>Okrem svojej funkcie \u0161perku s\u00fa brakte\u00e1ty ch\u00e1pan\u00e9 aj ako ochrann\u00e9 predmety. Ich obrazy a runov\u00e9 n\u00e1pisy nazna\u010duj\u00fa, \u017ee sa im pripisoval ochrann\u00fd a lie\u010div\u00fd \u00fa\u010dinok.<\/p><p>Na rozdiel od niektor\u00fdch ochrann\u00fdch symbolov, ktor\u00fdch staroba je sporn\u00e1, sa brakte\u00e1ty daj\u00fa presne datova\u0165. Ide o skuto\u010dn\u00e9 n\u00e1lezy z konkr\u00e9tnej epochy, a t\u00fdm o dobre zdokumentovan\u00e9 svedectvo.<\/p><p>Vo v\u00fdskume patria brakte\u00e1ty medzi d\u00f4le\u017eit\u00e9 a intenz\u00edvne sk\u00faman\u00e9 oblasti. Zachovalo sa ve\u013ek\u00e9 mno\u017estvo k\u00faskov, ktor\u00e9 boli podrobne zaznamenan\u00e9 a interpretovan\u00e9 v rozsiahlych dielach.<\/p><p>Brakte\u00e1t je tak dobre zdokumentovan\u00fd ochrann\u00fd predmet ran\u00e9ho germ\u00e1nskeho severu. Sp\u00e1ja zlatn\u00edcke umenie, v\u00fdtvarn\u00e9 umenie a runov\u00e9 p\u00edsmo svojej doby do jedin\u00e9ho, nosen\u00e9ho predmetu.<\/p>\t\t\t\t\t\t\t\t<\/div>\n\t\t\t\t<\/div>\n\t\t\t\t\t<\/div>\n\t\t\t\t<\/div>\n\t\t<div class=\"elementor-element elementor-element-iwgs-brakteat-s1 e-flex e-con-boxed e-con e-parent\" data-id=\"iwgs-brakteat-s1\" data-element_type=\"container\" data-e-type=\"container\">\n\t\t\t\t\t<div class=\"e-con-inner\">\n\t\t\t\t<div class=\"elementor-element elementor-element-iwgs-brakteat-s1h elementor-widget elementor-widget-heading\" data-id=\"iwgs-brakteat-s1h\" data-element_type=\"widget\" data-e-type=\"widget\" data-widget_type=\"heading.default\">\n\t\t\t\t\t<h2 class=\"elementor-heading-title elementor-size-default\">Podoba a v\u00fdroba<\/h2>\t\t\t\t<\/div>\n\t\t<div class=\"elementor-element elementor-element-iwgs-brakteat-s1box e-con-full e-flex e-con e-parent\" data-id=\"iwgs-brakteat-s1box\" data-element_type=\"container\" data-e-type=\"container\">\n\t\t\t\t<div class=\"elementor-element elementor-element-iwgs-brakteat-s1t elementor-widget elementor-widget-text-editor\" data-id=\"iwgs-brakteat-s1t\" data-element_type=\"widget\" data-e-type=\"widget\" data-widget_type=\"text-editor.default\">\n\t\t\t\t\t\t\t\t\t<p>Brakte\u00e1t je tenk\u00fd, kruhov\u00fd pl\u00e1tok zo zlata. Jeho charakteristick\u00fdm znakom je jednostrann\u00e9 razenie. Iba predn\u00fa stranu zdob\u00ed obraz, zadn\u00e1 strana zost\u00e1va hladk\u00e1 alebo na nej vidno len odtla\u010dok prednej strany.<\/p><p>Brakte\u00e1t sa vyr\u00e1bal tak, \u017ee tenk\u00fd zlat\u00fd plech sa pretla\u010dil alebo razil cez vyrezan\u00fa formu. Tak vznikol reli\u00e9fny obraz na prednej strane.<\/p><p>Na okraji bol brakte\u00e1t \u010dasto opatren\u00fd umelecky vytvoren\u00fdm r\u00e1movan\u00edm. T\u00e1to okrajov\u00e1 z\u00f3na mohla obsahova\u0165 viacero p\u00e1sov vzorov a ozd\u00f4b.<\/p><p>Na nosenie bola k brakte\u00e1tu pripevnen\u00e1 p\u00fatko. Cez toto p\u00fatko prech\u00e1dzala \u0161n\u00farka alebo retiazka. Brakte\u00e1t bol tak od za\u010diatku navrhnut\u00fd ako pr\u00edvesok.<\/p><p>Materi\u00e1lom bolo zlato, vz\u00e1cny kov. Brakte\u00e1ty tak neboli lacn\u00fdm masov\u00fdm tovarom, ale vz\u00e1cnymi k\u00faskami. Nosili ich \u013eudia, ktor\u00ed si tak\u00fdto \u0161perk mohli dovoli\u0165.<\/p><p>Brakte\u00e1ty s\u00fa teda v\u00fdrobkami vysoko rozvinut\u00e9ho zlatn\u00edckeho umenia. Ich jemn\u00e9 razenie a umelecky spracovan\u00e9 okraje sved\u010dia o vysokej zru\u010dnosti remeseln\u00edkov doby s\u0165ahovania n\u00e1rodov.<\/p>\t\t\t\t\t\t\t\t<\/div>\n\t\t\t\t<\/div>\n\t\t\t\t\t<\/div>\n\t\t\t\t<\/div>\n\t\t<div class=\"elementor-element elementor-element-iwgs-brakteat-s2 e-flex e-con-boxed e-con e-parent\" data-id=\"iwgs-brakteat-s2\" data-element_type=\"container\" data-e-type=\"container\">\n\t\t\t\t\t<div class=\"e-con-inner\">\n\t\t\t\t<div class=\"elementor-element elementor-element-iwgs-brakteat-s2h elementor-widget elementor-widget-heading\" data-id=\"iwgs-brakteat-s2h\" data-element_type=\"widget\" data-e-type=\"widget\" data-widget_type=\"heading.default\">\n\t\t\t\t\t<h2 class=\"elementor-heading-title elementor-size-default\">Vzor a vlastn\u00fd obrazov\u00fd svet<\/h2>\t\t\t\t<\/div>\n\t\t<div class=\"elementor-element elementor-element-iwgs-brakteat-s2box e-con-full e-flex e-con e-parent\" data-id=\"iwgs-brakteat-s2box\" data-element_type=\"container\" data-e-type=\"container\">\n\t\t\t\t<div class=\"elementor-element elementor-element-iwgs-brakteat-s2t elementor-widget elementor-widget-text-editor\" data-id=\"iwgs-brakteat-s2t\" data-element_type=\"widget\" data-e-type=\"widget\" data-widget_type=\"text-editor.default\">\n\t\t\t\t\t\t\t\t\t<p>Brakte\u00e1ty vznikli pod\u013ea vzoru, ktor\u00fd poch\u00e1dzal z r\u00edmskeho svet\u0430. Neskoror\u00edmski cis\u00e1ri razili zlat\u00e9 medail\u00f3ny, ktor\u00e9 sa darovali ako znak vyznamenania a spojenectva.<\/p><p>Tak\u00e9to cis\u00e1rske medail\u00f3ny sa dostali na germ\u00e1nsky sever. Tam boli vn\u00edman\u00e9 ako vz\u00e1cne a v\u00fdznamn\u00e9 a boli napodob\u0148ovan\u00e9.<\/p><p>Germ\u00e1nski zlatn\u00edci v\u0161ak vzor jednoducho nekop\u00edrovali. Pretvorili ho. Z cis\u00e1rskeho medail\u00f3nu s obrazom panovn\u00edka sa stal jednostrann\u00fd brakte\u00e1t s vlastn\u00fdm obrazov\u00fdm svetom.<\/p><p>Tento vlastn\u00fd obrazov\u00fd svet sa odp\u00fatal od r\u00edmskeho vzoru. Cis\u00e1rsky obraz bol prehodnoten\u00fd a zasaden\u00fd do nov\u00fdch s\u00favislost\u00ed. Vznikli typy obrazov, ktor\u00e9 zodpovedali germ\u00e1nskemu svetu predst\u00e1v.<\/p><p>Brakte\u00e1t je tak dobr\u00fdm pr\u00edkladom tvoriv\u00e9ho prevzatia. Cudz\u00ed vzor bol prijat\u00fd, ale nebol skop\u00edrovan\u00fd, namiesto toho sa premenil na nie\u010do vlastn\u00e9.<\/p><p>V tejto premene sa prejavuje samostatnos\u0165 germ\u00e1nskeho umenia doby s\u0165ahovania n\u00e1rodov. Prij\u00edmalo podnety a formovalo z nich vlastn\u00fa, nezamenite\u013en\u00fa obrazov\u00fa re\u010d.<\/p>\t\t\t\t\t\t\t\t<\/div>\n\t\t\t\t<\/div>\n\t\t\t\t\t<\/div>\n\t\t\t\t<\/div>\n\t\t<div class=\"elementor-element elementor-element-iwgs-brakteat-s3 e-flex e-con-boxed e-con e-parent\" data-id=\"iwgs-brakteat-s3\" data-element_type=\"container\" data-e-type=\"container\">\n\t\t\t\t\t<div class=\"e-con-inner\">\n\t\t\t\t<div class=\"elementor-element elementor-element-iwgs-brakteat-s3h elementor-widget elementor-widget-heading\" data-id=\"iwgs-brakteat-s3h\" data-element_type=\"widget\" data-e-type=\"widget\" data-widget_type=\"heading.default\">\n\t\t\t\t\t<h2 class=\"elementor-heading-title elementor-size-default\">Obrazy na brakte\u00e1toch<\/h2>\t\t\t\t<\/div>\n\t\t<div class=\"elementor-element elementor-element-iwgs-brakteat-s3box e-con-full e-flex e-con e-parent\" data-id=\"iwgs-brakteat-s3box\" data-element_type=\"container\" data-e-type=\"container\">\n\t\t\t\t<div class=\"elementor-element elementor-element-iwgs-brakteat-s3t elementor-widget elementor-widget-text-editor\" data-id=\"iwgs-brakteat-s3t\" data-element_type=\"widget\" data-e-type=\"widget\" data-widget_type=\"text-editor.default\">\n\t\t\t\t\t\t\t\t\t<p>Obrazy na brakte\u00e1toch s\u00fa r\u00f4znorod\u00e9 a ich v\u00fdklad patr\u00ed medzi najd\u00f4le\u017eitej\u0161ie \u00falohy v\u00fdskumu. \u010casto sa objavuje \u013eudsk\u00e1 hlava, k nej sa prid\u00e1vaj\u00fa zvierat\u00e1 a \u010fal\u0161ie obrazov\u00e9 prvky.<\/p><p>Roz\u0161\u00edren\u00fd typ obrazu zobrazuje hlavu nad \u0161tvornoh\u00fdm zviera\u0165om, \u010dasto doprev\u00e1dzan\u00fa vt\u00e1kom. Tento typ obrazu sa vo v\u00fdskume \u010dasto sp\u00e1ja s bohom Odinom.<\/p><p>V\u00fdklad sa opiera o seversk\u00fa <span class=\"iwg-fachbegriff\" data-tooltip=\"Odovzd\u00e1vanie vedomost\u00ed a pr\u00edbehov medzi gener\u00e1ciami.\" tabindex=\"0\">trad\u00edciu<\/span>. Odin je sp\u00e1jan\u00fd s ko\u0148mi, s vt\u00e1kmi a s lie\u010dite\u013esk\u00fdm umen\u00edm. Sc\u00e9na s hlavou, ko\u0148om a vt\u00e1kom sa tak m\u00f4\u017ee vztahova\u0165 na Odina a jeho lie\u010div\u00e9 p\u00f4sobenie.<\/p><p>Tento v\u00fdklad sp\u00e1ja brakte\u00e1ty so zn\u00e1mou <span class=\"iwg-fachbegriff\" data-tooltip=\"Odovzd\u00e1vanie vedomost\u00ed a pr\u00edbehov medzi gener\u00e1ciami.\" tabindex=\"0\">trad\u00edciou<\/span>. Existuje star\u00fd germ\u00e1nsky zakl\u00ednac\u00ed v\u00fdrok, ktor\u00fd rozpr\u00e1va o vylie\u010den\u00ed zranen\u00e9ho ko\u0148a prostredn\u00edctvom bo\u017esk\u00e9ho z\u00e1sahu. Niektor\u00e9 obrazy na brakte\u00e1toch sa daj\u00fa spoji\u0165 s touto my\u0161lienkou lie\u010denia.<\/p><p>Je v\u0161ak d\u00f4le\u017eit\u00e9 poznamena\u0165, \u017ee tak\u00e9to v\u00fdklady nie s\u00fa v ka\u017edom bode ist\u00e9. Brakte\u00e1ty zobrazuj\u00fa obrazy bez vysvet\u013euj\u00faceho textu. Ve\u013ea sa mus\u00ed odvodi\u0165 z <span class=\"iwg-fachbegriff\" data-tooltip=\"Odovzd\u00e1vanie vedomost\u00ed a pr\u00edbehov medzi gener\u00e1ciami.\" tabindex=\"0\">trad\u00edcie<\/span> a z porovnania.<\/p><p>Ist\u00e9 je, \u017ee obrazy na brakte\u00e1toch mali svoj v\u00fdznam. Neboli len ozdobou, ale nes\u00fa zmysel, ktor\u00fd s\u00favisel s bohmi, s lie\u010den\u00edm a s ochranou.<\/p>\t\t\t\t\t\t\t\t<\/div>\n\t\t\t\t<\/div>\n\t\t\t\t\t<\/div>\n\t\t\t\t<\/div>\n\t\t<div class=\"elementor-element elementor-element-iwgs-brakteat-s4 e-flex e-con-boxed e-con e-parent\" data-id=\"iwgs-brakteat-s4\" data-element_type=\"container\" data-e-type=\"container\">\n\t\t\t\t\t<div class=\"e-con-inner\">\n\t\t\t\t<div class=\"elementor-element elementor-element-iwgs-brakteat-s4h elementor-widget elementor-widget-heading\" data-id=\"iwgs-brakteat-s4h\" data-element_type=\"widget\" data-e-type=\"widget\" data-widget_type=\"heading.default\">\n\t\t\t\t\t<h2 class=\"elementor-heading-title elementor-size-default\">Runov\u00e9 n\u00e1pisy na brakte\u00e1toch<\/h2>\t\t\t\t<\/div>\n\t\t<div class=\"elementor-element elementor-element-iwgs-brakteat-s4box e-con-full e-flex e-con e-parent\" data-id=\"iwgs-brakteat-s4box\" data-element_type=\"container\" data-e-type=\"container\">\n\t\t\t\t<div class=\"elementor-element elementor-element-iwgs-brakteat-s4t elementor-widget elementor-widget-text-editor\" data-id=\"iwgs-brakteat-s4t\" data-element_type=\"widget\" data-e-type=\"widget\" data-widget_type=\"text-editor.default\">\n\t\t\t\t\t\t\t\t\t<p>Mnoh\u00e9 brakte\u00e1ty nes\u00fa okrem obrazu aj runov\u00fd n\u00e1pis. Tieto n\u00e1pisy maj\u00fa pre pochopenie brakte\u00e1tov ve\u013ek\u00fd v\u00fdznam.<\/p><p>\u010cas\u0165 t\u00fdchto runov\u00fdch n\u00e1pisov je dobre \u010ditate\u013en\u00e1 a zrozumite\u013en\u00e1. Uv\u00e1dzaj\u00fa sa v nich men\u00e1, napr\u00edklad meno v\u00fdrobcu alebo majite\u013ea. Tak\u00e9to n\u00e1pisy sp\u00e1jaj\u00fa brakte\u00e1t s konkr\u00e9tnou osobou.<\/p><p>In\u00e9 n\u00e1pisy s\u00fa krat\u0161ie a \u0165a\u017e\u0161ie na v\u00fdklad. Roz\u0161\u00edren\u00e1 je kr\u00e1tka runov\u00e1 sekvencia, ktor\u00e1 sa objavuje na viacer\u00fdch brakte\u00e1toch a aj na in\u00fdch predmetoch. Sp\u00e1ja sa s oblas\u0165ou ochrany a odvr\u00e1tenia zla.<\/p><p>Niektor\u00e9 n\u00e1pisy p\u00f4sobia ako formuly, ktor\u00fdch presn\u00fd v\u00fdznam sa ned\u00e1 odhali\u0165. Je mo\u017en\u00e9, \u017ee pr\u00e1ve ako formula, bez oh\u013eadu na svoj doslovn\u00fd zmysel, sa im pripisovala ochrann\u00e1 sila.<\/p><p>Runov\u00e9 n\u00e1pisy sp\u00e1jaj\u00fa brakte\u00e1t so svetom ochrann\u00fdch r\u00fan. Na str\u00e1nke o <a href=\"https:\/\/iwell-guard.com\/sk\/?page_id=158162\">ochrann\u00fdch run\u00e1ch<\/a> je bli\u017e\u0161ie op\u00edsan\u00e9 ich ochrann\u00e9 pou\u017eitie.<\/p><p>Obraz a runov\u00fd n\u00e1pis tvoria na brakte\u00e1te jednotu. Oba prispievali k v\u00fdznamu tohto pr\u00edvesku. Brakte\u00e1t bol tak ochrann\u00fdm predmetom, ktor\u00fd sp\u00e1jal silu obrazu so silou p\u00edsan\u00e9ho slova.<\/p>\t\t\t\t\t\t\t\t<\/div>\n\t\t\t\t<\/div>\n\t\t\t\t\t<\/div>\n\t\t\t\t<\/div>\n\t\t<div class=\"elementor-element elementor-element-iwgs-brakteat-s5 e-flex e-con-boxed e-con e-parent\" data-id=\"iwgs-brakteat-s5\" data-element_type=\"container\" data-e-type=\"container\">\n\t\t\t\t\t<div class=\"e-con-inner\">\n\t\t\t\t<div class=\"elementor-element elementor-element-iwgs-brakteat-s5h elementor-widget elementor-widget-heading\" data-id=\"iwgs-brakteat-s5h\" data-element_type=\"widget\" data-e-type=\"widget\" data-widget_type=\"heading.default\">\n\t\t\t\t\t<h2 class=\"elementor-heading-title elementor-size-default\">Ochrana a lie\u010denie<\/h2>\t\t\t\t<\/div>\n\t\t<div class=\"elementor-element elementor-element-iwgs-brakteat-s5box e-con-full e-flex e-con e-parent\" data-id=\"iwgs-brakteat-s5box\" data-element_type=\"container\" data-e-type=\"container\">\n\t\t\t\t<div class=\"elementor-element elementor-element-iwgs-brakteat-s5t elementor-widget elementor-widget-text-editor\" data-id=\"iwgs-brakteat-s5t\" data-element_type=\"widget\" data-e-type=\"widget\" data-widget_type=\"text-editor.default\">\n\t\t\t\t\t\t\t\t\t<p>Brakte\u00e1ty s\u00fa ch\u00e1pan\u00e9 ako ochrann\u00e9 predmety. Ich obrazy, runy a nosen\u00e1 forma nazna\u010duj\u00fa, \u017ee sa im pripisoval ochrann\u00fd a lie\u010div\u00fd \u00fa\u010dinok.<\/p><p>Spojenie viacer\u00fdch typov obrazov s bohom Odinom a s my\u0161lienkou lie\u010denia nazna\u010duje, \u017ee brakte\u00e1ty boli sp\u00e1jan\u00e9 predov\u0161etk\u00fdm s oblas\u0165ou lie\u010denia. Mali udr\u017eiava\u0165 nosite\u013ea zdrav\u00e9ho alebo podporova\u0165 jeho uzdravenie.<\/p><p>Okrem toho prich\u00e1dza do \u00favahy aj v\u0161eobecn\u00e1 my\u0161lienka ochrany. Nosen\u00fd zlat\u00fd pr\u00edvesok s bo\u017esk\u00fdmi obrazmi a ochrann\u00fdmi runami mal chr\u00e1ni\u0165 svojho nosite\u013ea pred ne\u0161\u0165ast\u00edm.<\/p><p>Brakte\u00e1ty tak neboli len drahocenn\u00fdm \u0161perkom. Boli \u0161perkom a ochrann\u00fdm predmetom naraz. Vysok\u00e1 hodnota zlata a ochrann\u00fd v\u00fdznam sa navz\u00e1jom nevylu\u010dovali.<\/p><p>Toto spojenie \u0161perku a ochrany je pri nosen\u00fdch predmetoch be\u017en\u00e9. Aj mezopot\u00e1mska valcov\u00e1 pe\u010da\u0165 bola n\u00e1strojom a <span class=\"iwg-fachbegriff\" data-tooltip=\"Nosen\u00fd predmet, ktor\u00e9mu sa pripisuje ochrann\u00fd \u00fa\u010dinok odvracaj\u00faci ne\u0161\u0165astie.\" tabindex=\"0\">amuletom<\/span> naraz. Brakte\u00e1t je \u0161perkom a ochrann\u00fdm predmetom naraz.<\/p><p>Brakte\u00e1t tak ukazuje, \u017ee germ\u00e1nsky svet doby s\u0165ahovania n\u00e1rodov poznal bohat\u00fa ochrann\u00fa prax. T\u00e1to prax sp\u00e1jala zlatn\u00edcke umenie, obrazov\u00fd svet bohov a runov\u00e9 p\u00edsmo do jedn\u00e9ho nosen\u00e9ho ochrann\u00e9ho predmetu.<\/p>\t\t\t\t\t\t\t\t<\/div>\n\t\t\t\t<\/div>\n\t\t\t\t\t<\/div>\n\t\t\t\t<\/div>\n\t\t<div class=\"elementor-element elementor-element-iwgs-brakteat-s6 e-flex e-con-boxed e-con e-parent\" data-id=\"iwgs-brakteat-s6\" data-element_type=\"container\" data-e-type=\"container\">\n\t\t\t\t\t<div class=\"e-con-inner\">\n\t\t\t\t<div class=\"elementor-element elementor-element-iwgs-brakteat-s6h elementor-widget elementor-widget-heading\" data-id=\"iwgs-brakteat-s6h\" data-element_type=\"widget\" data-e-type=\"widget\" data-widget_type=\"heading.default\">\n\t\t\t\t\t<h2 class=\"elementor-heading-title elementor-size-default\">N\u00e1lezov\u00e9 kontexty a roz\u0161\u00edrenie<\/h2>\t\t\t\t<\/div>\n\t\t<div class=\"elementor-element elementor-element-iwgs-brakteat-s6box e-con-full e-flex e-con e-parent\" data-id=\"iwgs-brakteat-s6box\" data-element_type=\"container\" data-e-type=\"container\">\n\t\t\t\t<div class=\"elementor-element elementor-element-iwgs-brakteat-s6t elementor-widget elementor-widget-text-editor\" data-id=\"iwgs-brakteat-s6t\" data-element_type=\"widget\" data-e-type=\"widget\" data-widget_type=\"text-editor.default\">\n\t\t\t\t\t\t\t\t\t<p>Brakte\u00e1ty boli n\u00e1jden\u00e9 vo ve\u013ekom po\u010dte. Ich n\u00e1lezisk\u00e1 sa rozprestieraj\u00fa po \u0160kandin\u00e1vii a germ\u00e1nsky os\u00eddlenom severe Eur\u00f3py. Brakte\u00e1ty sa objavili aj v \u010fal\u0161\u00edch oblastiach.<\/p><p>Brakte\u00e1ty boli \u010dasto objaven\u00e9 v pokladov\u00fdch n\u00e1lezoch. Poklad je s\u00fabor cenn\u00fdch predmetov ulo\u017een\u00fdch do zeme. Brakte\u00e1ty patria \u010dasto k tak\u00fdmto zakopan\u00fdm pokladom.<\/p><p>Pre\u010do boli poklady ulo\u017een\u00e9, nie je vo v\u0161etk\u00fdch pr\u00edpadoch jasn\u00e9. Niektor\u00e9 boli zakopan\u00e9 v neist\u00fdch \u010dasoch na uchovanie, in\u00e9 mohli by\u0165 ulo\u017een\u00e9 ako obeta bohom.<\/p><p>Brakte\u00e1ty boli n\u00e1jden\u00e9 aj v hroboch. V hrobe zlat\u00fd pr\u00edvesok sprev\u00e1dzal zosnul\u00e9ho. To ukazuje, \u017ee brakte\u00e1t mal v\u00fdznam aj po smrti.<\/p><p>Doba s\u0165ahovania n\u00e1rodov, v ktorej brakte\u00e1ty vznikli, bola dobou ve\u013ek\u00fdch pohybov a prevratov. \u0160irok\u00e9 roz\u0161\u00edrenie brakte\u00e1tov a ich typov obrazov odr\u00e1\u017ea spojenia tejto nepokojnej epochy.<\/p><p>N\u00e1lezov\u00e9 kontexty robia z brakte\u00e1tov hodnotn\u00fd pramen. Spolu so svojimi obrazmi a n\u00e1pismi d\u00e1vaj\u00fa vh\u013ead do kult\u00fary, n\u00e1bo\u017eenstva a ochrann\u00fdch predst\u00e1v ran\u00e9ho germ\u00e1nskeho severu.<\/p>\t\t\t\t\t\t\t\t<\/div>\n\t\t\t\t<\/div>\n\t\t\t\t\t<\/div>\n\t\t\t\t<\/div>\n\t\t<div class=\"elementor-element elementor-element-iwgs-brakteat-s7 e-flex e-con-boxed e-con e-parent\" data-id=\"iwgs-brakteat-s7\" data-element_type=\"container\" data-e-type=\"container\">\n\t\t\t\t\t<div class=\"e-con-inner\">\n\t\t\t\t<div class=\"elementor-element elementor-element-iwgs-brakteat-s7h elementor-widget elementor-widget-heading\" data-id=\"iwgs-brakteat-s7h\" data-element_type=\"widget\" data-e-type=\"widget\" data-widget_type=\"heading.default\">\n\t\t\t\t\t<h2 class=\"elementor-heading-title elementor-size-default\">Brakte\u00e1ty vo v\u00fdskume<\/h2>\t\t\t\t<\/div>\n\t\t<div class=\"elementor-element elementor-element-iwgs-brakteat-s7box e-con-full e-flex e-con e-parent\" data-id=\"iwgs-brakteat-s7box\" data-element_type=\"container\" data-e-type=\"container\">\n\t\t\t\t<div class=\"elementor-element elementor-element-iwgs-brakteat-s7t elementor-widget elementor-widget-text-editor\" data-id=\"iwgs-brakteat-s7t\" data-element_type=\"widget\" data-e-type=\"widget\" data-widget_type=\"text-editor.default\">\n\t\t\t\t\t\t\t\t\t<p>Brakte\u00e1ty patria k najd\u00f4kladnej\u0161ie preb\u00e1dan\u00fdm skupin\u00e1m predmetov germ\u00e1nskej ranej hist\u00f3rie. Ve\u013ek\u00fd po\u010det kusov bol zaznamenan\u00fd a pop\u00edsan\u00fd v rozsiahlych vedeck\u00fdch dielach.<\/p><p>Toto d\u00f4kladn\u00e9 zaznamenanie umo\u017e\u0148uje brakte\u00e1ty usporiada\u0165. V\u00fdskum rozli\u0161uje r\u00f4zne typy obrazov a vie kusy zaradi\u0165 \u010dasovo aj priestorovo.<\/p><p>V\u00fdklad obrazov na brakte\u00e1toch je samostatnou, \u017eivou oblas\u0165ou v\u00fdskumu. O presnom v\u00fdzname jednotliv\u00fdch obrazov a n\u00e1pisov sa diskutuje a nie ka\u017ed\u00e1 ot\u00e1zka je definit\u00edvne vyrie\u0161en\u00e1.<\/p><p>Tieto diskusie nie s\u00fa nedostatkom, ale v\u00fdrazom d\u00f4slednosti. Brakte\u00e1ty zobrazuj\u00fa obrazy bez vysvet\u013euj\u00faceho textu, a tak sa v\u00fdklad mus\u00ed robi\u0165 s rozvahou a porovnan\u00edm mnoh\u00fdch kusov.<\/p><p>Za ist\u00e9 mo\u017eno pova\u017eova\u0165 z\u00e1kladn\u00e9 ur\u010denie. Brakte\u00e1ty s\u00fa nosen\u00e9 zlat\u00e9 pr\u00edvesky doby s\u0165ahovania n\u00e1rodov, nes\u00fa v\u00fdzna\u010dn\u00e9 obrazy a \u010dasto runov\u00e9 n\u00e1pisy, a pripisoval sa im ochrann\u00fd v\u00fdznam.<\/p><p>Brakte\u00e1ty s\u00fa tak pr\u00edkladom dobre preb\u00e1dan\u00e9ho, spo\u013eahlivo datovan\u00e9ho ochrann\u00e9ho predmetu. Na rozdiel od niektor\u00fdch znakov, ktor\u00fdch vek je sporn\u00fd, je pri brakte\u00e1toch \u010dasov\u00e9 zaradenie ist\u00e9.<\/p>\t\t\t\t\t\t\t\t<\/div>\n\t\t\t\t<\/div>\n\t\t\t\t\t<\/div>\n\t\t\t\t<\/div>\n\t\t<div class=\"elementor-element elementor-element-iwgs-brakteat-s8 e-flex e-con-boxed e-con e-parent\" data-id=\"iwgs-brakteat-s8\" data-element_type=\"container\" data-e-type=\"container\">\n\t\t\t\t\t<div class=\"e-con-inner\">\n\t\t\t\t<div class=\"elementor-element elementor-element-iwgs-brakteat-s8h elementor-widget elementor-widget-heading\" data-id=\"iwgs-brakteat-s8h\" data-element_type=\"widget\" data-e-type=\"widget\" data-widget_type=\"heading.default\">\n\t\t\t\t\t<h2 class=\"elementor-heading-title elementor-size-default\">S\u00fa\u010dasn\u00e1 recepcia<\/h2>\t\t\t\t<\/div>\n\t\t<div class=\"elementor-element elementor-element-iwgs-brakteat-s8box e-con-full e-flex e-con e-parent\" data-id=\"iwgs-brakteat-s8box\" data-element_type=\"container\" data-e-type=\"container\">\n\t\t\t\t<div class=\"elementor-element elementor-element-iwgs-brakteat-s8t elementor-widget elementor-widget-text-editor\" data-id=\"iwgs-brakteat-s8t\" data-element_type=\"widget\" data-e-type=\"widget\" data-widget_type=\"text-editor.default\">\n\t\t\t\t\t\t\t\t\t<p>Brakte\u00e1ty s\u00fa dnes zn\u00e1me predov\u0161etk\u00fdm znalcom germ\u00e1nskej ranej hist\u00f3rie. Vo v\u00fdskume s\u00fa d\u00f4le\u017eitou oblas\u0165ou, v \u0161irokej verejnosti s\u00fa menej zn\u00e1me ne\u017e napr\u00edklad Torovo kladivo.<\/p><p>V zbierkach viacer\u00fdch m\u00faze\u00ed, predov\u0161etk\u00fdm v \u0160kandin\u00e1vii, mo\u017eno vidie\u0165 brakte\u00e1ty. Ich jemn\u00e1 zlatn\u00edcka pr\u00e1ca a z\u00e1hadn\u00e9 obrazy z nich robia p\u00f4sobiv\u00e9 v\u00fdstavn\u00e9 kusy.<\/p><p>Pre v\u00fdskum germ\u00e1nskeho n\u00e1bo\u017eenstva a umenia maj\u00fa brakte\u00e1ty ve\u013ek\u00fa hodnotu. Patria k najd\u00f4le\u017eitej\u0161\u00edm obrazov\u00fdm pramenom pre dobu predt\u00fdm, ako bola seversk\u00e1 <span class=\"iwg-fachbegriff\" data-tooltip=\"S\u00fahrn tradovan\u00fdch pr\u00edbehov o bohoch ur\u010ditej kult\u00fary.\" tabindex=\"0\">mytol\u00f3gia<\/span> zaznamenan\u00e1 p\u00edsomne.<\/p><p>Brakte\u00e1ty ukazuj\u00fa, \u017ee germ\u00e1nsky sever mal d\u00e1vno pred dobou Vikingov bohat\u00fa ochrann\u00fa a obrazov\u00fa kult\u00faru. S\u00fa svedectvom z ranej, \u010dasto m\u00e1lo zn\u00e1mej epochy.<\/p><p>Ako \u0161perk sa napodobeniny brakte\u00e1tov pr\u00edle\u017eitostne nosia, v\u00e4\u010d\u0161inou u \u013eud\u00ed s osobitn\u00fdm z\u00e1ujmom o germ\u00e1nsku ran\u00fa hist\u00f3riu.<\/p><p>Brakte\u00e1t tak zost\u00e1va p\u00f4sobiv\u00fdm pr\u00edkladom ran\u00e9ho germ\u00e1nskeho ochrann\u00e9ho predmetu. Sp\u00e1ja drahocenn\u00e9 zlato, obrazov\u00fd svet bohov a runov\u00e9 p\u00edsmo a patr\u00ed k najlep\u0161ie dosved\u010den\u00fdm ochrann\u00fdm pr\u00edvesom star\u00e9ho severu.<\/p>\t\t\t\t\t\t\t\t<\/div>\n\t\t\t\t<\/div>\n\t\t\t\t\t<\/div>\n\t\t\t\t<\/div>\n\t\t<div class=\"elementor-element elementor-element-iwgs-brakteat-lit e-flex e-con-boxed e-con e-parent\" data-id=\"iwgs-brakteat-lit\" data-element_type=\"container\" data-e-type=\"container\">\n\t\t\t\t\t<div class=\"e-con-inner\">\n\t\t\t\t<div class=\"elementor-element elementor-element-iwgs-brakteat-lith elementor-widget elementor-widget-heading\" data-id=\"iwgs-brakteat-lith\" data-element_type=\"widget\" data-e-type=\"widget\" data-widget_type=\"heading.default\">\n\t\t\t\t\t<h2 class=\"elementor-heading-title elementor-size-default\">Literat\u00fara (v\u00fdber)<\/h2>\t\t\t\t<\/div>\n\t\t<div class=\"elementor-element elementor-element-iwgs-brakteat-litbox e-con-full e-flex e-con e-parent\" data-id=\"iwgs-brakteat-litbox\" data-element_type=\"container\" data-e-type=\"container\">\n\t\t\t\t<div class=\"elementor-element elementor-element-iwgs-brakteat-litt elementor-widget elementor-widget-html\" data-id=\"iwgs-brakteat-litt\" data-element_type=\"widget\" data-e-type=\"widget\" data-widget_type=\"html.default\">\n\t\t\t\t\t<footer data-nosnippet=\"true\"><ul><li>Wilhelm Heizmann, Morten Axboe (Hrsg.): <em>Die Goldbrakteaten der V\u00f6lkerwanderungszeit<\/em> (2011)<\/li><li>Karl Hauck: <em>Goldbrakteaten aus Sievern<\/em> (1970)<\/li><li>Klaus D\u00fcwel: <em>Runenkunde<\/em> (2008)<\/li><li>Rudolf Simek: <em>Lexikon der germanischen Mythologie<\/em> (2006)<\/li><li>Morten Axboe: <em>Die Goldbrakteaten der V\u00f6lkerwanderungszeit. Herstellungsprobleme und Chronologie<\/em> (2004)<\/li><\/ul><\/footer>\t\t\t\t<\/div>\n\t\t\t\t<\/div>\n\t\t\t\t\t<\/div>\n\t\t\t\t<\/div>\n\t\t<div class=\"elementor-element elementor-element-iwgs-brakteat-kwd e-flex e-con-boxed e-con e-parent\" data-id=\"iwgs-brakteat-kwd\" data-element_type=\"container\" data-e-type=\"container\">\n\t\t\t\t\t<div class=\"e-con-inner\">\n\t\t\t\t<div class=\"elementor-element elementor-element-iwgs-brakteat-kwdt elementor-widget elementor-widget-text-editor\" data-id=\"iwgs-brakteat-kwdt\" data-element_type=\"widget\" data-e-type=\"widget\" data-widget_type=\"text-editor.default\">\n\t\t\t\t\t\t\t\t\t<p><em>S\u00favisiace k\u013e\u00fa\u010dov\u00e9 pojmy: brakte\u00e1t zlat\u00fd brakte\u00e1t doba s\u0165ahovania n\u00e1rodov Odin runov\u00fd n\u00e1pis pokladov\u00fd n\u00e1lez zlat\u00fd z\u00e1vesok germ\u00e1nsky.<\/em><\/p>\t\t\t\t\t\t\t\t<\/div>\n\t\t\t\t\t<\/div>\n\t\t\t\t<\/div>\n\t\t<div class=\"elementor-element elementor-element-iwgs-brakteat-cc e-flex e-con-boxed e-con e-parent\" data-id=\"iwgs-brakteat-cc\" data-element_type=\"container\" data-e-type=\"container\" id=\"iwg-cc-brakteat\">\n\t\t\t\t\t<div class=\"e-con-inner\">\n\t\t<div class=\"elementor-element elementor-element-iwgs-brakteat-ccinner e-flex e-con-boxed e-con e-parent\" data-id=\"iwgs-brakteat-ccinner\" data-element_type=\"container\" data-e-type=\"container\" data-settings=\"{&quot;background_background&quot;:&quot;classic&quot;}\">\n\t\t\t\t\t<div class=\"e-con-inner\">\n\t\t\t\t<div class=\"elementor-element elementor-element-iwgs-brakteat-cch elementor-widget elementor-widget-heading\" data-id=\"iwgs-brakteat-cch\" data-element_type=\"widget\" data-e-type=\"widget\" data-widget_type=\"heading.default\">\n\t\t\t\t\t<h2 class=\"elementor-heading-title elementor-size-default\">iWell Guard a ochrann\u00e9 trad\u00edcie<\/h2>\t\t\t\t<\/div>\n\t\t\t\t<div class=\"elementor-element elementor-element-iwgs-brakteat-cct elementor-widget elementor-widget-text-editor\" data-id=\"iwgs-brakteat-cct\" data-element_type=\"widget\" data-e-type=\"widget\" data-widget_type=\"text-editor.default\">\n\t\t\t\t\t\t\t\t\t<p>iWell Guard nadv\u00e4zuje na kult\u00farno-historick\u00fa trad\u00edciu prenosn\u00fdch ochrann\u00fdch predmetov, ku ktor\u00fdm patr\u00ed aj brakte\u00e1t. Modern\u00fd spolo\u010dn\u00edk pre \u013eud\u00ed, ktor\u00ed \u017eij\u00fa s ochrann\u00fdmi symbolmi: vyroben\u00fd v Nemecku, 41 vrstiev z prav\u00e9ho zlata, platiny a striebra, s 30-d\u0148ovou lehotou na vr\u00e1tenie.<\/p>\t\t\t\t\t\t\t\t<\/div>\n\t\t\t\t<div class=\"elementor-element elementor-element-iwgs-brakteat-ccb iwg-cc-button iwg-cc-cta-2026-05-13 elementor-widget elementor-widget-jet-button\" data-id=\"iwgs-brakteat-ccb\" data-element_type=\"widget\" data-e-type=\"widget\" data-widget_type=\"jet-button.default\">\n\t\t\t\t<div class=\"elementor-widget-container\">\n\t\t\t\t\t<div class=\"elementor-jet-button jet-elements\"><div class=\"jet-button__container\"><a class=\"jet-button__instance jet-button__instance--icon-left hover-effect-1\" href=\"\/schutzanhaenger-iwell-guard-kaufen\/?utm_source=iwell-guard.com&amp;utm_medium=info-box&amp;utm_campaign=schutzsymbole\"><div class=\"jet-button__plane jet-button__plane-normal\"><\/div><div class=\"jet-button__plane jet-button__plane-hover\"><\/div><div class=\"jet-button__state jet-button__state-normal\"><span class=\"jet-button__label\">Viac o iWell Guard<\/span><\/div><div class=\"jet-button__state jet-button__state-hover\"><span class=\"jet-button__label\">Viac o iWell Guard<\/span><\/div><\/a><\/div><\/div><style>.elementor-element.elementor-element-iwgs-brakteat-ccb .jet-button__instance{width:320px;height:56px;}.elementor-element.elementor-element-iwgs-brakteat-ccb .jet-button__state-normal .jet-button__label{text-align:center;margin:0px 0px 0px 0px;color:#1a1b20;font-family:Montserrat,sans-serif;font-size:13px;font-weight:400;letter-spacing:4px;line-height:1.714em;text-transform:uppercase;}.elementor-element.elementor-element-iwgs-brakteat-ccb .jet-button__state-hover .jet-button__label{text-align:center;margin:0px 0px 0px 0px;color:#FECC76;font-family:Montserrat,sans-serif;font-size:13px;font-weight:400;letter-spacing:4px;line-height:1.714em;text-transform:uppercase;}.elementor-element.elementor-element-iwgs-brakteat-ccb .jet-button__plane-normal{background-color:#FECC76;border-style:solid;border-color:#C99540;border-width:2px 2px 2px 2px;}.elementor-element.elementor-element-iwgs-brakteat-ccb .jet-button__plane-hover{background-color:rgba(0,0,0,0.55);border-style:solid;border-color:#FECC76;border-width:2px 2px 2px 2px;}<\/style>\t\t\t\t<\/div>\n\t\t\t\t<\/div>\n\t\t\t\t<div class=\"elementor-element elementor-element-iwgs-brakteat-ccd elementor-widget elementor-widget-text-editor\" data-id=\"iwgs-brakteat-ccd\" data-element_type=\"widget\" data-e-type=\"widget\" data-widget_type=\"text-editor.default\">\n\t\t\t\t\t\t\t\t\t<p style=\"text-align:center;font-size:13px;opacity:0.7;margin-top:14px\" data-nosnippet=\"true\">Osobn\u00e9 sk\u00fasenosti sa m\u00f4\u017eu l\u00ed\u0161i\u0165. Nejde o zdravotn\u00edcku pom\u00f4cku. Nejde o pr\u00eds\u013eub lie\u010denia.<\/p>\t\t\t\t\t\t\t\t<\/div>\n\t\t\t\t\t<\/div>\n\t\t\t\t<\/div>\n\t\t\t\t\t<\/div>\n\t\t\t\t<\/div>\n\t\t<div class=\"elementor-element elementor-element-iwgs-brakteat-disc e-flex e-con-boxed e-con e-parent\" data-id=\"iwgs-brakteat-disc\" data-element_type=\"container\" data-e-type=\"container\">\n\t\t\t\t\t<div class=\"e-con-inner\">\n\t\t\t\t<div class=\"elementor-element elementor-element-iwgs-brakteat-discw elementor-widget elementor-widget-html\" data-id=\"iwgs-brakteat-discw\" data-element_type=\"widget\" data-e-type=\"widget\" data-widget_type=\"html.default\">\n\t\t\t\t\t<footer data-nosnippet=\"true\" class=\"iwg-disclaimer-block\"><p data-nosnippet=\"true\">iWell Guard <strong>nie je zdravotn\u00edcka pom\u00f4cka<\/strong> a nenahr\u00e1dza lek\u00e1rske ani psychoterapeutick\u00e9 lie\u010denie. Tu uveden\u00fd obsah predstavuje religionistick\u00e9 a kult\u00farno-historick\u00e9 zaradenie, nie pr\u00eds\u013eub duchovn\u00e9ho \u00fa\u010dinku.<\/p><\/footer>\t\t\t\t<\/div>\n\t\t\t\t\t<\/div>\n\t\t\t\t<\/div>\n\t\t\t\t<\/div>\n\t\t","protected":false},"excerpt":{"rendered":"","protected":false},"author":3,"featured_media":3479,"parent":0,"menu_order":0,"comment_status":"closed","ping_status":"closed","template":"elementor_header_footer","meta":{"_yoast_wpseo_focuskw":"Brakte\u00e1t","_yoast_wpseo_title":"Brakte\u00e1t \u2013 zlat\u00fd ochrann\u00fd medail\u00f3n","_yoast_wpseo_metadesc":"Brakte\u00e1ty boli zlat\u00e9 pr\u00edvesky z doby s\u0165ahovania n\u00e1rodov s ochrann\u00fdmi obrazmi a runami. Ich podoba a v\u00fdznam preh\u013eadne vysvetlen\u00e9.","_yoast_wpseo_meta-robots-noindex":"","_yoast_wpseo_canonical":"","_angie_page":false,"gefaehrdungsstufe":"","wesen_kultur":"","wesen_klasse":"","footnotes":""},"categories":[],"class_list":["post-158163","page","type-page","status-publish","has-post-thumbnail","hentry"],"yoast_head":"<!-- This site is optimized with the Yoast SEO Premium plugin v27.7 (Yoast SEO v28.3) - https:\/\/yoast.com\/product\/yoast-seo-premium-wordpress\/ -->\n<title>Brakte\u00e1t \u2013 zlat\u00fd ochrann\u00fd medail\u00f3n<\/title>\n<meta name=\"description\" content=\"Brakte\u00e1ty boli zlat\u00e9 pr\u00edvesky z doby s\u0165ahovania n\u00e1rodov s ochrann\u00fdmi obrazmi a runami. Ich podoba a v\u00fdznam preh\u013eadne vysvetlen\u00e9.\" \/>\n<meta name=\"robots\" content=\"index, follow, max-snippet:-1, max-image-preview:large, max-video-preview:-1\" \/>\n<link rel=\"canonical\" href=\"https:\/\/iwell-guard.com\/sk\/brakteat-zlaty-ochranny-medailon\/\" \/>\n<meta property=\"og:locale\" content=\"sk_SK\" \/>\n<meta property=\"og:type\" content=\"article\" \/>\n<meta property=\"og:title\" content=\"Brakte\u00e1t \u2013 zlat\u00fd ochrann\u00fd medail\u00f3n doby s\u0165ahovania n\u00e1rodov\" \/>\n<meta property=\"og:description\" content=\"Brakte\u00e1ty boli zlat\u00e9 pr\u00edvesky z doby s\u0165ahovania n\u00e1rodov s ochrann\u00fdmi obrazmi a runami. Ich podoba a v\u00fdznam preh\u013eadne vysvetlen\u00e9.\" \/>\n<meta property=\"og:url\" content=\"https:\/\/iwell-guard.com\/sk\/brakteat-zlaty-ochranny-medailon\/\" \/>\n<meta property=\"og:site_name\" content=\"iWell Guard\" \/>\n<meta property=\"article:modified_time\" content=\"2026-09-04T22:52:58+00:00\" \/>\n<meta property=\"og:image\" content=\"https:\/\/iwell-guard.com\/wp-content\/uploads\/2026\/05\/schutzsymbol_germanisch_brakteat.webp\" \/>\n\t<meta property=\"og:image:width\" content=\"1024\" \/>\n\t<meta property=\"og:image:height\" content=\"1536\" \/>\n\t<meta property=\"og:image:type\" content=\"image\/webp\" \/>\n<meta name=\"twitter:card\" content=\"summary_large_image\" \/>\n<script type=\"application\/ld+json\" class=\"yoast-schema-graph\">{\"@context\":\"https:\\\/\\\/schema.org\",\"@graph\":[{\"@type\":\"WebPage\",\"@id\":\"https:\\\/\\\/iwell-guard.com\\\/sk\\\/brakteat-zlaty-ochranny-medailon\\\/\",\"url\":\"https:\\\/\\\/iwell-guard.com\\\/sk\\\/brakteat-zlaty-ochranny-medailon\\\/\",\"name\":\"Brakte\u00e1t \u2013 zlat\u00fd ochrann\u00fd medail\u00f3n\",\"isPartOf\":{\"@id\":\"https:\\\/\\\/iwell-guard.com\\\/sk\\\/#website\"},\"primaryImageOfPage\":{\"@id\":\"https:\\\/\\\/iwell-guard.com\\\/sk\\\/brakteat-zlaty-ochranny-medailon\\\/#primaryimage\"},\"image\":{\"@id\":\"https:\\\/\\\/iwell-guard.com\\\/sk\\\/brakteat-zlaty-ochranny-medailon\\\/#primaryimage\"},\"thumbnailUrl\":\"https:\\\/\\\/iwell-guard.com\\\/wp-content\\\/uploads\\\/2026\\\/05\\\/schutzsymbol_germanisch_brakteat.webp\",\"datePublished\":\"2026-09-04T22:22:57+00:00\",\"dateModified\":\"2026-09-04T22:52:58+00:00\",\"description\":\"Brakte\u00e1ty boli zlat\u00e9 pr\u00edvesky z doby s\u0165ahovania n\u00e1rodov s ochrann\u00fdmi obrazmi a runami. Ich podoba a v\u00fdznam preh\u013eadne vysvetlen\u00e9.\",\"breadcrumb\":{\"@id\":\"https:\\\/\\\/iwell-guard.com\\\/sk\\\/brakteat-zlaty-ochranny-medailon\\\/#breadcrumb\"},\"inLanguage\":\"sk-SK\",\"potentialAction\":[{\"@type\":\"ReadAction\",\"target\":[\"https:\\\/\\\/iwell-guard.com\\\/sk\\\/brakteat-zlaty-ochranny-medailon\\\/\"]}]},{\"@type\":\"ImageObject\",\"inLanguage\":\"sk-SK\",\"@id\":\"https:\\\/\\\/iwell-guard.com\\\/sk\\\/brakteat-zlaty-ochranny-medailon\\\/#primaryimage\",\"url\":\"https:\\\/\\\/iwell-guard.com\\\/wp-content\\\/uploads\\\/2026\\\/05\\\/schutzsymbol_germanisch_brakteat.webp\",\"contentUrl\":\"https:\\\/\\\/iwell-guard.com\\\/wp-content\\\/uploads\\\/2026\\\/05\\\/schutzsymbol_germanisch_brakteat.webp\",\"width\":1024,\"height\":1536,\"caption\":\"Ochrann\u00fd symbol. Muze\u00e1lna ilustr\u00e1cia z\u00e1ti\u0161ia.\"},{\"@type\":\"BreadcrumbList\",\"@id\":\"https:\\\/\\\/iwell-guard.com\\\/sk\\\/brakteat-zlaty-ochranny-medailon\\\/#breadcrumb\",\"itemListElement\":[{\"@type\":\"ListItem\",\"position\":1,\"name\":\"Start\",\"item\":\"https:\\\/\\\/iwell-guard.com\\\/sk\\\/?page_id=157572\"},{\"@type\":\"ListItem\",\"position\":2,\"name\":\"Brakte\u00e1t \u2013 zlat\u00fd ochrann\u00fd medail\u00f3n doby s\u0165ahovania n\u00e1rodov\"}]},{\"@type\":\"WebSite\",\"@id\":\"https:\\\/\\\/iwell-guard.com\\\/sk\\\/#website\",\"url\":\"https:\\\/\\\/iwell-guard.com\\\/sk\\\/\",\"name\":\"iWell Guard\",\"description\":\"Schutz vor dunklen Einfl\u00fcssen\",\"publisher\":{\"@id\":\"https:\\\/\\\/iwell-guard.com\\\/sk\\\/#organization\"},\"potentialAction\":[{\"@type\":\"SearchAction\",\"target\":{\"@type\":\"EntryPoint\",\"urlTemplate\":\"https:\\\/\\\/iwell-guard.com\\\/sk\\\/?s={search_term_string}\"},\"query-input\":{\"@type\":\"PropertyValueSpecification\",\"valueRequired\":true,\"valueName\":\"search_term_string\"}}],\"inLanguage\":\"sk-SK\"},{\"@type\":\"Organization\",\"@id\":\"https:\\\/\\\/iwell-guard.com\\\/sk\\\/#organization\",\"name\":\"Ittermann electronic GmbH\",\"url\":\"https:\\\/\\\/iwell-guard.com\\\/sk\\\/\",\"logo\":{\"@type\":\"ImageObject\",\"inLanguage\":\"sk-SK\",\"@id\":\"https:\\\/\\\/iwell-guard.com\\\/sk\\\/#\\\/schema\\\/logo\\\/image\\\/\",\"url\":\"https:\\\/\\\/iwell-guard.com\\\/wp-content\\\/uploads\\\/2026\\\/05\\\/Ittermann-Logo-1182x237-1.png\",\"contentUrl\":\"https:\\\/\\\/iwell-guard.com\\\/wp-content\\\/uploads\\\/2026\\\/05\\\/Ittermann-Logo-1182x237-1.png\",\"width\":1182,\"height\":237,\"caption\":\"Ittermann electronic GmbH\"},\"image\":{\"@id\":\"https:\\\/\\\/iwell-guard.com\\\/sk\\\/#\\\/schema\\\/logo\\\/image\\\/\"},\"sameAs\":[\"https:\\\/\\\/pantip.com\\\/profile\\\/9367242\",\"https:\\\/\\\/micro.blog\\\/iwellguard\",\"https:\\\/\\\/www.diggerslist.com\\\/iwellguard\\\/about\",\"https:\\\/\\\/skitterphoto.com\\\/photographers\\\/2870314\\\/iwell-guard\",\"https:\\\/\\\/iwellguard.wordpress.com\\\/2026\\\/06\\\/06\\\/iwell-guard\\\/\",\"https:\\\/\\\/hub.docker.com\\\/u\\\/iwellguard\",\"https:\\\/\\\/www.pinterest.com\\\/iwellguard\\\/\",\"https:\\\/\\\/bit.ly\\\/m\\\/iwellguard\",\"https:\\\/\\\/entre-vos-mains.alsace.eu\\\/profiles\\\/iwellguard\\\/activity\",\"https:\\\/\\\/gravatar.com\\\/reallybeded8fd34\",\"https:\\\/\\\/naijamatta.com\\\/iwellguard\",\"https:\\\/\\\/www.goodreads.com\\\/iwellguard\",\"https:\\\/\\\/profile.hatena.ne.jp\\\/iwellguard\\\/\",\"https:\\\/\\\/experiment.com\\\/users\\\/iwellguard\",\"https:\\\/\\\/wakelet.com\\\/@iWellGuard82270\",\"https:\\\/\\\/www.chordie.com\\\/forum\\\/profile.php?id=2555664\",\"https:\\\/\\\/www.instapaper.com\\\/p\\\/17757966\",\"https:\\\/\\\/www.mapleprimes.com\\\/users\\\/iwellguard\",\"https:\\\/\\\/businesslistingplus.com\\\/profile\\\/iwell-guard\\\/\",\"https:\\\/\\\/telegra.ph\\\/iWell-Guard-06-06\",\"https:\\\/\\\/pbase.com\\\/iwellguard\\\/iwellguard\",\"https:\\\/\\\/b.hatena.ne.jp\\\/iwellguard\\\/20260607#bookmark-4788405196491818882\",\"https:\\\/\\\/fliphtml5.com\\\/home\\\/iwellguard\",\"https:\\\/\\\/anyflip.com\\\/homepage\\\/cmiwl#About\",\"https:\\\/\\\/transfur.com\\\/Users\\\/iwellguard\",\"http:\\\/\\\/delphi.larsbo.org\\\/user\\\/iwellguard\",\"https:\\\/\\\/jobs.lajobsportal.org\\\/profiles\\\/8380803-iwell-guard\",\"https:\\\/\\\/md.chaosdorf.de\\\/s\\\/jfbe5SBdJD\",\"https:\\\/\\\/www.lingvolive.com\\\/en-us\\\/profile\\\/9ecaeaca-ce11-4e51-9e71-01d55e2bff36\\\/translations\",\"https:\\\/\\\/www.fitday.com\\\/fitness\\\/forums\\\/members\\\/iwellguard.html\",\"https:\\\/\\\/www.mymeetbook.com\\\/iwellguard\",\"https:\\\/\\\/pxhere.com\\\/en\\\/photographer-me\\\/5040798\",\"https:\\\/\\\/disqus.com\\\/by\\\/iwellguard\\\/about\\\/\",\"https:\\\/\\\/pastelink.net\\\/hjwciqwq\",\"https:\\\/\\\/pubhtml5.com\\\/homepage\\\/scjhn\\\/\",\"https:\\\/\\\/www.bitchute.com\\\/channel\\\/2O2eOKzNqujT\",\"https:\\\/\\\/audiomack.com\\\/iwellguard\"]}]}<\/script>\n<!-- \/ Yoast SEO Premium plugin. -->","yoast_head_json":{"title":"Brakte\u00e1t \u2013 zlat\u00fd ochrann\u00fd medail\u00f3n","description":"Brakte\u00e1ty boli zlat\u00e9 pr\u00edvesky z doby s\u0165ahovania n\u00e1rodov s ochrann\u00fdmi obrazmi a runami. Ich podoba a v\u00fdznam preh\u013eadne vysvetlen\u00e9.","robots":{"index":"index","follow":"follow","max-snippet":"max-snippet:-1","max-image-preview":"max-image-preview:large","max-video-preview":"max-video-preview:-1"},"canonical":"https:\/\/iwell-guard.com\/sk\/brakteat-zlaty-ochranny-medailon\/","og_locale":"sk_SK","og_type":"article","og_title":"Brakte\u00e1t \u2013 zlat\u00fd ochrann\u00fd medail\u00f3n doby s\u0165ahovania n\u00e1rodov","og_description":"Brakte\u00e1ty boli zlat\u00e9 pr\u00edvesky z doby s\u0165ahovania n\u00e1rodov s ochrann\u00fdmi obrazmi a runami. Ich podoba a v\u00fdznam preh\u013eadne vysvetlen\u00e9.","og_url":"https:\/\/iwell-guard.com\/sk\/brakteat-zlaty-ochranny-medailon\/","og_site_name":"iWell Guard","article_modified_time":"2026-09-04T22:52:58+00:00","og_image":[{"width":1024,"height":1536,"url":"https:\/\/iwell-guard.com\/wp-content\/uploads\/2026\/05\/schutzsymbol_germanisch_brakteat.webp","type":"image\/webp"}],"twitter_card":"summary_large_image","schema":{"@context":"https:\/\/schema.org","@graph":[{"@type":"WebPage","@id":"https:\/\/iwell-guard.com\/sk\/brakteat-zlaty-ochranny-medailon\/","url":"https:\/\/iwell-guard.com\/sk\/brakteat-zlaty-ochranny-medailon\/","name":"Brakte\u00e1t \u2013 zlat\u00fd ochrann\u00fd medail\u00f3n","isPartOf":{"@id":"https:\/\/iwell-guard.com\/sk\/#website"},"primaryImageOfPage":{"@id":"https:\/\/iwell-guard.com\/sk\/brakteat-zlaty-ochranny-medailon\/#primaryimage"},"image":{"@id":"https:\/\/iwell-guard.com\/sk\/brakteat-zlaty-ochranny-medailon\/#primaryimage"},"thumbnailUrl":"https:\/\/iwell-guard.com\/wp-content\/uploads\/2026\/05\/schutzsymbol_germanisch_brakteat.webp","datePublished":"2026-09-04T22:22:57+00:00","dateModified":"2026-09-04T22:52:58+00:00","description":"Brakte\u00e1ty boli zlat\u00e9 pr\u00edvesky z doby s\u0165ahovania n\u00e1rodov s ochrann\u00fdmi obrazmi a runami. Ich podoba a v\u00fdznam preh\u013eadne vysvetlen\u00e9.","breadcrumb":{"@id":"https:\/\/iwell-guard.com\/sk\/brakteat-zlaty-ochranny-medailon\/#breadcrumb"},"inLanguage":"sk-SK","potentialAction":[{"@type":"ReadAction","target":["https:\/\/iwell-guard.com\/sk\/brakteat-zlaty-ochranny-medailon\/"]}]},{"@type":"ImageObject","inLanguage":"sk-SK","@id":"https:\/\/iwell-guard.com\/sk\/brakteat-zlaty-ochranny-medailon\/#primaryimage","url":"https:\/\/iwell-guard.com\/wp-content\/uploads\/2026\/05\/schutzsymbol_germanisch_brakteat.webp","contentUrl":"https:\/\/iwell-guard.com\/wp-content\/uploads\/2026\/05\/schutzsymbol_germanisch_brakteat.webp","width":1024,"height":1536,"caption":"Ochrann\u00fd symbol. Muze\u00e1lna ilustr\u00e1cia z\u00e1ti\u0161ia."},{"@type":"BreadcrumbList","@id":"https:\/\/iwell-guard.com\/sk\/brakteat-zlaty-ochranny-medailon\/#breadcrumb","itemListElement":[{"@type":"ListItem","position":1,"name":"Start","item":"https:\/\/iwell-guard.com\/sk\/?page_id=157572"},{"@type":"ListItem","position":2,"name":"Brakte\u00e1t \u2013 zlat\u00fd ochrann\u00fd medail\u00f3n doby s\u0165ahovania n\u00e1rodov"}]},{"@type":"WebSite","@id":"https:\/\/iwell-guard.com\/sk\/#website","url":"https:\/\/iwell-guard.com\/sk\/","name":"iWell Guard","description":"Schutz vor dunklen Einfl\u00fcssen","publisher":{"@id":"https:\/\/iwell-guard.com\/sk\/#organization"},"potentialAction":[{"@type":"SearchAction","target":{"@type":"EntryPoint","urlTemplate":"https:\/\/iwell-guard.com\/sk\/?s={search_term_string}"},"query-input":{"@type":"PropertyValueSpecification","valueRequired":true,"valueName":"search_term_string"}}],"inLanguage":"sk-SK"},{"@type":"Organization","@id":"https:\/\/iwell-guard.com\/sk\/#organization","name":"Ittermann electronic GmbH","url":"https:\/\/iwell-guard.com\/sk\/","logo":{"@type":"ImageObject","inLanguage":"sk-SK","@id":"https:\/\/iwell-guard.com\/sk\/#\/schema\/logo\/image\/","url":"https:\/\/iwell-guard.com\/wp-content\/uploads\/2026\/05\/Ittermann-Logo-1182x237-1.png","contentUrl":"https:\/\/iwell-guard.com\/wp-content\/uploads\/2026\/05\/Ittermann-Logo-1182x237-1.png","width":1182,"height":237,"caption":"Ittermann electronic GmbH"},"image":{"@id":"https:\/\/iwell-guard.com\/sk\/#\/schema\/logo\/image\/"},"sameAs":["https:\/\/pantip.com\/profile\/9367242","https:\/\/micro.blog\/iwellguard","https:\/\/www.diggerslist.com\/iwellguard\/about","https:\/\/skitterphoto.com\/photographers\/2870314\/iwell-guard","https:\/\/iwellguard.wordpress.com\/2026\/06\/06\/iwell-guard\/","https:\/\/hub.docker.com\/u\/iwellguard","https:\/\/www.pinterest.com\/iwellguard\/","https:\/\/bit.ly\/m\/iwellguard","https:\/\/entre-vos-mains.alsace.eu\/profiles\/iwellguard\/activity","https:\/\/gravatar.com\/reallybeded8fd34","https:\/\/naijamatta.com\/iwellguard","https:\/\/www.goodreads.com\/iwellguard","https:\/\/profile.hatena.ne.jp\/iwellguard\/","https:\/\/experiment.com\/users\/iwellguard","https:\/\/wakelet.com\/@iWellGuard82270","https:\/\/www.chordie.com\/forum\/profile.php?id=2555664","https:\/\/www.instapaper.com\/p\/17757966","https:\/\/www.mapleprimes.com\/users\/iwellguard","https:\/\/businesslistingplus.com\/profile\/iwell-guard\/","https:\/\/telegra.ph\/iWell-Guard-06-06","https:\/\/pbase.com\/iwellguard\/iwellguard","https:\/\/b.hatena.ne.jp\/iwellguard\/20260607#bookmark-4788405196491818882","https:\/\/fliphtml5.com\/home\/iwellguard","https:\/\/anyflip.com\/homepage\/cmiwl#About","https:\/\/transfur.com\/Users\/iwellguard","http:\/\/delphi.larsbo.org\/user\/iwellguard","https:\/\/jobs.lajobsportal.org\/profiles\/8380803-iwell-guard","https:\/\/md.chaosdorf.de\/s\/jfbe5SBdJD","https:\/\/www.lingvolive.com\/en-us\/profile\/9ecaeaca-ce11-4e51-9e71-01d55e2bff36\/translations","https:\/\/www.fitday.com\/fitness\/forums\/members\/iwellguard.html","https:\/\/www.mymeetbook.com\/iwellguard","https:\/\/pxhere.com\/en\/photographer-me\/5040798","https:\/\/disqus.com\/by\/iwellguard\/about\/","https:\/\/pastelink.net\/hjwciqwq","https:\/\/pubhtml5.com\/homepage\/scjhn\/","https:\/\/www.bitchute.com\/channel\/2O2eOKzNqujT","https:\/\/audiomack.com\/iwellguard"]}]}},"_links":{"self":[{"href":"https:\/\/iwell-guard.com\/sk\/wp-json\/wp\/v2\/pages\/158163","targetHints":{"allow":["GET"]}}],"collection":[{"href":"https:\/\/iwell-guard.com\/sk\/wp-json\/wp\/v2\/pages"}],"about":[{"href":"https:\/\/iwell-guard.com\/sk\/wp-json\/wp\/v2\/types\/page"}],"author":[{"embeddable":true,"href":"https:\/\/iwell-guard.com\/sk\/wp-json\/wp\/v2\/users\/3"}],"replies":[{"embeddable":true,"href":"https:\/\/iwell-guard.com\/sk\/wp-json\/wp\/v2\/comments?post=158163"}],"version-history":[{"count":0,"href":"https:\/\/iwell-guard.com\/sk\/wp-json\/wp\/v2\/pages\/158163\/revisions"}],"wp:featuredmedia":[{"embeddable":true,"href":"https:\/\/iwell-guard.com\/sk\/wp-json\/wp\/v2\/media\/3479"}],"wp:attachment":[{"href":"https:\/\/iwell-guard.com\/sk\/wp-json\/wp\/v2\/media?parent=158163"}],"wp:term":[{"taxonomy":"category","embeddable":true,"href":"https:\/\/iwell-guard.com\/sk\/wp-json\/wp\/v2\/categories?post=158163"}],"curies":[{"name":"wp","href":"https:\/\/api.w.org\/{rel}","templated":true}]}}