{"id":158140,"date":"2026-09-04T22:22:40","date_gmt":"2026-09-04T22:22:40","guid":{"rendered":"https:\/\/iwell-guard.com\/?page_id=158140"},"modified":"2026-09-04T22:52:21","modified_gmt":"2026-09-04T22:52:21","slug":"maneki-neko-mavajuca-stastna-macka","status":"publish","type":"page","link":"https:\/\/iwell-guard.com\/sk\/maneki-neko-mavajuca-stastna-macka\/","title":{"rendered":"Maneki-neko \u2013 japonsk\u00e1 m\u00e1vaj\u00faca \u0161\u0165astn\u00e1 ma\u010dka"},"content":{"rendered":"\t\t<div data-elementor-type=\"wp-page\" data-elementor-id=\"158140\" class=\"elementor elementor-158140 elementor-3631 elementor-bc-flex-widget\" data-elementor-post-type=\"page\">\n\t\t\t\t<div class=\"elementor-element elementor-element-iwgs-manekineko-hero e-flex e-con-boxed e-con e-parent\" data-id=\"iwgs-manekineko-hero\" data-element_type=\"container\" data-e-type=\"container\">\n\t\t\t\t\t<div class=\"e-con-inner\">\n\t\t<div class=\"elementor-element elementor-element-iwgs-manekineko-hl e-flex e-con-boxed e-con e-parent\" data-id=\"iwgs-manekineko-hl\" data-element_type=\"container\" data-e-type=\"container\">\n\t\t\t\t\t<div class=\"e-con-inner\">\n\t\t<div class=\"elementor-element elementor-element-iwgs-manekineko-hlbox e-con-full e-flex e-con e-parent\" data-id=\"iwgs-manekineko-hlbox\" data-element_type=\"container\" data-e-type=\"container\">\n\t\t\t\t<div class=\"elementor-element elementor-element-iwgs-manekineko-h1 elementor-widget elementor-widget-heading\" data-id=\"iwgs-manekineko-h1\" data-element_type=\"widget\" data-e-type=\"widget\" data-widget_type=\"heading.default\">\n\t\t\t\t\t<h1 class=\"elementor-heading-title elementor-size-default\">Maneki-neko \u2013 japonsk\u00e1 m\u00e1vaj\u00faca ma\u010dka<\/h1>\t\t\t\t<\/div>\n\t\t\t\t<div class=\"elementor-element elementor-element-iwgs-manekineko-lead elementor-widget elementor-widget-text-editor\" data-id=\"iwgs-manekineko-lead\" data-element_type=\"widget\" data-e-type=\"widget\" data-widget_type=\"text-editor.default\">\n\t\t\t\t\t\t\t\t\t<p>Maneki-neko je japonsk\u00e1 m\u00e1vaj\u00faca ma\u010dka. So zdvihnutou labkou stoj\u00ed v obchodoch a domoch a m\u00e1 privol\u00e1va\u0165 \u0161\u0165astie, klientelu a blahobyt. Patr\u00ed medzi najzn\u00e1mej\u0161ie prin\u00e1\u0161ate\u013eky \u0161\u0165astia v Japonsku.<\/p>\t\t\t\t\t\t\t\t<\/div>\n\t\t\t\t<\/div>\n\t\t\t\t<div class=\"elementor-element elementor-element-iwgs-manekineko-pills elementor-widget elementor-widget-html\" data-id=\"iwgs-manekineko-pills\" data-element_type=\"widget\" data-e-type=\"widget\" data-widget_type=\"html.default\">\n\t\t\t\t\t<div class=\"iwg-pill-row\"><span class=\"iwg-klasse-badge\" tabindex=\"0\" data-tooltip=\"Ochrann\u00fd symbol, amulet alebo apotropajn\u00fd predmet.\">Ochrann\u00fd symbol<\/span><a href=\"https:\/\/iwell-guard.com\/sk\/japonsko\/\" class=\"iwg-kultur-badge\" tabindex=\"0\" data-tooltip=\"Ochrann\u00e1 trad\u00edcia: Japonsko\">Japonsko<\/a><span class=\"iwg-tradition-badge\" tabindex=\"0\" data-tooltip=\"Predmet, ktor\u00fd m\u00e1 prinies\u0165 \u0161\u0165astie.\">Prin\u00e1\u0161ate\u013e \u0161\u0165astia<\/span><\/div>\t\t\t\t<\/div>\n\t\t\t\t\t<\/div>\n\t\t\t\t<\/div>\n\t\t<div class=\"elementor-element elementor-element-iwgs-manekineko-hr e-con-full e-flex e-con e-parent\" data-id=\"iwgs-manekineko-hr\" data-element_type=\"container\" data-e-type=\"container\">\n\t\t\t\t<div class=\"elementor-element elementor-element-iwgs-manekineko-himg iwg-hero-image elementor-widget elementor-widget-image\" data-id=\"iwgs-manekineko-himg\" data-element_type=\"widget\" data-e-type=\"widget\" data-widget_type=\"image.default\">\n\t\t\t\t\t\t\t\t\t\t\t\t\t\t\t<img fetchpriority=\"high\" decoding=\"async\" width=\"683\" height=\"1024\" src=\"https:\/\/iwell-guard.com\/wp-content\/uploads\/2026\/05\/schutzsymbol_japan_maneki-neko-683x1024.webp\" class=\"attachment-large size-large wp-image-159504\" alt=\"Maneki Neko - ochrann\u00fd symbol, m\u00fazejn\u00e1 ilustr\u00e1cia\" srcset=\"https:\/\/iwell-guard.com\/wp-content\/uploads\/2026\/05\/schutzsymbol_japan_maneki-neko-683x1024.webp 683w, https:\/\/iwell-guard.com\/wp-content\/uploads\/2026\/05\/schutzsymbol_japan_maneki-neko-200x300.webp 200w, https:\/\/iwell-guard.com\/wp-content\/uploads\/2026\/05\/schutzsymbol_japan_maneki-neko-768x1152.webp 768w, https:\/\/iwell-guard.com\/wp-content\/uploads\/2026\/05\/schutzsymbol_japan_maneki-neko.webp 1024w\" sizes=\"(max-width: 683px) 100vw, 683px\" \/>\t\t\t\t\t\t\t\t\t\t\t\t\t\t\t<\/div>\n\t\t\t\t<\/div>\n\t\t\t\t\t<\/div>\n\t\t\t\t<\/div>\n\t\t<div class=\"elementor-element elementor-element-iwgs-manekineko-s0 e-flex e-con-boxed e-con e-parent\" data-id=\"iwgs-manekineko-s0\" data-element_type=\"container\" data-e-type=\"container\">\n\t\t\t\t\t<div class=\"e-con-inner\">\n\t\t\t\t<div class=\"elementor-element elementor-element-iwgs-manekineko-s0h elementor-widget elementor-widget-heading\" data-id=\"iwgs-manekineko-s0h\" data-element_type=\"widget\" data-e-type=\"widget\" data-widget_type=\"heading.default\">\n\t\t\t\t\t<h2 class=\"elementor-heading-title elementor-size-default\">Zaradenie<\/h2>\t\t\t\t<\/div>\n\t\t<div class=\"elementor-element elementor-element-iwgs-manekineko-s0box e-con-full e-flex e-con e-parent\" data-id=\"iwgs-manekineko-s0box\" data-element_type=\"container\" data-e-type=\"container\">\n\t\t\t\t<div class=\"elementor-element elementor-element-iwgs-manekineko-s0t elementor-widget elementor-widget-text-editor\" data-id=\"iwgs-manekineko-s0t\" data-element_type=\"widget\" data-e-type=\"widget\" data-widget_type=\"text-editor.default\">\n\t\t\t\t\t\t\t\t\t<p>Maneki-neko je mal\u00e1 fig\u00farka v podobe sediacej ma\u010dky, ktor\u00e1 m\u00e1 zdvihnut\u00fa jednu labku. Poch\u00e1dza z <a href=\"https:\/\/iwell-guard.com\/sk\/japonsko\/\">Japonska<\/a>, kde patr\u00ed medzi najroz\u0161\u00edrenej\u0161ie prin\u00e1\u0161ate\u013eky \u0161\u0165astia. V obchodoch, podnikoch a dom\u00e1cnostiach je to be\u017en\u00fd a dobre zn\u00e1my poh\u013ead.<\/p><p>Meno Maneki-neko znamen\u00e1 v preklade m\u00e1vaj\u00faca ma\u010dka. Presne opisuje postoj fig\u00farky. Zdvihnut\u00e1 labka nie je gestom pozdravu, ale vykon\u00e1va m\u00e1vaj\u00faci, privol\u00e1vaj\u00faci pohyb.<\/p><p>Na rozdiel od odvracaj\u00faceho ochrann\u00e9ho symbolu je Maneki-neko predov\u0161etk\u00fdm privol\u00e1vaj\u00faca prin\u00e1\u0161ate\u013eka \u0161\u0165astia. M\u00e1 privol\u00e1va\u0165 dobro, predov\u0161etk\u00fdm \u0161\u0165astie, klientelu a blahobyt. Patr\u00ed tak medzi znaky, ktor\u00e9 p\u00f4sobia prostredn\u00edctvom privol\u00e1vania.<\/p><p>V <span class=\"iwg-fachbegriff\" data-tooltip=\"Veda, ktor\u00e1 sk\u00fama n\u00e1bo\u017eenstv\u00e1 porovn\u00e1vac\u00edm sp\u00f4sobom a bez viazanosti na vieru.\" tabindex=\"0\">religionistike<\/span> a v \u0161t\u00fadiu japonskej \u013eudovej kult\u00fary je Maneki-neko dobr\u00fdm pr\u00edkladom prin\u00e1\u0161ate\u013eky \u0161\u0165astia, ktor\u00e1 je \u00fazko spojen\u00e1 s hospod\u00e1rskym \u017eivotom. Predstavuje predov\u0161etk\u00fdm \u00faspech obchodu a podnikania.<\/p><p>Napriek svojej jednoduchosti nesie Maneki-neko premyslen\u00fd v\u00fdznam. Postavenie labiek, farby a predmety, ktor\u00e9 ma\u010dka dr\u017e\u00ed, nie s\u00fa n\u00e1hodn\u00e9. Tvoria mal\u00fd syst\u00e9m znakov, ktor\u00fd je vysvetlen\u00fd v nasleduj\u00facom texte.<\/p>\t\t\t\t\t\t\t\t<\/div>\n\t\t\t\t<\/div>\n\t\t\t\t\t<\/div>\n\t\t\t\t<\/div>\n\t\t<div class=\"elementor-element elementor-element-iwgs-manekineko-s1 e-flex e-con-boxed e-con e-parent\" data-id=\"iwgs-manekineko-s1\" data-element_type=\"container\" data-e-type=\"container\">\n\t\t\t\t\t<div class=\"e-con-inner\">\n\t\t\t\t<div class=\"elementor-element elementor-element-iwgs-manekineko-s1h elementor-widget elementor-widget-heading\" data-id=\"iwgs-manekineko-s1h\" data-element_type=\"widget\" data-e-type=\"widget\" data-widget_type=\"heading.default\">\n\t\t\t\t\t<h2 class=\"elementor-heading-title elementor-size-default\">M\u00e1vaj\u00face gesto<\/h2>\t\t\t\t<\/div>\n\t\t<div class=\"elementor-element elementor-element-iwgs-manekineko-s1box e-con-full e-flex e-con e-parent\" data-id=\"iwgs-manekineko-s1box\" data-element_type=\"container\" data-e-type=\"container\">\n\t\t\t\t<div class=\"elementor-element elementor-element-iwgs-manekineko-s1t elementor-widget elementor-widget-text-editor\" data-id=\"iwgs-manekineko-s1t\" data-element_type=\"widget\" data-e-type=\"widget\" data-widget_type=\"text-editor.default\">\n\t\t\t\t\t\t\t\t\t<p>Najv\u00fdraznej\u0161\u00edm znakom Maneki-neko je zdvihnut\u00e1 labka. Je nato\u010den\u00e1 smerom vpred a nahor a vykon\u00e1va pohyb, ktor\u00fd sa v Japonsku ch\u00e1pe ako privol\u00e1vanie.<\/p><p>Tu je d\u00f4le\u017eit\u00fd kult\u00farny rozdiel. V Japonsku sa privol\u00e1vanie vykon\u00e1va s dla\u0148ou oto\u010denou nadol. Pre stredoeur\u00f3pske oko preto tento pohyb p\u00f4sob\u00ed sk\u00f4r ako odmietav\u00e9 gesto. V skuto\u010dnosti v\u0161ak ma\u010dka privol\u00e1va, nie odmieta.<\/p><p>Toto m\u00e1vaj\u00face gesto je jadrom v\u00fdznamu. Maneki-neko privol\u00e1va \u0161\u0165astie a klientelu. Je do istej miery trvalo m\u00e1vaj\u00facim prij\u00edmate\u013eom, ktor\u00fd poz\u00fdva dobro do domu alebo do obchodu.<\/p><p>Pri mnoh\u00fdch fig\u00farkach je labka pohybliv\u00e1. Prostredn\u00edctvom mechanizmu sa pohybuje nahor a nadol, tak\u017ee m\u00e1vaj\u00faci pohyb sa skuto\u010dne vykon\u00e1va. Ma\u010dka tak p\u00f4sob\u00ed e\u0161te \u017eiv\u0161ie vo svojom poz\u00fdvaj\u00facom geste.<\/p><p>M\u00e1vaj\u00face gesto rob\u00ed z Maneki-neko akt\u00edvnu prin\u00e1\u0161ate\u013eku \u0161\u0165astia. Ne\u010dak\u00e1, \u017ee \u0161\u0165astie prijde samo, ale privol\u00e1va ho. T\u00fdm sa odli\u0161uje od ochrann\u00fdch znakov, ktor\u00e9 len odvracaj\u00fa ne\u0161\u0165astie.<\/p>\t\t\t\t\t\t\t\t<\/div>\n\t\t\t\t<\/div>\n\t\t\t\t\t<\/div>\n\t\t\t\t<\/div>\n\t\t<div class=\"elementor-element elementor-element-iwgs-manekineko-s2 e-flex e-con-boxed e-con e-parent\" data-id=\"iwgs-manekineko-s2\" data-element_type=\"container\" data-e-type=\"container\">\n\t\t\t\t\t<div class=\"e-con-inner\">\n\t\t\t\t<div class=\"elementor-element elementor-element-iwgs-manekineko-s2h elementor-widget elementor-widget-heading\" data-id=\"iwgs-manekineko-s2h\" data-element_type=\"widget\" data-e-type=\"widget\" data-widget_type=\"heading.default\">\n\t\t\t\t\t<h2 class=\"elementor-heading-title elementor-size-default\">Legendy o p\u00f4vode<\/h2>\t\t\t\t<\/div>\n\t\t<div class=\"elementor-element elementor-element-iwgs-manekineko-s2box e-con-full e-flex e-con e-parent\" data-id=\"iwgs-manekineko-s2box\" data-element_type=\"container\" data-e-type=\"container\">\n\t\t\t\t<div class=\"elementor-element elementor-element-iwgs-manekineko-s2t elementor-widget elementor-widget-text-editor\" data-id=\"iwgs-manekineko-s2t\" data-element_type=\"widget\" data-e-type=\"widget\" data-widget_type=\"text-editor.default\">\n\t\t\t\t\t\t\t\t\t<p>O vzniku Maneki-neko existuje viacero legiend. \u017diadnu z nich nemo\u017eno dolo\u017ei\u0165 ako jedin\u00fa platn\u00fa. Spolu v\u0161ak ukazuj\u00fa, ako je obraz \u0161\u0165astie prin\u00e1\u0161aj\u00facej ma\u010dky v Japonsku hlboko zakotven\u00fd.<\/p><p>Jedna zn\u00e1ma <span class=\"iwg-fachbegriff\" data-tooltip=\"Vzdel\u00e1vaj\u00face rozpr\u00e1vanie, v\u00e4\u010d\u0161inou o \u017eivote sv\u00e4t\u00fdch.\" tabindex=\"0\">legenda<\/span> rozpr\u00e1va o <span class=\"iwg-fachbegriff\" data-tooltip=\"Stavba, ktor\u00e1 sl\u00fa\u017ei uctievaniu jedn\u00e9ho alebo viacer\u00fdch bo\u017estiev.\" tabindex=\"0\">chr\u00e1me<\/span> a ma\u010dke, ktor\u00e1 tam \u017eila. Ma\u010dka vraj zdvihnutou labkou privolala k sebe vzne\u0161en\u00e9ho p\u00e1na. Ke\u010f p\u00e1n ma\u010dku posl\u00fachol, len tesne unikol b\u00farke. Z v\u010fa\u010dnosti potom <span class=\"iwg-fachbegriff\" data-tooltip=\"Stavba, ktor\u00e1 sl\u00fa\u017ei uctievaniu jedn\u00e9ho alebo viacer\u00fdch bo\u017estiev.\" tabindex=\"0\">chr\u00e1m<\/span> bohato podporil.<\/p><p>In\u00e1 <span class=\"iwg-fachbegriff\" data-tooltip=\"Vzdel\u00e1vaj\u00face rozpr\u00e1vanie, v\u00e4\u010d\u0161inou o \u017eivote sv\u00e4t\u00fdch.\" tabindex=\"0\">legenda<\/span> je spojen\u00e1 so starou \u017eenou, ktor\u00e1 z chudoby musela odovzda\u0165 svoju ma\u010dku. Ma\u010dka sa jej vraj zjavila vo sne a poradila jej, aby vyrobila fig\u00farku v jej podobe. Tieto fig\u00farky sa dobre pred\u00e1vali a \u017eene pomohli.<\/p><p>V\u00e4\u010d\u0161inu t\u00fdchto legiend mo\u017eno zaradi\u0165 do obdobia Edo, dlh\u00e9ho mierov\u00e9ho obdobia, v ktorom prekvital obchod a mestsk\u00fd \u017eivot. Pr\u00e1ve v tomto \u010dase sa Maneki-neko roz\u0161\u00edril ako prin\u00e1\u0161ate\u013eka \u0161\u0165astia obchodn\u00edkov.<\/p><p>Nie je rozhoduj\u00face, \u010di s\u00fa tieto legendy v jednotlivostiach historicky presn\u00e9. Spl\u0148aj\u00fa predov\u0161etk\u00fdm in\u00fa \u00falohu. Zrozumite\u013ene vysvet\u013euj\u00fa, pre\u010do m\u00e1 pr\u00e1ve ma\u010dka so zdvihnutou labkou prinies\u0165 \u0161\u0165astie, a zakotvuj\u00fa tento znak v p\u00f4sobiv\u00fdch pr\u00edbehoch.<\/p>\t\t\t\t\t\t\t\t<\/div>\n\t\t\t\t<\/div>\n\t\t\t\t\t<\/div>\n\t\t\t\t<\/div>\n\t\t<div class=\"elementor-element elementor-element-iwgs-manekineko-s3 e-flex e-con-boxed e-con e-parent\" data-id=\"iwgs-manekineko-s3\" data-element_type=\"container\" data-e-type=\"container\">\n\t\t\t\t\t<div class=\"e-con-inner\">\n\t\t\t\t<div class=\"elementor-element elementor-element-iwgs-manekineko-s3h elementor-widget elementor-widget-heading\" data-id=\"iwgs-manekineko-s3h\" data-element_type=\"widget\" data-e-type=\"widget\" data-widget_type=\"heading.default\">\n\t\t\t\t\t<h2 class=\"elementor-heading-title elementor-size-default\">Podoba a farby<\/h2>\t\t\t\t<\/div>\n\t\t<div class=\"elementor-element elementor-element-iwgs-manekineko-s3box e-con-full e-flex e-con e-parent\" data-id=\"iwgs-manekineko-s3box\" data-element_type=\"container\" data-e-type=\"container\">\n\t\t\t\t<div class=\"elementor-element elementor-element-iwgs-manekineko-s3t elementor-widget elementor-widget-text-editor\" data-id=\"iwgs-manekineko-s3t\" data-element_type=\"widget\" data-e-type=\"widget\" data-widget_type=\"text-editor.default\">\n\t\t\t\t\t\t\t\t\t<p>Maneki-neko sa naj\u010dastej\u0161ie zobrazuje ako sediaca ma\u010dka. Jedna labka je zdvihnut\u00e1, druh\u00e1 spo\u010d\u00edva na tele alebo dr\u017e\u00ed predmet. Ma\u010dka \u010dasto nos\u00ed obojok s mal\u00fdm zvon\u010dekom, \u010do odkazuje na bohat\u00fa, opatrovan\u00fa dom\u00e1cu ma\u010dku.<\/p><p>Materi\u00e1lom je v\u00e4\u010d\u0161inou keramika alebo porcel\u00e1n, existuj\u00fa aj fig\u00farky z dreva a in\u00fdch materi\u00e1lov. Ve\u013ekosti sa pohybuj\u00fa od mal\u00fdch stolov\u00fdch fig\u00farok a\u017e po ve\u013ek\u00e9 kusy umiestnen\u00e9 vo v\u00fdklade alebo pri vchode.<\/p><p>Farba Maneki-neko m\u00e1 svoj v\u00fdznam. Naj\u010dastej\u0161ou farbou je biela, \u010dasto so \u0161kvrnami, ktor\u00e1 sa pova\u017euje za v\u0161eobecn\u00fa prin\u00e1\u0161ate\u013eku \u0161\u0165astia. T\u00e1to farebnos\u0165 vych\u00e1dza z v Japonsku ob\u013e\u00faben\u00e9ho ma\u010dacieho vzoru.<\/p><p>Okrem toho existuj\u00fa Maneki-neko v \u010fal\u0161\u00edch farb\u00e1ch s vlastn\u00fdm v\u00fdznamom. Zlat\u00e9 fig\u00farky s\u00fa sp\u00e1jan\u00e9 s blahobytom a peniazmi. \u010cerven\u00e9 fig\u00farky s\u00fa sp\u00e1jan\u00e9 so zdrav\u00edm. \u010cierne fig\u00farky maj\u00fa osobitn\u00fa \u00falohu, ktor\u00e1 si zasluhuje samostatn\u00fa \u010das\u0165.<\/p><p>Maneki-neko \u010dasto v spustenej labke dr\u017e\u00ed predmet. Be\u017en\u00e1 je star\u00e1 ovaln\u00e1 zlat\u00e1 minca. Zosil\u0148uje spojenie fig\u00farky s blahobytom a dobr\u00fdm obchodom a e\u0161te zrete\u013enej\u0161ie vyjadruje \u017eelanie \u0161\u0165astia.<\/p>\t\t\t\t\t\t\t\t<\/div>\n\t\t\t\t<\/div>\n\t\t\t\t\t<\/div>\n\t\t\t\t<\/div>\n\t\t<div class=\"elementor-element elementor-element-iwgs-manekineko-s4 e-flex e-con-boxed e-con e-parent\" data-id=\"iwgs-manekineko-s4\" data-element_type=\"container\" data-e-type=\"container\">\n\t\t\t\t\t<div class=\"e-con-inner\">\n\t\t\t\t<div class=\"elementor-element elementor-element-iwgs-manekineko-s4h elementor-widget elementor-widget-heading\" data-id=\"iwgs-manekineko-s4h\" data-element_type=\"widget\" data-e-type=\"widget\" data-widget_type=\"heading.default\">\n\t\t\t\t\t<h2 class=\"elementor-heading-title elementor-size-default\">Prav\u00e1 a \u013eav\u00e1 labka<\/h2>\t\t\t\t<\/div>\n\t\t<div class=\"elementor-element elementor-element-iwgs-manekineko-s4box e-con-full e-flex e-con e-parent\" data-id=\"iwgs-manekineko-s4box\" data-element_type=\"container\" data-e-type=\"container\">\n\t\t\t\t<div class=\"elementor-element elementor-element-iwgs-manekineko-s4t elementor-widget elementor-widget-text-editor\" data-id=\"iwgs-manekineko-s4t\" data-element_type=\"widget\" data-e-type=\"widget\" data-widget_type=\"text-editor.default\">\n\t\t\t\t\t\t\t\t\t<p>D\u00f4le\u017eit\u00fd detail postavi\u010dky maneki-neko sa t\u00fdka ot\u00e1zky, ktor\u00e1 labka je zdvihnut\u00e1. Prav\u00e1 a \u013eav\u00e1 labka maj\u00fa odli\u0161n\u00fd v\u00fdznam, a od toho sa odv\u00edja, na ak\u00fd \u00fa\u010del sa fig\u00farka umiest\u0148uje.<\/p><p>Zdvihnut\u00e1 prav\u00e1 labka sa sp\u00e1ja s peniazmi a blahobytom. Fig\u00farka so zdvihnutou pravou labkou m\u00e1 predov\u0161etk\u00fdm podporova\u0165 finan\u010dn\u00fd \u00faspech. Je tak talizmanom pre \u0161\u0165astie v obchodnom prospero\u00advan\u00ed.<\/p><p>Zdvihnut\u00e1 \u013eav\u00e1 labka sa sp\u00e1ja s \u013eu\u010fmi a klientelou. Fig\u00farka so zdvihnutou \u013eavou labkou m\u00e1 pril\u00e1ka\u0165 host\u00ed a klientov. Preto sa rada umiest\u0148uje v podnikoch a obchodoch, ktor\u00e9 s\u00fa z\u00e1visl\u00e9 od ve\u013ek\u00e9ho po\u010dtu n\u00e1v\u0161tevn\u00edkov.<\/p><p>Existuj\u00fa aj fig\u00farky, ktor\u00e9 maj\u00fa zdvihnut\u00e9 obe labky. Maj\u00fa pril\u00e1ka\u0165 oboje naraz, peniaze aj klientelu. T\u00e1to forma je v\u0161ak menej roz\u0161\u00edren\u00e1 ne\u017e fig\u00farky s jednou zdvihnutou labkou.<\/p><p>Vyklada\u0165 sa m\u00f4\u017ee aj v\u00fd\u0161ka zdvihnutej labky. Ve\u013emi vysoko zdvihnut\u00e1 labka m\u00e1 privol\u00e1va\u0165 \u0161\u0165astie z v\u00e4\u010d\u0161ej vzdialenosti. Tieto detaily ukazuj\u00fa, \u017ee maneki-neko je premyslen\u00e9 znamenie, ktor\u00e9ho postoj sa d\u00f4kladne interpretuje.<\/p>\t\t\t\t\t\t\t\t<\/div>\n\t\t\t\t<\/div>\n\t\t\t\t\t<\/div>\n\t\t\t\t<\/div>\n\t\t<div class=\"elementor-element elementor-element-iwgs-manekineko-s5 e-flex e-con-boxed e-con e-parent\" data-id=\"iwgs-manekineko-s5\" data-element_type=\"container\" data-e-type=\"container\">\n\t\t\t\t\t<div class=\"e-con-inner\">\n\t\t\t\t<div class=\"elementor-element elementor-element-iwgs-manekineko-s5h elementor-widget elementor-widget-heading\" data-id=\"iwgs-manekineko-s5h\" data-element_type=\"widget\" data-e-type=\"widget\" data-widget_type=\"heading.default\">\n\t\t\t\t\t<h2 class=\"elementor-heading-title elementor-size-default\">Maneki-neko v obchode<\/h2>\t\t\t\t<\/div>\n\t\t<div class=\"elementor-element elementor-element-iwgs-manekineko-s5box e-con-full e-flex e-con e-parent\" data-id=\"iwgs-manekineko-s5box\" data-element_type=\"container\" data-e-type=\"container\">\n\t\t\t\t<div class=\"elementor-element elementor-element-iwgs-manekineko-s5t elementor-widget elementor-widget-text-editor\" data-id=\"iwgs-manekineko-s5t\" data-element_type=\"widget\" data-e-type=\"widget\" data-widget_type=\"text-editor.default\">\n\t\t\t\t\t\t\t\t\t<p>Ob\u013e\u00faben\u00fdm miestom pre maneki-neko je obchod. V predajniach, podnikoch a firm\u00e1ch sa m\u00e1vaj\u00faca ma\u010dka nach\u00e1dza obzvl\u00e1\u0161\u0165 \u010dasto. Tam m\u00e1 jasn\u00fa \u00falohu, a to privol\u00e1va\u0165 klientelu a \u00faspech.<\/p><p>Zvy\u010dajne sa maneki-neko umiest\u0148uje na dobre vidite\u013en\u00e9 miesto, napr\u00edklad bl\u00edzko vchodu, vo v\u00fdklade alebo pri pokladni. Odtia\u013e m\u00e1va okoloid\u00facim a ako by ich poz\u00fdvala vst\u00fapi\u0165 do obchodu.<\/p><p>Toto spojenie s obchodom je pre maneki-neko charakteristick\u00e9. Nie je v prvom rade ochranou domu ani osoby, ale talizmanom pre \u0161\u0165astie v obchodnom \u017eivote. Jej \u00falohou je prospero\u00advanie podnikania a obchodu.<\/p><p>Na tomto sa ukazuje, \u017ee znamenia \u0161\u0165astia a ochrany sa m\u00f4\u017eu vz\u0165ahova\u0165 na ve\u013emi odli\u0161n\u00e9 oblasti \u017eivota. Niektor\u00e9 chr\u00e1nia pri naroden\u00ed, in\u00e9 pri cestovan\u00ed, \u010fal\u0161ie chr\u00e1nia dom. Maneki-neko je zameran\u00e1 na oblas\u0165 obchodu a hospod\u00e1rskeho zabezpe\u010denia.<\/p><p>Maneki-neko sa umiest\u0148uje aj v s\u00fakromn\u00fdch dom\u00e1cnostiach, tam \u010dasto ako v\u0161eobecn\u00fd symbol \u0161\u0165astia pre rodinu. \u0164a\u017eisko jej v\u00fdznamu v\u0161ak le\u017e\u00ed v obchodnej oblasti. Tam je m\u00e1vaj\u00faca ma\u010dka takmer samozrejm\u00fdm sprievodcom.<\/p>\t\t\t\t\t\t\t\t<\/div>\n\t\t\t\t<\/div>\n\t\t\t\t\t<\/div>\n\t\t\t\t<\/div>\n\t\t<div class=\"elementor-element elementor-element-iwgs-manekineko-s6 e-flex e-con-boxed e-con e-parent\" data-id=\"iwgs-manekineko-s6\" data-element_type=\"container\" data-e-type=\"container\">\n\t\t\t\t\t<div class=\"e-con-inner\">\n\t\t\t\t<div class=\"elementor-element elementor-element-iwgs-manekineko-s6h elementor-widget elementor-widget-heading\" data-id=\"iwgs-manekineko-s6h\" data-element_type=\"widget\" data-e-type=\"widget\" data-widget_type=\"heading.default\">\n\t\t\t\t\t<h2 class=\"elementor-heading-title elementor-size-default\">Talizman \u0161\u0165astia a ochrana<\/h2>\t\t\t\t<\/div>\n\t\t<div class=\"elementor-element elementor-element-iwgs-manekineko-s6box e-con-full e-flex e-con e-parent\" data-id=\"iwgs-manekineko-s6box\" data-element_type=\"container\" data-e-type=\"container\">\n\t\t\t\t<div class=\"elementor-element elementor-element-iwgs-manekineko-s6t elementor-widget elementor-widget-text-editor\" data-id=\"iwgs-manekineko-s6t\" data-element_type=\"widget\" data-e-type=\"widget\" data-widget_type=\"text-editor.default\">\n\t\t\t\t\t\t\t\t\t<p>Maneki-neko je predov\u0161etk\u00fdm talizmanom \u0161\u0165astia, m\u00e1 v\u0161ak aj ochrann\u00fd rozmer. Ten sa prejavuje najm\u00e4 na \u010diernych fig\u00farkach. \u010cierna maneki-neko nie je ur\u010den\u00e1 na blahobyt, ale na odvr\u00e1tenie ne\u0161\u0165astia.<\/p><p>\u010ciernej maneki-neko sa pripisuje schopnos\u0165 odvraca\u0165 zl\u00e9 vplyvy a ne\u0161\u0165astie. Patr\u00ed tak medzi odvracaj\u00face ochrann\u00e9 znamenia, zatia\u013e \u010do biele a zlat\u00e9 fig\u00farky sl\u00fa\u017eia na privol\u00e1vanie \u0161\u0165astia. Ochrann\u00fd v\u00fdznam sa sp\u00e1ja pr\u00e1ve s \u010diernou farbou.<\/p><p>Toto rozdelenie je zauj\u00edmav\u00e9. Ukazuje, \u017ee jedna a t\u00e1 ist\u00e1 fig\u00farka m\u00f4\u017ee by\u0165 pod\u013ea farby ch\u00e1pan\u00e1 bu\u010f ako privol\u00e1vaj\u00faci talizman \u0161\u0165astia, alebo ako odvracaj\u00face ochrann\u00e9 znamenie. Maneki-neko tak zah\u0155\u0148a oba z\u00e1kladn\u00e9 smery ochrannej trad\u00edcie.<\/p><p>Aj bez oh\u013eadu na farbu m\u00e1 maneki-neko ochrann\u00fd z\u00e1kladn\u00fd rys. Fig\u00farka, ktor\u00e1 privol\u00e1va dobro a napl\u0148uje dom \u0161\u0165ast\u00edm, pon\u00faka menej priestoru pre ne\u0161\u0165astie. Privol\u00e1vanie dobra a odvr\u00e1tenie zla sa tak vz\u00e1jomne prepletaj\u00fa.<\/p><p>Maneki-neko je tak nielen vesel\u00fdm talizmanom \u0161\u0165astia, ale aj znamen\u00edm s ochrann\u00fdmi rysmi. Najm\u00e4 \u010dierna maneki-neko d\u00e1va jasne najavo, \u017ee m\u00e1vaj\u00faca ma\u010dka patr\u00ed do cel\u00e9ho sveta ochrann\u00fdch a \u0161\u0165astie prin\u00e1\u0161aj\u00facich znamen\u00ed.<\/p>\t\t\t\t\t\t\t\t<\/div>\n\t\t\t\t<\/div>\n\t\t\t\t\t<\/div>\n\t\t\t\t<\/div>\n\t\t<div class=\"elementor-element elementor-element-iwgs-manekineko-s7 e-flex e-con-boxed e-con e-parent\" data-id=\"iwgs-manekineko-s7\" data-element_type=\"container\" data-e-type=\"container\">\n\t\t\t\t\t<div class=\"e-con-inner\">\n\t\t\t\t<div class=\"elementor-element elementor-element-iwgs-manekineko-s7h elementor-widget elementor-widget-heading\" data-id=\"iwgs-manekineko-s7h\" data-element_type=\"widget\" data-e-type=\"widget\" data-widget_type=\"heading.default\">\n\t\t\t\t\t<h2 class=\"elementor-heading-title elementor-size-default\">Japonsk\u00fd, nie \u010d\u00ednsky p\u00f4vod<\/h2>\t\t\t\t<\/div>\n\t\t<div class=\"elementor-element elementor-element-iwgs-manekineko-s7box e-con-full e-flex e-con e-parent\" data-id=\"iwgs-manekineko-s7box\" data-element_type=\"container\" data-e-type=\"container\">\n\t\t\t\t<div class=\"elementor-element elementor-element-iwgs-manekineko-s7t elementor-widget elementor-widget-text-editor\" data-id=\"iwgs-manekineko-s7t\" data-element_type=\"widget\" data-e-type=\"widget\" data-widget_type=\"text-editor.default\">\n\t\t\t\t\t\t\t\t\t<p>Roz\u0161\u00edren\u00e1 z\u00e1mena sa t\u00fdka p\u00f4vodu maneki-neko. Ve\u013emi \u010dasto sa m\u00e1vaj\u00faca ma\u010dka pova\u017euje za \u010d\u00ednske znamenie. Toto zaradenie nie je spr\u00e1vne. Maneki-neko poch\u00e1dza z Japonska.<\/p><p>Z\u00e1mena m\u00e1 viacero d\u00f4vodov. Maneki-neko je ve\u013emi roz\u0161\u00edren\u00e1 aj v obchodoch s \u010d\u00ednskym charakterom a v \u010d\u00ednskych \u0161tvrtiach mnoh\u00fdch miest. Kto ju tam vid\u00ed, \u013eahko ju prirad\u00ed k \u010d\u00ednskej kult\u00fare.<\/p><p>K tomu prispieva aj skuto\u010dnos\u0165, \u017ee m\u00e1vaj\u00face gesto a \u017eelanie \u0161\u0165astia dobre zapadaj\u00fa do v\u0161eobecn\u00fdch v\u00fdchodo\u00e1zijsk\u00fdch predst\u00e1v. Fig\u00farka tak na mnoh\u00fdch pozorovate\u013eov nep\u00f4sob\u00ed jednozna\u010dne priraden\u00e1 k jedinej kult\u00fare. V skuto\u010dnosti v\u0161ak jej p\u00f4vod le\u017e\u00ed v japonskom obdob\u00ed Edo.<\/p><p>Toto vyjasnenie nie je ved\u013eaj\u0161\u00ed detail. Patr\u00ed k presn\u00e9mu opisu. Ochrann\u00e9 a \u0161\u0165astie prin\u00e1\u0161aj\u00face znamenia sa vo v\u0161eobecnom povedom\u00ed \u010dasto prira\u010fuj\u00fa k nespr\u00e1vnym kult\u00faram, a maneki-neko je toho \u010dast\u00fdm pr\u00edkladom.<\/p><p>Treba si teda zapam\u00e4ta\u0165, \u017ee maneki-neko je japonsk\u00e9 znamenie. Jej roz\u0161\u00edrenie v \u010d\u00ednsky ovplyvnenej oblasti a mimo nej ni\u010d nemen\u00ed na jej japonskom p\u00f4vode. Toto rozl\u00ed\u0161enie patr\u00ed ku spr\u00e1vnemu zaobch\u00e1dzaniu so znamen\u00edm.<\/p>\t\t\t\t\t\t\t\t<\/div>\n\t\t\t\t<\/div>\n\t\t\t\t\t<\/div>\n\t\t\t\t<\/div>\n\t\t<div class=\"elementor-element elementor-element-iwgs-manekineko-s8 e-flex e-con-boxed e-con e-parent\" data-id=\"iwgs-manekineko-s8\" data-element_type=\"container\" data-e-type=\"container\">\n\t\t\t\t\t<div class=\"e-con-inner\">\n\t\t\t\t<div class=\"elementor-element elementor-element-iwgs-manekineko-s8h elementor-widget elementor-widget-heading\" data-id=\"iwgs-manekineko-s8h\" data-element_type=\"widget\" data-e-type=\"widget\" data-widget_type=\"heading.default\">\n\t\t\t\t\t<h2 class=\"elementor-heading-title elementor-size-default\">S\u00fa\u010dasn\u00e1 recepcia<\/h2>\t\t\t\t<\/div>\n\t\t<div class=\"elementor-element elementor-element-iwgs-manekineko-s8box e-con-full e-flex e-con e-parent\" data-id=\"iwgs-manekineko-s8box\" data-element_type=\"container\" data-e-type=\"container\">\n\t\t\t\t<div class=\"elementor-element elementor-element-iwgs-manekineko-s8t elementor-widget elementor-widget-text-editor\" data-id=\"iwgs-manekineko-s8t\" data-element_type=\"widget\" data-e-type=\"widget\" data-widget_type=\"text-editor.default\">\n\t\t\t\t\t\t\t\t\t<p>Maneki-neko je dnes zn\u00e1ma po celom svete. Ako fig\u00farka v obchodoch, ako hra\u010dka a ako <span class=\"iwg-fachbegriff\" data-tooltip=\"Opakuj\u00faci sa obsahov\u00fd prvok v umen\u00ed alebo rozpr\u00e1van\u00ed.\" tabindex=\"0\">mot\u00edv<\/span> vo v\u00fdtvarnom spracovan\u00ed je roz\u0161\u00edren\u00e1 \u010faleko za hranicami Japonska. Patr\u00ed medzi najzn\u00e1mej\u0161ie talizmany \u0161\u0165astia v\u00f4bec.<\/p><p>V samotnom Japonsku je maneki-neko st\u00e1le \u017eiv\u00e1. Patr\u00ed k d\u00f4verne zn\u00e1memu obrazu obchodov a podnikov. Existuj\u00fa dokonca miesta a <span class=\"iwg-fachbegriff\" data-tooltip=\"Stavba sl\u00fa\u017eiaca na uctievanie jedn\u00e9ho alebo viacer\u00fdch bo\u017estiev.\" tabindex=\"0\">chr\u00e1my<\/span>, ktor\u00e9 s\u00fa s m\u00e1vaj\u00facou ma\u010dkou \u00fazko spojen\u00e9 a kde sa jej vzd\u00e1va mimoriadna \u00facta.<\/p><p>S celosvetov\u00fdm roz\u0161\u00edren\u00edm s\u00favis\u00ed posun v\u00fdznamu. Maneki-neko je \u010dasto vn\u00edman\u00e1 len ako vesel\u00e1, dekorat\u00edvna fig\u00farka. Presn\u00fd v\u00fdznam labiek a farieb potom u\u017e nie je zn\u00e1my.<\/p><p>Z\u00e1kladn\u00e1 my\u0161lienka sa v\u0161ak zachov\u00e1va. Maneki-neko je a zost\u00e1va znamen\u00edm, ktor\u00e9 privol\u00e1va \u0161\u0165astie. Aj ten, kto nepozn\u00e1 detaily, ch\u00e1pe poz\u00fdvaj\u00face, m\u00e1vaj\u00face gesto ma\u010dky.<\/p><p>Maneki-neko je tak dobr\u00fdm pr\u00edkladom talizmanu \u0161\u0165astia, ktor\u00fd daleko prekro\u010dil hranice svojej p\u00f4vodnej kult\u00fary. Z japonsk\u00e9ho znamenia z doby Edo sa stala fig\u00farka, ktor\u00e1 je doma v obchodoch po celom svete.<\/p>\t\t\t\t\t\t\t\t<\/div>\n\t\t\t\t<\/div>\n\t\t\t\t\t<\/div>\n\t\t\t\t<\/div>\n\t\t<div class=\"elementor-element elementor-element-iwgs-manekineko-lit e-flex e-con-boxed e-con e-parent\" data-id=\"iwgs-manekineko-lit\" data-element_type=\"container\" data-e-type=\"container\">\n\t\t\t\t\t<div class=\"e-con-inner\">\n\t\t\t\t<div class=\"elementor-element elementor-element-iwgs-manekineko-lith elementor-widget elementor-widget-heading\" data-id=\"iwgs-manekineko-lith\" data-element_type=\"widget\" data-e-type=\"widget\" data-widget_type=\"heading.default\">\n\t\t\t\t\t<h2 class=\"elementor-heading-title elementor-size-default\">Literat\u00fara (v\u00fdber)<\/h2>\t\t\t\t<\/div>\n\t\t<div class=\"elementor-element elementor-element-iwgs-manekineko-litbox e-con-full e-flex e-con e-parent\" data-id=\"iwgs-manekineko-litbox\" data-element_type=\"container\" data-e-type=\"container\">\n\t\t\t\t<div class=\"elementor-element elementor-element-iwgs-manekineko-litt elementor-widget elementor-widget-html\" data-id=\"iwgs-manekineko-litt\" data-element_type=\"widget\" data-e-type=\"widget\" data-widget_type=\"html.default\">\n\t\t\t\t\t<footer data-nosnippet=\"true\"><ul><li>U. A. Casal: <em>The Goblin Fox and Badger and Other Witch Animals of Japan<\/em> (1959)<\/li><li>Nelly Naumann: <em>Die einheimische Religion Japans<\/em> (1988)<\/li><li>Ian Reader: <em>Religion in Contemporary Japan<\/em> (1991)<\/li><li>Manami Okazaki: <em>Maneki Neko. Japan's Beckoning Cats<\/em> (2019)<\/li><li>Lafcadio Hearn: <em>Glimpses of Unfamiliar Japan<\/em> (1894)<\/li><\/ul><\/footer>\t\t\t\t<\/div>\n\t\t\t\t<\/div>\n\t\t\t\t\t<\/div>\n\t\t\t\t<\/div>\n\t\t<div class=\"elementor-element elementor-element-iwgs-manekineko-kwd e-flex e-con-boxed e-con e-parent\" data-id=\"iwgs-manekineko-kwd\" data-element_type=\"container\" data-e-type=\"container\">\n\t\t\t\t\t<div class=\"e-con-inner\">\n\t\t\t\t<div class=\"elementor-element elementor-element-iwgs-manekineko-kwdt elementor-widget elementor-widget-text-editor\" data-id=\"iwgs-manekineko-kwdt\" data-element_type=\"widget\" data-e-type=\"widget\" data-widget_type=\"text-editor.default\">\n\t\t\t\t\t\t\t\t\t<p><em>S\u00favisiace k\u013e\u00fa\u010dov\u00e9 pojmy: maneki-neko m\u00e1vaj\u00faca ma\u010dka talizman \u0161\u0165astia Japonsko obdobie Edo labka ma\u010dka \u0161\u0165astia obchod.<\/em><\/p>\t\t\t\t\t\t\t\t<\/div>\n\t\t\t\t\t<\/div>\n\t\t\t\t<\/div>\n\t\t<div class=\"elementor-element elementor-element-iwgs-manekineko-cc e-flex e-con-boxed e-con e-parent\" data-id=\"iwgs-manekineko-cc\" data-element_type=\"container\" data-e-type=\"container\" id=\"iwg-cc-maneki-neko\">\n\t\t\t\t\t<div class=\"e-con-inner\">\n\t\t<div class=\"elementor-element elementor-element-iwgs-manekineko-ccinner e-flex e-con-boxed e-con e-parent\" data-id=\"iwgs-manekineko-ccinner\" data-element_type=\"container\" data-e-type=\"container\" data-settings=\"{&quot;background_background&quot;:&quot;classic&quot;}\">\n\t\t\t\t\t<div class=\"e-con-inner\">\n\t\t\t\t<div class=\"elementor-element elementor-element-iwgs-manekineko-cch elementor-widget elementor-widget-heading\" data-id=\"iwgs-manekineko-cch\" data-element_type=\"widget\" data-e-type=\"widget\" data-widget_type=\"heading.default\">\n\t\t\t\t\t<h2 class=\"elementor-heading-title elementor-size-default\">iWell Guard a ochrann\u00e9 trad\u00edcie<\/h2>\t\t\t\t<\/div>\n\t\t\t\t<div class=\"elementor-element elementor-element-iwgs-manekineko-cct elementor-widget elementor-widget-text-editor\" data-id=\"iwgs-manekineko-cct\" data-element_type=\"widget\" data-e-type=\"widget\" data-widget_type=\"text-editor.default\">\n\t\t\t\t\t\t\t\t\t<p>iWell Guard sa zara\u010fuje do kult\u00farno-historickej l\u00ednie nosite\u013en\u00fdch ochrann\u00fdch predmetov, ku ktorej patr\u00ed aj Maneki-neko. Modern\u00fd spolo\u010dn\u00edk pre \u013eud\u00ed, ktor\u00ed \u017eij\u00fa s ochrann\u00fdmi symbolmi: vyroben\u00fd v Nemecku, 41 vrstiev z prav\u00e9ho zlata, platiny a striebra, s 30-d\u0148ovou lehotou na vr\u00e1tenie.<\/p>\t\t\t\t\t\t\t\t<\/div>\n\t\t\t\t<div class=\"elementor-element elementor-element-iwgs-manekineko-ccb iwg-cc-button iwg-cc-cta-2026-05-13 elementor-widget elementor-widget-jet-button\" data-id=\"iwgs-manekineko-ccb\" data-element_type=\"widget\" data-e-type=\"widget\" data-widget_type=\"jet-button.default\">\n\t\t\t\t<div class=\"elementor-widget-container\">\n\t\t\t\t\t<div class=\"elementor-jet-button jet-elements\"><div class=\"jet-button__container\"><a class=\"jet-button__instance jet-button__instance--icon-left hover-effect-1\" href=\"\/schutzanhaenger-iwell-guard-kaufen\/?utm_source=iwell-guard.com&amp;utm_medium=info-box&amp;utm_campaign=schutzsymbole\"><div class=\"jet-button__plane jet-button__plane-normal\"><\/div><div class=\"jet-button__plane jet-button__plane-hover\"><\/div><div class=\"jet-button__state jet-button__state-normal\"><span class=\"jet-button__label\">Viac o iWell Guard<\/span><\/div><div class=\"jet-button__state jet-button__state-hover\"><span class=\"jet-button__label\">Viac o iWell Guard<\/span><\/div><\/a><\/div><\/div><style>.elementor-element.elementor-element-iwgs-manekineko-ccb .jet-button__instance{width:320px;height:56px;}.elementor-element.elementor-element-iwgs-manekineko-ccb .jet-button__state-normal .jet-button__label{text-align:center;margin:0px 0px 0px 0px;color:#1a1b20;font-family:Montserrat,sans-serif;font-size:13px;font-weight:400;letter-spacing:4px;line-height:1.714em;text-transform:uppercase;}.elementor-element.elementor-element-iwgs-manekineko-ccb .jet-button__state-hover .jet-button__label{text-align:center;margin:0px 0px 0px 0px;color:#FECC76;font-family:Montserrat,sans-serif;font-size:13px;font-weight:400;letter-spacing:4px;line-height:1.714em;text-transform:uppercase;}.elementor-element.elementor-element-iwgs-manekineko-ccb .jet-button__plane-normal{background-color:#FECC76;border-style:solid;border-color:#C99540;border-width:2px 2px 2px 2px;}.elementor-element.elementor-element-iwgs-manekineko-ccb .jet-button__plane-hover{background-color:rgba(0,0,0,0.55);border-style:solid;border-color:#FECC76;border-width:2px 2px 2px 2px;}<\/style>\t\t\t\t<\/div>\n\t\t\t\t<\/div>\n\t\t\t\t<div class=\"elementor-element elementor-element-iwgs-manekineko-ccd elementor-widget elementor-widget-text-editor\" data-id=\"iwgs-manekineko-ccd\" data-element_type=\"widget\" data-e-type=\"widget\" data-widget_type=\"text-editor.default\">\n\t\t\t\t\t\t\t\t\t<p style=\"text-align:center;font-size:13px;opacity:0.7;margin-top:14px\" data-nosnippet=\"true\">Osobn\u00e9 sk\u00fasenosti sa m\u00f4\u017eu l\u00ed\u0161i\u0165. Nejde o zdravotn\u00edcku pom\u00f4cku. Nejde o pr\u00eds\u013eub lie\u010denia.<\/p>\t\t\t\t\t\t\t\t<\/div>\n\t\t\t\t\t<\/div>\n\t\t\t\t<\/div>\n\t\t\t\t\t<\/div>\n\t\t\t\t<\/div>\n\t\t<div class=\"elementor-element elementor-element-iwgs-manekineko-disc e-flex e-con-boxed e-con e-parent\" data-id=\"iwgs-manekineko-disc\" data-element_type=\"container\" data-e-type=\"container\">\n\t\t\t\t\t<div class=\"e-con-inner\">\n\t\t\t\t<div class=\"elementor-element elementor-element-iwgs-manekineko-discw elementor-widget elementor-widget-html\" data-id=\"iwgs-manekineko-discw\" data-element_type=\"widget\" data-e-type=\"widget\" data-widget_type=\"html.default\">\n\t\t\t\t\t<footer data-nosnippet=\"true\" class=\"iwg-disclaimer-block\"><p data-nosnippet=\"true\">iWell Guard <strong>nie je zdravotn\u00edcka pom\u00f4cka<\/strong> a nenahr\u00e1dza lek\u00e1rske ani psychoterapeutick\u00e9 lie\u010denie. Tu uveden\u00fd obsah predstavuje religionistick\u00e9 a kult\u00farno-historick\u00e9 zaradenie, nie pr\u00eds\u013eub duchovn\u00e9ho \u00fa\u010dinku.<\/p><\/footer>\t\t\t\t<\/div>\n\t\t\t\t\t<\/div>\n\t\t\t\t<\/div>\n\t\t\t\t<\/div>\n\t\t","protected":false},"excerpt":{"rendered":"","protected":false},"author":3,"featured_media":3541,"parent":0,"menu_order":0,"comment_status":"closed","ping_status":"closed","template":"elementor_header_footer","meta":{"_yoast_wpseo_focuskw":"Maneki-neko","_yoast_wpseo_title":"Maneki-neko \u2013 japonsk\u00e1 \u0161\u0165astn\u00e1 ma\u010dka","_yoast_wpseo_metadesc":"Maneki-neko, m\u00e1vaj\u00faca ma\u010dka, je v Japonsku uzn\u00e1van\u00e1 ako prin\u00e1\u0161ate\u013eka \u0161\u0165astia. P\u00f4vod, gest\u00e1, farby a v\u00fdznam preh\u013eadne vysvetlen\u00e9.","_yoast_wpseo_meta-robots-noindex":"","_yoast_wpseo_canonical":"","_angie_page":false,"gefaehrdungsstufe":"","wesen_kultur":"","wesen_klasse":"","footnotes":""},"categories":[],"class_list":["post-158140","page","type-page","status-publish","has-post-thumbnail","hentry"],"yoast_head":"<!-- This site is optimized with the Yoast SEO Premium plugin v27.7 (Yoast SEO v28.3) - https:\/\/yoast.com\/product\/yoast-seo-premium-wordpress\/ -->\n<title>Maneki-neko \u2013 japonsk\u00e1 \u0161\u0165astn\u00e1 ma\u010dka<\/title>\n<meta name=\"description\" content=\"Maneki-neko, m\u00e1vaj\u00faca ma\u010dka, je v Japonsku uzn\u00e1van\u00e1 ako prin\u00e1\u0161ate\u013eka \u0161\u0165astia. P\u00f4vod, gest\u00e1, farby a v\u00fdznam preh\u013eadne vysvetlen\u00e9.\" \/>\n<meta name=\"robots\" content=\"index, follow, max-snippet:-1, max-image-preview:large, max-video-preview:-1\" \/>\n<link rel=\"canonical\" href=\"https:\/\/iwell-guard.com\/sk\/maneki-neko-mavajuca-stastna-macka\/\" \/>\n<meta property=\"og:locale\" content=\"sk_SK\" \/>\n<meta property=\"og:type\" content=\"article\" \/>\n<meta property=\"og:title\" content=\"Maneki-neko \u2013 japonsk\u00e1 m\u00e1vaj\u00faca \u0161\u0165astn\u00e1 ma\u010dka\" \/>\n<meta property=\"og:description\" content=\"Maneki-neko, m\u00e1vaj\u00faca ma\u010dka, je v Japonsku uzn\u00e1van\u00e1 ako prin\u00e1\u0161ate\u013eka \u0161\u0165astia. P\u00f4vod, gest\u00e1, farby a v\u00fdznam preh\u013eadne vysvetlen\u00e9.\" \/>\n<meta property=\"og:url\" content=\"https:\/\/iwell-guard.com\/sk\/maneki-neko-mavajuca-stastna-macka\/\" \/>\n<meta property=\"og:site_name\" content=\"iWell Guard\" \/>\n<meta property=\"article:modified_time\" content=\"2026-09-04T22:52:21+00:00\" \/>\n<meta property=\"og:image\" content=\"https:\/\/iwell-guard.com\/wp-content\/uploads\/2026\/05\/schutzsymbol_japan_maneki-neko.webp\" \/>\n\t<meta property=\"og:image:width\" content=\"1024\" \/>\n\t<meta property=\"og:image:height\" content=\"1536\" \/>\n\t<meta property=\"og:image:type\" content=\"image\/webp\" \/>\n<meta name=\"twitter:card\" content=\"summary_large_image\" \/>\n<script type=\"application\/ld+json\" class=\"yoast-schema-graph\">{\"@context\":\"https:\\\/\\\/schema.org\",\"@graph\":[{\"@type\":\"WebPage\",\"@id\":\"https:\\\/\\\/iwell-guard.com\\\/sk\\\/maneki-neko-mavajuca-stastna-macka\\\/\",\"url\":\"https:\\\/\\\/iwell-guard.com\\\/sk\\\/maneki-neko-mavajuca-stastna-macka\\\/\",\"name\":\"Maneki-neko \u2013 japonsk\u00e1 \u0161\u0165astn\u00e1 ma\u010dka\",\"isPartOf\":{\"@id\":\"https:\\\/\\\/iwell-guard.com\\\/sk\\\/#website\"},\"primaryImageOfPage\":{\"@id\":\"https:\\\/\\\/iwell-guard.com\\\/sk\\\/maneki-neko-mavajuca-stastna-macka\\\/#primaryimage\"},\"image\":{\"@id\":\"https:\\\/\\\/iwell-guard.com\\\/sk\\\/maneki-neko-mavajuca-stastna-macka\\\/#primaryimage\"},\"thumbnailUrl\":\"https:\\\/\\\/iwell-guard.com\\\/wp-content\\\/uploads\\\/2026\\\/05\\\/schutzsymbol_japan_maneki-neko.webp\",\"datePublished\":\"2026-09-04T22:22:40+00:00\",\"dateModified\":\"2026-09-04T22:52:21+00:00\",\"description\":\"Maneki-neko, m\u00e1vaj\u00faca ma\u010dka, je v Japonsku uzn\u00e1van\u00e1 ako prin\u00e1\u0161ate\u013eka \u0161\u0165astia. P\u00f4vod, gest\u00e1, farby a v\u00fdznam preh\u013eadne vysvetlen\u00e9.\",\"breadcrumb\":{\"@id\":\"https:\\\/\\\/iwell-guard.com\\\/sk\\\/maneki-neko-mavajuca-stastna-macka\\\/#breadcrumb\"},\"inLanguage\":\"sk-SK\",\"potentialAction\":[{\"@type\":\"ReadAction\",\"target\":[\"https:\\\/\\\/iwell-guard.com\\\/sk\\\/maneki-neko-mavajuca-stastna-macka\\\/\"]}]},{\"@type\":\"ImageObject\",\"inLanguage\":\"sk-SK\",\"@id\":\"https:\\\/\\\/iwell-guard.com\\\/sk\\\/maneki-neko-mavajuca-stastna-macka\\\/#primaryimage\",\"url\":\"https:\\\/\\\/iwell-guard.com\\\/wp-content\\\/uploads\\\/2026\\\/05\\\/schutzsymbol_japan_maneki-neko.webp\",\"contentUrl\":\"https:\\\/\\\/iwell-guard.com\\\/wp-content\\\/uploads\\\/2026\\\/05\\\/schutzsymbol_japan_maneki-neko.webp\",\"width\":1024,\"height\":1536,\"caption\":\"Ochrann\u00fd symbol. Muze\u00e1lna ilustr\u00e1cia z\u00e1ti\u0161ia.\"},{\"@type\":\"BreadcrumbList\",\"@id\":\"https:\\\/\\\/iwell-guard.com\\\/sk\\\/maneki-neko-mavajuca-stastna-macka\\\/#breadcrumb\",\"itemListElement\":[{\"@type\":\"ListItem\",\"position\":1,\"name\":\"Start\",\"item\":\"https:\\\/\\\/iwell-guard.com\\\/sk\\\/?page_id=157572\"},{\"@type\":\"ListItem\",\"position\":2,\"name\":\"Maneki-neko \u2013 japonsk\u00e1 m\u00e1vaj\u00faca \u0161\u0165astn\u00e1 ma\u010dka\"}]},{\"@type\":\"WebSite\",\"@id\":\"https:\\\/\\\/iwell-guard.com\\\/sk\\\/#website\",\"url\":\"https:\\\/\\\/iwell-guard.com\\\/sk\\\/\",\"name\":\"iWell Guard\",\"description\":\"Schutz vor dunklen Einfl\u00fcssen\",\"publisher\":{\"@id\":\"https:\\\/\\\/iwell-guard.com\\\/sk\\\/#organization\"},\"potentialAction\":[{\"@type\":\"SearchAction\",\"target\":{\"@type\":\"EntryPoint\",\"urlTemplate\":\"https:\\\/\\\/iwell-guard.com\\\/sk\\\/?s={search_term_string}\"},\"query-input\":{\"@type\":\"PropertyValueSpecification\",\"valueRequired\":true,\"valueName\":\"search_term_string\"}}],\"inLanguage\":\"sk-SK\"},{\"@type\":\"Organization\",\"@id\":\"https:\\\/\\\/iwell-guard.com\\\/sk\\\/#organization\",\"name\":\"Ittermann electronic GmbH\",\"url\":\"https:\\\/\\\/iwell-guard.com\\\/sk\\\/\",\"logo\":{\"@type\":\"ImageObject\",\"inLanguage\":\"sk-SK\",\"@id\":\"https:\\\/\\\/iwell-guard.com\\\/sk\\\/#\\\/schema\\\/logo\\\/image\\\/\",\"url\":\"https:\\\/\\\/iwell-guard.com\\\/wp-content\\\/uploads\\\/2026\\\/05\\\/Ittermann-Logo-1182x237-1.png\",\"contentUrl\":\"https:\\\/\\\/iwell-guard.com\\\/wp-content\\\/uploads\\\/2026\\\/05\\\/Ittermann-Logo-1182x237-1.png\",\"width\":1182,\"height\":237,\"caption\":\"Ittermann electronic GmbH\"},\"image\":{\"@id\":\"https:\\\/\\\/iwell-guard.com\\\/sk\\\/#\\\/schema\\\/logo\\\/image\\\/\"},\"sameAs\":[\"https:\\\/\\\/pantip.com\\\/profile\\\/9367242\",\"https:\\\/\\\/micro.blog\\\/iwellguard\",\"https:\\\/\\\/www.diggerslist.com\\\/iwellguard\\\/about\",\"https:\\\/\\\/skitterphoto.com\\\/photographers\\\/2870314\\\/iwell-guard\",\"https:\\\/\\\/iwellguard.wordpress.com\\\/2026\\\/06\\\/06\\\/iwell-guard\\\/\",\"https:\\\/\\\/hub.docker.com\\\/u\\\/iwellguard\",\"https:\\\/\\\/www.pinterest.com\\\/iwellguard\\\/\",\"https:\\\/\\\/bit.ly\\\/m\\\/iwellguard\",\"https:\\\/\\\/entre-vos-mains.alsace.eu\\\/profiles\\\/iwellguard\\\/activity\",\"https:\\\/\\\/gravatar.com\\\/reallybeded8fd34\",\"https:\\\/\\\/naijamatta.com\\\/iwellguard\",\"https:\\\/\\\/www.goodreads.com\\\/iwellguard\",\"https:\\\/\\\/profile.hatena.ne.jp\\\/iwellguard\\\/\",\"https:\\\/\\\/experiment.com\\\/users\\\/iwellguard\",\"https:\\\/\\\/wakelet.com\\\/@iWellGuard82270\",\"https:\\\/\\\/www.chordie.com\\\/forum\\\/profile.php?id=2555664\",\"https:\\\/\\\/www.instapaper.com\\\/p\\\/17757966\",\"https:\\\/\\\/www.mapleprimes.com\\\/users\\\/iwellguard\",\"https:\\\/\\\/businesslistingplus.com\\\/profile\\\/iwell-guard\\\/\",\"https:\\\/\\\/telegra.ph\\\/iWell-Guard-06-06\",\"https:\\\/\\\/pbase.com\\\/iwellguard\\\/iwellguard\",\"https:\\\/\\\/b.hatena.ne.jp\\\/iwellguard\\\/20260607#bookmark-4788405196491818882\",\"https:\\\/\\\/fliphtml5.com\\\/home\\\/iwellguard\",\"https:\\\/\\\/anyflip.com\\\/homepage\\\/cmiwl#About\",\"https:\\\/\\\/transfur.com\\\/Users\\\/iwellguard\",\"http:\\\/\\\/delphi.larsbo.org\\\/user\\\/iwellguard\",\"https:\\\/\\\/jobs.lajobsportal.org\\\/profiles\\\/8380803-iwell-guard\",\"https:\\\/\\\/md.chaosdorf.de\\\/s\\\/jfbe5SBdJD\",\"https:\\\/\\\/www.lingvolive.com\\\/en-us\\\/profile\\\/9ecaeaca-ce11-4e51-9e71-01d55e2bff36\\\/translations\",\"https:\\\/\\\/www.fitday.com\\\/fitness\\\/forums\\\/members\\\/iwellguard.html\",\"https:\\\/\\\/www.mymeetbook.com\\\/iwellguard\",\"https:\\\/\\\/pxhere.com\\\/en\\\/photographer-me\\\/5040798\",\"https:\\\/\\\/disqus.com\\\/by\\\/iwellguard\\\/about\\\/\",\"https:\\\/\\\/pastelink.net\\\/hjwciqwq\",\"https:\\\/\\\/pubhtml5.com\\\/homepage\\\/scjhn\\\/\",\"https:\\\/\\\/www.bitchute.com\\\/channel\\\/2O2eOKzNqujT\",\"https:\\\/\\\/audiomack.com\\\/iwellguard\"]}]}<\/script>\n<!-- \/ Yoast SEO Premium plugin. -->","yoast_head_json":{"title":"Maneki-neko \u2013 japonsk\u00e1 \u0161\u0165astn\u00e1 ma\u010dka","description":"Maneki-neko, m\u00e1vaj\u00faca ma\u010dka, je v Japonsku uzn\u00e1van\u00e1 ako prin\u00e1\u0161ate\u013eka \u0161\u0165astia. P\u00f4vod, gest\u00e1, farby a v\u00fdznam preh\u013eadne vysvetlen\u00e9.","robots":{"index":"index","follow":"follow","max-snippet":"max-snippet:-1","max-image-preview":"max-image-preview:large","max-video-preview":"max-video-preview:-1"},"canonical":"https:\/\/iwell-guard.com\/sk\/maneki-neko-mavajuca-stastna-macka\/","og_locale":"sk_SK","og_type":"article","og_title":"Maneki-neko \u2013 japonsk\u00e1 m\u00e1vaj\u00faca \u0161\u0165astn\u00e1 ma\u010dka","og_description":"Maneki-neko, m\u00e1vaj\u00faca ma\u010dka, je v Japonsku uzn\u00e1van\u00e1 ako prin\u00e1\u0161ate\u013eka \u0161\u0165astia. P\u00f4vod, gest\u00e1, farby a v\u00fdznam preh\u013eadne vysvetlen\u00e9.","og_url":"https:\/\/iwell-guard.com\/sk\/maneki-neko-mavajuca-stastna-macka\/","og_site_name":"iWell Guard","article_modified_time":"2026-09-04T22:52:21+00:00","og_image":[{"width":1024,"height":1536,"url":"https:\/\/iwell-guard.com\/wp-content\/uploads\/2026\/05\/schutzsymbol_japan_maneki-neko.webp","type":"image\/webp"}],"twitter_card":"summary_large_image","schema":{"@context":"https:\/\/schema.org","@graph":[{"@type":"WebPage","@id":"https:\/\/iwell-guard.com\/sk\/maneki-neko-mavajuca-stastna-macka\/","url":"https:\/\/iwell-guard.com\/sk\/maneki-neko-mavajuca-stastna-macka\/","name":"Maneki-neko \u2013 japonsk\u00e1 \u0161\u0165astn\u00e1 ma\u010dka","isPartOf":{"@id":"https:\/\/iwell-guard.com\/sk\/#website"},"primaryImageOfPage":{"@id":"https:\/\/iwell-guard.com\/sk\/maneki-neko-mavajuca-stastna-macka\/#primaryimage"},"image":{"@id":"https:\/\/iwell-guard.com\/sk\/maneki-neko-mavajuca-stastna-macka\/#primaryimage"},"thumbnailUrl":"https:\/\/iwell-guard.com\/wp-content\/uploads\/2026\/05\/schutzsymbol_japan_maneki-neko.webp","datePublished":"2026-09-04T22:22:40+00:00","dateModified":"2026-09-04T22:52:21+00:00","description":"Maneki-neko, m\u00e1vaj\u00faca ma\u010dka, je v Japonsku uzn\u00e1van\u00e1 ako prin\u00e1\u0161ate\u013eka \u0161\u0165astia. P\u00f4vod, gest\u00e1, farby a v\u00fdznam preh\u013eadne vysvetlen\u00e9.","breadcrumb":{"@id":"https:\/\/iwell-guard.com\/sk\/maneki-neko-mavajuca-stastna-macka\/#breadcrumb"},"inLanguage":"sk-SK","potentialAction":[{"@type":"ReadAction","target":["https:\/\/iwell-guard.com\/sk\/maneki-neko-mavajuca-stastna-macka\/"]}]},{"@type":"ImageObject","inLanguage":"sk-SK","@id":"https:\/\/iwell-guard.com\/sk\/maneki-neko-mavajuca-stastna-macka\/#primaryimage","url":"https:\/\/iwell-guard.com\/wp-content\/uploads\/2026\/05\/schutzsymbol_japan_maneki-neko.webp","contentUrl":"https:\/\/iwell-guard.com\/wp-content\/uploads\/2026\/05\/schutzsymbol_japan_maneki-neko.webp","width":1024,"height":1536,"caption":"Ochrann\u00fd symbol. Muze\u00e1lna ilustr\u00e1cia z\u00e1ti\u0161ia."},{"@type":"BreadcrumbList","@id":"https:\/\/iwell-guard.com\/sk\/maneki-neko-mavajuca-stastna-macka\/#breadcrumb","itemListElement":[{"@type":"ListItem","position":1,"name":"Start","item":"https:\/\/iwell-guard.com\/sk\/?page_id=157572"},{"@type":"ListItem","position":2,"name":"Maneki-neko \u2013 japonsk\u00e1 m\u00e1vaj\u00faca \u0161\u0165astn\u00e1 ma\u010dka"}]},{"@type":"WebSite","@id":"https:\/\/iwell-guard.com\/sk\/#website","url":"https:\/\/iwell-guard.com\/sk\/","name":"iWell Guard","description":"Schutz vor dunklen Einfl\u00fcssen","publisher":{"@id":"https:\/\/iwell-guard.com\/sk\/#organization"},"potentialAction":[{"@type":"SearchAction","target":{"@type":"EntryPoint","urlTemplate":"https:\/\/iwell-guard.com\/sk\/?s={search_term_string}"},"query-input":{"@type":"PropertyValueSpecification","valueRequired":true,"valueName":"search_term_string"}}],"inLanguage":"sk-SK"},{"@type":"Organization","@id":"https:\/\/iwell-guard.com\/sk\/#organization","name":"Ittermann electronic GmbH","url":"https:\/\/iwell-guard.com\/sk\/","logo":{"@type":"ImageObject","inLanguage":"sk-SK","@id":"https:\/\/iwell-guard.com\/sk\/#\/schema\/logo\/image\/","url":"https:\/\/iwell-guard.com\/wp-content\/uploads\/2026\/05\/Ittermann-Logo-1182x237-1.png","contentUrl":"https:\/\/iwell-guard.com\/wp-content\/uploads\/2026\/05\/Ittermann-Logo-1182x237-1.png","width":1182,"height":237,"caption":"Ittermann electronic GmbH"},"image":{"@id":"https:\/\/iwell-guard.com\/sk\/#\/schema\/logo\/image\/"},"sameAs":["https:\/\/pantip.com\/profile\/9367242","https:\/\/micro.blog\/iwellguard","https:\/\/www.diggerslist.com\/iwellguard\/about","https:\/\/skitterphoto.com\/photographers\/2870314\/iwell-guard","https:\/\/iwellguard.wordpress.com\/2026\/06\/06\/iwell-guard\/","https:\/\/hub.docker.com\/u\/iwellguard","https:\/\/www.pinterest.com\/iwellguard\/","https:\/\/bit.ly\/m\/iwellguard","https:\/\/entre-vos-mains.alsace.eu\/profiles\/iwellguard\/activity","https:\/\/gravatar.com\/reallybeded8fd34","https:\/\/naijamatta.com\/iwellguard","https:\/\/www.goodreads.com\/iwellguard","https:\/\/profile.hatena.ne.jp\/iwellguard\/","https:\/\/experiment.com\/users\/iwellguard","https:\/\/wakelet.com\/@iWellGuard82270","https:\/\/www.chordie.com\/forum\/profile.php?id=2555664","https:\/\/www.instapaper.com\/p\/17757966","https:\/\/www.mapleprimes.com\/users\/iwellguard","https:\/\/businesslistingplus.com\/profile\/iwell-guard\/","https:\/\/telegra.ph\/iWell-Guard-06-06","https:\/\/pbase.com\/iwellguard\/iwellguard","https:\/\/b.hatena.ne.jp\/iwellguard\/20260607#bookmark-4788405196491818882","https:\/\/fliphtml5.com\/home\/iwellguard","https:\/\/anyflip.com\/homepage\/cmiwl#About","https:\/\/transfur.com\/Users\/iwellguard","http:\/\/delphi.larsbo.org\/user\/iwellguard","https:\/\/jobs.lajobsportal.org\/profiles\/8380803-iwell-guard","https:\/\/md.chaosdorf.de\/s\/jfbe5SBdJD","https:\/\/www.lingvolive.com\/en-us\/profile\/9ecaeaca-ce11-4e51-9e71-01d55e2bff36\/translations","https:\/\/www.fitday.com\/fitness\/forums\/members\/iwellguard.html","https:\/\/www.mymeetbook.com\/iwellguard","https:\/\/pxhere.com\/en\/photographer-me\/5040798","https:\/\/disqus.com\/by\/iwellguard\/about\/","https:\/\/pastelink.net\/hjwciqwq","https:\/\/pubhtml5.com\/homepage\/scjhn\/","https:\/\/www.bitchute.com\/channel\/2O2eOKzNqujT","https:\/\/audiomack.com\/iwellguard"]}]}},"_links":{"self":[{"href":"https:\/\/iwell-guard.com\/sk\/wp-json\/wp\/v2\/pages\/158140","targetHints":{"allow":["GET"]}}],"collection":[{"href":"https:\/\/iwell-guard.com\/sk\/wp-json\/wp\/v2\/pages"}],"about":[{"href":"https:\/\/iwell-guard.com\/sk\/wp-json\/wp\/v2\/types\/page"}],"author":[{"embeddable":true,"href":"https:\/\/iwell-guard.com\/sk\/wp-json\/wp\/v2\/users\/3"}],"replies":[{"embeddable":true,"href":"https:\/\/iwell-guard.com\/sk\/wp-json\/wp\/v2\/comments?post=158140"}],"version-history":[{"count":0,"href":"https:\/\/iwell-guard.com\/sk\/wp-json\/wp\/v2\/pages\/158140\/revisions"}],"wp:featuredmedia":[{"embeddable":true,"href":"https:\/\/iwell-guard.com\/sk\/wp-json\/wp\/v2\/media\/3541"}],"wp:attachment":[{"href":"https:\/\/iwell-guard.com\/sk\/wp-json\/wp\/v2\/media?parent=158140"}],"wp:term":[{"taxonomy":"category","embeddable":true,"href":"https:\/\/iwell-guard.com\/sk\/wp-json\/wp\/v2\/categories?post=158140"}],"curies":[{"name":"wp","href":"https:\/\/api.w.org\/{rel}","templated":true}]}}