{"id":158135,"date":"2026-09-04T22:22:37","date_gmt":"2026-09-04T22:22:37","guid":{"rendered":"https:\/\/iwell-guard.com\/?page_id=158135"},"modified":"2026-09-04T22:52:13","modified_gmt":"2026-09-04T22:52:13","slug":"cervena-nit-ochranna-paska","status":"publish","type":"page","link":"https:\/\/iwell-guard.com\/sk\/cervena-nit-ochranna-paska\/","title":{"rendered":"\u010cerven\u00e1 ni\u0165 \u2013 ochrann\u00e1 p\u00e1ska proti zl\u00e9mu poh\u013eadu"},"content":{"rendered":"\t\t<div data-elementor-type=\"wp-page\" data-elementor-id=\"158135\" class=\"elementor elementor-158135 elementor-3621 elementor-bc-flex-widget\" data-elementor-post-type=\"page\">\n\t\t\t\t<div class=\"elementor-element elementor-element-iwgs-roterfaden-hero e-flex e-con-boxed e-con e-parent\" data-id=\"iwgs-roterfaden-hero\" data-element_type=\"container\" data-e-type=\"container\">\n\t\t\t\t\t<div class=\"e-con-inner\">\n\t\t<div class=\"elementor-element elementor-element-iwgs-roterfaden-hl e-flex e-con-boxed e-con e-parent\" data-id=\"iwgs-roterfaden-hl\" data-element_type=\"container\" data-e-type=\"container\">\n\t\t\t\t\t<div class=\"e-con-inner\">\n\t\t<div class=\"elementor-element elementor-element-iwgs-roterfaden-hlbox e-con-full e-flex e-con e-parent\" data-id=\"iwgs-roterfaden-hlbox\" data-element_type=\"container\" data-e-type=\"container\">\n\t\t\t\t<div class=\"elementor-element elementor-element-iwgs-roterfaden-h1 elementor-widget elementor-widget-heading\" data-id=\"iwgs-roterfaden-h1\" data-element_type=\"widget\" data-e-type=\"widget\" data-widget_type=\"heading.default\">\n\t\t\t\t\t<h1 class=\"elementor-heading-title elementor-size-default\">\u010cerven\u00e1 ni\u0165 \u2013 kabalistick\u00e1 ochrann\u00e1 p\u00e1ska proti zl\u00e9mu poh\u013eadu<\/h1>\t\t\t\t<\/div>\n\t\t\t\t<div class=\"elementor-element elementor-element-iwgs-roterfaden-lead elementor-widget elementor-widget-text-editor\" data-id=\"iwgs-roterfaden-lead\" data-element_type=\"widget\" data-e-type=\"widget\" data-widget_type=\"text-editor.default\">\n\t\t\t\t\t\t\t\t\t<p>\u010cerven\u00e1 ni\u0165 je kabalistick\u00e1 ochrann\u00e1 p\u00e1ska \u017eidovskej <span class=\"iwg-fachbegriff\" data-tooltip=\"Odovzd\u00e1vanie vedomost\u00ed a rozpr\u00e1van\u00ed z gener\u00e1cie na gener\u00e1ciu.\" tabindex=\"0\">trad\u00edcie<\/span>, ktor\u00e1 sa nos\u00ed na z\u00e1p\u00e4st\u00ed ako ochrana proti zl\u00e9mu poh\u013eadu. \u010cerven\u00e1 ni\u0165 na z\u00e1p\u00e4st\u00ed sa pova\u017euje za ochranu proti zl\u00e9mu poh\u013eadu.<\/p><p>Zn\u00e1mou sa stala predov\u0161etk\u00fdm prostredn\u00edctvom \u013eudovej <span class=\"iwg-fachbegriff\" data-tooltip=\"Pr\u00fad \u017eidovskej mystiky s hlavn\u00fdmi dielami ako Sefer Jecira a Zohar.\" tabindex=\"0\">kabaly<\/span>, av\u0161ak my\u0161lienka odvraca\u0165 ne\u0161\u0165astie pomocou \u010dervenej farby je ove\u013ea star\u0161ia a roz\u0161\u00edren\u00e1 v mnoh\u00fdch kult\u00farach.<\/p>\t\t\t\t\t\t\t\t<\/div>\n\t\t\t\t<\/div>\n\t\t\t\t<div class=\"elementor-element elementor-element-iwgs-roterfaden-pills elementor-widget elementor-widget-html\" data-id=\"iwgs-roterfaden-pills\" data-element_type=\"widget\" data-e-type=\"widget\" data-widget_type=\"html.default\">\n\t\t\t\t\t<div class=\"iwg-pill-row\"><span class=\"iwg-klasse-badge\" tabindex=\"0\" data-tooltip=\"Ochrann\u00fd symbol, amulet alebo apotropajn\u00fd predmet.\">Ochrann\u00fd symbol<\/span><a href=\"https:\/\/iwell-guard.com\/sk\/judaizmus\/\" class=\"iwg-kultur-badge\" tabindex=\"0\" data-tooltip=\"Ochrann\u00e1 trad\u00edcia: Judaizmus\">Judaizmus<\/a><span class=\"iwg-tradition-badge\" tabindex=\"0\" data-tooltip=\"P\u00e1ska, ktorej sa pripisuje ochrann\u00fd \u00fa\u010dinok.\">Ochrann\u00e1 p\u00e1ska<\/span><\/div>\t\t\t\t<\/div>\n\t\t\t\t\t<\/div>\n\t\t\t\t<\/div>\n\t\t<div class=\"elementor-element elementor-element-iwgs-roterfaden-hr e-con-full e-flex e-con e-parent\" data-id=\"iwgs-roterfaden-hr\" data-element_type=\"container\" data-e-type=\"container\">\n\t\t\t\t<div class=\"elementor-element elementor-element-iwgs-roterfaden-himg iwg-hero-image elementor-widget elementor-widget-image\" data-id=\"iwgs-roterfaden-himg\" data-element_type=\"widget\" data-e-type=\"widget\" data-widget_type=\"image.default\">\n\t\t\t\t\t\t\t\t\t\t\t\t\t\t\t<img fetchpriority=\"high\" decoding=\"async\" width=\"683\" height=\"1024\" src=\"https:\/\/iwell-guard.com\/wp-content\/uploads\/2026\/05\/schutzsymbol_judentum_roter-faden-683x1024.webp\" class=\"attachment-large size-large wp-image-159534\" alt=\"\u010cerven\u00e1 ni\u0165 - ochrann\u00fd symbol, m\u00fazejn\u00e1 illustr\u00e1cia&quot;}\n```\n\nMoment, oprav\u00edm preklep:\n\n```json\n{&quot;35278bb04aacbd26&quot;: &quot;\u010cerven\u00e1 ni\u0165 - ochrann\u00fd symbol, m\u00fazejn\u00e1 ilustr\u00e1cia\" srcset=\"https:\/\/iwell-guard.com\/wp-content\/uploads\/2026\/05\/schutzsymbol_judentum_roter-faden-683x1024.webp 683w, https:\/\/iwell-guard.com\/wp-content\/uploads\/2026\/05\/schutzsymbol_judentum_roter-faden-200x300.webp 200w, https:\/\/iwell-guard.com\/wp-content\/uploads\/2026\/05\/schutzsymbol_judentum_roter-faden-768x1152.webp 768w, https:\/\/iwell-guard.com\/wp-content\/uploads\/2026\/05\/schutzsymbol_judentum_roter-faden.webp 1024w\" sizes=\"(max-width: 683px) 100vw, 683px\" \/>\t\t\t\t\t\t\t\t\t\t\t\t\t\t\t<\/div>\n\t\t\t\t<\/div>\n\t\t\t\t\t<\/div>\n\t\t\t\t<\/div>\n\t\t<div class=\"elementor-element elementor-element-iwgs-roterfaden-s0 e-flex e-con-boxed e-con e-parent\" data-id=\"iwgs-roterfaden-s0\" data-element_type=\"container\" data-e-type=\"container\">\n\t\t\t\t\t<div class=\"e-con-inner\">\n\t\t\t\t<div class=\"elementor-element elementor-element-iwgs-roterfaden-s0h elementor-widget elementor-widget-heading\" data-id=\"iwgs-roterfaden-s0h\" data-element_type=\"widget\" data-e-type=\"widget\" data-widget_type=\"heading.default\">\n\t\t\t\t\t<h2 class=\"elementor-heading-title elementor-size-default\">Zaradenie<\/h2>\t\t\t\t<\/div>\n\t\t<div class=\"elementor-element elementor-element-iwgs-roterfaden-s0box e-con-full e-flex e-con e-parent\" data-id=\"iwgs-roterfaden-s0box\" data-element_type=\"container\" data-e-type=\"container\">\n\t\t\t\t<div class=\"elementor-element elementor-element-iwgs-roterfaden-s0t elementor-widget elementor-widget-text-editor\" data-id=\"iwgs-roterfaden-s0t\" data-element_type=\"widget\" data-e-type=\"widget\" data-widget_type=\"text-editor.default\">\n\t\t\t\t\t\t\t\t\t<p>\u010cerven\u00e1 ni\u0165 je jednoduch\u00fd ochrann\u00fd predmet. Ide o tenk\u00fa p\u00e1sku z \u010dervenej vlny, ktor\u00e1 sa nos\u00ed okolo z\u00e1p\u00e4stia. Napriek svojej jednoduchosti patr\u00ed \u010derven\u00e1 ni\u0165 medzi najzn\u00e1mej\u0161ie ochrann\u00e9 znaky spojen\u00e9 so \u017eidovskou trad\u00edciou a najm\u00e4 s \u013eudovou <span class=\"iwg-fachbegriff\" data-tooltip=\"Pr\u00fad \u017eidovskej mystiky s hlavn\u00fdmi dielami ako Sefer Jecira a Zohar.\" tabindex=\"0\">kabalou<\/span>.<\/p><p>Jej \u00faloha je jasne vymedzen\u00e1. \u010cerven\u00e1 ni\u0165 m\u00e1 chr\u00e1ni\u0165 svojho nosite\u013ea pred zl\u00fdm poh\u013eadom. Smeruje tak proti tej \u0161kodlivej p\u00f4sobnosti poh\u013eadu, ktor\u00e1 je pop\u00edsan\u00e1 v <a href=\"https:\/\/iwell-guard.com\/sk\/zle-oko\/\">viere v zl\u00fd poh\u013ead<\/a>. Ni\u0165 je prostriedkom ochrany pre ka\u017edodenn\u00fd \u017eivot.<\/p><p>V <span class=\"iwg-fachbegriff\" data-tooltip=\"Veda, ktor\u00e1 porovn\u00e1vac\u00edm sp\u00f4sobom a bez n\u00e1bo\u017eenskej viazanosti b\u00e1dan\u00ed n\u00e1bo\u017eenstv\u00e1.\" tabindex=\"0\">religionistike<\/span> sa \u010derven\u00e1 ni\u0165 zara\u010fuje s obozretnos\u0165ou. Dnes roz\u0161\u00edren\u00e1 forma, p\u00e1ska z Rachelinho hrobu, je pom\u011brn\u011b mlad\u00fd jav. Z\u00e1kladn\u00e1 my\u0161lienka, odvraca\u0165 ne\u0161\u0165astie \u010dervenou farbou, je v\u0161ak ve\u013emi star\u00e1. Obe tieto vrstvy patria k \u00fapln\u00e9mu opisu.<\/p><p>\u010cerven\u00e1 ni\u0165 je okrem toho dobr\u00fdm pr\u00edkladom toho, ako ochrann\u00fd zvyk presahuje hranice jedinej kult\u00fary. \u010cerven\u00e9 ochrann\u00e9 nite nie s\u00fa zn\u00e1me len v \u017eidovskom prostred\u00ed. Vyskytuj\u00fa sa v mnoh\u00fdch \u010dastiach svet a odkazuj\u00fa na ve\u013emi roz\u0161\u00edren\u00fa predstavu o farbe \u010dervenej.<\/p><p>\u010cerven\u00e1 ni\u0165 patr\u00ed medzi najjednoduch\u0161ie ochrann\u00e9 predmety v\u00f4bec. Nenesie \u017eiadny <span class=\"iwg-fachbegriff\" data-tooltip=\"Text vyryt\u00fd alebo vytesan\u00fd do pevn\u00e9ho nosi\u010da.\" tabindex=\"0\">n\u00e1pis<\/span> ani obraz, sklad\u00e1 sa iba z farby a tvaru. Pr\u00e1ve t\u00e1to jednoduchos\u0165 je jednou z jej siln\u00fdch str\u00e1nok. Ochrann\u00fd znak, ktor\u00fd vy\u017eaduje tak m\u00e1lo \u00fasilia, je dostupn\u00fd pre ka\u017ed\u00e9ho a d\u00e1 sa \u013eahko odovzd\u00e1va\u0165 \u010falej.<\/p>\t\t\t\t\t\t\t\t<\/div>\n\t\t\t\t<\/div>\n\t\t\t\t\t<\/div>\n\t\t\t\t<\/div>\n\t\t<div class=\"elementor-element elementor-element-iwgs-roterfaden-s1 e-flex e-con-boxed e-con e-parent\" data-id=\"iwgs-roterfaden-s1\" data-element_type=\"container\" data-e-type=\"container\">\n\t\t\t\t\t<div class=\"e-con-inner\">\n\t\t\t\t<div class=\"elementor-element elementor-element-iwgs-roterfaden-s1h elementor-widget elementor-widget-heading\" data-id=\"iwgs-roterfaden-s1h\" data-element_type=\"widget\" data-e-type=\"widget\" data-widget_type=\"heading.default\">\n\t\t\t\t\t<h2 class=\"elementor-heading-title elementor-size-default\">\u010cerven\u00e1 farba ako ochrann\u00e1 farba<\/h2>\t\t\t\t<\/div>\n\t\t<div class=\"elementor-element elementor-element-iwgs-roterfaden-s1box e-con-full e-flex e-con e-parent\" data-id=\"iwgs-roterfaden-s1box\" data-element_type=\"container\" data-e-type=\"container\">\n\t\t\t\t<div class=\"elementor-element elementor-element-iwgs-roterfaden-s1t elementor-widget elementor-widget-text-editor\" data-id=\"iwgs-roterfaden-s1t\" data-element_type=\"widget\" data-e-type=\"widget\" data-widget_type=\"text-editor.default\">\n\t\t\t\t\t\t\t\t\t<p>V jadre v\u00fdznamu \u010dervenej nite stoj\u00ed farba. \u010cerven\u00e1 sa v mnoh\u00fdch kult\u00farach pova\u017eovala za farbu osobitnej sily. Sp\u00e1jala sa s krvou, so \u017eivotom a s oh\u0148om. Z tejto s\u00favislosti vznikla predstava, \u017ee \u010derven\u00e1 m\u00e1 ochrann\u00fa a odvracaj\u00facu p\u00f4sobnos\u0165.<\/p><p>T\u00fato predstavu mo\u017eno sledova\u0165 do ve\u013emi d\u00e1vnych \u010dias. U\u017e v rann\u00fdch dob\u00e1ch sa hroby a predmety zdobili \u010derven\u00fdm farbivom a mnoh\u00e9 nasved\u010duje tomu, \u017ee s t\u00fdm bol spojen\u00fd ochrann\u00fd v\u00fdznam. \u010cerven\u00e1 farba tak bola od d\u00e1vnych \u010dias viac ne\u017e len farben\u00edm.<\/p><p>\u010cerven\u00e1 je okrem toho v\u00fdrazn\u00e1, do o\u010d\u00ed bij\u00faca farba. T\u00e1to vlastnos\u0165 sa dobre hod\u00ed na odvr\u00e1tenie zl\u00e9ho poh\u013eadu. \u017diarivo \u010derven\u00fd znak p\u00fat\u00e1 pozornos\u0165 na seba. M\u00f4\u017ee zachyti\u0165 \u0161kodliv\u00fd poh\u013ead predt\u00fdm, ne\u017e dosiahne chr\u00e1nen\u00fa osobu. Farba a funkcia tu spolup\u00f4sobia.<\/p><p>\u010cerven\u00e1 ni\u0165 je tak predov\u0161etk\u00fdm farebn\u00fd ochrann\u00fd znak. Jej \u00fa\u010dinok sa pripisuje farbe, nie samotn\u00e9mu materi\u00e1lu. Vlna bola roz\u0161\u00edren\u00fd, \u013eahko dostupn\u00fd materi\u00e1l. Rozhoduj\u00face bolo, \u017ee ni\u0165 bola \u010derven\u00e1, preto\u017ee pod\u013ea roz\u0161\u00edrenej predstavy pr\u00e1ve v farbe spo\u010d\u00edvala ochrann\u00e1 sila.<\/p><p>Ochrann\u00fd v\u00fdznam \u010dervenej farby mo\u017eno sledova\u0165 a\u017e do praveku. U\u017e v star\u00fdch pohrebisk\u00e1ch sa pou\u017e\u00edvalo \u010derven\u00e9 farbivo a mnoh\u00e9 nasved\u010duje ochrann\u00e9mu z\u00e1meru. Aj \u010derven\u00e9 odevy pre deti s\u00fa z mnoh\u00fdch eur\u00f3pskych regi\u00f3nov dolo\u017een\u00e9 ako ochrann\u00fd zvyk. Farba nesla tento v\u00fdznam po dlh\u00fd \u010das.<\/p>\t\t\t\t\t\t\t\t<\/div>\n\t\t\t\t<\/div>\n\t\t\t\t\t<\/div>\n\t\t\t\t<\/div>\n\t\t<div class=\"elementor-element elementor-element-iwgs-roterfaden-s2 e-flex e-con-boxed e-con e-parent\" data-id=\"iwgs-roterfaden-s2\" data-element_type=\"container\" data-e-type=\"container\">\n\t\t\t\t\t<div class=\"e-con-inner\">\n\t\t\t\t<div class=\"elementor-element elementor-element-iwgs-roterfaden-s2h elementor-widget elementor-widget-heading\" data-id=\"iwgs-roterfaden-s2h\" data-element_type=\"widget\" data-e-type=\"widget\" data-widget_type=\"heading.default\">\n\t\t\t\t\t<h2 class=\"elementor-heading-title elementor-size-default\">\u010cerven\u00e1 ni\u0165 a kabala<\/h2>\t\t\t\t<\/div>\n\t\t<div class=\"elementor-element elementor-element-iwgs-roterfaden-s2box e-con-full e-flex e-con e-parent\" data-id=\"iwgs-roterfaden-s2box\" data-element_type=\"container\" data-e-type=\"container\">\n\t\t\t\t<div class=\"elementor-element elementor-element-iwgs-roterfaden-s2t elementor-widget elementor-widget-text-editor\" data-id=\"iwgs-roterfaden-s2t\" data-element_type=\"widget\" data-e-type=\"widget\" data-widget_type=\"text-editor.default\">\n\t\t\t\t\t\t\t\t\t<p>\u010cerven\u00e1 ni\u0165 sa presl\u00e1vila predov\u0161etk\u00fdm v s\u00favislosti s <span class=\"iwg-fachbegriff\" data-tooltip=\"Smer \u017eidovskej mystiky s hlavn\u00fdmi dielami ako Sefer Jecira a Zohar.\" tabindex=\"0\">kabalou<\/span>. <span class=\"iwg-fachbegriff\" data-tooltip=\"Smer \u017eidovskej mystiky s hlavn\u00fdmi dielami ako Sefer Jecira a Zohar.\" tabindex=\"0\">Kabala<\/span> je mystick\u00fd smer judaizmu, ktor\u00fd sa zaober\u00e1 skryt\u00fdmi v\u00fdznamami posv\u00e4tn\u00fdch textov a povahou Boha. V jej \u013eudovom prostred\u00ed vznikli mnoh\u00e9 ochrann\u00e9 zvyky.<\/p><p>\u010cerven\u00e1 ni\u0165 patr\u00ed medzi tieto \u013eudov\u00e9, kabalisticky ovplyvnen\u00e9 zvyky. Nejde o u\u010den\u00fa n\u00e1uku samotnej <span class=\"iwg-fachbegriff\" data-tooltip=\"Smer \u017eidovskej mystiky s hlavn\u00fdmi dielami ako Sefer Jecira a Zohar.\" tabindex=\"0\">kabaly<\/span>, ale o prax, ktor\u00e1 sa vyvinula v jej okol\u00ed. Tak\u00e9to zvyky sp\u00e1jaj\u00fa mystick\u00e9 predstavy s potrebami ka\u017edodenn\u00e9ho \u017eivota, napr\u00edklad s t\u00fa\u017ebou po ochrane.<\/p><p>V posledn\u00fdch desa\u0165ro\u010diach sa \u010derven\u00e1 ni\u0165 ve\u013emi roz\u0161\u00edrila. In\u0161tit\u00facie, ktor\u00e9 spr\u00edstup\u0148ovali kabalistick\u00e9 my\u0161lienky \u0161irokej verejnosti, urobili tento <span class=\"iwg-fachbegriff\" data-tooltip=\"Tradovan\u00fd \u00fakon, pravidelne opakovan\u00fd v r\u00e1mci spolo\u010denstva.\" tabindex=\"0\">zvyk<\/span> medzin\u00e1rodne zn\u00e1mym. K jeho roz\u0161\u00edreniu prispeli aj zn\u00e1me osobnosti, ktor\u00e9 \u010derven\u00fa ni\u0165 nosili.<\/p><p>T\u00e1to modern\u00e1 popularita by v\u0161ak nemala zastiera\u0165 skuto\u010dn\u00fd vek zvyku. Dnes roz\u0161\u00edren\u00e1 podoba \u010dervenej nite je pomerne mlad\u00fdm javom. Tento <span class=\"iwg-fachbegriff\" data-tooltip=\"Tradovan\u00fd \u00fakon, pravidelne opakovan\u00fd v r\u00e1mci spolo\u010denstva.\" tabindex=\"0\">zvyk<\/span> sa v s\u00fa\u010dasnej podobe stal \u0161iroko vidite\u013en\u00fdm a\u017e v nov\u0161ej dobe, hoci nadv\u00e4zuje na star\u0161ie predstavy.<\/p><p><span class=\"iwg-fachbegriff\" data-tooltip=\"Smer \u017eidovskej mystiky s hlavn\u00fdmi dielami ako Sefer Jecira a Zohar.\" tabindex=\"0\">Kabala<\/span> sa okrem in\u00e9ho zaober\u00e1 skryt\u00fdmi cestami, ktor\u00fdmi bo\u017esk\u00e9 <span class=\"iwg-fachbegriff\" data-tooltip=\"Pr\u00eds\u013eub blaha a ochrany, \u010dasto vo ust\u00e1lenej jazykovej podobe.\" tabindex=\"0\">po\u017eehnanie<\/span> prich\u00e1dza do sveta. V jej \u013eudovom prostred\u00ed vznikli mnoh\u00e9 zvyky, ktor\u00e9 sa sna\u017eili toto <span class=\"iwg-fachbegriff\" data-tooltip=\"Pr\u00eds\u013eub blaha a ochrany, often vo ust\u00e1lenej jazykovej podobe.\" tabindex=\"0\">po\u017eehnanie<\/span> vyu\u017ei\u0165 pre ka\u017edodenn\u00fd \u017eivot. \u010cerven\u00e1 ni\u0165 je pr\u00e1ve tak\u00fdmto <span class=\"iwg-fachbegriff\" data-tooltip=\"Tradovan\u00fd \u00fakon, pravidelne opakovan\u00fd v r\u00e1mci spolo\u010denstva.\" tabindex=\"0\">zvykom<\/span>, ktor\u00fd sp\u00e1ja mystick\u00fa predstavu s praktickou potrebou ochrany.<\/p>\t\t\t\t\t\t\t\t<\/div>\n\t\t\t\t<\/div>\n\t\t\t\t\t<\/div>\n\t\t\t\t<\/div>\n\t\t<div class=\"elementor-element elementor-element-iwgs-roterfaden-s3 e-flex e-con-boxed e-con e-parent\" data-id=\"iwgs-roterfaden-s3\" data-element_type=\"container\" data-e-type=\"container\">\n\t\t\t\t\t<div class=\"e-con-inner\">\n\t\t\t\t<div class=\"elementor-element elementor-element-iwgs-roterfaden-s3h elementor-widget elementor-widget-heading\" data-id=\"iwgs-roterfaden-s3h\" data-element_type=\"widget\" data-e-type=\"widget\" data-widget_type=\"heading.default\">\n\t\t\t\t\t<h2 class=\"elementor-heading-title elementor-size-default\">Hrob R\u00e1cheli<\/h2>\t\t\t\t<\/div>\n\t\t<div class=\"elementor-element elementor-element-iwgs-roterfaden-s3box e-con-full e-flex e-con e-parent\" data-id=\"iwgs-roterfaden-s3box\" data-element_type=\"container\" data-e-type=\"container\">\n\t\t\t\t<div class=\"elementor-element elementor-element-iwgs-roterfaden-s3t elementor-widget elementor-widget-text-editor\" data-id=\"iwgs-roterfaden-s3t\" data-element_type=\"widget\" data-e-type=\"widget\" data-widget_type=\"text-editor.default\">\n\t\t\t\t\t\t\t\t\t<p>Dnes najzn\u00e1mej\u0161ia forma \u010dervenej nite je sp\u00e4t\u00e1 s konkr\u00e9tnym miestom, hrobom R\u00e1cheli. R\u00e1chel je jednou z pramatiek Izraela a jej tradovan\u00fd hrob sa nach\u00e1dza v bl\u00edzkosti Betlehema. Ide o v\u00fdznamn\u00e9 miesto \u017eidovskej <span class=\"iwg-fachbegriff\" data-tooltip=\"Pre\u017e\u00edvan\u00fd n\u00e1bo\u017eensk\u00fd postoj a prax \u010dloveka.\" tabindex=\"0\">n\u00e1bo\u017enosti<\/span>.<\/p><p>Pod\u013ea roz\u0161\u00edren\u00e9ho <span class=\"iwg-fachbegriff\" data-tooltip=\"Tradovan\u00e1 \u010dinnos\u0165, ktor\u00e1 sa v spolo\u010denstve pravidelne opakuje.\" tabindex=\"0\">zvyku<\/span> sa okolo tohto hrobu obto\u010d\u00ed \u010derven\u00e1 ni\u0165. T\u00fdmto dotykom so sv\u00e4t\u00fdm miestom m\u00e1 ni\u0165 z\u00edska\u0165 ochrann\u00fa silu. N\u00e1sledne sa dlh\u00e1 ni\u0165 rozstriha na kr\u00e1tke k\u00fasky, ktor\u00e9 sl\u00fa\u017eia ako jednotliv\u00e9 ochrann\u00e9 p\u00e1sky.<\/p><p>Tieto jednotliv\u00e9 k\u00fasky sa potom nosia ako n\u00e1ramok alebo sa odovzd\u00e1vaj\u00fa \u010falej. Vz\u0165ah k hrobu R\u00e1cheli d\u00e1va niti jej osobit\u00fd v\u00fdznam. Nejde u\u017e len o oby\u010dajn\u00fa \u010derven\u00fa vlnen\u00fa ni\u0165, ale o p\u00e1sku, ktor\u00e1 je sp\u00e1jan\u00e1 s uctievan\u00fdm miestom.<\/p><p>Tento <span class=\"iwg-fachbegriff\" data-tooltip=\"Tradovan\u00e1 \u010dinnos\u0165, ktor\u00e1 sa v spolo\u010denstve pravidelne opakuje.\" tabindex=\"0\">zvyk<\/span> ukazuje opakuj\u00faci sa vzorec amuletovej praxe. Predmet z\u00edskava svoju silu dotykom so sv\u00e4t\u00fdm miestom alebo sv\u00e4tou osobou. Aj v in\u00fdch trad\u00edci\u00e1ch sa p\u00e1sky, \u0161atky a drobn\u00e9 predmety <span class=\"iwg-fachbegriff\" data-tooltip=\"Prostredn\u00edctvom n\u00e1bo\u017eensk\u00e9ho \u00fakonu odovzdan\u00e9 sv\u00e4t\u00e9mu, a t\u00fdm vy\u0148at\u00e9 z be\u017en\u00e9ho.\" tabindex=\"0\">posv\u00e4cuj\u00fa<\/span> pri hroboch a sv\u00e4tyniach. \u010cerven\u00e1 ni\u0165 z hrobu R\u00e1cheli sa riadi t\u00fdmto vzorom.<\/p><p>R\u00e1chel je pod\u013ea \u017eidovskej <span class=\"iwg-fachbegriff\" data-tooltip=\"Odovzd\u00e1vanie poznania a rozpr\u00e1van\u00ed z gener\u00e1cie na gener\u00e1ciu.\" tabindex=\"0\">trad\u00edcie<\/span> pla\u010d\u00facou matkou, ktor\u00e1 sa prihov\u00e1ra za svoje deti a pros\u00ed za ne. T\u00e1to predstava rob\u00ed z jej hrobu miesto \u00fatechy a prosby. \u010cerven\u00e1 ni\u0165, ktor\u00e1 je s t\u00fdmto miestom sp\u00e1jan\u00e1, v sebe nesie \u010dosi z tejto materskej starostlivosti.<\/p>\t\t\t\t\t\t\t\t<\/div>\n\t\t\t\t<\/div>\n\t\t\t\t\t<\/div>\n\t\t\t\t<\/div>\n\t\t<div class=\"elementor-element elementor-element-iwgs-roterfaden-s4 e-flex e-con-boxed e-con e-parent\" data-id=\"iwgs-roterfaden-s4\" data-element_type=\"container\" data-e-type=\"container\">\n\t\t\t\t\t<div class=\"e-con-inner\">\n\t\t\t\t<div class=\"elementor-element elementor-element-iwgs-roterfaden-s4h elementor-widget elementor-widget-heading\" data-id=\"iwgs-roterfaden-s4h\" data-element_type=\"widget\" data-e-type=\"widget\" data-widget_type=\"heading.default\">\n\t\t\t\t\t<h2 class=\"elementor-heading-title elementor-size-default\">Nosen\u00e1 na \u013eavom z\u00e1p\u00e4st\u00ed<\/h2>\t\t\t\t<\/div>\n\t\t<div class=\"elementor-element elementor-element-iwgs-roterfaden-s4box e-con-full e-flex e-con e-parent\" data-id=\"iwgs-roterfaden-s4box\" data-element_type=\"container\" data-e-type=\"container\">\n\t\t\t\t<div class=\"elementor-element elementor-element-iwgs-roterfaden-s4t elementor-widget elementor-widget-text-editor\" data-id=\"iwgs-roterfaden-s4t\" data-element_type=\"widget\" data-e-type=\"widget\" data-widget_type=\"text-editor.default\">\n\t\t\t\t\t\t\t\t\t<p>Pod\u013ea roz\u0161\u00edrenej predstavy sa \u010derven\u00e1 ni\u0165 nos\u00ed na \u013eavom z\u00e1p\u00e4st\u00ed. Toto ur\u010denie nie je n\u00e1hodn\u00e9. V kabalistickom myslen\u00ed je \u013eav\u00e1 strana prij\u00edmaj\u00facou stranou \u010dloveka.<\/p><p>Prav\u00e1 a \u013eav\u00e1 strana maj\u00fa v tomto myslen\u00ed odli\u0161n\u00e9 v\u00fdznamy. Prav\u00e1 strana sa pova\u017euje za daruj\u00facu, \u013eav\u00e1 za prij\u00edmaj\u00facu. Kto chce prija\u0165 ochranu a <span class=\"iwg-fachbegriff\" data-tooltip=\"Pr\u00eds\u013eub blaha a ochrany, \u010dasto vo pevnej jazykovej forme.\" tabindex=\"0\">po\u017eehnanie<\/span>, nos\u00ed znak na tej strane, ktor\u00e1 je tomuto prij\u00edmaniu prip\u00edsan\u00e1.<\/p><p>S nasaden\u00edm nite s\u00fa \u010dasto spojen\u00e9 kr\u00e1tke modlitby alebo slov\u00e1 po\u017eehnania. P\u00e1smo sa potom obvykle uzatv\u00e1ra viacer\u00fdmi uzlami. Aj uzly maj\u00fa svoj v\u00fdznam, preto\u017ee viazanie a zv\u00e4zovanie patr\u00ed v mnoh\u00fdch trad\u00edci\u00e1ch k \u00fakonom, ktor\u00fdmi sa ochrana upev\u0148uje.<\/p><p>Tieto presn\u00e9 predpisy, strana, uzly, sprievodn\u00e9 slov\u00e1, ukazuj\u00fa, \u017ee \u010derven\u00e1 ni\u0165 je viac ne\u017e len oby\u010dajn\u00e1 p\u00e1ska. Je s\u00fa\u010das\u0165ou usporiadanej praxe. Pod\u013ea predstavy zvyku patr\u00ed spr\u00e1vne nosenie k \u00fa\u010dinnosti ochrany.<\/p><p>Pri nasaden\u00ed \u010dervenej nite sa \u010dasto zav\u00e4zuje sedem uzlov a k ka\u017ed\u00e9mu uzlu m\u00f4\u017ee by\u0165 vysloven\u00e9 slovo po\u017eehnania. \u010c\u00edslo sedem sa v mnoh\u00fdch trad\u00edci\u00e1ch pova\u017euje za v\u00fdznamn\u00e9. Viazanie uzlov pri tom nie je ved\u013eaj\u0161ou z\u00e1le\u017eitos\u0165ou, preto\u017ee zv\u00e4zovanie a upev\u0148ovanie patr\u00ed k roz\u0161\u00edren\u00fdm \u00fakonom ochrannej praxe.<\/p>\t\t\t\t\t\t\t\t<\/div>\n\t\t\t\t<\/div>\n\t\t\t\t\t<\/div>\n\t\t\t\t<\/div>\n\t\t<div class=\"elementor-element elementor-element-iwgs-roterfaden-s5 e-flex e-con-boxed e-con e-parent\" data-id=\"iwgs-roterfaden-s5\" data-element_type=\"container\" data-e-type=\"container\">\n\t\t\t\t\t<div class=\"e-con-inner\">\n\t\t\t\t<div class=\"elementor-element elementor-element-iwgs-roterfaden-s5h elementor-widget elementor-widget-heading\" data-id=\"iwgs-roterfaden-s5h\" data-element_type=\"widget\" data-e-type=\"widget\" data-widget_type=\"heading.default\">\n\t\t\t\t\t<h2 class=\"elementor-heading-title elementor-size-default\">Ochrana proti urieknutiu<\/h2>\t\t\t\t<\/div>\n\t\t<div class=\"elementor-element elementor-element-iwgs-roterfaden-s5box e-con-full e-flex e-con e-parent\" data-id=\"iwgs-roterfaden-s5box\" data-element_type=\"container\" data-e-type=\"container\">\n\t\t\t\t<div class=\"elementor-element elementor-element-iwgs-roterfaden-s5t elementor-widget elementor-widget-text-editor\" data-id=\"iwgs-roterfaden-s5t\" data-element_type=\"widget\" data-e-type=\"widget\" data-widget_type=\"text-editor.default\">\n\t\t\t\t\t\t\t\t\t<p>Hlavnou \u00falohou \u010dervenej nitky je odvr\u00e1tenie zl\u00e9ho poh\u013eadu. Zl\u00fd poh\u013ead je predstava, \u017ee poh\u013ead m\u00f4\u017ee sp\u00f4sobi\u0165 \u0161kodu, \u010dasto spojen\u00e1 so z\u00e1vis\u0165ou. Ten, kto sa na nie\u010do kr\u00e1sne, zdrav\u00e9 alebo \u00faspe\u0161n\u00e9 pozer\u00e1 s nevra\u017eivos\u0165ou, mu pod\u013ea tejto predstavy m\u00f4\u017ee u\u0161kodi\u0165.<\/p><p>\u010cerven\u00e1 nitka m\u00e1 tejto \u0161kode zabr\u00e1ni\u0165. Ako v\u00fdrazn\u00e9 \u010derven\u00e9 znamenie na z\u00e1p\u00e4st\u00ed m\u00e1 na seba pritiahnu\u0165 poh\u013ead a zachyti\u0165 jeho \u0161kodliv\u00fa silu. Namiesto chr\u00e1nenej osoby sa pozornos\u0165 s\u00fastred\u00ed na \u010derven\u00fa stu\u017eku.<\/p><p>Tento princ\u00edp \u00fa\u010dinku m\u00e1 \u010derven\u00e1 nitka spolo\u010dn\u00fd s in\u00fdmi ochrann\u00fdmi predmetmi proti zl\u00e9mu poh\u013eadu. Aj modr\u00e9 <a href=\"https:\/\/iwell-guard.com\/sk\/?page_id=158117\">Nazar Boncu\u011fu<\/a> pracuje s pritiahnut\u00edm poh\u013eadu. Oba predmety vych\u00e1dzaj\u00fa z my\u0161lienky postavi\u0165 proti \u0161kodliv\u00e9mu poh\u013eadu v\u00fdrazn\u00fd predmet, ktor\u00fd ho odp\u00fata a zavia\u017ee na seba.<\/p><p>\u010cerven\u00e1 nitka tak patr\u00ed do ve\u013ekej, medzikult\u00farnej rodiny. Viera v zl\u00fd poh\u013ead je roz\u0161\u00edren\u00e1 v celej oblasti Stredomoria a na Bl\u00edzkom v\u00fdchode, v \u017eidovskom, kres\u0165anskom aj islamskom prostred\u00ed. \u010cerven\u00e1 nitka je jednou z najjednoduch\u0161\u00edch a z\u00e1rove\u0148 najroz\u0161\u00edrenej\u0161\u00edch odpoved\u00ed na t\u00fato starobyl\u00fa obavu.<\/p><p>Zl\u00fd poh\u013ead je v \u013eudovej viere \u010dasto sp\u00e1jan\u00fd so z\u00e1vis\u0165ou. Za obzvl\u00e1\u0161\u0165 ohrozen\u00fdch sa preto pova\u017euj\u00fa t\u00ed, ktor\u00ed na seba p\u00fataj\u00fa pozornos\u0165 a obdiv. \u010cerven\u00e1 nitka sa preto rada nasadzuje najm\u00e4 mal\u00fdm de\u0165om, tehotn\u00fdm \u017een\u00e1m a \u013eu\u010fom v \u0161\u0165astn\u00fdch \u017eivotn\u00fdch obdobiach, preto\u017ee s\u00fa pova\u017eovan\u00ed za obzvl\u00e1\u0161\u0165 vidite\u013en\u00fdch.<\/p>\t\t\t\t\t\t\t\t<\/div>\n\t\t\t\t<\/div>\n\t\t\t\t\t<\/div>\n\t\t\t\t<\/div>\n\t\t<div class=\"elementor-element elementor-element-iwgs-roterfaden-s6 e-flex e-con-boxed e-con e-parent\" data-id=\"iwgs-roterfaden-s6\" data-element_type=\"container\" data-e-type=\"container\">\n\t\t\t\t\t<div class=\"e-con-inner\">\n\t\t\t\t<div class=\"elementor-element elementor-element-iwgs-roterfaden-s6h elementor-widget elementor-widget-heading\" data-id=\"iwgs-roterfaden-s6h\" data-element_type=\"widget\" data-e-type=\"widget\" data-widget_type=\"heading.default\">\n\t\t\t\t\t<h2 class=\"elementor-heading-title elementor-size-default\">\u010cerven\u00e9 nitky v in\u00fdch kult\u00farach<\/h2>\t\t\t\t<\/div>\n\t\t<div class=\"elementor-element elementor-element-iwgs-roterfaden-s6box e-con-full e-flex e-con e-parent\" data-id=\"iwgs-roterfaden-s6box\" data-element_type=\"container\" data-e-type=\"container\">\n\t\t\t\t<div class=\"elementor-element elementor-element-iwgs-roterfaden-s6t elementor-widget elementor-widget-text-editor\" data-id=\"iwgs-roterfaden-s6t\" data-element_type=\"widget\" data-e-type=\"widget\" data-widget_type=\"text-editor.default\">\n\t\t\t\t\t\t\t\t\t<p>\u010cerven\u00e1 ochrann\u00e1 nitka sa v\u00f4bec neobmedzuje na \u017eidovsk\u00e9 prostredie. Vo ve\u013emi mnoh\u00fdch kult\u00farach sa \u010derven\u00e9 nitky a stu\u017eky nosia ako ochrana. Toto roz\u0161\u00edrenie je d\u00f4le\u017eit\u00fdm d\u00f4kazom starobylosti a v\u0161eobecnosti tejto my\u0161lienky.<\/p><p>V hinduistickej trad\u00edcii sa okolo z\u00e1p\u00e4stia via\u017eu posv\u00e4ten\u00e9 nitky, \u010dasto v \u010derven\u00fdch a \u017elt\u00fdch odtie\u0148och. Nasadzuj\u00fa sa pri n\u00e1bo\u017eensk\u00fdch obradoch a pova\u017euj\u00fa sa za znamenie po\u017eehnania a ochrany. Aj tu je nitka jednoduch\u00fdm ochrann\u00fdm predmetom nosenom na tele.<\/p><p>V slovansk\u00fdch a v \u010fal\u0161\u00edch eur\u00f3pskych trad\u00edci\u00e1ch s\u00fa \u010derven\u00e9 nitky tie\u017e zn\u00e1me ako ochrana pre deti a pre dobytok. V \u010dasti v\u00fdchodnej \u00c1zie hraj\u00fa \u010derven\u00e9 \u0161n\u00farky \u00falohu vo vlastn\u00fdch predstav\u00e1ch. Podrobnosti sa l\u00ed\u0161ia, ale z\u00e1kladn\u00e1 my\u0161lienka je n\u00e1padne podobn\u00e1.<\/p><p>Toto medzikult\u00farne roz\u0161\u00edrenie ukazuje, \u017ee \u010derven\u00e1 nitka vych\u00e1dza z ve\u013emi z\u00e1kladnej my\u0161lienky. Spojenie \u010dervenej farby a ochrany nie je vlastn\u00edctvom jednej kult\u00fary. \u010cerven\u00e1 nitka kabalistickej trad\u00edcie je osobit\u00fdm prejavom celosvetovo roz\u0161\u00edren\u00e9ho ochrann\u00e9ho zvyku.<\/p><p>V\u00fdrazn\u00fdm pr\u00edkladom pr\u00edbuznosti t\u00fdchto zvykov je hinduistick\u00e1 ochrann\u00e1 nitka, ktor\u00e1 sa via\u017ee okolo z\u00e1p\u00e4stia pri n\u00e1bo\u017eensk\u00fdch obradoch. Je v\u00e4\u010d\u0161inou \u010derven\u00e1 alebo \u010derveno-\u017elt\u00e1 a vych\u00e1dza z podobnej my\u0161lienky. Tak\u00e9to paralely ukazuj\u00fa, \u017ee \u010derven\u00e1 ochrann\u00e1 nitka m\u00e1 ve\u013emi \u0161irok\u00fa, medzikult\u00farnu z\u00e1klad\u0148u.<\/p>\t\t\t\t\t\t\t\t<\/div>\n\t\t\t\t<\/div>\n\t\t\t\t\t<\/div>\n\t\t\t\t<\/div>\n\t\t<div class=\"elementor-element elementor-element-iwgs-roterfaden-s7 e-flex e-con-boxed e-con e-parent\" data-id=\"iwgs-roterfaden-s7\" data-element_type=\"container\" data-e-type=\"container\">\n\t\t\t\t\t<div class=\"e-con-inner\">\n\t\t\t\t<div class=\"elementor-element elementor-element-iwgs-roterfaden-s7h elementor-widget elementor-widget-heading\" data-id=\"iwgs-roterfaden-s7h\" data-element_type=\"widget\" data-e-type=\"widget\" data-widget_type=\"heading.default\">\n\t\t\t\t\t<h2 class=\"elementor-heading-title elementor-size-default\">Star\u00e9 korene a modern\u00e9 roz\u0161\u00edrenie<\/h2>\t\t\t\t<\/div>\n\t\t<div class=\"elementor-element elementor-element-iwgs-roterfaden-s7box e-con-full e-flex e-con e-parent\" data-id=\"iwgs-roterfaden-s7box\" data-element_type=\"container\" data-e-type=\"container\">\n\t\t\t\t<div class=\"elementor-element elementor-element-iwgs-roterfaden-s7t elementor-widget elementor-widget-text-editor\" data-id=\"iwgs-roterfaden-s7t\" data-element_type=\"widget\" data-e-type=\"widget\" data-widget_type=\"text-editor.default\">\n\t\t\t\t\t\t\t\t\t<p>Pri opise \u010dervenej nitky je d\u00f4le\u017eit\u00e9 rozli\u0161ova\u0165 dve \u00farovne. Jedna sa t\u00fdka star\u00fdch kore\u0148ov, druh\u00e1 modern\u00e9ho roz\u0161\u00edrenia. Obe spolu s\u00favisia, ale nie s\u00fa t\u00fdm ist\u00fdm.<\/p><p>Star\u00e9 korene le\u017eia v predstave o ochrannej sile \u010dervenej farby a v odovzd\u00e1van\u00fdch zvykoch odvraca\u0165 ne\u0161\u0165astie \u010derven\u00fdmi nitkami. Aj hebrejsk\u00e1 Biblia pozn\u00e1 \u010derven\u00fa alebo \u0161arl\u00e1tov\u00fa nitku v niektor\u00fdch s\u00favislostiach. Z\u00e1kladn\u00e1 my\u0161lienka je tak star\u00e1 a dobre dosved\u010den\u00e1.<\/p><p>Modern\u00e9 roz\u0161\u00edrenie sa naproti tomu t\u00fdka dnes zn\u00e1mej formy, n\u00e1ramku z hrobu Rachel. T\u00e1to konkr\u00e9tna podoba zvyku sa stala \u0161iroko vidite\u013enou a\u017e v posledn\u00fdch desa\u0165ro\u010diach. V\u010fa\u010d\u00ed za to predov\u0161etk\u00fdm sprostredkovaniu kabalistick\u00fdch my\u0161lienok \u0161irok\u00e9mu, medzin\u00e1rodn\u00e9mu publiku.<\/p><p>Presn\u00fd opis udr\u017eiava obe \u00farovne oddelen\u00e9. Uzn\u00e1va star\u00e9 korene \u010dervenej ochrannej nitky a z\u00e1rove\u0148 uv\u00e1dza, \u017ee dne\u0161n\u00e1, v\u0161eobecne zn\u00e1ma forma je mlad\u00e1. T\u00fdm sa \u010derven\u00e1 nitka ani umelo nezostar\u00ed, ani sa nezredukuje jej v\u00fdznam.<\/p><p>Aj hebrejsk\u00e1 Biblia pozn\u00e1 \u0161arl\u00e1tov\u00fa nitku v niektor\u00fdch pr\u00edbehoch, napr\u00edklad ako znamenie na okne alebo na ruke. Tieto miesta ukazuj\u00fa, \u017ee \u010derven\u00e1 nitka je ako v\u00fdznamupln\u00e9 znamenie star\u00e1. Nemo\u017eno ich v\u0161ak stoto\u017e\u0148ova\u0165 s dne\u0161n\u00fdm ochrann\u00fdm n\u00e1ramkom, ktor\u00fd je jeho neskor\u0161\u00edm prejavom.<\/p>\t\t\t\t\t\t\t\t<\/div>\n\t\t\t\t<\/div>\n\t\t\t\t\t<\/div>\n\t\t\t\t<\/div>\n\t\t<div class=\"elementor-element elementor-element-iwgs-roterfaden-s8 e-flex e-con-boxed e-con e-parent\" data-id=\"iwgs-roterfaden-s8\" data-element_type=\"container\" data-e-type=\"container\">\n\t\t\t\t\t<div class=\"e-con-inner\">\n\t\t\t\t<div class=\"elementor-element elementor-element-iwgs-roterfaden-s8h elementor-widget elementor-widget-heading\" data-id=\"iwgs-roterfaden-s8h\" data-element_type=\"widget\" data-e-type=\"widget\" data-widget_type=\"heading.default\">\n\t\t\t\t\t<h2 class=\"elementor-heading-title elementor-size-default\">S\u00fa\u010dasn\u00e1 recepcia<\/h2>\t\t\t\t<\/div>\n\t\t<div class=\"elementor-element elementor-element-iwgs-roterfaden-s8box e-con-full e-flex e-con e-parent\" data-id=\"iwgs-roterfaden-s8box\" data-element_type=\"container\" data-e-type=\"container\">\n\t\t\t\t<div class=\"elementor-element elementor-element-iwgs-roterfaden-s8t elementor-widget elementor-widget-text-editor\" data-id=\"iwgs-roterfaden-s8t\" data-element_type=\"widget\" data-e-type=\"widget\" data-widget_type=\"text-editor.default\">\n\t\t\t\t\t\t\t\t\t<p>\u010cerven\u00e1 nitka je dnes roz\u0161\u00edren\u00e1 po celom svete. Ako jednoduch\u00fd \u010derven\u00fd n\u00e1ramok sa \u013eahko vyr\u00e1ba, \u013eahko nos\u00ed a je pochopite\u013en\u00e1 bez oh\u013eadu na kult\u00farne hranice. T\u00e1to jednoduchos\u0165 podstatne prispela k jej r\u00fdchlemu \u0161\u00edreniu.<\/p><p>Pre niektor\u00fdch je \u010derven\u00e1 nitka znamen\u00edm s jasn\u00fdm n\u00e1bo\u017eensk\u00fdm a kabalistick\u00fdm pozad\u00edm. Pre in\u00fdch sa stala v\u0161eobecnou ochrannou a \u0161\u0165astnou stu\u017ekou, ktor\u00e1 sa nos\u00ed bez bli\u017e\u0161ej znalosti jej p\u00f4vodu. V m\u00f3de sa \u010derven\u00e1 stu\u017eka \u010dasto objavuje ako jednoduch\u00fd \u0161perk.<\/p><p>Tento posun v\u00fdznamu je pri roz\u0161\u00edren\u00fdch ochrann\u00fdch znameniach be\u017en\u00fd jav. Zo znamenia s pevn\u00fdm n\u00e1bo\u017eensk\u00fdm v\u00fdznamom sa st\u00e1va v\u0161eobecn\u00e9 znamenie ochrany, \u0161\u0165astia alebo duchovn\u00e9ho postoja. \u010cerven\u00e1 nitka pre\u0161la touto cestou za kr\u00e1tky \u010das.<\/p><p>V jadre v\u0161ak \u010derven\u00e1 nitka zost\u00e1va t\u00fdm, \u010d\u00edm v\u017edy bola, jednoduchou farebnou ochrannou stu\u017ekou. Pripom\u00edna, \u017ee ochrann\u00e9 znamenia nemusia by\u0165 vz\u00e1cne ani umelecky spracovan\u00e9. Tenk\u00e1 \u010derven\u00e1 nitka okolo z\u00e1p\u00e4stia sta\u010d\u00ed na to, aby zvidite\u013enila ve\u013emi star\u00fa a ve\u013emi roz\u0161\u00edren\u00fa predstavu.<\/p><p>Jednou z v\u00fdhod \u010dervenej nitky v s\u00fa\u010dasnosti je jej nen\u00e1padnos\u0165. Nen\u00e1padne sa prisp\u00f4sob\u00ed z\u00e1p\u00e4stiu a hod\u00ed sa tak aj do modern\u00e9ho ka\u017edodenn\u00e9ho \u017eivota, kde n\u00e1padn\u00e9 \u0161perky nie s\u00fa v\u017edy v\u00edtan\u00e9. T\u00e1to tich\u00e1 pr\u00edtomnos\u0165 prispela k pretrv\u00e1vaj\u00facej ob\u013eube tejto jednoduchej stu\u017eky.<\/p>\t\t\t\t\t\t\t\t<\/div>\n\t\t\t\t<\/div>\n\t\t\t\t\t<\/div>\n\t\t\t\t<\/div>\n\t\t<div class=\"elementor-element elementor-element-iwgs-roterfaden-lit e-flex e-con-boxed e-con e-parent\" data-id=\"iwgs-roterfaden-lit\" data-element_type=\"container\" data-e-type=\"container\">\n\t\t\t\t\t<div class=\"e-con-inner\">\n\t\t\t\t<div class=\"elementor-element elementor-element-iwgs-roterfaden-lith elementor-widget elementor-widget-heading\" data-id=\"iwgs-roterfaden-lith\" data-element_type=\"widget\" data-e-type=\"widget\" data-widget_type=\"heading.default\">\n\t\t\t\t\t<h2 class=\"elementor-heading-title elementor-size-default\">Literat\u00fara (v\u00fdber)<\/h2>\t\t\t\t<\/div>\n\t\t<div class=\"elementor-element elementor-element-iwgs-roterfaden-litbox e-con-full e-flex e-con e-parent\" data-id=\"iwgs-roterfaden-litbox\" data-element_type=\"container\" data-e-type=\"container\">\n\t\t\t\t<div class=\"elementor-element elementor-element-iwgs-roterfaden-litt elementor-widget elementor-widget-html\" data-id=\"iwgs-roterfaden-litt\" data-element_type=\"widget\" data-e-type=\"widget\" data-widget_type=\"html.default\">\n\t\t\t\t\t<footer data-nosnippet=\"true\"><ul><li>Joshua Trachtenberg: <em>Jewish Magic and Superstition<\/em> (1939)<\/li><li>Alan Dundes (ed.): <em>The Evil Eye. A Casebook<\/em> (1981)<\/li><li>T. Schrire: <em>Hebrew Amulets<\/em> (1966)<\/li><li>Siegfried Seligmann: <em>Der b\u00f6se Blick und Verwandtes<\/em> (1910)<\/li><li>Lexik\u00f3n judaizmu, \u010dl\u00e1nok o \u013eudovom zvyku a amulete<\/li><\/ul><\/footer>\t\t\t\t<\/div>\n\t\t\t\t<\/div>\n\t\t\t\t\t<\/div>\n\t\t\t\t<\/div>\n\t\t<div class=\"elementor-element elementor-element-iwgs-roterfaden-kwd e-flex e-con-boxed e-con e-parent\" data-id=\"iwgs-roterfaden-kwd\" data-element_type=\"container\" data-e-type=\"container\">\n\t\t\t\t\t<div class=\"e-con-inner\">\n\t\t\t\t<div class=\"elementor-element elementor-element-iwgs-roterfaden-kwdt elementor-widget elementor-widget-text-editor\" data-id=\"iwgs-roterfaden-kwdt\" data-element_type=\"widget\" data-e-type=\"widget\" data-widget_type=\"text-editor.default\">\n\t\t\t\t\t\t\t\t\t<p><em>S\u00favisiace k\u013e\u00fa\u010dov\u00e9 pojmy: \u010derven\u00e1 nitka ochrann\u00e1 stu\u017eka <span class=\"iwg-fachbegriff\" data-tooltip=\"Roz\u0161\u00edren\u00e1 predstava, \u017ee z\u00e1vistliv\u00fd poh\u013ead inej osoby m\u00f4\u017ee sp\u00f4sobi\u0165 \u0161kodu.\" tabindex=\"0\">zl\u00fd poh\u013ead<\/span> <span class=\"iwg-fachbegriff\" data-tooltip=\"Pr\u00fad \u017eidovskej mystiky s hlavn\u00fdmi dielami ako Sefer Jecira a Zohar.\" tabindex=\"0\">kabala<\/span> Rachel z\u00e1p\u00e4stie vlna ochrann\u00e1 farba \u010derven\u00e1.<\/em><\/p>\t\t\t\t\t\t\t\t<\/div>\n\t\t\t\t\t<\/div>\n\t\t\t\t<\/div>\n\t\t<div class=\"elementor-element elementor-element-iwgs-roterfaden-cc e-flex e-con-boxed e-con e-parent\" data-id=\"iwgs-roterfaden-cc\" data-element_type=\"container\" data-e-type=\"container\" id=\"iwg-cc-roter-faden\">\n\t\t\t\t\t<div class=\"e-con-inner\">\n\t\t<div class=\"elementor-element elementor-element-iwgs-roterfaden-ccinner e-flex e-con-boxed e-con e-parent\" data-id=\"iwgs-roterfaden-ccinner\" data-element_type=\"container\" data-e-type=\"container\" data-settings=\"{&quot;background_background&quot;:&quot;classic&quot;}\">\n\t\t\t\t\t<div class=\"e-con-inner\">\n\t\t\t\t<div class=\"elementor-element elementor-element-iwgs-roterfaden-cch elementor-widget elementor-widget-heading\" data-id=\"iwgs-roterfaden-cch\" data-element_type=\"widget\" data-e-type=\"widget\" data-widget_type=\"heading.default\">\n\t\t\t\t\t<h2 class=\"elementor-heading-title elementor-size-default\">iWell Guard a ochrann\u00e9 trad\u00edcie<\/h2>\t\t\t\t<\/div>\n\t\t\t\t<div class=\"elementor-element elementor-element-iwgs-roterfaden-cct elementor-widget elementor-widget-text-editor\" data-id=\"iwgs-roterfaden-cct\" data-element_type=\"widget\" data-e-type=\"widget\" data-widget_type=\"text-editor.default\">\n\t\t\t\t\t\t\t\t\t<p>iWell Guard sa nach\u00e1dza v kult\u00farno-historickej l\u00ednii nosite\u013en\u00fdch ochrann\u00fdch predmetov, ku ktorej patr\u00ed aj \u010derven\u00e1 ni\u0165. Modern\u00fd spolo\u010dn\u00edk pre \u013eud\u00ed, ktor\u00ed \u017eij\u00fa s ochrann\u00fdmi symbolmi: vyroben\u00fd v Nemecku, 41 vrstiev z prav\u00e9ho zlata, platiny a striebra, s 30-d\u0148ovou lehotou na vr\u00e1tenie.<\/p>\t\t\t\t\t\t\t\t<\/div>\n\t\t\t\t<div class=\"elementor-element elementor-element-iwgs-roterfaden-ccb iwg-cc-button iwg-cc-cta-2026-05-13 elementor-widget elementor-widget-jet-button\" data-id=\"iwgs-roterfaden-ccb\" data-element_type=\"widget\" data-e-type=\"widget\" data-widget_type=\"jet-button.default\">\n\t\t\t\t<div class=\"elementor-widget-container\">\n\t\t\t\t\t<div class=\"elementor-jet-button jet-elements\"><div class=\"jet-button__container\"><a class=\"jet-button__instance jet-button__instance--icon-left hover-effect-1\" href=\"\/schutzanhaenger-iwell-guard-kaufen\/?utm_source=iwell-guard.com&amp;utm_medium=info-box&amp;utm_campaign=schutzsymbole\"><div class=\"jet-button__plane jet-button__plane-normal\"><\/div><div class=\"jet-button__plane jet-button__plane-hover\"><\/div><div class=\"jet-button__state jet-button__state-normal\"><span class=\"jet-button__label\">Viac o iWell Guard<\/span><\/div><div class=\"jet-button__state jet-button__state-hover\"><span class=\"jet-button__label\">Viac o iWell Guard<\/span><\/div><\/a><\/div><\/div><style>.elementor-element.elementor-element-iwgs-roterfaden-ccb .jet-button__instance{width:320px;height:56px;}.elementor-element.elementor-element-iwgs-roterfaden-ccb .jet-button__state-normal .jet-button__label{text-align:center;margin:0px 0px 0px 0px;color:#1a1b20;font-family:Montserrat,sans-serif;font-size:13px;font-weight:400;letter-spacing:4px;line-height:1.714em;text-transform:uppercase;}.elementor-element.elementor-element-iwgs-roterfaden-ccb .jet-button__state-hover .jet-button__label{text-align:center;margin:0px 0px 0px 0px;color:#FECC76;font-family:Montserrat,sans-serif;font-size:13px;font-weight:400;letter-spacing:4px;line-height:1.714em;text-transform:uppercase;}.elementor-element.elementor-element-iwgs-roterfaden-ccb .jet-button__plane-normal{background-color:#FECC76;border-style:solid;border-color:#C99540;border-width:2px 2px 2px 2px;}.elementor-element.elementor-element-iwgs-roterfaden-ccb .jet-button__plane-hover{background-color:rgba(0,0,0,0.55);border-style:solid;border-color:#FECC76;border-width:2px 2px 2px 2px;}<\/style>\t\t\t\t<\/div>\n\t\t\t\t<\/div>\n\t\t\t\t<div class=\"elementor-element elementor-element-iwgs-roterfaden-ccd elementor-widget elementor-widget-text-editor\" data-id=\"iwgs-roterfaden-ccd\" data-element_type=\"widget\" data-e-type=\"widget\" data-widget_type=\"text-editor.default\">\n\t\t\t\t\t\t\t\t\t<p style=\"text-align:center;font-size:13px;opacity:0.7;margin-top:14px\" data-nosnippet=\"true\">Osobn\u00e9 sk\u00fasenosti sa m\u00f4\u017eu l\u00ed\u0161i\u0165. Nejde o zdravotn\u00edcku pom\u00f4cku. Nejde o pr\u00eds\u013eub lie\u010denia.<\/p>\t\t\t\t\t\t\t\t<\/div>\n\t\t\t\t\t<\/div>\n\t\t\t\t<\/div>\n\t\t\t\t\t<\/div>\n\t\t\t\t<\/div>\n\t\t<div class=\"elementor-element elementor-element-iwgs-roterfaden-disc e-flex e-con-boxed e-con e-parent\" data-id=\"iwgs-roterfaden-disc\" data-element_type=\"container\" data-e-type=\"container\">\n\t\t\t\t\t<div class=\"e-con-inner\">\n\t\t\t\t<div class=\"elementor-element elementor-element-iwgs-roterfaden-discw elementor-widget elementor-widget-html\" data-id=\"iwgs-roterfaden-discw\" data-element_type=\"widget\" data-e-type=\"widget\" data-widget_type=\"html.default\">\n\t\t\t\t\t<footer data-nosnippet=\"true\" class=\"iwg-disclaimer-block\"><p data-nosnippet=\"true\">iWell Guard <strong>nie je zdravotn\u00edcka pom\u00f4cka<\/strong> a nenahr\u00e1dza lek\u00e1rske ani psychoterapeutick\u00e9 lie\u010denie. Tu uveden\u00fd obsah predstavuje religionistick\u00e9 a kult\u00farno-historick\u00e9 zaradenie, nie pr\u00eds\u013eub duchovn\u00e9ho \u00fa\u010dinku.<\/p><\/footer>\t\t\t\t<\/div>\n\t\t\t\t\t<\/div>\n\t\t\t\t<\/div>\n\t\t\t\t<\/div>\n\t\t","protected":false},"excerpt":{"rendered":"","protected":false},"author":3,"featured_media":3511,"parent":0,"menu_order":0,"comment_status":"closed","ping_status":"closed","template":"elementor_header_footer","meta":{"_yoast_wpseo_focuskw":"\u010derven\u00e1 ni\u0165","_yoast_wpseo_title":"\u010cerven\u00e1 ni\u0165 \u2013 ochrann\u00e1 p\u00e1ska kabaly","_yoast_wpseo_metadesc":"\u010cerven\u00e1 ni\u0165 na z\u00e1p\u00e4st\u00ed sa pova\u017euje za ochranu proti zl\u00e9mu poh\u013eadu. Vysvetlenie p\u00f4vodu, kabalistick\u00e9ho pozadia a v\u00fdznamu.","_yoast_wpseo_meta-robots-noindex":"","_yoast_wpseo_canonical":"","_angie_page":false,"gefaehrdungsstufe":"","wesen_kultur":"","wesen_klasse":"","footnotes":""},"categories":[],"class_list":["post-158135","page","type-page","status-publish","has-post-thumbnail","hentry"],"yoast_head":"<!-- This site is optimized with the Yoast SEO Premium plugin v27.7 (Yoast SEO v28.3) - https:\/\/yoast.com\/product\/yoast-seo-premium-wordpress\/ -->\n<title>\u010cerven\u00e1 ni\u0165 \u2013 ochrann\u00e1 p\u00e1ska kabaly<\/title>\n<meta name=\"description\" content=\"\u010cerven\u00e1 ni\u0165 na z\u00e1p\u00e4st\u00ed sa pova\u017euje za ochranu proti zl\u00e9mu poh\u013eadu. Vysvetlenie p\u00f4vodu, kabalistick\u00e9ho pozadia a v\u00fdznamu.\" \/>\n<meta name=\"robots\" content=\"index, follow, max-snippet:-1, max-image-preview:large, max-video-preview:-1\" \/>\n<link rel=\"canonical\" href=\"https:\/\/iwell-guard.com\/sk\/cervena-nit-ochranna-paska\/\" \/>\n<meta property=\"og:locale\" content=\"sk_SK\" \/>\n<meta property=\"og:type\" content=\"article\" \/>\n<meta property=\"og:title\" content=\"\u010cerven\u00e1 ni\u0165 \u2013 ochrann\u00e1 p\u00e1ska proti zl\u00e9mu poh\u013eadu\" \/>\n<meta property=\"og:description\" content=\"\u010cerven\u00e1 ni\u0165 na z\u00e1p\u00e4st\u00ed sa pova\u017euje za ochranu proti zl\u00e9mu poh\u013eadu. Vysvetlenie p\u00f4vodu, kabalistick\u00e9ho pozadia a v\u00fdznamu.\" \/>\n<meta property=\"og:url\" content=\"https:\/\/iwell-guard.com\/sk\/cervena-nit-ochranna-paska\/\" \/>\n<meta property=\"og:site_name\" content=\"iWell Guard\" \/>\n<meta property=\"article:modified_time\" content=\"2026-09-04T22:52:13+00:00\" \/>\n<meta property=\"og:image\" content=\"https:\/\/iwell-guard.com\/wp-content\/uploads\/2026\/05\/schutzsymbol_judentum_roter-faden.webp\" \/>\n\t<meta property=\"og:image:width\" content=\"1024\" \/>\n\t<meta property=\"og:image:height\" content=\"1536\" \/>\n\t<meta property=\"og:image:type\" content=\"image\/webp\" \/>\n<meta name=\"twitter:card\" content=\"summary_large_image\" \/>\n<script type=\"application\/ld+json\" class=\"yoast-schema-graph\">{\"@context\":\"https:\\\/\\\/schema.org\",\"@graph\":[{\"@type\":\"WebPage\",\"@id\":\"https:\\\/\\\/iwell-guard.com\\\/sk\\\/cervena-nit-ochranna-paska\\\/\",\"url\":\"https:\\\/\\\/iwell-guard.com\\\/sk\\\/cervena-nit-ochranna-paska\\\/\",\"name\":\"\u010cerven\u00e1 ni\u0165 \u2013 ochrann\u00e1 p\u00e1ska kabaly\",\"isPartOf\":{\"@id\":\"https:\\\/\\\/iwell-guard.com\\\/sk\\\/#website\"},\"primaryImageOfPage\":{\"@id\":\"https:\\\/\\\/iwell-guard.com\\\/sk\\\/cervena-nit-ochranna-paska\\\/#primaryimage\"},\"image\":{\"@id\":\"https:\\\/\\\/iwell-guard.com\\\/sk\\\/cervena-nit-ochranna-paska\\\/#primaryimage\"},\"thumbnailUrl\":\"https:\\\/\\\/iwell-guard.com\\\/wp-content\\\/uploads\\\/2026\\\/05\\\/schutzsymbol_judentum_roter-faden.webp\",\"datePublished\":\"2026-09-04T22:22:37+00:00\",\"dateModified\":\"2026-09-04T22:52:13+00:00\",\"description\":\"\u010cerven\u00e1 ni\u0165 na z\u00e1p\u00e4st\u00ed sa pova\u017euje za ochranu proti zl\u00e9mu poh\u013eadu. Vysvetlenie p\u00f4vodu, kabalistick\u00e9ho pozadia a v\u00fdznamu.\",\"breadcrumb\":{\"@id\":\"https:\\\/\\\/iwell-guard.com\\\/sk\\\/cervena-nit-ochranna-paska\\\/#breadcrumb\"},\"inLanguage\":\"sk-SK\",\"potentialAction\":[{\"@type\":\"ReadAction\",\"target\":[\"https:\\\/\\\/iwell-guard.com\\\/sk\\\/cervena-nit-ochranna-paska\\\/\"]}]},{\"@type\":\"ImageObject\",\"inLanguage\":\"sk-SK\",\"@id\":\"https:\\\/\\\/iwell-guard.com\\\/sk\\\/cervena-nit-ochranna-paska\\\/#primaryimage\",\"url\":\"https:\\\/\\\/iwell-guard.com\\\/wp-content\\\/uploads\\\/2026\\\/05\\\/schutzsymbol_judentum_roter-faden.webp\",\"contentUrl\":\"https:\\\/\\\/iwell-guard.com\\\/wp-content\\\/uploads\\\/2026\\\/05\\\/schutzsymbol_judentum_roter-faden.webp\",\"width\":1024,\"height\":1536,\"caption\":\"Ochrann\u00fd symbol. Muze\u00e1lna ilustr\u00e1cia z\u00e1ti\u0161ia.\"},{\"@type\":\"BreadcrumbList\",\"@id\":\"https:\\\/\\\/iwell-guard.com\\\/sk\\\/cervena-nit-ochranna-paska\\\/#breadcrumb\",\"itemListElement\":[{\"@type\":\"ListItem\",\"position\":1,\"name\":\"Start\",\"item\":\"https:\\\/\\\/iwell-guard.com\\\/sk\\\/?page_id=157572\"},{\"@type\":\"ListItem\",\"position\":2,\"name\":\"\u010cerven\u00e1 ni\u0165 \u2013 ochrann\u00e1 p\u00e1ska proti zl\u00e9mu poh\u013eadu\"}]},{\"@type\":\"WebSite\",\"@id\":\"https:\\\/\\\/iwell-guard.com\\\/sk\\\/#website\",\"url\":\"https:\\\/\\\/iwell-guard.com\\\/sk\\\/\",\"name\":\"iWell Guard\",\"description\":\"Schutz vor dunklen Einfl\u00fcssen\",\"publisher\":{\"@id\":\"https:\\\/\\\/iwell-guard.com\\\/sk\\\/#organization\"},\"potentialAction\":[{\"@type\":\"SearchAction\",\"target\":{\"@type\":\"EntryPoint\",\"urlTemplate\":\"https:\\\/\\\/iwell-guard.com\\\/sk\\\/?s={search_term_string}\"},\"query-input\":{\"@type\":\"PropertyValueSpecification\",\"valueRequired\":true,\"valueName\":\"search_term_string\"}}],\"inLanguage\":\"sk-SK\"},{\"@type\":\"Organization\",\"@id\":\"https:\\\/\\\/iwell-guard.com\\\/sk\\\/#organization\",\"name\":\"Ittermann electronic GmbH\",\"url\":\"https:\\\/\\\/iwell-guard.com\\\/sk\\\/\",\"logo\":{\"@type\":\"ImageObject\",\"inLanguage\":\"sk-SK\",\"@id\":\"https:\\\/\\\/iwell-guard.com\\\/sk\\\/#\\\/schema\\\/logo\\\/image\\\/\",\"url\":\"https:\\\/\\\/iwell-guard.com\\\/wp-content\\\/uploads\\\/2026\\\/05\\\/Ittermann-Logo-1182x237-1.png\",\"contentUrl\":\"https:\\\/\\\/iwell-guard.com\\\/wp-content\\\/uploads\\\/2026\\\/05\\\/Ittermann-Logo-1182x237-1.png\",\"width\":1182,\"height\":237,\"caption\":\"Ittermann electronic GmbH\"},\"image\":{\"@id\":\"https:\\\/\\\/iwell-guard.com\\\/sk\\\/#\\\/schema\\\/logo\\\/image\\\/\"},\"sameAs\":[\"https:\\\/\\\/pantip.com\\\/profile\\\/9367242\",\"https:\\\/\\\/micro.blog\\\/iwellguard\",\"https:\\\/\\\/www.diggerslist.com\\\/iwellguard\\\/about\",\"https:\\\/\\\/skitterphoto.com\\\/photographers\\\/2870314\\\/iwell-guard\",\"https:\\\/\\\/iwellguard.wordpress.com\\\/2026\\\/06\\\/06\\\/iwell-guard\\\/\",\"https:\\\/\\\/hub.docker.com\\\/u\\\/iwellguard\",\"https:\\\/\\\/www.pinterest.com\\\/iwellguard\\\/\",\"https:\\\/\\\/bit.ly\\\/m\\\/iwellguard\",\"https:\\\/\\\/entre-vos-mains.alsace.eu\\\/profiles\\\/iwellguard\\\/activity\",\"https:\\\/\\\/gravatar.com\\\/reallybeded8fd34\",\"https:\\\/\\\/naijamatta.com\\\/iwellguard\",\"https:\\\/\\\/www.goodreads.com\\\/iwellguard\",\"https:\\\/\\\/profile.hatena.ne.jp\\\/iwellguard\\\/\",\"https:\\\/\\\/experiment.com\\\/users\\\/iwellguard\",\"https:\\\/\\\/wakelet.com\\\/@iWellGuard82270\",\"https:\\\/\\\/www.chordie.com\\\/forum\\\/profile.php?id=2555664\",\"https:\\\/\\\/www.instapaper.com\\\/p\\\/17757966\",\"https:\\\/\\\/www.mapleprimes.com\\\/users\\\/iwellguard\",\"https:\\\/\\\/businesslistingplus.com\\\/profile\\\/iwell-guard\\\/\",\"https:\\\/\\\/telegra.ph\\\/iWell-Guard-06-06\",\"https:\\\/\\\/pbase.com\\\/iwellguard\\\/iwellguard\",\"https:\\\/\\\/b.hatena.ne.jp\\\/iwellguard\\\/20260607#bookmark-4788405196491818882\",\"https:\\\/\\\/fliphtml5.com\\\/home\\\/iwellguard\",\"https:\\\/\\\/anyflip.com\\\/homepage\\\/cmiwl#About\",\"https:\\\/\\\/transfur.com\\\/Users\\\/iwellguard\",\"http:\\\/\\\/delphi.larsbo.org\\\/user\\\/iwellguard\",\"https:\\\/\\\/jobs.lajobsportal.org\\\/profiles\\\/8380803-iwell-guard\",\"https:\\\/\\\/md.chaosdorf.de\\\/s\\\/jfbe5SBdJD\",\"https:\\\/\\\/www.lingvolive.com\\\/en-us\\\/profile\\\/9ecaeaca-ce11-4e51-9e71-01d55e2bff36\\\/translations\",\"https:\\\/\\\/www.fitday.com\\\/fitness\\\/forums\\\/members\\\/iwellguard.html\",\"https:\\\/\\\/www.mymeetbook.com\\\/iwellguard\",\"https:\\\/\\\/pxhere.com\\\/en\\\/photographer-me\\\/5040798\",\"https:\\\/\\\/disqus.com\\\/by\\\/iwellguard\\\/about\\\/\",\"https:\\\/\\\/pastelink.net\\\/hjwciqwq\",\"https:\\\/\\\/pubhtml5.com\\\/homepage\\\/scjhn\\\/\",\"https:\\\/\\\/www.bitchute.com\\\/channel\\\/2O2eOKzNqujT\",\"https:\\\/\\\/audiomack.com\\\/iwellguard\"]}]}<\/script>\n<!-- \/ Yoast SEO Premium plugin. -->","yoast_head_json":{"title":"\u010cerven\u00e1 ni\u0165 \u2013 ochrann\u00e1 p\u00e1ska kabaly","description":"\u010cerven\u00e1 ni\u0165 na z\u00e1p\u00e4st\u00ed sa pova\u017euje za ochranu proti zl\u00e9mu poh\u013eadu. Vysvetlenie p\u00f4vodu, kabalistick\u00e9ho pozadia a v\u00fdznamu.","robots":{"index":"index","follow":"follow","max-snippet":"max-snippet:-1","max-image-preview":"max-image-preview:large","max-video-preview":"max-video-preview:-1"},"canonical":"https:\/\/iwell-guard.com\/sk\/cervena-nit-ochranna-paska\/","og_locale":"sk_SK","og_type":"article","og_title":"\u010cerven\u00e1 ni\u0165 \u2013 ochrann\u00e1 p\u00e1ska proti zl\u00e9mu poh\u013eadu","og_description":"\u010cerven\u00e1 ni\u0165 na z\u00e1p\u00e4st\u00ed sa pova\u017euje za ochranu proti zl\u00e9mu poh\u013eadu. Vysvetlenie p\u00f4vodu, kabalistick\u00e9ho pozadia a v\u00fdznamu.","og_url":"https:\/\/iwell-guard.com\/sk\/cervena-nit-ochranna-paska\/","og_site_name":"iWell Guard","article_modified_time":"2026-09-04T22:52:13+00:00","og_image":[{"width":1024,"height":1536,"url":"https:\/\/iwell-guard.com\/wp-content\/uploads\/2026\/05\/schutzsymbol_judentum_roter-faden.webp","type":"image\/webp"}],"twitter_card":"summary_large_image","schema":{"@context":"https:\/\/schema.org","@graph":[{"@type":"WebPage","@id":"https:\/\/iwell-guard.com\/sk\/cervena-nit-ochranna-paska\/","url":"https:\/\/iwell-guard.com\/sk\/cervena-nit-ochranna-paska\/","name":"\u010cerven\u00e1 ni\u0165 \u2013 ochrann\u00e1 p\u00e1ska kabaly","isPartOf":{"@id":"https:\/\/iwell-guard.com\/sk\/#website"},"primaryImageOfPage":{"@id":"https:\/\/iwell-guard.com\/sk\/cervena-nit-ochranna-paska\/#primaryimage"},"image":{"@id":"https:\/\/iwell-guard.com\/sk\/cervena-nit-ochranna-paska\/#primaryimage"},"thumbnailUrl":"https:\/\/iwell-guard.com\/wp-content\/uploads\/2026\/05\/schutzsymbol_judentum_roter-faden.webp","datePublished":"2026-09-04T22:22:37+00:00","dateModified":"2026-09-04T22:52:13+00:00","description":"\u010cerven\u00e1 ni\u0165 na z\u00e1p\u00e4st\u00ed sa pova\u017euje za ochranu proti zl\u00e9mu poh\u013eadu. Vysvetlenie p\u00f4vodu, kabalistick\u00e9ho pozadia a v\u00fdznamu.","breadcrumb":{"@id":"https:\/\/iwell-guard.com\/sk\/cervena-nit-ochranna-paska\/#breadcrumb"},"inLanguage":"sk-SK","potentialAction":[{"@type":"ReadAction","target":["https:\/\/iwell-guard.com\/sk\/cervena-nit-ochranna-paska\/"]}]},{"@type":"ImageObject","inLanguage":"sk-SK","@id":"https:\/\/iwell-guard.com\/sk\/cervena-nit-ochranna-paska\/#primaryimage","url":"https:\/\/iwell-guard.com\/wp-content\/uploads\/2026\/05\/schutzsymbol_judentum_roter-faden.webp","contentUrl":"https:\/\/iwell-guard.com\/wp-content\/uploads\/2026\/05\/schutzsymbol_judentum_roter-faden.webp","width":1024,"height":1536,"caption":"Ochrann\u00fd symbol. Muze\u00e1lna ilustr\u00e1cia z\u00e1ti\u0161ia."},{"@type":"BreadcrumbList","@id":"https:\/\/iwell-guard.com\/sk\/cervena-nit-ochranna-paska\/#breadcrumb","itemListElement":[{"@type":"ListItem","position":1,"name":"Start","item":"https:\/\/iwell-guard.com\/sk\/?page_id=157572"},{"@type":"ListItem","position":2,"name":"\u010cerven\u00e1 ni\u0165 \u2013 ochrann\u00e1 p\u00e1ska proti zl\u00e9mu poh\u013eadu"}]},{"@type":"WebSite","@id":"https:\/\/iwell-guard.com\/sk\/#website","url":"https:\/\/iwell-guard.com\/sk\/","name":"iWell Guard","description":"Schutz vor dunklen Einfl\u00fcssen","publisher":{"@id":"https:\/\/iwell-guard.com\/sk\/#organization"},"potentialAction":[{"@type":"SearchAction","target":{"@type":"EntryPoint","urlTemplate":"https:\/\/iwell-guard.com\/sk\/?s={search_term_string}"},"query-input":{"@type":"PropertyValueSpecification","valueRequired":true,"valueName":"search_term_string"}}],"inLanguage":"sk-SK"},{"@type":"Organization","@id":"https:\/\/iwell-guard.com\/sk\/#organization","name":"Ittermann electronic GmbH","url":"https:\/\/iwell-guard.com\/sk\/","logo":{"@type":"ImageObject","inLanguage":"sk-SK","@id":"https:\/\/iwell-guard.com\/sk\/#\/schema\/logo\/image\/","url":"https:\/\/iwell-guard.com\/wp-content\/uploads\/2026\/05\/Ittermann-Logo-1182x237-1.png","contentUrl":"https:\/\/iwell-guard.com\/wp-content\/uploads\/2026\/05\/Ittermann-Logo-1182x237-1.png","width":1182,"height":237,"caption":"Ittermann electronic GmbH"},"image":{"@id":"https:\/\/iwell-guard.com\/sk\/#\/schema\/logo\/image\/"},"sameAs":["https:\/\/pantip.com\/profile\/9367242","https:\/\/micro.blog\/iwellguard","https:\/\/www.diggerslist.com\/iwellguard\/about","https:\/\/skitterphoto.com\/photographers\/2870314\/iwell-guard","https:\/\/iwellguard.wordpress.com\/2026\/06\/06\/iwell-guard\/","https:\/\/hub.docker.com\/u\/iwellguard","https:\/\/www.pinterest.com\/iwellguard\/","https:\/\/bit.ly\/m\/iwellguard","https:\/\/entre-vos-mains.alsace.eu\/profiles\/iwellguard\/activity","https:\/\/gravatar.com\/reallybeded8fd34","https:\/\/naijamatta.com\/iwellguard","https:\/\/www.goodreads.com\/iwellguard","https:\/\/profile.hatena.ne.jp\/iwellguard\/","https:\/\/experiment.com\/users\/iwellguard","https:\/\/wakelet.com\/@iWellGuard82270","https:\/\/www.chordie.com\/forum\/profile.php?id=2555664","https:\/\/www.instapaper.com\/p\/17757966","https:\/\/www.mapleprimes.com\/users\/iwellguard","https:\/\/businesslistingplus.com\/profile\/iwell-guard\/","https:\/\/telegra.ph\/iWell-Guard-06-06","https:\/\/pbase.com\/iwellguard\/iwellguard","https:\/\/b.hatena.ne.jp\/iwellguard\/20260607#bookmark-4788405196491818882","https:\/\/fliphtml5.com\/home\/iwellguard","https:\/\/anyflip.com\/homepage\/cmiwl#About","https:\/\/transfur.com\/Users\/iwellguard","http:\/\/delphi.larsbo.org\/user\/iwellguard","https:\/\/jobs.lajobsportal.org\/profiles\/8380803-iwell-guard","https:\/\/md.chaosdorf.de\/s\/jfbe5SBdJD","https:\/\/www.lingvolive.com\/en-us\/profile\/9ecaeaca-ce11-4e51-9e71-01d55e2bff36\/translations","https:\/\/www.fitday.com\/fitness\/forums\/members\/iwellguard.html","https:\/\/www.mymeetbook.com\/iwellguard","https:\/\/pxhere.com\/en\/photographer-me\/5040798","https:\/\/disqus.com\/by\/iwellguard\/about\/","https:\/\/pastelink.net\/hjwciqwq","https:\/\/pubhtml5.com\/homepage\/scjhn\/","https:\/\/www.bitchute.com\/channel\/2O2eOKzNqujT","https:\/\/audiomack.com\/iwellguard"]}]}},"_links":{"self":[{"href":"https:\/\/iwell-guard.com\/sk\/wp-json\/wp\/v2\/pages\/158135","targetHints":{"allow":["GET"]}}],"collection":[{"href":"https:\/\/iwell-guard.com\/sk\/wp-json\/wp\/v2\/pages"}],"about":[{"href":"https:\/\/iwell-guard.com\/sk\/wp-json\/wp\/v2\/types\/page"}],"author":[{"embeddable":true,"href":"https:\/\/iwell-guard.com\/sk\/wp-json\/wp\/v2\/users\/3"}],"replies":[{"embeddable":true,"href":"https:\/\/iwell-guard.com\/sk\/wp-json\/wp\/v2\/comments?post=158135"}],"version-history":[{"count":0,"href":"https:\/\/iwell-guard.com\/sk\/wp-json\/wp\/v2\/pages\/158135\/revisions"}],"wp:featuredmedia":[{"embeddable":true,"href":"https:\/\/iwell-guard.com\/sk\/wp-json\/wp\/v2\/media\/3511"}],"wp:attachment":[{"href":"https:\/\/iwell-guard.com\/sk\/wp-json\/wp\/v2\/media?parent=158135"}],"wp:term":[{"taxonomy":"category","embeddable":true,"href":"https:\/\/iwell-guard.com\/sk\/wp-json\/wp\/v2\/categories?post=158135"}],"curies":[{"name":"wp","href":"https:\/\/api.w.org\/{rel}","templated":true}]}}