{"id":158133,"date":"2026-09-04T22:22:36","date_gmt":"2026-09-04T22:22:36","guid":{"rendered":"https:\/\/iwell-guard.com\/?page_id=158133"},"modified":"2026-09-04T22:52:11","modified_gmt":"2026-09-04T22:52:11","slug":"keltsky-kriz-vysoky-kriz-ochranny-symbol","status":"publish","type":"page","link":"https:\/\/iwell-guard.com\/sk\/keltsky-kriz-vysoky-kriz-ochranny-symbol\/","title":{"rendered":"Keltsk\u00fd kr\u00ed\u017e \u2013 vysok\u00fd kr\u00ed\u017e a ochrann\u00fd symbol"},"content":{"rendered":"\t\t<div data-elementor-type=\"wp-page\" data-elementor-id=\"158133\" class=\"elementor elementor-158133 elementor-3619 elementor-bc-flex-widget\" data-elementor-post-type=\"page\">\n\t\t\t\t<div class=\"elementor-element elementor-element-iwgs-keltischeskr-hero e-flex e-con-boxed e-con e-parent\" data-id=\"iwgs-keltischeskr-hero\" data-element_type=\"container\" data-e-type=\"container\">\n\t\t\t\t\t<div class=\"e-con-inner\">\n\t\t<div class=\"elementor-element elementor-element-iwgs-keltischeskr-hl e-flex e-con-boxed e-con e-parent\" data-id=\"iwgs-keltischeskr-hl\" data-element_type=\"container\" data-e-type=\"container\">\n\t\t\t\t\t<div class=\"e-con-inner\">\n\t\t<div class=\"elementor-element elementor-element-iwgs-keltischeskr-hlbox e-con-full e-flex e-con e-parent\" data-id=\"iwgs-keltischeskr-hlbox\" data-element_type=\"container\" data-e-type=\"container\">\n\t\t\t\t<div class=\"elementor-element elementor-element-iwgs-keltischeskr-h1 elementor-widget elementor-widget-heading\" data-id=\"iwgs-keltischeskr-h1\" data-element_type=\"widget\" data-e-type=\"widget\" data-widget_type=\"heading.default\">\n\t\t\t\t\t<h1 class=\"elementor-heading-title elementor-size-default\">Keltsk\u00fd kr\u00ed\u017e \u2013 vysok\u00fd kr\u00ed\u017e a kres\u0165ansk\u00fd ochrann\u00fd symbol<\/h1>\t\t\t\t<\/div>\n\t\t\t\t<div class=\"elementor-element elementor-element-iwgs-keltischeskr-lead elementor-widget elementor-widget-text-editor\" data-id=\"iwgs-keltischeskr-lead\" data-element_type=\"widget\" data-e-type=\"widget\" data-widget_type=\"text-editor.default\">\n\t\t\t\t\t\t\t\t\t<p>Keltsk\u00fd kr\u00ed\u017e sp\u00e1ja tvar kr\u00ed\u017ea s kruhom okolo priese\u010dn\u00edka ramien. Odv\u00edja sa od kamenn\u00fdch vysok\u00fdch kr\u00ed\u017eov \u00cdrska a Britsk\u00e9ho ostrova a patr\u00ed medzi najp\u00f4sobivej\u0161ie kres\u0165ansk\u00e9 pamiatky ran\u00e9ho stredoveku.<\/p>\t\t\t\t\t\t\t\t<\/div>\n\t\t\t\t<\/div>\n\t\t\t\t<div class=\"elementor-element elementor-element-iwgs-keltischeskr-pills elementor-widget elementor-widget-html\" data-id=\"iwgs-keltischeskr-pills\" data-element_type=\"widget\" data-e-type=\"widget\" data-widget_type=\"html.default\">\n\t\t\t\t\t<div class=\"iwg-pill-row\"><span class=\"iwg-klasse-badge\" tabindex=\"0\" data-tooltip=\"Ochrann\u00fd symbol, amulet alebo apotropajn\u00fd predmet.\">Ochrann\u00fd symbol<\/span><a href=\"https:\/\/iwell-guard.com\/sk\/keltska\/\" class=\"iwg-kultur-badge\" tabindex=\"0\" data-tooltip=\"Ochrann\u00e1 trad\u00edcia: Keltsk\u00e1\">Keltsk\u00e1<\/a><span class=\"iwg-tradition-badge\" tabindex=\"0\" data-tooltip=\"Symbol z kres\u0165ansk\u00e9ho duchovn\u00e9ho sveta.\">Kres\u0165ansk\u00fd symbol<\/span><\/div>\t\t\t\t<\/div>\n\t\t\t\t\t<\/div>\n\t\t\t\t<\/div>\n\t\t<div class=\"elementor-element elementor-element-iwgs-keltischeskr-hr e-con-full e-flex e-con e-parent\" data-id=\"iwgs-keltischeskr-hr\" data-element_type=\"container\" data-e-type=\"container\">\n\t\t\t\t<div class=\"elementor-element elementor-element-iwgs-keltischeskr-himg iwg-hero-image elementor-widget elementor-widget-image\" data-id=\"iwgs-keltischeskr-himg\" data-element_type=\"widget\" data-e-type=\"widget\" data-widget_type=\"image.default\">\n\t\t\t\t\t\t\t\t\t\t\t\t\t\t\t<img fetchpriority=\"high\" decoding=\"async\" width=\"683\" height=\"1024\" src=\"https:\/\/iwell-guard.com\/wp-content\/uploads\/2026\/05\/schutzsymbol_keltisch_keltisches-kreuz-683x1024.webp\" class=\"attachment-large size-large wp-image-159554\" alt=\"Keltsk\u00fd kr\u00ed\u017e \u2013 ochrann\u00fd symbol, m\u00fazejn\u00e1 ilustr\u00e1cia\" srcset=\"https:\/\/iwell-guard.com\/wp-content\/uploads\/2026\/05\/schutzsymbol_keltisch_keltisches-kreuz-683x1024.webp 683w, https:\/\/iwell-guard.com\/wp-content\/uploads\/2026\/05\/schutzsymbol_keltisch_keltisches-kreuz-200x300.webp 200w, https:\/\/iwell-guard.com\/wp-content\/uploads\/2026\/05\/schutzsymbol_keltisch_keltisches-kreuz-768x1152.webp 768w, https:\/\/iwell-guard.com\/wp-content\/uploads\/2026\/05\/schutzsymbol_keltisch_keltisches-kreuz.webp 1024w\" sizes=\"(max-width: 683px) 100vw, 683px\" \/>\t\t\t\t\t\t\t\t\t\t\t\t\t\t\t<\/div>\n\t\t\t\t<\/div>\n\t\t\t\t\t<\/div>\n\t\t\t\t<\/div>\n\t\t<div class=\"elementor-element elementor-element-iwgs-keltischeskr-s0 e-flex e-con-boxed e-con e-parent\" data-id=\"iwgs-keltischeskr-s0\" data-element_type=\"container\" data-e-type=\"container\">\n\t\t\t\t\t<div class=\"e-con-inner\">\n\t\t\t\t<div class=\"elementor-element elementor-element-iwgs-keltischeskr-s0h elementor-widget elementor-widget-heading\" data-id=\"iwgs-keltischeskr-s0h\" data-element_type=\"widget\" data-e-type=\"widget\" data-widget_type=\"heading.default\">\n\t\t\t\t\t<h2 class=\"elementor-heading-title elementor-size-default\">Zaradenie<\/h2>\t\t\t\t<\/div>\n\t\t<div class=\"elementor-element elementor-element-iwgs-keltischeskr-s0box e-con-full e-flex e-con e-parent\" data-id=\"iwgs-keltischeskr-s0box\" data-element_type=\"container\" data-e-type=\"container\">\n\t\t\t\t<div class=\"elementor-element elementor-element-iwgs-keltischeskr-s0t elementor-widget elementor-widget-text-editor\" data-id=\"iwgs-keltischeskr-s0t\" data-element_type=\"widget\" data-e-type=\"widget\" data-widget_type=\"text-editor.default\">\n\t\t\t\t\t\t\t\t\t<p>Keltsk\u00fd kr\u00ed\u017e je osobitn\u00e1 forma kres\u0165ansk\u00e9ho kr\u00ed\u017ea. Jeho charakteristick\u00fdm znakom je kruh, ktor\u00fd obop\u00edna priese\u010dn\u00edk zvisl\u00e9ho a prie\u010dneho ramena. Toto spojenie kr\u00ed\u017ea a kruhu rob\u00ed symbol nezamenite\u013en\u00fdm. Patr\u00ed medzi najzn\u00e1mej\u0161ie symboly sp\u00e1jan\u00e9 so svetom formovan\u00fdm <a href=\"https:\/\/iwell-guard.com\/sk\/keltska\/\">keltskou<\/a> kult\u00farou.<\/p><p>Svoj p\u00f4vod m\u00e1 keltsk\u00fd kr\u00ed\u017e v kamenn\u00fdch vysok\u00fdch kr\u00ed\u017eoch \u00cdrska a Britsk\u00e9ho ostrova. Tieto kr\u00ed\u017ee vznikli v ranom stredoveku a patria medzi ve\u013ek\u00e9 svedectv\u00e1 insul\u00e1rneho kres\u0165ansk\u00e9ho umenia. Keltsk\u00fd kr\u00ed\u017e bol teda najsk\u00f4r pamiatkou a a\u017e nesk\u00f4r sa stal nosenou ozdobou.<\/p><p>V dejin\u00e1ch umenia je keltsk\u00fd kr\u00ed\u017e dobre presk\u00faman\u00fd. Jeho hist\u00f3riu mo\u017eno sledova\u0165 na z\u00e1klade zachovan\u00fdch kamenn\u00fdch kr\u00ed\u017eov. T\u00e1to dobr\u00e1 pramenn\u00e1 z\u00e1klad\u0148a umo\u017e\u0148uje presn\u00fd popis. T\u00fdm sa l\u00ed\u0161i od symbolov, ktor\u00fdch p\u00f4vod zost\u00e1va nezn\u00e1my.<\/p><p>Ako ochrann\u00fd symbol patr\u00ed keltsk\u00fd kr\u00ed\u017e kres\u0165anstvu. Pod\u013ea kres\u0165ansk\u00e9ho ch\u00e1pania chr\u00e1ni preto, \u017ee zobrazuje Kristov kr\u00ed\u017e a odkazuje na jeho v\u00ed\u0165azstvo nad smr\u0165ou. Kruh k tomu pristupuje ako doplnkov\u00fd prvok. Keltsk\u00fd kr\u00ed\u017e je tak samostatnou podobou v\u0161eobecn\u00e9ho kres\u0165ansk\u00e9ho znamenia kr\u00ed\u017ea.<\/p>\t\t\t\t\t\t\t\t<\/div>\n\t\t\t\t<\/div>\n\t\t\t\t\t<\/div>\n\t\t\t\t<\/div>\n\t\t<div class=\"elementor-element elementor-element-iwgs-keltischeskr-s1 e-flex e-con-boxed e-con e-parent\" data-id=\"iwgs-keltischeskr-s1\" data-element_type=\"container\" data-e-type=\"container\">\n\t\t\t\t\t<div class=\"e-con-inner\">\n\t\t\t\t<div class=\"elementor-element elementor-element-iwgs-keltischeskr-s1h elementor-widget elementor-widget-heading\" data-id=\"iwgs-keltischeskr-s1h\" data-element_type=\"widget\" data-e-type=\"widget\" data-widget_type=\"heading.default\">\n\t\t\t\t\t<h2 class=\"elementor-heading-title elementor-size-default\">Podoba: kr\u00ed\u017e a kruh<\/h2>\t\t\t\t<\/div>\n\t\t<div class=\"elementor-element elementor-element-iwgs-keltischeskr-s1box e-con-full e-flex e-con e-parent\" data-id=\"iwgs-keltischeskr-s1box\" data-element_type=\"container\" data-e-type=\"container\">\n\t\t\t\t<div class=\"elementor-element elementor-element-iwgs-keltischeskr-s1t elementor-widget elementor-widget-text-editor\" data-id=\"iwgs-keltischeskr-s1t\" data-element_type=\"widget\" data-e-type=\"widget\" data-widget_type=\"text-editor.default\">\n\t\t\t\t\t\t\t\t\t<p>Z\u00e1kladn\u00fd tvar keltsk\u00e9ho kr\u00ed\u017ea je r\u00fdchlo pop\u00edsan\u00fd. Je to kr\u00ed\u017e, ktor\u00e9ho \u0161tyri ramen\u00e1 pret\u00edna alebo obop\u00edna kruh. Kruh sa nach\u00e1dza presne v mieste, kde sa zvisl\u00e9 a prie\u010dne rameno pret\u00ednaj\u00fa. Sp\u00e1ja tak v\u0161etky \u0161tyri ramen\u00e1.<\/p><p>Proporcie sa m\u00f4\u017eu l\u00ed\u0161i\u0165. Pri niektor\u00fdch keltsk\u00fdch kr\u00ed\u017eoch je zvisl\u00e9 ramen v\u00fdrazne pred\u013a\u017een\u00e9, tak\u017ee z\u00e1kladn\u00fd tvar pripom\u00edna latinsk\u00fd kr\u00ed\u017e. Pri in\u00fdch s\u00fa ramen\u00e1 pribli\u017ene rovnako dlh\u00e9, \u010do sa bl\u00ed\u017ei gr\u00e9ckemu kr\u00ed\u017eu. Kruh zost\u00e1va vo v\u0161etk\u00fdch pr\u00edpadoch spojuj\u00facim znakom.<\/p><p>O v\u00fdzname kruhu existuj\u00fa r\u00f4zne \u00favahy. Z \u010disto stavebn\u00e9ho h\u013eadiska d\u00e1val kruh \u010faleko vy\u010dnievaj\u00facim ramen\u00e1m kamenn\u00e9ho kr\u00ed\u017ea oporu a stabilitu. Br\u00e1nil tomu, aby sa vo\u013ene stojace ramen\u00e1 odlomili. Toto praktick\u00e9 vysvetlenie je dobre zrozumite\u013en\u00e9.<\/p><p>Okrem stavebn\u00e9ho \u00fa\u010delu mohol by\u0165 kruh vykladan\u00fd aj inak. Roz\u0161\u00edren\u00fd je v\u00fdklad ako symbol ve\u010dnosti alebo ako <span class=\"iwg-fachbegriff\" data-tooltip=\"V\u00fdsti\u017en\u00fd obraz, ktor\u00fd predstavuje abstraktn\u00fa my\u0161lienku.\" tabindex=\"0\">obraz<\/span> slnka a svetla. Ak\u00fd v\u00fdklad mali stavitelia na mysli, sa nie v\u017edy d\u00e1 zisti\u0165. Ist\u00e9 je, \u017ee kruh d\u00e1va keltsk\u00e9mu kr\u00ed\u017eu jeho osobit\u00fa, uzavret\u00fa podobu.<\/p>\t\t\t\t\t\t\t\t<\/div>\n\t\t\t\t<\/div>\n\t\t\t\t\t<\/div>\n\t\t\t\t<\/div>\n\t\t<div class=\"elementor-element elementor-element-iwgs-keltischeskr-s2 e-flex e-con-boxed e-con e-parent\" data-id=\"iwgs-keltischeskr-s2\" data-element_type=\"container\" data-e-type=\"container\">\n\t\t\t\t\t<div class=\"e-con-inner\">\n\t\t\t\t<div class=\"elementor-element elementor-element-iwgs-keltischeskr-s2h elementor-widget elementor-widget-heading\" data-id=\"iwgs-keltischeskr-s2h\" data-element_type=\"widget\" data-e-type=\"widget\" data-widget_type=\"heading.default\">\n\t\t\t\t\t<h2 class=\"elementor-heading-title elementor-size-default\">Vysok\u00e9 kr\u00ed\u017ee \u00cdrska a Britsk\u00e9ho ostrova<\/h2>\t\t\t\t<\/div>\n\t\t<div class=\"elementor-element elementor-element-iwgs-keltischeskr-s2box e-con-full e-flex e-con e-parent\" data-id=\"iwgs-keltischeskr-s2box\" data-element_type=\"container\" data-e-type=\"container\">\n\t\t\t\t<div class=\"elementor-element elementor-element-iwgs-keltischeskr-s2t elementor-widget elementor-widget-text-editor\" data-id=\"iwgs-keltischeskr-s2t\" data-element_type=\"widget\" data-e-type=\"widget\" data-widget_type=\"text-editor.default\">\n\t\t\t\t\t\t\t\t\t<p>Skuto\u010dnou domovinou keltsk\u00e9ho kr\u00ed\u017ea s\u00fa vysok\u00e9 kr\u00ed\u017ee. T\u00fdmto pojmom sa ozna\u010duj\u00fa ve\u013ek\u00e9, vo\u013ene stojace kamenn\u00e9 kr\u00ed\u017ee, ktor\u00e9 vznikli v ranom stredoveku v \u00cdrsku a v \u010dasti Britsk\u00e9ho ostrova. Niektor\u00e9 z t\u00fdchto kr\u00ed\u017eov dosahuj\u00fa zna\u010dn\u00fa v\u00fd\u0161ku.<\/p><p>Vysok\u00e9 kr\u00ed\u017ee vznikali v priebehu viacer\u00fdch storo\u010d\u00ed. Ich ve\u013ek\u00fd rozmach nastal v ranom a vrcholnom stredoveku. Stavali sa pri kl\u00e1\u0161toroch, kostoloch a na v\u00fdzna\u010dn\u00fdch miestach. Mnoh\u00e9 z nich sa zachovali dodnes a stoja st\u00e1le na svojom p\u00f4vodnom mieste.<\/p><p>Tieto kamenn\u00e9 kr\u00ed\u017ee s\u00fa umelecky spracovan\u00e9. Ich povrch je cel\u00fd pokryt\u00fd rezbami. Okrem prepletan\u00e9ho ornamentu, ktor\u00fd je typick\u00fd pre insul\u00e1rne umenie, nesie mnoho vysok\u00fdch kr\u00ed\u017eov aj figur\u00e1lne zobrazenia. Patria medzi najv\u00fdznamnej\u0161ie diela svojej doby.<\/p><p>Vysok\u00e9 kr\u00ed\u017ee s\u00fa t\u00fdm, z \u010doho vznikol keltsk\u00fd kr\u00ed\u017e ako symbol. Ka\u017ed\u00e9 neskor\u0161ie pou\u017eitie tejto formy, \u010di ako n\u00e1hrobn\u00fd kame\u0148 alebo ako pr\u00edvesok, sa v kone\u010dnom d\u00f4sledku odv\u00edja od t\u00fdchto kamenn\u00fdch pamiatok. Kto chce pochopi\u0165 keltsk\u00fd kr\u00ed\u017e, mus\u00ed za\u010da\u0165 pri vysok\u00fdch kr\u00ed\u017eoch.<\/p>\t\t\t\t\t\t\t\t<\/div>\n\t\t\t\t<\/div>\n\t\t\t\t\t<\/div>\n\t\t\t\t<\/div>\n\t\t<div class=\"elementor-element elementor-element-iwgs-keltischeskr-s3 e-flex e-con-boxed e-con e-parent\" data-id=\"iwgs-keltischeskr-s3\" data-element_type=\"container\" data-e-type=\"container\">\n\t\t\t\t\t<div class=\"e-con-inner\">\n\t\t\t\t<div class=\"elementor-element elementor-element-iwgs-keltischeskr-s3h elementor-widget elementor-widget-heading\" data-id=\"iwgs-keltischeskr-s3h\" data-element_type=\"widget\" data-e-type=\"widget\" data-widget_type=\"heading.default\">\n\t\t\t\t\t<h2 class=\"elementor-heading-title elementor-size-default\">Funkcia kamenn\u00fdch kr\u00ed\u017eov<\/h2>\t\t\t\t<\/div>\n\t\t<div class=\"elementor-element elementor-element-iwgs-keltischeskr-s3box e-con-full e-flex e-con e-parent\" data-id=\"iwgs-keltischeskr-s3box\" data-element_type=\"container\" data-e-type=\"container\">\n\t\t\t\t<div class=\"elementor-element elementor-element-iwgs-keltischeskr-s3t elementor-widget elementor-widget-text-editor\" data-id=\"iwgs-keltischeskr-s3t\" data-element_type=\"widget\" data-e-type=\"widget\" data-widget_type=\"text-editor.default\">\n\t\t\t\t\t\t\t\t\t<p>Vysok\u00e9 kr\u00ed\u017ee mali v ranostredovekom \u017eivote viacero \u00faloh. Jednou z d\u00f4le\u017eit\u00fdch funkci\u00ed bola funkcia kazate\u013esk\u00e9ho kr\u00ed\u017ea. Pri tak\u00fdch kr\u00ed\u017eoch sa mohla zhroma\u017e\u010fova\u0165 obec a ich v\u00fdzdoba sl\u00fa\u017eila na sprostredkovanie kres\u0165ansk\u00e9ho u\u010denia. Kr\u00ed\u017e bol tak miestom ohlasovania.<\/p><p>In\u00e9 vysok\u00e9 kr\u00ed\u017ee vyzna\u010dovali hranice. Ozna\u010dovali rozsah kl\u00e1\u0161torn\u00e9ho pozemku alebo posv\u00e4ten\u00e9ho \u00fazemia. Kto k tak\u00e9mu kr\u00ed\u017eu dorazil, vedel, \u017ee vstupuje do osobit\u00e9ho, chr\u00e1nen\u00e9ho priestoru. Kr\u00ed\u017e t\u00fato hranicu z\u00e1rove\u0148 chr\u00e1nil a vyzna\u010doval.<\/p><p>Vysok\u00e9 kr\u00ed\u017ee sl\u00fa\u017eili aj ako pam\u00e4tn\u00edk a pripomienkov\u00fd symbol. Niektor\u00e9 boli postaven\u00e9 na pamiatku os\u00f4b alebo udalost\u00ed a nosili pr\u00edslu\u0161n\u00e9 n\u00e1pisy. Udr\u017eiavali spomienku a stavali ozna\u010den\u00e9 miesto pod znak Krista.<\/p><p>Vo v\u0161etk\u00fdch t\u00fdchto funkci\u00e1ch bol keltsk\u00fd kr\u00ed\u017e viac ne\u017e len ozdoba. Usporad\u00faval priestor, sprostredk\u00faval obsah viery a chr\u00e1nil \u00fazemia. Toto spojenie v\u00fdznamu a praktick\u00e9ho \u00fa\u017eitku je typick\u00e9 pre stredovek\u00fa svet. Vysok\u00fd kr\u00ed\u017e bol n\u00e1bo\u017eensk\u00fdm symbolom a u\u017eito\u010dn\u00fdm znamen\u00edm z\u00e1rove\u0148.<\/p>\t\t\t\t\t\t\t\t<\/div>\n\t\t\t\t<\/div>\n\t\t\t\t\t<\/div>\n\t\t\t\t<\/div>\n\t\t<div class=\"elementor-element elementor-element-iwgs-keltischeskr-s4 e-flex e-con-boxed e-con e-parent\" data-id=\"iwgs-keltischeskr-s4\" data-element_type=\"container\" data-e-type=\"container\">\n\t\t\t\t\t<div class=\"e-con-inner\">\n\t\t\t\t<div class=\"elementor-element elementor-element-iwgs-keltischeskr-s4h elementor-widget elementor-widget-heading\" data-id=\"iwgs-keltischeskr-s4h\" data-element_type=\"widget\" data-e-type=\"widget\" data-widget_type=\"heading.default\">\n\t\t\t\t\t<h2 class=\"elementor-heading-title elementor-size-default\">Obrazov\u00e9 programy vysok\u00fdch kr\u00ed\u017eov<\/h2>\t\t\t\t<\/div>\n\t\t<div class=\"elementor-element elementor-element-iwgs-keltischeskr-s4box e-con-full e-flex e-con e-parent\" data-id=\"iwgs-keltischeskr-s4box\" data-element_type=\"container\" data-e-type=\"container\">\n\t\t\t\t<div class=\"elementor-element elementor-element-iwgs-keltischeskr-s4t elementor-widget elementor-widget-text-editor\" data-id=\"iwgs-keltischeskr-s4t\" data-element_type=\"widget\" data-e-type=\"widget\" data-widget_type=\"text-editor.default\">\n\t\t\t\t\t\t\t\t\t<p>Mnoh\u00e9 vysok\u00e9 kr\u00ed\u017ee nes\u00fa rozsiahle obrazov\u00e9 programy. Na ich ploch\u00e1ch s\u00fa zobrazen\u00e9 cel\u00e9 radu sc\u00e9n, ktor\u00e9 s\u00fa starostlivo rozdelen\u00e9 do pol\u00ed. Tieto obrazy nie s\u00fa zoraden\u00e9 n\u00e1hodne, ale sleduj\u00fa premyslen\u00fa koncepciu.<\/p><p>Zobrazenia v\u00e4\u010d\u0161inou ukazuj\u00fa sc\u00e9ny z Biblie. Pr\u00edbehy zo Star\u00e9ho a Nov\u00e9ho z\u00e1kona s\u00fa umiestnen\u00e9 ved\u013ea seba. Sc\u00e9ny boli \u010dasto vybran\u00e9 tak, aby sa na seba vz\u00e1jomne vz\u0165ahovali a spolo\u010dne vytv\u00e1rali teologick\u00e9 posolstvo. Vysok\u00fd kr\u00ed\u017e sa tak stal obr\u00e1zkovou knihou v kameni.<\/p><p>Pre \u013eud\u00ed ran\u00e9ho stredoveku mali tieto obrazov\u00e9 programy d\u00f4le\u017eit\u00fa \u00falohu. Mnoh\u00ed nevedeli \u010d\u00edta\u0165 a obrazy im sprostredkovali k\u013e\u00fa\u010dov\u00e9 pr\u00edbehy viery. Vysok\u00fd kr\u00ed\u017e bol tak prostriedkom ohlasovania, ktor\u00fd sa zaobi\u0161iel bez p\u00edsma. Prihov\u00e1ral sa obrazom.<\/p><p>Tieto obrazov\u00e9 programy robia z vysok\u00fdch kr\u00ed\u017eov hodnotn\u00e9 pramene. Ukazuj\u00fa, ktor\u00e9 biblick\u00e9 sc\u00e9ny boli pre \u013eud\u00ed tej doby d\u00f4le\u017eit\u00e9 a ako boli vykladan\u00e9. Keltsk\u00fd kr\u00ed\u017e je tak nielen znakom, ale aj bohat\u00fdm nosite\u013eom obrazov a v\u00fdznamov.<\/p>\t\t\t\t\t\t\t\t<\/div>\n\t\t\t\t<\/div>\n\t\t\t\t\t<\/div>\n\t\t\t\t<\/div>\n\t\t<div class=\"elementor-element elementor-element-iwgs-keltischeskr-s5 e-flex e-con-boxed e-con e-parent\" data-id=\"iwgs-keltischeskr-s5\" data-element_type=\"container\" data-e-type=\"container\">\n\t\t\t\t\t<div class=\"e-con-inner\">\n\t\t\t\t<div class=\"elementor-element elementor-element-iwgs-keltischeskr-s5h elementor-widget elementor-widget-heading\" data-id=\"iwgs-keltischeskr-s5h\" data-element_type=\"widget\" data-e-type=\"widget\" data-widget_type=\"heading.default\">\n\t\t\t\t\t<h2 class=\"elementor-heading-title elementor-size-default\">Legenda o p\u00f4vode<\/h2>\t\t\t\t<\/div>\n\t\t<div class=\"elementor-element elementor-element-iwgs-keltischeskr-s5box e-con-full e-flex e-con e-parent\" data-id=\"iwgs-keltischeskr-s5box\" data-element_type=\"container\" data-e-type=\"container\">\n\t\t\t\t<div class=\"elementor-element elementor-element-iwgs-keltischeskr-s5t elementor-widget elementor-widget-text-editor\" data-id=\"iwgs-keltischeskr-s5t\" data-element_type=\"widget\" data-e-type=\"widget\" data-widget_type=\"text-editor.default\">\n\t\t\t\t\t\t\t\t\t<p>O vzniku keltsk\u00e9ho kr\u00ed\u017ea existuje zn\u00e1ma <span class=\"iwg-fachbegriff\" data-tooltip=\"Vzdel\u00e1vacie rozpr\u00e1vanie, v\u00e4\u010d\u0161inou o \u017eivote sv\u00e4t\u00fdch.\" tabindex=\"0\">legenda<\/span>. Pripisuje spojenie kr\u00ed\u017ea a kruhu sv\u00e4t\u00e9mu Patrikovi, mision\u00e1rovi \u00cdrska. Pod\u013ea tohto rozpr\u00e1vania Patrik spojil kres\u0165ansk\u00fd kr\u00ed\u017e s kruhom, ktor\u00fd predstavoval predkres\u0165ansk\u00fd znak slnka.<\/p><p>Zmysel tejto <span class=\"iwg-fachbegriff\" data-tooltip=\"Vzdel\u00e1vacie rozpr\u00e1vanie, v\u00e4\u010d\u0161inou o \u017eivote sv\u00e4t\u00fdch.\" tabindex=\"0\">legendy<\/span> je zrejm\u00fd. Vyklad\u00e1 keltsk\u00fd kr\u00ed\u017e ako znak stretnutia. Nov\u00fd kres\u0165ansk\u00fd kr\u00ed\u017e a star\u00fd znak zasv\u00e4ten\u00fd slnku sa v \u0148om mali spoji\u0165. T\u00fdmto sp\u00f4sobom mal Patrik \u013eu\u010fom pribl\u00ed\u017ei\u0165 nov\u00fa vieru.<\/p><p>Ako mnoh\u00e9 legendy o p\u00f4vode, aj tento pr\u00edbeh treba bra\u0165 s ur\u010ditou opatrnos\u0165ou. Je to v\u00fdkladov\u00e9 rozpr\u00e1vanie, nie overen\u00e1 historick\u00e1 spr\u00e1va. \u010ci kruhov\u00e1 forma naozaj vznikla zo znaku slnka, sa ned\u00e1 dok\u00e1za\u0165. Stavebn\u00e9 vysvetlenie, ktor\u00e9 vid\u00ed v kruhu podperu kamenn\u00fdch ramien, je prinajmen\u0161om rovnako presved\u010div\u00e9.<\/p><p>Napriek tomu je <span class=\"iwg-fachbegriff\" data-tooltip=\"Vzdel\u00e1vacie rozpr\u00e1vanie, v\u00e4\u010d\u0161inou o \u017eivote sv\u00e4t\u00fdch.\" tabindex=\"0\">legenda<\/span> vypovedaj\u00faca. Ukazuje, ako bol keltsk\u00fd kr\u00ed\u017e v priebehu \u010dasu vykladan\u00fd, konkr\u00e9tne ako most\u00edk medzi star\u00fdm a nov\u00fdm n\u00e1bo\u017eenstvom. Tak\u00e9to rozpr\u00e1vania patria k dejin\u00e1m p\u00f4sobenia znaku. Nie s\u00fa historicky spo\u013eahliv\u00e9, ale vypovedaj\u00fa ve\u013ea o predstave, ktor\u00fa si \u013eudia o keltskom kr\u00ed\u017ei vytvorili.<\/p>\t\t\t\t\t\t\t\t<\/div>\n\t\t\t\t<\/div>\n\t\t\t\t\t<\/div>\n\t\t\t\t<\/div>\n\t\t<div class=\"elementor-element elementor-element-iwgs-keltischeskr-s6 e-flex e-con-boxed e-con e-parent\" data-id=\"iwgs-keltischeskr-s6\" data-element_type=\"container\" data-e-type=\"container\">\n\t\t\t\t\t<div class=\"e-con-inner\">\n\t\t\t\t<div class=\"elementor-element elementor-element-iwgs-keltischeskr-s6h elementor-widget elementor-widget-heading\" data-id=\"iwgs-keltischeskr-s6h\" data-element_type=\"widget\" data-e-type=\"widget\" data-widget_type=\"heading.default\">\n\t\t\t\t\t<h2 class=\"elementor-heading-title elementor-size-default\">Kres\u0165ansk\u00fd znak a ochrana<\/h2>\t\t\t\t<\/div>\n\t\t<div class=\"elementor-element elementor-element-iwgs-keltischeskr-s6box e-con-full e-flex e-con e-parent\" data-id=\"iwgs-keltischeskr-s6box\" data-element_type=\"container\" data-e-type=\"container\">\n\t\t\t\t<div class=\"elementor-element elementor-element-iwgs-keltischeskr-s6t elementor-widget elementor-widget-text-editor\" data-id=\"iwgs-keltischeskr-s6t\" data-element_type=\"widget\" data-e-type=\"widget\" data-widget_type=\"text-editor.default\">\n\t\t\t\t\t\t\t\t\t<p>Keltsk\u00fd kr\u00ed\u017e je v svojej podstate kres\u0165ansk\u00fdm znakom. Jeho ochrann\u00fd v\u00fdznam vych\u00e1dza zo v\u0161eobecn\u00e9ho v\u00fdznamu kr\u00ed\u017ea. Kr\u00ed\u017e odkazuje na Krista a na jeho v\u00ed\u0165azstvo nad smr\u0165ou, a z tohto odkazu vyrast\u00e1 jeho \u00faloha ochrann\u00e9ho znaku.<\/p><p>Tak ako jednoduch\u00fd kr\u00ed\u017e, aj keltsk\u00fd kr\u00ed\u017e mohol stava\u0165 miesta a \u013eud\u00ed pod ochranu Krista. Vysok\u00e9 kr\u00ed\u017ee chr\u00e1nili kl\u00e1\u0161torn\u00e9 okrsky a cesty. V men\u0161ej forme mohol keltsk\u00fd kr\u00ed\u017e st\u00e1\u0165 pri hroboch, ozna\u010dova\u0165 a chr\u00e1ni\u0165 miesto posledn\u00e9ho odpo\u010dinku.<\/p><p>Kruh dod\u00e1va tomuto ochrann\u00e9mu v\u00fdznamu vlastn\u00fd rys. Ako uzavret\u00e1, do seba sa vracaj\u00faca forma, kruh \u010dasto predstavuje ve\u010dnos\u0165 a nepreru\u0161en\u00e9 trvanie. V spojen\u00ed s kr\u00ed\u017eom m\u00f4\u017ee kruh vyjadrova\u0165 my\u0161lienku trvalej, komplexnej ochrany.<\/p><p>Ako pri ka\u017edom kres\u0165anskom znaku, aj tu plat\u00ed cirkevn\u00fd poh\u013ead, \u017ee kr\u00ed\u017e nep\u00f4sob\u00ed s\u00e1m od seba. Chr\u00e1ni ako znak, ktor\u00fd smeruje \u010dloveka k Kristovi. Keltsk\u00fd kr\u00ed\u017e tak nie je magick\u00fdm <span class=\"iwg-fachbegriff\" data-tooltip=\"Nosen\u00fd predmet, ktor\u00e9mu sa pripisuje ochrann\u00fd, zlo odvracaj\u00faci \u00fa\u010dinok.\" tabindex=\"0\">amuletom<\/span>, ale znakom viery, ktor\u00e9ho ochrana zost\u00e1va viazan\u00e1 na vieru.<\/p>\t\t\t\t\t\t\t\t<\/div>\n\t\t\t\t<\/div>\n\t\t\t\t\t<\/div>\n\t\t\t\t<\/div>\n\t\t<div class=\"elementor-element elementor-element-iwgs-keltischeskr-s7 e-flex e-con-boxed e-con e-parent\" data-id=\"iwgs-keltischeskr-s7\" data-element_type=\"container\" data-e-type=\"container\">\n\t\t\t\t\t<div class=\"e-con-inner\">\n\t\t\t\t<div class=\"elementor-element elementor-element-iwgs-keltischeskr-s7h elementor-widget elementor-widget-heading\" data-id=\"iwgs-keltischeskr-s7h\" data-element_type=\"widget\" data-e-type=\"widget\" data-widget_type=\"heading.default\">\n\t\t\t\t\t<h2 class=\"elementor-heading-title elementor-size-default\">Keltsk\u00e1 renesancia<\/h2>\t\t\t\t<\/div>\n\t\t<div class=\"elementor-element elementor-element-iwgs-keltischeskr-s7box e-con-full e-flex e-con e-parent\" data-id=\"iwgs-keltischeskr-s7box\" data-element_type=\"container\" data-e-type=\"container\">\n\t\t\t\t<div class=\"elementor-element elementor-element-iwgs-keltischeskr-s7t elementor-widget elementor-widget-text-editor\" data-id=\"iwgs-keltischeskr-s7t\" data-element_type=\"widget\" data-e-type=\"widget\" data-widget_type=\"text-editor.default\">\n\t\t\t\t\t\t\t\t\t<p>Po stredoveku keltsk\u00fd kr\u00ed\u017e na dlh\u00fd \u010das ust\u00fapil do \u00fazadia. Jeho ve\u013ek\u00fd n\u00e1vrat za\u010dal v 19. storo\u010d\u00ed. V tomto obdob\u00ed vznikol nov\u00fd, siln\u00fd z\u00e1ujem o keltsk\u00fa minulos\u0165, ktor\u00fd sa naz\u00fdva keltsk\u00e1 renesancia.<\/p><p>V r\u00e1mci tohto hnutia bol keltsk\u00fd kr\u00ed\u017e znovu objaven\u00fd a nanovo pou\u017e\u00edvan\u00fd. Osobitne sa roz\u0161\u00edril ako forma n\u00e1hrobn\u00e9ho kame\u0148a. Na mnoh\u00fdch cintor\u00ednoch, predov\u0161etk\u00fdm v \u00cdrsku a v krajin\u00e1ch formovan\u00fdch \u00edrskymi vys\u0165ahovalcami, sa keltsk\u00fd kr\u00ed\u017e stal \u010dast\u00fdm n\u00e1hrobkom.<\/p><p>S\u00fa\u010dasne sa keltsk\u00fd kr\u00ed\u017e stal znakom identity. Odteraz symbolizoval pr\u00edslu\u0161nos\u0165 k \u00edrskej alebo v\u0161eobecne keltsky formovanej kult\u00fare. Zo stredovekej pamiatky sa tak stal znak, ktor\u00fdm sa \u013eudia v\u00fdslovne prihlasovali k svojmu p\u00f4vodu a trad\u00edcii.<\/p><p>Keltsk\u00e1 renesancia formuje dne\u0161n\u00fd obraz keltsk\u00e9ho kr\u00ed\u017ea a\u017e do s\u00fa\u010dasnosti. Mnoh\u00e9 z toho, \u010do sa dnes so znakom sp\u00e1ja, nepoch\u00e1dza zo stredoveku, ale z tohto neskor\u0161ieho o\u017eivenia. Presn\u00e9 zobrazenie preto odli\u0161uje stredovek\u00e9 vysok\u00e9 kr\u00ed\u017ee od ich novodob\u00e9ho znovuprijatia.<\/p>\t\t\t\t\t\t\t\t<\/div>\n\t\t\t\t<\/div>\n\t\t\t\t\t<\/div>\n\t\t\t\t<\/div>\n\t\t<div class=\"elementor-element elementor-element-iwgs-keltischeskr-s8 e-flex e-con-boxed e-con e-parent\" data-id=\"iwgs-keltischeskr-s8\" data-element_type=\"container\" data-e-type=\"container\">\n\t\t\t\t\t<div class=\"e-con-inner\">\n\t\t\t\t<div class=\"elementor-element elementor-element-iwgs-keltischeskr-s8h elementor-widget elementor-widget-heading\" data-id=\"iwgs-keltischeskr-s8h\" data-element_type=\"widget\" data-e-type=\"widget\" data-widget_type=\"heading.default\">\n\t\t\t\t\t<h2 class=\"elementor-heading-title elementor-size-default\">S\u00fa\u010dasn\u00e1 recepcia<\/h2>\t\t\t\t<\/div>\n\t\t<div class=\"elementor-element elementor-element-iwgs-keltischeskr-s8box e-con-full e-flex e-con e-parent\" data-id=\"iwgs-keltischeskr-s8box\" data-element_type=\"container\" data-e-type=\"container\">\n\t\t\t\t<div class=\"elementor-element elementor-element-iwgs-keltischeskr-s8t elementor-widget elementor-widget-text-editor\" data-id=\"iwgs-keltischeskr-s8t\" data-element_type=\"widget\" data-e-type=\"widget\" data-widget_type=\"text-editor.default\">\n\t\t\t\t\t\t\t\t\t<p>Keltsk\u00fd kr\u00ed\u017e je dnes v\u0161eobecne zn\u00e1my a roz\u0161\u00edren\u00fd znak. Objavuje sa ako n\u00e1hrobn\u00fd kame\u0148, ako pr\u00edvesok a ako <span class=\"iwg-fachbegriff\" data-tooltip=\"Opakuj\u00faci sa obsahov\u00fd prvok v umen\u00ed alebo rozpr\u00e1van\u00ed.\" tabindex=\"0\">mot\u00edv<\/span> v dizajne. Pevn\u00e9 miesto m\u00e1 predov\u0161etk\u00fdm v s\u00favislosti s \u00edrskou kult\u00farou a kres\u0165anskou vierou.<\/p><p>Pre mnoh\u00fdch \u013eud\u00ed je keltsk\u00fd kr\u00ed\u017e n\u00e1bo\u017eensk\u00fdm znakom. Sp\u00e1ja kres\u0165ansk\u00fd kr\u00ed\u017e s osobitou trad\u00edciou ostrovnej cirkvi. Pre in\u00fdch predstavuje predov\u0161etk\u00fdm spojenie s keltsk\u00fdm a \u00edrskym p\u00f4vodom. Oba v\u00fdznamy s\u00fa si bl\u00edzke a nevylu\u010duj\u00fa sa navz\u00e1jom.<\/p><p>Tak ako in\u00e9 star\u00e9 znaky, ani keltsk\u00fd kr\u00ed\u017e nie je chr\u00e1nen\u00fd pred zneu\u017eit\u00edm. Stalo sa, \u017ee t\u00fato formu pou\u017eili skupiny, ktor\u00fdch z\u00e1ujmy nemaj\u00fa ni\u010d spolo\u010dn\u00e9 s jej kres\u0165ansk\u00fdm a kult\u00farnym v\u00fdznamom. Kto zobrazuje keltsk\u00fd kr\u00ed\u017e, mal by ho uv\u00e1dza\u0165 v jeho historick\u00fdch s\u00favislostiach.<\/p><p>V svojej podstate v\u0161ak keltsk\u00fd kr\u00ed\u017e zost\u00e1va t\u00fdm, \u010d\u00edm bol od ran\u00e9ho stredoveku, kres\u0165ansk\u00fdm znakom v nezamenite\u013enej forme. Kamenn\u00e9 vysok\u00e9 kr\u00ed\u017ee \u00cdrska a Britannie stoja dodnes a sved\u010dia o tomto p\u00f4vode. S\u00fa najp\u00f4sobivej\u0161\u00edm svedectvom znaku, ktor\u00fd sp\u00e1ja kr\u00ed\u017e a kruh do trvalej jednoty.<\/p>\t\t\t\t\t\t\t\t<\/div>\n\t\t\t\t<\/div>\n\t\t\t\t\t<\/div>\n\t\t\t\t<\/div>\n\t\t<div class=\"elementor-element elementor-element-iwgs-keltischeskr-lit e-flex e-con-boxed e-con e-parent\" data-id=\"iwgs-keltischeskr-lit\" data-element_type=\"container\" data-e-type=\"container\">\n\t\t\t\t\t<div class=\"e-con-inner\">\n\t\t\t\t<div class=\"elementor-element elementor-element-iwgs-keltischeskr-lith elementor-widget elementor-widget-heading\" data-id=\"iwgs-keltischeskr-lith\" data-element_type=\"widget\" data-e-type=\"widget\" data-widget_type=\"heading.default\">\n\t\t\t\t\t<h2 class=\"elementor-heading-title elementor-size-default\">Literat\u00fara (v\u00fdber)<\/h2>\t\t\t\t<\/div>\n\t\t<div class=\"elementor-element elementor-element-iwgs-keltischeskr-litbox e-con-full e-flex e-con e-parent\" data-id=\"iwgs-keltischeskr-litbox\" data-element_type=\"container\" data-e-type=\"container\">\n\t\t\t\t<div class=\"elementor-element elementor-element-iwgs-keltischeskr-litt elementor-widget elementor-widget-html\" data-id=\"iwgs-keltischeskr-litt\" data-element_type=\"widget\" data-e-type=\"widget\" data-widget_type=\"html.default\">\n\t\t\t\t\t<footer data-nosnippet=\"true\"><ul><li>Peter Harbison: <em>The High Crosses of Ireland<\/em> (1992)<\/li><li>Hilary Richardson: <em>Irish High Crosses<\/em> (1990)<\/li><li>Nancy Edwards: <em>The Archaeology of Early Medieval Ireland<\/em> (1990)<\/li><li>Roger Stalley: <em>Irish High Crosses<\/em> (1996)<\/li><li>Reiner S\u00f6rries: <em>Das Kreuz. Geschichte und Bedeutung<\/em> (2012)<\/li><\/ul><\/footer>\t\t\t\t<\/div>\n\t\t\t\t<\/div>\n\t\t\t\t\t<\/div>\n\t\t\t\t<\/div>\n\t\t<div class=\"elementor-element elementor-element-iwgs-keltischeskr-kwd e-flex e-con-boxed e-con e-parent\" data-id=\"iwgs-keltischeskr-kwd\" data-element_type=\"container\" data-e-type=\"container\">\n\t\t\t\t\t<div class=\"e-con-inner\">\n\t\t\t\t<div class=\"elementor-element elementor-element-iwgs-keltischeskr-kwdt elementor-widget elementor-widget-text-editor\" data-id=\"iwgs-keltischeskr-kwdt\" data-element_type=\"widget\" data-e-type=\"widget\" data-widget_type=\"text-editor.default\">\n\t\t\t\t\t\t\t\t\t<p><em>S\u00favisiace k\u013e\u00fa\u010dov\u00e9 pojmy: keltsk\u00fd kr\u00ed\u017e, vysok\u00fd kr\u00ed\u017e, kruhov\u00fd kr\u00ed\u017e, ostrovn\u00e9 umenie, kamenn\u00fd kr\u00ed\u017e, Patrik, kazate\u013esk\u00fd kr\u00ed\u017e, kres\u0165ansk\u00e9 znamenie.<\/em><\/p>\t\t\t\t\t\t\t\t<\/div>\n\t\t\t\t\t<\/div>\n\t\t\t\t<\/div>\n\t\t<div class=\"elementor-element elementor-element-iwgs-keltischeskr-cc e-flex e-con-boxed e-con e-parent\" data-id=\"iwgs-keltischeskr-cc\" data-element_type=\"container\" data-e-type=\"container\" id=\"iwg-cc-keltisches-kreuz\">\n\t\t\t\t\t<div class=\"e-con-inner\">\n\t\t<div class=\"elementor-element elementor-element-iwgs-keltischeskr-ccinner e-flex e-con-boxed e-con e-parent\" data-id=\"iwgs-keltischeskr-ccinner\" data-element_type=\"container\" data-e-type=\"container\" data-settings=\"{&quot;background_background&quot;:&quot;classic&quot;}\">\n\t\t\t\t\t<div class=\"e-con-inner\">\n\t\t\t\t<div class=\"elementor-element elementor-element-iwgs-keltischeskr-cch elementor-widget elementor-widget-heading\" data-id=\"iwgs-keltischeskr-cch\" data-element_type=\"widget\" data-e-type=\"widget\" data-widget_type=\"heading.default\">\n\t\t\t\t\t<h2 class=\"elementor-heading-title elementor-size-default\">iWell Guard a ochrann\u00e9 trad\u00edcie<\/h2>\t\t\t\t<\/div>\n\t\t\t\t<div class=\"elementor-element elementor-element-iwgs-keltischeskr-cct elementor-widget elementor-widget-text-editor\" data-id=\"iwgs-keltischeskr-cct\" data-element_type=\"widget\" data-e-type=\"widget\" data-widget_type=\"text-editor.default\">\n\t\t\t\t\t\t\t\t\t<p>iWell Guard sa hl\u00e1si k kult\u00farno-historickej trad\u00edcii nosen\u00fdch ochrann\u00fdch predmetov, do ktorej patr\u00ed aj keltsk\u00fd kr\u00ed\u017e. Modern\u00fd spolo\u010dn\u00edk pre \u013eud\u00ed \u017eij\u00facich s ochrann\u00fdmi symbolmi: vyroben\u00fd v Nemecku, 41 vrstiev z prav\u00e9ho zlata, platiny a striebra, s 30-d\u0148ovou lehotou na vr\u00e1tenie.<\/p>\t\t\t\t\t\t\t\t<\/div>\n\t\t\t\t<div class=\"elementor-element elementor-element-iwgs-keltischeskr-ccb iwg-cc-button iwg-cc-cta-2026-05-13 elementor-widget elementor-widget-jet-button\" data-id=\"iwgs-keltischeskr-ccb\" data-element_type=\"widget\" data-e-type=\"widget\" data-widget_type=\"jet-button.default\">\n\t\t\t\t<div class=\"elementor-widget-container\">\n\t\t\t\t\t<div class=\"elementor-jet-button jet-elements\"><div class=\"jet-button__container\"><a class=\"jet-button__instance jet-button__instance--icon-left hover-effect-1\" href=\"\/schutzanhaenger-iwell-guard-kaufen\/?utm_source=iwell-guard.com&amp;utm_medium=info-box&amp;utm_campaign=schutzsymbole\"><div class=\"jet-button__plane jet-button__plane-normal\"><\/div><div class=\"jet-button__plane jet-button__plane-hover\"><\/div><div class=\"jet-button__state jet-button__state-normal\"><span class=\"jet-button__label\">Viac o iWell Guard<\/span><\/div><div class=\"jet-button__state jet-button__state-hover\"><span class=\"jet-button__label\">Viac o iWell Guard<\/span><\/div><\/a><\/div><\/div><style>.elementor-element.elementor-element-iwgs-keltischeskr-ccb .jet-button__instance{width:320px;height:56px;}.elementor-element.elementor-element-iwgs-keltischeskr-ccb .jet-button__state-normal .jet-button__label{text-align:center;margin:0px 0px 0px 0px;color:#1a1b20;font-family:Montserrat,sans-serif;font-size:13px;font-weight:400;letter-spacing:4px;line-height:1.714em;text-transform:uppercase;}.elementor-element.elementor-element-iwgs-keltischeskr-ccb .jet-button__state-hover .jet-button__label{text-align:center;margin:0px 0px 0px 0px;color:#FECC76;font-family:Montserrat,sans-serif;font-size:13px;font-weight:400;letter-spacing:4px;line-height:1.714em;text-transform:uppercase;}.elementor-element.elementor-element-iwgs-keltischeskr-ccb .jet-button__plane-normal{background-color:#FECC76;border-style:solid;border-color:#C99540;border-width:2px 2px 2px 2px;}.elementor-element.elementor-element-iwgs-keltischeskr-ccb .jet-button__plane-hover{background-color:rgba(0,0,0,0.55);border-style:solid;border-color:#FECC76;border-width:2px 2px 2px 2px;}<\/style>\t\t\t\t<\/div>\n\t\t\t\t<\/div>\n\t\t\t\t<div class=\"elementor-element elementor-element-iwgs-keltischeskr-ccd elementor-widget elementor-widget-text-editor\" data-id=\"iwgs-keltischeskr-ccd\" data-element_type=\"widget\" data-e-type=\"widget\" data-widget_type=\"text-editor.default\">\n\t\t\t\t\t\t\t\t\t<p style=\"text-align:center;font-size:13px;opacity:0.7;margin-top:14px\" data-nosnippet=\"true\">Osobn\u00e9 sk\u00fasenosti sa m\u00f4\u017eu l\u00ed\u0161i\u0165. Nejde o zdravotn\u00edcku pom\u00f4cku. Nejde o pr\u00eds\u013eub lie\u010denia.<\/p>\t\t\t\t\t\t\t\t<\/div>\n\t\t\t\t\t<\/div>\n\t\t\t\t<\/div>\n\t\t\t\t\t<\/div>\n\t\t\t\t<\/div>\n\t\t<div class=\"elementor-element elementor-element-iwgs-keltischeskr-disc e-flex e-con-boxed e-con e-parent\" data-id=\"iwgs-keltischeskr-disc\" data-element_type=\"container\" data-e-type=\"container\">\n\t\t\t\t\t<div class=\"e-con-inner\">\n\t\t\t\t<div class=\"elementor-element elementor-element-iwgs-keltischeskr-discw elementor-widget elementor-widget-html\" data-id=\"iwgs-keltischeskr-discw\" data-element_type=\"widget\" data-e-type=\"widget\" data-widget_type=\"html.default\">\n\t\t\t\t\t<footer data-nosnippet=\"true\" class=\"iwg-disclaimer-block\"><p data-nosnippet=\"true\">iWell Guard <strong>nie je zdravotn\u00edcka pom\u00f4cka<\/strong> a nenahr\u00e1dza lek\u00e1rske ani psychoterapeutick\u00e9 lie\u010denie. Tu uveden\u00fd obsah predstavuje religionistick\u00e9 a kult\u00farno-historick\u00e9 zaradenie, nie pr\u00eds\u013eub duchovn\u00e9ho \u00fa\u010dinku.<\/p><\/footer>\t\t\t\t<\/div>\n\t\t\t\t\t<\/div>\n\t\t\t\t<\/div>\n\t\t\t\t<\/div>\n\t\t","protected":false},"excerpt":{"rendered":"","protected":false},"author":3,"featured_media":3491,"parent":0,"menu_order":0,"comment_status":"closed","ping_status":"closed","template":"elementor_header_footer","meta":{"_yoast_wpseo_focuskw":"keltsk\u00fd kr\u00ed\u017e","_yoast_wpseo_title":"Keltsk\u00fd kr\u00ed\u017e - vysok\u00fd kr\u00ed\u017e a kres\u0165ansk\u00fd ochrann\u00fd symbol","_yoast_wpseo_metadesc":"Keltsk\u00fd kr\u00ed\u017e so svoj\u00edm kruhom sa odv\u00edja od vysok\u00fdch kr\u00ed\u017eov \u00cdrska. Historia, forma a v\u00fdznam vysvetlen\u00e9 zrozumite\u013ene.","_yoast_wpseo_meta-robots-noindex":"","_yoast_wpseo_canonical":"","_angie_page":false,"gefaehrdungsstufe":"","wesen_kultur":"","wesen_klasse":"","footnotes":""},"categories":[],"class_list":["post-158133","page","type-page","status-publish","has-post-thumbnail","hentry"],"yoast_head":"<!-- This site is optimized with the Yoast SEO Premium plugin v27.7 (Yoast SEO v28.3) - https:\/\/yoast.com\/product\/yoast-seo-premium-wordpress\/ -->\n<title>Keltsk\u00fd kr\u00ed\u017e - vysok\u00fd kr\u00ed\u017e a kres\u0165ansk\u00fd ochrann\u00fd symbol<\/title>\n<meta name=\"description\" content=\"Keltsk\u00fd kr\u00ed\u017e so svoj\u00edm kruhom sa odv\u00edja od vysok\u00fdch kr\u00ed\u017eov \u00cdrska. Historia, forma a v\u00fdznam vysvetlen\u00e9 zrozumite\u013ene.\" \/>\n<meta name=\"robots\" content=\"index, follow, max-snippet:-1, max-image-preview:large, max-video-preview:-1\" \/>\n<link rel=\"canonical\" href=\"https:\/\/iwell-guard.com\/sk\/keltsky-kriz-vysoky-kriz-ochranny-symbol\/\" \/>\n<meta property=\"og:locale\" content=\"sk_SK\" \/>\n<meta property=\"og:type\" content=\"article\" \/>\n<meta property=\"og:title\" content=\"Keltsk\u00fd kr\u00ed\u017e \u2013 vysok\u00fd kr\u00ed\u017e a ochrann\u00fd symbol\" \/>\n<meta property=\"og:description\" content=\"Keltsk\u00fd kr\u00ed\u017e so svoj\u00edm kruhom sa odv\u00edja od vysok\u00fdch kr\u00ed\u017eov \u00cdrska. Historia, forma a v\u00fdznam vysvetlen\u00e9 zrozumite\u013ene.\" \/>\n<meta property=\"og:url\" content=\"https:\/\/iwell-guard.com\/sk\/keltsky-kriz-vysoky-kriz-ochranny-symbol\/\" \/>\n<meta property=\"og:site_name\" content=\"iWell Guard\" \/>\n<meta property=\"article:modified_time\" content=\"2026-09-04T22:52:11+00:00\" \/>\n<meta property=\"og:image\" content=\"https:\/\/iwell-guard.com\/wp-content\/uploads\/2026\/05\/schutzsymbol_keltisch_keltisches-kreuz.webp\" \/>\n\t<meta property=\"og:image:width\" content=\"1024\" \/>\n\t<meta property=\"og:image:height\" content=\"1536\" \/>\n\t<meta property=\"og:image:type\" content=\"image\/webp\" \/>\n<meta name=\"twitter:card\" content=\"summary_large_image\" \/>\n<script type=\"application\/ld+json\" class=\"yoast-schema-graph\">{\"@context\":\"https:\\\/\\\/schema.org\",\"@graph\":[{\"@type\":\"WebPage\",\"@id\":\"https:\\\/\\\/iwell-guard.com\\\/sk\\\/keltsky-kriz-vysoky-kriz-ochranny-symbol\\\/\",\"url\":\"https:\\\/\\\/iwell-guard.com\\\/sk\\\/keltsky-kriz-vysoky-kriz-ochranny-symbol\\\/\",\"name\":\"Keltsk\u00fd kr\u00ed\u017e - vysok\u00fd kr\u00ed\u017e a kres\u0165ansk\u00fd ochrann\u00fd symbol\",\"isPartOf\":{\"@id\":\"https:\\\/\\\/iwell-guard.com\\\/sk\\\/#website\"},\"primaryImageOfPage\":{\"@id\":\"https:\\\/\\\/iwell-guard.com\\\/sk\\\/keltsky-kriz-vysoky-kriz-ochranny-symbol\\\/#primaryimage\"},\"image\":{\"@id\":\"https:\\\/\\\/iwell-guard.com\\\/sk\\\/keltsky-kriz-vysoky-kriz-ochranny-symbol\\\/#primaryimage\"},\"thumbnailUrl\":\"https:\\\/\\\/iwell-guard.com\\\/wp-content\\\/uploads\\\/2026\\\/05\\\/schutzsymbol_keltisch_keltisches-kreuz.webp\",\"datePublished\":\"2026-09-04T22:22:36+00:00\",\"dateModified\":\"2026-09-04T22:52:11+00:00\",\"description\":\"Keltsk\u00fd kr\u00ed\u017e so svoj\u00edm kruhom sa odv\u00edja od vysok\u00fdch kr\u00ed\u017eov \u00cdrska. Historia, forma a v\u00fdznam vysvetlen\u00e9 zrozumite\u013ene.\",\"breadcrumb\":{\"@id\":\"https:\\\/\\\/iwell-guard.com\\\/sk\\\/keltsky-kriz-vysoky-kriz-ochranny-symbol\\\/#breadcrumb\"},\"inLanguage\":\"sk-SK\",\"potentialAction\":[{\"@type\":\"ReadAction\",\"target\":[\"https:\\\/\\\/iwell-guard.com\\\/sk\\\/keltsky-kriz-vysoky-kriz-ochranny-symbol\\\/\"]}]},{\"@type\":\"ImageObject\",\"inLanguage\":\"sk-SK\",\"@id\":\"https:\\\/\\\/iwell-guard.com\\\/sk\\\/keltsky-kriz-vysoky-kriz-ochranny-symbol\\\/#primaryimage\",\"url\":\"https:\\\/\\\/iwell-guard.com\\\/wp-content\\\/uploads\\\/2026\\\/05\\\/schutzsymbol_keltisch_keltisches-kreuz.webp\",\"contentUrl\":\"https:\\\/\\\/iwell-guard.com\\\/wp-content\\\/uploads\\\/2026\\\/05\\\/schutzsymbol_keltisch_keltisches-kreuz.webp\",\"width\":1024,\"height\":1536,\"caption\":\"Ochrann\u00fd symbol. Muze\u00e1lna ilustr\u00e1cia z\u00e1ti\u0161ia.\"},{\"@type\":\"BreadcrumbList\",\"@id\":\"https:\\\/\\\/iwell-guard.com\\\/sk\\\/keltsky-kriz-vysoky-kriz-ochranny-symbol\\\/#breadcrumb\",\"itemListElement\":[{\"@type\":\"ListItem\",\"position\":1,\"name\":\"Start\",\"item\":\"https:\\\/\\\/iwell-guard.com\\\/sk\\\/?page_id=157572\"},{\"@type\":\"ListItem\",\"position\":2,\"name\":\"Keltsk\u00fd kr\u00ed\u017e \u2013 vysok\u00fd kr\u00ed\u017e a ochrann\u00fd symbol\"}]},{\"@type\":\"WebSite\",\"@id\":\"https:\\\/\\\/iwell-guard.com\\\/sk\\\/#website\",\"url\":\"https:\\\/\\\/iwell-guard.com\\\/sk\\\/\",\"name\":\"iWell Guard\",\"description\":\"Schutz vor dunklen Einfl\u00fcssen\",\"publisher\":{\"@id\":\"https:\\\/\\\/iwell-guard.com\\\/sk\\\/#organization\"},\"potentialAction\":[{\"@type\":\"SearchAction\",\"target\":{\"@type\":\"EntryPoint\",\"urlTemplate\":\"https:\\\/\\\/iwell-guard.com\\\/sk\\\/?s={search_term_string}\"},\"query-input\":{\"@type\":\"PropertyValueSpecification\",\"valueRequired\":true,\"valueName\":\"search_term_string\"}}],\"inLanguage\":\"sk-SK\"},{\"@type\":\"Organization\",\"@id\":\"https:\\\/\\\/iwell-guard.com\\\/sk\\\/#organization\",\"name\":\"Ittermann electronic GmbH\",\"url\":\"https:\\\/\\\/iwell-guard.com\\\/sk\\\/\",\"logo\":{\"@type\":\"ImageObject\",\"inLanguage\":\"sk-SK\",\"@id\":\"https:\\\/\\\/iwell-guard.com\\\/sk\\\/#\\\/schema\\\/logo\\\/image\\\/\",\"url\":\"https:\\\/\\\/iwell-guard.com\\\/wp-content\\\/uploads\\\/2026\\\/05\\\/Ittermann-Logo-1182x237-1.png\",\"contentUrl\":\"https:\\\/\\\/iwell-guard.com\\\/wp-content\\\/uploads\\\/2026\\\/05\\\/Ittermann-Logo-1182x237-1.png\",\"width\":1182,\"height\":237,\"caption\":\"Ittermann electronic GmbH\"},\"image\":{\"@id\":\"https:\\\/\\\/iwell-guard.com\\\/sk\\\/#\\\/schema\\\/logo\\\/image\\\/\"},\"sameAs\":[\"https:\\\/\\\/pantip.com\\\/profile\\\/9367242\",\"https:\\\/\\\/micro.blog\\\/iwellguard\",\"https:\\\/\\\/www.diggerslist.com\\\/iwellguard\\\/about\",\"https:\\\/\\\/skitterphoto.com\\\/photographers\\\/2870314\\\/iwell-guard\",\"https:\\\/\\\/iwellguard.wordpress.com\\\/2026\\\/06\\\/06\\\/iwell-guard\\\/\",\"https:\\\/\\\/hub.docker.com\\\/u\\\/iwellguard\",\"https:\\\/\\\/www.pinterest.com\\\/iwellguard\\\/\",\"https:\\\/\\\/bit.ly\\\/m\\\/iwellguard\",\"https:\\\/\\\/entre-vos-mains.alsace.eu\\\/profiles\\\/iwellguard\\\/activity\",\"https:\\\/\\\/gravatar.com\\\/reallybeded8fd34\",\"https:\\\/\\\/naijamatta.com\\\/iwellguard\",\"https:\\\/\\\/www.goodreads.com\\\/iwellguard\",\"https:\\\/\\\/profile.hatena.ne.jp\\\/iwellguard\\\/\",\"https:\\\/\\\/experiment.com\\\/users\\\/iwellguard\",\"https:\\\/\\\/wakelet.com\\\/@iWellGuard82270\",\"https:\\\/\\\/www.chordie.com\\\/forum\\\/profile.php?id=2555664\",\"https:\\\/\\\/www.instapaper.com\\\/p\\\/17757966\",\"https:\\\/\\\/www.mapleprimes.com\\\/users\\\/iwellguard\",\"https:\\\/\\\/businesslistingplus.com\\\/profile\\\/iwell-guard\\\/\",\"https:\\\/\\\/telegra.ph\\\/iWell-Guard-06-06\",\"https:\\\/\\\/pbase.com\\\/iwellguard\\\/iwellguard\",\"https:\\\/\\\/b.hatena.ne.jp\\\/iwellguard\\\/20260607#bookmark-4788405196491818882\",\"https:\\\/\\\/fliphtml5.com\\\/home\\\/iwellguard\",\"https:\\\/\\\/anyflip.com\\\/homepage\\\/cmiwl#About\",\"https:\\\/\\\/transfur.com\\\/Users\\\/iwellguard\",\"http:\\\/\\\/delphi.larsbo.org\\\/user\\\/iwellguard\",\"https:\\\/\\\/jobs.lajobsportal.org\\\/profiles\\\/8380803-iwell-guard\",\"https:\\\/\\\/md.chaosdorf.de\\\/s\\\/jfbe5SBdJD\",\"https:\\\/\\\/www.lingvolive.com\\\/en-us\\\/profile\\\/9ecaeaca-ce11-4e51-9e71-01d55e2bff36\\\/translations\",\"https:\\\/\\\/www.fitday.com\\\/fitness\\\/forums\\\/members\\\/iwellguard.html\",\"https:\\\/\\\/www.mymeetbook.com\\\/iwellguard\",\"https:\\\/\\\/pxhere.com\\\/en\\\/photographer-me\\\/5040798\",\"https:\\\/\\\/disqus.com\\\/by\\\/iwellguard\\\/about\\\/\",\"https:\\\/\\\/pastelink.net\\\/hjwciqwq\",\"https:\\\/\\\/pubhtml5.com\\\/homepage\\\/scjhn\\\/\",\"https:\\\/\\\/www.bitchute.com\\\/channel\\\/2O2eOKzNqujT\",\"https:\\\/\\\/audiomack.com\\\/iwellguard\"]}]}<\/script>\n<!-- \/ Yoast SEO Premium plugin. -->","yoast_head_json":{"title":"Keltsk\u00fd kr\u00ed\u017e - vysok\u00fd kr\u00ed\u017e a kres\u0165ansk\u00fd ochrann\u00fd symbol","description":"Keltsk\u00fd kr\u00ed\u017e so svoj\u00edm kruhom sa odv\u00edja od vysok\u00fdch kr\u00ed\u017eov \u00cdrska. Historia, forma a v\u00fdznam vysvetlen\u00e9 zrozumite\u013ene.","robots":{"index":"index","follow":"follow","max-snippet":"max-snippet:-1","max-image-preview":"max-image-preview:large","max-video-preview":"max-video-preview:-1"},"canonical":"https:\/\/iwell-guard.com\/sk\/keltsky-kriz-vysoky-kriz-ochranny-symbol\/","og_locale":"sk_SK","og_type":"article","og_title":"Keltsk\u00fd kr\u00ed\u017e \u2013 vysok\u00fd kr\u00ed\u017e a ochrann\u00fd symbol","og_description":"Keltsk\u00fd kr\u00ed\u017e so svoj\u00edm kruhom sa odv\u00edja od vysok\u00fdch kr\u00ed\u017eov \u00cdrska. Historia, forma a v\u00fdznam vysvetlen\u00e9 zrozumite\u013ene.","og_url":"https:\/\/iwell-guard.com\/sk\/keltsky-kriz-vysoky-kriz-ochranny-symbol\/","og_site_name":"iWell Guard","article_modified_time":"2026-09-04T22:52:11+00:00","og_image":[{"width":1024,"height":1536,"url":"https:\/\/iwell-guard.com\/wp-content\/uploads\/2026\/05\/schutzsymbol_keltisch_keltisches-kreuz.webp","type":"image\/webp"}],"twitter_card":"summary_large_image","schema":{"@context":"https:\/\/schema.org","@graph":[{"@type":"WebPage","@id":"https:\/\/iwell-guard.com\/sk\/keltsky-kriz-vysoky-kriz-ochranny-symbol\/","url":"https:\/\/iwell-guard.com\/sk\/keltsky-kriz-vysoky-kriz-ochranny-symbol\/","name":"Keltsk\u00fd kr\u00ed\u017e - vysok\u00fd kr\u00ed\u017e a kres\u0165ansk\u00fd ochrann\u00fd symbol","isPartOf":{"@id":"https:\/\/iwell-guard.com\/sk\/#website"},"primaryImageOfPage":{"@id":"https:\/\/iwell-guard.com\/sk\/keltsky-kriz-vysoky-kriz-ochranny-symbol\/#primaryimage"},"image":{"@id":"https:\/\/iwell-guard.com\/sk\/keltsky-kriz-vysoky-kriz-ochranny-symbol\/#primaryimage"},"thumbnailUrl":"https:\/\/iwell-guard.com\/wp-content\/uploads\/2026\/05\/schutzsymbol_keltisch_keltisches-kreuz.webp","datePublished":"2026-09-04T22:22:36+00:00","dateModified":"2026-09-04T22:52:11+00:00","description":"Keltsk\u00fd kr\u00ed\u017e so svoj\u00edm kruhom sa odv\u00edja od vysok\u00fdch kr\u00ed\u017eov \u00cdrska. Historia, forma a v\u00fdznam vysvetlen\u00e9 zrozumite\u013ene.","breadcrumb":{"@id":"https:\/\/iwell-guard.com\/sk\/keltsky-kriz-vysoky-kriz-ochranny-symbol\/#breadcrumb"},"inLanguage":"sk-SK","potentialAction":[{"@type":"ReadAction","target":["https:\/\/iwell-guard.com\/sk\/keltsky-kriz-vysoky-kriz-ochranny-symbol\/"]}]},{"@type":"ImageObject","inLanguage":"sk-SK","@id":"https:\/\/iwell-guard.com\/sk\/keltsky-kriz-vysoky-kriz-ochranny-symbol\/#primaryimage","url":"https:\/\/iwell-guard.com\/wp-content\/uploads\/2026\/05\/schutzsymbol_keltisch_keltisches-kreuz.webp","contentUrl":"https:\/\/iwell-guard.com\/wp-content\/uploads\/2026\/05\/schutzsymbol_keltisch_keltisches-kreuz.webp","width":1024,"height":1536,"caption":"Ochrann\u00fd symbol. Muze\u00e1lna ilustr\u00e1cia z\u00e1ti\u0161ia."},{"@type":"BreadcrumbList","@id":"https:\/\/iwell-guard.com\/sk\/keltsky-kriz-vysoky-kriz-ochranny-symbol\/#breadcrumb","itemListElement":[{"@type":"ListItem","position":1,"name":"Start","item":"https:\/\/iwell-guard.com\/sk\/?page_id=157572"},{"@type":"ListItem","position":2,"name":"Keltsk\u00fd kr\u00ed\u017e \u2013 vysok\u00fd kr\u00ed\u017e a ochrann\u00fd symbol"}]},{"@type":"WebSite","@id":"https:\/\/iwell-guard.com\/sk\/#website","url":"https:\/\/iwell-guard.com\/sk\/","name":"iWell Guard","description":"Schutz vor dunklen Einfl\u00fcssen","publisher":{"@id":"https:\/\/iwell-guard.com\/sk\/#organization"},"potentialAction":[{"@type":"SearchAction","target":{"@type":"EntryPoint","urlTemplate":"https:\/\/iwell-guard.com\/sk\/?s={search_term_string}"},"query-input":{"@type":"PropertyValueSpecification","valueRequired":true,"valueName":"search_term_string"}}],"inLanguage":"sk-SK"},{"@type":"Organization","@id":"https:\/\/iwell-guard.com\/sk\/#organization","name":"Ittermann electronic GmbH","url":"https:\/\/iwell-guard.com\/sk\/","logo":{"@type":"ImageObject","inLanguage":"sk-SK","@id":"https:\/\/iwell-guard.com\/sk\/#\/schema\/logo\/image\/","url":"https:\/\/iwell-guard.com\/wp-content\/uploads\/2026\/05\/Ittermann-Logo-1182x237-1.png","contentUrl":"https:\/\/iwell-guard.com\/wp-content\/uploads\/2026\/05\/Ittermann-Logo-1182x237-1.png","width":1182,"height":237,"caption":"Ittermann electronic GmbH"},"image":{"@id":"https:\/\/iwell-guard.com\/sk\/#\/schema\/logo\/image\/"},"sameAs":["https:\/\/pantip.com\/profile\/9367242","https:\/\/micro.blog\/iwellguard","https:\/\/www.diggerslist.com\/iwellguard\/about","https:\/\/skitterphoto.com\/photographers\/2870314\/iwell-guard","https:\/\/iwellguard.wordpress.com\/2026\/06\/06\/iwell-guard\/","https:\/\/hub.docker.com\/u\/iwellguard","https:\/\/www.pinterest.com\/iwellguard\/","https:\/\/bit.ly\/m\/iwellguard","https:\/\/entre-vos-mains.alsace.eu\/profiles\/iwellguard\/activity","https:\/\/gravatar.com\/reallybeded8fd34","https:\/\/naijamatta.com\/iwellguard","https:\/\/www.goodreads.com\/iwellguard","https:\/\/profile.hatena.ne.jp\/iwellguard\/","https:\/\/experiment.com\/users\/iwellguard","https:\/\/wakelet.com\/@iWellGuard82270","https:\/\/www.chordie.com\/forum\/profile.php?id=2555664","https:\/\/www.instapaper.com\/p\/17757966","https:\/\/www.mapleprimes.com\/users\/iwellguard","https:\/\/businesslistingplus.com\/profile\/iwell-guard\/","https:\/\/telegra.ph\/iWell-Guard-06-06","https:\/\/pbase.com\/iwellguard\/iwellguard","https:\/\/b.hatena.ne.jp\/iwellguard\/20260607#bookmark-4788405196491818882","https:\/\/fliphtml5.com\/home\/iwellguard","https:\/\/anyflip.com\/homepage\/cmiwl#About","https:\/\/transfur.com\/Users\/iwellguard","http:\/\/delphi.larsbo.org\/user\/iwellguard","https:\/\/jobs.lajobsportal.org\/profiles\/8380803-iwell-guard","https:\/\/md.chaosdorf.de\/s\/jfbe5SBdJD","https:\/\/www.lingvolive.com\/en-us\/profile\/9ecaeaca-ce11-4e51-9e71-01d55e2bff36\/translations","https:\/\/www.fitday.com\/fitness\/forums\/members\/iwellguard.html","https:\/\/www.mymeetbook.com\/iwellguard","https:\/\/pxhere.com\/en\/photographer-me\/5040798","https:\/\/disqus.com\/by\/iwellguard\/about\/","https:\/\/pastelink.net\/hjwciqwq","https:\/\/pubhtml5.com\/homepage\/scjhn\/","https:\/\/www.bitchute.com\/channel\/2O2eOKzNqujT","https:\/\/audiomack.com\/iwellguard"]}]}},"_links":{"self":[{"href":"https:\/\/iwell-guard.com\/sk\/wp-json\/wp\/v2\/pages\/158133","targetHints":{"allow":["GET"]}}],"collection":[{"href":"https:\/\/iwell-guard.com\/sk\/wp-json\/wp\/v2\/pages"}],"about":[{"href":"https:\/\/iwell-guard.com\/sk\/wp-json\/wp\/v2\/types\/page"}],"author":[{"embeddable":true,"href":"https:\/\/iwell-guard.com\/sk\/wp-json\/wp\/v2\/users\/3"}],"replies":[{"embeddable":true,"href":"https:\/\/iwell-guard.com\/sk\/wp-json\/wp\/v2\/comments?post=158133"}],"version-history":[{"count":0,"href":"https:\/\/iwell-guard.com\/sk\/wp-json\/wp\/v2\/pages\/158133\/revisions"}],"wp:featuredmedia":[{"embeddable":true,"href":"https:\/\/iwell-guard.com\/sk\/wp-json\/wp\/v2\/media\/3491"}],"wp:attachment":[{"href":"https:\/\/iwell-guard.com\/sk\/wp-json\/wp\/v2\/media?parent=158133"}],"wp:term":[{"taxonomy":"category","embeddable":true,"href":"https:\/\/iwell-guard.com\/sk\/wp-json\/wp\/v2\/categories?post=158133"}],"curies":[{"name":"wp","href":"https:\/\/api.w.org\/{rel}","templated":true}]}}