{"id":158125,"date":"2026-09-04T22:22:31","date_gmt":"2026-09-04T22:22:31","guid":{"rendered":"https:\/\/iwell-guard.com\/?page_id=158125"},"modified":"2026-09-04T22:51:57","modified_gmt":"2026-09-04T22:51:57","slug":"vierlistok-znak-stastia-a-ochrany","status":"publish","type":"page","link":"https:\/\/iwell-guard.com\/sk\/vierlistok-znak-stastia-a-ochrany\/","title":{"rendered":"Vierl\u00edstok \u2013 znak \u0161\u0165astia a ochrany"},"content":{"rendered":"\t\t<div data-elementor-type=\"wp-page\" data-elementor-id=\"158125\" class=\"elementor elementor-158125 elementor-3606 elementor-bc-flex-widget\" data-elementor-post-type=\"page\">\n\t\t\t\t<div class=\"elementor-element elementor-element-iwgs-vierblaettri-hero e-flex e-con-boxed e-con e-parent\" data-id=\"iwgs-vierblaettri-hero\" data-element_type=\"container\" data-e-type=\"container\">\n\t\t\t\t\t<div class=\"e-con-inner\">\n\t\t<div class=\"elementor-element elementor-element-iwgs-vierblaettri-hl e-flex e-con-boxed e-con e-parent\" data-id=\"iwgs-vierblaettri-hl\" data-element_type=\"container\" data-e-type=\"container\">\n\t\t\t\t\t<div class=\"e-con-inner\">\n\t\t<div class=\"elementor-element elementor-element-iwgs-vierblaettri-hlbox e-con-full e-flex e-con e-parent\" data-id=\"iwgs-vierblaettri-hlbox\" data-element_type=\"container\" data-e-type=\"container\">\n\t\t\t\t<div class=\"elementor-element elementor-element-iwgs-vierblaettri-h1 elementor-widget elementor-widget-heading\" data-id=\"iwgs-vierblaettri-h1\" data-element_type=\"widget\" data-e-type=\"widget\" data-widget_type=\"heading.default\">\n\t\t\t\t\t<h1 class=\"elementor-heading-title elementor-size-default\">Vierl\u00edstok \u2013 znak \u0161\u0165astia a ochrany<\/h1>\t\t\t\t<\/div>\n\t\t\t\t<div class=\"elementor-element elementor-element-iwgs-vierblaettri-lead elementor-widget elementor-widget-text-editor\" data-id=\"iwgs-vierblaettri-lead\" data-element_type=\"widget\" data-e-type=\"widget\" data-widget_type=\"text-editor.default\">\n\t\t\t\t\t\t\t\t\t<p>Vierl\u00edstok je jedn\u00fdm z najzn\u00e1mej\u0161\u00edch znakov \u0161\u0165astia a ochrany v Eur\u00f3pe. Jeho v\u00fdznam vych\u00e1dza z jednoduchej skuto\u010dnosti: je vz\u00e1cny, a kto ho n\u00e1jde, m\u00e1 v ruk\u00e1ch nie\u010do v\u00fdnimo\u010dn\u00e9. Z tejto vz\u00e1cnosti vyr\u00e1stol bohat\u00fd s\u00fabor predst\u00e1v.<\/p>\t\t\t\t\t\t\t\t<\/div>\n\t\t\t\t<\/div>\n\t\t\t\t<div class=\"elementor-element elementor-element-iwgs-vierblaettri-pills elementor-widget elementor-widget-html\" data-id=\"iwgs-vierblaettri-pills\" data-element_type=\"widget\" data-e-type=\"widget\" data-widget_type=\"html.default\">\n\t\t\t\t\t<div class=\"iwg-pill-row\"><span class=\"iwg-klasse-badge\" tabindex=\"0\" data-tooltip=\"Ochrann\u00fd symbol, amulet alebo apotropajn\u00fd predmet.\">Ochrann\u00fd symbol<\/span><a href=\"https:\/\/iwell-guard.com\/sk\/ochranne-symboly\/\" class=\"iwg-kultur-badge\" tabindex=\"0\" data-tooltip=\"Ochrann\u00e1 trad\u00edcia: Eur\u00f3pska \u013eudov\u00e1 magia\">Eur\u00f3pska \u013eudov\u00e1 magia<\/a><span class=\"iwg-tradition-badge\" tabindex=\"0\" data-tooltip=\"Znak, ktor\u00fd m\u00e1 nazna\u010dova\u0165 alebo privol\u00e1va\u0165 \u0161\u0165astie.\">Znak \u0161\u0165astia<\/span><\/div>\t\t\t\t<\/div>\n\t\t\t\t\t<\/div>\n\t\t\t\t<\/div>\n\t\t<div class=\"elementor-element elementor-element-iwgs-vierblaettri-hr e-con-full e-flex e-con e-parent\" data-id=\"iwgs-vierblaettri-hr\" data-element_type=\"container\" data-e-type=\"container\">\n\t\t\t\t<div class=\"elementor-element elementor-element-iwgs-vierblaettri-himg iwg-hero-image elementor-widget elementor-widget-image\" data-id=\"iwgs-vierblaettri-himg\" data-element_type=\"widget\" data-e-type=\"widget\" data-widget_type=\"image.default\">\n\t\t\t\t\t\t\t\t\t\t\t\t\t\t\t<img fetchpriority=\"high\" decoding=\"async\" width=\"683\" height=\"1024\" src=\"https:\/\/iwell-guard.com\/wp-content\/uploads\/2026\/05\/schutzsymbol_volksmagie_kleeblatt-683x1024.webp\" class=\"attachment-large size-large wp-image-159587\" alt=\"\u010cerstv\u00fd \u0161tvorl\u00edstok s kapkami rosy ved\u013ea striebornej pr\u00edvesky v tvare \u0161tvorl\u00edstka\" srcset=\"https:\/\/iwell-guard.com\/wp-content\/uploads\/2026\/05\/schutzsymbol_volksmagie_kleeblatt-683x1024.webp 683w, https:\/\/iwell-guard.com\/wp-content\/uploads\/2026\/05\/schutzsymbol_volksmagie_kleeblatt-200x300.webp 200w, https:\/\/iwell-guard.com\/wp-content\/uploads\/2026\/05\/schutzsymbol_volksmagie_kleeblatt-768x1152.webp 768w, https:\/\/iwell-guard.com\/wp-content\/uploads\/2026\/05\/schutzsymbol_volksmagie_kleeblatt.webp 1024w\" sizes=\"(max-width: 683px) 100vw, 683px\" \/>\t\t\t\t\t\t\t\t\t\t\t\t\t\t\t<\/div>\n\t\t\t\t<\/div>\n\t\t\t\t\t<\/div>\n\t\t\t\t<\/div>\n\t\t<div class=\"elementor-element elementor-element-iwgs-vierblaettri-s0 e-flex e-con-boxed e-con e-parent\" data-id=\"iwgs-vierblaettri-s0\" data-element_type=\"container\" data-e-type=\"container\">\n\t\t\t\t\t<div class=\"e-con-inner\">\n\t\t\t\t<div class=\"elementor-element elementor-element-iwgs-vierblaettri-s0h elementor-widget elementor-widget-heading\" data-id=\"iwgs-vierblaettri-s0h\" data-element_type=\"widget\" data-e-type=\"widget\" data-widget_type=\"heading.default\">\n\t\t\t\t\t<h2 class=\"elementor-heading-title elementor-size-default\">Zaradenie<\/h2>\t\t\t\t<\/div>\n\t\t<div class=\"elementor-element elementor-element-iwgs-vierblaettri-s0box e-con-full e-flex e-con e-parent\" data-id=\"iwgs-vierblaettri-s0box\" data-element_type=\"container\" data-e-type=\"container\">\n\t\t\t\t<div class=\"elementor-element elementor-element-iwgs-vierblaettri-s0t elementor-widget elementor-widget-text-editor\" data-id=\"iwgs-vierblaettri-s0t\" data-element_type=\"widget\" data-e-type=\"widget\" data-widget_type=\"text-editor.default\">\n\t\t\t\t\t\t\t\t\t<p>Vierl\u00edstok je znak \u0161\u0165astia a ochrany, ktor\u00fd je pevne zakotven\u00fd v eur\u00f3pskom \u013eudovom presved\u010den\u00ed. Na rozdiel od v\u00e4\u010d\u0161iny ochrann\u00fdch znakov nejde o vyroben\u00fd predmet, ale o vz\u00e1cny rozmar pr\u00edrody.<\/p><p>Be\u017en\u00fd \u010fatelina m\u00e1 tri l\u00edstky. Len v ojedinel\u00fdch pr\u00edpadoch vytvor\u00ed rastlina \u0161tvrt\u00fd l\u00edstok. Presne tento \u0161tvrt\u00fd l\u00edstok rob\u00ed z be\u017enej rastliny v\u00fdnimo\u010dn\u00fd znak.<\/p><p>Kto n\u00e1jde vierl\u00edstok, je pod\u013ea starej viery obdaren\u00fd \u0161\u0165ast\u00edm. L\u00edstok sa lisuje, uschov\u00e1va, nos\u00ed v pe\u0148a\u017eenke alebo sa dar\u00fava. V ka\u017edej z t\u00fdchto foriem sprev\u00e1dza svojho majite\u013ea ako znak \u0161\u0165astia.<\/p><p>Okrem \u0161\u0165astia sa vierl\u00edstoku v minulosti prisudzovala aj ochrann\u00e1 moc. Mal chr\u00e1ni\u0165 pred zl\u00fdm \u010darom a otv\u00e1ra\u0165 poh\u013ead na skryt\u00e9 veci.<\/p><p>\u010eatelinov\u00fd l\u00edstok je tak dobr\u00fdm pr\u00edkladom toho, ako sa z pr\u00edrodn\u00e9ho predmetu m\u00f4\u017ee sta\u0165 znak. Jeho v\u00fdznam nevych\u00e1dza z n\u00e1bo\u017eenstva, ale z pozorovania pr\u00edrody a z pr\u00edbehov, ktor\u00e9 sa k nemu viazali.<\/p><p>Be\u017en\u00e1 \u010fatelina, z ktorej poch\u00e1dzaj\u00fa \u0161\u0165astn\u00e9 l\u00edstky, je v\u00e4\u010d\u0161inou \u010fatelina biela, jedna z najbe\u017enej\u0161\u00edch rastl\u00edn na\u0161ich l\u00fak. Pr\u00e1ve preto, \u017ee trojl\u00edstok je tak v\u0161adepr\u00edtomn\u00fd, o to viac vynikne vz\u00e1cny \u0161tvrt\u00fd l\u00edstok.<\/p><p>Ojedinele sa vyskytuj\u00fa aj l\u00edstky s piatimi \u010di viacer\u00fdmi \u010das\u0165ami. S\u00fa e\u0161te vz\u00e1cnej\u0161ie a v \u013eudovej viere sa vykladaj\u00fa r\u00f4zne, raz ako zv\u00fd\u0161en\u00e9 \u0161\u0165astie, inokedy ako znak, ktor\u00e9mu sa treba vyhn\u00fa\u0165. Pevn\u00e9 miesto v <span class=\"iwg-fachbegriff\" data-tooltip=\"S\u00fabor tradovan\u00fdch zvykov spolo\u010denstva.\" tabindex=\"0\">zvykoch<\/span> patr\u00ed v\u00fdlu\u010dne vierl\u00edstoku.<\/p>\t\t\t\t\t\t\t\t<\/div>\n\t\t\t\t<\/div>\n\t\t\t\t\t<\/div>\n\t\t\t\t<\/div>\n\t\t<div class=\"elementor-element elementor-element-iwgs-vierblaettri-s1 e-flex e-con-boxed e-con e-parent\" data-id=\"iwgs-vierblaettri-s1\" data-element_type=\"container\" data-e-type=\"container\">\n\t\t\t\t\t<div class=\"e-con-inner\">\n\t\t\t\t<div class=\"elementor-element elementor-element-iwgs-vierblaettri-s1h elementor-widget elementor-widget-heading\" data-id=\"iwgs-vierblaettri-s1h\" data-element_type=\"widget\" data-e-type=\"widget\" data-widget_type=\"heading.default\">\n\t\t\t\t\t<h2 class=\"elementor-heading-title elementor-size-default\">Vz\u00e1cnos\u0165 ako d\u00f4vod<\/h2>\t\t\t\t<\/div>\n\t\t<div class=\"elementor-element elementor-element-iwgs-vierblaettri-s1box e-con-full e-flex e-con e-parent\" data-id=\"iwgs-vierblaettri-s1box\" data-element_type=\"container\" data-e-type=\"container\">\n\t\t\t\t<div class=\"elementor-element elementor-element-iwgs-vierblaettri-s1t elementor-widget elementor-widget-text-editor\" data-id=\"iwgs-vierblaettri-s1t\" data-element_type=\"widget\" data-e-type=\"widget\" data-widget_type=\"text-editor.default\">\n\t\t\t\t\t\t\t\t\t<p>Jadro v\u00fdznamu spo\u010d\u00edva vo vz\u00e1cnosti. Vierl\u00edstoky s\u00fa v\u00fdrazne vz\u00e1cnej\u0161ie ne\u017e be\u017en\u00e9 trojl\u00edstky. Na mnoho tis\u00edc rastl\u00edn pripad\u00e1 len jedin\u00fd l\u00edstok so \u0161tyrmi \u010das\u0165ami.<\/p><p>T\u00e1to vz\u00e1cnos\u0165 vysvet\u013euje, pre\u010do bol pr\u00e1ve \u0161tvrt\u00fd l\u00edstok pova\u017eovan\u00fd za v\u00fdznamn\u00fd. To, \u010do je vz\u00e1cne, up\u00fata pozornos\u0165 a p\u00f4sob\u00ed v\u00fdnimo\u010dne. N\u00e1lez, ktor\u00fd sa podar\u00ed len zriedka, sa \u013eahko jav\u00ed ako pokyn osudu.<\/p><p>Vierl\u00edstok si t\u00fato logiku del\u00ed s in\u00fdmi znakmi \u0161\u0165astia. Aj n\u00e1jden\u00e1 podkova alebo vz\u00e1cny kame\u0148 v\u010fa\u010dili za svoj v\u00fdznam \u010dasto tomu, \u017ee sa nenach\u00e1dzali ka\u017ed\u00fd de\u0148.<\/p><p>Pr\u00edrodn\u00e9 vedy vysvet\u013euj\u00fa \u0161tvrt\u00fd l\u00edstok ako vz\u00e1cnu odch\u00fdlku v raste rastliny, podmienen\u00fa dedi\u010dn\u00fdmi vlohami a vplyvmi prostredia. Toto vysvetlenie neberie n\u00e1lezu ni\u010d z jeho p\u00f4vabu, len ho zara\u010fuje do s\u00favislost\u00ed.<\/p><p>Dnes existuj\u00fa aj zvl\u00e1\u0161\u0165 vy\u0161\u013eachten\u00e9 odrody \u010fateliny, ktor\u00e9 nes\u00fa viac \u0161tvorl\u00edstkov. Skuto\u010dn\u00fdm znakom \u0161\u0165astia v\u0161ak zost\u00e1va n\u00e1hodne n\u00e1jden\u00fd l\u00edstok z be\u017enej l\u00faky, preto\u017ee na \u0148om lipne star\u00e1 predstava.<\/p><p>Ako vz\u00e1cny je vierl\u00edstok v skuto\u010dnosti, sa d\u00e1 vyjadri\u0165 v \u010d\u00edslach. Odhady hovoria, \u017ee na nieko\u013eko tis\u00edc be\u017en\u00fdch \u010fatelinov\u00fdch l\u00edstkov pripad\u00e1 len jedin\u00fd so \u0161tyrmi \u010das\u0165ami.<\/p><p>Kto sa napriek tomu pravidelne do\u010dk\u00e1 n\u00e1lezu, vypestoval si na to v\u00e4\u010d\u0161inou po dlhom \u010dase cit. Trpezliv\u00e9 h\u013eadanie a n\u00e1hle rozpoznanie patria k p\u00f4vabu tohto zvyku. Pr\u00e1ve preto, \u017ee n\u00e1lez nemo\u017eno vyn\u00fati\u0165, je vn\u00edman\u00fd ako mal\u00e9 \u0161\u0165astie.<\/p>\t\t\t\t\t\t\t\t<\/div>\n\t\t\t\t<\/div>\n\t\t\t\t\t<\/div>\n\t\t\t\t<\/div>\n\t\t<div class=\"elementor-element elementor-element-iwgs-vierblaettri-s2 e-flex e-con-boxed e-con e-parent\" data-id=\"iwgs-vierblaettri-s2\" data-element_type=\"container\" data-e-type=\"container\">\n\t\t\t\t\t<div class=\"e-con-inner\">\n\t\t\t\t<div class=\"elementor-element elementor-element-iwgs-vierblaettri-s2h elementor-widget elementor-widget-heading\" data-id=\"iwgs-vierblaettri-s2h\" data-element_type=\"widget\" data-e-type=\"widget\" data-widget_type=\"heading.default\">\n\t\t\t\t\t<h2 class=\"elementor-heading-title elementor-size-default\">Vierl\u00edstok a shamrock: rozdiel<\/h2>\t\t\t\t<\/div>\n\t\t<div class=\"elementor-element elementor-element-iwgs-vierblaettri-s2box e-con-full e-flex e-con e-parent\" data-id=\"iwgs-vierblaettri-s2box\" data-element_type=\"container\" data-e-type=\"container\">\n\t\t\t\t<div class=\"elementor-element elementor-element-iwgs-vierblaettri-s2t elementor-widget elementor-widget-text-editor\" data-id=\"iwgs-vierblaettri-s2t\" data-element_type=\"widget\" data-e-type=\"widget\" data-widget_type=\"text-editor.default\">\n\t\t\t\t\t\t\t\t\t<p>Vierl\u00edstok sa \u010dasto zamie\u0148a so shamrockom, trojl\u00edstkom, ktor\u00fd je symbolom \u00cdrska. Oba patria k \u010fateline, ich v\u00fdznam je v\u0161ak odli\u0161n\u00fd.<\/p><p>Shamrock m\u00e1 tri l\u00edstky a je n\u00e1rodn\u00fdm znakom \u00cdrska. Pod\u013ea <span class=\"iwg-fachbegriff\" data-tooltip=\"Odovzd\u00e1vanie vedomost\u00ed a pr\u00edbehov z gener\u00e1cie na gener\u00e1ciu.\" tabindex=\"0\">trad\u00edcie<\/span> mal sv\u00e4t\u00fd Patrik pomocou trojl\u00edstka vysvetli\u0165 kres\u0165ansk\u00fa n\u00e1uku o Najsv\u00e4tej\u0161ej Trojici.<\/p><p>Shamrock je teda kres\u0165ansky vykladan\u00fdm a n\u00e1rodn\u00fdm <span class=\"iwg-fachbegriff\" data-tooltip=\"Znak, ktor\u00fd zastupuje ist\u00fa predstavu alebo v\u00fdznam.\" tabindex=\"0\">symbolom<\/span>. Vierl\u00edstok je naproti tomu znakom \u0161\u0165astia a ochrany v\u0161eobecnej \u013eudovej viery, ktor\u00fd nie je viazan\u00fd na \u017eiadne konkr\u00e9tne n\u00e1bo\u017eenstvo ani n\u00e1rod.<\/p><p>Z\u00e1mena oboch je be\u017en\u00e1, preto\u017ee obe poch\u00e1dzaj\u00fa z rovnak\u00e9ho druhu rastliny a s\u00fa si podobn\u00e9. Pre jasn\u00fd v\u00fdklad je v\u0161ak rozl\u00ed\u0161enie d\u00f4le\u017eit\u00e9.<\/p><p>Tret\u00ed l\u00edstok stoj\u00ed pri shamrocku v strede v\u00fdkladu, \u0161tvrt\u00fd l\u00edstok pri \u0161\u0165astnom \u010fatelinovom l\u00edstku. Pr\u00e1ve tento dodato\u010dn\u00fd, vz\u00e1cny l\u00edstok nesie cel\u00fd v\u00fdznam znaku \u0161\u0165astia.<\/p><p>Shamrock hr\u00e1va ve\u013ek\u00fa \u00falohu predov\u0161etk\u00fdm na De\u0148 sv\u00e4t\u00e9ho Patrika, ke\u010f sa trojl\u00edstok nos\u00ed po celom \u00cdrsku i v \u00edrskom svete. Jeho zele\u0148 sa stala <span class=\"iwg-fachbegriff\" data-tooltip=\"V\u00fdsti\u017en\u00fd obraz, ktor\u00fd zastupuje abstraktn\u00fa my\u0161lienku.\" tabindex=\"0\">symbolom<\/span> cel\u00e9ho ostrova.<\/p><p>Nemeck\u00e9 slovo Kleeblatt a anglick\u00e9 shamrock obe jednoducho odkazuj\u00fa na samotn\u00fa rastlinu. Napriek tejto jazykovej bl\u00edzkosti zost\u00e1va rozdiel jasn\u00fd: shamrock je n\u00e1rodn\u00fd a n\u00e1bo\u017eensk\u00fd znak, \u0161\u0165astn\u00fd vierl\u00edstok je znakom \u013eudovej viery.<\/p>\t\t\t\t\t\t\t\t<\/div>\n\t\t\t\t<\/div>\n\t\t\t\t\t<\/div>\n\t\t\t\t<\/div>\n\t\t<div class=\"elementor-element elementor-element-iwgs-vierblaettri-s3 e-flex e-con-boxed e-con e-parent\" data-id=\"iwgs-vierblaettri-s3\" data-element_type=\"container\" data-e-type=\"container\">\n\t\t\t\t\t<div class=\"e-con-inner\">\n\t\t\t\t<div class=\"elementor-element elementor-element-iwgs-vierblaettri-s3h elementor-widget elementor-widget-heading\" data-id=\"iwgs-vierblaettri-s3h\" data-element_type=\"widget\" data-e-type=\"widget\" data-widget_type=\"heading.default\">\n\t\t\t\t\t<h2 class=\"elementor-heading-title elementor-size-default\">Kelti, druidi a poh\u013ead na skryt\u00e9 veci<\/h2>\t\t\t\t<\/div>\n\t\t<div class=\"elementor-element elementor-element-iwgs-vierblaettri-s3box e-con-full e-flex e-con e-parent\" data-id=\"iwgs-vierblaettri-s3box\" data-element_type=\"container\" data-e-type=\"container\">\n\t\t\t\t<div class=\"elementor-element elementor-element-iwgs-vierblaettri-s3t elementor-widget elementor-widget-text-editor\" data-id=\"iwgs-vierblaettri-s3t\" data-element_type=\"widget\" data-e-type=\"widget\" data-widget_type=\"text-editor.default\">\n\t\t\t\t\t\t\t\t\t<p>Roz\u0161\u00edren\u00e1 rozpr\u00e1va\u010dsk\u00e1 trad\u00edcia sp\u00e1ja \u0161tvorl\u00edstok s Keltmi a druidmi. \u010eatelina bola v t\u00fdchto predstav\u00e1ch pova\u017eovan\u00e1 za v\u00e1\u017een\u00fa rastlinu.<\/p><p>Vz\u00e1cnemu \u0161tvorl\u00edstku sa pri tom pripisovala mimoriadna sila. Mal tomu, kto ho vlastnil, otvori\u0165 poh\u013ead na inak skryt\u00e9 veci.<\/p><p>Pod\u013ea tejto <span class=\"iwg-fachbegriff\" data-tooltip=\"Odovzd\u00e1vanie vedomost\u00ed a rozpr\u00e1van\u00ed z gener\u00e1cie na gener\u00e1ciu.\" tabindex=\"0\">trad\u00edcie<\/span> mohol \u010dlovek so \u0161tvorl\u00edstkom vn\u00edma\u0165 duchov a in\u00e9 skryt\u00e9 bytosti, ktor\u00e9 ost\u00e1vali ostatn\u00fdm nevidite\u013en\u00e9. List mu poskytoval takpovediac roz\u0161\u00edren\u00fd poh\u013ead.<\/p><p>S t\u00fdm sa sp\u00e1jala my\u0161lienka ochrany. Kto vedel rozpozna\u0165 \u0161kodliv\u00e9 sily a zl\u00e9 k\u00fazla, bol im menej vydan\u00fd na milos\u0165. \u0160tvorl\u00edstok chr\u00e1nil t\u00fdm, \u017ee robil nevidite\u013en\u00e9 vidite\u013en\u00fdm.<\/p><p>Ako hlboko tieto predstavy skuto\u010dne sahaj\u00fa do keltsk\u00fdch \u010dias, sa ned\u00e1 s istotou dok\u00e1za\u0165. Ist\u00e9 je, \u017ee \u0161tvorl\u00edstok platil v eur\u00f3pskej \u013eudovej vier\u0435 dlho za prostriedok proti k\u00fazlam a za ochranu.<\/p><p>\u010eatelina bola \u013eu\u010fom od nepam\u00e4ti zn\u00e1ma ako krmovinov\u00e1 rastlina. R\u00e1stla na l\u00fakach, na ktor\u00fdch sa p\u00e1sol dobytok, a patrila k be\u017en\u00e9mu obrazu krajiny. Pr\u00e1ve tento protiklad robil \u0161tvorl\u00edstok tak n\u00e1padn\u00fdm.<\/p><p>Z \u00faplne oby\u010dajnej, v\u0161ade dostupnej rastliny sa naraz vynorilo nie\u010do vz\u00e1cne. \u0160\u0165astn\u00fd \u0161tvorl\u00edstok tak nebol vzdialenou, drahocennou vecou, ale z\u00e1zrakom pri ceste, na ktor\u00fd mohol narazi\u0165 ka\u017ed\u00fd, kto sa dostato\u010dne pozorne pozeral.<\/p>\t\t\t\t\t\t\t\t<\/div>\n\t\t\t\t<\/div>\n\t\t\t\t\t<\/div>\n\t\t\t\t<\/div>\n\t\t<div class=\"elementor-element elementor-element-iwgs-vierblaettri-s4 e-flex e-con-boxed e-con e-parent\" data-id=\"iwgs-vierblaettri-s4\" data-element_type=\"container\" data-e-type=\"container\">\n\t\t\t\t\t<div class=\"e-con-inner\">\n\t\t\t\t<div class=\"elementor-element elementor-element-iwgs-vierblaettri-s4h elementor-widget elementor-widget-heading\" data-id=\"iwgs-vierblaettri-s4h\" data-element_type=\"widget\" data-e-type=\"widget\" data-widget_type=\"heading.default\">\n\t\t\t\t\t<h2 class=\"elementor-heading-title elementor-size-default\">Legenda o raji<\/h2>\t\t\t\t<\/div>\n\t\t<div class=\"elementor-element elementor-element-iwgs-vierblaettri-s4box e-con-full e-flex e-con e-parent\" data-id=\"iwgs-vierblaettri-s4box\" data-element_type=\"container\" data-e-type=\"container\">\n\t\t\t\t<div class=\"elementor-element elementor-element-iwgs-vierblaettri-s4t elementor-widget elementor-widget-text-editor\" data-id=\"iwgs-vierblaettri-s4t\" data-element_type=\"widget\" data-e-type=\"widget\" data-widget_type=\"text-editor.default\">\n\t\t\t\t\t\t\t\t\t<p>Zn\u00e1ma <span class=\"iwg-fachbegriff\" data-tooltip=\"Budovate\u013esk\u00e9 rozpr\u00e1vanie, v\u00e4\u010d\u0161inou o \u017eivote sv\u00e4t\u00fdch.\" tabindex=\"0\">legenda<\/span> sp\u00e1ja \u0161tvorl\u00edstok s rajom. Rozpr\u00e1va, \u017ee Eva si pri odchode z raja vzala so sebou \u0161tvorl\u00edstok.<\/p><p>Pod\u013ea tohto rozpr\u00e1vania je \u0161tvorl\u00edstok pripomienkou na straten\u00fd raj. N\u00e1js\u0165 ho teda znamen\u00e1 dr\u017ea\u0165 v ruke mal\u00fd k\u00fasok raja.<\/p><p>T\u00e1to <span class=\"iwg-fachbegriff\" data-tooltip=\"Budovate\u013esk\u00e9 rozpr\u00e1vanie, v\u00e4\u010d\u0161inou o \u017eivote sv\u00e4t\u00fdch.\" tabindex=\"0\">legenda<\/span> d\u00e1va \u0161\u0165astiu z n\u00e1lezu vlastn\u00fa h\u013abku. \u0160tvorl\u00edstok v nej nie je len n\u00e1hodn\u00fdm \u0161\u0165ast\u00edm, ale odkazom na stav dokonal\u00e9ho blaha.<\/p><p>Tak\u00e9to rozpr\u00e1vania s\u00fa pre znaky \u0161\u0165astia a ochrany typick\u00e9. D\u00e1vaj\u00fa <span class=\"iwg-fachbegriff\" data-tooltip=\"Odovzd\u00e1van\u00fd, v spolo\u010denstve pravidelne opakovan\u00fd \u00fakon.\" tabindex=\"0\">zvyku<\/span> obrazn\u00e9 vysvetlenie a robia ho \u013eah\u0161ie prenosn\u00fdm, preto\u017ee pr\u00edbeh sa d\u00e1 lep\u0161ie zapam\u00e4ta\u0165 ne\u017e hol\u00e9 pravidlo.<\/p><p>\u010ci je t\u00e1to <span class=\"iwg-fachbegriff\" data-tooltip=\"Budovate\u013esk\u00e9 rozpr\u00e1vanie, v\u00e4\u010d\u0161inou o \u017eivote sv\u00e4t\u00fdch.\" tabindex=\"0\">legenda<\/span> star\u00e1 alebo vznikla nesk\u00f4r, sa d\u00e1 len \u0165a\u017eko rozhodn\u00fa\u0165. D\u00f4le\u017eit\u00e9 je, \u017ee spojila \u0161tvorl\u00edstok so siln\u00fdm obrazom a tak upevnila jeho v\u00fdznam ako znaku \u0161\u0165astia.<\/p><p><span class=\"iwg-fachbegriff\" data-tooltip=\"Budovate\u013esk\u00e9 rozpr\u00e1vanie, v\u00e4\u010d\u0161inou o \u017eivote sv\u00e4t\u00fdch.\" tabindex=\"0\">Legenda<\/span> o Eve a raji nestoj\u00ed osamotene. Aj in\u00e9 rastliny boli v rozpr\u00e1vaniach sp\u00e1jan\u00e9 so stratenou z\u00e1hradou alebo s nebesk\u00fdm p\u00f4vodom. Tak\u00e9to pr\u00edbehy d\u00e1vali nen\u00e1padnej rastline vysok\u00e9 postavenie.<\/p><p>Pri \u0161tvorl\u00edstku sa \u010derstv\u00e1 zele\u0148 rast\u00facej rastliny navy\u0161e sp\u00e1jala s n\u00e1dejou a s my\u0161lienkou \u017eivosti. <span class=\"iwg-fachbegriff\" data-tooltip=\"Budovate\u013esk\u00e9 rozpr\u00e1vanie, v\u00e4\u010d\u0161inou o \u017eivote sv\u00e4t\u00fdch.\" tabindex=\"0\">Legenda<\/span> o raji urobila z n\u00e1lezu viac ne\u017e len \u0161\u0165astn\u00fa n\u00e1hodu, toti\u017e dotyk s lep\u0161\u00edm svetom.<\/p>\t\t\t\t\t\t\t\t<\/div>\n\t\t\t\t<\/div>\n\t\t\t\t\t<\/div>\n\t\t\t\t<\/div>\n\t\t<div class=\"elementor-element elementor-element-iwgs-vierblaettri-s5 e-flex e-con-boxed e-con e-parent\" data-id=\"iwgs-vierblaettri-s5\" data-element_type=\"container\" data-e-type=\"container\">\n\t\t\t\t\t<div class=\"e-con-inner\">\n\t\t\t\t<div class=\"elementor-element elementor-element-iwgs-vierblaettri-s5h elementor-widget elementor-widget-heading\" data-id=\"iwgs-vierblaettri-s5h\" data-element_type=\"widget\" data-e-type=\"widget\" data-widget_type=\"heading.default\">\n\t\t\t\t\t<h2 class=\"elementor-heading-title elementor-size-default\">V\u00fdklad \u0161tyroch l\u00edstkov<\/h2>\t\t\t\t<\/div>\n\t\t<div class=\"elementor-element elementor-element-iwgs-vierblaettri-s5box e-con-full e-flex e-con e-parent\" data-id=\"iwgs-vierblaettri-s5box\" data-element_type=\"container\" data-e-type=\"container\">\n\t\t\t\t<div class=\"elementor-element elementor-element-iwgs-vierblaettri-s5t elementor-widget elementor-widget-text-editor\" data-id=\"iwgs-vierblaettri-s5t\" data-element_type=\"widget\" data-e-type=\"widget\" data-widget_type=\"text-editor.default\">\n\t\t\t\t\t\t\t\t\t<p>\u0160tyrom l\u00edstkom \u0161\u0165astnej \u010fateliny sa v priebehu \u010dasu prip\u00edsali vlastn\u00e9 v\u00fdznamy. Roz\u0161\u00edren\u00fd v\u00fdklad ich sp\u00e1ja s vierou, n\u00e1dejou, l\u00e1skou a \u0161\u0165ast\u00edm.<\/p><p>V tomto po\u0148at\u00ed nesie \u0161tvorl\u00edstok tri hodnoty, ktor\u00e9 s\u00fa aj v kres\u0165anskej trad\u00edcii zn\u00e1me ako cnosti, a prid\u00e1va k nim \u0161\u0165astie ako \u0161tvrt\u00fa. Vz\u00e1cny \u0161tvrt\u00fd l\u00edstok tak stoj\u00ed pr\u00e1ve za \u0161\u0165astie samotn\u00e9.<\/p><p>In\u00e9 v\u00fdklady prira\u010fuj\u00fa l\u00edstkom sl\u00e1vu, bohatstvo, l\u00e1sku a zdravie, alebo nech\u00e1vaj\u00fa v\u00fdznam otvoren\u00fd, tak\u017ee si ho m\u00f4\u017ee n\u00e1lezca ur\u010di\u0165 s\u00e1m.<\/p><p>T\u00e1to rozmanitos\u0165 ukazuje, \u017ee neexistuje jedin\u00fd z\u00e1v\u00e4zn\u00fd v\u00fdklad. Priradenia vznikli v \u013eudovom zvyku a od miesta k miestu a od doby k dobe sa d\u00e1vali rozdielne.<\/p><p>V\u0161etk\u00fdm v\u00fdkladom je spolo\u010dn\u00e9, \u017ee \u0161tvrt\u00fd l\u00edstok plat\u00ed za skuto\u010dne hodnotn\u00fd. Je vz\u00e1cnym doplnkom, ktor\u00fd rob\u00ed z oby\u010dajnej \u010fateliny znak \u0161\u0165astia.<\/p><p>To, \u017ee pr\u00e1ve \u010d\u00edslo \u0161tyri prepo\u017ei\u010diava l\u00edstkom v\u00fdznam, zapad\u00e1 do \u013eudov\u00e9ho myslenia o \u010d\u00edslach. \u0160tvorka platila \u010dasto za \u010d\u00edslo \u00faplnosti, spome\u0148me si na \u0161tyri svetov\u00e9 strany alebo \u0161tyri ro\u010dn\u00e9 obdobia.<\/p><p>\u0160tvrt\u00fd l\u00edstok v tomto poh\u013eade dovr\u0161uje \u010fatelinu na nie\u010do cel\u00e9. Zatia\u013e \u010do tri l\u00edstky tvoria oby\u010dajn\u00e9, \u0161tvrt\u00fd povy\u0161uje rastlinu na in\u00fa \u00farove\u0148. V\u00fdklady jednotliv\u00fdch l\u00edstkov vych\u00e1dzaj\u00fa z tejto z\u00e1kladnej my\u0161lienky doplnenia.<\/p>\t\t\t\t\t\t\t\t<\/div>\n\t\t\t\t<\/div>\n\t\t\t\t\t<\/div>\n\t\t\t\t<\/div>\n\t\t<div class=\"elementor-element elementor-element-iwgs-vierblaettri-s6 e-flex e-con-boxed e-con e-parent\" data-id=\"iwgs-vierblaettri-s6\" data-element_type=\"container\" data-e-type=\"container\">\n\t\t\t\t\t<div class=\"e-con-inner\">\n\t\t\t\t<div class=\"elementor-element elementor-element-iwgs-vierblaettri-s6h elementor-widget elementor-widget-heading\" data-id=\"iwgs-vierblaettri-s6h\" data-element_type=\"widget\" data-e-type=\"widget\" data-widget_type=\"heading.default\">\n\t\t\t\t\t<h2 class=\"elementor-heading-title elementor-size-default\">N\u00e1jden\u00fd \u0161tvorl\u00edstok<\/h2>\t\t\t\t<\/div>\n\t\t<div class=\"elementor-element elementor-element-iwgs-vierblaettri-s6box e-con-full e-flex e-con e-parent\" data-id=\"iwgs-vierblaettri-s6box\" data-element_type=\"container\" data-e-type=\"container\">\n\t\t\t\t<div class=\"elementor-element elementor-element-iwgs-vierblaettri-s6t elementor-widget elementor-widget-text-editor\" data-id=\"iwgs-vierblaettri-s6t\" data-element_type=\"widget\" data-e-type=\"widget\" data-widget_type=\"text-editor.default\">\n\t\t\t\t\t\t\t\t\t<p>V \u013eudovej viere z\u00e1le\u017ealo na tom, aby si \u0161tvorl\u00edstok ja\u010dmenn\u00e9ho, respekt\u00edve \u010fatelinov\u00e9ho listu \u010dlovek s\u00e1m na\u0161iel. N\u00e1lez sa pova\u017eoval za rozhoduj\u00faci, nie samotn\u00e9 vlastnenie.<\/p><p>Osobitn\u00fd v\u00fdznam mal n\u00e1hodn\u00fd n\u00e1lez. \u0160tvorl\u00edstok, ktor\u00fd niekomu neo\u010dak\u00e1vane padol do oka, platil za skuto\u010dn\u00e9 znamenie \u0161\u0165astia. Kto ho naopak z\u00e1merne a s n\u00e1mahou h\u013eadal, tomu <span class=\"iwg-fachbegriff\" data-tooltip=\"Tradi\u010dn\u00fd, v spolo\u010denstve pravidelne opakovan\u00fd \u00fakon.\" tabindex=\"0\">zvyk<\/span> s\u013euboval menej.<\/p><p>V tomto sa \u0161tvorl\u00edstok podob\u00e1 n\u00e1jdenej podkove. Aj tam platil neo\u010dak\u00e1van\u00fd n\u00e1lez za skuto\u010dn\u00e9 \u0161\u0165astie, preto\u017ee sa ch\u00e1pal ako nepl\u00e1novan\u00fd pokyn osudu.<\/p><p>S n\u00e1jden\u00fdm listom sa zaobch\u00e1dzalo starostlivo. \u010casto sa lisoval a su\u0161il, aby vydr\u017eal, a potom sa uschov\u00e1val v knihe, v pe\u0148a\u017eenke alebo v medail\u00f3ne.<\/p><p>V tomto zaobch\u00e1dzan\u00ed sa ukazuje, \u017ee \u0161tvorl\u00edstok sa bral ako ochrann\u00e9 a \u0161\u0165astie prin\u00e1\u0161aj\u00face znamenie v\u00e1\u017ene. Chr\u00e1nil sa ako mal\u00fd <span class=\"iwg-fachbegriff\" data-tooltip=\"Nosen\u00fd predmet, ktor\u00e9mu sa pripisuje ochrann\u00fd, ne\u0161\u0165astie odvracaj\u00faci \u00fa\u010dinok.\" tabindex=\"0\">amulet<\/span> a svojho n\u00e1lezcu sprev\u00e1dzal dlh\u00fd \u010das.<\/p><p>To, \u017ee v\u00fdznam \u0161tyroch listov sa \u010dasto ponech\u00e1va otvoren\u00fd, m\u00e1 svoje osobit\u00e9 k\u00fazlo. N\u00e1lezca m\u00f4\u017ee listu priradi\u0165 svoje vlastn\u00e9 \u017eelanie, a tak sa \u0161tvorl\u00edstok st\u00e1va osobn\u00fdm znamen\u00edm.<\/p><p>Pri darovan\u00ed sa s t\u00fdm sp\u00e1ja dobr\u00e9 \u017eelanie pre druh\u00e9ho. N\u00e1jden\u00fd a \u010falej darovan\u00fd \u0161tvorl\u00edstok tak neprin\u00e1\u0161a len \u0161\u0165astie vo v\u0161eobecnosti, ale konkr\u00e9tne prianie, ktor\u00e9 darca d\u00e1va darovan\u00e9mu na cestu.<\/p>\t\t\t\t\t\t\t\t<\/div>\n\t\t\t\t<\/div>\n\t\t\t\t\t<\/div>\n\t\t\t\t<\/div>\n\t\t<div class=\"elementor-element elementor-element-iwgs-vierblaettri-s7 e-flex e-con-boxed e-con e-parent\" data-id=\"iwgs-vierblaettri-s7\" data-element_type=\"container\" data-e-type=\"container\">\n\t\t\t\t\t<div class=\"e-con-inner\">\n\t\t\t\t<div class=\"elementor-element elementor-element-iwgs-vierblaettri-s7h elementor-widget elementor-widget-heading\" data-id=\"iwgs-vierblaettri-s7h\" data-element_type=\"widget\" data-e-type=\"widget\" data-widget_type=\"heading.default\">\n\t\t\t\t\t<h2 class=\"elementor-heading-title elementor-size-default\">Roz\u0161\u00edrenie a pr\u00edbuzn\u00e9 znamenia \u0161\u0165astia<\/h2>\t\t\t\t<\/div>\n\t\t<div class=\"elementor-element elementor-element-iwgs-vierblaettri-s7box e-con-full e-flex e-con e-parent\" data-id=\"iwgs-vierblaettri-s7box\" data-element_type=\"container\" data-e-type=\"container\">\n\t\t\t\t<div class=\"elementor-element elementor-element-iwgs-vierblaettri-s7t elementor-widget elementor-widget-text-editor\" data-id=\"iwgs-vierblaettri-s7t\" data-element_type=\"widget\" data-e-type=\"widget\" data-widget_type=\"text-editor.default\">\n\t\t\t\t\t\t\t\t\t<p>\u0160tvorl\u00edstok je ako znamenie \u0161\u0165astia zn\u00e1my v mnoh\u00fdch \u010dastiach Eur\u00f3py a odtia\u013e sa roz\u0161\u00edril \u010falej. Patr\u00ed medzi najzn\u00e1mej\u0161ie symboly \u0161\u0165astia v\u00f4bec.<\/p><p>Stoj\u00ed pritom v jednom rade s \u010fal\u0161\u00edmi znameniami \u0161\u0165astia. Podkova, komin\u00e1r, prasiatko a lienka sa podobn\u00fdm sp\u00f4sobom pova\u017euj\u00fa za prin\u00e1\u0161aj\u00face \u0161\u0165astie.<\/p><p>Tieto znamenia sa \u010dasto objavuj\u00fa spolo\u010dne, napr\u00edklad na blahoprajn\u00fdch poh\u013eadniciach k nov\u00e9mu roku. \u0160tvorl\u00edstok je v tak\u00fdchto zostav\u00e1ch takmer v\u017edy zast\u00fapen\u00fd.<\/p><p>Na rozdiel od podkovy alebo komin\u00e1ra je v\u0161ak \u0161tvorl\u00edstok \u017eivou rastlinou. T\u00e1to spojitos\u0165 s pr\u00edrodou ho odli\u0161uje od predmetn\u00fdch znamen\u00ed \u0161\u0165astia a d\u00e1va mu osobit\u00e9 \u010daro.<\/p><p>Star\u0161ia predstava ochrany, \u0161tvorl\u00edstok ako prostriedok proti \u010darom, dnes u\u017e ust\u00fapila do pozadia. Zostal predov\u0161etk\u00fdm jeho v\u00fdznam ako v\u0161eobecn\u00e9ho znamenia \u0161\u0165astia.<\/p><p>Lisovanie a uschov\u00e1vanie rastl\u00edn bolo v minulosti ve\u013emi roz\u0161\u00edren\u00e9 a neobmedzovalo sa len na \u0161tvorl\u00edstok. Kvety a listy sa su\u0161ili medzi stranami kn\u00edh a uchov\u00e1vali sa ako pamiatka. Pri \u0161\u0165astnom \u0161tvorl\u00edstku dostala t\u00e1to prax osobitn\u00fd v\u00fdznam.<\/p><p>Lisovan\u00fd list sa mohol uchov\u00e1va\u0165 roky, a tak zost\u00e1val trval\u00fdm spolo\u010dn\u00edkom. Niektor\u00fd \u0161tvorl\u00edstok sa odovzd\u00e1val z gener\u00e1cie na gener\u00e1ciu a sp\u00e1jal tak \u0161\u0165astie so spomienkou na konkr\u00e9tneho \u010dloveka.<\/p>\t\t\t\t\t\t\t\t<\/div>\n\t\t\t\t<\/div>\n\t\t\t\t\t<\/div>\n\t\t\t\t<\/div>\n\t\t<div class=\"elementor-element elementor-element-iwgs-vierblaettri-s8 e-flex e-con-boxed e-con e-parent\" data-id=\"iwgs-vierblaettri-s8\" data-element_type=\"container\" data-e-type=\"container\">\n\t\t\t\t\t<div class=\"e-con-inner\">\n\t\t\t\t<div class=\"elementor-element elementor-element-iwgs-vierblaettri-s8h elementor-widget elementor-widget-heading\" data-id=\"iwgs-vierblaettri-s8h\" data-element_type=\"widget\" data-e-type=\"widget\" data-widget_type=\"heading.default\">\n\t\t\t\t\t<h2 class=\"elementor-heading-title elementor-size-default\">S\u00fa\u010dasn\u00e1 recepcia<\/h2>\t\t\t\t<\/div>\n\t\t<div class=\"elementor-element elementor-element-iwgs-vierblaettri-s8box e-con-full e-flex e-con e-parent\" data-id=\"iwgs-vierblaettri-s8box\" data-element_type=\"container\" data-e-type=\"container\">\n\t\t\t\t<div class=\"elementor-element elementor-element-iwgs-vierblaettri-s8t elementor-widget elementor-widget-text-editor\" data-id=\"iwgs-vierblaettri-s8t\" data-element_type=\"widget\" data-e-type=\"widget\" data-widget_type=\"text-editor.default\">\n\t\t\t\t\t\t\t\t\t<p>\u0160tvorl\u00edstok je dnes jedn\u00fdm z najzn\u00e1mej\u0161\u00edch znamen\u00ed \u0161\u0165astia v\u00f4bec. Objavuje sa ako \u0161perkov\u00fd pr\u00edvesok, ako <span class=\"iwg-fachbegriff\" data-tooltip=\"Opakuj\u00faci sa obsahov\u00fd prvok v umen\u00ed alebo rozpr\u00e1van\u00ed.\" tabindex=\"0\">mot\u00edv<\/span> na poh\u013eadniciach a dar\u010dekoch a ako v\u0161eobecn\u00fd symbol \u0161\u0165astia.<\/p><p>V tomto pou\u017eit\u00ed je spojenie so vz\u00e1cnou rastlinou u\u017e \u010dasto len sprostredkovan\u00e9. \u0160tvorl\u00edstok sa pou\u017e\u00edva ako tvar a znak, bez toho, aby za n\u00edm st\u00e1l skuto\u010dn\u00fd n\u00e1lez.<\/p><p>Z\u00e1rove\u0148 star\u00fd <span class=\"iwg-fachbegriff\" data-tooltip=\"Tradi\u010dn\u00fd, v spolo\u010denstve pravidelne opakovan\u00fd \u00fakon.\" tabindex=\"0\">zvyk<\/span> nezanikol. \u013dudia e\u0161te st\u00e1le h\u013eadaj\u00fa na l\u00fakach vz\u00e1cny \u0161tvrt\u00fd list, a skuto\u010dn\u00fd n\u00e1lez st\u00e1le vyvol\u00e1va rados\u0165.<\/p><p>Ochrann\u00fd aspekt, \u0161tvorl\u00edstok ako prostriedok proti zl\u00fdm \u010darom, si v\u0161ak u\u017e dnes takmer nikto neuvedomuje. Tu sa ukazuje rovnak\u00e1 premena ako pri mnoh\u00fdch ochrann\u00fdch znameniach, ktor\u00e9 sa stali \u010disto symbolmi \u0161\u0165astia.<\/p><p>\u0160tvorl\u00edstok tak zost\u00e1va v\u00fdsti\u017en\u00fdm pr\u00edkladom. Ukazuje, ako sa zo vz\u00e1cneho pr\u00edrodn\u00e9ho javu v\u010faka legend\u00e1m a \u013eudovej viere stalo znamenie, ktor\u00e9 sa dodnes sp\u00e1ja so \u0161\u0165ast\u00edm a ochranou.<\/p><p>\u0160tvorl\u00edstok prenikol aj mimo \u010disto <span class=\"iwg-fachbegriff\" data-tooltip=\"S\u00fahrn tradovan\u00fdch zvykov spolo\u010denstva.\" tabindex=\"0\">zvykov\u00e9ho<\/span> r\u00e1mca do mnoh\u00fdch \u010fal\u0161\u00edch oblast\u00ed. Objavuje sa v erboch, v symboloch spolkov a v \u0161porte, kde m\u00e1 znamena\u0165 \u0161\u0165astie a \u00faspech.<\/p><p>V tomto smere zdie\u013ea osud \u010fal\u0161\u00edch znamen\u00ed \u0161\u0165astia, ktor\u00e9 pre\u0161li z \u013eudov\u00e9ho zvyku do v\u0161eobecnej obraznej re\u010di. V rade zn\u00e1mych symbolov \u0161\u0165astia m\u00e1 \u0161tvorl\u00edstok pevn\u00e9 miesto a je mo\u017eno t\u00fdm naj\u010dastej\u0161ie zobrazovan\u00fdm zo v\u0161etk\u00fdch.<\/p><div data-nosnippet=\"true\"><p>S\u00favisiace str\u00e1nky v lexik\u00f3ne: preh\u013ead <a href=\"https:\/\/iwell-guard.com\/sk\/ochranne-symboly\/\">ochrann\u00fdch symbolov v preh\u013eade<\/a> a str\u00e1nka o <a href=\"https:\/\/iwell-guard.com\/sk\/?page_id=158249\">symboloch \u0161\u0165astia<\/a>.<\/p><\/div>\t\t\t\t\t\t\t\t<\/div>\n\t\t\t\t<\/div>\n\t\t\t\t\t<\/div>\n\t\t\t\t<\/div>\n\t\t<div class=\"elementor-element elementor-element-iwgs-vierblaettri-lit e-flex e-con-boxed e-con e-parent\" data-id=\"iwgs-vierblaettri-lit\" data-element_type=\"container\" data-e-type=\"container\">\n\t\t\t\t\t<div class=\"e-con-inner\">\n\t\t\t\t<div class=\"elementor-element elementor-element-iwgs-vierblaettri-lith elementor-widget elementor-widget-heading\" data-id=\"iwgs-vierblaettri-lith\" data-element_type=\"widget\" data-e-type=\"widget\" data-widget_type=\"heading.default\">\n\t\t\t\t\t<h2 class=\"elementor-heading-title elementor-size-default\">Literat\u00fara (v\u00fdber)<\/h2>\t\t\t\t<\/div>\n\t\t<div class=\"elementor-element elementor-element-iwgs-vierblaettri-litbox e-con-full e-flex e-con e-parent\" data-id=\"iwgs-vierblaettri-litbox\" data-element_type=\"container\" data-e-type=\"container\">\n\t\t\t\t<div class=\"elementor-element elementor-element-iwgs-vierblaettri-litt elementor-widget elementor-widget-html\" data-id=\"iwgs-vierblaettri-litt\" data-element_type=\"widget\" data-e-type=\"widget\" data-widget_type=\"html.default\">\n\t\t\t\t\t<footer data-nosnippet=\"true\"><ul><li>Handw\u00f6rterbuch des deutschen Aberglaubens, \u010dl\u00e1nok <em>Klee<\/em><\/li><li>Lutz R\u00f6hrich: <em>Lexikon der sprichw\u00f6rtlichen Redensarten<\/em> (1991)<\/li><li>Marianne Beuchert: <em>Symbolik der Pflanzen<\/em> (1995)<\/li><li>Hans Biedermann: <em>Knaurs Lexikon der Symbole<\/em> (1989)<\/li><li>Wolfgang Bauer, Sergius Golowin: <em>Das Lexikon der Gl\u00fccks- und Schutzsymbole<\/em> (Studien)<\/li><\/ul><\/footer>\t\t\t\t<\/div>\n\t\t\t\t<\/div>\n\t\t\t\t\t<\/div>\n\t\t\t\t<\/div>\n\t\t<div class=\"elementor-element elementor-element-iwgs-vierblaettri-kwd e-flex e-con-boxed e-con e-parent\" data-id=\"iwgs-vierblaettri-kwd\" data-element_type=\"container\" data-e-type=\"container\">\n\t\t\t\t\t<div class=\"e-con-inner\">\n\t\t\t\t<div class=\"elementor-element elementor-element-iwgs-vierblaettri-kwdt elementor-widget elementor-widget-text-editor\" data-id=\"iwgs-vierblaettri-kwdt\" data-element_type=\"widget\" data-e-type=\"widget\" data-widget_type=\"text-editor.default\">\n\t\t\t\t\t\t\t\t\t<p><em>S\u00favisiace k\u013e\u00fa\u010dov\u00e9 pojmy: \u0161tvorl\u00edstok, \u0161\u0165astn\u00fd \u010fatelinov\u00fd list, shamrock, znamenie \u0161\u0165astia, druidi, Eva, podkova, <span class=\"iwg-fachbegriff\" data-tooltip=\"N\u00e1bo\u017eensk\u00e9 predstavy a zvyky roz\u0161\u00edren\u00e9 v be\u017enom \u017eivote.\" tabindex=\"0\">\u013eudov\u00e1 viera<\/span>.<\/em><\/p>\t\t\t\t\t\t\t\t<\/div>\n\t\t\t\t\t<\/div>\n\t\t\t\t<\/div>\n\t\t<div class=\"elementor-element elementor-element-iwgs-vierblaettri-cc e-flex e-con-boxed e-con e-parent\" data-id=\"iwgs-vierblaettri-cc\" data-element_type=\"container\" data-e-type=\"container\" id=\"iwg-cc-vierblaettriges-kleeblatt\">\n\t\t\t\t\t<div class=\"e-con-inner\">\n\t\t<div class=\"elementor-element elementor-element-iwgs-vierblaettri-ccinner e-flex e-con-boxed e-con e-parent\" data-id=\"iwgs-vierblaettri-ccinner\" data-element_type=\"container\" data-e-type=\"container\" data-settings=\"{&quot;background_background&quot;:&quot;classic&quot;}\">\n\t\t\t\t\t<div class=\"e-con-inner\">\n\t\t\t\t<div class=\"elementor-element elementor-element-iwgs-vierblaettri-cch elementor-widget elementor-widget-heading\" data-id=\"iwgs-vierblaettri-cch\" data-element_type=\"widget\" data-e-type=\"widget\" data-widget_type=\"heading.default\">\n\t\t\t\t\t<h2 class=\"elementor-heading-title elementor-size-default\">iWell Guard a ochrann\u00e9 trad\u00edcie<\/h2>\t\t\t\t<\/div>\n\t\t\t\t<div class=\"elementor-element elementor-element-iwgs-vierblaettri-cct elementor-widget elementor-widget-text-editor\" data-id=\"iwgs-vierblaettri-cct\" data-element_type=\"widget\" data-e-type=\"widget\" data-widget_type=\"text-editor.default\">\n\t\t\t\t\t\t\t\t\t<p>iWell Guard nadv\u00e4zuje na kult\u00farno-historick\u00fa trad\u00edciu nosen\u00fdch ochrann\u00fdch predmetov, ku ktorej patr\u00ed aj \u0161tvorl\u00edstok. Modern\u00fd spolo\u010dn\u00edk pre \u013eud\u00ed, ktor\u00ed \u017eij\u00fa s ochrann\u00fdmi symbolmi: vyroben\u00fd v Nemecku, 41 vrstiev z prav\u00e9ho zlata, platiny a striebra, s 30-d\u0148ovou lehotou na vr\u00e1tenie.<\/p>\t\t\t\t\t\t\t\t<\/div>\n\t\t\t\t<div class=\"elementor-element elementor-element-iwgs-vierblaettri-ccb iwg-cc-button iwg-cc-cta-2026-05-13 elementor-widget elementor-widget-jet-button\" data-id=\"iwgs-vierblaettri-ccb\" data-element_type=\"widget\" data-e-type=\"widget\" data-widget_type=\"jet-button.default\">\n\t\t\t\t<div class=\"elementor-widget-container\">\n\t\t\t\t\t<div class=\"elementor-jet-button jet-elements\"><div class=\"jet-button__container\"><a class=\"jet-button__instance jet-button__instance--icon-left hover-effect-1\" href=\"\/schutzanhaenger-iwell-guard-kaufen\/?utm_source=iwell-guard.com&amp;utm_medium=info-box&amp;utm_campaign=schutzsymbole\"><div class=\"jet-button__plane jet-button__plane-normal\"><\/div><div class=\"jet-button__plane jet-button__plane-hover\"><\/div><div class=\"jet-button__state jet-button__state-normal\"><span class=\"jet-button__label\">Viac o iWell Guard<\/span><\/div><div class=\"jet-button__state jet-button__state-hover\"><span class=\"jet-button__label\">Viac o iWell Guard<\/span><\/div><\/a><\/div><\/div><style>.elementor-element.elementor-element-iwgs-vierblaettri-ccb .jet-button__instance{width:320px;height:56px;}.elementor-element.elementor-element-iwgs-vierblaettri-ccb .jet-button__state-normal .jet-button__label{text-align:center;margin:0px 0px 0px 0px;color:#1a1b20;font-family:Montserrat,sans-serif;font-size:13px;font-weight:400;letter-spacing:4px;line-height:1.714em;text-transform:uppercase;}.elementor-element.elementor-element-iwgs-vierblaettri-ccb .jet-button__state-hover .jet-button__label{text-align:center;margin:0px 0px 0px 0px;color:#FECC76;font-family:Montserrat,sans-serif;font-size:13px;font-weight:400;letter-spacing:4px;line-height:1.714em;text-transform:uppercase;}.elementor-element.elementor-element-iwgs-vierblaettri-ccb .jet-button__plane-normal{background-color:#FECC76;border-style:solid;border-color:#C99540;border-width:2px 2px 2px 2px;}.elementor-element.elementor-element-iwgs-vierblaettri-ccb .jet-button__plane-hover{background-color:rgba(0,0,0,0.55);border-style:solid;border-color:#FECC76;border-width:2px 2px 2px 2px;}<\/style>\t\t\t\t<\/div>\n\t\t\t\t<\/div>\n\t\t\t\t<div class=\"elementor-element elementor-element-iwgs-vierblaettri-ccd elementor-widget elementor-widget-text-editor\" data-id=\"iwgs-vierblaettri-ccd\" data-element_type=\"widget\" data-e-type=\"widget\" data-widget_type=\"text-editor.default\">\n\t\t\t\t\t\t\t\t\t<p style=\"text-align:center;font-size:13px;opacity:0.7;margin-top:14px\" data-nosnippet=\"true\">Osobn\u00e9 sk\u00fasenosti sa m\u00f4\u017eu l\u00ed\u0161i\u0165. Nejde o zdravotn\u00edcku pom\u00f4cku. Nejde o pr\u00eds\u013eub lie\u010denia.<\/p>\t\t\t\t\t\t\t\t<\/div>\n\t\t\t\t\t<\/div>\n\t\t\t\t<\/div>\n\t\t\t\t\t<\/div>\n\t\t\t\t<\/div>\n\t\t<div class=\"elementor-element elementor-element-iwgs-vierblaettri-disc e-flex e-con-boxed e-con e-parent\" data-id=\"iwgs-vierblaettri-disc\" data-element_type=\"container\" data-e-type=\"container\">\n\t\t\t\t\t<div class=\"e-con-inner\">\n\t\t\t\t<div class=\"elementor-element elementor-element-iwgs-vierblaettri-discw elementor-widget elementor-widget-html\" data-id=\"iwgs-vierblaettri-discw\" data-element_type=\"widget\" data-e-type=\"widget\" data-widget_type=\"html.default\">\n\t\t\t\t\t<footer data-nosnippet=\"true\" class=\"iwg-disclaimer-block\"><p data-nosnippet=\"true\">iWell Guard <strong>nie je zdravotn\u00edcka pom\u00f4cka<\/strong> a nenahr\u00e1dza lek\u00e1rske ani psychoterapeutick\u00e9 lie\u010denie. Tu uveden\u00fd obsah predstavuje religionistick\u00e9 a kult\u00farno-historick\u00e9 zaradenie, nie pr\u00eds\u013eub duchovn\u00e9ho \u00fa\u010dinku.<\/p><\/footer>\t\t\t\t<\/div>\n\t\t\t\t\t<\/div>\n\t\t\t\t<\/div>\n\t\t\t\t<\/div>\n\t\t","protected":false},"excerpt":{"rendered":"","protected":false},"author":3,"featured_media":3449,"parent":0,"menu_order":0,"comment_status":"closed","ping_status":"closed","template":"elementor_header_footer","meta":{"_yoast_wpseo_focuskw":"vierlistok","_yoast_wpseo_title":"Vierl\u00edstok \u2013 znak \u0161\u0165astia","_yoast_wpseo_metadesc":"Vierl\u00edstok je pova\u017eovan\u00fd za znak \u0161\u0165astia a ochrany. Zrozumite\u013ene vysvetlen\u00e9: jeho vz\u00e1cnos\u0165, legendy, keltsk\u00e9 korene a v\u00fdznam.","_yoast_wpseo_meta-robots-noindex":"","_yoast_wpseo_canonical":"","_angie_page":false,"gefaehrdungsstufe":"","wesen_kultur":"","wesen_klasse":"","footnotes":""},"categories":[],"class_list":["post-158125","page","type-page","status-publish","has-post-thumbnail","hentry"],"yoast_head":"<!-- This site is optimized with the Yoast SEO Premium plugin v27.7 (Yoast SEO v28.3) - https:\/\/yoast.com\/product\/yoast-seo-premium-wordpress\/ -->\n<title>Vierl\u00edstok \u2013 znak \u0161\u0165astia<\/title>\n<meta name=\"description\" content=\"Vierl\u00edstok je pova\u017eovan\u00fd za znak \u0161\u0165astia a ochrany. Zrozumite\u013ene vysvetlen\u00e9: jeho vz\u00e1cnos\u0165, legendy, keltsk\u00e9 korene a v\u00fdznam.\" \/>\n<meta name=\"robots\" content=\"index, follow, max-snippet:-1, max-image-preview:large, max-video-preview:-1\" \/>\n<link rel=\"canonical\" href=\"https:\/\/iwell-guard.com\/sk\/vierlistok-znak-stastia-a-ochrany\/\" \/>\n<meta property=\"og:locale\" content=\"sk_SK\" \/>\n<meta property=\"og:type\" content=\"article\" \/>\n<meta property=\"og:title\" content=\"Vierl\u00edstok \u2013 znak \u0161\u0165astia a ochrany\" \/>\n<meta property=\"og:description\" content=\"Vierl\u00edstok je pova\u017eovan\u00fd za znak \u0161\u0165astia a ochrany. Zrozumite\u013ene vysvetlen\u00e9: jeho vz\u00e1cnos\u0165, legendy, keltsk\u00e9 korene a v\u00fdznam.\" \/>\n<meta property=\"og:url\" content=\"https:\/\/iwell-guard.com\/sk\/vierlistok-znak-stastia-a-ochrany\/\" \/>\n<meta property=\"og:site_name\" content=\"iWell Guard\" \/>\n<meta property=\"article:modified_time\" content=\"2026-09-04T22:51:57+00:00\" \/>\n<meta property=\"og:image\" content=\"https:\/\/iwell-guard.com\/wp-content\/uploads\/2026\/05\/schutzsymbol_volksmagie_kleeblatt.webp\" \/>\n\t<meta property=\"og:image:width\" content=\"1024\" \/>\n\t<meta property=\"og:image:height\" content=\"1536\" \/>\n\t<meta property=\"og:image:type\" content=\"image\/webp\" \/>\n<meta name=\"twitter:card\" content=\"summary_large_image\" \/>\n<script type=\"application\/ld+json\" class=\"yoast-schema-graph\">{\"@context\":\"https:\\\/\\\/schema.org\",\"@graph\":[{\"@type\":\"WebPage\",\"@id\":\"https:\\\/\\\/iwell-guard.com\\\/sk\\\/vierlistok-znak-stastia-a-ochrany\\\/\",\"url\":\"https:\\\/\\\/iwell-guard.com\\\/sk\\\/vierlistok-znak-stastia-a-ochrany\\\/\",\"name\":\"Vierl\u00edstok \u2013 znak \u0161\u0165astia\",\"isPartOf\":{\"@id\":\"https:\\\/\\\/iwell-guard.com\\\/sk\\\/#website\"},\"primaryImageOfPage\":{\"@id\":\"https:\\\/\\\/iwell-guard.com\\\/sk\\\/vierlistok-znak-stastia-a-ochrany\\\/#primaryimage\"},\"image\":{\"@id\":\"https:\\\/\\\/iwell-guard.com\\\/sk\\\/vierlistok-znak-stastia-a-ochrany\\\/#primaryimage\"},\"thumbnailUrl\":\"https:\\\/\\\/iwell-guard.com\\\/wp-content\\\/uploads\\\/2026\\\/05\\\/schutzsymbol_volksmagie_kleeblatt.webp\",\"datePublished\":\"2026-09-04T22:22:31+00:00\",\"dateModified\":\"2026-09-04T22:51:57+00:00\",\"description\":\"Vierl\u00edstok je pova\u017eovan\u00fd za znak \u0161\u0165astia a ochrany. Zrozumite\u013ene vysvetlen\u00e9: jeho vz\u00e1cnos\u0165, legendy, keltsk\u00e9 korene a v\u00fdznam.\",\"breadcrumb\":{\"@id\":\"https:\\\/\\\/iwell-guard.com\\\/sk\\\/vierlistok-znak-stastia-a-ochrany\\\/#breadcrumb\"},\"inLanguage\":\"sk-SK\",\"potentialAction\":[{\"@type\":\"ReadAction\",\"target\":[\"https:\\\/\\\/iwell-guard.com\\\/sk\\\/vierlistok-znak-stastia-a-ochrany\\\/\"]}]},{\"@type\":\"ImageObject\",\"inLanguage\":\"sk-SK\",\"@id\":\"https:\\\/\\\/iwell-guard.com\\\/sk\\\/vierlistok-znak-stastia-a-ochrany\\\/#primaryimage\",\"url\":\"https:\\\/\\\/iwell-guard.com\\\/wp-content\\\/uploads\\\/2026\\\/05\\\/schutzsymbol_volksmagie_kleeblatt.webp\",\"contentUrl\":\"https:\\\/\\\/iwell-guard.com\\\/wp-content\\\/uploads\\\/2026\\\/05\\\/schutzsymbol_volksmagie_kleeblatt.webp\",\"width\":1024,\"height\":1536,\"caption\":\"Ochrann\u00fd symbol. Muze\u00e1lna ilustr\u00e1cia z\u00e1ti\u0161ia.\"},{\"@type\":\"BreadcrumbList\",\"@id\":\"https:\\\/\\\/iwell-guard.com\\\/sk\\\/vierlistok-znak-stastia-a-ochrany\\\/#breadcrumb\",\"itemListElement\":[{\"@type\":\"ListItem\",\"position\":1,\"name\":\"Start\",\"item\":\"https:\\\/\\\/iwell-guard.com\\\/sk\\\/?page_id=157572\"},{\"@type\":\"ListItem\",\"position\":2,\"name\":\"Vierl\u00edstok \u2013 znak \u0161\u0165astia a ochrany\"}]},{\"@type\":\"WebSite\",\"@id\":\"https:\\\/\\\/iwell-guard.com\\\/sk\\\/#website\",\"url\":\"https:\\\/\\\/iwell-guard.com\\\/sk\\\/\",\"name\":\"iWell Guard\",\"description\":\"Schutz vor dunklen Einfl\u00fcssen\",\"publisher\":{\"@id\":\"https:\\\/\\\/iwell-guard.com\\\/sk\\\/#organization\"},\"potentialAction\":[{\"@type\":\"SearchAction\",\"target\":{\"@type\":\"EntryPoint\",\"urlTemplate\":\"https:\\\/\\\/iwell-guard.com\\\/sk\\\/?s={search_term_string}\"},\"query-input\":{\"@type\":\"PropertyValueSpecification\",\"valueRequired\":true,\"valueName\":\"search_term_string\"}}],\"inLanguage\":\"sk-SK\"},{\"@type\":\"Organization\",\"@id\":\"https:\\\/\\\/iwell-guard.com\\\/sk\\\/#organization\",\"name\":\"Ittermann electronic GmbH\",\"url\":\"https:\\\/\\\/iwell-guard.com\\\/sk\\\/\",\"logo\":{\"@type\":\"ImageObject\",\"inLanguage\":\"sk-SK\",\"@id\":\"https:\\\/\\\/iwell-guard.com\\\/sk\\\/#\\\/schema\\\/logo\\\/image\\\/\",\"url\":\"https:\\\/\\\/iwell-guard.com\\\/wp-content\\\/uploads\\\/2026\\\/05\\\/Ittermann-Logo-1182x237-1.png\",\"contentUrl\":\"https:\\\/\\\/iwell-guard.com\\\/wp-content\\\/uploads\\\/2026\\\/05\\\/Ittermann-Logo-1182x237-1.png\",\"width\":1182,\"height\":237,\"caption\":\"Ittermann electronic GmbH\"},\"image\":{\"@id\":\"https:\\\/\\\/iwell-guard.com\\\/sk\\\/#\\\/schema\\\/logo\\\/image\\\/\"},\"sameAs\":[\"https:\\\/\\\/pantip.com\\\/profile\\\/9367242\",\"https:\\\/\\\/micro.blog\\\/iwellguard\",\"https:\\\/\\\/www.diggerslist.com\\\/iwellguard\\\/about\",\"https:\\\/\\\/skitterphoto.com\\\/photographers\\\/2870314\\\/iwell-guard\",\"https:\\\/\\\/iwellguard.wordpress.com\\\/2026\\\/06\\\/06\\\/iwell-guard\\\/\",\"https:\\\/\\\/hub.docker.com\\\/u\\\/iwellguard\",\"https:\\\/\\\/www.pinterest.com\\\/iwellguard\\\/\",\"https:\\\/\\\/bit.ly\\\/m\\\/iwellguard\",\"https:\\\/\\\/entre-vos-mains.alsace.eu\\\/profiles\\\/iwellguard\\\/activity\",\"https:\\\/\\\/gravatar.com\\\/reallybeded8fd34\",\"https:\\\/\\\/naijamatta.com\\\/iwellguard\",\"https:\\\/\\\/www.goodreads.com\\\/iwellguard\",\"https:\\\/\\\/profile.hatena.ne.jp\\\/iwellguard\\\/\",\"https:\\\/\\\/experiment.com\\\/users\\\/iwellguard\",\"https:\\\/\\\/wakelet.com\\\/@iWellGuard82270\",\"https:\\\/\\\/www.chordie.com\\\/forum\\\/profile.php?id=2555664\",\"https:\\\/\\\/www.instapaper.com\\\/p\\\/17757966\",\"https:\\\/\\\/www.mapleprimes.com\\\/users\\\/iwellguard\",\"https:\\\/\\\/businesslistingplus.com\\\/profile\\\/iwell-guard\\\/\",\"https:\\\/\\\/telegra.ph\\\/iWell-Guard-06-06\",\"https:\\\/\\\/pbase.com\\\/iwellguard\\\/iwellguard\",\"https:\\\/\\\/b.hatena.ne.jp\\\/iwellguard\\\/20260607#bookmark-4788405196491818882\",\"https:\\\/\\\/fliphtml5.com\\\/home\\\/iwellguard\",\"https:\\\/\\\/anyflip.com\\\/homepage\\\/cmiwl#About\",\"https:\\\/\\\/transfur.com\\\/Users\\\/iwellguard\",\"http:\\\/\\\/delphi.larsbo.org\\\/user\\\/iwellguard\",\"https:\\\/\\\/jobs.lajobsportal.org\\\/profiles\\\/8380803-iwell-guard\",\"https:\\\/\\\/md.chaosdorf.de\\\/s\\\/jfbe5SBdJD\",\"https:\\\/\\\/www.lingvolive.com\\\/en-us\\\/profile\\\/9ecaeaca-ce11-4e51-9e71-01d55e2bff36\\\/translations\",\"https:\\\/\\\/www.fitday.com\\\/fitness\\\/forums\\\/members\\\/iwellguard.html\",\"https:\\\/\\\/www.mymeetbook.com\\\/iwellguard\",\"https:\\\/\\\/pxhere.com\\\/en\\\/photographer-me\\\/5040798\",\"https:\\\/\\\/disqus.com\\\/by\\\/iwellguard\\\/about\\\/\",\"https:\\\/\\\/pastelink.net\\\/hjwciqwq\",\"https:\\\/\\\/pubhtml5.com\\\/homepage\\\/scjhn\\\/\",\"https:\\\/\\\/www.bitchute.com\\\/channel\\\/2O2eOKzNqujT\",\"https:\\\/\\\/audiomack.com\\\/iwellguard\"]}]}<\/script>\n<!-- \/ Yoast SEO Premium plugin. -->","yoast_head_json":{"title":"Vierl\u00edstok \u2013 znak \u0161\u0165astia","description":"Vierl\u00edstok je pova\u017eovan\u00fd za znak \u0161\u0165astia a ochrany. Zrozumite\u013ene vysvetlen\u00e9: jeho vz\u00e1cnos\u0165, legendy, keltsk\u00e9 korene a v\u00fdznam.","robots":{"index":"index","follow":"follow","max-snippet":"max-snippet:-1","max-image-preview":"max-image-preview:large","max-video-preview":"max-video-preview:-1"},"canonical":"https:\/\/iwell-guard.com\/sk\/vierlistok-znak-stastia-a-ochrany\/","og_locale":"sk_SK","og_type":"article","og_title":"Vierl\u00edstok \u2013 znak \u0161\u0165astia a ochrany","og_description":"Vierl\u00edstok je pova\u017eovan\u00fd za znak \u0161\u0165astia a ochrany. Zrozumite\u013ene vysvetlen\u00e9: jeho vz\u00e1cnos\u0165, legendy, keltsk\u00e9 korene a v\u00fdznam.","og_url":"https:\/\/iwell-guard.com\/sk\/vierlistok-znak-stastia-a-ochrany\/","og_site_name":"iWell Guard","article_modified_time":"2026-09-04T22:51:57+00:00","og_image":[{"width":1024,"height":1536,"url":"https:\/\/iwell-guard.com\/wp-content\/uploads\/2026\/05\/schutzsymbol_volksmagie_kleeblatt.webp","type":"image\/webp"}],"twitter_card":"summary_large_image","schema":{"@context":"https:\/\/schema.org","@graph":[{"@type":"WebPage","@id":"https:\/\/iwell-guard.com\/sk\/vierlistok-znak-stastia-a-ochrany\/","url":"https:\/\/iwell-guard.com\/sk\/vierlistok-znak-stastia-a-ochrany\/","name":"Vierl\u00edstok \u2013 znak \u0161\u0165astia","isPartOf":{"@id":"https:\/\/iwell-guard.com\/sk\/#website"},"primaryImageOfPage":{"@id":"https:\/\/iwell-guard.com\/sk\/vierlistok-znak-stastia-a-ochrany\/#primaryimage"},"image":{"@id":"https:\/\/iwell-guard.com\/sk\/vierlistok-znak-stastia-a-ochrany\/#primaryimage"},"thumbnailUrl":"https:\/\/iwell-guard.com\/wp-content\/uploads\/2026\/05\/schutzsymbol_volksmagie_kleeblatt.webp","datePublished":"2026-09-04T22:22:31+00:00","dateModified":"2026-09-04T22:51:57+00:00","description":"Vierl\u00edstok je pova\u017eovan\u00fd za znak \u0161\u0165astia a ochrany. Zrozumite\u013ene vysvetlen\u00e9: jeho vz\u00e1cnos\u0165, legendy, keltsk\u00e9 korene a v\u00fdznam.","breadcrumb":{"@id":"https:\/\/iwell-guard.com\/sk\/vierlistok-znak-stastia-a-ochrany\/#breadcrumb"},"inLanguage":"sk-SK","potentialAction":[{"@type":"ReadAction","target":["https:\/\/iwell-guard.com\/sk\/vierlistok-znak-stastia-a-ochrany\/"]}]},{"@type":"ImageObject","inLanguage":"sk-SK","@id":"https:\/\/iwell-guard.com\/sk\/vierlistok-znak-stastia-a-ochrany\/#primaryimage","url":"https:\/\/iwell-guard.com\/wp-content\/uploads\/2026\/05\/schutzsymbol_volksmagie_kleeblatt.webp","contentUrl":"https:\/\/iwell-guard.com\/wp-content\/uploads\/2026\/05\/schutzsymbol_volksmagie_kleeblatt.webp","width":1024,"height":1536,"caption":"Ochrann\u00fd symbol. Muze\u00e1lna ilustr\u00e1cia z\u00e1ti\u0161ia."},{"@type":"BreadcrumbList","@id":"https:\/\/iwell-guard.com\/sk\/vierlistok-znak-stastia-a-ochrany\/#breadcrumb","itemListElement":[{"@type":"ListItem","position":1,"name":"Start","item":"https:\/\/iwell-guard.com\/sk\/?page_id=157572"},{"@type":"ListItem","position":2,"name":"Vierl\u00edstok \u2013 znak \u0161\u0165astia a ochrany"}]},{"@type":"WebSite","@id":"https:\/\/iwell-guard.com\/sk\/#website","url":"https:\/\/iwell-guard.com\/sk\/","name":"iWell Guard","description":"Schutz vor dunklen Einfl\u00fcssen","publisher":{"@id":"https:\/\/iwell-guard.com\/sk\/#organization"},"potentialAction":[{"@type":"SearchAction","target":{"@type":"EntryPoint","urlTemplate":"https:\/\/iwell-guard.com\/sk\/?s={search_term_string}"},"query-input":{"@type":"PropertyValueSpecification","valueRequired":true,"valueName":"search_term_string"}}],"inLanguage":"sk-SK"},{"@type":"Organization","@id":"https:\/\/iwell-guard.com\/sk\/#organization","name":"Ittermann electronic GmbH","url":"https:\/\/iwell-guard.com\/sk\/","logo":{"@type":"ImageObject","inLanguage":"sk-SK","@id":"https:\/\/iwell-guard.com\/sk\/#\/schema\/logo\/image\/","url":"https:\/\/iwell-guard.com\/wp-content\/uploads\/2026\/05\/Ittermann-Logo-1182x237-1.png","contentUrl":"https:\/\/iwell-guard.com\/wp-content\/uploads\/2026\/05\/Ittermann-Logo-1182x237-1.png","width":1182,"height":237,"caption":"Ittermann electronic GmbH"},"image":{"@id":"https:\/\/iwell-guard.com\/sk\/#\/schema\/logo\/image\/"},"sameAs":["https:\/\/pantip.com\/profile\/9367242","https:\/\/micro.blog\/iwellguard","https:\/\/www.diggerslist.com\/iwellguard\/about","https:\/\/skitterphoto.com\/photographers\/2870314\/iwell-guard","https:\/\/iwellguard.wordpress.com\/2026\/06\/06\/iwell-guard\/","https:\/\/hub.docker.com\/u\/iwellguard","https:\/\/www.pinterest.com\/iwellguard\/","https:\/\/bit.ly\/m\/iwellguard","https:\/\/entre-vos-mains.alsace.eu\/profiles\/iwellguard\/activity","https:\/\/gravatar.com\/reallybeded8fd34","https:\/\/naijamatta.com\/iwellguard","https:\/\/www.goodreads.com\/iwellguard","https:\/\/profile.hatena.ne.jp\/iwellguard\/","https:\/\/experiment.com\/users\/iwellguard","https:\/\/wakelet.com\/@iWellGuard82270","https:\/\/www.chordie.com\/forum\/profile.php?id=2555664","https:\/\/www.instapaper.com\/p\/17757966","https:\/\/www.mapleprimes.com\/users\/iwellguard","https:\/\/businesslistingplus.com\/profile\/iwell-guard\/","https:\/\/telegra.ph\/iWell-Guard-06-06","https:\/\/pbase.com\/iwellguard\/iwellguard","https:\/\/b.hatena.ne.jp\/iwellguard\/20260607#bookmark-4788405196491818882","https:\/\/fliphtml5.com\/home\/iwellguard","https:\/\/anyflip.com\/homepage\/cmiwl#About","https:\/\/transfur.com\/Users\/iwellguard","http:\/\/delphi.larsbo.org\/user\/iwellguard","https:\/\/jobs.lajobsportal.org\/profiles\/8380803-iwell-guard","https:\/\/md.chaosdorf.de\/s\/jfbe5SBdJD","https:\/\/www.lingvolive.com\/en-us\/profile\/9ecaeaca-ce11-4e51-9e71-01d55e2bff36\/translations","https:\/\/www.fitday.com\/fitness\/forums\/members\/iwellguard.html","https:\/\/www.mymeetbook.com\/iwellguard","https:\/\/pxhere.com\/en\/photographer-me\/5040798","https:\/\/disqus.com\/by\/iwellguard\/about\/","https:\/\/pastelink.net\/hjwciqwq","https:\/\/pubhtml5.com\/homepage\/scjhn\/","https:\/\/www.bitchute.com\/channel\/2O2eOKzNqujT","https:\/\/audiomack.com\/iwellguard"]}]}},"_links":{"self":[{"href":"https:\/\/iwell-guard.com\/sk\/wp-json\/wp\/v2\/pages\/158125","targetHints":{"allow":["GET"]}}],"collection":[{"href":"https:\/\/iwell-guard.com\/sk\/wp-json\/wp\/v2\/pages"}],"about":[{"href":"https:\/\/iwell-guard.com\/sk\/wp-json\/wp\/v2\/types\/page"}],"author":[{"embeddable":true,"href":"https:\/\/iwell-guard.com\/sk\/wp-json\/wp\/v2\/users\/3"}],"replies":[{"embeddable":true,"href":"https:\/\/iwell-guard.com\/sk\/wp-json\/wp\/v2\/comments?post=158125"}],"version-history":[{"count":0,"href":"https:\/\/iwell-guard.com\/sk\/wp-json\/wp\/v2\/pages\/158125\/revisions"}],"wp:featuredmedia":[{"embeddable":true,"href":"https:\/\/iwell-guard.com\/sk\/wp-json\/wp\/v2\/media\/3449"}],"wp:attachment":[{"href":"https:\/\/iwell-guard.com\/sk\/wp-json\/wp\/v2\/media?parent=158125"}],"wp:term":[{"taxonomy":"category","embeddable":true,"href":"https:\/\/iwell-guard.com\/sk\/wp-json\/wp\/v2\/categories?post=158125"}],"curies":[{"name":"wp","href":"https:\/\/api.w.org\/{rel}","templated":true}]}}