{"id":158118,"date":"2026-09-04T22:22:25","date_gmt":"2026-09-04T22:22:25","guid":{"rendered":"https:\/\/iwell-guard.com\/?page_id=158118"},"modified":"2026-09-04T22:51:46","modified_gmt":"2026-09-04T22:51:46","slug":"krestanske-ochranne-medaily","status":"publish","type":"page","link":"https:\/\/iwell-guard.com\/sk\/krestanske-ochranne-medaily\/","title":{"rendered":"Kres\u0165ansk\u00e9 ochrann\u00e9 medaily \u2013 Benedikt, M\u00e1ria, Kri\u0161tof"},"content":{"rendered":"\t\t<div data-elementor-type=\"wp-page\" data-elementor-id=\"158118\" class=\"elementor elementor-158118 elementor-3592 elementor-bc-flex-widget\" data-elementor-post-type=\"page\">\n\t\t\t\t<div class=\"elementor-element elementor-element-iwgs-christliches-hero e-flex e-con-boxed e-con e-parent\" data-id=\"iwgs-christliches-hero\" data-element_type=\"container\" data-e-type=\"container\">\n\t\t\t\t\t<div class=\"e-con-inner\">\n\t\t<div class=\"elementor-element elementor-element-iwgs-christliches-hl e-flex e-con-boxed e-con e-parent\" data-id=\"iwgs-christliches-hl\" data-element_type=\"container\" data-e-type=\"container\">\n\t\t\t\t\t<div class=\"e-con-inner\">\n\t\t<div class=\"elementor-element elementor-element-iwgs-christliches-hlbox e-con-full e-flex e-con e-parent\" data-id=\"iwgs-christliches-hlbox\" data-element_type=\"container\" data-e-type=\"container\">\n\t\t\t\t<div class=\"elementor-element elementor-element-iwgs-christliches-h1 elementor-widget elementor-widget-heading\" data-id=\"iwgs-christliches-h1\" data-element_type=\"widget\" data-e-type=\"widget\" data-widget_type=\"heading.default\">\n\t\t\t\t\t<h1 class=\"elementor-heading-title elementor-size-default\">Kres\u0165ansk\u00e9 ochrann\u00e9 medaily \u2013 Benediktova medaila, Z\u00e1zra\u010dn\u00e1 medaila a Kri\u0161tof<\/h1>\t\t\t\t<\/div>\n\t\t\t\t<div class=\"elementor-element elementor-element-iwgs-christliches-lead elementor-widget elementor-widget-text-editor\" data-id=\"iwgs-christliches-lead\" data-element_type=\"widget\" data-e-type=\"widget\" data-widget_type=\"text-editor.default\">\n\t\t\t\t\t\t\t\t\t<p>Tento preh\u013ead predstavuje najv\u00fdznamnej\u0161ie kres\u0165ansk\u00e9 ochrann\u00e9 medaily, ich vz\u0165ah k sv\u00e4t\u00fdm a trad\u00edciu ich nosenia v s\u00favislosti. Kres\u0165ansk\u00e9 ochrann\u00e9 medaily patria medzi naj\u010dastej\u0161ie nosen\u00e9 n\u00e1bo\u017eensk\u00e9 predmety z\u00e1padn\u00e9ho svet. Benediktova medaila, Z\u00e1zra\u010dn\u00e1 medaila a medaila sv\u00e4t\u00e9ho Kri\u0161tofa sp\u00e1jaj\u00fa d\u00e1vnu potrebu ochrany s vierou Cirkvi, a to sp\u00f4sobom, ktor\u00fd sa v\u00fdrazne odli\u0161uje od magick\u00fdch amuletov.<\/p>\t\t\t\t\t\t\t\t<\/div>\n\t\t\t\t<\/div>\n\t\t\t\t<div class=\"elementor-element elementor-element-iwgs-christliches-pills elementor-widget elementor-widget-html\" data-id=\"iwgs-christliches-pills\" data-element_type=\"widget\" data-e-type=\"widget\" data-widget_type=\"html.default\">\n\t\t\t\t\t<div class=\"iwg-pill-row\"><span class=\"iwg-klasse-badge\" tabindex=\"0\" data-tooltip=\"Ochrann\u00fd symbol, amulet alebo apotropajn\u00fd predmet.\">Ochrann\u00fd symbol<\/span><a href=\"https:\/\/iwell-guard.com\/sk\/krestanstvo\/\" class=\"iwg-kultur-badge\" tabindex=\"0\" data-tooltip=\"Ochrann\u00e1 trad\u00edcia: kres\u0165anstvo\">Kres\u0165anstvo<\/a><span class=\"iwg-tradition-badge\" tabindex=\"0\" data-tooltip=\"Posv\u00e4ten\u00e9 znamenie katol\u00edckej cirkvi.\">Sakrament\u00e1l<\/span><\/div>\t\t\t\t<\/div>\n\t\t\t\t\t<\/div>\n\t\t\t\t<\/div>\n\t\t<div class=\"elementor-element elementor-element-iwgs-christliches-hr e-con-full e-flex e-con e-parent\" data-id=\"iwgs-christliches-hr\" data-element_type=\"container\" data-e-type=\"container\">\n\t\t\t\t<div class=\"elementor-element elementor-element-iwgs-christliches-himg iwg-hero-image elementor-widget elementor-widget-image\" data-id=\"iwgs-christliches-himg\" data-element_type=\"widget\" data-e-type=\"widget\" data-widget_type=\"image.default\">\n\t\t\t\t\t\t\t\t\t\t\t\t\t\t\t<img fetchpriority=\"high\" decoding=\"async\" width=\"683\" height=\"1024\" src=\"https:\/\/iwell-guard.com\/wp-content\/uploads\/2026\/05\/schutzsymbol_christentum_schutzmedaillen-2-683x1024.webp\" class=\"attachment-large size-large wp-image-159597\" alt=\"Medail\u00f3n sv\u00e4t\u00e9ho Benedikta, Z\u00e1zra\u010dn\u00e1 medaila, Kri\u0161tof\" srcset=\"https:\/\/iwell-guard.com\/wp-content\/uploads\/2026\/05\/schutzsymbol_christentum_schutzmedaillen-2-683x1024.webp 683w, https:\/\/iwell-guard.com\/wp-content\/uploads\/2026\/05\/schutzsymbol_christentum_schutzmedaillen-2-200x300.webp 200w, https:\/\/iwell-guard.com\/wp-content\/uploads\/2026\/05\/schutzsymbol_christentum_schutzmedaillen-2-768x1152.webp 768w, https:\/\/iwell-guard.com\/wp-content\/uploads\/2026\/05\/schutzsymbol_christentum_schutzmedaillen-2.webp 1024w\" sizes=\"(max-width: 683px) 100vw, 683px\" \/>\t\t\t\t\t\t\t\t\t\t\t\t\t\t\t<\/div>\n\t\t\t\t<\/div>\n\t\t\t\t\t<\/div>\n\t\t\t\t<\/div>\n\t\t<div class=\"elementor-element elementor-element-iwgs-christliches-s0 e-flex e-con-boxed e-con e-parent\" data-id=\"iwgs-christliches-s0\" data-element_type=\"container\" data-e-type=\"container\">\n\t\t\t\t\t<div class=\"e-con-inner\">\n\t\t\t\t<div class=\"elementor-element elementor-element-iwgs-christliches-s0h elementor-widget elementor-widget-heading\" data-id=\"iwgs-christliches-s0h\" data-element_type=\"widget\" data-e-type=\"widget\" data-widget_type=\"heading.default\">\n\t\t\t\t\t<h2 class=\"elementor-heading-title elementor-size-default\">Zaradenie<\/h2>\t\t\t\t<\/div>\n\t\t<div class=\"elementor-element elementor-element-iwgs-christliches-s0box e-con-full e-flex e-con e-parent\" data-id=\"iwgs-christliches-s0box\" data-element_type=\"container\" data-e-type=\"container\">\n\t\t\t\t<div class=\"elementor-element elementor-element-iwgs-christliches-s0t elementor-widget elementor-widget-text-editor\" data-id=\"iwgs-christliches-s0t\" data-element_type=\"widget\" data-e-type=\"widget\" data-widget_type=\"text-editor.default\">\n\t\t\t\t\t\t\t\t\t<p>Kres\u0165ansk\u00e9 ochrann\u00e9 medaily s\u00fa mal\u00e9, v\u00e4\u010d\u0161inou okr\u00fahle alebo ov\u00e1lne kovov\u00e9 pr\u00edvesky, ktor\u00e9 nes\u00fa n\u00e1bo\u017eensk\u00fd obraz a \u010dasto kr\u00e1tky <span class=\"iwg-fachbegriff\" data-tooltip=\"Text vyryt\u00fd alebo vytesan\u00fd do pevn\u00e9ho nosi\u010da.\" tabindex=\"0\">n\u00e1pis<\/span>. Nosia sa na retiazke okolo krku, pripev\u0148uj\u00fa sa na ru\u017eence, umiest\u0148uj\u00fa vo vozidl\u00e1ch alebo visia v obydliach. V katol\u00edckej trad\u00edcii <a href=\"https:\/\/iwell-guard.com\/sk\/krestanstvo\/\">kres\u0165anstva<\/a> s\u00fa mimoriadne roz\u0161\u00edren\u00e9.<\/p><p>V cirkevnom jazyku sa tak\u00e9to medaily radia medzi sakrament\u00e1lie. Ide o posv\u00e4ten\u00e9 znamenia a \u00fakony, ktor\u00e9 smeruj\u00fa k sviatostiam, samy o sebe v\u0161ak sviatos\u0165ami nie s\u00fa. Ochrann\u00e1 medaila je teda posv\u00e4ten\u00fd predmet, ktor\u00fd zvidite\u013e\u0148uje vieru a pripom\u00edna ju, nie predmet s vlastnou, automaticky p\u00f4sobiacou silou.<\/p><p>Toto rozl\u00ed\u0161enie je pre pochopenie medail\u00ed podstatn\u00e9. Vysvet\u013euje, pre\u010do Cirkev podporuje nosenie medail\u00ed a z\u00e1rove\u0148 varuje pred ich povereck\u00fdm pou\u017e\u00edvan\u00edm. Pod\u013ea cirkevn\u00e9ho u\u010denia ochrann\u00e1 medaila nep\u00f4sob\u00ed ako magick\u00fd <span class=\"iwg-fachbegriff\" data-tooltip=\"Nosen\u00fd predmet, ktor\u00e9mu sa pripisuje ochrann\u00fd, zlo odvracaj\u00faci \u00fa\u010dinok.\" tabindex=\"0\">amulet<\/span>, ale ako znak d\u00f4very v Boha a orodovania sv\u00e4t\u00fdch.<\/p><p>Ochrann\u00e9 medaily patria medzi v\u00f4bec naj\u010dastej\u0161ie vyr\u00e1ban\u00e9 n\u00e1bo\u017eensk\u00e9 predmety. \u0160\u00edria sa na p\u00fatnick\u00fdch miestach, v cirkevn\u00fdch obchodoch a reho\u013en\u00fdmi spolo\u010denstvami a dost\u00e1vaj\u00fa sa k \u013eu\u010fom vo v\u0161etk\u00fdch \u017eivotn\u00fdch situ\u00e1ci\u00e1ch.<\/p><p>Od die\u0165a\u0165a, ktor\u00e9mu star\u00e1 mama daruje medailu, a\u017e po cestuj\u00faceho, ktor\u00fd si upevn\u00ed plaketu do auta, sa tiahne okruh t\u00fdch, ktor\u00ed tak\u00e9to znamenia nosia. Toto \u0161irok\u00e9 zakotvenie rob\u00ed z medaily v\u00fdsti\u017en\u00fd pr\u00edklad \u017eitej <span class=\"iwg-fachbegriff\" data-tooltip=\"\u017dit\u00fd n\u00e1bo\u017eensk\u00fd postoj a prax \u010dloveka.\" tabindex=\"0\">n\u00e1bo\u017enosti<\/span>.<\/p>\t\t\t\t\t\t\t\t<\/div>\n\t\t\t\t<\/div>\n\t\t\t\t\t<\/div>\n\t\t\t\t<\/div>\n\t\t<div class=\"elementor-element elementor-element-iwgs-christliches-s1 e-flex e-con-boxed e-con e-parent\" data-id=\"iwgs-christliches-s1\" data-element_type=\"container\" data-e-type=\"container\">\n\t\t\t\t\t<div class=\"e-con-inner\">\n\t\t\t\t<div class=\"elementor-element elementor-element-iwgs-christliches-s1h elementor-widget elementor-widget-heading\" data-id=\"iwgs-christliches-s1h\" data-element_type=\"widget\" data-e-type=\"widget\" data-widget_type=\"heading.default\">\n\t\t\t\t\t<h2 class=\"elementor-heading-title elementor-size-default\">Medaily v dejin\u00e1ch kres\u0165anstva<\/h2>\t\t\t\t<\/div>\n\t\t<div class=\"elementor-element elementor-element-iwgs-christliches-s1box e-con-full e-flex e-con e-parent\" data-id=\"iwgs-christliches-s1box\" data-element_type=\"container\" data-e-type=\"container\">\n\t\t\t\t<div class=\"elementor-element elementor-element-iwgs-christliches-s1t elementor-widget elementor-widget-text-editor\" data-id=\"iwgs-christliches-s1t\" data-element_type=\"widget\" data-e-type=\"widget\" data-widget_type=\"text-editor.default\">\n\t\t\t\t\t\t\t\t\t<p>Nosenie posv\u00e4ten\u00fdch znamen\u00ed m\u00e1 v kres\u0165anstve dlh\u00fa trad\u00edciu. U\u017e v <span class=\"iwg-fachbegriff\" data-tooltip=\"Prechodn\u00e1 epocha medzi antikou a stredovekom, pribli\u017ene 3. a\u017e 7. storo\u010die.\" tabindex=\"0\">neskorej antike<\/span> nosili veriaci mal\u00e9 pr\u00edvesky naz\u00fdvan\u00e9 enkolpi\u00e1, \u010dasto s kr\u00ed\u017eom alebo <span class=\"iwg-fachbegriff\" data-tooltip=\"Pozostatok alebo predmet sv\u00e4tca, ktor\u00e9mu sa v n\u00e1bo\u017enosti vzd\u00e1va \u00facta.\" tabindex=\"0\">relikviou<\/span>. <span class=\"iwg-fachbegriff\" data-tooltip=\"\u010clovek, ktor\u00fd podnik\u00e1 n\u00e1bo\u017eensky motivovan\u00fa cestu na sv\u00e4t\u00e9 miesto.\" tabindex=\"0\">P\u00fatnici<\/span> si z ve\u013ek\u00fdch p\u00fatnick\u00fdch miest prin\u00e1\u0161ali mal\u00e9 pamiatky, tzv. p\u00fatnick\u00e9 znaky, ktor\u00e9 pripom\u00ednali posv\u00e4tn\u00fd cie\u013e cesty.<\/p><p>Z t\u00fdchto skor\u00fdch foriem sa v priebehu stredoveku a novoveku vyvinula liata alebo razen\u00e1 medaila. S n\u00e1stupom v\u00fdkonnej razby bolo mo\u017en\u00e9 vyr\u00e1ba\u0165 medaily v ve\u013ekom po\u010dte. Stali sa tak dostupn\u00fdmi a dostali sa k \u0161irok\u00fdm vrstv\u00e1m obyvate\u013estva, nielen k jednotliv\u00fdm p\u00fatnikom.<\/p><p>V 19. a na za\u010diatku 20. storo\u010dia za\u017eila ochrann\u00e1 medaila svoj rozmach. Zjavenia Panny M\u00e1rie, sv\u00e4tore\u010denia a ve\u013ek\u00e9 p\u00fate dali podnet k nov\u00fdm typom medail\u00ed, z ktor\u00fdch niektor\u00e9 patria dodnes medzi najzn\u00e1mej\u0161ie. Medaila sa tak stala pevnou s\u00fa\u010das\u0165ou katol\u00edckej <span class=\"iwg-fachbegriff\" data-tooltip=\"\u017dit\u00fd n\u00e1bo\u017eensk\u00fd postoj a prax \u010dloveka.\" tabindex=\"0\">n\u00e1bo\u017enosti<\/span>.<\/p><p>D\u00f4le\u017eit\u00fa \u00falohu pri jej \u0161\u00edren\u00ed zohrali bratstva a rehole. Podporovali ur\u010dit\u00e9 medaily, sp\u00e1jali ich so svojimi formami n\u00e1bo\u017enosti a zabezpe\u010dili, \u017ee sa dan\u00fd typ stal zn\u00e1mym aj mimo jednotliv\u00fdch regi\u00f3nov.<\/p><p>So zlep\u0161en\u00edm razobnej techniky sa dali medaily navy\u0161e vyr\u00e1ba\u0165 vo ve\u013emi ve\u013ekom po\u010dte a za n\u00edzke n\u00e1klady. A\u017e vtedy sa ochrann\u00e1 medaila zmenila zo zriedkavej pamiatky na ka\u017edodenn\u00e9ho spolo\u010dn\u00edka \u0161irok\u00fdch vrstiev obyvate\u013estva.<\/p>\t\t\t\t\t\t\t\t<\/div>\n\t\t\t\t<\/div>\n\t\t\t\t\t<\/div>\n\t\t\t\t<\/div>\n\t\t<div class=\"elementor-element elementor-element-iwgs-christliches-s2 e-flex e-con-boxed e-con e-parent\" data-id=\"iwgs-christliches-s2\" data-element_type=\"container\" data-e-type=\"container\">\n\t\t\t\t\t<div class=\"e-con-inner\">\n\t\t\t\t<div class=\"elementor-element elementor-element-iwgs-christliches-s2h elementor-widget elementor-widget-heading\" data-id=\"iwgs-christliches-s2h\" data-element_type=\"widget\" data-e-type=\"widget\" data-widget_type=\"heading.default\">\n\t\t\t\t\t<h2 class=\"elementor-heading-title elementor-size-default\">Benediktova medaila<\/h2>\t\t\t\t<\/div>\n\t\t<div class=\"elementor-element elementor-element-iwgs-christliches-s2box e-con-full e-flex e-con e-parent\" data-id=\"iwgs-christliches-s2box\" data-element_type=\"container\" data-e-type=\"container\">\n\t\t\t\t<div class=\"elementor-element elementor-element-iwgs-christliches-s2t elementor-widget elementor-widget-text-editor\" data-id=\"iwgs-christliches-s2t\" data-element_type=\"widget\" data-e-type=\"widget\" data-widget_type=\"text-editor.default\">\n\t\t\t\t\t\t\t\t\t<p><span data-nosnippet>Benediktovsk\u00e1 medaila je najzn\u00e1mej\u0161ou formou, ktor\u00e1 je v\u00fdslovne ch\u00e1pan\u00e1 ako ochrann\u00e1 medaila. Zobrazuje sv\u00e4t\u00e9ho Benedikta z Nursie, zakladate\u013ea z\u00e1padn\u00e9ho mn\u00ed\u0161stva, s kr\u00ed\u017eom a knihou, ktor\u00e1 symbolizuje reho\u013en\u00e9 pravidlo. Jej dne\u0161n\u00e1 be\u017en\u00e1 podoba vych\u00e1dza z jubilejn\u00e9ho vydania, ktor\u00e9 bolo razen\u00e9 v roku 1880 v op\u00e1tstve Montecassino.<\/span><\/p><p>Zvl\u00e1\u0161tnos\u0165ou benediktovskej medaily je mno\u017estvo p\u00edsmen, ktor\u00e9 pokr\u00fdvaj\u00fa jej predn\u00fa a zadn\u00fa stranu. Ide o po\u010diato\u010dn\u00e9 p\u00edsmen\u00e1 latinsk\u00e9ho modlitbov\u00e9ho a po\u017eehn\u00e1vacieho vzorca, ktor\u00fd pros\u00ed o ochranu pred zlom a vyz\u00fdva na odvr\u00e1tenie sa od neho. Medaila tak nesie zhusten\u00fa podobu <span class=\"iwg-fachbegriff\" data-tooltip=\"Jazykov\u00e9 obr\u00e1tenie sa \u010dloveka k bo\u017estvu.\" tabindex=\"0\">modlitby<\/span> v znakovej forme.<\/p><p>V katolickej praxi plat\u00ed benediktovsk\u00e1 medaila za znak ochrany pred duchovnou \u0161kodou. Je posv\u00e4covan\u00e1, nosen\u00e1 a umiest\u0148ovan\u00e1 na domoch alebo nad dvermi. Aj tu plat\u00ed cirkevn\u00fd poh\u013ead, \u017ee nep\u00f4sob\u00ed samotn\u00fd kov, ale <span class=\"iwg-fachbegriff\" data-tooltip=\"Jazykov\u00e9 obr\u00e1tenie sa \u010dloveka k bo\u017estvu.\" tabindex=\"0\">modlitba<\/span> a viera, ktor\u00e9 medaila vyjadruje.<\/p><p>Op\u00e1tstvo Montecassino, miesto vzniku benedikt\u00ednskej rehole, je s medailou \u00fazko spojen\u00e9 a posv\u00e4cuje ju vlastn\u00fdm sp\u00f4sobom. V \u013eudovej praxi plat\u00ed benediktovsk\u00e1 medaila najm\u00e4 za znak proti duchovn\u00e9mu poku\u0161eniu a pou\u017e\u00edva sa tie\u017e v s\u00favislosti s cirkevnou <span class=\"iwg-fachbegriff\" data-tooltip=\"Jazykov\u00e9 obr\u00e1tenie sa \u010dloveka k bo\u017estvu.\" tabindex=\"0\">modlitbou<\/span> za vyslobodenie.<\/p><p>Hust\u00fd sled p\u00edsmen z nej rob\u00ed jednu z najnezamenite\u013enej\u0161\u00edch medail\u00ed, preto\u017ee svoju ochrann\u00fa modlitbu nesie vidite\u013ene na vlastnom povrchu.<\/p>\t\t\t\t\t\t\t\t<\/div>\n\t\t\t\t<\/div>\n\t\t\t\t\t<\/div>\n\t\t\t\t<\/div>\n\t\t<div class=\"elementor-element elementor-element-iwgs-christliches-s3 e-flex e-con-boxed e-con e-parent\" data-id=\"iwgs-christliches-s3\" data-element_type=\"container\" data-e-type=\"container\">\n\t\t\t\t\t<div class=\"e-con-inner\">\n\t\t\t\t<div class=\"elementor-element elementor-element-iwgs-christliches-s3h elementor-widget elementor-widget-heading\" data-id=\"iwgs-christliches-s3h\" data-element_type=\"widget\" data-e-type=\"widget\" data-widget_type=\"heading.default\">\n\t\t\t\t\t<h2 class=\"elementor-heading-title elementor-size-default\">Z\u00e1zra\u010dn\u00e1 medaila<\/h2>\t\t\t\t<\/div>\n\t\t<div class=\"elementor-element elementor-element-iwgs-christliches-s3box e-con-full e-flex e-con e-parent\" data-id=\"iwgs-christliches-s3box\" data-element_type=\"container\" data-e-type=\"container\">\n\t\t\t\t<div class=\"elementor-element elementor-element-iwgs-christliches-s3t elementor-widget elementor-widget-text-editor\" data-id=\"iwgs-christliches-s3t\" data-element_type=\"widget\" data-e-type=\"widget\" data-widget_type=\"text-editor.default\">\n\t\t\t\t\t\t\t\t\t<p><span data-nosnippet>Z\u00e1zra\u010dn\u00e1 medaila sa sp\u00e1ja s udalos\u0165ami roku 1830 v Par\u00ed\u017ei. Reho\u013en\u00e1 sestra Katar\u00edna Labour\u00e9 rozpr\u00e1vala o zjaveniach Bohorodi\u010dky M\u00e1rie, po\u010das ktor\u00fdch mala dosta\u0165 pr\u00edkaz necha\u0165 razi\u0165 medailu pod\u013ea presn\u00e9ho vzoru. Medaila zobrazuje M\u00e1riu s <span class=\"iwg-fachbegriff\" data-tooltip=\"Prosebn\u00e9 alebo zav\u00e4zuj\u00face oslovenie bo\u017estva alebo moci.\" tabindex=\"0\">vz\u00fdvan\u00edm<\/span>, ktor\u00e9 vyzn\u00e1va jej \u010distotu od narodenia.<\/span><\/p><p>\u0160\u00edrenie medaily prebiehalo r\u00fdchlo a v ve\u013ekom rozsahu. U\u017e nieko\u013eko rokov po zjaveniach boli v obehu mili\u00f3ny exempl\u00e1rov. N\u00e1zov Z\u00e1zra\u010dn\u00e1 medaila vznikol, preto\u017ee mnoh\u00ed nositelia hovorili o vysly\u0161an\u00fdch modlitb\u00e1ch a pomoci, ktor\u00e9 sp\u00e1jali s medailou.<\/p><p>Z\u00e1zra\u010dn\u00e1 medaila je mari\u00e1nskou medailou. Jej ochrann\u00e1 my\u0161lienka je \u00fazko sp\u00e4t\u00e1 s pr\u00edhovorom M\u00e1rie. Kto ju nos\u00ed, pod\u013ea katol\u00edckeho ch\u00e1pania sa zveruje pod ochranu Bohorodi\u010dky. Medaila je tak menej znakom obrany a viac v\u00fdrazom obr\u00e1tenia sa a prosby o sprev\u00e1dzanie.<\/p><p>R\u00fdchle \u0161\u00edrenie Z\u00e1zra\u010dnej medaily spad\u00e1 do obdobia ve\u013ekej nestability. V 30. rokoch 19. storo\u010dia otriasli Eur\u00f3pou epid\u00e9mie cholery a potreba ochrany a \u00fatechy bola ve\u013ek\u00e1.<\/p><p>Kaplnka na par\u00ed\u017eskej Rue du Bac, kde Katar\u00edna Labour\u00e9 pre\u017eila svoje zjavenia, sa stala vyh\u013ead\u00e1van\u00fdm p\u00fatnick\u00fdm miestom. Dodnes patr\u00ed medzi najzn\u00e1mej\u0161ie mari\u00e1nske miesta mesta a pri\u0165ahuje mnoh\u00fdch <span class=\"iwg-fachbegriff\" data-tooltip=\"\u010clovek, ktor\u00fd podnik\u00e1 n\u00e1bo\u017eensky motivovan\u00fa cestu na sv\u00e4t\u00e9 miesto.\" tabindex=\"0\">p\u00fatnikov<\/span>.<\/p>\t\t\t\t\t\t\t\t<\/div>\n\t\t\t\t<\/div>\n\t\t\t\t\t<\/div>\n\t\t\t\t<\/div>\n\t\t<div class=\"elementor-element elementor-element-iwgs-christliches-s4 e-flex e-con-boxed e-con e-parent\" data-id=\"iwgs-christliches-s4\" data-element_type=\"container\" data-e-type=\"container\">\n\t\t\t\t\t<div class=\"e-con-inner\">\n\t\t\t\t<div class=\"elementor-element elementor-element-iwgs-christliches-s4h elementor-widget elementor-widget-heading\" data-id=\"iwgs-christliches-s4h\" data-element_type=\"widget\" data-e-type=\"widget\" data-widget_type=\"heading.default\">\n\t\t\t\t\t<h2 class=\"elementor-heading-title elementor-size-default\">Medaila sv\u00e4t\u00e9ho Kri\u0161tofa<\/h2>\t\t\t\t<\/div>\n\t\t<div class=\"elementor-element elementor-element-iwgs-christliches-s4box e-con-full e-flex e-con e-parent\" data-id=\"iwgs-christliches-s4box\" data-element_type=\"container\" data-e-type=\"container\">\n\t\t\t\t<div class=\"elementor-element elementor-element-iwgs-christliches-s4t elementor-widget elementor-widget-text-editor\" data-id=\"iwgs-christliches-s4t\" data-element_type=\"widget\" data-e-type=\"widget\" data-widget_type=\"text-editor.default\">\n\t\t\t\t\t\t\t\t\t<p>Medaila sv\u00e4t\u00e9ho Kri\u0161tofa je klasickou medailou ochrany na cest\u00e1ch. Zobrazuje sv\u00e4t\u00e9ho Kri\u0161tofa, ktor\u00fd pod\u013ea <span class=\"iwg-fachbegriff\" data-tooltip=\"Vzdel\u00e1vacie rozpr\u00e1vanie, v\u00e4\u010d\u0161inou o \u017eivote sv\u00e4t\u00fdch.\" tabindex=\"0\">legendy<\/span> preniesol die\u0165a cez rozb\u00faren\u00fa riek\u00fa a pri tom rozpoznal, \u017ee na pleciach nesie samotn\u00e9ho Krista. Meno Kri\u0161tof znamen\u00e1 doslova nosite\u013e Krista.<\/p><p>Z tejto <span class=\"iwg-fachbegriff\" data-tooltip=\"Vzdel\u00e1vacie rozpr\u00e1vanie, v\u00e4\u010d\u0161inou o \u017eivote sv\u00e4t\u00fdch.\" tabindex=\"0\">legendy<\/span> sa vysvet\u013euje \u00faloha sv\u00e4tca ako patr\u00f3na cestuj\u00facich. Kto mal pred sebou nebezpe\u010dn\u00fa cestu, kladol sa pod jeho ochranu. S roz\u0161\u00edren\u00edm automobilu v 20. storo\u010d\u00ed sa medaila sv\u00e4t\u00e9ho Kri\u0161tofa stala typickou plaketou vo vozidle a pr\u00edvesom mnoh\u00fdch cestuj\u00facich.<\/p><p>Medaila sv\u00e4t\u00e9ho Kri\u0161tofa ukazuje pr\u00edkladne, ako m\u00f4\u017ee by\u0165 ochrann\u00e1 medaila viazan\u00e1 na konkr\u00e9tnu \u017eivotn\u00fa oblas\u0165. Zatia\u013e \u010do benediktovsk\u00e1 medaila m\u00e1 chr\u00e1ni\u0165 v\u0161eobecne pred zlom, medaila sv\u00e4t\u00e9ho Kri\u0161tofa sa vz\u0165ahuje na situ\u00e1ciu cesty. Obe patria do tej istej rodiny posv\u00e4ten\u00fdch znakov, ale oslovuj\u00fa odli\u0161n\u00e9 potreby.<\/p><p>Kri\u0161tof patril v stredoveku medzi \u0160trn\u00e1stich sv\u00e4t\u00fdch pomocn\u00edkov, skupinu sv\u00e4t\u00fdch, ktor\u00ed boli vz\u00fdvan\u00ed v mimoriadnych n\u00fadzach. Bola roz\u0161\u00edren\u00e1 viera, \u017ee u\u017e poh\u013ead na obraz sv\u00e4t\u00e9ho Kri\u0161tofa r\u00e1no chr\u00e1ni v ten de\u0148 pred n\u00e1hlou, nepripravenou smr\u0165ou.<\/p><p>Z tejto predstavy sa vysvet\u013euje, pre\u010do boli ve\u013ek\u00e9 obrazy sv\u00e4t\u00e9ho Kri\u0161tofa umiest\u0148ovan\u00e9 na kostoloch a cest\u00e1ch. Dne\u0161n\u00e1 medaila vo vozidle nadv\u00e4zuje na toto star\u00e9 spojenie obrazu a ochrany na cest\u00e1ch.<\/p>\t\t\t\t\t\t\t\t<\/div>\n\t\t\t\t<\/div>\n\t\t\t\t\t<\/div>\n\t\t\t\t<\/div>\n\t\t<div class=\"elementor-element elementor-element-iwgs-christliches-s5 e-flex e-con-boxed e-con e-parent\" data-id=\"iwgs-christliches-s5\" data-element_type=\"container\" data-e-type=\"container\">\n\t\t\t\t\t<div class=\"e-con-inner\">\n\t\t\t\t<div class=\"elementor-element elementor-element-iwgs-christliches-s5h elementor-widget elementor-widget-heading\" data-id=\"iwgs-christliches-s5h\" data-element_type=\"widget\" data-e-type=\"widget\" data-widget_type=\"heading.default\">\n\t\t\t\t\t<h2 class=\"elementor-heading-title elementor-size-default\">\u010eal\u0161ie medaily a \u0161kapuliar<\/h2>\t\t\t\t<\/div>\n\t\t<div class=\"elementor-element elementor-element-iwgs-christliches-s5box e-con-full e-flex e-con e-parent\" data-id=\"iwgs-christliches-s5box\" data-element_type=\"container\" data-e-type=\"container\">\n\t\t\t\t<div class=\"elementor-element elementor-element-iwgs-christliches-s5t elementor-widget elementor-widget-text-editor\" data-id=\"iwgs-christliches-s5t\" data-element_type=\"widget\" data-e-type=\"widget\" data-widget_type=\"text-editor.default\">\n\t\t\t\t\t\t\t\t\t<p>Okrem troch ve\u013ek\u00fdch typov existuje mnoho \u010fal\u0161\u00edch ochrann\u00fdch medail\u00ed. Roz\u0161\u00edren\u00e9 s\u00fa medaily jednotliv\u00fdch sv\u00e4t\u00fdch, ktor\u00ed s\u00fa pova\u017eovan\u00ed za patr\u00f3nov ur\u010dit\u00fdch povolan\u00ed, potrieb alebo \u017eivotn\u00fdch situ\u00e1ci\u00ed. Medzi t\u00fato skupinu patria aj anjelsk\u00e9 medaily, najm\u00e4 medaily str\u00e1\u017eneho anjela, ktor\u00e9 sa rady d\u00e1vaj\u00fa de\u0165om.<\/p><p>S medailou je \u00fazko pr\u00edbuzn\u00fd \u0161kapuliar. Sklad\u00e1 sa z dvoch mal\u00fdch k\u00faskov l\u00e1tky, ktor\u00e9 s\u00fa spojen\u00e9 stuhami a nosia sa na hrudi a chrbte. Najzn\u00e1mej\u0161\u00ed je hned\u00fd \u0161kapuliar, ktor\u00fd vych\u00e1dza z karmelit\u00e1nskej trad\u00edcie. Dnes sa \u010dasto nos\u00ed \u0161kapuliarov\u00e1 medaila, ktor\u00e1 nahr\u00e1dza l\u00e1tkov\u00fa podobu.<\/p><p>T\u00e1to rozmanitos\u0165 ukazuje, \u017ee kres\u0165ansk\u00e1 ochrann\u00e1 medaila nie je jednotn\u00fd predmet, ale cel\u00fd druh predmetov. V\u0161etk\u00fdm form\u00e1m je spolo\u010dn\u00e9 to, \u017ee nes\u00fa na tele n\u00e1bo\u017eensk\u00fd obraz a t\u00fdm udr\u017euj\u00fa vidite\u013en\u00e9 spojenie so sv\u00e4t\u00fdm, s M\u00e1riou alebo s Kristom.<\/p><p>So \u0161kapuliarom je spojen\u00e1 vlastn\u00e1 trad\u00edcia zbo\u017enosti, ktor\u00e1 vych\u00e1dza z karmelit\u00e1nskej rehole a je viazan\u00e1 na Bohorodi\u010dku. Kto nos\u00ed \u0161kapuliar, zav\u00e4zuje sa k ur\u010dit\u00fdm modlitb\u00e1m a stavia sa pod ochranu M\u00e1rie.<\/p><p>Ve\u013emi roz\u0161\u00edren\u00e9 s\u00fa tie\u017e medaily str\u00e1\u017eneho anjela, ktor\u00e9 sa \u010dasto d\u00e1vaj\u00fa de\u0165om. Sp\u00e1jaj\u00fa my\u0161lienku nebesk\u00e9ho spolo\u010dn\u00edka s nosan\u00fdm znakom a patria tak tie\u017e do ve\u013ekej rodiny ochrann\u00fdch medail\u00ed.<\/p>\t\t\t\t\t\t\t\t<\/div>\n\t\t\t\t<\/div>\n\t\t\t\t\t<\/div>\n\t\t\t\t<\/div>\n\t\t<div class=\"elementor-element elementor-element-iwgs-christliches-s6 e-flex e-con-boxed e-con e-parent\" data-id=\"iwgs-christliches-s6\" data-element_type=\"container\" data-e-type=\"container\">\n\t\t\t\t\t<div class=\"e-con-inner\">\n\t\t\t\t<div class=\"elementor-element elementor-element-iwgs-christliches-s6h elementor-widget elementor-widget-heading\" data-id=\"iwgs-christliches-s6h\" data-element_type=\"widget\" data-e-type=\"widget\" data-widget_type=\"heading.default\">\n\t\t\t\t\t<h2 class=\"elementor-heading-title elementor-size-default\">Materi\u00e1l, v\u00fdzdoba a posv\u00e4tenie<\/h2>\t\t\t\t<\/div>\n\t\t<div class=\"elementor-element elementor-element-iwgs-christliches-s6box e-con-full e-flex e-con e-parent\" data-id=\"iwgs-christliches-s6box\" data-element_type=\"container\" data-e-type=\"container\">\n\t\t\t\t<div class=\"elementor-element elementor-element-iwgs-christliches-s6t elementor-widget elementor-widget-text-editor\" data-id=\"iwgs-christliches-s6t\" data-element_type=\"widget\" data-e-type=\"widget\" data-widget_type=\"text-editor.default\">\n\t\t\t\t\t\t\t\t\t<p>Ochrann\u00e9 medaily sa vyr\u00e1baj\u00fa z r\u00f4znych materi\u00e1lov. Be\u017en\u00e9 s\u00fa jednoduch\u00e9 medaily z hlin\u00edka alebo oby\u010dajn\u00e9ho kovu, popri nich existuj\u00fa aj kusy zo striebra a zlata. Pod\u013ea cirkevn\u00e9ho ch\u00e1pania v\u00fdber materi\u00e1lu ni\u010d nevypoved\u00e1 o duchovnom v\u00fdzname, preto\u017ee ten nez\u00e1vis\u00ed od hodnoty kovu.<\/p><p>Vyhotovenie sa riadi pevn\u00fdmi typmi zobrazenia. Medaila zvy\u010dajne zobrazuje na jednej strane hlavn\u00fd obraz, napr\u00edklad sv\u00e4t\u00e9ho alebo M\u00e1riu, a na druhej strane doplnkov\u00e9 znamenie alebo <span class=\"iwg-fachbegriff\" data-tooltip=\"Text vyryt\u00fd alebo vytesan\u00fd do pevn\u00e9ho nosi\u010da.\" tabindex=\"0\">n\u00e1pis<\/span>. T\u00e1to obrazov\u00e1 re\u010d zostala po dlh\u00fd \u010das stabiln\u00e1, tak\u017ee ve\u013ek\u00e9 typy medail\u00ed s\u00fa \u013eahko rozpoznate\u013en\u00e9.<\/p><p>Podstatn\u00e9 je <span class=\"iwg-fachbegriff\" data-tooltip=\"Ritu\u00e1lny akt, ktor\u00fdm sa ude\u013euje po\u017eehnanie.\" tabindex=\"0\">posv\u00e4tenie<\/span>. Medailu posv\u00e4cuje k\u0148az alebo diakon, \u010d\u00edm sa st\u00e1va sakrament\u00e1liou. A\u017e toto <span class=\"iwg-fachbegriff\" data-tooltip=\"Pr\u00eds\u013eub sp\u00e1sy a ochrany, \u010dasto vo fixnej jazykovej podobe.\" tabindex=\"0\">po\u017eehnanie<\/span> rob\u00ed z razen\u00e9ho kovu posv\u00e4ten\u00fd predmet. <span class=\"iwg-fachbegriff\" data-tooltip=\"Ritu\u00e1lny akt, ktor\u00fdm je predmet, miesto alebo \u010dlovek odovzdan\u00fd n\u00e1bo\u017eenskej sf\u00e9re.\" tabindex=\"0\">Vysv\u00e4tenie<\/span> zd\u00f4raz\u0148uje, \u017ee medaila je zapojen\u00e1 do viery a <span class=\"iwg-fachbegriff\" data-tooltip=\"Jazykov\u00e9 obr\u00e1tenie sa \u010dloveka k bo\u017estvu.\" tabindex=\"0\">modlitby<\/span> Cirkvi.<\/p><p>Medailu m\u00f4\u017ee posv\u00e4ti\u0165 ktor\u00fdko\u013evek k\u0148az alebo diakon, nie je potrebn\u00e9 \u017eiadne osobitn\u00e9 miesto vysv\u00e4tenia. Ochrann\u00e1 medaila je tak vedome \u013eahko dostupn\u00e1. Jej duchovn\u00fd v\u00fdznam nez\u00e1vis\u00ed od materi\u00e1lu ani od ceny, ale v\u00fdlu\u010dne od <span class=\"iwg-fachbegriff\" data-tooltip=\"Pr\u00eds\u013eub sp\u00e1sy a ochrany, \u010dasto vo fixnej jazykovej podobe.\" tabindex=\"0\">po\u017eehnania<\/span> a viery nosite\u013ea.<\/p><p>Pr\u00e1ve jednoduch\u00e9 medaily z oby\u010dajn\u00e9ho kovu, ak\u00e9 sa vo ve\u013ekom po\u010dte vyd\u00e1vaj\u00fa na p\u00fatnick\u00fdch miestach, s\u00fa preto plnohodnotn\u00fdmi sakrament\u00e1liami rovnako ako drah\u00e9 kusy zo zlata.<\/p>\t\t\t\t\t\t\t\t<\/div>\n\t\t\t\t<\/div>\n\t\t\t\t\t<\/div>\n\t\t\t\t<\/div>\n\t\t<div class=\"elementor-element elementor-element-iwgs-christliches-s7 e-flex e-con-boxed e-con e-parent\" data-id=\"iwgs-christliches-s7\" data-element_type=\"container\" data-e-type=\"container\">\n\t\t\t\t\t<div class=\"e-con-inner\">\n\t\t\t\t<div class=\"elementor-element elementor-element-iwgs-christliches-s7h elementor-widget elementor-widget-heading\" data-id=\"iwgs-christliches-s7h\" data-element_type=\"widget\" data-e-type=\"widget\" data-widget_type=\"heading.default\">\n\t\t\t\t\t<h2 class=\"elementor-heading-title elementor-size-default\">Sakrament\u00e1lia, nie amulet<\/h2>\t\t\t\t<\/div>\n\t\t<div class=\"elementor-element elementor-element-iwgs-christliches-s7box e-con-full e-flex e-con e-parent\" data-id=\"iwgs-christliches-s7box\" data-element_type=\"container\" data-e-type=\"container\">\n\t\t\t\t<div class=\"elementor-element elementor-element-iwgs-christliches-s7t elementor-widget elementor-widget-text-editor\" data-id=\"iwgs-christliches-s7t\" data-element_type=\"widget\" data-e-type=\"widget\" data-widget_type=\"text-editor.default\">\n\t\t\t\t\t\t\t\t\t<p>Katol\u00edcka n\u00e1uka kladie ve\u013ek\u00fd d\u00f4raz na rozl\u00ed\u0161enie medzi sakrament\u00e1liou a magick\u00fdm <span class=\"iwg-fachbegriff\" data-tooltip=\"Nosen\u00fd predmet, ktor\u00e9mu sa pripisuje ochrann\u00e1, zlo odvracaj\u00faca \u00fa\u010dinnos\u0165.\" tabindex=\"0\">amuletom<\/span>. <span class=\"iwg-fachbegriff\" data-tooltip=\"Nosen\u00fd predmet, ktor\u00e9mu sa pripisuje ochrann\u00e1, zlo odvracaj\u00faca \u00fa\u010dinnos\u0165.\" tabindex=\"0\">Amulet<\/span> pod\u013ea magickej predstavy p\u00f4sob\u00ed s\u00e1m osebe, takmer mechanicky, akon\u00e1hle je nosen\u00fd. Ochrann\u00e1 medaila pod\u013ea cirkevnej n\u00e1uky nep\u00f4sob\u00ed t\u00fdmto sp\u00f4sobom.<\/p><p>Medaila je znamenie. Pripom\u00edna nosite\u013eovi jeho vieru, usmer\u0148uje jeho <span class=\"iwg-fachbegriff\" data-tooltip=\"Jazykov\u00e9 obr\u00e1tenie sa \u010dloveka k bo\u017estvu.\" tabindex=\"0\">modlitbu<\/span> a pros\u00ed o pr\u00edhovor sv\u00e4t\u00e9ho alebo M\u00e1rie. Ochrana, ktor\u00fa \u010dlovek o\u010dak\u00e1va, vych\u00e1dza od Boha, nie od predmetu. Cirkev v\u00fdslovne varuje pred pripisovan\u00edm automatick\u00e9ho \u00fa\u010dinku medaile, preto\u017ee by to bol <span class=\"iwg-fachbegriff\" data-tooltip=\"Zneva\u017euj\u00face ozna\u010denie predst\u00e1v, ktor\u00e9 sa pova\u017euj\u00fa za n\u00e1bo\u017eensk\u00fd nezmysel.\" tabindex=\"0\">povera<\/span>.<\/p><p>Toto rozl\u00ed\u0161enie je zauj\u00edmav\u00e9 aj z religionistick\u00e9ho h\u013eadiska. Ukazuje, \u017ee nosenie ochrann\u00fdch znamen\u00ed nemus\u00ed by\u0165 nevyhnutne ch\u00e1pan\u00e9 magicky. Kres\u0165ansk\u00e1 ochrann\u00e1 medaila predstavuje model, v ktorom je nosen\u00e9 znamenie plne zameran\u00e9 na <span class=\"iwg-fachbegriff\" data-tooltip=\"Jazykov\u00e9 obr\u00e1tenie sa \u010dloveka k bo\u017estvu.\" tabindex=\"0\">modlitbu<\/span>, vieru a pr\u00edhovor.<\/p><p>Katechizmus Katol\u00edckej cirkvi v\u00fdslovne pripom\u00edna, \u017ee n\u00e1bo\u017eensk\u00e9 znamenia sa nemaj\u00fa pou\u017e\u00edva\u0165 povera. <span class=\"iwg-fachbegriff\" data-tooltip=\"Zneva\u017euj\u00face ozna\u010denie predst\u00e1v, ktor\u00e9 sa pova\u017euj\u00fa za n\u00e1bo\u017eensk\u00fd nezmysel.\" tabindex=\"0\">Povera<\/span> pod\u013ea cirkevnej n\u00e1uky nast\u00e1va tam, kde sa predmetu pripisuje takmer mechanick\u00fd \u00fa\u010dinok, nez\u00e1visle od vn\u00fatorn\u00e9ho postoja \u010dloveka.<\/p><p>Ochrann\u00e1 medaila m\u00e1 naopak vieru posil\u0148ova\u0165, nie ju nahr\u00e1dza\u0165. Toto presn\u00e9 vymedzenie hranice medzi <span class=\"iwg-fachbegriff\" data-tooltip=\"Pre\u017e\u00edvan\u00fd n\u00e1bo\u017eensk\u00fd postoj a prax \u010dloveka.\" tabindex=\"0\">n\u00e1bo\u017enos\u0165ou<\/span> a <span class=\"iwg-fachbegriff\" data-tooltip=\"Zneva\u017euj\u00face ozna\u010denie predst\u00e1v, ktor\u00e9 sa pova\u017euj\u00fa za n\u00e1bo\u017eensk\u00fd nezmysel.\" tabindex=\"0\">poverou<\/span> bolo pre Cirkev v priebehu storo\u010d\u00ed trvalou z\u00e1le\u017eitos\u0165ou.<\/p>\t\t\t\t\t\t\t\t<\/div>\n\t\t\t\t<\/div>\n\t\t\t\t\t<\/div>\n\t\t\t\t<\/div>\n\t\t<div class=\"elementor-element elementor-element-iwgs-christliches-s8 e-flex e-con-boxed e-con e-parent\" data-id=\"iwgs-christliches-s8\" data-element_type=\"container\" data-e-type=\"container\">\n\t\t\t\t\t<div class=\"e-con-inner\">\n\t\t\t\t<div class=\"elementor-element elementor-element-iwgs-christliches-s8h elementor-widget elementor-widget-heading\" data-id=\"iwgs-christliches-s8h\" data-element_type=\"widget\" data-e-type=\"widget\" data-widget_type=\"heading.default\">\n\t\t\t\t\t<h2 class=\"elementor-heading-title elementor-size-default\">Roz\u0161\u00edrenie a s\u00fa\u010dasn\u00e1 recepcia<\/h2>\t\t\t\t<\/div>\n\t\t<div class=\"elementor-element elementor-element-iwgs-christliches-s8box e-con-full e-flex e-con e-parent\" data-id=\"iwgs-christliches-s8box\" data-element_type=\"container\" data-e-type=\"container\">\n\t\t\t\t<div class=\"elementor-element elementor-element-iwgs-christliches-s8t elementor-widget elementor-widget-text-editor\" data-id=\"iwgs-christliches-s8t\" data-element_type=\"widget\" data-e-type=\"widget\" data-widget_type=\"text-editor.default\">\n\t\t\t\t\t\t\t\t\t<p>Kres\u0165ansk\u00e9 ochrann\u00e9 medaily s\u00fa dodnes nesmierne roz\u0161\u00edren\u00e9. V krajin\u00e1ch s katol\u00edckou trad\u00edciou patria k prv\u00e9mu sv\u00e4t\u00e9mu prij\u00edmaniu, ku krstu a k mnoh\u00fdm \u010fal\u0161\u00edm pr\u00edle\u017eitostiam, pri ktor\u00fdch sa daruj\u00fa. S\u00fa tak \u010dasto spojen\u00e9 s ur\u010ditou \u017eivotnou udalos\u0165ou a osobnou spomienkou.<\/p><p>Okrem striktne n\u00e1bo\u017eensk\u00e9ho pou\u017eitia z\u00edskali niektor\u00e9 medaily aj kult\u00farny v\u00fdznam. Plaketa sv\u00e4t\u00e9ho Kri\u0161tofa v aute sa na mnoh\u00fdch miestach umiest\u0148uje takmer samozrejme, aj u \u013eud\u00ed, ktor\u00ed s\u00fa od cirkevnej praxe vzdialen\u00ed. Tu sa v\u00fdznam pos\u00fava od posv\u00e4ten\u00e9ho znamenia k v\u0161eobecn\u00e9mu symbolu \u0161\u0165astia a ochrany.<\/p><p>V samotnej katol\u00edckej <span class=\"iwg-fachbegriff\" data-tooltip=\"Pre\u017e\u00edvan\u00fd n\u00e1bo\u017eensk\u00fd postoj a prax \u010dloveka.\" tabindex=\"0\">n\u00e1bo\u017enosti<\/span> zost\u00e1va ochrann\u00e1 medaila \u017eiv\u00e1. Je pr\u00edkladom toho, ako potreba nosen\u00e9ho ochrann\u00e9ho znamenia pretrv\u00e1va st\u00e1ro\u010dia a ako ve\u013ek\u00e9 n\u00e1bo\u017eenstvo dalo tejto potrebe vlastn\u00fa, teologicky premyslen\u00fa formu.<\/p><p>Ochrann\u00e9 medaily sa vyskytuj\u00fa na mnoh\u00fdch miestach a\u017e do ned\u00e1vnej minulosti. Vojaci ich nosili vo vojn\u00e1ch 20. storo\u010dia, vys\u0165ahovalci si ich brali na svoje cesty a dodnes sa daruj\u00fa pri krste, prvom sv\u00e4tom prij\u00edman\u00ed a birmovke.<\/p><p>V tejto st\u00e1losti sa ukazuje, \u017ee ochrann\u00e1 medaila je viac ne\u017e len historick\u00fd predmet. Je \u017eivou formou, v ktorej sa sp\u00e1ja potreba ochrany s n\u00e1bo\u017eensk\u00fdm vyznan\u00edm.<\/p>\t\t\t\t\t\t\t\t<\/div>\n\t\t\t\t<\/div>\n\t\t\t\t\t<\/div>\n\t\t\t\t<\/div>\n\t\t<div class=\"elementor-element elementor-element-iwgs-christliches-lit e-flex e-con-boxed e-con e-parent\" data-id=\"iwgs-christliches-lit\" data-element_type=\"container\" data-e-type=\"container\">\n\t\t\t\t\t<div class=\"e-con-inner\">\n\t\t\t\t<div class=\"elementor-element elementor-element-iwgs-christliches-lith elementor-widget elementor-widget-heading\" data-id=\"iwgs-christliches-lith\" data-element_type=\"widget\" data-e-type=\"widget\" data-widget_type=\"heading.default\">\n\t\t\t\t\t<h2 class=\"elementor-heading-title elementor-size-default\">Literat\u00fara (v\u00fdber)<\/h2>\t\t\t\t<\/div>\n\t\t<div class=\"elementor-element elementor-element-iwgs-christliches-litbox e-con-full e-flex e-con e-parent\" data-id=\"iwgs-christliches-litbox\" data-element_type=\"container\" data-e-type=\"container\">\n\t\t\t\t<div class=\"elementor-element elementor-element-iwgs-christliches-litt elementor-widget elementor-widget-html\" data-id=\"iwgs-christliches-litt\" data-element_type=\"widget\" data-e-type=\"widget\" data-widget_type=\"html.default\">\n\t\t\t\t\t<footer data-nosnippet=\"true\"><ul><li>Lexik\u00f3n teol\u00f3gie a Cirkvi, \u010dl\u00e1nky <em>Sakrament\u00e1lie<\/em> a <em>Medaila<\/em><\/li><li>Arnold Angenendt: <em>Geschichte der Religiosit\u00e4t im Mittelalter<\/em> (1997)<\/li><li>Hans D\u00fcnninger: <em>Wallfahrt und Bilderkult<\/em> (Studien)<\/li><li>Katechizmus Katol\u00edckej cirkvi, \u010das\u0165 o sakrament\u00e1li\u00e1ch<\/li><li>Lenz Kriss-Rettenbeck: <em>Bilder und Zeichen religi\u00f6sen Volksglaubens<\/em> (1971)<\/li><\/ul><\/footer>\t\t\t\t<\/div>\n\t\t\t\t<\/div>\n\t\t\t\t\t<\/div>\n\t\t\t\t<\/div>\n\t\t<div class=\"elementor-element elementor-element-iwgs-christliches-kwd e-flex e-con-boxed e-con e-parent\" data-id=\"iwgs-christliches-kwd\" data-element_type=\"container\" data-e-type=\"container\">\n\t\t\t\t\t<div class=\"e-con-inner\">\n\t\t\t\t<div class=\"elementor-element elementor-element-iwgs-christliches-kwdt elementor-widget elementor-widget-text-editor\" data-id=\"iwgs-christliches-kwdt\" data-element_type=\"widget\" data-e-type=\"widget\" data-widget_type=\"text-editor.default\">\n\t\t\t\t\t\t\t\t\t<p><em>S\u00favisiace k\u013e\u00fa\u010dov\u00e9 pojmy: Benediktova medaila Z\u00e1zra\u010dn\u00e1 medaila Christophorus Sakrament\u00e1l \u0160kapuliar Medaila sv\u00e4tca <span class=\"iwg-fachbegriff\" data-tooltip=\"Vyslovenie priania sp\u00e1sy a ochrany, \u010dasto v ust\u00e1lenej jazykovej forme.\" tabindex=\"0\">Blahoslovenie<\/span> Ochrana na cest\u00e1ch.<\/em><\/p>\t\t\t\t\t\t\t\t<\/div>\n\t\t\t\t\t<\/div>\n\t\t\t\t<\/div>\n\t\t<div class=\"elementor-element elementor-element-iwgs-christliches-cc e-flex e-con-boxed e-con e-parent\" data-id=\"iwgs-christliches-cc\" data-element_type=\"container\" data-e-type=\"container\" id=\"iwg-cc-christliche-schutzmedaillen\">\n\t\t\t\t\t<div class=\"e-con-inner\">\n\t\t<div class=\"elementor-element elementor-element-iwgs-christliches-ccinner e-flex e-con-boxed e-con e-parent\" data-id=\"iwgs-christliches-ccinner\" data-element_type=\"container\" data-e-type=\"container\" data-settings=\"{&quot;background_background&quot;:&quot;classic&quot;}\">\n\t\t\t\t\t<div class=\"e-con-inner\">\n\t\t\t\t<div class=\"elementor-element elementor-element-iwgs-christliches-cch elementor-widget elementor-widget-heading\" data-id=\"iwgs-christliches-cch\" data-element_type=\"widget\" data-e-type=\"widget\" data-widget_type=\"heading.default\">\n\t\t\t\t\t<h2 class=\"elementor-heading-title elementor-size-default\">iWell Guard a ochrann\u00e9 trad\u00edcie<\/h2>\t\t\t\t<\/div>\n\t\t\t\t<div class=\"elementor-element elementor-element-iwgs-christliches-cct elementor-widget elementor-widget-text-editor\" data-id=\"iwgs-christliches-cct\" data-element_type=\"widget\" data-e-type=\"widget\" data-widget_type=\"text-editor.default\">\n\t\t\t\t\t\t\t\t\t<p>iWell Guard nadv\u00e4zuje na kult\u00farno-historick\u00fa trad\u00edciu prenosn\u00fdch ochrann\u00fdch predmetov, ku ktorej patria aj kres\u0165ansk\u00e9 ochrann\u00e9 medaily. Modern\u00fd spolo\u010dn\u00edk pre \u013eud\u00ed, ktor\u00ed \u017eij\u00fa s ochrann\u00fdmi symbolmi: vyroben\u00fd v Nemecku, 41 vrstiev z prav\u00e9ho zlata, platiny a striebra, s 30-d\u0148ovou lehotou na vr\u00e1tenie.<\/p>\t\t\t\t\t\t\t\t<\/div>\n\t\t\t\t<div class=\"elementor-element elementor-element-iwgs-christliches-ccb iwg-cc-button iwg-cc-cta-2026-05-13 elementor-widget elementor-widget-jet-button\" data-id=\"iwgs-christliches-ccb\" data-element_type=\"widget\" data-e-type=\"widget\" data-widget_type=\"jet-button.default\">\n\t\t\t\t<div class=\"elementor-widget-container\">\n\t\t\t\t\t<div class=\"elementor-jet-button jet-elements\"><div class=\"jet-button__container\"><a class=\"jet-button__instance jet-button__instance--icon-left hover-effect-1\" href=\"\/schutzanhaenger-iwell-guard-kaufen\/?utm_source=iwell-guard.com&amp;utm_medium=info-box&amp;utm_campaign=schutzsymbole\"><div class=\"jet-button__plane jet-button__plane-normal\"><\/div><div class=\"jet-button__plane jet-button__plane-hover\"><\/div><div class=\"jet-button__state jet-button__state-normal\"><span class=\"jet-button__label\">Viac o iWell Guard<\/span><\/div><div class=\"jet-button__state jet-button__state-hover\"><span class=\"jet-button__label\">Viac o iWell Guard<\/span><\/div><\/a><\/div><\/div><style>.elementor-element.elementor-element-iwgs-christliches-ccb .jet-button__instance{width:320px;height:56px;}.elementor-element.elementor-element-iwgs-christliches-ccb .jet-button__state-normal .jet-button__label{text-align:center;margin:0px 0px 0px 0px;color:#1a1b20;font-family:Montserrat,sans-serif;font-size:13px;font-weight:400;letter-spacing:4px;line-height:1.714em;text-transform:uppercase;}.elementor-element.elementor-element-iwgs-christliches-ccb .jet-button__state-hover .jet-button__label{text-align:center;margin:0px 0px 0px 0px;color:#FECC76;font-family:Montserrat,sans-serif;font-size:13px;font-weight:400;letter-spacing:4px;line-height:1.714em;text-transform:uppercase;}.elementor-element.elementor-element-iwgs-christliches-ccb .jet-button__plane-normal{background-color:#FECC76;border-style:solid;border-color:#C99540;border-width:2px 2px 2px 2px;}.elementor-element.elementor-element-iwgs-christliches-ccb .jet-button__plane-hover{background-color:rgba(0,0,0,0.55);border-style:solid;border-color:#FECC76;border-width:2px 2px 2px 2px;}<\/style>\t\t\t\t<\/div>\n\t\t\t\t<\/div>\n\t\t\t\t<div class=\"elementor-element elementor-element-iwgs-christliches-ccd elementor-widget elementor-widget-text-editor\" data-id=\"iwgs-christliches-ccd\" data-element_type=\"widget\" data-e-type=\"widget\" data-widget_type=\"text-editor.default\">\n\t\t\t\t\t\t\t\t\t<p style=\"text-align:center;font-size:13px;opacity:0.7;margin-top:14px\" data-nosnippet=\"true\">Osobn\u00e9 sk\u00fasenosti sa m\u00f4\u017eu l\u00ed\u0161i\u0165. Nejde o zdravotn\u00edcku pom\u00f4cku. Nejde o pr\u00eds\u013eub lie\u010denia.<\/p>\t\t\t\t\t\t\t\t<\/div>\n\t\t\t\t\t<\/div>\n\t\t\t\t<\/div>\n\t\t\t\t\t<\/div>\n\t\t\t\t<\/div>\n\t\t<div class=\"elementor-element elementor-element-iwgs-christliches-disc e-flex e-con-boxed e-con e-parent\" data-id=\"iwgs-christliches-disc\" data-element_type=\"container\" data-e-type=\"container\">\n\t\t\t\t\t<div class=\"e-con-inner\">\n\t\t\t\t<div class=\"elementor-element elementor-element-iwgs-christliches-discw elementor-widget elementor-widget-html\" data-id=\"iwgs-christliches-discw\" data-element_type=\"widget\" data-e-type=\"widget\" data-widget_type=\"html.default\">\n\t\t\t\t\t<footer data-nosnippet=\"true\" class=\"iwg-disclaimer-block\"><p data-nosnippet=\"true\">iWell Guard <strong>nie je zdravotn\u00edcka pom\u00f4cka<\/strong> a nenahr\u00e1dza lek\u00e1rske ani psychoterapeutick\u00e9 lie\u010denie. Tu uveden\u00fd obsah predstavuje religionistick\u00e9 a kult\u00farno-historick\u00e9 zaradenie, nie pr\u00eds\u013eub duchovn\u00e9ho \u00fa\u010dinku.<\/p><\/footer>\t\t\t\t<\/div>\n\t\t\t\t\t<\/div>\n\t\t\t\t<\/div>\n\t\t\t\t<\/div>\n\t\t","protected":false},"excerpt":{"rendered":"","protected":false},"author":3,"featured_media":3436,"parent":0,"menu_order":0,"comment_status":"closed","ping_status":"closed","template":"elementor_header_footer","meta":{"_yoast_wpseo_focuskw":"kres\u0165ansk\u00e9 ochrann\u00e9 medaily","_yoast_wpseo_title":"Kres\u0165ansk\u00e9 ochrann\u00e9 medaily \u2013 preh\u013ead","_yoast_wpseo_metadesc":"Benediktova medaila, Z\u00e1zra\u010dn\u00e1 medaila, medaila sv\u00e4t\u00e9ho Kri\u0161tofa: p\u00f4vod, v\u00fdznam a pou\u017e\u00edvanie kres\u0165ansk\u00fdch ochrann\u00fdch medail\u00ed vysvetlen\u00e9.","_yoast_wpseo_meta-robots-noindex":"","_yoast_wpseo_canonical":"","_angie_page":false,"gefaehrdungsstufe":"","wesen_kultur":"","wesen_klasse":"","footnotes":""},"categories":[],"class_list":["post-158118","page","type-page","status-publish","has-post-thumbnail","hentry"],"yoast_head":"<!-- This site is optimized with the Yoast SEO Premium plugin v27.7 (Yoast SEO v28.3) - https:\/\/yoast.com\/product\/yoast-seo-premium-wordpress\/ -->\n<title>Kres\u0165ansk\u00e9 ochrann\u00e9 medaily \u2013 preh\u013ead<\/title>\n<meta name=\"description\" content=\"Benediktova medaila, Z\u00e1zra\u010dn\u00e1 medaila, medaila sv\u00e4t\u00e9ho Kri\u0161tofa: p\u00f4vod, v\u00fdznam a pou\u017e\u00edvanie kres\u0165ansk\u00fdch ochrann\u00fdch medail\u00ed vysvetlen\u00e9.\" \/>\n<meta name=\"robots\" content=\"index, follow, max-snippet:-1, max-image-preview:large, max-video-preview:-1\" \/>\n<link rel=\"canonical\" href=\"https:\/\/iwell-guard.com\/sk\/krestanske-ochranne-medaily\/\" \/>\n<meta property=\"og:locale\" content=\"sk_SK\" \/>\n<meta property=\"og:type\" content=\"article\" \/>\n<meta property=\"og:title\" content=\"Kres\u0165ansk\u00e9 ochrann\u00e9 medaily \u2013 Benedikt, M\u00e1ria, Kri\u0161tof\" \/>\n<meta property=\"og:description\" content=\"Benediktova medaila, Z\u00e1zra\u010dn\u00e1 medaila, medaila sv\u00e4t\u00e9ho Kri\u0161tofa: p\u00f4vod, v\u00fdznam a pou\u017e\u00edvanie kres\u0165ansk\u00fdch ochrann\u00fdch medail\u00ed vysvetlen\u00e9.\" \/>\n<meta property=\"og:url\" content=\"https:\/\/iwell-guard.com\/sk\/krestanske-ochranne-medaily\/\" \/>\n<meta property=\"og:site_name\" content=\"iWell Guard\" \/>\n<meta property=\"article:modified_time\" content=\"2026-09-04T22:51:46+00:00\" \/>\n<meta property=\"og:image\" content=\"https:\/\/iwell-guard.com\/wp-content\/uploads\/2026\/05\/schutzsymbol_christentum_schutzmedaillen-2.webp\" \/>\n\t<meta property=\"og:image:width\" content=\"1024\" \/>\n\t<meta property=\"og:image:height\" content=\"1536\" \/>\n\t<meta property=\"og:image:type\" content=\"image\/webp\" \/>\n<meta name=\"twitter:card\" content=\"summary_large_image\" \/>\n<script type=\"application\/ld+json\" class=\"yoast-schema-graph\">{\"@context\":\"https:\\\/\\\/schema.org\",\"@graph\":[{\"@type\":\"WebPage\",\"@id\":\"https:\\\/\\\/iwell-guard.com\\\/sk\\\/krestanske-ochranne-medaily\\\/\",\"url\":\"https:\\\/\\\/iwell-guard.com\\\/sk\\\/krestanske-ochranne-medaily\\\/\",\"name\":\"Kres\u0165ansk\u00e9 ochrann\u00e9 medaily \u2013 preh\u013ead\",\"isPartOf\":{\"@id\":\"https:\\\/\\\/iwell-guard.com\\\/sk\\\/#website\"},\"primaryImageOfPage\":{\"@id\":\"https:\\\/\\\/iwell-guard.com\\\/sk\\\/krestanske-ochranne-medaily\\\/#primaryimage\"},\"image\":{\"@id\":\"https:\\\/\\\/iwell-guard.com\\\/sk\\\/krestanske-ochranne-medaily\\\/#primaryimage\"},\"thumbnailUrl\":\"https:\\\/\\\/iwell-guard.com\\\/wp-content\\\/uploads\\\/2026\\\/05\\\/schutzsymbol_christentum_schutzmedaillen-2.webp\",\"datePublished\":\"2026-09-04T22:22:25+00:00\",\"dateModified\":\"2026-09-04T22:51:46+00:00\",\"description\":\"Benediktova medaila, Z\u00e1zra\u010dn\u00e1 medaila, medaila sv\u00e4t\u00e9ho Kri\u0161tofa: p\u00f4vod, v\u00fdznam a pou\u017e\u00edvanie kres\u0165ansk\u00fdch ochrann\u00fdch medail\u00ed vysvetlen\u00e9.\",\"breadcrumb\":{\"@id\":\"https:\\\/\\\/iwell-guard.com\\\/sk\\\/krestanske-ochranne-medaily\\\/#breadcrumb\"},\"inLanguage\":\"sk-SK\",\"potentialAction\":[{\"@type\":\"ReadAction\",\"target\":[\"https:\\\/\\\/iwell-guard.com\\\/sk\\\/krestanske-ochranne-medaily\\\/\"]}]},{\"@type\":\"ImageObject\",\"inLanguage\":\"sk-SK\",\"@id\":\"https:\\\/\\\/iwell-guard.com\\\/sk\\\/krestanske-ochranne-medaily\\\/#primaryimage\",\"url\":\"https:\\\/\\\/iwell-guard.com\\\/wp-content\\\/uploads\\\/2026\\\/05\\\/schutzsymbol_christentum_schutzmedaillen-2.webp\",\"contentUrl\":\"https:\\\/\\\/iwell-guard.com\\\/wp-content\\\/uploads\\\/2026\\\/05\\\/schutzsymbol_christentum_schutzmedaillen-2.webp\",\"width\":1024,\"height\":1536,\"caption\":\"Ochrann\u00fd symbol. Muze\u00e1lna ilustr\u00e1cia z\u00e1ti\u0161ia.\"},{\"@type\":\"BreadcrumbList\",\"@id\":\"https:\\\/\\\/iwell-guard.com\\\/sk\\\/krestanske-ochranne-medaily\\\/#breadcrumb\",\"itemListElement\":[{\"@type\":\"ListItem\",\"position\":1,\"name\":\"Start\",\"item\":\"https:\\\/\\\/iwell-guard.com\\\/sk\\\/?page_id=157572\"},{\"@type\":\"ListItem\",\"position\":2,\"name\":\"Kres\u0165ansk\u00e9 ochrann\u00e9 medaily \u2013 Benedikt, M\u00e1ria, Kri\u0161tof\"}]},{\"@type\":\"WebSite\",\"@id\":\"https:\\\/\\\/iwell-guard.com\\\/sk\\\/#website\",\"url\":\"https:\\\/\\\/iwell-guard.com\\\/sk\\\/\",\"name\":\"iWell Guard\",\"description\":\"Schutz vor dunklen Einfl\u00fcssen\",\"publisher\":{\"@id\":\"https:\\\/\\\/iwell-guard.com\\\/sk\\\/#organization\"},\"potentialAction\":[{\"@type\":\"SearchAction\",\"target\":{\"@type\":\"EntryPoint\",\"urlTemplate\":\"https:\\\/\\\/iwell-guard.com\\\/sk\\\/?s={search_term_string}\"},\"query-input\":{\"@type\":\"PropertyValueSpecification\",\"valueRequired\":true,\"valueName\":\"search_term_string\"}}],\"inLanguage\":\"sk-SK\"},{\"@type\":\"Organization\",\"@id\":\"https:\\\/\\\/iwell-guard.com\\\/sk\\\/#organization\",\"name\":\"Ittermann electronic GmbH\",\"url\":\"https:\\\/\\\/iwell-guard.com\\\/sk\\\/\",\"logo\":{\"@type\":\"ImageObject\",\"inLanguage\":\"sk-SK\",\"@id\":\"https:\\\/\\\/iwell-guard.com\\\/sk\\\/#\\\/schema\\\/logo\\\/image\\\/\",\"url\":\"https:\\\/\\\/iwell-guard.com\\\/wp-content\\\/uploads\\\/2026\\\/05\\\/Ittermann-Logo-1182x237-1.png\",\"contentUrl\":\"https:\\\/\\\/iwell-guard.com\\\/wp-content\\\/uploads\\\/2026\\\/05\\\/Ittermann-Logo-1182x237-1.png\",\"width\":1182,\"height\":237,\"caption\":\"Ittermann electronic GmbH\"},\"image\":{\"@id\":\"https:\\\/\\\/iwell-guard.com\\\/sk\\\/#\\\/schema\\\/logo\\\/image\\\/\"},\"sameAs\":[\"https:\\\/\\\/pantip.com\\\/profile\\\/9367242\",\"https:\\\/\\\/micro.blog\\\/iwellguard\",\"https:\\\/\\\/www.diggerslist.com\\\/iwellguard\\\/about\",\"https:\\\/\\\/skitterphoto.com\\\/photographers\\\/2870314\\\/iwell-guard\",\"https:\\\/\\\/iwellguard.wordpress.com\\\/2026\\\/06\\\/06\\\/iwell-guard\\\/\",\"https:\\\/\\\/hub.docker.com\\\/u\\\/iwellguard\",\"https:\\\/\\\/www.pinterest.com\\\/iwellguard\\\/\",\"https:\\\/\\\/bit.ly\\\/m\\\/iwellguard\",\"https:\\\/\\\/entre-vos-mains.alsace.eu\\\/profiles\\\/iwellguard\\\/activity\",\"https:\\\/\\\/gravatar.com\\\/reallybeded8fd34\",\"https:\\\/\\\/naijamatta.com\\\/iwellguard\",\"https:\\\/\\\/www.goodreads.com\\\/iwellguard\",\"https:\\\/\\\/profile.hatena.ne.jp\\\/iwellguard\\\/\",\"https:\\\/\\\/experiment.com\\\/users\\\/iwellguard\",\"https:\\\/\\\/wakelet.com\\\/@iWellGuard82270\",\"https:\\\/\\\/www.chordie.com\\\/forum\\\/profile.php?id=2555664\",\"https:\\\/\\\/www.instapaper.com\\\/p\\\/17757966\",\"https:\\\/\\\/www.mapleprimes.com\\\/users\\\/iwellguard\",\"https:\\\/\\\/businesslistingplus.com\\\/profile\\\/iwell-guard\\\/\",\"https:\\\/\\\/telegra.ph\\\/iWell-Guard-06-06\",\"https:\\\/\\\/pbase.com\\\/iwellguard\\\/iwellguard\",\"https:\\\/\\\/b.hatena.ne.jp\\\/iwellguard\\\/20260607#bookmark-4788405196491818882\",\"https:\\\/\\\/fliphtml5.com\\\/home\\\/iwellguard\",\"https:\\\/\\\/anyflip.com\\\/homepage\\\/cmiwl#About\",\"https:\\\/\\\/transfur.com\\\/Users\\\/iwellguard\",\"http:\\\/\\\/delphi.larsbo.org\\\/user\\\/iwellguard\",\"https:\\\/\\\/jobs.lajobsportal.org\\\/profiles\\\/8380803-iwell-guard\",\"https:\\\/\\\/md.chaosdorf.de\\\/s\\\/jfbe5SBdJD\",\"https:\\\/\\\/www.lingvolive.com\\\/en-us\\\/profile\\\/9ecaeaca-ce11-4e51-9e71-01d55e2bff36\\\/translations\",\"https:\\\/\\\/www.fitday.com\\\/fitness\\\/forums\\\/members\\\/iwellguard.html\",\"https:\\\/\\\/www.mymeetbook.com\\\/iwellguard\",\"https:\\\/\\\/pxhere.com\\\/en\\\/photographer-me\\\/5040798\",\"https:\\\/\\\/disqus.com\\\/by\\\/iwellguard\\\/about\\\/\",\"https:\\\/\\\/pastelink.net\\\/hjwciqwq\",\"https:\\\/\\\/pubhtml5.com\\\/homepage\\\/scjhn\\\/\",\"https:\\\/\\\/www.bitchute.com\\\/channel\\\/2O2eOKzNqujT\",\"https:\\\/\\\/audiomack.com\\\/iwellguard\"]}]}<\/script>\n<!-- \/ Yoast SEO Premium plugin. -->","yoast_head_json":{"title":"Kres\u0165ansk\u00e9 ochrann\u00e9 medaily \u2013 preh\u013ead","description":"Benediktova medaila, Z\u00e1zra\u010dn\u00e1 medaila, medaila sv\u00e4t\u00e9ho Kri\u0161tofa: p\u00f4vod, v\u00fdznam a pou\u017e\u00edvanie kres\u0165ansk\u00fdch ochrann\u00fdch medail\u00ed vysvetlen\u00e9.","robots":{"index":"index","follow":"follow","max-snippet":"max-snippet:-1","max-image-preview":"max-image-preview:large","max-video-preview":"max-video-preview:-1"},"canonical":"https:\/\/iwell-guard.com\/sk\/krestanske-ochranne-medaily\/","og_locale":"sk_SK","og_type":"article","og_title":"Kres\u0165ansk\u00e9 ochrann\u00e9 medaily \u2013 Benedikt, M\u00e1ria, Kri\u0161tof","og_description":"Benediktova medaila, Z\u00e1zra\u010dn\u00e1 medaila, medaila sv\u00e4t\u00e9ho Kri\u0161tofa: p\u00f4vod, v\u00fdznam a pou\u017e\u00edvanie kres\u0165ansk\u00fdch ochrann\u00fdch medail\u00ed vysvetlen\u00e9.","og_url":"https:\/\/iwell-guard.com\/sk\/krestanske-ochranne-medaily\/","og_site_name":"iWell Guard","article_modified_time":"2026-09-04T22:51:46+00:00","og_image":[{"width":1024,"height":1536,"url":"https:\/\/iwell-guard.com\/wp-content\/uploads\/2026\/05\/schutzsymbol_christentum_schutzmedaillen-2.webp","type":"image\/webp"}],"twitter_card":"summary_large_image","schema":{"@context":"https:\/\/schema.org","@graph":[{"@type":"WebPage","@id":"https:\/\/iwell-guard.com\/sk\/krestanske-ochranne-medaily\/","url":"https:\/\/iwell-guard.com\/sk\/krestanske-ochranne-medaily\/","name":"Kres\u0165ansk\u00e9 ochrann\u00e9 medaily \u2013 preh\u013ead","isPartOf":{"@id":"https:\/\/iwell-guard.com\/sk\/#website"},"primaryImageOfPage":{"@id":"https:\/\/iwell-guard.com\/sk\/krestanske-ochranne-medaily\/#primaryimage"},"image":{"@id":"https:\/\/iwell-guard.com\/sk\/krestanske-ochranne-medaily\/#primaryimage"},"thumbnailUrl":"https:\/\/iwell-guard.com\/wp-content\/uploads\/2026\/05\/schutzsymbol_christentum_schutzmedaillen-2.webp","datePublished":"2026-09-04T22:22:25+00:00","dateModified":"2026-09-04T22:51:46+00:00","description":"Benediktova medaila, Z\u00e1zra\u010dn\u00e1 medaila, medaila sv\u00e4t\u00e9ho Kri\u0161tofa: p\u00f4vod, v\u00fdznam a pou\u017e\u00edvanie kres\u0165ansk\u00fdch ochrann\u00fdch medail\u00ed vysvetlen\u00e9.","breadcrumb":{"@id":"https:\/\/iwell-guard.com\/sk\/krestanske-ochranne-medaily\/#breadcrumb"},"inLanguage":"sk-SK","potentialAction":[{"@type":"ReadAction","target":["https:\/\/iwell-guard.com\/sk\/krestanske-ochranne-medaily\/"]}]},{"@type":"ImageObject","inLanguage":"sk-SK","@id":"https:\/\/iwell-guard.com\/sk\/krestanske-ochranne-medaily\/#primaryimage","url":"https:\/\/iwell-guard.com\/wp-content\/uploads\/2026\/05\/schutzsymbol_christentum_schutzmedaillen-2.webp","contentUrl":"https:\/\/iwell-guard.com\/wp-content\/uploads\/2026\/05\/schutzsymbol_christentum_schutzmedaillen-2.webp","width":1024,"height":1536,"caption":"Ochrann\u00fd symbol. Muze\u00e1lna ilustr\u00e1cia z\u00e1ti\u0161ia."},{"@type":"BreadcrumbList","@id":"https:\/\/iwell-guard.com\/sk\/krestanske-ochranne-medaily\/#breadcrumb","itemListElement":[{"@type":"ListItem","position":1,"name":"Start","item":"https:\/\/iwell-guard.com\/sk\/?page_id=157572"},{"@type":"ListItem","position":2,"name":"Kres\u0165ansk\u00e9 ochrann\u00e9 medaily \u2013 Benedikt, M\u00e1ria, Kri\u0161tof"}]},{"@type":"WebSite","@id":"https:\/\/iwell-guard.com\/sk\/#website","url":"https:\/\/iwell-guard.com\/sk\/","name":"iWell Guard","description":"Schutz vor dunklen Einfl\u00fcssen","publisher":{"@id":"https:\/\/iwell-guard.com\/sk\/#organization"},"potentialAction":[{"@type":"SearchAction","target":{"@type":"EntryPoint","urlTemplate":"https:\/\/iwell-guard.com\/sk\/?s={search_term_string}"},"query-input":{"@type":"PropertyValueSpecification","valueRequired":true,"valueName":"search_term_string"}}],"inLanguage":"sk-SK"},{"@type":"Organization","@id":"https:\/\/iwell-guard.com\/sk\/#organization","name":"Ittermann electronic GmbH","url":"https:\/\/iwell-guard.com\/sk\/","logo":{"@type":"ImageObject","inLanguage":"sk-SK","@id":"https:\/\/iwell-guard.com\/sk\/#\/schema\/logo\/image\/","url":"https:\/\/iwell-guard.com\/wp-content\/uploads\/2026\/05\/Ittermann-Logo-1182x237-1.png","contentUrl":"https:\/\/iwell-guard.com\/wp-content\/uploads\/2026\/05\/Ittermann-Logo-1182x237-1.png","width":1182,"height":237,"caption":"Ittermann electronic GmbH"},"image":{"@id":"https:\/\/iwell-guard.com\/sk\/#\/schema\/logo\/image\/"},"sameAs":["https:\/\/pantip.com\/profile\/9367242","https:\/\/micro.blog\/iwellguard","https:\/\/www.diggerslist.com\/iwellguard\/about","https:\/\/skitterphoto.com\/photographers\/2870314\/iwell-guard","https:\/\/iwellguard.wordpress.com\/2026\/06\/06\/iwell-guard\/","https:\/\/hub.docker.com\/u\/iwellguard","https:\/\/www.pinterest.com\/iwellguard\/","https:\/\/bit.ly\/m\/iwellguard","https:\/\/entre-vos-mains.alsace.eu\/profiles\/iwellguard\/activity","https:\/\/gravatar.com\/reallybeded8fd34","https:\/\/naijamatta.com\/iwellguard","https:\/\/www.goodreads.com\/iwellguard","https:\/\/profile.hatena.ne.jp\/iwellguard\/","https:\/\/experiment.com\/users\/iwellguard","https:\/\/wakelet.com\/@iWellGuard82270","https:\/\/www.chordie.com\/forum\/profile.php?id=2555664","https:\/\/www.instapaper.com\/p\/17757966","https:\/\/www.mapleprimes.com\/users\/iwellguard","https:\/\/businesslistingplus.com\/profile\/iwell-guard\/","https:\/\/telegra.ph\/iWell-Guard-06-06","https:\/\/pbase.com\/iwellguard\/iwellguard","https:\/\/b.hatena.ne.jp\/iwellguard\/20260607#bookmark-4788405196491818882","https:\/\/fliphtml5.com\/home\/iwellguard","https:\/\/anyflip.com\/homepage\/cmiwl#About","https:\/\/transfur.com\/Users\/iwellguard","http:\/\/delphi.larsbo.org\/user\/iwellguard","https:\/\/jobs.lajobsportal.org\/profiles\/8380803-iwell-guard","https:\/\/md.chaosdorf.de\/s\/jfbe5SBdJD","https:\/\/www.lingvolive.com\/en-us\/profile\/9ecaeaca-ce11-4e51-9e71-01d55e2bff36\/translations","https:\/\/www.fitday.com\/fitness\/forums\/members\/iwellguard.html","https:\/\/www.mymeetbook.com\/iwellguard","https:\/\/pxhere.com\/en\/photographer-me\/5040798","https:\/\/disqus.com\/by\/iwellguard\/about\/","https:\/\/pastelink.net\/hjwciqwq","https:\/\/pubhtml5.com\/homepage\/scjhn\/","https:\/\/www.bitchute.com\/channel\/2O2eOKzNqujT","https:\/\/audiomack.com\/iwellguard"]}]}},"_links":{"self":[{"href":"https:\/\/iwell-guard.com\/sk\/wp-json\/wp\/v2\/pages\/158118","targetHints":{"allow":["GET"]}}],"collection":[{"href":"https:\/\/iwell-guard.com\/sk\/wp-json\/wp\/v2\/pages"}],"about":[{"href":"https:\/\/iwell-guard.com\/sk\/wp-json\/wp\/v2\/types\/page"}],"author":[{"embeddable":true,"href":"https:\/\/iwell-guard.com\/sk\/wp-json\/wp\/v2\/users\/3"}],"replies":[{"embeddable":true,"href":"https:\/\/iwell-guard.com\/sk\/wp-json\/wp\/v2\/comments?post=158118"}],"version-history":[{"count":0,"href":"https:\/\/iwell-guard.com\/sk\/wp-json\/wp\/v2\/pages\/158118\/revisions"}],"wp:featuredmedia":[{"embeddable":true,"href":"https:\/\/iwell-guard.com\/sk\/wp-json\/wp\/v2\/media\/3436"}],"wp:attachment":[{"href":"https:\/\/iwell-guard.com\/sk\/wp-json\/wp\/v2\/media?parent=158118"}],"wp:term":[{"taxonomy":"category","embeddable":true,"href":"https:\/\/iwell-guard.com\/sk\/wp-json\/wp\/v2\/categories?post=158118"}],"curies":[{"name":"wp","href":"https:\/\/api.w.org\/{rel}","templated":true}]}}