{"id":158096,"date":"2026-09-04T22:21:30","date_gmt":"2026-09-04T22:21:30","guid":{"rendered":"https:\/\/iwell-guard.com\/?page_id=158096"},"modified":"2026-09-04T22:51:06","modified_gmt":"2026-09-04T22:51:06","slug":"danu","status":"publish","type":"page","link":"https:\/\/iwell-guard.com\/sk\/danu\/","title":{"rendered":"Danu"},"content":{"rendered":"\t\t<div data-elementor-type=\"wp-page\" data-elementor-id=\"158096\" class=\"elementor elementor-158096 elementor-3047 elementor-bc-flex-widget\" data-elementor-post-type=\"page\">\n\t\t\t\t<div class=\"elementor-element elementor-element-42e41e0 e-flex e-con-boxed e-con e-parent\" data-id=\"42e41e0\" data-element_type=\"container\" data-e-type=\"container\" data-settings=\"{&quot;background_background&quot;:&quot;classic&quot;}\">\n\t\t\t\t\t<div class=\"e-con-inner\">\n\t\t<div class=\"elementor-element elementor-element-348661a e-flex e-con-boxed e-con e-child\" data-id=\"348661a\" data-element_type=\"container\" data-e-type=\"container\">\n\t\t\t\t\t<div class=\"e-con-inner\">\n\t\t<div class=\"elementor-element elementor-element-94fd562 e-con-full e-flex e-con e-child\" data-id=\"94fd562\" data-element_type=\"container\" data-e-type=\"container\">\n\t\t\t\t<div class=\"elementor-element elementor-element-3928093 elementor-widget elementor-widget-heading\" data-id=\"3928093\" data-element_type=\"widget\" data-e-type=\"widget\" data-widget_type=\"heading.default\">\n\t\t\t\t\t<h1 class=\"elementor-heading-title elementor-size-default\">Danu, matka bohy\u0148a Tuatha D\u00e9 Danann<\/h1>\t\t\t\t<\/div>\n\t\t\t\t<div class=\"elementor-element elementor-element-427c06f elementor-widget elementor-widget-text-editor\" data-id=\"427c06f\" data-element_type=\"widget\" data-e-type=\"widget\" data-widget_type=\"text-editor.default\">\n\t\t\t\t\t\t\t\t\t<p>Danu je matka bohy\u0148a Tuatha D\u00e9 Danann, m\u00fdtick\u00fdch bo\u017esk\u00fdch plemien \u00cdrska, a je pova\u017eovan\u00e1 za praotca ich rodu. Danu, vo waleskej trad\u00edcii Don, je v \u00edrskej <span class=\"iwg-fachbegriff\" data-tooltip=\"S\u00fahrn tradovan\u00fdch rozpr\u00e1van\u00ed o bohoch v danej kult\u00fare.\" tabindex=\"0\">mytol\u00f3gii<\/span> pova\u017eovan\u00e1 za menodarn\u00fa prapredky\u0148u Tuatha D\u00e9 Danann, \u00ab\u013eudu bohyne Danu\u00bb.<\/p><p>Napriek tomuto centr\u00e1lnemu postaveniu sa v zachovan\u00fdch textoch takmer nikdy neobjavuje ako akt\u00edvna postava, ale je zav\u00e1dzan\u00e1 takmer v\u00fdlu\u010dne genealogicky. Z religionistick\u00e9ho h\u013eadiska je vykladan\u00e1 ako odraz indoeur\u00f3pskej prapamatky a ako personifik\u00e1cia te\u010d\u00facej vody.<\/p>\t\t\t\t\t\t\t\t<\/div>\n\t\t\t\t<\/div>\n\t\t<div class=\"elementor-element elementor-element-d3d3855 e-con-full e-flex e-con e-parent\" data-id=\"d3d3855\" data-element_type=\"container\" data-e-type=\"container\">\n\t\t\t\t<div class=\"elementor-element elementor-element-3e1426b elementor-widget elementor-widget-html\" data-id=\"3e1426b\" data-element_type=\"widget\" data-e-type=\"widget\" data-widget_type=\"html.default\">\n\t\t\t\t\t<div class=\"iwg-pill-row\"><span class=\"iwg-klasse-badge\" tabindex=\"0\" data-tooltip=\"Boh \/ bohy\u0148a: Personifikovan\u00e1 najvy\u0161\u0161ia moc v pante\u00f3ne danej kult\u00fary, s jasne vymedzen\u00fdmi oblas\u0165ami p\u00f4sobnosti \u2014 sily pr\u00edrody, osud, vojna, plodnos\u0165. Uctievan\u00e1 prostredn\u00edctvom kultov, obet\u00ed a chr\u00e1mov\u00fdch in\u0161tit\u00faci\u00ed.\">Boh<\/span><a href=\"https:\/\/iwell-guard.com\/sk\/keltska\/\" class=\"iwg-kultur-badge\" tabindex=\"0\" data-tooltip=\"Keltsk\u00e9 n\u00e1bo\u017eenstvo z\u00e1padnej Eur\u00f3py a Britsk\u00fdch ostrovov, mytologicky dochovan\u00e9 prostredn\u00edctvom \u00edrsko-walesk\u00fdch textov.\">Keltsk\u00e1<\/a><\/div>\t\t\t\t<\/div>\n\t\t\t\t<\/div>\n\t\t<div class=\"elementor-element elementor-element-8d73214 e-con-full e-flex e-con e-child\" data-id=\"8d73214\" data-element_type=\"container\" data-e-type=\"container\">\n\t\t\t\t<div class=\"elementor-element elementor-element-a4a4ee3 elementor-toc--minimized-on-tablet elementor-widget elementor-widget-table-of-contents\" data-id=\"a4a4ee3\" data-element_type=\"widget\" data-e-type=\"widget\" data-settings=\"{&quot;exclude_headings_by_selector&quot;:[],&quot;no_headings_message&quot;:&quot;Na tejto str\\u00e1nke sa nena\\u0161li \\u017eiadne nadpisy.&quot;,&quot;headings_by_tags&quot;:[&quot;h2&quot;,&quot;h3&quot;],&quot;marker_view&quot;:&quot;bullets&quot;,&quot;icon&quot;:{&quot;value&quot;:&quot;fas fa-circle&quot;,&quot;library&quot;:&quot;fa-solid&quot;,&quot;rendered_tag&quot;:&quot;&lt;svg class=\\&quot;e-font-icon-svg e-fas-circle\\&quot; viewBox=\\&quot;0 0 512 512\\&quot; xmlns=\\&quot;http:\\\/\\\/www.w3.org\\\/2000\\\/svg\\&quot;&gt;&lt;path d=\\&quot;M256 8C119 8 8 119 8 256s111 248 248 248 248-111 248-248S393 8 256 8z\\&quot;&gt;&lt;\\\/path&gt;&lt;\\\/svg&gt;&quot;},&quot;minimize_box&quot;:&quot;yes&quot;,&quot;minimized_on&quot;:&quot;tablet&quot;,&quot;hierarchical_view&quot;:&quot;yes&quot;,&quot;min_height&quot;:{&quot;unit&quot;:&quot;px&quot;,&quot;size&quot;:&quot;&quot;,&quot;sizes&quot;:[]},&quot;min_height_tablet&quot;:{&quot;unit&quot;:&quot;px&quot;,&quot;size&quot;:&quot;&quot;,&quot;sizes&quot;:[]},&quot;min_height_mobile&quot;:{&quot;unit&quot;:&quot;px&quot;,&quot;size&quot;:&quot;&quot;,&quot;sizes&quot;:[]}}\" data-widget_type=\"table-of-contents.default\">\n\t\t\t\t\t\t\t\t\t<div class=\"elementor-toc__header\">\n\t\t\t\t\t\t<h2 class=\"elementor-toc__header-title\">\n\t\t\t\tObsah\t\t\t<\/h2>\n\t\t\t\t\t\t\t\t\t\t<div class=\"elementor-toc__toggle-button elementor-toc__toggle-button--expand\" role=\"button\" tabindex=\"0\" aria-controls=\"elementor-toc__a4a4ee3\" aria-expanded=\"true\" aria-label=\"Open table of contents\"><svg aria-hidden=\"true\" class=\"e-font-icon-svg e-fas-chevron-down\" viewBox=\"0 0 448 512\" xmlns=\"http:\/\/www.w3.org\/2000\/svg\"><path d=\"M207.029 381.476L12.686 187.132c-9.373-9.373-9.373-24.569 0-33.941l22.667-22.667c9.357-9.357 24.522-9.375 33.901-.04L224 284.505l154.745-154.021c9.379-9.335 24.544-9.317 33.901.04l22.667 22.667c9.373 9.373 9.373 24.569 0 33.941L240.971 381.476c-9.373 9.372-24.569 9.372-33.942 0z\"><\/path><\/svg><\/div>\n\t\t\t\t<div class=\"elementor-toc__toggle-button elementor-toc__toggle-button--collapse\" role=\"button\" tabindex=\"0\" aria-controls=\"elementor-toc__a4a4ee3\" aria-expanded=\"true\" aria-label=\"Close table of contents\"><svg aria-hidden=\"true\" class=\"e-font-icon-svg e-fas-chevron-up\" viewBox=\"0 0 448 512\" xmlns=\"http:\/\/www.w3.org\/2000\/svg\"><path d=\"M240.971 130.524l194.343 194.343c9.373 9.373 9.373 24.569 0 33.941l-22.667 22.667c-9.357 9.357-24.522 9.375-33.901.04L224 227.495 69.255 381.516c-9.379 9.335-24.544 9.317-33.901-.04l-22.667-22.667c-9.373-9.373-9.373-24.569 0-33.941L207.03 130.525c9.372-9.373 24.568-9.373 33.941-.001z\"><\/path><\/svg><\/div>\n\t\t\t\t\t<\/div>\n\t\t\t\t<div id=\"elementor-toc__a4a4ee3\" class=\"elementor-toc__body\">\n\t\t\t<div class=\"elementor-toc__spinner-container\">\n\t\t\t\t<svg class=\"elementor-toc__spinner eicon-animation-spin e-font-icon-svg e-eicon-loading\" aria-hidden=\"true\" viewBox=\"0 0 1000 1000\" xmlns=\"http:\/\/www.w3.org\/2000\/svg\"><path d=\"M500 975V858C696 858 858 696 858 500S696 142 500 142 142 304 142 500H25C25 237 238 25 500 25S975 237 975 500 763 975 500 975Z\"><\/path><\/svg>\t\t\t<\/div>\n\t\t<\/div>\n\t\t\t\t\t\t<\/div>\n\t\t\t\t<\/div>\n\t\t\t\t\t<\/div>\n\t\t\t\t<\/div>\n\t\t<div class=\"elementor-element elementor-element-70ec0c0 e-con-full e-flex e-con e-child\" data-id=\"70ec0c0\" data-element_type=\"container\" data-e-type=\"container\">\n\t\t\t\t<div class=\"elementor-element elementor-element-f716535 iwg-hero-image elementor-widget elementor-widget-image\" data-id=\"f716535\" data-element_type=\"widget\" data-e-type=\"widget\" data-widget_type=\"image.default\">\n\t\t\t\t\t\t\t\t\t\t\t\t\t\t\t<img fetchpriority=\"high\" decoding=\"async\" width=\"683\" height=\"1024\" src=\"https:\/\/iwell-guard.com\/wp-content\/uploads\/2026\/05\/goetter_keltisch_danu-683x1024.webp\" class=\"attachment-large size-large wp-image-159705\" alt=\"Danu - bohovia z keltskej trad\u00edcie, historicko-ilustra\u010dn\u00e9\" srcset=\"https:\/\/iwell-guard.com\/wp-content\/uploads\/2026\/05\/goetter_keltisch_danu-683x1024.webp 683w, https:\/\/iwell-guard.com\/wp-content\/uploads\/2026\/05\/goetter_keltisch_danu-200x300.webp 200w, https:\/\/iwell-guard.com\/wp-content\/uploads\/2026\/05\/goetter_keltisch_danu-768x1152.webp 768w, https:\/\/iwell-guard.com\/wp-content\/uploads\/2026\/05\/goetter_keltisch_danu.webp 1024w\" sizes=\"(max-width: 683px) 100vw, 683px\" \/>\t\t\t\t\t\t\t\t\t\t\t\t\t\t\t<\/div>\n\t\t\t\t<\/div>\n\t\t\t\t\t<\/div>\n\t\t\t\t<\/div>\n\t\t<div class=\"elementor-element elementor-element-cce5bde e-con-boxed e-flex e-con e-parent\" data-id=\"cce5bde\" data-element_type=\"container\" data-e-type=\"container\">\n\t\t\t\t\t<div class=\"e-con-inner\">\n\t\t<div class=\"elementor-element elementor-element-ab927f7 e-con-full e-flex e-con e-child\" data-id=\"ab927f7\" data-element_type=\"container\" data-e-type=\"container\">\n\t\t\t\t<div class=\"elementor-element elementor-element-e28a2cb elementor-widget elementor-widget-heading\" data-id=\"e28a2cb\" data-element_type=\"widget\" data-e-type=\"widget\" data-widget_type=\"heading.default\">\n\t\t\t\t\t<h2 class=\"elementor-heading-title elementor-size-default\">Stav pramenov a etymol\u00f3gia mena<\/h2>\t\t\t\t<\/div>\n\t\t\t\t<div class=\"elementor-element elementor-element-68a2d8a elementor-widget elementor-widget-text-editor\" data-id=\"68a2d8a\" data-element_type=\"widget\" data-e-type=\"widget\" data-widget_type=\"text-editor.default\">\n\t\t\t\t\t\t\t\t\t<p>Najstar\u0161ie doklady o Danu poch\u00e1dzaj\u00fa zo stredovek\u00fdch \u00edrskych zborn\u00edkov\u00fdch rukopisov, predov\u0161etk\u00fdm z \u00abLebor Gab\u00e1la \u00c9renn\u00bb (Knihy o zabrat\u00ed \u00cdrska, 11. storo\u010die) a z genealogick\u00fdch trakt\u00e1tov kr\u00e1\u013eovsk\u00fdch zoznamov.<\/p><p>Aj v \u00abDindshenchas\u00bb, rozpr\u00e1vaniach o p\u00f4vode n\u00e1zvov miest, sa sporadicky objavuje ako matka vrchov \u00abDa Ch\u00edch Anann\u00bb v gr\u00f3fstve Kerry. Vo waleskom s\u00fabore \u0161tyroch vetiev \u00abMabinogion\u00bb vystupuje pod menom Don porovnate\u013en\u00e1 prapredky\u0148a, ktorej deti Gwydion, Arianrhod a Gilfaethwy s\u00fa v pr\u00edbehoch akt\u00edvne.<\/p>\n\n<p>Meno Danu sa odvodzuje od indoeur\u00f3pskeho kore\u0148a *d\u0101nu-, ktor\u00fd znamen\u00e1 \u00abrieka, te\u010d\u00faca voda\u00bb. Ten ist\u00fd kore\u0148 je z\u00e1kladom n\u00e1zvov riek Dunaj, Don, Dneper a Dnester.<\/p><p>Bernhard Maier vo svojej knihe \u00abReligion der Kelten\u00bb (2001) upozor\u0148uje, \u017ee stoto\u017enenie s v\u00e9dskou bohy\u0148ou vody Danu nie je nevyhnutn\u00e9, ale diskutuje sa o \u0148om ako o d\u00f4kaze indoeur\u00f3pskeho dedi\u010dstva. Wolfgang Meid zd\u00f4raz\u0148uje, \u017ee doklady o kontinent\u00e1lnokeltskej bohyni Danu zost\u00e1vaj\u00fa slab\u00e9 a rekon\u0161truuj\u00fa sa najm\u00e4 z epigraficky dosved\u010den\u00fdch teonymov ako Anu.<\/p>\t\t\t\t\t\t\t\t<\/div>\n\t\t\t\t<\/div>\n\t\t<div class=\"elementor-element elementor-element-6f6b27b e-con-full e-flex e-con e-child\" data-id=\"6f6b27b\" data-element_type=\"container\" data-e-type=\"container\">\n\t\t\t\t<div class=\"elementor-element elementor-element-eedb25a elementor-widget elementor-widget-heading\" data-id=\"eedb25a\" data-element_type=\"widget\" data-e-type=\"widget\" data-widget_type=\"heading.default\">\n\t\t\t\t\t<h2 class=\"elementor-heading-title elementor-size-default\">Postavenie medzi Tuatha D\u00e9 Danann<\/h2>\t\t\t\t<\/div>\n\t\t\t\t<div class=\"elementor-element elementor-element-bbd8bc3 elementor-widget elementor-widget-text-editor\" data-id=\"bbd8bc3\" data-element_type=\"widget\" data-e-type=\"widget\" data-widget_type=\"text-editor.default\">\n\t\t\t\t\t\t\t\t\t<p>V \u00abLebor Gab\u00e1la \u00c9renn\u00bb prich\u00e1dzaj\u00fa Tuatha D\u00e9 Danann do \u00cdrska ako \u0161tvrt\u00e1 m\u00fdtick\u00e1 vlna pris\u0165ahovalcov po tom, \u010do boli porazen\u00ed obri Fomori. S\u00fa pova\u017eovan\u00ed za \u00abbo\u017esk\u00e9 deti\u00bb v pravom zmysle slova. Danu vystupuje ako ich prapredky\u0148a, hoci o nej nie je dochovan\u00e9 \u017eiadne vlastn\u00e9 rozpr\u00e1vanie o stvoren\u00ed.<\/p><p>Pod\u013ea genealogickej trad\u00edcie s\u00fa jej najv\u00fdznamnej\u0161\u00edmi synmi Brian, Iuchar a Iucharba, \u00abtraja bohovia zru\u010dnosti\u00bb. V in\u00fdch trakt\u00e1toch je Dagda, \u00abdobr\u00fd boh\u00bb, uv\u00e1dzan\u00fd ako jej syn alebo brat; pramene sa tu l\u00ed\u0161ia.<\/p>\n\n<p>Marie-Louise Sjoestedt vo svojej knihe \u00abDieux et h\u00e9ros des Celtes\u00bb (1940) formulovala, \u017ee Danu nie je rozpr\u00e1vaj\u00facou postavou, ale genealogick\u00fdm princ\u00edpom, ktor\u00fd vyjadruje jednotu bo\u017esk\u00e9ho rodu.<\/p><p>John Carey vo svojich pr\u00e1cach o \u00edrskej <span class=\"iwg-fachbegriff\" data-tooltip=\"S\u00fahrn tradovan\u00fdch rozpr\u00e1van\u00ed o bohoch v danej kult\u00fare.\" tabindex=\"0\">mytol\u00f3gii<\/span> zd\u00f4raznil, \u017ee Danu sa nesmie stoto\u017e\u0148ova\u0165 s neskor\u0161ou sv\u00e4tou Annou ani s Brigid, hoci \u013eudov\u00e1 trad\u00edcia a romantick\u00e1 recepcia tieto s\u00favislosti opakovane vytv\u00e1rali.<\/p>\t\t\t\t\t\t\t\t<\/div>\n\t\t\t\t<\/div>\n\t\t<div class=\"elementor-element elementor-element-a525907 e-con-full e-flex e-con e-child\" data-id=\"a525907\" data-element_type=\"container\" data-e-type=\"container\">\n\t\t\t\t<div class=\"elementor-element elementor-element-5477536 elementor-widget elementor-widget-heading\" data-id=\"5477536\" data-element_type=\"widget\" data-e-type=\"widget\" data-widget_type=\"heading.default\">\n\t\t\t\t\t<h2 class=\"elementor-heading-title elementor-size-default\">Walesk\u00fd ekvivalent Don<\/h2>\t\t\t\t<\/div>\n\t\t\t\t<div class=\"elementor-element elementor-element-4999e7c elementor-widget elementor-widget-text-editor\" data-id=\"4999e7c\" data-element_type=\"widget\" data-e-type=\"widget\" data-widget_type=\"text-editor.default\">\n\t\t\t\t\t\t\t\t\t<p>V \u00ab\u0160tyroch vetv\u00e1ch Mabinogi\u00bb, ktor\u00fdch najstar\u0161\u00ed rukopis poch\u00e1dza zo 14. storo\u010dia, vystupuje Don ako matka mocnej bo\u017eskej rodiny. Jej de\u0165mi s\u00fa Gwydion, \u013estiv\u00fd \u010darodej, Arianrhod, kozmick\u00e1 \u017eena striebornej kolesa, Gilfaethwy a Govannon, kov\u00e1\u010d.<\/p><p>Don sama nem\u00e1 vlastn\u00e9 rozpr\u00e1vanie. \u0160truktur\u00e1lnu paralelu k \u00edrskej Danu podrobne rozobrala Miranda Aldhouse-Green v \u00abCeltic Goddesses\u00bb (1995). Obe postavy predstavuj\u00fa \u00abbo\u017esk\u00fa stranu\u00bb bin\u00e1rneho mytologick\u00e9ho syst\u00e9mu, v ktorom druh\u00fa stranu obsadzuje obrovsk\u00fd, \u010dasto chaotick\u00fd rod.<\/p>\n\n<p>Helmut Birkhan v knihe \u00abKelten\u00bb (1997) upozor\u0148uje, \u017ee walesk\u00e1 Don sa v neskor\u0161\u00edch textoch ob\u010das zamie\u0148a s biblick\u00fdm kr\u00e1\u013eom Don alebo s Mathonwym a jednozna\u010dne ju mo\u017eno identifikova\u0165 ako \u017eensk\u00fa prapredky\u0148u iba na z\u00e1klade kr\u00ed\u017eov\u00fdch odkazov. Predpoklad p\u00f4vodnej spolo\u010dnej \u00abostrovnokeltskej\u00bb matky bohyne sa opiera o \u0161truktur\u00e1lnu, nie textov\u00fa zhodu.<\/p>\t\t\t\t\t\t\t\t<\/div>\n\t\t\t\t<\/div>\n\t\t<div class=\"elementor-element elementor-element-f70a6ca e-con-full e-flex e-con e-child\" data-id=\"f70a6ca\" data-element_type=\"container\" data-e-type=\"container\">\n\t\t\t\t<div class=\"elementor-element elementor-element-377b0d1 elementor-widget elementor-widget-heading\" data-id=\"377b0d1\" data-element_type=\"widget\" data-e-type=\"widget\" data-widget_type=\"heading.default\">\n\t\t\t\t\t<h2 class=\"elementor-heading-title elementor-size-default\">Anu, Ana a \u00edrska \u013eudov\u00e1 trad\u00edcia<\/h2>\t\t\t\t<\/div>\n\t\t\t\t<div class=\"elementor-element elementor-element-804151f elementor-widget elementor-widget-text-editor\" data-id=\"804151f\" data-element_type=\"widget\" data-e-type=\"widget\" data-widget_type=\"text-editor.default\">\n\t\t\t\t\t\t\t\t\t<p>Popri Danu pozn\u00e1 \u00edrska trad\u00edcia bohy\u0148u Anu alebo Anu, ktor\u00e1 je v \u00abSanas Cormaic\u00bb (Cormacovom glos\u00e1ri, 10. storo\u010die) ozna\u010den\u00e1 ako \u00abmatka \u00edrskych bohov\u00bb.<\/p><p>\u010ci s\u00fa Anu a Danu dvoma menami tej istej postavy, alebo p\u00f4vodne oddelen\u00fdmi bytos\u0165ami, je vo v\u00fdskume sporn\u00e9. Dva v\u00fdrazn\u00e9 vrchy v gr\u00f3fstve Kerry, \u00abPrsn\u00edky Anu\u00bb (\u00abDa Ch\u00edch Anann\u00bb), nazna\u010duj\u00fa konkr\u00e9tnu viazanos\u0165 Anu na krajinu, ktor\u00e1 pri Danu ch\u00fdba.<\/p>\n\n<p>V neskor\u0161ej <span class=\"iwg-fachbegriff\" data-tooltip=\"N\u00e1bo\u017eenskos\u0165 \u017eit\u00e1 v ka\u017edodennom \u017eivote, \u010dasto popri ofici\u00e1lnej n\u00e1uke.\" tabindex=\"0\">\u013eudovej religiozite<\/span> sa Anu spojila so sv\u00e4tou Annou, matkou M\u00e1rie, \u010do Bernhard Maier popisuje ako typick\u00fd pr\u00edklad christianiz\u00e1cie \u017eensk\u00fdch miestnych bo\u017estiev v \u00cdrsku.<\/p><p>Sveteln\u00e1 postava zvan\u00e1 \u00ab\u00c1ine\u00bb z Munsteru, sp\u00e1jan\u00e1 so slnkom a plodnos\u0165ou, sa ob\u010das vyklad\u00e1 ako neskor\u0161ia lokaliz\u00e1cia Anu, ale John Carey pova\u017euje toto stoto\u017enenie za nedostato\u010dne dolo\u017een\u00e9.<\/p>\t\t\t\t\t\t\t\t<\/div>\n\t\t\t\t<\/div>\n\t\t<div class=\"elementor-element elementor-element-2f3611c e-con-full e-flex e-con e-child\" data-id=\"2f3611c\" data-element_type=\"container\" data-e-type=\"container\">\n\t\t\t\t<div class=\"elementor-element elementor-element-cb17709 elementor-widget elementor-widget-heading\" data-id=\"cb17709\" data-element_type=\"widget\" data-e-type=\"widget\" data-widget_type=\"heading.default\">\n\t\t\t\t\t<h2 class=\"elementor-heading-title elementor-size-default\">Kontinent\u00e1lnokeltsk\u00e9 s\u00favislosti<\/h2>\t\t\t\t<\/div>\n\t\t\t\t<div class=\"elementor-element elementor-element-730508b elementor-widget elementor-widget-text-editor\" data-id=\"730508b\" data-element_type=\"widget\" data-e-type=\"widget\" data-widget_type=\"text-editor.default\">\n\t\t\t\t\t\t\t\t\t<p>Na kontinente s\u00fa \u017eensk\u00e9 bo\u017estva s podobn\u00fdmi funkciami dostupn\u00e9 najm\u00e4 prostredn\u00edctvom n\u00e1pisov a v\u00fdtvarn\u00fdch diel. Bohyne matky, naz\u00fdvan\u00e9 \u201eMatres\u201c alebo \u201eMatronae\u201c, sa v r\u00fdnskej oblasti \u010dasto zobrazuj\u00fa ako trojica a s\u00fa sp\u00e1jan\u00e9 s hojnos\u0165ou, plodnos\u0165ou a lok\u00e1lnou ochranou.<\/p><p>Priamy <span class=\"iwg-fachbegriff\" data-tooltip=\"Text vyryt\u00fd alebo vytesan\u00fd do pevn\u00e9ho podkladu.\" tabindex=\"0\">n\u00e1pis<\/span>, ktor\u00fd by menoval bohy\u0148u Danu, sa na kontinente doteraz jednozna\u010dne nepodarilo identifikova\u0165. Caesar v diele \u201eDe bello Gallico\u201c (VI, 17) uv\u00e1dza s\u00edce viacero galsk\u00fdch bo\u017estiev, d\u00f4sledne im v\u0161ak prira\u010fuje r\u00edmske men\u00e1, tak\u017ee identifik\u00e1cia Danu v jeho <span class=\"iwg-fachbegriff\" data-tooltip=\"S\u00fabor bohov ur\u010dit\u00e9ho n\u00e1bo\u017eenstva alebo kult\u00fary.\" tabindex=\"0\">pante\u00f3ne<\/span> nie je mo\u017en\u00e1.<\/p>\n\n<p>Diodor Sic\u00edlsky zaznamen\u00e1va etnografick\u00e9 poznatky o galsk\u00fdch kultov\u00fdch praktik\u00e1ch, no o \u017eiadnej porovnate\u013enej pravej matke sa nezmie\u0148uje. Odkaz na n\u00e1zov rieky Dunaj zost\u00e1va najd\u00f4le\u017eitej\u0161\u00edm indik\u00e1torom toho, \u017ee meno Danu bolo roz\u0161\u00edren\u00e9 v \u0161irokom geografickom p\u00e1sme, hoci z toho nemo\u017eno vyvodi\u0165 existenciu jednotn\u00e9ho <span class=\"iwg-fachbegriff\" data-tooltip=\"S\u00fabor n\u00e1bo\u017eensk\u00fdch \u00factov\u00fdch prakt\u00edk vo\u010di bo\u017estvu alebo sv\u00e4tej postave.\" tabindex=\"0\">kultu<\/span>.<\/p>\t\t\t\t\t\t\t\t<\/div>\n\t\t\t\t<\/div>\n\t\t<div class=\"elementor-element elementor-element-b93f02b e-con-full e-flex e-con e-child\" data-id=\"b93f02b\" data-element_type=\"container\" data-e-type=\"container\">\n\t\t\t\t<div class=\"elementor-element elementor-element-0728b73 elementor-widget elementor-widget-heading\" data-id=\"0728b73\" data-element_type=\"widget\" data-e-type=\"widget\" data-widget_type=\"heading.default\">\n\t\t\t\t\t<h2 class=\"elementor-heading-title elementor-size-default\">Funk\u010dn\u00fd profil a religionistick\u00e9 zaradenie<\/h2>\t\t\t\t<\/div>\n\t\t\t\t<div class=\"elementor-element elementor-element-4b28d1e elementor-widget elementor-widget-text-editor\" data-id=\"4b28d1e\" data-element_type=\"widget\" data-e-type=\"widget\" data-widget_type=\"text-editor.default\">\n\t\t\t\t\t\t\t\t\t<p>Z dostupn\u00fdch prame\u0148ov mo\u017eno Danu op\u00edsa\u0165 predov\u0161etk\u00fdm ako kme\u0148ov\u00fa a prahov\u00fa bohy\u0148u. Je matkou bo\u017esk\u00e9ho rodu, sama v\u0161ak nevystupuje ako akt\u00edvna hrdinka. T\u00fdm sa zara\u010fuje do radu boh\u00fd\u0148 ako gr\u00e9cka Gaia, r\u00edmska Terra Mater alebo seversk\u00e1 Bestla, ktor\u00e9 tvoria genealogick\u00fd uzlov\u00fd bod, ale nezohr\u00e1vaj\u00fa hlavn\u00fa rozpr\u00e1va\u010dsk\u00fa \u00falohu.<\/p>\n\n<p>Spojenie s vodou, najm\u00e4 s prame\u0148mi a riekami, Geoffrey z Monmouthu vo svojich \u00faprav\u00e1ch britsk\u00fdch poves\u0165ov\u00fdch l\u00e1tok osobitne nespracoval, neskor\u0161ia recepcia ho v\u0161ak \u010falej rozvinula.<\/p><p>Marija Gimbutasov\u00e1 v 70. rokoch 20. storo\u010dia zaradila Danu ako pr\u00edklad predindoeur\u00f3pskeho bo\u017estva zeme-matky; tento v\u00fdklad sa dnes pova\u017euje za prekonan\u00fd. S\u00fa\u010dasn\u00e9 keltologick\u00e9 pr\u00e1ce zd\u00f4raz\u0148uj\u00fa indoeur\u00f3psky p\u00f4vod a fragment\u00e1rnos\u0165 <span class=\"iwg-fachbegriff\" data-tooltip=\"Odovzd\u00e1vanie vedomost\u00ed a rozpr\u00e1van\u00ed z gener\u00e1cie na gener\u00e1ciu.\" tabindex=\"0\">trad\u00edcie<\/span>.<\/p>\t\t\t\t\t\t\t\t<\/div>\n\t\t\t\t<\/div>\n\t\t<div class=\"elementor-element elementor-element-c732946 e-con-full e-flex e-con e-child\" data-id=\"c732946\" data-element_type=\"container\" data-e-type=\"container\">\n\t\t\t\t<div class=\"elementor-element elementor-element-6ca7d6d elementor-widget elementor-widget-heading\" data-id=\"6ca7d6d\" data-element_type=\"widget\" data-e-type=\"widget\" data-widget_type=\"heading.default\">\n\t\t\t\t\t<h2 class=\"elementor-heading-title elementor-size-default\">Recepcia v novopohanstve a popkult\u00fare<\/h2>\t\t\t\t<\/div>\n\t\t\t\t<div class=\"elementor-element elementor-element-ee9a780 elementor-widget elementor-widget-text-editor\" data-id=\"ee9a780\" data-element_type=\"widget\" data-e-type=\"widget\" data-widget_type=\"text-editor.default\">\n\t\t\t\t\t\t\t\t\t<p>V novopohansk\u00fdch a novodruidsk\u00fdch hnutiach od konca 20. storo\u010dia sa Danu stala centr\u00e1lnou postavou, ktor\u00e1 je vz\u00fdvan\u00e1 ako matka zeme, kme\u0148ov\u00e1 bohy\u0148a alebo kozmick\u00fd prame\u0148.<\/p><p>Rekon\u0161trukcia sa pritom opiera sk\u00f4r o obraz starobyl\u00e9ho \u017eensk\u00e9ho bo\u017estva zeme, ktor\u00fd na\u010drtli v\u00fdskumn\u00edci ako Marija Gimbutasov\u00e1, ne\u017e o stredovek\u00e9 prameny. Helmut Birkhan t\u00fato vzdialenos\u0165 medzi poznatkami z prame\u0148ov a modernou \u00factovou praxou opakovane kriticky pouk\u00e1zal.<\/p>\n\n<p>Vo fantasy literat\u00fare, napr\u00edklad u Marion Zimmer Bradleyovej alebo Juliet Marillierovej, sa Danu st\u00e1va pozadovou postavou celkovo feministicky laden\u00e9ho obrazu Keltov. V\u00fdskum modernej recepcie Keltov, predlo\u017een\u00fd okrem in\u00fdch Marion Bowmanovou, zara\u010fuje t\u00fato trad\u00edciu ako samostatn\u00e9 n\u00e1bo\u017eensk\u00e9 hnutie, ktor\u00e9 je s historick\u00fdmi keltsk\u00fdmi n\u00e1bo\u017eenstvami spojen\u00e9 len \u010diasto\u010dne.<\/p>\t\t\t\t\t\t\t\t<\/div>\n\t\t\t\t<\/div>\n\t\t<div class=\"elementor-element elementor-element-946a3e5 e-con-full e-flex e-con e-child\" data-id=\"946a3e5\" data-element_type=\"container\" data-e-type=\"container\">\n\t\t\t\t<div class=\"elementor-element elementor-element-0be96cf elementor-widget elementor-widget-heading\" data-id=\"0be96cf\" data-element_type=\"widget\" data-e-type=\"widget\" data-widget_type=\"heading.default\">\n\t\t\t\t\t<h2 class=\"elementor-heading-title elementor-size-default\">Stav v\u00fdskumu a otvoren\u00e9 ot\u00e1zky<\/h2>\t\t\t\t<\/div>\n\t\t\t\t<div class=\"elementor-element elementor-element-fddb4bc elementor-widget elementor-widget-text-editor\" data-id=\"fddb4bc\" data-element_type=\"widget\" data-e-type=\"widget\" data-widget_type=\"text-editor.default\">\n\t\t\t\t\t\t\t\t\t<p>\u00dastrednou otvorenou ot\u00e1zkou zost\u00e1va, \u010di bola Danu samostatnou bohy\u0148ou s akt\u00edvnym <span class=\"iwg-fachbegriff\" data-tooltip=\"S\u00fabor n\u00e1bo\u017eensk\u00fdch \u00factov\u00fdch prakt\u00edk vo\u010di bo\u017estvu alebo sv\u00e4tej postave.\" tabindex=\"0\">kultom<\/span>, alebo jej meno plnilo najm\u00e4 genealogick\u00fa funkciu.<\/p><p>Bernhard Maier, John Carey a Helmut Birkhan sa prikl\u00e1\u0148aj\u00fa k druh\u00e9mu v\u00fdkladu a akt\u00edvny <span class=\"iwg-fachbegriff\" data-tooltip=\"S\u00fabor n\u00e1bo\u017eensk\u00fdch \u00factov\u00fdch prakt\u00edk vo\u010di bo\u017estvu alebo sv\u00e4tej postave.\" tabindex=\"0\">kult<\/span> vidia sk\u00f4r pri lok\u00e1lnych postav\u00e1ch ako Anu, Brigid alebo Matronae. Wolfgang Meid pova\u017euje pramenn\u00fa z\u00e1klad\u0148u za tak slab\u00fa, \u017ee definit\u00edvne rozhodnutie nie je mo\u017en\u00e9.<\/p>\n\n<p>Archeologick\u00fd v\u00fdskum doteraz jednozna\u010dne neidentifikoval \u017eiadnu sv\u00e4ty\u0148u, ktor\u00fa by bolo mo\u017en\u00e9 ozna\u010di\u0165 za <span class=\"iwg-fachbegriff\" data-tooltip=\"Stavba sl\u00fa\u017eiaca na uctievanie jedn\u00e9ho alebo viacer\u00fdch bo\u017estiev.\" tabindex=\"0\">chr\u00e1m<\/span> Danu. Ch\u00fdbaj\u00fa aj n\u00e1pisy uv\u00e1dzaj\u00face jej meno.<\/p><p>Diskusia tak zost\u00e1va viazan\u00e1 na text a opiera sa o nieko\u013eko stredovek\u00fdch miest, ktor\u00fdch historick\u00e1 v\u00fdpovedn\u00e1 hodnota pre predkres\u0165ansk\u00e9 n\u00e1bo\u017eensk\u00e9 dejiny je sporn\u00e1. Pre dejiny recepcie je v\u0161ak Danu mimoriadne produkt\u00edvnou postavou, ktor\u00e1 p\u00f4sob\u00ed dodnes medzi v\u00fdskumom, \u013eudovou trad\u00edciou a modern\u00fdm novopohanstvom.<\/p>\t\t\t\t\t\t\t\t<\/div>\n\t\t\t\t<\/div>\n\t\t<div class=\"elementor-element elementor-element-02749a1 e-con-full e-flex e-con e-child\" data-id=\"02749a1\" data-element_type=\"container\" data-e-type=\"container\">\n\t\t\t\t<div class=\"elementor-element elementor-element-33ee40a elementor-widget elementor-widget-heading\" data-id=\"33ee40a\" data-element_type=\"widget\" data-e-type=\"widget\" data-widget_type=\"heading.default\">\n\t\t\t\t\t<h2 class=\"elementor-heading-title elementor-size-default\">Indoeur\u00f3pska komparat\u00edvna mytol\u00f3gia<\/h2>\t\t\t\t<\/div>\n\t\t\t\t<div class=\"elementor-element elementor-element-3b3f7cb elementor-widget elementor-widget-text-editor\" data-id=\"3b3f7cb\" data-element_type=\"widget\" data-e-type=\"widget\" data-widget_type=\"text-editor.default\">\n\t\t\t\t\t\t\t\t\t<p>Indoeur\u00f3pska komparat\u00edvna mytol\u00f3gia opakovane porovn\u00e1vala Danu s in\u00fdmi kme\u0148ov\u00fdmi bohy\u0148ami z pr\u00edbuzn\u00fdch trad\u00edci\u00ed. V Rigv\u00e9de sa objavuje bohy\u0148a D\u0101nu, ktorej syn Vritra padne v kozmogonickom boji s drakom proti Indrovi. Tu v\u0161ak D\u0101nu nie je pravou matkou bohov, ale matkou Asurov, skupiny protivn\u00edkov.<\/p><p>Paralela tak zost\u00e1va iba na \u00farovni mena. Calvert Watkins v diele \u201eHow to Kill a Dragon\u201c (1995) indoeur\u00f3psky rekon\u0161truoval typ boja s drakom, bez toho, aby do tejto l\u00ednie zaradil \u00edrsku Danu. Priamu funk\u010dn\u00fa zhodu nie je mo\u017en\u00e9 preuk\u00e1za\u0165.<\/p>\n\n<p>V r\u00e1mci indoeur\u00f3pskych vodn\u00fdch bo\u017estiev mo\u017eno pomenova\u0165 \u0161truktur\u00e1lne s\u00favislosti so slovanskou Moko\u0161ou, baltskou \u017demynou a germ\u00e1nskou Nerthus, ako to vo svojich komparat\u00edvnych pr\u00e1cach vypracovala Anna-Birgitta Rooth.<\/p><p>Spojenie s prame\u0148om, so zemou zviazanou matkou a s kozmick\u00fdm vodn\u00fdm bo\u017estvom je v ka\u017edom z t\u00fdchto pr\u00edpadov inak v\u00e1\u017een\u00e9, tak\u017ee o jednotnej \u201eVe\u013ekej bohyni\u201c mo\u017eno hovori\u0165 len ako o v\u00fdskumnom kon\u0161trukte.<\/p><p>S\u00fa\u010dasn\u00e9 pr\u00e1ce o indoeur\u00f3pskych n\u00e1bo\u017eensk\u00fdch dejin\u00e1ch, napr\u00edklad Martina L. Westa (\u201eIndo-European Poetry and Myth\u201c, 2007), pova\u017euj\u00fa Danu za pravdepodobn\u00fa, ale z h\u013eadiska rekon\u0161trukcie slabo dolo\u017een\u00fa postavu.<\/p>\t\t\t\t\t\t\t\t<\/div>\n\t\t\t\t<\/div>\n\t\t<div class=\"elementor-element elementor-element-2e1207b e-con-full e-flex e-con e-child\" data-id=\"2e1207b\" data-element_type=\"container\" data-e-type=\"container\">\n\t\t\t\t<div class=\"elementor-element elementor-element-866bcd0 elementor-widget elementor-widget-heading\" data-id=\"866bcd0\" data-element_type=\"widget\" data-e-type=\"widget\" data-widget_type=\"heading.default\">\n\t\t\t\t\t<h2 class=\"elementor-heading-title elementor-size-default\">Archeologick\u00e9 stopy<\/h2>\t\t\t\t<\/div>\n\t\t\t\t<div class=\"elementor-element elementor-element-6f247cd elementor-widget elementor-widget-text-editor\" data-id=\"6f247cd\" data-element_type=\"widget\" data-e-type=\"widget\" data-widget_type=\"text-editor.default\">\n\t\t\t\t\t\t\t\t\t<p>Archeologick\u00fd v\u00fdskum v \u00cdrsku doteraz neidentifikoval jednozna\u010dn\u00e9 sv\u00e4tyne, ktor\u00e9 by sa mohli sp\u00e1ja\u0165 s Danu. \u00abDa Ch\u00edch Anann\u00bb, v\u00fdrazn\u00e9 dvojit\u00e9 kopce v Kerry, s\u00fa hmatate\u013en\u00e9 ako krajinn\u00e1 pamiatka, ale nes\u00fa meno Anu, nie Danu.<\/p><p>V\u00fdskum Ronalda Huttona (\u00abThe <span class=\"iwg-fachbegriff\" data-tooltip=\"Rovnozna\u010dn\u00e9 s pohansk\u00fd; patriaci k predkres\u0165ansk\u00e9mu n\u00e1bo\u017eenstvu.\" tabindex=\"0\">Pagan<\/span> Religions of the Ancient British Isles\u00bb, 1991) zd\u00f4raz\u0148uje, \u017ee prame\u0148e pre predkres\u0165ansk\u00e9 \u00edrske n\u00e1bo\u017eenstvo s\u00fa z archeologick\u00e9ho h\u013eadiska chudobn\u00e9 a najd\u00f4le\u017eitej\u0161ie inform\u00e1cie poch\u00e1dzaj\u00fa zo stredovek\u00fdch textov, ktor\u00e9 redigovali kres\u0165ansk\u00ed mn\u00edsi.<\/p>\n\n<p>N\u00e1pisov\u00e9 doklady pre \u00cdrsko takmer \u00faplne ch\u00fdbaj\u00fa, preto\u017ee ogamsk\u00e9 p\u00edsmo sa pou\u017e\u00edvalo takmer v\u00fdlu\u010dne na osobn\u00e9 men\u00e1.<\/p><p>Na kontinente niesli jednotliv\u00e9 pramenn\u00e9 n\u00e1pisy teonymick\u00e9 odkazy na vodn\u00e9 a pramenn\u00e9 bo\u017estv\u00e1, ktor\u00e9 modern\u00fd v\u00fdskum niekedy sp\u00e1ja s Danu, hoci jednozna\u010dn\u00e9 \u010d\u00edtanie nie je mo\u017en\u00e9. Danu tak zost\u00e1va predov\u0161etk\u00fdm textovo dochovanou postavou, ktorej hmotn\u00e9 stopy s\u00fa rekon\u0161trukt\u00edvne a nepriame.<\/p>\t\t\t\t\t\t\t\t<\/div>\n\t\t\t\t<\/div>\n\t\t<div class=\"elementor-element elementor-element-fa58d34 e-con-full e-flex e-con e-child\" data-id=\"fa58d34\" data-element_type=\"container\" data-e-type=\"container\">\n\t\t\t\t<div class=\"elementor-element elementor-element-aaf6c1e elementor-widget elementor-widget-heading\" data-id=\"aaf6c1e\" data-element_type=\"widget\" data-e-type=\"widget\" data-widget_type=\"heading.default\">\n\t\t\t\t\t<h2 class=\"elementor-heading-title elementor-size-default\">Hydronymia a indoeur\u00f3pske vodn\u00e9 dedi\u010dstvo<\/h2>\t\t\t\t<\/div>\n\t\t\t\t<div class=\"elementor-element elementor-element-17c9292 elementor-widget elementor-widget-text-editor\" data-id=\"17c9292\" data-element_type=\"widget\" data-e-type=\"widget\" data-widget_type=\"text-editor.default\">\n\t\t\t\t\t\t\t\t\t<p>Etymologick\u00fd vz\u0165ah mena Danu k indoeur\u00f3pskemu vodn\u00e9mu kore\u0148u *deh\u2082-nu- \u00abpr\u00fad, te\u010d\u00faca voda\u00bb systematicky spracoval Julius Pokorny v svojom \u00abIndogermanisches etymologisches W\u00f6rterbuch\u00bb (1959, heslo \u00ab*d\u0101-nu-\u00bb).<\/p><ul><li>Odvoden\u00e9 n\u00e1zvy riek sa tiahnu od keltsk\u00e9ho z\u00e1padu cez cel\u00fa indoeur\u00f3psku oblas\u0165: Dunaj (latinsky Danuvius u Caesara \u00abDe bello Gallico\u00bb VI 25).<\/li><li>Don, Dnepr (antick\u00fd Borysthenes, nesk\u00f4r Danapris).<\/li><li>Dnester (Danastris).<\/li><li>severofranc\u00fazska Dheune, juhoz\u00e1padofranc\u00fazska Garonne s jej pr\u00edtokom Save a v Indii v\u00e9dska vodn\u00e1 bohy\u0148a D\u0101nu, matka Vritru v \u00abRigv\u00e9de\u00bb I 32. Patrice Lajoye v \u00abL&#8217;arbre du monde\u00bb (2016), ako aj v svojich \u0161t\u00fadi\u00e1ch k indoeur\u00f3pskej <span class=\"iwg-fachbegriff\" data-tooltip=\"Veda, ktor\u00e1 porovn\u00e1vac\u00edm sp\u00f4sobom a bez viery sk\u00fama n\u00e1bo\u017eenstv\u00e1.\" tabindex=\"0\">religionistike<\/span>, argumentuje, \u017ee tento s\u00fabor mien nie je n\u00e1hodn\u00fd, ale odkazuje na archaick\u00fa vrstvu \u017eensk\u00fdch vodn\u00fdch a pr\u00fadov\u00fdch numin, ktor\u00e1 zost\u00e1vala plodn\u00e1 v keltskom, indoir\u00e1nskom a sk\u00fdtskom prostred\u00ed.<\/li><\/ul>\n<p>Wolfgang Meid naproti tomu v \u00abDie Religion der Kelten\u00bb (Innsbruck 1991, 2. vyd. 2007) upozornil na metodick\u00fa opatrnos\u0165, s ktorou treba priamo stoto\u017e\u0148ova\u0165 ostrovn\u00fa keltsk\u00fa prakmatku s kontinent\u00e1lnym rie\u010dnym menom.<\/p><p>Bernhard Maier sa v tejto l\u00ednii pridr\u017eiava druh\u00e9ho vydania svojho diela \u00abReligion der Kelten\u00bb (M\u00fcnchen 2012) a rozli\u0161uje medzi etymologicky pravdepodobnou, ale n\u00e1bo\u017eensko-historicky nie nutnou pr\u00edbuznos\u0165ou.<\/p><p>Joseph Falaky Nagy v \u00abCambridge Companion to the Celts\u00bb (2015) doplnil, \u017ee samotn\u00ed stredovek\u00ed \u00edrski u\u010denci sa nikdy nepok\u00fa\u0161ali sp\u00e1ja\u0165 Danu s eur\u00f3pskymi riekami; toto spojenie je kon\u0161truktom porovn\u00e1vacej indoeuropeistiky 19. a 20. storo\u010dia.<\/p>\t\t\t\t\t\t\t\t<\/div>\n\t\t\t\t<\/div>\n\t\t<div class=\"elementor-element elementor-element-b184dfd e-con-full e-flex e-con e-child\" data-id=\"b184dfd\" data-element_type=\"container\" data-e-type=\"container\">\n\t\t\t\t<div class=\"elementor-element elementor-element-60c401a elementor-widget elementor-widget-heading\" data-id=\"60c401a\" data-element_type=\"widget\" data-e-type=\"widget\" data-widget_type=\"heading.default\">\n\t\t\t\t\t<h2 class=\"elementor-heading-title elementor-size-default\">Stredovek\u00e1 recepcia v \u00edrskej annalistike<\/h2>\t\t\t\t<\/div>\n\t\t\t\t<div class=\"elementor-element elementor-element-a81572a elementor-widget elementor-widget-text-editor\" data-id=\"a81572a\" data-element_type=\"widget\" data-e-type=\"widget\" data-widget_type=\"text-editor.default\">\n\t\t\t\t\t\t\t\t\t<p>Okrem \u00abLebor Gab\u00e1la \u00c9renn\u00bb sa Danu v annalistickej trad\u00edcii \u00cdrska objavuje len nepriamo.<\/p><p>V \u00abAnnala Rioghachta Eireann\u00bb (\u00abAnn\u00e1ly \u00cdrskeho kr\u00e1\u013eovstva\u00bb, zostaven\u00e9 v rokoch 1632 a\u017e 1636 \u0160tyrmi majstrami okolo M\u00edche\u00e1la \u00d3 Cl\u00e9irigha) vystupuj\u00fa Tuatha D\u00e9 Danann ako historizovan\u00e1 predpopul\u00e1cia, ktorej prakmatka je veden\u00e1 pod menom Danann, bez toho, aby sa dochovali samostatn\u00e9 epiz\u00f3dy.<\/p><p>Aj \u00abDindshenchas \u00c9renn\u00bb, metrick\u00e1 a prozaick\u00e1 trad\u00edcia miestnych n\u00e1zvov v rukopisoch \u00abRennes\u00bb, \u00abBodleian\u00bb a \u00abBook of Lecan\u00bb, sa obmedzuje na pozn\u00e1mku, \u017ee dvojica vrchov v Kerry naz\u00fdvan\u00e1 \u00abDa Ch\u00edch Anann\u00bb je pomenovan\u00e1 po bohyni.<\/p><p>John Carey v zborn\u00edku \u00abThe Land of Promise\u00bb (Aberystwyth 2018), ako aj v \u00abA New Introduction to the Lebor Gab\u00e1la\u00bb (Irish Texts Society 1993) uk\u00e1zal, \u017ee tieto z\u00e1pisy s\u00fa zvy\u0161kami star\u0161\u00edch tradi\u010dn\u00fdch l\u00edni\u00ed, ktor\u00e9 boli v kres\u0165anskej redakcii v\u00fdrazne skr\u00e1ten\u00e9.<\/p>\n<p>Metodicky d\u00f4le\u017eit\u00fd pramenn\u00fd n\u00e1lez sa nach\u00e1dza v \u00abSanas Cormaic\u00bb, glos\u00e1ri biskupa Cormaca mac Cuilenn\u00e1ina z Cashelu (zomrel 908), ktor\u00fd glosuje Anu ako \u00abmatku \u00edrskych bohov\u00bb. Whitley Stokes u\u017e vo svojom vydan\u00ed (Kalkata 1868) upozornil, \u017ee Cormacova glosa predstavuje najstar\u0161\u00ed datovate\u013en\u00fd doklad funkcie Anu\/Danu ako bo\u017eskej prakmatky.<\/p><p>Proinsias Mac Cana v \u00abCeltic Mythology\u00bb (Lond\u00fdn 1970) podporuje v\u00fdklad, \u017ee glos\u00e1r odr\u00e1\u017ea \u00fastnu trad\u00edciu 8. a 9. storo\u010dia, a t\u00fdm odha\u013euje komplex Tuatha D\u00e9 Danann v jeho ranej liter\u00e1rnej f\u00e1ze.<\/p>\t\t\t\t\t\t\t\t<\/div>\n\t\t\t\t<\/div>\n\t\t<div class=\"elementor-element elementor-element-dbc0306 e-con-full e-flex e-con e-child\" data-id=\"dbc0306\" data-element_type=\"container\" data-e-type=\"container\">\n\t\t\t\t<div class=\"elementor-element elementor-element-581a54c elementor-widget elementor-widget-heading\" data-id=\"581a54c\" data-element_type=\"widget\" data-e-type=\"widget\" data-widget_type=\"heading.default\">\n\t\t\t\t\t<h2 class=\"elementor-heading-title elementor-size-default\">Pr\u00edbuznos\u0165 s Brigid a kres\u0165ansk\u00e1 synt\u00e9za<\/h2>\t\t\t\t<\/div>\n\t\t\t\t<div class=\"elementor-element elementor-element-ae9f1dc elementor-widget elementor-widget-text-editor\" data-id=\"ae9f1dc\" data-element_type=\"widget\" data-e-type=\"widget\" data-widget_type=\"text-editor.default\">\n\t\t\t\t\t\t\t\t\t<p>Jedna z najd\u00f4le\u017eitej\u0161\u00edch recep\u010dn\u00fdch l\u00edni\u00ed vedie od Danu k Brigid, dc\u00e9re Dagdu, ktor\u00e1 bola sama uctievan\u00e1 ako bohy\u0148a po\u00e9zie, lie\u010dite\u013estva a kov\u00e1\u010dskeho remesla. V \u00edrskej <span class=\"iwg-fachbegriff\" data-tooltip=\"N\u00e1bo\u017eenskos\u0165 \u017eit\u00e1 v ka\u017edodennom \u017eivote, \u010dasto popri ofici\u00e1lnej n\u00e1uke.\" tabindex=\"0\">\u013eudovej religiozite<\/span> sa pohansk\u00e1 Brigid splynula so sv\u00e4tou Brigidou z Kildare (zomrela okolo roku 525), ktorej kl\u00e1\u0161torn\u00e9 zalo\u017eenie sa stalo jedn\u00fdm z najv\u00fdznamnej\u0161\u00edch duchovn\u00fdch centier \u00cdrska.<\/p><p>Bernhard Maier upozor\u0148uje, \u017ee prenos funkci\u00ed materskej a svetelnej bohyne na kres\u0165ansk\u00fa sv\u00e4t\u00fa mo\u017eno pova\u017eova\u0165 za typick\u00fd pr\u00edklad \u00abn\u00e1bo\u017eenskej akultur\u00e1cie\u00bb. Priamu identifik\u00e1ciu Danu s Brigid v\u0161ak odmieta.<\/p>\n\n<p>V waleskej trad\u00edcii sa nach\u00e1dza podobn\u00fd prechod v postave sv\u00e4tej Non, matky sv\u00e4t\u00e9ho Davida, ktor\u00e1 bola vo Walese uctievan\u00e1 pri prame\u0148och, ktor\u00e9 predt\u00fdm s\u00favisely so \u017eensk\u00fdmi miestnymi bo\u017estvami.<\/p><p>Aj tu plat\u00ed: t\u00e1to l\u00ednia nevedie priamo k Don alebo Danu, ale sved\u010d\u00ed o roz\u0161\u00edrenej praxi, ktor\u00e1 pres\u00favala \u017eensk\u00e9 numin\u00e1 pri sv\u00e4t\u00fdch vod\u00e1ch do kres\u0165ansk\u00e9ho kultu sv\u00e4t\u00fdch. John Carey a Miranda Aldhouse-Green interpretovali tieto prechody ako systematick\u00fa strategiu \u00edrskej a waleskej mn\u00ed\u0161skej u\u010denosti.<\/p>\t\t\t\t\t\t\t\t<\/div>\n\t\t\t\t<\/div>\n\t\t\t\t\t<\/div>\n\t\t\t\t<\/div>\n\t\t\t\t<\/div>\n\t\t","protected":false},"excerpt":{"rendered":"","protected":false},"author":3,"featured_media":3241,"parent":0,"menu_order":0,"comment_status":"closed","ping_status":"closed","template":"elementor_header_footer","meta":{"_yoast_wpseo_focuskw":"Danu","_yoast_wpseo_title":"Danu \u2013 Matka bohy\u0148a Tuatha D\u00e9 Danann | iWell Guard","_yoast_wpseo_metadesc":"Danu je keltsk\u00e1 matka bohy\u0148a a prapredka rodu Tuatha D\u00e9 Danann, bo\u017esk\u00e9ho plemena \u00cdrska. Etymol\u00f3gia Dunaja, m\u00fdtus a v\u00fdznam.","_yoast_wpseo_meta-robots-noindex":"","_yoast_wpseo_canonical":"","_angie_page":false,"gefaehrdungsstufe":"","wesen_kultur":"","wesen_klasse":"","footnotes":""},"categories":[],"class_list":["post-158096","page","type-page","status-publish","has-post-thumbnail","hentry"],"yoast_head":"<!-- This site is optimized with the Yoast SEO Premium plugin v27.7 (Yoast SEO v28.3) - https:\/\/yoast.com\/product\/yoast-seo-premium-wordpress\/ -->\n<title>Danu \u2013 Matka bohy\u0148a Tuatha D\u00e9 Danann | iWell Guard<\/title>\n<meta name=\"description\" content=\"Danu je keltsk\u00e1 matka bohy\u0148a a prapredka rodu Tuatha D\u00e9 Danann, bo\u017esk\u00e9ho plemena \u00cdrska. Etymol\u00f3gia Dunaja, m\u00fdtus a v\u00fdznam.\" \/>\n<meta name=\"robots\" content=\"index, follow, max-snippet:-1, max-image-preview:large, max-video-preview:-1\" \/>\n<link rel=\"canonical\" href=\"https:\/\/iwell-guard.com\/sk\/danu\/\" \/>\n<meta property=\"og:locale\" content=\"sk_SK\" \/>\n<meta property=\"og:type\" content=\"article\" \/>\n<meta property=\"og:title\" content=\"Danu\" \/>\n<meta property=\"og:description\" content=\"Danu je keltsk\u00e1 matka bohy\u0148a a prapredka rodu Tuatha D\u00e9 Danann, bo\u017esk\u00e9ho plemena \u00cdrska. Etymol\u00f3gia Dunaja, m\u00fdtus a v\u00fdznam.\" \/>\n<meta property=\"og:url\" content=\"https:\/\/iwell-guard.com\/sk\/danu\/\" \/>\n<meta property=\"og:site_name\" content=\"iWell Guard\" \/>\n<meta property=\"article:modified_time\" content=\"2026-09-04T22:51:06+00:00\" \/>\n<meta property=\"og:image\" content=\"https:\/\/iwell-guard.com\/wp-content\/uploads\/2026\/05\/goetter_keltisch_danu.webp\" \/>\n\t<meta property=\"og:image:width\" content=\"1024\" \/>\n\t<meta property=\"og:image:height\" content=\"1536\" \/>\n\t<meta property=\"og:image:type\" content=\"image\/webp\" \/>\n<meta name=\"twitter:card\" content=\"summary_large_image\" \/>\n<script type=\"application\/ld+json\" class=\"yoast-schema-graph\">{\"@context\":\"https:\\\/\\\/schema.org\",\"@graph\":[{\"@type\":\"WebPage\",\"@id\":\"https:\\\/\\\/iwell-guard.com\\\/sk\\\/danu\\\/\",\"url\":\"https:\\\/\\\/iwell-guard.com\\\/sk\\\/danu\\\/\",\"name\":\"Danu \u2013 Matka bohy\u0148a Tuatha D\u00e9 Danann | iWell Guard\",\"isPartOf\":{\"@id\":\"https:\\\/\\\/iwell-guard.com\\\/sk\\\/#website\"},\"primaryImageOfPage\":{\"@id\":\"https:\\\/\\\/iwell-guard.com\\\/sk\\\/danu\\\/#primaryimage\"},\"image\":{\"@id\":\"https:\\\/\\\/iwell-guard.com\\\/sk\\\/danu\\\/#primaryimage\"},\"thumbnailUrl\":\"https:\\\/\\\/iwell-guard.com\\\/wp-content\\\/uploads\\\/2026\\\/05\\\/goetter_keltisch_danu.webp\",\"datePublished\":\"2026-09-04T22:21:30+00:00\",\"dateModified\":\"2026-09-04T22:51:06+00:00\",\"description\":\"Danu je keltsk\u00e1 matka bohy\u0148a a prapredka rodu Tuatha D\u00e9 Danann, bo\u017esk\u00e9ho plemena \u00cdrska. Etymol\u00f3gia Dunaja, m\u00fdtus a v\u00fdznam.\",\"breadcrumb\":{\"@id\":\"https:\\\/\\\/iwell-guard.com\\\/sk\\\/danu\\\/#breadcrumb\"},\"inLanguage\":\"sk-SK\",\"potentialAction\":[{\"@type\":\"ReadAction\",\"target\":[\"https:\\\/\\\/iwell-guard.com\\\/sk\\\/danu\\\/\"]}]},{\"@type\":\"ImageObject\",\"inLanguage\":\"sk-SK\",\"@id\":\"https:\\\/\\\/iwell-guard.com\\\/sk\\\/danu\\\/#primaryimage\",\"url\":\"https:\\\/\\\/iwell-guard.com\\\/wp-content\\\/uploads\\\/2026\\\/05\\\/goetter_keltisch_danu.webp\",\"contentUrl\":\"https:\\\/\\\/iwell-guard.com\\\/wp-content\\\/uploads\\\/2026\\\/05\\\/goetter_keltisch_danu.webp\",\"width\":1024,\"height\":1536,\"caption\":\"Bohovia z keltskej trad\u00edcie.\"},{\"@type\":\"BreadcrumbList\",\"@id\":\"https:\\\/\\\/iwell-guard.com\\\/sk\\\/danu\\\/#breadcrumb\",\"itemListElement\":[{\"@type\":\"ListItem\",\"position\":1,\"name\":\"Start\",\"item\":\"https:\\\/\\\/iwell-guard.com\\\/sk\\\/?page_id=157572\"},{\"@type\":\"ListItem\",\"position\":2,\"name\":\"Danu\"}]},{\"@type\":\"WebSite\",\"@id\":\"https:\\\/\\\/iwell-guard.com\\\/sk\\\/#website\",\"url\":\"https:\\\/\\\/iwell-guard.com\\\/sk\\\/\",\"name\":\"iWell Guard\",\"description\":\"Schutz vor dunklen Einfl\u00fcssen\",\"publisher\":{\"@id\":\"https:\\\/\\\/iwell-guard.com\\\/sk\\\/#organization\"},\"potentialAction\":[{\"@type\":\"SearchAction\",\"target\":{\"@type\":\"EntryPoint\",\"urlTemplate\":\"https:\\\/\\\/iwell-guard.com\\\/sk\\\/?s={search_term_string}\"},\"query-input\":{\"@type\":\"PropertyValueSpecification\",\"valueRequired\":true,\"valueName\":\"search_term_string\"}}],\"inLanguage\":\"sk-SK\"},{\"@type\":\"Organization\",\"@id\":\"https:\\\/\\\/iwell-guard.com\\\/sk\\\/#organization\",\"name\":\"Ittermann electronic GmbH\",\"url\":\"https:\\\/\\\/iwell-guard.com\\\/sk\\\/\",\"logo\":{\"@type\":\"ImageObject\",\"inLanguage\":\"sk-SK\",\"@id\":\"https:\\\/\\\/iwell-guard.com\\\/sk\\\/#\\\/schema\\\/logo\\\/image\\\/\",\"url\":\"https:\\\/\\\/iwell-guard.com\\\/wp-content\\\/uploads\\\/2026\\\/05\\\/Ittermann-Logo-1182x237-1.png\",\"contentUrl\":\"https:\\\/\\\/iwell-guard.com\\\/wp-content\\\/uploads\\\/2026\\\/05\\\/Ittermann-Logo-1182x237-1.png\",\"width\":1182,\"height\":237,\"caption\":\"Ittermann electronic GmbH\"},\"image\":{\"@id\":\"https:\\\/\\\/iwell-guard.com\\\/sk\\\/#\\\/schema\\\/logo\\\/image\\\/\"},\"sameAs\":[\"https:\\\/\\\/pantip.com\\\/profile\\\/9367242\",\"https:\\\/\\\/micro.blog\\\/iwellguard\",\"https:\\\/\\\/www.diggerslist.com\\\/iwellguard\\\/about\",\"https:\\\/\\\/skitterphoto.com\\\/photographers\\\/2870314\\\/iwell-guard\",\"https:\\\/\\\/iwellguard.wordpress.com\\\/2026\\\/06\\\/06\\\/iwell-guard\\\/\",\"https:\\\/\\\/hub.docker.com\\\/u\\\/iwellguard\",\"https:\\\/\\\/www.pinterest.com\\\/iwellguard\\\/\",\"https:\\\/\\\/bit.ly\\\/m\\\/iwellguard\",\"https:\\\/\\\/entre-vos-mains.alsace.eu\\\/profiles\\\/iwellguard\\\/activity\",\"https:\\\/\\\/gravatar.com\\\/reallybeded8fd34\",\"https:\\\/\\\/naijamatta.com\\\/iwellguard\",\"https:\\\/\\\/www.goodreads.com\\\/iwellguard\",\"https:\\\/\\\/profile.hatena.ne.jp\\\/iwellguard\\\/\",\"https:\\\/\\\/experiment.com\\\/users\\\/iwellguard\",\"https:\\\/\\\/wakelet.com\\\/@iWellGuard82270\",\"https:\\\/\\\/www.chordie.com\\\/forum\\\/profile.php?id=2555664\",\"https:\\\/\\\/www.instapaper.com\\\/p\\\/17757966\",\"https:\\\/\\\/www.mapleprimes.com\\\/users\\\/iwellguard\",\"https:\\\/\\\/businesslistingplus.com\\\/profile\\\/iwell-guard\\\/\",\"https:\\\/\\\/telegra.ph\\\/iWell-Guard-06-06\",\"https:\\\/\\\/pbase.com\\\/iwellguard\\\/iwellguard\",\"https:\\\/\\\/b.hatena.ne.jp\\\/iwellguard\\\/20260607#bookmark-4788405196491818882\",\"https:\\\/\\\/fliphtml5.com\\\/home\\\/iwellguard\",\"https:\\\/\\\/anyflip.com\\\/homepage\\\/cmiwl#About\",\"https:\\\/\\\/transfur.com\\\/Users\\\/iwellguard\",\"http:\\\/\\\/delphi.larsbo.org\\\/user\\\/iwellguard\",\"https:\\\/\\\/jobs.lajobsportal.org\\\/profiles\\\/8380803-iwell-guard\",\"https:\\\/\\\/md.chaosdorf.de\\\/s\\\/jfbe5SBdJD\",\"https:\\\/\\\/www.lingvolive.com\\\/en-us\\\/profile\\\/9ecaeaca-ce11-4e51-9e71-01d55e2bff36\\\/translations\",\"https:\\\/\\\/www.fitday.com\\\/fitness\\\/forums\\\/members\\\/iwellguard.html\",\"https:\\\/\\\/www.mymeetbook.com\\\/iwellguard\",\"https:\\\/\\\/pxhere.com\\\/en\\\/photographer-me\\\/5040798\",\"https:\\\/\\\/disqus.com\\\/by\\\/iwellguard\\\/about\\\/\",\"https:\\\/\\\/pastelink.net\\\/hjwciqwq\",\"https:\\\/\\\/pubhtml5.com\\\/homepage\\\/scjhn\\\/\",\"https:\\\/\\\/www.bitchute.com\\\/channel\\\/2O2eOKzNqujT\",\"https:\\\/\\\/audiomack.com\\\/iwellguard\"]}]}<\/script>\n<!-- \/ Yoast SEO Premium plugin. -->","yoast_head_json":{"title":"Danu \u2013 Matka bohy\u0148a Tuatha D\u00e9 Danann | iWell Guard","description":"Danu je keltsk\u00e1 matka bohy\u0148a a prapredka rodu Tuatha D\u00e9 Danann, bo\u017esk\u00e9ho plemena \u00cdrska. Etymol\u00f3gia Dunaja, m\u00fdtus a v\u00fdznam.","robots":{"index":"index","follow":"follow","max-snippet":"max-snippet:-1","max-image-preview":"max-image-preview:large","max-video-preview":"max-video-preview:-1"},"canonical":"https:\/\/iwell-guard.com\/sk\/danu\/","og_locale":"sk_SK","og_type":"article","og_title":"Danu","og_description":"Danu je keltsk\u00e1 matka bohy\u0148a a prapredka rodu Tuatha D\u00e9 Danann, bo\u017esk\u00e9ho plemena \u00cdrska. Etymol\u00f3gia Dunaja, m\u00fdtus a v\u00fdznam.","og_url":"https:\/\/iwell-guard.com\/sk\/danu\/","og_site_name":"iWell Guard","article_modified_time":"2026-09-04T22:51:06+00:00","og_image":[{"width":1024,"height":1536,"url":"https:\/\/iwell-guard.com\/wp-content\/uploads\/2026\/05\/goetter_keltisch_danu.webp","type":"image\/webp"}],"twitter_card":"summary_large_image","schema":{"@context":"https:\/\/schema.org","@graph":[{"@type":"WebPage","@id":"https:\/\/iwell-guard.com\/sk\/danu\/","url":"https:\/\/iwell-guard.com\/sk\/danu\/","name":"Danu \u2013 Matka bohy\u0148a Tuatha D\u00e9 Danann | iWell Guard","isPartOf":{"@id":"https:\/\/iwell-guard.com\/sk\/#website"},"primaryImageOfPage":{"@id":"https:\/\/iwell-guard.com\/sk\/danu\/#primaryimage"},"image":{"@id":"https:\/\/iwell-guard.com\/sk\/danu\/#primaryimage"},"thumbnailUrl":"https:\/\/iwell-guard.com\/wp-content\/uploads\/2026\/05\/goetter_keltisch_danu.webp","datePublished":"2026-09-04T22:21:30+00:00","dateModified":"2026-09-04T22:51:06+00:00","description":"Danu je keltsk\u00e1 matka bohy\u0148a a prapredka rodu Tuatha D\u00e9 Danann, bo\u017esk\u00e9ho plemena \u00cdrska. Etymol\u00f3gia Dunaja, m\u00fdtus a v\u00fdznam.","breadcrumb":{"@id":"https:\/\/iwell-guard.com\/sk\/danu\/#breadcrumb"},"inLanguage":"sk-SK","potentialAction":[{"@type":"ReadAction","target":["https:\/\/iwell-guard.com\/sk\/danu\/"]}]},{"@type":"ImageObject","inLanguage":"sk-SK","@id":"https:\/\/iwell-guard.com\/sk\/danu\/#primaryimage","url":"https:\/\/iwell-guard.com\/wp-content\/uploads\/2026\/05\/goetter_keltisch_danu.webp","contentUrl":"https:\/\/iwell-guard.com\/wp-content\/uploads\/2026\/05\/goetter_keltisch_danu.webp","width":1024,"height":1536,"caption":"Bohovia z keltskej trad\u00edcie."},{"@type":"BreadcrumbList","@id":"https:\/\/iwell-guard.com\/sk\/danu\/#breadcrumb","itemListElement":[{"@type":"ListItem","position":1,"name":"Start","item":"https:\/\/iwell-guard.com\/sk\/?page_id=157572"},{"@type":"ListItem","position":2,"name":"Danu"}]},{"@type":"WebSite","@id":"https:\/\/iwell-guard.com\/sk\/#website","url":"https:\/\/iwell-guard.com\/sk\/","name":"iWell Guard","description":"Schutz vor dunklen Einfl\u00fcssen","publisher":{"@id":"https:\/\/iwell-guard.com\/sk\/#organization"},"potentialAction":[{"@type":"SearchAction","target":{"@type":"EntryPoint","urlTemplate":"https:\/\/iwell-guard.com\/sk\/?s={search_term_string}"},"query-input":{"@type":"PropertyValueSpecification","valueRequired":true,"valueName":"search_term_string"}}],"inLanguage":"sk-SK"},{"@type":"Organization","@id":"https:\/\/iwell-guard.com\/sk\/#organization","name":"Ittermann electronic GmbH","url":"https:\/\/iwell-guard.com\/sk\/","logo":{"@type":"ImageObject","inLanguage":"sk-SK","@id":"https:\/\/iwell-guard.com\/sk\/#\/schema\/logo\/image\/","url":"https:\/\/iwell-guard.com\/wp-content\/uploads\/2026\/05\/Ittermann-Logo-1182x237-1.png","contentUrl":"https:\/\/iwell-guard.com\/wp-content\/uploads\/2026\/05\/Ittermann-Logo-1182x237-1.png","width":1182,"height":237,"caption":"Ittermann electronic GmbH"},"image":{"@id":"https:\/\/iwell-guard.com\/sk\/#\/schema\/logo\/image\/"},"sameAs":["https:\/\/pantip.com\/profile\/9367242","https:\/\/micro.blog\/iwellguard","https:\/\/www.diggerslist.com\/iwellguard\/about","https:\/\/skitterphoto.com\/photographers\/2870314\/iwell-guard","https:\/\/iwellguard.wordpress.com\/2026\/06\/06\/iwell-guard\/","https:\/\/hub.docker.com\/u\/iwellguard","https:\/\/www.pinterest.com\/iwellguard\/","https:\/\/bit.ly\/m\/iwellguard","https:\/\/entre-vos-mains.alsace.eu\/profiles\/iwellguard\/activity","https:\/\/gravatar.com\/reallybeded8fd34","https:\/\/naijamatta.com\/iwellguard","https:\/\/www.goodreads.com\/iwellguard","https:\/\/profile.hatena.ne.jp\/iwellguard\/","https:\/\/experiment.com\/users\/iwellguard","https:\/\/wakelet.com\/@iWellGuard82270","https:\/\/www.chordie.com\/forum\/profile.php?id=2555664","https:\/\/www.instapaper.com\/p\/17757966","https:\/\/www.mapleprimes.com\/users\/iwellguard","https:\/\/businesslistingplus.com\/profile\/iwell-guard\/","https:\/\/telegra.ph\/iWell-Guard-06-06","https:\/\/pbase.com\/iwellguard\/iwellguard","https:\/\/b.hatena.ne.jp\/iwellguard\/20260607#bookmark-4788405196491818882","https:\/\/fliphtml5.com\/home\/iwellguard","https:\/\/anyflip.com\/homepage\/cmiwl#About","https:\/\/transfur.com\/Users\/iwellguard","http:\/\/delphi.larsbo.org\/user\/iwellguard","https:\/\/jobs.lajobsportal.org\/profiles\/8380803-iwell-guard","https:\/\/md.chaosdorf.de\/s\/jfbe5SBdJD","https:\/\/www.lingvolive.com\/en-us\/profile\/9ecaeaca-ce11-4e51-9e71-01d55e2bff36\/translations","https:\/\/www.fitday.com\/fitness\/forums\/members\/iwellguard.html","https:\/\/www.mymeetbook.com\/iwellguard","https:\/\/pxhere.com\/en\/photographer-me\/5040798","https:\/\/disqus.com\/by\/iwellguard\/about\/","https:\/\/pastelink.net\/hjwciqwq","https:\/\/pubhtml5.com\/homepage\/scjhn\/","https:\/\/www.bitchute.com\/channel\/2O2eOKzNqujT","https:\/\/audiomack.com\/iwellguard"]}]}},"_links":{"self":[{"href":"https:\/\/iwell-guard.com\/sk\/wp-json\/wp\/v2\/pages\/158096","targetHints":{"allow":["GET"]}}],"collection":[{"href":"https:\/\/iwell-guard.com\/sk\/wp-json\/wp\/v2\/pages"}],"about":[{"href":"https:\/\/iwell-guard.com\/sk\/wp-json\/wp\/v2\/types\/page"}],"author":[{"embeddable":true,"href":"https:\/\/iwell-guard.com\/sk\/wp-json\/wp\/v2\/users\/3"}],"replies":[{"embeddable":true,"href":"https:\/\/iwell-guard.com\/sk\/wp-json\/wp\/v2\/comments?post=158096"}],"version-history":[{"count":0,"href":"https:\/\/iwell-guard.com\/sk\/wp-json\/wp\/v2\/pages\/158096\/revisions"}],"wp:featuredmedia":[{"embeddable":true,"href":"https:\/\/iwell-guard.com\/sk\/wp-json\/wp\/v2\/media\/3241"}],"wp:attachment":[{"href":"https:\/\/iwell-guard.com\/sk\/wp-json\/wp\/v2\/media?parent=158096"}],"wp:term":[{"taxonomy":"category","embeddable":true,"href":"https:\/\/iwell-guard.com\/sk\/wp-json\/wp\/v2\/categories?post=158096"}],"curies":[{"name":"wp","href":"https:\/\/api.w.org\/{rel}","templated":true}]}}