{"id":158085,"date":"2026-09-04T22:21:23","date_gmt":"2026-09-04T22:21:23","guid":{"rendered":"https:\/\/iwell-guard.com\/?page_id=158085"},"modified":"2026-09-04T22:50:48","modified_gmt":"2026-09-04T22:50:48","slug":"sventovid","status":"publish","type":"page","link":"https:\/\/iwell-guard.com\/sk\/sventovid\/","title":{"rendered":"Sventovid"},"content":{"rendered":"\t\t<div data-elementor-type=\"wp-page\" data-elementor-id=\"158085\" class=\"elementor elementor-158085 elementor-3034 elementor-bc-flex-widget\" data-elementor-post-type=\"page\">\n\t\t\t\t<div class=\"elementor-element elementor-element-6a6ca0a e-flex e-con-boxed e-con e-parent\" data-id=\"6a6ca0a\" data-element_type=\"container\" data-e-type=\"container\" data-settings=\"{&quot;background_background&quot;:&quot;classic&quot;}\">\n\t\t\t\t\t<div class=\"e-con-inner\">\n\t\t<div class=\"elementor-element elementor-element-44c5de4 e-flex e-con-boxed e-con e-child\" data-id=\"44c5de4\" data-element_type=\"container\" data-e-type=\"container\">\n\t\t\t\t\t<div class=\"e-con-inner\">\n\t\t<div class=\"elementor-element elementor-element-2310235 e-con-full e-flex e-con e-child\" data-id=\"2310235\" data-element_type=\"container\" data-e-type=\"container\">\n\t\t\t\t<div class=\"elementor-element elementor-element-b843a02 elementor-widget elementor-widget-heading\" data-id=\"b843a02\" data-element_type=\"widget\" data-e-type=\"widget\" data-widget_type=\"heading.default\">\n\t\t\t\t\t<h1 class=\"elementor-heading-title elementor-size-default\">Sventovid, slovansk\u00fd boh vojny a proroctva<\/h1>\t\t\t\t<\/div>\n\t\t\t\t<div class=\"elementor-element elementor-element-a65a288 elementor-widget elementor-widget-text-editor\" data-id=\"a65a288\" data-element_type=\"widget\" data-e-type=\"widget\" data-widget_type=\"text-editor.default\">\n\t\t\t\t\t\t\t\t\t<p>Sventovid je \u0161tvorhlav\u00fd slovansk\u00fd boh vojny a proroctva, ktor\u00fd bol ako hlavn\u00fd boh z\u00e1padn\u00fdch Slovanov uctievan\u00fd v <span class=\"iwg-fachbegriff\" data-tooltip=\"Stavba sl\u00fa\u017eiaca na uctievanie jedn\u00e9ho alebo viacer\u00fdch bo\u017estiev.\" tabindex=\"0\">chr\u00e1me<\/span> v Arkone na ostrove Rujana.<\/p><p>Sventovid (aj Svantovit, Svetovid, latinsky Svantovithus alebo Suantevit) je centr\u00e1lne <span class=\"iwg-fachbegriff\" data-tooltip=\"Bytos\u0165 uctievan\u00e1 ako bo\u017esk\u00e1 v r\u00e1mci nejak\u00e9ho n\u00e1bo\u017eenstva.\" tabindex=\"0\">bo\u017estvo<\/span> polabsko-slovansk\u00e9ho a pobaltsko-slovansk\u00e9ho pante\u00f3nu vrcholn\u00e9ho stredoveku a jeden z m\u00e1la slovansk\u00fdch bohov, o ktor\u00fdch <span class=\"iwg-fachbegriff\" data-tooltip=\"Stavba sl\u00fa\u017eiaca na uctievanie jedn\u00e9ho alebo viacer\u00fdch bo\u017estiev.\" tabindex=\"0\">chr\u00e1me<\/span>, soche a kultovej praxi podrobne informuj\u00fa s\u00fa\u010dasn\u00e9 dobov\u00e9 pramene.<\/p><p>Jeho hlavn\u00e1 <span class=\"iwg-fachbegriff\" data-tooltip=\"Miesto zasv\u00e4ten\u00e9 uctievaniu nejak\u00e9ho bo\u017estva.\" tabindex=\"0\">sv\u00e4ty\u0148a<\/span> st\u00e1la a\u017e do roku 1168 na ostrove Rujana v Arkone; jej zni\u010denie d\u00e1nskym kr\u00e1\u013eom Valdemarom I. patr\u00ed medzi najlep\u0161ie zdokumentovan\u00e9 udalosti slovansk\u00fdch n\u00e1bo\u017eensk\u00fdch dej\u00edn. Sventovid bol bohom vojny, bohom proroctva a hlavn\u00fdm bohom Ranov, baltsk\u00fdch Slovanov ostrova Rujana.<\/p>\t\t\t\t\t\t\t\t<\/div>\n\t\t\t\t<\/div>\n\t\t<div class=\"elementor-element elementor-element-85fe1e7 e-con-full e-flex e-con e-parent\" data-id=\"85fe1e7\" data-element_type=\"container\" data-e-type=\"container\">\n\t\t\t\t<div class=\"elementor-element elementor-element-cc0d3fb elementor-widget elementor-widget-html\" data-id=\"cc0d3fb\" data-element_type=\"widget\" data-e-type=\"widget\" data-widget_type=\"html.default\">\n\t\t\t\t\t<div class=\"iwg-pill-row\"><span class=\"iwg-klasse-badge\" tabindex=\"0\" data-tooltip=\"Boh \/ bohy\u0148a: Personifikovan\u00e1 najvy\u0161\u0161ia moc v pante\u00f3ne kult\u00fary, s jasn\u00fdmi kompetenciami \u2014 sily pr\u00edrody, osud, vojna, plodnos\u0165. Uctievan\u00fd prostredn\u00edctvom kultov, obet\u00ed a chr\u00e1mov\u00fdch in\u0161tit\u00faci\u00ed.\">Boh<\/span><a href=\"https:\/\/iwell-guard.com\/sk\/slovanske\/\" class=\"iwg-kultur-badge\" tabindex=\"0\" data-tooltip=\"Slovansk\u00e1 mytol\u00f3gia a \u013eudov\u00e9 n\u00e1bo\u017eenstvo, od 10. stor. prekryt\u00e9 kres\u0165anstvom.\">Slovansk\u00e9<\/a><\/div>\t\t\t\t<\/div>\n\t\t\t\t<\/div>\n\t\t<div class=\"elementor-element elementor-element-c68ed40 e-con-full e-flex e-con e-child\" data-id=\"c68ed40\" data-element_type=\"container\" data-e-type=\"container\">\n\t\t\t\t<div class=\"elementor-element elementor-element-1f27fb4 elementor-toc--minimized-on-tablet elementor-widget elementor-widget-table-of-contents\" data-id=\"1f27fb4\" data-element_type=\"widget\" data-e-type=\"widget\" data-settings=\"{&quot;exclude_headings_by_selector&quot;:[],&quot;no_headings_message&quot;:&quot;Na tejto str\\u00e1nke sa nena\\u0161li \\u017eiadne nadpisy.&quot;,&quot;headings_by_tags&quot;:[&quot;h2&quot;,&quot;h3&quot;],&quot;marker_view&quot;:&quot;bullets&quot;,&quot;icon&quot;:{&quot;value&quot;:&quot;fas fa-circle&quot;,&quot;library&quot;:&quot;fa-solid&quot;,&quot;rendered_tag&quot;:&quot;&lt;svg class=\\&quot;e-font-icon-svg e-fas-circle\\&quot; viewBox=\\&quot;0 0 512 512\\&quot; xmlns=\\&quot;http:\\\/\\\/www.w3.org\\\/2000\\\/svg\\&quot;&gt;&lt;path d=\\&quot;M256 8C119 8 8 119 8 256s111 248 248 248 248-111 248-248S393 8 256 8z\\&quot;&gt;&lt;\\\/path&gt;&lt;\\\/svg&gt;&quot;},&quot;minimize_box&quot;:&quot;yes&quot;,&quot;minimized_on&quot;:&quot;tablet&quot;,&quot;hierarchical_view&quot;:&quot;yes&quot;,&quot;min_height&quot;:{&quot;unit&quot;:&quot;px&quot;,&quot;size&quot;:&quot;&quot;,&quot;sizes&quot;:[]},&quot;min_height_tablet&quot;:{&quot;unit&quot;:&quot;px&quot;,&quot;size&quot;:&quot;&quot;,&quot;sizes&quot;:[]},&quot;min_height_mobile&quot;:{&quot;unit&quot;:&quot;px&quot;,&quot;size&quot;:&quot;&quot;,&quot;sizes&quot;:[]}}\" data-widget_type=\"table-of-contents.default\">\n\t\t\t\t\t\t\t\t\t<div class=\"elementor-toc__header\">\n\t\t\t\t\t\t<h2 class=\"elementor-toc__header-title\">\n\t\t\t\tObsah\t\t\t<\/h2>\n\t\t\t\t\t\t\t\t\t\t<div class=\"elementor-toc__toggle-button elementor-toc__toggle-button--expand\" role=\"button\" tabindex=\"0\" aria-controls=\"elementor-toc__1f27fb4\" aria-expanded=\"true\" aria-label=\"Open table of contents\"><svg aria-hidden=\"true\" class=\"e-font-icon-svg e-fas-chevron-down\" viewBox=\"0 0 448 512\" xmlns=\"http:\/\/www.w3.org\/2000\/svg\"><path d=\"M207.029 381.476L12.686 187.132c-9.373-9.373-9.373-24.569 0-33.941l22.667-22.667c9.357-9.357 24.522-9.375 33.901-.04L224 284.505l154.745-154.021c9.379-9.335 24.544-9.317 33.901.04l22.667 22.667c9.373 9.373 9.373 24.569 0 33.941L240.971 381.476c-9.373 9.372-24.569 9.372-33.942 0z\"><\/path><\/svg><\/div>\n\t\t\t\t<div class=\"elementor-toc__toggle-button elementor-toc__toggle-button--collapse\" role=\"button\" tabindex=\"0\" aria-controls=\"elementor-toc__1f27fb4\" aria-expanded=\"true\" aria-label=\"Close table of contents\"><svg aria-hidden=\"true\" class=\"e-font-icon-svg e-fas-chevron-up\" viewBox=\"0 0 448 512\" xmlns=\"http:\/\/www.w3.org\/2000\/svg\"><path d=\"M240.971 130.524l194.343 194.343c9.373 9.373 9.373 24.569 0 33.941l-22.667 22.667c-9.357 9.357-24.522 9.375-33.901.04L224 227.495 69.255 381.516c-9.379 9.335-24.544 9.317-33.901-.04l-22.667-22.667c-9.373-9.373-9.373-24.569 0-33.941L207.03 130.525c9.372-9.373 24.568-9.373 33.941-.001z\"><\/path><\/svg><\/div>\n\t\t\t\t\t<\/div>\n\t\t\t\t<div id=\"elementor-toc__1f27fb4\" class=\"elementor-toc__body\">\n\t\t\t<div class=\"elementor-toc__spinner-container\">\n\t\t\t\t<svg class=\"elementor-toc__spinner eicon-animation-spin e-font-icon-svg e-eicon-loading\" aria-hidden=\"true\" viewBox=\"0 0 1000 1000\" xmlns=\"http:\/\/www.w3.org\/2000\/svg\"><path d=\"M500 975V858C696 858 858 696 858 500S696 142 500 142 142 304 142 500H25C25 237 238 25 500 25S975 237 975 500 763 975 500 975Z\"><\/path><\/svg>\t\t\t<\/div>\n\t\t<\/div>\n\t\t\t\t\t\t<\/div>\n\t\t\t\t<\/div>\n\t\t\t\t\t<\/div>\n\t\t\t\t<\/div>\n\t\t<div class=\"elementor-element elementor-element-f58836f e-con-full e-flex e-con e-child\" data-id=\"f58836f\" data-element_type=\"container\" data-e-type=\"container\">\n\t\t\t\t<div class=\"elementor-element elementor-element-dbefaff iwg-hero-image elementor-widget elementor-widget-image\" data-id=\"dbefaff\" data-element_type=\"widget\" data-e-type=\"widget\" data-widget_type=\"image.default\">\n\t\t\t\t\t\t\t\t\t\t\t\t\t\t\t<img fetchpriority=\"high\" decoding=\"async\" width=\"683\" height=\"1024\" src=\"https:\/\/iwell-guard.com\/wp-content\/uploads\/2026\/05\/goetter_slawisch_sventovid-1-683x1024.webp\" class=\"attachment-large size-large wp-image-159678\" alt=\"Sv\u00e4tov\u00edt - Bohovia zo slovanskej trad\u00edcie, historicko-ilustra\u010dn\u00e9 zobrazenie\" srcset=\"https:\/\/iwell-guard.com\/wp-content\/uploads\/2026\/05\/goetter_slawisch_sventovid-1-683x1024.webp 683w, https:\/\/iwell-guard.com\/wp-content\/uploads\/2026\/05\/goetter_slawisch_sventovid-1-200x300.webp 200w, https:\/\/iwell-guard.com\/wp-content\/uploads\/2026\/05\/goetter_slawisch_sventovid-1-768x1152.webp 768w, https:\/\/iwell-guard.com\/wp-content\/uploads\/2026\/05\/goetter_slawisch_sventovid-1.webp 1024w\" sizes=\"(max-width: 683px) 100vw, 683px\" \/>\t\t\t\t\t\t\t\t\t\t\t\t\t\t\t<\/div>\n\t\t\t\t<\/div>\n\t\t\t\t\t<\/div>\n\t\t\t\t<\/div>\n\t\t<div class=\"elementor-element elementor-element-ad97c2d e-con-boxed e-flex e-con e-parent\" data-id=\"ad97c2d\" data-element_type=\"container\" data-e-type=\"container\">\n\t\t\t\t\t<div class=\"e-con-inner\">\n\t\t<div class=\"elementor-element elementor-element-26dce64 e-con-full e-flex e-con e-child\" data-id=\"26dce64\" data-element_type=\"container\" data-e-type=\"container\">\n\t\t\t\t<div class=\"elementor-element elementor-element-5983496 elementor-widget elementor-widget-heading\" data-id=\"5983496\" data-element_type=\"widget\" data-e-type=\"widget\" data-widget_type=\"heading.default\">\n\t\t\t\t\t<h2 class=\"elementor-heading-title elementor-size-default\">Pramene a prv\u00e9 zmienky<\/h2>\t\t\t\t<\/div>\n\t\t\t\t<div class=\"elementor-element elementor-element-22244d4 elementor-widget elementor-widget-text-editor\" data-id=\"22244d4\" data-element_type=\"widget\" data-e-type=\"widget\" data-widget_type=\"text-editor.default\">\n\t\t\t\t\t\t\t\t\t<p>Najd\u00f4le\u017eitej\u0161\u00edm prame\u0148om o Sventovidovi je \u00abGesta Danorum\u00bb Saxa Grammatica (okolo 1200), kniha XIV, kapitola 39, kde je podrobne op\u00edsan\u00e9 d\u00e1nske dobytie Arkony v roku 1168. Saxo, d\u00e1nsky dvorn\u00fd duchovn\u00fd, vypo\u010d\u00faval o\u010dit\u00fdch svedkov a pod\u00e1va detailn\u00fd popis chr\u00e1mu, sochy a kultovej praxe.<\/p><p>Tento prame\u0148 je z n\u00e1bo\u017eenskohistorick\u00e9ho h\u013eadiska hodnotn\u00fd z dvoch d\u00f4vodov: je \u010dasovo bl\u00edzky udalostiam a poch\u00e1dza z t\u00e1boru v\u00ed\u0165azov, ktor\u00ed videli sochu a <span class=\"iwg-fachbegriff\" data-tooltip=\"Stavba sl\u00fa\u017eiaca na uctievanie jedn\u00e9ho alebo viacer\u00fdch bo\u017estiev.\" tabindex=\"0\">chr\u00e1m<\/span> na vlastn\u00e9 o\u010di, predt\u00fdm ne\u017e ich zni\u010dili.<\/p>\n<p>Druh\u00fdm hlavn\u00fdm prame\u0148om je \u00abChronica Slavorum\u00bb Helmolda z Bosau (okolo 1170), ktor\u00e1 vznikla s\u00fa\u010dasne s dobyt\u00edm a vych\u00e1dza z priamych inform\u00e1ci\u00ed z mision\u00e1rskeho prostredia.<\/p><p>Helmold popisuje Sventovida ako \u00abnajvzne\u0161enej\u0161ieho medzi v\u0161etk\u00fdmi bohmi Slovanov\u00bb, ktor\u00e9mu s\u00fa ostatn\u00ed bohovia len poloboh mi. Tret\u00edm prame\u0148om je \u00abKnytlinga saga\u00bb (13. storo\u010die), d\u00e1nska kr\u00e1\u013eovsk\u00e1 saga, ktor\u00e1 sa tie\u017e venuje dobytiu Arkony.<\/p>\n<p>\u010eal\u0161ie zmienky sa nach\u00e1dzaj\u00fa u Adama Br\u00e9mskeho (\u00abGesta Hammaburgensis ecclesiae pontificum\u00bb, 1075), u Thietmara z Merseburgu (o ranej f\u00e1ze polabsko-slovansk\u00e9ho pohanstva, hoci bez v\u00fdslovn\u00e9ho odkazu na Sventovida) a v d\u00e1nskych letopisoch 12. a 13. storo\u010dia.<\/p>\t\t\t\t\t\t\t\t<\/div>\n\t\t\t\t<\/div>\n\t\t<div class=\"elementor-element elementor-element-a749920 e-con-full e-flex e-con e-child\" data-id=\"a749920\" data-element_type=\"container\" data-e-type=\"container\">\n\t\t\t\t<div class=\"elementor-element elementor-element-97f33a5 elementor-widget elementor-widget-heading\" data-id=\"97f33a5\" data-element_type=\"widget\" data-e-type=\"widget\" data-widget_type=\"heading.default\">\n\t\t\t\t\t<h2 class=\"elementor-heading-title elementor-size-default\">Chr\u00e1m a kultov\u00e9 stredisko Arkony<\/h2>\t\t\t\t<\/div>\n\t\t\t\t<div class=\"elementor-element elementor-element-d105bb5 elementor-widget elementor-widget-text-editor\" data-id=\"d105bb5\" data-element_type=\"widget\" data-e-type=\"widget\" data-widget_type=\"text-editor.default\">\n\t\t\t\t\t\t\t\t\t<p><span class=\"iwg-fachbegriff\" data-tooltip=\"Stavba sl\u00fa\u017eiaca na uctievanie jedn\u00e9ho alebo viacer\u00fdch bo\u017estiev.\" tabindex=\"0\">Chr\u00e1m<\/span> st\u00e1l na v\u00fdbe\u017eku na severov\u00fdchodnej \u0161pici Rujany, chr\u00e1nen\u00fd polkruhov\u00fdm valom, ktor\u00fd uzatv\u00e1ral pr\u00edstup zo strany pevniny; morsk\u00fa stranu chr\u00e1nilo skaln\u00e9 pobre\u017eie.<\/p><p><span data-nosnippet>Archeologick\u00e9 vykop\u00e1vky od Carla Schuchhardta (1921) a najm\u00e4 Joachima Herrmanna (1962 a\u017e 1971) umo\u017enili rekon\u0161truova\u0165 are\u00e1l: sv\u00e4t\u00fd obvod s rozlohou pribli\u017ene 4 hekt\u00e1re, v ktor\u00e9ho vn\u00fatri st\u00e1la samotn\u00e1 chr\u00e1mov\u00e1 budova. <span class=\"iwg-fachbegriff\" data-tooltip=\"Stavba sl\u00fa\u017eiaca na uctievanie jedn\u00e9ho alebo viacer\u00fdch bo\u017estiev.\" tabindex=\"0\">Chr\u00e1m<\/span> bol \u0161tvorcov\u00e1 dreven\u00e1 kon\u0161trukcia s \u010derven\u00fdmi textiln\u00fdmi v\u00fdpl\u0148ami stien a vn\u00fatorn\u00fdm sanktu\u00e1riom, oddelen\u00fdm od vonkaj\u0161ieho priestoru z\u00e1vesmi.<\/span><\/p>\n<p>Vo vn\u00fatri st\u00e1la hlavn\u00e1 socha Sventovida. Pod\u013ea popisu Saxa bola nad\u013eudsky ve\u013ek\u00e1, dreven\u00e1, so \u0161tyrmi hlavami alebo tv\u00e1rami h\u013eadiacimi do \u0161tyroch svetov\u00fdch str\u00e1n. Dve tv\u00e1re h\u013eadeli dopredu, dve dozadu, pri\u010dom jedna dvojica bola orientovan\u00e1 v\u013eavo a druh\u00e1 vpravo.<\/p><p>Boh dr\u017eal v pravej ruke pijac\u00ed rohovinov\u00fd poh\u00e1r, v \u013eavej ruke sa opieral o luk. Na stene visel jeho sedlo, uzdenie a obrovsk\u00fd me\u010d, ktor\u00e9ho \u010depe\u013e bola zdoben\u00e1 strieborn\u00fdmi kovaniami.<\/p>\t\t\t\t\t\t\t\t<\/div>\n\t\t\t\t<\/div>\n\t\t<div class=\"elementor-element elementor-element-4a8d3a5 e-con-full e-flex e-con e-child\" data-id=\"4a8d3a5\" data-element_type=\"container\" data-e-type=\"container\">\n\t\t\t\t<div class=\"elementor-element elementor-element-71e5a3d elementor-widget elementor-widget-heading\" data-id=\"71e5a3d\" data-element_type=\"widget\" data-e-type=\"widget\" data-widget_type=\"heading.default\">\n\t\t\t\t\t<h2 class=\"elementor-heading-title elementor-size-default\">Ikonografia a symboly<\/h2>\t\t\t\t<\/div>\n\t\t\t\t<div class=\"elementor-element elementor-element-1a8327e elementor-widget elementor-widget-text-editor\" data-id=\"1a8327e\" data-element_type=\"widget\" data-e-type=\"widget\" data-widget_type=\"text-editor.default\">\n\t\t\t\t\t\t\t\t\t<p>Najv\u00fdraznej\u0161\u00edm ikonografick\u00fdm znakom Sventovida s\u00fa \u0161tyri hlavy. T\u00e1to \u00ab\u0161tvortv\u00e1rovos\u0165\u00bb sa v\u0161eobecne vyklad\u00e1 ako kozmologick\u00fd <span class=\"iwg-fachbegriff\" data-tooltip=\"Znak, ktor\u00fd zastupuje nejak\u00fa predstavu alebo v\u00fdznam.\" tabindex=\"0\">symbol<\/span>: boh h\u013ead\u00ed do v\u0161etk\u00fdch svetov\u00fdch str\u00e1n a prehliada cel\u00fd svet.<\/p><p><span data-nosnippet>Podobn\u00e9 \u0161tvortv\u00e1rov\u00e9 zobrazenie bo\u017estva pozn\u00e1 aj sl\u00e1vny Zbru\u010dsk\u00fd <span class=\"iwg-fachbegriff\" data-tooltip=\"Obraz alebo socha uctievan\u00e1 ako bo\u017esk\u00e1.\" tabindex=\"0\">idol<\/span> (n\u00e1jden\u00fd v roku 1848 v Hal\u00ed\u010di, dnes v Archeologickom m\u00fazeu v Krakove), v\u00e1pencov\u00fd st\u013ap so \u0161tyrmi reli\u00e9fmi bo\u017estiev na kockovej hlave.<\/span><\/p><p>\u010ci Zbru\u010dsk\u00fd <span class=\"iwg-fachbegriff\" data-tooltip=\"Obraz alebo socha uctievan\u00e1 ako bo\u017esk\u00e1.\" tabindex=\"0\">idol<\/span> zobrazuje Sventovida alebo in\u00e9 <span class=\"iwg-fachbegriff\" data-tooltip=\"Bytos\u0165 uctievan\u00e1 ako bo\u017esk\u00e1 v r\u00e1mci nejak\u00e9ho n\u00e1bo\u017eenstva.\" tabindex=\"0\">bo\u017estvo<\/span>, je sporn\u00e9; form\u00e1lna podobnos\u0165 je v\u0161ak zjavn\u00e1 a podporuje predpoklad, \u017ee viachlavos\u0165 bola typick\u00fdm znakom bohov v z\u00e1padoslovanskej a v\u00fdchodoslovanskej <span class=\"iwg-fachbegriff\" data-tooltip=\"N\u00e1uka o obsahu obrazov a ich v\u00fdzname.\" tabindex=\"0\">ikonografii<\/span>.<\/p>\n<p>Pijac\u00ed rohovinov\u00fd poh\u00e1r v pravej ruke hr\u00e1 \u00fastredn\u00fa \u00falohu vo ve\u0161tebnom ritu\u00e1li (pozri ni\u017e\u0161ie). Luk a me\u010d s\u00fa atrib\u00faty bojovn\u00edka. Biely k\u00f4\u0148, ktor\u00fd patril k <span class=\"iwg-fachbegriff\" data-tooltip=\"Stavba sl\u00fa\u017eiaca na uctievanie jedn\u00e9ho alebo viacer\u00fdch bo\u017estiev.\" tabindex=\"0\">chr\u00e1mu<\/span>, je hlavn\u00fdm zvierac\u00edm sprievodcom. Biela farba je <span class=\"iwg-fachbegriff\" data-tooltip=\"Patriaci k sv\u00e4t\u00e9mu alebo n\u00e1bo\u017eensk\u00e9mu, na rozdiel od svetsk\u00e9ho.\" tabindex=\"0\">sakr\u00e1lna<\/span> a v pobaltsko-slovanskom <span class=\"iwg-fachbegriff\" data-tooltip=\"S\u00fabor v\u0161etk\u00fdch bohov nejak\u00e9ho n\u00e1bo\u017eenstva alebo kult\u00fary.\" tabindex=\"0\">pante\u00f3ne<\/span> bola sp\u00e1jan\u00e1 s najvy\u0161\u0161\u00edmi bohmi.<\/p>\t\t\t\t\t\t\t\t<\/div>\n\t\t\t\t<\/div>\n\t\t<div class=\"elementor-element elementor-element-4d5ebe0 e-con-full e-flex e-con e-child\" data-id=\"4d5ebe0\" data-element_type=\"container\" data-e-type=\"container\">\n\t\t\t\t<div class=\"elementor-element elementor-element-e559cc8 elementor-widget elementor-widget-heading\" data-id=\"e559cc8\" data-element_type=\"widget\" data-e-type=\"widget\" data-widget_type=\"heading.default\">\n\t\t\t\t\t<h2 class=\"elementor-heading-title elementor-size-default\">Proroctvo a kultov\u00e1 prax<\/h2>\t\t\t\t<\/div>\n\t\t\t\t<div class=\"elementor-element elementor-element-bcbe50a elementor-widget elementor-widget-text-editor\" data-id=\"bcbe50a\" data-element_type=\"widget\" data-e-type=\"widget\" data-widget_type=\"text-editor.default\">\n\t\t\t\t\t\t\t\t\t<p>Saxo Grammaticus popisuje dve hlavn\u00e9 praktiky arkonsk\u00e9ho kultu. V\u00fdro\u010dn\u00fd do\u017einkov\u00fd sviatok sa konal po zbere obilia: k\u0148az sa pozrel do pijacieho rohu sochy, do ktor\u00e9ho bolo predch\u00e1dzaj\u00faci rok naliate v\u00edno. Ak sa hladina v\u00edna nezmenila, ve\u0161tilo to dobr\u00fd \u00farodn\u00fd rok; ak klesla, hrozil hlad.<\/p><p>N\u00e1sledne bol rohu vypr\u00e1zdnen\u00fd a naplnen\u00fd nov\u00fdm v\u00ednom; k\u0148az vypil prv\u00fd d\u00fa\u0161ok, vyriekol <span class=\"iwg-fachbegriff\" data-tooltip=\"Vyprosenie blaha a ochrany, \u010dasto v pevnej jazykovej forme.\" tabindex=\"0\">po\u017eehnanie<\/span> nad Ranmi a sviatok sa skon\u010dil zjeden\u00edm obrovsk\u00e9ho okr\u00fahleho medov\u00e9ho kol\u00e1\u010da, za ktor\u00fd sa k\u0148az skryl, aby sa sp\u00fdtal, \u010di ho zhroma\u017eden\u00ed vidia.<\/p>\n<p>Najzn\u00e1mej\u0161ou <span class=\"iwg-fachbegriff\" data-tooltip=\"Miesto alebo zariadenie, na ktorom sa vyh\u013ead\u00e1va bo\u017esk\u00fd v\u00fdrok.\" tabindex=\"0\">ve\u0161tbou<\/span> bola konsk\u00e1 <span class=\"iwg-fachbegriff\" data-tooltip=\"Miesto alebo zariadenie, na ktorom sa vyh\u013ead\u00e1va bo\u017esk\u00fd v\u00fdrok.\" tabindex=\"0\">ve\u0161tba<\/span>. V <span class=\"iwg-fachbegriff\" data-tooltip=\"Stavba sl\u00fa\u017eiaca na uctievanie jedn\u00e9ho alebo viacer\u00fdch bo\u017estiev.\" tabindex=\"0\">chr\u00e1me<\/span> bol chovan\u00fd biely k\u00f4\u0148, ktor\u00e9ho sa smel dotkn\u00fa\u0165 iba ve\u013ek\u0148az. Pred vojensk\u00fdmi v\u00fdpravami boli do zeme skr\u00ed\u017eene zapichnut\u00e9 tri rady po dvoch kopiach; k\u00f4\u0148 bol trikr\u00e1t preveden\u00fd cez tieto kopije.<\/p><p>Ak k\u00f4\u0148 za\u010dal krokom pravou prednou nohou, znamenalo to v\u00ed\u0165azstvo; ak \u013eavou, v\u00fdprava bola zru\u0161en\u00e1 alebo odlo\u017een\u00e1. T\u00e1to praktika je z h\u013eadiska religionistiky zvl\u00e1\u0161\u0165 zauj\u00edmav\u00e1, preto\u017ee je \u0161truktur\u00e1lne spojen\u00e1 s hippomantick\u00fdm komplexom indoeur\u00f3pskej konskej ve\u0161tby, ktor\u00fd je dolo\u017een\u00fd aj u Hetitov, Sk\u00fdtov, Germ\u00e1nov (Tacitus, \u00abGermania\u00bb, kapitola 10) a perzsk\u00fdch m\u00e1gov.<\/p>\t\t\t\t\t\t\t\t<\/div>\n\t\t\t\t<\/div>\n\t\t<div class=\"elementor-element elementor-element-5dc7e79 e-con-full e-flex e-con e-child\" data-id=\"5dc7e79\" data-element_type=\"container\" data-e-type=\"container\">\n\t\t\t\t<div class=\"elementor-element elementor-element-909e93f elementor-widget elementor-widget-heading\" data-id=\"909e93f\" data-element_type=\"widget\" data-e-type=\"widget\" data-widget_type=\"heading.default\">\n\t\t\t\t\t<h2 class=\"elementor-heading-title elementor-size-default\">Poklad a trib\u00fat<\/h2>\t\t\t\t<\/div>\n\t\t\t\t<div class=\"elementor-element elementor-element-61c1c28 elementor-widget elementor-widget-text-editor\" data-id=\"61c1c28\" data-element_type=\"widget\" data-e-type=\"widget\" data-widget_type=\"text-editor.default\">\n\t\t\t\t\t\t\t\t\t<p><span class=\"iwg-fachbegriff\" data-tooltip=\"Stavba sl\u00fa\u017eiaca na uctievanie jedn\u00e9ho alebo viacer\u00fdch bo\u017estiev.\" tabindex=\"0\">Chr\u00e1m<\/span> v Arkone bol nesmierne bohat\u00fd. Saxo popisuje obrovsk\u00e9 mno\u017estvo zlata, striebra, l\u00e1tok a drah\u00fdch kame\u0148ov, ktor\u00e9 sa ako koris\u0165, trib\u00fat alebo obetn\u00fd dar hromadili v pokladnici. Ka\u017ed\u00fd Ranan musel ro\u010dne odvies\u0165 ur\u010dit\u00fa sumu <span class=\"iwg-fachbegriff\" data-tooltip=\"Stavba sl\u00fa\u017eiaca na uctievanie jedn\u00e9ho alebo viacer\u00fdch bo\u017estiev.\" tabindex=\"0\">chr\u00e1mu<\/span>; z celej koristi z vojensk\u00fdch v\u00fdprav bola tretina odovzdan\u00e1 Sventovidovi.<\/p><p><span class=\"iwg-fachbegriff\" data-tooltip=\"Stavba sl\u00fa\u017eiaca na uctievanie jedn\u00e9ho alebo viacer\u00fdch bo\u017estiev.\" tabindex=\"0\">Chr\u00e1m<\/span> mal vlastn\u00fdch vojakov a jazdectvo (pod\u013ea Saxa tristo jazdcov), ktor\u00e9 podliehalo najvy\u0161\u0161iemu veleniu ve\u013ek\u0148aza. Toto vojensko-n\u00e1bo\u017eensk\u00e9 spojenie je jedine\u010dn\u00fdm rysom polabskoslovansk\u00e9ho n\u00e1bo\u017eenstva a ukazuje, ako daleko Sventovid prer\u00e1stol funkciu oby\u010dajn\u00e9ho kme\u0148ov\u00e9ho boha.<\/p>\t\t\t\t\t\t\t\t<\/div>\n\t\t\t\t<\/div>\n\t\t<div class=\"elementor-element elementor-element-5f28234 e-con-full e-flex e-con e-child\" data-id=\"5f28234\" data-element_type=\"container\" data-e-type=\"container\">\n\t\t\t\t<div class=\"elementor-element elementor-element-d2a127a elementor-widget elementor-widget-heading\" data-id=\"d2a127a\" data-element_type=\"widget\" data-e-type=\"widget\" data-widget_type=\"heading.default\">\n\t\t\t\t\t<h2 class=\"elementor-heading-title elementor-size-default\">Zni\u010denie Arkony roku 1168<\/h2>\t\t\t\t<\/div>\n\t\t\t\t<div class=\"elementor-element elementor-element-8a7f284 elementor-widget elementor-widget-text-editor\" data-id=\"8a7f284\" data-element_type=\"widget\" data-e-type=\"widget\" data-widget_type=\"text-editor.default\">\n\t\t\t\t\t\t\t\t\t<p>Pri d\u00e1nskom dobyt\u00ed pod veden\u00edm kr\u00e1\u013ea Valdemara I. a biskupa Absalona z Roskilde v j\u00fani 1168 bola Arkona obliehan\u00e1 a po kr\u00e1tkej obrane dobyt\u00e1. Saxo Grammaticus, ktor\u00e9ho spr\u00e1va sa zaklad\u00e1 na svedectv\u00e1ch priamych \u00fa\u010dastn\u00edkov Absalona, popisuje zni\u010denie sochy: bola zvrhnut\u00e1, roz\u0161tiepen\u00e1 na kusy a sp\u00e1len\u00e1.<\/p><p>Pokladnica bola vypr\u00e1zdnen\u00e1, chr\u00e1mov\u00fd okrsok zb\u00faran\u00fd. Rani boli na mieste n\u00e1silne pokrsten\u00ed; oblas\u0165 bola podriaden\u00e1 roskildsk\u00e9mu biskupstvu a za\u010dlenen\u00e1 do d\u00e1nskej moci. T\u00fdmto zni\u010den\u00edm pohansk\u00e9 n\u00e1bo\u017eenstvo na Rujane \u00faradne skon\u010dilo, aj ke\u010f \u013eudov\u00e9 zvyky a <span class=\"iwg-fachbegriff\" data-tooltip=\"Tradovan\u00e1 \u013eudov\u00e1 kult\u00fara so zvykmi, rozpr\u00e1vaniami a pies\u0148ami.\" tabindex=\"0\">folkl\u00f3r<\/span> pretrvali e\u0161te dlho.<\/p>\t\t\t\t\t\t\t\t<\/div>\n\t\t\t\t<\/div>\n\t\t<div class=\"elementor-element elementor-element-f94f7f9 e-con-full e-flex e-con e-child\" data-id=\"f94f7f9\" data-element_type=\"container\" data-e-type=\"container\">\n\t\t\t\t<div class=\"elementor-element elementor-element-7f7a1d9 elementor-widget elementor-widget-heading\" data-id=\"7f7a1d9\" data-element_type=\"widget\" data-e-type=\"widget\" data-widget_type=\"heading.default\">\n\t\t\t\t\t<h2 class=\"elementor-heading-title elementor-size-default\">Religionisticke zaradenie a identita<\/h2>\t\t\t\t<\/div>\n\t\t\t\t<div class=\"elementor-element elementor-element-c5122d9 elementor-widget elementor-widget-text-editor\" data-id=\"c5122d9\" data-element_type=\"widget\" data-e-type=\"widget\" data-widget_type=\"text-editor.default\">\n\t\t\t\t\t\t\t\t\t<p>Sventovid bol vo v\u00fdskume opakovane d\u00e1van\u00fd do s\u00favislosti s in\u00fdmi slovansk\u00fdmi bohmi. Helmold z Bosau zd\u00f4raz\u0148uje jeho nadradenos\u0165 nad ostatn\u00fdmi bohmi, \u010do sved\u010d\u00ed o henoteistickej \u0161trukt\u00fare ransk\u00e9ho pante\u00f3nu: najvy\u0161\u0161\u00ed boh s podriaden\u00fdmi polobohmi.<\/p><p><span data-nosnippet>Aleksander Br\u00fcckner pova\u017eoval Sventovida za region\u00e1lnu variantu v\u0161eobecne slovansk\u00e9ho hromovl\u00e1dcu Peruna, \u010do dne\u0161n\u00fd v\u00fdskum vo ve\u013ekej miere odmieta. Aleksander Gieysztor (\u00abMitologia S\u0142owian\u00bb, 1982) videl v Sventovidovi samostatn\u00e9 hlavn\u00e9 bo\u017estvo pobaltsk\u00fdch Slovanov s kozmologickou funkciou, na ktor\u00fa poukazuje jeho \u0161tvortv\u00e1ros\u0165.<\/span><\/p>\n<p><span data-nosnippet>Ji\u0159\u00ed Dynda v roku 2014 navrhol ch\u00e1pa\u0165 Sventovida ako baltsko-slovansk\u00fa adapt\u00e1ciu \u0161ir\u0161ie roz\u0161\u00edren\u00e9ho indoeur\u00f3pskeho \u201eboha svetovidu\u201c, ktor\u00e9ho \u0161tvortv\u00e1ros\u0165 symbolizuje kozmick\u00e9 videnie. \u0160truktur\u00e1lne paralely mo\u017eno n\u00e1js\u0165 v chetitskom <span class=\"iwg-fachbegriff\" data-tooltip=\"S\u00fahrn bohov n\u00e1bo\u017eenstva alebo kult\u00fary.\" tabindex=\"0\">pante\u00f3ne<\/span> Hatti a v hinduistickom Brahmovi, ktor\u00fd je tie\u017e zobrazovan\u00fd so \u0161tyrmi tv\u00e1rami. Toto typologick\u00e9 zaradenie v\u0161ak zost\u00e1va hypotetick\u00e9.<\/span><\/p>\t\t\t\t\t\t\t\t<\/div>\n\t\t\t\t<\/div>\n\t\t<div class=\"elementor-element elementor-element-ea0bae3 e-con-full e-flex e-con e-child\" data-id=\"ea0bae3\" data-element_type=\"container\" data-e-type=\"container\">\n\t\t\t\t<div class=\"elementor-element elementor-element-b5e2d9a elementor-widget elementor-widget-heading\" data-id=\"b5e2d9a\" data-element_type=\"widget\" data-e-type=\"widget\" data-widget_type=\"heading.default\">\n\t\t\t\t\t<h2 class=\"elementor-heading-title elementor-size-default\">Etymol\u00f3gia<\/h2>\t\t\t\t<\/div>\n\t\t\t\t<div class=\"elementor-element elementor-element-d9c3b25 elementor-widget elementor-widget-text-editor\" data-id=\"d9c3b25\" data-element_type=\"widget\" data-e-type=\"widget\" data-widget_type=\"text-editor.default\">\n\t\t\t\t\t\t\t\t\t<p>Meno \u00abSventovit\u00bb sa sklad\u00e1 z praslovansk\u00e9ho \u00absv\u0119t\u044a\u00bb (<span class=\"iwg-fachbegriff\" data-tooltip=\"Patriaci k bo\u017esk\u00e9mu, a preto vy\u0148at\u00fd z be\u017en\u00e9ho pou\u017eitia.\" tabindex=\"0\">sv\u00e4t\u00fd<\/span>) a \u00abvit\u044a\u00bb (p\u00e1n, v\u00ed\u0165az alebo sveteln\u00fd zjav). V\u00fdznam by teda bol \u00abSv\u00e4t\u00fd p\u00e1n\u00bb alebo \u00ab<span class=\"iwg-fachbegriff\" data-tooltip=\"Patriaci k bo\u017esk\u00e9mu, a preto vy\u0148at\u00fd z be\u017en\u00e9ho pou\u017eitia.\" tabindex=\"0\">Sv\u00e4t\u00fd<\/span>-\u017eiariaci\u00bb. Ot\u00e1zka, \u010di druh\u00e1 \u010das\u0165 s\u00favis\u00ed so starorusk\u00fdm \u00abvit\u00bb (vidie\u0165, h\u013eadie\u0165), \u010do by dodato\u010dne motivovalo \u0161tvortv\u00e1ros\u0165, je jazykovedne diskutovan\u00e1.<\/p><p>Neskor\u0161ia v\u00fdchodoslovansk\u00e1 <span class=\"iwg-fachbegriff\" data-tooltip=\"Odovzd\u00e1vanie vedomost\u00ed a rozpr\u00e1van\u00ed z gener\u00e1cie na gener\u00e1ciu.\" tabindex=\"0\">trad\u00edcia<\/span> zl\u00fa\u010dila meno so sv\u00e4t\u00fdm V\u00edtom (Vitus); ostrov Rujana a mesto Sv\u00e4t\u00fd V\u00edt (Slovinsko, Chorv\u00e1tsko) sp\u00e1jaj\u00fa kres\u0165ansk\u00e9ho sv\u00e4tca so star\u00fdm bohom synkretick\u00fdm sp\u00f4sobom.<\/p>\t\t\t\t\t\t\t\t<\/div>\n\t\t\t\t<\/div>\n\t\t<div class=\"elementor-element elementor-element-4b68bda e-con-full e-flex e-con e-child\" data-id=\"4b68bda\" data-element_type=\"container\" data-e-type=\"container\">\n\t\t\t\t<div class=\"elementor-element elementor-element-76e0f0b elementor-widget elementor-widget-heading\" data-id=\"76e0f0b\" data-element_type=\"widget\" data-e-type=\"widget\" data-widget_type=\"heading.default\">\n\t\t\t\t\t<h2 class=\"elementor-heading-title elementor-size-default\">\u010eal\u0161\u00ed osud a odkaz<\/h2>\t\t\t\t<\/div>\n\t\t\t\t<div class=\"elementor-element elementor-element-54cb4d0 elementor-widget elementor-widget-text-editor\" data-id=\"54cb4d0\" data-element_type=\"widget\" data-e-type=\"widget\" data-widget_type=\"text-editor.default\">\n\t\t\t\t\t\t\t\t\t<p>Po zni\u010den\u00ed Arkony ofici\u00e1lny <span class=\"iwg-fachbegriff\" data-tooltip=\"S\u00fahrn n\u00e1bo\u017eensk\u00fdch \u00fakonov uctievania venovan\u00fdch bo\u017estvu alebo sv\u00e4tej postave.\" tabindex=\"0\">kult<\/span> Sventovida \u00faplne zanikol. Stopy v \u013eudovej trad\u00edcii s\u00fa slab\u00e9, ale existuj\u00fa: nieko\u013eko rujansk\u00fdch povest\u00ed o \u00abSwantewitovi\u00bb na Witowskej hore, rozpr\u00e1vania o zatopen\u00fdch <span class=\"iwg-fachbegriff\" data-tooltip=\"Stavba sl\u00fa\u017eiaca na uctievanie jedn\u00e9ho alebo viacer\u00fdch bo\u017estiev.\" tabindex=\"0\">chr\u00e1moch<\/span> a o bielom koni z pohansk\u00fdch \u010dias.<\/p><p>V 19. storo\u010d\u00ed sa Sventovid stal identifika\u010dnou postavou po\u013esk\u00e9ho a \u010desk\u00e9ho romantizmu; Aleksander Br\u00fcckner, Josef Koll\u00e1r a \u010fal\u0161\u00ed panslavistick\u00ed myslitelia sa na\u0148ho odvol\u00e1vali ako na <span class=\"iwg-fachbegriff\" data-tooltip=\"Znak, ktor\u00fd zastupuje ist\u00fa predstavu alebo v\u00fdznam.\" tabindex=\"0\">symbol<\/span> samostatnej slovanskej vyspelej kult\u00fary.<\/p>\n<p>Dnes je Arkona archeologick\u00fdm parkom, zvy\u0161ky valu s\u00fa pr\u00edstupn\u00e9, samotn\u00fd <span class=\"iwg-fachbegriff\" data-tooltip=\"Stavba sl\u00fa\u017eiaca na uctievanie jedn\u00e9ho alebo viacer\u00fdch bo\u017estiev.\" tabindex=\"0\">chr\u00e1m<\/span> je mo\u017en\u00e9 rekon\u0161truova\u0165 len na z\u00e1klade z\u00e1kladov a n\u00e1lezov. V s\u00fa\u010dasnom rodnoverskom a novopohanskom hnut\u00ed strednej a v\u00fdchodnej Eur\u00f3py hr\u00e1 Sventovid d\u00f4le\u017eit\u00fa \u00falohu ako rekon\u0161truovan\u00fd hlavn\u00fd boh; toto modern\u00e9 uctievanie je z h\u013eadiska dej\u00edn n\u00e1bo\u017eenstva novou kon\u0161trukciou.<\/p>\t\t\t\t\t\t\t\t<\/div>\n\t\t\t\t<\/div>\n\t\t<div class=\"elementor-element elementor-element-d924bdf e-con-full e-flex e-con e-child\" data-id=\"d924bdf\" data-element_type=\"container\" data-e-type=\"container\">\n\t\t\t\t<div class=\"elementor-element elementor-element-891430a elementor-widget elementor-widget-heading\" data-id=\"891430a\" data-element_type=\"widget\" data-e-type=\"widget\" data-widget_type=\"heading.default\">\n\t\t\t\t\t<h2 class=\"elementor-heading-title elementor-size-default\">Pramene<\/h2>\t\t\t\t<\/div>\n\t\t\t\t<div class=\"elementor-element elementor-element-e816673 elementor-widget elementor-widget-text-editor\" data-id=\"e816673\" data-element_type=\"widget\" data-e-type=\"widget\" data-widget_type=\"text-editor.default\">\n\t\t\t\t\t\t\t\t\t<footer class=\"iwg-literatur\"><p><span data-nosnippet>Saxo Grammaticus, \u00abGesta Danorum\u00bb, Kniha XIV (okolo 1200), kritick\u00e9 vydanie Karsten Friis-Jensen, Oxford 2015. Helmold z Bosau, \u00abChronica Slavorum\u00bb (okolo 1170), preklad Heinz Stoob, Darmstadt 1963. \u00abKn\u00fdtlinga saga\u00bb (13. storo\u010die). Adam z Br\u00e9m, \u00abGesta Hammaburgensis ecclesiae pontificum\u00bb (1075). Thietmar z Merseburgu, \u00abChronicon\u00bb (za\u010diatok 11. storo\u010dia). D\u00e1nske an\u00e1ly z 12. a 13. storo\u010dia.<\/span><\/p>\n<ul><li><span data-nosnippet>Carl Schuchhardt, \u00abArkona, Rethra, Vineta\u00bb, Berl\u00edn 1926.<\/span><\/li><li><span data-nosnippet>Joachim Herrmann, \u00abDie Slawen in Deutschland\u00bb, Berl\u00edn 1985.<\/span><\/li><li><span data-nosnippet>Joachim Herrmann (ed.), \u00abSlawische Burgen in Deutschland\u00bb, Berl\u00edn 1976.<\/span><\/li><li><span data-nosnippet>Aleksander Br\u00fcckner, \u00abMitologia s\u0142owia\u0144ska\u00bb, Krakov 1918.<\/span><\/li><li><span data-nosnippet>Aleksander Gieysztor, \u00abMitologia S\u0142owian\u00bb, Var\u0161ava 1982.<\/span><\/li><li><span data-nosnippet>Henryk \u0141owmia\u0144ski, \u00abReligia S\u0142owian i jej upadek\u00bb, Var\u0161ava 1979.<\/span><\/li><li><span data-nosnippet>Vladimir Toporov a Vja\u010deslav Ivanov, \u00abIssledovaniya v oblasti slavyanskikh drevnostey\u00bb, Moskva 1974.<\/span><\/li><li><span data-nosnippet>Ji\u0159\u00ed Dynda, \u00abThe Four-Faced God: Slavic Cosmology Reconsidered\u00bb, Studia Mythologica Slavica 17, 2014.<\/span><\/li><li><span data-nosnippet>Leszek S\u0142upecki, \u00abSlavonic <span class=\"iwg-fachbegriff\" data-tooltip=\"Rovnak\u00fd v\u00fdznam ako pohansk\u00fd; pr\u00edslu\u0161n\u00fd k predkres\u0165ansk\u00e9mu n\u00e1bo\u017eenstvu.\" tabindex=\"0\">Pagan<\/span> Sanctuaries\u00bb, Var\u0161ava 1994.<\/span><\/li><\/ul><\/footer>\t\t\t\t\t\t\t\t<\/div>\n\t\t\t\t<\/div>\n\t\t<div class=\"elementor-element elementor-element-65c12ca e-con-full e-flex e-con e-child\" data-id=\"65c12ca\" data-element_type=\"container\" data-e-type=\"container\">\n\t\t\t\t<div class=\"elementor-element elementor-element-87486b7 elementor-widget elementor-widget-heading\" data-id=\"87486b7\" data-element_type=\"widget\" data-e-type=\"widget\" data-widget_type=\"heading.default\">\n\t\t\t\t\t<h2 class=\"elementor-heading-title elementor-size-default\">Dejiny pramenn\u00e9ho materi\u00e1lu Saxa a Helmolda<\/h2>\t\t\t\t<\/div>\n\t\t\t\t<div class=\"elementor-element elementor-element-c1a8290 elementor-widget elementor-widget-text-editor\" data-id=\"c1a8290\" data-element_type=\"widget\" data-e-type=\"widget\" data-widget_type=\"text-editor.default\">\n\t\t\t\t\t\t\t\t\t<p>\u00abGesta Danorum\u00bb od Saxa Grammatica je najd\u00f4le\u017eitej\u0161\u00edm, ale nie bezprobl\u00e9mov\u00fdm prame\u0148om o Sventovidovi. Saxo bol dvorn\u00fdm duchovn\u00fdm biskupa Absalona z Roskilde, ktor\u00fd viedol vojensk\u00e9 dobytie Arkony. Jeho popis chr\u00e1mu a kultovej praxe vych\u00e1dza priamo zo svedeck\u00fdch v\u00fdpoved\u00ed d\u00e1nskych v\u00ed\u0165azov.<\/p><p>Saxova spr\u00e1va je v\u0161ak priebe\u017ene ovplyvnen\u00e1 kres\u0165ansko-polemickou tendenciou: pohansk\u00e9 n\u00e1bo\u017eenstvo je vykres\u013eovan\u00e9 ako myln\u00e9, hl\u00fape a diabolsk\u00e9, jeho ritu\u00e1ly ako povera. Vedeck\u00e1 anal\u00fdza mus\u00ed t\u00fato tendenciu kriticky zoh\u013eadni\u0165 a sna\u017ei\u0165 sa oddeli\u0165 polemick\u00e9 sfarbenie od etnografick\u00fdch faktov.<\/p>\n<p>\u00abChronica Slavorum\u00bb Helmolda z Bosau (okolo 1170) je druh\u00fdm hlavn\u00fdm prame\u0148om, nap\u00edsan\u00fdm z perspekt\u00edvy severonemeckej slovanskej misie. Helmold bol far\u00e1rom v Bosau v Holsteine a pracoval pre misijne p\u00f4sobiaceho biskupa z L\u00fcbecku.<\/p><p>Jeho popis Sventovida je tie\u017e kres\u0165ansky prekryt\u00fd, obsahuje v\u0161ak hodnotn\u00e9 detaily o postaven\u00ed boha v r\u00e1nskom <span class=\"iwg-fachbegriff\" data-tooltip=\"S\u00fahrn bohov ist\u00e9ho n\u00e1bo\u017eenstva alebo kult\u00fary.\" tabindex=\"0\">pante\u00f3ne<\/span> a o kultovej praxi.<\/p><p>Helmold zd\u00f4raz\u0148uje, \u017ee R\u00e1novia pova\u017eovali Sventovida za \u00abnajvy\u0161\u0161ieho boha\u00bb a prin\u00e1\u0161ali mu <span class=\"iwg-fachbegriff\" data-tooltip=\"Dar bo\u017estvu na vyjadrenie v\u010faky, prosby alebo uctenia.\" tabindex=\"0\">obete<\/span> pred v\u0161etk\u00fdmi ostatn\u00fdmi bohmi. T\u00e1to henoteistick\u00e1 charakteristika je historicky v\u00fdznamn\u00e1 a mo\u017eno odli\u0161uje r\u00e1nsky <span class=\"iwg-fachbegriff\" data-tooltip=\"S\u00fahrn bohov ist\u00e9ho n\u00e1bo\u017eenstva alebo kult\u00fary.\" tabindex=\"0\">pante\u00f3n<\/span> od polyteistick\u00e9ho v\u00fdchodoslovansk\u00e9ho <span class=\"iwg-fachbegriff\" data-tooltip=\"S\u00fahrn bohov ist\u00e9ho n\u00e1bo\u017eenstva alebo kult\u00fary.\" tabindex=\"0\">pante\u00f3nu<\/span> Kyjevskej Rusi.<\/p>\t\t\t\t\t\t\t\t<\/div>\n\t\t\t\t<\/div>\n\t\t<div class=\"elementor-element elementor-element-e306f95 e-con-full e-flex e-con e-child\" data-id=\"e306f95\" data-element_type=\"container\" data-e-type=\"container\">\n\t\t\t\t<div class=\"elementor-element elementor-element-5bec20f elementor-widget elementor-widget-heading\" data-id=\"5bec20f\" data-element_type=\"widget\" data-e-type=\"widget\" data-widget_type=\"heading.default\">\n\t\t\t\t\t<h2 class=\"elementor-heading-title elementor-size-default\">Archeologick\u00fd v\u00fdskum Arkony<\/h2>\t\t\t\t<\/div>\n\t\t\t\t<div class=\"elementor-element elementor-element-7b1f075 elementor-widget elementor-widget-text-editor\" data-id=\"7b1f075\" data-element_type=\"widget\" data-e-type=\"widget\" data-widget_type=\"text-editor.default\">\n\t\t\t\t\t\t\t\t\t<p><span data-nosnippet>Archeologick\u00fd v\u00fdskum Arkony sa za\u010dal u\u017e v 19. storo\u010d\u00ed prv\u00fdmi vykop\u00e1vkami. Hlavn\u00fa pr\u00e1cu vykonal Carl Schuchhardt medzi rokmi 1921 a 1925, jeho dielo \u00abArkona, Rethra, Vineta\u00bb (Berl\u00edn 1926) je dodnes d\u00f4le\u017eitou referenciou.<\/span><\/p><p>Schuchhardt identifikoval zvy\u0161ky valu, zameral are\u00e1l hradiska a odkryl z\u00e1klady viacer\u00fdch dreven\u00fdch stavieb. Vzh\u013eadom na er\u00f3ziu strm\u00e9ho pobre\u017eia bola u\u017e v tom \u010dase v\u00e4\u010d\u0161ia \u010das\u0165 p\u00f4vodn\u00e9ho hradiska zni\u010den\u00e1 a zatopen\u00e1 morom.<\/p>\n<p><span data-nosnippet>Druh\u00e9 ve\u013ek\u00e9 v\u00fdskumn\u00e9 obdobie pod veden\u00edm Joachima Herrmanna medzi rokmi 1962 a 1971 prinieslo \u010fal\u0161ie n\u00e1lezy a presnej\u0161iu stratigrafiu. Herrmannove publik\u00e1cie (\u00abDie Slawen in Deutschland\u00bb, Berl\u00edn 1985; \u00abSlawische Burgen in Deutschland\u00bb, Berl\u00edn 1976) zost\u00e1vaj\u00fa z\u00e1kladn\u00fdm dielom baltoslovanskej <span class=\"iwg-fachbegriff\" data-tooltip=\"Veda, ktor\u00e1 sk\u00fama minul\u00e9 kult\u00fary na z\u00e1klade hmotn\u00fdch n\u00e1lezov.\" tabindex=\"0\">archeol\u00f3gie<\/span>.<\/span><\/p><p>V hrub\u00fdch rysoch potvrdili Saxov popis chr\u00e1mu n\u00e1lezmi, ktor\u00e9 dokladaj\u00fa Saxom pop\u00edsan\u00fa obd\u013a\u017enikov\u00fa stavbu a vn\u00fatorn\u00e9 sanktu\u00e1rium.<\/p>\n<p>Er\u00f3zia pobre\u017eia neust\u00e1le pokra\u010duje. Dnes (stav v 20. rokoch 21. storo\u010dia) sa zachovalo len asi 60 percent p\u00f4vodn\u00e9ho hradiska; zost\u00e1vaj\u00facich 40 percent sa za posledn\u00e9 dve storo\u010dia zr\u00fatilo do mora. \u00dapln\u00e1 rekon\u0161trukcia teda nie je mo\u017en\u00e1; s\u00fa\u010dasn\u00fd v\u00fdskum sa vo ve\u013ekej miere opiera o n\u00e1lezy Schuchhardta a Herrmanna.<\/p>\t\t\t\t\t\t\t\t<\/div>\n\t\t\t\t<\/div>\n\t\t<div class=\"elementor-element elementor-element-38b53ee e-con-full e-flex e-con e-child\" data-id=\"38b53ee\" data-element_type=\"container\" data-e-type=\"container\">\n\t\t\t\t<div class=\"elementor-element elementor-element-dcb40b4 elementor-widget elementor-widget-heading\" data-id=\"dcb40b4\" data-element_type=\"widget\" data-e-type=\"widget\" data-widget_type=\"heading.default\">\n\t\t\t\t\t<h2 class=\"elementor-heading-title elementor-size-default\">Zbru\u010dsk\u00fd idol a ikonografia \u0161tvortv\u00e1rnych bohov<\/h2>\t\t\t\t<\/div>\n\t\t\t\t<div class=\"elementor-element elementor-element-b7c3e21 elementor-widget elementor-widget-text-editor\" data-id=\"b7c3e21\" data-element_type=\"widget\" data-e-type=\"widget\" data-widget_type=\"text-editor.default\">\n\t\t\t\t\t\t\t\t\t<p>Najd\u00f4le\u017eitej\u0161\u00edm porovn\u00e1vac\u00edm objektom k soche Sventovida je Zbru\u010dsk\u00fd <span class=\"iwg-fachbegriff\" data-tooltip=\"Obraz alebo socha uctievan\u00e1 ako bo\u017esk\u00e1.\" tabindex=\"0\">idol<\/span>, v\u00e1pencov\u00fd pilier so \u0161tvortv\u00e1rov\u00fdm bohov\u00fdm <span class=\"iwg-fachbegriff\" data-tooltip=\"Plastick\u00e9, vyv\u00fd\u0161en\u00e9 zobrazenie vypracovan\u00e9 z plochy.\" tabindex=\"0\">reli\u00e9fom<\/span>, ktor\u00fd bol objaven\u00fd v roku 1848 v rieke Zbru\u010d v Gal\u00edcii (dnes Ukrajina).<\/p><p><span class=\"iwg-fachbegriff\" data-tooltip=\"Obraz alebo socha uctievan\u00e1 ako bo\u017esk\u00e1.\" tabindex=\"0\">Idol<\/span> meria pribli\u017ene 2,67 metra a na ka\u017edej zo svojich \u0161tyroch str\u00e1n zobrazuje odli\u0161n\u00e9 bohovsk\u00e9 reli\u00e9fy usporiadan\u00e9 v troch \u00farovniach nad sebou. Na hlave v tvare kocky sa nach\u00e1dzaj\u00fa \u0161tyri tv\u00e1re, ktor\u00e9 pripom\u00ednaj\u00fa Saxov popis Sventovida.<\/p>\n<p>Priradenie jednotliv\u00fdch reli\u00e9fov konkr\u00e9tnym slovansk\u00fdm bohom je sporn\u00e9. Boris Rybakov sa pok\u00fasil identifikova\u0165 v\u0161etky zobrazen\u00e9 postavy so zn\u00e1mymi bohmi (Per\u00fan, Moko\u0161, Lada, Da\u017ebog), tieto identifik\u00e1cie v\u0161ak nie s\u00fa presved\u010divo podlo\u017een\u00e9.<\/p><p><span data-nosnippet>Ist\u00e9 je len form\u00e1lne pr\u00edbuzenstvo \u0161tvortv\u00e1rovej kompoz\u00edcie s Saxov\u00fdm popisom. Leszek S\u0142upecki v diele \u00abSlavonic <span class=\"iwg-fachbegriff\" data-tooltip=\"Rovnak\u00fd v\u00fdznam ako pohansk\u00fd; pr\u00edslu\u0161nos\u0165 k predkres\u0165ansk\u00e9mu n\u00e1bo\u017eenstvu.\" tabindex=\"0\">Pagan<\/span> Sanctuaries\u00bb (Var\u0161ava 1994) porovnal Zbru\u010dsk\u00fd <span class=\"iwg-fachbegriff\" data-tooltip=\"Obraz alebo socha uctievan\u00e1 ako bo\u017esk\u00e1.\" tabindex=\"0\">idol<\/span> s \u010fal\u0161\u00edmi slovansk\u00fdmi bohov\u00fdmi idolmi a upozornil na v\u0161eobecn\u00fd v\u00fdznam viacerohlavosti pre slovansk\u00fa bohovsk\u00fa <span class=\"iwg-fachbegriff\" data-tooltip=\"N\u00e1uka o obsahu obrazov a ich v\u00fdzname.\" tabindex=\"0\">ikonografiu<\/span>.<\/span><\/p>\t\t\t\t\t\t\t\t<\/div>\n\t\t\t\t<\/div>\n\t\t<div class=\"elementor-element elementor-element-44c1ed8 e-con-full e-flex e-con e-child\" data-id=\"44c1ed8\" data-element_type=\"container\" data-e-type=\"container\">\n\t\t\t\t<div class=\"elementor-element elementor-element-fb9ac7e elementor-widget elementor-widget-heading\" data-id=\"fb9ac7e\" data-element_type=\"widget\" data-e-type=\"widget\" data-widget_type=\"heading.default\">\n\t\t\t\t\t<h2 class=\"elementor-heading-title elementor-size-default\">\u010eal\u0161\u00ed viachlav\u00ed bohovia baltsk\u00fdch Slovanov<\/h2>\t\t\t\t<\/div>\n\t\t\t\t<div class=\"elementor-element elementor-element-9d16e33 elementor-widget elementor-widget-text-editor\" data-id=\"9d16e33\" data-element_type=\"widget\" data-e-type=\"widget\" data-widget_type=\"text-editor.default\">\n\t\t\t\t\t\t\t\t\t<p>Okrem Sventovida uctievali baltsk\u00ed Slovania aj \u010fal\u0161\u00edch viachlav\u00fdch bohov. Triglav (trojhlav\u00fd) bol uctievan\u00fd v \u0160tet\u00edne (dnes Szczecin) a v Brandenburgu; jeho hlavn\u00e9 kultov\u00e9 miesto v \u0160tet\u00edne zni\u010dil v 12. storo\u010d\u00ed biskup Otto z Bambergu.<\/p><p>Svaro\u017ei\u010d (syn Svaroga) mal <span class=\"iwg-fachbegriff\" data-tooltip=\"Sv\u00e4t\u00e9 miesto zasv\u00e4ten\u00e9 uctievaniu bo\u017estva.\" tabindex=\"0\">sv\u00e4ty\u0148u<\/span> v Retre (mo\u017eno v dne\u0161nom Mecklenburgu), ktor\u00fa popisuj\u00fa Adam Br\u00e9msky a Thietmar z Merseburgu. Rugievit (sedemhlav\u00fd) a Porevit (p\u00e4\u0165hlav\u00fd) boli uctievan\u00ed aj na Rujane, v Garzi alebo Charenze, ich sv\u00e4tyne boli zni\u010den\u00e9 v roku 1168 spolu s Arkonou.<\/p>\n<p>Vysok\u00e1 koncentr\u00e1cia viachlav\u00fdch bohov u baltsk\u00fdch Slovanov je \u0161pecifikom tohto regi\u00f3nu. V\u00fdchodoslovansk\u00e1 trad\u00edcia nepozn\u00e1 porovnate\u013en\u00fa viachlavos\u0165; Vladim\u00edrov <span class=\"iwg-fachbegriff\" data-tooltip=\"S\u00fahrn bohov n\u00e1bo\u017eenstva alebo kult\u00fary.\" tabindex=\"0\">pante\u00f3n<\/span> Kyjevskej Rusi zobrazuje jednohlav\u00fdch bohov. Viachlavos\u0165 je tak z\u00e1padoslovansko-baltskou osobitos\u0165ou, ktor\u00fa treba z h\u013eadiska dej\u00edn n\u00e1bo\u017eenstva ch\u00e1pa\u0165 ako samostatn\u00fa trad\u00edciu.<\/p>\t\t\t\t\t\t\t\t<\/div>\n\t\t\t\t<\/div>\n\t\t<div class=\"elementor-element elementor-element-a696ddb e-con-full e-flex e-con e-child\" data-id=\"a696ddb\" data-element_type=\"container\" data-e-type=\"container\">\n\t\t\t\t<div class=\"elementor-element elementor-element-5e2b95b elementor-widget elementor-widget-heading\" data-id=\"5e2b95b\" data-element_type=\"widget\" data-e-type=\"widget\" data-widget_type=\"heading.default\">\n\t\t\t\t\t<h2 class=\"elementor-heading-title elementor-size-default\">Trad\u00edcia ko\u0148sk\u00e9ho or\u00e1kula<\/h2>\t\t\t\t<\/div>\n\t\t\t\t<div class=\"elementor-element elementor-element-42259d6 elementor-widget elementor-widget-text-editor\" data-id=\"42259d6\" data-element_type=\"widget\" data-e-type=\"widget\" data-widget_type=\"text-editor.default\">\n\t\t\t\t\t\t\t\t\t<p>Ko\u0148sk\u00e9 <span class=\"iwg-fachbegriff\" data-tooltip=\"Miesto alebo zariadenie, kde sa z\u00edskava bo\u017esk\u00fd v\u00fdrok.\" tabindex=\"0\">or\u00e1kulum<\/span> Arkony je historicky mimoriadne v\u00fdznamn\u00e9, preto\u017ee pokra\u010duje v indoeur\u00f3pskej trad\u00edcii, ktor\u00e1 je dolo\u017een\u00e1 v mnoh\u00fdch in\u00fdch kult\u00farach.<\/p><p>Tacitus v diele \u00abGermania\u00bb, kapitola 10, popisuje podobn\u00e9 ko\u0148sk\u00e9 <span class=\"iwg-fachbegriff\" data-tooltip=\"Miesto alebo zariadenie, kde sa z\u00edskava bo\u017esk\u00fd v\u00fdrok.\" tabindex=\"0\">or\u00e1kulum<\/span> Germ\u00e1nov: sv\u00e4t\u00e9 biele kone sa dotazovali pri vo\u013ebe kr\u00e1\u013eov a rozhodovan\u00ed o vojne, ich pohyb nad skryt\u00fdmi kopijami sa vykladal. Podobn\u00e9 ko\u0148sk\u00e9 <span class=\"iwg-fachbegriff\" data-tooltip=\"Miesto alebo zariadenie, kde sa z\u00edskava bo\u017esk\u00fd v\u00fdrok.\" tabindex=\"0\">or\u00e1kul\u00e1<\/span> s\u00fa dolo\u017een\u00e9 u Sk\u00fdtov, u hetitsk\u00fdch a perzsk\u00fdch m\u00e1gov.<\/p>\n<p>Hippomantia (ko\u0148sk\u00e1 <span class=\"iwg-fachbegriff\" data-tooltip=\"Vykladanie znamen\u00ed na rozpoznanie skryt\u00e9ho alebo bud\u00faceho.\" tabindex=\"0\">ve\u0161tba<\/span>) patr\u00ed medzi najstar\u0161ie indoeur\u00f3pske n\u00e1bo\u017eensk\u00e9 techniky. Vladimir Toporov t\u00fato trad\u00edciu systematicky vyhodnotil v r\u00e1mci indoeur\u00f3pskej porovn\u00e1vacej <span class=\"iwg-fachbegriff\" data-tooltip=\"S\u00fahrn tradovan\u00fdch pr\u00edbehov o bohoch danej kult\u00fary.\" tabindex=\"0\">mytol\u00f3gie<\/span> a upozornil na jej v\u00fdznam pri vo\u013ebe kr\u00e1\u013ea a rozhodovan\u00ed o vojne v indoeur\u00f3pskych spolo\u010dnostiach.<\/p><p>Sventovidovo <span class=\"iwg-fachbegriff\" data-tooltip=\"Miesto alebo zariadenie, kde sa z\u00edskava bo\u017esk\u00fd v\u00fdrok.\" tabindex=\"0\">or\u00e1kulum<\/span> v Arkone tak nie je ojedinel\u00fdm javom, ale neskorou a mimoriadne dobre zdokumentovanou verziou \u0161ir\u0161ie roz\u0161\u00edren\u00e9ho n\u00e1bo\u017eensk\u00e9ho komplexu.<\/p>\t\t\t\t\t\t\t\t<\/div>\n\t\t\t\t<\/div>\n\t\t<div class=\"elementor-element elementor-element-ccc5cf3 e-con-full e-flex e-con e-child\" data-id=\"ccc5cf3\" data-element_type=\"container\" data-e-type=\"container\">\n\t\t\t\t<div class=\"elementor-element elementor-element-43f48d5 elementor-widget elementor-widget-heading\" data-id=\"43f48d5\" data-element_type=\"widget\" data-e-type=\"widget\" data-widget_type=\"heading.default\">\n\t\t\t\t\t<h2 class=\"elementor-heading-title elementor-size-default\">Hospod\u00e1rsky a politick\u00fd v\u00fdznam Arkony<\/h2>\t\t\t\t<\/div>\n\t\t\t\t<div class=\"elementor-element elementor-element-513f951 elementor-widget elementor-widget-text-editor\" data-id=\"513f951\" data-element_type=\"widget\" data-e-type=\"widget\" data-widget_type=\"text-editor.default\">\n\t\t\t\t\t\t\t\t\t<p>Arkona nebola len n\u00e1bo\u017eensk\u00fdm centrom, ale aj hospod\u00e1rskou a politickou mocnos\u0165ou prv\u00e9ho rangu v z\u00e1padnej \u010dasti Baltsk\u00e9ho mora. Rani, slovansk\u00fd kme\u0148 ob\u00fdvaj\u00faci ostrov Rujana, viedli rozsiahly n\u00e1morn\u00fd obchod a kontrolovali baltsk\u00fd obchod s jant\u00e1rom.<\/p><p>Pokladnica chr\u00e1mu v Arkone bola tak legend\u00e1rna, \u017ee o nej hovoria aj nemeck\u00e9 a d\u00e1nske prame\u0148e. Saxo popisuje obrovsk\u00e9 mno\u017estv\u00e1 zlata, striebra, l\u00e1tok a drah\u00fdch kame\u0148ov, ktor\u00e9 sa v pokladnici hromadili ako trib\u00fat, koris\u0165 alebo dary.<\/p>\n<p><span class=\"iwg-fachbegriff\" data-tooltip=\"Stavba sl\u00fa\u017eiaca uctievaniu jedn\u00e9ho alebo viacer\u00fdch bo\u017estiev.\" tabindex=\"0\">Chr\u00e1m<\/span> mal vlastn\u00fdch vojakov a jazdectvo (pod\u013ea Saxa tristo jazdcov), ktor\u00ed podliehali najvy\u0161\u0161iemu veleniu ve\u013ek\u0148aza a podnikali vojensk\u00e9 v\u00fdpravy v mene boha.<\/p><p>Toto vojensko-n\u00e1bo\u017eensk\u00e9 prepojenie je v slovanskom priestore jedine\u010dn\u00e9 a pripom\u00edna viac <span class=\"iwg-fachbegriff\" data-tooltip=\"Stavba sl\u00fa\u017eiaca uctievaniu jedn\u00e9ho alebo viacer\u00fdch bo\u017estiev.\" tabindex=\"0\">chr\u00e1mov\u00e9<\/span> \u0161t\u00e1ty starovek\u00fdch orient\u00e1lnych vysok\u00fdch kult\u00far (Sumer, Babylon) ne\u017e <span class=\"iwg-fachbegriff\" data-tooltip=\"S\u00fahrn bohov n\u00e1bo\u017eenstva alebo kult\u00fary.\" tabindex=\"0\">pante\u00f3nov\u00e9<\/span> \u0161trukt\u00fary ostatn\u00e9ho indoeur\u00f3pskeho svetu. T\u00fdm sa Arkona st\u00e1va z h\u013eadiska dej\u00edn n\u00e1bo\u017eenstva mimoriadne zauj\u00edmav\u00fdm pr\u00edpadom.<\/p>\t\t\t\t\t\t\t\t<\/div>\n\t\t\t\t<\/div>\n\t\t<div class=\"elementor-element elementor-element-962925c e-con-full e-flex e-con e-child\" data-id=\"962925c\" data-element_type=\"container\" data-e-type=\"container\">\n\t\t\t\t<div class=\"elementor-element elementor-element-7c896b7 elementor-widget elementor-widget-heading\" data-id=\"7c896b7\" data-element_type=\"widget\" data-e-type=\"widget\" data-widget_type=\"heading.default\">\n\t\t\t\t\t<h2 class=\"elementor-heading-title elementor-size-default\">Zni\u010denie a jeho dlhodob\u00e9 n\u00e1sledky<\/h2>\t\t\t\t<\/div>\n\t\t\t\t<div class=\"elementor-element elementor-element-472d6f4 elementor-widget elementor-widget-text-editor\" data-id=\"472d6f4\" data-element_type=\"widget\" data-e-type=\"widget\" data-widget_type=\"text-editor.default\">\n\t\t\t\t\t\t\t\t\t<p>Zni\u010denie Arkony 15. j\u00fana 1168 d\u00e1nsko-pomoransk\u00fdm vojskom pod veden\u00edm Valdemara I. a biskupa Absalona znamenalo definit\u00edvny konec pohansk\u00e9ho n\u00e1bo\u017eenstva v oblasti Baltsk\u00e9ho mora.<\/p><p>Zatia\u013e \u010do in\u00ed z\u00e1padoslovansk\u00ed bohovia (Triglav v \u0160tet\u00edne, Svaro\u017ei\u010d v Retre) zanikli u\u017e o desiatky rokov sk\u00f4r, Arkona bola posledn\u00fdm ve\u013ek\u00fdm pohansk\u00fdm hradiskom strednej Eur\u00f3py. Jej zni\u010denie sa v d\u00e1nskej historiografii pova\u017euje za d\u00e1tum epoch\u00e1lneho v\u00fdznamu a historicky predstavuje zlomov\u00fd bod: s p\u00e1dom Arkony sa slovansk\u00e1 pohansk\u00e1 religiozita prestala praktizova\u0165 ako ofici\u00e1lne n\u00e1bo\u017eenstvo.<\/p>\n<p>V nasleduj\u00facich desa\u0165ro\u010diach bolo ransk\u00e9 obyvate\u013estvo n\u00e1silne christianizovan\u00e9. Ostrov Rujana bol podriaden\u00fd biskupstvu v Roskilde, nesk\u00f4r biskupstvu v Schwerine.<\/p><p>Ransk\u00fd jazyk zostal na niektor\u00fdch miestach \u017eiv\u00fd a\u017e do 15. storo\u010dia, potom v\u0161ak \u00faplne zanikol v prospech nem\u010diny. Pohansk\u00e9 n\u00e1bo\u017eenstvo sa v stop\u00e1ch zachovalo v niektor\u00fdch \u013eudov\u00fdch zvykoch, no u\u017e bez akejko\u013evek in\u0161titucionalizovanej formy.<\/p>\t\t\t\t\t\t\t\t<\/div>\n\t\t\t\t<\/div>\n\t\t<div class=\"elementor-element elementor-element-36bf597 e-con-full e-flex e-con e-child\" data-id=\"36bf597\" data-element_type=\"container\" data-e-type=\"container\">\n\t\t\t\t<div class=\"elementor-element elementor-element-0ab17ea elementor-widget elementor-widget-heading\" data-id=\"0ab17ea\" data-element_type=\"widget\" data-e-type=\"widget\" data-widget_type=\"heading.default\">\n\t\t\t\t\t<h2 class=\"elementor-heading-title elementor-size-default\">Sventovid vo vn\u00edman\u00ed modernej doby<\/h2>\t\t\t\t<\/div>\n\t\t\t\t<div class=\"elementor-element elementor-element-3dcb598 elementor-widget elementor-widget-text-editor\" data-id=\"3dcb598\" data-element_type=\"widget\" data-e-type=\"widget\" data-widget_type=\"text-editor.default\">\n\t\t\t\t\t\t\t\t\t<p>S n\u00e1stupom slovansk\u00e9ho n\u00e1rodn\u00e9ho romantizmu v 19. storo\u010d\u00ed sa Sventovid stal identifika\u010dnou postavou. \u010cesk\u00ed, po\u013esk\u00ed a ukrajinsk\u00ed spisovatelia sa na neho odvol\u00e1vali ako na <span class=\"iwg-fachbegriff\" data-tooltip=\"Znak, ktor\u00fd zastupuje ur\u010dit\u00fa predstavu alebo v\u00fdznam.\" tabindex=\"0\">symbol<\/span> samostatnej slovanskej vysokej kult\u00fary, ktor\u00fa zni\u010dila nemeck\u00e1 a d\u00e1nska expanzia.<\/p><p>Josef Koll\u00e1r, Aleksander Br\u00fcckner a \u010fal\u0161\u00ed panslavistick\u00ed myslitelia sa vo svojich dielach opakovane venovali Sventovidovi. V s\u00fa\u010dasnom rodnoverskom a novopohanskom hnut\u00ed je Sventovid jedn\u00fdm z najv\u00fdznamnej\u0161\u00edch hlavn\u00fdch bo\u017estiev rekon\u0161truovan\u00e9ho pante\u00f3nu, \u010dasto zobrazovan\u00fd ako panslovansk\u00e9 hlavn\u00e9 bo\u017estvo.<\/p>\n<p>Dnes je Arkona archeologick\u00fdm parkom a patr\u00ed medzi najnav\u0161tevovanej\u0161ie kult\u00farno-historick\u00e9 lokality Rujany. Maj\u00e1ky Kap Arkona stoja na \u00fazem\u00ed p\u00f4vodn\u00e9ho pohansk\u00e9ho okrsku, zvy\u0161ky hradiska s\u00fa \u010diasto\u010dne pr\u00edstupn\u00e9. Kto sa z \u00fatesu zad\u00edva na Baltsk\u00e9 more, h\u013ead\u00ed na miesto, kde bola v roku 1168 zni\u010den\u00e1 posledn\u00e1 pohansk\u00e1 pevnos\u0165 strednej Eur\u00f3py.<\/p>\t\t\t\t\t\t\t\t<\/div>\n\t\t\t\t<\/div>\n\t\t\t\t\t<\/div>\n\t\t\t\t<\/div>\n\t\t\t\t<\/div>\n\t\t","protected":false},"excerpt":{"rendered":"","protected":false},"author":3,"featured_media":3270,"parent":0,"menu_order":0,"comment_status":"closed","ping_status":"closed","template":"elementor_header_footer","meta":{"_yoast_wpseo_focuskw":"Sventovid","_yoast_wpseo_title":"Sventovid \u2013 hlavn\u00fd boh z\u00e1padn\u00fdch Slovanov | iWell Guard","_yoast_wpseo_metadesc":"Sventovid je \u0161tvorhlav\u00fd hlavn\u00fd boh z\u00e1padn\u00fdch Slovanov, ochranca ostrova Rujana a bo\u017estvo vojny a mieru.","_yoast_wpseo_meta-robots-noindex":"","_yoast_wpseo_canonical":"","_angie_page":false,"gefaehrdungsstufe":"","wesen_kultur":"","wesen_klasse":"","footnotes":""},"categories":[],"class_list":["post-158085","page","type-page","status-publish","has-post-thumbnail","hentry"],"yoast_head":"<!-- This site is optimized with the Yoast SEO Premium plugin v27.7 (Yoast SEO v28.3) - https:\/\/yoast.com\/product\/yoast-seo-premium-wordpress\/ -->\n<title>Sventovid \u2013 hlavn\u00fd boh z\u00e1padn\u00fdch Slovanov | iWell Guard<\/title>\n<meta name=\"description\" content=\"Sventovid je \u0161tvorhlav\u00fd hlavn\u00fd boh z\u00e1padn\u00fdch Slovanov, ochranca ostrova Rujana a bo\u017estvo vojny a mieru.\" \/>\n<meta name=\"robots\" content=\"index, follow, max-snippet:-1, max-image-preview:large, max-video-preview:-1\" \/>\n<link rel=\"canonical\" href=\"https:\/\/iwell-guard.com\/sk\/sventovid\/\" \/>\n<meta property=\"og:locale\" content=\"sk_SK\" \/>\n<meta property=\"og:type\" content=\"article\" \/>\n<meta property=\"og:title\" content=\"Sventovid\" \/>\n<meta property=\"og:description\" content=\"Sventovid je \u0161tvorhlav\u00fd hlavn\u00fd boh z\u00e1padn\u00fdch Slovanov, ochranca ostrova Rujana a bo\u017estvo vojny a mieru.\" \/>\n<meta property=\"og:url\" content=\"https:\/\/iwell-guard.com\/sk\/sventovid\/\" \/>\n<meta property=\"og:site_name\" content=\"iWell Guard\" \/>\n<meta property=\"article:modified_time\" content=\"2026-09-04T22:50:48+00:00\" \/>\n<meta property=\"og:image\" content=\"https:\/\/iwell-guard.com\/wp-content\/uploads\/2026\/05\/goetter_slawisch_sventovid-1.webp\" \/>\n\t<meta property=\"og:image:width\" content=\"1024\" \/>\n\t<meta property=\"og:image:height\" content=\"1536\" \/>\n\t<meta property=\"og:image:type\" content=\"image\/webp\" \/>\n<meta name=\"twitter:card\" content=\"summary_large_image\" \/>\n<script type=\"application\/ld+json\" class=\"yoast-schema-graph\">{\"@context\":\"https:\\\/\\\/schema.org\",\"@graph\":[{\"@type\":\"WebPage\",\"@id\":\"https:\\\/\\\/iwell-guard.com\\\/sk\\\/sventovid\\\/\",\"url\":\"https:\\\/\\\/iwell-guard.com\\\/sk\\\/sventovid\\\/\",\"name\":\"Sventovid \u2013 hlavn\u00fd boh z\u00e1padn\u00fdch Slovanov | iWell Guard\",\"isPartOf\":{\"@id\":\"https:\\\/\\\/iwell-guard.com\\\/sk\\\/#website\"},\"primaryImageOfPage\":{\"@id\":\"https:\\\/\\\/iwell-guard.com\\\/sk\\\/sventovid\\\/#primaryimage\"},\"image\":{\"@id\":\"https:\\\/\\\/iwell-guard.com\\\/sk\\\/sventovid\\\/#primaryimage\"},\"thumbnailUrl\":\"https:\\\/\\\/iwell-guard.com\\\/wp-content\\\/uploads\\\/2026\\\/05\\\/goetter_slawisch_sventovid-1.webp\",\"datePublished\":\"2026-09-04T22:21:23+00:00\",\"dateModified\":\"2026-09-04T22:50:48+00:00\",\"description\":\"Sventovid je \u0161tvorhlav\u00fd hlavn\u00fd boh z\u00e1padn\u00fdch Slovanov, ochranca ostrova Rujana a bo\u017estvo vojny a mieru.\",\"breadcrumb\":{\"@id\":\"https:\\\/\\\/iwell-guard.com\\\/sk\\\/sventovid\\\/#breadcrumb\"},\"inLanguage\":\"sk-SK\",\"potentialAction\":[{\"@type\":\"ReadAction\",\"target\":[\"https:\\\/\\\/iwell-guard.com\\\/sk\\\/sventovid\\\/\"]}]},{\"@type\":\"ImageObject\",\"inLanguage\":\"sk-SK\",\"@id\":\"https:\\\/\\\/iwell-guard.com\\\/sk\\\/sventovid\\\/#primaryimage\",\"url\":\"https:\\\/\\\/iwell-guard.com\\\/wp-content\\\/uploads\\\/2026\\\/05\\\/goetter_slawisch_sventovid-1.webp\",\"contentUrl\":\"https:\\\/\\\/iwell-guard.com\\\/wp-content\\\/uploads\\\/2026\\\/05\\\/goetter_slawisch_sventovid-1.webp\",\"width\":1024,\"height\":1536,\"caption\":\"Bohovia zo slovanskej trad\u00edcie.\"},{\"@type\":\"BreadcrumbList\",\"@id\":\"https:\\\/\\\/iwell-guard.com\\\/sk\\\/sventovid\\\/#breadcrumb\",\"itemListElement\":[{\"@type\":\"ListItem\",\"position\":1,\"name\":\"Start\",\"item\":\"https:\\\/\\\/iwell-guard.com\\\/sk\\\/?page_id=157572\"},{\"@type\":\"ListItem\",\"position\":2,\"name\":\"Sventovid\"}]},{\"@type\":\"WebSite\",\"@id\":\"https:\\\/\\\/iwell-guard.com\\\/sk\\\/#website\",\"url\":\"https:\\\/\\\/iwell-guard.com\\\/sk\\\/\",\"name\":\"iWell Guard\",\"description\":\"Schutz vor dunklen Einfl\u00fcssen\",\"publisher\":{\"@id\":\"https:\\\/\\\/iwell-guard.com\\\/sk\\\/#organization\"},\"potentialAction\":[{\"@type\":\"SearchAction\",\"target\":{\"@type\":\"EntryPoint\",\"urlTemplate\":\"https:\\\/\\\/iwell-guard.com\\\/sk\\\/?s={search_term_string}\"},\"query-input\":{\"@type\":\"PropertyValueSpecification\",\"valueRequired\":true,\"valueName\":\"search_term_string\"}}],\"inLanguage\":\"sk-SK\"},{\"@type\":\"Organization\",\"@id\":\"https:\\\/\\\/iwell-guard.com\\\/sk\\\/#organization\",\"name\":\"Ittermann electronic GmbH\",\"url\":\"https:\\\/\\\/iwell-guard.com\\\/sk\\\/\",\"logo\":{\"@type\":\"ImageObject\",\"inLanguage\":\"sk-SK\",\"@id\":\"https:\\\/\\\/iwell-guard.com\\\/sk\\\/#\\\/schema\\\/logo\\\/image\\\/\",\"url\":\"https:\\\/\\\/iwell-guard.com\\\/wp-content\\\/uploads\\\/2026\\\/05\\\/Ittermann-Logo-1182x237-1.png\",\"contentUrl\":\"https:\\\/\\\/iwell-guard.com\\\/wp-content\\\/uploads\\\/2026\\\/05\\\/Ittermann-Logo-1182x237-1.png\",\"width\":1182,\"height\":237,\"caption\":\"Ittermann electronic GmbH\"},\"image\":{\"@id\":\"https:\\\/\\\/iwell-guard.com\\\/sk\\\/#\\\/schema\\\/logo\\\/image\\\/\"},\"sameAs\":[\"https:\\\/\\\/pantip.com\\\/profile\\\/9367242\",\"https:\\\/\\\/micro.blog\\\/iwellguard\",\"https:\\\/\\\/www.diggerslist.com\\\/iwellguard\\\/about\",\"https:\\\/\\\/skitterphoto.com\\\/photographers\\\/2870314\\\/iwell-guard\",\"https:\\\/\\\/iwellguard.wordpress.com\\\/2026\\\/06\\\/06\\\/iwell-guard\\\/\",\"https:\\\/\\\/hub.docker.com\\\/u\\\/iwellguard\",\"https:\\\/\\\/www.pinterest.com\\\/iwellguard\\\/\",\"https:\\\/\\\/bit.ly\\\/m\\\/iwellguard\",\"https:\\\/\\\/entre-vos-mains.alsace.eu\\\/profiles\\\/iwellguard\\\/activity\",\"https:\\\/\\\/gravatar.com\\\/reallybeded8fd34\",\"https:\\\/\\\/naijamatta.com\\\/iwellguard\",\"https:\\\/\\\/www.goodreads.com\\\/iwellguard\",\"https:\\\/\\\/profile.hatena.ne.jp\\\/iwellguard\\\/\",\"https:\\\/\\\/experiment.com\\\/users\\\/iwellguard\",\"https:\\\/\\\/wakelet.com\\\/@iWellGuard82270\",\"https:\\\/\\\/www.chordie.com\\\/forum\\\/profile.php?id=2555664\",\"https:\\\/\\\/www.instapaper.com\\\/p\\\/17757966\",\"https:\\\/\\\/www.mapleprimes.com\\\/users\\\/iwellguard\",\"https:\\\/\\\/businesslistingplus.com\\\/profile\\\/iwell-guard\\\/\",\"https:\\\/\\\/telegra.ph\\\/iWell-Guard-06-06\",\"https:\\\/\\\/pbase.com\\\/iwellguard\\\/iwellguard\",\"https:\\\/\\\/b.hatena.ne.jp\\\/iwellguard\\\/20260607#bookmark-4788405196491818882\",\"https:\\\/\\\/fliphtml5.com\\\/home\\\/iwellguard\",\"https:\\\/\\\/anyflip.com\\\/homepage\\\/cmiwl#About\",\"https:\\\/\\\/transfur.com\\\/Users\\\/iwellguard\",\"http:\\\/\\\/delphi.larsbo.org\\\/user\\\/iwellguard\",\"https:\\\/\\\/jobs.lajobsportal.org\\\/profiles\\\/8380803-iwell-guard\",\"https:\\\/\\\/md.chaosdorf.de\\\/s\\\/jfbe5SBdJD\",\"https:\\\/\\\/www.lingvolive.com\\\/en-us\\\/profile\\\/9ecaeaca-ce11-4e51-9e71-01d55e2bff36\\\/translations\",\"https:\\\/\\\/www.fitday.com\\\/fitness\\\/forums\\\/members\\\/iwellguard.html\",\"https:\\\/\\\/www.mymeetbook.com\\\/iwellguard\",\"https:\\\/\\\/pxhere.com\\\/en\\\/photographer-me\\\/5040798\",\"https:\\\/\\\/disqus.com\\\/by\\\/iwellguard\\\/about\\\/\",\"https:\\\/\\\/pastelink.net\\\/hjwciqwq\",\"https:\\\/\\\/pubhtml5.com\\\/homepage\\\/scjhn\\\/\",\"https:\\\/\\\/www.bitchute.com\\\/channel\\\/2O2eOKzNqujT\",\"https:\\\/\\\/audiomack.com\\\/iwellguard\"]}]}<\/script>\n<!-- \/ Yoast SEO Premium plugin. -->","yoast_head_json":{"title":"Sventovid \u2013 hlavn\u00fd boh z\u00e1padn\u00fdch Slovanov | iWell Guard","description":"Sventovid je \u0161tvorhlav\u00fd hlavn\u00fd boh z\u00e1padn\u00fdch Slovanov, ochranca ostrova Rujana a bo\u017estvo vojny a mieru.","robots":{"index":"index","follow":"follow","max-snippet":"max-snippet:-1","max-image-preview":"max-image-preview:large","max-video-preview":"max-video-preview:-1"},"canonical":"https:\/\/iwell-guard.com\/sk\/sventovid\/","og_locale":"sk_SK","og_type":"article","og_title":"Sventovid","og_description":"Sventovid je \u0161tvorhlav\u00fd hlavn\u00fd boh z\u00e1padn\u00fdch Slovanov, ochranca ostrova Rujana a bo\u017estvo vojny a mieru.","og_url":"https:\/\/iwell-guard.com\/sk\/sventovid\/","og_site_name":"iWell Guard","article_modified_time":"2026-09-04T22:50:48+00:00","og_image":[{"width":1024,"height":1536,"url":"https:\/\/iwell-guard.com\/wp-content\/uploads\/2026\/05\/goetter_slawisch_sventovid-1.webp","type":"image\/webp"}],"twitter_card":"summary_large_image","schema":{"@context":"https:\/\/schema.org","@graph":[{"@type":"WebPage","@id":"https:\/\/iwell-guard.com\/sk\/sventovid\/","url":"https:\/\/iwell-guard.com\/sk\/sventovid\/","name":"Sventovid \u2013 hlavn\u00fd boh z\u00e1padn\u00fdch Slovanov | iWell Guard","isPartOf":{"@id":"https:\/\/iwell-guard.com\/sk\/#website"},"primaryImageOfPage":{"@id":"https:\/\/iwell-guard.com\/sk\/sventovid\/#primaryimage"},"image":{"@id":"https:\/\/iwell-guard.com\/sk\/sventovid\/#primaryimage"},"thumbnailUrl":"https:\/\/iwell-guard.com\/wp-content\/uploads\/2026\/05\/goetter_slawisch_sventovid-1.webp","datePublished":"2026-09-04T22:21:23+00:00","dateModified":"2026-09-04T22:50:48+00:00","description":"Sventovid je \u0161tvorhlav\u00fd hlavn\u00fd boh z\u00e1padn\u00fdch Slovanov, ochranca ostrova Rujana a bo\u017estvo vojny a mieru.","breadcrumb":{"@id":"https:\/\/iwell-guard.com\/sk\/sventovid\/#breadcrumb"},"inLanguage":"sk-SK","potentialAction":[{"@type":"ReadAction","target":["https:\/\/iwell-guard.com\/sk\/sventovid\/"]}]},{"@type":"ImageObject","inLanguage":"sk-SK","@id":"https:\/\/iwell-guard.com\/sk\/sventovid\/#primaryimage","url":"https:\/\/iwell-guard.com\/wp-content\/uploads\/2026\/05\/goetter_slawisch_sventovid-1.webp","contentUrl":"https:\/\/iwell-guard.com\/wp-content\/uploads\/2026\/05\/goetter_slawisch_sventovid-1.webp","width":1024,"height":1536,"caption":"Bohovia zo slovanskej trad\u00edcie."},{"@type":"BreadcrumbList","@id":"https:\/\/iwell-guard.com\/sk\/sventovid\/#breadcrumb","itemListElement":[{"@type":"ListItem","position":1,"name":"Start","item":"https:\/\/iwell-guard.com\/sk\/?page_id=157572"},{"@type":"ListItem","position":2,"name":"Sventovid"}]},{"@type":"WebSite","@id":"https:\/\/iwell-guard.com\/sk\/#website","url":"https:\/\/iwell-guard.com\/sk\/","name":"iWell Guard","description":"Schutz vor dunklen Einfl\u00fcssen","publisher":{"@id":"https:\/\/iwell-guard.com\/sk\/#organization"},"potentialAction":[{"@type":"SearchAction","target":{"@type":"EntryPoint","urlTemplate":"https:\/\/iwell-guard.com\/sk\/?s={search_term_string}"},"query-input":{"@type":"PropertyValueSpecification","valueRequired":true,"valueName":"search_term_string"}}],"inLanguage":"sk-SK"},{"@type":"Organization","@id":"https:\/\/iwell-guard.com\/sk\/#organization","name":"Ittermann electronic GmbH","url":"https:\/\/iwell-guard.com\/sk\/","logo":{"@type":"ImageObject","inLanguage":"sk-SK","@id":"https:\/\/iwell-guard.com\/sk\/#\/schema\/logo\/image\/","url":"https:\/\/iwell-guard.com\/wp-content\/uploads\/2026\/05\/Ittermann-Logo-1182x237-1.png","contentUrl":"https:\/\/iwell-guard.com\/wp-content\/uploads\/2026\/05\/Ittermann-Logo-1182x237-1.png","width":1182,"height":237,"caption":"Ittermann electronic GmbH"},"image":{"@id":"https:\/\/iwell-guard.com\/sk\/#\/schema\/logo\/image\/"},"sameAs":["https:\/\/pantip.com\/profile\/9367242","https:\/\/micro.blog\/iwellguard","https:\/\/www.diggerslist.com\/iwellguard\/about","https:\/\/skitterphoto.com\/photographers\/2870314\/iwell-guard","https:\/\/iwellguard.wordpress.com\/2026\/06\/06\/iwell-guard\/","https:\/\/hub.docker.com\/u\/iwellguard","https:\/\/www.pinterest.com\/iwellguard\/","https:\/\/bit.ly\/m\/iwellguard","https:\/\/entre-vos-mains.alsace.eu\/profiles\/iwellguard\/activity","https:\/\/gravatar.com\/reallybeded8fd34","https:\/\/naijamatta.com\/iwellguard","https:\/\/www.goodreads.com\/iwellguard","https:\/\/profile.hatena.ne.jp\/iwellguard\/","https:\/\/experiment.com\/users\/iwellguard","https:\/\/wakelet.com\/@iWellGuard82270","https:\/\/www.chordie.com\/forum\/profile.php?id=2555664","https:\/\/www.instapaper.com\/p\/17757966","https:\/\/www.mapleprimes.com\/users\/iwellguard","https:\/\/businesslistingplus.com\/profile\/iwell-guard\/","https:\/\/telegra.ph\/iWell-Guard-06-06","https:\/\/pbase.com\/iwellguard\/iwellguard","https:\/\/b.hatena.ne.jp\/iwellguard\/20260607#bookmark-4788405196491818882","https:\/\/fliphtml5.com\/home\/iwellguard","https:\/\/anyflip.com\/homepage\/cmiwl#About","https:\/\/transfur.com\/Users\/iwellguard","http:\/\/delphi.larsbo.org\/user\/iwellguard","https:\/\/jobs.lajobsportal.org\/profiles\/8380803-iwell-guard","https:\/\/md.chaosdorf.de\/s\/jfbe5SBdJD","https:\/\/www.lingvolive.com\/en-us\/profile\/9ecaeaca-ce11-4e51-9e71-01d55e2bff36\/translations","https:\/\/www.fitday.com\/fitness\/forums\/members\/iwellguard.html","https:\/\/www.mymeetbook.com\/iwellguard","https:\/\/pxhere.com\/en\/photographer-me\/5040798","https:\/\/disqus.com\/by\/iwellguard\/about\/","https:\/\/pastelink.net\/hjwciqwq","https:\/\/pubhtml5.com\/homepage\/scjhn\/","https:\/\/www.bitchute.com\/channel\/2O2eOKzNqujT","https:\/\/audiomack.com\/iwellguard"]}]}},"_links":{"self":[{"href":"https:\/\/iwell-guard.com\/sk\/wp-json\/wp\/v2\/pages\/158085","targetHints":{"allow":["GET"]}}],"collection":[{"href":"https:\/\/iwell-guard.com\/sk\/wp-json\/wp\/v2\/pages"}],"about":[{"href":"https:\/\/iwell-guard.com\/sk\/wp-json\/wp\/v2\/types\/page"}],"author":[{"embeddable":true,"href":"https:\/\/iwell-guard.com\/sk\/wp-json\/wp\/v2\/users\/3"}],"replies":[{"embeddable":true,"href":"https:\/\/iwell-guard.com\/sk\/wp-json\/wp\/v2\/comments?post=158085"}],"version-history":[{"count":0,"href":"https:\/\/iwell-guard.com\/sk\/wp-json\/wp\/v2\/pages\/158085\/revisions"}],"wp:featuredmedia":[{"embeddable":true,"href":"https:\/\/iwell-guard.com\/sk\/wp-json\/wp\/v2\/media\/3270"}],"wp:attachment":[{"href":"https:\/\/iwell-guard.com\/sk\/wp-json\/wp\/v2\/media?parent=158085"}],"wp:term":[{"taxonomy":"category","embeddable":true,"href":"https:\/\/iwell-guard.com\/sk\/wp-json\/wp\/v2\/categories?post=158085"}],"curies":[{"name":"wp","href":"https:\/\/api.w.org\/{rel}","templated":true}]}}