{"id":158083,"date":"2026-09-04T22:21:21","date_gmt":"2026-09-04T22:21:21","guid":{"rendered":"https:\/\/iwell-guard.com\/?page_id=158083"},"modified":"2026-09-04T22:50:44","modified_gmt":"2026-09-04T22:50:44","slug":"jarilo","status":"publish","type":"page","link":"https:\/\/iwell-guard.com\/sk\/jarilo\/","title":{"rendered":"Jarilo"},"content":{"rendered":"\t\t<div data-elementor-type=\"wp-page\" data-elementor-id=\"158083\" class=\"elementor elementor-158083 elementor-3032 elementor-bc-flex-widget\" data-elementor-post-type=\"page\">\n\t\t\t\t<div class=\"elementor-element elementor-element-e59cb9a e-flex e-con-boxed e-con e-parent\" data-id=\"e59cb9a\" data-element_type=\"container\" data-e-type=\"container\" data-settings=\"{&quot;background_background&quot;:&quot;classic&quot;}\">\n\t\t\t\t\t<div class=\"e-con-inner\">\n\t\t<div class=\"elementor-element elementor-element-aea652a e-flex e-con-boxed e-con e-child\" data-id=\"aea652a\" data-element_type=\"container\" data-e-type=\"container\">\n\t\t\t\t\t<div class=\"e-con-inner\">\n\t\t<div class=\"elementor-element elementor-element-8d7ff98 e-con-full e-flex e-con e-child\" data-id=\"8d7ff98\" data-element_type=\"container\" data-e-type=\"container\">\n\t\t\t\t<div class=\"elementor-element elementor-element-7c29b30 elementor-widget elementor-widget-heading\" data-id=\"7c29b30\" data-element_type=\"widget\" data-e-type=\"widget\" data-widget_type=\"heading.default\">\n\t\t\t\t\t<h1 class=\"elementor-heading-title elementor-size-default\">Jarilo, slovansk\u00fd boh jari<\/h1>\t\t\t\t<\/div>\n\t\t\t\t<div class=\"elementor-element elementor-element-cfd1a7a elementor-widget elementor-widget-text-editor\" data-id=\"cfd1a7a\" data-element_type=\"widget\" data-e-type=\"widget\" data-widget_type=\"text-editor.default\">\n\t\t\t\t\t\t\t\t\t<p>Jarilo je slovansk\u00fd boh jari a plodnosti, ktor\u00e9ho sviatok otv\u00e1ral teplej\u0161ie a rastom bohat\u00e9 ro\u010dn\u00e9 obdobie. Jarilo (aj Jary\u0142o, Jarila, u ju\u017en\u00fdch Slovanov Juraj\/Jurij) je v slovanskom <span class=\"iwg-fachbegriff\" data-tooltip=\"S\u00fahrn bohov nejak\u00e9ho n\u00e1bo\u017eenstva alebo kult\u00fary.\" tabindex=\"0\">pante\u00f3ne<\/span> bohom jari, plodnosti a znovu sa preb\u00fadzaj\u00facej veget\u00e1cie.<\/p><p>Patr\u00ed medzi bo\u017estva \u201eumieraj\u00faceho a vzkriesuj\u00faceho sa\u201c vegeta\u010dn\u00e9ho typu a je spojen\u00fd s ro\u010dn\u00fdm cyklom smrti a znovuzrodenia pr\u00edrody.<\/p><p>Na rozdiel od bohov vladimirskej \u0161estice nie je Jarilo priamo menovite dolo\u017een\u00fd v \u017eiadnom stredovekom prameni; jeho existencia sa rekon\u0161truuje z dobre zdokumentovanej v\u00fdchodoslovanskej a juhoslovanskej \u013eudovej trad\u00edcie jarilovsk\u00fdch zvykov. B\u00e1danie k nemu pr\u00edstupuje opatrnej\u0161ie ne\u017e napr\u00edklad k Perunovi \u010di Velesovi, jeho funkciu vegeta\u010dn\u00e9ho boha v\u0161ak pova\u017euje za historicky pravdepodobn\u00fa.<\/p>\t\t\t\t\t\t\t\t<\/div>\n\t\t\t\t<\/div>\n\t\t<div class=\"elementor-element elementor-element-648b17b e-con-full e-flex e-con e-parent\" data-id=\"648b17b\" data-element_type=\"container\" data-e-type=\"container\">\n\t\t\t\t<div class=\"elementor-element elementor-element-38dbae4 elementor-widget elementor-widget-html\" data-id=\"38dbae4\" data-element_type=\"widget\" data-e-type=\"widget\" data-widget_type=\"html.default\">\n\t\t\t\t\t<div class=\"iwg-pill-row\"><span class=\"iwg-klasse-badge\" tabindex=\"0\" data-tooltip=\"Boh \/ bohy\u0148a: Personifikovan\u00e1 najvy\u0161\u0161ia moc v pante\u00f3ne kult\u00fary, s jasn\u00fdmi kompetenciami \u2014 sily pr\u00edrody, osud, vojna, plodnos\u0165. Uctievan\u00fd prostredn\u00edctvom kultov, obet\u00ed a chr\u00e1mov\u00fdch in\u0161tit\u00faci\u00ed.\">Boh<\/span><a href=\"https:\/\/iwell-guard.com\/sk\/slovanske\/\" class=\"iwg-kultur-badge\" tabindex=\"0\" data-tooltip=\"Slovansk\u00e1 mytol\u00f3gia a \u013eudov\u00e9 n\u00e1bo\u017eenstvo, od 10. stor. prekryt\u00e9 kres\u0165anstvom.\">Slovansk\u00e9<\/a><\/div>\t\t\t\t<\/div>\n\t\t\t\t<\/div>\n\t\t<div class=\"elementor-element elementor-element-64bf48e e-con-full e-flex e-con e-child\" data-id=\"64bf48e\" data-element_type=\"container\" data-e-type=\"container\">\n\t\t\t\t<div class=\"elementor-element elementor-element-4e393b7 elementor-toc--minimized-on-tablet elementor-widget elementor-widget-table-of-contents\" data-id=\"4e393b7\" data-element_type=\"widget\" data-e-type=\"widget\" data-settings=\"{&quot;exclude_headings_by_selector&quot;:[],&quot;no_headings_message&quot;:&quot;Na tejto str\\u00e1nke sa nena\\u0161li \\u017eiadne nadpisy.&quot;,&quot;headings_by_tags&quot;:[&quot;h2&quot;,&quot;h3&quot;],&quot;marker_view&quot;:&quot;bullets&quot;,&quot;icon&quot;:{&quot;value&quot;:&quot;fas fa-circle&quot;,&quot;library&quot;:&quot;fa-solid&quot;,&quot;rendered_tag&quot;:&quot;&lt;svg class=\\&quot;e-font-icon-svg e-fas-circle\\&quot; viewBox=\\&quot;0 0 512 512\\&quot; xmlns=\\&quot;http:\\\/\\\/www.w3.org\\\/2000\\\/svg\\&quot;&gt;&lt;path d=\\&quot;M256 8C119 8 8 119 8 256s111 248 248 248 248-111 248-248S393 8 256 8z\\&quot;&gt;&lt;\\\/path&gt;&lt;\\\/svg&gt;&quot;},&quot;minimize_box&quot;:&quot;yes&quot;,&quot;minimized_on&quot;:&quot;tablet&quot;,&quot;hierarchical_view&quot;:&quot;yes&quot;,&quot;min_height&quot;:{&quot;unit&quot;:&quot;px&quot;,&quot;size&quot;:&quot;&quot;,&quot;sizes&quot;:[]},&quot;min_height_tablet&quot;:{&quot;unit&quot;:&quot;px&quot;,&quot;size&quot;:&quot;&quot;,&quot;sizes&quot;:[]},&quot;min_height_mobile&quot;:{&quot;unit&quot;:&quot;px&quot;,&quot;size&quot;:&quot;&quot;,&quot;sizes&quot;:[]}}\" data-widget_type=\"table-of-contents.default\">\n\t\t\t\t\t\t\t\t\t<div class=\"elementor-toc__header\">\n\t\t\t\t\t\t<h2 class=\"elementor-toc__header-title\">\n\t\t\t\tObsah\t\t\t<\/h2>\n\t\t\t\t\t\t\t\t\t\t<div class=\"elementor-toc__toggle-button elementor-toc__toggle-button--expand\" role=\"button\" tabindex=\"0\" aria-controls=\"elementor-toc__4e393b7\" aria-expanded=\"true\" aria-label=\"Open table of contents\"><svg aria-hidden=\"true\" class=\"e-font-icon-svg e-fas-chevron-down\" viewBox=\"0 0 448 512\" xmlns=\"http:\/\/www.w3.org\/2000\/svg\"><path d=\"M207.029 381.476L12.686 187.132c-9.373-9.373-9.373-24.569 0-33.941l22.667-22.667c9.357-9.357 24.522-9.375 33.901-.04L224 284.505l154.745-154.021c9.379-9.335 24.544-9.317 33.901.04l22.667 22.667c9.373 9.373 9.373 24.569 0 33.941L240.971 381.476c-9.373 9.372-24.569 9.372-33.942 0z\"><\/path><\/svg><\/div>\n\t\t\t\t<div class=\"elementor-toc__toggle-button elementor-toc__toggle-button--collapse\" role=\"button\" tabindex=\"0\" aria-controls=\"elementor-toc__4e393b7\" aria-expanded=\"true\" aria-label=\"Close table of contents\"><svg aria-hidden=\"true\" class=\"e-font-icon-svg e-fas-chevron-up\" viewBox=\"0 0 448 512\" xmlns=\"http:\/\/www.w3.org\/2000\/svg\"><path d=\"M240.971 130.524l194.343 194.343c9.373 9.373 9.373 24.569 0 33.941l-22.667 22.667c-9.357 9.357-24.522 9.375-33.901.04L224 227.495 69.255 381.516c-9.379 9.335-24.544 9.317-33.901-.04l-22.667-22.667c-9.373-9.373-9.373-24.569 0-33.941L207.03 130.525c9.372-9.373 24.568-9.373 33.941-.001z\"><\/path><\/svg><\/div>\n\t\t\t\t\t<\/div>\n\t\t\t\t<div id=\"elementor-toc__4e393b7\" class=\"elementor-toc__body\">\n\t\t\t<div class=\"elementor-toc__spinner-container\">\n\t\t\t\t<svg class=\"elementor-toc__spinner eicon-animation-spin e-font-icon-svg e-eicon-loading\" aria-hidden=\"true\" viewBox=\"0 0 1000 1000\" xmlns=\"http:\/\/www.w3.org\/2000\/svg\"><path d=\"M500 975V858C696 858 858 696 858 500S696 142 500 142 142 304 142 500H25C25 237 238 25 500 25S975 237 975 500 763 975 500 975Z\"><\/path><\/svg>\t\t\t<\/div>\n\t\t<\/div>\n\t\t\t\t\t\t<\/div>\n\t\t\t\t<\/div>\n\t\t\t\t\t<\/div>\n\t\t\t\t<\/div>\n\t\t<div class=\"elementor-element elementor-element-96751ac e-con-full e-flex e-con e-child\" data-id=\"96751ac\" data-element_type=\"container\" data-e-type=\"container\">\n\t\t\t\t<div class=\"elementor-element elementor-element-69e12b9 iwg-hero-image elementor-widget elementor-widget-image\" data-id=\"69e12b9\" data-element_type=\"widget\" data-e-type=\"widget\" data-widget_type=\"image.default\">\n\t\t\t\t\t\t\t\t\t\t\t\t\t\t\t<img fetchpriority=\"high\" decoding=\"async\" width=\"683\" height=\"1024\" src=\"https:\/\/iwell-guard.com\/wp-content\/uploads\/2026\/05\/goetter_slawisch_jarilo-683x1024.webp\" class=\"attachment-large size-large wp-image-159682\" alt=\"Jarilo \u2013 bohovia zo slovanskej trad\u00edcie, historicko-ilustra\u010dn\u00e9 zobrazenie\" srcset=\"https:\/\/iwell-guard.com\/wp-content\/uploads\/2026\/05\/goetter_slawisch_jarilo-683x1024.webp 683w, https:\/\/iwell-guard.com\/wp-content\/uploads\/2026\/05\/goetter_slawisch_jarilo-200x300.webp 200w, https:\/\/iwell-guard.com\/wp-content\/uploads\/2026\/05\/goetter_slawisch_jarilo-768x1152.webp 768w, https:\/\/iwell-guard.com\/wp-content\/uploads\/2026\/05\/goetter_slawisch_jarilo.webp 1024w\" sizes=\"(max-width: 683px) 100vw, 683px\" \/>\t\t\t\t\t\t\t\t\t\t\t\t\t\t\t<\/div>\n\t\t\t\t<\/div>\n\t\t\t\t\t<\/div>\n\t\t\t\t<\/div>\n\t\t<div class=\"elementor-element elementor-element-01dbec0 e-con-boxed e-flex e-con e-parent\" data-id=\"01dbec0\" data-element_type=\"container\" data-e-type=\"container\">\n\t\t\t\t\t<div class=\"e-con-inner\">\n\t\t<div class=\"elementor-element elementor-element-56cdb6e e-con-full e-flex e-con e-child\" data-id=\"56cdb6e\" data-element_type=\"container\" data-e-type=\"container\">\n\t\t\t\t<div class=\"elementor-element elementor-element-d835672 elementor-widget elementor-widget-heading\" data-id=\"d835672\" data-element_type=\"widget\" data-e-type=\"widget\" data-widget_type=\"heading.default\">\n\t\t\t\t\t<h2 class=\"elementor-heading-title elementor-size-default\">Meno a etymol\u00f3gia<\/h2>\t\t\t\t<\/div>\n\t\t\t\t<div class=\"elementor-element elementor-element-ef38cb2 elementor-widget elementor-widget-text-editor\" data-id=\"ef38cb2\" data-element_type=\"widget\" data-e-type=\"widget\" data-widget_type=\"text-editor.default\">\n\t\t\t\t\t\t\t\t\t<p>Meno \u201eJarilo\u201c sa odvodzuje od praslovansk\u00e9ho \u201ejar\u044a\u201c (\u201ejar, rok, hor\u00faci\u201c), s v\u00e4zbami na rusk\u00e9 \u201ejaryj\u201c (\u201ehorliv\u00fd, v\u00e1\u0161niv\u00fd, jarne jasn\u00fd\u201c), \u010desk\u00e9 \u201ejarn\u00ed\u201c a srbsk\u00e9 \u201ejar\u201c (\u201ejarn\u00e9 pole, jarn\u00e9 obilie\u201c). T\u00e1to etymol\u00f3gia jednozna\u010dne zara\u010fuje Jarila do oblasti jari a veget\u00e1cie. Pr\u00edpona \u201e-ilo\u201c je be\u017en\u00fd slovansk\u00fd tvoriv\u00fd prvok pre mu\u017esk\u00e9 osobn\u00e9 men\u00e1 a postavy.<\/p>\n<p>Spojenie s ukrajinsko-rusk\u00fdm menom \u201eJurij\u201c (sv\u00e4t\u00fd Juraj, slovansk\u00e1 forma mena Georgios) vyvolalo v b\u00e1dan\u00ed dlh\u0161iu diskusiu.<\/p><p>Roman Jakobson a \u010fal\u0161\u00ed lingvisti navrhli, \u017ee slovansk\u00fd kult sv\u00e4t\u00e9ho Juraja je v mnoh\u00fdch regi\u00f3noch kres\u0165ansk\u00fdm prekryt\u00edm predkres\u0165ansk\u00e9ho kultu Jarila, preto\u017ee d\u00e1tum sviatku sv\u00e4t\u00e9ho Juraja (23. apr\u00edla, pod\u013ea juli\u00e1nskeho kalend\u00e1ra) sa zhoduje s jarilovsk\u00fdmi jarn\u00fdmi zvykmi. T\u00e1to t\u00e9za je z h\u013eadiska dej\u00edn n\u00e1bo\u017eenstva pravdepodobn\u00e1, v jednotlivostiach sa v\u0161ak \u0165a\u017eko dokazuje.<\/p>\t\t\t\t\t\t\t\t<\/div>\n\t\t\t\t<\/div>\n\t\t<div class=\"elementor-element elementor-element-890cea6 e-con-full e-flex e-con e-child\" data-id=\"890cea6\" data-element_type=\"container\" data-e-type=\"container\">\n\t\t\t\t<div class=\"elementor-element elementor-element-e083ddc elementor-widget elementor-widget-heading\" data-id=\"e083ddc\" data-element_type=\"widget\" data-e-type=\"widget\" data-widget_type=\"heading.default\">\n\t\t\t\t\t<h2 class=\"elementor-heading-title elementor-size-default\">Funkcia a m\u00fdtus<\/h2>\t\t\t\t<\/div>\n\t\t\t\t<div class=\"elementor-element elementor-element-2e94ccc elementor-widget elementor-widget-text-editor\" data-id=\"2e94ccc\" data-element_type=\"widget\" data-e-type=\"widget\" data-widget_type=\"text-editor.default\">\n\t\t\t\t\t\t\t\t\t<p>Z \u013eudovej trad\u00edcie mo\u017eno rekon\u0161truova\u0165 nasleduj\u00faci mytologick\u00fd vzor: Jarilo sa objavuje na jar, zdob\u00ed zem kvetmi a obil\u00edm, sp\u00e1ja sa man\u017eelstvom s Marou (alebo Morenou, bohy\u0148ou zimy), v hlbokom lete je zabit\u00fd alebo <span class=\"iwg-fachbegriff\" data-tooltip=\"Patriaci k pevne stanoven\u00e9mu n\u00e1bo\u017eensk\u00e9mu obradn\u00e9mu postupu.\" tabindex=\"0\">ritu\u00e1lne<\/span> pochovan\u00fd a v nasleduj\u00facu jar sa vracia.<\/p><p>Vladimir Toporov a Vja\u010deslav Ivanov rekon\u0161truovali tento pr\u00edbeh vo svojich \u0161trukturalistick\u00fdch pr\u00e1cach ako variantu indoeur\u00f3pskeho \u201eumieraj\u00faceho a vzkriesuj\u00faceho sa boha\u201c.<\/p>\n<p>V juhoslovansk\u00fdch \u201ejarilovsk\u00fdch hr\u00e1ch\u201c sa smr\u0165 boha <span class=\"iwg-fachbegriff\" data-tooltip=\"Patriaci k pevne stanoven\u00e9mu n\u00e1bo\u017eensk\u00e9mu obradn\u00e9mu postupu.\" tabindex=\"0\">ritu\u00e1lne<\/span> zobrazuje: slamen\u00fa b\u00e1bu alebo mlad\u00e9ho chlapca, ktor\u00fd predstavuje Jarila, nes\u00fa cez dedinu, n\u00e1sledne je \u201ezabit\u00fd\u201c (sp\u00e1len\u00edm, potopen\u00edm do rieky alebo zahraban\u00edm) a sm\u00fatia za n\u00edm.<\/p><p>Tieto ritu\u00e1ly s\u00fa dolo\u017een\u00e9 v Srbsku, Bulharsku, Bielorusku, na Ukrajine a v \u010dasti Ruska a\u017e do za\u010diatku 20. storo\u010dia. James George Frazer sa im podrobne venoval v diele \u201eThe Golden Bough\u201c (1890 a\u017e 1915) a zaradil ich do svojho komplexu \u201eumieraj\u00facich bohov\u201c.<\/p>\t\t\t\t\t\t\t\t<\/div>\n\t\t\t\t<\/div>\n\t\t<div class=\"elementor-element elementor-element-0fcca88 e-con-full e-flex e-con e-child\" data-id=\"0fcca88\" data-element_type=\"container\" data-e-type=\"container\">\n\t\t\t\t<div class=\"elementor-element elementor-element-7e37f98 elementor-widget elementor-widget-heading\" data-id=\"7e37f98\" data-element_type=\"widget\" data-e-type=\"widget\" data-widget_type=\"heading.default\">\n\t\t\t\t\t<h2 class=\"elementor-heading-title elementor-size-default\">Uctievanie, zvyky a ritu\u00e1ly<\/h2>\t\t\t\t<\/div>\n\t\t\t\t<div class=\"elementor-element elementor-element-ff7a495 elementor-widget elementor-widget-text-editor\" data-id=\"ff7a495\" data-element_type=\"widget\" data-e-type=\"widget\" data-widget_type=\"text-editor.default\">\n\t\t\t\t\t\t\t\t\t<p>\u201eJarilin de\u0148\u201c (de\u0148 Jarila, v\u00e4\u010d\u0161inou za\u010diatok m\u00e1ja alebo 23. apr\u00edla pod\u013ea ortodoxno-juli\u00e1nskeho sviatku sv\u00e4t\u00e9ho Juraja) ozna\u010duje za\u010diatok jari.<\/p><p>V srbskej a chorv\u00e1tskej trad\u00edcii prech\u00e1dza dedinou mlad\u00fd chlapec s obiln\u00fdm vencom a v bielom r\u00fachu na bielom koni, sprev\u00e1dzan\u00fd diev\u010datami, ktor\u00e9 spievaj\u00fa piesne. V ukrajinskej trad\u00edcii je to mlad\u00e1 \u017eena v mu\u017eskom odeve, ktor\u00e1 prev\u00e1dza po poliach slamen\u00fa b\u00e1bu \u201eJarila\u201c.<\/p>\n<p>\u201eJarilov pohreb\u201c (\u201ePochorony Jarila\u201c) sa sl\u00e1vi v Bielorusku a na z\u00e1pade Ruska okolo J\u00e1na (24. j\u00fana): slamen\u00fa alebo dreven\u00fa fig\u00faru s mu\u017esk\u00fdm falusom pochov\u00e1vaj\u00fa so slzami alebo sp\u00e1lia.<\/p><p>Symbolicky sa t\u00fdm napodob\u0148uje smr\u0165 vegeta\u010dnej sily. V niektor\u00fdch regi\u00f3noch sprev\u00e1dzaj\u00fa rakvu milostn\u00e9 piesne a obsc\u00e9nne n\u00e1znaky, \u010do zd\u00f4raz\u0148uje plodnostno-magick\u00fd charakter tejto praxe.<\/p>\n<p>Sergej Tokarev (\u201eReligioznye verovaniya vosto\u010dnoslavjanskich narodov\u201c, 1957) a Vladimir Propp (\u201eRusskie agrarnye prazdniki\u201c, 1963) tieto zvyky podrobne zdokumentovali a upozornili na ich paralely s komplexom Adonis-Tamm\u00faz a so z\u00e1padoslovansk\u00fdm \u201ep\u00e1leniam Marzanny\u201c.<\/p>\t\t\t\t\t\t\t\t<\/div>\n\t\t\t\t<\/div>\n\t\t<div class=\"elementor-element elementor-element-29769d4 e-con-full e-flex e-con e-child\" data-id=\"29769d4\" data-element_type=\"container\" data-e-type=\"container\">\n\t\t\t\t<div class=\"elementor-element elementor-element-f7be2c6 elementor-widget elementor-widget-heading\" data-id=\"f7be2c6\" data-element_type=\"widget\" data-e-type=\"widget\" data-widget_type=\"heading.default\">\n\t\t\t\t\t<h2 class=\"elementor-heading-title elementor-size-default\">Ikonografia<\/h2>\t\t\t\t<\/div>\n\t\t\t\t<div class=\"elementor-element elementor-element-e6e01f1 elementor-widget elementor-widget-text-editor\" data-id=\"e6e01f1\" data-element_type=\"widget\" data-e-type=\"widget\" data-widget_type=\"text-editor.default\">\n\t\t\t\t\t\t\t\t\t<p>Na rozdiel od v\u00e4\u010d\u0161iny bohov neexistuj\u00fa pre Jarila \u017eiadne stredovek\u00e9 v\u00fdtvarn\u00e9 diela.<\/p><p>Jeho <span class=\"iwg-fachbegriff\" data-tooltip=\"N\u00e1uka o obsahu obrazov a ich v\u00fdzname.\" tabindex=\"0\">ikonografia<\/span> je rekon\u0161trukciou z \u013eudovej trad\u00edcie a romantick\u00e9ho umenia 19. storo\u010dia: mlad\u00fd mu\u017e, \u010dasto bos\u00fd a v bielej ko\u0161eli, niekedy s vencom z klasov alebo kvetov, jazdiaci na bielom koni, so zv\u00e4zkom klasov alebo s lebkou (ako <span class=\"iwg-fachbegriff\" data-tooltip=\"Znak, ktor\u00fd zastupuje ist\u00fa predstavu alebo v\u00fdznam.\" tabindex=\"0\">symbolom<\/span> cyklick\u00e9ho n\u00e1vratu) v ruke.<\/p><p>Toto zobrazenie je zhusten\u00edm juhoslovansk\u00fdch sviato\u010dn\u00fdch zvykov a nie je podlo\u017een\u00e9 historick\u00fdmi prame\u0148mi.<\/p>\t\t\t\t\t\t\t\t<\/div>\n\t\t\t\t<\/div>\n\t\t<div class=\"elementor-element elementor-element-98bb2bd e-con-full e-flex e-con e-child\" data-id=\"98bb2bd\" data-element_type=\"container\" data-e-type=\"container\">\n\t\t\t\t<div class=\"elementor-element elementor-element-2f2f806 elementor-widget elementor-widget-heading\" data-id=\"2f2f806\" data-element_type=\"widget\" data-e-type=\"widget\" data-widget_type=\"heading.default\">\n\t\t\t\t\t<h2 class=\"elementor-heading-title elementor-size-default\">N\u00e1bo\u017eenskohistorick\u00e9 zaradenie<\/h2>\t\t\t\t<\/div>\n\t\t\t\t<div class=\"elementor-element elementor-element-3bbe264 elementor-widget elementor-widget-text-editor\" data-id=\"3bbe264\" data-element_type=\"widget\" data-e-type=\"widget\" data-widget_type=\"text-editor.default\">\n\t\t\t\t\t\t\t\t\t<p>Jarilo patr\u00ed k roz\u0161\u00edren\u00e9mu typu \u00abumieraj\u00faceho a znovuvst\u00e1vaj\u00faceho boha veget\u00e1cie\u00bb. \u0160truktur\u00e1lne paralely nach\u00e1dzame u Adonisa (Gr\u00e9cko, s feni\u010dansko-s\u00fdrskymi korienmi), Tammuza\/Dumuziho (Mezopot\u00e1mia), Ozirisa (Egypt), Freyra (germ\u00e1nska mytol\u00f3gia) a v indickom vegeta\u010dnom komplexe okolo Kri\u0161nu.<\/p><p>James Frazer a Mircea Eliade op\u00edsali tento typ ako univerz\u00e1lny \u0161truktur\u00e1lny mot\u00edv; nov\u0161ia <span class=\"iwg-fachbegriff\" data-tooltip=\"Veda, ktor\u00e1 sk\u00fama n\u00e1bo\u017eenstv\u00e1 porovn\u00e1vac\u00edm sp\u00f4sobom a bez viery.\" tabindex=\"0\">religionistika<\/span> je v tomto oh\u013eade opatrnej\u0161ia a zd\u00f4raz\u0148uje kult\u00farnu jedine\u010dnos\u0165 ka\u017edej jednotlivej trad\u00edcie.<\/p>\n<p>V r\u00e1mci slovansk\u00e9ho pante\u00f3nu stoj\u00ed Jarilo v \u0161truktur\u00e1lnom vz\u0165ahu k Mare (Morene), zimnej bohyni a bohyni smrti, s ktorou je <span class=\"iwg-fachbegriff\" data-tooltip=\"Patriaci k pevne stanoven\u00e9mu n\u00e1bo\u017eensk\u00e9mu postupu.\" tabindex=\"0\">ritu\u00e1lne<\/span> zosob\u00e1\u0161en\u00fd, a k Velesovi, bohu podsvetia a st\u00e1d, do ktor\u00e9ho sf\u00e9ry vstupuje po svojej smrti.<\/p><p>Boris Rybakov vo svojom diele \u00abYazychestvo Drevney Rusi\u00bb (1987) na\u010drtol ve\u013emi rozpracovan\u00fa Jarilovu <span class=\"iwg-fachbegriff\" data-tooltip=\"Vedeck\u00e1 n\u00e1uka o Bohu a o viere n\u00e1bo\u017eenstva.\" tabindex=\"0\">teol\u00f3giu<\/span>; t\u00e1to je dnes pova\u017eovan\u00e1 za spekulat\u00edvne pre\u0165a\u017een\u00fa, jej z\u00e1kladn\u00e9 rysy v\u0161ak nov\u0161ie b\u00e1danie (Ji\u0159\u00ed Dynda) v podstate prevzalo.<\/p>\t\t\t\t\t\t\t\t<\/div>\n\t\t\t\t<\/div>\n\t\t<div class=\"elementor-element elementor-element-b81f7b1 e-con-full e-flex e-con e-child\" data-id=\"b81f7b1\" data-element_type=\"container\" data-e-type=\"container\">\n\t\t\t\t<div class=\"elementor-element elementor-element-4d89b24 elementor-widget elementor-widget-heading\" data-id=\"4d89b24\" data-element_type=\"widget\" data-e-type=\"widget\" data-widget_type=\"heading.default\">\n\t\t\t\t\t<h2 class=\"elementor-heading-title elementor-size-default\">Pre\u017e\u00edvanie v \u013eudovej trad\u00edcii<\/h2>\t\t\t\t<\/div>\n\t\t\t\t<div class=\"elementor-element elementor-element-99b3fd1 elementor-widget elementor-widget-text-editor\" data-id=\"99b3fd1\" data-element_type=\"widget\" data-e-type=\"widget\" data-widget_type=\"text-editor.default\">\n\t\t\t\t\t\t\t\t\t<p>Aj po christianiz\u00e1cii zostali Jarilove oby\u010daje \u017eiv\u00e9 v juhoslovanskom a v\u00fdchodoslovanskom \u013eudovom n\u00e1bo\u017eenstve. Splynutie so sv\u00e4t\u00fdm Jurajom (Jurij, Jaroslav) je klasick\u00fdm pr\u00edkladom synkretick\u00e9ho prekrytia: boj sv\u00e4t\u00e9ho Juraja s drakom bol v mnoh\u00fdch slovansk\u00fdch regi\u00f3noch sp\u00e1jan\u00fd s jarn\u00fdmi a vegeta\u010dn\u00fdmi mot\u00edvmi.<\/p><p>Na \u00abJurjev de\u0148\u00bb je v Srbsku sv\u00e4t\u00fd uctievan\u00fd ako ochranca st\u00e1d a jarn\u00fdch s\u00edl, \u010do jasne odkazuje na predkres\u0165ansk\u00e9 vrstvy.<\/p>\n<p>V ruskej, ukrajinskej a bieloruskej \u013eudovej trad\u00edcii pre\u017eili Jarilove oby\u010daje a\u017e do 20. storo\u010dia, \u010dasto zaraden\u00e9 do sviatkov \u00abRusalka\u00bb a \u00abKupala\u00bb. A\u017e sovietska \u00e9ra tieto zvyky systematicky potl\u00e1\u010dala; v posledn\u00fdch desa\u0165ro\u010diach za\u017e\u00edvaj\u00fa o\u017eivenie, \u010diasto\u010dne ako folkl\u00f3rna starostlivos\u0165, \u010diasto\u010dne v r\u00e1mci hnutia rodnoverie.<\/p>\t\t\t\t\t\t\t\t<\/div>\n\t\t\t\t<\/div>\n\t\t<div class=\"elementor-element elementor-element-b41f911 e-con-full e-flex e-con e-child\" data-id=\"b41f911\" data-element_type=\"container\" data-e-type=\"container\">\n\t\t\t\t<div class=\"elementor-element elementor-element-ab9b9ac elementor-widget elementor-widget-heading\" data-id=\"ab9b9ac\" data-element_type=\"widget\" data-e-type=\"widget\" data-widget_type=\"heading.default\">\n\t\t\t\t\t<h2 class=\"elementor-heading-title elementor-size-default\">Hist\u00f3ria v\u00fdskumu<\/h2>\t\t\t\t<\/div>\n\t\t\t\t<div class=\"elementor-element elementor-element-23baed5 elementor-widget elementor-widget-text-editor\" data-id=\"23baed5\" data-element_type=\"widget\" data-e-type=\"widget\" data-widget_type=\"text-editor.default\">\n\t\t\t\t\t\t\t\t\t<p>Vedeck\u00e9 sk\u00famanie Jarila za\u010dalo v 19. storo\u010d\u00ed romantickou folkloristikou (Pavel Chubinski, Aleksander Afanasjev, Vuk Karad\u017ei\u0107). Tieto zbierky s\u00fa bohat\u00e9, ale nekritick\u00e9 vo svojom hodnoten\u00ed. Kritick\u00fd zlom priniesol Aleksander Br\u00fcckner, ktor\u00fd spochybnil existenciu Jarila ako samostatn\u00e9ho boha.<\/p><p>Boris Rybakov a Aleksander Gieysztor Jarila znovu rehabilitovali ako hlavn\u00e9ho boha, Henryk \u0141owmia\u0144ski a s\u00fa\u010dasn\u00e9 b\u00e1danie sa prikl\u00e1\u0148aj\u00fa k strednej poz\u00edcii: Jarilo je dobre dolo\u017een\u00fd ako ritu\u00e1lna postava \u013eudov\u00e9ho n\u00e1bo\u017eenstva, jeho status hlavn\u00e9ho boha ofici\u00e1lneho pante\u00f3nu ran\u00fdch Slovanov v\u0161ak zost\u00e1va neist\u00fd.<\/p>\t\t\t\t\t\t\t\t<\/div>\n\t\t\t\t<\/div>\n\t\t<div class=\"elementor-element elementor-element-c318e66 e-con-full e-flex e-con e-child\" data-id=\"c318e66\" data-element_type=\"container\" data-e-type=\"container\">\n\t\t\t\t<div class=\"elementor-element elementor-element-283c08e elementor-widget elementor-widget-heading\" data-id=\"283c08e\" data-element_type=\"widget\" data-e-type=\"widget\" data-widget_type=\"heading.default\">\n\t\t\t\t\t<h2 class=\"elementor-heading-title elementor-size-default\">Pramene<\/h2>\t\t\t\t<\/div>\n\t\t\t\t<div class=\"elementor-element elementor-element-fa76923 elementor-widget elementor-widget-text-editor\" data-id=\"fa76923\" data-element_type=\"widget\" data-e-type=\"widget\" data-widget_type=\"text-editor.default\">\n\t\t\t\t\t\t\t\t\t<p>Priame stredovek\u00e9 pramene o Jarilovi ch\u00fdbaj\u00fa. Rekon\u0161trukcia sa opiera o: rusk\u00e9, ukrajinsk\u00e9, bielorusk\u00e9 a juhoslovansk\u00e9 \u013eudov\u00e9 piesne a spr\u00e1vy o oby\u010dajoch z 18. a\u017e 20. storo\u010dia, ktor\u00e9 zozbierali Aleksander Afanasjev, Pavel Chubinski, Vuk Karad\u017ei\u0107, Sergej Tokarev a Vladimir Propp; srbsk\u00e9 a chorv\u00e1tske etnografick\u00e9 spr\u00e1vy z 19. a za\u010diatku 20. storo\u010dia.<\/p><footer class=\"iwg-literatur\"><ul><li><span data-nosnippet>Aleksander Afanasjev, \u00abPoeticheskiye vozzreniya slavyan na prirodu\u00bb, 3 zv\u00e4zky, Moskva 1865 a\u017e 1869. Vuk Stefanovi\u0107 Karad\u017ei\u0107, \u00abSrpski rje\u010dnik\u00bb, Viede\u0148 1818 (heslo \u00abJurij\u00bb). Sergej Tokarev, \u00abReligioznye verovaniya vostochnoslavyanskikh narodov\u00bb, Moskva 1957. Vladimir Propp, \u00abRusskie agrarnye prazdniki\u00bb, Leningrad 1963. James George Frazer, \u00abThe Golden Bough\u00bb, 12 zv\u00e4zkov, Lond\u00fdn 1890 a\u017e 1915.<\/span><\/li><li><span data-nosnippet>Aleksander Br\u00fcckner, \u00abMitologia s\u0142owia\u0144ska\u00bb, Krakov 1918. Aleksander Gieysztor, \u00abMitologia S\u0142owian\u00bb, Var\u0161ava 1982. Boris Rybakov, \u00abYazychestvo Drevney Rusi\u00bb, Moskva 1987 (s v\u00fdhradou).<\/span><\/li><li><span data-nosnippet>Vladimir Toporov a Vyacheslav Ivanov, \u00abIssledovaniya v oblasti slavyanskikh drevnostey\u00bb, Moskva 1974. Henryk \u0141owmia\u0144ski, \u00abReligia S\u0142owian i jej upadek\u00bb, Var\u0161ava 1979. Roman Jakobson, \u00abSlavic Gods and Demons\u00bb, in: Selected Writings VII, Berl\u00edn 1985. Ji\u0159\u00ed Dynda, \u00abSlovansk\u00e9 pohanstv\u00ed ve st\u0159edov\u011bk\u00fdch latinsk\u00fdch pramenech\u00bb, Praha 2017.<\/span><\/li><\/ul><\/footer>\t\t\t\t\t\t\t\t<\/div>\n\t\t\t\t<\/div>\n\t\t<div class=\"elementor-element elementor-element-95841e9 e-con-full e-flex e-con e-child\" data-id=\"95841e9\" data-element_type=\"container\" data-e-type=\"container\">\n\t\t\t\t<div class=\"elementor-element elementor-element-fcd3eb9 elementor-widget elementor-widget-heading\" data-id=\"fcd3eb9\" data-element_type=\"widget\" data-e-type=\"widget\" data-widget_type=\"heading.default\">\n\t\t\t\t\t<h2 class=\"elementor-heading-title elementor-size-default\">Etnografick\u00e9 pramene<\/h2>\t\t\t\t<\/div>\n\t\t\t\t<div class=\"elementor-element elementor-element-81af1d8 elementor-widget elementor-widget-text-editor\" data-id=\"81af1d8\" data-element_type=\"widget\" data-e-type=\"widget\" data-widget_type=\"text-editor.default\">\n\t\t\t\t\t\t\t\t\t<p>Vedeck\u00e9 sk\u00famanie Jarila sa opiera predov\u0161etk\u00fdm o etnografick\u00e9 zbierky z 18. a 19. storo\u010dia. Aleksander Afanasjev vo svojej monument\u00e1lnej pr\u00e1ci \u00abPoeticheskiye vozzreniya slavyan na prirodu\u00bb (3 zv\u00e4zky, 1865 a\u017e 1869) zozbieral stovky rusk\u00fdch a ukrajinsk\u00fdch \u013eudov\u00fdch rozpr\u00e1van\u00ed, piesn\u00ed a spr\u00e1v o oby\u010dajoch, v ktor\u00fdch sa Jarilo objavuje priamo alebo nepriamo.<\/p><p>Vuk Stefanovi\u0107 Karad\u017ei\u0107 (1787 a\u017e 1864) paralelne zozbieral srbsk\u00e9 doklady; jeho \u00abSrpski rje\u010dnik\u00bb (Viede\u0148 1818) a jeho zbierka piesn\u00ed obsahuj\u00fa podrobn\u00e9 opisy Jarilov\u00fdch hier v Srbsku a Bosne.<\/p>\n<p>V Bielorusku a v ukrajinsk\u00fdch Karpatoch zozbieral Pavel Chubinski (\u00abTrudy etnografichesko-statisticheskoi ekspeditsii\u00bb, 1872 a\u017e 1877) so svoj\u00edm v\u00fdskumn\u00fdm t\u00edmom mnoh\u00e9 doklady, ktor\u00e9 potvrdzuj\u00fa obraz umieraj\u00faceho a znovuvst\u00e1vaj\u00faceho boha veget\u00e1cie.<\/p><p>Sergej Tokarev v diele \u00abReligioznye verovaniya vostochnoslavyanskikh narodov\u00bb (1957) tieto materi\u00e1ly systematizoval a postavil na vedeck\u00fd z\u00e1klad; jeho dielo je dodnes z\u00e1kladn\u00fdm dielom v\u00fdchodoslovanskej religi\u00f3znej etnografie.<\/p>\t\t\t\t\t\t\t\t<\/div>\n\t\t\t\t<\/div>\n\t\t<div class=\"elementor-element elementor-element-9ec8d1e e-con-full e-flex e-con e-child\" data-id=\"9ec8d1e\" data-element_type=\"container\" data-e-type=\"container\">\n\t\t\t\t<div class=\"elementor-element elementor-element-1c2a906 elementor-widget elementor-widget-heading\" data-id=\"1c2a906\" data-element_type=\"widget\" data-e-type=\"widget\" data-widget_type=\"heading.default\">\n\t\t\t\t\t<h2 class=\"elementor-heading-title elementor-size-default\">Frazer a \u00abumieraj\u00faci boh\u00bb<\/h2>\t\t\t\t<\/div>\n\t\t\t\t<div class=\"elementor-element elementor-element-d2d2692 elementor-widget elementor-widget-text-editor\" data-id=\"d2d2692\" data-element_type=\"widget\" data-e-type=\"widget\" data-widget_type=\"text-editor.default\">\n\t\t\t\t\t\t\t\t\t<p>James George Frazer zaradil vo svojom monument\u00e1lnom diele \u00abThe Golden Bough\u00bb (12 zv\u00e4zkov, Lond\u00fdn 1890 a\u017e 1915) trad\u00edciu Jarila do celosvetov\u00e9ho komplexu \u00abumieraj\u00facich a vst\u00e1vaj\u00facich bohov\u00bb.<\/p><p>V jeho porovn\u00e1vacej religionistickej konstrukcii stoja Jarilo, Adonis, Tamm\u00faz, Attis, Dion\u00fdzos a Osiris ako predstavitelia toho ist\u00e9ho \u0161truktur\u00e1lneho typu: mlad\u00e9 mu\u017esk\u00e9 vegeta\u010dn\u00e9 bo\u017estv\u00e1, ktor\u00e9 ka\u017edoro\u010dne umieraj\u00fa a vst\u00e1vaj\u00fa z mrtvych a t\u00fdm zosob\u0148uj\u00fa cyklus pr\u00edrody.<\/p>\n<p>Frazerova kon\u0161trukcia bola v 19. a na za\u010diatku 20. storo\u010dia ve\u013emi vplyvn\u00e1, av\u0161ak v mlad\u0161ej <span class=\"iwg-fachbegriff\" data-tooltip=\"Veda, ktor\u00e1 sk\u00fama n\u00e1bo\u017eenstv\u00e1 porovn\u00e1vac\u00edm sp\u00f4sobom a bez viery.\" tabindex=\"0\">religionistike<\/span> m\u00e1 zlo\u017eit\u00e9 postavenie. Mary Beard a Jonathan Z. Smith uk\u00e1zali, \u017ee Frazerovi \u00abumieraj\u00faci bohovia\u00bb s\u00fa \u010dasto ve\u013emi rozdielne \u0161trukt\u00farovan\u00ed a zdanliv\u00e1 spolo\u010dn\u00e1 \u010drta predstavuje skonstruovan\u00fa hlbinn\u00fa kateg\u00f3riu.<\/p><p>T\u00e1to kritika zasiahla aj v\u00fdskum Jarila: Vladim\u00edr Propp, Mircea Eliade a nov\u0161\u00ed autori ako Ji\u0159\u00ed Dynda sa sna\u017eili nahradi\u0165 Frazerov v\u00fdklad kult\u00farnohistoricky diferencovan\u00fdm popisom.<\/p>\t\t\t\t\t\t\t\t<\/div>\n\t\t\t\t<\/div>\n\t\t<div class=\"elementor-element elementor-element-1f87959 e-con-full e-flex e-con e-child\" data-id=\"1f87959\" data-element_type=\"container\" data-e-type=\"container\">\n\t\t\t\t<div class=\"elementor-element elementor-element-4bfb23f elementor-widget elementor-widget-heading\" data-id=\"4bfb23f\" data-element_type=\"widget\" data-e-type=\"widget\" data-widget_type=\"heading.default\">\n\t\t\t\t\t<h2 class=\"elementor-heading-title elementor-size-default\">Jarilo, Mara a s\u00faboj ro\u010dn\u00fdch obdob\u00ed<\/h2>\t\t\t\t<\/div>\n\t\t\t\t<div class=\"elementor-element elementor-element-ac84cb2 elementor-widget elementor-widget-text-editor\" data-id=\"ac84cb2\" data-element_type=\"widget\" data-e-type=\"widget\" data-widget_type=\"text-editor.default\">\n\t\t\t\t\t\t\t\t\t<p>V \u013eudov\u00fdch podaniach sa Jarilo pravidelne objavuje v s\u00favislosti s Marou (aj Morena, Marzanna, Marena), bohy\u0148ou zimy a smrti.<\/p><p>Vz\u0165ah je ambivalentn\u00fd: v niektor\u00fdch rozpr\u00e1vaniach sa oboje na jar zosob\u00e1\u0161ia a Jarilo splod\u00ed s Marou veget\u00e1ciu nast\u00e1vaj\u00facej sez\u00f3ny; v in\u00fdch rozpr\u00e1vaniach je Mara jeho vra\u017eedky\u0148ou, ktor\u00e1 ho v lete zabije a odnesie do podsvetia.<\/p><p>Na jar sa naopak Mara \u00absp\u00e1li\u00bb alebo \u00abutop\u00ed\u00bb, \u010do je prax dobre zdokumentovan\u00e1 v z\u00e1padnom a v\u00fdchodnom Slovanstve: figur\u00ednu Marzanny nes\u00fa koncom zimy dedinou a odstra\u0148uj\u00fa v rieke alebo v ohni.<\/p>\n<p>Vladim\u00edr Toporov a Vja\u010deslav Ivanov v svojej \u0161trukturalistickej porovn\u00e1vacej <span class=\"iwg-fachbegriff\" data-tooltip=\"S\u00fahrn tradovan\u00fdch rozpr\u00e1van\u00ed o bohoch danej kult\u00fary.\" tabindex=\"0\">mytol\u00f3gii<\/span> rekon\u0161truovali tento zlo\u017eit\u00fd vz\u0165ah ako centr\u00e1lny <span class=\"iwg-fachbegriff\" data-tooltip=\"Tradovan\u00fd pr\u00edbeh o bohoch, p\u00f4vode a poriadku svet.\" tabindex=\"0\">m\u00fdtus<\/span> slovansk\u00e9ho vegeta\u010dn\u00e9ho roka. Ich kniha \u00abIssledovaniya v oblasti slavyanskikh drevnostey\u00bb (1974) pon\u00faka najpodrobnej\u0161ie teoretick\u00e9 spracovanie tohto komplexu, av\u0161ak vzh\u013eadom na svoju extr\u00e9mnu \u0161trukturalistick\u00fa metodiku nie je vo v\u0161etk\u00fdch detailoch udr\u017eate\u013en\u00e1.<\/p>\t\t\t\t\t\t\t\t<\/div>\n\t\t\t\t<\/div>\n\t\t<div class=\"elementor-element elementor-element-7eb8840 e-con-full e-flex e-con e-child\" data-id=\"7eb8840\" data-element_type=\"container\" data-e-type=\"container\">\n\t\t\t\t<div class=\"elementor-element elementor-element-49f2c87 elementor-widget elementor-widget-heading\" data-id=\"49f2c87\" data-element_type=\"widget\" data-e-type=\"widget\" data-widget_type=\"heading.default\">\n\t\t\t\t\t<h2 class=\"elementor-heading-title elementor-size-default\">Sv\u00e4t\u00fd Juraj ako kres\u0165ansk\u00fd prepis<\/h2>\t\t\t\t<\/div>\n\t\t\t\t<div class=\"elementor-element elementor-element-c6ce5a2 elementor-widget elementor-widget-text-editor\" data-id=\"c6ce5a2\" data-element_type=\"widget\" data-e-type=\"widget\" data-widget_type=\"text-editor.default\">\n\t\t\t\t\t\t\t\t\t<p>Roman Jakobson a \u010fal\u0161\u00ed zast\u00e1vali t\u00e9zu, \u017ee kres\u0165ansk\u00fd <span class=\"iwg-fachbegriff\" data-tooltip=\"S\u00fahrn n\u00e1bo\u017eensk\u00fdch \u00factov\u00fdch \u00fakonov vo\u010di bo\u017estvu alebo sv\u00e4tej postave.\" tabindex=\"0\">kult<\/span> sv\u00e4t\u00e9ho Juraja (Jurij, po slovansky Jurij alebo Juraj) v slovanskom svete v mnoh\u00fdch pr\u00edpadoch nast\u00fapil na miesto star\u0161ieho kultu Jarila.<\/p><p>Argumentmi pre to s\u00fa \u010dasov\u00e1 shoda Jurajovho d\u0148a (23. apr\u00edla v juli\u00e1nskom kalend\u00e1ri, teda za\u010diatok m\u00e1ja v gregori\u00e1nskom) so sviatkami Jarila, vidiecka a vegetat\u00edvna symbolika sv\u00e4t\u00e9ho Juraja (patr\u00f3n ro\u013en\u00edkov, pastierov a kon\u00ed) a skuto\u010dnos\u0165, \u017ee v mnoh\u00fdch slovansk\u00fdch jazykoch znej\u00fa \u00abJurij\u00bb\/\u00abJuraj\u00bb a \u00abJarilo\u00bb jazykovo podobne.<\/p>\n<p>T\u00e1to substitu\u010dn\u00e1 hypot\u00e9za je z h\u013eadiska dej\u00edn n\u00e1bo\u017eenstva plauzibiln\u00e1, ale v jednotlivostiach \u0165a\u017eko dok\u00e1zate\u013en\u00e1. Henryk \u0141owmia\u0144ski ju v roku 1979 opatrne prijal, Aleksander Gieysztor bol zdr\u017eanlivej\u0161\u00ed. Nov\u0161\u00ed v\u00fdskum vid\u00ed v spojen\u00ed Juraj-Jarilo \u013eudov\u00fd <span class=\"iwg-fachbegriff\" data-tooltip=\"Splynutie predst\u00e1v alebo bo\u017estiev z r\u00f4znych n\u00e1bo\u017eensk\u00fdch trad\u00edci\u00ed.\" tabindex=\"0\">synkretizmus<\/span>, ktor\u00fd nemus\u00ed nutne vych\u00e1dza\u0165 z vedom\u00e9ho \u00abpremenovania\u00bb cirkvou, ale z prirodzen\u00e9ho splynutia sv\u00e4toriadneho kalend\u00e1ra a predkres\u0165ansk\u00e9ho <span class=\"iwg-fachbegriff\" data-tooltip=\"S\u00fahrn tradovan\u00fdch zvykov nejak\u00e9ho spolo\u010denstva.\" tabindex=\"0\">zvykoslov\u00ed<\/span>.<\/p>\t\t\t\t\t\t\t\t<\/div>\n\t\t\t\t<\/div>\n\t\t<div class=\"elementor-element elementor-element-d71b99e e-con-full e-flex e-con e-child\" data-id=\"d71b99e\" data-element_type=\"container\" data-e-type=\"container\">\n\t\t\t\t<div class=\"elementor-element elementor-element-98e15a7 elementor-widget elementor-widget-heading\" data-id=\"98e15a7\" data-element_type=\"widget\" data-e-type=\"widget\" data-widget_type=\"heading.default\">\n\t\t\t\t\t<h2 class=\"elementor-heading-title elementor-size-default\">Slamen\u00e9 figur\u00edny a vegeta\u010dn\u00e9 p\u00e1lenia<\/h2>\t\t\t\t<\/div>\n\t\t\t\t<div class=\"elementor-element elementor-element-368c3e5 elementor-widget elementor-widget-text-editor\" data-id=\"368c3e5\" data-element_type=\"widget\" data-e-type=\"widget\" data-widget_type=\"text-editor.default\">\n\t\t\t\t\t\t\t\t\t<p>Sp\u00e1lenie alebo utopenie slamenej b\u00e1biky, ktor\u00e1 steles\u0148uje mu\u017esk\u00e9 vegeta\u010dn\u00e9 bo\u017estvo, je vo v\u00fdchodo- a juhoslovanskej \u013eudovej trad\u00edcii nezvy\u010dajne dobre zdokumentovan\u00e9. Bielorusi, Ukrajinci, Rusi, Srbi, Bulhari a Chorv\u00e1ti maj\u00fa ka\u017ed\u00fd svoj vlastn\u00fd variant tejto praxe.<\/p><p>V Bielorusku sa slamen\u00e1 b\u00e1bika \u00abPachavannie Jaryl\u044b\u00bb (Pohreb Jarila) v\u00fdslovne sp\u00e1ja s menom boha; na Ukrajine sa tento <span class=\"iwg-fachbegriff\" data-tooltip=\"Tradovan\u00e1 \u010dinnos\u0165, ktor\u00e1 sa v spolo\u010denstve pravidelne opakuje.\" tabindex=\"0\">zvyk<\/span> \u010dasto sp\u00e1ja so sviatkami Kupala na sviatok sv\u00e4t\u00e9ho J\u00e1na (24. j\u00fan), \u010do zase ukazuje prepojenie kultu veget\u00e1cie a letn\u00e9ho slnovratu.<\/p>\n<p>Osobitn\u00fdm variantom je pohreb \u00abKostromy\u00bb v stredoruskej trad\u00edcii: slamen\u00e1 b\u00e1bika menom Kostroma sa nos\u00ed po dedine, oplak\u00e1va a spa\u013euje alebo top\u00ed. Kostroma je v niektor\u00fdch prame\u0148och \u00absestrou\u00bb Jarila, v in\u00fdch samostatnou postavou. Sergej Maksimov vo svojom diele \u00abNe\u010distaja, nevedomaja i krestnaja sila\u00bb (1903) podrobne zdokumentoval region\u00e1lnu rozmanitos\u0165 t\u00fdchto zvykov.<\/p>\t\t\t\t\t\t\t\t<\/div>\n\t\t\t\t<\/div>\n\t\t<div class=\"elementor-element elementor-element-9742e56 e-con-full e-flex e-con e-child\" data-id=\"9742e56\" data-element_type=\"container\" data-e-type=\"container\">\n\t\t\t\t<div class=\"elementor-element elementor-element-85d5ebd elementor-widget elementor-widget-heading\" data-id=\"85d5ebd\" data-element_type=\"widget\" data-e-type=\"widget\" data-widget_type=\"heading.default\">\n\t\t\t\t\t<h2 class=\"elementor-heading-title elementor-size-default\">Indoeur\u00f3pska porovn\u00e1vacia perspekt\u00edva<\/h2>\t\t\t\t<\/div>\n\t\t\t\t<div class=\"elementor-element elementor-element-6d3c718 elementor-widget elementor-widget-text-editor\" data-id=\"6d3c718\" data-element_type=\"widget\" data-e-type=\"widget\" data-widget_type=\"text-editor.default\">\n\t\t\t\t\t\t\t\t\t<p>Na indoeur\u00f3pskej porovn\u00e1vacej \u00farovni patr\u00ed Jarilo do komplexu mlad\u00fdch mu\u017esk\u00fdch vegeta\u010dn\u00fdch bo\u017estiev, ktor\u00fd sa tiahne od Indie a\u017e po \u0160kandin\u00e1viu.<\/p><p>V germ\u00e1nskom <span class=\"iwg-fachbegriff\" data-tooltip=\"S\u00fahrn bohov nejak\u00e9ho n\u00e1bo\u017eenstva alebo kult\u00fary.\" tabindex=\"0\">pante\u00f3ne<\/span> mu \u0161truktur\u00e1lne zodpoved\u00e1 Freyr (boh veget\u00e1cie a plodnosti), v gr\u00e9ckej <span class=\"iwg-fachbegriff\" data-tooltip=\"S\u00fahrn tradovan\u00fdch rozpr\u00e1van\u00ed o bohoch v danej kult\u00fare.\" tabindex=\"0\">mytol\u00f3gii<\/span> Adonis (mlad\u00edk umieraj\u00faci, milovan\u00fd Afroditou) a Dion\u00fdzos (boh veget\u00e1cie a v\u00edna), vo fr\u00fdgijsko-mezopot\u00e1mskej trad\u00edcii Attis a Tammuz, v egyptskom n\u00e1bo\u017eenstve Osiris (umieraj\u00faci a vzkriesen\u00fd boh veget\u00e1cie a podsvetia).<\/p>\n<p>Nov\u0161ia <span class=\"iwg-fachbegriff\" data-tooltip=\"Veda, ktor\u00e1 sk\u00fama n\u00e1bo\u017eenstv\u00e1 porovn\u00e1vac\u00edm sp\u00f4sobom bez v\u00e4zby na vieru.\" tabindex=\"0\">religionistika<\/span> zd\u00f4raz\u0148uje, \u017ee tieto \u0161truktur\u00e1lne paralely nemusia nutne vych\u00e1dza\u0165 z genetickej pr\u00edbuznosti. \u201eTriedu umieraj\u00facich bohov\u201c mo\u017eno vysvetli\u0165 aj univerz\u00e1lnou sk\u00fasenos\u0165ou s vegeta\u010dn\u00fdm cyklom, bez toho, aby sme predpokladali priame historick\u00e9 spojenie. Vladimir Propp (\u00abRusskie agrarnye prazdniki\u00bb, 1963) vysvetlil slovansk\u00fd vegeta\u010dn\u00fd <span class=\"iwg-fachbegriff\" data-tooltip=\"Tradovan\u00fd pr\u00edbeh o bohoch, p\u00f4vode a poriadku svet.\" tabindex=\"0\">m\u00fdtus<\/span> t\u00fdmto sp\u00f4sobom sk\u00f4r antropologicky ne\u017e mytologicky.<\/p>\t\t\t\t\t\t\t\t<\/div>\n\t\t\t\t<\/div>\n\t\t<div class=\"elementor-element elementor-element-2eee5f6 e-con-full e-flex e-con e-child\" data-id=\"2eee5f6\" data-element_type=\"container\" data-e-type=\"container\">\n\t\t\t\t<div class=\"elementor-element elementor-element-8942dad elementor-widget elementor-widget-heading\" data-id=\"8942dad\" data-element_type=\"widget\" data-e-type=\"widget\" data-widget_type=\"heading.default\">\n\t\t\t\t\t<h2 class=\"elementor-heading-title elementor-size-default\">Jarilo v modernom vn\u00edman\u00ed<\/h2>\t\t\t\t<\/div>\n\t\t\t\t<div class=\"elementor-element elementor-element-42780ec elementor-widget elementor-widget-text-editor\" data-id=\"42780ec\" data-element_type=\"widget\" data-e-type=\"widget\" data-widget_type=\"text-editor.default\">\n\t\t\t\t\t\t\t\t\t<p>V ukrajinskej a ruskej literat\u00fare 19. a 20. storo\u010dia je Jarilo opakuj\u00facou sa postavou.<\/p><p>Alexander Ostrovskij ho v\u00fdrazne zapracoval do svojej jarnej rozpr\u00e1vkovej hry \u00abSneguro\u010dka\u00bb (\u00abSnehulienka\u00bb, 1873); Nikolaj Rimskij-Korsakov toto dielo prekomponoval na opera v roku 1881, v ktorej sa Jarilo na konci zjavuje ako boh slnka a jari. Toto umeleck\u00e9 spracovanie Jarila pevne zakotvilo v ruskej vysokej kult\u00fare.<\/p>\n<p>V s\u00fa\u010dasnom hnut\u00ed Rodnoverie a vo v\u0161eobecnom slovanskom novopohanstve je Jarilo jedn\u00fdm z \u00fastredn\u00fdch hlavn\u00fdch bo\u017estiev. Jeho sviatok sa sl\u00e1vi na za\u010diatku jari (\u010dasto 23. apr\u00edla, na Juraja, alebo po\u010das rovnodennosti) a je spojen\u00fd s vegeta\u010dn\u00fdmi obradmi, oh\u0148ami a spolo\u010dn\u00fdmi hostinami.<\/p><p>Toto o\u017eivenie je historicky novou kon\u0161trukciou, no priamo nadv\u00e4zuje na \u013eudov\u00fa n\u00e1bo\u017eensk\u00fa oby\u010dajov\u00fa trad\u00edciu, ktor\u00e1 bola v slovansk\u00fdch ro\u013en\u00edckych obciach \u017eiv\u00e1 e\u0161te v 19. storo\u010d\u00ed.<\/p>\t\t\t\t\t\t\t\t<\/div>\n\t\t\t\t<\/div>\n\t\t\t\t\t<\/div>\n\t\t\t\t<\/div>\n\t\t\t\t<\/div>\n\t\t","protected":false},"excerpt":{"rendered":"","protected":false},"author":3,"featured_media":3265,"parent":0,"menu_order":0,"comment_status":"closed","ping_status":"closed","template":"elementor_header_footer","meta":{"_yoast_wpseo_focuskw":"Jarilo","_yoast_wpseo_title":"Jarilo \u2013 slovansk\u00fd boh jari | iWell Guard","_yoast_wpseo_metadesc":"Jarilo je slovansk\u00fd boh jari, plodnosti a veget\u00e1cie, sp\u00e4t\u00fd s ro\u010dn\u00fdm sch\u00e9mou smrti a zm\u0155tvychvstania.","_yoast_wpseo_meta-robots-noindex":"","_yoast_wpseo_canonical":"","_angie_page":false,"gefaehrdungsstufe":"","wesen_kultur":"","wesen_klasse":"","footnotes":""},"categories":[],"class_list":["post-158083","page","type-page","status-publish","has-post-thumbnail","hentry"],"yoast_head":"<!-- This site is optimized with the Yoast SEO Premium plugin v27.7 (Yoast SEO v28.3) - https:\/\/yoast.com\/product\/yoast-seo-premium-wordpress\/ -->\n<title>Jarilo \u2013 slovansk\u00fd boh jari | iWell Guard<\/title>\n<meta name=\"description\" content=\"Jarilo je slovansk\u00fd boh jari, plodnosti a veget\u00e1cie, sp\u00e4t\u00fd s ro\u010dn\u00fdm sch\u00e9mou smrti a zm\u0155tvychvstania.\" \/>\n<meta name=\"robots\" content=\"index, follow, max-snippet:-1, max-image-preview:large, max-video-preview:-1\" \/>\n<link rel=\"canonical\" href=\"https:\/\/iwell-guard.com\/sk\/jarilo\/\" \/>\n<meta property=\"og:locale\" content=\"sk_SK\" \/>\n<meta property=\"og:type\" content=\"article\" \/>\n<meta property=\"og:title\" content=\"Jarilo\" \/>\n<meta property=\"og:description\" content=\"Jarilo je slovansk\u00fd boh jari, plodnosti a veget\u00e1cie, sp\u00e4t\u00fd s ro\u010dn\u00fdm sch\u00e9mou smrti a zm\u0155tvychvstania.\" \/>\n<meta property=\"og:url\" content=\"https:\/\/iwell-guard.com\/sk\/jarilo\/\" \/>\n<meta property=\"og:site_name\" content=\"iWell Guard\" \/>\n<meta property=\"article:modified_time\" content=\"2026-09-04T22:50:44+00:00\" \/>\n<meta property=\"og:image\" content=\"https:\/\/iwell-guard.com\/wp-content\/uploads\/2026\/05\/goetter_slawisch_jarilo.webp\" \/>\n\t<meta property=\"og:image:width\" content=\"1024\" \/>\n\t<meta property=\"og:image:height\" content=\"1536\" \/>\n\t<meta property=\"og:image:type\" content=\"image\/webp\" \/>\n<meta name=\"twitter:card\" content=\"summary_large_image\" \/>\n<script type=\"application\/ld+json\" class=\"yoast-schema-graph\">{\"@context\":\"https:\\\/\\\/schema.org\",\"@graph\":[{\"@type\":\"WebPage\",\"@id\":\"https:\\\/\\\/iwell-guard.com\\\/sk\\\/jarilo\\\/\",\"url\":\"https:\\\/\\\/iwell-guard.com\\\/sk\\\/jarilo\\\/\",\"name\":\"Jarilo \u2013 slovansk\u00fd boh jari | iWell Guard\",\"isPartOf\":{\"@id\":\"https:\\\/\\\/iwell-guard.com\\\/sk\\\/#website\"},\"primaryImageOfPage\":{\"@id\":\"https:\\\/\\\/iwell-guard.com\\\/sk\\\/jarilo\\\/#primaryimage\"},\"image\":{\"@id\":\"https:\\\/\\\/iwell-guard.com\\\/sk\\\/jarilo\\\/#primaryimage\"},\"thumbnailUrl\":\"https:\\\/\\\/iwell-guard.com\\\/wp-content\\\/uploads\\\/2026\\\/05\\\/goetter_slawisch_jarilo.webp\",\"datePublished\":\"2026-09-04T22:21:21+00:00\",\"dateModified\":\"2026-09-04T22:50:44+00:00\",\"description\":\"Jarilo je slovansk\u00fd boh jari, plodnosti a veget\u00e1cie, sp\u00e4t\u00fd s ro\u010dn\u00fdm sch\u00e9mou smrti a zm\u0155tvychvstania.\",\"breadcrumb\":{\"@id\":\"https:\\\/\\\/iwell-guard.com\\\/sk\\\/jarilo\\\/#breadcrumb\"},\"inLanguage\":\"sk-SK\",\"potentialAction\":[{\"@type\":\"ReadAction\",\"target\":[\"https:\\\/\\\/iwell-guard.com\\\/sk\\\/jarilo\\\/\"]}]},{\"@type\":\"ImageObject\",\"inLanguage\":\"sk-SK\",\"@id\":\"https:\\\/\\\/iwell-guard.com\\\/sk\\\/jarilo\\\/#primaryimage\",\"url\":\"https:\\\/\\\/iwell-guard.com\\\/wp-content\\\/uploads\\\/2026\\\/05\\\/goetter_slawisch_jarilo.webp\",\"contentUrl\":\"https:\\\/\\\/iwell-guard.com\\\/wp-content\\\/uploads\\\/2026\\\/05\\\/goetter_slawisch_jarilo.webp\",\"width\":1024,\"height\":1536,\"caption\":\"Bohovia zo slovanskej trad\u00edcie.\"},{\"@type\":\"BreadcrumbList\",\"@id\":\"https:\\\/\\\/iwell-guard.com\\\/sk\\\/jarilo\\\/#breadcrumb\",\"itemListElement\":[{\"@type\":\"ListItem\",\"position\":1,\"name\":\"Start\",\"item\":\"https:\\\/\\\/iwell-guard.com\\\/sk\\\/?page_id=157572\"},{\"@type\":\"ListItem\",\"position\":2,\"name\":\"Jarilo\"}]},{\"@type\":\"WebSite\",\"@id\":\"https:\\\/\\\/iwell-guard.com\\\/sk\\\/#website\",\"url\":\"https:\\\/\\\/iwell-guard.com\\\/sk\\\/\",\"name\":\"iWell Guard\",\"description\":\"Schutz vor dunklen Einfl\u00fcssen\",\"publisher\":{\"@id\":\"https:\\\/\\\/iwell-guard.com\\\/sk\\\/#organization\"},\"potentialAction\":[{\"@type\":\"SearchAction\",\"target\":{\"@type\":\"EntryPoint\",\"urlTemplate\":\"https:\\\/\\\/iwell-guard.com\\\/sk\\\/?s={search_term_string}\"},\"query-input\":{\"@type\":\"PropertyValueSpecification\",\"valueRequired\":true,\"valueName\":\"search_term_string\"}}],\"inLanguage\":\"sk-SK\"},{\"@type\":\"Organization\",\"@id\":\"https:\\\/\\\/iwell-guard.com\\\/sk\\\/#organization\",\"name\":\"Ittermann electronic GmbH\",\"url\":\"https:\\\/\\\/iwell-guard.com\\\/sk\\\/\",\"logo\":{\"@type\":\"ImageObject\",\"inLanguage\":\"sk-SK\",\"@id\":\"https:\\\/\\\/iwell-guard.com\\\/sk\\\/#\\\/schema\\\/logo\\\/image\\\/\",\"url\":\"https:\\\/\\\/iwell-guard.com\\\/wp-content\\\/uploads\\\/2026\\\/05\\\/Ittermann-Logo-1182x237-1.png\",\"contentUrl\":\"https:\\\/\\\/iwell-guard.com\\\/wp-content\\\/uploads\\\/2026\\\/05\\\/Ittermann-Logo-1182x237-1.png\",\"width\":1182,\"height\":237,\"caption\":\"Ittermann electronic GmbH\"},\"image\":{\"@id\":\"https:\\\/\\\/iwell-guard.com\\\/sk\\\/#\\\/schema\\\/logo\\\/image\\\/\"},\"sameAs\":[\"https:\\\/\\\/pantip.com\\\/profile\\\/9367242\",\"https:\\\/\\\/micro.blog\\\/iwellguard\",\"https:\\\/\\\/www.diggerslist.com\\\/iwellguard\\\/about\",\"https:\\\/\\\/skitterphoto.com\\\/photographers\\\/2870314\\\/iwell-guard\",\"https:\\\/\\\/iwellguard.wordpress.com\\\/2026\\\/06\\\/06\\\/iwell-guard\\\/\",\"https:\\\/\\\/hub.docker.com\\\/u\\\/iwellguard\",\"https:\\\/\\\/www.pinterest.com\\\/iwellguard\\\/\",\"https:\\\/\\\/bit.ly\\\/m\\\/iwellguard\",\"https:\\\/\\\/entre-vos-mains.alsace.eu\\\/profiles\\\/iwellguard\\\/activity\",\"https:\\\/\\\/gravatar.com\\\/reallybeded8fd34\",\"https:\\\/\\\/naijamatta.com\\\/iwellguard\",\"https:\\\/\\\/www.goodreads.com\\\/iwellguard\",\"https:\\\/\\\/profile.hatena.ne.jp\\\/iwellguard\\\/\",\"https:\\\/\\\/experiment.com\\\/users\\\/iwellguard\",\"https:\\\/\\\/wakelet.com\\\/@iWellGuard82270\",\"https:\\\/\\\/www.chordie.com\\\/forum\\\/profile.php?id=2555664\",\"https:\\\/\\\/www.instapaper.com\\\/p\\\/17757966\",\"https:\\\/\\\/www.mapleprimes.com\\\/users\\\/iwellguard\",\"https:\\\/\\\/businesslistingplus.com\\\/profile\\\/iwell-guard\\\/\",\"https:\\\/\\\/telegra.ph\\\/iWell-Guard-06-06\",\"https:\\\/\\\/pbase.com\\\/iwellguard\\\/iwellguard\",\"https:\\\/\\\/b.hatena.ne.jp\\\/iwellguard\\\/20260607#bookmark-4788405196491818882\",\"https:\\\/\\\/fliphtml5.com\\\/home\\\/iwellguard\",\"https:\\\/\\\/anyflip.com\\\/homepage\\\/cmiwl#About\",\"https:\\\/\\\/transfur.com\\\/Users\\\/iwellguard\",\"http:\\\/\\\/delphi.larsbo.org\\\/user\\\/iwellguard\",\"https:\\\/\\\/jobs.lajobsportal.org\\\/profiles\\\/8380803-iwell-guard\",\"https:\\\/\\\/md.chaosdorf.de\\\/s\\\/jfbe5SBdJD\",\"https:\\\/\\\/www.lingvolive.com\\\/en-us\\\/profile\\\/9ecaeaca-ce11-4e51-9e71-01d55e2bff36\\\/translations\",\"https:\\\/\\\/www.fitday.com\\\/fitness\\\/forums\\\/members\\\/iwellguard.html\",\"https:\\\/\\\/www.mymeetbook.com\\\/iwellguard\",\"https:\\\/\\\/pxhere.com\\\/en\\\/photographer-me\\\/5040798\",\"https:\\\/\\\/disqus.com\\\/by\\\/iwellguard\\\/about\\\/\",\"https:\\\/\\\/pastelink.net\\\/hjwciqwq\",\"https:\\\/\\\/pubhtml5.com\\\/homepage\\\/scjhn\\\/\",\"https:\\\/\\\/www.bitchute.com\\\/channel\\\/2O2eOKzNqujT\",\"https:\\\/\\\/audiomack.com\\\/iwellguard\"]}]}<\/script>\n<!-- \/ Yoast SEO Premium plugin. -->","yoast_head_json":{"title":"Jarilo \u2013 slovansk\u00fd boh jari | iWell Guard","description":"Jarilo je slovansk\u00fd boh jari, plodnosti a veget\u00e1cie, sp\u00e4t\u00fd s ro\u010dn\u00fdm sch\u00e9mou smrti a zm\u0155tvychvstania.","robots":{"index":"index","follow":"follow","max-snippet":"max-snippet:-1","max-image-preview":"max-image-preview:large","max-video-preview":"max-video-preview:-1"},"canonical":"https:\/\/iwell-guard.com\/sk\/jarilo\/","og_locale":"sk_SK","og_type":"article","og_title":"Jarilo","og_description":"Jarilo je slovansk\u00fd boh jari, plodnosti a veget\u00e1cie, sp\u00e4t\u00fd s ro\u010dn\u00fdm sch\u00e9mou smrti a zm\u0155tvychvstania.","og_url":"https:\/\/iwell-guard.com\/sk\/jarilo\/","og_site_name":"iWell Guard","article_modified_time":"2026-09-04T22:50:44+00:00","og_image":[{"width":1024,"height":1536,"url":"https:\/\/iwell-guard.com\/wp-content\/uploads\/2026\/05\/goetter_slawisch_jarilo.webp","type":"image\/webp"}],"twitter_card":"summary_large_image","schema":{"@context":"https:\/\/schema.org","@graph":[{"@type":"WebPage","@id":"https:\/\/iwell-guard.com\/sk\/jarilo\/","url":"https:\/\/iwell-guard.com\/sk\/jarilo\/","name":"Jarilo \u2013 slovansk\u00fd boh jari | iWell Guard","isPartOf":{"@id":"https:\/\/iwell-guard.com\/sk\/#website"},"primaryImageOfPage":{"@id":"https:\/\/iwell-guard.com\/sk\/jarilo\/#primaryimage"},"image":{"@id":"https:\/\/iwell-guard.com\/sk\/jarilo\/#primaryimage"},"thumbnailUrl":"https:\/\/iwell-guard.com\/wp-content\/uploads\/2026\/05\/goetter_slawisch_jarilo.webp","datePublished":"2026-09-04T22:21:21+00:00","dateModified":"2026-09-04T22:50:44+00:00","description":"Jarilo je slovansk\u00fd boh jari, plodnosti a veget\u00e1cie, sp\u00e4t\u00fd s ro\u010dn\u00fdm sch\u00e9mou smrti a zm\u0155tvychvstania.","breadcrumb":{"@id":"https:\/\/iwell-guard.com\/sk\/jarilo\/#breadcrumb"},"inLanguage":"sk-SK","potentialAction":[{"@type":"ReadAction","target":["https:\/\/iwell-guard.com\/sk\/jarilo\/"]}]},{"@type":"ImageObject","inLanguage":"sk-SK","@id":"https:\/\/iwell-guard.com\/sk\/jarilo\/#primaryimage","url":"https:\/\/iwell-guard.com\/wp-content\/uploads\/2026\/05\/goetter_slawisch_jarilo.webp","contentUrl":"https:\/\/iwell-guard.com\/wp-content\/uploads\/2026\/05\/goetter_slawisch_jarilo.webp","width":1024,"height":1536,"caption":"Bohovia zo slovanskej trad\u00edcie."},{"@type":"BreadcrumbList","@id":"https:\/\/iwell-guard.com\/sk\/jarilo\/#breadcrumb","itemListElement":[{"@type":"ListItem","position":1,"name":"Start","item":"https:\/\/iwell-guard.com\/sk\/?page_id=157572"},{"@type":"ListItem","position":2,"name":"Jarilo"}]},{"@type":"WebSite","@id":"https:\/\/iwell-guard.com\/sk\/#website","url":"https:\/\/iwell-guard.com\/sk\/","name":"iWell Guard","description":"Schutz vor dunklen Einfl\u00fcssen","publisher":{"@id":"https:\/\/iwell-guard.com\/sk\/#organization"},"potentialAction":[{"@type":"SearchAction","target":{"@type":"EntryPoint","urlTemplate":"https:\/\/iwell-guard.com\/sk\/?s={search_term_string}"},"query-input":{"@type":"PropertyValueSpecification","valueRequired":true,"valueName":"search_term_string"}}],"inLanguage":"sk-SK"},{"@type":"Organization","@id":"https:\/\/iwell-guard.com\/sk\/#organization","name":"Ittermann electronic GmbH","url":"https:\/\/iwell-guard.com\/sk\/","logo":{"@type":"ImageObject","inLanguage":"sk-SK","@id":"https:\/\/iwell-guard.com\/sk\/#\/schema\/logo\/image\/","url":"https:\/\/iwell-guard.com\/wp-content\/uploads\/2026\/05\/Ittermann-Logo-1182x237-1.png","contentUrl":"https:\/\/iwell-guard.com\/wp-content\/uploads\/2026\/05\/Ittermann-Logo-1182x237-1.png","width":1182,"height":237,"caption":"Ittermann electronic GmbH"},"image":{"@id":"https:\/\/iwell-guard.com\/sk\/#\/schema\/logo\/image\/"},"sameAs":["https:\/\/pantip.com\/profile\/9367242","https:\/\/micro.blog\/iwellguard","https:\/\/www.diggerslist.com\/iwellguard\/about","https:\/\/skitterphoto.com\/photographers\/2870314\/iwell-guard","https:\/\/iwellguard.wordpress.com\/2026\/06\/06\/iwell-guard\/","https:\/\/hub.docker.com\/u\/iwellguard","https:\/\/www.pinterest.com\/iwellguard\/","https:\/\/bit.ly\/m\/iwellguard","https:\/\/entre-vos-mains.alsace.eu\/profiles\/iwellguard\/activity","https:\/\/gravatar.com\/reallybeded8fd34","https:\/\/naijamatta.com\/iwellguard","https:\/\/www.goodreads.com\/iwellguard","https:\/\/profile.hatena.ne.jp\/iwellguard\/","https:\/\/experiment.com\/users\/iwellguard","https:\/\/wakelet.com\/@iWellGuard82270","https:\/\/www.chordie.com\/forum\/profile.php?id=2555664","https:\/\/www.instapaper.com\/p\/17757966","https:\/\/www.mapleprimes.com\/users\/iwellguard","https:\/\/businesslistingplus.com\/profile\/iwell-guard\/","https:\/\/telegra.ph\/iWell-Guard-06-06","https:\/\/pbase.com\/iwellguard\/iwellguard","https:\/\/b.hatena.ne.jp\/iwellguard\/20260607#bookmark-4788405196491818882","https:\/\/fliphtml5.com\/home\/iwellguard","https:\/\/anyflip.com\/homepage\/cmiwl#About","https:\/\/transfur.com\/Users\/iwellguard","http:\/\/delphi.larsbo.org\/user\/iwellguard","https:\/\/jobs.lajobsportal.org\/profiles\/8380803-iwell-guard","https:\/\/md.chaosdorf.de\/s\/jfbe5SBdJD","https:\/\/www.lingvolive.com\/en-us\/profile\/9ecaeaca-ce11-4e51-9e71-01d55e2bff36\/translations","https:\/\/www.fitday.com\/fitness\/forums\/members\/iwellguard.html","https:\/\/www.mymeetbook.com\/iwellguard","https:\/\/pxhere.com\/en\/photographer-me\/5040798","https:\/\/disqus.com\/by\/iwellguard\/about\/","https:\/\/pastelink.net\/hjwciqwq","https:\/\/pubhtml5.com\/homepage\/scjhn\/","https:\/\/www.bitchute.com\/channel\/2O2eOKzNqujT","https:\/\/audiomack.com\/iwellguard"]}]}},"_links":{"self":[{"href":"https:\/\/iwell-guard.com\/sk\/wp-json\/wp\/v2\/pages\/158083","targetHints":{"allow":["GET"]}}],"collection":[{"href":"https:\/\/iwell-guard.com\/sk\/wp-json\/wp\/v2\/pages"}],"about":[{"href":"https:\/\/iwell-guard.com\/sk\/wp-json\/wp\/v2\/types\/page"}],"author":[{"embeddable":true,"href":"https:\/\/iwell-guard.com\/sk\/wp-json\/wp\/v2\/users\/3"}],"replies":[{"embeddable":true,"href":"https:\/\/iwell-guard.com\/sk\/wp-json\/wp\/v2\/comments?post=158083"}],"version-history":[{"count":0,"href":"https:\/\/iwell-guard.com\/sk\/wp-json\/wp\/v2\/pages\/158083\/revisions"}],"wp:featuredmedia":[{"embeddable":true,"href":"https:\/\/iwell-guard.com\/sk\/wp-json\/wp\/v2\/media\/3265"}],"wp:attachment":[{"href":"https:\/\/iwell-guard.com\/sk\/wp-json\/wp\/v2\/media?parent=158083"}],"wp:term":[{"taxonomy":"category","embeddable":true,"href":"https:\/\/iwell-guard.com\/sk\/wp-json\/wp\/v2\/categories?post=158083"}],"curies":[{"name":"wp","href":"https:\/\/api.w.org\/{rel}","templated":true}]}}