{"id":158063,"date":"2026-09-04T22:21:09","date_gmt":"2026-09-04T22:21:09","guid":{"rendered":"https:\/\/iwell-guard.com\/?page_id=158063"},"modified":"2026-09-04T22:49:49","modified_gmt":"2026-09-04T22:49:49","slug":"diana","status":"publish","type":"page","link":"https:\/\/iwell-guard.com\/sk\/diana\/","title":{"rendered":"Diana"},"content":{"rendered":"\t\t<div data-elementor-type=\"wp-page\" data-elementor-id=\"158063\" class=\"elementor elementor-158063 elementor-3012 elementor-bc-flex-widget\" data-elementor-post-type=\"page\">\n\t\t\t\t<div class=\"elementor-element elementor-element-0938905 e-flex e-con-boxed e-con e-parent\" data-id=\"0938905\" data-element_type=\"container\" data-e-type=\"container\" data-settings=\"{&quot;background_background&quot;:&quot;classic&quot;}\">\n\t\t\t\t\t<div class=\"e-con-inner\">\n\t\t<div class=\"elementor-element elementor-element-407655f e-flex e-con-boxed e-con e-child\" data-id=\"407655f\" data-element_type=\"container\" data-e-type=\"container\">\n\t\t\t\t\t<div class=\"e-con-inner\">\n\t\t<div class=\"elementor-element elementor-element-f581a00 e-con-full e-flex e-con e-child\" data-id=\"f581a00\" data-element_type=\"container\" data-e-type=\"container\">\n\t\t\t\t<div class=\"elementor-element elementor-element-410379c elementor-widget elementor-widget-heading\" data-id=\"410379c\" data-element_type=\"widget\" data-e-type=\"widget\" data-widget_type=\"heading.default\">\n\t\t\t\t\t<h1 class=\"elementor-heading-title elementor-size-default\">Diana, r\u00edmska bohy\u0148a lovu a mesiaca<\/h1>\t\t\t\t<\/div>\n\t\t\t\t<div class=\"elementor-element elementor-element-5d0d7a5 elementor-widget elementor-widget-text-editor\" data-id=\"5d0d7a5\" data-element_type=\"widget\" data-e-type=\"widget\" data-widget_type=\"text-editor.default\">\n\t\t\t\t\t\t\t\t\t<p>Diana je r\u00edmska bohy\u0148a lovu, mesiaca a divok\u00fdch lesov. Chr\u00e1ni \u017eeny pri p\u00f4rode, zvierat\u00e1 v lesoch a p\u00fatnikov na neupraven\u00fdch cest\u00e1ch.<\/p><p>Jej starobyl\u00fd hlavn\u00fd kult sa nach\u00e1dzal v <span class=\"iwg-fachbegriff\" data-tooltip=\"Sv\u00e4t\u00fd porast stromov, ktor\u00fd sl\u00fa\u017eil ako kultov\u00e9 miesto.\" tabindex=\"0\">h\u00e1ji<\/span> v Nemi pri Albskom jazere, <span class=\"iwg-fachbegriff\" data-tooltip=\"Miesto zasv\u00e4ten\u00e9 uctievaniu bo\u017estva.\" tabindex=\"0\">sv\u00e4tyni<\/span>, ktor\u00e1 u\u017e pred vznikom r\u00edmskeho \u0161t\u00e1tu platila za spolo\u010dn\u00fa sv\u00e4ty\u0148u latinsk\u00fdch miest. Nesk\u00f4r bola Diana v zna\u010dnej miere identifikovan\u00e1 s gr\u00e9ckou Artemis a v tomto zl\u00fa\u010den\u00ed platila za sestru Apol\u00f3na a dc\u00e9ru Jupitera a Latony.<\/p>\t\t\t\t\t\t\t\t<\/div>\n\t\t\t\t<\/div>\n\t\t<div class=\"elementor-element elementor-element-1826bdf e-con-full e-flex e-con e-parent\" data-id=\"1826bdf\" data-element_type=\"container\" data-e-type=\"container\">\n\t\t\t\t<div class=\"elementor-element elementor-element-c2061a9 elementor-widget elementor-widget-html\" data-id=\"c2061a9\" data-element_type=\"widget\" data-e-type=\"widget\" data-widget_type=\"html.default\">\n\t\t\t\t\t<div class=\"iwg-pill-row\"><span class=\"iwg-klasse-badge\" tabindex=\"0\" data-tooltip=\"Boh \/ Bohy\u0148a: Zosobnen\u00e1 najvy\u0161\u0161ia moc v pante\u00f3ne kult\u00fary, s jasne vymedzenou p\u00f4sobnos\u0165ou \u2014 sily pr\u00edrody, osud, vojna, plodnos\u0165. Uctievan\u00e1 prostredn\u00edctvom kultov, obet\u00ed a chr\u00e1mov\u00fdch in\u0161tit\u00faci\u00ed.\">Boh<\/span><a href=\"https:\/\/iwell-guard.com\/sk\/rim\/\" class=\"iwg-kultur-badge\" tabindex=\"0\" data-tooltip=\"R\u00edmske n\u00e1bo\u017eenstvo od kr\u00e1\u013eovstva a\u017e po neskor\u00fa antiku \u2014 synkretick\u00e9, s gr\u00e9ckymi a etrusk\u00fdmi vrstvami.\">R\u00edm<\/a><\/div>\t\t\t\t<\/div>\n\t\t\t\t<\/div>\n\t\t<div class=\"elementor-element elementor-element-e2c3b89 e-con-full e-flex e-con e-child\" data-id=\"e2c3b89\" data-element_type=\"container\" data-e-type=\"container\">\n\t\t\t\t<div class=\"elementor-element elementor-element-494d901 elementor-toc--minimized-on-tablet elementor-widget elementor-widget-table-of-contents\" data-id=\"494d901\" data-element_type=\"widget\" data-e-type=\"widget\" data-settings=\"{&quot;exclude_headings_by_selector&quot;:[],&quot;no_headings_message&quot;:&quot;Na tejto str\\u00e1nke sa nena\\u0161li \\u017eiadne nadpisy.&quot;,&quot;headings_by_tags&quot;:[&quot;h2&quot;,&quot;h3&quot;],&quot;marker_view&quot;:&quot;bullets&quot;,&quot;icon&quot;:{&quot;value&quot;:&quot;fas fa-circle&quot;,&quot;library&quot;:&quot;fa-solid&quot;,&quot;rendered_tag&quot;:&quot;&lt;svg class=\\&quot;e-font-icon-svg e-fas-circle\\&quot; viewBox=\\&quot;0 0 512 512\\&quot; xmlns=\\&quot;http:\\\/\\\/www.w3.org\\\/2000\\\/svg\\&quot;&gt;&lt;path d=\\&quot;M256 8C119 8 8 119 8 256s111 248 248 248 248-111 248-248S393 8 256 8z\\&quot;&gt;&lt;\\\/path&gt;&lt;\\\/svg&gt;&quot;},&quot;minimize_box&quot;:&quot;yes&quot;,&quot;minimized_on&quot;:&quot;tablet&quot;,&quot;hierarchical_view&quot;:&quot;yes&quot;,&quot;min_height&quot;:{&quot;unit&quot;:&quot;px&quot;,&quot;size&quot;:&quot;&quot;,&quot;sizes&quot;:[]},&quot;min_height_tablet&quot;:{&quot;unit&quot;:&quot;px&quot;,&quot;size&quot;:&quot;&quot;,&quot;sizes&quot;:[]},&quot;min_height_mobile&quot;:{&quot;unit&quot;:&quot;px&quot;,&quot;size&quot;:&quot;&quot;,&quot;sizes&quot;:[]}}\" data-widget_type=\"table-of-contents.default\">\n\t\t\t\t\t\t\t\t\t<div class=\"elementor-toc__header\">\n\t\t\t\t\t\t<h2 class=\"elementor-toc__header-title\">\n\t\t\t\tObsah\t\t\t<\/h2>\n\t\t\t\t\t\t\t\t\t\t<div class=\"elementor-toc__toggle-button elementor-toc__toggle-button--expand\" role=\"button\" tabindex=\"0\" aria-controls=\"elementor-toc__494d901\" aria-expanded=\"true\" aria-label=\"Open table of contents\"><svg aria-hidden=\"true\" class=\"e-font-icon-svg e-fas-chevron-down\" viewBox=\"0 0 448 512\" xmlns=\"http:\/\/www.w3.org\/2000\/svg\"><path d=\"M207.029 381.476L12.686 187.132c-9.373-9.373-9.373-24.569 0-33.941l22.667-22.667c9.357-9.357 24.522-9.375 33.901-.04L224 284.505l154.745-154.021c9.379-9.335 24.544-9.317 33.901.04l22.667 22.667c9.373 9.373 9.373 24.569 0 33.941L240.971 381.476c-9.373 9.372-24.569 9.372-33.942 0z\"><\/path><\/svg><\/div>\n\t\t\t\t<div class=\"elementor-toc__toggle-button elementor-toc__toggle-button--collapse\" role=\"button\" tabindex=\"0\" aria-controls=\"elementor-toc__494d901\" aria-expanded=\"true\" aria-label=\"Close table of contents\"><svg aria-hidden=\"true\" class=\"e-font-icon-svg e-fas-chevron-up\" viewBox=\"0 0 448 512\" xmlns=\"http:\/\/www.w3.org\/2000\/svg\"><path d=\"M240.971 130.524l194.343 194.343c9.373 9.373 9.373 24.569 0 33.941l-22.667 22.667c-9.357 9.357-24.522 9.375-33.901.04L224 227.495 69.255 381.516c-9.379 9.335-24.544 9.317-33.901-.04l-22.667-22.667c-9.373-9.373-9.373-24.569 0-33.941L207.03 130.525c9.372-9.373 24.568-9.373 33.941-.001z\"><\/path><\/svg><\/div>\n\t\t\t\t\t<\/div>\n\t\t\t\t<div id=\"elementor-toc__494d901\" class=\"elementor-toc__body\">\n\t\t\t<div class=\"elementor-toc__spinner-container\">\n\t\t\t\t<svg class=\"elementor-toc__spinner eicon-animation-spin e-font-icon-svg e-eicon-loading\" aria-hidden=\"true\" viewBox=\"0 0 1000 1000\" xmlns=\"http:\/\/www.w3.org\/2000\/svg\"><path d=\"M500 975V858C696 858 858 696 858 500S696 142 500 142 142 304 142 500H25C25 237 238 25 500 25S975 237 975 500 763 975 500 975Z\"><\/path><\/svg>\t\t\t<\/div>\n\t\t<\/div>\n\t\t\t\t\t\t<\/div>\n\t\t\t\t<\/div>\n\t\t\t\t\t<\/div>\n\t\t\t\t<\/div>\n\t\t<div class=\"elementor-element elementor-element-779a289 e-con-full e-flex e-con e-child\" data-id=\"779a289\" data-element_type=\"container\" data-e-type=\"container\">\n\t\t\t\t<div class=\"elementor-element elementor-element-6e24f3d iwg-hero-image elementor-widget elementor-widget-image\" data-id=\"6e24f3d\" data-element_type=\"widget\" data-e-type=\"widget\" data-widget_type=\"image.default\">\n\t\t\t\t\t\t\t\t\t\t\t\t\t\t\t<img fetchpriority=\"high\" decoding=\"async\" width=\"683\" height=\"1024\" src=\"https:\/\/iwell-guard.com\/wp-content\/uploads\/2026\/05\/goetter_rom_diana-683x1024.webp\" class=\"attachment-large size-large wp-image-159691\" alt=\"Diana - bohovia z r\u00edmskej trad\u00edcie, historicko-ilustra\u010dn\u00e9\" srcset=\"https:\/\/iwell-guard.com\/wp-content\/uploads\/2026\/05\/goetter_rom_diana-683x1024.webp 683w, https:\/\/iwell-guard.com\/wp-content\/uploads\/2026\/05\/goetter_rom_diana-200x300.webp 200w, https:\/\/iwell-guard.com\/wp-content\/uploads\/2026\/05\/goetter_rom_diana-768x1152.webp 768w, https:\/\/iwell-guard.com\/wp-content\/uploads\/2026\/05\/goetter_rom_diana.webp 1024w\" sizes=\"(max-width: 683px) 100vw, 683px\" \/>\t\t\t\t\t\t\t\t\t\t\t\t\t\t\t<\/div>\n\t\t\t\t<\/div>\n\t\t\t\t\t<\/div>\n\t\t\t\t<\/div>\n\t\t<div class=\"elementor-element elementor-element-266f5f8 e-con-boxed e-flex e-con e-parent\" data-id=\"266f5f8\" data-element_type=\"container\" data-e-type=\"container\">\n\t\t\t\t\t<div class=\"e-con-inner\">\n\t\t<div class=\"elementor-element elementor-element-a940ad5 e-con-full e-flex e-con e-child\" data-id=\"a940ad5\" data-element_type=\"container\" data-e-type=\"container\">\n\t\t\t\t<div class=\"elementor-element elementor-element-bf6b107 elementor-widget elementor-widget-heading\" data-id=\"bf6b107\" data-element_type=\"widget\" data-e-type=\"widget\" data-widget_type=\"heading.default\">\n\t\t\t\t\t<h2 class=\"elementor-heading-title elementor-size-default\">M\u00fdtus a p\u00f4vod<\/h2>\t\t\t\t<\/div>\n\t\t\t\t<div class=\"elementor-element elementor-element-1b6e2e6 elementor-widget elementor-widget-text-editor\" data-id=\"1b6e2e6\" data-element_type=\"widget\" data-e-type=\"widget\" data-widget_type=\"text-editor.default\">\n\t\t\t\t\t\t\t\t\t<p>Meno Diana sa jazykovohistoricky odvodzuje od indoeur\u00f3pskeho kore\u0148a s v\u00fdznamom \u201esvietiaca\u201c alebo \u201enebesky jasn\u00e1\u201c. Z toho vypl\u00fdva jej \u00fazke spojenie s mesiacom a denn\u00fdm svetlom. V najstar\u0161ej italickej vrstve bola Diana bohy\u0148ou divej pr\u00edrody, prame\u0148ov a \u017eenskej zrelosti.<\/p><p>A\u017e n\u00e1bo\u017eenskou reformou za vl\u00e1dy Servia Tullia bola prevzat\u00e1 do mestsk\u00e9ho n\u00e1bo\u017eenstva, ke\u010f bol na Avent\u00edne postaven\u00fd Dianin <span class=\"iwg-fachbegriff\" data-tooltip=\"Stavba sl\u00fa\u017eiaca na uctievanie jedn\u00e9ho alebo viacer\u00fdch bo\u017estiev.\" tabindex=\"0\">chr\u00e1m<\/span>, ktor\u00fd mal by\u0165 z\u00e1rove\u0148 spolo\u010dnou sv\u00e4ty\u0148ou latinsk\u00fdch miest. T\u00e1to politick\u00e1 funkcia bola z\u00e1mern\u00fdm gestom r\u00edmskeho \u00fasilia o nadvl\u00e1du vo\u010di ostatn\u00fdm latinsk\u00fdm obciam.<\/p>\n<p>Najstar\u0161ie r\u00edmske kultov\u00e9 centrum sa v\u0161ak nach\u00e1dzalo v Nemi, kr\u00e1terovom jazere sope\u010dn\u00e9ho p\u00f4vodu v Albsk\u00fdch hor\u00e1ch. Tu Latini uctievali Dianu Nemorensis, paniu h\u00e1ju.<\/p><p>U\u017e Cato hovor\u00ed o v\u00fdzname tejto sv\u00e4tyne a Strab\u00f3n popisuje nezvy\u010dajn\u00fd k\u0148azsk\u00fd ritu\u00e1l, v ktorom mohol by\u0165 \u00faraduj\u00faci k\u0148az, Rex Nemorensis, vyzvan\u00fd a v s\u00faboji vystriedan\u00fd uniknut\u00fdm otrokom.<\/p><p>T\u00e1to archaick\u00e1 prax zachovala stopy star\u0161\u00edch inicia\u010dn\u00fdch obradov a nesk\u00f4r fascinovala religionistick\u00fd v\u00fdskum, menovite Jamesa Georga Frazera, ktor\u00fd svoje dielo \u201eThe Golden Bough\u201c za\u010dal opisom <span class=\"iwg-fachbegriff\" data-tooltip=\"Sv\u00e4t\u00fd porast stromov, ktor\u00fd sl\u00fa\u017eil ako kultov\u00e9 miesto.\" tabindex=\"0\">h\u00e1ja<\/span> v Nemi. Ot\u00e1zka, \u010di Rex Nemorensis skuto\u010dne existoval, alebo bol liter\u00e1rnou kon\u0161trukciou, zamestn\u00e1va v\u00fdskum a\u017e do s\u00fa\u010dasnosti.<\/p>\n<p>Verg\u00edlius opakovane naz\u00fdva Dianu ochranky\u0148ou vidieckych veriacich. Ov\u00eddius jej v \u201eMetamorf\u00f3zach\u201c venuje sl\u00e1vnu epiz\u00f3du o Aktai\u00f3novi, ktor\u00fd zbadal k\u00fapaj\u00facu sa bohy\u0148u a bol za trest premenen\u00fd na jele\u0148a.<\/p><p>R\u00edmska trad\u00edcia tieto rozpr\u00e1vania v\u00e4\u010d\u0161inou prevzala v \u00fazkej nadv\u00e4znosti na gr\u00e9cke vzory, av\u0161ak silnej\u0161ie ju sp\u00e1jala s kultov\u00fdmi re\u00e1liami z Latia. Catullus jej venoval samostatn\u00fa hymnick\u00fa b\u00e1se\u0148, Carmen 34, ktor\u00e1 bohy\u0148u opisuje ako prin\u00e1\u0161ate\u013eku svetla a ochranky\u0148u mlad\u00fdch diev\u010dat.<\/p>\n<p>V italickom \u013eudovom n\u00e1bo\u017eenstve bola Diana e\u0161te dlho pr\u00edtomn\u00e1 ako pani zvierat a neos\u00eddlenej krajiny. N\u00e1pisy z vn\u00fatrozemia Latia ju zobrazuj\u00fa ako bo\u017estvo prame\u0148ov, ochranky\u0148u st\u00e1d dobytka a pomocn\u00ed\u010dku pri p\u00f4rodoch.<\/p><p>Tieto vidiecke zlo\u017eky zostali sp\u00e4t\u00e9 s verejn\u00fdm kultom na Avent\u00edne a v liter\u00e1rnej trad\u00edcii \u010dasto ustupovali do \u00fazadia v prospech helenisticky sfarben\u00fdch obrazov Artemis.<\/p>\t\t\t\t\t\t\t\t<\/div>\n\t\t\t\t<\/div>\n\t\t<div class=\"elementor-element elementor-element-3c9f8e5 e-con-full e-flex e-con e-child\" data-id=\"3c9f8e5\" data-element_type=\"container\" data-e-type=\"container\">\n\t\t\t\t<div class=\"elementor-element elementor-element-182ea83 elementor-widget elementor-widget-heading\" data-id=\"182ea83\" data-element_type=\"widget\" data-e-type=\"widget\" data-widget_type=\"heading.default\">\n\t\t\t\t\t<h2 class=\"elementor-heading-title elementor-size-default\">Symboly a atrib\u00faty<\/h2>\t\t\t\t<\/div>\n\t\t\t\t<div class=\"elementor-element elementor-element-66eb4df elementor-widget elementor-widget-text-editor\" data-id=\"66eb4df\" data-element_type=\"widget\" data-e-type=\"widget\" data-widget_type=\"text-editor.default\">\n\t\t\t\t\t\t\t\t\t<p>Luk a \u0161\u00edpy s\u00fa hlavn\u00fdm rozli\u0161ovac\u00edm znakom Diany a odkazuj\u00fa na jej \u00falohu lovkyne. V obrazovej trad\u00edcii je v\u00e4\u010d\u0161inou zobrazovan\u00e1 s vyzdvihnut\u00fdm r\u00fachom a sand\u00e1lmi, \u010dasto v spolo\u010dnosti psa alebo jele\u0148a.<\/p><p>Mesiac, vidite\u013en\u00fd ako polmesiac nad \u010delom alebo vo vlasoch, ju z\u00e1rove\u0148 charakterizuje ako bohy\u0148u svetla. T\u00e1to kombinovan\u00e1 symbolika loveckej zbrane a mesa\u010dn\u00e9ho znamenia sa nach\u00e1dza na mnoh\u00fdch minciach neskorej republiky a cis\u00e1rskej doby.<\/p>\n<p>\u010eal\u0161\u00edm atrib\u00fatom je fak\u013ea. Vystupuje najm\u00e4 tam, kde sa Diana zjavuje ako bohy\u0148a no\u010dn\u00e9ho osvetlenia a ciest cez temn\u00e9 lesy. V <span class=\"iwg-fachbegriff\" data-tooltip=\"S\u00fahrn n\u00e1bo\u017eensk\u00fdch \u00factov\u00fdch \u00fakonov k bo\u017estvu alebo sv\u00e4tej postave.\" tabindex=\"0\">kulte<\/span> v Nemi nosili <span class=\"iwg-fachbegriff\" data-tooltip=\"\u010clovek, ktor\u00fd podnik\u00e1 n\u00e1bo\u017eensky motivovan\u00fa cestu na sv\u00e4t\u00e9 miesto.\" tabindex=\"0\">p\u00fatnici<\/span> fakle okolo jazera, ktor\u00e9ho vodn\u00e1 hladina platila za zrkadlo mesiaca.<\/p><p>Spojenie mesa\u010dn\u00e9ho svetla a fak\u013eov\u00e9ho plame\u0148a formuje neskor\u0161iu ikonografick\u00fa trad\u00edciu a\u017e do renesancie, v ktorej sa Diana takmer v\u017edy zjavuje ako no\u010dn\u00e1 putuj\u00faca postava obklopen\u00e1 svetlom.<\/p>\n<p>Dianu \u010dasto sprev\u00e1dzaj\u00fa psy, jelene, srny a menej \u010dasto aj medvede. Tieto zvierat\u00e1 vyzna\u010duj\u00fa jej vl\u00e1du nad lesom. Na avent\u00ednskych reli\u00e9foch sa okrem toho objavuj\u00fa hady, ktor\u00e9 poukazuj\u00fa na jej chtonick\u00fa str\u00e1nku a spojenie s lie\u010div\u00fdmi prame\u0148mi.<\/p><p>\u017deny, ktor\u00e9 prosili o pomoc pri p\u00f4rode, jej ako obvykl\u00fd vot\u00edvny dar prin\u00e1\u0161ali aj veniec z vetiev divej olivy. K materi\u00e1lnym stop\u00e1m jej p\u00f4rodn\u00e9ho kultu patria aj vot\u00edvne hlinen\u00e9 fig\u00farky \u0165archav\u00fdch \u017eien, ktor\u00e9 sa vo ve\u013ekom po\u010dte na\u0161li v Nemi a na in\u00fdch sv\u00e4tyniach.<\/p>\n<p>V provinci\u00e1ch bola \u010dasto synkretizovan\u00e1 s miestnymi bohy\u0148ami pr\u00edrody, napr\u00edklad ako Diana Abnoba v Schwarzwalde, Diana Arduinna v Arden\u00e1ch alebo Diana Nemetona v Podunajsku. Tieto miestne formy nes\u00fa \u010dasto vlastn\u00e9 atrib\u00faty, napr\u00edklad borovicov\u00e9 vetvi\u010dky, misy na prame\u0148 alebo region\u00e1lnu div\u00fa zver. Provinci\u00e1lna <span class=\"iwg-fachbegriff\" data-tooltip=\"N\u00e1uka o obsahu obrazov a ich v\u00fdzname.\" tabindex=\"0\">ikonografia<\/span> p\u00f4sobivo ukazuje schopnos\u0165 r\u00edmskeho n\u00e1bo\u017eenstva zjednoti\u0165 miestne pr\u00edrodn\u00e9 kulty pod jedno zastre\u0161uj\u00face bo\u017estvo.<\/p>\t\t\t\t\t\t\t\t<\/div>\n\t\t\t\t<\/div>\n\t\t<div class=\"elementor-element elementor-element-f2962d8 e-con-full e-flex e-con e-child\" data-id=\"f2962d8\" data-element_type=\"container\" data-e-type=\"container\">\n\t\t\t\t<div class=\"elementor-element elementor-element-bd612d8 elementor-widget elementor-widget-heading\" data-id=\"bd612d8\" data-element_type=\"widget\" data-e-type=\"widget\" data-widget_type=\"heading.default\">\n\t\t\t\t\t<h2 class=\"elementor-heading-title elementor-size-default\">Kult a uctievanie<\/h2>\t\t\t\t<\/div>\n\t\t\t\t<div class=\"elementor-element elementor-element-db40542 elementor-widget elementor-widget-text-editor\" data-id=\"db40542\" data-element_type=\"widget\" data-e-type=\"widget\" data-widget_type=\"text-editor.default\">\n\t\t\t\t\t\t\t\t\t<p><span class=\"iwg-fachbegriff\" data-tooltip=\"Miesto zasv\u00e4ten\u00e9 uctievaniu bo\u017estva.\" tabindex=\"0\">Sv\u00e4ty\u0148a<\/span> v Nemi bola najvplyvnej\u0161\u00edm vidieckym <span class=\"iwg-fachbegriff\" data-tooltip=\"S\u00fahrn n\u00e1bo\u017eensk\u00fdch \u00fakonov uctievania bo\u017estva alebo posv\u00e4tnej bytosti.\" tabindex=\"0\">kultom<\/span> tejto bohyne. Tis\u00edce hlinen\u00fdch vot\u00edvnych darov, ktor\u00e9 boli archeologicky odkryt\u00e9, zobrazuj\u00fa \u017eeny s de\u0165mi, tehotn\u00e9 fig\u00farky a zvierat\u00e1.<\/p><p>Tieto n\u00e1lezy dokazuj\u00fa, \u017ee Diana bola okrem svojej \u00falohy bohyne lovu vz\u00fdvan\u00e1 predov\u0161etk\u00fdm ako pomocn\u00ed\u010dka pri p\u00f4rodoch a v\u00fdchove det\u00ed. Archeologick\u00e9 v\u00fdskumy od 19. storo\u010dia odhalili t\u00fato <span class=\"iwg-fachbegriff\" data-tooltip=\"Miesto zasv\u00e4ten\u00e9 uctievaniu bo\u017estva.\" tabindex=\"0\">sv\u00e4ty\u0148u<\/span> ako vidiecke p\u00fatnick\u00e9 centrum celoitalsk\u00e9ho v\u00fdznamu, s rozsiahlymi stavbami, s\u00e1lami a chr\u00e1mov\u00fdmi okrskami.<\/p>\n<p>V samotnom R\u00edme st\u00e1l <span class=\"iwg-fachbegriff\" data-tooltip=\"Stavba sl\u00fa\u017eiaca uctievaniu jedn\u00e9ho alebo viacer\u00fdch bo\u017estiev.\" tabindex=\"0\">chr\u00e1m<\/span> na Avent\u00edne. Pod\u013ea Livia bol zalo\u017een\u00fd za vl\u00e1dy Servia Tullia a sl\u00fa\u017eil ako zhroma\u017e\u010fovacie miesto plebejcov a otrokov. Pred t\u00fdmto <span class=\"iwg-fachbegriff\" data-tooltip=\"Stavba sl\u00fa\u017eiaca uctievaniu jedn\u00e9ho alebo viacer\u00fdch bo\u017estiev.\" tabindex=\"0\">chr\u00e1mom<\/span> sa 13. augusta sl\u00e1vil najd\u00f4le\u017eitej\u0161\u00ed sviatok, Servatorius alebo dies natalis.<\/p><p>V tento de\u0148 nesmeli by\u0165 otroci n\u00faten\u00ed pracova\u0165 a z R\u00edma do Nemi sa po\u010das celej noci uberal sveteln\u00fd sprievod. Toto spojenie mestsk\u00e9ho a vidieckeho kultu prostredn\u00edctvom procesie so svetlami je nezvy\u010dajnou a v r\u00edmskom n\u00e1bo\u017eenstve mimoriadne p\u00f4sobivou formou sl\u00e1vnosti.<\/p>\n<p>V Capue a na in\u00fdch italsk\u00fdch miestach bola uctievan\u00e1 Diana Tifatina, s vlastn\u00fdm <span class=\"iwg-fachbegriff\" data-tooltip=\"Posv\u00e4tn\u00fd h\u00e1j, ktor\u00fd sl\u00fa\u017eil ako kultov\u00e9 miesto.\" tabindex=\"0\">h\u00e1jom<\/span> a prame\u0148om. V provinci\u00e1ch, najm\u00e4 v Galii a Germ\u00e1nii, sa \u010dasto objavuje v miestnych synkretick\u00fdch podob\u00e1ch.<\/p><p>V Brit\u00e1nii, Hisp\u00e1nii a na severoafrickom pobre\u017e\u00ed je epigraficky dolo\u017een\u00e1 ako lovky\u0148a a bohy\u0148a pr\u00edrody. V Efeze st\u00e1la <span class=\"iwg-fachbegriff\" data-tooltip=\"Miesto zasv\u00e4ten\u00e9 uctievaniu bo\u017estva.\" tabindex=\"0\">sv\u00e4ty\u0148a<\/span> Diany Efezskej, ktor\u00e1 bola stoto\u017e\u0148ovan\u00e1 s ve\u013ekou orient\u00e1lnou matkou-bohy\u0148ou a zohr\u00e1va v\u00fdrazn\u00fa \u00falohu v novoz\u00e1konnom rozpr\u00e1van\u00ed o apo\u0161toloch.<\/p>\n<p>Aj v \u013eudovej religiozite zostala Diana dlho \u017eiv\u00e1. Koncil v Ankyre v 4. storo\u010d\u00ed a neskor\u0161ie synody zakazovali \u017een\u00e1m, ktor\u00e9 vraj \u00abv noci jazdia s Dianou\u00bb.<\/p><p>Toto miesto je d\u00f4le\u017eit\u00fdm dokladom pretrv\u00e1vania dianovsk\u00fdch predst\u00e1v aj po z\u00e1niku pohansk\u00fdch kultov a stoj\u00ed pri zrode neskor\u0161\u00edch predst\u00e1v o \u010darodejn\u00edctve. V takzvanom Canon Episcopi z 9. storo\u010dia je no\u010dn\u00e1 jazda s Dianou ods\u00faden\u00e1 ako <span class=\"iwg-fachbegriff\" data-tooltip=\"Hanliv\u00e9 ozna\u010denie pre predstavy pokladan\u00e9 za n\u00e1bo\u017eensky neopodstatnen\u00e9.\" tabindex=\"0\">povera<\/span>, \u010do ukazuje, ak\u00e9 h\u00fa\u017eevnat\u00e9 bolo toto \u013eudovo-n\u00e1bo\u017eensk\u00e9 uctievanie.<\/p>\n<p>Vest\u00e1lky, ktor\u00e9 sl\u00fa\u017eili Veste, prin\u00e1\u0161ali na Dianine sviatky obetn\u00e9 dary do jej <span class=\"iwg-fachbegriff\" data-tooltip=\"Stavba sl\u00fa\u017eiaca uctievaniu jedn\u00e9ho alebo viacer\u00fdch bo\u017estiev.\" tabindex=\"0\">chr\u00e1mu<\/span>. Toto kultov\u00e9 prepojenie Vesty a Diany odr\u00e1\u017ea \u00fazku pr\u00edbuznos\u0165 medzi \u010distotou, panenstvom a sveteln\u00fdm bo\u017estvom. Aj Iuno bola na Dianine sviatky spolo\u010dne vz\u00fdvan\u00e1 v Laviniu a Tusculu, \u010do pod\u010diarkuje p\u00f4rodn\u00fa pomocn\u00fa funkciu oboch boh\u00fd\u0148.<\/p>\t\t\t\t\t\t\t\t<\/div>\n\t\t\t\t<\/div>\n\t\t<div class=\"elementor-element elementor-element-67e249f e-con-full e-flex e-con e-child\" data-id=\"67e249f\" data-element_type=\"container\" data-e-type=\"container\">\n\t\t\t\t<div class=\"elementor-element elementor-element-f9d3f49 elementor-widget elementor-widget-heading\" data-id=\"f9d3f49\" data-element_type=\"widget\" data-e-type=\"widget\" data-widget_type=\"heading.default\">\n\t\t\t\t\t<h2 class=\"elementor-heading-title elementor-size-default\">D\u00f4le\u017eit\u00e9 m\u00fdty<\/h2>\t\t\t\t<\/div>\n\t\t\t\t<div class=\"elementor-element elementor-element-007d6ba elementor-widget elementor-widget-text-editor\" data-id=\"007d6ba\" data-element_type=\"widget\" data-e-type=\"widget\" data-widget_type=\"text-editor.default\">\n\t\t\t\t\t\t\t\t\t<p>Pr\u00edbeh o Aktae\u00f3novi je najzn\u00e1mej\u0161ou epiz\u00f3dou dianskej <span class=\"iwg-fachbegriff\" data-tooltip=\"S\u00fahrn tradovan\u00fdch rozpr\u00e1van\u00ed o bohoch v danej kult\u00fare.\" tabindex=\"0\">mytol\u00f3gie<\/span>. Ov\u00eddius v \u00abMetamorf\u00f3zach\u00bb opisuje, ako mlad\u00fd po\u013eovn\u00edk Aktae\u00f3n na svojej ceste n\u00e1hodou natraf\u00ed na k\u00fapaj\u00facu sa Dianu. Rozhor\u010den\u00e1 naru\u0161en\u00edm svojej \u010distoty ho premen\u00ed na jele\u0148a, ktor\u00e9ho roztrhaj\u00fa jeho vlastn\u00e9 psy.<\/p><p>Pr\u00edbeh v sebe nesie star\u00e9 tabu spojen\u00e9 s bo\u017eskos\u0165ou, z\u00e1kaz neopr\u00e1vnen\u00e9ho poh\u013eadu, a v stredoveku bol kres\u0165ansky alegorizovan\u00fd ako varovanie pred neskromnou zvedavos\u0165ou. Tizian a neskor\u0161\u00ed maliari zachytili okamih premeny v sl\u00e1vnych obrazoch, ktor\u00e9 obrazne zhus\u0165uj\u00fa <span class=\"iwg-fachbegriff\" data-tooltip=\"Opakuj\u00faci sa obsahov\u00fd prvok v umen\u00ed alebo rozpr\u00e1van\u00ed.\" tabindex=\"0\">mot\u00edv<\/span> sv\u00e4tej hranice.<\/p>\n<p>Druh\u00e1 epiz\u00f3da sa t\u00fdka Ifig\u00e9nie. Pod\u013ea trad\u00edcie, ktor\u00fa uv\u00e1dza Servius, Diana zachr\u00e1nila dc\u00e9ru Agamemnona v posledn\u00fd okamih pred obetnou smr\u0165ou v Aulide a uniesla ju do Tauridy, kde sa stala jej k\u0148a\u017ekou.<\/p><p>V r\u00edmskom v\u00fdklade je tento pr\u00edbeh sp\u00e4t\u00fd s <span class=\"iwg-fachbegriff\" data-tooltip=\"S\u00fahrn n\u00e1bo\u017eensk\u00fdch \u00factov\u00fdch prakt\u00edk vo\u010di bo\u017estvu alebo sv\u00e4tej postave.\" tabindex=\"0\">kultom<\/span> v Nemi, preto\u017ee \u013eudsk\u00fa obe\u0165 typick\u00fa pre Tauridu ukon\u010d\u00ed samotn\u00e1 Diana, ktor\u00e1 sa tak st\u00e1va str\u00e1\u017eky\u0148ou spravodlivej a mierumilovnej obetnej praxe.<\/p><p>Euripidova \u00faprava tohto <span class=\"iwg-fachbegriff\" data-tooltip=\"Tradovan\u00e9 rozpr\u00e1vanie o bohoch, p\u00f4vode a poriadku svet.\" tabindex=\"0\">m\u00fdtu<\/span> v hre \u00abIfig\u00e9nia v Tauride\u00bb sa v r\u00edmskej dobe \u010dasto uv\u00e1dzala a ovplyvnila ch\u00e1panie Diany ako bohyne, ktor\u00e1 \u013eud\u00ed zachra\u0148uje, nie obetuje.<\/p>\n<p>Tret\u00ed pr\u00edbeh rozpr\u00e1va o jele\u0148ovi Diany na Avent\u00edne. Pod\u013ea L\u00edviusa ist\u00fd ro\u013en\u00edk zo Sabinska vychoval mimoriadne ve\u013ek\u00e9ho jele\u0148a, o ktorom <span class=\"iwg-fachbegriff\" data-tooltip=\"Miesto alebo zariadenie, kde sa vy\u017eiadal bo\u017esk\u00fd v\u00fdrok.\" tabindex=\"0\">or\u00e1kulum<\/span> predpovedalo, \u017ee n\u00e1rod, ktor\u00fd toto zviera obetuje, z\u00edska vl\u00e1du nad It\u00e1liou.<\/p><p>Sabin priviedol jele\u0148a k <span class=\"iwg-fachbegriff\" data-tooltip=\"Stavba sl\u00fa\u017eiaca na uctievanie jedn\u00e9ho alebo viacer\u00fdch bo\u017estiev.\" tabindex=\"0\">chr\u00e1mu<\/span> na Avent\u00edne, ale r\u00edmskou \u013estou bol prekab\u00e1ten\u00fd tak, \u017ee zviera obetovali Rimania. T\u00fdm R\u00edm z\u00edskal predpovedan\u00e9 prvenstvo. Pr\u00edbeh sp\u00e1ja vidiecky <span class=\"iwg-fachbegriff\" data-tooltip=\"Znak, ktor\u00fd zastupuje ist\u00fa predstavu alebo v\u00fdznam.\" tabindex=\"0\">symbol<\/span> jele\u0148a s politick\u00fdm v\u00fdznamom Diany ako ochrankyne R\u00edma.<\/p>\n<p>\u0160tvrt\u00e1 m\u00fdtick\u00e1 pripomienka sa via\u017ee na Hippolyta. Mlad\u00fd syn Th\u00e9sea, ktor\u00fd ctil iba Dianu a Venu\u0161u opovrhoval, bol zabit\u00fd b\u00fd\u010d\u00edm <span class=\"iwg-fachbegriff\" data-tooltip=\"Duchovn\u00e1 bytos\u0165, ktorej sa pripisuje \u0161kodliv\u00e9 alebo protire\u010div\u00e9 p\u00f4sobenie.\" tabindex=\"0\">d\u00e9monom<\/span> a Diana ho prostredn\u00edctvom Aeskulapa vzkriesila a uniesla do Aricie, do \u00fadolia Nemi.<\/p><p>Tam mal pod menom Virbius p\u00f4sobi\u0165 ako h\u00e9ros. Pr\u00edbeh sp\u00e1ja avent\u00ednsky kult s <span class=\"iwg-fachbegriff\" data-tooltip=\"Sv\u00e4t\u00fd porast stromov, ktor\u00fd sl\u00fa\u017eil ako kultov\u00e9 miesto.\" tabindex=\"0\">h\u00e1j<\/span> v Nemi a predstavuje Dianu ako bohy\u0148u, ktor\u00e1 svojich ctite\u013eov prev\u00e1dza aj za hranicu smrti.<\/p>\t\t\t\t\t\t\t\t<\/div>\n\t\t\t\t<\/div>\n\t\t<div class=\"elementor-element elementor-element-d5b5d49 e-con-full e-flex e-con e-child\" data-id=\"d5b5d49\" data-element_type=\"container\" data-e-type=\"container\">\n\t\t\t\t<div class=\"elementor-element elementor-element-75ed841 elementor-widget elementor-widget-heading\" data-id=\"75ed841\" data-element_type=\"widget\" data-e-type=\"widget\" data-widget_type=\"heading.default\">\n\t\t\t\t\t<h2 class=\"elementor-heading-title elementor-size-default\">Vz\u0165ahy v pante\u00f3ne<\/h2>\t\t\t\t<\/div>\n\t\t\t\t<div class=\"elementor-element elementor-element-853128a elementor-widget elementor-widget-text-editor\" data-id=\"853128a\" data-element_type=\"widget\" data-e-type=\"widget\" data-widget_type=\"text-editor.default\">\n\t\t\t\t\t\t\t\t\t<p>Diana bola u\u017e od po\u010diatku ch\u00e1pan\u00e1 ako sestra Apol\u00f3na, presne v paralele s Artemidou a Apol\u00f3nom v gr\u00e9ckom syst\u00e9me. Obaja s\u00fa pova\u017eovan\u00ed za deti Iuppitera a Latony. Apol\u00f3n steles\u0148uje \u017eiariv\u00fa denn\u00fa a slne\u010dn\u00fa str\u00e1nku, Diana mesa\u010dn\u00fa a no\u010dn\u00fa.<\/p><p>Na kultov\u00fdch miestach ako D\u00e9los, ako aj v r\u00edmskych synkretizmoch, sa oba s\u00farodenci \u010dasto objavuj\u00fa spolo\u010dne. Augustovsk\u00e1 n\u00e1bo\u017eensk\u00e1 politika toto s\u00farodeneck\u00e9 spojenie z\u00e1merne vyu\u017e\u00edvala, preto\u017ee s\u00e1m Augustus sa pova\u017eoval za chr\u00e1nenca Apol\u00f3na.<\/p>\n<p>S Triviou, bohy\u0148ou kri\u017eovatiek, je Diana \u00fazko zliata. V tejto funkcii sa st\u00e1va chtonickou bohy\u0148ou noci, <span class=\"iwg-fachbegriff\" data-tooltip=\"Praktiky, ktor\u00e9 sa sna\u017eia zvl\u00e1\u0161tnymi \u00fakonmi alebo formulami zasiahnu\u0165 do chodu vec\u00ed.\" tabindex=\"0\">m\u00e1gie<\/span> a prahov. Catullus, Verg\u00edlius a Horatius pou\u017e\u00edvaj\u00fa pr\u00edmenie Trivia ako b\u00e1snick\u00fd variant.<\/p><p>Radenie Diana, Luna, Hecate, Trivia sa \u010dasto sp\u00e1ja do jedinej mnohotv\u00e1rnej postavy, ktor\u00e1 bola ob\u013e\u00faben\u00e1 v obdob\u00ed cis\u00e1rstva. Zauj\u00edmav\u00e1 je v tomto oh\u013eade aj <span class=\"iwg-fachbegriff\" data-tooltip=\"Prosebn\u00e9 alebo vz\u00fdvacie oslovenie bo\u017estva \u010di moci.\" tabindex=\"0\">invok\u00e1cia<\/span> Augusta v Horatiovom \u00abCarmen Saeculare\u00bb, ktor\u00e1 zlu\u010duje trojicu boh\u00fd\u0148 pod menom Diana.<\/p>\n<p>Vo vz\u0165ahu k Venu\u0161i vystupuje Diana ako obhajky\u0148a cudnosti. Obe bohyne sa v ot\u00e1zkach l\u00e1sky a man\u017eelstva vz\u00fdvaj\u00fa v protiklade. S Iunonou zdie\u013ea Diana aspekt pomoci pri p\u00f4rode, preto sa obe pri porodoch spolo\u010dne prosili o ochranu. Tieto aspekty ukazuj\u00fa, \u017ee Diana nebola v r\u00edmskom <span class=\"iwg-fachbegriff\" data-tooltip=\"S\u00fahrn bohov ist\u00e9ho n\u00e1bo\u017eenstva alebo kult\u00fary.\" tabindex=\"0\">pante\u00f3ne<\/span> izolovan\u00e1, ale zasaden\u00e1 do siete \u017eensk\u00fdch funkci\u00ed.<\/p>\t\t\t\t\t\t\t\t<\/div>\n\t\t\t\t<\/div>\n\t\t<div class=\"elementor-element elementor-element-c92c8a7 e-con-full e-flex e-con e-child\" data-id=\"c92c8a7\" data-element_type=\"container\" data-e-type=\"container\">\n\t\t\t\t<div class=\"elementor-element elementor-element-3bb7509 elementor-widget elementor-widget-heading\" data-id=\"3bb7509\" data-element_type=\"widget\" data-e-type=\"widget\" data-widget_type=\"heading.default\">\n\t\t\t\t\t<h2 class=\"elementor-heading-title elementor-size-default\">Ohlas a vplyv<\/h2>\t\t\t\t<\/div>\n\t\t\t\t<div class=\"elementor-element elementor-element-52b9961 elementor-widget elementor-widget-text-editor\" data-id=\"52b9961\" data-element_type=\"widget\" data-e-type=\"widget\" data-widget_type=\"text-editor.default\">\n\t\t\t\t\t\t\t\t\t<p>Renesancia znovu objavila Dianu ako stelesnenie p\u00f4vabu a odstupu od civiliz\u00e1cie. Tizian ju ma\u013eoval opakovane, najzn\u00e1mej\u0161ie v obrazoch \u00abDiana a Aktai\u00f3n\u00bb a \u00abDiana a Kallisto\u00bb, ktor\u00e9 sa dnes nach\u00e1dzaj\u00fa v Edinburghu.<\/p><p>V 16. storo\u010d\u00ed sa stala ob\u013e\u00fabenou bohy\u0148ou franc\u00fazskej dvorskej kult\u00fary, najm\u00e4 za vl\u00e1dy Henricha II. a Diane de Poitiers, ktor\u00e1 sa vedome stavala do dianskej role. Z\u00e1mok Anet sa stal dianskym \u00fato\u010diskom s mno\u017estvom obrazov\u00fdch programov, vr\u00e1tane sl\u00e1vnej sochy Diane chasseresse, ktor\u00e1 je dnes v Louvri.<\/p>\n<p>V obdob\u00ed baroka sa Diana objavuje vo franc\u00fazskej dvorskej opere, napr\u00edklad u Lullyho, a na obrazoch Domenichina a Rubensa.<\/p><p>V 18. storo\u010d\u00ed zauj\u00edma menej ikonografick\u00fd a viac krajinomalebn\u00fd priestor, preto\u017ee rastie z\u00e1ujem o div\u00e9 h\u00e1je a sc\u00e9ny pri mesa\u010dnom svetle. Romantizmus 19. storo\u010dia tento obraz e\u0161te prehlbuje a rob\u00ed z Diany <span class=\"iwg-fachbegriff\" data-tooltip=\"N\u00e1zorn\u00fd obraz, ktor\u00fd predstavuje abstraktn\u00fa my\u0161lienku.\" tabindex=\"0\">symbol<\/span> nesp\u00fatanej, predciviliza\u010dnej pr\u00edrody.<\/p>\n<p>V dejin\u00e1ch n\u00e1bo\u017eenstva 19. a 20. storo\u010dia sa Diana stala k\u013e\u00fa\u010dovou postavou. Frazer otvoril svoje dielo \u00abThe Golden Bough\u00bb ot\u00e1zkou po k\u0148azovi z Nemi a na tomto z\u00e1klade vytvoril rozsiahlu te\u00f3riu magick\u00fdch kr\u00e1\u013eovstiev.<\/p><p>Margaret Murrayov\u00e1 a jej nasledovn\u00edci urobili z Diany pomenovaciu bohy\u0148u \u00fadajn\u00e9ho eur\u00f3pskeho podzemn\u00e9ho n\u00e1bo\u017eenstva \u2013 kon\u0161truktu, ktor\u00fd je dnes b\u00e1dan\u00edm pova\u017eovan\u00fd za historicky neudr\u017eate\u013en\u00fd, av\u0161ak hlboko ovplyvnil modern\u00e9 novopohansk\u00e9 hnutia. Stregheria, italsko-americk\u00e9 hnutie \u010darodejn\u00edctva z 20. storo\u010dia, sa odvol\u00e1va na Dianu ako najvy\u0161\u0161ie <span class=\"iwg-fachbegriff\" data-tooltip=\"Bytos\u0165 uctievan\u00e1 ako bo\u017estvo v r\u00e1mci nejak\u00e9ho n\u00e1bo\u017eenstva.\" tabindex=\"0\">bo\u017estvo<\/span> a dokazuje pretrv\u00e1vaj\u00facu silu tejto antickej postavy.<\/p>\t\t\t\t\t\t\t\t<\/div>\n\t\t\t\t<\/div>\n\t\t<div class=\"elementor-element elementor-element-f43230f e-con-full e-flex e-con e-child\" data-id=\"f43230f\" data-element_type=\"container\" data-e-type=\"container\">\n\t\t\t\t<div class=\"elementor-element elementor-element-47197b7 elementor-widget elementor-widget-heading\" data-id=\"47197b7\" data-element_type=\"widget\" data-e-type=\"widget\" data-widget_type=\"heading.default\">\n\t\t\t\t\t<h2 class=\"elementor-heading-title elementor-size-default\">Religionistick\u00e9 zaradenie<\/h2>\t\t\t\t<\/div>\n\t\t\t\t<div class=\"elementor-element elementor-element-bd211dd elementor-widget elementor-widget-text-editor\" data-id=\"bd211dd\" data-element_type=\"widget\" data-e-type=\"widget\" data-widget_type=\"text-editor.default\">\n\t\t\t\t\t\t\t\t\t<p>Robert Schilling popisuje Dianu ako italick\u00fa bohy\u0148u s dvoma \u0165a\u017eiskami: vidieckym kultom v h\u00e1joch a \u0161t\u00e1tno-mestskou funkciou na Avent\u00edne. Oba p\u00f3ly s\u00fa spolo\u010densko-historicky oddelen\u00e9, ale kultovo prepojen\u00e9. Kurt Latte vyklad\u00e1 star\u00fa Dianu ako latinsk\u00fa hlavn\u00fa bohy\u0148u a vid\u00ed v <span class=\"iwg-fachbegriff\" data-tooltip=\"S\u00fahrn n\u00e1bo\u017eensk\u00fdch \u00factov\u00fdch prakt\u00edk vo\u010di bo\u017estvu alebo sv\u00e4tej postave.\" tabindex=\"0\">kulte<\/span> v Nemi miesto spojeneckej pr\u00edsahy latinsk\u00fdch miest e\u0161te pred r\u00edmskou hegem\u00f3niou.<\/p>\n<p>Mary Beard, John North a Simon Price zd\u00f4raz\u0148uj\u00fa soci\u00e1lny rozmer. <span class=\"iwg-fachbegriff\" data-tooltip=\"Stavba sl\u00fa\u017eiaca na uctievanie jedn\u00e9ho alebo viacer\u00fdch bo\u017estiev.\" tabindex=\"0\">Chr\u00e1m<\/span> na Avent\u00edne bol miestom zhroma\u017e\u010fovania plebejcov a otrokov, vidiecky <span class=\"iwg-fachbegriff\" data-tooltip=\"S\u00fahrn n\u00e1bo\u017eensk\u00fdch \u00factov\u00fdch prakt\u00edk vo\u010di bo\u017estvu alebo sv\u00e4tej postave.\" tabindex=\"0\">kult<\/span> oslovoval \u017eeny, pastierov a p\u00fatnikov. Bohy\u0148a tak odr\u00e1\u017ea vrstvy stojace mimo sen\u00e1torsk\u00e9ho jadra, \u010do vysvet\u013euje jej dlhotrvaj\u00facu \u017eivos\u0165 v \u013eudovej religiozite.<\/p><p>J\u00f6rg R\u00fcpke zd\u00f4raz\u0148uje intermedi\u00e1lny charakter Diany, ktor\u00e1 sp\u00e1jala mestsk\u00e9 a vidiecke, helenistick\u00e9 a italick\u00e9, verejn\u00e9 a s\u00fakromn\u00e9 prvky.<\/p>\n<p>N\u00e1bo\u017eenskohistorick\u00e1 kontinuita a\u017e do stredoveku je dobre zdokumentovan\u00e1. Carlo Ginzburg v diele \u00abStoria notturna\u00bb vystopoval stopy diansk\u00fdch predst\u00e1v v \u013eudovomagick\u00fdch praktik\u00e1ch severn\u00e9ho Talianska a uk\u00e1zal, \u017ee predstavy o \u010darodejn\u00edctve ran\u00e9ho novoveku vznikli zo siete tak\u00fdchto trad\u00edci\u00ed. Aj Norman Cohn v diele \u00abEurope&#8217;s Inner Demons\u00bb analyzuje, ako cirkevn\u00e1 diaboliz\u00e1cia tieto vidiecke predstavy prekryla.<\/p>\n<p>Archeologick\u00fd v\u00fdskum 20. a 21. storo\u010dia odkryl v Nemi, Aricii a na Avent\u00edne dan\u00e9 <span class=\"iwg-fachbegriff\" data-tooltip=\"Sv\u00e4t\u00fd priestor zasv\u00e4ten\u00fd uctievaniu bo\u017estva.\" tabindex=\"0\">sv\u00e4tyne<\/span> prostredn\u00edctvom ve\u013ek\u00fdch vykop\u00e1vok. N\u00e1lezy, menovite n\u00e1pisy a vot\u00edvne dary, dokumentuj\u00fa kontinuitu cez st\u00e1ro\u010dia a ukazuj\u00fa, \u017ee <span class=\"iwg-fachbegriff\" data-tooltip=\"S\u00fahrn n\u00e1bo\u017eensk\u00fdch \u00factov\u00fdch prakt\u00edk vo\u010di bo\u017estvu alebo sv\u00e4tej postave.\" tabindex=\"0\">kult<\/span> pretrval a\u017e do kres\u0165anskej <span class=\"iwg-fachbegriff\" data-tooltip=\"Prechodn\u00e9 obdobie medzi antikou a stredovekom, pribli\u017ene 3. a\u017e 7. storo\u010die.\" tabindex=\"0\">neskorej antiky<\/span>.<\/p>\t\t\t\t\t\t\t\t<\/div>\n\t\t\t\t<\/div>\n\t\t<div class=\"elementor-element elementor-element-a72358d e-con-full e-flex e-con e-child\" data-id=\"a72358d\" data-element_type=\"container\" data-e-type=\"container\">\n\t\t\t\t<div class=\"elementor-element elementor-element-261e25e elementor-widget elementor-widget-heading\" data-id=\"261e25e\" data-element_type=\"widget\" data-e-type=\"widget\" data-widget_type=\"heading.default\">\n\t\t\t\t\t<h2 class=\"elementor-heading-title elementor-size-default\">Zdroje a odpor\u00fa\u010dan\u00e1 literat\u00fara<\/h2>\t\t\t\t<\/div>\n\t\t\t\t<div class=\"elementor-element elementor-element-0e3b7c1 elementor-widget elementor-widget-text-editor\" data-id=\"0e3b7c1\" data-element_type=\"widget\" data-e-type=\"widget\" data-widget_type=\"text-editor.default\">\n\t\t\t\t\t\t\t\t\t<div data-nosnippet=\"true\"><p><span class=\"iwg-fachbegriff\" data-tooltip=\"Epocha gr\u00e9ckej a r\u00edmskej kult\u00fary, pribli\u017ene 800 pred Kr. a\u017e 600 po Kr.\" tabindex=\"0\">Antick\u00e9<\/span> pramene: Verg\u00edlius \u00abAeneida\u00bb, Ov\u00eddius \u00abMetamorf\u00f3zy\u00bb a \u00abFasti\u00bb, Livius \u00abAb urbe condita\u00bb, Catullus \u00abCarmina\u00bb 34, Horatius \u00abCarmen Saeculare\u00bb, Strabo \u00abGeographika\u00bb, Serviov koment\u00e1r, Pausanias \u00abPeriegesis\u00bb, Pl\u00ednius \u00abNaturalis historia\u00bb.<\/p>\n<ul><li>Odborn\u00e1 literat\u00fara: James George Frazer, \u00abThe Golden Bough\u00bb, Lond\u00fdn 1890-1915.<\/li><li>Robert Schilling, \u00abRites, cultes, dieux de Rome\u00bb, Par\u00ed\u017e 1979.<\/li><li>Mary Beard, John North, Simon Price, \u00abReligions of Rome\u00bb, Cambridge 1998.<\/li><li>J\u00f6rg R\u00fcpke, \u00abDie Religion der R\u00f6mer\u00bb, Mn\u00edchov 2001.<\/li><li>Carlo Ginzburg, \u00abStoria notturna\u00bb, Tur\u00edn 1989.<\/li><li>Christopher Smith, \u00abThe Roman Clan\u00bb, Cambridge 2006.<\/li><li>Kurt Latte, \u00abR\u00f6mische Religionsgeschichte\u00bb, Mn\u00edchov 1960.<\/li><\/ul><\/div>\t\t\t\t\t\t\t\t<\/div>\n\t\t\t\t<\/div>\n\t\t\t\t\t<\/div>\n\t\t\t\t<\/div>\n\t\t\t\t<\/div>\n\t\t","protected":false},"excerpt":{"rendered":"","protected":false},"author":3,"featured_media":3256,"parent":0,"menu_order":0,"comment_status":"closed","ping_status":"closed","template":"elementor_header_footer","meta":{"_yoast_wpseo_focuskw":"Diana","_yoast_wpseo_title":"Diana \u2013 r\u00edmska bohy\u0148a lovu | iWell Guard","_yoast_wpseo_metadesc":"Diana je r\u00edmska bohy\u0148a lovu, mesiaca, div\u00fdch zvierat a p\u00f4rodu. Sestra Apol\u00f3na, sv\u00e4ty\u0148a v Nemi, aspekt Trivia. M\u00fdtus a kult.","_yoast_wpseo_meta-robots-noindex":"","_yoast_wpseo_canonical":"","_angie_page":false,"gefaehrdungsstufe":"2","wesen_kultur":"rom","wesen_klasse":"goetter","footnotes":""},"categories":[],"class_list":["post-158063","page","type-page","status-publish","has-post-thumbnail","hentry"],"yoast_head":"<!-- This site is optimized with the Yoast SEO Premium plugin v27.7 (Yoast SEO v28.3) - https:\/\/yoast.com\/product\/yoast-seo-premium-wordpress\/ -->\n<title>Diana \u2013 r\u00edmska bohy\u0148a lovu | iWell Guard<\/title>\n<meta name=\"description\" content=\"Diana je r\u00edmska bohy\u0148a lovu, mesiaca, div\u00fdch zvierat a p\u00f4rodu. Sestra Apol\u00f3na, sv\u00e4ty\u0148a v Nemi, aspekt Trivia. M\u00fdtus a kult.\" \/>\n<meta name=\"robots\" content=\"index, follow, max-snippet:-1, max-image-preview:large, max-video-preview:-1\" \/>\n<link rel=\"canonical\" href=\"https:\/\/iwell-guard.com\/sk\/diana\/\" \/>\n<meta property=\"og:locale\" content=\"sk_SK\" \/>\n<meta property=\"og:type\" content=\"article\" \/>\n<meta property=\"og:title\" content=\"Diana\" \/>\n<meta property=\"og:description\" content=\"Diana je r\u00edmska bohy\u0148a lovu, mesiaca, div\u00fdch zvierat a p\u00f4rodu. Sestra Apol\u00f3na, sv\u00e4ty\u0148a v Nemi, aspekt Trivia. M\u00fdtus a kult.\" \/>\n<meta property=\"og:url\" content=\"https:\/\/iwell-guard.com\/sk\/diana\/\" \/>\n<meta property=\"og:site_name\" content=\"iWell Guard\" \/>\n<meta property=\"article:modified_time\" content=\"2026-09-04T22:49:49+00:00\" \/>\n<meta property=\"og:image\" content=\"https:\/\/iwell-guard.com\/wp-content\/uploads\/2026\/05\/goetter_rom_diana.webp\" \/>\n\t<meta property=\"og:image:width\" content=\"1024\" \/>\n\t<meta property=\"og:image:height\" content=\"1536\" \/>\n\t<meta property=\"og:image:type\" content=\"image\/webp\" \/>\n<meta name=\"twitter:card\" content=\"summary_large_image\" \/>\n<script type=\"application\/ld+json\" class=\"yoast-schema-graph\">{\"@context\":\"https:\\\/\\\/schema.org\",\"@graph\":[{\"@type\":\"WebPage\",\"@id\":\"https:\\\/\\\/iwell-guard.com\\\/sk\\\/diana\\\/\",\"url\":\"https:\\\/\\\/iwell-guard.com\\\/sk\\\/diana\\\/\",\"name\":\"Diana \u2013 r\u00edmska bohy\u0148a lovu | iWell Guard\",\"isPartOf\":{\"@id\":\"https:\\\/\\\/iwell-guard.com\\\/sk\\\/#website\"},\"primaryImageOfPage\":{\"@id\":\"https:\\\/\\\/iwell-guard.com\\\/sk\\\/diana\\\/#primaryimage\"},\"image\":{\"@id\":\"https:\\\/\\\/iwell-guard.com\\\/sk\\\/diana\\\/#primaryimage\"},\"thumbnailUrl\":\"https:\\\/\\\/iwell-guard.com\\\/wp-content\\\/uploads\\\/2026\\\/05\\\/goetter_rom_diana.webp\",\"datePublished\":\"2026-09-04T22:21:09+00:00\",\"dateModified\":\"2026-09-04T22:49:49+00:00\",\"description\":\"Diana je r\u00edmska bohy\u0148a lovu, mesiaca, div\u00fdch zvierat a p\u00f4rodu. Sestra Apol\u00f3na, sv\u00e4ty\u0148a v Nemi, aspekt Trivia. M\u00fdtus a kult.\",\"breadcrumb\":{\"@id\":\"https:\\\/\\\/iwell-guard.com\\\/sk\\\/diana\\\/#breadcrumb\"},\"inLanguage\":\"sk-SK\",\"potentialAction\":[{\"@type\":\"ReadAction\",\"target\":[\"https:\\\/\\\/iwell-guard.com\\\/sk\\\/diana\\\/\"]}]},{\"@type\":\"ImageObject\",\"inLanguage\":\"sk-SK\",\"@id\":\"https:\\\/\\\/iwell-guard.com\\\/sk\\\/diana\\\/#primaryimage\",\"url\":\"https:\\\/\\\/iwell-guard.com\\\/wp-content\\\/uploads\\\/2026\\\/05\\\/goetter_rom_diana.webp\",\"contentUrl\":\"https:\\\/\\\/iwell-guard.com\\\/wp-content\\\/uploads\\\/2026\\\/05\\\/goetter_rom_diana.webp\",\"width\":1024,\"height\":1536,\"caption\":\"Bohovia z r\u00edmskej trad\u00edcie.\"},{\"@type\":\"BreadcrumbList\",\"@id\":\"https:\\\/\\\/iwell-guard.com\\\/sk\\\/diana\\\/#breadcrumb\",\"itemListElement\":[{\"@type\":\"ListItem\",\"position\":1,\"name\":\"Start\",\"item\":\"https:\\\/\\\/iwell-guard.com\\\/sk\\\/?page_id=157572\"},{\"@type\":\"ListItem\",\"position\":2,\"name\":\"Diana\"}]},{\"@type\":\"WebSite\",\"@id\":\"https:\\\/\\\/iwell-guard.com\\\/sk\\\/#website\",\"url\":\"https:\\\/\\\/iwell-guard.com\\\/sk\\\/\",\"name\":\"iWell Guard\",\"description\":\"Schutz vor dunklen Einfl\u00fcssen\",\"publisher\":{\"@id\":\"https:\\\/\\\/iwell-guard.com\\\/sk\\\/#organization\"},\"potentialAction\":[{\"@type\":\"SearchAction\",\"target\":{\"@type\":\"EntryPoint\",\"urlTemplate\":\"https:\\\/\\\/iwell-guard.com\\\/sk\\\/?s={search_term_string}\"},\"query-input\":{\"@type\":\"PropertyValueSpecification\",\"valueRequired\":true,\"valueName\":\"search_term_string\"}}],\"inLanguage\":\"sk-SK\"},{\"@type\":\"Organization\",\"@id\":\"https:\\\/\\\/iwell-guard.com\\\/sk\\\/#organization\",\"name\":\"Ittermann electronic GmbH\",\"url\":\"https:\\\/\\\/iwell-guard.com\\\/sk\\\/\",\"logo\":{\"@type\":\"ImageObject\",\"inLanguage\":\"sk-SK\",\"@id\":\"https:\\\/\\\/iwell-guard.com\\\/sk\\\/#\\\/schema\\\/logo\\\/image\\\/\",\"url\":\"https:\\\/\\\/iwell-guard.com\\\/wp-content\\\/uploads\\\/2026\\\/05\\\/Ittermann-Logo-1182x237-1.png\",\"contentUrl\":\"https:\\\/\\\/iwell-guard.com\\\/wp-content\\\/uploads\\\/2026\\\/05\\\/Ittermann-Logo-1182x237-1.png\",\"width\":1182,\"height\":237,\"caption\":\"Ittermann electronic GmbH\"},\"image\":{\"@id\":\"https:\\\/\\\/iwell-guard.com\\\/sk\\\/#\\\/schema\\\/logo\\\/image\\\/\"},\"sameAs\":[\"https:\\\/\\\/pantip.com\\\/profile\\\/9367242\",\"https:\\\/\\\/micro.blog\\\/iwellguard\",\"https:\\\/\\\/www.diggerslist.com\\\/iwellguard\\\/about\",\"https:\\\/\\\/skitterphoto.com\\\/photographers\\\/2870314\\\/iwell-guard\",\"https:\\\/\\\/iwellguard.wordpress.com\\\/2026\\\/06\\\/06\\\/iwell-guard\\\/\",\"https:\\\/\\\/hub.docker.com\\\/u\\\/iwellguard\",\"https:\\\/\\\/www.pinterest.com\\\/iwellguard\\\/\",\"https:\\\/\\\/bit.ly\\\/m\\\/iwellguard\",\"https:\\\/\\\/entre-vos-mains.alsace.eu\\\/profiles\\\/iwellguard\\\/activity\",\"https:\\\/\\\/gravatar.com\\\/reallybeded8fd34\",\"https:\\\/\\\/naijamatta.com\\\/iwellguard\",\"https:\\\/\\\/www.goodreads.com\\\/iwellguard\",\"https:\\\/\\\/profile.hatena.ne.jp\\\/iwellguard\\\/\",\"https:\\\/\\\/experiment.com\\\/users\\\/iwellguard\",\"https:\\\/\\\/wakelet.com\\\/@iWellGuard82270\",\"https:\\\/\\\/www.chordie.com\\\/forum\\\/profile.php?id=2555664\",\"https:\\\/\\\/www.instapaper.com\\\/p\\\/17757966\",\"https:\\\/\\\/www.mapleprimes.com\\\/users\\\/iwellguard\",\"https:\\\/\\\/businesslistingplus.com\\\/profile\\\/iwell-guard\\\/\",\"https:\\\/\\\/telegra.ph\\\/iWell-Guard-06-06\",\"https:\\\/\\\/pbase.com\\\/iwellguard\\\/iwellguard\",\"https:\\\/\\\/b.hatena.ne.jp\\\/iwellguard\\\/20260607#bookmark-4788405196491818882\",\"https:\\\/\\\/fliphtml5.com\\\/home\\\/iwellguard\",\"https:\\\/\\\/anyflip.com\\\/homepage\\\/cmiwl#About\",\"https:\\\/\\\/transfur.com\\\/Users\\\/iwellguard\",\"http:\\\/\\\/delphi.larsbo.org\\\/user\\\/iwellguard\",\"https:\\\/\\\/jobs.lajobsportal.org\\\/profiles\\\/8380803-iwell-guard\",\"https:\\\/\\\/md.chaosdorf.de\\\/s\\\/jfbe5SBdJD\",\"https:\\\/\\\/www.lingvolive.com\\\/en-us\\\/profile\\\/9ecaeaca-ce11-4e51-9e71-01d55e2bff36\\\/translations\",\"https:\\\/\\\/www.fitday.com\\\/fitness\\\/forums\\\/members\\\/iwellguard.html\",\"https:\\\/\\\/www.mymeetbook.com\\\/iwellguard\",\"https:\\\/\\\/pxhere.com\\\/en\\\/photographer-me\\\/5040798\",\"https:\\\/\\\/disqus.com\\\/by\\\/iwellguard\\\/about\\\/\",\"https:\\\/\\\/pastelink.net\\\/hjwciqwq\",\"https:\\\/\\\/pubhtml5.com\\\/homepage\\\/scjhn\\\/\",\"https:\\\/\\\/www.bitchute.com\\\/channel\\\/2O2eOKzNqujT\",\"https:\\\/\\\/audiomack.com\\\/iwellguard\"]},{\"@type\":\"Article\",\"@id\":\"https:\\\/\\\/iwell-guard.com\\\/sk\\\/diana\\\/#article\",\"isPartOf\":{\"@id\":\"https:\\\/\\\/iwell-guard.com\\\/sk\\\/diana\\\/\"},\"author\":{\"name\":\"Ralf Ittermann\",\"@id\":\"https:\\\/\\\/iwell-guard.com\\\/sk\\\/#\\\/schema\\\/person\\\/ee2a27f1cac3406c7c6fb5820cb7349f\"},\"headline\":\"Diana\",\"datePublished\":\"2026-09-04T22:21:09+00:00\",\"dateModified\":\"2026-09-04T22:49:49+00:00\",\"mainEntityOfPage\":{\"@id\":\"https:\\\/\\\/iwell-guard.com\\\/sk\\\/diana\\\/\"},\"publisher\":{\"@id\":\"https:\\\/\\\/iwell-guard.com\\\/sk\\\/#organization\"},\"image\":{\"@id\":\"https:\\\/\\\/iwell-guard.com\\\/sk\\\/diana\\\/#primaryimage\"},\"thumbnailUrl\":\"https:\\\/\\\/iwell-guard.com\\\/wp-content\\\/uploads\\\/2026\\\/05\\\/goetter_rom_diana.webp\",\"inLanguage\":\"sk-SK\",\"description\":\"Diana je r\u00edmska bohy\u0148a lovu, mesiaca, div\u00fdch zvierat a p\u00f4rodu. Sestra Apol\u00f3na, sv\u00e4ty\u0148a v Nemi, aspekt Trivia. M\u00fdtus a kult.\"}]}<\/script>\n<!-- \/ Yoast SEO Premium plugin. -->","yoast_head_json":{"title":"Diana \u2013 r\u00edmska bohy\u0148a lovu | iWell Guard","description":"Diana je r\u00edmska bohy\u0148a lovu, mesiaca, div\u00fdch zvierat a p\u00f4rodu. Sestra Apol\u00f3na, sv\u00e4ty\u0148a v Nemi, aspekt Trivia. M\u00fdtus a kult.","robots":{"index":"index","follow":"follow","max-snippet":"max-snippet:-1","max-image-preview":"max-image-preview:large","max-video-preview":"max-video-preview:-1"},"canonical":"https:\/\/iwell-guard.com\/sk\/diana\/","og_locale":"sk_SK","og_type":"article","og_title":"Diana","og_description":"Diana je r\u00edmska bohy\u0148a lovu, mesiaca, div\u00fdch zvierat a p\u00f4rodu. Sestra Apol\u00f3na, sv\u00e4ty\u0148a v Nemi, aspekt Trivia. M\u00fdtus a kult.","og_url":"https:\/\/iwell-guard.com\/sk\/diana\/","og_site_name":"iWell Guard","article_modified_time":"2026-09-04T22:49:49+00:00","og_image":[{"width":1024,"height":1536,"url":"https:\/\/iwell-guard.com\/wp-content\/uploads\/2026\/05\/goetter_rom_diana.webp","type":"image\/webp"}],"twitter_card":"summary_large_image","schema":{"@context":"https:\/\/schema.org","@graph":[{"@type":"Article","@id":"https:\/\/iwell-guard.com\/sk\/diana\/#article","isPartOf":{"@id":"https:\/\/iwell-guard.com\/sk\/diana\/"},"author":{"name":"Ralf Ittermann","@id":"https:\/\/iwell-guard.com\/sk\/#\/schema\/person\/ee2a27f1cac3406c7c6fb5820cb7349f"},"headline":"Diana","datePublished":"2026-09-04T22:21:09+00:00","dateModified":"2026-09-04T22:49:49+00:00","mainEntityOfPage":{"@id":"https:\/\/iwell-guard.com\/sk\/diana\/"},"publisher":{"@id":"https:\/\/iwell-guard.com\/sk\/#organization"},"image":{"@id":"https:\/\/iwell-guard.com\/sk\/diana\/#primaryimage"},"thumbnailUrl":"https:\/\/iwell-guard.com\/wp-content\/uploads\/2026\/05\/goetter_rom_diana.webp","inLanguage":"sk-SK","description":"Diana je r\u00edmska bohy\u0148a lovu, mesiaca, div\u00fdch zvierat a p\u00f4rodu. Sestra Apol\u00f3na, sv\u00e4ty\u0148a v Nemi, aspekt Trivia. M\u00fdtus a kult."},{"@type":"WebPage","@id":"https:\/\/iwell-guard.com\/sk\/diana\/","url":"https:\/\/iwell-guard.com\/sk\/diana\/","name":"Diana \u2013 r\u00edmska bohy\u0148a lovu | iWell Guard","isPartOf":{"@id":"https:\/\/iwell-guard.com\/sk\/#website"},"primaryImageOfPage":{"@id":"https:\/\/iwell-guard.com\/sk\/diana\/#primaryimage"},"image":{"@id":"https:\/\/iwell-guard.com\/sk\/diana\/#primaryimage"},"thumbnailUrl":"https:\/\/iwell-guard.com\/wp-content\/uploads\/2026\/05\/goetter_rom_diana.webp","datePublished":"2026-09-04T22:21:09+00:00","dateModified":"2026-09-04T22:49:49+00:00","description":"Diana je r\u00edmska bohy\u0148a lovu, mesiaca, div\u00fdch zvierat a p\u00f4rodu. Sestra Apol\u00f3na, sv\u00e4ty\u0148a v Nemi, aspekt Trivia. M\u00fdtus a kult.","breadcrumb":{"@id":"https:\/\/iwell-guard.com\/sk\/diana\/#breadcrumb"},"inLanguage":"sk-SK","potentialAction":[{"@type":"ReadAction","target":["https:\/\/iwell-guard.com\/sk\/diana\/"]}]},{"@type":"ImageObject","inLanguage":"sk-SK","@id":"https:\/\/iwell-guard.com\/sk\/diana\/#primaryimage","url":"https:\/\/iwell-guard.com\/wp-content\/uploads\/2026\/05\/goetter_rom_diana.webp","contentUrl":"https:\/\/iwell-guard.com\/wp-content\/uploads\/2026\/05\/goetter_rom_diana.webp","width":1024,"height":1536,"caption":"Bohovia z r\u00edmskej trad\u00edcie."},{"@type":"BreadcrumbList","@id":"https:\/\/iwell-guard.com\/sk\/diana\/#breadcrumb","itemListElement":[{"@type":"ListItem","position":1,"name":"Start","item":"https:\/\/iwell-guard.com\/sk\/?page_id=157572"},{"@type":"ListItem","position":2,"name":"Diana"}]},{"@type":"WebSite","@id":"https:\/\/iwell-guard.com\/sk\/#website","url":"https:\/\/iwell-guard.com\/sk\/","name":"iWell Guard","description":"Schutz vor dunklen Einfl\u00fcssen","publisher":{"@id":"https:\/\/iwell-guard.com\/sk\/#organization"},"potentialAction":[{"@type":"SearchAction","target":{"@type":"EntryPoint","urlTemplate":"https:\/\/iwell-guard.com\/sk\/?s={search_term_string}"},"query-input":{"@type":"PropertyValueSpecification","valueRequired":true,"valueName":"search_term_string"}}],"inLanguage":"sk-SK"},{"@type":"Organization","@id":"https:\/\/iwell-guard.com\/sk\/#organization","name":"Ittermann electronic GmbH","url":"https:\/\/iwell-guard.com\/sk\/","logo":{"@type":"ImageObject","inLanguage":"sk-SK","@id":"https:\/\/iwell-guard.com\/sk\/#\/schema\/logo\/image\/","url":"https:\/\/iwell-guard.com\/wp-content\/uploads\/2026\/05\/Ittermann-Logo-1182x237-1.png","contentUrl":"https:\/\/iwell-guard.com\/wp-content\/uploads\/2026\/05\/Ittermann-Logo-1182x237-1.png","width":1182,"height":237,"caption":"Ittermann electronic GmbH"},"image":{"@id":"https:\/\/iwell-guard.com\/sk\/#\/schema\/logo\/image\/"},"sameAs":["https:\/\/pantip.com\/profile\/9367242","https:\/\/micro.blog\/iwellguard","https:\/\/www.diggerslist.com\/iwellguard\/about","https:\/\/skitterphoto.com\/photographers\/2870314\/iwell-guard","https:\/\/iwellguard.wordpress.com\/2026\/06\/06\/iwell-guard\/","https:\/\/hub.docker.com\/u\/iwellguard","https:\/\/www.pinterest.com\/iwellguard\/","https:\/\/bit.ly\/m\/iwellguard","https:\/\/entre-vos-mains.alsace.eu\/profiles\/iwellguard\/activity","https:\/\/gravatar.com\/reallybeded8fd34","https:\/\/naijamatta.com\/iwellguard","https:\/\/www.goodreads.com\/iwellguard","https:\/\/profile.hatena.ne.jp\/iwellguard\/","https:\/\/experiment.com\/users\/iwellguard","https:\/\/wakelet.com\/@iWellGuard82270","https:\/\/www.chordie.com\/forum\/profile.php?id=2555664","https:\/\/www.instapaper.com\/p\/17757966","https:\/\/www.mapleprimes.com\/users\/iwellguard","https:\/\/businesslistingplus.com\/profile\/iwell-guard\/","https:\/\/telegra.ph\/iWell-Guard-06-06","https:\/\/pbase.com\/iwellguard\/iwellguard","https:\/\/b.hatena.ne.jp\/iwellguard\/20260607#bookmark-4788405196491818882","https:\/\/fliphtml5.com\/home\/iwellguard","https:\/\/anyflip.com\/homepage\/cmiwl#About","https:\/\/transfur.com\/Users\/iwellguard","http:\/\/delphi.larsbo.org\/user\/iwellguard","https:\/\/jobs.lajobsportal.org\/profiles\/8380803-iwell-guard","https:\/\/md.chaosdorf.de\/s\/jfbe5SBdJD","https:\/\/www.lingvolive.com\/en-us\/profile\/9ecaeaca-ce11-4e51-9e71-01d55e2bff36\/translations","https:\/\/www.fitday.com\/fitness\/forums\/members\/iwellguard.html","https:\/\/www.mymeetbook.com\/iwellguard","https:\/\/pxhere.com\/en\/photographer-me\/5040798","https:\/\/disqus.com\/by\/iwellguard\/about\/","https:\/\/pastelink.net\/hjwciqwq","https:\/\/pubhtml5.com\/homepage\/scjhn\/","https:\/\/www.bitchute.com\/channel\/2O2eOKzNqujT","https:\/\/audiomack.com\/iwellguard"]},{"@type":"Person","@id":"https:\/\/iwell-guard.com\/sk\/#\/schema\/person\/ee2a27f1cac3406c7c6fb5820cb7349f","name":"Ralf Ittermann","image":{"@type":"ImageObject","inLanguage":"sk-SK","@id":"https:\/\/secure.gravatar.com\/avatar\/073c0153e350a5005b68eb752b445fea71f6b24a26da9449ad7e155e6b446c9d?s=96&d=mm&r=g","url":"https:\/\/secure.gravatar.com\/avatar\/073c0153e350a5005b68eb752b445fea71f6b24a26da9449ad7e155e6b446c9d?s=96&d=mm&r=g","contentUrl":"https:\/\/secure.gravatar.com\/avatar\/073c0153e350a5005b68eb752b445fea71f6b24a26da9449ad7e155e6b446c9d?s=96&d=mm&r=g","caption":"Ralf Ittermann"},"givenName":"Ralf","familyName":"Ittermann","jobTitle":"Gesch\u00e4ftsf\u00fchrer und redaktioneller Verantwortlicher","url":"https:\/\/iwell-guard.com\/sk\/author\/claude\/","description":"Ralf Ittermann ist Gesch\u00e4ftsf\u00fchrer der Ittermann electronic GmbH und redaktioneller Verantwortlicher des iWell-Guard-Lexikons. Er verbindet langj\u00e4hrige Erfahrung in der Pr\u00e4zisionsfertigung mit medialer Praxis und religionsgeschichtlicher Quellenarbeit.","worksFor":{"@type":"Organization","name":"Ittermann electronic GmbH","url":"https:\/\/ittermann.de\/","address":{"@type":"PostalAddress","streetAddress":"K\u00f6hlergasse 16-18","postalCode":"99842","addressLocality":"Ruhla","addressCountry":"DE"}},"knowsAbout":["Religionsgeschichte","Mythologie","Mediale Praxis","Energetische Diagnostik","Schutzpraxis","Volksglauben","Westliche Esoterik"]},{"@type":"Article","@id":"https:\/\/iwell-guard.com\/sk\/diana\/#article","isPartOf":{"@id":"https:\/\/iwell-guard.com\/sk\/diana\/"},"author":{"name":"Ralf Ittermann","@id":"https:\/\/iwell-guard.com\/sk\/#\/schema\/person\/ee2a27f1cac3406c7c6fb5820cb7349f"},"headline":"Diana","datePublished":"2026-09-04T22:21:09+00:00","dateModified":"2026-09-04T22:49:49+00:00","mainEntityOfPage":{"@id":"https:\/\/iwell-guard.com\/sk\/diana\/"},"publisher":{"@id":"https:\/\/iwell-guard.com\/sk\/#organization"},"image":{"@id":"https:\/\/iwell-guard.com\/sk\/diana\/#primaryimage"},"thumbnailUrl":"https:\/\/iwell-guard.com\/wp-content\/uploads\/2026\/05\/goetter_rom_diana.webp","inLanguage":"sk-SK","description":"Diana je r\u00edmska bohy\u0148a lovu, mesiaca, div\u00fdch zvierat a p\u00f4rodu. Sestra Apol\u00f3na, sv\u00e4ty\u0148a v Nemi, aspekt Trivia. M\u00fdtus a kult."}]}},"_links":{"self":[{"href":"https:\/\/iwell-guard.com\/sk\/wp-json\/wp\/v2\/pages\/158063","targetHints":{"allow":["GET"]}}],"collection":[{"href":"https:\/\/iwell-guard.com\/sk\/wp-json\/wp\/v2\/pages"}],"about":[{"href":"https:\/\/iwell-guard.com\/sk\/wp-json\/wp\/v2\/types\/page"}],"author":[{"embeddable":true,"href":"https:\/\/iwell-guard.com\/sk\/wp-json\/wp\/v2\/users\/3"}],"replies":[{"embeddable":true,"href":"https:\/\/iwell-guard.com\/sk\/wp-json\/wp\/v2\/comments?post=158063"}],"version-history":[{"count":0,"href":"https:\/\/iwell-guard.com\/sk\/wp-json\/wp\/v2\/pages\/158063\/revisions"}],"wp:featuredmedia":[{"embeddable":true,"href":"https:\/\/iwell-guard.com\/sk\/wp-json\/wp\/v2\/media\/3256"}],"wp:attachment":[{"href":"https:\/\/iwell-guard.com\/sk\/wp-json\/wp\/v2\/media?parent=158063"}],"wp:term":[{"taxonomy":"category","embeddable":true,"href":"https:\/\/iwell-guard.com\/sk\/wp-json\/wp\/v2\/categories?post=158063"}],"curies":[{"name":"wp","href":"https:\/\/api.w.org\/{rel}","templated":true}]}}