{"id":158042,"date":"2026-09-04T22:20:56","date_gmt":"2026-09-04T22:20:56","guid":{"rendered":"https:\/\/iwell-guard.com\/?page_id=158042"},"modified":"2026-09-04T22:49:16","modified_gmt":"2026-09-04T22:49:16","slug":"ares","status":"publish","type":"page","link":"https:\/\/iwell-guard.com\/sk\/ares\/","title":{"rendered":"Ares"},"content":{"rendered":"\t\t<div data-elementor-type=\"wp-page\" data-elementor-id=\"158042\" class=\"elementor elementor-158042 elementor-2979 elementor-bc-flex-widget\" data-elementor-post-type=\"page\">\n\t\t\t\t<div class=\"elementor-element elementor-element-91d2c45 e-flex e-con-boxed e-con e-parent\" data-id=\"91d2c45\" data-element_type=\"container\" data-e-type=\"container\" data-settings=\"{&quot;background_background&quot;:&quot;classic&quot;}\">\n\t\t\t\t\t<div class=\"e-con-inner\">\n\t\t<div class=\"elementor-element elementor-element-ee36161 e-flex e-con-boxed e-con e-child\" data-id=\"ee36161\" data-element_type=\"container\" data-e-type=\"container\">\n\t\t\t\t\t<div class=\"e-con-inner\">\n\t\t<div class=\"elementor-element elementor-element-28ed948 e-con-full e-flex e-con e-child\" data-id=\"28ed948\" data-element_type=\"container\" data-e-type=\"container\">\n\t\t\t\t<div class=\"elementor-element elementor-element-25e1651 elementor-widget elementor-widget-heading\" data-id=\"25e1651\" data-element_type=\"widget\" data-e-type=\"widget\" data-widget_type=\"heading.default\">\n\t\t\t\t\t<h1 class=\"elementor-heading-title elementor-size-default\">Ares \u2014 gr\u00e9cky boh vojny<\/h1>\t\t\t\t<\/div>\n\t\t\t\t<div class=\"elementor-element elementor-element-d3eda86 elementor-widget elementor-widget-text-editor\" data-id=\"d3eda86\" data-element_type=\"widget\" data-e-type=\"widget\" data-widget_type=\"text-editor.default\">\n\t\t\t\t\t\t\t\t\t<p>Ares je v gr\u00e9ckom <span class=\"iwg-fachbegriff\" data-tooltip=\"S\u00fahrn bohov ur\u010dit\u00e9ho n\u00e1bo\u017eenstva alebo kult\u00fary.\" tabindex=\"0\">pante\u00f3ne<\/span> bohom vojny, presnej\u0161ie povedan\u00e9 bohom nesp\u00fatanej, krvavej a extatickej bojovej z\u00farivosti. Stoj\u00ed v ostrom protiklade k At\u00e9ne, ktor\u00e1 steles\u0148uje strategicky usporiadan\u00e9 a mestsk\u00e9mu \u0161t\u00e1tu (polis) primeran\u00e9 vedenie vojny. Hom\u00e9r mu d\u00f4sledne pripisuje negat\u00edvne pr\u00edvlastky: \u00abmainomenos\u00bb (\u0161ialen\u00fd), \u00abbrotoloigos\u00bb (ni\u010dite\u013e mu\u017eov), \u00abandre\u00efphontes\u00bb (vrah mu\u017eov).<\/p><p>T\u00e1to hom\u00e9rska diskvalifik\u00e1cia v\u0161ak zodpoved\u00e1 len \u010dasti gr\u00e9ckeho vn\u00edmania. V Sparte, T\u00e9bach a Tr\u00e1cii bol Ares \u00fastredn\u00fdm, ve\u013emi v\u00e1\u017een\u00fdm bohom, ktor\u00e9mu boli venovan\u00e9 v\u00fdznamn\u00e9 <span class=\"iwg-fachbegriff\" data-tooltip=\"Stavba sl\u00fa\u017eiaca na uctievanie jedn\u00e9ho alebo viacer\u00fdch bo\u017estiev.\" tabindex=\"0\">chr\u00e1my<\/span> a kulty.<\/p><p>A\u017e at\u00e9nska teol\u00f3gia mestsk\u00e9ho \u0161t\u00e1tu zredukovala jeho profil na de\u0161trukt\u00edvnu str\u00e1nku. Jeho pr\u00edvlastok \u00abEnyalios\u00bb, \u00fazko spojen\u00fd s bohy\u0148ou vojny Enyo, uchov\u00e1va star\u0161iu vrstvu nerozdelenej bojovej bo\u017eskej sily.<\/p>\n<p class=\"iwg-kwfix\">Ares je gr\u00e9cky boh a steles\u0148uje nesp\u00fatan\u00fa, krvav\u00fa str\u00e1nku vojny.<\/p>\t\t\t\t\t\t\t\t<\/div>\n\t\t\t\t<\/div>\n\t\t<div class=\"elementor-element elementor-element-35c5ef9 e-con-full e-flex e-con e-parent\" data-id=\"35c5ef9\" data-element_type=\"container\" data-e-type=\"container\">\n\t\t\t\t<div class=\"elementor-element elementor-element-5bc4078 elementor-widget elementor-widget-html\" data-id=\"5bc4078\" data-element_type=\"widget\" data-e-type=\"widget\" data-widget_type=\"html.default\">\n\t\t\t\t\t<div class=\"iwg-pill-row\"><span class=\"iwg-klasse-badge\" tabindex=\"0\" data-tooltip=\"Boh \/ bohy\u0148a: Personifikovan\u00e1 najvy\u0161\u0161ia moc v pante\u00f3ne danej kult\u00fary, s jasn\u00fdmi kompetenciami \u2014 sily pr\u00edrody, osud, vojna, plodnos\u0165. Uctievan\u00e1 prostredn\u00edctvom kultov, obet\u00ed a chr\u00e1mov\u00fdch in\u0161tit\u00faci\u00ed.\">Boh<\/span><a href=\"https:\/\/iwell-guard.com\/sk\/grecko\/\" class=\"iwg-kultur-badge\" tabindex=\"0\" data-tooltip=\"N\u00e1bo\u017eenstvo a mytol\u00f3gia starovek\u00e9ho Gr\u00e9cka od myk\u00e9nskej doby a\u017e po neskor\u00fa antiku.\">Gr\u00e9cko<\/a><\/div>\t\t\t\t<\/div>\n\t\t\t\t<\/div>\n\t\t<div class=\"elementor-element elementor-element-553fea8 e-con-full e-flex e-con e-child\" data-id=\"553fea8\" data-element_type=\"container\" data-e-type=\"container\">\n\t\t\t\t<div class=\"elementor-element elementor-element-e7f182d elementor-toc--minimized-on-tablet elementor-widget elementor-widget-table-of-contents\" data-id=\"e7f182d\" data-element_type=\"widget\" data-e-type=\"widget\" data-settings=\"{&quot;exclude_headings_by_selector&quot;:[],&quot;no_headings_message&quot;:&quot;Na tejto str\\u00e1nke sa nena\\u0161li \\u017eiadne nadpisy.&quot;,&quot;headings_by_tags&quot;:[&quot;h2&quot;,&quot;h3&quot;],&quot;marker_view&quot;:&quot;bullets&quot;,&quot;icon&quot;:{&quot;value&quot;:&quot;fas fa-circle&quot;,&quot;library&quot;:&quot;fa-solid&quot;,&quot;rendered_tag&quot;:&quot;&lt;svg class=\\&quot;e-font-icon-svg e-fas-circle\\&quot; viewBox=\\&quot;0 0 512 512\\&quot; xmlns=\\&quot;http:\\\/\\\/www.w3.org\\\/2000\\\/svg\\&quot;&gt;&lt;path d=\\&quot;M256 8C119 8 8 119 8 256s111 248 248 248 248-111 248-248S393 8 256 8z\\&quot;&gt;&lt;\\\/path&gt;&lt;\\\/svg&gt;&quot;},&quot;minimize_box&quot;:&quot;yes&quot;,&quot;minimized_on&quot;:&quot;tablet&quot;,&quot;hierarchical_view&quot;:&quot;yes&quot;,&quot;min_height&quot;:{&quot;unit&quot;:&quot;px&quot;,&quot;size&quot;:&quot;&quot;,&quot;sizes&quot;:[]},&quot;min_height_tablet&quot;:{&quot;unit&quot;:&quot;px&quot;,&quot;size&quot;:&quot;&quot;,&quot;sizes&quot;:[]},&quot;min_height_mobile&quot;:{&quot;unit&quot;:&quot;px&quot;,&quot;size&quot;:&quot;&quot;,&quot;sizes&quot;:[]}}\" data-widget_type=\"table-of-contents.default\">\n\t\t\t\t\t\t\t\t\t<div class=\"elementor-toc__header\">\n\t\t\t\t\t\t<h2 class=\"elementor-toc__header-title\">\n\t\t\t\tObsah\t\t\t<\/h2>\n\t\t\t\t\t\t\t\t\t\t<div class=\"elementor-toc__toggle-button elementor-toc__toggle-button--expand\" role=\"button\" tabindex=\"0\" aria-controls=\"elementor-toc__e7f182d\" aria-expanded=\"true\" aria-label=\"Open table of contents\"><svg aria-hidden=\"true\" class=\"e-font-icon-svg e-fas-chevron-down\" viewBox=\"0 0 448 512\" xmlns=\"http:\/\/www.w3.org\/2000\/svg\"><path d=\"M207.029 381.476L12.686 187.132c-9.373-9.373-9.373-24.569 0-33.941l22.667-22.667c9.357-9.357 24.522-9.375 33.901-.04L224 284.505l154.745-154.021c9.379-9.335 24.544-9.317 33.901.04l22.667 22.667c9.373 9.373 9.373 24.569 0 33.941L240.971 381.476c-9.373 9.372-24.569 9.372-33.942 0z\"><\/path><\/svg><\/div>\n\t\t\t\t<div class=\"elementor-toc__toggle-button elementor-toc__toggle-button--collapse\" role=\"button\" tabindex=\"0\" aria-controls=\"elementor-toc__e7f182d\" aria-expanded=\"true\" aria-label=\"Close table of contents\"><svg aria-hidden=\"true\" class=\"e-font-icon-svg e-fas-chevron-up\" viewBox=\"0 0 448 512\" xmlns=\"http:\/\/www.w3.org\/2000\/svg\"><path d=\"M240.971 130.524l194.343 194.343c9.373 9.373 9.373 24.569 0 33.941l-22.667 22.667c-9.357 9.357-24.522 9.375-33.901.04L224 227.495 69.255 381.516c-9.379 9.335-24.544 9.317-33.901-.04l-22.667-22.667c-9.373-9.373-9.373-24.569 0-33.941L207.03 130.525c9.372-9.373 24.568-9.373 33.941-.001z\"><\/path><\/svg><\/div>\n\t\t\t\t\t<\/div>\n\t\t\t\t<div id=\"elementor-toc__e7f182d\" class=\"elementor-toc__body\">\n\t\t\t<div class=\"elementor-toc__spinner-container\">\n\t\t\t\t<svg class=\"elementor-toc__spinner eicon-animation-spin e-font-icon-svg e-eicon-loading\" aria-hidden=\"true\" viewBox=\"0 0 1000 1000\" xmlns=\"http:\/\/www.w3.org\/2000\/svg\"><path d=\"M500 975V858C696 858 858 696 858 500S696 142 500 142 142 304 142 500H25C25 237 238 25 500 25S975 237 975 500 763 975 500 975Z\"><\/path><\/svg>\t\t\t<\/div>\n\t\t<\/div>\n\t\t\t\t\t\t<\/div>\n\t\t\t\t<\/div>\n\t\t\t\t\t<\/div>\n\t\t\t\t<\/div>\n\t\t<div class=\"elementor-element elementor-element-2e5a2b9 e-con-full e-flex e-con e-child\" data-id=\"2e5a2b9\" data-element_type=\"container\" data-e-type=\"container\">\n\t\t\t\t<div class=\"elementor-element elementor-element-0a24da2 iwg-hero-image elementor-widget elementor-widget-image\" data-id=\"0a24da2\" data-element_type=\"widget\" data-e-type=\"widget\" data-widget_type=\"image.default\">\n\t\t\t\t\t\t\t\t\t\t\t\t\t\t\t<img fetchpriority=\"high\" decoding=\"async\" width=\"683\" height=\"1024\" src=\"https:\/\/iwell-guard.com\/wp-content\/uploads\/2026\/05\/goetter_griechenland_ares-683x1024.webp\" class=\"attachment-large size-large wp-image-159749\" alt=\"Ares \u2013 bohovia z gr\u00e9ckej trad\u00edcie, historicko-ilustra\u010dn\u00e9 zobrazenie\" srcset=\"https:\/\/iwell-guard.com\/wp-content\/uploads\/2026\/05\/goetter_griechenland_ares-683x1024.webp 683w, https:\/\/iwell-guard.com\/wp-content\/uploads\/2026\/05\/goetter_griechenland_ares-200x300.webp 200w, https:\/\/iwell-guard.com\/wp-content\/uploads\/2026\/05\/goetter_griechenland_ares-768x1152.webp 768w, https:\/\/iwell-guard.com\/wp-content\/uploads\/2026\/05\/goetter_griechenland_ares.webp 1024w\" sizes=\"(max-width: 683px) 100vw, 683px\" \/>\t\t\t\t\t\t\t\t\t\t\t\t\t\t\t<\/div>\n\t\t\t\t<\/div>\n\t\t\t\t\t<\/div>\n\t\t\t\t<\/div>\n\t\t<div class=\"elementor-element elementor-element-e3a6897 e-con-boxed e-flex e-con e-parent\" data-id=\"e3a6897\" data-element_type=\"container\" data-e-type=\"container\">\n\t\t\t\t\t<div class=\"e-con-inner\">\n\t\t<div class=\"elementor-element elementor-element-72d335a e-con-full e-flex e-con e-child\" data-id=\"72d335a\" data-element_type=\"container\" data-e-type=\"container\">\n\t\t\t\t<div class=\"elementor-element elementor-element-ba398e4 elementor-widget elementor-widget-heading\" data-id=\"ba398e4\" data-element_type=\"widget\" data-e-type=\"widget\" data-widget_type=\"heading.default\">\n\t\t\t\t\t<h2 class=\"elementor-heading-title elementor-size-default\">M\u00fdtus a rodokme\u0148<\/h2>\t\t\t\t<\/div>\n\t\t\t\t<div class=\"elementor-element elementor-element-eff75f2 elementor-widget elementor-widget-text-editor\" data-id=\"eff75f2\" data-element_type=\"widget\" data-e-type=\"widget\" data-widget_type=\"text-editor.default\">\n\t\t\t\t\t\t\t\t\t<p>H\u00e9siodos uv\u00e1dza Aresa v \u00abTheog\u00f3nii\u00bb (ver\u0161 921 a\u017e 923) ako syna Dia a H\u00e9ry, ktor\u00fd je s\u00farodenecky sp\u00e4t\u00fd s H\u00e9bou a Eileithyiou. Ares tak patr\u00ed k prvej gener\u00e1cii man\u017eelsky sploden\u00fdch olympsk\u00fdch det\u00ed, na rozdiel od nespo\u010detn\u00fdch neman\u017eelsk\u00fdch potomkov Dia.<\/p><p>Toto genealogick\u00e9 postavenie sa v odbornej literat\u00fare vyklad\u00e1 ako n\u00e1znak star\u0161ej, predhom\u00e9rskej v\u00e1\u017enosti tohto boha: Ak by bol Ares len negat\u00edvnym obrazom, trad\u00edcia by ho nevykazovala ako man\u017eelsk\u00e9ho hlavn\u00e9ho syna.<\/p>\n<p>Aresovou milenkou je Afrodita, s ktorou splodil neman\u017eelsk\u00e9 deti Er\u00f3ta, Anter\u00f3ta, F\u00f3ba (Strach), Deima (Hr\u00f4zu) a Harm\u00f3niu. Tento vz\u0165ah je v sl\u00e1vnej Demodokovej piesni z \u00abOdyssey\u00bb (VIII, 266 a\u017e 366) op\u00edsan\u00fd ako nevera; star\u0161ie a nehom\u00e9rske trad\u00edcie ho v\u0161ak poznaj\u00fa ako legit\u00edmny zv\u00e4zok.<\/p><p>Svadba Kadma a Harm\u00f3nie, ktor\u00fa popisuje Apollod\u00f3ros (III, 4, 2), sa st\u00e1va vzorov\u00fdm bohom svadbou pre t\u00e9bsku kr\u00e1\u013eovsk\u00fa dynastiu a rob\u00ed z Aresa praotca jedn\u00e9ho z najv\u00fdznamnej\u0161\u00edch gr\u00e9ckych \u0161\u013eachtick\u00fdch rodov.<\/p>\n<p>Zo spojen\u00ed so smrte\u013en\u00fdmi \u017eenami vzi\u0161li tr\u00e1cki hrdinovia Diom\u00e9des (kr\u00e1\u013e \u013eudo\u017erav\u00fdch kon\u00ed), Kyknos (zabit\u00fd Herakleom), T\u00e9reus (kr\u00e1\u013e Daulisu), Flegy\u00e1s (otec Kor\u00f3nidy a star\u00fd otec Askl\u00e9pia), Oinomaos (otec Hippodameie) a amazonsk\u00e1 kr\u00e1\u013eovn\u00e1 Penthesileia, ktor\u00e1 bojuje v tr\u00f3jskej vojne na strane Tr\u00f3janov.<\/p><p>Aresovo potomstvo je teda nadmieru n\u00e1siln\u00e9, \u010do potvrdzuje genealogick\u00fa funkciu boha ako praotca surov\u00fdch hrdinov.<\/p>\n<p>Myk\u00e9nske z\u00e1znamy v line\u00e1rnom p\u00edsme B z Knossu spom\u00ednaj\u00fa boha \u201ea-re\u201c, ktor\u00e9ho stoto\u017enenie s Aresom je pravdepodobn\u00e9, nie v\u0161ak \u00faplne ist\u00e9. Doklady ukazuj\u00fa na pr\u00edjemcu jednoduch\u00fdch <span class=\"iwg-fachbegriff\" data-tooltip=\"Dar bo\u017estvu na vyjadrenie v\u010faky, prosby alebo \u00facty.\" tabindex=\"0\">obet\u00ed<\/span>, nie na hlavn\u00e9ho boha.<\/p><p>V\u00fdrazn\u00e1 \u00facta k Aresovi v Tr\u00e1cii (Herodotos V, 7) a v Sk\u00fdtii viedla Waltera Burkerta k predpokladu, \u017ee neskor\u0161\u00ed hom\u00e9rsky negat\u00edvny obraz s\u010dasti pramen\u00ed z etnickej stigmatiz\u00e1cie: \u201ebarbarsk\u00fd boh\u201c Tr\u00e1kov bol i\u00f3nskymi epikmi vykres\u013eovan\u00fd ako ned\u00f4stojn\u00fd.<\/p>\t\t\t\t\t\t\t\t<\/div>\n\t\t\t\t<\/div>\n\t\t<div class=\"elementor-element elementor-element-1c132ba e-con-full e-flex e-con e-child\" data-id=\"1c132ba\" data-element_type=\"container\" data-e-type=\"container\">\n\t\t\t\t<div class=\"elementor-element elementor-element-7a90a55 elementor-widget elementor-widget-heading\" data-id=\"7a90a55\" data-element_type=\"widget\" data-e-type=\"widget\" data-widget_type=\"heading.default\">\n\t\t\t\t\t<h2 class=\"elementor-heading-title elementor-size-default\">Symboly, ikonografia a atrib\u00faty<\/h2>\t\t\t\t<\/div>\n\t\t\t\t<div class=\"elementor-element elementor-element-e7fa573 elementor-widget elementor-widget-text-editor\" data-id=\"e7fa573\" data-element_type=\"widget\" data-e-type=\"widget\" data-widget_type=\"text-editor.default\">\n\t\t\t\t\t\t\t\t\t<p>Ares b\u00fdva zvy\u010dajne zobrazovan\u00fd ako bradat\u00fd alebo bezbrad\u00fd bojovn\u00edk s prilbou, kopijou, \u0161t\u00edtom a me\u010dom. Nos\u00ed kompletn\u00fa v\u00fdstroj; iba zriedka sa objavuje bez brnenia. Jeho voz \u0165ahaj\u00fa \u0161tyri kone menom F\u00f3bos, Deimos, Aith\u00f3n a Flogeos.<\/p><p>Sprev\u00e1dzaj\u00fa ho jeho synovia F\u00f3bos a Deimos, ako aj jeho sestra Enyo. V niektor\u00fdch zobrazeniach sa objavuj\u00fa aj K\u00e9ry, d\u00e9monick\u00e9 duchovia n\u00e1silnej smrti.<\/p>\n<p>Jeho sv\u00e4t\u00fdm zviera\u0165om je sup, ktor\u00fd bol pre svoj vz\u0165ah k m\u0155tvol\u00e1m z boj\u00edsk pova\u017eovan\u00fd za sprievodn\u00e9ho vt\u00e1ka bojovn\u00edka. \u010ealej sa mu prisudzuje pes (najm\u00e4 bystrozrak\u00fd str\u00e1\u017eny pes) a v Tr\u00e1cii vlk.<\/p><p>\u010eate\u013e, ktor\u00fd svoj\u00edm zob\u00e1kom vyklovk\u00e1va skaly, je v italickej trad\u00edcii pova\u017eovan\u00fd za jeho vt\u00e1ka a vytv\u00e1ra spojenie s r\u00edmskym Martom, ktor\u00e9ho \u010fate\u013e (picus) viedol putuj\u00face kmene pri vo\u013ebe sv\u00e4tej jari (ver sacrum).<\/p>\n<p>Plastick\u00e9 zobrazenie Aresa v klasickom gr\u00e9ckom umen\u00ed je n\u00e1padne zdr\u017eanliv\u00e9. Neexistuje \u017eiadny ve\u013ek\u00fd kultov\u00fd kolos porovnate\u013en\u00fd s Diom Olympsk\u00fdm alebo At\u00e9nou Parthenos.<\/p><p>Najzn\u00e1mej\u0161ia <span class=\"iwg-fachbegriff\" data-tooltip=\"Epocha gr\u00e9ckej a r\u00edmskej kult\u00fary, pribli\u017ene od 800 pred Kr. do 600 po Kr.\" tabindex=\"0\">antick\u00e1<\/span> Aresova socha, \u00abBorghese Ares\u00bb (dnes v Louvri), zobrazuje boha bez brady, mladistv\u00e9ho a v kontrapoze, bez akejko\u013evek agresivity; socha sa pova\u017euje za r\u00edmsku k\u00f3piu pod\u013ea gr\u00e9ckeho origin\u00e1lu Alkamena alebo Polykleta.<\/p><p>\u00abLudovisiho Ares\u00bb (dnes Palazzo Altemps v R\u00edme) zobrazuje boha odpo\u010d\u00edvaj\u00faceho s prilbou a \u0161t\u00edtom, v p\u00f3ze zamyslenej \u00fanavy, ktor\u00e1 n\u00e1padne protire\u010d\u00ed hom\u00e9rskej bitevnej z\u00farivosti.<\/p>\n<p>V Sparte existovala archaick\u00e1 dreven\u00e1 socha Aresa Enyalia v put\u00e1ch; Pausanias (III, 15, 7) vysvet\u013euje toto zobrazenie t\u00fdm, \u017ee Spartania chceli boha vojny nav\u017edy udr\u017ea\u0165 vo svojom meste.<\/p><p>Porovnate\u013en\u00fd je bronzov\u00fd Aresov blok v <span class=\"iwg-fachbegriff\" data-tooltip=\"Stavba sl\u00fa\u017eiaca na uctievanie jedn\u00e9ho alebo viacer\u00fdch bo\u017estiev.\" tabindex=\"0\">chr\u00e1me<\/span> v Geronthr\u00e1ch, ktor\u00fd bol podobne sp\u00fatan\u00fd. T\u00e1to ikonografia sp\u00fatania ukazuje ambivalentn\u00e9 postavenie Aresa: mus\u00ed by\u0165 zviazan\u00fd, preto\u017ee jeho sila by inak mohla zni\u010di\u0165 aj vlastn\u00e9 mesto.<\/p>\t\t\t\t\t\t\t\t<\/div>\n\t\t\t\t<\/div>\n\t\t<div class=\"elementor-element elementor-element-716c2fe e-con-full e-flex e-con e-child\" data-id=\"716c2fe\" data-element_type=\"container\" data-e-type=\"container\">\n\t\t\t\t<div class=\"elementor-element elementor-element-d138a29 elementor-widget elementor-widget-heading\" data-id=\"d138a29\" data-element_type=\"widget\" data-e-type=\"widget\" data-widget_type=\"heading.default\">\n\t\t\t\t\t<h2 class=\"elementor-heading-title elementor-size-default\">Kult a uctievanie<\/h2>\t\t\t\t<\/div>\n\t\t\t\t<div class=\"elementor-element elementor-element-3a816dd elementor-widget elementor-widget-text-editor\" data-id=\"3a816dd\" data-element_type=\"widget\" data-e-type=\"widget\" data-widget_type=\"text-editor.default\">\n\t\t\t\t\t\t\t\t\t<p><span class=\"iwg-fachbegriff\" data-tooltip=\"S\u00fabor n\u00e1bo\u017eensk\u00fdch \u00factov\u00fdch prakt\u00edk vo\u010di bo\u017estvu alebo sv\u00e4tej postave.\" tabindex=\"0\">Kult<\/span> Areta bol na gr\u00e9ckej pevnine roz\u0161\u00edren\u00fd mierne, v niektor\u00fdch oblastiach v\u0161ak zauj\u00edmal v\u00fdznamn\u00e9 postavenie. V Sparte museli vojaci pred ka\u017edou bitkou obetova\u0165 psa Aretovi Enyaliovi, \u010do bol v <span class=\"iwg-fachbegriff\" data-tooltip=\"Epocha gr\u00e9ckej a r\u00edmskej kult\u00fary, pribli\u017ene od 800 pred n. l. do 600 n. l.\" tabindex=\"0\">antike<\/span> ve\u013emi neobvykl\u00fd <span class=\"iwg-fachbegriff\" data-tooltip=\"Ust\u00e1len\u00fd, opakuj\u00faci sa n\u00e1bo\u017eensk\u00fd \u00fakon.\" tabindex=\"0\">ritu\u00e1l<\/span> (Pausanias III, 14, 9).<\/p><p>Obeta psa sa pova\u017eovala za chtonick\u00fa a zodpovedala temn\u00e9mu profilu boha. Mlad\u00ed Spartania, ktor\u00ed dosiahli plnoletos\u0165, mu pred vstupom do mestsk\u00e9ho vojska obetovali mlad\u00e9ho koh\u00fata.<\/p>\n<p>V At\u00e9nach sa Areopag, \u201evrch Areta\u201c, nach\u00e1dzal severoz\u00e1padne od Akropoly. Pod\u013ea attickej trad\u00edcie sa tam Ares zodpovedal olympsk\u00fdm bohom za to, \u017ee zabil Halirrhothia, syna Poseid\u00f3na, ktor\u00fd sa pok\u00fasil zn\u00e1silni\u0165 jeho dc\u00e9ru Alkipp\u00e9 (Apollod\u00f3ros III, 14, 2).<\/p><p>S\u00fad na Areopagu, ktor\u00fd a\u017e do piateho storo\u010dia pred n. l. tvoril najvy\u0161\u0161\u00ed at\u00e9nsky \u0161\u013eachtick\u00fd s\u00fadny org\u00e1n, odv\u00e1dzal odtia\u013eto svoj n\u00e1zov aj kozmick\u00fa legitimitu.<\/p>\n<p>V T\u00e9bach bol Ares praotcom kr\u00e1\u013eovskej dynastie prostredn\u00edctvom Kadma a Harm\u00f3nie. Jeho sv\u00e4t\u00fd <span class=\"iwg-fachbegriff\" data-tooltip=\"Sv\u00e4t\u00fd porast stromov sl\u00fa\u017eiaci ako kultov\u00e9 miesto.\" tabindex=\"0\">h\u00e1j<\/span> s jemu zasv\u00e4ten\u00fdm drakom, ktor\u00e9ho Kadmos zabil, patr\u00ed medzi najstar\u0161ie zakladaj\u00face m\u00fdty mesta.<\/p><p>V Tegei sa uctieval Ares Gynaikothoinas (\u201ehoduj\u00faci so \u017eenami\u201c), preto\u017ee \u017eeny mesta kedysi odrazili Lakedaim\u00f3n\u010danov v bitke a samy si vychutnali obetn\u00fa hostinu (Pausanias VIII, 48, 4 \u2013 5). T\u00e1to neobvykl\u00e1 \u017eensk\u00e1 podoba kultu je z h\u013eadiska dej\u00edn n\u00e1bo\u017eenstva n\u00e1padn\u00e1.<\/p>\n<p>V Halikarnase, karskom meste, bol Ares spolu s Bellonou a Enyo hlavn\u00fdm bohom mestsk\u00e9ho spolo\u010denstva.<\/p><p>V Tr\u00e1cii, na \u00fazem\u00ed dne\u0161n\u00e9ho Bulharska a eur\u00f3pskeho Turecka, bol Ares pod\u013ea Herodota (V, 7) najvy\u0161\u0161\u00edm bohom miestneho obyvate\u013estva. \u00dadajne obrovsk\u00fd \u017eelezn\u00fd pilier ozna\u010doval jeho centr\u00e1lnu <span class=\"iwg-fachbegriff\" data-tooltip=\"Sv\u00e4ty\u0148a zasv\u00e4ten\u00e1 \u00facte k bo\u017estvu.\" tabindex=\"0\">sv\u00e4ty\u0148u<\/span>.<\/p><p>Sk\u00fdti pod\u013ea Herodota (IV, 62) uctievali Areta v podobe star\u00e9ho \u017eelezn\u00e9ho me\u010da, upevnen\u00e9ho na vysokom n\u00e1sype, ktor\u00e9mu prin\u00e1\u0161ali krvav\u00fa obetu ko\u0148a.<\/p><p>Tieto kulty ukazuj\u00fa, \u017ee Ares mal na severnom a v\u00fdchodnom okraji gr\u00e9ckeho svetahoraznamnehoko\u013eko centr\u00e1lnej\u0161ie postavenie ne\u017e v klasickom jadre.<\/p>\t\t\t\t\t\t\t\t<\/div>\n\t\t\t\t<\/div>\n\t\t<div class=\"elementor-element elementor-element-9038db1 e-con-full e-flex e-con e-child\" data-id=\"9038db1\" data-element_type=\"container\" data-e-type=\"container\">\n\t\t\t\t<div class=\"elementor-element elementor-element-0654c55 elementor-widget elementor-widget-heading\" data-id=\"0654c55\" data-element_type=\"widget\" data-e-type=\"widget\" data-widget_type=\"heading.default\">\n\t\t\t\t\t<h2 class=\"elementor-heading-title elementor-size-default\">D\u00f4le\u017eit\u00e9 sv\u00e4tyne a chr\u00e1my<\/h2>\t\t\t\t<\/div>\n\t\t\t\t<div class=\"elementor-element elementor-element-0336c5e elementor-widget elementor-widget-text-editor\" data-id=\"0336c5e\" data-element_type=\"widget\" data-e-type=\"widget\" data-widget_type=\"text-editor.default\">\n\t\t\t\t\t\t\t\t\t<p>Najv\u00fdznamnej\u0161\u00ed at\u00e9nsky <span class=\"iwg-fachbegriff\" data-tooltip=\"Stavba sl\u00fa\u017eiaca na uctievanie jedn\u00e9ho alebo viacer\u00fdch bo\u017estiev.\" tabindex=\"0\">chr\u00e1m<\/span> Areta nest\u00e1l v klasickom obdob\u00ed v samotn\u00fdch At\u00e9nach, ale bol premiestnen\u00fd na Agoru z Acharnai a\u017e v r\u00edmskej dobe.<\/p><p>Chr\u00e1m v Acharnai bol d\u00f3rskou stavbou z piateho storo\u010dia. Augustus alebo jeho n\u00e1stupca ho nechal kame\u0148 po kameni prepravi\u0165 na Agoru a znova postavi\u0165 ako protiv\u00e1hu Hefaisteia. Z\u00e1klady tohto chr\u00e1mu s\u00fa dnes archeologicky identifikovate\u013en\u00e9 v severnej \u010dasti Agory.<\/p>\n<p>V Geronthrai pri rieke Eurotas v Lak\u00f3nii st\u00e1lo Aretovo <span class=\"iwg-fachbegriff\" data-tooltip=\"Posv\u00e4tn\u00e9 miesto zasv\u00e4ten\u00e9 uctievaniu bo\u017estva.\" tabindex=\"0\">sv\u00e4ty\u0148a<\/span> s v\u00fdro\u010dnou sl\u00e1vnos\u0165ou, na ktorej sa nesmeli z\u00fa\u010dastni\u0165 \u017eeny (Pausanias III, 22, 6 a\u017e 7).<\/p><p>V Troz\u00e9ne pri H\u00e9liovom vrchu st\u00e1l <span class=\"iwg-fachbegriff\" data-tooltip=\"Stavba sl\u00fa\u017eiaca na uctievanie jedn\u00e9ho alebo viacer\u00fdch bo\u017estiev.\" tabindex=\"0\">chr\u00e1m<\/span> Areta Gynaikoboasa (\u00abdrviaci \u017eeny\u00bb), v Sparte chr\u00e1m Areta Theritasa. V Tegei bol <span class=\"iwg-fachbegriff\" data-tooltip=\"Stavba sl\u00fa\u017eiaca na uctievanie jedn\u00e9ho alebo viacer\u00fdch bo\u017estiev.\" tabindex=\"0\">chr\u00e1m<\/span> Areta Gynaikothoinasa spojen\u00fd so sl\u00e1vnos\u0165ou \u017eien.<\/p>\n<p>V Halikarnase sa hlavn\u00e1 sv\u00e4ty\u0148a nach\u00e1dzala na akropole, ved\u013ea Mauz\u00f3lea Maus\u00f3la. V Sigeione v Troade a v Olynte existovali Aretove <span class=\"iwg-fachbegriff\" data-tooltip=\"Stavba sl\u00fa\u017eiaca na uctievanie jedn\u00e9ho alebo viacer\u00fdch bo\u017estiev.\" tabindex=\"0\">chr\u00e1my<\/span>, ktor\u00e9 sa vzh\u013eadom na svoj v\u00fdznam v at\u00e9nskej hegemoni\u00e1lnej vojne v rokoch 358 a\u017e 348 pred na\u0161\u00edm letopo\u010dtom stali politick\u00fdmi ohniskami.<\/p><p>V helenistickom Pergamone venoval Eumenes II. bohovi okrsok v r\u00e1mci Asklepieia. Tr\u00e1cke kultov\u00e9 centrum, op\u00edsan\u00e9 Herodotom, nie je archeologicky jednozna\u010dne lokalizovan\u00e9; predpoklad\u00e1 sa, \u017ee sa nach\u00e1dzalo na \u00fazem\u00ed dne\u0161n\u00e9ho bulharsk\u00e9ho pobre\u017eia \u010cierneho mora.<\/p>\t\t\t\t\t\t\t\t<\/div>\n\t\t\t\t<\/div>\n\t\t<div class=\"elementor-element elementor-element-4eeaf99 e-con-full e-flex e-con e-child\" data-id=\"4eeaf99\" data-element_type=\"container\" data-e-type=\"container\">\n\t\t\t\t<div class=\"elementor-element elementor-element-55c73b3 elementor-widget elementor-widget-heading\" data-id=\"55c73b3\" data-element_type=\"widget\" data-e-type=\"widget\" data-widget_type=\"heading.default\">\n\t\t\t\t\t<h2 class=\"elementor-heading-title elementor-size-default\">Mytologick\u00e9 rozpr\u00e1vania<\/h2>\t\t\t\t<\/div>\n\t\t\t\t<div class=\"elementor-element elementor-element-b02ac93 elementor-widget elementor-widget-text-editor\" data-id=\"b02ac93\" data-element_type=\"widget\" data-e-type=\"widget\" data-widget_type=\"text-editor.default\">\n\t\t\t\t\t\t\t\t\t<p>V tr\u00f3jskej vojne stoj\u00ed Ares premenlivo na oboch stran\u00e1ch, ale v\u017edy ho poraz\u00ed At\u00e9na. U Hom\u00e9ra (Ilias V, 859 a\u017e 906) ho zran\u00ed Diom\u00e9des, veden\u00fd At\u00e9nou; Ares vykr\u00edkne bolestn\u00fdm v\u00fdkrikom, ktor\u00fd znie ako hluk dev\u00e4\u0165tis\u00edc alebo desa\u0165tis\u00edc mu\u017eov, a utek\u00e1 na Olymp, kde sa Zeusovi s\u0165a\u017euje na nespravodlivos\u0165.<\/p><p>Zeus ho odmieta odmerane: \u00abZo v\u0161etk\u00fdch bohov, \u010do b\u00fdvaj\u00fa na Olympe, mi nie je nikto nen\u00e1videnej\u0161\u00ed ako ty\u00bb (V, 890). Tento v\u00fdrok otca bohov vo\u010di vlastn\u00e9mu synovi plat\u00ed za locus classicus pre Aresov negat\u00edvny obraz v hom\u00e9rskom epose.<\/p>\n<p>\u00abTeomachia\u00bb v Iliade XX a XXI op\u00e4\u0165 postavuje Aresa proti At\u00e9ne; aj tu podlieha. Nakoniec zasiahne do boja v podobe smrte\u013en\u00e9ho Tr\u00f3jana, ale je znova zatla\u010den\u00fd.<\/p><p>V neskor\u0161ej trad\u00edcii sa Aresova dc\u00e9ra Penthesileia, kr\u00e1\u013eovn\u00e1 Amazoniek, za\u013e\u00fabi do Achilla, ktor\u00fd ju zabije a pri poh\u013eade na \u0148u s\u00e1m poc\u00edti sm\u00fatok; tento <span class=\"iwg-fachbegriff\" data-tooltip=\"Opakuj\u00faci sa obsahov\u00fd prvok v umen\u00ed alebo rozpr\u00e1van\u00ed.\" tabindex=\"0\">mot\u00edv<\/span> zdob\u00ed Kestnerovu v\u00e1zu a stal sa l\u00e1tkou \u00abAithiopisu\u00bb.<\/p>\n<p><span class=\"iwg-fachbegriff\" data-tooltip=\"Tradovan\u00fd pr\u00edbeh o bohoch, p\u00f4vode a poriadku svet a.\" tabindex=\"0\">M\u00fdtus<\/span> o Aresovi a Afrodite, uv\u00e4znen\u00fdch v Hefaistovej sieti, je najzn\u00e1mej\u0161\u00edm pr\u00edbehom tohto boha. V hom\u00e9rskom rozpr\u00e1van\u00ed (Odysea VIII) vedie k jeho zosmie\u0161neniu pred Olympanmi.<\/p><p>V neskor\u0161ej trad\u00edcii sa v\u0161ak epiz\u00f3da vyklad\u00e1 pozit\u00edvnej\u0161ie: Zo spojenia vzi\u0161li bohovia Eros a Harm\u00f3nia, a niektor\u00ed filozofi, medzi nimi Plutarchos, vidia v tomto spojen\u00ed s\u00fazvuk vojny a l\u00e1sky ako kozmick\u00fd princ\u00edp, ktor\u00fd plod\u00ed v\u0161etky protiklady.<\/p>\n<p>Epiz\u00f3du s Aloidmi, obrami \u00d3tom a Efialtom, opisuje Apollod\u00f3ros (I, 7, 4): Obaja synovia Poseid\u00f3na a Ifimedeie zvia\u017eu Aresa a zavr\u00fa ho do bronzov\u00e9ho d\u017eb\u00e1nu, kde ho dr\u017eia trin\u00e1s\u0165 mesiacov v\u00e4znen\u00e9ho.<\/p><p>A\u017e macocha Eriboia informuje Herma, ktor\u00fd boha vyslobod\u00ed, polomrtv\u00e9ho od vy\u010derpania. Tento pr\u00edbeh ukazuje Aresa ako zranite\u013en\u00e9ho vo\u010di \u013esti, \u010do vyrovn\u00e1va jeho profil \u010distej sily.<\/p>\t\t\t\t\t\t\t\t<\/div>\n\t\t\t\t<\/div>\n\t\t<div class=\"elementor-element elementor-element-9c573f7 e-con-full e-flex e-con e-child\" data-id=\"9c573f7\" data-element_type=\"container\" data-e-type=\"container\">\n\t\t\t\t<div class=\"elementor-element elementor-element-0281d79 elementor-widget elementor-widget-heading\" data-id=\"0281d79\" data-element_type=\"widget\" data-e-type=\"widget\" data-widget_type=\"heading.default\">\n\t\t\t\t\t<h2 class=\"elementor-heading-title elementor-size-default\">Vz\u0165ahy v pante\u00f3ne<\/h2>\t\t\t\t<\/div>\n\t\t\t\t<div class=\"elementor-element elementor-element-65b83af elementor-widget elementor-widget-text-editor\" data-id=\"65b83af\" data-element_type=\"widget\" data-e-type=\"widget\" data-widget_type=\"text-editor.default\">\n\t\t\t\t\t\t\t\t\t<p>Aresov vz\u0165ah k Zeusovi a H\u00e9re je ambivalentn\u00fd. Zeus ho u Hom\u00e9ra ozna\u010duje za svojho najnen\u00e1videnej\u0161ieho syna, av\u0161ak H\u00e9ra sa za neho opakovane zasadzuje, napr\u00edklad ke\u010f ho Diom\u00e9des zran\u00ed.<\/p><p>S At\u00e9nou existuje z\u00e1sadn\u00e9 nepriate\u013estvo, vypl\u00fdvaj\u00face zo z\u00e1kladn\u00e9ho rozdielu ich koncepci\u00ed vojny: At\u00e9na pl\u00e1nuje a chr\u00e1ni polis, Ares \u00fato\u010d\u00ed a ni\u010d\u00ed. V dvoch hom\u00e9rskych epiz\u00f3dach ho por\u00e1\u017ea priamo: v epiz\u00f3de s Diom\u00e9dom a v teomachii.<\/p>\n<p>S Afroditou sp\u00e1ja Aresa jeden z \u00fastredn\u00fdch milostn\u00fdch pr\u00edbehov gr\u00e9ckeho <span class=\"iwg-fachbegriff\" data-tooltip=\"Tradovan\u00fd pr\u00edbeh o bohoch, p\u00f4vode a poriadku svet a.\" tabindex=\"0\">m\u00fdtu<\/span>. Neskor\u0161ia filozofick\u00e1 trad\u00edcia vyklad\u00e1 toto spojenie ako kozmick\u00e9 zmierenie protikladov vojny a l\u00e1sky; z neho vzi\u0161la Harm\u00f3nia.<\/p><p>S Hefaistom, pr\u00e1voplatn\u00fdm man\u017eelom Afrodity, existuje otvoren\u00e1 konkurencia, vrcholiaca u\u017e spom\u00ednan\u00fdm incidentom so sie\u0165ou. Eros, ich spolo\u010dn\u00e9 die\u0165a, je v orfickej trad\u00edcii najstar\u0161\u00edm a najmocnej\u0161\u00edm bohom; v olympskej trad\u00edcii je zredukovan\u00fd na detsk\u00e9ho d\u00e9mona Afrodity.<\/p>\n<p>S \u00abbojovn\u00fdmi\u00bb sestrami Eny\u00f3 (sestra) a s K\u00e9r a Eris (spolo\u010dn\u00ed\u010dkami na bojovom poli) tvor\u00ed Ares kruh temn\u00fdch bohov, ktor\u00ed p\u00f4sobia ako personifik\u00e1cie diania na bojisku.<\/p><p>Ot\u00e1zka, \u010di je Eny\u00f3 samostatnou bohy\u0148ou alebo len aspektom Aresa Enyaliosa, sa v modernom b\u00e1dan\u00ed diskutuje; najstar\u0161ie doklady nazna\u010duj\u00fa samostatn\u00fa bohy\u0148u, ktor\u00e1 bola v olympskom obdob\u00ed za\u010dlenen\u00e1 do Aresovho sprievodu. S Hermom, bratom, ktor\u00fd ho vyslobodil z bronzov\u00e9ho d\u017eb\u00e1nu, existuje zriedkav\u00fd pozit\u00edvny vz\u0165ah.<\/p>\t\t\t\t\t\t\t\t<\/div>\n\t\t\t\t<\/div>\n\t\t<div class=\"elementor-element elementor-element-dc21d1a e-con-full e-flex e-con e-child\" data-id=\"dc21d1a\" data-element_type=\"container\" data-e-type=\"container\">\n\t\t\t\t<div class=\"elementor-element elementor-element-e21b316 elementor-widget elementor-widget-heading\" data-id=\"e21b316\" data-element_type=\"widget\" data-e-type=\"widget\" data-widget_type=\"heading.default\">\n\t\t\t\t\t<h2 class=\"elementor-heading-title elementor-size-default\">Recepcia<\/h2>\t\t\t\t<\/div>\n\t\t\t\t<div class=\"elementor-element elementor-element-6b22693 elementor-widget elementor-widget-text-editor\" data-id=\"6b22693\" data-element_type=\"widget\" data-e-type=\"widget\" data-widget_type=\"text-editor.default\">\n\t\t\t\t\t\t\t\t\t<p>R\u00edmska identifik\u00e1cia s Martom prin\u00e1\u0161a z\u00e1sadne odli\u0161n\u00fa koncepciu. Mars bol v It\u00e1lii hlavn\u00fdm bohom v\u00e1\u017eneho profilu, ochrancom kme\u0148a, darcom po\u013enohospod\u00e1rskej plodnosti a praotcom R\u00edma prostredn\u00edctvom Romula a Rema.<\/p><p>Na rozdiel od nemil\u00e9ho gr\u00e9ckeho Aresa bol Mars rovnocenn\u00fd s Jupiterom v Kapitolskej tri\u00e1de ran\u00e9ho Republiky (Jupiter, Mars, Quirinus). R\u00edmske n\u00e1bo\u017eenstvo tak takmer \u00faplne stratilo negat\u00edvnu zlo\u017eku Aresa, ktor\u00fa prenieslo na Bellonu alebo personifikovan\u00fd Furor.<\/p>\n<p>V stredoveku sa Ares-Mars stal planet\u00e1rnou postavou a vl\u00e1dcom d\u0148a \u00abmarted\u00ec\u00bb (utorok, de\u0148 Marta). Boccaccio ho v diele \u00abDe genealogia deorum gentilium\u00bb zobrazuje ako alegorick\u00fa postavu hnevu.<\/p><p>Chaucerova \u00abKnight&#8217;s Tale\u00bb z neho rob\u00ed patr\u00f3na rytiera Arcita. Renesancia prin\u00e1\u0161a Botticelliho \u00abVenu\u0161a a Mars\u00bb (1483 a\u017e 1485, National Gallery Lond\u00fdn), ktor\u00fd zobrazuje boha spiaceho, upokojen\u00e9ho Afroditou, ako aleg\u00f3riu zmierenia vojny a l\u00e1sky.<\/p>\n<p>Vel\u00e1zquezov \u00abMars\u00bb (1640, Prado) a Rubensove \u00abD\u00f4sledky vojny\u00bb (1638) interpretuj\u00fa boha ako zamyslen\u00fa, takmer melancholick\u00fa postavu. V dev\u00e4tn\u00e1stom storo\u010d\u00ed Ares ustupuje personifik\u00e1cii modernej vojnovej ma\u0161in\u00e9rie.<\/p><p>Modern\u00e1 popkult\u00fara ho prevzala ako archetyp\u00e1lneho vojnov\u00e9ho antagonistu v hr\u00e1ch, filmoch a komiksoch, \u010dasto bez oh\u013eadu na historicky ambivalentn\u00e9 postavenie tohto boha. Vedeck\u00fd v\u00fdskum od Burkerta systematicky odhalil samostatnos\u0165 a \u010diasto\u010dne aj vysok\u00e9 postavenie Aresovho kultu mimo at\u00e9nskeho diskurzu.<\/p>\t\t\t\t\t\t\t\t<\/div>\n\t\t\t\t<\/div>\n\t\t<div class=\"elementor-element elementor-element-8237df0 e-con-full e-flex e-con e-child\" data-id=\"8237df0\" data-element_type=\"container\" data-e-type=\"container\">\n\t\t\t\t<div class=\"elementor-element elementor-element-eec342f elementor-widget elementor-widget-heading\" data-id=\"eec342f\" data-element_type=\"widget\" data-e-type=\"widget\" data-widget_type=\"heading.default\">\n\t\t\t\t\t<h2 class=\"elementor-heading-title elementor-size-default\">Religionistick\u00e9 zaradenie<\/h2>\t\t\t\t<\/div>\n\t\t\t\t<div class=\"elementor-element elementor-element-7b4dd7d elementor-widget elementor-widget-text-editor\" data-id=\"7b4dd7d\" data-element_type=\"widget\" data-e-type=\"widget\" data-widget_type=\"text-editor.default\">\n\t\t\t\t\t\t\t\t\t<p>Etymol\u00f3gia mena Ares je sporn\u00e1. Indoeur\u00f3psky p\u00f4vod z kore\u0148a \u00ab*h\u2082er-\u00bb (kazi\u0165, \u0161kodi\u0165) je mo\u017en\u00fd, ale nepotvrden\u00fd; myk\u00e9nske z\u00e1znamy v line\u00e1rnom p\u00edsme B (\u00aba-re\u00bb) dokazuj\u00fa existenciu tohto mena u\u017e v druhom tis\u00edcro\u010d\u00ed pred Kristom v oblasti Egejsk\u00e9ho mora.<\/p><p>Robert Beekes indoeur\u00f3psku etymol\u00f3giu odmieta a presadzuje predgr\u00e9cky p\u00f4vod. V\u00fdrazn\u00e9 uctievanie v Tr\u00e1cii poukazuje na severn\u00fd, pr\u00edpadne neindoeur\u00f3psky p\u00f4vod.<\/p>\n<p>V r\u00e1mci religionistick\u00e9ho porovnania sa objavuj\u00fa paralely s v\u00e9dskym Indrom, ktor\u00fd je taktie\u017e bohom bitiek a vodcom Devov, ako aj so seversk\u00fdm T\u00fdrom a (v inej vrstve) s keltsk\u00fdm Camulom alebo Cocidiom.<\/p><p>Georges Dum\u00e9zil zaradil Aresa do druhej, vojnovej funkcie svojej indoeur\u00f3pskej te\u00f3rie troch funkci\u00ed. Samostatn\u00e9 postavenie Aresa v gr\u00e9ckom pante\u00f3ne oproti At\u00e9ne, ktor\u00e1 je tie\u017e bojovnou bohy\u0148ou, v\u0161ak \u010dist\u00fa dum\u00e9zilovsk\u00fa klasifik\u00e1ciu komplikuje.<\/p>\n<p>Walter Burkert vo svojom diele \u00abGriechische Religion\u00bb vyzdvihol funkciu Aresa ako \u00abin\u00e9ho\u00bb boha vojny, ktor\u00fd zbo\u017ene steles\u0148uje negat\u00edvnu str\u00e1nku vojny nezvl\u00e1dnute\u013en\u00fa \u017eiadnou strategiou zviazanou s polis.<\/p><p>Ritu\u00e1lne zv\u00e4zovanie v Sparte a Geronthrai vn\u00edma ako v\u00fdraz apotropaickej religiozity: boh je zviazan\u00fd, aby u\u0161etril vlastn\u00fa komunitu. Nov\u0161ie pr\u00e1ce, napr\u00edklad Pierra Bonnech\u00e8reho o trv\u00e1ckych aspektoch a Jana Bremmera o inicia\u010dn\u00fdch ritu\u00e1loch, \u010falej rozvinuli obraz Aresa ako komplexn\u00e9ho, region\u00e1lne odli\u0161n\u00e9ho boha.<\/p>\t\t\t\t\t\t\t\t<\/div>\n\t\t\t\t<\/div>\n\t\t<div class=\"elementor-element elementor-element-2fd4cb6 e-con-full e-flex e-con e-child\" data-id=\"2fd4cb6\" data-element_type=\"container\" data-e-type=\"container\">\n\t\t\t\t<div class=\"elementor-element elementor-element-698d49a elementor-widget elementor-widget-heading\" data-id=\"698d49a\" data-element_type=\"widget\" data-e-type=\"widget\" data-widget_type=\"heading.default\">\n\t\t\t\t\t<h2 class=\"elementor-heading-title elementor-size-default\">Etymol\u00f3gia a z\u00e1znamy v line\u00e1rnom p\u00edsme B<\/h2>\t\t\t\t<\/div>\n\t\t\t\t<div class=\"elementor-element elementor-element-6a4eedf elementor-widget elementor-widget-text-editor\" data-id=\"6a4eedf\" data-element_type=\"widget\" data-e-type=\"widget\" data-widget_type=\"text-editor.default\">\n\t\t\t\t\t\t\t\t\t<p>Meno \u00abAres\u00bb (v archaickom prepise \u00abAra\u00bb) je dolo\u017een\u00e9 u\u017e od druh\u00e9ho tis\u00edcro\u010dia pred Kristom. Myk\u00e9nske tabu\u013eky v line\u00e1rnom p\u00edsme B z Knossu (tabu\u013eka V 52) uv\u00e1dzaj\u00fa teonymum \u00aba-re\u00bb, ktor\u00e9ho identifik\u00e1cia s Aresom je pravdepodobn\u00e1, ale nie je isto dok\u00e1zan\u00e1.<\/p><p>Doklady poukazuj\u00fa na pr\u00edjemcu skromn\u00fdch <span class=\"iwg-fachbegriff\" data-tooltip=\"Dar bo\u017estvu na vyjadrenie v\u010faky, prosby alebo \u00facty.\" tabindex=\"0\">obet\u00ed<\/span>, nie na hlavn\u00e9ho boha. Toto skor\u00e9 postavenie na okraji myk\u00e9nskeho pante\u00f3nu m\u00f4\u017ee by\u0165 n\u00e1znakom, \u017ee Ares v bronzovej dobe e\u0161te nemal centr\u00e1lnu funkciu a k postaveniu hlavnej olympskej postavy sa dostal a\u017e v archaickom obdob\u00ed.<\/p>\n<p>Etymologicky bolo navrhnut\u00fdch viacero v\u00fdkladov. Spojenie s indoeur\u00f3pskym kore\u0148om \u00ab*h\u2082er-\u00bb (kazi\u0165, \u0161kodi\u0165) je mo\u017en\u00e9, av\u0161ak s\u00e9manticky d\u00e1va profil, ktor\u00fd zodpoved\u00e1 sk\u00f4r Er\u00edni\u00e1m alebo K\u00e9r ne\u017e klasick\u00e9mu Aresovi.<\/p><p>Robert Beekes indoeur\u00f3psku etymol\u00f3giu odmieta a presadzuje predgr\u00e9cky p\u00f4vod. V\u00fdrazn\u00e9 uctievanie v Tr\u00e1cii poukazuje na severn\u00fd, pr\u00edpadne neindoeur\u00f3psky p\u00f4vod, presn\u00fd etnolingvistick\u00fd p\u00f4vod mena v\u0161ak zost\u00e1va otvoren\u00fd.<\/p>\n<p>Osobitn\u00fa teologick\u00fa pozornos\u0165 si zasluhuje pr\u00edvlastok \u00abEnyalios\u00bb, pod ktor\u00fdm bol Ares uctievan\u00fd najm\u00e4 v archaickom obdob\u00ed. Enyalios sa v tabu\u013ek\u00e1ch line\u00e1rneho p\u00edsma B (\u00abe-nu-wa-ri-jo\u00bb) objavuje samostatne popri \u00aba-re\u00bb, \u010do star\u0161iu b\u00e1date\u013esk\u00fa trad\u00edciu priv\u00e1dzalo k t\u00e9zam, \u017ee Enyalios bol p\u00f4vodne samostatn\u00fdm bohom vojny, ktor\u00fd sa v archaickom obdob\u00ed zl\u00fa\u010dil s Aresom.<\/p><p>Sestra Enyo, patriaca k bohyni bitiek z Iliady, by tak bola \u017eensk\u00fdm protip\u00f3lom tej istej star\u0161ej vrstvy. Walter Burkert t\u00fato hypot\u00e9zu opatrne zast\u00e1val v diele \u00abGriechische Religion\u00bb; dnes je jednou z diskutovan\u00fdch mo\u017enost\u00ed vysvetlenia predhist\u00f3rie Aresovho kultu.<\/p>\t\t\t\t\t\t\t\t<\/div>\n\t\t\t\t<\/div>\n\t\t<div class=\"elementor-element elementor-element-a06804d e-con-full e-flex e-con e-child\" data-id=\"a06804d\" data-element_type=\"container\" data-e-type=\"container\">\n\t\t\t\t<div class=\"elementor-element elementor-element-03d8407 elementor-widget elementor-widget-heading\" data-id=\"03d8407\" data-element_type=\"widget\" data-e-type=\"widget\" data-widget_type=\"heading.default\">\n\t\t\t\t\t<h2 class=\"elementor-heading-title elementor-size-default\">Pramene<\/h2>\t\t\t\t<\/div>\n\t\t\t\t<div class=\"elementor-element elementor-element-bdf1ee3 elementor-widget elementor-widget-text-editor\" data-id=\"bdf1ee3\" data-element_type=\"widget\" data-e-type=\"widget\" data-widget_type=\"text-editor.default\">\n\t\t\t\t\t\t\t\t\t<p>Hom\u00e9r, \u00abIlias\u00bb V, 825 a\u017e 909 (zranenie od Diomeda), XX, 51 a\u017e 53 a XXI, 391 a\u017e 414 (teomachia); \u00abOdysea\u00bb VIII, 266 a\u017e 366 (Afrodita). H\u00e9siodos, \u00abTheog\u00f3nia\u00bb 921 a\u017e 923. Apollod\u00f3ros, \u00abBibliotheke\u00bb, I, 7, 4 (Aloovci), III, 4, 2 (Harm\u00f3nia), III, 14, 2 (Areop\u00e1g). Herodotos, \u00abHistoriae\u00bb IV, 62 (sk\u00fdtsky <span class=\"iwg-fachbegriff\" data-tooltip=\"S\u00fahrn n\u00e1bo\u017eensk\u00fdch \u00factov\u00fdch \u00fakonov vo\u010di bo\u017estvu alebo sv\u00e4tej postave.\" tabindex=\"0\">kult<\/span> me\u010da), V, 7 (Tr\u00e1cia).<\/p><p>Pausanias, \u00abPopis Gr\u00e9cka\u00bb, III, 14, 9 (obeta psa v Sparte), III, 15, 7 (zviazan\u00e1 socha), VIII, 48, 4 a\u017e 5 (Tegea). Walter Burkert, \u00abGriechische Religion der archaischen und klassischen Epoche\u00bb, Stuttgart 1977. Karl Ker\u00e9nyi, \u00abDie <span class=\"iwg-fachbegriff\" data-tooltip=\"S\u00fahrn tradovan\u00fdch pr\u00edbehov o bohoch v danej kult\u00fare.\" tabindex=\"0\">Mythologie<\/span> der Griechen\u00bb, Z\u00fcrich 1951. Jan N. Bremmer, \u00abGreek Religion and Culture\u00bb, Leiden 2008. Georges Dum\u00e9zil, \u00abL&#8217;id\u00e9ologie tripartite des Indo-Europ\u00e9ens\u00bb, Brusel 1958.<\/p>\t\t\t\t\t\t\t\t<\/div>\n\t\t\t\t<\/div>\n\t\t\t\t\t<\/div>\n\t\t\t\t<\/div>\n\t\t\t\t<\/div>\n\t\t","protected":false},"excerpt":{"rendered":"","protected":false},"author":3,"featured_media":2981,"parent":0,"menu_order":0,"comment_status":"closed","ping_status":"closed","template":"elementor_header_footer","meta":{"_yoast_wpseo_focuskw":"Ares","_yoast_wpseo_title":"Ares \u2013 boh vojny a bitky | iWell Guard","_yoast_wpseo_metadesc":"Ares je gr\u00e9cky boh vojny a nesp\u00fatanej bitky. Syn Dia a H\u00e9ry, milenec Afrodity. M\u00fdtus a kult.","_yoast_wpseo_meta-robots-noindex":"","_yoast_wpseo_canonical":"","_angie_page":false,"gefaehrdungsstufe":"3","wesen_kultur":"griechenland","wesen_klasse":"goetter","footnotes":""},"categories":[],"class_list":["post-158042","page","type-page","status-publish","has-post-thumbnail","hentry"],"yoast_head":"<!-- This site is optimized with the Yoast SEO Premium plugin v27.7 (Yoast SEO v28.3) - https:\/\/yoast.com\/product\/yoast-seo-premium-wordpress\/ -->\n<title>Ares \u2013 boh vojny a bitky | iWell Guard<\/title>\n<meta name=\"description\" content=\"Ares je gr\u00e9cky boh vojny a nesp\u00fatanej bitky. Syn Dia a H\u00e9ry, milenec Afrodity. M\u00fdtus a kult.\" \/>\n<meta name=\"robots\" content=\"index, follow, max-snippet:-1, max-image-preview:large, max-video-preview:-1\" \/>\n<link rel=\"canonical\" href=\"https:\/\/iwell-guard.com\/sk\/ares\/\" \/>\n<meta property=\"og:locale\" content=\"sk_SK\" \/>\n<meta property=\"og:type\" content=\"article\" \/>\n<meta property=\"og:title\" content=\"Ares\" \/>\n<meta property=\"og:description\" content=\"Ares je gr\u00e9cky boh vojny a nesp\u00fatanej bitky. Syn Dia a H\u00e9ry, milenec Afrodity. M\u00fdtus a kult.\" \/>\n<meta property=\"og:url\" content=\"https:\/\/iwell-guard.com\/sk\/ares\/\" \/>\n<meta property=\"og:site_name\" content=\"iWell Guard\" \/>\n<meta property=\"article:modified_time\" content=\"2026-09-04T22:49:16+00:00\" \/>\n<meta property=\"og:image\" content=\"https:\/\/iwell-guard.com\/wp-content\/uploads\/2026\/05\/goetter_griechenland_ares.webp\" \/>\n\t<meta property=\"og:image:width\" content=\"1024\" \/>\n\t<meta property=\"og:image:height\" content=\"1536\" \/>\n\t<meta property=\"og:image:type\" content=\"image\/webp\" \/>\n<meta name=\"twitter:card\" content=\"summary_large_image\" \/>\n<script type=\"application\/ld+json\" class=\"yoast-schema-graph\">{\"@context\":\"https:\\\/\\\/schema.org\",\"@graph\":[{\"@type\":\"WebPage\",\"@id\":\"https:\\\/\\\/iwell-guard.com\\\/sk\\\/ares\\\/\",\"url\":\"https:\\\/\\\/iwell-guard.com\\\/sk\\\/ares\\\/\",\"name\":\"Ares \u2013 boh vojny a bitky | iWell Guard\",\"isPartOf\":{\"@id\":\"https:\\\/\\\/iwell-guard.com\\\/sk\\\/#website\"},\"primaryImageOfPage\":{\"@id\":\"https:\\\/\\\/iwell-guard.com\\\/sk\\\/ares\\\/#primaryimage\"},\"image\":{\"@id\":\"https:\\\/\\\/iwell-guard.com\\\/sk\\\/ares\\\/#primaryimage\"},\"thumbnailUrl\":\"https:\\\/\\\/iwell-guard.com\\\/wp-content\\\/uploads\\\/2026\\\/05\\\/goetter_griechenland_ares.webp\",\"datePublished\":\"2026-09-04T22:20:56+00:00\",\"dateModified\":\"2026-09-04T22:49:16+00:00\",\"description\":\"Ares je gr\u00e9cky boh vojny a nesp\u00fatanej bitky. Syn Dia a H\u00e9ry, milenec Afrodity. M\u00fdtus a kult.\",\"breadcrumb\":{\"@id\":\"https:\\\/\\\/iwell-guard.com\\\/sk\\\/ares\\\/#breadcrumb\"},\"inLanguage\":\"sk-SK\",\"potentialAction\":[{\"@type\":\"ReadAction\",\"target\":[\"https:\\\/\\\/iwell-guard.com\\\/sk\\\/ares\\\/\"]}]},{\"@type\":\"ImageObject\",\"inLanguage\":\"sk-SK\",\"@id\":\"https:\\\/\\\/iwell-guard.com\\\/sk\\\/ares\\\/#primaryimage\",\"url\":\"https:\\\/\\\/iwell-guard.com\\\/wp-content\\\/uploads\\\/2026\\\/05\\\/goetter_griechenland_ares.webp\",\"contentUrl\":\"https:\\\/\\\/iwell-guard.com\\\/wp-content\\\/uploads\\\/2026\\\/05\\\/goetter_griechenland_ares.webp\",\"width\":1024,\"height\":1536,\"caption\":\"Bohovia z gr\u00e9ckej trad\u00edcie.\"},{\"@type\":\"BreadcrumbList\",\"@id\":\"https:\\\/\\\/iwell-guard.com\\\/sk\\\/ares\\\/#breadcrumb\",\"itemListElement\":[{\"@type\":\"ListItem\",\"position\":1,\"name\":\"Start\",\"item\":\"https:\\\/\\\/iwell-guard.com\\\/sk\\\/?page_id=157572\"},{\"@type\":\"ListItem\",\"position\":2,\"name\":\"Ares\"}]},{\"@type\":\"WebSite\",\"@id\":\"https:\\\/\\\/iwell-guard.com\\\/sk\\\/#website\",\"url\":\"https:\\\/\\\/iwell-guard.com\\\/sk\\\/\",\"name\":\"iWell Guard\",\"description\":\"Schutz vor dunklen Einfl\u00fcssen\",\"publisher\":{\"@id\":\"https:\\\/\\\/iwell-guard.com\\\/sk\\\/#organization\"},\"potentialAction\":[{\"@type\":\"SearchAction\",\"target\":{\"@type\":\"EntryPoint\",\"urlTemplate\":\"https:\\\/\\\/iwell-guard.com\\\/sk\\\/?s={search_term_string}\"},\"query-input\":{\"@type\":\"PropertyValueSpecification\",\"valueRequired\":true,\"valueName\":\"search_term_string\"}}],\"inLanguage\":\"sk-SK\"},{\"@type\":\"Organization\",\"@id\":\"https:\\\/\\\/iwell-guard.com\\\/sk\\\/#organization\",\"name\":\"Ittermann electronic GmbH\",\"url\":\"https:\\\/\\\/iwell-guard.com\\\/sk\\\/\",\"logo\":{\"@type\":\"ImageObject\",\"inLanguage\":\"sk-SK\",\"@id\":\"https:\\\/\\\/iwell-guard.com\\\/sk\\\/#\\\/schema\\\/logo\\\/image\\\/\",\"url\":\"https:\\\/\\\/iwell-guard.com\\\/wp-content\\\/uploads\\\/2026\\\/05\\\/Ittermann-Logo-1182x237-1.png\",\"contentUrl\":\"https:\\\/\\\/iwell-guard.com\\\/wp-content\\\/uploads\\\/2026\\\/05\\\/Ittermann-Logo-1182x237-1.png\",\"width\":1182,\"height\":237,\"caption\":\"Ittermann electronic GmbH\"},\"image\":{\"@id\":\"https:\\\/\\\/iwell-guard.com\\\/sk\\\/#\\\/schema\\\/logo\\\/image\\\/\"},\"sameAs\":[\"https:\\\/\\\/pantip.com\\\/profile\\\/9367242\",\"https:\\\/\\\/micro.blog\\\/iwellguard\",\"https:\\\/\\\/www.diggerslist.com\\\/iwellguard\\\/about\",\"https:\\\/\\\/skitterphoto.com\\\/photographers\\\/2870314\\\/iwell-guard\",\"https:\\\/\\\/iwellguard.wordpress.com\\\/2026\\\/06\\\/06\\\/iwell-guard\\\/\",\"https:\\\/\\\/hub.docker.com\\\/u\\\/iwellguard\",\"https:\\\/\\\/www.pinterest.com\\\/iwellguard\\\/\",\"https:\\\/\\\/bit.ly\\\/m\\\/iwellguard\",\"https:\\\/\\\/entre-vos-mains.alsace.eu\\\/profiles\\\/iwellguard\\\/activity\",\"https:\\\/\\\/gravatar.com\\\/reallybeded8fd34\",\"https:\\\/\\\/naijamatta.com\\\/iwellguard\",\"https:\\\/\\\/www.goodreads.com\\\/iwellguard\",\"https:\\\/\\\/profile.hatena.ne.jp\\\/iwellguard\\\/\",\"https:\\\/\\\/experiment.com\\\/users\\\/iwellguard\",\"https:\\\/\\\/wakelet.com\\\/@iWellGuard82270\",\"https:\\\/\\\/www.chordie.com\\\/forum\\\/profile.php?id=2555664\",\"https:\\\/\\\/www.instapaper.com\\\/p\\\/17757966\",\"https:\\\/\\\/www.mapleprimes.com\\\/users\\\/iwellguard\",\"https:\\\/\\\/businesslistingplus.com\\\/profile\\\/iwell-guard\\\/\",\"https:\\\/\\\/telegra.ph\\\/iWell-Guard-06-06\",\"https:\\\/\\\/pbase.com\\\/iwellguard\\\/iwellguard\",\"https:\\\/\\\/b.hatena.ne.jp\\\/iwellguard\\\/20260607#bookmark-4788405196491818882\",\"https:\\\/\\\/fliphtml5.com\\\/home\\\/iwellguard\",\"https:\\\/\\\/anyflip.com\\\/homepage\\\/cmiwl#About\",\"https:\\\/\\\/transfur.com\\\/Users\\\/iwellguard\",\"http:\\\/\\\/delphi.larsbo.org\\\/user\\\/iwellguard\",\"https:\\\/\\\/jobs.lajobsportal.org\\\/profiles\\\/8380803-iwell-guard\",\"https:\\\/\\\/md.chaosdorf.de\\\/s\\\/jfbe5SBdJD\",\"https:\\\/\\\/www.lingvolive.com\\\/en-us\\\/profile\\\/9ecaeaca-ce11-4e51-9e71-01d55e2bff36\\\/translations\",\"https:\\\/\\\/www.fitday.com\\\/fitness\\\/forums\\\/members\\\/iwellguard.html\",\"https:\\\/\\\/www.mymeetbook.com\\\/iwellguard\",\"https:\\\/\\\/pxhere.com\\\/en\\\/photographer-me\\\/5040798\",\"https:\\\/\\\/disqus.com\\\/by\\\/iwellguard\\\/about\\\/\",\"https:\\\/\\\/pastelink.net\\\/hjwciqwq\",\"https:\\\/\\\/pubhtml5.com\\\/homepage\\\/scjhn\\\/\",\"https:\\\/\\\/www.bitchute.com\\\/channel\\\/2O2eOKzNqujT\",\"https:\\\/\\\/audiomack.com\\\/iwellguard\"]},{\"@type\":\"Article\",\"@id\":\"https:\\\/\\\/iwell-guard.com\\\/sk\\\/ares\\\/#article\",\"isPartOf\":{\"@id\":\"https:\\\/\\\/iwell-guard.com\\\/sk\\\/ares\\\/\"},\"author\":{\"name\":\"Ralf Ittermann\",\"@id\":\"https:\\\/\\\/iwell-guard.com\\\/sk\\\/#\\\/schema\\\/person\\\/ee2a27f1cac3406c7c6fb5820cb7349f\"},\"headline\":\"Ares\",\"datePublished\":\"2026-09-04T22:20:56+00:00\",\"dateModified\":\"2026-09-04T22:49:16+00:00\",\"mainEntityOfPage\":{\"@id\":\"https:\\\/\\\/iwell-guard.com\\\/sk\\\/ares\\\/\"},\"publisher\":{\"@id\":\"https:\\\/\\\/iwell-guard.com\\\/sk\\\/#organization\"},\"image\":{\"@id\":\"https:\\\/\\\/iwell-guard.com\\\/sk\\\/ares\\\/#primaryimage\"},\"thumbnailUrl\":\"https:\\\/\\\/iwell-guard.com\\\/wp-content\\\/uploads\\\/2026\\\/05\\\/goetter_griechenland_ares.webp\",\"inLanguage\":\"sk-SK\",\"description\":\"Ares je gr\u00e9cky boh vojny a nesp\u00fatanej bitky. Syn Dia a H\u00e9ry, milenec Afrodity. M\u00fdtus a kult.\"}]}<\/script>\n<!-- \/ Yoast SEO Premium plugin. -->","yoast_head_json":{"title":"Ares \u2013 boh vojny a bitky | iWell Guard","description":"Ares je gr\u00e9cky boh vojny a nesp\u00fatanej bitky. Syn Dia a H\u00e9ry, milenec Afrodity. M\u00fdtus a kult.","robots":{"index":"index","follow":"follow","max-snippet":"max-snippet:-1","max-image-preview":"max-image-preview:large","max-video-preview":"max-video-preview:-1"},"canonical":"https:\/\/iwell-guard.com\/sk\/ares\/","og_locale":"sk_SK","og_type":"article","og_title":"Ares","og_description":"Ares je gr\u00e9cky boh vojny a nesp\u00fatanej bitky. Syn Dia a H\u00e9ry, milenec Afrodity. M\u00fdtus a kult.","og_url":"https:\/\/iwell-guard.com\/sk\/ares\/","og_site_name":"iWell Guard","article_modified_time":"2026-09-04T22:49:16+00:00","og_image":[{"width":1024,"height":1536,"url":"https:\/\/iwell-guard.com\/wp-content\/uploads\/2026\/05\/goetter_griechenland_ares.webp","type":"image\/webp"}],"twitter_card":"summary_large_image","schema":{"@context":"https:\/\/schema.org","@graph":[{"@type":"Article","@id":"https:\/\/iwell-guard.com\/sk\/ares\/#article","isPartOf":{"@id":"https:\/\/iwell-guard.com\/sk\/ares\/"},"author":{"name":"Ralf Ittermann","@id":"https:\/\/iwell-guard.com\/sk\/#\/schema\/person\/ee2a27f1cac3406c7c6fb5820cb7349f"},"headline":"Ares","datePublished":"2026-09-04T22:20:56+00:00","dateModified":"2026-09-04T22:49:16+00:00","mainEntityOfPage":{"@id":"https:\/\/iwell-guard.com\/sk\/ares\/"},"publisher":{"@id":"https:\/\/iwell-guard.com\/sk\/#organization"},"image":{"@id":"https:\/\/iwell-guard.com\/sk\/ares\/#primaryimage"},"thumbnailUrl":"https:\/\/iwell-guard.com\/wp-content\/uploads\/2026\/05\/goetter_griechenland_ares.webp","inLanguage":"sk-SK","description":"Ares je gr\u00e9cky boh vojny a nesp\u00fatanej bitky. Syn Dia a H\u00e9ry, milenec Afrodity. M\u00fdtus a kult."},{"@type":"WebPage","@id":"https:\/\/iwell-guard.com\/sk\/ares\/","url":"https:\/\/iwell-guard.com\/sk\/ares\/","name":"Ares \u2013 boh vojny a bitky | iWell Guard","isPartOf":{"@id":"https:\/\/iwell-guard.com\/sk\/#website"},"primaryImageOfPage":{"@id":"https:\/\/iwell-guard.com\/sk\/ares\/#primaryimage"},"image":{"@id":"https:\/\/iwell-guard.com\/sk\/ares\/#primaryimage"},"thumbnailUrl":"https:\/\/iwell-guard.com\/wp-content\/uploads\/2026\/05\/goetter_griechenland_ares.webp","datePublished":"2026-09-04T22:20:56+00:00","dateModified":"2026-09-04T22:49:16+00:00","description":"Ares je gr\u00e9cky boh vojny a nesp\u00fatanej bitky. Syn Dia a H\u00e9ry, milenec Afrodity. M\u00fdtus a kult.","breadcrumb":{"@id":"https:\/\/iwell-guard.com\/sk\/ares\/#breadcrumb"},"inLanguage":"sk-SK","potentialAction":[{"@type":"ReadAction","target":["https:\/\/iwell-guard.com\/sk\/ares\/"]}]},{"@type":"ImageObject","inLanguage":"sk-SK","@id":"https:\/\/iwell-guard.com\/sk\/ares\/#primaryimage","url":"https:\/\/iwell-guard.com\/wp-content\/uploads\/2026\/05\/goetter_griechenland_ares.webp","contentUrl":"https:\/\/iwell-guard.com\/wp-content\/uploads\/2026\/05\/goetter_griechenland_ares.webp","width":1024,"height":1536,"caption":"Bohovia z gr\u00e9ckej trad\u00edcie."},{"@type":"BreadcrumbList","@id":"https:\/\/iwell-guard.com\/sk\/ares\/#breadcrumb","itemListElement":[{"@type":"ListItem","position":1,"name":"Start","item":"https:\/\/iwell-guard.com\/sk\/?page_id=157572"},{"@type":"ListItem","position":2,"name":"Ares"}]},{"@type":"WebSite","@id":"https:\/\/iwell-guard.com\/sk\/#website","url":"https:\/\/iwell-guard.com\/sk\/","name":"iWell Guard","description":"Schutz vor dunklen Einfl\u00fcssen","publisher":{"@id":"https:\/\/iwell-guard.com\/sk\/#organization"},"potentialAction":[{"@type":"SearchAction","target":{"@type":"EntryPoint","urlTemplate":"https:\/\/iwell-guard.com\/sk\/?s={search_term_string}"},"query-input":{"@type":"PropertyValueSpecification","valueRequired":true,"valueName":"search_term_string"}}],"inLanguage":"sk-SK"},{"@type":"Organization","@id":"https:\/\/iwell-guard.com\/sk\/#organization","name":"Ittermann electronic GmbH","url":"https:\/\/iwell-guard.com\/sk\/","logo":{"@type":"ImageObject","inLanguage":"sk-SK","@id":"https:\/\/iwell-guard.com\/sk\/#\/schema\/logo\/image\/","url":"https:\/\/iwell-guard.com\/wp-content\/uploads\/2026\/05\/Ittermann-Logo-1182x237-1.png","contentUrl":"https:\/\/iwell-guard.com\/wp-content\/uploads\/2026\/05\/Ittermann-Logo-1182x237-1.png","width":1182,"height":237,"caption":"Ittermann electronic GmbH"},"image":{"@id":"https:\/\/iwell-guard.com\/sk\/#\/schema\/logo\/image\/"},"sameAs":["https:\/\/pantip.com\/profile\/9367242","https:\/\/micro.blog\/iwellguard","https:\/\/www.diggerslist.com\/iwellguard\/about","https:\/\/skitterphoto.com\/photographers\/2870314\/iwell-guard","https:\/\/iwellguard.wordpress.com\/2026\/06\/06\/iwell-guard\/","https:\/\/hub.docker.com\/u\/iwellguard","https:\/\/www.pinterest.com\/iwellguard\/","https:\/\/bit.ly\/m\/iwellguard","https:\/\/entre-vos-mains.alsace.eu\/profiles\/iwellguard\/activity","https:\/\/gravatar.com\/reallybeded8fd34","https:\/\/naijamatta.com\/iwellguard","https:\/\/www.goodreads.com\/iwellguard","https:\/\/profile.hatena.ne.jp\/iwellguard\/","https:\/\/experiment.com\/users\/iwellguard","https:\/\/wakelet.com\/@iWellGuard82270","https:\/\/www.chordie.com\/forum\/profile.php?id=2555664","https:\/\/www.instapaper.com\/p\/17757966","https:\/\/www.mapleprimes.com\/users\/iwellguard","https:\/\/businesslistingplus.com\/profile\/iwell-guard\/","https:\/\/telegra.ph\/iWell-Guard-06-06","https:\/\/pbase.com\/iwellguard\/iwellguard","https:\/\/b.hatena.ne.jp\/iwellguard\/20260607#bookmark-4788405196491818882","https:\/\/fliphtml5.com\/home\/iwellguard","https:\/\/anyflip.com\/homepage\/cmiwl#About","https:\/\/transfur.com\/Users\/iwellguard","http:\/\/delphi.larsbo.org\/user\/iwellguard","https:\/\/jobs.lajobsportal.org\/profiles\/8380803-iwell-guard","https:\/\/md.chaosdorf.de\/s\/jfbe5SBdJD","https:\/\/www.lingvolive.com\/en-us\/profile\/9ecaeaca-ce11-4e51-9e71-01d55e2bff36\/translations","https:\/\/www.fitday.com\/fitness\/forums\/members\/iwellguard.html","https:\/\/www.mymeetbook.com\/iwellguard","https:\/\/pxhere.com\/en\/photographer-me\/5040798","https:\/\/disqus.com\/by\/iwellguard\/about\/","https:\/\/pastelink.net\/hjwciqwq","https:\/\/pubhtml5.com\/homepage\/scjhn\/","https:\/\/www.bitchute.com\/channel\/2O2eOKzNqujT","https:\/\/audiomack.com\/iwellguard"]},{"@type":"Person","@id":"https:\/\/iwell-guard.com\/sk\/#\/schema\/person\/ee2a27f1cac3406c7c6fb5820cb7349f","name":"Ralf Ittermann","image":{"@type":"ImageObject","inLanguage":"sk-SK","@id":"https:\/\/secure.gravatar.com\/avatar\/073c0153e350a5005b68eb752b445fea71f6b24a26da9449ad7e155e6b446c9d?s=96&d=mm&r=g","url":"https:\/\/secure.gravatar.com\/avatar\/073c0153e350a5005b68eb752b445fea71f6b24a26da9449ad7e155e6b446c9d?s=96&d=mm&r=g","contentUrl":"https:\/\/secure.gravatar.com\/avatar\/073c0153e350a5005b68eb752b445fea71f6b24a26da9449ad7e155e6b446c9d?s=96&d=mm&r=g","caption":"Ralf Ittermann"},"givenName":"Ralf","familyName":"Ittermann","jobTitle":"Gesch\u00e4ftsf\u00fchrer und redaktioneller Verantwortlicher","url":"https:\/\/iwell-guard.com\/sk\/author\/claude\/","description":"Ralf Ittermann ist Gesch\u00e4ftsf\u00fchrer der Ittermann electronic GmbH und redaktioneller Verantwortlicher des iWell-Guard-Lexikons. Er verbindet langj\u00e4hrige Erfahrung in der Pr\u00e4zisionsfertigung mit medialer Praxis und religionsgeschichtlicher Quellenarbeit.","worksFor":{"@type":"Organization","name":"Ittermann electronic GmbH","url":"https:\/\/ittermann.de\/","address":{"@type":"PostalAddress","streetAddress":"K\u00f6hlergasse 16-18","postalCode":"99842","addressLocality":"Ruhla","addressCountry":"DE"}},"knowsAbout":["Religionsgeschichte","Mythologie","Mediale Praxis","Energetische Diagnostik","Schutzpraxis","Volksglauben","Westliche Esoterik"]},{"@type":"Article","@id":"https:\/\/iwell-guard.com\/sk\/ares\/#article","isPartOf":{"@id":"https:\/\/iwell-guard.com\/sk\/ares\/"},"author":{"name":"Ralf Ittermann","@id":"https:\/\/iwell-guard.com\/sk\/#\/schema\/person\/ee2a27f1cac3406c7c6fb5820cb7349f"},"headline":"Ares","datePublished":"2026-09-04T22:20:56+00:00","dateModified":"2026-09-04T22:49:16+00:00","mainEntityOfPage":{"@id":"https:\/\/iwell-guard.com\/sk\/ares\/"},"publisher":{"@id":"https:\/\/iwell-guard.com\/sk\/#organization"},"image":{"@id":"https:\/\/iwell-guard.com\/sk\/ares\/#primaryimage"},"thumbnailUrl":"https:\/\/iwell-guard.com\/wp-content\/uploads\/2026\/05\/goetter_griechenland_ares.webp","inLanguage":"sk-SK","description":"Ares je gr\u00e9cky boh vojny a nesp\u00fatanej bitky. Syn Dia a H\u00e9ry, milenec Afrodity. M\u00fdtus a kult."}]}},"_links":{"self":[{"href":"https:\/\/iwell-guard.com\/sk\/wp-json\/wp\/v2\/pages\/158042","targetHints":{"allow":["GET"]}}],"collection":[{"href":"https:\/\/iwell-guard.com\/sk\/wp-json\/wp\/v2\/pages"}],"about":[{"href":"https:\/\/iwell-guard.com\/sk\/wp-json\/wp\/v2\/types\/page"}],"author":[{"embeddable":true,"href":"https:\/\/iwell-guard.com\/sk\/wp-json\/wp\/v2\/users\/3"}],"replies":[{"embeddable":true,"href":"https:\/\/iwell-guard.com\/sk\/wp-json\/wp\/v2\/comments?post=158042"}],"version-history":[{"count":0,"href":"https:\/\/iwell-guard.com\/sk\/wp-json\/wp\/v2\/pages\/158042\/revisions"}],"wp:featuredmedia":[{"embeddable":true,"href":"https:\/\/iwell-guard.com\/sk\/wp-json\/wp\/v2\/media\/2981"}],"wp:attachment":[{"href":"https:\/\/iwell-guard.com\/sk\/wp-json\/wp\/v2\/media?parent=158042"}],"wp:term":[{"taxonomy":"category","embeddable":true,"href":"https:\/\/iwell-guard.com\/sk\/wp-json\/wp\/v2\/categories?post=158042"}],"curies":[{"name":"wp","href":"https:\/\/api.w.org\/{rel}","templated":true}]}}