{"id":158036,"date":"2026-09-04T22:20:52","date_gmt":"2026-09-04T22:20:52","guid":{"rendered":"https:\/\/iwell-guard.com\/?page_id=158036"},"modified":"2026-09-04T22:49:06","modified_gmt":"2026-09-04T22:49:06","slug":"ranginui-nebesky-otec-maori","status":"publish","type":"page","link":"https:\/\/iwell-guard.com\/sk\/ranginui-nebesky-otec-maori\/","title":{"rendered":"Ranginui \u2013 nebesk\u00fd otec v kozmol\u00f3gii Maorov"},"content":{"rendered":"\t\t<div data-elementor-type=\"wp-page\" data-elementor-id=\"158036\" class=\"elementor elementor-158036 elementor-2930 elementor-bc-flex-widget\" data-elementor-post-type=\"page\">\n\t\t\t\t<div class=\"elementor-element elementor-element-herocf5ad9a e-flex e-con-boxed e-con e-parent\" data-id=\"herocf5ad9a\" data-element_type=\"container\" data-e-type=\"container\">\n\t\t\t\t\t<div class=\"e-con-inner\">\n\t\t\t\t<div class=\"elementor-element elementor-element-heroimgdbd55a6 iwg-hero-image elementor-widget elementor-widget-image\" data-id=\"heroimgdbd55a6\" data-element_type=\"widget\" data-e-type=\"widget\" data-widget_type=\"image.default\">\n\t\t\t\t\t\t\t\t\t\t\t\t\t\t\t<img fetchpriority=\"high\" decoding=\"async\" width=\"683\" height=\"1024\" src=\"https:\/\/iwell-guard.com\/wp-content\/uploads\/2026\/05\/goetter_polynesisch-maori_ranginui-683x1024.webp\" class=\"attachment-large size-large wp-image-159644\" alt=\"Ranginui \u2013 bohovia z polyn\u00e9zsko-maorskej trad\u00edcie, historicko-ilustra\u010dn\u00e9 zn\u00e1zornenie\" srcset=\"https:\/\/iwell-guard.com\/wp-content\/uploads\/2026\/05\/goetter_polynesisch-maori_ranginui-683x1024.webp 683w, https:\/\/iwell-guard.com\/wp-content\/uploads\/2026\/05\/goetter_polynesisch-maori_ranginui-200x300.webp 200w, https:\/\/iwell-guard.com\/wp-content\/uploads\/2026\/05\/goetter_polynesisch-maori_ranginui-768x1152.webp 768w, https:\/\/iwell-guard.com\/wp-content\/uploads\/2026\/05\/goetter_polynesisch-maori_ranginui.webp 1024w\" sizes=\"(max-width: 683px) 100vw, 683px\" \/>\t\t\t\t\t\t\t\t\t\t\t\t\t\t\t<\/div>\n\t\t\t\t\t<\/div>\n\t\t\t\t<\/div>\n\t\t<div class=\"elementor-element elementor-element-iwgw-ranginui-hero e-flex e-con-boxed e-con e-parent\" data-id=\"iwgw-ranginui-hero\" data-element_type=\"container\" data-e-type=\"container\">\n\t\t\t\t\t<div class=\"e-con-inner\">\n\t\t\t\t<div class=\"elementor-element elementor-element-iwgw-ranginui-h1 elementor-widget elementor-widget-heading\" data-id=\"iwgw-ranginui-h1\" data-element_type=\"widget\" data-e-type=\"widget\" data-widget_type=\"heading.default\">\n\t\t\t\t\t<h1 class=\"elementor-heading-title elementor-size-default\">Ranginui \u2013 nebesk\u00fd otec v sveton\u00e1zore Maorov<\/h1>\t\t\t\t<\/div>\n\t\t\t\t<div class=\"elementor-element elementor-element-iwgw-ranginui-pills elementor-widget elementor-widget-html\" data-id=\"iwgw-ranginui-pills\" data-element_type=\"widget\" data-e-type=\"widget\" data-widget_type=\"html.default\">\n\t\t\t\t\t<div class=\"iwg-pill-row\"><span class=\"iwg-klasse-badge\" tabindex=\"0\" data-tooltip=\"Boh trad\u00edcie Polyn\u00e9zia \/ Maori.\">Boh<\/span><a href=\"https:\/\/iwell-guard.com\/sk\/polynezia-maori-havaj-ochranne-tradicie\/\" class=\"iwg-kultur-badge\" tabindex=\"0\" data-tooltip=\"Mytol\u00f3gia trad\u00edcie Polyn\u00e9zia \/ Maori.\">Polyn\u00e9zia \/ Maori<\/a><span class=\"iwg-tradition-badge\" tabindex=\"0\" data-tooltip=\"Nebesk\u00fd otec.\">Nebesk\u00fd otec<\/span><\/div>\t\t\t\t<\/div>\n\t\t\t\t<div class=\"elementor-element elementor-element-iwgw-ranginui-lead elementor-widget elementor-widget-text-editor\" data-id=\"iwgw-ranginui-lead\" data-element_type=\"widget\" data-e-type=\"widget\" data-widget_type=\"text-editor.default\">\n\t\t\t\t\t\t\t\t\t<p>Ranginui je nebesk\u00fd otec v <span class=\"iwg-fachbegriff\" data-tooltip=\"Predstava o stavbe a poriadku svata v r\u00e1mci danej kult\u00fary.\" tabindex=\"0\">kozmol\u00f3gii<\/span> Maorov. Spolu so zemskou matkou Papat\u016b\u0101nuku tvor\u00ed prvotn\u00fd rodi\u010dovsk\u00fd p\u00e1r. Jeho synovia ho n\u00e1silne oddelia od zeme, aby vytvorili svetlo a \u017eivotn\u00fd priestor; odtedy zost\u00e1va pla\u010d\u00facim nebom, obr\u00e1ten\u00fdm k zemi.<\/p>\t\t\t\t\t\t\t\t<\/div>\n\t\t\t\t\t<\/div>\n\t\t\t\t<\/div>\n\t\t<div class=\"elementor-element elementor-element-iwgw-ranginui-s0 e-flex e-con-boxed e-con e-parent\" data-id=\"iwgw-ranginui-s0\" data-element_type=\"container\" data-e-type=\"container\">\n\t\t\t\t\t<div class=\"e-con-inner\">\n\t\t\t\t<div class=\"elementor-element elementor-element-iwgw-ranginui-s0h elementor-widget elementor-widget-heading\" data-id=\"iwgw-ranginui-s0h\" data-element_type=\"widget\" data-e-type=\"widget\" data-widget_type=\"heading.default\">\n\t\t\t\t\t<h2 class=\"elementor-heading-title elementor-size-default\">Zaradenie<\/h2>\t\t\t\t<\/div>\n\t\t\t\t<div class=\"elementor-element elementor-element-iwgw-ranginui-s0t elementor-widget elementor-widget-text-editor\" data-id=\"iwgw-ranginui-s0t\" data-element_type=\"widget\" data-e-type=\"widget\" data-widget_type=\"text-editor.default\">\n\t\t\t\t\t\t\t\t\t<p>Ranginui, \u010dasto skr\u00e1tene volan\u00fd Rangi, je v <span class=\"iwg-fachbegriff\" data-tooltip=\"Predstava o stavbe a poriadku svata v r\u00e1mci danej kult\u00fary.\" tabindex=\"0\">kozmol\u00f3gii<\/span> Maorov nebom, ch\u00e1pan\u00fdm ako mu\u017esk\u00e1 prvotn\u00e1 bytos\u0165 a otec. Spolu so zemskou matkou Papat\u016b\u0101nuku tvor\u00ed prvotn\u00fd rodi\u010dovsk\u00fd p\u00e1r, z ktor\u00e9ho poch\u00e1dzaj\u00fa bohovia a v\u0161etko \u017eiv\u00e9. Podobne ako pri Papat\u016b\u0101nuku plat\u00ed: Ranginui nevl\u00e1dne nebu, on je nebom. Meno a vec s\u00fa jedno a to ist\u00e9.<\/p><p>V r\u00e1mci n\u00e1bo\u017eenstva <a href=\"https:\/\/iwell-guard.com\/sk\/polynezia-maori-havaj-ochranne-tradicie\/\">Polyn\u00e9zia \/ Maori<\/a> stoj\u00ed Ranginui na po\u010diatku genealogick\u00e9ho radu, whakapapa, ktor\u00fd sp\u00e1ja bohov, zem a \u013eud\u00ed. Patr\u00ed tak k prvej gener\u00e1cii personifikovan\u00fdch s\u00edl. Svoj skuto\u010dn\u00fd mytologick\u00fd v\u00fdznam z\u00edskava menej prostredn\u00edctvom \u010dinov a viac prostredn\u00edctvom svojho osudu: prostredn\u00edctvom objatia so zemou a bolestn\u00e9ho odl\u00fa\u010denia od nej.<\/p><p>Z religionistick\u00e9ho h\u013eadiska Ranginui zosob\u0148uje typ nebesk\u00e9ho otca, ktor\u00fd so zemskou matkou tvor\u00ed kozmick\u00fd p\u00e1r. Tento <span class=\"iwg-fachbegriff\" data-tooltip=\"Opakuj\u00faci sa obsahov\u00fd prvok v umen\u00ed alebo rozpr\u00e1van\u00ed.\" tabindex=\"0\">mot\u00edv<\/span> je v Polyn\u00e9zii ve\u013emi roz\u0161\u00edren\u00fd a stret\u00e1vame sa s n\u00edm aj v mnoh\u00fdch in\u00fdch mytol\u00f3gi\u00e1ch. Pre maorsk\u00fa verziu je charakteristick\u00e9, \u017ee svet nevznik\u00e1 aktom stvorenia, ale rozvinut\u00edm a rozdelen\u00edm tohto prvotn\u00e9ho p\u00e1ru.<\/p>\t\t\t\t\t\t\t\t<\/div>\n\t\t\t\t\t<\/div>\n\t\t\t\t<\/div>\n\t\t<div class=\"elementor-element elementor-element-iwgw-ranginui-s1 e-flex e-con-boxed e-con e-parent\" data-id=\"iwgw-ranginui-s1\" data-element_type=\"container\" data-e-type=\"container\">\n\t\t\t\t\t<div class=\"e-con-inner\">\n\t\t\t\t<div class=\"elementor-element elementor-element-iwgw-ranginui-s1h elementor-widget elementor-widget-heading\" data-id=\"iwgw-ranginui-s1h\" data-element_type=\"widget\" data-e-type=\"widget\" data-widget_type=\"heading.default\">\n\t\t\t\t\t<h2 class=\"elementor-heading-title elementor-size-default\">Meno a etymol\u00f3gia<\/h2>\t\t\t\t<\/div>\n\t\t\t\t<div class=\"elementor-element elementor-element-iwgw-ranginui-s1t elementor-widget elementor-widget-text-editor\" data-id=\"iwgw-ranginui-s1t\" data-element_type=\"widget\" data-e-type=\"widget\" data-widget_type=\"text-editor.default\">\n\t\t\t\t\t\t\t\t\t<p>Meno Ranginui je zlo\u017een\u00e9 z <em>rangi<\/em>, nebo, a <em>nui<\/em>, ve\u013ek\u00fd. Znamen\u00e1 tak ve\u013ek\u00e9 nebo. Slovo <em>rangi<\/em> je v maorskom jazyku a v pr\u00edbuzn\u00fdch polyn\u00e9zskych jazykoch ve\u013emi roz\u0161\u00edren\u00e9 a ozna\u010duje z\u00e1rove\u0148 vidite\u013en\u00e9 nebo a de\u0148.<\/p><p>V rozpr\u00e1vaniach sa v\u00e4\u010d\u0161inou vyskytuje skr\u00e1ten\u00e1 forma Rangi. Okrem toho existuje nieko\u013eko pr\u00edvlastkov, ktor\u00e9 pomen\u00favaj\u00fa r\u00f4zne aspekty neba, napr\u00edklad jasn\u00e9, vzdialen\u00e9 alebo nad v\u0161etk\u00fdm rozprestret\u00e9 nebo. Niektor\u00e9 podania poznaj\u00fa postupnos\u0165 alebo vrstvenie viacer\u00fdch nebies, v ktor\u00fdch je Ranginui t\u00fdm najni\u017e\u0161\u00edm, obr\u00e1ten\u00fdm k zemi.<\/p><p>Pr\u00edbuzn\u00e9 men\u00e1 pre nebesk\u00e9 postavy sa nach\u00e1dzaj\u00fa aj v in\u00fdch \u010dastiach Polyn\u00e9zie, \u010do zara\u010fuje Ranginuiho do spolo\u010dn\u00e9ho mytologick\u00e9ho fondu. Podobne ako pri Papat\u016b\u0101nuku treba ma\u0165 na zreteli jednotu mena, osobnej podoby a fyzickej skuto\u010dnosti: Ranginui nie je bohom neba, ale nebom samotn\u00fdm ako pr\u00edbuznou, osobnostnou silou.<\/p>\t\t\t\t\t\t\t\t<\/div>\n\t\t\t\t\t<\/div>\n\t\t\t\t<\/div>\n\t\t<div class=\"elementor-element elementor-element-iwgw-ranginui-s2 e-flex e-con-boxed e-con e-parent\" data-id=\"iwgw-ranginui-s2\" data-element_type=\"container\" data-e-type=\"container\">\n\t\t\t\t\t<div class=\"e-con-inner\">\n\t\t\t\t<div class=\"elementor-element elementor-element-iwgw-ranginui-s2h elementor-widget elementor-widget-heading\" data-id=\"iwgw-ranginui-s2h\" data-element_type=\"widget\" data-e-type=\"widget\" data-widget_type=\"heading.default\">\n\t\t\t\t\t<h2 class=\"elementor-heading-title elementor-size-default\">Popis a formy zobrazenia<\/h2>\t\t\t\t<\/div>\n\t\t\t\t<div class=\"elementor-element elementor-element-iwgw-ranginui-s2t elementor-widget elementor-widget-text-editor\" data-id=\"iwgw-ranginui-s2t\" data-element_type=\"widget\" data-e-type=\"widget\" data-widget_type=\"text-editor.default\">\n\t\t\t\t\t\t\t\t\t<p>Ranginui je predstavovan\u00fd ako mu\u017esk\u00e1 postava, ktor\u00e1 p\u00f4vodne le\u017eala nad zemou a nesk\u00f4r bola vyzdvihnut\u00e1 nahor. V \u010dase pred odl\u00fa\u010den\u00edm jeho telo priamo prekr\u00fdva telo Papat\u016b\u0101nuku, tak\u017ee medzi nimi nezost\u00e1va \u017eiadny priestor a \u017eiadne svetlo. Po odl\u00fa\u010den\u00ed je vysoko rozprestret\u00fdm nebom, ktor\u00e9 klenie svet.<\/p><p>Jeho podoby s\u00fa javy neba. D\u00e1\u017e\u010f a rosa s\u00fa pova\u017eovan\u00e9 za jeho slzy, ktor\u00e9 vylieva z t\u00fa\u017eby po odl\u00fa\u010denej man\u017eelke.<\/p><p>Hviezdy s\u00fa v niektor\u00fdch podaniach vykladan\u00e9 ako v\u00fdzdoba, ktorou ho po odl\u00fa\u010den\u00ed vyzdobil jeho syn, aby otca pote\u0161il a uctil. K jeho vidite\u013enej pr\u00edtomnosti patria aj mraky, hmla a denn\u00e9 svetlo.<\/p><p>Na rozdiel od bohov trikstera alebo premenliv\u00fdch bohov sa Ranginui neobjavuje v meniacich sa podob\u00e1ch. Jeho pr\u00edtomnos\u0165 je st\u00e1lou pr\u00edtomnos\u0165ou neba nad zemou. Charakteristick\u00fd je jeho postoj obr\u00e1tenia sa: zost\u00e1va hore, ale je obr\u00e1ten\u00fd k zemi, a jeho sm\u00fatok udr\u017eiava spojenie s Papat\u016b\u0101nuku.<\/p>\t\t\t\t\t\t\t\t<\/div>\n\t\t\t\t\t<\/div>\n\t\t\t\t<\/div>\n\t\t<div class=\"elementor-element elementor-element-iwgw-ranginui-s3 e-flex e-con-boxed e-con e-parent\" data-id=\"iwgw-ranginui-s3\" data-element_type=\"container\" data-e-type=\"container\">\n\t\t\t\t\t<div class=\"e-con-inner\">\n\t\t\t\t<div class=\"elementor-element elementor-element-iwgw-ranginui-s3h elementor-widget elementor-widget-heading\" data-id=\"iwgw-ranginui-s3h\" data-element_type=\"widget\" data-e-type=\"widget\" data-widget_type=\"heading.default\">\n\t\t\t\t\t<h2 class=\"elementor-heading-title elementor-size-default\">Mytol\u00f3gia a trad\u00edcia<\/h2>\t\t\t\t<\/div>\n\t\t\t\t<div class=\"elementor-element elementor-element-iwgw-ranginui-s3t elementor-widget elementor-widget-text-editor\" data-id=\"iwgw-ranginui-s3t\" data-element_type=\"widget\" data-e-type=\"widget\" data-widget_type=\"text-editor.default\">\n\t\t\t\t\t\t\t\t\t<p>Centr\u00e1lnym <span class=\"iwg-fachbegriff\" data-tooltip=\"Tradovan\u00fd pr\u00edbeh o bohoch, p\u00f4vode a poriadku svet.\" tabindex=\"0\">m\u00fdtom<\/span> sp\u00e4t\u00fdm s Ranginuim je oddelenie prap\u00f4vodn\u00e9ho rodi\u010dovsk\u00e9ho p\u00e1ru. Na po\u010diatku Ranginui a Papat\u016b\u0101nuku le\u017eia v tesnom objat\u00ed. Ich bo\u017esk\u00ed synovia, uzavret\u00ed v temnote medzi rodi\u010dmi, uva\u017euj\u00fa, ako z\u00edska\u0165 svetlo a priestor. Zavrhn\u00fa my\u0161lienku rodi\u010dov zabi\u0165 a rozhodn\u00fa sa ich oddeli\u0165.<\/p><p>Viacer\u00ed synovia sa m\u00e1rne pok\u00fa\u0161aj\u00fa roztla\u010di\u0165 nebo a zem. A\u017e T\u0101ne, boh lesov, sa to podar\u00ed, ke\u010f sa ramenami oprie o zem a nohami o nebo a pomaly zdv\u00edha Ranginuiho nahor.<\/p><p>Tak vznik\u00e1 svet svetla. In\u00fd syn, T\u0101whirim\u0101tea, boh b\u00farok, s oddelen\u00edm nes\u00fahlas\u00ed. Nasleduje svojho otca do v\u00fd\u0161in a odtia\u013e posiela vietor a nepriazniv\u00e9 po\u010dasie proti svojim bratom, ktor\u00ed zostali dolu.<\/p><p>Oddelenie prin\u00e1\u0161a svetu \u017eivot, ale pre rodi\u010dov zost\u00e1va trvalou boles\u0165ou. Ranginui pla\u010de a jeho slzy dopadaj\u00fa na Papat\u016b\u0101nuku ako d\u00e1\u017e\u010f a rosa; ona posiela svoj vzdych k nemu nahor ako hmlu. Takto <span class=\"iwg-fachbegriff\" data-tooltip=\"Tradovan\u00fd pr\u00edbeh o bohoch, p\u00f4vode a poriadku svet.\" tabindex=\"0\">m\u00fdtus<\/span> vysvet\u013euje neprestajn\u00e9 spojenie neba a zeme.<\/p><p>V niektor\u00fdch podaniach T\u0101ne otca te\u0161\u00ed t\u00fdm, \u017ee ho ozdob\u00ed slnkom, mesiacom a hvezdami. O oddelen\u00ed referuje okrem in\u00e9ho stvorite\u013esk\u00fd pr\u00edbeh, ktor\u00fd v 19. storo\u010d\u00ed zaznamenal Te Rangik\u0101heke; okrem toho existuje mnoho region\u00e1lnych variantov s odli\u0161n\u00fdmi detailmi.<\/p><p>Jedna z epiz\u00f3d, rozvinut\u00e1 vo viacer\u00fdch podaniach, sa t\u00fdka ozdobenia Ranginuiho. Po tom, \u010do je nebo zdvihnut\u00e9, jav\u00ed sa najprv hol\u00e9 a nah\u00e9.<\/p><p>T\u0101ne sa ho pok\u00fa\u0161a ozdobi\u0165 r\u00f4znymi svetlami a nakoniec usporiada nebesk\u00e9 teles\u00e1 na jeho tele: \u010derven\u00e9 svetlo \u00fasvitu, slnko, mesiac a nakoniec hvezdy, ktor\u00e9 rozsype z ko\u0161a.<\/p><p>Toto rozpr\u00e1vanie vysvet\u013euje z\u00e1rove\u0148 vidite\u013en\u00fd poriadok neba a d\u00e1va mu zmysel, preto\u017ee ozdoba je aktom zmierenia a \u00fatechy pre oddelen\u00e9ho otca.<\/p><p>Niektor\u00e9 verzie poznaj\u00fa okrem toho aj predohru, ktor\u00e1 predch\u00e1dza oddeleniu. Z neoddelen\u00e9ho prap\u00f4vodn\u00e9ho stavu, z ni\u010doty, pr\u00e1zdnoty a noci, d\u00e1vaj\u00fa v stup\u0148och vznikn\u00fa\u0165 najprv my\u0161leniu a h\u013eadaniu a potom prap\u00f4vodn\u00e9mu rodi\u010dovsk\u00e9mu p\u00e1ru.<\/p><p>Ranginui tak nestoj\u00ed na absol\u00fatnom po\u010diatku, ale ako prv\u00e1 mu\u017esk\u00e1 postava na prechode od neusporiadan\u00e9ho praveku k usporiadan\u00e9mu svetu. Aj po\u010det a poradie synov, ktor\u00ed sa pok\u00fa\u0161aj\u00fa o oddelenie, sa medzi iwi l\u00ed\u0161i; jednotliv\u00e9 kmene uv\u00e1dzaj\u00fa in\u00fdch bohov ako \u00faspe\u0161n\u00fdch dv\u00edha\u010dov alebo poznaj\u00fa \u010fal\u0161\u00edch s\u00farodencov, ktor\u00ed v zn\u00e1mej verzii Te Rangik\u0101heke ch\u00fdbaj\u00fa.<\/p>\t\t\t\t\t\t\t\t<\/div>\n\t\t\t\t\t<\/div>\n\t\t\t\t<\/div>\n\t\t<div class=\"elementor-element elementor-element-iwgw-ranginui-s4 e-flex e-con-boxed e-con e-parent\" data-id=\"iwgw-ranginui-s4\" data-element_type=\"container\" data-e-type=\"container\">\n\t\t\t\t\t<div class=\"e-con-inner\">\n\t\t\t\t<div class=\"elementor-element elementor-element-iwgw-ranginui-s4h elementor-widget elementor-widget-heading\" data-id=\"iwgw-ranginui-s4h\" data-element_type=\"widget\" data-e-type=\"widget\" data-widget_type=\"heading.default\">\n\t\t\t\t\t<h2 class=\"elementor-heading-title elementor-size-default\">Kult a uctievanie<\/h2>\t\t\t\t<\/div>\n\t\t\t\t<div class=\"elementor-element elementor-element-iwgw-ranginui-s4t elementor-widget elementor-widget-text-editor\" data-id=\"iwgw-ranginui-s4t\" data-element_type=\"widget\" data-e-type=\"widget\" data-widget_type=\"text-editor.default\">\n\t\t\t\t\t\t\t\t\t<p>Podobne ako pre Papat\u016b\u0101nuku, ani pre Ranginuiho neexistoval <span class=\"iwg-fachbegriff\" data-tooltip=\"Stavba sl\u00fa\u017eiaca na uctievanie jedn\u00e9ho alebo viacer\u00fdch bo\u017estiev.\" tabindex=\"0\">chr\u00e1m<\/span> ani vlastn\u00e1 kultov\u00e1 organiz\u00e1cia. Jeho uctievanie bolo s\u00fa\u010das\u0165ou rozsiahleho ritu\u00e1lneho poriadku, ktor\u00fd upravoval vz\u0165ah \u010dloveka k bo\u017esk\u00fdm sil\u00e1m a k pr\u00edrode. Ranginui bol vz\u00fdvan\u00fd v karakia, ritu\u00e1lnych v\u00fdrokoch a modlitb\u00e1ch, ktor\u00e9 sprev\u00e1dzali d\u00f4le\u017eit\u00e9 \u00fakony.<\/p><p>Ranginui z\u00edskaval na v\u00fdzname najm\u00e4 tam, kde \u0161lo o po\u010dasie, d\u00e1\u017e\u010f, hvezdy a po\u010d\u00edtanie \u010dasu. Pozorovanie neba, hvezd a ich v\u00fdchodov bolo nevyhnutn\u00e9 pre navig\u00e1ciu, po\u013enohospod\u00e1rstvo a sviato\u010dn\u00fd kalend\u00e1r; toto poznanie bolo spojen\u00e9 s mytickou postavou nebesk\u00e9ho otca. Kto vykladal nebo, mal do \u010dinenia s Ranginuim a jeho znameniami.<\/p><p>V prejavoch na marae, zhroma\u017edisku, sa Ranginui a Papat\u016b\u0101nuku vz\u00fdvaj\u00fa spolo\u010dne a\u017e do dne\u0161n\u00fdch dn\u00ed, \u010dasto v \u00favodnom <span class=\"iwg-fachbegriff\" data-tooltip=\"Prosebn\u00e9 alebo zakl\u00ednacie oslovenie bo\u017estva alebo sily.\" tabindex=\"0\">vz\u00fdvan\u00ed<\/span>, ktor\u00e9 zdrav\u00ed nebo a zem, sk\u00f4r ne\u017e sa hovor\u00ed o \u013eu\u010foch.<\/p><p>Prap\u00f4vodn\u00fd rodi\u010dovsk\u00fd p\u00e1r tak zost\u00e1va pr\u00edtomn\u00fd v ritu\u00e1lnej re\u010di Maorov, aj tam, kde u\u017e neexistuje vlastn\u00fd <span class=\"iwg-fachbegriff\" data-tooltip=\"S\u00fahrn n\u00e1bo\u017eensk\u00fdch \u00factov\u00fdch \u00fakonov vo\u010di bo\u017estvu alebo sv\u00e4tej postave.\" tabindex=\"0\">kult<\/span>. Tesn\u00e9 spojenie Ranginuiho a Papat\u016b\u0101nuku v <span class=\"iwg-fachbegriff\" data-tooltip=\"Jazykov\u00e9 obr\u00e1tenie sa \u010dloveka k bo\u017estvu.\" tabindex=\"0\">modlitbe<\/span> odr\u00e1\u017ea mytick\u00fa t\u00fa\u017ebu oddelen\u00fdch rodi\u010dov.<\/p>\t\t\t\t\t\t\t\t<\/div>\n\t\t\t\t\t<\/div>\n\t\t\t\t<\/div>\n\t\t<div class=\"elementor-element elementor-element-iwgw-ranginui-s5 e-flex e-con-boxed e-con e-parent\" data-id=\"iwgw-ranginui-s5\" data-element_type=\"container\" data-e-type=\"container\">\n\t\t\t\t\t<div class=\"e-con-inner\">\n\t\t\t\t<div class=\"elementor-element elementor-element-iwgw-ranginui-s5h elementor-widget elementor-widget-heading\" data-id=\"iwgw-ranginui-s5h\" data-element_type=\"widget\" data-e-type=\"widget\" data-widget_type=\"heading.default\">\n\t\t\t\t\t<h2 class=\"elementor-heading-title elementor-size-default\">Ochrann\u00e1 prax a apotropaika<\/h2>\t\t\t\t<\/div>\n\t\t\t\t<div class=\"elementor-element elementor-element-iwgw-ranginui-s5t elementor-widget elementor-widget-text-editor\" data-id=\"iwgw-ranginui-s5t\" data-element_type=\"widget\" data-e-type=\"widget\" data-widget_type=\"text-editor.default\">\n\t\t\t\t\t\t\t\t\t<p>Ochrana v s\u00favislosti s Ranginuim sa t\u00fdka predov\u0161etk\u00fdm spr\u00e1vneho poriadku vo\u010di sil\u00e1m neba a po\u010dasia. B\u00farka, nepriazniv\u00e9 po\u010dasie a suchota boli ch\u00e1pan\u00e9 ako p\u00f4sobenie bo\u017esk\u00fdch s\u00edl, najm\u00e4 ako dielo boha b\u00farok T\u0101whirim\u0101tea, ktor\u00fd po oddelen\u00ed vyst\u00fapil k svojmu otcovi.<\/p><p>Odvr\u00e1tenie tak\u00fdchto ohrozen\u00ed sa dosahovalo prostredn\u00edctvom karakia, ritu\u00e1lnych v\u00fdrokov, ktor\u00fdmi sa sna\u017eili upokoji\u0165 nepriazniv\u00e9 po\u010dasie alebo si vyprosi\u0165 priazniv\u00e9 podmienky.<\/p><p>Skuto\u010dn\u00e1 apotropaick\u00e1 prax v zmysle amuletov alebo ochrann\u00fdch predmetov, ktor\u00e1 by sa vz\u0165ahovala \u0161pecificky na Ranginuiho, nie je charakteristick\u00e1.<\/p><p>Ochrana spo\u010d\u00edvala sk\u00f4r v spr\u00e1vnom poznan\u00ed a spr\u00e1vnom spr\u00e1van\u00ed: v znalosti nebesk\u00fdch znamen\u00ed, v\u00fdchodov hvezd a pravidiel po\u010dasia, ktor\u00e9 robili mytick\u00e9 poznanie o Ranginuim praktick\u00fd vyu\u017eite\u013en\u00fdm. Kto vedel \u010d\u00edta\u0165 nebo, mohol nebezpe\u010denstv\u00e1m v\u010das pred\u00eds\u0165.<\/p><p>Z religionistick\u00e9ho h\u013eadiska sa aj tu ukazuje maorsk\u00fd vzor, \u017ee ochrana spo\u010d\u00edva na vz\u0165ahu, poznan\u00ed a zachovan\u00ed miery, a nie na izolovanej <span class=\"iwg-fachbegriff\" data-tooltip=\"Praktiky, ktor\u00e9 chc\u00fa prostredn\u00edctvom osobitn\u00fdch \u00fakonov alebo form\u00fal zasahova\u0165 do chodu vec\u00ed.\" tabindex=\"0\">m\u00e1gii<\/span>.<\/p><p>Ritu\u00e1lna \u00facta k nebesk\u00e9mu otcovi, napr\u00edklad v \u00favodn\u00fdch vz\u00fdvaniach neba a zeme, mala aj samotn\u00e1 ochrann\u00fa funkciu: zara\u010fovala \u010dloveka do pr\u00edbuzensk\u00e9ho usporiadania kozmu a spolo\u010denstva a tak zabezpe\u010dovala z\u00e1klad konania.<\/p>\t\t\t\t\t\t\t\t<\/div>\n\t\t\t\t\t<\/div>\n\t\t\t\t<\/div>\n\t\t<div class=\"elementor-element elementor-element-iwgw-ranginui-s6 e-flex e-con-boxed e-con e-parent\" data-id=\"iwgw-ranginui-s6\" data-element_type=\"container\" data-e-type=\"container\">\n\t\t\t\t\t<div class=\"e-con-inner\">\n\t\t\t\t<div class=\"elementor-element elementor-element-iwgw-ranginui-s6h elementor-widget elementor-widget-heading\" data-id=\"iwgw-ranginui-s6h\" data-element_type=\"widget\" data-e-type=\"widget\" data-widget_type=\"heading.default\">\n\t\t\t\t\t<h2 class=\"elementor-heading-title elementor-size-default\">Postavenie v geneal\u00f3gii a v poznan\u00ed hvezd<\/h2>\t\t\t\t<\/div>\n\t\t\t\t<div class=\"elementor-element elementor-element-iwgw-ranginui-s6t elementor-widget elementor-widget-text-editor\" data-id=\"iwgw-ranginui-s6t\" data-element_type=\"widget\" data-e-type=\"widget\" data-widget_type=\"text-editor.default\">\n\t\t\t\t\t\t\t\t\t<p>Ranginui nie je len kozmologick\u00e1 prapostava, ale aj v\u00fdchodiskov\u00fd bod praktick\u00e9ho poznania. Nebesk\u00e9 vrstvy, ktor\u00e9 nad n\u00edm predpokladaj\u00fa niektor\u00e9 trad\u00edcie, sa pova\u017euj\u00fa za s\u00eddla \u010fal\u0161\u00edch mocnost\u00ed, a pozorovanie neba sa vyvinulo do vysoko rozvinut\u00e9ho odborn\u00e9ho poznania, ktor\u00e9 zostalo spojen\u00e9 s mytickou postavou nebesk\u00e9ho otca.<\/p><p>Osobitn\u00fd v\u00fdznam mala astron\u00f3mia hviezd a mesiaca. Heliak\u00e1lny v\u00fdchod hviezdokopy Matariki, ktor\u00e1 ozna\u010duje Plej\u00e1dy, alebo v in\u00fdch kme\u0148ov\u00fdch oblastiach hvezdy Puanga, znamenal za\u010diatok nov\u00e9ho roka a novej pestovate\u013eskej sez\u00f3ny.<\/p><p>Mesa\u010dn\u00fd kalend\u00e1r, <em>maramataka<\/em>, usporiadal noci mesa\u010dn\u00e9ho mesiaca pod\u013ea ich vhodnosti na rybolov, sadenie a zber. Toto poznanie bolo viazan\u00e9 na odborn\u00edkov, <em>tohunga<\/em>, a odovzd\u00e1valo sa v presne stanoven\u00fdch form\u00e1ch.<\/p><p>Aj navig\u00e1cia na otvorenom mori sa opierala o Ranginuiovo nebo. Moreplavci, ktor\u00ed os\u00eddlili Pacifik, \u010d\u00edtali svoj kurz z bodov v\u00fdchodu hviezd, z vetra a z morsk\u00e9ho vlnenia.<\/p><p>Z vedeck\u00e9ho h\u013eadiska sa v tom ukazuje, \u017ee mytick\u00e1 postava nebesk\u00e9ho otca a vecn\u00e9 pozorovanie hvezd neboli v maorskom myslen\u00ed oddelen\u00fdmi oblas\u0165ami: kto vedel vyklada\u0165 nebo, pohyboval sa v tele pr\u00edbuznej, osobnej mocnosti a s\u00fa\u010dasne vyu\u017e\u00edval presn\u00e9, sk\u00fasenos\u0165ou nas\u00fdten\u00e9 poznanie.<\/p>\t\t\t\t\t\t\t\t<\/div>\n\t\t\t\t\t<\/div>\n\t\t\t\t<\/div>\n\t\t<div class=\"elementor-element elementor-element-iwgw-ranginui-s7 e-flex e-con-boxed e-con e-parent\" data-id=\"iwgw-ranginui-s7\" data-element_type=\"container\" data-e-type=\"container\">\n\t\t\t\t\t<div class=\"e-con-inner\">\n\t\t\t\t<div class=\"elementor-element elementor-element-iwgw-ranginui-s7h elementor-widget elementor-widget-heading\" data-id=\"iwgw-ranginui-s7h\" data-element_type=\"widget\" data-e-type=\"widget\" data-widget_type=\"heading.default\">\n\t\t\t\t\t<h2 class=\"elementor-heading-title elementor-size-default\">Paralely v in\u00fdch kult\u00farach<\/h2>\t\t\t\t<\/div>\n\t\t\t\t<div class=\"elementor-element elementor-element-iwgw-ranginui-s7t elementor-widget elementor-widget-text-editor\" data-id=\"iwgw-ranginui-s7t\" data-element_type=\"widget\" data-e-type=\"widget\" data-widget_type=\"text-editor.default\">\n\t\t\t\t\t\t\t\t\t<p>P\u00e1r prarodi\u010dov v podobe nebesk\u00e9ho otca a matky zeme je roz\u0161\u00edren\u00fd v celej Polyn\u00e9zii. Na Hawaji, na Spolo\u010densk\u00fdch ostrovoch a inde sa vyskytuj\u00fa pr\u00edbuzn\u00e9 nebesk\u00e9 postavy a rozpr\u00e1vania o oddelen\u00ed neba a zeme. Tieto zhody odkazuj\u00fa na spolo\u010dn\u00fd polyn\u00e9zsky mytologick\u00fd fond.<\/p><p>Nad r\u00e1mec Polyn\u00e9zie patr\u00ed Ranginui k celosvetovo dosved\u010den\u00e9mu typu nebesk\u00e9ho otca. V gr\u00e9ckej <span class=\"iwg-fachbegriff\" data-tooltip=\"Odovzd\u00e1vanie poznania a rozpr\u00e1van\u00ed z gener\u00e1cie na gener\u00e1ciu.\" tabindex=\"0\">trad\u00edcii<\/span> tvor\u00ed Uranos s Gaiou porovnate\u013en\u00fd p\u00e1r, ktor\u00e9ho tesn\u00e9 spojenie deti n\u00e1silne rozdelia.<\/p><p>Tento <span class=\"iwg-fachbegriff\" data-tooltip=\"Opakuj\u00faci sa obsahov\u00fd prvok v umen\u00ed alebo v rozpr\u00e1van\u00ed.\" tabindex=\"0\">mot\u00edv<\/span> oddelenia neba a zeme prostredn\u00edctvom potomkov sa \u0161trukt\u00farne n\u00e1padne bl\u00ed\u017ei maorsk\u00e9mu rozpr\u00e1vaniu. Aj in\u00e9 indoeur\u00f3pske trad\u00edcie poznaj\u00fa nebesk\u00e9ho otca ako vysok\u00e9 <span class=\"iwg-fachbegriff\" data-tooltip=\"Bytos\u0165 uctievan\u00e1 ako bo\u017esk\u00e1 v r\u00e1mci n\u00e1bo\u017eenstva.\" tabindex=\"0\">bo\u017estvo<\/span>.<\/p><p>Z vedeck\u00e9ho h\u013eadiska treba zd\u00f4razni\u0165, \u017ee tak\u00e9to paralely nedokazuj\u00fa priamu z\u00e1vislos\u0165. Ukazuj\u00fa, \u017ee ch\u00e1panie neba a zeme ako protikladn\u00e9ho a z\u00e1rove\u0148 plodiaceho p\u00e1ru je roz\u0161\u00edren\u00fd kozmologick\u00fd vzor.<\/p><p>Maorsk\u00e1 verzia sa odli\u0161uje dvoma znakmi: zakotven\u00edm do whakapapa, ktor\u00e1 bezosbytkovo sp\u00e1ja bohov, krajinu a \u013eud\u00ed, a siln\u00fdm zd\u00f4raznen\u00edm t\u00fa\u017eby a sm\u00fatku, ktor\u00e9 rozdelen\u00fd p\u00e1r navz\u00e1jom st\u00e1le sp\u00e1jaj\u00fa.<\/p>\t\t\t\t\t\t\t\t<\/div>\n\t\t\t\t\t<\/div>\n\t\t\t\t<\/div>\n\t\t<div class=\"elementor-element elementor-element-iwgw-ranginui-s8 e-flex e-con-boxed e-con e-parent\" data-id=\"iwgw-ranginui-s8\" data-element_type=\"container\" data-e-type=\"container\">\n\t\t\t\t\t<div class=\"e-con-inner\">\n\t\t\t\t<div class=\"elementor-element elementor-element-iwgw-ranginui-s8h elementor-widget elementor-widget-heading\" data-id=\"iwgw-ranginui-s8h\" data-element_type=\"widget\" data-e-type=\"widget\" data-widget_type=\"heading.default\">\n\t\t\t\t\t<h2 class=\"elementor-heading-title elementor-size-default\">S\u00fa\u010dasn\u00e1 recepcia a v\u00fdskum<\/h2>\t\t\t\t<\/div>\n\t\t\t\t<div class=\"elementor-element elementor-element-iwgw-ranginui-s8t elementor-widget elementor-widget-text-editor\" data-id=\"iwgw-ranginui-s8t\" data-element_type=\"widget\" data-e-type=\"widget\" data-widget_type=\"text-editor.default\">\n\t\t\t\t\t\t\t\t\t<p>V\u00fdskum Ranginuiho je tesne spojen\u00fd s v\u00fdskumom celej maorskej <span class=\"iwg-fachbegriff\" data-tooltip=\"Predstava o stavbe a usporiadan\u00ed svet v r\u00e1mci danej kult\u00fary.\" tabindex=\"0\">kozmol\u00f3gie<\/span>. Za\u010dal sa v 19. storo\u010d\u00ed zbierkami Georgea Greyho a etnografick\u00fdmi \u0161t\u00fadiami Elsdona Besta. Edward Tregear rozpracoval polyn\u00e9zske jazykov\u00e9 s\u00favislosti, neskor\u0161\u00ed autori ako Margaret Orbell m\u00fdty systematizovali a kriticky komentovali.<\/p><p>Aj tu plat\u00ed, \u017ee star\u0161iu <span class=\"iwg-fachbegriff\" data-tooltip=\"Odovzd\u00e1vanie poznania a rozpr\u00e1van\u00ed z gener\u00e1cie na gener\u00e1ciu.\" tabindex=\"0\">trad\u00edciu<\/span> treba \u010d\u00edta\u0165 s opatrnos\u0165ou. Koloni\u00e1lni spracovatelia rozpr\u00e1vania zjednotili a prisp\u00f4sobili eur\u00f3pskym o\u010dak\u00e1vaniam; Te Rangik\u0101hekeho v\u00fdklad o stvoren\u00ed sa Greyho publik\u00e1ciou stal zdanlivo z\u00e1v\u00e4znou verziou, hoci je len jednou z mnoh\u00fdch kme\u0148ov\u00fdch trad\u00edci\u00ed.<\/p><p>Nov\u0161\u00ed v\u00fdskum preto zd\u00f4raz\u0148uje rozmanitos\u0165 region\u00e1lnych verzi\u00ed a v\u00fdznam samotn\u00fdch maorsk\u00fdch hlasov.<\/p><p>V s\u00fa\u010dasnosti s\u00fa Ranginui a Papat\u016b\u0101nuku pevnou s\u00fa\u010das\u0165ou kult\u00farneho sebauvedomenia. Objavuj\u00fa sa vo vzdel\u00e1van\u00ed, literat\u00fare, umen\u00ed a verejnej re\u010di, \u010dasto spom\u00ednan\u00ed ako p\u00e1r. <span class=\"iwg-fachbegriff\" data-tooltip=\"Tradi\u010dn\u00e9 rozpr\u00e1vanie o bohoch, p\u00f4vode a usporiadan\u00ed svet.\" tabindex=\"0\">M\u00fdtus<\/span> o oddelen\u00fdch rodi\u010doch tu sl\u00fa\u017ei nielen ako spomienka na star\u00fa <span class=\"iwg-fachbegriff\" data-tooltip=\"Predstava o stavbe a usporiadan\u00ed svet v r\u00e1mci danej kult\u00fary.\" tabindex=\"0\">kozmol\u00f3giu<\/span>, ale aj ako obraz vz\u0165ahu \u010dloveka, krajiny a neba.<\/p><p>Diskusia veden\u00e1 v Novom Z\u00e9lande o pr\u00e1vnom uznan\u00ed pr\u00edrodn\u00fdch bytost\u00ed sa nadv\u00e4zuje na tento sveton\u00e1zor, v ktorom s\u00fa nebo a zem pr\u00edbuzn\u00e9 osoby, a nie iba zdroje.<\/p>\t\t\t\t\t\t\t\t<\/div>\n\t\t\t\t\t<\/div>\n\t\t\t\t<\/div>\n\t\t<div class=\"elementor-element elementor-element-iwgw-ranginui-lit e-flex e-con-boxed e-con e-parent\" data-id=\"iwgw-ranginui-lit\" data-element_type=\"container\" data-e-type=\"container\">\n\t\t\t\t\t<div class=\"e-con-inner\">\n\t\t\t\t<div class=\"elementor-element elementor-element-iwgw-ranginui-lith elementor-widget elementor-widget-heading\" data-id=\"iwgw-ranginui-lith\" data-element_type=\"widget\" data-e-type=\"widget\" data-widget_type=\"heading.default\">\n\t\t\t\t\t<h2 class=\"elementor-heading-title elementor-size-default\">Literat\u00fara (v\u00fdber)<\/h2>\t\t\t\t<\/div>\n\t\t\t\t<div class=\"elementor-element elementor-element-iwgw-ranginui-litt elementor-widget elementor-widget-text-editor\" data-id=\"iwgw-ranginui-litt\" data-element_type=\"widget\" data-e-type=\"widget\" data-widget_type=\"text-editor.default\">\n\t\t\t\t\t\t\t\t\t<div data-nosnippet=\"true\"><ul><li>Elsdon Best: <em>Maori Religion and Mythology<\/em> (1924)<\/li><li>George Grey: <em>Polynesian Mythology<\/em> (1855)<\/li><li>Margaret Orbell: <em>The Illustrated Encyclopedia of M\u0101ori Myth and Legend<\/em> (1995)<\/li><li>Edward Tregear: <em>The Maori-Polynesian Comparative Dictionary<\/em> (1891)<\/li><li>Cleve Barlow: <em>Tikanga Whakaaro. Key Concepts in M\u0101ori Culture<\/em> (1991)<\/li><\/ul><\/div>\t\t\t\t\t\t\t\t<\/div>\n\t\t\t\t\t<\/div>\n\t\t\t\t<\/div>\n\t\t<div class=\"elementor-element elementor-element-iwgw-ranginui-kwd e-flex e-con-boxed e-con e-parent\" data-id=\"iwgw-ranginui-kwd\" data-element_type=\"container\" data-e-type=\"container\">\n\t\t\t\t\t<div class=\"e-con-inner\">\n\t\t\t\t<div class=\"elementor-element elementor-element-iwgw-ranginui-kwdt elementor-widget elementor-widget-text-editor\" data-id=\"iwgw-ranginui-kwdt\" data-element_type=\"widget\" data-e-type=\"widget\" data-widget_type=\"text-editor.default\">\n\t\t\t\t\t\t\t\t\t<p><em>S\u00favisiace k\u013e\u00fa\u010dov\u00e9 pojmy: Ranginui Rangi Papatuanuku Maori nebesk\u00fd otec Tane Tawhirimatea whakapapa karakia.<\/em><\/p>\t\t\t\t\t\t\t\t<\/div>\n\t\t\t\t\t<\/div>\n\t\t\t\t<\/div>\n\t\t<div class=\"elementor-element elementor-element-iwgw-ranginui-cc e-flex e-con-boxed e-con e-parent\" data-id=\"iwgw-ranginui-cc\" data-element_type=\"container\" data-e-type=\"container\" id=\"iwg-cc-ranginui\">\n\t\t\t\t\t<div class=\"e-con-inner\">\n\t\t<div class=\"elementor-element elementor-element-iwgw-ranginui-ccinner e-flex e-con-boxed e-con e-parent\" data-id=\"iwgw-ranginui-ccinner\" data-element_type=\"container\" data-e-type=\"container\" data-settings=\"{&quot;background_background&quot;:&quot;classic&quot;}\">\n\t\t\t\t\t<div class=\"e-con-inner\">\n\t\t\t\t<div class=\"elementor-element elementor-element-iwgw-ranginui-cch elementor-widget elementor-widget-heading\" data-id=\"iwgw-ranginui-cch\" data-element_type=\"widget\" data-e-type=\"widget\" data-widget_type=\"heading.default\">\n\t\t\t\t\t<h2 class=\"elementor-heading-title elementor-size-default\">iWell Guard a ochrann\u00e9 trad\u00edcie<\/h2>\t\t\t\t<\/div>\n\t\t\t\t<div class=\"elementor-element elementor-element-iwgw-ranginui-cct elementor-widget elementor-widget-text-editor\" data-id=\"iwgw-ranginui-cct\" data-element_type=\"widget\" data-e-type=\"widget\" data-widget_type=\"text-editor.default\">\n\t\t\t\t\t\t\t\t\t<div data-nosnippet=\"true\"><p>iWell Guard nadv\u00e4zuje na kult\u00farno-historick\u00fa trad\u00edciu prenosn\u00fdch ochrann\u00fdch predmetov, v trad\u00edcii <a href=\"https:\/\/iwell-guard.com\/sk\/polynezia-maori-havaj-ochranne-tradicie\/\">Polyn\u00e9zie \/ M\u0101orov<\/a> a mnoh\u00fdch \u010fal\u0161\u00edch kult\u00far po celom svete. 41 vrstiev, r\u00fddze zlato, platina, striebro, vyroben\u00e9 v Nemecku. 30-d\u0148ov\u00e1 lehota na vr\u00e1tenie.<\/p><\/div>\t\t\t\t\t\t\t\t<\/div>\n\t\t\t\t<div class=\"elementor-element elementor-element-iwgw-ranginui-ccb iwg-cc-button iwg-cc-cta-2026-05-13 elementor-widget elementor-widget-jet-button\" data-id=\"iwgw-ranginui-ccb\" data-element_type=\"widget\" data-e-type=\"widget\" data-widget_type=\"jet-button.default\">\n\t\t\t\t<div class=\"elementor-widget-container\">\n\t\t\t\t\t<div class=\"elementor-jet-button jet-elements\"><div class=\"jet-button__container\"><a class=\"jet-button__instance jet-button__instance--icon-left hover-effect-1\" href=\"\/ueber-iwell-guard\/?utm_source=iwell-guard.com&amp;utm_medium=info-box&amp;utm_campaign=wesen-tradition\"><div class=\"jet-button__plane jet-button__plane-normal\"><\/div><div class=\"jet-button__plane jet-button__plane-hover\"><\/div><div class=\"jet-button__state jet-button__state-normal\"><span class=\"jet-button__label\">Viac o iWell Guard<\/span><\/div><div class=\"jet-button__state jet-button__state-hover\"><span class=\"jet-button__label\">Viac o iWell Guard<\/span><\/div><\/a><\/div><\/div><style>.elementor-element.elementor-element-iwgw-ranginui-ccb .jet-button__instance{width:320px;height:56px;}.elementor-element.elementor-element-iwgw-ranginui-ccb .jet-button__state-normal .jet-button__label{text-align:center;margin:0px 0px 0px 0px;color:#1a1b20;font-family:Montserrat,sans-serif;font-size:13px;font-weight:400;letter-spacing:4px;line-height:1.714em;text-transform:uppercase;}.elementor-element.elementor-element-iwgw-ranginui-ccb .jet-button__state-hover .jet-button__label{text-align:center;margin:0px 0px 0px 0px;color:#FECC76;font-family:Montserrat,sans-serif;font-size:13px;font-weight:400;letter-spacing:4px;line-height:1.714em;text-transform:uppercase;}.elementor-element.elementor-element-iwgw-ranginui-ccb .jet-button__plane-normal{background-color:#FECC76;border-style:solid;border-color:#C99540;border-width:2px 2px 2px 2px;}.elementor-element.elementor-element-iwgw-ranginui-ccb .jet-button__plane-hover{background-color:rgba(0,0,0,0.55);border-style:solid;border-color:#FECC76;border-width:2px 2px 2px 2px;}<\/style>\t\t\t\t<\/div>\n\t\t\t\t<\/div>\n\t\t\t\t<div class=\"elementor-element elementor-element-iwgw-ranginui-ccd elementor-widget elementor-widget-text-editor\" data-id=\"iwgw-ranginui-ccd\" data-element_type=\"widget\" data-e-type=\"widget\" data-widget_type=\"text-editor.default\">\n\t\t\t\t\t\t\t\t\t<div data-nosnippet=\"true\"><p style=\"text-align:center;font-size:13px;opacity:0.7;margin-top:14px\" data-nosnippet=\"true\">Osobn\u00e9 sk\u00fasenosti sa m\u00f4\u017eu l\u00ed\u0161i\u0165. Nie je to zdravotn\u00edcka pom\u00f4cka. \u017diadny pr\u00eds\u013eub lie\u010denia.<\/p><\/div>\t\t\t\t\t\t\t\t<\/div>\n\t\t\t\t\t<\/div>\n\t\t\t\t<\/div>\n\t\t\t\t\t<\/div>\n\t\t\t\t<\/div>\n\t\t<div class=\"elementor-element elementor-element-iwgw-ranginui-disc e-flex e-con-boxed e-con e-parent\" data-id=\"iwgw-ranginui-disc\" data-element_type=\"container\" data-e-type=\"container\">\n\t\t\t\t\t<div class=\"e-con-inner\">\n\t\t\t\t<div class=\"elementor-element elementor-element-iwgw-ranginui-discw elementor-widget elementor-widget-html\" data-id=\"iwgw-ranginui-discw\" data-element_type=\"widget\" data-e-type=\"widget\" data-widget_type=\"html.default\">\n\t\t\t\t\t<footer data-nosnippet=\"true\" class=\"iwg-disclaimer-block\"><p data-nosnippet=\"true\">iWell Guard <strong>nie je zdravotn\u00edcka pom\u00f4cka<\/strong> a nenahr\u00e1dza lek\u00e1rske ani psychoterapeutick\u00e9 o\u0161etrenie. Religionistick\u00fd obsah predstavuje kult\u00farno-historick\u00e9 zaradenie, nie odpor\u00fa\u010danie duchovnej praxe.<\/p><\/footer>\t\t\t\t<\/div>\n\t\t\t\t\t<\/div>\n\t\t\t\t<\/div>\n\t\t\t\t<\/div>\n\t\t","protected":false},"excerpt":{"rendered":"","protected":false},"author":3,"featured_media":3385,"parent":0,"menu_order":0,"comment_status":"closed","ping_status":"closed","template":"elementor_header_footer","meta":{"_yoast_wpseo_focuskw":"Ranginui maorsk\u00fd nebesk\u00fd otec","_yoast_wpseo_title":"Ranginui \u2013 nebesk\u00fd otec v kozmol\u00f3gii Maorov","_yoast_wpseo_metadesc":"Ranginui je nebesk\u00fd otec Maorov, ktor\u00e9ho synovia oddelili od Papat\u016b\u0101nuku. Religionistick\u00e9 zaradenie s m\u00fdtom","_yoast_wpseo_meta-robots-noindex":"","_yoast_wpseo_canonical":"","_angie_page":false,"gefaehrdungsstufe":"","wesen_kultur":"","wesen_klasse":"","footnotes":""},"categories":[],"class_list":["post-158036","page","type-page","status-publish","has-post-thumbnail","hentry"],"yoast_head":"<!-- This site is optimized with the Yoast SEO Premium plugin v27.7 (Yoast SEO v28.3) - https:\/\/yoast.com\/product\/yoast-seo-premium-wordpress\/ -->\n<title>Ranginui \u2013 nebesk\u00fd otec v kozmol\u00f3gii Maorov<\/title>\n<meta name=\"description\" content=\"Ranginui je nebesk\u00fd otec Maorov, ktor\u00e9ho synovia oddelili od Papat\u016b\u0101nuku. Religionistick\u00e9 zaradenie s m\u00fdtom\" \/>\n<meta name=\"robots\" content=\"index, follow, max-snippet:-1, max-image-preview:large, max-video-preview:-1\" \/>\n<link rel=\"canonical\" href=\"https:\/\/iwell-guard.com\/sk\/ranginui-nebesky-otec-maori\/\" \/>\n<meta property=\"og:locale\" content=\"sk_SK\" \/>\n<meta property=\"og:type\" content=\"article\" \/>\n<meta property=\"og:title\" content=\"Ranginui \u2013 nebesk\u00fd otec v kozmol\u00f3gii Maorov\" \/>\n<meta property=\"og:description\" content=\"Ranginui je nebesk\u00fd otec Maorov, ktor\u00e9ho synovia oddelili od Papat\u016b\u0101nuku. Religionistick\u00e9 zaradenie s m\u00fdtom\" \/>\n<meta property=\"og:url\" content=\"https:\/\/iwell-guard.com\/sk\/ranginui-nebesky-otec-maori\/\" \/>\n<meta property=\"og:site_name\" content=\"iWell Guard\" \/>\n<meta property=\"article:modified_time\" content=\"2026-09-04T22:49:06+00:00\" \/>\n<meta property=\"og:image\" content=\"https:\/\/iwell-guard.com\/wp-content\/uploads\/2026\/05\/goetter_polynesisch-maori_ranginui.webp\" \/>\n\t<meta property=\"og:image:width\" content=\"1024\" \/>\n\t<meta property=\"og:image:height\" content=\"1536\" \/>\n\t<meta property=\"og:image:type\" content=\"image\/webp\" \/>\n<meta name=\"twitter:card\" content=\"summary_large_image\" \/>\n<script type=\"application\/ld+json\" class=\"yoast-schema-graph\">{\"@context\":\"https:\\\/\\\/schema.org\",\"@graph\":[{\"@type\":\"WebPage\",\"@id\":\"https:\\\/\\\/iwell-guard.com\\\/sk\\\/ranginui-nebesky-otec-maori\\\/\",\"url\":\"https:\\\/\\\/iwell-guard.com\\\/sk\\\/ranginui-nebesky-otec-maori\\\/\",\"name\":\"Ranginui \u2013 nebesk\u00fd otec v kozmol\u00f3gii Maorov\",\"isPartOf\":{\"@id\":\"https:\\\/\\\/iwell-guard.com\\\/sk\\\/#website\"},\"primaryImageOfPage\":{\"@id\":\"https:\\\/\\\/iwell-guard.com\\\/sk\\\/ranginui-nebesky-otec-maori\\\/#primaryimage\"},\"image\":{\"@id\":\"https:\\\/\\\/iwell-guard.com\\\/sk\\\/ranginui-nebesky-otec-maori\\\/#primaryimage\"},\"thumbnailUrl\":\"https:\\\/\\\/iwell-guard.com\\\/wp-content\\\/uploads\\\/2026\\\/05\\\/goetter_polynesisch-maori_ranginui.webp\",\"datePublished\":\"2026-09-04T22:20:52+00:00\",\"dateModified\":\"2026-09-04T22:49:06+00:00\",\"description\":\"Ranginui je nebesk\u00fd otec Maorov, ktor\u00e9ho synovia oddelili od Papat\u016b\u0101nuku. Religionistick\u00e9 zaradenie s m\u00fdtom\",\"breadcrumb\":{\"@id\":\"https:\\\/\\\/iwell-guard.com\\\/sk\\\/ranginui-nebesky-otec-maori\\\/#breadcrumb\"},\"inLanguage\":\"sk-SK\",\"potentialAction\":[{\"@type\":\"ReadAction\",\"target\":[\"https:\\\/\\\/iwell-guard.com\\\/sk\\\/ranginui-nebesky-otec-maori\\\/\"]}]},{\"@type\":\"ImageObject\",\"inLanguage\":\"sk-SK\",\"@id\":\"https:\\\/\\\/iwell-guard.com\\\/sk\\\/ranginui-nebesky-otec-maori\\\/#primaryimage\",\"url\":\"https:\\\/\\\/iwell-guard.com\\\/wp-content\\\/uploads\\\/2026\\\/05\\\/goetter_polynesisch-maori_ranginui.webp\",\"contentUrl\":\"https:\\\/\\\/iwell-guard.com\\\/wp-content\\\/uploads\\\/2026\\\/05\\\/goetter_polynesisch-maori_ranginui.webp\",\"width\":1024,\"height\":1536,\"caption\":\"Bohovia z polyn\u00e9zsko-maorskej trad\u00edcie.\"},{\"@type\":\"BreadcrumbList\",\"@id\":\"https:\\\/\\\/iwell-guard.com\\\/sk\\\/ranginui-nebesky-otec-maori\\\/#breadcrumb\",\"itemListElement\":[{\"@type\":\"ListItem\",\"position\":1,\"name\":\"Start\",\"item\":\"https:\\\/\\\/iwell-guard.com\\\/sk\\\/?page_id=157572\"},{\"@type\":\"ListItem\",\"position\":2,\"name\":\"Ranginui \u2013 nebesk\u00fd otec v kozmol\u00f3gii Maorov\"}]},{\"@type\":\"WebSite\",\"@id\":\"https:\\\/\\\/iwell-guard.com\\\/sk\\\/#website\",\"url\":\"https:\\\/\\\/iwell-guard.com\\\/sk\\\/\",\"name\":\"iWell Guard\",\"description\":\"Schutz vor dunklen Einfl\u00fcssen\",\"publisher\":{\"@id\":\"https:\\\/\\\/iwell-guard.com\\\/sk\\\/#organization\"},\"potentialAction\":[{\"@type\":\"SearchAction\",\"target\":{\"@type\":\"EntryPoint\",\"urlTemplate\":\"https:\\\/\\\/iwell-guard.com\\\/sk\\\/?s={search_term_string}\"},\"query-input\":{\"@type\":\"PropertyValueSpecification\",\"valueRequired\":true,\"valueName\":\"search_term_string\"}}],\"inLanguage\":\"sk-SK\"},{\"@type\":\"Organization\",\"@id\":\"https:\\\/\\\/iwell-guard.com\\\/sk\\\/#organization\",\"name\":\"Ittermann electronic GmbH\",\"url\":\"https:\\\/\\\/iwell-guard.com\\\/sk\\\/\",\"logo\":{\"@type\":\"ImageObject\",\"inLanguage\":\"sk-SK\",\"@id\":\"https:\\\/\\\/iwell-guard.com\\\/sk\\\/#\\\/schema\\\/logo\\\/image\\\/\",\"url\":\"https:\\\/\\\/iwell-guard.com\\\/wp-content\\\/uploads\\\/2026\\\/05\\\/Ittermann-Logo-1182x237-1.png\",\"contentUrl\":\"https:\\\/\\\/iwell-guard.com\\\/wp-content\\\/uploads\\\/2026\\\/05\\\/Ittermann-Logo-1182x237-1.png\",\"width\":1182,\"height\":237,\"caption\":\"Ittermann electronic GmbH\"},\"image\":{\"@id\":\"https:\\\/\\\/iwell-guard.com\\\/sk\\\/#\\\/schema\\\/logo\\\/image\\\/\"},\"sameAs\":[\"https:\\\/\\\/pantip.com\\\/profile\\\/9367242\",\"https:\\\/\\\/micro.blog\\\/iwellguard\",\"https:\\\/\\\/www.diggerslist.com\\\/iwellguard\\\/about\",\"https:\\\/\\\/skitterphoto.com\\\/photographers\\\/2870314\\\/iwell-guard\",\"https:\\\/\\\/iwellguard.wordpress.com\\\/2026\\\/06\\\/06\\\/iwell-guard\\\/\",\"https:\\\/\\\/hub.docker.com\\\/u\\\/iwellguard\",\"https:\\\/\\\/www.pinterest.com\\\/iwellguard\\\/\",\"https:\\\/\\\/bit.ly\\\/m\\\/iwellguard\",\"https:\\\/\\\/entre-vos-mains.alsace.eu\\\/profiles\\\/iwellguard\\\/activity\",\"https:\\\/\\\/gravatar.com\\\/reallybeded8fd34\",\"https:\\\/\\\/naijamatta.com\\\/iwellguard\",\"https:\\\/\\\/www.goodreads.com\\\/iwellguard\",\"https:\\\/\\\/profile.hatena.ne.jp\\\/iwellguard\\\/\",\"https:\\\/\\\/experiment.com\\\/users\\\/iwellguard\",\"https:\\\/\\\/wakelet.com\\\/@iWellGuard82270\",\"https:\\\/\\\/www.chordie.com\\\/forum\\\/profile.php?id=2555664\",\"https:\\\/\\\/www.instapaper.com\\\/p\\\/17757966\",\"https:\\\/\\\/www.mapleprimes.com\\\/users\\\/iwellguard\",\"https:\\\/\\\/businesslistingplus.com\\\/profile\\\/iwell-guard\\\/\",\"https:\\\/\\\/telegra.ph\\\/iWell-Guard-06-06\",\"https:\\\/\\\/pbase.com\\\/iwellguard\\\/iwellguard\",\"https:\\\/\\\/b.hatena.ne.jp\\\/iwellguard\\\/20260607#bookmark-4788405196491818882\",\"https:\\\/\\\/fliphtml5.com\\\/home\\\/iwellguard\",\"https:\\\/\\\/anyflip.com\\\/homepage\\\/cmiwl#About\",\"https:\\\/\\\/transfur.com\\\/Users\\\/iwellguard\",\"http:\\\/\\\/delphi.larsbo.org\\\/user\\\/iwellguard\",\"https:\\\/\\\/jobs.lajobsportal.org\\\/profiles\\\/8380803-iwell-guard\",\"https:\\\/\\\/md.chaosdorf.de\\\/s\\\/jfbe5SBdJD\",\"https:\\\/\\\/www.lingvolive.com\\\/en-us\\\/profile\\\/9ecaeaca-ce11-4e51-9e71-01d55e2bff36\\\/translations\",\"https:\\\/\\\/www.fitday.com\\\/fitness\\\/forums\\\/members\\\/iwellguard.html\",\"https:\\\/\\\/www.mymeetbook.com\\\/iwellguard\",\"https:\\\/\\\/pxhere.com\\\/en\\\/photographer-me\\\/5040798\",\"https:\\\/\\\/disqus.com\\\/by\\\/iwellguard\\\/about\\\/\",\"https:\\\/\\\/pastelink.net\\\/hjwciqwq\",\"https:\\\/\\\/pubhtml5.com\\\/homepage\\\/scjhn\\\/\",\"https:\\\/\\\/www.bitchute.com\\\/channel\\\/2O2eOKzNqujT\",\"https:\\\/\\\/audiomack.com\\\/iwellguard\"]}]}<\/script>\n<!-- \/ Yoast SEO Premium plugin. -->","yoast_head_json":{"title":"Ranginui \u2013 nebesk\u00fd otec v kozmol\u00f3gii Maorov","description":"Ranginui je nebesk\u00fd otec Maorov, ktor\u00e9ho synovia oddelili od Papat\u016b\u0101nuku. Religionistick\u00e9 zaradenie s m\u00fdtom","robots":{"index":"index","follow":"follow","max-snippet":"max-snippet:-1","max-image-preview":"max-image-preview:large","max-video-preview":"max-video-preview:-1"},"canonical":"https:\/\/iwell-guard.com\/sk\/ranginui-nebesky-otec-maori\/","og_locale":"sk_SK","og_type":"article","og_title":"Ranginui \u2013 nebesk\u00fd otec v kozmol\u00f3gii Maorov","og_description":"Ranginui je nebesk\u00fd otec Maorov, ktor\u00e9ho synovia oddelili od Papat\u016b\u0101nuku. Religionistick\u00e9 zaradenie s m\u00fdtom","og_url":"https:\/\/iwell-guard.com\/sk\/ranginui-nebesky-otec-maori\/","og_site_name":"iWell Guard","article_modified_time":"2026-09-04T22:49:06+00:00","og_image":[{"width":1024,"height":1536,"url":"https:\/\/iwell-guard.com\/wp-content\/uploads\/2026\/05\/goetter_polynesisch-maori_ranginui.webp","type":"image\/webp"}],"twitter_card":"summary_large_image","schema":{"@context":"https:\/\/schema.org","@graph":[{"@type":"WebPage","@id":"https:\/\/iwell-guard.com\/sk\/ranginui-nebesky-otec-maori\/","url":"https:\/\/iwell-guard.com\/sk\/ranginui-nebesky-otec-maori\/","name":"Ranginui \u2013 nebesk\u00fd otec v kozmol\u00f3gii Maorov","isPartOf":{"@id":"https:\/\/iwell-guard.com\/sk\/#website"},"primaryImageOfPage":{"@id":"https:\/\/iwell-guard.com\/sk\/ranginui-nebesky-otec-maori\/#primaryimage"},"image":{"@id":"https:\/\/iwell-guard.com\/sk\/ranginui-nebesky-otec-maori\/#primaryimage"},"thumbnailUrl":"https:\/\/iwell-guard.com\/wp-content\/uploads\/2026\/05\/goetter_polynesisch-maori_ranginui.webp","datePublished":"2026-09-04T22:20:52+00:00","dateModified":"2026-09-04T22:49:06+00:00","description":"Ranginui je nebesk\u00fd otec Maorov, ktor\u00e9ho synovia oddelili od Papat\u016b\u0101nuku. Religionistick\u00e9 zaradenie s m\u00fdtom","breadcrumb":{"@id":"https:\/\/iwell-guard.com\/sk\/ranginui-nebesky-otec-maori\/#breadcrumb"},"inLanguage":"sk-SK","potentialAction":[{"@type":"ReadAction","target":["https:\/\/iwell-guard.com\/sk\/ranginui-nebesky-otec-maori\/"]}]},{"@type":"ImageObject","inLanguage":"sk-SK","@id":"https:\/\/iwell-guard.com\/sk\/ranginui-nebesky-otec-maori\/#primaryimage","url":"https:\/\/iwell-guard.com\/wp-content\/uploads\/2026\/05\/goetter_polynesisch-maori_ranginui.webp","contentUrl":"https:\/\/iwell-guard.com\/wp-content\/uploads\/2026\/05\/goetter_polynesisch-maori_ranginui.webp","width":1024,"height":1536,"caption":"Bohovia z polyn\u00e9zsko-maorskej trad\u00edcie."},{"@type":"BreadcrumbList","@id":"https:\/\/iwell-guard.com\/sk\/ranginui-nebesky-otec-maori\/#breadcrumb","itemListElement":[{"@type":"ListItem","position":1,"name":"Start","item":"https:\/\/iwell-guard.com\/sk\/?page_id=157572"},{"@type":"ListItem","position":2,"name":"Ranginui \u2013 nebesk\u00fd otec v kozmol\u00f3gii Maorov"}]},{"@type":"WebSite","@id":"https:\/\/iwell-guard.com\/sk\/#website","url":"https:\/\/iwell-guard.com\/sk\/","name":"iWell Guard","description":"Schutz vor dunklen Einfl\u00fcssen","publisher":{"@id":"https:\/\/iwell-guard.com\/sk\/#organization"},"potentialAction":[{"@type":"SearchAction","target":{"@type":"EntryPoint","urlTemplate":"https:\/\/iwell-guard.com\/sk\/?s={search_term_string}"},"query-input":{"@type":"PropertyValueSpecification","valueRequired":true,"valueName":"search_term_string"}}],"inLanguage":"sk-SK"},{"@type":"Organization","@id":"https:\/\/iwell-guard.com\/sk\/#organization","name":"Ittermann electronic GmbH","url":"https:\/\/iwell-guard.com\/sk\/","logo":{"@type":"ImageObject","inLanguage":"sk-SK","@id":"https:\/\/iwell-guard.com\/sk\/#\/schema\/logo\/image\/","url":"https:\/\/iwell-guard.com\/wp-content\/uploads\/2026\/05\/Ittermann-Logo-1182x237-1.png","contentUrl":"https:\/\/iwell-guard.com\/wp-content\/uploads\/2026\/05\/Ittermann-Logo-1182x237-1.png","width":1182,"height":237,"caption":"Ittermann electronic GmbH"},"image":{"@id":"https:\/\/iwell-guard.com\/sk\/#\/schema\/logo\/image\/"},"sameAs":["https:\/\/pantip.com\/profile\/9367242","https:\/\/micro.blog\/iwellguard","https:\/\/www.diggerslist.com\/iwellguard\/about","https:\/\/skitterphoto.com\/photographers\/2870314\/iwell-guard","https:\/\/iwellguard.wordpress.com\/2026\/06\/06\/iwell-guard\/","https:\/\/hub.docker.com\/u\/iwellguard","https:\/\/www.pinterest.com\/iwellguard\/","https:\/\/bit.ly\/m\/iwellguard","https:\/\/entre-vos-mains.alsace.eu\/profiles\/iwellguard\/activity","https:\/\/gravatar.com\/reallybeded8fd34","https:\/\/naijamatta.com\/iwellguard","https:\/\/www.goodreads.com\/iwellguard","https:\/\/profile.hatena.ne.jp\/iwellguard\/","https:\/\/experiment.com\/users\/iwellguard","https:\/\/wakelet.com\/@iWellGuard82270","https:\/\/www.chordie.com\/forum\/profile.php?id=2555664","https:\/\/www.instapaper.com\/p\/17757966","https:\/\/www.mapleprimes.com\/users\/iwellguard","https:\/\/businesslistingplus.com\/profile\/iwell-guard\/","https:\/\/telegra.ph\/iWell-Guard-06-06","https:\/\/pbase.com\/iwellguard\/iwellguard","https:\/\/b.hatena.ne.jp\/iwellguard\/20260607#bookmark-4788405196491818882","https:\/\/fliphtml5.com\/home\/iwellguard","https:\/\/anyflip.com\/homepage\/cmiwl#About","https:\/\/transfur.com\/Users\/iwellguard","http:\/\/delphi.larsbo.org\/user\/iwellguard","https:\/\/jobs.lajobsportal.org\/profiles\/8380803-iwell-guard","https:\/\/md.chaosdorf.de\/s\/jfbe5SBdJD","https:\/\/www.lingvolive.com\/en-us\/profile\/9ecaeaca-ce11-4e51-9e71-01d55e2bff36\/translations","https:\/\/www.fitday.com\/fitness\/forums\/members\/iwellguard.html","https:\/\/www.mymeetbook.com\/iwellguard","https:\/\/pxhere.com\/en\/photographer-me\/5040798","https:\/\/disqus.com\/by\/iwellguard\/about\/","https:\/\/pastelink.net\/hjwciqwq","https:\/\/pubhtml5.com\/homepage\/scjhn\/","https:\/\/www.bitchute.com\/channel\/2O2eOKzNqujT","https:\/\/audiomack.com\/iwellguard"]}]}},"_links":{"self":[{"href":"https:\/\/iwell-guard.com\/sk\/wp-json\/wp\/v2\/pages\/158036","targetHints":{"allow":["GET"]}}],"collection":[{"href":"https:\/\/iwell-guard.com\/sk\/wp-json\/wp\/v2\/pages"}],"about":[{"href":"https:\/\/iwell-guard.com\/sk\/wp-json\/wp\/v2\/types\/page"}],"author":[{"embeddable":true,"href":"https:\/\/iwell-guard.com\/sk\/wp-json\/wp\/v2\/users\/3"}],"replies":[{"embeddable":true,"href":"https:\/\/iwell-guard.com\/sk\/wp-json\/wp\/v2\/comments?post=158036"}],"version-history":[{"count":0,"href":"https:\/\/iwell-guard.com\/sk\/wp-json\/wp\/v2\/pages\/158036\/revisions"}],"wp:featuredmedia":[{"embeddable":true,"href":"https:\/\/iwell-guard.com\/sk\/wp-json\/wp\/v2\/media\/3385"}],"wp:attachment":[{"href":"https:\/\/iwell-guard.com\/sk\/wp-json\/wp\/v2\/media?parent=158036"}],"wp:term":[{"taxonomy":"category","embeddable":true,"href":"https:\/\/iwell-guard.com\/sk\/wp-json\/wp\/v2\/categories?post=158036"}],"curies":[{"name":"wp","href":"https:\/\/api.w.org\/{rel}","templated":true}]}}