{"id":158034,"date":"2026-09-04T22:20:51","date_gmt":"2026-09-04T22:20:51","guid":{"rendered":"https:\/\/iwell-guard.com\/?page_id=158034"},"modified":"2026-09-04T22:49:02","modified_gmt":"2026-09-04T22:49:02","slug":"ragnarok-zanik-svetov-severska-mytologia","status":"publish","type":"page","link":"https:\/\/iwell-guard.com\/sk\/ragnarok-zanik-svetov-severska-mytologia\/","title":{"rendered":"Ragnar\u00f6k \u2013 z\u00e1nik svetov v severskej mytol\u00f3gii"},"content":{"rendered":"\t\t<div data-elementor-type=\"wp-page\" data-elementor-id=\"158034\" class=\"elementor elementor-158034 elementor-2928 elementor-bc-flex-widget\" data-elementor-post-type=\"page\">\n\t\t\t\t<div class=\"elementor-element elementor-element-hero4f726b9 e-flex e-con-boxed e-con e-parent\" data-id=\"hero4f726b9\" data-element_type=\"container\" data-e-type=\"container\">\n\t\t\t\t\t<div class=\"e-con-inner\">\n\t\t\t\t<div class=\"elementor-element elementor-element-heroimg268171a iwg-hero-image elementor-widget elementor-widget-image\" data-id=\"heroimg268171a\" data-element_type=\"widget\" data-e-type=\"widget\" data-widget_type=\"image.default\">\n\t\t\t\t\t\t\t\t\t\t\t\t\t\t\t<img fetchpriority=\"high\" decoding=\"async\" width=\"683\" height=\"1024\" src=\"https:\/\/iwell-guard.com\/wp-content\/uploads\/2026\/05\/phaenomene_germanisch_ragnaroek-683x1024.webp\" class=\"attachment-large size-large wp-image-159657\" alt=\"Ragnar\u00f6k - jav z germ\u00e1nskej trad\u00edcie, historicko-ilustra\u010dn\u00e9 zobrazenie\" srcset=\"https:\/\/iwell-guard.com\/wp-content\/uploads\/2026\/05\/phaenomene_germanisch_ragnaroek-683x1024.webp 683w, https:\/\/iwell-guard.com\/wp-content\/uploads\/2026\/05\/phaenomene_germanisch_ragnaroek-200x300.webp 200w, https:\/\/iwell-guard.com\/wp-content\/uploads\/2026\/05\/phaenomene_germanisch_ragnaroek-768x1152.webp 768w, https:\/\/iwell-guard.com\/wp-content\/uploads\/2026\/05\/phaenomene_germanisch_ragnaroek.webp 1024w\" sizes=\"(max-width: 683px) 100vw, 683px\" \/>\t\t\t\t\t\t\t\t\t\t\t\t\t\t\t<\/div>\n\t\t\t\t\t<\/div>\n\t\t\t\t<\/div>\n\t\t<div class=\"elementor-element elementor-element-iwgw-ragnaroek-hero e-flex e-con-boxed e-con e-parent\" data-id=\"iwgw-ragnaroek-hero\" data-element_type=\"container\" data-e-type=\"container\">\n\t\t\t\t\t<div class=\"e-con-inner\">\n\t\t\t\t<div class=\"elementor-element elementor-element-iwgw-ragnaroek-h1 elementor-widget elementor-widget-heading\" data-id=\"iwgw-ragnaroek-h1\" data-element_type=\"widget\" data-e-type=\"widget\" data-widget_type=\"heading.default\">\n\t\t\t\t\t<h1 class=\"elementor-heading-title elementor-size-default\">Ragnar\u00f6k \u2013 z\u00e1nik a obnova sveta v severskom m\u00fdte<\/h1>\t\t\t\t<\/div>\n\t\t\t\t<div class=\"elementor-element elementor-element-iwgw-ragnaroek-pills elementor-widget elementor-widget-html\" data-id=\"iwgw-ragnaroek-pills\" data-element_type=\"widget\" data-e-type=\"widget\" data-widget_type=\"html.default\">\n\t\t\t\t\t<div class=\"iwg-pill-row\"><span class=\"iwg-klasse-badge\" tabindex=\"0\" data-tooltip=\"M\u00fdtus trad\u00edcie Germ\u00e1nska.\">M\u00fdtus<\/span><a href=\"https:\/\/iwell-guard.com\/sk\/germanske\/\" class=\"iwg-kultur-badge\" tabindex=\"0\" data-tooltip=\"Mytol\u00f3gia trad\u00edcie Germ\u00e1nska.\">Germ\u00e1nska<\/a><span class=\"iwg-tradition-badge\" tabindex=\"0\" data-tooltip=\"Eschatologick\u00fd m\u00fdtus.\">Eschatologick\u00fd m\u00fdtus<\/span><\/div>\t\t\t\t<\/div>\n\t\t\t\t<div class=\"elementor-element elementor-element-iwgw-ragnaroek-lead elementor-widget elementor-widget-text-editor\" data-id=\"iwgw-ragnaroek-lead\" data-element_type=\"widget\" data-e-type=\"widget\" data-widget_type=\"text-editor.default\">\n\t\t\t\t\t\t\t\t\t<p>Ragnar\u00f6k je eschatologick\u00fd <span class=\"iwg-fachbegriff\" data-tooltip=\"Tradovan\u00e9 rozpr\u00e1vanie o bohoch, p\u00f4vode a poriadku sveta.\" tabindex=\"0\">m\u00fdtus<\/span> seversk\u00e9ho <span class=\"iwg-fachbegriff\" data-tooltip=\"Odovzd\u00e1vanie vedomost\u00ed a rozpr\u00e1van\u00ed z gener\u00e1cie na gener\u00e1ciu.\" tabindex=\"0\">podania<\/span>. Rozpr\u00e1va o z\u00e1niku bohov a sveta v boji proti nepriate\u013esk\u00fdm sil\u00e1m a o vzostupe obnovenej zeme z mora. Sp\u00e1ja tak koniec \u010dias s nov\u00fdm za\u010diatkom do jedn\u00e9ho ve\u013ek\u00e9ho pr\u00edbehu.<\/p>\t\t\t\t\t\t\t\t<\/div>\n\t\t\t\t\t<\/div>\n\t\t\t\t<\/div>\n\t\t<div class=\"elementor-element elementor-element-iwgw-ragnaroek-s0 e-flex e-con-boxed e-con e-parent\" data-id=\"iwgw-ragnaroek-s0\" data-element_type=\"container\" data-e-type=\"container\">\n\t\t\t\t\t<div class=\"e-con-inner\">\n\t\t\t\t<div class=\"elementor-element elementor-element-iwgw-ragnaroek-s0h elementor-widget elementor-widget-heading\" data-id=\"iwgw-ragnaroek-s0h\" data-element_type=\"widget\" data-e-type=\"widget\" data-widget_type=\"heading.default\">\n\t\t\t\t\t<h2 class=\"elementor-heading-title elementor-size-default\">Zaradenie<\/h2>\t\t\t\t<\/div>\n\t\t\t\t<div class=\"elementor-element elementor-element-iwgw-ragnaroek-s0t elementor-widget elementor-widget-text-editor\" data-id=\"iwgw-ragnaroek-s0t\" data-element_type=\"widget\" data-e-type=\"widget\" data-widget_type=\"text-editor.default\">\n\t\t\t\t\t\t\t\t\t<p>Ragnar\u00f6k ozna\u010duje v severskej <span class=\"iwg-fachbegriff\" data-tooltip=\"S\u00fabor tradovan\u00fdch rozpr\u00e1van\u00ed o bohoch ur\u010ditej kult\u00fary.\" tabindex=\"0\">mytol\u00f3gii<\/span> udalosti na konci sveta: z\u00e1nik bohov, zr\u00fatenie kozmu a n\u00e1sledn\u00fa obnovu zeme. Nejde o osobu ani bytos\u0165, ale o <span class=\"iwg-fachbegriff\" data-tooltip=\"Tradovan\u00e9 rozpr\u00e1vanie o bohoch, p\u00f4vode a poriadku sveta.\" tabindex=\"0\">m\u00fdtus<\/span>, s\u00favisl\u00fd re\u0165azec udalost\u00ed, ktor\u00fd <span class=\"iwg-fachbegriff\" data-tooltip=\"Odovzd\u00e1vanie vedomost\u00ed a rozpr\u00e1van\u00ed z gener\u00e1cie na gener\u00e1ciu.\" tabindex=\"0\">podanie<\/span> opisuje ako predur\u010den\u00fd osud v\u0161etk\u00fdch mocnost\u00ed.<\/p><p>V r\u00e1mci n\u00e1bo\u017eenstva <a href=\"https:\/\/iwell-guard.com\/sk\/germanske\/\">germ\u00e1nskeho<\/a> sveta, konkr\u00e9tne staroseversk\u00e9ho <span class=\"iwg-fachbegriff\" data-tooltip=\"Odovzd\u00e1vanie vedomost\u00ed a rozpr\u00e1van\u00ed z gener\u00e1cie na gener\u00e1ciu.\" tabindex=\"0\">podania<\/span> \u0160kandin\u00e1vie a Islandu, zauj\u00edma Ragnar\u00f6k osobit\u00e9 postavenie.<\/p><p>Je to jedin\u00fd podrobne rozvinut\u00fd m\u00fdtus o konci \u010dias a je \u00fazko sp\u00e4t\u00fd s predstavou, \u017ee aj samotn\u00ed bohovia podliehaj\u00fa osudu. Na rozdiel od nesmrteln\u00fdch bohov in\u00fdch n\u00e1bo\u017eenstiev poznaj\u00fa seversk\u00ed bohovia svoj vlastn\u00fd konec, a napriek tomu mu \u010delia.<\/p><p>Z religionistick\u00e9ho h\u013eadiska patr\u00ed Ragnar\u00f6k medzi eschatol\u00f3gie, teda u\u010denia o posledn\u00fdch veciach. Charakteristick\u00e9 je prepojenie z\u00e1niku a obnovy: <span class=\"iwg-fachbegriff\" data-tooltip=\"Tradovan\u00e9 rozpr\u00e1vanie o bohoch, p\u00f4vode a poriadku sveta.\" tabindex=\"0\">M\u00fdtus<\/span> nekon\u010d\u00ed zni\u010den\u00edm, ale vzostupom nov\u00e9ho, o\u010disten\u00e9ho sveta.<\/p><p>T\u00fdm sa odli\u0161uje od \u010disto katastrofickej predstavy a pribli\u017euje sa cyklick\u00e9mu modelu, v ktorom sa koniec a za\u010diatok prel\u00ednaj\u00fa.<\/p>\t\t\t\t\t\t\t\t<\/div>\n\t\t\t\t\t<\/div>\n\t\t\t\t<\/div>\n\t\t<div class=\"elementor-element elementor-element-iwgw-ragnaroek-s1 e-flex e-con-boxed e-con e-parent\" data-id=\"iwgw-ragnaroek-s1\" data-element_type=\"container\" data-e-type=\"container\">\n\t\t\t\t\t<div class=\"e-con-inner\">\n\t\t\t\t<div class=\"elementor-element elementor-element-iwgw-ragnaroek-s1h elementor-widget elementor-widget-heading\" data-id=\"iwgw-ragnaroek-s1h\" data-element_type=\"widget\" data-e-type=\"widget\" data-widget_type=\"heading.default\">\n\t\t\t\t\t<h2 class=\"elementor-heading-title elementor-size-default\">Meno a etymol\u00f3gia<\/h2>\t\t\t\t<\/div>\n\t\t\t\t<div class=\"elementor-element elementor-element-iwgw-ragnaroek-s1t elementor-widget elementor-widget-text-editor\" data-id=\"iwgw-ragnaroek-s1t\" data-element_type=\"widget\" data-e-type=\"widget\" data-widget_type=\"text-editor.default\">\n\t\t\t\t\t\t\t\t\t<p>Staroseversk\u00fd v\u00fdraz <em>ragnar\u00f6k<\/em> sa sklad\u00e1 z <em>ragna<\/em>, genit\u00edvu plur\u00e1lu slova <em>regin<\/em>, radiace moci alebo bohovia, a <em>r\u00f6k<\/em>, osud, skaza alebo p\u00f4vod. Doslovn\u00fd v\u00fdznam je teda osud bohov alebo skaza mocnost\u00ed.<\/p><p>V prame\u0148och sa okrem toho vyskytuje tvar <em>ragnar\u00f8kkr<\/em>, odvoden\u00fd od slova <em>r\u00f8kkr<\/em>, s\u00famrak, ktor\u00fd ch\u00e1pe dan\u00e9 udalosti ako s\u00famrak bohov.<\/p><p>Tento druh\u00fd v\u00fdklad je jazykovo pravdepodobne druhotn\u00fd, av\u0161ak zanechal v\u00fdrazn\u00fd vplyv. Prostredn\u00edctvom nemeck\u00e9ho prekladu G\u00f6tterd\u00e4mmerung sa tento pojem stal zn\u00e1mym aj mimo odbornej vedy, nemalou mierou aj v\u010faka hudbe 19. storo\u010dia.<\/p><p>S\u00fa\u010dasn\u00fd v\u00fdskum dnes v\u00e4\u010d\u0161inou preferuje tvar Ragnar\u00f6k vo v\u00fdzname osud bohov, preto\u017ee je bli\u017e\u0161\u00ed star\u0161iemu <span class=\"iwg-fachbegriff\" data-tooltip=\"Odovzd\u00e1vanie vedomost\u00ed a rozpr\u00e1van\u00ed z gener\u00e1cie na gener\u00e1ciu.\" tabindex=\"0\">podaniu<\/span>. Oba v\u00fdklady s\u00fa v\u0161ak star\u00e9 a predstavuj\u00fa dva aspekty toho ist\u00e9ho <span class=\"iwg-fachbegriff\" data-tooltip=\"Tradovan\u00e9 rozpr\u00e1vanie o bohoch, p\u00f4vode a poriadku sveta.\" tabindex=\"0\">m\u00fdtu<\/span>: predur\u010den\u00fa skazu na jednej strane a z\u00e1nik bo\u017esk\u00fdch sveteln\u00fdch s\u00edl na druhej.<\/p>\t\t\t\t\t\t\t\t<\/div>\n\t\t\t\t\t<\/div>\n\t\t\t\t<\/div>\n\t\t<div class=\"elementor-element elementor-element-iwgw-ragnaroek-s2 e-flex e-con-boxed e-con e-parent\" data-id=\"iwgw-ragnaroek-s2\" data-element_type=\"container\" data-e-type=\"container\">\n\t\t\t\t\t<div class=\"e-con-inner\">\n\t\t\t\t<div class=\"elementor-element elementor-element-iwgw-ragnaroek-s2h elementor-widget elementor-widget-heading\" data-id=\"iwgw-ragnaroek-s2h\" data-element_type=\"widget\" data-e-type=\"widget\" data-widget_type=\"heading.default\">\n\t\t\t\t\t<h2 class=\"elementor-heading-title elementor-size-default\">Predzvesti a dej rozpr\u00e1vania<\/h2>\t\t\t\t<\/div>\n\t\t\t\t<div class=\"elementor-element elementor-element-iwgw-ragnaroek-s2t elementor-widget elementor-widget-text-editor\" data-id=\"iwgw-ragnaroek-s2t\" data-element_type=\"widget\" data-e-type=\"widget\" data-widget_type=\"text-editor.default\">\n\t\t\t\t\t\t\t\t\t<p><span class=\"iwg-fachbegriff\" data-tooltip=\"Tradovan\u00fd pr\u00edbeh o bohoch, p\u00f4vode a poriadku svet a.\" tabindex=\"0\">M\u00fdtus<\/span> opisuje Ragnar\u00f6k ako udalos\u0165, ktor\u00e1 je ozn\u00e1men\u00e1 radom predzvest\u00ed. Predch\u00e1dza jej <em>Fimbulwinter<\/em>, trojn\u00e1sobn\u00e1 nepreru\u0161en\u00e1 zima bez leta medzi t\u00fdm, sprev\u00e1dzan\u00e1 vojnou, mravn\u00fdm \u00fapadkom a rozpadom \u013eudsk\u00e9ho poriadku.<\/p><p>Bratia sa navz\u00e1jom zab\u00edjaj\u00fa, v\u0161etky puta sa rozpad\u00e1vaj\u00fa. <em>V\u00f6lusp\u00e1<\/em> zh\u0155\u0148a tento \u00fapadok v p\u00f4sobiv\u00fdch ver\u0161och, ktor\u00e9 hovoria o \u010dase sekier, \u010dase me\u010dov, \u010dase vetra a \u010dase vlkov, a ch\u00e1pu spolo\u010densk\u00fd chaos ako predzves\u0165 kozmick\u00e9ho.<\/p><p>Nasleduj\u00fa kozmick\u00e9 znamenia: vlky zo\u017eieraj\u00fa slnko a mesiac, hviezdy padaj\u00fa, zem sa trasie a v\u0161etky put\u00e1 sa trhaj\u00fa. Nepriate\u013esk\u00e9 sily sa oslobodzuj\u00fa.<\/p><p>Sp\u00fatan\u00fd vlk Fenrir sa vyslobod\u00ed, morsk\u00e1 hadica J\u00f6rmungandr vystupuje z mora, lo\u010f mrtvych Naglfar sa bl\u00ed\u017ei s mocnos\u0165ami hlb\u00edn a ohniv\u00ed obri so svoj\u00edm vodcom Surtom prich\u00e1dzaj\u00fa z Muspellsheimu a sp\u00e1lia svet.<\/p><p>Aj sp\u00fatan\u00fd Loki sa oslobod\u00ed a postav\u00ed sa na stranu nepriate\u013eov. Heimdall, str\u00e1\u017eca bohov, zaduje na rohu Gjallarhorn a zvol\u00e1 bohov aj padl\u00fdch bojovn\u00edkov zhroma\u017eden\u00fdch vo Valhale na posledn\u00fa bitku na pl\u00e1\u0148 Vigrid.<\/p><p>Na ve\u013ekom bojovom poli sa stret\u00e1vaj\u00fa bohovia a nepriatelia. <a href=\"https:\/\/iwell-guard.com\/sk\/odin\/\">Odin<\/a> pad\u00e1 v boji proti vlkovi Fenrirovi, ktor\u00e9ho pomst\u00ed jeho syn Vidar.<\/p><p><a href=\"https:\/\/iwell-guard.com\/sk\/thor\/\">Thor<\/a> zabije morsk\u00fa hadicu, ale po deviatich krokoch zahynie na jej jed. Freyr pad\u00e1 v boji proti Surtovi, str\u00e1\u017eca Heimdall a Loki sa navz\u00e1jom zabij\u00fa, rovnako aj pes Garm a boh vojny Tyr.<\/p><p>Nakoniec Surtov ohe\u0148 zachv\u00e1ti cel\u00fd svet a zem str\u00e1ven\u00e1 plame\u0148mi sa pot\u00e1pa do mora. Rozpr\u00e1vanie sa tu v\u0161ak nekon\u010d\u00ed: z vody vystupuje nov\u00e1, zelen\u00e1 zem.<\/p><p>Bohovia ako Vidar, Vali a Thorovi synovia pre\u017e\u00edvaj\u00fa, Balder sa vracia z r\u00ed\u0161e mrtvych, \u013eudsk\u00fd p\u00e1r Lif a Lifthrasir sa skryl v <span class=\"iwg-fachbegriff\" data-tooltip=\"Posv\u00e4tn\u00fd les\u00edk, ktor\u00fd sl\u00fa\u017eil ako kultov\u00e9 miesto.\" tabindex=\"0\">h\u00e1ji<\/span> a za\u010d\u00edna sa nov\u00fd svetov\u00fd beh.<\/p>\t\t\t\t\t\t\t\t<\/div>\n\t\t\t\t\t<\/div>\n\t\t\t\t<\/div>\n\t\t<div class=\"elementor-element elementor-element-iwgw-ragnaroek-s3 e-flex e-con-boxed e-con e-parent\" data-id=\"iwgw-ragnaroek-s3\" data-element_type=\"container\" data-e-type=\"container\">\n\t\t\t\t\t<div class=\"e-con-inner\">\n\t\t\t\t<div class=\"elementor-element elementor-element-iwgw-ragnaroek-s3h elementor-widget elementor-widget-heading\" data-id=\"iwgw-ragnaroek-s3h\" data-element_type=\"widget\" data-e-type=\"widget\" data-widget_type=\"heading.default\">\n\t\t\t\t\t<h2 class=\"elementor-heading-title elementor-size-default\">Mytol\u00f3gia a trad\u00edcia<\/h2>\t\t\t\t<\/div>\n\t\t\t\t<div class=\"elementor-element elementor-element-iwgw-ragnaroek-s3t elementor-widget elementor-widget-text-editor\" data-id=\"iwgw-ragnaroek-s3t\" data-element_type=\"widget\" data-e-type=\"widget\" data-widget_type=\"text-editor.default\">\n\t\t\t\t\t\t\t\t\t<p>Najd\u00f4le\u017eitej\u0161\u00edmi prame\u0148mi pre Ragnar\u00f6k s\u00fa dva texty z 13. storo\u010dia z Islandu. Eddick\u00e1 b\u00e1snick\u00e1 skladba <em>V\u00f6lusp\u00e1<\/em>, Piese\u0148 ve\u0161tky, zobrazuje v hutnom, n\u00e1znakovom jazyku cel\u00fd priebeh svet a od stvorenia cez z\u00e1nik a\u017e po obnovu.<\/p><p>Snorri Sturluson v svojej <em>Prozaickej Edde<\/em> systematicky zh\u0155\u0148a <span class=\"iwg-fachbegriff\" data-tooltip=\"Tradovan\u00fd pr\u00edbeh o bohoch, p\u00f4vode a poriadku svet a.\" tabindex=\"0\">m\u00fdtus<\/span> a cituj\u00fac pritom star\u0161ie b\u00e1sne ich usporad\u00fava pod\u013ea vlastn\u00e9ho ch\u00e1pania.<\/p><p>\u010eal\u0161ie eddick\u00e9 piesne, ako <em>Vaf\u00fer\u00fa\u00f0nism\u00e1l<\/em>, poskytuj\u00fa jednotliv\u00e9 prvky, napr\u00edklad o pre\u017e\u00edvaj\u00facich a o Fimbulwinteri. <span class=\"iwg-fachbegriff\" data-tooltip=\"Odovzd\u00e1vanie vedomost\u00ed a pr\u00edbehov medzi gener\u00e1ciami.\" tabindex=\"0\">Trad\u00edcia<\/span> tak nie je jednotn\u00e1 ani bezrozporn\u00e1: poradie udalost\u00ed, z\u00fa\u010dastnen\u00e9 postavy a jednotlivosti sa medzi prame\u0148mi l\u00ed\u0161ia. Niektor\u00e9 predstavy, ktor\u00e9 sa pova\u017euj\u00fa za pevn\u00fd obraz, s\u00fa v\u00fdsledkom Snorriho usporad\u00favaj\u00facej ruky.<\/p><p>K tomu sa prid\u00e1va probl\u00e9m datovania. P\u00edsomn\u00e9 prame\u0148e vznikli na kres\u0165anskom Islande, viac ako dve storo\u010dia po form\u00e1lnom prijat\u00ed kres\u0165anstva. Star\u0161ia b\u00e1date\u013esk\u00e1 trad\u00edcia videla v spojen\u00ed z\u00e1niku a obnoven\u00e9ho svet a, v ktorom sa objavuje vy\u0161\u0161\u00ed, nemenovan\u00fd mocn\u00fd, kres\u0165ansk\u00fd vplyv.<\/p><p>Nov\u0161ie b\u00e1danie s\u00fadi opatrnej\u0161ie: jadro <span class=\"iwg-fachbegriff\" data-tooltip=\"Tradovan\u00fd pr\u00edbeh o bohoch, p\u00f4vode a poriadku svet a.\" tabindex=\"0\">m\u00fdtu<\/span>, boj bohov proti sil\u00e1m chaosu a ich predur\u010den\u00fd z\u00e1nik, sa pova\u017euje za <span class=\"iwg-fachbegriff\" data-tooltip=\"Poch\u00e1dzaj\u00face z \u010das u pred roz\u0161\u00edren\u00edm kres\u0165anstva.\" tabindex=\"0\">predkres\u0165ansk\u00e9<\/span>, hoci zachovan\u00e1 forma je spoluutv\u00e1ran\u00e1 kres\u0165ansk\u00fdm kontextom z\u00e1pisu.<\/p>\t\t\t\t\t\t\t\t<\/div>\n\t\t\t\t\t<\/div>\n\t\t\t\t<\/div>\n\t\t<div class=\"elementor-element elementor-element-iwgw-ragnaroek-s4 e-flex e-con-boxed e-con e-parent\" data-id=\"iwgw-ragnaroek-s4\" data-element_type=\"container\" data-e-type=\"container\">\n\t\t\t\t\t<div class=\"e-con-inner\">\n\t\t\t\t<div class=\"elementor-element elementor-element-iwgw-ragnaroek-s4h elementor-widget elementor-widget-heading\" data-id=\"iwgw-ragnaroek-s4h\" data-element_type=\"widget\" data-e-type=\"widget\" data-widget_type=\"heading.default\">\n\t\t\t\t\t<h2 class=\"elementor-heading-title elementor-size-default\">Postavenie v kulte a vo viere<\/h2>\t\t\t\t<\/div>\n\t\t\t\t<div class=\"elementor-element elementor-element-iwgw-ragnaroek-s4t elementor-widget elementor-widget-text-editor\" data-id=\"iwgw-ragnaroek-s4t\" data-element_type=\"widget\" data-e-type=\"widget\" data-widget_type=\"text-editor.default\">\n\t\t\t\t\t\t\t\t\t<p>Na rozdiel od uctievanej bytosti nebol Ragnar\u00f6k predmetom vlastn\u00e9ho kultu. Neexistovali obrady zameran\u00e9 priamo na eschatologick\u00fd m\u00fdtus. Jeho v\u00fdznam spo\u010d\u00edval vo svete viery a vo v\u00fdklade \u013eudskej existencie, nie v kultovej praxi.<\/p><p>Napriek tomu my\u0161lienka na predur\u010den\u00fd koniec prenikala cel\u00fdm n\u00e1bo\u017eensk\u00fdm svetom predst\u00e1v. Zhroma\u017e\u010fovanie padl\u00fdch bojovn\u00edkov v sieni najvy\u0161\u0161ieho boha, pr\u00edprava na posledn\u00fa bitku opisovan\u00e1 v prame\u0148och, sp\u00e1jala osud jednotliv\u00fdch mrtvych s kozmick\u00fdm dian\u00edm.<\/p><p>Kto padol v boji so c\u0165ou, mal na konci st\u00e1\u0165 na strane bohov. Ide\u00e1l odvahy tak z\u00edskal eschatologick\u00e9 od\u00f4vodnenie.<\/p><p>Z religionistick\u00e9ho h\u013eadiska sa Ragnar\u00f6k \u010dasto vyklad\u00e1 ako v\u00fdraz postoja, v ktorom s\u00fa aj samotn\u00ed bohovia podriaden\u00ed osudu a napriek tomu mu vzdoruj\u00fa s hrdos\u0165ou. T\u00e1to predstava formovala ch\u00e1panie cti, odvahy a vytrvalosti.<\/p><p>\u010ci \u013eudia vikingskej doby ch\u00e1pali <span class=\"iwg-fachbegriff\" data-tooltip=\"Tradovan\u00fd pr\u00edbeh o bohoch, p\u00f4vode a poriadku svet a.\" tabindex=\"0\">m\u00fdtus<\/span> ako bezprostredne bl\u00ed\u017eiacu sa hrozbu, ako vzdialen\u00e9 osudov\u00e9 predur\u010denie alebo ako obrazn\u00fd v\u00fdklad svet ov\u00e9ho poriadku, ned\u00e1 sa z prame\u0148ov jednozna\u010dne ur\u010di\u0165.<\/p>\t\t\t\t\t\t\t\t<\/div>\n\t\t\t\t\t<\/div>\n\t\t\t\t<\/div>\n\t\t<div class=\"elementor-element elementor-element-iwgw-ragnaroek-s5 e-flex e-con-boxed e-con e-parent\" data-id=\"iwgw-ragnaroek-s5\" data-element_type=\"container\" data-e-type=\"container\">\n\t\t\t\t\t<div class=\"e-con-inner\">\n\t\t\t\t<div class=\"elementor-element elementor-element-iwgw-ragnaroek-s5h elementor-widget elementor-widget-heading\" data-id=\"iwgw-ragnaroek-s5h\" data-element_type=\"widget\" data-e-type=\"widget\" data-widget_type=\"heading.default\">\n\t\t\t\t\t<h2 class=\"elementor-heading-title elementor-size-default\">V\u00fdklad ochrany a vyrovn\u00e1vanie sa s osudom<\/h2>\t\t\t\t<\/div>\n\t\t\t\t<div class=\"elementor-element elementor-element-iwgw-ragnaroek-s5t elementor-widget elementor-widget-text-editor\" data-id=\"iwgw-ragnaroek-s5t\" data-element_type=\"widget\" data-e-type=\"widget\" data-widget_type=\"text-editor.default\">\n\t\t\t\t\t\t\t\t\t<p>Ke\u010f\u017ee Ragnar\u00f6k bol ch\u00e1pan\u00fd ako nevyhnutn\u00e1, osudom stanoven\u00e1 udalos\u0165, <span class=\"iwg-fachbegriff\" data-tooltip=\"Odovzd\u00e1vanie vedomost\u00ed a rozpr\u00e1van\u00ed z gener\u00e1cie na gener\u00e1ciu.\" tabindex=\"0\">trad\u00edcia<\/span> nepoznala \u017eiadnu apotropaick\u00fa prax, ktor\u00e1 by ju mohla odvr\u00e1ti\u0165. Osud bohov sa nedal zastavi\u0165 ani k\u00fazlom, ani <span class=\"iwg-fachbegriff\" data-tooltip=\"Dar bo\u017estvu na vyjadrenie v\u010faky, prosby alebo uctenia.\" tabindex=\"0\">obetou<\/span>, ani <span class=\"iwg-fachbegriff\" data-tooltip=\"Nosen\u00fd predmet, ktor\u00e9mu sa pripisuje ochrann\u00fd, zlo odvracaj\u00faci \u00fa\u010dinok.\" tabindex=\"0\">amuletom<\/span>. Ochrana v \u00fazkom zmysle preto nie je t\u00e9mou tohto <span class=\"iwg-fachbegriff\" data-tooltip=\"Tradi\u010dn\u00e9 rozpr\u00e1vanie o bohoch, p\u00f4vode a poriadku svet.\" tabindex=\"0\">m\u00fdtu<\/span>.<\/p><p>Vyrovn\u00e1vanie sa s osudom sa odohr\u00e1valo sk\u00f4r na inej rovine. Bohovia sami konaj\u00fa predv\u00eddavo: sp\u00fataj\u00fa vlka a ostatn\u00e9 chaotick\u00e9 bytosti, sna\u017eia sa ne\u0161\u0165astie oddiali\u0165, hoci vedia, \u017ee raz nastane.<\/p><p>Toto sp\u00fatanie ni\u010div\u00fdch s\u00edl udr\u017eiava svet pri sebe po\u010das vymeran\u00e9ho \u010dasu. V <span class=\"iwg-fachbegriff\" data-tooltip=\"Tradi\u010dn\u00e9 rozpr\u00e1vanie o bohoch, p\u00f4vode a poriadku svet.\" tabindex=\"0\">m\u00fdte<\/span> je to modelom konania, ktor\u00e9 zachov\u00e1va poriadok, no nem\u00f4\u017ee popiera\u0165 koniec.<\/p><p>Pre \u013eud\u00ed je zodpovedaj\u00facim postojom prijatie osudu a \u010destn\u00e9 spr\u00e1vanie v r\u00e1mci stanoven\u00fdch hran\u00edc. Z vedeck\u00e9ho h\u013eadiska tak mo\u017eno Ragnar\u00f6k \u010d\u00edta\u0165 ako <span class=\"iwg-fachbegriff\" data-tooltip=\"Tradi\u010dn\u00e9 rozpr\u00e1vanie o bohoch, p\u00f4vode a poriadku svet.\" tabindex=\"0\">m\u00fdtus<\/span>, ktor\u00fd nes\u013eubuje ochranu pred koncom, ale pon\u00faka v\u00fdklad, ako \u017ei\u0165 s istotou konca.<\/p><p>\u00datecha nespo\u010d\u00edva v odvr\u00e1ten\u00ed, ale vo v\u00fdh\u013eade na obnoven\u00fd svet, ktor\u00fd po z\u00e1niku vyst\u00fapi z mora.<\/p>\t\t\t\t\t\t\t\t<\/div>\n\t\t\t\t\t<\/div>\n\t\t\t\t<\/div>\n\t\t<div class=\"elementor-element elementor-element-iwgw-ragnaroek-s6 e-flex e-con-boxed e-con e-parent\" data-id=\"iwgw-ragnaroek-s6\" data-element_type=\"container\" data-e-type=\"container\">\n\t\t\t\t\t<div class=\"e-con-inner\">\n\t\t\t\t<div class=\"elementor-element elementor-element-iwgw-ragnaroek-s6h elementor-widget elementor-widget-heading\" data-id=\"iwgw-ragnaroek-s6h\" data-element_type=\"widget\" data-e-type=\"widget\" data-widget_type=\"heading.default\">\n\t\t\t\t\t<h2 class=\"elementor-heading-title elementor-size-default\">Obrazov\u00e9 a materi\u00e1lne svedectv\u00e1<\/h2>\t\t\t\t<\/div>\n\t\t\t\t<div class=\"elementor-element elementor-element-iwgw-ragnaroek-s6t elementor-widget elementor-widget-text-editor\" data-id=\"iwgw-ragnaroek-s6t\" data-element_type=\"widget\" data-e-type=\"widget\" data-widget_type=\"text-editor.default\">\n\t\t\t\t\t\t\t\t\t<p>Okrem liter\u00e1rnych prame\u0148ov existuje aj rad obrazov\u00fdch svedectiev, ktor\u00e9 sa sp\u00e1jaj\u00fa s l\u00e1tkou Ragnar\u00f6ku. Vikingsk\u00fd kamenn\u00fd st\u013ap z Ledbergu v \u0160v\u00e9dsku zobrazuje postavu napadnut\u00fa zviera\u0165om na nohe a chodidle, \u010do bolo \u010dasto interpretovan\u00e9 ako Odin a vlk Fenrir.<\/p><p>Na kr\u00ed\u017ei z Gosforthu v anglickom Cumbrii, kres\u0165anskej pamiatke z 10. storo\u010dia, sa nach\u00e1dzaj\u00fa sc\u00e9ny, ktor\u00e9 sa vykladaj\u00fa ako sp\u00fatan\u00fd Loki, Heimdall s rohom a Vidarov boj s vlkom.<\/p><p>Tieto v\u00fdklady nie s\u00fa nesporn\u00e9, preto\u017ee obrazy nemaj\u00fa \u017eiadne popisky a umo\u017e\u0148uj\u00fa viacero interpret\u00e1ci\u00ed. Ukazuj\u00fa v\u0161ak, \u017ee mot\u00edvy m\u00fdtu o konci svetov boli zobrazovan\u00e9 u\u017e v obdob\u00ed vikingov, teda pred p\u00edsomn\u00fdm zaznamenan\u00edm v diele <em>V\u00f6lusp\u00e1<\/em> a <em>Prozaick\u00e1 Edda<\/em>.<\/p><p>Osobitne v\u00fdpovedn\u00fd je Gosforthsk\u00fd kr\u00ed\u017e: sp\u00e1ja kres\u0165ansk\u00fd a pohansk\u00fd obrazov\u00fd svet na jednej pamiatke a dokazuje, \u017ee <span class=\"iwg-fachbegriff\" data-tooltip=\"Tradi\u010dn\u00e9 rozpr\u00e1vanie o bohoch, p\u00f4vode a poriadku svet.\" tabindex=\"0\">m\u00fdtus<\/span> zostal v prechodnom obdob\u00ed \u017eiv\u00fd a bol znovu vykladan\u00fd.<\/p><p>Z vedeck\u00e9ho h\u013eadiska s\u00fa tak\u00e9to svedectv\u00e1 hodnotn\u00e9, preto\u017ee otv\u00e1raj\u00fa nez\u00e1visl\u00fd pr\u00edstup k <span class=\"iwg-fachbegriff\" data-tooltip=\"Odovzd\u00e1vanie vedomost\u00ed a rozpr\u00e1van\u00ed z gener\u00e1cie na gener\u00e1ciu.\" tabindex=\"0\">trad\u00edcii<\/span>. Podporuj\u00fa predpoklad, \u017ee existovalo predkres\u0165ansk\u00e9 jadro, ale z\u00e1rove\u0148 nab\u00e1daj\u00fa k obozretnosti: obraz a text nemusia predpoklada\u0165 t\u00fa ist\u00fa verziu <span class=\"iwg-fachbegriff\" data-tooltip=\"Tradi\u010dn\u00e9 rozpr\u00e1vanie o bohoch, p\u00f4vode a poriadku svet.\" tabindex=\"0\">m\u00fdtu<\/span>, a niektor\u00e9 identifik\u00e1cie sa opieraj\u00fa sk\u00f4r o o\u010dak\u00e1vania b\u00e1dania ne\u017e o jednozna\u010dn\u00e9 znaky.<\/p>\t\t\t\t\t\t\t\t<\/div>\n\t\t\t\t\t<\/div>\n\t\t\t\t<\/div>\n\t\t<div class=\"elementor-element elementor-element-iwgw-ragnaroek-s7 e-flex e-con-boxed e-con e-parent\" data-id=\"iwgw-ragnaroek-s7\" data-element_type=\"container\" data-e-type=\"container\">\n\t\t\t\t\t<div class=\"e-con-inner\">\n\t\t\t\t<div class=\"elementor-element elementor-element-iwgw-ragnaroek-s7h elementor-widget elementor-widget-heading\" data-id=\"iwgw-ragnaroek-s7h\" data-element_type=\"widget\" data-e-type=\"widget\" data-widget_type=\"heading.default\">\n\t\t\t\t\t<h2 class=\"elementor-heading-title elementor-size-default\">Paralely v in\u00fdch kult\u00farach<\/h2>\t\t\t\t<\/div>\n\t\t\t\t<div class=\"elementor-element elementor-element-iwgw-ragnaroek-s7t elementor-widget elementor-widget-text-editor\" data-id=\"iwgw-ragnaroek-s7t\" data-element_type=\"widget\" data-e-type=\"widget\" data-widget_type=\"text-editor.default\">\n\t\t\t\t\t\t\t\t\t<p>M\u00fdty o konci svetov s\u00fa v dejin\u00e1ch n\u00e1bo\u017eenstva ve\u013emi roz\u0161\u00edren\u00e9 a Ragnar\u00f6k mo\u017eno porovna\u0165 s viacer\u00fdmi z nich. V ir\u00e1nskej <span class=\"iwg-fachbegriff\" data-tooltip=\"Odovzd\u00e1vanie vedomost\u00ed a rozpr\u00e1van\u00ed z gener\u00e1cie na gener\u00e1ciu.\" tabindex=\"0\">trad\u00edcii<\/span> stoj\u00ed predstava ve\u013ek\u00e9ho stretu medzi silami dobra a zla, na konci ktor\u00e9ho je o\u010disten\u00fd, obnoven\u00fd svet.<\/p><p>Aj \u017eidovsko-kres\u0165ansk\u00e1 apokalyptika pozn\u00e1 posledn\u00fd boj, s\u00fad a nov\u00e9 nebo a nov\u00fa zem.<\/p><p>Pri Ragnar\u00f6ku je n\u00e1padn\u00e9 spojenie z\u00e1niku a n\u00e1vratu, ktor\u00e9 ho pribli\u017euje cyklick\u00e9mu obrazu svet, ak\u00fd sa vyskytuje napr\u00edklad v indick\u00fdch predstav\u00e1ch o po sebe id\u00facich svetov\u00fdch vekoch. Z\u00e1rove\u0148 zost\u00e1va dej jedine\u010dn\u00fd a smerovan\u00fd k cie\u013eu, \u010d\u00edm sa bl\u00ed\u017ei line\u00e1rnej apokalyptike. Ragnar\u00f6k tak stoj\u00ed medzi cyklick\u00fdm a line\u00e1rnym modelom.<\/p><p>V r\u00e1mci germ\u00e1nskeho svet samotn\u00e9ho je boj bohov proti obrom a chaotick\u00fdm bytostiam trval\u00fdm <span class=\"iwg-fachbegriff\" data-tooltip=\"Opakuj\u00faci sa obsahov\u00fd prvok v umen\u00ed alebo rozpr\u00e1van\u00ed.\" tabindex=\"0\">mot\u00edvom<\/span>, ktor\u00fd v Ragnar\u00f6ku dosahuje svoj vrchol a svoj koniec.<\/p><p>Pri v\u0161etk\u00fdch porovnaniach je z vedeck\u00e9ho h\u013eadiska potrebn\u00e1 obozretnos\u0165: podobnosti ukazuj\u00fa roz\u0161\u00edren\u00e9 interpreta\u010dn\u00e9 vzory, nedokazuj\u00fa v\u0161ak priamu z\u00e1vislos\u0165. Ot\u00e1zka, ko\u013eko zachovan\u00e1 verzia v\u010fa\u010d\u00ed kres\u0165ansk\u00e9mu z\u00e1pisu, zost\u00e1va pritom d\u00f4le\u017eitou s\u00fa\u010das\u0165ou diskusie.<\/p>\t\t\t\t\t\t\t\t<\/div>\n\t\t\t\t\t<\/div>\n\t\t\t\t<\/div>\n\t\t<div class=\"elementor-element elementor-element-iwgw-ragnaroek-s8 e-flex e-con-boxed e-con e-parent\" data-id=\"iwgw-ragnaroek-s8\" data-element_type=\"container\" data-e-type=\"container\">\n\t\t\t\t\t<div class=\"e-con-inner\">\n\t\t\t\t<div class=\"elementor-element elementor-element-iwgw-ragnaroek-s8h elementor-widget elementor-widget-heading\" data-id=\"iwgw-ragnaroek-s8h\" data-element_type=\"widget\" data-e-type=\"widget\" data-widget_type=\"heading.default\">\n\t\t\t\t\t<h2 class=\"elementor-heading-title elementor-size-default\">S\u00fa\u010dasn\u00e1 recepcia a v\u00fdskum<\/h2>\t\t\t\t<\/div>\n\t\t\t\t<div class=\"elementor-element elementor-element-iwgw-ragnaroek-s8t elementor-widget elementor-widget-text-editor\" data-id=\"iwgw-ragnaroek-s8t\" data-element_type=\"widget\" data-e-type=\"widget\" data-widget_type=\"text-editor.default\">\n\t\t\t\t\t\t\t\t\t<p>Ragnar\u00f6k patr\u00ed medzi najvplyvnej\u0161ie m\u00fdty germ\u00e1nskej <span class=\"iwg-fachbegriff\" data-tooltip=\"Odovzd\u00e1vanie vedomost\u00ed a rozpr\u00e1van\u00ed z gener\u00e1cie na gener\u00e1ciu.\" tabindex=\"0\">trad\u00edcie<\/span>. Prostredn\u00edctvom romantick\u00e9ho nad\u0161enia pre stredovek v 19. storo\u010d\u00ed, a najm\u00e4 prostredn\u00edctvom sc\u00e9nick\u00e9ho diela Richarda Wagnera, ktor\u00e9ho z\u00e1vere\u010dn\u00e1 \u010das\u0165 nesie n\u00e1zov S\u00famrak bohov, sa tento <span class=\"iwg-fachbegriff\" data-tooltip=\"Tradi\u010dn\u00e9 rozpr\u00e1vanie o bohoch, p\u00f4vode a poriadku svet.\" tabindex=\"0\">m\u00fdtus<\/span> stal zn\u00e1mym \u0161irokej verejnosti.<\/p><p>Od tej doby bol mnohokr\u00e1t spracovan\u00fd v literat\u00fare, v\u00fdtvarnom umen\u00ed, filme, hr\u00e1ch a popul\u00e1rnej kult\u00fare, \u010dasto v\u00fdrazne pozmenen\u00fd a vzdialen\u00fd od p\u00f4vodn\u00fdch prame\u0148ov.<\/p><p>Vedeck\u00fd v\u00fdskum sa venoval predov\u0161etk\u00fdm dvom ot\u00e1zkam.<\/p><p>Prv\u00e1 sa t\u00fdka veku a pravosti trad\u00edcie. Ko\u013eko z toho, \u010do sa zachovalo vo V\u00f6lusp\u00e1 a Prozaickej Edde, je predkres\u0165ansk\u00e9ho p\u00f4vodu a nako\u013eko kres\u0165ansk\u00e9 podmienky z\u00e1pisu formovali m\u00fdtus? Rudolf Simek, Jan de Vries, Gro Steinsland a John Lindow k tomu zaujali r\u00f4zne stanovisk\u00e1. Nov\u0161\u00ed v\u00fdskum sa prikl\u00e1\u0148a k tomu, \u017ee predpoklad\u00e1 predkres\u0165ansk\u00e9 jadro. Zachovan\u00fa podobu v\u0161ak vyklad\u00e1 ako spoluutvoren\u00fa kres\u0165ansk\u00fdm obdob\u00edm.<\/p><p>Druh\u00e1 ot\u00e1zka sa t\u00fdka v\u00fdkladu: je Ragnar\u00f6k pesimistick\u00fd m\u00fdtus o z\u00e1niku, alebo n\u00e1dejn\u00fd m\u00fdtus o obnove? V\u00fdskum v\u00e4\u010d\u0161inou zd\u00f4raz\u0148uje, \u017ee oba tieto aspekty patria k sebe a \u017ee <span class=\"iwg-fachbegriff\" data-tooltip=\"Tradi\u010dn\u00e9 rozpr\u00e1vanie o bohoch, p\u00f4vode a poriadku svet.\" tabindex=\"0\">m\u00fdtus<\/span> m\u00e1 svoju osobitos\u0165 pr\u00e1ve v tomto nap\u00e4t\u00ed.<\/p><p>Kritike je podroben\u00e9 aj modern\u00e9 privlast\u0148ovanie m\u00fdtu, napr\u00edklad ke\u010f je <span class=\"iwg-fachbegriff\" data-tooltip=\"Tradi\u010dn\u00e9 rozpr\u00e1vanie o bohoch, p\u00f4vode a poriadku svet.\" tabindex=\"0\">m\u00fdtus<\/span> ideologicky zneu\u017e\u00edvan\u00fd alebo mylne ch\u00e1pan\u00fd len ako fant\u00e1zia o z\u00e1niku. Pr\u00edstup bl\u00edzky prame\u0148om naopak trv\u00e1 na tom, \u017ee Ragnar\u00f6k sp\u00e1ja koniec a za\u010diatok v jedinom rozpr\u00e1va\u010dskom obl\u00faku.<\/p>\t\t\t\t\t\t\t\t<\/div>\n\t\t\t\t\t<\/div>\n\t\t\t\t<\/div>\n\t\t<div class=\"elementor-element elementor-element-iwgw-ragnaroek-lit e-flex e-con-boxed e-con e-parent\" data-id=\"iwgw-ragnaroek-lit\" data-element_type=\"container\" data-e-type=\"container\">\n\t\t\t\t\t<div class=\"e-con-inner\">\n\t\t\t\t<div class=\"elementor-element elementor-element-iwgw-ragnaroek-lith elementor-widget elementor-widget-heading\" data-id=\"iwgw-ragnaroek-lith\" data-element_type=\"widget\" data-e-type=\"widget\" data-widget_type=\"heading.default\">\n\t\t\t\t\t<h2 class=\"elementor-heading-title elementor-size-default\">Literat\u00fara (v\u00fdber)<\/h2>\t\t\t\t<\/div>\n\t\t\t\t<div class=\"elementor-element elementor-element-iwgw-ragnaroek-litt elementor-widget elementor-widget-text-editor\" data-id=\"iwgw-ragnaroek-litt\" data-element_type=\"widget\" data-e-type=\"widget\" data-widget_type=\"text-editor.default\">\n\t\t\t\t\t\t\t\t\t<ul><li>Rudolf Simek: <em>Lexikon der germanischen <span class=\"iwg-fachbegriff\" data-tooltip=\"S\u00fahrn tradi\u010dn\u00fdch rozpr\u00e1van\u00ed o bohoch danej kult\u00fary.\" tabindex=\"0\">Mythologie<\/span><\/em> (1984)<\/li><li>Jan de Vries: <em>Altgermanische Religionsgeschichte<\/em> (1956\u20131957)<\/li><li><span data-nosnippet>Gro Steinsland: <em>Norr\u00f8n religion. Myter, riter, samfunn<\/em> (2005)<\/span><\/li><li><span data-nosnippet>John Lindow: <em>Norse Mythology. A Guide to the Gods, Heroes, Rituals, and Beliefs<\/em> (2001)<\/span><\/li><li>Andreas Nordberg: <em>Krigarna i Odins sal<\/em> (2003)<\/li><\/ul>\t\t\t\t\t\t\t\t<\/div>\n\t\t\t\t\t<\/div>\n\t\t\t\t<\/div>\n\t\t<div class=\"elementor-element elementor-element-iwgkw2-add-ragnaroek e-flex e-con-boxed e-con e-parent\" data-id=\"iwgkw2-add-ragnaroek\" data-element_type=\"container\" data-e-type=\"container\">\n\t\t\t\t\t<div class=\"e-con-inner\">\n\t\t\t\t<div class=\"elementor-element elementor-element-iwgkw2-add-ragnaroek-t elementor-widget elementor-widget-text-editor\" data-id=\"iwgkw2-add-ragnaroek-t\" data-element_type=\"widget\" data-e-type=\"widget\" data-widget_type=\"text-editor.default\">\n\t\t\t\t\t\t\t\t\t<p>Ako <em>z\u00e1nik svet<\/em> severskej <span class=\"iwg-fachbegriff\" data-tooltip=\"Odovzd\u00e1vanie vedomost\u00ed a rozpr\u00e1van\u00ed z gener\u00e1cie na gener\u00e1ciu.\" tabindex=\"0\">trad\u00edcie<\/span> popisuje Ragnar\u00f6k p\u00e1d \u00c1sov v boji proti J\u00f6tunom, Fenrirovi a Surtovi, ako aj znovuvzkriesenie o\u010distenej zeme z v\u00f4d.<\/p>\t\t\t\t\t\t\t\t<\/div>\n\t\t\t\t\t<\/div>\n\t\t\t\t<\/div>\n\t\t<div class=\"elementor-element elementor-element-iwgw-ragnaroek-kwd e-flex e-con-boxed e-con e-parent\" data-id=\"iwgw-ragnaroek-kwd\" data-element_type=\"container\" data-e-type=\"container\">\n\t\t\t\t\t<div class=\"e-con-inner\">\n\t\t\t\t<div class=\"elementor-element elementor-element-iwgw-ragnaroek-kwdt elementor-widget elementor-widget-text-editor\" data-id=\"iwgw-ragnaroek-kwdt\" data-element_type=\"widget\" data-e-type=\"widget\" data-widget_type=\"text-editor.default\">\n\t\t\t\t\t\t\t\t\t<p><em>S\u00favisiace k\u013e\u00fa\u010dov\u00e9 pojmy: Ragnar\u00f6k S\u00famrak bohov Fimbulwinter V\u00f6lusp\u00e1 Edda m\u00fdtus o konci \u010dias eschatol\u00f3gia regin.<\/em><\/p>\t\t\t\t\t\t\t\t<\/div>\n\t\t\t\t\t<\/div>\n\t\t\t\t<\/div>\n\t\t<div class=\"elementor-element elementor-element-iwgw-ragnaroek-cc e-flex e-con-boxed e-con e-parent\" data-id=\"iwgw-ragnaroek-cc\" data-element_type=\"container\" data-e-type=\"container\" id=\"iwg-cc-ragnaroek\">\n\t\t\t\t\t<div class=\"e-con-inner\">\n\t\t<div class=\"elementor-element elementor-element-iwgw-ragnaroek-ccinner e-flex e-con-boxed e-con e-parent\" data-id=\"iwgw-ragnaroek-ccinner\" data-element_type=\"container\" data-e-type=\"container\" data-settings=\"{&quot;background_background&quot;:&quot;classic&quot;}\">\n\t\t\t\t\t<div class=\"e-con-inner\">\n\t\t\t\t<div class=\"elementor-element elementor-element-iwgw-ragnaroek-cch elementor-widget elementor-widget-heading\" data-id=\"iwgw-ragnaroek-cch\" data-element_type=\"widget\" data-e-type=\"widget\" data-widget_type=\"heading.default\">\n\t\t\t\t\t<h2 class=\"elementor-heading-title elementor-size-default\">iWell Guard a ochrann\u00e9 trad\u00edcie<\/h2>\t\t\t\t<\/div>\n\t\t\t\t<div class=\"elementor-element elementor-element-iwgw-ragnaroek-cct elementor-widget elementor-widget-text-editor\" data-id=\"iwgw-ragnaroek-cct\" data-element_type=\"widget\" data-e-type=\"widget\" data-widget_type=\"text-editor.default\">\n\t\t\t\t\t\t\t\t\t<div data-nosnippet=\"true\"><p>iWell Guard nadv\u00e4zuje na kult\u00farno-historick\u00fa trad\u00edciu prenosn\u00fdch ochrann\u00fdch predmetov, v trad\u00edcii <a href=\"https:\/\/iwell-guard.com\/sk\/germanske\/\">Germ\u00e1nov<\/a> a mnoh\u00fdch \u010fal\u0161\u00edch kult\u00far po celom svete. 41 vrstiev, prav\u00e9 zlato, platina, striebro, vyroben\u00e9 v Nemecku. 30-d\u0148ov\u00e1 lehota na vr\u00e1tenie.<\/p><\/div>\t\t\t\t\t\t\t\t<\/div>\n\t\t\t\t<div class=\"elementor-element elementor-element-iwgw-ragnaroek-ccb iwg-cc-button iwg-cc-cta-2026-05-13 elementor-widget elementor-widget-jet-button\" data-id=\"iwgw-ragnaroek-ccb\" data-element_type=\"widget\" data-e-type=\"widget\" data-widget_type=\"jet-button.default\">\n\t\t\t\t<div class=\"elementor-widget-container\">\n\t\t\t\t\t<div class=\"elementor-jet-button jet-elements\"><div class=\"jet-button__container\"><a class=\"jet-button__instance jet-button__instance--icon-left hover-effect-1\" href=\"\/ueber-iwell-guard\/?utm_source=iwell-guard.com&amp;utm_medium=info-box&amp;utm_campaign=wesen-tradition\"><div class=\"jet-button__plane jet-button__plane-normal\"><\/div><div class=\"jet-button__plane jet-button__plane-hover\"><\/div><div class=\"jet-button__state jet-button__state-normal\"><span class=\"jet-button__label\">Viac o iWell Guard<\/span><\/div><div class=\"jet-button__state jet-button__state-hover\"><span class=\"jet-button__label\">Viac o iWell Guard<\/span><\/div><\/a><\/div><\/div><style>.elementor-element.elementor-element-iwgw-ragnaroek-ccb .jet-button__instance{width:320px;height:56px;}.elementor-element.elementor-element-iwgw-ragnaroek-ccb .jet-button__state-normal .jet-button__label{text-align:center;margin:0px 0px 0px 0px;color:#1a1b20;font-family:Montserrat,sans-serif;font-size:13px;font-weight:400;letter-spacing:4px;line-height:1.714em;text-transform:uppercase;}.elementor-element.elementor-element-iwgw-ragnaroek-ccb .jet-button__state-hover .jet-button__label{text-align:center;margin:0px 0px 0px 0px;color:#FECC76;font-family:Montserrat,sans-serif;font-size:13px;font-weight:400;letter-spacing:4px;line-height:1.714em;text-transform:uppercase;}.elementor-element.elementor-element-iwgw-ragnaroek-ccb .jet-button__plane-normal{background-color:#FECC76;border-style:solid;border-color:#C99540;border-width:2px 2px 2px 2px;}.elementor-element.elementor-element-iwgw-ragnaroek-ccb .jet-button__plane-hover{background-color:rgba(0,0,0,0.55);border-style:solid;border-color:#FECC76;border-width:2px 2px 2px 2px;}<\/style>\t\t\t\t<\/div>\n\t\t\t\t<\/div>\n\t\t\t\t<div class=\"elementor-element elementor-element-iwgw-ragnaroek-ccd elementor-widget elementor-widget-text-editor\" data-id=\"iwgw-ragnaroek-ccd\" data-element_type=\"widget\" data-e-type=\"widget\" data-widget_type=\"text-editor.default\">\n\t\t\t\t\t\t\t\t\t<div data-nosnippet=\"true\"><p style=\"text-align:center;font-size:13px;opacity:0.7;margin-top:14px\" data-nosnippet=\"true\">Osobn\u00e9 sk\u00fasenosti sa m\u00f4\u017eu l\u00ed\u0161i\u0165. Nie je to zdravotn\u00edcka pom\u00f4cka. \u017diadny pr\u00eds\u013eub lie\u010denia.<\/p><\/div>\t\t\t\t\t\t\t\t<\/div>\n\t\t\t\t\t<\/div>\n\t\t\t\t<\/div>\n\t\t\t\t\t<\/div>\n\t\t\t\t<\/div>\n\t\t<div class=\"elementor-element elementor-element-iwgw-ragnaroek-disc e-flex e-con-boxed e-con e-parent\" data-id=\"iwgw-ragnaroek-disc\" data-element_type=\"container\" data-e-type=\"container\">\n\t\t\t\t\t<div class=\"e-con-inner\">\n\t\t\t\t<div class=\"elementor-element elementor-element-iwgw-ragnaroek-discw elementor-widget elementor-widget-html\" data-id=\"iwgw-ragnaroek-discw\" data-element_type=\"widget\" data-e-type=\"widget\" data-widget_type=\"html.default\">\n\t\t\t\t\t<footer data-nosnippet=\"true\" class=\"iwg-disclaimer-block\"><p data-nosnippet=\"true\">iWell Guard <strong>nie je zdravotn\u00edcka pom\u00f4cka<\/strong> a nenahr\u00e1dza lek\u00e1rske ani psychoterapeutick\u00e9 o\u0161etrenie. Religionistick\u00fd obsah predstavuje kult\u00farno-historick\u00e9 zaradenie, nie odpor\u00fa\u010danie duchovnej praxe.<\/p><\/footer>\t\t\t\t<\/div>\n\t\t\t\t\t<\/div>\n\t\t\t\t<\/div>\n\t\t\t\t<\/div>\n\t\t","protected":false},"excerpt":{"rendered":"","protected":false},"author":3,"featured_media":3372,"parent":0,"menu_order":0,"comment_status":"closed","ping_status":"closed","template":"elementor_header_footer","meta":{"_yoast_wpseo_focuskw":"Ragnar\u00f6k seversk\u00e1 mytol\u00f3gia z\u00e1nik svetov","_yoast_wpseo_title":"Ragnar\u00f6k - z\u00e1nik a obnova sveta","_yoast_wpseo_metadesc":"Ragnar\u00f6k je eschatologick\u00fd m\u00fdtus seversk\u00e9ho podania: z\u00e1nik a obnova sveta. Religionistick\u00e9 zaradenie s prame\u0148mi.","_yoast_wpseo_meta-robots-noindex":"","_yoast_wpseo_canonical":"","_angie_page":false,"gefaehrdungsstufe":"","wesen_kultur":"","wesen_klasse":"","footnotes":""},"categories":[],"class_list":["post-158034","page","type-page","status-publish","has-post-thumbnail","hentry"],"yoast_head":"<!-- This site is optimized with the Yoast SEO Premium plugin v27.7 (Yoast SEO v28.3) - https:\/\/yoast.com\/product\/yoast-seo-premium-wordpress\/ -->\n<title>Ragnar\u00f6k - z\u00e1nik a obnova sveta<\/title>\n<meta name=\"description\" content=\"Ragnar\u00f6k je eschatologick\u00fd m\u00fdtus seversk\u00e9ho podania: z\u00e1nik a obnova sveta. Religionistick\u00e9 zaradenie s prame\u0148mi.\" \/>\n<meta name=\"robots\" content=\"index, follow, max-snippet:-1, max-image-preview:large, max-video-preview:-1\" \/>\n<link rel=\"canonical\" href=\"https:\/\/iwell-guard.com\/sk\/ragnarok-zanik-svetov-severska-mytologia\/\" \/>\n<meta property=\"og:locale\" content=\"sk_SK\" \/>\n<meta property=\"og:type\" content=\"article\" \/>\n<meta property=\"og:title\" content=\"Ragnar\u00f6k \u2013 z\u00e1nik svetov v severskej mytol\u00f3gii\" \/>\n<meta property=\"og:description\" content=\"Ragnar\u00f6k je eschatologick\u00fd m\u00fdtus seversk\u00e9ho podania: z\u00e1nik a obnova sveta. Religionistick\u00e9 zaradenie s prame\u0148mi.\" \/>\n<meta property=\"og:url\" content=\"https:\/\/iwell-guard.com\/sk\/ragnarok-zanik-svetov-severska-mytologia\/\" \/>\n<meta property=\"og:site_name\" content=\"iWell Guard\" \/>\n<meta property=\"article:modified_time\" content=\"2026-09-04T22:49:02+00:00\" \/>\n<meta property=\"og:image\" content=\"https:\/\/iwell-guard.com\/wp-content\/uploads\/2026\/05\/phaenomene_germanisch_ragnaroek.webp\" \/>\n\t<meta property=\"og:image:width\" content=\"1024\" \/>\n\t<meta property=\"og:image:height\" content=\"1536\" \/>\n\t<meta property=\"og:image:type\" content=\"image\/webp\" \/>\n<meta name=\"twitter:card\" content=\"summary_large_image\" \/>\n<script type=\"application\/ld+json\" class=\"yoast-schema-graph\">{\"@context\":\"https:\\\/\\\/schema.org\",\"@graph\":[{\"@type\":\"WebPage\",\"@id\":\"https:\\\/\\\/iwell-guard.com\\\/sk\\\/ragnarok-zanik-svetov-severska-mytologia\\\/\",\"url\":\"https:\\\/\\\/iwell-guard.com\\\/sk\\\/ragnarok-zanik-svetov-severska-mytologia\\\/\",\"name\":\"Ragnar\u00f6k - z\u00e1nik a obnova sveta\",\"isPartOf\":{\"@id\":\"https:\\\/\\\/iwell-guard.com\\\/sk\\\/#website\"},\"primaryImageOfPage\":{\"@id\":\"https:\\\/\\\/iwell-guard.com\\\/sk\\\/ragnarok-zanik-svetov-severska-mytologia\\\/#primaryimage\"},\"image\":{\"@id\":\"https:\\\/\\\/iwell-guard.com\\\/sk\\\/ragnarok-zanik-svetov-severska-mytologia\\\/#primaryimage\"},\"thumbnailUrl\":\"https:\\\/\\\/iwell-guard.com\\\/wp-content\\\/uploads\\\/2026\\\/05\\\/phaenomene_germanisch_ragnaroek.webp\",\"datePublished\":\"2026-09-04T22:20:51+00:00\",\"dateModified\":\"2026-09-04T22:49:02+00:00\",\"description\":\"Ragnar\u00f6k je eschatologick\u00fd m\u00fdtus seversk\u00e9ho podania: z\u00e1nik a obnova sveta. Religionistick\u00e9 zaradenie s prame\u0148mi.\",\"breadcrumb\":{\"@id\":\"https:\\\/\\\/iwell-guard.com\\\/sk\\\/ragnarok-zanik-svetov-severska-mytologia\\\/#breadcrumb\"},\"inLanguage\":\"sk-SK\",\"potentialAction\":[{\"@type\":\"ReadAction\",\"target\":[\"https:\\\/\\\/iwell-guard.com\\\/sk\\\/ragnarok-zanik-svetov-severska-mytologia\\\/\"]}]},{\"@type\":\"ImageObject\",\"inLanguage\":\"sk-SK\",\"@id\":\"https:\\\/\\\/iwell-guard.com\\\/sk\\\/ragnarok-zanik-svetov-severska-mytologia\\\/#primaryimage\",\"url\":\"https:\\\/\\\/iwell-guard.com\\\/wp-content\\\/uploads\\\/2026\\\/05\\\/phaenomene_germanisch_ragnaroek.webp\",\"contentUrl\":\"https:\\\/\\\/iwell-guard.com\\\/wp-content\\\/uploads\\\/2026\\\/05\\\/phaenomene_germanisch_ragnaroek.webp\",\"width\":1024,\"height\":1536,\"caption\":\"jav z germ\u00e1nskej trad\u00edcie.\"},{\"@type\":\"BreadcrumbList\",\"@id\":\"https:\\\/\\\/iwell-guard.com\\\/sk\\\/ragnarok-zanik-svetov-severska-mytologia\\\/#breadcrumb\",\"itemListElement\":[{\"@type\":\"ListItem\",\"position\":1,\"name\":\"Start\",\"item\":\"https:\\\/\\\/iwell-guard.com\\\/sk\\\/?page_id=157572\"},{\"@type\":\"ListItem\",\"position\":2,\"name\":\"Ragnar\u00f6k \u2013 z\u00e1nik svetov v severskej mytol\u00f3gii\"}]},{\"@type\":\"WebSite\",\"@id\":\"https:\\\/\\\/iwell-guard.com\\\/sk\\\/#website\",\"url\":\"https:\\\/\\\/iwell-guard.com\\\/sk\\\/\",\"name\":\"iWell Guard\",\"description\":\"Schutz vor dunklen Einfl\u00fcssen\",\"publisher\":{\"@id\":\"https:\\\/\\\/iwell-guard.com\\\/sk\\\/#organization\"},\"potentialAction\":[{\"@type\":\"SearchAction\",\"target\":{\"@type\":\"EntryPoint\",\"urlTemplate\":\"https:\\\/\\\/iwell-guard.com\\\/sk\\\/?s={search_term_string}\"},\"query-input\":{\"@type\":\"PropertyValueSpecification\",\"valueRequired\":true,\"valueName\":\"search_term_string\"}}],\"inLanguage\":\"sk-SK\"},{\"@type\":\"Organization\",\"@id\":\"https:\\\/\\\/iwell-guard.com\\\/sk\\\/#organization\",\"name\":\"Ittermann electronic GmbH\",\"url\":\"https:\\\/\\\/iwell-guard.com\\\/sk\\\/\",\"logo\":{\"@type\":\"ImageObject\",\"inLanguage\":\"sk-SK\",\"@id\":\"https:\\\/\\\/iwell-guard.com\\\/sk\\\/#\\\/schema\\\/logo\\\/image\\\/\",\"url\":\"https:\\\/\\\/iwell-guard.com\\\/wp-content\\\/uploads\\\/2026\\\/05\\\/Ittermann-Logo-1182x237-1.png\",\"contentUrl\":\"https:\\\/\\\/iwell-guard.com\\\/wp-content\\\/uploads\\\/2026\\\/05\\\/Ittermann-Logo-1182x237-1.png\",\"width\":1182,\"height\":237,\"caption\":\"Ittermann electronic GmbH\"},\"image\":{\"@id\":\"https:\\\/\\\/iwell-guard.com\\\/sk\\\/#\\\/schema\\\/logo\\\/image\\\/\"},\"sameAs\":[\"https:\\\/\\\/pantip.com\\\/profile\\\/9367242\",\"https:\\\/\\\/micro.blog\\\/iwellguard\",\"https:\\\/\\\/www.diggerslist.com\\\/iwellguard\\\/about\",\"https:\\\/\\\/skitterphoto.com\\\/photographers\\\/2870314\\\/iwell-guard\",\"https:\\\/\\\/iwellguard.wordpress.com\\\/2026\\\/06\\\/06\\\/iwell-guard\\\/\",\"https:\\\/\\\/hub.docker.com\\\/u\\\/iwellguard\",\"https:\\\/\\\/www.pinterest.com\\\/iwellguard\\\/\",\"https:\\\/\\\/bit.ly\\\/m\\\/iwellguard\",\"https:\\\/\\\/entre-vos-mains.alsace.eu\\\/profiles\\\/iwellguard\\\/activity\",\"https:\\\/\\\/gravatar.com\\\/reallybeded8fd34\",\"https:\\\/\\\/naijamatta.com\\\/iwellguard\",\"https:\\\/\\\/www.goodreads.com\\\/iwellguard\",\"https:\\\/\\\/profile.hatena.ne.jp\\\/iwellguard\\\/\",\"https:\\\/\\\/experiment.com\\\/users\\\/iwellguard\",\"https:\\\/\\\/wakelet.com\\\/@iWellGuard82270\",\"https:\\\/\\\/www.chordie.com\\\/forum\\\/profile.php?id=2555664\",\"https:\\\/\\\/www.instapaper.com\\\/p\\\/17757966\",\"https:\\\/\\\/www.mapleprimes.com\\\/users\\\/iwellguard\",\"https:\\\/\\\/businesslistingplus.com\\\/profile\\\/iwell-guard\\\/\",\"https:\\\/\\\/telegra.ph\\\/iWell-Guard-06-06\",\"https:\\\/\\\/pbase.com\\\/iwellguard\\\/iwellguard\",\"https:\\\/\\\/b.hatena.ne.jp\\\/iwellguard\\\/20260607#bookmark-4788405196491818882\",\"https:\\\/\\\/fliphtml5.com\\\/home\\\/iwellguard\",\"https:\\\/\\\/anyflip.com\\\/homepage\\\/cmiwl#About\",\"https:\\\/\\\/transfur.com\\\/Users\\\/iwellguard\",\"http:\\\/\\\/delphi.larsbo.org\\\/user\\\/iwellguard\",\"https:\\\/\\\/jobs.lajobsportal.org\\\/profiles\\\/8380803-iwell-guard\",\"https:\\\/\\\/md.chaosdorf.de\\\/s\\\/jfbe5SBdJD\",\"https:\\\/\\\/www.lingvolive.com\\\/en-us\\\/profile\\\/9ecaeaca-ce11-4e51-9e71-01d55e2bff36\\\/translations\",\"https:\\\/\\\/www.fitday.com\\\/fitness\\\/forums\\\/members\\\/iwellguard.html\",\"https:\\\/\\\/www.mymeetbook.com\\\/iwellguard\",\"https:\\\/\\\/pxhere.com\\\/en\\\/photographer-me\\\/5040798\",\"https:\\\/\\\/disqus.com\\\/by\\\/iwellguard\\\/about\\\/\",\"https:\\\/\\\/pastelink.net\\\/hjwciqwq\",\"https:\\\/\\\/pubhtml5.com\\\/homepage\\\/scjhn\\\/\",\"https:\\\/\\\/www.bitchute.com\\\/channel\\\/2O2eOKzNqujT\",\"https:\\\/\\\/audiomack.com\\\/iwellguard\"]}]}<\/script>\n<!-- \/ Yoast SEO Premium plugin. -->","yoast_head_json":{"title":"Ragnar\u00f6k - z\u00e1nik a obnova sveta","description":"Ragnar\u00f6k je eschatologick\u00fd m\u00fdtus seversk\u00e9ho podania: z\u00e1nik a obnova sveta. Religionistick\u00e9 zaradenie s prame\u0148mi.","robots":{"index":"index","follow":"follow","max-snippet":"max-snippet:-1","max-image-preview":"max-image-preview:large","max-video-preview":"max-video-preview:-1"},"canonical":"https:\/\/iwell-guard.com\/sk\/ragnarok-zanik-svetov-severska-mytologia\/","og_locale":"sk_SK","og_type":"article","og_title":"Ragnar\u00f6k \u2013 z\u00e1nik svetov v severskej mytol\u00f3gii","og_description":"Ragnar\u00f6k je eschatologick\u00fd m\u00fdtus seversk\u00e9ho podania: z\u00e1nik a obnova sveta. Religionistick\u00e9 zaradenie s prame\u0148mi.","og_url":"https:\/\/iwell-guard.com\/sk\/ragnarok-zanik-svetov-severska-mytologia\/","og_site_name":"iWell Guard","article_modified_time":"2026-09-04T22:49:02+00:00","og_image":[{"width":1024,"height":1536,"url":"https:\/\/iwell-guard.com\/wp-content\/uploads\/2026\/05\/phaenomene_germanisch_ragnaroek.webp","type":"image\/webp"}],"twitter_card":"summary_large_image","schema":{"@context":"https:\/\/schema.org","@graph":[{"@type":"WebPage","@id":"https:\/\/iwell-guard.com\/sk\/ragnarok-zanik-svetov-severska-mytologia\/","url":"https:\/\/iwell-guard.com\/sk\/ragnarok-zanik-svetov-severska-mytologia\/","name":"Ragnar\u00f6k - z\u00e1nik a obnova sveta","isPartOf":{"@id":"https:\/\/iwell-guard.com\/sk\/#website"},"primaryImageOfPage":{"@id":"https:\/\/iwell-guard.com\/sk\/ragnarok-zanik-svetov-severska-mytologia\/#primaryimage"},"image":{"@id":"https:\/\/iwell-guard.com\/sk\/ragnarok-zanik-svetov-severska-mytologia\/#primaryimage"},"thumbnailUrl":"https:\/\/iwell-guard.com\/wp-content\/uploads\/2026\/05\/phaenomene_germanisch_ragnaroek.webp","datePublished":"2026-09-04T22:20:51+00:00","dateModified":"2026-09-04T22:49:02+00:00","description":"Ragnar\u00f6k je eschatologick\u00fd m\u00fdtus seversk\u00e9ho podania: z\u00e1nik a obnova sveta. Religionistick\u00e9 zaradenie s prame\u0148mi.","breadcrumb":{"@id":"https:\/\/iwell-guard.com\/sk\/ragnarok-zanik-svetov-severska-mytologia\/#breadcrumb"},"inLanguage":"sk-SK","potentialAction":[{"@type":"ReadAction","target":["https:\/\/iwell-guard.com\/sk\/ragnarok-zanik-svetov-severska-mytologia\/"]}]},{"@type":"ImageObject","inLanguage":"sk-SK","@id":"https:\/\/iwell-guard.com\/sk\/ragnarok-zanik-svetov-severska-mytologia\/#primaryimage","url":"https:\/\/iwell-guard.com\/wp-content\/uploads\/2026\/05\/phaenomene_germanisch_ragnaroek.webp","contentUrl":"https:\/\/iwell-guard.com\/wp-content\/uploads\/2026\/05\/phaenomene_germanisch_ragnaroek.webp","width":1024,"height":1536,"caption":"jav z germ\u00e1nskej trad\u00edcie."},{"@type":"BreadcrumbList","@id":"https:\/\/iwell-guard.com\/sk\/ragnarok-zanik-svetov-severska-mytologia\/#breadcrumb","itemListElement":[{"@type":"ListItem","position":1,"name":"Start","item":"https:\/\/iwell-guard.com\/sk\/?page_id=157572"},{"@type":"ListItem","position":2,"name":"Ragnar\u00f6k \u2013 z\u00e1nik svetov v severskej mytol\u00f3gii"}]},{"@type":"WebSite","@id":"https:\/\/iwell-guard.com\/sk\/#website","url":"https:\/\/iwell-guard.com\/sk\/","name":"iWell Guard","description":"Schutz vor dunklen Einfl\u00fcssen","publisher":{"@id":"https:\/\/iwell-guard.com\/sk\/#organization"},"potentialAction":[{"@type":"SearchAction","target":{"@type":"EntryPoint","urlTemplate":"https:\/\/iwell-guard.com\/sk\/?s={search_term_string}"},"query-input":{"@type":"PropertyValueSpecification","valueRequired":true,"valueName":"search_term_string"}}],"inLanguage":"sk-SK"},{"@type":"Organization","@id":"https:\/\/iwell-guard.com\/sk\/#organization","name":"Ittermann electronic GmbH","url":"https:\/\/iwell-guard.com\/sk\/","logo":{"@type":"ImageObject","inLanguage":"sk-SK","@id":"https:\/\/iwell-guard.com\/sk\/#\/schema\/logo\/image\/","url":"https:\/\/iwell-guard.com\/wp-content\/uploads\/2026\/05\/Ittermann-Logo-1182x237-1.png","contentUrl":"https:\/\/iwell-guard.com\/wp-content\/uploads\/2026\/05\/Ittermann-Logo-1182x237-1.png","width":1182,"height":237,"caption":"Ittermann electronic GmbH"},"image":{"@id":"https:\/\/iwell-guard.com\/sk\/#\/schema\/logo\/image\/"},"sameAs":["https:\/\/pantip.com\/profile\/9367242","https:\/\/micro.blog\/iwellguard","https:\/\/www.diggerslist.com\/iwellguard\/about","https:\/\/skitterphoto.com\/photographers\/2870314\/iwell-guard","https:\/\/iwellguard.wordpress.com\/2026\/06\/06\/iwell-guard\/","https:\/\/hub.docker.com\/u\/iwellguard","https:\/\/www.pinterest.com\/iwellguard\/","https:\/\/bit.ly\/m\/iwellguard","https:\/\/entre-vos-mains.alsace.eu\/profiles\/iwellguard\/activity","https:\/\/gravatar.com\/reallybeded8fd34","https:\/\/naijamatta.com\/iwellguard","https:\/\/www.goodreads.com\/iwellguard","https:\/\/profile.hatena.ne.jp\/iwellguard\/","https:\/\/experiment.com\/users\/iwellguard","https:\/\/wakelet.com\/@iWellGuard82270","https:\/\/www.chordie.com\/forum\/profile.php?id=2555664","https:\/\/www.instapaper.com\/p\/17757966","https:\/\/www.mapleprimes.com\/users\/iwellguard","https:\/\/businesslistingplus.com\/profile\/iwell-guard\/","https:\/\/telegra.ph\/iWell-Guard-06-06","https:\/\/pbase.com\/iwellguard\/iwellguard","https:\/\/b.hatena.ne.jp\/iwellguard\/20260607#bookmark-4788405196491818882","https:\/\/fliphtml5.com\/home\/iwellguard","https:\/\/anyflip.com\/homepage\/cmiwl#About","https:\/\/transfur.com\/Users\/iwellguard","http:\/\/delphi.larsbo.org\/user\/iwellguard","https:\/\/jobs.lajobsportal.org\/profiles\/8380803-iwell-guard","https:\/\/md.chaosdorf.de\/s\/jfbe5SBdJD","https:\/\/www.lingvolive.com\/en-us\/profile\/9ecaeaca-ce11-4e51-9e71-01d55e2bff36\/translations","https:\/\/www.fitday.com\/fitness\/forums\/members\/iwellguard.html","https:\/\/www.mymeetbook.com\/iwellguard","https:\/\/pxhere.com\/en\/photographer-me\/5040798","https:\/\/disqus.com\/by\/iwellguard\/about\/","https:\/\/pastelink.net\/hjwciqwq","https:\/\/pubhtml5.com\/homepage\/scjhn\/","https:\/\/www.bitchute.com\/channel\/2O2eOKzNqujT","https:\/\/audiomack.com\/iwellguard"]}]}},"_links":{"self":[{"href":"https:\/\/iwell-guard.com\/sk\/wp-json\/wp\/v2\/pages\/158034","targetHints":{"allow":["GET"]}}],"collection":[{"href":"https:\/\/iwell-guard.com\/sk\/wp-json\/wp\/v2\/pages"}],"about":[{"href":"https:\/\/iwell-guard.com\/sk\/wp-json\/wp\/v2\/types\/page"}],"author":[{"embeddable":true,"href":"https:\/\/iwell-guard.com\/sk\/wp-json\/wp\/v2\/users\/3"}],"replies":[{"embeddable":true,"href":"https:\/\/iwell-guard.com\/sk\/wp-json\/wp\/v2\/comments?post=158034"}],"version-history":[{"count":0,"href":"https:\/\/iwell-guard.com\/sk\/wp-json\/wp\/v2\/pages\/158034\/revisions"}],"wp:featuredmedia":[{"embeddable":true,"href":"https:\/\/iwell-guard.com\/sk\/wp-json\/wp\/v2\/media\/3372"}],"wp:attachment":[{"href":"https:\/\/iwell-guard.com\/sk\/wp-json\/wp\/v2\/media?parent=158034"}],"wp:term":[{"taxonomy":"category","embeddable":true,"href":"https:\/\/iwell-guard.com\/sk\/wp-json\/wp\/v2\/categories?post=158034"}],"curies":[{"name":"wp","href":"https:\/\/api.w.org\/{rel}","templated":true}]}}