{"id":158032,"date":"2026-09-04T22:20:50","date_gmt":"2026-09-04T22:20:50","guid":{"rendered":"https:\/\/iwell-guard.com\/?page_id=158032"},"modified":"2026-09-04T22:49:01","modified_gmt":"2026-09-04T22:49:01","slug":"rama-siedma-avatara-visnua","status":"publish","type":"page","link":"https:\/\/iwell-guard.com\/sk\/rama-siedma-avatara-visnua\/","title":{"rendered":"R\u00e1ma \u2013 siedma avat\u00e1ra Vi\u0161nua"},"content":{"rendered":"\t\t<div data-elementor-type=\"wp-page\" data-elementor-id=\"158032\" class=\"elementor elementor-158032 elementor-2926 elementor-bc-flex-widget\" data-elementor-post-type=\"page\">\n\t\t\t\t<div class=\"elementor-element elementor-element-hero1baa694 e-flex e-con-boxed e-con e-parent\" data-id=\"hero1baa694\" data-element_type=\"container\" data-e-type=\"container\">\n\t\t\t\t\t<div class=\"e-con-inner\">\n\t\t\t\t<div class=\"elementor-element elementor-element-heroimgd11c513 iwg-hero-image elementor-widget elementor-widget-image\" data-id=\"heroimgd11c513\" data-element_type=\"widget\" data-e-type=\"widget\" data-widget_type=\"image.default\">\n\t\t\t\t\t\t\t\t\t\t\t\t\t\t\t<img fetchpriority=\"high\" decoding=\"async\" width=\"683\" height=\"1024\" src=\"https:\/\/iwell-guard.com\/wp-content\/uploads\/2026\/05\/goetter_hinduismus_rama-683x1024.webp\" class=\"attachment-large size-large wp-image-159651\" alt=\"R\u00e1ma \u2013 bohovia z hinduistickej trad\u00edcie, historicko-ilustra\u010dn\u00e9 zobrazenie\" srcset=\"https:\/\/iwell-guard.com\/wp-content\/uploads\/2026\/05\/goetter_hinduismus_rama-683x1024.webp 683w, https:\/\/iwell-guard.com\/wp-content\/uploads\/2026\/05\/goetter_hinduismus_rama-200x300.webp 200w, https:\/\/iwell-guard.com\/wp-content\/uploads\/2026\/05\/goetter_hinduismus_rama-768x1152.webp 768w, https:\/\/iwell-guard.com\/wp-content\/uploads\/2026\/05\/goetter_hinduismus_rama.webp 1024w\" sizes=\"(max-width: 683px) 100vw, 683px\" \/>\t\t\t\t\t\t\t\t\t\t\t\t\t\t\t<\/div>\n\t\t\t\t\t<\/div>\n\t\t\t\t<\/div>\n\t\t<div class=\"elementor-element elementor-element-iwgw-rama-hero e-flex e-con-boxed e-con e-parent\" data-id=\"iwgw-rama-hero\" data-element_type=\"container\" data-e-type=\"container\">\n\t\t\t\t\t<div class=\"e-con-inner\">\n\t\t\t\t<div class=\"elementor-element elementor-element-iwgw-rama-h1 elementor-widget elementor-widget-heading\" data-id=\"iwgw-rama-h1\" data-element_type=\"widget\" data-e-type=\"widget\" data-widget_type=\"heading.default\">\n\t\t\t\t\t<h1 class=\"elementor-heading-title elementor-size-default\">R\u00e1ma \u2013 siedma avat\u00e1ra Vi\u0161nua a hrdina R\u00e1m\u00e1jany<\/h1>\t\t\t\t<\/div>\n\t\t\t\t<div class=\"elementor-element elementor-element-iwgw-rama-pills elementor-widget elementor-widget-html\" data-id=\"iwgw-rama-pills\" data-element_type=\"widget\" data-e-type=\"widget\" data-widget_type=\"html.default\">\n\t\t\t\t\t<div class=\"iwg-pill-row\"><span class=\"iwg-klasse-badge\" tabindex=\"0\" data-tooltip=\"Boh trad\u00edcie hinduizmus.\">Boh<\/span><a href=\"https:\/\/iwell-guard.com\/sk\/hinduizmus\/\" class=\"iwg-kultur-badge\" tabindex=\"0\" data-tooltip=\"Mytol\u00f3gia trad\u00edcie hinduizmus.\">Hinduizmus<\/a><span class=\"iwg-tradition-badge\" tabindex=\"0\" data-tooltip=\"Avatar.\">Avatar<\/span><\/div>\t\t\t\t<\/div>\n\t\t\t\t<div class=\"elementor-element elementor-element-iwgw-rama-lead elementor-widget elementor-widget-text-editor\" data-id=\"iwgw-rama-lead\" data-element_type=\"widget\" data-e-type=\"widget\" data-widget_type=\"text-editor.default\">\n\t\t\t\t\t\t\t\t\t<p>R\u00e1ma je pova\u017eovan\u00fd za siedmu avat\u00e1ru Vi\u0161nua a za hrdinu eposu R\u00e1m\u00e1jana. Zosob\u0148uje ide\u00e1l spravodliv\u00e9ho kr\u00e1\u013ea a naplnenia povinnosti. Jeho pr\u00edbeh, strata a op\u00e4tovn\u00e9 z\u00edskanie S\u00edty, formuje n\u00e1bo\u017eensk\u00fa kult\u00faru ju\u017enej a juhov\u00fdchodnej \u00c1zie.<\/p>\t\t\t\t\t\t\t\t<\/div>\n\t\t\t\t\t<\/div>\n\t\t\t\t<\/div>\n\t\t<div class=\"elementor-element elementor-element-iwgw-rama-s0 e-flex e-con-boxed e-con e-parent\" data-id=\"iwgw-rama-s0\" data-element_type=\"container\" data-e-type=\"container\">\n\t\t\t\t\t<div class=\"e-con-inner\">\n\t\t\t\t<div class=\"elementor-element elementor-element-iwgw-rama-s0h elementor-widget elementor-widget-heading\" data-id=\"iwgw-rama-s0h\" data-element_type=\"widget\" data-e-type=\"widget\" data-widget_type=\"heading.default\">\n\t\t\t\t\t<h2 class=\"elementor-heading-title elementor-size-default\">Zaradenie<\/h2>\t\t\t\t<\/div>\n\t\t\t\t<div class=\"elementor-element elementor-element-iwgw-rama-s0t elementor-widget elementor-widget-text-editor\" data-id=\"iwgw-rama-s0t\" data-element_type=\"widget\" data-e-type=\"widget\" data-widget_type=\"text-editor.default\">\n\t\t\t\t\t\t\t\t\t<p>R\u00e1ma patr\u00ed v <a href=\"https:\/\/iwell-guard.com\/sk\/hinduizmus\/\">hinduizme<\/a> medzi desa\u0165 hlavn\u00fdch zosobnen\u00ed Vi\u0161nua a v be\u017enom porad\u00ed je uv\u00e1dzan\u00fd ako siedma avat\u00e1ra. Na rozdiel od zvierac\u00edch alebo zmie\u0161an\u00fdch pod\u00f4b skor\u0161\u00edch avat\u00e1r sa R\u00e1ma zjavuje v \u00faplne \u013eudskej podobe ako princ a neskor\u0161\u00ed kr\u00e1\u013e. T\u00fdm sa \u0165a\u017eisko pos\u00fava od kozmick\u00e9ho ohrozenia k ot\u00e1zke spr\u00e1vneho \u013eudsk\u00e9ho konania.<\/p><p>Hlavn\u00fdm zdrojom je <em>R\u00e1m\u00e1jana<\/em>, ktor\u00e1 je pripisovan\u00e1 tradi\u010dn\u00e9mu b\u00e1snikovi V\u00e1lm\u00edkimu. Patr\u00ed medzi dva ve\u013ek\u00e9 eposy Indie a existuje v mnoh\u00fdch region\u00e1lnych a jazykov\u00fdch verzi\u00e1ch.<\/p><p>V\u00fdskum zvy\u010dajne datuje najstar\u0161ie vrstvy V\u00e1lm\u00edkiho textu do posledn\u00fdch storo\u010d\u00ed pred prelomom letopo\u010dtov, zatia\u013e \u010do r\u00e1mcuj\u00face knihy, v ktor\u00fdch je R\u00e1ma v\u00fdslovne pova\u017eovan\u00fd za bo\u017esk\u00e9ho, s\u00fa mlad\u0161ie. T\u00e1to rozmanitos\u0165 verzi\u00ed je religionistick\u00fd v\u00fdznamn\u00e1, preto\u017ee ukazuje, ako bola l\u00e1tka po st\u00e1ro\u010dia znova rozpr\u00e1van\u00e1 a vykladan\u00e1.<\/p><p>R\u00e1ma je pova\u017eovan\u00fd za vzor <em><span class=\"iwg-fachbegriff\" data-tooltip=\"V indick\u00fdch n\u00e1bo\u017eenstv\u00e1ch u\u010denie a spr\u00e1vny poriadok konania.\" tabindex=\"0\">dharmy<\/span><\/em>, spr\u00e1vneho poriadku a naplnenia povinnosti. Jeho konanie v zlo\u017eit\u00fdch situ\u00e1ci\u00e1ch je v trad\u00edcii ch\u00e1pan\u00e9 ako vzorov\u00e9. Z\u00e1rove\u0148 s\u00fa niektor\u00e9 jeho rozhodnutia, napr\u00edklad v s\u00favislosti s jeho spolo\u010dn\u00ed\u010dkou S\u00edtou, u\u017e dlho predmetom kontroverzn\u00fdch diskusi\u00ed, \u010do z tejto postavy rob\u00ed trval\u00fd predmet etickej reflexie.<\/p><p>Z n\u00e1bo\u017eenskohistorick\u00e9ho h\u013eadiska je zauj\u00edmav\u00e9, \u017ee R\u00e1movo zbo\u017e\u0161tenie prebiehalo len postupne. V najstar\u0161\u00edch textov\u00fdch vrstv\u00e1ch sa jav\u00ed najm\u00e4 ako ide\u00e1lny \u010dlovek a hrdina. A\u017e v priebehu prv\u00e9ho tis\u00edcro\u010dia po Kristovi, s n\u00e1stupom bhakti hnutia, sa R\u00e1ma stal hlavn\u00fdm bo\u017estvom, ktor\u00e9mu s\u00fa venovan\u00e9 samostatn\u00e9 <span class=\"iwg-fachbegriff\" data-tooltip=\"Stavba sl\u00fa\u017eiaca na uctievanie jedn\u00e9ho alebo viacer\u00fdch bo\u017estiev.\" tabindex=\"0\">chr\u00e1my<\/span>, sviatky a teologick\u00e9 \u0161koly.<\/p>\t\t\t\t\t\t\t\t<\/div>\n\t\t\t\t\t<\/div>\n\t\t\t\t<\/div>\n\t\t<div class=\"elementor-element elementor-element-iwgw-rama-s1 e-flex e-con-boxed e-con e-parent\" data-id=\"iwgw-rama-s1\" data-element_type=\"container\" data-e-type=\"container\">\n\t\t\t\t\t<div class=\"e-con-inner\">\n\t\t\t\t<div class=\"elementor-element elementor-element-iwgw-rama-s1h elementor-widget elementor-widget-heading\" data-id=\"iwgw-rama-s1h\" data-element_type=\"widget\" data-e-type=\"widget\" data-widget_type=\"heading.default\">\n\t\t\t\t\t<h2 class=\"elementor-heading-title elementor-size-default\">Meno a etymol\u00f3gia<\/h2>\t\t\t\t<\/div>\n\t\t\t\t<div class=\"elementor-element elementor-element-iwgw-rama-s1t elementor-widget elementor-widget-text-editor\" data-id=\"iwgw-rama-s1t\" data-element_type=\"widget\" data-e-type=\"widget\" data-widget_type=\"text-editor.default\">\n\t\t\t\t\t\t\t\t\t<p>Meno <em>R\u00e1ma<\/em> sa v sanskrite sp\u00e1ja s v\u00fdznamami ako ten, kto pote\u0161\u00ed, pr\u00edjemn\u00fd alebo tmav\u00fd. V n\u00e1bo\u017eenskom jazyku samo meno z\u00edskalo vysok\u00fd v\u00fdznam a je v bhakti praxi mnohon\u00e1sobne opakovan\u00e9. Spojenie S\u00edta-R\u00e1ma je be\u017en\u00e9 <span class=\"iwg-fachbegriff\" data-tooltip=\"Prosebn\u00e9 alebo zakl\u00ednacie oslovenie bo\u017estva alebo moci.\" tabindex=\"0\">vz\u00fdvanie<\/span>, ktor\u00e9 spolo\u010dne ozna\u010duje bo\u017esk\u00fd p\u00e1r.<\/p><p>R\u00e1ma nos\u00ed viacer\u00e9 pr\u00edvlastky, ktor\u00e9 odkazuj\u00fa na jeho p\u00f4vod a p\u00f4sobenie. <em>Raghava<\/em> ho ozna\u010duje ako potomka rodu Raghu, <em>R\u00e1ma\u010dandra<\/em> ho stavia na rove\u0148 mesiaca \u010do do p\u00f4vabu, <em>Da\u0161arathi<\/em> ho naz\u00fdva synom kr\u00e1\u013ea Da\u0161arathu. Ozna\u010denia ako <em>K\u00f3salendra<\/em> odkazuj\u00fa na jeho vl\u00e1du nad krajinou K\u00f3sala, in\u00e9 men\u00e1 na jeho p\u00f4vod zo slne\u010dn\u00e9ho rodu.<\/p><p>V n\u00e1bo\u017eenskom \u017eivote m\u00e1 opakovan\u00e9 <span class=\"iwg-fachbegriff\" data-tooltip=\"Prosebn\u00e9 alebo zakl\u00ednacie oslovenie bo\u017estva alebo moci.\" tabindex=\"0\">vz\u00fdvanie<\/span> mena, napr\u00edklad v podobe R\u00e1m alebo vo formule S\u00edta-R\u00e1m, v viacer\u00fdch bhakti trad\u00edci\u00e1ch pevn\u00e9 miesto.<\/p><p>Reform\u00e1tori a b\u00e1snici uplynul\u00fdch storo\u010d\u00ed urobili z R\u00e1movho mena centr\u00e1lnu s\u00fa\u010das\u0165 svojej n\u00e1bo\u017enej praxe. V niektor\u00fdch pr\u00fadoch, napr\u00edklad u b\u00e1snika Kab\u00edra, bol R\u00e1m z\u00e1rove\u0148 ch\u00e1pan\u00fd ako meno bezform\u00e9ho, najvy\u0161\u0161ieho bo\u017esk\u00e9ho, ktor\u00e9 presahuje epick\u00fa postavu.<\/p>\t\t\t\t\t\t\t\t<\/div>\n\t\t\t\t\t<\/div>\n\t\t\t\t<\/div>\n\t\t<div class=\"elementor-element elementor-element-iwgw-rama-s2 e-flex e-con-boxed e-con e-parent\" data-id=\"iwgw-rama-s2\" data-element_type=\"container\" data-e-type=\"container\">\n\t\t\t\t\t<div class=\"e-con-inner\">\n\t\t\t\t<div class=\"elementor-element elementor-element-iwgw-rama-s2h elementor-widget elementor-widget-heading\" data-id=\"iwgw-rama-s2h\" data-element_type=\"widget\" data-e-type=\"widget\" data-widget_type=\"heading.default\">\n\t\t\t\t\t<h2 class=\"elementor-heading-title elementor-size-default\">Popis a ikonografia<\/h2>\t\t\t\t<\/div>\n\t\t\t\t<div class=\"elementor-element elementor-element-iwgw-rama-s2t elementor-widget elementor-widget-text-editor\" data-id=\"iwgw-rama-s2t\" data-element_type=\"widget\" data-e-type=\"widget\" data-widget_type=\"text-editor.default\">\n\t\t\t\t\t\t\t\t\t<p>R\u00e1ma je v obrazovej trad\u00edcii zvy\u010dajne zobrazovan\u00fd ako mlad\u00fd, d\u00f4stojn\u00fd princ. Jeho poko\u017eka sa \u010dasto zjavuje v tmavej alebo tmavomodrej farbe, \u010do ho ikonograficky sp\u00e1ja s <a href=\"https:\/\/iwell-guard.com\/sk\/visnu\/\">Vi\u0161nuom<\/a>. Jeho charakteristick\u00fdm atrib\u00fatom je ve\u013ek\u00fd luk, ktor\u00fd odkazuje na jeho \u00falohu bojovn\u00edka a ochrancu, \u010dasto dr\u017e\u00ed aj \u0161\u00edp alebo tulec.<\/p><p>Ve\u013emi roz\u0161\u00edren\u00e9 je zobrazenie v skupine, tzv. R\u00e1ma-parivar. Zobrazuje R\u00e1mu spolu s jeho spolo\u010dn\u00ed\u010dkou S\u00edtou, jeho vern\u00fdm bratom Lak\u0161manom a opi\u010d\u00edm hrdinom Hanumanom, ktor\u00fd \u010dasto k\u013ea\u010d\u00ed v poslu\u017enej polohe pri noh\u00e1ch p\u00e1ru. T\u00e1to obrazov\u00e1 skupina je ve\u013emi roz\u0161\u00edren\u00e1 v chr\u00e1moch a dom\u00e1cich sv\u00e4tyniach a zh\u0155\u0148a centr\u00e1lne vz\u0165ahy eposu.<\/p><p>Okrem toho existuj\u00fa zobrazenia jednotliv\u00fdch sc\u00e9n z eposu, napr\u00edklad R\u00e1ma nap\u00ednaj\u00faci alebo l\u00e1maj\u00faci ve\u013ek\u00fd \u0160ivov luk pri uch\u00e1dzan\u00ed sa o S\u00edtu, v boji proti d\u00e9monick\u00e9mu kr\u00e1\u013eovi R\u00e1vanovi alebo pri n\u00e1vrate do svojho domovsk\u00e9ho mesta Aj\u00f3dhja.<\/p><p>Ikonografia d\u00f4sledne zd\u00f4raz\u0148uje spojenie kr\u00e1\u013eovskej d\u00f4stojnosti, bojovej zdatnosti a mravnej vzornosti. V severoindickej miniat\u00farnej ma\u013ebe a v n\u00e1stenn\u00fdch ma\u013eb\u00e1ch juhoindick\u00fdch a juhov\u00fdchodo\u00e1zijsk\u00fdch <span class=\"iwg-fachbegriff\" data-tooltip=\"Stavba sl\u00fa\u017eiaca na uctievanie jedn\u00e9ho alebo viacer\u00fdch bo\u017estiev.\" tabindex=\"0\">chr\u00e1mov<\/span> sa zachovali cel\u00e9 obrazov\u00e9 cykly R\u00e1m\u00e1jany.<\/p>\t\t\t\t\t\t\t\t<\/div>\n\t\t\t\t\t<\/div>\n\t\t\t\t<\/div>\n\t\t<div class=\"elementor-element elementor-element-iwgw-rama-s3 e-flex e-con-boxed e-con e-parent\" data-id=\"iwgw-rama-s3\" data-element_type=\"container\" data-e-type=\"container\">\n\t\t\t\t\t<div class=\"e-con-inner\">\n\t\t\t\t<div class=\"elementor-element elementor-element-iwgw-rama-s3h elementor-widget elementor-widget-heading\" data-id=\"iwgw-rama-s3h\" data-element_type=\"widget\" data-e-type=\"widget\" data-widget_type=\"heading.default\">\n\t\t\t\t\t<h2 class=\"elementor-heading-title elementor-size-default\">Mytologick\u00e9 rozpr\u00e1vania<\/h2>\t\t\t\t<\/div>\n\t\t\t\t<div class=\"elementor-element elementor-element-iwgw-rama-s3t elementor-widget elementor-widget-text-editor\" data-id=\"iwgw-rama-s3t\" data-element_type=\"widget\" data-e-type=\"widget\" data-widget_type=\"text-editor.default\">\n\t\t\t\t\t\t\t\t\t<p>Epos <em>Ramayana<\/em> zobrazuje \u017eivot Ramu od narodenia a\u017e po jeho vl\u00e1du. Rama je najstar\u0161\u00ed syn kr\u00e1\u013ea Da\u0161arathu z Aj\u00f3dhje a m\u00e1 sa ako pr\u00e1voplatn\u00fd dedi\u010d uja\u0165 tr\u00f3nu.<\/p><p>V mladosti sprev\u00e1dza mudrca Vi\u0161vamitru, chr\u00e1ni jeho obetn\u00fd ohe\u0148 pred d\u00e9monmi a na s\u00fa\u0165a\u017ei na dvore v Mithile z\u00edskava ruku Sity, ke\u010f ako jedin\u00fd napne mohutn\u00fd \u0160ivov luk a ten sa pri tom zlom\u00ed.<\/p><p>Pre d\u00e1vny s\u013eub, ktor\u00fd dal kr\u00e1\u013e svojej man\u017eelke Kaikeji, je v\u0161ak Rama tesne pred svojou korunov\u00e1ciou poslan\u00fd na \u0161trn\u00e1s\u0165ro\u010dn\u00e9 vyhnanstvo do lesa, zatia\u013e \u010do tr\u00f3n m\u00e1 prevzia\u0165 Kaikejin syn Bharata.<\/p><p>Rama sa nevzoprie a vyhnanstvo prij\u00edma z povinnosti. Jeho spolo\u010dn\u00ed\u010dka Sita a jeho brat Lak\u0161mana ho dobrovo\u013ene sprev\u00e1dzaj\u00fa. Bharata sa v\u0161ak odmieta tr\u00f3nu zmocni\u0165 a vl\u00e1dne iba ako z\u00e1stupca, pri\u010dom na tr\u00f3n postav\u00ed Ramove sand\u00e1ly.<\/p><p>V lese unesie Situ R\u00e1vana, desa\u0165hlav\u00fd d\u00e9monick\u00fd kr\u00e1\u013e ostrova Lanka, po tom, \u010do ju pomocou lesti so zlat\u00fdm jele\u0148om oddelil od jej ochrancov.<\/p><p>Nasleduj\u00face p\u00e1tranie a osvobodenie Sity tvoria hlavn\u00fa \u010das\u0165 eposu. Rama sa spoj\u00ed s opi\u010d\u00edm \u013eudom, ktor\u00e9ho kr\u00e1\u013eovi Sugr\u00edvovi pom\u00f4\u017ee na tr\u00f3n a ktor\u00e9ho najd\u00f4le\u017eitej\u0161\u00edm hrdinom je Hanuman.<\/p><p>Hanuman presko\u010d\u00ed more, n\u00e1jde Situ zajat\u00fa v <span class=\"iwg-fachbegriff\" data-tooltip=\"Sv\u00e4t\u00fd h\u00e1jik, ktor\u00fd sl\u00fa\u017eil ako kultov\u00e9 miesto.\" tabindex=\"0\">h\u00e1ji<\/span> na Lanke a odovzd\u00e1 jej znamenie od Ramu. Nasleduje v\u00fdstavba priechodu na ostrov opi\u010d\u00edm vojskom a nakoniec ve\u013ek\u00e1 bitka, v ktorej s\u00fa R\u00e1vana a jeho bojovn\u00edci porazen\u00ed.<\/p><p>Po v\u00ed\u0165azstve sa Rama so Sitou a svojimi spolo\u010dn\u00edkmi vracia do Aj\u00f3dhje a uj\u00edma sa vl\u00e1dy. Jeho vl\u00e1da sa v trad\u00edcii ozna\u010duje ako <em>Ramarajya<\/em>, stelesnenie spravodlivej a mierovej vl\u00e1dy, v ktorej panuje blahobyt a poriadok.<\/p><p>Posledn\u00e1 kniha eposu v\u0161ak opisuje aj neskor\u0161iu, hork\u00fa epiz\u00f3du: pre re\u010di medzi \u013eudom o obdob\u00ed Sitinho zajatia ju Rama vyhnal, hoci bola tehotn\u00e1.<\/p><p>Sita nach\u00e1dza \u00fato\u010disko u mudrca V\u00e1lm\u00edkiho a porod\u00ed dvoji\u010dky Lavu a Ku\u0161u. Na konci sa Sita vracia do zeme, z ktorej pod\u013ea <span class=\"iwg-fachbegriff\" data-tooltip=\"Odovzd\u00e1vanie vedomost\u00ed a rozpr\u00e1van\u00ed z gener\u00e1cie na gener\u00e1ciu.\" tabindex=\"0\">podania<\/span> p\u00f4vodne vzi\u0161la. T\u00e1to epiz\u00f3da je dlho vn\u00edman\u00e1 ako eticky problematick\u00e1 a v jednotliv\u00fdch verzi\u00e1ch sa sprac\u00fava rozli\u010dne alebo sa \u00faplne vynech\u00e1va.<\/p><p>Jednotliv\u00e9 region\u00e1lne verzie Ramayany klad\u00fa r\u00f4zne d\u00f4razy. Tamilsk\u00e1 verzia Kambana, hindsk\u00e1 verzia Tulsid\u00e1sa s n\u00e1zvom <em>Ramcharitmanas<\/em>, beng\u00e1lska Ramayana Krittibasa a mnoh\u00e9 \u010fal\u0161ie spracovania klad\u00fa d\u00f4raz raz na oddanos\u0165 Ramovi, raz na kr\u00e1\u013eovsk\u00fa povinnos\u0165, in\u00e9 pripisuj\u00fa v\u00e4\u010d\u0161iu v\u00e1hu jednotliv\u00fdm postav\u00e1m ako Site alebo Hanumanovi.<\/p><p>T\u00e1to rozmanitos\u0165 rob\u00ed z eposu \u017eiv\u00fa l\u00e1tku, ktor\u00e1 sa neust\u00e1le znovu vyklad\u00e1.<\/p>\t\t\t\t\t\t\t\t<\/div>\n\t\t\t\t\t<\/div>\n\t\t\t\t<\/div>\n\t\t<div class=\"elementor-element elementor-element-iwgw-rama-s4 e-flex e-con-boxed e-con e-parent\" data-id=\"iwgw-rama-s4\" data-element_type=\"container\" data-e-type=\"container\">\n\t\t\t\t\t<div class=\"e-con-inner\">\n\t\t\t\t<div class=\"elementor-element elementor-element-iwgw-rama-s4h elementor-widget elementor-widget-heading\" data-id=\"iwgw-rama-s4h\" data-element_type=\"widget\" data-e-type=\"widget\" data-widget_type=\"heading.default\">\n\t\t\t\t\t<h2 class=\"elementor-heading-title elementor-size-default\">Kult a uctievanie<\/h2>\t\t\t\t<\/div>\n\t\t\t\t<div class=\"elementor-element elementor-element-iwgw-rama-s4t elementor-widget elementor-widget-text-editor\" data-id=\"iwgw-rama-s4t\" data-element_type=\"widget\" data-e-type=\"widget\" data-widget_type=\"text-editor.default\">\n\t\t\t\t\t\t\t\t\t<p>Uctievanie Ramu je roz\u0161\u00edren\u00e9 na ve\u013ekej \u010dasti Indie a m\u00e1 osobitn\u00fd v\u00fdznam najm\u00e4 v severnej Indii.<\/p><p>Medzi v\u00fdznamn\u00e9 miesta patr\u00ed mesto Aj\u00f3dhja, pova\u017eovan\u00e9 za miesto jeho narodenia a vl\u00e1dy, \u010falej miesta sp\u00e1jan\u00e9 s vyhnanstvom, napr\u00edklad \u010citrak\u00fat a N\u00e1\u0161ik, a R\u00e1me\u0161varam na krajnom juhu, kde Rama pod\u013ea <span class=\"iwg-fachbegriff\" data-tooltip=\"Odovzd\u00e1vanie vedomost\u00ed a rozpr\u00e1van\u00ed z gener\u00e1cie na gener\u00e1ciu.\" tabindex=\"0\">podania<\/span> pred prechodom na Lanku uctieval \u0160ivu.<\/p><p>Mnoh\u00e9 <span class=\"iwg-fachbegriff\" data-tooltip=\"Stavba, ktor\u00e1 sl\u00fa\u017ei na uctievanie jedn\u00e9ho alebo viacer\u00fdch bo\u017estiev.\" tabindex=\"0\">chr\u00e1my<\/span> s\u00fa zasv\u00e4ten\u00e9 skupine s\u00f4ch Rama-Parivar. V\u00fdro\u010dn\u00fd sviatok Ramanavami oslavuje Ramovo zjavenie na jar.<\/p><p>V\u00fdznamn\u00fa \u00falohu zohr\u00e1vaj\u00fa \u013eudov\u00e9 predstavenia eposu, Raml\u00edla, na ktor\u00fdch sa po\u010das viacer\u00fdch dn\u00ed sc\u00e9nicky zobrazuj\u00fa epiz\u00f3dy z Ramovho \u017eivota, \u010dasto s vrcholn\u00fdm up\u00e1len\u00edm obrovsk\u00fdch s\u00f4ch R\u00e1vany.<\/p><p>Jesenn\u00fd sviatok Dussehra pripom\u00edna v\u00ed\u0165azstvo nad R\u00e1vanom, sviatok svetiel Diwali sa na mnoh\u00fdch miestach sp\u00e1ja s Ramov\u00fdm n\u00e1vratom do Aj\u00f3dhje, ktor\u00fd maj\u00fa pripom\u00edna\u0165 radu olejov\u00fdch svetielok.<\/p><p>Bhaktsk\u00e1 po\u00e9zia hlboko ovplyvnila uctievanie Ramu. Reform\u00e1tori a b\u00e1snici minul\u00fdch storo\u010d\u00ed zostavili region\u00e1lne jazykov\u00e9 verzie eposu, z ktor\u00fdch <em>Ramcharitmanas<\/em> Tulsid\u00e1sa zo \u0161estn\u00e1steho storo\u010dia mala mimoriadne rozsiahly vplyv a stala sa pr\u00edstupnou pre n\u00e1bo\u017eensk\u00fa prax \u0161irok\u00fdch vrstiev obyvate\u013estva.<\/p><p>Osobitn\u00e9 spolo\u010denstv\u00e1, ako asketi Ramanand\u00ed, sa venuj\u00fa predov\u0161etk\u00fdm uctievaniu Ramu. Aj vern\u00fd sluha Hanuman je predmetom vlastn\u00e9ho, ve\u013emi roz\u0161\u00edren\u00e9ho uctievania, ktor\u00e9 je \u00fazko spojen\u00e9 s Ramovou <span class=\"iwg-fachbegriff\" data-tooltip=\"Pre\u017e\u00edvan\u00fd n\u00e1bo\u017eensk\u00fd postoj a prax \u010dloveka.\" tabindex=\"0\">n\u00e1bo\u017enos\u0165ou<\/span>.<\/p>\t\t\t\t\t\t\t\t<\/div>\n\t\t\t\t\t<\/div>\n\t\t\t\t<\/div>\n\t\t<div class=\"elementor-element elementor-element-iwgw-rama-s5 e-flex e-con-boxed e-con e-parent\" data-id=\"iwgw-rama-s5\" data-element_type=\"container\" data-e-type=\"container\">\n\t\t\t\t\t<div class=\"e-con-inner\">\n\t\t\t\t<div class=\"elementor-element elementor-element-iwgw-rama-s5h elementor-widget elementor-widget-heading\" data-id=\"iwgw-rama-s5h\" data-element_type=\"widget\" data-e-type=\"widget\" data-widget_type=\"heading.default\">\n\t\t\t\t\t<h2 class=\"elementor-heading-title elementor-size-default\">Ochrann\u00e1 prax a apotropaika<\/h2>\t\t\t\t<\/div>\n\t\t\t\t<div class=\"elementor-element elementor-element-iwgw-rama-s5t elementor-widget elementor-widget-text-editor\" data-id=\"iwgw-rama-s5t\" data-element_type=\"widget\" data-e-type=\"widget\" data-widget_type=\"text-editor.default\">\n\t\t\t\t\t\t\t\t\t<p>V r\u00e1mci uctievania Ramu sa vytvorili r\u00f4zne formy, ktor\u00e9 <span class=\"iwg-fachbegriff\" data-tooltip=\"Veda, ktor\u00e1 porovn\u00e1vac\u00edm sp\u00f4sobom a bez viery sk\u00fama n\u00e1bo\u017eenstv\u00e1.\" tabindex=\"0\">religionistika<\/span> ozna\u010duje ako <span class=\"iwg-fachbegriff\" data-tooltip=\"Odvracaj\u00faci ne\u0161\u0165astie: o znameniach a predmetoch, ktor\u00e9 maj\u00fa odvr\u00e1ti\u0165 \u0161kodliv\u00e9 vplyvy.\" tabindex=\"0\">apotropaick\u00e9<\/span>.<\/p><p>Patr\u00ed k nim recit\u00e1cia mena, \u010dasto v podobe Ram, \u010d\u00edtanie alebo po\u010d\u00favanie \u00fasekov eposu a uctievanie postavy Hanumana, ktor\u00fd je s Ramom \u00fazko sp\u00e4t\u00fd a v mnoh\u00fdch trad\u00edci\u00e1ch sa pova\u017euje za mocn\u00fa ochrann\u00fa postavu. Ako ochrann\u00e9 modlitby sa recituj\u00fa aj hymny, napr\u00edklad Ramaraksha-Stotra.<\/p><p>Mytologick\u00fdm z\u00e1kladom je samotn\u00e9 rozpr\u00e1vanie, v ktorom Rama obnovuje poriadok a spravodlivos\u0165 a odstra\u0148uje ohrozenie zo strany d\u00e9monick\u00e9ho kr\u00e1\u013ea.<\/p><p>Ramova neochvejnos\u0165 vo vyhnanstve a v boji sa v trad\u00edcii ch\u00e1pe ako vzor, ktor\u00fdm sa maj\u00fa ctitelia riadi\u0165 vo vlastnom \u017eivote. Hanuman, ktor\u00fd pre svoju vernos\u0165 Ramovi plat\u00ed za nezranite\u013en\u00e9ho, sa osobitne vz\u00fdva na odvr\u00e1tenie strachu a nepriate\u013esk\u00fdch s\u00edl.<\/p><p>Z h\u013eadiska dej\u00edn n\u00e1bo\u017eenstva treba poznamena\u0165, \u017ee tieto praktiky sa opisuj\u00fa ako tradi\u010dn\u00e9 n\u00e1bo\u017eensk\u00e9 predstavy. Vecn\u00fd popis ich ch\u00e1pe ako s\u00fa\u010das\u0165 trad\u00edcie a nepripisuje im objekt\u00edvny, overite\u013en\u00fd ochrann\u00fd \u00fa\u010dinok. Z vedeck\u00e9ho h\u013eadiska je zauj\u00edmav\u00e9, ako \u00fazko s\u00fa v Ramovej <span class=\"iwg-fachbegriff\" data-tooltip=\"Pre\u017e\u00edvan\u00fd n\u00e1bo\u017eensk\u00fd postoj a prax \u010dloveka.\" tabindex=\"0\">n\u00e1bo\u017enosti<\/span> spojen\u00e9 etick\u00fd vzor a d\u00f4vera v ochranu.<\/p>\t\t\t\t\t\t\t\t<\/div>\n\t\t\t\t\t<\/div>\n\t\t\t\t<\/div>\n\t\t<div class=\"elementor-element elementor-element-iwgw-rama-s6 e-flex e-con-boxed e-con e-parent\" data-id=\"iwgw-rama-s6\" data-element_type=\"container\" data-e-type=\"container\">\n\t\t\t\t\t<div class=\"e-con-inner\">\n\t\t\t\t<div class=\"elementor-element elementor-element-iwgw-rama-s6h elementor-widget elementor-widget-heading\" data-id=\"iwgw-rama-s6h\" data-element_type=\"widget\" data-e-type=\"widget\" data-widget_type=\"heading.default\">\n\t\t\t\t\t<h2 class=\"elementor-heading-title elementor-size-default\">Paralely v in\u00fdch kult\u00farach<\/h2>\t\t\t\t<\/div>\n\t\t\t\t<div class=\"elementor-element elementor-element-iwgw-rama-s6t elementor-widget elementor-widget-text-editor\" data-id=\"iwgw-rama-s6t\" data-element_type=\"widget\" data-e-type=\"widget\" data-widget_type=\"text-editor.default\">\n\t\t\t\t\t\t\t\t\t<p>Ram\u00e1jana sa roz\u0161\u00edrila z\u010faleka za hranice Indie. V juhov\u00fdchodnej \u00c1zii, napr\u00edklad v kult\u00farach dne\u0161n\u00e9ho Thajska s Ramakienom, v Kambod\u017ei s Reamkerom, v Laose a v Indon\u00e9zii, vznikli samostatn\u00e9 podoby tohto pr\u00edbehu, ktor\u00e9 \u017eij\u00fa \u010falej v literat\u00fare, divadle tie\u0148ov\u00fdch l\u00fa\u010dok, tanci a v\u00fdtvarnom umen\u00ed.<\/p><p>Reli\u00e9fy Angkoru a Prambananu patria k najp\u00f4sobivej\u0161\u00edm svedectv\u00e1m tejto trad\u00edcie. Tieto verzie s\u00fa samostatn\u00fdmi kult\u00farnymi dielami, nie iba prekladmi, a pr\u00edbeh niekedy prisp\u00f4sobuj\u00fa buddhistick\u00fdm alebo miestnym predstav\u00e1m.<\/p><p>Porovn\u00e1vac\u00ed v\u00fdskum sp\u00e1jal jednotliv\u00e9 mot\u00edvy epiky, napr\u00edklad \u00fanos spolo\u010dn\u00ed\u010dky a nasleduj\u00facu vojnu o jej op\u00e4tovn\u00e9 z\u00edskanie, s pr\u00edbehmi in\u00fdch trad\u00edci\u00ed. Tak\u00e9to porovnania nedokazuj\u00fa priamu z\u00e1vislos\u0165, ale upozor\u0148uj\u00fa na opakuj\u00face sa narat\u00edvne vzory, napr\u00edklad vzor hrdinskej cesty s vyhnanstvom, sk\u00fa\u0161kou a n\u00e1vratom.<\/p><p>V r\u00e1mci indick\u00e9ho n\u00e1bo\u017eensk\u00e9ho priestoru stoj\u00ed R\u00e1ma v rade avat\u00e1rov <a href=\"https:\/\/iwell-guard.com\/sk\/visnu\/\">Vi\u0161nua<\/a>. Porovnanie s ostatn\u00fdmi avat\u00e1rmi a s <a href=\"https:\/\/iwell-guard.com\/sk\/shiva\/\">\u0160ivom<\/a> umo\u017e\u0148uje pop\u00edsa\u0165 rozli\u010dn\u00e9 modely bo\u017esk\u00e9ho, od kozmick\u00e9ho z\u00e1sahu zvieracej podoby a\u017e po \u013eudsky stelesnen\u00fd ide\u00e1l spr\u00e1vneho konania.<\/p><p>Zatia\u013e \u010do Kri\u0161na v Mah\u00e1bh\u00e1rate steles\u0148uje bo\u017esk\u00fa hru a oddan\u00fa l\u00e1sku, R\u00e1ma stoj\u00ed za viazanos\u0165ou na povinnos\u0165 a poriadok, tak\u017ee tieto dve \u013eudsk\u00e9 podoby avat\u00e1rov pon\u00fakaj\u00fa vz\u00e1jomne sa dopl\u0148uj\u00face hodnotov\u00e9 obrazy.<\/p>\t\t\t\t\t\t\t\t<\/div>\n\t\t\t\t\t<\/div>\n\t\t\t\t<\/div>\n\t\t<div class=\"elementor-element elementor-element-iwgw-rama-s7 e-flex e-con-boxed e-con e-parent\" data-id=\"iwgw-rama-s7\" data-element_type=\"container\" data-e-type=\"container\">\n\t\t\t\t\t<div class=\"e-con-inner\">\n\t\t\t\t<div class=\"elementor-element elementor-element-iwgw-rama-s7h elementor-widget elementor-widget-heading\" data-id=\"iwgw-rama-s7h\" data-element_type=\"widget\" data-e-type=\"widget\" data-widget_type=\"heading.default\">\n\t\t\t\t\t<h2 class=\"elementor-heading-title elementor-size-default\">S\u00fa\u010dasn\u00e1 recepcia a v\u00fdskum<\/h2>\t\t\t\t<\/div>\n\t\t\t\t<div class=\"elementor-element elementor-element-iwgw-rama-s7t elementor-widget elementor-widget-text-editor\" data-id=\"iwgw-rama-s7t\" data-element_type=\"widget\" data-e-type=\"widget\" data-widget_type=\"text-editor.default\">\n\t\t\t\t\t\t\t\t\t<p>R\u00e1ma je v s\u00fa\u010dasnej kult\u00fare Indie a juhov\u00fdchodnej \u00c1zie v\u00fdrazne pr\u00edtomn\u00fd. Epos sa neust\u00e1le nanovo sprac\u00fava vo filme, telev\u00edzii, komikse a digit\u00e1lnych m\u00e9di\u00e1ch.<\/p><p>Viacdielna telev\u00edzna adapt\u00e1cia Ram\u00e1jany z\u00edskala v neskor\u00fdch osemdesiatych rokoch mimoriadne ve\u013ek\u00e9 publikum a natrvalo formovala vizu\u00e1lnu podobu tejto postavy. Predstavenia Raml\u00edly a ve\u013ek\u00e9 sl\u00e1vnosti spojen\u00e9 s R\u00e1mom s\u00fa pevnou s\u00fa\u010das\u0165ou verejn\u00e9ho \u017eivota.<\/p><p>Postava R\u00e1mu sa z\u00e1rove\u0148 stala politicky nabitou t\u00e9mou. <span class=\"iwg-fachbegriff\" data-tooltip=\"Veda, ktor\u00e1 sk\u00fama n\u00e1bo\u017eenstv\u00e1 porovn\u00e1vac\u00edm sp\u00f4sobom a bez vyznania.\" tabindex=\"0\">Religionistika<\/span> a historick\u00e9 vedy sk\u00famaj\u00fa, ako bol tento pr\u00edbeh v novodobej dobe vyu\u017e\u00edvan\u00fd na rozli\u010dn\u00e9 spolo\u010densk\u00e9 a politick\u00e9 \u00fa\u010dely, najm\u00e4 v s\u00favislosti so spormi o Aj\u00f3dhju.<\/p><p>Tento v\u00fdskum kriticky hodnot\u00ed dejiny \u00fa\u010dinku a zara\u010fuje ich historicky, bez toho, aby zjednodu\u0161oval n\u00e1bo\u017eensk\u00fd v\u00fdznam postavy.<\/p><p>Akademick\u00e9 \u0161t\u00fadium Ram\u00e1jany zah\u0155\u0148a dejiny textu, porovnanie mnoh\u00fdch region\u00e1lnych verzi\u00ed, ikonografiu a soci\u00e1lne dejiny. Osobitn\u00fd z\u00e1ujem vzbudzuje rozmanitos\u0165 verzi\u00ed, postupn\u00e9 zbo\u017estvenie R\u00e1mu a trvaj\u00faca etick\u00e1 diskusia o jednotliv\u00fdch epiz\u00f3dach, predov\u0161etk\u00fdm o zaobch\u00e1dzan\u00ed so S\u00edtou.<\/p><p>Aj feministicky orientovan\u00e9 v\u00fdklady, ktor\u00e9 stavaj\u00fa do centra S\u00edtu, s\u00fa dnes s\u00fa\u010das\u0165ou v\u00fdskumu. R\u00e1ma tak zost\u00e1va k\u013e\u00fa\u010dov\u00fdm predmetom indol\u00f3gie a porovn\u00e1vacej <span class=\"iwg-fachbegriff\" data-tooltip=\"Veda, ktor\u00e1 sk\u00fama n\u00e1bo\u017eenstv\u00e1 porovn\u00e1vac\u00edm sp\u00f4sobom a bez vyznania.\" tabindex=\"0\">religionistiky<\/span>.<\/p>\t\t\t\t\t\t\t\t<\/div>\n\t\t\t\t\t<\/div>\n\t\t\t\t<\/div>\n\t\t<div class=\"elementor-element elementor-element-iwgw-rama-lit e-flex e-con-boxed e-con e-parent\" data-id=\"iwgw-rama-lit\" data-element_type=\"container\" data-e-type=\"container\">\n\t\t\t\t\t<div class=\"e-con-inner\">\n\t\t\t\t<div class=\"elementor-element elementor-element-iwgw-rama-lith elementor-widget elementor-widget-heading\" data-id=\"iwgw-rama-lith\" data-element_type=\"widget\" data-e-type=\"widget\" data-widget_type=\"heading.default\">\n\t\t\t\t\t<h2 class=\"elementor-heading-title elementor-size-default\">Literat\u00fara (v\u00fdber)<\/h2>\t\t\t\t<\/div>\n\t\t\t\t<div class=\"elementor-element elementor-element-iwgw-rama-litt elementor-widget elementor-widget-text-editor\" data-id=\"iwgw-rama-litt\" data-element_type=\"widget\" data-e-type=\"widget\" data-widget_type=\"text-editor.default\">\n\t\t\t\t\t\t\t\t\t<ul><li>Gavin Flood: <em>An Introduction to Hinduism<\/em> (1996)<\/li><li>Wendy Doniger: <em>The Hindus. An Alternative History<\/em> (2009)<\/li><li>Klaus K. Klostermaier: <em>A Survey of Hinduism<\/em> (2007)<\/li><li>Robert P. Goldman (ed.): <em>The Ramayana of Valmiki. An Epic of Ancient India<\/em> (1984 a nasl.)<\/li><li>Paula Richman (ed.): <em>Many Ramayanas. The Diversity of a Narrative Tradition in South Asia<\/em> (1991)<\/li><\/ul>\t\t\t\t\t\t\t\t<\/div>\n\t\t\t\t\t<\/div>\n\t\t\t\t<\/div>\n\t\t<div class=\"elementor-element elementor-element-iwgw-rama-kwd e-flex e-con-boxed e-con e-parent\" data-id=\"iwgw-rama-kwd\" data-element_type=\"container\" data-e-type=\"container\">\n\t\t\t\t\t<div class=\"e-con-inner\">\n\t\t\t\t<div class=\"elementor-element elementor-element-iwgw-rama-kwdt elementor-widget elementor-widget-text-editor\" data-id=\"iwgw-rama-kwdt\" data-element_type=\"widget\" data-e-type=\"widget\" data-widget_type=\"text-editor.default\">\n\t\t\t\t\t\t\t\t\t<p><em>S\u00favisiace k\u013e\u00fa\u010dov\u00e9 pojmy: R\u00e1ma Vi\u0161nu Ram\u00e1jana S\u00edta Hanum\u00e1n R\u00e1vana Aj\u00f3dhja <span class=\"iwg-fachbegriff\" data-tooltip=\"V indick\u00fdch n\u00e1bo\u017eenstv\u00e1ch n\u00e1uka a spr\u00e1vny poriadok konania.\" tabindex=\"0\">Dharma<\/span>.<\/em><\/p>\t\t\t\t\t\t\t\t<\/div>\n\t\t\t\t\t<\/div>\n\t\t\t\t<\/div>\n\t\t<div class=\"elementor-element elementor-element-iwgw-rama-cc e-flex e-con-boxed e-con e-parent\" data-id=\"iwgw-rama-cc\" data-element_type=\"container\" data-e-type=\"container\" id=\"iwg-cc-rama\">\n\t\t\t\t\t<div class=\"e-con-inner\">\n\t\t<div class=\"elementor-element elementor-element-iwgw-rama-ccinner e-flex e-con-boxed e-con e-parent\" data-id=\"iwgw-rama-ccinner\" data-element_type=\"container\" data-e-type=\"container\" data-settings=\"{&quot;background_background&quot;:&quot;classic&quot;}\">\n\t\t\t\t\t<div class=\"e-con-inner\">\n\t\t\t\t<div class=\"elementor-element elementor-element-iwgw-rama-cch elementor-widget elementor-widget-heading\" data-id=\"iwgw-rama-cch\" data-element_type=\"widget\" data-e-type=\"widget\" data-widget_type=\"heading.default\">\n\t\t\t\t\t<h2 class=\"elementor-heading-title elementor-size-default\">iWell Guard a ochrann\u00e9 trad\u00edcie<\/h2>\t\t\t\t<\/div>\n\t\t\t\t<div class=\"elementor-element elementor-element-iwgw-rama-cct elementor-widget elementor-widget-text-editor\" data-id=\"iwgw-rama-cct\" data-element_type=\"widget\" data-e-type=\"widget\" data-widget_type=\"text-editor.default\">\n\t\t\t\t\t\t\t\t\t<div data-nosnippet=\"true\"><p>iWell Guard nadv\u00e4zuje na kult\u00farnohistorick\u00fa trad\u00edciu nosite\u013en\u00fdch ochrann\u00fdch predmetov, v trad\u00edcii <a href=\"https:\/\/iwell-guard.com\/sk\/hinduizmus\/\">hinduizmu<\/a> a mnoh\u00fdch \u010fal\u0161\u00edch kult\u00far po celom svete. 41 \u00farovn\u00ed, prav\u00e9 zlato, platina, striebro, vyroben\u00e9 v Nemecku. 30-d\u0148ov\u00e9 pr\u00e1vo na vr\u00e1tenie.<\/p><\/div>\t\t\t\t\t\t\t\t<\/div>\n\t\t\t\t<div class=\"elementor-element elementor-element-iwgw-rama-ccb iwg-cc-button iwg-cc-cta-2026-05-13 elementor-widget elementor-widget-jet-button\" data-id=\"iwgw-rama-ccb\" data-element_type=\"widget\" data-e-type=\"widget\" data-widget_type=\"jet-button.default\">\n\t\t\t\t<div class=\"elementor-widget-container\">\n\t\t\t\t\t<div class=\"elementor-jet-button jet-elements\"><div class=\"jet-button__container\"><a class=\"jet-button__instance jet-button__instance--icon-left hover-effect-1\" href=\"\/ueber-iwell-guard\/?utm_source=iwell-guard.com&amp;utm_medium=info-box&amp;utm_campaign=wesen-tradition\"><div class=\"jet-button__plane jet-button__plane-normal\"><\/div><div class=\"jet-button__plane jet-button__plane-hover\"><\/div><div class=\"jet-button__state jet-button__state-normal\"><span class=\"jet-button__label\">Viac o iWell Guard<\/span><\/div><div class=\"jet-button__state jet-button__state-hover\"><span class=\"jet-button__label\">Viac o iWell Guard<\/span><\/div><\/a><\/div><\/div><style>.elementor-element.elementor-element-iwgw-rama-ccb .jet-button__instance{width:320px;height:56px;}.elementor-element.elementor-element-iwgw-rama-ccb .jet-button__state-normal .jet-button__label{text-align:center;margin:0px 0px 0px 0px;color:#1a1b20;font-family:Montserrat,sans-serif;font-size:13px;font-weight:400;letter-spacing:4px;line-height:1.714em;text-transform:uppercase;}.elementor-element.elementor-element-iwgw-rama-ccb .jet-button__state-hover .jet-button__label{text-align:center;margin:0px 0px 0px 0px;color:#FECC76;font-family:Montserrat,sans-serif;font-size:13px;font-weight:400;letter-spacing:4px;line-height:1.714em;text-transform:uppercase;}.elementor-element.elementor-element-iwgw-rama-ccb .jet-button__plane-normal{background-color:#FECC76;border-style:solid;border-color:#C99540;border-width:2px 2px 2px 2px;}.elementor-element.elementor-element-iwgw-rama-ccb .jet-button__plane-hover{background-color:rgba(0,0,0,0.55);border-style:solid;border-color:#FECC76;border-width:2px 2px 2px 2px;}<\/style>\t\t\t\t<\/div>\n\t\t\t\t<\/div>\n\t\t\t\t<div class=\"elementor-element elementor-element-iwgw-rama-ccd elementor-widget elementor-widget-text-editor\" data-id=\"iwgw-rama-ccd\" data-element_type=\"widget\" data-e-type=\"widget\" data-widget_type=\"text-editor.default\">\n\t\t\t\t\t\t\t\t\t<div data-nosnippet=\"true\"><p style=\"text-align:center;font-size:13px;opacity:0.7;margin-top:14px\" data-nosnippet=\"true\">Osobn\u00e9 sk\u00fasenosti sa m\u00f4\u017eu l\u00ed\u0161i\u0165. Nie je to zdravotn\u00edcka pom\u00f4cka. \u017diadny pr\u00eds\u013eub lie\u010denia.<\/p><\/div>\t\t\t\t\t\t\t\t<\/div>\n\t\t\t\t\t<\/div>\n\t\t\t\t<\/div>\n\t\t\t\t\t<\/div>\n\t\t\t\t<\/div>\n\t\t<div class=\"elementor-element elementor-element-iwgw-rama-disc e-flex e-con-boxed e-con e-parent\" data-id=\"iwgw-rama-disc\" data-element_type=\"container\" data-e-type=\"container\">\n\t\t\t\t\t<div class=\"e-con-inner\">\n\t\t\t\t<div class=\"elementor-element elementor-element-iwgw-rama-discw elementor-widget elementor-widget-html\" data-id=\"iwgw-rama-discw\" data-element_type=\"widget\" data-e-type=\"widget\" data-widget_type=\"html.default\">\n\t\t\t\t\t<footer data-nosnippet=\"true\" class=\"iwg-disclaimer-block\"><p data-nosnippet=\"true\">iWell Guard <strong>nie je zdravotn\u00edcka pom\u00f4cka<\/strong> a nenahr\u00e1dza lek\u00e1rske ani psychoterapeutick\u00e9 o\u0161etrenie. Religionistick\u00fd obsah predstavuje kult\u00farno-historick\u00e9 zaradenie, nie odpor\u00fa\u010danie duchovnej praxe.<\/p><\/footer>\t\t\t\t<\/div>\n\t\t\t\t\t<\/div>\n\t\t\t\t<\/div>\n\t\t\t\t<\/div>\n\t\t","protected":false},"excerpt":{"rendered":"","protected":false},"author":3,"featured_media":3378,"parent":0,"menu_order":0,"comment_status":"closed","ping_status":"closed","template":"elementor_header_footer","meta":{"_yoast_wpseo_focuskw":"R\u00e1ma Avat\u00e1ra Vi\u0161nu","_yoast_wpseo_title":"R\u00e1ma - hrdina eposu R\u00e1m\u00e1jana a naplnenie povinnosti","_yoast_wpseo_metadesc":"R\u00e1ma, siedma avat\u00e1ra Vi\u0161nua, je hrdinom R\u00e1m\u00e1jany a symbolom dharmickej kr\u00e1\u013eovskej vl\u00e1dy. Hlavn\u00fdm zdrojom je epos pripisovan\u00fd V\u00e1lm\u00edkimu.","_yoast_wpseo_meta-robots-noindex":"","_yoast_wpseo_canonical":"","_angie_page":false,"gefaehrdungsstufe":"","wesen_kultur":"","wesen_klasse":"","footnotes":""},"categories":[],"class_list":["post-158032","page","type-page","status-publish","has-post-thumbnail","hentry"],"yoast_head":"<!-- This site is optimized with the Yoast SEO Premium plugin v27.7 (Yoast SEO v28.3) - https:\/\/yoast.com\/product\/yoast-seo-premium-wordpress\/ -->\n<title>R\u00e1ma - hrdina eposu R\u00e1m\u00e1jana a naplnenie povinnosti<\/title>\n<meta name=\"description\" content=\"R\u00e1ma, siedma avat\u00e1ra Vi\u0161nua, je hrdinom R\u00e1m\u00e1jany a symbolom dharmickej kr\u00e1\u013eovskej vl\u00e1dy. Hlavn\u00fdm zdrojom je epos pripisovan\u00fd V\u00e1lm\u00edkimu.\" \/>\n<meta name=\"robots\" content=\"index, follow, max-snippet:-1, max-image-preview:large, max-video-preview:-1\" \/>\n<link rel=\"canonical\" href=\"https:\/\/iwell-guard.com\/sk\/rama-siedma-avatara-visnua\/\" \/>\n<meta property=\"og:locale\" content=\"sk_SK\" \/>\n<meta property=\"og:type\" content=\"article\" \/>\n<meta property=\"og:title\" content=\"R\u00e1ma \u2013 siedma avat\u00e1ra Vi\u0161nua\" \/>\n<meta property=\"og:description\" content=\"R\u00e1ma, siedma avat\u00e1ra Vi\u0161nua, je hrdinom R\u00e1m\u00e1jany a symbolom dharmickej kr\u00e1\u013eovskej vl\u00e1dy. Hlavn\u00fdm zdrojom je epos pripisovan\u00fd V\u00e1lm\u00edkimu.\" \/>\n<meta property=\"og:url\" content=\"https:\/\/iwell-guard.com\/sk\/rama-siedma-avatara-visnua\/\" \/>\n<meta property=\"og:site_name\" content=\"iWell Guard\" \/>\n<meta property=\"article:modified_time\" content=\"2026-09-04T22:49:01+00:00\" \/>\n<meta property=\"og:image\" content=\"https:\/\/iwell-guard.com\/wp-content\/uploads\/2026\/05\/goetter_hinduismus_rama.webp\" \/>\n\t<meta property=\"og:image:width\" content=\"1024\" \/>\n\t<meta property=\"og:image:height\" content=\"1536\" \/>\n\t<meta property=\"og:image:type\" content=\"image\/webp\" \/>\n<meta name=\"twitter:card\" content=\"summary_large_image\" \/>\n<script type=\"application\/ld+json\" class=\"yoast-schema-graph\">{\"@context\":\"https:\\\/\\\/schema.org\",\"@graph\":[{\"@type\":\"WebPage\",\"@id\":\"https:\\\/\\\/iwell-guard.com\\\/sk\\\/rama-siedma-avatara-visnua\\\/\",\"url\":\"https:\\\/\\\/iwell-guard.com\\\/sk\\\/rama-siedma-avatara-visnua\\\/\",\"name\":\"R\u00e1ma - hrdina eposu R\u00e1m\u00e1jana a naplnenie povinnosti\",\"isPartOf\":{\"@id\":\"https:\\\/\\\/iwell-guard.com\\\/sk\\\/#website\"},\"primaryImageOfPage\":{\"@id\":\"https:\\\/\\\/iwell-guard.com\\\/sk\\\/rama-siedma-avatara-visnua\\\/#primaryimage\"},\"image\":{\"@id\":\"https:\\\/\\\/iwell-guard.com\\\/sk\\\/rama-siedma-avatara-visnua\\\/#primaryimage\"},\"thumbnailUrl\":\"https:\\\/\\\/iwell-guard.com\\\/wp-content\\\/uploads\\\/2026\\\/05\\\/goetter_hinduismus_rama.webp\",\"datePublished\":\"2026-09-04T22:20:50+00:00\",\"dateModified\":\"2026-09-04T22:49:01+00:00\",\"description\":\"R\u00e1ma, siedma avat\u00e1ra Vi\u0161nua, je hrdinom R\u00e1m\u00e1jany a symbolom dharmickej kr\u00e1\u013eovskej vl\u00e1dy. Hlavn\u00fdm zdrojom je epos pripisovan\u00fd V\u00e1lm\u00edkimu.\",\"breadcrumb\":{\"@id\":\"https:\\\/\\\/iwell-guard.com\\\/sk\\\/rama-siedma-avatara-visnua\\\/#breadcrumb\"},\"inLanguage\":\"sk-SK\",\"potentialAction\":[{\"@type\":\"ReadAction\",\"target\":[\"https:\\\/\\\/iwell-guard.com\\\/sk\\\/rama-siedma-avatara-visnua\\\/\"]}]},{\"@type\":\"ImageObject\",\"inLanguage\":\"sk-SK\",\"@id\":\"https:\\\/\\\/iwell-guard.com\\\/sk\\\/rama-siedma-avatara-visnua\\\/#primaryimage\",\"url\":\"https:\\\/\\\/iwell-guard.com\\\/wp-content\\\/uploads\\\/2026\\\/05\\\/goetter_hinduismus_rama.webp\",\"contentUrl\":\"https:\\\/\\\/iwell-guard.com\\\/wp-content\\\/uploads\\\/2026\\\/05\\\/goetter_hinduismus_rama.webp\",\"width\":1024,\"height\":1536,\"caption\":\"Bohovia z hinduistickej trad\u00edcie.\"},{\"@type\":\"BreadcrumbList\",\"@id\":\"https:\\\/\\\/iwell-guard.com\\\/sk\\\/rama-siedma-avatara-visnua\\\/#breadcrumb\",\"itemListElement\":[{\"@type\":\"ListItem\",\"position\":1,\"name\":\"Start\",\"item\":\"https:\\\/\\\/iwell-guard.com\\\/sk\\\/?page_id=157572\"},{\"@type\":\"ListItem\",\"position\":2,\"name\":\"R\u00e1ma \u2013 siedma avat\u00e1ra Vi\u0161nua\"}]},{\"@type\":\"WebSite\",\"@id\":\"https:\\\/\\\/iwell-guard.com\\\/sk\\\/#website\",\"url\":\"https:\\\/\\\/iwell-guard.com\\\/sk\\\/\",\"name\":\"iWell Guard\",\"description\":\"Schutz vor dunklen Einfl\u00fcssen\",\"publisher\":{\"@id\":\"https:\\\/\\\/iwell-guard.com\\\/sk\\\/#organization\"},\"potentialAction\":[{\"@type\":\"SearchAction\",\"target\":{\"@type\":\"EntryPoint\",\"urlTemplate\":\"https:\\\/\\\/iwell-guard.com\\\/sk\\\/?s={search_term_string}\"},\"query-input\":{\"@type\":\"PropertyValueSpecification\",\"valueRequired\":true,\"valueName\":\"search_term_string\"}}],\"inLanguage\":\"sk-SK\"},{\"@type\":\"Organization\",\"@id\":\"https:\\\/\\\/iwell-guard.com\\\/sk\\\/#organization\",\"name\":\"Ittermann electronic GmbH\",\"url\":\"https:\\\/\\\/iwell-guard.com\\\/sk\\\/\",\"logo\":{\"@type\":\"ImageObject\",\"inLanguage\":\"sk-SK\",\"@id\":\"https:\\\/\\\/iwell-guard.com\\\/sk\\\/#\\\/schema\\\/logo\\\/image\\\/\",\"url\":\"https:\\\/\\\/iwell-guard.com\\\/wp-content\\\/uploads\\\/2026\\\/05\\\/Ittermann-Logo-1182x237-1.png\",\"contentUrl\":\"https:\\\/\\\/iwell-guard.com\\\/wp-content\\\/uploads\\\/2026\\\/05\\\/Ittermann-Logo-1182x237-1.png\",\"width\":1182,\"height\":237,\"caption\":\"Ittermann electronic GmbH\"},\"image\":{\"@id\":\"https:\\\/\\\/iwell-guard.com\\\/sk\\\/#\\\/schema\\\/logo\\\/image\\\/\"},\"sameAs\":[\"https:\\\/\\\/pantip.com\\\/profile\\\/9367242\",\"https:\\\/\\\/micro.blog\\\/iwellguard\",\"https:\\\/\\\/www.diggerslist.com\\\/iwellguard\\\/about\",\"https:\\\/\\\/skitterphoto.com\\\/photographers\\\/2870314\\\/iwell-guard\",\"https:\\\/\\\/iwellguard.wordpress.com\\\/2026\\\/06\\\/06\\\/iwell-guard\\\/\",\"https:\\\/\\\/hub.docker.com\\\/u\\\/iwellguard\",\"https:\\\/\\\/www.pinterest.com\\\/iwellguard\\\/\",\"https:\\\/\\\/bit.ly\\\/m\\\/iwellguard\",\"https:\\\/\\\/entre-vos-mains.alsace.eu\\\/profiles\\\/iwellguard\\\/activity\",\"https:\\\/\\\/gravatar.com\\\/reallybeded8fd34\",\"https:\\\/\\\/naijamatta.com\\\/iwellguard\",\"https:\\\/\\\/www.goodreads.com\\\/iwellguard\",\"https:\\\/\\\/profile.hatena.ne.jp\\\/iwellguard\\\/\",\"https:\\\/\\\/experiment.com\\\/users\\\/iwellguard\",\"https:\\\/\\\/wakelet.com\\\/@iWellGuard82270\",\"https:\\\/\\\/www.chordie.com\\\/forum\\\/profile.php?id=2555664\",\"https:\\\/\\\/www.instapaper.com\\\/p\\\/17757966\",\"https:\\\/\\\/www.mapleprimes.com\\\/users\\\/iwellguard\",\"https:\\\/\\\/businesslistingplus.com\\\/profile\\\/iwell-guard\\\/\",\"https:\\\/\\\/telegra.ph\\\/iWell-Guard-06-06\",\"https:\\\/\\\/pbase.com\\\/iwellguard\\\/iwellguard\",\"https:\\\/\\\/b.hatena.ne.jp\\\/iwellguard\\\/20260607#bookmark-4788405196491818882\",\"https:\\\/\\\/fliphtml5.com\\\/home\\\/iwellguard\",\"https:\\\/\\\/anyflip.com\\\/homepage\\\/cmiwl#About\",\"https:\\\/\\\/transfur.com\\\/Users\\\/iwellguard\",\"http:\\\/\\\/delphi.larsbo.org\\\/user\\\/iwellguard\",\"https:\\\/\\\/jobs.lajobsportal.org\\\/profiles\\\/8380803-iwell-guard\",\"https:\\\/\\\/md.chaosdorf.de\\\/s\\\/jfbe5SBdJD\",\"https:\\\/\\\/www.lingvolive.com\\\/en-us\\\/profile\\\/9ecaeaca-ce11-4e51-9e71-01d55e2bff36\\\/translations\",\"https:\\\/\\\/www.fitday.com\\\/fitness\\\/forums\\\/members\\\/iwellguard.html\",\"https:\\\/\\\/www.mymeetbook.com\\\/iwellguard\",\"https:\\\/\\\/pxhere.com\\\/en\\\/photographer-me\\\/5040798\",\"https:\\\/\\\/disqus.com\\\/by\\\/iwellguard\\\/about\\\/\",\"https:\\\/\\\/pastelink.net\\\/hjwciqwq\",\"https:\\\/\\\/pubhtml5.com\\\/homepage\\\/scjhn\\\/\",\"https:\\\/\\\/www.bitchute.com\\\/channel\\\/2O2eOKzNqujT\",\"https:\\\/\\\/audiomack.com\\\/iwellguard\"]}]}<\/script>\n<!-- \/ Yoast SEO Premium plugin. -->","yoast_head_json":{"title":"R\u00e1ma - hrdina eposu R\u00e1m\u00e1jana a naplnenie povinnosti","description":"R\u00e1ma, siedma avat\u00e1ra Vi\u0161nua, je hrdinom R\u00e1m\u00e1jany a symbolom dharmickej kr\u00e1\u013eovskej vl\u00e1dy. Hlavn\u00fdm zdrojom je epos pripisovan\u00fd V\u00e1lm\u00edkimu.","robots":{"index":"index","follow":"follow","max-snippet":"max-snippet:-1","max-image-preview":"max-image-preview:large","max-video-preview":"max-video-preview:-1"},"canonical":"https:\/\/iwell-guard.com\/sk\/rama-siedma-avatara-visnua\/","og_locale":"sk_SK","og_type":"article","og_title":"R\u00e1ma \u2013 siedma avat\u00e1ra Vi\u0161nua","og_description":"R\u00e1ma, siedma avat\u00e1ra Vi\u0161nua, je hrdinom R\u00e1m\u00e1jany a symbolom dharmickej kr\u00e1\u013eovskej vl\u00e1dy. Hlavn\u00fdm zdrojom je epos pripisovan\u00fd V\u00e1lm\u00edkimu.","og_url":"https:\/\/iwell-guard.com\/sk\/rama-siedma-avatara-visnua\/","og_site_name":"iWell Guard","article_modified_time":"2026-09-04T22:49:01+00:00","og_image":[{"width":1024,"height":1536,"url":"https:\/\/iwell-guard.com\/wp-content\/uploads\/2026\/05\/goetter_hinduismus_rama.webp","type":"image\/webp"}],"twitter_card":"summary_large_image","schema":{"@context":"https:\/\/schema.org","@graph":[{"@type":"WebPage","@id":"https:\/\/iwell-guard.com\/sk\/rama-siedma-avatara-visnua\/","url":"https:\/\/iwell-guard.com\/sk\/rama-siedma-avatara-visnua\/","name":"R\u00e1ma - hrdina eposu R\u00e1m\u00e1jana a naplnenie povinnosti","isPartOf":{"@id":"https:\/\/iwell-guard.com\/sk\/#website"},"primaryImageOfPage":{"@id":"https:\/\/iwell-guard.com\/sk\/rama-siedma-avatara-visnua\/#primaryimage"},"image":{"@id":"https:\/\/iwell-guard.com\/sk\/rama-siedma-avatara-visnua\/#primaryimage"},"thumbnailUrl":"https:\/\/iwell-guard.com\/wp-content\/uploads\/2026\/05\/goetter_hinduismus_rama.webp","datePublished":"2026-09-04T22:20:50+00:00","dateModified":"2026-09-04T22:49:01+00:00","description":"R\u00e1ma, siedma avat\u00e1ra Vi\u0161nua, je hrdinom R\u00e1m\u00e1jany a symbolom dharmickej kr\u00e1\u013eovskej vl\u00e1dy. Hlavn\u00fdm zdrojom je epos pripisovan\u00fd V\u00e1lm\u00edkimu.","breadcrumb":{"@id":"https:\/\/iwell-guard.com\/sk\/rama-siedma-avatara-visnua\/#breadcrumb"},"inLanguage":"sk-SK","potentialAction":[{"@type":"ReadAction","target":["https:\/\/iwell-guard.com\/sk\/rama-siedma-avatara-visnua\/"]}]},{"@type":"ImageObject","inLanguage":"sk-SK","@id":"https:\/\/iwell-guard.com\/sk\/rama-siedma-avatara-visnua\/#primaryimage","url":"https:\/\/iwell-guard.com\/wp-content\/uploads\/2026\/05\/goetter_hinduismus_rama.webp","contentUrl":"https:\/\/iwell-guard.com\/wp-content\/uploads\/2026\/05\/goetter_hinduismus_rama.webp","width":1024,"height":1536,"caption":"Bohovia z hinduistickej trad\u00edcie."},{"@type":"BreadcrumbList","@id":"https:\/\/iwell-guard.com\/sk\/rama-siedma-avatara-visnua\/#breadcrumb","itemListElement":[{"@type":"ListItem","position":1,"name":"Start","item":"https:\/\/iwell-guard.com\/sk\/?page_id=157572"},{"@type":"ListItem","position":2,"name":"R\u00e1ma \u2013 siedma avat\u00e1ra Vi\u0161nua"}]},{"@type":"WebSite","@id":"https:\/\/iwell-guard.com\/sk\/#website","url":"https:\/\/iwell-guard.com\/sk\/","name":"iWell Guard","description":"Schutz vor dunklen Einfl\u00fcssen","publisher":{"@id":"https:\/\/iwell-guard.com\/sk\/#organization"},"potentialAction":[{"@type":"SearchAction","target":{"@type":"EntryPoint","urlTemplate":"https:\/\/iwell-guard.com\/sk\/?s={search_term_string}"},"query-input":{"@type":"PropertyValueSpecification","valueRequired":true,"valueName":"search_term_string"}}],"inLanguage":"sk-SK"},{"@type":"Organization","@id":"https:\/\/iwell-guard.com\/sk\/#organization","name":"Ittermann electronic GmbH","url":"https:\/\/iwell-guard.com\/sk\/","logo":{"@type":"ImageObject","inLanguage":"sk-SK","@id":"https:\/\/iwell-guard.com\/sk\/#\/schema\/logo\/image\/","url":"https:\/\/iwell-guard.com\/wp-content\/uploads\/2026\/05\/Ittermann-Logo-1182x237-1.png","contentUrl":"https:\/\/iwell-guard.com\/wp-content\/uploads\/2026\/05\/Ittermann-Logo-1182x237-1.png","width":1182,"height":237,"caption":"Ittermann electronic GmbH"},"image":{"@id":"https:\/\/iwell-guard.com\/sk\/#\/schema\/logo\/image\/"},"sameAs":["https:\/\/pantip.com\/profile\/9367242","https:\/\/micro.blog\/iwellguard","https:\/\/www.diggerslist.com\/iwellguard\/about","https:\/\/skitterphoto.com\/photographers\/2870314\/iwell-guard","https:\/\/iwellguard.wordpress.com\/2026\/06\/06\/iwell-guard\/","https:\/\/hub.docker.com\/u\/iwellguard","https:\/\/www.pinterest.com\/iwellguard\/","https:\/\/bit.ly\/m\/iwellguard","https:\/\/entre-vos-mains.alsace.eu\/profiles\/iwellguard\/activity","https:\/\/gravatar.com\/reallybeded8fd34","https:\/\/naijamatta.com\/iwellguard","https:\/\/www.goodreads.com\/iwellguard","https:\/\/profile.hatena.ne.jp\/iwellguard\/","https:\/\/experiment.com\/users\/iwellguard","https:\/\/wakelet.com\/@iWellGuard82270","https:\/\/www.chordie.com\/forum\/profile.php?id=2555664","https:\/\/www.instapaper.com\/p\/17757966","https:\/\/www.mapleprimes.com\/users\/iwellguard","https:\/\/businesslistingplus.com\/profile\/iwell-guard\/","https:\/\/telegra.ph\/iWell-Guard-06-06","https:\/\/pbase.com\/iwellguard\/iwellguard","https:\/\/b.hatena.ne.jp\/iwellguard\/20260607#bookmark-4788405196491818882","https:\/\/fliphtml5.com\/home\/iwellguard","https:\/\/anyflip.com\/homepage\/cmiwl#About","https:\/\/transfur.com\/Users\/iwellguard","http:\/\/delphi.larsbo.org\/user\/iwellguard","https:\/\/jobs.lajobsportal.org\/profiles\/8380803-iwell-guard","https:\/\/md.chaosdorf.de\/s\/jfbe5SBdJD","https:\/\/www.lingvolive.com\/en-us\/profile\/9ecaeaca-ce11-4e51-9e71-01d55e2bff36\/translations","https:\/\/www.fitday.com\/fitness\/forums\/members\/iwellguard.html","https:\/\/www.mymeetbook.com\/iwellguard","https:\/\/pxhere.com\/en\/photographer-me\/5040798","https:\/\/disqus.com\/by\/iwellguard\/about\/","https:\/\/pastelink.net\/hjwciqwq","https:\/\/pubhtml5.com\/homepage\/scjhn\/","https:\/\/www.bitchute.com\/channel\/2O2eOKzNqujT","https:\/\/audiomack.com\/iwellguard"]}]}},"_links":{"self":[{"href":"https:\/\/iwell-guard.com\/sk\/wp-json\/wp\/v2\/pages\/158032","targetHints":{"allow":["GET"]}}],"collection":[{"href":"https:\/\/iwell-guard.com\/sk\/wp-json\/wp\/v2\/pages"}],"about":[{"href":"https:\/\/iwell-guard.com\/sk\/wp-json\/wp\/v2\/types\/page"}],"author":[{"embeddable":true,"href":"https:\/\/iwell-guard.com\/sk\/wp-json\/wp\/v2\/users\/3"}],"replies":[{"embeddable":true,"href":"https:\/\/iwell-guard.com\/sk\/wp-json\/wp\/v2\/comments?post=158032"}],"version-history":[{"count":0,"href":"https:\/\/iwell-guard.com\/sk\/wp-json\/wp\/v2\/pages\/158032\/revisions"}],"wp:featuredmedia":[{"embeddable":true,"href":"https:\/\/iwell-guard.com\/sk\/wp-json\/wp\/v2\/media\/3378"}],"wp:attachment":[{"href":"https:\/\/iwell-guard.com\/sk\/wp-json\/wp\/v2\/media?parent=158032"}],"wp:term":[{"taxonomy":"category","embeddable":true,"href":"https:\/\/iwell-guard.com\/sk\/wp-json\/wp\/v2\/categories?post=158032"}],"curies":[{"name":"wp","href":"https:\/\/api.w.org\/{rel}","templated":true}]}}