{"id":158028,"date":"2026-09-04T22:20:48","date_gmt":"2026-09-04T22:20:48","guid":{"rendered":"https:\/\/iwell-guard.com\/?page_id=158028"},"modified":"2026-09-04T22:48:53","modified_gmt":"2026-09-04T22:48:53","slug":"utukku-duchovia-mrtvych-demoni-podsvetia","status":"publish","type":"page","link":"https:\/\/iwell-guard.com\/sk\/utukku-duchovia-mrtvych-demoni-podsvetia\/","title":{"rendered":"Utukku \u2013 duchovia m\u0155tvych a d\u00e9moni podsvetia"},"content":{"rendered":"\t\t<div data-elementor-type=\"wp-page\" data-elementor-id=\"158028\" class=\"elementor elementor-158028 elementor-2922 elementor-bc-flex-widget\" data-elementor-post-type=\"page\">\n\t\t\t\t<div class=\"elementor-element elementor-element-heroae1e90b e-flex e-con-boxed e-con e-parent\" data-id=\"heroae1e90b\" data-element_type=\"container\" data-e-type=\"container\">\n\t\t\t\t\t<div class=\"e-con-inner\">\n\t\t\t\t<div class=\"elementor-element elementor-element-heroimg37adfaf iwg-hero-image elementor-widget elementor-widget-image\" data-id=\"heroimg37adfaf\" data-element_type=\"widget\" data-e-type=\"widget\" data-widget_type=\"image.default\">\n\t\t\t\t\t\t\t\t\t\t\t\t\t\t\t<img fetchpriority=\"high\" decoding=\"async\" width=\"683\" height=\"1024\" src=\"https:\/\/iwell-guard.com\/wp-content\/uploads\/2026\/05\/daemonen_mesopotamien_utukku-683x1024.webp\" class=\"attachment-large size-large wp-image-159649\" alt=\"Utukkuovia - d\u00e9moni z mezopot\u00e1mskej trad\u00edcie, historicko-ilustra\u010dn\u00e9 zobrazenie\" srcset=\"https:\/\/iwell-guard.com\/wp-content\/uploads\/2026\/05\/daemonen_mesopotamien_utukku-683x1024.webp 683w, https:\/\/iwell-guard.com\/wp-content\/uploads\/2026\/05\/daemonen_mesopotamien_utukku-200x300.webp 200w, https:\/\/iwell-guard.com\/wp-content\/uploads\/2026\/05\/daemonen_mesopotamien_utukku-768x1152.webp 768w, https:\/\/iwell-guard.com\/wp-content\/uploads\/2026\/05\/daemonen_mesopotamien_utukku.webp 1024w\" sizes=\"(max-width: 683px) 100vw, 683px\" \/>\t\t\t\t\t\t\t\t\t\t\t\t\t\t\t<\/div>\n\t\t\t\t\t<\/div>\n\t\t\t\t<\/div>\n\t\t<div class=\"elementor-element elementor-element-iwgw-utukku-hero e-flex e-con-boxed e-con e-parent\" data-id=\"iwgw-utukku-hero\" data-element_type=\"container\" data-e-type=\"container\">\n\t\t\t\t\t<div class=\"e-con-inner\">\n\t\t\t\t<div class=\"elementor-element elementor-element-iwgw-utukku-h1 elementor-widget elementor-widget-heading\" data-id=\"iwgw-utukku-h1\" data-element_type=\"widget\" data-e-type=\"widget\" data-widget_type=\"heading.default\">\n\t\t\t\t\t<h1 class=\"elementor-heading-title elementor-size-default\">Utukku \u2013 mezopot\u00e1mski duchovia m\u0155tvych a d\u00e9moni podsvetia<\/h1>\t\t\t\t<\/div>\n\t\t\t\t<div class=\"elementor-element elementor-element-iwgw-utukku-pills elementor-widget elementor-widget-html\" data-id=\"iwgw-utukku-pills\" data-element_type=\"widget\" data-e-type=\"widget\" data-widget_type=\"html.default\">\n\t\t\t\t\t<div class=\"iwg-pill-row\"><span class=\"iwg-klasse-badge\" tabindex=\"0\" data-tooltip=\"D\u00e9mon trad\u00edcie Mezopot\u00e1mia.\">D\u00e9mon<\/span><a href=\"https:\/\/iwell-guard.com\/sk\/mezopotamia\/\" class=\"iwg-kultur-badge\" tabindex=\"0\" data-tooltip=\"Mytol\u00f3gia trad\u00edcie Mezopot\u00e1mia.\">Mezopot\u00e1mia<\/a><span class=\"iwg-tradition-badge\" tabindex=\"0\" data-tooltip=\"Duch m\u0155tveho.\">Duch m\u0155tveho<\/span><\/div>\t\t\t\t<\/div>\n\t\t\t\t<div class=\"elementor-element elementor-element-iwgw-utukku-lead elementor-widget elementor-widget-text-editor\" data-id=\"iwgw-utukku-lead\" data-element_type=\"widget\" data-e-type=\"widget\" data-widget_type=\"text-editor.default\">\n\t\t\t\t\t\t\t\t\t<p>Utukku nie je jednotliv\u00e1 bytos\u0165, ale s\u00fahrnn\u00e9 ozna\u010denie pre triedu mezopot\u00e1mskych duchovn\u00fdch bytost\u00ed. Pohybovali sa medzi podsvet\u00edm a svetom \u017eiv\u00fdch, boli pova\u017eovan\u00e9 za p\u00f4vodcov chor\u00f4b a ne\u0161\u0165astia a st\u00e1li v centre rozsiahlej zakl\u00ednacej literat\u00fary.<\/p>\t\t\t\t\t\t\t\t<\/div>\n\t\t\t\t\t<\/div>\n\t\t\t\t<\/div>\n\t\t<div class=\"elementor-element elementor-element-iwgw-utukku-s0 e-flex e-con-boxed e-con e-parent\" data-id=\"iwgw-utukku-s0\" data-element_type=\"container\" data-e-type=\"container\">\n\t\t\t\t\t<div class=\"e-con-inner\">\n\t\t\t\t<div class=\"elementor-element elementor-element-iwgw-utukku-s0h elementor-widget elementor-widget-heading\" data-id=\"iwgw-utukku-s0h\" data-element_type=\"widget\" data-e-type=\"widget\" data-widget_type=\"heading.default\">\n\t\t\t\t\t<h2 class=\"elementor-heading-title elementor-size-default\">Zaradenie<\/h2>\t\t\t\t<\/div>\n\t\t\t\t<div class=\"elementor-element elementor-element-iwgw-utukku-s0t elementor-widget elementor-widget-text-editor\" data-id=\"iwgw-utukku-s0t\" data-element_type=\"widget\" data-e-type=\"widget\" data-widget_type=\"text-editor.default\">\n\t\t\t\t\t\t\t\t\t<p>Pojem Utukku patr\u00ed do slovn\u00edka mezopot\u00e1mskej d\u00e9monol\u00f3gie. Neozna\u010duje jedin\u00fa, jasne vymedzen\u00fa postavu, ale cel\u00fa kateg\u00f3riu duchovn\u00fdch bytost\u00ed, ktor\u00e9 v textoch <a href=\"https:\/\/iwell-guard.com\/sk\/mezopotamia\/\">Mezopot\u00e1mie<\/a> hrali d\u00f4le\u017eit\u00fa \u00falohu po st\u00e1ro\u010dia.<\/p><p>Utukku mohli by\u0165 zlomyse\u013en\u00fdmi, ale v ur\u010dit\u00fdch s\u00favislostiach aj neutr\u00e1lnymi \u010di ochrann\u00fdmi bytos\u0165ami, av\u0161ak v n\u00e1bo\u017eenskom be\u017enom \u017eivote dominovali nebezpe\u010dn\u00e9, \u0161kodliv\u00e9 utukku.<\/p><p>Mezopot\u00e1msky svet predst\u00e1v poznal mnoho tried d\u00e9monov a duchov. Okrem utukku sa vyskytovali bytosti ako etemmu, duchovia m\u0155tvych v u\u017e\u0161om zmysle, a \u010fal\u0161ie skupiny d\u00e9monov.<\/p><p>Hranice medzi t\u00fdmito kateg\u00f3riami boli plynul\u00e9 a texty nepou\u017e\u00edvaj\u00fa pojmy v\u017edy striktne oddelene. Utukku mohli by\u0165 ch\u00e1pan\u00ed ako duchovia zosnul\u00fdch, ktor\u00ed nena\u0161li pokoj, ale rovnako aj ako samostatn\u00e9 d\u00e9monick\u00e9 sily bez \u013eudsk\u00e9ho p\u00f4vodu.<\/p><p>Z h\u013eadiska dej\u00edn n\u00e1bo\u017eenstva s\u00fa utukku d\u00f4le\u017eit\u00ed, preto\u017ee na nich mo\u017eno vidie\u0165 mezopot\u00e1mske ch\u00e1panie choroby, ne\u0161\u0165astia a smrti. Utrpenie sa \u010dasto nevykladalo ako \u010disto telesn\u00fd jav, ale ako p\u00f4sobenie nadprirodzen\u00fdch s\u00edl. Utukku patrili medzi bytosti, ktor\u00fdm sa tak\u00e9to p\u00f4sobenie prisudzovalo.<\/p>\t\t\t\t\t\t\t\t<\/div>\n\t\t\t\t\t<\/div>\n\t\t\t\t<\/div>\n\t\t<div class=\"elementor-element elementor-element-iwgw-utukku-s1 e-flex e-con-boxed e-con e-parent\" data-id=\"iwgw-utukku-s1\" data-element_type=\"container\" data-e-type=\"container\">\n\t\t\t\t\t<div class=\"e-con-inner\">\n\t\t\t\t<div class=\"elementor-element elementor-element-iwgw-utukku-s1h elementor-widget elementor-widget-heading\" data-id=\"iwgw-utukku-s1h\" data-element_type=\"widget\" data-e-type=\"widget\" data-widget_type=\"heading.default\">\n\t\t\t\t\t<h2 class=\"elementor-heading-title elementor-size-default\">Meno a etymol\u00f3gia<\/h2>\t\t\t\t<\/div>\n\t\t\t\t<div class=\"elementor-element elementor-element-iwgw-utukku-s1t elementor-widget elementor-widget-text-editor\" data-id=\"iwgw-utukku-s1t\" data-element_type=\"widget\" data-e-type=\"widget\" data-widget_type=\"text-editor.default\">\n\t\t\t\t\t\t\t\t\t<p>Pojem je v sumer\u010dine zaznamenan\u00fd ako <em>udug<\/em> a v akkad\u010dine bol prevzat\u00fd ako Utukku. Presn\u00fd p\u00f4vodn\u00fd v\u00fdznam sumersk\u00e9ho slova nie je jednozna\u010dne objasnen\u00fd. Vo v\u0161eobecnosti ozna\u010duje duchovn\u00fa bytos\u0165 alebo <span class=\"iwg-fachbegriff\" data-tooltip=\"Duchovn\u00e1 bytos\u0165, ktorej sa pripisuje \u0161kodliv\u00e9 alebo protire\u010div\u00e9 p\u00f4sobenie.\" tabindex=\"0\">d\u00e9mona<\/span> a pod\u013ea kontextu m\u00f4\u017ee znamena\u0165 ve\u013emi r\u00f4zne bytosti.<\/p><p>Charakteristick\u00e9 je, \u017ee slovo len zriedka stoj\u00ed samostatne. V textoch sa v\u00e4\u010d\u0161inou vyskytuje s bli\u017e\u0161ie ur\u010duj\u00facim doplnkom. Zl\u00e1 varianta sa v akkad\u010dine naz\u00fdva Utukku Lemnu, teda zl\u00fd utukku.<\/p><p>Naproti tomu mohol by\u0165 utukku ozna\u010den\u00fd aj ako priazniv\u00fd alebo ochrann\u00fd. Toto rozdelenie ukazuje, \u017ee pojem najprv ozna\u010duje ist\u00fd druh bytosti, ktorej mor\u00e1lna orient\u00e1cia je ur\u010den\u00e1 a\u017e pripojen\u00fdm pr\u00edvlastkom.<\/p><p>V odbornej literat\u00fare sa Utukku pr\u00edle\u017eitostne preklad\u00e1 v\u0161eobecne ako <span class=\"iwg-fachbegriff\" data-tooltip=\"Duchovn\u00e1 bytos\u0165, ktorej sa pripisuje \u0161kodliv\u00e9 alebo protire\u010div\u00e9 p\u00f4sobenie.\" tabindex=\"0\">d\u00e9mon<\/span> alebo <span class=\"iwg-fachbegriff\" data-tooltip=\"Netelesn\u00e1 bytos\u0165, ktorej sa pripisuje p\u00f4sobenie vo svete.\" tabindex=\"0\">duch<\/span>. Tieto preklady s\u00fa len pribli\u017en\u00e9, preto\u017ee mezopot\u00e1msky koncept sa nezhoduje s modern\u00fdmi predstavami o d\u00e9monoch. Mno\u017en\u00e9 \u010d\u00edslo, ktor\u00e9 ozna\u010duje cel\u00fa skupinu tak\u00fdchto bytost\u00ed, hr\u00e1 v zakl\u00ednac\u00edch textoch osobitn\u00fa \u00falohu.<\/p>\t\t\t\t\t\t\t\t<\/div>\n\t\t\t\t\t<\/div>\n\t\t\t\t<\/div>\n\t\t<div class=\"elementor-element elementor-element-iwgw-utukku-s2 e-flex e-con-boxed e-con e-parent\" data-id=\"iwgw-utukku-s2\" data-element_type=\"container\" data-e-type=\"container\">\n\t\t\t\t\t<div class=\"e-con-inner\">\n\t\t\t\t<div class=\"elementor-element elementor-element-iwgw-utukku-s2h elementor-widget elementor-widget-heading\" data-id=\"iwgw-utukku-s2h\" data-element_type=\"widget\" data-e-type=\"widget\" data-widget_type=\"heading.default\">\n\t\t\t\t\t<h2 class=\"elementor-heading-title elementor-size-default\">Popis a ikonografia<\/h2>\t\t\t\t<\/div>\n\t\t\t\t<div class=\"elementor-element elementor-element-iwgw-utukku-s2t elementor-widget elementor-widget-text-editor\" data-id=\"iwgw-utukku-s2t\" data-element_type=\"widget\" data-e-type=\"widget\" data-widget_type=\"text-editor.default\">\n\t\t\t\t\t\t\t\t\t<p>Utukku sa vymykaj\u00fa pevn\u00e9mu v\u00fdtvarn\u00e9mu zobrazeniu, pr\u00e1ve preto, \u017ee ide o s\u00fahrnn\u00fa kateg\u00f3riu. Na rozdiel od d\u00e9monky <a href=\"https:\/\/iwell-guard.com\/sk\/lamashtu\/\">Lama\u0161tu<\/a> alebo <span class=\"iwg-fachbegriff\" data-tooltip=\"Duchovn\u00e1 bytos\u0165, ktorej sa pripisuje \u0161kodliv\u00e9 alebo protire\u010div\u00e9 p\u00f4sobenie.\" tabindex=\"0\">d\u00e9mona<\/span> <a href=\"https:\/\/iwell-guard.com\/sk\/pazuzu\/\">Pazuzu<\/a>, ktor\u00ed s\u00fa v umen\u00ed zachyten\u00ed jasne rozpoznate\u013en\u00fdmi zmie\u0161an\u00fdmi podobami, utukku zost\u00e1vali v\u00e4\u010d\u0161inou bez jednozna\u010dne kanonizovan\u00e9ho v\u00fdzoru.<\/p><p>Texty ich \u010dasto popisuj\u00fa ako desiv\u00e9, beztvar\u00e9 alebo tienist\u00e9. Mohli s\u00eddli\u0165 v p\u00fa\u0161ti, na opusten\u00fdch miestach, v ruin\u00e1ch alebo v oblasti hrobov.<\/p><p>Niektor\u00e9 podania ich zobrazuj\u00fa ako bytosti, ktor\u00e9 sa objavuj\u00fa v polotieni, k\u013a\u017eu sa pozd\u013a\u017e stien alebo sa zdr\u017eiavaj\u00fa vo dver\u00e1ch a na prahoch. Ich hrozivos\u0165 spo\u010d\u00edva pr\u00e1ve v ich nepolapite\u013enosti. S\u00fa v\u0161ade a nikde, nebadane prenikaj\u00fa do domov a do tiel.<\/p><p>Kde texty konkr\u00e9tnej\u0161ie popisuj\u00fa jednotliv\u00fdch zl\u00fdch utukku, zd\u00f4raz\u0148uj\u00fa ich krut\u00fa, nemilosrdn\u00fa povahu. Prirovn\u00e1vaj\u00fa sa k b\u00farkov\u00fdm vetrom, k drav\u00fdm zvierat\u00e1m alebo k chladu smrti.<\/p><p>Tieto jazykov\u00e9 obrazy vyvol\u00e1vaj\u00fa dojem sily, ktor\u00e1 sa vynor\u00ed, zmocn\u00ed sa a nepust\u00ed. Absencia pevnej ikonografie z h\u013eadiska dej\u00edn n\u00e1bo\u017eenstva zd\u00f4raz\u0148uje, \u017ee utukku boli ch\u00e1pan\u00ed menej ako obrazov\u00e9 postavy a viac ako za\u017e\u00edvan\u00e1 hrozba.<\/p>\t\t\t\t\t\t\t\t<\/div>\n\t\t\t\t\t<\/div>\n\t\t\t\t<\/div>\n\t\t<div class=\"elementor-element elementor-element-iwgw-utukku-s3 e-flex e-con-boxed e-con e-parent\" data-id=\"iwgw-utukku-s3\" data-element_type=\"container\" data-e-type=\"container\">\n\t\t\t\t\t<div class=\"e-con-inner\">\n\t\t\t\t<div class=\"elementor-element elementor-element-iwgw-utukku-s3h elementor-widget elementor-widget-heading\" data-id=\"iwgw-utukku-s3h\" data-element_type=\"widget\" data-e-type=\"widget\" data-widget_type=\"heading.default\">\n\t\t\t\t\t<h2 class=\"elementor-heading-title elementor-size-default\">Mytologick\u00e9 rozpr\u00e1vania<\/h2>\t\t\t\t<\/div>\n\t\t\t\t<div class=\"elementor-element elementor-element-iwgw-utukku-s3t elementor-widget elementor-widget-text-editor\" data-id=\"iwgw-utukku-s3t\" data-element_type=\"widget\" data-e-type=\"widget\" data-widget_type=\"text-editor.default\">\n\t\t\t\t\t\t\t\t\t<p>Na rozdiel od ve\u013ek\u00fdch bohov nestoja Utukku v centre vlastn\u00fdch m\u00fdtov s dejom a rozpr\u00e1va\u010dsk\u00fdm obl\u00fakom. Objavuj\u00fa sa sk\u00f4r v zakl\u00ednac\u00edch a ritu\u00e1lnych textoch, ktor\u00e9 samy obsahuj\u00fa vlastn\u00fa formu m\u00fdtick\u00e9ho rozpr\u00e1vania. Tieto texty \u010dasto zobrazuj\u00fa p\u00f4vod d\u00e9monov, ich vlastnosti a ich \u0161kodliv\u00e9 p\u00f4sobenie, aby ich tak podriadili ritu\u00e1lnej kontrole.<\/p><p>Najd\u00f4le\u017eitej\u0161\u00edm prame\u0148om je ve\u013ek\u00e1 zakl\u00ednacia s\u00e9ria, zn\u00e1ma v b\u00e1dan\u00ed ako Utukku Lemnutu, teda zl\u00ed Utukku. Ide o rozsiahlu zbierku zakl\u00ednadiel rozlo\u017een\u00fa na mnoh\u00fdch tabu\u013ek\u00e1ch.<\/p><p>T\u00e1to s\u00e9ria sa odovzd\u00e1vala, kop\u00edrovala a komentovala po dlh\u00fd \u010das. Obsahuje popisy toho, ako d\u00e9moni vystupuj\u00fa z podsvetia, putuj\u00fa krajinou a nap\u00e1daj\u00fa \u013eud\u00ed.<\/p><p>Opakuj\u00facim sa mot\u00edvom je obraz Siedmich, skupiny obzvl\u00e1\u0161\u0165 ob\u00e1van\u00fdch d\u00e9monick\u00fdch bytost\u00ed, ktor\u00e9 nepoznaj\u00fa hanbu ani milosrdenstvo, nie s\u00fa ani mu\u017esk\u00e9, ani \u017eensk\u00e9 a prehn\u00e1vaj\u00fa sa nad zemou ako b\u00farka. Tieto Siedmi b\u00fdvaj\u00fa niekedy sp\u00e1jan\u00e9 s Utukku a pova\u017euj\u00fa sa za posolov, ktor\u00ed vykon\u00e1vaj\u00fa ne\u0161\u0165astie.<\/p><p>Charakteristick\u00e1 pre tieto texty je kon\u0161tel\u00e1cia medzi \u010dlovekom, <span class=\"iwg-fachbegriff\" data-tooltip=\"Duchovn\u00e1 bytos\u0165, ktorej sa pripisuje \u0161kodliv\u00e9 alebo rozporupln\u00e9 p\u00f4sobenie.\" tabindex=\"0\">d\u00e9monom<\/span> a bohom. \u010clovek napadnut\u00fd Utukku je bezmocn\u00fd. Zakl\u00ednac\u00ed k\u0148az vystupuje ako prostredn\u00edk a vz\u00fdva bohov, predov\u0161etk\u00fdm boha m\u00fadrosti Enkiho a jeho syna, boha zakl\u00ednan\u00ed.<\/p><p>V \u010dasto sa opakuj\u00facom nara\u010dnom vzore sa syn bezradne obracia na svojho otca Enkiho, ktor\u00fd mu odovzd\u00e1 potrebn\u00e9 vedomosti, tak\u017ee uzdravenie sa zjavuje ako sprostredkovanie bo\u017eskej m\u00fadrosti.<\/p><p>S autoritou bohov je <span class=\"iwg-fachbegriff\" data-tooltip=\"Duchovn\u00e1 bytos\u0165, ktorej sa pripisuje \u0161kodliv\u00e9 alebo rozporupln\u00e9 p\u00f4sobenie.\" tabindex=\"0\">d\u00e9monovi<\/span> nariaden\u00e9, aby opustil \u010dloveka a vr\u00e1til sa do podsvetia. Toto ritu\u00e1lne rozpr\u00e1vanie sa opakuje v mnoh\u00fdch variantoch a tvor\u00ed jadro mezopot\u00e1mskeho vyrovn\u00e1vania sa s Utukku.<\/p><p>Niektor\u00e9 texty sp\u00e1jaj\u00fa Utukku aj s nepochovan\u00fdmi alebo zanedban\u00fdmi mrtvymi. Kto nedostal riadny pohreb alebo o koho kult mrtvych sa nedbalo, mohol sa vr\u00e1ti\u0165 ako nespokojn\u00fd <span class=\"iwg-fachbegriff\" data-tooltip=\"Beztelesn\u00e1 bytos\u0165, ktorej sa pripisuje p\u00f4sobenie vo svete.\" tabindex=\"0\">duch<\/span> a ob\u0165a\u017eova\u0165 \u017eiv\u00fdch.<\/p><p>Aj n\u00e1siln\u00e1 smr\u0165, smr\u0165 \u010faleko od domoviny alebo ch\u00fdbaj\u00faci potomkovia, ktor\u00ed by zabezpe\u010dovali kult mrtvych, sa pova\u017eovali za d\u00f4vody nepokoja ducha. V tomto v\u00fdklade s\u00fa Utukku \u00fazko spojen\u00ed s mezopot\u00e1mskou predstavou o vz\u0165ahu \u017eiv\u00fdch k svojim mrtvym.<\/p>\t\t\t\t\t\t\t\t<\/div>\n\t\t\t\t\t<\/div>\n\t\t\t\t<\/div>\n\t\t<div class=\"elementor-element elementor-element-iwgw-utukku-s4 e-flex e-con-boxed e-con e-parent\" data-id=\"iwgw-utukku-s4\" data-element_type=\"container\" data-e-type=\"container\">\n\t\t\t\t\t<div class=\"e-con-inner\">\n\t\t\t\t<div class=\"elementor-element elementor-element-iwgw-utukku-s4h elementor-widget elementor-widget-heading\" data-id=\"iwgw-utukku-s4h\" data-element_type=\"widget\" data-e-type=\"widget\" data-widget_type=\"heading.default\">\n\t\t\t\t\t<h2 class=\"elementor-heading-title elementor-size-default\">Kult a uctievanie<\/h2>\t\t\t\t<\/div>\n\t\t\t\t<div class=\"elementor-element elementor-element-iwgw-utukku-s4t elementor-widget elementor-widget-text-editor\" data-id=\"iwgw-utukku-s4t\" data-element_type=\"widget\" data-e-type=\"widget\" data-widget_type=\"text-editor.default\">\n\t\t\t\t\t\t\t\t\t<p>Ke\u010f\u017ee zl\u00ed Utukku boli pova\u017eovan\u00ed za \u0161kodliv\u00e9 mocnosti, neexistoval vo\u010di nim \u017eiadny <span class=\"iwg-fachbegriff\" data-tooltip=\"S\u00fahrn n\u00e1bo\u017eensk\u00fdch \u00factov\u00fdch \u00fakonov vo\u010di bo\u017estvu alebo sv\u00e4tej postave.\" tabindex=\"0\">kult<\/span> v zmysle uctievania. Nestavali sa im <span class=\"iwg-fachbegriff\" data-tooltip=\"Stavba sl\u00fa\u017eiaca na uctievanie jedn\u00e9ho alebo viacer\u00fdch bo\u017estiev.\" tabindex=\"0\">chr\u00e1my<\/span> a neprin\u00e1\u0161ali sa im pravideln\u00e9 <span class=\"iwg-fachbegriff\" data-tooltip=\"Dar bo\u017estvu na vyjadrenie v\u010faky, prosby alebo uctenia.\" tabindex=\"0\">obete<\/span>, ako to bolo zvykom pri bohoch. N\u00e1bo\u017eensk\u00fd pr\u00edstup k Utukku spo\u010d\u00edval sk\u00f4r v obrane, zakl\u00ednan\u00ed a vyh\u00e1\u0148an\u00ed.<\/p><p>K\u013e\u00fa\u010dov\u00fdm akt\u00e9rom bol zakl\u00ednac\u00ed k\u0148az, po akkadsky naz\u00fdvan\u00fd a\u0161ipu. Disponoval potrebn\u00fdmi vedomos\u0165ami a ritu\u00e1lnymi textami. Tento \u0161pecialista vykon\u00e1val o\u010distn\u00e9 a obrann\u00e9 ritu\u00e1ly, recitoval zakl\u00ednadl\u00e1, vykon\u00e1val symbolick\u00e9 \u00fakony a v pr\u00edpade potreby vyr\u00e1bal fig\u00farky z hliny, vosku alebo cesta, ktor\u00e9 zastupovali <span class=\"iwg-fachbegriff\" data-tooltip=\"Duchovn\u00e1 bytos\u0165, ktorej sa pripisuje \u0161kodliv\u00e9 alebo rozporupln\u00e9 p\u00f4sobenie.\" tabindex=\"0\">d\u00e9mona<\/span> a boli zne\u0161kodnen\u00e9.<\/p><p>Okrem a\u0161ipu bolo mo\u017en\u00e9 privola\u0165 aj a\u0161u, druh lie\u010dite\u013ea, ktor\u00fd pracoval sk\u00f4r s rastlinami a l\u00e1tkami. Obaja \u0161pecialisti \u010dasto spolupracovali, tak\u017ee lie\u010dba \u010dloveka napadnut\u00e9ho Utukku sp\u00e1jala hovoren\u00e9 slovo, symbolick\u00fd \u00fakon a materi\u00e1lne prostriedky.<\/p><p>V r\u00e1mci tohto syst\u00e9mu hrali ve\u013ek\u00ed bohovia d\u00f4le\u017eit\u00fa \u00falohu, nie ako adres\u00e1ti kultu Utukku, ale ako mocnosti, ktor\u00fdch autorita sa uplat\u0148ovala proti d\u00e9monom.<\/p><p>\u0160ama\u0161 ako boh pr\u00e1va, Enki ako boh m\u00fadrosti a jeho syn, boh zakl\u00ednan\u00ed, boli vz\u00fdvan\u00ed obzvl\u00e1\u0161\u0165 \u010dasto. V zakl\u00ednadl\u00e1ch vystupuje k\u0148az v\u00fdslovne ako posol alebo splnomocnenec t\u00fdchto bohov, tak\u017ee nie on s\u00e1m, ale bo\u017esk\u00e1 moc vyh\u00e1\u0148a <span class=\"iwg-fachbegriff\" data-tooltip=\"Duchovn\u00e1 bytos\u0165, ktorej sa pripisuje \u0161kodliv\u00e9 alebo rozporupln\u00e9 p\u00f4sobenie.\" tabindex=\"0\">d\u00e9mona<\/span>.<\/p><p>Kult mrtvych pre vlastn\u00fdch zosnul\u00fdch mo\u017eno v tejto s\u00favislosti ch\u00e1pa\u0165 aj ako prevent\u00edvne opatrenie, preto\u017ee udr\u017eiavan\u00fd kult mrtvych s pravideln\u00fdmi vodn\u00fdmi a potravinov\u00fdmi obetami zabra\u0148oval tomu, aby sa zo zosnul\u00e9ho stal nepokojn\u00fd, \u0161kodliv\u00fd <span class=\"iwg-fachbegriff\" data-tooltip=\"Beztelesn\u00e1 bytos\u0165, ktorej sa pripisuje p\u00f4sobenie vo svete.\" tabindex=\"0\">duch<\/span>. Zanedbanie t\u00fdchto povinnost\u00ed sa pova\u017eovalo za jeden z podstatn\u00fdch d\u00f4vodov, pre\u010do sa duchovia v\u00f4bec st\u00e1vali su\u017eovate\u013emi \u017eiv\u00fdch.<\/p>\t\t\t\t\t\t\t\t<\/div>\n\t\t\t\t\t<\/div>\n\t\t\t\t<\/div>\n\t\t<div class=\"elementor-element elementor-element-iwgw-utukku-s5 e-flex e-con-boxed e-con e-parent\" data-id=\"iwgw-utukku-s5\" data-element_type=\"container\" data-e-type=\"container\">\n\t\t\t\t\t<div class=\"e-con-inner\">\n\t\t\t\t<div class=\"elementor-element elementor-element-iwgw-utukku-s5h elementor-widget elementor-widget-heading\" data-id=\"iwgw-utukku-s5h\" data-element_type=\"widget\" data-e-type=\"widget\" data-widget_type=\"heading.default\">\n\t\t\t\t\t<h2 class=\"elementor-heading-title elementor-size-default\">Ochrann\u00e1 prax a apotropaika<\/h2>\t\t\t\t<\/div>\n\t\t\t\t<div class=\"elementor-element elementor-element-iwgw-utukku-s5t elementor-widget elementor-widget-text-editor\" data-id=\"iwgw-utukku-s5t\" data-element_type=\"widget\" data-e-type=\"widget\" data-widget_type=\"text-editor.default\">\n\t\t\t\t\t\t\t\t\t<p>Ochrana pred Utukku patrila k najd\u00f4le\u017eitej\u0161\u00edm \u00faloh\u00e1m mezopot\u00e1mskej ritu\u00e1lnej praxe. Zakl\u00ednacia s\u00e9ria Utukku Lemnutu bola najrozsiahlej\u0161\u00edm n\u00e1strojom tejto obrany. Jej zakl\u00ednania sa \u010dasto riadili pevnou \u0161trukt\u00farou.<\/p><p>Najprv sa d\u00e9moni pomenovali a pop\u00edsala sa ich hrozivos\u0165, potom sa vz\u00fdvali bohovia a nakoniec bol vydan\u00fd pr\u00edkaz <span class=\"iwg-fachbegriff\" data-tooltip=\"Duchovn\u00e1 bytos\u0165, ktorej sa pripisuje \u0161kodliv\u00e9 alebo dvojzna\u010dn\u00e9 p\u00f4sobenie.\" tabindex=\"0\">d\u00e9monovi<\/span>, aby ust\u00fapil a vr\u00e1til sa do podsvetia.<\/p><p>K apotropajick\u00fdm opatreniam patrili o\u010distn\u00e9 ritu\u00e1ly s vodou, oh\u0148om a ur\u010dit\u00fdmi l\u00e1tkami. \u010casto sa vyr\u00e1bali n\u00e1hradn\u00e9 fig\u00farky, ktor\u00e9 predstavovali <span class=\"iwg-fachbegriff\" data-tooltip=\"Duchovn\u00e1 bytos\u0165, ktorej sa pripisuje \u0161kodliv\u00e9 alebo dvojzna\u010dn\u00e9 p\u00f4sobenie.\" tabindex=\"0\">d\u00e9mona<\/span> alebo pacienta. Ritu\u00e1lnymi \u00fakonmi na t\u00fdchto fig\u00farkach sa zlo malo za\u017eehna\u0165, sp\u00e1li\u0165 alebo odohna\u0165. Ochrane mohli sl\u00fa\u017ei\u0165 aj amulety a pop\u00edsan\u00e9 predmety.<\/p><p>D\u00f4le\u017eit\u00e9 bolo tie\u017e udr\u017eiavanie poriadku v dom\u00e1cnosti a vo vz\u0165ahu k mrtv\u00fdm. Zanedban\u00e9 hroby, naru\u0161en\u00e9 prahy a ne\u010dist\u00e9 miesta sa pova\u017eovali za vstupn\u00e9 br\u00e1ny pre Utukku. Kto dodr\u017eiaval ritu\u00e1lne pravidl\u00e1, staral sa o kult mrtvych a v pr\u00edpade choroby privolal zakl\u00ednacieho k\u0148aza, sna\u017eil sa tak\u00fdmto sp\u00f4sobom zabezpe\u010di\u0165 sa proti d\u00e9monom.<\/p><p>Vedeck\u00fd poh\u013ead ch\u00e1pe tieto praktiky ako s\u00fa\u010das\u0165 koherentn\u00e9ho sveton\u00e1zoru, v ktorom bola choroba a ne\u0161\u0165astie vysvetlite\u013en\u00e9 a t\u00fdm aj lie\u010dite\u013en\u00e9. \u00da\u010dinnos\u0165 v modernom lek\u00e1rskom zmysle sa t\u00fdm nepredpoklad\u00e1.<\/p>\t\t\t\t\t\t\t\t<\/div>\n\t\t\t\t\t<\/div>\n\t\t\t\t<\/div>\n\t\t<div class=\"elementor-element elementor-element-iwgw-utukku-s6 e-flex e-con-boxed e-con e-parent\" data-id=\"iwgw-utukku-s6\" data-element_type=\"container\" data-e-type=\"container\">\n\t\t\t\t\t<div class=\"e-con-inner\">\n\t\t\t\t<div class=\"elementor-element elementor-element-iwgw-utukku-s6h elementor-widget elementor-widget-heading\" data-id=\"iwgw-utukku-s6h\" data-element_type=\"widget\" data-e-type=\"widget\" data-widget_type=\"heading.default\">\n\t\t\t\t\t<h2 class=\"elementor-heading-title elementor-size-default\">Paralely v in\u00fdch kult\u00farach<\/h2>\t\t\t\t<\/div>\n\t\t\t\t<div class=\"elementor-element elementor-element-iwgw-utukku-s6t elementor-widget elementor-widget-text-editor\" data-id=\"iwgw-utukku-s6t\" data-element_type=\"widget\" data-e-type=\"widget\" data-widget_type=\"text-editor.default\">\n\t\t\t\t\t\t\t\t\t<p>Predstavy o nepokojn\u00fdch duchoch mrtvych a d\u00e9monoch prin\u00e1\u0161aj\u00facich choroby s\u00fa roz\u0161\u00edren\u00e9 v mnoh\u00fdch kult\u00farach. V r\u00e1mci starovek\u00e9ho Orientu mo\u017eno vysledova\u0165 s\u00favislosti so z\u00e1padosemitskou a nesk\u00f4r \u017eidovskou demonol\u00f3giou, kde sa objavuj\u00fa podobn\u00e9 koncepcie duchov a ne\u010dist\u00fdch s\u00edl.<\/p><p>Mezopot\u00e1mska zakl\u00ednacia literat\u00fara sa vo v\u00fdskume pova\u017euje za jeden z podkladov neskor\u0161\u00edch zakl\u00ednac\u00edch trad\u00edci\u00ed, napr\u00edklad v aramejskej trad\u00edcii zakl\u00ednac\u00edch misiek z <span class=\"iwg-fachbegriff\" data-tooltip=\"Prechodn\u00e9 obdobie medzi antikou a stredovekom, pribli\u017ene 3. a\u017e 7. storo\u010die.\" tabindex=\"0\">neskorej antiky<\/span>, kde s\u00fa d\u00e9moni tie\u017e menovite ozna\u010dovan\u00ed a zah\u00e1\u0148an\u00ed.<\/p><p>\u0160truktur\u00e1lne porovnate\u013en\u00e1 je predstava, \u017ee choroba vznik\u00e1 vniknut\u00edm cudzej, duchovnej bytosti a m\u00f4\u017ee sa vylie\u010di\u0165 ritu\u00e1lnym vyhnan\u00edm. Podobn\u00e9 koncepcie sa vyskytuj\u00fa v mnoh\u00fdch predmodern\u00fdch lie\u010debn\u00fdch syst\u00e9moch.<\/p><p>Aj <span class=\"iwg-fachbegriff\" data-tooltip=\"Opakuj\u00faci sa obsahov\u00fd prvok v umen\u00ed alebo rozpr\u00e1van\u00ed.\" tabindex=\"0\">mot\u00edv<\/span> nepochovan\u00e9ho mrtveho, ktor\u00fd sa vracia ako <span class=\"iwg-fachbegriff\" data-tooltip=\"Beztelesn\u00e1 bytos\u0165, ktorej sa pripisuje p\u00f4sobenie vo svete.\" tabindex=\"0\">duch<\/span>, je ve\u013emi roz\u0161\u00edren\u00fd a objavuje sa napr\u00edklad v gr\u00e9ckej a r\u00edmskej predstavovej sf\u00e9re, kde sa duchovia mrtvych pri zanedbanom pohrebe pova\u017eovali za nepokojn\u00fdch a museli sa upokoji\u0165 vlastn\u00fdmi obradmi.<\/p><p>Pri v\u0161etk\u00fdch podobnostiach je potrebn\u00e1 opatrnos\u0165. Utukku s\u00fa zasaden\u00ed do \u0161pecifick\u00e9ho mezopot\u00e1mskeho syst\u00e9mu, ktor\u00fd m\u00e1 vlastn\u00fdch bohov, vlastn\u00fa predstavu podsvetia a vlastn\u00fa ritu\u00e1lnu trad\u00edciu.<\/p><p>Paralely sa preto maj\u00fa ch\u00e1pa\u0165 ako typologick\u00e1 pr\u00edbuznos\u0165, nie ako jednoduch\u00e9 stoto\u017enenie. N\u00e1bo\u017eensko-porovn\u00e1vac\u00ed v\u00fdskum ich vyu\u017e\u00edva na popis v\u0161eobecn\u00fdch vzorov v zaobch\u00e1dzan\u00ed s chorobou, smr\u0165ou a neviden\u00fdmi silami.<\/p>\t\t\t\t\t\t\t\t<\/div>\n\t\t\t\t\t<\/div>\n\t\t\t\t<\/div>\n\t\t<div class=\"elementor-element elementor-element-iwgw-utukku-s7 e-flex e-con-boxed e-con e-parent\" data-id=\"iwgw-utukku-s7\" data-element_type=\"container\" data-e-type=\"container\">\n\t\t\t\t\t<div class=\"e-con-inner\">\n\t\t\t\t<div class=\"elementor-element elementor-element-iwgw-utukku-s7h elementor-widget elementor-widget-heading\" data-id=\"iwgw-utukku-s7h\" data-element_type=\"widget\" data-e-type=\"widget\" data-widget_type=\"heading.default\">\n\t\t\t\t\t<h2 class=\"elementor-heading-title elementor-size-default\">S\u00fa\u010dasn\u00e1 recepcia a v\u00fdskum<\/h2>\t\t\t\t<\/div>\n\t\t\t\t<div class=\"elementor-element elementor-element-iwgw-utukku-s7t elementor-widget elementor-widget-text-editor\" data-id=\"iwgw-utukku-s7t\" data-element_type=\"widget\" data-e-type=\"widget\" data-widget_type=\"text-editor.default\">\n\t\t\t\t\t\t\t\t\t<p>Utukku s\u00fa zn\u00e1mi predov\u0161etk\u00fdm v\u010faka vedeck\u00e9mu spracovaniu zakl\u00ednacej s\u00e9rie Utukku Lemnutu. T\u00e1to s\u00e9ria bola rekon\u0161truovan\u00e1, editovan\u00e1 a prelo\u017een\u00e1 z mnoh\u00fdch klinopisn\u00fdch tabuliek. Mnoh\u00e9 z t\u00fdchto tabuliek poch\u00e1dzaj\u00fa z kni\u017enice as\u00fdrskeho kr\u00e1\u013ea A\u0161\u0161urbanipala v Ninive, \u010fal\u0161ie zo star\u0161\u00edch textov\u00fdch n\u00e1lezov, ktor\u00e9 siahaj\u00fa a\u017e do druh\u00e9ho tis\u00edcro\u010dia.<\/p><p>Pr\u00e1ca na t\u00fdchto textoch je n\u00e1ro\u010dn\u00e1, preto\u017ee s\u00e9ria bola tradovan\u00e1 po\u010das dlh\u00e9ho \u010dasov\u00e9ho obdobia a existuje v r\u00f4znych verzi\u00e1ch, \u010diasto\u010dne s dvojjazy\u010dn\u00fdmi sumersko-akkadsk\u00fdmi pas\u00e1\u017eami, v ktor\u00fdch je sumersk\u00e9 <span class=\"iwg-fachbegriff\" data-tooltip=\"Jazykov\u00fd ritu\u00e1l, ktor\u00fd m\u00e1 privola\u0165 alebo sp\u00fata\u0165 nejak\u00fa moc.\" tabindex=\"0\">zakl\u00ednanie<\/span> riadok po riadku doprev\u00e1dzan\u00e9 akkadsk\u00fdm prekladom.<\/p><p>D\u00f4le\u017eit\u00fdm v\u00fdsledkom v\u00fdskumu je poznanie, \u017ee mezopot\u00e1mska demonol\u00f3gia nebola neusporiadanou <span class=\"iwg-fachbegriff\" data-tooltip=\"N\u00e1bo\u017eensk\u00e9 predstavy a zvyky, ktor\u00e9 s\u00fa roz\u0161\u00edren\u00e9 v ka\u017edodennom \u017eivote.\" tabindex=\"0\">\u013eudovou vierou<\/span>, ale u\u010den\u00fdm, p\u00edsomne tradovan\u00fdm syst\u00e9mom. Pojmy ako Utukku, Etemmu alebo Alu boli s\u00fa\u010das\u0165ou odborn\u00e9ho jazyka, ktor\u00fd sa vyu\u010doval v pis\u00e1rskych \u0161kol\u00e1ch. V\u00fdskum diskutuje o tom, ako presne boli tieto kateg\u00f3rie navz\u00e1jom vymedzen\u00e9 a nako\u013eko sa prekr\u00fdvali.<\/p><p>V\u00fdskum sa zauj\u00edma predov\u0161etk\u00fdm o mezopot\u00e1msku predstavu choroby, lie\u010denia a \u00falohy zakl\u00ednacieho k\u0148aza.<\/p><p>Na textoch o Utukku sa d\u00e1 \u0161tudova\u0165, ako \u00fazko boli prepleten\u00e9 n\u00e1bo\u017eensk\u00fd v\u00fdklad, ritu\u00e1lna prax a to, \u010do mo\u017eno ozna\u010di\u0165 za rann\u00fa lie\u010debn\u00fa prax. Zakl\u00ednac\u00ed k\u0148azi mali k dispoz\u00edcii rozsiahle textov\u00e9 znalosti, ktor\u00e9 boli zhroma\u017eden\u00e9 v u\u010deneck\u00fdch kni\u017eniciach prv\u00e9ho tis\u00edcro\u010dia.<\/p><p>V popul\u00e1rnej recepcii sa v\u00fdraz Utukku pr\u00edle\u017eitostne pou\u017e\u00edva na ozna\u010denie mezopot\u00e1mskych d\u00e9monov, \u010dasto v\u0161ak bez presn\u00e9ho odkazu na pramene.<\/p><p>Vecn\u00e9 zaoberanie sa Utukku sa opiera o kritick\u00e9 ed\u00edcie zakl\u00ednac\u00edch textov a o asyriologick\u00fa odborn\u00fa literat\u00faru, ktor\u00e1 tieto bytosti zara\u010fuje do ich historick\u00e9ho a n\u00e1bo\u017eensk\u00e9ho kontextu. Ukazuje Utukku ako pevn\u00fa s\u00fa\u010das\u0165 diferencovanej demonol\u00f3gie, ktor\u00e1 formovala mezopot\u00e1mske ch\u00e1panie sveta a utrpenia.<\/p>\t\t\t\t\t\t\t\t<\/div>\n\t\t\t\t\t<\/div>\n\t\t\t\t<\/div>\n\t\t<div class=\"elementor-element elementor-element-iwgw-utukku-lit e-flex e-con-boxed e-con e-parent\" data-id=\"iwgw-utukku-lit\" data-element_type=\"container\" data-e-type=\"container\">\n\t\t\t\t\t<div class=\"e-con-inner\">\n\t\t\t\t<div class=\"elementor-element elementor-element-iwgw-utukku-lith elementor-widget elementor-widget-heading\" data-id=\"iwgw-utukku-lith\" data-element_type=\"widget\" data-e-type=\"widget\" data-widget_type=\"heading.default\">\n\t\t\t\t\t<h2 class=\"elementor-heading-title elementor-size-default\">Literat\u00fara (v\u00fdber)<\/h2>\t\t\t\t<\/div>\n\t\t\t\t<div class=\"elementor-element elementor-element-iwgw-utukku-litt elementor-widget elementor-widget-text-editor\" data-id=\"iwgw-utukku-litt\" data-element_type=\"widget\" data-e-type=\"widget\" data-widget_type=\"text-editor.default\">\n\t\t\t\t\t\t\t\t\t<ul><li>Markham J. Geller: <em>Evil Demons. Canonical Utukk\u016b Lemn\u016btu Incantations<\/em> (2007)<\/li><li><span data-nosnippet>Jeremy Black, Anthony Green: <em>Gods, Demons and Symbols of Ancient Mesopotamia<\/em> (1992)<\/span><\/li><li>Walter Farber: <em>Lama\u0161tu. An Edition of the Canonical Series of Lama\u0161tu Incantations<\/em> (2014)<\/li><li>Jean Bott\u00e9ro: <em>Die \u00e4lteste Religion. Mesopotamien<\/em> (2001)<\/li><li>Frans A. M. Wiggermann: <em>Mesopotamian Protective Spirits<\/em> (1992)<\/li><\/ul>\t\t\t\t\t\t\t\t<\/div>\n\t\t\t\t\t<\/div>\n\t\t\t\t<\/div>\n\t\t<div class=\"elementor-element elementor-element-iwgkw2-add-utukku e-flex e-con-boxed e-con e-parent\" data-id=\"iwgkw2-add-utukku\" data-element_type=\"container\" data-e-type=\"container\">\n\t\t\t\t\t<div class=\"e-con-inner\">\n\t\t\t\t<div class=\"elementor-element elementor-element-iwgkw2-add-utukku-t elementor-widget elementor-widget-text-editor\" data-id=\"iwgkw2-add-utukku-t\" data-element_type=\"widget\" data-e-type=\"widget\" data-widget_type=\"text-editor.default\">\n\t\t\t\t\t\t\t\t\t<p>Utukku patria v akkadskej zakl\u00ednacej literat\u00fare k ob\u00e1van\u00fdm <em>podsvetn\u00fdm d\u00e9monom<\/em>, ktor\u00ed ako nepokojn\u00ed duchovia mrtvych mohli prinies\u0165 chorobu a ne\u0161\u0165astie na \u017eiv\u00fdch; hlavn\u00fdm prame\u0148om je s\u00e9ria Utukku Lemnutu.<\/p>\t\t\t\t\t\t\t\t<\/div>\n\t\t\t\t\t<\/div>\n\t\t\t\t<\/div>\n\t\t<div class=\"elementor-element elementor-element-iwgw-utukku-kwd e-flex e-con-boxed e-con e-parent\" data-id=\"iwgw-utukku-kwd\" data-element_type=\"container\" data-e-type=\"container\">\n\t\t\t\t\t<div class=\"e-con-inner\">\n\t\t\t\t<div class=\"elementor-element elementor-element-iwgw-utukku-kwdt elementor-widget elementor-widget-text-editor\" data-id=\"iwgw-utukku-kwdt\" data-element_type=\"widget\" data-e-type=\"widget\" data-widget_type=\"text-editor.default\">\n\t\t\t\t\t\t\t\t\t<p><em>S\u00favisiace k\u013e\u00fa\u010dov\u00e9 pojmy: Utukku Lemnutu udug zakl\u00ednacia s\u00e9ria duch mrtveho Etemmu zakl\u00ednac\u00ed k\u0148az podsvetie.<\/em><\/p>\t\t\t\t\t\t\t\t<\/div>\n\t\t\t\t\t<\/div>\n\t\t\t\t<\/div>\n\t\t<div class=\"elementor-element elementor-element-iwgw-utukku-cc e-flex e-con-boxed e-con e-parent\" data-id=\"iwgw-utukku-cc\" data-element_type=\"container\" data-e-type=\"container\" id=\"iwg-cc-utukku\">\n\t\t\t\t\t<div class=\"e-con-inner\">\n\t\t<div class=\"elementor-element elementor-element-iwgw-utukku-ccinner e-flex e-con-boxed e-con e-parent\" data-id=\"iwgw-utukku-ccinner\" data-element_type=\"container\" data-e-type=\"container\" data-settings=\"{&quot;background_background&quot;:&quot;classic&quot;}\">\n\t\t\t\t\t<div class=\"e-con-inner\">\n\t\t\t\t<div class=\"elementor-element elementor-element-iwgw-utukku-cch elementor-widget elementor-widget-heading\" data-id=\"iwgw-utukku-cch\" data-element_type=\"widget\" data-e-type=\"widget\" data-widget_type=\"heading.default\">\n\t\t\t\t\t<h2 class=\"elementor-heading-title elementor-size-default\">iWell Guard a ochrann\u00e9 trad\u00edcie<\/h2>\t\t\t\t<\/div>\n\t\t\t\t<div class=\"elementor-element elementor-element-iwgw-utukku-cct elementor-widget elementor-widget-text-editor\" data-id=\"iwgw-utukku-cct\" data-element_type=\"widget\" data-e-type=\"widget\" data-widget_type=\"text-editor.default\">\n\t\t\t\t\t\t\t\t\t<div data-nosnippet=\"true\"><p>iWell Guard nadv\u00e4zuje na kult\u00farno-historick\u00fa trad\u00edciu prenosn\u00fdch ochrann\u00fdch predmetov, v trad\u00edcii <a href=\"https:\/\/iwell-guard.com\/sk\/mezopotamia\/\">Mezopot\u00e1mie<\/a> a mnoh\u00fdch \u010fal\u0161\u00edch kult\u00far po celom svete. 41 vrstiev, skuto\u010dn\u00e9 zlato, platina, striebro, vyroben\u00e9 v Nemecku. 30-d\u0148ov\u00e1 mo\u017enos\u0165 vr\u00e1tenia.<\/p><\/div>\t\t\t\t\t\t\t\t<\/div>\n\t\t\t\t<div class=\"elementor-element elementor-element-iwgw-utukku-ccb iwg-cc-button iwg-cc-cta-2026-05-13 elementor-widget elementor-widget-jet-button\" data-id=\"iwgw-utukku-ccb\" data-element_type=\"widget\" data-e-type=\"widget\" data-widget_type=\"jet-button.default\">\n\t\t\t\t<div class=\"elementor-widget-container\">\n\t\t\t\t\t<div class=\"elementor-jet-button jet-elements\"><div class=\"jet-button__container\"><a class=\"jet-button__instance jet-button__instance--icon-left hover-effect-1\" href=\"\/ueber-iwell-guard\/?utm_source=iwell-guard.com&amp;utm_medium=info-box&amp;utm_campaign=wesen-tradition\"><div class=\"jet-button__plane jet-button__plane-normal\"><\/div><div class=\"jet-button__plane jet-button__plane-hover\"><\/div><div class=\"jet-button__state jet-button__state-normal\"><span class=\"jet-button__label\">Viac o iWell Guard<\/span><\/div><div class=\"jet-button__state jet-button__state-hover\"><span class=\"jet-button__label\">Viac o iWell Guard<\/span><\/div><\/a><\/div><\/div><style>.elementor-element.elementor-element-iwgw-utukku-ccb .jet-button__instance{width:320px;height:56px;}.elementor-element.elementor-element-iwgw-utukku-ccb .jet-button__state-normal .jet-button__label{text-align:center;margin:0px 0px 0px 0px;color:#1a1b20;font-family:Montserrat,sans-serif;font-size:13px;font-weight:400;letter-spacing:4px;line-height:1.714em;text-transform:uppercase;}.elementor-element.elementor-element-iwgw-utukku-ccb .jet-button__state-hover .jet-button__label{text-align:center;margin:0px 0px 0px 0px;color:#FECC76;font-family:Montserrat,sans-serif;font-size:13px;font-weight:400;letter-spacing:4px;line-height:1.714em;text-transform:uppercase;}.elementor-element.elementor-element-iwgw-utukku-ccb .jet-button__plane-normal{background-color:#FECC76;border-style:solid;border-color:#C99540;border-width:2px 2px 2px 2px;}.elementor-element.elementor-element-iwgw-utukku-ccb .jet-button__plane-hover{background-color:rgba(0,0,0,0.55);border-style:solid;border-color:#FECC76;border-width:2px 2px 2px 2px;}<\/style>\t\t\t\t<\/div>\n\t\t\t\t<\/div>\n\t\t\t\t<div class=\"elementor-element elementor-element-iwgw-utukku-ccd elementor-widget elementor-widget-text-editor\" data-id=\"iwgw-utukku-ccd\" data-element_type=\"widget\" data-e-type=\"widget\" data-widget_type=\"text-editor.default\">\n\t\t\t\t\t\t\t\t\t<div data-nosnippet=\"true\"><p style=\"text-align:center;font-size:13px;opacity:0.7;margin-top:14px\" data-nosnippet=\"true\">Osobn\u00e9 sk\u00fasenosti sa m\u00f4\u017eu l\u00ed\u0161i\u0165. Nie je to zdravotn\u00edcka pom\u00f4cka. \u017diadny pr\u00eds\u013eub lie\u010denia.<\/p><\/div>\t\t\t\t\t\t\t\t<\/div>\n\t\t\t\t\t<\/div>\n\t\t\t\t<\/div>\n\t\t\t\t\t<\/div>\n\t\t\t\t<\/div>\n\t\t<div class=\"elementor-element elementor-element-iwgw-utukku-disc e-flex e-con-boxed e-con e-parent\" data-id=\"iwgw-utukku-disc\" data-element_type=\"container\" data-e-type=\"container\">\n\t\t\t\t\t<div class=\"e-con-inner\">\n\t\t\t\t<div class=\"elementor-element elementor-element-iwgw-utukku-discw elementor-widget elementor-widget-html\" data-id=\"iwgw-utukku-discw\" data-element_type=\"widget\" data-e-type=\"widget\" data-widget_type=\"html.default\">\n\t\t\t\t\t<footer data-nosnippet=\"true\" class=\"iwg-disclaimer-block\"><p data-nosnippet=\"true\">iWell Guard <strong>nie je zdravotn\u00edcka pom\u00f4cka<\/strong> a nenahr\u00e1dza lek\u00e1rske ani psychoterapeutick\u00e9 o\u0161etrenie. Religionistick\u00fd obsah predstavuje kult\u00farno-historick\u00e9 zaradenie, nie odpor\u00fa\u010danie duchovnej praxe.<\/p><\/footer>\t\t\t\t<\/div>\n\t\t\t\t\t<\/div>\n\t\t\t\t<\/div>\n\t\t\t\t<\/div>\n\t\t","protected":false},"excerpt":{"rendered":"","protected":false},"author":3,"featured_media":3380,"parent":0,"menu_order":0,"comment_status":"closed","ping_status":"closed","template":"elementor_header_footer","meta":{"_yoast_wpseo_focuskw":"Utukku mezopot\u00e1mski d\u00e9moni","_yoast_wpseo_title":"Utukku \u2013 mezopot\u00e1mski duchovia m\u0155tvych a d\u00e9moni","_yoast_wpseo_metadesc":"Utukku ozna\u010duje triedu mezopot\u00e1mskych d\u00e9monov a duchov m\u0155tvych. Religionistick\u00e9 zaradenie s zakl\u00ednacou s\u00e9riou, kultom a prame\u0148mi.","_yoast_wpseo_meta-robots-noindex":"","_yoast_wpseo_canonical":"","_angie_page":false,"gefaehrdungsstufe":"3","wesen_kultur":"mesopotamien","wesen_klasse":"daemonen","footnotes":""},"categories":[],"class_list":["post-158028","page","type-page","status-publish","has-post-thumbnail","hentry"],"yoast_head":"<!-- This site is optimized with the Yoast SEO Premium plugin v27.7 (Yoast SEO v28.3) - https:\/\/yoast.com\/product\/yoast-seo-premium-wordpress\/ -->\n<title>Utukku \u2013 mezopot\u00e1mski duchovia m\u0155tvych a d\u00e9moni<\/title>\n<meta name=\"description\" content=\"Utukku ozna\u010duje triedu mezopot\u00e1mskych d\u00e9monov a duchov m\u0155tvych. Religionistick\u00e9 zaradenie s zakl\u00ednacou s\u00e9riou, kultom a prame\u0148mi.\" \/>\n<meta name=\"robots\" content=\"index, follow, max-snippet:-1, max-image-preview:large, max-video-preview:-1\" \/>\n<link rel=\"canonical\" href=\"https:\/\/iwell-guard.com\/sk\/utukku-duchovia-mrtvych-demoni-podsvetia\/\" \/>\n<meta property=\"og:locale\" content=\"sk_SK\" \/>\n<meta property=\"og:type\" content=\"article\" \/>\n<meta property=\"og:title\" content=\"Utukku \u2013 duchovia m\u0155tvych a d\u00e9moni podsvetia\" \/>\n<meta property=\"og:description\" content=\"Utukku ozna\u010duje triedu mezopot\u00e1mskych d\u00e9monov a duchov m\u0155tvych. Religionistick\u00e9 zaradenie s zakl\u00ednacou s\u00e9riou, kultom a prame\u0148mi.\" \/>\n<meta property=\"og:url\" content=\"https:\/\/iwell-guard.com\/sk\/utukku-duchovia-mrtvych-demoni-podsvetia\/\" \/>\n<meta property=\"og:site_name\" content=\"iWell Guard\" \/>\n<meta property=\"article:modified_time\" content=\"2026-09-04T22:48:53+00:00\" \/>\n<meta property=\"og:image\" content=\"https:\/\/iwell-guard.com\/wp-content\/uploads\/2026\/05\/daemonen_mesopotamien_utukku.webp\" \/>\n\t<meta property=\"og:image:width\" content=\"1024\" \/>\n\t<meta property=\"og:image:height\" content=\"1536\" \/>\n\t<meta property=\"og:image:type\" content=\"image\/webp\" \/>\n<meta name=\"twitter:card\" content=\"summary_large_image\" \/>\n<script type=\"application\/ld+json\" class=\"yoast-schema-graph\">{\"@context\":\"https:\\\/\\\/schema.org\",\"@graph\":[{\"@type\":\"WebPage\",\"@id\":\"https:\\\/\\\/iwell-guard.com\\\/sk\\\/utukku-duchovia-mrtvych-demoni-podsvetia\\\/\",\"url\":\"https:\\\/\\\/iwell-guard.com\\\/sk\\\/utukku-duchovia-mrtvych-demoni-podsvetia\\\/\",\"name\":\"Utukku \u2013 mezopot\u00e1mski duchovia m\u0155tvych a d\u00e9moni\",\"isPartOf\":{\"@id\":\"https:\\\/\\\/iwell-guard.com\\\/sk\\\/#website\"},\"primaryImageOfPage\":{\"@id\":\"https:\\\/\\\/iwell-guard.com\\\/sk\\\/utukku-duchovia-mrtvych-demoni-podsvetia\\\/#primaryimage\"},\"image\":{\"@id\":\"https:\\\/\\\/iwell-guard.com\\\/sk\\\/utukku-duchovia-mrtvych-demoni-podsvetia\\\/#primaryimage\"},\"thumbnailUrl\":\"https:\\\/\\\/iwell-guard.com\\\/wp-content\\\/uploads\\\/2026\\\/05\\\/daemonen_mesopotamien_utukku.webp\",\"datePublished\":\"2026-09-04T22:20:48+00:00\",\"dateModified\":\"2026-09-04T22:48:53+00:00\",\"description\":\"Utukku ozna\u010duje triedu mezopot\u00e1mskych d\u00e9monov a duchov m\u0155tvych. Religionistick\u00e9 zaradenie s zakl\u00ednacou s\u00e9riou, kultom a prame\u0148mi.\",\"breadcrumb\":{\"@id\":\"https:\\\/\\\/iwell-guard.com\\\/sk\\\/utukku-duchovia-mrtvych-demoni-podsvetia\\\/#breadcrumb\"},\"inLanguage\":\"sk-SK\",\"potentialAction\":[{\"@type\":\"ReadAction\",\"target\":[\"https:\\\/\\\/iwell-guard.com\\\/sk\\\/utukku-duchovia-mrtvych-demoni-podsvetia\\\/\"]}]},{\"@type\":\"ImageObject\",\"inLanguage\":\"sk-SK\",\"@id\":\"https:\\\/\\\/iwell-guard.com\\\/sk\\\/utukku-duchovia-mrtvych-demoni-podsvetia\\\/#primaryimage\",\"url\":\"https:\\\/\\\/iwell-guard.com\\\/wp-content\\\/uploads\\\/2026\\\/05\\\/daemonen_mesopotamien_utukku.webp\",\"contentUrl\":\"https:\\\/\\\/iwell-guard.com\\\/wp-content\\\/uploads\\\/2026\\\/05\\\/daemonen_mesopotamien_utukku.webp\",\"width\":1024,\"height\":1536,\"caption\":\"D\u00e9moni z mezopot\u00e1mskej trad\u00edcie.\"},{\"@type\":\"BreadcrumbList\",\"@id\":\"https:\\\/\\\/iwell-guard.com\\\/sk\\\/utukku-duchovia-mrtvych-demoni-podsvetia\\\/#breadcrumb\",\"itemListElement\":[{\"@type\":\"ListItem\",\"position\":1,\"name\":\"Start\",\"item\":\"https:\\\/\\\/iwell-guard.com\\\/sk\\\/?page_id=157572\"},{\"@type\":\"ListItem\",\"position\":2,\"name\":\"Utukku \u2013 duchovia m\u0155tvych a d\u00e9moni podsvetia\"}]},{\"@type\":\"WebSite\",\"@id\":\"https:\\\/\\\/iwell-guard.com\\\/sk\\\/#website\",\"url\":\"https:\\\/\\\/iwell-guard.com\\\/sk\\\/\",\"name\":\"iWell Guard\",\"description\":\"Schutz vor dunklen Einfl\u00fcssen\",\"publisher\":{\"@id\":\"https:\\\/\\\/iwell-guard.com\\\/sk\\\/#organization\"},\"potentialAction\":[{\"@type\":\"SearchAction\",\"target\":{\"@type\":\"EntryPoint\",\"urlTemplate\":\"https:\\\/\\\/iwell-guard.com\\\/sk\\\/?s={search_term_string}\"},\"query-input\":{\"@type\":\"PropertyValueSpecification\",\"valueRequired\":true,\"valueName\":\"search_term_string\"}}],\"inLanguage\":\"sk-SK\"},{\"@type\":\"Organization\",\"@id\":\"https:\\\/\\\/iwell-guard.com\\\/sk\\\/#organization\",\"name\":\"Ittermann electronic GmbH\",\"url\":\"https:\\\/\\\/iwell-guard.com\\\/sk\\\/\",\"logo\":{\"@type\":\"ImageObject\",\"inLanguage\":\"sk-SK\",\"@id\":\"https:\\\/\\\/iwell-guard.com\\\/sk\\\/#\\\/schema\\\/logo\\\/image\\\/\",\"url\":\"https:\\\/\\\/iwell-guard.com\\\/wp-content\\\/uploads\\\/2026\\\/05\\\/Ittermann-Logo-1182x237-1.png\",\"contentUrl\":\"https:\\\/\\\/iwell-guard.com\\\/wp-content\\\/uploads\\\/2026\\\/05\\\/Ittermann-Logo-1182x237-1.png\",\"width\":1182,\"height\":237,\"caption\":\"Ittermann electronic GmbH\"},\"image\":{\"@id\":\"https:\\\/\\\/iwell-guard.com\\\/sk\\\/#\\\/schema\\\/logo\\\/image\\\/\"},\"sameAs\":[\"https:\\\/\\\/pantip.com\\\/profile\\\/9367242\",\"https:\\\/\\\/micro.blog\\\/iwellguard\",\"https:\\\/\\\/www.diggerslist.com\\\/iwellguard\\\/about\",\"https:\\\/\\\/skitterphoto.com\\\/photographers\\\/2870314\\\/iwell-guard\",\"https:\\\/\\\/iwellguard.wordpress.com\\\/2026\\\/06\\\/06\\\/iwell-guard\\\/\",\"https:\\\/\\\/hub.docker.com\\\/u\\\/iwellguard\",\"https:\\\/\\\/www.pinterest.com\\\/iwellguard\\\/\",\"https:\\\/\\\/bit.ly\\\/m\\\/iwellguard\",\"https:\\\/\\\/entre-vos-mains.alsace.eu\\\/profiles\\\/iwellguard\\\/activity\",\"https:\\\/\\\/gravatar.com\\\/reallybeded8fd34\",\"https:\\\/\\\/naijamatta.com\\\/iwellguard\",\"https:\\\/\\\/www.goodreads.com\\\/iwellguard\",\"https:\\\/\\\/profile.hatena.ne.jp\\\/iwellguard\\\/\",\"https:\\\/\\\/experiment.com\\\/users\\\/iwellguard\",\"https:\\\/\\\/wakelet.com\\\/@iWellGuard82270\",\"https:\\\/\\\/www.chordie.com\\\/forum\\\/profile.php?id=2555664\",\"https:\\\/\\\/www.instapaper.com\\\/p\\\/17757966\",\"https:\\\/\\\/www.mapleprimes.com\\\/users\\\/iwellguard\",\"https:\\\/\\\/businesslistingplus.com\\\/profile\\\/iwell-guard\\\/\",\"https:\\\/\\\/telegra.ph\\\/iWell-Guard-06-06\",\"https:\\\/\\\/pbase.com\\\/iwellguard\\\/iwellguard\",\"https:\\\/\\\/b.hatena.ne.jp\\\/iwellguard\\\/20260607#bookmark-4788405196491818882\",\"https:\\\/\\\/fliphtml5.com\\\/home\\\/iwellguard\",\"https:\\\/\\\/anyflip.com\\\/homepage\\\/cmiwl#About\",\"https:\\\/\\\/transfur.com\\\/Users\\\/iwellguard\",\"http:\\\/\\\/delphi.larsbo.org\\\/user\\\/iwellguard\",\"https:\\\/\\\/jobs.lajobsportal.org\\\/profiles\\\/8380803-iwell-guard\",\"https:\\\/\\\/md.chaosdorf.de\\\/s\\\/jfbe5SBdJD\",\"https:\\\/\\\/www.lingvolive.com\\\/en-us\\\/profile\\\/9ecaeaca-ce11-4e51-9e71-01d55e2bff36\\\/translations\",\"https:\\\/\\\/www.fitday.com\\\/fitness\\\/forums\\\/members\\\/iwellguard.html\",\"https:\\\/\\\/www.mymeetbook.com\\\/iwellguard\",\"https:\\\/\\\/pxhere.com\\\/en\\\/photographer-me\\\/5040798\",\"https:\\\/\\\/disqus.com\\\/by\\\/iwellguard\\\/about\\\/\",\"https:\\\/\\\/pastelink.net\\\/hjwciqwq\",\"https:\\\/\\\/pubhtml5.com\\\/homepage\\\/scjhn\\\/\",\"https:\\\/\\\/www.bitchute.com\\\/channel\\\/2O2eOKzNqujT\",\"https:\\\/\\\/audiomack.com\\\/iwellguard\"]},{\"@type\":\"Article\",\"@id\":\"https:\\\/\\\/iwell-guard.com\\\/sk\\\/utukku-duchovia-mrtvych-demoni-podsvetia\\\/#article\",\"isPartOf\":{\"@id\":\"https:\\\/\\\/iwell-guard.com\\\/sk\\\/utukku-duchovia-mrtvych-demoni-podsvetia\\\/\"},\"author\":{\"name\":\"Ralf Ittermann\",\"@id\":\"https:\\\/\\\/iwell-guard.com\\\/sk\\\/#\\\/schema\\\/person\\\/ee2a27f1cac3406c7c6fb5820cb7349f\"},\"headline\":\"Utukku \u2013 duchovia m\u0155tvych a d\u00e9moni podsvetia\",\"datePublished\":\"2026-09-04T22:20:48+00:00\",\"dateModified\":\"2026-09-04T22:48:53+00:00\",\"mainEntityOfPage\":{\"@id\":\"https:\\\/\\\/iwell-guard.com\\\/sk\\\/utukku-duchovia-mrtvych-demoni-podsvetia\\\/\"},\"publisher\":{\"@id\":\"https:\\\/\\\/iwell-guard.com\\\/sk\\\/#organization\"},\"image\":{\"@id\":\"https:\\\/\\\/iwell-guard.com\\\/sk\\\/utukku-duchovia-mrtvych-demoni-podsvetia\\\/#primaryimage\"},\"thumbnailUrl\":\"https:\\\/\\\/iwell-guard.com\\\/wp-content\\\/uploads\\\/2026\\\/05\\\/daemonen_mesopotamien_utukku.webp\",\"inLanguage\":\"sk-SK\",\"description\":\"Utukku ozna\u010duje triedu mezopot\u00e1mskych d\u00e9monov a duchov m\u0155tvych. Religionistick\u00e9 zaradenie s zakl\u00ednacou s\u00e9riou, kultom a prame\u0148mi.\"}]}<\/script>\n<!-- \/ Yoast SEO Premium plugin. -->","yoast_head_json":{"title":"Utukku \u2013 mezopot\u00e1mski duchovia m\u0155tvych a d\u00e9moni","description":"Utukku ozna\u010duje triedu mezopot\u00e1mskych d\u00e9monov a duchov m\u0155tvych. Religionistick\u00e9 zaradenie s zakl\u00ednacou s\u00e9riou, kultom a prame\u0148mi.","robots":{"index":"index","follow":"follow","max-snippet":"max-snippet:-1","max-image-preview":"max-image-preview:large","max-video-preview":"max-video-preview:-1"},"canonical":"https:\/\/iwell-guard.com\/sk\/utukku-duchovia-mrtvych-demoni-podsvetia\/","og_locale":"sk_SK","og_type":"article","og_title":"Utukku \u2013 duchovia m\u0155tvych a d\u00e9moni podsvetia","og_description":"Utukku ozna\u010duje triedu mezopot\u00e1mskych d\u00e9monov a duchov m\u0155tvych. Religionistick\u00e9 zaradenie s zakl\u00ednacou s\u00e9riou, kultom a prame\u0148mi.","og_url":"https:\/\/iwell-guard.com\/sk\/utukku-duchovia-mrtvych-demoni-podsvetia\/","og_site_name":"iWell Guard","article_modified_time":"2026-09-04T22:48:53+00:00","og_image":[{"width":1024,"height":1536,"url":"https:\/\/iwell-guard.com\/wp-content\/uploads\/2026\/05\/daemonen_mesopotamien_utukku.webp","type":"image\/webp"}],"twitter_card":"summary_large_image","schema":{"@context":"https:\/\/schema.org","@graph":[{"@type":"Article","@id":"https:\/\/iwell-guard.com\/sk\/utukku-duchovia-mrtvych-demoni-podsvetia\/#article","isPartOf":{"@id":"https:\/\/iwell-guard.com\/sk\/utukku-duchovia-mrtvych-demoni-podsvetia\/"},"author":{"name":"Ralf Ittermann","@id":"https:\/\/iwell-guard.com\/sk\/#\/schema\/person\/ee2a27f1cac3406c7c6fb5820cb7349f"},"headline":"Utukku \u2013 duchovia m\u0155tvych a d\u00e9moni podsvetia","datePublished":"2026-09-04T22:20:48+00:00","dateModified":"2026-09-04T22:48:53+00:00","mainEntityOfPage":{"@id":"https:\/\/iwell-guard.com\/sk\/utukku-duchovia-mrtvych-demoni-podsvetia\/"},"publisher":{"@id":"https:\/\/iwell-guard.com\/sk\/#organization"},"image":{"@id":"https:\/\/iwell-guard.com\/sk\/utukku-duchovia-mrtvych-demoni-podsvetia\/#primaryimage"},"thumbnailUrl":"https:\/\/iwell-guard.com\/wp-content\/uploads\/2026\/05\/daemonen_mesopotamien_utukku.webp","inLanguage":"sk-SK","description":"Utukku ozna\u010duje triedu mezopot\u00e1mskych d\u00e9monov a duchov m\u0155tvych. Religionistick\u00e9 zaradenie s zakl\u00ednacou s\u00e9riou, kultom a prame\u0148mi."},{"@type":"WebPage","@id":"https:\/\/iwell-guard.com\/sk\/utukku-duchovia-mrtvych-demoni-podsvetia\/","url":"https:\/\/iwell-guard.com\/sk\/utukku-duchovia-mrtvych-demoni-podsvetia\/","name":"Utukku \u2013 mezopot\u00e1mski duchovia m\u0155tvych a d\u00e9moni","isPartOf":{"@id":"https:\/\/iwell-guard.com\/sk\/#website"},"primaryImageOfPage":{"@id":"https:\/\/iwell-guard.com\/sk\/utukku-duchovia-mrtvych-demoni-podsvetia\/#primaryimage"},"image":{"@id":"https:\/\/iwell-guard.com\/sk\/utukku-duchovia-mrtvych-demoni-podsvetia\/#primaryimage"},"thumbnailUrl":"https:\/\/iwell-guard.com\/wp-content\/uploads\/2026\/05\/daemonen_mesopotamien_utukku.webp","datePublished":"2026-09-04T22:20:48+00:00","dateModified":"2026-09-04T22:48:53+00:00","description":"Utukku ozna\u010duje triedu mezopot\u00e1mskych d\u00e9monov a duchov m\u0155tvych. Religionistick\u00e9 zaradenie s zakl\u00ednacou s\u00e9riou, kultom a prame\u0148mi.","breadcrumb":{"@id":"https:\/\/iwell-guard.com\/sk\/utukku-duchovia-mrtvych-demoni-podsvetia\/#breadcrumb"},"inLanguage":"sk-SK","potentialAction":[{"@type":"ReadAction","target":["https:\/\/iwell-guard.com\/sk\/utukku-duchovia-mrtvych-demoni-podsvetia\/"]}]},{"@type":"ImageObject","inLanguage":"sk-SK","@id":"https:\/\/iwell-guard.com\/sk\/utukku-duchovia-mrtvych-demoni-podsvetia\/#primaryimage","url":"https:\/\/iwell-guard.com\/wp-content\/uploads\/2026\/05\/daemonen_mesopotamien_utukku.webp","contentUrl":"https:\/\/iwell-guard.com\/wp-content\/uploads\/2026\/05\/daemonen_mesopotamien_utukku.webp","width":1024,"height":1536,"caption":"D\u00e9moni z mezopot\u00e1mskej trad\u00edcie."},{"@type":"BreadcrumbList","@id":"https:\/\/iwell-guard.com\/sk\/utukku-duchovia-mrtvych-demoni-podsvetia\/#breadcrumb","itemListElement":[{"@type":"ListItem","position":1,"name":"Start","item":"https:\/\/iwell-guard.com\/sk\/?page_id=157572"},{"@type":"ListItem","position":2,"name":"Utukku \u2013 duchovia m\u0155tvych a d\u00e9moni podsvetia"}]},{"@type":"WebSite","@id":"https:\/\/iwell-guard.com\/sk\/#website","url":"https:\/\/iwell-guard.com\/sk\/","name":"iWell Guard","description":"Schutz vor dunklen Einfl\u00fcssen","publisher":{"@id":"https:\/\/iwell-guard.com\/sk\/#organization"},"potentialAction":[{"@type":"SearchAction","target":{"@type":"EntryPoint","urlTemplate":"https:\/\/iwell-guard.com\/sk\/?s={search_term_string}"},"query-input":{"@type":"PropertyValueSpecification","valueRequired":true,"valueName":"search_term_string"}}],"inLanguage":"sk-SK"},{"@type":"Organization","@id":"https:\/\/iwell-guard.com\/sk\/#organization","name":"Ittermann electronic GmbH","url":"https:\/\/iwell-guard.com\/sk\/","logo":{"@type":"ImageObject","inLanguage":"sk-SK","@id":"https:\/\/iwell-guard.com\/sk\/#\/schema\/logo\/image\/","url":"https:\/\/iwell-guard.com\/wp-content\/uploads\/2026\/05\/Ittermann-Logo-1182x237-1.png","contentUrl":"https:\/\/iwell-guard.com\/wp-content\/uploads\/2026\/05\/Ittermann-Logo-1182x237-1.png","width":1182,"height":237,"caption":"Ittermann electronic GmbH"},"image":{"@id":"https:\/\/iwell-guard.com\/sk\/#\/schema\/logo\/image\/"},"sameAs":["https:\/\/pantip.com\/profile\/9367242","https:\/\/micro.blog\/iwellguard","https:\/\/www.diggerslist.com\/iwellguard\/about","https:\/\/skitterphoto.com\/photographers\/2870314\/iwell-guard","https:\/\/iwellguard.wordpress.com\/2026\/06\/06\/iwell-guard\/","https:\/\/hub.docker.com\/u\/iwellguard","https:\/\/www.pinterest.com\/iwellguard\/","https:\/\/bit.ly\/m\/iwellguard","https:\/\/entre-vos-mains.alsace.eu\/profiles\/iwellguard\/activity","https:\/\/gravatar.com\/reallybeded8fd34","https:\/\/naijamatta.com\/iwellguard","https:\/\/www.goodreads.com\/iwellguard","https:\/\/profile.hatena.ne.jp\/iwellguard\/","https:\/\/experiment.com\/users\/iwellguard","https:\/\/wakelet.com\/@iWellGuard82270","https:\/\/www.chordie.com\/forum\/profile.php?id=2555664","https:\/\/www.instapaper.com\/p\/17757966","https:\/\/www.mapleprimes.com\/users\/iwellguard","https:\/\/businesslistingplus.com\/profile\/iwell-guard\/","https:\/\/telegra.ph\/iWell-Guard-06-06","https:\/\/pbase.com\/iwellguard\/iwellguard","https:\/\/b.hatena.ne.jp\/iwellguard\/20260607#bookmark-4788405196491818882","https:\/\/fliphtml5.com\/home\/iwellguard","https:\/\/anyflip.com\/homepage\/cmiwl#About","https:\/\/transfur.com\/Users\/iwellguard","http:\/\/delphi.larsbo.org\/user\/iwellguard","https:\/\/jobs.lajobsportal.org\/profiles\/8380803-iwell-guard","https:\/\/md.chaosdorf.de\/s\/jfbe5SBdJD","https:\/\/www.lingvolive.com\/en-us\/profile\/9ecaeaca-ce11-4e51-9e71-01d55e2bff36\/translations","https:\/\/www.fitday.com\/fitness\/forums\/members\/iwellguard.html","https:\/\/www.mymeetbook.com\/iwellguard","https:\/\/pxhere.com\/en\/photographer-me\/5040798","https:\/\/disqus.com\/by\/iwellguard\/about\/","https:\/\/pastelink.net\/hjwciqwq","https:\/\/pubhtml5.com\/homepage\/scjhn\/","https:\/\/www.bitchute.com\/channel\/2O2eOKzNqujT","https:\/\/audiomack.com\/iwellguard"]},{"@type":"Person","@id":"https:\/\/iwell-guard.com\/sk\/#\/schema\/person\/ee2a27f1cac3406c7c6fb5820cb7349f","name":"Ralf Ittermann","image":{"@type":"ImageObject","inLanguage":"sk-SK","@id":"https:\/\/secure.gravatar.com\/avatar\/073c0153e350a5005b68eb752b445fea71f6b24a26da9449ad7e155e6b446c9d?s=96&d=mm&r=g","url":"https:\/\/secure.gravatar.com\/avatar\/073c0153e350a5005b68eb752b445fea71f6b24a26da9449ad7e155e6b446c9d?s=96&d=mm&r=g","contentUrl":"https:\/\/secure.gravatar.com\/avatar\/073c0153e350a5005b68eb752b445fea71f6b24a26da9449ad7e155e6b446c9d?s=96&d=mm&r=g","caption":"Ralf Ittermann"},"givenName":"Ralf","familyName":"Ittermann","jobTitle":"Gesch\u00e4ftsf\u00fchrer und redaktioneller Verantwortlicher","url":"https:\/\/iwell-guard.com\/sk\/author\/claude\/","description":"Ralf Ittermann ist Gesch\u00e4ftsf\u00fchrer der Ittermann electronic GmbH und redaktioneller Verantwortlicher des iWell-Guard-Lexikons. Er verbindet langj\u00e4hrige Erfahrung in der Pr\u00e4zisionsfertigung mit medialer Praxis und religionsgeschichtlicher Quellenarbeit.","worksFor":{"@type":"Organization","name":"Ittermann electronic GmbH","url":"https:\/\/ittermann.de\/","address":{"@type":"PostalAddress","streetAddress":"K\u00f6hlergasse 16-18","postalCode":"99842","addressLocality":"Ruhla","addressCountry":"DE"}},"knowsAbout":["Religionsgeschichte","Mythologie","Mediale Praxis","Energetische Diagnostik","Schutzpraxis","Volksglauben","Westliche Esoterik"]},{"@type":"Article","@id":"https:\/\/iwell-guard.com\/sk\/utukku-duchovia-mrtvych-demoni-podsvetia\/#article","isPartOf":{"@id":"https:\/\/iwell-guard.com\/sk\/utukku-duchovia-mrtvych-demoni-podsvetia\/"},"author":{"name":"Ralf Ittermann","@id":"https:\/\/iwell-guard.com\/sk\/#\/schema\/person\/ee2a27f1cac3406c7c6fb5820cb7349f"},"headline":"Utukku \u2013 duchovia m\u0155tvych a d\u00e9moni podsvetia","datePublished":"2026-09-04T22:20:48+00:00","dateModified":"2026-09-04T22:48:53+00:00","mainEntityOfPage":{"@id":"https:\/\/iwell-guard.com\/sk\/utukku-duchovia-mrtvych-demoni-podsvetia\/"},"publisher":{"@id":"https:\/\/iwell-guard.com\/sk\/#organization"},"image":{"@id":"https:\/\/iwell-guard.com\/sk\/utukku-duchovia-mrtvych-demoni-podsvetia\/#primaryimage"},"thumbnailUrl":"https:\/\/iwell-guard.com\/wp-content\/uploads\/2026\/05\/daemonen_mesopotamien_utukku.webp","inLanguage":"sk-SK","description":"Utukku ozna\u010duje triedu mezopot\u00e1mskych d\u00e9monov a duchov m\u0155tvych. Religionistick\u00e9 zaradenie s zakl\u00ednacou s\u00e9riou, kultom a prame\u0148mi."}]}},"_links":{"self":[{"href":"https:\/\/iwell-guard.com\/sk\/wp-json\/wp\/v2\/pages\/158028","targetHints":{"allow":["GET"]}}],"collection":[{"href":"https:\/\/iwell-guard.com\/sk\/wp-json\/wp\/v2\/pages"}],"about":[{"href":"https:\/\/iwell-guard.com\/sk\/wp-json\/wp\/v2\/types\/page"}],"author":[{"embeddable":true,"href":"https:\/\/iwell-guard.com\/sk\/wp-json\/wp\/v2\/users\/3"}],"replies":[{"embeddable":true,"href":"https:\/\/iwell-guard.com\/sk\/wp-json\/wp\/v2\/comments?post=158028"}],"version-history":[{"count":0,"href":"https:\/\/iwell-guard.com\/sk\/wp-json\/wp\/v2\/pages\/158028\/revisions"}],"wp:featuredmedia":[{"embeddable":true,"href":"https:\/\/iwell-guard.com\/sk\/wp-json\/wp\/v2\/media\/3380"}],"wp:attachment":[{"href":"https:\/\/iwell-guard.com\/sk\/wp-json\/wp\/v2\/media?parent=158028"}],"wp:term":[{"taxonomy":"category","embeddable":true,"href":"https:\/\/iwell-guard.com\/sk\/wp-json\/wp\/v2\/categories?post=158028"}],"curies":[{"name":"wp","href":"https:\/\/api.w.org\/{rel}","templated":true}]}}