{"id":158026,"date":"2026-09-04T22:20:47","date_gmt":"2026-09-04T22:20:47","guid":{"rendered":"https:\/\/iwell-guard.com\/?page_id=158026"},"modified":"2026-09-04T22:48:51","modified_gmt":"2026-09-04T22:48:51","slug":"enlil-boh-burky-a-pan-panteonu","status":"publish","type":"page","link":"https:\/\/iwell-guard.com\/sk\/enlil-boh-burky-a-pan-panteonu\/","title":{"rendered":"Enlil \u2013 boh b\u00farky a p\u00e1n pante\u00f3nu"},"content":{"rendered":"\t\t<div data-elementor-type=\"wp-page\" data-elementor-id=\"158026\" class=\"elementor elementor-158026 elementor-2920 elementor-bc-flex-widget\" data-elementor-post-type=\"page\">\n\t\t\t\t<div class=\"elementor-element elementor-element-heroaad0d85 e-flex e-con-boxed e-con e-parent\" data-id=\"heroaad0d85\" data-element_type=\"container\" data-e-type=\"container\">\n\t\t\t\t\t<div class=\"e-con-inner\">\n\t\t\t\t<div class=\"elementor-element elementor-element-heroimgba7b3ad iwg-hero-image elementor-widget elementor-widget-image\" data-id=\"heroimgba7b3ad\" data-element_type=\"widget\" data-e-type=\"widget\" data-widget_type=\"image.default\">\n\t\t\t\t\t\t\t\t\t\t\t\t\t\t\t<img fetchpriority=\"high\" decoding=\"async\" width=\"683\" height=\"1024\" src=\"https:\/\/iwell-guard.com\/wp-content\/uploads\/2026\/05\/goetter_mesopotamien_enlil-683x1024.webp\" class=\"attachment-large size-large wp-image-159648\" alt=\"Enlil \u2013 bohovia z mezopot\u00e1mskej trad\u00edcie, historicko-ilustra\u010dn\u00e9 zobrazenie\" srcset=\"https:\/\/iwell-guard.com\/wp-content\/uploads\/2026\/05\/goetter_mesopotamien_enlil-683x1024.webp 683w, https:\/\/iwell-guard.com\/wp-content\/uploads\/2026\/05\/goetter_mesopotamien_enlil-200x300.webp 200w, https:\/\/iwell-guard.com\/wp-content\/uploads\/2026\/05\/goetter_mesopotamien_enlil-768x1152.webp 768w, https:\/\/iwell-guard.com\/wp-content\/uploads\/2026\/05\/goetter_mesopotamien_enlil.webp 1024w\" sizes=\"(max-width: 683px) 100vw, 683px\" \/>\t\t\t\t\t\t\t\t\t\t\t\t\t\t\t<\/div>\n\t\t\t\t\t<\/div>\n\t\t\t\t<\/div>\n\t\t<div class=\"elementor-element elementor-element-iwgw-enlil-hero e-flex e-con-boxed e-con e-parent\" data-id=\"iwgw-enlil-hero\" data-element_type=\"container\" data-e-type=\"container\">\n\t\t\t\t\t<div class=\"e-con-inner\">\n\t\t\t\t<div class=\"elementor-element elementor-element-iwgw-enlil-h1 elementor-widget elementor-widget-heading\" data-id=\"iwgw-enlil-h1\" data-element_type=\"widget\" data-e-type=\"widget\" data-widget_type=\"heading.default\">\n\t\t\t\t\t<h1 class=\"elementor-heading-title elementor-size-default\">Enlil \u2013 mezopot\u00e1msky boh b\u00farky a p\u00e1n zhroma\u017edenia bohov<\/h1>\t\t\t\t<\/div>\n\t\t\t\t<div class=\"elementor-element elementor-element-iwgw-enlil-pills elementor-widget elementor-widget-html\" data-id=\"iwgw-enlil-pills\" data-element_type=\"widget\" data-e-type=\"widget\" data-widget_type=\"html.default\">\n\t\t\t\t\t<div class=\"iwg-pill-row\"><span class=\"iwg-klasse-badge\" tabindex=\"0\" data-tooltip=\"Boh trad\u00edcie Mezopot\u00e1mia.\">Boh<\/span><a href=\"https:\/\/iwell-guard.com\/sk\/mezopotamia\/\" class=\"iwg-kultur-badge\" tabindex=\"0\" data-tooltip=\"Mytol\u00f3gia trad\u00edcie Mezopot\u00e1mia.\">Mezopot\u00e1mia<\/a><span class=\"iwg-tradition-badge\" tabindex=\"0\" data-tooltip=\"Vysok\u00e9 bo\u017estvo.\">Vysok\u00e9 bo\u017estvo<\/span><\/div>\t\t\t\t<\/div>\n\t\t\t\t<div class=\"elementor-element elementor-element-iwgw-enlil-lead elementor-widget elementor-widget-text-editor\" data-id=\"iwgw-enlil-lead\" data-element_type=\"widget\" data-e-type=\"widget\" data-widget_type=\"text-editor.default\">\n\t\t\t\t\t\t\t\t\t\nEnlil, boh b\u00farky, vetra a pante\u00f3nu, bol v sumerskej a akkadskej oblasti po st\u00e1ro\u010dia pova\u017eovan\u00fd za skuto\u010dn\u00e9ho vl\u00e1dcu svetsk\u00e9ho poriadku. Ako najvy\u0161\u0161ia v\u00fdkonn\u00e1 moc zhroma\u017edenia bohov ur\u010doval osudy, ovl\u00e1dal kr\u00e1\u013eovsk\u00fa vl\u00e1du a pr\u00edrodn\u00e9 sily a bol pova\u017eovan\u00fd za silu, ktor\u00e1 udr\u017euje svet spolu.\t\t\t\t\t\t\t\t<\/div>\n\t\t\t\t\t<\/div>\n\t\t\t\t<\/div>\n\t\t\t\t<section class=\"elementor-section elementor-top-section elementor-element elementor-element-sec-iwgcomp-enlil elementor-section-boxed elementor-section-height-default elementor-section-height-default\" data-id=\"sec-iwgcomp-enlil\" data-element_type=\"section\" data-e-type=\"section\">\n\t\t\t\t\t\t<div class=\"elementor-container elementor-column-gap-default\">\n\t\t\t\t\t<div class=\"elementor-column elementor-col-100 elementor-top-column elementor-element elementor-element-col-iwgcomp-enlil\" data-id=\"col-iwgcomp-enlil\" data-element_type=\"column\" data-e-type=\"column\">\n\t\t\t<div class=\"elementor-widget-wrap elementor-element-populated\">\n\t\t\t\t\t\t<div class=\"elementor-element elementor-element-iwgcomp-enlil elementor-widget elementor-widget-text-editor\" data-id=\"iwgcomp-enlil\" data-element_type=\"widget\" data-e-type=\"widget\" data-widget_type=\"text-editor.default\">\n\t\t\t\t\t\t\t\t\t<p>Enlil je v mezopot\u00e1mskom <span class=\"iwg-fachbegriff\" data-tooltip=\"S\u00fahrn v\u0161etk\u00fdch bohov ur\u010dit\u00e9ho n\u00e1bo\u017eenstva alebo kult\u00fary.\" tabindex=\"0\">pante\u00f3ne<\/span> pova\u017eovan\u00fd za <strong>p\u00e1na <span class=\"iwg-fachbegriff\" data-tooltip=\"S\u00fahrn v\u0161etk\u00fdch bohov ur\u010dit\u00e9ho n\u00e1bo\u017eenstva alebo kult\u00fary.\" tabindex=\"0\">pante\u00f3nu<\/span><\/strong>, ktor\u00fd spr\u00e1vcuje tabu\u013eky osudu a vl\u00e1dne bohom i \u013eu\u010fom.<\/p>\t\t\t\t\t\t\t\t<\/div>\n\t\t\t\t\t<\/div>\n\t\t<\/div>\n\t\t\t\t\t<\/div>\n\t\t<\/section>\n\t\t<div class=\"elementor-element elementor-element-iwgw-enlil-s0 e-flex e-con-boxed e-con e-parent\" data-id=\"iwgw-enlil-s0\" data-element_type=\"container\" data-e-type=\"container\">\n\t\t\t\t\t<div class=\"e-con-inner\">\n\t\t\t\t<div class=\"elementor-element elementor-element-iwgw-enlil-s0h elementor-widget elementor-widget-heading\" data-id=\"iwgw-enlil-s0h\" data-element_type=\"widget\" data-e-type=\"widget\" data-widget_type=\"heading.default\">\n\t\t\t\t\t<h2 class=\"elementor-heading-title elementor-size-default\">Zaradenie<\/h2>\t\t\t\t<\/div>\n\t\t\t\t<div class=\"elementor-element elementor-element-iwgw-enlil-s0t elementor-widget elementor-widget-text-editor\" data-id=\"iwgw-enlil-s0t\" data-element_type=\"widget\" data-e-type=\"widget\" data-widget_type=\"text-editor.default\">\n\t\t\t\t\t\t\t\t\t<p>Enlil patr\u00ed medzi najv\u00fdznamnej\u0161ie bo\u017estva starej <a href=\"https:\/\/iwell-guard.com\/sk\/mezopotamia\/\">Mezopot\u00e1mie<\/a>. V n\u00e1bo\u017eenskej predstave Sumerov a nesk\u00f4r Akkadov, Babylon\u010danov a As\u00fdr\u010danov tvoril spolu s bohom neba Anom a bohom vody a m\u00fadrosti Enkim najvy\u0161\u0161iu trojicu bohov.<\/p><p>Zatia\u013e \u010do An zost\u00e1val sk\u00f4r abstraktnou, vzdialenou autoritou, Enlil bol boh, ktor\u00fd skuto\u010dne vykon\u00e1val a presadzoval rozhodnutia zhroma\u017edenia bohov. Z tohto d\u00f4vodu ho texty \u010dasto ozna\u010dovali za p\u00e1na kraj\u00edn a za toho, v ktor\u00e9ho ruk\u00e1ch spo\u010d\u00edvali osudy.<\/p><p>N\u00e1bo\u017eenskodejinn\u00fd v\u00fdznam Enlila je \u0165a\u017ek\u00e9 preceni\u0165. Od tretieho tis\u00edcro\u010dia pred na\u0161\u00edm letopo\u010dtom a\u017e hlboko do druh\u00e9ho tis\u00edcro\u010dia bol jeho <span class=\"iwg-fachbegriff\" data-tooltip=\"Stavba sl\u00fa\u017eiaca na uctievanie jedn\u00e9ho alebo viacer\u00fdch bo\u017estiev.\" tabindex=\"0\">chr\u00e1m<\/span> v Nippure ideov\u00fdm centrom mezopot\u00e1mskeho svet.<\/p><p>Vl\u00e1dcovia r\u00f4znych mestsk\u00fdch \u0161t\u00e1tov a dynasti\u00ed h\u013eadali uznanie Enlila, aby legitimizovali svoju moc. A\u017e so vzostupom Babylonu a narastaj\u00facou dominanciou mestsk\u00e9ho boha Marduka Enlil postupne stratil na v\u00fdzname, hoci nikdy \u00faplne nezmizol.<\/p><p>Enlil nie je jednozna\u010dne dobrotiv\u00e1 postava. Prame\u0148e ho zobrazuj\u00fa ako ambivalentn\u00fa moc, ktor\u00e1 vytv\u00e1ra poriadok a ude\u013euje blahobyt, ale rovnako uva\u013euje katastrofy, ke\u010f \u013eudstvo naru\u0161\u00ed kozmick\u00fa rovnov\u00e1hu. T\u00e1to dvojtv\u00e1rnos\u0165 zodpoved\u00e1 povahe samotnej b\u00farky, ktor\u00e1 prin\u00e1\u0161a d\u00e1\u017e\u010f pre polia a z\u00e1rove\u0148 m\u00f4\u017ee sp\u00f4sobi\u0165 skazu.<\/p>\t\t\t\t\t\t\t\t<\/div>\n\t\t\t\t\t<\/div>\n\t\t\t\t<\/div>\n\t\t<div class=\"elementor-element elementor-element-iwgw-enlil-s1 e-flex e-con-boxed e-con e-parent\" data-id=\"iwgw-enlil-s1\" data-element_type=\"container\" data-e-type=\"container\">\n\t\t\t\t\t<div class=\"e-con-inner\">\n\t\t\t\t<div class=\"elementor-element elementor-element-iwgw-enlil-s1h elementor-widget elementor-widget-heading\" data-id=\"iwgw-enlil-s1h\" data-element_type=\"widget\" data-e-type=\"widget\" data-widget_type=\"heading.default\">\n\t\t\t\t\t<h2 class=\"elementor-heading-title elementor-size-default\">Meno a etymol\u00f3gia<\/h2>\t\t\t\t<\/div>\n\t\t\t\t<div class=\"elementor-element elementor-element-iwgw-enlil-s1t elementor-widget elementor-widget-text-editor\" data-id=\"iwgw-enlil-s1t\" data-element_type=\"widget\" data-e-type=\"widget\" data-widget_type=\"text-editor.default\">\n\t\t\t\t\t\t\t\t\t<p>Meno Enlil m\u00e1 sumersk\u00fd p\u00f4vod. Tradi\u010dn\u00fd v\u00fdklad ho ch\u00e1pe ako spojenie prvkov <em>en<\/em>, \u010do znamen\u00e1 p\u00e1n, a <em>l\u00edl<\/em>, slova sp\u00e1jan\u00e9ho s vetrom, vzduchom alebo atmosf\u00e9rick\u00fdm dychom.<\/p><p>V tomto v\u00fdklade vznik\u00e1 preklad P\u00e1n vetra alebo P\u00e1n vzduchu, \u010do dobre zodpoved\u00e1 Enlilovej povahe boha pohybuj\u00faceho sa vzdu\u0161n\u00e9ho priestoru medzi nebom a zemou.<\/p><p>V\u00fdskum upozornil na to, \u017ee sumersk\u00e9 <em>l\u00edl<\/em> je viacvrstvov\u00fd pojem. Neozna\u010duje len pohybuj\u00faci sa vzduch, ale m\u00f4\u017ee znamena\u0165 aj stra\u0161ideln\u00fa, tajomn\u00fa sf\u00e9ru.<\/p><p>Niektor\u00ed asyriol\u00f3govia v tom vidia n\u00e1znak, \u017ee Enlil p\u00f4vodne nesol aj numin\u00f3zne, \u0165a\u017eko uchopite\u013en\u00e9 aspekty. V ka\u017edom pr\u00edpade meno predstavuje moc, ktor\u00e1 p\u00f4sob\u00ed nevidite\u013ene, a napriek tomu je v\u0161ade cite\u013en\u00e1.<\/p><p>V akkadsk\u00fdch textoch sa boh vyskytuje pod rovnak\u00fdm menom, pr\u00edle\u017eitostne aj v tvare Ellil. Okrem toho nosil mnoh\u00e9 pr\u00edvlastky a titulov, napr\u00edklad Nunamnir, ako aj ozna\u010denia ako Ve\u013ek\u00fd vrchol vrchu alebo Otec bohov. Vz\u0165ah k vrchu je d\u00f4le\u017eit\u00fd, preto\u017ee jeho <span class=\"iwg-fachbegriff\" data-tooltip=\"Stavba sl\u00fa\u017eiaca na uctievanie jedn\u00e9ho alebo viacer\u00fdch bo\u017estiev.\" tabindex=\"0\">chr\u00e1m<\/span> v Nippure sa naz\u00fdval Ekur, \u010do znamen\u00e1 Horsk\u00fd dom alebo Horsk\u00fd chr\u00e1m.<\/p>\t\t\t\t\t\t\t\t<\/div>\n\t\t\t\t\t<\/div>\n\t\t\t\t<\/div>\n\t\t<div class=\"elementor-element elementor-element-iwgw-enlil-s2 e-flex e-con-boxed e-con e-parent\" data-id=\"iwgw-enlil-s2\" data-element_type=\"container\" data-e-type=\"container\">\n\t\t\t\t\t<div class=\"e-con-inner\">\n\t\t\t\t<div class=\"elementor-element elementor-element-iwgw-enlil-s2h elementor-widget elementor-widget-heading\" data-id=\"iwgw-enlil-s2h\" data-element_type=\"widget\" data-e-type=\"widget\" data-widget_type=\"heading.default\">\n\t\t\t\t\t<h2 class=\"elementor-heading-title elementor-size-default\">Popis a ikonografia<\/h2>\t\t\t\t<\/div>\n\t\t\t\t<div class=\"elementor-element elementor-element-iwgw-enlil-s2t elementor-widget elementor-widget-text-editor\" data-id=\"iwgw-enlil-s2t\" data-element_type=\"widget\" data-e-type=\"widget\" data-widget_type=\"text-editor.default\">\n\t\t\t\t\t\t\t\t\t<p>Na rozdiel od niektor\u00fdch in\u00fdch mezopot\u00e1mskych bo\u017estiev nie je zobrazenie Enlila viazan\u00e9 na jednozna\u010dn\u00fd, st\u00e1le sa opakuj\u00faci atrib\u00fat. V glyptike, teda na valcov\u00fdch pe\u010datiach, a v reli\u00e9fnom umen\u00ed sa bo\u017estv\u00e1 \u010dasto zobrazuj\u00fa v \u013eudskej podobe, sediace na tr\u00f3ne, s rohatou korunou ako znakom bo\u017eskej d\u00f4stojnosti.<\/p><p>Rohat\u00e1 koruna je v\u0161eobecn\u00fdm znakom bo\u017esk\u00e9ho postavenia a pripisuje sa aj Enlilovi, no konkr\u00e9tny <span class=\"iwg-fachbegriff\" data-tooltip=\"Znak, ktor\u00fd zastupuje ur\u010dit\u00fa predstavu alebo v\u00fdznam.\" tabindex=\"0\">symbol<\/span>, vyhraden\u00fd len jemu, nemo\u017eno ur\u010di\u0165 s rovnakou istotou ako napr\u00edklad r\u00fd\u013e Marduka alebo mesa\u010dn\u00fd kos\u00e1k boha mesiaca.<\/p><p>V textoch je Enlil l\u00ed\u010den\u00fd ako majest\u00e1tna, na tr\u00f3ne sediaca postava, pred ktorou poci\u0165uj\u00fa \u00factu aj ostatn\u00ed bohovia. Hymny opisuj\u00fa jeho poh\u013ead ako nato\u013eko mocn\u00fd, \u017ee \u017eiadny boh ho nem\u00f4\u017ee beztrestne vyzva\u0165. Jeho slovo plat\u00ed za neodvolate\u013en\u00e9. T\u00e1to jazykov\u00e1 ikonografia je pre pochopenie Enlila \u010dasto v\u00fdpovednej\u0161ia ne\u017e dochovan\u00e9 v\u00fdtvarn\u00e9 umenie.<\/p><p>S Enlilom sa sp\u00e1ja obraz b\u00farky a nepohody. Liter\u00e1rne texty prirovn\u00e1vaj\u00fa jeho hlas k hromu a jeho hnev k b\u00farkovej vlne. Jeho symbolick\u00e9 zviera je v niektor\u00fdch podaniach sp\u00e1jan\u00e9 s oblas\u0165ou zeme a h\u00f4r.<\/p><p>Predstava, \u017ee Enlil s\u00eddli v horskom chr\u00e1me, formuje cel\u00fa symboliku spojen\u00fa s jeho osobou a rob\u00ed z <span class=\"iwg-fachbegriff\" data-tooltip=\"Stavba sl\u00fa\u017eiaca uctievaniu jedn\u00e9ho alebo viacer\u00fdch bo\u017estiev.\" tabindex=\"0\">chr\u00e1mu<\/span> Ekur samotn\u00e9ho \u00fastredn\u00fd nosite\u013e jeho uctievania.<\/p>\t\t\t\t\t\t\t\t<\/div>\n\t\t\t\t\t<\/div>\n\t\t\t\t<\/div>\n\t\t<div class=\"elementor-element elementor-element-iwgw-enlil-s3 e-flex e-con-boxed e-con e-parent\" data-id=\"iwgw-enlil-s3\" data-element_type=\"container\" data-e-type=\"container\">\n\t\t\t\t\t<div class=\"e-con-inner\">\n\t\t\t\t<div class=\"elementor-element elementor-element-iwgw-enlil-s3h elementor-widget elementor-widget-heading\" data-id=\"iwgw-enlil-s3h\" data-element_type=\"widget\" data-e-type=\"widget\" data-widget_type=\"heading.default\">\n\t\t\t\t\t<h2 class=\"elementor-heading-title elementor-size-default\">Mytologick\u00e9 rozpr\u00e1vania<\/h2>\t\t\t\t<\/div>\n\t\t\t\t<div class=\"elementor-element elementor-element-iwgw-enlil-s3t elementor-widget elementor-widget-text-editor\" data-id=\"iwgw-enlil-s3t\" data-element_type=\"widget\" data-e-type=\"widget\" data-widget_type=\"text-editor.default\">\n\t\t\t\t\t\t\t\t\t<p>Enlil vystupuje v mnoh\u00fdch sumersk\u00fdch a akkadsk\u00fdch m\u00fdtoch ako hlavn\u00e1 \u010dinn\u00e1 postava. V m\u00fdtoch o stvoren\u00ed sa mu pripisuje, \u017ee oddelil nebo od zeme a t\u00fdm vytvoril priestor, v ktorom sa stal mo\u017en\u00fdm \u017eivot. Niektor\u00e9 texty ho zobrazuj\u00fa ako toho, kto vyna\u0161iel motyku a t\u00fdm umo\u017enil \u013eudstvu po\u013enohospod\u00e1rstvo a civiliz\u00e1ciu.<\/p><p>Zn\u00e1my pr\u00edbeh opisuje spojenie Enlila s bohy\u0148ou obilia Ninlil. V tomto rozpr\u00e1van\u00ed stret\u00e1va mlad\u00fd Enlil bohy\u0148u pri vode a ich spojenie vedie k narodeniu viacer\u00fdch bo\u017estiev, medzi nimi aj boha mesiaca.<\/p><p>Za svoj priestupok je Enlil zhroma\u017eden\u00edm bohov vyhnan\u00fd do podsvetia. Ninlil ho nasleduje a prostredn\u00edctvom \u010fal\u0161\u00edch stretnut\u00ed vznikaj\u00fa bo\u017estv\u00e1 podsvetia. Rozpr\u00e1vanie zvl\u00e1\u0161tnym sp\u00f4sobom sp\u00e1ja vinu, trest a vznik d\u00f4le\u017eit\u00fdch bo\u017esk\u00fdch bytost\u00ed.<\/p><p>Osobitne vplyvn\u00e1 je \u00faloha Enlila v m\u00fdtoch o potope. V rozpr\u00e1van\u00ed o Atrachasisovi a v pr\u00edbuzn\u00fdch trad\u00edci\u00e1ch je to Enlil, ktor\u00fd poci\u0165uje rast\u00face \u013eudstvo ako ru\u0161iv\u00fd faktor. Najprv posiela epid\u00e9mie a such\u00e1, nakoniec sa rozhodne vyvola\u0165 ve\u013ek\u00fa potopu, aby \u013eudstvo zni\u010dil.<\/p><p>M\u00fadry boh Enki tento pl\u00e1n prekaz\u00ed t\u00fdm, \u017ee varuje \u010dloveka, ktor\u00fd postav\u00ed lo\u010f a pre\u017eije. T\u00e1to mytologick\u00e1 kon\u0161tel\u00e1cia, v ktorej Enlil vystupuje ako hnevaj\u00faca sa a Enki ako zachra\u0148uj\u00faca moc, trvalo formuje mezopot\u00e1msky obraz oboch bohov.<\/p><p>V rozpr\u00e1van\u00ed o vt\u00e1kovi Anzu hr\u00e1 Enlil rovnako \u00fastredn\u00fa \u00falohu. Vt\u00e1k Anzu ukradne tzv. tabu\u013eky osudu, predmet, ktor\u00fd steles\u0148uje moc nad kosmick\u00fdmi rozhodnutiami.<\/p><p>A\u017e po boji sa tabu\u013eky op\u00e4\u0165 z\u00edskaj\u00fa sp\u00e4\u0165. T\u00e1to epiz\u00f3da zd\u00f4raz\u0148uje, \u017ee vl\u00e1da nad osudmi je \u00fazko spojen\u00e1 s Enlilom a \u017ee jej strata ohrozuje samotn\u00fd poriadok svetu.<\/p>\t\t\t\t\t\t\t\t<\/div>\n\t\t\t\t\t<\/div>\n\t\t\t\t<\/div>\n\t\t<div class=\"elementor-element elementor-element-iwgw-enlil-s4 e-flex e-con-boxed e-con e-parent\" data-id=\"iwgw-enlil-s4\" data-element_type=\"container\" data-e-type=\"container\">\n\t\t\t\t\t<div class=\"e-con-inner\">\n\t\t\t\t<div class=\"elementor-element elementor-element-iwgw-enlil-s4h elementor-widget elementor-widget-heading\" data-id=\"iwgw-enlil-s4h\" data-element_type=\"widget\" data-e-type=\"widget\" data-widget_type=\"heading.default\">\n\t\t\t\t\t<h2 class=\"elementor-heading-title elementor-size-default\">Kult a uctievanie<\/h2>\t\t\t\t<\/div>\n\t\t\t\t<div class=\"elementor-element elementor-element-iwgw-enlil-s4t elementor-widget elementor-widget-text-editor\" data-id=\"iwgw-enlil-s4t\" data-element_type=\"widget\" data-e-type=\"widget\" data-widget_type=\"text-editor.default\">\n\t\t\t\t\t\t\t\t\t<p>Centrom uctievania Enlila bolo mesto Nippur v ju\u017enej Mezopot\u00e1mii. Nippur nebol v\u00fdznamn\u00fdm politick\u00fdm mocensk\u00fdm s\u00eddlom, ale mestom definovan\u00fdm predov\u0161etk\u00fdm n\u00e1bo\u017eensky. Pr\u00e1ve t\u00e1to relat\u00edvna politick\u00e1 neutralita z neho urobila spolo\u010dn\u00fa <span class=\"iwg-fachbegriff\" data-tooltip=\"Sv\u00e4ty\u0148a venovan\u00e1 uctievaniu bo\u017estva.\" tabindex=\"0\">sv\u00e4ty\u0148u<\/span> konkuruj\u00facich si mestsk\u00fdch \u0161t\u00e1tov.<\/p><p><span class=\"iwg-fachbegriff\" data-tooltip=\"Stavba sl\u00fa\u017eiaca na uctievanie jedn\u00e9ho alebo viacer\u00fdch bo\u017estiev.\" tabindex=\"0\">Chr\u00e1m<\/span> Ekur bol pova\u017eovan\u00fd za miesto, kde sa ude\u013eovalo a potvrdzovalo kr\u00e1\u013eovstvo. K <span class=\"iwg-fachbegriff\" data-tooltip=\"Sv\u00e4ty\u0148a venovan\u00e1 uctievaniu bo\u017estva.\" tabindex=\"0\">sv\u00e4tyni<\/span> patrila zikkurat, ktor\u00e1 sa v prame\u0148och objavuje pod menom Eduranki, \u010do je n\u00e1zov nazna\u010duj\u00faci spojenie neba a zeme a ozna\u010duj\u00faci Nippur ako osu sveta.<\/p><p>Vl\u00e1dcovia sumersk\u00fdch mestsk\u00fdch \u0161t\u00e1tov, dynastie Akkadu a tretej dynastie Uru dali v Nippure stava\u0165, venovali obetn\u00e9 dary a vo svojich n\u00e1pisoch zd\u00f4raz\u0148ovali Enlilovu priaze\u0148.<\/p><p>U\u017e ran\u00fd dynastick\u00fd vl\u00e1dca Ur-Nan\u0161e z Laga\u0161u, a nesk\u00f4r Eannatum, sa odvol\u00e1vali na Enlila, rovnako ako Sargon Akkadsk\u00fd a jeho vnuk Naram-Sin. Za tretej dynastie Uru dali Ur-Nammu a \u0160ulgi rozsiahlo obnovi\u0165 Ekur.<\/p><p>Kto bol Enlilom uznan\u00fd za pr\u00e1voplatn\u00e9ho vl\u00e1dcu, mohol si n\u00e1rokova\u0165 rozsiahlu vl\u00e1du. T\u00e1to ideologick\u00e1 funkcia Enlilovho kultu zostala stabiln\u00e1 po\u010das stoviek rokov.<\/p><p>Ku <span class=\"iwg-fachbegriff\" data-tooltip=\"S\u00fahrn n\u00e1bo\u017eensk\u00fdch \u00fakonov uctievania venovan\u00fdch bo\u017estvu alebo sv\u00e4tej bytosti.\" tabindex=\"0\">kultu<\/span> patrili pravideln\u00e9 <span class=\"iwg-fachbegriff\" data-tooltip=\"Dar bo\u017estvu na vyjadrenie v\u010faky, prosby alebo \u00facty.\" tabindex=\"0\">obete<\/span>, hymny a sviato\u010dn\u00e9 ritu\u00e1ly. Chr\u00e1mov\u00fd kalend\u00e1r Nippuru poznal pevn\u00e9 sviatky, medzi nimi sl\u00e1vnosti spojen\u00e9 s v\u00fdsevom a zberom \u00farody, ako aj sviatok nov\u00e9ho roka.<\/p><p>Rozsiahle k\u0148azstvo sa staralo o <span class=\"iwg-fachbegriff\" data-tooltip=\"Sv\u00e4ty\u0148a venovan\u00e1 uctievaniu bo\u017estva.\" tabindex=\"0\">sv\u00e4ty\u0148u<\/span>, spr\u00e1valo jej pozemky a vykon\u00e1valo ka\u017edodenn\u00fd <span class=\"iwg-fachbegriff\" data-tooltip=\"S\u00fahrn n\u00e1bo\u017eensk\u00fdch \u00fakonov uctievania venovan\u00fdch bo\u017estvu alebo sv\u00e4tej bytosti.\" tabindex=\"0\">kult<\/span>, ktor\u00fd zah\u0155\u0148al k\u0155menie sochy bo\u017estva, o\u010distn\u00e9 obrady a predn\u00e1\u0161anie hymnov.<\/p><p>Hospod\u00e1rsky v\u00fdznam Ekuru bol zna\u010dn\u00fd, preto\u017ee <span class=\"iwg-fachbegriff\" data-tooltip=\"Stavba sl\u00fa\u017eiaca na uctievanie jedn\u00e9ho alebo viacer\u00fdch bo\u017estiev.\" tabindex=\"0\">chr\u00e1m<\/span> disponoval po\u013eami, st\u00e1dami a pracovnou silou. Chr\u00e1mov\u00e9 arch\u00edvy z Nippuru patria k najd\u00f4le\u017eitej\u0161\u00edm prame\u0148om pre soci\u00e1lne a hospod\u00e1rske dejiny regi\u00f3nu.<\/p><p>Po boku Enlila st\u00e1la jeho man\u017eelka Ninlil, ktor\u00e1 mala v Nippure vlastn\u00fa <span class=\"iwg-fachbegriff\" data-tooltip=\"Sv\u00e4ty\u0148a venovan\u00e1 uctievaniu bo\u017estva.\" tabindex=\"0\">sv\u00e4ty\u0148u<\/span>. S Ekurom a jeho okol\u00edm boli spojen\u00e9 aj \u010fal\u0161ie bo\u017estv\u00e1, medzi nimi Enlilov sluha a vez\u00edr Nuska, tak\u017ee chr\u00e1mov\u00fd komplex zdru\u017eoval cel\u00fa sie\u0165 kultov\u00fdch vz\u0165ahov.<\/p><p>Skupina liter\u00e1rnych textov, tzv. chr\u00e1mov\u00e9 hymny, a \u017ealospevy o zni\u010den\u00ed Nippuru ukazuj\u00fa, ako silno bolo mesto vn\u00edman\u00e9 ako n\u00e1bo\u017eensk\u00fd <span class=\"iwg-fachbegriff\" data-tooltip=\"V\u00fdrazn\u00fd obraz zastupuj\u00faci abstraktn\u00fa my\u0161lienku.\" tabindex=\"0\">symbol<\/span>, ktor\u00e9ho skaza sa pova\u017eovala za kozmick\u00fa katastrofu.<\/p>\t\t\t\t\t\t\t\t<\/div>\n\t\t\t\t\t<\/div>\n\t\t\t\t<\/div>\n\t\t<div class=\"elementor-element elementor-element-iwgw-enlil-s5 e-flex e-con-boxed e-con e-parent\" data-id=\"iwgw-enlil-s5\" data-element_type=\"container\" data-e-type=\"container\">\n\t\t\t\t\t<div class=\"e-con-inner\">\n\t\t\t\t<div class=\"elementor-element elementor-element-iwgw-enlil-s5h elementor-widget elementor-widget-heading\" data-id=\"iwgw-enlil-s5h\" data-element_type=\"widget\" data-e-type=\"widget\" data-widget_type=\"heading.default\">\n\t\t\t\t\t<h2 class=\"elementor-heading-title elementor-size-default\">Ochrann\u00e1 prax a apotropaika<\/h2>\t\t\t\t<\/div>\n\t\t\t\t<div class=\"elementor-element elementor-element-iwgw-enlil-s5t elementor-widget elementor-widget-text-editor\" data-id=\"iwgw-enlil-s5t\" data-element_type=\"widget\" data-e-type=\"widget\" data-widget_type=\"text-editor.default\">\n\t\t\t\t\t\t\t\t\t<p>V n\u00e1bo\u017eenskom \u017eivote Mezopot\u00e1mie sa \u013eudia obracali na Enlila predov\u0161etk\u00fdm v modlitb\u00e1ch a hymn\u00e1ch, ktor\u00e9 uzn\u00e1vali jeho moc a prosili o jeho priaze\u0148. Ke\u010f\u017ee Enlil bol pova\u017eovan\u00fd za toho, kto ur\u010duje osudy, bolo nevyhnutn\u00e9 zachova\u0165 si jeho priaze\u0148 a nevyz\u00fdva\u0165 jeho hnev.<\/p><p>Kaj\u00facne modlitby a n\u00e1re\u010dov\u00e9 texty, v ktor\u00fdch \u013eudia vykladali svoje ne\u0161\u0165astie ako d\u00f4sledok bo\u017esk\u00e9ho hnevu, boli niekedy adresovan\u00e9 aj jemu alebo bo\u017estv\u00e1m s n\u00edm spojen\u00fdm.<\/p><p>Mezopot\u00e1msky svet predst\u00e1v poznal hust\u00fd syst\u00e9m zakl\u00ednan\u00ed a apotropaick\u00fdch ritu\u00e1lov, ktor\u00fdmi sa \u013eudia sna\u017eili chr\u00e1ni\u0165 pred chorobami, ne\u0161\u0165ast\u00edm a d\u00e9monick\u00fdmi silami. Enlil s\u00e1m v\u0161ak nebol ochrann\u00fdm bo\u017estvom v \u00fazkom zmysle, na ktor\u00e9 by sa \u010dlovek obracal pri priamej obrane proti d\u00e9monom.<\/p><p>T\u00fato funkciu sk\u00f4r plnili zakl\u00ednac\u00ed k\u0148azi a ur\u010dit\u00e9 bo\u017estv\u00e1 a ochrann\u00e9 <span class=\"iwg-fachbegriff\" data-tooltip=\"Bytos\u0165, ktor\u00e1 v sebe sp\u00e1ja znaky r\u00f4znych tvorov.\" tabindex=\"0\">zmie\u0161an\u00e9 bytosti<\/span>. Proti ob\u00e1vanej d\u00e9monke <a href=\"https:\/\/iwell-guard.com\/sk\/lamashtu\/\">Lama\u0161tu<\/a> sa napr\u00edklad vz\u00fdvala pomoc d\u00e9mona <a href=\"https:\/\/iwell-guard.com\/sk\/pazuzu\/\">Pazuzu<\/a>, nie Enlila.<\/p><p>Enlil sa napriek tomu dot\u00fdkal oblasti ochrany na vy\u0161\u0161ej \u00farovni. Ke\u010f\u017ee bol pova\u017eovan\u00fd za garanta kozmick\u00e9ho a politick\u00e9ho poriadku, jeho priaze\u0148 zabezpe\u010dovala stabilitu, v ktorej mohol \u013eudsk\u00fd \u017eivot v\u00f4bec prekvita\u0165.<\/p><p>Kr\u00e1\u013e, ktor\u00e9ho potvrdil Enlil, ch\u00e1pal svoju vl\u00e1du ako ochrann\u00fd val proti chaosu a nepriate\u013eom. V tomto \u0161ir\u0161om zmysle bol Enlil usporad\u00favaj\u00facou a t\u00fdm sprostredkovane ochrannou mocou.<\/p>\t\t\t\t\t\t\t\t<\/div>\n\t\t\t\t\t<\/div>\n\t\t\t\t<\/div>\n\t\t<div class=\"elementor-element elementor-element-iwgw-enlil-s6 e-flex e-con-boxed e-con e-parent\" data-id=\"iwgw-enlil-s6\" data-element_type=\"container\" data-e-type=\"container\">\n\t\t\t\t\t<div class=\"e-con-inner\">\n\t\t\t\t<div class=\"elementor-element elementor-element-iwgw-enlil-s6h elementor-widget elementor-widget-heading\" data-id=\"iwgw-enlil-s6h\" data-element_type=\"widget\" data-e-type=\"widget\" data-widget_type=\"heading.default\">\n\t\t\t\t\t<h2 class=\"elementor-heading-title elementor-size-default\">Paralely v in\u00fdch kult\u00farach<\/h2>\t\t\t\t<\/div>\n\t\t\t\t<div class=\"elementor-element elementor-element-iwgw-enlil-s6t elementor-widget elementor-widget-text-editor\" data-id=\"iwgw-enlil-s6t\" data-element_type=\"widget\" data-e-type=\"widget\" data-widget_type=\"text-editor.default\">\n\t\t\t\t\t\t\t\t\t<p>Typ b\u00farkov\u00e9ho a povetrnostn\u00e9ho boha na \u010dele alebo v centre pante\u00f3nu sa vyskytuje v mnoh\u00fdch staroorient\u00e1lnych a stredomorsk\u00fdch kult\u00farach. V hurritskom a hetitskom prostred\u00ed zast\u00e1va porovnate\u013ene centr\u00e1lne postavenie povetrnostn\u00fd boh Te\u0161\u0161ub.<\/p><p>V S\u00fdrii a na Levante je povetrnostn\u00fd boh Hadad alebo Baal v\u00fdraznou postavou, ktor\u00e1 steles\u0148uje d\u00e1\u017e\u010f a plodnos\u0165, ale aj ni\u010div\u00e9 b\u00farky.<\/p><p>V samotnej Mezopot\u00e1mii doch\u00e1dza k v\u00fdrazn\u00e9mu posunu. S politick\u00fdm vzostupom Babylonu prevzal mestsk\u00fd boh Marduk mnoh\u00e9 funkcie, ktor\u00e9 predt\u00fdm patrili Enlilovi.<\/p><p>V babylonskom eposu o stvoren\u00ed En\u00fama eli\u0161 je Marduk pov\u00fd\u0161en\u00fd na kr\u00e1\u013ea bohov a je mu pris\u00faden\u00fdch titulov pripom\u00ednaj\u00facich Enlilovu star\u00fa d\u00f4stojnos\u0165. Niektor\u00e9 texty hovoria dokonca o \u201eEnlilovi bohov\u201c ako o \u010destnom titule pre Marduka. V As\u00fdrii zase podobn\u00e9 \u00falohy prevzal r\u00ed\u0161sky boh A\u0161\u0161ur.<\/p><p>Priame porovnanie s gr\u00e9ckym Zeusom alebo r\u00edmskym Jupiterom je mo\u017en\u00e9 len s opatrnos\u0165ou. Hoci zdie\u013eaj\u00fa <span class=\"iwg-fachbegriff\" data-tooltip=\"Opakuj\u00faci sa obsahov\u00fd prvok v umen\u00ed alebo rozpr\u00e1van\u00ed.\" tabindex=\"0\">mot\u00edv<\/span> najvy\u0161\u0161ieho boha spojen\u00e9ho s nebom a po\u010das\u00edm, n\u00e1bo\u017eensk\u00e9 syst\u00e9my, do ktor\u00fdch patria, sa z\u00e1sadne l\u00ed\u0161ia. Tak\u00e9to paralely treba ch\u00e1pa\u0165 sk\u00f4r ako typologick\u00e9 podobnosti, nie ako historick\u00fa z\u00e1vislos\u0165.<\/p>\t\t\t\t\t\t\t\t<\/div>\n\t\t\t\t\t<\/div>\n\t\t\t\t<\/div>\n\t\t<div class=\"elementor-element elementor-element-iwgw-enlil-s7 e-flex e-con-boxed e-con e-parent\" data-id=\"iwgw-enlil-s7\" data-element_type=\"container\" data-e-type=\"container\">\n\t\t\t\t\t<div class=\"e-con-inner\">\n\t\t\t\t<div class=\"elementor-element elementor-element-iwgw-enlil-s7h elementor-widget elementor-widget-heading\" data-id=\"iwgw-enlil-s7h\" data-element_type=\"widget\" data-e-type=\"widget\" data-widget_type=\"heading.default\">\n\t\t\t\t\t<h2 class=\"elementor-heading-title elementor-size-default\">S\u00fa\u010dasn\u00e1 recepcia a v\u00fdskum<\/h2>\t\t\t\t<\/div>\n\t\t\t\t<div class=\"elementor-element elementor-element-iwgw-enlil-s7t elementor-widget elementor-widget-text-editor\" data-id=\"iwgw-enlil-s7t\" data-element_type=\"widget\" data-e-type=\"widget\" data-widget_type=\"text-editor.default\">\n\t\t\t\t\t\t\t\t\t<p>Enlil je v modernej asyriol\u00f3gii intenz\u00edvne sk\u00famanou postavou. Vykop\u00e1vky v Nippure, ktor\u00e9 od konca dev\u00e4tn\u00e1steho storo\u010dia realizovali americk\u00e9 exped\u00edcie a nesk\u00f4r, s preru\u0161eniami, aj v spolupr\u00e1ci s irack\u00fdmi org\u00e1nmi, prinieslo mimoriadne bohat\u00fa <span class=\"iwg-fachbegriff\" data-tooltip=\"Odovzd\u00e1vanie vedomost\u00ed a pr\u00edbehov medzi gener\u00e1ciami.\" tabindex=\"0\">trad\u00edciu<\/span>.<\/p><p>Tis\u00edcky klinopisn\u00fdch tabuliek, medzi nimi liter\u00e1rne texty, hymny a administrat\u00edvne dokumenty, umo\u017e\u0148uj\u00fa podrobn\u00fd poh\u013ead na Enlilov <span class=\"iwg-fachbegriff\" data-tooltip=\"S\u00fahrn n\u00e1bo\u017eensk\u00fdch \u00fakonov uctievania bo\u017estva alebo sv\u00e4tej postavy.\" tabindex=\"0\">kult<\/span> a jeho hist\u00f3riu. Zna\u010dn\u00e1 \u010das\u0165 zn\u00e1mej sumerskej \u0161kolskej literat\u00fary poch\u00e1dza z Nippuru, preto\u017ee mesto bolo centrom v\u00fdchovy pis\u00e1rov.<\/p><p>V\u00fdskum sa osobitne zauj\u00edma o ot\u00e1zku, ako sa v starej Mezopot\u00e1mii vz\u00e1jomne vz\u0165ahovali n\u00e1bo\u017eensk\u00e1 autorita a politick\u00e1 moc. Pr\u00edpad Enlila je pre to k\u013e\u00fa\u010dov\u00fdm pr\u00edkladom, preto\u017ee n\u00e1bo\u017eensk\u00fd stred Nippur po st\u00e1ro\u010dia sprostredk\u00faval legitimitu meniacich sa vl\u00e1dcov.<\/p><p>Rovnako sa sk\u00fama postupn\u00e9 pres\u00favanie najvy\u0161\u0161ej bo\u017eskej d\u00f4stojnosti od Enlila k Mardukovi ako pr\u00edklad teologickej zmeny v d\u00f4sledku politick\u00fdch prevratov. Diskutuje sa tie\u017e o tom, do akej miery zostal Enlil samostatnou osobou a do akej miery sa stal sk\u00f4r druhom titulu a funk\u010dn\u00e9ho ozna\u010denia, prenosn\u00e9ho na in\u00fdch bohov.<\/p><p>\u010eal\u0161\u00edm d\u00f4le\u017eit\u00fdm bodom je ambivalencia Enlila. Texty ho neukazuj\u00fa ako v\u00fdlu\u010dne dobrotiv\u00e9ho boha, ale ako moc, ktor\u00e1 rovnako rozde\u013euje <span class=\"iwg-fachbegriff\" data-tooltip=\"Pr\u00eds\u013eub blaha a ochrany, \u010dasto vo forme pevn\u00e9ho jazykov\u00e9ho vzorca.\" tabindex=\"0\">po\u017eehnanie<\/span> aj skazu. Z religionistick\u00e9ho h\u013eadiska je pr\u00e1ve toto nap\u00e4tie ve\u013emi vypovedaj\u00face, preto\u017ee ukazuje, \u017ee mezopot\u00e1mska <span class=\"iwg-fachbegriff\" data-tooltip=\"Vedeck\u00e9 sk\u00famanie Boha a viery ur\u010dit\u00e9ho n\u00e1bo\u017eenstva.\" tabindex=\"0\">teol\u00f3gia<\/span> nezost\u00e1vala zlo mimo najvy\u0161\u0161ieho <span class=\"iwg-fachbegriff\" data-tooltip=\"Bytos\u0165 uctievan\u00e1 ako bo\u017esk\u00e1 v r\u00e1mci n\u00e1bo\u017eenstva.\" tabindex=\"0\">bo\u017estva<\/span>, ale zah\u0155\u0148ala ho do jeho podstaty.<\/p><p>V \u0161ir\u0161ej verejnosti sa Enlil stal zn\u00e1my predov\u0161etk\u00fdm prostredn\u00edctvom m\u00fdtov o potope, preto\u017ee sa o nich ve\u013ea diskutovalo v s\u00favislosti s biblickou trad\u00edciou o potope.<\/p><p>Pri tom je potrebn\u00e1 opatrnos\u0165, preto\u017ee popul\u00e1rne spracovania \u010dasto v\u00fdrazne zjednodu\u0161uj\u00fa zlo\u017eit\u00fa situ\u00e1ciu pramenn\u00e9ho materi\u00e1lu. Seri\u00f3zne \u0161t\u00fadium Enlila sa opiera o vydan\u00e9 klinopisn\u00e9 texty a odborn\u00fa literat\u00faru, ktor\u00e1 jeho \u00falohu zara\u010fuje do historick\u00e9ho a kult\u00farneho kontextu.<\/p>\t\t\t\t\t\t\t\t<\/div>\n\t\t\t\t\t<\/div>\n\t\t\t\t<\/div>\n\t\t<div class=\"elementor-element elementor-element-iwgw-enlil-lit e-flex e-con-boxed e-con e-parent\" data-id=\"iwgw-enlil-lit\" data-element_type=\"container\" data-e-type=\"container\">\n\t\t\t\t\t<div class=\"e-con-inner\">\n\t\t\t\t<div class=\"elementor-element elementor-element-iwgw-enlil-lith elementor-widget elementor-widget-heading\" data-id=\"iwgw-enlil-lith\" data-element_type=\"widget\" data-e-type=\"widget\" data-widget_type=\"heading.default\">\n\t\t\t\t\t<h2 class=\"elementor-heading-title elementor-size-default\">Literat\u00fara (v\u00fdber)<\/h2>\t\t\t\t<\/div>\n\t\t\t\t<div class=\"elementor-element elementor-element-iwgw-enlil-litt elementor-widget elementor-widget-text-editor\" data-id=\"iwgw-enlil-litt\" data-element_type=\"widget\" data-e-type=\"widget\" data-widget_type=\"text-editor.default\">\n\t\t\t\t\t\t\t\t\t<ul><li>Jean Bott\u00e9ro: <em>Die \u00e4lteste Religion. Mesopotamien<\/em> (2001)<\/li><li><span data-nosnippet>Jeremy Black, Anthony Green: <em>Gods, Demons and Symbols of Ancient Mesopotamia<\/em> (1992)<\/span><\/li><li>Thorkild Jacobsen: <em>The Treasures of Darkness. A History of Mesopotamian Religion<\/em> (1976)<\/li><li>Wilfred G. Lambert: <em>Babylonian Creation Myths<\/em> (2013)<\/li><li>Stefan M. Maul: <em>Das Gilgamesch-Epos<\/em> (2005)<\/li><\/ul>\t\t\t\t\t\t\t\t<\/div>\n\t\t\t\t\t<\/div>\n\t\t\t\t<\/div>\n\t\t<div class=\"elementor-element elementor-element-iwgkw2-add-enlil e-flex e-con-boxed e-con e-parent\" data-id=\"iwgkw2-add-enlil\" data-element_type=\"container\" data-e-type=\"container\">\n\t\t\t\t\t<div class=\"e-con-inner\">\n\t\t\t\t<div class=\"elementor-element elementor-element-iwgkw2-add-enlil-t elementor-widget elementor-widget-text-editor\" data-id=\"iwgkw2-add-enlil-t\" data-element_type=\"widget\" data-e-type=\"widget\" data-widget_type=\"text-editor.default\">\n\t\t\t\t\t\t\t\t\t<p>Enlil je pova\u017eovan\u00fd za centr\u00e1lneho <em>mezopot\u00e1mskeho<\/em> hlavn\u00e9ho boha, ktor\u00fd z Nippuru vl\u00e1dol nad vetrom, b\u00farkou a kr\u00e1\u013eovstvom a v sumersk\u00fdch i akkadsk\u00fdch hymn\u00e1ch vystupuje ako predseda ve\u013ek\u00e9ho zhroma\u017edenia bohov.<\/p>\t\t\t\t\t\t\t\t<\/div>\n\t\t\t\t\t<\/div>\n\t\t\t\t<\/div>\n\t\t<div class=\"elementor-element elementor-element-iwgw-enlil-kwd e-flex e-con-boxed e-con e-parent\" data-id=\"iwgw-enlil-kwd\" data-element_type=\"container\" data-e-type=\"container\">\n\t\t\t\t\t<div class=\"e-con-inner\">\n\t\t\t\t<div class=\"elementor-element elementor-element-iwgw-enlil-kwdt elementor-widget elementor-widget-text-editor\" data-id=\"iwgw-enlil-kwdt\" data-element_type=\"widget\" data-e-type=\"widget\" data-widget_type=\"text-editor.default\">\n\t\t\t\t\t\t\t\t\t<p><em>S\u00favisiace k\u013e\u00fa\u010dov\u00e9 pojmy: Enlil Nippur Ekur Sumer Akkad b\u00farkov\u00fd boh rada bohov tabu\u013eky osudu Ninlil.<\/em><\/p>\t\t\t\t\t\t\t\t<\/div>\n\t\t\t\t\t<\/div>\n\t\t\t\t<\/div>\n\t\t<div class=\"elementor-element elementor-element-iwgw-enlil-cc e-flex e-con-boxed e-con e-parent\" data-id=\"iwgw-enlil-cc\" data-element_type=\"container\" data-e-type=\"container\" id=\"iwg-cc-enlil\">\n\t\t\t\t\t<div class=\"e-con-inner\">\n\t\t<div class=\"elementor-element elementor-element-iwgw-enlil-ccinner e-flex e-con-boxed e-con e-parent\" data-id=\"iwgw-enlil-ccinner\" data-element_type=\"container\" data-e-type=\"container\" data-settings=\"{&quot;background_background&quot;:&quot;classic&quot;}\">\n\t\t\t\t\t<div class=\"e-con-inner\">\n\t\t\t\t<div class=\"elementor-element elementor-element-iwgw-enlil-cch elementor-widget elementor-widget-heading\" data-id=\"iwgw-enlil-cch\" data-element_type=\"widget\" data-e-type=\"widget\" data-widget_type=\"heading.default\">\n\t\t\t\t\t<h2 class=\"elementor-heading-title elementor-size-default\">iWell Guard a ochrann\u00e9 trad\u00edcie<\/h2>\t\t\t\t<\/div>\n\t\t\t\t<div class=\"elementor-element elementor-element-iwgw-enlil-cct elementor-widget elementor-widget-text-editor\" data-id=\"iwgw-enlil-cct\" data-element_type=\"widget\" data-e-type=\"widget\" data-widget_type=\"text-editor.default\">\n\t\t\t\t\t\t\t\t\t<div data-nosnippet=\"true\"><p>iWell Guard nadv\u00e4zuje na kult\u00farno-historick\u00fa trad\u00edciu prenosn\u00fdch ochrann\u00fdch predmetov, v trad\u00edcii <a href=\"https:\/\/iwell-guard.com\/sk\/mezopotamia\/\">Mezopot\u00e1mie<\/a> a mnoh\u00fdch \u010fal\u0161\u00edch kult\u00far po celom svete. 41 vrstiev, skuto\u010dn\u00e9 zlato, platina, striebro, vyroben\u00e9 v Nemecku. 30-d\u0148ov\u00e1 mo\u017enos\u0165 vr\u00e1tenia.<\/p><\/div>\t\t\t\t\t\t\t\t<\/div>\n\t\t\t\t<div class=\"elementor-element elementor-element-iwgw-enlil-ccb iwg-cc-button iwg-cc-cta-2026-05-13 elementor-widget elementor-widget-jet-button\" data-id=\"iwgw-enlil-ccb\" data-element_type=\"widget\" data-e-type=\"widget\" data-widget_type=\"jet-button.default\">\n\t\t\t\t<div class=\"elementor-widget-container\">\n\t\t\t\t\t<div class=\"elementor-jet-button jet-elements\"><div class=\"jet-button__container\"><a class=\"jet-button__instance jet-button__instance--icon-left hover-effect-1\" href=\"\/ueber-iwell-guard\/?utm_source=iwell-guard.com&amp;utm_medium=info-box&amp;utm_campaign=wesen-tradition\"><div class=\"jet-button__plane jet-button__plane-normal\"><\/div><div class=\"jet-button__plane jet-button__plane-hover\"><\/div><div class=\"jet-button__state jet-button__state-normal\"><span class=\"jet-button__label\">Viac o iWell Guard<\/span><\/div><div class=\"jet-button__state jet-button__state-hover\"><span class=\"jet-button__label\">Viac o iWell Guard<\/span><\/div><\/a><\/div><\/div><style>.elementor-element.elementor-element-iwgw-enlil-ccb .jet-button__instance{width:320px;height:56px;}.elementor-element.elementor-element-iwgw-enlil-ccb .jet-button__state-normal .jet-button__label{text-align:center;margin:0px 0px 0px 0px;color:#1a1b20;font-family:Montserrat,sans-serif;font-size:13px;font-weight:400;letter-spacing:4px;line-height:1.714em;text-transform:uppercase;}.elementor-element.elementor-element-iwgw-enlil-ccb .jet-button__state-hover .jet-button__label{text-align:center;margin:0px 0px 0px 0px;color:#FECC76;font-family:Montserrat,sans-serif;font-size:13px;font-weight:400;letter-spacing:4px;line-height:1.714em;text-transform:uppercase;}.elementor-element.elementor-element-iwgw-enlil-ccb .jet-button__plane-normal{background-color:#FECC76;border-style:solid;border-color:#C99540;border-width:2px 2px 2px 2px;}.elementor-element.elementor-element-iwgw-enlil-ccb .jet-button__plane-hover{background-color:rgba(0,0,0,0.55);border-style:solid;border-color:#FECC76;border-width:2px 2px 2px 2px;}<\/style>\t\t\t\t<\/div>\n\t\t\t\t<\/div>\n\t\t\t\t<div class=\"elementor-element elementor-element-iwgw-enlil-ccd elementor-widget elementor-widget-text-editor\" data-id=\"iwgw-enlil-ccd\" data-element_type=\"widget\" data-e-type=\"widget\" data-widget_type=\"text-editor.default\">\n\t\t\t\t\t\t\t\t\t<div data-nosnippet=\"true\"><p style=\"text-align:center;font-size:13px;opacity:0.7;margin-top:14px\" data-nosnippet=\"true\">Osobn\u00e9 sk\u00fasenosti sa m\u00f4\u017eu l\u00ed\u0161i\u0165. Nie je to zdravotn\u00edcka pom\u00f4cka. \u017diadny pr\u00eds\u013eub lie\u010denia.<\/p><\/div>\t\t\t\t\t\t\t\t<\/div>\n\t\t\t\t\t<\/div>\n\t\t\t\t<\/div>\n\t\t\t\t\t<\/div>\n\t\t\t\t<\/div>\n\t\t<div class=\"elementor-element elementor-element-iwgw-enlil-disc e-flex e-con-boxed e-con e-parent\" data-id=\"iwgw-enlil-disc\" data-element_type=\"container\" data-e-type=\"container\">\n\t\t\t\t\t<div class=\"e-con-inner\">\n\t\t\t\t<div class=\"elementor-element elementor-element-iwgw-enlil-discw elementor-widget elementor-widget-html\" data-id=\"iwgw-enlil-discw\" data-element_type=\"widget\" data-e-type=\"widget\" data-widget_type=\"html.default\">\n\t\t\t\t\t<footer data-nosnippet=\"true\" class=\"iwg-disclaimer-block\"><p data-nosnippet=\"true\">iWell Guard <strong>nie je zdravotn\u00edcka pom\u00f4cka<\/strong> a nenahr\u00e1dza lek\u00e1rske ani psychoterapeutick\u00e9 o\u0161etrenie. Religionistick\u00fd obsah predstavuje kult\u00farno-historick\u00e9 zaradenie, nie odpor\u00fa\u010danie duchovnej praxe.<\/p><\/footer>\t\t\t\t<\/div>\n\t\t\t\t\t<\/div>\n\t\t\t\t<\/div>\n\t\t\t\t<\/div>\n\t\t","protected":false},"excerpt":{"rendered":"","protected":false},"author":3,"featured_media":3381,"parent":0,"menu_order":0,"comment_status":"closed","ping_status":"closed","template":"elementor_header_footer","meta":{"_yoast_wpseo_focuskw":"Enlil mezopot\u00e1msky boh","_yoast_wpseo_title":"Enlil \u2013 mezopot\u00e1msky boh b\u00farky a p\u00e1n pante\u00f3nu","_yoast_wpseo_metadesc":"Enlil, boh vetra a b\u00farky Mezopot\u00e1mie, st\u00e1l na \u010dele pante\u00f3nu z Nippuru a bol pova\u017eovan\u00fd za p\u00e1na zhroma\u017edenia bohov.","_yoast_wpseo_meta-robots-noindex":"","_yoast_wpseo_canonical":"","_angie_page":false,"gefaehrdungsstufe":"3","wesen_kultur":"mesopotamien","wesen_klasse":"goetter","footnotes":""},"categories":[],"class_list":["post-158026","page","type-page","status-publish","has-post-thumbnail","hentry"],"yoast_head":"<!-- This site is optimized with the Yoast SEO Premium plugin v27.7 (Yoast SEO v28.3) - https:\/\/yoast.com\/product\/yoast-seo-premium-wordpress\/ -->\n<title>Enlil \u2013 mezopot\u00e1msky boh b\u00farky a p\u00e1n pante\u00f3nu<\/title>\n<meta name=\"description\" content=\"Enlil, boh vetra a b\u00farky Mezopot\u00e1mie, st\u00e1l na \u010dele pante\u00f3nu z Nippuru a bol pova\u017eovan\u00fd za p\u00e1na zhroma\u017edenia bohov.\" \/>\n<meta name=\"robots\" content=\"index, follow, max-snippet:-1, max-image-preview:large, max-video-preview:-1\" \/>\n<link rel=\"canonical\" href=\"https:\/\/iwell-guard.com\/sk\/enlil-boh-burky-a-pan-panteonu\/\" \/>\n<meta property=\"og:locale\" content=\"sk_SK\" \/>\n<meta property=\"og:type\" content=\"article\" \/>\n<meta property=\"og:title\" content=\"Enlil \u2013 boh b\u00farky a p\u00e1n pante\u00f3nu\" \/>\n<meta property=\"og:description\" content=\"Enlil, boh vetra a b\u00farky Mezopot\u00e1mie, st\u00e1l na \u010dele pante\u00f3nu z Nippuru a bol pova\u017eovan\u00fd za p\u00e1na zhroma\u017edenia bohov.\" \/>\n<meta property=\"og:url\" content=\"https:\/\/iwell-guard.com\/sk\/enlil-boh-burky-a-pan-panteonu\/\" \/>\n<meta property=\"og:site_name\" content=\"iWell Guard\" \/>\n<meta property=\"article:modified_time\" content=\"2026-09-04T22:48:51+00:00\" \/>\n<meta property=\"og:image\" content=\"https:\/\/iwell-guard.com\/wp-content\/uploads\/2026\/05\/goetter_mesopotamien_enlil.webp\" \/>\n\t<meta property=\"og:image:width\" content=\"1024\" \/>\n\t<meta property=\"og:image:height\" content=\"1536\" \/>\n\t<meta property=\"og:image:type\" content=\"image\/webp\" \/>\n<meta name=\"twitter:card\" content=\"summary_large_image\" \/>\n<script type=\"application\/ld+json\" class=\"yoast-schema-graph\">{\"@context\":\"https:\\\/\\\/schema.org\",\"@graph\":[{\"@type\":\"WebPage\",\"@id\":\"https:\\\/\\\/iwell-guard.com\\\/sk\\\/enlil-boh-burky-a-pan-panteonu\\\/\",\"url\":\"https:\\\/\\\/iwell-guard.com\\\/sk\\\/enlil-boh-burky-a-pan-panteonu\\\/\",\"name\":\"Enlil \u2013 mezopot\u00e1msky boh b\u00farky a p\u00e1n pante\u00f3nu\",\"isPartOf\":{\"@id\":\"https:\\\/\\\/iwell-guard.com\\\/sk\\\/#website\"},\"primaryImageOfPage\":{\"@id\":\"https:\\\/\\\/iwell-guard.com\\\/sk\\\/enlil-boh-burky-a-pan-panteonu\\\/#primaryimage\"},\"image\":{\"@id\":\"https:\\\/\\\/iwell-guard.com\\\/sk\\\/enlil-boh-burky-a-pan-panteonu\\\/#primaryimage\"},\"thumbnailUrl\":\"https:\\\/\\\/iwell-guard.com\\\/wp-content\\\/uploads\\\/2026\\\/05\\\/goetter_mesopotamien_enlil.webp\",\"datePublished\":\"2026-09-04T22:20:47+00:00\",\"dateModified\":\"2026-09-04T22:48:51+00:00\",\"description\":\"Enlil, boh vetra a b\u00farky Mezopot\u00e1mie, st\u00e1l na \u010dele pante\u00f3nu z Nippuru a bol pova\u017eovan\u00fd za p\u00e1na zhroma\u017edenia bohov.\",\"breadcrumb\":{\"@id\":\"https:\\\/\\\/iwell-guard.com\\\/sk\\\/enlil-boh-burky-a-pan-panteonu\\\/#breadcrumb\"},\"inLanguage\":\"sk-SK\",\"potentialAction\":[{\"@type\":\"ReadAction\",\"target\":[\"https:\\\/\\\/iwell-guard.com\\\/sk\\\/enlil-boh-burky-a-pan-panteonu\\\/\"]}]},{\"@type\":\"ImageObject\",\"inLanguage\":\"sk-SK\",\"@id\":\"https:\\\/\\\/iwell-guard.com\\\/sk\\\/enlil-boh-burky-a-pan-panteonu\\\/#primaryimage\",\"url\":\"https:\\\/\\\/iwell-guard.com\\\/wp-content\\\/uploads\\\/2026\\\/05\\\/goetter_mesopotamien_enlil.webp\",\"contentUrl\":\"https:\\\/\\\/iwell-guard.com\\\/wp-content\\\/uploads\\\/2026\\\/05\\\/goetter_mesopotamien_enlil.webp\",\"width\":1024,\"height\":1536,\"caption\":\"Bohovia z mezopot\u00e1mskej trad\u00edcie.\"},{\"@type\":\"BreadcrumbList\",\"@id\":\"https:\\\/\\\/iwell-guard.com\\\/sk\\\/enlil-boh-burky-a-pan-panteonu\\\/#breadcrumb\",\"itemListElement\":[{\"@type\":\"ListItem\",\"position\":1,\"name\":\"Start\",\"item\":\"https:\\\/\\\/iwell-guard.com\\\/sk\\\/?page_id=157572\"},{\"@type\":\"ListItem\",\"position\":2,\"name\":\"Enlil \u2013 boh b\u00farky a p\u00e1n pante\u00f3nu\"}]},{\"@type\":\"WebSite\",\"@id\":\"https:\\\/\\\/iwell-guard.com\\\/sk\\\/#website\",\"url\":\"https:\\\/\\\/iwell-guard.com\\\/sk\\\/\",\"name\":\"iWell Guard\",\"description\":\"Schutz vor dunklen Einfl\u00fcssen\",\"publisher\":{\"@id\":\"https:\\\/\\\/iwell-guard.com\\\/sk\\\/#organization\"},\"potentialAction\":[{\"@type\":\"SearchAction\",\"target\":{\"@type\":\"EntryPoint\",\"urlTemplate\":\"https:\\\/\\\/iwell-guard.com\\\/sk\\\/?s={search_term_string}\"},\"query-input\":{\"@type\":\"PropertyValueSpecification\",\"valueRequired\":true,\"valueName\":\"search_term_string\"}}],\"inLanguage\":\"sk-SK\"},{\"@type\":\"Organization\",\"@id\":\"https:\\\/\\\/iwell-guard.com\\\/sk\\\/#organization\",\"name\":\"Ittermann electronic GmbH\",\"url\":\"https:\\\/\\\/iwell-guard.com\\\/sk\\\/\",\"logo\":{\"@type\":\"ImageObject\",\"inLanguage\":\"sk-SK\",\"@id\":\"https:\\\/\\\/iwell-guard.com\\\/sk\\\/#\\\/schema\\\/logo\\\/image\\\/\",\"url\":\"https:\\\/\\\/iwell-guard.com\\\/wp-content\\\/uploads\\\/2026\\\/05\\\/Ittermann-Logo-1182x237-1.png\",\"contentUrl\":\"https:\\\/\\\/iwell-guard.com\\\/wp-content\\\/uploads\\\/2026\\\/05\\\/Ittermann-Logo-1182x237-1.png\",\"width\":1182,\"height\":237,\"caption\":\"Ittermann electronic GmbH\"},\"image\":{\"@id\":\"https:\\\/\\\/iwell-guard.com\\\/sk\\\/#\\\/schema\\\/logo\\\/image\\\/\"},\"sameAs\":[\"https:\\\/\\\/pantip.com\\\/profile\\\/9367242\",\"https:\\\/\\\/micro.blog\\\/iwellguard\",\"https:\\\/\\\/www.diggerslist.com\\\/iwellguard\\\/about\",\"https:\\\/\\\/skitterphoto.com\\\/photographers\\\/2870314\\\/iwell-guard\",\"https:\\\/\\\/iwellguard.wordpress.com\\\/2026\\\/06\\\/06\\\/iwell-guard\\\/\",\"https:\\\/\\\/hub.docker.com\\\/u\\\/iwellguard\",\"https:\\\/\\\/www.pinterest.com\\\/iwellguard\\\/\",\"https:\\\/\\\/bit.ly\\\/m\\\/iwellguard\",\"https:\\\/\\\/entre-vos-mains.alsace.eu\\\/profiles\\\/iwellguard\\\/activity\",\"https:\\\/\\\/gravatar.com\\\/reallybeded8fd34\",\"https:\\\/\\\/naijamatta.com\\\/iwellguard\",\"https:\\\/\\\/www.goodreads.com\\\/iwellguard\",\"https:\\\/\\\/profile.hatena.ne.jp\\\/iwellguard\\\/\",\"https:\\\/\\\/experiment.com\\\/users\\\/iwellguard\",\"https:\\\/\\\/wakelet.com\\\/@iWellGuard82270\",\"https:\\\/\\\/www.chordie.com\\\/forum\\\/profile.php?id=2555664\",\"https:\\\/\\\/www.instapaper.com\\\/p\\\/17757966\",\"https:\\\/\\\/www.mapleprimes.com\\\/users\\\/iwellguard\",\"https:\\\/\\\/businesslistingplus.com\\\/profile\\\/iwell-guard\\\/\",\"https:\\\/\\\/telegra.ph\\\/iWell-Guard-06-06\",\"https:\\\/\\\/pbase.com\\\/iwellguard\\\/iwellguard\",\"https:\\\/\\\/b.hatena.ne.jp\\\/iwellguard\\\/20260607#bookmark-4788405196491818882\",\"https:\\\/\\\/fliphtml5.com\\\/home\\\/iwellguard\",\"https:\\\/\\\/anyflip.com\\\/homepage\\\/cmiwl#About\",\"https:\\\/\\\/transfur.com\\\/Users\\\/iwellguard\",\"http:\\\/\\\/delphi.larsbo.org\\\/user\\\/iwellguard\",\"https:\\\/\\\/jobs.lajobsportal.org\\\/profiles\\\/8380803-iwell-guard\",\"https:\\\/\\\/md.chaosdorf.de\\\/s\\\/jfbe5SBdJD\",\"https:\\\/\\\/www.lingvolive.com\\\/en-us\\\/profile\\\/9ecaeaca-ce11-4e51-9e71-01d55e2bff36\\\/translations\",\"https:\\\/\\\/www.fitday.com\\\/fitness\\\/forums\\\/members\\\/iwellguard.html\",\"https:\\\/\\\/www.mymeetbook.com\\\/iwellguard\",\"https:\\\/\\\/pxhere.com\\\/en\\\/photographer-me\\\/5040798\",\"https:\\\/\\\/disqus.com\\\/by\\\/iwellguard\\\/about\\\/\",\"https:\\\/\\\/pastelink.net\\\/hjwciqwq\",\"https:\\\/\\\/pubhtml5.com\\\/homepage\\\/scjhn\\\/\",\"https:\\\/\\\/www.bitchute.com\\\/channel\\\/2O2eOKzNqujT\",\"https:\\\/\\\/audiomack.com\\\/iwellguard\"]},{\"@type\":\"Article\",\"@id\":\"https:\\\/\\\/iwell-guard.com\\\/sk\\\/enlil-boh-burky-a-pan-panteonu\\\/#article\",\"isPartOf\":{\"@id\":\"https:\\\/\\\/iwell-guard.com\\\/sk\\\/enlil-boh-burky-a-pan-panteonu\\\/\"},\"author\":{\"name\":\"Ralf Ittermann\",\"@id\":\"https:\\\/\\\/iwell-guard.com\\\/sk\\\/#\\\/schema\\\/person\\\/ee2a27f1cac3406c7c6fb5820cb7349f\"},\"headline\":\"Enlil \u2013 boh b\u00farky a p\u00e1n pante\u00f3nu\",\"datePublished\":\"2026-09-04T22:20:47+00:00\",\"dateModified\":\"2026-09-04T22:48:51+00:00\",\"mainEntityOfPage\":{\"@id\":\"https:\\\/\\\/iwell-guard.com\\\/sk\\\/enlil-boh-burky-a-pan-panteonu\\\/\"},\"publisher\":{\"@id\":\"https:\\\/\\\/iwell-guard.com\\\/sk\\\/#organization\"},\"image\":{\"@id\":\"https:\\\/\\\/iwell-guard.com\\\/sk\\\/enlil-boh-burky-a-pan-panteonu\\\/#primaryimage\"},\"thumbnailUrl\":\"https:\\\/\\\/iwell-guard.com\\\/wp-content\\\/uploads\\\/2026\\\/05\\\/goetter_mesopotamien_enlil.webp\",\"inLanguage\":\"sk-SK\",\"description\":\"Enlil, boh vetra a b\u00farky Mezopot\u00e1mie, st\u00e1l na \u010dele pante\u00f3nu z Nippuru a bol pova\u017eovan\u00fd za p\u00e1na zhroma\u017edenia bohov.\"}]}<\/script>\n<!-- \/ Yoast SEO Premium plugin. -->","yoast_head_json":{"title":"Enlil \u2013 mezopot\u00e1msky boh b\u00farky a p\u00e1n pante\u00f3nu","description":"Enlil, boh vetra a b\u00farky Mezopot\u00e1mie, st\u00e1l na \u010dele pante\u00f3nu z Nippuru a bol pova\u017eovan\u00fd za p\u00e1na zhroma\u017edenia bohov.","robots":{"index":"index","follow":"follow","max-snippet":"max-snippet:-1","max-image-preview":"max-image-preview:large","max-video-preview":"max-video-preview:-1"},"canonical":"https:\/\/iwell-guard.com\/sk\/enlil-boh-burky-a-pan-panteonu\/","og_locale":"sk_SK","og_type":"article","og_title":"Enlil \u2013 boh b\u00farky a p\u00e1n pante\u00f3nu","og_description":"Enlil, boh vetra a b\u00farky Mezopot\u00e1mie, st\u00e1l na \u010dele pante\u00f3nu z Nippuru a bol pova\u017eovan\u00fd za p\u00e1na zhroma\u017edenia bohov.","og_url":"https:\/\/iwell-guard.com\/sk\/enlil-boh-burky-a-pan-panteonu\/","og_site_name":"iWell Guard","article_modified_time":"2026-09-04T22:48:51+00:00","og_image":[{"width":1024,"height":1536,"url":"https:\/\/iwell-guard.com\/wp-content\/uploads\/2026\/05\/goetter_mesopotamien_enlil.webp","type":"image\/webp"}],"twitter_card":"summary_large_image","schema":{"@context":"https:\/\/schema.org","@graph":[{"@type":"Article","@id":"https:\/\/iwell-guard.com\/sk\/enlil-boh-burky-a-pan-panteonu\/#article","isPartOf":{"@id":"https:\/\/iwell-guard.com\/sk\/enlil-boh-burky-a-pan-panteonu\/"},"author":{"name":"Ralf Ittermann","@id":"https:\/\/iwell-guard.com\/sk\/#\/schema\/person\/ee2a27f1cac3406c7c6fb5820cb7349f"},"headline":"Enlil \u2013 boh b\u00farky a p\u00e1n pante\u00f3nu","datePublished":"2026-09-04T22:20:47+00:00","dateModified":"2026-09-04T22:48:51+00:00","mainEntityOfPage":{"@id":"https:\/\/iwell-guard.com\/sk\/enlil-boh-burky-a-pan-panteonu\/"},"publisher":{"@id":"https:\/\/iwell-guard.com\/sk\/#organization"},"image":{"@id":"https:\/\/iwell-guard.com\/sk\/enlil-boh-burky-a-pan-panteonu\/#primaryimage"},"thumbnailUrl":"https:\/\/iwell-guard.com\/wp-content\/uploads\/2026\/05\/goetter_mesopotamien_enlil.webp","inLanguage":"sk-SK","description":"Enlil, boh vetra a b\u00farky Mezopot\u00e1mie, st\u00e1l na \u010dele pante\u00f3nu z Nippuru a bol pova\u017eovan\u00fd za p\u00e1na zhroma\u017edenia bohov."},{"@type":"WebPage","@id":"https:\/\/iwell-guard.com\/sk\/enlil-boh-burky-a-pan-panteonu\/","url":"https:\/\/iwell-guard.com\/sk\/enlil-boh-burky-a-pan-panteonu\/","name":"Enlil \u2013 mezopot\u00e1msky boh b\u00farky a p\u00e1n pante\u00f3nu","isPartOf":{"@id":"https:\/\/iwell-guard.com\/sk\/#website"},"primaryImageOfPage":{"@id":"https:\/\/iwell-guard.com\/sk\/enlil-boh-burky-a-pan-panteonu\/#primaryimage"},"image":{"@id":"https:\/\/iwell-guard.com\/sk\/enlil-boh-burky-a-pan-panteonu\/#primaryimage"},"thumbnailUrl":"https:\/\/iwell-guard.com\/wp-content\/uploads\/2026\/05\/goetter_mesopotamien_enlil.webp","datePublished":"2026-09-04T22:20:47+00:00","dateModified":"2026-09-04T22:48:51+00:00","description":"Enlil, boh vetra a b\u00farky Mezopot\u00e1mie, st\u00e1l na \u010dele pante\u00f3nu z Nippuru a bol pova\u017eovan\u00fd za p\u00e1na zhroma\u017edenia bohov.","breadcrumb":{"@id":"https:\/\/iwell-guard.com\/sk\/enlil-boh-burky-a-pan-panteonu\/#breadcrumb"},"inLanguage":"sk-SK","potentialAction":[{"@type":"ReadAction","target":["https:\/\/iwell-guard.com\/sk\/enlil-boh-burky-a-pan-panteonu\/"]}]},{"@type":"ImageObject","inLanguage":"sk-SK","@id":"https:\/\/iwell-guard.com\/sk\/enlil-boh-burky-a-pan-panteonu\/#primaryimage","url":"https:\/\/iwell-guard.com\/wp-content\/uploads\/2026\/05\/goetter_mesopotamien_enlil.webp","contentUrl":"https:\/\/iwell-guard.com\/wp-content\/uploads\/2026\/05\/goetter_mesopotamien_enlil.webp","width":1024,"height":1536,"caption":"Bohovia z mezopot\u00e1mskej trad\u00edcie."},{"@type":"BreadcrumbList","@id":"https:\/\/iwell-guard.com\/sk\/enlil-boh-burky-a-pan-panteonu\/#breadcrumb","itemListElement":[{"@type":"ListItem","position":1,"name":"Start","item":"https:\/\/iwell-guard.com\/sk\/?page_id=157572"},{"@type":"ListItem","position":2,"name":"Enlil \u2013 boh b\u00farky a p\u00e1n pante\u00f3nu"}]},{"@type":"WebSite","@id":"https:\/\/iwell-guard.com\/sk\/#website","url":"https:\/\/iwell-guard.com\/sk\/","name":"iWell Guard","description":"Schutz vor dunklen Einfl\u00fcssen","publisher":{"@id":"https:\/\/iwell-guard.com\/sk\/#organization"},"potentialAction":[{"@type":"SearchAction","target":{"@type":"EntryPoint","urlTemplate":"https:\/\/iwell-guard.com\/sk\/?s={search_term_string}"},"query-input":{"@type":"PropertyValueSpecification","valueRequired":true,"valueName":"search_term_string"}}],"inLanguage":"sk-SK"},{"@type":"Organization","@id":"https:\/\/iwell-guard.com\/sk\/#organization","name":"Ittermann electronic GmbH","url":"https:\/\/iwell-guard.com\/sk\/","logo":{"@type":"ImageObject","inLanguage":"sk-SK","@id":"https:\/\/iwell-guard.com\/sk\/#\/schema\/logo\/image\/","url":"https:\/\/iwell-guard.com\/wp-content\/uploads\/2026\/05\/Ittermann-Logo-1182x237-1.png","contentUrl":"https:\/\/iwell-guard.com\/wp-content\/uploads\/2026\/05\/Ittermann-Logo-1182x237-1.png","width":1182,"height":237,"caption":"Ittermann electronic GmbH"},"image":{"@id":"https:\/\/iwell-guard.com\/sk\/#\/schema\/logo\/image\/"},"sameAs":["https:\/\/pantip.com\/profile\/9367242","https:\/\/micro.blog\/iwellguard","https:\/\/www.diggerslist.com\/iwellguard\/about","https:\/\/skitterphoto.com\/photographers\/2870314\/iwell-guard","https:\/\/iwellguard.wordpress.com\/2026\/06\/06\/iwell-guard\/","https:\/\/hub.docker.com\/u\/iwellguard","https:\/\/www.pinterest.com\/iwellguard\/","https:\/\/bit.ly\/m\/iwellguard","https:\/\/entre-vos-mains.alsace.eu\/profiles\/iwellguard\/activity","https:\/\/gravatar.com\/reallybeded8fd34","https:\/\/naijamatta.com\/iwellguard","https:\/\/www.goodreads.com\/iwellguard","https:\/\/profile.hatena.ne.jp\/iwellguard\/","https:\/\/experiment.com\/users\/iwellguard","https:\/\/wakelet.com\/@iWellGuard82270","https:\/\/www.chordie.com\/forum\/profile.php?id=2555664","https:\/\/www.instapaper.com\/p\/17757966","https:\/\/www.mapleprimes.com\/users\/iwellguard","https:\/\/businesslistingplus.com\/profile\/iwell-guard\/","https:\/\/telegra.ph\/iWell-Guard-06-06","https:\/\/pbase.com\/iwellguard\/iwellguard","https:\/\/b.hatena.ne.jp\/iwellguard\/20260607#bookmark-4788405196491818882","https:\/\/fliphtml5.com\/home\/iwellguard","https:\/\/anyflip.com\/homepage\/cmiwl#About","https:\/\/transfur.com\/Users\/iwellguard","http:\/\/delphi.larsbo.org\/user\/iwellguard","https:\/\/jobs.lajobsportal.org\/profiles\/8380803-iwell-guard","https:\/\/md.chaosdorf.de\/s\/jfbe5SBdJD","https:\/\/www.lingvolive.com\/en-us\/profile\/9ecaeaca-ce11-4e51-9e71-01d55e2bff36\/translations","https:\/\/www.fitday.com\/fitness\/forums\/members\/iwellguard.html","https:\/\/www.mymeetbook.com\/iwellguard","https:\/\/pxhere.com\/en\/photographer-me\/5040798","https:\/\/disqus.com\/by\/iwellguard\/about\/","https:\/\/pastelink.net\/hjwciqwq","https:\/\/pubhtml5.com\/homepage\/scjhn\/","https:\/\/www.bitchute.com\/channel\/2O2eOKzNqujT","https:\/\/audiomack.com\/iwellguard"]},{"@type":"Person","@id":"https:\/\/iwell-guard.com\/sk\/#\/schema\/person\/ee2a27f1cac3406c7c6fb5820cb7349f","name":"Ralf Ittermann","image":{"@type":"ImageObject","inLanguage":"sk-SK","@id":"https:\/\/secure.gravatar.com\/avatar\/073c0153e350a5005b68eb752b445fea71f6b24a26da9449ad7e155e6b446c9d?s=96&d=mm&r=g","url":"https:\/\/secure.gravatar.com\/avatar\/073c0153e350a5005b68eb752b445fea71f6b24a26da9449ad7e155e6b446c9d?s=96&d=mm&r=g","contentUrl":"https:\/\/secure.gravatar.com\/avatar\/073c0153e350a5005b68eb752b445fea71f6b24a26da9449ad7e155e6b446c9d?s=96&d=mm&r=g","caption":"Ralf Ittermann"},"givenName":"Ralf","familyName":"Ittermann","jobTitle":"Gesch\u00e4ftsf\u00fchrer und redaktioneller Verantwortlicher","url":"https:\/\/iwell-guard.com\/sk\/author\/claude\/","description":"Ralf Ittermann ist Gesch\u00e4ftsf\u00fchrer der Ittermann electronic GmbH und redaktioneller Verantwortlicher des iWell-Guard-Lexikons. Er verbindet langj\u00e4hrige Erfahrung in der Pr\u00e4zisionsfertigung mit medialer Praxis und religionsgeschichtlicher Quellenarbeit.","worksFor":{"@type":"Organization","name":"Ittermann electronic GmbH","url":"https:\/\/ittermann.de\/","address":{"@type":"PostalAddress","streetAddress":"K\u00f6hlergasse 16-18","postalCode":"99842","addressLocality":"Ruhla","addressCountry":"DE"}},"knowsAbout":["Religionsgeschichte","Mythologie","Mediale Praxis","Energetische Diagnostik","Schutzpraxis","Volksglauben","Westliche Esoterik"]},{"@type":"Article","@id":"https:\/\/iwell-guard.com\/sk\/enlil-boh-burky-a-pan-panteonu\/#article","isPartOf":{"@id":"https:\/\/iwell-guard.com\/sk\/enlil-boh-burky-a-pan-panteonu\/"},"author":{"name":"Ralf Ittermann","@id":"https:\/\/iwell-guard.com\/sk\/#\/schema\/person\/ee2a27f1cac3406c7c6fb5820cb7349f"},"headline":"Enlil \u2013 boh b\u00farky a p\u00e1n pante\u00f3nu","datePublished":"2026-09-04T22:20:47+00:00","dateModified":"2026-09-04T22:48:51+00:00","mainEntityOfPage":{"@id":"https:\/\/iwell-guard.com\/sk\/enlil-boh-burky-a-pan-panteonu\/"},"publisher":{"@id":"https:\/\/iwell-guard.com\/sk\/#organization"},"image":{"@id":"https:\/\/iwell-guard.com\/sk\/enlil-boh-burky-a-pan-panteonu\/#primaryimage"},"thumbnailUrl":"https:\/\/iwell-guard.com\/wp-content\/uploads\/2026\/05\/goetter_mesopotamien_enlil.webp","inLanguage":"sk-SK","description":"Enlil, boh vetra a b\u00farky Mezopot\u00e1mie, st\u00e1l na \u010dele pante\u00f3nu z Nippuru a bol pova\u017eovan\u00fd za p\u00e1na zhroma\u017edenia bohov."}]}},"_links":{"self":[{"href":"https:\/\/iwell-guard.com\/sk\/wp-json\/wp\/v2\/pages\/158026","targetHints":{"allow":["GET"]}}],"collection":[{"href":"https:\/\/iwell-guard.com\/sk\/wp-json\/wp\/v2\/pages"}],"about":[{"href":"https:\/\/iwell-guard.com\/sk\/wp-json\/wp\/v2\/types\/page"}],"author":[{"embeddable":true,"href":"https:\/\/iwell-guard.com\/sk\/wp-json\/wp\/v2\/users\/3"}],"replies":[{"embeddable":true,"href":"https:\/\/iwell-guard.com\/sk\/wp-json\/wp\/v2\/comments?post=158026"}],"version-history":[{"count":0,"href":"https:\/\/iwell-guard.com\/sk\/wp-json\/wp\/v2\/pages\/158026\/revisions"}],"wp:featuredmedia":[{"embeddable":true,"href":"https:\/\/iwell-guard.com\/sk\/wp-json\/wp\/v2\/media\/3381"}],"wp:attachment":[{"href":"https:\/\/iwell-guard.com\/sk\/wp-json\/wp\/v2\/media?parent=158026"}],"wp:term":[{"taxonomy":"category","embeddable":true,"href":"https:\/\/iwell-guard.com\/sk\/wp-json\/wp\/v2\/categories?post=158026"}],"curies":[{"name":"wp","href":"https:\/\/api.w.org\/{rel}","templated":true}]}}