{"id":158025,"date":"2026-09-04T22:20:46","date_gmt":"2026-09-04T22:20:46","guid":{"rendered":"https:\/\/iwell-guard.com\/?page_id=158025"},"modified":"2026-09-04T22:48:48","modified_gmt":"2026-09-04T22:48:48","slug":"moiry-bohyne-osudu-strazkyne-zivotneho-vlakna","status":"publish","type":"page","link":"https:\/\/iwell-guard.com\/sk\/moiry-bohyne-osudu-strazkyne-zivotneho-vlakna\/","title":{"rendered":"Moiry \u2013 bohyne osudu a str\u00e1\u017ekyne \u017eivotn\u00e9ho vl\u00e1kna"},"content":{"rendered":"\t\t<div data-elementor-type=\"wp-page\" data-elementor-id=\"158025\" class=\"elementor elementor-158025 elementor-2919 elementor-bc-flex-widget\" data-elementor-post-type=\"page\">\n\t\t\t\t<div class=\"elementor-element elementor-element-heroaac6eee e-flex e-con-boxed e-con e-parent\" data-id=\"heroaac6eee\" data-element_type=\"container\" data-e-type=\"container\">\n\t\t\t\t\t<div class=\"e-con-inner\">\n\t\t\t\t<div class=\"elementor-element elementor-element-heroimg5243f35 iwg-hero-image elementor-widget elementor-widget-image\" data-id=\"heroimg5243f35\" data-element_type=\"widget\" data-e-type=\"widget\" data-widget_type=\"image.default\">\n\t\t\t\t\t\t\t\t\t\t\t\t\t\t\t<img fetchpriority=\"high\" decoding=\"async\" width=\"683\" height=\"1024\" src=\"https:\/\/iwell-guard.com\/wp-content\/uploads\/2026\/05\/goetter_griechenland_moiren-683x1024.webp\" class=\"attachment-large size-large wp-image-159654\" alt=\"Moiry - bohovia z gr\u00e9ckej trad\u00edcie, historicko-ilustra\u010dn\u00e9\" srcset=\"https:\/\/iwell-guard.com\/wp-content\/uploads\/2026\/05\/goetter_griechenland_moiren-683x1024.webp 683w, https:\/\/iwell-guard.com\/wp-content\/uploads\/2026\/05\/goetter_griechenland_moiren-200x300.webp 200w, https:\/\/iwell-guard.com\/wp-content\/uploads\/2026\/05\/goetter_griechenland_moiren-768x1152.webp 768w, https:\/\/iwell-guard.com\/wp-content\/uploads\/2026\/05\/goetter_griechenland_moiren.webp 1024w\" sizes=\"(max-width: 683px) 100vw, 683px\" \/>\t\t\t\t\t\t\t\t\t\t\t\t\t\t\t<\/div>\n\t\t\t\t\t<\/div>\n\t\t\t\t<\/div>\n\t\t<div class=\"elementor-element elementor-element-iwgw-moiren-hero e-flex e-con-boxed e-con e-parent\" data-id=\"iwgw-moiren-hero\" data-element_type=\"container\" data-e-type=\"container\">\n\t\t\t\t\t<div class=\"e-con-inner\">\n\t\t\t\t<div class=\"elementor-element elementor-element-iwgw-moiren-h1 elementor-widget elementor-widget-heading\" data-id=\"iwgw-moiren-h1\" data-element_type=\"widget\" data-e-type=\"widget\" data-widget_type=\"heading.default\">\n\t\t\t\t\t<h1 class=\"elementor-heading-title elementor-size-default\">Moiry \u2013 Kloth\u00f3, Lachesis a Atropos<\/h1>\t\t\t\t<\/div>\n\t\t\t\t<div class=\"elementor-element elementor-element-iwgw-moiren-pills elementor-widget elementor-widget-html\" data-id=\"iwgw-moiren-pills\" data-element_type=\"widget\" data-e-type=\"widget\" data-widget_type=\"html.default\">\n\t\t\t\t\t<div class=\"iwg-pill-row\"><span class=\"iwg-klasse-badge\" tabindex=\"0\" data-tooltip=\"Bohyne osudu trad\u00edcie Gr\u00e9cko.\">Bohyne osudu<\/span><a href=\"https:\/\/iwell-guard.com\/sk\/grecko\/\" class=\"iwg-kultur-badge\" tabindex=\"0\" data-tooltip=\"Mytol\u00f3gia trad\u00edcie Gr\u00e9cko.\">Gr\u00e9cko<\/a><span class=\"iwg-tradition-badge\" tabindex=\"0\" data-tooltip=\"Sily osudu.\">Sily osudu<\/span><\/div>\t\t\t\t<\/div>\n\t\t\t\t<div class=\"elementor-element elementor-element-iwgw-moiren-lead elementor-widget elementor-widget-text-editor\" data-id=\"iwgw-moiren-lead\" data-element_type=\"widget\" data-e-type=\"widget\" data-widget_type=\"text-editor.default\">\n\t\t\t\t\t\t\t\t\t<p>Moiry s\u00fa tri bohyne osudu gr\u00e9ckej <span class=\"iwg-fachbegriff\" data-tooltip=\"S\u00fahrn tradovan\u00fdch rozpr\u00e1van\u00ed o bohoch v danej kult\u00fare.\" tabindex=\"0\">mytol\u00f3gie<\/span>: Kloth\u00f3 spriada vl\u00e1kno \u017eivota, Lachesis ho meria, Atropos ho odstrihuje. Zosob\u0148uj\u00fa nevyhnutn\u00fa ohrani\u010denos\u0165 ka\u017ed\u00e9ho \u013eudsk\u00e9ho \u017eivota.<\/p>\t\t\t\t\t\t\t\t<\/div>\n\t\t\t\t\t<\/div>\n\t\t\t\t<\/div>\n\t\t<div class=\"elementor-element elementor-element-iwgw-moiren-s0 e-flex e-con-boxed e-con e-parent\" data-id=\"iwgw-moiren-s0\" data-element_type=\"container\" data-e-type=\"container\">\n\t\t\t\t\t<div class=\"e-con-inner\">\n\t\t\t\t<div class=\"elementor-element elementor-element-iwgw-moiren-s0h elementor-widget elementor-widget-heading\" data-id=\"iwgw-moiren-s0h\" data-element_type=\"widget\" data-e-type=\"widget\" data-widget_type=\"heading.default\">\n\t\t\t\t\t<h2 class=\"elementor-heading-title elementor-size-default\">Zaradenie<\/h2>\t\t\t\t<\/div>\n\t\t\t\t<div class=\"elementor-element elementor-element-iwgw-moiren-s0t elementor-widget elementor-widget-text-editor\" data-id=\"iwgw-moiren-s0t\" data-element_type=\"widget\" data-e-type=\"widget\" data-widget_type=\"text-editor.default\">\n\t\t\t\t\t\t\t\t\t<p>Moiry patria medzi najstar\u0161ie, a z\u00e1rove\u0148 najabstraktnej\u0161ie bo\u017estva <a href=\"https:\/\/iwell-guard.com\/sk\/grecko\/\">gr\u00e9ckeho<\/a> n\u00e1bo\u017eenstva. S\u00fa personifik\u00e1ciou osudu, tej moci, ktor\u00e1 ur\u010duje mieru ka\u017ed\u00e9ho \u013eudsk\u00e9ho \u017eivota a ktorej sa dok\u00e1\u017eu vzoprie\u0165 len obmedzene aj samotn\u00ed olympsk\u00ed bohovia. V klasickej <span class=\"iwg-fachbegriff\" data-tooltip=\"Pred\u00e1vanie vedomost\u00ed a rozpr\u00e1van\u00ed z gener\u00e1cie na gener\u00e1ciu.\" tabindex=\"0\">trad\u00edcii<\/span> vystupuj\u00fa ako trojica s menami Kloth\u00f3, Lachesis a Atropos.<\/p><p>Z religionistick\u00e9ho h\u013eadiska s\u00fa Moiry mimoriadne v\u00fdsti\u017en\u00fdm pr\u00edkladom personifik\u00e1cie pojmu. Gr\u00e9cke slovo moira p\u00f4vodne znamen\u00e1 podiel, \u010das\u0165, to, \u010do bolo pridelen\u00e9.<\/p><p>Z tohto pojmu jednotlivcovi pridelenej \u010dasti sa vyvinula predstava bo\u017esk\u00fdch post\u00e1v, ktor\u00e9 toto pride\u013eovanie vykon\u00e1vaj\u00fa. Moiry tak stoja na hranici medzi abstraktnou my\u0161lienkou a kultovo uctievan\u00fdm <span class=\"iwg-fachbegriff\" data-tooltip=\"Bytos\u0165 uctievan\u00e1 ako bo\u017esk\u00e1 v r\u00e1mci dan\u00e9ho n\u00e1bo\u017eenstva.\" tabindex=\"0\">bo\u017estvom<\/span>.<\/p><p>Najd\u00f4le\u017eitej\u0161\u00edm rann\u00fdm zdrojom je op\u00e4\u0165 H\u00e9siodova <em>Theog\u00f3nia<\/em>, ktor\u00e1 ur\u010duje ich p\u00f4vod. Hom\u00e9r poznal predstavu pridelen\u00e9ho osudu u\u017e sk\u00f4r, ale Moiru ch\u00e1pal sk\u00f4r ako neosobn\u00fa moc ne\u017e ako presne vymedzen\u00fa skupinu boh\u00fd\u0148.<\/p><p>U Plat\u00f3na, v z\u00e1vere\u010dnom m\u00fdte diela <em>Politeia<\/em>, sa tri Moiry objavuj\u00fa vo vypracovanej sc\u00e9ne ako dc\u00e9ry Nevyhnutnosti. V trag\u00e9dii, u ve\u013ek\u00fdch atick\u00fdch b\u00e1snikov, s\u00fa \u010dasto spom\u00ednan\u00fdmi mocnos\u0165ami. V\u00fdtvarn\u00e9 umenie ich zobrazovalo u\u017e od archaick\u00e9ho obdobia.<\/p>\t\t\t\t\t\t\t\t<\/div>\n\t\t\t\t\t<\/div>\n\t\t\t\t<\/div>\n\t\t<div class=\"elementor-element elementor-element-iwgw-moiren-s1 e-flex e-con-boxed e-con e-parent\" data-id=\"iwgw-moiren-s1\" data-element_type=\"container\" data-e-type=\"container\">\n\t\t\t\t\t<div class=\"e-con-inner\">\n\t\t\t\t<div class=\"elementor-element elementor-element-iwgw-moiren-s1h elementor-widget elementor-widget-heading\" data-id=\"iwgw-moiren-s1h\" data-element_type=\"widget\" data-e-type=\"widget\" data-widget_type=\"heading.default\">\n\t\t\t\t\t<h2 class=\"elementor-heading-title elementor-size-default\">Meno a etymol\u00f3gia<\/h2>\t\t\t\t<\/div>\n\t\t\t\t<div class=\"elementor-element elementor-element-iwgw-moiren-s1t elementor-widget elementor-widget-text-editor\" data-id=\"iwgw-moiren-s1t\" data-element_type=\"widget\" data-e-type=\"widget\" data-widget_type=\"text-editor.default\">\n\t\t\t\t\t\t\t\t\t<p>Rodov\u00e9 meno Moiry je odvoden\u00e9 od gr\u00e9ckeho slova moira, \u010do znamen\u00e1 podiel, pridelen\u00fd osud. Patr\u00ed do slovnej rodiny ozna\u010duj\u00facej rozde\u013eovanie a pride\u013eovanie.<\/p><p>Moira teda p\u00f4vodne nebola bohy\u0148a, ale \u010dloveku pridelen\u00fd \u017eivotn\u00fd podiel. A\u017e personifik\u00e1cia z toho urobila bohy\u0148u osudu a mno\u017en\u00e9 \u010d\u00edslo, Moiry, vytvorilo skupinu boh\u00fd\u0148.<\/p><p>Tri jednotliv\u00e9 men\u00e1 s\u00fa v\u00fdre\u010dn\u00e9 men\u00e1, z ktor\u00fdch ka\u017ed\u00e9 ozna\u010duje in\u00fa \u010dinnos\u0165 pri pr\u00e1ci s vl\u00e1knom \u017eivota. Kloth\u00f3 znamen\u00e1 Spriada\u010dka, od slova ozna\u010duj\u00faceho spriadanie vl\u00e1kna. Lachesis znamen\u00e1 Pride\u013eovate\u013eka alebo t\u00e1, ktor\u00e1 d\u00e1va podiel osudu, od slova ozna\u010duj\u00faceho ude\u013eovanie a pride\u013eovanie.<\/p><p>Atropos znamen\u00e1 Neodvratn\u00e1 alebo Nezvratn\u00e1, doslova t\u00e1, ktor\u00fa nemo\u017eno obm\u00e4k\u010di\u0165. V neskor\u0161ej, systematizuj\u00facej <span class=\"iwg-fachbegriff\" data-tooltip=\"Pred\u00e1vanie vedomost\u00ed a rozpr\u00e1van\u00ed z gener\u00e1cie na gener\u00e1ciu.\" tabindex=\"0\">trad\u00edcii<\/span> sa t\u00fdmto men\u00e1m priradilo pevn\u00e9 rozdelenie \u00faloh: Kloth\u00f3 spriada, Lachesis meria, Atropos odstrihuje.<\/p><p>Toto jasn\u00e9 rozdelenie pr\u00e1ce je v\u0161ak usporiadan\u00edm, ktor\u00e9 vzniklo a\u017e v pohom\u00e9rskom obdob\u00ed. V najstar\u0161\u00edch zdrojoch neboli funkcie rozdelen\u00e9 tak striktne.<\/p><p>V latinskej trad\u00edcii zodpovedaj\u00fa Moir\u00e1m Parky, ktor\u00fdch men\u00e1 Nona, Decuma a Morta p\u00f4vodne s\u00favisely s naroden\u00edm v deviatom alebo desiatom mesiaci a so smr\u0165ou, nesk\u00f4r sa v\u0161ak stoto\u017enili s gr\u00e9ckymi Moirami. Toto zrovnopr\u00e1vnenie Moier a Parok rozhoduj\u00facim sp\u00f4sobom formovalo neskor\u0161\u00ed, popante\u00f3nny obraz troch sudi\u010diek osudu.<\/p>\t\t\t\t\t\t\t\t<\/div>\n\t\t\t\t\t<\/div>\n\t\t\t\t<\/div>\n\t\t<div class=\"elementor-element elementor-element-iwgw-moiren-s2 e-flex e-con-boxed e-con e-parent\" data-id=\"iwgw-moiren-s2\" data-element_type=\"container\" data-e-type=\"container\">\n\t\t\t\t\t<div class=\"e-con-inner\">\n\t\t\t\t<div class=\"elementor-element elementor-element-iwgw-moiren-s2h elementor-widget elementor-widget-heading\" data-id=\"iwgw-moiren-s2h\" data-element_type=\"widget\" data-e-type=\"widget\" data-widget_type=\"heading.default\">\n\t\t\t\t\t<h2 class=\"elementor-heading-title elementor-size-default\">Popis a ikonografia<\/h2>\t\t\t\t<\/div>\n\t\t\t\t<div class=\"elementor-element elementor-element-iwgw-moiren-s2t elementor-widget elementor-widget-text-editor\" data-id=\"iwgw-moiren-s2t\" data-element_type=\"widget\" data-e-type=\"widget\" data-widget_type=\"text-editor.default\">\n\t\t\t\t\t\t\t\t\t<p>Moiry sa v antickom umen\u00ed zvy\u010dajne zobrazuj\u00fa ako tri \u017eeny, \u010dasto vo v\u00e1\u017enom, d\u00f4stojnom postoji. Ich vek je ud\u00e1van\u00fd rozli\u010dne; v niektor\u00fdch zobrazeniach vystupuj\u00fa ako zrel\u00e9 alebo star\u0161ie \u017eeny, v in\u00fdch bez zjavn\u00fdch znakov veku.<\/p><p>Ich rozpozn\u00e1vac\u00edm znakom s\u00fa n\u00e1stroje na pr\u00e1cu s vl\u00e1knom: praslica, vl\u00e1kno, kolovr\u00e1tok na vlnu, v neskor\u0161ej trad\u00edcii aj no\u017enice alebo n\u00e1stroj na odstrihnutie vl\u00e1kna pre Atropos.<\/p><p>Dominuj\u00facim obrazom je spriadanie. \u013dudsk\u00fd \u017eivot je ch\u00e1pan\u00fd ako vl\u00e1kno, ktor\u00e9 Moiry vytv\u00e1raj\u00fa, meraj\u00fa a napokon odstrihn\u00fa.<\/p><p>D\u013a\u017eka vl\u00e1kna zodpoved\u00e1 d\u013a\u017eke \u017eivota, odstrihnutie znamen\u00e1 smr\u0165. Tento obraz je ve\u013emi v\u00fdrazn\u00fd a formoval cel\u00fa neskor\u0161iu predstavu o vl\u00e1kne \u017eivota. V Plat\u00f3novom podan\u00ed sedia tri Moiry na tr\u00f3noch, oble\u010den\u00e9 v bielych r\u00fachach, oven\u010den\u00e9 vencami, a spolo\u010dne ot\u00e1\u010daj\u00fa ve\u013ekou svetovou praslicou.<\/p><p>Vo v\u00e1zovom maliarstve a na reli\u00e9foch sa Moiry objavuj\u00fa \u010dasto pri d\u00f4le\u017eit\u00fdch osudov\u00fdch udalostiach, napr\u00edklad pri narodeniach \u010di svadb\u00e1ch, predov\u0161etk\u00fdm v\u0161ak pri naroden\u00ed v\u00fdznamn\u00fdch post\u00e1v. Vtedy s\u00fa to mocnosti, ktor\u00e9 ur\u010duj\u00fa osud novorodenca.<\/p><p>V r\u00edmskej dobe, ako Parky, patrili k roz\u0161\u00edren\u00fdm v\u00fdtvarn\u00fdm mot\u00edvom na sarkof\u00e1goch, kde symbolizovali ohrani\u010denos\u0165 \u013eudsk\u00e9ho \u017eivota. Striktn\u00e9 rozdelenie \u00faloh medzi tri postavy, jedna spriada, jedna meria, jedna odstrihuje, je predov\u0161etk\u00fdm v\u00fdtvarnou sch\u00e9mou postklasick\u00e9ho a poantick\u00e9ho umenia.<\/p>\t\t\t\t\t\t\t\t<\/div>\n\t\t\t\t\t<\/div>\n\t\t\t\t<\/div>\n\t\t<div class=\"elementor-element elementor-element-iwgw-moiren-s3 e-flex e-con-boxed e-con e-parent\" data-id=\"iwgw-moiren-s3\" data-element_type=\"container\" data-e-type=\"container\">\n\t\t\t\t\t<div class=\"e-con-inner\">\n\t\t\t\t<div class=\"elementor-element elementor-element-iwgw-moiren-s3h elementor-widget elementor-widget-heading\" data-id=\"iwgw-moiren-s3h\" data-element_type=\"widget\" data-e-type=\"widget\" data-widget_type=\"heading.default\">\n\t\t\t\t\t<h2 class=\"elementor-heading-title elementor-size-default\">Mytologick\u00e9 rozpr\u00e1vania<\/h2>\t\t\t\t<\/div>\n\t\t\t\t<div class=\"elementor-element elementor-element-iwgw-moiren-s3t elementor-widget elementor-widget-text-editor\" data-id=\"iwgw-moiren-s3t\" data-element_type=\"widget\" data-e-type=\"widget\" data-widget_type=\"text-editor.default\">\n\t\t\t\t\t\t\t\t\t<p>O p\u00f4vode Moir existuj\u00fa dve s\u00fabe\u017en\u00e9 trad\u00edcie, ktor\u00e9 sa objavuj\u00fa u\u017e v <em>Teog\u00f3nii<\/em> H\u00e9sioda. Pod\u013ea jednej z nich s\u00fa dc\u00e9rami Nyx, Noci, a patria tak medzi temn\u00e9, prvotn\u00e9 mocnosti, ktor\u00e9 vzi\u0161li z Noci bez otca, spolu so Smr\u0165ou a in\u00fdmi pochm\u00farnymi bytos\u0165ami.<\/p><p>Pod\u013ea druhej verzie, ktor\u00fa tie\u017e zaznamenal H\u00e9siodos, s\u00fa dc\u00e9rami <a href=\"https:\/\/iwell-guard.com\/sk\/zeus\/\">Dia (Zeus)<\/a> a Themis, bohyne ust\u00e1len\u00e9ho poriadku. V tomto genealogickom v\u00fdklade s\u00fa sestrami Hor a steles\u0148uj\u00fa usporiadan\u00e9, z\u00e1konn\u00e9 rozde\u013eovanie osudu.<\/p><p>Tieto dve p\u00f4vodn\u00e9 l\u00ednie odr\u00e1\u017eaj\u00fa dve po\u0148atia osudu: temn\u00fa moc poch\u00e1dzaj\u00facu z Noci a spravodlivos\u0165 zapojen\u00fa do bo\u017esk\u00e9ho poriadku.<\/p><p>Moiry vystupuj\u00fa v mnoh\u00fdch m\u00fdtoch ako mocnosti, ktor\u00e9 ur\u010duj\u00fa priebeh \u017eivota. Jedno z najzn\u00e1mej\u0161\u00edch rozpr\u00e1van\u00ed sa t\u00fdka Meleagra. Pri jeho naroden\u00ed sa zjavili Moiry a predpovedali, \u017ee chlapec bude \u017ei\u0165, dok\u00fdm v ohnisku nezhor\u00ed ist\u00fd kus dreva.<\/p><p>Jeho matka Altaia vytrhla poleno z oh\u0148a a uchovala ho. Roky nesk\u00f4r, rozhnevan\u00e1 smr\u0165ou svojich bratov, ktor\u00fdch zabil Meleagros, hodila poleno do oh\u0148a, a jej syn zomrel v okamihu, ke\u010f zhorelo.<\/p><p>\u010eal\u0161ia zn\u00e1ma epiz\u00f3da sa t\u00fdka Admeta. Apol\u00f3n dosiahol u Moir, \u017ee Admetos m\u00f4\u017ee unikn\u00fa\u0165 smrti, ak niekto in\u00fd zomrie na jeho mieste. Pod\u013ea <span class=\"iwg-fachbegriff\" data-tooltip=\"Odovzd\u00e1vanie vedomost\u00ed a rozpr\u00e1van\u00ed z gener\u00e1cie na gener\u00e1ciu.\" tabindex=\"0\">trad\u00edcie<\/span> sa Apol\u00f3novi podarilo Moiry v\u00f4bec presved\u010di\u0165 len pomocou v\u00edna, ktor\u00fdm ich opojil.<\/p><p>T\u00e1to epiz\u00f3da ukazuje, \u017ee osud stanoven\u00fd Moirami sa mohol vo v\u00fdnimo\u010dn\u00fdch pr\u00edpadoch posun\u00fa\u0165, nie v\u0161ak skuto\u010dne zru\u0161i\u0165: smr\u0165 si napokon musel odpyka\u0165 niekto.<\/p><p>Ich vz\u0165ah k Zeusovi bol predmetom antick\u00fdch \u00favah. V niektor\u00fdch podaniach Zeus osud ur\u010duje a Moiry ho iba vykon\u00e1vaj\u00fa; nesie potom pr\u00edvlastok Moiragetes, vodca Moir.<\/p><p>V in\u00fdch podaniach stoj\u00ed osud aj nad Zeusom. Toto nap\u00e4tie sa v <span class=\"iwg-fachbegriff\" data-tooltip=\"Epocha gr\u00e9ckej a r\u00edmskej kult\u00fary, pribli\u017ene od roku 800 pred Kr. do 600 po Kr.\" tabindex=\"0\">antike<\/span> nevyrie\u0161ilo, patr\u00ed to k samotnej podstate veci: osud je moc, ktorej vz\u0165ah k najvy\u0161\u0161iemu <span class=\"iwg-fachbegriff\" data-tooltip=\"Bytos\u0165 uctievan\u00e1 ako bo\u017esk\u00e1 v r\u00e1mci n\u00e1bo\u017eenstva.\" tabindex=\"0\">bo\u017estvu<\/span> zostal v podstate otvoren\u00fd.<\/p>\t\t\t\t\t\t\t\t<\/div>\n\t\t\t\t\t<\/div>\n\t\t\t\t<\/div>\n\t\t<div class=\"elementor-element elementor-element-iwgw-moiren-s4 e-flex e-con-boxed e-con e-parent\" data-id=\"iwgw-moiren-s4\" data-element_type=\"container\" data-e-type=\"container\">\n\t\t\t\t\t<div class=\"e-con-inner\">\n\t\t\t\t<div class=\"elementor-element elementor-element-iwgw-moiren-s4h elementor-widget elementor-widget-heading\" data-id=\"iwgw-moiren-s4h\" data-element_type=\"widget\" data-e-type=\"widget\" data-widget_type=\"heading.default\">\n\t\t\t\t\t<h2 class=\"elementor-heading-title elementor-size-default\">Kult a uctievanie<\/h2>\t\t\t\t<\/div>\n\t\t\t\t<div class=\"elementor-element elementor-element-iwgw-moiren-s4t elementor-widget elementor-widget-text-editor\" data-id=\"iwgw-moiren-s4t\" data-element_type=\"widget\" data-e-type=\"widget\" data-widget_type=\"text-editor.default\">\n\t\t\t\t\t\t\t\t\t<p>Moiry boli kultovo uctievan\u00e9 na r\u00f4znych miestach Gr\u00e9cka, hoci v\u00e4\u010d\u0161inou nie vo ve\u013ek\u00fdch, samostatn\u00fdch chr\u00e1mov\u00fdch komplexoch, ale sk\u00f4r v spojen\u00ed s in\u00fdmi bo\u017estvami alebo na osobitn\u00fdch miestach. Dolo\u017een\u00e9 s\u00fa olt\u00e1re a sv\u00e4tyne okrem in\u00e9ho v Korinte, v Sparte, v T\u00e9bach a v Olympii. V Delf\u00e1ch st\u00e1li v \u00fazkom spojen\u00ed s Apol\u00f3novou <span class=\"iwg-fachbegriff\" data-tooltip=\"Miesto zasv\u00e4ten\u00e9 uctievaniu bo\u017estva.\" tabindex=\"0\">sv\u00e4ty\u0148ou<\/span>.<\/p><p><span class=\"iwg-fachbegriff\" data-tooltip=\"S\u00fahrn n\u00e1bo\u017eensk\u00fdch \u00factov\u00fdch prakt\u00edk venovan\u00fdch bo\u017estvu alebo posv\u00e4tnej bytosti.\" tabindex=\"0\">Kult<\/span> Moir bol tesne prepojen\u00fd s prechodmi \u013eudsk\u00e9ho \u017eivota, predov\u0161etk\u00fdm s naroden\u00edm a so svadbou. Pri naroden\u00ed die\u0165a\u0165a sa Moiry pova\u017eovali za pr\u00edtomn\u00e9, preto\u017ee v tom okamihu sa ur\u010doval osud jeho \u017eivota.<\/p><p>Na svadb\u00e1ch sa k nim obracali modlitby a <span class=\"iwg-fachbegriff\" data-tooltip=\"Dar bo\u017estvu na vyjadrenie v\u010faky, prosby alebo \u00facty.\" tabindex=\"0\">obete<\/span>, aby p\u00e1ru pridelili priazniv\u00fd osud. Pri pohreboch a v sm\u00fatku hrali svoju \u00falohu tie\u017e ako mocnosti, ktor\u00e9 pre\u0165ali ni\u0165 \u017eivota.<\/p><p><span class=\"iwg-fachbegriff\" data-tooltip=\"Dar bo\u017estvu na vyjadrenie v\u010faky, prosby alebo \u00facty.\" tabindex=\"0\">Obete<\/span> pre Moiry, pokia\u013e s\u00fa dolo\u017een\u00e9, tvorili \u010dasto nekrvav\u00e9 dary, kvety, med a podobn\u00e9 dary, \u010do ich pribli\u017euje k in\u00fdm chtonick\u00fdm bo\u017estv\u00e1m. Na niektor\u00fdch miestach boli uctievan\u00e9 spolu so Zeusom, s Eumenidami alebo s bohy\u0148ami p\u00f4rodu.<\/p><p>Celkovo bol ich <span class=\"iwg-fachbegriff\" data-tooltip=\"S\u00fahrn n\u00e1bo\u017eensk\u00fdch \u00factov\u00fdch prakt\u00edk venovan\u00fdch bo\u017estvu alebo posv\u00e4tnej bytosti.\" tabindex=\"0\">kult<\/span> roz\u0161\u00edren\u00fd, ale nen\u00e1padn\u00fd: sprev\u00e1dzal rozhoduj\u00face zlomov\u00e9 body \u017eivota bez toho, aby vy\u017eadoval ve\u013ek\u00e9 verejn\u00e9 sl\u00e1vnosti. Toto rozlo\u017eenie po cel\u00fd \u017eivot zodpoved\u00e1 ich podstate ako mocnost\u00ed, ktor\u00e9 nep\u00f4sobia na jednom mieste, ale pri ka\u017edom osude.<\/p>\t\t\t\t\t\t\t\t<\/div>\n\t\t\t\t\t<\/div>\n\t\t\t\t<\/div>\n\t\t<div class=\"elementor-element elementor-element-iwgw-moiren-s5 e-flex e-con-boxed e-con e-parent\" data-id=\"iwgw-moiren-s5\" data-element_type=\"container\" data-e-type=\"container\">\n\t\t\t\t\t<div class=\"e-con-inner\">\n\t\t\t\t<div class=\"elementor-element elementor-element-iwgw-moiren-s5h elementor-widget elementor-widget-heading\" data-id=\"iwgw-moiren-s5h\" data-element_type=\"widget\" data-e-type=\"widget\" data-widget_type=\"heading.default\">\n\t\t\t\t\t<h2 class=\"elementor-heading-title elementor-size-default\">Ochrann\u00e1 prax a apotropaika<\/h2>\t\t\t\t<\/div>\n\t\t\t\t<div class=\"elementor-element elementor-element-iwgw-moiren-s5t elementor-widget elementor-widget-text-editor\" data-id=\"iwgw-moiren-s5t\" data-element_type=\"widget\" data-e-type=\"widget\" data-widget_type=\"text-editor.default\">\n\t\t\t\t\t\t\t\t\t<p>Vz\u0165ah \u010dloveka k Moiram bol formovan\u00fd uvedomen\u00edm si neodvratnosti ich p\u00f4sobenia. Na rozdiel od \u0161kodliv\u00fdch duchov sa \u010dlovek pred osudom ur\u010den\u00fdm Moirami vlastne nemohol chr\u00e1ni\u0165.<\/p><p>Gr\u00e9cke n\u00e1bo\u017eenstvo teda nepon\u00fakalo apotropajick\u00fa prax v zmysle obrany, ale formy pribl\u00ed\u017eenia, prosby a ritu\u00e1lneho uznania.<\/p><p>Pri naroden\u00ed a svadbe, dvoch \u017eivotn\u00fdch obratoch, pri ktor\u00fdch sa Moiry pova\u017eovali za mimoriadne bl\u00edzke, sa k nim obracali modlitby a <span class=\"iwg-fachbegriff\" data-tooltip=\"Dar bo\u017estvu na vyjadrenie v\u010faky, prosby alebo \u00facty.\" tabindex=\"0\">obete<\/span>, aby pridelili priazniv\u00fd \u00fadel.<\/p><p>Tieto ritu\u00e1ly neboli obranou, ale pokusom zaisti\u0165 si priaze\u0148 osudov\u00fdch mocnost\u00ed e\u0161te predt\u00fdm, ne\u017e bol \u00fadel rozhodnut\u00fd. V \u013eudovej viere pretrv\u00e1vala predstava, \u017ee prv\u00e9 dni po naroden\u00ed s\u00fa obzvl\u00e1\u0161\u0165 citliv\u00e9, preto\u017ee osud die\u0165a\u0165a je e\u0161te v rovnov\u00e1he.<\/p><p>Oslovi\u0165 Moiry lichotiv\u00fdm pr\u00edvlastkom Dobromyse\u013en\u00e9 alebo Milostiv\u00e9 patrilo k roz\u0161\u00edrenej n\u00e1bo\u017eenskej re\u010dovej praxi, ktor\u00e1 sa sna\u017eila zmierni\u0165 hr\u00f4zostra\u0161n\u00e9 mocnosti upokojuj\u00facim pomenovan\u00edm. Rovnak\u00e1 prax sa nach\u00e1dza pri Er\u00edni\u00e1ch, ktor\u00e9 boli vz\u00fdvan\u00e9 ako Eumenidy, Dobromyse\u013en\u00e9.<\/p><p>Gr\u00e9cka mudros\u0165ov\u00e1 trad\u00edcia, predov\u0161etk\u00fdm trag\u00e9dia, okrem toho u\u010dila poznaniu hran\u00edc \u010dloveka: prija\u0165 to, \u010do pridelili Moiry, sa pova\u017eovalo za znak zrelosti.<\/p><p>Pokus n\u00e1silne prekro\u010di\u0165 vlastn\u00fd \u00fadel viedol v mytologick\u00fdch rozpr\u00e1vaniach v\u017edy do ne\u0161\u0165astia. Ochrana pred Moirami napokon nespo\u010d\u00edvala v <span class=\"iwg-fachbegriff\" data-tooltip=\"Usporiadan\u00e1 sled symbolick\u00fdch \u00fakonov s n\u00e1bo\u017eensk\u00fdm alebo kult\u00farnym v\u00fdznamom.\" tabindex=\"0\">ritu\u00e1li<\/span>, ale v umiernenom sp\u00f4sobe \u017eivota.<\/p>\t\t\t\t\t\t\t\t<\/div>\n\t\t\t\t\t<\/div>\n\t\t\t\t<\/div>\n\t\t<div class=\"elementor-element elementor-element-iwgw-moiren-s6 e-flex e-con-boxed e-con e-parent\" data-id=\"iwgw-moiren-s6\" data-element_type=\"container\" data-e-type=\"container\">\n\t\t\t\t\t<div class=\"e-con-inner\">\n\t\t\t\t<div class=\"elementor-element elementor-element-iwgw-moiren-s6h elementor-widget elementor-widget-heading\" data-id=\"iwgw-moiren-s6h\" data-element_type=\"widget\" data-e-type=\"widget\" data-widget_type=\"heading.default\">\n\t\t\t\t\t<h2 class=\"elementor-heading-title elementor-size-default\">Paralely v in\u00fdch kult\u00farach<\/h2>\t\t\t\t<\/div>\n\t\t\t\t<div class=\"elementor-element elementor-element-iwgw-moiren-s6t elementor-widget elementor-widget-text-editor\" data-id=\"iwgw-moiren-s6t\" data-element_type=\"widget\" data-e-type=\"widget\" data-widget_type=\"text-editor.default\">\n\t\t\t\t\t\t\t\t\t<p>Predstava o sil\u00e1ch ur\u010duj\u00facich osud, \u010dasto v podobe \u017eenskej trojice a \u010dasto sp\u00e1jan\u00fdch s obrazom priadenia, je v indoeur\u00f3pskych kult\u00farach ve\u013emi roz\u0161\u00edren\u00e1. Porovn\u00e1vac\u00ed v\u00fdskum v tom vid\u00ed spolo\u010dn\u00e9 dedi\u010dstvo.<\/p><p>Najbli\u017e\u0161ou obdobou s\u00fa r\u00edmske Parky, ktor\u00e9 boli s Moirami stoto\u017enen\u00e9 nato\u013eko d\u00f4sledne, \u017ee v <span class=\"iwg-fachbegriff\" data-tooltip=\"Odovzd\u00e1vanie vedomost\u00ed a rozpr\u00e1van\u00ed z gener\u00e1cie na gener\u00e1ciu.\" tabindex=\"0\">trad\u00edcii<\/span> ich sotva mo\u017eno od seba oddeli\u0165.<\/p><p>V severskej <span class=\"iwg-fachbegriff\" data-tooltip=\"S\u00fahrn tradovan\u00fdch rozpr\u00e1van\u00ed o bohoch v danej kult\u00fare.\" tabindex=\"0\">mytol\u00f3gii<\/span> stoja Norny, ktor\u00e9 pri korenoch svetov\u00e9ho stromu ur\u010duj\u00fa osud \u013eud\u00ed; aj tie s\u00fa v najzn\u00e1mej\u0161ej <span class=\"iwg-fachbegriff\" data-tooltip=\"Odovzd\u00e1vanie vedomost\u00ed a rozpr\u00e1van\u00ed z gener\u00e1cie na gener\u00e1ciu.\" tabindex=\"0\">trad\u00edcii<\/span> tri a sp\u00e1jan\u00e9 s priaden\u00edm a tkan\u00edm.<\/p><p>V baltskom a slovanskom priestore existuj\u00fa obdobn\u00e9 osudov\u00e9 \u017eeny, ktor\u00e9 sa zjavuj\u00fa pri naroden\u00ed die\u0165a\u0165a a ur\u010duj\u00fa jeho osud.<\/p><p>Sp\u00e1jaj\u00facim prvkom je obraz nite \u017eivota, ktor\u00e1 sa spriada, meria a presek\u00e1. Sp\u00e1ja ka\u017edodenn\u00fa \u010dinnos\u0165 priadenia, ktor\u00e1 bola v <span class=\"iwg-fachbegriff\" data-tooltip=\"Epocha gr\u00e9ckej a r\u00edmskej kult\u00fary, pribli\u017ene od 800 pred Kr. do 600 po Kr.\" tabindex=\"0\">antike<\/span> spojen\u00e1 so \u017eenskos\u0165ou, s predstavou o ohrani\u010denosti \u017eivota. V\u00fdskum v tom rozpoznal star\u00fd indoeur\u00f3psky <span class=\"iwg-fachbegriff\" data-tooltip=\"Opakuj\u00faci sa obsahov\u00fd prvok v umen\u00ed alebo rozpr\u00e1van\u00ed.\" tabindex=\"0\">mot\u00edv<\/span>, ktor\u00fd v r\u00f4znych jazykov\u00fdch a kult\u00farnych oblastiach nadobudol vlastn\u00e9 podoby.<\/p><p>Aj mimo indoeur\u00f3pskeho priestoru poznaj\u00fa in\u00e9 kult\u00fary osudov\u00e9 bo\u017estv\u00e1, ktor\u00e9 ur\u010duj\u00fa mieru \u017eivota, hoci mot\u00edv priadenia v nich nemus\u00ed by\u0165 v\u017edy stredobodom. Moiry s\u00fa v r\u00e1mci tejto \u0161irokej rodiny mot\u00edvov gr\u00e9cka podoba, vyzna\u010duj\u00faca sa pevn\u00fdm po\u010dtom troch, v\u00fdrazn\u00fdmi individu\u00e1lnymi menami a \u00fazkym spojen\u00edm s filozofickou \u00favahou o nutnosti a slobode.<\/p>\t\t\t\t\t\t\t\t<\/div>\n\t\t\t\t\t<\/div>\n\t\t\t\t<\/div>\n\t\t<div class=\"elementor-element elementor-element-iwgw-moiren-s7 e-flex e-con-boxed e-con e-parent\" data-id=\"iwgw-moiren-s7\" data-element_type=\"container\" data-e-type=\"container\">\n\t\t\t\t\t<div class=\"e-con-inner\">\n\t\t\t\t<div class=\"elementor-element elementor-element-iwgw-moiren-s7h elementor-widget elementor-widget-heading\" data-id=\"iwgw-moiren-s7h\" data-element_type=\"widget\" data-e-type=\"widget\" data-widget_type=\"heading.default\">\n\t\t\t\t\t<h2 class=\"elementor-heading-title elementor-size-default\">S\u00fa\u010dasn\u00e1 recepcia a v\u00fdskum<\/h2>\t\t\t\t<\/div>\n\t\t\t\t<div class=\"elementor-element elementor-element-iwgw-moiren-s7t elementor-widget elementor-widget-text-editor\" data-id=\"iwgw-moiren-s7t\" data-element_type=\"widget\" data-e-type=\"widget\" data-widget_type=\"text-editor.default\">\n\t\t\t\t\t\t\t\t\t<p>Moiry patria medzi mytick\u00e9 postavy, ktor\u00fdch obraz zostal \u017eiv\u00fd a\u017e do s\u00fa\u010dasnosti. <span class=\"iwg-fachbegriff\" data-tooltip=\"Opakuj\u00faci sa obsahov\u00fd prvok v umen\u00ed alebo rozpr\u00e1van\u00ed.\" tabindex=\"0\">Mot\u00edv<\/span> troch osudov\u00fdch sestier, ktor\u00e9 spriadaj\u00fa a presekn\u00fa ni\u0165 \u017eivota, sa prostredn\u00edctvom r\u00edmskych P\u00e1rk, cez stredovek\u00fa a novodob\u00fa literat\u00faru a umenie stal pevnou s\u00fa\u010das\u0165ou eur\u00f3pskej obrazovej re\u010di.<\/p><p>V po\u00e9zii novej doby, v dr\u00e1me aj vo v\u00fdtvarnom umen\u00ed sa opakovane objavuj\u00fa ako <span class=\"iwg-fachbegriff\" data-tooltip=\"V\u00fdsti\u017en\u00fd obraz, ktor\u00fd predstavuje abstraktn\u00fa my\u0161lienku.\" tabindex=\"0\">symbol<\/span> pom\u00ed\u0148avosti a nevyhnutnosti.<\/p><p>V popul\u00e1rnej kult\u00fare s\u00fa tri osudov\u00e9 \u017eeny opakuj\u00facim sa <span class=\"iwg-fachbegriff\" data-tooltip=\"Opakuj\u00faci sa obsahov\u00fd prvok v umen\u00ed alebo rozpr\u00e1van\u00ed.\" tabindex=\"0\">mot\u00edvom<\/span>, v literat\u00fare, filme a hr\u00e1ch, \u010dasto zmie\u0161an\u00fdm s Nornami alebo \u010darodejnicami in\u00fdch trad\u00edci\u00ed. \u00daslovia ako obraz nite \u017eivota alebo nite, ktor\u00e1 sa presek\u00e1, vych\u00e1dzaj\u00fa priamo z predstavy Mo\u00edr.<\/p><p>Religionistick\u00fd v\u00fdskum sa Moir\u00e1m venoval z viacer\u00fdch h\u013ead\u00edsk. Do popredia vystupuje ot\u00e1zka gr\u00e9ckeho pojmu osudu a jeho vz\u0165ahu k svetu bohov, najm\u00e4 k Zeusovi, ot\u00e1zka, ktorou sa zaoberal u\u017e Erwin Rohde a po \u0148om mnoh\u00ed \u010fal\u0161\u00ed b\u00e1datelia.<\/p><p>\u010eal\u0161ou t\u00e9mou je sk\u00famanie personifik\u00e1cie: ako sa z pojmu vymeran\u00e9ho podielu st\u00e1va bohy\u0148a? Walter Burkert a Martin Persson Nilsson zaradili Moiry do celkov\u00e9ho v\u00fdkladu gr\u00e9ckeho n\u00e1bo\u017eenstva, Timothy Gantz presk\u00famal pramene, Fritz Graf sa venoval ich postaveniu v <span class=\"iwg-fachbegriff\" data-tooltip=\"S\u00fahrn tradovan\u00fdch rozpr\u00e1van\u00ed o bohoch v danej kult\u00fare.\" tabindex=\"0\">mytol\u00f3gii<\/span>.<\/p><p>Moiry zost\u00e1vaj\u00fa k\u013e\u00fa\u010dov\u00fdm pr\u00edkladom toho, ako Gr\u00e9ci uva\u017eovali o nutnosti, smrti a hraniciach \u013eudsk\u00e9ho konania.<\/p>\t\t\t\t\t\t\t\t<\/div>\n\t\t\t\t\t<\/div>\n\t\t\t\t<\/div>\n\t\t<div class=\"elementor-element elementor-element-iwgw-moiren-lit e-flex e-con-boxed e-con e-parent\" data-id=\"iwgw-moiren-lit\" data-element_type=\"container\" data-e-type=\"container\">\n\t\t\t\t\t<div class=\"e-con-inner\">\n\t\t\t\t<div class=\"elementor-element elementor-element-iwgw-moiren-lith elementor-widget elementor-widget-heading\" data-id=\"iwgw-moiren-lith\" data-element_type=\"widget\" data-e-type=\"widget\" data-widget_type=\"heading.default\">\n\t\t\t\t\t<h2 class=\"elementor-heading-title elementor-size-default\">Literat\u00fara (v\u00fdber)<\/h2>\t\t\t\t<\/div>\n\t\t\t\t<div class=\"elementor-element elementor-element-iwgw-moiren-litt elementor-widget elementor-widget-text-editor\" data-id=\"iwgw-moiren-litt\" data-element_type=\"widget\" data-e-type=\"widget\" data-widget_type=\"text-editor.default\">\n\t\t\t\t\t\t\t\t\t<ul><li>Erwin Rohde: <em>Psyche. Seelencult und Unsterblichkeitsglaube der Griechen<\/em> (1894)<\/li><li>Walter Burkert: <em>Griechische Religion der archaischen und klassischen Epoche<\/em> (1977)<\/li><li>Martin Persson Nilsson: <em>Geschichte der griechischen Religion<\/em> (1941\u20131950)<\/li><li>Timothy Gantz: <em>Early Greek Myth. A Guide to Literary and Artistic Sources<\/em> (1993)<\/li><li>Fritz Graf: <em>Griechische <span class=\"iwg-fachbegriff\" data-tooltip=\"S\u00fahrn tradovan\u00fdch rozpr\u00e1van\u00ed o bohoch v danej kult\u00fare.\" tabindex=\"0\">Mythologie<\/span>. Eine Einf\u00fchrung<\/em> (1985)<\/li><li>Martin Litchfield West: <em>Hesiod. Theogony. Edited with Prolegomena and Commentary<\/em> (1966)<\/li><\/ul>\t\t\t\t\t\t\t\t<\/div>\n\t\t\t\t\t<\/div>\n\t\t\t\t<\/div>\n\t\t<div class=\"elementor-element elementor-element-iwgw-moiren-kwd e-flex e-con-boxed e-con e-parent\" data-id=\"iwgw-moiren-kwd\" data-element_type=\"container\" data-e-type=\"container\">\n\t\t\t\t\t<div class=\"e-con-inner\">\n\t\t\t\t<div class=\"elementor-element elementor-element-iwgw-moiren-kwdt elementor-widget elementor-widget-text-editor\" data-id=\"iwgw-moiren-kwdt\" data-element_type=\"widget\" data-e-type=\"widget\" data-widget_type=\"text-editor.default\">\n\t\t\t\t\t\t\t\t\t<p><em>S\u00favisiace k\u013e\u00fa\u010dov\u00e9 pojmy: Moiry Klotho Lachesis Atropos osud ni\u0165 \u017eivota Parky praslica.<\/em><\/p>\t\t\t\t\t\t\t\t<\/div>\n\t\t\t\t\t<\/div>\n\t\t\t\t<\/div>\n\t\t<div class=\"elementor-element elementor-element-iwgw-moiren-cc e-flex e-con-boxed e-con e-parent\" data-id=\"iwgw-moiren-cc\" data-element_type=\"container\" data-e-type=\"container\" id=\"iwg-cc-moiren\">\n\t\t\t\t\t<div class=\"e-con-inner\">\n\t\t<div class=\"elementor-element elementor-element-iwgw-moiren-ccinner e-flex e-con-boxed e-con e-parent\" data-id=\"iwgw-moiren-ccinner\" data-element_type=\"container\" data-e-type=\"container\" data-settings=\"{&quot;background_background&quot;:&quot;classic&quot;}\">\n\t\t\t\t\t<div class=\"e-con-inner\">\n\t\t\t\t<div class=\"elementor-element elementor-element-iwgw-moiren-cch elementor-widget elementor-widget-heading\" data-id=\"iwgw-moiren-cch\" data-element_type=\"widget\" data-e-type=\"widget\" data-widget_type=\"heading.default\">\n\t\t\t\t\t<h2 class=\"elementor-heading-title elementor-size-default\">iWell Guard a ochrann\u00e9 trad\u00edcie<\/h2>\t\t\t\t<\/div>\n\t\t\t\t<div class=\"elementor-element elementor-element-iwgw-moiren-cct elementor-widget elementor-widget-text-editor\" data-id=\"iwgw-moiren-cct\" data-element_type=\"widget\" data-e-type=\"widget\" data-widget_type=\"text-editor.default\">\n\t\t\t\t\t\t\t\t\t<div data-nosnippet=\"true\"><p>iWell Guard nadv\u00e4zuje na kult\u00farno-historick\u00fa trad\u00edciu prenosn\u00fdch ochrann\u00fdch predmetov, v trad\u00edcii <a href=\"https:\/\/iwell-guard.com\/sk\/grecko\/\">Gr\u00e9cka<\/a> a mnoh\u00fdch in\u00fdch kult\u00far po celom svete. 41 vrstiev, r\u00fddze zlato, platina, striebro, vyroben\u00e9 v Nemecku. 30-d\u0148ov\u00e9 pr\u00e1vo na vr\u00e1tenie.<\/p><\/div>\t\t\t\t\t\t\t\t<\/div>\n\t\t\t\t<div class=\"elementor-element elementor-element-iwgw-moiren-ccb iwg-cc-button iwg-cc-cta-2026-05-13 elementor-widget elementor-widget-jet-button\" data-id=\"iwgw-moiren-ccb\" data-element_type=\"widget\" data-e-type=\"widget\" data-widget_type=\"jet-button.default\">\n\t\t\t\t<div class=\"elementor-widget-container\">\n\t\t\t\t\t<div class=\"elementor-jet-button jet-elements\"><div class=\"jet-button__container\"><a class=\"jet-button__instance jet-button__instance--icon-left hover-effect-1\" href=\"\/ueber-iwell-guard\/?utm_source=iwell-guard.com&amp;utm_medium=info-box&amp;utm_campaign=wesen-tradition\"><div class=\"jet-button__plane jet-button__plane-normal\"><\/div><div class=\"jet-button__plane jet-button__plane-hover\"><\/div><div class=\"jet-button__state jet-button__state-normal\"><span class=\"jet-button__label\">Viac o iWell Guard<\/span><\/div><div class=\"jet-button__state jet-button__state-hover\"><span class=\"jet-button__label\">Viac o iWell Guard<\/span><\/div><\/a><\/div><\/div><style>.elementor-element.elementor-element-iwgw-moiren-ccb .jet-button__instance{width:320px;height:56px;}.elementor-element.elementor-element-iwgw-moiren-ccb .jet-button__state-normal .jet-button__label{text-align:center;margin:0px 0px 0px 0px;color:#1a1b20;font-family:Montserrat,sans-serif;font-size:13px;font-weight:400;letter-spacing:4px;line-height:1.714em;text-transform:uppercase;}.elementor-element.elementor-element-iwgw-moiren-ccb .jet-button__state-hover .jet-button__label{text-align:center;margin:0px 0px 0px 0px;color:#FECC76;font-family:Montserrat,sans-serif;font-size:13px;font-weight:400;letter-spacing:4px;line-height:1.714em;text-transform:uppercase;}.elementor-element.elementor-element-iwgw-moiren-ccb .jet-button__plane-normal{background-color:#FECC76;border-style:solid;border-color:#C99540;border-width:2px 2px 2px 2px;}.elementor-element.elementor-element-iwgw-moiren-ccb .jet-button__plane-hover{background-color:rgba(0,0,0,0.55);border-style:solid;border-color:#FECC76;border-width:2px 2px 2px 2px;}<\/style>\t\t\t\t<\/div>\n\t\t\t\t<\/div>\n\t\t\t\t<div class=\"elementor-element elementor-element-iwgw-moiren-ccd elementor-widget elementor-widget-text-editor\" data-id=\"iwgw-moiren-ccd\" data-element_type=\"widget\" data-e-type=\"widget\" data-widget_type=\"text-editor.default\">\n\t\t\t\t\t\t\t\t\t<div data-nosnippet=\"true\"><p style=\"text-align:center;font-size:13px;opacity:0.7;margin-top:14px\" data-nosnippet=\"true\">Osobn\u00e9 sk\u00fasenosti sa m\u00f4\u017eu l\u00ed\u0161i\u0165. Nie je to zdravotn\u00edcka pom\u00f4cka. \u017diadny pr\u00eds\u013eub lie\u010denia.<\/p><\/div>\t\t\t\t\t\t\t\t<\/div>\n\t\t\t\t\t<\/div>\n\t\t\t\t<\/div>\n\t\t\t\t\t<\/div>\n\t\t\t\t<\/div>\n\t\t<div class=\"elementor-element elementor-element-iwgw-moiren-disc e-flex e-con-boxed e-con e-parent\" data-id=\"iwgw-moiren-disc\" data-element_type=\"container\" data-e-type=\"container\">\n\t\t\t\t\t<div class=\"e-con-inner\">\n\t\t\t\t<div class=\"elementor-element elementor-element-iwgw-moiren-discw elementor-widget elementor-widget-html\" data-id=\"iwgw-moiren-discw\" data-element_type=\"widget\" data-e-type=\"widget\" data-widget_type=\"html.default\">\n\t\t\t\t\t<footer data-nosnippet=\"true\" class=\"iwg-disclaimer-block\"><p data-nosnippet=\"true\">iWell Guard <strong>nie je zdravotn\u00edcka pom\u00f4cka<\/strong> a nenahr\u00e1dza lek\u00e1rske ani psychoterapeutick\u00e9 o\u0161etrenie. Religionistick\u00fd obsah predstavuje kult\u00farno-historick\u00e9 zaradenie, nie odpor\u00fa\u010danie duchovnej praxe.<\/p><\/footer>\t\t\t\t<\/div>\n\t\t\t\t\t<\/div>\n\t\t\t\t<\/div>\n\t\t\t\t<\/div>\n\t\t","protected":false},"excerpt":{"rendered":"","protected":false},"author":3,"featured_media":3375,"parent":0,"menu_order":0,"comment_status":"closed","ping_status":"closed","template":"elementor_header_footer","meta":{"_yoast_wpseo_focuskw":"Moiry bohyne osudu","_yoast_wpseo_title":"Moiry \u2013 bohyne osudu Gr\u00e9kov","_yoast_wpseo_metadesc":"Moiry, tri bohyne osudu gr\u00e9ckej mytol\u00f3gie, spriadaj\u00fa vl\u00e1kno \u017eivota: Kloth\u00f3 ho spriada, Lachesis ho meria, Atropos ho odstrihuje.","_yoast_wpseo_meta-robots-noindex":"","_yoast_wpseo_canonical":"","_angie_page":false,"gefaehrdungsstufe":"","wesen_kultur":"","wesen_klasse":"","footnotes":""},"categories":[],"class_list":["post-158025","page","type-page","status-publish","has-post-thumbnail","hentry"],"yoast_head":"<!-- This site is optimized with the Yoast SEO Premium plugin v27.7 (Yoast SEO v28.3) - https:\/\/yoast.com\/product\/yoast-seo-premium-wordpress\/ -->\n<title>Moiry \u2013 bohyne osudu Gr\u00e9kov<\/title>\n<meta name=\"description\" content=\"Moiry, tri bohyne osudu gr\u00e9ckej mytol\u00f3gie, spriadaj\u00fa vl\u00e1kno \u017eivota: Kloth\u00f3 ho spriada, Lachesis ho meria, Atropos ho odstrihuje.\" \/>\n<meta name=\"robots\" content=\"index, follow, max-snippet:-1, max-image-preview:large, max-video-preview:-1\" \/>\n<link rel=\"canonical\" href=\"https:\/\/iwell-guard.com\/sk\/moiry-bohyne-osudu-strazkyne-zivotneho-vlakna\/\" \/>\n<meta property=\"og:locale\" content=\"sk_SK\" \/>\n<meta property=\"og:type\" content=\"article\" \/>\n<meta property=\"og:title\" content=\"Moiry \u2013 bohyne osudu a str\u00e1\u017ekyne \u017eivotn\u00e9ho vl\u00e1kna\" \/>\n<meta property=\"og:description\" content=\"Moiry, tri bohyne osudu gr\u00e9ckej mytol\u00f3gie, spriadaj\u00fa vl\u00e1kno \u017eivota: Kloth\u00f3 ho spriada, Lachesis ho meria, Atropos ho odstrihuje.\" \/>\n<meta property=\"og:url\" content=\"https:\/\/iwell-guard.com\/sk\/moiry-bohyne-osudu-strazkyne-zivotneho-vlakna\/\" \/>\n<meta property=\"og:site_name\" content=\"iWell Guard\" \/>\n<meta property=\"article:modified_time\" content=\"2026-09-04T22:48:48+00:00\" \/>\n<meta property=\"og:image\" content=\"https:\/\/iwell-guard.com\/wp-content\/uploads\/2026\/05\/goetter_griechenland_moiren.webp\" \/>\n\t<meta property=\"og:image:width\" content=\"1024\" \/>\n\t<meta property=\"og:image:height\" content=\"1536\" \/>\n\t<meta property=\"og:image:type\" content=\"image\/webp\" \/>\n<meta name=\"twitter:card\" content=\"summary_large_image\" \/>\n<script type=\"application\/ld+json\" class=\"yoast-schema-graph\">{\"@context\":\"https:\\\/\\\/schema.org\",\"@graph\":[{\"@type\":\"WebPage\",\"@id\":\"https:\\\/\\\/iwell-guard.com\\\/sk\\\/moiry-bohyne-osudu-strazkyne-zivotneho-vlakna\\\/\",\"url\":\"https:\\\/\\\/iwell-guard.com\\\/sk\\\/moiry-bohyne-osudu-strazkyne-zivotneho-vlakna\\\/\",\"name\":\"Moiry \u2013 bohyne osudu Gr\u00e9kov\",\"isPartOf\":{\"@id\":\"https:\\\/\\\/iwell-guard.com\\\/sk\\\/#website\"},\"primaryImageOfPage\":{\"@id\":\"https:\\\/\\\/iwell-guard.com\\\/sk\\\/moiry-bohyne-osudu-strazkyne-zivotneho-vlakna\\\/#primaryimage\"},\"image\":{\"@id\":\"https:\\\/\\\/iwell-guard.com\\\/sk\\\/moiry-bohyne-osudu-strazkyne-zivotneho-vlakna\\\/#primaryimage\"},\"thumbnailUrl\":\"https:\\\/\\\/iwell-guard.com\\\/wp-content\\\/uploads\\\/2026\\\/05\\\/goetter_griechenland_moiren.webp\",\"datePublished\":\"2026-09-04T22:20:46+00:00\",\"dateModified\":\"2026-09-04T22:48:48+00:00\",\"description\":\"Moiry, tri bohyne osudu gr\u00e9ckej mytol\u00f3gie, spriadaj\u00fa vl\u00e1kno \u017eivota: Kloth\u00f3 ho spriada, Lachesis ho meria, Atropos ho odstrihuje.\",\"breadcrumb\":{\"@id\":\"https:\\\/\\\/iwell-guard.com\\\/sk\\\/moiry-bohyne-osudu-strazkyne-zivotneho-vlakna\\\/#breadcrumb\"},\"inLanguage\":\"sk-SK\",\"potentialAction\":[{\"@type\":\"ReadAction\",\"target\":[\"https:\\\/\\\/iwell-guard.com\\\/sk\\\/moiry-bohyne-osudu-strazkyne-zivotneho-vlakna\\\/\"]}]},{\"@type\":\"ImageObject\",\"inLanguage\":\"sk-SK\",\"@id\":\"https:\\\/\\\/iwell-guard.com\\\/sk\\\/moiry-bohyne-osudu-strazkyne-zivotneho-vlakna\\\/#primaryimage\",\"url\":\"https:\\\/\\\/iwell-guard.com\\\/wp-content\\\/uploads\\\/2026\\\/05\\\/goetter_griechenland_moiren.webp\",\"contentUrl\":\"https:\\\/\\\/iwell-guard.com\\\/wp-content\\\/uploads\\\/2026\\\/05\\\/goetter_griechenland_moiren.webp\",\"width\":1024,\"height\":1536,\"caption\":\"Bohovia z gr\u00e9ckej trad\u00edcie.\"},{\"@type\":\"BreadcrumbList\",\"@id\":\"https:\\\/\\\/iwell-guard.com\\\/sk\\\/moiry-bohyne-osudu-strazkyne-zivotneho-vlakna\\\/#breadcrumb\",\"itemListElement\":[{\"@type\":\"ListItem\",\"position\":1,\"name\":\"Start\",\"item\":\"https:\\\/\\\/iwell-guard.com\\\/sk\\\/?page_id=157572\"},{\"@type\":\"ListItem\",\"position\":2,\"name\":\"Moiry \u2013 bohyne osudu a str\u00e1\u017ekyne \u017eivotn\u00e9ho vl\u00e1kna\"}]},{\"@type\":\"WebSite\",\"@id\":\"https:\\\/\\\/iwell-guard.com\\\/sk\\\/#website\",\"url\":\"https:\\\/\\\/iwell-guard.com\\\/sk\\\/\",\"name\":\"iWell Guard\",\"description\":\"Schutz vor dunklen Einfl\u00fcssen\",\"publisher\":{\"@id\":\"https:\\\/\\\/iwell-guard.com\\\/sk\\\/#organization\"},\"potentialAction\":[{\"@type\":\"SearchAction\",\"target\":{\"@type\":\"EntryPoint\",\"urlTemplate\":\"https:\\\/\\\/iwell-guard.com\\\/sk\\\/?s={search_term_string}\"},\"query-input\":{\"@type\":\"PropertyValueSpecification\",\"valueRequired\":true,\"valueName\":\"search_term_string\"}}],\"inLanguage\":\"sk-SK\"},{\"@type\":\"Organization\",\"@id\":\"https:\\\/\\\/iwell-guard.com\\\/sk\\\/#organization\",\"name\":\"Ittermann electronic GmbH\",\"url\":\"https:\\\/\\\/iwell-guard.com\\\/sk\\\/\",\"logo\":{\"@type\":\"ImageObject\",\"inLanguage\":\"sk-SK\",\"@id\":\"https:\\\/\\\/iwell-guard.com\\\/sk\\\/#\\\/schema\\\/logo\\\/image\\\/\",\"url\":\"https:\\\/\\\/iwell-guard.com\\\/wp-content\\\/uploads\\\/2026\\\/05\\\/Ittermann-Logo-1182x237-1.png\",\"contentUrl\":\"https:\\\/\\\/iwell-guard.com\\\/wp-content\\\/uploads\\\/2026\\\/05\\\/Ittermann-Logo-1182x237-1.png\",\"width\":1182,\"height\":237,\"caption\":\"Ittermann electronic GmbH\"},\"image\":{\"@id\":\"https:\\\/\\\/iwell-guard.com\\\/sk\\\/#\\\/schema\\\/logo\\\/image\\\/\"},\"sameAs\":[\"https:\\\/\\\/pantip.com\\\/profile\\\/9367242\",\"https:\\\/\\\/micro.blog\\\/iwellguard\",\"https:\\\/\\\/www.diggerslist.com\\\/iwellguard\\\/about\",\"https:\\\/\\\/skitterphoto.com\\\/photographers\\\/2870314\\\/iwell-guard\",\"https:\\\/\\\/iwellguard.wordpress.com\\\/2026\\\/06\\\/06\\\/iwell-guard\\\/\",\"https:\\\/\\\/hub.docker.com\\\/u\\\/iwellguard\",\"https:\\\/\\\/www.pinterest.com\\\/iwellguard\\\/\",\"https:\\\/\\\/bit.ly\\\/m\\\/iwellguard\",\"https:\\\/\\\/entre-vos-mains.alsace.eu\\\/profiles\\\/iwellguard\\\/activity\",\"https:\\\/\\\/gravatar.com\\\/reallybeded8fd34\",\"https:\\\/\\\/naijamatta.com\\\/iwellguard\",\"https:\\\/\\\/www.goodreads.com\\\/iwellguard\",\"https:\\\/\\\/profile.hatena.ne.jp\\\/iwellguard\\\/\",\"https:\\\/\\\/experiment.com\\\/users\\\/iwellguard\",\"https:\\\/\\\/wakelet.com\\\/@iWellGuard82270\",\"https:\\\/\\\/www.chordie.com\\\/forum\\\/profile.php?id=2555664\",\"https:\\\/\\\/www.instapaper.com\\\/p\\\/17757966\",\"https:\\\/\\\/www.mapleprimes.com\\\/users\\\/iwellguard\",\"https:\\\/\\\/businesslistingplus.com\\\/profile\\\/iwell-guard\\\/\",\"https:\\\/\\\/telegra.ph\\\/iWell-Guard-06-06\",\"https:\\\/\\\/pbase.com\\\/iwellguard\\\/iwellguard\",\"https:\\\/\\\/b.hatena.ne.jp\\\/iwellguard\\\/20260607#bookmark-4788405196491818882\",\"https:\\\/\\\/fliphtml5.com\\\/home\\\/iwellguard\",\"https:\\\/\\\/anyflip.com\\\/homepage\\\/cmiwl#About\",\"https:\\\/\\\/transfur.com\\\/Users\\\/iwellguard\",\"http:\\\/\\\/delphi.larsbo.org\\\/user\\\/iwellguard\",\"https:\\\/\\\/jobs.lajobsportal.org\\\/profiles\\\/8380803-iwell-guard\",\"https:\\\/\\\/md.chaosdorf.de\\\/s\\\/jfbe5SBdJD\",\"https:\\\/\\\/www.lingvolive.com\\\/en-us\\\/profile\\\/9ecaeaca-ce11-4e51-9e71-01d55e2bff36\\\/translations\",\"https:\\\/\\\/www.fitday.com\\\/fitness\\\/forums\\\/members\\\/iwellguard.html\",\"https:\\\/\\\/www.mymeetbook.com\\\/iwellguard\",\"https:\\\/\\\/pxhere.com\\\/en\\\/photographer-me\\\/5040798\",\"https:\\\/\\\/disqus.com\\\/by\\\/iwellguard\\\/about\\\/\",\"https:\\\/\\\/pastelink.net\\\/hjwciqwq\",\"https:\\\/\\\/pubhtml5.com\\\/homepage\\\/scjhn\\\/\",\"https:\\\/\\\/www.bitchute.com\\\/channel\\\/2O2eOKzNqujT\",\"https:\\\/\\\/audiomack.com\\\/iwellguard\"]}]}<\/script>\n<!-- \/ Yoast SEO Premium plugin. -->","yoast_head_json":{"title":"Moiry \u2013 bohyne osudu Gr\u00e9kov","description":"Moiry, tri bohyne osudu gr\u00e9ckej mytol\u00f3gie, spriadaj\u00fa vl\u00e1kno \u017eivota: Kloth\u00f3 ho spriada, Lachesis ho meria, Atropos ho odstrihuje.","robots":{"index":"index","follow":"follow","max-snippet":"max-snippet:-1","max-image-preview":"max-image-preview:large","max-video-preview":"max-video-preview:-1"},"canonical":"https:\/\/iwell-guard.com\/sk\/moiry-bohyne-osudu-strazkyne-zivotneho-vlakna\/","og_locale":"sk_SK","og_type":"article","og_title":"Moiry \u2013 bohyne osudu a str\u00e1\u017ekyne \u017eivotn\u00e9ho vl\u00e1kna","og_description":"Moiry, tri bohyne osudu gr\u00e9ckej mytol\u00f3gie, spriadaj\u00fa vl\u00e1kno \u017eivota: Kloth\u00f3 ho spriada, Lachesis ho meria, Atropos ho odstrihuje.","og_url":"https:\/\/iwell-guard.com\/sk\/moiry-bohyne-osudu-strazkyne-zivotneho-vlakna\/","og_site_name":"iWell Guard","article_modified_time":"2026-09-04T22:48:48+00:00","og_image":[{"width":1024,"height":1536,"url":"https:\/\/iwell-guard.com\/wp-content\/uploads\/2026\/05\/goetter_griechenland_moiren.webp","type":"image\/webp"}],"twitter_card":"summary_large_image","schema":{"@context":"https:\/\/schema.org","@graph":[{"@type":"WebPage","@id":"https:\/\/iwell-guard.com\/sk\/moiry-bohyne-osudu-strazkyne-zivotneho-vlakna\/","url":"https:\/\/iwell-guard.com\/sk\/moiry-bohyne-osudu-strazkyne-zivotneho-vlakna\/","name":"Moiry \u2013 bohyne osudu Gr\u00e9kov","isPartOf":{"@id":"https:\/\/iwell-guard.com\/sk\/#website"},"primaryImageOfPage":{"@id":"https:\/\/iwell-guard.com\/sk\/moiry-bohyne-osudu-strazkyne-zivotneho-vlakna\/#primaryimage"},"image":{"@id":"https:\/\/iwell-guard.com\/sk\/moiry-bohyne-osudu-strazkyne-zivotneho-vlakna\/#primaryimage"},"thumbnailUrl":"https:\/\/iwell-guard.com\/wp-content\/uploads\/2026\/05\/goetter_griechenland_moiren.webp","datePublished":"2026-09-04T22:20:46+00:00","dateModified":"2026-09-04T22:48:48+00:00","description":"Moiry, tri bohyne osudu gr\u00e9ckej mytol\u00f3gie, spriadaj\u00fa vl\u00e1kno \u017eivota: Kloth\u00f3 ho spriada, Lachesis ho meria, Atropos ho odstrihuje.","breadcrumb":{"@id":"https:\/\/iwell-guard.com\/sk\/moiry-bohyne-osudu-strazkyne-zivotneho-vlakna\/#breadcrumb"},"inLanguage":"sk-SK","potentialAction":[{"@type":"ReadAction","target":["https:\/\/iwell-guard.com\/sk\/moiry-bohyne-osudu-strazkyne-zivotneho-vlakna\/"]}]},{"@type":"ImageObject","inLanguage":"sk-SK","@id":"https:\/\/iwell-guard.com\/sk\/moiry-bohyne-osudu-strazkyne-zivotneho-vlakna\/#primaryimage","url":"https:\/\/iwell-guard.com\/wp-content\/uploads\/2026\/05\/goetter_griechenland_moiren.webp","contentUrl":"https:\/\/iwell-guard.com\/wp-content\/uploads\/2026\/05\/goetter_griechenland_moiren.webp","width":1024,"height":1536,"caption":"Bohovia z gr\u00e9ckej trad\u00edcie."},{"@type":"BreadcrumbList","@id":"https:\/\/iwell-guard.com\/sk\/moiry-bohyne-osudu-strazkyne-zivotneho-vlakna\/#breadcrumb","itemListElement":[{"@type":"ListItem","position":1,"name":"Start","item":"https:\/\/iwell-guard.com\/sk\/?page_id=157572"},{"@type":"ListItem","position":2,"name":"Moiry \u2013 bohyne osudu a str\u00e1\u017ekyne \u017eivotn\u00e9ho vl\u00e1kna"}]},{"@type":"WebSite","@id":"https:\/\/iwell-guard.com\/sk\/#website","url":"https:\/\/iwell-guard.com\/sk\/","name":"iWell Guard","description":"Schutz vor dunklen Einfl\u00fcssen","publisher":{"@id":"https:\/\/iwell-guard.com\/sk\/#organization"},"potentialAction":[{"@type":"SearchAction","target":{"@type":"EntryPoint","urlTemplate":"https:\/\/iwell-guard.com\/sk\/?s={search_term_string}"},"query-input":{"@type":"PropertyValueSpecification","valueRequired":true,"valueName":"search_term_string"}}],"inLanguage":"sk-SK"},{"@type":"Organization","@id":"https:\/\/iwell-guard.com\/sk\/#organization","name":"Ittermann electronic GmbH","url":"https:\/\/iwell-guard.com\/sk\/","logo":{"@type":"ImageObject","inLanguage":"sk-SK","@id":"https:\/\/iwell-guard.com\/sk\/#\/schema\/logo\/image\/","url":"https:\/\/iwell-guard.com\/wp-content\/uploads\/2026\/05\/Ittermann-Logo-1182x237-1.png","contentUrl":"https:\/\/iwell-guard.com\/wp-content\/uploads\/2026\/05\/Ittermann-Logo-1182x237-1.png","width":1182,"height":237,"caption":"Ittermann electronic GmbH"},"image":{"@id":"https:\/\/iwell-guard.com\/sk\/#\/schema\/logo\/image\/"},"sameAs":["https:\/\/pantip.com\/profile\/9367242","https:\/\/micro.blog\/iwellguard","https:\/\/www.diggerslist.com\/iwellguard\/about","https:\/\/skitterphoto.com\/photographers\/2870314\/iwell-guard","https:\/\/iwellguard.wordpress.com\/2026\/06\/06\/iwell-guard\/","https:\/\/hub.docker.com\/u\/iwellguard","https:\/\/www.pinterest.com\/iwellguard\/","https:\/\/bit.ly\/m\/iwellguard","https:\/\/entre-vos-mains.alsace.eu\/profiles\/iwellguard\/activity","https:\/\/gravatar.com\/reallybeded8fd34","https:\/\/naijamatta.com\/iwellguard","https:\/\/www.goodreads.com\/iwellguard","https:\/\/profile.hatena.ne.jp\/iwellguard\/","https:\/\/experiment.com\/users\/iwellguard","https:\/\/wakelet.com\/@iWellGuard82270","https:\/\/www.chordie.com\/forum\/profile.php?id=2555664","https:\/\/www.instapaper.com\/p\/17757966","https:\/\/www.mapleprimes.com\/users\/iwellguard","https:\/\/businesslistingplus.com\/profile\/iwell-guard\/","https:\/\/telegra.ph\/iWell-Guard-06-06","https:\/\/pbase.com\/iwellguard\/iwellguard","https:\/\/b.hatena.ne.jp\/iwellguard\/20260607#bookmark-4788405196491818882","https:\/\/fliphtml5.com\/home\/iwellguard","https:\/\/anyflip.com\/homepage\/cmiwl#About","https:\/\/transfur.com\/Users\/iwellguard","http:\/\/delphi.larsbo.org\/user\/iwellguard","https:\/\/jobs.lajobsportal.org\/profiles\/8380803-iwell-guard","https:\/\/md.chaosdorf.de\/s\/jfbe5SBdJD","https:\/\/www.lingvolive.com\/en-us\/profile\/9ecaeaca-ce11-4e51-9e71-01d55e2bff36\/translations","https:\/\/www.fitday.com\/fitness\/forums\/members\/iwellguard.html","https:\/\/www.mymeetbook.com\/iwellguard","https:\/\/pxhere.com\/en\/photographer-me\/5040798","https:\/\/disqus.com\/by\/iwellguard\/about\/","https:\/\/pastelink.net\/hjwciqwq","https:\/\/pubhtml5.com\/homepage\/scjhn\/","https:\/\/www.bitchute.com\/channel\/2O2eOKzNqujT","https:\/\/audiomack.com\/iwellguard"]}]}},"_links":{"self":[{"href":"https:\/\/iwell-guard.com\/sk\/wp-json\/wp\/v2\/pages\/158025","targetHints":{"allow":["GET"]}}],"collection":[{"href":"https:\/\/iwell-guard.com\/sk\/wp-json\/wp\/v2\/pages"}],"about":[{"href":"https:\/\/iwell-guard.com\/sk\/wp-json\/wp\/v2\/types\/page"}],"author":[{"embeddable":true,"href":"https:\/\/iwell-guard.com\/sk\/wp-json\/wp\/v2\/users\/3"}],"replies":[{"embeddable":true,"href":"https:\/\/iwell-guard.com\/sk\/wp-json\/wp\/v2\/comments?post=158025"}],"version-history":[{"count":0,"href":"https:\/\/iwell-guard.com\/sk\/wp-json\/wp\/v2\/pages\/158025\/revisions"}],"wp:featuredmedia":[{"embeddable":true,"href":"https:\/\/iwell-guard.com\/sk\/wp-json\/wp\/v2\/media\/3375"}],"wp:attachment":[{"href":"https:\/\/iwell-guard.com\/sk\/wp-json\/wp\/v2\/media?parent=158025"}],"wp:term":[{"taxonomy":"category","embeddable":true,"href":"https:\/\/iwell-guard.com\/sk\/wp-json\/wp\/v2\/categories?post=158025"}],"curies":[{"name":"wp","href":"https:\/\/api.w.org\/{rel}","templated":true}]}}