{"id":158024,"date":"2026-09-04T22:20:45","date_gmt":"2026-09-04T22:20:45","guid":{"rendered":"https:\/\/iwell-guard.com\/?page_id=158024"},"modified":"2026-09-04T22:48:47","modified_gmt":"2026-09-04T22:48:47","slug":"kronos-titan-vladca-zlateho-veku","status":"publish","type":"page","link":"https:\/\/iwell-guard.com\/sk\/kronos-titan-vladca-zlateho-veku\/","title":{"rendered":"Kronos \u2013 Titan a vl\u00e1dca Zlat\u00e9ho veku"},"content":{"rendered":"\t\t<div data-elementor-type=\"wp-page\" data-elementor-id=\"158024\" class=\"elementor elementor-158024 elementor-2918 elementor-bc-flex-widget\" data-elementor-post-type=\"page\">\n\t\t\t\t<div class=\"elementor-element elementor-element-herof597b9c e-flex e-con-boxed e-con e-parent\" data-id=\"herof597b9c\" data-element_type=\"container\" data-e-type=\"container\">\n\t\t\t\t\t<div class=\"e-con-inner\">\n\t\t\t\t<div class=\"elementor-element elementor-element-heroimg20a558e iwg-hero-image elementor-widget elementor-widget-image\" data-id=\"heroimg20a558e\" data-element_type=\"widget\" data-e-type=\"widget\" data-widget_type=\"image.default\">\n\t\t\t\t\t\t\t\t\t\t\t\t\t\t\t<img fetchpriority=\"high\" decoding=\"async\" width=\"683\" height=\"1024\" src=\"https:\/\/iwell-guard.com\/wp-content\/uploads\/2026\/05\/goetter_griechenland_kronos-683x1024.webp\" class=\"attachment-large size-large wp-image-159655\" alt=\"Kronos \u2013 bohovia z gr\u00e9ckej trad\u00edcie, historicko-ilustra\u010dn\u00e9 zobrazenie\" srcset=\"https:\/\/iwell-guard.com\/wp-content\/uploads\/2026\/05\/goetter_griechenland_kronos-683x1024.webp 683w, https:\/\/iwell-guard.com\/wp-content\/uploads\/2026\/05\/goetter_griechenland_kronos-200x300.webp 200w, https:\/\/iwell-guard.com\/wp-content\/uploads\/2026\/05\/goetter_griechenland_kronos-768x1152.webp 768w, https:\/\/iwell-guard.com\/wp-content\/uploads\/2026\/05\/goetter_griechenland_kronos.webp 1024w\" sizes=\"(max-width: 683px) 100vw, 683px\" \/>\t\t\t\t\t\t\t\t\t\t\t\t\t\t\t<\/div>\n\t\t\t\t\t<\/div>\n\t\t\t\t<\/div>\n\t\t<div class=\"elementor-element elementor-element-iwgw-kronos-hero e-flex e-con-boxed e-con e-parent\" data-id=\"iwgw-kronos-hero\" data-element_type=\"container\" data-e-type=\"container\">\n\t\t\t\t\t<div class=\"e-con-inner\">\n\t\t\t\t<div class=\"elementor-element elementor-element-iwgw-kronos-h1 elementor-widget elementor-widget-heading\" data-id=\"iwgw-kronos-h1\" data-element_type=\"widget\" data-e-type=\"widget\" data-widget_type=\"heading.default\">\n\t\t\t\t\t<h1 class=\"elementor-heading-title elementor-size-default\">Kronos \u2013 Titan, otec Dia a zosaden\u00fd vl\u00e1dca<\/h1>\t\t\t\t<\/div>\n\t\t\t\t<div class=\"elementor-element elementor-element-iwgw-kronos-pills elementor-widget elementor-widget-html\" data-id=\"iwgw-kronos-pills\" data-element_type=\"widget\" data-e-type=\"widget\" data-widget_type=\"html.default\">\n\t\t\t\t\t<div class=\"iwg-pill-row\"><span class=\"iwg-klasse-badge\" tabindex=\"0\" data-tooltip=\"Titan trad\u00edcie Gr\u00e9cko.\">Titan<\/span><a href=\"https:\/\/iwell-guard.com\/sk\/grecko\/\" class=\"iwg-kultur-badge\" tabindex=\"0\" data-tooltip=\"Mytol\u00f3gia trad\u00edcie Gr\u00e9cko.\">Gr\u00e9cko<\/a><span class=\"iwg-tradition-badge\" tabindex=\"0\" data-tooltip=\"Prvotn\u00e9 bo\u017estvo.\">Prvotn\u00e9 bo\u017estvo<\/span><\/div>\t\t\t\t<\/div>\n\t\t\t\t<div class=\"elementor-element elementor-element-iwgw-kronos-lead elementor-widget elementor-widget-text-editor\" data-id=\"iwgw-kronos-lead\" data-element_type=\"widget\" data-e-type=\"widget\" data-widget_type=\"text-editor.default\">\n\t\t\t\t\t\t\t\t\t<p>Kronos je najmlad\u0161\u00ed z Titanov, syn Urana a Gaie, otec Dia. Zbav\u00ed svojho otca mu\u017estva, prehltne svoje deti a nakoniec ho zosad\u00ed Zeus. Jeho vl\u00e1da sa z\u00e1rove\u0148 pova\u017euje za Zlat\u00fd vek.<\/p>\t\t\t\t\t\t\t\t<\/div>\n\t\t\t\t\t<\/div>\n\t\t\t\t<\/div>\n\t\t<div class=\"elementor-element elementor-element-iwgw-kronos-s0 e-flex e-con-boxed e-con e-parent\" data-id=\"iwgw-kronos-s0\" data-element_type=\"container\" data-e-type=\"container\">\n\t\t\t\t\t<div class=\"e-con-inner\">\n\t\t\t\t<div class=\"elementor-element elementor-element-iwgw-kronos-s0h elementor-widget elementor-widget-heading\" data-id=\"iwgw-kronos-s0h\" data-element_type=\"widget\" data-e-type=\"widget\" data-widget_type=\"heading.default\">\n\t\t\t\t\t<h2 class=\"elementor-heading-title elementor-size-default\">Zaradenie<\/h2>\t\t\t\t<\/div>\n\t\t\t\t<div class=\"elementor-element elementor-element-iwgw-kronos-s0t elementor-widget elementor-widget-text-editor\" data-id=\"iwgw-kronos-s0t\" data-element_type=\"widget\" data-e-type=\"widget\" data-widget_type=\"text-editor.default\">\n\t\t\t\t\t\t\t\t\t<p>Kronos patr\u00ed k gener\u00e1cii Titanov, t\u00fdch rodov bohov, ktor\u00ed v <a href=\"https:\/\/iwell-guard.com\/sk\/grecko\/\">gr\u00e9ckej<\/a> <span class=\"iwg-fachbegriff\" data-tooltip=\"S\u00fabor tradovan\u00fdch rozpr\u00e1van\u00ed o bohoch ur\u010ditej kult\u00fary.\" tabindex=\"0\">mytol\u00f3gii<\/span> stoja medzi najstar\u0161\u00edmi prvotn\u00fdmi mocnos\u0165ami a olympsk\u00fdmi bohmi. Je najmlad\u0161\u00edm synom nebesk\u00e9ho boha Urana a bohyne zeme Gaie a po zosaden\u00ed svojho otca prevezme vl\u00e1du nad svetom.<\/p><p>Kronos je tak centr\u00e1lnou postavou strednej f\u00e1zy gr\u00e9ckeho m\u00fdtu o stvoren\u00ed, tzv. sukcesnej mytol\u00f3gie, v ktorej sa vl\u00e1da nad svetom odovzd\u00e1va postupne cez tri gener\u00e1cie.<\/p><p>Z religionistick\u00e9ho h\u013eadiska je Kronos dvojtv\u00e1rna postava. Na jednej strane stoj\u00ed krut\u00fd vl\u00e1dca, ktor\u00fd zmrza\u010d\u00ed svojho otca a prehltne svoje vlastn\u00e9 deti, aby si zaistil moc.<\/p><p>Na druhej strane stoj\u00ed kr\u00e1\u013e Zlat\u00e9ho veku, po\u010das ktor\u00e9ho vl\u00e1dy \u017eili \u013eudia bezstarostne a bez n\u00e1mahy. Toto nap\u00e4tie medzi hr\u00f4zostra\u0161nou postavou a kr\u00e1\u013eom mieru rob\u00ed z Kronosa mimoriadne v\u00fdpovedn\u00fa postavu pre ch\u00e1panie gr\u00e9ckych predst\u00e1v o dejin\u00e1ch a \u010dase.<\/p><p>Najd\u00f4le\u017eitej\u0161\u00edm prame\u0148om je H\u00e9siodova <em>Theog\u00f3nia<\/em>, ktor\u00e1 podrobne rozpr\u00e1va <span class=\"iwg-fachbegriff\" data-tooltip=\"Tradovan\u00e9 rozpr\u00e1vanie o bohoch, p\u00f4vode a poriadku svet.\" tabindex=\"0\">m\u00fdtus<\/span> o postupnosti vl\u00e1dcov svet. Okrem toho existuj\u00fa mnoh\u00e9 neskor\u0161ie podania, mytografick\u00e9 diela a stoto\u017enenie s r\u00edmskym Saturnom, ktor\u00e9 obraz Kronosa v <span class=\"iwg-fachbegriff\" data-tooltip=\"Epocha gr\u00e9ckej a r\u00edmskej kult\u00fary, pribli\u017ene od 800 pred Kr. do 600 po Kr.\" tabindex=\"0\">antike<\/span> \u010falej dotv\u00e1rali. Orfick\u00e1 po\u00e9zia pon\u00fakala vlastn\u00fa verziu postupnosti bohov, odli\u0161n\u00fa od H\u00e9siodovej.<\/p>\t\t\t\t\t\t\t\t<\/div>\n\t\t\t\t\t<\/div>\n\t\t\t\t<\/div>\n\t\t<div class=\"elementor-element elementor-element-iwgw-kronos-s1 e-flex e-con-boxed e-con e-parent\" data-id=\"iwgw-kronos-s1\" data-element_type=\"container\" data-e-type=\"container\">\n\t\t\t\t\t<div class=\"e-con-inner\">\n\t\t\t\t<div class=\"elementor-element elementor-element-iwgw-kronos-s1h elementor-widget elementor-widget-heading\" data-id=\"iwgw-kronos-s1h\" data-element_type=\"widget\" data-e-type=\"widget\" data-widget_type=\"heading.default\">\n\t\t\t\t\t<h2 class=\"elementor-heading-title elementor-size-default\">Meno a etymol\u00f3gia<\/h2>\t\t\t\t<\/div>\n\t\t\t\t<div class=\"elementor-element elementor-element-iwgw-kronos-s1t elementor-widget elementor-widget-text-editor\" data-id=\"iwgw-kronos-s1t\" data-element_type=\"widget\" data-e-type=\"widget\" data-widget_type=\"text-editor.default\">\n\t\t\t\t\t\t\t\t\t<p>Meno Kronos nem\u00e1 jazykovedne isto objasnen\u00fd p\u00f4vod. U\u017e v <span class=\"iwg-fachbegriff\" data-tooltip=\"Epocha gr\u00e9ckej a r\u00edmskej kult\u00fary, pribli\u017ene od 800 pred Kr. do 600 po Kr.\" tabindex=\"0\">antike<\/span> ho \u010dasto sp\u00e1jali s gr\u00e9ckym slovom pre \u010das, Chronos. Toto stoto\u017enenie je z jazykovedn\u00e9ho h\u013eadiska neudr\u017eate\u013en\u00e9, preto\u017ee oba n\u00e1zvy sa p\u00ed\u0161u a pr\u00edzvukuj\u00fa inak.<\/p><p>Napriek tomu malo ve\u013ek\u00fd vplyv: u\u017e v <span class=\"iwg-fachbegriff\" data-tooltip=\"Epocha gr\u00e9ckej a r\u00edmskej kult\u00fary, pribli\u017ene od 800 pred Kr. do 600 po Kr.\" tabindex=\"0\">antike<\/span>, najm\u00e4 v stoickej a orfickej spekul\u00e1cii, sa Kronos vykladal ako zosobnenie \u010dasu, ktor\u00fd pohlcuje svoje vlastn\u00e9 deti, teda v\u0161etko, \u010do vzniklo.<\/p><p>In\u00e9 <span class=\"iwg-fachbegriff\" data-tooltip=\"Epocha gr\u00e9ckej a r\u00edmskej kult\u00fary, pribli\u017ene od 800 pred Kr. do 600 po Kr.\" tabindex=\"0\">antick\u00e9<\/span> v\u00fdklady sp\u00e1jali meno so slovesom pre zber \u00farody alebo s pojmami z oblasti po\u013enohospod\u00e1rstva, \u010do zodpovedalo jeho atrib\u00fatu, kos\u00e1ku. Aj tieto vysvetlenia s\u00fa \u013eudovou etymol\u00f3giou a nie s\u00fa potvrden\u00e9.<\/p><p>Modern\u00fd v\u00fdskum sa prikl\u00e1\u0148a k tomu, \u017ee meno Kronos je predgr\u00e9cke, teda zdeden\u00e9 slovo z jazykovej vrstvy, ktor\u00e1 sa pou\u017e\u00edvala pred pr\u00edchodom gr\u00e9ckojazy\u010dn\u00e9ho obyvate\u013estva do oblasti Egejsk\u00e9ho mora. Ist\u00e1 etymol\u00f3gia neexistuje.<\/p><p>V r\u00edmskej <span class=\"iwg-fachbegriff\" data-tooltip=\"Odovzd\u00e1vanie vedomost\u00ed a rozpr\u00e1van\u00ed z gener\u00e1cie na gener\u00e1ciu.\" tabindex=\"0\">trad\u00edcii<\/span> bol Kronos stoto\u017enen\u00fd so Saturnom. T\u00e1to identifik\u00e1cia bola tak vplyvn\u00e1, \u017ee mnoh\u00e9 rysy Kronosa \u017eili \u010falej v latinskom kult\u00farnom priestore pod menom Saturn, napr\u00edklad predstava o Zlatom veku a sl\u00e1vnos\u0165 Saturn\u00e1li\u00ed.<\/p><p>Rozl\u00ed\u0161enie medzi gr\u00e9ckym Kronosom a r\u00edmskym Saturnom je vo v\u00fdskume d\u00f4le\u017eit\u00e9, preto\u017ee obe postavy pre\u0161li vlastn\u00fdm v\u00fdvojom.<\/p>\t\t\t\t\t\t\t\t<\/div>\n\t\t\t\t\t<\/div>\n\t\t\t\t<\/div>\n\t\t<div class=\"elementor-element elementor-element-iwgw-kronos-s2 e-flex e-con-boxed e-con e-parent\" data-id=\"iwgw-kronos-s2\" data-element_type=\"container\" data-e-type=\"container\">\n\t\t\t\t\t<div class=\"e-con-inner\">\n\t\t\t\t<div class=\"elementor-element elementor-element-iwgw-kronos-s2h elementor-widget elementor-widget-heading\" data-id=\"iwgw-kronos-s2h\" data-element_type=\"widget\" data-e-type=\"widget\" data-widget_type=\"heading.default\">\n\t\t\t\t\t<h2 class=\"elementor-heading-title elementor-size-default\">Popis a ikonografia<\/h2>\t\t\t\t<\/div>\n\t\t\t\t<div class=\"elementor-element elementor-element-iwgw-kronos-s2t elementor-widget elementor-widget-text-editor\" data-id=\"iwgw-kronos-s2t\" data-element_type=\"widget\" data-e-type=\"widget\" data-widget_type=\"text-editor.default\">\n\t\t\t\t\t\t\t\t\t<p>Kronos je vo v\u00fdtvarnom umen\u00ed <span class=\"iwg-fachbegriff\" data-tooltip=\"Epocha gr\u00e9ckej a r\u00edmskej kult\u00fary, pribli\u017ene od 800 pred Kr. do 600 po Kr.\" tabindex=\"0\">antiky<\/span> zobrazovan\u00fd menej \u010dasto a menej jednotne ne\u017e olympsk\u00ed bohovia. Kde sa objavuje, zvy\u010dajne ho zobrazuj\u00fa ako bradat\u00e9ho, zrel\u00e9ho mu\u017ea, pln\u00e9ho d\u00f4stojnosti, ale bez mladistvej sily, ktor\u00e1 vyzna\u010duje napr\u00edklad Zeusa.<\/p><p>Jeho v\u00fdrazn\u00fdm atrib\u00fatom je kos\u00e1k alebo zahnut\u00fd rezn\u00fd n\u00e1stroj, ktor\u00fdm pod\u013ea <span class=\"iwg-fachbegriff\" data-tooltip=\"Tradovan\u00fd pr\u00edbeh o bohoch, p\u00f4vode a poriadku svtea.\" tabindex=\"0\">m\u00fdtu<\/span> zbavil mu\u017estva svojho otca Uranosa. Tento n\u00e1stroj, v prame\u0148och ozna\u010dovan\u00fd ako harpe, je jeho pevn\u00fdm rozpozn\u00e1vac\u00edm znakom.<\/p><p>Kronos je \u010dasto zobrazovan\u00fd so zahalenou hlavou, s r\u00fachom prehoden\u00fdm cez z\u00e1tylok. Toto zahalenie sa vykladalo ako znak jeho spojenia so skrytou, tajomnou str\u00e1nkou svtea, alebo ako odkaz na jeho postavenie zosaden\u00e9ho vl\u00e1dcu vyhnan\u00e9ho do hlb\u00edn. V r\u00edmskej ikonografii Saturna sa tento znak zachoval.<\/p><p>Sc\u00e9ny, ktor\u00e9 ilustruj\u00fa <span class=\"iwg-fachbegriff\" data-tooltip=\"Tradovan\u00fd pr\u00edbeh o bohoch, p\u00f4vode a poriadku svtea.\" tabindex=\"0\">m\u00fdtus<\/span>, zobrazuj\u00fa Kronosa najm\u00e4 v dvoch okamihoch: pri zbavovan\u00ed Uranosa mu\u017estva a pri zhlt\u00e1van\u00ed vlastn\u00fdch det\u00ed.<\/p><p>Druh\u00e1 sc\u00e9na, v ktorej Kronos priv\u00e1dza doj\u010da k \u00fastam alebo dost\u00e1va do plienok zabalen\u00fd kame\u0148, bola ob\u013e\u00faben\u00e1 najm\u00e4 v poantickom umen\u00ed a patr\u00ed k najp\u00f4sobivej\u0161\u00edm obrazom celej <span class=\"iwg-fachbegriff\" data-tooltip=\"S\u00fahrn tradovan\u00fdch pr\u00edbehov o bohoch v danej kult\u00fare.\" tabindex=\"0\">mytol\u00f3gie<\/span>. V samotnej <span class=\"iwg-fachbegriff\" data-tooltip=\"Epocha gr\u00e9ckej a r\u00edmskej kult\u00fary, pribli\u017ene od 800 pred Kr. do 600 po Kr.\" tabindex=\"0\">antike<\/span> v\u0161ak preva\u017euje pokojn\u00e9, panovn\u00edcke zobrazenie. Ako kr\u00e1\u013e Zlat\u00e9ho veku bol pr\u00edle\u017eitostne zobrazovan\u00fd sediaci na tr\u00f3ne.<\/p>\t\t\t\t\t\t\t\t<\/div>\n\t\t\t\t\t<\/div>\n\t\t\t\t<\/div>\n\t\t<div class=\"elementor-element elementor-element-iwgw-kronos-s3 e-flex e-con-boxed e-con e-parent\" data-id=\"iwgw-kronos-s3\" data-element_type=\"container\" data-e-type=\"container\">\n\t\t\t\t\t<div class=\"e-con-inner\">\n\t\t\t\t<div class=\"elementor-element elementor-element-iwgw-kronos-s3h elementor-widget elementor-widget-heading\" data-id=\"iwgw-kronos-s3h\" data-element_type=\"widget\" data-e-type=\"widget\" data-widget_type=\"heading.default\">\n\t\t\t\t\t<h2 class=\"elementor-heading-title elementor-size-default\">Mytologick\u00e9 rozpr\u00e1vania<\/h2>\t\t\t\t<\/div>\n\t\t\t\t<div class=\"elementor-element elementor-element-iwgw-kronos-s3t elementor-widget elementor-widget-text-editor\" data-id=\"iwgw-kronos-s3t\" data-element_type=\"widget\" data-e-type=\"widget\" data-widget_type=\"text-editor.default\">\n\t\t\t\t\t\t\t\t\t<p>Pr\u00edbeh Kronosa za\u010d\u00edna konfliktom medzi prvotn\u00fdmi mocnos\u0165ami. Uranos, Nebo, sa spojil s Gaiou, Zemou, ale ich spolo\u010dn\u00e9 deti, medzi nimi Titanov, zadr\u017eiaval vo vn\u00fatri Zeme. Gaia, za\u0165a\u017een\u00e1 t\u00fdmto bremenom, vymyslela pl\u00e1n a vyrobila kos\u00e1k z tvrd\u00e9ho kame\u0148a.<\/p><p>Zo v\u0161etk\u00fdch jej det\u00ed bol jedin\u00fd Kronos, najmlad\u0161\u00ed z Titanov, ktor\u00fd sa uvolil postavi\u0165 sa otcovi. Ke\u010f sa Uranos znova pribl\u00ed\u017eil k Gaii, Kronos mu odrezal pohlavie a vyhodil ho do mora.<\/p><p>Z krvi a z \u010dasti, ktor\u00e1 spadla do mora, vznikli \u010fal\u0161ie bytosti, medzi nimi pod\u013ea jednej <span class=\"iwg-fachbegriff\" data-tooltip=\"Odovzd\u00e1vanie vedomost\u00ed a pr\u00edbehov cez gener\u00e1cie.\" tabindex=\"0\">trad\u00edcie<\/span> Afrodita, ako aj Er\u00ednye a Giganti.<\/p><p>T\u00fdmto \u010dinom sa Kronos stal vl\u00e1dcom svtea. Vzal si za man\u017eelku svoju sestru Rheu a splodil s \u0148ou cel\u00fd rad det\u00ed, ktor\u00e9 sa stali prvou gener\u00e1ciou olympsk\u00fdch bohov.<\/p><p>Uranos a Gaia v\u0161ak Kronosovi predpovedali, \u017ee aj on bude zosaden\u00fd vlastn\u00fdm synom. Aby unikol tomuto proroctvu, Kronos zhltol ka\u017ed\u00e9 svoje die\u0165a hne\u010f po naroden\u00ed: Hestiu, Demeter, H\u00e9ru, H\u00e1da a Poseid\u00f3na.<\/p><p>Ke\u010f sa mala narodi\u0165 \u0161ieste die\u0165a, Zeus, Rhea vymyslela lest. Tajne porodila doj\u010da na Kr\u00e9te a Kronosovi namiesto die\u0165a\u0165a podala do plienok zabalen\u00fd kame\u0148, ktor\u00fd bezvedom\u00fd zhltol. Zeus vyrastal v skrytosti.<\/p><p>Ke\u010f dospel, prin\u00fatil Kronosa, aby vyvr\u00e1til pohlten\u00e9 deti, najprv kame\u0148, potom bohov. Nasledovala ve\u013ek\u00e1 vojna medzi Titanmi pod veden\u00edm Kronosa a mlad\u0161\u00edmi bohmi pod veden\u00edm <a href=\"https:\/\/iwell-guard.com\/sk\/zeus\/\">Zeusa<\/a>, Titanomachia.<\/p><p>Skon\u010dila v\u00ed\u0165azstvom Olympanov. Porazen\u00ed Titani boli vyhnan\u00ed do Tartaru, najhlb\u0161ej oblasti podsvetia.<\/p><p>O \u010fal\u0161om osude Kronosa existuj\u00fa rozdielne podania. Pod\u013ea jednej verzie zost\u00e1va uv\u00e4znen\u00fd v Tartare.<\/p><p>Pod\u013ea inej, miernej\u0161ej trad\u00edcie sa po zmieren\u00ed st\u00e1va vl\u00e1dcom Ostrovov bla\u017een\u00fdch, kde spravodliv\u00ed mrtvi \u017eij\u00fa bla\u017een\u00fd \u017eivot. T\u00e1to druh\u00e1 l\u00ednia sa sp\u00e1ja s predstavou Zlat\u00e9ho veku, ktor\u00fd mal panova\u0165 pod jeho vl\u00e1dou.<\/p>\t\t\t\t\t\t\t\t<\/div>\n\t\t\t\t\t<\/div>\n\t\t\t\t<\/div>\n\t\t<div class=\"elementor-element elementor-element-iwgw-kronos-s4 e-flex e-con-boxed e-con e-parent\" data-id=\"iwgw-kronos-s4\" data-element_type=\"container\" data-e-type=\"container\">\n\t\t\t\t\t<div class=\"e-con-inner\">\n\t\t\t\t<div class=\"elementor-element elementor-element-iwgw-kronos-s4h elementor-widget elementor-widget-heading\" data-id=\"iwgw-kronos-s4h\" data-element_type=\"widget\" data-e-type=\"widget\" data-widget_type=\"heading.default\">\n\t\t\t\t\t<h2 class=\"elementor-heading-title elementor-size-default\">Kult a uctievanie<\/h2>\t\t\t\t<\/div>\n\t\t\t\t<div class=\"elementor-element elementor-element-iwgw-kronos-s4t elementor-widget elementor-widget-text-editor\" data-id=\"iwgw-kronos-s4t\" data-element_type=\"widget\" data-e-type=\"widget\" data-widget_type=\"text-editor.default\">\n\t\t\t\t\t\t\t\t\t<p>V porovnan\u00ed s olympsk\u00fdmi bohmi bol <span class=\"iwg-fachbegriff\" data-tooltip=\"S\u00fahrn n\u00e1bo\u017eensk\u00fdch \u00factov\u00fdch \u00fakonov vo\u010di bo\u017estvu alebo sv\u00e4tej postave.\" tabindex=\"0\">kult<\/span> Kronosa v Gr\u00e9cku men\u0161ieho rozsahu, ale existoval. Najd\u00f4le\u017eitej\u0161\u00edm sviatkom, ktor\u00fd mu bol venovan\u00fd, boli Kronie, sl\u00e1ven\u00e9 v At\u00e9nach a na in\u00fdch miestach.<\/p><p>Pripadali na dobu po zbere \u00farody a mali osobit\u00fd charakter: v tento de\u0148 bol spolo\u010densk\u00fd poriadok do\u010dasne zru\u0161en\u00fd alebo uvo\u013enen\u00fd. P\u00e1ni a otroci sa spolo\u010dne \u00fa\u010dastnili hostiny, na niektor\u00fdch miestach otrokov obsluhovali ich p\u00e1ni.<\/p><p>Z n\u00e1bo\u017eenskovedn\u00e9ho h\u013eadiska m\u00e1 toto obradn\u00e9 obr\u00e1tenie poriadku ve\u013ek\u00fd v\u00fdznam. Sviatok na obmedzen\u00fd \u010das obnovoval stav Zlat\u00e9ho veku, v ktorom pod\u013ea <span class=\"iwg-fachbegriff\" data-tooltip=\"Tradovan\u00fd pr\u00edbeh o bohoch, p\u00f4vode a poriadku svtea.\" tabindex=\"0\">m\u00fdtu<\/span> neexistovala vl\u00e1da, \u00fatrapy ani spolo\u010densk\u00e9 rozdiely.<\/p><p>Sviatok bol teda obradnou pripomienkou stratenej prvotnej doby rovnosti. R\u00edmske Saturn\u00e1lie, sviatok stoto\u017e\u0148ovan\u00e9ho s Kronosom Saturna, mali rovnak\u00fd charakter a sl\u00e1vili sa e\u0161te v\u00fdraznej\u0161ie.<\/p><p>Sv\u00e4tyne Kronosa s\u00fa dosved\u010den\u00e9 na viacer\u00fdch miestach, medzi nimi v Olympii, kde kopec nad <span class=\"iwg-fachbegriff\" data-tooltip=\"Miesto zasv\u00e4ten\u00e9 \u00facte k bo\u017estvu.\" tabindex=\"0\">sv\u00e4ty\u0148ou<\/span> nesol meno Titana. V At\u00e9nach existoval spolo\u010dn\u00fd okrsok pre Kronosa a Rheu.<\/p><p><span class=\"iwg-fachbegriff\" data-tooltip=\"S\u00fahrn n\u00e1bo\u017eensk\u00fdch \u00factov\u00fdch \u00fakonov vo\u010di bo\u017estvu alebo sv\u00e4tej postave.\" tabindex=\"0\">Kult<\/span> zostal aj tak v tieni ve\u013ek\u00fdch olympsk\u00fdch bo\u017estiev. Kronos bol <span class=\"iwg-fachbegriff\" data-tooltip=\"Bytos\u0165 uctievan\u00e1 ako bo\u017esk\u00e1 v r\u00e1mci n\u00e1bo\u017eenstva.\" tabindex=\"0\">bo\u017estvom<\/span> minulosti, zosaden\u00e9ho svetov\u00e9ho poriadku, a toto postavenie sa odr\u00e1\u017ealo v obmedzenej, ale v\u00fdznamnej kultovej pr\u00edtomnosti.<\/p>\t\t\t\t\t\t\t\t<\/div>\n\t\t\t\t\t<\/div>\n\t\t\t\t<\/div>\n\t\t<div class=\"elementor-element elementor-element-iwgw-kronos-s5 e-flex e-con-boxed e-con e-parent\" data-id=\"iwgw-kronos-s5\" data-element_type=\"container\" data-e-type=\"container\">\n\t\t\t\t\t<div class=\"e-con-inner\">\n\t\t\t\t<div class=\"elementor-element elementor-element-iwgw-kronos-s5h elementor-widget elementor-widget-heading\" data-id=\"iwgw-kronos-s5h\" data-element_type=\"widget\" data-e-type=\"widget\" data-widget_type=\"heading.default\">\n\t\t\t\t\t<h2 class=\"elementor-heading-title elementor-size-default\">Ochrann\u00e1 prax a apotropaika<\/h2>\t\t\t\t<\/div>\n\t\t\t\t<div class=\"elementor-element elementor-element-iwgw-kronos-s5t elementor-widget elementor-widget-text-editor\" data-id=\"iwgw-kronos-s5t\" data-element_type=\"widget\" data-e-type=\"widget\" data-widget_type=\"text-editor.default\">\n\t\t\t\t\t\t\t\t\t<p>Kronos nebol postavou, proti ktorej by smerovala v\u00fdrazn\u00e1 apotropaick\u00e1 prax, ako to bolo v pr\u00edpade d\u00e9monov alebo \u0161kodiacich duchov. Ako zosaden\u00fd a do Tartaru vyhnan\u00fd titan bol vyl\u00fa\u010den\u00fd z akt\u00edvneho p\u00f4sobenia vo svete. Skuto\u010dn\u00e1 ochrann\u00e1 prax proti Kronovi nie je zdokumentovan\u00e1.<\/p><p>Napriek tomu mala postava Krona v sebe stra\u0161idiv\u00fd, ohrozuj\u00faci prvok, ktor\u00fd p\u00f4sobil v predstav\u00e1ch \u010falej. Otec, ktor\u00fd po\u017eieral vlastn\u00e9 deti, bol obrazom hr\u00f4zy.<\/p><p>V neskor\u0161om, predov\u0161etk\u00fdm r\u00edmskom a neskoroantickom v\u00fdklade, v ktorom bol Kronos identifikovan\u00fd s Chronosom, \u010dasom, z\u00edskala t\u00e1to str\u00e1nka na v\u00e1he: \u010das, ktor\u00fd v\u0161etko vytv\u00e1ra a z\u00e1rove\u0148 v\u0161etko op\u00e4\u0165 ni\u010d\u00ed, sa stal symbolom pom\u00ed\u0148avosti. Tento v\u00fdklad v\u0161ak bol filozofick\u00fd a liter\u00e1rny, nie kultov\u00fd.<\/p><p>V oblasti ritu\u00e1lov je sk\u00f4r vidie\u0165 opak obrann\u00e9ho postoja. Sl\u00e1vnos\u0165 Kroni\u00ed nemala za cie\u013e titana vzdiali\u0165, ale na kr\u00e1tky \u010das znova privola\u0165 jeho dobu, Zlat\u00fd vek. Sviato\u010dn\u00e9 uvo\u013enenie poriadku bolo kontrolovan\u00fdm pribl\u00ed\u017een\u00edm k sf\u00e9re Krona.<\/p><p>Kde sa apotropaick\u00e9 predstavy sp\u00e1jali so Saturnom, napr\u00edklad v neskoroantickej astrol\u00f3gii, kde plan\u00e9ta Saturn platila za ne\u0161\u0165astie prin\u00e1\u0161aj\u00facu, ide o v\u00fdvoj, ktor\u00fd \u010faleko presahuje gr\u00e9ckeho Krona a patr\u00ed do r\u00edmsko-orient\u00e1lneho v\u00fdkladu hvezd.<\/p>\t\t\t\t\t\t\t\t<\/div>\n\t\t\t\t\t<\/div>\n\t\t\t\t<\/div>\n\t\t<div class=\"elementor-element elementor-element-iwgw-kronos-s6 e-flex e-con-boxed e-con e-parent\" data-id=\"iwgw-kronos-s6\" data-element_type=\"container\" data-e-type=\"container\">\n\t\t\t\t\t<div class=\"e-con-inner\">\n\t\t\t\t<div class=\"elementor-element elementor-element-iwgw-kronos-s6h elementor-widget elementor-widget-heading\" data-id=\"iwgw-kronos-s6h\" data-element_type=\"widget\" data-e-type=\"widget\" data-widget_type=\"heading.default\">\n\t\t\t\t\t<h2 class=\"elementor-heading-title elementor-size-default\">Paralely v in\u00fdch kult\u00farach<\/h2>\t\t\t\t<\/div>\n\t\t\t\t<div class=\"elementor-element elementor-element-iwgw-kronos-s6t elementor-widget elementor-widget-text-editor\" data-id=\"iwgw-kronos-s6t\" data-element_type=\"widget\" data-e-type=\"widget\" data-widget_type=\"text-editor.default\">\n\t\t\t\t\t\t\t\t\t<p><span class=\"iwg-fachbegriff\" data-tooltip=\"Tradovan\u00fd pr\u00edbeh o bohoch, po\u010diatkoch a poriadku sveta.\" tabindex=\"0\">M\u00fdtus<\/span> o p\u00e1de nebesk\u00e9ho otca a postupnosti vl\u00e1dcov svetov m\u00e1 \u00fazke paralely v kult\u00farach star\u00e9ho Orientu a Malej \u00c1zie. Porovn\u00e1vac\u00ed v\u00fdskum tu od dvadsiateho storo\u010dia odhalil rozsiahle s\u00favislosti.<\/p><p>Najv\u00fdraznej\u0161iu zhodu pon\u00faka hetitsk\u00fd <span class=\"iwg-fachbegriff\" data-tooltip=\"Tradovan\u00fd pr\u00edbeh o bohoch, po\u010diatkoch a poriadku sveta.\" tabindex=\"0\">m\u00fdtus<\/span> o kr\u00e1\u013eovstve na nebi, zachovan\u00fd na klinopisn\u00fdch tabu\u013ek\u00e1ch z Malej \u00c1zie. Boh Kumarbi tam vykastruje svojho predchodcu Anua tak, \u017ee mu odhryzne pohlavie, a s\u00e1m je nesk\u00f4r zosaden\u00fd nasleduj\u00facou gener\u00e1ciou bohov.<\/p><p>Zhoda s pr\u00edbehom o Kronovi v postupnosti vl\u00e1dnucich gener\u00e1ci\u00ed a v <span class=\"iwg-fachbegriff\" data-tooltip=\"Opakuj\u00faci sa obsahov\u00fd prvok v umen\u00ed alebo rozpr\u00e1van\u00ed.\" tabindex=\"0\">mot\u00edve<\/span> kastr\u00e1cie sa pova\u017euje za tak \u00fazku, \u017ee sa v\u0161eobecne predpoklad\u00e1 historick\u00e1 s\u00favislos\u0165, prevzatie alebo spolo\u010dn\u00e9 v\u00fdchodn\u00e9 dedi\u010dstvo.<\/p><p>Aj v babylonskej stvorite\u013eskej po\u00e9zii existuje postupnos\u0165 gener\u00e1ci\u00ed bohov s n\u00e1silnou zmenou moci. V severskej <span class=\"iwg-fachbegriff\" data-tooltip=\"S\u00fahrn tradovan\u00fdch pr\u00edbehov o bohoch danej kult\u00fary.\" tabindex=\"0\">mytol\u00f3gii<\/span> stoj\u00ed konflikt medzi prvotn\u00fdmi obrami a mlad\u0161\u00edmi bohmi vo vzdialenej tematickej bl\u00edzkosti.<\/p><p><span class=\"iwg-fachbegriff\" data-tooltip=\"Opakuj\u00faci sa obsahov\u00fd prvok v umen\u00ed alebo rozpr\u00e1van\u00ed.\" tabindex=\"0\">Mot\u00edv<\/span> Zlat\u00e9ho veku, bezstarostnej praveky pod vl\u00e1dou dobrotiv\u00e9ho panovn\u00edka, m\u00e1 naopak obdoby v mnoh\u00fdch kult\u00farach, od staroorient\u00e1lnej predstavy rajsk\u00e9ho prvopo\u010diatku a\u017e po indick\u00e9 predstavy o vekoch.<\/p><p>Kronos tak sp\u00e1ja dva ve\u013emi roz\u0161\u00edren\u00e9 motivick\u00e9 okruhy: n\u00e1siln\u00e9 n\u00e1stupnictvo bohov a straten\u00fa prvotn\u00fa dobu bla\u017eenosti. V\u00fdskum vid\u00ed v gr\u00e9ckej teog\u00f3nii samostatn\u00e9 spracovanie l\u00e1tok, ktor\u00e9 vo ve\u013ekej miere poch\u00e1dzaj\u00fa z Predn\u00e9ho Orientu.<\/p>\t\t\t\t\t\t\t\t<\/div>\n\t\t\t\t\t<\/div>\n\t\t\t\t<\/div>\n\t\t<div class=\"elementor-element elementor-element-iwgw-kronos-s7 e-flex e-con-boxed e-con e-parent\" data-id=\"iwgw-kronos-s7\" data-element_type=\"container\" data-e-type=\"container\">\n\t\t\t\t\t<div class=\"e-con-inner\">\n\t\t\t\t<div class=\"elementor-element elementor-element-iwgw-kronos-s7h elementor-widget elementor-widget-heading\" data-id=\"iwgw-kronos-s7h\" data-element_type=\"widget\" data-e-type=\"widget\" data-widget_type=\"heading.default\">\n\t\t\t\t\t<h2 class=\"elementor-heading-title elementor-size-default\">S\u00fa\u010dasn\u00e1 recepcia a v\u00fdskum<\/h2>\t\t\t\t<\/div>\n\t\t\t\t<div class=\"elementor-element elementor-element-iwgw-kronos-s7t elementor-widget elementor-widget-text-editor\" data-id=\"iwgw-kronos-s7t\" data-element_type=\"widget\" data-e-type=\"widget\" data-widget_type=\"text-editor.default\">\n\t\t\t\t\t\t\t\t\t<p>Kronos je dodnes pr\u00edtomn\u00fd predov\u0161etk\u00fdm prostredn\u00edctvom dvoch l\u00edni\u00ed p\u00f4sobenia. Prvou je jeho identifik\u00e1cia s \u010dasom. V\u010faka <span class=\"iwg-fachbegriff\" data-tooltip=\"Epocha gr\u00e9ckej a r\u00edmskej kult\u00fary, pribli\u017ene 800 pred Kr. a\u017e 600 po Kr.\" tabindex=\"0\">antickej<\/span> spekul\u00e1cii, stredovekej aleg\u00f3rii a novodob\u00e9mu umeniu vznikla postava star\u00e9ho Otca \u010casu s kosou a pres\u00fdpac\u00edmi hodinami, splynutie Krona, Chronosa a Saturna.<\/p><p>Druhou l\u00edniou je obraz titana po\u017eieraj\u00faceho deti, ktor\u00fd v novodobom v\u00fdtvarnom umen\u00ed dostal p\u00f4sobiv\u00e9 podoby a stal sa pevn\u00fdm <span class=\"iwg-fachbegriff\" data-tooltip=\"Opakuj\u00faci sa obsahov\u00fd prvok v umen\u00ed alebo rozpr\u00e1van\u00ed.\" tabindex=\"0\">mot\u00edvom<\/span> eur\u00f3pskych dej\u00edn umenia.<\/p><p>V popul\u00e1rnej kult\u00fare sa Kronos objavuje \u010dasto, v\u00e4\u010d\u0161inou v \u00falohe premocn\u00e9ho, ohrozuj\u00faceho prvotn\u00e9ho boha, \u010dasto zliat\u00e9ho s rysmi in\u00fdch titanov alebo zamie\u0148an\u00e9ho s menom Chronos. Aj pojem saturn\u00e1lie sa ako ozna\u010denie rozviazanej sl\u00e1vnosti dostal do be\u017en\u00e9ho jazyka.<\/p><p>Vedeck\u00fd v\u00fdskum sa Kronovi venuje na viacer\u00fdch \u00farovniach. Dlho v centre pozornosti stoj\u00ed ot\u00e1zka orient\u00e1lnych koren\u00ed mytol\u00f3gie n\u00e1stupnictva.<\/p><p>Martin Litchfield West a in\u00ed vypracovali s\u00favislosti s hetitskou a babylonskou <span class=\"iwg-fachbegriff\" data-tooltip=\"Odovzd\u00e1vanie vedomost\u00ed a pr\u00edbehov cez gener\u00e1cie.\" tabindex=\"0\">trad\u00edciou<\/span>. \u010ealej stoj\u00ed v\u00fdskum Kronovho kultu a sl\u00e1vnosti Kroni\u00ed, ktor\u00e1 ako pr\u00edklad ritu\u00e1lneho obr\u00e1tenia poriadku vzbudila ve\u013ek\u00fd z\u00e1ujem.<\/p><p>Walter Burkert zaradil Krona do r\u00e1mca gr\u00e9ckych n\u00e1bo\u017eensk\u00fdch dej\u00edn, Fritz Graf do v\u00fdskumu m\u00fdtov, Timothy Gantz zostavil pramene. Kronos zost\u00e1va k\u013e\u00fa\u010dov\u00fdm pr\u00edkladom toho, ako Gr\u00e9ci uva\u017eovali o p\u00f4vode sveta, o vzniku poriadku a o stratenej lep\u0161ej dobe.<\/p>\t\t\t\t\t\t\t\t<\/div>\n\t\t\t\t\t<\/div>\n\t\t\t\t<\/div>\n\t\t<div class=\"elementor-element elementor-element-iwgw-kronos-lit e-flex e-con-boxed e-con e-parent\" data-id=\"iwgw-kronos-lit\" data-element_type=\"container\" data-e-type=\"container\">\n\t\t\t\t\t<div class=\"e-con-inner\">\n\t\t\t\t<div class=\"elementor-element elementor-element-iwgw-kronos-lith elementor-widget elementor-widget-heading\" data-id=\"iwgw-kronos-lith\" data-element_type=\"widget\" data-e-type=\"widget\" data-widget_type=\"heading.default\">\n\t\t\t\t\t<h2 class=\"elementor-heading-title elementor-size-default\">Literat\u00fara (v\u00fdber)<\/h2>\t\t\t\t<\/div>\n\t\t\t\t<div class=\"elementor-element elementor-element-iwgw-kronos-litt elementor-widget elementor-widget-text-editor\" data-id=\"iwgw-kronos-litt\" data-element_type=\"widget\" data-e-type=\"widget\" data-widget_type=\"text-editor.default\">\n\t\t\t\t\t\t\t\t\t<ul><li>Martin Litchfield West: <em>The East Face of Helicon. West Asiatic Elements in Greek Poetry and Myth<\/em> (1997)<\/li><li>Walter Burkert: <em>Griechische Religion der archaischen und klassischen Epoche<\/em> (1977)<\/li><li>Martin Persson Nilsson: <em>Geschichte der griechischen Religion<\/em> (1941\u20131950)<\/li><li>Timothy Gantz: <em>Early Greek Myth. A Guide to Literary and Artistic Sources<\/em> (1993)<\/li><li>Fritz Graf: <em>Griechische <span class=\"iwg-fachbegriff\" data-tooltip=\"S\u00fahrn tradovan\u00fdch pr\u00edbehov o bohoch danej kult\u00fary.\" tabindex=\"0\">mytol\u00f3gia<\/span>. Eine Einf\u00fchrung<\/em> (1985)<\/li><li>Walter Burkert: <em>Die orientalisierende Epoche in der griechischen Religion und Literatur<\/em> (1984)<\/li><\/ul>\t\t\t\t\t\t\t\t<\/div>\n\t\t\t\t\t<\/div>\n\t\t\t\t<\/div>\n\t\t<div class=\"elementor-element elementor-element-iwgw-kronos-kwd e-flex e-con-boxed e-con e-parent\" data-id=\"iwgw-kronos-kwd\" data-element_type=\"container\" data-e-type=\"container\">\n\t\t\t\t\t<div class=\"e-con-inner\">\n\t\t\t\t<div class=\"elementor-element elementor-element-iwgw-kronos-kwdt elementor-widget elementor-widget-text-editor\" data-id=\"iwgw-kronos-kwdt\" data-element_type=\"widget\" data-e-type=\"widget\" data-widget_type=\"text-editor.default\">\n\t\t\t\t\t\t\t\t\t<p><em>S\u00favisiace k\u013e\u00fa\u010dov\u00e9 pojmy: Kronos Titan Zeus Rhea Uranos Titanomachia Zlat\u00fd vek Tartaros.<\/em><\/p>\t\t\t\t\t\t\t\t<\/div>\n\t\t\t\t\t<\/div>\n\t\t\t\t<\/div>\n\t\t<div class=\"elementor-element elementor-element-iwgw-kronos-cc e-flex e-con-boxed e-con e-parent\" data-id=\"iwgw-kronos-cc\" data-element_type=\"container\" data-e-type=\"container\" id=\"iwg-cc-kronos\">\n\t\t\t\t\t<div class=\"e-con-inner\">\n\t\t<div class=\"elementor-element elementor-element-iwgw-kronos-ccinner e-flex e-con-boxed e-con e-parent\" data-id=\"iwgw-kronos-ccinner\" data-element_type=\"container\" data-e-type=\"container\" data-settings=\"{&quot;background_background&quot;:&quot;classic&quot;}\">\n\t\t\t\t\t<div class=\"e-con-inner\">\n\t\t\t\t<div class=\"elementor-element elementor-element-iwgw-kronos-cch elementor-widget elementor-widget-heading\" data-id=\"iwgw-kronos-cch\" data-element_type=\"widget\" data-e-type=\"widget\" data-widget_type=\"heading.default\">\n\t\t\t\t\t<h2 class=\"elementor-heading-title elementor-size-default\">iWell Guard a ochrann\u00e9 trad\u00edcie<\/h2>\t\t\t\t<\/div>\n\t\t\t\t<div class=\"elementor-element elementor-element-iwgw-kronos-cct elementor-widget elementor-widget-text-editor\" data-id=\"iwgw-kronos-cct\" data-element_type=\"widget\" data-e-type=\"widget\" data-widget_type=\"text-editor.default\">\n\t\t\t\t\t\t\t\t\t<div data-nosnippet=\"true\"><p>iWell Guard nadv\u00e4zuje na kult\u00farno-historick\u00fa trad\u00edciu prenosn\u00fdch ochrann\u00fdch predmetov, v trad\u00edcii <a href=\"https:\/\/iwell-guard.com\/sk\/grecko\/\">Gr\u00e9cka<\/a> a mnoh\u00fdch in\u00fdch kult\u00far po celom svete. 41 vrstiev, r\u00fddze zlato, platina, striebro, vyroben\u00e9 v Nemecku. 30-d\u0148ov\u00e9 pr\u00e1vo na vr\u00e1tenie.<\/p><\/div>\t\t\t\t\t\t\t\t<\/div>\n\t\t\t\t<div class=\"elementor-element elementor-element-iwgw-kronos-ccb iwg-cc-button iwg-cc-cta-2026-05-13 elementor-widget elementor-widget-jet-button\" data-id=\"iwgw-kronos-ccb\" data-element_type=\"widget\" data-e-type=\"widget\" data-widget_type=\"jet-button.default\">\n\t\t\t\t<div class=\"elementor-widget-container\">\n\t\t\t\t\t<div class=\"elementor-jet-button jet-elements\"><div class=\"jet-button__container\"><a class=\"jet-button__instance jet-button__instance--icon-left hover-effect-1\" href=\"\/ueber-iwell-guard\/?utm_source=iwell-guard.com&amp;utm_medium=info-box&amp;utm_campaign=wesen-tradition\"><div class=\"jet-button__plane jet-button__plane-normal\"><\/div><div class=\"jet-button__plane jet-button__plane-hover\"><\/div><div class=\"jet-button__state jet-button__state-normal\"><span class=\"jet-button__label\">Viac o iWell Guard<\/span><\/div><div class=\"jet-button__state jet-button__state-hover\"><span class=\"jet-button__label\">Viac o iWell Guard<\/span><\/div><\/a><\/div><\/div><style>.elementor-element.elementor-element-iwgw-kronos-ccb .jet-button__instance{width:320px;height:56px;}.elementor-element.elementor-element-iwgw-kronos-ccb .jet-button__state-normal .jet-button__label{text-align:center;margin:0px 0px 0px 0px;color:#1a1b20;font-family:Montserrat,sans-serif;font-size:13px;font-weight:400;letter-spacing:4px;line-height:1.714em;text-transform:uppercase;}.elementor-element.elementor-element-iwgw-kronos-ccb .jet-button__state-hover .jet-button__label{text-align:center;margin:0px 0px 0px 0px;color:#FECC76;font-family:Montserrat,sans-serif;font-size:13px;font-weight:400;letter-spacing:4px;line-height:1.714em;text-transform:uppercase;}.elementor-element.elementor-element-iwgw-kronos-ccb .jet-button__plane-normal{background-color:#FECC76;border-style:solid;border-color:#C99540;border-width:2px 2px 2px 2px;}.elementor-element.elementor-element-iwgw-kronos-ccb .jet-button__plane-hover{background-color:rgba(0,0,0,0.55);border-style:solid;border-color:#FECC76;border-width:2px 2px 2px 2px;}<\/style>\t\t\t\t<\/div>\n\t\t\t\t<\/div>\n\t\t\t\t<div class=\"elementor-element elementor-element-iwgw-kronos-ccd elementor-widget elementor-widget-text-editor\" data-id=\"iwgw-kronos-ccd\" data-element_type=\"widget\" data-e-type=\"widget\" data-widget_type=\"text-editor.default\">\n\t\t\t\t\t\t\t\t\t<div data-nosnippet=\"true\"><p style=\"text-align:center;font-size:13px;opacity:0.7;margin-top:14px\" data-nosnippet=\"true\">Osobn\u00e9 sk\u00fasenosti sa m\u00f4\u017eu l\u00ed\u0161i\u0165. Nie je to zdravotn\u00edcka pom\u00f4cka. \u017diadny pr\u00eds\u013eub lie\u010denia.<\/p><\/div>\t\t\t\t\t\t\t\t<\/div>\n\t\t\t\t\t<\/div>\n\t\t\t\t<\/div>\n\t\t\t\t\t<\/div>\n\t\t\t\t<\/div>\n\t\t<div class=\"elementor-element elementor-element-iwgw-kronos-disc e-flex e-con-boxed e-con e-parent\" data-id=\"iwgw-kronos-disc\" data-element_type=\"container\" data-e-type=\"container\">\n\t\t\t\t\t<div class=\"e-con-inner\">\n\t\t\t\t<div class=\"elementor-element elementor-element-iwgw-kronos-discw elementor-widget elementor-widget-html\" data-id=\"iwgw-kronos-discw\" data-element_type=\"widget\" data-e-type=\"widget\" data-widget_type=\"html.default\">\n\t\t\t\t\t<footer data-nosnippet=\"true\" class=\"iwg-disclaimer-block\"><p data-nosnippet=\"true\">iWell Guard <strong>nie je zdravotn\u00edcka pom\u00f4cka<\/strong> a nenahr\u00e1dza lek\u00e1rske ani psychoterapeutick\u00e9 o\u0161etrenie. Religionistick\u00fd obsah predstavuje kult\u00farno-historick\u00e9 zaradenie, nie odpor\u00fa\u010danie duchovnej praxe.<\/p><\/footer>\t\t\t\t<\/div>\n\t\t\t\t\t<\/div>\n\t\t\t\t<\/div>\n\t\t\t\t<\/div>\n\t\t","protected":false},"excerpt":{"rendered":"","protected":false},"author":3,"featured_media":3374,"parent":0,"menu_order":0,"comment_status":"closed","ping_status":"closed","template":"elementor_header_footer","meta":{"_yoast_wpseo_focuskw":"Kronos Titan","_yoast_wpseo_title":"Kronos \u2013 Titan a otec Dia","_yoast_wpseo_metadesc":"Kronos, Titan gr\u00e9ckej mytol\u00f3gie, otec Dia a vl\u00e1dca Zlat\u00e9ho veku.","_yoast_wpseo_meta-robots-noindex":"","_yoast_wpseo_canonical":"","_angie_page":false,"gefaehrdungsstufe":"","wesen_kultur":"","wesen_klasse":"","footnotes":""},"categories":[],"class_list":["post-158024","page","type-page","status-publish","has-post-thumbnail","hentry"],"yoast_head":"<!-- This site is optimized with the Yoast SEO Premium plugin v27.7 (Yoast SEO v28.3) - https:\/\/yoast.com\/product\/yoast-seo-premium-wordpress\/ -->\n<title>Kronos \u2013 Titan a otec Dia<\/title>\n<meta name=\"description\" content=\"Kronos, Titan gr\u00e9ckej mytol\u00f3gie, otec Dia a vl\u00e1dca Zlat\u00e9ho veku.\" \/>\n<meta name=\"robots\" content=\"index, follow, max-snippet:-1, max-image-preview:large, max-video-preview:-1\" \/>\n<link rel=\"canonical\" href=\"https:\/\/iwell-guard.com\/sk\/kronos-titan-vladca-zlateho-veku\/\" \/>\n<meta property=\"og:locale\" content=\"sk_SK\" \/>\n<meta property=\"og:type\" content=\"article\" \/>\n<meta property=\"og:title\" content=\"Kronos \u2013 Titan a vl\u00e1dca Zlat\u00e9ho veku\" \/>\n<meta property=\"og:description\" content=\"Kronos, Titan gr\u00e9ckej mytol\u00f3gie, otec Dia a vl\u00e1dca Zlat\u00e9ho veku.\" \/>\n<meta property=\"og:url\" content=\"https:\/\/iwell-guard.com\/sk\/kronos-titan-vladca-zlateho-veku\/\" \/>\n<meta property=\"og:site_name\" content=\"iWell Guard\" \/>\n<meta property=\"article:modified_time\" content=\"2026-09-04T22:48:47+00:00\" \/>\n<meta property=\"og:image\" content=\"https:\/\/iwell-guard.com\/wp-content\/uploads\/2026\/05\/goetter_griechenland_kronos.webp\" \/>\n\t<meta property=\"og:image:width\" content=\"1024\" \/>\n\t<meta property=\"og:image:height\" content=\"1536\" \/>\n\t<meta property=\"og:image:type\" content=\"image\/webp\" \/>\n<meta name=\"twitter:card\" content=\"summary_large_image\" \/>\n<script type=\"application\/ld+json\" class=\"yoast-schema-graph\">{\"@context\":\"https:\\\/\\\/schema.org\",\"@graph\":[{\"@type\":\"WebPage\",\"@id\":\"https:\\\/\\\/iwell-guard.com\\\/sk\\\/kronos-titan-vladca-zlateho-veku\\\/\",\"url\":\"https:\\\/\\\/iwell-guard.com\\\/sk\\\/kronos-titan-vladca-zlateho-veku\\\/\",\"name\":\"Kronos \u2013 Titan a otec Dia\",\"isPartOf\":{\"@id\":\"https:\\\/\\\/iwell-guard.com\\\/sk\\\/#website\"},\"primaryImageOfPage\":{\"@id\":\"https:\\\/\\\/iwell-guard.com\\\/sk\\\/kronos-titan-vladca-zlateho-veku\\\/#primaryimage\"},\"image\":{\"@id\":\"https:\\\/\\\/iwell-guard.com\\\/sk\\\/kronos-titan-vladca-zlateho-veku\\\/#primaryimage\"},\"thumbnailUrl\":\"https:\\\/\\\/iwell-guard.com\\\/wp-content\\\/uploads\\\/2026\\\/05\\\/goetter_griechenland_kronos.webp\",\"datePublished\":\"2026-09-04T22:20:45+00:00\",\"dateModified\":\"2026-09-04T22:48:47+00:00\",\"description\":\"Kronos, Titan gr\u00e9ckej mytol\u00f3gie, otec Dia a vl\u00e1dca Zlat\u00e9ho veku.\",\"breadcrumb\":{\"@id\":\"https:\\\/\\\/iwell-guard.com\\\/sk\\\/kronos-titan-vladca-zlateho-veku\\\/#breadcrumb\"},\"inLanguage\":\"sk-SK\",\"potentialAction\":[{\"@type\":\"ReadAction\",\"target\":[\"https:\\\/\\\/iwell-guard.com\\\/sk\\\/kronos-titan-vladca-zlateho-veku\\\/\"]}]},{\"@type\":\"ImageObject\",\"inLanguage\":\"sk-SK\",\"@id\":\"https:\\\/\\\/iwell-guard.com\\\/sk\\\/kronos-titan-vladca-zlateho-veku\\\/#primaryimage\",\"url\":\"https:\\\/\\\/iwell-guard.com\\\/wp-content\\\/uploads\\\/2026\\\/05\\\/goetter_griechenland_kronos.webp\",\"contentUrl\":\"https:\\\/\\\/iwell-guard.com\\\/wp-content\\\/uploads\\\/2026\\\/05\\\/goetter_griechenland_kronos.webp\",\"width\":1024,\"height\":1536,\"caption\":\"Bohovia z gr\u00e9ckej trad\u00edcie.\"},{\"@type\":\"BreadcrumbList\",\"@id\":\"https:\\\/\\\/iwell-guard.com\\\/sk\\\/kronos-titan-vladca-zlateho-veku\\\/#breadcrumb\",\"itemListElement\":[{\"@type\":\"ListItem\",\"position\":1,\"name\":\"Start\",\"item\":\"https:\\\/\\\/iwell-guard.com\\\/sk\\\/?page_id=157572\"},{\"@type\":\"ListItem\",\"position\":2,\"name\":\"Kronos \u2013 Titan a vl\u00e1dca Zlat\u00e9ho veku\"}]},{\"@type\":\"WebSite\",\"@id\":\"https:\\\/\\\/iwell-guard.com\\\/sk\\\/#website\",\"url\":\"https:\\\/\\\/iwell-guard.com\\\/sk\\\/\",\"name\":\"iWell Guard\",\"description\":\"Schutz vor dunklen Einfl\u00fcssen\",\"publisher\":{\"@id\":\"https:\\\/\\\/iwell-guard.com\\\/sk\\\/#organization\"},\"potentialAction\":[{\"@type\":\"SearchAction\",\"target\":{\"@type\":\"EntryPoint\",\"urlTemplate\":\"https:\\\/\\\/iwell-guard.com\\\/sk\\\/?s={search_term_string}\"},\"query-input\":{\"@type\":\"PropertyValueSpecification\",\"valueRequired\":true,\"valueName\":\"search_term_string\"}}],\"inLanguage\":\"sk-SK\"},{\"@type\":\"Organization\",\"@id\":\"https:\\\/\\\/iwell-guard.com\\\/sk\\\/#organization\",\"name\":\"Ittermann electronic GmbH\",\"url\":\"https:\\\/\\\/iwell-guard.com\\\/sk\\\/\",\"logo\":{\"@type\":\"ImageObject\",\"inLanguage\":\"sk-SK\",\"@id\":\"https:\\\/\\\/iwell-guard.com\\\/sk\\\/#\\\/schema\\\/logo\\\/image\\\/\",\"url\":\"https:\\\/\\\/iwell-guard.com\\\/wp-content\\\/uploads\\\/2026\\\/05\\\/Ittermann-Logo-1182x237-1.png\",\"contentUrl\":\"https:\\\/\\\/iwell-guard.com\\\/wp-content\\\/uploads\\\/2026\\\/05\\\/Ittermann-Logo-1182x237-1.png\",\"width\":1182,\"height\":237,\"caption\":\"Ittermann electronic GmbH\"},\"image\":{\"@id\":\"https:\\\/\\\/iwell-guard.com\\\/sk\\\/#\\\/schema\\\/logo\\\/image\\\/\"},\"sameAs\":[\"https:\\\/\\\/pantip.com\\\/profile\\\/9367242\",\"https:\\\/\\\/micro.blog\\\/iwellguard\",\"https:\\\/\\\/www.diggerslist.com\\\/iwellguard\\\/about\",\"https:\\\/\\\/skitterphoto.com\\\/photographers\\\/2870314\\\/iwell-guard\",\"https:\\\/\\\/iwellguard.wordpress.com\\\/2026\\\/06\\\/06\\\/iwell-guard\\\/\",\"https:\\\/\\\/hub.docker.com\\\/u\\\/iwellguard\",\"https:\\\/\\\/www.pinterest.com\\\/iwellguard\\\/\",\"https:\\\/\\\/bit.ly\\\/m\\\/iwellguard\",\"https:\\\/\\\/entre-vos-mains.alsace.eu\\\/profiles\\\/iwellguard\\\/activity\",\"https:\\\/\\\/gravatar.com\\\/reallybeded8fd34\",\"https:\\\/\\\/naijamatta.com\\\/iwellguard\",\"https:\\\/\\\/www.goodreads.com\\\/iwellguard\",\"https:\\\/\\\/profile.hatena.ne.jp\\\/iwellguard\\\/\",\"https:\\\/\\\/experiment.com\\\/users\\\/iwellguard\",\"https:\\\/\\\/wakelet.com\\\/@iWellGuard82270\",\"https:\\\/\\\/www.chordie.com\\\/forum\\\/profile.php?id=2555664\",\"https:\\\/\\\/www.instapaper.com\\\/p\\\/17757966\",\"https:\\\/\\\/www.mapleprimes.com\\\/users\\\/iwellguard\",\"https:\\\/\\\/businesslistingplus.com\\\/profile\\\/iwell-guard\\\/\",\"https:\\\/\\\/telegra.ph\\\/iWell-Guard-06-06\",\"https:\\\/\\\/pbase.com\\\/iwellguard\\\/iwellguard\",\"https:\\\/\\\/b.hatena.ne.jp\\\/iwellguard\\\/20260607#bookmark-4788405196491818882\",\"https:\\\/\\\/fliphtml5.com\\\/home\\\/iwellguard\",\"https:\\\/\\\/anyflip.com\\\/homepage\\\/cmiwl#About\",\"https:\\\/\\\/transfur.com\\\/Users\\\/iwellguard\",\"http:\\\/\\\/delphi.larsbo.org\\\/user\\\/iwellguard\",\"https:\\\/\\\/jobs.lajobsportal.org\\\/profiles\\\/8380803-iwell-guard\",\"https:\\\/\\\/md.chaosdorf.de\\\/s\\\/jfbe5SBdJD\",\"https:\\\/\\\/www.lingvolive.com\\\/en-us\\\/profile\\\/9ecaeaca-ce11-4e51-9e71-01d55e2bff36\\\/translations\",\"https:\\\/\\\/www.fitday.com\\\/fitness\\\/forums\\\/members\\\/iwellguard.html\",\"https:\\\/\\\/www.mymeetbook.com\\\/iwellguard\",\"https:\\\/\\\/pxhere.com\\\/en\\\/photographer-me\\\/5040798\",\"https:\\\/\\\/disqus.com\\\/by\\\/iwellguard\\\/about\\\/\",\"https:\\\/\\\/pastelink.net\\\/hjwciqwq\",\"https:\\\/\\\/pubhtml5.com\\\/homepage\\\/scjhn\\\/\",\"https:\\\/\\\/www.bitchute.com\\\/channel\\\/2O2eOKzNqujT\",\"https:\\\/\\\/audiomack.com\\\/iwellguard\"]}]}<\/script>\n<!-- \/ Yoast SEO Premium plugin. -->","yoast_head_json":{"title":"Kronos \u2013 Titan a otec Dia","description":"Kronos, Titan gr\u00e9ckej mytol\u00f3gie, otec Dia a vl\u00e1dca Zlat\u00e9ho veku.","robots":{"index":"index","follow":"follow","max-snippet":"max-snippet:-1","max-image-preview":"max-image-preview:large","max-video-preview":"max-video-preview:-1"},"canonical":"https:\/\/iwell-guard.com\/sk\/kronos-titan-vladca-zlateho-veku\/","og_locale":"sk_SK","og_type":"article","og_title":"Kronos \u2013 Titan a vl\u00e1dca Zlat\u00e9ho veku","og_description":"Kronos, Titan gr\u00e9ckej mytol\u00f3gie, otec Dia a vl\u00e1dca Zlat\u00e9ho veku.","og_url":"https:\/\/iwell-guard.com\/sk\/kronos-titan-vladca-zlateho-veku\/","og_site_name":"iWell Guard","article_modified_time":"2026-09-04T22:48:47+00:00","og_image":[{"width":1024,"height":1536,"url":"https:\/\/iwell-guard.com\/wp-content\/uploads\/2026\/05\/goetter_griechenland_kronos.webp","type":"image\/webp"}],"twitter_card":"summary_large_image","schema":{"@context":"https:\/\/schema.org","@graph":[{"@type":"WebPage","@id":"https:\/\/iwell-guard.com\/sk\/kronos-titan-vladca-zlateho-veku\/","url":"https:\/\/iwell-guard.com\/sk\/kronos-titan-vladca-zlateho-veku\/","name":"Kronos \u2013 Titan a otec Dia","isPartOf":{"@id":"https:\/\/iwell-guard.com\/sk\/#website"},"primaryImageOfPage":{"@id":"https:\/\/iwell-guard.com\/sk\/kronos-titan-vladca-zlateho-veku\/#primaryimage"},"image":{"@id":"https:\/\/iwell-guard.com\/sk\/kronos-titan-vladca-zlateho-veku\/#primaryimage"},"thumbnailUrl":"https:\/\/iwell-guard.com\/wp-content\/uploads\/2026\/05\/goetter_griechenland_kronos.webp","datePublished":"2026-09-04T22:20:45+00:00","dateModified":"2026-09-04T22:48:47+00:00","description":"Kronos, Titan gr\u00e9ckej mytol\u00f3gie, otec Dia a vl\u00e1dca Zlat\u00e9ho veku.","breadcrumb":{"@id":"https:\/\/iwell-guard.com\/sk\/kronos-titan-vladca-zlateho-veku\/#breadcrumb"},"inLanguage":"sk-SK","potentialAction":[{"@type":"ReadAction","target":["https:\/\/iwell-guard.com\/sk\/kronos-titan-vladca-zlateho-veku\/"]}]},{"@type":"ImageObject","inLanguage":"sk-SK","@id":"https:\/\/iwell-guard.com\/sk\/kronos-titan-vladca-zlateho-veku\/#primaryimage","url":"https:\/\/iwell-guard.com\/wp-content\/uploads\/2026\/05\/goetter_griechenland_kronos.webp","contentUrl":"https:\/\/iwell-guard.com\/wp-content\/uploads\/2026\/05\/goetter_griechenland_kronos.webp","width":1024,"height":1536,"caption":"Bohovia z gr\u00e9ckej trad\u00edcie."},{"@type":"BreadcrumbList","@id":"https:\/\/iwell-guard.com\/sk\/kronos-titan-vladca-zlateho-veku\/#breadcrumb","itemListElement":[{"@type":"ListItem","position":1,"name":"Start","item":"https:\/\/iwell-guard.com\/sk\/?page_id=157572"},{"@type":"ListItem","position":2,"name":"Kronos \u2013 Titan a vl\u00e1dca Zlat\u00e9ho veku"}]},{"@type":"WebSite","@id":"https:\/\/iwell-guard.com\/sk\/#website","url":"https:\/\/iwell-guard.com\/sk\/","name":"iWell Guard","description":"Schutz vor dunklen Einfl\u00fcssen","publisher":{"@id":"https:\/\/iwell-guard.com\/sk\/#organization"},"potentialAction":[{"@type":"SearchAction","target":{"@type":"EntryPoint","urlTemplate":"https:\/\/iwell-guard.com\/sk\/?s={search_term_string}"},"query-input":{"@type":"PropertyValueSpecification","valueRequired":true,"valueName":"search_term_string"}}],"inLanguage":"sk-SK"},{"@type":"Organization","@id":"https:\/\/iwell-guard.com\/sk\/#organization","name":"Ittermann electronic GmbH","url":"https:\/\/iwell-guard.com\/sk\/","logo":{"@type":"ImageObject","inLanguage":"sk-SK","@id":"https:\/\/iwell-guard.com\/sk\/#\/schema\/logo\/image\/","url":"https:\/\/iwell-guard.com\/wp-content\/uploads\/2026\/05\/Ittermann-Logo-1182x237-1.png","contentUrl":"https:\/\/iwell-guard.com\/wp-content\/uploads\/2026\/05\/Ittermann-Logo-1182x237-1.png","width":1182,"height":237,"caption":"Ittermann electronic GmbH"},"image":{"@id":"https:\/\/iwell-guard.com\/sk\/#\/schema\/logo\/image\/"},"sameAs":["https:\/\/pantip.com\/profile\/9367242","https:\/\/micro.blog\/iwellguard","https:\/\/www.diggerslist.com\/iwellguard\/about","https:\/\/skitterphoto.com\/photographers\/2870314\/iwell-guard","https:\/\/iwellguard.wordpress.com\/2026\/06\/06\/iwell-guard\/","https:\/\/hub.docker.com\/u\/iwellguard","https:\/\/www.pinterest.com\/iwellguard\/","https:\/\/bit.ly\/m\/iwellguard","https:\/\/entre-vos-mains.alsace.eu\/profiles\/iwellguard\/activity","https:\/\/gravatar.com\/reallybeded8fd34","https:\/\/naijamatta.com\/iwellguard","https:\/\/www.goodreads.com\/iwellguard","https:\/\/profile.hatena.ne.jp\/iwellguard\/","https:\/\/experiment.com\/users\/iwellguard","https:\/\/wakelet.com\/@iWellGuard82270","https:\/\/www.chordie.com\/forum\/profile.php?id=2555664","https:\/\/www.instapaper.com\/p\/17757966","https:\/\/www.mapleprimes.com\/users\/iwellguard","https:\/\/businesslistingplus.com\/profile\/iwell-guard\/","https:\/\/telegra.ph\/iWell-Guard-06-06","https:\/\/pbase.com\/iwellguard\/iwellguard","https:\/\/b.hatena.ne.jp\/iwellguard\/20260607#bookmark-4788405196491818882","https:\/\/fliphtml5.com\/home\/iwellguard","https:\/\/anyflip.com\/homepage\/cmiwl#About","https:\/\/transfur.com\/Users\/iwellguard","http:\/\/delphi.larsbo.org\/user\/iwellguard","https:\/\/jobs.lajobsportal.org\/profiles\/8380803-iwell-guard","https:\/\/md.chaosdorf.de\/s\/jfbe5SBdJD","https:\/\/www.lingvolive.com\/en-us\/profile\/9ecaeaca-ce11-4e51-9e71-01d55e2bff36\/translations","https:\/\/www.fitday.com\/fitness\/forums\/members\/iwellguard.html","https:\/\/www.mymeetbook.com\/iwellguard","https:\/\/pxhere.com\/en\/photographer-me\/5040798","https:\/\/disqus.com\/by\/iwellguard\/about\/","https:\/\/pastelink.net\/hjwciqwq","https:\/\/pubhtml5.com\/homepage\/scjhn\/","https:\/\/www.bitchute.com\/channel\/2O2eOKzNqujT","https:\/\/audiomack.com\/iwellguard"]}]}},"_links":{"self":[{"href":"https:\/\/iwell-guard.com\/sk\/wp-json\/wp\/v2\/pages\/158024","targetHints":{"allow":["GET"]}}],"collection":[{"href":"https:\/\/iwell-guard.com\/sk\/wp-json\/wp\/v2\/pages"}],"about":[{"href":"https:\/\/iwell-guard.com\/sk\/wp-json\/wp\/v2\/types\/page"}],"author":[{"embeddable":true,"href":"https:\/\/iwell-guard.com\/sk\/wp-json\/wp\/v2\/users\/3"}],"replies":[{"embeddable":true,"href":"https:\/\/iwell-guard.com\/sk\/wp-json\/wp\/v2\/comments?post=158024"}],"version-history":[{"count":0,"href":"https:\/\/iwell-guard.com\/sk\/wp-json\/wp\/v2\/pages\/158024\/revisions"}],"wp:featuredmedia":[{"embeddable":true,"href":"https:\/\/iwell-guard.com\/sk\/wp-json\/wp\/v2\/media\/3374"}],"wp:attachment":[{"href":"https:\/\/iwell-guard.com\/sk\/wp-json\/wp\/v2\/media?parent=158024"}],"wp:term":[{"taxonomy":"category","embeddable":true,"href":"https:\/\/iwell-guard.com\/sk\/wp-json\/wp\/v2\/categories?post=158024"}],"curies":[{"name":"wp","href":"https:\/\/api.w.org\/{rel}","templated":true}]}}