{"id":158020,"date":"2026-09-04T22:20:43","date_gmt":"2026-09-04T22:20:43","guid":{"rendered":"https:\/\/iwell-guard.com\/?page_id=158020"},"modified":"2026-09-04T22:48:42","modified_gmt":"2026-09-04T22:48:42","slug":"ceres-rimska-bohyna-obilia","status":"publish","type":"page","link":"https:\/\/iwell-guard.com\/sk\/ceres-rimska-bohyna-obilia\/","title":{"rendered":"Ceres \u2013 r\u00edmska bohy\u0148a obilia a po\u013enohospod\u00e1rstva"},"content":{"rendered":"\t\t<div data-elementor-type=\"wp-page\" data-elementor-id=\"158020\" class=\"elementor elementor-158020 elementor-2914 elementor-bc-flex-widget\" data-elementor-post-type=\"page\">\n\t\t\t\t<div class=\"elementor-element elementor-element-hero4a1e70c e-flex e-con-boxed e-con e-parent\" data-id=\"hero4a1e70c\" data-element_type=\"container\" data-e-type=\"container\">\n\t\t\t\t\t<div class=\"e-con-inner\">\n\t\t\t\t<div class=\"elementor-element elementor-element-heroimg61869a4 iwg-hero-image elementor-widget elementor-widget-image\" data-id=\"heroimg61869a4\" data-element_type=\"widget\" data-e-type=\"widget\" data-widget_type=\"image.default\">\n\t\t\t\t\t\t\t\t\t\t\t\t\t\t\t<img fetchpriority=\"high\" decoding=\"async\" width=\"683\" height=\"1024\" src=\"https:\/\/iwell-guard.com\/wp-content\/uploads\/2026\/05\/goetter_rom_ceres-683x1024.webp\" class=\"attachment-large size-large wp-image-159641\" alt=\"Ceres \u2013 bohovia z r\u00edmskej trad\u00edcie, historicko-ilustra\u010dn\u00e9 zobrazenie\" srcset=\"https:\/\/iwell-guard.com\/wp-content\/uploads\/2026\/05\/goetter_rom_ceres-683x1024.webp 683w, https:\/\/iwell-guard.com\/wp-content\/uploads\/2026\/05\/goetter_rom_ceres-200x300.webp 200w, https:\/\/iwell-guard.com\/wp-content\/uploads\/2026\/05\/goetter_rom_ceres-768x1152.webp 768w, https:\/\/iwell-guard.com\/wp-content\/uploads\/2026\/05\/goetter_rom_ceres.webp 1024w\" sizes=\"(max-width: 683px) 100vw, 683px\" \/>\t\t\t\t\t\t\t\t\t\t\t\t\t\t\t<\/div>\n\t\t\t\t\t<\/div>\n\t\t\t\t<\/div>\n\t\t<div class=\"elementor-element elementor-element-iwgw-ceres-hero e-flex e-con-boxed e-con e-parent\" data-id=\"iwgw-ceres-hero\" data-element_type=\"container\" data-e-type=\"container\">\n\t\t\t\t\t<div class=\"e-con-inner\">\n\t\t\t\t<div class=\"elementor-element elementor-element-iwgw-ceres-h1 elementor-widget elementor-widget-heading\" data-id=\"iwgw-ceres-h1\" data-element_type=\"widget\" data-e-type=\"widget\" data-widget_type=\"heading.default\">\n\t\t\t\t\t<h1 class=\"elementor-heading-title elementor-size-default\">Ceres \u2013 bohy\u0148a obilia, po\u013enohospod\u00e1rstva a plebsu<\/h1>\t\t\t\t<\/div>\n\t\t\t\t<div class=\"elementor-element elementor-element-iwgw-ceres-pills elementor-widget elementor-widget-html\" data-id=\"iwgw-ceres-pills\" data-element_type=\"widget\" data-e-type=\"widget\" data-widget_type=\"html.default\">\n\t\t\t\t\t<div class=\"iwg-pill-row\"><span class=\"iwg-klasse-badge\" tabindex=\"0\" data-tooltip=\"Bohy\u0148a trad\u00edcie R\u00edm.\">Bohy\u0148a<\/span><a href=\"https:\/\/iwell-guard.com\/sk\/rim\/\" class=\"iwg-kultur-badge\" tabindex=\"0\" data-tooltip=\"Mytol\u00f3gia trad\u00edcie R\u00edm.\">R\u00edm<\/a><span class=\"iwg-tradition-badge\" tabindex=\"0\" data-tooltip=\"Bohy\u0148a plodnosti.\">Bohy\u0148a plodnosti<\/span><\/div>\t\t\t\t<\/div>\n\t\t\t\t<div class=\"elementor-element elementor-element-iwgw-ceres-lead elementor-widget elementor-widget-text-editor\" data-id=\"iwgw-ceres-lead\" data-element_type=\"widget\" data-e-type=\"widget\" data-widget_type=\"text-editor.default\">\n\t\t\t\t\t\t\t\t\t<p>Ceres bola pre Rimanov bohy\u0148ou obilia, po\u013enohospod\u00e1rstva a rastu. Jej <span class=\"iwg-fachbegriff\" data-tooltip=\"S\u00fahrn n\u00e1bo\u017eensk\u00fdch \u00factov\u00fdch \u00fakonov vo\u010di bo\u017estvu alebo sv\u00e4tej postave.\" tabindex=\"0\">kult<\/span> bol tesne spojen\u00fd so z\u00e1sobovan\u00edm mesta a s politickou \u00falohou plebsu.<\/p>\t\t\t\t\t\t\t\t<\/div>\n\t\t\t\t\t<\/div>\n\t\t\t\t<\/div>\n\t\t<div class=\"elementor-element elementor-element-iwgw-ceres-s0 e-flex e-con-boxed e-con e-parent\" data-id=\"iwgw-ceres-s0\" data-element_type=\"container\" data-e-type=\"container\">\n\t\t\t\t\t<div class=\"e-con-inner\">\n\t\t\t\t<div class=\"elementor-element elementor-element-iwgw-ceres-s0h elementor-widget elementor-widget-heading\" data-id=\"iwgw-ceres-s0h\" data-element_type=\"widget\" data-e-type=\"widget\" data-widget_type=\"heading.default\">\n\t\t\t\t\t<h2 class=\"elementor-heading-title elementor-size-default\">Zaradenie<\/h2>\t\t\t\t<\/div>\n\t\t\t\t<div class=\"elementor-element elementor-element-iwgw-ceres-s0t elementor-widget elementor-widget-text-editor\" data-id=\"iwgw-ceres-s0t\" data-element_type=\"widget\" data-e-type=\"widget\" data-widget_type=\"text-editor.default\">\n\t\t\t\t\t\t\t\t\t<p>Ceres patr\u00ed medzi najstar\u0161ie a najd\u00f4le\u017eitej\u0161ie bo\u017estv\u00e1 r\u00edmskeho n\u00e1bo\u017eenstva. Bola bohy\u0148ou obilia, po\u013enohospod\u00e1rstva a v\u0161eobecne rastu po\u013en\u00fdch plod\u00edn. Jej p\u00f4sobnos\u0165 sa tak dot\u00fdkala z\u00e1kladu r\u00edmskeho \u017eivota, preto\u017ee z\u00e1sobovanie mesta obil\u00edm bolo trvalou staros\u0165ou \u0161t\u00e1tu i spolo\u010dnosti.<\/p><p>Z religionistick\u00e9ho h\u013eadiska je Ceres v\u00fdznamn\u00e1 z viacer\u00fdch d\u00f4vodov. Bola staror\u00edmskym, pravdepodobne u\u017e v italickej ranej dobe uctievan\u00fdm <span class=\"iwg-fachbegriff\" data-tooltip=\"Bytos\u0165 uctievan\u00e1 ako bo\u017esk\u00e1 v r\u00e1mci nejak\u00e9ho n\u00e1bo\u017eenstva.\" tabindex=\"0\">bo\u017estvom<\/span>, ktor\u00e9ho meno sa odvodzuje od kore\u0148a vyjadruj\u00faceho rast.<\/p><p>Z\u00e1rove\u0148 bola u\u017e v\u010das ovplyvnen\u00e1 gr\u00e9ckou kult\u00farou a do ve\u013ekej miery stoto\u017enen\u00e1 s gr\u00e9ckou Demeter. Jej <span class=\"iwg-fachbegriff\" data-tooltip=\"S\u00fahrn n\u00e1bo\u017eensk\u00fdch \u00factov\u00fdch \u00fakonov vo\u010di bo\u017estvu alebo sv\u00e4tej postave.\" tabindex=\"0\">kult<\/span> na Avent\u00edne ju navy\u0161e tesne sp\u00e1jal s plebsom, neurodzenou \u010das\u0165ou r\u00edmskeho ob\u010dianstva, \u010do jej dod\u00e1valo v\u00fdrazne politick\u00fd rozmer.<\/p><p>Ceres tak predstavuje pr\u00edklad mnohovrstevnosti <a href=\"https:\/\/iwell-guard.com\/sk\/rim\/\">r\u00edmskeho<\/a> n\u00e1bo\u017eenstva. V nej sa sp\u00e1ja starobyl\u00fd agr\u00e1rny kult, prevzatie gr\u00e9ckych predst\u00e1v a m\u00fdtov, ako aj konkr\u00e9tna spolo\u010densk\u00e1 a politick\u00e1 funkcia v r\u00e1mci mesta. Bola z\u00e1rove\u0148 bohy\u0148ou po\u013ea a bohy\u0148ou s pevnou \u00falohou v \u0161trukt\u00fare r\u00edmskej spolo\u010dnosti.<\/p><p>\u0160t\u00e1tny v\u00fdznam Ceres je zrejm\u00fd zo z\u00e1sobovania hlavn\u00e9ho mesta obil\u00edm, \u010do sa s rast\u00facim po\u010dtom obyvate\u013eov stalo trvalou politickou \u00falohou.<\/p><p>Plebejsk\u00ed edilovia, spojen\u00ed s avent\u00ednskou <span class=\"iwg-fachbegriff\" data-tooltip=\"Sv\u00e4ty\u0148a zasv\u00e4ten\u00e1 \u00facte k bo\u017estvu.\" tabindex=\"0\">sv\u00e4ty\u0148ou<\/span>, mali okrem in\u00e9ho doh\u013ead nad obiln\u00fdm trhom. Ceres tak st\u00e1la nielen za rastom obilia na poli, ale aj za jeho usporiadan\u00fdm rozde\u013eovan\u00edm v meste.<\/p>\t\t\t\t\t\t\t\t<\/div>\n\t\t\t\t\t<\/div>\n\t\t\t\t<\/div>\n\t\t<div class=\"elementor-element elementor-element-iwgw-ceres-s1 e-flex e-con-boxed e-con e-parent\" data-id=\"iwgw-ceres-s1\" data-element_type=\"container\" data-e-type=\"container\">\n\t\t\t\t\t<div class=\"e-con-inner\">\n\t\t\t\t<div class=\"elementor-element elementor-element-iwgw-ceres-s1h elementor-widget elementor-widget-heading\" data-id=\"iwgw-ceres-s1h\" data-element_type=\"widget\" data-e-type=\"widget\" data-widget_type=\"heading.default\">\n\t\t\t\t\t<h2 class=\"elementor-heading-title elementor-size-default\">Meno a etymol\u00f3gia<\/h2>\t\t\t\t<\/div>\n\t\t\t\t<div class=\"elementor-element elementor-element-iwgw-ceres-s1t elementor-widget elementor-widget-text-editor\" data-id=\"iwgw-ceres-s1t\" data-element_type=\"widget\" data-e-type=\"widget\" data-widget_type=\"text-editor.default\">\n\t\t\t\t\t\t\t\t\t<p>Meno <em>Ceres<\/em> sa jazykovo odvodzuje od indoeur\u00f3pskeho kore\u0148a ozna\u010duj\u00faceho rast, tvorenie a \u017eivenie. Ten ist\u00fd kore\u0148 sa nach\u00e1dza v latinsk\u00fdch slov\u00e1ch ako <em>crescere<\/em>, r\u00e1s\u0165, a <em>creare<\/em>, tvori\u0165 alebo vytv\u00e1ra\u0165. Meno tak Ceres priamo charakterizuje ako silu, ktor\u00e1 umo\u017e\u0148uje rastlin\u00e1m, a najm\u00e4 obiliu, r\u00e1s\u0165.<\/p><p>T\u00e1to priezra\u010dn\u00e1 etymol\u00f3gia je z religionistick\u00e9ho h\u013eadiska pou\u010dn\u00e1. Ukazuje, \u017ee Ceres bola svojou podstatou funk\u010dn\u00fdm bo\u017estvom, ktor\u00e9ho meno vyjadrovalo jeho \u00falohu. Tak\u00e9to v\u00fdsti\u017en\u00e9 men\u00e1 bohov s\u00fa v staror\u00edmskom n\u00e1bo\u017eenstve be\u017en\u00e9 a nazna\u010duj\u00fa, \u017ee mnoh\u00e9 bo\u017estva boli p\u00f4vodne tesne viazan\u00e9 na konkr\u00e9tnu oblas\u0165 p\u00f4sobenia.<\/p><p>Od mena <em>Ceres<\/em> je odvoden\u00e9 pr\u00eddavn\u00e9 meno, ktor\u00e9 sa objavuje v n\u00e1zve sviatku <em>Cerialia<\/em>, rovnako aj slovo <em>cerealis<\/em>, z ktor\u00e9ho sa dodnes odvodzuj\u00fa ozna\u010denia obiln\u00fdch produktov.<\/p><p>Tento jazykov\u00fd dozvuk zrete\u013ene ukazuje, ako pevne zostala Ceres spojen\u00e1 s pojmom obilia. Aj ke\u010f bola bohy\u0148a v priebehu \u010dasu obohaten\u00e1 o gr\u00e9cke m\u00fdty, jej jadrom zostala oblas\u0165 obilia a po\u013en\u00fdch plod\u00edn.<\/p>\t\t\t\t\t\t\t\t<\/div>\n\t\t\t\t\t<\/div>\n\t\t\t\t<\/div>\n\t\t<div class=\"elementor-element elementor-element-iwgw-ceres-s2 e-flex e-con-boxed e-con e-parent\" data-id=\"iwgw-ceres-s2\" data-element_type=\"container\" data-e-type=\"container\">\n\t\t\t\t\t<div class=\"e-con-inner\">\n\t\t\t\t<div class=\"elementor-element elementor-element-iwgw-ceres-s2h elementor-widget elementor-widget-heading\" data-id=\"iwgw-ceres-s2h\" data-element_type=\"widget\" data-e-type=\"widget\" data-widget_type=\"heading.default\">\n\t\t\t\t\t<h2 class=\"elementor-heading-title elementor-size-default\">Popis a ikonografia<\/h2>\t\t\t\t<\/div>\n\t\t\t\t<div class=\"elementor-element elementor-element-iwgw-ceres-s2t elementor-widget elementor-widget-text-editor\" data-id=\"iwgw-ceres-s2t\" data-element_type=\"widget\" data-e-type=\"widget\" data-widget_type=\"text-editor.default\">\n\t\t\t\t\t\t\t\t\t<p>V obrazovej <span class=\"iwg-fachbegriff\" data-tooltip=\"Odovzd\u00e1vanie vedomost\u00ed a rozpr\u00e1van\u00ed z gener\u00e1cie na gener\u00e1ciu.\" tabindex=\"0\">trad\u00edcii<\/span> sa Ceres zobrazuje ako d\u00f4stojn\u00e1, dozret\u00e1 \u017eena, \u010dasto sediaca alebo stojaca, v dlhom r\u00fachu. Jej najd\u00f4le\u017eitej\u0161\u00edm atrib\u00fatom s\u00fa obiln\u00e9 klasy, ktor\u00e9 dr\u017e\u00ed v ruke alebo ktor\u00e9 jej zdobia hlavu vo forme venca. Okrem toho sa objavuj\u00fa makov\u00e9 hl\u00e1vky, rohom hojnosti, ko\u0161 s plodmi a pr\u00edle\u017eitostne pochode\u0148.<\/p><p>Pochode\u0148 odkazuje na m\u00fdtick\u00fd okruh prevzat\u00fd od gr\u00e9ckej Demeter, v ktorom bohy\u0148a s pochod\u0148ami h\u013ead\u00e1 svoju uniesnu dc\u00e9ru.<\/p><p>Rohom hojnosti a ko\u0161 s plodmi symbolizuj\u00fa hojnos\u0165 a \u00farodu, mak zase pole, na ktorom obilie a mak r\u00e1stli spolu. Ceres b\u00fdvala niekedy zobrazovan\u00e1 aj na voze \u0165ahanom hadmi, \u010do je \u010fal\u0161\u00ed <span class=\"iwg-fachbegriff\" data-tooltip=\"Opakuj\u00faci sa obsahov\u00fd prvok v umen\u00ed alebo rozpr\u00e1van\u00ed.\" tabindex=\"0\">mot\u00edv<\/span> prevzat\u00fd z gr\u00e9ckeho prostredia.<\/p><p>Ikonografia d\u00f4sledne zd\u00f4raz\u0148uje dozretos\u0165, hojnos\u0165 a matersk\u00fa d\u00f4stojnos\u0165. Ceres nie je mladistv\u00e1, ale dospel\u00e1, d\u00e1vaj\u00faca postava. T\u00e1to v\u00fdtvarn\u00e1 re\u010d zodpovedala jej funkcii bohyne z\u00e1kladu ob\u017eivy.<\/p><p>Na minciach republiky a cis\u00e1rstva sa objavuje \u010dasto, v\u00e4\u010d\u0161inou v s\u00favislosti so \u0161t\u00e1tnym z\u00e1sobovan\u00edm obil\u00edm, \u010do dokazuje, ak\u00fd tesn\u00fd bol vz\u0165ah medzi jej obrazom a predstavou z\u00e1sobovania a blahobytu.<\/p>\t\t\t\t\t\t\t\t<\/div>\n\t\t\t\t\t<\/div>\n\t\t\t\t<\/div>\n\t\t<div class=\"elementor-element elementor-element-iwgw-ceres-s3 e-flex e-con-boxed e-con e-parent\" data-id=\"iwgw-ceres-s3\" data-element_type=\"container\" data-e-type=\"container\">\n\t\t\t\t\t<div class=\"e-con-inner\">\n\t\t\t\t<div class=\"elementor-element elementor-element-iwgw-ceres-s3h elementor-widget elementor-widget-heading\" data-id=\"iwgw-ceres-s3h\" data-element_type=\"widget\" data-e-type=\"widget\" data-widget_type=\"heading.default\">\n\t\t\t\t\t<h2 class=\"elementor-heading-title elementor-size-default\">Mytologick\u00e9 rozpr\u00e1vania a trad\u00edcia<\/h2>\t\t\t\t<\/div>\n\t\t\t\t<div class=\"elementor-element elementor-element-iwgw-ceres-s3t elementor-widget elementor-widget-text-editor\" data-id=\"iwgw-ceres-s3t\" data-element_type=\"widget\" data-e-type=\"widget\" data-widget_type=\"text-editor.default\">\n\t\t\t\t\t\t\t\t\t<p>Najzn\u00e1mej\u0161\u00edm <span class=\"iwg-fachbegriff\" data-tooltip=\"Tradovan\u00fd pr\u00edbeh o bohoch, p\u00f4vode a poriadku sveta.\" tabindex=\"0\">m\u00fdtom<\/span> o Ceres je pr\u00edbeh o \u00fanose jej dc\u00e9ry Proserpiny. V r\u00edmskej literat\u00fare je zachovan\u00fd najm\u00e4 u Ov\u00eddia, ktor\u00fd ho rozpr\u00e1va v <em>Metamorf\u00f3zach<\/em> aj v <em>Fast\u00e1ch<\/em>, a nesk\u00f4r aj v epose od Claudiana.<\/p><p>Tento <span class=\"iwg-fachbegriff\" data-tooltip=\"Tradovan\u00fd pr\u00edbeh o bohoch, p\u00f4vode a poriadku sveta.\" tabindex=\"0\">m\u00fdtus<\/span> je z ve\u013ekej \u010dasti prevzat\u00fd z gr\u00e9ckej l\u00e1tky o Demeter a Persefone, ale bol zasaden\u00fd do r\u00edmskeho jazyka a r\u00edmskeho kontextu.<\/p><p>Pod\u013ea rozpr\u00e1vania je Proserpina unesen\u00e1 bohom podsvetia. Ceres ju z\u00fafalo h\u013ead\u00e1 s fak\u013eami a pri tom zanedb\u00e1va svoje povinnosti, tak\u017ee zem sa st\u00e1va ne\u00farodnou a hroz\u00ed hladomor.<\/p><p>Napokon sa uzatv\u00e1ra dohoda, pod\u013ea ktorej Proserpina str\u00e1vi \u010das\u0165 roka v podsvet\u00ed a \u010das\u0165 u matky. T\u00fdm sa m\u00fdticky vysvet\u013euje striedanie ro\u010dn\u00fdch obdob\u00ed, najm\u00e4 prechod medzi rast\u00facou a odpo\u010d\u00edvaj\u00facou veget\u00e1ciou.<\/p><p>R\u00edmska trad\u00edcia okrem toho zachov\u00e1va rozpr\u00e1vania, ktor\u00e9 sp\u00e1jaj\u00fa Ceres priamo s mestom R\u00edm. Jej <span class=\"iwg-fachbegriff\" data-tooltip=\"Stavba sl\u00fa\u017eiaca na uctievanie jedn\u00e9ho alebo viacer\u00fdch bo\u017estiev.\" tabindex=\"0\">chr\u00e1m<\/span> na Avent\u00edne mal by\u0165 zalo\u017een\u00fd u\u017e v ranej republike a s n\u00edm sa sp\u00e1jala pamiatka na soci\u00e1lnu \u00falohu tohto kultu.<\/p><p>Mytick\u00e1 <span class=\"iwg-fachbegriff\" data-tooltip=\"Odovzd\u00e1vanie vedomost\u00ed a pr\u00edbehov z gener\u00e1cie na gener\u00e1ciu.\" tabindex=\"0\">trad\u00edcia<\/span> o Ceres je teda dvojak\u00e1: formuje ju ve\u013ek\u00fd, gr\u00e9ckym vplyvom pozna\u010den\u00fd m\u00fdtick\u00fd okruh o matke a dc\u00e9re a z\u00e1rove\u0148 \u0161pecificky r\u00edmske prepojenie bohyne s dejinami plebejcov a so z\u00e1sobovan\u00edm obyvate\u013estva obil\u00edm.<\/p><p>R\u00edmska trad\u00edcia navy\u0161e poznala vlastn\u00e9 rozpr\u00e1vanie o zaveden\u00ed kultu Ceres v s\u00favislosti s \u0165a\u017ek\u00fdm hladomorom v ranej republike.<\/p><p>Pod\u013ea v\u00fdroku Sibyl\u00ednskych kn\u00edh bol avent\u00ednsky <span class=\"iwg-fachbegriff\" data-tooltip=\"Stavba sl\u00fa\u017eiaca na uctievanie jedn\u00e9ho alebo viacer\u00fdch bo\u017estiev.\" tabindex=\"0\">chr\u00e1m<\/span> zalo\u017een\u00fd na uzmierenie bohyne a na zabezpe\u010denie z\u00e1sobovania. T\u00e1to <span class=\"iwg-fachbegriff\" data-tooltip=\"Odovzd\u00e1vanie vedomost\u00ed a pr\u00edbehov z gener\u00e1cie na gener\u00e1ciu.\" tabindex=\"0\">trad\u00edcia<\/span> sp\u00e1jala Ceres bezprostredne so staros\u0165ou o ka\u017edodenn\u00fd chlieb a s prekon\u00e1van\u00edm kr\u00edz.<\/p>\t\t\t\t\t\t\t\t<\/div>\n\t\t\t\t\t<\/div>\n\t\t\t\t<\/div>\n\t\t<div class=\"elementor-element elementor-element-iwgw-ceres-s4 e-flex e-con-boxed e-con e-parent\" data-id=\"iwgw-ceres-s4\" data-element_type=\"container\" data-e-type=\"container\">\n\t\t\t\t\t<div class=\"e-con-inner\">\n\t\t\t\t<div class=\"elementor-element elementor-element-iwgw-ceres-s4h elementor-widget elementor-widget-heading\" data-id=\"iwgw-ceres-s4h\" data-element_type=\"widget\" data-e-type=\"widget\" data-widget_type=\"heading.default\">\n\t\t\t\t\t<h2 class=\"elementor-heading-title elementor-size-default\">Kult a uctievanie<\/h2>\t\t\t\t<\/div>\n\t\t\t\t<div class=\"elementor-element elementor-element-iwgw-ceres-s4t elementor-widget elementor-widget-text-editor\" data-id=\"iwgw-ceres-s4t\" data-element_type=\"widget\" data-e-type=\"widget\" data-widget_type=\"text-editor.default\">\n\t\t\t\t\t\t\t\t\t<p><span class=\"iwg-fachbegriff\" data-tooltip=\"S\u00fahrn n\u00e1bo\u017eensk\u00fdch \u00factov\u00fdch \u00fakonov vo\u010di bo\u017estvu alebo sv\u00e4tej postave.\" tabindex=\"0\">Kult<\/span> Ceres mal v R\u00edme viacero vrstiev. Star\u00e9, vidiecke uctievanie jej pripisovalo \u00falohu ochrankyne siatia a \u00farody.<\/p><p>Pri po\u013enohospod\u00e1rskych pr\u00e1cach, pri sejbe a pri \u017eatve patrili <span class=\"iwg-fachbegriff\" data-tooltip=\"Dar bo\u017estvu na vyjadrenie v\u010faky, prosby alebo \u00facty.\" tabindex=\"0\">obete<\/span> pre Ceres k samozrejm\u00fdm \u00fakonom. Rovnako hrala \u00falohu v s\u00favislosti s dom\u00e1cnos\u0165ou a rodinou, napr\u00edklad pri ur\u010dit\u00fdch obradoch spojen\u00fdch so smr\u0165ou a \u010distotou.<\/p><p>Najv\u00fdznamnej\u0161ou mestskou <span class=\"iwg-fachbegriff\" data-tooltip=\"Sv\u00e4t\u00e9 miesto zasv\u00e4ten\u00e9 uctievaniu bo\u017estva.\" tabindex=\"0\">sv\u00e4ty\u0148ou<\/span> bol <span class=\"iwg-fachbegriff\" data-tooltip=\"Stavba sl\u00fa\u017eiaca na uctievanie jedn\u00e9ho alebo viacer\u00fdch bo\u017estiev.\" tabindex=\"0\">chr\u00e1m<\/span> Ceres, Libera a Libery na Avent\u00edne. T\u00e1to trojica bola stoto\u017e\u0148ovan\u00e1 s gr\u00e9ckou tri\u00e1dou Demeter, Dion\u00fdzos a Persefona. Avent\u00ednsky <span class=\"iwg-fachbegriff\" data-tooltip=\"Stavba sl\u00fa\u017eiaca na uctievanie jedn\u00e9ho alebo viacer\u00fdch bo\u017estiev.\" tabindex=\"0\">chr\u00e1m<\/span> bol \u00fazko sp\u00e4t\u00fd s plebejcami.<\/p><p>Tu sa uchov\u00e1vali uznesenia plebsu a plebejsk\u00ed \u00faradn\u00edci, edilovia, mali k tomuto <span class=\"iwg-fachbegriff\" data-tooltip=\"S\u00fahrn n\u00e1bo\u017eensk\u00fdch \u00factov\u00fdch \u00fakonov vo\u010di bo\u017estvu alebo sv\u00e4tej postave.\" tabindex=\"0\">kultu<\/span> osobitn\u00fd vz\u0165ah. Kult Ceres bol tak n\u00e1bo\u017eensk\u00fdm ohniskom ne\u0161\u013eachtick\u00e9ho obyvate\u013estva.<\/p><p>Hlavn\u00fdm sviatkom boli <em>Cerialia<\/em> v apr\u00edli, spojen\u00e9 s hrami v cirkuse. Zachoval sa zvl\u00e1\u0161tny <span class=\"iwg-fachbegriff\" data-tooltip=\"Tradi\u010dn\u00e9, v spolo\u010denstve pravidelne opakovan\u00e9 konanie.\" tabindex=\"0\">zvyk<\/span>, pri ktorom sa cez cirkus hnali li\u0161ky s horiacimi fak\u013eami, ktor\u00e9ho presn\u00fd v\u00fdznam nebol jasn\u00fd u\u017e ani v <span class=\"iwg-fachbegriff\" data-tooltip=\"Epocha gr\u00e9ckej a r\u00edmskej kult\u00fary, pribli\u017ene od 800 pred n. l. do 600 n. l.\" tabindex=\"0\">antike<\/span>.<\/p><p>Okrem toho existoval gr\u00e9cky ovplyvnen\u00fd sviatok \u017eien na po\u010des\u0165 Ceres, ktor\u00fd \u017eeny sl\u00e1vili viacd\u0148ovou zdr\u017eanlivos\u0165ou. Kult Ceres tak sp\u00e1jal vidiecku ro\u013en\u00edcku n\u00e1bo\u017enos\u0165, mestsk\u00fa politiku a prevzat\u00e9 gr\u00e9cke sviato\u010dn\u00e9 formy.<\/p><p><span class=\"iwg-fachbegriff\" data-tooltip=\"Stavba sl\u00fa\u017eiaca na uctievanie jedn\u00e9ho alebo viacer\u00fdch bo\u017estiev.\" tabindex=\"0\">Chr\u00e1m<\/span> Ceres, Libera a Libery na Avent\u00edne bol pod\u013ea <span class=\"iwg-fachbegriff\" data-tooltip=\"Odovzd\u00e1vanie vedomost\u00ed a rozpr\u00e1van\u00ed z gener\u00e1cie na gener\u00e1ciu.\" tabindex=\"0\">trad\u00edcie<\/span> <span class=\"iwg-fachbegriff\" data-tooltip=\"N\u00e1bo\u017eensk\u00fdm \u00fakonom odovzdan\u00fd sv\u00e4t\u00e9mu, a t\u00fdm vy\u0148at\u00fd z be\u017en\u00e9ho.\" tabindex=\"0\">zasv\u00e4ten\u00fd<\/span> v roku 493 pred na\u0161\u00edm letopo\u010dtom a pova\u017euje sa za jeden z najstar\u0161\u00edch <span class=\"iwg-fachbegriff\" data-tooltip=\"Stavba sl\u00fa\u017eiaca na uctievanie jedn\u00e9ho alebo viacer\u00fdch bo\u017estiev.\" tabindex=\"0\">chr\u00e1mov<\/span> s v\u00fdrazne gr\u00e9ckym charakterom v R\u00edme.<\/p><p>Bol bohato vybaven\u00fd dielami gr\u00e9ckych umelcov a jeho poloha mimo star\u00e9ho centra mesta, v oblasti plebejsk\u00e9ho obyvate\u013estva, e\u0161te zd\u00f4raz\u0148ovala jeho spolo\u010densk\u00e9 zaradenie.<\/p><p>Tu sa uchov\u00e1vali uznesenia plebsu a <span class=\"iwg-fachbegriff\" data-tooltip=\"Sv\u00e4t\u00e9 miesto zasv\u00e4ten\u00e9 uctievaniu bo\u017estva.\" tabindex=\"0\">sv\u00e4ty\u0148a<\/span> sl\u00fa\u017eila ako arch\u00edv edilov.<\/p><p>Cerialia trvali viacero dn\u00ed v apr\u00edli a vrcholili hrami v cirkuse. Ov\u00eddius v diele Fasti popisuje zvl\u00e1\u0161tny <span class=\"iwg-fachbegriff\" data-tooltip=\"Tradi\u010dn\u00e9, v spolo\u010denstve pravidelne opakovan\u00e9 konanie.\" tabindex=\"0\">zvyk<\/span> priv\u00e4zovania horiacich fakie\u013e na chvosty l\u00ed\u0161ok a ich prehnania po dr\u00e1he, pri\u010dom z\u00e1rove\u0148 prizn\u00e1va, \u017ee u\u017e v jeho \u010dase nikto s istotou nepoznal p\u00f4vodn\u00fd v\u00fdznam tohto zvyku.<\/p><p>Popri Ceriali\u00e1ch existoval aj sviatok \u017eien odvoden\u00fd od gr\u00e9ckej sl\u00e1vnosti Demeter, ktor\u00fd sa v letn\u00fdch mesiacoch sl\u00e1vil viacd\u0148ovou zdr\u017eanlivos\u0165ou vdat\u00fdch \u017eien, na ktorom sa mu\u017ei nez\u00fa\u010dast\u0148ovali.<\/p>\t\t\t\t\t\t\t\t<\/div>\n\t\t\t\t\t<\/div>\n\t\t\t\t<\/div>\n\t\t<div class=\"elementor-element elementor-element-iwgw-ceres-s5 e-flex e-con-boxed e-con e-parent\" data-id=\"iwgw-ceres-s5\" data-element_type=\"container\" data-e-type=\"container\">\n\t\t\t\t\t<div class=\"e-con-inner\">\n\t\t\t\t<div class=\"elementor-element elementor-element-iwgw-ceres-s5h elementor-widget elementor-widget-heading\" data-id=\"iwgw-ceres-s5h\" data-element_type=\"widget\" data-e-type=\"widget\" data-widget_type=\"heading.default\">\n\t\t\t\t\t<h2 class=\"elementor-heading-title elementor-size-default\">Ochrann\u00e1 prax a apotropaika<\/h2>\t\t\t\t<\/div>\n\t\t\t\t<div class=\"elementor-element elementor-element-iwgw-ceres-s5t elementor-widget elementor-widget-text-editor\" data-id=\"iwgw-ceres-s5t\" data-element_type=\"widget\" data-e-type=\"widget\" data-widget_type=\"text-editor.default\">\n\t\t\t\t\t\t\t\t\t<p>Ceres bola predov\u0161etk\u00fdm podporuj\u00faca a \u017eiviaca <span class=\"iwg-fachbegriff\" data-tooltip=\"Bytos\u0165 uctievan\u00e1 ako bo\u017esk\u00e1 v r\u00e1mci n\u00e1bo\u017eenstva.\" tabindex=\"0\">bo\u017estvo<\/span>, nie odvracaj\u00faca zlo. Prax zameran\u00e1 na \u0148u smerovala predov\u0161etk\u00fdm k tomu, aby sa zabezpe\u010dil rast a prospievanie plod\u00edn na poliach, a t\u00fdm aj ob\u017eiva spolo\u010denstva. <span class=\"iwg-fachbegriff\" data-tooltip=\"Dar bo\u017estvu na vyjadrenie v\u010faky, prosby alebo uctenia.\" tabindex=\"0\">Obete<\/span> a modlitby k Ceres sprev\u00e1dzali priebeh po\u013enohospod\u00e1rskeho roka.<\/p><p>Napriek tomu existovali oblasti, v ktor\u00fdch mal jej <span class=\"iwg-fachbegriff\" data-tooltip=\"S\u00fahrn n\u00e1bo\u017eensk\u00fdch \u00fakonov uctievania bo\u017estva alebo sv\u00e4tej bytosti.\" tabindex=\"0\">kult<\/span> usporad\u00favaj\u00facu a ochrann\u00fa funkciu. Ceres tak bola sp\u00e1jan\u00e1 s predstavami o pr\u00e1ve a spolo\u010denskom poriadku.<\/p><p>Kto sa dopustil ur\u010dit\u00fdch z\u00e1va\u017en\u00fdch previnen\u00ed, napr\u00edklad proti poriadku plebejcov, mohol pripadn\u00fa\u0165 bohyni, \u010di\u017ee jeho osoba a majetok sa pova\u017eovali za jej <span class=\"iwg-fachbegriff\" data-tooltip=\"Odovzdan\u00e9 sv\u00e4t\u00e9mu prostredn\u00edctvom n\u00e1bo\u017eensk\u00e9ho \u00fakonu a t\u00fdm vy\u0148at\u00e9 z be\u017en\u00e9ho \u017eivota.\" tabindex=\"0\">zasv\u00e4ten\u00e9<\/span>. Toto spojenie ukazuje, \u017ee kult Ceres sl\u00fa\u017eil aj na stabiliz\u00e1ciu spolo\u010densk\u00e9ho poriadku.<\/p><p>V dom\u00e1cej a rodinnej oblasti sa Ceres objavuje v obradoch spojen\u00fdch so smr\u0165ou a o\u010distou. Pri \u00famrt\u00ed v rodine existovali predpisy, pod\u013ea ktor\u00fdch <span class=\"iwg-fachbegriff\" data-tooltip=\"Dar bo\u017estvu na vyjadrenie v\u010faky, prosby alebo uctenia.\" tabindex=\"0\">obeta<\/span> Ceres op\u00e4\u0165 priv\u00e1dzala rodinu do usporiadan\u00e9ho n\u00e1bo\u017eensk\u00e9ho stavu.<\/p><p>Aj tu je funkciou sk\u00f4r obnova poriadku ne\u017e odvracanie zla. Ochrana, ktor\u00fa Ceres poskytovala, bola celkovo ochranou \u017eivotn\u00fdch z\u00e1kladov a spolo\u010densk\u00e9ho aj ritu\u00e1lneho poriadku, nie odvracan\u00edm jednotliv\u00fdch zl\u00fdch s\u00edl. T\u00fdm sa v\u00fdrazne odli\u0161uje od vyslovene ochrann\u00fdch bo\u017estiev.<\/p><p>Usporad\u00favaj\u00facu funkciu mala Ceres aj v man\u017eelskom pr\u00e1ve a v oblasti \u010distoty. Pri ur\u010dit\u00fdch previneniach proti man\u017eelsk\u00e9mu poriadku boli predp\u00edsan\u00e9 <span class=\"iwg-fachbegriff\" data-tooltip=\"Dar bo\u017estvu na vyjadrenie v\u010faky, prosby alebo uctenia.\" tabindex=\"0\">obety<\/span> Ceres a jej <span class=\"iwg-fachbegriff\" data-tooltip=\"S\u00fahrn n\u00e1bo\u017eensk\u00fdch \u00fakonov uctievania bo\u017estva alebo sv\u00e4tej bytosti.\" tabindex=\"0\">kult<\/span> bol sp\u00e1jan\u00fd s predstavami o man\u017eelskej vernosti a mravnom poriadku. Jej oblas\u0165 p\u00f4sobenia tak siahala od siatia na poli a\u017e po poriadok v rodine.<\/p>\t\t\t\t\t\t\t\t<\/div>\n\t\t\t\t\t<\/div>\n\t\t\t\t<\/div>\n\t\t<div class=\"elementor-element elementor-element-iwgw-ceres-s6 e-flex e-con-boxed e-con e-parent\" data-id=\"iwgw-ceres-s6\" data-element_type=\"container\" data-e-type=\"container\">\n\t\t\t\t\t<div class=\"e-con-inner\">\n\t\t\t\t<div class=\"elementor-element elementor-element-iwgw-ceres-s6h elementor-widget elementor-widget-heading\" data-id=\"iwgw-ceres-s6h\" data-element_type=\"widget\" data-e-type=\"widget\" data-widget_type=\"heading.default\">\n\t\t\t\t\t<h2 class=\"elementor-heading-title elementor-size-default\">Paralely v in\u00fdch kult\u00farach<\/h2>\t\t\t\t<\/div>\n\t\t\t\t<div class=\"elementor-element elementor-element-iwgw-ceres-s6t elementor-widget elementor-widget-text-editor\" data-id=\"iwgw-ceres-s6t\" data-element_type=\"widget\" data-e-type=\"widget\" data-widget_type=\"text-editor.default\">\n\t\t\t\t\t\t\t\t\t<p>Najzrete\u013enej\u0161ou paralelou k Ceres je gr\u00e9cka bohy\u0148a Demeter (Demeter). Ceres s \u0148ou bola stoto\u017enen\u00e1 u\u017e ve\u013emi skoro, a cel\u00fd m\u00fdtick\u00fd okruh o matke a unesenej dc\u00e9re bol prevzat\u00fd z gr\u00e9ckeho prostredia.<\/p><p>Aj avent\u00ednsky <span class=\"iwg-fachbegriff\" data-tooltip=\"Stavba sl\u00fa\u017eiaca na uctievanie jedn\u00e9ho alebo viacer\u00fdch bo\u017estiev.\" tabindex=\"0\">chr\u00e1m<\/span> so svojou tri\u00e1dou sa orientoval pod\u013ea gr\u00e9ckych vzorov. Ceres v\u0161ak zostala samostatn\u00fdm r\u00edmskym <span class=\"iwg-fachbegriff\" data-tooltip=\"Bytos\u0165 uctievan\u00e1 ako bo\u017esk\u00e1 v r\u00e1mci n\u00e1bo\u017eenstva.\" tabindex=\"0\">bo\u017estvom<\/span>, ktor\u00e9ho meno, najstar\u0161\u00ed <span class=\"iwg-fachbegriff\" data-tooltip=\"S\u00fahrn n\u00e1bo\u017eensk\u00fdch \u00fakonov uctievania bo\u017estva alebo sv\u00e4tej bytosti.\" tabindex=\"0\">kult<\/span> a spojenie s plebejcami s\u00fa \u0161pecificky r\u00edmske.<\/p><p>Nad r\u00e1mec gr\u00e9ckeho prostredia patr\u00ed Ceres k roz\u0161\u00edren\u00e9mu typu obiln\u00fdch a zemsk\u00fdch boh\u00fd\u0148, ktor\u00e9 sa vyskytuj\u00fa v mnoh\u00fdch po\u013enohospod\u00e1rskych kult\u00farach.<\/p><p>Tak\u00e9to bo\u017estv\u00e1 steles\u0148uj\u00fa plodnos\u0165 obr\u00e1banej p\u00f4dy a \u010dasto s\u00favisia s m\u00fdtmi o striedan\u00ed ro\u010dn\u00fdch obdob\u00ed a o smrti a n\u00e1vrate veget\u00e1cie. <span class=\"iwg-fachbegriff\" data-tooltip=\"Tradovan\u00fd pr\u00edbeh o bohoch, p\u00f4vode a usporiadan\u00ed svet\u0430.\" tabindex=\"0\">M\u00fdtus<\/span> o do\u010dasnom zmiznut\u00ed dc\u00e9ry do podsvetia je zn\u00e1mym pr\u00edkladom tohto roz\u0161\u00edren\u00e9ho rozpr\u00e1va\u010dsk\u00e9ho vzoru.<\/p><p>Z vedeck\u00e9ho h\u013eadiska je Ceres dobr\u00fdm pr\u00edkladom toho, ako n\u00e1bo\u017eenstvo sp\u00e1ja star\u00e9 dom\u00e1ce funk\u010dn\u00e9 bo\u017estvo s cudz\u00edmi m\u00fdtmi a formami sviatkov bez toho, aby sa vzdalo jeho p\u00f4vodn\u00e9ho jadra. R\u00edmska Ceres nie je ani \u010dist\u00e1 Demeter, ani \u010dist\u00e1 staroitalsk\u00e1 bohy\u0148a siatia, ale postava, v ktorej sa sp\u00e1jaj\u00fa obe tieto vrstvy.<\/p>\t\t\t\t\t\t\t\t<\/div>\n\t\t\t\t\t<\/div>\n\t\t\t\t<\/div>\n\t\t<div class=\"elementor-element elementor-element-iwgw-ceres-s7 e-flex e-con-boxed e-con e-parent\" data-id=\"iwgw-ceres-s7\" data-element_type=\"container\" data-e-type=\"container\">\n\t\t\t\t\t<div class=\"e-con-inner\">\n\t\t\t\t<div class=\"elementor-element elementor-element-iwgw-ceres-s7h elementor-widget elementor-widget-heading\" data-id=\"iwgw-ceres-s7h\" data-element_type=\"widget\" data-e-type=\"widget\" data-widget_type=\"heading.default\">\n\t\t\t\t\t<h2 class=\"elementor-heading-title elementor-size-default\">S\u00fa\u010dasn\u00e1 recepcia a v\u00fdskum<\/h2>\t\t\t\t<\/div>\n\t\t\t\t<div class=\"elementor-element elementor-element-iwgw-ceres-s7t elementor-widget elementor-widget-text-editor\" data-id=\"iwgw-ceres-s7t\" data-element_type=\"widget\" data-e-type=\"widget\" data-widget_type=\"text-editor.default\">\n\t\t\t\t\t\t\t\t\t<p>Vo v\u00fdskume r\u00edmskeho n\u00e1bo\u017eenstva je Ceres \u010dasto sk\u00famanou t\u00e9mou, preto\u017ee sa v nej sp\u00e1ja viacero ve\u013ek\u00fdch ot\u00e1zok: vz\u0165ah medzi dom\u00e1cim a gr\u00e9ckym n\u00e1bo\u017eenstvom, prepojenie <span class=\"iwg-fachbegriff\" data-tooltip=\"S\u00fahrn n\u00e1bo\u017eensk\u00fdch \u00factov\u00fdch \u00fakonov vo\u010di bo\u017estvu alebo posv\u00e4tnej postave.\" tabindex=\"0\">kultu<\/span> a politiky, ako aj \u00faloha agr\u00e1rneho kultu.<\/p><p>Georg Wissowa a Kurt Latte zara\u010fovali Ceres do star\u00e9\u00adr\u00edmskeho pante\u00f3nu, Georges Dum\u00e9zil a \u010fal\u0161\u00ed diskutovali o jej postaven\u00ed v syst\u00e9me funkci\u00ed, a nov\u0161ie pr\u00e1ce zd\u00f4raz\u0148uj\u00fa predov\u0161etk\u00fdm soci\u00e1lny rozmer avent\u00ednskeho kultu.<\/p><p>Osobitne intenz\u00edvne bolo sk\u00faman\u00e9 spojenie Ceres s plebejcami. Avent\u00ednsky <span class=\"iwg-fachbegriff\" data-tooltip=\"Stavba sl\u00fa\u017eiaca na uctievanie jedn\u00e9ho alebo viacer\u00fdch bo\u017estiev.\" tabindex=\"0\">chr\u00e1m<\/span> ako miesto plebejsk\u00fdch uznesen\u00ed a \u00faloha edilov robia z kultu Ceres k\u013e\u00fa\u010d k pochopeniu ranej r\u00edmskej soci\u00e1lnej hist\u00f3rie. Predmetom religionistick\u00fdch \u0161t\u00fadi\u00ed s\u00fa aj Cerialie a gr\u00e9cky ovplyvnen\u00fd \u017eensk\u00fd sviatok.<\/p><p>V dne\u0161nej v\u0161eobecnej kult\u00fare je Ceres pr\u00edtomn\u00e1 predov\u0161etk\u00fdm prostredn\u00edctvom jazyka. Od jej mena sa odvodzuj\u00fa pojmy pre obiln\u00e9 v\u00fdrobky, a bohy\u0148a sa pravidelne objavuje v umen\u00ed, literat\u00fare a aleg\u00f3rii ako stelesnenie \u00farody a plodnosti.<\/p><p>Pre <span class=\"iwg-fachbegriff\" data-tooltip=\"Veda, ktor\u00e1 sk\u00fama n\u00e1bo\u017eenstv\u00e1 porovn\u00e1vac\u00edm sp\u00f4sobom a bez viazanosti na vieru.\" tabindex=\"0\">religionistiku<\/span> zost\u00e1va Ceres d\u00f4le\u017eit\u00fdm pr\u00edkladom vrstvenia r\u00edmskeho n\u00e1bo\u017eenstva a \u00fazkeho previazania <span class=\"iwg-fachbegriff\" data-tooltip=\"S\u00fahrn n\u00e1bo\u017eensk\u00fdch \u00factov\u00fdch \u00fakonov vo\u010di bo\u017estvu alebo posv\u00e4tnej postave.\" tabindex=\"0\">kultu<\/span>, hospod\u00e1rstva a spolo\u010dnosti.<\/p><p>Vo v\u00fdskume sa zd\u00f4raz\u0148uje aj spojenie Ceres s rie\u0161en\u00edm kr\u00edz. Pou\u017eitie Sibyl\u00ednskych kn\u00edh a zalo\u017eenie avent\u00ednskeho chr\u00e1mu sa pova\u017euj\u00fa za ran\u00fd pr\u00edklad toho, ako R\u00edm reagoval na hospod\u00e1rsku n\u00fadzu zaveden\u00edm nov\u00e9ho kultu.<\/p><p>Vrstvenie staroitalsk\u00e9ho kultu siatia, gr\u00e9ckeho preformovania a politickej funkcie rob\u00ed z Ceres modelov\u00fd pr\u00edpad dej\u00edn n\u00e1bo\u017eenstva.<\/p><p>Zost\u00e1va tak aj v s\u00fa\u010dasnej vede mnohokr\u00e1t sk\u00faman\u00fdm pr\u00edkladom.<\/p>\t\t\t\t\t\t\t\t<\/div>\n\t\t\t\t\t<\/div>\n\t\t\t\t<\/div>\n\t\t<div class=\"elementor-element elementor-element-iwgw-ceres-lit e-flex e-con-boxed e-con e-parent\" data-id=\"iwgw-ceres-lit\" data-element_type=\"container\" data-e-type=\"container\">\n\t\t\t\t\t<div class=\"e-con-inner\">\n\t\t\t\t<div class=\"elementor-element elementor-element-iwgw-ceres-lith elementor-widget elementor-widget-heading\" data-id=\"iwgw-ceres-lith\" data-element_type=\"widget\" data-e-type=\"widget\" data-widget_type=\"heading.default\">\n\t\t\t\t\t<h2 class=\"elementor-heading-title elementor-size-default\">Literat\u00fara (v\u00fdber)<\/h2>\t\t\t\t<\/div>\n\t\t\t\t<div class=\"elementor-element elementor-element-iwgw-ceres-litt elementor-widget elementor-widget-text-editor\" data-id=\"iwgw-ceres-litt\" data-element_type=\"widget\" data-e-type=\"widget\" data-widget_type=\"text-editor.default\">\n\t\t\t\t\t\t\t\t\t<div data-nosnippet=\"true\"><ul><li>Georg Wissowa: <em>Religion und Kultus der R\u00f6mer<\/em> (1912)<\/li><li>Kurt Latte: <em>R\u00f6mische Religionsgeschichte<\/em> (1960)<\/li><li>Georges Dum\u00e9zil: <em>La religion romaine archa\u00efque<\/em> (1966)<\/li><li><span data-nosnippet>Mary Beard, John North, Simon Price: <em>Religions of Rome<\/em> (1998)<\/span><\/li><li>J\u00f6rg R\u00fcpke: <em>Die Religion der R\u00f6mer<\/em> (2001)<\/li><\/ul><\/div>\t\t\t\t\t\t\t\t<\/div>\n\t\t\t\t\t<\/div>\n\t\t\t\t<\/div>\n\t\t<div class=\"elementor-element elementor-element-iwgw-ceres-kwd e-flex e-con-boxed e-con e-parent\" data-id=\"iwgw-ceres-kwd\" data-element_type=\"container\" data-e-type=\"container\">\n\t\t\t\t\t<div class=\"e-con-inner\">\n\t\t\t\t<div class=\"elementor-element elementor-element-iwgw-ceres-kwdt elementor-widget elementor-widget-text-editor\" data-id=\"iwgw-ceres-kwdt\" data-element_type=\"widget\" data-e-type=\"widget\" data-widget_type=\"text-editor.default\">\n\t\t\t\t\t\t\t\t\t<p><em>S\u00favisiace k\u013e\u00fa\u010dov\u00e9 pojmy: Ceres Cerialia Liber Libera Avent\u00edn Plebs Obilie Demeter Po\u013enohospod\u00e1rstvo.<\/em><\/p>\t\t\t\t\t\t\t\t<\/div>\n\t\t\t\t\t<\/div>\n\t\t\t\t<\/div>\n\t\t<div class=\"elementor-element elementor-element-iwgw-ceres-cc e-flex e-con-boxed e-con e-parent\" data-id=\"iwgw-ceres-cc\" data-element_type=\"container\" data-e-type=\"container\" id=\"iwg-cc-ceres\">\n\t\t\t\t\t<div class=\"e-con-inner\">\n\t\t<div class=\"elementor-element elementor-element-iwgw-ceres-ccinner e-flex e-con-boxed e-con e-parent\" data-id=\"iwgw-ceres-ccinner\" data-element_type=\"container\" data-e-type=\"container\" data-settings=\"{&quot;background_background&quot;:&quot;classic&quot;}\">\n\t\t\t\t\t<div class=\"e-con-inner\">\n\t\t\t\t<div class=\"elementor-element elementor-element-iwgw-ceres-cch elementor-widget elementor-widget-heading\" data-id=\"iwgw-ceres-cch\" data-element_type=\"widget\" data-e-type=\"widget\" data-widget_type=\"heading.default\">\n\t\t\t\t\t<h2 class=\"elementor-heading-title elementor-size-default\">iWell Guard a ochrann\u00e9 trad\u00edcie<\/h2>\t\t\t\t<\/div>\n\t\t\t\t<div class=\"elementor-element elementor-element-iwgw-ceres-cct elementor-widget elementor-widget-text-editor\" data-id=\"iwgw-ceres-cct\" data-element_type=\"widget\" data-e-type=\"widget\" data-widget_type=\"text-editor.default\">\n\t\t\t\t\t\t\t\t\t<div data-nosnippet=\"true\"><p>iWell Guard nadv\u00e4zuje na kult\u00farno-historick\u00fa trad\u00edciu nosite\u013en\u00fdch ochrann\u00fdch predmetov, v trad\u00edcii <a href=\"https:\/\/iwell-guard.com\/sk\/rim\/\">R\u00edma<\/a> a mnoh\u00fdch \u010fal\u0161\u00edch kult\u00far po celom svete. 41 vrstiev, r\u00fddze zlato, platina, striebro, vyroben\u00e9 v Nemecku. 30-d\u0148ov\u00e1 lehota na vr\u00e1tenie.<\/p><\/div>\t\t\t\t\t\t\t\t<\/div>\n\t\t\t\t<div class=\"elementor-element elementor-element-iwgw-ceres-ccb iwg-cc-button iwg-cc-cta-2026-05-13 elementor-widget elementor-widget-jet-button\" data-id=\"iwgw-ceres-ccb\" data-element_type=\"widget\" data-e-type=\"widget\" data-widget_type=\"jet-button.default\">\n\t\t\t\t<div class=\"elementor-widget-container\">\n\t\t\t\t\t<div class=\"elementor-jet-button jet-elements\"><div class=\"jet-button__container\"><a class=\"jet-button__instance jet-button__instance--icon-left hover-effect-1\" href=\"\/ueber-iwell-guard\/?utm_source=iwell-guard.com&amp;utm_medium=info-box&amp;utm_campaign=wesen-tradition\"><div class=\"jet-button__plane jet-button__plane-normal\"><\/div><div class=\"jet-button__plane jet-button__plane-hover\"><\/div><div class=\"jet-button__state jet-button__state-normal\"><span class=\"jet-button__label\">Viac o iWell Guard<\/span><\/div><div class=\"jet-button__state jet-button__state-hover\"><span class=\"jet-button__label\">Viac o iWell Guard<\/span><\/div><\/a><\/div><\/div><style>.elementor-element.elementor-element-iwgw-ceres-ccb .jet-button__instance{width:320px;height:56px;}.elementor-element.elementor-element-iwgw-ceres-ccb .jet-button__state-normal .jet-button__label{text-align:center;margin:0px 0px 0px 0px;color:#1a1b20;font-family:Montserrat,sans-serif;font-size:13px;font-weight:400;letter-spacing:4px;line-height:1.714em;text-transform:uppercase;}.elementor-element.elementor-element-iwgw-ceres-ccb .jet-button__state-hover .jet-button__label{text-align:center;margin:0px 0px 0px 0px;color:#FECC76;font-family:Montserrat,sans-serif;font-size:13px;font-weight:400;letter-spacing:4px;line-height:1.714em;text-transform:uppercase;}.elementor-element.elementor-element-iwgw-ceres-ccb .jet-button__plane-normal{background-color:#FECC76;border-style:solid;border-color:#C99540;border-width:2px 2px 2px 2px;}.elementor-element.elementor-element-iwgw-ceres-ccb .jet-button__plane-hover{background-color:rgba(0,0,0,0.55);border-style:solid;border-color:#FECC76;border-width:2px 2px 2px 2px;}<\/style>\t\t\t\t<\/div>\n\t\t\t\t<\/div>\n\t\t\t\t<div class=\"elementor-element elementor-element-iwgw-ceres-ccd elementor-widget elementor-widget-text-editor\" data-id=\"iwgw-ceres-ccd\" data-element_type=\"widget\" data-e-type=\"widget\" data-widget_type=\"text-editor.default\">\n\t\t\t\t\t\t\t\t\t<div data-nosnippet=\"true\"><p style=\"text-align:center;font-size:13px;opacity:0.7;margin-top:14px\" data-nosnippet=\"true\">Osobn\u00e9 sk\u00fasenosti sa m\u00f4\u017eu l\u00ed\u0161i\u0165. Nie je to zdravotn\u00edcka pom\u00f4cka. \u017diadny pr\u00eds\u013eub lie\u010denia.<\/p><\/div>\t\t\t\t\t\t\t\t<\/div>\n\t\t\t\t\t<\/div>\n\t\t\t\t<\/div>\n\t\t\t\t\t<\/div>\n\t\t\t\t<\/div>\n\t\t<div class=\"elementor-element elementor-element-iwgw-ceres-disc e-flex e-con-boxed e-con e-parent\" data-id=\"iwgw-ceres-disc\" data-element_type=\"container\" data-e-type=\"container\">\n\t\t\t\t\t<div class=\"e-con-inner\">\n\t\t\t\t<div class=\"elementor-element elementor-element-iwgw-ceres-discw elementor-widget elementor-widget-html\" data-id=\"iwgw-ceres-discw\" data-element_type=\"widget\" data-e-type=\"widget\" data-widget_type=\"html.default\">\n\t\t\t\t\t<footer data-nosnippet=\"true\" class=\"iwg-disclaimer-block\"><p data-nosnippet=\"true\">iWell Guard <strong>nie je zdravotn\u00edcka pom\u00f4cka<\/strong> a nenahr\u00e1dza lek\u00e1rske ani psychoterapeutick\u00e9 o\u0161etrenie. Religionistick\u00fd obsah predstavuje kult\u00farno-historick\u00e9 zaradenie, nie odpor\u00fa\u010danie duchovnej praxe.<\/p><\/footer>\t\t\t\t<\/div>\n\t\t\t\t\t<\/div>\n\t\t\t\t<\/div>\n\t\t\t\t<\/div>\n\t\t","protected":false},"excerpt":{"rendered":"","protected":false},"author":3,"featured_media":3389,"parent":0,"menu_order":0,"comment_status":"closed","ping_status":"closed","template":"elementor_header_footer","meta":{"_yoast_wpseo_focuskw":"Ceres r\u00edmska bohy\u0148a","_yoast_wpseo_title":"Ceres \u2013 r\u00edmska bohy\u0148a obilia","_yoast_wpseo_metadesc":"Ceres je r\u00edmska bohy\u0148a obilia a po\u013enohospod\u00e1rstva. Religionistick\u00e9 zaradenie k Ceriali\u00e1m, plebejsk\u00e9mu kultu a pramene.","_yoast_wpseo_meta-robots-noindex":"","_yoast_wpseo_canonical":"","_angie_page":false,"gefaehrdungsstufe":"","wesen_kultur":"","wesen_klasse":"","footnotes":""},"categories":[],"class_list":["post-158020","page","type-page","status-publish","has-post-thumbnail","hentry"],"yoast_head":"<!-- This site is optimized with the Yoast SEO Premium plugin v27.7 (Yoast SEO v28.3) - https:\/\/yoast.com\/product\/yoast-seo-premium-wordpress\/ -->\n<title>Ceres \u2013 r\u00edmska bohy\u0148a obilia<\/title>\n<meta name=\"description\" content=\"Ceres je r\u00edmska bohy\u0148a obilia a po\u013enohospod\u00e1rstva. Religionistick\u00e9 zaradenie k Ceriali\u00e1m, plebejsk\u00e9mu kultu a pramene.\" \/>\n<meta name=\"robots\" content=\"index, follow, max-snippet:-1, max-image-preview:large, max-video-preview:-1\" \/>\n<link rel=\"canonical\" href=\"https:\/\/iwell-guard.com\/sk\/ceres-rimska-bohyna-obilia\/\" \/>\n<meta property=\"og:locale\" content=\"sk_SK\" \/>\n<meta property=\"og:type\" content=\"article\" \/>\n<meta property=\"og:title\" content=\"Ceres \u2013 r\u00edmska bohy\u0148a obilia a po\u013enohospod\u00e1rstva\" \/>\n<meta property=\"og:description\" content=\"Ceres je r\u00edmska bohy\u0148a obilia a po\u013enohospod\u00e1rstva. Religionistick\u00e9 zaradenie k Ceriali\u00e1m, plebejsk\u00e9mu kultu a pramene.\" \/>\n<meta property=\"og:url\" content=\"https:\/\/iwell-guard.com\/sk\/ceres-rimska-bohyna-obilia\/\" \/>\n<meta property=\"og:site_name\" content=\"iWell Guard\" \/>\n<meta property=\"article:modified_time\" content=\"2026-09-04T22:48:42+00:00\" \/>\n<meta property=\"og:image\" content=\"https:\/\/iwell-guard.com\/wp-content\/uploads\/2026\/05\/goetter_rom_ceres.webp\" \/>\n\t<meta property=\"og:image:width\" content=\"1024\" \/>\n\t<meta property=\"og:image:height\" content=\"1536\" \/>\n\t<meta property=\"og:image:type\" content=\"image\/webp\" \/>\n<meta name=\"twitter:card\" content=\"summary_large_image\" \/>\n<script type=\"application\/ld+json\" class=\"yoast-schema-graph\">{\"@context\":\"https:\\\/\\\/schema.org\",\"@graph\":[{\"@type\":\"WebPage\",\"@id\":\"https:\\\/\\\/iwell-guard.com\\\/sk\\\/ceres-rimska-bohyna-obilia\\\/\",\"url\":\"https:\\\/\\\/iwell-guard.com\\\/sk\\\/ceres-rimska-bohyna-obilia\\\/\",\"name\":\"Ceres \u2013 r\u00edmska bohy\u0148a obilia\",\"isPartOf\":{\"@id\":\"https:\\\/\\\/iwell-guard.com\\\/sk\\\/#website\"},\"primaryImageOfPage\":{\"@id\":\"https:\\\/\\\/iwell-guard.com\\\/sk\\\/ceres-rimska-bohyna-obilia\\\/#primaryimage\"},\"image\":{\"@id\":\"https:\\\/\\\/iwell-guard.com\\\/sk\\\/ceres-rimska-bohyna-obilia\\\/#primaryimage\"},\"thumbnailUrl\":\"https:\\\/\\\/iwell-guard.com\\\/wp-content\\\/uploads\\\/2026\\\/05\\\/goetter_rom_ceres.webp\",\"datePublished\":\"2026-09-04T22:20:43+00:00\",\"dateModified\":\"2026-09-04T22:48:42+00:00\",\"description\":\"Ceres je r\u00edmska bohy\u0148a obilia a po\u013enohospod\u00e1rstva. Religionistick\u00e9 zaradenie k Ceriali\u00e1m, plebejsk\u00e9mu kultu a pramene.\",\"breadcrumb\":{\"@id\":\"https:\\\/\\\/iwell-guard.com\\\/sk\\\/ceres-rimska-bohyna-obilia\\\/#breadcrumb\"},\"inLanguage\":\"sk-SK\",\"potentialAction\":[{\"@type\":\"ReadAction\",\"target\":[\"https:\\\/\\\/iwell-guard.com\\\/sk\\\/ceres-rimska-bohyna-obilia\\\/\"]}]},{\"@type\":\"ImageObject\",\"inLanguage\":\"sk-SK\",\"@id\":\"https:\\\/\\\/iwell-guard.com\\\/sk\\\/ceres-rimska-bohyna-obilia\\\/#primaryimage\",\"url\":\"https:\\\/\\\/iwell-guard.com\\\/wp-content\\\/uploads\\\/2026\\\/05\\\/goetter_rom_ceres.webp\",\"contentUrl\":\"https:\\\/\\\/iwell-guard.com\\\/wp-content\\\/uploads\\\/2026\\\/05\\\/goetter_rom_ceres.webp\",\"width\":1024,\"height\":1536,\"caption\":\"Bohovia z r\u00edmskej trad\u00edcie.\"},{\"@type\":\"BreadcrumbList\",\"@id\":\"https:\\\/\\\/iwell-guard.com\\\/sk\\\/ceres-rimska-bohyna-obilia\\\/#breadcrumb\",\"itemListElement\":[{\"@type\":\"ListItem\",\"position\":1,\"name\":\"Start\",\"item\":\"https:\\\/\\\/iwell-guard.com\\\/sk\\\/?page_id=157572\"},{\"@type\":\"ListItem\",\"position\":2,\"name\":\"Ceres \u2013 r\u00edmska bohy\u0148a obilia a po\u013enohospod\u00e1rstva\"}]},{\"@type\":\"WebSite\",\"@id\":\"https:\\\/\\\/iwell-guard.com\\\/sk\\\/#website\",\"url\":\"https:\\\/\\\/iwell-guard.com\\\/sk\\\/\",\"name\":\"iWell Guard\",\"description\":\"Schutz vor dunklen Einfl\u00fcssen\",\"publisher\":{\"@id\":\"https:\\\/\\\/iwell-guard.com\\\/sk\\\/#organization\"},\"potentialAction\":[{\"@type\":\"SearchAction\",\"target\":{\"@type\":\"EntryPoint\",\"urlTemplate\":\"https:\\\/\\\/iwell-guard.com\\\/sk\\\/?s={search_term_string}\"},\"query-input\":{\"@type\":\"PropertyValueSpecification\",\"valueRequired\":true,\"valueName\":\"search_term_string\"}}],\"inLanguage\":\"sk-SK\"},{\"@type\":\"Organization\",\"@id\":\"https:\\\/\\\/iwell-guard.com\\\/sk\\\/#organization\",\"name\":\"Ittermann electronic GmbH\",\"url\":\"https:\\\/\\\/iwell-guard.com\\\/sk\\\/\",\"logo\":{\"@type\":\"ImageObject\",\"inLanguage\":\"sk-SK\",\"@id\":\"https:\\\/\\\/iwell-guard.com\\\/sk\\\/#\\\/schema\\\/logo\\\/image\\\/\",\"url\":\"https:\\\/\\\/iwell-guard.com\\\/wp-content\\\/uploads\\\/2026\\\/05\\\/Ittermann-Logo-1182x237-1.png\",\"contentUrl\":\"https:\\\/\\\/iwell-guard.com\\\/wp-content\\\/uploads\\\/2026\\\/05\\\/Ittermann-Logo-1182x237-1.png\",\"width\":1182,\"height\":237,\"caption\":\"Ittermann electronic GmbH\"},\"image\":{\"@id\":\"https:\\\/\\\/iwell-guard.com\\\/sk\\\/#\\\/schema\\\/logo\\\/image\\\/\"},\"sameAs\":[\"https:\\\/\\\/pantip.com\\\/profile\\\/9367242\",\"https:\\\/\\\/micro.blog\\\/iwellguard\",\"https:\\\/\\\/www.diggerslist.com\\\/iwellguard\\\/about\",\"https:\\\/\\\/skitterphoto.com\\\/photographers\\\/2870314\\\/iwell-guard\",\"https:\\\/\\\/iwellguard.wordpress.com\\\/2026\\\/06\\\/06\\\/iwell-guard\\\/\",\"https:\\\/\\\/hub.docker.com\\\/u\\\/iwellguard\",\"https:\\\/\\\/www.pinterest.com\\\/iwellguard\\\/\",\"https:\\\/\\\/bit.ly\\\/m\\\/iwellguard\",\"https:\\\/\\\/entre-vos-mains.alsace.eu\\\/profiles\\\/iwellguard\\\/activity\",\"https:\\\/\\\/gravatar.com\\\/reallybeded8fd34\",\"https:\\\/\\\/naijamatta.com\\\/iwellguard\",\"https:\\\/\\\/www.goodreads.com\\\/iwellguard\",\"https:\\\/\\\/profile.hatena.ne.jp\\\/iwellguard\\\/\",\"https:\\\/\\\/experiment.com\\\/users\\\/iwellguard\",\"https:\\\/\\\/wakelet.com\\\/@iWellGuard82270\",\"https:\\\/\\\/www.chordie.com\\\/forum\\\/profile.php?id=2555664\",\"https:\\\/\\\/www.instapaper.com\\\/p\\\/17757966\",\"https:\\\/\\\/www.mapleprimes.com\\\/users\\\/iwellguard\",\"https:\\\/\\\/businesslistingplus.com\\\/profile\\\/iwell-guard\\\/\",\"https:\\\/\\\/telegra.ph\\\/iWell-Guard-06-06\",\"https:\\\/\\\/pbase.com\\\/iwellguard\\\/iwellguard\",\"https:\\\/\\\/b.hatena.ne.jp\\\/iwellguard\\\/20260607#bookmark-4788405196491818882\",\"https:\\\/\\\/fliphtml5.com\\\/home\\\/iwellguard\",\"https:\\\/\\\/anyflip.com\\\/homepage\\\/cmiwl#About\",\"https:\\\/\\\/transfur.com\\\/Users\\\/iwellguard\",\"http:\\\/\\\/delphi.larsbo.org\\\/user\\\/iwellguard\",\"https:\\\/\\\/jobs.lajobsportal.org\\\/profiles\\\/8380803-iwell-guard\",\"https:\\\/\\\/md.chaosdorf.de\\\/s\\\/jfbe5SBdJD\",\"https:\\\/\\\/www.lingvolive.com\\\/en-us\\\/profile\\\/9ecaeaca-ce11-4e51-9e71-01d55e2bff36\\\/translations\",\"https:\\\/\\\/www.fitday.com\\\/fitness\\\/forums\\\/members\\\/iwellguard.html\",\"https:\\\/\\\/www.mymeetbook.com\\\/iwellguard\",\"https:\\\/\\\/pxhere.com\\\/en\\\/photographer-me\\\/5040798\",\"https:\\\/\\\/disqus.com\\\/by\\\/iwellguard\\\/about\\\/\",\"https:\\\/\\\/pastelink.net\\\/hjwciqwq\",\"https:\\\/\\\/pubhtml5.com\\\/homepage\\\/scjhn\\\/\",\"https:\\\/\\\/www.bitchute.com\\\/channel\\\/2O2eOKzNqujT\",\"https:\\\/\\\/audiomack.com\\\/iwellguard\"]}]}<\/script>\n<!-- \/ Yoast SEO Premium plugin. -->","yoast_head_json":{"title":"Ceres \u2013 r\u00edmska bohy\u0148a obilia","description":"Ceres je r\u00edmska bohy\u0148a obilia a po\u013enohospod\u00e1rstva. Religionistick\u00e9 zaradenie k Ceriali\u00e1m, plebejsk\u00e9mu kultu a pramene.","robots":{"index":"index","follow":"follow","max-snippet":"max-snippet:-1","max-image-preview":"max-image-preview:large","max-video-preview":"max-video-preview:-1"},"canonical":"https:\/\/iwell-guard.com\/sk\/ceres-rimska-bohyna-obilia\/","og_locale":"sk_SK","og_type":"article","og_title":"Ceres \u2013 r\u00edmska bohy\u0148a obilia a po\u013enohospod\u00e1rstva","og_description":"Ceres je r\u00edmska bohy\u0148a obilia a po\u013enohospod\u00e1rstva. Religionistick\u00e9 zaradenie k Ceriali\u00e1m, plebejsk\u00e9mu kultu a pramene.","og_url":"https:\/\/iwell-guard.com\/sk\/ceres-rimska-bohyna-obilia\/","og_site_name":"iWell Guard","article_modified_time":"2026-09-04T22:48:42+00:00","og_image":[{"width":1024,"height":1536,"url":"https:\/\/iwell-guard.com\/wp-content\/uploads\/2026\/05\/goetter_rom_ceres.webp","type":"image\/webp"}],"twitter_card":"summary_large_image","schema":{"@context":"https:\/\/schema.org","@graph":[{"@type":"WebPage","@id":"https:\/\/iwell-guard.com\/sk\/ceres-rimska-bohyna-obilia\/","url":"https:\/\/iwell-guard.com\/sk\/ceres-rimska-bohyna-obilia\/","name":"Ceres \u2013 r\u00edmska bohy\u0148a obilia","isPartOf":{"@id":"https:\/\/iwell-guard.com\/sk\/#website"},"primaryImageOfPage":{"@id":"https:\/\/iwell-guard.com\/sk\/ceres-rimska-bohyna-obilia\/#primaryimage"},"image":{"@id":"https:\/\/iwell-guard.com\/sk\/ceres-rimska-bohyna-obilia\/#primaryimage"},"thumbnailUrl":"https:\/\/iwell-guard.com\/wp-content\/uploads\/2026\/05\/goetter_rom_ceres.webp","datePublished":"2026-09-04T22:20:43+00:00","dateModified":"2026-09-04T22:48:42+00:00","description":"Ceres je r\u00edmska bohy\u0148a obilia a po\u013enohospod\u00e1rstva. Religionistick\u00e9 zaradenie k Ceriali\u00e1m, plebejsk\u00e9mu kultu a pramene.","breadcrumb":{"@id":"https:\/\/iwell-guard.com\/sk\/ceres-rimska-bohyna-obilia\/#breadcrumb"},"inLanguage":"sk-SK","potentialAction":[{"@type":"ReadAction","target":["https:\/\/iwell-guard.com\/sk\/ceres-rimska-bohyna-obilia\/"]}]},{"@type":"ImageObject","inLanguage":"sk-SK","@id":"https:\/\/iwell-guard.com\/sk\/ceres-rimska-bohyna-obilia\/#primaryimage","url":"https:\/\/iwell-guard.com\/wp-content\/uploads\/2026\/05\/goetter_rom_ceres.webp","contentUrl":"https:\/\/iwell-guard.com\/wp-content\/uploads\/2026\/05\/goetter_rom_ceres.webp","width":1024,"height":1536,"caption":"Bohovia z r\u00edmskej trad\u00edcie."},{"@type":"BreadcrumbList","@id":"https:\/\/iwell-guard.com\/sk\/ceres-rimska-bohyna-obilia\/#breadcrumb","itemListElement":[{"@type":"ListItem","position":1,"name":"Start","item":"https:\/\/iwell-guard.com\/sk\/?page_id=157572"},{"@type":"ListItem","position":2,"name":"Ceres \u2013 r\u00edmska bohy\u0148a obilia a po\u013enohospod\u00e1rstva"}]},{"@type":"WebSite","@id":"https:\/\/iwell-guard.com\/sk\/#website","url":"https:\/\/iwell-guard.com\/sk\/","name":"iWell Guard","description":"Schutz vor dunklen Einfl\u00fcssen","publisher":{"@id":"https:\/\/iwell-guard.com\/sk\/#organization"},"potentialAction":[{"@type":"SearchAction","target":{"@type":"EntryPoint","urlTemplate":"https:\/\/iwell-guard.com\/sk\/?s={search_term_string}"},"query-input":{"@type":"PropertyValueSpecification","valueRequired":true,"valueName":"search_term_string"}}],"inLanguage":"sk-SK"},{"@type":"Organization","@id":"https:\/\/iwell-guard.com\/sk\/#organization","name":"Ittermann electronic GmbH","url":"https:\/\/iwell-guard.com\/sk\/","logo":{"@type":"ImageObject","inLanguage":"sk-SK","@id":"https:\/\/iwell-guard.com\/sk\/#\/schema\/logo\/image\/","url":"https:\/\/iwell-guard.com\/wp-content\/uploads\/2026\/05\/Ittermann-Logo-1182x237-1.png","contentUrl":"https:\/\/iwell-guard.com\/wp-content\/uploads\/2026\/05\/Ittermann-Logo-1182x237-1.png","width":1182,"height":237,"caption":"Ittermann electronic GmbH"},"image":{"@id":"https:\/\/iwell-guard.com\/sk\/#\/schema\/logo\/image\/"},"sameAs":["https:\/\/pantip.com\/profile\/9367242","https:\/\/micro.blog\/iwellguard","https:\/\/www.diggerslist.com\/iwellguard\/about","https:\/\/skitterphoto.com\/photographers\/2870314\/iwell-guard","https:\/\/iwellguard.wordpress.com\/2026\/06\/06\/iwell-guard\/","https:\/\/hub.docker.com\/u\/iwellguard","https:\/\/www.pinterest.com\/iwellguard\/","https:\/\/bit.ly\/m\/iwellguard","https:\/\/entre-vos-mains.alsace.eu\/profiles\/iwellguard\/activity","https:\/\/gravatar.com\/reallybeded8fd34","https:\/\/naijamatta.com\/iwellguard","https:\/\/www.goodreads.com\/iwellguard","https:\/\/profile.hatena.ne.jp\/iwellguard\/","https:\/\/experiment.com\/users\/iwellguard","https:\/\/wakelet.com\/@iWellGuard82270","https:\/\/www.chordie.com\/forum\/profile.php?id=2555664","https:\/\/www.instapaper.com\/p\/17757966","https:\/\/www.mapleprimes.com\/users\/iwellguard","https:\/\/businesslistingplus.com\/profile\/iwell-guard\/","https:\/\/telegra.ph\/iWell-Guard-06-06","https:\/\/pbase.com\/iwellguard\/iwellguard","https:\/\/b.hatena.ne.jp\/iwellguard\/20260607#bookmark-4788405196491818882","https:\/\/fliphtml5.com\/home\/iwellguard","https:\/\/anyflip.com\/homepage\/cmiwl#About","https:\/\/transfur.com\/Users\/iwellguard","http:\/\/delphi.larsbo.org\/user\/iwellguard","https:\/\/jobs.lajobsportal.org\/profiles\/8380803-iwell-guard","https:\/\/md.chaosdorf.de\/s\/jfbe5SBdJD","https:\/\/www.lingvolive.com\/en-us\/profile\/9ecaeaca-ce11-4e51-9e71-01d55e2bff36\/translations","https:\/\/www.fitday.com\/fitness\/forums\/members\/iwellguard.html","https:\/\/www.mymeetbook.com\/iwellguard","https:\/\/pxhere.com\/en\/photographer-me\/5040798","https:\/\/disqus.com\/by\/iwellguard\/about\/","https:\/\/pastelink.net\/hjwciqwq","https:\/\/pubhtml5.com\/homepage\/scjhn\/","https:\/\/www.bitchute.com\/channel\/2O2eOKzNqujT","https:\/\/audiomack.com\/iwellguard"]}]}},"_links":{"self":[{"href":"https:\/\/iwell-guard.com\/sk\/wp-json\/wp\/v2\/pages\/158020","targetHints":{"allow":["GET"]}}],"collection":[{"href":"https:\/\/iwell-guard.com\/sk\/wp-json\/wp\/v2\/pages"}],"about":[{"href":"https:\/\/iwell-guard.com\/sk\/wp-json\/wp\/v2\/types\/page"}],"author":[{"embeddable":true,"href":"https:\/\/iwell-guard.com\/sk\/wp-json\/wp\/v2\/users\/3"}],"replies":[{"embeddable":true,"href":"https:\/\/iwell-guard.com\/sk\/wp-json\/wp\/v2\/comments?post=158020"}],"version-history":[{"count":0,"href":"https:\/\/iwell-guard.com\/sk\/wp-json\/wp\/v2\/pages\/158020\/revisions"}],"wp:featuredmedia":[{"embeddable":true,"href":"https:\/\/iwell-guard.com\/sk\/wp-json\/wp\/v2\/media\/3389"}],"wp:attachment":[{"href":"https:\/\/iwell-guard.com\/sk\/wp-json\/wp\/v2\/media?parent=158020"}],"wp:term":[{"taxonomy":"category","embeddable":true,"href":"https:\/\/iwell-guard.com\/sk\/wp-json\/wp\/v2\/categories?post=158020"}],"curies":[{"name":"wp","href":"https:\/\/api.w.org\/{rel}","templated":true}]}}