{"id":158018,"date":"2026-09-04T22:20:42","date_gmt":"2026-09-04T22:20:42","guid":{"rendered":"https:\/\/iwell-guard.com\/?page_id=158018"},"modified":"2026-09-04T22:48:38","modified_gmt":"2026-09-04T22:48:38","slug":"lares-rimski-ochranni-duchovia-domu","status":"publish","type":"page","link":"https:\/\/iwell-guard.com\/sk\/lares-rimski-ochranni-duchovia-domu\/","title":{"rendered":"L\u00e1rovia \u2013 r\u00edmski ochrann\u00ed duchovia domu"},"content":{"rendered":"\t\t<div data-elementor-type=\"wp-page\" data-elementor-id=\"158018\" class=\"elementor elementor-158018 elementor-2912 elementor-bc-flex-widget\" data-elementor-post-type=\"page\">\n\t\t\t\t<div class=\"elementor-element elementor-element-heroddfb9ef e-flex e-con-boxed e-con e-parent\" data-id=\"heroddfb9ef\" data-element_type=\"container\" data-e-type=\"container\">\n\t\t\t\t\t<div class=\"e-con-inner\">\n\t\t\t\t<div class=\"elementor-element elementor-element-heroimg581263b iwg-hero-image elementor-widget elementor-widget-image\" data-id=\"heroimg581263b\" data-element_type=\"widget\" data-e-type=\"widget\" data-widget_type=\"image.default\">\n\t\t\t\t\t\t\t\t\t\t\t\t\t\t\t<img fetchpriority=\"high\" decoding=\"async\" width=\"683\" height=\"1024\" src=\"https:\/\/iwell-guard.com\/wp-content\/uploads\/2026\/05\/geister_rom_laren-1-683x1024.webp\" class=\"attachment-large size-large wp-image-159643\" alt=\"Larovia - duchovia z r\u00edmskej trad\u00edcie, historicko-ilustra\u010dn\u00e9\" srcset=\"https:\/\/iwell-guard.com\/wp-content\/uploads\/2026\/05\/geister_rom_laren-1-683x1024.webp 683w, https:\/\/iwell-guard.com\/wp-content\/uploads\/2026\/05\/geister_rom_laren-1-200x300.webp 200w, https:\/\/iwell-guard.com\/wp-content\/uploads\/2026\/05\/geister_rom_laren-1-768x1152.webp 768w, https:\/\/iwell-guard.com\/wp-content\/uploads\/2026\/05\/geister_rom_laren-1.webp 1024w\" sizes=\"(max-width: 683px) 100vw, 683px\" \/>\t\t\t\t\t\t\t\t\t\t\t\t\t\t\t<\/div>\n\t\t\t\t\t<\/div>\n\t\t\t\t<\/div>\n\t\t<div class=\"elementor-element elementor-element-iwgw-laren-hero e-flex e-con-boxed e-con e-parent\" data-id=\"iwgw-laren-hero\" data-element_type=\"container\" data-e-type=\"container\">\n\t\t\t\t\t<div class=\"e-con-inner\">\n\t\t\t\t<div class=\"elementor-element elementor-element-iwgw-laren-h1 elementor-widget elementor-widget-heading\" data-id=\"iwgw-laren-h1\" data-element_type=\"widget\" data-e-type=\"widget\" data-widget_type=\"heading.default\">\n\t\t\t\t\t<h1 class=\"elementor-heading-title elementor-size-default\">L\u00e1rovia \u2013 ochrann\u00ed duchovia domu, rodiny a kri\u017eovatky<\/h1>\t\t\t\t<\/div>\n\t\t\t\t<div class=\"elementor-element elementor-element-iwgw-laren-pills elementor-widget elementor-widget-html\" data-id=\"iwgw-laren-pills\" data-element_type=\"widget\" data-e-type=\"widget\" data-widget_type=\"html.default\">\n\t\t\t\t\t<div class=\"iwg-pill-row\"><span class=\"iwg-klasse-badge\" tabindex=\"0\" data-tooltip=\"Ochrann\u00ed duchovia trad\u00edcie R\u00edm.\">Ochrann\u00ed duchovia<\/span><a href=\"https:\/\/iwell-guard.com\/sk\/rim\/\" class=\"iwg-kultur-badge\" tabindex=\"0\" data-tooltip=\"Mytol\u00f3gia trad\u00edcie R\u00edm.\">R\u00edm<\/a><span class=\"iwg-tradition-badge\" tabindex=\"0\" data-tooltip=\"Dom\u00e1ci duchovia.\">Dom\u00e1ci duchovia<\/span><\/div>\t\t\t\t<\/div>\n\t\t\t\t<div class=\"elementor-element elementor-element-iwgw-laren-lead elementor-widget elementor-widget-text-editor\" data-id=\"iwgw-laren-lead\" data-element_type=\"widget\" data-e-type=\"widget\" data-widget_type=\"text-editor.default\">\n\t\t\t\t\t\t\t\t\t<p>L\u00e1rovia patria k najd\u00f4vernej\u0161\u00edm postav\u00e1m r\u00edmskeho ka\u017edodenn\u00e9ho n\u00e1bo\u017eenstva. Ako ochrann\u00ed duchovia str\u00e1\u017eili dom, rodinu a kri\u017eovatky ciest. Ich <span class=\"iwg-fachbegriff\" data-tooltip=\"S\u00fahrn n\u00e1bo\u017eensk\u00fdch \u00fakonov uctievania bo\u017estva alebo sv\u00e4tej postavy.\" tabindex=\"0\">kult<\/span> sp\u00e1jal s\u00fakromn\u00fd domov s verejn\u00fdm priestorom.<\/p>\t\t\t\t\t\t\t\t<\/div>\n\t\t\t\t\t<\/div>\n\t\t\t\t<\/div>\n\t\t<div class=\"elementor-element elementor-element-iwgw-laren-s0 e-flex e-con-boxed e-con e-parent\" data-id=\"iwgw-laren-s0\" data-element_type=\"container\" data-e-type=\"container\">\n\t\t\t\t\t<div class=\"e-con-inner\">\n\t\t\t\t<div class=\"elementor-element elementor-element-iwgw-laren-s0h elementor-widget elementor-widget-heading\" data-id=\"iwgw-laren-s0h\" data-element_type=\"widget\" data-e-type=\"widget\" data-widget_type=\"heading.default\">\n\t\t\t\t\t<h2 class=\"elementor-heading-title elementor-size-default\">Zaradenie<\/h2>\t\t\t\t<\/div>\n\t\t\t\t<div class=\"elementor-element elementor-element-iwgw-laren-s0t elementor-widget elementor-widget-text-editor\" data-id=\"iwgw-laren-s0t\" data-element_type=\"widget\" data-e-type=\"widget\" data-widget_type=\"text-editor.default\">\n\t\t\t\t\t\t\t\t\t<p>L\u00e1rovia patria k najcharakteristickej\u0161\u00edm postav\u00e1m r\u00edmskeho n\u00e1bo\u017eenstva. Neboli ve\u013ek\u00fdmi bo\u017estvami s rozvinut\u00fdmi m\u00fdtmi, ale ochrann\u00fdmi duchmi, ktor\u00ed boli \u00fazko viazan\u00ed na konkr\u00e9tne miesta a soci\u00e1lne jednotky.<\/p><p>V centre st\u00e1l <em>Lar familiaris<\/em>, ochrann\u00fd duch jednotliv\u00e9ho domu a jeho obyvate\u013eov, k nim\u017e pod\u013ea r\u00edmskeho ch\u00e1pania patrili aj otroci. Ved\u013ea neho st\u00e1li <em>Lares compitales<\/em>, ktor\u00ed boli uctievan\u00ed na <em>compita<\/em>, kri\u017eovatk\u00e1ch ciest, a chr\u00e1nili susedstvo.<\/p><p>Z poh\u013eadu dej\u00edn n\u00e1bo\u017eenstva s\u00fa l\u00e1rovia pr\u00edkladom \u00fazkeho spojenia n\u00e1bo\u017eenstva a soci\u00e1lneho poriadku v r\u00edmskom myslen\u00ed. Kde \u013eudia \u017eili spolo\u010dne alebo sa dot\u00fdkali hranice, tam boli myslen\u00ed aj l\u00e1rovia ako p\u00f4sobiaci. <span class=\"iwg-fachbegriff\" data-tooltip=\"S\u00fahrn n\u00e1bo\u017eensk\u00fdch \u00fakonov uctievania bo\u017estva alebo sv\u00e4tej postavy.\" tabindex=\"0\">Kult<\/span> bol tak viazan\u00fd menej na n\u00e1uku a viac na prax a miesto.<\/p><p>V star\u0161om v\u00fdskume boli l\u00e1rovia \u010dasto vykladan\u00ed ako predkovia-duchovia, v nov\u0161\u00edch pr\u00e1cach sa naopak ch\u00e1pu sk\u00f4r ako duchovia miesta, ktor\u00ed zabezpe\u010dovali prosperitu ur\u010ditej oblasti. Presn\u00e9 odl\u00ed\u0161enie od <a href=\"https:\/\/iwell-guard.com\/sk\/rim\/\">r\u00edmskych<\/a> Manov a Pen\u00e1tov zost\u00e1valo plynul\u00e9 aj v <span class=\"iwg-fachbegriff\" data-tooltip=\"Epocha gr\u00e9ckej a r\u00edmskej kult\u00fary, pribli\u017ene 800 pred n. l. a\u017e 600 n. l.\" tabindex=\"0\">antike<\/span>.<\/p><p>V\u00fdznam l\u00e1rov sa rozprestieral od najmen\u0161ieho hospod\u00e1rstva a\u017e po hlavn\u00e9 mesto. Cis\u00e1r Augustus previazal kult l\u00e1rov s reformou mestsk\u00fdch obvodov a spojil ho so svoj\u00edm vlastn\u00fdm G\u00e9niom. Z \u013eudov\u00e9ho dom\u00e1ceho kultu sa tak stal prvok \u0161t\u00e1tneho n\u00e1bo\u017eensk\u00e9ho poriadku.<\/p>\t\t\t\t\t\t\t\t<\/div>\n\t\t\t\t\t<\/div>\n\t\t\t\t<\/div>\n\t\t<div class=\"elementor-element elementor-element-iwgw-laren-s1 e-flex e-con-boxed e-con e-parent\" data-id=\"iwgw-laren-s1\" data-element_type=\"container\" data-e-type=\"container\">\n\t\t\t\t\t<div class=\"e-con-inner\">\n\t\t\t\t<div class=\"elementor-element elementor-element-iwgw-laren-s1h elementor-widget elementor-widget-heading\" data-id=\"iwgw-laren-s1h\" data-element_type=\"widget\" data-e-type=\"widget\" data-widget_type=\"heading.default\">\n\t\t\t\t\t<h2 class=\"elementor-heading-title elementor-size-default\">Meno a etymol\u00f3gia<\/h2>\t\t\t\t<\/div>\n\t\t\t\t<div class=\"elementor-element elementor-element-iwgw-laren-s1t elementor-widget elementor-widget-text-editor\" data-id=\"iwgw-laren-s1t\" data-element_type=\"widget\" data-e-type=\"widget\" data-widget_type=\"text-editor.default\">\n\t\t\t\t\t\t\t\t\t<p>Meno <em>Lar<\/em>, v plur\u00e1li <em>Lares<\/em>, nie je jazykovo \u00faplne objasnen\u00e9. Samotn\u00e1 <span class=\"iwg-fachbegriff\" data-tooltip=\"Epocha gr\u00e9ckej a r\u00edmskej kult\u00fary, pribli\u017ene 800 pred n. l. a\u017e 600 n. l.\" tabindex=\"0\">antika<\/span> poznala viacero v\u00fdkladov, bez toho, aby sa presadil jeden z nich.<\/p><p>Roz\u0161\u00edren\u00e1 domnienka modernej vedy sp\u00e1ja slovo s etrusk\u00fdm kore\u0148om, preto\u017ee <em>lar<\/em> sa v etru\u0161tine vyskytuje ako s\u00fa\u010das\u0165 osobn\u00fdch mien a ako ozna\u010denie pre p\u00e1na alebo knie\u017ea. \u010ci z toho vznikol n\u00e1bo\u017eensk\u00fd pojem, alebo naopak, \u010di bolo prevzat\u00e9 latinsk\u00e9 slovo, sa ned\u00e1 s istotou rozhodn\u00fa\u0165.<\/p><p>In\u00e1 l\u00ednia v\u00fdkladu sp\u00e1ja meno s v\u00fdrazmi pre mrtvych alebo pre pohreb a t\u00fdm podporuje star\u0161iu t\u00e9zu o duchovi predkov. Samotn\u00e9 prameny hovoria raz o <em>Lares<\/em> ako o synoch bohyne menom <em>Mania<\/em> alebo <em>Lara<\/em>, \u010do naopak ukazuje na s\u00favislos\u0165 s podsvet\u00edm.<\/p><p>D\u00f4le\u017eit\u00e9 je, \u017ee Rimania preferovali plur\u00e1l. Aj ke\u010f sa o <em>Lar familiaris<\/em> hovor\u00ed v singul\u00e1ri, v dom\u00e1cej kapli\u010dke sa zvy\u010dajne objavuj\u00fa dve fig\u00farky l\u00e1rov.<\/p><p>Mno\u017enos\u0165 zodpovedala predstave, \u017ee ide o skupinu podobn\u00fdch ochrann\u00fdch duchov, nie o jednotliv\u00fa osobu s biografiou. Pojem tak zostal flexibiln\u00fd a mohol sa pren\u00e1\u0161a\u0165 na r\u00f4zne oblasti, od domu cez kri\u017eovatku a\u017e po polia, morsk\u00e9 cesty a cel\u00e9 cesty.<\/p>\t\t\t\t\t\t\t\t<\/div>\n\t\t\t\t\t<\/div>\n\t\t\t\t<\/div>\n\t\t<div class=\"elementor-element elementor-element-iwgw-laren-s2 e-flex e-con-boxed e-con e-parent\" data-id=\"iwgw-laren-s2\" data-element_type=\"container\" data-e-type=\"container\">\n\t\t\t\t\t<div class=\"e-con-inner\">\n\t\t\t\t<div class=\"elementor-element elementor-element-iwgw-laren-s2h elementor-widget elementor-widget-heading\" data-id=\"iwgw-laren-s2h\" data-element_type=\"widget\" data-e-type=\"widget\" data-widget_type=\"heading.default\">\n\t\t\t\t\t<h2 class=\"elementor-heading-title elementor-size-default\">Popis a ikonografia<\/h2>\t\t\t\t<\/div>\n\t\t\t\t<div class=\"elementor-element elementor-element-iwgw-laren-s2t elementor-widget elementor-widget-text-editor\" data-id=\"iwgw-laren-s2t\" data-element_type=\"widget\" data-e-type=\"widget\" data-widget_type=\"text-editor.default\">\n\t\t\t\t\t\t\t\t\t<p>Obrazov\u00e9 zobrazenie l\u00e1rov je dobre zn\u00e1me z mnoh\u00fdch n\u00e1lezov z Pompej\u00ed, Herculanea a in\u00fdch miest. Typick\u00fd l\u00e1r sa zjavuje ako mladistv\u00e1 mu\u017esk\u00e1 postava v kr\u00e1tkej, op\u00e1sanej tunike, \u010dasto v tane\u010dnom kroku alebo so zdvihnutou nohou, v \u017eivom pohybe.<\/p><p>V ruk\u00e1ch zvy\u010dajne dr\u017e\u00ed pitn\u00fd roho\u017en\u00fd poh\u00e1r, <em>rhyton<\/em>, a ploch\u00fa obetn\u00fa misku, <em>pateru<\/em>, niekedy aj vedro.<\/p><p>Postavy st\u00e1li v <em>L\u00e1rarium<\/em>, dom\u00e1com sv\u00e4tost\u00e1nku, ktor\u00fd bol pod\u013ea bohatstva domu vyobrazen\u00fd ako nama\u013eovan\u00e1 nika, ako mal\u00e1 dreven\u00e1 stavba pripom\u00ednaj\u00faca chr\u00e1m, alebo ako n\u00e1ro\u010dn\u00e1 n\u00e1stenn\u00e1 ma\u013eba. \u010casto s\u00fa zobrazen\u00ed dvaja tancuj\u00faci l\u00e1rovia na oboch stran\u00e1ch strednej postavy.<\/p><p>T\u00e1to stredn\u00e1 postava je v\u00e4\u010d\u0161inou <em>G\u00e9nius<\/em> hlavy domu, ktor\u00fd zobrazuje mu\u017ea v t\u00f3ge so zahalenou hlavou pri <span class=\"iwg-fachbegriff\" data-tooltip=\"Dar bo\u017estvu na vyjadrenie v\u010faky, prosby alebo \u00facty.\" tabindex=\"0\">obete<\/span>. Pod sc\u00e9nou sa \u010dasto vinie had, ktor\u00fd je vykladan\u00fd ako ochrann\u00fd duch miesta alebo ako stelesnenie plodnej sily domu.<\/p><p>Pohyblivos\u0165 post\u00e1v l\u00e1rov je n\u00e1padn\u00e1 a odli\u0161uje ich od pokojnej d\u00f4stojnosti mnoh\u00fdch in\u00fdch r\u00edmskych bohov. P\u00f4sobia sk\u00f4r ako slu\u017eobn\u00ed, \u017eiv\u00ed duchovia ne\u017e ako vzne\u0161en\u00e9 bo\u017estv\u00e1. T\u00e1to ikonografia zostala po\u010das storo\u010d\u00ed prekvapuj\u00faco stabiln\u00e1 a bola roz\u0161\u00edren\u00e1 po celom r\u00edmskom Z\u00e1pade, \u010do nazna\u010duje pevn\u00fa obrazov\u00fa trad\u00edciu dom\u00e1ceho kultu.<\/p>\t\t\t\t\t\t\t\t<\/div>\n\t\t\t\t\t<\/div>\n\t\t\t\t<\/div>\n\t\t<div class=\"elementor-element elementor-element-iwgw-laren-s3 e-flex e-con-boxed e-con e-parent\" data-id=\"iwgw-laren-s3\" data-element_type=\"container\" data-e-type=\"container\">\n\t\t\t\t\t<div class=\"e-con-inner\">\n\t\t\t\t<div class=\"elementor-element elementor-element-iwgw-laren-s3h elementor-widget elementor-widget-heading\" data-id=\"iwgw-laren-s3h\" data-element_type=\"widget\" data-e-type=\"widget\" data-widget_type=\"heading.default\">\n\t\t\t\t\t<h2 class=\"elementor-heading-title elementor-size-default\">Mytologick\u00e9 rozpr\u00e1vania a trad\u00edcia<\/h2>\t\t\t\t<\/div>\n\t\t\t\t<div class=\"elementor-element elementor-element-iwgw-laren-s3t elementor-widget elementor-widget-text-editor\" data-id=\"iwgw-laren-s3t\" data-element_type=\"widget\" data-e-type=\"widget\" data-widget_type=\"text-editor.default\">\n\t\t\t\t\t\t\t\t\t<p>Na rozdiel od ve\u013ek\u00fdch bo\u017estiev nemali L\u00e1rovia takmer \u017eiadne rozpracovan\u00e9 m\u00fdty. Boli funk\u010dn\u00fdmi duchmi, ktor\u00fdch v\u00fdznam spo\u010d\u00edval v praxi, nie v rozpr\u00e1vaniach. Napriek tomu existuje nieko\u013eko liter\u00e1rnych miest, ktor\u00e9 im d\u00e1vaj\u00fa ist\u00fa predohru.<\/p><p>B\u00e1snik Ovidius vo svojich <em>Fasti<\/em> rozpr\u00e1va o nymfe Lare, ktor\u00e1 bola za svoju zhovor\u010divos\u0165 potrestan\u00e1 Jupiterom a poslan\u00e1 do podsvetia.<\/p><p>Na ceste tam s \u0148ou Mercurius splod\u00ed dvoji\u010dky, <em>Lares<\/em>, ktor\u00e9 odteraz str\u00e1\u017eia kri\u017eovatky. Tento pr\u00edbeh je liter\u00e1rnou kon\u0161trukciou z \u010dias cis\u00e1rstva a mal larsk\u00e9mu kultu doda\u0165 mytologick\u00fd p\u00f4vod.<\/p><p>V kom\u00e9dii Plauta vystupuje <em>Lar familiaris<\/em> dokonca ako hovoriaca javiskov\u00e1 postava. V prol\u00f3gu <em>Aulul\u00e1rie<\/em> vysvet\u013euje, \u017ee str\u00e1\u017ei dom a v \u0148om skryt\u00fd poklad a \u017ee sa star\u00e1 o obyvate\u013eov domu pod\u013ea toho, ako starostlivo ho ctia.<\/p><p>Toto miesto je z h\u013eadiska dej\u00edn n\u00e1bo\u017eenstva cenn\u00e9, preto\u017ee ukazuje, ako bol dom\u00e1ci duch ch\u00e1pan\u00fd v be\u017enom \u017eivote, ako pozorn\u00fd pozorovate\u013e, ktor\u00fd odme\u0148uje <span class=\"iwg-fachbegriff\" data-tooltip=\"\u017dit\u00fd n\u00e1bo\u017eensk\u00fd postoj a prax \u010dloveka.\" tabindex=\"0\">n\u00e1bo\u017enos\u0165<\/span> a ne\u013e\u00fabostivo vn\u00edma zanedb\u00e1vanie.<\/p><p><span class=\"iwg-fachbegriff\" data-tooltip=\"Odovzd\u00e1vanie vedomost\u00ed a rozpr\u00e1van\u00ed z gener\u00e1cie na gener\u00e1ciu.\" tabindex=\"0\">Trad\u00edcia<\/span> L\u00e1rov zostala celkovo \u00falomkovit\u00e1. Ich hist\u00f3ria sa d\u00e1 rekon\u0161truova\u0165 sk\u00f4r z archeologick\u00fdch n\u00e1lezov, n\u00e1pisov a mimochodn\u00fdch zmienok v literat\u00fare ne\u017e z uzavret\u00e9ho mytologick\u00e9ho cyklu. Pr\u00e1ve tento stav pramenn\u00e9ho materi\u00e1lu z nich rob\u00ed d\u00f4le\u017eit\u00e9 svedectvo o tom, \u017ee r\u00edmske n\u00e1bo\u017eenstvo bolo vo ve\u013ekej miere n\u00e1bo\u017eenstvom \u010dinu.<\/p>\t\t\t\t\t\t\t\t<\/div>\n\t\t\t\t\t<\/div>\n\t\t\t\t<\/div>\n\t\t<div class=\"elementor-element elementor-element-iwgw-laren-s4 e-flex e-con-boxed e-con e-parent\" data-id=\"iwgw-laren-s4\" data-element_type=\"container\" data-e-type=\"container\">\n\t\t\t\t\t<div class=\"e-con-inner\">\n\t\t\t\t<div class=\"elementor-element elementor-element-iwgw-laren-s4h elementor-widget elementor-widget-heading\" data-id=\"iwgw-laren-s4h\" data-element_type=\"widget\" data-e-type=\"widget\" data-widget_type=\"heading.default\">\n\t\t\t\t\t<h2 class=\"elementor-heading-title elementor-size-default\">Kult a uctievanie<\/h2>\t\t\t\t<\/div>\n\t\t\t\t<div class=\"elementor-element elementor-element-iwgw-laren-s4t elementor-widget elementor-widget-text-editor\" data-id=\"iwgw-laren-s4t\" data-element_type=\"widget\" data-e-type=\"widget\" data-widget_type=\"text-editor.default\">\n\t\t\t\t\t\t\t\t\t<p>Kult L\u00e1rov bol hlboko zakotven\u00fd v dom\u00e1com prostred\u00ed. Ka\u017ed\u00fd de\u0148 mohol hospod\u00e1r alebo hospod\u00e1rka prin\u00e1\u0161a\u0165 L\u00e1rom drobn\u00e9 dary, nie\u010do z jedla, kadidlo, v\u00edno alebo kvety.<\/p><p>Osobitn\u00fa pozornos\u0165 si L\u00e1rovia zasl\u00fa\u017eili na kalendy, nony a idy ka\u017ed\u00e9ho mesiaca, ako aj pri rodinn\u00fdch zvratov\u00fdch udalostiach. Ke\u010f si mlad\u00fd mu\u017e obliekol <em>toga virilis<\/em>, ke\u010f nevesta vstupovala do nov\u00e9ho domu alebo ke\u010f sa niekto vr\u00e1til z cesty, patrila k tomu <span class=\"iwg-fachbegriff\" data-tooltip=\"Dar bo\u017estvu na vyjadrenie v\u010faky, prosby alebo uctenia.\" tabindex=\"0\">obeta<\/span> L\u00e1rom.<\/p><p>Vo verejnom priestore st\u00e1li <em>Lares compitales<\/em>. Na kri\u017eovatk\u00e1ch ciest sa nach\u00e1dzali mal\u00e9 sv\u00e4tyne, ktor\u00fdch <span class=\"iwg-fachbegriff\" data-tooltip=\"S\u00fahrn n\u00e1bo\u017eensk\u00fdch \u00factov\u00fdch \u00fakonov vo\u010di bo\u017estvu alebo sv\u00e4tej postave.\" tabindex=\"0\">kult<\/span> nesli susedsk\u00e9 zdru\u017eenia. V\u00fdro\u010dn\u00fd sviatok <em>Compitalia<\/em> v zime bol pohybliv\u00fdm sviatkom, ktor\u00e9ho term\u00edn stanovoval v\u017edy magistr\u00e1t.<\/p><p>Pri tejto pr\u00edle\u017eitosti sa sv\u00e4tyne zdobili a konali sa obety a spolo\u010dn\u00e9 oslavy obyvate\u013estva. Tieto zdru\u017eenia, <em>collegia compitalicia<\/em>, mali ist\u00fd \u010das zna\u010dn\u00fa politick\u00fa v\u00e1hu, preto boli v neskorej republike opakovane obmedzovan\u00e9.<\/p><p>Augustus od roku 7 pred na\u0161\u00edm letopo\u010dtom kult na kri\u017eovatk\u00e1ch nanovo usporiadal. Rozdelil mesto na obvody a na kri\u017eovatk\u00e1ch nechal uctieva\u0165 <em>Lares Augusti<\/em> spolu so svoj\u00edm vlastn\u00fdm G\u00e9niom.<\/p><p>Nosite\u013emi kultu boli <em>vicomagistri<\/em>, \u010dasto prepustenci, ktor\u00fdm tak pripadla n\u00e1bo\u017eensk\u00e1 a spolo\u010densk\u00e1 \u00faloha. Dom\u00e1ci kult sa tak zaradil do \u0161trukt\u00fary cis\u00e1rskeho n\u00e1bo\u017eenstva.<\/p><p>\u010casov\u00fd dosah kultu L\u00e1rov siaha pod\u013ea <span class=\"iwg-fachbegriff\" data-tooltip=\"Odovzd\u00e1vanie vedomost\u00ed a rozpr\u00e1van\u00ed z gener\u00e1cie na gener\u00e1ciu.\" tabindex=\"0\">trad\u00edcie<\/span> hlboko do ran\u00fdch \u010dias. Compitalia patrili k pevn\u00fdm d\u00e1tumom republik\u00e1nskeho sviato\u010dn\u00e9ho kalend\u00e1ra, ich presn\u00fd d\u00e1tum v\u0161ak nebol stanoven\u00fd pevne, ale ka\u017edoro\u010dne kr\u00e1tko po Saturn\u00e1li\u00e1ch ho vyhl\u00e1sil pr\u00e9tor alebo in\u00fd magistr\u00e1t.<\/p><p>Toto pohybliv\u00e9 stanovenie sp\u00e1jalo sviatok so z\u00e1verom vidieckeho pracovn\u00e9ho roka. Cato Star\u0161\u00ed vo svojom spise o po\u013enohospod\u00e1rstve spom\u00edna uctievanie L\u00e1rov spr\u00e1vcom majetku a jeho man\u017eelkou, \u010d\u00edm ukazuje, \u017ee <span class=\"iwg-fachbegriff\" data-tooltip=\"S\u00fahrn n\u00e1bo\u017eensk\u00fdch \u00factov\u00fdch \u00fakonov vo\u010di bo\u017estvu alebo sv\u00e4tej postave.\" tabindex=\"0\">kult<\/span> mal svoje pevn\u00e9 miesto aj na ve\u013ekom vidieckom hospod\u00e1rstve.<\/p><p>Dion\u00fdzios z Halikarnassu pripisuje zriadenie sv\u00e4t\u00fd\u0148 na kri\u017eovatk\u00e1ch kr\u00e1\u013eovi Serviovi Tulliovi, \u010do je etiologick\u00e9 datovanie do minulosti, ktor\u00e9 malo zd\u00f4razni\u0165 vysok\u00e9 postavenie kultu. V neskorej republike boli collegia compitalicia viackr\u00e1t rozpusten\u00e9 uznesen\u00edm sen\u00e1tu, preto\u017ee boli pova\u017eovan\u00e9 za ohnisk\u00e1 mestsk\u00fdch nepokojov, a za Caesara boli op\u00e4\u0165 obmedzen\u00e9.<\/p><p>Augustovsk\u00e1 reorganiz\u00e1cia od roku 7 pred na\u0161\u00edm letopo\u010dtom premenila t\u00fato potenci\u00e1lne nepokojn\u00fa in\u0161tit\u00faciu na usporiadan\u00fd prvok mestskej spr\u00e1vy. R\u00edm bol rozdelen\u00fd na \u0161trn\u00e1s\u0165 regi\u00f3nov a mnoho vicov a na ka\u017edej vybudovanej kri\u017eovatke odtia\u013eto st\u00e1la <span class=\"iwg-fachbegriff\" data-tooltip=\"Mal\u00e9 posv\u00e4tn\u00e9 \u00falo\u017en\u00e9 miesto alebo miesto zbo\u017enosti.\" tabindex=\"0\">sv\u00e4ty\u0148a<\/span> Lares Augusti.<\/p>\t\t\t\t\t\t\t\t<\/div>\n\t\t\t\t\t<\/div>\n\t\t\t\t<\/div>\n\t\t<div class=\"elementor-element elementor-element-iwgw-laren-s5 e-flex e-con-boxed e-con e-parent\" data-id=\"iwgw-laren-s5\" data-element_type=\"container\" data-e-type=\"container\">\n\t\t\t\t\t<div class=\"e-con-inner\">\n\t\t\t\t<div class=\"elementor-element elementor-element-iwgw-laren-s5h elementor-widget elementor-widget-heading\" data-id=\"iwgw-laren-s5h\" data-element_type=\"widget\" data-e-type=\"widget\" data-widget_type=\"heading.default\">\n\t\t\t\t\t<h2 class=\"elementor-heading-title elementor-size-default\">Ochrann\u00e1 prax a apotropaika<\/h2>\t\t\t\t<\/div>\n\t\t\t\t<div class=\"elementor-element elementor-element-iwgw-laren-s5t elementor-widget elementor-widget-text-editor\" data-id=\"iwgw-laren-s5t\" data-element_type=\"widget\" data-e-type=\"widget\" data-widget_type=\"text-editor.default\">\n\t\t\t\t\t\t\t\t\t<p>L\u00e1rovia boli pova\u017eovan\u00ed za str\u00e1\u017ecov blaha presne vymedzenej oblasti. V dome zabezpe\u010dovali pod\u013ea r\u00edmskej predstavy prosperitu rodiny, zachovanie majetku a usporiadan\u00fd chod ka\u017edodenn\u00e9ho \u017eivota. Dom\u00e1ca sv\u00e4ty\u0148a bola tak n\u00e1bo\u017eensk\u00fdm stredobodom bydliska, kde sa udr\u017eiavalo spojenie medzi obyvate\u013emi a chr\u00e1niacimi silami.<\/p><p>Ochrann\u00e1 prax spo\u010d\u00edvala predov\u0161etk\u00fdm v pravidelnej pozornosti. Kto sa o L\u00e1rov staral, mohol pod\u013ea r\u00edmskeho ch\u00e1pania spo\u013eahn\u00fa\u0165 na to, \u017ee str\u00e1\u017eia dom. Kto ich zanedb\u00e1val, riskoval ich nev\u00f4\u013eu, ako to zjavne ukazuje javiskov\u00e1 postava u Plauta.<\/p><p>\u0160lo teda o vz\u0165ah vz\u00e1jomn\u00e9ho z\u00e1v\u00e4zku, ktor\u00fd zodpovedal v\u0161eobecn\u00e9mu r\u00edmskemu princ\u00edpu daru a protidaru v styku s bohmi.<\/p><p>Na kri\u017eovatk\u00e1ch mal kult L\u00e1rov e\u0161te \u010fal\u0161\u00ed, priestorovo podmienen\u00fd v\u00fdznam. Kri\u017eovatky ciest boli pova\u017eovan\u00e9 za miesta, kde sa dot\u00fdkali hranice a kde sa stret\u00e1val pohyb. <em>Lares compitales<\/em> mali t\u00fato nepreh\u013eadn\u00fa oblas\u0165 usporiada\u0165 a zabezpe\u010di\u0165 okolie obyvate\u013estva.<\/p><p>Na sviatok Compitalia sa miestami zavesovali aj vlnen\u00e9 fig\u00farky a vlnen\u00e9 lopti\u010dky, zvyk, ktor\u00fd b\u00e1danie vyklad\u00e1 ako ochrann\u00fd alebo zmierovac\u00ed \u00fakon. V\u0161etk\u00fdm t\u00fdmto zvykom je spolo\u010dn\u00e9, \u017ee sa zameriavali menej na odvr\u00e1tenie jednotliv\u00fdch hrozieb a viac na trval\u00fa starostlivos\u0165 o usporiadan\u00fd a chr\u00e1nen\u00fd priestor.<\/p>\t\t\t\t\t\t\t\t<\/div>\n\t\t\t\t\t<\/div>\n\t\t\t\t<\/div>\n\t\t<div class=\"elementor-element elementor-element-iwgw-laren-s6 e-flex e-con-boxed e-con e-parent\" data-id=\"iwgw-laren-s6\" data-element_type=\"container\" data-e-type=\"container\">\n\t\t\t\t\t<div class=\"e-con-inner\">\n\t\t\t\t<div class=\"elementor-element elementor-element-iwgw-laren-s6h elementor-widget elementor-widget-heading\" data-id=\"iwgw-laren-s6h\" data-element_type=\"widget\" data-e-type=\"widget\" data-widget_type=\"heading.default\">\n\t\t\t\t\t<h2 class=\"elementor-heading-title elementor-size-default\">Paralely v in\u00fdch kult\u00farach<\/h2>\t\t\t\t<\/div>\n\t\t\t\t<div class=\"elementor-element elementor-element-iwgw-laren-s6t elementor-widget elementor-widget-text-editor\" data-id=\"iwgw-laren-s6t\" data-element_type=\"widget\" data-e-type=\"widget\" data-widget_type=\"text-editor.default\">\n\t\t\t\t\t\t\t\t\t<p>Larovia predstavuj\u00fa typ ochrann\u00fdch duchov, ktor\u00fd m\u00e1 svoje ekvivalenty v mnoh\u00fdch kult\u00farach. V r\u00e1mci samotn\u00e9ho r\u00edmskeho n\u00e1bo\u017eenstva s\u00fa \u00fazko sp\u00e4t\u00ed s Pen\u00e1tmi, ochrann\u00fdmi duchmi sp\u00ed\u017ee, a s G\u00e9niom hlavy domu.<\/p><p>Pen\u00e1ti a L\u00e1rovia boli \u010dasto uctievan\u00ed spolo\u010dne v dom\u00e1cej sv\u00e4tyni, no pojmovo zost\u00e1vali oddelen\u00ed. Pen\u00e1ti boli viac sp\u00e4t\u00ed s podstatou domu a jeho z\u00e1sobami potravy, L\u00e1rovia s miestom a spolo\u010denstvom.<\/p><p>Gr\u00e9cku paralelu mo\u017eno najsk\u00f4r n\u00e1js\u0165 v predstav\u00e1ch o dom\u00e1cich bo\u017estv\u00e1ch a ochrann\u00fdch d\u00e9monoch, napr\u00edklad v postave <em>agathos daimon<\/em>, dobr\u00e9ho <span class=\"iwg-fachbegriff\" data-tooltip=\"Bezteles bytos\u0165, ktorej sa pripisuje p\u00f4sobenie v svete.\" tabindex=\"0\">ducha<\/span>, ktor\u00fd sa v niektor\u00fdch gr\u00e9ckych kontextoch zobrazoval ako had a uctieval sa za blaho domu.<\/p><p>Priame stoto\u017enenie v\u0161ak neexistuje. L\u00e1rovia s\u00fa \u0161pecificky r\u00edmsky jav, pravdepodobne ovplyvnen\u00fd aj etrusk\u00fdmi predstavami.<\/p><p>Z vedeck\u00e9ho h\u013eadiska patria L\u00e1rovia do \u0161irok\u00e9ho po\u013ea dom\u00e1cich a miestnych duchov, ktor\u00e9 sa rozprestiera od dom\u00e1cich bohov r\u00f4znych kult\u00far a\u017e po duchov predkov a str\u00e1\u017ecov prahu.<\/p><p>Spolo\u010dn\u00e9 pre tieto postavy je, \u017ee sa nezaoberaj\u00fa ve\u013ek\u00fdmi kozmick\u00fdmi ot\u00e1zkami, ale chr\u00e1nia bl\u00edzky \u017eivotn\u00fd priestor. L\u00e1rovia s\u00fa na to obzvl\u00e1\u0161\u0165 dobre zdokumentovan\u00fdm pr\u00edkladom, preto\u017ee archeologick\u00e9 <span class=\"iwg-fachbegriff\" data-tooltip=\"Odovzd\u00e1vanie vedomost\u00ed a rozpr\u00e1van\u00ed z gener\u00e1cie na gener\u00e1ciu.\" tabindex=\"0\">dedi\u010dstvo<\/span> r\u00edmskeho svet\u0430 vykres\u013euje dom\u00e1cu <span class=\"iwg-fachbegriff\" data-tooltip=\"Pre\u017e\u00edvan\u00fd n\u00e1bo\u017eensk\u00fd postoj a prax \u010dloveka.\" tabindex=\"0\">n\u00e1bo\u017enos\u0165<\/span> ve\u013emi n\u00e1zorne.<\/p><p>Vlastn\u00fa \u00falohu zohr\u00e1vali L\u00e1rovia pri pohybe cez hranice. Existovali nielen Lares familiares a compitales, ale aj Lares viales ako ochrann\u00ed duchovia ciest, Lares permarini pre morsk\u00e9 cesty a Lares praestites, ktor\u00ed boli pova\u017eovan\u00ed za str\u00e1\u017ecov cel\u00e9ho mesta a mali vlastn\u00fa <span class=\"iwg-fachbegriff\" data-tooltip=\"Sv\u00e4t\u00e9 miesto zasv\u00e4ten\u00e9 uctievaniu bo\u017estva.\" tabindex=\"0\">sv\u00e4ty\u0148u<\/span>.<\/p><p>T\u00e1to rozmanitos\u0165 ukazuje, \u017ee pojem L\u00e1rov bolo mo\u017en\u00e9 pou\u017ei\u0165 v\u0161ade, kde bolo treba ochr\u00e1ni\u0165 priestor alebo cestu. Ov\u00eddius spom\u00edna vo Fast\u00e1ch star\u00fd <span class=\"iwg-fachbegriff\" data-tooltip=\"Stavba sl\u00fa\u017eiaca uctievaniu jedn\u00e9ho alebo viacer\u00fdch bo\u017estiev.\" tabindex=\"0\">chr\u00e1m<\/span> Lares praestites na Sacra Via, ktor\u00e9ho vyobrazenie zachyt\u00e1valo dve postavy so psom, pri\u010dom pes bol vykladan\u00fd ako <span class=\"iwg-fachbegriff\" data-tooltip=\"V\u00fdrazn\u00fd obraz, ktor\u00fd stoj\u00ed za abstraktnou my\u0161lienkou.\" tabindex=\"0\">symbol<\/span> bdelosti.<\/p>\t\t\t\t\t\t\t\t<\/div>\n\t\t\t\t\t<\/div>\n\t\t\t\t<\/div>\n\t\t<div class=\"elementor-element elementor-element-iwgw-laren-s7 e-flex e-con-boxed e-con e-parent\" data-id=\"iwgw-laren-s7\" data-element_type=\"container\" data-e-type=\"container\">\n\t\t\t\t\t<div class=\"e-con-inner\">\n\t\t\t\t<div class=\"elementor-element elementor-element-iwgw-laren-s7h elementor-widget elementor-widget-heading\" data-id=\"iwgw-laren-s7h\" data-element_type=\"widget\" data-e-type=\"widget\" data-widget_type=\"heading.default\">\n\t\t\t\t\t<h2 class=\"elementor-heading-title elementor-size-default\">S\u00fa\u010dasn\u00e1 recepcia a v\u00fdskum<\/h2>\t\t\t\t<\/div>\n\t\t\t\t<div class=\"elementor-element elementor-element-iwgw-laren-s7t elementor-widget elementor-widget-text-editor\" data-id=\"iwgw-laren-s7t\" data-element_type=\"widget\" data-e-type=\"widget\" data-widget_type=\"text-editor.default\">\n\t\t\t\t\t\t\t\t\t<p>V modernom v\u00fdskume s\u00fa L\u00e1rovia \u010dasto sk\u00famanou t\u00e9mou, predov\u0161etk\u00fdm preto\u017ee poskytuj\u00fa vh\u013ead do pre\u017e\u00edvan\u00e9ho n\u00e1bo\u017eenstva mimo ve\u013ek\u00fdch \u0161t\u00e1tnych kultov. U\u017e Georg Wissowa sa im venoval vo svojom diele o r\u00edmskom n\u00e1bo\u017eenstve a Kurt Latte sa zaoberal ot\u00e1zkou ich p\u00f4vodu.<\/p><p>Star\u0161ia v\u00fdskumn\u00e1 l\u00ednia vykladala L\u00e1rov ako zbo\u017e\u0161ten\u00fdch predkov, nov\u0161ia l\u00ednia, zast\u00fapen\u00e1 okrem in\u00fdch aj Johnom Scheidom, viac zd\u00f4raz\u0148uje ich charakter miestnych duchov.<\/p><p>Archeologick\u00fd v\u00fdskum l\u00e1rari\u00ed v Pompej\u00e1ch a Herculaneu v\u00fdrazne skvalitnil obraz dom\u00e1ceho kultu. Ukazuje, \u017ee takmer ka\u017ed\u00fd dom, bez oh\u013eadu na majetok, mal sv\u00e4ty\u0148u L\u00e1rov, a n\u00e1zorne doklad\u00e1 spojenie Lara, G\u00e9nia a hada.<\/p><p>Aj augustovsk\u00fd kompit\u00e1lny kult je dobre dolo\u017een\u00fd n\u00e1pisami a reli\u00e9fmi a pova\u017euje sa za typick\u00fd pr\u00edklad zapojenia \u013eudov\u00e9ho n\u00e1bo\u017eenstva do cis\u00e1rskeho poriadku.<\/p><p>V s\u00fa\u010dasnej v\u0161eobecnej kult\u00fare s\u00fa L\u00e1rovia menej zn\u00e1mi ako ve\u013ek\u00ed bohovia, no pravidelne sa objavuj\u00fa v zobrazeniach r\u00edmskeho ka\u017edodenn\u00e9ho \u017eivota, napr\u00edklad v m\u00faze\u00e1ch, v historickom vzdel\u00e1van\u00ed a v popul\u00e1rnych knih\u00e1ch o <span class=\"iwg-fachbegriff\" data-tooltip=\"Epocha gr\u00e9ckej a r\u00edmskej kult\u00fary, pribli\u017ene od 800 pred Kr. do 600 po Kr.\" tabindex=\"0\">antickom<\/span> R\u00edme.<\/p><p>Pre <span class=\"iwg-fachbegriff\" data-tooltip=\"Veda, ktor\u00e1 sk\u00fama n\u00e1bo\u017eenstv\u00e1 porovn\u00e1vac\u00edm sp\u00f4sobom bez viery.\" tabindex=\"0\">religionistiku<\/span> zost\u00e1vaj\u00fa d\u00f4le\u017eit\u00fdm pr\u00edkladom toho, \u017ee r\u00edmske n\u00e1bo\u017eenstvo bolo v prvom rade z\u00e1le\u017eitos\u0165ou praxe, miesta a spolo\u010denstva.<\/p>\t\t\t\t\t\t\t\t<\/div>\n\t\t\t\t\t<\/div>\n\t\t\t\t<\/div>\n\t\t<div class=\"elementor-element elementor-element-iwgw-laren-lit e-flex e-con-boxed e-con e-parent\" data-id=\"iwgw-laren-lit\" data-element_type=\"container\" data-e-type=\"container\">\n\t\t\t\t\t<div class=\"e-con-inner\">\n\t\t\t\t<div class=\"elementor-element elementor-element-iwgw-laren-lith elementor-widget elementor-widget-heading\" data-id=\"iwgw-laren-lith\" data-element_type=\"widget\" data-e-type=\"widget\" data-widget_type=\"heading.default\">\n\t\t\t\t\t<h2 class=\"elementor-heading-title elementor-size-default\">Literat\u00fara (v\u00fdber)<\/h2>\t\t\t\t<\/div>\n\t\t\t\t<div class=\"elementor-element elementor-element-iwgw-laren-litt elementor-widget elementor-widget-text-editor\" data-id=\"iwgw-laren-litt\" data-element_type=\"widget\" data-e-type=\"widget\" data-widget_type=\"text-editor.default\">\n\t\t\t\t\t\t\t\t\t<div data-nosnippet=\"true\"><ul><li>Georg Wissowa: <em>Religion und Kultus der R\u00f6mer<\/em> (1912)<\/li><li>Kurt Latte: <em>R\u00f6mische Religionsgeschichte<\/em> (1960)<\/li><li><span data-nosnippet>Mary Beard, John North, Simon Price: <em>Religions of Rome<\/em> (1998)<\/span><\/li><li>John Scheid: <em>An Introduction to Roman Religion<\/em> (2003)<\/li><li>J\u00f6rg R\u00fcpke: <em>Die Religion der R\u00f6mer<\/em> (2001)<\/li><\/ul><\/div>\t\t\t\t\t\t\t\t<\/div>\n\t\t\t\t\t<\/div>\n\t\t\t\t<\/div>\n\t\t<div class=\"elementor-element elementor-element-iwgw-laren-kwd e-flex e-con-boxed e-con e-parent\" data-id=\"iwgw-laren-kwd\" data-element_type=\"container\" data-e-type=\"container\">\n\t\t\t\t\t<div class=\"e-con-inner\">\n\t\t\t\t<div class=\"elementor-element elementor-element-iwgw-laren-kwdt elementor-widget elementor-widget-text-editor\" data-id=\"iwgw-laren-kwdt\" data-element_type=\"widget\" data-e-type=\"widget\" data-widget_type=\"text-editor.default\">\n\t\t\t\t\t\t\t\t\t<p><em>S\u00favisiace k\u013e\u00fa\u010dov\u00e9 pojmy: L\u00e1rovia Lares familiares compitales Lararium Pen\u00e1ti Compitalia dom\u00e1cnos\u0165 kri\u017eovatka.<\/em><\/p>\t\t\t\t\t\t\t\t<\/div>\n\t\t\t\t\t<\/div>\n\t\t\t\t<\/div>\n\t\t<div class=\"elementor-element elementor-element-iwgw-laren-cc e-flex e-con-boxed e-con e-parent\" data-id=\"iwgw-laren-cc\" data-element_type=\"container\" data-e-type=\"container\" id=\"iwg-cc-laren\">\n\t\t\t\t\t<div class=\"e-con-inner\">\n\t\t<div class=\"elementor-element elementor-element-iwgw-laren-ccinner e-flex e-con-boxed e-con e-parent\" data-id=\"iwgw-laren-ccinner\" data-element_type=\"container\" data-e-type=\"container\" data-settings=\"{&quot;background_background&quot;:&quot;classic&quot;}\">\n\t\t\t\t\t<div class=\"e-con-inner\">\n\t\t\t\t<div class=\"elementor-element elementor-element-iwgw-laren-cch elementor-widget elementor-widget-heading\" data-id=\"iwgw-laren-cch\" data-element_type=\"widget\" data-e-type=\"widget\" data-widget_type=\"heading.default\">\n\t\t\t\t\t<h2 class=\"elementor-heading-title elementor-size-default\">iWell Guard a ochrann\u00e9 trad\u00edcie<\/h2>\t\t\t\t<\/div>\n\t\t\t\t<div class=\"elementor-element elementor-element-iwgw-laren-cct elementor-widget elementor-widget-text-editor\" data-id=\"iwgw-laren-cct\" data-element_type=\"widget\" data-e-type=\"widget\" data-widget_type=\"text-editor.default\">\n\t\t\t\t\t\t\t\t\t<div data-nosnippet=\"true\"><p>iWell Guard nadv\u00e4zuje na kult\u00farno-historick\u00fa trad\u00edciu nosite\u013en\u00fdch ochrann\u00fdch predmetov, v trad\u00edcii <a href=\"https:\/\/iwell-guard.com\/sk\/rim\/\">R\u00edma<\/a> a mnoh\u00fdch \u010fal\u0161\u00edch kult\u00far po celom svete. 41 vrstiev, r\u00fddze zlato, platina, striebro, vyroben\u00e9 v Nemecku. 30-d\u0148ov\u00e1 lehota na vr\u00e1tenie.<\/p><\/div>\t\t\t\t\t\t\t\t<\/div>\n\t\t\t\t<div class=\"elementor-element elementor-element-iwgw-laren-ccb iwg-cc-button iwg-cc-cta-2026-05-13 elementor-widget elementor-widget-jet-button\" data-id=\"iwgw-laren-ccb\" data-element_type=\"widget\" data-e-type=\"widget\" data-widget_type=\"jet-button.default\">\n\t\t\t\t<div class=\"elementor-widget-container\">\n\t\t\t\t\t<div class=\"elementor-jet-button jet-elements\"><div class=\"jet-button__container\"><a class=\"jet-button__instance jet-button__instance--icon-left hover-effect-1\" href=\"\/ueber-iwell-guard\/?utm_source=iwell-guard.com&amp;utm_medium=info-box&amp;utm_campaign=wesen-tradition\"><div class=\"jet-button__plane jet-button__plane-normal\"><\/div><div class=\"jet-button__plane jet-button__plane-hover\"><\/div><div class=\"jet-button__state jet-button__state-normal\"><span class=\"jet-button__label\">Viac o iWell Guard<\/span><\/div><div class=\"jet-button__state jet-button__state-hover\"><span class=\"jet-button__label\">Viac o iWell Guard<\/span><\/div><\/a><\/div><\/div><style>.elementor-element.elementor-element-iwgw-laren-ccb .jet-button__instance{width:320px;height:56px;}.elementor-element.elementor-element-iwgw-laren-ccb .jet-button__state-normal .jet-button__label{text-align:center;margin:0px 0px 0px 0px;color:#1a1b20;font-family:Montserrat,sans-serif;font-size:13px;font-weight:400;letter-spacing:4px;line-height:1.714em;text-transform:uppercase;}.elementor-element.elementor-element-iwgw-laren-ccb .jet-button__state-hover .jet-button__label{text-align:center;margin:0px 0px 0px 0px;color:#FECC76;font-family:Montserrat,sans-serif;font-size:13px;font-weight:400;letter-spacing:4px;line-height:1.714em;text-transform:uppercase;}.elementor-element.elementor-element-iwgw-laren-ccb .jet-button__plane-normal{background-color:#FECC76;border-style:solid;border-color:#C99540;border-width:2px 2px 2px 2px;}.elementor-element.elementor-element-iwgw-laren-ccb .jet-button__plane-hover{background-color:rgba(0,0,0,0.55);border-style:solid;border-color:#FECC76;border-width:2px 2px 2px 2px;}<\/style>\t\t\t\t<\/div>\n\t\t\t\t<\/div>\n\t\t\t\t<div class=\"elementor-element elementor-element-iwgw-laren-ccd elementor-widget elementor-widget-text-editor\" data-id=\"iwgw-laren-ccd\" data-element_type=\"widget\" data-e-type=\"widget\" data-widget_type=\"text-editor.default\">\n\t\t\t\t\t\t\t\t\t<div data-nosnippet=\"true\"><p style=\"text-align:center;font-size:13px;opacity:0.7;margin-top:14px\" data-nosnippet=\"true\">Osobn\u00e9 sk\u00fasenosti sa m\u00f4\u017eu l\u00ed\u0161i\u0165. Nie je to zdravotn\u00edcka pom\u00f4cka. \u017diadny pr\u00eds\u013eub lie\u010denia.<\/p><\/div>\t\t\t\t\t\t\t\t<\/div>\n\t\t\t\t\t<\/div>\n\t\t\t\t<\/div>\n\t\t\t\t\t<\/div>\n\t\t\t\t<\/div>\n\t\t<div class=\"elementor-element elementor-element-iwgw-laren-disc e-flex e-con-boxed e-con e-parent\" data-id=\"iwgw-laren-disc\" data-element_type=\"container\" data-e-type=\"container\">\n\t\t\t\t\t<div class=\"e-con-inner\">\n\t\t\t\t<div class=\"elementor-element elementor-element-iwgw-laren-discw elementor-widget elementor-widget-html\" data-id=\"iwgw-laren-discw\" data-element_type=\"widget\" data-e-type=\"widget\" data-widget_type=\"html.default\">\n\t\t\t\t\t<footer data-nosnippet=\"true\" class=\"iwg-disclaimer-block\"><p data-nosnippet=\"true\">iWell Guard <strong>nie je zdravotn\u00edcka pom\u00f4cka<\/strong> a nenahr\u00e1dza lek\u00e1rske ani psychoterapeutick\u00e9 o\u0161etrenie. Religionistick\u00fd obsah predstavuje kult\u00farno-historick\u00e9 zaradenie, nie odpor\u00fa\u010danie duchovnej praxe.<\/p><\/footer>\t\t\t\t<\/div>\n\t\t\t\t\t<\/div>\n\t\t\t\t<\/div>\n\t\t\t\t<section class=\"elementor-section elementor-top-section elementor-element elementor-element-p3-laren-cl-780abb elementor-section-boxed elementor-section-height-default elementor-section-height-default\" data-id=\"p3-laren-cl-780abb\" data-element_type=\"section\" data-e-type=\"section\">\n\t\t\t\t\t\t<div class=\"elementor-container elementor-column-gap-default\">\n\t\t\t\t\t<div class=\"elementor-column elementor-col-100 elementor-top-column elementor-element elementor-element-p3-laren-cl-col-d67ccc\" data-id=\"p3-laren-cl-col-d67ccc\" data-element_type=\"column\" data-e-type=\"column\">\n\t\t\t<div class=\"elementor-widget-wrap elementor-element-populated\">\n\t\t\t\t\t\t<div class=\"elementor-element elementor-element-p3-laren-cl-h elementor-widget elementor-widget-heading\" data-id=\"p3-laren-cl-h\" data-element_type=\"widget\" data-e-type=\"widget\" data-widget_type=\"heading.default\">\n\t\t\t\t\t<h2 class=\"elementor-heading-title elementor-size-default\">Preh\u013ead r\u00edmskych dom\u00e1cich duchov<\/h2>\t\t\t\t<\/div>\n\t\t\t\t<div class=\"elementor-element elementor-element-p3-laren-cl-t elementor-widget elementor-widget-text-editor\" data-id=\"p3-laren-cl-t\" data-element_type=\"widget\" data-e-type=\"widget\" data-widget_type=\"text-editor.default\">\n\t\t\t\t\t\t\t\t\t\nL\u00e1rovia s\u00fa len \u010das\u0165ou rozsiahlej\u0161ieho syst\u00e9mu r\u00edmskych dom\u00e1cich duchov a dom\u00e1cich bohov. R\u00edmske n\u00e1bo\u017eenstvo poznalo viacero tried bytost\u00ed, ktor\u00e9 chr\u00e1nili rodinn\u00fd \u017eivot, ka\u017ed\u00e1 s vlastnou funkciou a vlastn\u00fdm <span class=\"iwg-fachbegriff\" data-tooltip=\"Pevne stanoven\u00fd, opakuj\u00faci sa n\u00e1bo\u017eensk\u00fd \u00fakon.\" tabindex=\"0\">ritu\u00e1lom<\/span>. Kto sa zaober\u00e1 r\u00edmskymi dom\u00e1cimi duchmi, mal by pozna\u0165 cel\u00fa t\u00fato \u0161trukt\u00faru.<\/p>\n<p>Najd\u00f4le\u017eitej\u0161\u00edmi r\u00edmskymi dom\u00e1cimi duchmi a dom\u00e1cimi bohmi s\u00fa: <strong>L\u00e1rovia<\/strong> (ochrann\u00ed duchovia domu a kri\u017eovatiek, pr\u00edtomn\u00ed pri prahu a ohnisku), <strong>Pen\u00e1ti<\/strong> (ochrann\u00ed bohovia sp\u00ed\u017ee a dom\u00e1ceho z\u00e1sobovania), <a href=\"https:\/\/iwell-guard.com\/sk\/?page_id=158019\">M\u00e1ni<\/a> (zbo\u017e\u0161ten\u00ed duchovia zosnul\u00fdch rodinn\u00fdch pr\u00edslu\u0161n\u00edkov) a <a href=\"https:\/\/iwell-guard.com\/sk\/genius\/\">G\u00e9nius<\/a>, resp. <a href=\"https:\/\/iwell-guard.com\/sk\/juno\/\">Iuno<\/a> (osobn\u00fd ochrann\u00fd duch mu\u017ea a \u017eeny).<\/p><p>Spolu tvorili Lararium, dom\u00e1cu sv\u00e4ty\u0148u, kde sa denne obetovalo chlieb, vino, kadidlo. L\u00e1rovia a Pen\u00e1ti tak patria do jedn\u00e9ho v\u00fdznamov\u00e9ho celku, ktor\u00fd \u0161trukt\u00faruje r\u00edmske dom\u00e1ce n\u00e1bo\u017eenstvo.<\/p>\t\t\t\t\t\t\t\t<\/div>\n\t\t\t\t\t<\/div>\n\t\t<\/div>\n\t\t\t\t\t<\/div>\n\t\t<\/section>\n\t\t\t\t<section class=\"elementor-section elementor-top-section elementor-element elementor-element-p3-laren-faq-647c32 elementor-section-boxed elementor-section-height-default elementor-section-height-default\" data-id=\"p3-laren-faq-647c32\" data-element_type=\"section\" data-e-type=\"section\">\n\t\t\t\t\t\t<div class=\"elementor-container elementor-column-gap-default\">\n\t\t\t\t\t<div class=\"elementor-column elementor-col-100 elementor-top-column elementor-element elementor-element-p3-laren-faq-col-23f703\" data-id=\"p3-laren-faq-col-23f703\" data-element_type=\"column\" data-e-type=\"column\">\n\t\t\t<div class=\"elementor-widget-wrap elementor-element-populated\">\n\t\t\t\t\t\t<div class=\"elementor-element elementor-element-p3-laren-faq-h elementor-widget elementor-widget-heading\" data-id=\"p3-laren-faq-h\" data-element_type=\"widget\" data-e-type=\"widget\" data-widget_type=\"heading.default\">\n\t\t\t\t\t<h2 class=\"elementor-heading-title elementor-size-default\">\u010casto kladen\u00e9 ot\u00e1zky k t\u00e9me Preh\u013ead r\u00edmskych dom\u00e1cich duchov<\/h2>\t\t\t\t<\/div>\n\t\t\t\t<div class=\"elementor-element elementor-element-p3-laren-faq-t elementor-widget elementor-widget-text-editor\" data-id=\"p3-laren-faq-t\" data-element_type=\"widget\" data-e-type=\"widget\" data-widget_type=\"text-editor.default\">\n\t\t\t\t\t\t\t\t\t\n<details class=\"iwg-faq-item\">\n  <summary><strong>Ak\u00e9 r\u00edmske dom\u00e1ce duchy existuj\u00fa?<\/strong><\/summary>\n  <p>R\u00edmske n\u00e1bo\u017eenstvo poznalo \u0161tyri hlavn\u00e9 triedy dom\u00e1cich duchov: Lares (ochrann\u00e9 duchy prahu a ohniska), Penates (bohovia z\u00e1sob a zabezpe\u010denia dom\u00e1cnosti), Manes (zbo\u017e\u0161ten\u00ed predkovia) a Genius, resp. Iuno (osobn\u00fd ochrann\u00fd duch). V\u0161etci boli spolo\u010dne uctievan\u00ed pri l\u00e1rariu, dom\u00e1cej sv\u00e4tyni.<\/p>\n<\/details>\n\n<details class=\"iwg-faq-item\">\n  <summary><strong>Ak\u00fd je rozdiel medzi Lares a Penates?<\/strong><\/summary>\n  <p>Lares str\u00e1\u017eili dom a rodinu ako celok, najm\u00e4 prah, ohnisko a roz\u013enitia ciest. Penates boli zodpovedn\u00ed konkr\u00e9tne za sklad a z\u00e1sobovanie dom\u00e1cnosti. Obaja boli uctievan\u00ed spolo\u010dne pri l\u00e1rariu, plnili v\u0161ak dopl\u0148uj\u00face funkcie: Lares = ochrana, Penates = zabezpe\u010denie.<\/p>\n<\/details>\t\t\t\t\t\t\t\t<\/div>\n\t\t\t\t<div class=\"elementor-element elementor-element-p3-laren-faq-s elementor-widget elementor-widget-html\" data-id=\"p3-laren-faq-s\" data-element_type=\"widget\" data-e-type=\"widget\" data-widget_type=\"html.default\">\n\t\t\t\t\t<script type=\"application\/ld+json\">{\"@context\": \"https:\/\/schema.org\", \"@type\": \"FAQPage\", \"mainEntity\": [{\"@type\": \"Question\", \"name\": \"Ak\u00e9 r\u00edmske dom\u00e1ce duchy existuj\u00fa?\", \"acceptedAnswer\": {\"@type\": \"Answer\", \"text\": \"R\u00edmske n\u00e1bo\u017eenstvo poznalo \u0161tyri hlavn\u00e9 triedy dom\u00e1cich duchov: Lares (ochrann\u00e9 duchy prahu a ohniska), Penates (bohovia z\u00e1sob a zabezpe\u010denia dom\u00e1cnosti), Manes (zbo\u017e\u0161ten\u00ed predkovia) a Genius, resp. Iuno (osobn\u00fd ochrann\u00fd duch). V\u0161etci boli spolo\u010dne uctievan\u00ed pri l\u00e1rariu, dom\u00e1cej sv\u00e4tyni.\"}}, {\"@type\": \"Question\", \"name\": \"Ak\u00fd je rozdiel medzi Lares a Penates?\", \"acceptedAnswer\": {\"@type\": \"Answer\", \"text\": \"Lares str\u00e1\u017eili dom a rodinu ako celok, najm\u00e4 prah, ohnisko a roz\u013enitia ciest. Penates boli zodpovedn\u00ed konkr\u00e9tne za sklad a z\u00e1sobovanie dom\u00e1cnosti. Obaja boli uctievan\u00ed spolo\u010dne pri l\u00e1rariu, plnili v\u0161ak dopl\u0148uj\u00face funkcie: Lares = ochrana, Penates = zabezpe\u010denie.\"}}]}<\/script>\t\t\t\t<\/div>\n\t\t\t\t\t<\/div>\n\t\t<\/div>\n\t\t\t\t\t<\/div>\n\t\t<\/section>\n\t\t\t\t<\/div>\n\t\t","protected":false},"excerpt":{"rendered":"","protected":false},"author":3,"featured_media":3387,"parent":0,"menu_order":0,"comment_status":"closed","ping_status":"closed","template":"elementor_header_footer","meta":{"_yoast_wpseo_focuskw":"L\u00e1rovia r\u00edmski ochrann\u00ed duchovia","_yoast_wpseo_title":"L\u00e1rovia \u2013 r\u00edmski ochrann\u00ed duchovia domu","_yoast_wpseo_metadesc":"L\u00e1rovia s\u00fa r\u00edmski ochrann\u00ed duchovia domu, rodiny a kri\u017eovatiek ciest. Religionistick\u00e9 zaradenie s kultom a prame\u0148mi.","_yoast_wpseo_meta-robots-noindex":"","_yoast_wpseo_canonical":"","_angie_page":false,"gefaehrdungsstufe":"","wesen_kultur":"","wesen_klasse":"","footnotes":""},"categories":[],"class_list":["post-158018","page","type-page","status-publish","has-post-thumbnail","hentry"],"yoast_head":"<!-- This site is optimized with the Yoast SEO Premium plugin v27.7 (Yoast SEO v28.3) - https:\/\/yoast.com\/product\/yoast-seo-premium-wordpress\/ -->\n<title>L\u00e1rovia \u2013 r\u00edmski ochrann\u00ed duchovia domu<\/title>\n<meta name=\"description\" content=\"L\u00e1rovia s\u00fa r\u00edmski ochrann\u00ed duchovia domu, rodiny a kri\u017eovatiek ciest. Religionistick\u00e9 zaradenie s kultom a prame\u0148mi.\" \/>\n<meta name=\"robots\" content=\"index, follow, max-snippet:-1, max-image-preview:large, max-video-preview:-1\" \/>\n<link rel=\"canonical\" href=\"https:\/\/iwell-guard.com\/sk\/lares-rimski-ochranni-duchovia-domu\/\" \/>\n<meta property=\"og:locale\" content=\"sk_SK\" \/>\n<meta property=\"og:type\" content=\"article\" \/>\n<meta property=\"og:title\" content=\"L\u00e1rovia \u2013 r\u00edmski ochrann\u00ed duchovia domu\" \/>\n<meta property=\"og:description\" content=\"L\u00e1rovia s\u00fa r\u00edmski ochrann\u00ed duchovia domu, rodiny a kri\u017eovatiek ciest. Religionistick\u00e9 zaradenie s kultom a prame\u0148mi.\" \/>\n<meta property=\"og:url\" content=\"https:\/\/iwell-guard.com\/sk\/lares-rimski-ochranni-duchovia-domu\/\" \/>\n<meta property=\"og:site_name\" content=\"iWell Guard\" \/>\n<meta property=\"article:modified_time\" content=\"2026-09-04T22:48:38+00:00\" \/>\n<meta property=\"og:image\" content=\"https:\/\/iwell-guard.com\/wp-content\/uploads\/2026\/05\/geister_rom_laren-1.webp\" \/>\n\t<meta property=\"og:image:width\" content=\"1024\" \/>\n\t<meta property=\"og:image:height\" content=\"1536\" \/>\n\t<meta property=\"og:image:type\" content=\"image\/webp\" \/>\n<meta name=\"twitter:card\" content=\"summary_large_image\" \/>\n<script type=\"application\/ld+json\" class=\"yoast-schema-graph\">{\"@context\":\"https:\\\/\\\/schema.org\",\"@graph\":[{\"@type\":\"WebPage\",\"@id\":\"https:\\\/\\\/iwell-guard.com\\\/sk\\\/lares-rimski-ochranni-duchovia-domu\\\/\",\"url\":\"https:\\\/\\\/iwell-guard.com\\\/sk\\\/lares-rimski-ochranni-duchovia-domu\\\/\",\"name\":\"L\u00e1rovia \u2013 r\u00edmski ochrann\u00ed duchovia domu\",\"isPartOf\":{\"@id\":\"https:\\\/\\\/iwell-guard.com\\\/sk\\\/#website\"},\"primaryImageOfPage\":{\"@id\":\"https:\\\/\\\/iwell-guard.com\\\/sk\\\/lares-rimski-ochranni-duchovia-domu\\\/#primaryimage\"},\"image\":{\"@id\":\"https:\\\/\\\/iwell-guard.com\\\/sk\\\/lares-rimski-ochranni-duchovia-domu\\\/#primaryimage\"},\"thumbnailUrl\":\"https:\\\/\\\/iwell-guard.com\\\/wp-content\\\/uploads\\\/2026\\\/05\\\/geister_rom_laren-1.webp\",\"datePublished\":\"2026-09-04T22:20:42+00:00\",\"dateModified\":\"2026-09-04T22:48:38+00:00\",\"description\":\"L\u00e1rovia s\u00fa r\u00edmski ochrann\u00ed duchovia domu, rodiny a kri\u017eovatiek ciest. Religionistick\u00e9 zaradenie s kultom a prame\u0148mi.\",\"breadcrumb\":{\"@id\":\"https:\\\/\\\/iwell-guard.com\\\/sk\\\/lares-rimski-ochranni-duchovia-domu\\\/#breadcrumb\"},\"inLanguage\":\"sk-SK\",\"potentialAction\":[{\"@type\":\"ReadAction\",\"target\":[\"https:\\\/\\\/iwell-guard.com\\\/sk\\\/lares-rimski-ochranni-duchovia-domu\\\/\"]}]},{\"@type\":\"ImageObject\",\"inLanguage\":\"sk-SK\",\"@id\":\"https:\\\/\\\/iwell-guard.com\\\/sk\\\/lares-rimski-ochranni-duchovia-domu\\\/#primaryimage\",\"url\":\"https:\\\/\\\/iwell-guard.com\\\/wp-content\\\/uploads\\\/2026\\\/05\\\/geister_rom_laren-1.webp\",\"contentUrl\":\"https:\\\/\\\/iwell-guard.com\\\/wp-content\\\/uploads\\\/2026\\\/05\\\/geister_rom_laren-1.webp\",\"width\":1024,\"height\":1536,\"caption\":\"Duchovia z r\u00edmskej trad\u00edcie.\"},{\"@type\":\"BreadcrumbList\",\"@id\":\"https:\\\/\\\/iwell-guard.com\\\/sk\\\/lares-rimski-ochranni-duchovia-domu\\\/#breadcrumb\",\"itemListElement\":[{\"@type\":\"ListItem\",\"position\":1,\"name\":\"Start\",\"item\":\"https:\\\/\\\/iwell-guard.com\\\/sk\\\/?page_id=157572\"},{\"@type\":\"ListItem\",\"position\":2,\"name\":\"L\u00e1rovia \u2013 r\u00edmski ochrann\u00ed duchovia domu\"}]},{\"@type\":\"WebSite\",\"@id\":\"https:\\\/\\\/iwell-guard.com\\\/sk\\\/#website\",\"url\":\"https:\\\/\\\/iwell-guard.com\\\/sk\\\/\",\"name\":\"iWell Guard\",\"description\":\"Schutz vor dunklen Einfl\u00fcssen\",\"publisher\":{\"@id\":\"https:\\\/\\\/iwell-guard.com\\\/sk\\\/#organization\"},\"potentialAction\":[{\"@type\":\"SearchAction\",\"target\":{\"@type\":\"EntryPoint\",\"urlTemplate\":\"https:\\\/\\\/iwell-guard.com\\\/sk\\\/?s={search_term_string}\"},\"query-input\":{\"@type\":\"PropertyValueSpecification\",\"valueRequired\":true,\"valueName\":\"search_term_string\"}}],\"inLanguage\":\"sk-SK\"},{\"@type\":\"Organization\",\"@id\":\"https:\\\/\\\/iwell-guard.com\\\/sk\\\/#organization\",\"name\":\"Ittermann electronic GmbH\",\"url\":\"https:\\\/\\\/iwell-guard.com\\\/sk\\\/\",\"logo\":{\"@type\":\"ImageObject\",\"inLanguage\":\"sk-SK\",\"@id\":\"https:\\\/\\\/iwell-guard.com\\\/sk\\\/#\\\/schema\\\/logo\\\/image\\\/\",\"url\":\"https:\\\/\\\/iwell-guard.com\\\/wp-content\\\/uploads\\\/2026\\\/05\\\/Ittermann-Logo-1182x237-1.png\",\"contentUrl\":\"https:\\\/\\\/iwell-guard.com\\\/wp-content\\\/uploads\\\/2026\\\/05\\\/Ittermann-Logo-1182x237-1.png\",\"width\":1182,\"height\":237,\"caption\":\"Ittermann electronic GmbH\"},\"image\":{\"@id\":\"https:\\\/\\\/iwell-guard.com\\\/sk\\\/#\\\/schema\\\/logo\\\/image\\\/\"},\"sameAs\":[\"https:\\\/\\\/pantip.com\\\/profile\\\/9367242\",\"https:\\\/\\\/micro.blog\\\/iwellguard\",\"https:\\\/\\\/www.diggerslist.com\\\/iwellguard\\\/about\",\"https:\\\/\\\/skitterphoto.com\\\/photographers\\\/2870314\\\/iwell-guard\",\"https:\\\/\\\/iwellguard.wordpress.com\\\/2026\\\/06\\\/06\\\/iwell-guard\\\/\",\"https:\\\/\\\/hub.docker.com\\\/u\\\/iwellguard\",\"https:\\\/\\\/www.pinterest.com\\\/iwellguard\\\/\",\"https:\\\/\\\/bit.ly\\\/m\\\/iwellguard\",\"https:\\\/\\\/entre-vos-mains.alsace.eu\\\/profiles\\\/iwellguard\\\/activity\",\"https:\\\/\\\/gravatar.com\\\/reallybeded8fd34\",\"https:\\\/\\\/naijamatta.com\\\/iwellguard\",\"https:\\\/\\\/www.goodreads.com\\\/iwellguard\",\"https:\\\/\\\/profile.hatena.ne.jp\\\/iwellguard\\\/\",\"https:\\\/\\\/experiment.com\\\/users\\\/iwellguard\",\"https:\\\/\\\/wakelet.com\\\/@iWellGuard82270\",\"https:\\\/\\\/www.chordie.com\\\/forum\\\/profile.php?id=2555664\",\"https:\\\/\\\/www.instapaper.com\\\/p\\\/17757966\",\"https:\\\/\\\/www.mapleprimes.com\\\/users\\\/iwellguard\",\"https:\\\/\\\/businesslistingplus.com\\\/profile\\\/iwell-guard\\\/\",\"https:\\\/\\\/telegra.ph\\\/iWell-Guard-06-06\",\"https:\\\/\\\/pbase.com\\\/iwellguard\\\/iwellguard\",\"https:\\\/\\\/b.hatena.ne.jp\\\/iwellguard\\\/20260607#bookmark-4788405196491818882\",\"https:\\\/\\\/fliphtml5.com\\\/home\\\/iwellguard\",\"https:\\\/\\\/anyflip.com\\\/homepage\\\/cmiwl#About\",\"https:\\\/\\\/transfur.com\\\/Users\\\/iwellguard\",\"http:\\\/\\\/delphi.larsbo.org\\\/user\\\/iwellguard\",\"https:\\\/\\\/jobs.lajobsportal.org\\\/profiles\\\/8380803-iwell-guard\",\"https:\\\/\\\/md.chaosdorf.de\\\/s\\\/jfbe5SBdJD\",\"https:\\\/\\\/www.lingvolive.com\\\/en-us\\\/profile\\\/9ecaeaca-ce11-4e51-9e71-01d55e2bff36\\\/translations\",\"https:\\\/\\\/www.fitday.com\\\/fitness\\\/forums\\\/members\\\/iwellguard.html\",\"https:\\\/\\\/www.mymeetbook.com\\\/iwellguard\",\"https:\\\/\\\/pxhere.com\\\/en\\\/photographer-me\\\/5040798\",\"https:\\\/\\\/disqus.com\\\/by\\\/iwellguard\\\/about\\\/\",\"https:\\\/\\\/pastelink.net\\\/hjwciqwq\",\"https:\\\/\\\/pubhtml5.com\\\/homepage\\\/scjhn\\\/\",\"https:\\\/\\\/www.bitchute.com\\\/channel\\\/2O2eOKzNqujT\",\"https:\\\/\\\/audiomack.com\\\/iwellguard\"]}]}<\/script>\n<!-- \/ Yoast SEO Premium plugin. -->","yoast_head_json":{"title":"L\u00e1rovia \u2013 r\u00edmski ochrann\u00ed duchovia domu","description":"L\u00e1rovia s\u00fa r\u00edmski ochrann\u00ed duchovia domu, rodiny a kri\u017eovatiek ciest. Religionistick\u00e9 zaradenie s kultom a prame\u0148mi.","robots":{"index":"index","follow":"follow","max-snippet":"max-snippet:-1","max-image-preview":"max-image-preview:large","max-video-preview":"max-video-preview:-1"},"canonical":"https:\/\/iwell-guard.com\/sk\/lares-rimski-ochranni-duchovia-domu\/","og_locale":"sk_SK","og_type":"article","og_title":"L\u00e1rovia \u2013 r\u00edmski ochrann\u00ed duchovia domu","og_description":"L\u00e1rovia s\u00fa r\u00edmski ochrann\u00ed duchovia domu, rodiny a kri\u017eovatiek ciest. Religionistick\u00e9 zaradenie s kultom a prame\u0148mi.","og_url":"https:\/\/iwell-guard.com\/sk\/lares-rimski-ochranni-duchovia-domu\/","og_site_name":"iWell Guard","article_modified_time":"2026-09-04T22:48:38+00:00","og_image":[{"width":1024,"height":1536,"url":"https:\/\/iwell-guard.com\/wp-content\/uploads\/2026\/05\/geister_rom_laren-1.webp","type":"image\/webp"}],"twitter_card":"summary_large_image","schema":{"@context":"https:\/\/schema.org","@graph":[{"@type":"WebPage","@id":"https:\/\/iwell-guard.com\/sk\/lares-rimski-ochranni-duchovia-domu\/","url":"https:\/\/iwell-guard.com\/sk\/lares-rimski-ochranni-duchovia-domu\/","name":"L\u00e1rovia \u2013 r\u00edmski ochrann\u00ed duchovia domu","isPartOf":{"@id":"https:\/\/iwell-guard.com\/sk\/#website"},"primaryImageOfPage":{"@id":"https:\/\/iwell-guard.com\/sk\/lares-rimski-ochranni-duchovia-domu\/#primaryimage"},"image":{"@id":"https:\/\/iwell-guard.com\/sk\/lares-rimski-ochranni-duchovia-domu\/#primaryimage"},"thumbnailUrl":"https:\/\/iwell-guard.com\/wp-content\/uploads\/2026\/05\/geister_rom_laren-1.webp","datePublished":"2026-09-04T22:20:42+00:00","dateModified":"2026-09-04T22:48:38+00:00","description":"L\u00e1rovia s\u00fa r\u00edmski ochrann\u00ed duchovia domu, rodiny a kri\u017eovatiek ciest. Religionistick\u00e9 zaradenie s kultom a prame\u0148mi.","breadcrumb":{"@id":"https:\/\/iwell-guard.com\/sk\/lares-rimski-ochranni-duchovia-domu\/#breadcrumb"},"inLanguage":"sk-SK","potentialAction":[{"@type":"ReadAction","target":["https:\/\/iwell-guard.com\/sk\/lares-rimski-ochranni-duchovia-domu\/"]}]},{"@type":"ImageObject","inLanguage":"sk-SK","@id":"https:\/\/iwell-guard.com\/sk\/lares-rimski-ochranni-duchovia-domu\/#primaryimage","url":"https:\/\/iwell-guard.com\/wp-content\/uploads\/2026\/05\/geister_rom_laren-1.webp","contentUrl":"https:\/\/iwell-guard.com\/wp-content\/uploads\/2026\/05\/geister_rom_laren-1.webp","width":1024,"height":1536,"caption":"Duchovia z r\u00edmskej trad\u00edcie."},{"@type":"BreadcrumbList","@id":"https:\/\/iwell-guard.com\/sk\/lares-rimski-ochranni-duchovia-domu\/#breadcrumb","itemListElement":[{"@type":"ListItem","position":1,"name":"Start","item":"https:\/\/iwell-guard.com\/sk\/?page_id=157572"},{"@type":"ListItem","position":2,"name":"L\u00e1rovia \u2013 r\u00edmski ochrann\u00ed duchovia domu"}]},{"@type":"WebSite","@id":"https:\/\/iwell-guard.com\/sk\/#website","url":"https:\/\/iwell-guard.com\/sk\/","name":"iWell Guard","description":"Schutz vor dunklen Einfl\u00fcssen","publisher":{"@id":"https:\/\/iwell-guard.com\/sk\/#organization"},"potentialAction":[{"@type":"SearchAction","target":{"@type":"EntryPoint","urlTemplate":"https:\/\/iwell-guard.com\/sk\/?s={search_term_string}"},"query-input":{"@type":"PropertyValueSpecification","valueRequired":true,"valueName":"search_term_string"}}],"inLanguage":"sk-SK"},{"@type":"Organization","@id":"https:\/\/iwell-guard.com\/sk\/#organization","name":"Ittermann electronic GmbH","url":"https:\/\/iwell-guard.com\/sk\/","logo":{"@type":"ImageObject","inLanguage":"sk-SK","@id":"https:\/\/iwell-guard.com\/sk\/#\/schema\/logo\/image\/","url":"https:\/\/iwell-guard.com\/wp-content\/uploads\/2026\/05\/Ittermann-Logo-1182x237-1.png","contentUrl":"https:\/\/iwell-guard.com\/wp-content\/uploads\/2026\/05\/Ittermann-Logo-1182x237-1.png","width":1182,"height":237,"caption":"Ittermann electronic GmbH"},"image":{"@id":"https:\/\/iwell-guard.com\/sk\/#\/schema\/logo\/image\/"},"sameAs":["https:\/\/pantip.com\/profile\/9367242","https:\/\/micro.blog\/iwellguard","https:\/\/www.diggerslist.com\/iwellguard\/about","https:\/\/skitterphoto.com\/photographers\/2870314\/iwell-guard","https:\/\/iwellguard.wordpress.com\/2026\/06\/06\/iwell-guard\/","https:\/\/hub.docker.com\/u\/iwellguard","https:\/\/www.pinterest.com\/iwellguard\/","https:\/\/bit.ly\/m\/iwellguard","https:\/\/entre-vos-mains.alsace.eu\/profiles\/iwellguard\/activity","https:\/\/gravatar.com\/reallybeded8fd34","https:\/\/naijamatta.com\/iwellguard","https:\/\/www.goodreads.com\/iwellguard","https:\/\/profile.hatena.ne.jp\/iwellguard\/","https:\/\/experiment.com\/users\/iwellguard","https:\/\/wakelet.com\/@iWellGuard82270","https:\/\/www.chordie.com\/forum\/profile.php?id=2555664","https:\/\/www.instapaper.com\/p\/17757966","https:\/\/www.mapleprimes.com\/users\/iwellguard","https:\/\/businesslistingplus.com\/profile\/iwell-guard\/","https:\/\/telegra.ph\/iWell-Guard-06-06","https:\/\/pbase.com\/iwellguard\/iwellguard","https:\/\/b.hatena.ne.jp\/iwellguard\/20260607#bookmark-4788405196491818882","https:\/\/fliphtml5.com\/home\/iwellguard","https:\/\/anyflip.com\/homepage\/cmiwl#About","https:\/\/transfur.com\/Users\/iwellguard","http:\/\/delphi.larsbo.org\/user\/iwellguard","https:\/\/jobs.lajobsportal.org\/profiles\/8380803-iwell-guard","https:\/\/md.chaosdorf.de\/s\/jfbe5SBdJD","https:\/\/www.lingvolive.com\/en-us\/profile\/9ecaeaca-ce11-4e51-9e71-01d55e2bff36\/translations","https:\/\/www.fitday.com\/fitness\/forums\/members\/iwellguard.html","https:\/\/www.mymeetbook.com\/iwellguard","https:\/\/pxhere.com\/en\/photographer-me\/5040798","https:\/\/disqus.com\/by\/iwellguard\/about\/","https:\/\/pastelink.net\/hjwciqwq","https:\/\/pubhtml5.com\/homepage\/scjhn\/","https:\/\/www.bitchute.com\/channel\/2O2eOKzNqujT","https:\/\/audiomack.com\/iwellguard"]}]}},"_links":{"self":[{"href":"https:\/\/iwell-guard.com\/sk\/wp-json\/wp\/v2\/pages\/158018","targetHints":{"allow":["GET"]}}],"collection":[{"href":"https:\/\/iwell-guard.com\/sk\/wp-json\/wp\/v2\/pages"}],"about":[{"href":"https:\/\/iwell-guard.com\/sk\/wp-json\/wp\/v2\/types\/page"}],"author":[{"embeddable":true,"href":"https:\/\/iwell-guard.com\/sk\/wp-json\/wp\/v2\/users\/3"}],"replies":[{"embeddable":true,"href":"https:\/\/iwell-guard.com\/sk\/wp-json\/wp\/v2\/comments?post=158018"}],"version-history":[{"count":0,"href":"https:\/\/iwell-guard.com\/sk\/wp-json\/wp\/v2\/pages\/158018\/revisions"}],"wp:featuredmedia":[{"embeddable":true,"href":"https:\/\/iwell-guard.com\/sk\/wp-json\/wp\/v2\/media\/3387"}],"wp:attachment":[{"href":"https:\/\/iwell-guard.com\/sk\/wp-json\/wp\/v2\/media?parent=158018"}],"wp:term":[{"taxonomy":"category","embeddable":true,"href":"https:\/\/iwell-guard.com\/sk\/wp-json\/wp\/v2\/categories?post=158018"}],"curies":[{"name":"wp","href":"https:\/\/api.w.org\/{rel}","templated":true}]}}