{"id":158017,"date":"2026-09-04T22:20:42","date_gmt":"2026-09-04T22:20:42","guid":{"rendered":"https:\/\/iwell-guard.com\/?page_id=158017"},"modified":"2026-09-04T22:48:38","modified_gmt":"2026-09-04T22:48:38","slug":"aos-si-narod-pahorkov-ineho-sveta","status":"publish","type":"page","link":"https:\/\/iwell-guard.com\/sk\/aos-si-narod-pahorkov-ineho-sveta\/","title":{"rendered":"Aos S\u00ed \u2013 N\u00e1rod pod pahorkami irsk\u00e9ho onoho svet\u0430"},"content":{"rendered":"\t\t<div data-elementor-type=\"wp-page\" data-elementor-id=\"158017\" class=\"elementor elementor-158017 elementor-2910 elementor-bc-flex-widget\" data-elementor-post-type=\"page\">\n\t\t\t\t<div class=\"elementor-element elementor-element-hero54b1247 e-flex e-con-boxed e-con e-parent\" data-id=\"hero54b1247\" data-element_type=\"container\" data-e-type=\"container\">\n\t\t\t\t\t<div class=\"e-con-inner\">\n\t\t\t\t<div class=\"elementor-element elementor-element-heroimg9062374 iwg-hero-image elementor-widget elementor-widget-image\" data-id=\"heroimg9062374\" data-element_type=\"widget\" data-e-type=\"widget\" data-widget_type=\"image.default\">\n\t\t\t\t\t\t\t\t\t\t\t\t\t\t\t<img fetchpriority=\"high\" decoding=\"async\" width=\"683\" height=\"1024\" src=\"https:\/\/iwell-guard.com\/wp-content\/uploads\/2026\/05\/geister_keltisch_aos-si-683x1024.webp\" class=\"attachment-large size-large wp-image-159650\" alt=\"Aos S\u00ed \u2013 duchovia z keltskej trad\u00edcie, historicko-ilustra\u010dn\u00e9 zobrazenie\" srcset=\"https:\/\/iwell-guard.com\/wp-content\/uploads\/2026\/05\/geister_keltisch_aos-si-683x1024.webp 683w, https:\/\/iwell-guard.com\/wp-content\/uploads\/2026\/05\/geister_keltisch_aos-si-200x300.webp 200w, https:\/\/iwell-guard.com\/wp-content\/uploads\/2026\/05\/geister_keltisch_aos-si-768x1152.webp 768w, https:\/\/iwell-guard.com\/wp-content\/uploads\/2026\/05\/geister_keltisch_aos-si.webp 1024w\" sizes=\"(max-width: 683px) 100vw, 683px\" \/>\t\t\t\t\t\t\t\t\t\t\t\t\t\t\t<\/div>\n\t\t\t\t\t<\/div>\n\t\t\t\t<\/div>\n\t\t<div class=\"elementor-element elementor-element-iwgw-aossi-hero e-flex e-con-boxed e-con e-parent\" data-id=\"iwgw-aossi-hero\" data-element_type=\"container\" data-e-type=\"container\">\n\t\t\t\t\t<div class=\"e-con-inner\">\n\t\t\t\t<div class=\"elementor-element elementor-element-iwgw-aossi-h1 elementor-widget elementor-widget-heading\" data-id=\"iwgw-aossi-h1\" data-element_type=\"widget\" data-e-type=\"widget\" data-widget_type=\"heading.default\">\n\t\t\t\t\t<h1 class=\"elementor-heading-title elementor-size-default\">Aos S\u00ed \u2013 Bytosti v\u00edl a n\u00e1rod pod pahorkami<\/h1>\t\t\t\t<\/div>\n\t\t\t\t<div class=\"elementor-element elementor-element-iwgw-aossi-pills elementor-widget elementor-widget-html\" data-id=\"iwgw-aossi-pills\" data-element_type=\"widget\" data-e-type=\"widget\" data-widget_type=\"html.default\">\n\t\t\t\t\t<div class=\"iwg-pill-row\"><span class=\"iwg-klasse-badge\" tabindex=\"0\" data-tooltip=\"Duchovia trad\u00edcie Keltsk\u00e1.\">Duchovia<\/span><a href=\"https:\/\/iwell-guard.com\/sk\/keltska\/\" class=\"iwg-kultur-badge\" tabindex=\"0\" data-tooltip=\"Mytol\u00f3gia trad\u00edcie Keltsk\u00e1.\">Keltsk\u00e1<\/a><span class=\"iwg-tradition-badge\" tabindex=\"0\" data-tooltip=\"Bytosti v\u00edl.\">Bytosti v\u00edl<\/span><\/div>\t\t\t\t<\/div>\n\t\t\t\t<div class=\"elementor-element elementor-element-iwgw-aossi-lead elementor-widget elementor-widget-text-editor\" data-id=\"iwgw-aossi-lead\" data-element_type=\"widget\" data-e-type=\"widget\" data-widget_type=\"text-editor.default\">\n\t\t\t\t\t\t\t\t\t<p>Aos S\u00ed je irsk\u00fd s\u00faborn\u00fd pojem pre n\u00e1rod pod pahorkami, bytosti v\u00edl z keltsk\u00e9ho onoho svet\u0430. Pova\u017euj\u00fa sa za obyvate\u013eov star\u00fdch pohrebn\u00fdch moh\u00fdl a za potomkov mytick\u00e9ho prap\u00f4vodn\u00e9ho obyvate\u013estva \u00cdrska. Tento \u010dl\u00e1nok zara\u010fuje Aos S\u00ed z religionistick\u00e9ho h\u013eadiska a venuje sa n\u00e1zvu, <span class=\"iwg-fachbegriff\" data-tooltip=\"Tradovan\u00e9 rozpr\u00e1vanie o bohoch, p\u00f4vode a poriadku svet\u0430.\" tabindex=\"0\">m\u00fdtu<\/span>, <span class=\"iwg-fachbegriff\" data-tooltip=\"Tradovan\u00e1 \u010dinnos\u0165, ktor\u00e1 sa v spolo\u010denstve pravidelne opakuje.\" tabindex=\"0\">zvyku<\/span> a b\u00e1daniu.<\/p>\t\t\t\t\t\t\t\t<\/div>\n\t\t\t\t\t<\/div>\n\t\t\t\t<\/div>\n\t\t<div class=\"elementor-element elementor-element-iwgw-aossi-s0 e-flex e-con-boxed e-con e-parent\" data-id=\"iwgw-aossi-s0\" data-element_type=\"container\" data-e-type=\"container\">\n\t\t\t\t\t<div class=\"e-con-inner\">\n\t\t\t\t<div class=\"elementor-element elementor-element-iwgw-aossi-s0h elementor-widget elementor-widget-heading\" data-id=\"iwgw-aossi-s0h\" data-element_type=\"widget\" data-e-type=\"widget\" data-widget_type=\"heading.default\">\n\t\t\t\t\t<h2 class=\"elementor-heading-title elementor-size-default\">Zaradenie<\/h2>\t\t\t\t<\/div>\n\t\t\t\t<div class=\"elementor-element elementor-element-iwgw-aossi-s0t elementor-widget elementor-widget-text-editor\" data-id=\"iwgw-aossi-s0t\" data-element_type=\"widget\" data-e-type=\"widget\" data-widget_type=\"text-editor.default\">\n\t\t\t\t\t\t\t\t\t<p>Aos S\u00ed, v star\u0161om pravopise aj Aes S\u00eddhe, je irsk\u00e9 ozna\u010denie pre triedu nadprirodzen\u00fdch bytost\u00ed, ktor\u00e9 hraj\u00fa v\u00fdrazn\u00fa \u00falohu v trad\u00edcii <a href=\"https:\/\/iwell-guard.com\/sk\/keltska\/\">\u00cdrska<\/a> a gaelsk\u00e9ho Skotska.<\/p><p>Pojem znamen\u00e1 doslova nie\u010do ako \u201en\u00e1rod pahorkov\u201c alebo \u201e\u013eudia pohrebn\u00fdch moh\u00fdl\u201c. Ozna\u010duj\u00fa sa tak obyvatelia nevidite\u013en\u00e9ho paraleln\u00e9ho svet\u0430, tzv. onoho svet\u0430, ktor\u00e9ho vstupy si \u013eudia predstavovali na ur\u010dit\u00fdch miestach v krajine, predov\u0161etk\u00fdm pri prehistorick\u00fdch pohrebn\u00fdch mohyl\u00e1ch a zemn\u00fdch valoch.<\/p><p>Z religionistick\u00e9ho h\u013eadiska sa Aos S\u00ed \u0165a\u017eko zara\u010fuj\u00fa pod jedin\u00fd pojem. Nie s\u00fa jednozna\u010dne bohovia ani jednozna\u010dne mrtvi, nie s\u00fa to \u010disto pr\u00edrodn\u00ed duchovia ani oby\u010dajn\u00ed d\u00e9moni. S\u00fa sk\u00f4r samostatnou kateg\u00f3riou bytost\u00ed, ktor\u00e1 stoj\u00ed medzi jednotliv\u00fdmi kateg\u00f3riami.<\/p><p>V star\u0161ej stredovekej <span class=\"iwg-fachbegriff\" data-tooltip=\"Odovzd\u00e1vanie vedomost\u00ed a rozpr\u00e1van\u00ed z gener\u00e1cie na gener\u00e1ciu.\" tabindex=\"0\">trad\u00edcii<\/span> s\u00fa tesne sp\u00e1jan\u00ed s Tuatha D\u00e9 Danann, mytick\u00fdm n\u00e1rodom bohov, ktor\u00fd pod\u013ea irsk\u00fdch pseudohistorick\u00fdch textov kedysi vl\u00e1dol \u00cdrsku a po svojej por\u00e1\u017eke sa stiahol do pahorkov a pod zem. Z tohto poh\u013eadu s\u00fa Aos S\u00ed ako degradovan\u00ed bohovia, ktor\u00ed \u010falej \u017eij\u00fa v onom svete.<\/p><p>V neskor\u0161ej \u013eudovej trad\u00edcii, ako ju od 18. do 20. storo\u010dia zaznamen\u00e1vali zberatelia, vystupuj\u00fa Aos S\u00ed viac ako bytosti v\u00edl v u\u017e\u0161om zmysle, ako samostatn\u00fd n\u00e1rod s vlastnou spolo\u010dnos\u0165ou, ktor\u00fd \u017eije v bezprostrednom susedstve s \u013eu\u010fmi a neust\u00e1le s nimi prich\u00e1dza do kontaktu.<\/p><p>Tieto dve vrstvy, mytologick\u00e1 a folkloristick\u00e1, sa nedaj\u00fa striktne oddeli\u0165, ale prel\u00ednaj\u00fa sa.<\/p><p>Predstava o Aos S\u00ed je hlboko zakorenen\u00e1 v \u00edrskej a skotskej kult\u00fare a po st\u00e1ro\u010dia formovala vz\u0165ah \u013eud\u00ed k svojej krajine, k ur\u010dit\u00fdm miestam, k chorobe, smrti a \u0161\u0165astiu. Patr\u00ed medzi najv\u00fdraznej\u0161ie prvky celej keltskojazy\u010dnej <span class=\"iwg-fachbegriff\" data-tooltip=\"Odovzd\u00e1vanie vedomost\u00ed a rozpr\u00e1van\u00ed z gener\u00e1cie na gener\u00e1ciu.\" tabindex=\"0\">trad\u00edcie<\/span> a je centr\u00e1lnym predmetom v\u00fdskumu keltsk\u00e9ho dedi\u010dstva.<\/p>\t\t\t\t\t\t\t\t<\/div>\n\t\t\t\t\t<\/div>\n\t\t\t\t<\/div>\n\t\t<div class=\"elementor-element elementor-element-iwgw-aossi-s1 e-flex e-con-boxed e-con e-parent\" data-id=\"iwgw-aossi-s1\" data-element_type=\"container\" data-e-type=\"container\">\n\t\t\t\t\t<div class=\"e-con-inner\">\n\t\t\t\t<div class=\"elementor-element elementor-element-iwgw-aossi-s1h elementor-widget elementor-widget-heading\" data-id=\"iwgw-aossi-s1h\" data-element_type=\"widget\" data-e-type=\"widget\" data-widget_type=\"heading.default\">\n\t\t\t\t\t<h2 class=\"elementor-heading-title elementor-size-default\">Meno a etymol\u00f3gia<\/h2>\t\t\t\t<\/div>\n\t\t\t\t<div class=\"elementor-element elementor-element-iwgw-aossi-s1t elementor-widget elementor-widget-text-editor\" data-id=\"iwgw-aossi-s1t\" data-element_type=\"widget\" data-e-type=\"widget\" data-widget_type=\"text-editor.default\">\n\t\t\t\t\t\t\t\t\t<p>Pojem Aos S\u00ed sa sklad\u00e1 z dvoch \u010dast\u00ed. <em>Aos<\/em> znamen\u00e1 \u201e\u013eudia\u201c alebo \u201en\u00e1rod\u201c, <em>s\u00ed<\/em> ozna\u010duje pahorok, presnej\u0161ie prehistorick\u00fa pohrebn\u00fa mohylu alebo zemn\u00fd val. Slovo <em>s\u00ed<\/em> pri tom znamen\u00e1 ako vidite\u013en\u00fd pahorok v krajine, tak aj onen svet, ktor\u00fd sa v \u0148om predpokladal.<\/p><p>Z tohto slova sa odvodzuje aj v anglickej <span class=\"iwg-fachbegriff\" data-tooltip=\"Odovzd\u00e1vanie vedomost\u00ed a rozpr\u00e1van\u00ed z gener\u00e1cie na gener\u00e1ciu.\" tabindex=\"0\">trad\u00edcii<\/span> roz\u0161\u00edren\u00fd pojem <em>shee<\/em>, a rovnako aj sl\u00e1vne ozna\u010denie Banshee, \u201e\u017eeny pahorkov\u201c, o ktorej bude re\u010d ni\u017e\u0161ie.<\/p><p>Okrem Aos S\u00ed s\u00fa be\u017en\u00e9 aj mnoh\u00e9 \u010fal\u0161ie ozna\u010denia. Roz\u0161\u00edren\u00e9 je slovn\u00e9 spojenie, ktor\u00e9 sa d\u00e1 prelo\u017ei\u0165 ako \u201edobr\u00fd n\u00e1rod\u201c alebo \u201edobr\u00ed susedia\u201c. Toto zjem\u0148uj\u00face oslovenie nie je n\u00e1hoda.<\/p><p>Vych\u00e1dza zo v\u0161eobecne roz\u0161\u00edrenej predstavy, \u017ee bytosti v\u00edl sa nemaj\u00fa vola\u0165 ich vlastn\u00fdm menom a rozhodne sa nemaj\u00fa ur\u00e1\u017ea\u0165, preto\u017ee po\u010d\u00favaj\u00fa a mohli by sa pomsti\u0165. Priate\u013esk\u00e9 op\u00edsanie je teda samo osebe formou ochrany.<\/p><p>V Skotsku zodpoved\u00e1 irsk\u00fdm Aos S\u00ed gaelsk\u00fd \u201en\u00e1rod pokoja\u201c alebo \u201eDaoine S\u00ecth\u201c. Aj tu sa prejavuje tendencia oslovova\u0165 tieto bytosti zmierliv\u00fdm, upokojuj\u00facim menom. V anglickom jazykovom prostred\u00ed boli Aos S\u00ed nesk\u00f4r zaraden\u00e9 pod s\u00faborn\u00fd pojem v\u00edl alebo n\u00e1roda v\u00edl, \u010do v\u0161ak oslabuje ich \u0161pecificky keltsk\u00fd charakter.<\/p><p>D\u00f4le\u017eit\u00e9 je, \u017ee etymol\u00f3gia odha\u013euje tesn\u00fa v\u00e4zbu t\u00fdchto bytost\u00ed na konkr\u00e9tne miesto v krajine. Meno neodkazuje na ur\u010dit\u00fa podobu alebo vlastnos\u0165, ale na miesto bydliska, pahorok.<\/p><p>T\u00fdm je od za\u010diatku pomenovan\u00e1 jedna k\u013e\u00fa\u010dov\u00e1 vlastnos\u0165: Aos S\u00ed s\u00fa bytosti viazan\u00e9 na miesto, a vz\u0165ah \u013eud\u00ed k nim je v\u017edy aj vz\u0165ahom k ur\u010dit\u00fdm miestam vo vlastnom okol\u00ed.<\/p>\t\t\t\t\t\t\t\t<\/div>\n\t\t\t\t\t<\/div>\n\t\t\t\t<\/div>\n\t\t<div class=\"elementor-element elementor-element-iwgw-aossi-s2 e-flex e-con-boxed e-con e-parent\" data-id=\"iwgw-aossi-s2\" data-element_type=\"container\" data-e-type=\"container\">\n\t\t\t\t\t<div class=\"e-con-inner\">\n\t\t\t\t<div class=\"elementor-element elementor-element-iwgw-aossi-s2h elementor-widget elementor-widget-heading\" data-id=\"iwgw-aossi-s2h\" data-element_type=\"widget\" data-e-type=\"widget\" data-widget_type=\"heading.default\">\n\t\t\t\t\t<h2 class=\"elementor-heading-title elementor-size-default\">Popis a ikonografia<\/h2>\t\t\t\t<\/div>\n\t\t\t\t<div class=\"elementor-element elementor-element-iwgw-aossi-s2t elementor-widget elementor-widget-text-editor\" data-id=\"iwgw-aossi-s2t\" data-element_type=\"widget\" data-e-type=\"widget\" data-widget_type=\"text-editor.default\">\n\t\t\t\t\t\t\t\t\t<p>Aos S\u00ed sa vymykaj\u00fa jednotn\u00e9mu popisu, preto\u017ee <span class=\"iwg-fachbegriff\" data-tooltip=\"Odovzd\u00e1vanie vedomost\u00ed a rozpr\u00e1van\u00ed z gener\u00e1cie na gener\u00e1ciu.\" tabindex=\"0\">\u00fastna trad\u00edcia<\/span> ich zobrazuje ve\u013emi r\u00f4znorodo. V star\u0161ej mytologickej literat\u00fare sa javia ako kr\u00e1sny, vzne\u0161en\u00fd n\u00e1rod, ktor\u00fd sa navonok podob\u00e1 \u013eu\u010fom, no v p\u00f4vabe, moci a d\u013a\u017eke \u017eivota ich \u010faleko prevy\u0161uje.<\/p><p>\u017dij\u00fa v n\u00e1dhern\u00fdch sie\u0148ach pod pahorkami, usporad\u00favaj\u00fa sl\u00e1vnosti, jazdia na ko\u0148och a nosia drahocenn\u00e9 odevy. V tomto podan\u00ed p\u00f4sobia menej desivo a sk\u00f4r nadpozemsky a vzne\u0161ene.<\/p><p>\u013dudov\u00e1 <span class=\"iwg-fachbegriff\" data-tooltip=\"Odovzd\u00e1vanie vedomost\u00ed a rozpr\u00e1van\u00ed z gener\u00e1cie na gener\u00e1ciu.\" tabindex=\"0\">\u00fastna trad\u00edcia<\/span> pod\u00e1va pestrej\u0161\u00ed obraz. Tu m\u00f4\u017eu by\u0165 Aos S\u00ed ve\u013ek\u00ed alebo mal\u00ed, kr\u00e1sni alebo odpudiv\u00ed, vystupuj\u00fa jednotlivo alebo v skupin\u00e1ch.<\/p><p>Niektor\u00e9 rozpr\u00e1vania ich zobrazuj\u00fa ako drobn\u00e9 bytosti, in\u00e9 ako postavy \u013eudskej ve\u013ekosti. \u010casto sa s nimi sp\u00e1ja zelen\u00e1 farba, ob\u010das \u010derven\u00e1. Dok\u00e1\u017eu sa sta\u0165 nevidite\u013en\u00fdmi, meni\u0165 podobu a zjavova\u0165 sa v zvieracej podobe.<\/p><p>Aos S\u00ed si nevytvorili pevn\u00fa ikonografiu v zmysle k\u00e1nonick\u00e9ho obrazov\u00e9ho typu, ke\u010f\u017ee ich <span class=\"iwg-fachbegriff\" data-tooltip=\"Odovzd\u00e1vanie vedomost\u00ed a rozpr\u00e1van\u00ed z gener\u00e1cie na gener\u00e1ciu.\" tabindex=\"0\">\u00fastna trad\u00edcia<\/span> je preva\u017ene rozpr\u00e1va\u010dsk\u00e1 a \u00fastna. Tam, kde s\u00fa zobrazovan\u00ed v\u00fdtvarne, deje sa tak v\u00e4\u010d\u0161inou v r\u00e1mci neskor\u0161\u00edch liter\u00e1rnych a umeleck\u00fdch spracovan\u00ed.<\/p><p>Niektor\u00e9 podoby ich zjavovania s\u00fa v\u0161ak pevne ust\u00e1len\u00e9. Patr\u00ed k nim divok\u00fd hon alebo sprievod v\u00edl, z\u00e1stup jazdcov, ktor\u00fd sa za s\u00famraku preh\u00e1\u0148a krajinou. Patr\u00ed sem aj osamel\u00e1 pla\u010d\u00faca \u017eensk\u00e1 postava, banshee, ktorej kv\u00edlenie ohlasuje bl\u00ed\u017eiacu sa smr\u0165 \u010dloveka.<\/p><p>Charakteristick\u00e9 je \u010falej spojenie s hudbou a tancom. Aos S\u00ed platia za majstrov omamne kr\u00e1snej hudby a rozpr\u00e1vania hovoria o \u013eu\u010foch, ktor\u00ed na\u010d\u00favali ich mel\u00f3di\u00e1m alebo boli vo v\u00edly kruhoch zveden\u00ed k tancu.<\/p><p>Celkovo je zjav Aos S\u00ed pozna\u010den\u00fd z\u00e1sadnou dvojtv\u00e1rnos\u0165ou: s\u00fa z\u00e1rove\u0148 zvodne kr\u00e1sni a nebezpe\u010dn\u00ed, pr\u00ed\u0165a\u017eliv\u00ed a hroziv\u00fd.<\/p>\t\t\t\t\t\t\t\t<\/div>\n\t\t\t\t\t<\/div>\n\t\t\t\t<\/div>\n\t\t<div class=\"elementor-element elementor-element-iwgw-aossi-s3 e-flex e-con-boxed e-con e-parent\" data-id=\"iwgw-aossi-s3\" data-element_type=\"container\" data-e-type=\"container\">\n\t\t\t\t\t<div class=\"e-con-inner\">\n\t\t\t\t<div class=\"elementor-element elementor-element-iwgw-aossi-s3h elementor-widget elementor-widget-heading\" data-id=\"iwgw-aossi-s3h\" data-element_type=\"widget\" data-e-type=\"widget\" data-widget_type=\"heading.default\">\n\t\t\t\t\t<h2 class=\"elementor-heading-title elementor-size-default\">Mytologick\u00e9 rozpr\u00e1vania<\/h2>\t\t\t\t<\/div>\n\t\t\t\t<div class=\"elementor-element elementor-element-iwgw-aossi-s3t elementor-widget elementor-widget-text-editor\" data-id=\"iwgw-aossi-s3t\" data-element_type=\"widget\" data-e-type=\"widget\" data-widget_type=\"text-editor.default\">\n\t\t\t\t\t\t\t\t\t<p>Mytologick\u00fd z\u00e1klad Aos S\u00ed spo\u010d\u00edva v rozpr\u00e1vacom okruhu o Tuatha D\u00e9 Danann, bo\u017eskom n\u00e1rode irskej <span class=\"iwg-fachbegriff\" data-tooltip=\"Odovzd\u00e1vanie vedomost\u00ed a rozpr\u00e1van\u00ed z gener\u00e1cie na gener\u00e1ciu.\" tabindex=\"0\">trad\u00edcie<\/span>.<\/p><p>Pod\u013ea stredovek\u00fdch pseudohist\u00f3ri\u00ed, predov\u0161etk\u00fdm takzvanej Knihy o dobyt\u00ed \u00cdrska, pri\u0161li Tuatha D\u00e9 Danann do \u00cdrska ako jedna z vlny os\u00eddlen\u00ed a vl\u00e1dli tam, k\u00fdm ich neporazili nasleduj\u00faci Synovia M\u00edla, m\u00fdtick\u00ed predkovia \u00cdrov.<\/p><p>Po svojej por\u00e1\u017eke sa z krajiny nevzdialili, ale utiahli sa hlb\u0161ie do nej, pod pahorky a do Inosveta. Toto rozpr\u00e1vanie vysvet\u013euje, pre\u010do sa v Aos S\u00ed videli bohovia, ktor\u00ed klesli na ni\u017e\u0161iu \u00farove\u0148.<\/p><p>Z tohto mytologick\u00e9ho z\u00e1kladu poch\u00e1dza mnoho zn\u00e1mych rozpr\u00e1van\u00ed. Rozpr\u00e1vaj\u00fa o n\u00e1dhern\u00fdch s\u00eddlach jednotliv\u00fdch vodcov Tuatha D\u00e9 Danann pod pahorkami, o sl\u00e1vnostiach v Inosvete, o milostn\u00fdch vz\u0165ahoch medzi bytos\u0165ami z Inosveta a \u013eu\u010fmi a o zrode hrdinov, ktor\u00ed maj\u00fa jedn\u00e9ho rodi\u010da z Inosveta.<\/p><p>Opakuj\u00facim sa <span class=\"iwg-fachbegriff\" data-tooltip=\"Opakuj\u00faci sa obsahov\u00fd prvok v umen\u00ed alebo rozpr\u00e1van\u00ed.\" tabindex=\"0\">mot\u00edvom<\/span> je pozvanie alebo \u00fanos \u010dloveka do Inosveta, kde \u010das plynie inak. Kto sa z Inosveta vr\u00e1ti, \u010dasto zist\u00ed, \u017ee v \u013eudskom svete uplynuli storo\u010dia.<\/p><p>Neskor\u0161ia \u013eudov\u00e1 rozpr\u00e1va\u010dsk\u00e1 trad\u00edcia tento z\u00e1klad roz\u0161\u00edrila a preniesla do be\u017en\u00e9ho \u017eivota.<\/p><p>N\u00e1jdeme tu pr\u00edbehy o p\u00f4rodn\u00fdch babiciach, ktor\u00e9 s\u00fa privolan\u00e9 k p\u00f4rodu v\u00edlieho die\u0165a\u0165a. In\u00e9 rozpr\u00e1vaj\u00fa o podvrhoch, teda o v\u00edl\u00edch de\u0165och, ktor\u00e9 tajne nahradia \u013eudsk\u00e9 die\u0165a. \u010eal\u0161ie hovoria o \u013eu\u010foch, ktor\u00ed sa dostan\u00fa do v\u00edlieho pahorka a len s \u0165a\u017ekos\u0165ami sa z neho dostan\u00fa von. Nakoniec s\u00fa tu ro\u013en\u00edci, ktor\u00ed si privolaj\u00fa hnev Aos S\u00ed, preto\u017ee vy\u0165ali v\u00edl\u00ed strom alebo zastavali v\u00edl\u00ed chodn\u00edk.<\/p><p>D\u00f4le\u017eit\u00e1 rozpr\u00e1vacia l\u00ednia sa t\u00fdka bans\u00ed. T\u00e1to osamoten\u00e1 \u017eensk\u00e1 postava z Inosveta je pridelen\u00e1 ur\u010dit\u00fdm rodin\u00e1m a svoj\u00edm \u017ealospevom ohlasuje smr\u0165 \u010dlena rodiny. Nie je to zlomyse\u013en\u00e1 bytos\u0165, ale posl\u00ed\u010dka nevyhnutn\u00e9ho osudu.<\/p><p>Celkovo tieto rozpr\u00e1vania ukazuj\u00fa Aos S\u00ed ako bytosti, s ktor\u00fdmi je \u010dlovek nepretr\u017eite vo zlo\u017eitom vz\u0165ahu, ur\u010denom vz\u00e1jomn\u00fdmi povinnos\u0165ami a nebezpe\u010denstvami.<\/p>\t\t\t\t\t\t\t\t<\/div>\n\t\t\t\t\t<\/div>\n\t\t\t\t<\/div>\n\t\t<div class=\"elementor-element elementor-element-iwgw-aossi-s4 e-flex e-con-boxed e-con e-parent\" data-id=\"iwgw-aossi-s4\" data-element_type=\"container\" data-e-type=\"container\">\n\t\t\t\t\t<div class=\"e-con-inner\">\n\t\t\t\t<div class=\"elementor-element elementor-element-iwgw-aossi-s4h elementor-widget elementor-widget-heading\" data-id=\"iwgw-aossi-s4h\" data-element_type=\"widget\" data-e-type=\"widget\" data-widget_type=\"heading.default\">\n\t\t\t\t\t<h2 class=\"elementor-heading-title elementor-size-default\">Kult a uctievanie<\/h2>\t\t\t\t<\/div>\n\t\t\t\t<div class=\"elementor-element elementor-element-iwgw-aossi-s4t elementor-widget elementor-widget-text-editor\" data-id=\"iwgw-aossi-s4t\" data-element_type=\"widget\" data-e-type=\"widget\" data-widget_type=\"text-editor.default\">\n\t\t\t\t\t\t\t\t\t<p>Na rozdiel od bohov ve\u013ek\u00fdch chr\u00e1mov\u00fdch n\u00e1bo\u017eenstiev nemo\u017eno pri Aos S\u00ed hovori\u0165 o <span class=\"iwg-fachbegriff\" data-tooltip=\"S\u00fahrn n\u00e1bo\u017eensk\u00fdch \u00factov\u00fdch \u00fakonov vo\u010di bo\u017estvu alebo sv\u00e4tej postave.\" tabindex=\"0\">kulte<\/span> v \u00fazkom zmysle slova, s k\u0148azstvom, chr\u00e1mami a ust\u00e1len\u00fdmi liturgick\u00fdmi formami.<\/p><p>Vz\u0165ah \u013eud\u00ed k Aos S\u00ed bol sk\u00f4r zakotven\u00fd v ka\u017edodennom \u017eivote a v ro\u013en\u00edckom be\u017enom roku a spo\u010d\u00edval v mno\u017estve pravidiel oh\u013eaduplnosti a vyh\u00fdbania sa, ako aj v pravideln\u00fdch drobn\u00fdch obet\u00e1ch.<\/p><p>Roz\u0161\u00edrenou praxou bolo prin\u00e1\u0161anie obetn\u00fdch darov, predov\u0161etk\u00fdm jedla. Na mnoh\u00fdch miestach bolo <span class=\"iwg-fachbegriff\" data-tooltip=\"Tradi\u010dn\u00fd, v spolo\u010denstve pravidelne opakovan\u00fd \u00fakon.\" tabindex=\"0\">zvykom<\/span> odlo\u017ei\u0165 \u010das\u0165 jedla, hlt mlieka alebo prv\u00e9 pivo z v\u00e1rky pre dobr\u00fd \u013eud, alebo ho vylia\u0165 na zem.<\/p><p>Na ur\u010dit\u00fdch miestach krajiny, napr\u00edklad pri prame\u0148och, pri jednotliv\u00fdch stromoch alebo pri samotn\u00fdch pahorkoch, sa ukladali dary. Tieto \u00fakony neboli tak uctievan\u00edm, ako sk\u00f4r upokojovan\u00edm. Chceli si udr\u017ea\u0165 dobr\u00fa v\u00f4\u013eu Aos S\u00ed a vyhn\u00fa\u0165 sa ich hnevu.<\/p><p>Osobitn\u00fd v\u00fdznam mali \u010dasy prechodu v be\u017enom roku, predov\u0161etk\u00fdm star\u00e9 sviatky Samhain na konci jesene a Bealtaine na za\u010diatku leta.<\/p><p>V tieto dni sa hranica medzi svetom \u013eud\u00ed a Inosvetom pova\u017eovala za obzvl\u00e1\u0161\u0165 priepustn\u00fa, a preto sa Aos S\u00ed v tomto \u010dase pokladali za obzvl\u00e1\u0161\u0165 akt\u00edvnych a nebezpe\u010dn\u00fdch. Zodpovedaj\u00facim sp\u00f4sobom sa v tieto term\u00edny hromadili ochrann\u00e9 a upokojuj\u00face zvyky.<\/p><p>Pod osobitnou ochranou st\u00e1li aj ur\u010dit\u00e9 miesta. V\u00edlie pahorky, v\u00edlie stromy, \u010dasto osamotene stojace hlohy, ako aj predpokladan\u00e9 v\u00edlie chodn\u00edky sa nesmeli po\u0161kodzova\u0165, zastavova\u0165 ani rozor\u00e1va\u0165.<\/p><p>Dodr\u017eiavanie t\u00fdchto pravidiel bolo trvalou charakteristikou vidieckeho sp\u00f4sobu \u017eivota a \u010diasto\u010dne sa zachovalo a\u017e do ned\u00e1vnej minulosti. Vz\u0165ah k Aos S\u00ed bol teda menej n\u00e1bo\u017eenstvom uctievania a viac n\u00e1bo\u017eenstvom opatrn\u00e9ho susedstva.<\/p>\t\t\t\t\t\t\t\t<\/div>\n\t\t\t\t\t<\/div>\n\t\t\t\t<\/div>\n\t\t<div class=\"elementor-element elementor-element-iwgw-aossi-s5 e-flex e-con-boxed e-con e-parent\" data-id=\"iwgw-aossi-s5\" data-element_type=\"container\" data-e-type=\"container\">\n\t\t\t\t\t<div class=\"e-con-inner\">\n\t\t\t\t<div class=\"elementor-element elementor-element-iwgw-aossi-s5h elementor-widget elementor-widget-heading\" data-id=\"iwgw-aossi-s5h\" data-element_type=\"widget\" data-e-type=\"widget\" data-widget_type=\"heading.default\">\n\t\t\t\t\t<h2 class=\"elementor-heading-title elementor-size-default\">Ochrann\u00e1 prax a apotropaika<\/h2>\t\t\t\t<\/div>\n\t\t\t\t<div class=\"elementor-element elementor-element-iwgw-aossi-s5t elementor-widget elementor-widget-text-editor\" data-id=\"iwgw-aossi-s5t\" data-element_type=\"widget\" data-e-type=\"widget\" data-widget_type=\"text-editor.default\">\n\t\t\t\t\t\t\t\t\t<p>V zaobch\u00e1dzan\u00ed s Aos S\u00ed sa vytvorila mimoriadne bohat\u00e1 ochrann\u00e1 prax. Ide o historicky a folkloristicky dobre zdokumentovan\u00e9 zvyky, ktor\u00fdch predstavenie nezah\u0155\u0148a \u017eiadne vyjadrenie o ich \u00fa\u010dinnosti.<\/p><p>Z\u00e1kladn\u00e9 pravidlo ochrany sa t\u00fdkalo jazyka. \u013dudia sa vyh\u00fdbali priamemu oslovovaniu Aos S\u00ed menom a pou\u017e\u00edvali namiesto toho l\u00e1skav\u00e9 opisy ako \u201edobr\u00ed \u013eudia\u201c alebo \u201edobr\u00ed susedia\u201c. D\u00e1vali si pozor, aby o nich nehovorili zle, aby sa im nevzd\u00e1vali v\u010faka a aby ich neurazili. T\u00e1to jazykov\u00e1 opatrnos\u0165 bola jednou z najd\u00f4le\u017eitej\u0161\u00edch foriem ochrany.<\/p><p>Druh\u00e1 skupina zvykov sa t\u00fdkala ur\u010dit\u00fdch materi\u00e1lov a predmetov, ktor\u00fdm sa pripisovala odpudzuj\u00faca sila. \u017delezo, najm\u00e4 za studena kovan\u00e9 \u017eelezo, sa pova\u017eovalo za \u00fa\u010dinn\u00fd prostriedok proti Aos S\u00ed. \u017delezn\u00fd klinec, no\u017enice alebo podkova sa pou\u017e\u00edvali na ochranu domov, kol\u00edsok a prahov.<\/p><p>Za ochrann\u00e9 sa pova\u017eovali aj ur\u010dit\u00e9 rastliny, predov\u0161etk\u00fdm jarabina, \u010falej \u013eubovn\u00edk a in\u00e9 byliny. So\u013e, ohe\u0148 a v kres\u0165anskom kontexte posv\u00e4ten\u00e1 voda a znak kr\u00ed\u017ea sa tie\u017e pou\u017e\u00edvali na odh\u00e1\u0148anie.<\/p><p>Zvl\u00e1\u0161tna pozornos\u0165 sa venovala ochrane \u0161estonedie\u013eok a novorodencov, preto\u017ee nepokrsten\u00e9 deti a \u017eeny v \u0161estonedel\u00ed sa pod\u013ea \u013eudovej viery pova\u017eovali za obzvl\u00e1\u0161\u0165 ohrozen\u00e9 \u00fanosom Aos S\u00ed a nahraden\u00edm podvrhnut\u00fdm die\u0165a\u0165om. Tu sa hromadili ochrann\u00e9 opatrenia, od \u017eeleza v kol\u00edske a\u017e po no\u010dn\u00e9 bdenie.<\/p><p>K apotropajn\u00e9mu spr\u00e1vaniu \u010falej patrila d\u00f4sledn\u00e1 \u00facta k miestam v\u00edl. Kto u\u0161etril strom v\u00edl a ponechal vo\u013en\u00fa cestu v\u00edl, vyh\u00fdbal sa tomu, aby v\u00f4bec vzbudil hnev Aos S\u00ed. Celkovo sa ukazuje, \u017ee ochrann\u00e1 prax smerovala predov\u0161etk\u00fdm k tomu, aby sa citliv\u00e9 susedstvo s In\u00fdm svetom udr\u017ealo znesite\u013en\u00e9 prostredn\u00edctvom oh\u013eaduplnosti, opatrnosti a dodr\u017eiavania tradovan\u00fdch hran\u00edc.<\/p>\t\t\t\t\t\t\t\t<\/div>\n\t\t\t\t\t<\/div>\n\t\t\t\t<\/div>\n\t\t<div class=\"elementor-element elementor-element-iwgw-aossi-s6 e-flex e-con-boxed e-con e-parent\" data-id=\"iwgw-aossi-s6\" data-element_type=\"container\" data-e-type=\"container\">\n\t\t\t\t\t<div class=\"e-con-inner\">\n\t\t\t\t<div class=\"elementor-element elementor-element-iwgw-aossi-s6h elementor-widget elementor-widget-heading\" data-id=\"iwgw-aossi-s6h\" data-element_type=\"widget\" data-e-type=\"widget\" data-widget_type=\"heading.default\">\n\t\t\t\t\t<h2 class=\"elementor-heading-title elementor-size-default\">Paralely v in\u00fdch kult\u00farach<\/h2>\t\t\t\t<\/div>\n\t\t\t\t<div class=\"elementor-element elementor-element-iwgw-aossi-s6t elementor-widget elementor-widget-text-editor\" data-id=\"iwgw-aossi-s6t\" data-element_type=\"widget\" data-e-type=\"widget\" data-widget_type=\"text-editor.default\">\n\t\t\t\t\t\t\t\t\t<p>Aos S\u00ed patria do ve\u013ekej religionisticko-historickej skupiny bytost\u00ed, ktor\u00e9 mo\u017eno ozna\u010di\u0165 ako pr\u00edrodn\u00e9, pozemsk\u00e9 alebo miestne duchy a ktor\u00e9 sa vyskytuj\u00fa v mnoh\u00fdch kult\u00farach Eur\u00f3py i mimo nej. Spolo\u010dn\u00e1 im je predstava, \u017ee krajinu ob\u00fdvan\u00fa \u013eu\u010fmi zdie\u013ea z\u00e1rove\u0148 nevidite\u013en\u00fd \u013eud, ku ktor\u00e9mu treba prejavova\u0165 oh\u013eaduplnos\u0165.<\/p><p>V severskej oblasti zodpovedaj\u00fa Aos S\u00ed bytosti severskej <span class=\"iwg-fachbegriff\" data-tooltip=\"Odovzd\u00e1vanie vedomost\u00ed a rozpr\u00e1van\u00ed z gener\u00e1cie na gener\u00e1ciu.\" tabindex=\"0\">trad\u00edcie<\/span>, napr\u00edklad elfovia, ako aj skryt\u00e9 bytosti predstavovan\u00e9 pod zemou alebo v kopcoch, ktor\u00fdm sa prin\u00e1\u0161ali podobn\u00e9 obety a vo\u010di ktor\u00fdm platili podobn\u00e9 pravidl\u00e1 vyh\u00fdbania sa.<\/p><p>Na Islande s\u00fa predstavy o skrytom \u013eude \u017eiv\u00e9 a\u017e do s\u00fa\u010dasnosti. V nemecky hovoriacej oblasti sa daj\u00fa porovna\u0165 trpasl\u00edci, zemn\u00ed duchovia a dom\u00e1ci duchovia, v slovansk\u00fdch trad\u00edci\u00e1ch r\u00f4zni dom\u00e1ci, po\u013en\u00ed a lesn\u00ed duchovia.<\/p><p>Obzvl\u00e1\u0161\u0165 tesn\u00e1 je s\u00favislos\u0165 v r\u00e1mci samotn\u00e9ho keltsk\u00e9ho jazykov\u00e9ho sveta.<\/p><p>\u0160k\u00f3tski Daoine S\u00ecth, walesk\u00e9 a kornwallsk\u00e9 predstavy o v\u00edlach, ako aj <span class=\"iwg-fachbegriff\" data-tooltip=\"Odovzd\u00e1vanie vedomost\u00ed a rozpr\u00e1van\u00ed z gener\u00e1cie na gener\u00e1ciu.\" tabindex=\"0\">trad\u00edcie<\/span> Bret\u00f3nska a ostrova Man tvoria spolu s \u00edrskymi Aos S\u00ed s\u00favisl\u00fd tradi\u010dn\u00fd priestor, v ktorom sa opakuje mnoho mot\u00edvov, od podvrhnut\u00e9ho die\u0165a\u0165a cez inak plyn\u00faci \u010das v Inom svete a\u017e po ochrann\u00fd prostriedok \u017eelezo.<\/p><p>Prierezov\u00fdm <span class=\"iwg-fachbegriff\" data-tooltip=\"Opakuj\u00faci sa obsahov\u00fd prvok v umen\u00ed alebo rozpr\u00e1van\u00ed.\" tabindex=\"0\">mot\u00edvom<\/span>, ktor\u00fd sp\u00e1ja Aos S\u00ed s in\u00fdmi trad\u00edciami, je predstava In\u00e9ho svetu ako paralelne existuj\u00facej r\u00ed\u0161e, ktorej vstupy sa nach\u00e1dzaj\u00fa na ur\u010dit\u00fdch miestach krajiny a s\u00fa otvoren\u00e9 v ur\u010dit\u00fdch \u010dasoch.<\/p><p>Aj <span class=\"iwg-fachbegriff\" data-tooltip=\"Opakuj\u00faci sa obsahov\u00fd prvok v umen\u00ed alebo rozpr\u00e1van\u00ed.\" tabindex=\"0\">mot\u00edv<\/span> odli\u0161ne plyn\u00faceho \u010dasu, <span class=\"iwg-fachbegriff\" data-tooltip=\"Opakuj\u00faci sa obsahov\u00fd prvok v umen\u00ed alebo rozpr\u00e1van\u00ed.\" tabindex=\"0\">mot\u00edv<\/span> nebezpe\u010dnej hostinnosti a z\u00e1kaz jedenia v Inom svete sa vyskytuj\u00fa v mnoh\u00fdch mytol\u00f3gi\u00e1ch. Porovnanie ukazuje, \u017ee Aos S\u00ed s\u00fa kult\u00farne \u0161pecifick\u00fdm, nezamenite\u013ene \u00edrskym prejavom roz\u0161\u00edrenej n\u00e1bo\u017eenskej z\u00e1kladnej predstavy.<\/p>\t\t\t\t\t\t\t\t<\/div>\n\t\t\t\t\t<\/div>\n\t\t\t\t<\/div>\n\t\t<div class=\"elementor-element elementor-element-iwgw-aossi-s7 e-flex e-con-boxed e-con e-parent\" data-id=\"iwgw-aossi-s7\" data-element_type=\"container\" data-e-type=\"container\">\n\t\t\t\t\t<div class=\"e-con-inner\">\n\t\t\t\t<div class=\"elementor-element elementor-element-iwgw-aossi-s7h elementor-widget elementor-widget-heading\" data-id=\"iwgw-aossi-s7h\" data-element_type=\"widget\" data-e-type=\"widget\" data-widget_type=\"heading.default\">\n\t\t\t\t\t<h2 class=\"elementor-heading-title elementor-size-default\">S\u00fa\u010dasn\u00e1 recepcia a v\u00fdskum<\/h2>\t\t\t\t<\/div>\n\t\t\t\t<div class=\"elementor-element elementor-element-iwgw-aossi-s7t elementor-widget elementor-widget-text-editor\" data-id=\"iwgw-aossi-s7t\" data-element_type=\"widget\" data-e-type=\"widget\" data-widget_type=\"text-editor.default\">\n\t\t\t\t\t\t\t\t\t<p>Predstava o Aos S\u00ed je v <a href=\"https:\/\/iwell-guard.com\/sk\/keltska\/\">\u00cdrsku<\/a> a \u0160k\u00f3tsku kult\u00farne \u017eiv\u00e1 a\u017e do s\u00fa\u010dasnosti. Viera v dobr\u00fd \u013eud v striktnom zmysle s\u00edce do ve\u013ekej miery ust\u00fapila, av\u0161ak zvyky, rozpr\u00e1vania a viazanos\u0165 na konkr\u00e9tne miesta s \u0148ou spojen\u00e9 zostali v mnoh\u00fdch oblastiach zachovan\u00e9.<\/p><p>Zn\u00e1me s\u00fa pr\u00edpady, ke\u010f boli stavebn\u00e9 projekty pozmenen\u00e9 alebo odlo\u017een\u00e9, aby sa u\u0161etril hloh pova\u017eovan\u00fd za strom v\u00edl. Tak\u00e9to udalosti ukazuj\u00fa, ako hlboko je t\u00e1to trad\u00edcia st\u00e1le zakotven\u00e1 vo vn\u00edman\u00ed krajiny.<\/p><p>V literat\u00fare a umen\u00ed sa Aos S\u00ed do\u010dkali rozsiahleho spracovania. \u00cdrska liter\u00e1rna obnova konca 19. a za\u010diatku 20. storo\u010dia, s autormi ako William Butler Yeats a Lady Augusta Gregory, urobila z v\u00edlen\u00e9ho \u013eudu \u00fastredn\u00fa t\u00e9mu modernej \u00edrskej literat\u00fary.<\/p><p>Yeats zbieral \u013eudov\u00e9 rozpr\u00e1vania a spracoval ich vo svojom diele. A\u017e do dne\u0161nej fantasy literat\u00fary, filmu, hudby a popul\u00e1rnej kult\u00fary s\u00fa keltsk\u00e9 v\u00edlov\u00e9 bytosti hojne vyu\u017e\u00edvanou t\u00e9mou.<\/p><p>Vo v\u00fdskume sa Aos S\u00ed venuje viacero discipl\u00edn. Keltol\u00f3gia sk\u00fama stredovek\u00e9 mytologick\u00e9 texty a spojenie Aos S\u00ed s Tuatha D\u00e9 Danann.<\/p><p><span class=\"iwg-fachbegriff\" data-tooltip=\"Veda, ktor\u00e1 sk\u00fama ka\u017edodenn\u00fa kult\u00faru, zvyky a tradovan\u00e9 predstavy.\" tabindex=\"0\">Etnografia<\/span> a narat\u00edvny v\u00fdskum vytvorili od 19. storo\u010dia rozsiahle zbierky \u013eudov\u00fdch rozpr\u00e1van\u00ed o v\u00edlach a spracovali ich. <span class=\"iwg-fachbegriff\" data-tooltip=\"Veda, ktor\u00e1 sk\u00fama n\u00e1bo\u017eenstv\u00e1 porovn\u00e1vac\u00edm sp\u00f4sobom a bez viery.\" tabindex=\"0\">Religionistika<\/span> sa zaober\u00e1 postaven\u00edm Aos S\u00ed medzi bohmi, mrtvymi a pr\u00edrodnymi duchmi a vz\u0165ahom medzi predkres\u0165ansk\u00fdmi predstavami a kres\u0165ansk\u00fdm prekryt\u00edm.<\/p><p>V\u00fdskum zd\u00f4raz\u0148uje, \u017ee <span class=\"iwg-fachbegriff\" data-tooltip=\"Odovzd\u00e1vanie poznatkov a rozpr\u00e1van\u00ed z gener\u00e1cie na gener\u00e1ciu.\" tabindex=\"0\">tradovanie<\/span> nikdy netvorilo jednotn\u00fd, uzavret\u00fd syst\u00e9m, ale bolo v\u017edy viacvrstvov\u00e9, region\u00e1lne odli\u0161n\u00e9 a formovalo sa po\u010das dlh\u00fdch obdob\u00ed.<\/p><p>Sk\u00fama sa aj soci\u00e1lna funkcia viery vo v\u00edly, napr\u00edklad ako vysvet\u013euj\u00faci model nevysvetlite\u013en\u00fdch udalost\u00ed, choroby a smrti, a ako prostriedok, ktor\u00fd d\u00e1va krajine v\u00fdznam a hranice. Aos S\u00ed s\u00fa tak pre v\u00fdskum obzvl\u00e1\u0161\u0165 bohat\u00fdm pr\u00edkladom pretrv\u00e1vania predkres\u0165ansk\u00fdch predst\u00e1v v \u017eitej kult\u00fare danej krajiny.<\/p>\t\t\t\t\t\t\t\t<\/div>\n\t\t\t\t\t<\/div>\n\t\t\t\t<\/div>\n\t\t<div class=\"elementor-element elementor-element-iwgw-aossi-lit e-flex e-con-boxed e-con e-parent\" data-id=\"iwgw-aossi-lit\" data-element_type=\"container\" data-e-type=\"container\">\n\t\t\t\t\t<div class=\"e-con-inner\">\n\t\t\t\t<div class=\"elementor-element elementor-element-iwgw-aossi-lith elementor-widget elementor-widget-heading\" data-id=\"iwgw-aossi-lith\" data-element_type=\"widget\" data-e-type=\"widget\" data-widget_type=\"heading.default\">\n\t\t\t\t\t<h2 class=\"elementor-heading-title elementor-size-default\">Literat\u00fara (v\u00fdber)<\/h2>\t\t\t\t<\/div>\n\t\t\t\t<div class=\"elementor-element elementor-element-iwgw-aossi-litt elementor-widget elementor-widget-text-editor\" data-id=\"iwgw-aossi-litt\" data-element_type=\"widget\" data-e-type=\"widget\" data-widget_type=\"text-editor.default\">\n\t\t\t\t\t\t\t\t\t<ul><li>Proinsias Mac Cana: <em>Celtic Mythology<\/em> (1970)<\/li><li>Miranda Green: <em>Dictionary of Celtic Myth and Legend<\/em> (1992)<\/li><li>John T. Koch (ed.): <em>Celtic Culture. A Historical Encyclopedia<\/em> (2006)<\/li><li>William Butler Yeats: <em>Fairy and Folk Tales of the Irish Peasantry<\/em> (1888)<\/li><li>James MacKillop: <em>Dictionary of Celtic Mythology<\/em> (1998)<\/li><\/ul>\t\t\t\t\t\t\t\t<\/div>\n\t\t\t\t\t<\/div>\n\t\t\t\t<\/div>\n\t\t<div class=\"elementor-element elementor-element-iwgw-aossi-kwd e-flex e-con-boxed e-con e-parent\" data-id=\"iwgw-aossi-kwd\" data-element_type=\"container\" data-e-type=\"container\">\n\t\t\t\t\t<div class=\"e-con-inner\">\n\t\t\t\t<div class=\"elementor-element elementor-element-iwgw-aossi-kwdt elementor-widget elementor-widget-text-editor\" data-id=\"iwgw-aossi-kwdt\" data-element_type=\"widget\" data-e-type=\"widget\" data-widget_type=\"text-editor.default\">\n\t\t\t\t\t\t\t\t\t<p><em>S\u00favisiace k\u013e\u00fa\u010dov\u00e9 pojmy: Aos S\u00ed In\u00fd svet Tuatha D\u00e9 Danann V\u00edlov\u00e9 bytosti S\u00eddhe Banshee Samhain Podvrhnut\u00e9 die\u0165a.<\/em><\/p>\t\t\t\t\t\t\t\t<\/div>\n\t\t\t\t\t<\/div>\n\t\t\t\t<\/div>\n\t\t<div class=\"elementor-element elementor-element-iwgw-aossi-cc e-flex e-con-boxed e-con e-parent\" data-id=\"iwgw-aossi-cc\" data-element_type=\"container\" data-e-type=\"container\" id=\"iwg-cc-aos-si\">\n\t\t\t\t\t<div class=\"e-con-inner\">\n\t\t<div class=\"elementor-element elementor-element-iwgw-aossi-ccinner e-flex e-con-boxed e-con e-parent\" data-id=\"iwgw-aossi-ccinner\" data-element_type=\"container\" data-e-type=\"container\" data-settings=\"{&quot;background_background&quot;:&quot;classic&quot;}\">\n\t\t\t\t\t<div class=\"e-con-inner\">\n\t\t\t\t<div class=\"elementor-element elementor-element-iwgw-aossi-cch elementor-widget elementor-widget-heading\" data-id=\"iwgw-aossi-cch\" data-element_type=\"widget\" data-e-type=\"widget\" data-widget_type=\"heading.default\">\n\t\t\t\t\t<h2 class=\"elementor-heading-title elementor-size-default\">iWell Guard a ochrann\u00e9 trad\u00edcie<\/h2>\t\t\t\t<\/div>\n\t\t\t\t<div class=\"elementor-element elementor-element-iwgw-aossi-cct elementor-widget elementor-widget-text-editor\" data-id=\"iwgw-aossi-cct\" data-element_type=\"widget\" data-e-type=\"widget\" data-widget_type=\"text-editor.default\">\n\t\t\t\t\t\t\t\t\t<div data-nosnippet=\"true\"><p>iWell Guard nadv\u00e4zuje na kult\u00farno-historick\u00fa trad\u00edciu nosite\u013en\u00fdch ochrann\u00fdch predmetov, v trad\u00edcii <a href=\"https:\/\/iwell-guard.com\/sk\/keltska\/\">Keltskej kult\u00fary<\/a> a mnoh\u00fdch in\u00fdch kult\u00far po celom svete. 41 vrstiev, prav\u00e9 zlato, platina, striebro, vyroben\u00e9 v Nemecku. 30-d\u0148ov\u00e1 lehota na vr\u00e1tenie.<\/p><\/div>\t\t\t\t\t\t\t\t<\/div>\n\t\t\t\t<div class=\"elementor-element elementor-element-iwgw-aossi-ccb iwg-cc-button iwg-cc-cta-2026-05-13 elementor-widget elementor-widget-jet-button\" data-id=\"iwgw-aossi-ccb\" data-element_type=\"widget\" data-e-type=\"widget\" data-widget_type=\"jet-button.default\">\n\t\t\t\t<div class=\"elementor-widget-container\">\n\t\t\t\t\t<div class=\"elementor-jet-button jet-elements\"><div class=\"jet-button__container\"><a class=\"jet-button__instance jet-button__instance--icon-left hover-effect-1\" href=\"\/ueber-iwell-guard\/?utm_source=iwell-guard.com&amp;utm_medium=info-box&amp;utm_campaign=wesen-tradition\"><div class=\"jet-button__plane jet-button__plane-normal\"><\/div><div class=\"jet-button__plane jet-button__plane-hover\"><\/div><div class=\"jet-button__state jet-button__state-normal\"><span class=\"jet-button__label\">Viac o iWell Guard<\/span><\/div><div class=\"jet-button__state jet-button__state-hover\"><span class=\"jet-button__label\">Viac o iWell Guard<\/span><\/div><\/a><\/div><\/div><style>.elementor-element.elementor-element-iwgw-aossi-ccb .jet-button__instance{width:320px;height:56px;}.elementor-element.elementor-element-iwgw-aossi-ccb .jet-button__state-normal .jet-button__label{text-align:center;margin:0px 0px 0px 0px;color:#1a1b20;font-family:Montserrat,sans-serif;font-size:13px;font-weight:400;letter-spacing:4px;line-height:1.714em;text-transform:uppercase;}.elementor-element.elementor-element-iwgw-aossi-ccb .jet-button__state-hover .jet-button__label{text-align:center;margin:0px 0px 0px 0px;color:#FECC76;font-family:Montserrat,sans-serif;font-size:13px;font-weight:400;letter-spacing:4px;line-height:1.714em;text-transform:uppercase;}.elementor-element.elementor-element-iwgw-aossi-ccb .jet-button__plane-normal{background-color:#FECC76;border-style:solid;border-color:#C99540;border-width:2px 2px 2px 2px;}.elementor-element.elementor-element-iwgw-aossi-ccb .jet-button__plane-hover{background-color:rgba(0,0,0,0.55);border-style:solid;border-color:#FECC76;border-width:2px 2px 2px 2px;}<\/style>\t\t\t\t<\/div>\n\t\t\t\t<\/div>\n\t\t\t\t<div class=\"elementor-element elementor-element-iwgw-aossi-ccd elementor-widget elementor-widget-text-editor\" data-id=\"iwgw-aossi-ccd\" data-element_type=\"widget\" data-e-type=\"widget\" data-widget_type=\"text-editor.default\">\n\t\t\t\t\t\t\t\t\t<div data-nosnippet=\"true\"><p style=\"text-align:center;font-size:13px;opacity:0.7;margin-top:14px\" data-nosnippet=\"true\">Osobn\u00e9 sk\u00fasenosti sa m\u00f4\u017eu l\u00ed\u0161i\u0165. Nie je to zdravotn\u00edcka pom\u00f4cka. \u017diadny pr\u00eds\u013eub lie\u010denia.<\/p><\/div>\t\t\t\t\t\t\t\t<\/div>\n\t\t\t\t\t<\/div>\n\t\t\t\t<\/div>\n\t\t\t\t\t<\/div>\n\t\t\t\t<\/div>\n\t\t<div class=\"elementor-element elementor-element-iwgw-aossi-disc e-flex e-con-boxed e-con e-parent\" data-id=\"iwgw-aossi-disc\" data-element_type=\"container\" data-e-type=\"container\">\n\t\t\t\t\t<div class=\"e-con-inner\">\n\t\t\t\t<div class=\"elementor-element elementor-element-iwgw-aossi-discw elementor-widget elementor-widget-html\" data-id=\"iwgw-aossi-discw\" data-element_type=\"widget\" data-e-type=\"widget\" data-widget_type=\"html.default\">\n\t\t\t\t\t<footer data-nosnippet=\"true\" class=\"iwg-disclaimer-block\"><p data-nosnippet=\"true\">iWell Guard <strong>nie je zdravotn\u00edcka pom\u00f4cka<\/strong> a nenahr\u00e1dza lek\u00e1rske ani psychoterapeutick\u00e9 o\u0161etrenie. Religionistick\u00fd obsah predstavuje kult\u00farno-historick\u00e9 zaradenie, nie odpor\u00fa\u010danie duchovnej praxe.<\/p><\/footer>\t\t\t\t<\/div>\n\t\t\t\t\t<\/div>\n\t\t\t\t<\/div>\n\t\t\t\t<\/div>\n\t\t","protected":false},"excerpt":{"rendered":"","protected":false},"author":3,"featured_media":3379,"parent":0,"menu_order":0,"comment_status":"closed","ping_status":"closed","template":"elementor_header_footer","meta":{"_yoast_wpseo_focuskw":"Aos S\u00ed bytosti v\u00edl","_yoast_wpseo_title":"Aos S\u00ed \u2013 N\u00e1rod pod pahorkami irskej trad\u00edcie","_yoast_wpseo_metadesc":"Aos S\u00ed, n\u00e1rod pod pahorkami irskej trad\u00edcie, s\u00fa bytosti v\u00edl z onoho svet\u0430. Religionistick\u00e9 zaradenie s mytol\u00f3giou, zvykmi a prame\u0148mi.","_yoast_wpseo_meta-robots-noindex":"","_yoast_wpseo_canonical":"","_angie_page":false,"gefaehrdungsstufe":"","wesen_kultur":"","wesen_klasse":"","footnotes":""},"categories":[],"class_list":["post-158017","page","type-page","status-publish","has-post-thumbnail","hentry"],"yoast_head":"<!-- This site is optimized with the Yoast SEO Premium plugin v27.7 (Yoast SEO v28.3) - https:\/\/yoast.com\/product\/yoast-seo-premium-wordpress\/ -->\n<title>Aos S\u00ed \u2013 N\u00e1rod pod pahorkami irskej trad\u00edcie<\/title>\n<meta name=\"description\" content=\"Aos S\u00ed, n\u00e1rod pod pahorkami irskej trad\u00edcie, s\u00fa bytosti v\u00edl z onoho svet\u0430. Religionistick\u00e9 zaradenie s mytol\u00f3giou, zvykmi a prame\u0148mi.\" \/>\n<meta name=\"robots\" content=\"index, follow, max-snippet:-1, max-image-preview:large, max-video-preview:-1\" \/>\n<link rel=\"canonical\" href=\"https:\/\/iwell-guard.com\/sk\/aos-si-narod-pahorkov-ineho-sveta\/\" \/>\n<meta property=\"og:locale\" content=\"sk_SK\" \/>\n<meta property=\"og:type\" content=\"article\" \/>\n<meta property=\"og:title\" content=\"Aos S\u00ed \u2013 N\u00e1rod pod pahorkami irsk\u00e9ho onoho svet\u0430\" \/>\n<meta property=\"og:description\" content=\"Aos S\u00ed, n\u00e1rod pod pahorkami irskej trad\u00edcie, s\u00fa bytosti v\u00edl z onoho svet\u0430. Religionistick\u00e9 zaradenie s mytol\u00f3giou, zvykmi a prame\u0148mi.\" \/>\n<meta property=\"og:url\" content=\"https:\/\/iwell-guard.com\/sk\/aos-si-narod-pahorkov-ineho-sveta\/\" \/>\n<meta property=\"og:site_name\" content=\"iWell Guard\" \/>\n<meta property=\"article:modified_time\" content=\"2026-09-04T22:48:38+00:00\" \/>\n<meta property=\"og:image\" content=\"https:\/\/iwell-guard.com\/wp-content\/uploads\/2026\/05\/geister_keltisch_aos-si.webp\" \/>\n\t<meta property=\"og:image:width\" content=\"1024\" \/>\n\t<meta property=\"og:image:height\" content=\"1536\" \/>\n\t<meta property=\"og:image:type\" content=\"image\/webp\" \/>\n<meta name=\"twitter:card\" content=\"summary_large_image\" \/>\n<script type=\"application\/ld+json\" class=\"yoast-schema-graph\">{\"@context\":\"https:\\\/\\\/schema.org\",\"@graph\":[{\"@type\":\"WebPage\",\"@id\":\"https:\\\/\\\/iwell-guard.com\\\/sk\\\/aos-si-narod-pahorkov-ineho-sveta\\\/\",\"url\":\"https:\\\/\\\/iwell-guard.com\\\/sk\\\/aos-si-narod-pahorkov-ineho-sveta\\\/\",\"name\":\"Aos S\u00ed \u2013 N\u00e1rod pod pahorkami irskej trad\u00edcie\",\"isPartOf\":{\"@id\":\"https:\\\/\\\/iwell-guard.com\\\/sk\\\/#website\"},\"primaryImageOfPage\":{\"@id\":\"https:\\\/\\\/iwell-guard.com\\\/sk\\\/aos-si-narod-pahorkov-ineho-sveta\\\/#primaryimage\"},\"image\":{\"@id\":\"https:\\\/\\\/iwell-guard.com\\\/sk\\\/aos-si-narod-pahorkov-ineho-sveta\\\/#primaryimage\"},\"thumbnailUrl\":\"https:\\\/\\\/iwell-guard.com\\\/wp-content\\\/uploads\\\/2026\\\/05\\\/geister_keltisch_aos-si.webp\",\"datePublished\":\"2026-09-04T22:20:42+00:00\",\"dateModified\":\"2026-09-04T22:48:38+00:00\",\"description\":\"Aos S\u00ed, n\u00e1rod pod pahorkami irskej trad\u00edcie, s\u00fa bytosti v\u00edl z onoho svet\u0430. Religionistick\u00e9 zaradenie s mytol\u00f3giou, zvykmi a prame\u0148mi.\",\"breadcrumb\":{\"@id\":\"https:\\\/\\\/iwell-guard.com\\\/sk\\\/aos-si-narod-pahorkov-ineho-sveta\\\/#breadcrumb\"},\"inLanguage\":\"sk-SK\",\"potentialAction\":[{\"@type\":\"ReadAction\",\"target\":[\"https:\\\/\\\/iwell-guard.com\\\/sk\\\/aos-si-narod-pahorkov-ineho-sveta\\\/\"]}]},{\"@type\":\"ImageObject\",\"inLanguage\":\"sk-SK\",\"@id\":\"https:\\\/\\\/iwell-guard.com\\\/sk\\\/aos-si-narod-pahorkov-ineho-sveta\\\/#primaryimage\",\"url\":\"https:\\\/\\\/iwell-guard.com\\\/wp-content\\\/uploads\\\/2026\\\/05\\\/geister_keltisch_aos-si.webp\",\"contentUrl\":\"https:\\\/\\\/iwell-guard.com\\\/wp-content\\\/uploads\\\/2026\\\/05\\\/geister_keltisch_aos-si.webp\",\"width\":1024,\"height\":1536,\"caption\":\"Duchovia z keltskej trad\u00edcie.\"},{\"@type\":\"BreadcrumbList\",\"@id\":\"https:\\\/\\\/iwell-guard.com\\\/sk\\\/aos-si-narod-pahorkov-ineho-sveta\\\/#breadcrumb\",\"itemListElement\":[{\"@type\":\"ListItem\",\"position\":1,\"name\":\"Start\",\"item\":\"https:\\\/\\\/iwell-guard.com\\\/sk\\\/?page_id=157572\"},{\"@type\":\"ListItem\",\"position\":2,\"name\":\"Aos S\u00ed \u2013 N\u00e1rod pod pahorkami irsk\u00e9ho onoho svet\u0430\"}]},{\"@type\":\"WebSite\",\"@id\":\"https:\\\/\\\/iwell-guard.com\\\/sk\\\/#website\",\"url\":\"https:\\\/\\\/iwell-guard.com\\\/sk\\\/\",\"name\":\"iWell Guard\",\"description\":\"Schutz vor dunklen Einfl\u00fcssen\",\"publisher\":{\"@id\":\"https:\\\/\\\/iwell-guard.com\\\/sk\\\/#organization\"},\"potentialAction\":[{\"@type\":\"SearchAction\",\"target\":{\"@type\":\"EntryPoint\",\"urlTemplate\":\"https:\\\/\\\/iwell-guard.com\\\/sk\\\/?s={search_term_string}\"},\"query-input\":{\"@type\":\"PropertyValueSpecification\",\"valueRequired\":true,\"valueName\":\"search_term_string\"}}],\"inLanguage\":\"sk-SK\"},{\"@type\":\"Organization\",\"@id\":\"https:\\\/\\\/iwell-guard.com\\\/sk\\\/#organization\",\"name\":\"Ittermann electronic GmbH\",\"url\":\"https:\\\/\\\/iwell-guard.com\\\/sk\\\/\",\"logo\":{\"@type\":\"ImageObject\",\"inLanguage\":\"sk-SK\",\"@id\":\"https:\\\/\\\/iwell-guard.com\\\/sk\\\/#\\\/schema\\\/logo\\\/image\\\/\",\"url\":\"https:\\\/\\\/iwell-guard.com\\\/wp-content\\\/uploads\\\/2026\\\/05\\\/Ittermann-Logo-1182x237-1.png\",\"contentUrl\":\"https:\\\/\\\/iwell-guard.com\\\/wp-content\\\/uploads\\\/2026\\\/05\\\/Ittermann-Logo-1182x237-1.png\",\"width\":1182,\"height\":237,\"caption\":\"Ittermann electronic GmbH\"},\"image\":{\"@id\":\"https:\\\/\\\/iwell-guard.com\\\/sk\\\/#\\\/schema\\\/logo\\\/image\\\/\"},\"sameAs\":[\"https:\\\/\\\/pantip.com\\\/profile\\\/9367242\",\"https:\\\/\\\/micro.blog\\\/iwellguard\",\"https:\\\/\\\/www.diggerslist.com\\\/iwellguard\\\/about\",\"https:\\\/\\\/skitterphoto.com\\\/photographers\\\/2870314\\\/iwell-guard\",\"https:\\\/\\\/iwellguard.wordpress.com\\\/2026\\\/06\\\/06\\\/iwell-guard\\\/\",\"https:\\\/\\\/hub.docker.com\\\/u\\\/iwellguard\",\"https:\\\/\\\/www.pinterest.com\\\/iwellguard\\\/\",\"https:\\\/\\\/bit.ly\\\/m\\\/iwellguard\",\"https:\\\/\\\/entre-vos-mains.alsace.eu\\\/profiles\\\/iwellguard\\\/activity\",\"https:\\\/\\\/gravatar.com\\\/reallybeded8fd34\",\"https:\\\/\\\/naijamatta.com\\\/iwellguard\",\"https:\\\/\\\/www.goodreads.com\\\/iwellguard\",\"https:\\\/\\\/profile.hatena.ne.jp\\\/iwellguard\\\/\",\"https:\\\/\\\/experiment.com\\\/users\\\/iwellguard\",\"https:\\\/\\\/wakelet.com\\\/@iWellGuard82270\",\"https:\\\/\\\/www.chordie.com\\\/forum\\\/profile.php?id=2555664\",\"https:\\\/\\\/www.instapaper.com\\\/p\\\/17757966\",\"https:\\\/\\\/www.mapleprimes.com\\\/users\\\/iwellguard\",\"https:\\\/\\\/businesslistingplus.com\\\/profile\\\/iwell-guard\\\/\",\"https:\\\/\\\/telegra.ph\\\/iWell-Guard-06-06\",\"https:\\\/\\\/pbase.com\\\/iwellguard\\\/iwellguard\",\"https:\\\/\\\/b.hatena.ne.jp\\\/iwellguard\\\/20260607#bookmark-4788405196491818882\",\"https:\\\/\\\/fliphtml5.com\\\/home\\\/iwellguard\",\"https:\\\/\\\/anyflip.com\\\/homepage\\\/cmiwl#About\",\"https:\\\/\\\/transfur.com\\\/Users\\\/iwellguard\",\"http:\\\/\\\/delphi.larsbo.org\\\/user\\\/iwellguard\",\"https:\\\/\\\/jobs.lajobsportal.org\\\/profiles\\\/8380803-iwell-guard\",\"https:\\\/\\\/md.chaosdorf.de\\\/s\\\/jfbe5SBdJD\",\"https:\\\/\\\/www.lingvolive.com\\\/en-us\\\/profile\\\/9ecaeaca-ce11-4e51-9e71-01d55e2bff36\\\/translations\",\"https:\\\/\\\/www.fitday.com\\\/fitness\\\/forums\\\/members\\\/iwellguard.html\",\"https:\\\/\\\/www.mymeetbook.com\\\/iwellguard\",\"https:\\\/\\\/pxhere.com\\\/en\\\/photographer-me\\\/5040798\",\"https:\\\/\\\/disqus.com\\\/by\\\/iwellguard\\\/about\\\/\",\"https:\\\/\\\/pastelink.net\\\/hjwciqwq\",\"https:\\\/\\\/pubhtml5.com\\\/homepage\\\/scjhn\\\/\",\"https:\\\/\\\/www.bitchute.com\\\/channel\\\/2O2eOKzNqujT\",\"https:\\\/\\\/audiomack.com\\\/iwellguard\"]}]}<\/script>\n<!-- \/ Yoast SEO Premium plugin. -->","yoast_head_json":{"title":"Aos S\u00ed \u2013 N\u00e1rod pod pahorkami irskej trad\u00edcie","description":"Aos S\u00ed, n\u00e1rod pod pahorkami irskej trad\u00edcie, s\u00fa bytosti v\u00edl z onoho svet\u0430. Religionistick\u00e9 zaradenie s mytol\u00f3giou, zvykmi a prame\u0148mi.","robots":{"index":"index","follow":"follow","max-snippet":"max-snippet:-1","max-image-preview":"max-image-preview:large","max-video-preview":"max-video-preview:-1"},"canonical":"https:\/\/iwell-guard.com\/sk\/aos-si-narod-pahorkov-ineho-sveta\/","og_locale":"sk_SK","og_type":"article","og_title":"Aos S\u00ed \u2013 N\u00e1rod pod pahorkami irsk\u00e9ho onoho svet\u0430","og_description":"Aos S\u00ed, n\u00e1rod pod pahorkami irskej trad\u00edcie, s\u00fa bytosti v\u00edl z onoho svet\u0430. Religionistick\u00e9 zaradenie s mytol\u00f3giou, zvykmi a prame\u0148mi.","og_url":"https:\/\/iwell-guard.com\/sk\/aos-si-narod-pahorkov-ineho-sveta\/","og_site_name":"iWell Guard","article_modified_time":"2026-09-04T22:48:38+00:00","og_image":[{"width":1024,"height":1536,"url":"https:\/\/iwell-guard.com\/wp-content\/uploads\/2026\/05\/geister_keltisch_aos-si.webp","type":"image\/webp"}],"twitter_card":"summary_large_image","schema":{"@context":"https:\/\/schema.org","@graph":[{"@type":"WebPage","@id":"https:\/\/iwell-guard.com\/sk\/aos-si-narod-pahorkov-ineho-sveta\/","url":"https:\/\/iwell-guard.com\/sk\/aos-si-narod-pahorkov-ineho-sveta\/","name":"Aos S\u00ed \u2013 N\u00e1rod pod pahorkami irskej trad\u00edcie","isPartOf":{"@id":"https:\/\/iwell-guard.com\/sk\/#website"},"primaryImageOfPage":{"@id":"https:\/\/iwell-guard.com\/sk\/aos-si-narod-pahorkov-ineho-sveta\/#primaryimage"},"image":{"@id":"https:\/\/iwell-guard.com\/sk\/aos-si-narod-pahorkov-ineho-sveta\/#primaryimage"},"thumbnailUrl":"https:\/\/iwell-guard.com\/wp-content\/uploads\/2026\/05\/geister_keltisch_aos-si.webp","datePublished":"2026-09-04T22:20:42+00:00","dateModified":"2026-09-04T22:48:38+00:00","description":"Aos S\u00ed, n\u00e1rod pod pahorkami irskej trad\u00edcie, s\u00fa bytosti v\u00edl z onoho svet\u0430. Religionistick\u00e9 zaradenie s mytol\u00f3giou, zvykmi a prame\u0148mi.","breadcrumb":{"@id":"https:\/\/iwell-guard.com\/sk\/aos-si-narod-pahorkov-ineho-sveta\/#breadcrumb"},"inLanguage":"sk-SK","potentialAction":[{"@type":"ReadAction","target":["https:\/\/iwell-guard.com\/sk\/aos-si-narod-pahorkov-ineho-sveta\/"]}]},{"@type":"ImageObject","inLanguage":"sk-SK","@id":"https:\/\/iwell-guard.com\/sk\/aos-si-narod-pahorkov-ineho-sveta\/#primaryimage","url":"https:\/\/iwell-guard.com\/wp-content\/uploads\/2026\/05\/geister_keltisch_aos-si.webp","contentUrl":"https:\/\/iwell-guard.com\/wp-content\/uploads\/2026\/05\/geister_keltisch_aos-si.webp","width":1024,"height":1536,"caption":"Duchovia z keltskej trad\u00edcie."},{"@type":"BreadcrumbList","@id":"https:\/\/iwell-guard.com\/sk\/aos-si-narod-pahorkov-ineho-sveta\/#breadcrumb","itemListElement":[{"@type":"ListItem","position":1,"name":"Start","item":"https:\/\/iwell-guard.com\/sk\/?page_id=157572"},{"@type":"ListItem","position":2,"name":"Aos S\u00ed \u2013 N\u00e1rod pod pahorkami irsk\u00e9ho onoho svet\u0430"}]},{"@type":"WebSite","@id":"https:\/\/iwell-guard.com\/sk\/#website","url":"https:\/\/iwell-guard.com\/sk\/","name":"iWell Guard","description":"Schutz vor dunklen Einfl\u00fcssen","publisher":{"@id":"https:\/\/iwell-guard.com\/sk\/#organization"},"potentialAction":[{"@type":"SearchAction","target":{"@type":"EntryPoint","urlTemplate":"https:\/\/iwell-guard.com\/sk\/?s={search_term_string}"},"query-input":{"@type":"PropertyValueSpecification","valueRequired":true,"valueName":"search_term_string"}}],"inLanguage":"sk-SK"},{"@type":"Organization","@id":"https:\/\/iwell-guard.com\/sk\/#organization","name":"Ittermann electronic GmbH","url":"https:\/\/iwell-guard.com\/sk\/","logo":{"@type":"ImageObject","inLanguage":"sk-SK","@id":"https:\/\/iwell-guard.com\/sk\/#\/schema\/logo\/image\/","url":"https:\/\/iwell-guard.com\/wp-content\/uploads\/2026\/05\/Ittermann-Logo-1182x237-1.png","contentUrl":"https:\/\/iwell-guard.com\/wp-content\/uploads\/2026\/05\/Ittermann-Logo-1182x237-1.png","width":1182,"height":237,"caption":"Ittermann electronic GmbH"},"image":{"@id":"https:\/\/iwell-guard.com\/sk\/#\/schema\/logo\/image\/"},"sameAs":["https:\/\/pantip.com\/profile\/9367242","https:\/\/micro.blog\/iwellguard","https:\/\/www.diggerslist.com\/iwellguard\/about","https:\/\/skitterphoto.com\/photographers\/2870314\/iwell-guard","https:\/\/iwellguard.wordpress.com\/2026\/06\/06\/iwell-guard\/","https:\/\/hub.docker.com\/u\/iwellguard","https:\/\/www.pinterest.com\/iwellguard\/","https:\/\/bit.ly\/m\/iwellguard","https:\/\/entre-vos-mains.alsace.eu\/profiles\/iwellguard\/activity","https:\/\/gravatar.com\/reallybeded8fd34","https:\/\/naijamatta.com\/iwellguard","https:\/\/www.goodreads.com\/iwellguard","https:\/\/profile.hatena.ne.jp\/iwellguard\/","https:\/\/experiment.com\/users\/iwellguard","https:\/\/wakelet.com\/@iWellGuard82270","https:\/\/www.chordie.com\/forum\/profile.php?id=2555664","https:\/\/www.instapaper.com\/p\/17757966","https:\/\/www.mapleprimes.com\/users\/iwellguard","https:\/\/businesslistingplus.com\/profile\/iwell-guard\/","https:\/\/telegra.ph\/iWell-Guard-06-06","https:\/\/pbase.com\/iwellguard\/iwellguard","https:\/\/b.hatena.ne.jp\/iwellguard\/20260607#bookmark-4788405196491818882","https:\/\/fliphtml5.com\/home\/iwellguard","https:\/\/anyflip.com\/homepage\/cmiwl#About","https:\/\/transfur.com\/Users\/iwellguard","http:\/\/delphi.larsbo.org\/user\/iwellguard","https:\/\/jobs.lajobsportal.org\/profiles\/8380803-iwell-guard","https:\/\/md.chaosdorf.de\/s\/jfbe5SBdJD","https:\/\/www.lingvolive.com\/en-us\/profile\/9ecaeaca-ce11-4e51-9e71-01d55e2bff36\/translations","https:\/\/www.fitday.com\/fitness\/forums\/members\/iwellguard.html","https:\/\/www.mymeetbook.com\/iwellguard","https:\/\/pxhere.com\/en\/photographer-me\/5040798","https:\/\/disqus.com\/by\/iwellguard\/about\/","https:\/\/pastelink.net\/hjwciqwq","https:\/\/pubhtml5.com\/homepage\/scjhn\/","https:\/\/www.bitchute.com\/channel\/2O2eOKzNqujT","https:\/\/audiomack.com\/iwellguard"]}]}},"_links":{"self":[{"href":"https:\/\/iwell-guard.com\/sk\/wp-json\/wp\/v2\/pages\/158017","targetHints":{"allow":["GET"]}}],"collection":[{"href":"https:\/\/iwell-guard.com\/sk\/wp-json\/wp\/v2\/pages"}],"about":[{"href":"https:\/\/iwell-guard.com\/sk\/wp-json\/wp\/v2\/types\/page"}],"author":[{"embeddable":true,"href":"https:\/\/iwell-guard.com\/sk\/wp-json\/wp\/v2\/users\/3"}],"replies":[{"embeddable":true,"href":"https:\/\/iwell-guard.com\/sk\/wp-json\/wp\/v2\/comments?post=158017"}],"version-history":[{"count":0,"href":"https:\/\/iwell-guard.com\/sk\/wp-json\/wp\/v2\/pages\/158017\/revisions"}],"wp:featuredmedia":[{"embeddable":true,"href":"https:\/\/iwell-guard.com\/sk\/wp-json\/wp\/v2\/media\/3379"}],"wp:attachment":[{"href":"https:\/\/iwell-guard.com\/sk\/wp-json\/wp\/v2\/media?parent=158017"}],"wp:term":[{"taxonomy":"category","embeddable":true,"href":"https:\/\/iwell-guard.com\/sk\/wp-json\/wp\/v2\/categories?post=158017"}],"curies":[{"name":"wp","href":"https:\/\/api.w.org\/{rel}","templated":true}]}}