{"id":158013,"date":"2026-09-04T22:20:39","date_gmt":"2026-09-04T22:20:39","guid":{"rendered":"https:\/\/iwell-guard.com\/?page_id=158013"},"modified":"2026-09-04T22:48:28","modified_gmt":"2026-09-04T22:48:28","slug":"wila-prirodny-duch-juhoslovanskej-tradicie","status":"publish","type":"page","link":"https:\/\/iwell-guard.com\/sk\/wila-prirodny-duch-juhoslovanskej-tradicie\/","title":{"rendered":"Wila \u2013 pr\u00edrodn\u00fd duch juhoslovanskej trad\u00edcie"},"content":{"rendered":"\t\t<div data-elementor-type=\"wp-page\" data-elementor-id=\"158013\" class=\"elementor elementor-158013 elementor-2900 elementor-bc-flex-widget\" data-elementor-post-type=\"page\">\n\t\t\t\t<div class=\"elementor-element elementor-element-10fdade e-flex e-con-boxed e-con e-parent\" data-id=\"10fdade\" data-element_type=\"container\" data-e-type=\"container\" data-settings=\"{&quot;background_background&quot;:&quot;classic&quot;}\">\n\t\t\t\t\t<div class=\"e-con-inner\">\n\t\t<div class=\"elementor-element elementor-element-herohlft0 e-flex e-con-boxed e-con e-child\" data-id=\"herohlft0\" data-element_type=\"container\" data-e-type=\"container\">\n\t\t\t\t\t<div class=\"e-con-inner\">\n\t\t<div class=\"elementor-element elementor-element-c3ceb64 e-con-full e-flex e-con e-child\" data-id=\"c3ceb64\" data-element_type=\"container\" data-e-type=\"container\">\n\t\t\t\t<div class=\"elementor-element elementor-element-96ae5e1 elementor-widget elementor-widget-heading\" data-id=\"96ae5e1\" data-element_type=\"widget\" data-e-type=\"widget\" data-widget_type=\"heading.default\">\n\t\t\t\t\t<h1 class=\"elementor-heading-title elementor-size-default\">Wila, duch slovanskej trad\u00edcie<\/h1>\t\t\t\t<\/div>\n\t\t\t\t<div class=\"elementor-element elementor-element-e45238a elementor-widget elementor-widget-text-editor\" data-id=\"e45238a\" data-element_type=\"widget\" data-e-type=\"widget\" data-widget_type=\"text-editor.default\">\n\t\t\t\t\t\t\t\t\t<p><strong>\u017densk\u00fd pr\u00edrodn\u00fd duch h\u00f4r, lesov a prame\u0148ov.<\/strong> Wila je pova\u017eovan\u00e1 za \u017eensk\u00e9ho ducha slovanskej trad\u00edcie a ob\u00fdva hory, lesy a prame\u0148.<\/p>\t\t\t\t\t\t\t\t<\/div>\n\t\t\t\t<\/div>\n\t\t<div class=\"elementor-element elementor-element-klsbdg01 e-con-full e-flex e-con e-parent\" data-id=\"klsbdg01\" data-element_type=\"container\" data-e-type=\"container\">\n\t\t\t\t<div class=\"elementor-element elementor-element-klshtm01 elementor-widget elementor-widget-html\" data-id=\"klshtm01\" data-element_type=\"widget\" data-e-type=\"widget\" data-widget_type=\"html.default\">\n\t\t\t\t\t<div class=\"iwg-pill-row\"><span class=\"iwg-klasse-badge\" tabindex=\"0\" data-tooltip=\"Duch: Nehmotn\u00e1 alebo poloholmotn\u00e1 bytos\u0165, zosnul\u00ed, pr\u00edrodn\u00e9 bytosti, dom\u00e1ci duchovia alebo str\u00e1\u017ecovia prahu. P\u00f4sob\u00ed v ka\u017edodennom \u017eivote, \u010dasto viazan\u00fd na miesta alebo rodiny.\">Duch<\/span><a href=\"https:\/\/iwell-guard.com\/sk\/slovanske\/\" class=\"iwg-kultur-badge\" tabindex=\"0\" data-tooltip=\"Slovansk\u00e1 mytol\u00f3gia a \u013eudov\u00e1 viera, prekryt\u00e1 kres\u0165anstvom od 10. storo\u010dia.\">Slovansk\u00e1<\/a><a href=\"https:\/\/iwell-guard.com\/sk\/vodne-duchovia\/\" class=\"iwg-tradition-badge\" tabindex=\"0\" data-tooltip=\"Duchovia riek, jazier, mor\u00ed, vrchov a lesov, zv\u00e1dzaj\u00faci, ochrann\u00ed alebo nebezpe\u010dn\u00ed.\">Pr\u00edrodn\u00fd duch<\/a><\/div>\t\t\t\t<\/div>\n\t\t\t\t<\/div>\n\t\t<div class=\"elementor-element elementor-element-3f74855 e-con-full e-flex e-con e-child\" data-id=\"3f74855\" data-element_type=\"container\" data-e-type=\"container\">\n\t\t\t\t<div class=\"elementor-element elementor-element-1c30362 elementor-toc--minimized-on-tablet elementor-widget elementor-widget-table-of-contents\" data-id=\"1c30362\" data-element_type=\"widget\" data-e-type=\"widget\" data-settings=\"{&quot;exclude_headings_by_selector&quot;:[],&quot;no_headings_message&quot;:&quot;Na tejto str\\u00e1nke sa nena\\u0161li \\u017eiadne nadpisy.&quot;,&quot;headings_by_tags&quot;:[&quot;h2&quot;,&quot;h3&quot;],&quot;marker_view&quot;:&quot;bullets&quot;,&quot;icon&quot;:{&quot;value&quot;:&quot;fas fa-circle&quot;,&quot;library&quot;:&quot;fa-solid&quot;,&quot;rendered_tag&quot;:&quot;&lt;svg class=\\&quot;e-font-icon-svg e-fas-circle\\&quot; viewBox=\\&quot;0 0 512 512\\&quot; xmlns=\\&quot;http:\\\/\\\/www.w3.org\\\/2000\\\/svg\\&quot;&gt;&lt;path d=\\&quot;M256 8C119 8 8 119 8 256s111 248 248 248 248-111 248-248S393 8 256 8z\\&quot;&gt;&lt;\\\/path&gt;&lt;\\\/svg&gt;&quot;},&quot;minimize_box&quot;:&quot;yes&quot;,&quot;minimized_on&quot;:&quot;tablet&quot;,&quot;hierarchical_view&quot;:&quot;yes&quot;,&quot;min_height&quot;:{&quot;unit&quot;:&quot;px&quot;,&quot;size&quot;:&quot;&quot;,&quot;sizes&quot;:[]},&quot;min_height_tablet&quot;:{&quot;unit&quot;:&quot;px&quot;,&quot;size&quot;:&quot;&quot;,&quot;sizes&quot;:[]},&quot;min_height_mobile&quot;:{&quot;unit&quot;:&quot;px&quot;,&quot;size&quot;:&quot;&quot;,&quot;sizes&quot;:[]}}\" data-widget_type=\"table-of-contents.default\">\n\t\t\t\t\t\t\t\t\t<div class=\"elementor-toc__header\">\n\t\t\t\t\t\t<h2 class=\"elementor-toc__header-title\">\n\t\t\t\tObsah\t\t\t<\/h2>\n\t\t\t\t\t\t\t\t\t\t<div class=\"elementor-toc__toggle-button elementor-toc__toggle-button--expand\" role=\"button\" tabindex=\"0\" aria-controls=\"elementor-toc__1c30362\" aria-expanded=\"true\" aria-label=\"Open table of contents\"><svg aria-hidden=\"true\" class=\"e-font-icon-svg e-fas-chevron-down\" viewBox=\"0 0 448 512\" xmlns=\"http:\/\/www.w3.org\/2000\/svg\"><path d=\"M207.029 381.476L12.686 187.132c-9.373-9.373-9.373-24.569 0-33.941l22.667-22.667c9.357-9.357 24.522-9.375 33.901-.04L224 284.505l154.745-154.021c9.379-9.335 24.544-9.317 33.901.04l22.667 22.667c9.373 9.373 9.373 24.569 0 33.941L240.971 381.476c-9.373 9.372-24.569 9.372-33.942 0z\"><\/path><\/svg><\/div>\n\t\t\t\t<div class=\"elementor-toc__toggle-button elementor-toc__toggle-button--collapse\" role=\"button\" tabindex=\"0\" aria-controls=\"elementor-toc__1c30362\" aria-expanded=\"true\" aria-label=\"Close table of contents\"><svg aria-hidden=\"true\" class=\"e-font-icon-svg e-fas-chevron-up\" viewBox=\"0 0 448 512\" xmlns=\"http:\/\/www.w3.org\/2000\/svg\"><path d=\"M240.971 130.524l194.343 194.343c9.373 9.373 9.373 24.569 0 33.941l-22.667 22.667c-9.357 9.357-24.522 9.375-33.901.04L224 227.495 69.255 381.516c-9.379 9.335-24.544 9.317-33.901-.04l-22.667-22.667c-9.373-9.373-9.373-24.569 0-33.941L207.03 130.525c9.372-9.373 24.568-9.373 33.941-.001z\"><\/path><\/svg><\/div>\n\t\t\t\t\t<\/div>\n\t\t\t\t<div id=\"elementor-toc__1c30362\" class=\"elementor-toc__body\">\n\t\t\t<div class=\"elementor-toc__spinner-container\">\n\t\t\t\t<svg class=\"elementor-toc__spinner eicon-animation-spin e-font-icon-svg e-eicon-loading\" aria-hidden=\"true\" viewBox=\"0 0 1000 1000\" xmlns=\"http:\/\/www.w3.org\/2000\/svg\"><path d=\"M500 975V858C696 858 858 696 858 500S696 142 500 142 142 304 142 500H25C25 237 238 25 500 25S975 237 975 500 763 975 500 975Z\"><\/path><\/svg>\t\t\t<\/div>\n\t\t<\/div>\n\t\t\t\t\t\t<\/div>\n\t\t\t\t<\/div>\n\t\t\t\t\t<\/div>\n\t\t\t\t<\/div>\n\t\t<div class=\"elementor-element elementor-element-herorght0 e-con-full e-flex e-con e-child\" data-id=\"herorght0\" data-element_type=\"container\" data-e-type=\"container\">\n\t\t\t\t<\/div>\n\t\t\t\t\t<\/div>\n\t\t\t\t<\/div>\n\t\t<div class=\"elementor-element elementor-element-32917199 e-flex e-con-boxed e-con e-parent\" data-id=\"32917199\" data-element_type=\"container\" data-e-type=\"container\">\n\t\t\t\t\t<div class=\"e-con-inner\">\n\t\t<div class=\"elementor-element elementor-element-26e916cb e-flex e-con-boxed e-con e-child\" data-id=\"26e916cb\" data-element_type=\"container\" data-e-type=\"container\">\n\t\t\t\t\t<div class=\"e-con-inner\">\n\t\t<div class=\"elementor-element elementor-element-253a40d4 e-flex e-con-boxed e-con e-child\" data-id=\"253a40d4\" data-element_type=\"container\" data-e-type=\"container\">\n\t\t\t\t\t<div class=\"e-con-inner\">\n\t\t\t\t<div class=\"elementor-element elementor-element-1200c304 elementor-widget elementor-widget-heading\" data-id=\"1200c304\" data-element_type=\"widget\" data-e-type=\"widget\" data-widget_type=\"heading.default\">\n\t\t\t\t\t<div class=\"elementor-heading-title elementor-size-default\">Wila<\/div>\t\t\t\t<\/div>\n\t\t\t\t<div class=\"elementor-element elementor-element-11758e7f elementor-widget elementor-widget-text-editor\" data-id=\"11758e7f\" data-element_type=\"widget\" data-e-type=\"widget\" data-widget_type=\"text-editor.default\">\n\t\t\t\t\t\t\t\t\t<p>Wila (juhoslovansky <em>Vila<\/em>, bulharsky <em>Samodiva<\/em> alebo <em>Samovila<\/em>) je \u017eensk\u00fd pr\u00edrodn\u00fd duch, ktor\u00fd je doma najm\u00e4 v srbskej, chorv\u00e1tskej, bulharskej a slovinskej trad\u00edcii.<\/p><p>Wily sa zjavuj\u00fa ako kr\u00e1sne mlad\u00e9 \u017eeny s dlh\u00fdmi rozpusten\u00fdmi vlasmi, \u010dasto okr\u00eddlen\u00e9 alebo v bielych r\u00fachach, a ob\u00fdvaj\u00fa hory, lesy, mraky, prame\u0148 a jazer\u00e1. Nie s\u00fa jednozna\u010dne dobr\u00e9 ani jednozna\u010dne zl\u00e9 a steles\u0148uj\u00fa nevypo\u010d\u00edtate\u013en\u00fa moc divej pr\u00edrody.<\/p><p>Wily m\u00f4\u017eu lie\u010di\u0165, prorokova\u0165 a pom\u00e1ha\u0165 hrdinom, v srbskej hrdinskej epike je Wila pobratimkou a pomocn\u00ed\u010dkou Marka Kraljevi\u0107a. Z\u00e1rove\u0148 s\u00fa nebezpe\u010dn\u00e9: kto vyru\u0161\u00ed ich kruhov\u00fd tanec (<em>kolo<\/em>), za\u0161pin\u00ed ich prame\u0148 alebo ich vypo\u010d\u00fava, je potrestan\u00fd chorobou, ochrnut\u00edm alebo tancom a\u017e do smrti.<\/p><p>Niektor\u00e9 podania vykladaj\u00fa Wilu ako du\u0161u diev\u010da\u0165a, ktor\u00e9 zomrelo nepokrsten\u00e9 alebo medzi zasn\u00faben\u00edm a svadbou.<\/p>\t\t\t\t\t\t\t\t<\/div>\n\t\t\t\t\t<\/div>\n\t\t\t\t<\/div>\n\t\t<div class=\"elementor-element elementor-element-159dcf9a e-flex e-con-boxed e-con e-child\" data-id=\"159dcf9a\" data-element_type=\"container\" data-e-type=\"container\">\n\t\t\t\t\t<div class=\"e-con-inner\">\n\t\t\t\t<div class=\"elementor-element elementor-element-48cee66f elementor-widget elementor-widget-heading\" data-id=\"48cee66f\" data-element_type=\"widget\" data-e-type=\"widget\" data-widget_type=\"heading.default\">\n\t\t\t\t\t<h2 class=\"elementor-heading-title elementor-size-default\">V skratke: Wila<\/h2>\t\t\t\t<\/div>\n\t\t\t\t<div class=\"elementor-element elementor-element-3f50d82c elementor-widget elementor-widget-text-editor\" data-id=\"3f50d82c\" data-element_type=\"widget\" data-e-type=\"widget\" data-widget_type=\"text-editor.default\">\n\t\t\t\t\t\t\t\t\t<p><strong>Typ:<\/strong> \u017eensk\u00fd pr\u00edrodn\u00fd duch, ambivalentn\u00fd (lie\u010div\u00fd a nebezpe\u010dn\u00fd)<br>P\u00f4vod: juhoslovansk\u00e1 pr\u00edrodn\u00e1 viera, \u010diasto\u010dne du\u0161e nepokrsten\u00fdch zosnul\u00fdch<br>Texty: juhoslovansk\u00e1 hrdinsk\u00e1 epika, \u013eudov\u00e9 piesne, etnografie z 19. storo\u010dia<br>\u010casov\u00e9 zaradenie: <span class=\"iwg-fachbegriff\" data-tooltip=\"Poch\u00e1dzaj\u00face z \u010dias pred \u0161\u00edren\u00edm kres\u0165anstva.\" tabindex=\"0\">predkres\u0165ansk\u00e9<\/span> a\u017e po s\u00fa\u010dasnos\u0165<br>Miesto v\u00fdskytu: hory, lesy, mraky, prame\u0148, jazer\u00e1<\/p>\t\t\t\t\t\t\t\t<\/div>\n\t\t\t\t\t<\/div>\n\t\t\t\t<\/div>\n\t\t\t\t\t<\/div>\n\t\t\t\t<\/div>\n\t\t\t\t\t<\/div>\n\t\t\t\t<\/div>\n\t\t<div class=\"elementor-element elementor-element-18613602 e-flex e-con-boxed e-con e-parent\" data-id=\"18613602\" data-element_type=\"container\" data-e-type=\"container\">\n\t\t\t\t\t<div class=\"e-con-inner\">\n\t\t\t\t<div class=\"elementor-element elementor-element-262b8a9f elementor-widget elementor-widget-heading\" data-id=\"262b8a9f\" data-element_type=\"widget\" data-e-type=\"widget\" data-widget_type=\"heading.default\">\n\t\t\t\t\t<h2 class=\"elementor-heading-title elementor-size-default\">Historick\u00e9 zaradenie<\/h2>\t\t\t\t<\/div>\n\t\t<div class=\"elementor-element elementor-element-46dcb7d e-con-full e-flex e-con e-child\" data-id=\"46dcb7d\" data-element_type=\"container\" data-e-type=\"container\">\n\t\t<div class=\"elementor-element elementor-element-61d3ab3 e-flex e-con-boxed e-con e-child\" data-id=\"61d3ab3\" data-element_type=\"container\" data-e-type=\"container\">\n\t\t\t\t\t<div class=\"e-con-inner\">\n\t\t\t\t<div class=\"elementor-element elementor-element-117c166 elementor-widget elementor-widget-heading\" data-id=\"117c166\" data-element_type=\"widget\" data-e-type=\"widget\" data-widget_type=\"heading.default\">\n\t\t\t\t\t<h3 class=\"elementor-heading-title elementor-size-default\">Zeitraum der Texte<\/h3>\t\t\t\t<\/div>\n\t\t\t\t<div class=\"elementor-element elementor-element-73997a0 elementor-widget elementor-widget-text-editor\" data-id=\"73997a0\" data-element_type=\"widget\" data-e-type=\"widget\" data-widget_type=\"text-editor.default\">\n\t\t\t\t\t\t\t\t\t<p>Predkres\u0165ansk\u00e1 juhoslovansk\u00e1 trad\u00edcia, bohato zachovan\u00e1 v \u00fastnej hrdinskej epike a v \u013eudovej piesni. \u00dastredn\u00e1 f\u00e1za zberu v 19. storo\u010d\u00ed prostredn\u00edctvom Vuka Stefanovi\u0107a Karad\u017ei\u0107a; dokumentovan\u00e1 vo folkloristike Balk\u00e1nu a\u017e do s\u00fa\u010dasnosti.<\/p>\t\t\t\t\t\t\t\t<\/div>\n\t\t\t\t\t<\/div>\n\t\t\t\t<\/div>\n\t\t<div class=\"elementor-element elementor-element-d47b156 e-flex e-con-boxed e-con e-child\" data-id=\"d47b156\" data-element_type=\"container\" data-e-type=\"container\">\n\t\t\t\t\t<div class=\"e-con-inner\">\n\t\t\t\t<div class=\"elementor-element elementor-element-ff38c2b elementor-widget elementor-widget-heading\" data-id=\"ff38c2b\" data-element_type=\"widget\" data-e-type=\"widget\" data-widget_type=\"heading.default\">\n\t\t\t\t\t<h3 class=\"elementor-heading-title elementor-size-default\">Verbreitungsraum<\/h3>\t\t\t\t<\/div>\n\t\t\t\t<div class=\"elementor-element elementor-element-4e49fcc elementor-widget elementor-widget-text-editor\" data-id=\"4e49fcc\" data-element_type=\"widget\" data-e-type=\"widget\" data-widget_type=\"text-editor.default\">\n\t\t\t\t\t\t\t\t\t<p>Juhoslovansk\u00e9 jadrov\u00e9 \u00fazemie: Srbsko, Chorv\u00e1tsko, Bosna, Bulharsko (tam <em>Samodiva<\/em>), Slovinsko, Severn\u00e9 Maced\u00f3nsko. Pr\u00edbuzn\u00e9 postavy sa nach\u00e1dzaj\u00fa aj v z\u00e1padoslovanskom a v\u00fdchodoslovanskom svete, okr\u00eddlen\u00e1, tancuj\u00faca horsk\u00e1 \u017eena je v\u0161ak najv\u00fdraznej\u0161ie rozvinut\u00e1 v juhoslovanskej trad\u00edcii.<\/p>\t\t\t\t\t\t\t\t<\/div>\n\t\t\t\t\t<\/div>\n\t\t\t\t<\/div>\n\t\t\t\t<\/div>\n\t\t<div class=\"elementor-element elementor-element-db03c39 e-con-full e-flex e-con e-child\" data-id=\"db03c39\" data-element_type=\"container\" data-e-type=\"container\">\n\t\t<div class=\"elementor-element elementor-element-229a87b e-flex e-con-boxed e-con e-child\" data-id=\"229a87b\" data-element_type=\"container\" data-e-type=\"container\">\n\t\t\t\t\t<div class=\"e-con-inner\">\n\t\t\t\t<div class=\"elementor-element elementor-element-1f471fc elementor-widget elementor-widget-heading\" data-id=\"1f471fc\" data-element_type=\"widget\" data-e-type=\"widget\" data-widget_type=\"heading.default\">\n\t\t\t\t\t<h3 class=\"elementor-heading-title elementor-size-default\">Quellenlage<\/h3>\t\t\t\t<\/div>\n\t\t\t\t<div class=\"elementor-element elementor-element-36b1201 elementor-widget elementor-widget-text-editor\" data-id=\"36b1201\" data-element_type=\"widget\" data-e-type=\"widget\" data-widget_type=\"text-editor.default\">\n\t\t\t\t\t\t\t\t\t<p>Srbsk\u00e9 hrdinsk\u00e9 piesne (Karad\u017ei\u0107), bulharsk\u00e9 a maced\u00f3nske zbierky \u013eudov\u00fdch piesn\u00ed, chorv\u00e1tske a slovinsk\u00e9 etnografie, modern\u00e1 balk\u00e1nska folkloristika.<\/p>\t\t\t\t\t\t\t\t<\/div>\n\t\t\t\t\t<\/div>\n\t\t\t\t<\/div>\n\t\t\t\t<\/div>\n\t\t\t\t\t<\/div>\n\t\t\t\t<\/div>\n\t\t<div class=\"elementor-element elementor-element-3ae0637c e-flex e-con-boxed e-con e-parent\" data-id=\"3ae0637c\" data-element_type=\"container\" data-e-type=\"container\">\n\t\t\t\t\t<div class=\"e-con-inner\">\n\t\t\t\t<div class=\"elementor-element elementor-element-31d07739 elementor-widget elementor-widget-heading\" data-id=\"31d07739\" data-element_type=\"widget\" data-e-type=\"widget\" data-widget_type=\"heading.default\">\n\t\t\t\t\t<h2 class=\"elementor-heading-title elementor-size-default\">Ozna\u010denie a sp\u00f4soby z\u00e1pisu<\/h2>\t\t\t\t<\/div>\n\t\t<div class=\"elementor-element elementor-element-b7642947 e-con-full e-flex e-con e-child\" data-id=\"b7642947\" data-element_type=\"container\" data-e-type=\"container\">\n\t\t\t\t<div class=\"elementor-element elementor-element-a086266 elementor-widget elementor-widget-text-editor\" data-id=\"a086266\" data-element_type=\"widget\" data-e-type=\"widget\" data-widget_type=\"text-editor.default\">\n\t\t\t\t\t\t\t\t\t<p><strong>Srbsky\/chorv\u00e1tsky:<\/strong> <em>Vila<\/em>, mno\u017en\u00e9 \u010d\u00edslo <em>Vile<\/em>.<br>Bulharsky\/maced\u00f3nsky: <em>Samodiva<\/em>, <em>Samovila<\/em>.<br>Slovinsky: <em>Vila<\/em>. V nemecky hovoriacej oblasti zdom\u00e1cnen\u00e9 ako <em>Wila<\/em>.<br>Etymol\u00f3gia: sporn\u00e1; diskutuje sa o spojen\u00ed s praslovansk\u00fdm <em>viti<\/em> (\u201evi\u0165, v\u00edrit&#8220;), s odkazom na v\u00edr a kruhov\u00fd tanec.<\/p><p>Bulharsk\u00e9 meno <em>Samodiva<\/em> sa \u013eudovoetymologicky vyklad\u00e1 ako \u201et\u00e1, ktor\u00e1 je sama div\u00e1\/bo\u017esk\u00e1&#8220;, a zd\u00f4raz\u0148uje samostatnos\u0165 a neskrotnos\u0165 postavy vo\u010di \u013eudsk\u00e9mu poriadku.<\/p>\t\t\t\t\t\t\t\t<\/div>\n\t\t\t\t<\/div>\n\t\t\t\t\t<\/div>\n\t\t\t\t<\/div>\n\t\t<div class=\"elementor-element elementor-element-709a44a8 e-flex e-con-boxed e-con e-parent\" data-id=\"709a44a8\" data-element_type=\"container\" data-e-type=\"container\">\n\t\t\t\t\t<div class=\"e-con-inner\">\n\t\t\t\t<div class=\"elementor-element elementor-element-2f585873 elementor-widget elementor-widget-heading\" data-id=\"2f585873\" data-element_type=\"widget\" data-e-type=\"widget\" data-widget_type=\"heading.default\">\n\t\t\t\t\t<h2 class=\"elementor-heading-title elementor-size-default\">Charakteristick\u00e9 rysy<\/h2>\t\t\t\t<\/div>\n\t\t<div class=\"elementor-element elementor-element-70621c12 e-con-full e-flex e-con e-child\" data-id=\"70621c12\" data-element_type=\"container\" data-e-type=\"container\">\n\t\t\t\t<div class=\"elementor-element elementor-element-4296eb49 elementor-widget elementor-widget-text-editor\" data-id=\"4296eb49\" data-element_type=\"widget\" data-e-type=\"widget\" data-widget_type=\"text-editor.default\">\n\t\t\t\t\t\t\t\t\t<h3>Zjav<\/h3><p>Kr\u00e1sne mlad\u00e9 \u017eeny s dlh\u00fdmi rozpusten\u00fdmi vlasmi, v\u00e4\u010d\u0161inou v bielych r\u00fachach, \u010dasto okr\u00eddlen\u00e9 alebo so schopnos\u0165ou letu. V niektor\u00fdch podaniach maj\u00fa kozie alebo konsk\u00e9 nohy, ktor\u00e9 skr\u00fdvaj\u00fa pod \u0161atami.<\/p><h3>Spr\u00e1vanie<\/h3><p>Tancuj\u00fa kruhov\u00fd tanec (<em>kolo<\/em>) na horsk\u00fdch l\u00fakach, spievaj\u00fa, lie\u010dia bylinami a prorokuj\u00fa. Ke\u010f s\u00fa vyru\u0161en\u00e9, vypo\u010d\u00favan\u00e9 alebo urazen\u00e9, trestaj\u00fa chorobou, ochrnut\u00edm, stratou hlasu alebo tancom a\u017e do vy\u010derpania.<\/p><h3>Oblas\u0165 p\u00f4sobenia<\/h3><p>Horsk\u00e9 vrcholy, lesn\u00e9 \u010distiny, mraky, prame\u0148 a jazer\u00e1. Ur\u010dit\u00e9 miesta, kruhov\u00e9 tance v tr\u00e1ve, jednotliv\u00e9 stromy, prame\u0148, s\u00fa pova\u017eovan\u00e9 za miesta w\u00edl, ktor\u00e9 by mal \u010dlovek obch\u00e1dza\u0165 alebo do nich vstupova\u0165 s \u00factou.<\/p><h3>Mytologick\u00e9 zaradenie<\/h3><p>Wila patr\u00ed medzi ambivalentn\u00fdch \u017eensk\u00fdch pr\u00edrodn\u00fdch duchov slovansk\u00e9ho svetu, pr\u00edbuzn\u00e1 s v\u00fdchodoslovanskou <a href=\"https:\/\/iwell-guard.com\/sk\/rusalka\/\">Rusalkou<\/a>. Sp\u00e1ja dve vrstvy: du\u0161u neuvo\u013enenej zosnulej a personifikovan\u00fa moc divej pr\u00edrody.<\/p>\t\t\t\t\t\t\t\t<\/div>\n\t\t\t\t<\/div>\n\t\t\t\t\t<\/div>\n\t\t\t\t<\/div>\n\t\t<div class=\"elementor-element elementor-element-44e71476 e-flex e-con-boxed e-con e-parent\" data-id=\"44e71476\" data-element_type=\"container\" data-e-type=\"container\">\n\t\t\t\t\t<div class=\"e-con-inner\">\n\t\t\t\t<div class=\"elementor-element elementor-element-3c1fc3f0 elementor-widget elementor-widget-heading\" data-id=\"3c1fc3f0\" data-element_type=\"widget\" data-e-type=\"widget\" data-widget_type=\"heading.default\">\n\t\t\t\t\t<h2 class=\"elementor-heading-title elementor-size-default\">Profil: Wila<\/h2>\t\t\t\t<\/div>\n\t\t<div class=\"elementor-element elementor-element-84f33b8e e-con-full e-flex e-con e-child\" data-id=\"84f33b8e\" data-element_type=\"container\" data-e-type=\"container\">\n\t\t\t\t<div class=\"elementor-element elementor-element-hqkdc67p elementor-widget elementor-widget-text-editor\" data-id=\"hqkdc67p\" data-element_type=\"widget\" data-e-type=\"widget\" data-widget_type=\"text-editor.default\">\n\t\t\t\t\t\t\t\t\t<p>Najd\u00f4le\u017eitej\u0161ie aspekty Wily na prv\u00fd poh\u013ead.<\/p>\t\t\t\t\t\t\t\t<\/div>\n\t\t\t\t<\/div>\n\t\t<div class=\"elementor-element elementor-element-pemmx7c5 e-con-full e-flex e-con e-child\" data-id=\"pemmx7c5\" data-element_type=\"container\" data-e-type=\"container\">\n\t\t<div class=\"elementor-element elementor-element-pemmx7c1 e-con-full e-flex e-con e-child\" data-id=\"pemmx7c1\" data-element_type=\"container\" data-e-type=\"container\">\n\t\t<div class=\"elementor-element elementor-element-qh9oavvu iwg-steckbrief-card e-flex e-con-boxed e-con e-child\" data-id=\"qh9oavvu\" data-element_type=\"container\" data-e-type=\"container\">\n\t\t\t\t\t<div class=\"e-con-inner\">\n\t\t\t\t<div class=\"elementor-element elementor-element-awzx8k2k elementor-widget elementor-widget-heading\" data-id=\"awzx8k2k\" data-element_type=\"widget\" data-e-type=\"widget\" data-widget_type=\"heading.default\">\n\t\t\t\t\t<div class=\"elementor-heading-title elementor-size-default\">Kult\u00farny kontext<\/div>\t\t\t\t<\/div>\n\t\t\t\t<div class=\"elementor-element elementor-element-x6rowhv0 elementor-widget elementor-widget-text-editor\" data-id=\"x6rowhv0\" data-element_type=\"widget\" data-e-type=\"widget\" data-widget_type=\"text-editor.default\">\n\t\t\t\t\t\t\t\t\t<p>\u017densk\u00fd pr\u00edrodn\u00fd duch juhoslovansk\u00e9ho \u013eudov\u00e9ho n\u00e1bo\u017eenstva, ambivalentn\u00fd medzi lie\u010den\u00edm a trestom. Pr\u00edbuzn\u00fd s v\u00fdchodoslovanskou Rusalkou.<\/p>\t\t\t\t\t\t\t\t<\/div>\n\t\t\t\t\t<\/div>\n\t\t\t\t<\/div>\n\t\t<div class=\"elementor-element elementor-element-8e3o4kxs iwg-steckbrief-card e-flex e-con-boxed e-con e-child\" data-id=\"8e3o4kxs\" data-element_type=\"container\" data-e-type=\"container\">\n\t\t\t\t\t<div class=\"e-con-inner\">\n\t\t\t\t<div class=\"elementor-element elementor-element-08rkdgov elementor-widget elementor-widget-heading\" data-id=\"08rkdgov\" data-element_type=\"widget\" data-e-type=\"widget\" data-widget_type=\"heading.default\">\n\t\t\t\t\t<div class=\"elementor-heading-title elementor-size-default\">Vz\u0165ahuje sa na<\/div>\t\t\t\t<\/div>\n\t\t\t\t<div class=\"elementor-element elementor-element-uwjelx8s elementor-widget elementor-widget-text-editor\" data-id=\"uwjelx8s\" data-element_type=\"widget\" data-e-type=\"widget\" data-widget_type=\"text-editor.default\">\n\t\t\t\t\t\t\t\t\t<p>P\u00fatnici, pastieri a hrdinovia v hor\u00e1ch, najm\u00e4 ten, kto vyru\u0161\u00ed ich kruhov\u00fd tanec, za\u0161pin\u00ed ich prame\u0148 alebo ich vypo\u010d\u00fava.<\/p>\t\t\t\t\t\t\t\t<\/div>\n\t\t\t\t\t<\/div>\n\t\t\t\t<\/div>\n\t\t<div class=\"elementor-element elementor-element-jm2n74ec iwg-steckbrief-card e-flex e-con-boxed e-con e-child\" data-id=\"jm2n74ec\" data-element_type=\"container\" data-e-type=\"container\">\n\t\t\t\t\t<div class=\"e-con-inner\">\n\t\t\t\t<div class=\"elementor-element elementor-element-8vufse4c elementor-widget elementor-widget-heading\" data-id=\"8vufse4c\" data-element_type=\"widget\" data-e-type=\"widget\" data-widget_type=\"heading.default\">\n\t\t\t\t\t<div class=\"elementor-heading-title elementor-size-default\">Zjav Wily<\/div>\t\t\t\t<\/div>\n\t\t\t\t<div class=\"elementor-element elementor-element-mwb9u015 elementor-widget elementor-widget-text-editor\" data-id=\"mwb9u015\" data-element_type=\"widget\" data-e-type=\"widget\" data-widget_type=\"text-editor.default\">\n\t\t\t\t\t\t\t\t\t<p>Kr\u00e1sna mlad\u00e1 \u017eena s dlh\u00fdmi rozpusten\u00fdmi vlasmi, biele r\u00facho, okr\u00eddlen\u00e1 alebo letiaca, niekedy so skryt\u00fdmi zvierac\u00edmi nohami.<\/p>\t\t\t\t\t\t\t\t<\/div>\n\t\t\t\t\t<\/div>\n\t\t\t\t<\/div>\n\t\t\t\t<\/div>\n\t\t<div class=\"elementor-element elementor-element-pemmx7c2 e-con-full e-flex e-con e-child\" data-id=\"pemmx7c2\" data-element_type=\"container\" data-e-type=\"container\">\n\t\t<div class=\"elementor-element elementor-element-37ss2yr6 iwg-steckbrief-card e-flex e-con-boxed e-con e-child\" data-id=\"37ss2yr6\" data-element_type=\"container\" data-e-type=\"container\">\n\t\t\t\t\t<div class=\"e-con-inner\">\n\t\t\t\t<div class=\"elementor-element elementor-element-3v0wp3wx elementor-widget elementor-widget-heading\" data-id=\"3v0wp3wx\" data-element_type=\"widget\" data-e-type=\"widget\" data-widget_type=\"heading.default\">\n\t\t\t\t\t<div class=\"elementor-heading-title elementor-size-default\">P\u00f4sobenie Wily<\/div>\t\t\t\t<\/div>\n\t\t\t\t<div class=\"elementor-element elementor-element-w3247g2m elementor-widget elementor-widget-text-editor\" data-id=\"w3247g2m\" data-element_type=\"widget\" data-e-type=\"widget\" data-widget_type=\"text-editor.default\">\n\t\t\t\t\t\t\t\t\t<p>Lie\u010di, prorokuje a pom\u00e1ha hrdinom, ke\u010f je vyru\u0161en\u00e1, trest\u00e1 chorobou, ochrnut\u00edm alebo tancom a\u017e do vy\u010derpania.<\/p>\t\t\t\t\t\t\t\t<\/div>\n\t\t\t\t\t<\/div>\n\t\t\t\t<\/div>\n\t\t<div class=\"elementor-element elementor-element-0qpjal9w iwg-steckbrief-card e-flex e-con-boxed e-con e-child\" data-id=\"0qpjal9w\" data-element_type=\"container\" data-e-type=\"container\">\n\t\t\t\t\t<div class=\"e-con-inner\">\n\t\t\t\t<div class=\"elementor-element elementor-element-6ndoih0o elementor-widget elementor-widget-heading\" data-id=\"6ndoih0o\" data-element_type=\"widget\" data-e-type=\"widget\" data-widget_type=\"heading.default\">\n\t\t\t\t\t<div class=\"elementor-heading-title elementor-size-default\">Obrana proti Wile<\/div>\t\t\t\t<\/div>\n\t\t\t\t<div class=\"elementor-element elementor-element-6684tyh9 elementor-widget elementor-widget-text-editor\" data-id=\"6684tyh9\" data-element_type=\"widget\" data-e-type=\"widget\" data-widget_type=\"text-editor.default\">\n\t\t\t\t\t\t\t\t\t<p>Vyh\u00fdba\u0165 sa miestam w\u00edl, neru\u0161i\u0165 ich kruhov\u00fd tanec, udr\u017eiava\u0165 prame\u0148 \u010dist\u00fd. Dary z kvetov, kol\u00e1\u010dov a stu\u017eiek na stromoch w\u00edl sl\u00fa\u017eili ako zmierenie.<\/p>\t\t\t\t\t\t\t\t<\/div>\n\t\t\t\t\t<\/div>\n\t\t\t\t<\/div>\n\t\t<div class=\"elementor-element elementor-element-3lfi7x32 iwg-steckbrief-card e-flex e-con-boxed e-con e-child\" data-id=\"3lfi7x32\" data-element_type=\"container\" data-e-type=\"container\">\n\t\t\t\t\t<div class=\"e-con-inner\">\n\t\t\t\t<div class=\"elementor-element elementor-element-0kg99ga1 elementor-widget elementor-widget-heading\" data-id=\"0kg99ga1\" data-element_type=\"widget\" data-e-type=\"widget\" data-widget_type=\"heading.default\">\n\t\t\t\t\t<div class=\"elementor-heading-title elementor-size-default\">S\u00favisiace bytosti<\/div>\t\t\t\t<\/div>\n\t\t\t\t<div class=\"elementor-element elementor-element-n0fum6kp elementor-widget elementor-widget-text-editor\" data-id=\"n0fum6kp\" data-element_type=\"widget\" data-e-type=\"widget\" data-widget_type=\"text-editor.default\">\n\t\t\t\t\t\t\t\t\t<p><a href=\"https:\/\/iwell-guard.com\/sk\/rusalka\/\">Rusalka<\/a>, bulharsk\u00e1 Samodiva, nymfy antickej trad\u00edcie, v\u00edly a elf\u00ed pr\u00edrodn\u00ed duchovia Eur\u00f3py.<\/p>\t\t\t\t\t\t\t\t<\/div>\n\t\t\t\t\t<\/div>\n\t\t\t\t<\/div>\n\t\t\t\t<\/div>\n\t\t\t\t<\/div>\n\t\t\t\t\t<\/div>\n\t\t\t\t<\/div>\n\t\t<div class=\"elementor-element elementor-element-7533bc7a e-flex e-con-boxed e-con e-parent\" data-id=\"7533bc7a\" data-element_type=\"container\" data-e-type=\"container\">\n\t\t\t\t\t<div class=\"e-con-inner\">\n\t\t\t\t<div class=\"elementor-element elementor-element-2447d18d elementor-widget elementor-widget-heading\" data-id=\"2447d18d\" data-element_type=\"widget\" data-e-type=\"widget\" data-widget_type=\"heading.default\">\n\t\t\t\t\t<h2 class=\"elementor-heading-title elementor-size-default\">Ro\u010dn\u00fd cyklus a ochrana<\/h2>\t\t\t\t<\/div>\n\t\t<div class=\"elementor-element elementor-element-d5d0260c e-con-full e-flex e-con e-child\" data-id=\"d5d0260c\" data-element_type=\"container\" data-e-type=\"container\">\n\t\t\t\t<div class=\"elementor-element elementor-element-341be2ac elementor-widget elementor-widget-text-editor\" data-id=\"341be2ac\" data-element_type=\"widget\" data-e-type=\"widget\" data-widget_type=\"text-editor.default\">\n\t\t\t\t\t\t\t\t\t<h3>\u010casy w\u00edl<\/h3><p>Za najnebezpe\u010dnej\u0161ie \u010dasy sa pova\u017eovalo poludnie a polnoc, ako aj t\u00fd\u017edne okolo Tur\u00edc a J\u00e1na, kedy wily obzvl\u00e1\u0161\u0165 intenz\u00edvne tancuj\u00fa. Pastieri a p\u00fatnici sa v tom \u010dase vyh\u00fdbali vysoko polo\u017een\u00fdm l\u00fakam a jednotliv\u00fdm stromom.<\/p><h3>Obrann\u00e1 a zmierovacia prax<\/h3><p>Obch\u00e1dzali sa miesta w\u00edl, neru\u0161il sa kruhov\u00fd tanec v tr\u00e1ve a udr\u017eiavali sa \u010dist\u00e9 prame\u0148. Na zmierenie sa kladli kvety, kol\u00e1\u010de, med alebo farebn\u00e9 stu\u017eky ku stromom w\u00edl. \u017deny znal\u00e9 lie\u010div\u00fdch byl\u00edn boli pova\u017eovan\u00e9 za schopn\u00e9 vylie\u010di\u0165 choroby, ktor\u00e9 wily sp\u00f4sobili.<\/p><h3>Wila ako pomocn\u00ed\u010dka<\/h3><p>Nie ka\u017ed\u00e9 stretnutie bolo ohrozuj\u00face: v hrdinskej epike sa Wila st\u00e1va pobratimkou (<em>posestrima<\/em>) hrdinu, varuje ho, lie\u010di jeho zranenia a poskytuje mu svoje vedomosti. \u00dactiv\u00fd pr\u00edstup mohol z nebezpe\u010dnej moci urobi\u0165 spojenca.<\/p>\t\t\t\t\t\t\t\t<\/div>\n\t\t\t\t<\/div>\n\t\t\t\t\t<\/div>\n\t\t\t\t<\/div>\n\t\t<div class=\"elementor-element elementor-element-5a584676 e-flex e-con-boxed e-con e-parent\" data-id=\"5a584676\" data-element_type=\"container\" data-e-type=\"container\">\n\t\t\t\t\t<div class=\"e-con-inner\">\n\t\t\t\t<div class=\"elementor-element elementor-element-6d0757bf elementor-widget elementor-widget-heading\" data-id=\"6d0757bf\" data-element_type=\"widget\" data-e-type=\"widget\" data-widget_type=\"heading.default\">\n\t\t\t\t\t<h2 class=\"elementor-heading-title elementor-size-default\">Literat\u00fara a recepcia<\/h2>\t\t\t\t<\/div>\n\t\t<div class=\"elementor-element elementor-element-60563f68 e-con-full e-flex e-con e-child\" data-id=\"60563f68\" data-element_type=\"container\" data-e-type=\"container\">\n\t\t\t\t<div class=\"elementor-element elementor-element-5a93fdd6 elementor-widget elementor-widget-text-editor\" data-id=\"5a93fdd6\" data-element_type=\"widget\" data-e-type=\"widget\" data-widget_type=\"text-editor.default\">\n\t\t\t\t\t\t\t\t\t<p><strong>Juhoslovansk\u00e1 hrdinsk\u00e1 epika:<\/strong> V serbsk\u00fdch hrdinsk\u00fdch pies\u0148ach, ktor\u00e9 zozbieral Vuk Karad\u017ei\u0107, je Wila st\u00e1lou spolo\u010dn\u00ed\u010dkou Marka Kraljevi\u0107a, pomocn\u00ed\u010dkou, varovate\u013ekou a pobratimkou. Je tak jednou z najv\u00fdznamnej\u0161\u00edch post\u00e1v balk\u00e1nskej epiky.<\/p><p><strong>\u013dudov\u00e1 piese\u0148 a <span class=\"iwg-fachbegriff\" data-tooltip=\"Tradovan\u00fd, v spolo\u010denstve pravidelne opakovan\u00fd \u00fakon.\" tabindex=\"0\">oby\u010daj<\/span>:<\/strong> Bulharsk\u00e9 a maced\u00f3nske piesne o samodiv\u00e1ch udr\u017eiavaj\u00fa t\u00fato postavu \u017eiv\u00fa a\u017e do 20. storo\u010dia; etnografick\u00e9 zbierky zaznamen\u00e1vaj\u00fa mno\u017estvo region\u00e1lnych variantov.<\/p><h3>S\u00fa\u010dasn\u00e1 kult\u00fara<\/h3><p>Wila je pr\u00edtomn\u00e1 v literat\u00fare, tanci a popul\u00e1rnej kult\u00fare Balk\u00e1nu a v neopaganizme a <span class=\"iwg-fachbegriff\" data-tooltip=\"S\u00faborn\u00fd pojem pre u\u010denia, ktor\u00e9 si n\u00e1rokuj\u00fa skryt\u00e9 poznanie pr\u00edstupn\u00e9 len zasv\u00e4ten\u00fdm.\" tabindex=\"0\">ezoterike<\/span> je vn\u00edman\u00e1 ako <span class=\"iwg-fachbegriff\" data-tooltip=\"Znak, ktor\u00fd zastupuje ur\u010dit\u00fa predstavu alebo v\u00fdznam.\" tabindex=\"0\">symbol<\/span> \u017eenskej moci pr\u00edrody.<\/p>\t\t\t\t\t\t\t\t<\/div>\n\t\t\t\t<\/div>\n\t\t\t\t\t<\/div>\n\t\t\t\t<\/div>\n\t\t<div class=\"elementor-element elementor-element-36dd7469 e-flex e-con-boxed e-con e-parent\" data-id=\"36dd7469\" data-element_type=\"container\" data-e-type=\"container\">\n\t\t\t\t\t<div class=\"e-con-inner\">\n\t\t\t\t<div class=\"elementor-element elementor-element-13760ab4 elementor-widget elementor-widget-heading\" data-id=\"13760ab4\" data-element_type=\"widget\" data-e-type=\"widget\" data-widget_type=\"heading.default\">\n\t\t\t\t\t<div class=\"elementor-heading-title elementor-size-default\">S\u00favisiace odkazy<\/div>\t\t\t\t<\/div>\n\t\t<div class=\"elementor-element elementor-element-28c87796 e-con-full e-flex e-con e-child\" data-id=\"28c87796\" data-element_type=\"container\" data-e-type=\"container\">\n\t\t\t\t<div class=\"elementor-element elementor-element-5d6538df elementor-widget elementor-widget-text-editor\" data-id=\"5d6538df\" data-element_type=\"widget\" data-e-type=\"widget\" data-widget_type=\"text-editor.default\">\n\t\t\t\t\t\t\t\t\t<p>Odpor\u00fa\u010dan\u00e9 intern\u00e9 odkazy:<\/p><ul><li><a href=\"https:\/\/iwell-guard.com\/sk\/slovanske\/\">Slovansk\u00fd<\/a><\/li><li><a href=\"https:\/\/iwell-guard.com\/sk\/rusalka\/\">Rusalka<\/a>, <a href=\"https:\/\/iwell-guard.com\/sk\/baba-jaga\/\">Baba Jaga<\/a>, <a href=\"https:\/\/iwell-guard.com\/sk\/?page_id=158084\">Le\u0161ij<\/a><\/li><li><a href=\"https:\/\/iwell-guard.com\/sk\/lesni-duchovia\/\">Lesn\u00ed duchovia<\/a> (preh\u013ead triedy)<\/li><\/ul>\t\t\t\t\t\t\t\t<\/div>\n\t\t\t\t<\/div>\n\t\t\t\t\t<\/div>\n\t\t\t\t<\/div>\n\t\t<div class=\"elementor-element elementor-element-grl4kl40 e-flex e-con-boxed e-con e-parent\" data-id=\"grl4kl40\" data-element_type=\"container\" data-e-type=\"container\">\n\t\t\t\t\t<div class=\"e-con-inner\">\n\t\t\t\t<div class=\"elementor-element elementor-element-bzsbfrmh elementor-widget elementor-widget-heading\" data-id=\"bzsbfrmh\" data-element_type=\"widget\" data-e-type=\"widget\" data-widget_type=\"heading.default\">\n\t\t\t\t\t<h2 class=\"elementor-heading-title elementor-size-default\">Literat\u00fara (v\u00fdber)<\/h2>\t\t\t\t<\/div>\n\t\t<div class=\"elementor-element elementor-element-2c13224a e-con-full e-flex e-con e-child\" data-id=\"2c13224a\" data-element_type=\"container\" data-e-type=\"container\">\n\t\t\t\t<div class=\"elementor-element elementor-element-0eymh9ub elementor-widget elementor-widget-text-editor\" data-id=\"0eymh9ub\" data-element_type=\"widget\" data-e-type=\"widget\" data-widget_type=\"text-editor.default\">\n\t\t\t\t\t\t\t\t\t<footer class=\"iwg-literatur\"><p>V\u00fdber k\u013e\u00fa\u010dov\u00fdch pr\u00e1c o Wile:<\/p><ul><li><span data-nosnippet>Karad\u017ei\u0107, Vuk Stefanovi\u0107: <em>Srpske narodne pjesme<\/em>. Viede\u0148 1841, 1862.<\/span><\/li><li><span data-nosnippet>P\u00f3cs, \u00c9va: <em>Fairies and Witches at the Boundary of South-Eastern and Central Europe<\/em>. Helsinki 1989.<\/span><\/li><li>\u0110or\u0111evi\u0107, Tihomir: <em>Ve\u0161tica i vila u na\u0161em narodnom verovanju<\/em>. Belehrad 1953.<\/li><\/ul>\n<p class=\"iwg-bib-more\"><span data-nosnippet>\u010eal\u0161ie z\u00e1kladn\u00e9 diela v <a href=\"https:\/\/iwell-guard.com\/sk\/literatura\/\">zozname literat\u00fary<\/a>.<\/span><\/p><\/footer>\t\t\t\t\t\t\t\t<\/div>\n\t\t\t\t<\/div>\n\t\t\t\t\t<\/div>\n\t\t\t\t<\/div>\n\t\t<div class=\"elementor-element elementor-element-iwgca-rusalka-sec e-flex e-con-boxed e-con e-parent\" data-id=\"iwgca-rusalka-sec\" data-element_type=\"container\" data-e-type=\"container\" id=\"iwg-ca-rusalka\">\n\t\t\t\t\t<div class=\"e-con-inner\">\n\t\t\t\t<div class=\"elementor-element elementor-element-iwgca-rusalka-te iwg-ca-textwrap elementor-widget elementor-widget-text-editor\" data-id=\"iwgca-rusalka-te\" data-element_type=\"widget\" data-e-type=\"widget\" data-widget_type=\"text-editor.default\">\n\t\t\t\t\t\t\t\t\t<div data-nosnippet=\"true\"><p class=\"iwg-ca-bridge\">Tu op\u00edsan\u00e1 ochrann\u00e1 a obrann\u00e1 prax je religionistick\u00fdm zaraden\u00edm vyvinutej \u013eudovej trad\u00edcie. iWell Guard nadv\u00e4zuje na kult\u00farno-historick\u00fa linku prenosn\u00fdch ochrann\u00fdch predmetov a predstavuje jej s\u00fa\u010dasn\u00fa formu. <a href=\"\/ueber-iwell-guard\/?utm_source=iwell-guard.com&#038;utm_medium=text-link&#038;utm_campaign=schadwesen-tradition\">Viac o iWell Guard \u2192<\/a><\/p><\/div>\t\t\t\t\t\t\t\t<\/div>\n\t\t\t\t\t<\/div>\n\t\t\t\t<\/div>\n\t\t\t\t<\/div>\n\t\t","protected":false},"excerpt":{"rendered":"","protected":false},"author":3,"featured_media":3392,"parent":0,"menu_order":0,"comment_status":"closed","ping_status":"closed","template":"elementor_header_footer","meta":{"_yoast_wpseo_focuskw":"Wila","_yoast_wpseo_title":"Wila - \u017densk\u00fd pr\u00edrodn\u00fd duch h\u00f4r, lesov a prame\u0148ov","_yoast_wpseo_metadesc":"Wila (Vila, Samodiva) je \u017eensk\u00fd pr\u00edrodn\u00fd duch juhoslovansk\u00e9ho folkl\u00f3ru: kr\u00e1sna, prorock\u00e1 a nebezpe\u010dn\u00e1. Religionistick\u00e9 zaradenie.","_yoast_wpseo_meta-robots-noindex":"","_yoast_wpseo_canonical":"","_angie_page":false,"gefaehrdungsstufe":"2","wesen_kultur":"slawisch","wesen_klasse":"geister","footnotes":""},"categories":[],"class_list":["post-158013","page","type-page","status-publish","has-post-thumbnail","hentry"],"yoast_head":"<!-- This site is optimized with the Yoast SEO Premium plugin v27.7 (Yoast SEO v28.3) - https:\/\/yoast.com\/product\/yoast-seo-premium-wordpress\/ -->\n<title>Wila - \u017densk\u00fd pr\u00edrodn\u00fd duch h\u00f4r, lesov a prame\u0148ov<\/title>\n<meta name=\"description\" content=\"Wila (Vila, Samodiva) je \u017eensk\u00fd pr\u00edrodn\u00fd duch juhoslovansk\u00e9ho folkl\u00f3ru: kr\u00e1sna, prorock\u00e1 a nebezpe\u010dn\u00e1. Religionistick\u00e9 zaradenie.\" \/>\n<meta name=\"robots\" content=\"index, follow, max-snippet:-1, max-image-preview:large, max-video-preview:-1\" \/>\n<link rel=\"canonical\" href=\"https:\/\/iwell-guard.com\/sk\/wila-prirodny-duch-juhoslovanskej-tradicie\/\" \/>\n<meta property=\"og:locale\" content=\"sk_SK\" \/>\n<meta property=\"og:type\" content=\"article\" \/>\n<meta property=\"og:title\" content=\"Wila \u2013 pr\u00edrodn\u00fd duch juhoslovanskej trad\u00edcie\" \/>\n<meta property=\"og:description\" content=\"Wila (Vila, Samodiva) je \u017eensk\u00fd pr\u00edrodn\u00fd duch juhoslovansk\u00e9ho folkl\u00f3ru: kr\u00e1sna, prorock\u00e1 a nebezpe\u010dn\u00e1. Religionistick\u00e9 zaradenie.\" \/>\n<meta property=\"og:url\" content=\"https:\/\/iwell-guard.com\/sk\/wila-prirodny-duch-juhoslovanskej-tradicie\/\" \/>\n<meta property=\"og:site_name\" content=\"iWell Guard\" \/>\n<meta property=\"article:modified_time\" content=\"2026-09-04T22:48:28+00:00\" \/>\n<meta property=\"og:image\" content=\"https:\/\/iwell-guard.com\/wp-content\/uploads\/2026\/05\/geister_slawisch_wila.webp\" \/>\n\t<meta property=\"og:image:width\" content=\"1024\" \/>\n\t<meta property=\"og:image:height\" content=\"1536\" \/>\n\t<meta property=\"og:image:type\" content=\"image\/webp\" \/>\n<meta name=\"twitter:card\" content=\"summary_large_image\" \/>\n<script type=\"application\/ld+json\" class=\"yoast-schema-graph\">{\"@context\":\"https:\\\/\\\/schema.org\",\"@graph\":[{\"@type\":\"WebPage\",\"@id\":\"https:\\\/\\\/iwell-guard.com\\\/sk\\\/wila-prirodny-duch-juhoslovanskej-tradicie\\\/\",\"url\":\"https:\\\/\\\/iwell-guard.com\\\/sk\\\/wila-prirodny-duch-juhoslovanskej-tradicie\\\/\",\"name\":\"Wila - \u017densk\u00fd pr\u00edrodn\u00fd duch h\u00f4r, lesov a prame\u0148ov\",\"isPartOf\":{\"@id\":\"https:\\\/\\\/iwell-guard.com\\\/sk\\\/#website\"},\"primaryImageOfPage\":{\"@id\":\"https:\\\/\\\/iwell-guard.com\\\/sk\\\/wila-prirodny-duch-juhoslovanskej-tradicie\\\/#primaryimage\"},\"image\":{\"@id\":\"https:\\\/\\\/iwell-guard.com\\\/sk\\\/wila-prirodny-duch-juhoslovanskej-tradicie\\\/#primaryimage\"},\"thumbnailUrl\":\"https:\\\/\\\/iwell-guard.com\\\/wp-content\\\/uploads\\\/2026\\\/05\\\/geister_slawisch_wila.webp\",\"datePublished\":\"2026-09-04T22:20:39+00:00\",\"dateModified\":\"2026-09-04T22:48:28+00:00\",\"description\":\"Wila (Vila, Samodiva) je \u017eensk\u00fd pr\u00edrodn\u00fd duch juhoslovansk\u00e9ho folkl\u00f3ru: kr\u00e1sna, prorock\u00e1 a nebezpe\u010dn\u00e1. Religionistick\u00e9 zaradenie.\",\"breadcrumb\":{\"@id\":\"https:\\\/\\\/iwell-guard.com\\\/sk\\\/wila-prirodny-duch-juhoslovanskej-tradicie\\\/#breadcrumb\"},\"inLanguage\":\"sk-SK\",\"potentialAction\":[{\"@type\":\"ReadAction\",\"target\":[\"https:\\\/\\\/iwell-guard.com\\\/sk\\\/wila-prirodny-duch-juhoslovanskej-tradicie\\\/\"]}]},{\"@type\":\"ImageObject\",\"inLanguage\":\"sk-SK\",\"@id\":\"https:\\\/\\\/iwell-guard.com\\\/sk\\\/wila-prirodny-duch-juhoslovanskej-tradicie\\\/#primaryimage\",\"url\":\"https:\\\/\\\/iwell-guard.com\\\/wp-content\\\/uploads\\\/2026\\\/05\\\/geister_slawisch_wila.webp\",\"contentUrl\":\"https:\\\/\\\/iwell-guard.com\\\/wp-content\\\/uploads\\\/2026\\\/05\\\/geister_slawisch_wila.webp\",\"width\":1024,\"height\":1536,\"caption\":\"Duchovia z trad\u00edcie Slovansk\u00e1.\"},{\"@type\":\"BreadcrumbList\",\"@id\":\"https:\\\/\\\/iwell-guard.com\\\/sk\\\/wila-prirodny-duch-juhoslovanskej-tradicie\\\/#breadcrumb\",\"itemListElement\":[{\"@type\":\"ListItem\",\"position\":1,\"name\":\"Start\",\"item\":\"https:\\\/\\\/iwell-guard.com\\\/sk\\\/?page_id=157572\"},{\"@type\":\"ListItem\",\"position\":2,\"name\":\"Wila \u2013 pr\u00edrodn\u00fd duch juhoslovanskej trad\u00edcie\"}]},{\"@type\":\"WebSite\",\"@id\":\"https:\\\/\\\/iwell-guard.com\\\/sk\\\/#website\",\"url\":\"https:\\\/\\\/iwell-guard.com\\\/sk\\\/\",\"name\":\"iWell Guard\",\"description\":\"Schutz vor dunklen Einfl\u00fcssen\",\"publisher\":{\"@id\":\"https:\\\/\\\/iwell-guard.com\\\/sk\\\/#organization\"},\"potentialAction\":[{\"@type\":\"SearchAction\",\"target\":{\"@type\":\"EntryPoint\",\"urlTemplate\":\"https:\\\/\\\/iwell-guard.com\\\/sk\\\/?s={search_term_string}\"},\"query-input\":{\"@type\":\"PropertyValueSpecification\",\"valueRequired\":true,\"valueName\":\"search_term_string\"}}],\"inLanguage\":\"sk-SK\"},{\"@type\":\"Organization\",\"@id\":\"https:\\\/\\\/iwell-guard.com\\\/sk\\\/#organization\",\"name\":\"Ittermann electronic GmbH\",\"url\":\"https:\\\/\\\/iwell-guard.com\\\/sk\\\/\",\"logo\":{\"@type\":\"ImageObject\",\"inLanguage\":\"sk-SK\",\"@id\":\"https:\\\/\\\/iwell-guard.com\\\/sk\\\/#\\\/schema\\\/logo\\\/image\\\/\",\"url\":\"https:\\\/\\\/iwell-guard.com\\\/wp-content\\\/uploads\\\/2026\\\/05\\\/Ittermann-Logo-1182x237-1.png\",\"contentUrl\":\"https:\\\/\\\/iwell-guard.com\\\/wp-content\\\/uploads\\\/2026\\\/05\\\/Ittermann-Logo-1182x237-1.png\",\"width\":1182,\"height\":237,\"caption\":\"Ittermann electronic GmbH\"},\"image\":{\"@id\":\"https:\\\/\\\/iwell-guard.com\\\/sk\\\/#\\\/schema\\\/logo\\\/image\\\/\"},\"sameAs\":[\"https:\\\/\\\/pantip.com\\\/profile\\\/9367242\",\"https:\\\/\\\/micro.blog\\\/iwellguard\",\"https:\\\/\\\/www.diggerslist.com\\\/iwellguard\\\/about\",\"https:\\\/\\\/skitterphoto.com\\\/photographers\\\/2870314\\\/iwell-guard\",\"https:\\\/\\\/iwellguard.wordpress.com\\\/2026\\\/06\\\/06\\\/iwell-guard\\\/\",\"https:\\\/\\\/hub.docker.com\\\/u\\\/iwellguard\",\"https:\\\/\\\/www.pinterest.com\\\/iwellguard\\\/\",\"https:\\\/\\\/bit.ly\\\/m\\\/iwellguard\",\"https:\\\/\\\/entre-vos-mains.alsace.eu\\\/profiles\\\/iwellguard\\\/activity\",\"https:\\\/\\\/gravatar.com\\\/reallybeded8fd34\",\"https:\\\/\\\/naijamatta.com\\\/iwellguard\",\"https:\\\/\\\/www.goodreads.com\\\/iwellguard\",\"https:\\\/\\\/profile.hatena.ne.jp\\\/iwellguard\\\/\",\"https:\\\/\\\/experiment.com\\\/users\\\/iwellguard\",\"https:\\\/\\\/wakelet.com\\\/@iWellGuard82270\",\"https:\\\/\\\/www.chordie.com\\\/forum\\\/profile.php?id=2555664\",\"https:\\\/\\\/www.instapaper.com\\\/p\\\/17757966\",\"https:\\\/\\\/www.mapleprimes.com\\\/users\\\/iwellguard\",\"https:\\\/\\\/businesslistingplus.com\\\/profile\\\/iwell-guard\\\/\",\"https:\\\/\\\/telegra.ph\\\/iWell-Guard-06-06\",\"https:\\\/\\\/pbase.com\\\/iwellguard\\\/iwellguard\",\"https:\\\/\\\/b.hatena.ne.jp\\\/iwellguard\\\/20260607#bookmark-4788405196491818882\",\"https:\\\/\\\/fliphtml5.com\\\/home\\\/iwellguard\",\"https:\\\/\\\/anyflip.com\\\/homepage\\\/cmiwl#About\",\"https:\\\/\\\/transfur.com\\\/Users\\\/iwellguard\",\"http:\\\/\\\/delphi.larsbo.org\\\/user\\\/iwellguard\",\"https:\\\/\\\/jobs.lajobsportal.org\\\/profiles\\\/8380803-iwell-guard\",\"https:\\\/\\\/md.chaosdorf.de\\\/s\\\/jfbe5SBdJD\",\"https:\\\/\\\/www.lingvolive.com\\\/en-us\\\/profile\\\/9ecaeaca-ce11-4e51-9e71-01d55e2bff36\\\/translations\",\"https:\\\/\\\/www.fitday.com\\\/fitness\\\/forums\\\/members\\\/iwellguard.html\",\"https:\\\/\\\/www.mymeetbook.com\\\/iwellguard\",\"https:\\\/\\\/pxhere.com\\\/en\\\/photographer-me\\\/5040798\",\"https:\\\/\\\/disqus.com\\\/by\\\/iwellguard\\\/about\\\/\",\"https:\\\/\\\/pastelink.net\\\/hjwciqwq\",\"https:\\\/\\\/pubhtml5.com\\\/homepage\\\/scjhn\\\/\",\"https:\\\/\\\/www.bitchute.com\\\/channel\\\/2O2eOKzNqujT\",\"https:\\\/\\\/audiomack.com\\\/iwellguard\"]},{\"@type\":\"Article\",\"@id\":\"https:\\\/\\\/iwell-guard.com\\\/sk\\\/wila-prirodny-duch-juhoslovanskej-tradicie\\\/#article\",\"isPartOf\":{\"@id\":\"https:\\\/\\\/iwell-guard.com\\\/sk\\\/wila-prirodny-duch-juhoslovanskej-tradicie\\\/\"},\"author\":{\"name\":\"Ralf Ittermann\",\"@id\":\"https:\\\/\\\/iwell-guard.com\\\/sk\\\/#\\\/schema\\\/person\\\/ee2a27f1cac3406c7c6fb5820cb7349f\"},\"headline\":\"Wila \u2013 pr\u00edrodn\u00fd duch juhoslovanskej trad\u00edcie\",\"datePublished\":\"2026-09-04T22:20:39+00:00\",\"dateModified\":\"2026-09-04T22:48:28+00:00\",\"mainEntityOfPage\":{\"@id\":\"https:\\\/\\\/iwell-guard.com\\\/sk\\\/wila-prirodny-duch-juhoslovanskej-tradicie\\\/\"},\"publisher\":{\"@id\":\"https:\\\/\\\/iwell-guard.com\\\/sk\\\/#organization\"},\"image\":{\"@id\":\"https:\\\/\\\/iwell-guard.com\\\/sk\\\/wila-prirodny-duch-juhoslovanskej-tradicie\\\/#primaryimage\"},\"thumbnailUrl\":\"https:\\\/\\\/iwell-guard.com\\\/wp-content\\\/uploads\\\/2026\\\/05\\\/geister_slawisch_wila.webp\",\"inLanguage\":\"sk-SK\",\"description\":\"Wila (Vila, Samodiva) je \u017eensk\u00fd pr\u00edrodn\u00fd duch juhoslovansk\u00e9ho folkl\u00f3ru: kr\u00e1sna, prorock\u00e1 a nebezpe\u010dn\u00e1. Religionistick\u00e9 zaradenie.\"}]}<\/script>\n<!-- \/ Yoast SEO Premium plugin. -->","yoast_head_json":{"title":"Wila - \u017densk\u00fd pr\u00edrodn\u00fd duch h\u00f4r, lesov a prame\u0148ov","description":"Wila (Vila, Samodiva) je \u017eensk\u00fd pr\u00edrodn\u00fd duch juhoslovansk\u00e9ho folkl\u00f3ru: kr\u00e1sna, prorock\u00e1 a nebezpe\u010dn\u00e1. Religionistick\u00e9 zaradenie.","robots":{"index":"index","follow":"follow","max-snippet":"max-snippet:-1","max-image-preview":"max-image-preview:large","max-video-preview":"max-video-preview:-1"},"canonical":"https:\/\/iwell-guard.com\/sk\/wila-prirodny-duch-juhoslovanskej-tradicie\/","og_locale":"sk_SK","og_type":"article","og_title":"Wila \u2013 pr\u00edrodn\u00fd duch juhoslovanskej trad\u00edcie","og_description":"Wila (Vila, Samodiva) je \u017eensk\u00fd pr\u00edrodn\u00fd duch juhoslovansk\u00e9ho folkl\u00f3ru: kr\u00e1sna, prorock\u00e1 a nebezpe\u010dn\u00e1. Religionistick\u00e9 zaradenie.","og_url":"https:\/\/iwell-guard.com\/sk\/wila-prirodny-duch-juhoslovanskej-tradicie\/","og_site_name":"iWell Guard","article_modified_time":"2026-09-04T22:48:28+00:00","og_image":[{"width":1024,"height":1536,"url":"https:\/\/iwell-guard.com\/wp-content\/uploads\/2026\/05\/geister_slawisch_wila.webp","type":"image\/webp"}],"twitter_card":"summary_large_image","schema":{"@context":"https:\/\/schema.org","@graph":[{"@type":"Article","@id":"https:\/\/iwell-guard.com\/sk\/wila-prirodny-duch-juhoslovanskej-tradicie\/#article","isPartOf":{"@id":"https:\/\/iwell-guard.com\/sk\/wila-prirodny-duch-juhoslovanskej-tradicie\/"},"author":{"name":"Ralf Ittermann","@id":"https:\/\/iwell-guard.com\/sk\/#\/schema\/person\/ee2a27f1cac3406c7c6fb5820cb7349f"},"headline":"Wila \u2013 pr\u00edrodn\u00fd duch juhoslovanskej trad\u00edcie","datePublished":"2026-09-04T22:20:39+00:00","dateModified":"2026-09-04T22:48:28+00:00","mainEntityOfPage":{"@id":"https:\/\/iwell-guard.com\/sk\/wila-prirodny-duch-juhoslovanskej-tradicie\/"},"publisher":{"@id":"https:\/\/iwell-guard.com\/sk\/#organization"},"image":{"@id":"https:\/\/iwell-guard.com\/sk\/wila-prirodny-duch-juhoslovanskej-tradicie\/#primaryimage"},"thumbnailUrl":"https:\/\/iwell-guard.com\/wp-content\/uploads\/2026\/05\/geister_slawisch_wila.webp","inLanguage":"sk-SK","description":"Wila (Vila, Samodiva) je \u017eensk\u00fd pr\u00edrodn\u00fd duch juhoslovansk\u00e9ho folkl\u00f3ru: kr\u00e1sna, prorock\u00e1 a nebezpe\u010dn\u00e1. Religionistick\u00e9 zaradenie."},{"@type":"WebPage","@id":"https:\/\/iwell-guard.com\/sk\/wila-prirodny-duch-juhoslovanskej-tradicie\/","url":"https:\/\/iwell-guard.com\/sk\/wila-prirodny-duch-juhoslovanskej-tradicie\/","name":"Wila - \u017densk\u00fd pr\u00edrodn\u00fd duch h\u00f4r, lesov a prame\u0148ov","isPartOf":{"@id":"https:\/\/iwell-guard.com\/sk\/#website"},"primaryImageOfPage":{"@id":"https:\/\/iwell-guard.com\/sk\/wila-prirodny-duch-juhoslovanskej-tradicie\/#primaryimage"},"image":{"@id":"https:\/\/iwell-guard.com\/sk\/wila-prirodny-duch-juhoslovanskej-tradicie\/#primaryimage"},"thumbnailUrl":"https:\/\/iwell-guard.com\/wp-content\/uploads\/2026\/05\/geister_slawisch_wila.webp","datePublished":"2026-09-04T22:20:39+00:00","dateModified":"2026-09-04T22:48:28+00:00","description":"Wila (Vila, Samodiva) je \u017eensk\u00fd pr\u00edrodn\u00fd duch juhoslovansk\u00e9ho folkl\u00f3ru: kr\u00e1sna, prorock\u00e1 a nebezpe\u010dn\u00e1. Religionistick\u00e9 zaradenie.","breadcrumb":{"@id":"https:\/\/iwell-guard.com\/sk\/wila-prirodny-duch-juhoslovanskej-tradicie\/#breadcrumb"},"inLanguage":"sk-SK","potentialAction":[{"@type":"ReadAction","target":["https:\/\/iwell-guard.com\/sk\/wila-prirodny-duch-juhoslovanskej-tradicie\/"]}]},{"@type":"ImageObject","inLanguage":"sk-SK","@id":"https:\/\/iwell-guard.com\/sk\/wila-prirodny-duch-juhoslovanskej-tradicie\/#primaryimage","url":"https:\/\/iwell-guard.com\/wp-content\/uploads\/2026\/05\/geister_slawisch_wila.webp","contentUrl":"https:\/\/iwell-guard.com\/wp-content\/uploads\/2026\/05\/geister_slawisch_wila.webp","width":1024,"height":1536,"caption":"Duchovia z trad\u00edcie Slovansk\u00e1."},{"@type":"BreadcrumbList","@id":"https:\/\/iwell-guard.com\/sk\/wila-prirodny-duch-juhoslovanskej-tradicie\/#breadcrumb","itemListElement":[{"@type":"ListItem","position":1,"name":"Start","item":"https:\/\/iwell-guard.com\/sk\/?page_id=157572"},{"@type":"ListItem","position":2,"name":"Wila \u2013 pr\u00edrodn\u00fd duch juhoslovanskej trad\u00edcie"}]},{"@type":"WebSite","@id":"https:\/\/iwell-guard.com\/sk\/#website","url":"https:\/\/iwell-guard.com\/sk\/","name":"iWell Guard","description":"Schutz vor dunklen Einfl\u00fcssen","publisher":{"@id":"https:\/\/iwell-guard.com\/sk\/#organization"},"potentialAction":[{"@type":"SearchAction","target":{"@type":"EntryPoint","urlTemplate":"https:\/\/iwell-guard.com\/sk\/?s={search_term_string}"},"query-input":{"@type":"PropertyValueSpecification","valueRequired":true,"valueName":"search_term_string"}}],"inLanguage":"sk-SK"},{"@type":"Organization","@id":"https:\/\/iwell-guard.com\/sk\/#organization","name":"Ittermann electronic GmbH","url":"https:\/\/iwell-guard.com\/sk\/","logo":{"@type":"ImageObject","inLanguage":"sk-SK","@id":"https:\/\/iwell-guard.com\/sk\/#\/schema\/logo\/image\/","url":"https:\/\/iwell-guard.com\/wp-content\/uploads\/2026\/05\/Ittermann-Logo-1182x237-1.png","contentUrl":"https:\/\/iwell-guard.com\/wp-content\/uploads\/2026\/05\/Ittermann-Logo-1182x237-1.png","width":1182,"height":237,"caption":"Ittermann electronic GmbH"},"image":{"@id":"https:\/\/iwell-guard.com\/sk\/#\/schema\/logo\/image\/"},"sameAs":["https:\/\/pantip.com\/profile\/9367242","https:\/\/micro.blog\/iwellguard","https:\/\/www.diggerslist.com\/iwellguard\/about","https:\/\/skitterphoto.com\/photographers\/2870314\/iwell-guard","https:\/\/iwellguard.wordpress.com\/2026\/06\/06\/iwell-guard\/","https:\/\/hub.docker.com\/u\/iwellguard","https:\/\/www.pinterest.com\/iwellguard\/","https:\/\/bit.ly\/m\/iwellguard","https:\/\/entre-vos-mains.alsace.eu\/profiles\/iwellguard\/activity","https:\/\/gravatar.com\/reallybeded8fd34","https:\/\/naijamatta.com\/iwellguard","https:\/\/www.goodreads.com\/iwellguard","https:\/\/profile.hatena.ne.jp\/iwellguard\/","https:\/\/experiment.com\/users\/iwellguard","https:\/\/wakelet.com\/@iWellGuard82270","https:\/\/www.chordie.com\/forum\/profile.php?id=2555664","https:\/\/www.instapaper.com\/p\/17757966","https:\/\/www.mapleprimes.com\/users\/iwellguard","https:\/\/businesslistingplus.com\/profile\/iwell-guard\/","https:\/\/telegra.ph\/iWell-Guard-06-06","https:\/\/pbase.com\/iwellguard\/iwellguard","https:\/\/b.hatena.ne.jp\/iwellguard\/20260607#bookmark-4788405196491818882","https:\/\/fliphtml5.com\/home\/iwellguard","https:\/\/anyflip.com\/homepage\/cmiwl#About","https:\/\/transfur.com\/Users\/iwellguard","http:\/\/delphi.larsbo.org\/user\/iwellguard","https:\/\/jobs.lajobsportal.org\/profiles\/8380803-iwell-guard","https:\/\/md.chaosdorf.de\/s\/jfbe5SBdJD","https:\/\/www.lingvolive.com\/en-us\/profile\/9ecaeaca-ce11-4e51-9e71-01d55e2bff36\/translations","https:\/\/www.fitday.com\/fitness\/forums\/members\/iwellguard.html","https:\/\/www.mymeetbook.com\/iwellguard","https:\/\/pxhere.com\/en\/photographer-me\/5040798","https:\/\/disqus.com\/by\/iwellguard\/about\/","https:\/\/pastelink.net\/hjwciqwq","https:\/\/pubhtml5.com\/homepage\/scjhn\/","https:\/\/www.bitchute.com\/channel\/2O2eOKzNqujT","https:\/\/audiomack.com\/iwellguard"]},{"@type":"Person","@id":"https:\/\/iwell-guard.com\/sk\/#\/schema\/person\/ee2a27f1cac3406c7c6fb5820cb7349f","name":"Ralf Ittermann","image":{"@type":"ImageObject","inLanguage":"sk-SK","@id":"https:\/\/secure.gravatar.com\/avatar\/073c0153e350a5005b68eb752b445fea71f6b24a26da9449ad7e155e6b446c9d?s=96&d=mm&r=g","url":"https:\/\/secure.gravatar.com\/avatar\/073c0153e350a5005b68eb752b445fea71f6b24a26da9449ad7e155e6b446c9d?s=96&d=mm&r=g","contentUrl":"https:\/\/secure.gravatar.com\/avatar\/073c0153e350a5005b68eb752b445fea71f6b24a26da9449ad7e155e6b446c9d?s=96&d=mm&r=g","caption":"Ralf Ittermann"},"givenName":"Ralf","familyName":"Ittermann","jobTitle":"Gesch\u00e4ftsf\u00fchrer und redaktioneller Verantwortlicher","url":"https:\/\/iwell-guard.com\/sk\/author\/claude\/","description":"Ralf Ittermann ist Gesch\u00e4ftsf\u00fchrer der Ittermann electronic GmbH und redaktioneller Verantwortlicher des iWell-Guard-Lexikons. Er verbindet langj\u00e4hrige Erfahrung in der Pr\u00e4zisionsfertigung mit medialer Praxis und religionsgeschichtlicher Quellenarbeit.","worksFor":{"@type":"Organization","name":"Ittermann electronic GmbH","url":"https:\/\/ittermann.de\/","address":{"@type":"PostalAddress","streetAddress":"K\u00f6hlergasse 16-18","postalCode":"99842","addressLocality":"Ruhla","addressCountry":"DE"}},"knowsAbout":["Religionsgeschichte","Mythologie","Mediale Praxis","Energetische Diagnostik","Schutzpraxis","Volksglauben","Westliche Esoterik"]},{"@type":"Article","@id":"https:\/\/iwell-guard.com\/sk\/wila-prirodny-duch-juhoslovanskej-tradicie\/#article","isPartOf":{"@id":"https:\/\/iwell-guard.com\/sk\/wila-prirodny-duch-juhoslovanskej-tradicie\/"},"author":{"name":"Ralf Ittermann","@id":"https:\/\/iwell-guard.com\/sk\/#\/schema\/person\/ee2a27f1cac3406c7c6fb5820cb7349f"},"headline":"Wila \u2013 pr\u00edrodn\u00fd duch juhoslovanskej trad\u00edcie","datePublished":"2026-09-04T22:20:39+00:00","dateModified":"2026-09-04T22:48:28+00:00","mainEntityOfPage":{"@id":"https:\/\/iwell-guard.com\/sk\/wila-prirodny-duch-juhoslovanskej-tradicie\/"},"publisher":{"@id":"https:\/\/iwell-guard.com\/sk\/#organization"},"image":{"@id":"https:\/\/iwell-guard.com\/sk\/wila-prirodny-duch-juhoslovanskej-tradicie\/#primaryimage"},"thumbnailUrl":"https:\/\/iwell-guard.com\/wp-content\/uploads\/2026\/05\/geister_slawisch_wila.webp","inLanguage":"sk-SK","description":"Wila (Vila, Samodiva) je \u017eensk\u00fd pr\u00edrodn\u00fd duch juhoslovansk\u00e9ho folkl\u00f3ru: kr\u00e1sna, prorock\u00e1 a nebezpe\u010dn\u00e1. Religionistick\u00e9 zaradenie."}]}},"_links":{"self":[{"href":"https:\/\/iwell-guard.com\/sk\/wp-json\/wp\/v2\/pages\/158013","targetHints":{"allow":["GET"]}}],"collection":[{"href":"https:\/\/iwell-guard.com\/sk\/wp-json\/wp\/v2\/pages"}],"about":[{"href":"https:\/\/iwell-guard.com\/sk\/wp-json\/wp\/v2\/types\/page"}],"author":[{"embeddable":true,"href":"https:\/\/iwell-guard.com\/sk\/wp-json\/wp\/v2\/users\/3"}],"replies":[{"embeddable":true,"href":"https:\/\/iwell-guard.com\/sk\/wp-json\/wp\/v2\/comments?post=158013"}],"version-history":[{"count":0,"href":"https:\/\/iwell-guard.com\/sk\/wp-json\/wp\/v2\/pages\/158013\/revisions"}],"wp:featuredmedia":[{"embeddable":true,"href":"https:\/\/iwell-guard.com\/sk\/wp-json\/wp\/v2\/media\/3392"}],"wp:attachment":[{"href":"https:\/\/iwell-guard.com\/sk\/wp-json\/wp\/v2\/media?parent=158013"}],"wp:term":[{"taxonomy":"category","embeddable":true,"href":"https:\/\/iwell-guard.com\/sk\/wp-json\/wp\/v2\/categories?post=158013"}],"curies":[{"name":"wp","href":"https:\/\/api.w.org\/{rel}","templated":true}]}}