{"id":158005,"date":"2026-09-04T22:20:34","date_gmt":"2026-09-04T22:20:34","guid":{"rendered":"https:\/\/iwell-guard.com\/?page_id=158005"},"modified":"2026-09-04T22:48:19","modified_gmt":"2026-09-04T22:48:19","slug":"sara-akka-bohyna-porodu-samov","status":"publish","type":"page","link":"https:\/\/iwell-guard.com\/sk\/sara-akka-bohyna-porodu-samov\/","title":{"rendered":"Sara-Akka &#8211; bohy\u0148a p\u00f4rodu S\u00e1mov"},"content":{"rendered":"\t\t<div data-elementor-type=\"wp-page\" data-elementor-id=\"158005\" class=\"elementor elementor-158005 elementor-2668 elementor-bc-flex-widget\" data-elementor-post-type=\"page\">\n\t\t\t\t<div class=\"elementor-element elementor-element-iwgw-saraakka-hero e-flex e-con-boxed e-con e-parent\" data-id=\"iwgw-saraakka-hero\" data-element_type=\"container\" data-e-type=\"container\" data-settings=\"{&quot;background_background&quot;:&quot;classic&quot;}\">\n\t\t\t\t\t<div class=\"e-con-inner\">\n\t\t<div class=\"elementor-element elementor-element-iwgw-saraakka-hl e-flex e-con-boxed e-con e-child\" data-id=\"iwgw-saraakka-hl\" data-element_type=\"container\" data-e-type=\"container\">\n\t\t\t\t\t<div class=\"e-con-inner\">\n\t\t<div class=\"elementor-element elementor-element-iwgw-saraakka-htxt e-con-full e-flex e-con e-child\" data-id=\"iwgw-saraakka-htxt\" data-element_type=\"container\" data-e-type=\"container\">\n\t\t\t\t<div class=\"elementor-element elementor-element-iwgw-saraakka-h1 elementor-widget elementor-widget-heading\" data-id=\"iwgw-saraakka-h1\" data-element_type=\"widget\" data-e-type=\"widget\" data-widget_type=\"heading.default\">\n\t\t\t\t\t<h1 class=\"elementor-heading-title elementor-size-default\">Sara-Akka - bohy\u0148a a str\u00e1\u017eky\u0148a tehotenstva v samskom n\u00e1bo\u017eenstve<\/h1>\t\t\t\t<\/div>\n\t\t\t\t<div class=\"elementor-element elementor-element-iwgw-saraakka-lead elementor-widget elementor-widget-text-editor\" data-id=\"iwgw-saraakka-lead\" data-element_type=\"widget\" data-e-type=\"widget\" data-widget_type=\"text-editor.default\">\n\t\t\t\t\t\t\t\t\t<p>Sara-Akka, p\u00edsan\u00e1 aj Sarakka, je bohy\u0148a p\u00f4rodu samsk\u00e9ho n\u00e1bo\u017eenstva. Patr\u00ed do trojice boh\u00fd\u0148 Akka spolu s <a href=\"https:\/\/iwell-guard.com\/sk\/?page_id=158008\">Madderakkou<\/a>, <a href=\"https:\/\/iwell-guard.com\/sk\/?page_id=158007\">Juksakkou<\/a> a <a href=\"https:\/\/iwell-guard.com\/sk\/?page_id=158006\">Uksakkou<\/a> a je jednou z najlep\u0161ie dokumentovan\u00fdch \u017eensk\u00fdch boh\u00fd\u0148 predkres\u0165anskej samskej trad\u00edcie.<\/p>\t\t\t\t\t\t\t\t<\/div>\n\t\t\t\t<\/div>\n\t\t<div class=\"elementor-element elementor-element-iwgw-saraakka-pillc e-con-full e-flex e-con e-child\" data-id=\"iwgw-saraakka-pillc\" data-element_type=\"container\" data-e-type=\"container\">\n\t\t\t\t<div class=\"elementor-element elementor-element-iwgw-saraakka-pills elementor-widget elementor-widget-html\" data-id=\"iwgw-saraakka-pills\" data-element_type=\"widget\" data-e-type=\"widget\" data-widget_type=\"html.default\">\n\t\t\t\t\t<div class=\"iwg-pill-row\"><span class=\"iwg-klasse-badge\" tabindex=\"0\" data-tooltip=\"Dom\u00e1ca bohy\u0148a trad\u00edcie S\u00e1mov.\">Dom\u00e1ca bohy\u0148a<\/span><a href=\"https:\/\/iwell-guard.com\/sk\/sami-a-finsko-ugorska-tradicia-noaidi-buben\/\" class=\"iwg-kultur-badge\" tabindex=\"0\" data-tooltip=\"Mytol\u00f3gia trad\u00edcie S\u00e1mov.\">S\u00e1mi<\/a><span class=\"iwg-tradition-badge\" tabindex=\"0\" data-tooltip=\"Str\u00e1\u017eky\u0148a p\u00f4rodu a tehotenstva.\">Str\u00e1\u017eky\u0148a p\u00f4rodu a tehotenstva<\/span><\/div>\t\t\t\t<\/div>\n\t\t\t\t<\/div>\n\t\t<div class=\"elementor-element elementor-element-iwgw-saraakka-tocc e-con-full e-flex e-con e-child\" data-id=\"iwgw-saraakka-tocc\" data-element_type=\"container\" data-e-type=\"container\">\n\t\t\t\t<div class=\"elementor-element elementor-element-iwgw-saraakka-toc elementor-toc--minimized-on-tablet elementor-widget elementor-widget-table-of-contents\" data-id=\"iwgw-saraakka-toc\" data-element_type=\"widget\" data-e-type=\"widget\" data-settings=\"{&quot;headings_by_tags&quot;:[&quot;h2&quot;,&quot;h3&quot;],&quot;minimize_box&quot;:&quot;yes&quot;,&quot;marker_view&quot;:&quot;bullets&quot;,&quot;no_headings_message&quot;:&quot;Na tejto str\\u00e1nke sa nena\\u0161li \\u017eiadne nadpisy.&quot;,&quot;exclude_headings_by_selector&quot;:[],&quot;icon&quot;:{&quot;value&quot;:&quot;fas fa-circle&quot;,&quot;library&quot;:&quot;fa-solid&quot;,&quot;rendered_tag&quot;:&quot;&lt;svg class=\\&quot;e-font-icon-svg e-fas-circle\\&quot; viewBox=\\&quot;0 0 512 512\\&quot; xmlns=\\&quot;http:\\\/\\\/www.w3.org\\\/2000\\\/svg\\&quot;&gt;&lt;path d=\\&quot;M256 8C119 8 8 119 8 256s111 248 248 248 248-111 248-248S393 8 256 8z\\&quot;&gt;&lt;\\\/path&gt;&lt;\\\/svg&gt;&quot;},&quot;minimized_on&quot;:&quot;tablet&quot;,&quot;hierarchical_view&quot;:&quot;yes&quot;,&quot;min_height&quot;:{&quot;unit&quot;:&quot;px&quot;,&quot;size&quot;:&quot;&quot;,&quot;sizes&quot;:[]},&quot;min_height_tablet&quot;:{&quot;unit&quot;:&quot;px&quot;,&quot;size&quot;:&quot;&quot;,&quot;sizes&quot;:[]},&quot;min_height_mobile&quot;:{&quot;unit&quot;:&quot;px&quot;,&quot;size&quot;:&quot;&quot;,&quot;sizes&quot;:[]}}\" data-widget_type=\"table-of-contents.default\">\n\t\t\t\t\t\t\t\t\t<div class=\"elementor-toc__header\">\n\t\t\t\t\t\t<h2 class=\"elementor-toc__header-title\">\n\t\t\t\tObsah\t\t\t<\/h2>\n\t\t\t\t\t\t\t\t\t\t<div class=\"elementor-toc__toggle-button elementor-toc__toggle-button--expand\" role=\"button\" tabindex=\"0\" aria-controls=\"elementor-toc__iwgw-saraakka-toc\" aria-expanded=\"true\" aria-label=\"Open table of contents\"><svg aria-hidden=\"true\" class=\"e-font-icon-svg e-fas-chevron-down\" viewBox=\"0 0 448 512\" xmlns=\"http:\/\/www.w3.org\/2000\/svg\"><path d=\"M207.029 381.476L12.686 187.132c-9.373-9.373-9.373-24.569 0-33.941l22.667-22.667c9.357-9.357 24.522-9.375 33.901-.04L224 284.505l154.745-154.021c9.379-9.335 24.544-9.317 33.901.04l22.667 22.667c9.373 9.373 9.373 24.569 0 33.941L240.971 381.476c-9.373 9.372-24.569 9.372-33.942 0z\"><\/path><\/svg><\/div>\n\t\t\t\t<div class=\"elementor-toc__toggle-button elementor-toc__toggle-button--collapse\" role=\"button\" tabindex=\"0\" aria-controls=\"elementor-toc__iwgw-saraakka-toc\" aria-expanded=\"true\" aria-label=\"Close table of contents\"><svg aria-hidden=\"true\" class=\"e-font-icon-svg e-fas-chevron-up\" viewBox=\"0 0 448 512\" xmlns=\"http:\/\/www.w3.org\/2000\/svg\"><path d=\"M240.971 130.524l194.343 194.343c9.373 9.373 9.373 24.569 0 33.941l-22.667 22.667c-9.357 9.357-24.522 9.375-33.901.04L224 227.495 69.255 381.516c-9.379 9.335-24.544 9.317-33.901-.04l-22.667-22.667c-9.373-9.373-9.373-24.569 0-33.941L207.03 130.525c9.372-9.373 24.568-9.373 33.941-.001z\"><\/path><\/svg><\/div>\n\t\t\t\t\t<\/div>\n\t\t\t\t<div id=\"elementor-toc__iwgw-saraakka-toc\" class=\"elementor-toc__body\">\n\t\t\t<div class=\"elementor-toc__spinner-container\">\n\t\t\t\t<svg class=\"elementor-toc__spinner eicon-animation-spin e-font-icon-svg e-eicon-loading\" aria-hidden=\"true\" viewBox=\"0 0 1000 1000\" xmlns=\"http:\/\/www.w3.org\/2000\/svg\"><path d=\"M500 975V858C696 858 858 696 858 500S696 142 500 142 142 304 142 500H25C25 237 238 25 500 25S975 237 975 500 763 975 500 975Z\"><\/path><\/svg>\t\t\t<\/div>\n\t\t<\/div>\n\t\t\t\t\t\t<\/div>\n\t\t\t\t<\/div>\n\t\t\t\t\t<\/div>\n\t\t\t\t<\/div>\n\t\t<div class=\"elementor-element elementor-element-iwgw-saraakka-hr e-con-full e-flex e-con e-child\" data-id=\"iwgw-saraakka-hr\" data-element_type=\"container\" data-e-type=\"container\">\n\t\t\t\t<div class=\"elementor-element elementor-element-iwgw-saraakka-heroimg iwg-hero-image elementor-widget elementor-widget-image\" data-id=\"iwgw-saraakka-heroimg\" data-element_type=\"widget\" data-e-type=\"widget\" data-widget_type=\"image.default\">\n\t\t\t\t\t\t\t\t\t\t\t\t\t\t\t<img fetchpriority=\"high\" decoding=\"async\" width=\"683\" height=\"1024\" src=\"https:\/\/iwell-guard.com\/wp-content\/uploads\/2026\/05\/goetter_sami_sara-akka-683x1024.webp\" class=\"attachment-large size-large wp-image-159756\" alt=\"Sara Akka - bohovia zo saamskej trad\u00edcie, historicko-ilustra\u010dn\u00e9\" srcset=\"https:\/\/iwell-guard.com\/wp-content\/uploads\/2026\/05\/goetter_sami_sara-akka-683x1024.webp 683w, https:\/\/iwell-guard.com\/wp-content\/uploads\/2026\/05\/goetter_sami_sara-akka-200x300.webp 200w, https:\/\/iwell-guard.com\/wp-content\/uploads\/2026\/05\/goetter_sami_sara-akka-768x1152.webp 768w, https:\/\/iwell-guard.com\/wp-content\/uploads\/2026\/05\/goetter_sami_sara-akka.webp 1024w\" sizes=\"(max-width: 683px) 100vw, 683px\" \/>\t\t\t\t\t\t\t\t\t\t\t\t\t\t\t<\/div>\n\t\t\t\t<\/div>\n\t\t\t\t\t<\/div>\n\t\t\t\t<\/div>\n\t\t<div class=\"elementor-element elementor-element-iwgw-saraakka-s0 e-flex e-con-boxed e-con e-parent\" data-id=\"iwgw-saraakka-s0\" data-element_type=\"container\" data-e-type=\"container\">\n\t\t\t\t\t<div class=\"e-con-inner\">\n\t\t\t\t<div class=\"elementor-element elementor-element-iwgw-saraakka-s0h elementor-widget elementor-widget-heading\" data-id=\"iwgw-saraakka-s0h\" data-element_type=\"widget\" data-e-type=\"widget\" data-widget_type=\"heading.default\">\n\t\t\t\t\t<h2 class=\"elementor-heading-title elementor-size-default\">Zaradenie a stru\u010dn\u00fd profil<\/h2>\t\t\t\t<\/div>\n\t\t<div class=\"elementor-element elementor-element-iwgw-saraakka-s0c e-con-full e-flex e-con e-child\" data-id=\"iwgw-saraakka-s0c\" data-element_type=\"container\" data-e-type=\"container\">\n\t\t\t\t<div class=\"elementor-element elementor-element-iwgw-saraakka-s0t elementor-widget elementor-widget-text-editor\" data-id=\"iwgw-saraakka-s0t\" data-element_type=\"widget\" data-e-type=\"widget\" data-widget_type=\"text-editor.default\">\n\t\t\t\t\t\t\t\t\t<p>Sara-Akka je najd\u00f4le\u017eitej\u0161ia z boh\u00fd\u0148 Akka pre samotn\u00fd okamih p\u00f4rodu. Zatia\u013e \u010do <a href=\"https:\/\/iwell-guard.com\/sk\/?page_id=158008\">Madderakka<\/a> ako prap\u00f4vodn\u00e1 matka prij\u00edma du\u0161u, Sara-Akka poskytuje pomoc pri samotnom p\u00f4rode. <a href=\"https:\/\/iwell-guard.com\/sk\/?page_id=158007\">Juksakka<\/a> je zodpovedn\u00e1 za chlapcov, <a href=\"https:\/\/iwell-guard.com\/sk\/?page_id=158006\">Uksakka<\/a> je str\u00e1\u017eky\u0148a prahu. T\u00e1to \u0161tvor\u010dlenn\u00e1 kon\u0161tel\u00e1cia boh\u00fd\u0148 Akka predstavuje z h\u013eadiska fenomenol\u00f3gie n\u00e1bo\u017eenstva vlastn\u00fd \u0161trukt\u00farny model.<\/p><p>Pramene o Sara-Akke s\u00fa bohat\u00e9. Hlavn\u00fdmi prame\u0148mi s\u00fa <em>Lapponia<\/em> Johannesa Schefferusa (1673), <em>Beskrivelse over Finmarkens Lapper<\/em> Knuda Leema (1767), <em>Fragmenter i lappska mythologien<\/em> Larsa Leviho L\u00e6stadiusa (okolo 1840) a \u0161amansk\u00e9 bubonov\u00e9 kresby.<\/p><p>Z religionistick\u00e9ho h\u013eadiska patr\u00ed Sara-Akka do triedy \u0161pecializovan\u00fdch p\u00f4rodn\u00fdch boh\u00fd\u0148, ktor\u00e9 sa vyskytuj\u00fa v mnoh\u00fdch p\u00f4vodn\u00fdch n\u00e1bo\u017eenstv\u00e1ch. Jej osobitnou funkciou je pomoc pri samotnom p\u00f4rode, vr\u00e1tane oddelenia placenty a odovzdania novorodenca jeho pr\u00edbuzn\u00fdm.<\/p><p>Bohy\u0148a p\u00f4rodu Sara-Akka je v nov\u0161om v\u00fdskume sk\u00faman\u00e1 roz\u0161\u00edren\u00fdmi met\u00f3dami, ktor\u00e9 sp\u00e1jaj\u00fa etnografick\u00fa presnos\u0165, jazykov\u00fa kritiku prame\u0148ov a porovn\u00e1vac\u00ed poh\u013ead. Samsk\u00ed v\u00fdskumn\u00edci a v\u00fdskumn\u00ed\u010dky s\u00fa dnes sami s\u00fa\u010das\u0165ou tejto pr\u00e1ce a kriticky presk\u00famavaj\u00fa star\u0161ie z\u00e1padn\u00e9 interpret\u00e1cie, ktor\u00e9 mali \u010diasto\u010dne koloni\u00e1lny charakter.<\/p><p>Ako \u0161pecializovan\u00e1 bohy\u0148a p\u00f4rodu v r\u00e1mci kon\u0161tel\u00e1cie Akka zapad\u00e1 Sara-Akka do cirkumpol\u00e1rnej n\u00e1bo\u017eenskej topografie, ktorej z\u00e1kladn\u00e9 rysy sa opakuj\u00fa na ve\u013ek\u00fdch vzdialenostiach. T\u00e1to \u0161truktur\u00e1lna st\u00e1los\u0165 cez tis\u00edce kilometrov patr\u00ed medzi najv\u00fdraznej\u0161ie zistenia porovn\u00e1vacej <span class=\"iwg-fachbegriff\" data-tooltip=\"Veda, ktor\u00e1 sk\u00fama n\u00e1bo\u017eenstv\u00e1 porovn\u00e1vac\u00edm sp\u00f4sobom a bez v\u00e4zby na vieru.\" tabindex=\"0\">religionistiky<\/span> a doteraz sa o nej \u010falej diskutuje.<\/p>\t\t\t\t\t\t\t\t<\/div>\n\t\t\t\t<\/div>\n\t\t\t\t\t<\/div>\n\t\t\t\t<\/div>\n\t\t<div class=\"elementor-element elementor-element-iwgw-saraakka-s1 e-flex e-con-boxed e-con e-parent\" data-id=\"iwgw-saraakka-s1\" data-element_type=\"container\" data-e-type=\"container\">\n\t\t\t\t\t<div class=\"e-con-inner\">\n\t\t\t\t<div class=\"elementor-element elementor-element-iwgw-saraakka-s1h elementor-widget elementor-widget-heading\" data-id=\"iwgw-saraakka-s1h\" data-element_type=\"widget\" data-e-type=\"widget\" data-widget_type=\"heading.default\">\n\t\t\t\t\t<h2 class=\"elementor-heading-title elementor-size-default\">Meno a etymol\u00f3gia<\/h2>\t\t\t\t<\/div>\n\t\t<div class=\"elementor-element elementor-element-iwgw-saraakka-s1c e-con-full e-flex e-con e-child\" data-id=\"iwgw-saraakka-s1c\" data-element_type=\"container\" data-e-type=\"container\">\n\t\t\t\t<div class=\"elementor-element elementor-element-iwgw-saraakka-s1t elementor-widget elementor-widget-text-editor\" data-id=\"iwgw-saraakka-s1t\" data-element_type=\"widget\" data-e-type=\"widget\" data-widget_type=\"text-editor.default\">\n\t\t\t\t\t\t\t\t\t<p>Meno Sara-Akka je zlo\u017een\u00e9 z <em>Sara<\/em>, ktor\u00e9 mo\u017eno poch\u00e1dza zo starosamsk\u00e9ho kore\u0148a s v\u00fdznamom oddeli\u0165 alebo deli\u0165, a <em>Akka<\/em>, ktor\u00e9 v mnoh\u00fdch ugrof\u00ednskych jazykoch znamen\u00e1 star\u00e1 \u017eena, babi\u010dka, ochrann\u00e1 bohy\u0148a. Kore\u0148 Akka je spolo\u010dne dolo\u017een\u00fd v f\u00ednskom, est\u00f3nskom, ma\u010farskom a samskom jazykovom pou\u017e\u00edvan\u00ed.<\/p><p>Etymol\u00f3gia mena Sara je sporn\u00e1. Jedna hypot\u00e9za ju sp\u00e1ja so staron\u00f3rskym <em>sarpa<\/em>, \u010do znamen\u00e1 vytvori\u0165 alebo rozdeli\u0165, a mohlo by odkazova\u0165 na funkciu pomoci pri p\u00f4rode. In\u00e1 hypot\u00e9za vid\u00ed v mene Sara uralsk\u00fa vrstvu.<\/p><p>Dialektov\u00e9 varianty s\u00fa Saaraahkka v ju\u017enosamskom, Sarakka v umesamskom, S\u00e1rahkk\u00e1 v severosamskom jazykovom pou\u017e\u00edvan\u00ed. T\u00e1to rozmanitos\u0165 je typick\u00e1 z h\u013eadiska fenomenol\u00f3gie n\u00e1bo\u017eenstva a odr\u00e1\u017ea dialektov\u00fa diferenci\u00e1ciu samsk\u00e9ho jazyka.<\/p><p>Z religionistickosociologick\u00e9ho h\u013eadiska treba sa op\u00fdta\u0165, ak\u00fa funkciu mala Sara-Akka v soci\u00e1lnom poriadku tradi\u010dnej samskej komunity. Ke\u010f\u017ee jej \u00faloha pomoci pri p\u00f4rode zasahovala priamo do za\u010diatku \u017eivota, n\u00e1bo\u017eensk\u00e9 tu nebolo oddelen\u00e9 od be\u017enej praxe, ale bolo s \u0148ou \u00fazko prepleten\u00e9.<\/p><p>Toto prepletenie tvor\u00ed vlastn\u00fa oblas\u0165 religionisticko-antropologick\u00e9ho v\u00fdskumu, ktor\u00fa systematicky spracovali predov\u0161etk\u00fdm H\u00e5kan Rydving a Konsta Kaikkonen.<\/p><p>K tomu sa prid\u00e1va dne\u0161n\u00fd v\u00fdznam Sara-Akky pre samsk\u00fa identit\u00e1rnu politiku. So samskou samospr\u00e1vou a medzin\u00e1rodnopr\u00e1vnym uznan\u00edm pr\u00e1v p\u00f4vodn\u00fdch obyvate\u013eov z\u00edskavaj\u00fa tradi\u010dn\u00e9 ochrann\u00e9 bohyne op\u00e4\u0165 v\u00e4\u010d\u0161iu vidite\u013enos\u0165. Ako sa pri tom preplet\u00e1 religionistick\u00fd v\u00fdskum a politick\u00e9 uznanie, tvor\u00ed vlastn\u00fa oblas\u0165, ktorej veda venuje v poslednom \u010dase v\u00fdrazne viac pozornosti.<\/p>\t\t\t\t\t\t\t\t<\/div>\n\t\t\t\t<\/div>\n\t\t\t\t\t<\/div>\n\t\t\t\t<\/div>\n\t\t<div class=\"elementor-element elementor-element-iwgw-saraakka-s2 e-flex e-con-boxed e-con e-parent\" data-id=\"iwgw-saraakka-s2\" data-element_type=\"container\" data-e-type=\"container\">\n\t\t\t\t\t<div class=\"e-con-inner\">\n\t\t\t\t<div class=\"elementor-element elementor-element-iwgw-saraakka-s2h elementor-widget elementor-widget-heading\" data-id=\"iwgw-saraakka-s2h\" data-element_type=\"widget\" data-e-type=\"widget\" data-widget_type=\"heading.default\">\n\t\t\t\t\t<h2 class=\"elementor-heading-title elementor-size-default\">Popis a ikonografia<\/h2>\t\t\t\t<\/div>\n\t\t<div class=\"elementor-element elementor-element-iwgw-saraakka-s2c e-con-full e-flex e-con e-child\" data-id=\"iwgw-saraakka-s2c\" data-element_type=\"container\" data-e-type=\"container\">\n\t\t\t\t<div class=\"elementor-element elementor-element-iwgw-saraakka-s2t elementor-widget elementor-widget-text-editor\" data-id=\"iwgw-saraakka-s2t\" data-element_type=\"widget\" data-e-type=\"widget\" data-widget_type=\"text-editor.default\">\n\t\t\t\t\t\t\t\t\t<p>Sara-Akka je v etnografick\u00fdch prame\u0148och popisovan\u00e1 ako dobrotiv\u00e1, stredne star\u00e1 alebo star\u0161ia \u017eena, pr\u00edtomn\u00e1 v obytnom priestore rodiny, predov\u0161etk\u00fdm pri ohnisku. Nie je bohy\u0148ou vonkaj\u0161ieho svet\u0430 ako <a href=\"https:\/\/iwell-guard.com\/sk\/?page_id=158001\">Beaivi<\/a>, ale dom\u00e1cou bohy\u0148ou a bohy\u0148ou ohniska.<\/p><p>Na \u0161amansk\u00fdch bubnoch je Sara-Akka zvy\u010dajne zobrazen\u00e1 na strednej \u00farovni sveta \u017eivota, \u010dasto ako \u017eena so zdvihnut\u00fdmi rukami alebo s die\u0165a\u0165om v ruke. \u0160t\u00fadie bubnov Ernsta Mankera systematicky zdokumentovali jej ikonografick\u00fa poz\u00edciu.<\/p><p>Symbolicky je Sara-Akka spojen\u00e1 s ohniskom, s kotl\u00edkom, so polievkou a s chlebom. Toto prepojenie <span class=\"iwg-fachbegriff\" data-tooltip=\"S\u00fahrn n\u00e1bo\u017eensk\u00fdch \u00factov\u00fdch \u00fakonov k bo\u017estvu alebo sv\u00e4tej postave.\" tabindex=\"0\">kultu<\/span> a be\u017en\u00e9ho \u017eivota je typick\u00e9 z h\u013eadiska fenomenol\u00f3gie n\u00e1bo\u017eenstva pre p\u00f4vodn\u00e9 dom\u00e1ce bohyne.<\/p>\t\t\t\t\t\t\t\t<\/div>\n\t\t\t\t<\/div>\n\t\t\t\t\t<\/div>\n\t\t\t\t<\/div>\n\t\t<div class=\"elementor-element elementor-element-iwgw-saraakka-s3 e-flex e-con-boxed e-con e-parent\" data-id=\"iwgw-saraakka-s3\" data-element_type=\"container\" data-e-type=\"container\">\n\t\t\t\t\t<div class=\"e-con-inner\">\n\t\t\t\t<div class=\"elementor-element elementor-element-iwgw-saraakka-s3h elementor-widget elementor-widget-heading\" data-id=\"iwgw-saraakka-s3h\" data-element_type=\"widget\" data-e-type=\"widget\" data-widget_type=\"heading.default\">\n\t\t\t\t\t<h2 class=\"elementor-heading-title elementor-size-default\">Kult pri p\u00f4rode<\/h2>\t\t\t\t<\/div>\n\t\t<div class=\"elementor-element elementor-element-iwgw-saraakka-s3c e-con-full e-flex e-con e-child\" data-id=\"iwgw-saraakka-s3c\" data-element_type=\"container\" data-e-type=\"container\">\n\t\t\t\t<div class=\"elementor-element elementor-element-iwgw-saraakka-s3t elementor-widget elementor-widget-text-editor\" data-id=\"iwgw-saraakka-s3t\" data-element_type=\"widget\" data-e-type=\"widget\" data-widget_type=\"text-editor.default\">\n\t\t\t\t\t\t\t\t\t<p>Pri ka\u017edom p\u00f4rode bola Sara-Akka <span class=\"iwg-fachbegriff\" data-tooltip=\"Patriaci k stanoven\u00e9mu n\u00e1bo\u017eensk\u00e9mu postupu \u00fakonov.\" tabindex=\"0\">ritu\u00e1lne<\/span> vz\u00fdvan\u00e1. P\u00f4rodn\u00e1 babica alebo star\u0161ia pr\u00edbuzn\u00e1 \u017eena hovorila ur\u010dit\u00e9 slov\u00e1, ktor\u00e9 vz\u00fdvali pomoc Sara-Akky. Po p\u00f4rode sa Sara-Akke prin\u00e1\u0161al mal\u00fd <span class=\"iwg-fachbegriff\" data-tooltip=\"Dar bo\u017estvu na vyjadrenie v\u010faky, prosby alebo \u00facty.\" tabindex=\"0\">obetn\u00fd dar<\/span>, \u010dasto jedlo alebo k\u00fasok l\u00e1tky.<\/p><p>Konkr\u00e9tne praktiky s\u00fa zdokumentovan\u00e9 v spr\u00e1vach Knuda Leema a Schefferusa. Sara-Akka bola obzvl\u00e1\u0161\u0165 citliv\u00e1 na poru\u0161enie tabu po\u010das p\u00f4rodu. Kto hovoril nespr\u00e1vne, konal nespr\u00e1vne alebo neodriekal ritu\u00e1lne slov\u00e1, riskoval \u0165a\u017ekosti pri p\u00f4rode alebo slabos\u0165 novorodenca.<\/p><p>Z religionistick\u00e9ho h\u013eadiska je t\u00e1to p\u00f4rodn\u00e1 prax paradigmatick\u00fdm pr\u00edpadom n\u00e1bo\u017eenskosti bl\u00edzkej be\u017en\u00e9mu \u017eivotu, ktor\u00e1 nebola obmedzen\u00e1 na ritu\u00e1lne ostrovy, ale prenikala cel\u00fdm \u017eivotn\u00fdm cyklom. V\u00fdznam Sara-Akky spo\u010d\u00edval presne v tejto bl\u00edzkosti k be\u017en\u00e9mu \u017eivotu, \u010do je z h\u013eadiska fenomenol\u00f3gie n\u00e1bo\u017eenstva vlastn\u00fd jav.<\/p>\t\t\t\t\t\t\t\t<\/div>\n\t\t\t\t<\/div>\n\t\t\t\t\t<\/div>\n\t\t\t\t<\/div>\n\t\t<div class=\"elementor-element elementor-element-iwgw-saraakka-s4 e-flex e-con-boxed e-con e-parent\" data-id=\"iwgw-saraakka-s4\" data-element_type=\"container\" data-e-type=\"container\">\n\t\t\t\t\t<div class=\"e-con-inner\">\n\t\t\t\t<div class=\"elementor-element elementor-element-iwgw-saraakka-s4h elementor-widget elementor-widget-heading\" data-id=\"iwgw-saraakka-s4h\" data-element_type=\"widget\" data-e-type=\"widget\" data-widget_type=\"heading.default\">\n\t\t\t\t\t<h2 class=\"elementor-heading-title elementor-size-default\">Sara-Akka a n\u00e1poj Sara-Akka<\/h2>\t\t\t\t<\/div>\n\t\t<div class=\"elementor-element elementor-element-iwgw-saraakka-s4c e-con-full e-flex e-con e-child\" data-id=\"iwgw-saraakka-s4c\" data-element_type=\"container\" data-e-type=\"container\">\n\t\t\t\t<div class=\"elementor-element elementor-element-iwgw-saraakka-s4t elementor-widget elementor-widget-text-editor\" data-id=\"iwgw-saraakka-s4t\" data-element_type=\"widget\" data-e-type=\"widget\" data-widget_type=\"text-editor.default\">\n\t\t\t\t\t\t\t\t\t<p>Osobitou ritu\u00e1lnou praxou bol Sara-Akkin n\u00e1poj, p\u00e1lenka alebo in\u00fd alkoholick\u00fd dar, ktor\u00fd sa pil po p\u00f4rode na \u010des\u0165 bohyne. T\u00e1to praktika je nez\u00e1visle dolo\u017een\u00e1 vo viacer\u00fdch prame\u0148och a je z h\u013eadiska fenomenol\u00f3gie n\u00e1bo\u017eenstva zauj\u00edmav\u00e1.<\/p><p>N\u00e1poj si delili p\u00f4rodn\u00e1 babica a pr\u00edtomn\u00e9 \u017eeny. Mu\u017ei boli z tejto praktiky vyl\u00fa\u010den\u00ed, \u010do zd\u00f4raz\u0148uje genderovo \u0161pecifick\u00fa \u0161trukt\u00faru p\u00f4rodn\u00e9ho n\u00e1bo\u017eenstva. Rozdelenie pohlav\u00ed v n\u00e1bo\u017eensk\u00fdch praktik\u00e1ch bolo v predkres\u0165anskej s\u00e1mskej trad\u00edcii v\u00fdrazn\u00e9.<\/p><p>Z vedeck\u00e9ho h\u013eadiska je Sara-Akkin n\u00e1poj pr\u00edkladom ritualizovan\u00e9ho upev\u0148ovania \u017eenskej n\u00e1bo\u017eenskej sf\u00e9ry. Misia \u00fato\u010dila na podobn\u00e9 praktiky obzvl\u00e1\u0161\u0165 agres\u00edvne, preto\u017ee odporovali luter\u00e1nskemu poriadku pohlav\u00ed.<\/p>\t\t\t\t\t\t\t\t<\/div>\n\t\t\t\t<\/div>\n\t\t\t\t\t<\/div>\n\t\t\t\t<\/div>\n\t\t<div class=\"elementor-element elementor-element-iwgw-saraakka-s5 e-flex e-con-boxed e-con e-parent\" data-id=\"iwgw-saraakka-s5\" data-element_type=\"container\" data-e-type=\"container\">\n\t\t\t\t\t<div class=\"e-con-inner\">\n\t\t\t\t<div class=\"elementor-element elementor-element-iwgw-saraakka-s5h elementor-widget elementor-widget-heading\" data-id=\"iwgw-saraakka-s5h\" data-element_type=\"widget\" data-e-type=\"widget\" data-widget_type=\"heading.default\">\n\t\t\t\t\t<h2 class=\"elementor-heading-title elementor-size-default\">Tabu okolo tehotenstva a p\u00f4rodu<\/h2>\t\t\t\t<\/div>\n\t\t<div class=\"elementor-element elementor-element-iwgw-saraakka-s5c e-con-full e-flex e-con e-child\" data-id=\"iwgw-saraakka-s5c\" data-element_type=\"container\" data-e-type=\"container\">\n\t\t\t\t<div class=\"elementor-element elementor-element-iwgw-saraakka-s5t elementor-widget elementor-widget-text-editor\" data-id=\"iwgw-saraakka-s5t\" data-element_type=\"widget\" data-e-type=\"widget\" data-widget_type=\"text-editor.default\">\n\t\t\t\t\t\t\t\t\t<p>Sara-Akka bola adres\u00e1tkou mnoh\u00fdch tabu, ktor\u00e9 upravovali tehotenstvo, p\u00f4rod a prv\u00e9 mesiace \u017eivota die\u0165a\u0165a. Rodiaca \u017eena nesmela jes\u0165 ur\u010dit\u00e9 jedl\u00e1, vyslovova\u0165 ur\u010dit\u00e9 slov\u00e1 a musela sa na nieko\u013eko dn\u00ed izolova\u0165.<\/p><p>T\u00e1to \u0161trukt\u00fara tabu je podrobne dokumentovan\u00e1 v religionistickej etnol\u00f3gii. Konkr\u00e9tne z\u00e1kazy zah\u0155\u0148ali jedenie medvedieho m\u00e4sa po\u010das tehotenstva, hlasn\u00fd spev po\u010das p\u00f4rodu a vyslovovanie niektor\u00fdch mien bohov v p\u00f4rodnej izbe.<\/p><p>Z vedeck\u00e9ho h\u013eadiska je t\u00e1to \u0161trukt\u00fara tabu samostatnou ritu\u00e1lnou konfigur\u00e1ciou, ktor\u00e1 n\u00e1bo\u017eensky \u0161trukt\u00farovala \u017eensk\u00fd \u017eivot. Je porovnate\u013en\u00e1 so \u0161trukt\u00farami tabu in\u00fdch p\u00f4vodn\u00fdch p\u00f4rodn\u00fdch boh\u00fd\u0148, napr\u00edklad <a href=\"https:\/\/iwell-guard.com\/sk\/inuiti-a-arktida-sedna-tornit-ochranna-prax\/\">inuitskej<\/a> ochrankyne p\u00f4rodu <a href=\"https:\/\/iwell-guard.com\/sk\/?page_id=157996\">Pingy<\/a>.<\/p>\t\t\t\t\t\t\t\t<\/div>\n\t\t\t\t<\/div>\n\t\t\t\t\t<\/div>\n\t\t\t\t<\/div>\n\t\t<div class=\"elementor-element elementor-element-iwgw-saraakka-s6 e-flex e-con-boxed e-con e-parent\" data-id=\"iwgw-saraakka-s6\" data-element_type=\"container\" data-e-type=\"container\">\n\t\t\t\t\t<div class=\"e-con-inner\">\n\t\t\t\t<div class=\"elementor-element elementor-element-iwgw-saraakka-s6h elementor-widget elementor-widget-heading\" data-id=\"iwgw-saraakka-s6h\" data-element_type=\"widget\" data-e-type=\"widget\" data-widget_type=\"heading.default\">\n\t\t\t\t\t<h2 class=\"elementor-heading-title elementor-size-default\">Sara-Akka v syst\u00e9me Akka<\/h2>\t\t\t\t<\/div>\n\t\t<div class=\"elementor-element elementor-element-iwgw-saraakka-s6c e-con-full e-flex e-con e-child\" data-id=\"iwgw-saraakka-s6c\" data-element_type=\"container\" data-e-type=\"container\">\n\t\t\t\t<div class=\"elementor-element elementor-element-iwgw-saraakka-s6t elementor-widget elementor-widget-text-editor\" data-id=\"iwgw-saraakka-s6t\" data-element_type=\"widget\" data-e-type=\"widget\" data-widget_type=\"text-editor.default\">\n\t\t\t\t\t\t\t\t\t<p>\u0160tvor\u010dlenn\u00e1 kon\u0161tel\u00e1cia Akiek \u2013 Madderakka, Sara-Akka, Juksakka, Uksakka \u2013 je z vedeck\u00e9ho h\u013eadiska samostatn\u00fdm \u0161truktur\u00e1lnym vzorom. Madderakka prij\u00edma du\u0161u, Sara-Akka pom\u00e1ha pri p\u00f4rode, Juksakka sa star\u00e1 o chlapcov, Uksakka str\u00e1\u017ei prah.<\/p><p>T\u00e1to funk\u010dn\u00e1 diferenci\u00e1cia je z h\u013eadiska fenomenol\u00f3gie n\u00e1bo\u017eenstva rozvinut\u00e1. Odli\u0161uje s\u00e1msku trad\u00edciu od mnoh\u00fdch in\u00fdch p\u00f4vodn\u00fdch trad\u00edci\u00ed, v ktor\u00fdch p\u00f4rodn\u00e1 pomoc nie je tak zrete\u013ene roz\u010dlenen\u00e1 do \u0161pecializ\u00e1ci\u00ed.<\/p><p>Vo vede sa diskutovala ot\u00e1zka, \u010di je \u0161tvor\u010dlenn\u00e1 teol\u00f3gia Akiek neskorou systematiz\u00e1ciou zo strany mision\u00e1rov, alebo samostatnou s\u00e1mskou konfigur\u00e1ciou. H\u00e5kan Rydving a Konsta Kaikkonen sa prikl\u00e1\u0148aj\u00fa k druh\u00e9mu v\u00fdkladu, \u010do zd\u00f4raz\u0148uje samostatnos\u0165 s\u00e1mskej <span class=\"iwg-fachbegriff\" data-tooltip=\"Vedeck\u00e1 n\u00e1uka o Bohu a viere n\u00e1bo\u017eenstva.\" tabindex=\"0\">teol\u00f3gie<\/span>.<\/p>\t\t\t\t\t\t\t\t<\/div>\n\t\t\t\t<\/div>\n\t\t\t\t\t<\/div>\n\t\t\t\t<\/div>\n\t\t<div class=\"elementor-element elementor-element-iwgw-saraakka-s7 e-flex e-con-boxed e-con e-parent\" data-id=\"iwgw-saraakka-s7\" data-element_type=\"container\" data-e-type=\"container\">\n\t\t\t\t\t<div class=\"e-con-inner\">\n\t\t\t\t<div class=\"elementor-element elementor-element-iwgw-saraakka-s7h elementor-widget elementor-widget-heading\" data-id=\"iwgw-saraakka-s7h\" data-element_type=\"widget\" data-e-type=\"widget\" data-widget_type=\"heading.default\">\n\t\t\t\t\t<h2 class=\"elementor-heading-title elementor-size-default\">Porovnanie s in\u00fdmi p\u00f4rodn\u00fdmi bohy\u0148ami<\/h2>\t\t\t\t<\/div>\n\t\t<div class=\"elementor-element elementor-element-iwgw-saraakka-s7c e-con-full e-flex e-con e-child\" data-id=\"iwgw-saraakka-s7c\" data-element_type=\"container\" data-e-type=\"container\">\n\t\t\t\t<div class=\"elementor-element elementor-element-iwgw-saraakka-s7t elementor-widget elementor-widget-text-editor\" data-id=\"iwgw-saraakka-s7t\" data-element_type=\"widget\" data-e-type=\"widget\" data-widget_type=\"text-editor.default\">\n\t\t\t\t\t\t\t\t\t<p>Sara-Akka patr\u00ed do triedy \u0161pecializovan\u00fdch p\u00f4rodn\u00fdch boh\u00fd\u0148, ktor\u00e9 sa vyskytuj\u00fa v mnoh\u00fdch kult\u00farach. \u0160truktur\u00e1lne porovnate\u013en\u00e9 s\u00fa f\u00ednska Synnyt\u00e4j\u00e4t\u00e4r, gr\u00e9cka Eileithyia, egyptsk\u00e1 Tauret, japonsk\u00e1 Konohanasakuya-hime a <a href=\"https:\/\/iwell-guard.com\/sk\/inuiti-a-arktida-sedna-tornit-ochranna-prax\/\">inuitsk\u00e1<\/a> ochranky\u0148a p\u00f4rodu <a href=\"https:\/\/iwell-guard.com\/sk\/?page_id=157996\">Pinga<\/a>.<\/p><p>\u0160pecifikum Sara-Akky spo\u010d\u00edva v jej zapojen\u00ed do syst\u00e9mu Akka s jasn\u00fdm rozdelen\u00edm funkci\u00ed. T\u00e1to \u0161pecializ\u00e1cia je z h\u013eadiska fenomenol\u00f3gie n\u00e1bo\u017eenstva rozvinut\u00e1 a odli\u0161uje s\u00e1msku trad\u00edciu od trad\u00edci\u00ed s iba jednou p\u00f4rodnou bohy\u0148ou.<\/p><p>V r\u00e1mci ugrof\u00ednskej trad\u00edcie je konfigur\u00e1cia Akka pr\u00edbuzn\u00e1 s f\u00ednskou Lampi-Akkou, ma\u010farskou Boldogasszony a in\u00fdmi ochrany\u0148ami. T\u00e1to \u0161truktur\u00e1lna pr\u00edbuznos\u0165 odkazuje na star\u00fa ugrof\u00ednsku vrstvu n\u00e1bo\u017eenskej koncep\u010dnej tvorby.<\/p>\t\t\t\t\t\t\t\t<\/div>\n\t\t\t\t<\/div>\n\t\t\t\t\t<\/div>\n\t\t\t\t<\/div>\n\t\t<div class=\"elementor-element elementor-element-iwgw-saraakka-s8 e-flex e-con-boxed e-con e-parent\" data-id=\"iwgw-saraakka-s8\" data-element_type=\"container\" data-e-type=\"container\">\n\t\t\t\t\t<div class=\"e-con-inner\">\n\t\t\t\t<div class=\"elementor-element elementor-element-iwgw-saraakka-s8h elementor-widget elementor-widget-heading\" data-id=\"iwgw-saraakka-s8h\" data-element_type=\"widget\" data-e-type=\"widget\" data-widget_type=\"heading.default\">\n\t\t\t\t\t<h2 class=\"elementor-heading-title elementor-size-default\">Misia a modern\u00e1 recepcia<\/h2>\t\t\t\t<\/div>\n\t\t<div class=\"elementor-element elementor-element-iwgw-saraakka-s8c e-con-full e-flex e-con e-child\" data-id=\"iwgw-saraakka-s8c\" data-element_type=\"container\" data-e-type=\"container\">\n\t\t\t\t<div class=\"elementor-element elementor-element-iwgw-saraakka-s8t elementor-widget elementor-widget-text-editor\" data-id=\"iwgw-saraakka-s8t\" data-element_type=\"widget\" data-e-type=\"widget\" data-widget_type=\"text-editor.default\">\n\t\t\t\t\t\t\t\t\t<p>Kres\u0165ansk\u00e1 misia \u010diasto\u010dne identifikovala Sara-Akku s M\u00e1riou, \u010do u\u013eah\u010dovalo prechodn\u00fa teol\u00f3giu obr\u00e1ten\u00fdch Sami. T\u00e1to identifik\u00e1cia je z vedeck\u00e9ho h\u013eadiska koloni\u00e1lne podmienenou reinterpret\u00e1ciou, ktor\u00e1 zahalila \u0161pecifick\u00fa s\u00e1msku teol\u00f3giu p\u00f4rodu.<\/p><p>P\u00f4rodn\u00e9 praktiky spojen\u00e9 so Sara-Akkou boli luter\u00e1nskymi mision\u00e1rmi prenasledovan\u00e9 ako <span class=\"iwg-fachbegriff\" data-tooltip=\"Z kres\u0165ansk\u00e9ho h\u013eadiska: patriaci k predkres\u0165ansk\u00e9mu alebo nekres\u0165ansk\u00e9mu n\u00e1bo\u017eenstvu.\" tabindex=\"0\">pohansk\u00e9<\/span>, \u010do do ve\u013ekej miery preru\u0161ilo ritu\u00e1lnu trad\u00edciu. Zvy\u0161ky trad\u00edcie sa zachovali v rodinnej praxi a v \u00fastne tradovan\u00fdch v\u00fdrokoch.<\/p><p>V s\u00fa\u010dasnej revitaliz\u00e1cii s\u00e1mskej kult\u00fary je Sara-Akka v\u00fdznamnou postavou. Hnutia za pr\u00e1va \u017eien v r\u00e1mci s\u00e1mskej komunity sa na \u0148u odvol\u00e1vaj\u00fa ako na pr\u00edklad \u017eenskej n\u00e1bo\u017eenskej autority v tradi\u010dnom n\u00e1bo\u017eenstve. Toto privlastnenie je z h\u013eadiska fenomenol\u00f3gie n\u00e1bo\u017eenstva produkt\u00edvne.<\/p>\t\t\t\t\t\t\t\t<\/div>\n\t\t\t\t<\/div>\n\t\t\t\t\t<\/div>\n\t\t\t\t<\/div>\n\t\t<div class=\"elementor-element elementor-element-iwgw-saraakka-s9 e-flex e-con-boxed e-con e-parent\" data-id=\"iwgw-saraakka-s9\" data-element_type=\"container\" data-e-type=\"container\">\n\t\t\t\t\t<div class=\"e-con-inner\">\n\t\t\t\t<div class=\"elementor-element elementor-element-iwgw-saraakka-s9h elementor-widget elementor-widget-heading\" data-id=\"iwgw-saraakka-s9h\" data-element_type=\"widget\" data-e-type=\"widget\" data-widget_type=\"heading.default\">\n\t\t\t\t\t<h2 class=\"elementor-heading-title elementor-size-default\">Kr\u00ed\u017eov\u00e9 odkazy v lexik\u00f3ne<\/h2>\t\t\t\t<\/div>\n\t\t<div class=\"elementor-element elementor-element-iwgw-saraakka-s9c e-con-full e-flex e-con e-child\" data-id=\"iwgw-saraakka-s9c\" data-element_type=\"container\" data-e-type=\"container\">\n\t\t\t\t<div class=\"elementor-element elementor-element-iwgw-saraakka-s9t elementor-widget elementor-widget-text-editor\" data-id=\"iwgw-saraakka-s9t\" data-element_type=\"widget\" data-e-type=\"widget\" data-widget_type=\"text-editor.default\">\n\t\t\t\t\t\t\t\t\t<p>Sara-Akka sa sp\u00e1ja s <a href=\"https:\/\/iwell-guard.com\/sk\/?page_id=158008\">Madderakkou<\/a>, <a href=\"https:\/\/iwell-guard.com\/sk\/?page_id=158007\">Juksakkou<\/a>, <a href=\"https:\/\/iwell-guard.com\/sk\/?page_id=158006\">Uksakkou<\/a>, <a href=\"https:\/\/iwell-guard.com\/sk\/?page_id=158001\">Beaivi<\/a>, <a href=\"https:\/\/iwell-guard.com\/sk\/?page_id=158002\">M\u00e1nnu<\/a>, <a href=\"https:\/\/iwell-guard.com\/sk\/?page_id=158003\">R\u00e1hkou<\/a>, <a href=\"https:\/\/iwell-guard.com\/sk\/?page_id=158004\">Stallom<\/a>, <a href=\"https:\/\/iwell-guard.com\/sk\/?page_id=158009\">Jabmiidaibmu<\/a> a <a href=\"https:\/\/iwell-guard.com\/sk\/?page_id=158010\">Saivo<\/a>. Kult\u00farny uzol <a href=\"https:\/\/iwell-guard.com\/sk\/sami-a-finsko-ugorska-tradicia-noaidi-buben\/\">S\u00e1mska trad\u00edcia<\/a> r\u00e1mcuje teol\u00f3giu p\u00f4rodu. \u0160truktur\u00e1lne podobn\u00e9 p\u00f4rodn\u00e9 bohyne sa nach\u00e1dzaj\u00fa v <a href=\"https:\/\/iwell-guard.com\/sk\/inuiti-a-arktida-sedna-tornit-ochranna-prax\/\">inuitskej<\/a> rade hesiel pri postave <em>Pinga<\/em>.<\/p>\t\t\t\t\t\t\t\t<\/div>\n\t\t\t\t<\/div>\n\t\t\t\t\t<\/div>\n\t\t\t\t<\/div>\n\t\t<div class=\"elementor-element elementor-element-cp2b990ba7 e-flex e-con-boxed e-con e-parent\" data-id=\"cp2b990ba7\" data-element_type=\"container\" data-e-type=\"container\">\n\t\t\t\t\t<div class=\"e-con-inner\">\n\t\t\t\t<div class=\"elementor-element elementor-element-cp26f30671 elementor-widget elementor-widget-heading\" data-id=\"cp26f30671\" data-element_type=\"widget\" data-e-type=\"widget\" data-widget_type=\"heading.default\">\n\t\t\t\t\t<h2 class=\"elementor-heading-title elementor-size-default\">Sarakka u ohniska: bo\u017estvo p\u00f4rodu v strede stanu<\/h2>\t\t\t\t<\/div>\n\t\t<div class=\"elementor-element elementor-element-cp293e5391 e-flex e-con-boxed e-con e-child\" data-id=\"cp293e5391\" data-element_type=\"container\" data-e-type=\"container\">\n\t\t\t\t\t<div class=\"e-con-inner\">\n\t\t\t\t<div class=\"elementor-element elementor-element-cp254f8fbe elementor-widget elementor-widget-text-editor\" data-id=\"cp254f8fbe\" data-element_type=\"widget\" data-e-type=\"widget\" data-widget_type=\"text-editor.default\">\n\t\t\t\t\t\t\t\t\t<p>Sarakka, v prame\u0148och zapisovan\u00e1 aj ako <em>S\u00e1r\u00e1hkk\u00e1<\/em>, je medzi s\u00e1mskymi bo\u017estvami Akka najbezprostrednej\u0161ie spojen\u00e1 s p\u00f4rodom a ohniskom. Zatia\u013e \u010do <a href=\"https:\/\/iwell-guard.com\/sk\/sami-a-finsko-ugorska-tradicia-noaidi-buben\/\">Maderakka<\/a> ako nadraden\u00e1 praprave\u013ematka d\u00e1va die\u0165a\u0165u telo a Uksakka str\u00e1\u017ei prah dver\u00ed, Sarakkina oblas\u0165 p\u00f4sobenia patr\u00ed do stredu stanu, tam, kde hor\u00ed ohe\u0148 a kde sa odohr\u00e1val p\u00f4rod.<\/p><p>Meno sa vo v\u00fdskume obvykle sp\u00e1ja so s\u00e1mskym slovesom znamenaj\u00facim \u201erozdeli\u0165\u201c alebo \u201eoddeli\u0165\u201c, \u010do sa vyklad\u00e1 ako odkaz na priebeh p\u00f4rodu. T\u00e1to etymol\u00f3gia je pravdepodobn\u00e1, ale nie definit\u00edvne potvrden\u00e1.<\/p><p>Sarakka bola pova\u017eovan\u00e1 za t\u00fa, ktor\u00e1 st\u00e1la pri rodiacej \u017eene a v istom zmysle priv\u00e1dzala die\u0165a do vidite\u013en\u00e9ho svet. V prame\u0148och sa uv\u00e1dza, \u017ee jej boli prin\u00e1\u0161an\u00e9 osobitn\u00e9 obetn\u00e9 dary, napr\u00edklad \u010dasti jedla, a \u017ee sa na Sarakku obracala rodiaca \u017eena alebo \u017eeny, ktor\u00e9 jej pri p\u00f4rode pom\u00e1hali.<\/p><p>Zauj\u00edmav\u00e9 je spojenie Sarakky s ohniskom. Ohe\u0148 v strede stanu bol ritu\u00e1lnym ohniskov\u00fdm bodom dom\u00e1ceho \u017eivota a Sarakka ako jemu prip\u00edsan\u00e9 <span class=\"iwg-fachbegriff\" data-tooltip=\"Bytos\u0165 uctievan\u00e1 ako bo\u017esk\u00e1 v r\u00e1mci n\u00e1bo\u017eenstva.\" tabindex=\"0\">bo\u017estvo<\/span> zosob\u0148ovala ochranu, ktor\u00e1 z tohto centra vych\u00e1dzala.<\/p><p>Jej uctievanie bolo bl\u00edzke be\u017en\u00e9mu \u017eivotu, viazan\u00e9 na konkr\u00e9tne \u017eivotn\u00e9 situ\u00e1cie a nesen\u00e9 predov\u0161etk\u00fdm \u017eenami. Pr\u00e1ve preto, \u017ee t\u00e1to <span class=\"iwg-fachbegriff\" data-tooltip=\"\u017dit\u00fd n\u00e1bo\u017eensk\u00fd postoj a prax \u010dloveka.\" tabindex=\"0\">n\u00e1bo\u017enos\u0165<\/span> bola nen\u00e1padn\u00e1 a zakotven\u00e1 v ka\u017edodennosti, je v spr\u00e1vach mision\u00e1rov, zameran\u00fdch na verejn\u00e9 kulty, zachyten\u00e1 len stru\u010dne.<\/p>\t\t\t\t\t\t\t\t<\/div>\n\t\t\t\t\t<\/div>\n\t\t\t\t<\/div>\n\t\t\t\t\t<\/div>\n\t\t\t\t<\/div>\n\t\t<div class=\"elementor-element elementor-element-cp285d891a e-flex e-con-boxed e-con e-parent\" data-id=\"cp285d891a\" data-element_type=\"container\" data-e-type=\"container\">\n\t\t\t\t\t<div class=\"e-con-inner\">\n\t\t\t\t<div class=\"elementor-element elementor-element-cp289a15c1 elementor-widget elementor-widget-heading\" data-id=\"cp289a15c1\" data-element_type=\"widget\" data-e-type=\"widget\" data-widget_type=\"heading.default\">\n\t\t\t\t\t<h2 class=\"elementor-heading-title elementor-size-default\">\u010co spr\u00e1vy mision\u00e1rov o Sarakke zaml\u010duj\u00fa a skres\u013euj\u00fa<\/h2>\t\t\t\t<\/div>\n\t\t<div class=\"elementor-element elementor-element-cp22d7d5fa e-flex e-con-boxed e-con e-child\" data-id=\"cp22d7d5fa\" data-element_type=\"container\" data-e-type=\"container\">\n\t\t\t\t\t<div class=\"e-con-inner\">\n\t\t\t\t<div class=\"elementor-element elementor-element-cp2e8d6fc9 elementor-widget elementor-widget-text-editor\" data-id=\"cp2e8d6fc9\" data-element_type=\"widget\" data-e-type=\"widget\" data-widget_type=\"text-editor.default\">\n\t\t\t\t\t\t\t\t\t<p><span class=\"iwg-fachbegriff\" data-tooltip=\"Odovzd\u00e1vanie vedomost\u00ed a rozpr\u00e1van\u00ed z gener\u00e1cie na gener\u00e1ciu.\" tabindex=\"0\">Trad\u00edcia<\/span> t\u00fdkaj\u00faca sa Sarakky stoj\u00ed pred rovnak\u00fdm z\u00e1kladn\u00fdm probl\u00e9mom ako trad\u00edcia v\u0161etk\u00fdch s\u00e1mskych bo\u017estiev: poch\u00e1dza takmer v\u00fdlu\u010dne z p\u00edsomnost\u00ed kres\u0165ansk\u00fdch mision\u00e1rov a far\u00e1rov 17. a 18. storo\u010dia, ktor\u00ed bojovali proti p\u00f4vodn\u00e9mu n\u00e1bo\u017eenstvu.<\/p><p>V severon\u00f3rskej oblasti k nim patria spr\u00e1vy z okolia misijn\u00e9ho \u00fasilia Thomasa von Westena, v \u0161v\u00e9dskej oblasti z\u00e1znamy far\u00e1rov ako Pehr H\u00f6gstr\u00f6m.<\/p><p>Tieto zdroje skres\u013euj\u00fa obraz Sarakky viacer\u00fdmi sp\u00f4sobmi. Po prv\u00e9, zapisovatelia ju pova\u017eovali za pohansk\u00fa modlu a nemali z\u00e1ujem o citliv\u00e9 zachytenie jej podoby.<\/p><p>Po druh\u00e9, oblas\u0165, ktorej bola Sarakka priraden\u00e1, teda p\u00f4rod, doj\u010denie a \u017eensk\u00e9 vedomosti, bola pre mu\u017esk\u00fdch pozorovate\u013eov \u0165a\u017eko pr\u00edstupn\u00e1 a vzbudzovala u nich osobitn\u00fa nev\u00f4\u013eu, preto\u017ee star\u00e9 praktiky sa tu udr\u017eiavali obzvl\u00e1\u0161\u0165 h\u00fa\u017eevnato.<\/p><p>Niektor\u00e9 obrady na po\u010des\u0165 Sarakky boli misiou v\u00fdslovne prenasledovan\u00e9. To, \u010do spr\u00e1vy zachyt\u00e1vaj\u00fa, je teda v\u00fdber prefiltrovan\u00fd odmietan\u00edm a obmedzen\u00fdm pr\u00edstupom.<\/p><p>Kritick\u00fd v\u00fdskum s\u00e1mskeho n\u00e1bo\u017eenstva, napr\u00edklad pr\u00e1ce H\u00e5kana Rydvinga, uk\u00e1zal, \u017ee kres\u0165ansk\u00e1 misia dlho nedok\u00e1zala \u00faplne zachyti\u0165 a potla\u010di\u0165 dom\u00e1cu, \u017eenami nesen\u00fa <span class=\"iwg-fachbegriff\" data-tooltip=\"Pre\u017e\u00edvan\u00fd n\u00e1bo\u017eensk\u00fd postoj a prax \u010dloveka.\" tabindex=\"0\">n\u00e1bo\u017enos\u0165<\/span>, preto\u017ee sa vymykala verejnej kontrole.<\/p><p>To je d\u00f4le\u017eit\u00e9 pre hodnotenie postavenia Sarakky: na jednej strane je jej uctievanie pr\u00e1ve pre t\u00fato skrytos\u0165 dokumentovan\u00e9 len \u00fatr\u017ekovito, na druhej strane sa pr\u00e1ve preto pravdepodobne udr\u017ealo dlh\u0161ie ne\u017e mnoh\u00e9 verejn\u00e9 <span class=\"iwg-fachbegriff\" data-tooltip=\"S\u00fahrn n\u00e1bo\u017eensk\u00fdch \u00factov\u00fdch \u00fakonov k bo\u017estvu alebo sv\u00e4tej postave.\" tabindex=\"0\">kulty<\/span>.<\/p><p>Za dobre potvrden\u00e9 sa pova\u017euje z\u00e1kladn\u00e9 priradenie Sarakky k p\u00f4rodu a ohnisku; podrobnosti obradov, ktor\u00e9 sa jej t\u00fdkaj\u00fa, s\u00fa naopak za\u0165a\u017een\u00e9 neistotou a mnoh\u00e9 sa daj\u00fa odvodi\u0165 len z nepriate\u013esk\u00fdch popisov.<\/p>\t\t\t\t\t\t\t\t<\/div>\n\t\t\t\t\t<\/div>\n\t\t\t\t<\/div>\n\t\t\t\t\t<\/div>\n\t\t\t\t<\/div>\n\t\t<div class=\"elementor-element elementor-element-iwgw-saraakka-lit e-flex e-con-boxed e-con e-parent\" data-id=\"iwgw-saraakka-lit\" data-element_type=\"container\" data-e-type=\"container\">\n\t\t\t\t\t<div class=\"e-con-inner\">\n\t\t\t\t<div class=\"elementor-element elementor-element-iwgw-saraakka-lith elementor-widget elementor-widget-heading\" data-id=\"iwgw-saraakka-lith\" data-element_type=\"widget\" data-e-type=\"widget\" data-widget_type=\"heading.default\">\n\t\t\t\t\t<h2 class=\"elementor-heading-title elementor-size-default\">Literat\u00fara (v\u00fdber)<\/h2>\t\t\t\t<\/div>\n\t\t<div class=\"elementor-element elementor-element-iwgw-saraakka-litc e-con-full e-flex e-con e-child\" data-id=\"iwgw-saraakka-litc\" data-element_type=\"container\" data-e-type=\"container\">\n\t\t\t\t<div class=\"elementor-element elementor-element-iwgw-saraakka-litt elementor-widget elementor-widget-text-editor\" data-id=\"iwgw-saraakka-litt\" data-element_type=\"widget\" data-e-type=\"widget\" data-widget_type=\"text-editor.default\">\n\t\t\t\t\t\t\t\t\t<div data-nosnippet=\"true\"><ul><li>Johannes Schefferus: <em>Lapponia<\/em> (Frankfurt 1673)<\/li><li>Knud Leem: <em>Beskrivelse over Finmarkens Lapper<\/em> (Kopenhagen 1767)<\/li><li>Lars Levi L\u00e6stadius: <em>Fragmenter i lappska mythologien<\/em> (Manuskript ca. 1840)<\/li><li>H\u00e5kan Rydving: <em>The End of Drum-Time<\/em> (Uppsala 1993)<\/li><li>Juha Pentik\u00e4inen: <em>Saamelaiset<\/em> (Helsinki 1995)<\/li><li>Konsta Kaikkonen: <em>Sami Pre-Christian Religion<\/em> (Helsinki 2020)<\/li><\/ul><\/div>\t\t\t\t\t\t\t\t<\/div>\n\t\t\t\t<\/div>\n\t\t\t\t\t<\/div>\n\t\t\t\t<\/div>\n\t\t<div class=\"elementor-element elementor-element-iwgkw-add-saraakka e-flex e-con-boxed e-con e-parent\" data-id=\"iwgkw-add-saraakka\" data-element_type=\"container\" data-e-type=\"container\">\n\t\t\t\t\t<div class=\"e-con-inner\">\n\t\t\t\t<div class=\"elementor-element elementor-element-iwgkw-add-saraakka-t elementor-widget elementor-widget-text-editor\" data-id=\"iwgkw-add-saraakka-t\" data-element_type=\"widget\" data-e-type=\"widget\" data-widget_type=\"text-editor.default\">\n\t\t\t\t\t\t\t\t\t<p>V s\u00e1mskom n\u00e1bo\u017eenstve patr\u00ed Sara-Akka medzi bohyne <em>Akka<\/em>, \u017eensk\u00e9 ochrann\u00e9 mocnosti dom\u00e1cnosti a \u017eivotn\u00e9ho cyklu. Ako <em>str\u00e1\u017eky\u0148a<\/em> tehotenstva pod\u013ea tradi\u010dnej predstavy sprev\u00e1dzala matku a nenaroden\u00e9 die\u0165a od po\u010datia a\u017e po p\u00f4rod.<\/p><p>Obetn\u00e9 dary pri ohnisku, ktor\u00e9 sa pova\u017eovalo za jej miesto pobytu, mali zaisti\u0165 jej pr\u00edtomnos\u0165; \u00faloha str\u00e1\u017ekyne ju \u00fazko sp\u00e1jala s prechodov\u00fdmi obradmi okolo p\u00f4rodu.<\/p>\t\t\t\t\t\t\t\t<\/div>\n\t\t\t\t\t<\/div>\n\t\t\t\t<\/div>\n\t\t<div class=\"elementor-element elementor-element-iwgw-saraakka-kwd e-flex e-con-boxed e-con e-parent\" data-id=\"iwgw-saraakka-kwd\" data-element_type=\"container\" data-e-type=\"container\">\n\t\t\t\t\t<div class=\"e-con-inner\">\n\t\t<div class=\"elementor-element elementor-element-iwgw-saraakka-kwdc e-con-full e-flex e-con e-child\" data-id=\"iwgw-saraakka-kwdc\" data-element_type=\"container\" data-e-type=\"container\">\n\t\t\t\t<div class=\"elementor-element elementor-element-iwgw-saraakka-kwdt elementor-widget elementor-widget-text-editor\" data-id=\"iwgw-saraakka-kwdt\" data-element_type=\"widget\" data-e-type=\"widget\" data-widget_type=\"text-editor.default\">\n\t\t\t\t\t\t\t\t\t<p><em>S\u00favisiace k\u013e\u00fa\u010dov\u00e9 pojmy: Sara-Akka Sarakka S\u00e1rahkk\u00e1 Sami bohy\u0148a p\u00f4rodu Akka-syst\u00e9m Schefferus L\u00e6stadius.<\/em><\/p>\t\t\t\t\t\t\t\t<\/div>\n\t\t\t\t<\/div>\n\t\t\t\t\t<\/div>\n\t\t\t\t<\/div>\n\t\t<div class=\"elementor-element elementor-element-iwgw-saraakka-cc e-flex e-con-boxed e-con e-parent\" data-id=\"iwgw-saraakka-cc\" data-element_type=\"container\" data-e-type=\"container\" id=\"iwg-cc-sara-akka\">\n\t\t\t\t\t<div class=\"e-con-inner\">\n\t\t<div class=\"elementor-element elementor-element-iwgw-saraakka-ccinner e-flex e-con-boxed e-con e-parent\" data-id=\"iwgw-saraakka-ccinner\" data-element_type=\"container\" data-e-type=\"container\" data-settings=\"{&quot;background_background&quot;:&quot;classic&quot;}\">\n\t\t\t\t\t<div class=\"e-con-inner\">\n\t\t\t\t<div class=\"elementor-element elementor-element-iwgw-saraakka-cch elementor-widget elementor-widget-heading\" data-id=\"iwgw-saraakka-cch\" data-element_type=\"widget\" data-e-type=\"widget\" data-widget_type=\"heading.default\">\n\t\t\t\t\t<h2 class=\"elementor-heading-title elementor-size-default\">iWell Guard a ochrann\u00e9 trad\u00edcie<\/h2>\t\t\t\t<\/div>\n\t\t\t\t<div class=\"elementor-element elementor-element-iwgw-saraakka-cct elementor-widget elementor-widget-text-editor\" data-id=\"iwgw-saraakka-cct\" data-element_type=\"widget\" data-e-type=\"widget\" data-widget_type=\"text-editor.default\">\n\t\t\t\t\t\t\t\t\t<div data-nosnippet=\"true\"><p>iWell Guard nadv\u00e4zuje na kult\u00farno-historick\u00fa trad\u00edciu prenosn\u00fdch ochrann\u00fdch predmetov, v trad\u00edcii <a href=\"https:\/\/iwell-guard.com\/sk\/sami-a-finsko-ugorska-tradicia-noaidi-buben\/\">Sami<\/a> a mnoh\u00fdch \u010fal\u0161\u00edch kult\u00far po celom svete. 41 vrstiev, prav\u00e9 zlato, platina, striebro, vyroben\u00e9 v Nemecku. 30-d\u0148ov\u00e1 lehota na vr\u00e1tenie.<\/p><\/div>\t\t\t\t\t\t\t\t<\/div>\n\t\t\t\t<div class=\"elementor-element elementor-element-iwgw-saraakka-ccb iwg-cc-button iwg-cc-cta-2026-05-13 elementor-widget elementor-widget-jet-button\" data-id=\"iwgw-saraakka-ccb\" data-element_type=\"widget\" data-e-type=\"widget\" data-widget_type=\"jet-button.default\">\n\t\t\t\t<div class=\"elementor-widget-container\">\n\t\t\t\t\t<div class=\"elementor-jet-button jet-elements\"><div class=\"jet-button__container\"><a class=\"jet-button__instance jet-button__instance--icon-left hover-effect-1\" href=\"\/ueber-iwell-guard\/?utm_source=iwell-guard.com&amp;utm_medium=info-box&amp;utm_campaign=wesen-tradition\"><div class=\"jet-button__plane jet-button__plane-normal\"><\/div><div class=\"jet-button__plane jet-button__plane-hover\"><\/div><div class=\"jet-button__state jet-button__state-normal\"><span class=\"jet-button__label\">Viac o iWell Guard<\/span><\/div><div class=\"jet-button__state jet-button__state-hover\"><span class=\"jet-button__label\">Viac o iWell Guard<\/span><\/div><\/a><\/div><\/div><style>.elementor-element.elementor-element-iwgw-saraakka-ccb .jet-button__instance{width:320px;height:56px;}.elementor-element.elementor-element-iwgw-saraakka-ccb .jet-button__state-normal .jet-button__label{text-align:center;margin:0px 0px 0px 0px;color:#1a1b20;font-family:Montserrat,sans-serif;font-size:13px;font-weight:400;letter-spacing:4px;line-height:1.714em;text-transform:uppercase;}.elementor-element.elementor-element-iwgw-saraakka-ccb .jet-button__state-hover .jet-button__label{text-align:center;margin:0px 0px 0px 0px;color:#FECC76;font-family:Montserrat,sans-serif;font-size:13px;font-weight:400;letter-spacing:4px;line-height:1.714em;text-transform:uppercase;}.elementor-element.elementor-element-iwgw-saraakka-ccb .jet-button__plane-normal{background-color:#FECC76;border-style:solid;border-color:#C99540;border-width:2px 2px 2px 2px;}.elementor-element.elementor-element-iwgw-saraakka-ccb .jet-button__plane-hover{background-color:rgba(0,0,0,0.55);border-style:solid;border-color:#FECC76;border-width:2px 2px 2px 2px;}<\/style>\t\t\t\t<\/div>\n\t\t\t\t<\/div>\n\t\t\t\t<div class=\"elementor-element elementor-element-iwgw-saraakka-ccd elementor-widget elementor-widget-text-editor\" data-id=\"iwgw-saraakka-ccd\" data-element_type=\"widget\" data-e-type=\"widget\" data-widget_type=\"text-editor.default\">\n\t\t\t\t\t\t\t\t\t<div data-nosnippet=\"true\"><p style=\"text-align:center;font-size:13px;opacity:0.7;margin-top:14px\" data-nosnippet=\"true\">Osobn\u00e9 sk\u00fasenosti sa m\u00f4\u017eu l\u00ed\u0161i\u0165. Nie je to zdravotn\u00edcka pom\u00f4cka. \u017diadny pr\u00eds\u013eub lie\u010denia.<\/p><\/div>\t\t\t\t\t\t\t\t<\/div>\n\t\t\t\t\t<\/div>\n\t\t\t\t<\/div>\n\t\t\t\t\t<\/div>\n\t\t\t\t<\/div>\n\t\t<div class=\"elementor-element elementor-element-iwgw-saraakka-disc e-flex e-con-boxed e-con e-parent\" data-id=\"iwgw-saraakka-disc\" data-element_type=\"container\" data-e-type=\"container\">\n\t\t\t\t\t<div class=\"e-con-inner\">\n\t\t\t\t<div class=\"elementor-element elementor-element-iwgw-saraakka-discw elementor-widget elementor-widget-html\" data-id=\"iwgw-saraakka-discw\" data-element_type=\"widget\" data-e-type=\"widget\" data-widget_type=\"html.default\">\n\t\t\t\t\t<footer data-nosnippet=\"true\" class=\"iwg-disclaimer-block\"><p data-nosnippet=\"true\">iWell Guard <strong>nie je zdravotn\u00edcka pom\u00f4cka<\/strong> a nenahr\u00e1dza lek\u00e1rske ani psychoterapeutick\u00e9 o\u0161etrenie. Religionistick\u00fd obsah predstavuje kult\u00farno-historick\u00e9 zaradenie, nie odpor\u00fa\u010danie duchovnej praxe.<\/p><\/footer>\t\t\t\t<\/div>\n\t\t\t\t\t<\/div>\n\t\t\t\t<\/div>\n\t\t\t\t<\/div>\n\t\t","protected":false},"excerpt":{"rendered":"","protected":false},"author":3,"featured_media":2895,"parent":0,"menu_order":0,"comment_status":"closed","ping_status":"closed","template":"elementor_header_footer","meta":{"_yoast_wpseo_focuskw":"Sara-Akka s\u00e1mska bohy\u0148a p\u00f4rodu","_yoast_wpseo_title":"Sara-Akka - bohy\u0148a p\u00f4rodu samskej trad\u00edcie","_yoast_wpseo_metadesc":"Sara-Akka je bohy\u0148a p\u00f4rodu S\u00e1mov, str\u00e1\u017eky\u0148a tehotenstva a p\u00f4rodu. Religionistick\u00e9 zaradenie s m\u00fdtom a prame\u0148mi.","_yoast_wpseo_meta-robots-noindex":"","_yoast_wpseo_canonical":"","_angie_page":false,"gefaehrdungsstufe":"","wesen_kultur":"","wesen_klasse":"","footnotes":""},"categories":[],"class_list":["post-158005","page","type-page","status-publish","has-post-thumbnail","hentry"],"yoast_head":"<!-- This site is optimized with the Yoast SEO Premium plugin v27.7 (Yoast SEO v28.3) - https:\/\/yoast.com\/product\/yoast-seo-premium-wordpress\/ -->\n<title>Sara-Akka - bohy\u0148a p\u00f4rodu samskej trad\u00edcie<\/title>\n<meta name=\"description\" content=\"Sara-Akka je bohy\u0148a p\u00f4rodu S\u00e1mov, str\u00e1\u017eky\u0148a tehotenstva a p\u00f4rodu. Religionistick\u00e9 zaradenie s m\u00fdtom a prame\u0148mi.\" \/>\n<meta name=\"robots\" content=\"index, follow, max-snippet:-1, max-image-preview:large, max-video-preview:-1\" \/>\n<link rel=\"canonical\" href=\"https:\/\/iwell-guard.com\/sk\/sara-akka-bohyna-porodu-samov\/\" \/>\n<meta property=\"og:locale\" content=\"sk_SK\" \/>\n<meta property=\"og:type\" content=\"article\" \/>\n<meta property=\"og:title\" content=\"Sara-Akka - bohy\u0148a p\u00f4rodu S\u00e1mov\" \/>\n<meta property=\"og:description\" content=\"Sara-Akka je bohy\u0148a p\u00f4rodu S\u00e1mov, str\u00e1\u017eky\u0148a tehotenstva a p\u00f4rodu. Religionistick\u00e9 zaradenie s m\u00fdtom a prame\u0148mi.\" \/>\n<meta property=\"og:url\" content=\"https:\/\/iwell-guard.com\/sk\/sara-akka-bohyna-porodu-samov\/\" \/>\n<meta property=\"og:site_name\" content=\"iWell Guard\" \/>\n<meta property=\"article:modified_time\" content=\"2026-09-04T22:48:19+00:00\" \/>\n<meta property=\"og:image\" content=\"https:\/\/iwell-guard.com\/wp-content\/uploads\/2026\/05\/goetter_sami_sara-akka.webp\" \/>\n\t<meta property=\"og:image:width\" content=\"1024\" \/>\n\t<meta property=\"og:image:height\" content=\"1536\" \/>\n\t<meta property=\"og:image:type\" content=\"image\/webp\" \/>\n<meta name=\"twitter:card\" content=\"summary_large_image\" \/>\n<script type=\"application\/ld+json\" class=\"yoast-schema-graph\">{\"@context\":\"https:\\\/\\\/schema.org\",\"@graph\":[{\"@type\":\"WebPage\",\"@id\":\"https:\\\/\\\/iwell-guard.com\\\/sk\\\/sara-akka-bohyna-porodu-samov\\\/\",\"url\":\"https:\\\/\\\/iwell-guard.com\\\/sk\\\/sara-akka-bohyna-porodu-samov\\\/\",\"name\":\"Sara-Akka - bohy\u0148a p\u00f4rodu samskej trad\u00edcie\",\"isPartOf\":{\"@id\":\"https:\\\/\\\/iwell-guard.com\\\/sk\\\/#website\"},\"primaryImageOfPage\":{\"@id\":\"https:\\\/\\\/iwell-guard.com\\\/sk\\\/sara-akka-bohyna-porodu-samov\\\/#primaryimage\"},\"image\":{\"@id\":\"https:\\\/\\\/iwell-guard.com\\\/sk\\\/sara-akka-bohyna-porodu-samov\\\/#primaryimage\"},\"thumbnailUrl\":\"https:\\\/\\\/iwell-guard.com\\\/wp-content\\\/uploads\\\/2026\\\/05\\\/goetter_sami_sara-akka.webp\",\"datePublished\":\"2026-09-04T22:20:34+00:00\",\"dateModified\":\"2026-09-04T22:48:19+00:00\",\"description\":\"Sara-Akka je bohy\u0148a p\u00f4rodu S\u00e1mov, str\u00e1\u017eky\u0148a tehotenstva a p\u00f4rodu. Religionistick\u00e9 zaradenie s m\u00fdtom a prame\u0148mi.\",\"breadcrumb\":{\"@id\":\"https:\\\/\\\/iwell-guard.com\\\/sk\\\/sara-akka-bohyna-porodu-samov\\\/#breadcrumb\"},\"inLanguage\":\"sk-SK\",\"potentialAction\":[{\"@type\":\"ReadAction\",\"target\":[\"https:\\\/\\\/iwell-guard.com\\\/sk\\\/sara-akka-bohyna-porodu-samov\\\/\"]}]},{\"@type\":\"ImageObject\",\"inLanguage\":\"sk-SK\",\"@id\":\"https:\\\/\\\/iwell-guard.com\\\/sk\\\/sara-akka-bohyna-porodu-samov\\\/#primaryimage\",\"url\":\"https:\\\/\\\/iwell-guard.com\\\/wp-content\\\/uploads\\\/2026\\\/05\\\/goetter_sami_sara-akka.webp\",\"contentUrl\":\"https:\\\/\\\/iwell-guard.com\\\/wp-content\\\/uploads\\\/2026\\\/05\\\/goetter_sami_sara-akka.webp\",\"width\":1024,\"height\":1536,\"caption\":\"Bohovia zo s\u00e1mskej trad\u00edcie.\"},{\"@type\":\"BreadcrumbList\",\"@id\":\"https:\\\/\\\/iwell-guard.com\\\/sk\\\/sara-akka-bohyna-porodu-samov\\\/#breadcrumb\",\"itemListElement\":[{\"@type\":\"ListItem\",\"position\":1,\"name\":\"Start\",\"item\":\"https:\\\/\\\/iwell-guard.com\\\/sk\\\/?page_id=157572\"},{\"@type\":\"ListItem\",\"position\":2,\"name\":\"Sara-Akka &#8211; bohy\u0148a p\u00f4rodu S\u00e1mov\"}]},{\"@type\":\"WebSite\",\"@id\":\"https:\\\/\\\/iwell-guard.com\\\/sk\\\/#website\",\"url\":\"https:\\\/\\\/iwell-guard.com\\\/sk\\\/\",\"name\":\"iWell Guard\",\"description\":\"Schutz vor dunklen Einfl\u00fcssen\",\"publisher\":{\"@id\":\"https:\\\/\\\/iwell-guard.com\\\/sk\\\/#organization\"},\"potentialAction\":[{\"@type\":\"SearchAction\",\"target\":{\"@type\":\"EntryPoint\",\"urlTemplate\":\"https:\\\/\\\/iwell-guard.com\\\/sk\\\/?s={search_term_string}\"},\"query-input\":{\"@type\":\"PropertyValueSpecification\",\"valueRequired\":true,\"valueName\":\"search_term_string\"}}],\"inLanguage\":\"sk-SK\"},{\"@type\":\"Organization\",\"@id\":\"https:\\\/\\\/iwell-guard.com\\\/sk\\\/#organization\",\"name\":\"Ittermann electronic GmbH\",\"url\":\"https:\\\/\\\/iwell-guard.com\\\/sk\\\/\",\"logo\":{\"@type\":\"ImageObject\",\"inLanguage\":\"sk-SK\",\"@id\":\"https:\\\/\\\/iwell-guard.com\\\/sk\\\/#\\\/schema\\\/logo\\\/image\\\/\",\"url\":\"https:\\\/\\\/iwell-guard.com\\\/wp-content\\\/uploads\\\/2026\\\/05\\\/Ittermann-Logo-1182x237-1.png\",\"contentUrl\":\"https:\\\/\\\/iwell-guard.com\\\/wp-content\\\/uploads\\\/2026\\\/05\\\/Ittermann-Logo-1182x237-1.png\",\"width\":1182,\"height\":237,\"caption\":\"Ittermann electronic GmbH\"},\"image\":{\"@id\":\"https:\\\/\\\/iwell-guard.com\\\/sk\\\/#\\\/schema\\\/logo\\\/image\\\/\"},\"sameAs\":[\"https:\\\/\\\/pantip.com\\\/profile\\\/9367242\",\"https:\\\/\\\/micro.blog\\\/iwellguard\",\"https:\\\/\\\/www.diggerslist.com\\\/iwellguard\\\/about\",\"https:\\\/\\\/skitterphoto.com\\\/photographers\\\/2870314\\\/iwell-guard\",\"https:\\\/\\\/iwellguard.wordpress.com\\\/2026\\\/06\\\/06\\\/iwell-guard\\\/\",\"https:\\\/\\\/hub.docker.com\\\/u\\\/iwellguard\",\"https:\\\/\\\/www.pinterest.com\\\/iwellguard\\\/\",\"https:\\\/\\\/bit.ly\\\/m\\\/iwellguard\",\"https:\\\/\\\/entre-vos-mains.alsace.eu\\\/profiles\\\/iwellguard\\\/activity\",\"https:\\\/\\\/gravatar.com\\\/reallybeded8fd34\",\"https:\\\/\\\/naijamatta.com\\\/iwellguard\",\"https:\\\/\\\/www.goodreads.com\\\/iwellguard\",\"https:\\\/\\\/profile.hatena.ne.jp\\\/iwellguard\\\/\",\"https:\\\/\\\/experiment.com\\\/users\\\/iwellguard\",\"https:\\\/\\\/wakelet.com\\\/@iWellGuard82270\",\"https:\\\/\\\/www.chordie.com\\\/forum\\\/profile.php?id=2555664\",\"https:\\\/\\\/www.instapaper.com\\\/p\\\/17757966\",\"https:\\\/\\\/www.mapleprimes.com\\\/users\\\/iwellguard\",\"https:\\\/\\\/businesslistingplus.com\\\/profile\\\/iwell-guard\\\/\",\"https:\\\/\\\/telegra.ph\\\/iWell-Guard-06-06\",\"https:\\\/\\\/pbase.com\\\/iwellguard\\\/iwellguard\",\"https:\\\/\\\/b.hatena.ne.jp\\\/iwellguard\\\/20260607#bookmark-4788405196491818882\",\"https:\\\/\\\/fliphtml5.com\\\/home\\\/iwellguard\",\"https:\\\/\\\/anyflip.com\\\/homepage\\\/cmiwl#About\",\"https:\\\/\\\/transfur.com\\\/Users\\\/iwellguard\",\"http:\\\/\\\/delphi.larsbo.org\\\/user\\\/iwellguard\",\"https:\\\/\\\/jobs.lajobsportal.org\\\/profiles\\\/8380803-iwell-guard\",\"https:\\\/\\\/md.chaosdorf.de\\\/s\\\/jfbe5SBdJD\",\"https:\\\/\\\/www.lingvolive.com\\\/en-us\\\/profile\\\/9ecaeaca-ce11-4e51-9e71-01d55e2bff36\\\/translations\",\"https:\\\/\\\/www.fitday.com\\\/fitness\\\/forums\\\/members\\\/iwellguard.html\",\"https:\\\/\\\/www.mymeetbook.com\\\/iwellguard\",\"https:\\\/\\\/pxhere.com\\\/en\\\/photographer-me\\\/5040798\",\"https:\\\/\\\/disqus.com\\\/by\\\/iwellguard\\\/about\\\/\",\"https:\\\/\\\/pastelink.net\\\/hjwciqwq\",\"https:\\\/\\\/pubhtml5.com\\\/homepage\\\/scjhn\\\/\",\"https:\\\/\\\/www.bitchute.com\\\/channel\\\/2O2eOKzNqujT\",\"https:\\\/\\\/audiomack.com\\\/iwellguard\"]}]}<\/script>\n<!-- \/ Yoast SEO Premium plugin. -->","yoast_head_json":{"title":"Sara-Akka - bohy\u0148a p\u00f4rodu samskej trad\u00edcie","description":"Sara-Akka je bohy\u0148a p\u00f4rodu S\u00e1mov, str\u00e1\u017eky\u0148a tehotenstva a p\u00f4rodu. Religionistick\u00e9 zaradenie s m\u00fdtom a prame\u0148mi.","robots":{"index":"index","follow":"follow","max-snippet":"max-snippet:-1","max-image-preview":"max-image-preview:large","max-video-preview":"max-video-preview:-1"},"canonical":"https:\/\/iwell-guard.com\/sk\/sara-akka-bohyna-porodu-samov\/","og_locale":"sk_SK","og_type":"article","og_title":"Sara-Akka - bohy\u0148a p\u00f4rodu S\u00e1mov","og_description":"Sara-Akka je bohy\u0148a p\u00f4rodu S\u00e1mov, str\u00e1\u017eky\u0148a tehotenstva a p\u00f4rodu. Religionistick\u00e9 zaradenie s m\u00fdtom a prame\u0148mi.","og_url":"https:\/\/iwell-guard.com\/sk\/sara-akka-bohyna-porodu-samov\/","og_site_name":"iWell Guard","article_modified_time":"2026-09-04T22:48:19+00:00","og_image":[{"width":1024,"height":1536,"url":"https:\/\/iwell-guard.com\/wp-content\/uploads\/2026\/05\/goetter_sami_sara-akka.webp","type":"image\/webp"}],"twitter_card":"summary_large_image","schema":{"@context":"https:\/\/schema.org","@graph":[{"@type":"WebPage","@id":"https:\/\/iwell-guard.com\/sk\/sara-akka-bohyna-porodu-samov\/","url":"https:\/\/iwell-guard.com\/sk\/sara-akka-bohyna-porodu-samov\/","name":"Sara-Akka - bohy\u0148a p\u00f4rodu samskej trad\u00edcie","isPartOf":{"@id":"https:\/\/iwell-guard.com\/sk\/#website"},"primaryImageOfPage":{"@id":"https:\/\/iwell-guard.com\/sk\/sara-akka-bohyna-porodu-samov\/#primaryimage"},"image":{"@id":"https:\/\/iwell-guard.com\/sk\/sara-akka-bohyna-porodu-samov\/#primaryimage"},"thumbnailUrl":"https:\/\/iwell-guard.com\/wp-content\/uploads\/2026\/05\/goetter_sami_sara-akka.webp","datePublished":"2026-09-04T22:20:34+00:00","dateModified":"2026-09-04T22:48:19+00:00","description":"Sara-Akka je bohy\u0148a p\u00f4rodu S\u00e1mov, str\u00e1\u017eky\u0148a tehotenstva a p\u00f4rodu. Religionistick\u00e9 zaradenie s m\u00fdtom a prame\u0148mi.","breadcrumb":{"@id":"https:\/\/iwell-guard.com\/sk\/sara-akka-bohyna-porodu-samov\/#breadcrumb"},"inLanguage":"sk-SK","potentialAction":[{"@type":"ReadAction","target":["https:\/\/iwell-guard.com\/sk\/sara-akka-bohyna-porodu-samov\/"]}]},{"@type":"ImageObject","inLanguage":"sk-SK","@id":"https:\/\/iwell-guard.com\/sk\/sara-akka-bohyna-porodu-samov\/#primaryimage","url":"https:\/\/iwell-guard.com\/wp-content\/uploads\/2026\/05\/goetter_sami_sara-akka.webp","contentUrl":"https:\/\/iwell-guard.com\/wp-content\/uploads\/2026\/05\/goetter_sami_sara-akka.webp","width":1024,"height":1536,"caption":"Bohovia zo s\u00e1mskej trad\u00edcie."},{"@type":"BreadcrumbList","@id":"https:\/\/iwell-guard.com\/sk\/sara-akka-bohyna-porodu-samov\/#breadcrumb","itemListElement":[{"@type":"ListItem","position":1,"name":"Start","item":"https:\/\/iwell-guard.com\/sk\/?page_id=157572"},{"@type":"ListItem","position":2,"name":"Sara-Akka &#8211; bohy\u0148a p\u00f4rodu S\u00e1mov"}]},{"@type":"WebSite","@id":"https:\/\/iwell-guard.com\/sk\/#website","url":"https:\/\/iwell-guard.com\/sk\/","name":"iWell Guard","description":"Schutz vor dunklen Einfl\u00fcssen","publisher":{"@id":"https:\/\/iwell-guard.com\/sk\/#organization"},"potentialAction":[{"@type":"SearchAction","target":{"@type":"EntryPoint","urlTemplate":"https:\/\/iwell-guard.com\/sk\/?s={search_term_string}"},"query-input":{"@type":"PropertyValueSpecification","valueRequired":true,"valueName":"search_term_string"}}],"inLanguage":"sk-SK"},{"@type":"Organization","@id":"https:\/\/iwell-guard.com\/sk\/#organization","name":"Ittermann electronic GmbH","url":"https:\/\/iwell-guard.com\/sk\/","logo":{"@type":"ImageObject","inLanguage":"sk-SK","@id":"https:\/\/iwell-guard.com\/sk\/#\/schema\/logo\/image\/","url":"https:\/\/iwell-guard.com\/wp-content\/uploads\/2026\/05\/Ittermann-Logo-1182x237-1.png","contentUrl":"https:\/\/iwell-guard.com\/wp-content\/uploads\/2026\/05\/Ittermann-Logo-1182x237-1.png","width":1182,"height":237,"caption":"Ittermann electronic GmbH"},"image":{"@id":"https:\/\/iwell-guard.com\/sk\/#\/schema\/logo\/image\/"},"sameAs":["https:\/\/pantip.com\/profile\/9367242","https:\/\/micro.blog\/iwellguard","https:\/\/www.diggerslist.com\/iwellguard\/about","https:\/\/skitterphoto.com\/photographers\/2870314\/iwell-guard","https:\/\/iwellguard.wordpress.com\/2026\/06\/06\/iwell-guard\/","https:\/\/hub.docker.com\/u\/iwellguard","https:\/\/www.pinterest.com\/iwellguard\/","https:\/\/bit.ly\/m\/iwellguard","https:\/\/entre-vos-mains.alsace.eu\/profiles\/iwellguard\/activity","https:\/\/gravatar.com\/reallybeded8fd34","https:\/\/naijamatta.com\/iwellguard","https:\/\/www.goodreads.com\/iwellguard","https:\/\/profile.hatena.ne.jp\/iwellguard\/","https:\/\/experiment.com\/users\/iwellguard","https:\/\/wakelet.com\/@iWellGuard82270","https:\/\/www.chordie.com\/forum\/profile.php?id=2555664","https:\/\/www.instapaper.com\/p\/17757966","https:\/\/www.mapleprimes.com\/users\/iwellguard","https:\/\/businesslistingplus.com\/profile\/iwell-guard\/","https:\/\/telegra.ph\/iWell-Guard-06-06","https:\/\/pbase.com\/iwellguard\/iwellguard","https:\/\/b.hatena.ne.jp\/iwellguard\/20260607#bookmark-4788405196491818882","https:\/\/fliphtml5.com\/home\/iwellguard","https:\/\/anyflip.com\/homepage\/cmiwl#About","https:\/\/transfur.com\/Users\/iwellguard","http:\/\/delphi.larsbo.org\/user\/iwellguard","https:\/\/jobs.lajobsportal.org\/profiles\/8380803-iwell-guard","https:\/\/md.chaosdorf.de\/s\/jfbe5SBdJD","https:\/\/www.lingvolive.com\/en-us\/profile\/9ecaeaca-ce11-4e51-9e71-01d55e2bff36\/translations","https:\/\/www.fitday.com\/fitness\/forums\/members\/iwellguard.html","https:\/\/www.mymeetbook.com\/iwellguard","https:\/\/pxhere.com\/en\/photographer-me\/5040798","https:\/\/disqus.com\/by\/iwellguard\/about\/","https:\/\/pastelink.net\/hjwciqwq","https:\/\/pubhtml5.com\/homepage\/scjhn\/","https:\/\/www.bitchute.com\/channel\/2O2eOKzNqujT","https:\/\/audiomack.com\/iwellguard"]}]}},"_links":{"self":[{"href":"https:\/\/iwell-guard.com\/sk\/wp-json\/wp\/v2\/pages\/158005","targetHints":{"allow":["GET"]}}],"collection":[{"href":"https:\/\/iwell-guard.com\/sk\/wp-json\/wp\/v2\/pages"}],"about":[{"href":"https:\/\/iwell-guard.com\/sk\/wp-json\/wp\/v2\/types\/page"}],"author":[{"embeddable":true,"href":"https:\/\/iwell-guard.com\/sk\/wp-json\/wp\/v2\/users\/3"}],"replies":[{"embeddable":true,"href":"https:\/\/iwell-guard.com\/sk\/wp-json\/wp\/v2\/comments?post=158005"}],"version-history":[{"count":0,"href":"https:\/\/iwell-guard.com\/sk\/wp-json\/wp\/v2\/pages\/158005\/revisions"}],"wp:featuredmedia":[{"embeddable":true,"href":"https:\/\/iwell-guard.com\/sk\/wp-json\/wp\/v2\/media\/2895"}],"wp:attachment":[{"href":"https:\/\/iwell-guard.com\/sk\/wp-json\/wp\/v2\/media?parent=158005"}],"wp:term":[{"taxonomy":"category","embeddable":true,"href":"https:\/\/iwell-guard.com\/sk\/wp-json\/wp\/v2\/categories?post=158005"}],"curies":[{"name":"wp","href":"https:\/\/api.w.org\/{rel}","templated":true}]}}