{"id":158001,"date":"2026-09-04T22:20:31","date_gmt":"2026-09-04T22:20:31","guid":{"rendered":"https:\/\/iwell-guard.com\/?page_id=158001"},"modified":"2026-09-04T22:48:09","modified_gmt":"2026-09-04T22:48:09","slug":"beaivi-slnecna-bohyna-samov","status":"publish","type":"page","link":"https:\/\/iwell-guard.com\/sk\/beaivi-slnecna-bohyna-samov\/","title":{"rendered":"Beaivi \u2013 slne\u010dn\u00e1 bohy\u0148a S\u00e1mov"},"content":{"rendered":"\t\t<div data-elementor-type=\"wp-page\" data-elementor-id=\"158001\" class=\"elementor elementor-158001 elementor-2664 elementor-bc-flex-widget\" data-elementor-post-type=\"page\">\n\t\t\t\t<div class=\"elementor-element elementor-element-iwgw-beaivi-hero e-flex e-con-boxed e-con e-parent\" data-id=\"iwgw-beaivi-hero\" data-element_type=\"container\" data-e-type=\"container\" data-settings=\"{&quot;background_background&quot;:&quot;classic&quot;}\">\n\t\t\t\t\t<div class=\"e-con-inner\">\n\t\t<div class=\"elementor-element elementor-element-iwgw-beaivi-hl e-flex e-con-boxed e-con e-child\" data-id=\"iwgw-beaivi-hl\" data-element_type=\"container\" data-e-type=\"container\">\n\t\t\t\t\t<div class=\"e-con-inner\">\n\t\t<div class=\"elementor-element elementor-element-iwgw-beaivi-htxt e-con-full e-flex e-con e-child\" data-id=\"iwgw-beaivi-htxt\" data-element_type=\"container\" data-e-type=\"container\">\n\t\t\t\t<div class=\"elementor-element elementor-element-iwgw-beaivi-h1 elementor-widget elementor-widget-heading\" data-id=\"iwgw-beaivi-h1\" data-element_type=\"widget\" data-e-type=\"widget\" data-widget_type=\"heading.default\">\n\t\t\t\t\t<h1 class=\"elementor-heading-title elementor-size-default\">Beaivi \u2013 slne\u010dn\u00e1 bohy\u0148a a darky\u0148a \u017eivota s\u00e1mskeho n\u00e1bo\u017eenstva<\/h1>\t\t\t\t<\/div>\n\t\t\t\t<div class=\"elementor-element elementor-element-iwgw-beaivi-lead elementor-widget elementor-widget-text-editor\" data-id=\"iwgw-beaivi-lead\" data-element_type=\"widget\" data-e-type=\"widget\" data-widget_type=\"text-editor.default\">\n\t\t\t\t\t\t\t\t\t<p>Beaivi, p\u00edsan\u00e9 aj Beaivvi alebo v severos\u00e1mskej \u0161tandardnej forme Beaivi, je slnko ako personifikovan\u00e9 <span class=\"iwg-fachbegriff\" data-tooltip=\"Bytos\u0165 uctievan\u00e1 ako bo\u017esk\u00e1 v r\u00e1mci dan\u00e9ho n\u00e1bo\u017eenstva.\" tabindex=\"0\">bo\u017estvo<\/span> s\u00e1mskej trad\u00edcie. Bola pova\u017eovan\u00e1 za darky\u0148u \u017eivota, matku sobov a n\u00e1bo\u017eensk\u00fa centr\u00e1lnu postavu, ktorej uctievanie podrobne zrekon\u0161truovali H\u00e5kan Rydving a Juha Pentik\u00e4inen.<\/p>\t\t\t\t\t\t\t\t<\/div>\n\t\t\t\t<\/div>\n\t\t<div class=\"elementor-element elementor-element-iwgw-beaivi-pillc e-con-full e-flex e-con e-child\" data-id=\"iwgw-beaivi-pillc\" data-element_type=\"container\" data-e-type=\"container\">\n\t\t\t\t<div class=\"elementor-element elementor-element-iwgw-beaivi-pills elementor-widget elementor-widget-html\" data-id=\"iwgw-beaivi-pills\" data-element_type=\"widget\" data-e-type=\"widget\" data-widget_type=\"html.default\">\n\t\t\t\t\t<div class=\"iwg-pill-row\"><span class=\"iwg-klasse-badge\" tabindex=\"0\" data-tooltip=\"Bohy\u0148a trad\u00edcie S\u00e1mov.\">Bohy\u0148a<\/span><a href=\"https:\/\/iwell-guard.com\/sk\/sami-a-finsko-ugorska-tradicia-noaidi-buben\/\" class=\"iwg-kultur-badge\" tabindex=\"0\" data-tooltip=\"Mytol\u00f3gia trad\u00edcie S\u00e1mov.\">S\u00e1mi<\/a><span class=\"iwg-tradition-badge\" tabindex=\"0\" data-tooltip=\"Slne\u010dn\u00e1 a \u017eivotn\u00e1 bohy\u0148a.\">Slne\u010dn\u00e1 a \u017eivotn\u00e1 bohy\u0148a<\/span><\/div>\t\t\t\t<\/div>\n\t\t\t\t<\/div>\n\t\t<div class=\"elementor-element elementor-element-iwgw-beaivi-tocc e-con-full e-flex e-con e-child\" data-id=\"iwgw-beaivi-tocc\" data-element_type=\"container\" data-e-type=\"container\">\n\t\t\t\t<div class=\"elementor-element elementor-element-iwgw-beaivi-toc elementor-toc--minimized-on-tablet elementor-widget elementor-widget-table-of-contents\" data-id=\"iwgw-beaivi-toc\" data-element_type=\"widget\" data-e-type=\"widget\" data-settings=\"{&quot;headings_by_tags&quot;:[&quot;h2&quot;,&quot;h3&quot;],&quot;minimize_box&quot;:&quot;yes&quot;,&quot;marker_view&quot;:&quot;bullets&quot;,&quot;no_headings_message&quot;:&quot;Na tejto str\\u00e1nke sa nena\\u0161li \\u017eiadne nadpisy.&quot;,&quot;exclude_headings_by_selector&quot;:[],&quot;icon&quot;:{&quot;value&quot;:&quot;fas fa-circle&quot;,&quot;library&quot;:&quot;fa-solid&quot;,&quot;rendered_tag&quot;:&quot;&lt;svg class=\\&quot;e-font-icon-svg e-fas-circle\\&quot; viewBox=\\&quot;0 0 512 512\\&quot; xmlns=\\&quot;http:\\\/\\\/www.w3.org\\\/2000\\\/svg\\&quot;&gt;&lt;path d=\\&quot;M256 8C119 8 8 119 8 256s111 248 248 248 248-111 248-248S393 8 256 8z\\&quot;&gt;&lt;\\\/path&gt;&lt;\\\/svg&gt;&quot;},&quot;minimized_on&quot;:&quot;tablet&quot;,&quot;hierarchical_view&quot;:&quot;yes&quot;,&quot;min_height&quot;:{&quot;unit&quot;:&quot;px&quot;,&quot;size&quot;:&quot;&quot;,&quot;sizes&quot;:[]},&quot;min_height_tablet&quot;:{&quot;unit&quot;:&quot;px&quot;,&quot;size&quot;:&quot;&quot;,&quot;sizes&quot;:[]},&quot;min_height_mobile&quot;:{&quot;unit&quot;:&quot;px&quot;,&quot;size&quot;:&quot;&quot;,&quot;sizes&quot;:[]}}\" data-widget_type=\"table-of-contents.default\">\n\t\t\t\t\t\t\t\t\t<div class=\"elementor-toc__header\">\n\t\t\t\t\t\t<h2 class=\"elementor-toc__header-title\">\n\t\t\t\tObsah\t\t\t<\/h2>\n\t\t\t\t\t\t\t\t\t\t<div class=\"elementor-toc__toggle-button elementor-toc__toggle-button--expand\" role=\"button\" tabindex=\"0\" aria-controls=\"elementor-toc__iwgw-beaivi-toc\" aria-expanded=\"true\" aria-label=\"Open table of contents\"><svg aria-hidden=\"true\" class=\"e-font-icon-svg e-fas-chevron-down\" viewBox=\"0 0 448 512\" xmlns=\"http:\/\/www.w3.org\/2000\/svg\"><path d=\"M207.029 381.476L12.686 187.132c-9.373-9.373-9.373-24.569 0-33.941l22.667-22.667c9.357-9.357 24.522-9.375 33.901-.04L224 284.505l154.745-154.021c9.379-9.335 24.544-9.317 33.901.04l22.667 22.667c9.373 9.373 9.373 24.569 0 33.941L240.971 381.476c-9.373 9.372-24.569 9.372-33.942 0z\"><\/path><\/svg><\/div>\n\t\t\t\t<div class=\"elementor-toc__toggle-button elementor-toc__toggle-button--collapse\" role=\"button\" tabindex=\"0\" aria-controls=\"elementor-toc__iwgw-beaivi-toc\" aria-expanded=\"true\" aria-label=\"Close table of contents\"><svg aria-hidden=\"true\" class=\"e-font-icon-svg e-fas-chevron-up\" viewBox=\"0 0 448 512\" xmlns=\"http:\/\/www.w3.org\/2000\/svg\"><path d=\"M240.971 130.524l194.343 194.343c9.373 9.373 9.373 24.569 0 33.941l-22.667 22.667c-9.357 9.357-24.522 9.375-33.901.04L224 227.495 69.255 381.516c-9.379 9.335-24.544 9.317-33.901-.04l-22.667-22.667c-9.373-9.373-9.373-24.569 0-33.941L207.03 130.525c9.372-9.373 24.568-9.373 33.941-.001z\"><\/path><\/svg><\/div>\n\t\t\t\t\t<\/div>\n\t\t\t\t<div id=\"elementor-toc__iwgw-beaivi-toc\" class=\"elementor-toc__body\">\n\t\t\t<div class=\"elementor-toc__spinner-container\">\n\t\t\t\t<svg class=\"elementor-toc__spinner eicon-animation-spin e-font-icon-svg e-eicon-loading\" aria-hidden=\"true\" viewBox=\"0 0 1000 1000\" xmlns=\"http:\/\/www.w3.org\/2000\/svg\"><path d=\"M500 975V858C696 858 858 696 858 500S696 142 500 142 142 304 142 500H25C25 237 238 25 500 25S975 237 975 500 763 975 500 975Z\"><\/path><\/svg>\t\t\t<\/div>\n\t\t<\/div>\n\t\t\t\t\t\t<\/div>\n\t\t\t\t<\/div>\n\t\t\t\t\t<\/div>\n\t\t\t\t<\/div>\n\t\t<div class=\"elementor-element elementor-element-iwgw-beaivi-hr e-con-full e-flex e-con e-child\" data-id=\"iwgw-beaivi-hr\" data-element_type=\"container\" data-e-type=\"container\">\n\t\t\t\t<div class=\"elementor-element elementor-element-iwgw-beaivi-heroimg iwg-hero-image elementor-widget elementor-widget-image\" data-id=\"iwgw-beaivi-heroimg\" data-element_type=\"widget\" data-e-type=\"widget\" data-widget_type=\"image.default\">\n\t\t\t\t\t\t\t\t\t\t\t\t\t\t\t<img fetchpriority=\"high\" decoding=\"async\" width=\"683\" height=\"1024\" src=\"https:\/\/iwell-guard.com\/wp-content\/uploads\/2026\/05\/goetter_sami_beaivi-683x1024.webp\" class=\"attachment-large size-large wp-image-159761\" alt=\"Beaivi \u2013 bohovia zo s\u00e1mskej trad\u00edcie, historicko-ilustra\u010dn\u00e9 zobrazenie\" srcset=\"https:\/\/iwell-guard.com\/wp-content\/uploads\/2026\/05\/goetter_sami_beaivi-683x1024.webp 683w, https:\/\/iwell-guard.com\/wp-content\/uploads\/2026\/05\/goetter_sami_beaivi-200x300.webp 200w, https:\/\/iwell-guard.com\/wp-content\/uploads\/2026\/05\/goetter_sami_beaivi-768x1152.webp 768w, https:\/\/iwell-guard.com\/wp-content\/uploads\/2026\/05\/goetter_sami_beaivi.webp 1024w\" sizes=\"(max-width: 683px) 100vw, 683px\" \/>\t\t\t\t\t\t\t\t\t\t\t\t\t\t\t<\/div>\n\t\t\t\t<\/div>\n\t\t\t\t\t<\/div>\n\t\t\t\t<\/div>\n\t\t<div class=\"elementor-element elementor-element-iwgw-beaivi-s0 e-flex e-con-boxed e-con e-parent\" data-id=\"iwgw-beaivi-s0\" data-element_type=\"container\" data-e-type=\"container\">\n\t\t\t\t\t<div class=\"e-con-inner\">\n\t\t\t\t<div class=\"elementor-element elementor-element-iwgw-beaivi-s0h elementor-widget elementor-widget-heading\" data-id=\"iwgw-beaivi-s0h\" data-element_type=\"widget\" data-e-type=\"widget\" data-widget_type=\"heading.default\">\n\t\t\t\t\t<h2 class=\"elementor-heading-title elementor-size-default\">Zaradenie a stru\u010dn\u00fd profil<\/h2>\t\t\t\t<\/div>\n\t\t<div class=\"elementor-element elementor-element-iwgw-beaivi-s0c e-con-full e-flex e-con e-child\" data-id=\"iwgw-beaivi-s0c\" data-element_type=\"container\" data-e-type=\"container\">\n\t\t\t\t<div class=\"elementor-element elementor-element-iwgw-beaivi-s0t elementor-widget elementor-widget-text-editor\" data-id=\"iwgw-beaivi-s0t\" data-element_type=\"widget\" data-e-type=\"widget\" data-widget_type=\"text-editor.default\">\n\t\t\t\t\t\t\t\t\t<p>Beaivi je v s\u00e1mskom n\u00e1bo\u017eenskom univerze centr\u00e1lnym sveteln\u00fdm bo\u017estvom a patr\u00ed k najpodrobnej\u0161ie zdokumentovan\u00fdm postav\u00e1m predkres\u0165ansk\u00e9ho <a href=\"https:\/\/iwell-guard.com\/sk\/sami-a-finsko-ugorska-tradicia-noaidi-buben\/\">s\u00e1mskeho<\/a> n\u00e1bo\u017eenstva.<\/p><p>Na rozdiel od mnoh\u00fdch stredomorsk\u00fdch slne\u010dn\u00fdch kultov je Beaivi \u017eensk\u00e1, \u010d\u00edm sa zara\u010fuje do \u0161irokej cirkumpol\u00e1rnej a severoeur\u00f3pskej trad\u00edcie \u017eensk\u00fdch slne\u010dn\u00fdch bo\u017estiev. Z religionistick\u00e9ho h\u013eadiska patr\u00ed k rovnak\u00e9mu genderov\u00e9mu priradeniu ako germ\u00e1nska S\u00f3l, baltsk\u00e1 Saul\u0117 a japonsk\u00e1 Amaterasu.<\/p><p>Prame\u0148ov o Beaivi je viac ne\u017e o mnoh\u00fdch in\u00fdch s\u00e1mskych bo\u017estv\u00e1ch. Zah\u0155\u0148aj\u00fa \u0161amansk\u00e9 ma\u013eby na bubnoch zo 17. a 18. storo\u010dia, spr\u00e1vy luter\u00e1nskych mision\u00e1rov, ako boli Johannes Schefferus, Knud Leem a Jens Kildal, a etnografick\u00e9 z\u00e1znamy Larsa Leviho L\u00e6stadiusa z 19. storo\u010dia. T\u00e1to \u0161\u00edrka pramenn\u00e9ho materi\u00e1lu rob\u00ed Beaivi z religionistick\u00e9ho h\u013eadiska dobre sk\u00famate\u013enou.<\/p><p>Vedecky vzato nie je Beaivi len astronomick\u00fdm javom, ale komplexn\u00fdm \u017eivotodarn\u00fdm bo\u017estvom. Stoj\u00ed za plodnos\u0165ou, po\u010dtom sobov, zdrav\u00edm a kozmologick\u00fdm poriadkom. T\u00e1to funk\u010dn\u00e1 \u0161\u00edrka je fenomenologicky typick\u00e1 pre arktick\u00e9 slne\u010dn\u00e9 bohyne, ktor\u00fdch v\u00fdznam je spojen\u00fd so \u017eivotne d\u00f4le\u017eitou dichot\u00f3miou pol\u00e1rneho d\u0148a a pol\u00e1rnej noci.<\/p><p>Pr\u00e1ve slne\u010dn\u00e1 bohy\u0148a Beaivi ukazuje, ako v\u00fdrazne nov\u0161ie b\u00e1danie zostrilo svoju metodiku: etnografick\u00e1 presnos\u0165, kritick\u00e9 presk\u00famanie jazykovej <span class=\"iwg-fachbegriff\" data-tooltip=\"Odovzd\u00e1vanie vedomost\u00ed a rozpr\u00e1van\u00ed z gener\u00e1cie na gener\u00e1ciu.\" tabindex=\"0\">trad\u00edcie<\/span> a komparat\u00edvny poh\u013ead sa dnes vz\u00e1jomne prepletaj\u00fa. Na tom sa podstatnou mierou podie\u013eaj\u00fa samotn\u00ed s\u00e1mski vedci a vedkyne, ktor\u00ed preveruj\u00fa star\u0161ie z\u00e1padn\u00e9 v\u00fdklady Beaivi a opravuj\u00fa ich v miestach, kde boli sfarben\u00e9 koloni\u00e1lnymi myslite\u013esk\u00fdmi vzormi.<\/p><p>Beaivi ako \u017eensk\u00e9 slne\u010dn\u00e9 bo\u017estvo sa za\u010dle\u0148uje do cirkumpol\u00e1rnej n\u00e1bo\u017eenskej topografie, ktor\u00e1 zost\u00e1va prekvapivo jednotn\u00e1 v celom arktickom priestore. Skuto\u010dnos\u0165, \u017ee tak\u00e9to \u0161trukt\u00fary s\u00fa stabiln\u00e9 cez tis\u00edce kilometrov, patr\u00ed medzi najv\u00fdraznej\u0161ie zistenia komparat\u00edvnej <span class=\"iwg-fachbegriff\" data-tooltip=\"Veda, ktor\u00e1 sk\u00fama n\u00e1bo\u017eenstv\u00e1 porovn\u00e1vac\u00edm sp\u00f4sobom a bez vyznania.\" tabindex=\"0\">religionistiky<\/span> a dodnes sa o nej ved\u00fa kontroverzn\u00e9 diskusie.<\/p>\t\t\t\t\t\t\t\t<\/div>\n\t\t\t\t<\/div>\n\t\t\t\t\t<\/div>\n\t\t\t\t<\/div>\n\t\t<div class=\"elementor-element elementor-element-iwgw-beaivi-s1 e-flex e-con-boxed e-con e-parent\" data-id=\"iwgw-beaivi-s1\" data-element_type=\"container\" data-e-type=\"container\">\n\t\t\t\t\t<div class=\"e-con-inner\">\n\t\t\t\t<div class=\"elementor-element elementor-element-iwgw-beaivi-s1h elementor-widget elementor-widget-heading\" data-id=\"iwgw-beaivi-s1h\" data-element_type=\"widget\" data-e-type=\"widget\" data-widget_type=\"heading.default\">\n\t\t\t\t\t<h2 class=\"elementor-heading-title elementor-size-default\">Meno a etymol\u00f3gia<\/h2>\t\t\t\t<\/div>\n\t\t<div class=\"elementor-element elementor-element-iwgw-beaivi-s1c e-con-full e-flex e-con e-child\" data-id=\"iwgw-beaivi-s1c\" data-element_type=\"container\" data-e-type=\"container\">\n\t\t\t\t<div class=\"elementor-element elementor-element-iwgw-beaivi-s1t elementor-widget elementor-widget-text-editor\" data-id=\"iwgw-beaivi-s1t\" data-element_type=\"widget\" data-e-type=\"widget\" data-widget_type=\"text-editor.default\">\n\t\t\t\t\t\t\t\t\t<p>Meno Beaivi patr\u00ed do z\u00e1kladnej slovnej z\u00e1soby s\u00e1m\u010diny a ozna\u010duje z\u00e1rove\u0148 slnko ako nebesk\u00e9 teleso i ako <span class=\"iwg-fachbegriff\" data-tooltip=\"Bytos\u0165 uctievan\u00e1 ako bo\u017esk\u00e1 v r\u00e1mci dan\u00e9ho n\u00e1bo\u017eenstva.\" tabindex=\"0\">bo\u017estvo<\/span>. Dialekt\u00e1lne varianty s\u00fa P\u00e4ivi v juhos\u00e1mskej oblasti, Peivve v inaris\u00e1mskej a Paeivvi v skolts\u00e1mskej. T\u00e1to rozmanitos\u0165 zodpoved\u00e1 dialekt\u00e1lnej rozdrobenosti s\u00e1m\u010diny, ktor\u00e1 sa sklad\u00e1 z viacer\u00fdch jazykov\u00fdch variet, ktor\u00e9 si navz\u00e1jom rozumej\u00fa len \u010diasto\u010dne.<\/p><p>Etymologicky patr\u00ed Beaivi k praindouralsk\u00e9mu kore\u0148u slova pre slnko, ktor\u00fd sa objavuje aj vo f\u00ednskom <em>p\u00e4iv\u00e4<\/em>, est\u00f3nskom <em>p\u00e4ev<\/em> a vo vzdialenej\u0161\u00edch pr\u00edbuzn\u00fdch tejto uralskej jazykovej rodiny. Vedecky je t\u00e1to jazykovohistorick\u00e1 h\u013abka pozoruhodn\u00e1, preto\u017ee odkazuje na ve\u013emi star\u00fa vrstvu n\u00e1bo\u017eenskej pojmotvorby, ktor\u00e1 siaha minim\u00e1lne do praur\u00e1lskeho obdobia.<\/p><p>V n\u00e1bo\u017eenskom jazyku sa \u010dasto objavuje \u010destn\u00e1 forma <em>Beaivvi-\u00c1h\u010d\u010di<\/em> alebo <em>Beaivvi-Eadni<\/em>, doslova Slnko-Otec alebo Slnko-Matka, pod\u013ea region\u00e1lneho genderov\u00e9ho priradenia. S\u00fa\u010dasn\u00e1 pr\u00edtomnos\u0165 oboch foriem v r\u00f4znych regi\u00f3noch je vedecky v\u00fdpovedn\u00e1 a odkazuje na flexibiln\u00e9 genderov\u00e9 priradenie slnka.<\/p><p>Z religi\u00f3zno-sociologick\u00e9ho h\u013eadiska je mo\u017en\u00e9 sa op\u00fdta\u0165, ak\u00fa \u00falohu zohr\u00e1vala Beaivi v \u0161trukt\u00fare tradi\u010dn\u00e9ho s\u00e1mskeho spolo\u010denstva. Ke\u010f\u017ee slne\u010dn\u00fd kult bol spojen\u00fd s po\u010dtom sobov, zdrav\u00edm a rytmom pol\u00e1rneho d\u0148a a pol\u00e1rnej noci, n\u00e1bo\u017eensk\u00e9 tu nikdy nebolo oddelen\u00e9 od ka\u017edodennej \u017eivotnej praxe.<\/p><p>Toto tesn\u00e9 previazanie tvor\u00ed samostatn\u00e9 religionisticko-antropologick\u00e9 pole v\u00fdskumu, ktor\u00e9 systematicky spracovali najm\u00e4 H\u00e5kan Rydving a Konsta Kaikkonen.<\/p><p>K tomu sa prid\u00e1va s\u00fa\u010dasn\u00fd v\u00fdznam Beaivi pre s\u00e1msku identit\u00e1rnu politiku. S rozvojom s\u00e1mskej samospr\u00e1vy a medzin\u00e1rodnopr\u00e1vnym uznan\u00edm pr\u00e1v p\u00f4vodn\u00fdch obyvate\u013eov sa postavy ako slne\u010dn\u00e1 bohy\u0148a op\u00e4\u0165 silnej\u0161ie vracaj\u00fa do verejn\u00e9ho povedomia. To, ako spolu p\u00f4sobia n\u00e1bo\u017eensk\u00fd v\u00fdskum a politick\u00e9 presadzovanie vlastnej identity, je samostatn\u00e9 pracovn\u00e9 pole, ktor\u00e9mu veda v poslednom \u010dase venuje v\u00fdrazne viac pozornosti.<\/p>\t\t\t\t\t\t\t\t<\/div>\n\t\t\t\t<\/div>\n\t\t\t\t\t<\/div>\n\t\t\t\t<\/div>\n\t\t<div class=\"elementor-element elementor-element-iwgw-beaivi-s2 e-flex e-con-boxed e-con e-parent\" data-id=\"iwgw-beaivi-s2\" data-element_type=\"container\" data-e-type=\"container\">\n\t\t\t\t\t<div class=\"e-con-inner\">\n\t\t\t\t<div class=\"elementor-element elementor-element-iwgw-beaivi-s2h elementor-widget elementor-widget-heading\" data-id=\"iwgw-beaivi-s2h\" data-element_type=\"widget\" data-e-type=\"widget\" data-widget_type=\"heading.default\">\n\t\t\t\t\t<h2 class=\"elementor-heading-title elementor-size-default\">Popis a ikonografia<\/h2>\t\t\t\t<\/div>\n\t\t<div class=\"elementor-element elementor-element-iwgw-beaivi-s2c e-con-full e-flex e-con e-child\" data-id=\"iwgw-beaivi-s2c\" data-element_type=\"container\" data-e-type=\"container\">\n\t\t\t\t<div class=\"elementor-element elementor-element-iwgw-beaivi-s2t elementor-widget elementor-widget-text-editor\" data-id=\"iwgw-beaivi-s2t\" data-element_type=\"widget\" data-e-type=\"widget\" data-widget_type=\"text-editor.default\">\n\t\t\t\t\t\t\t\t\t<p>Beaivi je v etnografick\u00fdch prame\u0148och popisovan\u00e1 ako l\u00e1skav\u00e1, \u017eivotodarn\u00e1 matka, ktorej l\u00fa\u010de zohrievaj\u00fa krajinu a umo\u017e\u0148uj\u00fa sobom prosperova\u0165. Zvy\u010dajne nie je zobrazovan\u00e1 ako antropomorfn\u00e1 postava, ale ako samotn\u00e9 slnko, ktor\u00e9 vysiela svoje l\u00fa\u010de ako ruky alebo nohy do v\u0161etk\u00fdch smerov.<\/p><p>Ikonograficky je Beaivi na s\u00e1mskych \u0161amansk\u00fdch bubnoch, <em>goavddis<\/em> alebo <em>gievrie<\/em>, \u010dasto zobrazovan\u00e1 v hornej polovici ako centr\u00e1lne koleso alebo kr\u00ed\u017e.<\/p><p>Sl\u00e1vne sk\u00famania obrazov na bubnoch, ktor\u00e9 vykonal Ernst Manker v 20. storo\u010d\u00ed, uk\u00e1zali, \u017ee Beaivi je pr\u00edtomn\u00e1 takmer na ka\u017edom zachovanom bubne a spravidla je umiestnen\u00e1 v strede alebo hornej \u010dasti horn\u00e9ho registra skuto\u010dnosti.<\/p><p>Toto ikonografick\u00e9 centr\u00e1lne postavenie zodpoved\u00e1 jej teologick\u00e9mu v\u00fdznamu. Vedecky je ikonografia bubnov jedn\u00fdm z najd\u00f4le\u017eitej\u0161\u00edch prame\u0148ov pre s\u00e1mske n\u00e1bo\u017eenstvo, preto\u017ee poch\u00e1dza priamo z predkres\u0165anskej trad\u00edcie a nie je sformovan\u00e1 mision\u00e1rskym filtrom. Dopl\u0148uje p\u00edsomn\u00e9 spr\u00e1vy o p\u00f4vodn\u00fd vizu\u00e1lny prame\u0148, \u010do je z metodologick\u00e9ho h\u013eadiska n\u00e1bo\u017eenstva mimoriadne hodnotn\u00e9.<\/p>\t\t\t\t\t\t\t\t<\/div>\n\t\t\t\t<\/div>\n\t\t\t\t\t<\/div>\n\t\t\t\t<\/div>\n\t\t<div class=\"elementor-element elementor-element-iwgw-beaivi-s3 e-flex e-con-boxed e-con e-parent\" data-id=\"iwgw-beaivi-s3\" data-element_type=\"container\" data-e-type=\"container\">\n\t\t\t\t\t<div class=\"e-con-inner\">\n\t\t\t\t<div class=\"elementor-element elementor-element-iwgw-beaivi-s3h elementor-widget elementor-widget-heading\" data-id=\"iwgw-beaivi-s3h\" data-element_type=\"widget\" data-e-type=\"widget\" data-widget_type=\"heading.default\">\n\t\t\t\t\t<h2 class=\"elementor-heading-title elementor-size-default\">Beaivi a chov sobov<\/h2>\t\t\t\t<\/div>\n\t\t<div class=\"elementor-element elementor-element-iwgw-beaivi-s3c e-con-full e-flex e-con e-child\" data-id=\"iwgw-beaivi-s3c\" data-element_type=\"container\" data-e-type=\"container\">\n\t\t\t\t<div class=\"elementor-element elementor-element-iwgw-beaivi-s3t elementor-widget elementor-widget-text-editor\" data-id=\"iwgw-beaivi-s3t\" data-element_type=\"widget\" data-e-type=\"widget\" data-widget_type=\"text-editor.default\">\n\t\t\t\t\t\t\t\t\t<p>\u00dastredn\u00fd ekonomick\u00fd v\u00fdznam Beaivi spo\u010d\u00edval v jej vz\u0165ahu k chovu sobov. Beaivi zabezpe\u010dovala letn\u00e9 pasienky, na ktor\u00fdch sa sobie st\u00e1da pasli, a jej l\u00fa\u010de sp\u00f4sobovali rast machu, ktor\u00fd sobi potrebovali. Reciprocita medzi Beaivi a s\u00e1mskymi pastierimi sobov bola z h\u013eadiska n\u00e1bo\u017eenskej ekon\u00f3mie z\u00e1sadn\u00e1.<\/p><p>Ve\u013ek\u00fd letn\u00fd sviatok, ktor\u00fd sa v mnoh\u00fdch oblastiach viazal na letn\u00fd slnovrat alebo na zimn\u00fd slnovrat, uctieval Beaivi obetami. V niektor\u00fdch oblastiach sa obetovali biele alebo svetl\u00e9 sobi, v in\u00fdch mlie\u010dne v\u00fdrobky a maslo. Tieto obetn\u00e9 praktiky s\u00fa podrobne zdokumentovan\u00e9 v spr\u00e1vach luter\u00e1nskych mision\u00e1rov, hoci \u010dasto v pejorativne sfarbenom jazyku.<\/p><p>Z vedeck\u00e9ho h\u013eadiska je previazanos\u0165 slnka a chovu sobov paradigmatick\u00fdm pr\u00edpadom ekologicky zakotvenej <span class=\"iwg-fachbegriff\" data-tooltip=\"Vedeck\u00e1 n\u00e1uka o Bohu a o viere n\u00e1bo\u017eenstva.\" tabindex=\"0\">teol\u00f3gie<\/span>, porovnate\u013en\u00fdm s previazanos\u0165ou Sedny a morsk\u00fdch \u017eivo\u010d\u00edchov u <a href=\"https:\/\/iwell-guard.com\/sk\/inuiti-a-arktida-sedna-tornit-ochranna-prax\/\">Inuitov<\/a>. N\u00e1bo\u017eenstvo nebolo abstraktn\u00fdm syst\u00e9mom viery, ale priamou regul\u00e1ciou existen\u010dnej praxe prostredn\u00edctvom sakr\u00e1lnej reciprocity.<\/p>\t\t\t\t\t\t\t\t<\/div>\n\t\t\t\t<\/div>\n\t\t\t\t\t<\/div>\n\t\t\t\t<\/div>\n\t\t<div class=\"elementor-element elementor-element-iwgw-beaivi-s4 e-flex e-con-boxed e-con e-parent\" data-id=\"iwgw-beaivi-s4\" data-element_type=\"container\" data-e-type=\"container\">\n\t\t\t\t\t<div class=\"e-con-inner\">\n\t\t\t\t<div class=\"elementor-element elementor-element-iwgw-beaivi-s4h elementor-widget elementor-widget-heading\" data-id=\"iwgw-beaivi-s4h\" data-element_type=\"widget\" data-e-type=\"widget\" data-widget_type=\"heading.default\">\n\t\t\t\t\t<h2 class=\"elementor-heading-title elementor-size-default\">Slne\u010dn\u00fd sviatok a letn\u00fd slnovrat<\/h2>\t\t\t\t<\/div>\n\t\t<div class=\"elementor-element elementor-element-iwgw-beaivi-s4c e-con-full e-flex e-con e-child\" data-id=\"iwgw-beaivi-s4c\" data-element_type=\"container\" data-e-type=\"container\">\n\t\t\t\t<div class=\"elementor-element elementor-element-iwgw-beaivi-s4t elementor-widget elementor-widget-text-editor\" data-id=\"iwgw-beaivi-s4t\" data-element_type=\"widget\" data-e-type=\"widget\" data-widget_type=\"text-editor.default\">\n\t\t\t\t\t\t\t\t\t<p>Hlavn\u00fd sviatok Beaivi bol viazan\u00fd na slnovrat. V noci letn\u00e9ho slnovratu, ke\u010f slnko v severn\u00fdch s\u00e1mskych oblastiach nezapad\u00e1, sa Beaivi uctievala osobitne. Aj zimn\u00fd slnovrat, ke\u010f sa slnko vracia po dlhej pol\u00e1rnej noci, bol n\u00e1bo\u017eensky nabit\u00fdm okamihom.<\/p><p>\u0160amani, s\u00e1msky naz\u00fdvan\u00ed <em>noaidi<\/em>, mohli v tranze privol\u00e1va\u0165 slnko a prosi\u0165 o teplo. Kultov\u00e1 prax sa vykon\u00e1vala pri sv\u00e4t\u00fdch kame\u0148och, <em>sieidi<\/em>, kde sa prin\u00e1\u0161ali <span class=\"iwg-fachbegriff\" data-tooltip=\"Dar bo\u017estvu na vyjadrenie v\u010faky, prosby alebo uctenia.\" tabindex=\"0\">obete<\/span>. T\u00e1to prax sieidi je z religionistick\u00e9ho h\u013eadiska dobre zdokumentovan\u00e1 a patr\u00ed medzi najd\u00f4le\u017eitej\u0161ie zlo\u017eky predkres\u0165ansk\u00e9ho s\u00e1mskeho n\u00e1bo\u017eenstva.<\/p><p>Konkurenciu vo\u010di kres\u0165anskej sviato\u010dnej symbolike mision\u00e1ri vn\u00edmali, \u010do viedlo k cielen\u00fdm z\u00e1kazom slne\u010dn\u00fdch sviatkov. Vedecky je t\u00e1to hist\u00f3ria konfliktu samostatn\u00fdm v\u00fdskumn\u00fdm po\u013eom a pr\u00edkladom n\u00e1bo\u017eenskopolitick\u00fdch stretov severoeur\u00f3pskej misie.<\/p>\t\t\t\t\t\t\t\t<\/div>\n\t\t\t\t<\/div>\n\t\t\t\t\t<\/div>\n\t\t\t\t<\/div>\n\t\t<div class=\"elementor-element elementor-element-iwgw-beaivi-s5 e-flex e-con-boxed e-con e-parent\" data-id=\"iwgw-beaivi-s5\" data-element_type=\"container\" data-e-type=\"container\">\n\t\t\t\t\t<div class=\"e-con-inner\">\n\t\t\t\t<div class=\"elementor-element elementor-element-iwgw-beaivi-s5h elementor-widget elementor-widget-heading\" data-id=\"iwgw-beaivi-s5h\" data-element_type=\"widget\" data-e-type=\"widget\" data-widget_type=\"heading.default\">\n\t\t\t\t\t<h2 class=\"elementor-heading-title elementor-size-default\">Beaivi a jej dc\u00e9ra Sara-Akka<\/h2>\t\t\t\t<\/div>\n\t\t<div class=\"elementor-element elementor-element-iwgw-beaivi-s5c e-con-full e-flex e-con e-child\" data-id=\"iwgw-beaivi-s5c\" data-element_type=\"container\" data-e-type=\"container\">\n\t\t\t\t<div class=\"elementor-element elementor-element-iwgw-beaivi-s5t elementor-widget elementor-widget-text-editor\" data-id=\"iwgw-beaivi-s5t\" data-element_type=\"widget\" data-e-type=\"widget\" data-widget_type=\"text-editor.default\">\n\t\t\t\t\t\t\t\t\t<p>V predkres\u0165anskej s\u00e1mskej <span class=\"iwg-fachbegriff\" data-tooltip=\"Vedeck\u00e1 n\u00e1uka o Bohu a o viere n\u00e1bo\u017eenstva.\" tabindex=\"0\">teol\u00f3gii<\/span> je Beaivi \u00fazko spojen\u00e1 s rodinou Akiek. Najm\u00e4 p\u00f4rodn\u00e1 bohy\u0148a <a href=\"https:\/\/iwell-guard.com\/sk\/?page_id=158005\">Sara-Akka<\/a> je v niektor\u00fdch prame\u0148och opisovan\u00e1 ako jej dc\u00e9ra alebo pomocn\u00e1 postava. Slnko a p\u00f4rod s\u00fa v s\u00e1mskej trad\u00edcii teologicky \u00fazko previazan\u00e9, preto\u017ee novorodenec prich\u00e1dza na svet do svetla a odovzd\u00e1va sa princ\u00edpu svetla.<\/p><p>Vedecky je t\u00e1to previazanos\u0165 slnka a p\u00f4rodu samostatn\u00fdm fenom\u00e9nom, ktor\u00fd je v cirkumpol\u00e1rnom n\u00e1bo\u017eenstve opakovane dolo\u017een\u00fd. Slne\u010dn\u00e1 bohy\u0148a <a href=\"https:\/\/iwell-guard.com\/sk\/inuiti-a-arktida-sedna-tornit-ochranna-prax\/\">Inuitov<\/a> Malina m\u00e1 podobn\u00e9 funkcie v oblasti \u017eenskej praxe. Tieto \u0161truktur\u00e1lne zhody s\u00fa z religionistick\u00e9ho h\u013eadiska pou\u010dn\u00e9.<\/p><p>Vz\u0165ah medzi Beaivi a Akkami je v jednotliv\u00fdch regi\u00f3noch akcentovan\u00fd odli\u0161ne. V niektor\u00fdch oblastiach je Beaivi matkou v\u0161etk\u00fdch Akiek, v in\u00fdch samostatnou entitou, ktor\u00e1 je s Akkami v kooperat\u00edvnom, ale nie genealogickom vz\u0165ahu. T\u00e1to variabilita sa vedecky ned\u00e1 zjednoti\u0165, treba ju re\u0161pektova\u0165 ako region\u00e1lnu osobitos\u0165.<\/p>\t\t\t\t\t\t\t\t<\/div>\n\t\t\t\t<\/div>\n\t\t\t\t\t<\/div>\n\t\t\t\t<\/div>\n\t\t<div class=\"elementor-element elementor-element-iwgw-beaivi-s6 e-flex e-con-boxed e-con e-parent\" data-id=\"iwgw-beaivi-s6\" data-element_type=\"container\" data-e-type=\"container\">\n\t\t\t\t\t<div class=\"e-con-inner\">\n\t\t\t\t<div class=\"elementor-element elementor-element-iwgw-beaivi-s6h elementor-widget elementor-widget-heading\" data-id=\"iwgw-beaivi-s6h\" data-element_type=\"widget\" data-e-type=\"widget\" data-widget_type=\"heading.default\">\n\t\t\t\t\t<h2 class=\"elementor-heading-title elementor-size-default\">Beaivi v cirkumpol\u00e1rnom porovnan\u00ed<\/h2>\t\t\t\t<\/div>\n\t\t<div class=\"elementor-element elementor-element-iwgw-beaivi-s6c e-con-full e-flex e-con e-child\" data-id=\"iwgw-beaivi-s6c\" data-element_type=\"container\" data-e-type=\"container\">\n\t\t\t\t<div class=\"elementor-element elementor-element-iwgw-beaivi-s6t elementor-widget elementor-widget-text-editor\" data-id=\"iwgw-beaivi-s6t\" data-element_type=\"widget\" data-e-type=\"widget\" data-widget_type=\"text-editor.default\">\n\t\t\t\t\t\t\t\t\t<p>Beaivi patr\u00ed do \u0161irokej triedy \u017eensk\u00fdch slne\u010dn\u00fdch bo\u017estiev cirkumpol\u00e1rnej a severoeur\u00f3pskej oblasti. \u0160truktur\u00e1lne porovnate\u013en\u00e9 s\u00fa germ\u00e1nska S\u00f3l, baltsk\u00e1 Saul\u0117, f\u00ednsko-uhorsk\u00e1 P\u00e4iv\u00e4t\u00e4r, japonsk\u00e1 Amaterasu, neneckaja <em>Chaer<\/em> a slne\u010dn\u00e1 bohy\u0148a <a href=\"https:\/\/iwell-guard.com\/sk\/inuiti-a-arktida-sedna-tornit-ochranna-prax\/\">Inuitov<\/a> Malina. Toto priradenie rodu slnku tvor\u00ed samostatn\u00fa religionistick\u00fa oblas\u0165.<\/p><p>Na rozdiel od gr\u00e9ckej trad\u00edcie H\u00e9lios-Sol severn\u00e9 \u017eensk\u00e9 slnko menej zd\u00f4raz\u0148uje astronomicko-kozmologick\u00fd aspekt a viac funkciu darcu \u017eivota a plodnosti. Z religionistick\u00e9ho h\u013eadiska to zodpoved\u00e1 matkinsko-<span class=\"iwg-fachbegriff\" data-tooltip=\"Vedeck\u00e1 n\u00e1uka o Bohu a o viere n\u00e1bo\u017eenstva.\" tabindex=\"0\">teol\u00f3gii<\/span>, ktor\u00e1 je v severoeur\u00f3pskej trad\u00edcii roz\u0161\u00edren\u00e1 a odli\u0161uje sa od stredomorsk\u00fdch otcovsko-slne\u010dn\u00fdch koncepci\u00ed.<\/p><p>N\u00e1bo\u017eenskohistorick\u00e1 diskusia o p\u00f4vode tejto vrstvy je star\u00e1 a nie definit\u00edvne uzavret\u00e1. Zatia\u013e \u010do Marija Gimbutasov\u00e1 postulovala paneur\u00e1zijsk\u00fa vrstvu matky-bohyne, s\u00fa\u010dasn\u00fd v\u00fdskum je opatrnej\u0161\u00ed a odkazuje na \u0161truktur\u00e1lne zhody bez nutn\u00e9ho historick\u00e9ho prostredn\u00edctva.<\/p>\t\t\t\t\t\t\t\t<\/div>\n\t\t\t\t<\/div>\n\t\t\t\t\t<\/div>\n\t\t\t\t<\/div>\n\t\t<div class=\"elementor-element elementor-element-iwgw-beaivi-s7 e-flex e-con-boxed e-con e-parent\" data-id=\"iwgw-beaivi-s7\" data-element_type=\"container\" data-e-type=\"container\">\n\t\t\t\t\t<div class=\"e-con-inner\">\n\t\t\t\t<div class=\"elementor-element elementor-element-iwgw-beaivi-s7h elementor-widget elementor-widget-heading\" data-id=\"iwgw-beaivi-s7h\" data-element_type=\"widget\" data-e-type=\"widget\" data-widget_type=\"heading.default\">\n\t\t\t\t\t<h2 class=\"elementor-heading-title elementor-size-default\">Kres\u0165ansk\u00e1 misia a vytl\u00e1\u010danie<\/h2>\t\t\t\t<\/div>\n\t\t<div class=\"elementor-element elementor-element-iwgw-beaivi-s7c e-con-full e-flex e-con e-child\" data-id=\"iwgw-beaivi-s7c\" data-element_type=\"container\" data-e-type=\"container\">\n\t\t\t\t<div class=\"elementor-element elementor-element-iwgw-beaivi-s7t elementor-widget elementor-widget-text-editor\" data-id=\"iwgw-beaivi-s7t\" data-element_type=\"widget\" data-e-type=\"widget\" data-widget_type=\"text-editor.default\">\n\t\t\t\t\t\t\t\t\t<p>Kres\u0165ansk\u00e1 misia medzi S\u00e1mmi sa za\u010dala v stredoveku, zintenz\u00edvnila sa v\u0161ak v 17. a 18. storo\u010d\u00ed pod \u0161v\u00e9dskou, n\u00f3rskou a f\u00ednskou korunou. Luter\u00e1nski mision\u00e1ri ako Thomas von Westen, Knud Leem a najm\u00e4 Lars Levi L\u00e6stadius v 19. storo\u010d\u00ed presadzovali tvrd\u00fd postup proti predkres\u0165ansk\u00e9mu s\u00e1mskemu n\u00e1bo\u017eenstvu.<\/p><p>Beaivi bola s\u010dasti kres\u0165ansky preinterpretovan\u00e1 ako M\u00e1ria, matka svetla, s\u010dasti prenasledovan\u00e1 ako pohansk\u00e1 <span class=\"iwg-fachbegriff\" data-tooltip=\"Zneva\u017euj\u00face ozna\u010denie pre uctievan\u00fd obraz pova\u017eovan\u00fd za myln\u00fd.\" tabindex=\"0\">modla<\/span>. \u0160amansk\u00e9 bubny boli verejne p\u00e1len\u00e9, kamene sieidi ni\u010den\u00e9, \u0161amansk\u00e9 praktiky kriminalizovan\u00e9. T\u00e1to represia predkres\u0165ansk\u00e9 n\u00e1bo\u017eenstvo z verejn\u00e9ho priestoru z ve\u013ekej \u010dasti vytla\u010dila, hoci ho \u00faplne neodstr\u00e1nila.<\/p><p>Vedecky je t\u00e1to hist\u00f3ria misie samostatn\u00fdm v\u00fdskumn\u00fdm po\u013eom, ktor\u00e9 je v posledn\u00fdch desa\u0165ro\u010diach nanovo sk\u00faman\u00e9 z postkolonialnej perspekt\u00edvy. S\u00fa\u010dasn\u00e1 s\u00e1mska kult\u00farna revitaliz\u00e1cia sa \u010diasto\u010dne odvol\u00e1va na Beaivi a \u010fal\u0161ie predkres\u0165ansk\u00e9 postavy, bez n\u00e1roku na nepreru\u0161en\u00fa kontinuitu.<\/p>\t\t\t\t\t\t\t\t<\/div>\n\t\t\t\t<\/div>\n\t\t\t\t\t<\/div>\n\t\t\t\t<\/div>\n\t\t<div class=\"elementor-element elementor-element-iwgw-beaivi-s8 e-flex e-con-boxed e-con e-parent\" data-id=\"iwgw-beaivi-s8\" data-element_type=\"container\" data-e-type=\"container\">\n\t\t\t\t\t<div class=\"e-con-inner\">\n\t\t\t\t<div class=\"elementor-element elementor-element-iwgw-beaivi-s8h elementor-widget elementor-widget-heading\" data-id=\"iwgw-beaivi-s8h\" data-element_type=\"widget\" data-e-type=\"widget\" data-widget_type=\"heading.default\">\n\t\t\t\t\t<h2 class=\"elementor-heading-title elementor-size-default\">S\u00fa\u010dasn\u00e1 recepcia a v\u00fdskum<\/h2>\t\t\t\t<\/div>\n\t\t<div class=\"elementor-element elementor-element-iwgw-beaivi-s8c e-con-full e-flex e-con e-child\" data-id=\"iwgw-beaivi-s8c\" data-element_type=\"container\" data-e-type=\"container\">\n\t\t\t\t<div class=\"elementor-element elementor-element-iwgw-beaivi-s8t elementor-widget elementor-widget-text-editor\" data-id=\"iwgw-beaivi-s8t\" data-element_type=\"widget\" data-e-type=\"widget\" data-widget_type=\"text-editor.default\">\n\t\t\t\t\t\t\t\t\t<p>Vedeck\u00fd v\u00fdskum Beaivi je dnes rozsiahly. Diela H\u00e5kana Rydvinga <em>The End of Drum-Time<\/em> (1993) a jeho neskor\u0161ie pr\u00e1ce postavili s\u00e1mske n\u00e1bo\u017eenstvo na nov\u00fd metodologick\u00fd z\u00e1klad. Juha Pentik\u00e4inen, Anna Lia Berthelsen a Konsta Kaikkonen sa venovali \u010fal\u0161\u00edm aspektom v\u00fdskumu.<\/p><p>V s\u00fa\u010dasnej s\u00e1mskej kult\u00fare je Beaivi pr\u00edtomn\u00e1 v umen\u00ed, literat\u00fare a hudbe. Zaznieva v joikov\u00fdch spevoch, v\u00fdtvarne ju zachyt\u00e1vaj\u00fa umelci ako Britta Marakatt-Labba. T\u00e1to kult\u00farna renesancia je z h\u013eadiska religionistickej fenomenol\u00f3gie v\u00fdznamn\u00fdm pr\u00ednosom k zvidite\u013eneniu tejto trad\u00edcie.<\/p><p>In\u0161titucion\u00e1lne uznanie s\u00e1mskeho n\u00e1bo\u017eenstva je dnes v \u0161irokej miere dosiahnut\u00e9. Beaivi sa vyu\u010duje na s\u00e1mskych \u0161kol\u00e1ch a je s\u00fa\u010das\u0165ou akademick\u00fdch osnov v Troms\u00f8, Ume\u00e5 a Helsink\u00e1ch. Z vedeck\u00e9ho h\u013eadiska sa v\u00fdskum Beaivi nach\u00e1dza vo f\u00e1ze plodn\u00e9ho prehodnocovania.<\/p>\t\t\t\t\t\t\t\t<\/div>\n\t\t\t\t<\/div>\n\t\t\t\t\t<\/div>\n\t\t\t\t<\/div>\n\t\t<div class=\"elementor-element elementor-element-iwgw-beaivi-s9 e-flex e-con-boxed e-con e-parent\" data-id=\"iwgw-beaivi-s9\" data-element_type=\"container\" data-e-type=\"container\">\n\t\t\t\t\t<div class=\"e-con-inner\">\n\t\t\t\t<div class=\"elementor-element elementor-element-iwgw-beaivi-s9h elementor-widget elementor-widget-heading\" data-id=\"iwgw-beaivi-s9h\" data-element_type=\"widget\" data-e-type=\"widget\" data-widget_type=\"heading.default\">\n\t\t\t\t\t<h2 class=\"elementor-heading-title elementor-size-default\">Kr\u00ed\u017eov\u00e9 odkazy v lexik\u00f3ne<\/h2>\t\t\t\t<\/div>\n\t\t<div class=\"elementor-element elementor-element-iwgw-beaivi-s9c e-con-full e-flex e-con e-child\" data-id=\"iwgw-beaivi-s9c\" data-element_type=\"container\" data-e-type=\"container\">\n\t\t\t\t<div class=\"elementor-element elementor-element-iwgw-beaivi-s9t elementor-widget elementor-widget-text-editor\" data-id=\"iwgw-beaivi-s9t\" data-element_type=\"widget\" data-e-type=\"widget\" data-widget_type=\"text-editor.default\">\n\t\t\t\t\t\t\t\t\t<p>Beaivi sa sp\u00e1ja s <a href=\"https:\/\/iwell-guard.com\/sk\/?page_id=158002\">M\u00e1nnu<\/a>, <a href=\"https:\/\/iwell-guard.com\/sk\/?page_id=158003\">R\u00e1hka<\/a>, <a href=\"https:\/\/iwell-guard.com\/sk\/?page_id=158004\">Stallo<\/a>, <a href=\"https:\/\/iwell-guard.com\/sk\/?page_id=158005\">Sara-Akka<\/a>, <a href=\"https:\/\/iwell-guard.com\/sk\/?page_id=158006\">Uksakka<\/a>, <a href=\"https:\/\/iwell-guard.com\/sk\/?page_id=158007\">Juksakka<\/a>, <a href=\"https:\/\/iwell-guard.com\/sk\/?page_id=158008\">Madderakka<\/a>, <a href=\"https:\/\/iwell-guard.com\/sk\/?page_id=158009\">Jabmiidaibmu<\/a> a <a href=\"https:\/\/iwell-guard.com\/sk\/?page_id=158010\">Saivo<\/a>. Kult\u00farny uzol <a href=\"https:\/\/iwell-guard.com\/sk\/sami-a-finsko-ugorska-tradicia-noaidi-buben\/\">S\u00e1mska trad\u00edcia<\/a> r\u00e1mcuje slne\u010dn\u00fa <span class=\"iwg-fachbegriff\" data-tooltip=\"Vedeck\u00e1 n\u00e1uka o Bohu a o viere v r\u00e1mci n\u00e1bo\u017eenstva.\" tabindex=\"0\">teol\u00f3giu<\/span>. Porovnate\u013en\u00e9 slne\u010dn\u00e9 bohyne sa nach\u00e1dzaj\u00fa v rade lem\u00e1t <a href=\"https:\/\/iwell-guard.com\/sk\/inuiti-a-arktida-sedna-tornit-ochranna-prax\/\">Inuitov<\/a> pri postave <em>Malina<\/em>.<\/p>\t\t\t\t\t\t\t\t<\/div>\n\t\t\t\t<\/div>\n\t\t\t\t\t<\/div>\n\t\t\t\t<\/div>\n\t\t<div class=\"elementor-element elementor-element-cp2407d132 e-flex e-con-boxed e-con e-parent\" data-id=\"cp2407d132\" data-element_type=\"container\" data-e-type=\"container\">\n\t\t\t\t\t<div class=\"e-con-inner\">\n\t\t\t\t<div class=\"elementor-element elementor-element-cp21669eb1 elementor-widget elementor-widget-heading\" data-id=\"cp21669eb1\" data-element_type=\"widget\" data-e-type=\"widget\" data-widget_type=\"heading.default\">\n\t\t\t\t\t<h2 class=\"elementor-heading-title elementor-size-default\">Beaivi v s\u00e1mskom ro\u010dnom kolobehu a obeta pri zimnom slnovrate<\/h2>\t\t\t\t<\/div>\n\t\t<div class=\"elementor-element elementor-element-cp23ff3f04 e-flex e-con-boxed e-con e-child\" data-id=\"cp23ff3f04\" data-element_type=\"container\" data-e-type=\"container\">\n\t\t\t\t\t<div class=\"e-con-inner\">\n\t\t\t\t<div class=\"elementor-element elementor-element-cp23f2b794 elementor-widget elementor-widget-text-editor\" data-id=\"cp23f2b794\" data-element_type=\"widget\" data-e-type=\"widget\" data-widget_type=\"text-editor.default\">\n\t\t\t\t\t\t\t\t\t<p>Beaivi, Slnko, mala v predkres\u0165anskom s\u00e1mskom n\u00e1bo\u017eenstve v\u00fdsadn\u00e9 postavenie, ktor\u00e9 sa vysvet\u013euje \u017eivotn\u00fdmi podmienkami vysok\u00e9ho severu. Po\u010das zimn\u00fdch mesiacov Slnko na ve\u013ekej \u010dasti s\u00e1mskeho os\u00eddlen\u00e9ho \u00fazemia \u00faplne zmizne alebo vyst\u00fapi len tesne nad horizont. Jeho n\u00e1vrat na jar tak nebol samozrejm\u00fdm dejom, ale existen\u010dne v\u00fdznamnou udalos\u0165ou.<\/p><p>Novovek\u00e9 pramene, predov\u0161etk\u00fdm spr\u00e1vy mision\u00e1rov a \u00faradn\u00edkov zo 17. a 18. storo\u010dia, uv\u00e1dzaj\u00fa, \u017ee S\u00e1mi po\u010das zimn\u00e9ho slnovratu prin\u00e1\u0161ali <span class=\"iwg-fachbegriff\" data-tooltip=\"Dar bo\u017estvu vyjadruj\u00faci v\u010faku, prosbu alebo \u00factu.\" tabindex=\"0\">obetu<\/span> Beaivi.<\/p><p>Spom\u00edna sa okrem in\u00e9ho obetovanie sami\u010d\u00edch zvierat a <span class=\"iwg-fachbegriff\" data-tooltip=\"Tradovan\u00fd zvyk, ktor\u00fd spolo\u010denstvo pravidelne opakuje.\" tabindex=\"0\">zvyk<\/span>, pri ktorom hrali \u00falohu pleten\u00e9 kruhy z vetiev sp\u00e1jan\u00e9 s navracaj\u00facim sa Slnkom. Tieto spr\u00e1vy je potrebn\u00e9 \u010d\u00edta\u0165 s opatrnos\u0165ou, preto\u017ee ich autori popisovali s\u00e1mske n\u00e1bo\u017eenstvo z vonkaj\u0161ieho poh\u013eadu a \u010dasto so z\u00e1merom obr\u00e1ti\u0165 ho na kres\u0165ansk\u00fa vieru.<\/p><p>Beaivi bola pova\u017eovan\u00e1 za darky\u0148u svetla, tepla a t\u00fdm aj plodnosti, a to jednak pre st\u00e1da sobov, jednak pre rastliny, ktor\u00fdmi sa tieto st\u00e1da \u017eivili. So Slnkom sa sp\u00e1jala aj predstava du\u0161evn\u00e9ho zdravia; v niektor\u00fdch podaniach sa k nej obraciali s prosbou o zachovanie rozumu.<\/p><p><span data-nosnippet>Najd\u00f4le\u017eitej\u0161ie ran\u00e9 pramene, napr\u00edklad spisy Johannesa Schefferusa, ktor\u00e9ho dielo <em>Lapponia<\/em> vy\u0161lo v roku 1673, ako aj neskor\u0161ie mision\u00e1rske z\u00e1znamy, boli vo v\u00fdskume d\u00f4kladne analyzovan\u00e9. Ukazuj\u00fa Beaivi ako centr\u00e1lnu postavu viery, ktor\u00e1 bola \u00fazko spojen\u00e1 s extr\u00e9mnym ro\u010dn\u00fdm kolobehom pol\u00e1rnej oblasti.<\/span><\/p>\t\t\t\t\t\t\t\t<\/div>\n\t\t\t\t\t<\/div>\n\t\t\t\t<\/div>\n\t\t\t\t\t<\/div>\n\t\t\t\t<\/div>\n\t\t<div class=\"elementor-element elementor-element-cp2a9998cb e-flex e-con-boxed e-con e-parent\" data-id=\"cp2a9998cb\" data-element_type=\"container\" data-e-type=\"container\">\n\t\t\t\t\t<div class=\"e-con-inner\">\n\t\t\t\t<div class=\"elementor-element elementor-element-cp279aeee7 elementor-widget elementor-widget-heading\" data-id=\"cp279aeee7\" data-element_type=\"widget\" data-e-type=\"widget\" data-widget_type=\"heading.default\">\n\t\t\t\t\t<h2 class=\"elementor-heading-title elementor-size-default\">Slnko na s\u00e1mskych \u0161amansk\u00fdch bubnoch<\/h2>\t\t\t\t<\/div>\n\t\t<div class=\"elementor-element elementor-element-cp2a24edbe e-flex e-con-boxed e-con e-child\" data-id=\"cp2a24edbe\" data-element_type=\"container\" data-e-type=\"container\">\n\t\t\t\t\t<div class=\"e-con-inner\">\n\t\t\t\t<div class=\"elementor-element elementor-element-cp2b688a68 elementor-widget elementor-widget-text-editor\" data-id=\"cp2b688a68\" data-element_type=\"widget\" data-e-type=\"widget\" data-widget_type=\"text-editor.default\">\n\t\t\t\t\t\t\t\t\t<p>Najd\u00f4le\u017eitej\u0161\u00edmi zachovan\u00fdmi obrazov\u00fdmi svedectvami predkres\u0165ansk\u00e9ho s\u00e1mskeho n\u00e1bo\u017eenstva s\u00fa \u0161amansk\u00e9 bubny, v s\u00e1mskom jazyku ozna\u010dovan\u00e9 ako <em>goavddis<\/em> alebo pr\u00edbuzn\u00fdmi v\u00fdrazmi.<\/p><p>Tieto bubny pou\u017e\u00edval n\u00e1bo\u017eensk\u00fd \u0161pecialista, noaidi, na dosiahnutie tranzu alebo na v\u00fdklad znamen\u00ed pomocou pohybu ukazovate\u013ea po pomalovanej ko\u017ei bubna. Na membr\u00e1ne mnoh\u00fdch bubnov je zobrazen\u00e9 Slnko, \u010dasto ako centr\u00e1lny <span class=\"iwg-fachbegriff\" data-tooltip=\"Opakuj\u00faci sa obsahov\u00fd prvok v umen\u00ed alebo rozpr\u00e1van\u00ed.\" tabindex=\"0\">mot\u00edv<\/span>.<\/p><p>Slne\u010dn\u00fd symbol sa typicky zobrazuje ako koso\u0161tvorec alebo \u0161tvorec so \u0161tyrmi l\u00fa\u010dmi smeruj\u00facimi do \u0161tyroch svetov\u00fdch str\u00e1n. Slnko je \u010dasto umiestnen\u00e9 v strede bubna a okolo neho alebo pozd\u013a\u017e jeho l\u00fa\u010dov s\u00fa usporiadan\u00e9 \u010fal\u0161ie postavy, bo\u017estva, zvierat\u00e1 a krajiny.<\/p><p>Toto centr\u00e1lne postavenie sa vo v\u00fdskume vyklad\u00e1 ako vyjadrenie v\u00fdznamu Beaivi pre cel\u00fd sveton\u00e1zor, pri\u010dom Slnko usporiadava a organizuje priestor.<\/p><p>V\u00e4\u010d\u0161inu zachovan\u00fdch bubnov zabavili v 17. a 18. storo\u010d\u00ed mision\u00e1ri a \u00farady a dostali sa do eur\u00f3pskych zbierok; mnoh\u00e9 boli aj zni\u010den\u00e9. Ich v\u00fdskum je spojen\u00fd s menom Ernsta Mankera, ktor\u00fd v polovici 20. storo\u010dia zostavil rozsiahly s\u00fabor zn\u00e1mych bubnov a systematicky zdokumentoval ich obrazov\u00e9 mot\u00edvy.<\/p><p>V\u00fdklad jednotliv\u00fdch post\u00e1v zost\u00e1va n\u00e1ro\u010dn\u00fd, preto\u017ee poznanie ich presn\u00e9ho v\u00fdznamu sa spolu s posledn\u00edmi noaidi z ve\u013ekej \u010dasti stratilo a p\u00edsomn\u00e9 vysvetlenia \u010dasto poch\u00e1dzaj\u00fa od cirkevn\u00fdch pozorovate\u013eov zvonka.<\/p><p>Bubny s\u00fa napriek tomu nenahradite\u013en\u00e9, preto\u017ee predstavuj\u00fa jedin\u00e9 rozsiahle obrazov\u00e9 autentick\u00e9 svedectv\u00e1 star\u00e9ho s\u00e1mskeho n\u00e1bo\u017eenstva, a Beaivi v nich zauj\u00edma zjavne centr\u00e1lne miesto.<\/p>\t\t\t\t\t\t\t\t<\/div>\n\t\t\t\t\t<\/div>\n\t\t\t\t<\/div>\n\t\t\t\t\t<\/div>\n\t\t\t\t<\/div>\n\t\t<div class=\"elementor-element elementor-element-cp2e73dfba e-flex e-con-boxed e-con e-parent\" data-id=\"cp2e73dfba\" data-element_type=\"container\" data-e-type=\"container\">\n\t\t\t\t\t<div class=\"e-con-inner\">\n\t\t\t\t<div class=\"elementor-element elementor-element-cp29f09c35 elementor-widget elementor-widget-heading\" data-id=\"cp29f09c35\" data-element_type=\"widget\" data-e-type=\"widget\" data-widget_type=\"heading.default\">\n\t\t\t\t\t<h2 class=\"elementor-heading-title elementor-size-default\">Kritika prame\u0148ov k s\u00e1mskemu slne\u010dn\u00e9mu n\u00e1bo\u017eenstvu<\/h2>\t\t\t\t<\/div>\n\t\t<div class=\"elementor-element elementor-element-cp2fe5f0bd e-flex e-con-boxed e-con e-child\" data-id=\"cp2fe5f0bd\" data-element_type=\"container\" data-e-type=\"container\">\n\t\t\t\t\t<div class=\"e-con-inner\">\n\t\t\t\t<div class=\"elementor-element elementor-element-cp254f97b5 elementor-widget elementor-widget-text-editor\" data-id=\"cp254f97b5\" data-element_type=\"widget\" data-e-type=\"widget\" data-widget_type=\"text-editor.default\">\n\t\t\t\t\t\t\t\t\t<p>Sk\u00famanie postavy Beaivi nar\u00e1\u017ea na z\u00e1sadn\u00fd metodologick\u00fd probl\u00e9m: neexistuj\u00fa \u017eiadne p\u00edsomn\u00e9 vlastn\u00e9 svedectv\u00e1 predkres\u0165ansk\u00e9ho samsk\u00e9ho n\u00e1bo\u017eenstva.<\/p><p>Sami dlho nemali vlastn\u00fa p\u00edsomn\u00fa trad\u00edciu a ich viera bola takmer v\u00fdlu\u010dne popisovan\u00e1 zvonka, kres\u0165ansk\u00fdmi mision\u00e1rmi, far\u00e1rmi a \u0161t\u00e1tnymi \u00faradn\u00edkmi. T\u00edto autori mali svoje vlastn\u00e9 predpoklady a ciele, \u010dasto potl\u00e1\u010danie toho, \u010do pova\u017eovali za pohanstvo.<\/p><p>To sa priamo prejavuje na obraze Beaivi. Ran\u00e9 spr\u00e1vy \u010dasto zara\u010fovali samsk\u00e9 bo\u017estva pod\u013ea vzoru gr\u00e9cko-r\u00edmskej <span class=\"iwg-fachbegriff\" data-tooltip=\"S\u00fabor tradovan\u00fdch pr\u00edbehov o bohoch ur\u010ditej kult\u00fary.\" tabindex=\"0\">mytol\u00f3gie<\/span> alebo pod\u013ea kres\u0165ansk\u00fdch kateg\u00f3ri\u00ed, \u010d\u00edm mo\u017eno vytvorili systematickej\u0161\u00ed <span class=\"iwg-fachbegriff\" data-tooltip=\"S\u00fabor bohov ur\u010dit\u00e9ho n\u00e1bo\u017eenstva alebo kult\u00fary.\" tabindex=\"0\">pante\u00f3n<\/span>, ne\u017e ak\u00fd poznalo skuto\u010dne \u017eit\u00e9 n\u00e1bo\u017eenstvo.<\/p><p>Aj men\u00e1 a p\u00f4sobnosti bo\u017estiev sa medzi prame\u0148mi a medzi r\u00f4znymi samsk\u00fdmi regi\u00f3nmi zna\u010dne l\u00ed\u0161ia. Samsk\u00e1 kult\u00fara nikdy nebola jednotn\u00e1; zah\u0155\u0148ala viacero jazykov a rozli\u010dn\u00e9 sp\u00f4soby \u017eivota, od pobre\u017en\u00e9ho rybolovu a\u017e po pastierstvo sobov.<\/p><p>Nov\u0161ie v\u00fdskumy, napr\u00edklad pr\u00e1ce H\u00e5kana Rydvinga a in\u00fdch, preto zd\u00f4raz\u0148uj\u00fa nutnos\u0165 d\u00f4slednej kritiky prame\u0148ov. Rydving v \u0161t\u00fadi\u00e1ch o n\u00e1bo\u017eenskej zmene u Sami uk\u00e1zal, ako silno s\u00fa tradovan\u00e9 spr\u00e1vy ovplyvnen\u00e9 perspekt\u00edvou mision\u00e1rov.<\/p><p>Pre Beaivi to znamen\u00e1, \u017ee centr\u00e1lna \u00faloha slnka v samskej viere je dobre dolo\u017een\u00e1, prostredn\u00edctvom bubnov, zhodn\u00fdch spr\u00e1v a zrozumite\u013enej logiky pol\u00e1rneho ro\u010dn\u00e9ho cyklu, ale mnoh\u00e9 detaily kultu a predst\u00e1v zost\u00e1vaj\u00fa neist\u00e9. Kto p\u00ed\u0161e o Beaivi, mus\u00ed tieto hranice poznania otvorene prizna\u0165.<\/p>\t\t\t\t\t\t\t\t<\/div>\n\t\t\t\t\t<\/div>\n\t\t\t\t<\/div>\n\t\t\t\t\t<\/div>\n\t\t\t\t<\/div>\n\t\t<div class=\"elementor-element elementor-element-iwgw-beaivi-lit e-flex e-con-boxed e-con e-parent\" data-id=\"iwgw-beaivi-lit\" data-element_type=\"container\" data-e-type=\"container\">\n\t\t\t\t\t<div class=\"e-con-inner\">\n\t\t\t\t<div class=\"elementor-element elementor-element-iwgw-beaivi-lith elementor-widget elementor-widget-heading\" data-id=\"iwgw-beaivi-lith\" data-element_type=\"widget\" data-e-type=\"widget\" data-widget_type=\"heading.default\">\n\t\t\t\t\t<h2 class=\"elementor-heading-title elementor-size-default\">Literat\u00fara (v\u00fdber)<\/h2>\t\t\t\t<\/div>\n\t\t<div class=\"elementor-element elementor-element-iwgw-beaivi-litc e-con-full e-flex e-con e-child\" data-id=\"iwgw-beaivi-litc\" data-element_type=\"container\" data-e-type=\"container\">\n\t\t\t\t<div class=\"elementor-element elementor-element-iwgw-beaivi-litt elementor-widget elementor-widget-text-editor\" data-id=\"iwgw-beaivi-litt\" data-element_type=\"widget\" data-e-type=\"widget\" data-widget_type=\"text-editor.default\">\n\t\t\t\t\t\t\t\t\t<ul><li><span data-nosnippet>H\u00e5kan Rydving: <em>The End of Drum-Time. Religious Change Among the Lule Saami, 1670s-1740s<\/em> (Uppsala 1993)<\/span><\/li><li>Juha Pentik\u00e4inen: <em>Saamelaiset. Pohjoisen kansan mytologia<\/em> (Helsinki 1995)<\/li><li>Ernst Manker: <em>Die Lappische Zaubertrommel<\/em> (Stockholm 1938-1950)<\/li><li>Johannes Schefferus: <em>Lapponia<\/em> (Frankfurt 1673)<\/li><li>Lars Levi L\u00e6stadius: <em>Fragmenter i lappska mythologien<\/em> (Manuskript ca. 1840)<\/li><li>Anna Lia Berthelsen: <em>The Sami People. Traditions in Transition<\/em> (Fairbanks 2002)<\/li><\/ul>\t\t\t\t\t\t\t\t<\/div>\n\t\t\t\t<\/div>\n\t\t\t\t\t<\/div>\n\t\t\t\t<\/div>\n\t\t<div class=\"elementor-element elementor-element-iwgw-beaivi-kwd e-flex e-con-boxed e-con e-parent\" data-id=\"iwgw-beaivi-kwd\" data-element_type=\"container\" data-e-type=\"container\">\n\t\t\t\t\t<div class=\"e-con-inner\">\n\t\t<div class=\"elementor-element elementor-element-iwgw-beaivi-kwdc e-con-full e-flex e-con e-child\" data-id=\"iwgw-beaivi-kwdc\" data-element_type=\"container\" data-e-type=\"container\">\n\t\t\t\t<div class=\"elementor-element elementor-element-iwgw-beaivi-kwdt elementor-widget elementor-widget-text-editor\" data-id=\"iwgw-beaivi-kwdt\" data-element_type=\"widget\" data-e-type=\"widget\" data-widget_type=\"text-editor.default\">\n\t\t\t\t\t\t\t\t\t<p><em>S\u00favisiace k\u013e\u00fa\u010dov\u00e9 pojmy: Beaivi P\u00e4ivi Peivve Sami slne\u010dn\u00e1 bohy\u0148a Goavddis Sieidi Noaidi letn\u00fd slnovrat.<\/em><\/p>\t\t\t\t\t\t\t\t<\/div>\n\t\t\t\t<\/div>\n\t\t\t\t\t<\/div>\n\t\t\t\t<\/div>\n\t\t<div class=\"elementor-element elementor-element-iwgw-beaivi-cc e-flex e-con-boxed e-con e-parent\" data-id=\"iwgw-beaivi-cc\" data-element_type=\"container\" data-e-type=\"container\" id=\"iwg-cc-beaivi\">\n\t\t\t\t\t<div class=\"e-con-inner\">\n\t\t<div class=\"elementor-element elementor-element-iwgw-beaivi-ccinner e-flex e-con-boxed e-con e-parent\" data-id=\"iwgw-beaivi-ccinner\" data-element_type=\"container\" data-e-type=\"container\" data-settings=\"{&quot;background_background&quot;:&quot;classic&quot;}\">\n\t\t\t\t\t<div class=\"e-con-inner\">\n\t\t\t\t<div class=\"elementor-element elementor-element-iwgw-beaivi-cch elementor-widget elementor-widget-heading\" data-id=\"iwgw-beaivi-cch\" data-element_type=\"widget\" data-e-type=\"widget\" data-widget_type=\"heading.default\">\n\t\t\t\t\t<h2 class=\"elementor-heading-title elementor-size-default\">iWell Guard a ochrann\u00e9 trad\u00edcie<\/h2>\t\t\t\t<\/div>\n\t\t\t\t<div class=\"elementor-element elementor-element-iwgw-beaivi-cct elementor-widget elementor-widget-text-editor\" data-id=\"iwgw-beaivi-cct\" data-element_type=\"widget\" data-e-type=\"widget\" data-widget_type=\"text-editor.default\">\n\t\t\t\t\t\t\t\t\t<div data-nosnippet=\"true\"><p>iWell Guard nadv\u00e4zuje na kult\u00farno-historick\u00fa trad\u00edciu prenosn\u00fdch ochrann\u00fdch predmetov, v trad\u00edcii <a href=\"https:\/\/iwell-guard.com\/sk\/sami-a-finsko-ugorska-tradicia-noaidi-buben\/\">Sami<\/a> a mnoh\u00fdch \u010fal\u0161\u00edch kult\u00far po celom svete. 41 vrstiev, prav\u00e9 zlato, platina, striebro, vyroben\u00e9 v Nemecku. 30-d\u0148ov\u00e1 lehota na vr\u00e1tenie.<\/p><\/div>\t\t\t\t\t\t\t\t<\/div>\n\t\t\t\t<div class=\"elementor-element elementor-element-iwgw-beaivi-ccb iwg-cc-button iwg-cc-cta-2026-05-13 elementor-widget elementor-widget-jet-button\" data-id=\"iwgw-beaivi-ccb\" data-element_type=\"widget\" data-e-type=\"widget\" data-widget_type=\"jet-button.default\">\n\t\t\t\t<div class=\"elementor-widget-container\">\n\t\t\t\t\t<div class=\"elementor-jet-button jet-elements\"><div class=\"jet-button__container\"><a class=\"jet-button__instance jet-button__instance--icon-left hover-effect-1\" href=\"\/ueber-iwell-guard\/?utm_source=iwell-guard.com&amp;utm_medium=info-box&amp;utm_campaign=wesen-tradition\"><div class=\"jet-button__plane jet-button__plane-normal\"><\/div><div class=\"jet-button__plane jet-button__plane-hover\"><\/div><div class=\"jet-button__state jet-button__state-normal\"><span class=\"jet-button__label\">Viac o iWell Guard<\/span><\/div><div class=\"jet-button__state jet-button__state-hover\"><span class=\"jet-button__label\">Viac o iWell Guard<\/span><\/div><\/a><\/div><\/div><style>.elementor-element.elementor-element-iwgw-beaivi-ccb .jet-button__instance{width:320px;height:56px;}.elementor-element.elementor-element-iwgw-beaivi-ccb .jet-button__state-normal .jet-button__label{text-align:center;margin:0px 0px 0px 0px;color:#1a1b20;font-family:Montserrat,sans-serif;font-size:13px;font-weight:400;letter-spacing:4px;line-height:1.714em;text-transform:uppercase;}.elementor-element.elementor-element-iwgw-beaivi-ccb .jet-button__state-hover .jet-button__label{text-align:center;margin:0px 0px 0px 0px;color:#FECC76;font-family:Montserrat,sans-serif;font-size:13px;font-weight:400;letter-spacing:4px;line-height:1.714em;text-transform:uppercase;}.elementor-element.elementor-element-iwgw-beaivi-ccb .jet-button__plane-normal{background-color:#FECC76;border-style:solid;border-color:#C99540;border-width:2px 2px 2px 2px;}.elementor-element.elementor-element-iwgw-beaivi-ccb .jet-button__plane-hover{background-color:rgba(0,0,0,0.55);border-style:solid;border-color:#FECC76;border-width:2px 2px 2px 2px;}<\/style>\t\t\t\t<\/div>\n\t\t\t\t<\/div>\n\t\t\t\t<div class=\"elementor-element elementor-element-iwgw-beaivi-ccd elementor-widget elementor-widget-text-editor\" data-id=\"iwgw-beaivi-ccd\" data-element_type=\"widget\" data-e-type=\"widget\" data-widget_type=\"text-editor.default\">\n\t\t\t\t\t\t\t\t\t<div data-nosnippet=\"true\"><p style=\"text-align:center;font-size:13px;opacity:0.7;margin-top:14px\" data-nosnippet=\"true\">Osobn\u00e9 sk\u00fasenosti sa m\u00f4\u017eu l\u00ed\u0161i\u0165. Nie je to zdravotn\u00edcka pom\u00f4cka. \u017diadny pr\u00eds\u013eub lie\u010denia.<\/p><\/div>\t\t\t\t\t\t\t\t<\/div>\n\t\t\t\t\t<\/div>\n\t\t\t\t<\/div>\n\t\t\t\t\t<\/div>\n\t\t\t\t<\/div>\n\t\t<div class=\"elementor-element elementor-element-iwgw-beaivi-disc e-flex e-con-boxed e-con e-parent\" data-id=\"iwgw-beaivi-disc\" data-element_type=\"container\" data-e-type=\"container\">\n\t\t\t\t\t<div class=\"e-con-inner\">\n\t\t\t\t<div class=\"elementor-element elementor-element-iwgw-beaivi-discw elementor-widget elementor-widget-html\" data-id=\"iwgw-beaivi-discw\" data-element_type=\"widget\" data-e-type=\"widget\" data-widget_type=\"html.default\">\n\t\t\t\t\t<footer data-nosnippet=\"true\" class=\"iwg-disclaimer-block\"><p data-nosnippet=\"true\">iWell Guard <strong>nie je zdravotn\u00edcka pom\u00f4cka<\/strong> a nenahr\u00e1dza lek\u00e1rske ani psychoterapeutick\u00e9 o\u0161etrenie. Religionistick\u00fd obsah predstavuje kult\u00farno-historick\u00e9 zaradenie, nie odpor\u00fa\u010danie duchovnej praxe.<\/p><\/footer>\t\t\t\t<\/div>\n\t\t\t\t\t<\/div>\n\t\t\t\t<\/div>\n\t\t\t\t<\/div>\n\t\t","protected":false},"excerpt":{"rendered":"","protected":false},"author":3,"featured_media":2890,"parent":0,"menu_order":0,"comment_status":"closed","ping_status":"closed","template":"elementor_header_footer","meta":{"_yoast_wpseo_focuskw":"Beaivi s\u00e1mska slne\u010dn\u00e1 bohy\u0148a","_yoast_wpseo_title":"Beaivi \u2013 slne\u010dn\u00e1 bohy\u0148a S\u00e1mov a darky\u0148a \u017eivota","_yoast_wpseo_metadesc":"Beaivi je slne\u010dn\u00e1 bohy\u0148a S\u00e1mov a matka \u017eivota. Religionistick\u00e9 zaradenie predkres\u0165ansk\u00e9ho s\u00e1mskeho n\u00e1bo\u017eenstva.","_yoast_wpseo_meta-robots-noindex":"","_yoast_wpseo_canonical":"","_angie_page":false,"gefaehrdungsstufe":"","wesen_kultur":"","wesen_klasse":"","footnotes":""},"categories":[],"class_list":["post-158001","page","type-page","status-publish","has-post-thumbnail","hentry"],"yoast_head":"<!-- This site is optimized with the Yoast SEO Premium plugin v27.7 (Yoast SEO v28.3) - https:\/\/yoast.com\/product\/yoast-seo-premium-wordpress\/ -->\n<title>Beaivi \u2013 slne\u010dn\u00e1 bohy\u0148a S\u00e1mov a darky\u0148a \u017eivota<\/title>\n<meta name=\"description\" content=\"Beaivi je slne\u010dn\u00e1 bohy\u0148a S\u00e1mov a matka \u017eivota. Religionistick\u00e9 zaradenie predkres\u0165ansk\u00e9ho s\u00e1mskeho n\u00e1bo\u017eenstva.\" \/>\n<meta name=\"robots\" content=\"index, follow, max-snippet:-1, max-image-preview:large, max-video-preview:-1\" \/>\n<link rel=\"canonical\" href=\"https:\/\/iwell-guard.com\/sk\/beaivi-slnecna-bohyna-samov\/\" \/>\n<meta property=\"og:locale\" content=\"sk_SK\" \/>\n<meta property=\"og:type\" content=\"article\" \/>\n<meta property=\"og:title\" content=\"Beaivi \u2013 slne\u010dn\u00e1 bohy\u0148a S\u00e1mov\" \/>\n<meta property=\"og:description\" content=\"Beaivi je slne\u010dn\u00e1 bohy\u0148a S\u00e1mov a matka \u017eivota. Religionistick\u00e9 zaradenie predkres\u0165ansk\u00e9ho s\u00e1mskeho n\u00e1bo\u017eenstva.\" \/>\n<meta property=\"og:url\" content=\"https:\/\/iwell-guard.com\/sk\/beaivi-slnecna-bohyna-samov\/\" \/>\n<meta property=\"og:site_name\" content=\"iWell Guard\" \/>\n<meta property=\"article:modified_time\" content=\"2026-09-04T22:48:09+00:00\" \/>\n<meta property=\"og:image\" content=\"https:\/\/iwell-guard.com\/wp-content\/uploads\/2026\/05\/goetter_sami_beaivi.webp\" \/>\n\t<meta property=\"og:image:width\" content=\"1024\" \/>\n\t<meta property=\"og:image:height\" content=\"1536\" \/>\n\t<meta property=\"og:image:type\" content=\"image\/webp\" \/>\n<meta name=\"twitter:card\" content=\"summary_large_image\" \/>\n<script type=\"application\/ld+json\" class=\"yoast-schema-graph\">{\"@context\":\"https:\\\/\\\/schema.org\",\"@graph\":[{\"@type\":\"WebPage\",\"@id\":\"https:\\\/\\\/iwell-guard.com\\\/sk\\\/beaivi-slnecna-bohyna-samov\\\/\",\"url\":\"https:\\\/\\\/iwell-guard.com\\\/sk\\\/beaivi-slnecna-bohyna-samov\\\/\",\"name\":\"Beaivi \u2013 slne\u010dn\u00e1 bohy\u0148a S\u00e1mov a darky\u0148a \u017eivota\",\"isPartOf\":{\"@id\":\"https:\\\/\\\/iwell-guard.com\\\/sk\\\/#website\"},\"primaryImageOfPage\":{\"@id\":\"https:\\\/\\\/iwell-guard.com\\\/sk\\\/beaivi-slnecna-bohyna-samov\\\/#primaryimage\"},\"image\":{\"@id\":\"https:\\\/\\\/iwell-guard.com\\\/sk\\\/beaivi-slnecna-bohyna-samov\\\/#primaryimage\"},\"thumbnailUrl\":\"https:\\\/\\\/iwell-guard.com\\\/wp-content\\\/uploads\\\/2026\\\/05\\\/goetter_sami_beaivi.webp\",\"datePublished\":\"2026-09-04T22:20:31+00:00\",\"dateModified\":\"2026-09-04T22:48:09+00:00\",\"description\":\"Beaivi je slne\u010dn\u00e1 bohy\u0148a S\u00e1mov a matka \u017eivota. Religionistick\u00e9 zaradenie predkres\u0165ansk\u00e9ho s\u00e1mskeho n\u00e1bo\u017eenstva.\",\"breadcrumb\":{\"@id\":\"https:\\\/\\\/iwell-guard.com\\\/sk\\\/beaivi-slnecna-bohyna-samov\\\/#breadcrumb\"},\"inLanguage\":\"sk-SK\",\"potentialAction\":[{\"@type\":\"ReadAction\",\"target\":[\"https:\\\/\\\/iwell-guard.com\\\/sk\\\/beaivi-slnecna-bohyna-samov\\\/\"]}]},{\"@type\":\"ImageObject\",\"inLanguage\":\"sk-SK\",\"@id\":\"https:\\\/\\\/iwell-guard.com\\\/sk\\\/beaivi-slnecna-bohyna-samov\\\/#primaryimage\",\"url\":\"https:\\\/\\\/iwell-guard.com\\\/wp-content\\\/uploads\\\/2026\\\/05\\\/goetter_sami_beaivi.webp\",\"contentUrl\":\"https:\\\/\\\/iwell-guard.com\\\/wp-content\\\/uploads\\\/2026\\\/05\\\/goetter_sami_beaivi.webp\",\"width\":1024,\"height\":1536,\"caption\":\"Bohovia zo s\u00e1mskej trad\u00edcie.\"},{\"@type\":\"BreadcrumbList\",\"@id\":\"https:\\\/\\\/iwell-guard.com\\\/sk\\\/beaivi-slnecna-bohyna-samov\\\/#breadcrumb\",\"itemListElement\":[{\"@type\":\"ListItem\",\"position\":1,\"name\":\"Start\",\"item\":\"https:\\\/\\\/iwell-guard.com\\\/sk\\\/?page_id=157572\"},{\"@type\":\"ListItem\",\"position\":2,\"name\":\"Beaivi \u2013 slne\u010dn\u00e1 bohy\u0148a S\u00e1mov\"}]},{\"@type\":\"WebSite\",\"@id\":\"https:\\\/\\\/iwell-guard.com\\\/sk\\\/#website\",\"url\":\"https:\\\/\\\/iwell-guard.com\\\/sk\\\/\",\"name\":\"iWell Guard\",\"description\":\"Schutz vor dunklen Einfl\u00fcssen\",\"publisher\":{\"@id\":\"https:\\\/\\\/iwell-guard.com\\\/sk\\\/#organization\"},\"potentialAction\":[{\"@type\":\"SearchAction\",\"target\":{\"@type\":\"EntryPoint\",\"urlTemplate\":\"https:\\\/\\\/iwell-guard.com\\\/sk\\\/?s={search_term_string}\"},\"query-input\":{\"@type\":\"PropertyValueSpecification\",\"valueRequired\":true,\"valueName\":\"search_term_string\"}}],\"inLanguage\":\"sk-SK\"},{\"@type\":\"Organization\",\"@id\":\"https:\\\/\\\/iwell-guard.com\\\/sk\\\/#organization\",\"name\":\"Ittermann electronic GmbH\",\"url\":\"https:\\\/\\\/iwell-guard.com\\\/sk\\\/\",\"logo\":{\"@type\":\"ImageObject\",\"inLanguage\":\"sk-SK\",\"@id\":\"https:\\\/\\\/iwell-guard.com\\\/sk\\\/#\\\/schema\\\/logo\\\/image\\\/\",\"url\":\"https:\\\/\\\/iwell-guard.com\\\/wp-content\\\/uploads\\\/2026\\\/05\\\/Ittermann-Logo-1182x237-1.png\",\"contentUrl\":\"https:\\\/\\\/iwell-guard.com\\\/wp-content\\\/uploads\\\/2026\\\/05\\\/Ittermann-Logo-1182x237-1.png\",\"width\":1182,\"height\":237,\"caption\":\"Ittermann electronic GmbH\"},\"image\":{\"@id\":\"https:\\\/\\\/iwell-guard.com\\\/sk\\\/#\\\/schema\\\/logo\\\/image\\\/\"},\"sameAs\":[\"https:\\\/\\\/pantip.com\\\/profile\\\/9367242\",\"https:\\\/\\\/micro.blog\\\/iwellguard\",\"https:\\\/\\\/www.diggerslist.com\\\/iwellguard\\\/about\",\"https:\\\/\\\/skitterphoto.com\\\/photographers\\\/2870314\\\/iwell-guard\",\"https:\\\/\\\/iwellguard.wordpress.com\\\/2026\\\/06\\\/06\\\/iwell-guard\\\/\",\"https:\\\/\\\/hub.docker.com\\\/u\\\/iwellguard\",\"https:\\\/\\\/www.pinterest.com\\\/iwellguard\\\/\",\"https:\\\/\\\/bit.ly\\\/m\\\/iwellguard\",\"https:\\\/\\\/entre-vos-mains.alsace.eu\\\/profiles\\\/iwellguard\\\/activity\",\"https:\\\/\\\/gravatar.com\\\/reallybeded8fd34\",\"https:\\\/\\\/naijamatta.com\\\/iwellguard\",\"https:\\\/\\\/www.goodreads.com\\\/iwellguard\",\"https:\\\/\\\/profile.hatena.ne.jp\\\/iwellguard\\\/\",\"https:\\\/\\\/experiment.com\\\/users\\\/iwellguard\",\"https:\\\/\\\/wakelet.com\\\/@iWellGuard82270\",\"https:\\\/\\\/www.chordie.com\\\/forum\\\/profile.php?id=2555664\",\"https:\\\/\\\/www.instapaper.com\\\/p\\\/17757966\",\"https:\\\/\\\/www.mapleprimes.com\\\/users\\\/iwellguard\",\"https:\\\/\\\/businesslistingplus.com\\\/profile\\\/iwell-guard\\\/\",\"https:\\\/\\\/telegra.ph\\\/iWell-Guard-06-06\",\"https:\\\/\\\/pbase.com\\\/iwellguard\\\/iwellguard\",\"https:\\\/\\\/b.hatena.ne.jp\\\/iwellguard\\\/20260607#bookmark-4788405196491818882\",\"https:\\\/\\\/fliphtml5.com\\\/home\\\/iwellguard\",\"https:\\\/\\\/anyflip.com\\\/homepage\\\/cmiwl#About\",\"https:\\\/\\\/transfur.com\\\/Users\\\/iwellguard\",\"http:\\\/\\\/delphi.larsbo.org\\\/user\\\/iwellguard\",\"https:\\\/\\\/jobs.lajobsportal.org\\\/profiles\\\/8380803-iwell-guard\",\"https:\\\/\\\/md.chaosdorf.de\\\/s\\\/jfbe5SBdJD\",\"https:\\\/\\\/www.lingvolive.com\\\/en-us\\\/profile\\\/9ecaeaca-ce11-4e51-9e71-01d55e2bff36\\\/translations\",\"https:\\\/\\\/www.fitday.com\\\/fitness\\\/forums\\\/members\\\/iwellguard.html\",\"https:\\\/\\\/www.mymeetbook.com\\\/iwellguard\",\"https:\\\/\\\/pxhere.com\\\/en\\\/photographer-me\\\/5040798\",\"https:\\\/\\\/disqus.com\\\/by\\\/iwellguard\\\/about\\\/\",\"https:\\\/\\\/pastelink.net\\\/hjwciqwq\",\"https:\\\/\\\/pubhtml5.com\\\/homepage\\\/scjhn\\\/\",\"https:\\\/\\\/www.bitchute.com\\\/channel\\\/2O2eOKzNqujT\",\"https:\\\/\\\/audiomack.com\\\/iwellguard\"]}]}<\/script>\n<!-- \/ Yoast SEO Premium plugin. -->","yoast_head_json":{"title":"Beaivi \u2013 slne\u010dn\u00e1 bohy\u0148a S\u00e1mov a darky\u0148a \u017eivota","description":"Beaivi je slne\u010dn\u00e1 bohy\u0148a S\u00e1mov a matka \u017eivota. Religionistick\u00e9 zaradenie predkres\u0165ansk\u00e9ho s\u00e1mskeho n\u00e1bo\u017eenstva.","robots":{"index":"index","follow":"follow","max-snippet":"max-snippet:-1","max-image-preview":"max-image-preview:large","max-video-preview":"max-video-preview:-1"},"canonical":"https:\/\/iwell-guard.com\/sk\/beaivi-slnecna-bohyna-samov\/","og_locale":"sk_SK","og_type":"article","og_title":"Beaivi \u2013 slne\u010dn\u00e1 bohy\u0148a S\u00e1mov","og_description":"Beaivi je slne\u010dn\u00e1 bohy\u0148a S\u00e1mov a matka \u017eivota. Religionistick\u00e9 zaradenie predkres\u0165ansk\u00e9ho s\u00e1mskeho n\u00e1bo\u017eenstva.","og_url":"https:\/\/iwell-guard.com\/sk\/beaivi-slnecna-bohyna-samov\/","og_site_name":"iWell Guard","article_modified_time":"2026-09-04T22:48:09+00:00","og_image":[{"width":1024,"height":1536,"url":"https:\/\/iwell-guard.com\/wp-content\/uploads\/2026\/05\/goetter_sami_beaivi.webp","type":"image\/webp"}],"twitter_card":"summary_large_image","schema":{"@context":"https:\/\/schema.org","@graph":[{"@type":"WebPage","@id":"https:\/\/iwell-guard.com\/sk\/beaivi-slnecna-bohyna-samov\/","url":"https:\/\/iwell-guard.com\/sk\/beaivi-slnecna-bohyna-samov\/","name":"Beaivi \u2013 slne\u010dn\u00e1 bohy\u0148a S\u00e1mov a darky\u0148a \u017eivota","isPartOf":{"@id":"https:\/\/iwell-guard.com\/sk\/#website"},"primaryImageOfPage":{"@id":"https:\/\/iwell-guard.com\/sk\/beaivi-slnecna-bohyna-samov\/#primaryimage"},"image":{"@id":"https:\/\/iwell-guard.com\/sk\/beaivi-slnecna-bohyna-samov\/#primaryimage"},"thumbnailUrl":"https:\/\/iwell-guard.com\/wp-content\/uploads\/2026\/05\/goetter_sami_beaivi.webp","datePublished":"2026-09-04T22:20:31+00:00","dateModified":"2026-09-04T22:48:09+00:00","description":"Beaivi je slne\u010dn\u00e1 bohy\u0148a S\u00e1mov a matka \u017eivota. Religionistick\u00e9 zaradenie predkres\u0165ansk\u00e9ho s\u00e1mskeho n\u00e1bo\u017eenstva.","breadcrumb":{"@id":"https:\/\/iwell-guard.com\/sk\/beaivi-slnecna-bohyna-samov\/#breadcrumb"},"inLanguage":"sk-SK","potentialAction":[{"@type":"ReadAction","target":["https:\/\/iwell-guard.com\/sk\/beaivi-slnecna-bohyna-samov\/"]}]},{"@type":"ImageObject","inLanguage":"sk-SK","@id":"https:\/\/iwell-guard.com\/sk\/beaivi-slnecna-bohyna-samov\/#primaryimage","url":"https:\/\/iwell-guard.com\/wp-content\/uploads\/2026\/05\/goetter_sami_beaivi.webp","contentUrl":"https:\/\/iwell-guard.com\/wp-content\/uploads\/2026\/05\/goetter_sami_beaivi.webp","width":1024,"height":1536,"caption":"Bohovia zo s\u00e1mskej trad\u00edcie."},{"@type":"BreadcrumbList","@id":"https:\/\/iwell-guard.com\/sk\/beaivi-slnecna-bohyna-samov\/#breadcrumb","itemListElement":[{"@type":"ListItem","position":1,"name":"Start","item":"https:\/\/iwell-guard.com\/sk\/?page_id=157572"},{"@type":"ListItem","position":2,"name":"Beaivi \u2013 slne\u010dn\u00e1 bohy\u0148a S\u00e1mov"}]},{"@type":"WebSite","@id":"https:\/\/iwell-guard.com\/sk\/#website","url":"https:\/\/iwell-guard.com\/sk\/","name":"iWell Guard","description":"Schutz vor dunklen Einfl\u00fcssen","publisher":{"@id":"https:\/\/iwell-guard.com\/sk\/#organization"},"potentialAction":[{"@type":"SearchAction","target":{"@type":"EntryPoint","urlTemplate":"https:\/\/iwell-guard.com\/sk\/?s={search_term_string}"},"query-input":{"@type":"PropertyValueSpecification","valueRequired":true,"valueName":"search_term_string"}}],"inLanguage":"sk-SK"},{"@type":"Organization","@id":"https:\/\/iwell-guard.com\/sk\/#organization","name":"Ittermann electronic GmbH","url":"https:\/\/iwell-guard.com\/sk\/","logo":{"@type":"ImageObject","inLanguage":"sk-SK","@id":"https:\/\/iwell-guard.com\/sk\/#\/schema\/logo\/image\/","url":"https:\/\/iwell-guard.com\/wp-content\/uploads\/2026\/05\/Ittermann-Logo-1182x237-1.png","contentUrl":"https:\/\/iwell-guard.com\/wp-content\/uploads\/2026\/05\/Ittermann-Logo-1182x237-1.png","width":1182,"height":237,"caption":"Ittermann electronic GmbH"},"image":{"@id":"https:\/\/iwell-guard.com\/sk\/#\/schema\/logo\/image\/"},"sameAs":["https:\/\/pantip.com\/profile\/9367242","https:\/\/micro.blog\/iwellguard","https:\/\/www.diggerslist.com\/iwellguard\/about","https:\/\/skitterphoto.com\/photographers\/2870314\/iwell-guard","https:\/\/iwellguard.wordpress.com\/2026\/06\/06\/iwell-guard\/","https:\/\/hub.docker.com\/u\/iwellguard","https:\/\/www.pinterest.com\/iwellguard\/","https:\/\/bit.ly\/m\/iwellguard","https:\/\/entre-vos-mains.alsace.eu\/profiles\/iwellguard\/activity","https:\/\/gravatar.com\/reallybeded8fd34","https:\/\/naijamatta.com\/iwellguard","https:\/\/www.goodreads.com\/iwellguard","https:\/\/profile.hatena.ne.jp\/iwellguard\/","https:\/\/experiment.com\/users\/iwellguard","https:\/\/wakelet.com\/@iWellGuard82270","https:\/\/www.chordie.com\/forum\/profile.php?id=2555664","https:\/\/www.instapaper.com\/p\/17757966","https:\/\/www.mapleprimes.com\/users\/iwellguard","https:\/\/businesslistingplus.com\/profile\/iwell-guard\/","https:\/\/telegra.ph\/iWell-Guard-06-06","https:\/\/pbase.com\/iwellguard\/iwellguard","https:\/\/b.hatena.ne.jp\/iwellguard\/20260607#bookmark-4788405196491818882","https:\/\/fliphtml5.com\/home\/iwellguard","https:\/\/anyflip.com\/homepage\/cmiwl#About","https:\/\/transfur.com\/Users\/iwellguard","http:\/\/delphi.larsbo.org\/user\/iwellguard","https:\/\/jobs.lajobsportal.org\/profiles\/8380803-iwell-guard","https:\/\/md.chaosdorf.de\/s\/jfbe5SBdJD","https:\/\/www.lingvolive.com\/en-us\/profile\/9ecaeaca-ce11-4e51-9e71-01d55e2bff36\/translations","https:\/\/www.fitday.com\/fitness\/forums\/members\/iwellguard.html","https:\/\/www.mymeetbook.com\/iwellguard","https:\/\/pxhere.com\/en\/photographer-me\/5040798","https:\/\/disqus.com\/by\/iwellguard\/about\/","https:\/\/pastelink.net\/hjwciqwq","https:\/\/pubhtml5.com\/homepage\/scjhn\/","https:\/\/www.bitchute.com\/channel\/2O2eOKzNqujT","https:\/\/audiomack.com\/iwellguard"]}]}},"_links":{"self":[{"href":"https:\/\/iwell-guard.com\/sk\/wp-json\/wp\/v2\/pages\/158001","targetHints":{"allow":["GET"]}}],"collection":[{"href":"https:\/\/iwell-guard.com\/sk\/wp-json\/wp\/v2\/pages"}],"about":[{"href":"https:\/\/iwell-guard.com\/sk\/wp-json\/wp\/v2\/types\/page"}],"author":[{"embeddable":true,"href":"https:\/\/iwell-guard.com\/sk\/wp-json\/wp\/v2\/users\/3"}],"replies":[{"embeddable":true,"href":"https:\/\/iwell-guard.com\/sk\/wp-json\/wp\/v2\/comments?post=158001"}],"version-history":[{"count":0,"href":"https:\/\/iwell-guard.com\/sk\/wp-json\/wp\/v2\/pages\/158001\/revisions"}],"wp:featuredmedia":[{"embeddable":true,"href":"https:\/\/iwell-guard.com\/sk\/wp-json\/wp\/v2\/media\/2890"}],"wp:attachment":[{"href":"https:\/\/iwell-guard.com\/sk\/wp-json\/wp\/v2\/media?parent=158001"}],"wp:term":[{"taxonomy":"category","embeddable":true,"href":"https:\/\/iwell-guard.com\/sk\/wp-json\/wp\/v2\/categories?post=158001"}],"curies":[{"name":"wp","href":"https:\/\/api.w.org\/{rel}","templated":true}]}}