{"id":158000,"date":"2026-09-04T22:20:31","date_gmt":"2026-09-04T22:20:31","guid":{"rendered":"https:\/\/iwell-guard.com\/?page_id=158000"},"modified":"2026-09-04T22:48:09","modified_gmt":"2026-09-04T22:48:09","slug":"qailertetang-spolocnicka-pocasia-strazkyna-zvierat","status":"publish","type":"page","link":"https:\/\/iwell-guard.com\/sk\/qailertetang-spolocnicka-pocasia-strazkyna-zvierat\/","title":{"rendered":"Qailertetang &#8211; spolo\u010dn\u00ed\u010dka po\u010dasia a str\u00e1\u017eky\u0148a zvierat"},"content":{"rendered":"\t\t<div data-elementor-type=\"wp-page\" data-elementor-id=\"158000\" class=\"elementor elementor-158000 elementor-2663 elementor-bc-flex-widget\" data-elementor-post-type=\"page\">\n\t\t\t\t<div class=\"elementor-element elementor-element-iwgw-qailerteta-hero e-flex e-con-boxed e-con e-parent\" data-id=\"iwgw-qailerteta-hero\" data-element_type=\"container\" data-e-type=\"container\" data-settings=\"{&quot;background_background&quot;:&quot;classic&quot;}\">\n\t\t\t\t\t<div class=\"e-con-inner\">\n\t\t<div class=\"elementor-element elementor-element-iwgw-qailerteta-hl e-flex e-con-boxed e-con e-child\" data-id=\"iwgw-qailerteta-hl\" data-element_type=\"container\" data-e-type=\"container\">\n\t\t\t\t\t<div class=\"e-con-inner\">\n\t\t<div class=\"elementor-element elementor-element-iwgw-qailerteta-htxt e-con-full e-flex e-con e-child\" data-id=\"iwgw-qailerteta-htxt\" data-element_type=\"container\" data-e-type=\"container\">\n\t\t\t\t<div class=\"elementor-element elementor-element-iwgw-qailerteta-h1 elementor-widget elementor-widget-heading\" data-id=\"iwgw-qailerteta-h1\" data-element_type=\"widget\" data-e-type=\"widget\" data-widget_type=\"heading.default\">\n\t\t\t\t\t<h1 class=\"elementor-heading-title elementor-size-default\">Qailertetang - spolo\u010dn\u00ed\u010dka po\u010dasia Sedny a str\u00e1\u017eky\u0148a zvierat<\/h1>\t\t\t\t<\/div>\n\t\t\t\t<div class=\"elementor-element elementor-element-iwgw-qailerteta-lead elementor-widget elementor-widget-text-editor\" data-id=\"iwgw-qailerteta-lead\" data-element_type=\"widget\" data-e-type=\"widget\" data-widget_type=\"text-editor.default\">\n\t\t\t\t\t\t\t\t\t<p>Qailertetang je v trad\u00edcii Baffinov\u00fdch Inuitov spolo\u010dn\u00ed\u010dkou vl\u00e1dkyne mora <a href=\"https:\/\/iwell-guard.com\/sk\/?page_id=157991\">Sedny<\/a>, pova\u017euje sa za ducha po\u010dasia a str\u00e1\u017eky\u0148u zvierat. Franz Boas ju zaznamenal koncom 19. storo\u010dia a t\u00fdm ju pribl\u00ed\u017eil religionistick\u00e9mu v\u00fdskumu. Z religionistick\u00e9ho h\u013eadiska je pou\u010dn\u00fdm pr\u00edpadom region\u00e1lne zakotvenej pomocnej postavy. Ako spolo\u010dn\u00ed\u010dka po\u010dasia Sedny a str\u00e1\u017eky\u0148a zvierat Qailertetang ukazuje, ako p\u00f4sobia region\u00e1lne zakotven\u00e9 pomocn\u00e9 postavy.<\/p>\t\t\t\t\t\t\t\t<\/div>\n\t\t\t\t<\/div>\n\t\t<div class=\"elementor-element elementor-element-iwgw-qailerteta-pillc e-con-full e-flex e-con e-child\" data-id=\"iwgw-qailerteta-pillc\" data-element_type=\"container\" data-e-type=\"container\">\n\t\t\t\t<div class=\"elementor-element elementor-element-iwgw-qailerteta-pills elementor-widget elementor-widget-html\" data-id=\"iwgw-qailerteta-pills\" data-element_type=\"widget\" data-e-type=\"widget\" data-widget_type=\"html.default\">\n\t\t\t\t\t<div class=\"iwg-pill-row\"><span class=\"iwg-klasse-badge\" tabindex=\"0\" data-tooltip=\"Duch po\u010dasia trad\u00edcie Inuit.\">Duch po\u010dasia<\/span><a href=\"https:\/\/iwell-guard.com\/sk\/inuiti-a-arktida-sedna-tornit-ochranna-prax\/\" class=\"iwg-kultur-badge\" tabindex=\"0\" data-tooltip=\"Mytol\u00f3gia trad\u00edcie Inuit.\">Inuiti<\/a><span class=\"iwg-tradition-badge\" tabindex=\"0\" data-tooltip=\"Spolo\u010dn\u00ed\u010dka po\u010dasia.\">Spolo\u010dn\u00ed\u010dka po\u010dasia<\/span><\/div>\t\t\t\t<\/div>\n\t\t\t\t<\/div>\n\t\t<div class=\"elementor-element elementor-element-iwgw-qailerteta-tocc e-con-full e-flex e-con e-child\" data-id=\"iwgw-qailerteta-tocc\" data-element_type=\"container\" data-e-type=\"container\">\n\t\t\t\t<div class=\"elementor-element elementor-element-iwgw-qailerteta-toc elementor-toc--minimized-on-tablet elementor-widget elementor-widget-table-of-contents\" data-id=\"iwgw-qailerteta-toc\" data-element_type=\"widget\" data-e-type=\"widget\" data-settings=\"{&quot;headings_by_tags&quot;:[&quot;h2&quot;,&quot;h3&quot;],&quot;minimize_box&quot;:&quot;yes&quot;,&quot;marker_view&quot;:&quot;bullets&quot;,&quot;no_headings_message&quot;:&quot;Na tejto str\\u00e1nke sa nena\\u0161li \\u017eiadne nadpisy.&quot;,&quot;exclude_headings_by_selector&quot;:[],&quot;icon&quot;:{&quot;value&quot;:&quot;fas fa-circle&quot;,&quot;library&quot;:&quot;fa-solid&quot;,&quot;rendered_tag&quot;:&quot;&lt;svg class=\\&quot;e-font-icon-svg e-fas-circle\\&quot; viewBox=\\&quot;0 0 512 512\\&quot; xmlns=\\&quot;http:\\\/\\\/www.w3.org\\\/2000\\\/svg\\&quot;&gt;&lt;path d=\\&quot;M256 8C119 8 8 119 8 256s111 248 248 248 248-111 248-248S393 8 256 8z\\&quot;&gt;&lt;\\\/path&gt;&lt;\\\/svg&gt;&quot;},&quot;minimized_on&quot;:&quot;tablet&quot;,&quot;hierarchical_view&quot;:&quot;yes&quot;,&quot;min_height&quot;:{&quot;unit&quot;:&quot;px&quot;,&quot;size&quot;:&quot;&quot;,&quot;sizes&quot;:[]},&quot;min_height_tablet&quot;:{&quot;unit&quot;:&quot;px&quot;,&quot;size&quot;:&quot;&quot;,&quot;sizes&quot;:[]},&quot;min_height_mobile&quot;:{&quot;unit&quot;:&quot;px&quot;,&quot;size&quot;:&quot;&quot;,&quot;sizes&quot;:[]}}\" data-widget_type=\"table-of-contents.default\">\n\t\t\t\t\t\t\t\t\t<div class=\"elementor-toc__header\">\n\t\t\t\t\t\t<h2 class=\"elementor-toc__header-title\">\n\t\t\t\tObsah\t\t\t<\/h2>\n\t\t\t\t\t\t\t\t\t\t<div class=\"elementor-toc__toggle-button elementor-toc__toggle-button--expand\" role=\"button\" tabindex=\"0\" aria-controls=\"elementor-toc__iwgw-qailerteta-toc\" aria-expanded=\"true\" aria-label=\"Open table of contents\"><svg aria-hidden=\"true\" class=\"e-font-icon-svg e-fas-chevron-down\" viewBox=\"0 0 448 512\" xmlns=\"http:\/\/www.w3.org\/2000\/svg\"><path d=\"M207.029 381.476L12.686 187.132c-9.373-9.373-9.373-24.569 0-33.941l22.667-22.667c9.357-9.357 24.522-9.375 33.901-.04L224 284.505l154.745-154.021c9.379-9.335 24.544-9.317 33.901.04l22.667 22.667c9.373 9.373 9.373 24.569 0 33.941L240.971 381.476c-9.373 9.372-24.569 9.372-33.942 0z\"><\/path><\/svg><\/div>\n\t\t\t\t<div class=\"elementor-toc__toggle-button elementor-toc__toggle-button--collapse\" role=\"button\" tabindex=\"0\" aria-controls=\"elementor-toc__iwgw-qailerteta-toc\" aria-expanded=\"true\" aria-label=\"Close table of contents\"><svg aria-hidden=\"true\" class=\"e-font-icon-svg e-fas-chevron-up\" viewBox=\"0 0 448 512\" xmlns=\"http:\/\/www.w3.org\/2000\/svg\"><path d=\"M240.971 130.524l194.343 194.343c9.373 9.373 9.373 24.569 0 33.941l-22.667 22.667c-9.357 9.357-24.522 9.375-33.901.04L224 227.495 69.255 381.516c-9.379 9.335-24.544 9.317-33.901-.04l-22.667-22.667c-9.373-9.373-9.373-24.569 0-33.941L207.03 130.525c9.372-9.373 24.568-9.373 33.941-.001z\"><\/path><\/svg><\/div>\n\t\t\t\t\t<\/div>\n\t\t\t\t<div id=\"elementor-toc__iwgw-qailerteta-toc\" class=\"elementor-toc__body\">\n\t\t\t<div class=\"elementor-toc__spinner-container\">\n\t\t\t\t<svg class=\"elementor-toc__spinner eicon-animation-spin e-font-icon-svg e-eicon-loading\" aria-hidden=\"true\" viewBox=\"0 0 1000 1000\" xmlns=\"http:\/\/www.w3.org\/2000\/svg\"><path d=\"M500 975V858C696 858 858 696 858 500S696 142 500 142 142 304 142 500H25C25 237 238 25 500 25S975 237 975 500 763 975 500 975Z\"><\/path><\/svg>\t\t\t<\/div>\n\t\t<\/div>\n\t\t\t\t\t\t<\/div>\n\t\t\t\t<\/div>\n\t\t\t\t\t<\/div>\n\t\t\t\t<\/div>\n\t\t<div class=\"elementor-element elementor-element-iwgw-qailerteta-hr e-con-full e-flex e-con e-child\" data-id=\"iwgw-qailerteta-hr\" data-element_type=\"container\" data-e-type=\"container\">\n\t\t\t\t<div class=\"elementor-element elementor-element-iwgw-qailerteta-heroimg iwg-hero-image elementor-widget elementor-widget-image\" data-id=\"iwgw-qailerteta-heroimg\" data-element_type=\"widget\" data-e-type=\"widget\" data-widget_type=\"image.default\">\n\t\t\t\t\t\t\t\t\t\t\t\t\t\t\t<img fetchpriority=\"high\" decoding=\"async\" width=\"683\" height=\"1024\" src=\"https:\/\/iwell-guard.com\/wp-content\/uploads\/2026\/05\/geister_inuit_qailertetang-683x1024.webp\" class=\"attachment-large size-large wp-image-159771\" alt=\"Qailertetang \u2013 duchovia z inuitskej trad\u00edcie, historicko-ilustra\u010dn\u00e9 zobrazenie\" srcset=\"https:\/\/iwell-guard.com\/wp-content\/uploads\/2026\/05\/geister_inuit_qailertetang-683x1024.webp 683w, https:\/\/iwell-guard.com\/wp-content\/uploads\/2026\/05\/geister_inuit_qailertetang-200x300.webp 200w, https:\/\/iwell-guard.com\/wp-content\/uploads\/2026\/05\/geister_inuit_qailertetang-768x1152.webp 768w, https:\/\/iwell-guard.com\/wp-content\/uploads\/2026\/05\/geister_inuit_qailertetang.webp 1024w\" sizes=\"(max-width: 683px) 100vw, 683px\" \/>\t\t\t\t\t\t\t\t\t\t\t\t\t\t\t<\/div>\n\t\t\t\t<\/div>\n\t\t\t\t\t<\/div>\n\t\t\t\t<\/div>\n\t\t<div class=\"elementor-element elementor-element-iwgw-qailerteta-s0 e-flex e-con-boxed e-con e-parent\" data-id=\"iwgw-qailerteta-s0\" data-element_type=\"container\" data-e-type=\"container\">\n\t\t\t\t\t<div class=\"e-con-inner\">\n\t\t\t\t<div class=\"elementor-element elementor-element-iwgw-qailerteta-s0h elementor-widget elementor-widget-heading\" data-id=\"iwgw-qailerteta-s0h\" data-element_type=\"widget\" data-e-type=\"widget\" data-widget_type=\"heading.default\">\n\t\t\t\t\t<h2 class=\"elementor-heading-title elementor-size-default\">Zaradenie a stru\u010dn\u00fd profil<\/h2>\t\t\t\t<\/div>\n\t\t<div class=\"elementor-element elementor-element-iwgw-qailerteta-s0c e-con-full e-flex e-con e-child\" data-id=\"iwgw-qailerteta-s0c\" data-element_type=\"container\" data-e-type=\"container\">\n\t\t\t\t<div class=\"elementor-element elementor-element-iwgw-qailerteta-s0t elementor-widget elementor-widget-text-editor\" data-id=\"iwgw-qailerteta-s0t\" data-element_type=\"widget\" data-e-type=\"widget\" data-widget_type=\"text-editor.default\">\n\t\t\t\t\t\t\t\t\t<p>Qailertetang je m\u00e1lo zn\u00e1ma, ale v\u00fdznamn\u00e1 postava inuitsk\u00e9ho pante\u00f3nu. V trad\u00edcii Baffinovho ostrova vystupuje ako spolo\u010dn\u00ed\u010dka Sedny, z\u00e1rove\u0148 v\u0161ak m\u00e1 aj vlastn\u00e9 funkcie ducha po\u010dasia a str\u00e1\u017ekyne zvierat. Vedecky je pr\u00edkladom nesystematickej rozmanitosti inuitskej n\u00e1bo\u017eenskej hist\u00f3rie, v ktorej ved\u013ea ve\u013ek\u00fdch post\u00e1v existuje mno\u017estvo diferencovanej\u0161\u00edch post\u00e1v.<\/p><p>Franz Boas jej postavu prv\u00fdkr\u00e1t systematicky pop\u00edsal v diele <em>The Central Eskimo<\/em> (1888). Neskor\u0161\u00ed v\u00fdskum Rasmussena, Merkura a Laugranda jeho z\u00e1znamy doplnil, bez toho, aby z\u00e1sadne zmenil celkov\u00fd obraz. Qailertetang zost\u00e1va region\u00e1lne zakotvenou postavou, ktorej v\u00fdznam mimo regi\u00f3nu Baffinovho ostrova je menej v\u00fdrazn\u00fd a jej vedeck\u00e9 spracovanie e\u0161te nie je \u00fapln\u00e9.<\/p><p>Jej funkcia ducha po\u010dasia dopl\u0148uje \u0161ir\u0161iu \u00falohu <a href=\"https:\/\/iwell-guard.com\/sk\/?page_id=157992\">Sily<\/a> o osobnej\u0161\u00ed rozmer viazan\u00fd na Sednu. Nie je samotn\u00fdm po\u010das\u00edm, ale in\u0161tanciou, ktor\u00e1 m\u00f4\u017ee v mene Sedny regulova\u0165 po\u010dasie. T\u00e1to sprostredkovate\u013esk\u00e1 funkcia je z h\u013eadiska fenomenol\u00f3gie n\u00e1bo\u017eenstva samostatn\u00fdm javom a odli\u0161uje ju tak od Sily, ako aj od Sedny.<\/p><p>Qailertetang, region\u00e1lne zakotven\u00e1 v trad\u00edcii Baffinovho ostrova, bola v nov\u0161om v\u00fdskume presk\u00faman\u00e1 pomocou roz\u0161\u00edren\u00fdch metodick\u00fdch pr\u00edstupov, ktor\u00e9 sp\u00e1jaj\u00fa etnografick\u00fa presnos\u0165, jazykov\u00fa kritiku prame\u0148ov a komparat\u00edvnu perspekt\u00edvu.<\/p><p>Preto\u017ee t\u00e1to m\u00e1lo zn\u00e1ma postava e\u0161te nebola \u00faplne vedecky spracovan\u00e1, je zapojenie inuitskej vedomostnej komunity mimoriadne d\u00f4le\u017eit\u00e9, preto\u017ee t\u00e1to komunita je dnes sama s\u00fa\u010das\u0165ou v\u00fdskumu a opravuje star\u0161ie, \u010diasto\u010dne koloni\u00e1lne ovplyvnen\u00e9 z\u00e1padn\u00e9 v\u00fdklady.<\/p><p>Dopl\u0148uj\u00facu perspekt\u00edvu prin\u00e1\u0161a religionisticko-sociologick\u00e1 ot\u00e1zka funkcie Qailertetang v soci\u00e1lnom poriadku tradi\u010dnej inuitskej komunity.<\/p><p>Ako duch po\u010dasia a str\u00e1\u017eky\u0148a zvierat konaj\u00faca v mene Sedny predstavuje n\u00e1bo\u017eensk\u00fa \u0161trukt\u00faru, ktor\u00e1 nebola oddelen\u00e1 od spolo\u010denskej praxe, ale s \u0148ou \u00fazko previazan\u00e1. Toto prepojenie tvor\u00ed samostatn\u00e9 pole n\u00e1bo\u017eenskej antropol\u00f3gie, ktor\u00e9 systematicky presk\u00famali najm\u00e4 Fr\u00e9d\u00e9ric Laugrand a Jarich Oosten.<\/p>\t\t\t\t\t\t\t\t<\/div>\n\t\t\t\t<\/div>\n\t\t\t\t\t<\/div>\n\t\t\t\t<\/div>\n\t\t<div class=\"elementor-element elementor-element-iwgw-qailerteta-s1 e-flex e-con-boxed e-con e-parent\" data-id=\"iwgw-qailerteta-s1\" data-element_type=\"container\" data-e-type=\"container\">\n\t\t\t\t\t<div class=\"e-con-inner\">\n\t\t\t\t<div class=\"elementor-element elementor-element-iwgw-qailerteta-s1h elementor-widget elementor-widget-heading\" data-id=\"iwgw-qailerteta-s1h\" data-element_type=\"widget\" data-e-type=\"widget\" data-widget_type=\"heading.default\">\n\t\t\t\t\t<h2 class=\"elementor-heading-title elementor-size-default\">Meno a etymol\u00f3gia<\/h2>\t\t\t\t<\/div>\n\t\t<div class=\"elementor-element elementor-element-iwgw-qailerteta-s1c e-con-full e-flex e-con e-child\" data-id=\"iwgw-qailerteta-s1c\" data-element_type=\"container\" data-e-type=\"container\">\n\t\t\t\t<div class=\"elementor-element elementor-element-iwgw-qailerteta-s1t elementor-widget elementor-widget-text-editor\" data-id=\"iwgw-qailerteta-s1t\" data-element_type=\"widget\" data-e-type=\"widget\" data-widget_type=\"text-editor.default\">\n\t\t\t\t\t\t\t\t\t<p>Meno Qailertetang nie je jazykovo definit\u00edvne vyjasnen\u00e9. Boas a neskor\u0161\u00ed v\u00fdskumn\u00edci predpokladaj\u00fa v\u00fdznam v oblasti po\u010dasia alebo chovu zvierat.<\/p><p>Koncovka <em>-tetang<\/em> by mohla s\u00favisie\u0165 so slovesami ozna\u010duj\u00facimi str\u00e1\u017ei\u0165 alebo nosi\u0165, \u010do by zodpovedalo funkcii str\u00e1\u017ekyne. T\u00e1to jazykov\u00e1 nejasnos\u0165 je vedecky metodick\u00fdm probl\u00e9mom, preto\u017ee etymol\u00f3gia \u010dasto poskytuje n\u00e1znaky historickej h\u013abky postavy.<\/p><p>V prame\u0148och z Baffinovho ostrova sa meno vyskytuje v nieko\u013ek\u00fdch \u013eahk\u00fdch vari\u00e1ci\u00e1ch, napr\u00edklad Qailertaq alebo Qailerteq. T\u00e1to vari\u00e1cia je jazykovo norm\u00e1lna a vedecky nev\u00fdznamn\u00e1, av\u0161ak pri pr\u00e1ci s prame\u0148mi by sa na \u0148u malo prihliada\u0165, aby sa predi\u0161lo z\u00e1mene.<\/p><p>Skuto\u010dnos\u0165, \u017ee meno nem\u00e1 jasn\u00fa etymol\u00f3giu, je v porovnan\u00ed s in\u00fdmi inuitsk\u00fdmi menami bohov n\u00e1padn\u00e1. Vedecky to m\u00f4\u017ee nazna\u010dova\u0165 star\u0161iu, mo\u017eno predinuitsk\u00fa jazykov\u00fa vrstvu, hoci t\u00fato t\u00e9zu nie je mo\u017en\u00e9 dok\u00e1za\u0165. N\u00e1bo\u017eenskohistorick\u00e1 obozretnos\u0165 v tejto ot\u00e1zke je metodicky nevyhnutn\u00e1.<\/p><p>V \u0161ir\u0161om diskurze komparat\u00edvnej <span class=\"iwg-fachbegriff\" data-tooltip=\"Veda, ktor\u00e1 sk\u00fama n\u00e1bo\u017eenstv\u00e1 porovn\u00e1vac\u00edm sp\u00f4sobom a bez v\u00e4zby na vieru.\" tabindex=\"0\">religionistiky<\/span> zapad\u00e1 Qailertetang do vzoru cirkumpol\u00e1rnej n\u00e1bo\u017eenskej topografie. Skuto\u010dnos\u0165, \u017ee t\u00e1to topografia zost\u00e1va \u0161trukt\u00farne stabiln\u00e1 na tis\u00edce kilometrov, patr\u00ed z h\u013eadiska fenomenol\u00f3gie n\u00e1bo\u017eenstva k najzauj\u00edmavej\u0161\u00edm zisteniam tejto discipl\u00edny a dodnes je predmetom prebiehaj\u00facej vedeckej diskusie.<\/p>\t\t\t\t\t\t\t\t<\/div>\n\t\t\t\t<\/div>\n\t\t\t\t\t<\/div>\n\t\t\t\t<\/div>\n\t\t<div class=\"elementor-element elementor-element-iwgw-qailerteta-s2 e-flex e-con-boxed e-con e-parent\" data-id=\"iwgw-qailerteta-s2\" data-element_type=\"container\" data-e-type=\"container\">\n\t\t\t\t\t<div class=\"e-con-inner\">\n\t\t\t\t<div class=\"elementor-element elementor-element-iwgw-qailerteta-s2h elementor-widget elementor-widget-heading\" data-id=\"iwgw-qailerteta-s2h\" data-element_type=\"widget\" data-e-type=\"widget\" data-widget_type=\"heading.default\">\n\t\t\t\t\t<h2 class=\"elementor-heading-title elementor-size-default\">Popis a funkcie<\/h2>\t\t\t\t<\/div>\n\t\t<div class=\"elementor-element elementor-element-iwgw-qailerteta-s2c e-con-full e-flex e-con e-child\" data-id=\"iwgw-qailerteta-s2c\" data-element_type=\"container\" data-e-type=\"container\">\n\t\t\t\t<div class=\"elementor-element elementor-element-iwgw-qailerteta-s2t elementor-widget elementor-widget-text-editor\" data-id=\"iwgw-qailerteta-s2t\" data-element_type=\"widget\" data-e-type=\"widget\" data-widget_type=\"text-editor.default\">\n\t\t\t\t\t\t\t\t\t<p>V Boasov\u00fdch z\u00e1znamoch je Qailertetang pop\u00edsan\u00e1 ako ve\u013ek\u00e1, siln\u00e1 postava, ktor\u00e1 \u017eije spolu so Sednou v dome na morskom dne. \u010ciasto\u010dne prevezme dom\u00e1ce pr\u00e1ce Sedny, ktor\u00e1 je pre svoje zmrza\u010denie obmedzen\u00e1. T\u00e1to doplnkov\u00e1 funkcia je z h\u013eadiska fenomenol\u00f3gie n\u00e1bo\u017eenstva zauj\u00edmav\u00e1 a predstavuje samostatn\u00fd jav.<\/p><p>Jej prim\u00e1rnou funkciou je v\u0161ak regul\u00e1cia po\u010dasia. Zatia\u013e \u010do Sedna kontroluje zvierat\u00e1, Qailertetang je zodpovedn\u00e1 za okolit\u00e9 po\u010dasie. \u0160amani, ktor\u00ed \u017eiadali o pomoc, museli pod\u013ea niektor\u00fdch z\u00e1znamov oslovi\u0165 nielen Sednu, ale aj Qailertetang. Toto dvojit\u00e9 oslovenie je z h\u013eadiska fenomenol\u00f3gie n\u00e1bo\u017eenstva samostatn\u00fdm javom.<\/p><p>Ikonograficky je zobrazovan\u00e1 len zriedkavo. V s\u00fa\u010dasnom inuitskom umen\u00ed sa objavuje m\u00e1lo, \u010do odr\u00e1\u017ea jej men\u0161iu kult\u00farnu prominenciu v porovnan\u00ed so Sednou. Vedecky je t\u00e1to asymetria vizu\u00e1lnej pr\u00edtomnosti samostatn\u00fdm zisten\u00edm a odr\u00e1\u017ea hierarchiu n\u00e1bo\u017eenskej pozornosti.<\/p>\t\t\t\t\t\t\t\t<\/div>\n\t\t\t\t<\/div>\n\t\t\t\t\t<\/div>\n\t\t\t\t<\/div>\n\t\t<div class=\"elementor-element elementor-element-iwgw-qailerteta-s3 e-flex e-con-boxed e-con e-parent\" data-id=\"iwgw-qailerteta-s3\" data-element_type=\"container\" data-e-type=\"container\">\n\t\t\t\t\t<div class=\"e-con-inner\">\n\t\t\t\t<div class=\"elementor-element elementor-element-iwgw-qailerteta-s3h elementor-widget elementor-widget-heading\" data-id=\"iwgw-qailerteta-s3h\" data-element_type=\"widget\" data-e-type=\"widget\" data-widget_type=\"heading.default\">\n\t\t\t\t\t<h2 class=\"elementor-heading-title elementor-size-default\">Qailertetang v \u0161amanskej praxi<\/h2>\t\t\t\t<\/div>\n\t\t<div class=\"elementor-element elementor-element-iwgw-qailerteta-s3c e-con-full e-flex e-con e-child\" data-id=\"iwgw-qailerteta-s3c\" data-element_type=\"container\" data-e-type=\"container\">\n\t\t\t\t<div class=\"elementor-element elementor-element-iwgw-qailerteta-s3t elementor-widget elementor-widget-text-editor\" data-id=\"iwgw-qailerteta-s3t\" data-element_type=\"widget\" data-e-type=\"widget\" data-widget_type=\"text-editor.default\">\n\t\t\t\t\t\t\t\t\t<p>\u0160amani, ktor\u00ed sa vyd\u00e1vali na cestu k Sedne, sa pod\u013ea Boasov\u00fdch z\u00e1piskov najprv \u010dasto stret\u00e1vali s Qailertetang. Bola str\u00e1\u017eky\u0148ou vchodu do Sedninho domu a rozhodovala, \u010di bude <span class=\"iwg-fachbegriff\" data-tooltip=\"N\u00e1bo\u017eensk\u00fd \u0161pecialista, ktor\u00e9mu sa pripisuje sprostredkovanie medzi \u013eu\u010fmi a svetom duchov.\" tabindex=\"0\">\u0161aman<\/span> vpusten\u00fd. T\u00e1to funkcia str\u00e1\u017ekyne dver\u00ed jej d\u00e1va vlastn\u00fd ritu\u00e1lny v\u00fdznam a rob\u00ed z nej str\u00e1\u017eky\u0148u prahu Onoho svet\u0430.<\/p><p>V niektor\u00fdch igluliksk\u00fdch z\u00e1piskoch je opisovan\u00e1 ako ve\u013emi pr\u00edsna. Kto sa k nej nebl\u00ed\u017eil s dostato\u010dnou \u00factou, bol odmietnut\u00fd alebo utrpel \u0161kodu. T\u00e1to pr\u00edsnos\u0165 je odrazom jej \u00falohy ochrann\u00e9ho ducha, ktor\u00fd chr\u00e1ni paniu mora pred nev\u00edtan\u00fdmi n\u00e1v\u0161tevami. Religionistickofenomenologicky ide o samostatn\u00fd jav.<\/p><p>\u00daloha str\u00e1\u017ekyne predsiene je religionisticko-fenomenologicky vlastn\u00fdm vzorom, ktor\u00fd sa vyskytuje v mnoh\u00fdch \u0161amansk\u00fdch trad\u00edci\u00e1ch. Pred stretnut\u00edm s najvy\u0161\u0161ou mocou stoj\u00ed pravidelne ni\u017e\u0161ia, ale nebezpe\u010dn\u00e1 in\u0161tancia, ktor\u00e1 sk\u00fa\u0161a d\u00f4stojnos\u0165 prosebn\u00edka. Tento vzor je vedecky dobre zdokumentovan\u00fd.<\/p>\t\t\t\t\t\t\t\t<\/div>\n\t\t\t\t<\/div>\n\t\t\t\t\t<\/div>\n\t\t\t\t<\/div>\n\t\t<div class=\"elementor-element elementor-element-iwgw-qailerteta-s4 e-flex e-con-boxed e-con e-parent\" data-id=\"iwgw-qailerteta-s4\" data-element_type=\"container\" data-e-type=\"container\">\n\t\t\t\t\t<div class=\"e-con-inner\">\n\t\t\t\t<div class=\"elementor-element elementor-element-iwgw-qailerteta-s4h elementor-widget elementor-widget-heading\" data-id=\"iwgw-qailerteta-s4h\" data-element_type=\"widget\" data-e-type=\"widget\" data-widget_type=\"heading.default\">\n\t\t\t\t\t<h2 class=\"elementor-heading-title elementor-size-default\">Qailertetang a po\u010dasie<\/h2>\t\t\t\t<\/div>\n\t\t<div class=\"elementor-element elementor-element-iwgw-qailerteta-s4c e-con-full e-flex e-con e-child\" data-id=\"iwgw-qailerteta-s4c\" data-element_type=\"container\" data-e-type=\"container\">\n\t\t\t\t<div class=\"elementor-element elementor-element-iwgw-qailerteta-s4t elementor-widget elementor-widget-text-editor\" data-id=\"iwgw-qailerteta-s4t\" data-element_type=\"widget\" data-e-type=\"widget\" data-widget_type=\"text-editor.default\">\n\t\t\t\t\t\t\t\t\t<p>Funkcia Qailertetang vo vz\u0165ahu k po\u010dasiu sa od glob\u00e1lnej funkcie Sily odli\u0161uje svojou person\u00e1lnou, cielenou formou. Zatia\u013e \u010do Sila je atmosf\u00e9rick\u00e1, v\u0161eobj\u00edmaj\u00faca veli\u010dina, Qailertetang je akt\u00e9rka, ktor\u00e1 m\u00f4\u017ee cielene posiela\u0165 b\u00farku alebo jasn\u00e9 po\u010dasie. V baffinsk\u00fdch prame\u0148och je zodpovedn\u00e1 za n\u00e1hle b\u00farky aj za ritu\u00e1lne upokojenie.<\/p><p>Toto zdvojenie atmosf\u00e9rickej a personalizovanej regul\u00e1cie po\u010dasia je religionisticko-fenomenologicky vlastn\u00fdm vzorom. Ukazuje, \u017ee inuitsk\u00e9 n\u00e1bo\u017eenstvo nezh\u0155\u0148a v\u0161etky funkcie do jedinej in\u0161tancie po\u010dasia, ale rozde\u013euje r\u00f4zne aspekty po\u010dasia na r\u00f4zne postavy. Toto rozdelenie je religionisticko-fenomenologicky typick\u00e9 pre nesystematick\u00e9 teol\u00f3gie.<\/p><p>Vedecky by bolo \u017eiaduce presnej\u0161ie presk\u00fama\u0165 vz\u0165ah medzi Qailertetang a Silou, \u010do je v\u0161ak s\u0165a\u017een\u00e9 stavom prame\u0148ov. Oba pojmy sa vyskytuj\u00fa v r\u00f4znych z\u00e1piskoch bez toho, aby bola vypracovan\u00e1 systematick\u00e1 <span class=\"iwg-fachbegriff\" data-tooltip=\"Vedeck\u00e1 n\u00e1uka o Bohu a o viere n\u00e1bo\u017eenstva.\" tabindex=\"0\">teol\u00f3gia<\/span>. T\u00e1to v\u00fdskumn\u00e1 medzera je vedecky pozoruhodn\u00e1.<\/p>\t\t\t\t\t\t\t\t<\/div>\n\t\t\t\t<\/div>\n\t\t\t\t\t<\/div>\n\t\t\t\t<\/div>\n\t\t<div class=\"elementor-element elementor-element-iwgw-qailerteta-s5 e-flex e-con-boxed e-con e-parent\" data-id=\"iwgw-qailerteta-s5\" data-element_type=\"container\" data-e-type=\"container\">\n\t\t\t\t\t<div class=\"e-con-inner\">\n\t\t\t\t<div class=\"elementor-element elementor-element-iwgw-qailerteta-s5h elementor-widget elementor-widget-heading\" data-id=\"iwgw-qailerteta-s5h\" data-element_type=\"widget\" data-e-type=\"widget\" data-widget_type=\"heading.default\">\n\t\t\t\t\t<h2 class=\"elementor-heading-title elementor-size-default\">Qailertetang v ro\u010dnom sl\u00e1vnosti<\/h2>\t\t\t\t<\/div>\n\t\t<div class=\"elementor-element elementor-element-iwgw-qailerteta-s5c e-con-full e-flex e-con e-child\" data-id=\"iwgw-qailerteta-s5c\" data-element_type=\"container\" data-e-type=\"container\">\n\t\t\t\t<div class=\"elementor-element elementor-element-iwgw-qailerteta-s5t elementor-widget elementor-widget-text-editor\" data-id=\"iwgw-qailerteta-s5t\" data-element_type=\"widget\" data-e-type=\"widget\" data-widget_type=\"text-editor.default\">\n\t\t\t\t\t\t\t\t\t<p>Boas v diele <em>The Central Eskimo<\/em> popisuje ro\u010dn\u00fa sl\u00e1vnos\u0165, po\u010das ktorej sa <span class=\"iwg-fachbegriff\" data-tooltip=\"N\u00e1bo\u017eensk\u00fd \u0161pecialista, ktor\u00e9mu sa pripisuje sprostredkovanie medzi \u013eu\u010fmi a svetom duchov.\" tabindex=\"0\">\u0161aman<\/span> obliekal za Qailertetang a symbolicky prech\u00e1dzal t\u00e1borom. T\u00e1to sl\u00e1vnos\u0165 sa konala na jese\u0148 a bola spojen\u00e1 s pr\u00edpravou na zimu. Religionisticko-fenomenologicky ide o samostatn\u00fd jav.<\/p><p><span class=\"iwg-fachbegriff\" data-tooltip=\"N\u00e1bo\u017eensk\u00fd \u0161pecialista, ktor\u00e9mu sa pripisuje sprostredkovanie medzi \u013eu\u010fmi a svetom duchov.\" tabindex=\"0\">\u0160aman<\/span> v prezle\u010den\u00ed vykon\u00e1val ritu\u00e1lne \u00fakony, ktor\u00e9 mali pripomen\u00fa\u0165 tabu nadch\u00e1dzaj\u00facej zimy. \u017deny a mu\u017ei boli symbolicky oddelen\u00ed a znovu spojen\u00ed, \u010do malo stabilizova\u0165 soci\u00e1lny poriadok pre n\u00e1ro\u010dn\u00e9 zimn\u00e9 obdobie. Vedecky ide o jednu z m\u00e1la jasne zdokumentovan\u00fdch sl\u00e1vnost\u00ed inuitskej trad\u00edcie a religionisticko-sociologicky je zvl\u00e1\u0161\u0165 v\u00fdpovedn\u00e1.<\/p><p>Sl\u00e1vnos\u0165 Qailertetang nem\u00e1 priamu paralelu v in\u00fdch inuitsk\u00fdch regi\u00f3noch, \u010do zd\u00f4raz\u0148uje jej region\u00e1lnu \u0161pecifickos\u0165. V Iglulik existovali porovnate\u013en\u00e9 sl\u00e1vnosti Tivajut, ktor\u00e9 v\u0161ak boli spojen\u00e9 s in\u00fdmi duchmi. T\u00e1to region\u00e1lna diferenci\u00e1cia je vedecky d\u00f4le\u017eit\u00fdm metodick\u00fdm upozornen\u00edm na rozmanitos\u0165 inuitsk\u00e9ho n\u00e1bo\u017eenstva.<\/p>\t\t\t\t\t\t\t\t<\/div>\n\t\t\t\t<\/div>\n\t\t\t\t\t<\/div>\n\t\t\t\t<\/div>\n\t\t<div class=\"elementor-element elementor-element-iwgw-qailerteta-s6 e-flex e-con-boxed e-con e-parent\" data-id=\"iwgw-qailerteta-s6\" data-element_type=\"container\" data-e-type=\"container\">\n\t\t\t\t\t<div class=\"e-con-inner\">\n\t\t\t\t<div class=\"elementor-element elementor-element-iwgw-qailerteta-s6h elementor-widget elementor-widget-heading\" data-id=\"iwgw-qailerteta-s6h\" data-element_type=\"widget\" data-e-type=\"widget\" data-widget_type=\"heading.default\">\n\t\t\t\t\t<h2 class=\"elementor-heading-title elementor-size-default\">Porovnanie s in\u00fdmi pomocn\u00fdmi postavami<\/h2>\t\t\t\t<\/div>\n\t\t<div class=\"elementor-element elementor-element-iwgw-qailerteta-s6c e-con-full e-flex e-con e-child\" data-id=\"iwgw-qailerteta-s6c\" data-element_type=\"container\" data-e-type=\"container\">\n\t\t\t\t<div class=\"elementor-element elementor-element-iwgw-qailerteta-s6t elementor-widget elementor-widget-text-editor\" data-id=\"iwgw-qailerteta-s6t\" data-element_type=\"widget\" data-e-type=\"widget\" data-widget_type=\"text-editor.default\">\n\t\t\t\t\t\t\t\t\t<p>Vedecky patr\u00ed Qailertetang do triedy pomocn\u00fdch a sprievodn\u00fdch post\u00e1v ve\u013ek\u00fdch bo\u017estiev. Porovnate\u013en\u00e9 s\u00fa <em>Iris<\/em> z gr\u00e9ckej trad\u00edcie ako posol H\u00e9ry, <em>Saraswati<\/em> v niektor\u00fdch hinduistick\u00fdch trad\u00edci\u00e1ch ako sprievodky\u0148a v\u00e4\u010d\u0161\u00edch bo\u017estiev alebo <em>Akkas<\/em> zo <a href=\"https:\/\/iwell-guard.com\/sk\/sami-a-finsko-ugorska-tradicia-noaidi-buben\/\">s\u00e1mskej<\/a> trad\u00edcie ako dc\u00e9ry Madderakky.<\/p><p>Asymetria medzi hlavnou a sprievodnou postavou je religionisticko-fenomenologicky typick\u00e1 a nie je slabos\u0165ou sprievodnej postavy, ale jej \u0161pecifick\u00fdm postaven\u00edm. Qailertetang nie je slabou Sednou, ale samostatnou in\u0161tanciou s vlastn\u00fdm po\u013eom p\u00f4sobnosti. T\u00e1to funk\u010dn\u00e1 samostatnos\u0165 mus\u00ed by\u0165 vedecky uznan\u00e1.<\/p><p>T\u00e1to viacvrstvovos\u0165 inuitsk\u00e9ho svet\u0430 bohov zodpoved\u00e1 nesystematickej povahe ich <span class=\"iwg-fachbegriff\" data-tooltip=\"Vedeck\u00e1 n\u00e1uka o Bohu a o viere n\u00e1bo\u017eenstva.\" tabindex=\"0\">teol\u00f3gie<\/span>. Neexistuje <span class=\"iwg-fachbegriff\" data-tooltip=\"Viera vo viacero bohov.\" tabindex=\"0\">polyteizmus<\/span> v gr\u00e9ckom zmysle s jasne vymedzen\u00fdmi oblas\u0165ami p\u00f4sobnosti, ale sie\u0165 vz\u0165ahov. T\u00e1to vz\u0165ahov\u00e1 teol\u00f3gia je religionisticko-fenomenologicky vlastn\u00fdm modelom a v\u00fdrazne odli\u0161uje inuitsk\u00fa trad\u00edciu od hierarchick\u00fdch polyteizmov.<\/p>\t\t\t\t\t\t\t\t<\/div>\n\t\t\t\t<\/div>\n\t\t\t\t\t<\/div>\n\t\t\t\t<\/div>\n\t\t<div class=\"elementor-element elementor-element-iwgw-qailerteta-s7 e-flex e-con-boxed e-con e-parent\" data-id=\"iwgw-qailerteta-s7\" data-element_type=\"container\" data-e-type=\"container\">\n\t\t\t\t\t<div class=\"e-con-inner\">\n\t\t\t\t<div class=\"elementor-element elementor-element-iwgw-qailerteta-s7h elementor-widget elementor-widget-heading\" data-id=\"iwgw-qailerteta-s7h\" data-element_type=\"widget\" data-e-type=\"widget\" data-widget_type=\"heading.default\">\n\t\t\t\t\t<h2 class=\"elementor-heading-title elementor-size-default\">Misia a zabudnutie<\/h2>\t\t\t\t<\/div>\n\t\t<div class=\"elementor-element elementor-element-iwgw-qailerteta-s7c e-con-full e-flex e-con e-child\" data-id=\"iwgw-qailerteta-s7c\" data-element_type=\"container\" data-e-type=\"container\">\n\t\t\t\t<div class=\"elementor-element elementor-element-iwgw-qailerteta-s7t elementor-widget elementor-widget-text-editor\" data-id=\"iwgw-qailerteta-s7t\" data-element_type=\"widget\" data-e-type=\"widget\" data-widget_type=\"text-editor.default\">\n\t\t\t\t\t\t\t\t\t<p>Qailertetang patr\u00ed medzi postavy, ktor\u00e9 vplyvom misie a moderniz\u00e1cie do ve\u013ekej miery upadli do zabudnutia. Ke\u010f\u017ee bola \u00fazko spojen\u00e1 so \u0161amanskou praxou a nemala ekonomicky dominantn\u00fa \u00falohu, jej pr\u00edtomnos\u0165 ust\u00fapila spolu s miznen\u00edm verejn\u00e9ho <span class=\"iwg-fachbegriff\" data-tooltip=\"N\u00e1bo\u017eensk\u00fd syst\u00e9m, v ktorom \u0161pecialisti komunikuj\u00fa so svetom duchov.\" tabindex=\"0\">\u0161amanizmu<\/span>.<\/p><p>V s\u00fa\u010dasnej inuitskej kult\u00fare je zn\u00e1ma len malej skupine \u013eud\u00ed so z\u00e1ujmom o kult\u00faru. T\u00e1to asymetria pam\u00e4te v porovnan\u00ed so Sednou je religionisticko-fenomenologicky typick\u00e1: ve\u013ek\u00e9 postavy pre\u017e\u00edvaj\u00fa kult\u00farne zlomy lep\u0161ie ako \u0161pecializovan\u00e9 sprievodn\u00e9 postavy. Religionisticko-sociologicky ide o samostatn\u00e9 zistenie.<\/p><p>K op\u00e4tovn\u00e9mu zaradeniu Qailertetang do domorod\u00e9ho n\u00e1bo\u017eensk\u00e9ho diskurzu e\u0161te nedo\u0161lo v rozsahu, ktor\u00fd by historicky zodpovedal jej v\u00fdznamu. T\u00e1to v\u00fdskumn\u00e1 a pam\u00e4\u0165ov\u00e1 medzera je vedecky pozoruhodn\u00e1 a mala by by\u0165 rie\u0161en\u00e1.<\/p>\t\t\t\t\t\t\t\t<\/div>\n\t\t\t\t<\/div>\n\t\t\t\t\t<\/div>\n\t\t\t\t<\/div>\n\t\t<div class=\"elementor-element elementor-element-iwgw-qailerteta-s8 e-flex e-con-boxed e-con e-parent\" data-id=\"iwgw-qailerteta-s8\" data-element_type=\"container\" data-e-type=\"container\">\n\t\t\t\t\t<div class=\"e-con-inner\">\n\t\t\t\t<div class=\"elementor-element elementor-element-iwgw-qailerteta-s8h elementor-widget elementor-widget-heading\" data-id=\"iwgw-qailerteta-s8h\" data-element_type=\"widget\" data-e-type=\"widget\" data-widget_type=\"heading.default\">\n\t\t\t\t\t<h2 class=\"elementor-heading-title elementor-size-default\">V\u00fdskum a s\u00fa\u010dasn\u00fd stav<\/h2>\t\t\t\t<\/div>\n\t\t<div class=\"elementor-element elementor-element-iwgw-qailerteta-s8c e-con-full e-flex e-con e-child\" data-id=\"iwgw-qailerteta-s8c\" data-element_type=\"container\" data-e-type=\"container\">\n\t\t\t\t<div class=\"elementor-element elementor-element-iwgw-qailerteta-s8t elementor-widget elementor-widget-text-editor\" data-id=\"iwgw-qailerteta-s8t\" data-element_type=\"widget\" data-e-type=\"widget\" data-widget_type=\"text-editor.default\">\n\t\t\t\t\t\t\t\t\t<p>V\u00fdskum o Qailertetang sa opiera predov\u0161etk\u00fdm o z\u00e1pisky Boasa. Neskor\u0161\u00ed b\u00e1datelia sa o nej zmie\u0148ovali, ale nevenovali jej samostatn\u00fa \u0161t\u00fadiu. Hlb\u0161ie vedeck\u00e9 zhodnotenie by bolo \u017eiaduce, najm\u00e4 v porovnan\u00ed s in\u00fdmi duchmi po\u010dasia z cirkumpol\u00e1rnej oblasti.<\/p><p>Pamela Stern a Birgitte Sonne vo svojich s\u00fahrnn\u00fdch dielach upozornili na v\u00fdznam Qailertetang. Monografia st\u00e1le ch\u00fdba. T\u00e1to medzera v b\u00e1dan\u00ed je symptomatick\u00e1 pre marginaliz\u00e1ciu region\u00e1lne zakotven\u00fdch pomocn\u00fdch post\u00e1v vo ve\u013ek\u00fdch synt\u00e9zach.<\/p><p>Vo vedeckej diskusii je Qailertetang pr\u00edkladom toho, ak\u00fd d\u00f4le\u017eit\u00fd je region\u00e1lny rozli\u0161ovac\u00ed pr\u00edstup v dejin\u00e1ch n\u00e1bo\u017eenstva Inuitov. Panokruh <span class=\"iwg-fachbegriff\" data-tooltip=\"Vedeck\u00e1 n\u00e1uka o Bohu a viere n\u00e1bo\u017eenstva.\" tabindex=\"0\">teol\u00f3gie<\/span> odvoden\u00e1 iba z ve\u013ek\u00fdch post\u00e1v by bola zjednodu\u0161en\u00e1 a prehliadala by d\u00f4le\u017eit\u00e9 region\u00e1lne \u0161pecifik\u00e1. Tento metodologick\u00fd poznatok je vedecky z\u00e1sadn\u00fd.<\/p>\t\t\t\t\t\t\t\t<\/div>\n\t\t\t\t<\/div>\n\t\t\t\t\t<\/div>\n\t\t\t\t<\/div>\n\t\t<div class=\"elementor-element elementor-element-iwgw-qailerteta-s9 e-flex e-con-boxed e-con e-parent\" data-id=\"iwgw-qailerteta-s9\" data-element_type=\"container\" data-e-type=\"container\">\n\t\t\t\t\t<div class=\"e-con-inner\">\n\t\t\t\t<div class=\"elementor-element elementor-element-iwgw-qailerteta-s9h elementor-widget elementor-widget-heading\" data-id=\"iwgw-qailerteta-s9h\" data-element_type=\"widget\" data-e-type=\"widget\" data-widget_type=\"heading.default\">\n\t\t\t\t\t<h2 class=\"elementor-heading-title elementor-size-default\">Kr\u00ed\u017eov\u00e9 odkazy v lexik\u00f3ne<\/h2>\t\t\t\t<\/div>\n\t\t<div class=\"elementor-element elementor-element-iwgw-qailerteta-s9c e-con-full e-flex e-con e-child\" data-id=\"iwgw-qailerteta-s9c\" data-element_type=\"container\" data-e-type=\"container\">\n\t\t\t\t<div class=\"elementor-element elementor-element-iwgw-qailerteta-s9t elementor-widget elementor-widget-text-editor\" data-id=\"iwgw-qailerteta-s9t\" data-element_type=\"widget\" data-e-type=\"widget\" data-widget_type=\"text-editor.default\">\n\t\t\t\t\t\t\t\t\t<p>Qailertetang sa sp\u00e1ja so <a href=\"https:\/\/iwell-guard.com\/sk\/?page_id=157991\">Sednou<\/a>, <a href=\"https:\/\/iwell-guard.com\/sk\/?page_id=157992\">Silou<\/a>, <a href=\"https:\/\/iwell-guard.com\/sk\/?page_id=157993\">Tornarssukom<\/a>, <a href=\"https:\/\/iwell-guard.com\/sk\/?page_id=157995\">Angutom<\/a>, <a href=\"https:\/\/iwell-guard.com\/sk\/?page_id=157996\">Pingou<\/a>, <a href=\"https:\/\/iwell-guard.com\/sk\/?page_id=157998\">Igalukom<\/a>, <a href=\"https:\/\/iwell-guard.com\/sk\/?page_id=157997\">Nanookom<\/a>, <a href=\"https:\/\/iwell-guard.com\/sk\/?page_id=157994\">Tupilakom<\/a> a <a href=\"https:\/\/iwell-guard.com\/sk\/?page_id=157999\">Malinou<\/a>. Kult\u00farny uzol <a href=\"https:\/\/iwell-guard.com\/sk\/inuiti-a-arktida-sedna-tornit-ochranna-prax\/\">Trad\u00edcia Inuitov<\/a> zar\u00e1mcov\u00e1va dejiny n\u00e1bo\u017eenstva. \u0160truktur\u00e1lne podobn\u00e9 pomocn\u00e9 postavy sa nach\u00e1dzaj\u00fa v rade lem venovan\u00fdch <a href=\"https:\/\/iwell-guard.com\/sk\/sami-a-finsko-ugorska-tradicia-noaidi-buben\/\">s\u00e1mskej<\/a> trad\u00edcii, najm\u00e4 pri Akk\u00e1ch.<\/p>\t\t\t\t\t\t\t\t<\/div>\n\t\t\t\t<\/div>\n\t\t\t\t\t<\/div>\n\t\t\t\t<\/div>\n\t\t<div class=\"elementor-element elementor-element-cp23c416b0 e-flex e-con-boxed e-con e-parent\" data-id=\"cp23c416b0\" data-element_type=\"container\" data-e-type=\"container\">\n\t\t\t\t\t<div class=\"e-con-inner\">\n\t\t\t\t<div class=\"elementor-element elementor-element-cp219b77c9 elementor-widget elementor-widget-heading\" data-id=\"cp219b77c9\" data-element_type=\"widget\" data-e-type=\"widget\" data-widget_type=\"heading.default\">\n\t\t\t\t\t<h2 class=\"elementor-heading-title elementor-size-default\">Qailertetang na Sednin sviatok pod\u013ea Franza Boasa<\/h2>\t\t\t\t<\/div>\n\t\t<div class=\"elementor-element elementor-element-cp2e4bb4da e-flex e-con-boxed e-con e-child\" data-id=\"cp2e4bb4da\" data-element_type=\"container\" data-e-type=\"container\">\n\t\t\t\t\t<div class=\"e-con-inner\">\n\t\t\t\t<div class=\"elementor-element elementor-element-cp2a25bf76 elementor-widget elementor-widget-text-editor\" data-id=\"cp2a25bf76\" data-element_type=\"widget\" data-e-type=\"widget\" data-widget_type=\"text-editor.default\">\n\t\t\t\t\t\t\t\t\t<p>Najd\u00f4le\u017eitej\u0161\u00edm jedin\u00fdm zdrojom o Qailertetang je popis jesenn\u00e9ho sviatku, ktor\u00fd podal Franz Boas vo svojej \u0161t\u00fadii <em>The Central Eskimo<\/em> (1888) na z\u00e1klade svojho pobytu na Baffinovom ostrove v rokoch 1883 a 1884.<\/p><p>Boas popisuje <span class=\"iwg-fachbegriff\" data-tooltip=\"Usporiadan\u00fd sled symbolick\u00fdch \u00fakonov s n\u00e1bo\u017eensk\u00fdm alebo kult\u00farnym v\u00fdznamom.\" tabindex=\"0\">ritu\u00e1l<\/span>, ktor\u00fd bol spojen\u00fd so zmenou ro\u010dn\u00e9ho obdobia a v ktorom vystupuj\u00fa dve maskovan\u00e9 osoby predstavuj\u00face mytick\u00e9 bytosti.<\/p><p>Jednou z t\u00fdchto post\u00e1v je Qailertetang, pop\u00edsan\u00e1 ako bytos\u0165, ktor\u00e1 v tejto <span class=\"iwg-fachbegriff\" data-tooltip=\"Odovzd\u00e1vanie vedomost\u00ed a rozpr\u00e1van\u00ed z gener\u00e1cie na gener\u00e1ciu.\" tabindex=\"0\">trad\u00edcii<\/span> vystupuje ako spolo\u010dn\u00ed\u010dka alebo sprievodky\u0148a morskej bohyne, ktor\u00fa Boas zaznamenal pod menom Sedna.<\/p><p>Maskovan\u00e1 osoba sa pohybuje \u0165a\u017ekop\u00e1dne, m\u00e1 na sebe masku a \u017eensk\u00fd odev a je identifikovan\u00e1 s Qailertetang. V priebehu ritu\u00e1lu sa vykon\u00e1vaj\u00fa \u00fakony, ktor\u00e9 sl\u00fa\u017eia na upokojenie morsk\u00fdch mocnost\u00ed a zabezpe\u010denie \u00faspechu lovu pre nadch\u00e1dzaj\u00face temn\u00e9 obdobie roka.<\/p><p>Boasova spr\u00e1va je tak v\u00fdznamn\u00e1, preto\u017ee predstavuje jeden z m\u00e1la podrobne zdokumentovan\u00fdch ritu\u00e1lov centr\u00e1lnej Arkt\u00eddy z konca 19. storo\u010dia. Z\u00e1rove\u0148 je potrebn\u00e9 ju \u010d\u00edta\u0165 s obozretnos\u0165ou: Boas bol v \u010dase z\u00e1pisu na za\u010diatku svojej kari\u00e9ry, pracoval za n\u00e1ro\u010dn\u00fdch podmienok a opieral sa o tlmo\u010dn\u00edkov. Neskor\u0161\u00ed v\u00fdskum upozornil, \u017ee jeho podanie mien a \u00faloh nie v\u017edy zodpoved\u00e1 vn\u00fatorn\u00e9mu poh\u013eadu rozpr\u00e1va\u010dov. Qailertetang sa v Boasov\u00fdch materi\u00e1loch objavuje predov\u0161etk\u00fdm ako ritu\u00e1lna postava a sprievodn\u00e1 bytos\u0165, nie ako samostatne vypr\u00e1van\u00e9 <span class=\"iwg-fachbegriff\" data-tooltip=\"Bytos\u0165 uctievan\u00e1 ako bo\u017esk\u00e1 v r\u00e1mci n\u00e1bo\u017eenstva.\" tabindex=\"0\">bo\u017estvo<\/span> s rozvinut\u00fdm mytologick\u00fdm okruhom. \u010co je o nej zn\u00e1me, spo\u010d\u00edva takmer v\u00fdlu\u010dne na tomto jedinom etnografickom popise.\t\t\t\t\t\t\t\t<\/div>\n\t\t\t\t\t<\/div>\n\t\t\t\t<\/div>\n\t\t\t\t\t<\/div>\n\t\t\t\t<\/div>\n\t\t<div class=\"elementor-element elementor-element-cp23d5cb7b e-flex e-con-boxed e-con e-parent\" data-id=\"cp23d5cb7b\" data-element_type=\"container\" data-e-type=\"container\">\n\t\t\t\t\t<div class=\"e-con-inner\">\n\t\t\t\t<div class=\"elementor-element elementor-element-cp29cb8e6f elementor-widget elementor-widget-heading\" data-id=\"cp29cb8e6f\" data-element_type=\"widget\" data-e-type=\"widget\" data-widget_type=\"heading.default\">\n\t\t\t\t\t<h2 class=\"elementor-heading-title elementor-size-default\">Postava s chudobn\u00fdmi prame\u0148mi: \u010do je ist\u00e9 a \u010do nie<\/h2>\t\t\t\t<\/div>\n\t\t<div class=\"elementor-element elementor-element-cp2297b21a e-flex e-con-boxed e-con e-child\" data-id=\"cp2297b21a\" data-element_type=\"container\" data-e-type=\"container\">\n\t\t\t\t\t<div class=\"e-con-inner\">\n\t\t\t\t<div class=\"elementor-element elementor-element-cp23a042b2 elementor-widget elementor-widget-text-editor\" data-id=\"cp23a042b2\" data-element_type=\"widget\" data-e-type=\"widget\" data-widget_type=\"text-editor.default\">\n\t\t\t\t\t\t\t\t\t<p>Qailertetang patr\u00ed medzi bytosti <span class=\"iwg-fachbegriff\" data-tooltip=\"Odovzd\u00e1vanie vedomost\u00ed a rozpr\u00e1van\u00ed z gener\u00e1cie na gener\u00e1ciu.\" tabindex=\"0\">trad\u00edcie<\/span> Inuitov, o ktor\u00fdch je isto zn\u00e1me len ve\u013emi m\u00e1lo, a seri\u00f3znu prezent\u00e1ciu mus\u00ed v\u00fdslovne upozorni\u0165 na t\u00fato chudobnos\u0165 prame\u0148ov.<\/p><p>Vedomosti sa v podstate zakladaj\u00fa na Franzovi Boasovi a nieko\u013ek\u00fdch neskor\u0161\u00edch zmienkach, ktor\u00e9 sa zase v\u00e4\u010d\u0161inou opieraj\u00fa o Boasa. Neexistuje \u0161irok\u00e1, viacer\u00fdmi nez\u00e1visl\u00fdmi zberate\u013emi potvrden\u00e1 <span class=\"iwg-fachbegriff\" data-tooltip=\"Odovzd\u00e1vanie vedomost\u00ed a rozpr\u00e1van\u00ed z gener\u00e1cie na gener\u00e1ciu.\" tabindex=\"0\">trad\u00edcia<\/span>.<\/p><p>Ako ist\u00e9 sa jav\u00ed, \u017ee Qailertetang bola v ur\u010ditej oblasti centr\u00e1lnej kanadskej Arkt\u00eddy, najm\u00e4 v okol\u00ed Baffinovho ostrova, zn\u00e1ma ako bytos\u0165 spojen\u00e1 s morskou bohy\u0148ou a s sez\u00f3nnymi ritu\u00e1lmi.<\/p><p>Neist\u00e9 zost\u00e1va takmer v\u0161etko ostatn\u00e9: pohlavie sa ud\u00e1va r\u00f4zne, presn\u00e1 funkcia sa pohybuje medzi spolo\u010dn\u00ed\u010dkou morskej bohyne, bytos\u0165ou po\u010dasia a ochrannou duchom, a \u010di Qailertetang mala okrem Boasom pop\u00edsan\u00e9ho <span class=\"iwg-fachbegriff\" data-tooltip=\"Usporiadan\u00fd sled symbolick\u00fdch \u00fakonov s n\u00e1bo\u017eensk\u00fdm alebo kult\u00farnym v\u00fdznamom.\" tabindex=\"0\">ritu\u00e1lu<\/span> aj vlastn\u00fa <span class=\"iwg-fachbegriff\" data-tooltip=\"S\u00fahrn odovzdan\u00fdch rozpr\u00e1van\u00ed o bohoch v r\u00e1mci kult\u00fary.\" tabindex=\"0\">mytol\u00f3giu<\/span>, sa ned\u00e1 objasni\u0165.<\/p><p>T\u00e1to situ\u00e1cia je typick\u00e1 pre mnoh\u00e9 bytosti n\u00e1bo\u017eenstva Inuitov. Na rozdiel od mytol\u00f3gi\u00ed Eur\u00e1zie podlo\u017een\u00fdch rozsiahlymi textov\u00fdmi trad\u00edciami, tu vedomosti spo\u010d\u00edvaj\u00fa na nieko\u013ek\u00fdch etnografick\u00fdch momentk\u00e1ch, ktor\u00e9 navy\u0161e vznikli po\u010das f\u00e1zy hlbok\u00fdch koloni\u00e1lnych zmien. Vedecky je Qailertetang preto pr\u00edkladom toho, ako silno situ\u00e1cia s prame\u0148mi ur\u010duje obraz bytosti. Kto o nej tvrd\u00ed viac, ne\u017e umo\u017e\u0148uje Boasov z\u00e1znam, pohybuje sa v oblasti spekul\u00e1cie. Primeran\u00fd postoj je presne pomenova\u0165 to m\u00e1lo, \u010do je zn\u00e1me, a ve\u013ek\u00e9 medzery necha\u0165 st\u00e1\u0165 ako medzery, namiesto ich zaplnenia anal\u00f3giami z in\u00fdch regi\u00f3nov.\t\t\t\t\t\t\t\t<\/div>\n\t\t\t\t\t<\/div>\n\t\t\t\t<\/div>\n\t\t\t\t\t<\/div>\n\t\t\t\t<\/div>\n\t\t<div class=\"elementor-element elementor-element-iwgw-qailerteta-lit e-flex e-con-boxed e-con e-parent\" data-id=\"iwgw-qailerteta-lit\" data-element_type=\"container\" data-e-type=\"container\">\n\t\t\t\t\t<div class=\"e-con-inner\">\n\t\t\t\t<div class=\"elementor-element elementor-element-iwgw-qailerteta-lith elementor-widget elementor-widget-heading\" data-id=\"iwgw-qailerteta-lith\" data-element_type=\"widget\" data-e-type=\"widget\" data-widget_type=\"heading.default\">\n\t\t\t\t\t<h2 class=\"elementor-heading-title elementor-size-default\">Literat\u00fara (v\u00fdber)<\/h2>\t\t\t\t<\/div>\n\t\t<div class=\"elementor-element elementor-element-iwgw-qailerteta-litc e-con-full e-flex e-con e-child\" data-id=\"iwgw-qailerteta-litc\" data-element_type=\"container\" data-e-type=\"container\">\n\t\t\t\t<div class=\"elementor-element elementor-element-iwgw-qailerteta-litt elementor-widget elementor-widget-text-editor\" data-id=\"iwgw-qailerteta-litt\" data-element_type=\"widget\" data-e-type=\"widget\" data-widget_type=\"text-editor.default\">\n\t\t\t\t\t\t\t\t\t<ul><li>Franz Boas: <em>The Central Eskimo<\/em> (Washington 1888)<\/li><li>Knud Rasmussen: <em>Intellectual Culture of the Iglulik Eskimos<\/em> (Kopenhagen 1929)<\/li><li>Daniel Merkur: <em>Powers Which We Do Not Know<\/em> (Moscow ID 1991)<\/li><li>Fr\u00e9d\u00e9ric Laugrand a Jarich Oosten: <em>Inuit Shamanism and Christianity<\/em> (Montreal 2010)<\/li><li>Birgitte Sonne: <em>Heaven Negotiated. Hell Imagined<\/em> (Kopenhagen 2017)<\/li><li>Pamela Stern: <em>Historical Dictionary of the Inuit<\/em> (Lanham 2013)<\/li><\/ul>\t\t\t\t\t\t\t\t<\/div>\n\t\t\t\t<\/div>\n\t\t\t\t\t<\/div>\n\t\t\t\t<\/div>\n\t\t<div class=\"elementor-element elementor-element-iwgw-qailerteta-kwd e-flex e-con-boxed e-con e-parent\" data-id=\"iwgw-qailerteta-kwd\" data-element_type=\"container\" data-e-type=\"container\">\n\t\t\t\t\t<div class=\"e-con-inner\">\n\t\t<div class=\"elementor-element elementor-element-iwgw-qailerteta-kwdc e-con-full e-flex e-con e-child\" data-id=\"iwgw-qailerteta-kwdc\" data-element_type=\"container\" data-e-type=\"container\">\n\t\t\t\t<div class=\"elementor-element elementor-element-iwgw-qailerteta-kwdt elementor-widget elementor-widget-text-editor\" data-id=\"iwgw-qailerteta-kwdt\" data-element_type=\"widget\" data-e-type=\"widget\" data-widget_type=\"text-editor.default\">\n\t\t\t\t\t\t\t\t\t<p><em>S\u00favisiace k\u013e\u00fa\u010dov\u00e9 pojmy: Qailertetang Baffinovi Inuiti duch po\u010dasia Sednina spolo\u010dn\u00ed\u010dka str\u00e1\u017eky\u0148a dver\u00ed Tivajut Boas.<\/em><\/p>\t\t\t\t\t\t\t\t<\/div>\n\t\t\t\t<\/div>\n\t\t\t\t\t<\/div>\n\t\t\t\t<\/div>\n\t\t<div class=\"elementor-element elementor-element-iwgw-qailerteta-cc e-flex e-con-boxed e-con e-parent\" data-id=\"iwgw-qailerteta-cc\" data-element_type=\"container\" data-e-type=\"container\" id=\"iwg-cc-qailertetang\">\n\t\t\t\t\t<div class=\"e-con-inner\">\n\t\t<div class=\"elementor-element elementor-element-iwgw-qailerteta-ccinner e-flex e-con-boxed e-con e-parent\" data-id=\"iwgw-qailerteta-ccinner\" data-element_type=\"container\" data-e-type=\"container\" data-settings=\"{&quot;background_background&quot;:&quot;classic&quot;}\">\n\t\t\t\t\t<div class=\"e-con-inner\">\n\t\t\t\t<div class=\"elementor-element elementor-element-iwgw-qailerteta-cch elementor-widget elementor-widget-heading\" data-id=\"iwgw-qailerteta-cch\" data-element_type=\"widget\" data-e-type=\"widget\" data-widget_type=\"heading.default\">\n\t\t\t\t\t<h2 class=\"elementor-heading-title elementor-size-default\">iWell Guard a ochrann\u00e9 trad\u00edcie<\/h2>\t\t\t\t<\/div>\n\t\t\t\t<div class=\"elementor-element elementor-element-iwgw-qailerteta-cct elementor-widget elementor-widget-text-editor\" data-id=\"iwgw-qailerteta-cct\" data-element_type=\"widget\" data-e-type=\"widget\" data-widget_type=\"text-editor.default\">\n\t\t\t\t\t\t\t\t\t<div data-nosnippet=\"true\"><p>iWell Guard nadv\u00e4zuje na kult\u00farno-historick\u00fa trad\u00edciu prenosn\u00fdch ochrann\u00fdch predmetov, v trad\u00edcii <a href=\"https:\/\/iwell-guard.com\/sk\/inuiti-a-arktida-sedna-tornit-ochranna-prax\/\">Inuitov<\/a> a mnoh\u00fdch \u010fal\u0161\u00edch kult\u00far po celom svete. 41 vrstiev, prav\u00e9 zlato, platina, striebro, vyroben\u00e9 v Nemecku. 30-d\u0148ov\u00e1 lehota na vr\u00e1tenie.<\/p><\/div>\t\t\t\t\t\t\t\t<\/div>\n\t\t\t\t<div class=\"elementor-element elementor-element-iwgw-qailerteta-ccb iwg-cc-button iwg-cc-cta-2026-05-13 elementor-widget elementor-widget-jet-button\" data-id=\"iwgw-qailerteta-ccb\" data-element_type=\"widget\" data-e-type=\"widget\" data-widget_type=\"jet-button.default\">\n\t\t\t\t<div class=\"elementor-widget-container\">\n\t\t\t\t\t<div class=\"elementor-jet-button jet-elements\"><div class=\"jet-button__container\"><a class=\"jet-button__instance jet-button__instance--icon-left hover-effect-1\" href=\"\/ueber-iwell-guard\/?utm_source=iwell-guard.com&amp;utm_medium=info-box&amp;utm_campaign=wesen-tradition\"><div class=\"jet-button__plane jet-button__plane-normal\"><\/div><div class=\"jet-button__plane jet-button__plane-hover\"><\/div><div class=\"jet-button__state jet-button__state-normal\"><span class=\"jet-button__label\">Viac o iWell Guard<\/span><\/div><div class=\"jet-button__state jet-button__state-hover\"><span class=\"jet-button__label\">Viac o iWell Guard<\/span><\/div><\/a><\/div><\/div><style>.elementor-element.elementor-element-iwgw-qailerteta-ccb .jet-button__instance{width:320px;height:56px;}.elementor-element.elementor-element-iwgw-qailerteta-ccb .jet-button__state-normal .jet-button__label{text-align:center;margin:0px 0px 0px 0px;color:#1a1b20;font-family:Montserrat,sans-serif;font-size:13px;font-weight:400;letter-spacing:4px;line-height:1.714em;text-transform:uppercase;}.elementor-element.elementor-element-iwgw-qailerteta-ccb .jet-button__state-hover .jet-button__label{text-align:center;margin:0px 0px 0px 0px;color:#FECC76;font-family:Montserrat,sans-serif;font-size:13px;font-weight:400;letter-spacing:4px;line-height:1.714em;text-transform:uppercase;}.elementor-element.elementor-element-iwgw-qailerteta-ccb .jet-button__plane-normal{background-color:#FECC76;border-style:solid;border-color:#C99540;border-width:2px 2px 2px 2px;}.elementor-element.elementor-element-iwgw-qailerteta-ccb .jet-button__plane-hover{background-color:rgba(0,0,0,0.55);border-style:solid;border-color:#FECC76;border-width:2px 2px 2px 2px;}<\/style>\t\t\t\t<\/div>\n\t\t\t\t<\/div>\n\t\t\t\t<div class=\"elementor-element elementor-element-iwgw-qailerteta-ccd elementor-widget elementor-widget-text-editor\" data-id=\"iwgw-qailerteta-ccd\" data-element_type=\"widget\" data-e-type=\"widget\" data-widget_type=\"text-editor.default\">\n\t\t\t\t\t\t\t\t\t<div data-nosnippet=\"true\"><p style=\"text-align:center;font-size:13px;opacity:0.7;margin-top:14px\" data-nosnippet=\"true\">Osobn\u00e9 sk\u00fasenosti sa m\u00f4\u017eu l\u00ed\u0161i\u0165. Nie je to zdravotn\u00edcka pom\u00f4cka. \u017diadny pr\u00eds\u013eub lie\u010denia.<\/p><\/div>\t\t\t\t\t\t\t\t<\/div>\n\t\t\t\t\t<\/div>\n\t\t\t\t<\/div>\n\t\t\t\t\t<\/div>\n\t\t\t\t<\/div>\n\t\t<div class=\"elementor-element elementor-element-iwgw-qailerteta-disc e-flex e-con-boxed e-con e-parent\" data-id=\"iwgw-qailerteta-disc\" data-element_type=\"container\" data-e-type=\"container\">\n\t\t\t\t\t<div class=\"e-con-inner\">\n\t\t\t\t<div class=\"elementor-element elementor-element-iwgw-qailerteta-discw elementor-widget elementor-widget-html\" data-id=\"iwgw-qailerteta-discw\" data-element_type=\"widget\" data-e-type=\"widget\" data-widget_type=\"html.default\">\n\t\t\t\t\t<footer data-nosnippet=\"true\" class=\"iwg-disclaimer-block\"><p data-nosnippet=\"true\">iWell Guard <strong>nie je zdravotn\u00edcka pom\u00f4cka<\/strong> a nenahr\u00e1dza lek\u00e1rske ani psychoterapeutick\u00e9 o\u0161etrenie. Religionistick\u00fd obsah predstavuje kult\u00farno-historick\u00e9 zaradenie, nie odpor\u00fa\u010danie duchovnej praxe.<\/p><\/footer>\t\t\t\t<\/div>\n\t\t\t\t\t<\/div>\n\t\t\t\t<\/div>\n\t\t\t\t<\/div>\n\t\t","protected":false},"excerpt":{"rendered":"","protected":false},"author":3,"featured_media":2878,"parent":0,"menu_order":0,"comment_status":"closed","ping_status":"closed","template":"elementor_header_footer","meta":{"_yoast_wpseo_focuskw":"Qailertetang inuitsk\u00fd duch po\u010dasia","_yoast_wpseo_title":"Qailertetang - duch po\u010dasia a Sedninho spolo\u010dn\u00ed\u010dka","_yoast_wpseo_metadesc":"Qailertetang je duch po\u010dasia a spolo\u010dn\u00ed\u010dka Sedny, str\u00e1\u017eky\u0148a zvierat u Baffinov\u00fdch Inuitov. Religionistick\u00e9 zaradenie a pramene.","_yoast_wpseo_meta-robots-noindex":"","_yoast_wpseo_canonical":"","_angie_page":false,"gefaehrdungsstufe":"","wesen_kultur":"","wesen_klasse":"","footnotes":""},"categories":[],"class_list":["post-158000","page","type-page","status-publish","has-post-thumbnail","hentry"],"yoast_head":"<!-- This site is optimized with the Yoast SEO Premium plugin v27.7 (Yoast SEO v28.3) - https:\/\/yoast.com\/product\/yoast-seo-premium-wordpress\/ -->\n<title>Qailertetang - duch po\u010dasia a Sedninho spolo\u010dn\u00ed\u010dka<\/title>\n<meta name=\"description\" content=\"Qailertetang je duch po\u010dasia a spolo\u010dn\u00ed\u010dka Sedny, str\u00e1\u017eky\u0148a zvierat u Baffinov\u00fdch Inuitov. Religionistick\u00e9 zaradenie a pramene.\" \/>\n<meta name=\"robots\" content=\"index, follow, max-snippet:-1, max-image-preview:large, max-video-preview:-1\" \/>\n<link rel=\"canonical\" href=\"https:\/\/iwell-guard.com\/sk\/qailertetang-spolocnicka-pocasia-strazkyna-zvierat\/\" \/>\n<meta property=\"og:locale\" content=\"sk_SK\" \/>\n<meta property=\"og:type\" content=\"article\" \/>\n<meta property=\"og:title\" content=\"Qailertetang - spolo\u010dn\u00ed\u010dka po\u010dasia a str\u00e1\u017eky\u0148a zvierat\" \/>\n<meta property=\"og:description\" content=\"Qailertetang je duch po\u010dasia a spolo\u010dn\u00ed\u010dka Sedny, str\u00e1\u017eky\u0148a zvierat u Baffinov\u00fdch Inuitov. Religionistick\u00e9 zaradenie a pramene.\" \/>\n<meta property=\"og:url\" content=\"https:\/\/iwell-guard.com\/sk\/qailertetang-spolocnicka-pocasia-strazkyna-zvierat\/\" \/>\n<meta property=\"og:site_name\" content=\"iWell Guard\" \/>\n<meta property=\"article:modified_time\" content=\"2026-09-04T22:48:09+00:00\" \/>\n<meta property=\"og:image\" content=\"https:\/\/iwell-guard.com\/wp-content\/uploads\/2026\/05\/geister_inuit_qailertetang.webp\" \/>\n\t<meta property=\"og:image:width\" content=\"1024\" \/>\n\t<meta property=\"og:image:height\" content=\"1536\" \/>\n\t<meta property=\"og:image:type\" content=\"image\/webp\" \/>\n<meta name=\"twitter:card\" content=\"summary_large_image\" \/>\n<script type=\"application\/ld+json\" class=\"yoast-schema-graph\">{\"@context\":\"https:\\\/\\\/schema.org\",\"@graph\":[{\"@type\":\"WebPage\",\"@id\":\"https:\\\/\\\/iwell-guard.com\\\/sk\\\/qailertetang-spolocnicka-pocasia-strazkyna-zvierat\\\/\",\"url\":\"https:\\\/\\\/iwell-guard.com\\\/sk\\\/qailertetang-spolocnicka-pocasia-strazkyna-zvierat\\\/\",\"name\":\"Qailertetang - duch po\u010dasia a Sedninho spolo\u010dn\u00ed\u010dka\",\"isPartOf\":{\"@id\":\"https:\\\/\\\/iwell-guard.com\\\/sk\\\/#website\"},\"primaryImageOfPage\":{\"@id\":\"https:\\\/\\\/iwell-guard.com\\\/sk\\\/qailertetang-spolocnicka-pocasia-strazkyna-zvierat\\\/#primaryimage\"},\"image\":{\"@id\":\"https:\\\/\\\/iwell-guard.com\\\/sk\\\/qailertetang-spolocnicka-pocasia-strazkyna-zvierat\\\/#primaryimage\"},\"thumbnailUrl\":\"https:\\\/\\\/iwell-guard.com\\\/wp-content\\\/uploads\\\/2026\\\/05\\\/geister_inuit_qailertetang.webp\",\"datePublished\":\"2026-09-04T22:20:31+00:00\",\"dateModified\":\"2026-09-04T22:48:09+00:00\",\"description\":\"Qailertetang je duch po\u010dasia a spolo\u010dn\u00ed\u010dka Sedny, str\u00e1\u017eky\u0148a zvierat u Baffinov\u00fdch Inuitov. Religionistick\u00e9 zaradenie a pramene.\",\"breadcrumb\":{\"@id\":\"https:\\\/\\\/iwell-guard.com\\\/sk\\\/qailertetang-spolocnicka-pocasia-strazkyna-zvierat\\\/#breadcrumb\"},\"inLanguage\":\"sk-SK\",\"potentialAction\":[{\"@type\":\"ReadAction\",\"target\":[\"https:\\\/\\\/iwell-guard.com\\\/sk\\\/qailertetang-spolocnicka-pocasia-strazkyna-zvierat\\\/\"]}]},{\"@type\":\"ImageObject\",\"inLanguage\":\"sk-SK\",\"@id\":\"https:\\\/\\\/iwell-guard.com\\\/sk\\\/qailertetang-spolocnicka-pocasia-strazkyna-zvierat\\\/#primaryimage\",\"url\":\"https:\\\/\\\/iwell-guard.com\\\/wp-content\\\/uploads\\\/2026\\\/05\\\/geister_inuit_qailertetang.webp\",\"contentUrl\":\"https:\\\/\\\/iwell-guard.com\\\/wp-content\\\/uploads\\\/2026\\\/05\\\/geister_inuit_qailertetang.webp\",\"width\":1024,\"height\":1536,\"caption\":\"Duchovia z inuitskej trad\u00edcie.\"},{\"@type\":\"BreadcrumbList\",\"@id\":\"https:\\\/\\\/iwell-guard.com\\\/sk\\\/qailertetang-spolocnicka-pocasia-strazkyna-zvierat\\\/#breadcrumb\",\"itemListElement\":[{\"@type\":\"ListItem\",\"position\":1,\"name\":\"Start\",\"item\":\"https:\\\/\\\/iwell-guard.com\\\/sk\\\/?page_id=157572\"},{\"@type\":\"ListItem\",\"position\":2,\"name\":\"Qailertetang &#8211; spolo\u010dn\u00ed\u010dka po\u010dasia a str\u00e1\u017eky\u0148a zvierat\"}]},{\"@type\":\"WebSite\",\"@id\":\"https:\\\/\\\/iwell-guard.com\\\/sk\\\/#website\",\"url\":\"https:\\\/\\\/iwell-guard.com\\\/sk\\\/\",\"name\":\"iWell Guard\",\"description\":\"Schutz vor dunklen Einfl\u00fcssen\",\"publisher\":{\"@id\":\"https:\\\/\\\/iwell-guard.com\\\/sk\\\/#organization\"},\"potentialAction\":[{\"@type\":\"SearchAction\",\"target\":{\"@type\":\"EntryPoint\",\"urlTemplate\":\"https:\\\/\\\/iwell-guard.com\\\/sk\\\/?s={search_term_string}\"},\"query-input\":{\"@type\":\"PropertyValueSpecification\",\"valueRequired\":true,\"valueName\":\"search_term_string\"}}],\"inLanguage\":\"sk-SK\"},{\"@type\":\"Organization\",\"@id\":\"https:\\\/\\\/iwell-guard.com\\\/sk\\\/#organization\",\"name\":\"Ittermann electronic GmbH\",\"url\":\"https:\\\/\\\/iwell-guard.com\\\/sk\\\/\",\"logo\":{\"@type\":\"ImageObject\",\"inLanguage\":\"sk-SK\",\"@id\":\"https:\\\/\\\/iwell-guard.com\\\/sk\\\/#\\\/schema\\\/logo\\\/image\\\/\",\"url\":\"https:\\\/\\\/iwell-guard.com\\\/wp-content\\\/uploads\\\/2026\\\/05\\\/Ittermann-Logo-1182x237-1.png\",\"contentUrl\":\"https:\\\/\\\/iwell-guard.com\\\/wp-content\\\/uploads\\\/2026\\\/05\\\/Ittermann-Logo-1182x237-1.png\",\"width\":1182,\"height\":237,\"caption\":\"Ittermann electronic GmbH\"},\"image\":{\"@id\":\"https:\\\/\\\/iwell-guard.com\\\/sk\\\/#\\\/schema\\\/logo\\\/image\\\/\"},\"sameAs\":[\"https:\\\/\\\/pantip.com\\\/profile\\\/9367242\",\"https:\\\/\\\/micro.blog\\\/iwellguard\",\"https:\\\/\\\/www.diggerslist.com\\\/iwellguard\\\/about\",\"https:\\\/\\\/skitterphoto.com\\\/photographers\\\/2870314\\\/iwell-guard\",\"https:\\\/\\\/iwellguard.wordpress.com\\\/2026\\\/06\\\/06\\\/iwell-guard\\\/\",\"https:\\\/\\\/hub.docker.com\\\/u\\\/iwellguard\",\"https:\\\/\\\/www.pinterest.com\\\/iwellguard\\\/\",\"https:\\\/\\\/bit.ly\\\/m\\\/iwellguard\",\"https:\\\/\\\/entre-vos-mains.alsace.eu\\\/profiles\\\/iwellguard\\\/activity\",\"https:\\\/\\\/gravatar.com\\\/reallybeded8fd34\",\"https:\\\/\\\/naijamatta.com\\\/iwellguard\",\"https:\\\/\\\/www.goodreads.com\\\/iwellguard\",\"https:\\\/\\\/profile.hatena.ne.jp\\\/iwellguard\\\/\",\"https:\\\/\\\/experiment.com\\\/users\\\/iwellguard\",\"https:\\\/\\\/wakelet.com\\\/@iWellGuard82270\",\"https:\\\/\\\/www.chordie.com\\\/forum\\\/profile.php?id=2555664\",\"https:\\\/\\\/www.instapaper.com\\\/p\\\/17757966\",\"https:\\\/\\\/www.mapleprimes.com\\\/users\\\/iwellguard\",\"https:\\\/\\\/businesslistingplus.com\\\/profile\\\/iwell-guard\\\/\",\"https:\\\/\\\/telegra.ph\\\/iWell-Guard-06-06\",\"https:\\\/\\\/pbase.com\\\/iwellguard\\\/iwellguard\",\"https:\\\/\\\/b.hatena.ne.jp\\\/iwellguard\\\/20260607#bookmark-4788405196491818882\",\"https:\\\/\\\/fliphtml5.com\\\/home\\\/iwellguard\",\"https:\\\/\\\/anyflip.com\\\/homepage\\\/cmiwl#About\",\"https:\\\/\\\/transfur.com\\\/Users\\\/iwellguard\",\"http:\\\/\\\/delphi.larsbo.org\\\/user\\\/iwellguard\",\"https:\\\/\\\/jobs.lajobsportal.org\\\/profiles\\\/8380803-iwell-guard\",\"https:\\\/\\\/md.chaosdorf.de\\\/s\\\/jfbe5SBdJD\",\"https:\\\/\\\/www.lingvolive.com\\\/en-us\\\/profile\\\/9ecaeaca-ce11-4e51-9e71-01d55e2bff36\\\/translations\",\"https:\\\/\\\/www.fitday.com\\\/fitness\\\/forums\\\/members\\\/iwellguard.html\",\"https:\\\/\\\/www.mymeetbook.com\\\/iwellguard\",\"https:\\\/\\\/pxhere.com\\\/en\\\/photographer-me\\\/5040798\",\"https:\\\/\\\/disqus.com\\\/by\\\/iwellguard\\\/about\\\/\",\"https:\\\/\\\/pastelink.net\\\/hjwciqwq\",\"https:\\\/\\\/pubhtml5.com\\\/homepage\\\/scjhn\\\/\",\"https:\\\/\\\/www.bitchute.com\\\/channel\\\/2O2eOKzNqujT\",\"https:\\\/\\\/audiomack.com\\\/iwellguard\"]}]}<\/script>\n<!-- \/ Yoast SEO Premium plugin. -->","yoast_head_json":{"title":"Qailertetang - duch po\u010dasia a Sedninho spolo\u010dn\u00ed\u010dka","description":"Qailertetang je duch po\u010dasia a spolo\u010dn\u00ed\u010dka Sedny, str\u00e1\u017eky\u0148a zvierat u Baffinov\u00fdch Inuitov. Religionistick\u00e9 zaradenie a pramene.","robots":{"index":"index","follow":"follow","max-snippet":"max-snippet:-1","max-image-preview":"max-image-preview:large","max-video-preview":"max-video-preview:-1"},"canonical":"https:\/\/iwell-guard.com\/sk\/qailertetang-spolocnicka-pocasia-strazkyna-zvierat\/","og_locale":"sk_SK","og_type":"article","og_title":"Qailertetang - spolo\u010dn\u00ed\u010dka po\u010dasia a str\u00e1\u017eky\u0148a zvierat","og_description":"Qailertetang je duch po\u010dasia a spolo\u010dn\u00ed\u010dka Sedny, str\u00e1\u017eky\u0148a zvierat u Baffinov\u00fdch Inuitov. Religionistick\u00e9 zaradenie a pramene.","og_url":"https:\/\/iwell-guard.com\/sk\/qailertetang-spolocnicka-pocasia-strazkyna-zvierat\/","og_site_name":"iWell Guard","article_modified_time":"2026-09-04T22:48:09+00:00","og_image":[{"width":1024,"height":1536,"url":"https:\/\/iwell-guard.com\/wp-content\/uploads\/2026\/05\/geister_inuit_qailertetang.webp","type":"image\/webp"}],"twitter_card":"summary_large_image","schema":{"@context":"https:\/\/schema.org","@graph":[{"@type":"WebPage","@id":"https:\/\/iwell-guard.com\/sk\/qailertetang-spolocnicka-pocasia-strazkyna-zvierat\/","url":"https:\/\/iwell-guard.com\/sk\/qailertetang-spolocnicka-pocasia-strazkyna-zvierat\/","name":"Qailertetang - duch po\u010dasia a Sedninho spolo\u010dn\u00ed\u010dka","isPartOf":{"@id":"https:\/\/iwell-guard.com\/sk\/#website"},"primaryImageOfPage":{"@id":"https:\/\/iwell-guard.com\/sk\/qailertetang-spolocnicka-pocasia-strazkyna-zvierat\/#primaryimage"},"image":{"@id":"https:\/\/iwell-guard.com\/sk\/qailertetang-spolocnicka-pocasia-strazkyna-zvierat\/#primaryimage"},"thumbnailUrl":"https:\/\/iwell-guard.com\/wp-content\/uploads\/2026\/05\/geister_inuit_qailertetang.webp","datePublished":"2026-09-04T22:20:31+00:00","dateModified":"2026-09-04T22:48:09+00:00","description":"Qailertetang je duch po\u010dasia a spolo\u010dn\u00ed\u010dka Sedny, str\u00e1\u017eky\u0148a zvierat u Baffinov\u00fdch Inuitov. Religionistick\u00e9 zaradenie a pramene.","breadcrumb":{"@id":"https:\/\/iwell-guard.com\/sk\/qailertetang-spolocnicka-pocasia-strazkyna-zvierat\/#breadcrumb"},"inLanguage":"sk-SK","potentialAction":[{"@type":"ReadAction","target":["https:\/\/iwell-guard.com\/sk\/qailertetang-spolocnicka-pocasia-strazkyna-zvierat\/"]}]},{"@type":"ImageObject","inLanguage":"sk-SK","@id":"https:\/\/iwell-guard.com\/sk\/qailertetang-spolocnicka-pocasia-strazkyna-zvierat\/#primaryimage","url":"https:\/\/iwell-guard.com\/wp-content\/uploads\/2026\/05\/geister_inuit_qailertetang.webp","contentUrl":"https:\/\/iwell-guard.com\/wp-content\/uploads\/2026\/05\/geister_inuit_qailertetang.webp","width":1024,"height":1536,"caption":"Duchovia z inuitskej trad\u00edcie."},{"@type":"BreadcrumbList","@id":"https:\/\/iwell-guard.com\/sk\/qailertetang-spolocnicka-pocasia-strazkyna-zvierat\/#breadcrumb","itemListElement":[{"@type":"ListItem","position":1,"name":"Start","item":"https:\/\/iwell-guard.com\/sk\/?page_id=157572"},{"@type":"ListItem","position":2,"name":"Qailertetang &#8211; spolo\u010dn\u00ed\u010dka po\u010dasia a str\u00e1\u017eky\u0148a zvierat"}]},{"@type":"WebSite","@id":"https:\/\/iwell-guard.com\/sk\/#website","url":"https:\/\/iwell-guard.com\/sk\/","name":"iWell Guard","description":"Schutz vor dunklen Einfl\u00fcssen","publisher":{"@id":"https:\/\/iwell-guard.com\/sk\/#organization"},"potentialAction":[{"@type":"SearchAction","target":{"@type":"EntryPoint","urlTemplate":"https:\/\/iwell-guard.com\/sk\/?s={search_term_string}"},"query-input":{"@type":"PropertyValueSpecification","valueRequired":true,"valueName":"search_term_string"}}],"inLanguage":"sk-SK"},{"@type":"Organization","@id":"https:\/\/iwell-guard.com\/sk\/#organization","name":"Ittermann electronic GmbH","url":"https:\/\/iwell-guard.com\/sk\/","logo":{"@type":"ImageObject","inLanguage":"sk-SK","@id":"https:\/\/iwell-guard.com\/sk\/#\/schema\/logo\/image\/","url":"https:\/\/iwell-guard.com\/wp-content\/uploads\/2026\/05\/Ittermann-Logo-1182x237-1.png","contentUrl":"https:\/\/iwell-guard.com\/wp-content\/uploads\/2026\/05\/Ittermann-Logo-1182x237-1.png","width":1182,"height":237,"caption":"Ittermann electronic GmbH"},"image":{"@id":"https:\/\/iwell-guard.com\/sk\/#\/schema\/logo\/image\/"},"sameAs":["https:\/\/pantip.com\/profile\/9367242","https:\/\/micro.blog\/iwellguard","https:\/\/www.diggerslist.com\/iwellguard\/about","https:\/\/skitterphoto.com\/photographers\/2870314\/iwell-guard","https:\/\/iwellguard.wordpress.com\/2026\/06\/06\/iwell-guard\/","https:\/\/hub.docker.com\/u\/iwellguard","https:\/\/www.pinterest.com\/iwellguard\/","https:\/\/bit.ly\/m\/iwellguard","https:\/\/entre-vos-mains.alsace.eu\/profiles\/iwellguard\/activity","https:\/\/gravatar.com\/reallybeded8fd34","https:\/\/naijamatta.com\/iwellguard","https:\/\/www.goodreads.com\/iwellguard","https:\/\/profile.hatena.ne.jp\/iwellguard\/","https:\/\/experiment.com\/users\/iwellguard","https:\/\/wakelet.com\/@iWellGuard82270","https:\/\/www.chordie.com\/forum\/profile.php?id=2555664","https:\/\/www.instapaper.com\/p\/17757966","https:\/\/www.mapleprimes.com\/users\/iwellguard","https:\/\/businesslistingplus.com\/profile\/iwell-guard\/","https:\/\/telegra.ph\/iWell-Guard-06-06","https:\/\/pbase.com\/iwellguard\/iwellguard","https:\/\/b.hatena.ne.jp\/iwellguard\/20260607#bookmark-4788405196491818882","https:\/\/fliphtml5.com\/home\/iwellguard","https:\/\/anyflip.com\/homepage\/cmiwl#About","https:\/\/transfur.com\/Users\/iwellguard","http:\/\/delphi.larsbo.org\/user\/iwellguard","https:\/\/jobs.lajobsportal.org\/profiles\/8380803-iwell-guard","https:\/\/md.chaosdorf.de\/s\/jfbe5SBdJD","https:\/\/www.lingvolive.com\/en-us\/profile\/9ecaeaca-ce11-4e51-9e71-01d55e2bff36\/translations","https:\/\/www.fitday.com\/fitness\/forums\/members\/iwellguard.html","https:\/\/www.mymeetbook.com\/iwellguard","https:\/\/pxhere.com\/en\/photographer-me\/5040798","https:\/\/disqus.com\/by\/iwellguard\/about\/","https:\/\/pastelink.net\/hjwciqwq","https:\/\/pubhtml5.com\/homepage\/scjhn\/","https:\/\/www.bitchute.com\/channel\/2O2eOKzNqujT","https:\/\/audiomack.com\/iwellguard"]}]}},"_links":{"self":[{"href":"https:\/\/iwell-guard.com\/sk\/wp-json\/wp\/v2\/pages\/158000","targetHints":{"allow":["GET"]}}],"collection":[{"href":"https:\/\/iwell-guard.com\/sk\/wp-json\/wp\/v2\/pages"}],"about":[{"href":"https:\/\/iwell-guard.com\/sk\/wp-json\/wp\/v2\/types\/page"}],"author":[{"embeddable":true,"href":"https:\/\/iwell-guard.com\/sk\/wp-json\/wp\/v2\/users\/3"}],"replies":[{"embeddable":true,"href":"https:\/\/iwell-guard.com\/sk\/wp-json\/wp\/v2\/comments?post=158000"}],"version-history":[{"count":0,"href":"https:\/\/iwell-guard.com\/sk\/wp-json\/wp\/v2\/pages\/158000\/revisions"}],"wp:featuredmedia":[{"embeddable":true,"href":"https:\/\/iwell-guard.com\/sk\/wp-json\/wp\/v2\/media\/2878"}],"wp:attachment":[{"href":"https:\/\/iwell-guard.com\/sk\/wp-json\/wp\/v2\/media?parent=158000"}],"wp:term":[{"taxonomy":"category","embeddable":true,"href":"https:\/\/iwell-guard.com\/sk\/wp-json\/wp\/v2\/categories?post=158000"}],"curies":[{"name":"wp","href":"https:\/\/api.w.org\/{rel}","templated":true}]}}