{"id":157999,"date":"2026-09-04T22:20:31","date_gmt":"2026-09-04T22:20:31","guid":{"rendered":"https:\/\/iwell-guard.com\/?page_id=157999"},"modified":"2026-09-04T22:48:09","modified_gmt":"2026-09-04T22:48:09","slug":"malina-slnecna-bohyna-inuitov","status":"publish","type":"page","link":"https:\/\/iwell-guard.com\/sk\/malina-slnecna-bohyna-inuitov\/","title":{"rendered":"Malina &#8211; slne\u010dn\u00e1 bohy\u0148a Inuitov"},"content":{"rendered":"\t\t<div data-elementor-type=\"wp-page\" data-elementor-id=\"157999\" class=\"elementor elementor-157999 elementor-2662 elementor-bc-flex-widget\" data-elementor-post-type=\"page\">\n\t\t\t\t<div class=\"elementor-element elementor-element-iwgw-malinainui-hero e-flex e-con-boxed e-con e-parent\" data-id=\"iwgw-malinainui-hero\" data-element_type=\"container\" data-e-type=\"container\" data-settings=\"{&quot;background_background&quot;:&quot;classic&quot;}\">\n\t\t\t\t\t<div class=\"e-con-inner\">\n\t\t<div class=\"elementor-element elementor-element-iwgw-malinainui-hl e-flex e-con-boxed e-con e-child\" data-id=\"iwgw-malinainui-hl\" data-element_type=\"container\" data-e-type=\"container\">\n\t\t\t\t\t<div class=\"e-con-inner\">\n\t\t<div class=\"elementor-element elementor-element-iwgw-malinainui-htxt e-con-full e-flex e-con e-child\" data-id=\"iwgw-malinainui-htxt\" data-element_type=\"container\" data-e-type=\"container\">\n\t\t\t\t<div class=\"elementor-element elementor-element-iwgw-malinainui-h1 elementor-widget elementor-widget-heading\" data-id=\"iwgw-malinainui-h1\" data-element_type=\"widget\" data-e-type=\"widget\" data-widget_type=\"heading.default\">\n\t\t\t\t\t<h1 class=\"elementor-heading-title elementor-size-default\">Malina - slne\u010dn\u00e1 bohy\u0148a a sestra mesiaca v inuitskej trad\u00edcii<\/h1>\t\t\t\t<\/div>\n\t\t\t\t<div class=\"elementor-element elementor-element-iwgw-malinainui-lead elementor-widget elementor-widget-text-editor\" data-id=\"iwgw-malinainui-lead\" data-element_type=\"widget\" data-e-type=\"widget\" data-widget_type=\"text-editor.default\">\n\t\t\t\t\t\t\t\t\t<p>Malina je v trad\u00edcii centr\u00e1lnoarktick\u00fdch <a href=\"https:\/\/iwell-guard.com\/sk\/inuiti-a-arktida-sedna-tornit-ochranna-prax\/\">Inuitov<\/a> slne\u010dnou bohy\u0148ou, sestrou mesiaca <a href=\"https:\/\/iwell-guard.com\/sk\/?page_id=157998\">Igaluka<\/a> a hlavnou postavou jedn\u00e9ho z \u00fastredn\u00fdch inuitsk\u00fdch m\u00fdtov. Jej \u00fatek pred bratom vysvet\u013euje oddelenie d\u0148a a noci. Z religionistick\u00e9ho h\u013eadiska je paradigmatickou \u017eenskou slne\u010dnou bohy\u0148ou cirkumpol\u00e1rnej oblasti.<\/p>\t\t\t\t\t\t\t\t<\/div>\n\t\t\t\t<\/div>\n\t\t<div class=\"elementor-element elementor-element-iwgw-malinainui-pillc e-con-full e-flex e-con e-child\" data-id=\"iwgw-malinainui-pillc\" data-element_type=\"container\" data-e-type=\"container\">\n\t\t\t\t<div class=\"elementor-element elementor-element-iwgw-malinainui-pills elementor-widget elementor-widget-html\" data-id=\"iwgw-malinainui-pills\" data-element_type=\"widget\" data-e-type=\"widget\" data-widget_type=\"html.default\">\n\t\t\t\t\t<div class=\"iwg-pill-row\"><span class=\"iwg-klasse-badge\" tabindex=\"0\" data-tooltip=\"Bohy\u0148a trad\u00edcie Inuitov.\">Bohy\u0148a<\/span><a href=\"https:\/\/iwell-guard.com\/sk\/inuiti-a-arktida-sedna-tornit-ochranna-prax\/\" class=\"iwg-kultur-badge\" tabindex=\"0\" data-tooltip=\"Mytol\u00f3gia trad\u00edcie Inuitov.\">Inuiti<\/a><span class=\"iwg-tradition-badge\" tabindex=\"0\" data-tooltip=\"Slne\u010dn\u00e1 bohy\u0148a.\">Slne\u010dn\u00e1 bohy\u0148a<\/span><\/div>\t\t\t\t<\/div>\n\t\t\t\t<\/div>\n\t\t<div class=\"elementor-element elementor-element-iwgw-malinainui-tocc e-con-full e-flex e-con e-child\" data-id=\"iwgw-malinainui-tocc\" data-element_type=\"container\" data-e-type=\"container\">\n\t\t\t\t<div class=\"elementor-element elementor-element-iwgw-malinainui-toc elementor-toc--minimized-on-tablet elementor-widget elementor-widget-table-of-contents\" data-id=\"iwgw-malinainui-toc\" data-element_type=\"widget\" data-e-type=\"widget\" data-settings=\"{&quot;headings_by_tags&quot;:[&quot;h2&quot;,&quot;h3&quot;],&quot;minimize_box&quot;:&quot;yes&quot;,&quot;marker_view&quot;:&quot;bullets&quot;,&quot;no_headings_message&quot;:&quot;Na tejto str\\u00e1nke sa nena\\u0161li \\u017eiadne nadpisy.&quot;,&quot;exclude_headings_by_selector&quot;:[],&quot;icon&quot;:{&quot;value&quot;:&quot;fas fa-circle&quot;,&quot;library&quot;:&quot;fa-solid&quot;,&quot;rendered_tag&quot;:&quot;&lt;svg class=\\&quot;e-font-icon-svg e-fas-circle\\&quot; viewBox=\\&quot;0 0 512 512\\&quot; xmlns=\\&quot;http:\\\/\\\/www.w3.org\\\/2000\\\/svg\\&quot;&gt;&lt;path d=\\&quot;M256 8C119 8 8 119 8 256s111 248 248 248 248-111 248-248S393 8 256 8z\\&quot;&gt;&lt;\\\/path&gt;&lt;\\\/svg&gt;&quot;},&quot;minimized_on&quot;:&quot;tablet&quot;,&quot;hierarchical_view&quot;:&quot;yes&quot;,&quot;min_height&quot;:{&quot;unit&quot;:&quot;px&quot;,&quot;size&quot;:&quot;&quot;,&quot;sizes&quot;:[]},&quot;min_height_tablet&quot;:{&quot;unit&quot;:&quot;px&quot;,&quot;size&quot;:&quot;&quot;,&quot;sizes&quot;:[]},&quot;min_height_mobile&quot;:{&quot;unit&quot;:&quot;px&quot;,&quot;size&quot;:&quot;&quot;,&quot;sizes&quot;:[]}}\" data-widget_type=\"table-of-contents.default\">\n\t\t\t\t\t\t\t\t\t<div class=\"elementor-toc__header\">\n\t\t\t\t\t\t<h2 class=\"elementor-toc__header-title\">\n\t\t\t\tObsah\t\t\t<\/h2>\n\t\t\t\t\t\t\t\t\t\t<div class=\"elementor-toc__toggle-button elementor-toc__toggle-button--expand\" role=\"button\" tabindex=\"0\" aria-controls=\"elementor-toc__iwgw-malinainui-toc\" aria-expanded=\"true\" aria-label=\"Open table of contents\"><svg aria-hidden=\"true\" class=\"e-font-icon-svg e-fas-chevron-down\" viewBox=\"0 0 448 512\" xmlns=\"http:\/\/www.w3.org\/2000\/svg\"><path d=\"M207.029 381.476L12.686 187.132c-9.373-9.373-9.373-24.569 0-33.941l22.667-22.667c9.357-9.357 24.522-9.375 33.901-.04L224 284.505l154.745-154.021c9.379-9.335 24.544-9.317 33.901.04l22.667 22.667c9.373 9.373 9.373 24.569 0 33.941L240.971 381.476c-9.373 9.372-24.569 9.372-33.942 0z\"><\/path><\/svg><\/div>\n\t\t\t\t<div class=\"elementor-toc__toggle-button elementor-toc__toggle-button--collapse\" role=\"button\" tabindex=\"0\" aria-controls=\"elementor-toc__iwgw-malinainui-toc\" aria-expanded=\"true\" aria-label=\"Close table of contents\"><svg aria-hidden=\"true\" class=\"e-font-icon-svg e-fas-chevron-up\" viewBox=\"0 0 448 512\" xmlns=\"http:\/\/www.w3.org\/2000\/svg\"><path d=\"M240.971 130.524l194.343 194.343c9.373 9.373 9.373 24.569 0 33.941l-22.667 22.667c-9.357 9.357-24.522 9.375-33.901.04L224 227.495 69.255 381.516c-9.379 9.335-24.544 9.317-33.901-.04l-22.667-22.667c-9.373-9.373-9.373-24.569 0-33.941L207.03 130.525c9.372-9.373 24.568-9.373 33.941-.001z\"><\/path><\/svg><\/div>\n\t\t\t\t\t<\/div>\n\t\t\t\t<div id=\"elementor-toc__iwgw-malinainui-toc\" class=\"elementor-toc__body\">\n\t\t\t<div class=\"elementor-toc__spinner-container\">\n\t\t\t\t<svg class=\"elementor-toc__spinner eicon-animation-spin e-font-icon-svg e-eicon-loading\" aria-hidden=\"true\" viewBox=\"0 0 1000 1000\" xmlns=\"http:\/\/www.w3.org\/2000\/svg\"><path d=\"M500 975V858C696 858 858 696 858 500S696 142 500 142 142 304 142 500H25C25 237 238 25 500 25S975 237 975 500 763 975 500 975Z\"><\/path><\/svg>\t\t\t<\/div>\n\t\t<\/div>\n\t\t\t\t\t\t<\/div>\n\t\t\t\t<\/div>\n\t\t\t\t\t<\/div>\n\t\t\t\t<\/div>\n\t\t<div class=\"elementor-element elementor-element-iwgw-malinainui-hr e-con-full e-flex e-con e-child\" data-id=\"iwgw-malinainui-hr\" data-element_type=\"container\" data-e-type=\"container\">\n\t\t\t\t<div class=\"elementor-element elementor-element-iwgw-malinainui-heroimg iwg-hero-image elementor-widget elementor-widget-image\" data-id=\"iwgw-malinainui-heroimg\" data-element_type=\"widget\" data-e-type=\"widget\" data-widget_type=\"image.default\">\n\t\t\t\t\t\t\t\t\t\t\t\t\t\t\t<img fetchpriority=\"high\" decoding=\"async\" width=\"683\" height=\"1024\" src=\"https:\/\/iwell-guard.com\/wp-content\/uploads\/2026\/05\/goetter_inuit_malina-inuit-683x1024.webp\" class=\"attachment-large size-large wp-image-159766\" alt=\"Malina Inuit \u2013 bohovia z inuitskej trad\u00edcie, historicko-ilustra\u010dn\u00e9\" srcset=\"https:\/\/iwell-guard.com\/wp-content\/uploads\/2026\/05\/goetter_inuit_malina-inuit-683x1024.webp 683w, https:\/\/iwell-guard.com\/wp-content\/uploads\/2026\/05\/goetter_inuit_malina-inuit-200x300.webp 200w, https:\/\/iwell-guard.com\/wp-content\/uploads\/2026\/05\/goetter_inuit_malina-inuit-768x1152.webp 768w, https:\/\/iwell-guard.com\/wp-content\/uploads\/2026\/05\/goetter_inuit_malina-inuit.webp 1024w\" sizes=\"(max-width: 683px) 100vw, 683px\" \/>\t\t\t\t\t\t\t\t\t\t\t\t\t\t\t<\/div>\n\t\t\t\t<\/div>\n\t\t\t\t\t<\/div>\n\t\t\t\t<\/div>\n\t\t\t\t<section class=\"elementor-section elementor-top-section elementor-element elementor-element-sec-iwgcomp-malina-inuit elementor-section-boxed elementor-section-height-default elementor-section-height-default\" data-id=\"sec-iwgcomp-malina-inuit\" data-element_type=\"section\" data-e-type=\"section\">\n\t\t\t\t\t\t<div class=\"elementor-container elementor-column-gap-default\">\n\t\t\t\t\t<div class=\"elementor-column elementor-col-100 elementor-top-column elementor-element elementor-element-col-iwgcomp-malina-inuit\" data-id=\"col-iwgcomp-malina-inuit\" data-element_type=\"column\" data-e-type=\"column\">\n\t\t\t<div class=\"elementor-widget-wrap elementor-element-populated\">\n\t\t\t\t\t\t<div class=\"elementor-element elementor-element-iwgcomp-malina-inuit elementor-widget elementor-widget-text-editor\" data-id=\"iwgcomp-malina-inuit\" data-element_type=\"widget\" data-e-type=\"widget\" data-widget_type=\"text-editor.default\">\n\t\t\t\t\t\t\t\t\t<p>Malina je <strong>inuitsk\u00e1 slne\u010dn\u00e1 bohy\u0148a<\/strong> a sestra mesa\u010dn\u00e9ho boha Igaluka v arktickej <span class=\"iwg-fachbegriff\" data-tooltip=\"S\u00fabor tradovan\u00fdch pr\u00edbehov o bohoch danej kult\u00fary.\" tabindex=\"0\">mytol\u00f3gii<\/span>.<\/p>\t\t\t\t\t\t\t\t<\/div>\n\t\t\t\t\t<\/div>\n\t\t<\/div>\n\t\t\t\t\t<\/div>\n\t\t<\/section>\n\t\t<div class=\"elementor-element elementor-element-iwgw-malinainui-s0 e-flex e-con-boxed e-con e-parent\" data-id=\"iwgw-malinainui-s0\" data-element_type=\"container\" data-e-type=\"container\">\n\t\t\t\t\t<div class=\"e-con-inner\">\n\t\t\t\t<div class=\"elementor-element elementor-element-iwgw-malinainui-s0h elementor-widget elementor-widget-heading\" data-id=\"iwgw-malinainui-s0h\" data-element_type=\"widget\" data-e-type=\"widget\" data-widget_type=\"heading.default\">\n\t\t\t\t\t<h2 class=\"elementor-heading-title elementor-size-default\">Zaradenie a stru\u010dn\u00fd profil<\/h2>\t\t\t\t<\/div>\n\t\t<div class=\"elementor-element elementor-element-iwgw-malinainui-s0c e-con-full e-flex e-con e-child\" data-id=\"iwgw-malinainui-s0c\" data-element_type=\"container\" data-e-type=\"container\">\n\t\t\t\t<div class=\"elementor-element elementor-element-iwgw-malinainui-s0t elementor-widget elementor-widget-text-editor\" data-id=\"iwgw-malinainui-s0t\" data-element_type=\"widget\" data-e-type=\"widget\" data-widget_type=\"text-editor.default\">\n\t\t\t\t\t\t\t\t\t<p>Malina je v inuitskom <span class=\"iwg-fachbegriff\" data-tooltip=\"S\u00fabor bohov n\u00e1bo\u017eenstva alebo kult\u00fary.\" tabindex=\"0\">pante\u00f3ne<\/span> slnkom v personifikovanej \u017eenskej podobe. Z religionistick\u00e9ho h\u013eadiska je zauj\u00edmav\u00e9, \u017ee inuitsk\u00e1 trad\u00edcia, podobne ako v\u00e4\u010d\u0161ina cirkumpol\u00e1rnych a severoeur\u00f3pskych trad\u00edci\u00ed, vn\u00edma slnko ako \u017eensk\u00e9 a mesiac ako mu\u017esk\u00fd, na rozdiel od mnoh\u00fdch stredomorsk\u00fdch trad\u00edci\u00ed, kde je t\u00e1to polarita opa\u010dn\u00e1. Toto priradenie pohlav\u00ed je d\u00f4le\u017eit\u00fdm religionofenomenologick\u00fdm znakom.<\/p><p>Malina nie je samostatn\u00fdm, nez\u00e1visl\u00fdm <span class=\"iwg-fachbegriff\" data-tooltip=\"Bytos\u0165 uctievan\u00e1 ako bo\u017esk\u00e1 v r\u00e1mci n\u00e1bo\u017eenstva.\" tabindex=\"0\">bo\u017estvom<\/span>, ale v\u017edy sa spom\u00edna vo vz\u0165ahu k <span class=\"iwg-fachbegriff\" data-tooltip=\"Tradovan\u00fd pr\u00edbeh o bohoch, p\u00f4vode a usporiadan\u00ed sveta.\" tabindex=\"0\">m\u00fdtu<\/span> o bratovi Igalukovi. Jej \u00fatek na nebo a neust\u00e1le prenasledovanie Igalukom \u0161trukturuj\u00fa denn\u00fd kolobeh a t\u00fdm aj z\u00e1kladn\u00e9 usporiadanie \u010dasu. T\u00e1to narat\u00edvna viazanos\u0165 na Igaluka je religionofenomenologicky samostatn\u00fdm javom.<\/p><p>Napriek tejto narat\u00edvnej viazanosti m\u00e1 Malina vlastn\u00e9 ritu\u00e1lne funkcie, najm\u00e4 v oblasti \u017eensk\u00fdch prakt\u00edk, \u010distoty, p\u00f4rodu a chladnej zimy, ktorej koniec ozna\u010duje jej n\u00e1vrat po pol\u00e1rnej noci. Jej n\u00e1bo\u017eensk\u00fd v\u00fdznam je \u00fazko sp\u00e4t\u00fd s arktick\u00fdm ro\u010dn\u00fdm cyklom, \u010do z nej rob\u00ed k\u013e\u00fa\u010dov\u00fa postavu cyklick\u00e9ho ch\u00e1pania \u010dasu u Inuitov.<\/p><p>Slne\u010dn\u00e1 bohy\u0148a Malina, ktor\u00e1 sa tradovala v\u017edy vo vz\u0165ahu k <span class=\"iwg-fachbegriff\" data-tooltip=\"Tradovan\u00fd pr\u00edbeh o bohoch, p\u00f4vode a usporiadan\u00ed sveta.\" tabindex=\"0\">m\u00fdtu<\/span> o svojom bratovi Igalukovi, bola presk\u00faman\u00e1 nov\u0161ou v\u00fdskumnou gener\u00e1ciou pomocou roz\u0161\u00edren\u00fdch metodick\u00fdch pr\u00edstupov, ktor\u00e9 sp\u00e1jaj\u00fa etnografick\u00fa presnos\u0165, jazykov\u00fa kritiku prame\u0148ov a komparat\u00edvnu perspekt\u00edvu. Dnes je do tohto v\u00fdskumu zapojen\u00e1 aj samotn\u00e1 inuitsk\u00e1 znalostn\u00e1 komunita, ktor\u00e1 opravuje star\u0161ie, \u010diasto\u010dne koloni\u00e1lne pozna\u010den\u00e9 z\u00e1padn\u00e9 pripisovania v\u00fdznamov.<\/p><p>\u010eal\u0161ie poznatky prin\u00e1\u0161a religionosociologick\u00e1 ot\u00e1zka funkcie Maliny v spolo\u010denskom poriadku tradi\u010dn\u00e9ho inuitsk\u00e9ho spolo\u010denstva. Ke\u010f\u017ee jej ritu\u00e1lny v\u00fdznam bol viazan\u00fd na \u017eensk\u00e9 praktiky, p\u00f4rod a ro\u010dn\u00fd cyklus, ukazuje sa na nej, \u017ee n\u00e1bo\u017eensk\u00e1 \u0161trukt\u00fara nebola oddelen\u00e1 od spolo\u010denskej praxe, ale bola s \u0148ou tesne prepleten\u00e1.<\/p><p>Toto prepletenie tvor\u00ed samostatn\u00fa oblas\u0165 religi\u00f3zno-antropologick\u00e9ho v\u00fdskumu, ktor\u00fa systematicky presk\u00famali najm\u00e4 Fr\u00e9d\u00e9ric Laugrand a Jarich Oosten.<\/p>\t\t\t\t\t\t\t\t<\/div>\n\t\t\t\t<\/div>\n\t\t\t\t\t<\/div>\n\t\t\t\t<\/div>\n\t\t<div class=\"elementor-element elementor-element-iwgw-malinainui-s1 e-flex e-con-boxed e-con e-parent\" data-id=\"iwgw-malinainui-s1\" data-element_type=\"container\" data-e-type=\"container\">\n\t\t\t\t\t<div class=\"e-con-inner\">\n\t\t\t\t<div class=\"elementor-element elementor-element-iwgw-malinainui-s1h elementor-widget elementor-widget-heading\" data-id=\"iwgw-malinainui-s1h\" data-element_type=\"widget\" data-e-type=\"widget\" data-widget_type=\"heading.default\">\n\t\t\t\t\t<h2 class=\"elementor-heading-title elementor-size-default\">Meno a etymol\u00f3gia<\/h2>\t\t\t\t<\/div>\n\t\t<div class=\"elementor-element elementor-element-iwgw-malinainui-s1c e-con-full e-flex e-con e-child\" data-id=\"iwgw-malinainui-s1c\" data-element_type=\"container\" data-e-type=\"container\">\n\t\t\t\t<div class=\"elementor-element elementor-element-iwgw-malinainui-s1t elementor-widget elementor-widget-text-editor\" data-id=\"iwgw-malinainui-s1t\" data-element_type=\"widget\" data-e-type=\"widget\" data-widget_type=\"text-editor.default\">\n\t\t\t\t\t\t\t\t\t<p>Meno Malina je naj\u010dastej\u0161ie zdokumentovan\u00e9 v z\u00e1padogr\u00f3nskom dialekte. Etymologicky nie je jednozna\u010dne objasnen\u00e9, ale mohlo by s\u00favisie\u0165 so slovn\u00fdm z\u00e1kladom <em>mali\u014b\u014buq<\/em>, ktor\u00fd ozna\u010duje prenasledovanie. Z vedeck\u00e9ho h\u013eadiska to zodpoved\u00e1 pr\u00edbehu, v ktorom je \u0161trukt\u00fara prenasledovania \u00fastredn\u00fdm <span class=\"iwg-fachbegriff\" data-tooltip=\"Opakuj\u00faci sa obsahov\u00fd prvok v umen\u00ed alebo rozpr\u00e1van\u00ed.\" tabindex=\"0\">mot\u00edvom<\/span>.<\/p><p>In\u00e9 n\u00e1zvy pre slnko v inuitsk\u00fdch jazykoch s\u00fa <em>seqineq<\/em>, <em>siqiniq<\/em> alebo <em>siqinniq<\/em>. Tieto n\u00e1zvy v\u0161ak prim\u00e1rne ozna\u010duj\u00fa nebesk\u00e9 teleso, nie personifikovan\u00fa bohy\u0148u. Tento rozdiel je vedecky d\u00f4le\u017eit\u00fd: nie ka\u017ed\u00e9 pomenovanie slnka nesie teologick\u00fa podobu Maliny. Metodick\u00e1 d\u00f4slednos\u0165 v pr\u00e1ci s prame\u0148mi je tu rozhoduj\u00faca.<\/p><p>V Iglulikoch sa objavuje forma Akycha alebo Malik, vo v\u00fdchodnom Gr\u00f3nsku Naajaa. Region\u00e1lna variabilita zodpoved\u00e1 v\u0161eobecnej jazykovej rozmanitosti inuitsk\u00e9ho svetu a mala by sa zoh\u013eadni\u0165 pri vedeckom spracovan\u00ed. Systematick\u00e1 jazykov\u00e1 synt\u00e9za e\u0161te ch\u00fdba.<\/p><p>V komparat\u00edvnej <span class=\"iwg-fachbegriff\" data-tooltip=\"Veda, ktor\u00e1 porovn\u00e1vac\u00edm sp\u00f4sobom a bez v\u00e4zby na vieru b\u00e1d\u00e1 n\u00e1bo\u017eenstv\u00e1.\" tabindex=\"0\">religionistike<\/span> zapad\u00e1 Malina do vzoru cirkumpol\u00e1rnej n\u00e1bo\u017eenskej topografie, ktor\u00e1 sa na tis\u00edce kilometrov zachov\u00e1va v prekvapuj\u00faco st\u00e1lej \u0161trukt\u00fare. T\u00e1to \u0161truktur\u00e1lna st\u00e1los\u0165 patr\u00ed religionofenomenologicky k najv\u00fdznamnej\u0161\u00edm zisteniam discipl\u00edny a dodnes sa o nej vedie diskusia.<\/p>\t\t\t\t\t\t\t\t<\/div>\n\t\t\t\t<\/div>\n\t\t\t\t\t<\/div>\n\t\t\t\t<\/div>\n\t\t<div class=\"elementor-element elementor-element-iwgw-malinainui-s2 e-flex e-con-boxed e-con e-parent\" data-id=\"iwgw-malinainui-s2\" data-element_type=\"container\" data-e-type=\"container\">\n\t\t\t\t\t<div class=\"e-con-inner\">\n\t\t\t\t<div class=\"elementor-element elementor-element-iwgw-malinainui-s2h elementor-widget elementor-widget-heading\" data-id=\"iwgw-malinainui-s2h\" data-element_type=\"widget\" data-e-type=\"widget\" data-widget_type=\"heading.default\">\n\t\t\t\t\t<h2 class=\"elementor-heading-title elementor-size-default\">M\u00fdtus o \u00fateku pred incestom<\/h2>\t\t\t\t<\/div>\n\t\t<div class=\"elementor-element elementor-element-iwgw-malinainui-s2c e-con-full e-flex e-con e-child\" data-id=\"iwgw-malinainui-s2c\" data-element_type=\"container\" data-e-type=\"container\">\n\t\t\t\t<div class=\"elementor-element elementor-element-iwgw-malinainui-s2t elementor-widget elementor-widget-text-editor\" data-id=\"iwgw-malinainui-s2t\" data-element_type=\"widget\" data-e-type=\"widget\" data-widget_type=\"text-editor.default\">\n\t\t\t\t\t\t\t\t\t<p>Z\u00e1kladn\u00fd m\u00fdtus o Maline je toto\u017en\u00fd s <span class=\"iwg-fachbegriff\" data-tooltip=\"Tradovan\u00fd pr\u00edbeh o bohoch, p\u00f4vode a poriadku svet a.\" tabindex=\"0\">m\u00fdtom<\/span> o Igalukovi a bol u\u017e pop\u00edsan\u00fd na jeho str\u00e1nke. Z Malininej perspekt\u00edvy je to pr\u00edbeh \u017eensk\u00e9ho sebapotvrdenia a vytvorenia kozmick\u00e9ho poriadku prostredn\u00edctvom samostatn\u00e9ho \u00fateku. T\u00e1to perspekt\u00edva je vedecky produkt\u00edvna a explicitne ju formulovali Birgitte Sonne a Pamela Stern.<\/p><p>Malina ozna\u010d\u00ed svojho brata sadzami, spozn\u00e1 jeho identitu, zo studu si odre\u017ee prsia, hod\u00ed mu ich a s jasnou fak\u013eou utek\u00e1 na nebo. Jej svetlo prevy\u0161uje svetlo jej brata, preto\u017ee utekala prv\u00e1 a strhla si jasnej\u0161iu fak\u013eu. Igaluk ju nasleduje, ale zost\u00e1va pozadu.<\/p><p>Z vedeck\u00e9ho h\u013eadiska nejde o pas\u00edvny narat\u00edv <span class=\"iwg-fachbegriff\" data-tooltip=\"Dar bo\u017estvu na vyjadrenie v\u010faky, prosby alebo \u00facty.\" tabindex=\"0\">obete<\/span>, ale o \u010din: Malina kon\u00e1 t\u00fdm, \u017ee sa sama ozna\u010d\u00ed, sama sa vykastruje, utek\u00e1. Slnkom sa st\u00e1va vlastnou iniciat\u00edvou, nie bo\u017esk\u00fdm z\u00e1sahom. T\u00e1to akt\u00edvna zlo\u017eka si zasl\u00fa\u017ei zvl\u00e1\u0161tnu pozornos\u0165 z h\u013eadiska fenomenol\u00f3gie n\u00e1bo\u017eenstva a odli\u0161uje tento m\u00fdtus od \u010disto obetne orientovan\u00fdch slne\u010dn\u00fdch m\u00fdtov.<\/p>\t\t\t\t\t\t\t\t<\/div>\n\t\t\t\t<\/div>\n\t\t\t\t\t<\/div>\n\t\t\t\t<\/div>\n\t\t<div class=\"elementor-element elementor-element-iwgw-malinainui-s3 e-flex e-con-boxed e-con e-parent\" data-id=\"iwgw-malinainui-s3\" data-element_type=\"container\" data-e-type=\"container\">\n\t\t\t\t\t<div class=\"e-con-inner\">\n\t\t\t\t<div class=\"elementor-element elementor-element-iwgw-malinainui-s3h elementor-widget elementor-widget-heading\" data-id=\"iwgw-malinainui-s3h\" data-element_type=\"widget\" data-e-type=\"widget\" data-widget_type=\"heading.default\">\n\t\t\t\t\t<h2 class=\"elementor-heading-title elementor-size-default\">Slnko, tma a arktick\u00fd ro\u010dn\u00fd cyklus<\/h2>\t\t\t\t<\/div>\n\t\t<div class=\"elementor-element elementor-element-iwgw-malinainui-s3c e-con-full e-flex e-con e-child\" data-id=\"iwgw-malinainui-s3c\" data-element_type=\"container\" data-e-type=\"container\">\n\t\t\t\t<div class=\"elementor-element elementor-element-iwgw-malinainui-s3t elementor-widget elementor-widget-text-editor\" data-id=\"iwgw-malinainui-s3t\" data-element_type=\"widget\" data-e-type=\"widget\" data-widget_type=\"text-editor.default\">\n\t\t\t\t\t\t\t\t\t<p>N\u00e1bo\u017eensk\u00fd v\u00fdznam Maliny je formovan\u00fd arktick\u00fdm ro\u010dn\u00fdm cyklom. Pol\u00e1rna noc, po\u010das ktorej slnko t\u00fd\u017edne nevyst\u00fapi nad horizont, bola n\u00e1bo\u017eensky nabit\u00fdm stavom. Malinin n\u00e1vrat na jar sa <span class=\"iwg-fachbegriff\" data-tooltip=\"Patriaci k pevne stanoven\u00e9mu n\u00e1bo\u017eensk\u00e9mu postupu.\" tabindex=\"0\">ritu\u00e1lne<\/span> v\u00edtal, v niektor\u00fdch regi\u00f3noch mal\u00fdmi sl\u00e1vnos\u0165ami, v in\u00fdch zvl\u00e1\u0161tnymi tabu.<\/p><p>Rasmussen uv\u00e1dza z Iglulik, \u017ee pri prvom zahliadnut\u00ed slnka po pol\u00e1rnej noci deti spievali osobit\u00e9 piesne, ktor\u00fdmi v\u00edtali vracaj\u00facu sa slne\u010dn\u00fa bohy\u0148u. T\u00e1to prax sa nedala porovna\u0165 s intenz\u00edvnou sviato\u010dnou kult\u00farou ju\u017en\u00fdch slne\u010dn\u00fdch kultov, mala v\u0161ak vlastn\u00fa ritu\u00e1lnu h\u013abku a vedeck\u00fd v\u00fdznam ako arktick\u00fd ritu\u00e1l priv\u00edtania slnka.<\/p><p>V lete, ke\u010f slnko nezapad\u00e1, bola Malina in\u00fdm druhom pr\u00edtomnosti: neust\u00e1le vidite\u013en\u00e1, jasn\u00e1, v istom zmysle a\u017e preva\u013euj\u00faca. Zdvojenie nepr\u00edtomnosti a v\u0161epr\u00edtomnosti je z h\u013eadiska fenomenol\u00f3gie n\u00e1bo\u017eenstva osobitos\u0165ou arktickej slne\u010dnej \u00facty a vytv\u00e1ra n\u00e1bo\u017eensk\u00fd rytmus sk\u00fasenosti, ktor\u00fd v miernych klimatick\u00fdch p\u00e1smach nie je mo\u017en\u00fd.<\/p>\t\t\t\t\t\t\t\t<\/div>\n\t\t\t\t<\/div>\n\t\t\t\t\t<\/div>\n\t\t\t\t<\/div>\n\t\t<div class=\"elementor-element elementor-element-iwgw-malinainui-s4 e-flex e-con-boxed e-con e-parent\" data-id=\"iwgw-malinainui-s4\" data-element_type=\"container\" data-e-type=\"container\">\n\t\t\t\t\t<div class=\"e-con-inner\">\n\t\t\t\t<div class=\"elementor-element elementor-element-iwgw-malinainui-s4h elementor-widget elementor-widget-heading\" data-id=\"iwgw-malinainui-s4h\" data-element_type=\"widget\" data-e-type=\"widget\" data-widget_type=\"heading.default\">\n\t\t\t\t\t<h2 class=\"elementor-heading-title elementor-size-default\">Malina a \u017eensk\u00e1 prax<\/h2>\t\t\t\t<\/div>\n\t\t<div class=\"elementor-element elementor-element-iwgw-malinainui-s4c e-con-full e-flex e-con e-child\" data-id=\"iwgw-malinainui-s4c\" data-element_type=\"container\" data-e-type=\"container\">\n\t\t\t\t<div class=\"elementor-element elementor-element-iwgw-malinainui-s4t elementor-widget elementor-widget-text-editor\" data-id=\"iwgw-malinainui-s4t\" data-element_type=\"widget\" data-e-type=\"widget\" data-widget_type=\"text-editor.default\">\n\t\t\t\t\t\t\t\t\t<p>Malina je n\u00e1bo\u017eensky-prakticky bl\u00edzka najm\u00e4 \u017een\u00e1m. Vz\u00fdvali ju pri p\u00f4rode, men\u0161tru\u00e1cii a v tabuizovan\u00fdch f\u00e1zach, ktor\u00e9 formuj\u00fa \u017eensk\u00fd \u017eivot. N\u00e1bo\u017eensk\u00e1 predstava bola, \u017ee slnko ako star\u0161ia, sk\u00fasen\u00e1 \u017eena je vn\u00edmav\u00e9 k sk\u00fasenostiam \u013eudsk\u00fdch \u017eien. T\u00e1to kon\u0161tel\u00e1cia empatie je z h\u013eadiska fenomenol\u00f3gie n\u00e1bo\u017eenstva vlastn\u00fdm javom.<\/p><p>S Malinou boli spojen\u00e9 ur\u010dit\u00e9 ritu\u00e1ly, napr\u00edklad o\u010distn\u00e9 k\u00fapele v snehu alebo nosenie ur\u010dit\u00fdch amuletov. Vedecky to patr\u00ed do \u0161ir\u0161ej triedy \u017eensk\u00fdch slne\u010dn\u00fdch kultov, ktor\u00e9 s\u00fa v cirkumpol\u00e1rnej oblasti dok\u00e1zan\u00e9 vo vari\u00e1ci\u00e1ch a tvoria vlastn\u00e9 komparat\u00edvne b\u00e1date\u013esk\u00e9 pole.<\/p><p>U karibsk\u00fdch Inuitov bolo toto spojenie menej v\u00fdrazn\u00e9 ako u Iglulikov. Region\u00e1lna vari\u00e1cia je zna\u010dn\u00e1 a nemala by by\u0165 zjednodu\u0161en\u00e1 do jednotnej Malininej <span class=\"iwg-fachbegriff\" data-tooltip=\"Vedeck\u00e1 n\u00e1uka o Bohu a viere n\u00e1bo\u017eenstva.\" tabindex=\"0\">teol\u00f3gie<\/span>. Vedeckou \u00falohou je diferencovan\u00e9 region\u00e1lne opisovanie, nie harmonizuj\u00faca synt\u00e9za.<\/p>\t\t\t\t\t\t\t\t<\/div>\n\t\t\t\t<\/div>\n\t\t\t\t\t<\/div>\n\t\t\t\t<\/div>\n\t\t<div class=\"elementor-element elementor-element-iwgw-malinainui-s5 e-flex e-con-boxed e-con e-parent\" data-id=\"iwgw-malinainui-s5\" data-element_type=\"container\" data-e-type=\"container\">\n\t\t\t\t\t<div class=\"e-con-inner\">\n\t\t\t\t<div class=\"elementor-element elementor-element-iwgw-malinainui-s5h elementor-widget elementor-widget-heading\" data-id=\"iwgw-malinainui-s5h\" data-element_type=\"widget\" data-e-type=\"widget\" data-widget_type=\"heading.default\">\n\t\t\t\t\t<h2 class=\"elementor-heading-title elementor-size-default\">Slnko ako symbol n\u00e1deje a \u010dasu<\/h2>\t\t\t\t<\/div>\n\t\t<div class=\"elementor-element elementor-element-iwgw-malinainui-s5c e-con-full e-flex e-con e-child\" data-id=\"iwgw-malinainui-s5c\" data-element_type=\"container\" data-e-type=\"container\">\n\t\t\t\t<div class=\"elementor-element elementor-element-iwgw-malinainui-s5t elementor-widget elementor-widget-text-editor\" data-id=\"iwgw-malinainui-s5t\" data-element_type=\"widget\" data-e-type=\"widget\" data-widget_type=\"text-editor.default\">\n\t\t\t\t\t\t\t\t\t<p>V \u0161amanskej praxi bolo mo\u017en\u00e9 vz\u00fdva\u0165 Malinu ako symbol n\u00e1deje. Pri chorobe, hlade alebo z\u00fafalstve sa jej n\u00e1vrat z pol\u00e1rnej noci interpretoval ako predobraz vzostupu. \u0160amani v tranze cestovali prim\u00e1rne nie k slnku, ako k mesiacu, mohli si v\u0161ak n\u00e1rokova\u0165 jej silu ako oporu.<\/p><p>\u010casovo Malina \u0161trukt\u00faruje denn\u00fd cyklus. Zatia\u013e \u010do mesa\u010dn\u00e9 cykly ur\u010duj\u00fa mesiace, slnko ud\u00e1va de\u0148 a ro\u010dn\u00e9 obdobie. Vedecky je t\u00e1to komplement\u00e1rna \u010dasov\u00e1 \u0161trukt\u00fara d\u00f4le\u017eit\u00fdm prvkom inuitskej <span class=\"iwg-fachbegriff\" data-tooltip=\"Predstava o stavbe a poriadku svet a v r\u00e1mci kult\u00fary.\" tabindex=\"0\">kozmol\u00f3gie<\/span> a rob\u00ed z dvojice s\u00farodencov Malina-Igaluk kalend\u00e1rno-n\u00e1bo\u017eensk\u00fa di\u00e1du.<\/p><p>V s\u00fa\u010dasnom inuitskom umen\u00ed je Malina pr\u00edtomn\u00e1, \u010dasto v dvojici s Igalukom. Asymetria medzi oboma s\u00farodencami, ich konflikt, ich prenasledovanie sa umelecky produkt\u00edvne stv\u00e1r\u0148uje. Fenomenologicky sa v tom ukazuje pretrv\u00e1vaj\u00faca \u017eivos\u0165 <span class=\"iwg-fachbegriff\" data-tooltip=\"Tradovan\u00fd pr\u00edbeh o bohoch, p\u00f4vode a poriadku svet a.\" tabindex=\"0\">m\u00fdtu<\/span> a jeho nosnos\u0165 ako umeleckej in\u0161pir\u00e1cie.<\/p>\t\t\t\t\t\t\t\t<\/div>\n\t\t\t\t<\/div>\n\t\t\t\t\t<\/div>\n\t\t\t\t<\/div>\n\t\t<div class=\"elementor-element elementor-element-iwgw-malinainui-s6 e-flex e-con-boxed e-con e-parent\" data-id=\"iwgw-malinainui-s6\" data-element_type=\"container\" data-e-type=\"container\">\n\t\t\t\t\t<div class=\"e-con-inner\">\n\t\t\t\t<div class=\"elementor-element elementor-element-iwgw-malinainui-s6h elementor-widget elementor-widget-heading\" data-id=\"iwgw-malinainui-s6h\" data-element_type=\"widget\" data-e-type=\"widget\" data-widget_type=\"heading.default\">\n\t\t\t\t\t<h2 class=\"elementor-heading-title elementor-size-default\">Porovnanie s in\u00fdmi slne\u010dn\u00fdmi bohy\u0148ami<\/h2>\t\t\t\t<\/div>\n\t\t<div class=\"elementor-element elementor-element-iwgw-malinainui-s6c e-con-full e-flex e-con e-child\" data-id=\"iwgw-malinainui-s6c\" data-element_type=\"container\" data-e-type=\"container\">\n\t\t\t\t<div class=\"elementor-element elementor-element-iwgw-malinainui-s6t elementor-widget elementor-widget-text-editor\" data-id=\"iwgw-malinainui-s6t\" data-element_type=\"widget\" data-e-type=\"widget\" data-widget_type=\"text-editor.default\">\n\t\t\t\t\t\t\t\t\t<p>\u017densk\u00e9 slne\u010dn\u00e9 bo\u017estv\u00e1 s\u00fa roz\u0161\u00edren\u00e9 v cirkumpol\u00e1rnej a severoeur\u00f3pskej oblasti. <a href=\"https:\/\/iwell-guard.com\/sk\/sami-a-finsko-ugorska-tradicia-noaidi-buben\/\">S\u00e1mska<\/a> Beaivi, f\u00ednsko-ugrick\u00e1 P\u00e4iv\u00e4t\u00e4r, germ\u00e1nska S\u00f3l, baltsk\u00e1 Saul\u0117 a japonsk\u00e1 Amaterasu tvoria porovnate\u013en\u00fa triedu slne\u010dn\u00fdch boh\u00fd\u0148.<\/p><p>Toto roz\u0161\u00edrenie nie je z vedeck\u00e9ho h\u013eadiska n\u00e1hodn\u00e9. Odr\u00e1\u017ea \u0161irok\u00fa severn\u00fa genderov\u00fa priradenos\u0165 nebesk\u00fdch telies, ktor\u00e1 v glob\u00e1lnej komparat\u00edvnej perspekt\u00edve tvor\u00ed vlastn\u00fa oblas\u0165. N\u00e1bo\u017eenskohistorick\u00e1 h\u013abka tejto vrstvy je predmetom prebiehaj\u00faceho v\u00fdskumu a nemala by vies\u0165 k pred\u010dasn\u00fdm univerzalistick\u00fdm kon\u0161trukci\u00e1m.<\/p><p>V r\u00e1mci inuitskej trad\u00edcie stoj\u00ed Malina v komplement\u00e1rnom vz\u0165ahu k Igalukovi, podobne ako <a href=\"https:\/\/iwell-guard.com\/sk\/?page_id=157991\">Sedna<\/a> k <a href=\"https:\/\/iwell-guard.com\/sk\/?page_id=157995\">Angutovi<\/a>. Dvojice s\u00farodencov tvoria opakuj\u00faci sa n\u00e1bo\u017eensk\u00fd vzor a z h\u013eadiska fenomenol\u00f3gie n\u00e1bo\u017eenstva s\u00fa vlastn\u00fdm \u0161trukt\u00farnym vzorom inuitskej <span class=\"iwg-fachbegriff\" data-tooltip=\"Vedeck\u00e1 n\u00e1uka o Bohu a viere n\u00e1bo\u017eenstva.\" tabindex=\"0\">teol\u00f3gie<\/span>.<\/p>\t\t\t\t\t\t\t\t<\/div>\n\t\t\t\t<\/div>\n\t\t\t\t\t<\/div>\n\t\t\t\t<\/div>\n\t\t<div class=\"elementor-element elementor-element-iwgw-malinainui-s7 e-flex e-con-boxed e-con e-parent\" data-id=\"iwgw-malinainui-s7\" data-element_type=\"container\" data-e-type=\"container\">\n\t\t\t\t\t<div class=\"e-con-inner\">\n\t\t\t\t<div class=\"elementor-element elementor-element-iwgw-malinainui-s7h elementor-widget elementor-widget-heading\" data-id=\"iwgw-malinainui-s7h\" data-element_type=\"widget\" data-e-type=\"widget\" data-widget_type=\"heading.default\">\n\t\t\t\t\t<h2 class=\"elementor-heading-title elementor-size-default\">Misia a modern\u00e1 recepcia<\/h2>\t\t\t\t<\/div>\n\t\t<div class=\"elementor-element elementor-element-iwgw-malinainui-s7c e-con-full e-flex e-con e-child\" data-id=\"iwgw-malinainui-s7c\" data-element_type=\"container\" data-e-type=\"container\">\n\t\t\t\t<div class=\"elementor-element elementor-element-iwgw-malinainui-s7t elementor-widget elementor-widget-text-editor\" data-id=\"iwgw-malinainui-s7t\" data-element_type=\"widget\" data-e-type=\"widget\" data-widget_type=\"text-editor.default\">\n\t\t\t\t\t\t\t\t\t<p>Misie Malinu napadli menej ne\u017e Sednu alebo Tornarssuka, preto\u017ee jej funkcia nebola priamo spojen\u00e1 s <span class=\"iwg-fachbegriff\" data-tooltip=\"N\u00e1bo\u017eensk\u00fd syst\u00e9m, v ktorom \u0161pecialisti komunikuj\u00fa so svetom duchov.\" tabindex=\"0\">\u0161amanizmom<\/span> ani so \u0161trukt\u00farami tabu. Napriek tomu bol <span class=\"iwg-fachbegriff\" data-tooltip=\"Tradovan\u00fd pr\u00edbeh o bohoch, p\u00f4vode a poriadku sveta.\" tabindex=\"0\">m\u00fdtus<\/span> o incest bol miestami vn\u00edman\u00fd ako pohor\u0161uj\u00faci a vo verejnom rozpr\u00e1van\u00ed sa zaml\u010doval.<\/p><p>V s\u00fa\u010dasnej kult\u00fare Inuitov je Malina pr\u00edtomn\u00e1 ako symbolick\u00e1 postava, \u010dasto vo feministickom v\u00fdklade ako pr\u00edklad \u017eensk\u00e9ho sebapresadenia proti sexualizovan\u00e9mu n\u00e1siliu. Toto modern\u00e9 privlastnenie nie je vedecky historicky dolo\u017eite\u013en\u00e9, je v\u0161ak kult\u00farne relevantn\u00e9 a sl\u00fa\u017ei ako pr\u00edklad aktiviz\u00e1cie tradi\u010dn\u00fdch rozpr\u00e1van\u00ed v s\u00fa\u010dasn\u00fdch diskurzoch.<\/p><p>V u\u010debniciach a m\u00faze\u00e1ch sa Malina sprostredk\u00fava opatrne. Historick\u00e1 hlobka jej postavy sa st\u00e1le viac uzn\u00e1va, bez toho, aby sa rekonstruovala systematick\u00e1 <span class=\"iwg-fachbegriff\" data-tooltip=\"Vedeck\u00e1 n\u00e1uka o Bohu a viere n\u00e1bo\u017eenstva.\" tabindex=\"0\">teol\u00f3gia<\/span>. T\u00e1to opatrnos\u0165 je z h\u013eadiska n\u00e1bo\u017eenskej didaktiky primeran\u00e1, preto\u017ee stav pramenov neumo\u017e\u0148uje zjednocuj\u00facu synt\u00e9zu.<\/p>\t\t\t\t\t\t\t\t<\/div>\n\t\t\t\t<\/div>\n\t\t\t\t\t<\/div>\n\t\t\t\t<\/div>\n\t\t<div class=\"elementor-element elementor-element-iwgw-malinainui-s8 e-flex e-con-boxed e-con e-parent\" data-id=\"iwgw-malinainui-s8\" data-element_type=\"container\" data-e-type=\"container\">\n\t\t\t\t\t<div class=\"e-con-inner\">\n\t\t\t\t<div class=\"elementor-element elementor-element-iwgw-malinainui-s8h elementor-widget elementor-widget-heading\" data-id=\"iwgw-malinainui-s8h\" data-element_type=\"widget\" data-e-type=\"widget\" data-widget_type=\"heading.default\">\n\t\t\t\t\t<h2 class=\"elementor-heading-title elementor-size-default\">V\u00fdskum a s\u00fa\u010dasn\u00fd stav<\/h2>\t\t\t\t<\/div>\n\t\t<div class=\"elementor-element elementor-element-iwgw-malinainui-s8c e-con-full e-flex e-con e-child\" data-id=\"iwgw-malinainui-s8c\" data-element_type=\"container\" data-e-type=\"container\">\n\t\t\t\t<div class=\"elementor-element elementor-element-iwgw-malinainui-s8t elementor-widget elementor-widget-text-editor\" data-id=\"iwgw-malinainui-s8t\" data-element_type=\"widget\" data-e-type=\"widget\" data-widget_type=\"text-editor.default\">\n\t\t\t\t\t\t\t\t\t<p>V\u00fdskum Maliny je prepojen\u00fd s v\u00fdskumom Igaluka. Hlavn\u00fdmi zdrojmi s\u00fa Rasmussen, Boas, Birket-Smith a Merkur. Samostatn\u00e1 monografia o Maline neexistuje, \u010do odr\u00e1\u017ea samotn\u00e9 dejiny v\u00fdskumu: mu\u017esk\u00e1 strana <span class=\"iwg-fachbegriff\" data-tooltip=\"Tradovan\u00fd pr\u00edbeh o bohoch, p\u00f4vode a poriadku sveta.\" tabindex=\"0\">m\u00fdtu<\/span> z\u00edskala dlh\u0161ie pozornosti ne\u017e \u017eensk\u00e1.<\/p><p>S\u00fa\u010dasn\u00fd v\u00fdskum, najm\u00e4 pr\u00e1ce Birgitte Sonneovej a Pamely Sternovej, zd\u00f4raz\u0148uje vlastn\u00fa n\u00e1bo\u017eensk\u00fa funkciu Maliny a nezobrazuje ju iba ako obe\u0165 prenasledovania bratom. Tento posun perspekt\u00edvy je vedecky produkt\u00edvny a zodpoved\u00e1 \u0161ir\u0161iemu feministick\u00e9mu prehodnoteniu n\u00e1bo\u017eensk\u00fdch dej\u00edn p\u00f4vodn\u00fdch kult\u00far.<\/p><p>V bud\u00facom v\u00fdskume n\u00e1bo\u017eenstva Inuitov by bolo \u017eiaduce d\u00f4kladnej\u0161ie spracovanie \u017eensk\u00fdch ritu\u00e1lov spojen\u00fdch s Malinou, pokia\u013e to pramene umo\u017enia. Tak\u00e9to spracovanie by podstatne doplnilo celkov\u00fd obraz inuitsk\u00e9ho pante\u00f3nu a korigovalo by jednostranne mu\u017esky zameran\u00fd stav v\u00fdskumu.<\/p>\t\t\t\t\t\t\t\t<\/div>\n\t\t\t\t<\/div>\n\t\t\t\t\t<\/div>\n\t\t\t\t<\/div>\n\t\t<div class=\"elementor-element elementor-element-iwgw-malinainui-s9 e-flex e-con-boxed e-con e-parent\" data-id=\"iwgw-malinainui-s9\" data-element_type=\"container\" data-e-type=\"container\">\n\t\t\t\t\t<div class=\"e-con-inner\">\n\t\t\t\t<div class=\"elementor-element elementor-element-iwgw-malinainui-s9h elementor-widget elementor-widget-heading\" data-id=\"iwgw-malinainui-s9h\" data-element_type=\"widget\" data-e-type=\"widget\" data-widget_type=\"heading.default\">\n\t\t\t\t\t<h2 class=\"elementor-heading-title elementor-size-default\">Kr\u00ed\u017eov\u00e9 odkazy v lexik\u00f3ne<\/h2>\t\t\t\t<\/div>\n\t\t<div class=\"elementor-element elementor-element-iwgw-malinainui-s9c e-con-full e-flex e-con e-child\" data-id=\"iwgw-malinainui-s9c\" data-element_type=\"container\" data-e-type=\"container\">\n\t\t\t\t<div class=\"elementor-element elementor-element-iwgw-malinainui-s9t elementor-widget elementor-widget-text-editor\" data-id=\"iwgw-malinainui-s9t\" data-element_type=\"widget\" data-e-type=\"widget\" data-widget_type=\"text-editor.default\">\n\t\t\t\t\t\t\t\t\t<p>Malina sa sp\u00e1ja s <a href=\"https:\/\/iwell-guard.com\/sk\/?page_id=157998\">Igalukom<\/a>, <a href=\"https:\/\/iwell-guard.com\/sk\/?page_id=157991\">Sednou<\/a>, <a href=\"https:\/\/iwell-guard.com\/sk\/?page_id=157992\">Silou<\/a>, <a href=\"https:\/\/iwell-guard.com\/sk\/?page_id=157996\">Pingou<\/a>, <a href=\"https:\/\/iwell-guard.com\/sk\/?page_id=157995\">Angutom<\/a>, <a href=\"https:\/\/iwell-guard.com\/sk\/?page_id=157997\">Nanookom<\/a>, <a href=\"https:\/\/iwell-guard.com\/sk\/?page_id=157993\">Tornarssukom<\/a>, <a href=\"https:\/\/iwell-guard.com\/sk\/?page_id=157994\">Tupilakom<\/a> a <a href=\"https:\/\/iwell-guard.com\/sk\/?page_id=158000\">Qailertetangom<\/a>. Kult\u00farny uzol <a href=\"https:\/\/iwell-guard.com\/sk\/inuiti-a-arktida-sedna-tornit-ochranna-prax\/\">Trad\u00edcia Inuitov<\/a> r\u00e1mcuje slne\u010dn\u00fa <span class=\"iwg-fachbegriff\" data-tooltip=\"Vedeck\u00e1 n\u00e1uka o Bohu a viere n\u00e1bo\u017eenstva.\" tabindex=\"0\">teol\u00f3giu<\/span>. \u0160truktur\u00e1lne podobn\u00e9 slne\u010dn\u00e9 bohyne sa nach\u00e1dzaj\u00fa v <a href=\"https:\/\/iwell-guard.com\/sk\/sami-a-finsko-ugorska-tradicia-noaidi-buben\/\">saamskej<\/a> heslovej rade pri postave <em>Beaivi<\/em>.<\/p>\t\t\t\t\t\t\t\t<\/div>\n\t\t\t\t<\/div>\n\t\t\t\t\t<\/div>\n\t\t\t\t<\/div>\n\t\t<div class=\"elementor-element elementor-element-cp2f9cc2de e-flex e-con-boxed e-con e-parent\" data-id=\"cp2f9cc2de\" data-element_type=\"container\" data-e-type=\"container\">\n\t\t\t\t\t<div class=\"e-con-inner\">\n\t\t\t\t<div class=\"elementor-element elementor-element-cp2aefe3ab elementor-widget elementor-widget-heading\" data-id=\"cp2aefe3ab\" data-element_type=\"widget\" data-e-type=\"widget\" data-widget_type=\"heading.default\">\n\t\t\t\t\t<h2 class=\"elementor-heading-title elementor-size-default\">Pr\u00edbeh o prenasledovan\u00ed Slnka a Mesiaca<\/h2>\t\t\t\t<\/div>\n\t\t<div class=\"elementor-element elementor-element-cp24aa4a16 e-flex e-con-boxed e-con e-child\" data-id=\"cp24aa4a16\" data-element_type=\"container\" data-e-type=\"container\">\n\t\t\t\t\t<div class=\"e-con-inner\">\n\t\t\t\t<div class=\"elementor-element elementor-element-cp2de6ed82 elementor-widget elementor-widget-text-editor\" data-id=\"cp2de6ed82\" data-element_type=\"widget\" data-e-type=\"widget\" data-widget_type=\"text-editor.default\">\n\t\t\t\t\t\t\t\t\t<p>Najzn\u00e1mej\u0161ia <span class=\"iwg-fachbegriff\" data-tooltip=\"Odovzd\u00e1vanie vedomost\u00ed a pr\u00edbehov z gener\u00e1cie na gener\u00e1ciu.\" tabindex=\"0\">trad\u00edcia<\/span> o Maline, ktor\u00e1 je v anglof\u00f3nnej etnografii \u010dasto ozna\u010dovan\u00e1 ako \u017eensk\u00e1 postava <em>Sun Sister<\/em>, je pr\u00edbeh o s\u00farodencoch, ktor\u00ed sa po poru\u0161en\u00ed spolo\u010densk\u00e9ho tabu stan\u00fa Slnkom a Mesiacom.<\/p><p>Vo verzi\u00e1ch zaznamenan\u00fdch Knudom Rasmussenom po\u010das Piatej thulskej exped\u00edcie (1921 a\u017e 1924), napr\u00edklad v diele <em>Intellectual Culture of the Iglulik Eskimos<\/em>, pr\u00edbeh rozpr\u00e1va, ako brat tajne ob\u0165a\u017euje svoju sestru v tme zhroma\u017e\u010fovacieho domu.<\/p><p>Sestra si natrie ruky sadzami, aby ozna\u010dila nezn\u00e1meho \u00fato\u010dn\u00edka. Ke\u010f na druh\u00fd de\u0148 objav\u00ed stopy sadz\u00ed na tv\u00e1ri svojho brata, uchyt\u00ed plan\u00facu fak\u013eu a ujde.<\/p><p>Brat ju prenasleduje, ale jeho fak\u013ea \u010diasto\u010dne zhasne a u\u017e len tlie. Obaja vyst\u00fapia na nebo: sestra sa stane jasne svietiacim Slnkom, brat slab\u0161ie svietiacim Mesiacom, ktor\u00fd ju od tej doby prenasleduje, bez toho, aby ju kedy dostihol.<\/p><p>Pr\u00edbeh z\u00e1rove\u0148 vysvet\u013euje viacero pozorovan\u00ed: pre\u010do Slnko a Mesiac na nebi jeden druh\u00e9ho nasleduj\u00fa, pre\u010do Mesiac svieti menej jasne ako Slnko, a v niektor\u00fdch verzi\u00e1ch aj to, pre\u010do s\u00fa na mesa\u010dnom kot\u00fa\u010di \u0161kvrny, vysvet\u013eovan\u00e9 ako stopy sadz\u00ed. Vedecky sa m\u00e1 ch\u00e1pa\u0165 ako etiologick\u00fd <span class=\"iwg-fachbegriff\" data-tooltip=\"Tradovan\u00fd pr\u00edbeh o bohoch, p\u00f4vode a poriadku sveta.\" tabindex=\"0\">m\u00fdtus<\/span>, ktor\u00fd z\u00e1rove\u0148 ozna\u010duje naj\u0165a\u017e\u0161\u00ed spolo\u010densk\u00fd priestupok, incest, ako p\u00f4vod kozmick\u00e9ho poriadku. Region\u00e1lne roz\u0161\u00edrenie pr\u00edbehu sa tiahne od Gr\u00f3nska cez kanadsk\u00fa Arkt\u00eddu a\u017e po Alja\u0161ku, s v\u00fdrazn\u00fdmi rozdielmi v menn\u00e1ch a detailoch. Meno Malina samotn\u00e9 je dolo\u017een\u00e9 predov\u0161etk\u00fdm z gr\u00f3nskych trad\u00edci\u00ed, zatia\u013e \u010do in\u00e9 skupiny Inuitov naz\u00fdvaj\u00fa slne\u010dn\u00fa sestru inak alebo jej ned\u00e1vaj\u00fa pevn\u00e9 meno.\t\t\t\t\t\t\t\t<\/div>\n\t\t\t\t\t<\/div>\n\t\t\t\t<\/div>\n\t\t\t\t\t<\/div>\n\t\t\t\t<\/div>\n\t\t<div class=\"elementor-element elementor-element-cp2a334bb7 e-flex e-con-boxed e-con e-parent\" data-id=\"cp2a334bb7\" data-element_type=\"container\" data-e-type=\"container\">\n\t\t\t\t\t<div class=\"e-con-inner\">\n\t\t\t\t<div class=\"elementor-element elementor-element-cp26328bea elementor-widget elementor-widget-heading\" data-id=\"cp26328bea\" data-element_type=\"widget\" data-e-type=\"widget\" data-widget_type=\"heading.default\">\n\t\t\t\t\t<h2 class=\"elementor-heading-title elementor-size-default\">Stav pramenov a riziko zov\u0161eobec\u0148ovania<\/h2>\t\t\t\t<\/div>\n\t\t<div class=\"elementor-element elementor-element-cp2ded0565 e-flex e-con-boxed e-con e-child\" data-id=\"cp2ded0565\" data-element_type=\"container\" data-e-type=\"container\">\n\t\t\t\t\t<div class=\"e-con-inner\">\n\t\t\t\t<div class=\"elementor-element elementor-element-cp2d14b225 elementor-widget elementor-widget-text-editor\" data-id=\"cp2d14b225\" data-element_type=\"widget\" data-e-type=\"widget\" data-widget_type=\"text-editor.default\">\n\t\t\t\t\t\t\t\t\t<p><span class=\"iwg-fachbegriff\" data-tooltip=\"Odovzd\u00e1vanie vedomost\u00ed a rozpr\u00e1van\u00ed z gener\u00e1cie na gener\u00e1ciu.\" tabindex=\"0\">\u00dastna trad\u00edcia<\/span> o Maline je z h\u013eadiska kritiky pramenov n\u00e1ro\u010dn\u00e1 a ka\u017ed\u00e9 jej podanie mus\u00ed toto obmedzenie prizna\u0165. Neexistuj\u00fa \u017eiadne predkoloniza\u010dn\u00e9 p\u00edsomn\u00e9 pramene; v\u0161etky poznatky poch\u00e1dzaj\u00fa zo z\u00e1znamov, ktor\u00e9 od 19. storo\u010dia vytv\u00e1rali mision\u00e1ri, ve\u013eryb\u00e1ri, obchodn\u00edci a etnografi.<\/p><p>Za najv\u00fdznamnej\u0161iu zbierku v\u010fa\u010d\u00edme Knudovi Rasmussenovi, ktor\u00fd ako syn \u010diasto\u010dne inuitskej rodiny hovoril gr\u00f3nsky a mal tak k rozpr\u00e1va\u010dom priamej\u0161\u00ed pr\u00edstup ne\u017e mnoh\u00ed in\u00ed b\u00e1datelia.<\/p><p>Materi\u00e1l v\u0161ak zost\u00e1va ne\u00fapln\u00fd. Inuiti netvoria jednotn\u00fa kult\u00faru, ale skupinu region\u00e1lne samostatn\u00fdch spolo\u010denstiev roz\u0161\u00edren\u00fdch po celej cirkumpol\u00e1rnej Arkt\u00edde, s rozli\u010dn\u00fdmi dialektmi a trad\u00edciami.<\/p><p>Meno Malina a s n\u00edm spojen\u00e9 rozpr\u00e1vanie o slne\u010dnej sestre nie s\u00fa v\u0161ade dosved\u010den\u00e9 rovnako. V z\u00e1padnom Gr\u00f3nsku je t\u00e1to forma lep\u0161ie zdokumentovan\u00e1 ako inde, a metodicky je nepr\u00edpustn\u00e9 z jednej gr\u00f3nskej verzie vyvodzova\u0165 existenciu pan\u00ednuitskej slne\u010dnej bohyne.<\/p><p>K tomu treba pripo\u010d\u00edta\u0165, \u017ee mnoh\u00ed ran\u00ed zberatelia rozpr\u00e1vania vytrhli z kontextu, v ktorom boli predn\u00e1\u0161an\u00e9. Inuitsk\u00e9 rozpr\u00e1vania boli viazan\u00e9 na ro\u010dn\u00e9 obdobie, pr\u00edle\u017eitos\u0165 a rozpr\u00e1va\u010da; p\u00edsomn\u00e9 zaznamenanie z nich urobilo statick\u00e9 texty. Z vedeck\u00e9ho h\u013eadiska je preto Malinu vhodnej\u0161ie ch\u00e1pa\u0165 sk\u00f4r ako region\u00e1lne vymedzen\u00fa postavu roz\u0161\u00edren\u00e9ho rozpr\u00e1va\u010dsk\u00e9ho mot\u00edvu ne\u017e ako presne ohrani\u010den\u00fa bohy\u0148u v zmysle stredomorsk\u00fdch pante\u00f3nov. V\u00fdskum, napr\u00edklad Daniel Merkur v diele <em>Becoming Half Hidden<\/em> (1985), zd\u00f4raznil, \u017ee inuitsk\u00fa <span class=\"iwg-fachbegriff\" data-tooltip=\"Predstava o stavbe a usporiadan\u00ed svet v r\u00e1mci danej kult\u00fary.\" tabindex=\"0\">kozmol\u00f3giu<\/span> ur\u010dovali menej pomenovan\u00e9 vysok\u00e9 bo\u017estv\u00e1 a viac bytosti ako morsk\u00e1 \u017eena a \u0161amansk\u00e9 praktiky.\t\t\t\t\t\t\t\t<\/div>\n\t\t\t\t\t<\/div>\n\t\t\t\t<\/div>\n\t\t\t\t\t<\/div>\n\t\t\t\t<\/div>\n\t\t<div class=\"elementor-element elementor-element-iwgw-malinainui-lit e-flex e-con-boxed e-con e-parent\" data-id=\"iwgw-malinainui-lit\" data-element_type=\"container\" data-e-type=\"container\">\n\t\t\t\t\t<div class=\"e-con-inner\">\n\t\t\t\t<div class=\"elementor-element elementor-element-iwgw-malinainui-lith elementor-widget elementor-widget-heading\" data-id=\"iwgw-malinainui-lith\" data-element_type=\"widget\" data-e-type=\"widget\" data-widget_type=\"heading.default\">\n\t\t\t\t\t<h2 class=\"elementor-heading-title elementor-size-default\">Literat\u00fara (v\u00fdber)<\/h2>\t\t\t\t<\/div>\n\t\t<div class=\"elementor-element elementor-element-iwgw-malinainui-litc e-con-full e-flex e-con e-child\" data-id=\"iwgw-malinainui-litc\" data-element_type=\"container\" data-e-type=\"container\">\n\t\t\t\t<div class=\"elementor-element elementor-element-iwgw-malinainui-litt elementor-widget elementor-widget-text-editor\" data-id=\"iwgw-malinainui-litt\" data-element_type=\"widget\" data-e-type=\"widget\" data-widget_type=\"text-editor.default\">\n\t\t\t\t\t\t\t\t\t<ul><li>Knud Rasmussen: <em>Intellectual Culture of the Iglulik Eskimos<\/em> (Kopenhagen 1929)<\/li><li>Franz Boas: <em>The Central Eskimo<\/em> (Washington 1888)<\/li><li>Daniel Merkur: <em>Becoming Half Hidden<\/em> (Stockholm 1985)<\/li><li>Birgitte Sonne: <em>Heaven Negotiated. Hell Imagined<\/em> (Kopenhagen 2017)<\/li><li>Pamela Stern: <em>Historical Dictionary of the Inuit<\/em> (Lanham 2013)<\/li><li>Hinrich Rink: <em>Tales and Traditions of the Eskimo<\/em> (Edinburgh 1875)<\/li><\/ul>\t\t\t\t\t\t\t\t<\/div>\n\t\t\t\t<\/div>\n\t\t\t\t\t<\/div>\n\t\t\t\t<\/div>\n\t\t<div class=\"elementor-element elementor-element-iwgkw2-add-malinainuit e-flex e-con-boxed e-con e-parent\" data-id=\"iwgkw2-add-malinainuit\" data-element_type=\"container\" data-e-type=\"container\">\n\t\t\t\t\t<div class=\"e-con-inner\">\n\t\t\t\t<div class=\"elementor-element elementor-element-iwgkw2-add-malinainuit-t elementor-widget elementor-widget-text-editor\" data-id=\"iwgkw2-add-malinainuit-t\" data-element_type=\"widget\" data-e-type=\"widget\" data-widget_type=\"text-editor.default\">\n\t\t\t\t\t\t\t\t\t<p>V rozpr\u00e1vaniach Inuitov je Malina sestrou <strong>Igaluka<\/strong>, mesiaca, pred ktor\u00e9ho dobiedzan\u00edm utek\u00e1 na oblohu a odtia\u013e odvtedy putuje po svojej dr\u00e1he ako slnko.<\/p>\t\t\t\t\t\t\t\t<\/div>\n\t\t\t\t\t<\/div>\n\t\t\t\t<\/div>\n\t\t<div class=\"elementor-element elementor-element-iwgw-malinainui-kwd e-flex e-con-boxed e-con e-parent\" data-id=\"iwgw-malinainui-kwd\" data-element_type=\"container\" data-e-type=\"container\">\n\t\t\t\t\t<div class=\"e-con-inner\">\n\t\t<div class=\"elementor-element elementor-element-iwgw-malinainui-kwdc e-con-full e-flex e-con e-child\" data-id=\"iwgw-malinainui-kwdc\" data-element_type=\"container\" data-e-type=\"container\">\n\t\t\t\t<div class=\"elementor-element elementor-element-iwgw-malinainui-kwdt elementor-widget elementor-widget-text-editor\" data-id=\"iwgw-malinainui-kwdt\" data-element_type=\"widget\" data-e-type=\"widget\" data-widget_type=\"text-editor.default\">\n\t\t\t\t\t\t\t\t\t<p><em>S\u00favisiace k\u013e\u00fa\u010dov\u00e9 pojmy: Malina Inuiti slne\u010dn\u00e1 bohy\u0148a Akycha Iglulik pol\u00e1rna noc m\u00fdtus o mesiaci a slnku <span class=\"iwg-fachbegriff\" data-tooltip=\"Tradi\u010dn\u00e9 rozpr\u00e1vanie o bohoch, p\u00f4vode a usporiadan\u00ed svet.\" tabindex=\"0\">m\u00fdtus<\/span> \u00fatek pred incestom.<\/em><\/p>\t\t\t\t\t\t\t\t<\/div>\n\t\t\t\t<\/div>\n\t\t\t\t\t<\/div>\n\t\t\t\t<\/div>\n\t\t<div class=\"elementor-element elementor-element-iwgw-malinainui-cc e-flex e-con-boxed e-con e-parent\" data-id=\"iwgw-malinainui-cc\" data-element_type=\"container\" data-e-type=\"container\" id=\"iwg-cc-malina-inuit\">\n\t\t\t\t\t<div class=\"e-con-inner\">\n\t\t<div class=\"elementor-element elementor-element-iwgw-malinainui-ccinner e-flex e-con-boxed e-con e-parent\" data-id=\"iwgw-malinainui-ccinner\" data-element_type=\"container\" data-e-type=\"container\" data-settings=\"{&quot;background_background&quot;:&quot;classic&quot;}\">\n\t\t\t\t\t<div class=\"e-con-inner\">\n\t\t\t\t<div class=\"elementor-element elementor-element-iwgw-malinainui-cch elementor-widget elementor-widget-heading\" data-id=\"iwgw-malinainui-cch\" data-element_type=\"widget\" data-e-type=\"widget\" data-widget_type=\"heading.default\">\n\t\t\t\t\t<h2 class=\"elementor-heading-title elementor-size-default\">iWell Guard a ochrann\u00e9 trad\u00edcie<\/h2>\t\t\t\t<\/div>\n\t\t\t\t<div class=\"elementor-element elementor-element-iwgw-malinainui-cct elementor-widget elementor-widget-text-editor\" data-id=\"iwgw-malinainui-cct\" data-element_type=\"widget\" data-e-type=\"widget\" data-widget_type=\"text-editor.default\">\n\t\t\t\t\t\t\t\t\t<div data-nosnippet=\"true\"><p>iWell Guard nadv\u00e4zuje na kult\u00farno-historick\u00fa trad\u00edciu prenosn\u00fdch ochrann\u00fdch predmetov, v trad\u00edcii <a href=\"https:\/\/iwell-guard.com\/sk\/inuiti-a-arktida-sedna-tornit-ochranna-prax\/\">Inuitov<\/a> a mnoh\u00fdch \u010fal\u0161\u00edch kult\u00far po celom svete. 41 vrstiev, prav\u00e9 zlato, platina, striebro, vyroben\u00e9 v Nemecku. 30-d\u0148ov\u00e1 lehota na vr\u00e1tenie.<\/p><\/div>\t\t\t\t\t\t\t\t<\/div>\n\t\t\t\t<div class=\"elementor-element elementor-element-iwgw-malinainui-ccb iwg-cc-button iwg-cc-cta-2026-05-13 elementor-widget elementor-widget-jet-button\" data-id=\"iwgw-malinainui-ccb\" data-element_type=\"widget\" data-e-type=\"widget\" data-widget_type=\"jet-button.default\">\n\t\t\t\t<div class=\"elementor-widget-container\">\n\t\t\t\t\t<div class=\"elementor-jet-button jet-elements\"><div class=\"jet-button__container\"><a class=\"jet-button__instance jet-button__instance--icon-left hover-effect-1\" href=\"\/ueber-iwell-guard\/?utm_source=iwell-guard.com&amp;utm_medium=info-box&amp;utm_campaign=wesen-tradition\"><div class=\"jet-button__plane jet-button__plane-normal\"><\/div><div class=\"jet-button__plane jet-button__plane-hover\"><\/div><div class=\"jet-button__state jet-button__state-normal\"><span class=\"jet-button__label\">Viac o iWell Guard<\/span><\/div><div class=\"jet-button__state jet-button__state-hover\"><span class=\"jet-button__label\">Viac o iWell Guard<\/span><\/div><\/a><\/div><\/div><style>.elementor-element.elementor-element-iwgw-malinainui-ccb .jet-button__instance{width:320px;height:56px;}.elementor-element.elementor-element-iwgw-malinainui-ccb .jet-button__state-normal .jet-button__label{text-align:center;margin:0px 0px 0px 0px;color:#1a1b20;font-family:Montserrat,sans-serif;font-size:13px;font-weight:400;letter-spacing:4px;line-height:1.714em;text-transform:uppercase;}.elementor-element.elementor-element-iwgw-malinainui-ccb .jet-button__state-hover .jet-button__label{text-align:center;margin:0px 0px 0px 0px;color:#FECC76;font-family:Montserrat,sans-serif;font-size:13px;font-weight:400;letter-spacing:4px;line-height:1.714em;text-transform:uppercase;}.elementor-element.elementor-element-iwgw-malinainui-ccb .jet-button__plane-normal{background-color:#FECC76;border-style:solid;border-color:#C99540;border-width:2px 2px 2px 2px;}.elementor-element.elementor-element-iwgw-malinainui-ccb .jet-button__plane-hover{background-color:rgba(0,0,0,0.55);border-style:solid;border-color:#FECC76;border-width:2px 2px 2px 2px;}<\/style>\t\t\t\t<\/div>\n\t\t\t\t<\/div>\n\t\t\t\t<div class=\"elementor-element elementor-element-iwgw-malinainui-ccd elementor-widget elementor-widget-text-editor\" data-id=\"iwgw-malinainui-ccd\" data-element_type=\"widget\" data-e-type=\"widget\" data-widget_type=\"text-editor.default\">\n\t\t\t\t\t\t\t\t\t<div data-nosnippet=\"true\"><p style=\"text-align:center;font-size:13px;opacity:0.7;margin-top:14px\" data-nosnippet=\"true\">Osobn\u00e9 sk\u00fasenosti sa m\u00f4\u017eu l\u00ed\u0161i\u0165. Nie je to zdravotn\u00edcka pom\u00f4cka. \u017diadny pr\u00eds\u013eub lie\u010denia.<\/p><\/div>\t\t\t\t\t\t\t\t<\/div>\n\t\t\t\t\t<\/div>\n\t\t\t\t<\/div>\n\t\t\t\t\t<\/div>\n\t\t\t\t<\/div>\n\t\t<div class=\"elementor-element elementor-element-iwgw-malinainui-disc e-flex e-con-boxed e-con e-parent\" data-id=\"iwgw-malinainui-disc\" data-element_type=\"container\" data-e-type=\"container\">\n\t\t\t\t\t<div class=\"e-con-inner\">\n\t\t\t\t<div class=\"elementor-element elementor-element-iwgw-malinainui-discw elementor-widget elementor-widget-html\" data-id=\"iwgw-malinainui-discw\" data-element_type=\"widget\" data-e-type=\"widget\" data-widget_type=\"html.default\">\n\t\t\t\t\t<footer data-nosnippet=\"true\" class=\"iwg-disclaimer-block\"><p data-nosnippet=\"true\">iWell Guard <strong>nie je zdravotn\u00edcka pom\u00f4cka<\/strong> a nenahr\u00e1dza lek\u00e1rske ani psychoterapeutick\u00e9 o\u0161etrenie. Religionistick\u00fd obsah predstavuje kult\u00farno-historick\u00e9 zaradenie, nie odpor\u00fa\u010danie duchovnej praxe.<\/p><\/footer>\t\t\t\t<\/div>\n\t\t\t\t\t<\/div>\n\t\t\t\t<\/div>\n\t\t\t\t<\/div>\n\t\t","protected":false},"excerpt":{"rendered":"","protected":false},"author":3,"featured_media":2883,"parent":0,"menu_order":0,"comment_status":"closed","ping_status":"closed","template":"elementor_header_footer","meta":{"_yoast_wpseo_focuskw":"Malina inuitsk\u00e1 slne\u010dn\u00e1 bohy\u0148a","_yoast_wpseo_title":"Malina - inuitsk\u00e1 slne\u010dn\u00e1 bohy\u0148a a sestra Igaluka","_yoast_wpseo_metadesc":"Malina je slne\u010dn\u00e1 bohy\u0148a Inuitov, sestra a prenasledovan\u00e1 mesiacom Igalukom. Religionistick\u00e9 zaradenie s m\u00fdtom a prame\u0148mi.","_yoast_wpseo_meta-robots-noindex":"","_yoast_wpseo_canonical":"","_angie_page":false,"gefaehrdungsstufe":"1","wesen_kultur":"inuit","wesen_klasse":"goetter","footnotes":""},"categories":[],"class_list":["post-157999","page","type-page","status-publish","has-post-thumbnail","hentry"],"yoast_head":"<!-- This site is optimized with the Yoast SEO Premium plugin v27.7 (Yoast SEO v28.3) - https:\/\/yoast.com\/product\/yoast-seo-premium-wordpress\/ -->\n<title>Malina - inuitsk\u00e1 slne\u010dn\u00e1 bohy\u0148a a sestra Igaluka<\/title>\n<meta name=\"description\" content=\"Malina je slne\u010dn\u00e1 bohy\u0148a Inuitov, sestra a prenasledovan\u00e1 mesiacom Igalukom. Religionistick\u00e9 zaradenie s m\u00fdtom a prame\u0148mi.\" \/>\n<meta name=\"robots\" content=\"index, follow, max-snippet:-1, max-image-preview:large, max-video-preview:-1\" \/>\n<link rel=\"canonical\" href=\"https:\/\/iwell-guard.com\/sk\/malina-slnecna-bohyna-inuitov\/\" \/>\n<meta property=\"og:locale\" content=\"sk_SK\" \/>\n<meta property=\"og:type\" content=\"article\" \/>\n<meta property=\"og:title\" content=\"Malina - slne\u010dn\u00e1 bohy\u0148a Inuitov\" \/>\n<meta property=\"og:description\" content=\"Malina je slne\u010dn\u00e1 bohy\u0148a Inuitov, sestra a prenasledovan\u00e1 mesiacom Igalukom. Religionistick\u00e9 zaradenie s m\u00fdtom a prame\u0148mi.\" \/>\n<meta property=\"og:url\" content=\"https:\/\/iwell-guard.com\/sk\/malina-slnecna-bohyna-inuitov\/\" \/>\n<meta property=\"og:site_name\" content=\"iWell Guard\" \/>\n<meta property=\"article:modified_time\" content=\"2026-09-04T22:48:09+00:00\" \/>\n<meta property=\"og:image\" content=\"https:\/\/iwell-guard.com\/wp-content\/uploads\/2026\/05\/goetter_inuit_malina-inuit.webp\" \/>\n\t<meta property=\"og:image:width\" content=\"1024\" \/>\n\t<meta property=\"og:image:height\" content=\"1536\" \/>\n\t<meta property=\"og:image:type\" content=\"image\/webp\" \/>\n<meta name=\"twitter:card\" content=\"summary_large_image\" \/>\n<script type=\"application\/ld+json\" class=\"yoast-schema-graph\">{\"@context\":\"https:\\\/\\\/schema.org\",\"@graph\":[{\"@type\":\"WebPage\",\"@id\":\"https:\\\/\\\/iwell-guard.com\\\/sk\\\/malina-slnecna-bohyna-inuitov\\\/\",\"url\":\"https:\\\/\\\/iwell-guard.com\\\/sk\\\/malina-slnecna-bohyna-inuitov\\\/\",\"name\":\"Malina - inuitsk\u00e1 slne\u010dn\u00e1 bohy\u0148a a sestra Igaluka\",\"isPartOf\":{\"@id\":\"https:\\\/\\\/iwell-guard.com\\\/sk\\\/#website\"},\"primaryImageOfPage\":{\"@id\":\"https:\\\/\\\/iwell-guard.com\\\/sk\\\/malina-slnecna-bohyna-inuitov\\\/#primaryimage\"},\"image\":{\"@id\":\"https:\\\/\\\/iwell-guard.com\\\/sk\\\/malina-slnecna-bohyna-inuitov\\\/#primaryimage\"},\"thumbnailUrl\":\"https:\\\/\\\/iwell-guard.com\\\/wp-content\\\/uploads\\\/2026\\\/05\\\/goetter_inuit_malina-inuit.webp\",\"datePublished\":\"2026-09-04T22:20:31+00:00\",\"dateModified\":\"2026-09-04T22:48:09+00:00\",\"description\":\"Malina je slne\u010dn\u00e1 bohy\u0148a Inuitov, sestra a prenasledovan\u00e1 mesiacom Igalukom. Religionistick\u00e9 zaradenie s m\u00fdtom a prame\u0148mi.\",\"breadcrumb\":{\"@id\":\"https:\\\/\\\/iwell-guard.com\\\/sk\\\/malina-slnecna-bohyna-inuitov\\\/#breadcrumb\"},\"inLanguage\":\"sk-SK\",\"potentialAction\":[{\"@type\":\"ReadAction\",\"target\":[\"https:\\\/\\\/iwell-guard.com\\\/sk\\\/malina-slnecna-bohyna-inuitov\\\/\"]}]},{\"@type\":\"ImageObject\",\"inLanguage\":\"sk-SK\",\"@id\":\"https:\\\/\\\/iwell-guard.com\\\/sk\\\/malina-slnecna-bohyna-inuitov\\\/#primaryimage\",\"url\":\"https:\\\/\\\/iwell-guard.com\\\/wp-content\\\/uploads\\\/2026\\\/05\\\/goetter_inuit_malina-inuit.webp\",\"contentUrl\":\"https:\\\/\\\/iwell-guard.com\\\/wp-content\\\/uploads\\\/2026\\\/05\\\/goetter_inuit_malina-inuit.webp\",\"width\":1024,\"height\":1536,\"caption\":\"Bohovia z inuitskej trad\u00edcie.\"},{\"@type\":\"BreadcrumbList\",\"@id\":\"https:\\\/\\\/iwell-guard.com\\\/sk\\\/malina-slnecna-bohyna-inuitov\\\/#breadcrumb\",\"itemListElement\":[{\"@type\":\"ListItem\",\"position\":1,\"name\":\"Start\",\"item\":\"https:\\\/\\\/iwell-guard.com\\\/sk\\\/?page_id=157572\"},{\"@type\":\"ListItem\",\"position\":2,\"name\":\"Malina &#8211; slne\u010dn\u00e1 bohy\u0148a Inuitov\"}]},{\"@type\":\"WebSite\",\"@id\":\"https:\\\/\\\/iwell-guard.com\\\/sk\\\/#website\",\"url\":\"https:\\\/\\\/iwell-guard.com\\\/sk\\\/\",\"name\":\"iWell Guard\",\"description\":\"Schutz vor dunklen Einfl\u00fcssen\",\"publisher\":{\"@id\":\"https:\\\/\\\/iwell-guard.com\\\/sk\\\/#organization\"},\"potentialAction\":[{\"@type\":\"SearchAction\",\"target\":{\"@type\":\"EntryPoint\",\"urlTemplate\":\"https:\\\/\\\/iwell-guard.com\\\/sk\\\/?s={search_term_string}\"},\"query-input\":{\"@type\":\"PropertyValueSpecification\",\"valueRequired\":true,\"valueName\":\"search_term_string\"}}],\"inLanguage\":\"sk-SK\"},{\"@type\":\"Organization\",\"@id\":\"https:\\\/\\\/iwell-guard.com\\\/sk\\\/#organization\",\"name\":\"Ittermann electronic GmbH\",\"url\":\"https:\\\/\\\/iwell-guard.com\\\/sk\\\/\",\"logo\":{\"@type\":\"ImageObject\",\"inLanguage\":\"sk-SK\",\"@id\":\"https:\\\/\\\/iwell-guard.com\\\/sk\\\/#\\\/schema\\\/logo\\\/image\\\/\",\"url\":\"https:\\\/\\\/iwell-guard.com\\\/wp-content\\\/uploads\\\/2026\\\/05\\\/Ittermann-Logo-1182x237-1.png\",\"contentUrl\":\"https:\\\/\\\/iwell-guard.com\\\/wp-content\\\/uploads\\\/2026\\\/05\\\/Ittermann-Logo-1182x237-1.png\",\"width\":1182,\"height\":237,\"caption\":\"Ittermann electronic GmbH\"},\"image\":{\"@id\":\"https:\\\/\\\/iwell-guard.com\\\/sk\\\/#\\\/schema\\\/logo\\\/image\\\/\"},\"sameAs\":[\"https:\\\/\\\/pantip.com\\\/profile\\\/9367242\",\"https:\\\/\\\/micro.blog\\\/iwellguard\",\"https:\\\/\\\/www.diggerslist.com\\\/iwellguard\\\/about\",\"https:\\\/\\\/skitterphoto.com\\\/photographers\\\/2870314\\\/iwell-guard\",\"https:\\\/\\\/iwellguard.wordpress.com\\\/2026\\\/06\\\/06\\\/iwell-guard\\\/\",\"https:\\\/\\\/hub.docker.com\\\/u\\\/iwellguard\",\"https:\\\/\\\/www.pinterest.com\\\/iwellguard\\\/\",\"https:\\\/\\\/bit.ly\\\/m\\\/iwellguard\",\"https:\\\/\\\/entre-vos-mains.alsace.eu\\\/profiles\\\/iwellguard\\\/activity\",\"https:\\\/\\\/gravatar.com\\\/reallybeded8fd34\",\"https:\\\/\\\/naijamatta.com\\\/iwellguard\",\"https:\\\/\\\/www.goodreads.com\\\/iwellguard\",\"https:\\\/\\\/profile.hatena.ne.jp\\\/iwellguard\\\/\",\"https:\\\/\\\/experiment.com\\\/users\\\/iwellguard\",\"https:\\\/\\\/wakelet.com\\\/@iWellGuard82270\",\"https:\\\/\\\/www.chordie.com\\\/forum\\\/profile.php?id=2555664\",\"https:\\\/\\\/www.instapaper.com\\\/p\\\/17757966\",\"https:\\\/\\\/www.mapleprimes.com\\\/users\\\/iwellguard\",\"https:\\\/\\\/businesslistingplus.com\\\/profile\\\/iwell-guard\\\/\",\"https:\\\/\\\/telegra.ph\\\/iWell-Guard-06-06\",\"https:\\\/\\\/pbase.com\\\/iwellguard\\\/iwellguard\",\"https:\\\/\\\/b.hatena.ne.jp\\\/iwellguard\\\/20260607#bookmark-4788405196491818882\",\"https:\\\/\\\/fliphtml5.com\\\/home\\\/iwellguard\",\"https:\\\/\\\/anyflip.com\\\/homepage\\\/cmiwl#About\",\"https:\\\/\\\/transfur.com\\\/Users\\\/iwellguard\",\"http:\\\/\\\/delphi.larsbo.org\\\/user\\\/iwellguard\",\"https:\\\/\\\/jobs.lajobsportal.org\\\/profiles\\\/8380803-iwell-guard\",\"https:\\\/\\\/md.chaosdorf.de\\\/s\\\/jfbe5SBdJD\",\"https:\\\/\\\/www.lingvolive.com\\\/en-us\\\/profile\\\/9ecaeaca-ce11-4e51-9e71-01d55e2bff36\\\/translations\",\"https:\\\/\\\/www.fitday.com\\\/fitness\\\/forums\\\/members\\\/iwellguard.html\",\"https:\\\/\\\/www.mymeetbook.com\\\/iwellguard\",\"https:\\\/\\\/pxhere.com\\\/en\\\/photographer-me\\\/5040798\",\"https:\\\/\\\/disqus.com\\\/by\\\/iwellguard\\\/about\\\/\",\"https:\\\/\\\/pastelink.net\\\/hjwciqwq\",\"https:\\\/\\\/pubhtml5.com\\\/homepage\\\/scjhn\\\/\",\"https:\\\/\\\/www.bitchute.com\\\/channel\\\/2O2eOKzNqujT\",\"https:\\\/\\\/audiomack.com\\\/iwellguard\"]},{\"@type\":\"Article\",\"@id\":\"https:\\\/\\\/iwell-guard.com\\\/sk\\\/malina-slnecna-bohyna-inuitov\\\/#article\",\"isPartOf\":{\"@id\":\"https:\\\/\\\/iwell-guard.com\\\/sk\\\/malina-slnecna-bohyna-inuitov\\\/\"},\"author\":{\"name\":\"Ralf Ittermann\",\"@id\":\"https:\\\/\\\/iwell-guard.com\\\/sk\\\/#\\\/schema\\\/person\\\/ee2a27f1cac3406c7c6fb5820cb7349f\"},\"headline\":\"Malina &#8211; slne\u010dn\u00e1 bohy\u0148a Inuitov\",\"datePublished\":\"2026-09-04T22:20:31+00:00\",\"dateModified\":\"2026-09-04T22:48:09+00:00\",\"mainEntityOfPage\":{\"@id\":\"https:\\\/\\\/iwell-guard.com\\\/sk\\\/malina-slnecna-bohyna-inuitov\\\/\"},\"publisher\":{\"@id\":\"https:\\\/\\\/iwell-guard.com\\\/sk\\\/#organization\"},\"image\":{\"@id\":\"https:\\\/\\\/iwell-guard.com\\\/sk\\\/malina-slnecna-bohyna-inuitov\\\/#primaryimage\"},\"thumbnailUrl\":\"https:\\\/\\\/iwell-guard.com\\\/wp-content\\\/uploads\\\/2026\\\/05\\\/goetter_inuit_malina-inuit.webp\",\"inLanguage\":\"sk-SK\",\"description\":\"Malina je slne\u010dn\u00e1 bohy\u0148a Inuitov, sestra a prenasledovan\u00e1 mesiacom Igalukom. Religionistick\u00e9 zaradenie s m\u00fdtom a prame\u0148mi.\"}]}<\/script>\n<!-- \/ Yoast SEO Premium plugin. -->","yoast_head_json":{"title":"Malina - inuitsk\u00e1 slne\u010dn\u00e1 bohy\u0148a a sestra Igaluka","description":"Malina je slne\u010dn\u00e1 bohy\u0148a Inuitov, sestra a prenasledovan\u00e1 mesiacom Igalukom. Religionistick\u00e9 zaradenie s m\u00fdtom a prame\u0148mi.","robots":{"index":"index","follow":"follow","max-snippet":"max-snippet:-1","max-image-preview":"max-image-preview:large","max-video-preview":"max-video-preview:-1"},"canonical":"https:\/\/iwell-guard.com\/sk\/malina-slnecna-bohyna-inuitov\/","og_locale":"sk_SK","og_type":"article","og_title":"Malina - slne\u010dn\u00e1 bohy\u0148a Inuitov","og_description":"Malina je slne\u010dn\u00e1 bohy\u0148a Inuitov, sestra a prenasledovan\u00e1 mesiacom Igalukom. Religionistick\u00e9 zaradenie s m\u00fdtom a prame\u0148mi.","og_url":"https:\/\/iwell-guard.com\/sk\/malina-slnecna-bohyna-inuitov\/","og_site_name":"iWell Guard","article_modified_time":"2026-09-04T22:48:09+00:00","og_image":[{"width":1024,"height":1536,"url":"https:\/\/iwell-guard.com\/wp-content\/uploads\/2026\/05\/goetter_inuit_malina-inuit.webp","type":"image\/webp"}],"twitter_card":"summary_large_image","schema":{"@context":"https:\/\/schema.org","@graph":[{"@type":"Article","@id":"https:\/\/iwell-guard.com\/sk\/malina-slnecna-bohyna-inuitov\/#article","isPartOf":{"@id":"https:\/\/iwell-guard.com\/sk\/malina-slnecna-bohyna-inuitov\/"},"author":{"name":"Ralf Ittermann","@id":"https:\/\/iwell-guard.com\/sk\/#\/schema\/person\/ee2a27f1cac3406c7c6fb5820cb7349f"},"headline":"Malina &#8211; slne\u010dn\u00e1 bohy\u0148a Inuitov","datePublished":"2026-09-04T22:20:31+00:00","dateModified":"2026-09-04T22:48:09+00:00","mainEntityOfPage":{"@id":"https:\/\/iwell-guard.com\/sk\/malina-slnecna-bohyna-inuitov\/"},"publisher":{"@id":"https:\/\/iwell-guard.com\/sk\/#organization"},"image":{"@id":"https:\/\/iwell-guard.com\/sk\/malina-slnecna-bohyna-inuitov\/#primaryimage"},"thumbnailUrl":"https:\/\/iwell-guard.com\/wp-content\/uploads\/2026\/05\/goetter_inuit_malina-inuit.webp","inLanguage":"sk-SK","description":"Malina je slne\u010dn\u00e1 bohy\u0148a Inuitov, sestra a prenasledovan\u00e1 mesiacom Igalukom. Religionistick\u00e9 zaradenie s m\u00fdtom a prame\u0148mi."},{"@type":"WebPage","@id":"https:\/\/iwell-guard.com\/sk\/malina-slnecna-bohyna-inuitov\/","url":"https:\/\/iwell-guard.com\/sk\/malina-slnecna-bohyna-inuitov\/","name":"Malina - inuitsk\u00e1 slne\u010dn\u00e1 bohy\u0148a a sestra Igaluka","isPartOf":{"@id":"https:\/\/iwell-guard.com\/sk\/#website"},"primaryImageOfPage":{"@id":"https:\/\/iwell-guard.com\/sk\/malina-slnecna-bohyna-inuitov\/#primaryimage"},"image":{"@id":"https:\/\/iwell-guard.com\/sk\/malina-slnecna-bohyna-inuitov\/#primaryimage"},"thumbnailUrl":"https:\/\/iwell-guard.com\/wp-content\/uploads\/2026\/05\/goetter_inuit_malina-inuit.webp","datePublished":"2026-09-04T22:20:31+00:00","dateModified":"2026-09-04T22:48:09+00:00","description":"Malina je slne\u010dn\u00e1 bohy\u0148a Inuitov, sestra a prenasledovan\u00e1 mesiacom Igalukom. Religionistick\u00e9 zaradenie s m\u00fdtom a prame\u0148mi.","breadcrumb":{"@id":"https:\/\/iwell-guard.com\/sk\/malina-slnecna-bohyna-inuitov\/#breadcrumb"},"inLanguage":"sk-SK","potentialAction":[{"@type":"ReadAction","target":["https:\/\/iwell-guard.com\/sk\/malina-slnecna-bohyna-inuitov\/"]}]},{"@type":"ImageObject","inLanguage":"sk-SK","@id":"https:\/\/iwell-guard.com\/sk\/malina-slnecna-bohyna-inuitov\/#primaryimage","url":"https:\/\/iwell-guard.com\/wp-content\/uploads\/2026\/05\/goetter_inuit_malina-inuit.webp","contentUrl":"https:\/\/iwell-guard.com\/wp-content\/uploads\/2026\/05\/goetter_inuit_malina-inuit.webp","width":1024,"height":1536,"caption":"Bohovia z inuitskej trad\u00edcie."},{"@type":"BreadcrumbList","@id":"https:\/\/iwell-guard.com\/sk\/malina-slnecna-bohyna-inuitov\/#breadcrumb","itemListElement":[{"@type":"ListItem","position":1,"name":"Start","item":"https:\/\/iwell-guard.com\/sk\/?page_id=157572"},{"@type":"ListItem","position":2,"name":"Malina &#8211; slne\u010dn\u00e1 bohy\u0148a Inuitov"}]},{"@type":"WebSite","@id":"https:\/\/iwell-guard.com\/sk\/#website","url":"https:\/\/iwell-guard.com\/sk\/","name":"iWell Guard","description":"Schutz vor dunklen Einfl\u00fcssen","publisher":{"@id":"https:\/\/iwell-guard.com\/sk\/#organization"},"potentialAction":[{"@type":"SearchAction","target":{"@type":"EntryPoint","urlTemplate":"https:\/\/iwell-guard.com\/sk\/?s={search_term_string}"},"query-input":{"@type":"PropertyValueSpecification","valueRequired":true,"valueName":"search_term_string"}}],"inLanguage":"sk-SK"},{"@type":"Organization","@id":"https:\/\/iwell-guard.com\/sk\/#organization","name":"Ittermann electronic GmbH","url":"https:\/\/iwell-guard.com\/sk\/","logo":{"@type":"ImageObject","inLanguage":"sk-SK","@id":"https:\/\/iwell-guard.com\/sk\/#\/schema\/logo\/image\/","url":"https:\/\/iwell-guard.com\/wp-content\/uploads\/2026\/05\/Ittermann-Logo-1182x237-1.png","contentUrl":"https:\/\/iwell-guard.com\/wp-content\/uploads\/2026\/05\/Ittermann-Logo-1182x237-1.png","width":1182,"height":237,"caption":"Ittermann electronic GmbH"},"image":{"@id":"https:\/\/iwell-guard.com\/sk\/#\/schema\/logo\/image\/"},"sameAs":["https:\/\/pantip.com\/profile\/9367242","https:\/\/micro.blog\/iwellguard","https:\/\/www.diggerslist.com\/iwellguard\/about","https:\/\/skitterphoto.com\/photographers\/2870314\/iwell-guard","https:\/\/iwellguard.wordpress.com\/2026\/06\/06\/iwell-guard\/","https:\/\/hub.docker.com\/u\/iwellguard","https:\/\/www.pinterest.com\/iwellguard\/","https:\/\/bit.ly\/m\/iwellguard","https:\/\/entre-vos-mains.alsace.eu\/profiles\/iwellguard\/activity","https:\/\/gravatar.com\/reallybeded8fd34","https:\/\/naijamatta.com\/iwellguard","https:\/\/www.goodreads.com\/iwellguard","https:\/\/profile.hatena.ne.jp\/iwellguard\/","https:\/\/experiment.com\/users\/iwellguard","https:\/\/wakelet.com\/@iWellGuard82270","https:\/\/www.chordie.com\/forum\/profile.php?id=2555664","https:\/\/www.instapaper.com\/p\/17757966","https:\/\/www.mapleprimes.com\/users\/iwellguard","https:\/\/businesslistingplus.com\/profile\/iwell-guard\/","https:\/\/telegra.ph\/iWell-Guard-06-06","https:\/\/pbase.com\/iwellguard\/iwellguard","https:\/\/b.hatena.ne.jp\/iwellguard\/20260607#bookmark-4788405196491818882","https:\/\/fliphtml5.com\/home\/iwellguard","https:\/\/anyflip.com\/homepage\/cmiwl#About","https:\/\/transfur.com\/Users\/iwellguard","http:\/\/delphi.larsbo.org\/user\/iwellguard","https:\/\/jobs.lajobsportal.org\/profiles\/8380803-iwell-guard","https:\/\/md.chaosdorf.de\/s\/jfbe5SBdJD","https:\/\/www.lingvolive.com\/en-us\/profile\/9ecaeaca-ce11-4e51-9e71-01d55e2bff36\/translations","https:\/\/www.fitday.com\/fitness\/forums\/members\/iwellguard.html","https:\/\/www.mymeetbook.com\/iwellguard","https:\/\/pxhere.com\/en\/photographer-me\/5040798","https:\/\/disqus.com\/by\/iwellguard\/about\/","https:\/\/pastelink.net\/hjwciqwq","https:\/\/pubhtml5.com\/homepage\/scjhn\/","https:\/\/www.bitchute.com\/channel\/2O2eOKzNqujT","https:\/\/audiomack.com\/iwellguard"]},{"@type":"Person","@id":"https:\/\/iwell-guard.com\/sk\/#\/schema\/person\/ee2a27f1cac3406c7c6fb5820cb7349f","name":"Ralf Ittermann","image":{"@type":"ImageObject","inLanguage":"sk-SK","@id":"https:\/\/secure.gravatar.com\/avatar\/073c0153e350a5005b68eb752b445fea71f6b24a26da9449ad7e155e6b446c9d?s=96&d=mm&r=g","url":"https:\/\/secure.gravatar.com\/avatar\/073c0153e350a5005b68eb752b445fea71f6b24a26da9449ad7e155e6b446c9d?s=96&d=mm&r=g","contentUrl":"https:\/\/secure.gravatar.com\/avatar\/073c0153e350a5005b68eb752b445fea71f6b24a26da9449ad7e155e6b446c9d?s=96&d=mm&r=g","caption":"Ralf Ittermann"},"givenName":"Ralf","familyName":"Ittermann","jobTitle":"Gesch\u00e4ftsf\u00fchrer und redaktioneller Verantwortlicher","url":"https:\/\/iwell-guard.com\/sk\/author\/claude\/","description":"Ralf Ittermann ist Gesch\u00e4ftsf\u00fchrer der Ittermann electronic GmbH und redaktioneller Verantwortlicher des iWell-Guard-Lexikons. Er verbindet langj\u00e4hrige Erfahrung in der Pr\u00e4zisionsfertigung mit medialer Praxis und religionsgeschichtlicher Quellenarbeit.","worksFor":{"@type":"Organization","name":"Ittermann electronic GmbH","url":"https:\/\/ittermann.de\/","address":{"@type":"PostalAddress","streetAddress":"K\u00f6hlergasse 16-18","postalCode":"99842","addressLocality":"Ruhla","addressCountry":"DE"}},"knowsAbout":["Religionsgeschichte","Mythologie","Mediale Praxis","Energetische Diagnostik","Schutzpraxis","Volksglauben","Westliche Esoterik"]},{"@type":"Article","@id":"https:\/\/iwell-guard.com\/sk\/malina-slnecna-bohyna-inuitov\/#article","isPartOf":{"@id":"https:\/\/iwell-guard.com\/sk\/malina-slnecna-bohyna-inuitov\/"},"author":{"name":"Ralf Ittermann","@id":"https:\/\/iwell-guard.com\/sk\/#\/schema\/person\/ee2a27f1cac3406c7c6fb5820cb7349f"},"headline":"Malina &#8211; slne\u010dn\u00e1 bohy\u0148a Inuitov","datePublished":"2026-09-04T22:20:31+00:00","dateModified":"2026-09-04T22:48:09+00:00","mainEntityOfPage":{"@id":"https:\/\/iwell-guard.com\/sk\/malina-slnecna-bohyna-inuitov\/"},"publisher":{"@id":"https:\/\/iwell-guard.com\/sk\/#organization"},"image":{"@id":"https:\/\/iwell-guard.com\/sk\/malina-slnecna-bohyna-inuitov\/#primaryimage"},"thumbnailUrl":"https:\/\/iwell-guard.com\/wp-content\/uploads\/2026\/05\/goetter_inuit_malina-inuit.webp","inLanguage":"sk-SK","description":"Malina je slne\u010dn\u00e1 bohy\u0148a Inuitov, sestra a prenasledovan\u00e1 mesiacom Igalukom. Religionistick\u00e9 zaradenie s m\u00fdtom a prame\u0148mi."}]}},"_links":{"self":[{"href":"https:\/\/iwell-guard.com\/sk\/wp-json\/wp\/v2\/pages\/157999","targetHints":{"allow":["GET"]}}],"collection":[{"href":"https:\/\/iwell-guard.com\/sk\/wp-json\/wp\/v2\/pages"}],"about":[{"href":"https:\/\/iwell-guard.com\/sk\/wp-json\/wp\/v2\/types\/page"}],"author":[{"embeddable":true,"href":"https:\/\/iwell-guard.com\/sk\/wp-json\/wp\/v2\/users\/3"}],"replies":[{"embeddable":true,"href":"https:\/\/iwell-guard.com\/sk\/wp-json\/wp\/v2\/comments?post=157999"}],"version-history":[{"count":0,"href":"https:\/\/iwell-guard.com\/sk\/wp-json\/wp\/v2\/pages\/157999\/revisions"}],"wp:featuredmedia":[{"embeddable":true,"href":"https:\/\/iwell-guard.com\/sk\/wp-json\/wp\/v2\/media\/2883"}],"wp:attachment":[{"href":"https:\/\/iwell-guard.com\/sk\/wp-json\/wp\/v2\/media?parent=157999"}],"wp:term":[{"taxonomy":"category","embeddable":true,"href":"https:\/\/iwell-guard.com\/sk\/wp-json\/wp\/v2\/categories?post=157999"}],"curies":[{"name":"wp","href":"https:\/\/api.w.org\/{rel}","templated":true}]}}