{"id":157992,"date":"2026-09-04T22:20:26","date_gmt":"2026-09-04T22:20:26","guid":{"rendered":"https:\/\/iwell-guard.com\/?page_id=157992"},"modified":"2026-09-04T22:47:55","modified_gmt":"2026-09-04T22:47:55","slug":"sila-svetovy-dych-pan-pocasia-inuitov","status":"publish","type":"page","link":"https:\/\/iwell-guard.com\/sk\/sila-svetovy-dych-pan-pocasia-inuitov\/","title":{"rendered":"Sila \u2013 svetov\u00fd dych a p\u00e1n po\u010dasia Inuitov"},"content":{"rendered":"\t\t<div data-elementor-type=\"wp-page\" data-elementor-id=\"157992\" class=\"elementor elementor-157992 elementor-2655 elementor-bc-flex-widget\" data-elementor-post-type=\"page\">\n\t\t\t\t<div class=\"elementor-element elementor-element-iwgw-sila-hero e-flex e-con-boxed e-con e-parent\" data-id=\"iwgw-sila-hero\" data-element_type=\"container\" data-e-type=\"container\" data-settings=\"{&quot;background_background&quot;:&quot;classic&quot;}\">\n\t\t\t\t\t<div class=\"e-con-inner\">\n\t\t<div class=\"elementor-element elementor-element-iwgw-sila-hl e-flex e-con-boxed e-con e-child\" data-id=\"iwgw-sila-hl\" data-element_type=\"container\" data-e-type=\"container\">\n\t\t\t\t\t<div class=\"e-con-inner\">\n\t\t<div class=\"elementor-element elementor-element-iwgw-sila-htxt e-con-full e-flex e-con e-child\" data-id=\"iwgw-sila-htxt\" data-element_type=\"container\" data-e-type=\"container\">\n\t\t\t\t<div class=\"elementor-element elementor-element-iwgw-sila-h1 elementor-widget elementor-widget-heading\" data-id=\"iwgw-sila-h1\" data-element_type=\"widget\" data-e-type=\"widget\" data-widget_type=\"heading.default\">\n\t\t\t\t\t<h1 class=\"elementor-heading-title elementor-size-default\">Sila \u2013 svetov\u00fd dych, po\u010dasie a vedomie v inuitskom myslen\u00ed<\/h1>\t\t\t\t<\/div>\n\t\t\t\t<div class=\"elementor-element elementor-element-iwgw-sila-lead elementor-widget elementor-widget-text-editor\" data-id=\"iwgw-sila-lead\" data-element_type=\"widget\" data-e-type=\"widget\" data-widget_type=\"text-editor.default\">\n\t\t\t\t\t\t\t\t\t<p>Sila nie je v predstav\u00e1ch centr\u00e1lnoarktick\u00fdch <a href=\"https:\/\/iwell-guard.com\/sk\/inuiti-a-arktida-sedna-tornit-ochranna-prax\/\">Inuitov<\/a> osobn\u00fdm bohom v \u00fazkom zmysle slova, ale usporad\u00favaj\u00facim princ\u00edpom vzduchu, po\u010dasia, dychu a rozumu.<\/p><p>Kto pozn\u00e1 Silu, pozn\u00e1 z\u00e1rove\u0148 po\u010dasie, myslenie i poriadok sveta, preto\u017ee inuitsk\u00fd jazyk zah\u0155\u0148a tieto sf\u00e9ry do jedin\u00e9ho pojmu. Z religionistick\u00e9ho h\u013eadiska je Sila jedn\u00fdm z pojmovo najhlb\u0161\u00edch pojmov celej cirkumpol\u00e1rnej religi\u00f3znej hist\u00f3rie.<\/p>\t\t\t\t\t\t\t\t<\/div>\n\t\t\t\t<\/div>\n\t\t<div class=\"elementor-element elementor-element-iwgw-sila-pillc e-con-full e-flex e-con e-child\" data-id=\"iwgw-sila-pillc\" data-element_type=\"container\" data-e-type=\"container\">\n\t\t\t\t<div class=\"elementor-element elementor-element-iwgw-sila-pills elementor-widget elementor-widget-html\" data-id=\"iwgw-sila-pills\" data-element_type=\"widget\" data-e-type=\"widget\" data-widget_type=\"html.default\">\n\t\t\t\t\t<div class=\"iwg-pill-row\"><span class=\"iwg-klasse-badge\" tabindex=\"0\" data-tooltip=\"Duch po\u010dasia trad\u00edcie Inuit.\">Duch po\u010dasia<\/span><a href=\"https:\/\/iwell-guard.com\/sk\/inuiti-a-arktida-sedna-tornit-ochranna-prax\/\" class=\"iwg-kultur-badge\" tabindex=\"0\" data-tooltip=\"Mytol\u00f3gia trad\u00edcie Inuit.\">Inuiti<\/a><span class=\"iwg-tradition-badge\" tabindex=\"0\" data-tooltip=\"Svetov\u00fd a po\u010dasov\u00fd princ\u00edp.\">Svetov\u00fd a po\u010dasov\u00fd princ\u00edp<\/span><\/div>\t\t\t\t<\/div>\n\t\t\t\t<\/div>\n\t\t<div class=\"elementor-element elementor-element-iwgw-sila-tocc e-con-full e-flex e-con e-child\" data-id=\"iwgw-sila-tocc\" data-element_type=\"container\" data-e-type=\"container\">\n\t\t\t\t<div class=\"elementor-element elementor-element-iwgw-sila-toc elementor-toc--minimized-on-tablet elementor-widget elementor-widget-table-of-contents\" data-id=\"iwgw-sila-toc\" data-element_type=\"widget\" data-e-type=\"widget\" data-settings=\"{&quot;headings_by_tags&quot;:[&quot;h2&quot;,&quot;h3&quot;],&quot;minimize_box&quot;:&quot;yes&quot;,&quot;marker_view&quot;:&quot;bullets&quot;,&quot;no_headings_message&quot;:&quot;Na tejto str\\u00e1nke sa nena\\u0161li \\u017eiadne nadpisy.&quot;,&quot;exclude_headings_by_selector&quot;:[],&quot;icon&quot;:{&quot;value&quot;:&quot;fas fa-circle&quot;,&quot;library&quot;:&quot;fa-solid&quot;,&quot;rendered_tag&quot;:&quot;&lt;svg class=\\&quot;e-font-icon-svg e-fas-circle\\&quot; viewBox=\\&quot;0 0 512 512\\&quot; xmlns=\\&quot;http:\\\/\\\/www.w3.org\\\/2000\\\/svg\\&quot;&gt;&lt;path d=\\&quot;M256 8C119 8 8 119 8 256s111 248 248 248 248-111 248-248S393 8 256 8z\\&quot;&gt;&lt;\\\/path&gt;&lt;\\\/svg&gt;&quot;},&quot;minimized_on&quot;:&quot;tablet&quot;,&quot;hierarchical_view&quot;:&quot;yes&quot;,&quot;min_height&quot;:{&quot;unit&quot;:&quot;px&quot;,&quot;size&quot;:&quot;&quot;,&quot;sizes&quot;:[]},&quot;min_height_tablet&quot;:{&quot;unit&quot;:&quot;px&quot;,&quot;size&quot;:&quot;&quot;,&quot;sizes&quot;:[]},&quot;min_height_mobile&quot;:{&quot;unit&quot;:&quot;px&quot;,&quot;size&quot;:&quot;&quot;,&quot;sizes&quot;:[]}}\" data-widget_type=\"table-of-contents.default\">\n\t\t\t\t\t\t\t\t\t<div class=\"elementor-toc__header\">\n\t\t\t\t\t\t<h2 class=\"elementor-toc__header-title\">\n\t\t\t\tObsah\t\t\t<\/h2>\n\t\t\t\t\t\t\t\t\t\t<div class=\"elementor-toc__toggle-button elementor-toc__toggle-button--expand\" role=\"button\" tabindex=\"0\" aria-controls=\"elementor-toc__iwgw-sila-toc\" aria-expanded=\"true\" aria-label=\"Open table of contents\"><svg aria-hidden=\"true\" class=\"e-font-icon-svg e-fas-chevron-down\" viewBox=\"0 0 448 512\" xmlns=\"http:\/\/www.w3.org\/2000\/svg\"><path d=\"M207.029 381.476L12.686 187.132c-9.373-9.373-9.373-24.569 0-33.941l22.667-22.667c9.357-9.357 24.522-9.375 33.901-.04L224 284.505l154.745-154.021c9.379-9.335 24.544-9.317 33.901.04l22.667 22.667c9.373 9.373 9.373 24.569 0 33.941L240.971 381.476c-9.373 9.372-24.569 9.372-33.942 0z\"><\/path><\/svg><\/div>\n\t\t\t\t<div class=\"elementor-toc__toggle-button elementor-toc__toggle-button--collapse\" role=\"button\" tabindex=\"0\" aria-controls=\"elementor-toc__iwgw-sila-toc\" aria-expanded=\"true\" aria-label=\"Close table of contents\"><svg aria-hidden=\"true\" class=\"e-font-icon-svg e-fas-chevron-up\" viewBox=\"0 0 448 512\" xmlns=\"http:\/\/www.w3.org\/2000\/svg\"><path d=\"M240.971 130.524l194.343 194.343c9.373 9.373 9.373 24.569 0 33.941l-22.667 22.667c-9.357 9.357-24.522 9.375-33.901.04L224 227.495 69.255 381.516c-9.379 9.335-24.544 9.317-33.901-.04l-22.667-22.667c-9.373-9.373-9.373-24.569 0-33.941L207.03 130.525c9.372-9.373 24.568-9.373 33.941-.001z\"><\/path><\/svg><\/div>\n\t\t\t\t\t<\/div>\n\t\t\t\t<div id=\"elementor-toc__iwgw-sila-toc\" class=\"elementor-toc__body\">\n\t\t\t<div class=\"elementor-toc__spinner-container\">\n\t\t\t\t<svg class=\"elementor-toc__spinner eicon-animation-spin e-font-icon-svg e-eicon-loading\" aria-hidden=\"true\" viewBox=\"0 0 1000 1000\" xmlns=\"http:\/\/www.w3.org\/2000\/svg\"><path d=\"M500 975V858C696 858 858 696 858 500S696 142 500 142 142 304 142 500H25C25 237 238 25 500 25S975 237 975 500 763 975 500 975Z\"><\/path><\/svg>\t\t\t<\/div>\n\t\t<\/div>\n\t\t\t\t\t\t<\/div>\n\t\t\t\t<\/div>\n\t\t\t\t\t<\/div>\n\t\t\t\t<\/div>\n\t\t<div class=\"elementor-element elementor-element-iwgw-sila-hr e-con-full e-flex e-con e-child\" data-id=\"iwgw-sila-hr\" data-element_type=\"container\" data-e-type=\"container\">\n\t\t\t\t<div class=\"elementor-element elementor-element-iwgw-sila-heroimg iwg-hero-image elementor-widget elementor-widget-image\" data-id=\"iwgw-sila-heroimg\" data-element_type=\"widget\" data-e-type=\"widget\" data-widget_type=\"image.default\">\n\t\t\t\t\t\t\t\t\t\t\t\t\t\t\t<img fetchpriority=\"high\" decoding=\"async\" width=\"683\" height=\"1024\" src=\"https:\/\/iwell-guard.com\/wp-content\/uploads\/2026\/05\/geister_inuit_sila-683x1024.webp\" class=\"attachment-large size-large wp-image-159770\" alt=\"Sila \u2013 duchovia z inuitskej trad\u00edcie, historicko-ilustra\u010dn\u00e9 zobrazenie\" srcset=\"https:\/\/iwell-guard.com\/wp-content\/uploads\/2026\/05\/geister_inuit_sila-683x1024.webp 683w, https:\/\/iwell-guard.com\/wp-content\/uploads\/2026\/05\/geister_inuit_sila-200x300.webp 200w, https:\/\/iwell-guard.com\/wp-content\/uploads\/2026\/05\/geister_inuit_sila-768x1152.webp 768w, https:\/\/iwell-guard.com\/wp-content\/uploads\/2026\/05\/geister_inuit_sila.webp 1024w\" sizes=\"(max-width: 683px) 100vw, 683px\" \/>\t\t\t\t\t\t\t\t\t\t\t\t\t\t\t<\/div>\n\t\t\t\t<\/div>\n\t\t\t\t\t<\/div>\n\t\t\t\t<\/div>\n\t\t<div class=\"elementor-element elementor-element-iwgw-sila-s0 e-flex e-con-boxed e-con e-parent\" data-id=\"iwgw-sila-s0\" data-element_type=\"container\" data-e-type=\"container\">\n\t\t\t\t\t<div class=\"e-con-inner\">\n\t\t\t\t<div class=\"elementor-element elementor-element-iwgw-sila-s0h elementor-widget elementor-widget-heading\" data-id=\"iwgw-sila-s0h\" data-element_type=\"widget\" data-e-type=\"widget\" data-widget_type=\"heading.default\">\n\t\t\t\t\t<h2 class=\"elementor-heading-title elementor-size-default\">Zaradenie a stru\u010dn\u00fd profil<\/h2>\t\t\t\t<\/div>\n\t\t<div class=\"elementor-element elementor-element-iwgw-sila-s0c e-con-full e-flex e-con e-child\" data-id=\"iwgw-sila-s0c\" data-element_type=\"container\" data-e-type=\"container\">\n\t\t\t\t<div class=\"elementor-element elementor-element-iwgw-sila-s0t elementor-widget elementor-widget-text-editor\" data-id=\"iwgw-sila-s0t\" data-element_type=\"widget\" data-e-type=\"widget\" data-widget_type=\"text-editor.default\">\n\t\t\t\t\t\t\t\t\t<p>Sila patr\u00ed v religionistickej klasifik\u00e1cii k vz\u00e1cnym pojmom, ktor\u00e9 ozna\u010duj\u00fa z\u00e1rove\u0148 kozmologick\u00fd, meteorologick\u00fd a epistemick\u00fd princ\u00edp. Knud Rasmussen, ktor\u00fd tento pojem odhalil vo svojich z\u00e1piskoch z 5. Thulskej exped\u00edcie ako n\u00e1bo\u017eensk\u00fd k\u013e\u00fa\u010d centr\u00e1lnoarktick\u00fdch Inuitov, ho prelo\u017eil ako svetov\u00fd rozum, in\u00ed autori ako Daniel Merkur a Fr\u00e9d\u00e9ric Laugrand hovoria o svetovom dychu.<\/p><p>T\u00e1to \u0161\u00edrka prekladov nie je v\u00fdrazom neur\u010ditosti, ale zodpoved\u00e1 s\u00e9mantickej h\u013abke samotn\u00e9ho slova, ktor\u00e9 nem\u00e1 v z\u00e1padnom slovn\u00edku priamy ekvivalent.<\/p><p>Sila, na rozdiel od <a href=\"https:\/\/iwell-guard.com\/sk\/?page_id=157991\">Sedny<\/a>, nie je zakotven\u00e1 v narat\u00edvnom \u017eivotopise. Sila nem\u00e1 prsty, lo\u010fku, otca ani sn\u00fabencov. Sila je nevidite\u013en\u00e1, v\u0161eprenikaj\u00faca podmienka, v ktorej sa pohybuj\u00fa zvierat\u00e1 i \u013eudia.<\/p><p>Pr\u00e1ve preto je po\u010dasie pre Inuitov prejavom uva\u017euj\u00facej, pozoruj\u00facej a niekedy trestaj\u00facej instancie. Medi\u00e1cia medzi \u010dlovekom a svetom sa odohr\u00e1va prostredn\u00edctvom d\u00fdchania samotn\u00e9ho sveta, bez toho, aby musel by\u0165 zast\u00fapen\u00fd nejak\u00fd boh.<\/p><p>Toto dvojit\u00e9 ur\u010denie ako po\u010dasie a z\u00e1rove\u0148 rozum rob\u00ed zo Sily premos\u0165uj\u00faci pojem medzi vn\u00edman\u00edm pr\u00edrody a n\u00e1bo\u017eenskou reflexiou. S\u00fa\u010dasn\u00e1 klimatick\u00e1 debata tento pojem prevzala: ke\u010f inuitsk\u00ed star\u0161\u00ed hovoria, \u017ee Sila sa zmenila, myslia t\u00fdm ove\u013ea viac ne\u017e po\u010dasie, toti\u017e svetov\u00fd poriadok v kr\u00edze.<\/p><p>T\u00e1to aktu\u00e1lnos\u0165 rob\u00ed zo Sily mo\u017eno naj\u017eiv\u0161\u00ed pojem inuitskej religi\u00f3znej hist\u00f3rie a odli\u0161uje ho od \u010disto historick\u00fdch konceptov in\u00fdch n\u00e1bo\u017eenstiev.<\/p>\t\t\t\t\t\t\t\t<\/div>\n\t\t\t\t<\/div>\n\t\t\t\t\t<\/div>\n\t\t\t\t<\/div>\n\t\t<div class=\"elementor-element elementor-element-iwgw-sila-s1 e-flex e-con-boxed e-con e-parent\" data-id=\"iwgw-sila-s1\" data-element_type=\"container\" data-e-type=\"container\">\n\t\t\t\t\t<div class=\"e-con-inner\">\n\t\t\t\t<div class=\"elementor-element elementor-element-iwgw-sila-s1h elementor-widget elementor-widget-heading\" data-id=\"iwgw-sila-s1h\" data-element_type=\"widget\" data-e-type=\"widget\" data-widget_type=\"heading.default\">\n\t\t\t\t\t<h2 class=\"elementor-heading-title elementor-size-default\">Etymol\u00f3gia a jazykov\u00e1 viacvrstevnos\u0165<\/h2>\t\t\t\t<\/div>\n\t\t<div class=\"elementor-element elementor-element-iwgw-sila-s1c e-con-full e-flex e-con e-child\" data-id=\"iwgw-sila-s1c\" data-element_type=\"container\" data-e-type=\"container\">\n\t\t\t\t<div class=\"elementor-element elementor-element-iwgw-sila-s1t elementor-widget elementor-widget-text-editor\" data-id=\"iwgw-sila-s1t\" data-element_type=\"widget\" data-e-type=\"widget\" data-widget_type=\"text-editor.default\">\n\t\t\t\t\t\t\t\t\t<p>Slovo <em>sila<\/em> je zdokumentovan\u00e9 takmer v identickej forme v celom inuitskom jazykovom priestore od \u010cukotky a\u017e po Gr\u00f3nsko, \u010do nazna\u010duje ve\u013ek\u00fa h\u013abku tejto predstavy. V\u00fdznamy zah\u0155\u0148aj\u00fa: po\u010dasie vonku, vonkaj\u0161\u00ed svet, obloha, rozum, vedomie, m\u00fadros\u0165, spr\u00e1vne pos\u00fadenie situ\u00e1cie.<\/p><p>Odvoden\u00e9 slovo <em>silatujuq<\/em> ozna\u010duje m\u00fadreho, rozumn\u00e9ho \u010dloveka, doslova toho, kto m\u00e1 silu. T\u00e1to slovotvorba je n\u00e1bo\u017eensko-fenomenologicky k\u013e\u00fa\u010dov\u00e1, preto\u017ee ukazuje, \u017ee m\u00fadros\u0165 sa tu ch\u00e1pe predov\u0161etk\u00fdm ako vlastnenie sily, menej ako kognit\u00edvny v\u00fdkon.<\/p><p>To, \u017ee rovnak\u00fd kore\u0148 nesie meteorologick\u00fd aj intelektu\u00e1lny v\u00fdznam, nie je jazykovohistoricky n\u00e1hodn\u00e9. Vo vedeckom v\u00fdklade sa v tom vid\u00ed p\u00f4vodn\u00e1 te\u00f3ria poznania, v ktorej spr\u00e1vne pos\u00fadenie prostredia a spr\u00e1vne myslenie tvoria jednotu.<\/p><p>Kto nedok\u00e1\u017ee \u010d\u00edta\u0165 po\u010dasie, nie je m\u00fadry, a naopak: kto nie je m\u00fadry, prehliada znamenia po\u010dasia. Toto prepojenie je n\u00e1bo\u017eensko-fenomenologicky samostatn\u00fdm javom bez priamej paralely v eur\u00f3pskych jazykoch.<\/p><p>V n\u00e1bo\u017eenskom jazyku sa navy\u0161e vyskytuje zlo\u017een\u00fd v\u00fdraz <em>sila inua<\/em>, doslova osoba Sily alebo mu\u017e po\u010dasia. Ten ozna\u010duje kv\u00e1ziosobn\u00fa instanciu, ktor\u00fa je mo\u017en\u00e9 v \u0161amanskom diskurze oslovova\u0165, bez toho, aby vznikla plnohodnotn\u00e1 bo\u017esk\u00e1 postava.<\/p><p>Toto vzn\u00e1\u0161anie sa medzi princ\u00edpom a osobou je vedecky obzvl\u00e1\u0161\u0165 podnetn\u00e9 a zodpoved\u00e1 ist\u00e9mu druhu mod\u00e1lnej <span class=\"iwg-fachbegriff\" data-tooltip=\"Vedeck\u00e1 n\u00e1uka o Bohu a viere v danom n\u00e1bo\u017eenstve.\" tabindex=\"0\">teol\u00f3gie<\/span>: Sila je pod\u013ea kontextu oslovovan\u00e1 viac \u010di menej personalizovane.<\/p>\t\t\t\t\t\t\t\t<\/div>\n\t\t\t\t<\/div>\n\t\t\t\t\t<\/div>\n\t\t\t\t<\/div>\n\t\t<div class=\"elementor-element elementor-element-iwgw-sila-s2 e-flex e-con-boxed e-con e-parent\" data-id=\"iwgw-sila-s2\" data-element_type=\"container\" data-e-type=\"container\">\n\t\t\t\t\t<div class=\"e-con-inner\">\n\t\t\t\t<div class=\"elementor-element elementor-element-iwgw-sila-s2h elementor-widget elementor-widget-heading\" data-id=\"iwgw-sila-s2h\" data-element_type=\"widget\" data-e-type=\"widget\" data-widget_type=\"heading.default\">\n\t\t\t\t\t<h2 class=\"elementor-heading-title elementor-size-default\">Popis v etnografick\u00fdch prame\u0148och<\/h2>\t\t\t\t<\/div>\n\t\t<div class=\"elementor-element elementor-element-iwgw-sila-s2c e-con-full e-flex e-con e-child\" data-id=\"iwgw-sila-s2c\" data-element_type=\"container\" data-e-type=\"container\">\n\t\t\t\t<div class=\"elementor-element elementor-element-iwgw-sila-s2t elementor-widget elementor-widget-text-editor\" data-id=\"iwgw-sila-s2t\" data-element_type=\"widget\" data-e-type=\"widget\" data-widget_type=\"text-editor.default\">\n\t\t\t\t\t\t\t\t\t<p>Najstar\u0161ie a najbohat\u0161ie opisy Sily poch\u00e1dzaj\u00fa z Rasmussenov\u00fdch rozhovorov so \u0161amanmi Iglulikov Aua, Ivaluardjukom a Kibkarjukom v 20. rokoch 20. storo\u010dia.<\/p><p>Aua vysvetlil Rasmussenovi, \u017ee Sila je mocnos\u0165, ktorej hlas je tak\u00fd tich\u00fd, \u017ee ho po\u010duj\u00fa len deti, a ktorej odkaz, ke\u010f sa ozve, m\u00f4\u017ee vy\u00fasti\u0165 do b\u00farky, snehovej v\u00edchrice a hladu. Tento v\u00fdrok sa stal klasick\u00fdm miestom vo vedeckom \u0161tandardnom reperto\u00e1ri o arktickom n\u00e1bo\u017eenstve.<\/p><p>Sila bol teda v ka\u017edom oh\u013eade z\u00e1rove\u0148 okolit\u00fdm po\u010das\u00edm i bdelou instanciou, ktor\u00e1 registruje \u013eudsk\u00e9 spr\u00e1vanie. In\u00fd iglulick\u00fd <span class=\"iwg-fachbegriff\" data-tooltip=\"N\u00e1bo\u017eensk\u00fd \u0161pecialista, ktor\u00e9mu sa pripisuje sprostredkovanie medzi \u013eu\u010fmi a svetom duchov.\" tabindex=\"0\">\u0161aman<\/span> povedal: Mrtvi a slnko a mesiac, v\u0161etci patria k Sile, preto\u017ee v\u0161etko, \u010do sa stalo, je Sila.<\/p><p>Z toho Merkur vyvodzuje, \u017ee Sila je v iglulickej <span class=\"iwg-fachbegriff\" data-tooltip=\"Vedeck\u00e1 n\u00e1uka o Bohu a viere v danom n\u00e1bo\u017eenstve.\" tabindex=\"0\">teol\u00f3gii<\/span> druhom monistick\u00e9ho pozadov\u00e9ho princ\u00edpu, ktor\u00fd zah\u0155\u0148a osobn\u00e9 bo\u017estva, bez toho, aby ich absorboval. T\u00e1to interpret\u00e1cia je vedecky sporn\u00e1, ale z\u00edskala v nasleduj\u00facom v\u00fdskume zna\u010dn\u00fd vplyv.<\/p><p>V Gr\u00f3nsku Hinrich Rink dokumentuje tento pojem vo forme <em>silap inua<\/em>, v centr\u00e1lnokanadskej tundre <em>sila<\/em>, u Mackenzie-Inuitov niekedy <em>hila<\/em>. Napriek dialekt\u00e1lnym rozdielom je n\u00e1bo\u017eensk\u00e1 funkcia jednotn\u00e1.<\/p><p>Stabilita tohto pojmu na vzdialenosti tis\u00edcok kilometrov je vedecky pozoruhodn\u00e1 a nazna\u010duje ve\u013emi star\u00fa konceptu\u00e1lnu vrstvu, ktor\u00e1 pravdepodobne sah\u00e1 a\u017e do proto-eskimo-aleutsk\u00e9ho jazykov\u00e9ho stup\u0148a a mohla by tak by\u0165 star\u0161ia nieko\u013eko tis\u00edcro\u010d\u00ed.<\/p>\t\t\t\t\t\t\t\t<\/div>\n\t\t\t\t<\/div>\n\t\t\t\t\t<\/div>\n\t\t\t\t<\/div>\n\t\t<div class=\"elementor-element elementor-element-iwgw-sila-s3 e-flex e-con-boxed e-con e-parent\" data-id=\"iwgw-sila-s3\" data-element_type=\"container\" data-e-type=\"container\">\n\t\t\t\t\t<div class=\"e-con-inner\">\n\t\t\t\t<div class=\"elementor-element elementor-element-iwgw-sila-s3h elementor-widget elementor-widget-heading\" data-id=\"iwgw-sila-s3h\" data-element_type=\"widget\" data-e-type=\"widget\" data-widget_type=\"heading.default\">\n\t\t\t\t\t<h2 class=\"elementor-heading-title elementor-size-default\">Sila ako po\u010dasie a kozmologick\u00fd princ\u00edp<\/h2>\t\t\t\t<\/div>\n\t\t<div class=\"elementor-element elementor-element-iwgw-sila-s3c e-con-full e-flex e-con e-child\" data-id=\"iwgw-sila-s3c\" data-element_type=\"container\" data-e-type=\"container\">\n\t\t\t\t<div class=\"elementor-element elementor-element-iwgw-sila-s3t elementor-widget elementor-widget-text-editor\" data-id=\"iwgw-sila-s3t\" data-element_type=\"widget\" data-e-type=\"widget\" data-widget_type=\"text-editor.default\">\n\t\t\t\t\t\t\t\t\t<p>V arktickom be\u017enom \u017eivote rozhoduje Sila ako po\u010dasie o \u017eivote a smrti. N\u00e1hly whiteout, blizzardy, rozlamovanie morsk\u00e9ho \u013eadu sa ch\u00e1pu ako prejav in\u0161tancie reaguj\u00facej na \u013eudsk\u00e9 spr\u00e1vanie, nikdy nie ako n\u00e1hodn\u00e9 pr\u00edrodn\u00e9 javy.<\/p><p>Z vedeck\u00e9ho h\u013eadiska nejde o <span class=\"iwg-fachbegriff\" data-tooltip=\"Predstava, pod\u013ea ktorej maj\u00fa du\u0161u aj zvierat\u00e1, rastliny a veci.\" tabindex=\"0\">animizmus<\/span> v klasickom zmysle, ale o ekologick\u00fa <span class=\"iwg-fachbegriff\" data-tooltip=\"Vedeck\u00e1 n\u00e1uka o Bohu a viere n\u00e1bo\u017eenstva.\" tabindex=\"0\">teol\u00f3giu<\/span>, v ktorej sa po\u010dasie ch\u00e1pe ako personifikovan\u00e1, oslovite\u013en\u00e1 veli\u010dina. Tento rozdiel oproti <span class=\"iwg-fachbegriff\" data-tooltip=\"Predstava, pod\u013ea ktorej maj\u00fa du\u0161u aj zvierat\u00e1, rastliny a veci.\" tabindex=\"0\">animizmu<\/span> star\u0161\u00edch v\u00fdskumn\u00fdch defin\u00edci\u00ed je analyticky d\u00f4le\u017eit\u00fd.<\/p><p>Kozmologicky sa Sila v niektor\u00fdch v\u00fdpovediach Iglulikov opisuje ako b\u00fdval\u00fd obor, ktor\u00fd bol po svojej smrti rozprestret\u00fd po svete a ktor\u00e9ho dych teraz h\u00fdbe vetrom.<\/p><p>In\u00e9 rozpr\u00e1vania poznaj\u00fa Silu len ako obklopuj\u00faci prvok, bez genealogick\u00e9ho pr\u00edbehu. T\u00e1to vari\u00e1cia nie je z vedeck\u00e9ho h\u013eadiska rozporom, ale odrazom skuto\u010dnosti, \u017ee inuitsk\u00e9 n\u00e1bo\u017eenstvo nie je dogmatick\u00fd syst\u00e9m, ale \u017eije v \u00fastnej trad\u00edcii a konfiguruje sa v z\u00e1vislosti od kontextu.<\/p><p>D\u00f4le\u017eit\u00e9 je previazanie s \u010fal\u0161\u00edmi in\u0161tanciami. Sila stoj\u00ed ved\u013ea <a href=\"https:\/\/iwell-guard.com\/sk\/?page_id=157991\">Sedny<\/a> ako pani morsk\u00fdch zvierat, ved\u013ea <a href=\"https:\/\/iwell-guard.com\/sk\/?page_id=157998\">Igaluka<\/a>, mesiaca, a ved\u013ea <a href=\"https:\/\/iwell-guard.com\/sk\/?page_id=157996\">Pingy<\/a>, ktor\u00e1 dozer\u00e1 na suchozemsk\u00e9 zvierat\u00e1.<\/p><p>Moc je rozdelen\u00e1, Sila tvor\u00ed v\u0161eobj\u00edmaj\u00faci r\u00e1mec. Toto rozdelenie predstavuje z h\u013eadiska religionistiky vlastn\u00fd vzorec a rob\u00ed z inuitsk\u00e9ho n\u00e1bo\u017eenstva teol\u00f3giu vz\u0165ahov, nie hierarchiu. Svet bohov je organizovan\u00fd sie\u0165ovito, o pyramid\u00e1lnom usporiadan\u00ed nem\u00f4\u017ee by\u0165 re\u010d.<\/p>\t\t\t\t\t\t\t\t<\/div>\n\t\t\t\t<\/div>\n\t\t\t\t\t<\/div>\n\t\t\t\t<\/div>\n\t\t<div class=\"elementor-element elementor-element-iwgw-sila-s4 e-flex e-con-boxed e-con e-parent\" data-id=\"iwgw-sila-s4\" data-element_type=\"container\" data-e-type=\"container\">\n\t\t\t\t\t<div class=\"e-con-inner\">\n\t\t\t\t<div class=\"elementor-element elementor-element-iwgw-sila-s4h elementor-widget elementor-widget-heading\" data-id=\"iwgw-sila-s4h\" data-element_type=\"widget\" data-e-type=\"widget\" data-widget_type=\"heading.default\">\n\t\t\t\t\t<h2 class=\"elementor-heading-title elementor-size-default\">Sila ako rozum a etick\u00e1 in\u0161tancia<\/h2>\t\t\t\t<\/div>\n\t\t<div class=\"elementor-element elementor-element-iwgw-sila-s4c e-con-full e-flex e-con e-child\" data-id=\"iwgw-sila-s4c\" data-element_type=\"container\" data-e-type=\"container\">\n\t\t\t\t<div class=\"elementor-element elementor-element-iwgw-sila-s4t elementor-widget elementor-widget-text-editor\" data-id=\"iwgw-sila-s4t\" data-element_type=\"widget\" data-e-type=\"widget\" data-widget_type=\"text-editor.default\">\n\t\t\t\t\t\t\t\t\t<p>S\u00e9mantick\u00fd dvojzmysel rob\u00ed zo Sily etick\u00fa veli\u010dinu. Kto poru\u0161\u00ed <em>pittailiniq<\/em>, tabu, strat\u00ed zvierat\u00e1 a k tomu aj svoju silu, teda stane sa nerozumn\u00fdm, nespr\u00e1vne odhadne po\u010dasie, zabl\u00fadi, zmrzne.<\/p><p>Chyba rozumu a ne\u0161\u0165astie sp\u00f4soben\u00e9 po\u010das\u00edm s\u00fa tak dvomi prejavmi jedn\u00e9ho a toho ist\u00e9ho naru\u0161enia svetov\u00e9ho poriadku. Toto previazanie je vedecky z\u00e1va\u017en\u00e9, preto\u017ee ukazuje, \u017ee inuitsk\u00e1 etika funguje na z\u00e1klade kateg\u00f3ri\u00ed rozumnosti, nie kateg\u00f3ri\u00ed viny.<\/p><p>U Iglulikov zaznamenal Rasmussen pojem, ktor\u00fd op\u00edsal ako inuitsk\u00fd stoicizmus: spr\u00e1vny postoj v b\u00farke je trpezliv\u00e9, jasn\u00e9, sile prisp\u00f4soben\u00e9 vydr\u017eanie, nie z\u00fafal\u00e9 br\u00e1nenie sa.<\/p><p>Kto prejde po\u010das\u00edm bez toho, aby stratil svoju silu, nezmrzne. Discipl\u00edna ovl\u00e1dania afektov je n\u00e1bo\u017eensky formou oddanosti Sile. T\u00e1to kontrola afektov si v etnopsychologickom v\u00fdskume z\u00edskala zna\u010dn\u00fd priestor na diskusiu.<\/p><p>Toto spojenie medzi po\u010das\u00edm, rozumom a etickou samodiscipl\u00ednou vzbudilo v religionistickej filozofii druhej polovice 20. storo\u010dia zna\u010dn\u00fa pozornos\u0165, napr\u00edklad v pr\u00e1cach Merkura a v diskusii o arktickej ekol\u00f3gii <span class=\"iwg-fachbegriff\" data-tooltip=\"Beztelesn\u00e1 bytos\u0165, ktorej sa pripisuje p\u00f4sobenie na svet.\" tabindex=\"0\">ducha<\/span> u Tima Ingolda.<\/p><p>\u0160truktur\u00e1lna bl\u00edzkos\u0165 k antick\u00fdm stoick\u00fdm etik\u00e1m je n\u00e1padn\u00e1, nemala by v\u0161ak vies\u0165 k pred\u010dasnej identifik\u00e1cii, preto\u017ee kult\u00farno-historick\u00e9 s\u00favislosti s\u00fa odli\u0161n\u00e9 a inuitsk\u00e1 etika vznikla z inej historickej situ\u00e1cie.<\/p>\t\t\t\t\t\t\t\t<\/div>\n\t\t\t\t<\/div>\n\t\t\t\t\t<\/div>\n\t\t\t\t<\/div>\n\t\t<div class=\"elementor-element elementor-element-iwgw-sila-s5 e-flex e-con-boxed e-con e-parent\" data-id=\"iwgw-sila-s5\" data-element_type=\"container\" data-e-type=\"container\">\n\t\t\t\t\t<div class=\"e-con-inner\">\n\t\t\t\t<div class=\"elementor-element elementor-element-iwgw-sila-s5h elementor-widget elementor-widget-heading\" data-id=\"iwgw-sila-s5h\" data-element_type=\"widget\" data-e-type=\"widget\" data-widget_type=\"heading.default\">\n\t\t\t\t\t<h2 class=\"elementor-heading-title elementor-size-default\">\u0160amansk\u00e1 prax a ritu\u00e1l po\u010dasia<\/h2>\t\t\t\t<\/div>\n\t\t<div class=\"elementor-element elementor-element-iwgw-sila-s5c e-con-full e-flex e-con e-child\" data-id=\"iwgw-sila-s5c\" data-element_type=\"container\" data-e-type=\"container\">\n\t\t\t\t<div class=\"elementor-element elementor-element-iwgw-sila-s5t elementor-widget elementor-widget-text-editor\" data-id=\"iwgw-sila-s5t\" data-element_type=\"widget\" data-e-type=\"widget\" data-widget_type=\"text-editor.default\">\n\t\t\t\t\t\t\t\t\t<p>Angakkuit, \u0161amani, mali okrem cesty za Sednou e\u0161te druh\u00fa, menej dramatick\u00fa, ale v be\u017enom \u017eivote bli\u017e\u0161iu \u00falohu: upokoji\u0165 alebo ovplyvni\u0165 po\u010dasie. T\u00e1to prax bola adresovan\u00e1 Sile.<\/p><p><span class=\"iwg-fachbegriff\" data-tooltip=\"N\u00e1bo\u017eensk\u00fd \u0161pecialista, ktor\u00e9mu sa pripisuje sprostredkovanie medzi \u013eu\u010fmi a svetom duchov.\" tabindex=\"0\">\u0160aman<\/span> mohol pri hroziacej b\u00farke vst\u00fapi\u0165 do tranzu a vz\u00fdva\u0165 Silu, niekedy tak, \u017ee zadr\u017eal dych, inokedy tak, \u017ee bi\u010dom z tulenej ko\u017ee udieral do vzduchu. Tieto praktiky s\u00fa dokumentovan\u00e9 menej dramaticky ako cesty za Sednou, ale v be\u017enej n\u00e1bo\u017eenskej praxi s\u00fa rovnako v\u00fdznamn\u00e9.<\/p><p>In\u00e9 praktiky spo\u010d\u00edvali v kreslen\u00ed mal\u00fdch obr\u00e1zkov alebo predn\u00e1\u0161an\u00ed star\u00fdch slov, ktor\u00e9 sa pova\u017eovali za formy sily. D\u00f4le\u017eit\u00fd bol postoj: Silu nikto neprosil, ale spr\u00e1vne sa k Sile naladil.<\/p><p>Rozdiel oproti magicko-instrument\u00e1lnemu <span class=\"iwg-fachbegriff\" data-tooltip=\"Jazykov\u00fd ritu\u00e1l, ktor\u00fd m\u00e1 privola\u0165 alebo poviaza\u0165 nejak\u00fa moc.\" tabindex=\"0\">zakl\u00ednaniu<\/span> je z vedeck\u00e9ho h\u013eadiska rozhoduj\u00faci a odli\u0161uje inuitsk\u00fa prax od pr\u00edbuzn\u00fdch sib\u00edrskych trad\u00edci\u00ed, v ktor\u00fdch bolo zakl\u00ednanie po\u010dasia \u010dasto konkr\u00e9tnej\u0161ie a manipulat\u00edvnej\u0161ie stv\u00e1rnen\u00e9.<\/p><p><span class=\"iwg-fachbegriff\" data-tooltip=\"Odvracaj\u00faci ne\u0161\u0165astie: o znakoch a predmetoch, ktor\u00e9 maj\u00fa odvr\u00e1ti\u0165 \u0161kodliv\u00e9 vplyvy.\" tabindex=\"0\">Apotropaicky<\/span> pracovali Inuiti aj s jazykom. Ur\u010dit\u00e9 slov\u00e1 vo\u010di Sile boli tabu, in\u00e9 sa musely poveda\u0165. Kto pokarhal die\u0165a, neoslovoval ho pr\u00edli\u0161 tvrdo, preto\u017ee Sila by to mohla zaregistrova\u0165 a po\u010dasie by sa potom obr\u00e1tilo proti tomu, kto karhal.<\/p><p>T\u00e1to jemn\u00e1 kon\u0161tel\u00e1cia ukazuje, ako boli n\u00e1bo\u017eensk\u00fd poriadok, v\u00fdchova a regul\u00e1cia po\u010dasia previazan\u00e9. Z vedeck\u00e9ho h\u013eadiska je to paradigmatick\u00fd pr\u00edpad prenikavej religiozity, ktor\u00e1 sa neobmedzuje na ritu\u00e1lne ostrov\u010deky.<\/p>\t\t\t\t\t\t\t\t<\/div>\n\t\t\t\t<\/div>\n\t\t\t\t\t<\/div>\n\t\t\t\t<\/div>\n\t\t<div class=\"elementor-element elementor-element-iwgw-sila-s6 e-flex e-con-boxed e-con e-parent\" data-id=\"iwgw-sila-s6\" data-element_type=\"container\" data-e-type=\"container\">\n\t\t\t\t\t<div class=\"e-con-inner\">\n\t\t\t\t<div class=\"elementor-element elementor-element-iwgw-sila-s6h elementor-widget elementor-widget-heading\" data-id=\"iwgw-sila-s6h\" data-element_type=\"widget\" data-e-type=\"widget\" data-widget_type=\"heading.default\">\n\t\t\t\t\t<h2 class=\"elementor-heading-title elementor-size-default\">Sila v porovnan\u00ed s in\u00fdmi koncepciami po\u010dasia<\/h2>\t\t\t\t<\/div>\n\t\t<div class=\"elementor-element elementor-element-iwgw-sila-s6c e-con-full e-flex e-con e-child\" data-id=\"iwgw-sila-s6c\" data-element_type=\"container\" data-e-type=\"container\">\n\t\t\t\t<div class=\"elementor-element elementor-element-iwgw-sila-s6t elementor-widget elementor-widget-text-editor\" data-id=\"iwgw-sila-s6t\" data-element_type=\"widget\" data-e-type=\"widget\" data-widget_type=\"text-editor.default\">\n\t\t\t\t\t\t\t\t\t<p>Z vedeck\u00e9ho h\u013eadiska je Sila v\u00fdnimo\u010dn\u00e1 t\u00fdm, \u017ee sa ned\u00e1 porovn\u00e1va\u0165 ani s mediter\u00e1nnym typom Zeusa, ani s indoeur\u00f3pskym modelom boha hromu. Bli\u017e\u0161ie je pr\u00edbuzn\u00e1 \u010d\u00ednskemu <em><span class=\"iwg-fachbegriff\" data-tooltip=\"V \u010d\u00ednskej predstave p\u00f4sobiaca \u017eivotn\u00e1 sila, ktor\u00e1 prenik\u00e1 v\u0161etk\u00fdm.\" tabindex=\"0\">qi<\/span><\/em>, stoick\u00e9mu <em>pneuma<\/em> a polyn\u00e9zskemu <em>mana<\/em>, hoci je \u0161pecificky zakotven\u00e1 v arktickej z\u00e1vislosti loveckej spolo\u010dnosti od po\u010dasia. T\u00e1to porovnate\u013enos\u0165 je z religionistick\u00e9ho h\u013eadiska produkt\u00edvna, nemala by v\u0161ak vy\u00fasti\u0165 do pred\u010dasn\u00fdch univerzalistick\u00fdch kon\u0161trukci\u00ed.<\/p><p>V r\u00e1mci cirkumpol\u00e1rnej oblasti sa najviac podob\u00e1 samijskej predstave <em>Ilmaris<\/em> alebo nenetsk\u00e9mu <em>Num<\/em>, ktor\u00e9 rovnako zah\u0155\u0148aj\u00fa po\u010dasie a nebo ako monistick\u00fd princ\u00edp.<\/p><p>Aj tu je personifik\u00e1cia slab\u00e1, dosah pojmu je v\u0161ak ve\u013ek\u00fd. T\u00e1to zhoda nazna\u010duje star\u00fa cirkumpol\u00e1rnu vrstvu n\u00e1bo\u017eensk\u00e9ho pojmotvorenia, ktorej presn\u00e9 dejiny e\u0161te neboli spracovan\u00e9.<\/p><p>Most\u00edk k eur\u00f3pskej filozofii pr\u00edrody bol veden\u00fd viackr\u00e1t. Hugh Brody a Tim Ingold argumentovali, \u017ee Sila sa d\u00e1 \u010d\u00edta\u0165 ako p\u00f4vodn\u00e1 varianta rozsiahleho pojmu atmosf\u00e9rickosti, ktor\u00fd sa v z\u00e1padnej fenomenol\u00f3gii objavuje napr\u00edklad u Hermanna Schmitza alebo Gernota B\u00f6hmeho.<\/p><p>N\u00e1bo\u017eensk\u00e1 h\u013abka Sily v\u0161ak presahuje ka\u017ed\u00fa z\u00e1padn\u00fa filozofiu atmosf\u00e9ry, preto\u017ee je relevantn\u00e1 pre konanie, nielen popisn\u00e1.<\/p>\t\t\t\t\t\t\t\t<\/div>\n\t\t\t\t<\/div>\n\t\t\t\t\t<\/div>\n\t\t\t\t<\/div>\n\t\t<div class=\"elementor-element elementor-element-iwgw-sila-s7 e-flex e-con-boxed e-con e-parent\" data-id=\"iwgw-sila-s7\" data-element_type=\"container\" data-e-type=\"container\">\n\t\t\t\t\t<div class=\"e-con-inner\">\n\t\t\t\t<div class=\"elementor-element elementor-element-iwgw-sila-s7h elementor-widget elementor-widget-heading\" data-id=\"iwgw-sila-s7h\" data-element_type=\"widget\" data-e-type=\"widget\" data-widget_type=\"heading.default\">\n\t\t\t\t\t<h2 class=\"elementor-heading-title elementor-size-default\">Sila a klimatick\u00e1 zmena<\/h2>\t\t\t\t<\/div>\n\t\t<div class=\"elementor-element elementor-element-iwgw-sila-s7c e-con-full e-flex e-con e-child\" data-id=\"iwgw-sila-s7c\" data-element_type=\"container\" data-e-type=\"container\">\n\t\t\t\t<div class=\"elementor-element elementor-element-iwgw-sila-s7t elementor-widget elementor-widget-text-editor\" data-id=\"iwgw-sila-s7t\" data-element_type=\"widget\" data-e-type=\"widget\" data-widget_type=\"text-editor.default\">\n\t\t\t\t\t\t\t\t\t<p>Od 90. rokov 20. storo\u010dia sa Sila stala \u00fastredn\u00fdm pojmom inuitsk\u00e9ho diskurzu o kl\u00edme. Inuitsk\u00ed star\u0161\u00ed, napr\u00edklad v spr\u00e1vach Inuit Tapiriit Kanatami a Inuit Circumpolar Council, popisuj\u00fa klimatick\u00fa zmenu predov\u0161etk\u00fdm ako stratu predv\u00eddate\u013enosti Sily, menej ako n\u00e1rast teploty. Po\u010dasie sa st\u00e1va nepredv\u00eddate\u013en\u00fdm, \u010do z\u00e1rove\u0148 znamen\u00e1, \u017ee u\u017e nezodpoved\u00e1 odovzdanej rozumnosti.<\/p><p>Z vedeck\u00e9ho h\u013eadiska je to pozoruhodn\u00e9, preto\u017ee tradi\u010dn\u00fd n\u00e1bo\u017eensk\u00fd pojem sa st\u00e1va jazykom ekologickej kr\u00edzy bez toho, aby vy\u00fastil do fundamentalistickej obnovy. Vedky\u0148a Sheila Watt-Cloutier pou\u017eila v diele <em>The Right to Be Cold<\/em> Silu ako prekladov\u00fd pojem pre medzin\u00e1rodnopr\u00e1vnu klimatick\u00fa debatu, \u010d\u00edm uk\u00e1zala, ako p\u00f4vodn\u00e9 n\u00e1bo\u017eensk\u00e9 koncepty m\u00f4\u017eu by\u0165 glob\u00e1lne politicky \u00fa\u010dinn\u00e9.<\/p><p>T\u00e1to aktu\u00e1lnos\u0165 ukazuje, \u017ee Sila nie je minul\u00fd n\u00e1bo\u017eensk\u00fd jav, ale \u017eiv\u00fd, sa premie\u0148aj\u00faci pojem. Inuitsk\u00e1 n\u00e1uka o etike po\u010dasia sa tu stret\u00e1va s glob\u00e1lnymi vedeck\u00fdmi a politick\u00fdmi diskurzmi bez toho, aby stratila svoju vlastn\u00fa h\u013abku.<\/p><p>Z vedeck\u00e9ho h\u013eadiska je to pr\u00edkladn\u00fd pr\u00edpad aktiviz\u00e1cie tradi\u010dn\u00fdch pojmov pre s\u00fa\u010dasn\u00e9 glob\u00e1lne diskurzy, ktor\u00fd m\u00e1 metodick\u00fd v\u00fdznam \u010faleko presahuj\u00faci inuitsk\u00fa trad\u00edciu.<\/p>\t\t\t\t\t\t\t\t<\/div>\n\t\t\t\t<\/div>\n\t\t\t\t\t<\/div>\n\t\t\t\t<\/div>\n\t\t<div class=\"elementor-element elementor-element-iwgw-sila-s8 e-flex e-con-boxed e-con e-parent\" data-id=\"iwgw-sila-s8\" data-element_type=\"container\" data-e-type=\"container\">\n\t\t\t\t\t<div class=\"e-con-inner\">\n\t\t\t\t<div class=\"elementor-element elementor-element-iwgw-sila-s8h elementor-widget elementor-widget-heading\" data-id=\"iwgw-sila-s8h\" data-element_type=\"widget\" data-e-type=\"widget\" data-widget_type=\"heading.default\">\n\t\t\t\t\t<h2 class=\"elementor-heading-title elementor-size-default\">Dejiny v\u00fdskumu a recepcia<\/h2>\t\t\t\t<\/div>\n\t\t<div class=\"elementor-element elementor-element-iwgw-sila-s8c e-con-full e-flex e-con e-child\" data-id=\"iwgw-sila-s8c\" data-element_type=\"container\" data-e-type=\"container\">\n\t\t\t\t<div class=\"elementor-element elementor-element-iwgw-sila-s8t elementor-widget elementor-widget-text-editor\" data-id=\"iwgw-sila-s8t\" data-element_type=\"widget\" data-e-type=\"widget\" data-widget_type=\"text-editor.default\">\n\t\t\t\t\t\t\t\t\t<p>V\u00fdskum Sily prebieha v troch f\u00e1zach. Najsk\u00f4r ju pol\u00e1rni b\u00e1datelia konca 19. a za\u010diatku 20. storo\u010dia dokumentovali fragment\u00e1rne (Boas, Rink, Birket-Smith). Rasmussen poskytol v roku 1929 z\u00e1klad, ktor\u00fd zostal desa\u0165ro\u010dia nespochybnen\u00fd. Daniel Merkur a Mircea Eliade z toho vybudovali vedeck\u00fa synt\u00e9zu, ktor\u00e1 bola v druhej polovici 20. storo\u010dia <span class=\"iwg-fachbegriff\" data-tooltip=\"Patriaci k z\u00e1v\u00e4zne uzn\u00e1van\u00e9mu s\u00faboru textov n\u00e1bo\u017eenstva.\" tabindex=\"0\">kanonick\u00e1<\/span>.<\/p><p>Od 90. rokov 20. storo\u010dia sa Fr\u00e9d\u00e9ric Laugrand a Jarich Oosten venuj\u00fa presnej\u0161ej region\u00e1lnej diferenci\u00e1cii pojmu Sila. Ukazuj\u00fa, \u017ee Iglulik, Netsilik, Baffin a Gr\u00f3nsko vyv\u00edjaj\u00fa mierne odli\u0161n\u00e9 konot\u00e1cie, bez toho, aby sa z\u00e1kladn\u00e1 \u0161trukt\u00fara rozpadla.<\/p><p>\u0160tvrt\u00e1 f\u00e1za ozna\u010duje ekologick\u00fa a politick\u00fa aktualiz\u00e1ciu od roku 2000, v ktorej samotn\u00ed inuitsk\u00ed autori a autorky publikuj\u00fa o Sile a t\u00fdm v\u00fdrazne menia stav v\u00fdskumu.<\/p><p>V r\u00e1mci samotn\u00e9ho inuitsk\u00e9ho kult\u00farneho priestoru si Sila na\u0161la miesto vo \u0161kolskom a vysoko\u0161kolskom vzdel\u00e1van\u00ed. Sprostredkovanie pojmu mlad\u0161ej gener\u00e1cii je dnes s\u00fa\u010das\u0165ou vedom\u00e9ho zachovania jazyka a poznania, ktor\u00e9 je vedecky sprev\u00e1dzan\u00e9, nie v\u0161ak nahr\u00e1dzan\u00e9.<\/p><p>Toto zdvojenie medzi p\u00f4vodnou vedomostnou komunitou a akademick\u00fdm v\u00fdskumom je z religionistick\u00e9ho h\u013eadiska samostatn\u00fdm bodom a pr\u00edkladom postkoloni\u00e1lneho preform\u00e1tovania <span class=\"iwg-fachbegriff\" data-tooltip=\"Veda, ktor\u00e1 sk\u00fama n\u00e1bo\u017eenstv\u00e1 porovn\u00e1vac\u00edm sp\u00f4sobom a bez v\u00e4zby na vieru.\" tabindex=\"0\">religionistiky<\/span>.<\/p>\t\t\t\t\t\t\t\t<\/div>\n\t\t\t\t<\/div>\n\t\t\t\t\t<\/div>\n\t\t\t\t<\/div>\n\t\t<div class=\"elementor-element elementor-element-iwgw-sila-s9 e-flex e-con-boxed e-con e-parent\" data-id=\"iwgw-sila-s9\" data-element_type=\"container\" data-e-type=\"container\">\n\t\t\t\t\t<div class=\"e-con-inner\">\n\t\t\t\t<div class=\"elementor-element elementor-element-iwgw-sila-s9h elementor-widget elementor-widget-heading\" data-id=\"iwgw-sila-s9h\" data-element_type=\"widget\" data-e-type=\"widget\" data-widget_type=\"heading.default\">\n\t\t\t\t\t<h2 class=\"elementor-heading-title elementor-size-default\">Kr\u00ed\u017eov\u00e9 odkazy v inuitskom lexik\u00f3ne<\/h2>\t\t\t\t<\/div>\n\t\t<div class=\"elementor-element elementor-element-iwgw-sila-s9c e-con-full e-flex e-con e-child\" data-id=\"iwgw-sila-s9c\" data-element_type=\"container\" data-e-type=\"container\">\n\t\t\t\t<div class=\"elementor-element elementor-element-iwgw-sila-s9t elementor-widget elementor-widget-text-editor\" data-id=\"iwgw-sila-s9t\" data-element_type=\"widget\" data-e-type=\"widget\" data-widget_type=\"text-editor.default\">\n\t\t\t\t\t\t\t\t\t<p>Kto chce hlb\u0161ie presk\u00fama\u0165 prepojenie Sily s \u010fal\u0161\u00edmi bytos\u0165ami, n\u00e1jde v lexik\u00f3ne hesl\u00e1 k <a href=\"https:\/\/iwell-guard.com\/sk\/?page_id=157991\">Sedne<\/a>, <a href=\"https:\/\/iwell-guard.com\/sk\/?page_id=157998\">Igalukovi<\/a>, <a href=\"https:\/\/iwell-guard.com\/sk\/?page_id=157996\">Pinge<\/a>, <a href=\"https:\/\/iwell-guard.com\/sk\/?page_id=157993\">Tornarssukovi<\/a>, <a href=\"https:\/\/iwell-guard.com\/sk\/?page_id=157997\">Nanookovi<\/a>, <a href=\"https:\/\/iwell-guard.com\/sk\/?page_id=157994\">Tupilakovi<\/a>, <a href=\"https:\/\/iwell-guard.com\/sk\/?page_id=157995\">Angutovi<\/a>, <a href=\"https:\/\/iwell-guard.com\/sk\/?page_id=157999\">Maline<\/a> a <a href=\"https:\/\/iwell-guard.com\/sk\/?page_id=158000\">Qailertetangovi<\/a>. Nadradene r\u00e1mcuje kult\u00farny hub <a href=\"https:\/\/iwell-guard.com\/sk\/inuiti-a-arktida-sedna-tornit-ochranna-prax\/\">Inuitsk\u00e1 trad\u00edcia<\/a> n\u00e1bo\u017eensk\u00fa topografiu centr\u00e1lnej Arkt\u00eddy.<\/p><p>Kto chce Silu pochopi\u0165 v \u0161ir\u0161om cirkumpol\u00e1rnom porovnan\u00ed, n\u00e1jde d\u00f4le\u017eit\u00e9 paralely v <a href=\"https:\/\/iwell-guard.com\/sk\/sami-a-finsko-ugorska-tradicia-noaidi-buben\/\">samijsk\u00fdch<\/a> pojmoch po\u010dasia a atmosf\u00e9ry, najm\u00e4 v konstel\u00e1cii Beaivi-Sara.<\/p>\t\t\t\t\t\t\t\t<\/div>\n\t\t\t\t<\/div>\n\t\t\t\t\t<\/div>\n\t\t\t\t<\/div>\n\t\t<div class=\"elementor-element elementor-element-cp2cd38ede e-flex e-con-boxed e-con e-parent\" data-id=\"cp2cd38ede\" data-element_type=\"container\" data-e-type=\"container\">\n\t\t\t\t\t<div class=\"e-con-inner\">\n\t\t\t\t<div class=\"elementor-element elementor-element-cp20442d65 elementor-widget elementor-widget-heading\" data-id=\"cp20442d65\" data-element_type=\"widget\" data-e-type=\"widget\" data-widget_type=\"heading.default\">\n\t\t\t\t\t<h2 class=\"elementor-heading-title elementor-size-default\">Vzduch, rozum a po\u010dasie: pre\u010do je Silu \u0165a\u017ek\u00e9 prelo\u017ei\u0165<\/h2>\t\t\t\t<\/div>\n\t\t<div class=\"elementor-element elementor-element-cp2b5f2985 e-flex e-con-boxed e-con e-child\" data-id=\"cp2b5f2985\" data-element_type=\"container\" data-e-type=\"container\">\n\t\t\t\t\t<div class=\"e-con-inner\">\n\t\t\t\t<div class=\"elementor-element elementor-element-cp266dd50f elementor-widget elementor-widget-text-editor\" data-id=\"cp266dd50f\" data-element_type=\"widget\" data-e-type=\"widget\" data-widget_type=\"text-editor.default\">\n\t\t\t\t\t\t\t\t\t<p>Pojem <em>Sila<\/em>, dolo\u017een\u00fd v r\u00f4znych z\u00e1pisoch ako <em>Silap Inua<\/em> alebo <em>Sila Inua<\/em>, patr\u00ed k predstav\u00e1m inuitsk\u00fdch trad\u00edci\u00ed, ktor\u00e9 sa mimoriadne odolne vzpieraj\u00fa z\u00e1padn\u00fdm prekladov\u00fdm kateg\u00f3ri\u00e1m. Slovo pokr\u00fdva v\u00fdznamov\u00e9 pole, ktor\u00e9 je v nem\u010dine rozdelen\u00e9 na viacero samostatn\u00fdch pojmov.<\/p><p><em>Sila<\/em> m\u00f4\u017ee ozna\u010dova\u0165 vonkaj\u0161\u00ed svet v zmysle po\u010dasia a podnebia, m\u00f4\u017ee znamena\u0165 vzduch a nebo, a z\u00e1rove\u0148 m\u00f4\u017ee znamena\u0165 rozum, uva\u017eovanie alebo vedomie. Die\u0165a, ktor\u00e9 za\u010d\u00edna rozumnie\u0165, mo\u017eno op\u00edsa\u0165 slovn\u00fdm spojen\u00edm obsahuj\u00facim Sila.<\/p><p>T\u00e1to \u0161\u00edrka v\u00fdznamu nie je nedostatkom jazyka, ale v\u00fdrazom in\u00e9ho usporiadania sveta. Sila sp\u00e1ja to obsiahle vonku s ch\u00e1pan\u00edm vn\u00fatri. Predstava <em>Silap Inua<\/em>, teda Inua alebo vlastn\u00edka Sila, ch\u00e1pe toto spojenie ako osobn\u00fa moc.<\/p><p>Inua, \u010dasto prekladan\u00e9 ako vlastn\u00edk alebo obyvate\u013e, ozna\u010duje v inuitsk\u00fdch trad\u00edci\u00e1ch vn\u00fatorn\u00fa osobu miesta, zviera\u0165a alebo javu. Silap Inua je teda osobn\u00e1 vn\u00fatorn\u00e1 str\u00e1nka cel\u00e9ho okolit\u00e9ho poriadku, nie boh po\u010dasia v eur\u00f3pskom zmysle.<\/p><p>Knud Rasmussen, ktor\u00fd po\u010das Piatej Thule exped\u00edcie zaznamenal rozhovory so \u0161amanmi, zachytil viacer\u00e9 v\u00fdpovede, v ktor\u00fdch sa Sila jav\u00ed ako ve\u013ek\u00e1, nepolapite\u013en\u00e1 moc, ktor\u00fa nemo\u017eno oslovova\u0165 oby\u010dajn\u00fdmi slovami a ktor\u00e1 sa prejavuje po\u010das\u00edm, b\u00farkou a spr\u00e1van\u00edm zvierat.<\/p><p>Rasmussenove z\u00e1pisy s\u00fa hodnotn\u00e9, ale s\u00fa prekladmi prekladov, sprostredkovan\u00fdmi tlmo\u010dn\u00edkmi a jeho vlastn\u00fdm h\u013eadan\u00edm uchopite\u013enej <span class=\"iwg-fachbegriff\" data-tooltip=\"Vedeck\u00e1 n\u00e1uka o Bohu a viere n\u00e1bo\u017eenstva.\" tabindex=\"0\">teol\u00f3gie<\/span>. Niektor\u00ed b\u00e1datelia predpokladaj\u00fa, \u017ee uzavretos\u0165, s akou sa Sila v \u010dasti sekund\u00e1rnej literat\u00fary jav\u00ed ako vrchn\u00e9 bo\u017estvo, je \u010diasto\u010dne d\u00f4sledkom tejto situ\u00e1cie zaznamen\u00e1vania.<\/p><p>Pre presn\u00e9 zobrazenie z toho vypl\u00fdvaj\u00fa dve veci. Po prv\u00e9, Sila by sa nemalo pred\u010dasne redukova\u0165 na boha po\u010dasia, preto\u017ee by sa t\u00fdm stratilo spojenie s rozumom a \u017eivotn\u00fdm poriadkom, ktor\u00e9 je pre inuitsk\u00fa predstavu podstatn\u00e9.<\/p><p>Po druh\u00e9, pri ka\u017edej v\u00fdpovedi o Sila treba ma\u0165 na pam\u00e4ti koloni\u00e1lne sprostredkovanie. Prame\u0148e s\u00fa \u00fazke, jednojazy\u010dne \u0165a\u017eko overite\u013en\u00e9 a sfarben\u00e9 z\u00e1ujmom zberate\u013eov o usporiadan\u00fd n\u00e1bo\u017eensk\u00fd syst\u00e9m.<\/p>\t\t\t\t\t\t\t\t<\/div>\n\t\t\t\t\t<\/div>\n\t\t\t\t<\/div>\n\t\t\t\t\t<\/div>\n\t\t\t\t<\/div>\n\t\t<div class=\"elementor-element elementor-element-iwgw-sila-lit e-flex e-con-boxed e-con e-parent\" data-id=\"iwgw-sila-lit\" data-element_type=\"container\" data-e-type=\"container\">\n\t\t\t\t\t<div class=\"e-con-inner\">\n\t\t\t\t<div class=\"elementor-element elementor-element-iwgw-sila-lith elementor-widget elementor-widget-heading\" data-id=\"iwgw-sila-lith\" data-element_type=\"widget\" data-e-type=\"widget\" data-widget_type=\"heading.default\">\n\t\t\t\t\t<h2 class=\"elementor-heading-title elementor-size-default\">Literat\u00fara (v\u00fdber)<\/h2>\t\t\t\t<\/div>\n\t\t<div class=\"elementor-element elementor-element-iwgw-sila-litc e-con-full e-flex e-con e-child\" data-id=\"iwgw-sila-litc\" data-element_type=\"container\" data-e-type=\"container\">\n\t\t\t\t<div class=\"elementor-element elementor-element-iwgw-sila-litt elementor-widget elementor-widget-text-editor\" data-id=\"iwgw-sila-litt\" data-element_type=\"widget\" data-e-type=\"widget\" data-widget_type=\"text-editor.default\">\n\t\t\t\t\t\t\t\t\t<ul><li>Knud Rasmussen: <em>Intellectual Culture of the Iglulik Eskimos<\/em> (Kopenhagen 1929)<\/li><li>Daniel Merkur: <em>Powers Which We Do Not Know<\/em> (Moscow ID 1991)<\/li><li>Fr\u00e9d\u00e9ric Laugrand a Jarich Oosten: <em>Inuit Shamanism and Christianity<\/em> (Montreal 2010)<\/li><li>Hinrich Rink: <em>Tales and Traditions of the Eskimo<\/em> (Edinburgh 1875)<\/li><li>Sheila Watt-Cloutier: <em>The Right to Be Cold<\/em> (Toronto 2015)<\/li><li>Tim Ingold: <em>The Perception of the Environment<\/em> (London 2000)<\/li><\/ul>\t\t\t\t\t\t\t\t<\/div>\n\t\t\t\t<\/div>\n\t\t\t\t\t<\/div>\n\t\t\t\t<\/div>\n\t\t<div class=\"elementor-element elementor-element-iwgw-sila-kwd e-flex e-con-boxed e-con e-parent\" data-id=\"iwgw-sila-kwd\" data-element_type=\"container\" data-e-type=\"container\">\n\t\t\t\t\t<div class=\"e-con-inner\">\n\t\t<div class=\"elementor-element elementor-element-iwgw-sila-kwdc e-con-full e-flex e-con e-child\" data-id=\"iwgw-sila-kwdc\" data-element_type=\"container\" data-e-type=\"container\">\n\t\t\t\t<div class=\"elementor-element elementor-element-iwgw-sila-kwdt elementor-widget elementor-widget-text-editor\" data-id=\"iwgw-sila-kwdt\" data-element_type=\"widget\" data-e-type=\"widget\" data-widget_type=\"text-editor.default\">\n\t\t\t\t\t\t\t\t\t<p><em>S\u00favisiace k\u013e\u00fa\u010dov\u00e9 pojmy: Sila Silap Inua Dych svet Princ\u00edp po\u010dasia Inuitsk\u00fd rozum Pittailiniq Iglulik.<\/em><\/p>\t\t\t\t\t\t\t\t<\/div>\n\t\t\t\t<\/div>\n\t\t\t\t\t<\/div>\n\t\t\t\t<\/div>\n\t\t<div class=\"elementor-element elementor-element-iwgw-sila-cc e-flex e-con-boxed e-con e-parent\" data-id=\"iwgw-sila-cc\" data-element_type=\"container\" data-e-type=\"container\" id=\"iwg-cc-sila\">\n\t\t\t\t\t<div class=\"e-con-inner\">\n\t\t<div class=\"elementor-element elementor-element-iwgw-sila-ccinner e-flex e-con-boxed e-con e-parent\" data-id=\"iwgw-sila-ccinner\" data-element_type=\"container\" data-e-type=\"container\" data-settings=\"{&quot;background_background&quot;:&quot;classic&quot;}\">\n\t\t\t\t\t<div class=\"e-con-inner\">\n\t\t\t\t<div class=\"elementor-element elementor-element-iwgw-sila-cch elementor-widget elementor-widget-heading\" data-id=\"iwgw-sila-cch\" data-element_type=\"widget\" data-e-type=\"widget\" data-widget_type=\"heading.default\">\n\t\t\t\t\t<h2 class=\"elementor-heading-title elementor-size-default\">iWell Guard a ochrann\u00e9 trad\u00edcie<\/h2>\t\t\t\t<\/div>\n\t\t\t\t<div class=\"elementor-element elementor-element-iwgw-sila-cct elementor-widget elementor-widget-text-editor\" data-id=\"iwgw-sila-cct\" data-element_type=\"widget\" data-e-type=\"widget\" data-widget_type=\"text-editor.default\">\n\t\t\t\t\t\t\t\t\t<div data-nosnippet=\"true\"><p>iWell Guard nadv\u00e4zuje na kult\u00farno-historick\u00fa trad\u00edciu prenosn\u00fdch ochrann\u00fdch predmetov, v trad\u00edcii <a href=\"https:\/\/iwell-guard.com\/sk\/inuiti-a-arktida-sedna-tornit-ochranna-prax\/\">Inuitov<\/a> a mnoh\u00fdch \u010fal\u0161\u00edch kult\u00far po celom svete. 41 vrstiev, prav\u00e9 zlato, platina, striebro, vyroben\u00e9 v Nemecku. 30-d\u0148ov\u00e1 lehota na vr\u00e1tenie.<\/p><\/div>\t\t\t\t\t\t\t\t<\/div>\n\t\t\t\t<div class=\"elementor-element elementor-element-iwgw-sila-ccb iwg-cc-button iwg-cc-cta-2026-05-13 elementor-widget elementor-widget-jet-button\" data-id=\"iwgw-sila-ccb\" data-element_type=\"widget\" data-e-type=\"widget\" data-widget_type=\"jet-button.default\">\n\t\t\t\t<div class=\"elementor-widget-container\">\n\t\t\t\t\t<div class=\"elementor-jet-button jet-elements\"><div class=\"jet-button__container\"><a class=\"jet-button__instance jet-button__instance--icon-left hover-effect-1\" href=\"\/ueber-iwell-guard\/?utm_source=iwell-guard.com&amp;utm_medium=info-box&amp;utm_campaign=wesen-tradition\"><div class=\"jet-button__plane jet-button__plane-normal\"><\/div><div class=\"jet-button__plane jet-button__plane-hover\"><\/div><div class=\"jet-button__state jet-button__state-normal\"><span class=\"jet-button__label\">Viac o iWell Guard<\/span><\/div><div class=\"jet-button__state jet-button__state-hover\"><span class=\"jet-button__label\">Viac o iWell Guard<\/span><\/div><\/a><\/div><\/div><style>.elementor-element.elementor-element-iwgw-sila-ccb .jet-button__instance{width:320px;height:56px;}.elementor-element.elementor-element-iwgw-sila-ccb .jet-button__state-normal .jet-button__label{text-align:center;margin:0px 0px 0px 0px;color:#1a1b20;font-family:Montserrat,sans-serif;font-size:13px;font-weight:400;letter-spacing:4px;line-height:1.714em;text-transform:uppercase;}.elementor-element.elementor-element-iwgw-sila-ccb .jet-button__state-hover .jet-button__label{text-align:center;margin:0px 0px 0px 0px;color:#FECC76;font-family:Montserrat,sans-serif;font-size:13px;font-weight:400;letter-spacing:4px;line-height:1.714em;text-transform:uppercase;}.elementor-element.elementor-element-iwgw-sila-ccb .jet-button__plane-normal{background-color:#FECC76;border-style:solid;border-color:#C99540;border-width:2px 2px 2px 2px;}.elementor-element.elementor-element-iwgw-sila-ccb .jet-button__plane-hover{background-color:rgba(0,0,0,0.55);border-style:solid;border-color:#FECC76;border-width:2px 2px 2px 2px;}<\/style>\t\t\t\t<\/div>\n\t\t\t\t<\/div>\n\t\t\t\t<div class=\"elementor-element elementor-element-iwgw-sila-ccd elementor-widget elementor-widget-text-editor\" data-id=\"iwgw-sila-ccd\" data-element_type=\"widget\" data-e-type=\"widget\" data-widget_type=\"text-editor.default\">\n\t\t\t\t\t\t\t\t\t<div data-nosnippet=\"true\"><p style=\"text-align:center;font-size:13px;opacity:0.7;margin-top:14px\" data-nosnippet=\"true\">Osobn\u00e9 sk\u00fasenosti sa m\u00f4\u017eu l\u00ed\u0161i\u0165. Nie je to zdravotn\u00edcka pom\u00f4cka. \u017diadny pr\u00eds\u013eub lie\u010denia.<\/p><\/div>\t\t\t\t\t\t\t\t<\/div>\n\t\t\t\t\t<\/div>\n\t\t\t\t<\/div>\n\t\t\t\t\t<\/div>\n\t\t\t\t<\/div>\n\t\t<div class=\"elementor-element elementor-element-iwgw-sila-disc e-flex e-con-boxed e-con e-parent\" data-id=\"iwgw-sila-disc\" data-element_type=\"container\" data-e-type=\"container\">\n\t\t\t\t\t<div class=\"e-con-inner\">\n\t\t\t\t<div class=\"elementor-element elementor-element-iwgw-sila-discw elementor-widget elementor-widget-html\" data-id=\"iwgw-sila-discw\" data-element_type=\"widget\" data-e-type=\"widget\" data-widget_type=\"html.default\">\n\t\t\t\t\t<footer data-nosnippet=\"true\" class=\"iwg-disclaimer-block\"><p data-nosnippet=\"true\">iWell Guard <strong>nie je zdravotn\u00edcka pom\u00f4cka<\/strong> a nenahr\u00e1dza lek\u00e1rske ani psychoterapeutick\u00e9 o\u0161etrenie. Religionistick\u00fd obsah predstavuje kult\u00farno-historick\u00e9 zaradenie, nie odpor\u00fa\u010danie duchovnej praxe.<\/p><\/footer>\t\t\t\t<\/div>\n\t\t\t\t\t<\/div>\n\t\t\t\t<\/div>\n\t\t\t\t<\/div>\n\t\t","protected":false},"excerpt":{"rendered":"","protected":false},"author":3,"featured_media":2879,"parent":0,"menu_order":0,"comment_status":"closed","ping_status":"closed","template":"elementor_header_footer","meta":{"_yoast_wpseo_focuskw":"Sila svetov\u00fd dych Inuitov","_yoast_wpseo_title":"Sila \u2013 svetov\u00fd dych Inuitov, po\u010dasie a rozum","_yoast_wpseo_metadesc":"Sila je arktick\u00fd svetov\u00fd princ\u00edp po\u010dasia, vzduchu a rozumu. Religionistick\u00e9 zaradenie s m\u00fdtom, \u0161amanskou praxou, prame\u0148mi a tabu.","_yoast_wpseo_meta-robots-noindex":"","_yoast_wpseo_canonical":"","_angie_page":false,"gefaehrdungsstufe":"2","wesen_kultur":"inuit","wesen_klasse":"geister","footnotes":""},"categories":[],"class_list":["post-157992","page","type-page","status-publish","has-post-thumbnail","hentry"],"yoast_head":"<!-- This site is optimized with the Yoast SEO Premium plugin v27.7 (Yoast SEO v28.3) - https:\/\/yoast.com\/product\/yoast-seo-premium-wordpress\/ -->\n<title>Sila \u2013 svetov\u00fd dych Inuitov, po\u010dasie a rozum<\/title>\n<meta name=\"description\" content=\"Sila je arktick\u00fd svetov\u00fd princ\u00edp po\u010dasia, vzduchu a rozumu. Religionistick\u00e9 zaradenie s m\u00fdtom, \u0161amanskou praxou, prame\u0148mi a tabu.\" \/>\n<meta name=\"robots\" content=\"index, follow, max-snippet:-1, max-image-preview:large, max-video-preview:-1\" \/>\n<link rel=\"canonical\" href=\"https:\/\/iwell-guard.com\/sk\/sila-svetovy-dych-pan-pocasia-inuitov\/\" \/>\n<meta property=\"og:locale\" content=\"sk_SK\" \/>\n<meta property=\"og:type\" content=\"article\" \/>\n<meta property=\"og:title\" content=\"Sila \u2013 svetov\u00fd dych a p\u00e1n po\u010dasia Inuitov\" \/>\n<meta property=\"og:description\" content=\"Sila je arktick\u00fd svetov\u00fd princ\u00edp po\u010dasia, vzduchu a rozumu. Religionistick\u00e9 zaradenie s m\u00fdtom, \u0161amanskou praxou, prame\u0148mi a tabu.\" \/>\n<meta property=\"og:url\" content=\"https:\/\/iwell-guard.com\/sk\/sila-svetovy-dych-pan-pocasia-inuitov\/\" \/>\n<meta property=\"og:site_name\" content=\"iWell Guard\" \/>\n<meta property=\"article:modified_time\" content=\"2026-09-04T22:47:55+00:00\" \/>\n<meta property=\"og:image\" content=\"https:\/\/iwell-guard.com\/wp-content\/uploads\/2026\/05\/geister_inuit_sila.webp\" \/>\n\t<meta property=\"og:image:width\" content=\"1024\" \/>\n\t<meta property=\"og:image:height\" content=\"1536\" \/>\n\t<meta property=\"og:image:type\" content=\"image\/webp\" \/>\n<meta name=\"twitter:card\" content=\"summary_large_image\" \/>\n<script type=\"application\/ld+json\" class=\"yoast-schema-graph\">{\"@context\":\"https:\\\/\\\/schema.org\",\"@graph\":[{\"@type\":\"WebPage\",\"@id\":\"https:\\\/\\\/iwell-guard.com\\\/sk\\\/sila-svetovy-dych-pan-pocasia-inuitov\\\/\",\"url\":\"https:\\\/\\\/iwell-guard.com\\\/sk\\\/sila-svetovy-dych-pan-pocasia-inuitov\\\/\",\"name\":\"Sila \u2013 svetov\u00fd dych Inuitov, po\u010dasie a rozum\",\"isPartOf\":{\"@id\":\"https:\\\/\\\/iwell-guard.com\\\/sk\\\/#website\"},\"primaryImageOfPage\":{\"@id\":\"https:\\\/\\\/iwell-guard.com\\\/sk\\\/sila-svetovy-dych-pan-pocasia-inuitov\\\/#primaryimage\"},\"image\":{\"@id\":\"https:\\\/\\\/iwell-guard.com\\\/sk\\\/sila-svetovy-dych-pan-pocasia-inuitov\\\/#primaryimage\"},\"thumbnailUrl\":\"https:\\\/\\\/iwell-guard.com\\\/wp-content\\\/uploads\\\/2026\\\/05\\\/geister_inuit_sila.webp\",\"datePublished\":\"2026-09-04T22:20:26+00:00\",\"dateModified\":\"2026-09-04T22:47:55+00:00\",\"description\":\"Sila je arktick\u00fd svetov\u00fd princ\u00edp po\u010dasia, vzduchu a rozumu. Religionistick\u00e9 zaradenie s m\u00fdtom, \u0161amanskou praxou, prame\u0148mi a tabu.\",\"breadcrumb\":{\"@id\":\"https:\\\/\\\/iwell-guard.com\\\/sk\\\/sila-svetovy-dych-pan-pocasia-inuitov\\\/#breadcrumb\"},\"inLanguage\":\"sk-SK\",\"potentialAction\":[{\"@type\":\"ReadAction\",\"target\":[\"https:\\\/\\\/iwell-guard.com\\\/sk\\\/sila-svetovy-dych-pan-pocasia-inuitov\\\/\"]}]},{\"@type\":\"ImageObject\",\"inLanguage\":\"sk-SK\",\"@id\":\"https:\\\/\\\/iwell-guard.com\\\/sk\\\/sila-svetovy-dych-pan-pocasia-inuitov\\\/#primaryimage\",\"url\":\"https:\\\/\\\/iwell-guard.com\\\/wp-content\\\/uploads\\\/2026\\\/05\\\/geister_inuit_sila.webp\",\"contentUrl\":\"https:\\\/\\\/iwell-guard.com\\\/wp-content\\\/uploads\\\/2026\\\/05\\\/geister_inuit_sila.webp\",\"width\":1024,\"height\":1536,\"caption\":\"Duchovia z inuitskej trad\u00edcie.\"},{\"@type\":\"BreadcrumbList\",\"@id\":\"https:\\\/\\\/iwell-guard.com\\\/sk\\\/sila-svetovy-dych-pan-pocasia-inuitov\\\/#breadcrumb\",\"itemListElement\":[{\"@type\":\"ListItem\",\"position\":1,\"name\":\"Start\",\"item\":\"https:\\\/\\\/iwell-guard.com\\\/sk\\\/?page_id=157572\"},{\"@type\":\"ListItem\",\"position\":2,\"name\":\"Sila \u2013 svetov\u00fd dych a p\u00e1n po\u010dasia Inuitov\"}]},{\"@type\":\"WebSite\",\"@id\":\"https:\\\/\\\/iwell-guard.com\\\/sk\\\/#website\",\"url\":\"https:\\\/\\\/iwell-guard.com\\\/sk\\\/\",\"name\":\"iWell Guard\",\"description\":\"Schutz vor dunklen Einfl\u00fcssen\",\"publisher\":{\"@id\":\"https:\\\/\\\/iwell-guard.com\\\/sk\\\/#organization\"},\"potentialAction\":[{\"@type\":\"SearchAction\",\"target\":{\"@type\":\"EntryPoint\",\"urlTemplate\":\"https:\\\/\\\/iwell-guard.com\\\/sk\\\/?s={search_term_string}\"},\"query-input\":{\"@type\":\"PropertyValueSpecification\",\"valueRequired\":true,\"valueName\":\"search_term_string\"}}],\"inLanguage\":\"sk-SK\"},{\"@type\":\"Organization\",\"@id\":\"https:\\\/\\\/iwell-guard.com\\\/sk\\\/#organization\",\"name\":\"Ittermann electronic GmbH\",\"url\":\"https:\\\/\\\/iwell-guard.com\\\/sk\\\/\",\"logo\":{\"@type\":\"ImageObject\",\"inLanguage\":\"sk-SK\",\"@id\":\"https:\\\/\\\/iwell-guard.com\\\/sk\\\/#\\\/schema\\\/logo\\\/image\\\/\",\"url\":\"https:\\\/\\\/iwell-guard.com\\\/wp-content\\\/uploads\\\/2026\\\/05\\\/Ittermann-Logo-1182x237-1.png\",\"contentUrl\":\"https:\\\/\\\/iwell-guard.com\\\/wp-content\\\/uploads\\\/2026\\\/05\\\/Ittermann-Logo-1182x237-1.png\",\"width\":1182,\"height\":237,\"caption\":\"Ittermann electronic GmbH\"},\"image\":{\"@id\":\"https:\\\/\\\/iwell-guard.com\\\/sk\\\/#\\\/schema\\\/logo\\\/image\\\/\"},\"sameAs\":[\"https:\\\/\\\/pantip.com\\\/profile\\\/9367242\",\"https:\\\/\\\/micro.blog\\\/iwellguard\",\"https:\\\/\\\/www.diggerslist.com\\\/iwellguard\\\/about\",\"https:\\\/\\\/skitterphoto.com\\\/photographers\\\/2870314\\\/iwell-guard\",\"https:\\\/\\\/iwellguard.wordpress.com\\\/2026\\\/06\\\/06\\\/iwell-guard\\\/\",\"https:\\\/\\\/hub.docker.com\\\/u\\\/iwellguard\",\"https:\\\/\\\/www.pinterest.com\\\/iwellguard\\\/\",\"https:\\\/\\\/bit.ly\\\/m\\\/iwellguard\",\"https:\\\/\\\/entre-vos-mains.alsace.eu\\\/profiles\\\/iwellguard\\\/activity\",\"https:\\\/\\\/gravatar.com\\\/reallybeded8fd34\",\"https:\\\/\\\/naijamatta.com\\\/iwellguard\",\"https:\\\/\\\/www.goodreads.com\\\/iwellguard\",\"https:\\\/\\\/profile.hatena.ne.jp\\\/iwellguard\\\/\",\"https:\\\/\\\/experiment.com\\\/users\\\/iwellguard\",\"https:\\\/\\\/wakelet.com\\\/@iWellGuard82270\",\"https:\\\/\\\/www.chordie.com\\\/forum\\\/profile.php?id=2555664\",\"https:\\\/\\\/www.instapaper.com\\\/p\\\/17757966\",\"https:\\\/\\\/www.mapleprimes.com\\\/users\\\/iwellguard\",\"https:\\\/\\\/businesslistingplus.com\\\/profile\\\/iwell-guard\\\/\",\"https:\\\/\\\/telegra.ph\\\/iWell-Guard-06-06\",\"https:\\\/\\\/pbase.com\\\/iwellguard\\\/iwellguard\",\"https:\\\/\\\/b.hatena.ne.jp\\\/iwellguard\\\/20260607#bookmark-4788405196491818882\",\"https:\\\/\\\/fliphtml5.com\\\/home\\\/iwellguard\",\"https:\\\/\\\/anyflip.com\\\/homepage\\\/cmiwl#About\",\"https:\\\/\\\/transfur.com\\\/Users\\\/iwellguard\",\"http:\\\/\\\/delphi.larsbo.org\\\/user\\\/iwellguard\",\"https:\\\/\\\/jobs.lajobsportal.org\\\/profiles\\\/8380803-iwell-guard\",\"https:\\\/\\\/md.chaosdorf.de\\\/s\\\/jfbe5SBdJD\",\"https:\\\/\\\/www.lingvolive.com\\\/en-us\\\/profile\\\/9ecaeaca-ce11-4e51-9e71-01d55e2bff36\\\/translations\",\"https:\\\/\\\/www.fitday.com\\\/fitness\\\/forums\\\/members\\\/iwellguard.html\",\"https:\\\/\\\/www.mymeetbook.com\\\/iwellguard\",\"https:\\\/\\\/pxhere.com\\\/en\\\/photographer-me\\\/5040798\",\"https:\\\/\\\/disqus.com\\\/by\\\/iwellguard\\\/about\\\/\",\"https:\\\/\\\/pastelink.net\\\/hjwciqwq\",\"https:\\\/\\\/pubhtml5.com\\\/homepage\\\/scjhn\\\/\",\"https:\\\/\\\/www.bitchute.com\\\/channel\\\/2O2eOKzNqujT\",\"https:\\\/\\\/audiomack.com\\\/iwellguard\"]},{\"@type\":\"Article\",\"@id\":\"https:\\\/\\\/iwell-guard.com\\\/sk\\\/sila-svetovy-dych-pan-pocasia-inuitov\\\/#article\",\"isPartOf\":{\"@id\":\"https:\\\/\\\/iwell-guard.com\\\/sk\\\/sila-svetovy-dych-pan-pocasia-inuitov\\\/\"},\"author\":{\"name\":\"Ralf Ittermann\",\"@id\":\"https:\\\/\\\/iwell-guard.com\\\/sk\\\/#\\\/schema\\\/person\\\/ee2a27f1cac3406c7c6fb5820cb7349f\"},\"headline\":\"Sila \u2013 svetov\u00fd dych a p\u00e1n po\u010dasia Inuitov\",\"datePublished\":\"2026-09-04T22:20:26+00:00\",\"dateModified\":\"2026-09-04T22:47:55+00:00\",\"mainEntityOfPage\":{\"@id\":\"https:\\\/\\\/iwell-guard.com\\\/sk\\\/sila-svetovy-dych-pan-pocasia-inuitov\\\/\"},\"publisher\":{\"@id\":\"https:\\\/\\\/iwell-guard.com\\\/sk\\\/#organization\"},\"image\":{\"@id\":\"https:\\\/\\\/iwell-guard.com\\\/sk\\\/sila-svetovy-dych-pan-pocasia-inuitov\\\/#primaryimage\"},\"thumbnailUrl\":\"https:\\\/\\\/iwell-guard.com\\\/wp-content\\\/uploads\\\/2026\\\/05\\\/geister_inuit_sila.webp\",\"inLanguage\":\"sk-SK\",\"description\":\"Sila je arktick\u00fd svetov\u00fd princ\u00edp po\u010dasia, vzduchu a rozumu. Religionistick\u00e9 zaradenie s m\u00fdtom, \u0161amanskou praxou, prame\u0148mi a tabu.\"}]}<\/script>\n<!-- \/ Yoast SEO Premium plugin. -->","yoast_head_json":{"title":"Sila \u2013 svetov\u00fd dych Inuitov, po\u010dasie a rozum","description":"Sila je arktick\u00fd svetov\u00fd princ\u00edp po\u010dasia, vzduchu a rozumu. Religionistick\u00e9 zaradenie s m\u00fdtom, \u0161amanskou praxou, prame\u0148mi a tabu.","robots":{"index":"index","follow":"follow","max-snippet":"max-snippet:-1","max-image-preview":"max-image-preview:large","max-video-preview":"max-video-preview:-1"},"canonical":"https:\/\/iwell-guard.com\/sk\/sila-svetovy-dych-pan-pocasia-inuitov\/","og_locale":"sk_SK","og_type":"article","og_title":"Sila \u2013 svetov\u00fd dych a p\u00e1n po\u010dasia Inuitov","og_description":"Sila je arktick\u00fd svetov\u00fd princ\u00edp po\u010dasia, vzduchu a rozumu. Religionistick\u00e9 zaradenie s m\u00fdtom, \u0161amanskou praxou, prame\u0148mi a tabu.","og_url":"https:\/\/iwell-guard.com\/sk\/sila-svetovy-dych-pan-pocasia-inuitov\/","og_site_name":"iWell Guard","article_modified_time":"2026-09-04T22:47:55+00:00","og_image":[{"width":1024,"height":1536,"url":"https:\/\/iwell-guard.com\/wp-content\/uploads\/2026\/05\/geister_inuit_sila.webp","type":"image\/webp"}],"twitter_card":"summary_large_image","schema":{"@context":"https:\/\/schema.org","@graph":[{"@type":"Article","@id":"https:\/\/iwell-guard.com\/sk\/sila-svetovy-dych-pan-pocasia-inuitov\/#article","isPartOf":{"@id":"https:\/\/iwell-guard.com\/sk\/sila-svetovy-dych-pan-pocasia-inuitov\/"},"author":{"name":"Ralf Ittermann","@id":"https:\/\/iwell-guard.com\/sk\/#\/schema\/person\/ee2a27f1cac3406c7c6fb5820cb7349f"},"headline":"Sila \u2013 svetov\u00fd dych a p\u00e1n po\u010dasia Inuitov","datePublished":"2026-09-04T22:20:26+00:00","dateModified":"2026-09-04T22:47:55+00:00","mainEntityOfPage":{"@id":"https:\/\/iwell-guard.com\/sk\/sila-svetovy-dych-pan-pocasia-inuitov\/"},"publisher":{"@id":"https:\/\/iwell-guard.com\/sk\/#organization"},"image":{"@id":"https:\/\/iwell-guard.com\/sk\/sila-svetovy-dych-pan-pocasia-inuitov\/#primaryimage"},"thumbnailUrl":"https:\/\/iwell-guard.com\/wp-content\/uploads\/2026\/05\/geister_inuit_sila.webp","inLanguage":"sk-SK","description":"Sila je arktick\u00fd svetov\u00fd princ\u00edp po\u010dasia, vzduchu a rozumu. Religionistick\u00e9 zaradenie s m\u00fdtom, \u0161amanskou praxou, prame\u0148mi a tabu."},{"@type":"WebPage","@id":"https:\/\/iwell-guard.com\/sk\/sila-svetovy-dych-pan-pocasia-inuitov\/","url":"https:\/\/iwell-guard.com\/sk\/sila-svetovy-dych-pan-pocasia-inuitov\/","name":"Sila \u2013 svetov\u00fd dych Inuitov, po\u010dasie a rozum","isPartOf":{"@id":"https:\/\/iwell-guard.com\/sk\/#website"},"primaryImageOfPage":{"@id":"https:\/\/iwell-guard.com\/sk\/sila-svetovy-dych-pan-pocasia-inuitov\/#primaryimage"},"image":{"@id":"https:\/\/iwell-guard.com\/sk\/sila-svetovy-dych-pan-pocasia-inuitov\/#primaryimage"},"thumbnailUrl":"https:\/\/iwell-guard.com\/wp-content\/uploads\/2026\/05\/geister_inuit_sila.webp","datePublished":"2026-09-04T22:20:26+00:00","dateModified":"2026-09-04T22:47:55+00:00","description":"Sila je arktick\u00fd svetov\u00fd princ\u00edp po\u010dasia, vzduchu a rozumu. Religionistick\u00e9 zaradenie s m\u00fdtom, \u0161amanskou praxou, prame\u0148mi a tabu.","breadcrumb":{"@id":"https:\/\/iwell-guard.com\/sk\/sila-svetovy-dych-pan-pocasia-inuitov\/#breadcrumb"},"inLanguage":"sk-SK","potentialAction":[{"@type":"ReadAction","target":["https:\/\/iwell-guard.com\/sk\/sila-svetovy-dych-pan-pocasia-inuitov\/"]}]},{"@type":"ImageObject","inLanguage":"sk-SK","@id":"https:\/\/iwell-guard.com\/sk\/sila-svetovy-dych-pan-pocasia-inuitov\/#primaryimage","url":"https:\/\/iwell-guard.com\/wp-content\/uploads\/2026\/05\/geister_inuit_sila.webp","contentUrl":"https:\/\/iwell-guard.com\/wp-content\/uploads\/2026\/05\/geister_inuit_sila.webp","width":1024,"height":1536,"caption":"Duchovia z inuitskej trad\u00edcie."},{"@type":"BreadcrumbList","@id":"https:\/\/iwell-guard.com\/sk\/sila-svetovy-dych-pan-pocasia-inuitov\/#breadcrumb","itemListElement":[{"@type":"ListItem","position":1,"name":"Start","item":"https:\/\/iwell-guard.com\/sk\/?page_id=157572"},{"@type":"ListItem","position":2,"name":"Sila \u2013 svetov\u00fd dych a p\u00e1n po\u010dasia Inuitov"}]},{"@type":"WebSite","@id":"https:\/\/iwell-guard.com\/sk\/#website","url":"https:\/\/iwell-guard.com\/sk\/","name":"iWell Guard","description":"Schutz vor dunklen Einfl\u00fcssen","publisher":{"@id":"https:\/\/iwell-guard.com\/sk\/#organization"},"potentialAction":[{"@type":"SearchAction","target":{"@type":"EntryPoint","urlTemplate":"https:\/\/iwell-guard.com\/sk\/?s={search_term_string}"},"query-input":{"@type":"PropertyValueSpecification","valueRequired":true,"valueName":"search_term_string"}}],"inLanguage":"sk-SK"},{"@type":"Organization","@id":"https:\/\/iwell-guard.com\/sk\/#organization","name":"Ittermann electronic GmbH","url":"https:\/\/iwell-guard.com\/sk\/","logo":{"@type":"ImageObject","inLanguage":"sk-SK","@id":"https:\/\/iwell-guard.com\/sk\/#\/schema\/logo\/image\/","url":"https:\/\/iwell-guard.com\/wp-content\/uploads\/2026\/05\/Ittermann-Logo-1182x237-1.png","contentUrl":"https:\/\/iwell-guard.com\/wp-content\/uploads\/2026\/05\/Ittermann-Logo-1182x237-1.png","width":1182,"height":237,"caption":"Ittermann electronic GmbH"},"image":{"@id":"https:\/\/iwell-guard.com\/sk\/#\/schema\/logo\/image\/"},"sameAs":["https:\/\/pantip.com\/profile\/9367242","https:\/\/micro.blog\/iwellguard","https:\/\/www.diggerslist.com\/iwellguard\/about","https:\/\/skitterphoto.com\/photographers\/2870314\/iwell-guard","https:\/\/iwellguard.wordpress.com\/2026\/06\/06\/iwell-guard\/","https:\/\/hub.docker.com\/u\/iwellguard","https:\/\/www.pinterest.com\/iwellguard\/","https:\/\/bit.ly\/m\/iwellguard","https:\/\/entre-vos-mains.alsace.eu\/profiles\/iwellguard\/activity","https:\/\/gravatar.com\/reallybeded8fd34","https:\/\/naijamatta.com\/iwellguard","https:\/\/www.goodreads.com\/iwellguard","https:\/\/profile.hatena.ne.jp\/iwellguard\/","https:\/\/experiment.com\/users\/iwellguard","https:\/\/wakelet.com\/@iWellGuard82270","https:\/\/www.chordie.com\/forum\/profile.php?id=2555664","https:\/\/www.instapaper.com\/p\/17757966","https:\/\/www.mapleprimes.com\/users\/iwellguard","https:\/\/businesslistingplus.com\/profile\/iwell-guard\/","https:\/\/telegra.ph\/iWell-Guard-06-06","https:\/\/pbase.com\/iwellguard\/iwellguard","https:\/\/b.hatena.ne.jp\/iwellguard\/20260607#bookmark-4788405196491818882","https:\/\/fliphtml5.com\/home\/iwellguard","https:\/\/anyflip.com\/homepage\/cmiwl#About","https:\/\/transfur.com\/Users\/iwellguard","http:\/\/delphi.larsbo.org\/user\/iwellguard","https:\/\/jobs.lajobsportal.org\/profiles\/8380803-iwell-guard","https:\/\/md.chaosdorf.de\/s\/jfbe5SBdJD","https:\/\/www.lingvolive.com\/en-us\/profile\/9ecaeaca-ce11-4e51-9e71-01d55e2bff36\/translations","https:\/\/www.fitday.com\/fitness\/forums\/members\/iwellguard.html","https:\/\/www.mymeetbook.com\/iwellguard","https:\/\/pxhere.com\/en\/photographer-me\/5040798","https:\/\/disqus.com\/by\/iwellguard\/about\/","https:\/\/pastelink.net\/hjwciqwq","https:\/\/pubhtml5.com\/homepage\/scjhn\/","https:\/\/www.bitchute.com\/channel\/2O2eOKzNqujT","https:\/\/audiomack.com\/iwellguard"]},{"@type":"Person","@id":"https:\/\/iwell-guard.com\/sk\/#\/schema\/person\/ee2a27f1cac3406c7c6fb5820cb7349f","name":"Ralf Ittermann","image":{"@type":"ImageObject","inLanguage":"sk-SK","@id":"https:\/\/secure.gravatar.com\/avatar\/073c0153e350a5005b68eb752b445fea71f6b24a26da9449ad7e155e6b446c9d?s=96&d=mm&r=g","url":"https:\/\/secure.gravatar.com\/avatar\/073c0153e350a5005b68eb752b445fea71f6b24a26da9449ad7e155e6b446c9d?s=96&d=mm&r=g","contentUrl":"https:\/\/secure.gravatar.com\/avatar\/073c0153e350a5005b68eb752b445fea71f6b24a26da9449ad7e155e6b446c9d?s=96&d=mm&r=g","caption":"Ralf Ittermann"},"givenName":"Ralf","familyName":"Ittermann","jobTitle":"Gesch\u00e4ftsf\u00fchrer und redaktioneller Verantwortlicher","url":"https:\/\/iwell-guard.com\/sk\/author\/claude\/","description":"Ralf Ittermann ist Gesch\u00e4ftsf\u00fchrer der Ittermann electronic GmbH und redaktioneller Verantwortlicher des iWell-Guard-Lexikons. Er verbindet langj\u00e4hrige Erfahrung in der Pr\u00e4zisionsfertigung mit medialer Praxis und religionsgeschichtlicher Quellenarbeit.","worksFor":{"@type":"Organization","name":"Ittermann electronic GmbH","url":"https:\/\/ittermann.de\/","address":{"@type":"PostalAddress","streetAddress":"K\u00f6hlergasse 16-18","postalCode":"99842","addressLocality":"Ruhla","addressCountry":"DE"}},"knowsAbout":["Religionsgeschichte","Mythologie","Mediale Praxis","Energetische Diagnostik","Schutzpraxis","Volksglauben","Westliche Esoterik"]},{"@type":"Article","@id":"https:\/\/iwell-guard.com\/sk\/sila-svetovy-dych-pan-pocasia-inuitov\/#article","isPartOf":{"@id":"https:\/\/iwell-guard.com\/sk\/sila-svetovy-dych-pan-pocasia-inuitov\/"},"author":{"name":"Ralf Ittermann","@id":"https:\/\/iwell-guard.com\/sk\/#\/schema\/person\/ee2a27f1cac3406c7c6fb5820cb7349f"},"headline":"Sila \u2013 svetov\u00fd dych a p\u00e1n po\u010dasia Inuitov","datePublished":"2026-09-04T22:20:26+00:00","dateModified":"2026-09-04T22:47:55+00:00","mainEntityOfPage":{"@id":"https:\/\/iwell-guard.com\/sk\/sila-svetovy-dych-pan-pocasia-inuitov\/"},"publisher":{"@id":"https:\/\/iwell-guard.com\/sk\/#organization"},"image":{"@id":"https:\/\/iwell-guard.com\/sk\/sila-svetovy-dych-pan-pocasia-inuitov\/#primaryimage"},"thumbnailUrl":"https:\/\/iwell-guard.com\/wp-content\/uploads\/2026\/05\/geister_inuit_sila.webp","inLanguage":"sk-SK","description":"Sila je arktick\u00fd svetov\u00fd princ\u00edp po\u010dasia, vzduchu a rozumu. Religionistick\u00e9 zaradenie s m\u00fdtom, \u0161amanskou praxou, prame\u0148mi a tabu."}]}},"_links":{"self":[{"href":"https:\/\/iwell-guard.com\/sk\/wp-json\/wp\/v2\/pages\/157992","targetHints":{"allow":["GET"]}}],"collection":[{"href":"https:\/\/iwell-guard.com\/sk\/wp-json\/wp\/v2\/pages"}],"about":[{"href":"https:\/\/iwell-guard.com\/sk\/wp-json\/wp\/v2\/types\/page"}],"author":[{"embeddable":true,"href":"https:\/\/iwell-guard.com\/sk\/wp-json\/wp\/v2\/users\/3"}],"replies":[{"embeddable":true,"href":"https:\/\/iwell-guard.com\/sk\/wp-json\/wp\/v2\/comments?post=157992"}],"version-history":[{"count":0,"href":"https:\/\/iwell-guard.com\/sk\/wp-json\/wp\/v2\/pages\/157992\/revisions"}],"wp:featuredmedia":[{"embeddable":true,"href":"https:\/\/iwell-guard.com\/sk\/wp-json\/wp\/v2\/media\/2879"}],"wp:attachment":[{"href":"https:\/\/iwell-guard.com\/sk\/wp-json\/wp\/v2\/media?parent=157992"}],"wp:term":[{"taxonomy":"category","embeddable":true,"href":"https:\/\/iwell-guard.com\/sk\/wp-json\/wp\/v2\/categories?post=157992"}],"curies":[{"name":"wp","href":"https:\/\/api.w.org\/{rel}","templated":true}]}}