{"id":157991,"date":"2026-09-04T22:20:25","date_gmt":"2026-09-04T22:20:25","guid":{"rendered":"https:\/\/iwell-guard.com\/?page_id=157991"},"modified":"2026-09-04T22:47:55","modified_gmt":"2026-09-04T22:47:55","slug":"sedna-morska-vladkyna-inuitov","status":"publish","type":"page","link":"https:\/\/iwell-guard.com\/sk\/sedna-morska-vladkyna-inuitov\/","title":{"rendered":"Sedna \u2013 morsk\u00e1 vl\u00e1dky\u0148a Inuitov"},"content":{"rendered":"\t\t<div data-elementor-type=\"wp-page\" data-elementor-id=\"157991\" class=\"elementor elementor-157991 elementor-2654 elementor-bc-flex-widget\" data-elementor-post-type=\"page\">\n\t\t\t\t<div class=\"elementor-element elementor-element-iwgw-sedna-hero e-flex e-con-boxed e-con e-parent\" data-id=\"iwgw-sedna-hero\" data-element_type=\"container\" data-e-type=\"container\" data-settings=\"{&quot;background_background&quot;:&quot;classic&quot;}\">\n\t\t\t\t\t<div class=\"e-con-inner\">\n\t\t<div class=\"elementor-element elementor-element-iwgw-sedna-hl e-flex e-con-boxed e-con e-child\" data-id=\"iwgw-sedna-hl\" data-element_type=\"container\" data-e-type=\"container\">\n\t\t\t\t\t<div class=\"e-con-inner\">\n\t\t<div class=\"elementor-element elementor-element-iwgw-sedna-htxt e-con-full e-flex e-con e-child\" data-id=\"iwgw-sedna-htxt\" data-element_type=\"container\" data-e-type=\"container\">\n\t\t\t\t<div class=\"elementor-element elementor-element-iwgw-sedna-h1 elementor-widget elementor-widget-heading\" data-id=\"iwgw-sedna-h1\" data-element_type=\"widget\" data-e-type=\"widget\" data-widget_type=\"heading.default\">\n\t\t\t\t\t<h1 class=\"elementor-heading-title elementor-size-default\">Sedna \u2013 morsk\u00e1 vl\u00e1dky\u0148a a str\u00e1\u017eky\u0148a zvierat v pante\u00f3ne Inuitov<\/h1>\t\t\t\t<\/div>\n\t\t\t\t<div class=\"elementor-element elementor-element-iwgw-sedna-lead elementor-widget elementor-widget-text-editor\" data-id=\"iwgw-sedna-lead\" data-element_type=\"widget\" data-e-type=\"widget\" data-widget_type=\"text-editor.default\">\n\t\t\t\t\t\t\t\t\t<p>Sedna, v pol\u00e1rnej trad\u00edcii Inuitov zn\u00e1ma pod mnoh\u00fdmi menami ako Nuliajuk, Takannakapsaluk alebo Arnakuagsak, je pova\u017eovan\u00e1 za vl\u00e1dky\u0148u morsk\u00fdch zvierat a patr\u00ed k najlep\u0161ie dolo\u017een\u00fdm postav\u00e1m cirkumpol\u00e1rnych dej\u00edn n\u00e1bo\u017eenstva. Z\u00e1pisy Knuda Rasmussena z 5. thulskej exped\u00edcie urobili z jej postavy k\u013e\u00fa\u010dov\u00fd bod ka\u017ed\u00e9ho seri\u00f3znej\u0161ieho religionistick\u00e9ho sk\u00famania arktick\u00fdch spolo\u010denstiev ob\u017eivy.<\/p>\t\t\t\t\t\t\t\t<\/div>\n\t\t\t\t<\/div>\n\t\t<div class=\"elementor-element elementor-element-iwgw-sedna-pillc e-con-full e-flex e-con e-child\" data-id=\"iwgw-sedna-pillc\" data-element_type=\"container\" data-e-type=\"container\">\n\t\t\t\t<div class=\"elementor-element elementor-element-iwgw-sedna-pills elementor-widget elementor-widget-html\" data-id=\"iwgw-sedna-pills\" data-element_type=\"widget\" data-e-type=\"widget\" data-widget_type=\"html.default\">\n\t\t\t\t\t<div class=\"iwg-pill-row\"><span class=\"iwg-klasse-badge\" tabindex=\"0\" data-tooltip=\"Morsk\u00e1 bytos\u0165 trad\u00edcie Inuitov.\">Morsk\u00e1 bytos\u0165<\/span><a href=\"https:\/\/iwell-guard.com\/sk\/inuiti-a-arktida-sedna-tornit-ochranna-prax\/\" class=\"iwg-kultur-badge\" tabindex=\"0\" data-tooltip=\"Mytol\u00f3gia trad\u00edcie Inuitov.\">Inuiti<\/a><span class=\"iwg-tradition-badge\" tabindex=\"0\" data-tooltip=\"Vl\u00e1dky\u0148a zvierat.\">Vl\u00e1dky\u0148a zvierat<\/span><\/div>\t\t\t\t<\/div>\n\t\t\t\t<\/div>\n\t\t<div class=\"elementor-element elementor-element-iwgw-sedna-tocc e-con-full e-flex e-con e-child\" data-id=\"iwgw-sedna-tocc\" data-element_type=\"container\" data-e-type=\"container\">\n\t\t\t\t<div class=\"elementor-element elementor-element-iwgw-sedna-toc elementor-toc--minimized-on-tablet elementor-widget elementor-widget-table-of-contents\" data-id=\"iwgw-sedna-toc\" data-element_type=\"widget\" data-e-type=\"widget\" data-settings=\"{&quot;headings_by_tags&quot;:[&quot;h2&quot;,&quot;h3&quot;],&quot;minimize_box&quot;:&quot;yes&quot;,&quot;marker_view&quot;:&quot;bullets&quot;,&quot;no_headings_message&quot;:&quot;Na tejto str\\u00e1nke sa nena\\u0161li \\u017eiadne nadpisy.&quot;,&quot;exclude_headings_by_selector&quot;:[],&quot;icon&quot;:{&quot;value&quot;:&quot;fas fa-circle&quot;,&quot;library&quot;:&quot;fa-solid&quot;,&quot;rendered_tag&quot;:&quot;&lt;svg class=\\&quot;e-font-icon-svg e-fas-circle\\&quot; viewBox=\\&quot;0 0 512 512\\&quot; xmlns=\\&quot;http:\\\/\\\/www.w3.org\\\/2000\\\/svg\\&quot;&gt;&lt;path d=\\&quot;M256 8C119 8 8 119 8 256s111 248 248 248 248-111 248-248S393 8 256 8z\\&quot;&gt;&lt;\\\/path&gt;&lt;\\\/svg&gt;&quot;},&quot;minimized_on&quot;:&quot;tablet&quot;,&quot;hierarchical_view&quot;:&quot;yes&quot;,&quot;min_height&quot;:{&quot;unit&quot;:&quot;px&quot;,&quot;size&quot;:&quot;&quot;,&quot;sizes&quot;:[]},&quot;min_height_tablet&quot;:{&quot;unit&quot;:&quot;px&quot;,&quot;size&quot;:&quot;&quot;,&quot;sizes&quot;:[]},&quot;min_height_mobile&quot;:{&quot;unit&quot;:&quot;px&quot;,&quot;size&quot;:&quot;&quot;,&quot;sizes&quot;:[]}}\" data-widget_type=\"table-of-contents.default\">\n\t\t\t\t\t\t\t\t\t<div class=\"elementor-toc__header\">\n\t\t\t\t\t\t<h2 class=\"elementor-toc__header-title\">\n\t\t\t\tObsah\t\t\t<\/h2>\n\t\t\t\t\t\t\t\t\t\t<div class=\"elementor-toc__toggle-button elementor-toc__toggle-button--expand\" role=\"button\" tabindex=\"0\" aria-controls=\"elementor-toc__iwgw-sedna-toc\" aria-expanded=\"true\" aria-label=\"Open table of contents\"><svg aria-hidden=\"true\" class=\"e-font-icon-svg e-fas-chevron-down\" viewBox=\"0 0 448 512\" xmlns=\"http:\/\/www.w3.org\/2000\/svg\"><path d=\"M207.029 381.476L12.686 187.132c-9.373-9.373-9.373-24.569 0-33.941l22.667-22.667c9.357-9.357 24.522-9.375 33.901-.04L224 284.505l154.745-154.021c9.379-9.335 24.544-9.317 33.901.04l22.667 22.667c9.373 9.373 9.373 24.569 0 33.941L240.971 381.476c-9.373 9.372-24.569 9.372-33.942 0z\"><\/path><\/svg><\/div>\n\t\t\t\t<div class=\"elementor-toc__toggle-button elementor-toc__toggle-button--collapse\" role=\"button\" tabindex=\"0\" aria-controls=\"elementor-toc__iwgw-sedna-toc\" aria-expanded=\"true\" aria-label=\"Close table of contents\"><svg aria-hidden=\"true\" class=\"e-font-icon-svg e-fas-chevron-up\" viewBox=\"0 0 448 512\" xmlns=\"http:\/\/www.w3.org\/2000\/svg\"><path d=\"M240.971 130.524l194.343 194.343c9.373 9.373 9.373 24.569 0 33.941l-22.667 22.667c-9.357 9.357-24.522 9.375-33.901.04L224 227.495 69.255 381.516c-9.379 9.335-24.544 9.317-33.901-.04l-22.667-22.667c-9.373-9.373-9.373-24.569 0-33.941L207.03 130.525c9.372-9.373 24.568-9.373 33.941-.001z\"><\/path><\/svg><\/div>\n\t\t\t\t\t<\/div>\n\t\t\t\t<div id=\"elementor-toc__iwgw-sedna-toc\" class=\"elementor-toc__body\">\n\t\t\t<div class=\"elementor-toc__spinner-container\">\n\t\t\t\t<svg class=\"elementor-toc__spinner eicon-animation-spin e-font-icon-svg e-eicon-loading\" aria-hidden=\"true\" viewBox=\"0 0 1000 1000\" xmlns=\"http:\/\/www.w3.org\/2000\/svg\"><path d=\"M500 975V858C696 858 858 696 858 500S696 142 500 142 142 304 142 500H25C25 237 238 25 500 25S975 237 975 500 763 975 500 975Z\"><\/path><\/svg>\t\t\t<\/div>\n\t\t<\/div>\n\t\t\t\t\t\t<\/div>\n\t\t\t\t<\/div>\n\t\t\t\t\t<\/div>\n\t\t\t\t<\/div>\n\t\t<div class=\"elementor-element elementor-element-iwgw-sedna-hr e-con-full e-flex e-con e-child\" data-id=\"iwgw-sedna-hr\" data-element_type=\"container\" data-e-type=\"container\">\n\t\t\t\t<div class=\"elementor-element elementor-element-iwgw-sedna-heroimg iwg-hero-image elementor-widget elementor-widget-image\" data-id=\"iwgw-sedna-heroimg\" data-element_type=\"widget\" data-e-type=\"widget\" data-widget_type=\"image.default\">\n\t\t\t\t\t\t\t\t\t\t\t\t\t\t\t<img fetchpriority=\"high\" decoding=\"async\" width=\"683\" height=\"1024\" src=\"https:\/\/iwell-guard.com\/wp-content\/uploads\/2026\/05\/goetter_inuit_sedna-1-683x1024.webp\" class=\"attachment-large size-large wp-image-159764\" alt=\"Sedna \u2013 bohovia z inuitskej trad\u00edcie, historicko-ilustra\u010dn\u00e9 zobrazenie\" srcset=\"https:\/\/iwell-guard.com\/wp-content\/uploads\/2026\/05\/goetter_inuit_sedna-1-683x1024.webp 683w, https:\/\/iwell-guard.com\/wp-content\/uploads\/2026\/05\/goetter_inuit_sedna-1-200x300.webp 200w, https:\/\/iwell-guard.com\/wp-content\/uploads\/2026\/05\/goetter_inuit_sedna-1-768x1152.webp 768w, https:\/\/iwell-guard.com\/wp-content\/uploads\/2026\/05\/goetter_inuit_sedna-1.webp 1024w\" sizes=\"(max-width: 683px) 100vw, 683px\" \/>\t\t\t\t\t\t\t\t\t\t\t\t\t\t\t<\/div>\n\t\t\t\t<\/div>\n\t\t\t\t\t<\/div>\n\t\t\t\t<\/div>\n\t\t\t\t<section class=\"elementor-section elementor-top-section elementor-element elementor-element-sec-iwgcomp-sedna elementor-section-boxed elementor-section-height-default elementor-section-height-default\" data-id=\"sec-iwgcomp-sedna\" data-element_type=\"section\" data-e-type=\"section\">\n\t\t\t\t\t\t<div class=\"elementor-container elementor-column-gap-default\">\n\t\t\t\t\t<div class=\"elementor-column elementor-col-100 elementor-top-column elementor-element elementor-element-col-iwgcomp-sedna\" data-id=\"col-iwgcomp-sedna\" data-element_type=\"column\" data-e-type=\"column\">\n\t\t\t<div class=\"elementor-widget-wrap elementor-element-populated\">\n\t\t\t\t\t\t<div class=\"elementor-element elementor-element-iwgcomp-sedna elementor-widget elementor-widget-text-editor\" data-id=\"iwgcomp-sedna\" data-element_type=\"widget\" data-e-type=\"widget\" data-widget_type=\"text-editor.default\">\n\t\t\t\t\t\t\t\t\t<p><strong><span class=\"iwg-fachbegriff\" data-tooltip=\"S\u00fahrn n\u00e1bo\u017eensk\u00fdch \u00factov\u00fdch \u00fakonov vo\u010di bo\u017estvu alebo sv\u00e4tej postave.\" tabindex=\"0\">Kult<\/span><\/strong> inuitskej morskej vl\u00e1dkyne Sedny formuje po\u013eovn\u00edcke a ochrann\u00e9 ritu\u00e1ly arktickej oblasti a\u017e do s\u00fa\u010dasnosti.<\/p>\t\t\t\t\t\t\t\t<\/div>\n\t\t\t\t\t<\/div>\n\t\t<\/div>\n\t\t\t\t\t<\/div>\n\t\t<\/section>\n\t\t<div class=\"elementor-element elementor-element-iwgw-sedna-s0 e-flex e-con-boxed e-con e-parent\" data-id=\"iwgw-sedna-s0\" data-element_type=\"container\" data-e-type=\"container\">\n\t\t\t\t\t<div class=\"e-con-inner\">\n\t\t\t\t<div class=\"elementor-element elementor-element-iwgw-sedna-s0h elementor-widget elementor-widget-heading\" data-id=\"iwgw-sedna-s0h\" data-element_type=\"widget\" data-e-type=\"widget\" data-widget_type=\"heading.default\">\n\t\t\t\t\t<h2 class=\"elementor-heading-title elementor-size-default\">Zaradenie a stru\u010dn\u00fd profil<\/h2>\t\t\t\t<\/div>\n\t\t<div class=\"elementor-element elementor-element-iwgw-sedna-s0c e-con-full e-flex e-con e-child\" data-id=\"iwgw-sedna-s0c\" data-element_type=\"container\" data-e-type=\"container\">\n\t\t\t\t<div class=\"elementor-element elementor-element-iwgw-sedna-s0t elementor-widget elementor-widget-text-editor\" data-id=\"iwgw-sedna-s0t\" data-element_type=\"widget\" data-e-type=\"widget\" data-widget_type=\"text-editor.default\">\n\t\t\t\t\t\t\t\t\t<p>Sedna je najv\u00fdznamnej\u0161ou numin\u00f3znou postavou centr\u00e1lnoarktickej trad\u00edcie <a href=\"https:\/\/iwell-guard.com\/sk\/inuiti-a-arktida-sedna-tornit-ochranna-prax\/\">Inuitov<\/a>. Pod\u013ea tradovan\u00fdch rozpr\u00e1van\u00ed s\u00eddli na dne mora a ovl\u00e1da popul\u00e1cie tule\u0148ov, ve\u013er\u00fdb a mor\u017eov, ktor\u00e9 s\u00fa pre ob\u017eivu \u017eivotne d\u00f4le\u017eit\u00e9.<\/p><p>Na rozdiel od mnoh\u00fdch panarktick\u00fdch bo\u017estiev m\u00e1 Sedna s\u00favisl\u00fd narat\u00edvny \u017eivotopis, ktor\u00fd ju predstavuje ako b\u00fdval\u00fa \u013eudsk\u00fa \u017eenu, ktorej zmrza\u010denie a potopenie ju priviedlo do postavenia vl\u00e1dkyne zvierat. T\u00e1to narat\u00edvna h\u013abka z nej rob\u00ed pr\u00edpad, ktor\u00fd je z religionistick\u00e9ho h\u013eadiska mimoriadne dobre spracovate\u013en\u00fd.<\/p><p>Vedecky je Sedna klasifikovan\u00e1 ako inkarn\u00e1cia typu vl\u00e1dkyne zvierat, roz\u0161\u00edren\u00e9ho na Sib\u00edri a v Severnej Amerike. Knud Rasmussen, Ann Fienup-Riordanov\u00e1 a Daniel Merkur zhodne dok\u00e1zali, \u017ee jej kontroln\u00e1 funkcia nad po\u013eovnou zverou predstavuje centr\u00e1lny ekonomicko-n\u00e1bo\u017eensk\u00fd uzol tradi\u010dnej inuitskej spolo\u010dnosti. Kto poru\u0161uje tabu vo\u010di nej, pod\u013ea inuitsk\u00e9ho u\u010denia uzatv\u00e1ra po\u013eovn\u00e9 rev\u00edry.<\/p><p>Sednina moc nie je mor\u00e1lne-s\u00fadiaca v z\u00e1padnom zmysle, ale je regulovan\u00e1 reciprocitou. Zvierat\u00e1 zadr\u017eiava alebo prep\u00fa\u0161\u0165a pod\u013ea toho, \u010di sp\u00f4sob \u017eivota \u013eud\u00ed zachov\u00e1va jej syst\u00e9m tabu.<\/p><p>Tento mechanizmus sa vo v\u00fdskume diskutuje ako n\u00e1bo\u017eensk\u00e1 ekon\u00f3mia zdrojov, ktor\u00e1 prep\u00e1ja soci\u00e1lnu koh\u00e9ziu a regul\u00e1ciu po\u013eovn\u00edctva. Sedna je tak z\u00e1rove\u0148 teologickou aj spolo\u010densko-politickou instanciou, \u010d\u00edm sa odli\u0161uje od mnoh\u00fdch in\u00fdch bo\u017esk\u00fdch post\u00e1v.<\/p><p>Preto\u017ee Sedna m\u00e1 nezvy\u010dajne uzavret\u00fd narat\u00edvny \u017eivotopis, nov\u0161\u00ed vedeck\u00fd v\u00fdskum na nej overoval svoje metodicky roz\u0161\u00edren\u00e9 pr\u00edstupy: prep\u00e1ja etnografick\u00fa presnos\u0165, jazykov\u00fa kritiku pramenov a komparat\u00edvnu perspekt\u00edvu. V\u00fdznamne sa na tom podie\u013eaj\u00fa aj vedkyne a vedci z komunity Inuitov, ktor\u00ed presk\u00famavaj\u00fa a opravuj\u00fa star\u0161ie, \u010diasto\u010dne kolonialisticky sfarben\u00e9 v\u00fdklady morskej vl\u00e1dkyne.<\/p>\t\t\t\t\t\t\t\t<\/div>\n\t\t\t\t<\/div>\n\t\t\t\t\t<\/div>\n\t\t\t\t<\/div>\n\t\t<div class=\"elementor-element elementor-element-iwgw-sedna-s1 e-flex e-con-boxed e-con e-parent\" data-id=\"iwgw-sedna-s1\" data-element_type=\"container\" data-e-type=\"container\">\n\t\t\t\t\t<div class=\"e-con-inner\">\n\t\t\t\t<div class=\"elementor-element elementor-element-iwgw-sedna-s1h elementor-widget elementor-widget-heading\" data-id=\"iwgw-sedna-s1h\" data-element_type=\"widget\" data-e-type=\"widget\" data-widget_type=\"heading.default\">\n\t\t\t\t\t<h2 class=\"elementor-heading-title elementor-size-default\">Meno, etymol\u00f3gia a region\u00e1lne varianty<\/h2>\t\t\t\t<\/div>\n\t\t<div class=\"elementor-element elementor-element-iwgw-sedna-s1c e-con-full e-flex e-con e-child\" data-id=\"iwgw-sedna-s1c\" data-element_type=\"container\" data-e-type=\"container\">\n\t\t\t\t<div class=\"elementor-element elementor-element-iwgw-sedna-s1t elementor-widget elementor-widget-text-editor\" data-id=\"iwgw-sedna-s1t\" data-element_type=\"widget\" data-e-type=\"widget\" data-widget_type=\"text-editor.default\">\n\t\t\t\t\t\t\t\t\t<p>Dnes be\u017en\u00e9 meno Sedna poch\u00e1dza z jazyka inuktitut oblasti Baffinovho ostrova a stalo sa <span class=\"iwg-fachbegriff\" data-tooltip=\"Patriaci k z\u00e1v\u00e4zne uzn\u00e1van\u00e9mu s\u00faboru textov n\u00e1bo\u017eenstva.\" tabindex=\"0\">kanonick\u00fdm<\/span> v\u010faka z\u00e1pisk\u00e1m Franza Boasa z konca 19. storo\u010dia. Sednino vlastn\u00e9 meno, ktor\u00e9 je <span class=\"iwg-fachbegriff\" data-tooltip=\"Odvracaj\u00faci zlo: o znakoch a predmetoch, ktor\u00e9 maj\u00fa zabra\u0148ova\u0165 \u0161kodliv\u00fdm vplyvom.\" tabindex=\"0\">apotropaicky<\/span> tabuizovan\u00e9, sa v rozpr\u00e1va\u010dsk\u00fdch situ\u00e1ci\u00e1ch \u010dasto obch\u00e1dza. Namiesto neho sa pou\u017e\u00edvaj\u00fa \u010destn\u00e9 men\u00e1 ako Nuliajuk, \u010do doslova znamen\u00e1 t\u00e1, o ktor\u00fa sa v\u017edy uch\u00e1dzaj\u00fa, a ktor\u00e9 dominuje v oblasti Netsilik a Iglulik.<\/p><p>U Aivilingmiutov a Iglulingmiutov je be\u017en\u00e1 forma Takannakapsaluk, v Gr\u00f3nsku Arnakuagsak alebo Arnarquassaaq. Region\u00e1lna rozmanitos\u0165 presahuje jazykov\u00fa rovinu a prin\u00e1\u0161a so sebou v\u017edy mierne odli\u0161n\u00e9 l\u00ednie m\u00fdtu.<\/p><p>Iglulick\u00e1 varianta tak silnej\u0161ie zd\u00f4raz\u0148uje l\u00ednie adopcie a man\u017eelstva, zatia\u013e \u010do baffinsk\u00e1 varianta stavia do popredia otca Angutu a dr\u00e1mu s lo\u010fou. Na Alja\u0161ke existuj\u00fa pr\u00edbuzn\u00e9 koncepty, ktor\u00e9 sa v\u0161ak funk\u010dne \u010diasto\u010dne odli\u0161uj\u00fa od centr\u00e1lnoarktickej Sedny.<\/p><p>Etymologicky vyklad\u00e1 Daniel Merkur meno Nuliajuk v zmysle \u017eeny, o ktor\u00fa sa duchovia neust\u00e1le uch\u00e1dzaj\u00fa, a vid\u00ed v tom odraz \u0161amanskej cesty: <span class=\"iwg-fachbegriff\" data-tooltip=\"N\u00e1bo\u017eensk\u00fd \u0161pecialista, ktor\u00e9mu sa pripisuje sprostredkovanie medzi \u013eu\u010fmi a svetom duchov.\" tabindex=\"0\">\u0161aman<\/span> ju mus\u00ed nav\u0161t\u00edvi\u0165 ako uch\u00e1dza\u010d, ktor\u00fd si z\u00edskava jej priaze\u0148.<\/p><p>In\u00e9 formy mena odr\u00e1\u017eaj\u00fa funkciu: <em>Arnaq<\/em> jednoducho znamen\u00e1 \u017eena, <em>nuna<\/em> zem alebo svet, tak\u017ee pr\u00edvlastky ako \u017eena spod mora zost\u00e1vaj\u00fa s\u00e9manticky transparentn\u00e9. Rozmanitos\u0165 mien zodpoved\u00e1 religionisticko-fenomenologick\u00e9mu pozorovaniu, \u017ee mocn\u00e9 numin\u00f3zne postavy s\u00fa \u010dasto oslovovan\u00e9 len opisne.<\/p>\t\t\t\t\t\t\t\t<\/div>\n\t\t\t\t<\/div>\n\t\t\t\t\t<\/div>\n\t\t\t\t<\/div>\n\t\t<div class=\"elementor-element elementor-element-iwgw-sedna-s2 e-flex e-con-boxed e-con e-parent\" data-id=\"iwgw-sedna-s2\" data-element_type=\"container\" data-e-type=\"container\">\n\t\t\t\t\t<div class=\"e-con-inner\">\n\t\t\t\t<div class=\"elementor-element elementor-element-iwgw-sedna-s2h elementor-widget elementor-widget-heading\" data-id=\"iwgw-sedna-s2h\" data-element_type=\"widget\" data-e-type=\"widget\" data-widget_type=\"heading.default\">\n\t\t\t\t\t<h2 class=\"elementor-heading-title elementor-size-default\">Popis a ikonografia<\/h2>\t\t\t\t<\/div>\n\t\t<div class=\"elementor-element elementor-element-iwgw-sedna-s2c e-con-full e-flex e-con e-child\" data-id=\"iwgw-sedna-s2c\" data-element_type=\"container\" data-e-type=\"container\">\n\t\t\t\t<div class=\"elementor-element elementor-element-iwgw-sedna-s2t elementor-widget elementor-widget-text-editor\" data-id=\"iwgw-sedna-s2t\" data-element_type=\"widget\" data-e-type=\"widget\" data-widget_type=\"text-editor.default\">\n\t\t\t\t\t\t\t\t\t<p>Sedna je v tradovan\u00fdch rozpr\u00e1vaniach opisovan\u00e1 ako obrovsk\u00e1 \u017eena na dne mora, ktorej ruky bu\u010f \u00faplne ch\u00fdbaj\u00fa, alebo sa zmenili na tulenie ploutve.<\/p><p>Jej vlasy s\u00fa dlh\u00e9, \u0165a\u017ek\u00e9 a natrvalo spleten\u00e9, preto\u017ee bez prstov si ich nem\u00f4\u017ee sama uhladi\u0165. Pod\u013ea viacer\u00fdch podan\u00ed z t\u00fdchto zapleten\u00fdch vlasov vznikaj\u00fa choroby a nedostatok zveri. T\u00e1to telesn\u00e1 zranite\u013enos\u0165 je z h\u013eadiska fenomenol\u00f3gie n\u00e1bo\u017eenstva vlastn\u00fdm <span class=\"iwg-fachbegriff\" data-tooltip=\"Opakuj\u00faci sa obsahov\u00fd prvok v umen\u00ed alebo rozpr\u00e1van\u00ed.\" tabindex=\"0\">mot\u00edvom<\/span>.<\/p><p>Vizu\u00e1lne zobrazenia boli v tradi\u010dnej inuitskej kult\u00fare zriedkav\u00e9, ke\u010f\u017ee figurat\u00edvne zobrazovanie panovn\u00ed\u010dky mora bolo samo o sebe za\u0165a\u017een\u00e9 tabu. A\u017e s\u00fa\u010dasn\u00e9 inuitsk\u00e9 umenie od 50. rokov 20. storo\u010dia, napr\u00edklad v Cape Dorset (Kinngait) a Pangnirtungu, urobilo zo Sedny ikonograficky uchopite\u013en\u00fd <span class=\"iwg-fachbegriff\" data-tooltip=\"Opakuj\u00faci sa obsahov\u00fd prvok v umen\u00ed alebo rozpr\u00e1van\u00ed.\" tabindex=\"0\">mot\u00edv<\/span>.<\/p><p>Rytiny do kame\u0148a od umelcov ako Ningiukulu Teevee, Kenojuak Ashevak alebo Pitseolak Ashoona ju \u010dasto zobrazuj\u00fa ako bytos\u0165 s \u013eudsk\u00fdm hornou \u010das\u0165ou tela a chvostovou ploutvou.<\/p><p>S\u00fa\u010dasn\u00fa v\u00fdtvarn\u00fa trad\u00edciu je vedecky potrebn\u00e9 odli\u0161ova\u0165 od predkres\u0165anskej trad\u00edcie. V Rasmussenov\u00fdch z\u00e1piskoch \u0161amani uv\u00e1dzaj\u00fa, \u017ee Sednu mohli vidie\u0165 iba za mimoriadnych podmienok tranzu a \u017ee ak\u00e9ko\u013evek pred\u010dasn\u00e9 zobrazenie sa pova\u017eovalo za ne\u00factiv\u00e9. Dne\u0161n\u00e1 v\u00fdtvarn\u00e1 trad\u00edcia je teda sk\u00f4r modernou reinterpret\u00e1ciou postavy ne\u017e vern\u00fdm prevzat\u00edm historickej ikonografie.<\/p><p>Symbolicky s\u00fa jej priraden\u00e9 samotn\u00e9 morsk\u00e9 zvierat\u00e1: kruhoploutv\u00e9 tulene, vousat\u00e9 tulene, mro\u017ei, beluhy, naryvaly. V rozpr\u00e1vaniach o jej vzniku tieto zvierat\u00e1 poch\u00e1dzaj\u00fa z odseknut\u00fdch \u010dl\u00e1nkov prstov, \u010do je etiologick\u00fd <span class=\"iwg-fachbegriff\" data-tooltip=\"Opakuj\u00faci sa obsahov\u00fd prvok v umen\u00ed alebo rozpr\u00e1van\u00ed.\" tabindex=\"0\">mot\u00edv<\/span>, ktor\u00fd zvidite\u013e\u0148uje ekonomick\u00fa z\u00e1vislos\u0165 prostredn\u00edctvom <span class=\"iwg-fachbegriff\" data-tooltip=\"Usporiadan\u00e1 postupnos\u0165 symbolick\u00fdch \u00fakonov s n\u00e1bo\u017eensk\u00fdm alebo kult\u00farnym v\u00fdznamom.\" tabindex=\"0\">ritu\u00e1lu<\/span>.<\/p><p>Kto ulov\u00ed tule\u0148a, ten pod\u013ea n\u00e1bo\u017eensk\u00e9ho m\u00fdtu dostal kus samotn\u00e9ho Sedninho tela, \u010do zaklad\u00e1 povinnos\u0165 s n\u00edm zaobch\u00e1dza\u0165 s \u00factou.<\/p>\t\t\t\t\t\t\t\t<\/div>\n\t\t\t\t<\/div>\n\t\t\t\t\t<\/div>\n\t\t\t\t<\/div>\n\t\t<div class=\"elementor-element elementor-element-iwgw-sedna-s3 e-flex e-con-boxed e-con e-parent\" data-id=\"iwgw-sedna-s3\" data-element_type=\"container\" data-e-type=\"container\">\n\t\t\t\t\t<div class=\"e-con-inner\">\n\t\t\t\t<div class=\"elementor-element elementor-element-iwgw-sedna-s3h elementor-widget elementor-widget-heading\" data-id=\"iwgw-sedna-s3h\" data-element_type=\"widget\" data-e-type=\"widget\" data-widget_type=\"heading.default\">\n\t\t\t\t\t<h2 class=\"elementor-heading-title elementor-size-default\">Centr\u00e1lny m\u00fdtus o mrza\u010den\u00ed<\/h2>\t\t\t\t<\/div>\n\t\t<div class=\"elementor-element elementor-element-iwgw-sedna-s3c e-con-full e-flex e-con e-child\" data-id=\"iwgw-sedna-s3c\" data-element_type=\"container\" data-e-type=\"container\">\n\t\t\t\t<div class=\"elementor-element elementor-element-iwgw-sedna-s3t elementor-widget elementor-widget-text-editor\" data-id=\"iwgw-sedna-s3t\" data-element_type=\"widget\" data-e-type=\"widget\" data-widget_type=\"text-editor.default\">\n\t\t\t\t\t\t\t\t\t<p>Jadro rozpr\u00e1vania sa takmer vo v\u0161etk\u00fdch variantoch riadi pevnou z\u00e1kladnou sch\u00e9mou, ako dokumentovali Franz Boas, Knud Rasmussen a nesk\u00f4r Daniel Merkur. Sedna je dc\u00e9ra mu\u017ea <a href=\"https:\/\/iwell-guard.com\/sk\/?page_id=157995\">Angutu<\/a>. Odmieta si vzia\u0165 \u013eudsk\u00e9ho mu\u017ea.<\/p><p>Nakoniec prijme \u017een\u00edcha, ktor\u00fd sa jej odhal\u00ed ako b\u00farkov\u00fd vt\u00e1k, pes alebo nezn\u00e1my cudzinec. Po sob\u00e1\u0161i spozn\u00e1 prav\u00fa povahu svojho mu\u017ea a vol\u00e1 na svojho otca.<\/p><p>Anguta ju vyzdvihne umiakom, \u017eenskou lo\u010fou. Po\u010das \u00fateku mu\u017e-b\u00farkov\u00fd vt\u00e1k privol\u00e1 nepohodu. Aby zachr\u00e1nil lo\u010f pred z\u00e1nikom, Anguta hod\u00ed svoju dc\u00e9ru do mora.<\/p><p>Ke\u010f sa zachyt\u00ed okraja lode, odsek\u00e1 jej \u010dl\u00e1nky prstov. Z prv\u00e9ho \u010dl\u00e1nku vznikaj\u00fa mal\u00e9 tulene, z druh\u00e9ho vousat\u00e9 tulene, z tretieho mro\u017ei a ve\u013eryby. Tento postupn\u00fd vznik morsk\u00fdch zvierat je typick\u00fd <span class=\"iwg-fachbegriff\" data-tooltip=\"Opakuj\u00faci sa obsahov\u00fd prvok v umen\u00ed alebo rozpr\u00e1van\u00ed.\" tabindex=\"0\">mot\u00edv<\/span> etiologickej rozpr\u00e1va\u010dskej literat\u00fary.<\/p><p>Sedna zmrza\u010den\u00e1 kles\u00e1 na morsk\u00e9 dno a st\u00e1va sa tam pa\u0148ou zvierat. Zost\u00e1va ambivalentn\u00e1 vo\u010di otcovi, ktor\u00fd ju zradil, vo\u010di \u013eu\u010fom, ktor\u00fdch poru\u0161enia tabu jej zaplet\u00fa vlasy, a vo\u010di \u0161amanom, ktor\u00ed k nej v tranze zostupuj\u00fa.<\/p><p>Tento <span class=\"iwg-fachbegriff\" data-tooltip=\"Tradovan\u00e1 rozpr\u00e1vanie o bohoch, p\u00f4vode a poriadku svetu.\" tabindex=\"0\">m\u00fdtus<\/span> je predov\u0161etk\u00fdm etiologick\u00fdm modelom vzniku loveckej ekonomiky, nie trestn\u00fdm m\u00fdtom. Vedecky ide o paradigmatick\u00fd pr\u00edpad kozmogonickej mytol\u00f3gie, v ktorej svet vznik\u00e1 zo zranenia, nie z poriadku.<\/p>\t\t\t\t\t\t\t\t<\/div>\n\t\t\t\t<\/div>\n\t\t\t\t\t<\/div>\n\t\t\t\t<\/div>\n\t\t<div class=\"elementor-element elementor-element-iwgw-sedna-s4 e-flex e-con-boxed e-con e-parent\" data-id=\"iwgw-sedna-s4\" data-element_type=\"container\" data-e-type=\"container\">\n\t\t\t\t\t<div class=\"e-con-inner\">\n\t\t\t\t<div class=\"elementor-element elementor-element-iwgw-sedna-s4h elementor-widget elementor-widget-heading\" data-id=\"iwgw-sedna-s4h\" data-element_type=\"widget\" data-e-type=\"widget\" data-widget_type=\"heading.default\">\n\t\t\t\t\t<h2 class=\"elementor-heading-title elementor-size-default\">\u0160amansk\u00e1 cesta nadol<\/h2>\t\t\t\t<\/div>\n\t\t<div class=\"elementor-element elementor-element-iwgw-sedna-s4c e-con-full e-flex e-con e-child\" data-id=\"iwgw-sedna-s4c\" data-element_type=\"container\" data-e-type=\"container\">\n\t\t\t\t<div class=\"elementor-element elementor-element-iwgw-sedna-s4t elementor-widget elementor-widget-text-editor\" data-id=\"iwgw-sedna-s4t\" data-element_type=\"widget\" data-e-type=\"widget\" data-widget_type=\"text-editor.default\">\n\t\t\t\t\t\t\t\t\t<p>Ke\u010f loveck\u00e9mu \u0161\u0165astiu dlh\u0161\u00ed \u010das ch\u00fdbala priaznivos\u0165, bolo pod\u013ea inuitskej predstavy hlavnou \u00falohou angakkuqa, \u0161amana, zost\u00fapi\u0165 k Sedne. Rasmussen v diele <em>Intellectual Culture of the Iglulik Eskimos<\/em> podal jeden z najpodrobnej\u0161\u00edch popisov tejto cesty, ktor\u00fd sa vo vedeckom diskurze stal \u0161tandardn\u00fdm odkazom cirkumpol\u00e1rneho v\u00fdskumu \u0161amanizmu.<\/p><p><span class=\"iwg-fachbegriff\" data-tooltip=\"N\u00e1bo\u017eensk\u00fd \u0161pecialista, ktor\u00e9mu sa pripisuje sprostredkovanie medzi \u013eu\u010fmi a svetom duchov.\" tabindex=\"0\">\u0160aman<\/span> sa pomocou bubnovania, spevov a dychov\u00fdch techn\u00edk dost\u00e1va do tranzu. Jeho dvojn\u00edk alebo du\u0161a op\u00fa\u0161\u0165a telo, prech\u00e1dza cez \u013eadov\u00fa tundrov\u00fa pl\u00e1\u0148, prekon\u00e1va rotuj\u00facu \u013eadovcov\u00fa \u00fazku priechodku, drav\u00fd pr\u00fad s ostr\u00fdmi ako n\u00f4\u017e \u013eadov\u00fdmi kryhami a nakoniec psa, ktor\u00fd str\u00e1\u017ei vchod do Sedninho domu.<\/p><p>Po pr\u00edchode do domu n\u00e1jde Sednu so zapleten\u00fdmi vlasmi, v ktor\u00fdch sa zachytili zvierat\u00e1.<\/p><p>\u00dalohou \u0161amana je vlasy jej uhladi\u0165, vy\u010disti\u0165 a zachova\u0165 sa zmierlivo. Po\u010das tohto \u00fakonu \u013eudsk\u00e9 spolo\u010denstvo v iglu, veden\u00e9 pomocn\u00fdm \u0161amanom, vyzn\u00e1va svoje poru\u0161enia tabu.<\/p><p>A\u017e ke\u010f s\u00fa previnenia vysloven\u00e9, Sedna zvierat\u00e1 uvo\u013en\u00ed. T\u00fato prax spracoval Mircea Eliade v diele <em><span class=\"iwg-fachbegriff\" data-tooltip=\"N\u00e1bo\u017eensk\u00fd syst\u00e9m, v ktorom \u0161pecialisti komunikuj\u00fa so svetom duchov.\" tabindex=\"0\">\u0160amanizmus<\/span> a archaick\u00e9 techniky ext\u00e1zy<\/em> ako pr\u00edkladn\u00fd pr\u00edpad \u0161amansk\u00e9ho medi\u00e1torstva.<\/p><p>Daniel Merkur zd\u00f4raz\u0148uje, \u017ee cestu treba ch\u00e1pa\u0165 ako kolekt\u00edvny kr\u00edzov\u00fd ritu\u00e1l, v ktorom sa ekonomick\u00e1 kr\u00edza n\u00e1bo\u017eensky symbolizuje a spolo\u010dne rozp\u00fa\u0161\u0165a. Ako individu\u00e1lna lie\u010debn\u00e1 prax by bola nespr\u00e1vne ch\u00e1pan\u00e1. Soci\u00e1lna funkcia je minim\u00e1lne tak d\u00f4le\u017eit\u00e1 ako teologick\u00e1, a v praxi oboje nie je mo\u017en\u00e9 oddeli\u0165.<\/p>\t\t\t\t\t\t\t\t<\/div>\n\t\t\t\t<\/div>\n\t\t\t\t\t<\/div>\n\t\t\t\t<\/div>\n\t\t<div class=\"elementor-element elementor-element-iwgw-sedna-s5 e-flex e-con-boxed e-con e-parent\" data-id=\"iwgw-sedna-s5\" data-element_type=\"container\" data-e-type=\"container\">\n\t\t\t\t\t<div class=\"e-con-inner\">\n\t\t\t\t<div class=\"elementor-element elementor-element-iwgw-sedna-s5h elementor-widget elementor-widget-heading\" data-id=\"iwgw-sedna-s5h\" data-element_type=\"widget\" data-e-type=\"widget\" data-widget_type=\"heading.default\">\n\t\t\t\t\t<h2 class=\"elementor-heading-title elementor-size-default\">Tabu, pittailiniq a apotropaick\u00e1 prax<\/h2>\t\t\t\t<\/div>\n\t\t<div class=\"elementor-element elementor-element-iwgw-sedna-s5c e-con-full e-flex e-con e-child\" data-id=\"iwgw-sedna-s5c\" data-element_type=\"container\" data-e-type=\"container\">\n\t\t\t\t<div class=\"elementor-element elementor-element-iwgw-sedna-s5t elementor-widget elementor-widget-text-editor\" data-id=\"iwgw-sedna-s5t\" data-element_type=\"widget\" data-e-type=\"widget\" data-widget_type=\"text-editor.default\">\n\t\t\t\t\t\t\t\t\t<p>Syst\u00e9m tabu, ktor\u00e9 obklopuj\u00fa Sednu, je v inuitskom jazyku zn\u00e1my ako <em>pittailiniq<\/em>, \u010do znamen\u00e1 doslova to, \u010do sa nesmie robi\u0165. Tieto z\u00e1kazy s\u00fa zakotven\u00e9 v love a hospod\u00e1ren\u00ed, mor\u00e1lny v\u00fdznam v kres\u0165anskom zmysle nemaj\u00fa.<\/p><p>Kto zmie\u0161a m\u00e4so zo suchozemsk\u00fdch a morsk\u00fdch zvierat v jednom jedle, kto nespr\u00e1vne zaobch\u00e1dza s tulen\u00edm m\u00e4som, kto po\u010das menstru\u00e1cie rozporcuje tule\u0148a alebo kto zataj\u00ed \u00famrtie, ten pod\u013ea predstavy zne\u010dist\u00ed Sednine vlasy.<\/p><p><span class=\"iwg-fachbegriff\" data-tooltip=\"Odvracaj\u00faci ne\u0161\u0165astie: o znakoch a predmetoch, ktor\u00e9 maj\u00fa odvr\u00e1ti\u0165 \u0161kodliv\u00e9 vplyvy.\" tabindex=\"0\">Apotropaicky<\/span> p\u00f4sobia predov\u0161etk\u00fdm povinnosti o\u010disty po p\u00f4rode a \u00famrt\u00ed, oddelen\u00e9 uchov\u00e1vanie n\u00e1strojov na tule\u0148a a karibu, zaobch\u00e1dzanie s prv\u00fdm uloven\u00fdm zviera\u0165om a vracanie vody do tlamy zabit\u00e9ho tule\u0148a ako gesto \u00facty.<\/p><p>Posledn\u00e9 gesto, v odbornej literat\u00fare ozna\u010dovan\u00e9 ako pochov\u00e1vanie tule\u0148a, sa pova\u017euje za \u00fastredn\u00fa \u00fate\u0161n\u00fa obetu vo\u010di du\u0161i zviera\u0165a a nepriamo vo\u010di Sedne.<\/p><p>Dolo\u017een\u00e9 s\u00fa aj ochrann\u00e9 amulety ozna\u010dovan\u00e9 ako <em>aarnguaq<\/em>. M\u00f4\u017eu by\u0165 vyroben\u00e9 z kost\u00ed, paz\u00farov alebo zvy\u0161kov zob\u00e1kov zabit\u00fdch zvierat a zavesuj\u00fa sa doj\u010dat\u00e1m alebo po\u013eovn\u00edkom.<\/p><p>Namiesto toho, aby fungovali magicky v zmysle mechanick\u00e9ho \u00fa\u010dinku, vyjadruj\u00fa udr\u017eiavan\u00fd vz\u0165ah k nie-\u013eudsk\u00fdm osob\u00e1m, na ktor\u00fdch z\u00e1vis\u00ed pre\u017eitie. T\u00e1to vz\u0165ahov\u00e1 etika v\u00fdrazne odli\u0161uje inuitsk\u00e9 n\u00e1bo\u017eenstvo od magicko-instrument\u00e1lnych trad\u00edci\u00ed.<\/p>\t\t\t\t\t\t\t\t<\/div>\n\t\t\t\t<\/div>\n\t\t\t\t\t<\/div>\n\t\t\t\t<\/div>\n\t\t<div class=\"elementor-element elementor-element-iwgw-sedna-s6 e-flex e-con-boxed e-con e-parent\" data-id=\"iwgw-sedna-s6\" data-element_type=\"container\" data-e-type=\"container\">\n\t\t\t\t\t<div class=\"e-con-inner\">\n\t\t\t\t<div class=\"elementor-element elementor-element-iwgw-sedna-s6h elementor-widget elementor-widget-heading\" data-id=\"iwgw-sedna-s6h\" data-element_type=\"widget\" data-e-type=\"widget\" data-widget_type=\"heading.default\">\n\t\t\t\t\t<h2 class=\"elementor-heading-title elementor-size-default\">Sedna v kontexte cirkumpol\u00e1rneho n\u00e1bo\u017eenstva<\/h2>\t\t\t\t<\/div>\n\t\t<div class=\"elementor-element elementor-element-iwgw-sedna-s6c e-con-full e-flex e-con e-child\" data-id=\"iwgw-sedna-s6c\" data-element_type=\"container\" data-e-type=\"container\">\n\t\t\t\t<div class=\"elementor-element elementor-element-iwgw-sedna-s6t elementor-widget elementor-widget-text-editor\" data-id=\"iwgw-sedna-s6t\" data-element_type=\"widget\" data-e-type=\"widget\" data-widget_type=\"text-editor.default\">\n\t\t\t\t\t\t\t\t\t<p>Z h\u013eadiska fenomenol\u00f3gie n\u00e1bo\u017eenstva patr\u00ed Sedna do \u0161ir\u0161ej rodiny pan\u00ed zvierat, ktor\u00e9 Adolf Friedrich a nesk\u00f4r Otto Zerries systematicky pop\u00edsali pre severn\u00fa Eur\u00e1ziu a Severn\u00fa Ameriku. Paralely nach\u00e1dzame v \u010dukotskej predstave <em>kelet<\/em>, u korjackych a itelmensk\u00fdch pan\u00ed mora, ako aj u jupickej <a href=\"https:\/\/iwell-guard.com\/sk\/?page_id=158000\">Qailertetang<\/a>, ktor\u00e1 sa v niektor\u00fdch rozpr\u00e1vaniach objavuje dokonca ako Sednina spolo\u010dn\u00ed\u010dka.<\/p><p>V \u0161ir\u0161om cirkumpol\u00e1rnom porovnan\u00ed sa pribli\u017euje k f\u00ednsko-uhorskej <em>Mehts\u00e4-Em\u00e4<\/em>, teda Lesnej matke, a k s\u00e1mskym <a href=\"https:\/\/iwell-guard.com\/sk\/sami-a-finsko-ugorska-tradicia-noaidi-buben\/\">s\u00e1mskym<\/a> paniam zvierat, ako je <em>Leibolmm\u00e1i<\/em>. \u0160truktur\u00e1lna zhoda spo\u010d\u00edva v reciprocitnej logike: \u00falovok sa pova\u017euje za dar numin\u00f3znej osoby, v \u017eiadnom pr\u00edpade nie za oby\u010dajn\u00fd zdroj.<\/p><p>V subarktickom cirkumpol\u00e1rnom diskurze Ann Fienup-Riordan uk\u00e1zala pre trad\u00edciu <em>Yupik<\/em>, \u017ee tam \u0161truktur\u00e1lne podobn\u00e9 postavy vystupuj\u00fa ako s\u00fabor vz\u0165ahov a tabu. Jednotn\u00e1 personifik\u00e1cia tu ch\u00fdba.<\/p><p>Naproti tomu inuitsk\u00e1 trad\u00edcia centr\u00e1lnej Arkt\u00eddy inklinuje viac k personaliz\u00e1cii do jednej ve\u013ekej postavy Sedny. Tento rozdiel v r\u00e1mci cirkumpol\u00e1rneho priestoru je vedecky pou\u010dn\u00fd, preto\u017ee ukazuje, \u017ee n\u00e1bo\u017eensk\u00e1 forma nevypl\u00fdva nevyhnutne z ekologickej konfigur\u00e1cie.<\/p>\t\t\t\t\t\t\t\t<\/div>\n\t\t\t\t<\/div>\n\t\t\t\t\t<\/div>\n\t\t\t\t<\/div>\n\t\t<div class=\"elementor-element elementor-element-iwgw-sedna-s7 e-flex e-con-boxed e-con e-parent\" data-id=\"iwgw-sedna-s7\" data-element_type=\"container\" data-e-type=\"container\">\n\t\t\t\t\t<div class=\"e-con-inner\">\n\t\t\t\t<div class=\"elementor-element elementor-element-iwgw-sedna-s7h elementor-widget elementor-widget-heading\" data-id=\"iwgw-sedna-s7h\" data-element_type=\"widget\" data-e-type=\"widget\" data-widget_type=\"heading.default\">\n\t\t\t\t\t<h2 class=\"elementor-heading-title elementor-size-default\">Koloni\u00e1lna hist\u00f3ria a kres\u0165ansk\u00e9 prekrytie<\/h2>\t\t\t\t<\/div>\n\t\t<div class=\"elementor-element elementor-element-iwgw-sedna-s7c e-con-full e-flex e-con e-child\" data-id=\"iwgw-sedna-s7c\" data-element_type=\"container\" data-e-type=\"container\">\n\t\t\t\t<div class=\"elementor-element elementor-element-iwgw-sedna-s7t elementor-widget elementor-widget-text-editor\" data-id=\"iwgw-sedna-s7t\" data-element_type=\"widget\" data-e-type=\"widget\" data-widget_type=\"text-editor.default\">\n\t\t\t\t\t\t\t\t\t<p>S mision\u00e1rskou \u010dinnos\u0165ou moravsk\u00fdch a anglik\u00e1nskych mision\u00e1rov medzi Inuitmi od 18. storo\u010dia, v Kanade vyostrenou v 19. a za\u010diatkom 20. storo\u010dia, sa kult Sedny dostal pod v\u00fdrazn\u00fd <span class=\"iwg-fachbegriff\" data-tooltip=\"S\u00fahrn n\u00e1bo\u017eensk\u00fdch \u00factov\u00fdch \u00fakonov k bo\u017estvu alebo posv\u00e4tnej postave.\" tabindex=\"0\">tlak<\/span>.<\/p><p>\u0160amani boli na mnoh\u00fdch miestach ohov\u00e1ran\u00ed ako \u010darodejn\u00edci a ich bubny verejne p\u00e1lili. Praktika angakkuq form\u00e1lne zanikla v mnoh\u00fdch oblastiach, \u010do v\u0161ak neznamen\u00e1, \u017ee rozpr\u00e1vania o Sedne zmizli.<\/p><p>Vedecky dobre zdokumentovan\u00e1 je transform\u00e1cia do oblasti rozpr\u00e1va\u010dskej literat\u00fary a nesk\u00f4r aj s\u00fa\u010dasn\u00e9ho umenia. Sedna sa stala liter\u00e1rno-umeleck\u00fdm symbolom identity kult\u00fary su\u017eovanej kolonializmom. Po vzniku \u00fazemia Nunavut v roku 1999 sa stala s\u00fa\u010das\u0165ou \u0161kolsk\u00fdch osnov a m\u00fazejnej pedagogiky.<\/p><p>Hnutie za obnovu p\u00f4vodn\u00fdch n\u00e1bo\u017eenstiev viedlo od 2000-ych rokov k op\u00e4tovn\u00e9mu objaveniu \u0161amansk\u00fdch prakt\u00edk v odkonfesionalizovanej forme. Vedeck\u00e9 pozorovanie je tu deskript\u00edvne: ide o zmie\u0161an\u00fa formu pam\u00e4\u0165ovej praxe, kon\u0161trukcie identity a \u010diasto\u010dnej obnovy ritu\u00e1lov, nie o nepreru\u0161en\u00fa kontinuitu. T\u00e1to postkoloni\u00e1lna konfigur\u00e1cia je samostatnou oblas\u0165ou vedeck\u00e9ho v\u00fdskumu.<\/p>\t\t\t\t\t\t\t\t<\/div>\n\t\t\t\t<\/div>\n\t\t\t\t\t<\/div>\n\t\t\t\t<\/div>\n\t\t<div class=\"elementor-element elementor-element-iwgw-sedna-s8 e-flex e-con-boxed e-con e-parent\" data-id=\"iwgw-sedna-s8\" data-element_type=\"container\" data-e-type=\"container\">\n\t\t\t\t\t<div class=\"e-con-inner\">\n\t\t\t\t<div class=\"elementor-element elementor-element-iwgw-sedna-s8h elementor-widget elementor-widget-heading\" data-id=\"iwgw-sedna-s8h\" data-element_type=\"widget\" data-e-type=\"widget\" data-widget_type=\"heading.default\">\n\t\t\t\t\t<h2 class=\"elementor-heading-title elementor-size-default\">S\u00fa\u010dasn\u00e1 recepcia, v\u00fdskum a umenie<\/h2>\t\t\t\t<\/div>\n\t\t<div class=\"elementor-element elementor-element-iwgw-sedna-s8c e-con-full e-flex e-con e-child\" data-id=\"iwgw-sedna-s8c\" data-element_type=\"container\" data-e-type=\"container\">\n\t\t\t\t<div class=\"elementor-element elementor-element-iwgw-sedna-s8t elementor-widget elementor-widget-text-editor\" data-id=\"iwgw-sedna-s8t\" data-element_type=\"widget\" data-e-type=\"widget\" data-widget_type=\"text-editor.default\">\n\t\t\t\t\t\t\t\t\t<p>V neindig\u00e9nnej recepcii sa Sedna stala najzn\u00e1mej\u0161ou postavou arktick\u00e9ho n\u00e1bo\u017eenstva. Astronomicky nesie jej meno transnept\u00fanske teleso 90377 Sedna, objaven\u00e9 v roku 2003, \u010do dokumentuje dosah tejto postavy nad r\u00e1mec \u00fazkeho vedeck\u00e9ho okruhu.<\/p><p>V popkult\u00fare je pr\u00edtomn\u00e1 v rom\u00e1noch, filmoch, komiksoch a hr\u00e1ch, \u010dasto v silne zjednodu\u0161enej, niekedy problematicky romantizovanej forme.<\/p><p>V r\u00e1mci samotn\u00fdch inuitsk\u00fdch komun\u00edt je postoj k tejto externej recepcii ambivalentn\u00fd. Zatia\u013e \u010do vidite\u013enos\u0165 sa v\u00edta ako kult\u00farne uznanie, hlasy ako inuitsk\u00e1 kur\u00e1torka Heather Igloliorte alebo spisovate\u013eka Rachel Qitsualik kritizuj\u00fa, \u017ee extern\u00e9 pou\u017eitia \u010dasto ignoruj\u00fa n\u00e1bo\u017eensk\u00e9 s\u00favislosti a redukuj\u00fa postavu na estetick\u00fa morsk\u00fa pannu.<\/p><p>Vedeck\u00fd v\u00fdskum posledn\u00fdch dvadsiatich rokov, napr\u00edklad u Fr\u00e9d\u00e9rica Laugranda, Jaricha Oostena a Anny Lie Berthelsen, zd\u00f4raz\u0148uje potrebu \u010d\u00edta\u0165 Sednu ako uzlov\u00fd bod vz\u0165ahovej siete medzi \u013eu\u010fmi, zvieratami a krajinou, a nie ako izolovan\u00fd obraz bo\u017estva.<\/p><p>V tomto v\u00fdklade sa st\u00e1va k\u013e\u00fa\u010dovou postavou ekologickej antropol\u00f3gie n\u00e1bo\u017eenstva Arkt\u00eddy. Tento teoretick\u00fd posun m\u00e1 zna\u010dn\u00fd vplyv na ch\u00e1panie cel\u00fdch dej\u00edn arktick\u00e9ho n\u00e1bo\u017eenstva.<\/p>\t\t\t\t\t\t\t\t<\/div>\n\t\t\t\t<\/div>\n\t\t\t\t\t<\/div>\n\t\t\t\t<\/div>\n\t\t<div class=\"elementor-element elementor-element-iwgw-sedna-s9 e-flex e-con-boxed e-con e-parent\" data-id=\"iwgw-sedna-s9\" data-element_type=\"container\" data-e-type=\"container\">\n\t\t\t\t\t<div class=\"e-con-inner\">\n\t\t\t\t<div class=\"elementor-element elementor-element-iwgw-sedna-s9h elementor-widget elementor-widget-heading\" data-id=\"iwgw-sedna-s9h\" data-element_type=\"widget\" data-e-type=\"widget\" data-widget_type=\"heading.default\">\n\t\t\t\t\t<h2 class=\"elementor-heading-title elementor-size-default\">Sedna v lexik\u00f3ne inuitskej trad\u00edcie<\/h2>\t\t\t\t<\/div>\n\t\t<div class=\"elementor-element elementor-element-iwgw-sedna-s9c e-con-full e-flex e-con e-child\" data-id=\"iwgw-sedna-s9c\" data-element_type=\"container\" data-e-type=\"container\">\n\t\t\t\t<div class=\"elementor-element elementor-element-iwgw-sedna-s9t elementor-widget elementor-widget-text-editor\" data-id=\"iwgw-sedna-s9t\" data-element_type=\"widget\" data-e-type=\"widget\" data-widget_type=\"text-editor.default\">\n\t\t\t\t\t\t\t\t\t<p>Pre hlb\u0161ie zaradenie do inuitsk\u00e9ho my\u0161lienkov\u00e9ho svet\u0430 sa odpor\u00fa\u010daj\u00fa hesl\u00e1 o <a href=\"https:\/\/iwell-guard.com\/sk\/?page_id=157992\">Sile<\/a>, dychovom priestore sveta, o <a href=\"https:\/\/iwell-guard.com\/sk\/?page_id=157995\">Angute<\/a>, jej otcovi, o <a href=\"https:\/\/iwell-guard.com\/sk\/?page_id=157993\">Tornarssukovi<\/a>, \u0161amanskom pomocnom duchovi, o <a href=\"https:\/\/iwell-guard.com\/sk\/?page_id=157997\">Nanookovi<\/a>, duchovi \u013eadov\u00e9ho medve\u010fa, a o <a href=\"https:\/\/iwell-guard.com\/sk\/?page_id=158000\">Qailertetang<\/a>, sprievodkyni prin\u00e1\u0161aj\u00facej po\u010dasie.<\/p><p>Preh\u013eadov\u00fd r\u00e1mec z h\u013eadiska dej\u00edn n\u00e1bo\u017eenstva pon\u00faka kult\u00farny hub <a href=\"https:\/\/iwell-guard.com\/sk\/inuiti-a-arktida-sedna-tornit-ochranna-prax\/\">Inuitsk\u00e1 trad\u00edcia<\/a>. Kto h\u013ead\u00e1 s\u00favislos\u0165 s paniami zvierat in\u00fdch kult\u00far, n\u00e1jde u <a href=\"https:\/\/iwell-guard.com\/sk\/sami-a-finsko-ugorska-tradicia-noaidi-buben\/\">s\u00e1mskych<\/a> hesiel \u0161truktur\u00e1lne podobn\u00e9 konfigur\u00e1cie, napr\u00edklad u <em>Madderakky<\/em>.<\/p>\t\t\t\t\t\t\t\t<\/div>\n\t\t\t\t<\/div>\n\t\t\t\t\t<\/div>\n\t\t\t\t<\/div>\n\t\t<div class=\"elementor-element elementor-element-cp29452ded e-flex e-con-boxed e-con e-parent\" data-id=\"cp29452ded\" data-element_type=\"container\" data-e-type=\"container\">\n\t\t\t\t\t<div class=\"e-con-inner\">\n\t\t\t\t<div class=\"elementor-element elementor-element-cp24dd8067 elementor-widget elementor-widget-heading\" data-id=\"cp24dd8067\" data-element_type=\"widget\" data-e-type=\"widget\" data-widget_type=\"heading.default\">\n\t\t\t\t\t<h2 class=\"elementor-heading-title elementor-size-default\">Region\u00e1lna rozmanitos\u0165 rozpr\u00e1vania a jeho mien<\/h2>\t\t\t\t<\/div>\n\t\t<div class=\"elementor-element elementor-element-cp24eec498 e-flex e-con-boxed e-con e-child\" data-id=\"cp24eec498\" data-element_type=\"container\" data-e-type=\"container\">\n\t\t\t\t\t<div class=\"e-con-inner\">\n\t\t\t\t<div class=\"elementor-element elementor-element-cp27817669 elementor-widget elementor-widget-text-editor\" data-id=\"cp27817669\" data-element_type=\"widget\" data-e-type=\"widget\" data-widget_type=\"text-editor.default\">\n\t\t\t\t\t\t\t\t\t<p>Sedna nie je jednotn\u00e9 meno jednej celoarktickej <span class=\"iwg-fachbegriff\" data-tooltip=\"Bytos\u0165 uctievan\u00e1 ako bo\u017esk\u00e1 v r\u00e1mci nejak\u00e9ho n\u00e1bo\u017eenstva.\" tabindex=\"0\">bo\u017estvo<\/span>, ale v odbornej literat\u00fare be\u017ene pou\u017e\u00edvan\u00e9 ozna\u010denie pre postavu, ktor\u00e1 sa v rozli\u010dn\u00fdch inuitsk\u00fdch a jupick\u00fdch oblastiach vyskytuje pod ve\u013emi odli\u0161n\u00fdmi menami.<\/p><p>U Inuitov Hudsonovho z\u00e1livu a v\u00fdchodnej Arkt\u00eddy je zn\u00e1ma ako Nuliajuk alebo Takannaaluk, na z\u00e1pade sa objavuj\u00fa formy ako Arnakuagsak, a samotn\u00e9 meno Sedna poch\u00e1dza zo z\u00e1znamov Franza Boasa o ostrove Baffin z konca 19. storo\u010dia.<\/p><p>T\u00e1to r\u00f4znorodos\u0165 nie je ved\u013eaj\u0161ou z\u00e1le\u017eitos\u0165ou, ale odkazuje na region\u00e1lnu samostatnos\u0165 jednotliv\u00fdch spolo\u010denstiev. Aj samotn\u00e9 rozpr\u00e1vanie sa l\u00ed\u0161i. V niektor\u00fdch verzi\u00e1ch je neskor\u0161ia panovn\u00ed\u010dka mora \u017eena, ktor\u00e1 sa vyd\u00e1 za psa alebo vt\u00e1ka v podobe vt\u00e1ka, v in\u00fdch diev\u010da, ktor\u00e9 sa odmieta vyda\u0165.<\/p><p>Mnoh\u00fdm verzi\u00e1m je spolo\u010dn\u00e9, \u017ee ju otec berie s sebou na kajaku, po\u010das b\u00farky je vyhoden\u00e1 za palubu a k\u0155\u010dovito sa dr\u017e\u00ed boku lode, a\u017e k\u00fdm jej neodre\u017e\u00fa prsty. Z odrezan\u00fdch prstov vznikaj\u00fa morsk\u00e9 cicavce.<\/p><p>Hlavn\u00fdmi prame\u0148mi o Sedne s\u00fa z\u00e1znamy Franza Boasa, ako aj rozsiahle materi\u00e1ly z Piatej thulskej exped\u00edcie pod veden\u00edm Knuda Rasmussena z 20. rokov 20. storo\u010dia.<\/p><p>Oba pramenn\u00e9 komplexy s\u00fa hodnotn\u00e9, ale sfarben\u00e9 jazykom, v\u00fdberom a z\u00e1ujmami zapisovate\u013eov. Panarktick\u00e1 Sedna je kon\u0161truktom vonkaj\u0161ej perspekt\u00edvy. Ka\u017ed\u00e9 tvrdenie by preto malo uv\u00e1dza\u0165 pr\u00edslu\u0161n\u00fa oblas\u0165 a tam pou\u017e\u00edvan\u00e9 meno.<\/p>\t\t\t\t\t\t\t\t<\/div>\n\t\t\t\t\t<\/div>\n\t\t\t\t<\/div>\n\t\t\t\t\t<\/div>\n\t\t\t\t<\/div>\n\t\t<div class=\"elementor-element elementor-element-cp22aea445 e-flex e-con-boxed e-con e-parent\" data-id=\"cp22aea445\" data-element_type=\"container\" data-e-type=\"container\">\n\t\t\t\t\t<div class=\"e-con-inner\">\n\t\t\t\t<div class=\"elementor-element elementor-element-cp292b3d5a elementor-widget elementor-widget-heading\" data-id=\"cp292b3d5a\" data-element_type=\"widget\" data-e-type=\"widget\" data-widget_type=\"heading.default\">\n\t\t\t\t\t<h2 class=\"elementor-heading-title elementor-size-default\">Zostup \u0161amana k panovn\u00ed\u010dke mora<\/h2>\t\t\t\t<\/div>\n\t\t<div class=\"elementor-element elementor-element-cp2e8a031f e-flex e-con-boxed e-con e-child\" data-id=\"cp2e8a031f\" data-element_type=\"container\" data-e-type=\"container\">\n\t\t\t\t\t<div class=\"e-con-inner\">\n\t\t\t\t<div class=\"elementor-element elementor-element-cp26b91245 elementor-widget elementor-widget-text-editor\" data-id=\"cp26b91245\" data-element_type=\"widget\" data-e-type=\"widget\" data-widget_type=\"text-editor.default\">\n\t\t\t\t\t\t\t\t\t<p>S predstavou, \u017ee panovn\u00ed\u010dka mora ovl\u00e1da pr\u00edstup k morsk\u00fdm cicavcom, sa sp\u00e1ja osobit\u00e1 ritu\u00e1lna trad\u00edcia. Ke\u010f ch\u00fdbali tulene, moriaky a ve\u013eryby, \u010d\u00edm bolo spolo\u010denstvo ohrozen\u00e9 hladom, pova\u017eovalo sa to za znamenie, \u017ee panovn\u00ed\u010dka je rozhnevan\u00e1.<\/p><p>Za pr\u00ed\u010dinu sa ozna\u010dovali priestupky proti tabu, napr\u00edklad poru\u0161enia pri naroden\u00ed, smrti alebo pri zaobch\u00e1dzan\u00ed s uloven\u00fdmi zvieratami. Previnenia \u013eud\u00ed sa pod\u013ea predstavy hromadili ako ne\u010distota alebo spls\u0165 vo vlasoch panovn\u00ed\u010dky.<\/p><p>V takejto situ\u00e1cii zasiahol <em>angakkuq<\/em>, <span class=\"iwg-fachbegriff\" data-tooltip=\"N\u00e1bo\u017eensk\u00fd \u0161pecialista, ktor\u00e9mu sa pripisuje sprostredkovanie medzi \u013eu\u010fmi a svetom duchov.\" tabindex=\"0\">\u0161aman<\/span>. Knud Rasmussen zaznamenal z oblasti okolo Hudsonovho z\u00e1livu podrobn\u00fa spr\u00e1vu o takomto <span class=\"iwg-fachbegriff\" data-tooltip=\"Pevne stanoven\u00fd, opakuj\u00faci sa n\u00e1bo\u017eensk\u00fd \u00fakon.\" tabindex=\"0\">rite<\/span>.<\/p><p><span class=\"iwg-fachbegriff\" data-tooltip=\"N\u00e1bo\u017eensk\u00fd \u0161pecialista, ktor\u00e9mu sa pripisuje sprostredkovanie medzi \u013eu\u010fmi a svetom duchov.\" tabindex=\"0\">\u0160aman<\/span> sa v tranze vyd\u00e1va na duchovn\u00fa cestu dole na morsk\u00e9 dno, pri ktorej mus\u00ed prekona\u0165 prek\u00e1\u017eky, napr\u00edklad priepas\u0165, ot\u00e1\u010daj\u00faci sa \u013eadov\u00fd blok alebo psa, ktor\u00fd str\u00e1\u017ei vchod.<\/p><p>Po pr\u00edchode do domu panovn\u00ed\u010dky jej roz\u010des\u00e1va a upravuje vlasy, preto\u017ee to pre ch\u00fdbaj\u00face prsty nem\u00f4\u017ee robi\u0165 sama. T\u00fdm odstra\u0148uje nahromaden\u00fa ne\u010distotu a previnenia.<\/p><p>Na opl\u00e1tku mus\u00ed panovn\u00ed\u010dka morsk\u00e9 cicavce znovu uvo\u013eni\u0165. Po n\u00e1vrate z tranzu <span class=\"iwg-fachbegriff\" data-tooltip=\"N\u00e1bo\u017eensk\u00fd \u0161pecialista, ktor\u00e9mu sa pripisuje sprostredkovanie medzi \u013eu\u010fmi a svetom duchov.\" tabindex=\"0\">\u0161aman<\/span> \u010dasto vyz\u00fdval zhroma\u017eden\u00fdch, aby otvorene priznali svoje priestupky proti tabu.<\/p><p>Z vedeck\u00e9ho h\u013eadiska tento <span class=\"iwg-fachbegriff\" data-tooltip=\"Pevne stanoven\u00fd, opakuj\u00faci sa n\u00e1bo\u017eensk\u00fd \u00fakon.\" tabindex=\"0\">rit<\/span> sp\u00e1ja kozmologick\u00e9 vysvetlenie ne\u00faspechu pri love so soci\u00e1lnou funkciou: verejne odha\u013eoval skryt\u00e9 previnenia a obnovoval poriadok medzi \u013eu\u010fmi, zvieratami a panovn\u00ed\u010dkou mora.<\/p>\t\t\t\t\t\t\t\t<\/div>\n\t\t\t\t\t<\/div>\n\t\t\t\t<\/div>\n\t\t\t\t\t<\/div>\n\t\t\t\t<\/div>\n\t\t<div class=\"elementor-element elementor-element-iwgw-sedna-lit e-flex e-con-boxed e-con e-parent\" data-id=\"iwgw-sedna-lit\" data-element_type=\"container\" data-e-type=\"container\">\n\t\t\t\t\t<div class=\"e-con-inner\">\n\t\t\t\t<div class=\"elementor-element elementor-element-iwgw-sedna-lith elementor-widget elementor-widget-heading\" data-id=\"iwgw-sedna-lith\" data-element_type=\"widget\" data-e-type=\"widget\" data-widget_type=\"heading.default\">\n\t\t\t\t\t<h2 class=\"elementor-heading-title elementor-size-default\">Literat\u00fara (v\u00fdber)<\/h2>\t\t\t\t<\/div>\n\t\t<div class=\"elementor-element elementor-element-iwgw-sedna-litc e-con-full e-flex e-con e-child\" data-id=\"iwgw-sedna-litc\" data-element_type=\"container\" data-e-type=\"container\">\n\t\t\t\t<div class=\"elementor-element elementor-element-iwgw-sedna-litt elementor-widget elementor-widget-text-editor\" data-id=\"iwgw-sedna-litt\" data-element_type=\"widget\" data-e-type=\"widget\" data-widget_type=\"text-editor.default\">\n\t\t\t\t\t\t\t\t\t<ul><li><span data-nosnippet>Knud Rasmussen: <em>Intellectual Culture of the Iglulik Eskimos<\/em> (Report of the Fifth Thule Expedition, Bd. VII.1, Kopenhagen 1929)<\/span><\/li><li>Franz Boas: <em>The Central Eskimo<\/em> (Washington 1888)<\/li><li><span data-nosnippet>Daniel Merkur: <em>Becoming Half Hidden: Shamanism and <span class=\"iwg-fachbegriff\" data-tooltip=\"Ritu\u00e1lny prechod, prostredn\u00edctvom ktor\u00e9ho je niekto prijat\u00fd do nov\u00e9ho postavenia alebo spolo\u010denstva.\" tabindex=\"0\">inici\u00e1cia<\/span> among the Inuit<\/em> (Stockholm 1985)<\/span><\/li><li><span data-nosnippet>Ann Fienup-Riordan: <em>Boundaries and Passages: Rule and <span class=\"iwg-fachbegriff\" data-tooltip=\"Usporiadan\u00fd sled symbolick\u00fdch \u00fakonov s n\u00e1bo\u017eensk\u00fdm alebo kult\u00farnym v\u00fdznamom.\" tabindex=\"0\">ritu\u00e1l<\/span> in Yup&#8217;ik Eskimo Oral Tradition<\/em> (Norman 1994)<\/span><\/li><li>Fr\u00e9d\u00e9ric Laugrand a Jarich Oosten: <em>Inuit Shamanism and Christianity<\/em> (Montreal 2010)<\/li><li>Mircea Eliade: <em><span class=\"iwg-fachbegriff\" data-tooltip=\"N\u00e1bo\u017eensk\u00fd syst\u00e9m, v ktorom \u0161pecialisti komunikuj\u00fa so svetom duchov.\" tabindex=\"0\">\u0161amanizmus<\/span> und archaische Ekstasetechnik<\/em> (Stuttgart 1957)<\/li><\/ul>\t\t\t\t\t\t\t\t<\/div>\n\t\t\t\t<\/div>\n\t\t\t\t\t<\/div>\n\t\t\t\t<\/div>\n\t\t<div class=\"elementor-element elementor-element-iwgkw-add-sedna e-flex e-con-boxed e-con e-parent\" data-id=\"iwgkw-add-sedna\" data-element_type=\"container\" data-e-type=\"container\">\n\t\t\t\t\t<div class=\"e-con-inner\">\n\t\t\t\t<div class=\"elementor-element elementor-element-iwgkw-add-sedna-t elementor-widget elementor-widget-text-editor\" data-id=\"iwgkw-add-sedna-t\" data-element_type=\"widget\" data-e-type=\"widget\" data-widget_type=\"text-editor.default\">\n\t\t\t\t\t\t\t\t\t<p>V inuitskom <span class=\"iwg-fachbegriff\" data-tooltip=\"Celok bohov nejak\u00e9ho n\u00e1bo\u017eenstva alebo kult\u00fary.\" tabindex=\"0\">pante\u00f3ne<\/span> plat\u00ed Sedna za <em>ochranky\u0148u<\/em> morsk\u00fdch zvierat: tulene, ve\u013eryby a ryby pod\u013ea tradi\u010dnej predstavy vznikaj\u00fa z jej tela a s\u00fa pod jej kontrolou.<\/p><p>Ak spolo\u010denstvo poru\u0161\u00ed loveck\u00e9 a \u010distotn\u00e9 pravidl\u00e1, ochranky\u0148a zvierat\u00e1 zadr\u017e\u00ed, a <em>angakkoq<\/em> mus\u00ed v tranze zost\u00fapi\u0165 k nej, aby jej roz\u010desal vlasy a tak znovu otvoril lovisk\u00e1.<\/p>\t\t\t\t\t\t\t\t<\/div>\n\t\t\t\t\t<\/div>\n\t\t\t\t<\/div>\n\t\t<div class=\"elementor-element elementor-element-iwgw-sedna-kwd e-flex e-con-boxed e-con e-parent\" data-id=\"iwgw-sedna-kwd\" data-element_type=\"container\" data-e-type=\"container\">\n\t\t\t\t\t<div class=\"e-con-inner\">\n\t\t<div class=\"elementor-element elementor-element-iwgw-sedna-kwdc e-con-full e-flex e-con e-child\" data-id=\"iwgw-sedna-kwdc\" data-element_type=\"container\" data-e-type=\"container\">\n\t\t\t\t<div class=\"elementor-element elementor-element-iwgw-sedna-kwdt elementor-widget elementor-widget-text-editor\" data-id=\"iwgw-sedna-kwdt\" data-element_type=\"widget\" data-e-type=\"widget\" data-widget_type=\"text-editor.default\">\n\t\t\t\t\t\t\t\t\t<p><em>S\u00favisiace k\u013e\u00fa\u010dov\u00e9 pojmy: Sedna Nuliajuk Takannakapsaluk Angakkuq Iglulik panovn\u00ed\u010dka mora tule\u0148ov\u00e1 panovn\u00ed\u010dka Pittailiniq.<\/em><\/p>\t\t\t\t\t\t\t\t<\/div>\n\t\t\t\t<\/div>\n\t\t\t\t\t<\/div>\n\t\t\t\t<\/div>\n\t\t<div class=\"elementor-element elementor-element-iwgw-sedna-cc e-flex e-con-boxed e-con e-parent\" data-id=\"iwgw-sedna-cc\" data-element_type=\"container\" data-e-type=\"container\" id=\"iwg-cc-sedna\">\n\t\t\t\t\t<div class=\"e-con-inner\">\n\t\t<div class=\"elementor-element elementor-element-iwgw-sedna-ccinner e-flex e-con-boxed e-con e-parent\" data-id=\"iwgw-sedna-ccinner\" data-element_type=\"container\" data-e-type=\"container\" data-settings=\"{&quot;background_background&quot;:&quot;classic&quot;}\">\n\t\t\t\t\t<div class=\"e-con-inner\">\n\t\t\t\t<div class=\"elementor-element elementor-element-iwgw-sedna-cch elementor-widget elementor-widget-heading\" data-id=\"iwgw-sedna-cch\" data-element_type=\"widget\" data-e-type=\"widget\" data-widget_type=\"heading.default\">\n\t\t\t\t\t<h2 class=\"elementor-heading-title elementor-size-default\">iWell Guard a ochrann\u00e9 trad\u00edcie<\/h2>\t\t\t\t<\/div>\n\t\t\t\t<div class=\"elementor-element elementor-element-iwgw-sedna-cct elementor-widget elementor-widget-text-editor\" data-id=\"iwgw-sedna-cct\" data-element_type=\"widget\" data-e-type=\"widget\" data-widget_type=\"text-editor.default\">\n\t\t\t\t\t\t\t\t\t<div data-nosnippet=\"true\"><p>iWell Guard nadv\u00e4zuje na kult\u00farno-historick\u00fa trad\u00edciu prenosn\u00fdch ochrann\u00fdch predmetov, v trad\u00edcii <a href=\"https:\/\/iwell-guard.com\/sk\/inuiti-a-arktida-sedna-tornit-ochranna-prax\/\">Inuitov<\/a> a mnoh\u00fdch \u010fal\u0161\u00edch kult\u00far po celom svete. 41 vrstiev, prav\u00e9 zlato, platina, striebro, vyroben\u00e9 v Nemecku. 30-d\u0148ov\u00e1 lehota na vr\u00e1tenie.<\/p><\/div>\t\t\t\t\t\t\t\t<\/div>\n\t\t\t\t<div class=\"elementor-element elementor-element-iwgw-sedna-ccb iwg-cc-button iwg-cc-cta-2026-05-13 elementor-widget elementor-widget-jet-button\" data-id=\"iwgw-sedna-ccb\" data-element_type=\"widget\" data-e-type=\"widget\" data-widget_type=\"jet-button.default\">\n\t\t\t\t<div class=\"elementor-widget-container\">\n\t\t\t\t\t<div class=\"elementor-jet-button jet-elements\"><div class=\"jet-button__container\"><a class=\"jet-button__instance jet-button__instance--icon-left hover-effect-1\" href=\"\/ueber-iwell-guard\/?utm_source=iwell-guard.com&amp;utm_medium=info-box&amp;utm_campaign=wesen-tradition\"><div class=\"jet-button__plane jet-button__plane-normal\"><\/div><div class=\"jet-button__plane jet-button__plane-hover\"><\/div><div class=\"jet-button__state jet-button__state-normal\"><span class=\"jet-button__label\">Viac o iWell Guard<\/span><\/div><div class=\"jet-button__state jet-button__state-hover\"><span class=\"jet-button__label\">Viac o iWell Guard<\/span><\/div><\/a><\/div><\/div><style>.elementor-element.elementor-element-iwgw-sedna-ccb .jet-button__instance{width:320px;height:56px;}.elementor-element.elementor-element-iwgw-sedna-ccb .jet-button__state-normal .jet-button__label{text-align:center;margin:0px 0px 0px 0px;color:#1a1b20;font-family:Montserrat,sans-serif;font-size:13px;font-weight:400;letter-spacing:4px;line-height:1.714em;text-transform:uppercase;}.elementor-element.elementor-element-iwgw-sedna-ccb .jet-button__state-hover .jet-button__label{text-align:center;margin:0px 0px 0px 0px;color:#FECC76;font-family:Montserrat,sans-serif;font-size:13px;font-weight:400;letter-spacing:4px;line-height:1.714em;text-transform:uppercase;}.elementor-element.elementor-element-iwgw-sedna-ccb .jet-button__plane-normal{background-color:#FECC76;border-style:solid;border-color:#C99540;border-width:2px 2px 2px 2px;}.elementor-element.elementor-element-iwgw-sedna-ccb .jet-button__plane-hover{background-color:rgba(0,0,0,0.55);border-style:solid;border-color:#FECC76;border-width:2px 2px 2px 2px;}<\/style>\t\t\t\t<\/div>\n\t\t\t\t<\/div>\n\t\t\t\t<div class=\"elementor-element elementor-element-iwgw-sedna-ccd elementor-widget elementor-widget-text-editor\" data-id=\"iwgw-sedna-ccd\" data-element_type=\"widget\" data-e-type=\"widget\" data-widget_type=\"text-editor.default\">\n\t\t\t\t\t\t\t\t\t<div data-nosnippet=\"true\"><p style=\"text-align:center;font-size:13px;opacity:0.7;margin-top:14px\" data-nosnippet=\"true\">Osobn\u00e9 sk\u00fasenosti sa m\u00f4\u017eu l\u00ed\u0161i\u0165. Nie je to zdravotn\u00edcka pom\u00f4cka. \u017diadny pr\u00eds\u013eub lie\u010denia.<\/p><\/div>\t\t\t\t\t\t\t\t<\/div>\n\t\t\t\t\t<\/div>\n\t\t\t\t<\/div>\n\t\t\t\t\t<\/div>\n\t\t\t\t<\/div>\n\t\t<div class=\"elementor-element elementor-element-iwgw-sedna-disc e-flex e-con-boxed e-con e-parent\" data-id=\"iwgw-sedna-disc\" data-element_type=\"container\" data-e-type=\"container\">\n\t\t\t\t\t<div class=\"e-con-inner\">\n\t\t\t\t<div class=\"elementor-element elementor-element-iwgw-sedna-discw elementor-widget elementor-widget-html\" data-id=\"iwgw-sedna-discw\" data-element_type=\"widget\" data-e-type=\"widget\" data-widget_type=\"html.default\">\n\t\t\t\t\t<footer data-nosnippet=\"true\" class=\"iwg-disclaimer-block\"><p data-nosnippet=\"true\">iWell Guard <strong>nie je zdravotn\u00edcka pom\u00f4cka<\/strong> a nenahr\u00e1dza lek\u00e1rske ani psychoterapeutick\u00e9 o\u0161etrenie. Religionistick\u00fd obsah predstavuje kult\u00farno-historick\u00e9 zaradenie, nie odpor\u00fa\u010danie duchovnej praxe.<\/p><\/footer>\t\t\t\t<\/div>\n\t\t\t\t\t<\/div>\n\t\t\t\t<\/div>\n\t\t\t\t<\/div>\n\t\t","protected":false},"excerpt":{"rendered":"","protected":false},"author":3,"featured_media":2885,"parent":0,"menu_order":0,"comment_status":"closed","ping_status":"closed","template":"elementor_header_footer","meta":{"_yoast_wpseo_focuskw":"Sedna inuitsk\u00e1 morsk\u00e1 bohy\u0148a","_yoast_wpseo_title":"Sedna \u2013 morsk\u00e1 vl\u00e1dky\u0148a Inuitov, m\u00fdtus a kult","_yoast_wpseo_metadesc":"Sedna je vo pante\u00f3ne Inuitov pova\u017eovan\u00e1 za vl\u00e1dky\u0148u morsk\u00fdch zvierat. Religionistick\u00e9 zaradenie: m\u00fdtus, \u0161amansk\u00e1 prax, pramene.","_yoast_wpseo_meta-robots-noindex":"","_yoast_wpseo_canonical":"","_angie_page":false,"gefaehrdungsstufe":"3","wesen_kultur":"inuit","wesen_klasse":"geister","footnotes":""},"categories":[],"class_list":["post-157991","page","type-page","status-publish","has-post-thumbnail","hentry"],"yoast_head":"<!-- This site is optimized with the Yoast SEO Premium plugin v27.7 (Yoast SEO v28.3) - https:\/\/yoast.com\/product\/yoast-seo-premium-wordpress\/ -->\n<title>Sedna \u2013 morsk\u00e1 vl\u00e1dky\u0148a Inuitov, m\u00fdtus a kult<\/title>\n<meta name=\"description\" content=\"Sedna je vo pante\u00f3ne Inuitov pova\u017eovan\u00e1 za vl\u00e1dky\u0148u morsk\u00fdch zvierat. Religionistick\u00e9 zaradenie: m\u00fdtus, \u0161amansk\u00e1 prax, pramene.\" \/>\n<meta name=\"robots\" content=\"index, follow, max-snippet:-1, max-image-preview:large, max-video-preview:-1\" \/>\n<link rel=\"canonical\" href=\"https:\/\/iwell-guard.com\/sk\/sedna-morska-vladkyna-inuitov\/\" \/>\n<meta property=\"og:locale\" content=\"sk_SK\" \/>\n<meta property=\"og:type\" content=\"article\" \/>\n<meta property=\"og:title\" content=\"Sedna \u2013 morsk\u00e1 vl\u00e1dky\u0148a Inuitov\" \/>\n<meta property=\"og:description\" content=\"Sedna je vo pante\u00f3ne Inuitov pova\u017eovan\u00e1 za vl\u00e1dky\u0148u morsk\u00fdch zvierat. Religionistick\u00e9 zaradenie: m\u00fdtus, \u0161amansk\u00e1 prax, pramene.\" \/>\n<meta property=\"og:url\" content=\"https:\/\/iwell-guard.com\/sk\/sedna-morska-vladkyna-inuitov\/\" \/>\n<meta property=\"og:site_name\" content=\"iWell Guard\" \/>\n<meta property=\"article:modified_time\" content=\"2026-09-04T22:47:55+00:00\" \/>\n<meta property=\"og:image\" content=\"https:\/\/iwell-guard.com\/wp-content\/uploads\/2026\/05\/goetter_inuit_sedna-1.webp\" \/>\n\t<meta property=\"og:image:width\" content=\"1024\" \/>\n\t<meta property=\"og:image:height\" content=\"1536\" \/>\n\t<meta property=\"og:image:type\" content=\"image\/webp\" \/>\n<meta name=\"twitter:card\" content=\"summary_large_image\" \/>\n<script type=\"application\/ld+json\" class=\"yoast-schema-graph\">{\"@context\":\"https:\\\/\\\/schema.org\",\"@graph\":[{\"@type\":\"WebPage\",\"@id\":\"https:\\\/\\\/iwell-guard.com\\\/sk\\\/sedna-morska-vladkyna-inuitov\\\/\",\"url\":\"https:\\\/\\\/iwell-guard.com\\\/sk\\\/sedna-morska-vladkyna-inuitov\\\/\",\"name\":\"Sedna \u2013 morsk\u00e1 vl\u00e1dky\u0148a Inuitov, m\u00fdtus a kult\",\"isPartOf\":{\"@id\":\"https:\\\/\\\/iwell-guard.com\\\/sk\\\/#website\"},\"primaryImageOfPage\":{\"@id\":\"https:\\\/\\\/iwell-guard.com\\\/sk\\\/sedna-morska-vladkyna-inuitov\\\/#primaryimage\"},\"image\":{\"@id\":\"https:\\\/\\\/iwell-guard.com\\\/sk\\\/sedna-morska-vladkyna-inuitov\\\/#primaryimage\"},\"thumbnailUrl\":\"https:\\\/\\\/iwell-guard.com\\\/wp-content\\\/uploads\\\/2026\\\/05\\\/goetter_inuit_sedna-1.webp\",\"datePublished\":\"2026-09-04T22:20:25+00:00\",\"dateModified\":\"2026-09-04T22:47:55+00:00\",\"description\":\"Sedna je vo pante\u00f3ne Inuitov pova\u017eovan\u00e1 za vl\u00e1dky\u0148u morsk\u00fdch zvierat. Religionistick\u00e9 zaradenie: m\u00fdtus, \u0161amansk\u00e1 prax, pramene.\",\"breadcrumb\":{\"@id\":\"https:\\\/\\\/iwell-guard.com\\\/sk\\\/sedna-morska-vladkyna-inuitov\\\/#breadcrumb\"},\"inLanguage\":\"sk-SK\",\"potentialAction\":[{\"@type\":\"ReadAction\",\"target\":[\"https:\\\/\\\/iwell-guard.com\\\/sk\\\/sedna-morska-vladkyna-inuitov\\\/\"]}]},{\"@type\":\"ImageObject\",\"inLanguage\":\"sk-SK\",\"@id\":\"https:\\\/\\\/iwell-guard.com\\\/sk\\\/sedna-morska-vladkyna-inuitov\\\/#primaryimage\",\"url\":\"https:\\\/\\\/iwell-guard.com\\\/wp-content\\\/uploads\\\/2026\\\/05\\\/goetter_inuit_sedna-1.webp\",\"contentUrl\":\"https:\\\/\\\/iwell-guard.com\\\/wp-content\\\/uploads\\\/2026\\\/05\\\/goetter_inuit_sedna-1.webp\",\"width\":1024,\"height\":1536,\"caption\":\"Bohovia z inuitskej trad\u00edcie.\"},{\"@type\":\"BreadcrumbList\",\"@id\":\"https:\\\/\\\/iwell-guard.com\\\/sk\\\/sedna-morska-vladkyna-inuitov\\\/#breadcrumb\",\"itemListElement\":[{\"@type\":\"ListItem\",\"position\":1,\"name\":\"Start\",\"item\":\"https:\\\/\\\/iwell-guard.com\\\/sk\\\/?page_id=157572\"},{\"@type\":\"ListItem\",\"position\":2,\"name\":\"Sedna \u2013 morsk\u00e1 vl\u00e1dky\u0148a Inuitov\"}]},{\"@type\":\"WebSite\",\"@id\":\"https:\\\/\\\/iwell-guard.com\\\/sk\\\/#website\",\"url\":\"https:\\\/\\\/iwell-guard.com\\\/sk\\\/\",\"name\":\"iWell Guard\",\"description\":\"Schutz vor dunklen Einfl\u00fcssen\",\"publisher\":{\"@id\":\"https:\\\/\\\/iwell-guard.com\\\/sk\\\/#organization\"},\"potentialAction\":[{\"@type\":\"SearchAction\",\"target\":{\"@type\":\"EntryPoint\",\"urlTemplate\":\"https:\\\/\\\/iwell-guard.com\\\/sk\\\/?s={search_term_string}\"},\"query-input\":{\"@type\":\"PropertyValueSpecification\",\"valueRequired\":true,\"valueName\":\"search_term_string\"}}],\"inLanguage\":\"sk-SK\"},{\"@type\":\"Organization\",\"@id\":\"https:\\\/\\\/iwell-guard.com\\\/sk\\\/#organization\",\"name\":\"Ittermann electronic GmbH\",\"url\":\"https:\\\/\\\/iwell-guard.com\\\/sk\\\/\",\"logo\":{\"@type\":\"ImageObject\",\"inLanguage\":\"sk-SK\",\"@id\":\"https:\\\/\\\/iwell-guard.com\\\/sk\\\/#\\\/schema\\\/logo\\\/image\\\/\",\"url\":\"https:\\\/\\\/iwell-guard.com\\\/wp-content\\\/uploads\\\/2026\\\/05\\\/Ittermann-Logo-1182x237-1.png\",\"contentUrl\":\"https:\\\/\\\/iwell-guard.com\\\/wp-content\\\/uploads\\\/2026\\\/05\\\/Ittermann-Logo-1182x237-1.png\",\"width\":1182,\"height\":237,\"caption\":\"Ittermann electronic GmbH\"},\"image\":{\"@id\":\"https:\\\/\\\/iwell-guard.com\\\/sk\\\/#\\\/schema\\\/logo\\\/image\\\/\"},\"sameAs\":[\"https:\\\/\\\/pantip.com\\\/profile\\\/9367242\",\"https:\\\/\\\/micro.blog\\\/iwellguard\",\"https:\\\/\\\/www.diggerslist.com\\\/iwellguard\\\/about\",\"https:\\\/\\\/skitterphoto.com\\\/photographers\\\/2870314\\\/iwell-guard\",\"https:\\\/\\\/iwellguard.wordpress.com\\\/2026\\\/06\\\/06\\\/iwell-guard\\\/\",\"https:\\\/\\\/hub.docker.com\\\/u\\\/iwellguard\",\"https:\\\/\\\/www.pinterest.com\\\/iwellguard\\\/\",\"https:\\\/\\\/bit.ly\\\/m\\\/iwellguard\",\"https:\\\/\\\/entre-vos-mains.alsace.eu\\\/profiles\\\/iwellguard\\\/activity\",\"https:\\\/\\\/gravatar.com\\\/reallybeded8fd34\",\"https:\\\/\\\/naijamatta.com\\\/iwellguard\",\"https:\\\/\\\/www.goodreads.com\\\/iwellguard\",\"https:\\\/\\\/profile.hatena.ne.jp\\\/iwellguard\\\/\",\"https:\\\/\\\/experiment.com\\\/users\\\/iwellguard\",\"https:\\\/\\\/wakelet.com\\\/@iWellGuard82270\",\"https:\\\/\\\/www.chordie.com\\\/forum\\\/profile.php?id=2555664\",\"https:\\\/\\\/www.instapaper.com\\\/p\\\/17757966\",\"https:\\\/\\\/www.mapleprimes.com\\\/users\\\/iwellguard\",\"https:\\\/\\\/businesslistingplus.com\\\/profile\\\/iwell-guard\\\/\",\"https:\\\/\\\/telegra.ph\\\/iWell-Guard-06-06\",\"https:\\\/\\\/pbase.com\\\/iwellguard\\\/iwellguard\",\"https:\\\/\\\/b.hatena.ne.jp\\\/iwellguard\\\/20260607#bookmark-4788405196491818882\",\"https:\\\/\\\/fliphtml5.com\\\/home\\\/iwellguard\",\"https:\\\/\\\/anyflip.com\\\/homepage\\\/cmiwl#About\",\"https:\\\/\\\/transfur.com\\\/Users\\\/iwellguard\",\"http:\\\/\\\/delphi.larsbo.org\\\/user\\\/iwellguard\",\"https:\\\/\\\/jobs.lajobsportal.org\\\/profiles\\\/8380803-iwell-guard\",\"https:\\\/\\\/md.chaosdorf.de\\\/s\\\/jfbe5SBdJD\",\"https:\\\/\\\/www.lingvolive.com\\\/en-us\\\/profile\\\/9ecaeaca-ce11-4e51-9e71-01d55e2bff36\\\/translations\",\"https:\\\/\\\/www.fitday.com\\\/fitness\\\/forums\\\/members\\\/iwellguard.html\",\"https:\\\/\\\/www.mymeetbook.com\\\/iwellguard\",\"https:\\\/\\\/pxhere.com\\\/en\\\/photographer-me\\\/5040798\",\"https:\\\/\\\/disqus.com\\\/by\\\/iwellguard\\\/about\\\/\",\"https:\\\/\\\/pastelink.net\\\/hjwciqwq\",\"https:\\\/\\\/pubhtml5.com\\\/homepage\\\/scjhn\\\/\",\"https:\\\/\\\/www.bitchute.com\\\/channel\\\/2O2eOKzNqujT\",\"https:\\\/\\\/audiomack.com\\\/iwellguard\"]},{\"@type\":\"Article\",\"@id\":\"https:\\\/\\\/iwell-guard.com\\\/sk\\\/sedna-morska-vladkyna-inuitov\\\/#article\",\"isPartOf\":{\"@id\":\"https:\\\/\\\/iwell-guard.com\\\/sk\\\/sedna-morska-vladkyna-inuitov\\\/\"},\"author\":{\"name\":\"Ralf Ittermann\",\"@id\":\"https:\\\/\\\/iwell-guard.com\\\/sk\\\/#\\\/schema\\\/person\\\/ee2a27f1cac3406c7c6fb5820cb7349f\"},\"headline\":\"Sedna \u2013 morsk\u00e1 vl\u00e1dky\u0148a Inuitov\",\"datePublished\":\"2026-09-04T22:20:25+00:00\",\"dateModified\":\"2026-09-04T22:47:55+00:00\",\"mainEntityOfPage\":{\"@id\":\"https:\\\/\\\/iwell-guard.com\\\/sk\\\/sedna-morska-vladkyna-inuitov\\\/\"},\"publisher\":{\"@id\":\"https:\\\/\\\/iwell-guard.com\\\/sk\\\/#organization\"},\"image\":{\"@id\":\"https:\\\/\\\/iwell-guard.com\\\/sk\\\/sedna-morska-vladkyna-inuitov\\\/#primaryimage\"},\"thumbnailUrl\":\"https:\\\/\\\/iwell-guard.com\\\/wp-content\\\/uploads\\\/2026\\\/05\\\/goetter_inuit_sedna-1.webp\",\"inLanguage\":\"sk-SK\",\"description\":\"Sedna je vo pante\u00f3ne Inuitov pova\u017eovan\u00e1 za vl\u00e1dky\u0148u morsk\u00fdch zvierat. Religionistick\u00e9 zaradenie: m\u00fdtus, \u0161amansk\u00e1 prax, pramene.\"}]}<\/script>\n<!-- \/ Yoast SEO Premium plugin. -->","yoast_head_json":{"title":"Sedna \u2013 morsk\u00e1 vl\u00e1dky\u0148a Inuitov, m\u00fdtus a kult","description":"Sedna je vo pante\u00f3ne Inuitov pova\u017eovan\u00e1 za vl\u00e1dky\u0148u morsk\u00fdch zvierat. Religionistick\u00e9 zaradenie: m\u00fdtus, \u0161amansk\u00e1 prax, pramene.","robots":{"index":"index","follow":"follow","max-snippet":"max-snippet:-1","max-image-preview":"max-image-preview:large","max-video-preview":"max-video-preview:-1"},"canonical":"https:\/\/iwell-guard.com\/sk\/sedna-morska-vladkyna-inuitov\/","og_locale":"sk_SK","og_type":"article","og_title":"Sedna \u2013 morsk\u00e1 vl\u00e1dky\u0148a Inuitov","og_description":"Sedna je vo pante\u00f3ne Inuitov pova\u017eovan\u00e1 za vl\u00e1dky\u0148u morsk\u00fdch zvierat. Religionistick\u00e9 zaradenie: m\u00fdtus, \u0161amansk\u00e1 prax, pramene.","og_url":"https:\/\/iwell-guard.com\/sk\/sedna-morska-vladkyna-inuitov\/","og_site_name":"iWell Guard","article_modified_time":"2026-09-04T22:47:55+00:00","og_image":[{"width":1024,"height":1536,"url":"https:\/\/iwell-guard.com\/wp-content\/uploads\/2026\/05\/goetter_inuit_sedna-1.webp","type":"image\/webp"}],"twitter_card":"summary_large_image","schema":{"@context":"https:\/\/schema.org","@graph":[{"@type":"Article","@id":"https:\/\/iwell-guard.com\/sk\/sedna-morska-vladkyna-inuitov\/#article","isPartOf":{"@id":"https:\/\/iwell-guard.com\/sk\/sedna-morska-vladkyna-inuitov\/"},"author":{"name":"Ralf Ittermann","@id":"https:\/\/iwell-guard.com\/sk\/#\/schema\/person\/ee2a27f1cac3406c7c6fb5820cb7349f"},"headline":"Sedna \u2013 morsk\u00e1 vl\u00e1dky\u0148a Inuitov","datePublished":"2026-09-04T22:20:25+00:00","dateModified":"2026-09-04T22:47:55+00:00","mainEntityOfPage":{"@id":"https:\/\/iwell-guard.com\/sk\/sedna-morska-vladkyna-inuitov\/"},"publisher":{"@id":"https:\/\/iwell-guard.com\/sk\/#organization"},"image":{"@id":"https:\/\/iwell-guard.com\/sk\/sedna-morska-vladkyna-inuitov\/#primaryimage"},"thumbnailUrl":"https:\/\/iwell-guard.com\/wp-content\/uploads\/2026\/05\/goetter_inuit_sedna-1.webp","inLanguage":"sk-SK","description":"Sedna je vo pante\u00f3ne Inuitov pova\u017eovan\u00e1 za vl\u00e1dky\u0148u morsk\u00fdch zvierat. Religionistick\u00e9 zaradenie: m\u00fdtus, \u0161amansk\u00e1 prax, pramene."},{"@type":"WebPage","@id":"https:\/\/iwell-guard.com\/sk\/sedna-morska-vladkyna-inuitov\/","url":"https:\/\/iwell-guard.com\/sk\/sedna-morska-vladkyna-inuitov\/","name":"Sedna \u2013 morsk\u00e1 vl\u00e1dky\u0148a Inuitov, m\u00fdtus a kult","isPartOf":{"@id":"https:\/\/iwell-guard.com\/sk\/#website"},"primaryImageOfPage":{"@id":"https:\/\/iwell-guard.com\/sk\/sedna-morska-vladkyna-inuitov\/#primaryimage"},"image":{"@id":"https:\/\/iwell-guard.com\/sk\/sedna-morska-vladkyna-inuitov\/#primaryimage"},"thumbnailUrl":"https:\/\/iwell-guard.com\/wp-content\/uploads\/2026\/05\/goetter_inuit_sedna-1.webp","datePublished":"2026-09-04T22:20:25+00:00","dateModified":"2026-09-04T22:47:55+00:00","description":"Sedna je vo pante\u00f3ne Inuitov pova\u017eovan\u00e1 za vl\u00e1dky\u0148u morsk\u00fdch zvierat. Religionistick\u00e9 zaradenie: m\u00fdtus, \u0161amansk\u00e1 prax, pramene.","breadcrumb":{"@id":"https:\/\/iwell-guard.com\/sk\/sedna-morska-vladkyna-inuitov\/#breadcrumb"},"inLanguage":"sk-SK","potentialAction":[{"@type":"ReadAction","target":["https:\/\/iwell-guard.com\/sk\/sedna-morska-vladkyna-inuitov\/"]}]},{"@type":"ImageObject","inLanguage":"sk-SK","@id":"https:\/\/iwell-guard.com\/sk\/sedna-morska-vladkyna-inuitov\/#primaryimage","url":"https:\/\/iwell-guard.com\/wp-content\/uploads\/2026\/05\/goetter_inuit_sedna-1.webp","contentUrl":"https:\/\/iwell-guard.com\/wp-content\/uploads\/2026\/05\/goetter_inuit_sedna-1.webp","width":1024,"height":1536,"caption":"Bohovia z inuitskej trad\u00edcie."},{"@type":"BreadcrumbList","@id":"https:\/\/iwell-guard.com\/sk\/sedna-morska-vladkyna-inuitov\/#breadcrumb","itemListElement":[{"@type":"ListItem","position":1,"name":"Start","item":"https:\/\/iwell-guard.com\/sk\/?page_id=157572"},{"@type":"ListItem","position":2,"name":"Sedna \u2013 morsk\u00e1 vl\u00e1dky\u0148a Inuitov"}]},{"@type":"WebSite","@id":"https:\/\/iwell-guard.com\/sk\/#website","url":"https:\/\/iwell-guard.com\/sk\/","name":"iWell Guard","description":"Schutz vor dunklen Einfl\u00fcssen","publisher":{"@id":"https:\/\/iwell-guard.com\/sk\/#organization"},"potentialAction":[{"@type":"SearchAction","target":{"@type":"EntryPoint","urlTemplate":"https:\/\/iwell-guard.com\/sk\/?s={search_term_string}"},"query-input":{"@type":"PropertyValueSpecification","valueRequired":true,"valueName":"search_term_string"}}],"inLanguage":"sk-SK"},{"@type":"Organization","@id":"https:\/\/iwell-guard.com\/sk\/#organization","name":"Ittermann electronic GmbH","url":"https:\/\/iwell-guard.com\/sk\/","logo":{"@type":"ImageObject","inLanguage":"sk-SK","@id":"https:\/\/iwell-guard.com\/sk\/#\/schema\/logo\/image\/","url":"https:\/\/iwell-guard.com\/wp-content\/uploads\/2026\/05\/Ittermann-Logo-1182x237-1.png","contentUrl":"https:\/\/iwell-guard.com\/wp-content\/uploads\/2026\/05\/Ittermann-Logo-1182x237-1.png","width":1182,"height":237,"caption":"Ittermann electronic GmbH"},"image":{"@id":"https:\/\/iwell-guard.com\/sk\/#\/schema\/logo\/image\/"},"sameAs":["https:\/\/pantip.com\/profile\/9367242","https:\/\/micro.blog\/iwellguard","https:\/\/www.diggerslist.com\/iwellguard\/about","https:\/\/skitterphoto.com\/photographers\/2870314\/iwell-guard","https:\/\/iwellguard.wordpress.com\/2026\/06\/06\/iwell-guard\/","https:\/\/hub.docker.com\/u\/iwellguard","https:\/\/www.pinterest.com\/iwellguard\/","https:\/\/bit.ly\/m\/iwellguard","https:\/\/entre-vos-mains.alsace.eu\/profiles\/iwellguard\/activity","https:\/\/gravatar.com\/reallybeded8fd34","https:\/\/naijamatta.com\/iwellguard","https:\/\/www.goodreads.com\/iwellguard","https:\/\/profile.hatena.ne.jp\/iwellguard\/","https:\/\/experiment.com\/users\/iwellguard","https:\/\/wakelet.com\/@iWellGuard82270","https:\/\/www.chordie.com\/forum\/profile.php?id=2555664","https:\/\/www.instapaper.com\/p\/17757966","https:\/\/www.mapleprimes.com\/users\/iwellguard","https:\/\/businesslistingplus.com\/profile\/iwell-guard\/","https:\/\/telegra.ph\/iWell-Guard-06-06","https:\/\/pbase.com\/iwellguard\/iwellguard","https:\/\/b.hatena.ne.jp\/iwellguard\/20260607#bookmark-4788405196491818882","https:\/\/fliphtml5.com\/home\/iwellguard","https:\/\/anyflip.com\/homepage\/cmiwl#About","https:\/\/transfur.com\/Users\/iwellguard","http:\/\/delphi.larsbo.org\/user\/iwellguard","https:\/\/jobs.lajobsportal.org\/profiles\/8380803-iwell-guard","https:\/\/md.chaosdorf.de\/s\/jfbe5SBdJD","https:\/\/www.lingvolive.com\/en-us\/profile\/9ecaeaca-ce11-4e51-9e71-01d55e2bff36\/translations","https:\/\/www.fitday.com\/fitness\/forums\/members\/iwellguard.html","https:\/\/www.mymeetbook.com\/iwellguard","https:\/\/pxhere.com\/en\/photographer-me\/5040798","https:\/\/disqus.com\/by\/iwellguard\/about\/","https:\/\/pastelink.net\/hjwciqwq","https:\/\/pubhtml5.com\/homepage\/scjhn\/","https:\/\/www.bitchute.com\/channel\/2O2eOKzNqujT","https:\/\/audiomack.com\/iwellguard"]},{"@type":"Person","@id":"https:\/\/iwell-guard.com\/sk\/#\/schema\/person\/ee2a27f1cac3406c7c6fb5820cb7349f","name":"Ralf Ittermann","image":{"@type":"ImageObject","inLanguage":"sk-SK","@id":"https:\/\/secure.gravatar.com\/avatar\/073c0153e350a5005b68eb752b445fea71f6b24a26da9449ad7e155e6b446c9d?s=96&d=mm&r=g","url":"https:\/\/secure.gravatar.com\/avatar\/073c0153e350a5005b68eb752b445fea71f6b24a26da9449ad7e155e6b446c9d?s=96&d=mm&r=g","contentUrl":"https:\/\/secure.gravatar.com\/avatar\/073c0153e350a5005b68eb752b445fea71f6b24a26da9449ad7e155e6b446c9d?s=96&d=mm&r=g","caption":"Ralf Ittermann"},"givenName":"Ralf","familyName":"Ittermann","jobTitle":"Gesch\u00e4ftsf\u00fchrer und redaktioneller Verantwortlicher","url":"https:\/\/iwell-guard.com\/sk\/author\/claude\/","description":"Ralf Ittermann ist Gesch\u00e4ftsf\u00fchrer der Ittermann electronic GmbH und redaktioneller Verantwortlicher des iWell-Guard-Lexikons. Er verbindet langj\u00e4hrige Erfahrung in der Pr\u00e4zisionsfertigung mit medialer Praxis und religionsgeschichtlicher Quellenarbeit.","worksFor":{"@type":"Organization","name":"Ittermann electronic GmbH","url":"https:\/\/ittermann.de\/","address":{"@type":"PostalAddress","streetAddress":"K\u00f6hlergasse 16-18","postalCode":"99842","addressLocality":"Ruhla","addressCountry":"DE"}},"knowsAbout":["Religionsgeschichte","Mythologie","Mediale Praxis","Energetische Diagnostik","Schutzpraxis","Volksglauben","Westliche Esoterik"]},{"@type":"Article","@id":"https:\/\/iwell-guard.com\/sk\/sedna-morska-vladkyna-inuitov\/#article","isPartOf":{"@id":"https:\/\/iwell-guard.com\/sk\/sedna-morska-vladkyna-inuitov\/"},"author":{"name":"Ralf Ittermann","@id":"https:\/\/iwell-guard.com\/sk\/#\/schema\/person\/ee2a27f1cac3406c7c6fb5820cb7349f"},"headline":"Sedna \u2013 morsk\u00e1 vl\u00e1dky\u0148a Inuitov","datePublished":"2026-09-04T22:20:25+00:00","dateModified":"2026-09-04T22:47:55+00:00","mainEntityOfPage":{"@id":"https:\/\/iwell-guard.com\/sk\/sedna-morska-vladkyna-inuitov\/"},"publisher":{"@id":"https:\/\/iwell-guard.com\/sk\/#organization"},"image":{"@id":"https:\/\/iwell-guard.com\/sk\/sedna-morska-vladkyna-inuitov\/#primaryimage"},"thumbnailUrl":"https:\/\/iwell-guard.com\/wp-content\/uploads\/2026\/05\/goetter_inuit_sedna-1.webp","inLanguage":"sk-SK","description":"Sedna je vo pante\u00f3ne Inuitov pova\u017eovan\u00e1 za vl\u00e1dky\u0148u morsk\u00fdch zvierat. Religionistick\u00e9 zaradenie: m\u00fdtus, \u0161amansk\u00e1 prax, pramene."}]}},"_links":{"self":[{"href":"https:\/\/iwell-guard.com\/sk\/wp-json\/wp\/v2\/pages\/157991","targetHints":{"allow":["GET"]}}],"collection":[{"href":"https:\/\/iwell-guard.com\/sk\/wp-json\/wp\/v2\/pages"}],"about":[{"href":"https:\/\/iwell-guard.com\/sk\/wp-json\/wp\/v2\/types\/page"}],"author":[{"embeddable":true,"href":"https:\/\/iwell-guard.com\/sk\/wp-json\/wp\/v2\/users\/3"}],"replies":[{"embeddable":true,"href":"https:\/\/iwell-guard.com\/sk\/wp-json\/wp\/v2\/comments?post=157991"}],"version-history":[{"count":0,"href":"https:\/\/iwell-guard.com\/sk\/wp-json\/wp\/v2\/pages\/157991\/revisions"}],"wp:featuredmedia":[{"embeddable":true,"href":"https:\/\/iwell-guard.com\/sk\/wp-json\/wp\/v2\/media\/2885"}],"wp:attachment":[{"href":"https:\/\/iwell-guard.com\/sk\/wp-json\/wp\/v2\/media?parent=157991"}],"wp:term":[{"taxonomy":"category","embeddable":true,"href":"https:\/\/iwell-guard.com\/sk\/wp-json\/wp\/v2\/categories?post=157991"}],"curies":[{"name":"wp","href":"https:\/\/api.w.org\/{rel}","templated":true}]}}