{"id":157990,"date":"2026-09-04T22:20:25","date_gmt":"2026-09-04T22:20:25","guid":{"rendered":"https:\/\/iwell-guard.com\/?page_id=157990"},"modified":"2026-09-04T22:47:54","modified_gmt":"2026-09-04T22:47:54","slug":"namarrkon-muz-bleskov-kunwinjku","status":"publish","type":"page","link":"https:\/\/iwell-guard.com\/sk\/namarrkon-muz-bleskov-kunwinjku\/","title":{"rendered":"Namarrkon \u2013 mu\u017e bleskov Kunwinjku"},"content":{"rendered":"\t\t<div data-elementor-type=\"wp-page\" data-elementor-id=\"157990\" class=\"elementor elementor-157990 elementor-2653 elementor-bc-flex-widget\" data-elementor-post-type=\"page\">\n\t\t\t\t<div class=\"elementor-element elementor-element-iwgw-namarrkon-hero e-flex e-con-boxed e-con e-parent\" data-id=\"iwgw-namarrkon-hero\" data-element_type=\"container\" data-e-type=\"container\" data-settings=\"{&quot;background_background&quot;:&quot;classic&quot;}\">\n\t\t\t\t\t<div class=\"e-con-inner\">\n\t\t<div class=\"elementor-element elementor-element-iwgw-namarrkon-hl e-flex e-con-boxed e-con e-child\" data-id=\"iwgw-namarrkon-hl\" data-element_type=\"container\" data-e-type=\"container\">\n\t\t\t\t\t<div class=\"e-con-inner\">\n\t\t<div class=\"elementor-element elementor-element-iwgw-namarrkon-htxt e-con-full e-flex e-con e-child\" data-id=\"iwgw-namarrkon-htxt\" data-element_type=\"container\" data-e-type=\"container\">\n\t\t\t\t<div class=\"elementor-element elementor-element-iwgw-namarrkon-h1 elementor-widget elementor-widget-heading\" data-id=\"iwgw-namarrkon-h1\" data-element_type=\"widget\" data-e-type=\"widget\" data-widget_type=\"heading.default\">\n\t\t\t\t\t<h1 class=\"elementor-heading-title elementor-size-default\">Namarrkon, tvorca blesku a hromu v aboriginskej trad\u00edcii z\u00e1padn\u00e9ho Arnhemsk\u00e9ho p\u00e1sma<\/h1>\t\t\t\t<\/div>\n\t\t\t\t<div class=\"elementor-element elementor-element-iwgw-namarrkon-lead elementor-widget elementor-widget-text-editor\" data-id=\"iwgw-namarrkon-lead\" data-element_type=\"widget\" data-e-type=\"widget\" data-widget_type=\"text-editor.default\">\n\t\t\t\t\t\t\t\t\t<p>Namarrkon je \u201emu\u017e bleskov\u201c Kunwinjku a susedn\u00fdch aboriginsk\u00fdch skup\u00edn v z\u00e1padnom Arnhemskom p\u00e1sme, v severnej Austr\u00e1lii. Prin\u00e1\u0161a monz\u00fanov\u00e9 b\u00farky vlhk\u00e9ho ro\u010dn\u00e9ho obdobia, udiera do stromov svojimi kamenn\u00fdmi sekerami a je centr\u00e1lnou stvorite\u013eskou postavou tohto regi\u00f3nu.<\/p>\t\t\t\t\t\t\t\t<\/div>\n\t\t\t\t<\/div>\n\t\t<div class=\"elementor-element elementor-element-iwgw-namarrkon-pillc e-con-full e-flex e-con e-child\" data-id=\"iwgw-namarrkon-pillc\" data-element_type=\"container\" data-e-type=\"container\">\n\t\t\t\t<div class=\"elementor-element elementor-element-iwgw-namarrkon-pills elementor-widget elementor-widget-html\" data-id=\"iwgw-namarrkon-pills\" data-element_type=\"widget\" data-e-type=\"widget\" data-widget_type=\"html.default\">\n\t\t\t\t\t<div class=\"iwg-pill-row\"><span class=\"iwg-klasse-badge\" tabindex=\"0\" data-tooltip=\"Tvorca trad\u00edcie Aboriginov.\">Tvorca<\/span><a href=\"https:\/\/iwell-guard.com\/sk\/aboriginalska-australia-dreamtime-tjukurpa\/\" class=\"iwg-kultur-badge\" tabindex=\"0\" data-tooltip=\"Mytol\u00f3gia trad\u00edcie Aboriginov.\">Aboriginsk\u00e1<\/a><span class=\"iwg-tradition-badge\" tabindex=\"0\" data-tooltip=\"Bytos\u0165 blesku a hromu.\">Bytos\u0165 blesku a hromu<\/span><\/div>\t\t\t\t<\/div>\n\t\t\t\t<\/div>\n\t\t<div class=\"elementor-element elementor-element-iwgw-namarrkon-tocc e-con-full e-flex e-con e-child\" data-id=\"iwgw-namarrkon-tocc\" data-element_type=\"container\" data-e-type=\"container\">\n\t\t\t\t<div class=\"elementor-element elementor-element-iwgw-namarrkon-toc elementor-toc--minimized-on-tablet elementor-widget elementor-widget-table-of-contents\" data-id=\"iwgw-namarrkon-toc\" data-element_type=\"widget\" data-e-type=\"widget\" data-settings=\"{&quot;headings_by_tags&quot;:[&quot;h2&quot;,&quot;h3&quot;],&quot;minimize_box&quot;:&quot;yes&quot;,&quot;marker_view&quot;:&quot;bullets&quot;,&quot;no_headings_message&quot;:&quot;Na tejto str\\u00e1nke sa nena\\u0161li \\u017eiadne nadpisy.&quot;,&quot;exclude_headings_by_selector&quot;:[],&quot;icon&quot;:{&quot;value&quot;:&quot;fas fa-circle&quot;,&quot;library&quot;:&quot;fa-solid&quot;,&quot;rendered_tag&quot;:&quot;&lt;svg class=\\&quot;e-font-icon-svg e-fas-circle\\&quot; viewBox=\\&quot;0 0 512 512\\&quot; xmlns=\\&quot;http:\\\/\\\/www.w3.org\\\/2000\\\/svg\\&quot;&gt;&lt;path d=\\&quot;M256 8C119 8 8 119 8 256s111 248 248 248 248-111 248-248S393 8 256 8z\\&quot;&gt;&lt;\\\/path&gt;&lt;\\\/svg&gt;&quot;},&quot;minimized_on&quot;:&quot;tablet&quot;,&quot;hierarchical_view&quot;:&quot;yes&quot;,&quot;min_height&quot;:{&quot;unit&quot;:&quot;px&quot;,&quot;size&quot;:&quot;&quot;,&quot;sizes&quot;:[]},&quot;min_height_tablet&quot;:{&quot;unit&quot;:&quot;px&quot;,&quot;size&quot;:&quot;&quot;,&quot;sizes&quot;:[]},&quot;min_height_mobile&quot;:{&quot;unit&quot;:&quot;px&quot;,&quot;size&quot;:&quot;&quot;,&quot;sizes&quot;:[]}}\" data-widget_type=\"table-of-contents.default\">\n\t\t\t\t\t\t\t\t\t<div class=\"elementor-toc__header\">\n\t\t\t\t\t\t<h2 class=\"elementor-toc__header-title\">\n\t\t\t\tObsah\t\t\t<\/h2>\n\t\t\t\t\t\t\t\t\t\t<div class=\"elementor-toc__toggle-button elementor-toc__toggle-button--expand\" role=\"button\" tabindex=\"0\" aria-controls=\"elementor-toc__iwgw-namarrkon-toc\" aria-expanded=\"true\" aria-label=\"Open table of contents\"><svg aria-hidden=\"true\" class=\"e-font-icon-svg e-fas-chevron-down\" viewBox=\"0 0 448 512\" xmlns=\"http:\/\/www.w3.org\/2000\/svg\"><path d=\"M207.029 381.476L12.686 187.132c-9.373-9.373-9.373-24.569 0-33.941l22.667-22.667c9.357-9.357 24.522-9.375 33.901-.04L224 284.505l154.745-154.021c9.379-9.335 24.544-9.317 33.901.04l22.667 22.667c9.373 9.373 9.373 24.569 0 33.941L240.971 381.476c-9.373 9.372-24.569 9.372-33.942 0z\"><\/path><\/svg><\/div>\n\t\t\t\t<div class=\"elementor-toc__toggle-button elementor-toc__toggle-button--collapse\" role=\"button\" tabindex=\"0\" aria-controls=\"elementor-toc__iwgw-namarrkon-toc\" aria-expanded=\"true\" aria-label=\"Close table of contents\"><svg aria-hidden=\"true\" class=\"e-font-icon-svg e-fas-chevron-up\" viewBox=\"0 0 448 512\" xmlns=\"http:\/\/www.w3.org\/2000\/svg\"><path d=\"M240.971 130.524l194.343 194.343c9.373 9.373 9.373 24.569 0 33.941l-22.667 22.667c-9.357 9.357-24.522 9.375-33.901.04L224 227.495 69.255 381.516c-9.379 9.335-24.544 9.317-33.901-.04l-22.667-22.667c-9.373-9.373-9.373-24.569 0-33.941L207.03 130.525c9.372-9.373 24.568-9.373 33.941-.001z\"><\/path><\/svg><\/div>\n\t\t\t\t\t<\/div>\n\t\t\t\t<div id=\"elementor-toc__iwgw-namarrkon-toc\" class=\"elementor-toc__body\">\n\t\t\t<div class=\"elementor-toc__spinner-container\">\n\t\t\t\t<svg class=\"elementor-toc__spinner eicon-animation-spin e-font-icon-svg e-eicon-loading\" aria-hidden=\"true\" viewBox=\"0 0 1000 1000\" xmlns=\"http:\/\/www.w3.org\/2000\/svg\"><path d=\"M500 975V858C696 858 858 696 858 500S696 142 500 142 142 304 142 500H25C25 237 238 25 500 25S975 237 975 500 763 975 500 975Z\"><\/path><\/svg>\t\t\t<\/div>\n\t\t<\/div>\n\t\t\t\t\t\t<\/div>\n\t\t\t\t<\/div>\n\t\t\t\t\t<\/div>\n\t\t\t\t<\/div>\n\t\t<div class=\"elementor-element elementor-element-iwgw-namarrkon-hr e-con-full e-flex e-con e-child\" data-id=\"iwgw-namarrkon-hr\" data-element_type=\"container\" data-e-type=\"container\">\n\t\t\t\t<div class=\"elementor-element elementor-element-iwgw-namarrkon-heroimg iwg-hero-image elementor-widget elementor-widget-image\" data-id=\"iwgw-namarrkon-heroimg\" data-element_type=\"widget\" data-e-type=\"widget\" data-widget_type=\"image.default\">\n\t\t\t\t\t\t\t\t\t\t\t\t\t\t\t<img fetchpriority=\"high\" decoding=\"async\" width=\"683\" height=\"1024\" src=\"https:\/\/iwell-guard.com\/wp-content\/uploads\/2026\/05\/goetter_aboriginal_namarrkon-683x1024.webp\" class=\"attachment-large size-large wp-image-159775\" alt=\"Namarrkon \u2013 bohovia z aboriginskej trad\u00edcie, historicko-ilustra\u010dn\u00e9 zobrazenie\" srcset=\"https:\/\/iwell-guard.com\/wp-content\/uploads\/2026\/05\/goetter_aboriginal_namarrkon-683x1024.webp 683w, https:\/\/iwell-guard.com\/wp-content\/uploads\/2026\/05\/goetter_aboriginal_namarrkon-200x300.webp 200w, https:\/\/iwell-guard.com\/wp-content\/uploads\/2026\/05\/goetter_aboriginal_namarrkon-768x1152.webp 768w, https:\/\/iwell-guard.com\/wp-content\/uploads\/2026\/05\/goetter_aboriginal_namarrkon.webp 1024w\" sizes=\"(max-width: 683px) 100vw, 683px\" \/>\t\t\t\t\t\t\t\t\t\t\t\t\t\t\t<\/div>\n\t\t\t\t<\/div>\n\t\t\t\t\t<\/div>\n\t\t\t\t<\/div>\n\t\t\t\t<section class=\"elementor-section elementor-top-section elementor-element elementor-element-sec-iwgcomp2-namarrkon elementor-section-boxed elementor-section-height-default elementor-section-height-default\" data-id=\"sec-iwgcomp2-namarrkon\" data-element_type=\"section\" data-e-type=\"section\">\n\t\t\t\t\t\t<div class=\"elementor-container elementor-column-gap-default\">\n\t\t\t\t\t<div class=\"elementor-column elementor-col-100 elementor-top-column elementor-element elementor-element-col-iwgcomp2-namarrkon\" data-id=\"col-iwgcomp2-namarrkon\" data-element_type=\"column\" data-e-type=\"column\">\n\t\t\t<div class=\"elementor-widget-wrap elementor-element-populated\">\n\t\t\t\t\t\t<div class=\"elementor-element elementor-element-iwgcomp2-namarrkon elementor-widget elementor-widget-text-editor\" data-id=\"iwgcomp2-namarrkon\" data-element_type=\"widget\" data-e-type=\"widget\" data-widget_type=\"text-editor.default\">\n\t\t\t\t\t\t\t\t\t<p>Namarrkon, <strong>tvorca hromu<\/strong> v aboriginskej trad\u00edcii z\u00e1padn\u00e9ho Arnhemsk\u00e9ho p\u00e1sma, sp\u00f4sobuje hrom svojimi kamenn\u00fdmi sekerami.<\/p>\t\t\t\t\t\t\t\t<\/div>\n\t\t\t\t\t<\/div>\n\t\t<\/div>\n\t\t\t\t\t<\/div>\n\t\t<\/section>\n\t\t<div class=\"elementor-element elementor-element-iwgw-namarrkon-s0 e-flex e-con-boxed e-con e-parent\" data-id=\"iwgw-namarrkon-s0\" data-element_type=\"container\" data-e-type=\"container\">\n\t\t\t\t\t<div class=\"e-con-inner\">\n\t\t\t\t<div class=\"elementor-element elementor-element-iwgw-namarrkon-s0h elementor-widget elementor-widget-heading\" data-id=\"iwgw-namarrkon-s0h\" data-element_type=\"widget\" data-e-type=\"widget\" data-widget_type=\"heading.default\">\n\t\t\t\t\t<h2 class=\"elementor-heading-title elementor-size-default\">Zaradenie a stru\u010dn\u00fd profil<\/h2>\t\t\t\t<\/div>\n\t\t<div class=\"elementor-element elementor-element-iwgw-namarrkon-s0c e-con-full e-flex e-con e-child\" data-id=\"iwgw-namarrkon-s0c\" data-element_type=\"container\" data-e-type=\"container\">\n\t\t\t\t<div class=\"elementor-element elementor-element-iwgw-namarrkon-s0t elementor-widget elementor-widget-text-editor\" data-id=\"iwgw-namarrkon-s0t\" data-element_type=\"widget\" data-e-type=\"widget\" data-widget_type=\"text-editor.default\">\n\t\t\t\t\t\t\t\t\t<p>Namarrkon (aj <em>Namarrgon<\/em>, <em>Namarrgun<\/em>) je \u201emu\u017e bleskov\u201c Kunwinjku a susedn\u00fdch aboriginsk\u00fdch jazykov\u00fdch skup\u00edn v z\u00e1padnom Arnhemskom p\u00e1sme (Northern Territory). Je jednou z hlavn\u00fdch post\u00e1v kunwinjkuskej <span class=\"iwg-fachbegriff\" data-tooltip=\"S\u00fabor tradovan\u00fdch rozpr\u00e1van\u00ed o bohoch danej kult\u00fary.\" tabindex=\"0\">mytol\u00f3gie<\/span> a z\u00e1rove\u0148 jedn\u00fdm z naj\u010dastej\u0161ie zobrazovan\u00fdch mot\u00edvov v skaln\u00fdch ma\u013eb\u00e1ch n\u00e1rodn\u00e9ho parku Kakadu.<\/p><p>V r\u00e1mci <a href=\"https:\/\/iwell-guard.com\/sk\/aboriginalska-australia-dreamtime-tjukurpa\/\">aboriginskej trad\u00edcie<\/a> je Namarrkon stvorite\u013eskou postavou spojenou s monz\u00fanov\u00fdm vlhk\u00fdm ro\u010dn\u00fdm obdob\u00edm; prin\u00e1\u0161a b\u00farky, ktor\u00e9 formuj\u00fa tropicko-monz\u00fanov\u00fa kl\u00edmu severnej Austr\u00e1lie. Jeho vz\u0165ah k <a href=\"https:\/\/iwell-guard.com\/sk\/?page_id=157981\">Rainbow Serpent<\/a> (D\u00fahov\u00fd had) je bl\u00edzky, no funk\u010dne odl\u00ed\u0161en\u00fd: zatia\u013e \u010do Rainbow Serpent je spojen\u00fd v\u0161eobecne s vodou, Namarrkon sa \u0161pecializuje na blesk a hrom.<\/p><p>Z h\u013eadiska religionistiky patr\u00ed Namarrkon do triedy \u201ehromovl\u00e1dcov\u201c, celosvetovo roz\u0161\u00edrenej rodiny bohov, do ktorej patria Indra (v\u00e9dska trad\u00edcia), Thor (germ\u00e1nska trad\u00edcia), Zeus (v jeho funkcii boha hromu, gr\u00e9cka trad\u00edcia), Shango (jorubsk\u00e1 trad\u00edcia) a Tlaloc (mezoamerick\u00e1 trad\u00edcia).<\/p>\t\t\t\t\t\t\t\t<\/div>\n\t\t\t\t<\/div>\n\t\t\t\t\t<\/div>\n\t\t\t\t<\/div>\n\t\t<div class=\"elementor-element elementor-element-iwgw-namarrkon-s1 e-flex e-con-boxed e-con e-parent\" data-id=\"iwgw-namarrkon-s1\" data-element_type=\"container\" data-e-type=\"container\">\n\t\t\t\t\t<div class=\"e-con-inner\">\n\t\t\t\t<div class=\"elementor-element elementor-element-iwgw-namarrkon-s1h elementor-widget elementor-widget-heading\" data-id=\"iwgw-namarrkon-s1h\" data-element_type=\"widget\" data-e-type=\"widget\" data-widget_type=\"heading.default\">\n\t\t\t\t\t<h2 class=\"elementor-heading-title elementor-size-default\">Meno a etymol\u00f3gia<\/h2>\t\t\t\t<\/div>\n\t\t<div class=\"elementor-element elementor-element-iwgw-namarrkon-s1c e-con-full e-flex e-con e-child\" data-id=\"iwgw-namarrkon-s1c\" data-element_type=\"container\" data-e-type=\"container\">\n\t\t\t\t<div class=\"elementor-element elementor-element-iwgw-namarrkon-s1t elementor-widget elementor-widget-text-editor\" data-id=\"iwgw-namarrkon-s1t\" data-element_type=\"widget\" data-e-type=\"widget\" data-widget_type=\"text-editor.default\">\n\t\t\t\t\t\t\t\t\t<p>Meno <em>Namarrkon<\/em> je v jazyku Kunwinjku zlo\u017een\u00e9 slovo: <em>namarr-<\/em> je predponov\u00fd kme\u0148, ktor\u00fd ozna\u010duje \u201esveteln\u00fd z\u00e1blesk\u201c alebo \u201eelektrick\u00fd v\u00fdboj\u201c, s osobnou koncovkou <em>-kon<\/em>. Doslova teda pribli\u017ene \u201eMu\u017e blesku\u201c alebo \u201eTen, kto prin\u00e1\u0161a blesky\u201c.<\/p><p>V susedn\u00fdch jazykoch znie meno mierne odli\u0161ne: <em>Namarrgun<\/em> v \u0161tandardnom kunwinjkuskom variante, <em>Wagilag-Namarrkon<\/em> v niektor\u00fdch trad\u00edci\u00e1ch spojen\u00fdch s Yolngu, <em>Walarringgu<\/em> v trad\u00edcii Rembarrnga. T\u00e1to r\u00f4znorodos\u0165 odr\u00e1\u017ea miestnu diferenci\u00e1ciu aboriginsk\u00e9ho n\u00e1bo\u017eenstva.<\/p><p>Howard Morphy vo svojom diele <em>Aboriginal Art<\/em> (1998) systematicky pop\u00edsal region\u00e1lne vari\u00e1cie komplexu Namarrkon. T\u00e1to jazykov\u00e1 a obrazov\u00e1 trad\u00edcia je jedn\u00fdm z najlep\u0161\u00edch pr\u00edkladov tesn\u00e9ho spojenia medzi lingvistikou a religionistickou etnol\u00f3giou.<\/p>\t\t\t\t\t\t\t\t<\/div>\n\t\t\t\t<\/div>\n\t\t\t\t\t<\/div>\n\t\t\t\t<\/div>\n\t\t<div class=\"elementor-element elementor-element-iwgw-namarrkon-s2 e-flex e-con-boxed e-con e-parent\" data-id=\"iwgw-namarrkon-s2\" data-element_type=\"container\" data-e-type=\"container\">\n\t\t\t\t\t<div class=\"e-con-inner\">\n\t\t\t\t<div class=\"elementor-element elementor-element-iwgw-namarrkon-s2h elementor-widget elementor-widget-heading\" data-id=\"iwgw-namarrkon-s2h\" data-element_type=\"widget\" data-e-type=\"widget\" data-widget_type=\"heading.default\">\n\t\t\t\t\t<h2 class=\"elementor-heading-title elementor-size-default\">Popis a ikonografia<\/h2>\t\t\t\t<\/div>\n\t\t<div class=\"elementor-element elementor-element-iwgw-namarrkon-s2c e-con-full e-flex e-con e-child\" data-id=\"iwgw-namarrkon-s2c\" data-element_type=\"container\" data-e-type=\"container\">\n\t\t\t\t<div class=\"elementor-element elementor-element-iwgw-namarrkon-s2t elementor-widget elementor-widget-text-editor\" data-id=\"iwgw-namarrkon-s2t\" data-element_type=\"widget\" data-e-type=\"widget\" data-widget_type=\"text-editor.default\">\n\t\t\t\t\t\t\t\t\t<p>Namarrkon je v kunwinjkuskej trad\u00edcii opisovan\u00fd ako siln\u00fd mu\u017e obklopen\u00fd bleskami. Na skaln\u00fdch ma\u013eb\u00e1ch je typicky zobrazovan\u00fd v \u201er\u00f6ntgenovom \u0161t\u00fdle\u201c (X-ray style): s vidite\u013en\u00fdmi vn\u00fatorn\u00fdmi org\u00e1nmi, obklopen\u00fd bleskov\u00fdmi obl\u00fakmi, s kamenn\u00fdmi sekerami na kolen\u00e1ch, lok\u0165och a \u010dlenkoch. Tieto kamenn\u00e9 sekery vytv\u00e1raj\u00fa hrom.<\/p><p>\u201eR\u00f6ntgenov\u00fd \u0161t\u00fdl\u201c je typick\u00fd pre kunwinjkusku trad\u00edciu skaln\u00fdch malieb a pova\u017euje sa za jednu z najneskor\u0161\u00edch \u0161t\u00fdlov\u00fdch foriem, ktor\u00e1 sa pravdepodobne vyvinula v priebehu posledn\u00fdch 2000 a\u017e 4000 rokov. Charles P. Mountford ho prv\u00fdkr\u00e1t systematicky pop\u00edsal v diele <em>Records of the American-Australian Scientific Expedition<\/em> (1956).<\/p><p>V s\u00fa\u010dasnej trad\u00edcii malieb na k\u00f4re (bark painting) v oblasti Maningrida a Gunbalanya je Namarrkon st\u00e1le zobrazovan\u00fd v \u201er\u00f6ntgenovom \u0161t\u00fdle\u201c. Umelci ako Bardayal \u201eLofty\u201c Nadjamerrek, Spider Namirrkki a John Mawurndjul vytvorili ikonick\u00e9 diela s Namarrkonom, ktor\u00e9 s\u00fa vystaven\u00e9 v mnoh\u00fdch m\u00faze\u00e1ch po celom svete.<\/p>\t\t\t\t\t\t\t\t<\/div>\n\t\t\t\t<\/div>\n\t\t\t\t\t<\/div>\n\t\t\t\t<\/div>\n\t\t<div class=\"elementor-element elementor-element-iwgw-namarrkon-s3 e-flex e-con-boxed e-con e-parent\" data-id=\"iwgw-namarrkon-s3\" data-element_type=\"container\" data-e-type=\"container\">\n\t\t\t\t\t<div class=\"e-con-inner\">\n\t\t\t\t<div class=\"elementor-element elementor-element-iwgw-namarrkon-s3h elementor-widget elementor-widget-heading\" data-id=\"iwgw-namarrkon-s3h\" data-element_type=\"widget\" data-e-type=\"widget\" data-widget_type=\"heading.default\">\n\t\t\t\t\t<h2 class=\"elementor-heading-title elementor-size-default\">Mytologick\u00e9 rozpr\u00e1vania<\/h2>\t\t\t\t<\/div>\n\t\t<div class=\"elementor-element elementor-element-iwgw-namarrkon-s3c e-con-full e-flex e-con e-child\" data-id=\"iwgw-namarrkon-s3c\" data-element_type=\"container\" data-e-type=\"container\">\n\t\t\t\t<div class=\"elementor-element elementor-element-iwgw-namarrkon-s3t elementor-widget elementor-widget-text-editor\" data-id=\"iwgw-namarrkon-s3t\" data-element_type=\"widget\" data-e-type=\"widget\" data-widget_type=\"text-editor.default\">\n\t\t\t\t\t\t\t\t\t<p>Centr\u00e1lne rozpr\u00e1vanie o Namarrkonovi popisuje jeho \u00falohu pri pr\u00edchode vlhk\u00e9ho ro\u010dn\u00e9ho obdobia: v obdob\u00ed such\u00fdch mesiacov odpo\u010d\u00edva Namarrkon vo sv\u00e4tej vodnej jame v krajine Lightning Dreaming Country (v\u00fdchodne od Gunbalanya).<\/p><p>Na za\u010diatku vlhk\u00e9ho ro\u010dn\u00e9ho obdobia sa preb\u00fadza, vystupuje k nebu a prin\u00e1\u0161a monz\u00fanov\u00e9 b\u00farky. Blesky s\u00fa \u00fadery jeho kamenn\u00fdch sekier, hrom je ich bur\u00e1canie.<\/p><p>Druh\u00e9 rozpr\u00e1vanie hovor\u00ed o tom, ako Namarrkon vytvoril prv\u00e9 kamenn\u00e9 sekery a pripevnil si ich na telo. Toto stvorite\u013esk\u00e9 rozpr\u00e1vanie sp\u00e1ja jeho funkciu (prin\u00e1\u0161ate\u013e blesku) s technol\u00f3giou kamenn\u00fdch sekier Kunwinjku, ktor\u00e1 archeologicky sah\u00e1 hlboko do praveku.<\/p><p>Tretie rozpr\u00e1vanie popisuje konflikt medzi Namarrkonom a \u0161kodlivou bytos\u0165ou, ktor\u00e1 chce zabr\u00e1ni\u0165 pr\u00edchodu da\u017e\u010fa. Namarrkon zv\u00ed\u0165az\u00ed vrhan\u00edm svojich kamenn\u00fdch sekier, \u010do je etiologick\u00fd <span class=\"iwg-fachbegriff\" data-tooltip=\"Tradovan\u00e9 rozpr\u00e1vanie o bohoch, p\u00f4vode a poriadku svet.\" tabindex=\"0\">m\u00fdtus<\/span>, ktor\u00fd vysvet\u013euje ka\u017edoro\u010dn\u00fd n\u00e1vrat vlhk\u00e9ho ro\u010dn\u00e9ho obdobia.<\/p>\t\t\t\t\t\t\t\t<\/div>\n\t\t\t\t<\/div>\n\t\t\t\t\t<\/div>\n\t\t\t\t<\/div>\n\t\t<div class=\"elementor-element elementor-element-iwgw-namarrkon-s4 e-flex e-con-boxed e-con e-parent\" data-id=\"iwgw-namarrkon-s4\" data-element_type=\"container\" data-e-type=\"container\">\n\t\t\t\t\t<div class=\"e-con-inner\">\n\t\t\t\t<div class=\"elementor-element elementor-element-iwgw-namarrkon-s4h elementor-widget elementor-widget-heading\" data-id=\"iwgw-namarrkon-s4h\" data-element_type=\"widget\" data-e-type=\"widget\" data-widget_type=\"heading.default\">\n\t\t\t\t\t<h2 class=\"elementor-heading-title elementor-size-default\">Kult a uctievanie<\/h2>\t\t\t\t<\/div>\n\t\t<div class=\"elementor-element elementor-element-iwgw-namarrkon-s4c e-con-full e-flex e-con e-child\" data-id=\"iwgw-namarrkon-s4c\" data-element_type=\"container\" data-e-type=\"container\">\n\t\t\t\t<div class=\"elementor-element elementor-element-iwgw-namarrkon-s4t elementor-widget elementor-widget-text-editor\" data-id=\"iwgw-namarrkon-s4t\" data-element_type=\"widget\" data-e-type=\"widget\" data-widget_type=\"text-editor.default\">\n\t\t\t\t\t\t\t\t\t<p>Namarrkon nem\u00e1 v kunwinjkuskej trad\u00edcii samostatn\u00fd <span class=\"iwg-fachbegriff\" data-tooltip=\"S\u00fabor n\u00e1bo\u017eensk\u00fdch \u00fakonov uctievania bo\u017estva alebo sv\u00e4tej bytosti.\" tabindex=\"0\">kult<\/span>, je v\u0161ak s\u00fa\u010das\u0165ou viacer\u00fdch inicia\u010dn\u00fdch a sez\u00f3nnych ritu\u00e1lov. Pred za\u010diatkom vlhk\u00e9ho ro\u010dn\u00e9ho obdobia ho star\u0161\u00ed kme\u0148a \u201epoz\u00fdvaj\u00fa\u201c; nav\u0161tevuj\u00fa sa ur\u010dit\u00e9 sv\u00e4t\u00e9 vodn\u00e9 jamy v jeho krajine a <span class=\"iwg-fachbegriff\" data-tooltip=\"Patriaci k pevne stanoven\u00e9mu n\u00e1bo\u017eensk\u00e9mu \u00fakonu.\" tabindex=\"0\">ritu\u00e1lne<\/span> sa udr\u017eiavaj\u00fa.<\/p><p>Po\u010das samotn\u00e9ho vlhk\u00e9ho ro\u010dn\u00e9ho obdobia sa dodr\u017eiavaj\u00fa ur\u010dit\u00e9 tabu: hlasn\u00e9 zvuky, p\u00edskanie, dot\u00fdkanie sa ur\u010dit\u00fdch stromov m\u00f4\u017eu \u201eru\u0161i\u0165 Namarrkona\u201c. Tieto pravidl\u00e1 maj\u00fa jasn\u00fd ekologick\u00fd z\u00e1klad: opatrnos\u0165 pred z\u00e1sahom bleskom po\u010das b\u00farky.<\/p><p>V s\u00fa\u010dasnej praxi Kunwinjku je Namarrkon \u017eiv\u00fd najm\u00e4 prostredn\u00edctvom trad\u00edcie malieb na k\u00f4re. Ka\u017edoro\u010dn\u00e9 \u201eManingrida Festivals\u201c a \u010fal\u0161ie aboriginsk\u00e9 umeleck\u00e9 podujatia prin\u00e1\u0161aj\u00fa obrazy Namarrkona do medzin\u00e1rodnej verejnosti.<\/p>\t\t\t\t\t\t\t\t<\/div>\n\t\t\t\t<\/div>\n\t\t\t\t\t<\/div>\n\t\t\t\t<\/div>\n\t\t<div class=\"elementor-element elementor-element-iwgw-namarrkon-s5 e-flex e-con-boxed e-con e-parent\" data-id=\"iwgw-namarrkon-s5\" data-element_type=\"container\" data-e-type=\"container\">\n\t\t\t\t\t<div class=\"e-con-inner\">\n\t\t\t\t<div class=\"elementor-element elementor-element-iwgw-namarrkon-s5h elementor-widget elementor-widget-heading\" data-id=\"iwgw-namarrkon-s5h\" data-element_type=\"widget\" data-e-type=\"widget\" data-widget_type=\"heading.default\">\n\t\t\t\t\t<h2 class=\"elementor-heading-title elementor-size-default\">Ochrann\u00e1 prax a apotropaika<\/h2>\t\t\t\t<\/div>\n\t\t<div class=\"elementor-element elementor-element-iwgw-namarrkon-s5c e-con-full e-flex e-con e-child\" data-id=\"iwgw-namarrkon-s5c\" data-element_type=\"container\" data-e-type=\"container\">\n\t\t\t\t<div class=\"elementor-element elementor-element-iwgw-namarrkon-s5t elementor-widget elementor-widget-text-editor\" data-id=\"iwgw-namarrkon-s5t\" data-element_type=\"widget\" data-e-type=\"widget\" data-widget_type=\"text-editor.default\">\n\t\t\t\t\t\t\t\t\t<p>Z religionistick\u00e9ho h\u013eadiska: apotropaick\u00e9 praktiky v komplexe Namarrkona s\u00fa zameran\u00e9 na predch\u00e1dzanie \u0161kod\u00e1m sp\u00f4soben\u00fdm bleskom po\u010das vlhk\u00e9ho ro\u010dn\u00e9ho obdobia (Wet Season). Zak\u00e1zan\u00e9 je: nahlas hovori\u0165 po\u010das b\u00farky, st\u00e1\u0165 pod osamoten\u00fdmi stromami, pl\u00e1va\u0165 v otvoren\u00fdch vodn\u00fdch ploch\u00e1ch po\u010das b\u00farky.<\/p><p>Osobitnou ochrannou praktikou je vyh\u00fdbanie sa ur\u010dit\u00fdm lokalit\u00e1m s petroglyfmi po\u010das vlhk\u00e9ho ro\u010dn\u00e9ho obdobia; Namarrkonove skaln\u00e9 ma\u013eby sa nenav\u0161tevuj\u00fa, ke\u010f je \u201eakt\u00edvny\u201c. Toto pravidlo je s\u00fa\u010das\u0165ou \u0161ir\u0161ej aboriginskej praxe zaobch\u00e1dza\u0165 so sv\u00e4t\u00fdmi miestami odli\u0161ne pod\u013ea ro\u010dn\u00e9ho obdobia.<\/p><p>Z etnografick\u00e9ho vonkaj\u0161ieho poh\u013eadu ide o pravidl\u00e1, ktor\u00e9 \u0161trukt\u00faruj\u00fa ka\u017edodenn\u00fd \u017eivot a sp\u00e1jaj\u00fa ekologick\u00fa obozretnos\u0165 (ochranu pred bleskom) s n\u00e1bo\u017eenskou praxou. Z h\u013eadiska fenomenol\u00f3gie n\u00e1bo\u017eenstva je to klasick\u00fd pr\u00edklad \u201eekologickej funkcie\u201c tradi\u010dn\u00fdch tabu.<\/p>\t\t\t\t\t\t\t\t<\/div>\n\t\t\t\t<\/div>\n\t\t\t\t\t<\/div>\n\t\t\t\t<\/div>\n\t\t<div class=\"elementor-element elementor-element-iwgw-namarrkon-s6 e-flex e-con-boxed e-con e-parent\" data-id=\"iwgw-namarrkon-s6\" data-element_type=\"container\" data-e-type=\"container\">\n\t\t\t\t\t<div class=\"e-con-inner\">\n\t\t\t\t<div class=\"elementor-element elementor-element-iwgw-namarrkon-s6h elementor-widget elementor-widget-heading\" data-id=\"iwgw-namarrkon-s6h\" data-element_type=\"widget\" data-e-type=\"widget\" data-widget_type=\"heading.default\">\n\t\t\t\t\t<h2 class=\"elementor-heading-title elementor-size-default\">Paralely v in\u00fdch kult\u00farach<\/h2>\t\t\t\t<\/div>\n\t\t<div class=\"elementor-element elementor-element-iwgw-namarrkon-s6c e-con-full e-flex e-con e-child\" data-id=\"iwgw-namarrkon-s6c\" data-element_type=\"container\" data-e-type=\"container\">\n\t\t\t\t<div class=\"elementor-element elementor-element-iwgw-namarrkon-s6t elementor-widget elementor-widget-text-editor\" data-id=\"iwgw-namarrkon-s6t\" data-element_type=\"widget\" data-e-type=\"widget\" data-widget_type=\"text-editor.default\">\n\t\t\t\t\t\t\t\t\t<p>Bo\u017estv\u00e1 hromu s\u00fa z h\u013eadiska fenomenol\u00f3gie n\u00e1bo\u017eenstva dolo\u017een\u00e9 na celom svete. \u0160truktur\u00e1lne porovnate\u013en\u00ed s\u00fa: Indra (v\u00e9dsky), Thor (germ\u00e1nsky), Zeus vo svojej hromovej funkcii (gr\u00e9cky), Jupiter Tonans (r\u00edmsky), Shango (jorubsk\u00fd), Tlaloc (mezoamerick\u00fd), Raijin (japonsk\u00fd). V Sib\u00edri je <a href=\"https:\/\/iwell-guard.com\/sk\/?page_id=157976\">Khormusta<\/a> vo svojej vad\u017erovej funkcii typologicky pr\u00edbuzn\u00fd.<\/p><p>Fenomenologick\u00fd zmysel bo\u017estiev hromu spo\u010d\u00edva v ich dvojitej funkcii: prin\u00e1\u0161aj\u00fa \u017eivot d\u00e1vaj\u00faci d\u00e1\u017e\u010f a z\u00e1rove\u0148 smrtiaci blesk. Namarrkon je tu klasick\u00fdm pr\u00edkladom; trad\u00edcia Kunwinjku t\u00fato dvojit\u00fa povahu explicitne reflektuje.<\/p><p>Spojenie Namarrkona s monz\u00fanov\u00fdm vlhk\u00fdm ro\u010dn\u00fdm obdob\u00edm je n\u00e1bo\u017eensko-historicky \u0161pecifick\u00e9: rob\u00ed z neho stelesnenie severoaustr\u00e1lskeho tropick\u00e9ho klimatick\u00e9ho cyklu. V ju\u017enej\u0161\u00edch aboriginsk\u00fdch trad\u00edci\u00e1ch Austr\u00e1lie t\u00e1to \u0161pecializ\u00e1cia ch\u00fdba; tam s\u00fa bo\u017estv\u00e1 hromu menej v\u00fdrazn\u00e9.<\/p>\t\t\t\t\t\t\t\t<\/div>\n\t\t\t\t<\/div>\n\t\t\t\t\t<\/div>\n\t\t\t\t<\/div>\n\t\t<div class=\"elementor-element elementor-element-iwgw-namarrkon-s7 e-flex e-con-boxed e-con e-parent\" data-id=\"iwgw-namarrkon-s7\" data-element_type=\"container\" data-e-type=\"container\">\n\t\t\t\t\t<div class=\"e-con-inner\">\n\t\t\t\t<div class=\"elementor-element elementor-element-iwgw-namarrkon-s7h elementor-widget elementor-widget-heading\" data-id=\"iwgw-namarrkon-s7h\" data-element_type=\"widget\" data-e-type=\"widget\" data-widget_type=\"heading.default\">\n\t\t\t\t\t<h2 class=\"elementor-heading-title elementor-size-default\">S\u00fa\u010dasn\u00e1 recepcia a v\u00fdskum<\/h2>\t\t\t\t<\/div>\n\t\t<div class=\"elementor-element elementor-element-iwgw-namarrkon-s7c e-con-full e-flex e-con e-child\" data-id=\"iwgw-namarrkon-s7c\" data-element_type=\"container\" data-e-type=\"container\">\n\t\t\t\t<div class=\"elementor-element elementor-element-iwgw-namarrkon-s7t elementor-widget elementor-widget-text-editor\" data-id=\"iwgw-namarrkon-s7t\" data-element_type=\"widget\" data-e-type=\"widget\" data-widget_type=\"text-editor.default\">\n\t\t\t\t\t\t\t\t\t<p><span data-nosnippet>Najd\u00f4le\u017eitej\u0161\u00edm skor\u00fdm prame\u0148om je dielo Charlesa P. Mountforda <em>Records of the American-Australian Scientific Expedition to Arnhem Land<\/em> (1956), diel 1 (Art, Myth and Symbolism). T\u00e1to rozsiahla dokument\u00e1cia obsahuje mnoho materi\u00e1lov t\u00fdkaj\u00facich sa Namarrkona.<\/span><\/p><p>Howard Morphy <em>Aboriginal Art<\/em> (Phaidon 1998) a Luke Taylor <em>Seeing the Inside<\/em> (1996) s\u00fa najd\u00f4le\u017eitej\u0161ie s\u00fa\u010dasn\u00e9 umelecko-historick\u00e9 \u0161t\u00fadie o trad\u00edcii Namarrkona. Obe diela sp\u00e1jaj\u00fa materi\u00e1l petroglyfov so s\u00fa\u010dasnou praxou ma\u013eby na k\u00f4ru (bark painting).<\/p><p>George Chaloupka <em>Journey in Time<\/em> (1993) je najd\u00f4le\u017eitej\u0161ou \u0161t\u00fadiou o petroglyfoch Kakadu, v ktor\u00fdch je Namarrkon v\u00fdrazne zast\u00fapen\u00fd. Chaloupkova chronol\u00f3gia \u0161t\u00fdlov skaln\u00fdch malieb je dnes \u0161tandardom.<\/p>\t\t\t\t\t\t\t\t<\/div>\n\t\t\t\t<\/div>\n\t\t\t\t\t<\/div>\n\t\t\t\t<\/div>\n\t\t<div class=\"elementor-element elementor-element-iwgw-namarrkon-s8 e-flex e-con-boxed e-con e-parent\" data-id=\"iwgw-namarrkon-s8\" data-element_type=\"container\" data-e-type=\"container\">\n\t\t\t\t\t<div class=\"e-con-inner\">\n\t\t\t\t<div class=\"elementor-element elementor-element-iwgw-namarrkon-s8h elementor-widget elementor-widget-heading\" data-id=\"iwgw-namarrkon-s8h\" data-element_type=\"widget\" data-e-type=\"widget\" data-widget_type=\"heading.default\">\n\t\t\t\t\t<h2 class=\"elementor-heading-title elementor-size-default\">V\u00fdskumn\u00e9 debaty a otvoren\u00e9 ot\u00e1zky<\/h2>\t\t\t\t<\/div>\n\t\t<div class=\"elementor-element elementor-element-iwgw-namarrkon-s8c e-con-full e-flex e-con e-child\" data-id=\"iwgw-namarrkon-s8c\" data-element_type=\"container\" data-e-type=\"container\">\n\t\t\t\t<div class=\"elementor-element elementor-element-iwgw-namarrkon-s8t elementor-widget elementor-widget-text-editor\" data-id=\"iwgw-namarrkon-s8t\" data-element_type=\"widget\" data-e-type=\"widget\" data-widget_type=\"text-editor.default\">\n\t\t\t\t\t\t\t\t\t<p><span data-nosnippet>Namarrkona sa t\u00fdka viacero v\u00fdskumn\u00fdch deb\u00e1t. Prv\u00e1: Ako star\u00e1 je predstava Namarrkona? Skaln\u00e9 ma\u013eby v \u201er\u00f6ntgenovom \u0161t\u00fdle\u201c (X-ray style) s\u00fa relat\u00edvne mlad\u00e9 (mo\u017eno 2000 a\u017e 4000 rokov); star\u0161ie \u0161t\u00fdly skaln\u00fdch malieb zobrazuj\u00fa bleskovit\u00e9 bytosti, ktor\u00e9 s\u00fa typologicky pr\u00edbuzn\u00e9, ale nemusia by\u0165 toto\u017en\u00e9.<\/span><\/p><p>Druh\u00e1: Ak\u00fd je vz\u0165ah Namarrkona k D\u00fahov\u00e9mu hadovi (Rainbow Serpent)? V niektor\u00fdch rozpr\u00e1vaniach s\u00fa spojen\u00ed (Namarrkon ako \u201eblesk-had\u201c); v in\u00fdch s\u00fa to jasne oddelen\u00e9 bytosti. Vz\u0165ah sa region\u00e1lne l\u00ed\u0161i.<\/p><p>Tretia: Ako sa trad\u00edcia Namarrkona men\u00ed pod vplyvom klimatickej zmeny? Monz\u00fanov\u00e9 vlhk\u00e9 ro\u010dn\u00e9 obdobie severnej Austr\u00e1lie \u010del\u00ed \u010doraz v\u00e4\u010d\u0161\u00edm anom\u00e1li\u00e1m, \u010do sa dot\u00fdka n\u00e1bo\u017eensk\u00e9ho v\u00fdznamu Namarrkona. Dom\u00e1ca (indig\u00e9nna) klimatick\u00e1 kritika t\u00fato t\u00e9mu \u010doraz viac reflektuje.<\/p>\t\t\t\t\t\t\t\t<\/div>\n\t\t\t\t<\/div>\n\t\t\t\t\t<\/div>\n\t\t\t\t<\/div>\n\t\t<div class=\"elementor-element elementor-element-iwgw-namarrkon-s9 e-flex e-con-boxed e-con e-parent\" data-id=\"iwgw-namarrkon-s9\" data-element_type=\"container\" data-e-type=\"container\">\n\t\t\t\t\t<div class=\"e-con-inner\">\n\t\t\t\t<div class=\"elementor-element elementor-element-iwgw-namarrkon-s9h elementor-widget elementor-widget-heading\" data-id=\"iwgw-namarrkon-s9h\" data-element_type=\"widget\" data-e-type=\"widget\" data-widget_type=\"heading.default\">\n\t\t\t\t\t<h2 class=\"elementor-heading-title elementor-size-default\">Namarrkon a komplex petroglyfov Kakadu<\/h2>\t\t\t\t<\/div>\n\t\t<div class=\"elementor-element elementor-element-iwgw-namarrkon-s9c e-con-full e-flex e-con e-child\" data-id=\"iwgw-namarrkon-s9c\" data-element_type=\"container\" data-e-type=\"container\">\n\t\t\t\t<div class=\"elementor-element elementor-element-iwgw-namarrkon-s9t elementor-widget elementor-widget-text-editor\" data-id=\"iwgw-namarrkon-s9t\" data-element_type=\"widget\" data-e-type=\"widget\" data-widget_type=\"text-editor.default\">\n\t\t\t\t\t\t\t\t\t<p><span data-nosnippet>Pozornos\u0165 si zasl\u00fa\u017ei postavenie Namarrkona v komplexe petroglyfov Kakadu. N\u00e1rodn\u00fd park Kakadu, od roku 1981 pamiatka UNESCO, obsahuje tis\u00edce skaln\u00fdch malieb, z ktor\u00fdch nieko\u013eko sto zobrazuje Namarrkona. T\u00e1to koncentr\u00e1cia rob\u00ed z Kakadu najd\u00f4le\u017eitej\u0161\u00ed vizu\u00e1lny arch\u00edv trad\u00edcie Namarrkona.<\/span><\/p><p>George Chaloupka predlo\u017eil vo svojom diele <em>Journey in Time<\/em> (1993) komplexn\u00fa \u0161t\u00fadiu o trad\u00edcii petroglyfov Kakadu. Jeho z\u00e1kladn\u00e9 dielo sa dnes pova\u017euje za najd\u00f4le\u017eitej\u0161iu referenciu; obsahuje podrobn\u00e9 popisy a datovania vyobrazen\u00ed Namarrkona z viacer\u00fdch tis\u00edcro\u010d\u00ed.<\/p><p>Vedecky mimoriadne zauj\u00edmav\u00e9 je, \u017ee skaln\u00e9 ma\u013eby s\u00fa st\u00e1le udr\u017eiavan\u00e9 tradi\u010dn\u00fdmi vlastn\u00edkmi (dne\u0161n\u00fdmi komunitami Kunwinjku); niektor\u00e9 s\u00fa <span class=\"iwg-fachbegriff\" data-tooltip=\"Patriaci k stanoven\u00e9mu n\u00e1bo\u017eensk\u00e9mu postupu.\" tabindex=\"0\">ritu\u00e1lne<\/span> \u201eobnovovan\u00e9\u201c (prema\u013eovan\u00e9). T\u00e1to starostlivos\u0165 je s\u00fa\u010das\u0165ou \u017eivej trad\u00edcie Namarrkona, nielen archeologick\u00fdm zachov\u00e1van\u00edm.<\/p>\t\t\t\t\t\t\t\t<\/div>\n\t\t\t\t<\/div>\n\t\t\t\t\t<\/div>\n\t\t\t\t<\/div>\n\t\t<div class=\"elementor-element elementor-element-iwgw-namarrkon-s10 e-flex e-con-boxed e-con e-parent\" data-id=\"iwgw-namarrkon-s10\" data-element_type=\"container\" data-e-type=\"container\">\n\t\t\t\t\t<div class=\"e-con-inner\">\n\t\t\t\t<div class=\"elementor-element elementor-element-iwgw-namarrkon-s10h elementor-widget elementor-widget-heading\" data-id=\"iwgw-namarrkon-s10h\" data-element_type=\"widget\" data-e-type=\"widget\" data-widget_type=\"heading.default\">\n\t\t\t\t\t<h2 class=\"elementor-heading-title elementor-size-default\">Namarrkon v s\u00fa\u010dasnej ma\u013ebe na k\u00f4re (bark painting)<\/h2>\t\t\t\t<\/div>\n\t\t<div class=\"elementor-element elementor-element-iwgw-namarrkon-s10c e-con-full e-flex e-con e-child\" data-id=\"iwgw-namarrkon-s10c\" data-element_type=\"container\" data-e-type=\"container\">\n\t\t\t\t<div class=\"elementor-element elementor-element-iwgw-namarrkon-s10t elementor-widget elementor-widget-text-editor\" data-id=\"iwgw-namarrkon-s10t\" data-element_type=\"widget\" data-e-type=\"widget\" data-widget_type=\"text-editor.default\">\n\t\t\t\t\t\t\t\t\t<p><span data-nosnippet>Trad\u00edcia ma\u013eby na k\u00f4re (bark painting) v regi\u00f3ne Kunwinjku si od 50. rokov 20. storo\u010dia z\u00edskala medzin\u00e1rodn\u00fa pozornos\u0165. Namarrkon je jedn\u00fdm z naj\u010dastej\u0161\u00edch mot\u00edvov tejto trad\u00edcie. Zn\u00e1mi umelci ako Bardayal \u201eLofty\u201c Nadjamerrek (1926 \u2013 2009), Spider Namirrkki a John Mawurndjul vytvorili ikonick\u00e9 diela zobrazuj\u00face Namarrkona.<\/span><\/p><p>Howard Morphy vo viacer\u00fdch \u0161t\u00fadi\u00e1ch uk\u00e1zal, ako prechod od ritu\u00e1lnej skalnej ma\u013eby k trhovo \u00faspe\u0161nej ma\u013ebe na k\u00f4re zmenil n\u00e1bo\u017eensk\u00fa funkciu bez toho, aby skreslil samotn\u00fa trad\u00edciu. Tieto diela s\u00fa dnes vystaven\u00e9 v mnoh\u00fdch ve\u013ek\u00fdch m\u00faze\u00e1ch: Mus\u00e9e du Quai Branly Par\u00ed\u017e, British Museum Lond\u00fdn, National Gallery of Australia Canberra.<\/p><p>Z h\u013eadiska sociol\u00f3gie n\u00e1bo\u017eenstva je tento v\u00fdvoj u\u010debnicov\u00fdm pr\u00edkladom: domorod\u00e9 n\u00e1bo\u017eenstvo je \u010falej udr\u017eiavan\u00e9 prostredn\u00edctvom umeleckej ekonomiky bez toho, aby stratilo svoj n\u00e1bo\u017eensk\u00fd charakter. Aboriginsk\u00e9 komunity vyvinuli mechanizmy, ako t\u00fato dvojit\u00fa funkciu zvl\u00e1da\u0165.<\/p>\t\t\t\t\t\t\t\t<\/div>\n\t\t\t\t<\/div>\n\t\t\t\t\t<\/div>\n\t\t\t\t<\/div>\n\t\t<div class=\"elementor-element elementor-element-iwgw-namarrkon-s11 e-flex e-con-boxed e-con e-parent\" data-id=\"iwgw-namarrkon-s11\" data-element_type=\"container\" data-e-type=\"container\">\n\t\t\t\t\t<div class=\"e-con-inner\">\n\t\t\t\t<div class=\"elementor-element elementor-element-iwgw-namarrkon-s11h elementor-widget elementor-widget-heading\" data-id=\"iwgw-namarrkon-s11h\" data-element_type=\"widget\" data-e-type=\"widget\" data-widget_type=\"heading.default\">\n\t\t\t\t\t<h2 class=\"elementor-heading-title elementor-size-default\">Metodick\u00e1 reflexia a zdroje<\/h2>\t\t\t\t<\/div>\n\t\t<div class=\"elementor-element elementor-element-iwgw-namarrkon-s11c e-con-full e-flex e-con e-child\" data-id=\"iwgw-namarrkon-s11c\" data-element_type=\"container\" data-e-type=\"container\">\n\t\t\t\t<div class=\"elementor-element elementor-element-iwgw-namarrkon-s11t elementor-widget elementor-widget-text-editor\" data-id=\"iwgw-namarrkon-s11t\" data-element_type=\"widget\" data-e-type=\"widget\" data-widget_type=\"text-editor.default\">\n\t\t\t\t\t\t\t\t\t<p>Pri v\u00fdskume Namarrkona vznik\u00e1 viacero metodologick\u00fdch probl\u00e9mov. Prv\u00fd: archeologick\u00e9 datovanie \u201er\u00f6ntgenov\u00e9ho \u0161t\u00fdlu\u201c je sporn\u00e9; r\u00f4zne met\u00f3dy poskytuj\u00fa odli\u0161n\u00e9 v\u00fdsledky. Konsenzu\u00e1lna chronol\u00f3gia st\u00e1le ch\u00fdba.<\/p><p>Druh\u00fd: ve\u013ek\u00e1 \u010das\u0165 vedomost\u00ed o Namarrkonovi nie je \u201eobmedzen\u00e1\u201c (restricted) v naju\u017e\u0161om zmysle, ale je hlboko zapojen\u00e1 do miestnej praxe. Je potrebn\u00e1 oh\u013eadupln\u00e1 pr\u00e1ca s prame\u0148mi, ktor\u00e1 je ods\u00fahlasen\u00e1 s tradi\u010dn\u00fdmi vlastn\u00edkmi.<\/p><p>Tret\u00ed: umelecko-historick\u00e1 a n\u00e1bo\u017eensko-antropologick\u00e1 perspekt\u00edva na Namarrkona by mali spolupracova\u0165. Obe discipl\u00edny maj\u00fa svoje siln\u00e9 str\u00e1nky; izolovan\u00fd pr\u00edstup nedok\u00e1\u017ee zachyti\u0165 h\u013abku trad\u00edcie Namarrkona.<\/p><p>Kto chce \u0161tudova\u0165 komplex Namarrkona v jeho \u0161\u00edrke, n\u00e1jde na preh\u013eadovej str\u00e1nke <a href=\"https:\/\/iwell-guard.com\/sk\/aboriginalska-australia-dreamtime-tjukurpa\/\">Aboriginsk\u00e1 trad\u00edcia<\/a> najd\u00f4le\u017eitej\u0161ie kr\u00ed\u017eov\u00e9 odkazy na pr\u00edbuzn\u00e9 postavy ako <a href=\"https:\/\/iwell-guard.com\/sk\/?page_id=157981\">D\u00fahov\u00fd had<\/a>, <a href=\"https:\/\/iwell-guard.com\/sk\/?page_id=157987\">duchovia Mimi<\/a> a <a href=\"https:\/\/iwell-guard.com\/sk\/?page_id=157982\">Wandjina<\/a>.<\/p>\t\t\t\t\t\t\t\t<\/div>\n\t\t\t\t<\/div>\n\t\t\t\t\t<\/div>\n\t\t\t\t<\/div>\n\t\t<div class=\"elementor-element elementor-element-iwgw-namarrkon-s12 e-flex e-con-boxed e-con e-parent\" data-id=\"iwgw-namarrkon-s12\" data-element_type=\"container\" data-e-type=\"container\">\n\t\t\t\t\t<div class=\"e-con-inner\">\n\t\t\t\t<div class=\"elementor-element elementor-element-iwgw-namarrkon-s12h elementor-widget elementor-widget-heading\" data-id=\"iwgw-namarrkon-s12h\" data-element_type=\"widget\" data-e-type=\"widget\" data-widget_type=\"heading.default\">\n\t\t\t\t\t<h2 class=\"elementor-heading-title elementor-size-default\">Namarrkon a status UNESCO v Kakadu<\/h2>\t\t\t\t<\/div>\n\t\t<div class=\"elementor-element elementor-element-iwgw-namarrkon-s12c e-con-full e-flex e-con e-child\" data-id=\"iwgw-namarrkon-s12c\" data-element_type=\"container\" data-e-type=\"container\">\n\t\t\t\t<div class=\"elementor-element elementor-element-iwgw-namarrkon-s12t elementor-widget elementor-widget-text-editor\" data-id=\"iwgw-namarrkon-s12t\" data-element_type=\"widget\" data-e-type=\"widget\" data-widget_type=\"text-editor.default\">\n\t\t\t\t\t\t\t\t\t<p><span data-nosnippet>N\u00e1rodn\u00fd park Kakadu je od roku 1981 zap\u00edsan\u00fd na Zoznam svetov\u00e9ho kult\u00farneho dedi\u010dstva UNESCO, a to pre svoje pr\u00edrodn\u00e9 bohatstvo i kult\u00farnu h\u013abku. Skaln\u00e9 ma\u013eby, na ktor\u00fdch sa Namarrkon v\u00fdrazne objavuje, s\u00fa \u00fastrednou s\u00fa\u010das\u0165ou tohto ocenenia UNESCO.<\/span><\/p><p>Toto medzin\u00e1rodn\u00e9 uznanie m\u00e1 ambivalentn\u00e9 d\u00f4sledky. Na jednej strane zais\u0165uje zachovanie miest so skaln\u00fdmi ma\u013ebami, na druhej strane ich premie\u0148a na \u201eobjekty svetov\u00e9ho kult\u00farneho dedi\u010dstva\u201c, \u010do men\u00ed samotn\u00fa n\u00e1bo\u017eensk\u00fa prax. Tradi\u010dn\u00ed vlastn\u00edci (Bininj\/Mungguy) dnes spr\u00e1vcuj\u00fa park spolo\u010dne s austr\u00e1lskou vl\u00e1dou.<\/p><p>Z religionistick\u00e9ho h\u013eadiska je Kakadu u\u010debnicov\u00fdm pr\u00edkladom s\u00fa\u010dasn\u00e9ho prepojenia domorod\u00e9ho n\u00e1bo\u017eenstva, ochrany pr\u00edrody, cestovn\u00e9ho ruchu a medzin\u00e1rodnej ochrany kult\u00farneho dedi\u010dstva. Toto prepojenie bude v nasleduj\u00facich desa\u0165ro\u010diach nabera\u0165 na d\u00f4le\u017eitosti.<\/p>\t\t\t\t\t\t\t\t<\/div>\n\t\t\t\t<\/div>\n\t\t\t\t\t<\/div>\n\t\t\t\t<\/div>\n\t\t<div class=\"elementor-element elementor-element-iwgw-namarrkon-s13 e-flex e-con-boxed e-con e-parent\" data-id=\"iwgw-namarrkon-s13\" data-element_type=\"container\" data-e-type=\"container\">\n\t\t\t\t\t<div class=\"e-con-inner\">\n\t\t\t\t<div class=\"elementor-element elementor-element-iwgw-namarrkon-s13h elementor-widget elementor-widget-heading\" data-id=\"iwgw-namarrkon-s13h\" data-element_type=\"widget\" data-e-type=\"widget\" data-widget_type=\"heading.default\">\n\t\t\t\t\t<h2 class=\"elementor-heading-title elementor-size-default\">Namarrkon a klimatick\u00e1 zmena v Top Ende<\/h2>\t\t\t\t<\/div>\n\t\t<div class=\"elementor-element elementor-element-iwgw-namarrkon-s13c e-con-full e-flex e-con e-child\" data-id=\"iwgw-namarrkon-s13c\" data-element_type=\"container\" data-e-type=\"container\">\n\t\t\t\t<div class=\"elementor-element elementor-element-iwgw-namarrkon-s13t elementor-widget elementor-widget-text-editor\" data-id=\"iwgw-namarrkon-s13t\" data-element_type=\"widget\" data-e-type=\"widget\" data-widget_type=\"text-editor.default\">\n\t\t\t\t\t\t\t\t\t<p>S\u00fa\u010dasn\u00e1 v\u00fdskumn\u00e1 perspekt\u00edva sp\u00e1ja trad\u00edciu Namarrkona s d\u00f4sledkami klimatickej zmeny pre domorod\u00e9 komunity oblasti Top End. Monz\u00fanov\u00fd cyklus da\u017edivej sez\u00f3ny, ktor\u00fd m\u00e1 pre regi\u00f3n z\u00e1sadn\u00fd ekonomick\u00fd, ekologick\u00fd a n\u00e1bo\u017eensk\u00fd v\u00fdznam, \u010doraz viac podlieha odch\u00fdlkam.<\/p><p>Zmenen\u00e9 zr\u00e1\u017ekov\u00e9 vzory, st\u00fapanie hladiny mor\u00ed (\u010do ohrozuje pobre\u017en\u00e9 miesta so skaln\u00fdmi ma\u013ebami) a \u010doraz \u010dastej\u0161ie extr\u00e9mne po\u010dasie sa priamo dot\u00fdkaj\u00fa trad\u00edcie Namarrkona. Domorod\u00e1 klimatick\u00e1 kritika tieto aspekty \u010doraz viac reflektuje.<\/p><p>Z religionisticko-antropologick\u00e9ho h\u013eadiska je tento v\u00fdvoj zauj\u00edmav\u00fd. N\u00e1bo\u017eensk\u00e1 trad\u00edcia, ktor\u00e1 je po tis\u00edcro\u010dia previazan\u00e1 s monz\u00fanov\u00fdm cyklom, sa vplyvom antropog\u00e9nnej klimatickej zmeny dost\u00e1va do nov\u00e9ho druhu nap\u00e4tia. Vedci ako Tyson Yunkaporta a Marcia Langton toto nap\u00e4tie konceptualizovali ako \u201edomorod\u00fa klimatick\u00fa <span class=\"iwg-fachbegriff\" data-tooltip=\"Vedeck\u00e9 u\u010denie o Bohu a viere danej n\u00e1bo\u017eenskej trad\u00edcie.\" tabindex=\"0\">teol\u00f3giu<\/span>\u201c.<\/p>\t\t\t\t\t\t\t\t<\/div>\n\t\t\t\t<\/div>\n\t\t\t\t\t<\/div>\n\t\t\t\t<\/div>\n\t\t<div class=\"elementor-element elementor-element-iwgw-namarrkon-s14 e-flex e-con-boxed e-con e-parent\" data-id=\"iwgw-namarrkon-s14\" data-element_type=\"container\" data-e-type=\"container\">\n\t\t\t\t\t<div class=\"e-con-inner\">\n\t\t\t\t<div class=\"elementor-element elementor-element-iwgw-namarrkon-s14h elementor-widget elementor-widget-heading\" data-id=\"iwgw-namarrkon-s14h\" data-element_type=\"widget\" data-e-type=\"widget\" data-widget_type=\"heading.default\">\n\t\t\t\t\t<h2 class=\"elementor-heading-title elementor-size-default\">Namarrkon a domorod\u00e1 astron\u00f3mia<\/h2>\t\t\t\t<\/div>\n\t\t<div class=\"elementor-element elementor-element-iwgw-namarrkon-s14c e-con-full e-flex e-con e-child\" data-id=\"iwgw-namarrkon-s14c\" data-element_type=\"container\" data-e-type=\"container\">\n\t\t\t\t<div class=\"elementor-element elementor-element-iwgw-namarrkon-s14t elementor-widget elementor-widget-text-editor\" data-id=\"iwgw-namarrkon-s14t\" data-element_type=\"widget\" data-e-type=\"widget\" data-widget_type=\"text-editor.default\">\n\t\t\t\t\t\t\t\t\t<p>Hlb\u0161ie pozornos\u0165 si zasl\u00fa\u017ei astronomick\u00e9 zakotvenie Namarrkona na domorodej hvezdnej obohe. V trad\u00edci\u00e1ch kme\u0148a Kunwinjku je Namarrkon sp\u00e1jan\u00fd s ur\u010dit\u00fdmi hvezdami alebo hvezdnymi kon\u0161tel\u00e1ciami, ktor\u00e9 vych\u00e1dzaj\u00fa na obohe so za\u010diatkom da\u017edivej sez\u00f3ny.<\/p><p>Domorod\u00e1 astron\u00f3mia skup\u00edn z oblasti Top End sa v posledn\u00fdch desa\u0165ro\u010diach stala samostatn\u00fdm v\u00fdskumn\u00fdm odborom. Duane Hamacher a \u010fal\u0161\u00ed preuk\u00e1zali, \u017ee tradi\u010dn\u00e9 astronomick\u00e9 pozorovania s\u00fa prekvapivo presn\u00e9 a zhoduj\u00fa sa s modern\u00fdmi vedeck\u00fdmi pozorovaniami.<\/p><p>Z religionisticko-fenomenologick\u00e9ho h\u013eadiska je toto astronomick\u00e9 zakotvenie d\u00f4le\u017eit\u00e9. Namarrkon nie je len n\u00e1bo\u017eensk\u00e1 bytos\u0165, ale kozmologick\u00e1 kon\u0161tanta. \u201eOhlasuje sa\u201c prostredn\u00edctvom ur\u010dit\u00fdch hvezdnych kon\u0161tel\u00e1ci\u00ed a ritu\u00e1lne praktiky sa riadia t\u00fdmto astronomick\u00fdm kalend\u00e1rom.<\/p>\t\t\t\t\t\t\t\t<\/div>\n\t\t\t\t<\/div>\n\t\t\t\t\t<\/div>\n\t\t\t\t<\/div>\n\t\t<div class=\"elementor-element elementor-element-iwgw-namarrkon-s15 e-flex e-con-boxed e-con e-parent\" data-id=\"iwgw-namarrkon-s15\" data-element_type=\"container\" data-e-type=\"container\">\n\t\t\t\t\t<div class=\"e-con-inner\">\n\t\t\t\t<div class=\"elementor-element elementor-element-iwgw-namarrkon-s15h elementor-widget elementor-widget-heading\" data-id=\"iwgw-namarrkon-s15h\" data-element_type=\"widget\" data-e-type=\"widget\" data-widget_type=\"heading.default\">\n\t\t\t\t\t<h2 class=\"elementor-heading-title elementor-size-default\">Namarrkon a pl\u00e1n spolo\u010dnej spr\u00e1vy Kakadu<\/h2>\t\t\t\t<\/div>\n\t\t<div class=\"elementor-element elementor-element-iwgw-namarrkon-s15c e-con-full e-flex e-con e-child\" data-id=\"iwgw-namarrkon-s15c\" data-element_type=\"container\" data-e-type=\"container\">\n\t\t\t\t<div class=\"elementor-element elementor-element-iwgw-namarrkon-s15t elementor-widget elementor-widget-text-editor\" data-id=\"iwgw-namarrkon-s15t\" data-element_type=\"widget\" data-e-type=\"widget\" data-widget_type=\"text-editor.default\">\n\t\t\t\t\t\t\t\t\t<p>N\u00e1rodn\u00fd park Kakadu je od roku 1976 spr\u00e1vcovan\u00fd na z\u00e1klade pl\u00e1nu spolo\u010dnej spr\u00e1vy medzi tradi\u010dn\u00fdmi vlastn\u00edkmi (Bininj\/Mungguy) a austr\u00e1lskou vl\u00e1dou. T\u00e1to \u0161trukt\u00fara spr\u00e1vy je jednou z prv\u00fdch svojho druhu na svete a stala sa vzorom pre podobn\u00e9 modely inde.<\/p><p>Pl\u00e1n zah\u0155\u0148a \u00fadr\u017ebu miest so skaln\u00fdmi ma\u013ebami, vr\u00e1tane vyobrazen\u00ed Namarrkona, pod\u013ea tradi\u010dn\u00fdch pravidiel. Prekres\u013eovanie sa vykon\u00e1va pod doh\u013eadom tradi\u010dn\u00fdch vlastn\u00edkov a turistick\u00e9 trasy s\u00fa napl\u00e1novan\u00e9 tak, aby boli citliv\u00e9 miesta chr\u00e1nen\u00e9.<\/p><p>Z religionisticko-sociologick\u00e9ho h\u013eadiska je Kakadu u\u010debnicov\u00fdm pr\u00edkladom integr\u00e1cie domorod\u00e9ho n\u00e1bo\u017eenstva do modern\u00fdch spr\u00e1vnych \u0161trukt\u00far. Namarrkon je tu n\u00e1bo\u017eenskou postavou a z\u00e1rove\u0148 spr\u00e1vnym referen\u010dn\u00fdm bodom. T\u00e1to dvojit\u00e1 funkcia men\u00ed n\u00e1bo\u017eenstvo samotn\u00e9, \u010do je jav, ktor\u00fd si vy\u017eaduje d\u00f4kladn\u00fa religionisticko-antropologick\u00fa anal\u00fdzu.<\/p>\t\t\t\t\t\t\t\t<\/div>\n\t\t\t\t<\/div>\n\t\t\t\t\t<\/div>\n\t\t\t\t<\/div>\n\t\t<div class=\"elementor-element elementor-element-iwgw-namarrkon-s16 e-flex e-con-boxed e-con e-parent\" data-id=\"iwgw-namarrkon-s16\" data-element_type=\"container\" data-e-type=\"container\">\n\t\t\t\t\t<div class=\"e-con-inner\">\n\t\t\t\t<div class=\"elementor-element elementor-element-iwgw-namarrkon-s16h elementor-widget elementor-widget-heading\" data-id=\"iwgw-namarrkon-s16h\" data-element_type=\"widget\" data-e-type=\"widget\" data-widget_type=\"heading.default\">\n\t\t\t\t\t<h2 class=\"elementor-heading-title elementor-size-default\">Namarrkon a domorod\u00e9 poznanie o po\u010das\u00ed<\/h2>\t\t\t\t<\/div>\n\t\t<div class=\"elementor-element elementor-element-iwgw-namarrkon-s16c e-con-full e-flex e-con e-child\" data-id=\"iwgw-namarrkon-s16c\" data-element_type=\"container\" data-e-type=\"container\">\n\t\t\t\t<div class=\"elementor-element elementor-element-iwgw-namarrkon-s16t elementor-widget elementor-widget-text-editor\" data-id=\"iwgw-namarrkon-s16t\" data-element_type=\"widget\" data-e-type=\"widget\" data-widget_type=\"text-editor.default\">\n\t\t\t\t\t\t\t\t\t<p>Etnologicky zauj\u00edmav\u00fa pozornos\u0165 si zasl\u00fa\u017ei prepojenie medzi Namarrkonom a domorod\u00fdm poznan\u00edm o po\u010das\u00ed. Domorod\u00ed obyvatelia oblasti Top End poznaj\u00fa \u0161es\u0165f\u00e1zov\u00fd sez\u00f3nny kalend\u00e1r, ktor\u00fd je ove\u013ea diferencovanej\u0161\u00ed ne\u017e z\u00e1padn\u00fd kalend\u00e1r so \u0161tyrmi ro\u010dn\u00fdmi obdobiami.<\/p><p>U kme\u0148a Kunwinjku sa rozli\u0161uje: <em>Gunumeleng<\/em> (predmonz\u00fanov\u00e9 obdobie), <em>Gudjewg<\/em> (monz\u00fan), <em>Banggerreng<\/em> (koniec b\u00farok), <em>Yegge<\/em> (chladn\u00e9 prechodn\u00e9 obdobie), <em>Wurrgeng<\/em> (chladn\u00e9 such\u00e9 obdobie), <em>Gurrung<\/em> (hor\u00face such\u00e9 obdobie). Namarrkon je spojen\u00fd s obdobiami Gunumeleng a Gudjewg.<\/p><p>T\u00e1to jemne odstup\u0148ovan\u00e1 klasifik\u00e1cia po\u010dasia je v\u00fdnimo\u010dn\u00fdm pr\u00edkladom domorod\u00e9ho ekologick\u00e9ho poznania. Sp\u00e1ja pozorovanie, n\u00e1bo\u017eenstvo a praktick\u00fa organiz\u00e1ciu \u017eivota do jednotn\u00e9ho celku. Aj tu Namarrkon presahuje \u00falohu \u201eiba\u201c n\u00e1bo\u017eenskej postavy: je s\u00fa\u010das\u0165ou rozsiahlej ekol\u00f3gie poznania.<\/p>\t\t\t\t\t\t\t\t<\/div>\n\t\t\t\t<\/div>\n\t\t\t\t\t<\/div>\n\t\t\t\t<\/div>\n\t\t<div class=\"elementor-element elementor-element-iwgw-namarrkon-s17 e-flex e-con-boxed e-con e-parent\" data-id=\"iwgw-namarrkon-s17\" data-element_type=\"container\" data-e-type=\"container\">\n\t\t\t\t\t<div class=\"e-con-inner\">\n\t\t\t\t<div class=\"elementor-element elementor-element-iwgw-namarrkon-s17h elementor-widget elementor-widget-heading\" data-id=\"iwgw-namarrkon-s17h\" data-element_type=\"widget\" data-e-type=\"widget\" data-widget_type=\"heading.default\">\n\t\t\t\t\t<h2 class=\"elementor-heading-title elementor-size-default\">Namarrkon a umeleck\u00e9 zdru\u017eenie Maningrida<\/h2>\t\t\t\t<\/div>\n\t\t<div class=\"elementor-element elementor-element-iwgw-namarrkon-s17c e-con-full e-flex e-con e-child\" data-id=\"iwgw-namarrkon-s17c\" data-element_type=\"container\" data-e-type=\"container\">\n\t\t\t\t<div class=\"elementor-element elementor-element-iwgw-namarrkon-s17t elementor-widget elementor-widget-text-editor\" data-id=\"iwgw-namarrkon-s17t\" data-element_type=\"widget\" data-e-type=\"widget\" data-widget_type=\"text-editor.default\">\n\t\t\t\t\t\t\t\t\t<p>Umeleck\u00e9 zdru\u017eenie Maningrida (Maningrida Arts and Culture) je jedn\u00fdm z najv\u00fdznamnej\u0161\u00edch centier s\u00fa\u010dasn\u00e9ho domorod\u00e9ho umenia severnej Austr\u00e1lie. Zastupuje nieko\u013eko sto umelcov z r\u00f4znych jazykov\u00fdch skup\u00edn regi\u00f3nu. Mot\u00edvy Namarrkona patria k pevn\u00e9mu reperto\u00e1ru t\u00fdchto umelk\u00fd\u0148 a umelcov.<\/p><p>Toto zdru\u017eenie je z religionisticko-sociologick\u00e9ho h\u013eadiska zauj\u00edmav\u00e9, preto\u017ee sp\u00e1ja tradi\u010dn\u00fa prax s modern\u00fdm marketingom. Umelci dost\u00e1vaj\u00fa za svoje diela spravodliv\u00e9 odmeny; zdru\u017eenie zais\u0165uje kult\u00farnu kontinuitu i ekonomick\u00fa udr\u017eate\u013enos\u0165. T\u00e1to dvojit\u00e1 funkcia sa stala vzorom pre podobn\u00e9 iniciat\u00edvy inde.<\/p><p>Z religionisticko-antropologick\u00e9ho h\u013eadiska sa tu prejavuje s\u00fa\u010dasn\u00fd modus domorod\u00e9ho n\u00e1bo\u017eenstva: pre\u017e\u00edva v\u010faka trad\u00edcii i v\u010faka inov\u00e1cii. Namarrkon nepatr\u00ed uzavretej minulosti, je neust\u00e1le nanovo interpretovanou n\u00e1bo\u017eenskou realitou v regi\u00f3ne Maningrida.<\/p>\t\t\t\t\t\t\t\t<\/div>\n\t\t\t\t<\/div>\n\t\t\t\t\t<\/div>\n\t\t\t\t<\/div>\n\t\t<div class=\"elementor-element elementor-element-cp20809a4c e-flex e-con-boxed e-con e-parent\" data-id=\"cp20809a4c\" data-element_type=\"container\" data-e-type=\"container\">\n\t\t\t\t\t<div class=\"e-con-inner\">\n\t\t\t\t<div class=\"elementor-element elementor-element-cp210b3415 elementor-widget elementor-widget-heading\" data-id=\"cp210b3415\" data-element_type=\"widget\" data-e-type=\"widget\" data-widget_type=\"heading.default\">\n\t\t\t\t\t<h2 class=\"elementor-heading-title elementor-size-default\">Cik\u00e1da, ktor\u00e1 ohlasuje hrom: Namarrkon v ro\u010dnom cykle Arnhemskej zeme<\/h2>\t\t\t\t<\/div>\n\t\t<div class=\"elementor-element elementor-element-cp21efe7cf e-flex e-con-boxed e-con e-child\" data-id=\"cp21efe7cf\" data-element_type=\"container\" data-e-type=\"container\">\n\t\t\t\t\t<div class=\"e-con-inner\">\n\t\t\t\t<div class=\"elementor-element elementor-element-cp2e05b38b elementor-widget elementor-widget-text-editor\" data-id=\"cp2e05b38b\" data-element_type=\"widget\" data-e-type=\"widget\" data-widget_type=\"text-editor.default\">\n\t\t\t\t\t\t\t\t\t<p>Mu\u017e bleskov <em>Namarrkon<\/em>, p\u00edsan\u00fd aj <em>Namarrgon<\/em>, je v <span class=\"iwg-fachbegriff\" data-tooltip=\"Odovzd\u00e1vanie vedomost\u00ed a rozpr\u00e1van\u00ed z gener\u00e1cie na gener\u00e1ciu.\" tabindex=\"0\">\u00fastnej trad\u00edcii<\/span> z\u00e1padn\u00e9ho Arnhemsk\u00e9ho pobre\u017eia \u00fazko spojen\u00fd s presne pozorovan\u00fdm priebehom pr\u00edrodn\u00fdch udalost\u00ed. Na rozdiel od abstraktn\u00e9ho boha po\u010dasia je Namarrkon sp\u00e4t\u00fd s konkr\u00e9tnym sez\u00f3nnym dejom, ktor\u00fd hovoriaci jazykom kunwinjku a pr\u00edbuzn\u00fdmi jazykmi zaznamen\u00e1vaj\u00fa v rozl\u00ed\u0161enom kalend\u00e1ri ro\u010dn\u00fdch obdob\u00ed.<\/p><p>Tento kalend\u00e1r rozli\u0161uje a\u017e \u0161es\u0165 ro\u010dn\u00fdch obdob\u00ed namiesto dvoch alebo \u0161tyroch. S\u00fa viazan\u00e9 na vietor, vlhkos\u0165, kvetnat\u00e9 obdobia a spr\u00e1vanie zvierat.<\/p><p>Do tohto syst\u00e9mu patr\u00ed spojenie medzi Namarrkonom a ur\u010ditou cik\u00e1dou, ktor\u00e1 sa v regi\u00f3ne naz\u00fdva <em>Leichhardtova cik\u00e1da<\/em> a v miestnych jazykoch m\u00e1 vlastn\u00e9 meno. Tento \u017eiarivo sfarben\u00fd hmyz sa objavuje na konci such\u00e9ho obdobia, kr\u00e1tko predt\u00fdm, ako pr\u00eddu prv\u00e9 siln\u00e9 b\u00farky nast\u00e1vaj\u00faceho da\u017e\u010fov\u00e9ho obdobia.<\/p><p>V <span class=\"iwg-fachbegriff\" data-tooltip=\"Odovzd\u00e1vanie vedomost\u00ed a rozpr\u00e1van\u00ed z gener\u00e1cie na gener\u00e1ciu.\" tabindex=\"0\">\u00fastnej trad\u00edcii<\/span> plat\u00ed cik\u00e1da za die\u0165a alebo posla mu\u017ea bleskov. Jej v\u00fdskyt oznamuje, \u017ee Namarrkon sa op\u00e4\u0165 skoro prebud\u00ed, \u017ee sa vr\u00e1tia hromy a blesky a \u017ee sa mus\u00ed za\u010da\u0165 pr\u00edprava na da\u017e\u010fov\u00e9 obdobie. T\u00e1to postava tak vysvet\u013euje b\u00farky a z\u00e1rove\u0148 je s\u00fa\u010das\u0165ou praktick\u00e9ho s\u00faboru vedomost\u00ed, ktor\u00fd \u0161trukt\u00faruje rok.<\/p><p>Samotn\u00fd Namarrkon je v rozpr\u00e1vaniach a v skalnom umen\u00ed zobrazovan\u00fd s kamenn\u00fdmi sekerami umiestnen\u00fdmi na lak\u0165och a kolen\u00e1ch, ktor\u00fdmi sp\u00f4sobuje hrmenie mrakov a otriasanie zeme.<\/p><p>\u017diariv\u00fd p\u00e1s, ktor\u00fd ho obklopuje, sa vyklad\u00e1 ako blesk. Jedno zn\u00e1me ma\u013eovan\u00e9 zobrazenie tejto postavy sa nach\u00e1dza na skalnej stene v dne\u0161nom n\u00e1rodnom parku Kakadu a patr\u00ed medzi najnav\u0161tevovanej\u0161ie lokality skaln\u00e9ho umenia v Austr\u00e1lii, \u010do prin\u00e1\u0161a vlastn\u00e9 ot\u00e1zky ochrany a vhodn\u00e9ho zaobch\u00e1dzania.<\/p><p>Pre presn\u00e9 zobrazenie je d\u00f4le\u017eit\u00e9, \u017ee spojenie medzi cik\u00e1dou, za\u010diatkom b\u00farok a mu\u017eom bleskov je s\u00fa\u010das\u0165ou \u00fastnej <span class=\"iwg-fachbegriff\" data-tooltip=\"Odovzd\u00e1vanie vedomost\u00ed a rozpr\u00e1van\u00ed z gener\u00e1cie na gener\u00e1ciu.\" tabindex=\"0\">\u00fastnej trad\u00edcie<\/span> tradi\u010dn\u00fdch vlastn\u00edkov p\u00f4dy, nie v\u00fdkladom prinesen\u00fdm zvonka, a bolo dosved\u010den\u00e9 v etnografick\u00fdch pr\u00e1cach o poznan\u00ed pr\u00edrody Arnhemsk\u00e9ho pobre\u017eia.<\/p><p>Ukazuje, \u017ee postava Namarrkona je n\u00e1bo\u017eenskou formou presn\u00e9ho pozorovania pr\u00edrody a v \u017eiadnom pr\u00edpade nie je v protiklade k nemu. Sez\u00f3nna predpove\u010f a m\u00fdtick\u00e9 rozpr\u00e1vanie s\u00fa v tejto trad\u00edcii dvoma stranami tej istej vedomosti.<\/p>\t\t\t\t\t\t\t\t<\/div>\n\t\t\t\t\t<\/div>\n\t\t\t\t<\/div>\n\t\t\t\t\t<\/div>\n\t\t\t\t<\/div>\n\t\t<div class=\"elementor-element elementor-element-iwgw-namarrkon-lit e-flex e-con-boxed e-con e-parent\" data-id=\"iwgw-namarrkon-lit\" data-element_type=\"container\" data-e-type=\"container\">\n\t\t\t\t\t<div class=\"e-con-inner\">\n\t\t\t\t<div class=\"elementor-element elementor-element-iwgw-namarrkon-lith elementor-widget elementor-widget-heading\" data-id=\"iwgw-namarrkon-lith\" data-element_type=\"widget\" data-e-type=\"widget\" data-widget_type=\"heading.default\">\n\t\t\t\t\t<h2 class=\"elementor-heading-title elementor-size-default\">Literat\u00fara (v\u00fdber)<\/h2>\t\t\t\t<\/div>\n\t\t<div class=\"elementor-element elementor-element-iwgw-namarrkon-litc e-con-full e-flex e-con e-child\" data-id=\"iwgw-namarrkon-litc\" data-element_type=\"container\" data-e-type=\"container\">\n\t\t\t\t<div class=\"elementor-element elementor-element-iwgw-namarrkon-litt elementor-widget elementor-widget-text-editor\" data-id=\"iwgw-namarrkon-litt\" data-element_type=\"widget\" data-e-type=\"widget\" data-widget_type=\"text-editor.default\">\n\t\t\t\t\t\t\t\t\t<ul><li>Howard Morphy: <em>Aboriginal Art<\/em> (Phaidon 1998)<\/li><li>Luke Taylor: <em>Seeing the Inside<\/em> (1996)<\/li><li>Charles P. Mountford: <em>Records of the American-Australian Scientific Expedition<\/em> (1956)<\/li><li><span data-nosnippet>Ronald M. Berndt &#038; Catherine H. Berndt: <em>Man, Land and Myth<\/em> (1970)<\/span><\/li><li>George Chaloupka: <em>Journey in Time<\/em> (1993)<\/li><li>Tony Swain: <em>A Place for Strangers<\/em> (1993)<\/li><li>Lynne Hume: <em>Ancestral Power<\/em> (2002)<\/li><\/ul>\t\t\t\t\t\t\t\t<\/div>\n\t\t\t\t<\/div>\n\t\t\t\t\t<\/div>\n\t\t\t\t<\/div>\n\t\t<div class=\"elementor-element elementor-element-iwgkw-add-namarrkon e-flex e-con-boxed e-con e-parent\" data-id=\"iwgkw-add-namarrkon\" data-element_type=\"container\" data-e-type=\"container\">\n\t\t\t\t\t<div class=\"e-con-inner\">\n\t\t\t\t<div class=\"elementor-element elementor-element-iwgkw-add-namarrkon-t elementor-widget elementor-widget-text-editor\" data-id=\"iwgkw-add-namarrkon-t\" data-element_type=\"widget\" data-e-type=\"widget\" data-widget_type=\"text-editor.default\">\n\t\t\t\t\t\t\t\t\t<p>Namarrkon je stvorite\u013e blesku a hromu v trad\u00edcii Aboriginov z\u00e1padn\u00e9ho Arnhemsk\u00e9ho pobre\u017eia (West-Arnhem-<em>Land<\/em>) na severe Austr\u00e1lie. Vo v\u00fdtvarnom jazyku skaln\u00fdch malieb oblasti Kakadu sa objavuje ako \u013eudsk\u00e1 postava s kamenn\u00fdmi sekerami na lak\u0165och a kolen\u00e1ch, ktor\u00fdmi rozt\u013aka mraky. Jeho p\u00f4sobenie je \u00fazko spojen\u00e9 s vlhk\u00fdm monz\u00fanov\u00fdm obdob\u00edm medzi okt\u00f3brom a marcom.<\/p>\t\t\t\t\t\t\t\t<\/div>\n\t\t\t\t\t<\/div>\n\t\t\t\t<\/div>\n\t\t<div class=\"elementor-element elementor-element-iwgkw2-add-namarrkon e-flex e-con-boxed e-con e-parent\" data-id=\"iwgkw2-add-namarrkon\" data-element_type=\"container\" data-e-type=\"container\">\n\t\t\t\t\t<div class=\"e-con-inner\">\n\t\t\t\t<div class=\"elementor-element elementor-element-iwgkw2-add-namarrkon-t elementor-widget elementor-widget-text-editor\" data-id=\"iwgkw2-add-namarrkon-t\" data-element_type=\"widget\" data-e-type=\"widget\" data-widget_type=\"text-editor.default\">\n\t\t\t\t\t\t\t\t\t<p>Ako <em>duch bleskov<\/em> z\u00e1padn\u00e9ho Arnhemsk\u00e9ho pobre\u017eia bije Namarrkon kamenn\u00fdmi sekerami na kolen\u00e1ch a lak\u0165och do mrakov; \u00fastne <em>prame\u0148e<\/em> kunwinjku ho sp\u00e1jaj\u00fa s monz\u00fanov\u00fdm obdob\u00edm a so skaln\u00fdmi ma\u013ebami v oblasti Kakadu.<\/p>\t\t\t\t\t\t\t\t<\/div>\n\t\t\t\t\t<\/div>\n\t\t\t\t<\/div>\n\t\t<div class=\"elementor-element elementor-element-iwgw-namarrkon-kwd e-flex e-con-boxed e-con e-parent\" data-id=\"iwgw-namarrkon-kwd\" data-element_type=\"container\" data-e-type=\"container\">\n\t\t\t\t\t<div class=\"e-con-inner\">\n\t\t<div class=\"elementor-element elementor-element-iwgw-namarrkon-kwdc e-con-full e-flex e-con e-child\" data-id=\"iwgw-namarrkon-kwdc\" data-element_type=\"container\" data-e-type=\"container\">\n\t\t\t\t<div class=\"elementor-element elementor-element-iwgw-namarrkon-kwdt elementor-widget elementor-widget-text-editor\" data-id=\"iwgw-namarrkon-kwdt\" data-element_type=\"widget\" data-e-type=\"widget\" data-widget_type=\"text-editor.default\">\n\t\t\t\t\t\t\t\t\t<p><em>S\u00favisiace k\u013e\u00fa\u010dov\u00e9 pojmy: Namarrkon, Kunwinjku, Arnhemsk\u00e9 pobre\u017eie, blesk, da\u017e\u010fov\u00e9 obdobie, skaln\u00e9 ma\u013eby.<\/em><\/p>\t\t\t\t\t\t\t\t<\/div>\n\t\t\t\t<\/div>\n\t\t\t\t\t<\/div>\n\t\t\t\t<\/div>\n\t\t<div class=\"elementor-element elementor-element-iwgw-namarrkon-cc e-flex e-con-boxed e-con e-parent\" data-id=\"iwgw-namarrkon-cc\" data-element_type=\"container\" data-e-type=\"container\" id=\"iwg-cc-namarrkon\">\n\t\t\t\t\t<div class=\"e-con-inner\">\n\t\t<div class=\"elementor-element elementor-element-iwgw-namarrkon-ccinner e-flex e-con-boxed e-con e-parent\" data-id=\"iwgw-namarrkon-ccinner\" data-element_type=\"container\" data-e-type=\"container\" data-settings=\"{&quot;background_background&quot;:&quot;classic&quot;}\">\n\t\t\t\t\t<div class=\"e-con-inner\">\n\t\t\t\t<div class=\"elementor-element elementor-element-iwgw-namarrkon-cch elementor-widget elementor-widget-heading\" data-id=\"iwgw-namarrkon-cch\" data-element_type=\"widget\" data-e-type=\"widget\" data-widget_type=\"heading.default\">\n\t\t\t\t\t<h2 class=\"elementor-heading-title elementor-size-default\">iWell Guard a ochrann\u00e9 trad\u00edcie<\/h2>\t\t\t\t<\/div>\n\t\t\t\t<div class=\"elementor-element elementor-element-iwgw-namarrkon-cct elementor-widget elementor-widget-text-editor\" data-id=\"iwgw-namarrkon-cct\" data-element_type=\"widget\" data-e-type=\"widget\" data-widget_type=\"text-editor.default\">\n\t\t\t\t\t\t\t\t\t<div data-nosnippet=\"true\"><p>iWell Guard nadv\u00e4zuje na kult\u00farno-historick\u00fa trad\u00edciu prenosn\u00fdch ochrann\u00fdch predmetov, v trad\u00edcii <a href=\"https:\/\/iwell-guard.com\/sk\/aboriginalska-australia-dreamtime-tjukurpa\/\">Aboriginal<\/a> a mnoh\u00fdch \u010fal\u0161\u00edch kult\u00far po celom svete. 41 vrstiev, skuto\u010dn\u00e9 zlato, platina, striebro, vyroben\u00e9 v Nemecku. 30-d\u0148ov\u00e1 lehota na vr\u00e1tenie.<\/p><\/div>\t\t\t\t\t\t\t\t<\/div>\n\t\t\t\t<div class=\"elementor-element elementor-element-iwgw-namarrkon-ccb iwg-cc-button iwg-cc-cta-2026-05-13 elementor-widget elementor-widget-jet-button\" data-id=\"iwgw-namarrkon-ccb\" data-element_type=\"widget\" data-e-type=\"widget\" data-widget_type=\"jet-button.default\">\n\t\t\t\t<div class=\"elementor-widget-container\">\n\t\t\t\t\t<div class=\"elementor-jet-button jet-elements\"><div class=\"jet-button__container\"><a class=\"jet-button__instance jet-button__instance--icon-left hover-effect-1\" href=\"\/ueber-iwell-guard\/?utm_source=iwell-guard.com&amp;utm_medium=info-box&amp;utm_campaign=wesen-tradition\"><div class=\"jet-button__plane jet-button__plane-normal\"><\/div><div class=\"jet-button__plane jet-button__plane-hover\"><\/div><div class=\"jet-button__state jet-button__state-normal\"><span class=\"jet-button__label\">Viac o iWell Guard<\/span><\/div><div class=\"jet-button__state jet-button__state-hover\"><span class=\"jet-button__label\">Viac o iWell Guard<\/span><\/div><\/a><\/div><\/div><style>.elementor-element.elementor-element-iwgw-namarrkon-ccb .jet-button__instance{width:320px;height:56px;}.elementor-element.elementor-element-iwgw-namarrkon-ccb .jet-button__state-normal .jet-button__label{text-align:center;margin:0px 0px 0px 0px;color:#1a1b20;font-family:Montserrat,sans-serif;font-size:13px;font-weight:400;letter-spacing:4px;line-height:1.714em;text-transform:uppercase;}.elementor-element.elementor-element-iwgw-namarrkon-ccb .jet-button__state-hover .jet-button__label{text-align:center;margin:0px 0px 0px 0px;color:#FECC76;font-family:Montserrat,sans-serif;font-size:13px;font-weight:400;letter-spacing:4px;line-height:1.714em;text-transform:uppercase;}.elementor-element.elementor-element-iwgw-namarrkon-ccb .jet-button__plane-normal{background-color:#FECC76;border-style:solid;border-color:#C99540;border-width:2px 2px 2px 2px;}.elementor-element.elementor-element-iwgw-namarrkon-ccb .jet-button__plane-hover{background-color:rgba(0,0,0,0.55);border-style:solid;border-color:#FECC76;border-width:2px 2px 2px 2px;}<\/style>\t\t\t\t<\/div>\n\t\t\t\t<\/div>\n\t\t\t\t<div class=\"elementor-element elementor-element-iwgw-namarrkon-ccd elementor-widget elementor-widget-text-editor\" data-id=\"iwgw-namarrkon-ccd\" data-element_type=\"widget\" data-e-type=\"widget\" data-widget_type=\"text-editor.default\">\n\t\t\t\t\t\t\t\t\t<div data-nosnippet=\"true\"><p style=\"text-align:center;font-size:13px;opacity:0.7;margin-top:14px\" data-nosnippet=\"true\">Osobn\u00e9 sk\u00fasenosti sa m\u00f4\u017eu l\u00ed\u0161i\u0165. Nie je to zdravotn\u00edcka pom\u00f4cka. \u017diadny pr\u00eds\u013eub lie\u010denia.<\/p><\/div>\t\t\t\t\t\t\t\t<\/div>\n\t\t\t\t\t<\/div>\n\t\t\t\t<\/div>\n\t\t\t\t\t<\/div>\n\t\t\t\t<\/div>\n\t\t<div class=\"elementor-element elementor-element-iwgw-namarrkon-disc e-flex e-con-boxed e-con e-parent\" data-id=\"iwgw-namarrkon-disc\" data-element_type=\"container\" data-e-type=\"container\">\n\t\t\t\t\t<div class=\"e-con-inner\">\n\t\t\t\t<div class=\"elementor-element elementor-element-iwgw-namarrkon-discw elementor-widget elementor-widget-html\" data-id=\"iwgw-namarrkon-discw\" data-element_type=\"widget\" data-e-type=\"widget\" data-widget_type=\"html.default\">\n\t\t\t\t\t<footer data-nosnippet=\"true\" class=\"iwg-disclaimer-block\"><p data-nosnippet=\"true\">iWell Guard <strong>nie je zdravotn\u00edcka pom\u00f4cka<\/strong> a nenahr\u00e1dza lek\u00e1rske ani psychoterapeutick\u00e9 o\u0161etrenie. Religionistick\u00fd obsah predstavuje kult\u00farno-historick\u00e9 zaradenie, nie odpor\u00fa\u010danie duchovnej praxe.<\/p><\/footer>\t\t\t\t<\/div>\n\t\t\t\t\t<\/div>\n\t\t\t\t<\/div>\n\t\t\t\t<\/div>\n\t\t","protected":false},"excerpt":{"rendered":"","protected":false},"author":3,"featured_media":2874,"parent":0,"menu_order":0,"comment_status":"closed","ping_status":"closed","template":"elementor_header_footer","meta":{"_yoast_wpseo_focuskw":"Namarrkon aboriginsk\u00fd blesk","_yoast_wpseo_title":"Namarrkon \u2013 aboriginsk\u00fd duch blesku, m\u00fdtus a pramene","_yoast_wpseo_metadesc":"Namarrkon je mu\u017e bleskov Aboriginov Kunwinjku v z\u00e1padnom Arnhemskom p\u00e1sme. Religionistick\u00e9 zaradenie s m\u00fdtom a prame\u0148mi.","_yoast_wpseo_meta-robots-noindex":"","_yoast_wpseo_canonical":"","_angie_page":false,"gefaehrdungsstufe":"3","wesen_kultur":"aboriginal","wesen_klasse":"goetter","footnotes":""},"categories":[],"class_list":["post-157990","page","type-page","status-publish","has-post-thumbnail","hentry"],"yoast_head":"<!-- This site is optimized with the Yoast SEO Premium plugin v27.7 (Yoast SEO v28.3) - https:\/\/yoast.com\/product\/yoast-seo-premium-wordpress\/ -->\n<title>Namarrkon \u2013 aboriginsk\u00fd duch blesku, m\u00fdtus a pramene<\/title>\n<meta name=\"description\" content=\"Namarrkon je mu\u017e bleskov Aboriginov Kunwinjku v z\u00e1padnom Arnhemskom p\u00e1sme. Religionistick\u00e9 zaradenie s m\u00fdtom a prame\u0148mi.\" \/>\n<meta name=\"robots\" content=\"index, follow, max-snippet:-1, max-image-preview:large, max-video-preview:-1\" \/>\n<link rel=\"canonical\" href=\"https:\/\/iwell-guard.com\/sk\/namarrkon-muz-bleskov-kunwinjku\/\" \/>\n<meta property=\"og:locale\" content=\"sk_SK\" \/>\n<meta property=\"og:type\" content=\"article\" \/>\n<meta property=\"og:title\" content=\"Namarrkon \u2013 mu\u017e bleskov Kunwinjku\" \/>\n<meta property=\"og:description\" content=\"Namarrkon je mu\u017e bleskov Aboriginov Kunwinjku v z\u00e1padnom Arnhemskom p\u00e1sme. Religionistick\u00e9 zaradenie s m\u00fdtom a prame\u0148mi.\" \/>\n<meta property=\"og:url\" content=\"https:\/\/iwell-guard.com\/sk\/namarrkon-muz-bleskov-kunwinjku\/\" \/>\n<meta property=\"og:site_name\" content=\"iWell Guard\" \/>\n<meta property=\"article:modified_time\" content=\"2026-09-04T22:47:54+00:00\" \/>\n<meta property=\"og:image\" content=\"https:\/\/iwell-guard.com\/wp-content\/uploads\/2026\/05\/goetter_aboriginal_namarrkon.webp\" \/>\n\t<meta property=\"og:image:width\" content=\"1024\" \/>\n\t<meta property=\"og:image:height\" content=\"1536\" \/>\n\t<meta property=\"og:image:type\" content=\"image\/webp\" \/>\n<meta name=\"twitter:card\" content=\"summary_large_image\" \/>\n<script type=\"application\/ld+json\" class=\"yoast-schema-graph\">{\"@context\":\"https:\\\/\\\/schema.org\",\"@graph\":[{\"@type\":\"WebPage\",\"@id\":\"https:\\\/\\\/iwell-guard.com\\\/sk\\\/namarrkon-muz-bleskov-kunwinjku\\\/\",\"url\":\"https:\\\/\\\/iwell-guard.com\\\/sk\\\/namarrkon-muz-bleskov-kunwinjku\\\/\",\"name\":\"Namarrkon \u2013 aboriginsk\u00fd duch blesku, m\u00fdtus a pramene\",\"isPartOf\":{\"@id\":\"https:\\\/\\\/iwell-guard.com\\\/sk\\\/#website\"},\"primaryImageOfPage\":{\"@id\":\"https:\\\/\\\/iwell-guard.com\\\/sk\\\/namarrkon-muz-bleskov-kunwinjku\\\/#primaryimage\"},\"image\":{\"@id\":\"https:\\\/\\\/iwell-guard.com\\\/sk\\\/namarrkon-muz-bleskov-kunwinjku\\\/#primaryimage\"},\"thumbnailUrl\":\"https:\\\/\\\/iwell-guard.com\\\/wp-content\\\/uploads\\\/2026\\\/05\\\/goetter_aboriginal_namarrkon.webp\",\"datePublished\":\"2026-09-04T22:20:25+00:00\",\"dateModified\":\"2026-09-04T22:47:54+00:00\",\"description\":\"Namarrkon je mu\u017e bleskov Aboriginov Kunwinjku v z\u00e1padnom Arnhemskom p\u00e1sme. Religionistick\u00e9 zaradenie s m\u00fdtom a prame\u0148mi.\",\"breadcrumb\":{\"@id\":\"https:\\\/\\\/iwell-guard.com\\\/sk\\\/namarrkon-muz-bleskov-kunwinjku\\\/#breadcrumb\"},\"inLanguage\":\"sk-SK\",\"potentialAction\":[{\"@type\":\"ReadAction\",\"target\":[\"https:\\\/\\\/iwell-guard.com\\\/sk\\\/namarrkon-muz-bleskov-kunwinjku\\\/\"]}]},{\"@type\":\"ImageObject\",\"inLanguage\":\"sk-SK\",\"@id\":\"https:\\\/\\\/iwell-guard.com\\\/sk\\\/namarrkon-muz-bleskov-kunwinjku\\\/#primaryimage\",\"url\":\"https:\\\/\\\/iwell-guard.com\\\/wp-content\\\/uploads\\\/2026\\\/05\\\/goetter_aboriginal_namarrkon.webp\",\"contentUrl\":\"https:\\\/\\\/iwell-guard.com\\\/wp-content\\\/uploads\\\/2026\\\/05\\\/goetter_aboriginal_namarrkon.webp\",\"width\":1024,\"height\":1536,\"caption\":\"Bohovia z aboriginskej trad\u00edcie.\"},{\"@type\":\"BreadcrumbList\",\"@id\":\"https:\\\/\\\/iwell-guard.com\\\/sk\\\/namarrkon-muz-bleskov-kunwinjku\\\/#breadcrumb\",\"itemListElement\":[{\"@type\":\"ListItem\",\"position\":1,\"name\":\"Start\",\"item\":\"https:\\\/\\\/iwell-guard.com\\\/sk\\\/?page_id=157572\"},{\"@type\":\"ListItem\",\"position\":2,\"name\":\"Namarrkon \u2013 mu\u017e bleskov Kunwinjku\"}]},{\"@type\":\"WebSite\",\"@id\":\"https:\\\/\\\/iwell-guard.com\\\/sk\\\/#website\",\"url\":\"https:\\\/\\\/iwell-guard.com\\\/sk\\\/\",\"name\":\"iWell Guard\",\"description\":\"Schutz vor dunklen Einfl\u00fcssen\",\"publisher\":{\"@id\":\"https:\\\/\\\/iwell-guard.com\\\/sk\\\/#organization\"},\"potentialAction\":[{\"@type\":\"SearchAction\",\"target\":{\"@type\":\"EntryPoint\",\"urlTemplate\":\"https:\\\/\\\/iwell-guard.com\\\/sk\\\/?s={search_term_string}\"},\"query-input\":{\"@type\":\"PropertyValueSpecification\",\"valueRequired\":true,\"valueName\":\"search_term_string\"}}],\"inLanguage\":\"sk-SK\"},{\"@type\":\"Organization\",\"@id\":\"https:\\\/\\\/iwell-guard.com\\\/sk\\\/#organization\",\"name\":\"Ittermann electronic GmbH\",\"url\":\"https:\\\/\\\/iwell-guard.com\\\/sk\\\/\",\"logo\":{\"@type\":\"ImageObject\",\"inLanguage\":\"sk-SK\",\"@id\":\"https:\\\/\\\/iwell-guard.com\\\/sk\\\/#\\\/schema\\\/logo\\\/image\\\/\",\"url\":\"https:\\\/\\\/iwell-guard.com\\\/wp-content\\\/uploads\\\/2026\\\/05\\\/Ittermann-Logo-1182x237-1.png\",\"contentUrl\":\"https:\\\/\\\/iwell-guard.com\\\/wp-content\\\/uploads\\\/2026\\\/05\\\/Ittermann-Logo-1182x237-1.png\",\"width\":1182,\"height\":237,\"caption\":\"Ittermann electronic GmbH\"},\"image\":{\"@id\":\"https:\\\/\\\/iwell-guard.com\\\/sk\\\/#\\\/schema\\\/logo\\\/image\\\/\"},\"sameAs\":[\"https:\\\/\\\/pantip.com\\\/profile\\\/9367242\",\"https:\\\/\\\/micro.blog\\\/iwellguard\",\"https:\\\/\\\/www.diggerslist.com\\\/iwellguard\\\/about\",\"https:\\\/\\\/skitterphoto.com\\\/photographers\\\/2870314\\\/iwell-guard\",\"https:\\\/\\\/iwellguard.wordpress.com\\\/2026\\\/06\\\/06\\\/iwell-guard\\\/\",\"https:\\\/\\\/hub.docker.com\\\/u\\\/iwellguard\",\"https:\\\/\\\/www.pinterest.com\\\/iwellguard\\\/\",\"https:\\\/\\\/bit.ly\\\/m\\\/iwellguard\",\"https:\\\/\\\/entre-vos-mains.alsace.eu\\\/profiles\\\/iwellguard\\\/activity\",\"https:\\\/\\\/gravatar.com\\\/reallybeded8fd34\",\"https:\\\/\\\/naijamatta.com\\\/iwellguard\",\"https:\\\/\\\/www.goodreads.com\\\/iwellguard\",\"https:\\\/\\\/profile.hatena.ne.jp\\\/iwellguard\\\/\",\"https:\\\/\\\/experiment.com\\\/users\\\/iwellguard\",\"https:\\\/\\\/wakelet.com\\\/@iWellGuard82270\",\"https:\\\/\\\/www.chordie.com\\\/forum\\\/profile.php?id=2555664\",\"https:\\\/\\\/www.instapaper.com\\\/p\\\/17757966\",\"https:\\\/\\\/www.mapleprimes.com\\\/users\\\/iwellguard\",\"https:\\\/\\\/businesslistingplus.com\\\/profile\\\/iwell-guard\\\/\",\"https:\\\/\\\/telegra.ph\\\/iWell-Guard-06-06\",\"https:\\\/\\\/pbase.com\\\/iwellguard\\\/iwellguard\",\"https:\\\/\\\/b.hatena.ne.jp\\\/iwellguard\\\/20260607#bookmark-4788405196491818882\",\"https:\\\/\\\/fliphtml5.com\\\/home\\\/iwellguard\",\"https:\\\/\\\/anyflip.com\\\/homepage\\\/cmiwl#About\",\"https:\\\/\\\/transfur.com\\\/Users\\\/iwellguard\",\"http:\\\/\\\/delphi.larsbo.org\\\/user\\\/iwellguard\",\"https:\\\/\\\/jobs.lajobsportal.org\\\/profiles\\\/8380803-iwell-guard\",\"https:\\\/\\\/md.chaosdorf.de\\\/s\\\/jfbe5SBdJD\",\"https:\\\/\\\/www.lingvolive.com\\\/en-us\\\/profile\\\/9ecaeaca-ce11-4e51-9e71-01d55e2bff36\\\/translations\",\"https:\\\/\\\/www.fitday.com\\\/fitness\\\/forums\\\/members\\\/iwellguard.html\",\"https:\\\/\\\/www.mymeetbook.com\\\/iwellguard\",\"https:\\\/\\\/pxhere.com\\\/en\\\/photographer-me\\\/5040798\",\"https:\\\/\\\/disqus.com\\\/by\\\/iwellguard\\\/about\\\/\",\"https:\\\/\\\/pastelink.net\\\/hjwciqwq\",\"https:\\\/\\\/pubhtml5.com\\\/homepage\\\/scjhn\\\/\",\"https:\\\/\\\/www.bitchute.com\\\/channel\\\/2O2eOKzNqujT\",\"https:\\\/\\\/audiomack.com\\\/iwellguard\"]},{\"@type\":\"Article\",\"@id\":\"https:\\\/\\\/iwell-guard.com\\\/sk\\\/namarrkon-muz-bleskov-kunwinjku\\\/#article\",\"isPartOf\":{\"@id\":\"https:\\\/\\\/iwell-guard.com\\\/sk\\\/namarrkon-muz-bleskov-kunwinjku\\\/\"},\"author\":{\"name\":\"Ralf Ittermann\",\"@id\":\"https:\\\/\\\/iwell-guard.com\\\/sk\\\/#\\\/schema\\\/person\\\/ee2a27f1cac3406c7c6fb5820cb7349f\"},\"headline\":\"Namarrkon \u2013 mu\u017e bleskov Kunwinjku\",\"datePublished\":\"2026-09-04T22:20:25+00:00\",\"dateModified\":\"2026-09-04T22:47:54+00:00\",\"mainEntityOfPage\":{\"@id\":\"https:\\\/\\\/iwell-guard.com\\\/sk\\\/namarrkon-muz-bleskov-kunwinjku\\\/\"},\"publisher\":{\"@id\":\"https:\\\/\\\/iwell-guard.com\\\/sk\\\/#organization\"},\"image\":{\"@id\":\"https:\\\/\\\/iwell-guard.com\\\/sk\\\/namarrkon-muz-bleskov-kunwinjku\\\/#primaryimage\"},\"thumbnailUrl\":\"https:\\\/\\\/iwell-guard.com\\\/wp-content\\\/uploads\\\/2026\\\/05\\\/goetter_aboriginal_namarrkon.webp\",\"inLanguage\":\"sk-SK\",\"description\":\"Namarrkon je mu\u017e bleskov Aboriginov Kunwinjku v z\u00e1padnom Arnhemskom p\u00e1sme. Religionistick\u00e9 zaradenie s m\u00fdtom a prame\u0148mi.\"}]}<\/script>\n<!-- \/ Yoast SEO Premium plugin. -->","yoast_head_json":{"title":"Namarrkon \u2013 aboriginsk\u00fd duch blesku, m\u00fdtus a pramene","description":"Namarrkon je mu\u017e bleskov Aboriginov Kunwinjku v z\u00e1padnom Arnhemskom p\u00e1sme. Religionistick\u00e9 zaradenie s m\u00fdtom a prame\u0148mi.","robots":{"index":"index","follow":"follow","max-snippet":"max-snippet:-1","max-image-preview":"max-image-preview:large","max-video-preview":"max-video-preview:-1"},"canonical":"https:\/\/iwell-guard.com\/sk\/namarrkon-muz-bleskov-kunwinjku\/","og_locale":"sk_SK","og_type":"article","og_title":"Namarrkon \u2013 mu\u017e bleskov Kunwinjku","og_description":"Namarrkon je mu\u017e bleskov Aboriginov Kunwinjku v z\u00e1padnom Arnhemskom p\u00e1sme. Religionistick\u00e9 zaradenie s m\u00fdtom a prame\u0148mi.","og_url":"https:\/\/iwell-guard.com\/sk\/namarrkon-muz-bleskov-kunwinjku\/","og_site_name":"iWell Guard","article_modified_time":"2026-09-04T22:47:54+00:00","og_image":[{"width":1024,"height":1536,"url":"https:\/\/iwell-guard.com\/wp-content\/uploads\/2026\/05\/goetter_aboriginal_namarrkon.webp","type":"image\/webp"}],"twitter_card":"summary_large_image","schema":{"@context":"https:\/\/schema.org","@graph":[{"@type":"Article","@id":"https:\/\/iwell-guard.com\/sk\/namarrkon-muz-bleskov-kunwinjku\/#article","isPartOf":{"@id":"https:\/\/iwell-guard.com\/sk\/namarrkon-muz-bleskov-kunwinjku\/"},"author":{"name":"Ralf Ittermann","@id":"https:\/\/iwell-guard.com\/sk\/#\/schema\/person\/ee2a27f1cac3406c7c6fb5820cb7349f"},"headline":"Namarrkon \u2013 mu\u017e bleskov Kunwinjku","datePublished":"2026-09-04T22:20:25+00:00","dateModified":"2026-09-04T22:47:54+00:00","mainEntityOfPage":{"@id":"https:\/\/iwell-guard.com\/sk\/namarrkon-muz-bleskov-kunwinjku\/"},"publisher":{"@id":"https:\/\/iwell-guard.com\/sk\/#organization"},"image":{"@id":"https:\/\/iwell-guard.com\/sk\/namarrkon-muz-bleskov-kunwinjku\/#primaryimage"},"thumbnailUrl":"https:\/\/iwell-guard.com\/wp-content\/uploads\/2026\/05\/goetter_aboriginal_namarrkon.webp","inLanguage":"sk-SK","description":"Namarrkon je mu\u017e bleskov Aboriginov Kunwinjku v z\u00e1padnom Arnhemskom p\u00e1sme. Religionistick\u00e9 zaradenie s m\u00fdtom a prame\u0148mi."},{"@type":"WebPage","@id":"https:\/\/iwell-guard.com\/sk\/namarrkon-muz-bleskov-kunwinjku\/","url":"https:\/\/iwell-guard.com\/sk\/namarrkon-muz-bleskov-kunwinjku\/","name":"Namarrkon \u2013 aboriginsk\u00fd duch blesku, m\u00fdtus a pramene","isPartOf":{"@id":"https:\/\/iwell-guard.com\/sk\/#website"},"primaryImageOfPage":{"@id":"https:\/\/iwell-guard.com\/sk\/namarrkon-muz-bleskov-kunwinjku\/#primaryimage"},"image":{"@id":"https:\/\/iwell-guard.com\/sk\/namarrkon-muz-bleskov-kunwinjku\/#primaryimage"},"thumbnailUrl":"https:\/\/iwell-guard.com\/wp-content\/uploads\/2026\/05\/goetter_aboriginal_namarrkon.webp","datePublished":"2026-09-04T22:20:25+00:00","dateModified":"2026-09-04T22:47:54+00:00","description":"Namarrkon je mu\u017e bleskov Aboriginov Kunwinjku v z\u00e1padnom Arnhemskom p\u00e1sme. Religionistick\u00e9 zaradenie s m\u00fdtom a prame\u0148mi.","breadcrumb":{"@id":"https:\/\/iwell-guard.com\/sk\/namarrkon-muz-bleskov-kunwinjku\/#breadcrumb"},"inLanguage":"sk-SK","potentialAction":[{"@type":"ReadAction","target":["https:\/\/iwell-guard.com\/sk\/namarrkon-muz-bleskov-kunwinjku\/"]}]},{"@type":"ImageObject","inLanguage":"sk-SK","@id":"https:\/\/iwell-guard.com\/sk\/namarrkon-muz-bleskov-kunwinjku\/#primaryimage","url":"https:\/\/iwell-guard.com\/wp-content\/uploads\/2026\/05\/goetter_aboriginal_namarrkon.webp","contentUrl":"https:\/\/iwell-guard.com\/wp-content\/uploads\/2026\/05\/goetter_aboriginal_namarrkon.webp","width":1024,"height":1536,"caption":"Bohovia z aboriginskej trad\u00edcie."},{"@type":"BreadcrumbList","@id":"https:\/\/iwell-guard.com\/sk\/namarrkon-muz-bleskov-kunwinjku\/#breadcrumb","itemListElement":[{"@type":"ListItem","position":1,"name":"Start","item":"https:\/\/iwell-guard.com\/sk\/?page_id=157572"},{"@type":"ListItem","position":2,"name":"Namarrkon \u2013 mu\u017e bleskov Kunwinjku"}]},{"@type":"WebSite","@id":"https:\/\/iwell-guard.com\/sk\/#website","url":"https:\/\/iwell-guard.com\/sk\/","name":"iWell Guard","description":"Schutz vor dunklen Einfl\u00fcssen","publisher":{"@id":"https:\/\/iwell-guard.com\/sk\/#organization"},"potentialAction":[{"@type":"SearchAction","target":{"@type":"EntryPoint","urlTemplate":"https:\/\/iwell-guard.com\/sk\/?s={search_term_string}"},"query-input":{"@type":"PropertyValueSpecification","valueRequired":true,"valueName":"search_term_string"}}],"inLanguage":"sk-SK"},{"@type":"Organization","@id":"https:\/\/iwell-guard.com\/sk\/#organization","name":"Ittermann electronic GmbH","url":"https:\/\/iwell-guard.com\/sk\/","logo":{"@type":"ImageObject","inLanguage":"sk-SK","@id":"https:\/\/iwell-guard.com\/sk\/#\/schema\/logo\/image\/","url":"https:\/\/iwell-guard.com\/wp-content\/uploads\/2026\/05\/Ittermann-Logo-1182x237-1.png","contentUrl":"https:\/\/iwell-guard.com\/wp-content\/uploads\/2026\/05\/Ittermann-Logo-1182x237-1.png","width":1182,"height":237,"caption":"Ittermann electronic GmbH"},"image":{"@id":"https:\/\/iwell-guard.com\/sk\/#\/schema\/logo\/image\/"},"sameAs":["https:\/\/pantip.com\/profile\/9367242","https:\/\/micro.blog\/iwellguard","https:\/\/www.diggerslist.com\/iwellguard\/about","https:\/\/skitterphoto.com\/photographers\/2870314\/iwell-guard","https:\/\/iwellguard.wordpress.com\/2026\/06\/06\/iwell-guard\/","https:\/\/hub.docker.com\/u\/iwellguard","https:\/\/www.pinterest.com\/iwellguard\/","https:\/\/bit.ly\/m\/iwellguard","https:\/\/entre-vos-mains.alsace.eu\/profiles\/iwellguard\/activity","https:\/\/gravatar.com\/reallybeded8fd34","https:\/\/naijamatta.com\/iwellguard","https:\/\/www.goodreads.com\/iwellguard","https:\/\/profile.hatena.ne.jp\/iwellguard\/","https:\/\/experiment.com\/users\/iwellguard","https:\/\/wakelet.com\/@iWellGuard82270","https:\/\/www.chordie.com\/forum\/profile.php?id=2555664","https:\/\/www.instapaper.com\/p\/17757966","https:\/\/www.mapleprimes.com\/users\/iwellguard","https:\/\/businesslistingplus.com\/profile\/iwell-guard\/","https:\/\/telegra.ph\/iWell-Guard-06-06","https:\/\/pbase.com\/iwellguard\/iwellguard","https:\/\/b.hatena.ne.jp\/iwellguard\/20260607#bookmark-4788405196491818882","https:\/\/fliphtml5.com\/home\/iwellguard","https:\/\/anyflip.com\/homepage\/cmiwl#About","https:\/\/transfur.com\/Users\/iwellguard","http:\/\/delphi.larsbo.org\/user\/iwellguard","https:\/\/jobs.lajobsportal.org\/profiles\/8380803-iwell-guard","https:\/\/md.chaosdorf.de\/s\/jfbe5SBdJD","https:\/\/www.lingvolive.com\/en-us\/profile\/9ecaeaca-ce11-4e51-9e71-01d55e2bff36\/translations","https:\/\/www.fitday.com\/fitness\/forums\/members\/iwellguard.html","https:\/\/www.mymeetbook.com\/iwellguard","https:\/\/pxhere.com\/en\/photographer-me\/5040798","https:\/\/disqus.com\/by\/iwellguard\/about\/","https:\/\/pastelink.net\/hjwciqwq","https:\/\/pubhtml5.com\/homepage\/scjhn\/","https:\/\/www.bitchute.com\/channel\/2O2eOKzNqujT","https:\/\/audiomack.com\/iwellguard"]},{"@type":"Person","@id":"https:\/\/iwell-guard.com\/sk\/#\/schema\/person\/ee2a27f1cac3406c7c6fb5820cb7349f","name":"Ralf Ittermann","image":{"@type":"ImageObject","inLanguage":"sk-SK","@id":"https:\/\/secure.gravatar.com\/avatar\/073c0153e350a5005b68eb752b445fea71f6b24a26da9449ad7e155e6b446c9d?s=96&d=mm&r=g","url":"https:\/\/secure.gravatar.com\/avatar\/073c0153e350a5005b68eb752b445fea71f6b24a26da9449ad7e155e6b446c9d?s=96&d=mm&r=g","contentUrl":"https:\/\/secure.gravatar.com\/avatar\/073c0153e350a5005b68eb752b445fea71f6b24a26da9449ad7e155e6b446c9d?s=96&d=mm&r=g","caption":"Ralf Ittermann"},"givenName":"Ralf","familyName":"Ittermann","jobTitle":"Gesch\u00e4ftsf\u00fchrer und redaktioneller Verantwortlicher","url":"https:\/\/iwell-guard.com\/sk\/author\/claude\/","description":"Ralf Ittermann ist Gesch\u00e4ftsf\u00fchrer der Ittermann electronic GmbH und redaktioneller Verantwortlicher des iWell-Guard-Lexikons. Er verbindet langj\u00e4hrige Erfahrung in der Pr\u00e4zisionsfertigung mit medialer Praxis und religionsgeschichtlicher Quellenarbeit.","worksFor":{"@type":"Organization","name":"Ittermann electronic GmbH","url":"https:\/\/ittermann.de\/","address":{"@type":"PostalAddress","streetAddress":"K\u00f6hlergasse 16-18","postalCode":"99842","addressLocality":"Ruhla","addressCountry":"DE"}},"knowsAbout":["Religionsgeschichte","Mythologie","Mediale Praxis","Energetische Diagnostik","Schutzpraxis","Volksglauben","Westliche Esoterik"]},{"@type":"Article","@id":"https:\/\/iwell-guard.com\/sk\/namarrkon-muz-bleskov-kunwinjku\/#article","isPartOf":{"@id":"https:\/\/iwell-guard.com\/sk\/namarrkon-muz-bleskov-kunwinjku\/"},"author":{"name":"Ralf Ittermann","@id":"https:\/\/iwell-guard.com\/sk\/#\/schema\/person\/ee2a27f1cac3406c7c6fb5820cb7349f"},"headline":"Namarrkon \u2013 mu\u017e bleskov Kunwinjku","datePublished":"2026-09-04T22:20:25+00:00","dateModified":"2026-09-04T22:47:54+00:00","mainEntityOfPage":{"@id":"https:\/\/iwell-guard.com\/sk\/namarrkon-muz-bleskov-kunwinjku\/"},"publisher":{"@id":"https:\/\/iwell-guard.com\/sk\/#organization"},"image":{"@id":"https:\/\/iwell-guard.com\/sk\/namarrkon-muz-bleskov-kunwinjku\/#primaryimage"},"thumbnailUrl":"https:\/\/iwell-guard.com\/wp-content\/uploads\/2026\/05\/goetter_aboriginal_namarrkon.webp","inLanguage":"sk-SK","description":"Namarrkon je mu\u017e bleskov Aboriginov Kunwinjku v z\u00e1padnom Arnhemskom p\u00e1sme. Religionistick\u00e9 zaradenie s m\u00fdtom a prame\u0148mi."}]}},"_links":{"self":[{"href":"https:\/\/iwell-guard.com\/sk\/wp-json\/wp\/v2\/pages\/157990","targetHints":{"allow":["GET"]}}],"collection":[{"href":"https:\/\/iwell-guard.com\/sk\/wp-json\/wp\/v2\/pages"}],"about":[{"href":"https:\/\/iwell-guard.com\/sk\/wp-json\/wp\/v2\/types\/page"}],"author":[{"embeddable":true,"href":"https:\/\/iwell-guard.com\/sk\/wp-json\/wp\/v2\/users\/3"}],"replies":[{"embeddable":true,"href":"https:\/\/iwell-guard.com\/sk\/wp-json\/wp\/v2\/comments?post=157990"}],"version-history":[{"count":0,"href":"https:\/\/iwell-guard.com\/sk\/wp-json\/wp\/v2\/pages\/157990\/revisions"}],"wp:featuredmedia":[{"embeddable":true,"href":"https:\/\/iwell-guard.com\/sk\/wp-json\/wp\/v2\/media\/2874"}],"wp:attachment":[{"href":"https:\/\/iwell-guard.com\/sk\/wp-json\/wp\/v2\/media?parent=157990"}],"wp:term":[{"taxonomy":"category","embeddable":true,"href":"https:\/\/iwell-guard.com\/sk\/wp-json\/wp\/v2\/categories?post=157990"}],"curies":[{"name":"wp","href":"https:\/\/api.w.org\/{rel}","templated":true}]}}