{"id":157987,"date":"2026-09-04T22:20:23","date_gmt":"2026-09-04T22:20:23","guid":{"rendered":"https:\/\/iwell-guard.com\/?page_id=157987"},"modified":"2026-09-04T22:47:50","modified_gmt":"2026-09-04T22:47:50","slug":"mimi-duchovia-arnhemska-zem","status":"publish","type":"page","link":"https:\/\/iwell-guard.com\/sk\/mimi-duchovia-arnhemska-zem\/","title":{"rendered":"Mimi duchovia \u2013 Tenk\u00ed skaln\u00ed duchovia austr\u00e1lskych Aboriginov z Arnhemskej Zeme"},"content":{"rendered":"\t\t<div data-elementor-type=\"wp-page\" data-elementor-id=\"157987\" class=\"elementor elementor-157987 elementor-2650 elementor-bc-flex-widget\" data-elementor-post-type=\"page\">\n\t\t\t\t<div class=\"elementor-element elementor-element-iwgw-mimigeiste-hero e-flex e-con-boxed e-con e-parent\" data-id=\"iwgw-mimigeiste-hero\" data-element_type=\"container\" data-e-type=\"container\" data-settings=\"{&quot;background_background&quot;:&quot;classic&quot;}\">\n\t\t\t\t\t<div class=\"e-con-inner\">\n\t\t<div class=\"elementor-element elementor-element-iwgw-mimigeiste-hl e-flex e-con-boxed e-con e-child\" data-id=\"iwgw-mimigeiste-hl\" data-element_type=\"container\" data-e-type=\"container\">\n\t\t\t\t\t<div class=\"e-con-inner\">\n\t\t<div class=\"elementor-element elementor-element-iwgw-mimigeiste-htxt e-con-full e-flex e-con e-child\" data-id=\"iwgw-mimigeiste-htxt\" data-element_type=\"container\" data-e-type=\"container\">\n\t\t\t\t<div class=\"elementor-element elementor-element-iwgw-mimigeiste-h1 elementor-widget elementor-widget-heading\" data-id=\"iwgw-mimigeiste-h1\" data-element_type=\"widget\" data-e-type=\"widget\" data-widget_type=\"heading.default\">\n\t\t\t\t\t<h1 class=\"elementor-heading-title elementor-size-default\">Mimi duchovia, tenk\u00ed skaln\u00ed a jaskynn\u00ed duchovia trad\u00edcie Aboriginov Arnhemskej Zeme<\/h1>\t\t\t\t<\/div>\n\t\t\t\t<div class=\"elementor-element elementor-element-iwgw-mimigeiste-lead elementor-widget elementor-widget-text-editor\" data-id=\"iwgw-mimigeiste-lead\" data-element_type=\"widget\" data-e-type=\"widget\" data-widget_type=\"text-editor.default\">\n\t\t\t\t\t\t\t\t\t<p>Mimi duchovia (aj <em>Mimih<\/em>) s\u00fa tenk\u00ed, plach\u00ed skaln\u00ed a jaskynn\u00ed duchovia trad\u00edcie Aboriginov zo z\u00e1padnej Arnhemskej Zeme v severnej Austr\u00e1lii. S\u00fa tak tenk\u00ed, \u017ee sa dok\u00e1\u017eu skry\u0165 v skaln\u00fdch trhlin\u00e1ch, a tak plach\u00ed, \u017ee sa objavuj\u00fa iba za \u00fapln\u00e9ho bezvetria.<\/p>\t\t\t\t\t\t\t\t<\/div>\n\t\t\t\t<\/div>\n\t\t<div class=\"elementor-element elementor-element-iwgw-mimigeiste-pillc e-con-full e-flex e-con e-child\" data-id=\"iwgw-mimigeiste-pillc\" data-element_type=\"container\" data-e-type=\"container\">\n\t\t\t\t<div class=\"elementor-element elementor-element-iwgw-mimigeiste-pills elementor-widget elementor-widget-html\" data-id=\"iwgw-mimigeiste-pills\" data-element_type=\"widget\" data-e-type=\"widget\" data-widget_type=\"html.default\">\n\t\t\t\t\t<div class=\"iwg-pill-row\"><span class=\"iwg-klasse-badge\" tabindex=\"0\" data-tooltip=\"Pr\u00edrodn\u00fd duch trad\u00edcie Aboriginov.\">Pr\u00edrodn\u00fd duch<\/span><a href=\"https:\/\/iwell-guard.com\/sk\/aboriginalska-australia-dreamtime-tjukurpa\/\" class=\"iwg-kultur-badge\" tabindex=\"0\" data-tooltip=\"Mytol\u00f3gia trad\u00edcie Aboriginov.\">Aboriginovia<\/a><span class=\"iwg-tradition-badge\" tabindex=\"0\" data-tooltip=\"Skaln\u00ed duchovia.\">Skaln\u00ed duchovia<\/span><\/div>\t\t\t\t<\/div>\n\t\t\t\t<\/div>\n\t\t<div class=\"elementor-element elementor-element-iwgw-mimigeiste-tocc e-con-full e-flex e-con e-child\" data-id=\"iwgw-mimigeiste-tocc\" data-element_type=\"container\" data-e-type=\"container\">\n\t\t\t\t<div class=\"elementor-element elementor-element-iwgw-mimigeiste-toc elementor-toc--minimized-on-tablet elementor-widget elementor-widget-table-of-contents\" data-id=\"iwgw-mimigeiste-toc\" data-element_type=\"widget\" data-e-type=\"widget\" data-settings=\"{&quot;headings_by_tags&quot;:[&quot;h2&quot;,&quot;h3&quot;],&quot;minimize_box&quot;:&quot;yes&quot;,&quot;marker_view&quot;:&quot;bullets&quot;,&quot;no_headings_message&quot;:&quot;Na tejto str\\u00e1nke sa nena\\u0161li \\u017eiadne nadpisy.&quot;,&quot;exclude_headings_by_selector&quot;:[],&quot;icon&quot;:{&quot;value&quot;:&quot;fas fa-circle&quot;,&quot;library&quot;:&quot;fa-solid&quot;,&quot;rendered_tag&quot;:&quot;&lt;svg class=\\&quot;e-font-icon-svg e-fas-circle\\&quot; viewBox=\\&quot;0 0 512 512\\&quot; xmlns=\\&quot;http:\\\/\\\/www.w3.org\\\/2000\\\/svg\\&quot;&gt;&lt;path d=\\&quot;M256 8C119 8 8 119 8 256s111 248 248 248 248-111 248-248S393 8 256 8z\\&quot;&gt;&lt;\\\/path&gt;&lt;\\\/svg&gt;&quot;},&quot;minimized_on&quot;:&quot;tablet&quot;,&quot;hierarchical_view&quot;:&quot;yes&quot;,&quot;min_height&quot;:{&quot;unit&quot;:&quot;px&quot;,&quot;size&quot;:&quot;&quot;,&quot;sizes&quot;:[]},&quot;min_height_tablet&quot;:{&quot;unit&quot;:&quot;px&quot;,&quot;size&quot;:&quot;&quot;,&quot;sizes&quot;:[]},&quot;min_height_mobile&quot;:{&quot;unit&quot;:&quot;px&quot;,&quot;size&quot;:&quot;&quot;,&quot;sizes&quot;:[]}}\" data-widget_type=\"table-of-contents.default\">\n\t\t\t\t\t\t\t\t\t<div class=\"elementor-toc__header\">\n\t\t\t\t\t\t<h2 class=\"elementor-toc__header-title\">\n\t\t\t\tObsah\t\t\t<\/h2>\n\t\t\t\t\t\t\t\t\t\t<div class=\"elementor-toc__toggle-button elementor-toc__toggle-button--expand\" role=\"button\" tabindex=\"0\" aria-controls=\"elementor-toc__iwgw-mimigeiste-toc\" aria-expanded=\"true\" aria-label=\"Open table of contents\"><svg aria-hidden=\"true\" class=\"e-font-icon-svg e-fas-chevron-down\" viewBox=\"0 0 448 512\" xmlns=\"http:\/\/www.w3.org\/2000\/svg\"><path d=\"M207.029 381.476L12.686 187.132c-9.373-9.373-9.373-24.569 0-33.941l22.667-22.667c9.357-9.357 24.522-9.375 33.901-.04L224 284.505l154.745-154.021c9.379-9.335 24.544-9.317 33.901.04l22.667 22.667c9.373 9.373 9.373 24.569 0 33.941L240.971 381.476c-9.373 9.372-24.569 9.372-33.942 0z\"><\/path><\/svg><\/div>\n\t\t\t\t<div class=\"elementor-toc__toggle-button elementor-toc__toggle-button--collapse\" role=\"button\" tabindex=\"0\" aria-controls=\"elementor-toc__iwgw-mimigeiste-toc\" aria-expanded=\"true\" aria-label=\"Close table of contents\"><svg aria-hidden=\"true\" class=\"e-font-icon-svg e-fas-chevron-up\" viewBox=\"0 0 448 512\" xmlns=\"http:\/\/www.w3.org\/2000\/svg\"><path d=\"M240.971 130.524l194.343 194.343c9.373 9.373 9.373 24.569 0 33.941l-22.667 22.667c-9.357 9.357-24.522 9.375-33.901.04L224 227.495 69.255 381.516c-9.379 9.335-24.544 9.317-33.901-.04l-22.667-22.667c-9.373-9.373-9.373-24.569 0-33.941L207.03 130.525c9.372-9.373 24.568-9.373 33.941-.001z\"><\/path><\/svg><\/div>\n\t\t\t\t\t<\/div>\n\t\t\t\t<div id=\"elementor-toc__iwgw-mimigeiste-toc\" class=\"elementor-toc__body\">\n\t\t\t<div class=\"elementor-toc__spinner-container\">\n\t\t\t\t<svg class=\"elementor-toc__spinner eicon-animation-spin e-font-icon-svg e-eicon-loading\" aria-hidden=\"true\" viewBox=\"0 0 1000 1000\" xmlns=\"http:\/\/www.w3.org\/2000\/svg\"><path d=\"M500 975V858C696 858 858 696 858 500S696 142 500 142 142 304 142 500H25C25 237 238 25 500 25S975 237 975 500 763 975 500 975Z\"><\/path><\/svg>\t\t\t<\/div>\n\t\t<\/div>\n\t\t\t\t\t\t<\/div>\n\t\t\t\t<\/div>\n\t\t\t\t\t<\/div>\n\t\t\t\t<\/div>\n\t\t<div class=\"elementor-element elementor-element-iwgw-mimigeiste-hr e-con-full e-flex e-con e-child\" data-id=\"iwgw-mimigeiste-hr\" data-element_type=\"container\" data-e-type=\"container\">\n\t\t\t\t<div class=\"elementor-element elementor-element-iwgw-mimigeiste-heroimg iwg-hero-image elementor-widget elementor-widget-image\" data-id=\"iwgw-mimigeiste-heroimg\" data-element_type=\"widget\" data-e-type=\"widget\" data-widget_type=\"image.default\">\n\t\t\t\t\t\t\t\t\t\t\t\t\t\t\t<img fetchpriority=\"high\" decoding=\"async\" width=\"683\" height=\"1024\" src=\"https:\/\/iwell-guard.com\/wp-content\/uploads\/2026\/05\/geister_aboriginal_mimi-geister-683x1024.webp\" class=\"attachment-large size-large wp-image-159782\" alt=\"Mimi duchovia - duchovia z trad\u00edcie p\u00f4vodn\u00fdch obyvate\u013eov Austr\u00e1lie (Aboriginal), historicko-ilustra\u010dn\u00e9 zobrazenie\" srcset=\"https:\/\/iwell-guard.com\/wp-content\/uploads\/2026\/05\/geister_aboriginal_mimi-geister-683x1024.webp 683w, https:\/\/iwell-guard.com\/wp-content\/uploads\/2026\/05\/geister_aboriginal_mimi-geister-200x300.webp 200w, https:\/\/iwell-guard.com\/wp-content\/uploads\/2026\/05\/geister_aboriginal_mimi-geister-768x1152.webp 768w, https:\/\/iwell-guard.com\/wp-content\/uploads\/2026\/05\/geister_aboriginal_mimi-geister.webp 1024w\" sizes=\"(max-width: 683px) 100vw, 683px\" \/>\t\t\t\t\t\t\t\t\t\t\t\t\t\t\t<\/div>\n\t\t\t\t<\/div>\n\t\t\t\t\t<\/div>\n\t\t\t\t<\/div>\n\t\t<div class=\"elementor-element elementor-element-iwgw-mimigeiste-s0 e-flex e-con-boxed e-con e-parent\" data-id=\"iwgw-mimigeiste-s0\" data-element_type=\"container\" data-e-type=\"container\">\n\t\t\t\t\t<div class=\"e-con-inner\">\n\t\t\t\t<div class=\"elementor-element elementor-element-iwgw-mimigeiste-s0h elementor-widget elementor-widget-heading\" data-id=\"iwgw-mimigeiste-s0h\" data-element_type=\"widget\" data-e-type=\"widget\" data-widget_type=\"heading.default\">\n\t\t\t\t\t<h2 class=\"elementor-heading-title elementor-size-default\">Zaradenie a stru\u010dn\u00fd profil<\/h2>\t\t\t\t<\/div>\n\t\t<div class=\"elementor-element elementor-element-iwgw-mimigeiste-s0c e-con-full e-flex e-con e-child\" data-id=\"iwgw-mimigeiste-s0c\" data-element_type=\"container\" data-e-type=\"container\">\n\t\t\t\t<div class=\"elementor-element elementor-element-iwgw-mimigeiste-s0t elementor-widget elementor-widget-text-editor\" data-id=\"iwgw-mimigeiste-s0t\" data-element_type=\"widget\" data-e-type=\"widget\" data-widget_type=\"text-editor.default\">\n\t\t\t\t\t\t\t\t\t<p>Mimi duchovia patria k n\u00e1bo\u017eensk\u00fdm dejin\u00e1m komun\u00edt Aboriginov zo z\u00e1padnej Arnhemskej Zeme, najm\u00e4 Kunwinjku, Mayali, Dangbon a Rembarrnga. Z poh\u013eadu trad\u00edcie samotnej s\u00fa skuto\u010dn\u00fdmi bytos\u0165ami \u017eij\u00facimi v skal\u00e1ch a jaskyniach Arnhemskej vyso\u010diny; z poh\u013eadu religionistickej etnol\u00f3gie ide o rodinu miestne v\u00e1zan\u00fdch duchov s pou\u010dnou a varovnou funkciou.<\/p><p>V r\u00e1mci <a href=\"https:\/\/iwell-guard.com\/sk\/aboriginalska-australia-dreamtime-tjukurpa\/\">trad\u00edcie Aboriginov<\/a> s\u00fa Mimi zvl\u00e1\u0161\u0165 zauj\u00edmav\u00ed t\u00fdm, \u017ee im samotn\u00ed Aboriginovia pripisuj\u00fa vyn\u00e1jdenie skaln\u00e9ho umenia: v \u010dase Dreamingu, pod\u013ea rozpr\u00e1vania, Mimi nama\u013eovali prv\u00e9 obrazy a \u013eudia sa od nich nau\u010dili ma\u013eova\u0165. T\u00e1to mytick\u00e1 geneal\u00f3gia skaln\u00fdch malieb rob\u00ed z Mimi k\u013e\u00fa\u010dov\u00fa postavu v dejin\u00e1ch umenia Aboriginov.<\/p><p>Z religionistick\u00e9ho h\u013eadiska patria Mimi do \u0161ir\u0161ej triedy \u201edrobn\u00e9ho \u013eudu\u201c, mal\u00fdch, plach\u00fdch, miestne v\u00e1zan\u00fdch duchov, ktor\u00ed sa vyskytuj\u00fa v mnoh\u00fdch p\u00f4vodn\u00fdch trad\u00edci\u00e1ch po celom svete a zvy\u010dajne maj\u00fa pou\u010dn\u00fa alebo varovn\u00fa funkciu.<\/p>\t\t\t\t\t\t\t\t<\/div>\n\t\t\t\t<\/div>\n\t\t\t\t\t<\/div>\n\t\t\t\t<\/div>\n\t\t<div class=\"elementor-element elementor-element-iwgw-mimigeiste-s1 e-flex e-con-boxed e-con e-parent\" data-id=\"iwgw-mimigeiste-s1\" data-element_type=\"container\" data-e-type=\"container\">\n\t\t\t\t\t<div class=\"e-con-inner\">\n\t\t\t\t<div class=\"elementor-element elementor-element-iwgw-mimigeiste-s1h elementor-widget elementor-widget-heading\" data-id=\"iwgw-mimigeiste-s1h\" data-element_type=\"widget\" data-e-type=\"widget\" data-widget_type=\"heading.default\">\n\t\t\t\t\t<h2 class=\"elementor-heading-title elementor-size-default\">Meno a etymol\u00f3gia<\/h2>\t\t\t\t<\/div>\n\t\t<div class=\"elementor-element elementor-element-iwgw-mimigeiste-s1c e-con-full e-flex e-con e-child\" data-id=\"iwgw-mimigeiste-s1c\" data-element_type=\"container\" data-e-type=\"container\">\n\t\t\t\t<div class=\"elementor-element elementor-element-iwgw-mimigeiste-s1t elementor-widget elementor-widget-text-editor\" data-id=\"iwgw-mimigeiste-s1t\" data-element_type=\"widget\" data-e-type=\"widget\" data-widget_type=\"text-editor.default\">\n\t\t\t\t\t\t\t\t\t<p>Meno <em>Mimi<\/em> (aj <em>Mimih<\/em>) je dolo\u017een\u00e9 vo v\u00e4\u010d\u0161ine jazykov Aboriginov Arnhemskej Zeme. Etymol\u00f3gia nie je jednozna\u010dne objasnen\u00e1; pod\u013ea jedn\u00e9ho tradi\u010dn\u00e9ho v\u00fdkladu s\u00favis\u00ed slovo s onomatopoick\u00fdm z\u00e1kladom, ktor\u00fd napodob\u0148uje tich\u00e9 sykanie alebo \u0161epot duchov.<\/p><p><span data-nosnippet>U Yolngu na v\u00fdchode Arnhemskej Zeme sa naz\u00fdvaj\u00fa trochu inak, <em>Wapitja<\/em> alebo <em>Yawk<\/em>, a maj\u00fa \u010diasto\u010dne odli\u0161n\u00e9 vlastnosti. Howard Morphy systematicky zdokumentoval tieto region\u00e1lne rozdiely v diele <em>Aboriginal Art<\/em> (1998).<\/span><\/p><p>V star\u0161\u00edch etnografick\u00fdch spr\u00e1vach sa Mimi \u010dasto ozna\u010dovali ako \u201emimih spirits\u201c, \u010do je anglizovan\u00e1 forma, ktor\u00e1 je dnes menej pou\u017e\u00edvan\u00e1. Dnes je \u0161tandardom ozna\u010denie <em>Mimi duchovia<\/em> (v sloven\u010dine) alebo <em>Mimi spirits<\/em> (v angli\u010dtine).<\/p>\t\t\t\t\t\t\t\t<\/div>\n\t\t\t\t<\/div>\n\t\t\t\t\t<\/div>\n\t\t\t\t<\/div>\n\t\t<div class=\"elementor-element elementor-element-iwgw-mimigeiste-s2 e-flex e-con-boxed e-con e-parent\" data-id=\"iwgw-mimigeiste-s2\" data-element_type=\"container\" data-e-type=\"container\">\n\t\t\t\t\t<div class=\"e-con-inner\">\n\t\t\t\t<div class=\"elementor-element elementor-element-iwgw-mimigeiste-s2h elementor-widget elementor-widget-heading\" data-id=\"iwgw-mimigeiste-s2h\" data-element_type=\"widget\" data-e-type=\"widget\" data-widget_type=\"heading.default\">\n\t\t\t\t\t<h2 class=\"elementor-heading-title elementor-size-default\">Popis a ikonografia<\/h2>\t\t\t\t<\/div>\n\t\t<div class=\"elementor-element elementor-element-iwgw-mimigeiste-s2c e-con-full e-flex e-con e-child\" data-id=\"iwgw-mimigeiste-s2c\" data-element_type=\"container\" data-e-type=\"container\">\n\t\t\t\t<div class=\"elementor-element elementor-element-iwgw-mimigeiste-s2t elementor-widget elementor-widget-text-editor\" data-id=\"iwgw-mimigeiste-s2t\" data-element_type=\"widget\" data-e-type=\"widget\" data-widget_type=\"text-editor.default\">\n\t\t\t\t\t\t\t\t\t<p>Mimi s\u00fa opisovan\u00ed ako neoby\u010dajne tenk\u00e9, dlh\u00e9 bytosti, tak tenk\u00e9, \u017ee sa dok\u00e1\u017eu skry\u0165 v skaln\u00fdch trhlin\u00e1ch; tak citliv\u00e9, \u017ee by im aj mierny vietor zlomil kr\u010dn\u00e9 kosti. Preto op\u00fa\u0161\u0165aj\u00fa svoje skaln\u00e9 \u0161k\u00e1ry iba za \u00fapln\u00e9ho bezvetria. Maj\u00fa \u013eudsk\u00e9 tv\u00e1re, ale ne\u00famerne dlh\u00e9 kon\u010datiny; \u010dasto sa im pripisuje dlh\u00e1 kopija v ruke.<\/p><p>Skaln\u00e9 ma\u013eby v \u0161t\u00fdle Mimi patria medzi najstar\u0161ie zachovan\u00e9 skaln\u00e9 ma\u013eby Arnhemskej Zeme. Zvy\u010dajne zobrazuj\u00fa tenk\u00e9, \u017eivo pohybuj\u00face sa postavy, po\u013eovn\u00edkov s kopijou, tane\u010dn\u00edkov, \u017eeny s vykop\u00e1vac\u00edmi palicami. Tento \u201edynamick\u00fd figur\u00e1lny \u0161t\u00fdl\u201c sa datuje a\u017e do 12 000 rokov dozadu, \u010d\u00edm sa skaln\u00e9 ma\u013eby Mimi st\u00e1vaj\u00fa najstar\u0161\u00edmi zachovan\u00fdmi umeleck\u00fdmi dielami Austr\u00e1lie.<\/p><p>Osobitn\u00fd v\u00fdznam m\u00e1 trad\u00edcia Mimi v \u201ebark painting\u201c (ma\u013ebe na k\u00f4ru) 20. storo\u010dia. Umelci Aboriginov ako Yirawala, Crusoe Kuningbal a Spider Namirrkki preniesli mot\u00edvy Mimi do modern\u00fdch m\u00e9di\u00ed. Tieto diela sa dnes nach\u00e1dzaj\u00fa v mnoh\u00fdch m\u00faze\u00e1ch po celom svete (napr. National Museum Canberra, British Museum, Mus\u00e9e du Quai Branly Par\u00ed\u017e).<\/p>\t\t\t\t\t\t\t\t<\/div>\n\t\t\t\t<\/div>\n\t\t\t\t\t<\/div>\n\t\t\t\t<\/div>\n\t\t<div class=\"elementor-element elementor-element-iwgw-mimigeiste-s3 e-flex e-con-boxed e-con e-parent\" data-id=\"iwgw-mimigeiste-s3\" data-element_type=\"container\" data-e-type=\"container\">\n\t\t\t\t\t<div class=\"e-con-inner\">\n\t\t\t\t<div class=\"elementor-element elementor-element-iwgw-mimigeiste-s3h elementor-widget elementor-widget-heading\" data-id=\"iwgw-mimigeiste-s3h\" data-element_type=\"widget\" data-e-type=\"widget\" data-widget_type=\"heading.default\">\n\t\t\t\t\t<h2 class=\"elementor-heading-title elementor-size-default\">Mytologick\u00e9 rozpr\u00e1vania<\/h2>\t\t\t\t<\/div>\n\t\t<div class=\"elementor-element elementor-element-iwgw-mimigeiste-s3c e-con-full e-flex e-con e-child\" data-id=\"iwgw-mimigeiste-s3c\" data-element_type=\"container\" data-e-type=\"container\">\n\t\t\t\t<div class=\"elementor-element elementor-element-iwgw-mimigeiste-s3t elementor-widget elementor-widget-text-editor\" data-id=\"iwgw-mimigeiste-s3t\" data-element_type=\"widget\" data-e-type=\"widget\" data-widget_type=\"text-editor.default\">\n\t\t\t\t\t\t\t\t\t<p>Centr\u00e1lnym rozpr\u00e1van\u00edm o Mimi je \u201eu\u010denie Mimi\u201c: V \u010dase Dreamingu \u017eili Mimi pokojne v skal\u00e1ch. Boli majstrami po\u013eovn\u00edkmi a majstrami maliarmi. Videli prv\u00fdch \u013eud\u00ed a zo s\u00facitu ich nau\u010dili lovi\u0165, zaklada\u0165 ohe\u0148 a ma\u013eova\u0165. S\u00fa\u010dasn\u00e9 umenie a kult\u00fara Kunwinjku s\u00fa tak pod\u013ea tejto trad\u00edcie priamym dedi\u010dstvom Mimi.<\/p><p>Druh\u00e9 rozpr\u00e1vanie popisuje strat\u00e9gie skr\u00fdvania Mimi: pri vetre sa Mimi hlboko utiahnu do sk\u00e1l; pri bezvetr\u00ed sa odv\u00e1\u017eia vyjs\u0165. Kto uvid\u00ed Mimi <span class=\"iwg-fachbegriff\" data-tooltip=\"Beztelesn\u00e1 bytos\u0165, ktorej sa pripisuje p\u00f4sobenie vo svete.\" tabindex=\"0\">ducha<\/span>, nemal by ho oslovova\u0165, s\u00fa plach\u00ed a ust\u00fapia zranen\u00ed.<\/p><p>Tretie rozpr\u00e1vanie hovor\u00ed o nebezpe\u010dn\u00fdch stretnutiach s Mimi: ak po\u013eovn\u00edk zostane pr\u00edli\u0161 dlho v jaskyni, m\u00f4\u017eu ho Mimi \u201eodvies\u0165\u201c, \u010do je <span class=\"iwg-fachbegriff\" data-tooltip=\"Opakuj\u00faci sa obsahov\u00fd prvok v umen\u00ed alebo rozpr\u00e1van\u00ed.\" tabindex=\"0\">mot\u00edv<\/span> pripom\u00ednaj\u00faci eur\u00f3pske \u00fanosy elfmi, pou\u017e\u00edvan\u00fd v mnoh\u00fdch varovn\u00fdch rozpr\u00e1vaniach Aboriginov pre deti.<\/p>\t\t\t\t\t\t\t\t<\/div>\n\t\t\t\t<\/div>\n\t\t\t\t\t<\/div>\n\t\t\t\t<\/div>\n\t\t<div class=\"elementor-element elementor-element-iwgw-mimigeiste-s4 e-flex e-con-boxed e-con e-parent\" data-id=\"iwgw-mimigeiste-s4\" data-element_type=\"container\" data-e-type=\"container\">\n\t\t\t\t\t<div class=\"e-con-inner\">\n\t\t\t\t<div class=\"elementor-element elementor-element-iwgw-mimigeiste-s4h elementor-widget elementor-widget-heading\" data-id=\"iwgw-mimigeiste-s4h\" data-element_type=\"widget\" data-e-type=\"widget\" data-widget_type=\"heading.default\">\n\t\t\t\t\t<h2 class=\"elementor-heading-title elementor-size-default\">Kult a uctievanie<\/h2>\t\t\t\t<\/div>\n\t\t<div class=\"elementor-element elementor-element-iwgw-mimigeiste-s4c e-con-full e-flex e-con e-child\" data-id=\"iwgw-mimigeiste-s4c\" data-element_type=\"container\" data-e-type=\"container\">\n\t\t\t\t<div class=\"elementor-element elementor-element-iwgw-mimigeiste-s4t elementor-widget elementor-widget-text-editor\" data-id=\"iwgw-mimigeiste-s4t\" data-element_type=\"widget\" data-e-type=\"widget\" data-widget_type=\"text-editor.default\">\n\t\t\t\t\t\t\t\t\t<p>Mimi nemaj\u00fa form\u00e1lny <span class=\"iwg-fachbegriff\" data-tooltip=\"S\u00fahrn n\u00e1bo\u017eensk\u00fdch \u00factov\u00fdch prakt\u00edk vo\u010di bo\u017estvu alebo sv\u00e4tej postave.\" tabindex=\"0\">kult<\/span>; s\u00fa sk\u00f4r predmetom be\u017enej opatrnosti a pr\u00edle\u017eitostnej <span class=\"iwg-fachbegriff\" data-tooltip=\"Prosebn\u00e9 alebo vz\u00fdvaj\u00face oslovenie bo\u017estva \u010di moci.\" tabindex=\"0\">invok\u00e1cie<\/span>. Pred vstupom do jaskyne sa ticho \u201eupozorn\u00ed\u201c: kr\u00e1tke zap\u00edskanie, slovo re\u0161pektu, niekedy dotyk skaly.<\/p><p>Osobitnou praxou je ka\u017edoro\u010dn\u00e9 \u201eobnovovanie\u201c ur\u010dit\u00fdch skaln\u00fdch malieb Mimi star\u0161\u00edmi kme\u0148a: podobne ako u <a href=\"https:\/\/iwell-guard.com\/sk\/?page_id=157982\">Wandjina<\/a> v Kimberley sa skaln\u00e1 ma\u013eba <span class=\"iwg-fachbegriff\" data-tooltip=\"Patriaci k pevne stanoven\u00e9mu n\u00e1bo\u017eensk\u00e9mu postupu.\" tabindex=\"0\">ritu\u00e1lne<\/span> prema\u013euje, \u010do sa ch\u00e1pe ako potvrdenie \u017eiv\u00e9ho vz\u0165ahu medzi \u013eu\u010fmi a Mimi.<\/p><p>V s\u00fa\u010dasnej praxi Aboriginov v Maningride, Gunbalanyi a \u010fal\u0161\u00edch komunit\u00e1ch Arnhemskej Zeme s\u00fa mot\u00edvy Mimi v umen\u00ed st\u00e1le \u017eiv\u00e9. Viacer\u00ed umelci pracuj\u00fa v \u201etrad\u00edcii Mimi\u201c medzigenera\u010dne, \u010do je v\u00fdznamn\u00e9 n\u00e1bo\u017eensk\u00fd aj ekonomicky (predaj diel).<\/p>\t\t\t\t\t\t\t\t<\/div>\n\t\t\t\t<\/div>\n\t\t\t\t\t<\/div>\n\t\t\t\t<\/div>\n\t\t<div class=\"elementor-element elementor-element-iwgw-mimigeiste-s5 e-flex e-con-boxed e-con e-parent\" data-id=\"iwgw-mimigeiste-s5\" data-element_type=\"container\" data-e-type=\"container\">\n\t\t\t\t\t<div class=\"e-con-inner\">\n\t\t\t\t<div class=\"elementor-element elementor-element-iwgw-mimigeiste-s5h elementor-widget elementor-widget-heading\" data-id=\"iwgw-mimigeiste-s5h\" data-element_type=\"widget\" data-e-type=\"widget\" data-widget_type=\"heading.default\">\n\t\t\t\t\t<h2 class=\"elementor-heading-title elementor-size-default\">Ochrann\u00e1 prax a apotropaika<\/h2>\t\t\t\t<\/div>\n\t\t<div class=\"elementor-element elementor-element-iwgw-mimigeiste-s5c e-con-full e-flex e-con e-child\" data-id=\"iwgw-mimigeiste-s5c\" data-element_type=\"container\" data-e-type=\"container\">\n\t\t\t\t<div class=\"elementor-element elementor-element-iwgw-mimigeiste-s5t elementor-widget elementor-widget-text-editor\" data-id=\"iwgw-mimigeiste-s5t\" data-element_type=\"widget\" data-e-type=\"widget\" data-widget_type=\"text-editor.default\">\n\t\t\t\t\t\t\t\t\t<p>Z poh\u013eadu religionistiky: apotropaick\u00e9 praktiky v mimskom komplexe smeruj\u00fa k re\u0161pektuj\u00facemu zaobch\u00e1dzaniu s jasky\u0148ami a skalami. Zak\u00e1zan\u00e9 je: hlasn\u00e9 rozpr\u00e1vanie v jaskyniach, neautorizovan\u00e9 prekres\u013eovanie mimsk\u00fdch skaln\u00fdch malieb, odn\u00e1\u0161anie skaln\u00fdch \u00falomkov, zdr\u017eiavanie sa v jaskyni po zapadnut\u00ed slnka.<\/p><p>Osobitnou ochrannou praktikou je nosenie mal\u00fdch kopij\u00ed alebo vyrez\u00e1van\u00fdch dreven\u00fdch fig\u00farok pri n\u00e1v\u0161teve jaskyne; tieto sa pova\u017euj\u00fa za \u201edar\u201c pre Mimi a zabezpe\u010duj\u00fa pokojn\u00e9 stretnutie.<\/p><p>Z etnografick\u00e9ho poh\u013eadu z vonku ide o pravidl\u00e1 \u0161trukt\u00faruj\u00face ka\u017edodenn\u00fd \u017eivot, ktor\u00e9 sp\u00e1jaj\u00fa ekologick\u00fa opatrnos\u0165 (ochranu jaskynn\u00fdch ekosyst\u00e9mov) s n\u00e1bo\u017eenskou praxou (re\u0161pekt vo\u010di duchom). Mary Douglas pop\u00edsala v diele <em>Reinheit und Gef\u00e4hrdung<\/em> (1966) podobn\u00e9 tabuiza\u010dn\u00e9 \u0161trukt\u00fary z h\u013eadiska religi\u00f3znej antropol\u00f3gie.<\/p>\t\t\t\t\t\t\t\t<\/div>\n\t\t\t\t<\/div>\n\t\t\t\t\t<\/div>\n\t\t\t\t<\/div>\n\t\t<div class=\"elementor-element elementor-element-iwgw-mimigeiste-s6 e-flex e-con-boxed e-con e-parent\" data-id=\"iwgw-mimigeiste-s6\" data-element_type=\"container\" data-e-type=\"container\">\n\t\t\t\t\t<div class=\"e-con-inner\">\n\t\t\t\t<div class=\"elementor-element elementor-element-iwgw-mimigeiste-s6h elementor-widget elementor-widget-heading\" data-id=\"iwgw-mimigeiste-s6h\" data-element_type=\"widget\" data-e-type=\"widget\" data-widget_type=\"heading.default\">\n\t\t\t\t\t<h2 class=\"elementor-heading-title elementor-size-default\">Paralely v in\u00fdch kult\u00farach<\/h2>\t\t\t\t<\/div>\n\t\t<div class=\"elementor-element elementor-element-iwgw-mimigeiste-s6c e-con-full e-flex e-con e-child\" data-id=\"iwgw-mimigeiste-s6c\" data-element_type=\"container\" data-e-type=\"container\">\n\t\t\t\t<div class=\"elementor-element elementor-element-iwgw-mimigeiste-s6t elementor-widget elementor-widget-text-editor\" data-id=\"iwgw-mimigeiste-s6t\" data-element_type=\"widget\" data-e-type=\"widget\" data-widget_type=\"text-editor.default\">\n\t\t\t\t\t\t\t\t\t<p>Tenk\u00ed, pla\u0161\u00ed skaln\u00ed duchovia s\u00fa z h\u013eadiska fenomenol\u00f3gie n\u00e1bo\u017eenstva \u0161iroko dolo\u017een\u00ed. \u0160truktur\u00e1lne porovnate\u013en\u00e9 s\u00fa: \u00edrske bytosti <em>s\u00eddh<\/em>, \u0161k\u00f3tske v\u00edly (faeries), japonsk\u00ed <em>tsuchigumo<\/em> v star\u00fdch verzi\u00e1ch, severoamerick\u00ed Memegwesi z algonkinskej trad\u00edcie. Vo v\u0161etk\u00fdch pr\u00edpadoch ide o bytosti viazan\u00e9 na miesto, plach\u00e9, s vyu\u010dovacou a varovnou funkciou.<\/p><p>Z h\u013eadiska fenomenol\u00f3gie n\u00e1bo\u017eenstva je zauj\u00edmav\u00e9 spojenie Mimi s u\u010den\u00edm o love, ohni a umen\u00ed. T\u00e1to funkcia \u201ekult\u00farneho h\u00e9roa\u201c ich typologicky spr\u00edbuz\u0148uje s Prometheom (ohe\u0148), Hermesom (umenie) a mnoh\u00fdmi \u010fal\u0161\u00edmi postavami kult\u00farnych u\u010dite\u013eov. Aborigin\u00e1lska verzia je zvl\u00e1\u0161\u0165 zauj\u00edmav\u00e1, preto\u017ee ako u\u010dite\u013ea nasadzuje nie jednu postavu, ale cel\u00fa skupinu duchov.<\/p><p>Na Sib\u00edri sa Mimi podobaj\u00fa na \u0161amansk\u00fdch pomocn\u00fdch duchov, ako je <a href=\"https:\/\/iwell-guard.com\/sk\/?page_id=157980\">Asbuiga<\/a>, ktor\u00ed tie\u017e sl\u00fa\u017eia ako vyu\u010duj\u00face sprostredkuj\u00face postavy. Priama historick\u00e1 s\u00favislos\u0165 sa v\u0161ak nepredpoklad\u00e1; ide o typologick\u00fa konvergenciu.<\/p>\t\t\t\t\t\t\t\t<\/div>\n\t\t\t\t<\/div>\n\t\t\t\t\t<\/div>\n\t\t\t\t<\/div>\n\t\t<div class=\"elementor-element elementor-element-iwgw-mimigeiste-s7 e-flex e-con-boxed e-con e-parent\" data-id=\"iwgw-mimigeiste-s7\" data-element_type=\"container\" data-e-type=\"container\">\n\t\t\t\t\t<div class=\"e-con-inner\">\n\t\t\t\t<div class=\"elementor-element elementor-element-iwgw-mimigeiste-s7h elementor-widget elementor-widget-heading\" data-id=\"iwgw-mimigeiste-s7h\" data-element_type=\"widget\" data-e-type=\"widget\" data-widget_type=\"heading.default\">\n\t\t\t\t\t<h2 class=\"elementor-heading-title elementor-size-default\">S\u00fa\u010dasn\u00e1 recepcia a v\u00fdskum<\/h2>\t\t\t\t<\/div>\n\t\t<div class=\"elementor-element elementor-element-iwgw-mimigeiste-s7c e-con-full e-flex e-con e-child\" data-id=\"iwgw-mimigeiste-s7c\" data-element_type=\"container\" data-e-type=\"container\">\n\t\t\t\t<div class=\"elementor-element elementor-element-iwgw-mimigeiste-s7t elementor-widget elementor-widget-text-editor\" data-id=\"iwgw-mimigeiste-s7t\" data-element_type=\"widget\" data-e-type=\"widget\" data-widget_type=\"text-editor.default\">\n\t\t\t\t\t\t\t\t\t<p><span data-nosnippet>Najd\u00f4le\u017eitej\u0161\u00edm skor\u00fdm prame\u0148om je dielo Charlesa P. Mountforda <em>Records of the American-Australian Scientific Expedition to Arnhem Land<\/em> (1956), rozsiahla dokument\u00e1cia, ktor\u00e1 zh\u0155\u0148a mnoh\u00e9 materi\u00e1ly t\u00fdkaj\u00face sa Mimi. Ronald M. a Catherine H. Berndtovci preh\u013abili trad\u00edciu Mimi v nieko\u013ek\u00fdch pr\u00e1cach.<\/span><\/p><p>Howard Morphy v diele <em>Aboriginal Art<\/em> (Phaidon 1998) a Luke Taylor v diele <em>Seeing the Inside<\/em> (1996) predstavuj\u00fa najd\u00f4le\u017eitej\u0161ie s\u00fa\u010dasn\u00e9 umenovedn\u00e9 \u0161t\u00fadie o mimskej skalnej ma\u013ebe a jej prenose do modern\u00fdch m\u00e9di\u00ed.<\/p><p>V s\u00fa\u010dasnom aborigin\u00e1lskom vlastnom prezentovan\u00ed s\u00fa Mimi medzin\u00e1rodne pr\u00edtomn\u00ed prostredn\u00edctvom trad\u00edcie ma\u013eby na k\u00f4re (bark painting) z regi\u00f3nu Maningrida. Umeleck\u00e9 zdru\u017eenie Bukit Larrtjpi a \u010fal\u0161ie domorod\u00e9 in\u0161tit\u00facie udr\u017eiavaj\u00fa trad\u00edciu Mimi ako kult\u00farne a ekonomick\u00e9 dedi\u010dstvo.<\/p>\t\t\t\t\t\t\t\t<\/div>\n\t\t\t\t<\/div>\n\t\t\t\t\t<\/div>\n\t\t\t\t<\/div>\n\t\t<div class=\"elementor-element elementor-element-iwgw-mimigeiste-s8 e-flex e-con-boxed e-con e-parent\" data-id=\"iwgw-mimigeiste-s8\" data-element_type=\"container\" data-e-type=\"container\">\n\t\t\t\t\t<div class=\"e-con-inner\">\n\t\t\t\t<div class=\"elementor-element elementor-element-iwgw-mimigeiste-s8h elementor-widget elementor-widget-heading\" data-id=\"iwgw-mimigeiste-s8h\" data-element_type=\"widget\" data-e-type=\"widget\" data-widget_type=\"heading.default\">\n\t\t\t\t\t<h2 class=\"elementor-heading-title elementor-size-default\">V\u00fdskumn\u00e9 debaty a otvoren\u00e9 ot\u00e1zky<\/h2>\t\t\t\t<\/div>\n\t\t<div class=\"elementor-element elementor-element-iwgw-mimigeiste-s8c e-con-full e-flex e-con e-child\" data-id=\"iwgw-mimigeiste-s8c\" data-element_type=\"container\" data-e-type=\"container\">\n\t\t\t\t<div class=\"elementor-element elementor-element-iwgw-mimigeiste-s8t elementor-widget elementor-widget-text-editor\" data-id=\"iwgw-mimigeiste-s8t\" data-element_type=\"widget\" data-e-type=\"widget\" data-widget_type=\"text-editor.default\">\n\t\t\t\t\t\t\t\t\t<p>Okolo Mimi sa vedie viacero v\u00fdskumn\u00fdch deb\u00e1t. Prv\u00e1: Ak\u00fd star\u00fd je odkaz trad\u00edcie Mimi? Skaln\u00e9 ma\u013eby v mimskom \u0161t\u00fdle s\u00fa archeologicky datovan\u00e9 a\u017e do veku 12 000 rokov, av\u0161ak nie je jednozna\u010dne ist\u00e9, \u010di dne\u0161n\u00e1 \u017eiv\u00e1 predstava Mimi nepretr\u017eite poch\u00e1dza z t\u00fdchto star\u00fdch obrazov.<\/p><p>Druh\u00e1: Ak\u00fd je vz\u0165ah Mimi k v\u00e4\u010d\u0161\u00edm stvorite\u013esk\u00fdm postav\u00e1m, ako je <a href=\"https:\/\/iwell-guard.com\/sk\/?page_id=157981\">Rainbow Serpent<\/a> alebo <a href=\"https:\/\/iwell-guard.com\/sk\/?page_id=157982\">Wandjina<\/a>? Mimi s\u00fa jednozna\u010dne \u201emen\u0161\u00ed\u201c duchovia, ale ich vyu\u010dovacia funkcia z nich rob\u00ed d\u00f4le\u017eit\u00e9 postavy z h\u013eadiska dej\u00edn n\u00e1bo\u017eenstva.<\/p><p>Tretia: Ak\u00fa \u00falohu hraj\u00fa Mimi v s\u00fa\u010dasnej aborigin\u00e1lskej umeleckej praxi? Komer\u010dn\u00e9 vyu\u017e\u00edvanie obrazov Mimi je zauj\u00edmav\u00e9 z h\u013eadiska sociol\u00f3gie n\u00e1bo\u017eenstva a t\u00fdka sa ot\u00e1zok domorod\u00fdch vlastn\u00edckych pr\u00e1v k tradi\u010dn\u00fdm obrazov\u00fdm mot\u00edvom.<\/p>\t\t\t\t\t\t\t\t<\/div>\n\t\t\t\t<\/div>\n\t\t\t\t\t<\/div>\n\t\t\t\t<\/div>\n\t\t<div class=\"elementor-element elementor-element-iwgw-mimigeiste-s9 e-flex e-con-boxed e-con e-parent\" data-id=\"iwgw-mimigeiste-s9\" data-element_type=\"container\" data-e-type=\"container\">\n\t\t\t\t\t<div class=\"e-con-inner\">\n\t\t\t\t<div class=\"elementor-element elementor-element-iwgw-mimigeiste-s9h elementor-widget elementor-widget-heading\" data-id=\"iwgw-mimigeiste-s9h\" data-element_type=\"widget\" data-e-type=\"widget\" data-widget_type=\"heading.default\">\n\t\t\t\t\t<h2 class=\"elementor-heading-title elementor-size-default\">Mimsk\u00e1 skaln\u00e1 ma\u013eba a dejiny aborigin\u00e1lskeho umenia<\/h2>\t\t\t\t<\/div>\n\t\t<div class=\"elementor-element elementor-element-iwgw-mimigeiste-s9c e-con-full e-flex e-con e-child\" data-id=\"iwgw-mimigeiste-s9c\" data-element_type=\"container\" data-e-type=\"container\">\n\t\t\t\t<div class=\"elementor-element elementor-element-iwgw-mimigeiste-s9t elementor-widget elementor-widget-text-editor\" data-id=\"iwgw-mimigeiste-s9t\" data-element_type=\"widget\" data-e-type=\"widget\" data-widget_type=\"text-editor.default\">\n\t\t\t\t\t\t\t\t\t<p>Podrobnej\u0161iu pozornos\u0165 si zasl\u00fa\u017ei postavenie mimskej skalnej ma\u013eby v dejin\u00e1ch aborigin\u00e1lskeho umenia. Takzvan\u00e1 trad\u00edcia \u201edynamic figures style\u201c sa pova\u017euje za jeden z najstar\u0161\u00edch zachovan\u00fdch umeleck\u00fdch smerov na svete; archeologick\u00e9 datovania sa vracaj\u00fa a\u017e do neskor\u00e9ho pleistoc\u00e9nu.<\/p><p>Tieto skaln\u00e9 ma\u013eby typicky zobrazuj\u00fa tenk\u00e9, dynamicky pohybuj\u00face sa postavy v po\u013eovn\u00edckych a tane\u010dn\u00fdch sc\u00e9nach. Paul Ta\u00e7on sa v nieko\u013ek\u00fdch \u0161t\u00fadi\u00e1ch venoval datovaniu a interpret\u00e1cii t\u00fdchto obrazov; jeho pr\u00e1ca je dnes \u0161tandardom.<\/p><p>Mytologick\u00e9 stoto\u017enenie t\u00fdchto obrazov s duchmi Mimi ich rob\u00ed z h\u013eadiska dej\u00edn n\u00e1bo\u017eenstva zvl\u00e1\u0161\u0165 zauj\u00edmav\u00fdmi. Z aborigin\u00e1lskeho vn\u00fatorn\u00e9ho poh\u013eadu nie s\u00fa tieto obrazy dielom \u013eud\u00ed, ale dielom Mimi, \u010do je ontol\u00f3gia, ktor\u00e1 spochyb\u0148uje z\u00e1padn\u00e9 koncepcie umenia.<\/p>\t\t\t\t\t\t\t\t<\/div>\n\t\t\t\t<\/div>\n\t\t\t\t\t<\/div>\n\t\t\t\t<\/div>\n\t\t<div class=\"elementor-element elementor-element-iwgw-mimigeiste-s10 e-flex e-con-boxed e-con e-parent\" data-id=\"iwgw-mimigeiste-s10\" data-element_type=\"container\" data-e-type=\"container\">\n\t\t\t\t\t<div class=\"e-con-inner\">\n\t\t\t\t<div class=\"elementor-element elementor-element-iwgw-mimigeiste-s10h elementor-widget elementor-widget-heading\" data-id=\"iwgw-mimigeiste-s10h\" data-element_type=\"widget\" data-e-type=\"widget\" data-widget_type=\"heading.default\">\n\t\t\t\t\t<h2 class=\"elementor-heading-title elementor-size-default\">Mimi v s\u00fa\u010dasnej trad\u00edcii ma\u013eby na k\u00f4re<\/h2>\t\t\t\t<\/div>\n\t\t<div class=\"elementor-element elementor-element-iwgw-mimigeiste-s10c e-con-full e-flex e-con e-child\" data-id=\"iwgw-mimigeiste-s10c\" data-element_type=\"container\" data-e-type=\"container\">\n\t\t\t\t<div class=\"elementor-element elementor-element-iwgw-mimigeiste-s10t elementor-widget elementor-widget-text-editor\" data-id=\"iwgw-mimigeiste-s10t\" data-element_type=\"widget\" data-e-type=\"widget\" data-widget_type=\"text-editor.default\">\n\t\t\t\t\t\t\t\t\t<p><span data-nosnippet>Trad\u00edcia ma\u013eby na k\u00f4re (bark painting) z Arnhem Landu z\u00edskala medzin\u00e1rodn\u00fa pozornos\u0165 od 50. rokov 20. storo\u010dia. Zn\u00e1mi umelci ako Yirawala (Kunwinjku, 1903 \u2013 1976), Crusoe Kuningbal, John Mawurndjul a Spider Namirrkki preniesli t\u00e9my Mimi do modern\u00fdch m\u00e9di\u00ed a spr\u00edstupnili ich medzin\u00e1rodn\u00e9mu trhu s umen\u00edm.<\/span><\/p><p>Howard Morphy v diele <em>Becoming Art<\/em> (2007) uk\u00e1zal, ako prechod od ritu\u00e1lnej skalnej ma\u013eby k komer\u010dne predajnej ma\u013ebe na k\u00f4re zmenil n\u00e1bo\u017eensk\u00fa funkciu zobrazovania Mimi. Obrazy sa \u201eosamostatnili\u201c a s\u00fa zapojen\u00e9 do glob\u00e1lneho trhu s umen\u00edm.<\/p><p>Z h\u013eadiska sociol\u00f3gie n\u00e1bo\u017eenstva je tento v\u00fdvoj ambivalentn\u00fd. Na jednej strane zabezpe\u010duje ekonomick\u00e9 pre\u017eitie aborigin\u00e1lskych komun\u00edt; na druhej strane premie\u0148a tajn\u00e9 n\u00e1bo\u017eensk\u00e9 obsahy na verejn\u00fd tovar. Aborigin\u00e1lski umelci a ich komunity vyvinuli mechanizmy, ako s t\u00fdmto nap\u00e4t\u00edm zaobch\u00e1dza\u0165.<\/p>\t\t\t\t\t\t\t\t<\/div>\n\t\t\t\t<\/div>\n\t\t\t\t\t<\/div>\n\t\t\t\t<\/div>\n\t\t<div class=\"elementor-element elementor-element-iwgw-mimigeiste-s11 e-flex e-con-boxed e-con e-parent\" data-id=\"iwgw-mimigeiste-s11\" data-element_type=\"container\" data-e-type=\"container\">\n\t\t\t\t\t<div class=\"e-con-inner\">\n\t\t\t\t<div class=\"elementor-element elementor-element-iwgw-mimigeiste-s11h elementor-widget elementor-widget-heading\" data-id=\"iwgw-mimigeiste-s11h\" data-element_type=\"widget\" data-e-type=\"widget\" data-widget_type=\"heading.default\">\n\t\t\t\t\t<h2 class=\"elementor-heading-title elementor-size-default\">Metodick\u00e1 reflexia a zdroje<\/h2>\t\t\t\t<\/div>\n\t\t<div class=\"elementor-element elementor-element-iwgw-mimigeiste-s11c e-con-full e-flex e-con e-child\" data-id=\"iwgw-mimigeiste-s11c\" data-element_type=\"container\" data-e-type=\"container\">\n\t\t\t\t<div class=\"elementor-element elementor-element-iwgw-mimigeiste-s11t elementor-widget elementor-widget-text-editor\" data-id=\"iwgw-mimigeiste-s11t\" data-element_type=\"widget\" data-e-type=\"widget\" data-widget_type=\"text-editor.default\">\n\t\t\t\t\t\t\t\t\t<p>Vo v\u00fdskume Mimi vznik\u00e1 viacero metodick\u00fdch probl\u00e9mov. Prv\u00fd: Archeologick\u00e9 datovanie mimsk\u00fdch skaln\u00fdch malieb je n\u00e1ro\u010dn\u00e9 a predmetom trvaj\u00facich deb\u00e1t. R\u00f4zne datovacie met\u00f3dy poskytuj\u00fa odli\u0161n\u00e9 v\u00fdsledky; konsenzu\u00e1lna chronol\u00f3gia st\u00e1le ch\u00fdba.<\/p><p>Druh\u00fd: Ve\u013ek\u00e1 \u010das\u0165 vedomost\u00ed o Mimi nie je \u201eobmedzen\u00e1\u201c v naju\u017e\u0161om zmysle, ale je napriek tomu hlboko zakotven\u00e1 v miestnej praxi. Je potrebn\u00e1 re\u0161pektuj\u00faca pr\u00e1ca s prame\u0148mi, dohodnut\u00e1 s tradi\u010dn\u00fdmi vlastn\u00edkmi.<\/p><p>Tret\u00ed: Umenovedn\u00e1 a religi\u00f3zno-antropologick\u00e1 perspekt\u00edva na Mimi by mali spolupracova\u0165. Obe discipl\u00edny maj\u00fa svoje siln\u00e9 str\u00e1nky; izolovan\u00e9 spracovanie nedok\u00e1\u017ee postihn\u00fa\u0165 h\u013abku trad\u00edcie Mimi.<\/p><p>Kto chce \u0161tudova\u0165 mimsk\u00fd komplex v jeho \u0161\u00edrke, n\u00e1jde na preh\u013eadovej str\u00e1nke <a href=\"https:\/\/iwell-guard.com\/sk\/aboriginalska-australia-dreamtime-tjukurpa\/\">Aborigin\u00e1lska trad\u00edcia<\/a> najd\u00f4le\u017eitej\u0161ie odkazy na pr\u00edbuzn\u00e9 postavy, ako s\u00fa <a href=\"https:\/\/iwell-guard.com\/sk\/?page_id=157982\">Wandjina<\/a>, <a href=\"https:\/\/iwell-guard.com\/sk\/?page_id=157981\">Rainbow Serpent<\/a> a <a href=\"https:\/\/iwell-guard.com\/sk\/?page_id=157990\">Namarrkon<\/a>.<\/p>\t\t\t\t\t\t\t\t<\/div>\n\t\t\t\t<\/div>\n\t\t\t\t\t<\/div>\n\t\t\t\t<\/div>\n\t\t<div class=\"elementor-element elementor-element-iwgw-mimigeiste-s12 e-flex e-con-boxed e-con e-parent\" data-id=\"iwgw-mimigeiste-s12\" data-element_type=\"container\" data-e-type=\"container\">\n\t\t\t\t\t<div class=\"e-con-inner\">\n\t\t\t\t<div class=\"elementor-element elementor-element-iwgw-mimigeiste-s12h elementor-widget elementor-widget-heading\" data-id=\"iwgw-mimigeiste-s12h\" data-element_type=\"widget\" data-e-type=\"widget\" data-widget_type=\"heading.default\">\n\t\t\t\t\t<h2 class=\"elementor-heading-title elementor-size-default\">Mimi a aborigin\u00e1lsky trh s umen\u00edm<\/h2>\t\t\t\t<\/div>\n\t\t<div class=\"elementor-element elementor-element-iwgw-mimigeiste-s12c e-con-full e-flex e-con e-child\" data-id=\"iwgw-mimigeiste-s12c\" data-element_type=\"container\" data-e-type=\"container\">\n\t\t\t\t<div class=\"elementor-element elementor-element-iwgw-mimigeiste-s12t elementor-widget elementor-widget-text-editor\" data-id=\"iwgw-mimigeiste-s12t\" data-element_type=\"widget\" data-e-type=\"widget\" data-widget_type=\"text-editor.default\">\n\t\t\t\t\t\t\t\t\t<p>Trad\u00edcia Mimi je dnes pr\u00edtomn\u00e1 na medzin\u00e1rodnej sc\u00e9ne, predov\u0161etk\u00fdm prostredn\u00edctvom trad\u00edcie k\u00f4rovej ma\u013eby (bark-painting) regi\u00f3nu Maningrida. Zn\u00e1mi umelci ako John Mawurndjul, Spider Namirrkki a \u010fal\u0161\u00ed prelo\u017eili mot\u00edvy Mimi do medzin\u00e1rodn\u00e9ho umeleck\u00e9ho jazyka.<\/p><p><span data-nosnippet>Howard Morphy v diele <em>Becoming Art<\/em> (2007) uk\u00e1zal, ako prechod od ritu\u00e1lnej ma\u013eby na skal\u00e1ch k trhovo orientovanej k\u00f4rovej ma\u013ebe transformoval trad\u00edciu Mimi bez toho, aby ju zru\u0161il. Obrazy sa dnes pohybuj\u00fa na glob\u00e1lnom trhu, ale zachov\u00e1vaj\u00fa si svoje ritu\u00e1lne prepojenie s komunitou Maningrida.<\/span><\/p><p>T\u00e1to dvojit\u00e1 funkcia (komer\u010dn\u00e1 a <span class=\"iwg-fachbegriff\" data-tooltip=\"Patriaci k ust\u00e1len\u00e9mu n\u00e1bo\u017eensk\u00e9mu priebehu \u00fakonov.\" tabindex=\"0\">ritu\u00e1lna<\/span>) predstavuje z h\u013eadiska religi\u00f3znej antropol\u00f3gie zauj\u00edmav\u00fd pr\u00edpad \u0161t\u00fadia. Ilustruje, ako m\u00f4\u017ee domorod\u00e9 n\u00e1bo\u017eenstvo pre\u017ei\u0165 a transformova\u0165 sa za modern\u00fdch trhov\u00fdch podmienok.<\/p>\t\t\t\t\t\t\t\t<\/div>\n\t\t\t\t<\/div>\n\t\t\t\t\t<\/div>\n\t\t\t\t<\/div>\n\t\t<div class=\"elementor-element elementor-element-iwgw-mimigeiste-s13 e-flex e-con-boxed e-con e-parent\" data-id=\"iwgw-mimigeiste-s13\" data-element_type=\"container\" data-e-type=\"container\">\n\t\t\t\t\t<div class=\"e-con-inner\">\n\t\t\t\t<div class=\"elementor-element elementor-element-iwgw-mimigeiste-s13h elementor-widget elementor-widget-heading\" data-id=\"iwgw-mimigeiste-s13h\" data-element_type=\"widget\" data-e-type=\"widget\" data-widget_type=\"heading.default\">\n\t\t\t\t\t<h2 class=\"elementor-heading-title elementor-size-default\">Mimi a periodiz\u00e1cia dej\u00edn umenia domorod\u00fdch obyvate\u013eov Austr\u00e1lie<\/h2>\t\t\t\t<\/div>\n\t\t<div class=\"elementor-element elementor-element-iwgw-mimigeiste-s13c e-con-full e-flex e-con e-child\" data-id=\"iwgw-mimigeiste-s13c\" data-element_type=\"container\" data-e-type=\"container\">\n\t\t\t\t<div class=\"elementor-element elementor-element-iwgw-mimigeiste-s13t elementor-widget elementor-widget-text-editor\" data-id=\"iwgw-mimigeiste-s13t\" data-element_type=\"widget\" data-e-type=\"widget\" data-widget_type=\"text-editor.default\">\n\t\t\t\t\t\t\t\t\t<p>Hlb\u0161ie \u0161t\u00fadium si zasl\u00fa\u017ei aj periodiz\u00e1cia skaln\u00fdch malieb Arnhem Landu z h\u013eadiska dej\u00edn umenia. V\u00fdskum rozli\u0161uje viacero \u0161t\u00fdlov\u00fdch f\u00e1z: \u201eDynamic Figures\u201c (\u00fadajne star\u0161ie ako 10 000 rokov, \u010dasto skaln\u00e9 ma\u013eby Mimi), \u201eYam Style\u201c, \u201eX-Ray Style\u201c (mlad\u0161ia f\u00e1za, s bytos\u0165ami ako Namarrkon).<\/p><p>Paul Ta\u00e7on, Christopher Chippindale a George Chaloupka zaviedli t\u00fato chronol\u00f3giu vo viacer\u00fdch z\u00e1kladn\u00fdch dielach. Skaln\u00e9 ma\u013eby Mimi patria medzi najstar\u0161ie zachovan\u00e9 umeleck\u00e9 diela na svete, \u010do je historicky v\u00fdnimo\u010dn\u00fd n\u00e1lez.<\/p><p>V s\u00fa\u010dasnom v\u00fdskume sa t\u00e1to chronol\u00f3gia spres\u0148uje a kriticky prehodnocuje. Nov\u00e9 datovacie met\u00f3dy (ur\u00e1n-t\u00f3riov\u00e9 datovanie) prin\u00e1\u0161aj\u00fa presnej\u0161ie v\u00fdsledky; niektor\u00e9 ma\u013eby Mimi sa dnes datuj\u00fa a\u017e na 30 000 rokov, \u010do znovu otv\u00e1ra diskusiu o datovan\u00ed.<\/p>\t\t\t\t\t\t\t\t<\/div>\n\t\t\t\t<\/div>\n\t\t\t\t\t<\/div>\n\t\t\t\t<\/div>\n\t\t<div class=\"elementor-element elementor-element-iwgw-mimigeiste-s14 e-flex e-con-boxed e-con e-parent\" data-id=\"iwgw-mimigeiste-s14\" data-element_type=\"container\" data-e-type=\"container\">\n\t\t\t\t\t<div class=\"e-con-inner\">\n\t\t\t\t<div class=\"elementor-element elementor-element-iwgw-mimigeiste-s14h elementor-widget elementor-widget-heading\" data-id=\"iwgw-mimigeiste-s14h\" data-element_type=\"widget\" data-e-type=\"widget\" data-widget_type=\"heading.default\">\n\t\t\t\t\t<h2 class=\"elementor-heading-title elementor-size-default\">Mimi a tajn\u00e9 poznanie<\/h2>\t\t\t\t<\/div>\n\t\t<div class=\"elementor-element elementor-element-iwgw-mimigeiste-s14c e-con-full e-flex e-con e-child\" data-id=\"iwgw-mimigeiste-s14c\" data-element_type=\"container\" data-e-type=\"container\">\n\t\t\t\t<div class=\"elementor-element elementor-element-iwgw-mimigeiste-s14t elementor-widget elementor-widget-text-editor\" data-id=\"iwgw-mimigeiste-s14t\" data-element_type=\"widget\" data-e-type=\"widget\" data-widget_type=\"text-editor.default\">\n\t\t\t\t\t\t\t\t\t<p>Osobitn\u00fa metodologick\u00fa pozornos\u0165 si zasl\u00fa\u017ei ot\u00e1zka tajn\u00e9ho poznania. Ve\u013ek\u00e1 \u010das\u0165 poznania spojen\u00e9ho s Mimi nie je \u201erestricted\u201c v naju\u017e\u0161om zmysle (teda nevy\u017eaduje inici\u00e1ciu), je v\u0161ak napriek tomu zapojen\u00e1 do lok\u00e1lnych kontextov, v ktor\u00fdch by sa nemala verejne prezentova\u0165.<\/p><p><span data-nosnippet>Howard Morphy v diele <em>Aboriginal Art<\/em> (1998) navrhol diferencovan\u00e9 rozl\u00ed\u0161enie viacer\u00fdch \u00farovn\u00ed poznania: \u201einside knowledge\u201c (vy\u017eaduj\u00face inici\u00e1ciu), \u201eoutside knowledge\u201c (pre cel\u00fa komunitu), \u201epublic knowledge\u201c (pre \u0161irok\u00fa verejnos\u0165). Trad\u00edcia Mimi zah\u0155\u0148a prvky v\u0161etk\u00fdch troch \u00farovn\u00ed.<\/span><\/p><p>Pre s\u00fa\u010dasn\u00fd v\u00fdskum to znamen\u00e1, \u017ee re\u0161pektuj\u00faca pr\u00e1ca s prame\u0148mi mus\u00ed tieto \u00farovne rozli\u0161ova\u0165 a zaobch\u00e1dza\u0165 s nimi primerane pod\u013ea kontextu. T\u00e1to metodologick\u00e1 d\u00f4slednos\u0165 je \u0161tandardom od 90. rokov 20. storo\u010dia.<\/p>\t\t\t\t\t\t\t\t<\/div>\n\t\t\t\t<\/div>\n\t\t\t\t\t<\/div>\n\t\t\t\t<\/div>\n\t\t<div class=\"elementor-element elementor-element-iwgw-mimigeiste-s15 e-flex e-con-boxed e-con e-parent\" data-id=\"iwgw-mimigeiste-s15\" data-element_type=\"container\" data-e-type=\"container\">\n\t\t\t\t\t<div class=\"e-con-inner\">\n\t\t\t\t<div class=\"elementor-element elementor-element-iwgw-mimigeiste-s15h elementor-widget elementor-widget-heading\" data-id=\"iwgw-mimigeiste-s15h\" data-element_type=\"widget\" data-e-type=\"widget\" data-widget_type=\"heading.default\">\n\t\t\t\t\t<h2 class=\"elementor-heading-title elementor-size-default\">Mimi a trad\u00edcia poznania domorod\u00fdch obyvate\u013eov Austr\u00e1lie<\/h2>\t\t\t\t<\/div>\n\t\t<div class=\"elementor-element elementor-element-iwgw-mimigeiste-s15c e-con-full e-flex e-con e-child\" data-id=\"iwgw-mimigeiste-s15c\" data-element_type=\"container\" data-e-type=\"container\">\n\t\t\t\t<div class=\"elementor-element elementor-element-iwgw-mimigeiste-s15t elementor-widget elementor-widget-text-editor\" data-id=\"iwgw-mimigeiste-s15t\" data-element_type=\"widget\" data-e-type=\"widget\" data-widget_type=\"text-editor.default\">\n\t\t\t\t\t\t\t\t\t<p>Hlb\u0161ie \u0161t\u00fadium si zasl\u00fa\u017ei aj postavenie Mimi ako s\u00fa\u010dasti \u0161ir\u0161ej trad\u00edcie poznania domorod\u00fdch obyvate\u013eov Austr\u00e1lie. T\u00e1to trad\u00edcia sa nech\u00e1pe len ako n\u00e1bo\u017eensk\u00e1, ale ako celostn\u00e1 forma poznania, ktor\u00e1 sp\u00e1ja n\u00e1bo\u017eenstvo, ekol\u00f3giu, spolo\u010densk\u00fd poriadok a praktick\u00e9 zru\u010dnosti.<\/p><p><span data-nosnippet>Tyson Yunkaporta v diele <em>Sand Talk<\/em> (2019) koncipoval syst\u00e9m poznania domorod\u00fdch Austr\u00e1l\u010danov ako \u201erelational pattern thinking\u201c (vz\u0165ahov\u00e9 vzorov\u00e9 myslenie). Trad\u00edcia Mimi sa do tohto syst\u00e9mu zap\u00e1ja: sp\u00e1ja ekologick\u00fa obozretnos\u0165 (rizik\u00e1 jask\u00fd\u0148), umeleck\u00fa trad\u00edciu (skaln\u00e1 ma\u013eba), pedagogick\u00fa funkciu (v\u00fdu\u010dbu lovu) a n\u00e1bo\u017eensk\u00fa prax (vz\u0165ah k duchom).<\/span><\/p><p>Z fenomenologick\u00e9ho h\u013eadiska n\u00e1bo\u017eenstva je toto d\u00f4le\u017eit\u00e9 pozorovanie: domorod\u00e9 n\u00e1bo\u017eenstvo nie je oddelenou oblas\u0165ou \u201eviery\u201c, ale integr\u00e1lnou s\u00fa\u010das\u0165ou komplexnej ekol\u00f3gie poznania. Tento poh\u013ead ovplyvnil s\u00fa\u010dasn\u00fd v\u00fdskum n\u00e1bo\u017eenstva na celom svete.<\/p>\t\t\t\t\t\t\t\t<\/div>\n\t\t\t\t<\/div>\n\t\t\t\t\t<\/div>\n\t\t\t\t<\/div>\n\t\t<div class=\"elementor-element elementor-element-iwgw-mimigeiste-s16 e-flex e-con-boxed e-con e-parent\" data-id=\"iwgw-mimigeiste-s16\" data-element_type=\"container\" data-e-type=\"container\">\n\t\t\t\t\t<div class=\"e-con-inner\">\n\t\t\t\t<div class=\"elementor-element elementor-element-iwgw-mimigeiste-s16h elementor-widget elementor-widget-heading\" data-id=\"iwgw-mimigeiste-s16h\" data-element_type=\"widget\" data-e-type=\"widget\" data-widget_type=\"heading.default\">\n\t\t\t\t\t<h2 class=\"elementor-heading-title elementor-size-default\">Mimi a datovanie skaln\u00fdch malieb domorod\u00fdch obyvate\u013eov Austr\u00e1lie<\/h2>\t\t\t\t<\/div>\n\t\t<div class=\"elementor-element elementor-element-iwgw-mimigeiste-s16c e-con-full e-flex e-con e-child\" data-id=\"iwgw-mimigeiste-s16c\" data-element_type=\"container\" data-e-type=\"container\">\n\t\t\t\t<div class=\"elementor-element elementor-element-iwgw-mimigeiste-s16t elementor-widget elementor-widget-text-editor\" data-id=\"iwgw-mimigeiste-s16t\" data-element_type=\"widget\" data-e-type=\"widget\" data-widget_type=\"text-editor.default\">\n\t\t\t\t\t\t\t\t\t<p>Aktu\u00e1lny smer v\u00fdskumu sa t\u00fdka archeologick\u00e9ho datovania skaln\u00fdch malieb Mimi. Takzvan\u00e9 \u201eDynamic Figures\u201c boli dlho datovan\u00e9 na 6000 \u2013 8000 rokov; nov\u0161ie datovacie met\u00f3dy (ur\u00e1n-t\u00f3riov\u00e1, luminiscen\u010dn\u00e1) prin\u00e1\u0161aj\u00fa niekedy star\u0161ie v\u00fdsledky.<\/p><p>Paul Ta\u00e7on, Christopher Chippindale a \u010fal\u0161\u00ed diskutovali ot\u00e1zku datovania vo viacer\u00fdch \u0161t\u00fadi\u00e1ch. Niektor\u00e9 skaln\u00e9 ma\u013eby sa dnes datuj\u00fa a\u017e na 30 000 rokov, \u010d\u00edm by sa trad\u00edcia Mimi zaradila medzi najstar\u0161ie zachovan\u00e9 umeleck\u00e9 praktiky na svete.<\/p><p>Z h\u013eadiska dej\u00edn n\u00e1bo\u017eenstva je toto datovanie mimoriadne d\u00f4le\u017eit\u00e9. Znamenalo by to, \u017ee predstava duchov Mimi patr\u00ed medzi najstar\u0161ie n\u00e1bo\u017eensk\u00e9 koncepcie, ak\u00e9 pozn\u00e1me. V\u00fdskum sa tu nach\u00e1dza v metodologicky produkt\u00edvnej f\u00e1ze.<\/p>\t\t\t\t\t\t\t\t<\/div>\n\t\t\t\t<\/div>\n\t\t\t\t\t<\/div>\n\t\t\t\t<\/div>\n\t\t<div class=\"elementor-element elementor-element-cp21604241 e-flex e-con-boxed e-con e-parent\" data-id=\"cp21604241\" data-element_type=\"container\" data-e-type=\"container\">\n\t\t\t\t\t<div class=\"e-con-inner\">\n\t\t\t\t<div class=\"elementor-element elementor-element-cp2421a483 elementor-widget elementor-widget-heading\" data-id=\"cp2421a483\" data-element_type=\"widget\" data-e-type=\"widget\" data-widget_type=\"heading.default\">\n\t\t\t\t\t<h2 class=\"elementor-heading-title elementor-size-default\">Tenk\u00e9 ako \u010diara a plach\u00e9: Mimih v skalnom umen\u00ed Arnhem Landu<\/h2>\t\t\t\t<\/div>\n\t\t<div class=\"elementor-element elementor-element-cp20d64a9e e-flex e-con-boxed e-con e-child\" data-id=\"cp20d64a9e\" data-element_type=\"container\" data-e-type=\"container\">\n\t\t\t\t\t<div class=\"e-con-inner\">\n\t\t\t\t<div class=\"elementor-element elementor-element-cp22fc4a0c elementor-widget elementor-widget-text-editor\" data-id=\"cp22fc4a0c\" data-element_type=\"widget\" data-e-type=\"widget\" data-widget_type=\"text-editor.default\">\n\t\t\t\t\t\t\t\t\t<p>Bytosti <em>Mimih<\/em>, v z\u00e1padn\u00fdch textoch \u010dasto naz\u00fdvan\u00e9 mimi-duchovia, patria k postav\u00e1m australskej <span class=\"iwg-fachbegriff\" data-tooltip=\"Odovzd\u00e1vanie vedomost\u00ed a rozpr\u00e1van\u00ed z gener\u00e1cie na gener\u00e1ciu.\" tabindex=\"0\">trad\u00edcie<\/span>, ktor\u00e9 s\u00fa najpevnej\u0161ie zviazan\u00e9 s obrazov\u00fdm dedi\u010dstvom. S\u00fa pevnou s\u00fa\u010das\u0165ou skaln\u00e9ho umenia z\u00e1padn\u00e9ho Arnhemsk\u00e9ho Landu, oblasti na severe kontinentu, ktorej kme\u0148ov\u00e9 \u00fazemia ob\u00fdvaj\u00fa okrem in\u00fdch hovoriaci jazykom Kunwinjku a pr\u00edbuzn\u00fdmi jazykmi.<\/p><p>V rozpr\u00e1vaniach t\u00fdchto spolo\u010denstiev s\u00fa Mimih tenk\u00e9, dlho\u00fade bytosti, ktor\u00e9 \u017eij\u00fa v \u0161trbin\u00e1ch a dutin\u00e1ch pieskovcov\u00fdch sk\u00e1l. Ich telo je tak krehk\u00e9, \u017ee by im siln\u00fd n\u00e1raz vetra zlomil krk, a preto sa objavuj\u00fa iba za bezvetria a pri nebezpe\u010denstve mizn\u00fa v skale tak, \u017ee ju naf\u00faknu ako m\u00e4kk\u00e9 cesto.<\/p><p>T\u00e1to predstava je v n\u00e1padnom vz\u0165ahu k samotn\u00e9mu skaln\u00e9mu umeniu. Mnoh\u00e9 z dynamick\u00fdch, jemne kreslen\u00fdch post\u00e1v v star\u0161\u00edch vrstv\u00e1ch ma\u013eby Arnhemsk\u00e9ho Landu zobrazuj\u00fa \u0161t\u00edhle postavy zachyten\u00e9 v pohybe, ako lov\u00ed, be\u017eia alebo tancuj\u00fa. V <span class=\"iwg-fachbegriff\" data-tooltip=\"Odovzd\u00e1vanie vedomost\u00ed a rozpr\u00e1van\u00ed z gener\u00e1cie na gener\u00e1ciu.\" tabindex=\"0\">trad\u00edcii<\/span> tradi\u010dn\u00fdch vlastn\u00edkov sa obrazy tohto druhu miestami pripisuj\u00fa priamo samotn\u00fdm Mimih.<\/p><p>Pod\u013ea tohto v\u00fdkladu najstar\u0161ie obrazy nenamalovali \u013eudia, ale Mimih, ktor\u00ed \u013eud\u00ed a\u017e n\u00e1sledne nau\u010dili lovi\u0165, ma\u013eova\u0165 a vykon\u00e1va\u0165 ur\u010dit\u00e9 obrady. Mimih tak vystupuj\u00fa ako sprostredkovatelia kult\u00farnych techn\u00edk, podobne ako in\u00e9 pred\u013eudsk\u00e9 bytosti austr\u00e1lskych trad\u00edci\u00ed.<\/p><p>Archeologick\u00fd v\u00fdskum, napr\u00edklad pr\u00e1ce Georga Chaloupku a neskor\u0161\u00edch odborn\u00edkov, vypracoval pre skaln\u00e9 umenie Arnhemsk\u00e9ho Landu dlh\u00fa postupnos\u0165 \u0161t\u00fdlov\u00fdch f\u00e1z, ktor\u00e1 sa rozprestiera cez mnoho tis\u00edcro\u010d\u00ed. Je d\u00f4le\u017eit\u00e9 nekl\u00e1s\u0165 proti sebe p\u00f4vodn\u00e9 pripisovanie autorstva Mimih a archeologick\u00fa chronol\u00f3giu \u0161t\u00fdlov.<\/p><p>Obe odpovedaj\u00fa na odli\u0161n\u00e9 ot\u00e1zky. Archeologick\u00e1 chronol\u00f3gia zara\u010fuje obrazy do \u010dasovej postupnosti, p\u00f4vodn\u00e1 <span class=\"iwg-fachbegriff\" data-tooltip=\"Odovzd\u00e1vanie vedomost\u00ed a rozpr\u00e1van\u00ed z gener\u00e1cie na gener\u00e1ciu.\" tabindex=\"0\">trad\u00edcia<\/span> ich zara\u010fuje do ch\u00e1pania svet, v ktorom sa hranica medzi \u013eudsk\u00fdm a pred\u013eudsk\u00fdm autorstvom vedie inak.<\/p><p>Mimih pritom nie s\u00fa \u010disto bytosti minulosti. V mnoh\u00fdch spolo\u010denstv\u00e1ch s\u00fa pova\u017eovan\u00e9 za pr\u00edtomn\u00e9 aj dnes, ne\u0161kodn\u00e9 a\u017e rozmarn\u00e9, niekedy n\u00e1pomocn\u00e9, niekedy un\u00e1\u0161aj\u00face \u013eud\u00ed.<\/p><p>Vyrez\u00e1van\u00e9 dreven\u00e9 fig\u00farky Mimih patria od druhej polovice 20. storo\u010dia aj k region\u00e1lne zn\u00e1mej umeleckej produkcii oblasti, \u010do je pr\u00edkladom toho, ako sa star\u00e1 predstava o duchovi premie\u0148a na nov\u00e9 formy vyjadrenia bez toho, aby stratila svoje miesto v \u017eivej trad\u00edcii.<\/p>\t\t\t\t\t\t\t\t<\/div>\n\t\t\t\t\t<\/div>\n\t\t\t\t<\/div>\n\t\t\t\t\t<\/div>\n\t\t\t\t<\/div>\n\t\t<div class=\"elementor-element elementor-element-iwgw-mimigeiste-lit e-flex e-con-boxed e-con e-parent\" data-id=\"iwgw-mimigeiste-lit\" data-element_type=\"container\" data-e-type=\"container\">\n\t\t\t\t\t<div class=\"e-con-inner\">\n\t\t\t\t<div class=\"elementor-element elementor-element-iwgw-mimigeiste-lith elementor-widget elementor-widget-heading\" data-id=\"iwgw-mimigeiste-lith\" data-element_type=\"widget\" data-e-type=\"widget\" data-widget_type=\"heading.default\">\n\t\t\t\t\t<h2 class=\"elementor-heading-title elementor-size-default\">Literat\u00fara (v\u00fdber)<\/h2>\t\t\t\t<\/div>\n\t\t<div class=\"elementor-element elementor-element-iwgw-mimigeiste-litc e-con-full e-flex e-con e-child\" data-id=\"iwgw-mimigeiste-litc\" data-element_type=\"container\" data-e-type=\"container\">\n\t\t\t\t<div class=\"elementor-element elementor-element-iwgw-mimigeiste-litt elementor-widget elementor-widget-text-editor\" data-id=\"iwgw-mimigeiste-litt\" data-element_type=\"widget\" data-e-type=\"widget\" data-widget_type=\"text-editor.default\">\n\t\t\t\t\t\t\t\t\t<ul><li>Charles P. Mountford: <em>Records of the American-Australian Scientific Expedition to Arnhem Land<\/em> (1956)<\/li><li><span data-nosnippet>Ronald M. Berndt &#038; Catherine H. Berndt: <em>Man, Land and Myth in North Australia<\/em> (1970)<\/span><\/li><li>Howard Morphy: <em>Aboriginal Art<\/em> (Phaidon 1998)<\/li><li>Luke Taylor: <em>Seeing the Inside<\/em> (1996)<\/li><li>Tony Swain: <em>A Place for Strangers<\/em> (1993)<\/li><li>Lynne Hume: <em>Ancestral Power<\/em> (2002)<\/li><\/ul>\t\t\t\t\t\t\t\t<\/div>\n\t\t\t\t<\/div>\n\t\t\t\t\t<\/div>\n\t\t\t\t<\/div>\n\t\t<div class=\"elementor-element elementor-element-iwgkw2-add-mimigeister e-flex e-con-boxed e-con e-parent\" data-id=\"iwgkw2-add-mimigeister\" data-element_type=\"container\" data-e-type=\"container\">\n\t\t\t\t\t<div class=\"e-con-inner\">\n\t\t\t\t<div class=\"elementor-element elementor-element-iwgkw2-add-mimigeister-t elementor-widget elementor-widget-text-editor\" data-id=\"iwgkw2-add-mimigeister-t\" data-element_type=\"widget\" data-e-type=\"widget\" data-widget_type=\"text-editor.default\">\n\t\t\t\t\t\t\t\t\t<p><em><span class=\"iwg-fachbegriff\" data-tooltip=\"Tradovan\u00fd pr\u00edbeh o bohoch, p\u00f4vode a poriadku svet\u0430.\" tabindex=\"0\">M\u00fdtus<\/span><\/em> o mimi-duchoch ich opisuje ako vychudnut\u00fdch obyvate\u013eov skaln\u00fdch \u0161trb\u00edn Arnhemsk\u00e9ho Landu, ktor\u00ed nau\u010dili \u013eud\u00ed lovi\u0165, tancova\u0165 a rozklada\u0165 ohe\u0148; hlavn\u00fdmi <em>prame\u0148mi<\/em> s\u00fa skaln\u00e9 ma\u013eby a v\u00fdpovede jazykov\u00fdch spolo\u010denstiev Yolngu a Kunwinjku.<\/p>\t\t\t\t\t\t\t\t<\/div>\n\t\t\t\t\t<\/div>\n\t\t\t\t<\/div>\n\t\t<div class=\"elementor-element elementor-element-iwgw-mimigeiste-kwd e-flex e-con-boxed e-con e-parent\" data-id=\"iwgw-mimigeiste-kwd\" data-element_type=\"container\" data-e-type=\"container\">\n\t\t\t\t\t<div class=\"e-con-inner\">\n\t\t<div class=\"elementor-element elementor-element-iwgw-mimigeiste-kwdc e-con-full e-flex e-con e-child\" data-id=\"iwgw-mimigeiste-kwdc\" data-element_type=\"container\" data-e-type=\"container\">\n\t\t\t\t<div class=\"elementor-element elementor-element-iwgw-mimigeiste-kwdt elementor-widget elementor-widget-text-editor\" data-id=\"iwgw-mimigeiste-kwdt\" data-element_type=\"widget\" data-e-type=\"widget\" data-widget_type=\"text-editor.default\">\n\t\t\t\t\t\t\t\t\t<p><em>S\u00favisiace k\u013e\u00fa\u010dov\u00e9 pojmy: Mimi Mimih Arnhemsk\u00fd Land skaln\u00ed duchovia u\u010ditelia lovu Kunwinjku.<\/em><\/p>\t\t\t\t\t\t\t\t<\/div>\n\t\t\t\t<\/div>\n\t\t\t\t\t<\/div>\n\t\t\t\t<\/div>\n\t\t<div class=\"elementor-element elementor-element-iwgw-mimigeiste-cc e-flex e-con-boxed e-con e-parent\" data-id=\"iwgw-mimigeiste-cc\" data-element_type=\"container\" data-e-type=\"container\" id=\"iwg-cc-mimi-geister\">\n\t\t\t\t\t<div class=\"e-con-inner\">\n\t\t<div class=\"elementor-element elementor-element-iwgw-mimigeiste-ccinner e-flex e-con-boxed e-con e-parent\" data-id=\"iwgw-mimigeiste-ccinner\" data-element_type=\"container\" data-e-type=\"container\" data-settings=\"{&quot;background_background&quot;:&quot;classic&quot;}\">\n\t\t\t\t\t<div class=\"e-con-inner\">\n\t\t\t\t<div class=\"elementor-element elementor-element-iwgw-mimigeiste-cch elementor-widget elementor-widget-heading\" data-id=\"iwgw-mimigeiste-cch\" data-element_type=\"widget\" data-e-type=\"widget\" data-widget_type=\"heading.default\">\n\t\t\t\t\t<h2 class=\"elementor-heading-title elementor-size-default\">iWell Guard a ochrann\u00e9 trad\u00edcie<\/h2>\t\t\t\t<\/div>\n\t\t\t\t<div class=\"elementor-element elementor-element-iwgw-mimigeiste-cct elementor-widget elementor-widget-text-editor\" data-id=\"iwgw-mimigeiste-cct\" data-element_type=\"widget\" data-e-type=\"widget\" data-widget_type=\"text-editor.default\">\n\t\t\t\t\t\t\t\t\t<div data-nosnippet=\"true\"><p>iWell Guard nadv\u00e4zuje na kult\u00farno-historick\u00fa trad\u00edciu prenosn\u00fdch ochrann\u00fdch predmetov, v trad\u00edcii <a href=\"https:\/\/iwell-guard.com\/sk\/aboriginalska-australia-dreamtime-tjukurpa\/\">Aboriginal<\/a> a mnoh\u00fdch \u010fal\u0161\u00edch kult\u00far po celom svete. 41 vrstiev, skuto\u010dn\u00e9 zlato, platina, striebro, vyroben\u00e9 v Nemecku. 30-d\u0148ov\u00e1 lehota na vr\u00e1tenie.<\/p><\/div>\t\t\t\t\t\t\t\t<\/div>\n\t\t\t\t<div class=\"elementor-element elementor-element-iwgw-mimigeiste-ccb iwg-cc-button iwg-cc-cta-2026-05-13 elementor-widget elementor-widget-jet-button\" data-id=\"iwgw-mimigeiste-ccb\" data-element_type=\"widget\" data-e-type=\"widget\" data-widget_type=\"jet-button.default\">\n\t\t\t\t<div class=\"elementor-widget-container\">\n\t\t\t\t\t<div class=\"elementor-jet-button jet-elements\"><div class=\"jet-button__container\"><a class=\"jet-button__instance jet-button__instance--icon-left hover-effect-1\" href=\"\/ueber-iwell-guard\/?utm_source=iwell-guard.com&amp;utm_medium=info-box&amp;utm_campaign=wesen-tradition\"><div class=\"jet-button__plane jet-button__plane-normal\"><\/div><div class=\"jet-button__plane jet-button__plane-hover\"><\/div><div class=\"jet-button__state jet-button__state-normal\"><span class=\"jet-button__label\">Viac o iWell Guard<\/span><\/div><div class=\"jet-button__state jet-button__state-hover\"><span class=\"jet-button__label\">Viac o iWell Guard<\/span><\/div><\/a><\/div><\/div><style>.elementor-element.elementor-element-iwgw-mimigeiste-ccb .jet-button__instance{width:320px;height:56px;}.elementor-element.elementor-element-iwgw-mimigeiste-ccb .jet-button__state-normal .jet-button__label{text-align:center;margin:0px 0px 0px 0px;color:#1a1b20;font-family:Montserrat,sans-serif;font-size:13px;font-weight:400;letter-spacing:4px;line-height:1.714em;text-transform:uppercase;}.elementor-element.elementor-element-iwgw-mimigeiste-ccb .jet-button__state-hover .jet-button__label{text-align:center;margin:0px 0px 0px 0px;color:#FECC76;font-family:Montserrat,sans-serif;font-size:13px;font-weight:400;letter-spacing:4px;line-height:1.714em;text-transform:uppercase;}.elementor-element.elementor-element-iwgw-mimigeiste-ccb .jet-button__plane-normal{background-color:#FECC76;border-style:solid;border-color:#C99540;border-width:2px 2px 2px 2px;}.elementor-element.elementor-element-iwgw-mimigeiste-ccb .jet-button__plane-hover{background-color:rgba(0,0,0,0.55);border-style:solid;border-color:#FECC76;border-width:2px 2px 2px 2px;}<\/style>\t\t\t\t<\/div>\n\t\t\t\t<\/div>\n\t\t\t\t<div class=\"elementor-element elementor-element-iwgw-mimigeiste-ccd elementor-widget elementor-widget-text-editor\" data-id=\"iwgw-mimigeiste-ccd\" data-element_type=\"widget\" data-e-type=\"widget\" data-widget_type=\"text-editor.default\">\n\t\t\t\t\t\t\t\t\t<div data-nosnippet=\"true\"><p style=\"text-align:center;font-size:13px;opacity:0.7;margin-top:14px\" data-nosnippet=\"true\">Osobn\u00e9 sk\u00fasenosti sa m\u00f4\u017eu l\u00ed\u0161i\u0165. Nie je to zdravotn\u00edcka pom\u00f4cka. \u017diadny pr\u00eds\u013eub lie\u010denia.<\/p><\/div>\t\t\t\t\t\t\t\t<\/div>\n\t\t\t\t\t<\/div>\n\t\t\t\t<\/div>\n\t\t\t\t\t<\/div>\n\t\t\t\t<\/div>\n\t\t<div class=\"elementor-element elementor-element-iwgw-mimigeiste-disc e-flex e-con-boxed e-con e-parent\" data-id=\"iwgw-mimigeiste-disc\" data-element_type=\"container\" data-e-type=\"container\">\n\t\t\t\t\t<div class=\"e-con-inner\">\n\t\t\t\t<div class=\"elementor-element elementor-element-iwgw-mimigeiste-discw elementor-widget elementor-widget-html\" data-id=\"iwgw-mimigeiste-discw\" data-element_type=\"widget\" data-e-type=\"widget\" data-widget_type=\"html.default\">\n\t\t\t\t\t<footer data-nosnippet=\"true\" class=\"iwg-disclaimer-block\"><p data-nosnippet=\"true\">iWell Guard <strong>nie je zdravotn\u00edcka pom\u00f4cka<\/strong> a nenahr\u00e1dza lek\u00e1rske ani psychoterapeutick\u00e9 o\u0161etrenie. Religionistick\u00fd obsah predstavuje kult\u00farno-historick\u00e9 zaradenie, nie odpor\u00fa\u010danie duchovnej praxe.<\/p><\/footer>\t\t\t\t<\/div>\n\t\t\t\t\t<\/div>\n\t\t\t\t<\/div>\n\t\t\t\t<\/div>\n\t\t","protected":false},"excerpt":{"rendered":"","protected":false},"author":3,"featured_media":2867,"parent":0,"menu_order":0,"comment_status":"closed","ping_status":"closed","template":"elementor_header_footer","meta":{"_yoast_wpseo_focuskw":"Mimi duchovia Arnhemsk\u00e1 Zem Aboriginovia","_yoast_wpseo_title":"Mimi duchovia \u2013 skaln\u00ed duchovia Aboriginov, m\u00fdtus a pramene","_yoast_wpseo_metadesc":"Mimi duchovia s\u00fa tenk\u00ed skaln\u00ed a jaskynn\u00ed duchovia Aboriginov z Arnhemskej Zeme. Religionistick\u00e9 zaradenie s m\u00fdtom a prame\u0148mi.","_yoast_wpseo_meta-robots-noindex":"","_yoast_wpseo_canonical":"","_angie_page":false,"gefaehrdungsstufe":"3","wesen_kultur":"aboriginal","wesen_klasse":"geister","footnotes":""},"categories":[],"class_list":["post-157987","page","type-page","status-publish","has-post-thumbnail","hentry"],"yoast_head":"<!-- This site is optimized with the Yoast SEO Premium plugin v27.7 (Yoast SEO v28.3) - https:\/\/yoast.com\/product\/yoast-seo-premium-wordpress\/ -->\n<title>Mimi duchovia \u2013 skaln\u00ed duchovia Aboriginov, m\u00fdtus a pramene<\/title>\n<meta name=\"description\" content=\"Mimi duchovia s\u00fa tenk\u00ed skaln\u00ed a jaskynn\u00ed duchovia Aboriginov z Arnhemskej Zeme. Religionistick\u00e9 zaradenie s m\u00fdtom a prame\u0148mi.\" \/>\n<meta name=\"robots\" content=\"index, follow, max-snippet:-1, max-image-preview:large, max-video-preview:-1\" \/>\n<link rel=\"canonical\" href=\"https:\/\/iwell-guard.com\/sk\/mimi-duchovia-arnhemska-zem\/\" \/>\n<meta property=\"og:locale\" content=\"sk_SK\" \/>\n<meta property=\"og:type\" content=\"article\" \/>\n<meta property=\"og:title\" content=\"Mimi duchovia \u2013 Tenk\u00ed skaln\u00ed duchovia austr\u00e1lskych Aboriginov z Arnhemskej Zeme\" \/>\n<meta property=\"og:description\" content=\"Mimi duchovia s\u00fa tenk\u00ed skaln\u00ed a jaskynn\u00ed duchovia Aboriginov z Arnhemskej Zeme. Religionistick\u00e9 zaradenie s m\u00fdtom a prame\u0148mi.\" \/>\n<meta property=\"og:url\" content=\"https:\/\/iwell-guard.com\/sk\/mimi-duchovia-arnhemska-zem\/\" \/>\n<meta property=\"og:site_name\" content=\"iWell Guard\" \/>\n<meta property=\"article:modified_time\" content=\"2026-09-04T22:47:50+00:00\" \/>\n<meta property=\"og:image\" content=\"https:\/\/iwell-guard.com\/wp-content\/uploads\/2026\/05\/geister_aboriginal_mimi-geister.webp\" \/>\n\t<meta property=\"og:image:width\" content=\"1024\" \/>\n\t<meta property=\"og:image:height\" content=\"1536\" \/>\n\t<meta property=\"og:image:type\" content=\"image\/webp\" \/>\n<meta name=\"twitter:card\" content=\"summary_large_image\" \/>\n<script type=\"application\/ld+json\" class=\"yoast-schema-graph\">{\"@context\":\"https:\\\/\\\/schema.org\",\"@graph\":[{\"@type\":\"WebPage\",\"@id\":\"https:\\\/\\\/iwell-guard.com\\\/sk\\\/mimi-duchovia-arnhemska-zem\\\/\",\"url\":\"https:\\\/\\\/iwell-guard.com\\\/sk\\\/mimi-duchovia-arnhemska-zem\\\/\",\"name\":\"Mimi duchovia \u2013 skaln\u00ed duchovia Aboriginov, m\u00fdtus a pramene\",\"isPartOf\":{\"@id\":\"https:\\\/\\\/iwell-guard.com\\\/sk\\\/#website\"},\"primaryImageOfPage\":{\"@id\":\"https:\\\/\\\/iwell-guard.com\\\/sk\\\/mimi-duchovia-arnhemska-zem\\\/#primaryimage\"},\"image\":{\"@id\":\"https:\\\/\\\/iwell-guard.com\\\/sk\\\/mimi-duchovia-arnhemska-zem\\\/#primaryimage\"},\"thumbnailUrl\":\"https:\\\/\\\/iwell-guard.com\\\/wp-content\\\/uploads\\\/2026\\\/05\\\/geister_aboriginal_mimi-geister.webp\",\"datePublished\":\"2026-09-04T22:20:23+00:00\",\"dateModified\":\"2026-09-04T22:47:50+00:00\",\"description\":\"Mimi duchovia s\u00fa tenk\u00ed skaln\u00ed a jaskynn\u00ed duchovia Aboriginov z Arnhemskej Zeme. Religionistick\u00e9 zaradenie s m\u00fdtom a prame\u0148mi.\",\"breadcrumb\":{\"@id\":\"https:\\\/\\\/iwell-guard.com\\\/sk\\\/mimi-duchovia-arnhemska-zem\\\/#breadcrumb\"},\"inLanguage\":\"sk-SK\",\"potentialAction\":[{\"@type\":\"ReadAction\",\"target\":[\"https:\\\/\\\/iwell-guard.com\\\/sk\\\/mimi-duchovia-arnhemska-zem\\\/\"]}]},{\"@type\":\"ImageObject\",\"inLanguage\":\"sk-SK\",\"@id\":\"https:\\\/\\\/iwell-guard.com\\\/sk\\\/mimi-duchovia-arnhemska-zem\\\/#primaryimage\",\"url\":\"https:\\\/\\\/iwell-guard.com\\\/wp-content\\\/uploads\\\/2026\\\/05\\\/geister_aboriginal_mimi-geister.webp\",\"contentUrl\":\"https:\\\/\\\/iwell-guard.com\\\/wp-content\\\/uploads\\\/2026\\\/05\\\/geister_aboriginal_mimi-geister.webp\",\"width\":1024,\"height\":1536,\"caption\":\"Duchovia z trad\u00edcie p\u00f4vodn\u00fdch obyvate\u013eov Austr\u00e1lie (Aboriginal).\"},{\"@type\":\"BreadcrumbList\",\"@id\":\"https:\\\/\\\/iwell-guard.com\\\/sk\\\/mimi-duchovia-arnhemska-zem\\\/#breadcrumb\",\"itemListElement\":[{\"@type\":\"ListItem\",\"position\":1,\"name\":\"Start\",\"item\":\"https:\\\/\\\/iwell-guard.com\\\/sk\\\/?page_id=157572\"},{\"@type\":\"ListItem\",\"position\":2,\"name\":\"Mimi duchovia \u2013 Tenk\u00ed skaln\u00ed duchovia austr\u00e1lskych Aboriginov z Arnhemskej Zeme\"}]},{\"@type\":\"WebSite\",\"@id\":\"https:\\\/\\\/iwell-guard.com\\\/sk\\\/#website\",\"url\":\"https:\\\/\\\/iwell-guard.com\\\/sk\\\/\",\"name\":\"iWell Guard\",\"description\":\"Schutz vor dunklen Einfl\u00fcssen\",\"publisher\":{\"@id\":\"https:\\\/\\\/iwell-guard.com\\\/sk\\\/#organization\"},\"potentialAction\":[{\"@type\":\"SearchAction\",\"target\":{\"@type\":\"EntryPoint\",\"urlTemplate\":\"https:\\\/\\\/iwell-guard.com\\\/sk\\\/?s={search_term_string}\"},\"query-input\":{\"@type\":\"PropertyValueSpecification\",\"valueRequired\":true,\"valueName\":\"search_term_string\"}}],\"inLanguage\":\"sk-SK\"},{\"@type\":\"Organization\",\"@id\":\"https:\\\/\\\/iwell-guard.com\\\/sk\\\/#organization\",\"name\":\"Ittermann electronic GmbH\",\"url\":\"https:\\\/\\\/iwell-guard.com\\\/sk\\\/\",\"logo\":{\"@type\":\"ImageObject\",\"inLanguage\":\"sk-SK\",\"@id\":\"https:\\\/\\\/iwell-guard.com\\\/sk\\\/#\\\/schema\\\/logo\\\/image\\\/\",\"url\":\"https:\\\/\\\/iwell-guard.com\\\/wp-content\\\/uploads\\\/2026\\\/05\\\/Ittermann-Logo-1182x237-1.png\",\"contentUrl\":\"https:\\\/\\\/iwell-guard.com\\\/wp-content\\\/uploads\\\/2026\\\/05\\\/Ittermann-Logo-1182x237-1.png\",\"width\":1182,\"height\":237,\"caption\":\"Ittermann electronic GmbH\"},\"image\":{\"@id\":\"https:\\\/\\\/iwell-guard.com\\\/sk\\\/#\\\/schema\\\/logo\\\/image\\\/\"},\"sameAs\":[\"https:\\\/\\\/pantip.com\\\/profile\\\/9367242\",\"https:\\\/\\\/micro.blog\\\/iwellguard\",\"https:\\\/\\\/www.diggerslist.com\\\/iwellguard\\\/about\",\"https:\\\/\\\/skitterphoto.com\\\/photographers\\\/2870314\\\/iwell-guard\",\"https:\\\/\\\/iwellguard.wordpress.com\\\/2026\\\/06\\\/06\\\/iwell-guard\\\/\",\"https:\\\/\\\/hub.docker.com\\\/u\\\/iwellguard\",\"https:\\\/\\\/www.pinterest.com\\\/iwellguard\\\/\",\"https:\\\/\\\/bit.ly\\\/m\\\/iwellguard\",\"https:\\\/\\\/entre-vos-mains.alsace.eu\\\/profiles\\\/iwellguard\\\/activity\",\"https:\\\/\\\/gravatar.com\\\/reallybeded8fd34\",\"https:\\\/\\\/naijamatta.com\\\/iwellguard\",\"https:\\\/\\\/www.goodreads.com\\\/iwellguard\",\"https:\\\/\\\/profile.hatena.ne.jp\\\/iwellguard\\\/\",\"https:\\\/\\\/experiment.com\\\/users\\\/iwellguard\",\"https:\\\/\\\/wakelet.com\\\/@iWellGuard82270\",\"https:\\\/\\\/www.chordie.com\\\/forum\\\/profile.php?id=2555664\",\"https:\\\/\\\/www.instapaper.com\\\/p\\\/17757966\",\"https:\\\/\\\/www.mapleprimes.com\\\/users\\\/iwellguard\",\"https:\\\/\\\/businesslistingplus.com\\\/profile\\\/iwell-guard\\\/\",\"https:\\\/\\\/telegra.ph\\\/iWell-Guard-06-06\",\"https:\\\/\\\/pbase.com\\\/iwellguard\\\/iwellguard\",\"https:\\\/\\\/b.hatena.ne.jp\\\/iwellguard\\\/20260607#bookmark-4788405196491818882\",\"https:\\\/\\\/fliphtml5.com\\\/home\\\/iwellguard\",\"https:\\\/\\\/anyflip.com\\\/homepage\\\/cmiwl#About\",\"https:\\\/\\\/transfur.com\\\/Users\\\/iwellguard\",\"http:\\\/\\\/delphi.larsbo.org\\\/user\\\/iwellguard\",\"https:\\\/\\\/jobs.lajobsportal.org\\\/profiles\\\/8380803-iwell-guard\",\"https:\\\/\\\/md.chaosdorf.de\\\/s\\\/jfbe5SBdJD\",\"https:\\\/\\\/www.lingvolive.com\\\/en-us\\\/profile\\\/9ecaeaca-ce11-4e51-9e71-01d55e2bff36\\\/translations\",\"https:\\\/\\\/www.fitday.com\\\/fitness\\\/forums\\\/members\\\/iwellguard.html\",\"https:\\\/\\\/www.mymeetbook.com\\\/iwellguard\",\"https:\\\/\\\/pxhere.com\\\/en\\\/photographer-me\\\/5040798\",\"https:\\\/\\\/disqus.com\\\/by\\\/iwellguard\\\/about\\\/\",\"https:\\\/\\\/pastelink.net\\\/hjwciqwq\",\"https:\\\/\\\/pubhtml5.com\\\/homepage\\\/scjhn\\\/\",\"https:\\\/\\\/www.bitchute.com\\\/channel\\\/2O2eOKzNqujT\",\"https:\\\/\\\/audiomack.com\\\/iwellguard\"]},{\"@type\":\"Article\",\"@id\":\"https:\\\/\\\/iwell-guard.com\\\/sk\\\/mimi-duchovia-arnhemska-zem\\\/#article\",\"isPartOf\":{\"@id\":\"https:\\\/\\\/iwell-guard.com\\\/sk\\\/mimi-duchovia-arnhemska-zem\\\/\"},\"author\":{\"name\":\"Ralf Ittermann\",\"@id\":\"https:\\\/\\\/iwell-guard.com\\\/sk\\\/#\\\/schema\\\/person\\\/ee2a27f1cac3406c7c6fb5820cb7349f\"},\"headline\":\"Mimi duchovia \u2013 Tenk\u00ed skaln\u00ed duchovia austr\u00e1lskych Aboriginov z Arnhemskej Zeme\",\"datePublished\":\"2026-09-04T22:20:23+00:00\",\"dateModified\":\"2026-09-04T22:47:50+00:00\",\"mainEntityOfPage\":{\"@id\":\"https:\\\/\\\/iwell-guard.com\\\/sk\\\/mimi-duchovia-arnhemska-zem\\\/\"},\"publisher\":{\"@id\":\"https:\\\/\\\/iwell-guard.com\\\/sk\\\/#organization\"},\"image\":{\"@id\":\"https:\\\/\\\/iwell-guard.com\\\/sk\\\/mimi-duchovia-arnhemska-zem\\\/#primaryimage\"},\"thumbnailUrl\":\"https:\\\/\\\/iwell-guard.com\\\/wp-content\\\/uploads\\\/2026\\\/05\\\/geister_aboriginal_mimi-geister.webp\",\"inLanguage\":\"sk-SK\",\"description\":\"Mimi duchovia s\u00fa tenk\u00ed skaln\u00ed a jaskynn\u00ed duchovia Aboriginov z Arnhemskej Zeme. Religionistick\u00e9 zaradenie s m\u00fdtom a prame\u0148mi.\"}]}<\/script>\n<!-- \/ Yoast SEO Premium plugin. -->","yoast_head_json":{"title":"Mimi duchovia \u2013 skaln\u00ed duchovia Aboriginov, m\u00fdtus a pramene","description":"Mimi duchovia s\u00fa tenk\u00ed skaln\u00ed a jaskynn\u00ed duchovia Aboriginov z Arnhemskej Zeme. Religionistick\u00e9 zaradenie s m\u00fdtom a prame\u0148mi.","robots":{"index":"index","follow":"follow","max-snippet":"max-snippet:-1","max-image-preview":"max-image-preview:large","max-video-preview":"max-video-preview:-1"},"canonical":"https:\/\/iwell-guard.com\/sk\/mimi-duchovia-arnhemska-zem\/","og_locale":"sk_SK","og_type":"article","og_title":"Mimi duchovia \u2013 Tenk\u00ed skaln\u00ed duchovia austr\u00e1lskych Aboriginov z Arnhemskej Zeme","og_description":"Mimi duchovia s\u00fa tenk\u00ed skaln\u00ed a jaskynn\u00ed duchovia Aboriginov z Arnhemskej Zeme. Religionistick\u00e9 zaradenie s m\u00fdtom a prame\u0148mi.","og_url":"https:\/\/iwell-guard.com\/sk\/mimi-duchovia-arnhemska-zem\/","og_site_name":"iWell Guard","article_modified_time":"2026-09-04T22:47:50+00:00","og_image":[{"width":1024,"height":1536,"url":"https:\/\/iwell-guard.com\/wp-content\/uploads\/2026\/05\/geister_aboriginal_mimi-geister.webp","type":"image\/webp"}],"twitter_card":"summary_large_image","schema":{"@context":"https:\/\/schema.org","@graph":[{"@type":"Article","@id":"https:\/\/iwell-guard.com\/sk\/mimi-duchovia-arnhemska-zem\/#article","isPartOf":{"@id":"https:\/\/iwell-guard.com\/sk\/mimi-duchovia-arnhemska-zem\/"},"author":{"name":"Ralf Ittermann","@id":"https:\/\/iwell-guard.com\/sk\/#\/schema\/person\/ee2a27f1cac3406c7c6fb5820cb7349f"},"headline":"Mimi duchovia \u2013 Tenk\u00ed skaln\u00ed duchovia austr\u00e1lskych Aboriginov z Arnhemskej Zeme","datePublished":"2026-09-04T22:20:23+00:00","dateModified":"2026-09-04T22:47:50+00:00","mainEntityOfPage":{"@id":"https:\/\/iwell-guard.com\/sk\/mimi-duchovia-arnhemska-zem\/"},"publisher":{"@id":"https:\/\/iwell-guard.com\/sk\/#organization"},"image":{"@id":"https:\/\/iwell-guard.com\/sk\/mimi-duchovia-arnhemska-zem\/#primaryimage"},"thumbnailUrl":"https:\/\/iwell-guard.com\/wp-content\/uploads\/2026\/05\/geister_aboriginal_mimi-geister.webp","inLanguage":"sk-SK","description":"Mimi duchovia s\u00fa tenk\u00ed skaln\u00ed a jaskynn\u00ed duchovia Aboriginov z Arnhemskej Zeme. Religionistick\u00e9 zaradenie s m\u00fdtom a prame\u0148mi."},{"@type":"WebPage","@id":"https:\/\/iwell-guard.com\/sk\/mimi-duchovia-arnhemska-zem\/","url":"https:\/\/iwell-guard.com\/sk\/mimi-duchovia-arnhemska-zem\/","name":"Mimi duchovia \u2013 skaln\u00ed duchovia Aboriginov, m\u00fdtus a pramene","isPartOf":{"@id":"https:\/\/iwell-guard.com\/sk\/#website"},"primaryImageOfPage":{"@id":"https:\/\/iwell-guard.com\/sk\/mimi-duchovia-arnhemska-zem\/#primaryimage"},"image":{"@id":"https:\/\/iwell-guard.com\/sk\/mimi-duchovia-arnhemska-zem\/#primaryimage"},"thumbnailUrl":"https:\/\/iwell-guard.com\/wp-content\/uploads\/2026\/05\/geister_aboriginal_mimi-geister.webp","datePublished":"2026-09-04T22:20:23+00:00","dateModified":"2026-09-04T22:47:50+00:00","description":"Mimi duchovia s\u00fa tenk\u00ed skaln\u00ed a jaskynn\u00ed duchovia Aboriginov z Arnhemskej Zeme. Religionistick\u00e9 zaradenie s m\u00fdtom a prame\u0148mi.","breadcrumb":{"@id":"https:\/\/iwell-guard.com\/sk\/mimi-duchovia-arnhemska-zem\/#breadcrumb"},"inLanguage":"sk-SK","potentialAction":[{"@type":"ReadAction","target":["https:\/\/iwell-guard.com\/sk\/mimi-duchovia-arnhemska-zem\/"]}]},{"@type":"ImageObject","inLanguage":"sk-SK","@id":"https:\/\/iwell-guard.com\/sk\/mimi-duchovia-arnhemska-zem\/#primaryimage","url":"https:\/\/iwell-guard.com\/wp-content\/uploads\/2026\/05\/geister_aboriginal_mimi-geister.webp","contentUrl":"https:\/\/iwell-guard.com\/wp-content\/uploads\/2026\/05\/geister_aboriginal_mimi-geister.webp","width":1024,"height":1536,"caption":"Duchovia z trad\u00edcie p\u00f4vodn\u00fdch obyvate\u013eov Austr\u00e1lie (Aboriginal)."},{"@type":"BreadcrumbList","@id":"https:\/\/iwell-guard.com\/sk\/mimi-duchovia-arnhemska-zem\/#breadcrumb","itemListElement":[{"@type":"ListItem","position":1,"name":"Start","item":"https:\/\/iwell-guard.com\/sk\/?page_id=157572"},{"@type":"ListItem","position":2,"name":"Mimi duchovia \u2013 Tenk\u00ed skaln\u00ed duchovia austr\u00e1lskych Aboriginov z Arnhemskej Zeme"}]},{"@type":"WebSite","@id":"https:\/\/iwell-guard.com\/sk\/#website","url":"https:\/\/iwell-guard.com\/sk\/","name":"iWell Guard","description":"Schutz vor dunklen Einfl\u00fcssen","publisher":{"@id":"https:\/\/iwell-guard.com\/sk\/#organization"},"potentialAction":[{"@type":"SearchAction","target":{"@type":"EntryPoint","urlTemplate":"https:\/\/iwell-guard.com\/sk\/?s={search_term_string}"},"query-input":{"@type":"PropertyValueSpecification","valueRequired":true,"valueName":"search_term_string"}}],"inLanguage":"sk-SK"},{"@type":"Organization","@id":"https:\/\/iwell-guard.com\/sk\/#organization","name":"Ittermann electronic GmbH","url":"https:\/\/iwell-guard.com\/sk\/","logo":{"@type":"ImageObject","inLanguage":"sk-SK","@id":"https:\/\/iwell-guard.com\/sk\/#\/schema\/logo\/image\/","url":"https:\/\/iwell-guard.com\/wp-content\/uploads\/2026\/05\/Ittermann-Logo-1182x237-1.png","contentUrl":"https:\/\/iwell-guard.com\/wp-content\/uploads\/2026\/05\/Ittermann-Logo-1182x237-1.png","width":1182,"height":237,"caption":"Ittermann electronic GmbH"},"image":{"@id":"https:\/\/iwell-guard.com\/sk\/#\/schema\/logo\/image\/"},"sameAs":["https:\/\/pantip.com\/profile\/9367242","https:\/\/micro.blog\/iwellguard","https:\/\/www.diggerslist.com\/iwellguard\/about","https:\/\/skitterphoto.com\/photographers\/2870314\/iwell-guard","https:\/\/iwellguard.wordpress.com\/2026\/06\/06\/iwell-guard\/","https:\/\/hub.docker.com\/u\/iwellguard","https:\/\/www.pinterest.com\/iwellguard\/","https:\/\/bit.ly\/m\/iwellguard","https:\/\/entre-vos-mains.alsace.eu\/profiles\/iwellguard\/activity","https:\/\/gravatar.com\/reallybeded8fd34","https:\/\/naijamatta.com\/iwellguard","https:\/\/www.goodreads.com\/iwellguard","https:\/\/profile.hatena.ne.jp\/iwellguard\/","https:\/\/experiment.com\/users\/iwellguard","https:\/\/wakelet.com\/@iWellGuard82270","https:\/\/www.chordie.com\/forum\/profile.php?id=2555664","https:\/\/www.instapaper.com\/p\/17757966","https:\/\/www.mapleprimes.com\/users\/iwellguard","https:\/\/businesslistingplus.com\/profile\/iwell-guard\/","https:\/\/telegra.ph\/iWell-Guard-06-06","https:\/\/pbase.com\/iwellguard\/iwellguard","https:\/\/b.hatena.ne.jp\/iwellguard\/20260607#bookmark-4788405196491818882","https:\/\/fliphtml5.com\/home\/iwellguard","https:\/\/anyflip.com\/homepage\/cmiwl#About","https:\/\/transfur.com\/Users\/iwellguard","http:\/\/delphi.larsbo.org\/user\/iwellguard","https:\/\/jobs.lajobsportal.org\/profiles\/8380803-iwell-guard","https:\/\/md.chaosdorf.de\/s\/jfbe5SBdJD","https:\/\/www.lingvolive.com\/en-us\/profile\/9ecaeaca-ce11-4e51-9e71-01d55e2bff36\/translations","https:\/\/www.fitday.com\/fitness\/forums\/members\/iwellguard.html","https:\/\/www.mymeetbook.com\/iwellguard","https:\/\/pxhere.com\/en\/photographer-me\/5040798","https:\/\/disqus.com\/by\/iwellguard\/about\/","https:\/\/pastelink.net\/hjwciqwq","https:\/\/pubhtml5.com\/homepage\/scjhn\/","https:\/\/www.bitchute.com\/channel\/2O2eOKzNqujT","https:\/\/audiomack.com\/iwellguard"]},{"@type":"Person","@id":"https:\/\/iwell-guard.com\/sk\/#\/schema\/person\/ee2a27f1cac3406c7c6fb5820cb7349f","name":"Ralf Ittermann","image":{"@type":"ImageObject","inLanguage":"sk-SK","@id":"https:\/\/secure.gravatar.com\/avatar\/073c0153e350a5005b68eb752b445fea71f6b24a26da9449ad7e155e6b446c9d?s=96&d=mm&r=g","url":"https:\/\/secure.gravatar.com\/avatar\/073c0153e350a5005b68eb752b445fea71f6b24a26da9449ad7e155e6b446c9d?s=96&d=mm&r=g","contentUrl":"https:\/\/secure.gravatar.com\/avatar\/073c0153e350a5005b68eb752b445fea71f6b24a26da9449ad7e155e6b446c9d?s=96&d=mm&r=g","caption":"Ralf Ittermann"},"givenName":"Ralf","familyName":"Ittermann","jobTitle":"Gesch\u00e4ftsf\u00fchrer und redaktioneller Verantwortlicher","url":"https:\/\/iwell-guard.com\/sk\/author\/claude\/","description":"Ralf Ittermann ist Gesch\u00e4ftsf\u00fchrer der Ittermann electronic GmbH und redaktioneller Verantwortlicher des iWell-Guard-Lexikons. Er verbindet langj\u00e4hrige Erfahrung in der Pr\u00e4zisionsfertigung mit medialer Praxis und religionsgeschichtlicher Quellenarbeit.","worksFor":{"@type":"Organization","name":"Ittermann electronic GmbH","url":"https:\/\/ittermann.de\/","address":{"@type":"PostalAddress","streetAddress":"K\u00f6hlergasse 16-18","postalCode":"99842","addressLocality":"Ruhla","addressCountry":"DE"}},"knowsAbout":["Religionsgeschichte","Mythologie","Mediale Praxis","Energetische Diagnostik","Schutzpraxis","Volksglauben","Westliche Esoterik"]},{"@type":"Article","@id":"https:\/\/iwell-guard.com\/sk\/mimi-duchovia-arnhemska-zem\/#article","isPartOf":{"@id":"https:\/\/iwell-guard.com\/sk\/mimi-duchovia-arnhemska-zem\/"},"author":{"name":"Ralf Ittermann","@id":"https:\/\/iwell-guard.com\/sk\/#\/schema\/person\/ee2a27f1cac3406c7c6fb5820cb7349f"},"headline":"Mimi duchovia \u2013 Tenk\u00ed skaln\u00ed duchovia austr\u00e1lskych Aboriginov z Arnhemskej Zeme","datePublished":"2026-09-04T22:20:23+00:00","dateModified":"2026-09-04T22:47:50+00:00","mainEntityOfPage":{"@id":"https:\/\/iwell-guard.com\/sk\/mimi-duchovia-arnhemska-zem\/"},"publisher":{"@id":"https:\/\/iwell-guard.com\/sk\/#organization"},"image":{"@id":"https:\/\/iwell-guard.com\/sk\/mimi-duchovia-arnhemska-zem\/#primaryimage"},"thumbnailUrl":"https:\/\/iwell-guard.com\/wp-content\/uploads\/2026\/05\/geister_aboriginal_mimi-geister.webp","inLanguage":"sk-SK","description":"Mimi duchovia s\u00fa tenk\u00ed skaln\u00ed a jaskynn\u00ed duchovia Aboriginov z Arnhemskej Zeme. Religionistick\u00e9 zaradenie s m\u00fdtom a prame\u0148mi."}]}},"_links":{"self":[{"href":"https:\/\/iwell-guard.com\/sk\/wp-json\/wp\/v2\/pages\/157987","targetHints":{"allow":["GET"]}}],"collection":[{"href":"https:\/\/iwell-guard.com\/sk\/wp-json\/wp\/v2\/pages"}],"about":[{"href":"https:\/\/iwell-guard.com\/sk\/wp-json\/wp\/v2\/types\/page"}],"author":[{"embeddable":true,"href":"https:\/\/iwell-guard.com\/sk\/wp-json\/wp\/v2\/users\/3"}],"replies":[{"embeddable":true,"href":"https:\/\/iwell-guard.com\/sk\/wp-json\/wp\/v2\/comments?post=157987"}],"version-history":[{"count":0,"href":"https:\/\/iwell-guard.com\/sk\/wp-json\/wp\/v2\/pages\/157987\/revisions"}],"wp:featuredmedia":[{"embeddable":true,"href":"https:\/\/iwell-guard.com\/sk\/wp-json\/wp\/v2\/media\/2867"}],"wp:attachment":[{"href":"https:\/\/iwell-guard.com\/sk\/wp-json\/wp\/v2\/media?parent=157987"}],"wp:term":[{"taxonomy":"category","embeddable":true,"href":"https:\/\/iwell-guard.com\/sk\/wp-json\/wp\/v2\/categories?post=157987"}],"curies":[{"name":"wp","href":"https:\/\/api.w.org\/{rel}","templated":true}]}}