{"id":157984,"date":"2026-09-04T22:20:21","date_gmt":"2026-09-04T22:20:21","guid":{"rendered":"https:\/\/iwell-guard.com\/?page_id=157984"},"modified":"2026-09-04T22:47:44","modified_gmt":"2026-09-04T22:47:44","slug":"bunjil-orli-stvoritel-kulinov","status":"publish","type":"page","link":"https:\/\/iwell-guard.com\/sk\/bunjil-orli-stvoritel-kulinov\/","title":{"rendered":"Bunjil \u2013 orl\u00ed Stvorite\u013e Kulinov"},"content":{"rendered":"\t\t<div data-elementor-type=\"wp-page\" data-elementor-id=\"157984\" class=\"elementor elementor-157984 elementor-2647 elementor-bc-flex-widget\" data-elementor-post-type=\"page\">\n\t\t\t\t<div class=\"elementor-element elementor-element-iwgw-bunjil-hero e-flex e-con-boxed e-con e-parent\" data-id=\"iwgw-bunjil-hero\" data-element_type=\"container\" data-e-type=\"container\" data-settings=\"{&quot;background_background&quot;:&quot;classic&quot;}\">\n\t\t\t\t\t<div class=\"e-con-inner\">\n\t\t<div class=\"elementor-element elementor-element-iwgw-bunjil-hl e-flex e-con-boxed e-con e-child\" data-id=\"iwgw-bunjil-hl\" data-element_type=\"container\" data-e-type=\"container\">\n\t\t\t\t\t<div class=\"e-con-inner\">\n\t\t<div class=\"elementor-element elementor-element-iwgw-bunjil-htxt e-con-full e-flex e-con e-child\" data-id=\"iwgw-bunjil-htxt\" data-element_type=\"container\" data-e-type=\"container\">\n\t\t\t\t<div class=\"elementor-element elementor-element-iwgw-bunjil-h1 elementor-widget elementor-widget-heading\" data-id=\"iwgw-bunjil-h1\" data-element_type=\"widget\" data-e-type=\"widget\" data-widget_type=\"heading.default\">\n\t\t\t\t\t<h1 class=\"elementor-heading-title elementor-size-default\">Bunjil, klinochvost\u00fd orol ako Stvorite\u013e kme\u0148ov Kulin vo Victorii<\/h1>\t\t\t\t<\/div>\n\t\t\t\t<div class=\"elementor-element elementor-element-iwgw-bunjil-lead elementor-widget elementor-widget-text-editor\" data-id=\"iwgw-bunjil-lead\" data-element_type=\"widget\" data-e-type=\"widget\" data-widget_type=\"text-editor.default\">\n\t\t\t\t\t\t\t\t\t<p>Bunjil je orl\u00ed Stvorite\u013e kme\u0148ovej konfeder\u00e1cie Kulin vo Victorii, v juhov\u00fdchodnej Austr\u00e1lii. Objavuje sa v podobe klinochvost\u00e9ho orla (<em>Aquila audax<\/em>) a je pova\u017eovan\u00fd za \u201ePraotca\u201c skupiny pr\u00edbuzn\u00fdch aboriginsk\u00fdch jazykov, medzi ktor\u00e9 patria Wurundjeri, Boon Wurrung, Taungurong a Wathaurong.<\/p>\t\t\t\t\t\t\t\t<\/div>\n\t\t\t\t<\/div>\n\t\t<div class=\"elementor-element elementor-element-iwgw-bunjil-pillc e-con-full e-flex e-con e-child\" data-id=\"iwgw-bunjil-pillc\" data-element_type=\"container\" data-e-type=\"container\">\n\t\t\t\t<div class=\"elementor-element elementor-element-iwgw-bunjil-pills elementor-widget elementor-widget-html\" data-id=\"iwgw-bunjil-pills\" data-element_type=\"widget\" data-e-type=\"widget\" data-widget_type=\"html.default\">\n\t\t\t\t\t<div class=\"iwg-pill-row\"><span class=\"iwg-klasse-badge\" tabindex=\"0\" data-tooltip=\"Stvorite\u013e trad\u00edcie Aboriginov.\">Stvorite\u013e<\/span><a href=\"https:\/\/iwell-guard.com\/sk\/aboriginalska-australia-dreamtime-tjukurpa\/\" class=\"iwg-kultur-badge\" tabindex=\"0\" data-tooltip=\"Mytol\u00f3gia trad\u00edcie Aboriginov.\">Aboriginovia<\/a><span class=\"iwg-tradition-badge\" tabindex=\"0\" data-tooltip=\"Najvy\u0161\u0161ie bo\u017estvo.\">Najvy\u0161\u0161ie bo\u017estvo<\/span><\/div>\t\t\t\t<\/div>\n\t\t\t\t<\/div>\n\t\t<div class=\"elementor-element elementor-element-iwgw-bunjil-tocc e-con-full e-flex e-con e-child\" data-id=\"iwgw-bunjil-tocc\" data-element_type=\"container\" data-e-type=\"container\">\n\t\t\t\t<div class=\"elementor-element elementor-element-iwgw-bunjil-toc elementor-toc--minimized-on-tablet elementor-widget elementor-widget-table-of-contents\" data-id=\"iwgw-bunjil-toc\" data-element_type=\"widget\" data-e-type=\"widget\" data-settings=\"{&quot;headings_by_tags&quot;:[&quot;h2&quot;,&quot;h3&quot;],&quot;minimize_box&quot;:&quot;yes&quot;,&quot;marker_view&quot;:&quot;bullets&quot;,&quot;no_headings_message&quot;:&quot;Na tejto str\\u00e1nke sa nena\\u0161li \\u017eiadne nadpisy.&quot;,&quot;exclude_headings_by_selector&quot;:[],&quot;icon&quot;:{&quot;value&quot;:&quot;fas fa-circle&quot;,&quot;library&quot;:&quot;fa-solid&quot;,&quot;rendered_tag&quot;:&quot;&lt;svg class=\\&quot;e-font-icon-svg e-fas-circle\\&quot; viewBox=\\&quot;0 0 512 512\\&quot; xmlns=\\&quot;http:\\\/\\\/www.w3.org\\\/2000\\\/svg\\&quot;&gt;&lt;path d=\\&quot;M256 8C119 8 8 119 8 256s111 248 248 248 248-111 248-248S393 8 256 8z\\&quot;&gt;&lt;\\\/path&gt;&lt;\\\/svg&gt;&quot;},&quot;minimized_on&quot;:&quot;tablet&quot;,&quot;hierarchical_view&quot;:&quot;yes&quot;,&quot;min_height&quot;:{&quot;unit&quot;:&quot;px&quot;,&quot;size&quot;:&quot;&quot;,&quot;sizes&quot;:[]},&quot;min_height_tablet&quot;:{&quot;unit&quot;:&quot;px&quot;,&quot;size&quot;:&quot;&quot;,&quot;sizes&quot;:[]},&quot;min_height_mobile&quot;:{&quot;unit&quot;:&quot;px&quot;,&quot;size&quot;:&quot;&quot;,&quot;sizes&quot;:[]}}\" data-widget_type=\"table-of-contents.default\">\n\t\t\t\t\t\t\t\t\t<div class=\"elementor-toc__header\">\n\t\t\t\t\t\t<h2 class=\"elementor-toc__header-title\">\n\t\t\t\tObsah\t\t\t<\/h2>\n\t\t\t\t\t\t\t\t\t\t<div class=\"elementor-toc__toggle-button elementor-toc__toggle-button--expand\" role=\"button\" tabindex=\"0\" aria-controls=\"elementor-toc__iwgw-bunjil-toc\" aria-expanded=\"true\" aria-label=\"Open table of contents\"><svg aria-hidden=\"true\" class=\"e-font-icon-svg e-fas-chevron-down\" viewBox=\"0 0 448 512\" xmlns=\"http:\/\/www.w3.org\/2000\/svg\"><path d=\"M207.029 381.476L12.686 187.132c-9.373-9.373-9.373-24.569 0-33.941l22.667-22.667c9.357-9.357 24.522-9.375 33.901-.04L224 284.505l154.745-154.021c9.379-9.335 24.544-9.317 33.901.04l22.667 22.667c9.373 9.373 9.373 24.569 0 33.941L240.971 381.476c-9.373 9.372-24.569 9.372-33.942 0z\"><\/path><\/svg><\/div>\n\t\t\t\t<div class=\"elementor-toc__toggle-button elementor-toc__toggle-button--collapse\" role=\"button\" tabindex=\"0\" aria-controls=\"elementor-toc__iwgw-bunjil-toc\" aria-expanded=\"true\" aria-label=\"Close table of contents\"><svg aria-hidden=\"true\" class=\"e-font-icon-svg e-fas-chevron-up\" viewBox=\"0 0 448 512\" xmlns=\"http:\/\/www.w3.org\/2000\/svg\"><path d=\"M240.971 130.524l194.343 194.343c9.373 9.373 9.373 24.569 0 33.941l-22.667 22.667c-9.357 9.357-24.522 9.375-33.901.04L224 227.495 69.255 381.516c-9.379 9.335-24.544 9.317-33.901-.04l-22.667-22.667c-9.373-9.373-9.373-24.569 0-33.941L207.03 130.525c9.372-9.373 24.568-9.373 33.941-.001z\"><\/path><\/svg><\/div>\n\t\t\t\t\t<\/div>\n\t\t\t\t<div id=\"elementor-toc__iwgw-bunjil-toc\" class=\"elementor-toc__body\">\n\t\t\t<div class=\"elementor-toc__spinner-container\">\n\t\t\t\t<svg class=\"elementor-toc__spinner eicon-animation-spin e-font-icon-svg e-eicon-loading\" aria-hidden=\"true\" viewBox=\"0 0 1000 1000\" xmlns=\"http:\/\/www.w3.org\/2000\/svg\"><path d=\"M500 975V858C696 858 858 696 858 500S696 142 500 142 142 304 142 500H25C25 237 238 25 500 25S975 237 975 500 763 975 500 975Z\"><\/path><\/svg>\t\t\t<\/div>\n\t\t<\/div>\n\t\t\t\t\t\t<\/div>\n\t\t\t\t<\/div>\n\t\t\t\t\t<\/div>\n\t\t\t\t<\/div>\n\t\t<div class=\"elementor-element elementor-element-iwgw-bunjil-hr e-con-full e-flex e-con e-child\" data-id=\"iwgw-bunjil-hr\" data-element_type=\"container\" data-e-type=\"container\">\n\t\t\t\t<div class=\"elementor-element elementor-element-iwgw-bunjil-heroimg iwg-hero-image elementor-widget elementor-widget-image\" data-id=\"iwgw-bunjil-heroimg\" data-element_type=\"widget\" data-e-type=\"widget\" data-widget_type=\"image.default\">\n\t\t\t\t\t\t\t\t\t\t\t\t\t\t\t<img fetchpriority=\"high\" decoding=\"async\" width=\"683\" height=\"1024\" src=\"https:\/\/iwell-guard.com\/wp-content\/uploads\/2026\/05\/goetter_aboriginal_bunjil-683x1024.webp\" class=\"attachment-large size-large wp-image-159780\" alt=\"Bunjil \u2013 bohovia z aborid\u017e\u00ednskej trad\u00edcie, historicko-ilustra\u010dn\u00e9 zobrazenie\" srcset=\"https:\/\/iwell-guard.com\/wp-content\/uploads\/2026\/05\/goetter_aboriginal_bunjil-683x1024.webp 683w, https:\/\/iwell-guard.com\/wp-content\/uploads\/2026\/05\/goetter_aboriginal_bunjil-200x300.webp 200w, https:\/\/iwell-guard.com\/wp-content\/uploads\/2026\/05\/goetter_aboriginal_bunjil-768x1152.webp 768w, https:\/\/iwell-guard.com\/wp-content\/uploads\/2026\/05\/goetter_aboriginal_bunjil.webp 1024w\" sizes=\"(max-width: 683px) 100vw, 683px\" \/>\t\t\t\t\t\t\t\t\t\t\t\t\t\t\t<\/div>\n\t\t\t\t<\/div>\n\t\t\t\t\t<\/div>\n\t\t\t\t<\/div>\n\t\t<div class=\"elementor-element elementor-element-iwgw-bunjil-s0 e-flex e-con-boxed e-con e-parent\" data-id=\"iwgw-bunjil-s0\" data-element_type=\"container\" data-e-type=\"container\">\n\t\t\t\t\t<div class=\"e-con-inner\">\n\t\t\t\t<div class=\"elementor-element elementor-element-iwgw-bunjil-s0h elementor-widget elementor-widget-heading\" data-id=\"iwgw-bunjil-s0h\" data-element_type=\"widget\" data-e-type=\"widget\" data-widget_type=\"heading.default\">\n\t\t\t\t\t<h2 class=\"elementor-heading-title elementor-size-default\">Zaradenie a stru\u010dn\u00fd profil<\/h2>\t\t\t\t<\/div>\n\t\t<div class=\"elementor-element elementor-element-iwgw-bunjil-s0c e-con-full e-flex e-con e-child\" data-id=\"iwgw-bunjil-s0c\" data-element_type=\"container\" data-e-type=\"container\">\n\t\t\t\t<div class=\"elementor-element elementor-element-iwgw-bunjil-s0t elementor-widget elementor-widget-text-editor\" data-id=\"iwgw-bunjil-s0t\" data-element_type=\"widget\" data-e-type=\"widget\" data-widget_type=\"text-editor.default\">\n\t\t\t\t\t\t\t\t\t<p>Bunjil je najv\u00fdznamnej\u0161ia n\u00e1bo\u017eensk\u00e1 postava kme\u0148ovej konfeder\u00e1cie Kulin vo Victorii. Kulin zah\u0155\u0148aj\u00fa viacero pr\u00edbuzn\u00fdch jazykov\u00fdch skup\u00edn, Wurundjeri (v \u00fadol\u00ed Yarra), Boon Wurrung (na Port Phillip Bay), Taungurong (v \u00fadol\u00ed Goulburn), Wathaurong (v oblasti Geelongu) a Djadja Wurrung, ktor\u00e9 v\u0161etky uctievaj\u00fa Bunjila ako najvy\u0161\u0161ie bo\u017estvo.<\/p><p>Bunjil je identifikovan\u00fd s klinochvost\u00fdm orlom (po anglicky wedge-tailed eagle), najv\u00e4\u010d\u0161\u00edm dravcom Austr\u00e1lie. Touto identifik\u00e1ciou so zviera\u0165om sa odli\u0161uje od <a href=\"https:\/\/iwell-guard.com\/sk\/?page_id=157983\">Baiame<\/a>, ktor\u00fd je po\u0148at\u00fd sk\u00f4r antropomorfne. Z h\u013eadiska fenomenol\u00f3gie n\u00e1bo\u017eenstva v\u0161ak aj tak patr\u00ed k typu \u201ePraotca\u201c, ktor\u00fd systematicky pop\u00edsal Alfred Howitt v roku 1884.<\/p><p>V r\u00e1mci <a href=\"https:\/\/iwell-guard.com\/sk\/aboriginalska-australia-dreamtime-tjukurpa\/\">aboriginskej trad\u00edcie<\/a> je Bunjil zvl\u00e1\u0161\u0165 zauj\u00edmav\u00fd svoj\u00edm spojen\u00edm s du\u00e1lnym syst\u00e9mom: Kulin sa delia na dve moiety (\u201epolovice\u201c), Bunjil-Eaglehawk a Waa-Crow. Toto dualistick\u00e9 delenie \u0161trukt\u00faruje cel\u00fd man\u017eelsk\u00fd a soci\u00e1lny poriadok.<\/p>\t\t\t\t\t\t\t\t<\/div>\n\t\t\t\t<\/div>\n\t\t\t\t\t<\/div>\n\t\t\t\t<\/div>\n\t\t<div class=\"elementor-element elementor-element-iwgw-bunjil-s1 e-flex e-con-boxed e-con e-parent\" data-id=\"iwgw-bunjil-s1\" data-element_type=\"container\" data-e-type=\"container\">\n\t\t\t\t\t<div class=\"e-con-inner\">\n\t\t\t\t<div class=\"elementor-element elementor-element-iwgw-bunjil-s1h elementor-widget elementor-widget-heading\" data-id=\"iwgw-bunjil-s1h\" data-element_type=\"widget\" data-e-type=\"widget\" data-widget_type=\"heading.default\">\n\t\t\t\t\t<h2 class=\"elementor-heading-title elementor-size-default\">Meno a etymol\u00f3gia<\/h2>\t\t\t\t<\/div>\n\t\t<div class=\"elementor-element elementor-element-iwgw-bunjil-s1c e-con-full e-flex e-con e-child\" data-id=\"iwgw-bunjil-s1c\" data-element_type=\"container\" data-e-type=\"container\">\n\t\t\t\t<div class=\"elementor-element elementor-element-iwgw-bunjil-s1t elementor-widget elementor-widget-text-editor\" data-id=\"iwgw-bunjil-s1t\" data-element_type=\"widget\" data-e-type=\"widget\" data-widget_type=\"text-editor.default\">\n\t\t\t\t\t\t\t\t\t<p>Meno <em>Bunjil<\/em> (aj <em>Bundjil<\/em>, <em>Punjel<\/em>) je vo Wurundjeri a v ostatn\u00fdch kulinsk\u00fdch jazykoch etablovan\u00e9 ako vlastn\u00e9 meno. Etymol\u00f3gia toto slovo pravdepodobne sp\u00e1ja s kore\u0148om <em>bunj-<\/em>, \u201estar\u0161\u00ed mu\u017e, mudrc\u201c, ktor\u00fd je zdokumentovan\u00fd v mnoh\u00fdch jazykoch juhov\u00fdchodnej Austr\u00e1lie.<\/p><p>Robert Brough Smyth v diele <em>The Aborigines of Victoria<\/em> (1878) pou\u017e\u00edval z\u00e1pis <em>Pun-jel<\/em>. Tento z\u00e1pis sa nepresadil; dnes je \u0161tandardom <em>Bunjil<\/em>.<\/p><p>Spojenie s orlom (<em>wedge-tailed eagle<\/em>, lok\u00e1lne <em>willarwill<\/em> alebo <em>maliyan<\/em>) nie je len pomenovacie, ale aj ikonografick\u00e9. V skaln\u00fdch ma\u013eb\u00e1ch v Bunjilovej jaskyni pri Stawelli (krajina Wurundjeri) sa zachovala ve\u013ek\u00e1 postava orla-\u010dloveka, ktor\u00e1 je identifikovan\u00e1 ako Bunjil.<\/p>\t\t\t\t\t\t\t\t<\/div>\n\t\t\t\t<\/div>\n\t\t\t\t\t<\/div>\n\t\t\t\t<\/div>\n\t\t<div class=\"elementor-element elementor-element-iwgw-bunjil-s2 e-flex e-con-boxed e-con e-parent\" data-id=\"iwgw-bunjil-s2\" data-element_type=\"container\" data-e-type=\"container\">\n\t\t\t\t\t<div class=\"e-con-inner\">\n\t\t\t\t<div class=\"elementor-element elementor-element-iwgw-bunjil-s2h elementor-widget elementor-widget-heading\" data-id=\"iwgw-bunjil-s2h\" data-element_type=\"widget\" data-e-type=\"widget\" data-widget_type=\"heading.default\">\n\t\t\t\t\t<h2 class=\"elementor-heading-title elementor-size-default\">Popis a ikonografia<\/h2>\t\t\t\t<\/div>\n\t\t<div class=\"elementor-element elementor-element-iwgw-bunjil-s2c e-con-full e-flex e-con e-child\" data-id=\"iwgw-bunjil-s2c\" data-element_type=\"container\" data-e-type=\"container\">\n\t\t\t\t<div class=\"elementor-element elementor-element-iwgw-bunjil-s2t elementor-widget elementor-widget-text-editor\" data-id=\"iwgw-bunjil-s2t\" data-element_type=\"widget\" data-e-type=\"widget\" data-widget_type=\"text-editor.default\">\n\t\t\t\t\t\t\t\t\t<p>Bunjil je popisovan\u00fd ako ve\u013ek\u00fd, mudrcovsk\u00fd mu\u017e s dvoma \u017eenami a dvoma synmi, ktor\u00fd z\u00e1rove\u0148 m\u00f4\u017ee nadobudn\u00fa\u0165 podobu mocn\u00e9ho orla. Touto dvojitou povahou sa odli\u0161uje od \u010disto antropomorfn\u00fdch najvy\u0161\u0161\u00edch bo\u017estiev in\u00fdch aboriginsk\u00fdch skup\u00edn.<\/p><p>Najzn\u00e1mej\u0161\u00edm zobrazen\u00edm Bunjila je skaln\u00e1 ma\u013eba v Bunjilovej jaskyni (Bunjil Shelter) pri Stawelli v z\u00e1padnej Victorii. Zobrazuje pribli\u017ene 1,2 metra vysok\u00fa postavu s rozpa\u017een\u00fdmi rukami, ozdobou pripom\u00ednaj\u00facou perie a dvoma sprievodn\u00fdmi psovit\u00fdmi bytos\u0165ami (pravdepodobne jeho dvoma synmi v zvieracej podobe). T\u00e1to lokalita je od 80. rokov 20. storo\u010dia pod aboriginskou ochranou.<\/p><p>V s\u00fa\u010dasnom aboriginskom umen\u00ed Victorie je Bunjil \u010dasto reprezentovan\u00fd orl\u00edmi symbolmi. Viacer\u00ed umelci z kme\u0148a Wurundjeri vytvorili modern\u00e9 zobrazenia Bunjila; zn\u00e1ma socha soch\u00e1ra Bruca Armstronga stoj\u00ed dnes v Melbourne (Docklands).<\/p>\t\t\t\t\t\t\t\t<\/div>\n\t\t\t\t<\/div>\n\t\t\t\t\t<\/div>\n\t\t\t\t<\/div>\n\t\t<div class=\"elementor-element elementor-element-iwgw-bunjil-s3 e-flex e-con-boxed e-con e-parent\" data-id=\"iwgw-bunjil-s3\" data-element_type=\"container\" data-e-type=\"container\">\n\t\t\t\t\t<div class=\"e-con-inner\">\n\t\t\t\t<div class=\"elementor-element elementor-element-iwgw-bunjil-s3h elementor-widget elementor-widget-heading\" data-id=\"iwgw-bunjil-s3h\" data-element_type=\"widget\" data-e-type=\"widget\" data-widget_type=\"heading.default\">\n\t\t\t\t\t<h2 class=\"elementor-heading-title elementor-size-default\">Mytologick\u00e9 rozpr\u00e1vania<\/h2>\t\t\t\t<\/div>\n\t\t<div class=\"elementor-element elementor-element-iwgw-bunjil-s3c e-con-full e-flex e-con e-child\" data-id=\"iwgw-bunjil-s3c\" data-element_type=\"container\" data-e-type=\"container\">\n\t\t\t\t<div class=\"elementor-element elementor-element-iwgw-bunjil-s3t elementor-widget elementor-widget-text-editor\" data-id=\"iwgw-bunjil-s3t\" data-element_type=\"widget\" data-e-type=\"widget\" data-widget_type=\"text-editor.default\">\n\t\t\t\t\t\t\t\t\t<p>Centr\u00e1lne vyrozpr\u00e1vanie o Bunjilovi popisuje stvorenie sveta Kulinov: Bunjil a jeho brat Waa-Crow zost\u00fapili v \u010dase Dreaming na Zem. Bunjil vytvaroval krajinu a zvierat\u00e1; z dvoch kusov dreva stvoril prv\u00fdch dvoch mu\u017eov; z hliny z rie\u010dneho koryta prv\u00e9 dve \u017eeny.<\/p><p>Potom dal \u013eu\u010fom kme\u0148ov\u00e9 z\u00e1kony a vyst\u00fapil nasp\u00e4\u0165 na nebo, kde je dnes vidite\u013en\u00fd ako hviezda Altair (v kulinskej trad\u00edcii).<\/p><p>Druh\u00e9 vyrozpr\u00e1vanie popisuje spor medzi Bunjilom a Waa-Crowom o ot\u00e1zku, kto m\u00e1 v ktorej moiety rozdeli\u0165 \u013eud\u00ed. Toto rozpr\u00e1vanie legitimizuje du\u00e1lnu \u0161trukt\u00faru moiet v spolo\u010dnosti Kulinov, ktor\u00e1 predpisuje sob\u00e1\u0161e medzi polovicami Bunjila a Waa.<\/p><p>A. W. Howitt zdokumentoval v diele <em>The Native Tribes of South-East Australia<\/em> (1904) viacer\u00e9 rozpr\u00e1vania o Bunjilovi z r\u00f4znych jazykov\u00fdch skup\u00edn Kulinov. T\u00e1to zbierka zost\u00e1va z\u00e1sadn\u00fdm prim\u00e1rnym prame\u0148om, hoci jej poh\u013ead zvonka sa dnes kriticky reflektuje.<\/p>\t\t\t\t\t\t\t\t<\/div>\n\t\t\t\t<\/div>\n\t\t\t\t\t<\/div>\n\t\t\t\t<\/div>\n\t\t<div class=\"elementor-element elementor-element-iwgw-bunjil-s4 e-flex e-con-boxed e-con e-parent\" data-id=\"iwgw-bunjil-s4\" data-element_type=\"container\" data-e-type=\"container\">\n\t\t\t\t\t<div class=\"e-con-inner\">\n\t\t\t\t<div class=\"elementor-element elementor-element-iwgw-bunjil-s4h elementor-widget elementor-widget-heading\" data-id=\"iwgw-bunjil-s4h\" data-element_type=\"widget\" data-e-type=\"widget\" data-widget_type=\"heading.default\">\n\t\t\t\t\t<h2 class=\"elementor-heading-title elementor-size-default\">Kult a uctievanie<\/h2>\t\t\t\t<\/div>\n\t\t<div class=\"elementor-element elementor-element-iwgw-bunjil-s4c e-con-full e-flex e-con e-child\" data-id=\"iwgw-bunjil-s4c\" data-element_type=\"container\" data-e-type=\"container\">\n\t\t\t\t<div class=\"elementor-element elementor-element-iwgw-bunjil-s4t elementor-widget elementor-widget-text-editor\" data-id=\"iwgw-bunjil-s4t\" data-element_type=\"widget\" data-e-type=\"widget\" data-widget_type=\"text-editor.default\">\n\t\t\t\t\t\t\t\t\t<p><span class=\"iwg-fachbegriff\" data-tooltip=\"S\u00fahrn n\u00e1bo\u017eensk\u00fdch uctievac\u00edch \u00fakonov venovan\u00fdch bo\u017estvu alebo sv\u00e4tej postave.\" tabindex=\"0\">Kult<\/span> Bunjila bol v historickom \u00fazem\u00ed Kulinov \u00fazko spojen\u00fd s <span class=\"iwg-fachbegriff\" data-tooltip=\"Ritu\u00e1lny prechod, ktor\u00fdm je niekto prijat\u00fd do nov\u00e9ho stavu alebo spolo\u010denstva.\" tabindex=\"0\">inici\u00e1ciou<\/span> mlad\u00fdch mu\u017eov. Howitt popisuje viacero inicia\u010dn\u00fdch sekvenci\u00ed, po\u010das ktor\u00fdch sa u\u010dili Bunjilove piesne, ukazovali Bunjilove hu\u010diace dosky a odovzd\u00e1val sa kozmologick\u00fd poriadok. <span class=\"iwg-fachbegriff\" data-tooltip=\"Ritu\u00e1lny prechod, ktor\u00fdm je niekto prijat\u00fd do nov\u00e9ho stavu alebo spolo\u010denstva.\" tabindex=\"0\">Inici\u00e1cia<\/span> prebiehala postupne a trvala nieko\u013eko rokov.<\/p><p>S eur\u00f3pskou koloniz\u00e1ciou Victorie od roku 1834 bolo n\u00e1bo\u017eenstvo Kulinov v\u00fdrazne po\u0161koden\u00e9. Do roku 1880 bola tradi\u010dn\u00e1 Bunjilova prax do ve\u013ekej miery preru\u0161en\u00e1. Komunita Wurundjeri v Coranderrku (zalo\u017een\u00e1 v roku 1863) zachovala niektor\u00e9 prvky v obmedzenej forme; dielo Diane Barwickovej <em>Rebellion at Coranderrk<\/em> (1998) dokumentuje t\u00fato hist\u00f3riu.<\/p><p>Od 80. rokov 20. storo\u010dia za\u017e\u00edva Bunjilova trad\u00edcia obnovu. Rada star\u0161\u00edch Wurundjeri pou\u017e\u00edva Bunjila ako centr\u00e1lnu kult\u00farnu identifika\u010dn\u00fa postavu; pri ofici\u00e1lnych cerem\u00f3ni\u00e1ch \u201eWelcome to Country\u201c sa Bunjil pravidelne vz\u00fdva.<\/p>\t\t\t\t\t\t\t\t<\/div>\n\t\t\t\t<\/div>\n\t\t\t\t\t<\/div>\n\t\t\t\t<\/div>\n\t\t<div class=\"elementor-element elementor-element-iwgw-bunjil-s5 e-flex e-con-boxed e-con e-parent\" data-id=\"iwgw-bunjil-s5\" data-element_type=\"container\" data-e-type=\"container\">\n\t\t\t\t\t<div class=\"e-con-inner\">\n\t\t\t\t<div class=\"elementor-element elementor-element-iwgw-bunjil-s5h elementor-widget elementor-widget-heading\" data-id=\"iwgw-bunjil-s5h\" data-element_type=\"widget\" data-e-type=\"widget\" data-widget_type=\"heading.default\">\n\t\t\t\t\t<h2 class=\"elementor-heading-title elementor-size-default\">Ochrann\u00e1 prax a apotropaika<\/h2>\t\t\t\t<\/div>\n\t\t<div class=\"elementor-element elementor-element-iwgw-bunjil-s5c e-con-full e-flex e-con e-child\" data-id=\"iwgw-bunjil-s5c\" data-element_type=\"container\" data-e-type=\"container\">\n\t\t\t\t<div class=\"elementor-element elementor-element-iwgw-bunjil-s5t elementor-widget elementor-widget-text-editor\" data-id=\"iwgw-bunjil-s5t\" data-element_type=\"widget\" data-e-type=\"widget\" data-widget_type=\"text-editor.default\">\n\t\t\t\t\t\t\t\t\t<p>Z religionistick\u00e9ho h\u013eadiska: apotropajick\u00e9 praktiky v r\u00e1mci Bunjilovho komplexu neboli zameran\u00e9 prim\u00e1rne na odvr\u00e1tenie \u0161kody, ale na dodr\u017eiavanie kme\u0148ov\u00e9ho poriadku dan\u00e9ho Bunjilom. Zak\u00e1zan\u00e9 bolo: man\u017eelstvo v r\u00e1mci rovnakej moiety; zabitie klinochvost\u00e9ho orla (samotn\u00e9ho Bunjila); znesv\u00e4tenie sv\u00e4t\u00fdch miest, ako je Bunjilova jasky\u0148a; vyzradenie mu\u017esk\u00fdch tajomstiev.<\/p><p>Poru\u0161enie t\u00fdchto pravidiel platilo v r\u00e1mci trad\u00edcie za sp\u00fa\u0161\u0165a\u010d choroby a spolo\u010densk\u00e9ho ne\u0161\u0165astia. Tabu zabi\u0165 orla bolo obzvl\u00e1\u0161\u0165 striktn\u00e9; m\u0155tvy orol musel by\u0165 pochovan\u00fd ako \u010dlen kme\u0148a.<\/p><p>V s\u00fa\u010dasnej praxi Wurundjeri sa ochrana klinochvost\u00e9ho orla stala pretrv\u00e1vaj\u00facou ekologickou normou. Viacer\u00e9 iniciat\u00edvy Wurundjeri sa venuj\u00fa n\u00e1vratu orla do oblasti \u00fadolia Yarra.<\/p>\t\t\t\t\t\t\t\t<\/div>\n\t\t\t\t<\/div>\n\t\t\t\t\t<\/div>\n\t\t\t\t<\/div>\n\t\t<div class=\"elementor-element elementor-element-iwgw-bunjil-s6 e-flex e-con-boxed e-con e-parent\" data-id=\"iwgw-bunjil-s6\" data-element_type=\"container\" data-e-type=\"container\">\n\t\t\t\t\t<div class=\"e-con-inner\">\n\t\t\t\t<div class=\"elementor-element elementor-element-iwgw-bunjil-s6h elementor-widget elementor-widget-heading\" data-id=\"iwgw-bunjil-s6h\" data-element_type=\"widget\" data-e-type=\"widget\" data-widget_type=\"heading.default\">\n\t\t\t\t\t<h2 class=\"elementor-heading-title elementor-size-default\">Paralely v in\u00fdch kult\u00farach<\/h2>\t\t\t\t<\/div>\n\t\t<div class=\"elementor-element elementor-element-iwgw-bunjil-s6c e-con-full e-flex e-con e-child\" data-id=\"iwgw-bunjil-s6c\" data-element_type=\"container\" data-e-type=\"container\">\n\t\t\t\t<div class=\"elementor-element elementor-element-iwgw-bunjil-s6t elementor-widget elementor-widget-text-editor\" data-id=\"iwgw-bunjil-s6t\" data-element_type=\"widget\" data-e-type=\"widget\" data-widget_type=\"text-editor.default\">\n\t\t\t\t\t\t\t\t\t<p>\u0160truktur\u00e1lne porovnate\u013en\u00e9 s Bunjilom s\u00fa: <a href=\"https:\/\/iwell-guard.com\/sk\/?page_id=157983\">Baiame<\/a> u Wiradjuri\/Kamilaroi (antropomorfn\u00fd), Daramulun u niektor\u00fdch skup\u00edn v NSW, Mungan-Ngana u Kurnai (v\u0161etci typu \u201eAll-Father\u201c pod\u013ea Howitta 1884). Na severoamerick\u00fdch plain\u00e1ch existuje trad\u00edcia orla-stvorite\u013ea u Siouxov (Wakinyan), na Sib\u00edri sa orol ako stvorite\u013esk\u00e9 zviera objavuje vo viacer\u00fdch \u0161amansk\u00fdch trad\u00edci\u00e1ch.<\/p><p>Z h\u013eadiska fenomenol\u00f3gie n\u00e1bo\u017eenstva je Bunjil zauj\u00edmav\u00fdm zmie\u0161an\u00fdm typom: napoly antropomorfn\u00fd, napoly totemistick\u00fd. T\u00e1to dvojit\u00e1 povaha ho odli\u0161uje od \u010disto antropomorfn\u00fdch vy\u0161\u0161\u00edch bo\u017estiev a rob\u00ed z neho v\u010fa\u010dn\u00fd predmet pre religionistick\u00fa klasifik\u00e1ciu.<\/p><p>Tony Swain vo svojej pr\u00e1ci <em>A Place for Strangers<\/em> (1993) predstavil Bunjila ako pr\u00edklad \u0161pecificky juhov\u00fdchodoaustr\u00e1lskej formy n\u00e1bo\u017eenstva, ktor\u00fa nemo\u017eno vtesna\u0165 do eur\u00f3pskych kateg\u00f3ri\u00ed bo\u017estiev.<\/p>\t\t\t\t\t\t\t\t<\/div>\n\t\t\t\t<\/div>\n\t\t\t\t\t<\/div>\n\t\t\t\t<\/div>\n\t\t<div class=\"elementor-element elementor-element-iwgw-bunjil-s7 e-flex e-con-boxed e-con e-parent\" data-id=\"iwgw-bunjil-s7\" data-element_type=\"container\" data-e-type=\"container\">\n\t\t\t\t\t<div class=\"e-con-inner\">\n\t\t\t\t<div class=\"elementor-element elementor-element-iwgw-bunjil-s7h elementor-widget elementor-widget-heading\" data-id=\"iwgw-bunjil-s7h\" data-element_type=\"widget\" data-e-type=\"widget\" data-widget_type=\"heading.default\">\n\t\t\t\t\t<h2 class=\"elementor-heading-title elementor-size-default\">S\u00fa\u010dasn\u00e1 recepcia a v\u00fdskum<\/h2>\t\t\t\t<\/div>\n\t\t<div class=\"elementor-element elementor-element-iwgw-bunjil-s7c e-con-full e-flex e-con e-child\" data-id=\"iwgw-bunjil-s7c\" data-element_type=\"container\" data-e-type=\"container\">\n\t\t\t\t<div class=\"elementor-element elementor-element-iwgw-bunjil-s7t elementor-widget elementor-widget-text-editor\" data-id=\"iwgw-bunjil-s7t\" data-element_type=\"widget\" data-e-type=\"widget\" data-widget_type=\"text-editor.default\">\n\t\t\t\t\t\t\t\t\t<p>Najd\u00f4le\u017eitej\u0161\u00edmi skor\u00fdmi dielami s\u00fa Robert Brough Smyth: <em>The Aborigines of Victoria<\/em> (1878) a A. W. Howitt: <em>The Native Tribes of South-East Australia<\/em> (1904). Obe diela s\u00fa ovplyvnen\u00e9 koloni\u00e1lnou perspekt\u00edvou, no zost\u00e1vaj\u00fa nenahradite\u013en\u00fdmi prim\u00e1rnymi prame\u0148mi.<\/p><p>Kniha Diane Barwickovej <em>Rebellion at Coranderrk<\/em> (1998, posmrtne) je najv\u00fdznamnej\u0161ou historickou \u0161t\u00fadiou o komunite Wurundjeri v 19. storo\u010d\u00ed; ukazuje, ako tradi\u010dn\u00e1 religiozita pre\u017e\u00edvala a transformovala sa po\u010das rezerva\u010dn\u00e9ho obdobia.<\/p><p>V s\u00fa\u010dasnej aborigin\u00e1lnej vede zohr\u00e1vaj\u00fa \u010doraz d\u00f4le\u017eitej\u0161iu \u00falohu dom\u00e1ce hlasy Wurundjeri a Kulinov. Bruce Pascoe, Marcia Langtonov\u00e1 a \u010fal\u0161\u00ed priniesli Bunjila do aktu\u00e1lnej diskusie o aborigin\u00e1lnej identite a p\u00f4dnych pr\u00e1vach.<\/p>\t\t\t\t\t\t\t\t<\/div>\n\t\t\t\t<\/div>\n\t\t\t\t\t<\/div>\n\t\t\t\t<\/div>\n\t\t<div class=\"elementor-element elementor-element-iwgw-bunjil-s8 e-flex e-con-boxed e-con e-parent\" data-id=\"iwgw-bunjil-s8\" data-element_type=\"container\" data-e-type=\"container\">\n\t\t\t\t\t<div class=\"e-con-inner\">\n\t\t\t\t<div class=\"elementor-element elementor-element-iwgw-bunjil-s8h elementor-widget elementor-widget-heading\" data-id=\"iwgw-bunjil-s8h\" data-element_type=\"widget\" data-e-type=\"widget\" data-widget_type=\"heading.default\">\n\t\t\t\t\t<h2 class=\"elementor-heading-title elementor-size-default\">V\u00fdskumn\u00e9 debaty a otvoren\u00e9 ot\u00e1zky<\/h2>\t\t\t\t<\/div>\n\t\t<div class=\"elementor-element elementor-element-iwgw-bunjil-s8c e-con-full e-flex e-con e-child\" data-id=\"iwgw-bunjil-s8c\" data-element_type=\"container\" data-e-type=\"container\">\n\t\t\t\t<div class=\"elementor-element elementor-element-iwgw-bunjil-s8t elementor-widget elementor-widget-text-editor\" data-id=\"iwgw-bunjil-s8t\" data-element_type=\"widget\" data-e-type=\"widget\" data-widget_type=\"text-editor.default\">\n\t\t\t\t\t\t\t\t\t<p>Okolo Bunjila sa vedie viacero v\u00fdskumn\u00fdch diskusi\u00ed. Prv\u00e1: Ak\u00fd je jeho vz\u0165ah k <a href=\"https:\/\/iwell-guard.com\/sk\/?page_id=157983\">Baiamemu<\/a> a Daramulunovi? Howitt ich pova\u017eoval za region\u00e1lne varianty spolo\u010dn\u00e9ho typu \u201eAll-Father\u201c; nov\u0161ie v\u00fdskumy (Swain) sa sk\u00f4r prikl\u00e1\u0148aj\u00fa k tomu, ch\u00e1pa\u0165 ich ako samostatn\u00e9 region\u00e1lne postavy.<\/p><p>Druh\u00e1: Ak\u00fa \u00falohu hr\u00e1va syst\u00e9m moiet (Bunjil\/Waa) v dne\u0161nej identite Wurundjeri? Po preru\u0161en\u00ed tradi\u010dn\u00e9ho man\u017eelsk\u00e9ho poriadku v 19. storo\u010d\u00ed stratilo delenie na moiety svoju p\u00f4vodn\u00fa soci\u00e1lnu funkciu; dnes pre\u017e\u00edva ako kult\u00farna identifika\u010dn\u00e1 postava.<\/p><p>Tretia: Ako sa trad\u00edcia Bunjila menia v s\u00favislosti so s\u00fa\u010dasnou renesanciou aborigin\u00e1lnej kult\u00fary? Ian D. Clark v diele <em>Aboriginal Languages and Clans of Victoria<\/em> (1990) predlo\u017eil systematick\u00e9 zhodnotenie; nov\u0161ie hlasy priamo z komunity Wurundjeri tento obraz \u010falej dopl\u0148uj\u00fa.<\/p>\t\t\t\t\t\t\t\t<\/div>\n\t\t\t\t<\/div>\n\t\t\t\t\t<\/div>\n\t\t\t\t<\/div>\n\t\t<div class=\"elementor-element elementor-element-iwgw-bunjil-s9 e-flex e-con-boxed e-con e-parent\" data-id=\"iwgw-bunjil-s9\" data-element_type=\"container\" data-e-type=\"container\">\n\t\t\t\t\t<div class=\"e-con-inner\">\n\t\t\t\t<div class=\"elementor-element elementor-element-iwgw-bunjil-s9h elementor-widget elementor-widget-heading\" data-id=\"iwgw-bunjil-s9h\" data-element_type=\"widget\" data-e-type=\"widget\" data-widget_type=\"heading.default\">\n\t\t\t\t\t<h2 class=\"elementor-heading-title elementor-size-default\">Bunjil a syst\u00e9m moiet u Kulinov<\/h2>\t\t\t\t<\/div>\n\t\t<div class=\"elementor-element elementor-element-iwgw-bunjil-s9c e-con-full e-flex e-con e-child\" data-id=\"iwgw-bunjil-s9c\" data-element_type=\"container\" data-e-type=\"container\">\n\t\t\t\t<div class=\"elementor-element elementor-element-iwgw-bunjil-s9t elementor-widget elementor-widget-text-editor\" data-id=\"iwgw-bunjil-s9t\" data-element_type=\"widget\" data-e-type=\"widget\" data-widget_type=\"text-editor.default\">\n\t\t\t\t\t\t\t\t\t<p>Hlb\u0161iu pozornos\u0165 si zasl\u00fa\u017ei syst\u00e9m moiet u Kulinov. Spolo\u010dnos\u0165 Kulinov bola rozdelen\u00e1 na dve \u201epolovice\u201c (moiety): Bunjil-Eaglehawk a Waa-Crow. Ka\u017ed\u00fd \u010dlovek patril do jednej z t\u00fdchto dvoch polov\u00edc a man\u017eelstv\u00e1 boli povolen\u00e9 len medzi hranicami moiet. T\u00e1to dualistick\u00e1 \u0161trukt\u00fara usporad\u00favala pr\u00edbuzenstvo a nad r\u00e1mec toho aj ritu\u00e1lne funkcie, p\u00f4dne pr\u00e1va a kozmologick\u00e9 priradenia.<\/p><p>Howitt tento syst\u00e9m systematicky pop\u00edsal v diele <em>The Native Tribes of South-East Australia<\/em> (1904); jeho z\u00e1pisy s\u00fa d\u00f4le\u017eit\u00fdm prame\u0148om pre religionisticko-antropologick\u00e9 \u0161t\u00fadium dualistick\u00fdch soci\u00e1lnych poriadkov.<\/p><p>Z h\u013eadiska fenomenol\u00f3gie n\u00e1bo\u017eenstva je syst\u00e9m moiet jedn\u00fdm z najlep\u0161\u00edch pr\u00edkladov tesn\u00e9ho spojenia medzi <span class=\"iwg-fachbegriff\" data-tooltip=\"S\u00fahrn tradovan\u00fdch pr\u00edbehov o bohoch ur\u010ditej kult\u00fary.\" tabindex=\"0\">mytol\u00f3giou<\/span> (spor s\u00farodencov Bunjil\/Waa) a soci\u00e1lnym poriadkom. N\u00e1bo\u017eenstvo tu nie je oddelenou oblas\u0165ou, ale integr\u00e1lnou s\u00fa\u010das\u0165ou spolo\u010densk\u00e9ho \u017eivota.<\/p>\t\t\t\t\t\t\t\t<\/div>\n\t\t\t\t<\/div>\n\t\t\t\t\t<\/div>\n\t\t\t\t<\/div>\n\t\t<div class=\"elementor-element elementor-element-iwgw-bunjil-s10 e-flex e-con-boxed e-con e-parent\" data-id=\"iwgw-bunjil-s10\" data-element_type=\"container\" data-e-type=\"container\">\n\t\t\t\t\t<div class=\"e-con-inner\">\n\t\t\t\t<div class=\"elementor-element elementor-element-iwgw-bunjil-s10h elementor-widget elementor-widget-heading\" data-id=\"iwgw-bunjil-s10h\" data-element_type=\"widget\" data-e-type=\"widget\" data-widget_type=\"heading.default\">\n\t\t\t\t\t<h2 class=\"elementor-heading-title elementor-size-default\">Bunjil a renesancia Wurundjeri<\/h2>\t\t\t\t<\/div>\n\t\t<div class=\"elementor-element elementor-element-iwgw-bunjil-s10c e-con-full e-flex e-con e-child\" data-id=\"iwgw-bunjil-s10c\" data-element_type=\"container\" data-e-type=\"container\">\n\t\t\t\t<div class=\"elementor-element elementor-element-iwgw-bunjil-s10t elementor-widget elementor-widget-text-editor\" data-id=\"iwgw-bunjil-s10t\" data-element_type=\"widget\" data-e-type=\"widget\" data-widget_type=\"text-editor.default\">\n\t\t\t\t\t\t\t\t\t<p>Od 80. rokov 20. storo\u010dia za\u017e\u00edva komunita Wurundjeri v Melbourne kult\u00farnu renesanciu. Bunjil sa pri tom stal centr\u00e1lnou identifika\u010dnou postavou. Rada star\u0161\u00edch Wurundjeri (Wurundjeri Council of Elders) ho vyu\u017e\u00edva v ofici\u00e1lnych vyhl\u00e1seniach; jasky\u0148a Bunjila pri Stawelli sa stala p\u00fatnick\u00fdm miestom.<\/p><p>Pri ka\u017edoro\u010dn\u00fdch cerem\u00f3ni\u00e1ch \u201eWelcome to Country\u201c v Melbourne sa Bunjil pravidelne vz\u00fdva; samo mesto m\u00e1 od roku 2002 v oblasti Docklands ve\u013ek\u00fa sochu Bunjila (od Bruce Armstronga), ktor\u00e1 sl\u00fa\u017ei ako symbolick\u00fd bod uv\u00edtania n\u00e1v\u0161tevn\u00edkov.<\/p><p>Z h\u013eadiska sociol\u00f3gie n\u00e1bo\u017eenstva je t\u00e1to renesancia pr\u00edkladom s\u00fa\u010dasnej aborigin\u00e1lnej identit\u00e1rnej politiky: n\u00e1bo\u017eensk\u00e9 trad\u00edcie sa st\u00e1vaj\u00fa z\u00e1kladom modernej kult\u00farnej reprezent\u00e1cie a politickej argument\u00e1cie.<\/p>\t\t\t\t\t\t\t\t<\/div>\n\t\t\t\t<\/div>\n\t\t\t\t\t<\/div>\n\t\t\t\t<\/div>\n\t\t<div class=\"elementor-element elementor-element-iwgw-bunjil-s11 e-flex e-con-boxed e-con e-parent\" data-id=\"iwgw-bunjil-s11\" data-element_type=\"container\" data-e-type=\"container\">\n\t\t\t\t\t<div class=\"e-con-inner\">\n\t\t\t\t<div class=\"elementor-element elementor-element-iwgw-bunjil-s11h elementor-widget elementor-widget-heading\" data-id=\"iwgw-bunjil-s11h\" data-element_type=\"widget\" data-e-type=\"widget\" data-widget_type=\"heading.default\">\n\t\t\t\t\t<h2 class=\"elementor-heading-title elementor-size-default\">Metodick\u00e1 reflexia a zdroje<\/h2>\t\t\t\t<\/div>\n\t\t<div class=\"elementor-element elementor-element-iwgw-bunjil-s11c e-con-full e-flex e-con e-child\" data-id=\"iwgw-bunjil-s11c\" data-element_type=\"container\" data-e-type=\"container\">\n\t\t\t\t<div class=\"elementor-element elementor-element-iwgw-bunjil-s11t elementor-widget elementor-widget-text-editor\" data-id=\"iwgw-bunjil-s11t\" data-element_type=\"widget\" data-e-type=\"widget\" data-widget_type=\"text-editor.default\">\n\t\t\t\t\t\t\t\t\t<p>Pri v\u00fdskume Bunjila vznik\u00e1 viacero metodologick\u00fdch probl\u00e9mov. Prv\u00fd: najd\u00f4le\u017eitej\u0161ie prim\u00e1rne prame\u0148e (Brough Smyth, Howitt) poch\u00e1dzaj\u00fa z 19. storo\u010dia a s\u00fa ovplyvnen\u00e9 koloni\u00e1lnou perspekt\u00edvou. S\u00fa\u010dasn\u00fd v\u00fdskum s nimi pracuje kriticky.<\/p><p>Druh\u00fd: ve\u013ek\u00e1 \u010das\u0165 vedomost\u00ed o Bunjilovi bola po\u0161koden\u00e1 zru\u0161en\u00edm Coranderrku v roku 1924 a nasleduj\u00facou rezerva\u010dnou politikou. To, \u010do dnes vieme, je preto nevyhnutne len v\u00fdsekom p\u00f4vodnej h\u013abky trad\u00edcie.<\/p><p>Tret\u00ed: s\u00fa\u010dasn\u00e1 sebareprezent\u00e1cia Wurundjeri je vlastnou \u00farov\u0148ou prame\u0148ov. Bruce Pascoe (<em>Dark Emu<\/em>, 2014) a \u010fal\u0161\u00ed dom\u00e1ci v\u00fdskumn\u00edci prin\u00e1\u0161aj\u00fa nov\u00e9 perspekt\u00edvy.<\/p><p>Kto sa chce podrobnej\u0161ie venova\u0165 t\u00e9me Bunjila, n\u00e1jde na preh\u013eadovej str\u00e1nke <a href=\"https:\/\/iwell-guard.com\/sk\/aboriginalska-australia-dreamtime-tjukurpa\/\">Aborigin\u00e1lna trad\u00edcia<\/a> najd\u00f4le\u017eitej\u0161ie odkazy na pr\u00edbuzn\u00e9 postavy, ako s\u00fa <a href=\"https:\/\/iwell-guard.com\/sk\/?page_id=157983\">Baiame<\/a> a <a href=\"https:\/\/iwell-guard.com\/sk\/?page_id=157985\">Yhi<\/a>.<\/p>\t\t\t\t\t\t\t\t<\/div>\n\t\t\t\t<\/div>\n\t\t\t\t\t<\/div>\n\t\t\t\t<\/div>\n\t\t<div class=\"elementor-element elementor-element-iwgw-bunjil-s12 e-flex e-con-boxed e-con e-parent\" data-id=\"iwgw-bunjil-s12\" data-element_type=\"container\" data-e-type=\"container\">\n\t\t\t\t\t<div class=\"e-con-inner\">\n\t\t\t\t<div class=\"elementor-element elementor-element-iwgw-bunjil-s12h elementor-widget elementor-widget-heading\" data-id=\"iwgw-bunjil-s12h\" data-element_type=\"widget\" data-e-type=\"widget\" data-widget_type=\"heading.default\">\n\t\t\t\t\t<h2 class=\"elementor-heading-title elementor-size-default\">Bunjil a dedi\u010dstvo Coranderrku<\/h2>\t\t\t\t<\/div>\n\t\t<div class=\"elementor-element elementor-element-iwgw-bunjil-s12c e-con-full e-flex e-con e-child\" data-id=\"iwgw-bunjil-s12c\" data-element_type=\"container\" data-e-type=\"container\">\n\t\t\t\t<div class=\"elementor-element elementor-element-iwgw-bunjil-s12t elementor-widget elementor-widget-text-editor\" data-id=\"iwgw-bunjil-s12t\" data-element_type=\"widget\" data-e-type=\"widget\" data-widget_type=\"text-editor.default\">\n\t\t\t\t\t\t\t\t\t<p>Osobitn\u00fa historick\u00fa pozornos\u0165 si zasl\u00fa\u017ei dedi\u010dstvo Coranderrku. Coranderrk bola aborigin\u00e1lna rezerv\u00e1cia vo Victorii (1863, 1924), ktor\u00e1 sa stala najv\u00fdznamnej\u0161ou komunitou Wurundjeri 19. storo\u010dia. Bola modelom relat\u00edvne auton\u00f3mnej aborigin\u00e1lnej samospr\u00e1vy.<\/p><p>Kniha Diane Barwickovej <em>Rebellion at Coranderrk<\/em> (1998, posmrtne) je najv\u00fdznamnej\u0161ou historickou \u0161t\u00fadiou o tejto rezerv\u00e1cii. Ukazuje, ako Wurundjeri v podmienkach Coranderrku udr\u017eali svoje tradi\u010dn\u00e9 n\u00e1bo\u017eenstvo v pozmenenej forme; Bunjil zostal centr\u00e1lnou vz\u0165a\u017enou postavou.<\/p><p>Zatvorenie Coranderrku v roku 1924 bolo traumatick\u00fdm zlomom v dejin\u00e1ch Wurundjeri. A\u017e od 80. rokov 20. storo\u010dia si komunita Wurundjeri op\u00e4\u0165 otvorene n\u00e1rokuje svoju kult\u00farnu kontinuitu; trad\u00edcia Bunjila v tom hr\u00e1va k\u013e\u00fa\u010dov\u00fa \u00falohu.<\/p>\t\t\t\t\t\t\t\t<\/div>\n\t\t\t\t<\/div>\n\t\t\t\t\t<\/div>\n\t\t\t\t<\/div>\n\t\t<div class=\"elementor-element elementor-element-iwgw-bunjil-s13 e-flex e-con-boxed e-con e-parent\" data-id=\"iwgw-bunjil-s13\" data-element_type=\"container\" data-e-type=\"container\">\n\t\t\t\t\t<div class=\"e-con-inner\">\n\t\t\t\t<div class=\"elementor-element elementor-element-iwgw-bunjil-s13h elementor-widget elementor-widget-heading\" data-id=\"iwgw-bunjil-s13h\" data-element_type=\"widget\" data-e-type=\"widget\" data-widget_type=\"heading.default\">\n\t\t\t\t\t<h2 class=\"elementor-heading-title elementor-size-default\">Bunjil a Melbourne ako krajina Wurundjeri<\/h2>\t\t\t\t<\/div>\n\t\t<div class=\"elementor-element elementor-element-iwgw-bunjil-s13c e-con-full e-flex e-con e-child\" data-id=\"iwgw-bunjil-s13c\" data-element_type=\"container\" data-e-type=\"container\">\n\t\t\t\t<div class=\"elementor-element elementor-element-iwgw-bunjil-s13t elementor-widget elementor-widget-text-editor\" data-id=\"iwgw-bunjil-s13t\" data-element_type=\"widget\" data-e-type=\"widget\" data-widget_type=\"text-editor.default\">\n\t\t\t\t\t\t\t\t\t<p>Mesto Melbourne je postaven\u00e9 na \u00fazem\u00ed Wurundjeri (Wurundjeri-Country). T\u00e1to skuto\u010dnos\u0165 sa od 90. rokov 20. storo\u010dia st\u00e1le viac uzn\u00e1va v mestskej identit\u00e1rnej politike; Bunjil sa tu stal symbolick\u00fdm vyjadren\u00edm p\u00f4vodn\u00e9ho dedi\u010dstva.<\/p><p>Bunjilova socha od Bruce Armstronga (2002) v melbournsk\u00fdch Docklands je p\u00f4sobiv\u00fdm pr\u00edkladom: 25 metrov vysok\u00e1 socha orla, ktor\u00e1 sl\u00fa\u017ei ako symbolick\u00e9 \u201epriv\u00edtanie v krajine\u201c pre n\u00e1v\u0161tevn\u00edkov. Je najv\u00e4\u010d\u0161ou aboriginskou sochou v Austr\u00e1lii.<\/p><p>Z h\u013eadiska sociol\u00f3gie n\u00e1bo\u017eenstva je t\u00e1to socha u\u010debnicov\u00fdm pr\u00edkladom s\u00fa\u010dasnej reprezent\u00e1cie Aborigin\u010danov v mestskom priestore. Zvidite\u013e\u0148uje n\u00e1bo\u017eensk\u00fa trad\u00edciu pre \u0161irok\u00fa, v\u00e4\u010d\u0161inou neaboriginsk\u00fa verejnos\u0165.<\/p>\t\t\t\t\t\t\t\t<\/div>\n\t\t\t\t<\/div>\n\t\t\t\t\t<\/div>\n\t\t\t\t<\/div>\n\t\t<div class=\"elementor-element elementor-element-iwgw-bunjil-s14 e-flex e-con-boxed e-con e-parent\" data-id=\"iwgw-bunjil-s14\" data-element_type=\"container\" data-e-type=\"container\">\n\t\t\t\t\t<div class=\"e-con-inner\">\n\t\t\t\t<div class=\"elementor-element elementor-element-iwgw-bunjil-s14h elementor-widget elementor-widget-heading\" data-id=\"iwgw-bunjil-s14h\" data-element_type=\"widget\" data-e-type=\"widget\" data-widget_type=\"heading.default\">\n\t\t\t\t\t<h2 class=\"elementor-heading-title elementor-size-default\">Bunjil a aboriginsk\u00e1 astron\u00f3mia<\/h2>\t\t\t\t<\/div>\n\t\t<div class=\"elementor-element elementor-element-iwgw-bunjil-s14c e-con-full e-flex e-con e-child\" data-id=\"iwgw-bunjil-s14c\" data-element_type=\"container\" data-e-type=\"container\">\n\t\t\t\t<div class=\"elementor-element elementor-element-iwgw-bunjil-s14t elementor-widget elementor-widget-text-editor\" data-id=\"iwgw-bunjil-s14t\" data-element_type=\"widget\" data-e-type=\"widget\" data-widget_type=\"text-editor.default\">\n\t\t\t\t\t\t\t\t\t<p>V kulinskej trad\u00edcii je Bunjil identifikovan\u00fd s hvezd\u00e1rskym \u00fatvarom Altair (Orol v z\u00e1padnom syst\u00e9me). Toto astronomick\u00e9 zakotvenie nie je n\u00e1hodn\u00e9: Altair je toti\u017e najjasnej\u0161ou hviezdou v z\u00e1padnom s\u00fahvezd\u00ed \u201eOrol\u201c, \u010do zodpoved\u00e1 ikonografickej identifik\u00e1cii Bunjila ako klinochvost\u00e9ho orla.<\/p><p>Aboriginsk\u00e1 astron\u00f3mia kulinsk\u00fdch skup\u00edn zah\u0155\u0148a bohat\u00fa trad\u00edciu hvezdn\u00fdch pr\u00edbehov. John Morieson v diele <em>The Night Sky of the Boorong<\/em> (1996) rekon\u0161truoval astronomick\u00fa trad\u00edciu skupiny Wergaia; ukazuje mimoriadnu h\u013abku pozorovania.<\/p><p>Z h\u013eadiska fenomenol\u00f3gie n\u00e1bo\u017eenstva je toto astronomick\u00e9 zakotvenie d\u00f4le\u017eit\u00e9: Bunjil je nad r\u00e1mec svojej mytickej podstaty kozmologickou kon\u0161tantou. \u201ePohybuje sa\u201c s ro\u010dn\u00fdm cyklom, \u010do \u0161trukt\u00farovalo aboriginsk\u00fa kalend\u00e1rnu praxu. T\u00e1to prepletenos\u0165 n\u00e1bo\u017eenstva a astron\u00f3mie je jedn\u00fdm z najbohat\u0161\u00edch odkazov aboriginskej vedy.<\/p>\t\t\t\t\t\t\t\t<\/div>\n\t\t\t\t<\/div>\n\t\t\t\t\t<\/div>\n\t\t\t\t<\/div>\n\t\t<div class=\"elementor-element elementor-element-iwgw-bunjil-s15 e-flex e-con-boxed e-con e-parent\" data-id=\"iwgw-bunjil-s15\" data-element_type=\"container\" data-e-type=\"container\">\n\t\t\t\t\t<div class=\"e-con-inner\">\n\t\t\t\t<div class=\"elementor-element elementor-element-iwgw-bunjil-s15h elementor-widget elementor-widget-heading\" data-id=\"iwgw-bunjil-s15h\" data-element_type=\"widget\" data-e-type=\"widget\" data-widget_type=\"heading.default\">\n\t\t\t\t\t<h2 class=\"elementor-heading-title elementor-size-default\">Bunjil a socha Bruce Armstronga<\/h2>\t\t\t\t<\/div>\n\t\t<div class=\"elementor-element elementor-element-iwgw-bunjil-s15c e-con-full e-flex e-con e-child\" data-id=\"iwgw-bunjil-s15c\" data-element_type=\"container\" data-e-type=\"container\">\n\t\t\t\t<div class=\"elementor-element elementor-element-iwgw-bunjil-s15t elementor-widget elementor-widget-text-editor\" data-id=\"iwgw-bunjil-s15t\" data-element_type=\"widget\" data-e-type=\"widget\" data-widget_type=\"text-editor.default\">\n\t\t\t\t\t\t\t\t\t<p>25-metrov\u00e1 Bunjilova socha Bruce Armstronga (2002) v melbournsk\u00fdch Docklands je jednou z najv\u00e4\u010d\u0161\u00edch aboriginsk\u00fdch s\u00f4ch v Austr\u00e1lii. Symbolizuje s\u00fa\u010dasn\u00fa identitu Wurundjeri a sl\u00fa\u017ei ako \u201epriv\u00edtanie v krajine\u201c pre n\u00e1v\u0161tevn\u00edkov mesta.<\/p><p>Z h\u013eadiska antropol\u00f3gie n\u00e1bo\u017eenstva je t\u00e1to socha zauj\u00edmav\u00e1, preto\u017ee preklad\u00e1 tradi\u010dne ritu\u00e1lnu postavu do mestsk\u00e9ho priestoru. Bunjil je tu identifika\u010dnou postavou malej p\u00f4vodnej komunity a z\u00e1rove\u0148 verejn\u00fdm <span class=\"iwg-fachbegriff\" data-tooltip=\"Znak, ktor\u00fd zastupuje predstavu alebo v\u00fdznam.\" tabindex=\"0\">symbolom<\/span> mesta s takmer piatimi mili\u00f3nmi obyvate\u013eov.<\/p><p>T\u00e1to dvojit\u00e1 funkcia (p\u00f4vodn\u00e9 n\u00e1bo\u017eenstvo a mestsk\u00e1 reprezent\u00e1cia) je z h\u013eadiska sociol\u00f3gie n\u00e1bo\u017eenstva u\u010debnicov\u00fdm pr\u00edkladom. Vyvol\u00e1va ot\u00e1zky: Do akej miery mo\u017eno p\u00f4vodn\u00fa postavu prelo\u017ei\u0165 do verejn\u00e9ho priestoru? Kto o tom rozhoduje? Tieto ot\u00e1zky sa \u017eivo prerok\u00favaj\u00fa v s\u00fa\u010dasnej aboriginskej diskusii.<\/p>\t\t\t\t\t\t\t\t<\/div>\n\t\t\t\t<\/div>\n\t\t\t\t\t<\/div>\n\t\t\t\t<\/div>\n\t\t<div class=\"elementor-element elementor-element-iwgw-bunjil-s16 e-flex e-con-boxed e-con e-parent\" data-id=\"iwgw-bunjil-s16\" data-element_type=\"container\" data-e-type=\"container\">\n\t\t\t\t\t<div class=\"e-con-inner\">\n\t\t\t\t<div class=\"elementor-element elementor-element-iwgw-bunjil-s16h elementor-widget elementor-widget-heading\" data-id=\"iwgw-bunjil-s16h\" data-element_type=\"widget\" data-e-type=\"widget\" data-widget_type=\"heading.default\">\n\t\t\t\t\t<h2 class=\"elementor-heading-title elementor-size-default\">Bunjil a diskusia o zdrav\u00ed Aborigin\u010danov<\/h2>\t\t\t\t<\/div>\n\t\t<div class=\"elementor-element elementor-element-iwgw-bunjil-s16c e-con-full e-flex e-con e-child\" data-id=\"iwgw-bunjil-s16c\" data-element_type=\"container\" data-e-type=\"container\">\n\t\t\t\t<div class=\"elementor-element elementor-element-iwgw-bunjil-s16t elementor-widget elementor-widget-text-editor\" data-id=\"iwgw-bunjil-s16t\" data-element_type=\"widget\" data-e-type=\"widget\" data-widget_type=\"text-editor.default\">\n\t\t\t\t\t\t\t\t\t<p>Hlb\u0161iu pozornos\u0165 si zasl\u00fa\u017ei \u00faloha Bunjila v s\u00fa\u010dasnej diskusii o zdrav\u00ed Aborigin\u010danov. Zdravotn\u00fd stav aboriginsk\u00e9ho obyvate\u013estva Victorie je v\u00fdrazne hor\u0161\u00ed ne\u017e u neaboriginsk\u00e9ho obyvate\u013estva; iniciat\u00edva \u201eClosing the Gap\u201c sa sna\u017e\u00ed tento rozdiel zmen\u0161i\u0165.<\/p><p>V tejto diskusii sa Bunjil \u010doraz viac pou\u017e\u00edva ako referen\u010dn\u00e1 postava pre \u201ekult\u00farne informovan\u00e9\u201c zdravotn\u00e9 slu\u017eby. Aboriginsk\u00e9 zdravotn\u00edcke organiz\u00e1cie, napr\u00edklad VAHS (Victorian Aboriginal Health Service), integruj\u00fa tradi\u010dn\u00fa spiritualitu do modernej lek\u00e1rskej praxe.<\/p><p>Z h\u013eadiska sociol\u00f3gie n\u00e1bo\u017eenstva je t\u00e1to integr\u00e1cia zauj\u00edmav\u00fdm pr\u00edpadom \u0161t\u00fadia. N\u00e1bo\u017eenstvo sa ch\u00e1pe ako doplnok medic\u00edny, nie ako alternat\u00edva k nej; Bunjil vystupuje ako s\u00fa\u010das\u0165 holistickej predstavy o zdrav\u00ed, \u201ekonkurentom\u201c konven\u010dnej medic\u00edny pr\u00e1ve nie je.<\/p>\t\t\t\t\t\t\t\t<\/div>\n\t\t\t\t<\/div>\n\t\t\t\t\t<\/div>\n\t\t\t\t<\/div>\n\t\t<div class=\"elementor-element elementor-element-iwgw-bunjil-s17 e-flex e-con-boxed e-con e-parent\" data-id=\"iwgw-bunjil-s17\" data-element_type=\"container\" data-e-type=\"container\">\n\t\t\t\t\t<div class=\"e-con-inner\">\n\t\t\t\t<div class=\"elementor-element elementor-element-iwgw-bunjil-s17h elementor-widget elementor-widget-heading\" data-id=\"iwgw-bunjil-s17h\" data-element_type=\"widget\" data-e-type=\"widget\" data-widget_type=\"heading.default\">\n\t\t\t\t\t<h2 class=\"elementor-heading-title elementor-size-default\">Bunjil a s\u00fa\u010dasn\u00fd aboriginsk\u00fd diskurz<\/h2>\t\t\t\t<\/div>\n\t\t<div class=\"elementor-element elementor-element-iwgw-bunjil-s17c e-con-full e-flex e-con e-child\" data-id=\"iwgw-bunjil-s17c\" data-element_type=\"container\" data-e-type=\"container\">\n\t\t\t\t<div class=\"elementor-element elementor-element-iwgw-bunjil-s17t elementor-widget elementor-widget-text-editor\" data-id=\"iwgw-bunjil-s17t\" data-element_type=\"widget\" data-e-type=\"widget\" data-widget_type=\"text-editor.default\">\n\t\t\t\t\t\t\t\t\t<p>Z\u00e1vere\u010dn\u00fa pozn\u00e1mku si zasl\u00fa\u017ei Bunjil v s\u00fa\u010dasnom aboriginskom diskurze. Wurundjeri Council of Elders a \u010fal\u0161ie kulinsk\u00e9 organiz\u00e1cie vyu\u017e\u00edvaj\u00fa Bunjila ako centr\u00e1lnu referen\u010dn\u00fa postavu pre kult\u00farne sebauistenie.<\/p><p>Stan Grant, v\u00fdznamn\u00fd aboriginsk\u00fd novin\u00e1r a spisovate\u013e, vo viacer\u00fdch dielach rozpracoval v\u00fdznam Bunjila pre s\u00fa\u010dasn\u00fa p\u00f4vodn\u00fa identitu. T\u00e1to diskurz\u00edvna prax rob\u00ed z Bunjila jednu z naj\u017eiv\u0161\u00edch aboriginsk\u00fdch ve\u013ek\u00fdch post\u00e1v s\u00fa\u010dasnosti.<\/p>\t\t\t\t\t\t\t\t<\/div>\n\t\t\t\t<\/div>\n\t\t\t\t\t<\/div>\n\t\t\t\t<\/div>\n\t\t<div class=\"elementor-element elementor-element-cp2b560de4 e-flex e-con-boxed e-con e-parent\" data-id=\"cp2b560de4\" data-element_type=\"container\" data-e-type=\"container\">\n\t\t\t\t\t<div class=\"e-con-inner\">\n\t\t\t\t<div class=\"elementor-element elementor-element-cp2364caff elementor-widget elementor-widget-heading\" data-id=\"cp2364caff\" data-element_type=\"widget\" data-e-type=\"widget\" data-widget_type=\"heading.default\">\n\t\t\t\t\t<h2 class=\"elementor-heading-title elementor-size-default\">Region\u00e1lna v\u00e4zba na kulinsk\u00e9 jazykov\u00e9 skupiny<\/h2>\t\t\t\t<\/div>\n\t\t<div class=\"elementor-element elementor-element-cp21658029 e-flex e-con-boxed e-con e-child\" data-id=\"cp21658029\" data-element_type=\"container\" data-e-type=\"container\">\n\t\t\t\t\t<div class=\"e-con-inner\">\n\t\t\t\t<div class=\"elementor-element elementor-element-cp20940a10 elementor-widget elementor-widget-text-editor\" data-id=\"cp20940a10\" data-element_type=\"widget\" data-e-type=\"widget\" data-widget_type=\"text-editor.default\">\n\t\t\t\t\t\t\t\t\t<p>Bunjil nie je panaustr\u00e1lska postava, ale patr\u00ed konkr\u00e9tne k jazykov\u00fdm skupin\u00e1m tzv. kulinsk\u00e9ho n\u00e1roda (Kulin Nation) v centr\u00e1lnej a ju\u017enej Victorii. Patria k nim okrem in\u00fdch Wurundjeri, Boonwurrung, Taungurung, Wathaurong a Dja Dja Wurrung.<\/p><p>V t\u00fdchto pr\u00edbuzn\u00fdch jazykoch slovo <em>bunjil<\/em> ozna\u010duje klinochvost\u00e9ho orla a mytologick\u00e1 postava nesie toto meno ako orl\u00ed predok. Pren\u00e1\u0161anie bunjilskej trad\u00edcie na aboriginsk\u00e9 kult\u00fary in\u00fdch \u010dast\u00ed krajiny, napr\u00edklad Arnhemskej Zeme alebo Z\u00e1padnej p\u00fa\u0161te, je vecne neudr\u017eate\u013en\u00e9.<\/p><p>V r\u00e1mci kulinskej spolo\u010dnosti je Bunjil spojen\u00fd s jednou z dvoch polov\u00edc spolo\u010densk\u00e9ho syst\u00e9mu (moiety), soci\u00e1lneho rozdelenia, ktor\u00e9 usporad\u00fava pravidl\u00e1 man\u017eelstva a pr\u00edbuzenstva. Jedna polovica patr\u00ed pod Bunjila, orla, druh\u00e1 pod Waa, vran\u00edho predka.<\/p><p>Toto p\u00e1rovanie treba ch\u00e1pa\u0165 ako doplnkov\u00fd poriadok, ktor\u00fd predpisuje man\u017eelstv\u00e1 medzi polovicami, nie ako protiklad dobra a zla. Skor\u00ed pozorovatelia, ako jazykovedec a osadn\u00edk William Thomas a etnograf Alfred William Howitt, dokumentovali tieto \u0161trukt\u00fary v 19. storo\u010d\u00ed, u\u017e v\u0161ak v obdob\u00ed mas\u00edvnej koloni\u00e1lnej de\u0161trukcie kulinskej spolo\u010dnosti.<\/p><p>Situ\u00e1cia s prame\u0148mi si preto vy\u017eaduje opatrnos\u0165. V\u00e4\u010d\u0161ina toho, \u010do sa o Bunjilovi zachovalo, poch\u00e1dza zo z\u00e1piskov osadn\u00edkov, mision\u00e1rov a \u00faradn\u00edkov, ktor\u00ed jazyky ovl\u00e1dali len \u010diasto\u010dne a svojich inform\u00e1torov \u010dasto vypo\u010d\u00favali v podmienkach vys\u00eddlenia a misijnej spr\u00e1vy.<\/p><p>S\u00fa\u010dasn\u00e9 komunity Wurundjeri a \u010fal\u0161ie kulinsk\u00e9 komunity zd\u00f4raz\u0148uj\u00fa, \u017ee Bunjil je \u017eivou s\u00fa\u010das\u0165ou ich identity a nem\u00f4\u017ee by\u0165 redukovan\u00fd na historick\u00fa etnografiu. V\u00fdroky o Bunjilovi by preto mali v\u017edy uv\u00e1dza\u0165 pr\u00edslu\u0161n\u00fa jazykov\u00fa skupinu a jasne ozna\u010di\u0165 koloni\u00e1lne sprostredkovanie ako tak\u00e9.<\/p>\t\t\t\t\t\t\t\t<\/div>\n\t\t\t\t\t<\/div>\n\t\t\t\t<\/div>\n\t\t\t\t\t<\/div>\n\t\t\t\t<\/div>\n\t\t<div class=\"elementor-element elementor-element-cp236600f0 e-flex e-con-boxed e-con e-parent\" data-id=\"cp236600f0\" data-element_type=\"container\" data-e-type=\"container\">\n\t\t\t\t\t<div class=\"e-con-inner\">\n\t\t\t\t<div class=\"elementor-element elementor-element-cp2f1dcd32 elementor-widget elementor-widget-heading\" data-id=\"cp2f1dcd32\" data-element_type=\"widget\" data-e-type=\"widget\" data-widget_type=\"heading.default\">\n\t\t\t\t\t<h2 class=\"elementor-heading-title elementor-size-default\">Skaln\u00fd \u00fatulok Bunjils Shelter pri meste Stawell<\/h2>\t\t\t\t<\/div>\n\t\t<div class=\"elementor-element elementor-element-cp2238c52e e-flex e-con-boxed e-con e-child\" data-id=\"cp2238c52e\" data-element_type=\"container\" data-e-type=\"container\">\n\t\t\t\t\t<div class=\"e-con-inner\">\n\t\t\t\t<div class=\"elementor-element elementor-element-cp20e1712c elementor-widget elementor-widget-text-editor\" data-id=\"cp20e1712c\" data-element_type=\"widget\" data-e-type=\"widget\" data-widget_type=\"text-editor.default\">\n\t\t\t\t\t\t\t\t\t<p>Najzn\u00e1mej\u0161\u00edm miestom spojen\u00fdm s Bunjilom je skaln\u00fd previs v pohor\u00ed Black Range pri Stawelli na z\u00e1pade Victorie, dnes zn\u00e1my ako Bunjil&#8217;s Shelter alebo Bunjil&#8217;s Cave.<\/p><p>Pod previsom sa nach\u00e1dza skaln\u00e1 ma\u013eba zobrazuj\u00faca \u013eudsk\u00fa postavu s roztiahnut\u00fdmi rukami, po bokoch ktorej s\u00fa dve men\u0161ie zvieracie postavy, v\u00e4\u010d\u0161inou interpretovan\u00e9 ako dingovia. Je to jedin\u00e9 zn\u00e1me obrazov\u00e9 zobrazenie Bunjila v skalnom umen\u00ed tejto oblasti.<\/p><p>Datovanie ma\u013eby je nejasn\u00e9. Bola vytvoren\u00e1 \u010derven\u00fdmi a bielymi pigmentmi a nemo\u017eno vyl\u00fa\u010di\u0165 opakovan\u00e9 prekrytie alebo obnovenie farieb. Spo\u013eahliv\u00e9 absol\u00fatne datovanie neexistuje, \u010do je pri ochrov\u00fdch ma\u013eb\u00e1ch tohto druhu be\u017en\u00e9.<\/p><p>Priradenie postavy k Bunjilovi vych\u00e1dza z miestnej <span class=\"iwg-fachbegriff\" data-tooltip=\"Odovzd\u00e1vanie vedomost\u00ed a rozpr\u00e1van\u00ed z gener\u00e1cie na gener\u00e1ciu.\" tabindex=\"0\">trad\u00edcie<\/span> domorod\u00fdch spolo\u010denstiev tejto oblasti, nie z <span class=\"iwg-fachbegriff\" data-tooltip=\"Text vyryt\u00fd alebo vytesan\u00fd do pevn\u00e9ho nosi\u010da.\" tabindex=\"0\">n\u00e1pisu<\/span> alebo jednozna\u010dn\u00e9ho ikonografick\u00e9ho znaku.<\/p><p>Miesto bolo v priebehu 20. storo\u010dia do\u010dasne silne po\u0161koden\u00e9 vandalizmom, po \u010dom boli v 50. rokoch a nesk\u00f4r v 90. rokoch prijat\u00e9 ochrann\u00e9 opatrenia, vr\u00e1tane mre\u017ee a upravenej trasy pr\u00edstupu. Dnes sa lokalita spravuje v spolupr\u00e1ci s tradi\u010dn\u00fdmi vlastn\u00edkmi.<\/p><p>Bunjil&#8217;s Shelter je pr\u00edkladom toho, ako m\u00f4\u017ee by\u0165 jeden n\u00e1lezov\u00fd komplex s\u00fa\u010dasne archeologickou pamiatkou, \u017eiv\u00fdm kultov\u00fdm miestom a predmetom ochrannej politiky.<\/p><p>Pre v\u00fdskum Bunjila zost\u00e1va toto miesto z\u00e1sadn\u00e9, preto\u017ee sp\u00e1ja \u00fastnu <span class=\"iwg-fachbegriff\" data-tooltip=\"Odovzd\u00e1vanie vedomost\u00ed a rozpr\u00e1van\u00ed z gener\u00e1cie na gener\u00e1ciu.\" tabindex=\"0\">trad\u00edciu<\/span> s hmotn\u00fdm svedectvom, aj ke\u010f jeho vek a p\u00f4vodn\u00fd v\u00fdznam sa daj\u00fa rekon\u0161truova\u0165 len obmedzene. Pr\u00edbuzn\u00e9 predstavy o poriadku sa nach\u00e1dzaj\u00fa aj u <a href=\"https:\/\/iwell-guard.com\/sk\/?page_id=157983\">Baiame<\/a> \u010falej na severe.<\/p>\t\t\t\t\t\t\t\t<\/div>\n\t\t\t\t\t<\/div>\n\t\t\t\t<\/div>\n\t\t\t\t\t<\/div>\n\t\t\t\t<\/div>\n\t\t<div class=\"elementor-element elementor-element-iwgw-bunjil-lit e-flex e-con-boxed e-con e-parent\" data-id=\"iwgw-bunjil-lit\" data-element_type=\"container\" data-e-type=\"container\">\n\t\t\t\t\t<div class=\"e-con-inner\">\n\t\t\t\t<div class=\"elementor-element elementor-element-iwgw-bunjil-lith elementor-widget elementor-widget-heading\" data-id=\"iwgw-bunjil-lith\" data-element_type=\"widget\" data-e-type=\"widget\" data-widget_type=\"heading.default\">\n\t\t\t\t\t<h2 class=\"elementor-heading-title elementor-size-default\">Literat\u00fara (v\u00fdber)<\/h2>\t\t\t\t<\/div>\n\t\t<div class=\"elementor-element elementor-element-iwgw-bunjil-litc e-con-full e-flex e-con e-child\" data-id=\"iwgw-bunjil-litc\" data-element_type=\"container\" data-e-type=\"container\">\n\t\t\t\t<div class=\"elementor-element elementor-element-iwgw-bunjil-litt elementor-widget elementor-widget-text-editor\" data-id=\"iwgw-bunjil-litt\" data-element_type=\"widget\" data-e-type=\"widget\" data-widget_type=\"text-editor.default\">\n\t\t\t\t\t\t\t\t\t<ul><li>A. W. Howitt: <em>The Native Tribes of South-East Australia<\/em> (1904)<\/li><li>Robert Brough Smyth: <em>The Aborigines of Victoria<\/em> (1878)<\/li><li>Diane Barwick: <em>Rebellion at Coranderrk<\/em> (1998)<\/li><li>Tony Swain: <em>A Place for Strangers<\/em> (Cambridge 1993)<\/li><li>Lynne Hume: <em>Ancestral Power<\/em> (Melbourne 2002)<\/li><li>Bill Edwards: <em>An Introduction to Aboriginal Societies<\/em> (1998)<\/li><li>Ian D. Clark: <em>Aboriginal Languages and Clans of Victoria<\/em> (1990)<\/li><\/ul>\t\t\t\t\t\t\t\t<\/div>\n\t\t\t\t<\/div>\n\t\t\t\t\t<\/div>\n\t\t\t\t<\/div>\n\t\t<div class=\"elementor-element elementor-element-iwgkw-add-bunjil e-flex e-con-boxed e-con e-parent\" data-id=\"iwgkw-add-bunjil\" data-element_type=\"container\" data-e-type=\"container\">\n\t\t\t\t\t<div class=\"e-con-inner\">\n\t\t\t\t<div class=\"elementor-element elementor-element-iwgkw-add-bunjil-t elementor-widget elementor-widget-text-editor\" data-id=\"iwgkw-add-bunjil-t\" data-element_type=\"widget\" data-e-type=\"widget\" data-widget_type=\"text-editor.default\">\n\t\t\t\t\t\t\t\t\t<p>Bunjil, klinochvost\u00fd orol, je v trad\u00edci\u00e1ch kme\u0148ov Kulin v dne\u0161nej Victorii uzn\u00e1van\u00fd ako tvorca a strojca poriadku. K t\u00fdmto kme\u0148om patria okrem in\u00fdch Wurundjeri, Boonwurrung, Taungurung, Wathaurong a Dja Dja Wurrung, ktor\u00e9 si udr\u017eiavaj\u00fa vlastn\u00e9 varianty rozpr\u00e1van\u00ed o Bunjilovi. Kmene sp\u00e1jaj\u00fa orla s prvkami krajiny, spolo\u010densk\u00fdmi pravidlami a inicia\u010dn\u00fdmi vedomos\u0165ami.<\/p>\t\t\t\t\t\t\t\t<\/div>\n\t\t\t\t\t<\/div>\n\t\t\t\t<\/div>\n\t\t<div class=\"elementor-element elementor-element-iwgkw2-add-bunjil e-flex e-con-boxed e-con e-parent\" data-id=\"iwgkw2-add-bunjil\" data-element_type=\"container\" data-e-type=\"container\">\n\t\t\t\t\t<div class=\"e-con-inner\">\n\t\t\t\t<div class=\"elementor-element elementor-element-iwgkw2-add-bunjil-t elementor-widget elementor-widget-text-editor\" data-id=\"iwgkw2-add-bunjil-t\" data-element_type=\"widget\" data-e-type=\"widget\" data-widget_type=\"text-editor.default\">\n\t\t\t\t\t\t\t\t\t<p>U kme\u0148ov Kulin vo Victorii sa Bunjil objavuje ako klinochvost\u00fd orol (Wedge-Tailed Eagle) a tvorca; pramene Howitta, Smytha a Massolu zaznamen\u00e1vaj\u00fa jeho <span class=\"iwg-fachbegriff\" data-tooltip=\"Tradovan\u00e9 rozpr\u00e1vanie o bohoch, p\u00f4vode a poriadku svet.\" tabindex=\"0\">m\u00fdtus<\/span> o vzostupe do nebies a zalo\u017een\u00ed rodov\u00e9ho poriadku.<\/p>\t\t\t\t\t\t\t\t<\/div>\n\t\t\t\t\t<\/div>\n\t\t\t\t<\/div>\n\t\t<div class=\"elementor-element elementor-element-iwgw-bunjil-kwd e-flex e-con-boxed e-con e-parent\" data-id=\"iwgw-bunjil-kwd\" data-element_type=\"container\" data-e-type=\"container\">\n\t\t\t\t\t<div class=\"e-con-inner\">\n\t\t<div class=\"elementor-element elementor-element-iwgw-bunjil-kwdc e-con-full e-flex e-con e-child\" data-id=\"iwgw-bunjil-kwdc\" data-element_type=\"container\" data-e-type=\"container\">\n\t\t\t\t<div class=\"elementor-element elementor-element-iwgw-bunjil-kwdt elementor-widget elementor-widget-text-editor\" data-id=\"iwgw-bunjil-kwdt\" data-element_type=\"widget\" data-e-type=\"widget\" data-widget_type=\"text-editor.default\">\n\t\t\t\t\t\t\t\t\t<p><em>S\u00favisiace k\u013e\u00fa\u010dov\u00e9 pojmy: Bunjil Kulin Wurundjeri Wedge-Tailed Eagle Waa Crow All-Father.<\/em><\/p>\t\t\t\t\t\t\t\t<\/div>\n\t\t\t\t<\/div>\n\t\t\t\t\t<\/div>\n\t\t\t\t<\/div>\n\t\t<div class=\"elementor-element elementor-element-iwgw-bunjil-cc e-flex e-con-boxed e-con e-parent\" data-id=\"iwgw-bunjil-cc\" data-element_type=\"container\" data-e-type=\"container\" id=\"iwg-cc-bunjil\">\n\t\t\t\t\t<div class=\"e-con-inner\">\n\t\t<div class=\"elementor-element elementor-element-iwgw-bunjil-ccinner e-flex e-con-boxed e-con e-parent\" data-id=\"iwgw-bunjil-ccinner\" data-element_type=\"container\" data-e-type=\"container\" data-settings=\"{&quot;background_background&quot;:&quot;classic&quot;}\">\n\t\t\t\t\t<div class=\"e-con-inner\">\n\t\t\t\t<div class=\"elementor-element elementor-element-iwgw-bunjil-cch elementor-widget elementor-widget-heading\" data-id=\"iwgw-bunjil-cch\" data-element_type=\"widget\" data-e-type=\"widget\" data-widget_type=\"heading.default\">\n\t\t\t\t\t<h2 class=\"elementor-heading-title elementor-size-default\">iWell Guard a ochrann\u00e9 trad\u00edcie<\/h2>\t\t\t\t<\/div>\n\t\t\t\t<div class=\"elementor-element elementor-element-iwgw-bunjil-cct elementor-widget elementor-widget-text-editor\" data-id=\"iwgw-bunjil-cct\" data-element_type=\"widget\" data-e-type=\"widget\" data-widget_type=\"text-editor.default\">\n\t\t\t\t\t\t\t\t\t<div data-nosnippet=\"true\"><p>iWell Guard nadv\u00e4zuje na kult\u00farno-historick\u00fa trad\u00edciu prenosn\u00fdch ochrann\u00fdch predmetov, v trad\u00edcii <a href=\"https:\/\/iwell-guard.com\/sk\/aboriginalska-australia-dreamtime-tjukurpa\/\">Aboriginal<\/a> a mnoh\u00fdch \u010fal\u0161\u00edch kult\u00far po celom svete. 41 vrstiev, skuto\u010dn\u00e9 zlato, platina, striebro, vyroben\u00e9 v Nemecku. 30-d\u0148ov\u00e1 lehota na vr\u00e1tenie.<\/p><\/div>\t\t\t\t\t\t\t\t<\/div>\n\t\t\t\t<div class=\"elementor-element elementor-element-iwgw-bunjil-ccb iwg-cc-button iwg-cc-cta-2026-05-13 elementor-widget elementor-widget-jet-button\" data-id=\"iwgw-bunjil-ccb\" data-element_type=\"widget\" data-e-type=\"widget\" data-widget_type=\"jet-button.default\">\n\t\t\t\t<div class=\"elementor-widget-container\">\n\t\t\t\t\t<div class=\"elementor-jet-button jet-elements\"><div class=\"jet-button__container\"><a class=\"jet-button__instance jet-button__instance--icon-left hover-effect-1\" href=\"\/ueber-iwell-guard\/?utm_source=iwell-guard.com&amp;utm_medium=info-box&amp;utm_campaign=wesen-tradition\"><div class=\"jet-button__plane jet-button__plane-normal\"><\/div><div class=\"jet-button__plane jet-button__plane-hover\"><\/div><div class=\"jet-button__state jet-button__state-normal\"><span class=\"jet-button__label\">Viac o iWell Guard<\/span><\/div><div class=\"jet-button__state jet-button__state-hover\"><span class=\"jet-button__label\">Viac o iWell Guard<\/span><\/div><\/a><\/div><\/div><style>.elementor-element.elementor-element-iwgw-bunjil-ccb .jet-button__instance{width:320px;height:56px;}.elementor-element.elementor-element-iwgw-bunjil-ccb .jet-button__state-normal .jet-button__label{text-align:center;margin:0px 0px 0px 0px;color:#1a1b20;font-family:Montserrat,sans-serif;font-size:13px;font-weight:400;letter-spacing:4px;line-height:1.714em;text-transform:uppercase;}.elementor-element.elementor-element-iwgw-bunjil-ccb .jet-button__state-hover .jet-button__label{text-align:center;margin:0px 0px 0px 0px;color:#FECC76;font-family:Montserrat,sans-serif;font-size:13px;font-weight:400;letter-spacing:4px;line-height:1.714em;text-transform:uppercase;}.elementor-element.elementor-element-iwgw-bunjil-ccb .jet-button__plane-normal{background-color:#FECC76;border-style:solid;border-color:#C99540;border-width:2px 2px 2px 2px;}.elementor-element.elementor-element-iwgw-bunjil-ccb .jet-button__plane-hover{background-color:rgba(0,0,0,0.55);border-style:solid;border-color:#FECC76;border-width:2px 2px 2px 2px;}<\/style>\t\t\t\t<\/div>\n\t\t\t\t<\/div>\n\t\t\t\t<div class=\"elementor-element elementor-element-iwgw-bunjil-ccd elementor-widget elementor-widget-text-editor\" data-id=\"iwgw-bunjil-ccd\" data-element_type=\"widget\" data-e-type=\"widget\" data-widget_type=\"text-editor.default\">\n\t\t\t\t\t\t\t\t\t<div data-nosnippet=\"true\"><p style=\"text-align:center;font-size:13px;opacity:0.7;margin-top:14px\" data-nosnippet=\"true\">Osobn\u00e9 sk\u00fasenosti sa m\u00f4\u017eu l\u00ed\u0161i\u0165. Nie je to zdravotn\u00edcka pom\u00f4cka. \u017diadny pr\u00eds\u013eub lie\u010denia.<\/p><\/div>\t\t\t\t\t\t\t\t<\/div>\n\t\t\t\t\t<\/div>\n\t\t\t\t<\/div>\n\t\t\t\t\t<\/div>\n\t\t\t\t<\/div>\n\t\t<div class=\"elementor-element elementor-element-iwgw-bunjil-disc e-flex e-con-boxed e-con e-parent\" data-id=\"iwgw-bunjil-disc\" data-element_type=\"container\" data-e-type=\"container\">\n\t\t\t\t\t<div class=\"e-con-inner\">\n\t\t\t\t<div class=\"elementor-element elementor-element-iwgw-bunjil-discw elementor-widget elementor-widget-html\" data-id=\"iwgw-bunjil-discw\" data-element_type=\"widget\" data-e-type=\"widget\" data-widget_type=\"html.default\">\n\t\t\t\t\t<footer data-nosnippet=\"true\" class=\"iwg-disclaimer-block\"><p data-nosnippet=\"true\">iWell Guard <strong>nie je zdravotn\u00edcka pom\u00f4cka<\/strong> a nenahr\u00e1dza lek\u00e1rske ani psychoterapeutick\u00e9 o\u0161etrenie. Religionistick\u00fd obsah predstavuje kult\u00farno-historick\u00e9 zaradenie, nie odpor\u00fa\u010danie duchovnej praxe.<\/p><\/footer>\t\t\t\t<\/div>\n\t\t\t\t\t<\/div>\n\t\t\t\t<\/div>\n\t\t\t\t<\/div>\n\t\t","protected":false},"excerpt":{"rendered":"","protected":false},"author":3,"featured_media":2869,"parent":0,"menu_order":0,"comment_status":"closed","ping_status":"closed","template":"elementor_header_footer","meta":{"_yoast_wpseo_focuskw":"Bunjil aboriginsk\u00fd Kulin","_yoast_wpseo_title":"Bunjil \u2013 aboriginsk\u00fd orl\u00ed Stvorite\u013e, m\u00fdtus a pramene","_yoast_wpseo_metadesc":"Bunjil je orl\u00ed Stvorite\u013e kme\u0148ov Kulin vo Victorii. Religionistick\u00e9 zaradenie s m\u00fdtom, kultom a prame\u0148mi.","_yoast_wpseo_meta-robots-noindex":"","_yoast_wpseo_canonical":"","_angie_page":false,"gefaehrdungsstufe":"2","wesen_kultur":"aboriginal","wesen_klasse":"goetter","footnotes":""},"categories":[],"class_list":["post-157984","page","type-page","status-publish","has-post-thumbnail","hentry"],"yoast_head":"<!-- This site is optimized with the Yoast SEO Premium plugin v27.7 (Yoast SEO v28.3) - https:\/\/yoast.com\/product\/yoast-seo-premium-wordpress\/ -->\n<title>Bunjil \u2013 aboriginsk\u00fd orl\u00ed Stvorite\u013e, m\u00fdtus a pramene<\/title>\n<meta name=\"description\" content=\"Bunjil je orl\u00ed Stvorite\u013e kme\u0148ov Kulin vo Victorii. Religionistick\u00e9 zaradenie s m\u00fdtom, kultom a prame\u0148mi.\" \/>\n<meta name=\"robots\" content=\"index, follow, max-snippet:-1, max-image-preview:large, max-video-preview:-1\" \/>\n<link rel=\"canonical\" href=\"https:\/\/iwell-guard.com\/sk\/bunjil-orli-stvoritel-kulinov\/\" \/>\n<meta property=\"og:locale\" content=\"sk_SK\" \/>\n<meta property=\"og:type\" content=\"article\" \/>\n<meta property=\"og:title\" content=\"Bunjil \u2013 orl\u00ed Stvorite\u013e Kulinov\" \/>\n<meta property=\"og:description\" content=\"Bunjil je orl\u00ed Stvorite\u013e kme\u0148ov Kulin vo Victorii. Religionistick\u00e9 zaradenie s m\u00fdtom, kultom a prame\u0148mi.\" \/>\n<meta property=\"og:url\" content=\"https:\/\/iwell-guard.com\/sk\/bunjil-orli-stvoritel-kulinov\/\" \/>\n<meta property=\"og:site_name\" content=\"iWell Guard\" \/>\n<meta property=\"article:modified_time\" content=\"2026-09-04T22:47:44+00:00\" \/>\n<meta property=\"og:image\" content=\"https:\/\/iwell-guard.com\/wp-content\/uploads\/2026\/05\/goetter_aboriginal_bunjil.webp\" \/>\n\t<meta property=\"og:image:width\" content=\"1024\" \/>\n\t<meta property=\"og:image:height\" content=\"1536\" \/>\n\t<meta property=\"og:image:type\" content=\"image\/webp\" \/>\n<meta name=\"twitter:card\" content=\"summary_large_image\" \/>\n<script type=\"application\/ld+json\" class=\"yoast-schema-graph\">{\"@context\":\"https:\\\/\\\/schema.org\",\"@graph\":[{\"@type\":\"WebPage\",\"@id\":\"https:\\\/\\\/iwell-guard.com\\\/sk\\\/bunjil-orli-stvoritel-kulinov\\\/\",\"url\":\"https:\\\/\\\/iwell-guard.com\\\/sk\\\/bunjil-orli-stvoritel-kulinov\\\/\",\"name\":\"Bunjil \u2013 aboriginsk\u00fd orl\u00ed Stvorite\u013e, m\u00fdtus a pramene\",\"isPartOf\":{\"@id\":\"https:\\\/\\\/iwell-guard.com\\\/sk\\\/#website\"},\"primaryImageOfPage\":{\"@id\":\"https:\\\/\\\/iwell-guard.com\\\/sk\\\/bunjil-orli-stvoritel-kulinov\\\/#primaryimage\"},\"image\":{\"@id\":\"https:\\\/\\\/iwell-guard.com\\\/sk\\\/bunjil-orli-stvoritel-kulinov\\\/#primaryimage\"},\"thumbnailUrl\":\"https:\\\/\\\/iwell-guard.com\\\/wp-content\\\/uploads\\\/2026\\\/05\\\/goetter_aboriginal_bunjil.webp\",\"datePublished\":\"2026-09-04T22:20:21+00:00\",\"dateModified\":\"2026-09-04T22:47:44+00:00\",\"description\":\"Bunjil je orl\u00ed Stvorite\u013e kme\u0148ov Kulin vo Victorii. Religionistick\u00e9 zaradenie s m\u00fdtom, kultom a prame\u0148mi.\",\"breadcrumb\":{\"@id\":\"https:\\\/\\\/iwell-guard.com\\\/sk\\\/bunjil-orli-stvoritel-kulinov\\\/#breadcrumb\"},\"inLanguage\":\"sk-SK\",\"potentialAction\":[{\"@type\":\"ReadAction\",\"target\":[\"https:\\\/\\\/iwell-guard.com\\\/sk\\\/bunjil-orli-stvoritel-kulinov\\\/\"]}]},{\"@type\":\"ImageObject\",\"inLanguage\":\"sk-SK\",\"@id\":\"https:\\\/\\\/iwell-guard.com\\\/sk\\\/bunjil-orli-stvoritel-kulinov\\\/#primaryimage\",\"url\":\"https:\\\/\\\/iwell-guard.com\\\/wp-content\\\/uploads\\\/2026\\\/05\\\/goetter_aboriginal_bunjil.webp\",\"contentUrl\":\"https:\\\/\\\/iwell-guard.com\\\/wp-content\\\/uploads\\\/2026\\\/05\\\/goetter_aboriginal_bunjil.webp\",\"width\":1024,\"height\":1536,\"caption\":\"Bohovia z aboriginskej trad\u00edcie.\"},{\"@type\":\"BreadcrumbList\",\"@id\":\"https:\\\/\\\/iwell-guard.com\\\/sk\\\/bunjil-orli-stvoritel-kulinov\\\/#breadcrumb\",\"itemListElement\":[{\"@type\":\"ListItem\",\"position\":1,\"name\":\"Start\",\"item\":\"https:\\\/\\\/iwell-guard.com\\\/sk\\\/?page_id=157572\"},{\"@type\":\"ListItem\",\"position\":2,\"name\":\"Bunjil \u2013 orl\u00ed Stvorite\u013e Kulinov\"}]},{\"@type\":\"WebSite\",\"@id\":\"https:\\\/\\\/iwell-guard.com\\\/sk\\\/#website\",\"url\":\"https:\\\/\\\/iwell-guard.com\\\/sk\\\/\",\"name\":\"iWell Guard\",\"description\":\"Schutz vor dunklen Einfl\u00fcssen\",\"publisher\":{\"@id\":\"https:\\\/\\\/iwell-guard.com\\\/sk\\\/#organization\"},\"potentialAction\":[{\"@type\":\"SearchAction\",\"target\":{\"@type\":\"EntryPoint\",\"urlTemplate\":\"https:\\\/\\\/iwell-guard.com\\\/sk\\\/?s={search_term_string}\"},\"query-input\":{\"@type\":\"PropertyValueSpecification\",\"valueRequired\":true,\"valueName\":\"search_term_string\"}}],\"inLanguage\":\"sk-SK\"},{\"@type\":\"Organization\",\"@id\":\"https:\\\/\\\/iwell-guard.com\\\/sk\\\/#organization\",\"name\":\"Ittermann electronic GmbH\",\"url\":\"https:\\\/\\\/iwell-guard.com\\\/sk\\\/\",\"logo\":{\"@type\":\"ImageObject\",\"inLanguage\":\"sk-SK\",\"@id\":\"https:\\\/\\\/iwell-guard.com\\\/sk\\\/#\\\/schema\\\/logo\\\/image\\\/\",\"url\":\"https:\\\/\\\/iwell-guard.com\\\/wp-content\\\/uploads\\\/2026\\\/05\\\/Ittermann-Logo-1182x237-1.png\",\"contentUrl\":\"https:\\\/\\\/iwell-guard.com\\\/wp-content\\\/uploads\\\/2026\\\/05\\\/Ittermann-Logo-1182x237-1.png\",\"width\":1182,\"height\":237,\"caption\":\"Ittermann electronic GmbH\"},\"image\":{\"@id\":\"https:\\\/\\\/iwell-guard.com\\\/sk\\\/#\\\/schema\\\/logo\\\/image\\\/\"},\"sameAs\":[\"https:\\\/\\\/pantip.com\\\/profile\\\/9367242\",\"https:\\\/\\\/micro.blog\\\/iwellguard\",\"https:\\\/\\\/www.diggerslist.com\\\/iwellguard\\\/about\",\"https:\\\/\\\/skitterphoto.com\\\/photographers\\\/2870314\\\/iwell-guard\",\"https:\\\/\\\/iwellguard.wordpress.com\\\/2026\\\/06\\\/06\\\/iwell-guard\\\/\",\"https:\\\/\\\/hub.docker.com\\\/u\\\/iwellguard\",\"https:\\\/\\\/www.pinterest.com\\\/iwellguard\\\/\",\"https:\\\/\\\/bit.ly\\\/m\\\/iwellguard\",\"https:\\\/\\\/entre-vos-mains.alsace.eu\\\/profiles\\\/iwellguard\\\/activity\",\"https:\\\/\\\/gravatar.com\\\/reallybeded8fd34\",\"https:\\\/\\\/naijamatta.com\\\/iwellguard\",\"https:\\\/\\\/www.goodreads.com\\\/iwellguard\",\"https:\\\/\\\/profile.hatena.ne.jp\\\/iwellguard\\\/\",\"https:\\\/\\\/experiment.com\\\/users\\\/iwellguard\",\"https:\\\/\\\/wakelet.com\\\/@iWellGuard82270\",\"https:\\\/\\\/www.chordie.com\\\/forum\\\/profile.php?id=2555664\",\"https:\\\/\\\/www.instapaper.com\\\/p\\\/17757966\",\"https:\\\/\\\/www.mapleprimes.com\\\/users\\\/iwellguard\",\"https:\\\/\\\/businesslistingplus.com\\\/profile\\\/iwell-guard\\\/\",\"https:\\\/\\\/telegra.ph\\\/iWell-Guard-06-06\",\"https:\\\/\\\/pbase.com\\\/iwellguard\\\/iwellguard\",\"https:\\\/\\\/b.hatena.ne.jp\\\/iwellguard\\\/20260607#bookmark-4788405196491818882\",\"https:\\\/\\\/fliphtml5.com\\\/home\\\/iwellguard\",\"https:\\\/\\\/anyflip.com\\\/homepage\\\/cmiwl#About\",\"https:\\\/\\\/transfur.com\\\/Users\\\/iwellguard\",\"http:\\\/\\\/delphi.larsbo.org\\\/user\\\/iwellguard\",\"https:\\\/\\\/jobs.lajobsportal.org\\\/profiles\\\/8380803-iwell-guard\",\"https:\\\/\\\/md.chaosdorf.de\\\/s\\\/jfbe5SBdJD\",\"https:\\\/\\\/www.lingvolive.com\\\/en-us\\\/profile\\\/9ecaeaca-ce11-4e51-9e71-01d55e2bff36\\\/translations\",\"https:\\\/\\\/www.fitday.com\\\/fitness\\\/forums\\\/members\\\/iwellguard.html\",\"https:\\\/\\\/www.mymeetbook.com\\\/iwellguard\",\"https:\\\/\\\/pxhere.com\\\/en\\\/photographer-me\\\/5040798\",\"https:\\\/\\\/disqus.com\\\/by\\\/iwellguard\\\/about\\\/\",\"https:\\\/\\\/pastelink.net\\\/hjwciqwq\",\"https:\\\/\\\/pubhtml5.com\\\/homepage\\\/scjhn\\\/\",\"https:\\\/\\\/www.bitchute.com\\\/channel\\\/2O2eOKzNqujT\",\"https:\\\/\\\/audiomack.com\\\/iwellguard\"]},{\"@type\":\"Article\",\"@id\":\"https:\\\/\\\/iwell-guard.com\\\/sk\\\/bunjil-orli-stvoritel-kulinov\\\/#article\",\"isPartOf\":{\"@id\":\"https:\\\/\\\/iwell-guard.com\\\/sk\\\/bunjil-orli-stvoritel-kulinov\\\/\"},\"author\":{\"name\":\"Ralf Ittermann\",\"@id\":\"https:\\\/\\\/iwell-guard.com\\\/sk\\\/#\\\/schema\\\/person\\\/ee2a27f1cac3406c7c6fb5820cb7349f\"},\"headline\":\"Bunjil \u2013 orl\u00ed Stvorite\u013e Kulinov\",\"datePublished\":\"2026-09-04T22:20:21+00:00\",\"dateModified\":\"2026-09-04T22:47:44+00:00\",\"mainEntityOfPage\":{\"@id\":\"https:\\\/\\\/iwell-guard.com\\\/sk\\\/bunjil-orli-stvoritel-kulinov\\\/\"},\"publisher\":{\"@id\":\"https:\\\/\\\/iwell-guard.com\\\/sk\\\/#organization\"},\"image\":{\"@id\":\"https:\\\/\\\/iwell-guard.com\\\/sk\\\/bunjil-orli-stvoritel-kulinov\\\/#primaryimage\"},\"thumbnailUrl\":\"https:\\\/\\\/iwell-guard.com\\\/wp-content\\\/uploads\\\/2026\\\/05\\\/goetter_aboriginal_bunjil.webp\",\"inLanguage\":\"sk-SK\",\"description\":\"Bunjil je orl\u00ed Stvorite\u013e kme\u0148ov Kulin vo Victorii. Religionistick\u00e9 zaradenie s m\u00fdtom, kultom a prame\u0148mi.\"}]}<\/script>\n<!-- \/ Yoast SEO Premium plugin. -->","yoast_head_json":{"title":"Bunjil \u2013 aboriginsk\u00fd orl\u00ed Stvorite\u013e, m\u00fdtus a pramene","description":"Bunjil je orl\u00ed Stvorite\u013e kme\u0148ov Kulin vo Victorii. Religionistick\u00e9 zaradenie s m\u00fdtom, kultom a prame\u0148mi.","robots":{"index":"index","follow":"follow","max-snippet":"max-snippet:-1","max-image-preview":"max-image-preview:large","max-video-preview":"max-video-preview:-1"},"canonical":"https:\/\/iwell-guard.com\/sk\/bunjil-orli-stvoritel-kulinov\/","og_locale":"sk_SK","og_type":"article","og_title":"Bunjil \u2013 orl\u00ed Stvorite\u013e Kulinov","og_description":"Bunjil je orl\u00ed Stvorite\u013e kme\u0148ov Kulin vo Victorii. Religionistick\u00e9 zaradenie s m\u00fdtom, kultom a prame\u0148mi.","og_url":"https:\/\/iwell-guard.com\/sk\/bunjil-orli-stvoritel-kulinov\/","og_site_name":"iWell Guard","article_modified_time":"2026-09-04T22:47:44+00:00","og_image":[{"width":1024,"height":1536,"url":"https:\/\/iwell-guard.com\/wp-content\/uploads\/2026\/05\/goetter_aboriginal_bunjil.webp","type":"image\/webp"}],"twitter_card":"summary_large_image","schema":{"@context":"https:\/\/schema.org","@graph":[{"@type":"Article","@id":"https:\/\/iwell-guard.com\/sk\/bunjil-orli-stvoritel-kulinov\/#article","isPartOf":{"@id":"https:\/\/iwell-guard.com\/sk\/bunjil-orli-stvoritel-kulinov\/"},"author":{"name":"Ralf Ittermann","@id":"https:\/\/iwell-guard.com\/sk\/#\/schema\/person\/ee2a27f1cac3406c7c6fb5820cb7349f"},"headline":"Bunjil \u2013 orl\u00ed Stvorite\u013e Kulinov","datePublished":"2026-09-04T22:20:21+00:00","dateModified":"2026-09-04T22:47:44+00:00","mainEntityOfPage":{"@id":"https:\/\/iwell-guard.com\/sk\/bunjil-orli-stvoritel-kulinov\/"},"publisher":{"@id":"https:\/\/iwell-guard.com\/sk\/#organization"},"image":{"@id":"https:\/\/iwell-guard.com\/sk\/bunjil-orli-stvoritel-kulinov\/#primaryimage"},"thumbnailUrl":"https:\/\/iwell-guard.com\/wp-content\/uploads\/2026\/05\/goetter_aboriginal_bunjil.webp","inLanguage":"sk-SK","description":"Bunjil je orl\u00ed Stvorite\u013e kme\u0148ov Kulin vo Victorii. Religionistick\u00e9 zaradenie s m\u00fdtom, kultom a prame\u0148mi."},{"@type":"WebPage","@id":"https:\/\/iwell-guard.com\/sk\/bunjil-orli-stvoritel-kulinov\/","url":"https:\/\/iwell-guard.com\/sk\/bunjil-orli-stvoritel-kulinov\/","name":"Bunjil \u2013 aboriginsk\u00fd orl\u00ed Stvorite\u013e, m\u00fdtus a pramene","isPartOf":{"@id":"https:\/\/iwell-guard.com\/sk\/#website"},"primaryImageOfPage":{"@id":"https:\/\/iwell-guard.com\/sk\/bunjil-orli-stvoritel-kulinov\/#primaryimage"},"image":{"@id":"https:\/\/iwell-guard.com\/sk\/bunjil-orli-stvoritel-kulinov\/#primaryimage"},"thumbnailUrl":"https:\/\/iwell-guard.com\/wp-content\/uploads\/2026\/05\/goetter_aboriginal_bunjil.webp","datePublished":"2026-09-04T22:20:21+00:00","dateModified":"2026-09-04T22:47:44+00:00","description":"Bunjil je orl\u00ed Stvorite\u013e kme\u0148ov Kulin vo Victorii. Religionistick\u00e9 zaradenie s m\u00fdtom, kultom a prame\u0148mi.","breadcrumb":{"@id":"https:\/\/iwell-guard.com\/sk\/bunjil-orli-stvoritel-kulinov\/#breadcrumb"},"inLanguage":"sk-SK","potentialAction":[{"@type":"ReadAction","target":["https:\/\/iwell-guard.com\/sk\/bunjil-orli-stvoritel-kulinov\/"]}]},{"@type":"ImageObject","inLanguage":"sk-SK","@id":"https:\/\/iwell-guard.com\/sk\/bunjil-orli-stvoritel-kulinov\/#primaryimage","url":"https:\/\/iwell-guard.com\/wp-content\/uploads\/2026\/05\/goetter_aboriginal_bunjil.webp","contentUrl":"https:\/\/iwell-guard.com\/wp-content\/uploads\/2026\/05\/goetter_aboriginal_bunjil.webp","width":1024,"height":1536,"caption":"Bohovia z aboriginskej trad\u00edcie."},{"@type":"BreadcrumbList","@id":"https:\/\/iwell-guard.com\/sk\/bunjil-orli-stvoritel-kulinov\/#breadcrumb","itemListElement":[{"@type":"ListItem","position":1,"name":"Start","item":"https:\/\/iwell-guard.com\/sk\/?page_id=157572"},{"@type":"ListItem","position":2,"name":"Bunjil \u2013 orl\u00ed Stvorite\u013e Kulinov"}]},{"@type":"WebSite","@id":"https:\/\/iwell-guard.com\/sk\/#website","url":"https:\/\/iwell-guard.com\/sk\/","name":"iWell Guard","description":"Schutz vor dunklen Einfl\u00fcssen","publisher":{"@id":"https:\/\/iwell-guard.com\/sk\/#organization"},"potentialAction":[{"@type":"SearchAction","target":{"@type":"EntryPoint","urlTemplate":"https:\/\/iwell-guard.com\/sk\/?s={search_term_string}"},"query-input":{"@type":"PropertyValueSpecification","valueRequired":true,"valueName":"search_term_string"}}],"inLanguage":"sk-SK"},{"@type":"Organization","@id":"https:\/\/iwell-guard.com\/sk\/#organization","name":"Ittermann electronic GmbH","url":"https:\/\/iwell-guard.com\/sk\/","logo":{"@type":"ImageObject","inLanguage":"sk-SK","@id":"https:\/\/iwell-guard.com\/sk\/#\/schema\/logo\/image\/","url":"https:\/\/iwell-guard.com\/wp-content\/uploads\/2026\/05\/Ittermann-Logo-1182x237-1.png","contentUrl":"https:\/\/iwell-guard.com\/wp-content\/uploads\/2026\/05\/Ittermann-Logo-1182x237-1.png","width":1182,"height":237,"caption":"Ittermann electronic GmbH"},"image":{"@id":"https:\/\/iwell-guard.com\/sk\/#\/schema\/logo\/image\/"},"sameAs":["https:\/\/pantip.com\/profile\/9367242","https:\/\/micro.blog\/iwellguard","https:\/\/www.diggerslist.com\/iwellguard\/about","https:\/\/skitterphoto.com\/photographers\/2870314\/iwell-guard","https:\/\/iwellguard.wordpress.com\/2026\/06\/06\/iwell-guard\/","https:\/\/hub.docker.com\/u\/iwellguard","https:\/\/www.pinterest.com\/iwellguard\/","https:\/\/bit.ly\/m\/iwellguard","https:\/\/entre-vos-mains.alsace.eu\/profiles\/iwellguard\/activity","https:\/\/gravatar.com\/reallybeded8fd34","https:\/\/naijamatta.com\/iwellguard","https:\/\/www.goodreads.com\/iwellguard","https:\/\/profile.hatena.ne.jp\/iwellguard\/","https:\/\/experiment.com\/users\/iwellguard","https:\/\/wakelet.com\/@iWellGuard82270","https:\/\/www.chordie.com\/forum\/profile.php?id=2555664","https:\/\/www.instapaper.com\/p\/17757966","https:\/\/www.mapleprimes.com\/users\/iwellguard","https:\/\/businesslistingplus.com\/profile\/iwell-guard\/","https:\/\/telegra.ph\/iWell-Guard-06-06","https:\/\/pbase.com\/iwellguard\/iwellguard","https:\/\/b.hatena.ne.jp\/iwellguard\/20260607#bookmark-4788405196491818882","https:\/\/fliphtml5.com\/home\/iwellguard","https:\/\/anyflip.com\/homepage\/cmiwl#About","https:\/\/transfur.com\/Users\/iwellguard","http:\/\/delphi.larsbo.org\/user\/iwellguard","https:\/\/jobs.lajobsportal.org\/profiles\/8380803-iwell-guard","https:\/\/md.chaosdorf.de\/s\/jfbe5SBdJD","https:\/\/www.lingvolive.com\/en-us\/profile\/9ecaeaca-ce11-4e51-9e71-01d55e2bff36\/translations","https:\/\/www.fitday.com\/fitness\/forums\/members\/iwellguard.html","https:\/\/www.mymeetbook.com\/iwellguard","https:\/\/pxhere.com\/en\/photographer-me\/5040798","https:\/\/disqus.com\/by\/iwellguard\/about\/","https:\/\/pastelink.net\/hjwciqwq","https:\/\/pubhtml5.com\/homepage\/scjhn\/","https:\/\/www.bitchute.com\/channel\/2O2eOKzNqujT","https:\/\/audiomack.com\/iwellguard"]},{"@type":"Person","@id":"https:\/\/iwell-guard.com\/sk\/#\/schema\/person\/ee2a27f1cac3406c7c6fb5820cb7349f","name":"Ralf Ittermann","image":{"@type":"ImageObject","inLanguage":"sk-SK","@id":"https:\/\/secure.gravatar.com\/avatar\/073c0153e350a5005b68eb752b445fea71f6b24a26da9449ad7e155e6b446c9d?s=96&d=mm&r=g","url":"https:\/\/secure.gravatar.com\/avatar\/073c0153e350a5005b68eb752b445fea71f6b24a26da9449ad7e155e6b446c9d?s=96&d=mm&r=g","contentUrl":"https:\/\/secure.gravatar.com\/avatar\/073c0153e350a5005b68eb752b445fea71f6b24a26da9449ad7e155e6b446c9d?s=96&d=mm&r=g","caption":"Ralf Ittermann"},"givenName":"Ralf","familyName":"Ittermann","jobTitle":"Gesch\u00e4ftsf\u00fchrer und redaktioneller Verantwortlicher","url":"https:\/\/iwell-guard.com\/sk\/author\/claude\/","description":"Ralf Ittermann ist Gesch\u00e4ftsf\u00fchrer der Ittermann electronic GmbH und redaktioneller Verantwortlicher des iWell-Guard-Lexikons. Er verbindet langj\u00e4hrige Erfahrung in der Pr\u00e4zisionsfertigung mit medialer Praxis und religionsgeschichtlicher Quellenarbeit.","worksFor":{"@type":"Organization","name":"Ittermann electronic GmbH","url":"https:\/\/ittermann.de\/","address":{"@type":"PostalAddress","streetAddress":"K\u00f6hlergasse 16-18","postalCode":"99842","addressLocality":"Ruhla","addressCountry":"DE"}},"knowsAbout":["Religionsgeschichte","Mythologie","Mediale Praxis","Energetische Diagnostik","Schutzpraxis","Volksglauben","Westliche Esoterik"]},{"@type":"Article","@id":"https:\/\/iwell-guard.com\/sk\/bunjil-orli-stvoritel-kulinov\/#article","isPartOf":{"@id":"https:\/\/iwell-guard.com\/sk\/bunjil-orli-stvoritel-kulinov\/"},"author":{"name":"Ralf Ittermann","@id":"https:\/\/iwell-guard.com\/sk\/#\/schema\/person\/ee2a27f1cac3406c7c6fb5820cb7349f"},"headline":"Bunjil \u2013 orl\u00ed Stvorite\u013e Kulinov","datePublished":"2026-09-04T22:20:21+00:00","dateModified":"2026-09-04T22:47:44+00:00","mainEntityOfPage":{"@id":"https:\/\/iwell-guard.com\/sk\/bunjil-orli-stvoritel-kulinov\/"},"publisher":{"@id":"https:\/\/iwell-guard.com\/sk\/#organization"},"image":{"@id":"https:\/\/iwell-guard.com\/sk\/bunjil-orli-stvoritel-kulinov\/#primaryimage"},"thumbnailUrl":"https:\/\/iwell-guard.com\/wp-content\/uploads\/2026\/05\/goetter_aboriginal_bunjil.webp","inLanguage":"sk-SK","description":"Bunjil je orl\u00ed Stvorite\u013e kme\u0148ov Kulin vo Victorii. Religionistick\u00e9 zaradenie s m\u00fdtom, kultom a prame\u0148mi."}]}},"_links":{"self":[{"href":"https:\/\/iwell-guard.com\/sk\/wp-json\/wp\/v2\/pages\/157984","targetHints":{"allow":["GET"]}}],"collection":[{"href":"https:\/\/iwell-guard.com\/sk\/wp-json\/wp\/v2\/pages"}],"about":[{"href":"https:\/\/iwell-guard.com\/sk\/wp-json\/wp\/v2\/types\/page"}],"author":[{"embeddable":true,"href":"https:\/\/iwell-guard.com\/sk\/wp-json\/wp\/v2\/users\/3"}],"replies":[{"embeddable":true,"href":"https:\/\/iwell-guard.com\/sk\/wp-json\/wp\/v2\/comments?post=157984"}],"version-history":[{"count":0,"href":"https:\/\/iwell-guard.com\/sk\/wp-json\/wp\/v2\/pages\/157984\/revisions"}],"wp:featuredmedia":[{"embeddable":true,"href":"https:\/\/iwell-guard.com\/sk\/wp-json\/wp\/v2\/media\/2869"}],"wp:attachment":[{"href":"https:\/\/iwell-guard.com\/sk\/wp-json\/wp\/v2\/media?parent=157984"}],"wp:term":[{"taxonomy":"category","embeddable":true,"href":"https:\/\/iwell-guard.com\/sk\/wp-json\/wp\/v2\/categories?post=157984"}],"curies":[{"name":"wp","href":"https:\/\/api.w.org\/{rel}","templated":true}]}}