{"id":157980,"date":"2026-09-04T22:20:18","date_gmt":"2026-09-04T22:20:18","guid":{"rendered":"https:\/\/iwell-guard.com\/?page_id=157980"},"modified":"2026-09-04T22:47:35","modified_gmt":"2026-09-04T22:47:35","slug":"asbuiga-burjatsky-ochranny-duch-koni","status":"publish","type":"page","link":"https:\/\/iwell-guard.com\/sk\/asbuiga-burjatsky-ochranny-duch-koni\/","title":{"rendered":"Asbuiga \u2013 burjatsk\u00fd ochrann\u00fd duch kon\u00ed"},"content":{"rendered":"\t\t<div data-elementor-type=\"wp-page\" data-elementor-id=\"157980\" class=\"elementor elementor-157980 elementor-2643 elementor-bc-flex-widget\" data-elementor-post-type=\"page\">\n\t\t\t\t<div class=\"elementor-element elementor-element-iwgw-asbuiga-hero e-flex e-con-boxed e-con e-parent\" data-id=\"iwgw-asbuiga-hero\" data-element_type=\"container\" data-e-type=\"container\" data-settings=\"{&quot;background_background&quot;:&quot;classic&quot;}\">\n\t\t\t\t\t<div class=\"e-con-inner\">\n\t\t<div class=\"elementor-element elementor-element-iwgw-asbuiga-hl e-flex e-con-boxed e-con e-child\" data-id=\"iwgw-asbuiga-hl\" data-element_type=\"container\" data-e-type=\"container\">\n\t\t\t\t\t<div class=\"e-con-inner\">\n\t\t<div class=\"elementor-element elementor-element-iwgw-asbuiga-htxt e-con-full e-flex e-con e-child\" data-id=\"iwgw-asbuiga-htxt\" data-element_type=\"container\" data-e-type=\"container\">\n\t\t\t\t<div class=\"elementor-element elementor-element-iwgw-asbuiga-h1 elementor-widget elementor-widget-heading\" data-id=\"iwgw-asbuiga-h1\" data-element_type=\"widget\" data-e-type=\"widget\" data-widget_type=\"heading.default\">\n\t\t\t\t\t<h1 class=\"elementor-heading-title elementor-size-default\">Asbuiga, burjatsko-mongolsk\u00fd ochrann\u00fd duch kon\u00ed a pomocn\u00fd duch \u0161amanov<\/h1>\t\t\t\t<\/div>\n\t\t\t\t<div class=\"elementor-element elementor-element-iwgw-asbuiga-lead elementor-widget elementor-widget-text-editor\" data-id=\"iwgw-asbuiga-lead\" data-element_type=\"widget\" data-e-type=\"widget\" data-widget_type=\"text-editor.default\">\n\t\t\t\t\t\t\t\t\t<p>Asbuiga je burjatsko-mongolsk\u00fd ochrann\u00fd duch kon\u00ed, ktor\u00fd sa v \u0161amanskom syst\u00e9me Burjatov vyskytuje ako pomocn\u00fd duch horn\u00fdch, \u201ebielych\u201c \u0161amanov (<em>tsagaan b\u00f6\u00f6<\/em>) a je zodpovedn\u00fd za poriadok v konsk\u00fdch st\u00e1dach.<\/p>\t\t\t\t\t\t\t\t<\/div>\n\t\t\t\t<\/div>\n\t\t<div class=\"elementor-element elementor-element-iwgw-asbuiga-pillc e-con-full e-flex e-con e-child\" data-id=\"iwgw-asbuiga-pillc\" data-element_type=\"container\" data-e-type=\"container\">\n\t\t\t\t<div class=\"elementor-element elementor-element-iwgw-asbuiga-pills elementor-widget elementor-widget-html\" data-id=\"iwgw-asbuiga-pills\" data-element_type=\"widget\" data-e-type=\"widget\" data-widget_type=\"html.default\">\n\t\t\t\t\t<div class=\"iwg-pill-row\"><span class=\"iwg-klasse-badge\" tabindex=\"0\" data-tooltip=\"\u0160amansk\u00fd pomocn\u00fd duch z trad\u00edcie Sib\u00edr \/ tengrizmus.\">\u0160amansk\u00fd pomocn\u00fd duch<\/span><a href=\"https:\/\/iwell-guard.com\/sk\/sibirsky-samanizmus-tengrizmus\/\" class=\"iwg-kultur-badge\" tabindex=\"0\" data-tooltip=\"Mytol\u00f3gia trad\u00edcie Sib\u00edr \/ tengrizmus.\">Sib\u00edr \/ tengrizmus<\/a><span class=\"iwg-tradition-badge\" tabindex=\"0\" data-tooltip=\"Pomocn\u00fd duch.\">Pomocn\u00fd duch<\/span><\/div>\t\t\t\t<\/div>\n\t\t\t\t<\/div>\n\t\t<div class=\"elementor-element elementor-element-iwgw-asbuiga-tocc e-con-full e-flex e-con e-child\" data-id=\"iwgw-asbuiga-tocc\" data-element_type=\"container\" data-e-type=\"container\">\n\t\t\t\t<div class=\"elementor-element elementor-element-iwgw-asbuiga-toc elementor-toc--minimized-on-tablet elementor-widget elementor-widget-table-of-contents\" data-id=\"iwgw-asbuiga-toc\" data-element_type=\"widget\" data-e-type=\"widget\" data-settings=\"{&quot;headings_by_tags&quot;:[&quot;h2&quot;,&quot;h3&quot;],&quot;minimize_box&quot;:&quot;yes&quot;,&quot;marker_view&quot;:&quot;bullets&quot;,&quot;no_headings_message&quot;:&quot;Na tejto str\\u00e1nke sa nena\\u0161li \\u017eiadne nadpisy.&quot;,&quot;exclude_headings_by_selector&quot;:[],&quot;icon&quot;:{&quot;value&quot;:&quot;fas fa-circle&quot;,&quot;library&quot;:&quot;fa-solid&quot;,&quot;rendered_tag&quot;:&quot;&lt;svg class=\\&quot;e-font-icon-svg e-fas-circle\\&quot; viewBox=\\&quot;0 0 512 512\\&quot; xmlns=\\&quot;http:\\\/\\\/www.w3.org\\\/2000\\\/svg\\&quot;&gt;&lt;path d=\\&quot;M256 8C119 8 8 119 8 256s111 248 248 248 248-111 248-248S393 8 256 8z\\&quot;&gt;&lt;\\\/path&gt;&lt;\\\/svg&gt;&quot;},&quot;minimized_on&quot;:&quot;tablet&quot;,&quot;hierarchical_view&quot;:&quot;yes&quot;,&quot;min_height&quot;:{&quot;unit&quot;:&quot;px&quot;,&quot;size&quot;:&quot;&quot;,&quot;sizes&quot;:[]},&quot;min_height_tablet&quot;:{&quot;unit&quot;:&quot;px&quot;,&quot;size&quot;:&quot;&quot;,&quot;sizes&quot;:[]},&quot;min_height_mobile&quot;:{&quot;unit&quot;:&quot;px&quot;,&quot;size&quot;:&quot;&quot;,&quot;sizes&quot;:[]}}\" data-widget_type=\"table-of-contents.default\">\n\t\t\t\t\t\t\t\t\t<div class=\"elementor-toc__header\">\n\t\t\t\t\t\t<h2 class=\"elementor-toc__header-title\">\n\t\t\t\tObsah\t\t\t<\/h2>\n\t\t\t\t\t\t\t\t\t\t<div class=\"elementor-toc__toggle-button elementor-toc__toggle-button--expand\" role=\"button\" tabindex=\"0\" aria-controls=\"elementor-toc__iwgw-asbuiga-toc\" aria-expanded=\"true\" aria-label=\"Open table of contents\"><svg aria-hidden=\"true\" class=\"e-font-icon-svg e-fas-chevron-down\" viewBox=\"0 0 448 512\" xmlns=\"http:\/\/www.w3.org\/2000\/svg\"><path d=\"M207.029 381.476L12.686 187.132c-9.373-9.373-9.373-24.569 0-33.941l22.667-22.667c9.357-9.357 24.522-9.375 33.901-.04L224 284.505l154.745-154.021c9.379-9.335 24.544-9.317 33.901.04l22.667 22.667c9.373 9.373 9.373 24.569 0 33.941L240.971 381.476c-9.373 9.372-24.569 9.372-33.942 0z\"><\/path><\/svg><\/div>\n\t\t\t\t<div class=\"elementor-toc__toggle-button elementor-toc__toggle-button--collapse\" role=\"button\" tabindex=\"0\" aria-controls=\"elementor-toc__iwgw-asbuiga-toc\" aria-expanded=\"true\" aria-label=\"Close table of contents\"><svg aria-hidden=\"true\" class=\"e-font-icon-svg e-fas-chevron-up\" viewBox=\"0 0 448 512\" xmlns=\"http:\/\/www.w3.org\/2000\/svg\"><path d=\"M240.971 130.524l194.343 194.343c9.373 9.373 9.373 24.569 0 33.941l-22.667 22.667c-9.357 9.357-24.522 9.375-33.901.04L224 227.495 69.255 381.516c-9.379 9.335-24.544 9.317-33.901-.04l-22.667-22.667c-9.373-9.373-9.373-24.569 0-33.941L207.03 130.525c9.372-9.373 24.568-9.373 33.941-.001z\"><\/path><\/svg><\/div>\n\t\t\t\t\t<\/div>\n\t\t\t\t<div id=\"elementor-toc__iwgw-asbuiga-toc\" class=\"elementor-toc__body\">\n\t\t\t<div class=\"elementor-toc__spinner-container\">\n\t\t\t\t<svg class=\"elementor-toc__spinner eicon-animation-spin e-font-icon-svg e-eicon-loading\" aria-hidden=\"true\" viewBox=\"0 0 1000 1000\" xmlns=\"http:\/\/www.w3.org\/2000\/svg\"><path d=\"M500 975V858C696 858 858 696 858 500S696 142 500 142 142 304 142 500H25C25 237 238 25 500 25S975 237 975 500 763 975 500 975Z\"><\/path><\/svg>\t\t\t<\/div>\n\t\t<\/div>\n\t\t\t\t\t\t<\/div>\n\t\t\t\t<\/div>\n\t\t\t\t\t<\/div>\n\t\t\t\t<\/div>\n\t\t<div class=\"elementor-element elementor-element-iwgw-asbuiga-hr e-con-full e-flex e-con e-child\" data-id=\"iwgw-asbuiga-hr\" data-element_type=\"container\" data-e-type=\"container\">\n\t\t\t\t<div class=\"elementor-element elementor-element-iwgw-asbuiga-heroimg iwg-hero-image elementor-widget elementor-widget-image\" data-id=\"iwgw-asbuiga-heroimg\" data-element_type=\"widget\" data-e-type=\"widget\" data-widget_type=\"image.default\">\n\t\t\t\t\t\t\t\t\t\t\t\t\t\t\t<img fetchpriority=\"high\" decoding=\"async\" width=\"683\" height=\"1024\" src=\"https:\/\/iwell-guard.com\/wp-content\/uploads\/2026\/05\/geister_sibirisch-tengrismus_asbuiga-683x1024.webp\" class=\"attachment-large size-large wp-image-159789\" alt=\"Asbuiga - duchovia z trad\u00edcie sib\u00edrskeho tengrizmu, historicko-ilustra\u010dn\u00e9 zobrazenie\" srcset=\"https:\/\/iwell-guard.com\/wp-content\/uploads\/2026\/05\/geister_sibirisch-tengrismus_asbuiga-683x1024.webp 683w, https:\/\/iwell-guard.com\/wp-content\/uploads\/2026\/05\/geister_sibirisch-tengrismus_asbuiga-200x300.webp 200w, https:\/\/iwell-guard.com\/wp-content\/uploads\/2026\/05\/geister_sibirisch-tengrismus_asbuiga-768x1152.webp 768w, https:\/\/iwell-guard.com\/wp-content\/uploads\/2026\/05\/geister_sibirisch-tengrismus_asbuiga.webp 1024w\" sizes=\"(max-width: 683px) 100vw, 683px\" \/>\t\t\t\t\t\t\t\t\t\t\t\t\t\t\t<\/div>\n\t\t\t\t<\/div>\n\t\t\t\t\t<\/div>\n\t\t\t\t<\/div>\n\t\t<div class=\"elementor-element elementor-element-iwgw-asbuiga-s0 e-flex e-con-boxed e-con e-parent\" data-id=\"iwgw-asbuiga-s0\" data-element_type=\"container\" data-e-type=\"container\">\n\t\t\t\t\t<div class=\"e-con-inner\">\n\t\t\t\t<div class=\"elementor-element elementor-element-iwgw-asbuiga-s0h elementor-widget elementor-widget-heading\" data-id=\"iwgw-asbuiga-s0h\" data-element_type=\"widget\" data-e-type=\"widget\" data-widget_type=\"heading.default\">\n\t\t\t\t\t<h2 class=\"elementor-heading-title elementor-size-default\">Zaradenie a stru\u010dn\u00fd profil<\/h2>\t\t\t\t<\/div>\n\t\t<div class=\"elementor-element elementor-element-iwgw-asbuiga-s0c e-con-full e-flex e-con e-child\" data-id=\"iwgw-asbuiga-s0c\" data-element_type=\"container\" data-e-type=\"container\">\n\t\t\t\t<div class=\"elementor-element elementor-element-iwgw-asbuiga-s0t elementor-widget elementor-widget-text-editor\" data-id=\"iwgw-asbuiga-s0t\" data-element_type=\"widget\" data-e-type=\"widget\" data-widget_type=\"text-editor.default\">\n\t\t\t\t\t\t\t\t\t<p>Asbuiga je pom\u011brne m\u00e1lo zn\u00e1my, ale pre burjatsk\u00fa \u0161pecializovan\u00fa vrstvu charakteristick\u00fd pomocn\u00fd duch. Na rozdiel od ve\u013ek\u00fdch konsk\u00fdch bo\u017estiev Sachov (<a href=\"https:\/\/iwell-guard.com\/sk\/?page_id=157978\">Yhych-Chan<\/a>) nejde o vysok\u00e9 bo\u017estvo, ale o sl\u00fa\u017eiaceho, usmernen\u00e9ho <span class=\"iwg-fachbegriff\" data-tooltip=\"Beztelesn\u00e1 bytos\u0165, ktorej sa pripisuje p\u00f4sobenie vo svete.\" tabindex=\"0\">ducha<\/span> vo vn\u00fatri burjatsk\u00e9ho \u0161amansk\u00e9ho domu (syst\u00e9m <em>b\u00f6\u00f6-tngri<\/em>).<\/p><p>Vo vn\u00fatri <a href=\"https:\/\/iwell-guard.com\/sk\/sibirsky-samanizmus-tengrizmus\/\">sib\u00edrsko-tengristickej trad\u00edcie<\/a> ukazuje, ako sa vysokobo\u017esk\u00e1 funkcia ko\u0148a v mlad\u0161\u00edch, \u0161pecializovanej\u0161\u00edch vrstv\u00e1ch rozde\u013euje na jednotliv\u00fdch pomocn\u00fdch duchov. Burjati poznaj\u00fa cel\u00fd <span class=\"iwg-fachbegriff\" data-tooltip=\"S\u00fabor bohov n\u00e1bo\u017eenstva alebo kult\u00fary.\" tabindex=\"0\">pante\u00f3n<\/span> tak\u00fdchto \u0161pecializovan\u00fdch duchov, ktor\u00fd bol vo v\u00fdskume ozna\u010den\u00fd ako \u201eburjatsk\u00fd stav bohov\u201c (Mih\u00e1ly Hopp\u00e1l).<\/p><p>Burjati \u017eij\u00fa pri Bajkalskom jazere a v stepiach Transbaikalie; ich n\u00e1bo\u017eenstvo je obzvl\u00e1\u0161\u0165 bohatou zmesou star\u00fdch mongolsko-tengristick\u00fdch vrstiev, buddhistick\u00fdch vplyvov (\u0161kola Gelug od 17. storo\u010dia) a sib\u00edrsko-\u0161amanistick\u00fdch prvkov. Asbuiga patr\u00ed do \u0161amanistickej vrstvy, ktor\u00e1 sa \u010diasto\u010dne br\u00e1nila proti buddhizmu.<\/p>\t\t\t\t\t\t\t\t<\/div>\n\t\t\t\t<\/div>\n\t\t\t\t\t<\/div>\n\t\t\t\t<\/div>\n\t\t<div class=\"elementor-element elementor-element-iwgw-asbuiga-s1 e-flex e-con-boxed e-con e-parent\" data-id=\"iwgw-asbuiga-s1\" data-element_type=\"container\" data-e-type=\"container\">\n\t\t\t\t\t<div class=\"e-con-inner\">\n\t\t\t\t<div class=\"elementor-element elementor-element-iwgw-asbuiga-s1h elementor-widget elementor-widget-heading\" data-id=\"iwgw-asbuiga-s1h\" data-element_type=\"widget\" data-e-type=\"widget\" data-widget_type=\"heading.default\">\n\t\t\t\t\t<h2 class=\"elementor-heading-title elementor-size-default\">Meno a etymol\u00f3gia<\/h2>\t\t\t\t<\/div>\n\t\t<div class=\"elementor-element elementor-element-iwgw-asbuiga-s1c e-con-full e-flex e-con e-child\" data-id=\"iwgw-asbuiga-s1c\" data-element_type=\"container\" data-e-type=\"container\">\n\t\t\t\t<div class=\"elementor-element elementor-element-iwgw-asbuiga-s1t elementor-widget elementor-widget-text-editor\" data-id=\"iwgw-asbuiga-s1t\" data-element_type=\"widget\" data-e-type=\"widget\" data-widget_type=\"text-editor.default\">\n\t\t\t\t\t\t\t\t\t<p>Meno <em>Asbuiga<\/em> je v burjatskej trad\u00edcii zakotven\u00e9 ako vlastn\u00e9 meno; jasn\u00fd etymologick\u00fd v\u00fdklad ch\u00fdba. Niektor\u00ed b\u00e1datelia navrhuj\u00fa spojenie s <em>asuu \/ asha<\/em> (\u201eochrana\u201c) a <em>buyaga<\/em> (slovn\u00fd kore\u0148 spojen\u00fd s ko\u0148om), \u010do by meno vysvet\u013eovalo ako \u201estr\u00e1\u017eca kon\u00ed\u201c. T\u00e1to hypot\u00e9za je pravdepodobn\u00e1, ale nie definit\u00edvne potvrden\u00e1.<\/p><p>Alternat\u00edvny v\u00fdklad sp\u00e1ja meno s burjatsk\u00fdm <em>ashanaa<\/em>, ritu\u00e1lnou jazdou na koni okolo miesta sl\u00e1vnosti, ktor\u00e1 sa sp\u00e1ja s Asbuigou. Pod\u013ea tohto v\u00fdkladu by bolo meno funk\u010dne spojen\u00e9 s <span class=\"iwg-fachbegriff\" data-tooltip=\"Usporiadan\u00e1 postupnos\u0165 symbolick\u00fdch \u00fakonov s n\u00e1bo\u017eensk\u00fdm alebo kult\u00farnym v\u00fdznamom.\" tabindex=\"0\">ritu\u00e1lom<\/span>, a nie prim\u00e1rne s anatomickou alebo vlastnostnou charakteristikou.<\/p><p>Hangalov, najv\u00fdznamnej\u0161\u00ed burjatsk\u00fd etnograf za\u010diatku 20. storo\u010dia, toto slovo zdokumentoval v svojom diele Sobranie so\u010dinenij (Ulan-Ude 1958, 60) bez definit\u00edvneho etymologick\u00e9ho ur\u010denia. T\u00e1to otvorenos\u0165 etymol\u00f3gie nie je z religionistick\u00e9ho h\u013eadiska pri \u0161pecializovan\u00fdch duchoch nezvy\u010dajn\u00e1.<\/p>\t\t\t\t\t\t\t\t<\/div>\n\t\t\t\t<\/div>\n\t\t\t\t\t<\/div>\n\t\t\t\t<\/div>\n\t\t<div class=\"elementor-element elementor-element-iwgw-asbuiga-s2 e-flex e-con-boxed e-con e-parent\" data-id=\"iwgw-asbuiga-s2\" data-element_type=\"container\" data-e-type=\"container\">\n\t\t\t\t\t<div class=\"e-con-inner\">\n\t\t\t\t<div class=\"elementor-element elementor-element-iwgw-asbuiga-s2h elementor-widget elementor-widget-heading\" data-id=\"iwgw-asbuiga-s2h\" data-element_type=\"widget\" data-e-type=\"widget\" data-widget_type=\"heading.default\">\n\t\t\t\t\t<h2 class=\"elementor-heading-title elementor-size-default\">Popis a ikonografia<\/h2>\t\t\t\t<\/div>\n\t\t<div class=\"elementor-element elementor-element-iwgw-asbuiga-s2c e-con-full e-flex e-con e-child\" data-id=\"iwgw-asbuiga-s2c\" data-element_type=\"container\" data-e-type=\"container\">\n\t\t\t\t<div class=\"elementor-element elementor-element-iwgw-asbuiga-s2t elementor-widget elementor-widget-text-editor\" data-id=\"iwgw-asbuiga-s2t\" data-element_type=\"widget\" data-e-type=\"widget\" data-widget_type=\"text-editor.default\">\n\t\t\t\t\t\t\t\t\t<p>Asbuiga sa zobrazuje ako mu\u017e na koni, ktor\u00fd jazd\u00ed na hnedasto\u010dervenom koni, s dlh\u00fdm chvostom z ko\u0148sk\u00fdch chvostov pripevnen\u00fdm na sedle. Na burjatsk\u00fdch \u0161amansk\u00fdch zrkadl\u00e1ch (<em>toli<\/em>) sa objavuje ako men\u0161ia razen\u00e1 jazdeck\u00e1 postava v dolnom rade pomocn\u00fdch duchov. V niektor\u00fdch kme\u0148ov\u00fdch domoch bola vyrez\u00e1van\u00e1 Asbuigina palica s\u00fa\u010das\u0165ou \u0161amansk\u00fdch ins\u00edgni\u00ed.<\/p><p>Zrkadl\u00e1 <em>toli<\/em> Burjatov s\u00fa v\u00fdjimo\u010dn\u00fdm n\u00e1bo\u017eensk\u00fdm materi\u00e1lnym objektom: kruhov\u00e9 bronzov\u00e9 alebo \u017eelezn\u00e9 disky s vyrazen\u00fdmi zobrazeniami pomocn\u00fdch duchov, ktor\u00e9 <span class=\"iwg-fachbegriff\" data-tooltip=\"N\u00e1bo\u017eensk\u00fd \u0161pecialista, ktor\u00e9mu sa pripisuje sprostredkovanie medzi \u013eu\u010fmi a svetom duchov.\" tabindex=\"0\">\u0161aman<\/span> nos\u00ed na hrudi alebo na chrbte. Asbuiga patr\u00ed medzi \u010dastej\u0161ie sa vyskytuj\u00face postavy v tejto mikroikonografii.<\/p><p>V zbierkach M\u00fazea Burjatskej republiky (Ulan-Ude) sa zachovalo viacero Asbuigin\u00fdch pal\u00edc a toli-zrkadiel s mot\u00edvmi Asbuigy. Caroline Humphrey t\u00fato materi\u00e1lnu kult\u00faru podrobne rozobrala v diele <em>Shamans and Elders<\/em> (1996).<\/p>\t\t\t\t\t\t\t\t<\/div>\n\t\t\t\t<\/div>\n\t\t\t\t\t<\/div>\n\t\t\t\t<\/div>\n\t\t<div class=\"elementor-element elementor-element-iwgw-asbuiga-s3 e-flex e-con-boxed e-con e-parent\" data-id=\"iwgw-asbuiga-s3\" data-element_type=\"container\" data-e-type=\"container\">\n\t\t\t\t\t<div class=\"e-con-inner\">\n\t\t\t\t<div class=\"elementor-element elementor-element-iwgw-asbuiga-s3h elementor-widget elementor-widget-heading\" data-id=\"iwgw-asbuiga-s3h\" data-element_type=\"widget\" data-e-type=\"widget\" data-widget_type=\"heading.default\">\n\t\t\t\t\t<h2 class=\"elementor-heading-title elementor-size-default\">Mytologick\u00e9 rozpr\u00e1vania<\/h2>\t\t\t\t<\/div>\n\t\t<div class=\"elementor-element elementor-element-iwgw-asbuiga-s3c e-con-full e-flex e-con e-child\" data-id=\"iwgw-asbuiga-s3c\" data-element_type=\"container\" data-e-type=\"container\">\n\t\t\t\t<div class=\"elementor-element elementor-element-iwgw-asbuiga-s3t elementor-widget elementor-widget-text-editor\" data-id=\"iwgw-asbuiga-s3t\" data-element_type=\"widget\" data-e-type=\"widget\" data-widget_type=\"text-editor.default\">\n\t\t\t\t\t\t\t\t\t<p>Burjatsk\u00e9 \u0161amansk\u00e9 geneal\u00f3gie (Hangalov, 1958) rozpr\u00e1vaj\u00fa, \u017ee Asbuigu vyslal jeden z 33 z\u00e1padn\u00fdch tengri do kme\u0148a v oblasti Cis-Bajkal, aby po morovej n\u00e1kaze kon\u00ed obnovil st\u00e1da.<\/p><p>Od tej doby vystupuje v inici\u00e1ci\u00e1ch \u0161amanov ako \u201eu\u010dite\u013e kon\u00ed\u201c a ude\u013euje nov\u00e9mu \u0161amanovi schopnos\u0165 po\u010d\u00fava\u0165 \u201ekonsk\u00fdm uchom\u201c, teda rozumie\u0165 hlasom st\u00e1da.<\/p><p>Druh\u00e9 rozpr\u00e1vanie hovor\u00ed, ako Asbuiga spolu s in\u00fdmi pomocn\u00fdmi duchmi \u201elie\u010di\u201c chor\u00e9ho \u017erebca kme\u0148ov\u00e9ho n\u00e1\u010deln\u00edka, v r\u00e1mci trad\u00edcie, prilo\u017een\u00edm zrkadlov\u00e9ho disku a trojn\u00e1sobn\u00fdm ob\u00edden\u00edm st\u00e1da. Toto rozpr\u00e1vanie je z religi\u00f3zno-antropologick\u00e9ho h\u013eadiska modelov\u00fdm pr\u00edbehom pre \u0161amansk\u00fa lie\u010debn\u00fa praxu.<\/p><p>Tretie rozpr\u00e1vanie zobrazuje Asbuigov boj s ni\u017e\u0161\u00edm \u0161kodliv\u00fdm duchom <em>khargi<\/em>, ktor\u00fd chce sp\u00f4sobi\u0165 neplodnos\u0165 kob\u00fdl. Asbuiga vyhr\u00e1va pomocou \u013esti: jazd\u00ed pozadu cez ohradu a \u0161kodliv\u00fd duch sa strat\u00ed. Tento trikstersky <span class=\"iwg-fachbegriff\" data-tooltip=\"Opakuj\u00faci sa obsahov\u00fd prvok v umen\u00ed alebo rozpr\u00e1van\u00ed.\" tabindex=\"0\">mot\u00edv<\/span> pripom\u00edna mnoh\u00e9 in\u00e9 pr\u00edbehy o \u0161pecializovan\u00fdch duchoch na Sib\u00edri.<\/p>\t\t\t\t\t\t\t\t<\/div>\n\t\t\t\t<\/div>\n\t\t\t\t\t<\/div>\n\t\t\t\t<\/div>\n\t\t<div class=\"elementor-element elementor-element-iwgw-asbuiga-s4 e-flex e-con-boxed e-con e-parent\" data-id=\"iwgw-asbuiga-s4\" data-element_type=\"container\" data-e-type=\"container\">\n\t\t\t\t\t<div class=\"e-con-inner\">\n\t\t\t\t<div class=\"elementor-element elementor-element-iwgw-asbuiga-s4h elementor-widget elementor-widget-heading\" data-id=\"iwgw-asbuiga-s4h\" data-element_type=\"widget\" data-e-type=\"widget\" data-widget_type=\"heading.default\">\n\t\t\t\t\t<h2 class=\"elementor-heading-title elementor-size-default\">Kult a uctievanie<\/h2>\t\t\t\t<\/div>\n\t\t<div class=\"elementor-element elementor-element-iwgw-asbuiga-s4c e-con-full e-flex e-con e-child\" data-id=\"iwgw-asbuiga-s4c\" data-element_type=\"container\" data-e-type=\"container\">\n\t\t\t\t<div class=\"elementor-element elementor-element-iwgw-asbuiga-s4t elementor-widget elementor-widget-text-editor\" data-id=\"iwgw-asbuiga-s4t\" data-element_type=\"widget\" data-e-type=\"widget\" data-widget_type=\"text-editor.default\">\n\t\t\t\t\t\t\t\t\t<p>Asbuiga nem\u00e1 verejn\u00fd <span class=\"iwg-fachbegriff\" data-tooltip=\"S\u00fahrn n\u00e1bo\u017eensk\u00fdch \u00fakonov uctievania venovan\u00fdch bo\u017estvu alebo sv\u00e4tej postave.\" tabindex=\"0\">kult<\/span>; jeho uctievanie patr\u00ed do uzavretej oblasti \u0161amanskej inici\u00e1cie a v\u00fdro\u010dn\u00e9ho sv\u00e4tenia kon\u00ed.<\/p><p>Pri tomto sv\u00e4ten\u00ed sa zdrav\u00fd k\u00f4\u0148 vyhl\u00e1si za \u201eko\u0148a Asbuiga\u201c: nesmie sa u\u017e kroti\u0165, jazdi\u0165 na \u0148om ani ho zabi\u0165 a \u017eije ako vo\u013en\u00e9 zviera v st\u00e1de. V \u0161amansk\u00fdch sedeniach zameran\u00fdch na <a href=\"https:\/\/iwell-guard.com\/sk\/?page_id=157976\">Khormustu<\/a> sa Asbuiga vz\u00fdva v z\u00e1stupe pomocn\u00fdch duchov, ke\u010f ide o z\u00e1le\u017eitosti spojen\u00e9 s ko\u0148mi.<\/p><p>Caroline Humphrey podrobne pop\u00edsala tak\u00e9to sedenie v diele <em>Shamans and Elders<\/em> (1996): <span class=\"iwg-fachbegriff\" data-tooltip=\"N\u00e1bo\u017eensk\u00fd \u0161pecialista, ktor\u00e9mu sa pripisuje sprostredkovanie medzi \u013eu\u010fmi a svetom duchov.\" tabindex=\"0\">\u0161aman<\/span> postupne vz\u00fdva Tengriho, Khormustu, potom kme\u0148ov\u00fdch predkov a napokon \u0161pecializovan\u00fdch pomocn\u00fdch duchov, ako je Asbuiga. T\u00e1to hierarchia vz\u00fdvania je centr\u00e1lnou liturgickou formou burjatsk\u00e9ho <span class=\"iwg-fachbegriff\" data-tooltip=\"N\u00e1bo\u017eensk\u00fd syst\u00e9m, v ktorom \u0161pecialisti komunikuj\u00fa so svetom duchov.\" tabindex=\"0\">\u0161amanizmu<\/span>.<\/p><p>V sovietskej \u00e9re bol <span class=\"iwg-fachbegriff\" data-tooltip=\"S\u00fahrn n\u00e1bo\u017eensk\u00fdch \u00fakonov uctievania venovan\u00fdch bo\u017estvu alebo sv\u00e4tej postave.\" tabindex=\"0\">kult<\/span> Asbuiga takmer \u00faplne potla\u010den\u00fd; m\u00e1lo zachovan\u00fdch praktikov pracovalo tajne. Od roku 1991 za\u017e\u00edva opatrn\u00fa renesanciu v kme\u0148ov\u00fdch oblastiach na v\u00fdchodnom brehu Bajkalu.<\/p>\t\t\t\t\t\t\t\t<\/div>\n\t\t\t\t<\/div>\n\t\t\t\t\t<\/div>\n\t\t\t\t<\/div>\n\t\t<div class=\"elementor-element elementor-element-iwgw-asbuiga-s5 e-flex e-con-boxed e-con e-parent\" data-id=\"iwgw-asbuiga-s5\" data-element_type=\"container\" data-e-type=\"container\">\n\t\t\t\t\t<div class=\"e-con-inner\">\n\t\t\t\t<div class=\"elementor-element elementor-element-iwgw-asbuiga-s5h elementor-widget elementor-widget-heading\" data-id=\"iwgw-asbuiga-s5h\" data-element_type=\"widget\" data-e-type=\"widget\" data-widget_type=\"heading.default\">\n\t\t\t\t\t<h2 class=\"elementor-heading-title elementor-size-default\">Ochrann\u00e1 prax a apotropaika<\/h2>\t\t\t\t<\/div>\n\t\t<div class=\"elementor-element elementor-element-iwgw-asbuiga-s5c e-con-full e-flex e-con e-child\" data-id=\"iwgw-asbuiga-s5c\" data-element_type=\"container\" data-e-type=\"container\">\n\t\t\t\t<div class=\"elementor-element elementor-element-iwgw-asbuiga-s5t elementor-widget elementor-widget-text-editor\" data-id=\"iwgw-asbuiga-s5t\" data-element_type=\"widget\" data-e-type=\"widget\" data-widget_type=\"text-editor.default\">\n\t\t\t\t\t\t\t\t\t<p>Z religionistick\u00e9ho h\u013eadiska: apotropaick\u00e9 praktiky v komplexe Asbuiga s\u00fa zameran\u00e9 na ochranu st\u00e1da kon\u00ed. Be\u017en\u00fdmi prvkami s\u00fa zavesenie bielych zv\u00e4zkov konsk\u00fdch chvostov na kol\u00edk pre kobyly, okiadzanie ohradov\u00fdch kolov borievkou a vyh\u00fdbanie sa ur\u010dit\u00fdm tabuizovan\u00fdm slov\u00e1m v bl\u00edzkosti st\u00e1da (slovo \u201evlk\u201c sa napr\u00edklad nahr\u00e1dza slovom <em>kheer<\/em>, \u201epole\u201c).<\/p><p>Obetiny pri kamennej mohyle <em>obo<\/em> spojenej s Asbuigou sa v niektor\u00fdch kme\u0148ov\u00fdch oblastiach obnovuj\u00fa na prv\u00fd de\u0148 jari.<\/p><p>Osobitnou praktikou je <span class=\"iwg-fachbegriff\" data-tooltip=\"Usporiadan\u00fd sled symbolick\u00fdch \u00fakonov s n\u00e1bo\u017eensk\u00fdm alebo kult\u00farnym v\u00fdznamom.\" tabindex=\"0\">ritu\u00e1l<\/span> <em>shig<\/em>: v de\u0148, ke\u010f sa narod\u00ed nov\u00e9 \u017erieb\u00e4, rodina obetuje Asbuige k\u00fasok chleba a trochu kobylieho mlieka a prednesie kr\u00e1tku <span class=\"iwg-fachbegriff\" data-tooltip=\"Prosebn\u00e9 alebo vz\u00fdvacie obr\u00e1tenie sa na bo\u017estvo alebo moc.\" tabindex=\"0\">invok\u00e1ciu<\/span>. Tento <span class=\"iwg-fachbegriff\" data-tooltip=\"Usporiadan\u00fd sled symbolick\u00fdch \u00fakonov s n\u00e1bo\u017eensk\u00fdm alebo kult\u00farnym v\u00fdznamom.\" tabindex=\"0\">ritu\u00e1l<\/span> je \u017eiv\u00fd v mnoh\u00fdch burjatsk\u00fdch dedin\u00e1ch aj dnes.<\/p><p>Vn\u00fatri trad\u00edcie sa poru\u0161enie tejto praktiky vyklad\u00e1 ako pr\u00ed\u010dina konsk\u00fdch ochoren\u00ed; z etnografick\u00e9ho vonkaj\u0161ieho poh\u013eadu ide o pravidl\u00e1 \u0161trukt\u00faruj\u00face ka\u017edodenn\u00fd \u017eivot, ktor\u00e9 d\u00e1vaj\u00fa kult\u00farnu formu hospod\u00e1rskej citlivosti chovu kon\u00ed. Oba poh\u013eady sa nevylu\u010duj\u00fa, ale existuj\u00fa ved\u013ea seba.<\/p>\t\t\t\t\t\t\t\t<\/div>\n\t\t\t\t<\/div>\n\t\t\t\t\t<\/div>\n\t\t\t\t<\/div>\n\t\t<div class=\"elementor-element elementor-element-iwgw-asbuiga-s6 e-flex e-con-boxed e-con e-parent\" data-id=\"iwgw-asbuiga-s6\" data-element_type=\"container\" data-e-type=\"container\">\n\t\t\t\t\t<div class=\"e-con-inner\">\n\t\t\t\t<div class=\"elementor-element elementor-element-iwgw-asbuiga-s6h elementor-widget elementor-widget-heading\" data-id=\"iwgw-asbuiga-s6h\" data-element_type=\"widget\" data-e-type=\"widget\" data-widget_type=\"heading.default\">\n\t\t\t\t\t<h2 class=\"elementor-heading-title elementor-size-default\">Paralely v in\u00fdch kult\u00farach<\/h2>\t\t\t\t<\/div>\n\t\t<div class=\"elementor-element elementor-element-iwgw-asbuiga-s6c e-con-full e-flex e-con e-child\" data-id=\"iwgw-asbuiga-s6c\" data-element_type=\"container\" data-e-type=\"container\">\n\t\t\t\t<div class=\"elementor-element elementor-element-iwgw-asbuiga-s6t elementor-widget elementor-widget-text-editor\" data-id=\"iwgw-asbuiga-s6t\" data-element_type=\"widget\" data-e-type=\"widget\" data-widget_type=\"text-editor.default\">\n\t\t\t\t\t\t\t\t\t<p>Paralelu mo\u017eno vidie\u0165 u keltsk\u00fdch duchov kon\u00ed (Epona ako vysok\u00e1 bohy\u0148a, popri nej men\u0161\u00ed ko\u0148sk\u00ed daimoni), u slovansk\u00fdch \u0161pecializ\u00e1ci\u00ed domovoja pre dobytok a u f\u00ednskych <em>haltija<\/em>. Z h\u013eadiska fenomenol\u00f3gie n\u00e1bo\u017eenstva ukazuje Asbuiga, \u017ee svet \u0161amansk\u00fdch pomocn\u00fdch duchov je funk\u010dne rozvetven\u00fd a silne prepojen\u00fd s hospod\u00e1rskym jadrom spolo\u010denstva.<\/p><p>V samotnej Sib\u00edri je najbli\u017e\u0161ou paralelou jakutsk\u00fd <em>kuralay<\/em>, ochrann\u00fd duch kob\u00fdl podriaden\u00fd <a href=\"https:\/\/iwell-guard.com\/sk\/?page_id=157978\">Yhych-Khanovi<\/a>. Hierarchia vysok\u00e9 bo\u017estvo \u2013 \u0161pecializovan\u00e9 bo\u017estvo \u2013 pomocn\u00fd duch sa teda opakuje vo viacer\u00fdch sib\u00edrskych pante\u00f3noch.<\/p><p>Zauj\u00edmav\u00fdm porovnan\u00edm je aj mongolsk\u00fd komplex <em>khaidam<\/em>, v ktorom s\u00fa jednotliv\u00e9 pomocn\u00e9 duchy priraden\u00e9 jednotliv\u00fdm zvierat\u00e1m. \u0160truktur\u00e1lna podobnos\u0165 je ve\u013ek\u00e1; presn\u00fd historick\u00fd vz\u0165ah je predmetom v\u00fdskumu.<\/p>\t\t\t\t\t\t\t\t<\/div>\n\t\t\t\t<\/div>\n\t\t\t\t\t<\/div>\n\t\t\t\t<\/div>\n\t\t<div class=\"elementor-element elementor-element-iwgw-asbuiga-s7 e-flex e-con-boxed e-con e-parent\" data-id=\"iwgw-asbuiga-s7\" data-element_type=\"container\" data-e-type=\"container\">\n\t\t\t\t\t<div class=\"e-con-inner\">\n\t\t\t\t<div class=\"elementor-element elementor-element-iwgw-asbuiga-s7h elementor-widget elementor-widget-heading\" data-id=\"iwgw-asbuiga-s7h\" data-element_type=\"widget\" data-e-type=\"widget\" data-widget_type=\"heading.default\">\n\t\t\t\t\t<h2 class=\"elementor-heading-title elementor-size-default\">S\u00fa\u010dasn\u00e1 recepcia a v\u00fdskum<\/h2>\t\t\t\t<\/div>\n\t\t<div class=\"elementor-element elementor-element-iwgw-asbuiga-s7c e-con-full e-flex e-con e-child\" data-id=\"iwgw-asbuiga-s7c\" data-element_type=\"container\" data-e-type=\"container\">\n\t\t\t\t<div class=\"elementor-element elementor-element-iwgw-asbuiga-s7t elementor-widget elementor-widget-text-editor\" data-id=\"iwgw-asbuiga-s7t\" data-element_type=\"widget\" data-e-type=\"widget\" data-widget_type=\"text-editor.default\">\n\t\t\t\t\t\t\t\t\t<p>Asbuiga nie je v popul\u00e1rnom burjatskom <span class=\"iwg-fachbegriff\" data-tooltip=\"Tradi\u010dn\u00e1 \u013eudov\u00e1 kult\u00fara so zvykmi, rozpr\u00e1vaniami a pies\u0148ami.\" tabindex=\"0\">folkl\u00f3re<\/span> nijako v\u00fdrazn\u00fd, dobre je v\u0161ak zdokumentovan\u00fd v akademickej odbornej literat\u00fare: Matvei N. Hangalov: <em>Sobranie sochinenij<\/em> (Ulan-Ude 1958, 1960); Mih\u00e1ly Hopp\u00e1l: <em>Shamans and Traditions<\/em> (Budapest 2007); Roberte Hamayon (1990); Caroline Humphrey (<em>Shamans and Elders<\/em>, 1996).<\/p><p>Samostatn\u00e1 monografia o burjatsk\u00fdch pomocn\u00fdch duchoch existuje aj vo forme diela V. P. Diakonovej: <em>Tuvinskie i burjatskie shamany<\/em> (2001).<\/p><p>V nov\u0161om burjatskom \u0161amanskom zdru\u017een\u00ed \u201eTengeri\u201c (zalo\u017eenom v roku 1993 v Ulan-Ude) sa Asbuiga uplat\u0148uje v \u010distiacich a inicia\u010dn\u00fdch ritu\u00e1loch. Zdru\u017eenie svoju praxi dokumentuje online, \u010do predstavuje nezvy\u010dajne otvoren\u00fa prame\u0148ov\u00fa z\u00e1klad\u0148u pre etnologick\u00fd v\u00fdskum.<\/p><p>Stav v\u00fdskumu o Asbuige je celkovo skromnej\u0161\u00ed ako pri ve\u013ek\u00fdch vysok\u00fdch bo\u017estv\u00e1ch; paradoxne z neho tak vznik\u00e1 v\u010fa\u010dn\u00fd predmet v\u00fdskumu pre mlad\u00fdch religionistov, ktor\u00ed chc\u00fa pracova\u0165 v menej presk\u00faman\u00fdch vrstv\u00e1ch sib\u00edrskeho n\u00e1bo\u017eenstva.<\/p>\t\t\t\t\t\t\t\t<\/div>\n\t\t\t\t<\/div>\n\t\t\t\t\t<\/div>\n\t\t\t\t<\/div>\n\t\t<div class=\"elementor-element elementor-element-iwgw-asbuiga-s8 e-flex e-con-boxed e-con e-parent\" data-id=\"iwgw-asbuiga-s8\" data-element_type=\"container\" data-e-type=\"container\">\n\t\t\t\t\t<div class=\"e-con-inner\">\n\t\t\t\t<div class=\"elementor-element elementor-element-iwgw-asbuiga-s8h elementor-widget elementor-widget-heading\" data-id=\"iwgw-asbuiga-s8h\" data-element_type=\"widget\" data-e-type=\"widget\" data-widget_type=\"heading.default\">\n\t\t\t\t\t<h2 class=\"elementor-heading-title elementor-size-default\">V\u00fdskumn\u00e9 debaty a otvoren\u00e9 ot\u00e1zky<\/h2>\t\t\t\t<\/div>\n\t\t<div class=\"elementor-element elementor-element-iwgw-asbuiga-s8c e-con-full e-flex e-con e-child\" data-id=\"iwgw-asbuiga-s8c\" data-element_type=\"container\" data-e-type=\"container\">\n\t\t\t\t<div class=\"elementor-element elementor-element-iwgw-asbuiga-s8t elementor-widget elementor-widget-text-editor\" data-id=\"iwgw-asbuiga-s8t\" data-element_type=\"widget\" data-e-type=\"widget\" data-widget_type=\"text-editor.default\">\n\t\t\t\t\t\t\t\t\t<p>Aktu\u00e1lne s\u00fa dve v\u00fdskumn\u00e9 ot\u00e1zky. Po prv\u00e9: ak\u00fd je vz\u0165ah medzi Asbuigou a in\u00fdmi burjatsk\u00fdmi pomocn\u00fdmi duchmi kon\u00ed (napr\u00edklad <em>Khormonostoi<\/em>, <em>Kheterik-Bookhoi<\/em>)? Hangalov zostavil cel\u00fd zoznam tak\u00fdchto \u0161pecializovan\u00fdch duchov, ktor\u00fdch presn\u00e1 hierarchia a rozdelenie funkci\u00ed zost\u00e1va nejasn\u00e9.<\/p><p>Po druh\u00e9: ak\u00fa \u00falohu hr\u00e1 komplex Asbuiga v s\u00fa\u010dasnom nap\u00e4t\u00ed medzi burjatsk\u00fdm buddhizmom a burjatsk\u00fdm <span class=\"iwg-fachbegriff\" data-tooltip=\"N\u00e1bo\u017eensk\u00fd syst\u00e9m, v ktorom \u0161pecialisti komunikuj\u00fa so svetom duchov.\" tabindex=\"0\">\u0161amanizmom<\/span>? Oba pr\u00fady si n\u00e1rokuj\u00fa ist\u00e9 praktiky; chov kon\u00ed je oblas\u0165, v ktorej sa \u0161amanistick\u00e9 praktiky udr\u017eali obzvl\u00e1\u0161\u0165 dlho.<\/p><p>Napokon: ako sa prax Asbuiga men\u00ed v d\u00f4sledku hospod\u00e1rskej transform\u00e1cie v Burjatsku (turizmus, \u0165a\u017eba, odchod do miest)? Tu sa <span class=\"iwg-fachbegriff\" data-tooltip=\"Veda, ktor\u00e1 porovn\u00e1vac\u00edm sp\u00f4sobom a bez vyznania viery sk\u00fama n\u00e1bo\u017eenstv\u00e1.\" tabindex=\"0\">religionistika<\/span> sp\u00e1ja so soci\u00e1lnou geografiou. Caroline Humphrey sa v svojich nov\u0161\u00edch pr\u00e1cach venovala presne tomuto priese\u010dn\u00edku.<\/p>\t\t\t\t\t\t\t\t<\/div>\n\t\t\t\t<\/div>\n\t\t\t\t\t<\/div>\n\t\t\t\t<\/div>\n\t\t<div class=\"elementor-element elementor-element-iwgw-asbuiga-s9 e-flex e-con-boxed e-con e-parent\" data-id=\"iwgw-asbuiga-s9\" data-element_type=\"container\" data-e-type=\"container\">\n\t\t\t\t\t<div class=\"e-con-inner\">\n\t\t\t\t<div class=\"elementor-element elementor-element-iwgw-asbuiga-s9h elementor-widget elementor-widget-heading\" data-id=\"iwgw-asbuiga-s9h\" data-element_type=\"widget\" data-e-type=\"widget\" data-widget_type=\"heading.default\">\n\t\t\t\t\t<h2 class=\"elementor-heading-title elementor-size-default\">Asbuiga v s\u00fa\u010dasnom \u0161amanskom zdru\u017een\u00ed Tengeri<\/h2>\t\t\t\t<\/div>\n\t\t<div class=\"elementor-element elementor-element-iwgw-asbuiga-s9c e-con-full e-flex e-con e-child\" data-id=\"iwgw-asbuiga-s9c\" data-element_type=\"container\" data-e-type=\"container\">\n\t\t\t\t<div class=\"elementor-element elementor-element-iwgw-asbuiga-s9t elementor-widget elementor-widget-text-editor\" data-id=\"iwgw-asbuiga-s9t\" data-element_type=\"widget\" data-e-type=\"widget\" data-widget_type=\"text-editor.default\">\n\t\t\t\t\t\t\t\t\t<p>Burjatsk\u00e9 \u0161amansk\u00e9 zdru\u017eenie \u201eTengeri\u201c bolo zalo\u017een\u00e9 v roku 1993 v Ulan-Ude a dnes je jednou z najv\u00fdznamnej\u0161\u00edch in\u0161titucion\u00e1lnych nositeliek burjatsk\u00e9ho <span class=\"iwg-fachbegriff\" data-tooltip=\"N\u00e1bo\u017eensk\u00fd syst\u00e9m, v ktorom \u0161pecialisti komunikuj\u00fa so svetom duchov.\" tabindex=\"0\">\u0161amanizmu<\/span>. Organizuje inici\u00e1cie, koordinuje verejn\u00e9 ritu\u00e1ly a vedie rozsiahly arch\u00edv. Asbuiga patr\u00ed do pevn\u00e9ho reperto\u00e1ra jej hierarchie vz\u00fdvania.<\/p><p>Zo sociologick\u00e9ho h\u013eadiska n\u00e1bo\u017eenstva je \u201eTengeri\u201c zauj\u00edmav\u00e9 t\u00fdm, \u017ee prev\u00e1dza \u0161amansk\u00fa prax do modernej spolkovej \u0161trukt\u00fary, s \u010dlensk\u00fdmi preukazmi, stanovami a veden\u00edm. T\u00e1to in\u0161titucionaliz\u00e1cia je z h\u013eadiska dej\u00edn n\u00e1bo\u017eenstva novinkou a stavia v\u00fdskum pred nov\u00e9 metodologick\u00e9 \u00falohy.<\/p><p>Caroline Humphrey a jej \u017eia\u010dky sprev\u00e1dzali \u201eTengeri\u201c etnograficky a publikovali viacero v\u00fdznamn\u00fdch \u0161t\u00fadi\u00ed. Samo zdru\u017eenie dokumentuje svoju prax online, \u010do umo\u017e\u0148uje zriedkav\u00fa priamu pr\u00e1cu s prame\u0148mi.<\/p>\t\t\t\t\t\t\t\t<\/div>\n\t\t\t\t<\/div>\n\t\t\t\t\t<\/div>\n\t\t\t\t<\/div>\n\t\t<div class=\"elementor-element elementor-element-iwgw-asbuiga-s10 e-flex e-con-boxed e-con e-parent\" data-id=\"iwgw-asbuiga-s10\" data-element_type=\"container\" data-e-type=\"container\">\n\t\t\t\t\t<div class=\"e-con-inner\">\n\t\t\t\t<div class=\"elementor-element elementor-element-iwgw-asbuiga-s10h elementor-widget elementor-widget-heading\" data-id=\"iwgw-asbuiga-s10h\" data-element_type=\"widget\" data-e-type=\"widget\" data-widget_type=\"heading.default\">\n\t\t\t\t\t<h2 class=\"elementor-heading-title elementor-size-default\">Pramene a vz\u0165ah k Kult\u00farnemu centru<\/h2>\t\t\t\t<\/div>\n\t\t<div class=\"elementor-element elementor-element-iwgw-asbuiga-s10c e-con-full e-flex e-con e-child\" data-id=\"iwgw-asbuiga-s10c\" data-element_type=\"container\" data-e-type=\"container\">\n\t\t\t\t<div class=\"elementor-element elementor-element-iwgw-asbuiga-s10t elementor-widget elementor-widget-text-editor\" data-id=\"iwgw-asbuiga-s10t\" data-element_type=\"widget\" data-e-type=\"widget\" data-widget_type=\"text-editor.default\">\n\t\t\t\t\t\t\t\t\t<p>Kto chce presk\u00fama\u0165 komplex Asbuiga v celej jeho \u0161\u00edrke, n\u00e1jde na preh\u013eadovej str\u00e1nke <a href=\"https:\/\/iwell-guard.com\/sk\/sibirsky-samanizmus-tengrizmus\/\">Sib\u00edrsko-tengristick\u00e1 trad\u00edcia<\/a> najd\u00f4le\u017eitej\u0161ie odkazy na pr\u00edbuzn\u00e9 postavy ako <a href=\"https:\/\/iwell-guard.com\/sk\/?page_id=157976\">Khormusta<\/a> (mongolsk\u00e9 vrchn\u00e9 bo\u017estvo) a <a href=\"https:\/\/iwell-guard.com\/sk\/?page_id=157978\">Yhych-Khan<\/a> (jakutsk\u00fd vrchn\u00fd boh kon\u00ed).<\/p><p>Najd\u00f4le\u017eitej\u0161\u00edm prim\u00e1rnym zdrojom je dielo Matveja N. Hangalova <em>Sobranie sochinenij<\/em> (Ulan-Ude 1958, 60). Diela Caroline Humphrey <em>Shamans and Elders<\/em> (1996) a <em>Inside and Outside the Mongol Tent<\/em> (2002) patria medzi najv\u00fdznamnej\u0161ie s\u00fa\u010dasn\u00e9 etnografick\u00e9 pr\u00e1ce.<\/p><p>Dielo Mih\u00e1lya Hopp\u00e1la <em>Shamans and Traditions<\/em> (Budapest 2007) pon\u00faka \u0161irok\u00fa komparat\u00edvnu perspekt\u00edvu a zara\u010fuje Asbuigu do \u0161ir\u0161ieho po\u013ea eur\u00e1zijsk\u00fdch trad\u00edci\u00ed pomocn\u00fdch duchov. Pr\u00e1ca V. P. Diakonovovej <em>Tuvinskie i burjatskie shamany<\/em> (2001) ju dop\u013a\u0148a h\u013abkou rusk\u00e9ho v\u00fdskumu.<\/p>\t\t\t\t\t\t\t\t<\/div>\n\t\t\t\t<\/div>\n\t\t\t\t\t<\/div>\n\t\t\t\t<\/div>\n\t\t<div class=\"elementor-element elementor-element-iwgw-asbuiga-s11 e-flex e-con-boxed e-con e-parent\" data-id=\"iwgw-asbuiga-s11\" data-element_type=\"container\" data-e-type=\"container\">\n\t\t\t\t\t<div class=\"e-con-inner\">\n\t\t\t\t<div class=\"elementor-element elementor-element-iwgw-asbuiga-s11h elementor-widget elementor-widget-heading\" data-id=\"iwgw-asbuiga-s11h\" data-element_type=\"widget\" data-e-type=\"widget\" data-widget_type=\"heading.default\">\n\t\t\t\t\t<h2 class=\"elementor-heading-title elementor-size-default\">Asbuiga v burjatskom pant\u00e9one<\/h2>\t\t\t\t<\/div>\n\t\t<div class=\"elementor-element elementor-element-iwgw-asbuiga-s11c e-con-full e-flex e-con e-child\" data-id=\"iwgw-asbuiga-s11c\" data-element_type=\"container\" data-e-type=\"container\">\n\t\t\t\t<div class=\"elementor-element elementor-element-iwgw-asbuiga-s11t elementor-widget elementor-widget-text-editor\" data-id=\"iwgw-asbuiga-s11t\" data-element_type=\"widget\" data-e-type=\"widget\" data-widget_type=\"text-editor.default\">\n\t\t\t\t\t\t\t\t\t<p>Asbuiga je zaraden\u00e1 do hierarchicky usporiadan\u00e9ho burjatsk\u00e9ho <span class=\"iwg-fachbegriff\" data-tooltip=\"S\u00fahrn bohov ur\u010dit\u00e9ho n\u00e1bo\u017eenstva alebo kult\u00fary.\" tabindex=\"0\">pante\u00f3nu<\/span>, ktor\u00fd je podrobne pop\u00edsan\u00fd v Hangalovovom Sobranie sochinenij (1958, 60). Na vrchole stoja 99 Tengri (s <a href=\"https:\/\/iwell-guard.com\/sk\/?page_id=157976\">Khormustom<\/a> ako vodcom 33 z\u00e1padn\u00fdch bielych), pod nimi kme\u0148ov\u00ed bohovia <em>Khaty<\/em>, potom miestne viazan\u00ed duchovia <em>Ezhin<\/em> a nakoniec \u0161pecializovan\u00ed pomocn\u00ed duchovia ako Asbuiga.<\/p><p>T\u00e1to \u0161tvorstup\u0148ov\u00e1 hierarchia je z n\u00e1bo\u017eenskosystematick\u00e9ho h\u013eadiska ve\u013emi rozvinut\u00e1; rob\u00ed burjatsk\u00fd <span class=\"iwg-fachbegriff\" data-tooltip=\"N\u00e1bo\u017eensk\u00fd syst\u00e9m, v ktorom \u0161pecialisti komunikuj\u00fa so svetom duchov.\" tabindex=\"0\">\u0161amanizmus<\/span> jedn\u00fdm z najd\u00f4kladnej\u0161ie zdokumentovan\u00fdch pr\u00edkladov \u201ekomplexne \u0161trukt\u00farovan\u00e9ho\u201c animistick\u00e9ho syst\u00e9mu.<\/p><p>\u00dalohou Asbuigy v tejto hierarchii je \u00faloha \u201efunk\u010dn\u00e9ho \u0161pecialistu\u201c: nie je najvy\u0161\u0161\u00edm bo\u017estvom, ale je pr\u00edslu\u0161n\u00fdm adres\u00e1tom pre svoju oblas\u0165. T\u00e1to \u0161pecializ\u00e1cia vych\u00e1dza z ekonomickej logiky burjatsk\u00e9ho chovu kon\u00ed.<\/p>\t\t\t\t\t\t\t\t<\/div>\n\t\t\t\t<\/div>\n\t\t\t\t\t<\/div>\n\t\t\t\t<\/div>\n\t\t<div class=\"elementor-element elementor-element-iwgw-asbuiga-s12 e-flex e-con-boxed e-con e-parent\" data-id=\"iwgw-asbuiga-s12\" data-element_type=\"container\" data-e-type=\"container\">\n\t\t\t\t\t<div class=\"e-con-inner\">\n\t\t\t\t<div class=\"elementor-element elementor-element-iwgw-asbuiga-s12h elementor-widget elementor-widget-heading\" data-id=\"iwgw-asbuiga-s12h\" data-element_type=\"widget\" data-e-type=\"widget\" data-widget_type=\"heading.default\">\n\t\t\t\t\t<h2 class=\"elementor-heading-title elementor-size-default\">Metodologick\u00e1 reflexia<\/h2>\t\t\t\t<\/div>\n\t\t<div class=\"elementor-element elementor-element-iwgw-asbuiga-s12c e-con-full e-flex e-con e-child\" data-id=\"iwgw-asbuiga-s12c\" data-element_type=\"container\" data-e-type=\"container\">\n\t\t\t\t<div class=\"elementor-element elementor-element-iwgw-asbuiga-s12t elementor-widget elementor-widget-text-editor\" data-id=\"iwgw-asbuiga-s12t\" data-element_type=\"widget\" data-e-type=\"widget\" data-widget_type=\"text-editor.default\">\n\t\t\t\t\t\t\t\t\t<p>Vo v\u00fdskume Asbuigy vznikaj\u00fa viacer\u00e9 metodologick\u00e9 probl\u00e9my. Prv\u00fd: prim\u00e1rne prameene s\u00fa skromn\u00e9; Hangalov je najv\u00fdznamnej\u0161\u00ed, k tomu pristupuje nieko\u013eko sovietskych z\u00e1znamov. Systematick\u00e9 roz\u0161\u00edrenie prame\u0148ovej z\u00e1kladne st\u00e1le ch\u00fdba.<\/p><p>Druh\u00fd: s\u00fa\u010dasn\u00e1 \u0161amansk\u00e1 prax v Burjatsku (zdru\u017eenie \u201eTengeri\u201c) predstavuje samostatn\u00fa \u00farove\u0148 prame\u0148ov, ktor\u00fa je potrebn\u00e9 z religionisticko-etnologick\u00e9ho h\u013eadiska starostlivo posudzova\u0165; nejde toti\u017e jednoducho o pokra\u010dovanie historickej praxe, ale o modern\u00fa reformul\u00e1ciu.<\/p><p>Tret\u00ed: nap\u00e4tie medzi buddhistickou a \u0161amanistickou vrstvou v Burjatsku sa dot\u00fdka aj Asbuigy; nie je vo v\u0161etk\u00fdch oh\u013eadoch jasn\u00e9, v ktorej vrstve historicky zakotvuje. Caroline Humphreyov\u00e1 toto nap\u00e4tie podrobne pop\u00edsala.<\/p>\t\t\t\t\t\t\t\t<\/div>\n\t\t\t\t<\/div>\n\t\t\t\t\t<\/div>\n\t\t\t\t<\/div>\n\t\t<div class=\"elementor-element elementor-element-iwgw-asbuiga-s13 e-flex e-con-boxed e-con e-parent\" data-id=\"iwgw-asbuiga-s13\" data-element_type=\"container\" data-e-type=\"container\">\n\t\t\t\t\t<div class=\"e-con-inner\">\n\t\t\t\t<div class=\"elementor-element elementor-element-iwgw-asbuiga-s13h elementor-widget elementor-widget-heading\" data-id=\"iwgw-asbuiga-s13h\" data-element_type=\"widget\" data-e-type=\"widget\" data-widget_type=\"heading.default\">\n\t\t\t\t\t<h2 class=\"elementor-heading-title elementor-size-default\">Asbuiga a burjatsk\u00fd buddhizmus<\/h2>\t\t\t\t<\/div>\n\t\t<div class=\"elementor-element elementor-element-iwgw-asbuiga-s13c e-con-full e-flex e-con e-child\" data-id=\"iwgw-asbuiga-s13c\" data-element_type=\"container\" data-e-type=\"container\">\n\t\t\t\t<div class=\"elementor-element elementor-element-iwgw-asbuiga-s13t elementor-widget elementor-widget-text-editor\" data-id=\"iwgw-asbuiga-s13t\" data-element_type=\"widget\" data-e-type=\"widget\" data-widget_type=\"text-editor.default\">\n\t\t\t\t\t\t\t\t\t<p>Hlb\u0161ie pozornosti si zasl\u00fa\u017ei vz\u0165ah medzi Asbuigou a burjatsk\u00fdm buddhizmom (\u0161kola gelug, od 17. storo\u010dia \u00faradn\u00e9 n\u00e1bo\u017eenstvo Burjatov). V oblastiach vidieckych kme\u0148ov pri Predbajkal\u00ed sa Asbuiga zachovala \u010diasto\u010dne ako \u201ebuddhistick\u00fd pomocn\u00fd duch\u201c, v \u0161amansk\u00fdch kruhoch v Zabajkal\u00ed ako \u201enebuddhistick\u00fd \u0161pecializovan\u00fd duch\u201c.<\/p><p>Toto dvojit\u00e9 zakotvenie je historicky zauj\u00edmav\u00e9: ukazuje, \u017ee \u201ebuddhizmus\u201c a \u201e<span class=\"iwg-fachbegriff\" data-tooltip=\"N\u00e1bo\u017eensk\u00fd syst\u00e9m, v ktorom \u0161pecialisti komunikuj\u00fa so svetom duchov.\" tabindex=\"0\">\u0161amanizmus<\/span>\u201c nie s\u00fa v Burjatsku striktne oddelen\u00fdmi svetmi, ale udr\u017eiavaj\u00fa medzi sebou plynul\u00e9 vz\u00e1jomn\u00e9 vz\u0165ahy. Caroline Humphreyov\u00e1 t\u00fato plynulos\u0165 podrobne analyzovala v diele <em>Shamans and Elders<\/em> (1996).<\/p><p>S\u00fa\u010dasn\u00e9 \u0161amansk\u00e9 zdru\u017eenie \u201eTengeri\u201c sa stavia proti prisvojeniu si Asbuigy buddhizmom a n\u00e1rokuje si ju ako \u201e\u010disto \u0161amansk\u00fa\u201c postavu. Z religionisticko-sociologick\u00e9ho h\u013eadiska je toto vymedzenie identitn\u00fdm markerom, ktor\u00fd presahuje historick\u00e9 zistenia.<\/p>\t\t\t\t\t\t\t\t<\/div>\n\t\t\t\t<\/div>\n\t\t\t\t\t<\/div>\n\t\t\t\t<\/div>\n\t\t<div class=\"elementor-element elementor-element-iwgw-asbuiga-s14 e-flex e-con-boxed e-con e-parent\" data-id=\"iwgw-asbuiga-s14\" data-element_type=\"container\" data-e-type=\"container\">\n\t\t\t\t\t<div class=\"e-con-inner\">\n\t\t\t\t<div class=\"elementor-element elementor-element-iwgw-asbuiga-s14h elementor-widget elementor-widget-heading\" data-id=\"iwgw-asbuiga-s14h\" data-element_type=\"widget\" data-e-type=\"widget\" data-widget_type=\"heading.default\">\n\t\t\t\t\t<h2 class=\"elementor-heading-title elementor-size-default\">Asbuiga a re\u0161trukturaliz\u00e1cia burjatsk\u00e9ho \u0161amansk\u00e9ho stavu<\/h2>\t\t\t\t<\/div>\n\t\t<div class=\"elementor-element elementor-element-iwgw-asbuiga-s14c e-con-full e-flex e-con e-child\" data-id=\"iwgw-asbuiga-s14c\" data-element_type=\"container\" data-e-type=\"container\">\n\t\t\t\t<div class=\"elementor-element elementor-element-iwgw-asbuiga-s14t elementor-widget elementor-widget-text-editor\" data-id=\"iwgw-asbuiga-s14t\" data-element_type=\"widget\" data-e-type=\"widget\" data-widget_type=\"text-editor.default\">\n\t\t\t\t\t\t\t\t\t<p>Hlb\u0161iu pozornos\u0165 si zasl\u00fa\u017ei aj re\u0161trukturaliz\u00e1cia burjatsk\u00e9ho \u0161amansk\u00e9ho stavu po roku 1990. Sovietske represie v\u00fdrazne po\u0161kodili \u0161amansk\u00fa trad\u00edciu; m\u00e1lo zost\u00e1vaj\u00facich praktikov pracovalo v skrytosti. S politickou liberaliz\u00e1ciou a obnovou buddhizmu vznikol aj otvorene praktizovan\u00fd <span class=\"iwg-fachbegriff\" data-tooltip=\"N\u00e1bo\u017eensk\u00fd syst\u00e9m, v ktorom \u0161pecialisti komunikuj\u00fa so svetom duchov.\" tabindex=\"0\">\u0161amanizmus<\/span>, ktor\u00fd sa organizoval do viacer\u00fdch konkuruj\u00facich si zdru\u017een\u00ed.<\/p><p>Najv\u00fdznamnej\u0161\u00edmi zdru\u017eeniami s\u00fa \u201eTengeri\u201c (zalo\u017een\u00e9 1993 v Ulan-Ude) a \u201eBoo Murgel\u201c (o nie\u010do nesk\u00f4r). Obe si n\u00e1rokuj\u00fa Asbuigu ako s\u00fa\u010das\u0165 svojho reperto\u00e1ra, hoci s odli\u0161n\u00fdm ritu\u00e1lnym stv\u00e1rnen\u00edm. Caroline Humphreyov\u00e1 t\u00fato in\u0161titucion\u00e1lnu rozmanitos\u0165 podrobne pop\u00edsala.<\/p><p>Z h\u013eadiska sociol\u00f3gie n\u00e1bo\u017eenstva je t\u00e1to pluraliz\u00e1cia zauj\u00edmav\u00fdm pr\u00edpadom: vytvorenie \u201e\u0161amansk\u00e9ho stavu\u201c ako modernej spolkovej \u0161trukt\u00fary je novinkou, ktor\u00e1 menia tradi\u010dn\u00fd charakter praxe. Pre mlad\u00fdch v\u00fdskumn\u00edkov sa tu otv\u00e1ra v\u010fa\u010dn\u00e9 v\u00fdskumn\u00e9 pole na priese\u010dn\u00edku religionistickej etnol\u00f3gie a sociol\u00f3gie organiz\u00e1ci\u00ed.<\/p>\t\t\t\t\t\t\t\t<\/div>\n\t\t\t\t<\/div>\n\t\t\t\t\t<\/div>\n\t\t\t\t<\/div>\n\t\t<div class=\"elementor-element elementor-element-iwgw-asbuiga-s15 e-flex e-con-boxed e-con e-parent\" data-id=\"iwgw-asbuiga-s15\" data-element_type=\"container\" data-e-type=\"container\">\n\t\t\t\t\t<div class=\"e-con-inner\">\n\t\t\t\t<div class=\"elementor-element elementor-element-iwgw-asbuiga-s15h elementor-widget elementor-widget-heading\" data-id=\"iwgw-asbuiga-s15h\" data-element_type=\"widget\" data-e-type=\"widget\" data-widget_type=\"heading.default\">\n\t\t\t\t\t<h2 class=\"elementor-heading-title elementor-size-default\">Asbuiga v medzin\u00e1rodnom v\u00fdskume \u0161amanizmu<\/h2>\t\t\t\t<\/div>\n\t\t<div class=\"elementor-element elementor-element-iwgw-asbuiga-s15c e-con-full e-flex e-con e-child\" data-id=\"iwgw-asbuiga-s15c\" data-element_type=\"container\" data-e-type=\"container\">\n\t\t\t\t<div class=\"elementor-element elementor-element-iwgw-asbuiga-s15t elementor-widget elementor-widget-text-editor\" data-id=\"iwgw-asbuiga-s15t\" data-element_type=\"widget\" data-e-type=\"widget\" data-widget_type=\"text-editor.default\">\n\t\t\t\t\t\t\t\t\t<p>Asbuiga bol v posledn\u00fdch dvoch desa\u0165ro\u010diach zaraden\u00fd do medzin\u00e1rodn\u00e9ho \u0161amansk\u00e9ho v\u00fdskumu. Mih\u00e1ly Hopp\u00e1lova kniha <em>Shamans and Traditions<\/em> (Budape\u0161\u0165 2007) ho za\u010dle\u0148uje do \u0161ir\u0161ieho po\u013ea euro\u00e1zijsk\u00fdch trad\u00edci\u00ed pomocn\u00fdch duchov. Andrei Znamenskij v diele <em>Shamanism and Western Imagination<\/em> (2007) ho rozober\u00e1 ako pr\u00edklad \u0161pecializ\u00e1cie \u0161amansk\u00fdch vz\u00fdvan\u00ed.<\/p><p>Osobitn\u00fa \u00falohu tu zohr\u00e1va ma\u010farsk\u00fd \u0161amansk\u00fd v\u00fdskum, ktor\u00fd sa od \u010dias Vilmosa Di\u00f3szegiho (1923, 1972) rozvinul do samostatnej \u0161koly euro\u00e1zijsk\u00e9ho komparat\u00edvneho v\u00fdskumu. Di\u00f3szegiho nasledovn\u00edci Hopp\u00e1l a P\u00e1l <span class=\"iwg-fachbegriff\" data-tooltip=\"V abrah\u00e1movsk\u00fdch n\u00e1bo\u017eenstv\u00e1ch nebesk\u00e1 bytos\u0165, posol Boha.\" tabindex=\"0\">Anjel<\/span> zaradili Asbuigu do tejto komparat\u00edvnej trad\u00edcie.<\/p><p>Pre s\u00fa\u010dasn\u00fa <span class=\"iwg-fachbegriff\" data-tooltip=\"Veda, ktor\u00e1 porovn\u00e1vac\u00edm sp\u00f4sobom a bez n\u00e1bo\u017eenskej viazanosti sk\u00fama n\u00e1bo\u017eenstv\u00e1.\" tabindex=\"0\">religionistiku<\/span> tak Asbuiga u\u017e nie je len okrajovou buriatskou postavou, ale s\u00fa\u010das\u0165ou etablovan\u00e9ho v\u00fdskumn\u00e9ho po\u013ea. Toto zaradenie je z h\u013eadiska dej\u00edn n\u00e1bo\u017eenstva pozoruhodn\u00e9 a rob\u00ed z neho zauj\u00edmav\u00fd predmet \u0161t\u00fadia pre mlad\u00fdch b\u00e1date\u013eov.<\/p>\t\t\t\t\t\t\t\t<\/div>\n\t\t\t\t<\/div>\n\t\t\t\t\t<\/div>\n\t\t\t\t<\/div>\n\t\t<div class=\"elementor-element elementor-element-cp2d1253e9 e-flex e-con-boxed e-con e-parent\" data-id=\"cp2d1253e9\" data-element_type=\"container\" data-e-type=\"container\">\n\t\t\t\t\t<div class=\"e-con-inner\">\n\t\t\t\t<div class=\"elementor-element elementor-element-cp25e827d2 elementor-widget elementor-widget-heading\" data-id=\"cp25e827d2\" data-element_type=\"widget\" data-e-type=\"widget\" data-widget_type=\"heading.default\">\n\t\t\t\t\t<h2 class=\"elementor-heading-title elementor-size-default\">Kov\u00e1\u010d v jakutskom sveton\u00e1zore a spolo\u010densk\u00e9 postavenie remesla<\/h2>\t\t\t\t<\/div>\n\t\t<div class=\"elementor-element elementor-element-cp23c021d3 e-flex e-con-boxed e-con e-child\" data-id=\"cp23c021d3\" data-element_type=\"container\" data-e-type=\"container\">\n\t\t\t\t\t<div class=\"e-con-inner\">\n\t\t\t\t<div class=\"elementor-element elementor-element-cp291830cb elementor-widget elementor-widget-text-editor\" data-id=\"cp291830cb\" data-element_type=\"widget\" data-e-type=\"widget\" data-widget_type=\"text-editor.default\">\n\t\t\t\t\t\t\t\t\t<p>Uctievanie kov\u00e1\u010dskeho bo\u017estva, ako je dosved\u010den\u00e9 pre <em>Asbuigu<\/em> v jakutsko-sib\u00edrskej <span class=\"iwg-fachbegriff\" data-tooltip=\"Odovzd\u00e1vanie vedomost\u00ed a rozpr\u00e1van\u00ed z gener\u00e1cie na gener\u00e1ciu.\" tabindex=\"0\">trad\u00edcii<\/span>, mo\u017eno pochopi\u0165 len s oh\u013eadom na osobit\u00e9 postavenie kov\u00e1\u010da v spolo\u010dnostiach severnej \u00c1zie.<\/p><p>U Jakutov, ktor\u00ed sa sami naz\u00fdvaj\u00fa <em>Sacha<\/em>, sa kov\u00e1\u010dstvo nepova\u017eovalo za be\u017en\u00e9 remeslo, ale za nebezpe\u010dn\u00fa a cten\u00fa \u010dinnos\u0165, ktor\u00e1 priv\u00e1dzala do styku s nadprirodzen\u00fdmi silami. Roz\u0161\u00edren\u00e9 pr\u00edslovie, ktor\u00e9 na konci 19. storo\u010dia zaznamenali b\u00e1datelia ako Wac\u0142aw Sieroszewski, stavia kov\u00e1\u010da a <span class=\"iwg-fachbegriff\" data-tooltip=\"N\u00e1bo\u017eensk\u00fd \u0161pecialista, ktor\u00e9mu sa pripisuje sprostredkovanie medzi \u013eu\u010fmi a svetom duchov.\" tabindex=\"0\">\u0161amana<\/span> na rovnak\u00fa \u00farove\u0148 a oboch odvodzuje z toho ist\u00e9ho hniezda.<\/p><p>Toto zrovnopr\u00e1vnenie malo praktick\u00e9 d\u00f4vody. Kov\u00e1\u010d disponoval oh\u0148om, kovom n\u00e1strojov a predov\u0161etk\u00fdm \u017eelezn\u00fdmi \u010das\u0165ami \u0161amansk\u00e9ho odevu, ktor\u00e9 boli <span class=\"iwg-fachbegriff\" data-tooltip=\"Patriaci k pevne stanoven\u00e9mu n\u00e1bo\u017eensk\u00e9mu postupu.\" tabindex=\"0\">ritu\u00e1lne<\/span> nabit\u00e9 a bez ktor\u00fdch sa <span class=\"iwg-fachbegriff\" data-tooltip=\"N\u00e1bo\u017eensk\u00fd \u0161pecialista, ktor\u00e9mu sa pripisuje sprostredkovanie medzi \u013eu\u010fmi a svetom duchov.\" tabindex=\"0\">\u0161aman<\/span> nemohol vyda\u0165 na svoje cesty.<\/p><p>Kov\u00e1\u010d tak st\u00e1l na po\u010diatku samotn\u00e9ho n\u00e1bo\u017eensk\u00e9ho apar\u00e1tu. Rozpr\u00e1vania hovoria, \u017ee \u0165a\u017ek\u00e9 \u010dasti odevu smel vyr\u00e1ba\u0165 len kov\u00e1\u010d z dlh\u00e9ho rodu kov\u00e1\u010dov, inak by duchovia utrpeli ujmu.<\/p><p>Do tejto \u0161trukt\u00fary patr\u00ed Asbuiga ako nebesk\u00fd alebo podsvetn\u00fd p\u00f4vodca kov\u00e1\u010dstva. Jakutsk\u00e1 <span class=\"iwg-fachbegriff\" data-tooltip=\"Predstava o stavbe a poriadku svet a v r\u00e1mci danej kult\u00fary.\" tabindex=\"0\">kozmol\u00f3gia<\/span> zara\u010fuje kov\u00e1\u010dsku silu sk\u00f4r do spodn\u00e9ho sveta, do oblasti oh\u0148a a nebezpe\u010dn\u00fdch duchov, zatia\u013e \u010do svetl\u00e9 stvorite\u013esk\u00e9 bo\u017estv\u00e1 patria horn\u00e9mu svetu.<\/p><p>Kov\u00e1\u010dske bo\u017estvo je tak ambivalentn\u00e9. Je darcom nepostr\u00e1date\u013en\u00e9ho vedenia a z\u00e1rove\u0148 je spojen\u00e9 so sf\u00e9rou, s ktorou treba zaobch\u00e1dza\u0165 opatrne.<\/p><p>Z h\u013eadiska kritiky prame\u0148ov treba pripomen\u00fa\u0165, \u017ee jakutsk\u00e9 n\u00e1bo\u017eenstvo bolo zdokumentovan\u00e9 a\u017e neskoro a predov\u0161etk\u00fdm rusk\u00fdmi etnografmi a politick\u00fdmi vyhnancami, ktor\u00ed v 19. storo\u010d\u00ed \u017eili v Sib\u00edri. Ich z\u00e1znamy s\u00fa hodnotn\u00e9, no nes\u00fa si so sebou poh\u013ead zvonku a u\u017e kres\u0165ansky ovplyvnen\u00fa gener\u00e1ciu inform\u00e1torov.<\/p><p>Spojenie kov\u00e1\u010da, oh\u0148a a ritu\u00e1lnej moci je napriek tomu \u0161iroko a nez\u00e1visle dosved\u010den\u00e9 a patr\u00ed k najlep\u0161ie dolo\u017een\u00fdm prvkom severo\u00e1zijsk\u00fdch n\u00e1bo\u017eensk\u00fdch dej\u00edn. Asbuiga v tomto r\u00e1mci nie je izolovan\u00fdm mytologick\u00fdm detailom, ale n\u00e1bo\u017eensk\u00fdm v\u00fdrazom re\u00e1lnej spolo\u010denskej skuto\u010dnosti.<\/p>\t\t\t\t\t\t\t\t<\/div>\n\t\t\t\t\t<\/div>\n\t\t\t\t<\/div>\n\t\t\t\t\t<\/div>\n\t\t\t\t<\/div>\n\t\t<div class=\"elementor-element elementor-element-iwgw-asbuiga-lit e-flex e-con-boxed e-con e-parent\" data-id=\"iwgw-asbuiga-lit\" data-element_type=\"container\" data-e-type=\"container\">\n\t\t\t\t\t<div class=\"e-con-inner\">\n\t\t\t\t<div class=\"elementor-element elementor-element-iwgw-asbuiga-lith elementor-widget elementor-widget-heading\" data-id=\"iwgw-asbuiga-lith\" data-element_type=\"widget\" data-e-type=\"widget\" data-widget_type=\"heading.default\">\n\t\t\t\t\t<h2 class=\"elementor-heading-title elementor-size-default\">Literat\u00fara (v\u00fdber)<\/h2>\t\t\t\t<\/div>\n\t\t<div class=\"elementor-element elementor-element-iwgw-asbuiga-litc e-con-full e-flex e-con e-child\" data-id=\"iwgw-asbuiga-litc\" data-element_type=\"container\" data-e-type=\"container\">\n\t\t\t\t<div class=\"elementor-element elementor-element-iwgw-asbuiga-litt elementor-widget elementor-widget-text-editor\" data-id=\"iwgw-asbuiga-litt\" data-element_type=\"widget\" data-e-type=\"widget\" data-widget_type=\"text-editor.default\">\n\t\t\t\t\t\t\t\t\t<ul><li>M. N. Hangalov: <em>Sobranie sochinenij<\/em> (Ulan-Ude 1958, 1960)<\/li><li>Caroline Humphrey: <em>Shamans and Elders<\/em> (1996)<\/li><li>Mih\u00e1ly Hopp\u00e1l: <em>Shamans and Traditions<\/em> (2007)<\/li><li>V. P. Diakonova: <em>Tuvinskie i burjatskie shamany<\/em> (2001)<\/li><li>Roberte Hamayon: <em>La chasse \u00e0 l&#8217;\u00e2me<\/em> (1990)<\/li><li>Andrei Znamenski: <em>Shamanism and Western Imagination<\/em> (2007)<\/li><li>Vladimir Basilov: <em>Shamanism in Siberia<\/em> (1984)<\/li><\/ul>\t\t\t\t\t\t\t\t<\/div>\n\t\t\t\t<\/div>\n\t\t\t\t\t<\/div>\n\t\t\t\t<\/div>\n\t\t<div class=\"elementor-element elementor-element-iwgkw2-add-asbuiga e-flex e-con-boxed e-con e-parent\" data-id=\"iwgkw2-add-asbuiga\" data-element_type=\"container\" data-e-type=\"container\">\n\t\t\t\t\t<div class=\"e-con-inner\">\n\t\t\t\t<div class=\"elementor-element elementor-element-iwgkw2-add-asbuiga-t elementor-widget elementor-widget-text-editor\" data-id=\"iwgkw2-add-asbuiga-t\" data-element_type=\"widget\" data-e-type=\"widget\" data-widget_type=\"text-editor.default\">\n\t\t\t\t\t\t\t\t\t<p>V burjatsko-mongolskom <span class=\"iwg-fachbegriff\" data-tooltip=\"Odovzd\u00e1van\u00e9 rozpr\u00e1vanie o bohoch, p\u00f4vode a poriadku svet.\" tabindex=\"0\">m\u00fdte<\/span> sa Asbuiga zjavuje ako duch ko\u0148a a \u0161amansk\u00fd pomocn\u00fd duch; pramene z oblasti Bajkalu a Sachalinu ho popisuj\u00fa ako sprievodcu na duchovn\u00fdch jazd\u00e1ch a ochrancu st\u00e1d.<\/p>\t\t\t\t\t\t\t\t<\/div>\n\t\t\t\t\t<\/div>\n\t\t\t\t<\/div>\n\t\t<div class=\"elementor-element elementor-element-iwgw-asbuiga-kwd e-flex e-con-boxed e-con e-parent\" data-id=\"iwgw-asbuiga-kwd\" data-element_type=\"container\" data-e-type=\"container\">\n\t\t\t\t\t<div class=\"e-con-inner\">\n\t\t<div class=\"elementor-element elementor-element-iwgw-asbuiga-kwdc e-con-full e-flex e-con e-child\" data-id=\"iwgw-asbuiga-kwdc\" data-element_type=\"container\" data-e-type=\"container\">\n\t\t\t\t<div class=\"elementor-element elementor-element-iwgw-asbuiga-kwdt elementor-widget elementor-widget-text-editor\" data-id=\"iwgw-asbuiga-kwdt\" data-element_type=\"widget\" data-e-type=\"widget\" data-widget_type=\"text-editor.default\">\n\t\t\t\t\t\t\t\t\t<p><em>S\u00favisiace k\u013e\u00fa\u010dov\u00e9 pojmy: Asbuiga Buriati \u0161amani pomocn\u00fd duch kone Hangalov toli.<\/em><\/p>\t\t\t\t\t\t\t\t<\/div>\n\t\t\t\t<\/div>\n\t\t\t\t\t<\/div>\n\t\t\t\t<\/div>\n\t\t<div class=\"elementor-element elementor-element-iwgw-asbuiga-cc e-flex e-con-boxed e-con e-parent\" data-id=\"iwgw-asbuiga-cc\" data-element_type=\"container\" data-e-type=\"container\" id=\"iwg-cc-asbuiga\">\n\t\t\t\t\t<div class=\"e-con-inner\">\n\t\t<div class=\"elementor-element elementor-element-iwgw-asbuiga-ccinner e-flex e-con-boxed e-con e-parent\" data-id=\"iwgw-asbuiga-ccinner\" data-element_type=\"container\" data-e-type=\"container\" data-settings=\"{&quot;background_background&quot;:&quot;classic&quot;}\">\n\t\t\t\t\t<div class=\"e-con-inner\">\n\t\t\t\t<div class=\"elementor-element elementor-element-iwgw-asbuiga-cch elementor-widget elementor-widget-heading\" data-id=\"iwgw-asbuiga-cch\" data-element_type=\"widget\" data-e-type=\"widget\" data-widget_type=\"heading.default\">\n\t\t\t\t\t<h2 class=\"elementor-heading-title elementor-size-default\">iWell Guard a ochrann\u00e9 trad\u00edcie<\/h2>\t\t\t\t<\/div>\n\t\t\t\t<div class=\"elementor-element elementor-element-iwgw-asbuiga-cct elementor-widget elementor-widget-text-editor\" data-id=\"iwgw-asbuiga-cct\" data-element_type=\"widget\" data-e-type=\"widget\" data-widget_type=\"text-editor.default\">\n\t\t\t\t\t\t\t\t\t<div data-nosnippet=\"true\"><p>iWell Guard sa nadv\u00e4zuje na kult\u00farno-historick\u00fa trad\u00edciu prenosn\u00fdch ochrann\u00fdch predmetov, v trad\u00edcii <a href=\"https:\/\/iwell-guard.com\/sk\/sibirsky-samanizmus-tengrizmus\/\">Sib\u00edri \/ tengrizmu<\/a> a mnoh\u00fdch \u010fal\u0161\u00edch kult\u00far po celom svete. 41 vrstiev, prav\u00e9 zlato, platina, striebro, vyroben\u00e9 v Nemecku. 30-d\u0148ov\u00e1 mo\u017enos\u0165 vr\u00e1tenia.<\/p><\/div>\t\t\t\t\t\t\t\t<\/div>\n\t\t\t\t<div class=\"elementor-element elementor-element-iwgw-asbuiga-ccb iwg-cc-button iwg-cc-cta-2026-05-13 elementor-widget elementor-widget-jet-button\" data-id=\"iwgw-asbuiga-ccb\" data-element_type=\"widget\" data-e-type=\"widget\" data-widget_type=\"jet-button.default\">\n\t\t\t\t<div class=\"elementor-widget-container\">\n\t\t\t\t\t<div class=\"elementor-jet-button jet-elements\"><div class=\"jet-button__container\"><a class=\"jet-button__instance jet-button__instance--icon-left hover-effect-1\" href=\"\/ueber-iwell-guard\/?utm_source=iwell-guard.com&amp;utm_medium=info-box&amp;utm_campaign=wesen-tradition\"><div class=\"jet-button__plane jet-button__plane-normal\"><\/div><div class=\"jet-button__plane jet-button__plane-hover\"><\/div><div class=\"jet-button__state jet-button__state-normal\"><span class=\"jet-button__label\">Viac o iWell Guard<\/span><\/div><div class=\"jet-button__state jet-button__state-hover\"><span class=\"jet-button__label\">Viac o iWell Guard<\/span><\/div><\/a><\/div><\/div><style>.elementor-element.elementor-element-iwgw-asbuiga-ccb .jet-button__instance{width:320px;height:56px;}.elementor-element.elementor-element-iwgw-asbuiga-ccb .jet-button__state-normal .jet-button__label{text-align:center;margin:0px 0px 0px 0px;color:#1a1b20;font-family:Montserrat,sans-serif;font-size:13px;font-weight:400;letter-spacing:4px;line-height:1.714em;text-transform:uppercase;}.elementor-element.elementor-element-iwgw-asbuiga-ccb .jet-button__state-hover .jet-button__label{text-align:center;margin:0px 0px 0px 0px;color:#FECC76;font-family:Montserrat,sans-serif;font-size:13px;font-weight:400;letter-spacing:4px;line-height:1.714em;text-transform:uppercase;}.elementor-element.elementor-element-iwgw-asbuiga-ccb .jet-button__plane-normal{background-color:#FECC76;border-style:solid;border-color:#C99540;border-width:2px 2px 2px 2px;}.elementor-element.elementor-element-iwgw-asbuiga-ccb .jet-button__plane-hover{background-color:rgba(0,0,0,0.55);border-style:solid;border-color:#FECC76;border-width:2px 2px 2px 2px;}<\/style>\t\t\t\t<\/div>\n\t\t\t\t<\/div>\n\t\t\t\t<div class=\"elementor-element elementor-element-iwgw-asbuiga-ccd elementor-widget elementor-widget-text-editor\" data-id=\"iwgw-asbuiga-ccd\" data-element_type=\"widget\" data-e-type=\"widget\" data-widget_type=\"text-editor.default\">\n\t\t\t\t\t\t\t\t\t<div data-nosnippet=\"true\"><p style=\"text-align:center;font-size:13px;opacity:0.7;margin-top:14px\" data-nosnippet=\"true\">Osobn\u00e9 sk\u00fasenosti sa m\u00f4\u017eu l\u00ed\u0161i\u0165. Nie je to zdravotn\u00edcka pom\u00f4cka. \u017diadny pr\u00eds\u013eub lie\u010denia.<\/p><\/div>\t\t\t\t\t\t\t\t<\/div>\n\t\t\t\t\t<\/div>\n\t\t\t\t<\/div>\n\t\t\t\t\t<\/div>\n\t\t\t\t<\/div>\n\t\t<div class=\"elementor-element elementor-element-iwgw-asbuiga-disc e-flex e-con-boxed e-con e-parent\" data-id=\"iwgw-asbuiga-disc\" data-element_type=\"container\" data-e-type=\"container\">\n\t\t\t\t\t<div class=\"e-con-inner\">\n\t\t\t\t<div class=\"elementor-element elementor-element-iwgw-asbuiga-discw elementor-widget elementor-widget-html\" data-id=\"iwgw-asbuiga-discw\" data-element_type=\"widget\" data-e-type=\"widget\" data-widget_type=\"html.default\">\n\t\t\t\t\t<footer data-nosnippet=\"true\" class=\"iwg-disclaimer-block\"><p data-nosnippet=\"true\">iWell Guard <strong>nie je zdravotn\u00edcka pom\u00f4cka<\/strong> a nenahr\u00e1dza lek\u00e1rske ani psychoterapeutick\u00e9 o\u0161etrenie. Religionistick\u00fd obsah predstavuje kult\u00farno-historick\u00e9 zaradenie, nie odpor\u00fa\u010danie duchovnej praxe.<\/p><\/footer>\t\t\t\t<\/div>\n\t\t\t\t\t<\/div>\n\t\t\t\t<\/div>\n\t\t\t\t<\/div>\n\t\t","protected":false},"excerpt":{"rendered":"","protected":false},"author":3,"featured_media":2860,"parent":0,"menu_order":0,"comment_status":"closed","ping_status":"closed","template":"elementor_header_footer","meta":{"_yoast_wpseo_focuskw":"Asbuiga burjatsk\u00fd duch kon\u00ed","_yoast_wpseo_title":"Asbuiga \u2013 burjatsk\u00fd duch kon\u00ed, m\u00fdtus a pramene","_yoast_wpseo_metadesc":"Asbuiga je v burjatskom \u0161amanizme ochrann\u00fd duch kon\u00ed a pomocn\u00fd duch sk\u00fasen\u00fdch \u0161amanov. Zaradenie s prame\u0148mi.","_yoast_wpseo_meta-robots-noindex":"","_yoast_wpseo_canonical":"","_angie_page":false,"gefaehrdungsstufe":"","wesen_kultur":"sami","wesen_klasse":"lichtwesen","footnotes":""},"categories":[],"class_list":["post-157980","page","type-page","status-publish","has-post-thumbnail","hentry"],"yoast_head":"<!-- This site is optimized with the Yoast SEO Premium plugin v27.7 (Yoast SEO v28.3) - https:\/\/yoast.com\/product\/yoast-seo-premium-wordpress\/ -->\n<title>Asbuiga \u2013 burjatsk\u00fd duch kon\u00ed, m\u00fdtus a pramene<\/title>\n<meta name=\"description\" content=\"Asbuiga je v burjatskom \u0161amanizme ochrann\u00fd duch kon\u00ed a pomocn\u00fd duch sk\u00fasen\u00fdch \u0161amanov. Zaradenie s prame\u0148mi.\" \/>\n<meta name=\"robots\" content=\"index, follow, max-snippet:-1, max-image-preview:large, max-video-preview:-1\" \/>\n<link rel=\"canonical\" href=\"https:\/\/iwell-guard.com\/sk\/asbuiga-burjatsky-ochranny-duch-koni\/\" \/>\n<meta property=\"og:locale\" content=\"sk_SK\" \/>\n<meta property=\"og:type\" content=\"article\" \/>\n<meta property=\"og:title\" content=\"Asbuiga \u2013 burjatsk\u00fd ochrann\u00fd duch kon\u00ed\" \/>\n<meta property=\"og:description\" content=\"Asbuiga je v burjatskom \u0161amanizme ochrann\u00fd duch kon\u00ed a pomocn\u00fd duch sk\u00fasen\u00fdch \u0161amanov. Zaradenie s prame\u0148mi.\" \/>\n<meta property=\"og:url\" content=\"https:\/\/iwell-guard.com\/sk\/asbuiga-burjatsky-ochranny-duch-koni\/\" \/>\n<meta property=\"og:site_name\" content=\"iWell Guard\" \/>\n<meta property=\"article:modified_time\" content=\"2026-09-04T22:47:35+00:00\" \/>\n<meta property=\"og:image\" content=\"https:\/\/iwell-guard.com\/wp-content\/uploads\/2026\/05\/geister_sibirisch-tengrismus_asbuiga.webp\" \/>\n\t<meta property=\"og:image:width\" content=\"1024\" \/>\n\t<meta property=\"og:image:height\" content=\"1536\" \/>\n\t<meta property=\"og:image:type\" content=\"image\/webp\" \/>\n<meta name=\"twitter:card\" content=\"summary_large_image\" \/>\n<script type=\"application\/ld+json\" class=\"yoast-schema-graph\">{\"@context\":\"https:\\\/\\\/schema.org\",\"@graph\":[{\"@type\":\"WebPage\",\"@id\":\"https:\\\/\\\/iwell-guard.com\\\/sk\\\/asbuiga-burjatsky-ochranny-duch-koni\\\/\",\"url\":\"https:\\\/\\\/iwell-guard.com\\\/sk\\\/asbuiga-burjatsky-ochranny-duch-koni\\\/\",\"name\":\"Asbuiga \u2013 burjatsk\u00fd duch kon\u00ed, m\u00fdtus a pramene\",\"isPartOf\":{\"@id\":\"https:\\\/\\\/iwell-guard.com\\\/sk\\\/#website\"},\"primaryImageOfPage\":{\"@id\":\"https:\\\/\\\/iwell-guard.com\\\/sk\\\/asbuiga-burjatsky-ochranny-duch-koni\\\/#primaryimage\"},\"image\":{\"@id\":\"https:\\\/\\\/iwell-guard.com\\\/sk\\\/asbuiga-burjatsky-ochranny-duch-koni\\\/#primaryimage\"},\"thumbnailUrl\":\"https:\\\/\\\/iwell-guard.com\\\/wp-content\\\/uploads\\\/2026\\\/05\\\/geister_sibirisch-tengrismus_asbuiga.webp\",\"datePublished\":\"2026-09-04T22:20:18+00:00\",\"dateModified\":\"2026-09-04T22:47:35+00:00\",\"description\":\"Asbuiga je v burjatskom \u0161amanizme ochrann\u00fd duch kon\u00ed a pomocn\u00fd duch sk\u00fasen\u00fdch \u0161amanov. Zaradenie s prame\u0148mi.\",\"breadcrumb\":{\"@id\":\"https:\\\/\\\/iwell-guard.com\\\/sk\\\/asbuiga-burjatsky-ochranny-duch-koni\\\/#breadcrumb\"},\"inLanguage\":\"sk-SK\",\"potentialAction\":[{\"@type\":\"ReadAction\",\"target\":[\"https:\\\/\\\/iwell-guard.com\\\/sk\\\/asbuiga-burjatsky-ochranny-duch-koni\\\/\"]}]},{\"@type\":\"ImageObject\",\"inLanguage\":\"sk-SK\",\"@id\":\"https:\\\/\\\/iwell-guard.com\\\/sk\\\/asbuiga-burjatsky-ochranny-duch-koni\\\/#primaryimage\",\"url\":\"https:\\\/\\\/iwell-guard.com\\\/wp-content\\\/uploads\\\/2026\\\/05\\\/geister_sibirisch-tengrismus_asbuiga.webp\",\"contentUrl\":\"https:\\\/\\\/iwell-guard.com\\\/wp-content\\\/uploads\\\/2026\\\/05\\\/geister_sibirisch-tengrismus_asbuiga.webp\",\"width\":1024,\"height\":1536,\"caption\":\"Duchovia z trad\u00edcie sib\u00edrskeho tengrizmu.\"},{\"@type\":\"BreadcrumbList\",\"@id\":\"https:\\\/\\\/iwell-guard.com\\\/sk\\\/asbuiga-burjatsky-ochranny-duch-koni\\\/#breadcrumb\",\"itemListElement\":[{\"@type\":\"ListItem\",\"position\":1,\"name\":\"Start\",\"item\":\"https:\\\/\\\/iwell-guard.com\\\/sk\\\/?page_id=157572\"},{\"@type\":\"ListItem\",\"position\":2,\"name\":\"Asbuiga \u2013 burjatsk\u00fd ochrann\u00fd duch kon\u00ed\"}]},{\"@type\":\"WebSite\",\"@id\":\"https:\\\/\\\/iwell-guard.com\\\/sk\\\/#website\",\"url\":\"https:\\\/\\\/iwell-guard.com\\\/sk\\\/\",\"name\":\"iWell Guard\",\"description\":\"Schutz vor dunklen Einfl\u00fcssen\",\"publisher\":{\"@id\":\"https:\\\/\\\/iwell-guard.com\\\/sk\\\/#organization\"},\"potentialAction\":[{\"@type\":\"SearchAction\",\"target\":{\"@type\":\"EntryPoint\",\"urlTemplate\":\"https:\\\/\\\/iwell-guard.com\\\/sk\\\/?s={search_term_string}\"},\"query-input\":{\"@type\":\"PropertyValueSpecification\",\"valueRequired\":true,\"valueName\":\"search_term_string\"}}],\"inLanguage\":\"sk-SK\"},{\"@type\":\"Organization\",\"@id\":\"https:\\\/\\\/iwell-guard.com\\\/sk\\\/#organization\",\"name\":\"Ittermann electronic GmbH\",\"url\":\"https:\\\/\\\/iwell-guard.com\\\/sk\\\/\",\"logo\":{\"@type\":\"ImageObject\",\"inLanguage\":\"sk-SK\",\"@id\":\"https:\\\/\\\/iwell-guard.com\\\/sk\\\/#\\\/schema\\\/logo\\\/image\\\/\",\"url\":\"https:\\\/\\\/iwell-guard.com\\\/wp-content\\\/uploads\\\/2026\\\/05\\\/Ittermann-Logo-1182x237-1.png\",\"contentUrl\":\"https:\\\/\\\/iwell-guard.com\\\/wp-content\\\/uploads\\\/2026\\\/05\\\/Ittermann-Logo-1182x237-1.png\",\"width\":1182,\"height\":237,\"caption\":\"Ittermann electronic GmbH\"},\"image\":{\"@id\":\"https:\\\/\\\/iwell-guard.com\\\/sk\\\/#\\\/schema\\\/logo\\\/image\\\/\"},\"sameAs\":[\"https:\\\/\\\/pantip.com\\\/profile\\\/9367242\",\"https:\\\/\\\/micro.blog\\\/iwellguard\",\"https:\\\/\\\/www.diggerslist.com\\\/iwellguard\\\/about\",\"https:\\\/\\\/skitterphoto.com\\\/photographers\\\/2870314\\\/iwell-guard\",\"https:\\\/\\\/iwellguard.wordpress.com\\\/2026\\\/06\\\/06\\\/iwell-guard\\\/\",\"https:\\\/\\\/hub.docker.com\\\/u\\\/iwellguard\",\"https:\\\/\\\/www.pinterest.com\\\/iwellguard\\\/\",\"https:\\\/\\\/bit.ly\\\/m\\\/iwellguard\",\"https:\\\/\\\/entre-vos-mains.alsace.eu\\\/profiles\\\/iwellguard\\\/activity\",\"https:\\\/\\\/gravatar.com\\\/reallybeded8fd34\",\"https:\\\/\\\/naijamatta.com\\\/iwellguard\",\"https:\\\/\\\/www.goodreads.com\\\/iwellguard\",\"https:\\\/\\\/profile.hatena.ne.jp\\\/iwellguard\\\/\",\"https:\\\/\\\/experiment.com\\\/users\\\/iwellguard\",\"https:\\\/\\\/wakelet.com\\\/@iWellGuard82270\",\"https:\\\/\\\/www.chordie.com\\\/forum\\\/profile.php?id=2555664\",\"https:\\\/\\\/www.instapaper.com\\\/p\\\/17757966\",\"https:\\\/\\\/www.mapleprimes.com\\\/users\\\/iwellguard\",\"https:\\\/\\\/businesslistingplus.com\\\/profile\\\/iwell-guard\\\/\",\"https:\\\/\\\/telegra.ph\\\/iWell-Guard-06-06\",\"https:\\\/\\\/pbase.com\\\/iwellguard\\\/iwellguard\",\"https:\\\/\\\/b.hatena.ne.jp\\\/iwellguard\\\/20260607#bookmark-4788405196491818882\",\"https:\\\/\\\/fliphtml5.com\\\/home\\\/iwellguard\",\"https:\\\/\\\/anyflip.com\\\/homepage\\\/cmiwl#About\",\"https:\\\/\\\/transfur.com\\\/Users\\\/iwellguard\",\"http:\\\/\\\/delphi.larsbo.org\\\/user\\\/iwellguard\",\"https:\\\/\\\/jobs.lajobsportal.org\\\/profiles\\\/8380803-iwell-guard\",\"https:\\\/\\\/md.chaosdorf.de\\\/s\\\/jfbe5SBdJD\",\"https:\\\/\\\/www.lingvolive.com\\\/en-us\\\/profile\\\/9ecaeaca-ce11-4e51-9e71-01d55e2bff36\\\/translations\",\"https:\\\/\\\/www.fitday.com\\\/fitness\\\/forums\\\/members\\\/iwellguard.html\",\"https:\\\/\\\/www.mymeetbook.com\\\/iwellguard\",\"https:\\\/\\\/pxhere.com\\\/en\\\/photographer-me\\\/5040798\",\"https:\\\/\\\/disqus.com\\\/by\\\/iwellguard\\\/about\\\/\",\"https:\\\/\\\/pastelink.net\\\/hjwciqwq\",\"https:\\\/\\\/pubhtml5.com\\\/homepage\\\/scjhn\\\/\",\"https:\\\/\\\/www.bitchute.com\\\/channel\\\/2O2eOKzNqujT\",\"https:\\\/\\\/audiomack.com\\\/iwellguard\"]},{\"@type\":\"Article\",\"@id\":\"https:\\\/\\\/iwell-guard.com\\\/sk\\\/asbuiga-burjatsky-ochranny-duch-koni\\\/#article\",\"isPartOf\":{\"@id\":\"https:\\\/\\\/iwell-guard.com\\\/sk\\\/asbuiga-burjatsky-ochranny-duch-koni\\\/\"},\"author\":{\"name\":\"Ralf Ittermann\",\"@id\":\"https:\\\/\\\/iwell-guard.com\\\/sk\\\/#\\\/schema\\\/person\\\/ee2a27f1cac3406c7c6fb5820cb7349f\"},\"headline\":\"Asbuiga \u2013 burjatsk\u00fd ochrann\u00fd duch kon\u00ed\",\"datePublished\":\"2026-09-04T22:20:18+00:00\",\"dateModified\":\"2026-09-04T22:47:35+00:00\",\"mainEntityOfPage\":{\"@id\":\"https:\\\/\\\/iwell-guard.com\\\/sk\\\/asbuiga-burjatsky-ochranny-duch-koni\\\/\"},\"publisher\":{\"@id\":\"https:\\\/\\\/iwell-guard.com\\\/sk\\\/#organization\"},\"image\":{\"@id\":\"https:\\\/\\\/iwell-guard.com\\\/sk\\\/asbuiga-burjatsky-ochranny-duch-koni\\\/#primaryimage\"},\"thumbnailUrl\":\"https:\\\/\\\/iwell-guard.com\\\/wp-content\\\/uploads\\\/2026\\\/05\\\/geister_sibirisch-tengrismus_asbuiga.webp\",\"inLanguage\":\"sk-SK\",\"description\":\"Asbuiga je v burjatskom \u0161amanizme ochrann\u00fd duch kon\u00ed a pomocn\u00fd duch sk\u00fasen\u00fdch \u0161amanov. Zaradenie s prame\u0148mi.\"}]}<\/script>\n<!-- \/ Yoast SEO Premium plugin. -->","yoast_head_json":{"title":"Asbuiga \u2013 burjatsk\u00fd duch kon\u00ed, m\u00fdtus a pramene","description":"Asbuiga je v burjatskom \u0161amanizme ochrann\u00fd duch kon\u00ed a pomocn\u00fd duch sk\u00fasen\u00fdch \u0161amanov. Zaradenie s prame\u0148mi.","robots":{"index":"index","follow":"follow","max-snippet":"max-snippet:-1","max-image-preview":"max-image-preview:large","max-video-preview":"max-video-preview:-1"},"canonical":"https:\/\/iwell-guard.com\/sk\/asbuiga-burjatsky-ochranny-duch-koni\/","og_locale":"sk_SK","og_type":"article","og_title":"Asbuiga \u2013 burjatsk\u00fd ochrann\u00fd duch kon\u00ed","og_description":"Asbuiga je v burjatskom \u0161amanizme ochrann\u00fd duch kon\u00ed a pomocn\u00fd duch sk\u00fasen\u00fdch \u0161amanov. Zaradenie s prame\u0148mi.","og_url":"https:\/\/iwell-guard.com\/sk\/asbuiga-burjatsky-ochranny-duch-koni\/","og_site_name":"iWell Guard","article_modified_time":"2026-09-04T22:47:35+00:00","og_image":[{"width":1024,"height":1536,"url":"https:\/\/iwell-guard.com\/wp-content\/uploads\/2026\/05\/geister_sibirisch-tengrismus_asbuiga.webp","type":"image\/webp"}],"twitter_card":"summary_large_image","schema":{"@context":"https:\/\/schema.org","@graph":[{"@type":"Article","@id":"https:\/\/iwell-guard.com\/sk\/asbuiga-burjatsky-ochranny-duch-koni\/#article","isPartOf":{"@id":"https:\/\/iwell-guard.com\/sk\/asbuiga-burjatsky-ochranny-duch-koni\/"},"author":{"name":"Ralf Ittermann","@id":"https:\/\/iwell-guard.com\/sk\/#\/schema\/person\/ee2a27f1cac3406c7c6fb5820cb7349f"},"headline":"Asbuiga \u2013 burjatsk\u00fd ochrann\u00fd duch kon\u00ed","datePublished":"2026-09-04T22:20:18+00:00","dateModified":"2026-09-04T22:47:35+00:00","mainEntityOfPage":{"@id":"https:\/\/iwell-guard.com\/sk\/asbuiga-burjatsky-ochranny-duch-koni\/"},"publisher":{"@id":"https:\/\/iwell-guard.com\/sk\/#organization"},"image":{"@id":"https:\/\/iwell-guard.com\/sk\/asbuiga-burjatsky-ochranny-duch-koni\/#primaryimage"},"thumbnailUrl":"https:\/\/iwell-guard.com\/wp-content\/uploads\/2026\/05\/geister_sibirisch-tengrismus_asbuiga.webp","inLanguage":"sk-SK","description":"Asbuiga je v burjatskom \u0161amanizme ochrann\u00fd duch kon\u00ed a pomocn\u00fd duch sk\u00fasen\u00fdch \u0161amanov. Zaradenie s prame\u0148mi."},{"@type":"WebPage","@id":"https:\/\/iwell-guard.com\/sk\/asbuiga-burjatsky-ochranny-duch-koni\/","url":"https:\/\/iwell-guard.com\/sk\/asbuiga-burjatsky-ochranny-duch-koni\/","name":"Asbuiga \u2013 burjatsk\u00fd duch kon\u00ed, m\u00fdtus a pramene","isPartOf":{"@id":"https:\/\/iwell-guard.com\/sk\/#website"},"primaryImageOfPage":{"@id":"https:\/\/iwell-guard.com\/sk\/asbuiga-burjatsky-ochranny-duch-koni\/#primaryimage"},"image":{"@id":"https:\/\/iwell-guard.com\/sk\/asbuiga-burjatsky-ochranny-duch-koni\/#primaryimage"},"thumbnailUrl":"https:\/\/iwell-guard.com\/wp-content\/uploads\/2026\/05\/geister_sibirisch-tengrismus_asbuiga.webp","datePublished":"2026-09-04T22:20:18+00:00","dateModified":"2026-09-04T22:47:35+00:00","description":"Asbuiga je v burjatskom \u0161amanizme ochrann\u00fd duch kon\u00ed a pomocn\u00fd duch sk\u00fasen\u00fdch \u0161amanov. Zaradenie s prame\u0148mi.","breadcrumb":{"@id":"https:\/\/iwell-guard.com\/sk\/asbuiga-burjatsky-ochranny-duch-koni\/#breadcrumb"},"inLanguage":"sk-SK","potentialAction":[{"@type":"ReadAction","target":["https:\/\/iwell-guard.com\/sk\/asbuiga-burjatsky-ochranny-duch-koni\/"]}]},{"@type":"ImageObject","inLanguage":"sk-SK","@id":"https:\/\/iwell-guard.com\/sk\/asbuiga-burjatsky-ochranny-duch-koni\/#primaryimage","url":"https:\/\/iwell-guard.com\/wp-content\/uploads\/2026\/05\/geister_sibirisch-tengrismus_asbuiga.webp","contentUrl":"https:\/\/iwell-guard.com\/wp-content\/uploads\/2026\/05\/geister_sibirisch-tengrismus_asbuiga.webp","width":1024,"height":1536,"caption":"Duchovia z trad\u00edcie sib\u00edrskeho tengrizmu."},{"@type":"BreadcrumbList","@id":"https:\/\/iwell-guard.com\/sk\/asbuiga-burjatsky-ochranny-duch-koni\/#breadcrumb","itemListElement":[{"@type":"ListItem","position":1,"name":"Start","item":"https:\/\/iwell-guard.com\/sk\/?page_id=157572"},{"@type":"ListItem","position":2,"name":"Asbuiga \u2013 burjatsk\u00fd ochrann\u00fd duch kon\u00ed"}]},{"@type":"WebSite","@id":"https:\/\/iwell-guard.com\/sk\/#website","url":"https:\/\/iwell-guard.com\/sk\/","name":"iWell Guard","description":"Schutz vor dunklen Einfl\u00fcssen","publisher":{"@id":"https:\/\/iwell-guard.com\/sk\/#organization"},"potentialAction":[{"@type":"SearchAction","target":{"@type":"EntryPoint","urlTemplate":"https:\/\/iwell-guard.com\/sk\/?s={search_term_string}"},"query-input":{"@type":"PropertyValueSpecification","valueRequired":true,"valueName":"search_term_string"}}],"inLanguage":"sk-SK"},{"@type":"Organization","@id":"https:\/\/iwell-guard.com\/sk\/#organization","name":"Ittermann electronic GmbH","url":"https:\/\/iwell-guard.com\/sk\/","logo":{"@type":"ImageObject","inLanguage":"sk-SK","@id":"https:\/\/iwell-guard.com\/sk\/#\/schema\/logo\/image\/","url":"https:\/\/iwell-guard.com\/wp-content\/uploads\/2026\/05\/Ittermann-Logo-1182x237-1.png","contentUrl":"https:\/\/iwell-guard.com\/wp-content\/uploads\/2026\/05\/Ittermann-Logo-1182x237-1.png","width":1182,"height":237,"caption":"Ittermann electronic GmbH"},"image":{"@id":"https:\/\/iwell-guard.com\/sk\/#\/schema\/logo\/image\/"},"sameAs":["https:\/\/pantip.com\/profile\/9367242","https:\/\/micro.blog\/iwellguard","https:\/\/www.diggerslist.com\/iwellguard\/about","https:\/\/skitterphoto.com\/photographers\/2870314\/iwell-guard","https:\/\/iwellguard.wordpress.com\/2026\/06\/06\/iwell-guard\/","https:\/\/hub.docker.com\/u\/iwellguard","https:\/\/www.pinterest.com\/iwellguard\/","https:\/\/bit.ly\/m\/iwellguard","https:\/\/entre-vos-mains.alsace.eu\/profiles\/iwellguard\/activity","https:\/\/gravatar.com\/reallybeded8fd34","https:\/\/naijamatta.com\/iwellguard","https:\/\/www.goodreads.com\/iwellguard","https:\/\/profile.hatena.ne.jp\/iwellguard\/","https:\/\/experiment.com\/users\/iwellguard","https:\/\/wakelet.com\/@iWellGuard82270","https:\/\/www.chordie.com\/forum\/profile.php?id=2555664","https:\/\/www.instapaper.com\/p\/17757966","https:\/\/www.mapleprimes.com\/users\/iwellguard","https:\/\/businesslistingplus.com\/profile\/iwell-guard\/","https:\/\/telegra.ph\/iWell-Guard-06-06","https:\/\/pbase.com\/iwellguard\/iwellguard","https:\/\/b.hatena.ne.jp\/iwellguard\/20260607#bookmark-4788405196491818882","https:\/\/fliphtml5.com\/home\/iwellguard","https:\/\/anyflip.com\/homepage\/cmiwl#About","https:\/\/transfur.com\/Users\/iwellguard","http:\/\/delphi.larsbo.org\/user\/iwellguard","https:\/\/jobs.lajobsportal.org\/profiles\/8380803-iwell-guard","https:\/\/md.chaosdorf.de\/s\/jfbe5SBdJD","https:\/\/www.lingvolive.com\/en-us\/profile\/9ecaeaca-ce11-4e51-9e71-01d55e2bff36\/translations","https:\/\/www.fitday.com\/fitness\/forums\/members\/iwellguard.html","https:\/\/www.mymeetbook.com\/iwellguard","https:\/\/pxhere.com\/en\/photographer-me\/5040798","https:\/\/disqus.com\/by\/iwellguard\/about\/","https:\/\/pastelink.net\/hjwciqwq","https:\/\/pubhtml5.com\/homepage\/scjhn\/","https:\/\/www.bitchute.com\/channel\/2O2eOKzNqujT","https:\/\/audiomack.com\/iwellguard"]},{"@type":"Person","@id":"https:\/\/iwell-guard.com\/sk\/#\/schema\/person\/ee2a27f1cac3406c7c6fb5820cb7349f","name":"Ralf Ittermann","image":{"@type":"ImageObject","inLanguage":"sk-SK","@id":"https:\/\/secure.gravatar.com\/avatar\/073c0153e350a5005b68eb752b445fea71f6b24a26da9449ad7e155e6b446c9d?s=96&d=mm&r=g","url":"https:\/\/secure.gravatar.com\/avatar\/073c0153e350a5005b68eb752b445fea71f6b24a26da9449ad7e155e6b446c9d?s=96&d=mm&r=g","contentUrl":"https:\/\/secure.gravatar.com\/avatar\/073c0153e350a5005b68eb752b445fea71f6b24a26da9449ad7e155e6b446c9d?s=96&d=mm&r=g","caption":"Ralf Ittermann"},"givenName":"Ralf","familyName":"Ittermann","jobTitle":"Gesch\u00e4ftsf\u00fchrer und redaktioneller Verantwortlicher","url":"https:\/\/iwell-guard.com\/sk\/author\/claude\/","description":"Ralf Ittermann ist Gesch\u00e4ftsf\u00fchrer der Ittermann electronic GmbH und redaktioneller Verantwortlicher des iWell-Guard-Lexikons. Er verbindet langj\u00e4hrige Erfahrung in der Pr\u00e4zisionsfertigung mit medialer Praxis und religionsgeschichtlicher Quellenarbeit.","worksFor":{"@type":"Organization","name":"Ittermann electronic GmbH","url":"https:\/\/ittermann.de\/","address":{"@type":"PostalAddress","streetAddress":"K\u00f6hlergasse 16-18","postalCode":"99842","addressLocality":"Ruhla","addressCountry":"DE"}},"knowsAbout":["Religionsgeschichte","Mythologie","Mediale Praxis","Energetische Diagnostik","Schutzpraxis","Volksglauben","Westliche Esoterik"]},{"@type":"Article","@id":"https:\/\/iwell-guard.com\/sk\/asbuiga-burjatsky-ochranny-duch-koni\/#article","isPartOf":{"@id":"https:\/\/iwell-guard.com\/sk\/asbuiga-burjatsky-ochranny-duch-koni\/"},"author":{"name":"Ralf Ittermann","@id":"https:\/\/iwell-guard.com\/sk\/#\/schema\/person\/ee2a27f1cac3406c7c6fb5820cb7349f"},"headline":"Asbuiga \u2013 burjatsk\u00fd ochrann\u00fd duch kon\u00ed","datePublished":"2026-09-04T22:20:18+00:00","dateModified":"2026-09-04T22:47:35+00:00","mainEntityOfPage":{"@id":"https:\/\/iwell-guard.com\/sk\/asbuiga-burjatsky-ochranny-duch-koni\/"},"publisher":{"@id":"https:\/\/iwell-guard.com\/sk\/#organization"},"image":{"@id":"https:\/\/iwell-guard.com\/sk\/asbuiga-burjatsky-ochranny-duch-koni\/#primaryimage"},"thumbnailUrl":"https:\/\/iwell-guard.com\/wp-content\/uploads\/2026\/05\/geister_sibirisch-tengrismus_asbuiga.webp","inLanguage":"sk-SK","description":"Asbuiga je v burjatskom \u0161amanizme ochrann\u00fd duch kon\u00ed a pomocn\u00fd duch sk\u00fasen\u00fdch \u0161amanov. Zaradenie s prame\u0148mi."}]}},"_links":{"self":[{"href":"https:\/\/iwell-guard.com\/sk\/wp-json\/wp\/v2\/pages\/157980","targetHints":{"allow":["GET"]}}],"collection":[{"href":"https:\/\/iwell-guard.com\/sk\/wp-json\/wp\/v2\/pages"}],"about":[{"href":"https:\/\/iwell-guard.com\/sk\/wp-json\/wp\/v2\/types\/page"}],"author":[{"embeddable":true,"href":"https:\/\/iwell-guard.com\/sk\/wp-json\/wp\/v2\/users\/3"}],"replies":[{"embeddable":true,"href":"https:\/\/iwell-guard.com\/sk\/wp-json\/wp\/v2\/comments?post=157980"}],"version-history":[{"count":0,"href":"https:\/\/iwell-guard.com\/sk\/wp-json\/wp\/v2\/pages\/157980\/revisions"}],"wp:featuredmedia":[{"embeddable":true,"href":"https:\/\/iwell-guard.com\/sk\/wp-json\/wp\/v2\/media\/2860"}],"wp:attachment":[{"href":"https:\/\/iwell-guard.com\/sk\/wp-json\/wp\/v2\/media?parent=157980"}],"wp:term":[{"taxonomy":"category","embeddable":true,"href":"https:\/\/iwell-guard.com\/sk\/wp-json\/wp\/v2\/categories?post=157980"}],"curies":[{"name":"wp","href":"https:\/\/api.w.org\/{rel}","templated":true}]}}