{"id":157977,"date":"2026-09-04T22:20:16","date_gmt":"2026-09-04T22:20:16","guid":{"rendered":"https:\/\/iwell-guard.com\/?page_id=157977"},"modified":"2026-09-04T22:47:31","modified_gmt":"2026-09-04T22:47:31","slug":"ajisit-jakutska-bohyna-porodu","status":"publish","type":"page","link":"https:\/\/iwell-guard.com\/sk\/ajisit-jakutska-bohyna-porodu\/","title":{"rendered":"Ajisit \u2013 Jakutsk\u00e1 bohy\u0148a p\u00f4rodu"},"content":{"rendered":"\t\t<div data-elementor-type=\"wp-page\" data-elementor-id=\"157977\" class=\"elementor elementor-157977 elementor-2640 elementor-bc-flex-widget\" data-elementor-post-type=\"page\">\n\t\t\t\t<div class=\"elementor-element elementor-element-iwgw-ajisit-hero e-flex e-con-boxed e-con e-parent\" data-id=\"iwgw-ajisit-hero\" data-element_type=\"container\" data-e-type=\"container\" data-settings=\"{&quot;background_background&quot;:&quot;classic&quot;}\">\n\t\t\t\t\t<div class=\"e-con-inner\">\n\t\t<div class=\"elementor-element elementor-element-iwgw-ajisit-hl e-flex e-con-boxed e-con e-child\" data-id=\"iwgw-ajisit-hl\" data-element_type=\"container\" data-e-type=\"container\">\n\t\t\t\t\t<div class=\"e-con-inner\">\n\t\t<div class=\"elementor-element elementor-element-iwgw-ajisit-htxt e-con-full e-flex e-con e-child\" data-id=\"iwgw-ajisit-htxt\" data-element_type=\"container\" data-e-type=\"container\">\n\t\t\t\t<div class=\"elementor-element elementor-element-iwgw-ajisit-h1 elementor-widget elementor-widget-heading\" data-id=\"iwgw-ajisit-h1\" data-element_type=\"widget\" data-e-type=\"widget\" data-widget_type=\"heading.default\">\n\t\t\t\t\t<h1 class=\"elementor-heading-title elementor-size-default\">Ajisit, jakutsk\u00e1 bohy\u0148a p\u00f4rodu a darky\u0148a \u017eivotnej du\u0161e<\/h1>\t\t\t\t<\/div>\n\t\t\t\t<div class=\"elementor-element elementor-element-iwgw-ajisit-lead elementor-widget elementor-widget-text-editor\" data-id=\"iwgw-ajisit-lead\" data-element_type=\"widget\" data-e-type=\"widget\" data-widget_type=\"text-editor.default\">\n\t\t\t\t\t\t\t\t\t<p>Ajisit (jakutsky <em>Ajiyhyt<\/em>, \u201eTvorky\u0148a\u201c) je hlavn\u00e1 bohy\u0148a p\u00f4rodu Jakutov\/Sacha. Nast\u00e1vaj\u00facej matke prin\u00e1\u0161a \u017eivotn\u00fa du\u0161u (<em>kut<\/em>) die\u0165a\u0165a a je najd\u00f4le\u017eitej\u0161ou pomocnou bohy\u0148ou pri \u0161estonedel\u00ed.<\/p>\t\t\t\t\t\t\t\t<\/div>\n\t\t\t\t<\/div>\n\t\t<div class=\"elementor-element elementor-element-iwgw-ajisit-pillc e-con-full e-flex e-con e-child\" data-id=\"iwgw-ajisit-pillc\" data-element_type=\"container\" data-e-type=\"container\">\n\t\t\t\t<div class=\"elementor-element elementor-element-iwgw-ajisit-pills elementor-widget elementor-widget-html\" data-id=\"iwgw-ajisit-pills\" data-element_type=\"widget\" data-e-type=\"widget\" data-widget_type=\"html.default\">\n\t\t\t\t\t<div class=\"iwg-pill-row\"><span class=\"iwg-klasse-badge\" tabindex=\"0\" data-tooltip=\"Bohy\u0148a trad\u00edcie Sib\u00edr \/ tengrizmus.\">Bohy\u0148a<\/span><a href=\"https:\/\/iwell-guard.com\/sk\/sibirsky-samanizmus-tengrizmus\/\" class=\"iwg-kultur-badge\" tabindex=\"0\" data-tooltip=\"Mytol\u00f3gia trad\u00edcie Sib\u00edr \/ tengrizmus.\">Sib\u00edr \/ tengrizmus<\/a><span class=\"iwg-tradition-badge\" tabindex=\"0\" data-tooltip=\"Bohy\u0148a p\u00f4rodu.\">Bohy\u0148a p\u00f4rodu<\/span><\/div>\t\t\t\t<\/div>\n\t\t\t\t<\/div>\n\t\t<div class=\"elementor-element elementor-element-iwgw-ajisit-tocc e-con-full e-flex e-con e-child\" data-id=\"iwgw-ajisit-tocc\" data-element_type=\"container\" data-e-type=\"container\">\n\t\t\t\t<div class=\"elementor-element elementor-element-iwgw-ajisit-toc elementor-toc--minimized-on-tablet elementor-widget elementor-widget-table-of-contents\" data-id=\"iwgw-ajisit-toc\" data-element_type=\"widget\" data-e-type=\"widget\" data-settings=\"{&quot;headings_by_tags&quot;:[&quot;h2&quot;,&quot;h3&quot;],&quot;minimize_box&quot;:&quot;yes&quot;,&quot;marker_view&quot;:&quot;bullets&quot;,&quot;no_headings_message&quot;:&quot;Na tejto str\\u00e1nke sa nena\\u0161li \\u017eiadne nadpisy.&quot;,&quot;exclude_headings_by_selector&quot;:[],&quot;icon&quot;:{&quot;value&quot;:&quot;fas fa-circle&quot;,&quot;library&quot;:&quot;fa-solid&quot;,&quot;rendered_tag&quot;:&quot;&lt;svg class=\\&quot;e-font-icon-svg e-fas-circle\\&quot; viewBox=\\&quot;0 0 512 512\\&quot; xmlns=\\&quot;http:\\\/\\\/www.w3.org\\\/2000\\\/svg\\&quot;&gt;&lt;path d=\\&quot;M256 8C119 8 8 119 8 256s111 248 248 248 248-111 248-248S393 8 256 8z\\&quot;&gt;&lt;\\\/path&gt;&lt;\\\/svg&gt;&quot;},&quot;minimized_on&quot;:&quot;tablet&quot;,&quot;hierarchical_view&quot;:&quot;yes&quot;,&quot;min_height&quot;:{&quot;unit&quot;:&quot;px&quot;,&quot;size&quot;:&quot;&quot;,&quot;sizes&quot;:[]},&quot;min_height_tablet&quot;:{&quot;unit&quot;:&quot;px&quot;,&quot;size&quot;:&quot;&quot;,&quot;sizes&quot;:[]},&quot;min_height_mobile&quot;:{&quot;unit&quot;:&quot;px&quot;,&quot;size&quot;:&quot;&quot;,&quot;sizes&quot;:[]}}\" data-widget_type=\"table-of-contents.default\">\n\t\t\t\t\t\t\t\t\t<div class=\"elementor-toc__header\">\n\t\t\t\t\t\t<h2 class=\"elementor-toc__header-title\">\n\t\t\t\tObsah\t\t\t<\/h2>\n\t\t\t\t\t\t\t\t\t\t<div class=\"elementor-toc__toggle-button elementor-toc__toggle-button--expand\" role=\"button\" tabindex=\"0\" aria-controls=\"elementor-toc__iwgw-ajisit-toc\" aria-expanded=\"true\" aria-label=\"Open table of contents\"><svg aria-hidden=\"true\" class=\"e-font-icon-svg e-fas-chevron-down\" viewBox=\"0 0 448 512\" xmlns=\"http:\/\/www.w3.org\/2000\/svg\"><path d=\"M207.029 381.476L12.686 187.132c-9.373-9.373-9.373-24.569 0-33.941l22.667-22.667c9.357-9.357 24.522-9.375 33.901-.04L224 284.505l154.745-154.021c9.379-9.335 24.544-9.317 33.901.04l22.667 22.667c9.373 9.373 9.373 24.569 0 33.941L240.971 381.476c-9.373 9.372-24.569 9.372-33.942 0z\"><\/path><\/svg><\/div>\n\t\t\t\t<div class=\"elementor-toc__toggle-button elementor-toc__toggle-button--collapse\" role=\"button\" tabindex=\"0\" aria-controls=\"elementor-toc__iwgw-ajisit-toc\" aria-expanded=\"true\" aria-label=\"Close table of contents\"><svg aria-hidden=\"true\" class=\"e-font-icon-svg e-fas-chevron-up\" viewBox=\"0 0 448 512\" xmlns=\"http:\/\/www.w3.org\/2000\/svg\"><path d=\"M240.971 130.524l194.343 194.343c9.373 9.373 9.373 24.569 0 33.941l-22.667 22.667c-9.357 9.357-24.522 9.375-33.901.04L224 227.495 69.255 381.516c-9.379 9.335-24.544 9.317-33.901-.04l-22.667-22.667c-9.373-9.373-9.373-24.569 0-33.941L207.03 130.525c9.372-9.373 24.568-9.373 33.941-.001z\"><\/path><\/svg><\/div>\n\t\t\t\t\t<\/div>\n\t\t\t\t<div id=\"elementor-toc__iwgw-ajisit-toc\" class=\"elementor-toc__body\">\n\t\t\t<div class=\"elementor-toc__spinner-container\">\n\t\t\t\t<svg class=\"elementor-toc__spinner eicon-animation-spin e-font-icon-svg e-eicon-loading\" aria-hidden=\"true\" viewBox=\"0 0 1000 1000\" xmlns=\"http:\/\/www.w3.org\/2000\/svg\"><path d=\"M500 975V858C696 858 858 696 858 500S696 142 500 142 142 304 142 500H25C25 237 238 25 500 25S975 237 975 500 763 975 500 975Z\"><\/path><\/svg>\t\t\t<\/div>\n\t\t<\/div>\n\t\t\t\t\t\t<\/div>\n\t\t\t\t<\/div>\n\t\t\t\t\t<\/div>\n\t\t\t\t<\/div>\n\t\t<div class=\"elementor-element elementor-element-iwgw-ajisit-hr e-con-full e-flex e-con e-child\" data-id=\"iwgw-ajisit-hr\" data-element_type=\"container\" data-e-type=\"container\">\n\t\t\t\t<div class=\"elementor-element elementor-element-iwgw-ajisit-heroimg iwg-hero-image elementor-widget elementor-widget-image\" data-id=\"iwgw-ajisit-heroimg\" data-element_type=\"widget\" data-e-type=\"widget\" data-widget_type=\"image.default\">\n\t\t\t\t\t\t\t\t\t\t\t\t\t\t\t<img fetchpriority=\"high\" decoding=\"async\" width=\"683\" height=\"1024\" src=\"https:\/\/iwell-guard.com\/wp-content\/uploads\/2026\/05\/goetter_sibirisch-tengrismus_ajisit-683x1024.webp\" class=\"attachment-large size-large wp-image-159788\" alt=\"Ajysyt - bohovia z trad\u00edcie sib\u00edrskeho tengrizmu, historicko-ilustra\u010dn\u00e9 zobrazenie\" srcset=\"https:\/\/iwell-guard.com\/wp-content\/uploads\/2026\/05\/goetter_sibirisch-tengrismus_ajisit-683x1024.webp 683w, https:\/\/iwell-guard.com\/wp-content\/uploads\/2026\/05\/goetter_sibirisch-tengrismus_ajisit-200x300.webp 200w, https:\/\/iwell-guard.com\/wp-content\/uploads\/2026\/05\/goetter_sibirisch-tengrismus_ajisit-768x1152.webp 768w, https:\/\/iwell-guard.com\/wp-content\/uploads\/2026\/05\/goetter_sibirisch-tengrismus_ajisit.webp 1024w\" sizes=\"(max-width: 683px) 100vw, 683px\" \/>\t\t\t\t\t\t\t\t\t\t\t\t\t\t\t<\/div>\n\t\t\t\t<\/div>\n\t\t\t\t\t<\/div>\n\t\t\t\t<\/div>\n\t\t<div class=\"elementor-element elementor-element-iwgw-ajisit-s0 e-flex e-con-boxed e-con e-parent\" data-id=\"iwgw-ajisit-s0\" data-element_type=\"container\" data-e-type=\"container\">\n\t\t\t\t\t<div class=\"e-con-inner\">\n\t\t\t\t<div class=\"elementor-element elementor-element-iwgw-ajisit-s0h elementor-widget elementor-widget-heading\" data-id=\"iwgw-ajisit-s0h\" data-element_type=\"widget\" data-e-type=\"widget\" data-widget_type=\"heading.default\">\n\t\t\t\t\t<h2 class=\"elementor-heading-title elementor-size-default\">Zaradenie a stru\u010dn\u00fd profil<\/h2>\t\t\t\t<\/div>\n\t\t<div class=\"elementor-element elementor-element-iwgw-ajisit-s0c e-con-full e-flex e-con e-child\" data-id=\"iwgw-ajisit-s0c\" data-element_type=\"container\" data-e-type=\"container\">\n\t\t\t\t<div class=\"elementor-element elementor-element-iwgw-ajisit-s0t elementor-widget elementor-widget-text-editor\" data-id=\"iwgw-ajisit-s0t\" data-element_type=\"widget\" data-e-type=\"widget\" data-widget_type=\"text-editor.default\">\n\t\t\t\t\t\t\t\t\t<p>Ajisit patr\u00ed v jakutskej <span class=\"iwg-fachbegriff\" data-tooltip=\"S\u00fabor v\u0161etk\u00fdch bohov n\u00e1bo\u017eenstva alebo kult\u00fary.\" tabindex=\"0\">pante\u00f3novej<\/span> architekt\u00fare k horn\u00fdm <em>aiyy<\/em> (\u201etvorcom, sveteln\u00fdm bytostiam\u201c). Je \u0161pecializovan\u00fdm \u017eensk\u00fdm vysok\u00fdm bo\u017estvom, podriaden\u00fdm najvy\u0161\u0161iemu bohu <em>\u00dcr\u00fcn Aar Tojonovi<\/em>; jej \u0161pecializ\u00e1ciou je, podobne ako u <a href=\"https:\/\/iwell-guard.com\/sk\/?page_id=157972\">Umai<\/a> v turkickom svete, p\u00f4rod a doj\u010densk\u00fd vek.<\/p><p>V r\u00e1mci <a href=\"https:\/\/iwell-guard.com\/sk\/sibirsky-samanizmus-tengrizmus\/\">sib\u00edrsko-tengristickej trad\u00edcie<\/a> je jakutsk\u00fdm variantom pan\u0161ib\u00edrskej funkcie matky-ochrankyne. Stala sa klasickou postavou v\u00fdskumu, preto\u017ee jakutsk\u00e9 pramene (Sere\u0161evskij, Ksenofontov) s\u00fa mimoriadne bohat\u00e9 a poskytuj\u00fa dobr\u00fd porovn\u00e1vac\u00ed pr\u00edpad s Umai a in\u00fdmi bohy\u0148ami-matkami p\u00f4rodu.<\/p><p>Republika Sacha je dnes s\u00fa\u010das\u0165ou Ruskej feder\u00e1cie a le\u017e\u00ed v severov\u00fdchodnej Sib\u00edri; jej n\u00e1bo\u017eenstvo sp\u00e1ja staroturkick\u00e9 vrstvy (Sacha hovoria turkick\u00fdm jazykom) s paleosib\u00edrskymi substr\u00e1tmi. Ajisit je doma na priese\u010dn\u00edku t\u00fdchto vrstiev.<\/p>\t\t\t\t\t\t\t\t<\/div>\n\t\t\t\t<\/div>\n\t\t\t\t\t<\/div>\n\t\t\t\t<\/div>\n\t\t<div class=\"elementor-element elementor-element-iwgw-ajisit-s1 e-flex e-con-boxed e-con e-parent\" data-id=\"iwgw-ajisit-s1\" data-element_type=\"container\" data-e-type=\"container\">\n\t\t\t\t\t<div class=\"e-con-inner\">\n\t\t\t\t<div class=\"elementor-element elementor-element-iwgw-ajisit-s1h elementor-widget elementor-widget-heading\" data-id=\"iwgw-ajisit-s1h\" data-element_type=\"widget\" data-e-type=\"widget\" data-widget_type=\"heading.default\">\n\t\t\t\t\t<h2 class=\"elementor-heading-title elementor-size-default\">Meno a etymol\u00f3gia<\/h2>\t\t\t\t<\/div>\n\t\t<div class=\"elementor-element elementor-element-iwgw-ajisit-s1c e-con-full e-flex e-con e-child\" data-id=\"iwgw-ajisit-s1c\" data-element_type=\"container\" data-e-type=\"container\">\n\t\t\t\t<div class=\"elementor-element elementor-element-iwgw-ajisit-s1t elementor-widget elementor-widget-text-editor\" data-id=\"iwgw-ajisit-s1t\" data-element_type=\"widget\" data-e-type=\"widget\" data-widget_type=\"text-editor.default\">\n\t\t\t\t\t\t\t\t\t<p>Slovo <em>Ajiyhyt<\/em> je odvoden\u00e9 od <em>aiyy<\/em>, jakutsk\u00e9ho s\u00fahrnn\u00e9ho ozna\u010denia pre \u201etvorcov, sveteln\u00e9 bytosti\u201c (mno\u017en\u00e9 \u010d\u00edslo horn\u00fdch bohov), a sufixu personifikuj\u00facej \u0161pecializ\u00e1cie. Doslova teda asi \u201eTvoriaca\u201c. V star\u0161ej literat\u00fare sa objavuje aj ako <em>Ajysyt<\/em>, <em>Ajyhyt<\/em> alebo <em>Ayisit<\/em>.<\/p><p>Jakutsk\u00e9 n\u00e1bo\u017eenstvo rozli\u0161uje tri vrstvy bytost\u00ed: horn\u00fdch <em>aiyy<\/em>, strednn\u00fdch <em>iccii<\/em> (\u201estr\u00e1\u017ecov, duchov\u201c) a doln\u00fdch <em>abasy<\/em> (\u201e\u0161kodliv\u00e9 bytosti\u201c). Ajisit ako \u201e<em>aiyy<\/em>-tvorky\u0148a\u201c stoj\u00ed jasne v hornej vrstve.<\/p><p>Zauj\u00edmav\u00e1 je paraleln\u00e1 tvorba s in\u00fdmi aiyy-\u0161pecializ\u00e1ciami: <em>Ynakhsyt<\/em> (\u201edarky\u0148a dobytka\u201c), <em>Yhych-Khan<\/em> (\u201edarca ko\u0148a\u201c). T\u00e1to s\u00e9ria zviera\u0165om priraden\u00fdch \u0161peci\u00e1lnych bo\u017estiev ukazuje, ako jakutsk\u00e9 n\u00e1bo\u017eenstvo n\u00e1bo\u017eensk\u00fd personalizuje hospod\u00e1rske \u017eivotn\u00e9 z\u00e1klady.<\/p>\t\t\t\t\t\t\t\t<\/div>\n\t\t\t\t<\/div>\n\t\t\t\t\t<\/div>\n\t\t\t\t<\/div>\n\t\t<div class=\"elementor-element elementor-element-iwgw-ajisit-s2 e-flex e-con-boxed e-con e-parent\" data-id=\"iwgw-ajisit-s2\" data-element_type=\"container\" data-e-type=\"container\">\n\t\t\t\t\t<div class=\"e-con-inner\">\n\t\t\t\t<div class=\"elementor-element elementor-element-iwgw-ajisit-s2h elementor-widget elementor-widget-heading\" data-id=\"iwgw-ajisit-s2h\" data-element_type=\"widget\" data-e-type=\"widget\" data-widget_type=\"heading.default\">\n\t\t\t\t\t<h2 class=\"elementor-heading-title elementor-size-default\">Popis a ikonografia<\/h2>\t\t\t\t<\/div>\n\t\t<div class=\"elementor-element elementor-element-iwgw-ajisit-s2c e-con-full e-flex e-con e-child\" data-id=\"iwgw-ajisit-s2c\" data-element_type=\"container\" data-e-type=\"container\">\n\t\t\t\t<div class=\"elementor-element elementor-element-iwgw-ajisit-s2t elementor-widget elementor-widget-text-editor\" data-id=\"iwgw-ajisit-s2t\" data-element_type=\"widget\" data-e-type=\"widget\" data-widget_type=\"text-editor.default\">\n\t\t\t\t\t\t\t\t\t<p>Ajysyt je opisovan\u00e1 ako mlad\u00e1, kr\u00e1sne oble\u010den\u00e1 \u017eena na svetlosivom koni, s lonom pln\u00fdm zlat\u00fdch vt\u00e1kov: ka\u017ed\u00fd vt\u00e1k je detskou du\u0161ou.<\/p><p>Vstupuje cez dymov\u00fd otvor jurty a kladie vt\u00e1\u010dika matke do lona. N\u00e1sledne zost\u00e1va pr\u00edtomn\u00e1 tri dni; po\u010das tejto doby sa v dome nesmie dia\u0165 ni\u010d hlu\u010dn\u00e9 ani ostr\u00e9.<\/p><p>Sere\u0161evskij v roku 1896 zhroma\u017edil vo svojej rozsiahlej monografii <em>Yakuty<\/em> mno\u017estvo tak\u00fdchto predst\u00e1v. Bol politick\u00fdm vyhnancom v regi\u00f3ne Sacha a svoju situ\u00e1ciu vyu\u017eil na etnografick\u00fa priekopn\u00edcku pr\u00e1cu, ktor\u00e1 dodnes patr\u00ed medzi najd\u00f4le\u017eitej\u0161ie pramene.<\/p><p>V modernom sachskom <span class=\"iwg-fachbegriff\" data-tooltip=\"Tradi\u010dn\u00e1 \u013eudov\u00e1 kult\u00fara so zvykmi, rozpr\u00e1vaniami a pies\u0148ami.\" tabindex=\"0\">folkl\u00f3re<\/span> mo\u017eno Ajysyt vidie\u0165 na po\u0161tov\u00fdch zn\u00e1mkach, v u\u010debniciach a na plag\u00e1toch k festivalu Ysyach. Jej obrazov\u00e1 podoba bola po obnoven\u00ed festivalu Ysyach (1991) ikonizovan\u00e1 a nadv\u00e4zuje na opisy Sere\u0161evsk\u00e9ho a Ksenofontova.<\/p>\t\t\t\t\t\t\t\t<\/div>\n\t\t\t\t<\/div>\n\t\t\t\t\t<\/div>\n\t\t\t\t<\/div>\n\t\t<div class=\"elementor-element elementor-element-iwgw-ajisit-s3 e-flex e-con-boxed e-con e-parent\" data-id=\"iwgw-ajisit-s3\" data-element_type=\"container\" data-e-type=\"container\">\n\t\t\t\t\t<div class=\"e-con-inner\">\n\t\t\t\t<div class=\"elementor-element elementor-element-iwgw-ajisit-s3h elementor-widget elementor-widget-heading\" data-id=\"iwgw-ajisit-s3h\" data-element_type=\"widget\" data-e-type=\"widget\" data-widget_type=\"heading.default\">\n\t\t\t\t\t<h2 class=\"elementor-heading-title elementor-size-default\">Mytologick\u00e9 rozpr\u00e1vania<\/h2>\t\t\t\t<\/div>\n\t\t<div class=\"elementor-element elementor-element-iwgw-ajisit-s3c e-con-full e-flex e-con e-child\" data-id=\"iwgw-ajisit-s3c\" data-element_type=\"container\" data-e-type=\"container\">\n\t\t\t\t<div class=\"elementor-element elementor-element-iwgw-ajisit-s3t elementor-widget elementor-widget-text-editor\" data-id=\"iwgw-ajisit-s3t\" data-element_type=\"widget\" data-e-type=\"widget\" data-widget_type=\"text-editor.default\">\n\t\t\t\t\t\t\t\t\t<p><span data-nosnippet>Jakutsk\u00e9 eposy Olonkho rozpr\u00e1vaj\u00fa, \u017ee <em>\u00dcr\u00fcn Aar Tojon<\/em> poveril Ajisit, aby v\u0161etk\u00fdm \u017eensk\u00fdm bytostiam, \u013eu\u010fom, ko\u0148om, sobom, priniesla ich \u017eivotn\u00fa du\u0161u. Sere\u0161evskij (1896) zdokumentoval variantu, v ktorej sa Ajisit po ka\u017edom p\u00f4rode vracia do horn\u00e9ho neba a pod\u00e1va spr\u00e1vu.<\/span><\/p><p>Pri obzvl\u00e1\u0161\u0165 \u0165a\u017ek\u00fdch p\u00f4rodoch m\u00f4\u017ee Ajisit privola\u0165 na pomoc svoju sestru <em>Iyehsit<\/em> (ochranky\u0148u \u0161estonedie\u013eok). Mytol\u00f3gia rozli\u0161uje tri sestry Ajisit: jednu pre \u013eud\u00ed, jednu pre kone, jednu pre dobytok; v praxi sa v\u0161ak \u010dasto zlievaj\u00fa do jednej postavy.<\/p><p>Osobitn\u00e9 rozpr\u00e1vanie Olonkho hovor\u00ed, ako Ajisit predl\u017euje hrdinke \u201ezlat\u00fa ni\u0165 \u017eivota\u201c, ke\u010f jej v boji hroz\u00ed smr\u0165. Tento <span class=\"iwg-fachbegriff\" data-tooltip=\"Opakuj\u00faci sa obsahov\u00fd prvok v umen\u00ed alebo rozpr\u00e1van\u00ed.\" tabindex=\"0\">mot\u00edv<\/span> nite osudu sp\u00e1ja Ajisit typologicky s gr\u00e9ckymi Moirami a podobn\u00fdmi bohy\u0148ami osudu.<\/p>\t\t\t\t\t\t\t\t<\/div>\n\t\t\t\t<\/div>\n\t\t\t\t\t<\/div>\n\t\t\t\t<\/div>\n\t\t<div class=\"elementor-element elementor-element-iwgw-ajisit-s4 e-flex e-con-boxed e-con e-parent\" data-id=\"iwgw-ajisit-s4\" data-element_type=\"container\" data-e-type=\"container\">\n\t\t\t\t\t<div class=\"e-con-inner\">\n\t\t\t\t<div class=\"elementor-element elementor-element-iwgw-ajisit-s4h elementor-widget elementor-widget-heading\" data-id=\"iwgw-ajisit-s4h\" data-element_type=\"widget\" data-e-type=\"widget\" data-widget_type=\"heading.default\">\n\t\t\t\t\t<h2 class=\"elementor-heading-title elementor-size-default\">Kult a uctievanie<\/h2>\t\t\t\t<\/div>\n\t\t<div class=\"elementor-element elementor-element-iwgw-ajisit-s4c e-con-full e-flex e-con e-child\" data-id=\"iwgw-ajisit-s4c\" data-element_type=\"container\" data-e-type=\"container\">\n\t\t\t\t<div class=\"elementor-element elementor-element-iwgw-ajisit-s4t elementor-widget elementor-widget-text-editor\" data-id=\"iwgw-ajisit-s4t\" data-element_type=\"widget\" data-e-type=\"widget\" data-widget_type=\"text-editor.default\">\n\t\t\t\t\t\t\t\t\t<p><span class=\"iwg-fachbegriff\" data-tooltip=\"S\u00fabor n\u00e1bo\u017eensk\u00fdch \u00factiv\u00fdch \u00fakonov vo\u010di bo\u017estvu alebo sv\u00e4tej postave.\" tabindex=\"0\">Kult<\/span> Ajisit je preva\u017ene dom\u00e1ci. Na tret\u00ed de\u0148 po naroden\u00ed rodina sl\u00e1vi <span class=\"iwg-fachbegriff\" data-tooltip=\"Usporiadan\u00e1 sled symbolick\u00fdch \u00fakonov s n\u00e1bo\u017eensk\u00fdm alebo kult\u00farnym v\u00fdznamom.\" tabindex=\"0\">ritu\u00e1l<\/span> <em>Ajisit-Asar<\/em>: hostinu s kobyl\u00edm mliekom, kobyl\u00edm tvarohom a maslov\u00fdm pe\u010divom, ku ktorej sa prid\u00e1va vykadzovanie z lari\u0161kovej \u017eivice.<\/p><p>P\u00f4rodn\u00e1 babica a matka sa \u010distia brezov\u00fdmi vetvi\u010dkami. P\u00f4rodn\u00e1 babica hovor\u00ed \u201eAjisit pri\u0161la, Ajisit odi\u0161la\u201c, formulku, ktor\u00e1 je dolo\u017een\u00e1 v korpuse Olonkho.<\/p><p>Na \u0161ir\u0161ej \u00farovni bola Ajisit s\u00fa\u010das\u0165ou ve\u013ek\u00e9ho jarn\u00e9ho festivalu <em>Ysyakh<\/em>, na ktorom bol cten\u00fd aj <a href=\"https:\/\/iwell-guard.com\/sk\/?page_id=157978\">Yhych-Khan<\/a> ako darca kon\u00ed. V modernom Ysyakh m\u00e1 vlastn\u00e9 <span class=\"iwg-fachbegriff\" data-tooltip=\"Prosebn\u00e9 alebo vz\u00fdvacie oslovenie bo\u017estva alebo moci.\" tabindex=\"0\">vz\u00fdvanie<\/span> ako \u201eMatka rod\u00edn Sacha\u201c.<\/p><p>Marjorie Mandelstam Balzer vo svojich ter\u00e9nnych v\u00fdskumoch z 80. a 90. rokov 20. storo\u010dia zdokumentovala, ako <span class=\"iwg-fachbegriff\" data-tooltip=\"S\u00fabor n\u00e1bo\u017eensk\u00fdch \u00factiv\u00fdch \u00fakonov vo\u010di bo\u017estvu alebo sv\u00e4tej postave.\" tabindex=\"0\">kult<\/span> Ajisit pre\u017eil aj v sovietskom obdob\u00ed v podzemnej forme, najm\u00e4 vo vidieckych oblastiach, mimo dosahu stran\u00edcko\u0161t\u00e1tnej kontroly.<\/p>\t\t\t\t\t\t\t\t<\/div>\n\t\t\t\t<\/div>\n\t\t\t\t\t<\/div>\n\t\t\t\t<\/div>\n\t\t<div class=\"elementor-element elementor-element-iwgw-ajisit-s5 e-flex e-con-boxed e-con e-parent\" data-id=\"iwgw-ajisit-s5\" data-element_type=\"container\" data-e-type=\"container\">\n\t\t\t\t\t<div class=\"e-con-inner\">\n\t\t\t\t<div class=\"elementor-element elementor-element-iwgw-ajisit-s5h elementor-widget elementor-widget-heading\" data-id=\"iwgw-ajisit-s5h\" data-element_type=\"widget\" data-e-type=\"widget\" data-widget_type=\"heading.default\">\n\t\t\t\t\t<h2 class=\"elementor-heading-title elementor-size-default\">Ochrann\u00e1 prax a apotropaika<\/h2>\t\t\t\t<\/div>\n\t\t<div class=\"elementor-element elementor-element-iwgw-ajisit-s5c e-con-full e-flex e-con e-child\" data-id=\"iwgw-ajisit-s5c\" data-element_type=\"container\" data-e-type=\"container\">\n\t\t\t\t<div class=\"elementor-element elementor-element-iwgw-ajisit-s5t elementor-widget elementor-widget-text-editor\" data-id=\"iwgw-ajisit-s5t\" data-element_type=\"widget\" data-e-type=\"widget\" data-widget_type=\"text-editor.default\">\n\t\t\t\t\t\t\t\t\t<p>Z religionistick\u00e9ho h\u013eadiska zah\u0155\u0148ali apotropaick\u00e9 praktiky spojen\u00e9 s Ajisit uzatv\u00e1ranie vchodov\u00fdch otvorov jurty p\u00e1smi z bielych konsk\u00fdch vlasov, vyh\u00fdbanie sa \u017eelezn\u00fdm n\u00e1strojom v p\u00f4rodnej izbe, umiest\u0148ovanie mal\u00fdch dreven\u00fdch lukov nad kol\u00edsku a v\u00fdber \u201estr\u00e1\u017eneho mena\u201c (tabuov\u00e9ho mena) pre die\u0165a, ktor\u00e9 m\u00e1 zakry\u0165 jeho prav\u00fa identitu.<\/p><p>Z poh\u013eadu jakutskej vn\u00fatornej perspekt\u00edvy tieto praktiky reagovali na obavu, \u017ee doj\u010da by mohli \u201eunies\u0165\u201c \u0161kodliv\u00e9 bytosti <em>abasy<\/em> z doln\u00e9ho sveta. Z etnografickej vonkaj\u0161ej perspekt\u00edvy ide o ritu\u00e1ly \u0161trukt\u00faruj\u00face ka\u017edodenn\u00fd \u017eivot, ktor\u00e9 d\u00e1vaj\u00fa kult\u00farnu formu vysokej doj\u010denskej \u00famrtnosti.<\/p><p>Osobitnou praxou je, \u017ee str\u00e1\u017ene meno sa \u010dasto vyber\u00e1 z\u00e1merne \u0161kared\u00e9 alebo odpudiv\u00e9 (napr\u00edklad \u201eps\u00ed syn\u201c, \u201ehr\u010da\u201c), aby \u0161kodliv\u00e9 bytosti die\u0165a nepokladali za \u201ehodnotn\u00e9\u201c. T\u00e1to apotropaick\u00e1 prax vytv\u00e1rania mien je z religionistick\u00e9ho h\u013eadiska zn\u00e1ma aj zo stredovekej Eur\u00f3py a zo z\u00e1padnej Afriky.<\/p>\t\t\t\t\t\t\t\t<\/div>\n\t\t\t\t<\/div>\n\t\t\t\t\t<\/div>\n\t\t\t\t<\/div>\n\t\t<div class=\"elementor-element elementor-element-iwgw-ajisit-s6 e-flex e-con-boxed e-con e-parent\" data-id=\"iwgw-ajisit-s6\" data-element_type=\"container\" data-e-type=\"container\">\n\t\t\t\t\t<div class=\"e-con-inner\">\n\t\t\t\t<div class=\"elementor-element elementor-element-iwgw-ajisit-s6h elementor-widget elementor-widget-heading\" data-id=\"iwgw-ajisit-s6h\" data-element_type=\"widget\" data-e-type=\"widget\" data-widget_type=\"heading.default\">\n\t\t\t\t\t<h2 class=\"elementor-heading-title elementor-size-default\">Paralely v in\u00fdch kult\u00farach<\/h2>\t\t\t\t<\/div>\n\t\t<div class=\"elementor-element elementor-element-iwgw-ajisit-s6c e-con-full e-flex e-con e-child\" data-id=\"iwgw-ajisit-s6c\" data-element_type=\"container\" data-e-type=\"container\">\n\t\t\t\t<div class=\"elementor-element elementor-element-iwgw-ajisit-s6t elementor-widget elementor-widget-text-editor\" data-id=\"iwgw-ajisit-s6t\" data-element_type=\"widget\" data-e-type=\"widget\" data-widget_type=\"text-editor.default\">\n\t\t\t\t\t\t\t\t\t<p>Funk\u010dne paraleln\u00e1 k <a href=\"https:\/\/iwell-guard.com\/sk\/?page_id=157972\">Umai<\/a> (turecky), Eileithyii (gr\u00e9cky), Juno Lucine (r\u00edmsky), Frigg v jej p\u00f4rodnej funkcii (seversky), Bixia Yuanjun (\u010d\u00ednsky). Osobitn\u00fa paralelu predstavuje gr\u00e9cka predstava Moir, preto\u017ee aj Ajisit prin\u00e1\u0161a \u201epodiel na \u017eivote\u201c, ktor\u00fd spoluur\u010duje osud die\u0165a\u0165a.<\/p><p>Religionisticky je v\u00fdznamn\u00e9 pozorovanie, \u017ee \u0161pecializovan\u00e9 bo\u017estvo p\u00f4rodu sa v pante\u00f3noch s odst\u00fapen\u00fdm najvy\u0161\u0161\u00edm bohom (<em>deus otiosus<\/em>) vyskytuje mimoriadne \u010dasto. Mircea Eliade urobil toto pozorovanie opakovane pri cirkumpol\u00e1rnych n\u00e1bo\u017eenstv\u00e1ch.<\/p><p>\u0160pecificky jakutsk\u00fdm momentom je spojenie s bo\u017estvami stvorenia zvierat Yhych-Khanom a Ynakhsyt do \u201etrojice \u017eivotn\u00fdch podielov\u201c: k\u00f4\u0148, dobytok a \u010dlovek s\u00fa takto obdaren\u00ed du\u0161ou paralelne. T\u00e1to ekonomick\u00e1 triangul\u00e1cia je religionisticko-antropologicky mimoriadne pr\u00ednosn\u00e1.<\/p>\t\t\t\t\t\t\t\t<\/div>\n\t\t\t\t<\/div>\n\t\t\t\t\t<\/div>\n\t\t\t\t<\/div>\n\t\t<div class=\"elementor-element elementor-element-iwgw-ajisit-s7 e-flex e-con-boxed e-con e-parent\" data-id=\"iwgw-ajisit-s7\" data-element_type=\"container\" data-e-type=\"container\">\n\t\t\t\t\t<div class=\"e-con-inner\">\n\t\t\t\t<div class=\"elementor-element elementor-element-iwgw-ajisit-s7h elementor-widget elementor-widget-heading\" data-id=\"iwgw-ajisit-s7h\" data-element_type=\"widget\" data-e-type=\"widget\" data-widget_type=\"heading.default\">\n\t\t\t\t\t<h2 class=\"elementor-heading-title elementor-size-default\">S\u00fa\u010dasn\u00e1 recepcia a v\u00fdskum<\/h2>\t\t\t\t<\/div>\n\t\t<div class=\"elementor-element elementor-element-iwgw-ajisit-s7c e-con-full e-flex e-con e-child\" data-id=\"iwgw-ajisit-s7c\" data-element_type=\"container\" data-e-type=\"container\">\n\t\t\t\t<div class=\"elementor-element elementor-element-iwgw-ajisit-s7t elementor-widget elementor-widget-text-editor\" data-id=\"iwgw-ajisit-s7t\" data-element_type=\"widget\" data-e-type=\"widget\" data-widget_type=\"text-editor.default\">\n\t\t\t\t\t\t\t\t\t<p><span data-nosnippet>V s\u00fa\u010dasnej Sachskej republike je Ajisit pevnou s\u00fa\u010das\u0165ou kult\u00farnej identity; jej obraz sa objavuje v u\u010debniciach, na po\u0161tov\u00fdch zn\u00e1mkach a na festivale Ysyakh. K\u013e\u00fa\u010dov\u00e9 vedeck\u00e9 diela: Ksenofontov, <em>\u0160amanizm. Izbrannyje trudy<\/em> (1928, nov\u00e9 vydanie 1992); A. P. Okladnikov; Roberte Hamayon (<em>La chasse \u00e0 l&#8217;\u00e2me<\/em>, 1990); Marjorie Mandelstam Balzer (<em>Shamans, Spirits and Worldviews<\/em>, 1993).<\/span><\/p><p>Osobitn\u00fa \u00falohu zohr\u00e1va americk\u00e1 b\u00e1date\u013eka Marjorie Mandelstam Balzer, ktor\u00e1 p\u00f4sob\u00ed v Sachskej oblasti od 80. rokov 20. storo\u010dia a v rade \u0161t\u00fadi\u00ed zdokumentovala obnovu praxe uctievania Ajisit po roku 1990. Jej pr\u00e1ce s\u00fa k\u013e\u00fa\u010dov\u00fdmi referen\u010dn\u00fdmi bodmi s\u00fa\u010dasn\u00e9ho v\u00fdskumu sachsk\u00e9ho n\u00e1bo\u017eenstva.<\/p><p>N. A. Alekseev predstavil v diele <em>Tradicionnaja religija jakutov<\/em> (Novosibirsk 1980) klasick\u00fa sovietsku synt\u00e9zu jakutsk\u00e9ho n\u00e1bo\u017eenstva; napriek ideologick\u00e9mu zafarbeniu zost\u00e1va nevyhnutn\u00fdm referen\u010dn\u00fdm dielom.<\/p>\t\t\t\t\t\t\t\t<\/div>\n\t\t\t\t<\/div>\n\t\t\t\t\t<\/div>\n\t\t\t\t<\/div>\n\t\t<div class=\"elementor-element elementor-element-iwgw-ajisit-s8 e-flex e-con-boxed e-con e-parent\" data-id=\"iwgw-ajisit-s8\" data-element_type=\"container\" data-e-type=\"container\">\n\t\t\t\t\t<div class=\"e-con-inner\">\n\t\t\t\t<div class=\"elementor-element elementor-element-iwgw-ajisit-s8h elementor-widget elementor-widget-heading\" data-id=\"iwgw-ajisit-s8h\" data-element_type=\"widget\" data-e-type=\"widget\" data-widget_type=\"heading.default\">\n\t\t\t\t\t<h2 class=\"elementor-heading-title elementor-size-default\">V\u00fdskumn\u00e9 debaty a otvoren\u00e9 ot\u00e1zky<\/h2>\t\t\t\t<\/div>\n\t\t<div class=\"elementor-element elementor-element-iwgw-ajisit-s8c e-con-full e-flex e-con e-child\" data-id=\"iwgw-ajisit-s8c\" data-element_type=\"container\" data-e-type=\"container\">\n\t\t\t\t<div class=\"elementor-element elementor-element-iwgw-ajisit-s8t elementor-widget elementor-widget-text-editor\" data-id=\"iwgw-ajisit-s8t\" data-element_type=\"widget\" data-e-type=\"widget\" data-widget_type=\"text-editor.default\">\n\t\t\t\t\t\t\t\t\t<p>Ajisit sa dot\u00fdkaj\u00fa tri v\u00fdskumn\u00e9 debaty. Prv\u00e1: vznikla Ajisit vo vlastnej jakutskej trad\u00edcii, alebo je prekladom panisib\u00edrskej funkcie Umai do jakutsk\u00e9ho prostredia? V\u00e4\u010d\u0161ina v\u00fdskumn\u00edkov sa prikl\u00e1\u0148a k prvej mo\u017enosti, s funk\u010dn\u00fdmi v\u00fdpo\u017ei\u010dkami.<\/p><p>Druh\u00e1: ak\u00fd je vz\u0165ah medzi Ajisit a jakutskou n\u00e1ukou o <em>kut<\/em> (n\u00e1ukou o du\u0161iach)? Ksenofontov v tejto s\u00favislosti pop\u00edsal koncepciu troch du\u0161\u00ed (<em>iiye-kut<\/em>, <em>buor-kut<\/em>, <em>salgyn-kut<\/em>), v ktorej Ajisit prin\u00e1\u0161a konkr\u00e9tne <em>iiye-kut<\/em>. Toto rozdelenie nie je z religionisticko-systematick\u00e9ho h\u013eadiska e\u0161te definit\u00edvne objasnen\u00e9.<\/p><p>Tretia: ako funguje s\u00fa\u010dasn\u00e1 neo\u0161amansk\u00e1 prax spojen\u00e1 s Ajisit a ako sa vz\u0165ahuje k tradi\u010dnej rodinnej praxi? Marjorie Balzer tu identifikovala viacero nap\u00e4t\u00ed, ktor\u00e9 udr\u017euj\u00fa v\u00fdskumn\u00e9 pole \u017eiv\u00e9.<\/p>\t\t\t\t\t\t\t\t<\/div>\n\t\t\t\t<\/div>\n\t\t\t\t\t<\/div>\n\t\t\t\t<\/div>\n\t\t<div class=\"elementor-element elementor-element-iwgw-ajisit-s9 e-flex e-con-boxed e-con e-parent\" data-id=\"iwgw-ajisit-s9\" data-element_type=\"container\" data-e-type=\"container\">\n\t\t\t\t\t<div class=\"e-con-inner\">\n\t\t\t\t<div class=\"elementor-element elementor-element-iwgw-ajisit-s9h elementor-widget elementor-widget-heading\" data-id=\"iwgw-ajisit-s9h\" data-element_type=\"widget\" data-e-type=\"widget\" data-widget_type=\"heading.default\">\n\t\t\t\t\t<h2 class=\"elementor-heading-title elementor-size-default\">Ajisit v epose Olonkho<\/h2>\t\t\t\t<\/div>\n\t\t<div class=\"elementor-element elementor-element-iwgw-ajisit-s9c e-con-full e-flex e-con e-child\" data-id=\"iwgw-ajisit-s9c\" data-element_type=\"container\" data-e-type=\"container\">\n\t\t\t\t<div class=\"elementor-element elementor-element-iwgw-ajisit-s9t elementor-widget elementor-widget-text-editor\" data-id=\"iwgw-ajisit-s9t\" data-element_type=\"widget\" data-e-type=\"widget\" data-widget_type=\"text-editor.default\">\n\t\t\t\t\t\t\t\t\t<p><span data-nosnippet>Osobitn\u00fa pozornos\u0165 si zasl\u00fa\u017ei postavenie Ajisit v jakutsk\u00fdch epick\u00fdch b\u00e1s\u0148ach Olonkho, ktor\u00e9 s\u00fa od roku 2005 zap\u00edsan\u00e9 v zozname nehmotn\u00e9ho kult\u00farneho dedi\u010dstva UNESCO. Olonkho je \u00fastny ver\u0161ovan\u00fd epos, ktor\u00fd m\u00e1 \u010dasto nieko\u013eko tis\u00edc ver\u0161ov a predn\u00e1\u0161a ho spev\u00e1k olonchosut po\u010das viacer\u00fdch noc\u00ed. Takmer v ka\u017edom Olonkho sa Ajisit objavuje, naj\u010dastej\u0161ie ako darky\u0148a hrdinsk\u00e9ho narodenia alebo ako ochranky\u0148a hrdiniek.<\/span><\/p><p>V sl\u00e1vnom epose <em>Nyurgun Botur R\u00fdchly<\/em> (prelo\u017eil Peter Vladimircov v 20. rokoch 20. storo\u010dia) sa Ajisit objavuje ako skuto\u010dn\u00e1 inici\u00e1torka hrdinskej misie, bez jej s\u00fahlasu by sa hrdina nemohol narodi\u0165. Toto centr\u00e1lne postavenie v r\u00e1mci narat\u00edvu je z religionistick\u00e9ho h\u013eadiska pou\u010dn\u00e9, preto\u017ee ch\u00e1pe matersk\u00fa funkciu ako podmienku funkcie hrdinskej.<\/p><p>S\u00fa\u010dasn\u00e1 starostlivos\u0165 o trad\u00edciu Olonkho v Sachskej republike je \u0161t\u00e1tom podporovan\u00fdm kult\u00farnym hnut\u00edm, ktor\u00e9 stavia Ajisit do centra pozornosti. Andrej P. Re\u0161etnikov a Akad\u00e9mia vied Sachskej republiky vydali viacero kritick\u00fdch ed\u00edci\u00ed.<\/p>\t\t\t\t\t\t\t\t<\/div>\n\t\t\t\t<\/div>\n\t\t\t\t\t<\/div>\n\t\t\t\t<\/div>\n\t\t<div class=\"elementor-element elementor-element-iwgw-ajisit-s10 e-flex e-con-boxed e-con e-parent\" data-id=\"iwgw-ajisit-s10\" data-element_type=\"container\" data-e-type=\"container\">\n\t\t\t\t\t<div class=\"e-con-inner\">\n\t\t\t\t<div class=\"elementor-element elementor-element-iwgw-ajisit-s10h elementor-widget elementor-widget-heading\" data-id=\"iwgw-ajisit-s10h\" data-element_type=\"widget\" data-e-type=\"widget\" data-widget_type=\"heading.default\">\n\t\t\t\t\t<h2 class=\"elementor-heading-title elementor-size-default\">Pramene a vz\u0165ah k Kult\u00farnemu centru<\/h2>\t\t\t\t<\/div>\n\t\t<div class=\"elementor-element elementor-element-iwgw-ajisit-s10c e-con-full e-flex e-con e-child\" data-id=\"iwgw-ajisit-s10c\" data-element_type=\"container\" data-e-type=\"container\">\n\t\t\t\t<div class=\"elementor-element elementor-element-iwgw-ajisit-s10t elementor-widget elementor-widget-text-editor\" data-id=\"iwgw-ajisit-s10t\" data-element_type=\"widget\" data-e-type=\"widget\" data-widget_type=\"text-editor.default\">\n\t\t\t\t\t\t\t\t\t<p>Kto sa chce venova\u0165 \u0161ir\u0161iemu \u0161t\u00fadiu okruhu Ajisit, n\u00e1jde na preh\u013eadovej str\u00e1nke <a href=\"https:\/\/iwell-guard.com\/sk\/sibirsky-samanizmus-tengrizmus\/\">Sib\u00edrsko-tengristick\u00e1 trad\u00edcia<\/a> najd\u00f4le\u017eitej\u0161ie odkazy na pr\u00edbuzn\u00e9 postavy ako <a href=\"https:\/\/iwell-guard.com\/sk\/?page_id=157978\">Yhych-Khan<\/a> (darca ko\u0148a) a <a href=\"https:\/\/iwell-guard.com\/sk\/?page_id=157972\">Umai<\/a> (tureck\u00e1 paralela).<\/p><p>Dielo W. Sero\u0161evsk\u00e9ho <em>Jakuty<\/em> (1896) a G. V. Ksenofontova <em>\u0160amanizm. Izbrannyje trudy<\/em> (nov\u00e9 vydanie 1992) s\u00fa najd\u00f4le\u017eitej\u0161ie prim\u00e1rne pramene. N. A. Alekseevovo dielo <em>Tradicionnaja religija jakutov<\/em> (1980) pon\u00faka najd\u00f4le\u017eitej\u0161iu sovietsku synt\u00e9zu.<\/p><p>Diela Marjorie Mandelstam Balzer <em>Shamans, Spirits and Worldviews<\/em> (1993) a <em>The Tenacity of Ethnicity<\/em> (1999) s\u00fa nevyhnutn\u00fdmi s\u00fa\u010dasn\u00fdmi \u0161tandardn\u00fdmi dielami; podrobne dokumentuj\u00fa obnovu praxe Ajisit po roku 1991.<\/p>\t\t\t\t\t\t\t\t<\/div>\n\t\t\t\t<\/div>\n\t\t\t\t\t<\/div>\n\t\t\t\t<\/div>\n\t\t<div class=\"elementor-element elementor-element-iwgw-ajisit-s11 e-flex e-con-boxed e-con e-parent\" data-id=\"iwgw-ajisit-s11\" data-element_type=\"container\" data-e-type=\"container\">\n\t\t\t\t\t<div class=\"e-con-inner\">\n\t\t\t\t<div class=\"elementor-element elementor-element-iwgw-ajisit-s11h elementor-widget elementor-widget-heading\" data-id=\"iwgw-ajisit-s11h\" data-element_type=\"widget\" data-e-type=\"widget\" data-widget_type=\"heading.default\">\n\t\t\t\t\t<h2 class=\"elementor-heading-title elementor-size-default\">Religionistick\u00e1 fenomenol\u00f3gia bo\u017estva p\u00f4rodu<\/h2>\t\t\t\t<\/div>\n\t\t<div class=\"elementor-element elementor-element-iwgw-ajisit-s11c e-con-full e-flex e-con e-child\" data-id=\"iwgw-ajisit-s11c\" data-element_type=\"container\" data-e-type=\"container\">\n\t\t\t\t<div class=\"elementor-element elementor-element-iwgw-ajisit-s11t elementor-widget elementor-widget-text-editor\" data-id=\"iwgw-ajisit-s11t\" data-element_type=\"widget\" data-e-type=\"widget\" data-widget_type=\"text-editor.default\">\n\t\t\t\t\t\t\t\t\t<p>Ajisit patr\u00ed do religionisticko-fenomenologick\u00e9ho spektra \u201e\u0161pecializovan\u00fdch bo\u017estiev p\u00f4rodu\u201c, ktor\u00e9 sa v mnoh\u00fdch kult\u00farach vyskytuj\u00fa spolu s odst\u00fapen\u00fdm najvy\u0161\u0161\u00edm bohom (<em>deus otiosus<\/em>). Mircea Eliade t\u00fato korel\u00e1cia opakovane pop\u00edsal; Ajisit je jedn\u00fdm z najbohat\u0161ie zdokumentovan\u00fdch pr\u00edkladov.<\/p><p>Charakteristick\u00e9 je spojenie troch funkci\u00ed: (a) prin\u00e1\u0161ate\u013eka \u017eivotnej du\u0161e, (b) ochrana po\u010das \u0161estonedelia, (c) str\u00e1\u017eky\u0148a po\u010das prv\u00e9ho roku \u017eivota. Tieto tri funkcie s\u00fa v in\u00fdch pante\u00f3noch \u010dasto rozdelen\u00e9 medzi r\u00f4zne bo\u017estv\u00e1 (napr\u00edklad Eileithyia, Juno Lucina a Bona Dea v r\u00edmskom komplexe), zatia\u013e \u010do v Ajisit s\u00fa s\u00fastreden\u00e9 v jedinej osobe.<\/p><p>Religionisticko-antropologicky zauj\u00edmav\u00e9 je stoto\u017enenie s \u017eenskou p\u00f4rodnou babicou: v niektor\u00fdch jakutsk\u00fdch rozpr\u00e1vaniach sa o p\u00f4rodnej babici hovor\u00ed ako o \u201edo\u010dasnom vtelen\u00ed Ajisit\u201c. T\u00e1to performat\u00edvna identifik\u00e1cia je klasick\u00fdm prvkom \u0161amanskej a ritu\u00e1lnej praxe.<\/p>\t\t\t\t\t\t\t\t<\/div>\n\t\t\t\t<\/div>\n\t\t\t\t\t<\/div>\n\t\t\t\t<\/div>\n\t\t<div class=\"elementor-element elementor-element-iwgw-ajisit-s12 e-flex e-con-boxed e-con e-parent\" data-id=\"iwgw-ajisit-s12\" data-element_type=\"container\" data-e-type=\"container\">\n\t\t\t\t\t<div class=\"e-con-inner\">\n\t\t\t\t<div class=\"elementor-element elementor-element-iwgw-ajisit-s12h elementor-widget elementor-widget-heading\" data-id=\"iwgw-ajisit-s12h\" data-element_type=\"widget\" data-e-type=\"widget\" data-widget_type=\"heading.default\">\n\t\t\t\t\t<h2 class=\"elementor-heading-title elementor-size-default\">Metodologick\u00e1 reflexia<\/h2>\t\t\t\t<\/div>\n\t\t<div class=\"elementor-element elementor-element-iwgw-ajisit-s12c e-con-full e-flex e-con e-child\" data-id=\"iwgw-ajisit-s12c\" data-element_type=\"container\" data-e-type=\"container\">\n\t\t\t\t<div class=\"elementor-element elementor-element-iwgw-ajisit-s12t elementor-widget elementor-widget-text-editor\" data-id=\"iwgw-ajisit-s12t\" data-element_type=\"widget\" data-e-type=\"widget\" data-widget_type=\"text-editor.default\">\n\t\t\t\t\t\t\t\t\t<p>Pri v\u00fdskume Ajisit vznik\u00e1 viacero metodologick\u00fdch probl\u00e9mov. Prv\u00fd: jakutsk\u00e9 n\u00e1bo\u017eenstvo bolo v 19. storo\u010d\u00ed zdokumentovan\u00e9 rusko-ortodoxn\u00fdmi mision\u00e1rmi a o nie\u010do nesk\u00f4r rusk\u00fdmi etnografmi ako Sere\u0161evskij. Obe skupiny mali interpreta\u010dn\u00e9 predpoklady, ktor\u00e9 je potrebn\u00e9 kriticky zoh\u013eadni\u0165.<\/p><p>Druh\u00fd: sovietska etnografia (Alekseev, Ksenofontov v novom vydan\u00ed) miestami sprac\u00favala Ajisit v etnograficko-folkloristickom r\u00e1mci, \u010do marginalizovalo n\u00e1bo\u017eensk\u00fd rozmer. Postsovietsky v\u00fdskum toto korektne napr\u00e1va.<\/p><p>Tret\u00ed: s\u00fa\u010dasn\u00e1 prax Ysyakh a \u0161amansk\u00e9 o\u017eivenie vytv\u00e1raj\u00fa nov\u00fa trad\u00edciu Ajisit, ktor\u00e1 stoj\u00ed v nap\u00e4tom vz\u0165ahu k historickej vrstve. Marjorie Balzer toto nap\u00e4tie metodologicky reflektovala.<\/p>\t\t\t\t\t\t\t\t<\/div>\n\t\t\t\t<\/div>\n\t\t\t\t\t<\/div>\n\t\t\t\t<\/div>\n\t\t<div class=\"elementor-element elementor-element-iwgw-ajisit-s13 e-flex e-con-boxed e-con e-parent\" data-id=\"iwgw-ajisit-s13\" data-element_type=\"container\" data-e-type=\"container\">\n\t\t\t\t\t<div class=\"e-con-inner\">\n\t\t\t\t<div class=\"elementor-element elementor-element-iwgw-ajisit-s13h elementor-widget elementor-widget-heading\" data-id=\"iwgw-ajisit-s13h\" data-element_type=\"widget\" data-e-type=\"widget\" data-widget_type=\"heading.default\">\n\t\t\t\t\t<h2 class=\"elementor-heading-title elementor-size-default\">Ajisit v s\u00fa\u010dasnom \u0161amanskom o\u017eiven\u00ed<\/h2>\t\t\t\t<\/div>\n\t\t<div class=\"elementor-element elementor-element-iwgw-ajisit-s13c e-con-full e-flex e-con e-child\" data-id=\"iwgw-ajisit-s13c\" data-element_type=\"container\" data-e-type=\"container\">\n\t\t\t\t<div class=\"elementor-element elementor-element-iwgw-ajisit-s13t elementor-widget elementor-widget-text-editor\" data-id=\"iwgw-ajisit-s13t\" data-element_type=\"widget\" data-e-type=\"widget\" data-widget_type=\"text-editor.default\">\n\t\t\t\t\t\t\t\t\t<p>Od 90. rokov 20. storo\u010dia za\u017e\u00edva <span class=\"iwg-fachbegriff\" data-tooltip=\"S\u00fahrn n\u00e1bo\u017eensk\u00fdch \u00factov\u00fdch \u00fakonov k bo\u017estvu alebo sv\u00e4tej bytosti.\" tabindex=\"0\">kult<\/span> Ajisit v Sachskej republike intenz\u00edvnu obrodu. Viacer\u00e9 \u0161amansk\u00e9 zoskupenia (napr\u00edklad skupina <em>Aar Aiyy<\/em> v Jakutsku) vykon\u00e1vaj\u00fa inici\u00e1cie, v ktor\u00fdch je Ajisit vz\u00fdvan\u00e1 ako \u00fastredn\u00e9 pomocn\u00e9 bo\u017estvo. T\u00e1to modern\u00e1 prax sa opiera o etnografick\u00e9 z\u00e1znamy Sere\u0161evsk\u00e9ho a Ksenofontova.<\/p><p>Marjorie Mandelstam Balzer t\u00fato obrodu zdokumentovala v nieko\u013ek\u00fdch \u0161t\u00fadi\u00e1ch; ukazuje, ako sa n\u00e1bo\u017eensk\u00e1 trad\u00edcia preru\u0161en\u00e1 sovietskou represiou obnovuje kombin\u00e1ciou etnografick\u00fdch textov, \u00fastneho <span class=\"iwg-fachbegriff\" data-tooltip=\"Odovzd\u00e1vanie vedomost\u00ed a rozpr\u00e1van\u00ed z gener\u00e1cie na gener\u00e1ciu.\" tabindex=\"0\">podania<\/span> star\u0161\u00edch a nov\u00fdch in\u0161titucion\u00e1lnych \u0161trukt\u00far.<\/p><p>Z h\u013eadiska sociol\u00f3gie n\u00e1bo\u017eenstva je t\u00e1to reetabl\u00e1cia zauj\u00edmav\u00fdm pr\u00edpadom \u201esprostredkovan\u00e9ho n\u00e1bo\u017eenstva\u201c, n\u00e1bo\u017eenstva, ktor\u00e9 je sprostredkovan\u00e9 a konsolidovan\u00e9 vedeck\u00fdmi textami. Toto sprostredkovanie vytv\u00e1ra nov\u00fa vrstvu n\u00e1bo\u017eenskej praxe, ktor\u00e1 je s historickou vrstvou prepleten\u00e1, ale nie je s \u0148ou toto\u017en\u00e1.<\/p>\t\t\t\t\t\t\t\t<\/div>\n\t\t\t\t<\/div>\n\t\t\t\t\t<\/div>\n\t\t\t\t<\/div>\n\t\t<div class=\"elementor-element elementor-element-iwgw-ajisit-s14 e-flex e-con-boxed e-con e-parent\" data-id=\"iwgw-ajisit-s14\" data-element_type=\"container\" data-e-type=\"container\">\n\t\t\t\t\t<div class=\"e-con-inner\">\n\t\t\t\t<div class=\"elementor-element elementor-element-iwgw-ajisit-s14h elementor-widget elementor-widget-heading\" data-id=\"iwgw-ajisit-s14h\" data-element_type=\"widget\" data-e-type=\"widget\" data-widget_type=\"heading.default\">\n\t\t\t\t\t<h2 class=\"elementor-heading-title elementor-size-default\">Ajisit v zrkadle jakutskej n\u00e1uky o kut<\/h2>\t\t\t\t<\/div>\n\t\t<div class=\"elementor-element elementor-element-iwgw-ajisit-s14c e-con-full e-flex e-con e-child\" data-id=\"iwgw-ajisit-s14c\" data-element_type=\"container\" data-e-type=\"container\">\n\t\t\t\t<div class=\"elementor-element elementor-element-iwgw-ajisit-s14t elementor-widget elementor-widget-text-editor\" data-id=\"iwgw-ajisit-s14t\" data-element_type=\"widget\" data-e-type=\"widget\" data-widget_type=\"text-editor.default\">\n\t\t\t\t\t\t\t\t\t<p>Hlb\u0161ie \u0161t\u00fadium si zasl\u00fa\u017ei zaradenie Ajisit do jakutskej n\u00e1uky o <em>kut<\/em>, prepracovanej n\u00e1uky o du\u0161i, ktor\u00e1 rozli\u0161uje tri du\u0161e: <em>iiye-kut<\/em> (\u201ematersk\u00e1 du\u0161a\u201c), <em>buor-kut<\/em> (\u201ezemsk\u00e1 du\u0161a\u201c) a <em>salgyn-kut<\/em> (\u201evetern\u00e1 du\u0161a\u201c). Ajisit prin\u00e1\u0161a konkr\u00e9tne <em>iiye-kut<\/em>, ktor\u00e1 predstavuje emocion\u00e1lne a matersk\u00e9 dedi\u010dstvo novorodenca.<\/p><p>Ksenofontov toto trojit\u00e9 delenie systematicky pop\u00edsal vo svojej klasickej synt\u00e9ze. <em>Buor-kut<\/em> poch\u00e1dza od zeme (teda nepriamo od komplexu <a href=\"https:\/\/iwell-guard.com\/sk\/?page_id=157975\">Yer-Sub<\/a>), <em>salgyn-kut<\/em> od vetra (teda od atmosf\u00e9rickej moci); iba <em>iiye-kut<\/em> poch\u00e1dza priamo od Ajisit.<\/p><p>T\u00e1to jemn\u00e1 diferenci\u00e1cia je z h\u013eadiska fenomenol\u00f3gie n\u00e1bo\u017eenstva hodnotn\u00e1, preto\u017ee ukazuje, ako m\u00f4\u017ee dom\u00e1ce n\u00e1bo\u017eenstvo rozvin\u00fa\u0165 zlo\u017eit\u00e9 antropologick\u00e9 koncepty bez toho, aby sa opieralo o z\u00e1padn\u00e9 kateg\u00f3rie.<\/p>\t\t\t\t\t\t\t\t<\/div>\n\t\t\t\t<\/div>\n\t\t\t\t\t<\/div>\n\t\t\t\t<\/div>\n\t\t<div class=\"elementor-element elementor-element-iwgw-ajisit-s15 e-flex e-con-boxed e-con e-parent\" data-id=\"iwgw-ajisit-s15\" data-element_type=\"container\" data-e-type=\"container\">\n\t\t\t\t\t<div class=\"e-con-inner\">\n\t\t\t\t<div class=\"elementor-element elementor-element-iwgw-ajisit-s15h elementor-widget elementor-widget-heading\" data-id=\"iwgw-ajisit-s15h\" data-element_type=\"widget\" data-e-type=\"widget\" data-widget_type=\"heading.default\">\n\t\t\t\t\t<h2 class=\"elementor-heading-title elementor-size-default\">Ajisit a jakutsk\u00fd p\u00f4rodn\u00fd ritu\u00e1l<\/h2>\t\t\t\t<\/div>\n\t\t<div class=\"elementor-element elementor-element-iwgw-ajisit-s15c e-con-full e-flex e-con e-child\" data-id=\"iwgw-ajisit-s15c\" data-element_type=\"container\" data-e-type=\"container\">\n\t\t\t\t<div class=\"elementor-element elementor-element-iwgw-ajisit-s15t elementor-widget elementor-widget-text-editor\" data-id=\"iwgw-ajisit-s15t\" data-element_type=\"widget\" data-e-type=\"widget\" data-widget_type=\"text-editor.default\">\n\t\t\t\t\t\t\t\t\t<p>Jakutsk\u00fd p\u00f4rodn\u00fd ritu\u00e1l je \u0161trukt\u00farovan\u00fd okolo Ajisit a nasleduje troj\u010dlenn\u00fa logiku. Prv\u00e1 f\u00e1za: pred p\u00f4rodom sa v jurte priprav\u00ed \u201emiesto Ajisit\u201c, ozna\u010den\u00e9 prame\u0148mi bielych ko\u0148sk\u00fdch vlasov a brezov\u00fdmi vetvi\u010dkami.<\/p><p>Druh\u00e1 f\u00e1za: po\u010das p\u00f4rodu p\u00f4rodn\u00e1 babica ticho hovor\u00ed s Ajisit a \u201epros\u00ed ju o \u017eiv\u00fa bytos\u0165\u201c. Tretia f\u00e1za: po p\u00f4rode Ajisit symbolicky zost\u00e1va pr\u00edtomn\u00e1 e\u0161te tri dni; po\u010das tejto doby platia stroh\u00e9 z\u00e1kazy.<\/p><p><span data-nosnippet>Sere\u0161evskij (1896) t\u00fato troj\u010dlenn\u00fa \u0161trukt\u00faru podrobne pop\u00edsal. Z h\u013eadiska antropol\u00f3gie n\u00e1bo\u017eenstva je to klasick\u00fd pr\u00edklad \u201erite de passage\u201c v zmysle van Gennepa: odl\u00fa\u010denie, prah, za\u010dlenenie.<\/span><\/p><p>V s\u00fa\u010dasnej Sachskej republike sa <span class=\"iwg-fachbegriff\" data-tooltip=\"Usporiadan\u00e1 sled symbolick\u00fdch \u00fakonov s n\u00e1bo\u017eensk\u00fdm alebo kult\u00farnym v\u00fdznamom.\" tabindex=\"0\">ritu\u00e1l<\/span> praktizuje \u010falej, v upravenej forme, \u010dasto v kombin\u00e1cii s modern\u00fdmi medic\u00ednskymi postupmi. T\u00e1to hybridiz\u00e1cia je zauj\u00edmav\u00fdm javom z h\u013eadiska sociol\u00f3gie n\u00e1bo\u017eenstva.<\/p>\t\t\t\t\t\t\t\t<\/div>\n\t\t\t\t<\/div>\n\t\t\t\t\t<\/div>\n\t\t\t\t<\/div>\n\t\t<div class=\"elementor-element elementor-element-cp28f697f6 e-flex e-con-boxed e-con e-parent\" data-id=\"cp28f697f6\" data-element_type=\"container\" data-e-type=\"container\">\n\t\t\t\t\t<div class=\"e-con-inner\">\n\t\t\t\t<div class=\"elementor-element elementor-element-cp23a0ec32 elementor-widget elementor-widget-heading\" data-id=\"cp23a0ec32\" data-element_type=\"widget\" data-e-type=\"widget\" data-widget_type=\"heading.default\">\n\t\t\t\t\t<h2 class=\"elementor-heading-title elementor-size-default\">Ajisit v jakutskej trad\u00edcii p\u00f4rodu a probl\u00e9m prame\u0148ov<\/h2>\t\t\t\t<\/div>\n\t\t<div class=\"elementor-element elementor-element-cp276f6d07 e-flex e-con-boxed e-con e-child\" data-id=\"cp276f6d07\" data-element_type=\"container\" data-e-type=\"container\">\n\t\t\t\t\t<div class=\"e-con-inner\">\n\t\t\t\t<div class=\"elementor-element elementor-element-cp26e8e66e elementor-widget elementor-widget-text-editor\" data-id=\"cp26e8e66e\" data-element_type=\"widget\" data-e-type=\"widget\" data-widget_type=\"text-editor.default\">\n\t\t\t\t\t\t\t\t\t<p>Ajisit, p\u00ed\u0161e sa aj <em>Aiyysyt<\/em>, je bohy\u0148a p\u00f4rodu a osudu Sachov, turkicky hovoriaceho obyvate\u013estva severov\u00fdchodne sib\u00edrskeho Jakutska. Je pova\u017eovan\u00e1 za mocn\u00fa bytos\u0165, ktor\u00e1 priv\u00e1dza die\u0165a na svet a je pr\u00edtomn\u00e1 v hodine p\u00f4rodu.<\/p><p>Pod\u013ea roz\u0161\u00edrenej predstavy zost\u00e1va po p\u00f4rode nieko\u013eko dn\u00ed pri matke a die\u0165ati, ne\u017e dom op\u00e4\u0165 opust\u00ed; jej pobyt a odchod boli spojen\u00e9 s pr\u00edkazmi \u010distoty a drobn\u00fdmi obetn\u00fdmi \u00fakonmi.<\/p><p>Situ\u00e1cia s prame\u0148mi je v\u0161ak chudobn\u00e1 a n\u00e1ro\u010dn\u00e1. To, \u010do je o Ajisit zn\u00e1me, poch\u00e1dza v\u00e4\u010d\u0161inou zo z\u00e1znamov, ktor\u00e9 vznikli na konci 19. a za\u010diatku 20. storo\u010dia, ke\u010f rusk\u00ed a politicky vyhnan\u00ed etnografi zaznamen\u00e1vali jakutsk\u00e9 n\u00e1bo\u017eenstvo.<\/p><p>Vasilij Sieroszewski, Poliak vyhnan\u00fd do Jakutska, nap\u00edsal rozsiahlu monografiu o Sachoch, v ktorej sa objavuj\u00fa aj p\u00f4rodn\u00e9 obrady. Tak\u00e9to z\u00e1znamy s\u00fa hodnotn\u00e9, ale vznikli v obdob\u00ed, ke\u010f dom\u00e1ce n\u00e1bo\u017eenstvo bolo u\u017e prekryt\u00e9 ortodoxnou misiou a ruskou spr\u00e1vou.<\/p><p>K tomu sa prid\u00e1va skuto\u010dnos\u0165, \u017ee Ajisit sa v prame\u0148och nie v\u017edy jav\u00ed ostro vymedzen\u00e1. Niekedy je popisovan\u00e1 ako jedin\u00e1 bohy\u0148a, inokedy ako trieda duchovn\u00fdch bytost\u00ed s rozli\u010dn\u00fdmi kompetenciami, napr\u00edklad pre p\u00f4rod \u013eud\u00ed a pre plodnos\u0165 dobytka.<\/p><p>T\u00e1to nejasnos\u0165 nie je nedostatkom v\u00fdskumu, ale pravdepodobne odr\u00e1\u017ea sveton\u00e1zor, ktor\u00fd sa nezakladal na pevn\u00fdch katal\u00f3goch bo\u017estiev, ale na pohyblivom poli ochrann\u00fdch moc\u00ed. V\u00fdroky o Ajisit teda zost\u00e1vaj\u00fa nutne predbe\u017en\u00e9.<\/p>\t\t\t\t\t\t\t\t<\/div>\n\t\t\t\t\t<\/div>\n\t\t\t\t<\/div>\n\t\t\t\t\t<\/div>\n\t\t\t\t<\/div>\n\t\t<div class=\"elementor-element elementor-element-iwgw-ajisit-lit e-flex e-con-boxed e-con e-parent\" data-id=\"iwgw-ajisit-lit\" data-element_type=\"container\" data-e-type=\"container\">\n\t\t\t\t\t<div class=\"e-con-inner\">\n\t\t\t\t<div class=\"elementor-element elementor-element-iwgw-ajisit-lith elementor-widget elementor-widget-heading\" data-id=\"iwgw-ajisit-lith\" data-element_type=\"widget\" data-e-type=\"widget\" data-widget_type=\"heading.default\">\n\t\t\t\t\t<h2 class=\"elementor-heading-title elementor-size-default\">Literat\u00fara (v\u00fdber)<\/h2>\t\t\t\t<\/div>\n\t\t<div class=\"elementor-element elementor-element-iwgw-ajisit-litc e-con-full e-flex e-con e-child\" data-id=\"iwgw-ajisit-litc\" data-element_type=\"container\" data-e-type=\"container\">\n\t\t\t\t<div class=\"elementor-element elementor-element-iwgw-ajisit-litt elementor-widget elementor-widget-text-editor\" data-id=\"iwgw-ajisit-litt\" data-element_type=\"widget\" data-e-type=\"widget\" data-widget_type=\"text-editor.default\">\n\t\t\t\t\t\t\t\t\t<ul><li>W. Sere\u0161evskij: <em>Yakuty<\/em> (1896)<\/li><li>G. V. Ksenofontov: <em>\u0160amanizm. Izbrannyje trudy<\/em> (1928 \/ nov\u00e9 vydanie 1992)<\/li><li>Roberte Hamayon: <em>La chasse \u00e0 l&#8217;\u00e2me<\/em> (1990)<\/li><li><span data-nosnippet>Marjorie Mandelstam Balzer: <em>Shamans, Spirits and Worldviews<\/em> (1993)<\/span><\/li><li>Andrei Znamenski: <em>Shamanism and Western Imagination<\/em> (2007)<\/li><li>Vladimir Basilov: <em>Shamanism in Siberia<\/em> (1984)<\/li><li>N. A. Alekseev: <em>Traditionnaja religia jakutov<\/em> (1980)<\/li><\/ul>\t\t\t\t\t\t\t\t<\/div>\n\t\t\t\t<\/div>\n\t\t\t\t\t<\/div>\n\t\t\t\t<\/div>\n\t\t<div class=\"elementor-element elementor-element-iwgkw2-add-ajisit e-flex e-con-boxed e-con e-parent\" data-id=\"iwgkw2-add-ajisit\" data-element_type=\"container\" data-e-type=\"container\">\n\t\t\t\t\t<div class=\"e-con-inner\">\n\t\t\t\t<div class=\"elementor-element elementor-element-iwgkw2-add-ajisit-t elementor-widget elementor-widget-text-editor\" data-id=\"iwgkw2-add-ajisit-t\" data-element_type=\"widget\" data-e-type=\"widget\" data-widget_type=\"text-editor.default\">\n\t\t\t\t\t\t\t\t\t<p>Ajisit je v jakutskom <span class=\"iwg-fachbegriff\" data-tooltip=\"Odovzd\u00e1vanie vedomost\u00ed a rozpr\u00e1van\u00ed z gener\u00e1cie na gener\u00e1ciu.\" tabindex=\"0\">podan\u00ed<\/span> pova\u017eovan\u00e1 za nebesk\u00fa darky\u0148u \u017eivotnej du\u0161e, ktor\u00e1 vybavuje nenaroden\u00e9 die\u0165a dychom a ni\u0165ou osudu a je vz\u00fdvan\u00e1 v p\u00f4rodn\u00fdch ritu\u00e1loch pomocou vykurovania a obet\u00edn z jedla.<\/p>\t\t\t\t\t\t\t\t<\/div>\n\t\t\t\t\t<\/div>\n\t\t\t\t<\/div>\n\t\t<div class=\"elementor-element elementor-element-iwgw-ajisit-kwd e-flex e-con-boxed e-con e-parent\" data-id=\"iwgw-ajisit-kwd\" data-element_type=\"container\" data-e-type=\"container\">\n\t\t\t\t\t<div class=\"e-con-inner\">\n\t\t<div class=\"elementor-element elementor-element-iwgw-ajisit-kwdc e-con-full e-flex e-con e-child\" data-id=\"iwgw-ajisit-kwdc\" data-element_type=\"container\" data-e-type=\"container\">\n\t\t\t\t<div class=\"elementor-element elementor-element-iwgw-ajisit-kwdt elementor-widget elementor-widget-text-editor\" data-id=\"iwgw-ajisit-kwdt\" data-element_type=\"widget\" data-e-type=\"widget\" data-widget_type=\"text-editor.default\">\n\t\t\t\t\t\t\t\t\t<p><em>S\u00favisiace k\u013e\u00fa\u010dov\u00e9 pojmy: Ajisit Ajiyhyt aiyy Sacha Jakuten Ysyakh Olonkho.<\/em><\/p>\t\t\t\t\t\t\t\t<\/div>\n\t\t\t\t<\/div>\n\t\t\t\t\t<\/div>\n\t\t\t\t<\/div>\n\t\t<div class=\"elementor-element elementor-element-iwgw-ajisit-cc e-flex e-con-boxed e-con e-parent\" data-id=\"iwgw-ajisit-cc\" data-element_type=\"container\" data-e-type=\"container\" id=\"iwg-cc-ajisit\">\n\t\t\t\t\t<div class=\"e-con-inner\">\n\t\t<div class=\"elementor-element elementor-element-iwgw-ajisit-ccinner e-flex e-con-boxed e-con e-parent\" data-id=\"iwgw-ajisit-ccinner\" data-element_type=\"container\" data-e-type=\"container\" data-settings=\"{&quot;background_background&quot;:&quot;classic&quot;}\">\n\t\t\t\t\t<div class=\"e-con-inner\">\n\t\t\t\t<div class=\"elementor-element elementor-element-iwgw-ajisit-cch elementor-widget elementor-widget-heading\" data-id=\"iwgw-ajisit-cch\" data-element_type=\"widget\" data-e-type=\"widget\" data-widget_type=\"heading.default\">\n\t\t\t\t\t<h2 class=\"elementor-heading-title elementor-size-default\">iWell Guard a ochrann\u00e9 trad\u00edcie<\/h2>\t\t\t\t<\/div>\n\t\t\t\t<div class=\"elementor-element elementor-element-iwgw-ajisit-cct elementor-widget elementor-widget-text-editor\" data-id=\"iwgw-ajisit-cct\" data-element_type=\"widget\" data-e-type=\"widget\" data-widget_type=\"text-editor.default\">\n\t\t\t\t\t\t\t\t\t<div data-nosnippet=\"true\"><p>iWell Guard sa nadv\u00e4zuje na kult\u00farno-historick\u00fa trad\u00edciu prenosn\u00fdch ochrann\u00fdch predmetov, v trad\u00edcii <a href=\"https:\/\/iwell-guard.com\/sk\/sibirsky-samanizmus-tengrizmus\/\">Sib\u00edri \/ tengrizmu<\/a> a mnoh\u00fdch \u010fal\u0161\u00edch kult\u00far po celom svete. 41 vrstiev, prav\u00e9 zlato, platina, striebro, vyroben\u00e9 v Nemecku. 30-d\u0148ov\u00e1 mo\u017enos\u0165 vr\u00e1tenia.<\/p><\/div>\t\t\t\t\t\t\t\t<\/div>\n\t\t\t\t<div class=\"elementor-element elementor-element-iwgw-ajisit-ccb iwg-cc-button iwg-cc-cta-2026-05-13 elementor-widget elementor-widget-jet-button\" data-id=\"iwgw-ajisit-ccb\" data-element_type=\"widget\" data-e-type=\"widget\" data-widget_type=\"jet-button.default\">\n\t\t\t\t<div class=\"elementor-widget-container\">\n\t\t\t\t\t<div class=\"elementor-jet-button jet-elements\"><div class=\"jet-button__container\"><a class=\"jet-button__instance jet-button__instance--icon-left hover-effect-1\" href=\"\/ueber-iwell-guard\/?utm_source=iwell-guard.com&amp;utm_medium=info-box&amp;utm_campaign=wesen-tradition\"><div class=\"jet-button__plane jet-button__plane-normal\"><\/div><div class=\"jet-button__plane jet-button__plane-hover\"><\/div><div class=\"jet-button__state jet-button__state-normal\"><span class=\"jet-button__label\">Viac o iWell Guard<\/span><\/div><div class=\"jet-button__state jet-button__state-hover\"><span class=\"jet-button__label\">Viac o iWell Guard<\/span><\/div><\/a><\/div><\/div><style>.elementor-element.elementor-element-iwgw-ajisit-ccb .jet-button__instance{width:320px;height:56px;}.elementor-element.elementor-element-iwgw-ajisit-ccb .jet-button__state-normal .jet-button__label{text-align:center;margin:0px 0px 0px 0px;color:#1a1b20;font-family:Montserrat,sans-serif;font-size:13px;font-weight:400;letter-spacing:4px;line-height:1.714em;text-transform:uppercase;}.elementor-element.elementor-element-iwgw-ajisit-ccb .jet-button__state-hover .jet-button__label{text-align:center;margin:0px 0px 0px 0px;color:#FECC76;font-family:Montserrat,sans-serif;font-size:13px;font-weight:400;letter-spacing:4px;line-height:1.714em;text-transform:uppercase;}.elementor-element.elementor-element-iwgw-ajisit-ccb .jet-button__plane-normal{background-color:#FECC76;border-style:solid;border-color:#C99540;border-width:2px 2px 2px 2px;}.elementor-element.elementor-element-iwgw-ajisit-ccb .jet-button__plane-hover{background-color:rgba(0,0,0,0.55);border-style:solid;border-color:#FECC76;border-width:2px 2px 2px 2px;}<\/style>\t\t\t\t<\/div>\n\t\t\t\t<\/div>\n\t\t\t\t<div class=\"elementor-element elementor-element-iwgw-ajisit-ccd elementor-widget elementor-widget-text-editor\" data-id=\"iwgw-ajisit-ccd\" data-element_type=\"widget\" data-e-type=\"widget\" data-widget_type=\"text-editor.default\">\n\t\t\t\t\t\t\t\t\t<div data-nosnippet=\"true\"><p style=\"text-align:center;font-size:13px;opacity:0.7;margin-top:14px\" data-nosnippet=\"true\">Osobn\u00e9 sk\u00fasenosti sa m\u00f4\u017eu l\u00ed\u0161i\u0165. Nie je to zdravotn\u00edcka pom\u00f4cka. \u017diadny pr\u00eds\u013eub lie\u010denia.<\/p><\/div>\t\t\t\t\t\t\t\t<\/div>\n\t\t\t\t\t<\/div>\n\t\t\t\t<\/div>\n\t\t\t\t\t<\/div>\n\t\t\t\t<\/div>\n\t\t<div class=\"elementor-element elementor-element-iwgw-ajisit-disc e-flex e-con-boxed e-con e-parent\" data-id=\"iwgw-ajisit-disc\" data-element_type=\"container\" data-e-type=\"container\">\n\t\t\t\t\t<div class=\"e-con-inner\">\n\t\t\t\t<div class=\"elementor-element elementor-element-iwgw-ajisit-discw elementor-widget elementor-widget-html\" data-id=\"iwgw-ajisit-discw\" data-element_type=\"widget\" data-e-type=\"widget\" data-widget_type=\"html.default\">\n\t\t\t\t\t<footer data-nosnippet=\"true\" class=\"iwg-disclaimer-block\"><p data-nosnippet=\"true\">iWell Guard <strong>nie je zdravotn\u00edcka pom\u00f4cka<\/strong> a nenahr\u00e1dza lek\u00e1rske ani psychoterapeutick\u00e9 o\u0161etrenie. Religionistick\u00fd obsah predstavuje kult\u00farno-historick\u00e9 zaradenie, nie odpor\u00fa\u010danie duchovnej praxe.<\/p><\/footer>\t\t\t\t<\/div>\n\t\t\t\t\t<\/div>\n\t\t\t\t<\/div>\n\t\t\t\t<\/div>\n\t\t","protected":false},"excerpt":{"rendered":"","protected":false},"author":3,"featured_media":2861,"parent":0,"menu_order":0,"comment_status":"closed","ping_status":"closed","template":"elementor_header_footer","meta":{"_yoast_wpseo_focuskw":"Ajisit jakutsk\u00e1 bohy\u0148a p\u00f4rodu","_yoast_wpseo_title":"Ajisit \u2013 Jakutsk\u00e1 bohy\u0148a p\u00f4rodu, kult a pramene","_yoast_wpseo_metadesc":"Ajisit je jakutsk\u00e1 bohy\u0148a p\u00f4rodu a darky\u0148a \u017eivotnej du\u0161e. Zaradenie s m\u00fdtom, kultom a prame\u0148mi.","_yoast_wpseo_meta-robots-noindex":"","_yoast_wpseo_canonical":"","_angie_page":false,"gefaehrdungsstufe":"","wesen_kultur":"sibirisch-tengrismus","wesen_klasse":"lichtwesen","footnotes":""},"categories":[],"class_list":["post-157977","page","type-page","status-publish","has-post-thumbnail","hentry"],"yoast_head":"<!-- This site is optimized with the Yoast SEO Premium plugin v27.7 (Yoast SEO v28.3) - https:\/\/yoast.com\/product\/yoast-seo-premium-wordpress\/ -->\n<title>Ajisit \u2013 Jakutsk\u00e1 bohy\u0148a p\u00f4rodu, kult a pramene<\/title>\n<meta name=\"description\" content=\"Ajisit je jakutsk\u00e1 bohy\u0148a p\u00f4rodu a darky\u0148a \u017eivotnej du\u0161e. Zaradenie s m\u00fdtom, kultom a prame\u0148mi.\" \/>\n<meta name=\"robots\" content=\"index, follow, max-snippet:-1, max-image-preview:large, max-video-preview:-1\" \/>\n<link rel=\"canonical\" href=\"https:\/\/iwell-guard.com\/sk\/ajisit-jakutska-bohyna-porodu\/\" \/>\n<meta property=\"og:locale\" content=\"sk_SK\" \/>\n<meta property=\"og:type\" content=\"article\" \/>\n<meta property=\"og:title\" content=\"Ajisit \u2013 Jakutsk\u00e1 bohy\u0148a p\u00f4rodu\" \/>\n<meta property=\"og:description\" content=\"Ajisit je jakutsk\u00e1 bohy\u0148a p\u00f4rodu a darky\u0148a \u017eivotnej du\u0161e. Zaradenie s m\u00fdtom, kultom a prame\u0148mi.\" \/>\n<meta property=\"og:url\" content=\"https:\/\/iwell-guard.com\/sk\/ajisit-jakutska-bohyna-porodu\/\" \/>\n<meta property=\"og:site_name\" content=\"iWell Guard\" \/>\n<meta property=\"article:modified_time\" content=\"2026-09-04T22:47:31+00:00\" \/>\n<meta property=\"og:image\" content=\"https:\/\/iwell-guard.com\/wp-content\/uploads\/2026\/05\/goetter_sibirisch-tengrismus_ajisit.webp\" \/>\n\t<meta property=\"og:image:width\" content=\"1024\" \/>\n\t<meta property=\"og:image:height\" content=\"1536\" \/>\n\t<meta property=\"og:image:type\" content=\"image\/webp\" \/>\n<meta name=\"twitter:card\" content=\"summary_large_image\" \/>\n<script type=\"application\/ld+json\" class=\"yoast-schema-graph\">{\"@context\":\"https:\\\/\\\/schema.org\",\"@graph\":[{\"@type\":\"WebPage\",\"@id\":\"https:\\\/\\\/iwell-guard.com\\\/sk\\\/ajisit-jakutska-bohyna-porodu\\\/\",\"url\":\"https:\\\/\\\/iwell-guard.com\\\/sk\\\/ajisit-jakutska-bohyna-porodu\\\/\",\"name\":\"Ajisit \u2013 Jakutsk\u00e1 bohy\u0148a p\u00f4rodu, kult a pramene\",\"isPartOf\":{\"@id\":\"https:\\\/\\\/iwell-guard.com\\\/sk\\\/#website\"},\"primaryImageOfPage\":{\"@id\":\"https:\\\/\\\/iwell-guard.com\\\/sk\\\/ajisit-jakutska-bohyna-porodu\\\/#primaryimage\"},\"image\":{\"@id\":\"https:\\\/\\\/iwell-guard.com\\\/sk\\\/ajisit-jakutska-bohyna-porodu\\\/#primaryimage\"},\"thumbnailUrl\":\"https:\\\/\\\/iwell-guard.com\\\/wp-content\\\/uploads\\\/2026\\\/05\\\/goetter_sibirisch-tengrismus_ajisit.webp\",\"datePublished\":\"2026-09-04T22:20:16+00:00\",\"dateModified\":\"2026-09-04T22:47:31+00:00\",\"description\":\"Ajisit je jakutsk\u00e1 bohy\u0148a p\u00f4rodu a darky\u0148a \u017eivotnej du\u0161e. Zaradenie s m\u00fdtom, kultom a prame\u0148mi.\",\"breadcrumb\":{\"@id\":\"https:\\\/\\\/iwell-guard.com\\\/sk\\\/ajisit-jakutska-bohyna-porodu\\\/#breadcrumb\"},\"inLanguage\":\"sk-SK\",\"potentialAction\":[{\"@type\":\"ReadAction\",\"target\":[\"https:\\\/\\\/iwell-guard.com\\\/sk\\\/ajisit-jakutska-bohyna-porodu\\\/\"]}]},{\"@type\":\"ImageObject\",\"inLanguage\":\"sk-SK\",\"@id\":\"https:\\\/\\\/iwell-guard.com\\\/sk\\\/ajisit-jakutska-bohyna-porodu\\\/#primaryimage\",\"url\":\"https:\\\/\\\/iwell-guard.com\\\/wp-content\\\/uploads\\\/2026\\\/05\\\/goetter_sibirisch-tengrismus_ajisit.webp\",\"contentUrl\":\"https:\\\/\\\/iwell-guard.com\\\/wp-content\\\/uploads\\\/2026\\\/05\\\/goetter_sibirisch-tengrismus_ajisit.webp\",\"width\":1024,\"height\":1536,\"caption\":\"Bohovia z trad\u00edcie sib\u00edrskeho tengrizmu.\"},{\"@type\":\"BreadcrumbList\",\"@id\":\"https:\\\/\\\/iwell-guard.com\\\/sk\\\/ajisit-jakutska-bohyna-porodu\\\/#breadcrumb\",\"itemListElement\":[{\"@type\":\"ListItem\",\"position\":1,\"name\":\"Start\",\"item\":\"https:\\\/\\\/iwell-guard.com\\\/sk\\\/?page_id=157572\"},{\"@type\":\"ListItem\",\"position\":2,\"name\":\"Ajisit \u2013 Jakutsk\u00e1 bohy\u0148a p\u00f4rodu\"}]},{\"@type\":\"WebSite\",\"@id\":\"https:\\\/\\\/iwell-guard.com\\\/sk\\\/#website\",\"url\":\"https:\\\/\\\/iwell-guard.com\\\/sk\\\/\",\"name\":\"iWell Guard\",\"description\":\"Schutz vor dunklen Einfl\u00fcssen\",\"publisher\":{\"@id\":\"https:\\\/\\\/iwell-guard.com\\\/sk\\\/#organization\"},\"potentialAction\":[{\"@type\":\"SearchAction\",\"target\":{\"@type\":\"EntryPoint\",\"urlTemplate\":\"https:\\\/\\\/iwell-guard.com\\\/sk\\\/?s={search_term_string}\"},\"query-input\":{\"@type\":\"PropertyValueSpecification\",\"valueRequired\":true,\"valueName\":\"search_term_string\"}}],\"inLanguage\":\"sk-SK\"},{\"@type\":\"Organization\",\"@id\":\"https:\\\/\\\/iwell-guard.com\\\/sk\\\/#organization\",\"name\":\"Ittermann electronic GmbH\",\"url\":\"https:\\\/\\\/iwell-guard.com\\\/sk\\\/\",\"logo\":{\"@type\":\"ImageObject\",\"inLanguage\":\"sk-SK\",\"@id\":\"https:\\\/\\\/iwell-guard.com\\\/sk\\\/#\\\/schema\\\/logo\\\/image\\\/\",\"url\":\"https:\\\/\\\/iwell-guard.com\\\/wp-content\\\/uploads\\\/2026\\\/05\\\/Ittermann-Logo-1182x237-1.png\",\"contentUrl\":\"https:\\\/\\\/iwell-guard.com\\\/wp-content\\\/uploads\\\/2026\\\/05\\\/Ittermann-Logo-1182x237-1.png\",\"width\":1182,\"height\":237,\"caption\":\"Ittermann electronic GmbH\"},\"image\":{\"@id\":\"https:\\\/\\\/iwell-guard.com\\\/sk\\\/#\\\/schema\\\/logo\\\/image\\\/\"},\"sameAs\":[\"https:\\\/\\\/pantip.com\\\/profile\\\/9367242\",\"https:\\\/\\\/micro.blog\\\/iwellguard\",\"https:\\\/\\\/www.diggerslist.com\\\/iwellguard\\\/about\",\"https:\\\/\\\/skitterphoto.com\\\/photographers\\\/2870314\\\/iwell-guard\",\"https:\\\/\\\/iwellguard.wordpress.com\\\/2026\\\/06\\\/06\\\/iwell-guard\\\/\",\"https:\\\/\\\/hub.docker.com\\\/u\\\/iwellguard\",\"https:\\\/\\\/www.pinterest.com\\\/iwellguard\\\/\",\"https:\\\/\\\/bit.ly\\\/m\\\/iwellguard\",\"https:\\\/\\\/entre-vos-mains.alsace.eu\\\/profiles\\\/iwellguard\\\/activity\",\"https:\\\/\\\/gravatar.com\\\/reallybeded8fd34\",\"https:\\\/\\\/naijamatta.com\\\/iwellguard\",\"https:\\\/\\\/www.goodreads.com\\\/iwellguard\",\"https:\\\/\\\/profile.hatena.ne.jp\\\/iwellguard\\\/\",\"https:\\\/\\\/experiment.com\\\/users\\\/iwellguard\",\"https:\\\/\\\/wakelet.com\\\/@iWellGuard82270\",\"https:\\\/\\\/www.chordie.com\\\/forum\\\/profile.php?id=2555664\",\"https:\\\/\\\/www.instapaper.com\\\/p\\\/17757966\",\"https:\\\/\\\/www.mapleprimes.com\\\/users\\\/iwellguard\",\"https:\\\/\\\/businesslistingplus.com\\\/profile\\\/iwell-guard\\\/\",\"https:\\\/\\\/telegra.ph\\\/iWell-Guard-06-06\",\"https:\\\/\\\/pbase.com\\\/iwellguard\\\/iwellguard\",\"https:\\\/\\\/b.hatena.ne.jp\\\/iwellguard\\\/20260607#bookmark-4788405196491818882\",\"https:\\\/\\\/fliphtml5.com\\\/home\\\/iwellguard\",\"https:\\\/\\\/anyflip.com\\\/homepage\\\/cmiwl#About\",\"https:\\\/\\\/transfur.com\\\/Users\\\/iwellguard\",\"http:\\\/\\\/delphi.larsbo.org\\\/user\\\/iwellguard\",\"https:\\\/\\\/jobs.lajobsportal.org\\\/profiles\\\/8380803-iwell-guard\",\"https:\\\/\\\/md.chaosdorf.de\\\/s\\\/jfbe5SBdJD\",\"https:\\\/\\\/www.lingvolive.com\\\/en-us\\\/profile\\\/9ecaeaca-ce11-4e51-9e71-01d55e2bff36\\\/translations\",\"https:\\\/\\\/www.fitday.com\\\/fitness\\\/forums\\\/members\\\/iwellguard.html\",\"https:\\\/\\\/www.mymeetbook.com\\\/iwellguard\",\"https:\\\/\\\/pxhere.com\\\/en\\\/photographer-me\\\/5040798\",\"https:\\\/\\\/disqus.com\\\/by\\\/iwellguard\\\/about\\\/\",\"https:\\\/\\\/pastelink.net\\\/hjwciqwq\",\"https:\\\/\\\/pubhtml5.com\\\/homepage\\\/scjhn\\\/\",\"https:\\\/\\\/www.bitchute.com\\\/channel\\\/2O2eOKzNqujT\",\"https:\\\/\\\/audiomack.com\\\/iwellguard\"]},{\"@type\":\"Article\",\"@id\":\"https:\\\/\\\/iwell-guard.com\\\/sk\\\/ajisit-jakutska-bohyna-porodu\\\/#article\",\"isPartOf\":{\"@id\":\"https:\\\/\\\/iwell-guard.com\\\/sk\\\/ajisit-jakutska-bohyna-porodu\\\/\"},\"author\":{\"name\":\"Ralf Ittermann\",\"@id\":\"https:\\\/\\\/iwell-guard.com\\\/sk\\\/#\\\/schema\\\/person\\\/ee2a27f1cac3406c7c6fb5820cb7349f\"},\"headline\":\"Ajisit \u2013 Jakutsk\u00e1 bohy\u0148a p\u00f4rodu\",\"datePublished\":\"2026-09-04T22:20:16+00:00\",\"dateModified\":\"2026-09-04T22:47:31+00:00\",\"mainEntityOfPage\":{\"@id\":\"https:\\\/\\\/iwell-guard.com\\\/sk\\\/ajisit-jakutska-bohyna-porodu\\\/\"},\"publisher\":{\"@id\":\"https:\\\/\\\/iwell-guard.com\\\/sk\\\/#organization\"},\"image\":{\"@id\":\"https:\\\/\\\/iwell-guard.com\\\/sk\\\/ajisit-jakutska-bohyna-porodu\\\/#primaryimage\"},\"thumbnailUrl\":\"https:\\\/\\\/iwell-guard.com\\\/wp-content\\\/uploads\\\/2026\\\/05\\\/goetter_sibirisch-tengrismus_ajisit.webp\",\"inLanguage\":\"sk-SK\",\"description\":\"Ajisit je jakutsk\u00e1 bohy\u0148a p\u00f4rodu a darky\u0148a \u017eivotnej du\u0161e. Zaradenie s m\u00fdtom, kultom a prame\u0148mi.\"}]}<\/script>\n<!-- \/ Yoast SEO Premium plugin. -->","yoast_head_json":{"title":"Ajisit \u2013 Jakutsk\u00e1 bohy\u0148a p\u00f4rodu, kult a pramene","description":"Ajisit je jakutsk\u00e1 bohy\u0148a p\u00f4rodu a darky\u0148a \u017eivotnej du\u0161e. Zaradenie s m\u00fdtom, kultom a prame\u0148mi.","robots":{"index":"index","follow":"follow","max-snippet":"max-snippet:-1","max-image-preview":"max-image-preview:large","max-video-preview":"max-video-preview:-1"},"canonical":"https:\/\/iwell-guard.com\/sk\/ajisit-jakutska-bohyna-porodu\/","og_locale":"sk_SK","og_type":"article","og_title":"Ajisit \u2013 Jakutsk\u00e1 bohy\u0148a p\u00f4rodu","og_description":"Ajisit je jakutsk\u00e1 bohy\u0148a p\u00f4rodu a darky\u0148a \u017eivotnej du\u0161e. Zaradenie s m\u00fdtom, kultom a prame\u0148mi.","og_url":"https:\/\/iwell-guard.com\/sk\/ajisit-jakutska-bohyna-porodu\/","og_site_name":"iWell Guard","article_modified_time":"2026-09-04T22:47:31+00:00","og_image":[{"width":1024,"height":1536,"url":"https:\/\/iwell-guard.com\/wp-content\/uploads\/2026\/05\/goetter_sibirisch-tengrismus_ajisit.webp","type":"image\/webp"}],"twitter_card":"summary_large_image","schema":{"@context":"https:\/\/schema.org","@graph":[{"@type":"Article","@id":"https:\/\/iwell-guard.com\/sk\/ajisit-jakutska-bohyna-porodu\/#article","isPartOf":{"@id":"https:\/\/iwell-guard.com\/sk\/ajisit-jakutska-bohyna-porodu\/"},"author":{"name":"Ralf Ittermann","@id":"https:\/\/iwell-guard.com\/sk\/#\/schema\/person\/ee2a27f1cac3406c7c6fb5820cb7349f"},"headline":"Ajisit \u2013 Jakutsk\u00e1 bohy\u0148a p\u00f4rodu","datePublished":"2026-09-04T22:20:16+00:00","dateModified":"2026-09-04T22:47:31+00:00","mainEntityOfPage":{"@id":"https:\/\/iwell-guard.com\/sk\/ajisit-jakutska-bohyna-porodu\/"},"publisher":{"@id":"https:\/\/iwell-guard.com\/sk\/#organization"},"image":{"@id":"https:\/\/iwell-guard.com\/sk\/ajisit-jakutska-bohyna-porodu\/#primaryimage"},"thumbnailUrl":"https:\/\/iwell-guard.com\/wp-content\/uploads\/2026\/05\/goetter_sibirisch-tengrismus_ajisit.webp","inLanguage":"sk-SK","description":"Ajisit je jakutsk\u00e1 bohy\u0148a p\u00f4rodu a darky\u0148a \u017eivotnej du\u0161e. Zaradenie s m\u00fdtom, kultom a prame\u0148mi."},{"@type":"WebPage","@id":"https:\/\/iwell-guard.com\/sk\/ajisit-jakutska-bohyna-porodu\/","url":"https:\/\/iwell-guard.com\/sk\/ajisit-jakutska-bohyna-porodu\/","name":"Ajisit \u2013 Jakutsk\u00e1 bohy\u0148a p\u00f4rodu, kult a pramene","isPartOf":{"@id":"https:\/\/iwell-guard.com\/sk\/#website"},"primaryImageOfPage":{"@id":"https:\/\/iwell-guard.com\/sk\/ajisit-jakutska-bohyna-porodu\/#primaryimage"},"image":{"@id":"https:\/\/iwell-guard.com\/sk\/ajisit-jakutska-bohyna-porodu\/#primaryimage"},"thumbnailUrl":"https:\/\/iwell-guard.com\/wp-content\/uploads\/2026\/05\/goetter_sibirisch-tengrismus_ajisit.webp","datePublished":"2026-09-04T22:20:16+00:00","dateModified":"2026-09-04T22:47:31+00:00","description":"Ajisit je jakutsk\u00e1 bohy\u0148a p\u00f4rodu a darky\u0148a \u017eivotnej du\u0161e. Zaradenie s m\u00fdtom, kultom a prame\u0148mi.","breadcrumb":{"@id":"https:\/\/iwell-guard.com\/sk\/ajisit-jakutska-bohyna-porodu\/#breadcrumb"},"inLanguage":"sk-SK","potentialAction":[{"@type":"ReadAction","target":["https:\/\/iwell-guard.com\/sk\/ajisit-jakutska-bohyna-porodu\/"]}]},{"@type":"ImageObject","inLanguage":"sk-SK","@id":"https:\/\/iwell-guard.com\/sk\/ajisit-jakutska-bohyna-porodu\/#primaryimage","url":"https:\/\/iwell-guard.com\/wp-content\/uploads\/2026\/05\/goetter_sibirisch-tengrismus_ajisit.webp","contentUrl":"https:\/\/iwell-guard.com\/wp-content\/uploads\/2026\/05\/goetter_sibirisch-tengrismus_ajisit.webp","width":1024,"height":1536,"caption":"Bohovia z trad\u00edcie sib\u00edrskeho tengrizmu."},{"@type":"BreadcrumbList","@id":"https:\/\/iwell-guard.com\/sk\/ajisit-jakutska-bohyna-porodu\/#breadcrumb","itemListElement":[{"@type":"ListItem","position":1,"name":"Start","item":"https:\/\/iwell-guard.com\/sk\/?page_id=157572"},{"@type":"ListItem","position":2,"name":"Ajisit \u2013 Jakutsk\u00e1 bohy\u0148a p\u00f4rodu"}]},{"@type":"WebSite","@id":"https:\/\/iwell-guard.com\/sk\/#website","url":"https:\/\/iwell-guard.com\/sk\/","name":"iWell Guard","description":"Schutz vor dunklen Einfl\u00fcssen","publisher":{"@id":"https:\/\/iwell-guard.com\/sk\/#organization"},"potentialAction":[{"@type":"SearchAction","target":{"@type":"EntryPoint","urlTemplate":"https:\/\/iwell-guard.com\/sk\/?s={search_term_string}"},"query-input":{"@type":"PropertyValueSpecification","valueRequired":true,"valueName":"search_term_string"}}],"inLanguage":"sk-SK"},{"@type":"Organization","@id":"https:\/\/iwell-guard.com\/sk\/#organization","name":"Ittermann electronic GmbH","url":"https:\/\/iwell-guard.com\/sk\/","logo":{"@type":"ImageObject","inLanguage":"sk-SK","@id":"https:\/\/iwell-guard.com\/sk\/#\/schema\/logo\/image\/","url":"https:\/\/iwell-guard.com\/wp-content\/uploads\/2026\/05\/Ittermann-Logo-1182x237-1.png","contentUrl":"https:\/\/iwell-guard.com\/wp-content\/uploads\/2026\/05\/Ittermann-Logo-1182x237-1.png","width":1182,"height":237,"caption":"Ittermann electronic GmbH"},"image":{"@id":"https:\/\/iwell-guard.com\/sk\/#\/schema\/logo\/image\/"},"sameAs":["https:\/\/pantip.com\/profile\/9367242","https:\/\/micro.blog\/iwellguard","https:\/\/www.diggerslist.com\/iwellguard\/about","https:\/\/skitterphoto.com\/photographers\/2870314\/iwell-guard","https:\/\/iwellguard.wordpress.com\/2026\/06\/06\/iwell-guard\/","https:\/\/hub.docker.com\/u\/iwellguard","https:\/\/www.pinterest.com\/iwellguard\/","https:\/\/bit.ly\/m\/iwellguard","https:\/\/entre-vos-mains.alsace.eu\/profiles\/iwellguard\/activity","https:\/\/gravatar.com\/reallybeded8fd34","https:\/\/naijamatta.com\/iwellguard","https:\/\/www.goodreads.com\/iwellguard","https:\/\/profile.hatena.ne.jp\/iwellguard\/","https:\/\/experiment.com\/users\/iwellguard","https:\/\/wakelet.com\/@iWellGuard82270","https:\/\/www.chordie.com\/forum\/profile.php?id=2555664","https:\/\/www.instapaper.com\/p\/17757966","https:\/\/www.mapleprimes.com\/users\/iwellguard","https:\/\/businesslistingplus.com\/profile\/iwell-guard\/","https:\/\/telegra.ph\/iWell-Guard-06-06","https:\/\/pbase.com\/iwellguard\/iwellguard","https:\/\/b.hatena.ne.jp\/iwellguard\/20260607#bookmark-4788405196491818882","https:\/\/fliphtml5.com\/home\/iwellguard","https:\/\/anyflip.com\/homepage\/cmiwl#About","https:\/\/transfur.com\/Users\/iwellguard","http:\/\/delphi.larsbo.org\/user\/iwellguard","https:\/\/jobs.lajobsportal.org\/profiles\/8380803-iwell-guard","https:\/\/md.chaosdorf.de\/s\/jfbe5SBdJD","https:\/\/www.lingvolive.com\/en-us\/profile\/9ecaeaca-ce11-4e51-9e71-01d55e2bff36\/translations","https:\/\/www.fitday.com\/fitness\/forums\/members\/iwellguard.html","https:\/\/www.mymeetbook.com\/iwellguard","https:\/\/pxhere.com\/en\/photographer-me\/5040798","https:\/\/disqus.com\/by\/iwellguard\/about\/","https:\/\/pastelink.net\/hjwciqwq","https:\/\/pubhtml5.com\/homepage\/scjhn\/","https:\/\/www.bitchute.com\/channel\/2O2eOKzNqujT","https:\/\/audiomack.com\/iwellguard"]},{"@type":"Person","@id":"https:\/\/iwell-guard.com\/sk\/#\/schema\/person\/ee2a27f1cac3406c7c6fb5820cb7349f","name":"Ralf Ittermann","image":{"@type":"ImageObject","inLanguage":"sk-SK","@id":"https:\/\/secure.gravatar.com\/avatar\/073c0153e350a5005b68eb752b445fea71f6b24a26da9449ad7e155e6b446c9d?s=96&d=mm&r=g","url":"https:\/\/secure.gravatar.com\/avatar\/073c0153e350a5005b68eb752b445fea71f6b24a26da9449ad7e155e6b446c9d?s=96&d=mm&r=g","contentUrl":"https:\/\/secure.gravatar.com\/avatar\/073c0153e350a5005b68eb752b445fea71f6b24a26da9449ad7e155e6b446c9d?s=96&d=mm&r=g","caption":"Ralf Ittermann"},"givenName":"Ralf","familyName":"Ittermann","jobTitle":"Gesch\u00e4ftsf\u00fchrer und redaktioneller Verantwortlicher","url":"https:\/\/iwell-guard.com\/sk\/author\/claude\/","description":"Ralf Ittermann ist Gesch\u00e4ftsf\u00fchrer der Ittermann electronic GmbH und redaktioneller Verantwortlicher des iWell-Guard-Lexikons. Er verbindet langj\u00e4hrige Erfahrung in der Pr\u00e4zisionsfertigung mit medialer Praxis und religionsgeschichtlicher Quellenarbeit.","worksFor":{"@type":"Organization","name":"Ittermann electronic GmbH","url":"https:\/\/ittermann.de\/","address":{"@type":"PostalAddress","streetAddress":"K\u00f6hlergasse 16-18","postalCode":"99842","addressLocality":"Ruhla","addressCountry":"DE"}},"knowsAbout":["Religionsgeschichte","Mythologie","Mediale Praxis","Energetische Diagnostik","Schutzpraxis","Volksglauben","Westliche Esoterik"]},{"@type":"Article","@id":"https:\/\/iwell-guard.com\/sk\/ajisit-jakutska-bohyna-porodu\/#article","isPartOf":{"@id":"https:\/\/iwell-guard.com\/sk\/ajisit-jakutska-bohyna-porodu\/"},"author":{"name":"Ralf Ittermann","@id":"https:\/\/iwell-guard.com\/sk\/#\/schema\/person\/ee2a27f1cac3406c7c6fb5820cb7349f"},"headline":"Ajisit \u2013 Jakutsk\u00e1 bohy\u0148a p\u00f4rodu","datePublished":"2026-09-04T22:20:16+00:00","dateModified":"2026-09-04T22:47:31+00:00","mainEntityOfPage":{"@id":"https:\/\/iwell-guard.com\/sk\/ajisit-jakutska-bohyna-porodu\/"},"publisher":{"@id":"https:\/\/iwell-guard.com\/sk\/#organization"},"image":{"@id":"https:\/\/iwell-guard.com\/sk\/ajisit-jakutska-bohyna-porodu\/#primaryimage"},"thumbnailUrl":"https:\/\/iwell-guard.com\/wp-content\/uploads\/2026\/05\/goetter_sibirisch-tengrismus_ajisit.webp","inLanguage":"sk-SK","description":"Ajisit je jakutsk\u00e1 bohy\u0148a p\u00f4rodu a darky\u0148a \u017eivotnej du\u0161e. Zaradenie s m\u00fdtom, kultom a prame\u0148mi."}]}},"_links":{"self":[{"href":"https:\/\/iwell-guard.com\/sk\/wp-json\/wp\/v2\/pages\/157977","targetHints":{"allow":["GET"]}}],"collection":[{"href":"https:\/\/iwell-guard.com\/sk\/wp-json\/wp\/v2\/pages"}],"about":[{"href":"https:\/\/iwell-guard.com\/sk\/wp-json\/wp\/v2\/types\/page"}],"author":[{"embeddable":true,"href":"https:\/\/iwell-guard.com\/sk\/wp-json\/wp\/v2\/users\/3"}],"replies":[{"embeddable":true,"href":"https:\/\/iwell-guard.com\/sk\/wp-json\/wp\/v2\/comments?post=157977"}],"version-history":[{"count":0,"href":"https:\/\/iwell-guard.com\/sk\/wp-json\/wp\/v2\/pages\/157977\/revisions"}],"wp:featuredmedia":[{"embeddable":true,"href":"https:\/\/iwell-guard.com\/sk\/wp-json\/wp\/v2\/media\/2861"}],"wp:attachment":[{"href":"https:\/\/iwell-guard.com\/sk\/wp-json\/wp\/v2\/media?parent=157977"}],"wp:term":[{"taxonomy":"category","embeddable":true,"href":"https:\/\/iwell-guard.com\/sk\/wp-json\/wp\/v2\/categories?post=157977"}],"curies":[{"name":"wp","href":"https:\/\/api.w.org\/{rel}","templated":true}]}}