{"id":157974,"date":"2026-09-04T22:20:14","date_gmt":"2026-09-04T22:20:14","guid":{"rendered":"https:\/\/iwell-guard.com\/?page_id=157974"},"modified":"2026-09-04T22:47:26","modified_gmt":"2026-09-04T22:47:26","slug":"ulgen-boh-svetla-altajcov","status":"publish","type":"page","link":"https:\/\/iwell-guard.com\/sk\/ulgen-boh-svetla-altajcov\/","title":{"rendered":"\u00dclgen \u2013 boh svetla Altajcov"},"content":{"rendered":"\t\t<div data-elementor-type=\"wp-page\" data-elementor-id=\"157974\" class=\"elementor elementor-157974 elementor-2637 elementor-bc-flex-widget\" data-elementor-post-type=\"page\">\n\t\t\t\t<div class=\"elementor-element elementor-element-iwgw-uelgen-hero e-flex e-con-boxed e-con e-parent\" data-id=\"iwgw-uelgen-hero\" data-element_type=\"container\" data-e-type=\"container\" data-settings=\"{&quot;background_background&quot;:&quot;classic&quot;}\">\n\t\t\t\t\t<div class=\"e-con-inner\">\n\t\t<div class=\"elementor-element elementor-element-iwgw-uelgen-hl e-flex e-con-boxed e-con e-child\" data-id=\"iwgw-uelgen-hl\" data-element_type=\"container\" data-e-type=\"container\">\n\t\t\t\t\t<div class=\"e-con-inner\">\n\t\t<div class=\"elementor-element elementor-element-iwgw-uelgen-htxt e-con-full e-flex e-con e-child\" data-id=\"iwgw-uelgen-htxt\" data-element_type=\"container\" data-e-type=\"container\">\n\t\t\t\t<div class=\"elementor-element elementor-element-iwgw-uelgen-h1 elementor-widget elementor-widget-heading\" data-id=\"iwgw-uelgen-h1\" data-element_type=\"widget\" data-e-type=\"widget\" data-widget_type=\"heading.default\">\n\t\t\t\t\t<h1 class=\"elementor-heading-title elementor-size-default\">\u00dclgen, altajsk\u00fd boh svetla a stvorite\u013e hornej sf\u00e9ry<\/h1>\t\t\t\t<\/div>\n\t\t\t\t<div class=\"elementor-element elementor-element-iwgw-uelgen-lead elementor-widget elementor-widget-text-editor\" data-id=\"iwgw-uelgen-lead\" data-element_type=\"widget\" data-e-type=\"widget\" data-widget_type=\"text-editor.default\">\n\t\t\t\t\t\t\t\t\t<p>\u00dclgen (starot\u00fcrkicky <em>\u00dclg\u00e4n<\/em>) je v juhosib\u00edrsko-tengristickej viere stvorite\u013e a boh svetla hornej sf\u00e9ry, ochranca bielych \u0161amanov a mytologick\u00fd protip\u00f3l vl\u00e1dcu podsvetia <a href=\"https:\/\/iwell-guard.com\/sk\/?page_id=157973\">Erlika Ch\u00e1na<\/a>.<\/p>\t\t\t\t\t\t\t\t<\/div>\n\t\t\t\t<\/div>\n\t\t<div class=\"elementor-element elementor-element-iwgw-uelgen-pillc e-con-full e-flex e-con e-child\" data-id=\"iwgw-uelgen-pillc\" data-element_type=\"container\" data-e-type=\"container\">\n\t\t\t\t<div class=\"elementor-element elementor-element-iwgw-uelgen-pills elementor-widget elementor-widget-html\" data-id=\"iwgw-uelgen-pills\" data-element_type=\"widget\" data-e-type=\"widget\" data-widget_type=\"html.default\">\n\t\t\t\t\t<div class=\"iwg-pill-row\"><span class=\"iwg-klasse-badge\" tabindex=\"0\" data-tooltip=\"Stvorite\u013e trad\u00edcie Sib\u00edr \/ tengrizmus.\">Stvorite\u013e<\/span><a href=\"https:\/\/iwell-guard.com\/sk\/sibirsky-samanizmus-tengrizmus\/\" class=\"iwg-kultur-badge\" tabindex=\"0\" data-tooltip=\"Mytol\u00f3gia trad\u00edcie Sib\u00edr \/ tengrizmus.\">Sib\u00edr \/ tengrizmus<\/a><span class=\"iwg-tradition-badge\" tabindex=\"0\" data-tooltip=\"Vrcholn\u00e9 bo\u017estvo.\">Vrcholn\u00e9 bo\u017estvo<\/span><\/div>\t\t\t\t<\/div>\n\t\t\t\t<\/div>\n\t\t<div class=\"elementor-element elementor-element-iwgw-uelgen-tocc e-con-full e-flex e-con e-child\" data-id=\"iwgw-uelgen-tocc\" data-element_type=\"container\" data-e-type=\"container\">\n\t\t\t\t<div class=\"elementor-element elementor-element-iwgw-uelgen-toc elementor-toc--minimized-on-tablet elementor-widget elementor-widget-table-of-contents\" data-id=\"iwgw-uelgen-toc\" data-element_type=\"widget\" data-e-type=\"widget\" data-settings=\"{&quot;headings_by_tags&quot;:[&quot;h2&quot;,&quot;h3&quot;],&quot;minimize_box&quot;:&quot;yes&quot;,&quot;marker_view&quot;:&quot;bullets&quot;,&quot;no_headings_message&quot;:&quot;Na tejto str\\u00e1nke sa nena\\u0161li \\u017eiadne nadpisy.&quot;,&quot;exclude_headings_by_selector&quot;:[],&quot;icon&quot;:{&quot;value&quot;:&quot;fas fa-circle&quot;,&quot;library&quot;:&quot;fa-solid&quot;,&quot;rendered_tag&quot;:&quot;&lt;svg class=\\&quot;e-font-icon-svg e-fas-circle\\&quot; viewBox=\\&quot;0 0 512 512\\&quot; xmlns=\\&quot;http:\\\/\\\/www.w3.org\\\/2000\\\/svg\\&quot;&gt;&lt;path d=\\&quot;M256 8C119 8 8 119 8 256s111 248 248 248 248-111 248-248S393 8 256 8z\\&quot;&gt;&lt;\\\/path&gt;&lt;\\\/svg&gt;&quot;},&quot;minimized_on&quot;:&quot;tablet&quot;,&quot;hierarchical_view&quot;:&quot;yes&quot;,&quot;min_height&quot;:{&quot;unit&quot;:&quot;px&quot;,&quot;size&quot;:&quot;&quot;,&quot;sizes&quot;:[]},&quot;min_height_tablet&quot;:{&quot;unit&quot;:&quot;px&quot;,&quot;size&quot;:&quot;&quot;,&quot;sizes&quot;:[]},&quot;min_height_mobile&quot;:{&quot;unit&quot;:&quot;px&quot;,&quot;size&quot;:&quot;&quot;,&quot;sizes&quot;:[]}}\" data-widget_type=\"table-of-contents.default\">\n\t\t\t\t\t\t\t\t\t<div class=\"elementor-toc__header\">\n\t\t\t\t\t\t<h2 class=\"elementor-toc__header-title\">\n\t\t\t\tObsah\t\t\t<\/h2>\n\t\t\t\t\t\t\t\t\t\t<div class=\"elementor-toc__toggle-button elementor-toc__toggle-button--expand\" role=\"button\" tabindex=\"0\" aria-controls=\"elementor-toc__iwgw-uelgen-toc\" aria-expanded=\"true\" aria-label=\"Open table of contents\"><svg aria-hidden=\"true\" class=\"e-font-icon-svg e-fas-chevron-down\" viewBox=\"0 0 448 512\" xmlns=\"http:\/\/www.w3.org\/2000\/svg\"><path d=\"M207.029 381.476L12.686 187.132c-9.373-9.373-9.373-24.569 0-33.941l22.667-22.667c9.357-9.357 24.522-9.375 33.901-.04L224 284.505l154.745-154.021c9.379-9.335 24.544-9.317 33.901.04l22.667 22.667c9.373 9.373 9.373 24.569 0 33.941L240.971 381.476c-9.373 9.372-24.569 9.372-33.942 0z\"><\/path><\/svg><\/div>\n\t\t\t\t<div class=\"elementor-toc__toggle-button elementor-toc__toggle-button--collapse\" role=\"button\" tabindex=\"0\" aria-controls=\"elementor-toc__iwgw-uelgen-toc\" aria-expanded=\"true\" aria-label=\"Close table of contents\"><svg aria-hidden=\"true\" class=\"e-font-icon-svg e-fas-chevron-up\" viewBox=\"0 0 448 512\" xmlns=\"http:\/\/www.w3.org\/2000\/svg\"><path d=\"M240.971 130.524l194.343 194.343c9.373 9.373 9.373 24.569 0 33.941l-22.667 22.667c-9.357 9.357-24.522 9.375-33.901.04L224 227.495 69.255 381.516c-9.379 9.335-24.544 9.317-33.901-.04l-22.667-22.667c-9.373-9.373-9.373-24.569 0-33.941L207.03 130.525c9.372-9.373 24.568-9.373 33.941-.001z\"><\/path><\/svg><\/div>\n\t\t\t\t\t<\/div>\n\t\t\t\t<div id=\"elementor-toc__iwgw-uelgen-toc\" class=\"elementor-toc__body\">\n\t\t\t<div class=\"elementor-toc__spinner-container\">\n\t\t\t\t<svg class=\"elementor-toc__spinner eicon-animation-spin e-font-icon-svg e-eicon-loading\" aria-hidden=\"true\" viewBox=\"0 0 1000 1000\" xmlns=\"http:\/\/www.w3.org\/2000\/svg\"><path d=\"M500 975V858C696 858 858 696 858 500S696 142 500 142 142 304 142 500H25C25 237 238 25 500 25S975 237 975 500 763 975 500 975Z\"><\/path><\/svg>\t\t\t<\/div>\n\t\t<\/div>\n\t\t\t\t\t\t<\/div>\n\t\t\t\t<\/div>\n\t\t\t\t\t<\/div>\n\t\t\t\t<\/div>\n\t\t<div class=\"elementor-element elementor-element-iwgw-uelgen-hr e-con-full e-flex e-con e-child\" data-id=\"iwgw-uelgen-hr\" data-element_type=\"container\" data-e-type=\"container\">\n\t\t\t\t<div class=\"elementor-element elementor-element-iwgw-uelgen-heroimg iwg-hero-image elementor-widget elementor-widget-image\" data-id=\"iwgw-uelgen-heroimg\" data-element_type=\"widget\" data-e-type=\"widget\" data-widget_type=\"image.default\">\n\t\t\t\t\t\t\t\t\t\t\t\t\t\t\t<img fetchpriority=\"high\" decoding=\"async\" width=\"683\" height=\"1024\" src=\"https:\/\/iwell-guard.com\/wp-content\/uploads\/2026\/05\/goetter_sibirisch-tengrismus_uelgen-683x1024.webp\" class=\"attachment-large size-large wp-image-159791\" alt=\"Uelgen - bohovia z trad\u00edcie sib\u00edrskeho tengrizmu, historicko-ilustra\u010dn\u00e9\" srcset=\"https:\/\/iwell-guard.com\/wp-content\/uploads\/2026\/05\/goetter_sibirisch-tengrismus_uelgen-683x1024.webp 683w, https:\/\/iwell-guard.com\/wp-content\/uploads\/2026\/05\/goetter_sibirisch-tengrismus_uelgen-200x300.webp 200w, https:\/\/iwell-guard.com\/wp-content\/uploads\/2026\/05\/goetter_sibirisch-tengrismus_uelgen-768x1152.webp 768w, https:\/\/iwell-guard.com\/wp-content\/uploads\/2026\/05\/goetter_sibirisch-tengrismus_uelgen.webp 1024w\" sizes=\"(max-width: 683px) 100vw, 683px\" \/>\t\t\t\t\t\t\t\t\t\t\t\t\t\t\t<\/div>\n\t\t\t\t<\/div>\n\t\t\t\t\t<\/div>\n\t\t\t\t<\/div>\n\t\t\t\t<section class=\"elementor-section elementor-top-section elementor-element elementor-element-sec-iwgcomp-uelgen elementor-section-boxed elementor-section-height-default elementor-section-height-default\" data-id=\"sec-iwgcomp-uelgen\" data-element_type=\"section\" data-e-type=\"section\">\n\t\t\t\t\t\t<div class=\"elementor-container elementor-column-gap-default\">\n\t\t\t\t\t<div class=\"elementor-column elementor-col-100 elementor-top-column elementor-element elementor-element-col-iwgcomp-uelgen\" data-id=\"col-iwgcomp-uelgen\" data-element_type=\"column\" data-e-type=\"column\">\n\t\t\t<div class=\"elementor-widget-wrap elementor-element-populated\">\n\t\t\t\t\t\t<div class=\"elementor-element elementor-element-iwgcomp-uelgen elementor-widget elementor-widget-text-editor\" data-id=\"iwgcomp-uelgen\" data-element_type=\"widget\" data-e-type=\"widget\" data-widget_type=\"text-editor.default\">\n\t\t\t\t\t\t\t\t\t<p>\u00dclgen, <strong>altajsk\u00fd boh svetla<\/strong>, sa v altajskom <span class=\"iwg-fachbegriff\" data-tooltip=\"N\u00e1bo\u017eensk\u00fd syst\u00e9m, v ktorom s\u00fa \u0161pecialisti v styku s duchovn\u00fdm svetom.\" tabindex=\"0\">\u0161amanizme<\/span> pova\u017euje za stvorite\u013ea a najvy\u0161\u0161ie bo\u017estvo hornej sf\u00e9ry.<\/p>\t\t\t\t\t\t\t\t<\/div>\n\t\t\t\t\t<\/div>\n\t\t<\/div>\n\t\t\t\t\t<\/div>\n\t\t<\/section>\n\t\t<div class=\"elementor-element elementor-element-iwgw-uelgen-s0 e-flex e-con-boxed e-con e-parent\" data-id=\"iwgw-uelgen-s0\" data-element_type=\"container\" data-e-type=\"container\">\n\t\t\t\t\t<div class=\"e-con-inner\">\n\t\t\t\t<div class=\"elementor-element elementor-element-iwgw-uelgen-s0h elementor-widget elementor-widget-heading\" data-id=\"iwgw-uelgen-s0h\" data-element_type=\"widget\" data-e-type=\"widget\" data-widget_type=\"heading.default\">\n\t\t\t\t\t<h2 class=\"elementor-heading-title elementor-size-default\">Zaradenie a stru\u010dn\u00fd profil<\/h2>\t\t\t\t<\/div>\n\t\t<div class=\"elementor-element elementor-element-iwgw-uelgen-s0c e-con-full e-flex e-con e-child\" data-id=\"iwgw-uelgen-s0c\" data-element_type=\"container\" data-e-type=\"container\">\n\t\t\t\t<div class=\"elementor-element elementor-element-iwgw-uelgen-s0t elementor-widget elementor-widget-text-editor\" data-id=\"iwgw-uelgen-s0t\" data-element_type=\"widget\" data-e-type=\"widget\" data-widget_type=\"text-editor.default\">\n\t\t\t\t\t\t\t\t\t<p>\u00dclgen je \u0161pecializovanou formou komplexu najvy\u0161\u0161ieho bo\u017estva <a href=\"https:\/\/iwell-guard.com\/sk\/?page_id=157971\">Tengriho<\/a> v r\u00e1mci altajsk\u00e9ho, telengitsk\u00e9ho, \u0161orsk\u00e9ho a tuvinsk\u00e9ho n\u00e1bo\u017eenstva. Zatia\u013e \u010do Tengri je samotn\u00e1 nebesk\u00e1 klenba, \u00dclgen ob\u00fdva horn\u00fdch dev\u00e4\u0165 nebies a je ch\u00e1pan\u00fd ako osobne oslovovan\u00fd stvorite\u013esk\u00fd akt\u00e9r. Anokhin ho v roku 1924 ozna\u010dil za \u201eskuto\u010dne vz\u00fdvan\u00e9ho najvy\u0161\u0161ieho boha Altajcov\u201c.<\/p><p>V r\u00e1mci <a href=\"https:\/\/iwell-guard.com\/sk\/sibirsky-samanizmus-tengrizmus\/\">sib\u00edrsko-tengristickej trad\u00edcie<\/a> je \u00dclgen najvy\u0161\u0161\u00edm bodom viac\u010dlenn\u00e9ho bo\u017esk\u00e9ho domu; <a href=\"https:\/\/iwell-guard.com\/sk\/?page_id=157973\">Erlik Ch\u00e1n<\/a> je jeho du\u00e1lnym protip\u00f3lom, <a href=\"https:\/\/iwell-guard.com\/sk\/?page_id=157975\">Yer-Sub<\/a> jeho pozemsk\u00fdm doplnkom.<\/p><p>N\u00e1bo\u017eensko-sociologicky d\u00f4le\u017eit\u00e9 je, \u017ee \u00dclgen, na rozdiel od od\u0165a\u017eit\u00e9ho Tengriho, predstavuje akt\u00edvneho stvorite\u013esk\u00e9ho akt\u00e9ra, ktor\u00e9ho mo\u017eno priamo vz\u00fdva\u0165. T\u00fdm zapl\u0148uje medzeru, ktor\u00fa nech\u00e1va <em>deus otiosus<\/em> Tengri; v tejto funkcii je typologicky bli\u017e\u0161ie k gr\u00e9ckemu Zeusovi alebo seversk\u00e9mu Odinovi ne\u017e k nekone\u010dnej nebeskej klenbe samotnej.<\/p>\t\t\t\t\t\t\t\t<\/div>\n\t\t\t\t<\/div>\n\t\t\t\t\t<\/div>\n\t\t\t\t<\/div>\n\t\t<div class=\"elementor-element elementor-element-iwgw-uelgen-s1 e-flex e-con-boxed e-con e-parent\" data-id=\"iwgw-uelgen-s1\" data-element_type=\"container\" data-e-type=\"container\">\n\t\t\t\t\t<div class=\"e-con-inner\">\n\t\t\t\t<div class=\"elementor-element elementor-element-iwgw-uelgen-s1h elementor-widget elementor-widget-heading\" data-id=\"iwgw-uelgen-s1h\" data-element_type=\"widget\" data-e-type=\"widget\" data-widget_type=\"heading.default\">\n\t\t\t\t\t<h2 class=\"elementor-heading-title elementor-size-default\">Meno a etymol\u00f3gia<\/h2>\t\t\t\t<\/div>\n\t\t<div class=\"elementor-element elementor-element-iwgw-uelgen-s1c e-con-full e-flex e-con e-child\" data-id=\"iwgw-uelgen-s1c\" data-element_type=\"container\" data-e-type=\"container\">\n\t\t\t\t<div class=\"elementor-element elementor-element-iwgw-uelgen-s1t elementor-widget elementor-widget-text-editor\" data-id=\"iwgw-uelgen-s1t\" data-element_type=\"widget\" data-e-type=\"widget\" data-widget_type=\"text-editor.default\">\n\t\t\t\t\t\t\t\t\t<p>Slovo <em>\u00fclg\u00e4n \/ \u00fclgen<\/em> je starot\u00fcrkick\u00e9 a v odbornej literat\u00fare sa sp\u00e1ja s v\u00fdznamami \u201eve\u013ek\u00fd, vzne\u0161en\u00fd, mocn\u00fd\u201c; v niektor\u00fdch slovn\u00edkoch aj \u201erozde\u013eova\u010d, ten, ktor\u00fd rozde\u013euje\u201c (od <em>\u00fcl\u0113-<\/em> \u201edeli\u0165, rozde\u013eova\u0165\u201c), \u010do zodpoved\u00e1 predstave, \u017ee rozde\u013euje \u013eu\u010fom podiely na \u017eivote. Pr\u00edbuzn\u00e9 formy s\u00fa chakask\u00e9 <em>\u00dclg\u00e4n<\/em>, \u0161orsk\u00e9 <em>\u00dclgen<\/em>.<\/p><p>U Mongolov sa nenach\u00e1dza priamy protip\u00f3l; jeho \u00falohu tam \u010diasto\u010dne prevzal <em>M\u00f6ngke Tngri<\/em>, \u010diasto\u010dne buddhisticky ovplyvnen\u00e9 b\u00f3dhisattvy ako <a href=\"https:\/\/iwell-guard.com\/sk\/?page_id=157976\">Khormusta<\/a>. T\u00e1to asymetria rob\u00ed z \u00dclgena \u0161pecificky juhosib\u00edrsko-turkick\u00fd jav.<\/p><p>Alternat\u00edvna etymol\u00f3gia sp\u00e1ja meno s <em>\u00fcligen<\/em>, \u201edaruj\u00faci\u201c, \u010do zodpoved\u00e1 mytologickej predstave, \u017ee \u00dclgen rozde\u013euje bohatstvo a plodnos\u0165. Obe etymol\u00f3gie s\u00fa jazykovohistoricky zlu\u010dite\u013en\u00e9 a mo\u017eno historicky spolup\u00f4sobili.<\/p>\t\t\t\t\t\t\t\t<\/div>\n\t\t\t\t<\/div>\n\t\t\t\t\t<\/div>\n\t\t\t\t<\/div>\n\t\t<div class=\"elementor-element elementor-element-iwgw-uelgen-s2 e-flex e-con-boxed e-con e-parent\" data-id=\"iwgw-uelgen-s2\" data-element_type=\"container\" data-e-type=\"container\">\n\t\t\t\t\t<div class=\"e-con-inner\">\n\t\t\t\t<div class=\"elementor-element elementor-element-iwgw-uelgen-s2h elementor-widget elementor-widget-heading\" data-id=\"iwgw-uelgen-s2h\" data-element_type=\"widget\" data-e-type=\"widget\" data-widget_type=\"heading.default\">\n\t\t\t\t\t<h2 class=\"elementor-heading-title elementor-size-default\">Popis a ikonografia<\/h2>\t\t\t\t<\/div>\n\t\t<div class=\"elementor-element elementor-element-iwgw-uelgen-s2c e-con-full e-flex e-con e-child\" data-id=\"iwgw-uelgen-s2c\" data-element_type=\"container\" data-e-type=\"container\">\n\t\t\t\t<div class=\"elementor-element elementor-element-iwgw-uelgen-s2t elementor-widget elementor-widget-text-editor\" data-id=\"iwgw-uelgen-s2t\" data-element_type=\"widget\" data-e-type=\"widget\" data-widget_type=\"text-editor.default\">\n\t\t\t\t\t\t\t\t\t<p>\u00dclgen je opisovan\u00fd ako star\u00fd, bielobrad\u00fd mu\u017e na zlatom tr\u00f3ne v najvy\u0161\u0161om nebi. Nos\u00ed pl\u00e1\u0161\u0165 vy\u0161\u00edvan\u00fd slnkom a mesiacom, v pravej ruke dr\u017e\u00ed \u017eiariaci luk z d\u00fahovej hmoty, v \u013eavej poh\u00e1r pln\u00fd kobylieho mlieka. Jeho poslom je biely orol.<\/p><p>V altajsk\u00fdch bubnov\u00fdch diagramoch u Anokhina a Potapova stoj\u00ed \u00dclgen na samom vrchole; pod n\u00edm sa rozvetvuje dev\u00e4\u0165 dc\u00e9r (<em>Kysh-Kyz<\/em>) a dev\u00e4\u0165 synov, ktor\u00ed vl\u00e1dnu jednotliv\u00fdm nebesk\u00fdm oblastiam. T\u00e1to mytol\u00f3gia deviatich synov a dc\u00e9r je klasick\u00fdm sib\u00edrskym ikonografick\u00fdm vzorom najvy\u0161\u0161ieho boha, ktor\u00fd sa opakuje aj u <a href=\"https:\/\/iwell-guard.com\/sk\/?page_id=157973\">Erlika Ch\u00e1na<\/a>, av\u0161ak zrkadlovo obr\u00e1tene smerom nadol.<\/p><p>V modernom kontexte Altajskej republiky bola ikonografia \u00dclgena zjednoten\u00e1; zn\u00e1ma n\u00e1stenn\u00e1 ma\u013eba v kult\u00farnom dome v Gorno-Altajsku ho zobrazuje v \u0161tandardnej bielobradej podobe. T\u00e1to modern\u00e1 ikonografia vych\u00e1dza z etnografick\u00fdch n\u00e1\u010drtov Anokhina a vytv\u00e1ra uzavret\u00fa v\u00fdtvarn\u00fa formu, ktor\u00e1 v historick\u00fdch prame\u0148och v tejto podobe nikdy neexistovala.<\/p>\t\t\t\t\t\t\t\t<\/div>\n\t\t\t\t<\/div>\n\t\t\t\t\t<\/div>\n\t\t\t\t<\/div>\n\t\t<div class=\"elementor-element elementor-element-iwgw-uelgen-s3 e-flex e-con-boxed e-con e-parent\" data-id=\"iwgw-uelgen-s3\" data-element_type=\"container\" data-e-type=\"container\">\n\t\t\t\t\t<div class=\"e-con-inner\">\n\t\t\t\t<div class=\"elementor-element elementor-element-iwgw-uelgen-s3h elementor-widget elementor-widget-heading\" data-id=\"iwgw-uelgen-s3h\" data-element_type=\"widget\" data-e-type=\"widget\" data-widget_type=\"heading.default\">\n\t\t\t\t\t<h2 class=\"elementor-heading-title elementor-size-default\">Mytologick\u00e9 rozpr\u00e1vania<\/h2>\t\t\t\t<\/div>\n\t\t<div class=\"elementor-element elementor-element-iwgw-uelgen-s3c e-con-full e-flex e-con e-child\" data-id=\"iwgw-uelgen-s3c\" data-element_type=\"container\" data-e-type=\"container\">\n\t\t\t\t<div class=\"elementor-element elementor-element-iwgw-uelgen-s3t elementor-widget elementor-widget-text-editor\" data-id=\"iwgw-uelgen-s3t\" data-element_type=\"widget\" data-e-type=\"widget\" data-widget_type=\"text-editor.default\">\n\t\t\t\t\t\t\t\t\t<p>Altajsk\u00fd pr\u00edbeh o stvoren\u00ed opisuje, ako sa \u00dclgen s\u00e1m vzn\u00e1\u0161a na prvotn\u00fdch vod\u00e1ch, poveruje vt\u00e1ka (niekedy ka\u010dicu, niekedy Erlika v podobe vt\u00e1ka), aby vynosil bahno z dna, a z neho tvor\u00ed zem.<\/p><p>Po tom, ako sa Erlik oddelil, stvor\u00ed \u00dclgen prv\u00e9ho \u010dloveka z hliny a vd\u00fdchne mu du\u0161u tak, \u017ee mu do hlavy vlo\u017e\u00ed slnko \u2013 <span class=\"iwg-fachbegriff\" data-tooltip=\"Opakuj\u00faci sa obsahov\u00fd prvok v umen\u00ed alebo rozpr\u00e1van\u00ed.\" tabindex=\"0\">mot\u00edv<\/span>, ktor\u00fd m\u00e1 paralely a\u017e v kres\u0165anskom ch\u00e1pan\u00ed stvorenia, hoci je isto formulovan\u00fd nez\u00e1visle.<\/p><p>Druh\u00fd pr\u00edbeh popisuje vzty\u010denie svetov\u00e9ho stromu, kozmickej smrekovca, ktor\u00e9ho korene siahaj\u00fa do Erlikovej r\u00ed\u0161e a vrchol \u00fasti pod \u00dclgenov tr\u00f3n. Po tejto osi sa pri svojom v\u00fdstupe nahor pohybuje biely <span class=\"iwg-fachbegriff\" data-tooltip=\"N\u00e1bo\u017eensk\u00fd \u0161pecialista, ktor\u00e9mu sa pripisuje sprostredkovanie medzi \u013eu\u010fmi a duchovn\u00fdm svetom.\" tabindex=\"0\">\u0161aman<\/span>. Mircea Eliade urobil z tohto <span class=\"iwg-fachbegriff\" data-tooltip=\"Opakuj\u00faci sa obsahov\u00fd prvok v umen\u00ed alebo rozpr\u00e1van\u00ed.\" tabindex=\"0\">mot\u00edvu<\/span> \u201eAxis Mundi\u201c centr\u00e1lnu kateg\u00f3riu svojho modelu <span class=\"iwg-fachbegriff\" data-tooltip=\"N\u00e1bo\u017eensk\u00fd syst\u00e9m, v ktorom s\u00fa \u0161pecialisti v styku s duchovn\u00fdm svetom.\" tabindex=\"0\">\u0161amanizmu<\/span>.<\/p><p>Tret\u00ed pr\u00edbeh opisuje spor medzi \u00dclgenom a Erlikom o prv\u00e9ho \u010dloveka: Erlik sa sna\u017e\u00ed vd\u00fdchnu\u0165 hlinen\u00e9mu telu svoj dych, ale \u00dclgen ho predbehne. Zo zlosti stvor\u00ed Erlik prv\u00e9 choroby a kom\u00e1re \u2013 typick\u00fd etiologick\u00fd <span class=\"iwg-fachbegriff\" data-tooltip=\"Tradovan\u00fd pr\u00edbeh o bohoch, p\u00f4vode a poriadku svet.\" tabindex=\"0\">m\u00fdtus<\/span>, ktor\u00fd vysvet\u013euje existenciu zla bez mor\u00e1lneho dualizmu.<\/p>\t\t\t\t\t\t\t\t<\/div>\n\t\t\t\t<\/div>\n\t\t\t\t\t<\/div>\n\t\t\t\t<\/div>\n\t\t<div class=\"elementor-element elementor-element-iwgw-uelgen-s4 e-flex e-con-boxed e-con e-parent\" data-id=\"iwgw-uelgen-s4\" data-element_type=\"container\" data-e-type=\"container\">\n\t\t\t\t\t<div class=\"e-con-inner\">\n\t\t\t\t<div class=\"elementor-element elementor-element-iwgw-uelgen-s4h elementor-widget elementor-widget-heading\" data-id=\"iwgw-uelgen-s4h\" data-element_type=\"widget\" data-e-type=\"widget\" data-widget_type=\"heading.default\">\n\t\t\t\t\t<h2 class=\"elementor-heading-title elementor-size-default\">Kult a uctievanie<\/h2>\t\t\t\t<\/div>\n\t\t<div class=\"elementor-element elementor-element-iwgw-uelgen-s4c e-con-full e-flex e-con e-child\" data-id=\"iwgw-uelgen-s4c\" data-element_type=\"container\" data-e-type=\"container\">\n\t\t\t\t<div class=\"elementor-element elementor-element-iwgw-uelgen-s4t elementor-widget elementor-widget-text-editor\" data-id=\"iwgw-uelgen-s4t\" data-element_type=\"widget\" data-e-type=\"widget\" data-widget_type=\"text-editor.default\">\n\t\t\t\t\t\t\t\t\t<p>\u00dclgenov <span class=\"iwg-fachbegriff\" data-tooltip=\"S\u00fabor n\u00e1bo\u017eensk\u00fdch \u00factov\u00fdch aktov vo\u010di bo\u017estvu alebo sv\u00e4tej bytosti.\" tabindex=\"0\">kult<\/span> bol vo vysokohorskom Altaji verejn\u00fdm jarn\u00fdm kultom. Na sv\u00e4tej hore sa v m\u00e1ji obetoval mlad\u00fd svetl\u00fd k\u00f4\u0148 (biely alebo svetlo\u017elt\u00fd); \u0161amani po\u010das extatick\u00fdch seden\u00ed jazdili \u201ecez dev\u00e4\u0165 nebies\u201c a odovzd\u00e1vali \u00dclgenovi prosby kme\u0148a. Anokhin jedno z t\u00fdchto seden\u00ed podrobne zaznamenal (1909, publikovan\u00e9 1924).<\/p><p>V osobnej rovine bol \u00dclgen hlavn\u00fdm <span class=\"iwg-fachbegriff\" data-tooltip=\"Prosebn\u00e9 alebo zakl\u00ednacie oslovenie bo\u017estva alebo moci.\" tabindex=\"0\">vz\u00fdvan\u00edm<\/span> bielych \u0161amanov (<em>aq kam<\/em>), zatia\u013e \u010do \u010dierni \u0161amani sa obracali na <a href=\"https:\/\/iwell-guard.com\/sk\/?page_id=157973\">Erlika Ch\u00e1na<\/a>. Jeho sviatok \u010dasto pripadal na letn\u00fd slnovrat a prekr\u00fdval sa s neskor\u0161\u00edm mongolsk\u00fdm komplexom Naadam.<\/p><p>Osobitnou formou uctievania \u00dclgena bol <em>tagyl<\/em>&#8211;<span class=\"iwg-fachbegriff\" data-tooltip=\"Ust\u00e1len\u00e1 s\u00fastava symbolick\u00fdch \u00fakonov s n\u00e1bo\u017eensk\u00fdm alebo kult\u00farnym v\u00fdznamom.\" tabindex=\"0\">ritu\u00e1l<\/span>: na plochej skale sa postavil mal\u00fd kamenn\u00fd olt\u00e1r, na ktor\u00fd sa prin\u00e1\u0161alo kobylie mlieko a maslov\u00e9 pe\u010divo. Tak\u00e9to skaln\u00e9 olt\u00e1re sa archeologicky zachovali v juhosib\u00edrskych vysok\u00fdch stepiach a niektor\u00e9 m\u00f4\u017eu siaha\u0165 a\u017e do <span class=\"iwg-fachbegriff\" data-tooltip=\"Prehistorick\u00e1 epocha, v ktorej bola bronz najd\u00f4le\u017eitej\u0161\u00edm kovom na v\u00fdrobu n\u00e1strojov.\" tabindex=\"0\">doby bronzovej<\/span>, bez toho, aby bola n\u00e1bo\u017eensk\u00e1 identifik\u00e1cia nutne nepretr\u017eit\u00e1.<\/p>\t\t\t\t\t\t\t\t<\/div>\n\t\t\t\t<\/div>\n\t\t\t\t\t<\/div>\n\t\t\t\t<\/div>\n\t\t<div class=\"elementor-element elementor-element-iwgw-uelgen-s5 e-flex e-con-boxed e-con e-parent\" data-id=\"iwgw-uelgen-s5\" data-element_type=\"container\" data-e-type=\"container\">\n\t\t\t\t\t<div class=\"e-con-inner\">\n\t\t\t\t<div class=\"elementor-element elementor-element-iwgw-uelgen-s5h elementor-widget elementor-widget-heading\" data-id=\"iwgw-uelgen-s5h\" data-element_type=\"widget\" data-e-type=\"widget\" data-widget_type=\"heading.default\">\n\t\t\t\t\t<h2 class=\"elementor-heading-title elementor-size-default\">Ochrann\u00e1 prax a apotropaika<\/h2>\t\t\t\t<\/div>\n\t\t<div class=\"elementor-element elementor-element-iwgw-uelgen-s5c e-con-full e-flex e-con e-child\" data-id=\"iwgw-uelgen-s5c\" data-element_type=\"container\" data-e-type=\"container\">\n\t\t\t\t<div class=\"elementor-element elementor-element-iwgw-uelgen-s5t elementor-widget elementor-widget-text-editor\" data-id=\"iwgw-uelgen-s5t\" data-element_type=\"widget\" data-e-type=\"widget\" data-widget_type=\"text-editor.default\">\n\t\t\t\t\t\t\t\t\t<p>Ochrann\u00e1 prax v \u00dclgenovom komplexe mala pozit\u00edvny charakter: ne\u0161lo tak o odvr\u00e1tenie zla, ako sk\u00f4r o \u201euvedenie do poriadku\u201c. Apotropaick\u00e9 prvky zah\u0155\u0148ali priv\u00e4zovanie bielych l\u00e1tkov\u00fdch p\u00e1sok (<em>kyira<\/em>) na smreky pri horsk\u00fdch priesmykoch, stavanie mal\u00fdch kamenn\u00fdch pyram\u00edd (<em>obo<\/em>) a vyh\u00fdbanie sa hluku a h\u00e1dkam na priesmykoch.<\/p><p data-nosnippet=\"true\">Pri chorobe die\u0165a\u0165a mohol by\u0165 privolan\u00fd biely <span class=\"iwg-fachbegriff\" data-tooltip=\"N\u00e1bo\u017eensk\u00fd \u0161pecialista, ktor\u00e9mu sa pripisuje sprostredkovanie medzi \u013eu\u010fmi a svetom duchov.\" tabindex=\"0\">\u0161aman<\/span>, ktor\u00fd prosil \u00dclgena o \u201en\u00e1vrat \u010dasti \u017eivota\u201c. V pojmovom zmysle ide o kozmick\u00fa prosbu o poriadok, nie o pr\u00eds\u013eub uzdravenia. Z religionistick\u00e9ho h\u013eadiska patr\u00ed t\u00e1to prax medzi \u201eobnovovacie ritu\u00e1ly\u201c, ktor\u00e9 s\u00fa dokumentovan\u00e9 aj v mnoh\u00fdch in\u00fdch domorod\u00fdch trad\u00edci\u00e1ch.<\/p><p>K\u013e\u00fa\u010dov\u00e9 je rozl\u00ed\u0161enie: \u00dclgen bol adres\u00e1tom prosieb, nie s\u00e1m lie\u010dite\u013eom. Lie\u010denie prisl\u00fachalo \u0161amanovi ako sprostredkovate\u013eovi, \u010do je d\u00f4le\u017eit\u00e9 religionsociologick\u00e9 rozl\u00ed\u0161enie, ktor\u00e9 proti Eliadovmu modelu d\u00f4razne presadila Roberte Hamayonov\u00e1 (1990).<\/p>\t\t\t\t\t\t\t\t<\/div>\n\t\t\t\t<\/div>\n\t\t\t\t\t<\/div>\n\t\t\t\t<\/div>\n\t\t<div class=\"elementor-element elementor-element-iwgw-uelgen-s6 e-flex e-con-boxed e-con e-parent\" data-id=\"iwgw-uelgen-s6\" data-element_type=\"container\" data-e-type=\"container\">\n\t\t\t\t\t<div class=\"e-con-inner\">\n\t\t\t\t<div class=\"elementor-element elementor-element-iwgw-uelgen-s6h elementor-widget elementor-widget-heading\" data-id=\"iwgw-uelgen-s6h\" data-element_type=\"widget\" data-e-type=\"widget\" data-widget_type=\"heading.default\">\n\t\t\t\t\t<h2 class=\"elementor-heading-title elementor-size-default\">Paralely v in\u00fdch kult\u00farach<\/h2>\t\t\t\t<\/div>\n\t\t<div class=\"elementor-element elementor-element-iwgw-uelgen-s6c e-con-full e-flex e-con e-child\" data-id=\"iwgw-uelgen-s6c\" data-element_type=\"container\" data-e-type=\"container\">\n\t\t\t\t<div class=\"elementor-element elementor-element-iwgw-uelgen-s6t elementor-widget elementor-widget-text-editor\" data-id=\"iwgw-uelgen-s6t\" data-element_type=\"widget\" data-e-type=\"widget\" data-widget_type=\"text-editor.default\">\n\t\t\t\t\t\t\t\t\t<p>\u0160truktur\u00e1lne je \u00dclgen porovnate\u013en\u00fd s germ\u00e1nskym T\u00fdrom, v\u00e9dskym Varunom v jeho svetelnej funkcii, r\u00edmskym Jupiterom ako bohom pr\u00e1va a poriadku a v Sib\u00edri s jakutsk\u00fdm <em>Aar Tojonom<\/em>. N\u00e1bo\u017eensko-fenomenologicky je zauj\u00edmav\u00e9, \u017ee \u00dclgen m\u00e1 na rozdiel od vzdialen\u00e9ho Tengriho konkr\u00e9tny stvorite\u013esk\u00fd pr\u00edbeh, bez toho, aby sa stal stvorite\u013esk\u00fdm demiurgom, ako je Jaldabaoth v gnosticizme.<\/p><p>Bl\u00edzka paralela sa nach\u00e1dza vo f\u00ednskom Ukkovi, ktor\u00fd je tie\u017e \u201eakt\u00edvnej\u0161\u00edm vysok\u00fdm bohom\u201c pod abstraktnou nebeskou vrstvou. F\u00ednsky b\u00e1date\u013e Kalevaly Juha Pentik\u00e4inen urobil v diele <em>Shamanism and Culture<\/em> (1998) typologick\u00e9 porovnania medzi sib\u00edrskymi a f\u00ednsko-ugorsk\u00fdmi vysok\u00fdmi bo\u017estvami.<\/p><p>Osobitos\u0165ou altajsk\u00e9ho pr\u00edpadu je striktn\u00e9 rozdelenie na \u201ebielych\u201c a \u201e\u010diernych\u201c \u0161amanov s oddelen\u00fdmi adres\u00e1tmi vz\u00fdvania. Tento model je v sib\u00edrskom porovnan\u00ed zriedkav\u00fd a rob\u00ed \u00dclgena n\u00e1bo\u017eensko-fenomenologicky mimoriadne zauj\u00edmav\u00fdm.<\/p>\t\t\t\t\t\t\t\t<\/div>\n\t\t\t\t<\/div>\n\t\t\t\t\t<\/div>\n\t\t\t\t<\/div>\n\t\t<div class=\"elementor-element elementor-element-iwgw-uelgen-s7 e-flex e-con-boxed e-con e-parent\" data-id=\"iwgw-uelgen-s7\" data-element_type=\"container\" data-e-type=\"container\">\n\t\t\t\t\t<div class=\"e-con-inner\">\n\t\t\t\t<div class=\"elementor-element elementor-element-iwgw-uelgen-s7h elementor-widget elementor-widget-heading\" data-id=\"iwgw-uelgen-s7h\" data-element_type=\"widget\" data-e-type=\"widget\" data-widget_type=\"heading.default\">\n\t\t\t\t\t<h2 class=\"elementor-heading-title elementor-size-default\">S\u00fa\u010dasn\u00e1 recepcia a v\u00fdskum<\/h2>\t\t\t\t<\/div>\n\t\t<div class=\"elementor-element elementor-element-iwgw-uelgen-s7c e-con-full e-flex e-con e-child\" data-id=\"iwgw-uelgen-s7c\" data-element_type=\"container\" data-e-type=\"container\">\n\t\t\t\t<div class=\"elementor-element elementor-element-iwgw-uelgen-s7t elementor-widget elementor-widget-text-editor\" data-id=\"iwgw-uelgen-s7t\" data-element_type=\"widget\" data-e-type=\"widget\" data-widget_type=\"text-editor.default\">\n\t\t\t\t\t\t\t\t\t<p>V modernej altajskej kult\u00farnej pr\u00e1ci je \u00dclgen znovu vysoko cenen\u00fd, zdob\u00ed po\u0161tov\u00e9 zn\u00e1mky, \u013eudov\u00e9 sl\u00e1vnosti, u\u010debnice Altajskej republiky. Klasick\u00e9 vedeck\u00e9 spracovania: Anokhin (1924), L. P. Potapov (<em>Altaiskij \u0161amanizm<\/em>, 1991), Mircea Eliade (1951), Vladimir Basilov (1984) a v nov\u0161ej dobe Andrei Znamenski (2007).<\/p><p>F\u00ednsky religionista Juha Pentik\u00e4inen (<em>Shamanism and Culture<\/em>, 1998) zara\u010fuje \u00dclgena do \u0161ir\u0161ej cirkumpol\u00e1rnej radu sveteln\u00fdch bohov.<\/p><p>V s\u00fa\u010dasnom Altaji je \u00dclgenov <span class=\"iwg-fachbegriff\" data-tooltip=\"S\u00fabor n\u00e1bo\u017eensk\u00fdch \u00factov\u00fdch aktov vo\u010di bo\u017estvu alebo sv\u00e4tej bytosti.\" tabindex=\"0\">kult<\/span> v istom nap\u00e4t\u00ed: na jednej strane je vn\u00edman\u00fd ako \u201eskuto\u010dn\u00e9 domorod\u00e9 n\u00e1bo\u017eenstvo\u201c postaven\u00e9 proti rusk\u00e9mu kres\u0165anstvu, na druhej strane je s\u00e1m prekryt\u00fd prvkami new age, ktor\u00e9 nemaj\u00fa z\u00e1klad v etnografickej trad\u00edcii. Andrei Znamenski toto nap\u00e4tie podrobne analyzoval vo svojom oxfordskom zv\u00e4zku.<\/p><p>Samostatn\u00fd v\u00fdskumn\u00fd smer sa zaober\u00e1 archeologick\u00fdmi stopami ritu\u00e1lov zameran\u00fdch na \u00dclgena; M. P. Grjaznov a V. D. Kubarev zdokumentovali skaln\u00e9 ma\u013eby v Tuve a na Altaji, ktor\u00e9 boli interpretovan\u00e9 ako \u00dclgenovi jazdci, hoci t\u00e1to identifik\u00e1cia nie je ist\u00e1.<\/p>\t\t\t\t\t\t\t\t<\/div>\n\t\t\t\t<\/div>\n\t\t\t\t\t<\/div>\n\t\t\t\t<\/div>\n\t\t<div class=\"elementor-element elementor-element-iwgw-uelgen-s8 e-flex e-con-boxed e-con e-parent\" data-id=\"iwgw-uelgen-s8\" data-element_type=\"container\" data-e-type=\"container\">\n\t\t\t\t\t<div class=\"e-con-inner\">\n\t\t\t\t<div class=\"elementor-element elementor-element-iwgw-uelgen-s8h elementor-widget elementor-widget-heading\" data-id=\"iwgw-uelgen-s8h\" data-element_type=\"widget\" data-e-type=\"widget\" data-widget_type=\"heading.default\">\n\t\t\t\t\t<h2 class=\"elementor-heading-title elementor-size-default\">V\u00fdskumn\u00e9 debaty a otvoren\u00e9 ot\u00e1zky<\/h2>\t\t\t\t<\/div>\n\t\t<div class=\"elementor-element elementor-element-iwgw-uelgen-s8c e-con-full e-flex e-con e-child\" data-id=\"iwgw-uelgen-s8c\" data-element_type=\"container\" data-e-type=\"container\">\n\t\t\t\t<div class=\"elementor-element elementor-element-iwgw-uelgen-s8t elementor-widget elementor-widget-text-editor\" data-id=\"iwgw-uelgen-s8t\" data-element_type=\"widget\" data-e-type=\"widget\" data-widget_type=\"text-editor.default\">\n\t\t\t\t\t\t\t\t\t<p>\u00dclgenovsk\u00e9 \u0161t\u00fadie charakterizuj\u00fa tri v\u00fdskumn\u00e9 diskusie. Po prv\u00e9: Je \u00dclgen od\u0161tiepen\u00edm Tengriho, alebo samostatnou altajskou vrstvou? Anokhin a Potapov sa prikl\u00e1\u0148ali k prv\u00e9mu, Roux a Hamayonov\u00e1 k druh\u00e9mu v\u00fdkladu.<\/p><p>Po druh\u00e9: Ak\u00e1 je kontinuita uctievania \u00dclgena od predislamsk\u00e9ho obdobia a\u017e do 19.\/20. storo\u010dia? P\u00edsomn\u00e9 pramene ch\u00fdbaj\u00fa preva\u017ene; etnografick\u00e1 <span class=\"iwg-fachbegriff\" data-tooltip=\"Odovzd\u00e1vanie poznania a rozpr\u00e1van\u00ed z gener\u00e1cie na gener\u00e1ciu.\" tabindex=\"0\">trad\u00edcia<\/span> je systematicky zaznamenan\u00e1 a\u017e od Radloffa (60. roky 19. storo\u010dia).<\/p><p>Po tretie: Ak\u00fd podiel m\u00e1 rusk\u00e1 zberate\u013esk\u00e1 \u010dinnos\u0165 na konsolid\u00e1cii obrazu \u00dclgena? Andrei Znamenski v tomto smere predlo\u017eil d\u00f4le\u017eit\u00fa sebakritick\u00fa reflexiu: Ve\u013ea z toho, \u010do o \u00dclgenovi vieme, je aj produktom c\u00e1rskej a sovietskej etnografie, a nielen altajskej vn\u00fatornej perspekt\u00edvy.<\/p>\t\t\t\t\t\t\t\t<\/div>\n\t\t\t\t<\/div>\n\t\t\t\t\t<\/div>\n\t\t\t\t<\/div>\n\t\t<div class=\"elementor-element elementor-element-iwgw-uelgen-s9 e-flex e-con-boxed e-con e-parent\" data-id=\"iwgw-uelgen-s9\" data-element_type=\"container\" data-e-type=\"container\">\n\t\t\t\t\t<div class=\"e-con-inner\">\n\t\t\t\t<div class=\"elementor-element elementor-element-iwgw-uelgen-s9h elementor-widget elementor-widget-heading\" data-id=\"iwgw-uelgen-s9h\" data-element_type=\"widget\" data-e-type=\"widget\" data-widget_type=\"heading.default\">\n\t\t\t\t\t<h2 class=\"elementor-heading-title elementor-size-default\">\u00dclgen v porovnan\u00ed s vysok\u00fdmi bo\u017estvami susedn\u00fdch n\u00e1rodov<\/h2>\t\t\t\t<\/div>\n\t\t<div class=\"elementor-element elementor-element-iwgw-uelgen-s9c e-con-full e-flex e-con e-child\" data-id=\"iwgw-uelgen-s9c\" data-element_type=\"container\" data-e-type=\"container\">\n\t\t\t\t<div class=\"elementor-element elementor-element-iwgw-uelgen-s9t elementor-widget elementor-widget-text-editor\" data-id=\"iwgw-uelgen-s9t\" data-element_type=\"widget\" data-e-type=\"widget\" data-widget_type=\"text-editor.default\">\n\t\t\t\t\t\t\t\t\t<p>Systematick\u00e9 porovnanie \u00dclgena s in\u00fdmi sib\u00edrskymi vysok\u00fdmi bo\u017estvami je z religionistick\u00e9ho h\u013eadiska pr\u00ednosn\u00e9. V porovnan\u00ed s tunguzsk\u00fdm <a href=\"https:\/\/iwell-guard.com\/sk\/?page_id=157979\">Bugom<\/a> je \u00dclgen jednozna\u010dne osobnej\u0161\u00ed a m\u00e1 bohat\u0161iu mytol\u00f3giu; v porovnan\u00ed s jakutsk\u00fdm <em>\u00dcr\u00fcn Aar Tojonom<\/em> je koncipovan\u00fd v\u00fdraznej\u0161ie ako tvorivo-akt\u00edvny. V porovnan\u00ed s mongolsk\u00fdm <a href=\"https:\/\/iwell-guard.com\/sk\/?page_id=157976\">Khormustom<\/a> mu ch\u00fdbaj\u00fa ir\u00e1nsko-buddhistick\u00e9 vrstvy.<\/p><p>Tieto porovnania ukazuj\u00fa, \u017ee juhosib\u00edrske n\u00e1bo\u017eenstvo nie je jednotnou vrstvou, ale spektrom r\u00f4zne profilovan\u00fdch post\u00e1v vysok\u00e9ho boha, ka\u017ed\u00e1 s vlastnou mytol\u00f3giou, ikonografiou a ritu\u00e1lnou praxou. Vladimir Basilov predlo\u017eil vo diele <em>Shamanism in Siberia<\/em> (1984) prv\u00fa systematick\u00fa komparat\u00edvnu \u0161t\u00fadiu.<\/p><p>Z religionistick\u00e9ho h\u013eadiska je \u00dclgen zauj\u00edmav\u00fd najm\u00e4 preto, \u017ee vyp\u013a\u0148a medzeru medzi vzdialen\u00fdm Tengrim a konkr\u00e9tnymi \u0161pecializovan\u00fdmi bo\u017estvami. T\u00e1to sprostredkovate\u013esk\u00e1 \u00faloha z neho rob\u00ed jedno z \u201enaj\u017eiv\u0161\u00edch\u201c vysok\u00fdch bo\u017estiev Sib\u00edri.<\/p>\t\t\t\t\t\t\t\t<\/div>\n\t\t\t\t<\/div>\n\t\t\t\t\t<\/div>\n\t\t\t\t<\/div>\n\t\t<div class=\"elementor-element elementor-element-iwgw-uelgen-s10 e-flex e-con-boxed e-con e-parent\" data-id=\"iwgw-uelgen-s10\" data-element_type=\"container\" data-e-type=\"container\">\n\t\t\t\t\t<div class=\"e-con-inner\">\n\t\t\t\t<div class=\"elementor-element elementor-element-iwgw-uelgen-s10h elementor-widget elementor-widget-heading\" data-id=\"iwgw-uelgen-s10h\" data-element_type=\"widget\" data-e-type=\"widget\" data-widget_type=\"heading.default\">\n\t\t\t\t\t<h2 class=\"elementor-heading-title elementor-size-default\">Pramene a vz\u0165ah k Kult\u00farnemu centru<\/h2>\t\t\t\t<\/div>\n\t\t<div class=\"elementor-element elementor-element-iwgw-uelgen-s10c e-con-full e-flex e-con e-child\" data-id=\"iwgw-uelgen-s10c\" data-element_type=\"container\" data-e-type=\"container\">\n\t\t\t\t<div class=\"elementor-element elementor-element-iwgw-uelgen-s10t elementor-widget elementor-widget-text-editor\" data-id=\"iwgw-uelgen-s10t\" data-element_type=\"widget\" data-e-type=\"widget\" data-widget_type=\"text-editor.default\">\n\t\t\t\t\t\t\t\t\t<p>Kto chce \u0161tudova\u0165 komplex \u00dclgena v jeho \u0161\u00edrke, n\u00e1jde na preh\u013eadovej str\u00e1nke <a href=\"https:\/\/iwell-guard.com\/sk\/sibirsky-samanizmus-tengrizmus\/\">Sib\u00edrsko-tengristick\u00e1 trad\u00edcia<\/a> najd\u00f4le\u017eitej\u0161ie odkazy na pr\u00edbuzn\u00e9 postavy ako <a href=\"https:\/\/iwell-guard.com\/sk\/?page_id=157971\">Tengri<\/a>, <a href=\"https:\/\/iwell-guard.com\/sk\/?page_id=157973\">Erlik Ch\u00e1n<\/a> a matersk\u00e1 ochrann\u00e1 postava <a href=\"https:\/\/iwell-guard.com\/sk\/?page_id=157972\">Umai<\/a>.<\/p><p>A. V. Anochinove <em>Materi\u00e1ly k <span class=\"iwg-fachbegriff\" data-tooltip=\"N\u00e1bo\u017eensk\u00fd syst\u00e9m, v ktorom \u0161pecialisti komunikuj\u00fa so svetom duchov.\" tabindex=\"0\">\u0161amanizmu<\/span> Altajcov<\/em> (1924) je najd\u00f4le\u017eitej\u0161\u00edm prim\u00e1rnym zdrojom a pon\u00faka podrobn\u00e9 popisy \u0161iestich \u00fapln\u00fdch \u0161amansk\u00fdch seans\u00ed, ktor\u00e9 si osobne zaznamenal. L. P. Potapovov <em>Altaiskij \u0161amanizm<\/em> (1991) je najd\u00f4le\u017eitej\u0161ou sovietsko-ruskou synt\u00e9zou.<\/p><p>Pre cirkumpol\u00e1rne zaradenie odkazujeme na Juhu Pentik\u00e4inena a jeho dielo <em>Shamanism and Culture<\/em> (1998), ktor\u00e9 zara\u010fuje \u00dclgena do \u0161ir\u0161ej rady bohov svetla od \u0160kandin\u00e1vie po Sib\u00edr.<\/p>\t\t\t\t\t\t\t\t<\/div>\n\t\t\t\t<\/div>\n\t\t\t\t\t<\/div>\n\t\t\t\t<\/div>\n\t\t<div class=\"elementor-element elementor-element-iwgw-uelgen-s11 e-flex e-con-boxed e-con e-parent\" data-id=\"iwgw-uelgen-s11\" data-element_type=\"container\" data-e-type=\"container\">\n\t\t\t\t\t<div class=\"e-con-inner\">\n\t\t\t\t<div class=\"elementor-element elementor-element-iwgw-uelgen-s11h elementor-widget elementor-widget-heading\" data-id=\"iwgw-uelgen-s11h\" data-element_type=\"widget\" data-e-type=\"widget\" data-widget_type=\"heading.default\">\n\t\t\t\t\t<h2 class=\"elementor-heading-title elementor-size-default\">Religionistick\u00e1 fenomenol\u00f3gia svetla<\/h2>\t\t\t\t<\/div>\n\t\t<div class=\"elementor-element elementor-element-iwgw-uelgen-s11c e-con-full e-flex e-con e-child\" data-id=\"iwgw-uelgen-s11c\" data-element_type=\"container\" data-e-type=\"container\">\n\t\t\t\t<div class=\"elementor-element elementor-element-iwgw-uelgen-s11t elementor-widget elementor-widget-text-editor\" data-id=\"iwgw-uelgen-s11t\" data-element_type=\"widget\" data-e-type=\"widget\" data-widget_type=\"text-editor.default\">\n\t\t\t\t\t\t\t\t\t<p>\u00dclgen je u\u010debnicov\u00fdm pr\u00edkladom religionistickej fenomenologickej kateg\u00f3rie \u201eboh svetla\u201c, ktor\u00fa vypracoval Wilhelm Schmidt v svojej te\u00f3rii vysok\u00e9ho boha a nesk\u00f4r Friedrich Heiler v diele <em>Erscheinungsformen und Wesen der Religion<\/em> (1961). Charakteristick\u00e9 je spojenie svetla, v\u00fd\u0161ky, tvorby a etick\u00e9ho poriadku.<\/p><p>V porovnan\u00ed s in\u00fdmi bo\u017estvami svetla, napr\u00edklad v\u00e9dskym Surjom, egyptsk\u00fdm Rom \u010di zoroastri\u00e1nskym Hvar Kh\u0161aetom, ch\u00fdba u \u00dclgena priama identifik\u00e1cia so slne\u010dn\u00fdm kot\u00fa\u010dom; je sk\u00f4r \u201e\u017eiariv\u00fdm vysok\u00fdm bohom\u201c stojacim za astr\u00e1lnymi javmi. Typologicky ho to pribli\u017euje viac k indoeur\u00f3pskym vysok\u00fdm bo\u017estv\u00e1m ako Varuna alebo Tyr ne\u017e k indoir\u00e1nskym sol\u00e1rnym bo\u017estv\u00e1m.<\/p><p>Spojenie so Svetov\u00fdm stromom je k\u013e\u00fa\u010dov\u00fdm mot\u00edvom, ktor\u00fd z\u00e1sadne ovplyvnil Eliadovu koncepciu \u201eAxis Mundi\u201c. Aj ke\u010f je Eliadova te\u00f3ria dnes hodnoten\u00e1 kritickej\u0161ie, materi\u00e1l z komplexu \u00dclgena zost\u00e1va jedn\u00fdm z najpresved\u010divej\u0161\u00edch pr\u00edkladov vertik\u00e1lnych kozmick\u00fdch media\u010dn\u00fdch \u0161trukt\u00far.<\/p>\t\t\t\t\t\t\t\t<\/div>\n\t\t\t\t<\/div>\n\t\t\t\t\t<\/div>\n\t\t\t\t<\/div>\n\t\t<div class=\"elementor-element elementor-element-iwgw-uelgen-s12 e-flex e-con-boxed e-con e-parent\" data-id=\"iwgw-uelgen-s12\" data-element_type=\"container\" data-e-type=\"container\">\n\t\t\t\t\t<div class=\"e-con-inner\">\n\t\t\t\t<div class=\"elementor-element elementor-element-iwgw-uelgen-s12h elementor-widget elementor-widget-heading\" data-id=\"iwgw-uelgen-s12h\" data-element_type=\"widget\" data-e-type=\"widget\" data-widget_type=\"heading.default\">\n\t\t\t\t\t<h2 class=\"elementor-heading-title elementor-size-default\">Metodologick\u00e1 reflexia<\/h2>\t\t\t\t<\/div>\n\t\t<div class=\"elementor-element elementor-element-iwgw-uelgen-s12c e-con-full e-flex e-con e-child\" data-id=\"iwgw-uelgen-s12c\" data-element_type=\"container\" data-e-type=\"container\">\n\t\t\t\t<div class=\"elementor-element elementor-element-iwgw-uelgen-s12t elementor-widget elementor-widget-text-editor\" data-id=\"iwgw-uelgen-s12t\" data-element_type=\"widget\" data-e-type=\"widget\" data-widget_type=\"text-editor.default\">\n\t\t\t\t\t\t\t\t\t<p>Pri v\u00fdskume \u00dclgena vznik\u00e1 viacero metodologick\u00fdch probl\u00e9mov. Prv\u00fdm je, \u017ee altajsk\u00e9 n\u00e1bo\u017eenstvo bolo v 19. storo\u010d\u00ed zaznamen\u00e1van\u00e9 najm\u00e4 rusk\u00fdmi pravosl\u00e1vnymi mision\u00e1rmi a o nie\u010do nesk\u00f4r rusk\u00fdmi etnografmi. Obe skupiny mali interpreta\u010dn\u00e9 predpoklady, ktor\u00e9 skres\u013euj\u00fa odovzdan\u00fd obraz.<\/p><p>Druh\u00fdm je, \u017ee Anochinove podrobn\u00e9 z\u00e1znamy seans\u00ed (1909) s\u00fa v\u00fdnimo\u010dn\u00fdm zdrojom, ale s\u00fa ovplyvnen\u00e9 pr\u00edtomnos\u0165ou samotn\u00e9ho pozorovate\u013ea. Metodologick\u00e1 diskusia o \u201ez\u00fa\u010dastnenom pozorovan\u00ed\u201c v religionistickej etnol\u00f3gii sa priamo dot\u00fdka Anochinovho materi\u00e1lu.<\/p><p>Tret\u00edm je, \u017ee s\u00fa\u010dasn\u00e1 re-tengriz\u00e1cia v Altajskej republike kon\u0161truuje konsolidovan\u00fa obrazov\u00fa trad\u00edciu \u00dclgena, ktor\u00e1 v historickom materi\u00e1li v takej uzavretej forme neexistovala. T\u00e1to kon\u0161trukcia je zauj\u00edmav\u00e1 z h\u013eadiska sociol\u00f3gie n\u00e1bo\u017eenstva, no nemala by sa zamie\u0148a\u0165 s historickou vrstvou.<\/p>\t\t\t\t\t\t\t\t<\/div>\n\t\t\t\t<\/div>\n\t\t\t\t\t<\/div>\n\t\t\t\t<\/div>\n\t\t<div class=\"elementor-element elementor-element-iwgw-uelgen-s13 e-flex e-con-boxed e-con e-parent\" data-id=\"iwgw-uelgen-s13\" data-element_type=\"container\" data-e-type=\"container\">\n\t\t\t\t\t<div class=\"e-con-inner\">\n\t\t\t\t<div class=\"elementor-element elementor-element-iwgw-uelgen-s13h elementor-widget elementor-widget-heading\" data-id=\"iwgw-uelgen-s13h\" data-element_type=\"widget\" data-e-type=\"widget\" data-widget_type=\"heading.default\">\n\t\t\t\t\t<h2 class=\"elementor-heading-title elementor-size-default\">\u00dclgen a predstava Svetov\u00e9ho stromu<\/h2>\t\t\t\t<\/div>\n\t\t<div class=\"elementor-element elementor-element-iwgw-uelgen-s13c e-con-full e-flex e-con e-child\" data-id=\"iwgw-uelgen-s13c\" data-element_type=\"container\" data-e-type=\"container\">\n\t\t\t\t<div class=\"elementor-element elementor-element-iwgw-uelgen-s13t elementor-widget elementor-widget-text-editor\" data-id=\"iwgw-uelgen-s13t\" data-element_type=\"widget\" data-e-type=\"widget\" data-widget_type=\"text-editor.default\">\n\t\t\t\t\t\t\t\t\t<p>Centr\u00e1lnou n\u00e1bo\u017eenskosymbolickou predstavou v komplexe \u00dclgena je Svetov\u00fd strom, <em>baj-terek<\/em>: kozmick\u00fd smrekovec alebo breza, ktorej korene siahaj\u00fa do podsvetia a koruna \u00fasti pod \u00dclgenov tr\u00f3n. Pozd\u013a\u017e tejto osi vykon\u00e1va biely <span class=\"iwg-fachbegriff\" data-tooltip=\"N\u00e1bo\u017eensk\u00fd \u0161pecialista, ktor\u00e9mu sa pripisuje sprostredkovanie medzi \u013eu\u010fmi a svetom duchov.\" tabindex=\"0\">\u0161aman<\/span> svoj v\u00fdstup.<\/p><p>Mircea Eliade urobil z tohto <span class=\"iwg-fachbegriff\" data-tooltip=\"Opakuj\u00faci sa obsahov\u00fd prvok v umen\u00ed alebo rozpr\u00e1van\u00ed.\" tabindex=\"0\">mot\u00edvu<\/span> centr\u00e1lnu kateg\u00f3riu svojho modelu <span class=\"iwg-fachbegriff\" data-tooltip=\"N\u00e1bo\u017eensk\u00fd syst\u00e9m, v ktorom \u0161pecialisti komunikuj\u00fa so svetom duchov.\" tabindex=\"0\">\u0161amanizmu<\/span> a systematicky ho rozpracoval pod pojmom \u201eAxis Mundi\u201c v dielach <em>Le sacr\u00e9 et le profane<\/em> (1957) a <em>Le chamanisme<\/em> (1951). Aj ke\u010f je Eliadov model dnes hodnoten\u00fd kritickej\u0161ie, Svetov\u00fd strom \u00dclgena zost\u00e1va jedn\u00fdm z najpresved\u010divej\u0161\u00edch pr\u00edkladov vertik\u00e1lnej kozmickej media\u010dnej \u0161trukt\u00fary v p\u00f4vodnom n\u00e1bo\u017eenstve.<\/p><p>S\u00fa\u010dasn\u00ed altajsk\u00ed umelci nadv\u00e4zuj\u00fa na predstavu Svetov\u00e9ho stromu; je vidie\u0165 na mnoh\u00fdch n\u00e1stenn\u00fdch ma\u013eb\u00e1ch, suven\u00edroch a na v\u00fdstav\u00e1ch \u013eudov\u00e9ho umenia. T\u00e1to recepcia je zauj\u00edmav\u00e1 z h\u013eadiska sociol\u00f3gie n\u00e1bo\u017eenstva, preto\u017ee transformuje n\u00e1bo\u017eensk\u00fd <span class=\"iwg-fachbegriff\" data-tooltip=\"Opakuj\u00faci sa obsahov\u00fd prvok v umen\u00ed alebo rozpr\u00e1van\u00ed.\" tabindex=\"0\">mot\u00edv<\/span> na kult\u00farny identifika\u010dn\u00fd znak.<\/p>\t\t\t\t\t\t\t\t<\/div>\n\t\t\t\t<\/div>\n\t\t\t\t\t<\/div>\n\t\t\t\t<\/div>\n\t\t<div class=\"elementor-element elementor-element-iwgw-uelgen-s14 e-flex e-con-boxed e-con e-parent\" data-id=\"iwgw-uelgen-s14\" data-element_type=\"container\" data-e-type=\"container\">\n\t\t\t\t\t<div class=\"e-con-inner\">\n\t\t\t\t<div class=\"elementor-element elementor-element-iwgw-uelgen-s14h elementor-widget elementor-widget-heading\" data-id=\"iwgw-uelgen-s14h\" data-element_type=\"widget\" data-e-type=\"widget\" data-widget_type=\"heading.default\">\n\t\t\t\t\t<h2 class=\"elementor-heading-title elementor-size-default\">\u00dclgen v zrkadle s\u00fa\u010dasn\u00fdch v\u00fdskumn\u00fdch deb\u00e1t<\/h2>\t\t\t\t<\/div>\n\t\t<div class=\"elementor-element elementor-element-iwgw-uelgen-s14c e-con-full e-flex e-con e-child\" data-id=\"iwgw-uelgen-s14c\" data-element_type=\"container\" data-e-type=\"container\">\n\t\t\t\t<div class=\"elementor-element elementor-element-iwgw-uelgen-s14t elementor-widget elementor-widget-text-editor\" data-id=\"iwgw-uelgen-s14t\" data-element_type=\"widget\" data-e-type=\"widget\" data-widget_type=\"text-editor.default\">\n\t\t\t\t\t\t\t\t\t<p>S\u00fa\u010dasn\u00fd v\u00fdskum \u00dclgena stoj\u00ed v nieko\u013ek\u00fdch produkt\u00edvnych nap\u00e4tiach. Na jednej strane etablovan\u00e1 rusk\u00e1 a sovietska \u0161kola (Potapov, Tokarev), ktor\u00e1 pracuje s bohat\u00fdm empirick\u00fdm materi\u00e1lom; na druhej strane z\u00e1padn\u00e1 religionistick\u00e1 fenomenol\u00f3gia (Eliade, Pentik\u00e4inen), ktor\u00e1 h\u013ead\u00e1 v\u0161eobecn\u00e9 n\u00e1bo\u017eensk\u00e9 \u0161trukt\u00fary.<\/p><p>Obe \u0161koly sa navz\u00e1jom dopl\u0148uj\u00fa, bez toho, aby sa \u00faplne prekr\u00fdvali. Roberte Hamayon toto nap\u00e4tie explicitne pomenovala v diele <em>La chasse \u00e0 l&#8217;\u00e2me<\/em> (1990) a zasadzovala sa za tret\u00ed, soci\u00e1lno-ekonomicky podlo\u017een\u00fd v\u00fdklad.<\/p><p>Andrei Znamenski systematicky rozpracoval v svojich dielach od roku 2003 metodologick\u00e9 probl\u00e9my v\u00fdskumu <span class=\"iwg-fachbegriff\" data-tooltip=\"N\u00e1bo\u017eensk\u00fd syst\u00e9m, v ktorom \u0161pecialisti komunikuj\u00fa so svetom duchov.\" tabindex=\"0\">\u0161amanizmu<\/span>: Ko\u013eko z v\u00fdskumn\u00e9ho obrazu je efektom samotn\u00e9ho v\u00fdskumu? Tento reflex\u00edvny obrat charakterizuje dnes aj v\u00fdskum \u00dclgena. Pre mlad\u00fdch religionistov je to in\u0161trukt\u00edvny pr\u00edklad.<\/p>\t\t\t\t\t\t\t\t<\/div>\n\t\t\t\t<\/div>\n\t\t\t\t\t<\/div>\n\t\t\t\t<\/div>\n\t\t<div class=\"elementor-element elementor-element-cp2bb9b29e e-flex e-con-boxed e-con e-parent\" data-id=\"cp2bb9b29e\" data-element_type=\"container\" data-e-type=\"container\">\n\t\t\t\t\t<div class=\"e-con-inner\">\n\t\t\t\t<div class=\"elementor-element elementor-element-cp26f84b97 elementor-widget elementor-widget-heading\" data-id=\"cp26f84b97\" data-element_type=\"widget\" data-e-type=\"widget\" data-widget_type=\"heading.default\">\n\t\t\t\t\t<h2 class=\"elementor-heading-title elementor-size-default\">\u00dclgen v n\u00e1bo\u017eenstve altajsk\u00fdch Turkov: pramene a zaznamen\u00e1vatelia<\/h2>\t\t\t\t<\/div>\n\t\t<div class=\"elementor-element elementor-element-cp237ddc15 e-flex e-con-boxed e-con e-child\" data-id=\"cp237ddc15\" data-element_type=\"container\" data-e-type=\"container\">\n\t\t\t\t\t<div class=\"e-con-inner\">\n\t\t\t\t<div class=\"elementor-element elementor-element-cp28067a54 elementor-widget elementor-widget-text-editor\" data-id=\"cp28067a54\" data-element_type=\"widget\" data-e-type=\"widget\" data-widget_type=\"text-editor.default\">\n\t\t\t\t\t\t\t\t\t<p><span class=\"iwg-fachbegriff\" data-tooltip=\"Bytos\u0165 uctievan\u00e1 ako bo\u017esk\u00e1 v r\u00e1mci n\u00e1bo\u017eenstva.\" tabindex=\"0\">Bo\u017estvo<\/span> \u00dclgen, v prepise aj <em>\u00dclg\u00e4n<\/em> alebo <em>Bai \u00dclgen<\/em>, je zn\u00e1me predov\u0161etk\u00fdm z n\u00e1bo\u017eenstva turkicky hovoriacich n\u00e1rodov pohoria Altaj. Za najd\u00f4le\u017eitej\u0161ie popisy v\u010fa\u010d\u00edme etnografii 19. a za\u010diatku 20. storo\u010dia.<\/p><p>Osobitn\u00fd v\u00fdznam maj\u00fa pr\u00e1ce b\u00e1date\u013ea Wilhelma Radloffa a mision\u00e1ra a jazykovedca Wassiliho Werbizk\u00e9ho, ktor\u00ed v 19. storo\u010d\u00ed p\u00f4sobili medzi Altajcami a zbierali texty, modlitby a popisy ritu\u00e1lnej praxe.<\/p><p>V t\u00fdchto prame\u0148och sa \u00dclgen jav\u00ed ako vysok\u00fd, dobroprajn\u00fd nebesk\u00fd boh, ktor\u00fd s\u00eddli v jednej z horn\u00fdch vrstiev neba. V mnoh\u00fdch podaniach stoj\u00ed proti nemu Erlik, p\u00e1n podsvetia. \u00dclgen je sp\u00e1jan\u00fd so stvoren\u00edm, plodnos\u0165ou, dobytkom a blahobytom \u013eud\u00ed.<\/p><p>Na rozdiel od vzdialen\u00e9ho, ne\u010dinn\u00e9ho nebesk\u00e9ho boha bol \u00dclgen adres\u00e1tom konkr\u00e9tnych ritu\u00e1lov; prin\u00e1\u0161ali sa mu zvieracie obety, najm\u00e4 kone, a \u0161amansk\u00fd \u0161pecialista s n\u00edm nadv\u00e4zoval kontakt prostredn\u00edctvom ritu\u00e1lnych spevov.<\/p><p>Pri pou\u017e\u00edvan\u00ed t\u00fdchto prame\u0148ov treba ma\u0165 na pam\u00e4ti, \u017ee Werbizki bol mision\u00e1r a altajsk\u00e9 n\u00e1bo\u017eenstvo posudzoval z kres\u0165anskej perspekt\u00edvy, k\u00fdm Radloff sa zameriaval viac na jazykovedn\u00e9 a etnografick\u00e9 h\u013eadisko. Obaja navy\u0161e dokumentovali n\u00e1bo\u017eenstvo, ktor\u00e9 u\u017e bolo ovplyvnen\u00e9 kontaktom s buddhizmom, kres\u0165anstvom a ruskou nadvl\u00e1dou.<\/p><p>Niektor\u00ed b\u00e1datelia sa v dualistickom protiklade \u00dclgena a Erlika dokonca domnievali, \u017ee ide o mo\u017en\u00fd ir\u00e1nsko-zoroastrovsk\u00fd alebo kres\u0165ansk\u00fd vplyv. T\u00e1to ot\u00e1zka nie je definit\u00edvne zodpovedan\u00e1, ale upozor\u0148uje na to, \u017ee sa nem\u00e1 tradovan\u00fd obraz \u00dclgena bez presk\u00famania pova\u017eova\u0165 za prastar\u00fd a nepoznamenan\u00fd vplyvmi. Pr\u00edbuzn\u00e9 nebesk\u00e9 bo\u017estva poznaj\u00fa aj susedn\u00e9 <a href=\"https:\/\/iwell-guard.com\/sk\/sibirsky-samanizmus-tengrizmus\/\">stredo\u00e1zijsk\u00e9 kult\u00fary<\/a>.<\/p>\t\t\t\t\t\t\t\t<\/div>\n\t\t\t\t\t<\/div>\n\t\t\t\t<\/div>\n\t\t\t\t\t<\/div>\n\t\t\t\t<\/div>\n\t\t<div class=\"elementor-element elementor-element-cp299b431d e-flex e-con-boxed e-con e-parent\" data-id=\"cp299b431d\" data-element_type=\"container\" data-e-type=\"container\">\n\t\t\t\t\t<div class=\"e-con-inner\">\n\t\t\t\t<div class=\"elementor-element elementor-element-cp206c9790 elementor-widget elementor-widget-heading\" data-id=\"cp206c9790\" data-element_type=\"widget\" data-e-type=\"widget\" data-widget_type=\"heading.default\">\n\t\t\t\t\t<h2 class=\"elementor-heading-title elementor-size-default\">\u0160amansk\u00e1 cesta na nebesia k \u00dclgenovi: ritu\u00e1lny text v detaile<\/h2>\t\t\t\t<\/div>\n\t\t<div class=\"elementor-element elementor-element-cp262fe7ef e-flex e-con-boxed e-con e-child\" data-id=\"cp262fe7ef\" data-element_type=\"container\" data-e-type=\"container\">\n\t\t\t\t\t<div class=\"e-con-inner\">\n\t\t\t\t<div class=\"elementor-element elementor-element-cp213fcfa0 elementor-widget elementor-widget-text-editor\" data-id=\"cp213fcfa0\" data-element_type=\"widget\" data-e-type=\"widget\" data-widget_type=\"text-editor.default\">\n\t\t\t\t\t\t\t\t\t<p>K najpozoruhodnej\u0161\u00edm svedectv\u00e1m altajsk\u00e9ho n\u00e1bo\u017eenstva patr\u00ed popis ritu\u00e1lnej cesty na nebesia k \u00dclgenovi, ako ju okrem in\u00fdch zaznamenal Wilhelm Radloff a ako sa jej nesk\u00f4r podrobne venoval religionista Mircea Eliade vo svojej \u0161t\u00fadii o <span class=\"iwg-fachbegriff\" data-tooltip=\"N\u00e1bo\u017eensk\u00fd syst\u00e9m, v ktorom sa \u0161pecialisti st\u00fdkaj\u00fa so svetom duchov.\" tabindex=\"0\">\u0161amanizme<\/span>. <span class=\"iwg-fachbegriff\" data-tooltip=\"Usporiadan\u00fd sled symbolick\u00fdch \u00fakonov s n\u00e1bo\u017eensk\u00fdm alebo kult\u00farnym v\u00fdznamom.\" tabindex=\"0\">Ritu\u00e1l<\/span> sl\u00fa\u017eil na prinesenie konskej obety \u00dclgenovi a mal zabezpe\u010di\u0165 jeho priaze\u0148 pre spolo\u010denstvo.<\/p><p>Postup, ako je zachyten\u00fd v prame\u0148och, je viacstup\u0148ov\u00fd. Po pr\u00edprav\u00e1ch, medzi ktor\u00e9 patril v\u00fdber a ritu\u00e1lne o\u0161etrenie obetn\u00e9ho zviera\u0165a, \u0161amansk\u00fd \u0161pecialista symbolicky vystupoval po rade z\u00e1rezov vyrezan\u00fdch do brezy, ktor\u00e9 predstavovali jednotliv\u00e9, na sebe nasleduj\u00face vrstvy neba.<\/p><p>V ritu\u00e1lnych spevoch opisoval v\u00fdstup z vrstvy do vrstvy, po\u010das cesty sa stret\u00e1val s rozli\u010dn\u00fdmi bytos\u0165ami a nakoniec sa pribl\u00ed\u017eil k s\u00eddlu \u00dclgena. V tomto bode predkladal prosby spolo\u010denstva a z jeho odpoved\u00ed sa sna\u017eil z\u00edska\u0165 inform\u00e1cie o bud\u00facnosti, napr\u00edklad o nadch\u00e1dzaj\u00facej \u00farode alebo o rozmno\u017een\u00ed st\u00e1d.<\/p><p>Pri hodnoten\u00ed tohto podania je vhodn\u00e1 obozretnos\u0165. Text, ktor\u00fd zaznamenal Radloff, je konkr\u00e9tne predvedenie viazan\u00e9 na ur\u010dit\u00e9 miesto a \u010das, nie nad\u010dasov\u00fd scen\u00e1r. Eliade ho zov\u0161eobecnil ako vzorov\u00fd pr\u00edklad \u0161amanskej nebeskej cesty, neskor\u0161ie b\u00e1danie v\u0161ak jeho sklon k zjednocovaniu kritizovalo.<\/p><p>M\u00f4\u017eeme kon\u0161tatova\u0165, \u017ee \u00dclgen nebol v altajskej praxi len teologickou predstavou, ale cie\u013eom n\u00e1ro\u010dn\u00e9ho ritu\u00e1lneho \u00fakonu, v ktorom sa konkr\u00e9tne inscenovalo vrstvenie neba a v\u00fdstup \u0161pecialistu.<\/p>\t\t\t\t\t\t\t\t<\/div>\n\t\t\t\t\t<\/div>\n\t\t\t\t<\/div>\n\t\t\t\t\t<\/div>\n\t\t\t\t<\/div>\n\t\t<div class=\"elementor-element elementor-element-cp25359e9f e-flex e-con-boxed e-con e-parent\" data-id=\"cp25359e9f\" data-element_type=\"container\" data-e-type=\"container\">\n\t\t\t\t\t<div class=\"e-con-inner\">\n\t\t\t\t<div class=\"elementor-element elementor-element-cp239a60e9 elementor-widget elementor-widget-heading\" data-id=\"cp239a60e9\" data-element_type=\"widget\" data-e-type=\"widget\" data-widget_type=\"heading.default\">\n\t\t\t\t\t<h2 class=\"elementor-heading-title elementor-size-default\">\u00dclgen a Erlik: dualistick\u00fd vz\u0165ah a jeho v\u00fdklady<\/h2>\t\t\t\t<\/div>\n\t\t<div class=\"elementor-element elementor-element-cp2c94b71a e-flex e-con-boxed e-con e-child\" data-id=\"cp2c94b71a\" data-element_type=\"container\" data-e-type=\"container\">\n\t\t\t\t\t<div class=\"e-con-inner\">\n\t\t\t\t<div class=\"elementor-element elementor-element-cp27d463c9 elementor-widget elementor-widget-text-editor\" data-id=\"cp27d463c9\" data-element_type=\"widget\" data-e-type=\"widget\" data-widget_type=\"text-editor.default\">\n\t\t\t\t\t\t\t\t\t<p>Charakteristick\u00fdm znakom tradovan\u00e9ho obrazu \u00dclgena je jeho \u00fazke spojenie s protikladnou postavou <a href=\"https:\/\/iwell-guard.com\/sk\/sibirsky-samanizmus-tengrizmus\/\">Erlika<\/a>. V mnoh\u00fdch altajsk\u00fdch rozpr\u00e1vaniach vystupuj\u00fa obaja ako dopl\u0148uj\u00faca sa dvojica: \u00dclgen hore na nebi, spojen\u00fd so svetlom, stvoren\u00edm a \u017eivotom, Erlik dole, spojen\u00fd s podsvet\u00edm, chorobou a smr\u0165ou.<\/p><p>Niektor\u00e9 stvorite\u013esk\u00e9 rozpr\u00e1vania nech\u00e1vaj\u00fa na stvoren\u00ed sveta spolupracova\u0165 oboch, pri\u010dom Erlikov podiel \u010dasto do sveta prin\u00e1\u0161a nedokonal\u00e9 alebo \u0161kodliv\u00e9 prvky.<\/p><p>Tento dualistick\u00fd vz\u0165ah sa stal predmetom intenz\u00edvneho b\u00e1dania. Jedna z ot\u00e1zok znie, \u010di je v\u00fdrazn\u00fd dualizmus p\u00f4vodn\u00fdm rysom altajsk\u00e9ho n\u00e1bo\u017eenstva, alebo \u010di bol zosilnen\u00fd kontaktmi s dualistick\u00fdmi n\u00e1bo\u017eensk\u00fdmi syst\u00e9mami, napr\u00edklad so zoroastrovsk\u00fdmi predstavami prostredn\u00edctvom stredo\u00e1zijsk\u00fdch obchodn\u00fdch ciest, alebo s kres\u0165ansk\u00fdmi predstavami o Bohu a diablovi vplyvom ruskej misie.<\/p><p>Jednozna\u010dn\u00e1 odpove\u010f nie je mo\u017en\u00e1, preto\u017ee pramene poch\u00e1dzaj\u00fa a\u017e z \u010dias, ke\u010f tak\u00e9to kontakty u\u017e d\u00e1vno existovali.<\/p><p>D\u00f4le\u017eit\u00e9 je tie\u017e, \u017ee protiklad medzi \u00dclgenom a Erlikom by sa nemal ch\u00e1pa\u0165 zjednodu\u0161ene ako boj dobra so zlom. V mnoh\u00fdch rozpr\u00e1vaniach nie je Erlik \u010dist\u00fdm protivn\u00edkom, ale nevyhnutnou s\u00fa\u010das\u0165ou svetov\u00e9ho poriadku, s ktorou sa muselo po\u010d\u00edta\u0165 rovnako ako s \u00dclgenom.<\/p><p>\u0160amansk\u00ed \u0161pecialisti sa st\u00fdkali tak s horn\u00fdm, ako aj s doln\u00fdm svetom. Vz\u0165ah medzi oboma mocami je preto vhodnej\u0161ie pop\u00edsa\u0165 ako nap\u00e4t\u00fa komplementaritu ne\u017e ako mor\u00e1lny dualizmus. Pre ch\u00e1panie \u00dclgena z toho vypl\u00fdva, \u017ee jeho v\u00fdznam sa plne odha\u013euje a\u017e v protiklade s Erlikom: je nebesk\u00fdm p\u00f3lom dvojp\u00f3lov\u00e9ho v\u00fdkladu sveta.<\/p>\t\t\t\t\t\t\t\t<\/div>\n\t\t\t\t\t<\/div>\n\t\t\t\t<\/div>\n\t\t\t\t\t<\/div>\n\t\t\t\t<\/div>\n\t\t<div class=\"elementor-element elementor-element-iwgw-uelgen-lit e-flex e-con-boxed e-con e-parent\" data-id=\"iwgw-uelgen-lit\" data-element_type=\"container\" data-e-type=\"container\">\n\t\t\t\t\t<div class=\"e-con-inner\">\n\t\t\t\t<div class=\"elementor-element elementor-element-iwgw-uelgen-lith elementor-widget elementor-widget-heading\" data-id=\"iwgw-uelgen-lith\" data-element_type=\"widget\" data-e-type=\"widget\" data-widget_type=\"heading.default\">\n\t\t\t\t\t<h2 class=\"elementor-heading-title elementor-size-default\">Literat\u00fara (v\u00fdber)<\/h2>\t\t\t\t<\/div>\n\t\t<div class=\"elementor-element elementor-element-iwgw-uelgen-litc e-con-full e-flex e-con e-child\" data-id=\"iwgw-uelgen-litc\" data-element_type=\"container\" data-e-type=\"container\">\n\t\t\t\t<div class=\"elementor-element elementor-element-iwgw-uelgen-litt elementor-widget elementor-widget-text-editor\" data-id=\"iwgw-uelgen-litt\" data-element_type=\"widget\" data-e-type=\"widget\" data-widget_type=\"text-editor.default\">\n\t\t\t\t\t\t\t\t\t<ul><li>A. V. Anochin: <em>Materi\u00e1ly k <span class=\"iwg-fachbegriff\" data-tooltip=\"N\u00e1bo\u017eensk\u00fd syst\u00e9m, v ktorom sa \u0161pecialisti st\u00fdkaj\u00fa so svetom duchov.\" tabindex=\"0\">\u0161amanizmu<\/span> Altajcov<\/em> (1924)<\/li><li>L. P. Potapov: <em>Altaiskij \u0161amanizm<\/em> (1991)<\/li><li>Mircea Eliade: <em>Le chamanisme<\/em> (1951)<\/li><li>Vladimir Basilov: <em>Shamanism in Siberia<\/em> (1984)<\/li><li>Juha Pentik\u00e4inen: <em>Shamanism and Culture<\/em> (1998)<\/li><li>Andrei Znamenski: <em>Shamanism and Western Imagination<\/em> (2007)<\/li><li>Roberte Hamayon: <em>La chasse \u00e0 l&#8217;\u00e2me<\/em> (1990)<\/li><\/ul>\t\t\t\t\t\t\t\t<\/div>\n\t\t\t\t<\/div>\n\t\t\t\t\t<\/div>\n\t\t\t\t<\/div>\n\t\t<div class=\"elementor-element elementor-element-iwgkw-add-uelgen e-flex e-con-boxed e-con e-parent\" data-id=\"iwgkw-add-uelgen\" data-element_type=\"container\" data-e-type=\"container\">\n\t\t\t\t\t<div class=\"e-con-inner\">\n\t\t\t\t<div class=\"elementor-element elementor-element-iwgkw-add-uelgen-t elementor-widget elementor-widget-text-editor\" data-id=\"iwgkw-add-uelgen-t\" data-element_type=\"widget\" data-e-type=\"widget\" data-widget_type=\"text-editor.default\">\n\t\t\t\t\t\t\t\t\t<p>Altajsk\u00fd boh svetla sa v prame\u0148och uv\u00e1dza v dvoch be\u017en\u00fdch prepisoch: <strong>\u00dclgen<\/strong> v turkologickej \u0161tandardnej forme a <strong>Uelgen<\/strong> v nemecky p\u00edsan\u00fdch textoch bez osobitn\u00fdch znakov.<\/p><p>Oba z\u00e1pisy ozna\u010duj\u00fa t\u00fa ist\u00fa bytos\u0165, ktor\u00e1 sa v z\u00e1piskoch Wilhelma Radloffa a v neskor\u0161om sib\u00edrskom religionistickom v\u00fdskume objavuje ako stvorite\u013e horn\u00e9ho svet a protiklad podsvetn\u00e9ho Erlika. Dvojit\u00e9 p\u00edsanie u\u013eah\u010duje vyh\u013ead\u00e1vanie v star\u0161\u00edch bibliografi\u00e1ch a v digit\u00e1lnych katal\u00f3goch, kde sa prehl\u00e1sky sprac\u00favaj\u00fa r\u00f4zne.<\/p>\t\t\t\t\t\t\t\t<\/div>\n\t\t\t\t\t<\/div>\n\t\t\t\t<\/div>\n\t\t<div class=\"elementor-element elementor-element-iwgkw2-add-uelgen e-flex e-con-boxed e-con e-parent\" data-id=\"iwgkw2-add-uelgen\" data-element_type=\"container\" data-e-type=\"container\">\n\t\t\t\t\t<div class=\"e-con-inner\">\n\t\t\t\t<div class=\"elementor-element elementor-element-iwgkw2-add-uelgen-t elementor-widget elementor-widget-text-editor\" data-id=\"iwgkw2-add-uelgen-t\" data-element_type=\"widget\" data-e-type=\"widget\" data-widget_type=\"text-editor.default\">\n\t\t\t\t\t\t\t\t\t<p><em>Altajsk\u00fd<\/em> mytologick\u00fd pr\u00edbeh o stvoren\u00ed pozn\u00e1 \u00dclgena ako svetl\u00e9ho nebesk\u00e9ho p\u00e1na horn\u00e9ho sveta, ktor\u00e9ho protivn\u00edk Erlik vl\u00e1dne podsvetiu; etnografick\u00e9 z\u00e1pisky Wilhelma Radloffa z dev\u00e4tn\u00e1steho storo\u010dia podrobne dokumentuj\u00fa toto <span class=\"iwg-fachbegriff\" data-tooltip=\"S\u00fabor v\u0161etk\u00fdch bohov ur\u010dit\u00e9ho n\u00e1bo\u017eenstva alebo kult\u00fary.\" tabindex=\"0\">pante\u00f3n<\/span>.<\/p>\t\t\t\t\t\t\t\t<\/div>\n\t\t\t\t\t<\/div>\n\t\t\t\t<\/div>\n\t\t<div class=\"elementor-element elementor-element-iwgw-uelgen-kwd e-flex e-con-boxed e-con e-parent\" data-id=\"iwgw-uelgen-kwd\" data-element_type=\"container\" data-e-type=\"container\">\n\t\t\t\t\t<div class=\"e-con-inner\">\n\t\t<div class=\"elementor-element elementor-element-iwgw-uelgen-kwdc e-con-full e-flex e-con e-child\" data-id=\"iwgw-uelgen-kwdc\" data-element_type=\"container\" data-e-type=\"container\">\n\t\t\t\t<div class=\"elementor-element elementor-element-iwgw-uelgen-kwdt elementor-widget elementor-widget-text-editor\" data-id=\"iwgw-uelgen-kwdt\" data-element_type=\"widget\" data-e-type=\"widget\" data-widget_type=\"text-editor.default\">\n\t\t\t\t\t\t\t\t\t<p><em>S\u00favisiace k\u013e\u00fa\u010dov\u00e9 pojmy: \u00dclgen, Aq Kam, bieli \u0161amani, dev\u00e4\u0165 nebies, altajsk\u00e9 stvorenie.<\/em><\/p>\t\t\t\t\t\t\t\t<\/div>\n\t\t\t\t<\/div>\n\t\t\t\t\t<\/div>\n\t\t\t\t<\/div>\n\t\t<div class=\"elementor-element elementor-element-iwgw-uelgen-cc e-flex e-con-boxed e-con e-parent\" data-id=\"iwgw-uelgen-cc\" data-element_type=\"container\" data-e-type=\"container\" id=\"iwg-cc-uelgen\">\n\t\t\t\t\t<div class=\"e-con-inner\">\n\t\t<div class=\"elementor-element elementor-element-iwgw-uelgen-ccinner e-flex e-con-boxed e-con e-parent\" data-id=\"iwgw-uelgen-ccinner\" data-element_type=\"container\" data-e-type=\"container\" data-settings=\"{&quot;background_background&quot;:&quot;classic&quot;}\">\n\t\t\t\t\t<div class=\"e-con-inner\">\n\t\t\t\t<div class=\"elementor-element elementor-element-iwgw-uelgen-cch elementor-widget elementor-widget-heading\" data-id=\"iwgw-uelgen-cch\" data-element_type=\"widget\" data-e-type=\"widget\" data-widget_type=\"heading.default\">\n\t\t\t\t\t<h2 class=\"elementor-heading-title elementor-size-default\">iWell Guard a ochrann\u00e9 trad\u00edcie<\/h2>\t\t\t\t<\/div>\n\t\t\t\t<div class=\"elementor-element elementor-element-iwgw-uelgen-cct elementor-widget elementor-widget-text-editor\" data-id=\"iwgw-uelgen-cct\" data-element_type=\"widget\" data-e-type=\"widget\" data-widget_type=\"text-editor.default\">\n\t\t\t\t\t\t\t\t\t<div data-nosnippet=\"true\"><p>iWell Guard sa nadv\u00e4zuje na kult\u00farno-historick\u00fa trad\u00edciu prenosn\u00fdch ochrann\u00fdch predmetov, v trad\u00edcii <a href=\"https:\/\/iwell-guard.com\/sk\/sibirsky-samanizmus-tengrizmus\/\">Sib\u00edri \/ tengrizmu<\/a> a mnoh\u00fdch \u010fal\u0161\u00edch kult\u00far po celom svete. 41 vrstiev, prav\u00e9 zlato, platina, striebro, vyroben\u00e9 v Nemecku. 30-d\u0148ov\u00e1 mo\u017enos\u0165 vr\u00e1tenia.<\/p><\/div>\t\t\t\t\t\t\t\t<\/div>\n\t\t\t\t<div class=\"elementor-element elementor-element-iwgw-uelgen-ccb iwg-cc-button iwg-cc-cta-2026-05-13 elementor-widget elementor-widget-jet-button\" data-id=\"iwgw-uelgen-ccb\" data-element_type=\"widget\" data-e-type=\"widget\" data-widget_type=\"jet-button.default\">\n\t\t\t\t<div class=\"elementor-widget-container\">\n\t\t\t\t\t<div class=\"elementor-jet-button jet-elements\"><div class=\"jet-button__container\"><a class=\"jet-button__instance jet-button__instance--icon-left hover-effect-1\" href=\"\/ueber-iwell-guard\/?utm_source=iwell-guard.com&amp;utm_medium=info-box&amp;utm_campaign=wesen-tradition\"><div class=\"jet-button__plane jet-button__plane-normal\"><\/div><div class=\"jet-button__plane jet-button__plane-hover\"><\/div><div class=\"jet-button__state jet-button__state-normal\"><span class=\"jet-button__label\">Viac o iWell Guard<\/span><\/div><div class=\"jet-button__state jet-button__state-hover\"><span class=\"jet-button__label\">Viac o iWell Guard<\/span><\/div><\/a><\/div><\/div><style>.elementor-element.elementor-element-iwgw-uelgen-ccb .jet-button__instance{width:320px;height:56px;}.elementor-element.elementor-element-iwgw-uelgen-ccb .jet-button__state-normal .jet-button__label{text-align:center;margin:0px 0px 0px 0px;color:#1a1b20;font-family:Montserrat,sans-serif;font-size:13px;font-weight:400;letter-spacing:4px;line-height:1.714em;text-transform:uppercase;}.elementor-element.elementor-element-iwgw-uelgen-ccb .jet-button__state-hover .jet-button__label{text-align:center;margin:0px 0px 0px 0px;color:#FECC76;font-family:Montserrat,sans-serif;font-size:13px;font-weight:400;letter-spacing:4px;line-height:1.714em;text-transform:uppercase;}.elementor-element.elementor-element-iwgw-uelgen-ccb .jet-button__plane-normal{background-color:#FECC76;border-style:solid;border-color:#C99540;border-width:2px 2px 2px 2px;}.elementor-element.elementor-element-iwgw-uelgen-ccb .jet-button__plane-hover{background-color:rgba(0,0,0,0.55);border-style:solid;border-color:#FECC76;border-width:2px 2px 2px 2px;}<\/style>\t\t\t\t<\/div>\n\t\t\t\t<\/div>\n\t\t\t\t<div class=\"elementor-element elementor-element-iwgw-uelgen-ccd elementor-widget elementor-widget-text-editor\" data-id=\"iwgw-uelgen-ccd\" data-element_type=\"widget\" data-e-type=\"widget\" data-widget_type=\"text-editor.default\">\n\t\t\t\t\t\t\t\t\t<div data-nosnippet=\"true\"><p style=\"text-align:center;font-size:13px;opacity:0.7;margin-top:14px\" data-nosnippet=\"true\">Osobn\u00e9 sk\u00fasenosti sa m\u00f4\u017eu l\u00ed\u0161i\u0165. Nie je to zdravotn\u00edcka pom\u00f4cka. \u017diadny pr\u00eds\u013eub lie\u010denia.<\/p><\/div>\t\t\t\t\t\t\t\t<\/div>\n\t\t\t\t\t<\/div>\n\t\t\t\t<\/div>\n\t\t\t\t\t<\/div>\n\t\t\t\t<\/div>\n\t\t<div class=\"elementor-element elementor-element-iwgw-uelgen-disc e-flex e-con-boxed e-con e-parent\" data-id=\"iwgw-uelgen-disc\" data-element_type=\"container\" data-e-type=\"container\">\n\t\t\t\t\t<div class=\"e-con-inner\">\n\t\t\t\t<div class=\"elementor-element elementor-element-iwgw-uelgen-discw elementor-widget elementor-widget-html\" data-id=\"iwgw-uelgen-discw\" data-element_type=\"widget\" data-e-type=\"widget\" data-widget_type=\"html.default\">\n\t\t\t\t\t<footer data-nosnippet=\"true\" class=\"iwg-disclaimer-block\"><p data-nosnippet=\"true\">iWell Guard <strong>nie je zdravotn\u00edcka pom\u00f4cka<\/strong> a nenahr\u00e1dza lek\u00e1rske ani psychoterapeutick\u00e9 o\u0161etrenie. Religionistick\u00fd obsah predstavuje kult\u00farno-historick\u00e9 zaradenie, nie odpor\u00fa\u010danie duchovnej praxe.<\/p><\/footer>\t\t\t\t<\/div>\n\t\t\t\t\t<\/div>\n\t\t\t\t<\/div>\n\t\t\t\t<\/div>\n\t\t","protected":false},"excerpt":{"rendered":"","protected":false},"author":3,"featured_media":2858,"parent":0,"menu_order":0,"comment_status":"closed","ping_status":"closed","template":"elementor_header_footer","meta":{"_yoast_wpseo_focuskw":"\u00dclgen boh svetla Altaj","_yoast_wpseo_title":"\u00dclgen \u2013 altajsk\u00fd boh svetla, stvorenie a pramene","_yoast_wpseo_metadesc":"\u00dclgen je v juhosib\u00edrskom tengrizme stvorite\u013e a boh svetla hornej sf\u00e9ry. Zaradenie s m\u00fdtom a kultom.","_yoast_wpseo_meta-robots-noindex":"","_yoast_wpseo_canonical":"","_angie_page":false,"gefaehrdungsstufe":"1","wesen_kultur":"sibirisch-tengrismus","wesen_klasse":"goetter","footnotes":""},"categories":[],"class_list":["post-157974","page","type-page","status-publish","has-post-thumbnail","hentry"],"yoast_head":"<!-- This site is optimized with the Yoast SEO Premium plugin v27.7 (Yoast SEO v28.3) - https:\/\/yoast.com\/product\/yoast-seo-premium-wordpress\/ -->\n<title>\u00dclgen \u2013 altajsk\u00fd boh svetla, stvorenie a pramene<\/title>\n<meta name=\"description\" content=\"\u00dclgen je v juhosib\u00edrskom tengrizme stvorite\u013e a boh svetla hornej sf\u00e9ry. Zaradenie s m\u00fdtom a kultom.\" \/>\n<meta name=\"robots\" content=\"index, follow, max-snippet:-1, max-image-preview:large, max-video-preview:-1\" \/>\n<link rel=\"canonical\" href=\"https:\/\/iwell-guard.com\/sk\/ulgen-boh-svetla-altajcov\/\" \/>\n<meta property=\"og:locale\" content=\"sk_SK\" \/>\n<meta property=\"og:type\" content=\"article\" \/>\n<meta property=\"og:title\" content=\"\u00dclgen \u2013 boh svetla Altajcov\" \/>\n<meta property=\"og:description\" content=\"\u00dclgen je v juhosib\u00edrskom tengrizme stvorite\u013e a boh svetla hornej sf\u00e9ry. Zaradenie s m\u00fdtom a kultom.\" \/>\n<meta property=\"og:url\" content=\"https:\/\/iwell-guard.com\/sk\/ulgen-boh-svetla-altajcov\/\" \/>\n<meta property=\"og:site_name\" content=\"iWell Guard\" \/>\n<meta property=\"article:modified_time\" content=\"2026-09-04T22:47:26+00:00\" \/>\n<meta property=\"og:image\" content=\"https:\/\/iwell-guard.com\/wp-content\/uploads\/2026\/05\/goetter_sibirisch-tengrismus_uelgen.webp\" \/>\n\t<meta property=\"og:image:width\" content=\"1024\" \/>\n\t<meta property=\"og:image:height\" content=\"1536\" \/>\n\t<meta property=\"og:image:type\" content=\"image\/webp\" \/>\n<meta name=\"twitter:card\" content=\"summary_large_image\" \/>\n<script type=\"application\/ld+json\" class=\"yoast-schema-graph\">{\"@context\":\"https:\\\/\\\/schema.org\",\"@graph\":[{\"@type\":\"WebPage\",\"@id\":\"https:\\\/\\\/iwell-guard.com\\\/sk\\\/ulgen-boh-svetla-altajcov\\\/\",\"url\":\"https:\\\/\\\/iwell-guard.com\\\/sk\\\/ulgen-boh-svetla-altajcov\\\/\",\"name\":\"\u00dclgen \u2013 altajsk\u00fd boh svetla, stvorenie a pramene\",\"isPartOf\":{\"@id\":\"https:\\\/\\\/iwell-guard.com\\\/sk\\\/#website\"},\"primaryImageOfPage\":{\"@id\":\"https:\\\/\\\/iwell-guard.com\\\/sk\\\/ulgen-boh-svetla-altajcov\\\/#primaryimage\"},\"image\":{\"@id\":\"https:\\\/\\\/iwell-guard.com\\\/sk\\\/ulgen-boh-svetla-altajcov\\\/#primaryimage\"},\"thumbnailUrl\":\"https:\\\/\\\/iwell-guard.com\\\/wp-content\\\/uploads\\\/2026\\\/05\\\/goetter_sibirisch-tengrismus_uelgen.webp\",\"datePublished\":\"2026-09-04T22:20:14+00:00\",\"dateModified\":\"2026-09-04T22:47:26+00:00\",\"description\":\"\u00dclgen je v juhosib\u00edrskom tengrizme stvorite\u013e a boh svetla hornej sf\u00e9ry. Zaradenie s m\u00fdtom a kultom.\",\"breadcrumb\":{\"@id\":\"https:\\\/\\\/iwell-guard.com\\\/sk\\\/ulgen-boh-svetla-altajcov\\\/#breadcrumb\"},\"inLanguage\":\"sk-SK\",\"potentialAction\":[{\"@type\":\"ReadAction\",\"target\":[\"https:\\\/\\\/iwell-guard.com\\\/sk\\\/ulgen-boh-svetla-altajcov\\\/\"]}]},{\"@type\":\"ImageObject\",\"inLanguage\":\"sk-SK\",\"@id\":\"https:\\\/\\\/iwell-guard.com\\\/sk\\\/ulgen-boh-svetla-altajcov\\\/#primaryimage\",\"url\":\"https:\\\/\\\/iwell-guard.com\\\/wp-content\\\/uploads\\\/2026\\\/05\\\/goetter_sibirisch-tengrismus_uelgen.webp\",\"contentUrl\":\"https:\\\/\\\/iwell-guard.com\\\/wp-content\\\/uploads\\\/2026\\\/05\\\/goetter_sibirisch-tengrismus_uelgen.webp\",\"width\":1024,\"height\":1536,\"caption\":\"Bohovia z trad\u00edcie sib\u00edrskeho tengrizmu.\"},{\"@type\":\"BreadcrumbList\",\"@id\":\"https:\\\/\\\/iwell-guard.com\\\/sk\\\/ulgen-boh-svetla-altajcov\\\/#breadcrumb\",\"itemListElement\":[{\"@type\":\"ListItem\",\"position\":1,\"name\":\"Start\",\"item\":\"https:\\\/\\\/iwell-guard.com\\\/sk\\\/?page_id=157572\"},{\"@type\":\"ListItem\",\"position\":2,\"name\":\"\u00dclgen \u2013 boh svetla Altajcov\"}]},{\"@type\":\"WebSite\",\"@id\":\"https:\\\/\\\/iwell-guard.com\\\/sk\\\/#website\",\"url\":\"https:\\\/\\\/iwell-guard.com\\\/sk\\\/\",\"name\":\"iWell Guard\",\"description\":\"Schutz vor dunklen Einfl\u00fcssen\",\"publisher\":{\"@id\":\"https:\\\/\\\/iwell-guard.com\\\/sk\\\/#organization\"},\"potentialAction\":[{\"@type\":\"SearchAction\",\"target\":{\"@type\":\"EntryPoint\",\"urlTemplate\":\"https:\\\/\\\/iwell-guard.com\\\/sk\\\/?s={search_term_string}\"},\"query-input\":{\"@type\":\"PropertyValueSpecification\",\"valueRequired\":true,\"valueName\":\"search_term_string\"}}],\"inLanguage\":\"sk-SK\"},{\"@type\":\"Organization\",\"@id\":\"https:\\\/\\\/iwell-guard.com\\\/sk\\\/#organization\",\"name\":\"Ittermann electronic GmbH\",\"url\":\"https:\\\/\\\/iwell-guard.com\\\/sk\\\/\",\"logo\":{\"@type\":\"ImageObject\",\"inLanguage\":\"sk-SK\",\"@id\":\"https:\\\/\\\/iwell-guard.com\\\/sk\\\/#\\\/schema\\\/logo\\\/image\\\/\",\"url\":\"https:\\\/\\\/iwell-guard.com\\\/wp-content\\\/uploads\\\/2026\\\/05\\\/Ittermann-Logo-1182x237-1.png\",\"contentUrl\":\"https:\\\/\\\/iwell-guard.com\\\/wp-content\\\/uploads\\\/2026\\\/05\\\/Ittermann-Logo-1182x237-1.png\",\"width\":1182,\"height\":237,\"caption\":\"Ittermann electronic GmbH\"},\"image\":{\"@id\":\"https:\\\/\\\/iwell-guard.com\\\/sk\\\/#\\\/schema\\\/logo\\\/image\\\/\"},\"sameAs\":[\"https:\\\/\\\/pantip.com\\\/profile\\\/9367242\",\"https:\\\/\\\/micro.blog\\\/iwellguard\",\"https:\\\/\\\/www.diggerslist.com\\\/iwellguard\\\/about\",\"https:\\\/\\\/skitterphoto.com\\\/photographers\\\/2870314\\\/iwell-guard\",\"https:\\\/\\\/iwellguard.wordpress.com\\\/2026\\\/06\\\/06\\\/iwell-guard\\\/\",\"https:\\\/\\\/hub.docker.com\\\/u\\\/iwellguard\",\"https:\\\/\\\/www.pinterest.com\\\/iwellguard\\\/\",\"https:\\\/\\\/bit.ly\\\/m\\\/iwellguard\",\"https:\\\/\\\/entre-vos-mains.alsace.eu\\\/profiles\\\/iwellguard\\\/activity\",\"https:\\\/\\\/gravatar.com\\\/reallybeded8fd34\",\"https:\\\/\\\/naijamatta.com\\\/iwellguard\",\"https:\\\/\\\/www.goodreads.com\\\/iwellguard\",\"https:\\\/\\\/profile.hatena.ne.jp\\\/iwellguard\\\/\",\"https:\\\/\\\/experiment.com\\\/users\\\/iwellguard\",\"https:\\\/\\\/wakelet.com\\\/@iWellGuard82270\",\"https:\\\/\\\/www.chordie.com\\\/forum\\\/profile.php?id=2555664\",\"https:\\\/\\\/www.instapaper.com\\\/p\\\/17757966\",\"https:\\\/\\\/www.mapleprimes.com\\\/users\\\/iwellguard\",\"https:\\\/\\\/businesslistingplus.com\\\/profile\\\/iwell-guard\\\/\",\"https:\\\/\\\/telegra.ph\\\/iWell-Guard-06-06\",\"https:\\\/\\\/pbase.com\\\/iwellguard\\\/iwellguard\",\"https:\\\/\\\/b.hatena.ne.jp\\\/iwellguard\\\/20260607#bookmark-4788405196491818882\",\"https:\\\/\\\/fliphtml5.com\\\/home\\\/iwellguard\",\"https:\\\/\\\/anyflip.com\\\/homepage\\\/cmiwl#About\",\"https:\\\/\\\/transfur.com\\\/Users\\\/iwellguard\",\"http:\\\/\\\/delphi.larsbo.org\\\/user\\\/iwellguard\",\"https:\\\/\\\/jobs.lajobsportal.org\\\/profiles\\\/8380803-iwell-guard\",\"https:\\\/\\\/md.chaosdorf.de\\\/s\\\/jfbe5SBdJD\",\"https:\\\/\\\/www.lingvolive.com\\\/en-us\\\/profile\\\/9ecaeaca-ce11-4e51-9e71-01d55e2bff36\\\/translations\",\"https:\\\/\\\/www.fitday.com\\\/fitness\\\/forums\\\/members\\\/iwellguard.html\",\"https:\\\/\\\/www.mymeetbook.com\\\/iwellguard\",\"https:\\\/\\\/pxhere.com\\\/en\\\/photographer-me\\\/5040798\",\"https:\\\/\\\/disqus.com\\\/by\\\/iwellguard\\\/about\\\/\",\"https:\\\/\\\/pastelink.net\\\/hjwciqwq\",\"https:\\\/\\\/pubhtml5.com\\\/homepage\\\/scjhn\\\/\",\"https:\\\/\\\/www.bitchute.com\\\/channel\\\/2O2eOKzNqujT\",\"https:\\\/\\\/audiomack.com\\\/iwellguard\"]},{\"@type\":\"Article\",\"@id\":\"https:\\\/\\\/iwell-guard.com\\\/sk\\\/ulgen-boh-svetla-altajcov\\\/#article\",\"isPartOf\":{\"@id\":\"https:\\\/\\\/iwell-guard.com\\\/sk\\\/ulgen-boh-svetla-altajcov\\\/\"},\"author\":{\"name\":\"Ralf Ittermann\",\"@id\":\"https:\\\/\\\/iwell-guard.com\\\/sk\\\/#\\\/schema\\\/person\\\/ee2a27f1cac3406c7c6fb5820cb7349f\"},\"headline\":\"\u00dclgen \u2013 boh svetla Altajcov\",\"datePublished\":\"2026-09-04T22:20:14+00:00\",\"dateModified\":\"2026-09-04T22:47:26+00:00\",\"mainEntityOfPage\":{\"@id\":\"https:\\\/\\\/iwell-guard.com\\\/sk\\\/ulgen-boh-svetla-altajcov\\\/\"},\"publisher\":{\"@id\":\"https:\\\/\\\/iwell-guard.com\\\/sk\\\/#organization\"},\"image\":{\"@id\":\"https:\\\/\\\/iwell-guard.com\\\/sk\\\/ulgen-boh-svetla-altajcov\\\/#primaryimage\"},\"thumbnailUrl\":\"https:\\\/\\\/iwell-guard.com\\\/wp-content\\\/uploads\\\/2026\\\/05\\\/goetter_sibirisch-tengrismus_uelgen.webp\",\"inLanguage\":\"sk-SK\",\"description\":\"\u00dclgen je v juhosib\u00edrskom tengrizme stvorite\u013e a boh svetla hornej sf\u00e9ry. Zaradenie s m\u00fdtom a kultom.\"}]}<\/script>\n<!-- \/ Yoast SEO Premium plugin. -->","yoast_head_json":{"title":"\u00dclgen \u2013 altajsk\u00fd boh svetla, stvorenie a pramene","description":"\u00dclgen je v juhosib\u00edrskom tengrizme stvorite\u013e a boh svetla hornej sf\u00e9ry. Zaradenie s m\u00fdtom a kultom.","robots":{"index":"index","follow":"follow","max-snippet":"max-snippet:-1","max-image-preview":"max-image-preview:large","max-video-preview":"max-video-preview:-1"},"canonical":"https:\/\/iwell-guard.com\/sk\/ulgen-boh-svetla-altajcov\/","og_locale":"sk_SK","og_type":"article","og_title":"\u00dclgen \u2013 boh svetla Altajcov","og_description":"\u00dclgen je v juhosib\u00edrskom tengrizme stvorite\u013e a boh svetla hornej sf\u00e9ry. Zaradenie s m\u00fdtom a kultom.","og_url":"https:\/\/iwell-guard.com\/sk\/ulgen-boh-svetla-altajcov\/","og_site_name":"iWell Guard","article_modified_time":"2026-09-04T22:47:26+00:00","og_image":[{"width":1024,"height":1536,"url":"https:\/\/iwell-guard.com\/wp-content\/uploads\/2026\/05\/goetter_sibirisch-tengrismus_uelgen.webp","type":"image\/webp"}],"twitter_card":"summary_large_image","schema":{"@context":"https:\/\/schema.org","@graph":[{"@type":"Article","@id":"https:\/\/iwell-guard.com\/sk\/ulgen-boh-svetla-altajcov\/#article","isPartOf":{"@id":"https:\/\/iwell-guard.com\/sk\/ulgen-boh-svetla-altajcov\/"},"author":{"name":"Ralf Ittermann","@id":"https:\/\/iwell-guard.com\/sk\/#\/schema\/person\/ee2a27f1cac3406c7c6fb5820cb7349f"},"headline":"\u00dclgen \u2013 boh svetla Altajcov","datePublished":"2026-09-04T22:20:14+00:00","dateModified":"2026-09-04T22:47:26+00:00","mainEntityOfPage":{"@id":"https:\/\/iwell-guard.com\/sk\/ulgen-boh-svetla-altajcov\/"},"publisher":{"@id":"https:\/\/iwell-guard.com\/sk\/#organization"},"image":{"@id":"https:\/\/iwell-guard.com\/sk\/ulgen-boh-svetla-altajcov\/#primaryimage"},"thumbnailUrl":"https:\/\/iwell-guard.com\/wp-content\/uploads\/2026\/05\/goetter_sibirisch-tengrismus_uelgen.webp","inLanguage":"sk-SK","description":"\u00dclgen je v juhosib\u00edrskom tengrizme stvorite\u013e a boh svetla hornej sf\u00e9ry. Zaradenie s m\u00fdtom a kultom."},{"@type":"WebPage","@id":"https:\/\/iwell-guard.com\/sk\/ulgen-boh-svetla-altajcov\/","url":"https:\/\/iwell-guard.com\/sk\/ulgen-boh-svetla-altajcov\/","name":"\u00dclgen \u2013 altajsk\u00fd boh svetla, stvorenie a pramene","isPartOf":{"@id":"https:\/\/iwell-guard.com\/sk\/#website"},"primaryImageOfPage":{"@id":"https:\/\/iwell-guard.com\/sk\/ulgen-boh-svetla-altajcov\/#primaryimage"},"image":{"@id":"https:\/\/iwell-guard.com\/sk\/ulgen-boh-svetla-altajcov\/#primaryimage"},"thumbnailUrl":"https:\/\/iwell-guard.com\/wp-content\/uploads\/2026\/05\/goetter_sibirisch-tengrismus_uelgen.webp","datePublished":"2026-09-04T22:20:14+00:00","dateModified":"2026-09-04T22:47:26+00:00","description":"\u00dclgen je v juhosib\u00edrskom tengrizme stvorite\u013e a boh svetla hornej sf\u00e9ry. Zaradenie s m\u00fdtom a kultom.","breadcrumb":{"@id":"https:\/\/iwell-guard.com\/sk\/ulgen-boh-svetla-altajcov\/#breadcrumb"},"inLanguage":"sk-SK","potentialAction":[{"@type":"ReadAction","target":["https:\/\/iwell-guard.com\/sk\/ulgen-boh-svetla-altajcov\/"]}]},{"@type":"ImageObject","inLanguage":"sk-SK","@id":"https:\/\/iwell-guard.com\/sk\/ulgen-boh-svetla-altajcov\/#primaryimage","url":"https:\/\/iwell-guard.com\/wp-content\/uploads\/2026\/05\/goetter_sibirisch-tengrismus_uelgen.webp","contentUrl":"https:\/\/iwell-guard.com\/wp-content\/uploads\/2026\/05\/goetter_sibirisch-tengrismus_uelgen.webp","width":1024,"height":1536,"caption":"Bohovia z trad\u00edcie sib\u00edrskeho tengrizmu."},{"@type":"BreadcrumbList","@id":"https:\/\/iwell-guard.com\/sk\/ulgen-boh-svetla-altajcov\/#breadcrumb","itemListElement":[{"@type":"ListItem","position":1,"name":"Start","item":"https:\/\/iwell-guard.com\/sk\/?page_id=157572"},{"@type":"ListItem","position":2,"name":"\u00dclgen \u2013 boh svetla Altajcov"}]},{"@type":"WebSite","@id":"https:\/\/iwell-guard.com\/sk\/#website","url":"https:\/\/iwell-guard.com\/sk\/","name":"iWell Guard","description":"Schutz vor dunklen Einfl\u00fcssen","publisher":{"@id":"https:\/\/iwell-guard.com\/sk\/#organization"},"potentialAction":[{"@type":"SearchAction","target":{"@type":"EntryPoint","urlTemplate":"https:\/\/iwell-guard.com\/sk\/?s={search_term_string}"},"query-input":{"@type":"PropertyValueSpecification","valueRequired":true,"valueName":"search_term_string"}}],"inLanguage":"sk-SK"},{"@type":"Organization","@id":"https:\/\/iwell-guard.com\/sk\/#organization","name":"Ittermann electronic GmbH","url":"https:\/\/iwell-guard.com\/sk\/","logo":{"@type":"ImageObject","inLanguage":"sk-SK","@id":"https:\/\/iwell-guard.com\/sk\/#\/schema\/logo\/image\/","url":"https:\/\/iwell-guard.com\/wp-content\/uploads\/2026\/05\/Ittermann-Logo-1182x237-1.png","contentUrl":"https:\/\/iwell-guard.com\/wp-content\/uploads\/2026\/05\/Ittermann-Logo-1182x237-1.png","width":1182,"height":237,"caption":"Ittermann electronic GmbH"},"image":{"@id":"https:\/\/iwell-guard.com\/sk\/#\/schema\/logo\/image\/"},"sameAs":["https:\/\/pantip.com\/profile\/9367242","https:\/\/micro.blog\/iwellguard","https:\/\/www.diggerslist.com\/iwellguard\/about","https:\/\/skitterphoto.com\/photographers\/2870314\/iwell-guard","https:\/\/iwellguard.wordpress.com\/2026\/06\/06\/iwell-guard\/","https:\/\/hub.docker.com\/u\/iwellguard","https:\/\/www.pinterest.com\/iwellguard\/","https:\/\/bit.ly\/m\/iwellguard","https:\/\/entre-vos-mains.alsace.eu\/profiles\/iwellguard\/activity","https:\/\/gravatar.com\/reallybeded8fd34","https:\/\/naijamatta.com\/iwellguard","https:\/\/www.goodreads.com\/iwellguard","https:\/\/profile.hatena.ne.jp\/iwellguard\/","https:\/\/experiment.com\/users\/iwellguard","https:\/\/wakelet.com\/@iWellGuard82270","https:\/\/www.chordie.com\/forum\/profile.php?id=2555664","https:\/\/www.instapaper.com\/p\/17757966","https:\/\/www.mapleprimes.com\/users\/iwellguard","https:\/\/businesslistingplus.com\/profile\/iwell-guard\/","https:\/\/telegra.ph\/iWell-Guard-06-06","https:\/\/pbase.com\/iwellguard\/iwellguard","https:\/\/b.hatena.ne.jp\/iwellguard\/20260607#bookmark-4788405196491818882","https:\/\/fliphtml5.com\/home\/iwellguard","https:\/\/anyflip.com\/homepage\/cmiwl#About","https:\/\/transfur.com\/Users\/iwellguard","http:\/\/delphi.larsbo.org\/user\/iwellguard","https:\/\/jobs.lajobsportal.org\/profiles\/8380803-iwell-guard","https:\/\/md.chaosdorf.de\/s\/jfbe5SBdJD","https:\/\/www.lingvolive.com\/en-us\/profile\/9ecaeaca-ce11-4e51-9e71-01d55e2bff36\/translations","https:\/\/www.fitday.com\/fitness\/forums\/members\/iwellguard.html","https:\/\/www.mymeetbook.com\/iwellguard","https:\/\/pxhere.com\/en\/photographer-me\/5040798","https:\/\/disqus.com\/by\/iwellguard\/about\/","https:\/\/pastelink.net\/hjwciqwq","https:\/\/pubhtml5.com\/homepage\/scjhn\/","https:\/\/www.bitchute.com\/channel\/2O2eOKzNqujT","https:\/\/audiomack.com\/iwellguard"]},{"@type":"Person","@id":"https:\/\/iwell-guard.com\/sk\/#\/schema\/person\/ee2a27f1cac3406c7c6fb5820cb7349f","name":"Ralf Ittermann","image":{"@type":"ImageObject","inLanguage":"sk-SK","@id":"https:\/\/secure.gravatar.com\/avatar\/073c0153e350a5005b68eb752b445fea71f6b24a26da9449ad7e155e6b446c9d?s=96&d=mm&r=g","url":"https:\/\/secure.gravatar.com\/avatar\/073c0153e350a5005b68eb752b445fea71f6b24a26da9449ad7e155e6b446c9d?s=96&d=mm&r=g","contentUrl":"https:\/\/secure.gravatar.com\/avatar\/073c0153e350a5005b68eb752b445fea71f6b24a26da9449ad7e155e6b446c9d?s=96&d=mm&r=g","caption":"Ralf Ittermann"},"givenName":"Ralf","familyName":"Ittermann","jobTitle":"Gesch\u00e4ftsf\u00fchrer und redaktioneller Verantwortlicher","url":"https:\/\/iwell-guard.com\/sk\/author\/claude\/","description":"Ralf Ittermann ist Gesch\u00e4ftsf\u00fchrer der Ittermann electronic GmbH und redaktioneller Verantwortlicher des iWell-Guard-Lexikons. Er verbindet langj\u00e4hrige Erfahrung in der Pr\u00e4zisionsfertigung mit medialer Praxis und religionsgeschichtlicher Quellenarbeit.","worksFor":{"@type":"Organization","name":"Ittermann electronic GmbH","url":"https:\/\/ittermann.de\/","address":{"@type":"PostalAddress","streetAddress":"K\u00f6hlergasse 16-18","postalCode":"99842","addressLocality":"Ruhla","addressCountry":"DE"}},"knowsAbout":["Religionsgeschichte","Mythologie","Mediale Praxis","Energetische Diagnostik","Schutzpraxis","Volksglauben","Westliche Esoterik"]},{"@type":"Article","@id":"https:\/\/iwell-guard.com\/sk\/ulgen-boh-svetla-altajcov\/#article","isPartOf":{"@id":"https:\/\/iwell-guard.com\/sk\/ulgen-boh-svetla-altajcov\/"},"author":{"name":"Ralf Ittermann","@id":"https:\/\/iwell-guard.com\/sk\/#\/schema\/person\/ee2a27f1cac3406c7c6fb5820cb7349f"},"headline":"\u00dclgen \u2013 boh svetla Altajcov","datePublished":"2026-09-04T22:20:14+00:00","dateModified":"2026-09-04T22:47:26+00:00","mainEntityOfPage":{"@id":"https:\/\/iwell-guard.com\/sk\/ulgen-boh-svetla-altajcov\/"},"publisher":{"@id":"https:\/\/iwell-guard.com\/sk\/#organization"},"image":{"@id":"https:\/\/iwell-guard.com\/sk\/ulgen-boh-svetla-altajcov\/#primaryimage"},"thumbnailUrl":"https:\/\/iwell-guard.com\/wp-content\/uploads\/2026\/05\/goetter_sibirisch-tengrismus_uelgen.webp","inLanguage":"sk-SK","description":"\u00dclgen je v juhosib\u00edrskom tengrizme stvorite\u013e a boh svetla hornej sf\u00e9ry. Zaradenie s m\u00fdtom a kultom."}]}},"_links":{"self":[{"href":"https:\/\/iwell-guard.com\/sk\/wp-json\/wp\/v2\/pages\/157974","targetHints":{"allow":["GET"]}}],"collection":[{"href":"https:\/\/iwell-guard.com\/sk\/wp-json\/wp\/v2\/pages"}],"about":[{"href":"https:\/\/iwell-guard.com\/sk\/wp-json\/wp\/v2\/types\/page"}],"author":[{"embeddable":true,"href":"https:\/\/iwell-guard.com\/sk\/wp-json\/wp\/v2\/users\/3"}],"replies":[{"embeddable":true,"href":"https:\/\/iwell-guard.com\/sk\/wp-json\/wp\/v2\/comments?post=157974"}],"version-history":[{"count":0,"href":"https:\/\/iwell-guard.com\/sk\/wp-json\/wp\/v2\/pages\/157974\/revisions"}],"wp:featuredmedia":[{"embeddable":true,"href":"https:\/\/iwell-guard.com\/sk\/wp-json\/wp\/v2\/media\/2858"}],"wp:attachment":[{"href":"https:\/\/iwell-guard.com\/sk\/wp-json\/wp\/v2\/media?parent=157974"}],"wp:term":[{"taxonomy":"category","embeddable":true,"href":"https:\/\/iwell-guard.com\/sk\/wp-json\/wp\/v2\/categories?post=157974"}],"curies":[{"name":"wp","href":"https:\/\/api.w.org\/{rel}","templated":true}]}}