{"id":157973,"date":"2026-09-04T22:20:14","date_gmt":"2026-09-04T22:20:14","guid":{"rendered":"https:\/\/iwell-guard.com\/?page_id=157973"},"modified":"2026-09-04T22:47:26","modified_gmt":"2026-09-04T22:47:26","slug":"erlik-khan-vladca-podsvetia-altajcov","status":"publish","type":"page","link":"https:\/\/iwell-guard.com\/sk\/erlik-khan-vladca-podsvetia-altajcov\/","title":{"rendered":"Erlik Khan \u2013 vl\u00e1dca podsvetia Altajcov"},"content":{"rendered":"\t\t<div data-elementor-type=\"wp-page\" data-elementor-id=\"157973\" class=\"elementor elementor-157973 elementor-2636 elementor-bc-flex-widget\" data-elementor-post-type=\"page\">\n\t\t\t\t<div class=\"elementor-element elementor-element-iwgw-erlikkhan-hero e-flex e-con-boxed e-con e-parent\" data-id=\"iwgw-erlikkhan-hero\" data-element_type=\"container\" data-e-type=\"container\" data-settings=\"{&quot;background_background&quot;:&quot;classic&quot;}\">\n\t\t\t\t\t<div class=\"e-con-inner\">\n\t\t<div class=\"elementor-element elementor-element-iwgw-erlikkhan-hl e-flex e-con-boxed e-con e-child\" data-id=\"iwgw-erlikkhan-hl\" data-element_type=\"container\" data-e-type=\"container\">\n\t\t\t\t\t<div class=\"e-con-inner\">\n\t\t<div class=\"elementor-element elementor-element-iwgw-erlikkhan-htxt e-con-full e-flex e-con e-child\" data-id=\"iwgw-erlikkhan-htxt\" data-element_type=\"container\" data-e-type=\"container\">\n\t\t\t\t<div class=\"elementor-element elementor-element-iwgw-erlikkhan-h1 elementor-widget elementor-widget-heading\" data-id=\"iwgw-erlikkhan-h1\" data-element_type=\"widget\" data-e-type=\"widget\" data-widget_type=\"heading.default\">\n\t\t\t\t\t<h1 class=\"elementor-heading-title elementor-size-default\">Erlik Khan, altajsko-sib\u00edrsky p\u00e1n podsvetia a protivn\u00edk \u00dclgena<\/h1>\t\t\t\t<\/div>\n\t\t\t\t<div class=\"elementor-element elementor-element-iwgw-erlikkhan-lead elementor-widget elementor-widget-text-editor\" data-id=\"iwgw-erlikkhan-lead\" data-element_type=\"widget\" data-e-type=\"widget\" data-widget_type=\"text-editor.default\">\n\t\t\t\t\t\t\t\t\t<p>Erlik Khan je v juhosib\u00edrskom tengrizme vl\u00e1dcom podsvetia a m\u00fdtick\u00fdm protivn\u00edkom boha svetla <a href=\"https:\/\/iwell-guard.com\/sk\/?page_id=157974\">\u00dclgena<\/a>. Z\u00e1rove\u0148 predstavuje smr\u0165 a chorobu, ale aj potrebn\u00fa, usporiadan\u00fa temn\u00fa str\u00e1nku svet\u0430.<\/p>\t\t\t\t\t\t\t\t<\/div>\n\t\t\t\t<\/div>\n\t\t<div class=\"elementor-element elementor-element-iwgw-erlikkhan-pillc e-con-full e-flex e-con e-child\" data-id=\"iwgw-erlikkhan-pillc\" data-element_type=\"container\" data-e-type=\"container\">\n\t\t\t\t<div class=\"elementor-element elementor-element-iwgw-erlikkhan-pills elementor-widget elementor-widget-html\" data-id=\"iwgw-erlikkhan-pills\" data-element_type=\"widget\" data-e-type=\"widget\" data-widget_type=\"html.default\">\n\t\t\t\t\t<div class=\"iwg-pill-row\"><span class=\"iwg-klasse-badge\" tabindex=\"0\" data-tooltip=\"\u0160kodliv\u00e1 bytos\u0165 trad\u00edcie Sib\u00edr \/ tengrizmus.\">\u0160kodliv\u00e1 bytos\u0165<\/span><a href=\"https:\/\/iwell-guard.com\/sk\/sibirsky-samanizmus-tengrizmus\/\" class=\"iwg-kultur-badge\" tabindex=\"0\" data-tooltip=\"Mytol\u00f3gia trad\u00edcie Sib\u00edr \/ tengrizmus.\">Sib\u00edr \/ tengrizmus<\/a><span class=\"iwg-tradition-badge\" tabindex=\"0\" data-tooltip=\"Boh podsvetia.\">Boh podsvetia<\/span><\/div>\t\t\t\t<\/div>\n\t\t\t\t<\/div>\n\t\t<div class=\"elementor-element elementor-element-iwgw-erlikkhan-tocc e-con-full e-flex e-con e-child\" data-id=\"iwgw-erlikkhan-tocc\" data-element_type=\"container\" data-e-type=\"container\">\n\t\t\t\t<div class=\"elementor-element elementor-element-iwgw-erlikkhan-toc elementor-toc--minimized-on-tablet elementor-widget elementor-widget-table-of-contents\" data-id=\"iwgw-erlikkhan-toc\" data-element_type=\"widget\" data-e-type=\"widget\" data-settings=\"{&quot;headings_by_tags&quot;:[&quot;h2&quot;,&quot;h3&quot;],&quot;minimize_box&quot;:&quot;yes&quot;,&quot;marker_view&quot;:&quot;bullets&quot;,&quot;no_headings_message&quot;:&quot;Na tejto str\\u00e1nke sa nena\\u0161li \\u017eiadne nadpisy.&quot;,&quot;exclude_headings_by_selector&quot;:[],&quot;icon&quot;:{&quot;value&quot;:&quot;fas fa-circle&quot;,&quot;library&quot;:&quot;fa-solid&quot;,&quot;rendered_tag&quot;:&quot;&lt;svg class=\\&quot;e-font-icon-svg e-fas-circle\\&quot; viewBox=\\&quot;0 0 512 512\\&quot; xmlns=\\&quot;http:\\\/\\\/www.w3.org\\\/2000\\\/svg\\&quot;&gt;&lt;path d=\\&quot;M256 8C119 8 8 119 8 256s111 248 248 248 248-111 248-248S393 8 256 8z\\&quot;&gt;&lt;\\\/path&gt;&lt;\\\/svg&gt;&quot;},&quot;minimized_on&quot;:&quot;tablet&quot;,&quot;hierarchical_view&quot;:&quot;yes&quot;,&quot;min_height&quot;:{&quot;unit&quot;:&quot;px&quot;,&quot;size&quot;:&quot;&quot;,&quot;sizes&quot;:[]},&quot;min_height_tablet&quot;:{&quot;unit&quot;:&quot;px&quot;,&quot;size&quot;:&quot;&quot;,&quot;sizes&quot;:[]},&quot;min_height_mobile&quot;:{&quot;unit&quot;:&quot;px&quot;,&quot;size&quot;:&quot;&quot;,&quot;sizes&quot;:[]}}\" data-widget_type=\"table-of-contents.default\">\n\t\t\t\t\t\t\t\t\t<div class=\"elementor-toc__header\">\n\t\t\t\t\t\t<h2 class=\"elementor-toc__header-title\">\n\t\t\t\tObsah\t\t\t<\/h2>\n\t\t\t\t\t\t\t\t\t\t<div class=\"elementor-toc__toggle-button elementor-toc__toggle-button--expand\" role=\"button\" tabindex=\"0\" aria-controls=\"elementor-toc__iwgw-erlikkhan-toc\" aria-expanded=\"true\" aria-label=\"Open table of contents\"><svg aria-hidden=\"true\" class=\"e-font-icon-svg e-fas-chevron-down\" viewBox=\"0 0 448 512\" xmlns=\"http:\/\/www.w3.org\/2000\/svg\"><path d=\"M207.029 381.476L12.686 187.132c-9.373-9.373-9.373-24.569 0-33.941l22.667-22.667c9.357-9.357 24.522-9.375 33.901-.04L224 284.505l154.745-154.021c9.379-9.335 24.544-9.317 33.901.04l22.667 22.667c9.373 9.373 9.373 24.569 0 33.941L240.971 381.476c-9.373 9.372-24.569 9.372-33.942 0z\"><\/path><\/svg><\/div>\n\t\t\t\t<div class=\"elementor-toc__toggle-button elementor-toc__toggle-button--collapse\" role=\"button\" tabindex=\"0\" aria-controls=\"elementor-toc__iwgw-erlikkhan-toc\" aria-expanded=\"true\" aria-label=\"Close table of contents\"><svg aria-hidden=\"true\" class=\"e-font-icon-svg e-fas-chevron-up\" viewBox=\"0 0 448 512\" xmlns=\"http:\/\/www.w3.org\/2000\/svg\"><path d=\"M240.971 130.524l194.343 194.343c9.373 9.373 9.373 24.569 0 33.941l-22.667 22.667c-9.357 9.357-24.522 9.375-33.901.04L224 227.495 69.255 381.516c-9.379 9.335-24.544 9.317-33.901-.04l-22.667-22.667c-9.373-9.373-9.373-24.569 0-33.941L207.03 130.525c9.372-9.373 24.568-9.373 33.941-.001z\"><\/path><\/svg><\/div>\n\t\t\t\t\t<\/div>\n\t\t\t\t<div id=\"elementor-toc__iwgw-erlikkhan-toc\" class=\"elementor-toc__body\">\n\t\t\t<div class=\"elementor-toc__spinner-container\">\n\t\t\t\t<svg class=\"elementor-toc__spinner eicon-animation-spin e-font-icon-svg e-eicon-loading\" aria-hidden=\"true\" viewBox=\"0 0 1000 1000\" xmlns=\"http:\/\/www.w3.org\/2000\/svg\"><path d=\"M500 975V858C696 858 858 696 858 500S696 142 500 142 142 304 142 500H25C25 237 238 25 500 25S975 237 975 500 763 975 500 975Z\"><\/path><\/svg>\t\t\t<\/div>\n\t\t<\/div>\n\t\t\t\t\t\t<\/div>\n\t\t\t\t<\/div>\n\t\t\t\t\t<\/div>\n\t\t\t\t<\/div>\n\t\t<div class=\"elementor-element elementor-element-iwgw-erlikkhan-hr e-con-full e-flex e-con e-child\" data-id=\"iwgw-erlikkhan-hr\" data-element_type=\"container\" data-e-type=\"container\">\n\t\t\t\t<div class=\"elementor-element elementor-element-iwgw-erlikkhan-heroimg iwg-hero-image elementor-widget elementor-widget-image\" data-id=\"iwgw-erlikkhan-heroimg\" data-element_type=\"widget\" data-e-type=\"widget\" data-widget_type=\"image.default\">\n\t\t\t\t\t\t\t\t\t\t\t\t\t\t\t<img fetchpriority=\"high\" decoding=\"async\" width=\"683\" height=\"1024\" src=\"https:\/\/iwell-guard.com\/wp-content\/uploads\/2026\/05\/daemonen_sibirisch-tengrismus_erlik-khan-683x1024.webp\" class=\"attachment-large size-large wp-image-159794\" alt=\"Erlik Khan - d\u00e9moni z trad\u00edcie sib\u00edrskeho tengrizmu, historicko-ilustra\u010dn\u00e9\" srcset=\"https:\/\/iwell-guard.com\/wp-content\/uploads\/2026\/05\/daemonen_sibirisch-tengrismus_erlik-khan-683x1024.webp 683w, https:\/\/iwell-guard.com\/wp-content\/uploads\/2026\/05\/daemonen_sibirisch-tengrismus_erlik-khan-200x300.webp 200w, https:\/\/iwell-guard.com\/wp-content\/uploads\/2026\/05\/daemonen_sibirisch-tengrismus_erlik-khan-768x1152.webp 768w, https:\/\/iwell-guard.com\/wp-content\/uploads\/2026\/05\/daemonen_sibirisch-tengrismus_erlik-khan.webp 1024w\" sizes=\"(max-width: 683px) 100vw, 683px\" \/>\t\t\t\t\t\t\t\t\t\t\t\t\t\t\t<\/div>\n\t\t\t\t<\/div>\n\t\t\t\t\t<\/div>\n\t\t\t\t<\/div>\n\t\t\t\t<section class=\"elementor-section elementor-top-section elementor-element elementor-element-sec-iwgcomp2-erlik-khan elementor-section-boxed elementor-section-height-default elementor-section-height-default\" data-id=\"sec-iwgcomp2-erlik-khan\" data-element_type=\"section\" data-e-type=\"section\">\n\t\t\t\t\t\t<div class=\"elementor-container elementor-column-gap-default\">\n\t\t\t\t\t<div class=\"elementor-column elementor-col-100 elementor-top-column elementor-element elementor-element-col-iwgcomp2-erlik-khan\" data-id=\"col-iwgcomp2-erlik-khan\" data-element_type=\"column\" data-e-type=\"column\">\n\t\t\t<div class=\"elementor-widget-wrap elementor-element-populated\">\n\t\t\t\t\t\t<div class=\"elementor-element elementor-element-iwgcomp2-erlik-khan elementor-widget elementor-widget-text-editor\" data-id=\"iwgcomp2-erlik-khan\" data-element_type=\"widget\" data-e-type=\"widget\" data-widget_type=\"text-editor.default\">\n\t\t\t\t\t\t\t\t\t<p>Erlik Khan je <strong>altajsko-sib\u00edrsky<\/strong> boh podsvetia v tengrizme.<\/p>\t\t\t\t\t\t\t\t<\/div>\n\t\t\t\t\t<\/div>\n\t\t<\/div>\n\t\t\t\t\t<\/div>\n\t\t<\/section>\n\t\t\t\t<section class=\"elementor-section elementor-top-section elementor-element elementor-element-sec-iwgcomp-erlik-khan elementor-section-boxed elementor-section-height-default elementor-section-height-default\" data-id=\"sec-iwgcomp-erlik-khan\" data-element_type=\"section\" data-e-type=\"section\">\n\t\t\t\t\t\t<div class=\"elementor-container elementor-column-gap-default\">\n\t\t\t\t\t<div class=\"elementor-column elementor-col-100 elementor-top-column elementor-element elementor-element-col-iwgcomp-erlik-khan\" data-id=\"col-iwgcomp-erlik-khan\" data-element_type=\"column\" data-e-type=\"column\">\n\t\t\t<div class=\"elementor-widget-wrap elementor-element-populated\">\n\t\t\t\t\t\t<div class=\"elementor-element elementor-element-iwgcomp-erlik-khan elementor-widget elementor-widget-text-editor\" data-id=\"iwgcomp-erlik-khan\" data-element_type=\"widget\" data-e-type=\"widget\" data-widget_type=\"text-editor.default\">\n\t\t\t\t\t\t\t\t\t<p>Erlik Khan, <strong>altajsk\u00fd boh podsvetia<\/strong>, vl\u00e1dne nad mrtvymi a podzemn\u00fdm svetom tengristicko-\u0161amanskej <span class=\"iwg-fachbegriff\" data-tooltip=\"S\u00fabor tradovan\u00fdch pr\u00edbehov o bohoch v danej kult\u00fare.\" tabindex=\"0\">mytol\u00f3gie<\/span>.<\/p>\t\t\t\t\t\t\t\t<\/div>\n\t\t\t\t\t<\/div>\n\t\t<\/div>\n\t\t\t\t\t<\/div>\n\t\t<\/section>\n\t\t<div class=\"elementor-element elementor-element-iwgw-erlikkhan-s0 e-flex e-con-boxed e-con e-parent\" data-id=\"iwgw-erlikkhan-s0\" data-element_type=\"container\" data-e-type=\"container\">\n\t\t\t\t\t<div class=\"e-con-inner\">\n\t\t\t\t<div class=\"elementor-element elementor-element-iwgw-erlikkhan-s0h elementor-widget elementor-widget-heading\" data-id=\"iwgw-erlikkhan-s0h\" data-element_type=\"widget\" data-e-type=\"widget\" data-widget_type=\"heading.default\">\n\t\t\t\t\t<h2 class=\"elementor-heading-title elementor-size-default\">Zaradenie a stru\u010dn\u00fd profil<\/h2>\t\t\t\t<\/div>\n\t\t<div class=\"elementor-element elementor-element-iwgw-erlikkhan-s0c e-con-full e-flex e-con e-child\" data-id=\"iwgw-erlikkhan-s0c\" data-element_type=\"container\" data-e-type=\"container\">\n\t\t\t\t<div class=\"elementor-element elementor-element-iwgw-erlikkhan-s0t elementor-widget elementor-widget-text-editor\" data-id=\"iwgw-erlikkhan-s0t\" data-element_type=\"widget\" data-e-type=\"widget\" data-widget_type=\"text-editor.default\">\n\t\t\t\t\t\t\t\t\t<p>Erlik Khan (aj Erlik, Erklik, Erlig, mong. Erlig Khaan) patr\u00ed k najvy\u0161\u0161ej vrstve bohov juhosib\u00edrskeho pante\u00f3nu. V altajskej a tuvinskej viere je p\u00e1nom dolnej r\u00ed\u0161e, nie zlom samotn\u00fdm, ale vymedzenou oblas\u0165ou, v ktorej s\u00eddlia mrtv\u00ed a duchovia moru a hladomoru.<\/p><p>V neskor\u0161ej vrstve sa objavuje ako zdegenerovan\u00e1, zl\u00e1 postava, \u010do je do ve\u013ekej miery d\u00f4sledkom buddhistick\u00e9ho prekrytia v mongolskom prostred\u00ed (Erlig Khaan \u2248 Yama) a kres\u0165ansko-mision\u00e1rskeho zdemonizovania v 18.\/19. storo\u010d\u00ed.<\/p><p>V r\u00e1mci <a href=\"https:\/\/iwell-guard.com\/sk\/sibirsky-samanizmus-tengrizmus\/\">sib\u00edrsko-tengristickej trad\u00edcie<\/a> tvor\u00ed Erlik s <a href=\"https:\/\/iwell-guard.com\/sk\/?page_id=157974\">\u00dclgenom<\/a> dvojicu. Netreba to v\u0161ak ch\u00e1pa\u0165 mor\u00e1lne v zmysle manichejsk\u00e9ho dualizmu, ale sk\u00f4r ako komplement\u00e1rny poriadok hora a dolu, leto a zima, narodenie a smr\u0165. Toto po\u0148atie objasnil A. V. Anochin v diele <em>Materialy k <span class=\"iwg-fachbegriff\" data-tooltip=\"N\u00e1bo\u017eensk\u00fd syst\u00e9m, v ktorom \u0161pecialisti komunikuj\u00fa so svetom duchov.\" tabindex=\"0\">\u0161amanizmu<\/span> Altajcov<\/em> (1924).<\/p><p>N\u00e1bo\u017eenskovedn\u00e1 diskusia o Erlikovi je tak\u00e1 bohat\u00e1 pr\u00e1ve preto, \u017ee na \u0148om exempl\u00e1rne ukazuje, ako mision\u00e1rske vonkaj\u0161ie poh\u013eady dok\u00e1\u017eu skresli\u0165 p\u00f4vodn\u00e9 n\u00e1bo\u017eenstvo. To, \u010do Altajci poznali ako \u201ep\u00e1na doln\u00fdch\u201c, sa prostredn\u00edctvom ruskej ortodoxie a buddhistick\u00fdch prekladov zmenilo na \u201ediabla\u201c, klasick\u00fd pr\u00edklad z oblasti postkolon\u00e1lnych religionistick\u00fdch \u0161t\u00fadi\u00ed.<\/p>\t\t\t\t\t\t\t\t<\/div>\n\t\t\t\t<\/div>\n\t\t\t\t\t<\/div>\n\t\t\t\t<\/div>\n\t\t<div class=\"elementor-element elementor-element-iwgw-erlikkhan-s1 e-flex e-con-boxed e-con e-parent\" data-id=\"iwgw-erlikkhan-s1\" data-element_type=\"container\" data-e-type=\"container\">\n\t\t\t\t\t<div class=\"e-con-inner\">\n\t\t\t\t<div class=\"elementor-element elementor-element-iwgw-erlikkhan-s1h elementor-widget elementor-widget-heading\" data-id=\"iwgw-erlikkhan-s1h\" data-element_type=\"widget\" data-e-type=\"widget\" data-widget_type=\"heading.default\">\n\t\t\t\t\t<h2 class=\"elementor-heading-title elementor-size-default\">Meno a etymol\u00f3gia<\/h2>\t\t\t\t<\/div>\n\t\t<div class=\"elementor-element elementor-element-iwgw-erlikkhan-s1c e-con-full e-flex e-con e-child\" data-id=\"iwgw-erlikkhan-s1c\" data-element_type=\"container\" data-e-type=\"container\">\n\t\t\t\t<div class=\"elementor-element elementor-element-iwgw-erlikkhan-s1t elementor-widget elementor-widget-text-editor\" data-id=\"iwgw-erlikkhan-s1t\" data-element_type=\"widget\" data-e-type=\"widget\" data-widget_type=\"text-editor.default\">\n\t\t\t\t\t\t\t\t\t<p>Meno <em>Erlik<\/em> je starot\u00farkicke a b\u00e1datelia ho obvykle sp\u00e1jaj\u00fa so slovom <em>er<\/em> (\u201emu\u017e, hrdina\u201c); alternat\u00edvny v\u00fdklad ho odvodzuje od kme\u0148a s v\u00fdznamom \u201eodv\u00e1\u017eny, siln\u00fd, panova\u010dn\u00fd\u201c.<\/p><p>V mongol\u010dine sa st\u00e1va <em>Erlig Khaan<\/em>; v buddhistickom prekryt\u00ed sa zlieva s indicko-tibetsk\u00fdm Yamom \/ Shinjem. Toto splynutie podrobne pop\u00edsal Walther Heissig v diele <em>Die Religionen der Mongolei<\/em> (1970).<\/p><p>Titul\u00e1rny pr\u00edvlastok <em>Khan<\/em> ho ozna\u010duje ako vl\u00e1dcu; v altajsk\u00fdch \u0161amansk\u00fdch spevoch sa vol\u00e1 aj <em>Yer-Tine Khan<\/em>, \u201ekr\u00e1\u013e hlbin zeme\u201c. D\u00f4le\u017eit\u00e9 je, \u017ee v p\u00f4vodnom sib\u00edrskom kontexte Erlik nie je diablom v kres\u0165anskom zmysle; kres\u0165ansk\u00ed mision\u00e1ri 19. storo\u010dia (Verbickij a in\u00ed) v\u0161ak tento preklad presadili a b\u00e1danie ho dlho nekrit\u0438\u0447\u0435\u0441\u043a\u0438 prevzalo.<\/p><p>Lingvisticky zauj\u00edmav\u00e9 je mo\u017en\u00e9 spojenie so slovom <em>er-lig<\/em>, \u201emu\u017e mu\u017eov\u201c, \u010do charakterizuje Erlika ako \u201eve\u013ek\u00e9ho mu\u017ea\u201c na druhej strane smrti. V tomto v\u00fdklade by bol menej \u0161kodlivou bytos\u0165ou a viac stelesnen\u00edm nevyhnutnej antropologickej funkcie: smrti ako s\u00fa\u010dasti mu\u017estva.<\/p>\t\t\t\t\t\t\t\t<\/div>\n\t\t\t\t<\/div>\n\t\t\t\t\t<\/div>\n\t\t\t\t<\/div>\n\t\t<div class=\"elementor-element elementor-element-iwgw-erlikkhan-s2 e-flex e-con-boxed e-con e-parent\" data-id=\"iwgw-erlikkhan-s2\" data-element_type=\"container\" data-e-type=\"container\">\n\t\t\t\t\t<div class=\"e-con-inner\">\n\t\t\t\t<div class=\"elementor-element elementor-element-iwgw-erlikkhan-s2h elementor-widget elementor-widget-heading\" data-id=\"iwgw-erlikkhan-s2h\" data-element_type=\"widget\" data-e-type=\"widget\" data-widget_type=\"heading.default\">\n\t\t\t\t\t<h2 class=\"elementor-heading-title elementor-size-default\">Popis a ikonografia<\/h2>\t\t\t\t<\/div>\n\t\t<div class=\"elementor-element elementor-element-iwgw-erlikkhan-s2c e-con-full e-flex e-con e-child\" data-id=\"iwgw-erlikkhan-s2c\" data-element_type=\"container\" data-e-type=\"container\">\n\t\t\t\t<div class=\"elementor-element elementor-element-iwgw-erlikkhan-s2t elementor-widget elementor-widget-text-editor\" data-id=\"iwgw-erlikkhan-s2t\" data-element_type=\"widget\" data-e-type=\"widget\" data-widget_type=\"text-editor.default\">\n\t\t\t\t\t\t\t\t\t<p>Erlik je opisovan\u00fd ako star\u00fd, \u010dernovlas\u00fd mu\u017e s tes\u00e1kmi diviaka, \u017eelezn\u00fdmi paz\u00farmi a palicou z \u013eudsk\u00fdch obratlov.<\/p><p>Jazd\u00ed na \u010diernom byku alebo \u010diernom koni; jeho pal\u00e1c le\u017e\u00ed na brehu pekelnej rieky, kde \u017eije s deviatimi synmi a deviatimi dc\u00e9rami. Altajsk\u00fd \u0161amansk\u00fd bubon ho zobrazuje v dolnej tretine, \u010dasto s obr\u00e1ten\u00fdm slne\u010dn\u00fdm <span class=\"iwg-fachbegriff\" data-tooltip=\"Znak, ktor\u00fd zastupuje predstavu alebo v\u00fdznam.\" tabindex=\"0\">symbolom<\/span>.<\/p><p>T\u00fato ikonografiu klasicky pop\u00edsali Anochin (1924) a N. Dyrenkov\u00e1; nesk\u00f4r ju prevzal Mircea Eliade v diele <em>Le chamanisme<\/em>. Buddhistick\u00e9 prekrytie mu navy\u0161e pris\u00fadilo atrib\u00faty indicko-tibetsk\u00e9ho Yamu: byvolie rohy, lano, zrkadlo skutkov.<\/p><p>V zbierkach Kunstkammer-m\u00fazea (Petrohrad) sa zachovalo viacero altajsk\u00fdch zobrazen\u00ed Erlika, ktor\u00e9 katalogizoval L. P. Potapov vo svojom z\u00e1kladnom diele <em>Altaiskij \u0161amanizm<\/em> (1991). Ukazuj\u00fa pozoruhodn\u00fa ikonografick\u00fa stabilitu po\u010das 200 rokov zberate\u013eskej hist\u00f3rie.<\/p>\t\t\t\t\t\t\t\t<\/div>\n\t\t\t\t<\/div>\n\t\t\t\t\t<\/div>\n\t\t\t\t<\/div>\n\t\t<div class=\"elementor-element elementor-element-iwgw-erlikkhan-s3 e-flex e-con-boxed e-con e-parent\" data-id=\"iwgw-erlikkhan-s3\" data-element_type=\"container\" data-e-type=\"container\">\n\t\t\t\t\t<div class=\"e-con-inner\">\n\t\t\t\t<div class=\"elementor-element elementor-element-iwgw-erlikkhan-s3h elementor-widget elementor-widget-heading\" data-id=\"iwgw-erlikkhan-s3h\" data-element_type=\"widget\" data-e-type=\"widget\" data-widget_type=\"heading.default\">\n\t\t\t\t\t<h2 class=\"elementor-heading-title elementor-size-default\">Mytologick\u00e9 rozpr\u00e1vania<\/h2>\t\t\t\t<\/div>\n\t\t<div class=\"elementor-element elementor-element-iwgw-erlikkhan-s3c e-con-full e-flex e-con e-child\" data-id=\"iwgw-erlikkhan-s3c\" data-element_type=\"container\" data-e-type=\"container\">\n\t\t\t\t<div class=\"elementor-element elementor-element-iwgw-erlikkhan-s3t elementor-widget elementor-widget-text-editor\" data-id=\"iwgw-erlikkhan-s3t\" data-element_type=\"widget\" data-e-type=\"widget\" data-widget_type=\"text-editor.default\">\n\t\t\t\t\t\t\t\t\t<p>Altajsk\u00e1 stvorite\u013esk\u00e1 mytol\u00f3gia rozpr\u00e1va, ako <a href=\"https:\/\/iwell-guard.com\/sk\/?page_id=157974\">\u00dclgen<\/a> chce z prvotn\u00e9ho mora stvori\u0165 zem a po\u017eiada o pomoc Erlika v podobe vt\u00e1ka.<\/p><p>Erlik sa ponor\u00ed, vynesie hlinu na povrch, ale \u010das\u0165 si potajomky nech\u00e1 v \u00fastach; z tohto zvy\u0161ku vznikaj\u00fa bahnisk\u00e1, hory a nakoniec aj Erlik s\u00e1m ako samostatn\u00e1 moc. Nesk\u00f4r sa z p\u00fdchy pok\u00fasi posadi\u0165 sa ved\u013ea \u00dclgena, je vyhnan\u00fd a od tej doby vl\u00e1dne nad doln\u00fdm svetom.<\/p><p>Druh\u00e9 rozpr\u00e1vanie opisuje, ako Erlik rob\u00ed prv\u00fdch \u013eud\u00ed chor\u00fdmi t\u00fdm, \u017ee im \u201evy\u010d\u00edtava\u201c kosti z tela. \u0160amani sa zrodili, aby tieto kosti priniesli sp\u00e4\u0165, m\u00fdtus, ktor\u00fd <span class=\"iwg-fachbegriff\" data-tooltip=\"Patriaci k stanoven\u00e9mu n\u00e1bo\u017eensk\u00e9mu obradov\u00e9mu postupu.\" tabindex=\"0\">ritu\u00e1lne<\/span> zaklad\u00e1 cestu \u0161amana do podsvetia a v Eliadovom modeli <span class=\"iwg-fachbegriff\" data-tooltip=\"N\u00e1bo\u017eensk\u00fd syst\u00e9m, v ktorom \u0161pecialisti komunikuj\u00fa so svetom duchov.\" tabindex=\"0\">\u0161amanizmu<\/span> zauj\u00edma prototypov\u00e9 miesto.<\/p><p>Tretie, menej zn\u00e1me rozpr\u00e1vanie hovor\u00ed, ako sa Erlik v spore o du\u0161e zosnul\u00fdch dohaduje s poslami <a href=\"https:\/\/iwell-guard.com\/sk\/?page_id=157971\">Tengriho<\/a>: kto viedol dobr\u00fd \u017eivot, m\u00f4\u017ee sa vr\u00e1ti\u0165 nahor; kto konal zle, zost\u00e1va u Erlika. Tento moralizuj\u00faci variant je pravdepodobne mlad\u0161ieho (postbuddhistick\u00e9ho) p\u00f4vodu.<\/p>\t\t\t\t\t\t\t\t<\/div>\n\t\t\t\t<\/div>\n\t\t\t\t\t<\/div>\n\t\t\t\t<\/div>\n\t\t<div class=\"elementor-element elementor-element-iwgw-erlikkhan-s4 e-flex e-con-boxed e-con e-parent\" data-id=\"iwgw-erlikkhan-s4\" data-element_type=\"container\" data-e-type=\"container\">\n\t\t\t\t\t<div class=\"e-con-inner\">\n\t\t\t\t<div class=\"elementor-element elementor-element-iwgw-erlikkhan-s4h elementor-widget elementor-widget-heading\" data-id=\"iwgw-erlikkhan-s4h\" data-element_type=\"widget\" data-e-type=\"widget\" data-widget_type=\"heading.default\">\n\t\t\t\t\t<h2 class=\"elementor-heading-title elementor-size-default\">Kult a uctievanie<\/h2>\t\t\t\t<\/div>\n\t\t<div class=\"elementor-element elementor-element-iwgw-erlikkhan-s4c e-con-full e-flex e-con e-child\" data-id=\"iwgw-erlikkhan-s4c\" data-element_type=\"container\" data-e-type=\"container\">\n\t\t\t\t<div class=\"elementor-element elementor-element-iwgw-erlikkhan-s4t elementor-widget elementor-widget-text-editor\" data-id=\"iwgw-erlikkhan-s4t\" data-element_type=\"widget\" data-e-type=\"widget\" data-widget_type=\"text-editor.default\">\n\t\t\t\t\t\t\t\t\t<p>V u\u017e\u0161om zmysle neexistovala \u017eiadna \u201e\u00facta\u201c vo\u010di Erlikovi, sk\u00f4r ritu\u00e1lne vymedzenie vo\u010di nemu. Altajsk\u00ed \u0161amani rozli\u0161ovali medzi <em>aq kam<\/em> (biely <span class=\"iwg-fachbegriff\" data-tooltip=\"N\u00e1bo\u017eensk\u00fd \u0161pecialista, ktor\u00e9mu sa pripisuje sprostredkovanie medzi \u013eu\u010fmi a svetom duchov.\" tabindex=\"0\">\u0161aman<\/span>), ktor\u00fd vystupoval k \u00dclgenovi, a <em>kara kam<\/em> (\u010dierny <span class=\"iwg-fachbegriff\" data-tooltip=\"N\u00e1bo\u017eensk\u00fd \u0161pecialista, ktor\u00e9mu sa pripisuje sprostredkovanie medzi \u013eu\u010fmi a svetom duchov.\" tabindex=\"0\">\u0161aman<\/span>), ktor\u00fd zostupoval k Erlikovi.<\/p><p>Obe povolania sa pova\u017eovali za legit\u00edmne a nevyhnutn\u00e9; etnografick\u00fd opis u Anochina jasne ukazuje, \u017ee \u201e\u010dierny\u201c tu znamen\u00e1 \u201esmeruj\u00faci nadol\u201c, a rozhodne nie \u201ezl\u00fd\u201c.<\/p><p>Pri epid\u00e9mi\u00e1ch, n\u00e1hlych \u00famrtiach alebo strate die\u0165a\u0165a bol privolan\u00fd \u010dierny <span class=\"iwg-fachbegriff\" data-tooltip=\"N\u00e1bo\u017eensk\u00fd \u0161pecialista, ktor\u00e9mu sa pripisuje sprostredkovanie medzi \u013eu\u010fmi a svetom duchov.\" tabindex=\"0\">\u0161aman<\/span>. Po\u010das obradu <span class=\"iwg-fachbegriff\" data-tooltip=\"Patriaci k ust\u00e1len\u00e9mu n\u00e1bo\u017eensk\u00e9mu \u00fakonu.\" tabindex=\"0\">ritu\u00e1lne<\/span> vstupoval do Erlikovej r\u00ed\u0161e, vyjedn\u00e1val s n\u00edm a priv\u00e1dzal sp\u00e4\u0165 \u201eodveden\u00fa du\u0161u\u201c. <span class=\"iwg-fachbegriff\" data-tooltip=\"Dar bo\u017estvu na vyjadrenie v\u010faky, prosby alebo \u00facty.\" tabindex=\"0\">Obeta<\/span> spo\u010d\u00edvala v \u010diernych ovciach alebo ko\u0148och; krv sa lievala do zeme namiesto toho, aby bola venovan\u00e1 slnku.<\/p><p>Za sovietskej \u00e9ry tento <span class=\"iwg-fachbegriff\" data-tooltip=\"S\u00fahrn n\u00e1bo\u017eensk\u00fdch \u00factov\u00fdch \u00fakonov venovan\u00fdch bo\u017estvu alebo posv\u00e4tnej postave.\" tabindex=\"0\">kult<\/span> takmer \u00faplne zanikol; po\u010das altajskej renesancie od roku 1991 za\u017e\u00edva opatrn\u00e9 o\u017eivenie, hoci je ove\u013ea menej vidite\u013en\u00fd ne\u017e kult \u00dclgena, ke\u010f\u017ee Erlik zost\u00e1va v modernom vn\u00edman\u00ed sp\u00e1jan\u00fd s \u201e\u010diernou m\u00e1giou\u201c.<\/p>\t\t\t\t\t\t\t\t<\/div>\n\t\t\t\t<\/div>\n\t\t\t\t\t<\/div>\n\t\t\t\t<\/div>\n\t\t<div class=\"elementor-element elementor-element-iwgw-erlikkhan-s5 e-flex e-con-boxed e-con e-parent\" data-id=\"iwgw-erlikkhan-s5\" data-element_type=\"container\" data-e-type=\"container\">\n\t\t\t\t\t<div class=\"e-con-inner\">\n\t\t\t\t<div class=\"elementor-element elementor-element-iwgw-erlikkhan-s5h elementor-widget elementor-widget-heading\" data-id=\"iwgw-erlikkhan-s5h\" data-element_type=\"widget\" data-e-type=\"widget\" data-widget_type=\"heading.default\">\n\t\t\t\t\t<h2 class=\"elementor-heading-title elementor-size-default\">Ochrann\u00e1 prax a apotropaika<\/h2>\t\t\t\t<\/div>\n\t\t<div class=\"elementor-element elementor-element-iwgw-erlikkhan-s5c e-con-full e-flex e-con e-child\" data-id=\"iwgw-erlikkhan-s5c\" data-element_type=\"container\" data-e-type=\"container\">\n\t\t\t\t<div class=\"elementor-element elementor-element-iwgw-erlikkhan-s5t elementor-widget elementor-widget-text-editor\" data-id=\"iwgw-erlikkhan-s5t\" data-element_type=\"widget\" data-e-type=\"widget\" data-widget_type=\"text-editor.default\">\n\t\t\t\t\t\t\t\t\t<p>Religionistick\u00fd popis (bez s\u013eubov o \u00fa\u010dinnosti): Apotropaick\u00e9 praktiky proti Erlikovi zah\u0155\u0148ali zavesenie bielych vlnen\u00fdch stu\u017eiek na dvern\u00fd r\u00e1m, polo\u017eenie mal\u00fdch dreven\u00fdch fig\u00farok (\u201eErlikov\u00fdch sluhov\u201c) ako symbolickej n\u00e1hradnej obety, tabu vyslovi\u0165 meno Erlik nahlas po z\u00e1pade slnka a vykurovanie domu dymom z jalovca.<\/p><p>Aj niektor\u00e9 pravidl\u00e1 spr\u00e1vania mali <span class=\"iwg-fachbegriff\" data-tooltip=\"Odvracaj\u00faci ne\u0161\u0165astie: o znakoch a predmetoch, ktor\u00e9 maj\u00fa zabra\u0148ova\u0165 \u0161kodliv\u00fdm vplyvom.\" tabindex=\"0\">apotropaick\u00fd<\/span> charakter: n\u00e1v\u0161tevu chor\u00e9ho nebolo mo\u017en\u00e9 vykona\u0165 s pokrytou hlavou, preto\u017ee Erlik \u201ezbiera hlavy\u201c; prahy dver\u00ed sa natierali uh\u013eom, preto\u017ee potla\u010den\u00e1 \u010dierna farba mala \u00fadajne zadr\u017ea\u0165 to \u010dierne, klasick\u00fd pr\u00edklad sympatetickej <span class=\"iwg-fachbegriff\" data-tooltip=\"Praktiky, ktor\u00e9 sa sna\u017eia ovplyvni\u0165 priebeh vec\u00ed prostredn\u00edctvom osobitn\u00fdch \u00fakonov alebo form\u00fal.\" tabindex=\"0\">m\u00e1gie<\/span> v zmysle Jamesa Frazera.<\/p><p>Tieto praktiky treba ch\u00e1pa\u0165 v r\u00e1mci konceptu tabu a \u010distoty juhosib\u00edrskeho n\u00e1bo\u017eenstva, ktor\u00fd v mnoh\u00fdch podrobn\u00fdch pravidl\u00e1ch vymedzuje usporiadan\u00fd svet oproti spodn\u00e9mu svetu. Roberte Hamayonov\u00e1 ich vo svojej pr\u00e1ci <em>La chasse \u00e0 l&#8217;\u00e2me<\/em> (1990) interpretovala ako s\u00fa\u010das\u0165 \u201eekon\u00f3mie pr\u00edbuzenstva\u201c, v ktorej sa choroba a smr\u0165 ch\u00e1pu ako naru\u0161enia poriadku.<\/p>\t\t\t\t\t\t\t\t<\/div>\n\t\t\t\t<\/div>\n\t\t\t\t\t<\/div>\n\t\t\t\t<\/div>\n\t\t<div class=\"elementor-element elementor-element-iwgw-erlikkhan-s6 e-flex e-con-boxed e-con e-parent\" data-id=\"iwgw-erlikkhan-s6\" data-element_type=\"container\" data-e-type=\"container\">\n\t\t\t\t\t<div class=\"e-con-inner\">\n\t\t\t\t<div class=\"elementor-element elementor-element-iwgw-erlikkhan-s6h elementor-widget elementor-widget-heading\" data-id=\"iwgw-erlikkhan-s6h\" data-element_type=\"widget\" data-e-type=\"widget\" data-widget_type=\"heading.default\">\n\t\t\t\t\t<h2 class=\"elementor-heading-title elementor-size-default\">Paralely v in\u00fdch kult\u00farach<\/h2>\t\t\t\t<\/div>\n\t\t<div class=\"elementor-element elementor-element-iwgw-erlikkhan-s6c e-con-full e-flex e-con e-child\" data-id=\"iwgw-erlikkhan-s6c\" data-element_type=\"container\" data-e-type=\"container\">\n\t\t\t\t<div class=\"elementor-element elementor-element-iwgw-erlikkhan-s6t elementor-widget elementor-widget-text-editor\" data-id=\"iwgw-erlikkhan-s6t\" data-element_type=\"widget\" data-e-type=\"widget\" data-widget_type=\"text-editor.default\">\n\t\t\t\t\t\t\t\t\t<p>\u0160truktur\u00e1lne porovnate\u013en\u00e9 s\u00fa: Yama v v\u00e9dskej a budhistickej Indii; H\u00e1des v gr\u00e9ckom prostred\u00ed; Hel v severskej <span class=\"iwg-fachbegriff\" data-tooltip=\"S\u00fahrn tradovan\u00fdch pr\u00edbehov o bohoch danej kult\u00fary.\" tabindex=\"0\">mytol\u00f3gii<\/span>; Mictlantecuhtli v azt\u00e9ckom <span class=\"iwg-fachbegriff\" data-tooltip=\"S\u00fahrn bohov danej religijnej alebo kult\u00farnej s\u00fastavy.\" tabindex=\"0\">pante\u00f3ne<\/span>; Osiris vo svojej funkcii s\u00fadcu m\u0155tvych, menej ako umieraj\u00faci boh. V samotnej Sib\u00edri existuj\u00fa paraleln\u00e9 postavy, napr\u00edklad protiklad <em>Aiy Tojona<\/em> menom <em>Yer-Khan<\/em> u Jakutov.<\/p><p>Budhisticko-tibetsk\u00e9 preformovanie Erlika na Erlig Khaana = Yamu je predmetom samostatnej \u0161t\u00fadie Walthera Heissiga (<em>Die Religionen der Mongolei<\/em>, 1970). Ukazuje sa tu, ako bola p\u00f4vodn\u00e1 dom\u00e1ca postava podsvetia integrovan\u00e1 do tantrizmu a prekryt\u00e1 vlastn\u00fdmi vrstvami atrib\u00fatov.<\/p><p>Z h\u013eadiska fenomenol\u00f3gie n\u00e1bo\u017eenstva je zauj\u00edmav\u00e9 pozorovanie, \u017ee takmer v\u0161etky trojstup\u0148ov\u00e9 kozmologick\u00e9 syst\u00e9my (horn\u00fd, stredn\u00fd, doln\u00fd svet) poznaj\u00fa bo\u017estvo podsvetia, ktor\u00e9 je s\u00fa\u010dasne desivou postavou i garantom poriadku. Erlik tak nie je anom\u00e1liou, ale u\u010debnicov\u00fdm pr\u00edkladom.<\/p>\t\t\t\t\t\t\t\t<\/div>\n\t\t\t\t<\/div>\n\t\t\t\t\t<\/div>\n\t\t\t\t<\/div>\n\t\t<div class=\"elementor-element elementor-element-iwgw-erlikkhan-s7 e-flex e-con-boxed e-con e-parent\" data-id=\"iwgw-erlikkhan-s7\" data-element_type=\"container\" data-e-type=\"container\">\n\t\t\t\t\t<div class=\"e-con-inner\">\n\t\t\t\t<div class=\"elementor-element elementor-element-iwgw-erlikkhan-s7h elementor-widget elementor-widget-heading\" data-id=\"iwgw-erlikkhan-s7h\" data-element_type=\"widget\" data-e-type=\"widget\" data-widget_type=\"heading.default\">\n\t\t\t\t\t<h2 class=\"elementor-heading-title elementor-size-default\">S\u00fa\u010dasn\u00e1 recepcia a v\u00fdskum<\/h2>\t\t\t\t<\/div>\n\t\t<div class=\"elementor-element elementor-element-iwgw-erlikkhan-s7c e-con-full e-flex e-con e-child\" data-id=\"iwgw-erlikkhan-s7c\" data-element_type=\"container\" data-e-type=\"container\">\n\t\t\t\t<div class=\"elementor-element elementor-element-iwgw-erlikkhan-s7t elementor-widget elementor-widget-text-editor\" data-id=\"iwgw-erlikkhan-s7t\" data-element_type=\"widget\" data-e-type=\"widget\" data-widget_type=\"text-editor.default\">\n\t\t\t\t\t\t\t\t\t<p>V modernom tuvinskom a altajskom <span class=\"iwg-fachbegriff\" data-tooltip=\"Tradovan\u00e1 \u013eudov\u00e1 kult\u00fara so zvykmi, pr\u00edbehmi a pies\u0148ami.\" tabindex=\"0\">folkl\u00f3re<\/span> je Erlik sk\u00f4r desivou postavou ne\u017e predmetom kultu; v popul\u00e1rnej recepcii (fantasy rom\u00e1ny, online hry) sa niekedy objavuje ako \u201etemn\u00fd protivn\u00edk\u201c. Vedecky sol\u00eddne spracovania n\u00e1jdeme u Andreja Znamensk\u00e9ho, Roberte Hamayonovej a v ruskojazy\u010dnej zbierke <em>Mify narodov mira<\/em> (zv. 2, 1992).<\/p><p>D\u00f4le\u017eit\u00e1 v\u00fdskumn\u00e1 debata sa t\u00fdka ot\u00e1zky, ko\u013eko z dne\u0161n\u00e9ho \u201etemn\u00e9ho\u201c obrazu Erlika je predislamsk\u00e9ho\/predbudhistick\u00e9ho p\u00f4vodu a ko\u013eko vzniklo ako kres\u0165ansko-misijn\u00e1 demoniz\u00e1cia v 18. a 19. storo\u010d\u00ed. Verbickij a \u010fal\u0161\u00ed mision\u00e1ri vo svojich slovn\u00edkoch jednoducho prelo\u017eili \u201eErlik\u201c ako \u201ediabol\u201c, \u010do neskor\u0161ia veda dlho nekriticky prevzala.<\/p><p>Kniha Andreja Znamensk\u00e9ho <em>Shamanism and Western Imagination<\/em> (Oxford 2007) t\u00fato hist\u00f3riu skreslenia komplexne zrekonstruovala a zasadzuje sa za obnovenie historick\u00e9ho Erlika ako ambivalentnej postavy poriadku mimo kres\u0165ansko-dualistick\u00fdch sch\u00e9m.<\/p>\t\t\t\t\t\t\t\t<\/div>\n\t\t\t\t<\/div>\n\t\t\t\t\t<\/div>\n\t\t\t\t<\/div>\n\t\t<div class=\"elementor-element elementor-element-iwgw-erlikkhan-s8 e-flex e-con-boxed e-con e-parent\" data-id=\"iwgw-erlikkhan-s8\" data-element_type=\"container\" data-e-type=\"container\">\n\t\t\t\t\t<div class=\"e-con-inner\">\n\t\t\t\t<div class=\"elementor-element elementor-element-iwgw-erlikkhan-s8h elementor-widget elementor-widget-heading\" data-id=\"iwgw-erlikkhan-s8h\" data-element_type=\"widget\" data-e-type=\"widget\" data-widget_type=\"heading.default\">\n\t\t\t\t\t<h2 class=\"elementor-heading-title elementor-size-default\">V\u00fdskumn\u00e9 debaty a otvoren\u00e9 ot\u00e1zky<\/h2>\t\t\t\t<\/div>\n\t\t<div class=\"elementor-element elementor-element-iwgw-erlikkhan-s8c e-con-full e-flex e-con e-child\" data-id=\"iwgw-erlikkhan-s8c\" data-element_type=\"container\" data-e-type=\"container\">\n\t\t\t\t<div class=\"elementor-element elementor-element-iwgw-erlikkhan-s8t elementor-widget elementor-widget-text-editor\" data-id=\"iwgw-erlikkhan-s8t\" data-element_type=\"widget\" data-e-type=\"widget\" data-widget_type=\"text-editor.default\">\n\t\t\t\t\t\t\t\t\t<p>Tri v\u00fdskumn\u00e9 ot\u00e1zky zost\u00e1vaj\u00fa st\u00e1le otvoren\u00e9. Prv\u00e1: ak\u00fa predch\u00e1dzaj\u00facu formu mal Erlik v prototurkickom n\u00e1bo\u017eenstve pred kontaktom s budhizmom a kres\u0165anstvom? Anochinov materi\u00e1l nazna\u010duje, \u017ee bol star\u0161\u00ed a samostatnej\u0161\u00ed, ne\u017e by nazna\u010dovala budhistick\u00e1 identifik\u00e1cia s Jamou.<\/p><p>Druh\u00e1: nako\u013eko je altajsk\u00e1 trad\u00edcia Erlika kontinu\u00e1lna s jakutskou trad\u00edciou <em>abasy<\/em> a nekontinu\u00e1lna s mongolskou trad\u00edciou Erlig-Ch\u00e1na? L. P. Potapov v tejto s\u00favislosti argumentoval v prospech hypot\u00e9zy roz\u0161tiepenia, ktor\u00e1 sa v nov\u0161om v\u00fdskume znovu objavuje.<\/p><p>Tretia: ak\u00fa \u00falohu hr\u00e1 Erlik v s\u00fa\u010dasnej tuvinskej a altajskej sc\u00e9ne neo-<span class=\"iwg-fachbegriff\" data-tooltip=\"N\u00e1bo\u017eensk\u00fd syst\u00e9m, v ktorom \u0161pecialisti komunikuj\u00fa s duchovn\u00fdm svetom.\" tabindex=\"0\">\u0161amanizmu<\/span>, ktor\u00e1 sa formuje \u010diasto\u010dne proti rusk\u00e9mu mainstreamu, \u010diasto\u010dne v spolupr\u00e1ci s n\u00edm? Marjorie Mandelstam Balzerov\u00e1 vo viacer\u00fdch \u0161t\u00fadi\u00e1ch uk\u00e1zala, \u017ee s\u00fa\u010dasn\u00ed \u0161amani vyu\u017e\u00edvaj\u00fa Erlika cielene na profilovanie dom\u00e1cej alternat\u00edvy k dominantnej ruskej ortodoxnej symbolike.<\/p>\t\t\t\t\t\t\t\t<\/div>\n\t\t\t\t<\/div>\n\t\t\t\t\t<\/div>\n\t\t\t\t<\/div>\n\t\t<div class=\"elementor-element elementor-element-iwgw-erlikkhan-s9 e-flex e-con-boxed e-con e-parent\" data-id=\"iwgw-erlikkhan-s9\" data-element_type=\"container\" data-e-type=\"container\">\n\t\t\t\t\t<div class=\"e-con-inner\">\n\t\t\t\t<div class=\"elementor-element elementor-element-iwgw-erlikkhan-s9h elementor-widget elementor-widget-heading\" data-id=\"iwgw-erlikkhan-s9h\" data-element_type=\"widget\" data-e-type=\"widget\" data-widget_type=\"heading.default\">\n\t\t\t\t\t<h2 class=\"elementor-heading-title elementor-size-default\">Vz\u0165ah k trad\u00edcii Jamy<\/h2>\t\t\t\t<\/div>\n\t\t<div class=\"elementor-element elementor-element-iwgw-erlikkhan-s9c e-con-full e-flex e-con e-child\" data-id=\"iwgw-erlikkhan-s9c\" data-element_type=\"container\" data-e-type=\"container\">\n\t\t\t\t<div class=\"elementor-element elementor-element-iwgw-erlikkhan-s9t elementor-widget elementor-widget-text-editor\" data-id=\"iwgw-erlikkhan-s9t\" data-element_type=\"widget\" data-e-type=\"widget\" data-widget_type=\"text-editor.default\">\n\t\t\t\t\t\t\t\t\t<p>Identifik\u00e1cia Erlika s budhistick\u00fdm Jamom je z h\u013eadiska religionistiky jedn\u00fdm z najlep\u0161ie zdokumentovan\u00fdch pr\u00edpadov mongolsko-tibetsk\u00e9ho n\u00e1bo\u017eenstva. Walther Heissig v diele <em>Die Religionen der Mongolei<\/em> (1970) uk\u00e1zal, ako sa v priebehu viacer\u00fdch storo\u010d\u00ed altajsk\u00fd Erlik zlial s indo-tibetsk\u00fdm Jamom \/ \u0160ind\u017ee, bez toho, aby do\u0161lo k \u00fapln\u00e9mu nahradeniu.<\/p><p>Namiesto toho vznikla dvojvrstvov\u00e1 postava, v ktorej sa pod\u013ea kontextu aktivuje bu\u010f altajsk\u00e1, alebo budhistick\u00e1 vrstva.<\/p><p>T\u00e1to vrstvenie je u\u010debnicov\u00fdm pr\u00edkladom vedeck\u00fdch \u201etranslation studies\u201c: ako presne sa koncept pren\u00e1\u0161a z jednej trad\u00edcie do druhej, ak\u00e9 s\u00e9mantick\u00e9 posuny s\u00fa nevyhnutn\u00e9 a ak\u00e9 svojr\u00e1zne hybridn\u00e9 formy vznikaj\u00fa z procesu prekladu?<\/p><p>Konkr\u00e9tny pr\u00edpad: v tibetskej <em>Bardo Th\u00f6dr\u00f6l<\/em> (\u201eTibetsk\u00e1 kniha mrtvych\u201c) vystupuje Jama ako dr\u017eite\u013e zrkadla, ktor\u00fd zosnul\u00e9mu ukazuje jeho \u017eivotn\u00e9 skutky. T\u00e1to predstava v p\u00f4vodnom altajskom komplexe Erlika ch\u00fdba, av\u0161ak je pr\u00edtomn\u00e1 v neskorej mongolskej predstave o Erlikovi, \u010do je znak budhistickej vrstvy.<\/p>\t\t\t\t\t\t\t\t<\/div>\n\t\t\t\t<\/div>\n\t\t\t\t\t<\/div>\n\t\t\t\t<\/div>\n\t\t<div class=\"elementor-element elementor-element-iwgw-erlikkhan-s10 e-flex e-con-boxed e-con e-parent\" data-id=\"iwgw-erlikkhan-s10\" data-element_type=\"container\" data-e-type=\"container\">\n\t\t\t\t\t<div class=\"e-con-inner\">\n\t\t\t\t<div class=\"elementor-element elementor-element-iwgw-erlikkhan-s10h elementor-widget elementor-widget-heading\" data-id=\"iwgw-erlikkhan-s10h\" data-element_type=\"widget\" data-e-type=\"widget\" data-widget_type=\"heading.default\">\n\t\t\t\t\t<h2 class=\"elementor-heading-title elementor-size-default\">Pramene a vz\u0165ah k Kult\u00farnemu centru<\/h2>\t\t\t\t<\/div>\n\t\t<div class=\"elementor-element elementor-element-iwgw-erlikkhan-s10c e-con-full e-flex e-con e-child\" data-id=\"iwgw-erlikkhan-s10c\" data-element_type=\"container\" data-e-type=\"container\">\n\t\t\t\t<div class=\"elementor-element elementor-element-iwgw-erlikkhan-s10t elementor-widget elementor-widget-text-editor\" data-id=\"iwgw-erlikkhan-s10t\" data-element_type=\"widget\" data-e-type=\"widget\" data-widget_type=\"text-editor.default\">\n\t\t\t\t\t\t\t\t\t<p>Kto sa chce podrobnej\u0161ie zozn\u00e1mi\u0165 s Erlikov\u00fdm komplexom, n\u00e1jde na preh\u013eadovej str\u00e1nke <a href=\"https:\/\/iwell-guard.com\/sk\/sibirsky-samanizmus-tengrizmus\/\">Sib\u00edrsko-tengristick\u00e1 trad\u00edcia<\/a> najd\u00f4le\u017eitej\u0161ie odkazy na pr\u00edbuzn\u00e9 postavy ako <a href=\"https:\/\/iwell-guard.com\/sk\/?page_id=157974\">\u00dclgen<\/a> a doln\u00e9 \u0161kodliv\u00e9 bytosti <em>abasy<\/em>. Materi\u00e1ly A. V. Anochina <em>Materialien zum Schamanismus der Altaier<\/em> (1924) zost\u00e1vaj\u00fa najd\u00f4le\u017eitej\u0161\u00edm prim\u00e1rnym prame\u0148om.<\/p><p>Pre buddhistick\u00e9 prekrytie s\u00fa k\u013e\u00fa\u010dov\u00e9 diela Walthera Heissiga <em>Die Religionen der Mongolei<\/em> (1970) a \u0161t\u00fadie Klausa Sagastera. Pre kritick\u00e9 spracovanie mision\u00e1rskych skreslen\u00ed je najlep\u0161\u00edm dostupn\u00fdm dielom kniha Andreja Znamensk\u00e9ho <em>Shamanism and Western Imagination<\/em> (Oxford 2007).<\/p><p>Z\u00e1kladn\u00e9 dielo L. P. Potapova <em>Altaiskij \u0161amanizm<\/em> (Petrohrad 1991) pon\u00faka najrozsiahlej\u0161iu sovietsko-rusk\u00fa synt\u00e9zu a nemalo by sa vo v\u00fdskume Erlika obch\u00e1dza\u0165.<\/p>\t\t\t\t\t\t\t\t<\/div>\n\t\t\t\t<\/div>\n\t\t\t\t\t<\/div>\n\t\t\t\t<\/div>\n\t\t<div class=\"elementor-element elementor-element-iwgw-erlikkhan-s11 e-flex e-con-boxed e-con e-parent\" data-id=\"iwgw-erlikkhan-s11\" data-element_type=\"container\" data-e-type=\"container\">\n\t\t\t\t\t<div class=\"e-con-inner\">\n\t\t\t\t<div class=\"elementor-element elementor-element-iwgw-erlikkhan-s11h elementor-widget elementor-widget-heading\" data-id=\"iwgw-erlikkhan-s11h\" data-element_type=\"widget\" data-e-type=\"widget\" data-widget_type=\"heading.default\">\n\t\t\t\t\t<h2 class=\"elementor-heading-title elementor-size-default\">Religionistick\u00e1 fenomenol\u00f3gia podsvetia<\/h2>\t\t\t\t<\/div>\n\t\t<div class=\"elementor-element elementor-element-iwgw-erlikkhan-s11c e-con-full e-flex e-con e-child\" data-id=\"iwgw-erlikkhan-s11c\" data-element_type=\"container\" data-e-type=\"container\">\n\t\t\t\t<div class=\"elementor-element elementor-element-iwgw-erlikkhan-s11t elementor-widget elementor-widget-text-editor\" data-id=\"iwgw-erlikkhan-s11t\" data-element_type=\"widget\" data-e-type=\"widget\" data-widget_type=\"text-editor.default\">\n\t\t\t\t\t\t\t\t\t<p>Erlik patr\u00ed do religionisticko-fenomenologick\u00e9ho spektra podsvetn\u00fdch bo\u017estiev, ktor\u00e9 Mircea Eliade podrobne spracoval v diele <em>Forgerons et alchimistes<\/em> (1956) a vo svojej knihe o <span class=\"iwg-fachbegriff\" data-tooltip=\"N\u00e1bo\u017eensk\u00fd syst\u00e9m, v ktorom \u0161pecialisti komunikuj\u00fa s duchovn\u00fdm svetom.\" tabindex=\"0\">\u0161amanizme<\/span>. Charakteristick\u00e1 je jeho ambivalencia: podsvetn\u00e9 bo\u017estv\u00e1 zastupuj\u00fa nevyhnutn\u00fa temn\u00fa oblas\u0165 kozmick\u00e9ho poriadku, jednoduch\u00e9 ozna\u010denie \u201ezl\u00fd\u201c ich podstatu nevystihuje.<\/p><p>Zvl\u00e1\u0161tnou pointou Erlika je, \u017ee je s\u00fa\u010dasne p\u00f4vodcom aj odstra\u0148ovate\u013eom chor\u00f4b. \u010cierny <span class=\"iwg-fachbegriff\" data-tooltip=\"N\u00e1bo\u017eensk\u00fd \u0161pecialista, ktor\u00e9mu sa pripisuje sprostredkovanie medzi \u013eu\u010fmi a duchovn\u00fdm svetom.\" tabindex=\"0\">\u0161aman<\/span> s Erlikom rokuje o navr\u00e1ten\u00ed straten\u00fdch du\u0161\u00ed, \u010do je klasick\u00fd model \u201e\u0161amansk\u00e9ho vyjedn\u00e1vania\u201c, ktor\u00fd Roberte Hamayonov\u00e1 rozvinula v protiklade k Eliadeho modelu \u201eext\u00e1zy\u201c.<\/p><p>Z religionisticko-antropologick\u00e9ho h\u013eadiska je zauj\u00edmav\u00e9 rozdelenie \u201ebielych\u201c a \u201e\u010diernych\u201c \u0161amanov s oddelen\u00fdmi adres\u00e1tmi bo\u017estiev. T\u00e1to dvojit\u00e1 \u0161trukt\u00fara sa v tak zrete\u013enej forme vyskytuje len v nieko\u013ek\u00fdch sib\u00edrskych trad\u00edci\u00e1ch, najm\u00e4 u Altajcov a Tuvincov; historicky ide pravdepodobne o neskor\u00fd jav, mo\u017eno vzniknut\u00fd pod budhistick\u00fdm vplyvom.<\/p>\t\t\t\t\t\t\t\t<\/div>\n\t\t\t\t<\/div>\n\t\t\t\t\t<\/div>\n\t\t\t\t<\/div>\n\t\t<div class=\"elementor-element elementor-element-iwgw-erlikkhan-s12 e-flex e-con-boxed e-con e-parent\" data-id=\"iwgw-erlikkhan-s12\" data-element_type=\"container\" data-e-type=\"container\">\n\t\t\t\t\t<div class=\"e-con-inner\">\n\t\t\t\t<div class=\"elementor-element elementor-element-iwgw-erlikkhan-s12h elementor-widget elementor-widget-heading\" data-id=\"iwgw-erlikkhan-s12h\" data-element_type=\"widget\" data-e-type=\"widget\" data-widget_type=\"heading.default\">\n\t\t\t\t\t<h2 class=\"elementor-heading-title elementor-size-default\">Metodologick\u00e1 reflexia<\/h2>\t\t\t\t<\/div>\n\t\t<div class=\"elementor-element elementor-element-iwgw-erlikkhan-s12c e-con-full e-flex e-con e-child\" data-id=\"iwgw-erlikkhan-s12c\" data-element_type=\"container\" data-e-type=\"container\">\n\t\t\t\t<div class=\"elementor-element elementor-element-iwgw-erlikkhan-s12t elementor-widget elementor-widget-text-editor\" data-id=\"iwgw-erlikkhan-s12t\" data-element_type=\"widget\" data-e-type=\"widget\" data-widget_type=\"text-editor.default\">\n\t\t\t\t\t\t\t\t\t<p>Pri pr\u00e1ci s prame\u0148mi o Erlikovi vznik\u00e1 viacero metodologick\u00fdch probl\u00e9mov. Prv\u00fd: najstar\u0161ie pramene s\u00fa z\u00e1znamy kres\u0165ansk\u00fdch mision\u00e1rov (Verbickij, Chivalkov) z 19. storo\u010dia, ktor\u00ed ho systematicky identifikovali s kres\u0165ansk\u00fdm diablom. Odstr\u00e1nenie tejto mision\u00e1rskej vrstvy je metodologicky n\u00e1ro\u010dn\u00e9.<\/p><p>Druh\u00fd: budhistick\u00e1 identifik\u00e1cia s Jamom vnesla \u010fal\u0161ie v\u00fdznamov\u00e9 vrstvy, ktor\u00e9 nie je jednoduch\u00e9 oddeli\u0165 od p\u00f4vodnej altajskej vrstvy Erlika. Model vrstiev Walthera Heissiga pom\u00e1ha, ale zost\u00e1va predmetom diskusie.<\/p><p>Tret\u00ed: s\u00fa\u010dasn\u00e1 \u0161amansk\u00e1 prax okolo Erlika je po sovietskej \u00e9re fragmentovan\u00e1; to, \u010do dnes pozorujeme, je nov\u00e1 form\u00e1cia zalo\u017een\u00e1 na etnografick\u00fdch textoch, nie nepreru\u0161en\u00e1 kontinuita. Andrej Znamenskij to kritick\u00fd reflektoval.<\/p>\t\t\t\t\t\t\t\t<\/div>\n\t\t\t\t<\/div>\n\t\t\t\t\t<\/div>\n\t\t\t\t<\/div>\n\t\t<div class=\"elementor-element elementor-element-iwgw-erlikkhan-s13 e-flex e-con-boxed e-con e-parent\" data-id=\"iwgw-erlikkhan-s13\" data-element_type=\"container\" data-e-type=\"container\">\n\t\t\t\t\t<div class=\"e-con-inner\">\n\t\t\t\t<div class=\"elementor-element elementor-element-iwgw-erlikkhan-s13h elementor-widget elementor-widget-heading\" data-id=\"iwgw-erlikkhan-s13h\" data-element_type=\"widget\" data-e-type=\"widget\" data-widget_type=\"heading.default\">\n\t\t\t\t\t<h2 class=\"elementor-heading-title elementor-size-default\">Erlik v s\u00fa\u010dasnej popul\u00e1rnej kult\u00fare<\/h2>\t\t\t\t<\/div>\n\t\t<div class=\"elementor-element elementor-element-iwgw-erlikkhan-s13c e-con-full e-flex e-con e-child\" data-id=\"iwgw-erlikkhan-s13c\" data-element_type=\"container\" data-e-type=\"container\">\n\t\t\t\t<div class=\"elementor-element elementor-element-iwgw-erlikkhan-s13t elementor-widget elementor-widget-text-editor\" data-id=\"iwgw-erlikkhan-s13t\" data-element_type=\"widget\" data-e-type=\"widget\" data-widget_type=\"text-editor.default\">\n\t\t\t\t\t\t\t\t\t<p>V s\u00fa\u010dasnej popul\u00e1rnej kult\u00fare je Erlik prekvapivo pr\u00edtomn\u00fd. Objavuje sa vo viacer\u00fdch rusk\u00fdch fantasy rom\u00e1noch, v online po\u010d\u00edta\u010dov\u00fdch hr\u00e1ch (napr\u00edklad <em>Path of Exile<\/em>, <em>Smite<\/em>), v textoch heavymetalov\u00fdch piesn\u00ed a vo svete manga a anime. T\u00e1to recepcia \u010dasto v\u00fdrazne skres\u013euje historick\u00fd obraz, ale z\u00e1rove\u0148 rob\u00ed z Erlika kult\u00farne akt\u00edvnu postavu.<\/p><p>Z vedeck\u00e9ho h\u013eadiska je t\u00e1to recepcia ambivalentn\u00e1: udr\u017euje Erlika v kult\u00farnej pam\u00e4ti, ale z\u00e1rove\u0148 ho banalizuje. Andrej Znamenskij v diele <em>Shamanism and Western Imagination<\/em> (2007) upozornil na nap\u00e4tie medzi vedeckou rekon\u0161trukciou a popul\u00e1rnym privlastnen\u00edm.<\/p><p>V samotn\u00fdch altajsk\u00fdch a tuvinsk\u00fdch republik\u00e1ch je Erlik v \u013eudovej kult\u00fare menej pr\u00edtomn\u00fd ne\u017e \u00dclgen alebo Tengri; zost\u00e1va sk\u00f4r perif\u00e9rnou postavou, ktor\u00e1 hr\u00e1 \u00falohu v \u0161amanskej praxi, ale nie vo verejnej reprezent\u00e1cii regi\u00f3nu.<\/p>\t\t\t\t\t\t\t\t<\/div>\n\t\t\t\t<\/div>\n\t\t\t\t\t<\/div>\n\t\t\t\t<\/div>\n\t\t<div class=\"elementor-element elementor-element-cp27518a4a e-flex e-con-boxed e-con e-parent\" data-id=\"cp27518a4a\" data-element_type=\"container\" data-e-type=\"container\">\n\t\t\t\t\t<div class=\"e-con-inner\">\n\t\t\t\t<div class=\"elementor-element elementor-element-cp20374ec2 elementor-widget elementor-widget-heading\" data-id=\"cp20374ec2\" data-element_type=\"widget\" data-e-type=\"widget\" data-widget_type=\"heading.default\">\n\t\t\t\t\t<h2 class=\"elementor-heading-title elementor-size-default\">Erlik v altajskom stvorite\u013eskom pr\u00edbehu: spolutvorca nedokonal\u00e9ho sveta<\/h2>\t\t\t\t<\/div>\n\t\t<div class=\"elementor-element elementor-element-cp23d083fe e-flex e-con-boxed e-con e-child\" data-id=\"cp23d083fe\" data-element_type=\"container\" data-e-type=\"container\">\n\t\t\t\t\t<div class=\"e-con-inner\">\n\t\t\t\t<div class=\"elementor-element elementor-element-cp2fdabf2c elementor-widget elementor-widget-text-editor\" data-id=\"cp2fdabf2c\" data-element_type=\"widget\" data-e-type=\"widget\" data-widget_type=\"text-editor.default\">\n\t\t\t\t\t\t\t\t\t<p>V m\u00fdtoch o stvoren\u00ed svetov turkicky hovoriacich n\u00e1rodov Altaja hr\u00e1 Erlik, naz\u00fdvan\u00fd aj <em>Erlik Khan<\/em> alebo <em>Erlik<\/em>, dvojzna\u010dn\u00fa, ale nenahradite\u013en\u00fa \u00falohu.<\/p><p>Viacer\u00e9 verzie, ktor\u00e9 zaznamenali etnografi v 19. a za\u010diatkom 20. storo\u010dia, opisuj\u00fa, ako na po\u010diatku bola iba voda a ako boh stvorite\u013e, \u010dasto identifikovan\u00fd s bohom <a href=\"https:\/\/iwell-guard.com\/sk\/?page_id=157974\">\u00dclgen<\/a>, spolu s Erlikom vyn\u00e1\u0161a zem z prvotn\u00fdch v\u00f4d.<\/p><p>V be\u017enej podobe rozpr\u00e1vania sa obaja ponoria v podobe vt\u00e1ka alebo nechaj\u00fa ponori\u0165 nejak\u00e9ho tvora, aby priniesol zem z dna prvotn\u00e9ho mora. Erlik pri tom potajomky zadr\u017e\u00ed k\u00fasok zeme v \u00fastach s \u00famyslom stvori\u0165 si vlastn\u00fd svet.<\/p><p>Ke\u010f boh stvorite\u013e d\u00e1 prinesenej zemi r\u00e1s\u0165, za\u010dne r\u00e1s\u0165 aj skryt\u00e1 zem v Erlikov\u00fdch \u00fastach, tak\u017ee ju mus\u00ed vypli\u0165. Z tejto vyp\u013eutej zeme vznikaj\u00fa ba\u017einy, nepr\u00edstupn\u00e9 a ne\u00farodn\u00e9 oblasti. Toto <span class=\"iwg-fachbegriff\" data-tooltip=\"Opakuj\u00faci sa obsahov\u00fd prvok v umen\u00ed alebo rozpr\u00e1van\u00ed.\" tabindex=\"0\">mot\u00edv<\/span> mytologicky vysvet\u013euje, pre\u010do svet nie je dokonal\u00fd.<\/p><p>Toto rozpr\u00e1vanie patr\u00ed k roz\u0161\u00edren\u00e9mu typu m\u00fdtov o stvoren\u00ed pot\u00e1pa\u010dom, ktor\u00e9 s\u00fa dosved\u010den\u00e9 v celej severnej Eur\u00e1zii a Severnej Amerike. N\u00e1padn\u00e9 je mor\u00e1lne ambivalentn\u00e9 postavenie Erlika: m\u00fdtus ho nezobrazuje iba ako ni\u010dite\u013ea, ale ako spolutvorcu, ktor\u00e9ho samov\u00f4\u013ea a \u013estivos\u0165 svet z\u00e1rove\u0148 dop\u013a\u0148aj\u00fa a po\u0161kodzuj\u00fa.<\/p><p>Pri hodnoten\u00ed t\u00fdchto rozpr\u00e1van\u00ed treba bra\u0165 do \u00favahy, \u017ee z\u00e1pisy poch\u00e1dzaj\u00fa z doby, ke\u010f u\u017e altajsk\u00e9 n\u00e1bo\u017eenstvo bolo ovplyvnen\u00e9 kres\u0165ansk\u00fdmi a buddhistick\u00fdmi predstavami. Niektor\u00ed b\u00e1datelia sa preto p\u00fdtali, \u010di zd\u00f4raznenie Erlika ako protivn\u00edckeho spolutvorcu nebolo zosilnen\u00e9 t\u00fdmito vplyvmi. Ist\u00e1 odpove\u010f nie je mo\u017en\u00e1.<\/p>\t\t\t\t\t\t\t\t<\/div>\n\t\t\t\t\t<\/div>\n\t\t\t\t<\/div>\n\t\t\t\t\t<\/div>\n\t\t\t\t<\/div>\n\t\t<div class=\"elementor-element elementor-element-cp2032381e e-flex e-con-boxed e-con e-parent\" data-id=\"cp2032381e\" data-element_type=\"container\" data-e-type=\"container\">\n\t\t\t\t\t<div class=\"e-con-inner\">\n\t\t\t\t<div class=\"elementor-element elementor-element-cp2549d4d3 elementor-widget elementor-widget-heading\" data-id=\"cp2549d4d3\" data-element_type=\"widget\" data-e-type=\"widget\" data-widget_type=\"heading.default\">\n\t\t\t\t\t<h2 class=\"elementor-heading-title elementor-size-default\">P\u00e1n podsvetia: Erlikova r\u00ed\u0161a a \u0161amansk\u00e1 cesta do hlb\u00edn<\/h2>\t\t\t\t<\/div>\n\t\t<div class=\"elementor-element elementor-element-cp2699d7d9 e-flex e-con-boxed e-con e-child\" data-id=\"cp2699d7d9\" data-element_type=\"container\" data-e-type=\"container\">\n\t\t\t\t\t<div class=\"e-con-inner\">\n\t\t\t\t<div class=\"elementor-element elementor-element-cp215c60fe elementor-widget elementor-widget-text-editor\" data-id=\"cp215c60fe\" data-element_type=\"widget\" data-e-type=\"widget\" data-widget_type=\"text-editor.default\">\n\t\t\t\t\t\t\t\t\t<p>Okrem m\u00fdtov o stvoren\u00ed je Erlik v altajskom a v\u0161eobecnej\u0161ie sib\u00edrskom n\u00e1bo\u017eenstve zn\u00e1my predov\u0161etk\u00fdm ako p\u00e1n podsvetia a vl\u00e1dca mrtvych. Jeho r\u00ed\u0161a je v prame\u0148och opisovan\u00e1 ako temn\u00e1 oblas\u0165 pod zemou, do ktorej vstupuj\u00fa zosnul\u00ed.<\/p><p>Erlik je z\u00e1rove\u0148 pova\u017eovan\u00fd za p\u00f4vodcu choroby a smrti; pod\u013ea altajskej predstavy mohla by\u0165 \u017eivotn\u00e1 sila alebo du\u0161a \u0165a\u017eko chor\u00e9ho \u010dloveka unesen\u00e1 Erlikom alebo jeho poslami do podsvetia.<\/p><p>Na t\u00fato predstavu nav\u00e4zovala ur\u010dit\u00e1 forma \u0161amanskej praxe. Zatia\u013e \u010do cesta na nebo k \u00dclgenovi bola v\u00fdstupom, cesta k Erlikovi bola zostupom.<\/p><p>\u0160amansk\u00fd \u0161pecialista opisoval v ritu\u00e1lnych spevoch, ako zostupoval do Erlikovej r\u00ed\u0161e, ako tam prekon\u00e1val prek\u00e1\u017eky a nakoniec predstupoval pred Erlika, aby s n\u00edm rokoval, napr\u00edklad aby si vy\u017eiadal sp\u00e4\u0165 unesen\u00fa du\u0161u chor\u00e9ho alebo aby mu odovzdal obetn\u00e9 dary.<\/p><p>Wilhelm Radloff zaznamenal tak\u00e9to opisy zostupu a nesk\u00f4r sa im venovala ve\u013ek\u00e1 pozornos\u0165 v porovn\u00e1vacom v\u00fdskume \u0161amanizmu.<\/p><p>Pri v\u00fdklade je vhodn\u00e1 zdr\u017eanlivos\u0165. Zaznamenan\u00e9 texty s\u00fa konkr\u00e9tne predvedenia, nie nad\u010dasov\u00e9 scen\u00e1re, a ich zov\u0161eobecnenie do vzoru \u0161amanskej cesty do podsvetia, ako ho vytvoril napr\u00edklad Mircea Eliade, nov\u0161ia b\u00e1dania kritizovali za pr\u00edli\u0161 zjednodu\u0161uj\u00face.<\/p><p>Mo\u017eno kon\u0161tatova\u0165, \u017ee Erlik bol v altajskej praxi ove\u013ea viac ne\u017e len ob\u00e1van\u00e1 bytos\u0165, ktorej sa treba vyh\u00fdba\u0165: bola to moc, s ktorou \u0161pecialista v <span class=\"iwg-fachbegriff\" data-tooltip=\"Ust\u00e1len\u00fd sled symbolick\u00fdch \u00fakonov s n\u00e1bo\u017eensk\u00fdm alebo kult\u00farnym v\u00fdznamom.\" tabindex=\"0\">ritu\u00e1li<\/span> akt\u00edvne rokoval. Zaobch\u00e1dzanie s Erlikom presahovalo \u010dist\u00e9 odvr\u00e1tenie zla; bola to riaden\u00e1, riskantn\u00e1 komunik\u00e1cia.<\/p>\t\t\t\t\t\t\t\t<\/div>\n\t\t\t\t\t<\/div>\n\t\t\t\t<\/div>\n\t\t\t\t\t<\/div>\n\t\t\t\t<\/div>\n\t\t<div class=\"elementor-element elementor-element-cp2907420d e-flex e-con-boxed e-con e-parent\" data-id=\"cp2907420d\" data-element_type=\"container\" data-e-type=\"container\">\n\t\t\t\t\t<div class=\"e-con-inner\">\n\t\t\t\t<div class=\"elementor-element elementor-element-cp2fc29be0 elementor-widget elementor-widget-heading\" data-id=\"cp2fc29be0\" data-element_type=\"widget\" data-e-type=\"widget\" data-widget_type=\"heading.default\">\n\t\t\t\t\t<h2 class=\"elementor-heading-title elementor-size-default\">Erlik medzi dom\u00e1cou trad\u00edciou a cudz\u00edm vplyvom: b\u00e1date\u013esk\u00e1 debata<\/h2>\t\t\t\t<\/div>\n\t\t<div class=\"elementor-element elementor-element-cp215c8e40 e-flex e-con-boxed e-con e-child\" data-id=\"cp215c8e40\" data-element_type=\"container\" data-e-type=\"container\">\n\t\t\t\t\t<div class=\"e-con-inner\">\n\t\t\t\t<div class=\"elementor-element elementor-element-cp27662833 elementor-widget elementor-widget-text-editor\" data-id=\"cp27662833\" data-element_type=\"widget\" data-e-type=\"widget\" data-widget_type=\"text-editor.default\">\n\t\t\t\t\t\t\t\t\t<p>Postava Erlika stoj\u00ed v centre dlhotrvaj\u00facej b\u00e1date\u013eskej debaty o cudz\u00edch vplyvoch na vn\u00fatro\u00e1zijsk\u00e9 n\u00e1bo\u017eenstvo. N\u00e1padn\u00e9 je u\u017e samotn\u00e9 meno: Erlik, respekt\u00edve Erlik Khan, je jazykovo aj koncep\u010dne spojen\u00fd s Yamom z buddhistickej trad\u00edcie, ktor\u00fd sa pod menom Erlik Khan dostal do mongolsk\u00e9ho a tibetsko-buddhistick\u00e9ho predstavov\u00e9ho sveta.<\/p><p>Ot\u00e1zkou je, \u010di bola altajsk\u00e1 postava podsvetia tak\u00e1to od za\u010diatku, alebo bola preformovan\u00e1 buddhizmom.<\/p><p>Druh\u00e1 l\u00ednia debaty sa t\u00fdka dualizmu.<\/p><p>Protiklad \u00dclgena hore a Erlika dole, stvorenia a \u0161kodenia, neba a podsvetia pripom\u00edna niektor\u00fdm b\u00e1date\u013eom dualistick\u00e9 n\u00e1bo\u017eensk\u00e9 syst\u00e9my, napr\u00edklad zoroastrijsk\u00e9 predstavy, ktor\u00e9 sa mohli \u0161\u00edri\u0165 po stredo\u00e1zijsk\u00fdch obchodn\u00fdch cest\u00e1ch, alebo kres\u0165ansk\u00e9 postavenie Boha proti diablovi, ktor\u00e9 pri\u0161lo s ruskou misiou.<\/p><p>Preto\u017ee pramene poch\u00e1dzaj\u00fa a\u017e z doby, ke\u010f tieto kontakty u\u017e d\u00e1vno existovali, p\u00f4vodn\u00fd stav sa d\u00e1 len \u0165a\u017eko vy\u010dleni\u0165.<\/p><p>Metodicky opatrn\u00fd v\u00fdskum z toho vyvodzuje z\u00e1ver, \u017ee Erlik pravdepodobne vych\u00e1dza z dom\u00e1cej predstavy o moci podsvetia, ktor\u00e1 v\u0161ak bola preformovan\u00e1 a v obrysoch zostren\u00e1 buddhistick\u00fdmi a mo\u017eno aj \u010fal\u0161\u00edmi vplyvmi. D\u00f4le\u017eit\u00e9 je pri tom upozornenie na roz\u0161\u00edren\u00e9 nedorozumenie: Erlik by sa nemal pred\u010dasne stoto\u017e\u0148ova\u0165 s kres\u0165ansk\u00fdm diablom.<\/p><p>V altajsk\u00fdch rozpr\u00e1vaniach nie je absol\u00fatnym zlom, ale nevyhnutnou s\u00fa\u010das\u0165ou svetov\u00e9ho poriadku, s ktorou sa \u013eudia a ich ritu\u00e1lni \u0161pecialisti museli vyrovn\u00e1va\u0165. Jeho zaradenie ako protivn\u00edka \u00dclgena opisuje nap\u00e4t\u00fa komplementaritu, nie mor\u00e1lnu vojnu. Pr\u00edbuzn\u00fdch vl\u00e1dcov podsvetia poznaj\u00fa aj in\u00e9 <a href=\"https:\/\/iwell-guard.com\/sk\/sibirsky-samanizmus-tengrizmus\/\">vn\u00fatro\u00e1zijsk\u00e9 kult\u00fary<\/a>.<\/p>\t\t\t\t\t\t\t\t<\/div>\n\t\t\t\t\t<\/div>\n\t\t\t\t<\/div>\n\t\t\t\t\t<\/div>\n\t\t\t\t<\/div>\n\t\t<div class=\"elementor-element elementor-element-iwgw-erlikkhan-lit e-flex e-con-boxed e-con e-parent\" data-id=\"iwgw-erlikkhan-lit\" data-element_type=\"container\" data-e-type=\"container\">\n\t\t\t\t\t<div class=\"e-con-inner\">\n\t\t\t\t<div class=\"elementor-element elementor-element-iwgw-erlikkhan-lith elementor-widget elementor-widget-heading\" data-id=\"iwgw-erlikkhan-lith\" data-element_type=\"widget\" data-e-type=\"widget\" data-widget_type=\"heading.default\">\n\t\t\t\t\t<h2 class=\"elementor-heading-title elementor-size-default\">Literat\u00fara (v\u00fdber)<\/h2>\t\t\t\t<\/div>\n\t\t<div class=\"elementor-element elementor-element-iwgw-erlikkhan-litc e-con-full e-flex e-con e-child\" data-id=\"iwgw-erlikkhan-litc\" data-element_type=\"container\" data-e-type=\"container\">\n\t\t\t\t<div class=\"elementor-element elementor-element-iwgw-erlikkhan-litt elementor-widget elementor-widget-text-editor\" data-id=\"iwgw-erlikkhan-litt\" data-element_type=\"widget\" data-e-type=\"widget\" data-widget_type=\"text-editor.default\">\n\t\t\t\t\t\t\t\t\t<ul><li>A. V. Anochin: <em>Materi\u00e1ly k <span class=\"iwg-fachbegriff\" data-tooltip=\"N\u00e1bo\u017eensk\u00fd syst\u00e9m, v ktorom sa \u0161pecialisti st\u00fdkaj\u00fa so svetom duchov.\" tabindex=\"0\">\u0161amanizmu<\/span> Altaj\u010danov<\/em> (1924)<\/li><li>Mircea Eliade: <em>Le chamanisme<\/em> (1951)<\/li><li>Walther Heissig: <em>Die Religionen der Mongolei<\/em> (1970)<\/li><li>Vladimir Basilov: <em>Shamanism in Siberia<\/em> (1984)<\/li><li>Roberte Hamayon: <em>La chasse \u00e0 l&#8217;\u00e2me<\/em> (1990)<\/li><li>Andrei Znamenski: <em>Shamanism and Western Imagination<\/em> (2007)<\/li><li>L. P. Potapov: <em>Altaiskij \u0161amanizm<\/em> (1991)<\/li><\/ul>\t\t\t\t\t\t\t\t<\/div>\n\t\t\t\t<\/div>\n\t\t\t\t\t<\/div>\n\t\t\t\t<\/div>\n\t\t<div class=\"elementor-element elementor-element-iwgkw2-add-erlikkhan e-flex e-con-boxed e-con e-parent\" data-id=\"iwgkw2-add-erlikkhan\" data-element_type=\"container\" data-e-type=\"container\">\n\t\t\t\t\t<div class=\"e-con-inner\">\n\t\t\t\t<div class=\"elementor-element elementor-element-iwgkw2-add-erlikkhan-t elementor-widget elementor-widget-text-editor\" data-id=\"iwgkw2-add-erlikkhan-t\" data-element_type=\"widget\" data-e-type=\"widget\" data-widget_type=\"text-editor.default\">\n\t\t\t\t\t\t\t\t\t<p>V <em>altajskej<\/em> a <em>sib\u00edrskej<\/em> viere formuje <em><span class=\"iwg-fachbegriff\" data-tooltip=\"Tradovan\u00fd pr\u00edbeh o bohoch, p\u00f4vode a poriadku svet.\" tabindex=\"0\">m\u00fdtus<\/span><\/em> Erlika Khana ako vl\u00e1dcu podsvetia a protivn\u00edka \u00dclgena; \u0161amansk\u00e9 spevy Altajsk\u00fdch Turkov a Burjatov zachov\u00e1vaj\u00fa jeho \u00falohu pri chorobe, smrti a veden\u00ed du\u0161\u00ed.<\/p>\t\t\t\t\t\t\t\t<\/div>\n\t\t\t\t\t<\/div>\n\t\t\t\t<\/div>\n\t\t<div class=\"elementor-element elementor-element-iwgw-erlikkhan-kwd e-flex e-con-boxed e-con e-parent\" data-id=\"iwgw-erlikkhan-kwd\" data-element_type=\"container\" data-e-type=\"container\">\n\t\t\t\t\t<div class=\"e-con-inner\">\n\t\t<div class=\"elementor-element elementor-element-iwgw-erlikkhan-kwdc e-con-full e-flex e-con e-child\" data-id=\"iwgw-erlikkhan-kwdc\" data-element_type=\"container\" data-e-type=\"container\">\n\t\t\t\t<div class=\"elementor-element elementor-element-iwgw-erlikkhan-kwdt elementor-widget elementor-widget-text-editor\" data-id=\"iwgw-erlikkhan-kwdt\" data-element_type=\"widget\" data-e-type=\"widget\" data-widget_type=\"text-editor.default\">\n\t\t\t\t\t\t\t\t\t<p><em>S\u00favisiace k\u013e\u00fa\u010dov\u00e9 pojmy: Erlik Khan Erlig Khaan Altaj podsvetie Yama buddhistick\u00e9 prekrytie.<\/em><\/p>\t\t\t\t\t\t\t\t<\/div>\n\t\t\t\t<\/div>\n\t\t\t\t\t<\/div>\n\t\t\t\t<\/div>\n\t\t<div class=\"elementor-element elementor-element-iwgw-erlikkhan-cc e-flex e-con-boxed e-con e-parent\" data-id=\"iwgw-erlikkhan-cc\" data-element_type=\"container\" data-e-type=\"container\" id=\"iwg-cc-erlik-khan\">\n\t\t\t\t\t<div class=\"e-con-inner\">\n\t\t<div class=\"elementor-element elementor-element-iwgw-erlikkhan-ccinner e-flex e-con-boxed e-con e-parent\" data-id=\"iwgw-erlikkhan-ccinner\" data-element_type=\"container\" data-e-type=\"container\" data-settings=\"{&quot;background_background&quot;:&quot;classic&quot;}\">\n\t\t\t\t\t<div class=\"e-con-inner\">\n\t\t\t\t<div class=\"elementor-element elementor-element-iwgw-erlikkhan-cch elementor-widget elementor-widget-heading\" data-id=\"iwgw-erlikkhan-cch\" data-element_type=\"widget\" data-e-type=\"widget\" data-widget_type=\"heading.default\">\n\t\t\t\t\t<h2 class=\"elementor-heading-title elementor-size-default\">iWell Guard a ochrann\u00e9 trad\u00edcie<\/h2>\t\t\t\t<\/div>\n\t\t\t\t<div class=\"elementor-element elementor-element-iwgw-erlikkhan-cct elementor-widget elementor-widget-text-editor\" data-id=\"iwgw-erlikkhan-cct\" data-element_type=\"widget\" data-e-type=\"widget\" data-widget_type=\"text-editor.default\">\n\t\t\t\t\t\t\t\t\t<div data-nosnippet=\"true\"><p>iWell Guard sa nadv\u00e4zuje na kult\u00farno-historick\u00fa trad\u00edciu prenosn\u00fdch ochrann\u00fdch predmetov, v trad\u00edcii <a href=\"https:\/\/iwell-guard.com\/sk\/sibirsky-samanizmus-tengrizmus\/\">Sib\u00edri \/ tengrizmu<\/a> a mnoh\u00fdch \u010fal\u0161\u00edch kult\u00far po celom svete. 41 vrstiev, prav\u00e9 zlato, platina, striebro, vyroben\u00e9 v Nemecku. 30-d\u0148ov\u00e1 mo\u017enos\u0165 vr\u00e1tenia.<\/p><\/div>\t\t\t\t\t\t\t\t<\/div>\n\t\t\t\t<div class=\"elementor-element elementor-element-iwgw-erlikkhan-ccb iwg-cc-button iwg-cc-cta-2026-05-13 elementor-widget elementor-widget-jet-button\" data-id=\"iwgw-erlikkhan-ccb\" data-element_type=\"widget\" data-e-type=\"widget\" data-widget_type=\"jet-button.default\">\n\t\t\t\t<div class=\"elementor-widget-container\">\n\t\t\t\t\t<div class=\"elementor-jet-button jet-elements\"><div class=\"jet-button__container\"><a class=\"jet-button__instance jet-button__instance--icon-left hover-effect-1\" href=\"\/ueber-iwell-guard\/?utm_source=iwell-guard.com&amp;utm_medium=info-box&amp;utm_campaign=wesen-tradition\"><div class=\"jet-button__plane jet-button__plane-normal\"><\/div><div class=\"jet-button__plane jet-button__plane-hover\"><\/div><div class=\"jet-button__state jet-button__state-normal\"><span class=\"jet-button__label\">Viac o iWell Guard<\/span><\/div><div class=\"jet-button__state jet-button__state-hover\"><span class=\"jet-button__label\">Viac o iWell Guard<\/span><\/div><\/a><\/div><\/div><style>.elementor-element.elementor-element-iwgw-erlikkhan-ccb .jet-button__instance{width:320px;height:56px;}.elementor-element.elementor-element-iwgw-erlikkhan-ccb .jet-button__state-normal .jet-button__label{text-align:center;margin:0px 0px 0px 0px;color:#1a1b20;font-family:Montserrat,sans-serif;font-size:13px;font-weight:400;letter-spacing:4px;line-height:1.714em;text-transform:uppercase;}.elementor-element.elementor-element-iwgw-erlikkhan-ccb .jet-button__state-hover .jet-button__label{text-align:center;margin:0px 0px 0px 0px;color:#FECC76;font-family:Montserrat,sans-serif;font-size:13px;font-weight:400;letter-spacing:4px;line-height:1.714em;text-transform:uppercase;}.elementor-element.elementor-element-iwgw-erlikkhan-ccb .jet-button__plane-normal{background-color:#FECC76;border-style:solid;border-color:#C99540;border-width:2px 2px 2px 2px;}.elementor-element.elementor-element-iwgw-erlikkhan-ccb .jet-button__plane-hover{background-color:rgba(0,0,0,0.55);border-style:solid;border-color:#FECC76;border-width:2px 2px 2px 2px;}<\/style>\t\t\t\t<\/div>\n\t\t\t\t<\/div>\n\t\t\t\t<div class=\"elementor-element elementor-element-iwgw-erlikkhan-ccd elementor-widget elementor-widget-text-editor\" data-id=\"iwgw-erlikkhan-ccd\" data-element_type=\"widget\" data-e-type=\"widget\" data-widget_type=\"text-editor.default\">\n\t\t\t\t\t\t\t\t\t<div data-nosnippet=\"true\"><p style=\"text-align:center;font-size:13px;opacity:0.7;margin-top:14px\" data-nosnippet=\"true\">Osobn\u00e9 sk\u00fasenosti sa m\u00f4\u017eu l\u00ed\u0161i\u0165. Nie je to zdravotn\u00edcka pom\u00f4cka. \u017diadny pr\u00eds\u013eub lie\u010denia.<\/p><\/div>\t\t\t\t\t\t\t\t<\/div>\n\t\t\t\t\t<\/div>\n\t\t\t\t<\/div>\n\t\t\t\t\t<\/div>\n\t\t\t\t<\/div>\n\t\t<div class=\"elementor-element elementor-element-iwgw-erlikkhan-disc e-flex e-con-boxed e-con e-parent\" data-id=\"iwgw-erlikkhan-disc\" data-element_type=\"container\" data-e-type=\"container\">\n\t\t\t\t\t<div class=\"e-con-inner\">\n\t\t\t\t<div class=\"elementor-element elementor-element-iwgw-erlikkhan-discw elementor-widget elementor-widget-html\" data-id=\"iwgw-erlikkhan-discw\" data-element_type=\"widget\" data-e-type=\"widget\" data-widget_type=\"html.default\">\n\t\t\t\t\t<footer data-nosnippet=\"true\" class=\"iwg-disclaimer-block\"><p data-nosnippet=\"true\">iWell Guard <strong>nie je zdravotn\u00edcka pom\u00f4cka<\/strong> a nenahr\u00e1dza lek\u00e1rske ani psychoterapeutick\u00e9 o\u0161etrenie. Religionistick\u00fd obsah predstavuje kult\u00farno-historick\u00e9 zaradenie, nie odpor\u00fa\u010danie duchovnej praxe.<\/p><\/footer>\t\t\t\t<\/div>\n\t\t\t\t\t<\/div>\n\t\t\t\t<\/div>\n\t\t\t\t<\/div>\n\t\t","protected":false},"excerpt":{"rendered":"","protected":false},"author":3,"featured_media":2855,"parent":0,"menu_order":0,"comment_status":"closed","ping_status":"closed","template":"elementor_header_footer","meta":{"_yoast_wpseo_focuskw":"Erlik Khan boh podsvetia Altaj","_yoast_wpseo_title":"Erlik Khan \u2013 altajsk\u00fd boh podsvetia, m\u00fdtus a pramene","_yoast_wpseo_metadesc":"Erlik Khan je v juhosib\u00edrskom tengrizme p\u00e1nom podsvetia a protivn\u00edkom \u00dclgena. Zaradenie s m\u00fdtom a kultom.","_yoast_wpseo_meta-robots-noindex":"","_yoast_wpseo_canonical":"","_angie_page":false,"gefaehrdungsstufe":"4","wesen_kultur":"sibirisch-tengrismus","wesen_klasse":"daemonen","footnotes":""},"categories":[],"class_list":["post-157973","page","type-page","status-publish","has-post-thumbnail","hentry"],"yoast_head":"<!-- This site is optimized with the Yoast SEO Premium plugin v27.7 (Yoast SEO v28.3) - https:\/\/yoast.com\/product\/yoast-seo-premium-wordpress\/ -->\n<title>Erlik Khan \u2013 altajsk\u00fd boh podsvetia, m\u00fdtus a pramene<\/title>\n<meta name=\"description\" content=\"Erlik Khan je v juhosib\u00edrskom tengrizme p\u00e1nom podsvetia a protivn\u00edkom \u00dclgena. Zaradenie s m\u00fdtom a kultom.\" \/>\n<meta name=\"robots\" content=\"index, follow, max-snippet:-1, max-image-preview:large, max-video-preview:-1\" \/>\n<link rel=\"canonical\" href=\"https:\/\/iwell-guard.com\/sk\/erlik-khan-vladca-podsvetia-altajcov\/\" \/>\n<meta property=\"og:locale\" content=\"sk_SK\" \/>\n<meta property=\"og:type\" content=\"article\" \/>\n<meta property=\"og:title\" content=\"Erlik Khan \u2013 vl\u00e1dca podsvetia Altajcov\" \/>\n<meta property=\"og:description\" content=\"Erlik Khan je v juhosib\u00edrskom tengrizme p\u00e1nom podsvetia a protivn\u00edkom \u00dclgena. Zaradenie s m\u00fdtom a kultom.\" \/>\n<meta property=\"og:url\" content=\"https:\/\/iwell-guard.com\/sk\/erlik-khan-vladca-podsvetia-altajcov\/\" \/>\n<meta property=\"og:site_name\" content=\"iWell Guard\" \/>\n<meta property=\"article:modified_time\" content=\"2026-09-04T22:47:26+00:00\" \/>\n<meta property=\"og:image\" content=\"https:\/\/iwell-guard.com\/wp-content\/uploads\/2026\/05\/daemonen_sibirisch-tengrismus_erlik-khan.webp\" \/>\n\t<meta property=\"og:image:width\" content=\"1024\" \/>\n\t<meta property=\"og:image:height\" content=\"1536\" \/>\n\t<meta property=\"og:image:type\" content=\"image\/webp\" \/>\n<meta name=\"twitter:card\" content=\"summary_large_image\" \/>\n<script type=\"application\/ld+json\" class=\"yoast-schema-graph\">{\"@context\":\"https:\\\/\\\/schema.org\",\"@graph\":[{\"@type\":\"WebPage\",\"@id\":\"https:\\\/\\\/iwell-guard.com\\\/sk\\\/erlik-khan-vladca-podsvetia-altajcov\\\/\",\"url\":\"https:\\\/\\\/iwell-guard.com\\\/sk\\\/erlik-khan-vladca-podsvetia-altajcov\\\/\",\"name\":\"Erlik Khan \u2013 altajsk\u00fd boh podsvetia, m\u00fdtus a pramene\",\"isPartOf\":{\"@id\":\"https:\\\/\\\/iwell-guard.com\\\/sk\\\/#website\"},\"primaryImageOfPage\":{\"@id\":\"https:\\\/\\\/iwell-guard.com\\\/sk\\\/erlik-khan-vladca-podsvetia-altajcov\\\/#primaryimage\"},\"image\":{\"@id\":\"https:\\\/\\\/iwell-guard.com\\\/sk\\\/erlik-khan-vladca-podsvetia-altajcov\\\/#primaryimage\"},\"thumbnailUrl\":\"https:\\\/\\\/iwell-guard.com\\\/wp-content\\\/uploads\\\/2026\\\/05\\\/daemonen_sibirisch-tengrismus_erlik-khan.webp\",\"datePublished\":\"2026-09-04T22:20:14+00:00\",\"dateModified\":\"2026-09-04T22:47:26+00:00\",\"description\":\"Erlik Khan je v juhosib\u00edrskom tengrizme p\u00e1nom podsvetia a protivn\u00edkom \u00dclgena. Zaradenie s m\u00fdtom a kultom.\",\"breadcrumb\":{\"@id\":\"https:\\\/\\\/iwell-guard.com\\\/sk\\\/erlik-khan-vladca-podsvetia-altajcov\\\/#breadcrumb\"},\"inLanguage\":\"sk-SK\",\"potentialAction\":[{\"@type\":\"ReadAction\",\"target\":[\"https:\\\/\\\/iwell-guard.com\\\/sk\\\/erlik-khan-vladca-podsvetia-altajcov\\\/\"]}]},{\"@type\":\"ImageObject\",\"inLanguage\":\"sk-SK\",\"@id\":\"https:\\\/\\\/iwell-guard.com\\\/sk\\\/erlik-khan-vladca-podsvetia-altajcov\\\/#primaryimage\",\"url\":\"https:\\\/\\\/iwell-guard.com\\\/wp-content\\\/uploads\\\/2026\\\/05\\\/daemonen_sibirisch-tengrismus_erlik-khan.webp\",\"contentUrl\":\"https:\\\/\\\/iwell-guard.com\\\/wp-content\\\/uploads\\\/2026\\\/05\\\/daemonen_sibirisch-tengrismus_erlik-khan.webp\",\"width\":1024,\"height\":1536,\"caption\":\"D\u00e9moni z trad\u00edcie sib\u00edrskeho tengrizmu.\"},{\"@type\":\"BreadcrumbList\",\"@id\":\"https:\\\/\\\/iwell-guard.com\\\/sk\\\/erlik-khan-vladca-podsvetia-altajcov\\\/#breadcrumb\",\"itemListElement\":[{\"@type\":\"ListItem\",\"position\":1,\"name\":\"Start\",\"item\":\"https:\\\/\\\/iwell-guard.com\\\/sk\\\/?page_id=157572\"},{\"@type\":\"ListItem\",\"position\":2,\"name\":\"Erlik Khan \u2013 vl\u00e1dca podsvetia Altajcov\"}]},{\"@type\":\"WebSite\",\"@id\":\"https:\\\/\\\/iwell-guard.com\\\/sk\\\/#website\",\"url\":\"https:\\\/\\\/iwell-guard.com\\\/sk\\\/\",\"name\":\"iWell Guard\",\"description\":\"Schutz vor dunklen Einfl\u00fcssen\",\"publisher\":{\"@id\":\"https:\\\/\\\/iwell-guard.com\\\/sk\\\/#organization\"},\"potentialAction\":[{\"@type\":\"SearchAction\",\"target\":{\"@type\":\"EntryPoint\",\"urlTemplate\":\"https:\\\/\\\/iwell-guard.com\\\/sk\\\/?s={search_term_string}\"},\"query-input\":{\"@type\":\"PropertyValueSpecification\",\"valueRequired\":true,\"valueName\":\"search_term_string\"}}],\"inLanguage\":\"sk-SK\"},{\"@type\":\"Organization\",\"@id\":\"https:\\\/\\\/iwell-guard.com\\\/sk\\\/#organization\",\"name\":\"Ittermann electronic GmbH\",\"url\":\"https:\\\/\\\/iwell-guard.com\\\/sk\\\/\",\"logo\":{\"@type\":\"ImageObject\",\"inLanguage\":\"sk-SK\",\"@id\":\"https:\\\/\\\/iwell-guard.com\\\/sk\\\/#\\\/schema\\\/logo\\\/image\\\/\",\"url\":\"https:\\\/\\\/iwell-guard.com\\\/wp-content\\\/uploads\\\/2026\\\/05\\\/Ittermann-Logo-1182x237-1.png\",\"contentUrl\":\"https:\\\/\\\/iwell-guard.com\\\/wp-content\\\/uploads\\\/2026\\\/05\\\/Ittermann-Logo-1182x237-1.png\",\"width\":1182,\"height\":237,\"caption\":\"Ittermann electronic GmbH\"},\"image\":{\"@id\":\"https:\\\/\\\/iwell-guard.com\\\/sk\\\/#\\\/schema\\\/logo\\\/image\\\/\"},\"sameAs\":[\"https:\\\/\\\/pantip.com\\\/profile\\\/9367242\",\"https:\\\/\\\/micro.blog\\\/iwellguard\",\"https:\\\/\\\/www.diggerslist.com\\\/iwellguard\\\/about\",\"https:\\\/\\\/skitterphoto.com\\\/photographers\\\/2870314\\\/iwell-guard\",\"https:\\\/\\\/iwellguard.wordpress.com\\\/2026\\\/06\\\/06\\\/iwell-guard\\\/\",\"https:\\\/\\\/hub.docker.com\\\/u\\\/iwellguard\",\"https:\\\/\\\/www.pinterest.com\\\/iwellguard\\\/\",\"https:\\\/\\\/bit.ly\\\/m\\\/iwellguard\",\"https:\\\/\\\/entre-vos-mains.alsace.eu\\\/profiles\\\/iwellguard\\\/activity\",\"https:\\\/\\\/gravatar.com\\\/reallybeded8fd34\",\"https:\\\/\\\/naijamatta.com\\\/iwellguard\",\"https:\\\/\\\/www.goodreads.com\\\/iwellguard\",\"https:\\\/\\\/profile.hatena.ne.jp\\\/iwellguard\\\/\",\"https:\\\/\\\/experiment.com\\\/users\\\/iwellguard\",\"https:\\\/\\\/wakelet.com\\\/@iWellGuard82270\",\"https:\\\/\\\/www.chordie.com\\\/forum\\\/profile.php?id=2555664\",\"https:\\\/\\\/www.instapaper.com\\\/p\\\/17757966\",\"https:\\\/\\\/www.mapleprimes.com\\\/users\\\/iwellguard\",\"https:\\\/\\\/businesslistingplus.com\\\/profile\\\/iwell-guard\\\/\",\"https:\\\/\\\/telegra.ph\\\/iWell-Guard-06-06\",\"https:\\\/\\\/pbase.com\\\/iwellguard\\\/iwellguard\",\"https:\\\/\\\/b.hatena.ne.jp\\\/iwellguard\\\/20260607#bookmark-4788405196491818882\",\"https:\\\/\\\/fliphtml5.com\\\/home\\\/iwellguard\",\"https:\\\/\\\/anyflip.com\\\/homepage\\\/cmiwl#About\",\"https:\\\/\\\/transfur.com\\\/Users\\\/iwellguard\",\"http:\\\/\\\/delphi.larsbo.org\\\/user\\\/iwellguard\",\"https:\\\/\\\/jobs.lajobsportal.org\\\/profiles\\\/8380803-iwell-guard\",\"https:\\\/\\\/md.chaosdorf.de\\\/s\\\/jfbe5SBdJD\",\"https:\\\/\\\/www.lingvolive.com\\\/en-us\\\/profile\\\/9ecaeaca-ce11-4e51-9e71-01d55e2bff36\\\/translations\",\"https:\\\/\\\/www.fitday.com\\\/fitness\\\/forums\\\/members\\\/iwellguard.html\",\"https:\\\/\\\/www.mymeetbook.com\\\/iwellguard\",\"https:\\\/\\\/pxhere.com\\\/en\\\/photographer-me\\\/5040798\",\"https:\\\/\\\/disqus.com\\\/by\\\/iwellguard\\\/about\\\/\",\"https:\\\/\\\/pastelink.net\\\/hjwciqwq\",\"https:\\\/\\\/pubhtml5.com\\\/homepage\\\/scjhn\\\/\",\"https:\\\/\\\/www.bitchute.com\\\/channel\\\/2O2eOKzNqujT\",\"https:\\\/\\\/audiomack.com\\\/iwellguard\"]},{\"@type\":\"Article\",\"@id\":\"https:\\\/\\\/iwell-guard.com\\\/sk\\\/erlik-khan-vladca-podsvetia-altajcov\\\/#article\",\"isPartOf\":{\"@id\":\"https:\\\/\\\/iwell-guard.com\\\/sk\\\/erlik-khan-vladca-podsvetia-altajcov\\\/\"},\"author\":{\"name\":\"Ralf Ittermann\",\"@id\":\"https:\\\/\\\/iwell-guard.com\\\/sk\\\/#\\\/schema\\\/person\\\/ee2a27f1cac3406c7c6fb5820cb7349f\"},\"headline\":\"Erlik Khan \u2013 vl\u00e1dca podsvetia Altajcov\",\"datePublished\":\"2026-09-04T22:20:14+00:00\",\"dateModified\":\"2026-09-04T22:47:26+00:00\",\"mainEntityOfPage\":{\"@id\":\"https:\\\/\\\/iwell-guard.com\\\/sk\\\/erlik-khan-vladca-podsvetia-altajcov\\\/\"},\"publisher\":{\"@id\":\"https:\\\/\\\/iwell-guard.com\\\/sk\\\/#organization\"},\"image\":{\"@id\":\"https:\\\/\\\/iwell-guard.com\\\/sk\\\/erlik-khan-vladca-podsvetia-altajcov\\\/#primaryimage\"},\"thumbnailUrl\":\"https:\\\/\\\/iwell-guard.com\\\/wp-content\\\/uploads\\\/2026\\\/05\\\/daemonen_sibirisch-tengrismus_erlik-khan.webp\",\"inLanguage\":\"sk-SK\",\"description\":\"Erlik Khan je v juhosib\u00edrskom tengrizme p\u00e1nom podsvetia a protivn\u00edkom \u00dclgena. Zaradenie s m\u00fdtom a kultom.\"}]}<\/script>\n<!-- \/ Yoast SEO Premium plugin. -->","yoast_head_json":{"title":"Erlik Khan \u2013 altajsk\u00fd boh podsvetia, m\u00fdtus a pramene","description":"Erlik Khan je v juhosib\u00edrskom tengrizme p\u00e1nom podsvetia a protivn\u00edkom \u00dclgena. Zaradenie s m\u00fdtom a kultom.","robots":{"index":"index","follow":"follow","max-snippet":"max-snippet:-1","max-image-preview":"max-image-preview:large","max-video-preview":"max-video-preview:-1"},"canonical":"https:\/\/iwell-guard.com\/sk\/erlik-khan-vladca-podsvetia-altajcov\/","og_locale":"sk_SK","og_type":"article","og_title":"Erlik Khan \u2013 vl\u00e1dca podsvetia Altajcov","og_description":"Erlik Khan je v juhosib\u00edrskom tengrizme p\u00e1nom podsvetia a protivn\u00edkom \u00dclgena. Zaradenie s m\u00fdtom a kultom.","og_url":"https:\/\/iwell-guard.com\/sk\/erlik-khan-vladca-podsvetia-altajcov\/","og_site_name":"iWell Guard","article_modified_time":"2026-09-04T22:47:26+00:00","og_image":[{"width":1024,"height":1536,"url":"https:\/\/iwell-guard.com\/wp-content\/uploads\/2026\/05\/daemonen_sibirisch-tengrismus_erlik-khan.webp","type":"image\/webp"}],"twitter_card":"summary_large_image","schema":{"@context":"https:\/\/schema.org","@graph":[{"@type":"Article","@id":"https:\/\/iwell-guard.com\/sk\/erlik-khan-vladca-podsvetia-altajcov\/#article","isPartOf":{"@id":"https:\/\/iwell-guard.com\/sk\/erlik-khan-vladca-podsvetia-altajcov\/"},"author":{"name":"Ralf Ittermann","@id":"https:\/\/iwell-guard.com\/sk\/#\/schema\/person\/ee2a27f1cac3406c7c6fb5820cb7349f"},"headline":"Erlik Khan \u2013 vl\u00e1dca podsvetia Altajcov","datePublished":"2026-09-04T22:20:14+00:00","dateModified":"2026-09-04T22:47:26+00:00","mainEntityOfPage":{"@id":"https:\/\/iwell-guard.com\/sk\/erlik-khan-vladca-podsvetia-altajcov\/"},"publisher":{"@id":"https:\/\/iwell-guard.com\/sk\/#organization"},"image":{"@id":"https:\/\/iwell-guard.com\/sk\/erlik-khan-vladca-podsvetia-altajcov\/#primaryimage"},"thumbnailUrl":"https:\/\/iwell-guard.com\/wp-content\/uploads\/2026\/05\/daemonen_sibirisch-tengrismus_erlik-khan.webp","inLanguage":"sk-SK","description":"Erlik Khan je v juhosib\u00edrskom tengrizme p\u00e1nom podsvetia a protivn\u00edkom \u00dclgena. Zaradenie s m\u00fdtom a kultom."},{"@type":"WebPage","@id":"https:\/\/iwell-guard.com\/sk\/erlik-khan-vladca-podsvetia-altajcov\/","url":"https:\/\/iwell-guard.com\/sk\/erlik-khan-vladca-podsvetia-altajcov\/","name":"Erlik Khan \u2013 altajsk\u00fd boh podsvetia, m\u00fdtus a pramene","isPartOf":{"@id":"https:\/\/iwell-guard.com\/sk\/#website"},"primaryImageOfPage":{"@id":"https:\/\/iwell-guard.com\/sk\/erlik-khan-vladca-podsvetia-altajcov\/#primaryimage"},"image":{"@id":"https:\/\/iwell-guard.com\/sk\/erlik-khan-vladca-podsvetia-altajcov\/#primaryimage"},"thumbnailUrl":"https:\/\/iwell-guard.com\/wp-content\/uploads\/2026\/05\/daemonen_sibirisch-tengrismus_erlik-khan.webp","datePublished":"2026-09-04T22:20:14+00:00","dateModified":"2026-09-04T22:47:26+00:00","description":"Erlik Khan je v juhosib\u00edrskom tengrizme p\u00e1nom podsvetia a protivn\u00edkom \u00dclgena. Zaradenie s m\u00fdtom a kultom.","breadcrumb":{"@id":"https:\/\/iwell-guard.com\/sk\/erlik-khan-vladca-podsvetia-altajcov\/#breadcrumb"},"inLanguage":"sk-SK","potentialAction":[{"@type":"ReadAction","target":["https:\/\/iwell-guard.com\/sk\/erlik-khan-vladca-podsvetia-altajcov\/"]}]},{"@type":"ImageObject","inLanguage":"sk-SK","@id":"https:\/\/iwell-guard.com\/sk\/erlik-khan-vladca-podsvetia-altajcov\/#primaryimage","url":"https:\/\/iwell-guard.com\/wp-content\/uploads\/2026\/05\/daemonen_sibirisch-tengrismus_erlik-khan.webp","contentUrl":"https:\/\/iwell-guard.com\/wp-content\/uploads\/2026\/05\/daemonen_sibirisch-tengrismus_erlik-khan.webp","width":1024,"height":1536,"caption":"D\u00e9moni z trad\u00edcie sib\u00edrskeho tengrizmu."},{"@type":"BreadcrumbList","@id":"https:\/\/iwell-guard.com\/sk\/erlik-khan-vladca-podsvetia-altajcov\/#breadcrumb","itemListElement":[{"@type":"ListItem","position":1,"name":"Start","item":"https:\/\/iwell-guard.com\/sk\/?page_id=157572"},{"@type":"ListItem","position":2,"name":"Erlik Khan \u2013 vl\u00e1dca podsvetia Altajcov"}]},{"@type":"WebSite","@id":"https:\/\/iwell-guard.com\/sk\/#website","url":"https:\/\/iwell-guard.com\/sk\/","name":"iWell Guard","description":"Schutz vor dunklen Einfl\u00fcssen","publisher":{"@id":"https:\/\/iwell-guard.com\/sk\/#organization"},"potentialAction":[{"@type":"SearchAction","target":{"@type":"EntryPoint","urlTemplate":"https:\/\/iwell-guard.com\/sk\/?s={search_term_string}"},"query-input":{"@type":"PropertyValueSpecification","valueRequired":true,"valueName":"search_term_string"}}],"inLanguage":"sk-SK"},{"@type":"Organization","@id":"https:\/\/iwell-guard.com\/sk\/#organization","name":"Ittermann electronic GmbH","url":"https:\/\/iwell-guard.com\/sk\/","logo":{"@type":"ImageObject","inLanguage":"sk-SK","@id":"https:\/\/iwell-guard.com\/sk\/#\/schema\/logo\/image\/","url":"https:\/\/iwell-guard.com\/wp-content\/uploads\/2026\/05\/Ittermann-Logo-1182x237-1.png","contentUrl":"https:\/\/iwell-guard.com\/wp-content\/uploads\/2026\/05\/Ittermann-Logo-1182x237-1.png","width":1182,"height":237,"caption":"Ittermann electronic GmbH"},"image":{"@id":"https:\/\/iwell-guard.com\/sk\/#\/schema\/logo\/image\/"},"sameAs":["https:\/\/pantip.com\/profile\/9367242","https:\/\/micro.blog\/iwellguard","https:\/\/www.diggerslist.com\/iwellguard\/about","https:\/\/skitterphoto.com\/photographers\/2870314\/iwell-guard","https:\/\/iwellguard.wordpress.com\/2026\/06\/06\/iwell-guard\/","https:\/\/hub.docker.com\/u\/iwellguard","https:\/\/www.pinterest.com\/iwellguard\/","https:\/\/bit.ly\/m\/iwellguard","https:\/\/entre-vos-mains.alsace.eu\/profiles\/iwellguard\/activity","https:\/\/gravatar.com\/reallybeded8fd34","https:\/\/naijamatta.com\/iwellguard","https:\/\/www.goodreads.com\/iwellguard","https:\/\/profile.hatena.ne.jp\/iwellguard\/","https:\/\/experiment.com\/users\/iwellguard","https:\/\/wakelet.com\/@iWellGuard82270","https:\/\/www.chordie.com\/forum\/profile.php?id=2555664","https:\/\/www.instapaper.com\/p\/17757966","https:\/\/www.mapleprimes.com\/users\/iwellguard","https:\/\/businesslistingplus.com\/profile\/iwell-guard\/","https:\/\/telegra.ph\/iWell-Guard-06-06","https:\/\/pbase.com\/iwellguard\/iwellguard","https:\/\/b.hatena.ne.jp\/iwellguard\/20260607#bookmark-4788405196491818882","https:\/\/fliphtml5.com\/home\/iwellguard","https:\/\/anyflip.com\/homepage\/cmiwl#About","https:\/\/transfur.com\/Users\/iwellguard","http:\/\/delphi.larsbo.org\/user\/iwellguard","https:\/\/jobs.lajobsportal.org\/profiles\/8380803-iwell-guard","https:\/\/md.chaosdorf.de\/s\/jfbe5SBdJD","https:\/\/www.lingvolive.com\/en-us\/profile\/9ecaeaca-ce11-4e51-9e71-01d55e2bff36\/translations","https:\/\/www.fitday.com\/fitness\/forums\/members\/iwellguard.html","https:\/\/www.mymeetbook.com\/iwellguard","https:\/\/pxhere.com\/en\/photographer-me\/5040798","https:\/\/disqus.com\/by\/iwellguard\/about\/","https:\/\/pastelink.net\/hjwciqwq","https:\/\/pubhtml5.com\/homepage\/scjhn\/","https:\/\/www.bitchute.com\/channel\/2O2eOKzNqujT","https:\/\/audiomack.com\/iwellguard"]},{"@type":"Person","@id":"https:\/\/iwell-guard.com\/sk\/#\/schema\/person\/ee2a27f1cac3406c7c6fb5820cb7349f","name":"Ralf Ittermann","image":{"@type":"ImageObject","inLanguage":"sk-SK","@id":"https:\/\/secure.gravatar.com\/avatar\/073c0153e350a5005b68eb752b445fea71f6b24a26da9449ad7e155e6b446c9d?s=96&d=mm&r=g","url":"https:\/\/secure.gravatar.com\/avatar\/073c0153e350a5005b68eb752b445fea71f6b24a26da9449ad7e155e6b446c9d?s=96&d=mm&r=g","contentUrl":"https:\/\/secure.gravatar.com\/avatar\/073c0153e350a5005b68eb752b445fea71f6b24a26da9449ad7e155e6b446c9d?s=96&d=mm&r=g","caption":"Ralf Ittermann"},"givenName":"Ralf","familyName":"Ittermann","jobTitle":"Gesch\u00e4ftsf\u00fchrer und redaktioneller Verantwortlicher","url":"https:\/\/iwell-guard.com\/sk\/author\/claude\/","description":"Ralf Ittermann ist Gesch\u00e4ftsf\u00fchrer der Ittermann electronic GmbH und redaktioneller Verantwortlicher des iWell-Guard-Lexikons. Er verbindet langj\u00e4hrige Erfahrung in der Pr\u00e4zisionsfertigung mit medialer Praxis und religionsgeschichtlicher Quellenarbeit.","worksFor":{"@type":"Organization","name":"Ittermann electronic GmbH","url":"https:\/\/ittermann.de\/","address":{"@type":"PostalAddress","streetAddress":"K\u00f6hlergasse 16-18","postalCode":"99842","addressLocality":"Ruhla","addressCountry":"DE"}},"knowsAbout":["Religionsgeschichte","Mythologie","Mediale Praxis","Energetische Diagnostik","Schutzpraxis","Volksglauben","Westliche Esoterik"]},{"@type":"Article","@id":"https:\/\/iwell-guard.com\/sk\/erlik-khan-vladca-podsvetia-altajcov\/#article","isPartOf":{"@id":"https:\/\/iwell-guard.com\/sk\/erlik-khan-vladca-podsvetia-altajcov\/"},"author":{"name":"Ralf Ittermann","@id":"https:\/\/iwell-guard.com\/sk\/#\/schema\/person\/ee2a27f1cac3406c7c6fb5820cb7349f"},"headline":"Erlik Khan \u2013 vl\u00e1dca podsvetia Altajcov","datePublished":"2026-09-04T22:20:14+00:00","dateModified":"2026-09-04T22:47:26+00:00","mainEntityOfPage":{"@id":"https:\/\/iwell-guard.com\/sk\/erlik-khan-vladca-podsvetia-altajcov\/"},"publisher":{"@id":"https:\/\/iwell-guard.com\/sk\/#organization"},"image":{"@id":"https:\/\/iwell-guard.com\/sk\/erlik-khan-vladca-podsvetia-altajcov\/#primaryimage"},"thumbnailUrl":"https:\/\/iwell-guard.com\/wp-content\/uploads\/2026\/05\/daemonen_sibirisch-tengrismus_erlik-khan.webp","inLanguage":"sk-SK","description":"Erlik Khan je v juhosib\u00edrskom tengrizme p\u00e1nom podsvetia a protivn\u00edkom \u00dclgena. Zaradenie s m\u00fdtom a kultom."}]}},"_links":{"self":[{"href":"https:\/\/iwell-guard.com\/sk\/wp-json\/wp\/v2\/pages\/157973","targetHints":{"allow":["GET"]}}],"collection":[{"href":"https:\/\/iwell-guard.com\/sk\/wp-json\/wp\/v2\/pages"}],"about":[{"href":"https:\/\/iwell-guard.com\/sk\/wp-json\/wp\/v2\/types\/page"}],"author":[{"embeddable":true,"href":"https:\/\/iwell-guard.com\/sk\/wp-json\/wp\/v2\/users\/3"}],"replies":[{"embeddable":true,"href":"https:\/\/iwell-guard.com\/sk\/wp-json\/wp\/v2\/comments?post=157973"}],"version-history":[{"count":0,"href":"https:\/\/iwell-guard.com\/sk\/wp-json\/wp\/v2\/pages\/157973\/revisions"}],"wp:featuredmedia":[{"embeddable":true,"href":"https:\/\/iwell-guard.com\/sk\/wp-json\/wp\/v2\/media\/2855"}],"wp:attachment":[{"href":"https:\/\/iwell-guard.com\/sk\/wp-json\/wp\/v2\/media?parent=157973"}],"wp:term":[{"taxonomy":"category","embeddable":true,"href":"https:\/\/iwell-guard.com\/sk\/wp-json\/wp\/v2\/categories?post=157973"}],"curies":[{"name":"wp","href":"https:\/\/api.w.org\/{rel}","templated":true}]}}