{"id":157969,"date":"2026-09-04T22:20:11","date_gmt":"2026-09-04T22:20:11","guid":{"rendered":"https:\/\/iwell-guard.com\/?page_id=157969"},"modified":"2026-09-04T22:47:21","modified_gmt":"2026-09-04T22:47:21","slug":"reshef-fenicky-boh-moru-a-vojny","status":"publish","type":"page","link":"https:\/\/iwell-guard.com\/sk\/reshef-fenicky-boh-moru-a-vojny\/","title":{"rendered":"Reshef \u2013 F\u00e9nick\u00fd boh moru a vojny"},"content":{"rendered":"\t\t<div data-elementor-type=\"wp-page\" data-elementor-id=\"157969\" class=\"elementor elementor-157969 elementor-2633 elementor-bc-flex-widget\" data-elementor-post-type=\"page\">\n\t\t\t\t<div class=\"elementor-element elementor-element-iwgw-reshef-hero e-flex e-con-boxed e-con e-parent\" data-id=\"iwgw-reshef-hero\" data-element_type=\"container\" data-e-type=\"container\" data-settings=\"{&quot;background_background&quot;:&quot;classic&quot;}\">\n\t\t\t\t\t<div class=\"e-con-inner\">\n\t\t<div class=\"elementor-element elementor-element-iwgw-reshef-hl e-flex e-con-boxed e-con e-child\" data-id=\"iwgw-reshef-hl\" data-element_type=\"container\" data-e-type=\"container\">\n\t\t\t\t\t<div class=\"e-con-inner\">\n\t\t<div class=\"elementor-element elementor-element-iwgw-reshef-htxt e-con-full e-flex e-con e-child\" data-id=\"iwgw-reshef-htxt\" data-element_type=\"container\" data-e-type=\"container\">\n\t\t\t\t<div class=\"elementor-element elementor-element-iwgw-reshef-h1 elementor-widget elementor-widget-heading\" data-id=\"iwgw-reshef-h1\" data-element_type=\"widget\" data-e-type=\"widget\" data-widget_type=\"heading.default\">\n\t\t\t\t\t<h1 class=\"elementor-heading-title elementor-size-default\">Reshef, f\u00e9nicko-kana\u00e1nsky boh moru a vojny<\/h1>\t\t\t\t<\/div>\n\t\t\t\t<div class=\"elementor-element elementor-element-iwgw-reshef-lead elementor-widget elementor-widget-text-editor\" data-id=\"iwgw-reshef-lead\" data-element_type=\"widget\" data-e-type=\"widget\" data-widget_type=\"text-editor.default\">\n\t\t\t\t\t\t\t\t\t<p>Reshef (f\u00e9nicky <em>r\u0161p<\/em>, ugaritsky <em>r\u0161p<\/em>) je f\u00e9nicko-kana\u00e1nsky boh moru, vojny a luku. Uctievali ho na Bl\u00edzkom v\u00fdchode a vo fara\u00f3nskom Egypte ako ambivalentn\u00fa moc: prin\u00e1\u0161al choroby a smr\u0165, a z\u00e1rove\u0148 bol ochrann\u00fdm bohom proti t\u00fdmto zl\u00e1m.<\/p>\t\t\t\t\t\t\t\t<\/div>\n\t\t\t\t<\/div>\n\t\t<div class=\"elementor-element elementor-element-iwgw-reshef-pillc e-con-full e-flex e-con e-child\" data-id=\"iwgw-reshef-pillc\" data-element_type=\"container\" data-e-type=\"container\">\n\t\t\t\t<div class=\"elementor-element elementor-element-iwgw-reshef-pills elementor-widget elementor-widget-html\" data-id=\"iwgw-reshef-pills\" data-element_type=\"widget\" data-e-type=\"widget\" data-widget_type=\"html.default\">\n\t\t\t\t\t<div class=\"iwg-pill-row\"><span class=\"iwg-klasse-badge\" tabindex=\"0\" data-tooltip=\"Boh trad\u00edcie F\u00e9nick\u00e1.\">Boh<\/span><a href=\"https:\/\/iwell-guard.com\/sk\/fenicania-kartago-baal-tanit\/\" class=\"iwg-kultur-badge\" tabindex=\"0\" data-tooltip=\"Mytol\u00f3gia trad\u00edcie F\u00e9nick\u00e1.\">F\u00e9nick\u00e1<\/a><span class=\"iwg-tradition-badge\" tabindex=\"0\" data-tooltip=\"Boh moru a vojny.\">Boh moru a vojny<\/span><\/div>\t\t\t\t<\/div>\n\t\t\t\t<\/div>\n\t\t<div class=\"elementor-element elementor-element-iwgw-reshef-tocc e-con-full e-flex e-con e-child\" data-id=\"iwgw-reshef-tocc\" data-element_type=\"container\" data-e-type=\"container\">\n\t\t\t\t<div class=\"elementor-element elementor-element-iwgw-reshef-toc elementor-toc--minimized-on-tablet elementor-widget elementor-widget-table-of-contents\" data-id=\"iwgw-reshef-toc\" data-element_type=\"widget\" data-e-type=\"widget\" data-settings=\"{&quot;headings_by_tags&quot;:[&quot;h2&quot;,&quot;h3&quot;],&quot;minimize_box&quot;:&quot;yes&quot;,&quot;marker_view&quot;:&quot;bullets&quot;,&quot;no_headings_message&quot;:&quot;Na tejto str\\u00e1nke sa nena\\u0161li \\u017eiadne nadpisy.&quot;,&quot;exclude_headings_by_selector&quot;:[],&quot;icon&quot;:{&quot;value&quot;:&quot;fas fa-circle&quot;,&quot;library&quot;:&quot;fa-solid&quot;,&quot;rendered_tag&quot;:&quot;&lt;svg class=\\&quot;e-font-icon-svg e-fas-circle\\&quot; viewBox=\\&quot;0 0 512 512\\&quot; xmlns=\\&quot;http:\\\/\\\/www.w3.org\\\/2000\\\/svg\\&quot;&gt;&lt;path d=\\&quot;M256 8C119 8 8 119 8 256s111 248 248 248 248-111 248-248S393 8 256 8z\\&quot;&gt;&lt;\\\/path&gt;&lt;\\\/svg&gt;&quot;},&quot;minimized_on&quot;:&quot;tablet&quot;,&quot;hierarchical_view&quot;:&quot;yes&quot;,&quot;min_height&quot;:{&quot;unit&quot;:&quot;px&quot;,&quot;size&quot;:&quot;&quot;,&quot;sizes&quot;:[]},&quot;min_height_tablet&quot;:{&quot;unit&quot;:&quot;px&quot;,&quot;size&quot;:&quot;&quot;,&quot;sizes&quot;:[]},&quot;min_height_mobile&quot;:{&quot;unit&quot;:&quot;px&quot;,&quot;size&quot;:&quot;&quot;,&quot;sizes&quot;:[]}}\" data-widget_type=\"table-of-contents.default\">\n\t\t\t\t\t\t\t\t\t<div class=\"elementor-toc__header\">\n\t\t\t\t\t\t<h2 class=\"elementor-toc__header-title\">\n\t\t\t\tObsah\t\t\t<\/h2>\n\t\t\t\t\t\t\t\t\t\t<div class=\"elementor-toc__toggle-button elementor-toc__toggle-button--expand\" role=\"button\" tabindex=\"0\" aria-controls=\"elementor-toc__iwgw-reshef-toc\" aria-expanded=\"true\" aria-label=\"Open table of contents\"><svg aria-hidden=\"true\" class=\"e-font-icon-svg e-fas-chevron-down\" viewBox=\"0 0 448 512\" xmlns=\"http:\/\/www.w3.org\/2000\/svg\"><path d=\"M207.029 381.476L12.686 187.132c-9.373-9.373-9.373-24.569 0-33.941l22.667-22.667c9.357-9.357 24.522-9.375 33.901-.04L224 284.505l154.745-154.021c9.379-9.335 24.544-9.317 33.901.04l22.667 22.667c9.373 9.373 9.373 24.569 0 33.941L240.971 381.476c-9.373 9.372-24.569 9.372-33.942 0z\"><\/path><\/svg><\/div>\n\t\t\t\t<div class=\"elementor-toc__toggle-button elementor-toc__toggle-button--collapse\" role=\"button\" tabindex=\"0\" aria-controls=\"elementor-toc__iwgw-reshef-toc\" aria-expanded=\"true\" aria-label=\"Close table of contents\"><svg aria-hidden=\"true\" class=\"e-font-icon-svg e-fas-chevron-up\" viewBox=\"0 0 448 512\" xmlns=\"http:\/\/www.w3.org\/2000\/svg\"><path d=\"M240.971 130.524l194.343 194.343c9.373 9.373 9.373 24.569 0 33.941l-22.667 22.667c-9.357 9.357-24.522 9.375-33.901.04L224 227.495 69.255 381.516c-9.379 9.335-24.544 9.317-33.901-.04l-22.667-22.667c-9.373-9.373-9.373-24.569 0-33.941L207.03 130.525c9.372-9.373 24.568-9.373 33.941-.001z\"><\/path><\/svg><\/div>\n\t\t\t\t\t<\/div>\n\t\t\t\t<div id=\"elementor-toc__iwgw-reshef-toc\" class=\"elementor-toc__body\">\n\t\t\t<div class=\"elementor-toc__spinner-container\">\n\t\t\t\t<svg class=\"elementor-toc__spinner eicon-animation-spin e-font-icon-svg e-eicon-loading\" aria-hidden=\"true\" viewBox=\"0 0 1000 1000\" xmlns=\"http:\/\/www.w3.org\/2000\/svg\"><path d=\"M500 975V858C696 858 858 696 858 500S696 142 500 142 142 304 142 500H25C25 237 238 25 500 25S975 237 975 500 763 975 500 975Z\"><\/path><\/svg>\t\t\t<\/div>\n\t\t<\/div>\n\t\t\t\t\t\t<\/div>\n\t\t\t\t<\/div>\n\t\t\t\t\t<\/div>\n\t\t\t\t<\/div>\n\t\t<div class=\"elementor-element elementor-element-iwgw-reshef-hr e-con-full e-flex e-con e-child\" data-id=\"iwgw-reshef-hr\" data-element_type=\"container\" data-e-type=\"container\">\n\t\t\t\t<div class=\"elementor-element elementor-element-iwgw-reshef-heroimg iwg-hero-image elementor-widget elementor-widget-image\" data-id=\"iwgw-reshef-heroimg\" data-element_type=\"widget\" data-e-type=\"widget\" data-widget_type=\"image.default\">\n\t\t\t\t\t\t\t\t\t\t\t\t\t\t\t<img fetchpriority=\"high\" decoding=\"async\" width=\"683\" height=\"1024\" src=\"https:\/\/iwell-guard.com\/wp-content\/uploads\/2026\/05\/goetter_phoenizisch_reshef-683x1024.webp\" class=\"attachment-large size-large wp-image-159797\" alt=\"Re\u0161ef \u2013 bohovia z fenickej trad\u00edcie, historicko-ilustra\u010dn\u00e9 zobrazenie\" srcset=\"https:\/\/iwell-guard.com\/wp-content\/uploads\/2026\/05\/goetter_phoenizisch_reshef-683x1024.webp 683w, https:\/\/iwell-guard.com\/wp-content\/uploads\/2026\/05\/goetter_phoenizisch_reshef-200x300.webp 200w, https:\/\/iwell-guard.com\/wp-content\/uploads\/2026\/05\/goetter_phoenizisch_reshef-768x1152.webp 768w, https:\/\/iwell-guard.com\/wp-content\/uploads\/2026\/05\/goetter_phoenizisch_reshef.webp 1024w\" sizes=\"(max-width: 683px) 100vw, 683px\" \/>\t\t\t\t\t\t\t\t\t\t\t\t\t\t\t<\/div>\n\t\t\t\t<\/div>\n\t\t\t\t\t<\/div>\n\t\t\t\t<\/div>\n\t\t\t\t<section class=\"elementor-section elementor-top-section elementor-element elementor-element-sec-iwgcomp2-reshef elementor-section-boxed elementor-section-height-default elementor-section-height-default\" data-id=\"sec-iwgcomp2-reshef\" data-element_type=\"section\" data-e-type=\"section\">\n\t\t\t\t\t\t<div class=\"elementor-container elementor-column-gap-default\">\n\t\t\t\t\t<div class=\"elementor-column elementor-col-100 elementor-top-column elementor-element elementor-element-col-iwgcomp2-reshef\" data-id=\"col-iwgcomp2-reshef\" data-element_type=\"column\" data-e-type=\"column\">\n\t\t\t<div class=\"elementor-widget-wrap elementor-element-populated\">\n\t\t\t\t\t\t<div class=\"elementor-element elementor-element-iwgcomp2-reshef elementor-widget elementor-widget-text-editor\" data-id=\"iwgcomp2-reshef\" data-element_type=\"widget\" data-e-type=\"widget\" data-widget_type=\"text-editor.default\">\n\t\t\t\t\t\t\t\t\t<p>Reshef vystupuje ako <strong>f\u00e9nicko-kana\u00e1nsky<\/strong> boh moru a vojny v textoch z Ugaritu a Levanty.<\/p>\t\t\t\t\t\t\t\t<\/div>\n\t\t\t\t\t<\/div>\n\t\t<\/div>\n\t\t\t\t\t<\/div>\n\t\t<\/section>\n\t\t<div class=\"elementor-element elementor-element-iwgw-reshef-s0 e-flex e-con-boxed e-con e-parent\" data-id=\"iwgw-reshef-s0\" data-element_type=\"container\" data-e-type=\"container\">\n\t\t\t\t\t<div class=\"e-con-inner\">\n\t\t\t\t<div class=\"elementor-element elementor-element-iwgw-reshef-s0h elementor-widget elementor-widget-heading\" data-id=\"iwgw-reshef-s0h\" data-element_type=\"widget\" data-e-type=\"widget\" data-widget_type=\"heading.default\">\n\t\t\t\t\t<h2 class=\"elementor-heading-title elementor-size-default\">Zaradenie a stru\u010dn\u00fd profil<\/h2>\t\t\t\t<\/div>\n\t\t<div class=\"elementor-element elementor-element-iwgw-reshef-s0c e-con-full e-flex e-con e-child\" data-id=\"iwgw-reshef-s0c\" data-element_type=\"container\" data-e-type=\"container\">\n\t\t\t\t<div class=\"elementor-element elementor-element-iwgw-reshef-s0t elementor-widget elementor-widget-text-editor\" data-id=\"iwgw-reshef-s0t\" data-element_type=\"widget\" data-e-type=\"widget\" data-widget_type=\"text-editor.default\">\n\t\t\t\t\t\t\t\t\t<p>Reshef patr\u00ed medzi najstar\u0161\u00edch bohov z\u00e1padosemitskej trad\u00edcie; je dolo\u017een\u00fd u\u017e od staros\u00fdrskeho obdobia (koniec 3. tis\u00edcro\u010dia pred Kr.) v Eble a zost\u00e1va akt\u00edvny a\u017e do helenistick\u00e9ho a r\u00edmskeho obdobia.<\/p><p>Sabatino Moscati v diele <em>Die Ph\u00f6niker<\/em> (1966) uk\u00e1zal, \u017ee Reshef zohr\u00e1va d\u00f4le\u017eit\u00fa \u00falohu takmer v ka\u017edom f\u00e9nickom mestskom \u0161t\u00e1te; jeho profil boha moru a vojny ho rob\u00ed ambivalentn\u00fdm, ob\u00e1van\u00fdm a z\u00e1rove\u0148 vz\u00fdvan\u00fdm o pomoc.<\/p><p>Paolo Xella v diele <em>I testi rituali di Ugarit<\/em> (1981) a Maciej M\u00fcnnich v diele <em>The God Resheph<\/em> (2013) podrobne sk\u00famali texty o Reshefovi. M\u00fcnnichova monografia je najpodrobnej\u0161ou modernou \u0161t\u00fadiou tohto boha a sl\u00fa\u017ei ako \u0161tandardn\u00e1 referencia. V r\u00e1mci <a href=\"https:\/\/iwell-guard.com\/sk\/fenicania-kartago-baal-tanit\/\">f\u00e9nickej trad\u00edcie<\/a> je Reshef prototypick\u00fdm ambivalentn\u00fdm bohom choroby a n\u00e1silnej smrti.<\/p><p>Z religionistick\u00e9ho h\u013eadiska patr\u00ed Reshef do medzin\u00e1rodnej rodiny bohov \u201emorov\u00e9ho \u0161\u00edpu\u201c, ktor\u00ed sa objavuj\u00fa v takmer v\u0161etk\u00fdch predo\u00e1zijsk\u00fdch mytol\u00f3gi\u00e1ch: Erra\/Nergal v Mezopot\u00e1mii, morov\u00e9 aspekty gr\u00e9ckeho Apol\u00f3na, hetitsk\u00fd Yarri a viacero \u010fal\u0161\u00edch. Tieto bo\u017estv\u00e1 vysielaj\u00fa \u0161\u00edpy prin\u00e1\u0161aj\u00face choroby a smr\u0165, ale mo\u017eno ich z\u00e1rove\u0148 vz\u00fdva\u0165 o ochranu pred t\u00fdmito zlami. T\u00e1to ambivalencia je k\u013e\u00fa\u010dov\u00fdm znakom Reshefovho profilu.<\/p><p>Zauj\u00edmavou osobitos\u0165ou Reshefa je jeho spojenie s ko\u0148om: v ugaritsk\u00fdch textoch je ob\u010das ozna\u010dovan\u00fd ako \u201eReshef kon\u00ed\u201c, \u010do mo\u017eno odkazuje na jeho funkciu ochrann\u00e9ho boha bojov\u00fdch vozov. T\u00e1to \u0161\u00edrka funkci\u00ed, mor, vojna, k\u00f4\u0148, luk, rob\u00ed z Reshefa zlo\u017eit\u00e9 bo\u017estvo s mnoh\u00fdmi aspektmi.<\/p>\t\t\t\t\t\t\t\t<\/div>\n\t\t\t\t<\/div>\n\t\t\t\t\t<\/div>\n\t\t\t\t<\/div>\n\t\t<div class=\"elementor-element elementor-element-iwgw-reshef-s1 e-flex e-con-boxed e-con e-parent\" data-id=\"iwgw-reshef-s1\" data-element_type=\"container\" data-e-type=\"container\">\n\t\t\t\t\t<div class=\"e-con-inner\">\n\t\t\t\t<div class=\"elementor-element elementor-element-iwgw-reshef-s1h elementor-widget elementor-widget-heading\" data-id=\"iwgw-reshef-s1h\" data-element_type=\"widget\" data-e-type=\"widget\" data-widget_type=\"heading.default\">\n\t\t\t\t\t<h2 class=\"elementor-heading-title elementor-size-default\">Meno a etymol\u00f3gia<\/h2>\t\t\t\t<\/div>\n\t\t<div class=\"elementor-element elementor-element-iwgw-reshef-s1c e-con-full e-flex e-con e-child\" data-id=\"iwgw-reshef-s1c\" data-element_type=\"container\" data-e-type=\"container\">\n\t\t\t\t<div class=\"elementor-element elementor-element-iwgw-reshef-s1t elementor-widget elementor-widget-text-editor\" data-id=\"iwgw-reshef-s1t\" data-element_type=\"widget\" data-e-type=\"widget\" data-widget_type=\"text-editor.default\">\n\t\t\t\t\t\t\t\t\t<p>Meno <em>r\u0161p<\/em> je z\u00e1padosemitsk\u00e9ho p\u00f4vodu; jeho etymol\u00f3gia nie je definit\u00edvne objasnen\u00e1. Jedno mo\u017en\u00e9 vysvetlenie ho sp\u00e1ja s kore\u0148om <em>r\u0161p<\/em> \u201eplame\u0148, blesk, iskra\u201c, \u010do by zodpovedalo jeho ikonografii spojenej so \u0161\u00edpmi a morom. V hebrej\u010dine sa slovo <em>re\u0161ef<\/em> vyskytuje ako podstatn\u00e9 meno vo v\u00fdzname \u201e\u0161\u00edp\u201c alebo \u201eohniv\u00e1 choroba\u201c (Dt 32,24; J\u00f3b 5,7; Pies 8,6), \u010do predstavuje priamy s\u00e9mantick\u00fd odkaz.<\/p><p>V n\u00e1pisoch sa vyskytuje ako <em>r\u0161p<\/em>, \u010dasto s pr\u00edvlastkami: Reshef-Hagab (\u201eReshef kon\u00edka\u201c), Reshef-Mlk (\u201eReshef kr\u00e1\u013e\u201c), Reshef-\u0160uluman (\u201eReshef mieru\u201c). T\u00e1to rozmanitos\u0165 pr\u00edvlastkov odr\u00e1\u017ea jeho mnoh\u00e9 hypost\u00e1zy v r\u00f4znych miestnych kontextoch. V Eble sa objavuje u\u017e v 24. storo\u010d\u00ed pred Kr.; v Ugarite je v\u00fdznamn\u00fdm bohom.<\/p><p>V Egypte sa vyskytuje od Novej r\u00ed\u0161e ako \u201eReshep\u201c, prevzat\u00fd do egyptsk\u00e9ho <span class=\"iwg-fachbegriff\" data-tooltip=\"S\u00fahrn bohov ur\u010dit\u00e9ho n\u00e1bo\u017eenstva alebo kult\u00fary.\" tabindex=\"0\">pante\u00f3nu<\/span>. Fara\u00f3n Amenhotep II. (15. storo\u010die pred Kr.) ho uctieval ako boha vojny a luku; na mnoh\u00fdch st\u00e9lach z oblasti T\u00e9b sa objavuje ako f\u00fazat\u00fd bojovn\u00edk s prilbou a lukom.<\/p><p>Egyptsk\u00e9 uctievanie Reshefa je pozoruhodn\u00fdm religionistick\u00fdm dokladom prevzatia cudzieho kultu a podrobne sa mu venuj\u00fa \u0161t\u00fadie Izaka Corneliusa (<em>The Iconography of the Canaanite Gods Reshef and Ba\u02bfal<\/em>, 1994).<\/p><p>Aj v aramejskom materi\u00e1li z 1. tis\u00edcro\u010dia pred Kr. sa Reshef objavuje vo viacer\u00fdch n\u00e1pisoch, napr\u00edklad na <span class=\"iwg-fachbegriff\" data-tooltip=\"Stojaca kamenn\u00e1 alebo dreven\u00e1 plat\u0148a s n\u00e1pisom alebo obrazom.\" tabindex=\"0\">st\u00e9le<\/span> Bar-Rakiba zo Sam&#8217;alu (8. storo\u010die pred Kr.). T\u00e1to aramejsk\u00e1 trad\u00edcia Reshefa sved\u010d\u00ed o pretrv\u00e1van\u00ed jeho kultu vo v\u00fdchodosemitskej <span class=\"iwg-fachbegriff\" data-tooltip=\"Predhistorick\u00e1 epocha po bronzovej dobe, charakterizovan\u00e1 spracovan\u00edm \u017eeleza.\" tabindex=\"0\">\u017eeleznej dobe<\/span>.<\/p>\t\t\t\t\t\t\t\t<\/div>\n\t\t\t\t<\/div>\n\t\t\t\t\t<\/div>\n\t\t\t\t<\/div>\n\t\t<div class=\"elementor-element elementor-element-iwgw-reshef-s2 e-flex e-con-boxed e-con e-parent\" data-id=\"iwgw-reshef-s2\" data-element_type=\"container\" data-e-type=\"container\">\n\t\t\t\t\t<div class=\"e-con-inner\">\n\t\t\t\t<div class=\"elementor-element elementor-element-iwgw-reshef-s2h elementor-widget elementor-widget-heading\" data-id=\"iwgw-reshef-s2h\" data-element_type=\"widget\" data-e-type=\"widget\" data-widget_type=\"heading.default\">\n\t\t\t\t\t<h2 class=\"elementor-heading-title elementor-size-default\">Popis a ikonografia<\/h2>\t\t\t\t<\/div>\n\t\t<div class=\"elementor-element elementor-element-iwgw-reshef-s2c e-con-full e-flex e-con e-child\" data-id=\"iwgw-reshef-s2c\" data-element_type=\"container\" data-e-type=\"container\">\n\t\t\t\t<div class=\"elementor-element elementor-element-iwgw-reshef-s2t elementor-widget elementor-widget-text-editor\" data-id=\"iwgw-reshef-s2t\" data-element_type=\"widget\" data-e-type=\"widget\" data-widget_type=\"text-editor.default\">\n\t\t\t\t\t\t\t\t\t<p>Reshef sa v z\u00e1padosemitskej a egyptskej ikonografii zobrazuje ako f\u00fazat\u00fd mu\u017e v kr\u00e1tkej suknici, s prilbou alebo vysokou \u0161picatou pokr\u00fdvkou hlavy, v jednej ruke s lukom alebo bojovou sekerou, v druhej s kopijou alebo \u0161t\u00edtom.<\/p><p>Charakteristick\u00e1 obrazov\u00e1 trad\u00edcia ho zobrazuje so \u0161\u00edpom v zdvihnutej ruke, pripraven\u00e9ho na v\u00fdstrel; in\u00fd typ zobrazenia mu na \u010dele prid\u00e1va hlavu gazely.<\/p><p>Jeho sv\u00e4t\u00fdm zviera\u0165om je gazela; na niektor\u00fdch vyobrazeniach jazd\u00ed na gazele alebo ju dr\u017e\u00ed za rohy. Gazela m\u00e1 z religionistick\u00e9ho h\u013eadiska v\u00fdpovedn\u00fa hodnotu: predstavuje r\u00fdchlos\u0165 morov\u00fdch \u0161\u00edpov a prchavos\u0165 choroby. Ob\u010das sa ako jeho sprievodn\u00e9 zvierat\u00e1 objavuj\u00fa aj k\u00f4\u0148 a b\u00fdk.<\/p><p>V Egypte bol Reshef \u010dasto zobrazovan\u00fd spolu s Minom (egyptsk\u00fd boh plodnosti) a Qadeshet (semitsk\u00e1 bohy\u0148a l\u00e1sky, pr\u00edbuzn\u00e1 s Astartou) v podobe trojice; t\u00e1to trojica \u201eReshef-Min-Qadeshet\u201c sa objavuje na viacer\u00fdch st\u00e9lach z Memfisu a Tanisu. T\u00e1to egyptsk\u00e1 trojica je samostatn\u00fdm historick\u00fdm v\u00fdvojom, ktor\u00fd v p\u00f4vodnej f\u00e9nickej domovine nie je dolo\u017een\u00fd.<\/p><p>Osobit\u00e1 egyptsk\u00e1 obrazov\u00e1 trad\u00edcia zobrazuje Reshefa s charakteristickou korunou \u201e\u0160sm\u201c v tvare kr\u00fa\u017ekov alebo \u0161picat\u00fdch pokr\u00fdvok hlavy, ktor\u00e1 ho odli\u0161uje od egyptsk\u00fdch bohov a zd\u00f4raz\u0148uje jeho semitsk\u00fd p\u00f4vod.<\/p>\t\t\t\t\t\t\t\t<\/div>\n\t\t\t\t<\/div>\n\t\t\t\t\t<\/div>\n\t\t\t\t<\/div>\n\t\t<div class=\"elementor-element elementor-element-iwgw-reshef-s3 e-flex e-con-boxed e-con e-parent\" data-id=\"iwgw-reshef-s3\" data-element_type=\"container\" data-e-type=\"container\">\n\t\t\t\t\t<div class=\"e-con-inner\">\n\t\t\t\t<div class=\"elementor-element elementor-element-iwgw-reshef-s3h elementor-widget elementor-widget-heading\" data-id=\"iwgw-reshef-s3h\" data-element_type=\"widget\" data-e-type=\"widget\" data-widget_type=\"heading.default\">\n\t\t\t\t\t<h2 class=\"elementor-heading-title elementor-size-default\">Mytologick\u00e9 rozpr\u00e1vania<\/h2>\t\t\t\t<\/div>\n\t\t<div class=\"elementor-element elementor-element-iwgw-reshef-s3c e-con-full e-flex e-con e-child\" data-id=\"iwgw-reshef-s3c\" data-element_type=\"container\" data-e-type=\"container\">\n\t\t\t\t<div class=\"elementor-element elementor-element-iwgw-reshef-s3t elementor-widget elementor-widget-text-editor\" data-id=\"iwgw-reshef-s3t\" data-element_type=\"widget\" data-e-type=\"widget\" data-widget_type=\"text-editor.default\">\n\t\t\t\t\t\t\t\t\t<p>Skuto\u010dn\u00e9 m\u00fdty o Re\u0161efovi sa zachovali len m\u00e1lo; ide predov\u0161etk\u00fdm o kultovo-ritu\u00e1lnu postavu. V ugaritsk\u00fdch textoch sa objavuje pr\u00edle\u017eitostne ako boh posla \u010di choroby, bez vlastnej narat\u00edvnej sekvencie. Vo f\u00e9nick\u00fdch n\u00e1pisoch je vz\u00fdvan\u00fd ako boh moru a vojny, bez mytologick\u00e9ho podkladu.<\/p><p>Fragment\u00e1rne rozpr\u00e1vanie sp\u00e1ja Re\u0161efa so \u201esiedmimi \u0161\u00edpmi\u201c, ktor\u00e9 vysiela proti nepriate\u013eom Izraela (pod\u013ea hebrejsk\u00e9ho materi\u00e1lu) alebo proti nepriate\u013eom Feni\u010danov (v z\u00e1padosemitsk\u00fdch textoch).<\/p><p>V hebrejskej knihe Habakuk (Hab 3,5) sa Re\u0161ef objavuje ako sprievodca Jahveho, kr\u00e1\u010daj\u00faci pred bo\u017esk\u00fdm bojovn\u00edkom: \u201ePred n\u00edm kr\u00e1\u010da mor a Re\u0161ef kr\u00e1\u010da mu v stop\u00e1ch.\u201c Tento dvojit\u00fd v\u00fdskyt je z h\u013eadiska dej\u00edn n\u00e1bo\u017eenstva ve\u013emi zauj\u00edmav\u00fd a dokazuje pretrv\u00e1vanie predst\u00e1v o Re\u0161efovi v hebrejskej poetickej trad\u00edcii.<\/p><p>V epose o Aqhatovi a v epose o Keretovi je Re\u0161ef pr\u00edle\u017eitostne vz\u00fdvan\u00fd, bez toho, aby vystupoval ako akt\u00edvna postava. Maciej M\u00fcnnich vo svojom diele <em>The God Resheph<\/em> (2013) presk\u00famal a okomentoval cel\u00fd textov\u00fd materi\u00e1l; nedostatok m\u00fdtov o Re\u0161efovi je zisten\u00fd fakt, nie chyba v <span class=\"iwg-fachbegriff\" data-tooltip=\"Odovzd\u00e1vanie vedomost\u00ed a pr\u00edbehov cez gener\u00e1cie.\" tabindex=\"0\">\u00fastnej trad\u00edcii<\/span>.<\/p><p>V Habakukovej teof\u00e1nii (Hab 3,3,6) sa Re\u0161ef objavuje v p\u00f4sobivej kon\u0161tel\u00e1cii: pred Jahvem kr\u00e1\u010daj\u00fa \u201emor\u201c (Deber) a \u201eRe\u0161ef\u201c ako kozmick\u00e9 predvoje.<\/p><p>Tento neskor\u00fd hebrejsk\u00fd n\u00e1lez je historicky ve\u013emi zauj\u00edmav\u00fd, preto\u017ee doklad\u00e1 pretrv\u00e1vanie predst\u00e1v o Re\u0161efovi v monoteistickej <span class=\"iwg-fachbegriff\" data-tooltip=\"Vedeck\u00e9 sk\u00famanie Boha a viery ur\u010dit\u00e9ho n\u00e1bo\u017eenstva.\" tabindex=\"0\">teol\u00f3gii<\/span>; z p\u00f4vodne samostatn\u00e9ho boha sa tu st\u00e1va \u201ebo\u017esk\u00fd posol\u201c alebo personifik\u00e1cia Jahveho trestn\u00fdch n\u00e1strojov.<\/p>\t\t\t\t\t\t\t\t<\/div>\n\t\t\t\t<\/div>\n\t\t\t\t\t<\/div>\n\t\t\t\t<\/div>\n\t\t<div class=\"elementor-element elementor-element-iwgw-reshef-s4 e-flex e-con-boxed e-con e-parent\" data-id=\"iwgw-reshef-s4\" data-element_type=\"container\" data-e-type=\"container\">\n\t\t\t\t\t<div class=\"e-con-inner\">\n\t\t\t\t<div class=\"elementor-element elementor-element-iwgw-reshef-s4h elementor-widget elementor-widget-heading\" data-id=\"iwgw-reshef-s4h\" data-element_type=\"widget\" data-e-type=\"widget\" data-widget_type=\"heading.default\">\n\t\t\t\t\t<h2 class=\"elementor-heading-title elementor-size-default\">Kult a uctievanie<\/h2>\t\t\t\t<\/div>\n\t\t<div class=\"elementor-element elementor-element-iwgw-reshef-s4c e-con-full e-flex e-con e-child\" data-id=\"iwgw-reshef-s4c\" data-element_type=\"container\" data-e-type=\"container\">\n\t\t\t\t<div class=\"elementor-element elementor-element-iwgw-reshef-s4t elementor-widget elementor-widget-text-editor\" data-id=\"iwgw-reshef-s4t\" data-element_type=\"widget\" data-e-type=\"widget\" data-widget_type=\"text-editor.default\">\n\t\t\t\t\t\t\t\t\t<p>Hlavn\u00fdmi kultov\u00fdmi miestami Re\u0161efa vo Fen\u00edcii boli Byblos, T\u00fdros, Sidon, Berytos, Idalion na Cypre a Sarepta. Vo fara\u00f3nskom Egypte bol uctievan\u00fd v Memfise a Tanise; niektor\u00e9 texty spom\u00ednaj\u00fa aj samostatn\u00e9 \u201emesto Re\u0161ef\u201c (dne\u0161n\u00fd Tell Reshef vo Fen\u00edcii?), ktor\u00e9 v\u0161ak archeologicky nebolo jednozna\u010dne identifikovan\u00e9.<\/p><p>Najd\u00f4le\u017eitej\u0161\u00edm zdrojom s\u00fa st\u00e9ly a vot\u00edvne n\u00e1pisy; v Kart\u00e1gu, Motyi a Sulcise sa Re\u0161ef pravidelne objavuje ako pr\u00edjemca vot\u00edvnych darov, \u010dasto spolu s <a href=\"https:\/\/iwell-guard.com\/sk\/?page_id=157965\">Baal-Hammonom<\/a>, <a href=\"https:\/\/iwell-guard.com\/sk\/?page_id=157963\">Tanit<\/a> alebo <a href=\"https:\/\/iwell-guard.com\/sk\/?page_id=157967\">E\u0161munom<\/a>. Charles Krahmalkov v diele <em>A Phoenician-Punic Grammar<\/em> (2001) a Wolfgang R\u00f6llig v <em>Kanaan\u00e4ische und aram\u00e4ische Inschriften<\/em> zhroma\u017edili najd\u00f4le\u017eitej\u0161ie epigrafick\u00e9 d\u00f4kazy.<\/p><p>Vo fara\u00f3nskom Egypte patril Re\u0161ef do kateg\u00f3rie \u201e\u00e1zijsk\u00fdch bohov\u201c, ktor\u00ed boli v obdob\u00ed Novej r\u00ed\u0161e akt\u00edvne podporovan\u00ed.<\/p><p>Fara\u00f3n Amenhotep II. a jeho n\u00e1stupcovia ho uctievali ako boha luku a vojny; st\u00e9ly s Re\u0161efom sa objavuj\u00fa dokonca v kr\u00e1\u013eovskom prostred\u00ed, napr\u00edklad v th\u00e9bskych kr\u00e1\u013eovsk\u00fdch hrobk\u00e1ch. Fara\u00f3ni sa s Re\u0161efom stoto\u017e\u0148ovali ako s bojovn\u00edkom a jeho ochrann\u00fa silu pren\u00e1\u0161ali na kr\u00e1\u013eovsk\u00fa osobu.<\/p><p>Vo fara\u00f3nskom Egypte uctievali Re\u0161efa aj s\u00fakromn\u00e9 osoby; sl\u00e1vna <span class=\"iwg-fachbegriff\" data-tooltip=\"Zvislo postaven\u00e1 kamenn\u00e1 alebo dreven\u00e1 plat\u0148a s n\u00e1pisom alebo obrazom.\" tabindex=\"0\">st\u00e9la<\/span> z Tanisu zobrazuje s\u00fakromn\u00edka menom \u201ePa-Aper-Re\u0161ef\u201c, ktor\u00fd sa k bohu obracia s prosbou o vylie\u010denie z o\u010dnej choroby. T\u00e1to \u013eudov\u00e1 zbo\u017enos\u0165 je d\u00f4le\u017eit\u00fdm dokladom roz\u0161\u00edrenia kultu medzi oby\u010dajn\u00fdm obyvate\u013estvom v egyptskej Novej r\u00ed\u0161i.<\/p>\t\t\t\t\t\t\t\t<\/div>\n\t\t\t\t<\/div>\n\t\t\t\t\t<\/div>\n\t\t\t\t<\/div>\n\t\t<div class=\"elementor-element elementor-element-iwgw-reshef-s5 e-flex e-con-boxed e-con e-parent\" data-id=\"iwgw-reshef-s5\" data-element_type=\"container\" data-e-type=\"container\">\n\t\t\t\t\t<div class=\"e-con-inner\">\n\t\t\t\t<div class=\"elementor-element elementor-element-iwgw-reshef-s5h elementor-widget elementor-widget-heading\" data-id=\"iwgw-reshef-s5h\" data-element_type=\"widget\" data-e-type=\"widget\" data-widget_type=\"heading.default\">\n\t\t\t\t\t<h2 class=\"elementor-heading-title elementor-size-default\">Ochrann\u00e1 prax a apotropaika<\/h2>\t\t\t\t<\/div>\n\t\t<div class=\"elementor-element elementor-element-iwgw-reshef-s5c e-con-full e-flex e-con e-child\" data-id=\"iwgw-reshef-s5c\" data-element_type=\"container\" data-e-type=\"container\">\n\t\t\t\t<div class=\"elementor-element elementor-element-iwgw-reshef-s5t elementor-widget elementor-widget-text-editor\" data-id=\"iwgw-reshef-s5t\" data-element_type=\"widget\" data-e-type=\"widget\" data-widget_type=\"text-editor.default\">\n\t\t\t\t\t\t\t\t\t<p>Re\u0161efova ochrann\u00e1 funkcia mala dvojak\u00e9 zameranie: ochranu pred chorobami (najm\u00e4 epid\u00e9miami, hor\u00fa\u010dkami, morom) a ochranu vo vojne. V \u010dasoch morov\u00fdch epid\u00e9mi\u00ed bol vz\u00fdvan\u00fd, aby zastavil n\u00e1kazu; v \u010dase vojny, aby priniesol v\u00ed\u0165azstvo nad nepriate\u013emi. T\u00e1to ambivalentn\u00e1 funkcia z neho rob\u00ed typick\u00e9ho apotropaick\u00e9ho boha.<\/p><p><span class=\"iwg-fachbegriff\" data-tooltip=\"Odvracaj\u00faci ne\u0161\u0165astie: o znakoch a predmetoch, ktor\u00e9 maj\u00fa odvr\u00e1ti\u0165 \u0161kodliv\u00e9 vplyvy.\" tabindex=\"0\">Apotropaicky<\/span> boli so\u0161ky a amulety Re\u0161efa umiest\u0148ovan\u00e9 v domoch; v mnoh\u00fdch f\u00e9nick\u00fdch lokalit\u00e1ch sa na\u0161li mal\u00e9 bronzov\u00e9 fig\u00farky kr\u00e1\u010daj\u00faceho vojaka so zdvihnutou bojovou sekerou. Skaraby s mot\u00edvmi Re\u0161efovho luku sa nosili ako osobn\u00e9 ochrann\u00e9 amulety. V Ugarite boli be\u017en\u00e9 aj Re\u0161efove \u0161\u00edpy ako \u201e\u0161\u00edpov\u00e9 amulety\u201c.<\/p><p data-nosnippet=\"true\">Vo f\u00e9nick\u00fdch osobn\u00fdch men\u00e1ch je Re\u0161efovo teoforick\u00e9 meno \u010dast\u00e9: Bod-Re\u0161ef, Re\u0161ef-Bar, Re\u0161ef-Jaton (\u201eRe\u0161ef dal\u201c). T\u00e1to frekvencia doklad\u00e1 intenz\u00edvnu s\u00fakromn\u00fa zbo\u017enos\u0165. Z vedeck\u00e9ho h\u013eadiska je Re\u0161efova ambivalentn\u00e1 ochrann\u00e1 funkcia pr\u00edkladom staroorient\u00e1lneho ch\u00e1pania, pod\u013ea ktor\u00e9ho m\u00f4\u017ee de\u0161trukt\u00edvna aj ochrann\u00e1 sila spo\u010d\u00edva\u0165 v jednej ruke. iWell Guard uv\u00e1dza Re\u0161efa ako historicko-religionistick\u00fa postavu bez ak\u00fdchko\u013evek s\u00fa\u010dasn\u00fdch lie\u010div\u00fdch pr\u00eds\u013eubov.<\/p><p>Re\u0161efove amulety s lukom patrili medzi najroz\u0161\u00edrenej\u0161ie f\u00e9nicko-egyptsk\u00e9 ochrann\u00e9 predmety. Ukladali sa do hrobov\u00fdch v\u00fdbav, do obydl\u00ed i do chr\u00e1mov. Ich tvar v\u00e4\u010d\u0161inou predstavuje napnut\u00fd luk alebo luk so \u0161\u00edpom; niektor\u00e9 s\u00fa pop\u00edsan\u00e9 Re\u0161efov\u00fdm menom alebo f\u00e9nick\u00fdmi ochrann\u00fdmi formulami.<\/p>\t\t\t\t\t\t\t\t<\/div>\n\t\t\t\t<\/div>\n\t\t\t\t\t<\/div>\n\t\t\t\t<\/div>\n\t\t<div class=\"elementor-element elementor-element-iwgw-reshef-s6 e-flex e-con-boxed e-con e-parent\" data-id=\"iwgw-reshef-s6\" data-element_type=\"container\" data-e-type=\"container\">\n\t\t\t\t\t<div class=\"e-con-inner\">\n\t\t\t\t<div class=\"elementor-element elementor-element-iwgw-reshef-s6h elementor-widget elementor-widget-heading\" data-id=\"iwgw-reshef-s6h\" data-element_type=\"widget\" data-e-type=\"widget\" data-widget_type=\"heading.default\">\n\t\t\t\t\t<h2 class=\"elementor-heading-title elementor-size-default\">Paralely v in\u00fdch kult\u00farach<\/h2>\t\t\t\t<\/div>\n\t\t<div class=\"elementor-element elementor-element-iwgw-reshef-s6c e-con-full e-flex e-con e-child\" data-id=\"iwgw-reshef-s6c\" data-element_type=\"container\" data-e-type=\"container\">\n\t\t\t\t<div class=\"elementor-element elementor-element-iwgw-reshef-s6t elementor-widget elementor-widget-text-editor\" data-id=\"iwgw-reshef-s6t\" data-element_type=\"widget\" data-e-type=\"widget\" data-widget_type=\"text-editor.default\">\n\t\t\t\t\t\t\t\t\t<p>Reshef je historicky \u00fazko pr\u00edbuzn\u00fd s Nergalom a Errom v Mezopot\u00e1mii, obaja bohovia moru a vojny. S Errom zdie\u013ea mot\u00edv <span class=\"iwg-fachbegriff\" data-tooltip=\"Opakuj\u00faci sa obsahov\u00fd prvok v umen\u00ed alebo rozpr\u00e1van\u00ed.\" tabindex=\"0\">mot\u00edv<\/span> \u0161\u00edpu a moru; s Nergalom zdie\u013ea podsvetn\u00fa zlo\u017eku v niektor\u00fdch neskor\u0161\u00edch textoch.<\/p><p>Aj hetitsk\u00fd Yarri, boh moru s lukom, je s n\u00edm funk\u010dne \u00fazko pr\u00edbuzn\u00fd; Volkert Haas sa v diele <em>Materia Magica et Medica Hethitica<\/em> (2003) venoval <a href=\"https:\/\/iwell-guard.com\/sk\/hetitsko-anatolske-tarhunna-ochranna-prax\/\">hetitskej<\/a> trad\u00edcii bohov moru.<\/p><p>S gr\u00e9ckym Apol\u00f3nom zdie\u013ea Reshef zlo\u017eku luku a moru; v Iliade Apol\u00f3n vystre\u013euje morov\u00e9 \u0161\u00edpy na ach\u00e1jske vojsko, \u010do je priama paralela k reshefovskej ikonografii. Walter Burkert vo svojom diele <em>Die orientalisierende Epoche<\/em> (1984) upozornil na pravdepodobn\u00fd prenos mot\u00edvu morov\u00e9ho \u0161\u00edpu zo z\u00e1padosemitskej oblasti do gr\u00e9ckej apol\u00f3nskej trad\u00edcie.<\/p><p>V hebrejskom materi\u00e1li je Reshef e\u0161te pr\u00edtomn\u00fd ako &#8218;re\u0161ef&#8216; pre \u0161\u00edp a mor; v Hab 3,5 sa dokonca objavuje ako bo\u017esk\u00fd spolo\u010dn\u00edk. T\u00e1to pretrv\u00e1vaj\u00faca pr\u00edtomnos\u0165 predst\u00e1v o Reshefovi je z h\u013eadiska dej\u00edn n\u00e1bo\u017eenstva pozoruhodn\u00e1. V neskor\u0161ej \u017eidovskej a kres\u0165anskej trad\u00edcii je potom redukovan\u00fd na &#8218;\u0161\u00edp Bo\u017e\u00ed&#8216; alebo &#8218;mor&#8216;, bez samostatnej bo\u017eskosti.<\/p><p>Aj na cyperskom Idaliu bol Reshef uctievan\u00fd v\u00fdznamn\u00fdm sp\u00f4sobom; bilingv\u00e1lny <span class=\"iwg-fachbegriff\" data-tooltip=\"Text vyryt\u00fd alebo vytesan\u00fd do pevn\u00e9ho podkladu.\" tabindex=\"0\">n\u00e1pis<\/span> z Idalia (5. storo\u010die pred Kr., f\u00e9nicko-gr\u00e9cky) identifikuje Reshefa-Mikala s gr\u00e9ckym Apol\u00f3nom Amyklaios. T\u00e1to identifik\u00e1cia je historicky mimoriadne zauj\u00edmav\u00e1.<\/p>\t\t\t\t\t\t\t\t<\/div>\n\t\t\t\t<\/div>\n\t\t\t\t\t<\/div>\n\t\t\t\t<\/div>\n\t\t<div class=\"elementor-element elementor-element-iwgw-reshef-s7 e-flex e-con-boxed e-con e-parent\" data-id=\"iwgw-reshef-s7\" data-element_type=\"container\" data-e-type=\"container\">\n\t\t\t\t\t<div class=\"e-con-inner\">\n\t\t\t\t<div class=\"elementor-element elementor-element-iwgw-reshef-s7h elementor-widget elementor-widget-heading\" data-id=\"iwgw-reshef-s7h\" data-element_type=\"widget\" data-e-type=\"widget\" data-widget_type=\"heading.default\">\n\t\t\t\t\t<h2 class=\"elementor-heading-title elementor-size-default\">S\u00fa\u010dasn\u00e1 recepcia a v\u00fdskum<\/h2>\t\t\t\t<\/div>\n\t\t<div class=\"elementor-element elementor-element-iwgw-reshef-s7c e-con-full e-flex e-con e-child\" data-id=\"iwgw-reshef-s7c\" data-element_type=\"container\" data-e-type=\"container\">\n\t\t\t\t<div class=\"elementor-element elementor-element-iwgw-reshef-s7t elementor-widget elementor-widget-text-editor\" data-id=\"iwgw-reshef-s7t\" data-element_type=\"widget\" data-e-type=\"widget\" data-widget_type=\"text-editor.default\">\n\t\t\t\t\t\t\t\t\t<p>V\u00fdskum Reshefa je dnes na vysokej \u00farovni. Monografia Macieja M\u00fcnnicha <em>The God Resheph<\/em> (2013) je \u0161tandardnou referenciou; ikonografick\u00e1 \u0161t\u00fadia Izaka Corneliusa (1994) pon\u00faka egyptsk\u00fd obrazov\u00fd v\u00fdvoj; Paolo Xella vydal ritu\u00e1lne texty z Ugaritu. Sabatino Moscati a H\u00e9l\u00e8ne Sader predlo\u017eili d\u00f4le\u017eit\u00e9 pr\u00edspevky k f\u00e9nick\u00e9mu uctievaniu Reshefa.<\/p><p>V popul\u00e1rnej recepcii je Reshef zn\u00e1my predov\u0161etk\u00fdm prostredn\u00edctvom svojho egyptsk\u00e9ho kultu a hebrejsko-biblick\u00fdch zmienok. Duchovn\u00e9 o\u017eivenie v novopohanskom zmysle ch\u00fdba; ambivalentn\u00fd boh moru a vojny je pre modern\u00e9 formy n\u00e1bo\u017enosti pr\u00edli\u0161 cudz\u00ed a teologicky problematick\u00fd.<\/p><p>Z vedeck\u00e9ho h\u013eadiska sa Reshef dnes pova\u017euje za centr\u00e1lny predmet \u0161t\u00fadia pre starovek\u00fa orient\u00e1lnu teol\u00f3giu moru a vojny. Aktu\u00e1lne \u0165a\u017eisk\u00e1 v\u00fdskumu sa s\u00fastre\u010fuj\u00fa na diferenci\u00e1ciu lok\u00e1lnych hypost\u00e1z Reshefa, na egyptsk\u00fa trojicu Reshef-Min-Qadeshet a na ot\u00e1zku ciest prenosu do gr\u00e9ckej apol\u00f3nskej trad\u00edcie. iWell Guard uv\u00e1dza Reshefa ako pr\u00edklad z dej\u00edn n\u00e1bo\u017eenstva bez praktick\u00e9ho ochrann\u00e9ho vz\u0165ahu.<\/p><p>Aktu\u00e1lne v\u00fdskumy Macieja M\u00fcnnicha a H\u00e9l\u00e8ne Sader zasadzuj\u00fa Reshefa do roz\u0161\u00edren\u00e9ho historick\u00e9ho kontextu: ako predstavite\u013ea staros\u00fdrsko-z\u00e1padosemitskej rodiny bohov, ktorej pretrv\u00e1vanie od 3. tis\u00edcro\u010dia pred Kr. a\u017e do <span class=\"iwg-fachbegriff\" data-tooltip=\"Prehistorick\u00e1 epocha po bronzovej dobe, charakterizovan\u00e1 spracovan\u00edm \u017eeleza.\" tabindex=\"0\">doby \u017eeleznej<\/span> predstavuje pozoruhodn\u00fd jav v dejin\u00e1ch n\u00e1bo\u017eenstva.<\/p>\t\t\t\t\t\t\t\t<\/div>\n\t\t\t\t<\/div>\n\t\t\t\t\t<\/div>\n\t\t\t\t<\/div>\n\t\t<div class=\"elementor-element elementor-element-iwgw-reshef-s8 e-flex e-con-boxed e-con e-parent\" data-id=\"iwgw-reshef-s8\" data-element_type=\"container\" data-e-type=\"container\">\n\t\t\t\t\t<div class=\"e-con-inner\">\n\t\t\t\t<div class=\"elementor-element elementor-element-iwgw-reshef-s8h elementor-widget elementor-widget-heading\" data-id=\"iwgw-reshef-s8h\" data-element_type=\"widget\" data-e-type=\"widget\" data-widget_type=\"heading.default\">\n\t\t\t\t\t<h2 class=\"elementor-heading-title elementor-size-default\">Literat\u00fara a zdroje<\/h2>\t\t\t\t<\/div>\n\t\t<div class=\"elementor-element elementor-element-iwgw-reshef-s8c e-con-full e-flex e-con e-child\" data-id=\"iwgw-reshef-s8c\" data-element_type=\"container\" data-e-type=\"container\">\n\t\t\t\t<div class=\"elementor-element elementor-element-iwgw-reshef-s8t elementor-widget elementor-widget-text-editor\" data-id=\"iwgw-reshef-s8t\" data-element_type=\"widget\" data-e-type=\"widget\" data-widget_type=\"text-editor.default\">\n\t\t\t\t\t\t\t\t\t<p>Nasleduj\u00faci v\u00fdber zh\u0155\u0148a najd\u00f4le\u017eitej\u0161ie \u0161tandardn\u00e9 diela k v\u00fdskumu Reshefa. Zah\u0155\u0148a monografie, ikonografick\u00e9 \u0161t\u00fadie, textov\u00e9 ed\u00edcie a historick\u00e9 synt\u00e9zy. M\u00fcnnichova monografia je najpodrobnej\u0161ou modernou \u0161t\u00fadiou; Cornelius pon\u00faka ikonografick\u00fa perspekt\u00edvu; Xella ritu\u00e1lny textov\u00fd z\u00e1klad; Moscati kult\u00farno-historick\u00fd r\u00e1mec.<\/p>\t\t\t\t\t\t\t\t<\/div>\n\t\t\t\t<\/div>\n\t\t\t\t\t<\/div>\n\t\t\t\t<\/div>\n\t\t<div class=\"elementor-element elementor-element-cp21744d88 e-flex e-con-boxed e-con e-parent\" data-id=\"cp21744d88\" data-element_type=\"container\" data-e-type=\"container\">\n\t\t\t\t\t<div class=\"e-con-inner\">\n\t\t\t\t<div class=\"elementor-element elementor-element-cp2be1cbf0 elementor-widget elementor-widget-heading\" data-id=\"cp2be1cbf0\" data-element_type=\"widget\" data-e-type=\"widget\" data-widget_type=\"heading.default\">\n\t\t\t\t\t<h2 class=\"elementor-heading-title elementor-size-default\">Reshef v egyptskej trad\u00edcii Novej r\u00ed\u0161e<\/h2>\t\t\t\t<\/div>\n\t\t<div class=\"elementor-element elementor-element-cp2c20c806 e-flex e-con-boxed e-con e-child\" data-id=\"cp2c20c806\" data-element_type=\"container\" data-e-type=\"container\">\n\t\t\t\t\t<div class=\"e-con-inner\">\n\t\t\t\t<div class=\"elementor-element elementor-element-cp2f07db72 elementor-widget elementor-widget-text-editor\" data-id=\"cp2f07db72\" data-element_type=\"widget\" data-e-type=\"widget\" data-widget_type=\"text-editor.default\">\n\t\t\t\t\t\t\t\t\t<p>Osobitos\u0165ou <em>Reshefa<\/em> je, \u017ee sa objavuje v dvoch oddelen\u00fdch s\u00faboroch prame\u0148ov: v z\u00e1padosemitsk\u00fdch textoch svojej p\u00f4vodnej oblasti a ve\u013emi podrobne v egyptsk\u00fdch pam\u00e4tn\u00edkoch Novej r\u00ed\u0161e.<\/p><p>Najnesk\u00f4r v 18. dynastii bol Reshef prijat\u00fd do Egypta, pravdepodobne v d\u00f4sledku \u00fazkeho vojensk\u00e9ho a politick\u00e9ho prepojenia s Levantou. Fara\u00f3ni ramessidsk\u00e9ho obdob\u00ed sa nech\u00e1vali radi zobrazova\u0165 v bl\u00edzkosti Reshefa, preto\u017ee bol pova\u017eovan\u00fd za bojovn\u00e9ho a mocn\u00e9ho boha.<\/p><p>Na egyptsk\u00fdch st\u00e9lach, \u010dasto venovan\u00fdch s\u00fakromn\u00fdmi osobami, sa Reshef objavuje s ust\u00e1lenou ikonografiou: kr\u00e1\u010daj\u00faci boh so zdvihnutou rukou, ktor\u00fd m\u00e1vnut\u00edm ovl\u00e1da palicu alebo sekeru, \u010dasto so \u0161t\u00edtom a kopijou, na hlave hornoegyptsk\u00fa korunu, na ktorej \u010dele miesto ur\u00e9ovej hady \u010dasto sed\u00ed hlava gazely.<\/p><p>T\u00e1to hlava gazely sa pova\u017euje za jeden z najspo\u013eahlivej\u0161\u00edch rozli\u0161ovac\u00edch znakov.<\/p><p>V Egypte sa jeho funkcia zmenila. Z boha, ktor\u00fd prin\u00e1\u0161a mor a n\u00e1hlu smr\u0165, sa stal z\u00e1rove\u0148 boh, na ktor\u00e9ho sa obracali s prosbou o ochranu a uzdravenie. To sa dialo \u010diasto\u010dne v skupine s bohy\u0148ou Qadeshet a bohom Minom. T\u00e1to egyptsk\u00e1 vrstva je bohat\u0161ia na pramene ne\u017e niektor\u00e9 levant\u00ednske trad\u00edcie, ale ukazuje Reshefa u\u017e v cudzom prostred\u00ed.<\/p><p>Kto h\u013ead\u00e1 \u201ep\u00f4vodn\u00e9ho\u201c Reshefa, mus\u00ed egyptsk\u00e9 doklady \u010d\u00edta\u0165 ako prevzatie, nie ako nefal\u0161ovan\u00e9 zrkadlo.<\/p>\t\t\t\t\t\t\t\t<\/div>\n\t\t\t\t\t<\/div>\n\t\t\t\t<\/div>\n\t\t\t\t\t<\/div>\n\t\t\t\t<\/div>\n\t\t<div class=\"elementor-element elementor-element-cp2858e9e2 e-flex e-con-boxed e-con e-parent\" data-id=\"cp2858e9e2\" data-element_type=\"container\" data-e-type=\"container\">\n\t\t\t\t\t<div class=\"e-con-inner\">\n\t\t\t\t<div class=\"elementor-element elementor-element-cp2c2fb1d4 elementor-widget elementor-widget-heading\" data-id=\"cp2c2fb1d4\" data-element_type=\"widget\" data-e-type=\"widget\" data-widget_type=\"heading.default\">\n\t\t\t\t\t<h2 class=\"elementor-heading-title elementor-size-default\">\u0160\u00edp a mor: Reshef ako p\u00e1n n\u00e1kazy<\/h2>\t\t\t\t<\/div>\n\t\t<div class=\"elementor-element elementor-element-cp2d0acbb6 e-flex e-con-boxed e-con e-child\" data-id=\"cp2d0acbb6\" data-element_type=\"container\" data-e-type=\"container\">\n\t\t\t\t\t<div class=\"e-con-inner\">\n\t\t\t\t<div class=\"elementor-element elementor-element-cp28af87e0 elementor-widget elementor-widget-text-editor\" data-id=\"cp28af87e0\" data-element_type=\"widget\" data-e-type=\"widget\" data-widget_type=\"text-editor.default\">\n\t\t\t\t\t\t\t\t\t<p>Jadrom predstavy o Re\u0161efovi v z\u00e1padosemitsk\u00fdch prame\u0148och je spojenie luku, \u0161\u00edpu a moru. Re\u0161ef prin\u00e1\u0161a chorobu a hromadn\u00fa smr\u0165, ktor\u00fa si predstavovali ako \u0161\u00edpy, ktor\u00e9 vystre\u013euje na \u013eud\u00ed a dobytok.<\/p><p>T\u00e1to predstava je dolo\u017eite\u013en\u00e1 naprie\u010d viacer\u00fdmi kult\u00farami: v ugaritsk\u00fdch textoch sa <em>Ra\u0161ap<\/em> objavuje v zoznamoch bohov a ritu\u00e1lnych textoch, v mezopot\u00e1mskych prame\u0148och je sp\u00e1jan\u00fd s bohom moru a podsvetia Nergalom.<\/p><p>Obzvl\u00e1\u0161\u0165 v\u00fdpovedn\u00fa hodnotu m\u00e1 hebrejsk\u00e1 Biblia. Tam u\u017e <em>reschef<\/em> nie je uctievan\u00fdm bohom, ale v\u0161eobecn\u00fdm pojmom, respekt\u00edve zosvet\u0161tenou mocou. V Habakukovi 3,5 vych\u00e1dza Boh a <em>Reschef<\/em> ho akoby sprev\u00e1dza ako sprievodn\u00fd \u00fatvar popri morovej n\u00e1kaze.<\/p><p>Na in\u00fdch miestach slovo znamen\u00e1 &#8222;\u017eiar&#8220;, &#8222;iskru&#8220; alebo pr\u00e1ve zhubn\u00fa morov\u00fa chorobu. Tento biblick\u00fd \u010fal\u0161\u00ed v\u00fdvoj je klasick\u00fdm pr\u00edkladom toho, ako bol susedn\u00fd boh v o\u010diach autorov hebrejsk\u00fdch textov degradovan\u00fd na oby\u010dajn\u00fa pr\u00edrodn\u00fa silu alebo poetick\u00fd obraz.<\/p><p>Symbolika \u0161\u00edpu sp\u00e1ja Re\u0161efa so \u0161irokou skupinou morov\u00fdch bo\u017estiev, napr\u00edklad s \u010faleko strie\u013eaj\u00facim Apoll\u00f3nom z ranej gr\u00e9ckej po\u00e9zie, ktor\u00fd na za\u010diatku Iliady posiela mor do t\u00e1bora Gr\u00e9kov. T\u00e1to paralela sa vo v\u00fdskume \u010dasto uv\u00e1dza, mala by sa v\u0161ak ch\u00e1pa\u0165 ako typologick\u00e1 podobnos\u0165, nie ako priama z\u00e1vislos\u0165. Z\u00e1kladnou monografiou o Re\u0161efovi je pr\u00e1ca Williama J. Fulca, d\u00f4le\u017eit\u00e9 doplnenia priniesli pr\u00e1ce Paola Xellu a Macieja M\u00fcnnicha, ktor\u00e9ho rozsiahla \u0161t\u00fadia kriticky prech\u00e1dza v\u0161etky doklady.\t\t\t\t\t\t\t\t<\/div>\n\t\t\t\t\t<\/div>\n\t\t\t\t<\/div>\n\t\t\t\t\t<\/div>\n\t\t\t\t<\/div>\n\t\t<div class=\"elementor-element elementor-element-iwgw-reshef-lit e-flex e-con-boxed e-con e-parent\" data-id=\"iwgw-reshef-lit\" data-element_type=\"container\" data-e-type=\"container\">\n\t\t\t\t\t<div class=\"e-con-inner\">\n\t\t\t\t<div class=\"elementor-element elementor-element-iwgw-reshef-lith elementor-widget elementor-widget-heading\" data-id=\"iwgw-reshef-lith\" data-element_type=\"widget\" data-e-type=\"widget\" data-widget_type=\"heading.default\">\n\t\t\t\t\t<h2 class=\"elementor-heading-title elementor-size-default\">Literat\u00fara (v\u00fdber)<\/h2>\t\t\t\t<\/div>\n\t\t<div class=\"elementor-element elementor-element-iwgw-reshef-litc e-con-full e-flex e-con e-child\" data-id=\"iwgw-reshef-litc\" data-element_type=\"container\" data-e-type=\"container\">\n\t\t\t\t<div class=\"elementor-element elementor-element-iwgw-reshef-litt elementor-widget elementor-widget-text-editor\" data-id=\"iwgw-reshef-litt\" data-element_type=\"widget\" data-e-type=\"widget\" data-widget_type=\"text-editor.default\">\n\t\t\t\t\t\t\t\t\t<div data-nosnippet=\"true\"><ul><li>Maciej M\u00fcnnich: <em>The God Resheph in the Ancient Near East<\/em> (T\u00fcbingen 2013)<\/li><li>Izak Cornelius: <em>The Iconography of the Canaanite Gods Reshef and Ba\u02bfal<\/em> (Fribourg 1994)<\/li><li>Paolo Xella: <em>I testi rituali di Ugarit<\/em> (Rom 1981)<\/li><li>Sabatino Moscati: <em>Die Ph\u00f6niker<\/em> (Stuttgart 1966)<\/li><li>H\u00e9l\u00e8ne Sader: <em>The History and Archaeology of Phoenicia<\/em> (Atlanta 2019)<\/li><li>Wolfgang R\u00f6llig: <em>Kanaan\u00e4ische und aram\u00e4ische Inschriften<\/em> (Wiesbaden, mit Donner)<\/li><\/ul><\/div>\t\t\t\t\t\t\t\t<\/div>\n\t\t\t\t<\/div>\n\t\t\t\t\t<\/div>\n\t\t\t\t<\/div>\n\t\t<div class=\"elementor-element elementor-element-iwgkw-add-reshef e-flex e-con-boxed e-con e-parent\" data-id=\"iwgkw-add-reshef\" data-element_type=\"container\" data-e-type=\"container\">\n\t\t\t\t\t<div class=\"e-con-inner\">\n\t\t\t\t<div class=\"elementor-element elementor-element-iwgkw-add-reshef-t elementor-widget elementor-widget-text-editor\" data-id=\"iwgkw-add-reshef-t\" data-element_type=\"widget\" data-e-type=\"widget\" data-widget_type=\"text-editor.default\">\n\t\t\t\t\t\t\t\t\t<p><em><span class=\"iwg-fachbegriff\" data-tooltip=\"S\u00fahrn n\u00e1bo\u017eensk\u00fdch \u00factov\u00fdch \u00fakonov vo\u010di bo\u017estvu alebo sv\u00e4tej bytosti.\" tabindex=\"0\">Kult<\/span><\/em> Resheva je dolo\u017een\u00fd od tretieho tis\u00edcro\u010dia pred Kristom v Eble a nesk\u00f4r v Ugarite, Byblose a na Cypre. Ako boh moru a vojny bol zobrazovan\u00fd s lukom a \u0161\u00edpom a so \u0161t\u00edtom, pokladali ho za p\u00f4vodcu epid\u00e9mi\u00ed, ale z\u00e1rove\u0148 za ochrancu bojovn\u00edkov. V Egypte bol Reshef za vl\u00e1dy Amenhotepa II. prijat\u00fd do ofici\u00e1lneho <span class=\"iwg-fachbegriff\" data-tooltip=\"S\u00fahrn bohov ur\u010dit\u00e9ho n\u00e1bo\u017eenstva alebo kult\u00fary.\" tabindex=\"0\">pante\u00f3nu<\/span>.<\/p>\t\t\t\t\t\t\t\t<\/div>\n\t\t\t\t\t<\/div>\n\t\t\t\t<\/div>\n\t\t<div class=\"elementor-element elementor-element-iwgkw2-add-reshef e-flex e-con-boxed e-con e-parent\" data-id=\"iwgkw2-add-reshef\" data-element_type=\"container\" data-e-type=\"container\">\n\t\t\t\t\t<div class=\"e-con-inner\">\n\t\t\t\t<div class=\"elementor-element elementor-element-iwgkw2-add-reshef-t elementor-widget elementor-widget-text-editor\" data-id=\"iwgkw2-add-reshef-t\" data-element_type=\"widget\" data-e-type=\"widget\" data-widget_type=\"text-editor.default\">\n\t\t\t\t\t\t\t\t\t<p>Reshef sa v prame\u0148och z Ugaritu a Kart\u00e1ga poklad\u00e1 za <em>kana\u00e1nskeho<\/em> a <em>f\u00e9nick\u00e9ho<\/em> boha moru a lukostre\u013eby, ktor\u00e9ho <span class=\"iwg-fachbegriff\" data-tooltip=\"S\u00fahrn n\u00e1bo\u017eensk\u00fdch \u00factov\u00fdch \u00fakonov vo\u010di bo\u017estvu alebo sv\u00e4tej bytosti.\" tabindex=\"0\">kult<\/span> sa \u0161\u00edril po levantskom pobre\u017e\u00ed a cez Cyprus a\u017e do Egypta.<\/p>\t\t\t\t\t\t\t\t<\/div>\n\t\t\t\t\t<\/div>\n\t\t\t\t<\/div>\n\t\t<div class=\"elementor-element elementor-element-iwgw-reshef-kwd e-flex e-con-boxed e-con e-parent\" data-id=\"iwgw-reshef-kwd\" data-element_type=\"container\" data-e-type=\"container\">\n\t\t\t\t\t<div class=\"e-con-inner\">\n\t\t<div class=\"elementor-element elementor-element-iwgw-reshef-kwdc e-con-full e-flex e-con e-child\" data-id=\"iwgw-reshef-kwdc\" data-element_type=\"container\" data-e-type=\"container\">\n\t\t\t\t<div class=\"elementor-element elementor-element-iwgw-reshef-kwdt elementor-widget elementor-widget-text-editor\" data-id=\"iwgw-reshef-kwdt\" data-element_type=\"widget\" data-e-type=\"widget\" data-widget_type=\"text-editor.default\">\n\t\t\t\t\t\t\t\t\t<p><em>S\u00favisiace k\u013e\u00fa\u010dov\u00e9 pojmy: Reshef Feni\u010dania boh moru boh luku vojna gazela Apoll\u00f3n Yarri.<\/em><\/p>\t\t\t\t\t\t\t\t<\/div>\n\t\t\t\t<\/div>\n\t\t\t\t\t<\/div>\n\t\t\t\t<\/div>\n\t\t<div class=\"elementor-element elementor-element-iwgw-reshef-cc e-flex e-con-boxed e-con e-parent\" data-id=\"iwgw-reshef-cc\" data-element_type=\"container\" data-e-type=\"container\" id=\"iwg-cc-reshef\">\n\t\t\t\t\t<div class=\"e-con-inner\">\n\t\t<div class=\"elementor-element elementor-element-iwgw-reshef-ccinner e-flex e-con-boxed e-con e-parent\" data-id=\"iwgw-reshef-ccinner\" data-element_type=\"container\" data-e-type=\"container\" data-settings=\"{&quot;background_background&quot;:&quot;classic&quot;}\">\n\t\t\t\t\t<div class=\"e-con-inner\">\n\t\t\t\t<div class=\"elementor-element elementor-element-iwgw-reshef-cch elementor-widget elementor-widget-heading\" data-id=\"iwgw-reshef-cch\" data-element_type=\"widget\" data-e-type=\"widget\" data-widget_type=\"heading.default\">\n\t\t\t\t\t<h2 class=\"elementor-heading-title elementor-size-default\">iWell Guard a ochrann\u00e9 trad\u00edcie<\/h2>\t\t\t\t<\/div>\n\t\t\t\t<div class=\"elementor-element elementor-element-iwgw-reshef-cct elementor-widget elementor-widget-text-editor\" data-id=\"iwgw-reshef-cct\" data-element_type=\"widget\" data-e-type=\"widget\" data-widget_type=\"text-editor.default\">\n\t\t\t\t\t\t\t\t\t<div data-nosnippet=\"true\"><p>iWell Guard nadv\u00e4zuje na kult\u00farno-historick\u00fa trad\u00edciu nosite\u013en\u00fdch ochrann\u00fdch predmetov, v trad\u00edcii <a href=\"https:\/\/iwell-guard.com\/sk\/fenicania-kartago-baal-tanit\/\">F\u00e9nicka<\/a> a mnoh\u00fdch \u010fal\u0161\u00edch kult\u00far po celom svete. 41 vrstiev, r\u00fddze zlato, platina, striebro, vyroben\u00e9 v Nemecku. 30-d\u0148ov\u00e1 mo\u017enos\u0165 vr\u00e1tenia.<\/p><\/div>\t\t\t\t\t\t\t\t<\/div>\n\t\t\t\t<div class=\"elementor-element elementor-element-iwgw-reshef-ccb iwg-cc-button iwg-cc-cta-2026-05-13 elementor-widget elementor-widget-jet-button\" data-id=\"iwgw-reshef-ccb\" data-element_type=\"widget\" data-e-type=\"widget\" data-widget_type=\"jet-button.default\">\n\t\t\t\t<div class=\"elementor-widget-container\">\n\t\t\t\t\t<div class=\"elementor-jet-button jet-elements\"><div class=\"jet-button__container\"><a class=\"jet-button__instance jet-button__instance--icon-left hover-effect-1\" href=\"\/ueber-iwell-guard\/?utm_source=iwell-guard.com&amp;utm_medium=info-box&amp;utm_campaign=wesen-tradition\"><div class=\"jet-button__plane jet-button__plane-normal\"><\/div><div class=\"jet-button__plane jet-button__plane-hover\"><\/div><div class=\"jet-button__state jet-button__state-normal\"><span class=\"jet-button__label\">Viac o iWell Guard<\/span><\/div><div class=\"jet-button__state jet-button__state-hover\"><span class=\"jet-button__label\">Viac o iWell Guard<\/span><\/div><\/a><\/div><\/div><style>.elementor-element.elementor-element-iwgw-reshef-ccb .jet-button__instance{width:320px;height:56px;}.elementor-element.elementor-element-iwgw-reshef-ccb .jet-button__state-normal .jet-button__label{text-align:center;margin:0px 0px 0px 0px;color:#1a1b20;font-family:Montserrat,sans-serif;font-size:13px;font-weight:400;letter-spacing:4px;line-height:1.714em;text-transform:uppercase;}.elementor-element.elementor-element-iwgw-reshef-ccb .jet-button__state-hover .jet-button__label{text-align:center;margin:0px 0px 0px 0px;color:#FECC76;font-family:Montserrat,sans-serif;font-size:13px;font-weight:400;letter-spacing:4px;line-height:1.714em;text-transform:uppercase;}.elementor-element.elementor-element-iwgw-reshef-ccb .jet-button__plane-normal{background-color:#FECC76;border-style:solid;border-color:#C99540;border-width:2px 2px 2px 2px;}.elementor-element.elementor-element-iwgw-reshef-ccb .jet-button__plane-hover{background-color:rgba(0,0,0,0.55);border-style:solid;border-color:#FECC76;border-width:2px 2px 2px 2px;}<\/style>\t\t\t\t<\/div>\n\t\t\t\t<\/div>\n\t\t\t\t<div class=\"elementor-element elementor-element-iwgw-reshef-ccd elementor-widget elementor-widget-text-editor\" data-id=\"iwgw-reshef-ccd\" data-element_type=\"widget\" data-e-type=\"widget\" data-widget_type=\"text-editor.default\">\n\t\t\t\t\t\t\t\t\t<div data-nosnippet=\"true\"><p style=\"text-align:center;font-size:13px;opacity:0.7;margin-top:14px\" data-nosnippet=\"true\">Osobn\u00e9 sk\u00fasenosti sa m\u00f4\u017eu l\u00ed\u0161i\u0165. Nie je to zdravotn\u00edcka pom\u00f4cka. \u017diadny pr\u00eds\u013eub lie\u010denia.<\/p><\/div>\t\t\t\t\t\t\t\t<\/div>\n\t\t\t\t\t<\/div>\n\t\t\t\t<\/div>\n\t\t\t\t\t<\/div>\n\t\t\t\t<\/div>\n\t\t<div class=\"elementor-element elementor-element-iwgw-reshef-disc e-flex e-con-boxed e-con e-parent\" data-id=\"iwgw-reshef-disc\" data-element_type=\"container\" data-e-type=\"container\">\n\t\t\t\t\t<div class=\"e-con-inner\">\n\t\t\t\t<div class=\"elementor-element elementor-element-iwgw-reshef-discw elementor-widget elementor-widget-html\" data-id=\"iwgw-reshef-discw\" data-element_type=\"widget\" data-e-type=\"widget\" data-widget_type=\"html.default\">\n\t\t\t\t\t<footer data-nosnippet=\"true\" class=\"iwg-disclaimer-block\"><p data-nosnippet=\"true\">iWell Guard <strong>nie je zdravotn\u00edcka pom\u00f4cka<\/strong> a nenahr\u00e1dza lek\u00e1rske ani psychoterapeutick\u00e9 o\u0161etrenie. Religionistick\u00fd obsah predstavuje kult\u00farno-historick\u00e9 zaradenie, nie odpor\u00fa\u010danie duchovnej praxe.<\/p><\/footer>\t\t\t\t<\/div>\n\t\t\t\t\t<\/div>\n\t\t\t\t<\/div>\n\t\t\t\t<\/div>\n\t\t","protected":false},"excerpt":{"rendered":"","protected":false},"author":3,"featured_media":2852,"parent":0,"menu_order":0,"comment_status":"closed","ping_status":"closed","template":"elementor_header_footer","meta":{"_yoast_wpseo_focuskw":"Reshef Feni\u010dania boh moru boh luku","_yoast_wpseo_title":"Reshef \u2013 F\u00e9nick\u00fd boh moru, boh vojny, kult","_yoast_wpseo_metadesc":"Reshef je f\u00e9nicko-kana\u00e1nsky boh moru a vojny, boh luku a ochrann\u00e9 bo\u017estvo. Religionistick\u00e9 zaradenie s prame\u0148mi.","_yoast_wpseo_meta-robots-noindex":"","_yoast_wpseo_canonical":"","_angie_page":false,"gefaehrdungsstufe":"4","wesen_kultur":"phoenizisch","wesen_klasse":"goetter","footnotes":""},"categories":[],"class_list":["post-157969","page","type-page","status-publish","has-post-thumbnail","hentry"],"yoast_head":"<!-- This site is optimized with the Yoast SEO Premium plugin v27.7 (Yoast SEO v28.3) - https:\/\/yoast.com\/product\/yoast-seo-premium-wordpress\/ -->\n<title>Reshef \u2013 F\u00e9nick\u00fd boh moru, boh vojny, kult<\/title>\n<meta name=\"description\" content=\"Reshef je f\u00e9nicko-kana\u00e1nsky boh moru a vojny, boh luku a ochrann\u00e9 bo\u017estvo. Religionistick\u00e9 zaradenie s prame\u0148mi.\" \/>\n<meta name=\"robots\" content=\"index, follow, max-snippet:-1, max-image-preview:large, max-video-preview:-1\" \/>\n<link rel=\"canonical\" href=\"https:\/\/iwell-guard.com\/sk\/reshef-fenicky-boh-moru-a-vojny\/\" \/>\n<meta property=\"og:locale\" content=\"sk_SK\" \/>\n<meta property=\"og:type\" content=\"article\" \/>\n<meta property=\"og:title\" content=\"Reshef \u2013 F\u00e9nick\u00fd boh moru a vojny\" \/>\n<meta property=\"og:description\" content=\"Reshef je f\u00e9nicko-kana\u00e1nsky boh moru a vojny, boh luku a ochrann\u00e9 bo\u017estvo. Religionistick\u00e9 zaradenie s prame\u0148mi.\" \/>\n<meta property=\"og:url\" content=\"https:\/\/iwell-guard.com\/sk\/reshef-fenicky-boh-moru-a-vojny\/\" \/>\n<meta property=\"og:site_name\" content=\"iWell Guard\" \/>\n<meta property=\"article:modified_time\" content=\"2026-09-04T22:47:21+00:00\" \/>\n<meta property=\"og:image\" content=\"https:\/\/iwell-guard.com\/wp-content\/uploads\/2026\/05\/goetter_phoenizisch_reshef.webp\" \/>\n\t<meta property=\"og:image:width\" content=\"1024\" \/>\n\t<meta property=\"og:image:height\" content=\"1536\" \/>\n\t<meta property=\"og:image:type\" content=\"image\/webp\" \/>\n<meta name=\"twitter:card\" content=\"summary_large_image\" \/>\n<script type=\"application\/ld+json\" class=\"yoast-schema-graph\">{\"@context\":\"https:\\\/\\\/schema.org\",\"@graph\":[{\"@type\":\"WebPage\",\"@id\":\"https:\\\/\\\/iwell-guard.com\\\/sk\\\/reshef-fenicky-boh-moru-a-vojny\\\/\",\"url\":\"https:\\\/\\\/iwell-guard.com\\\/sk\\\/reshef-fenicky-boh-moru-a-vojny\\\/\",\"name\":\"Reshef \u2013 F\u00e9nick\u00fd boh moru, boh vojny, kult\",\"isPartOf\":{\"@id\":\"https:\\\/\\\/iwell-guard.com\\\/sk\\\/#website\"},\"primaryImageOfPage\":{\"@id\":\"https:\\\/\\\/iwell-guard.com\\\/sk\\\/reshef-fenicky-boh-moru-a-vojny\\\/#primaryimage\"},\"image\":{\"@id\":\"https:\\\/\\\/iwell-guard.com\\\/sk\\\/reshef-fenicky-boh-moru-a-vojny\\\/#primaryimage\"},\"thumbnailUrl\":\"https:\\\/\\\/iwell-guard.com\\\/wp-content\\\/uploads\\\/2026\\\/05\\\/goetter_phoenizisch_reshef.webp\",\"datePublished\":\"2026-09-04T22:20:11+00:00\",\"dateModified\":\"2026-09-04T22:47:21+00:00\",\"description\":\"Reshef je f\u00e9nicko-kana\u00e1nsky boh moru a vojny, boh luku a ochrann\u00e9 bo\u017estvo. Religionistick\u00e9 zaradenie s prame\u0148mi.\",\"breadcrumb\":{\"@id\":\"https:\\\/\\\/iwell-guard.com\\\/sk\\\/reshef-fenicky-boh-moru-a-vojny\\\/#breadcrumb\"},\"inLanguage\":\"sk-SK\",\"potentialAction\":[{\"@type\":\"ReadAction\",\"target\":[\"https:\\\/\\\/iwell-guard.com\\\/sk\\\/reshef-fenicky-boh-moru-a-vojny\\\/\"]}]},{\"@type\":\"ImageObject\",\"inLanguage\":\"sk-SK\",\"@id\":\"https:\\\/\\\/iwell-guard.com\\\/sk\\\/reshef-fenicky-boh-moru-a-vojny\\\/#primaryimage\",\"url\":\"https:\\\/\\\/iwell-guard.com\\\/wp-content\\\/uploads\\\/2026\\\/05\\\/goetter_phoenizisch_reshef.webp\",\"contentUrl\":\"https:\\\/\\\/iwell-guard.com\\\/wp-content\\\/uploads\\\/2026\\\/05\\\/goetter_phoenizisch_reshef.webp\",\"width\":1024,\"height\":1536,\"caption\":\"Bohovia z f\u00e9nickej trad\u00edcie.\"},{\"@type\":\"BreadcrumbList\",\"@id\":\"https:\\\/\\\/iwell-guard.com\\\/sk\\\/reshef-fenicky-boh-moru-a-vojny\\\/#breadcrumb\",\"itemListElement\":[{\"@type\":\"ListItem\",\"position\":1,\"name\":\"Start\",\"item\":\"https:\\\/\\\/iwell-guard.com\\\/sk\\\/?page_id=157572\"},{\"@type\":\"ListItem\",\"position\":2,\"name\":\"Reshef \u2013 F\u00e9nick\u00fd boh moru a vojny\"}]},{\"@type\":\"WebSite\",\"@id\":\"https:\\\/\\\/iwell-guard.com\\\/sk\\\/#website\",\"url\":\"https:\\\/\\\/iwell-guard.com\\\/sk\\\/\",\"name\":\"iWell Guard\",\"description\":\"Schutz vor dunklen Einfl\u00fcssen\",\"publisher\":{\"@id\":\"https:\\\/\\\/iwell-guard.com\\\/sk\\\/#organization\"},\"potentialAction\":[{\"@type\":\"SearchAction\",\"target\":{\"@type\":\"EntryPoint\",\"urlTemplate\":\"https:\\\/\\\/iwell-guard.com\\\/sk\\\/?s={search_term_string}\"},\"query-input\":{\"@type\":\"PropertyValueSpecification\",\"valueRequired\":true,\"valueName\":\"search_term_string\"}}],\"inLanguage\":\"sk-SK\"},{\"@type\":\"Organization\",\"@id\":\"https:\\\/\\\/iwell-guard.com\\\/sk\\\/#organization\",\"name\":\"Ittermann electronic GmbH\",\"url\":\"https:\\\/\\\/iwell-guard.com\\\/sk\\\/\",\"logo\":{\"@type\":\"ImageObject\",\"inLanguage\":\"sk-SK\",\"@id\":\"https:\\\/\\\/iwell-guard.com\\\/sk\\\/#\\\/schema\\\/logo\\\/image\\\/\",\"url\":\"https:\\\/\\\/iwell-guard.com\\\/wp-content\\\/uploads\\\/2026\\\/05\\\/Ittermann-Logo-1182x237-1.png\",\"contentUrl\":\"https:\\\/\\\/iwell-guard.com\\\/wp-content\\\/uploads\\\/2026\\\/05\\\/Ittermann-Logo-1182x237-1.png\",\"width\":1182,\"height\":237,\"caption\":\"Ittermann electronic GmbH\"},\"image\":{\"@id\":\"https:\\\/\\\/iwell-guard.com\\\/sk\\\/#\\\/schema\\\/logo\\\/image\\\/\"},\"sameAs\":[\"https:\\\/\\\/pantip.com\\\/profile\\\/9367242\",\"https:\\\/\\\/micro.blog\\\/iwellguard\",\"https:\\\/\\\/www.diggerslist.com\\\/iwellguard\\\/about\",\"https:\\\/\\\/skitterphoto.com\\\/photographers\\\/2870314\\\/iwell-guard\",\"https:\\\/\\\/iwellguard.wordpress.com\\\/2026\\\/06\\\/06\\\/iwell-guard\\\/\",\"https:\\\/\\\/hub.docker.com\\\/u\\\/iwellguard\",\"https:\\\/\\\/www.pinterest.com\\\/iwellguard\\\/\",\"https:\\\/\\\/bit.ly\\\/m\\\/iwellguard\",\"https:\\\/\\\/entre-vos-mains.alsace.eu\\\/profiles\\\/iwellguard\\\/activity\",\"https:\\\/\\\/gravatar.com\\\/reallybeded8fd34\",\"https:\\\/\\\/naijamatta.com\\\/iwellguard\",\"https:\\\/\\\/www.goodreads.com\\\/iwellguard\",\"https:\\\/\\\/profile.hatena.ne.jp\\\/iwellguard\\\/\",\"https:\\\/\\\/experiment.com\\\/users\\\/iwellguard\",\"https:\\\/\\\/wakelet.com\\\/@iWellGuard82270\",\"https:\\\/\\\/www.chordie.com\\\/forum\\\/profile.php?id=2555664\",\"https:\\\/\\\/www.instapaper.com\\\/p\\\/17757966\",\"https:\\\/\\\/www.mapleprimes.com\\\/users\\\/iwellguard\",\"https:\\\/\\\/businesslistingplus.com\\\/profile\\\/iwell-guard\\\/\",\"https:\\\/\\\/telegra.ph\\\/iWell-Guard-06-06\",\"https:\\\/\\\/pbase.com\\\/iwellguard\\\/iwellguard\",\"https:\\\/\\\/b.hatena.ne.jp\\\/iwellguard\\\/20260607#bookmark-4788405196491818882\",\"https:\\\/\\\/fliphtml5.com\\\/home\\\/iwellguard\",\"https:\\\/\\\/anyflip.com\\\/homepage\\\/cmiwl#About\",\"https:\\\/\\\/transfur.com\\\/Users\\\/iwellguard\",\"http:\\\/\\\/delphi.larsbo.org\\\/user\\\/iwellguard\",\"https:\\\/\\\/jobs.lajobsportal.org\\\/profiles\\\/8380803-iwell-guard\",\"https:\\\/\\\/md.chaosdorf.de\\\/s\\\/jfbe5SBdJD\",\"https:\\\/\\\/www.lingvolive.com\\\/en-us\\\/profile\\\/9ecaeaca-ce11-4e51-9e71-01d55e2bff36\\\/translations\",\"https:\\\/\\\/www.fitday.com\\\/fitness\\\/forums\\\/members\\\/iwellguard.html\",\"https:\\\/\\\/www.mymeetbook.com\\\/iwellguard\",\"https:\\\/\\\/pxhere.com\\\/en\\\/photographer-me\\\/5040798\",\"https:\\\/\\\/disqus.com\\\/by\\\/iwellguard\\\/about\\\/\",\"https:\\\/\\\/pastelink.net\\\/hjwciqwq\",\"https:\\\/\\\/pubhtml5.com\\\/homepage\\\/scjhn\\\/\",\"https:\\\/\\\/www.bitchute.com\\\/channel\\\/2O2eOKzNqujT\",\"https:\\\/\\\/audiomack.com\\\/iwellguard\"]},{\"@type\":\"Article\",\"@id\":\"https:\\\/\\\/iwell-guard.com\\\/sk\\\/reshef-fenicky-boh-moru-a-vojny\\\/#article\",\"isPartOf\":{\"@id\":\"https:\\\/\\\/iwell-guard.com\\\/sk\\\/reshef-fenicky-boh-moru-a-vojny\\\/\"},\"author\":{\"name\":\"Ralf Ittermann\",\"@id\":\"https:\\\/\\\/iwell-guard.com\\\/sk\\\/#\\\/schema\\\/person\\\/ee2a27f1cac3406c7c6fb5820cb7349f\"},\"headline\":\"Reshef \u2013 F\u00e9nick\u00fd boh moru a vojny\",\"datePublished\":\"2026-09-04T22:20:11+00:00\",\"dateModified\":\"2026-09-04T22:47:21+00:00\",\"mainEntityOfPage\":{\"@id\":\"https:\\\/\\\/iwell-guard.com\\\/sk\\\/reshef-fenicky-boh-moru-a-vojny\\\/\"},\"publisher\":{\"@id\":\"https:\\\/\\\/iwell-guard.com\\\/sk\\\/#organization\"},\"image\":{\"@id\":\"https:\\\/\\\/iwell-guard.com\\\/sk\\\/reshef-fenicky-boh-moru-a-vojny\\\/#primaryimage\"},\"thumbnailUrl\":\"https:\\\/\\\/iwell-guard.com\\\/wp-content\\\/uploads\\\/2026\\\/05\\\/goetter_phoenizisch_reshef.webp\",\"inLanguage\":\"sk-SK\",\"description\":\"Reshef je f\u00e9nicko-kana\u00e1nsky boh moru a vojny, boh luku a ochrann\u00e9 bo\u017estvo. Religionistick\u00e9 zaradenie s prame\u0148mi.\"}]}<\/script>\n<!-- \/ Yoast SEO Premium plugin. -->","yoast_head_json":{"title":"Reshef \u2013 F\u00e9nick\u00fd boh moru, boh vojny, kult","description":"Reshef je f\u00e9nicko-kana\u00e1nsky boh moru a vojny, boh luku a ochrann\u00e9 bo\u017estvo. Religionistick\u00e9 zaradenie s prame\u0148mi.","robots":{"index":"index","follow":"follow","max-snippet":"max-snippet:-1","max-image-preview":"max-image-preview:large","max-video-preview":"max-video-preview:-1"},"canonical":"https:\/\/iwell-guard.com\/sk\/reshef-fenicky-boh-moru-a-vojny\/","og_locale":"sk_SK","og_type":"article","og_title":"Reshef \u2013 F\u00e9nick\u00fd boh moru a vojny","og_description":"Reshef je f\u00e9nicko-kana\u00e1nsky boh moru a vojny, boh luku a ochrann\u00e9 bo\u017estvo. Religionistick\u00e9 zaradenie s prame\u0148mi.","og_url":"https:\/\/iwell-guard.com\/sk\/reshef-fenicky-boh-moru-a-vojny\/","og_site_name":"iWell Guard","article_modified_time":"2026-09-04T22:47:21+00:00","og_image":[{"width":1024,"height":1536,"url":"https:\/\/iwell-guard.com\/wp-content\/uploads\/2026\/05\/goetter_phoenizisch_reshef.webp","type":"image\/webp"}],"twitter_card":"summary_large_image","schema":{"@context":"https:\/\/schema.org","@graph":[{"@type":"Article","@id":"https:\/\/iwell-guard.com\/sk\/reshef-fenicky-boh-moru-a-vojny\/#article","isPartOf":{"@id":"https:\/\/iwell-guard.com\/sk\/reshef-fenicky-boh-moru-a-vojny\/"},"author":{"name":"Ralf Ittermann","@id":"https:\/\/iwell-guard.com\/sk\/#\/schema\/person\/ee2a27f1cac3406c7c6fb5820cb7349f"},"headline":"Reshef \u2013 F\u00e9nick\u00fd boh moru a vojny","datePublished":"2026-09-04T22:20:11+00:00","dateModified":"2026-09-04T22:47:21+00:00","mainEntityOfPage":{"@id":"https:\/\/iwell-guard.com\/sk\/reshef-fenicky-boh-moru-a-vojny\/"},"publisher":{"@id":"https:\/\/iwell-guard.com\/sk\/#organization"},"image":{"@id":"https:\/\/iwell-guard.com\/sk\/reshef-fenicky-boh-moru-a-vojny\/#primaryimage"},"thumbnailUrl":"https:\/\/iwell-guard.com\/wp-content\/uploads\/2026\/05\/goetter_phoenizisch_reshef.webp","inLanguage":"sk-SK","description":"Reshef je f\u00e9nicko-kana\u00e1nsky boh moru a vojny, boh luku a ochrann\u00e9 bo\u017estvo. Religionistick\u00e9 zaradenie s prame\u0148mi."},{"@type":"WebPage","@id":"https:\/\/iwell-guard.com\/sk\/reshef-fenicky-boh-moru-a-vojny\/","url":"https:\/\/iwell-guard.com\/sk\/reshef-fenicky-boh-moru-a-vojny\/","name":"Reshef \u2013 F\u00e9nick\u00fd boh moru, boh vojny, kult","isPartOf":{"@id":"https:\/\/iwell-guard.com\/sk\/#website"},"primaryImageOfPage":{"@id":"https:\/\/iwell-guard.com\/sk\/reshef-fenicky-boh-moru-a-vojny\/#primaryimage"},"image":{"@id":"https:\/\/iwell-guard.com\/sk\/reshef-fenicky-boh-moru-a-vojny\/#primaryimage"},"thumbnailUrl":"https:\/\/iwell-guard.com\/wp-content\/uploads\/2026\/05\/goetter_phoenizisch_reshef.webp","datePublished":"2026-09-04T22:20:11+00:00","dateModified":"2026-09-04T22:47:21+00:00","description":"Reshef je f\u00e9nicko-kana\u00e1nsky boh moru a vojny, boh luku a ochrann\u00e9 bo\u017estvo. Religionistick\u00e9 zaradenie s prame\u0148mi.","breadcrumb":{"@id":"https:\/\/iwell-guard.com\/sk\/reshef-fenicky-boh-moru-a-vojny\/#breadcrumb"},"inLanguage":"sk-SK","potentialAction":[{"@type":"ReadAction","target":["https:\/\/iwell-guard.com\/sk\/reshef-fenicky-boh-moru-a-vojny\/"]}]},{"@type":"ImageObject","inLanguage":"sk-SK","@id":"https:\/\/iwell-guard.com\/sk\/reshef-fenicky-boh-moru-a-vojny\/#primaryimage","url":"https:\/\/iwell-guard.com\/wp-content\/uploads\/2026\/05\/goetter_phoenizisch_reshef.webp","contentUrl":"https:\/\/iwell-guard.com\/wp-content\/uploads\/2026\/05\/goetter_phoenizisch_reshef.webp","width":1024,"height":1536,"caption":"Bohovia z f\u00e9nickej trad\u00edcie."},{"@type":"BreadcrumbList","@id":"https:\/\/iwell-guard.com\/sk\/reshef-fenicky-boh-moru-a-vojny\/#breadcrumb","itemListElement":[{"@type":"ListItem","position":1,"name":"Start","item":"https:\/\/iwell-guard.com\/sk\/?page_id=157572"},{"@type":"ListItem","position":2,"name":"Reshef \u2013 F\u00e9nick\u00fd boh moru a vojny"}]},{"@type":"WebSite","@id":"https:\/\/iwell-guard.com\/sk\/#website","url":"https:\/\/iwell-guard.com\/sk\/","name":"iWell Guard","description":"Schutz vor dunklen Einfl\u00fcssen","publisher":{"@id":"https:\/\/iwell-guard.com\/sk\/#organization"},"potentialAction":[{"@type":"SearchAction","target":{"@type":"EntryPoint","urlTemplate":"https:\/\/iwell-guard.com\/sk\/?s={search_term_string}"},"query-input":{"@type":"PropertyValueSpecification","valueRequired":true,"valueName":"search_term_string"}}],"inLanguage":"sk-SK"},{"@type":"Organization","@id":"https:\/\/iwell-guard.com\/sk\/#organization","name":"Ittermann electronic GmbH","url":"https:\/\/iwell-guard.com\/sk\/","logo":{"@type":"ImageObject","inLanguage":"sk-SK","@id":"https:\/\/iwell-guard.com\/sk\/#\/schema\/logo\/image\/","url":"https:\/\/iwell-guard.com\/wp-content\/uploads\/2026\/05\/Ittermann-Logo-1182x237-1.png","contentUrl":"https:\/\/iwell-guard.com\/wp-content\/uploads\/2026\/05\/Ittermann-Logo-1182x237-1.png","width":1182,"height":237,"caption":"Ittermann electronic GmbH"},"image":{"@id":"https:\/\/iwell-guard.com\/sk\/#\/schema\/logo\/image\/"},"sameAs":["https:\/\/pantip.com\/profile\/9367242","https:\/\/micro.blog\/iwellguard","https:\/\/www.diggerslist.com\/iwellguard\/about","https:\/\/skitterphoto.com\/photographers\/2870314\/iwell-guard","https:\/\/iwellguard.wordpress.com\/2026\/06\/06\/iwell-guard\/","https:\/\/hub.docker.com\/u\/iwellguard","https:\/\/www.pinterest.com\/iwellguard\/","https:\/\/bit.ly\/m\/iwellguard","https:\/\/entre-vos-mains.alsace.eu\/profiles\/iwellguard\/activity","https:\/\/gravatar.com\/reallybeded8fd34","https:\/\/naijamatta.com\/iwellguard","https:\/\/www.goodreads.com\/iwellguard","https:\/\/profile.hatena.ne.jp\/iwellguard\/","https:\/\/experiment.com\/users\/iwellguard","https:\/\/wakelet.com\/@iWellGuard82270","https:\/\/www.chordie.com\/forum\/profile.php?id=2555664","https:\/\/www.instapaper.com\/p\/17757966","https:\/\/www.mapleprimes.com\/users\/iwellguard","https:\/\/businesslistingplus.com\/profile\/iwell-guard\/","https:\/\/telegra.ph\/iWell-Guard-06-06","https:\/\/pbase.com\/iwellguard\/iwellguard","https:\/\/b.hatena.ne.jp\/iwellguard\/20260607#bookmark-4788405196491818882","https:\/\/fliphtml5.com\/home\/iwellguard","https:\/\/anyflip.com\/homepage\/cmiwl#About","https:\/\/transfur.com\/Users\/iwellguard","http:\/\/delphi.larsbo.org\/user\/iwellguard","https:\/\/jobs.lajobsportal.org\/profiles\/8380803-iwell-guard","https:\/\/md.chaosdorf.de\/s\/jfbe5SBdJD","https:\/\/www.lingvolive.com\/en-us\/profile\/9ecaeaca-ce11-4e51-9e71-01d55e2bff36\/translations","https:\/\/www.fitday.com\/fitness\/forums\/members\/iwellguard.html","https:\/\/www.mymeetbook.com\/iwellguard","https:\/\/pxhere.com\/en\/photographer-me\/5040798","https:\/\/disqus.com\/by\/iwellguard\/about\/","https:\/\/pastelink.net\/hjwciqwq","https:\/\/pubhtml5.com\/homepage\/scjhn\/","https:\/\/www.bitchute.com\/channel\/2O2eOKzNqujT","https:\/\/audiomack.com\/iwellguard"]},{"@type":"Person","@id":"https:\/\/iwell-guard.com\/sk\/#\/schema\/person\/ee2a27f1cac3406c7c6fb5820cb7349f","name":"Ralf Ittermann","image":{"@type":"ImageObject","inLanguage":"sk-SK","@id":"https:\/\/secure.gravatar.com\/avatar\/073c0153e350a5005b68eb752b445fea71f6b24a26da9449ad7e155e6b446c9d?s=96&d=mm&r=g","url":"https:\/\/secure.gravatar.com\/avatar\/073c0153e350a5005b68eb752b445fea71f6b24a26da9449ad7e155e6b446c9d?s=96&d=mm&r=g","contentUrl":"https:\/\/secure.gravatar.com\/avatar\/073c0153e350a5005b68eb752b445fea71f6b24a26da9449ad7e155e6b446c9d?s=96&d=mm&r=g","caption":"Ralf Ittermann"},"givenName":"Ralf","familyName":"Ittermann","jobTitle":"Gesch\u00e4ftsf\u00fchrer und redaktioneller Verantwortlicher","url":"https:\/\/iwell-guard.com\/sk\/author\/claude\/","description":"Ralf Ittermann ist Gesch\u00e4ftsf\u00fchrer der Ittermann electronic GmbH und redaktioneller Verantwortlicher des iWell-Guard-Lexikons. Er verbindet langj\u00e4hrige Erfahrung in der Pr\u00e4zisionsfertigung mit medialer Praxis und religionsgeschichtlicher Quellenarbeit.","worksFor":{"@type":"Organization","name":"Ittermann electronic GmbH","url":"https:\/\/ittermann.de\/","address":{"@type":"PostalAddress","streetAddress":"K\u00f6hlergasse 16-18","postalCode":"99842","addressLocality":"Ruhla","addressCountry":"DE"}},"knowsAbout":["Religionsgeschichte","Mythologie","Mediale Praxis","Energetische Diagnostik","Schutzpraxis","Volksglauben","Westliche Esoterik"]},{"@type":"Article","@id":"https:\/\/iwell-guard.com\/sk\/reshef-fenicky-boh-moru-a-vojny\/#article","isPartOf":{"@id":"https:\/\/iwell-guard.com\/sk\/reshef-fenicky-boh-moru-a-vojny\/"},"author":{"name":"Ralf Ittermann","@id":"https:\/\/iwell-guard.com\/sk\/#\/schema\/person\/ee2a27f1cac3406c7c6fb5820cb7349f"},"headline":"Reshef \u2013 F\u00e9nick\u00fd boh moru a vojny","datePublished":"2026-09-04T22:20:11+00:00","dateModified":"2026-09-04T22:47:21+00:00","mainEntityOfPage":{"@id":"https:\/\/iwell-guard.com\/sk\/reshef-fenicky-boh-moru-a-vojny\/"},"publisher":{"@id":"https:\/\/iwell-guard.com\/sk\/#organization"},"image":{"@id":"https:\/\/iwell-guard.com\/sk\/reshef-fenicky-boh-moru-a-vojny\/#primaryimage"},"thumbnailUrl":"https:\/\/iwell-guard.com\/wp-content\/uploads\/2026\/05\/goetter_phoenizisch_reshef.webp","inLanguage":"sk-SK","description":"Reshef je f\u00e9nicko-kana\u00e1nsky boh moru a vojny, boh luku a ochrann\u00e9 bo\u017estvo. Religionistick\u00e9 zaradenie s prame\u0148mi."}]}},"_links":{"self":[{"href":"https:\/\/iwell-guard.com\/sk\/wp-json\/wp\/v2\/pages\/157969","targetHints":{"allow":["GET"]}}],"collection":[{"href":"https:\/\/iwell-guard.com\/sk\/wp-json\/wp\/v2\/pages"}],"about":[{"href":"https:\/\/iwell-guard.com\/sk\/wp-json\/wp\/v2\/types\/page"}],"author":[{"embeddable":true,"href":"https:\/\/iwell-guard.com\/sk\/wp-json\/wp\/v2\/users\/3"}],"replies":[{"embeddable":true,"href":"https:\/\/iwell-guard.com\/sk\/wp-json\/wp\/v2\/comments?post=157969"}],"version-history":[{"count":0,"href":"https:\/\/iwell-guard.com\/sk\/wp-json\/wp\/v2\/pages\/157969\/revisions"}],"wp:featuredmedia":[{"embeddable":true,"href":"https:\/\/iwell-guard.com\/sk\/wp-json\/wp\/v2\/media\/2852"}],"wp:attachment":[{"href":"https:\/\/iwell-guard.com\/sk\/wp-json\/wp\/v2\/media?parent=157969"}],"wp:term":[{"taxonomy":"category","embeddable":true,"href":"https:\/\/iwell-guard.com\/sk\/wp-json\/wp\/v2\/categories?post=157969"}],"curies":[{"name":"wp","href":"https:\/\/api.w.org\/{rel}","templated":true}]}}