{"id":157966,"date":"2026-09-04T22:20:07","date_gmt":"2026-09-04T22:20:07","guid":{"rendered":"https:\/\/iwell-guard.com\/?page_id=157966"},"modified":"2026-09-04T22:47:16","modified_gmt":"2026-09-04T22:47:16","slug":"yam-fenicky-boh-mora","status":"publish","type":"page","link":"https:\/\/iwell-guard.com\/sk\/yam-fenicky-boh-mora\/","title":{"rendered":"Yam \u2013 F\u00e9nick\u00fd boh mora"},"content":{"rendered":"\t\t<div data-elementor-type=\"wp-page\" data-elementor-id=\"157966\" class=\"elementor elementor-157966 elementor-2630 elementor-bc-flex-widget\" data-elementor-post-type=\"page\">\n\t\t\t\t<div class=\"elementor-element elementor-element-iwgw-yam-hero e-flex e-con-boxed e-con e-parent\" data-id=\"iwgw-yam-hero\" data-element_type=\"container\" data-e-type=\"container\" data-settings=\"{&quot;background_background&quot;:&quot;classic&quot;}\">\n\t\t\t\t\t<div class=\"e-con-inner\">\n\t\t<div class=\"elementor-element elementor-element-iwgw-yam-hl e-flex e-con-boxed e-con e-child\" data-id=\"iwgw-yam-hl\" data-element_type=\"container\" data-e-type=\"container\">\n\t\t\t\t\t<div class=\"e-con-inner\">\n\t\t<div class=\"elementor-element elementor-element-iwgw-yam-htxt e-con-full e-flex e-con e-child\" data-id=\"iwgw-yam-htxt\" data-element_type=\"container\" data-e-type=\"container\">\n\t\t\t\t<div class=\"elementor-element elementor-element-iwgw-yam-h1 elementor-widget elementor-widget-heading\" data-id=\"iwgw-yam-h1\" data-element_type=\"widget\" data-e-type=\"widget\" data-widget_type=\"heading.default\">\n\t\t\t\t\t<h1 class=\"elementor-heading-title elementor-size-default\">Yam, f\u00e9nicko-ugaritsk\u00fd boh mora a Baalov protivn\u00edk<\/h1>\t\t\t\t<\/div>\n\t\t\t\t<div class=\"elementor-element elementor-element-iwgw-yam-lead elementor-widget elementor-widget-text-editor\" data-id=\"iwgw-yam-lead\" data-element_type=\"widget\" data-e-type=\"widget\" data-widget_type=\"text-editor.default\">\n\t\t\t\t\t\t\t\t\t<p>Yam (ugaritsky <em>ym<\/em>, f\u00e9nicky <em>ym<\/em>) je boh mora ugaritsko-f\u00e9nickej trad\u00edcie a hlavn\u00fd protivn\u00edk <a href=\"https:\/\/iwell-guard.com\/sk\/?page_id=157960\">Baala<\/a> v Baalovom cykle. Jeho zvrhnutie znamen\u00e1 ustanovenie bo\u017esk\u00e9ho poriadku; patr\u00ed do rodiny chaotick\u00fdch bytost\u00ed starovekej bl\u00edzkov\u00fdchodnej <span class=\"iwg-fachbegriff\" data-tooltip=\"S\u00fabor tradovan\u00fdch rozpr\u00e1van\u00ed o bohoch ur\u010ditej kult\u00fary.\" tabindex=\"0\">mytol\u00f3gie<\/span>.<\/p>\t\t\t\t\t\t\t\t<\/div>\n\t\t\t\t<\/div>\n\t\t<div class=\"elementor-element elementor-element-iwgw-yam-pillc e-con-full e-flex e-con e-child\" data-id=\"iwgw-yam-pillc\" data-element_type=\"container\" data-e-type=\"container\">\n\t\t\t\t<div class=\"elementor-element elementor-element-iwgw-yam-pills elementor-widget elementor-widget-html\" data-id=\"iwgw-yam-pills\" data-element_type=\"widget\" data-e-type=\"widget\" data-widget_type=\"html.default\">\n\t\t\t\t\t<div class=\"iwg-pill-row\"><span class=\"iwg-klasse-badge\" tabindex=\"0\" data-tooltip=\"Morsk\u00e1 bytos\u0165 f\u00e9nickej trad\u00edcie.\">Morsk\u00e1 bytos\u0165<\/span><a href=\"https:\/\/iwell-guard.com\/sk\/fenicania-kartago-baal-tanit\/\" class=\"iwg-kultur-badge\" tabindex=\"0\" data-tooltip=\"Mytol\u00f3gia f\u00e9nickej trad\u00edcie.\">F\u00e9nick\u00e1<\/a><span class=\"iwg-tradition-badge\" tabindex=\"0\" data-tooltip=\"Boh mora.\">Boh mora<\/span><\/div>\t\t\t\t<\/div>\n\t\t\t\t<\/div>\n\t\t<div class=\"elementor-element elementor-element-iwgw-yam-tocc e-con-full e-flex e-con e-child\" data-id=\"iwgw-yam-tocc\" data-element_type=\"container\" data-e-type=\"container\">\n\t\t\t\t<div class=\"elementor-element elementor-element-iwgw-yam-toc elementor-toc--minimized-on-tablet elementor-widget elementor-widget-table-of-contents\" data-id=\"iwgw-yam-toc\" data-element_type=\"widget\" data-e-type=\"widget\" data-settings=\"{&quot;headings_by_tags&quot;:[&quot;h2&quot;,&quot;h3&quot;],&quot;minimize_box&quot;:&quot;yes&quot;,&quot;marker_view&quot;:&quot;bullets&quot;,&quot;no_headings_message&quot;:&quot;Na tejto str\\u00e1nke sa nena\\u0161li \\u017eiadne nadpisy.&quot;,&quot;exclude_headings_by_selector&quot;:[],&quot;icon&quot;:{&quot;value&quot;:&quot;fas fa-circle&quot;,&quot;library&quot;:&quot;fa-solid&quot;,&quot;rendered_tag&quot;:&quot;&lt;svg class=\\&quot;e-font-icon-svg e-fas-circle\\&quot; viewBox=\\&quot;0 0 512 512\\&quot; xmlns=\\&quot;http:\\\/\\\/www.w3.org\\\/2000\\\/svg\\&quot;&gt;&lt;path d=\\&quot;M256 8C119 8 8 119 8 256s111 248 248 248 248-111 248-248S393 8 256 8z\\&quot;&gt;&lt;\\\/path&gt;&lt;\\\/svg&gt;&quot;},&quot;minimized_on&quot;:&quot;tablet&quot;,&quot;hierarchical_view&quot;:&quot;yes&quot;,&quot;min_height&quot;:{&quot;unit&quot;:&quot;px&quot;,&quot;size&quot;:&quot;&quot;,&quot;sizes&quot;:[]},&quot;min_height_tablet&quot;:{&quot;unit&quot;:&quot;px&quot;,&quot;size&quot;:&quot;&quot;,&quot;sizes&quot;:[]},&quot;min_height_mobile&quot;:{&quot;unit&quot;:&quot;px&quot;,&quot;size&quot;:&quot;&quot;,&quot;sizes&quot;:[]}}\" data-widget_type=\"table-of-contents.default\">\n\t\t\t\t\t\t\t\t\t<div class=\"elementor-toc__header\">\n\t\t\t\t\t\t<h2 class=\"elementor-toc__header-title\">\n\t\t\t\tObsah\t\t\t<\/h2>\n\t\t\t\t\t\t\t\t\t\t<div class=\"elementor-toc__toggle-button elementor-toc__toggle-button--expand\" role=\"button\" tabindex=\"0\" aria-controls=\"elementor-toc__iwgw-yam-toc\" aria-expanded=\"true\" aria-label=\"Open table of contents\"><svg aria-hidden=\"true\" class=\"e-font-icon-svg e-fas-chevron-down\" viewBox=\"0 0 448 512\" xmlns=\"http:\/\/www.w3.org\/2000\/svg\"><path d=\"M207.029 381.476L12.686 187.132c-9.373-9.373-9.373-24.569 0-33.941l22.667-22.667c9.357-9.357 24.522-9.375 33.901-.04L224 284.505l154.745-154.021c9.379-9.335 24.544-9.317 33.901.04l22.667 22.667c9.373 9.373 9.373 24.569 0 33.941L240.971 381.476c-9.373 9.372-24.569 9.372-33.942 0z\"><\/path><\/svg><\/div>\n\t\t\t\t<div class=\"elementor-toc__toggle-button elementor-toc__toggle-button--collapse\" role=\"button\" tabindex=\"0\" aria-controls=\"elementor-toc__iwgw-yam-toc\" aria-expanded=\"true\" aria-label=\"Close table of contents\"><svg aria-hidden=\"true\" class=\"e-font-icon-svg e-fas-chevron-up\" viewBox=\"0 0 448 512\" xmlns=\"http:\/\/www.w3.org\/2000\/svg\"><path d=\"M240.971 130.524l194.343 194.343c9.373 9.373 9.373 24.569 0 33.941l-22.667 22.667c-9.357 9.357-24.522 9.375-33.901.04L224 227.495 69.255 381.516c-9.379 9.335-24.544 9.317-33.901-.04l-22.667-22.667c-9.373-9.373-9.373-24.569 0-33.941L207.03 130.525c9.372-9.373 24.568-9.373 33.941-.001z\"><\/path><\/svg><\/div>\n\t\t\t\t\t<\/div>\n\t\t\t\t<div id=\"elementor-toc__iwgw-yam-toc\" class=\"elementor-toc__body\">\n\t\t\t<div class=\"elementor-toc__spinner-container\">\n\t\t\t\t<svg class=\"elementor-toc__spinner eicon-animation-spin e-font-icon-svg e-eicon-loading\" aria-hidden=\"true\" viewBox=\"0 0 1000 1000\" xmlns=\"http:\/\/www.w3.org\/2000\/svg\"><path d=\"M500 975V858C696 858 858 696 858 500S696 142 500 142 142 304 142 500H25C25 237 238 25 500 25S975 237 975 500 763 975 500 975Z\"><\/path><\/svg>\t\t\t<\/div>\n\t\t<\/div>\n\t\t\t\t\t\t<\/div>\n\t\t\t\t<\/div>\n\t\t\t\t\t<\/div>\n\t\t\t\t<\/div>\n\t\t<div class=\"elementor-element elementor-element-iwgw-yam-hr e-con-full e-flex e-con e-child\" data-id=\"iwgw-yam-hr\" data-element_type=\"container\" data-e-type=\"container\">\n\t\t\t\t<div class=\"elementor-element elementor-element-iwgw-yam-heroimg iwg-hero-image elementor-widget elementor-widget-image\" data-id=\"iwgw-yam-heroimg\" data-element_type=\"widget\" data-e-type=\"widget\" data-widget_type=\"image.default\">\n\t\t\t\t\t\t\t\t\t\t\t\t\t\t\t<img fetchpriority=\"high\" decoding=\"async\" width=\"683\" height=\"1024\" src=\"https:\/\/iwell-guard.com\/wp-content\/uploads\/2026\/05\/goetter_phoenizisch_yam-683x1024.webp\" class=\"attachment-large size-large wp-image-159795\" alt=\"Jam \u2013 bohovia z fenickej trad\u00edcie, historicko-ilustra\u010dn\u00e9\" srcset=\"https:\/\/iwell-guard.com\/wp-content\/uploads\/2026\/05\/goetter_phoenizisch_yam-683x1024.webp 683w, https:\/\/iwell-guard.com\/wp-content\/uploads\/2026\/05\/goetter_phoenizisch_yam-200x300.webp 200w, https:\/\/iwell-guard.com\/wp-content\/uploads\/2026\/05\/goetter_phoenizisch_yam-768x1152.webp 768w, https:\/\/iwell-guard.com\/wp-content\/uploads\/2026\/05\/goetter_phoenizisch_yam.webp 1024w\" sizes=\"(max-width: 683px) 100vw, 683px\" \/>\t\t\t\t\t\t\t\t\t\t\t\t\t\t\t<\/div>\n\t\t\t\t<\/div>\n\t\t\t\t\t<\/div>\n\t\t\t\t<\/div>\n\t\t\t\t<section class=\"elementor-section elementor-top-section elementor-element elementor-element-sec-iwgcomp2-yam elementor-section-boxed elementor-section-height-default elementor-section-height-default\" data-id=\"sec-iwgcomp2-yam\" data-element_type=\"section\" data-e-type=\"section\">\n\t\t\t\t\t\t<div class=\"elementor-container elementor-column-gap-default\">\n\t\t\t\t\t<div class=\"elementor-column elementor-col-100 elementor-top-column elementor-element elementor-element-col-iwgcomp2-yam\" data-id=\"col-iwgcomp2-yam\" data-element_type=\"column\" data-e-type=\"column\">\n\t\t\t<div class=\"elementor-widget-wrap elementor-element-populated\">\n\t\t\t\t\t\t<div class=\"elementor-element elementor-element-iwgcomp2-yam elementor-widget elementor-widget-text-editor\" data-id=\"iwgcomp2-yam\" data-element_type=\"widget\" data-e-type=\"widget\" data-widget_type=\"text-editor.default\">\n\t\t\t\t\t\t\t\t\t<p>Yam je <strong>f\u00e9nicko-ugaritsk\u00fd<\/strong> boh mora a protihr\u00e1\u010d Baala v Baalovom cykle.<\/p>\t\t\t\t\t\t\t\t<\/div>\n\t\t\t\t\t<\/div>\n\t\t<\/div>\n\t\t\t\t\t<\/div>\n\t\t<\/section>\n\t\t<div class=\"elementor-element elementor-element-iwgw-yam-s0 e-flex e-con-boxed e-con e-parent\" data-id=\"iwgw-yam-s0\" data-element_type=\"container\" data-e-type=\"container\">\n\t\t\t\t\t<div class=\"e-con-inner\">\n\t\t\t\t<div class=\"elementor-element elementor-element-iwgw-yam-s0h elementor-widget elementor-widget-heading\" data-id=\"iwgw-yam-s0h\" data-element_type=\"widget\" data-e-type=\"widget\" data-widget_type=\"heading.default\">\n\t\t\t\t\t<h2 class=\"elementor-heading-title elementor-size-default\">Zaradenie a stru\u010dn\u00fd profil<\/h2>\t\t\t\t<\/div>\n\t\t<div class=\"elementor-element elementor-element-iwgw-yam-s0c e-con-full e-flex e-con e-child\" data-id=\"iwgw-yam-s0c\" data-element_type=\"container\" data-e-type=\"container\">\n\t\t\t\t<div class=\"elementor-element elementor-element-iwgw-yam-s0t elementor-widget elementor-widget-text-editor\" data-id=\"iwgw-yam-s0t\" data-element_type=\"widget\" data-e-type=\"widget\" data-widget_type=\"text-editor.default\">\n\t\t\t\t\t\t\t\t\t<p>Yam je f\u00e9nicko-kana\u00e1nske zosobnenie chaotick\u00e9ho mora. Mark Smith v diele <em>The Ugaritic Baal Cycle<\/em> (1994\/2009) uk\u00e1zal, \u017ee Yam je v Baalovom cykle centr\u00e1lnou protipostavou, ktorej zvrhnutie zaklad\u00e1 kr\u00e1\u013eovsk\u00fa vl\u00e1du <a href=\"https:\/\/iwell-guard.com\/sk\/?page_id=157960\">Baala<\/a>. V r\u00e1mci <a href=\"https:\/\/iwell-guard.com\/sk\/fenicania-kartago-baal-tanit\/\">f\u00e9nickej trad\u00edcie<\/a> je Yam prototypick\u00fdm chaotick\u00fdm bohom mora.<\/p><p>Z h\u013eadiska dej\u00edn n\u00e1bo\u017eenstva Yam predstavuje typ bo\u017eskej chaotickej vody, ktor\u00fd sa objavuje takmer vo v\u0161etk\u00fdch predo\u00e1zijsk\u00fdch mytol\u00f3gi\u00e1ch: Tiamat v Mezopot\u00e1mii, Apsu, konflikt Marduk-Tiamat, <a href=\"https:\/\/iwell-guard.com\/sk\/?page_id=157959\">Hedammu<\/a> v <a href=\"https:\/\/iwell-guard.com\/sk\/hetitsko-anatolske-tarhunna-ochranna-prax\/\">huritskej trad\u00edcii<\/a>, Typhon v Gr\u00e9cku. T\u00edto bohovia chaotickej vody nie s\u00fa jednoducho zl\u00ed, ale ambivalentn\u00e9 kozmick\u00e9 bytosti, ktor\u00fdch premo\u017eenie ustanovuje bo\u017esk\u00fd poriadok.<\/p><p>Na rozdiel od <a href=\"https:\/\/iwell-guard.com\/sk\/?page_id=157959\">Hedammua<\/a> alebo <a href=\"https:\/\/iwell-guard.com\/sk\/?page_id=157958\">Ullikummiho<\/a> je Yam plnohodnotn\u00fdm bohom; m\u00e1 vlastn\u00fd pal\u00e1c, poslov a n\u00e1rokuje si kr\u00e1\u013eovsk\u00fa vl\u00e1du. Jeho prehra proti Baalovi nie je zni\u010den\u00edm mon\u0161tra, ale rozhodnut\u00edm v bo\u017eskom kr\u00e1\u013eovskom s\u00faboji. Tento teologick\u00fd rozdiel je z h\u013eadiska dej\u00edn n\u00e1bo\u017eenstva d\u00f4le\u017eit\u00fd a odli\u0161uje ugaritsko-f\u00e9nick\u00fa trad\u00edciu od huritskej.<\/p><p>Zvl\u00e1\u0161tny teologick\u00fd bod konfliktu Baal-Yam spo\u010d\u00edva v tom, \u017ee Yam bol p\u00f4vodne legit\u00edmne dosaden\u00fd za kr\u00e1\u013ea Elom, star\u00fdm bohom otcom. Baalov vzostup sa teda odohr\u00e1va proti ust\u00e1lenej bo\u017eskej hierarchii, nie v s\u00falade s \u0148ou. Tento detail zd\u00f4raz\u0148uje revolu\u010dn\u00fa <span class=\"iwg-fachbegriff\" data-tooltip=\"Vedeck\u00e1 n\u00e1uka o Bohu a viere ur\u010dit\u00e9ho n\u00e1bo\u017eenstva.\" tabindex=\"0\">teol\u00f3giu<\/span> Baalovho cyklu, ktor\u00fd ustanovuje nov\u00fd poriadok bohov.<\/p><p>T\u00e1to teologick\u00e1 konfigur\u00e1cia s vl\u00e1dnucim kr\u00e1\u013eom (Yam) a revolu\u010dn\u00fdm b\u00farkov\u00fdm bohom (Baal) m\u00e1 bl\u00edzke paralely v hetitskom Kumarbiho cykle, kde <a href=\"https:\/\/iwell-guard.com\/sk\/?page_id=157956\">Teshub<\/a> povst\u00e1va proti ust\u00e1len\u00e9mu bohovi otcovi <a href=\"https:\/\/iwell-guard.com\/sk\/?page_id=157954\">Kumarbimu<\/a>. N\u00e1bo\u017eenskohistorick\u00e9 prepojenie v\u00fdchodn\u00e9ho Stredomoria v neskorej dobe bronzovej je tu obzvl\u00e1\u0161\u0165 pevn\u00e9.<\/p>\t\t\t\t\t\t\t\t<\/div>\n\t\t\t\t<\/div>\n\t\t\t\t\t<\/div>\n\t\t\t\t<\/div>\n\t\t<div class=\"elementor-element elementor-element-iwgw-yam-s1 e-flex e-con-boxed e-con e-parent\" data-id=\"iwgw-yam-s1\" data-element_type=\"container\" data-e-type=\"container\">\n\t\t\t\t\t<div class=\"e-con-inner\">\n\t\t\t\t<div class=\"elementor-element elementor-element-iwgw-yam-s1h elementor-widget elementor-widget-heading\" data-id=\"iwgw-yam-s1h\" data-element_type=\"widget\" data-e-type=\"widget\" data-widget_type=\"heading.default\">\n\t\t\t\t\t<h2 class=\"elementor-heading-title elementor-size-default\">Meno a etymol\u00f3gia<\/h2>\t\t\t\t<\/div>\n\t\t<div class=\"elementor-element elementor-element-iwgw-yam-s1c e-con-full e-flex e-con e-child\" data-id=\"iwgw-yam-s1c\" data-element_type=\"container\" data-e-type=\"container\">\n\t\t\t\t<div class=\"elementor-element elementor-element-iwgw-yam-s1t elementor-widget elementor-widget-text-editor\" data-id=\"iwgw-yam-s1t\" data-element_type=\"widget\" data-e-type=\"widget\" data-widget_type=\"text-editor.default\">\n\t\t\t\t\t\t\t\t\t<p>Meno <em>ym<\/em> je spolo\u010dn\u00e9 severoz\u00e1padosemitsk\u00e9 slovo pre &#8218;more&#8216;; Yam je teda doslova &#8218;more&#8216; samotn\u00e9. T\u00e1to identita mena boha a kozmickej kateg\u00f3rie je typick\u00e1 pre starovek\u00fa bl\u00edzkov\u00fdchodn\u00fa teog\u00f3niu. V akkad\u010dine by tomu zodpovedalo <em>t\u00e2mtu<\/em> (Tiamat); v hebrej\u010dine <em>y\u0101m<\/em> (s toto\u017enou etymol\u00f3giou, hoci tam nie je zbo\u017e\u0161ten\u00e9).<\/p><p>V ugaritsk\u00fdch textoch sa Yam objavuje pod viacer\u00fdmi pr\u00edvlastkami: <em>zbl ym<\/em> &#8218;knie\u017ea Yam&#8216;, <em>tp\u1e6d nhr<\/em> &#8218;sudca Rieka&#8216;, <em>\u02beyl rbn<\/em> &#8218;mocn\u00fd boh&#8216; a <em>tnn<\/em> &#8218;Tannin&#8216; (morsk\u00fd drak). Viacn\u00e1sobn\u00e9 pomenovanie odr\u00e1\u017ea kozmick\u00fa viacfunk\u010dnos\u0165: Yam je z\u00e1rove\u0148 more, rieka, drak a uch\u00e1dza\u010d o kr\u00e1\u013eovsk\u00fa moc.<\/p><p>V hebrejskom materi\u00e1li sa Yam objavuje ako kozmick\u00fd protivn\u00edk Jahveho vo viacer\u00fdch \u017ealmoch a prorock\u00fdch textoch (\u017d 74; \u017d 89; Iz 27; Hab 3); k roz\u0161\u00edrenej rodine Yam patria aj Livjatan (Leviatan) a Tannin.<\/p><p>John Day v diele <em>God&#8217;s Conflict with the Dragon and the Sea<\/em> (1985) podrobne sk\u00famal hebrejsk\u00e9 doklady; Mark Smith v diele <em>The Origins of Biblical Monotheism<\/em> (2001) vykonal historick\u00e9 zaradenie.<\/p><p>V aramejsk\u00fdch a f\u00e9nick\u00fdch n\u00e1pisoch z 1. tis\u00edcro\u010dia pred Kr. zosobnen\u00e1 postava Yam mizne; more sa \u010doraz viac ch\u00e1pe len ako kozmick\u00e1 sf\u00e9ra, nie ako konaj\u00faci boh. Toto &#8218;odbo\u017e\u0161tenie&#8216; mora je z h\u013eadiska dej\u00edn n\u00e1bo\u017eenstva v\u00fdznamn\u00e9 a prebieha paralelne s konsolid\u00e1ciou Baalovho kultu ako hlavn\u00e9ho kultu.<\/p>\t\t\t\t\t\t\t\t<\/div>\n\t\t\t\t<\/div>\n\t\t\t\t\t<\/div>\n\t\t\t\t<\/div>\n\t\t<div class=\"elementor-element elementor-element-iwgw-yam-s2 e-flex e-con-boxed e-con e-parent\" data-id=\"iwgw-yam-s2\" data-element_type=\"container\" data-e-type=\"container\">\n\t\t\t\t\t<div class=\"e-con-inner\">\n\t\t\t\t<div class=\"elementor-element elementor-element-iwgw-yam-s2h elementor-widget elementor-widget-heading\" data-id=\"iwgw-yam-s2h\" data-element_type=\"widget\" data-e-type=\"widget\" data-widget_type=\"heading.default\">\n\t\t\t\t\t<h2 class=\"elementor-heading-title elementor-size-default\">Popis a ikonografia<\/h2>\t\t\t\t<\/div>\n\t\t<div class=\"elementor-element elementor-element-iwgw-yam-s2c e-con-full e-flex e-con e-child\" data-id=\"iwgw-yam-s2c\" data-element_type=\"container\" data-e-type=\"container\">\n\t\t\t\t<div class=\"elementor-element elementor-element-iwgw-yam-s2t elementor-widget elementor-widget-text-editor\" data-id=\"iwgw-yam-s2t\" data-element_type=\"widget\" data-e-type=\"widget\" data-widget_type=\"text-editor.default\">\n\t\t\t\t\t\t\t\t\t<p>Yam sa v ikonografii objavuje v zosobnenej forme len zriedka; zvy\u010dajne je zobrazovan\u00fd ako more samotn\u00e9 alebo ako obrovsk\u00fd morsk\u00fd had (Tannin). Na nieko\u013ek\u00fdch ugaritsk\u00fdch pe\u010datiach zo 14.\/13. storo\u010dia pred Kr. je s\u00faboj Baal-Yam zobrazen\u00fd symbolicky: Baal s pozdvihnut\u00fdm kyjakom nad hadovitou postavou.<\/p><p>Vo f\u00e9nick\u00fdch s\u00favislostiach je ikonografia Yama e\u0161te vz\u00e1cnej\u0161ia; more je \u010dastej\u0161ie symbolizovan\u00e9 ako kozmick\u00e9 prostredie f\u00e9nickej n\u00e1mornej plavby, s vyobrazeniami pr\u00eddy lod\u00ed, ryb\u00edmi mot\u00edvmi a vlnovou ornamentikou, bez priamej personifik\u00e1cie Yama.<\/p><p>D\u00f4le\u017eit\u00e1 ikonografick\u00e1 trad\u00edcia sa rozv\u00edja v helenisticko-r\u00edmskom prostred\u00ed: Yam-Poseid\u00f3n s trojzubcom a konsk\u00fdm z\u00e1prahom. Tento prenos gr\u00e9ckych obrazov Poseid\u00f3na na f\u00e9nicko-severoz\u00e1padosemitsk\u00fa trad\u00edciu boha mora je vo f\u00e9nickej domovine menej v\u00fdrazn\u00fd ne\u017e v z\u00e1padostredomorsk\u00fdch kol\u00f3ni\u00e1ch, kde bol gr\u00e9cky vplyv intenz\u00edvnej\u0161\u00ed.<\/p><p>Sl\u00e1vna b\u00fd\u010dia <span class=\"iwg-fachbegriff\" data-tooltip=\"Zvislo stojaca kamenn\u00e1 alebo dreven\u00e1 doska s n\u00e1pisom alebo vyobrazen\u00edm.\" tabindex=\"0\">st\u00e9la<\/span> z Ras \u0160amry zobrazuje mal\u00fa hadovit\u00fa formu pod Baalov\u00fdmi nohami; vo v\u00fdskume sa tento had \u010dasto identifikuje s Yamom-Tanninom. Toto ikonografick\u00e9 potvrdenie Baalovho v\u00ed\u0165azstva nad hadom je jedn\u00fdm z najd\u00f4le\u017eitej\u0161\u00edch obrazov\u00fdch dokladov Baalovho cyklu.<\/p>\t\t\t\t\t\t\t\t<\/div>\n\t\t\t\t<\/div>\n\t\t\t\t\t<\/div>\n\t\t\t\t<\/div>\n\t\t<div class=\"elementor-element elementor-element-iwgw-yam-s3 e-flex e-con-boxed e-con e-parent\" data-id=\"iwgw-yam-s3\" data-element_type=\"container\" data-e-type=\"container\">\n\t\t\t\t\t<div class=\"e-con-inner\">\n\t\t\t\t<div class=\"elementor-element elementor-element-iwgw-yam-s3h elementor-widget elementor-widget-heading\" data-id=\"iwgw-yam-s3h\" data-element_type=\"widget\" data-e-type=\"widget\" data-widget_type=\"heading.default\">\n\t\t\t\t\t<h2 class=\"elementor-heading-title elementor-size-default\">Mytologick\u00e9 rozpr\u00e1vania<\/h2>\t\t\t\t<\/div>\n\t\t<div class=\"elementor-element elementor-element-iwgw-yam-s3c e-con-full e-flex e-con e-child\" data-id=\"iwgw-yam-s3c\" data-element_type=\"container\" data-e-type=\"container\">\n\t\t\t\t<div class=\"elementor-element elementor-element-iwgw-yam-s3t elementor-widget elementor-widget-text-editor\" data-id=\"iwgw-yam-s3t\" data-element_type=\"widget\" data-e-type=\"widget\" data-widget_type=\"text-editor.default\">\n\t\t\t\t\t\t\t\t\t<p>Hlavn\u00fdm prame\u0148om o Jamovi je ugaritsk\u00fd Baalov cyklus (KTU 1.1, 1.2), v ktorom je zobrazen\u00fd konflikt medzi Jamom a <a href=\"https:\/\/iwell-guard.com\/sk\/?page_id=157960\">Baalom<\/a>. Dej v hrub\u00fdch obrysoch: Jam, ofici\u00e1lne ustanoven\u00fd Elom za kr\u00e1\u013ea, posiela svojich poslov k rade bohov a \u017eiada vydanie Baala. Bohovia sa tras\u00fa a skl\u00e1\u0148aj\u00fa hlavu; iba Baal vzdoruje a prij\u00edma boj.<\/p><p>Kov\u00e1\u010dsky boh Kothar-wa-Chasis vyr\u00e1ba pre Baala dve magick\u00e9 zbrane, ktor\u00e9 nes\u00fa men\u00e1 &#8218;Ajamur&#8216; a &#8218;Jagru\u0161&#8216; (&#8218;ten, \u010do vyh\u00e1\u0148a&#8216; a &#8218;ten, \u010do prenasleduje&#8216;). Baal proti Jamovi bojuje pr\u00e1ve nimi; prv\u00fd \u00fader Jama zakol\u00ed\u0161e, druh\u00fd ho rozdrv\u00ed.<\/p><p>Jam pad\u00e1 na zem; Baal vyhlasuje: &#8218;Jam je m\u0155tvy, Baal je kr\u00e1\u013e!&#8216; Mark Smith tento text podrobne okomentoval vo svojom monument\u00e1lnom vydan\u00ed.<\/p><p>\u010eal\u0161ia ugaritsk\u00e1 epiz\u00f3da opisuje boj bohyne <a href=\"https:\/\/iwell-guard.com\/sk\/?page_id=157970\">Anat<\/a> proti Jamovi, ktor\u00e1 podporuje svojho brata Baala. Anat &#8218;zab\u00edja more, ni\u010d\u00ed rieku, poni\u017euje Tannina, prem\u00e1ha zv\u00edjaj\u00faceho sa hada&#8216;. T\u00e1to sekvencia Anat\u2013Jam je historicky v\u00fdpovedn\u00e1 a ukazuje, \u017ee boj proti chaotick\u00fdm vod\u00e1m bol kolekt\u00edvnym bo\u017esk\u00fdm \u00fasil\u00edm, nielen Baalov\u00fdm samostatn\u00fdm \u010dinom.<\/p><p>\u010eal\u0161ia fragment\u00e1rna epiz\u00f3da opisuje Jama v spojen\u00ed so &#8218;synmi Ela&#8216; (<em>bn \u02beil<\/em>), ktor\u00ed funguj\u00fa ako rada bohov. Jamova po\u017eiadavka sa prerok\u00fava v rade bohov, El s\u00fahlas\u00ed a iba Baal sa jej postav\u00ed na odpor. T\u00e1to trad\u00edcia &#8218;bo\u017eskej rady&#8216; m\u00e1 n\u00e1bo\u017eenskohistorick\u00fd v\u00fdznam a m\u00e1 paralely s hebrejsk\u00fdm <span class=\"iwg-fachbegriff\" data-tooltip=\"Opakuj\u00faci sa obsahov\u00fd prvok v umen\u00ed alebo rozpr\u00e1van\u00ed.\" tabindex=\"0\">mot\u00edvom<\/span> &#8218;synov Bo\u017e\u00edch&#8216; (J\u00f3b 1; \u017d 82).<\/p><p>Ugaritsk\u00ed spev\u00e1ci pravdepodobne predv\u00e1dzali konflikt Baala a Jama v podobe \u00fapln\u00e9ho predstavenia, s nosi\u010dmi tabuliek, hudobn\u00fdmi n\u00e1strojmi a kultick\u00fdmi tancami. Tento performat\u00edvny rozmer je systematicky spracovan\u00fd v nov\u0161om ugaritskom v\u00fdskume, napr\u00edklad u Wilfreda Watsona a Pierra Bordreuila.<\/p>\t\t\t\t\t\t\t\t<\/div>\n\t\t\t\t<\/div>\n\t\t\t\t\t<\/div>\n\t\t\t\t<\/div>\n\t\t<div class=\"elementor-element elementor-element-iwgw-yam-s4 e-flex e-con-boxed e-con e-parent\" data-id=\"iwgw-yam-s4\" data-element_type=\"container\" data-e-type=\"container\">\n\t\t\t\t\t<div class=\"e-con-inner\">\n\t\t\t\t<div class=\"elementor-element elementor-element-iwgw-yam-s4h elementor-widget elementor-widget-heading\" data-id=\"iwgw-yam-s4h\" data-element_type=\"widget\" data-e-type=\"widget\" data-widget_type=\"heading.default\">\n\t\t\t\t\t<h2 class=\"elementor-heading-title elementor-size-default\">Kult a uctievanie<\/h2>\t\t\t\t<\/div>\n\t\t<div class=\"elementor-element elementor-element-iwgw-yam-s4c e-con-full e-flex e-con e-child\" data-id=\"iwgw-yam-s4c\" data-element_type=\"container\" data-e-type=\"container\">\n\t\t\t\t<div class=\"elementor-element elementor-element-iwgw-yam-s4t elementor-widget elementor-widget-text-editor\" data-id=\"iwgw-yam-s4t\" data-element_type=\"widget\" data-e-type=\"widget\" data-widget_type=\"text-editor.default\">\n\t\t\t\t\t\t\t\t\t<p>Jam nebol predmetom kultu; ako boh chaosu nebol uctievan\u00fd, ale v ritu\u00e1loch <span class=\"iwg-fachbegriff\" data-tooltip=\"Patriaci k ust\u00e1len\u00e9mu n\u00e1bo\u017eensk\u00e9mu postupu.\" tabindex=\"0\">ritu\u00e1lne<\/span> prem\u00e1han\u00fd. V niektor\u00fdch ochrann\u00fdch ritu\u00e1loch sa objavuje ako prototypick\u00fd pr\u00edklad kozmick\u00e9ho nebezpe\u010denstva, ktor\u00e9 treba odvr\u00e1ti\u0165 bo\u017esk\u00fdm z\u00e1sahom.<\/p><p>Jeho <span class=\"iwg-fachbegriff\" data-tooltip=\"Tradovan\u00fd pr\u00edbeh o bohoch, p\u00f4vode a usporiadan\u00ed sveta.\" tabindex=\"0\">m\u00fdtus<\/span> sa v\u0161ak recitoval v r\u00e1mci \u0161t\u00e1tneho kultu; Baalov cyklus patril do reperto\u00e1ru ugaritsk\u00fdch spev\u00e1kov a pravdepodobne sa predn\u00e1\u0161al pri ve\u013ek\u00fdch sviatkoch. Je mo\u017en\u00e9, \u017ee ritu\u00e1lne op\u00e4tovn\u00e9 predvedenie sekvencie Baal\u2013Jam bolo s\u00fa\u010das\u0165ou jarn\u00e9ho sviato\u010dn\u00e9ho obradu, podobne ako mezopot\u00e1mske Enuma Eli\u0161 pri novoro\u010dnom sviatku.<\/p><p>Vo f\u00e9nickych n\u00e1morn\u00edckych ritu\u00e1loch sa more <span class=\"iwg-fachbegriff\" data-tooltip=\"Patriaci k ust\u00e1len\u00e9mu n\u00e1bo\u017eensk\u00e9mu postupu.\" tabindex=\"0\">ritu\u00e1lne<\/span> upokojovalo; kapit\u00e1ni lod\u00ed a cestuj\u00faci prin\u00e1\u0161ali <span class=\"iwg-fachbegriff\" data-tooltip=\"Dar bo\u017estvu na vyjadrenie v\u010faky, prosby alebo \u00facty.\" tabindex=\"0\">obete<\/span> moru v n\u00e1deji na bezpe\u010dn\u00fa plavbu. T\u00e1to n\u00e1morn\u00edcka zbo\u017enos\u0165 sa neodvol\u00e1vala priamo na Jama, patrila v\u0161ak do rovnak\u00e9ho kozmologick\u00e9ho my\u0161lienkov\u00e9ho sveta. Sabatino Moscati op\u00edsal f\u00e9nick\u00fa n\u00e1morn\u00fa kult\u00faru v nieko\u013ek\u00fdch \u0161t\u00fadi\u00e1ch.<\/p><p>D\u00f4le\u017eit\u00e9 ritu\u00e1lne prepojenie existuje medzi v\u00ed\u0165azstvom nad Jamom a ugaritsk\u00fdm jarn\u00fdm sviatkom; konflikt bol pravdepodobne <span class=\"iwg-fachbegriff\" data-tooltip=\"Patriaci k ust\u00e1len\u00e9mu n\u00e1bo\u017eensk\u00e9mu postupu.\" tabindex=\"0\">ritu\u00e1lne<\/span> aktualizovan\u00fd v \u010dase jarn\u00fdch b\u00farok, ke\u010f ustupovali siln\u00e9 zimn\u00e9 da\u017ede a za\u010d\u00ednala sa plavebn\u00e1 sez\u00f3na. T\u00e1to ritu\u00e1lna sez\u00f3nnos\u0165 je historicky charakteristick\u00e1 pre v\u00fdchodn\u00e9 Stredomorie v neskorej dobe bronzovej.<\/p>\t\t\t\t\t\t\t\t<\/div>\n\t\t\t\t<\/div>\n\t\t\t\t\t<\/div>\n\t\t\t\t<\/div>\n\t\t<div class=\"elementor-element elementor-element-iwgw-yam-s5 e-flex e-con-boxed e-con e-parent\" data-id=\"iwgw-yam-s5\" data-element_type=\"container\" data-e-type=\"container\">\n\t\t\t\t\t<div class=\"e-con-inner\">\n\t\t\t\t<div class=\"elementor-element elementor-element-iwgw-yam-s5h elementor-widget elementor-widget-heading\" data-id=\"iwgw-yam-s5h\" data-element_type=\"widget\" data-e-type=\"widget\" data-widget_type=\"heading.default\">\n\t\t\t\t\t<h2 class=\"elementor-heading-title elementor-size-default\">Ochrann\u00e1 prax a apotropaika<\/h2>\t\t\t\t<\/div>\n\t\t<div class=\"elementor-element elementor-element-iwgw-yam-s5c e-con-full e-flex e-con e-child\" data-id=\"iwgw-yam-s5c\" data-element_type=\"container\" data-e-type=\"container\">\n\t\t\t\t<div class=\"elementor-element elementor-element-iwgw-yam-s5t elementor-widget elementor-widget-text-editor\" data-id=\"iwgw-yam-s5t\" data-element_type=\"widget\" data-e-type=\"widget\" data-widget_type=\"text-editor.default\">\n\t\t\t\t\t\t\t\t\t<p>Apotropajn\u00e9 praktiky proti chaotick\u00e9mu moru boli roz\u0161\u00edren\u00e9 vo f\u00e9nickom prostred\u00ed. Na v\u00fdzdobe lodn\u00fdch pr\u00edd\u00ed sa objavuj\u00fa apotropajn\u00e9 o\u010di, symboly b\u00fd\u010d\u00edch rohov alebo &#8218;znak Tanit&#8216; ako ochrana proti nebezpe\u010denstv\u00e1m mora. Tieto obrazy patrili k \u0161tandardnej v\u00fdbave f\u00e9nick\u00fdch obchodn\u00fdch aj vojnov\u00fdch lod\u00ed.<\/p><p>V pr\u00edstavn\u00fdch mest\u00e1ch sa pou\u017e\u00edvali ochrann\u00e9 formuly proti &#8218;z\u00fariv\u00e9mu moru a jeho bytostiam&#8216;; v punsk\u00fdch n\u00e1pisoch sa nach\u00e1dzaj\u00fa vot\u00edvne dary za \u0161\u0165astn\u00fd n\u00e1vrat z morsk\u00fdch ciest. T\u00e1to cestovate\u013esk\u00e1 zbo\u017enos\u0165 je n\u00e1bo\u017eenskohistoricky zauj\u00edmav\u00e1, preto\u017ee priamo n\u00e1bo\u017eensk\u00fdm sp\u00f4sobom r\u00e1mcuje medzin\u00e1rodn\u00fa mobilitu f\u00e9nick\u00e9ho sveta.<\/p><p data-nosnippet=\"true\">Z vedeck\u00e9ho h\u013eadiska je Jam pr\u00edkladom personifik\u00e1cie chaotick\u00e9ho mora. Jeho narat\u00edvna por\u00e1\u017eka Baalov\u00fdmi magick\u00fdmi zbra\u0148ami je historicky porovnate\u013en\u00e1 s konfliktom Marduka a Tiamat, kde takisto o v\u00ed\u0165azstve rozhoduj\u00fa magick\u00e9 zbrane. iWell Guard uv\u00e1dza Jama ako historicko-mytologick\u00fa postavu bez aktu\u00e1lnej ochrannej funkcie a bez odkazov na modern\u00e9 pr\u00eds\u013euby uzdravenia.<\/p><p>V punsk\u00fdch n\u00e1pisoch z Kart\u00e1ga a Motye sa objavuj\u00fa &#8218;bohovia mora&#8216; (f\u00e9nicky <em>\u02belm ym<\/em>) ako pr\u00edjemcovia vot\u00edvnych darov pred morsk\u00fdmi cestami; \u010di ide o priamu spomienku na Jama, alebo o v\u0161eobecn\u00e9 <span class=\"iwg-fachbegriff\" data-tooltip=\"Prosebn\u00e9 alebo zakl\u00ednacie oslovenie bo\u017estva \u010di moci.\" tabindex=\"0\">vz\u00fdvanie<\/span> boha mora, je sporn\u00e9.<\/p><p>F\u00e9nick\u00e9 o\u010di na prove lod\u00ed treba z n\u00e1bo\u017eenskohistorick\u00e9ho h\u013eadiska ch\u00e1pa\u0165 ako <span class=\"iwg-fachbegriff\" data-tooltip=\"Odvracaj\u00faci ne\u0161\u0165astie: o znakoch a predmetoch, ktor\u00e9 maj\u00fa odh\u00e1\u0148a\u0165 \u0161kodliv\u00e9 vplyvy.\" tabindex=\"0\">apotropajn\u00e9<\/span>; menia poh\u013ead lode na ochrann\u00fa silu proti Jamovi a jeho bytostiam.<\/p>\t\t\t\t\t\t\t\t<\/div>\n\t\t\t\t<\/div>\n\t\t\t\t\t<\/div>\n\t\t\t\t<\/div>\n\t\t<div class=\"elementor-element elementor-element-iwgw-yam-s6 e-flex e-con-boxed e-con e-parent\" data-id=\"iwgw-yam-s6\" data-element_type=\"container\" data-e-type=\"container\">\n\t\t\t\t\t<div class=\"e-con-inner\">\n\t\t\t\t<div class=\"elementor-element elementor-element-iwgw-yam-s6h elementor-widget elementor-widget-heading\" data-id=\"iwgw-yam-s6h\" data-element_type=\"widget\" data-e-type=\"widget\" data-widget_type=\"heading.default\">\n\t\t\t\t\t<h2 class=\"elementor-heading-title elementor-size-default\">Paralely v in\u00fdch kult\u00farach<\/h2>\t\t\t\t<\/div>\n\t\t<div class=\"elementor-element elementor-element-iwgw-yam-s6c e-con-full e-flex e-con e-child\" data-id=\"iwgw-yam-s6c\" data-element_type=\"container\" data-e-type=\"container\">\n\t\t\t\t<div class=\"elementor-element elementor-element-iwgw-yam-s6t elementor-widget elementor-widget-text-editor\" data-id=\"iwgw-yam-s6t\" data-element_type=\"widget\" data-e-type=\"widget\" data-widget_type=\"text-editor.default\">\n\t\t\t\t\t\t\t\t\t<p>Yam patr\u00ed do medzin\u00e1rodnej rodiny bohov chaotick\u00fdch v\u00f4d. V mezopot\u00e1mskej trad\u00edcii mu zodpoved\u00e1 Tiamat z Enuma eli\u0161; v <a href=\"https:\/\/iwell-guard.com\/sk\/hetitsko-anatolske-tarhunna-ochranna-prax\/\">hurritsko-hetitskej trad\u00edcii<\/a> ide o <a href=\"https:\/\/iwell-guard.com\/sk\/?page_id=157959\">Hedammu<\/a> a fragment\u00e1rnu &#8218;Pesnicku o mori&#8216; (CTH 346) proti <a href=\"https:\/\/iwell-guard.com\/sk\/?page_id=157956\">Te\u0161ubovi<\/a>. Mark Smith a Mary Bachvarova zdokumentovali v nieko\u013ek\u00fdch \u0161t\u00fadi\u00e1ch vz\u00e1jomn\u00e9 previazanie t\u00fdchto mytol\u00f3gi\u00ed.<\/p><p>V hebrejskom materi\u00e1li je Yam kozmick\u00fdm protivn\u00edkom Jahveho v nieko\u013ek\u00fdch \u017ealmoch; stvorenie je vykladan\u00e9 ako Jahveho v\u00ed\u0165azstvo nad Yamom, Livjatanom a Tanninom (\u017d 74:13, 14; Iz 27:1). Tieto texty patria k &#8218;chaoskampfovej <span class=\"iwg-fachbegriff\" data-tooltip=\"Vedeck\u00e1 n\u00e1uka o Bohu a o viere danej n\u00e1bo\u017eenskej trad\u00edcie.\" tabindex=\"0\">teol\u00f3gii<\/span>&#8218; hebrejskej Biblie a historicky priamo vych\u00e1dzaj\u00fa z ugaritskej Yamovej trad\u00edcie.<\/p><p>S gr\u00e9ckym Typhonom zdie\u013ea Yam profil chaotick\u00e9ho protivn\u00edka; s Poseidonom zdie\u013ea personifik\u00e1ciu mora, hoci v odli\u0161nej teologickej konfigur\u00e1cii. V helenisticko-r\u00edmskom obdob\u00ed bol fenick\u00fd Yam identifikovan\u00fd s Poseidonom, pri\u010dom akt\u00edvny profil chaotick\u00e9ho protivn\u00edka bol pri tom pretvoren\u00fd v prospech funkcie boha n\u00e1mornej plavby.<\/p><p>V urartejsk\u00fdch n\u00e1pisoch sa objavuje boh mora Quera, ktor\u00e9ho n\u00e1bo\u017eenskohistorick\u00e1 s\u00favislos\u0165 s Yamom sa v posledn\u00fdch rokoch diskutuje. V\u00fdskum Mirja Salviniho tu prin\u00e1\u0161a d\u00f4le\u017eit\u00e9 nov\u00e9 poznatky.<\/p>\t\t\t\t\t\t\t\t<\/div>\n\t\t\t\t<\/div>\n\t\t\t\t\t<\/div>\n\t\t\t\t<\/div>\n\t\t<div class=\"elementor-element elementor-element-iwgw-yam-s7 e-flex e-con-boxed e-con e-parent\" data-id=\"iwgw-yam-s7\" data-element_type=\"container\" data-e-type=\"container\">\n\t\t\t\t\t<div class=\"e-con-inner\">\n\t\t\t\t<div class=\"elementor-element elementor-element-iwgw-yam-s7h elementor-widget elementor-widget-heading\" data-id=\"iwgw-yam-s7h\" data-element_type=\"widget\" data-e-type=\"widget\" data-widget_type=\"heading.default\">\n\t\t\t\t\t<h2 class=\"elementor-heading-title elementor-size-default\">S\u00fa\u010dasn\u00e1 recepcia a v\u00fdskum<\/h2>\t\t\t\t<\/div>\n\t\t<div class=\"elementor-element elementor-element-iwgw-yam-s7c e-con-full e-flex e-con e-child\" data-id=\"iwgw-yam-s7c\" data-element_type=\"container\" data-e-type=\"container\">\n\t\t\t\t<div class=\"elementor-element elementor-element-iwgw-yam-s7t elementor-widget elementor-widget-text-editor\" data-id=\"iwgw-yam-s7t\" data-element_type=\"widget\" data-e-type=\"widget\" data-widget_type=\"text-editor.default\">\n\t\t\t\t\t\t\t\t\t<p>V\u00fdskum Yama dosahuje dnes vysok\u00fa \u00farove\u0148. Ed\u00edcia Baalovho cyklu od Marka Smitha a Wayna Pitarda je \u0161tandardnou referenciou; John Day podrobne presk\u00famal hebrejsk\u00e9 paralely v diele <em>God&#8217;s Conflict with the Dragon and the Sea<\/em> (1985). Daniel Schwemer poskytol historick\u00fd r\u00e1mec v diele <em>Die Wettergottgestalten<\/em> (2001).<\/p><p>V popul\u00e1rnej recepcii je Yam zn\u00e1my predov\u0161etk\u00fdm z ugaritsk\u00fdch m\u00fdtov a z hebrejsko-biblick\u00fdch odkazov. Duchovn\u00e9 o\u017eivenie v novopohanskom zmysle ch\u00fdba.<\/p><p>Vedecky sa Yam dnes pova\u017euje za k\u013e\u00fa\u010dov\u00fd objekt \u0161t\u00fadia starovekej bl\u00edzkov\u00fdchodnej <span class=\"iwg-fachbegriff\" data-tooltip=\"Vedeck\u00e1 n\u00e1uka o Bohu a o viere danej n\u00e1bo\u017eenskej trad\u00edcie.\" tabindex=\"0\">teol\u00f3gie<\/span> chaotick\u00fdch v\u00f4d a pre m\u00fdtick\u00fa rodinu bojov b\u00farkov\u00fdch bohov s morom.<\/p><p>S\u00fa\u010dasn\u00e9 v\u00fdskumn\u00e9 d\u00f4razy sa s\u00fastre\u010fuj\u00fa na rozl\u00ed\u0161enie r\u00f4znych morsk\u00fdch bytost\u00ed (Yam, Livjatan, Tannin), na biblick\u00e9 paralely a na ot\u00e1zku presn\u00e9ho n\u00e1bo\u017eenskohistorick\u00e9ho vz\u0165ahu k mezopot\u00e1mskej trad\u00edcii Tiamat. iWell Guard uv\u00e1dza Yama ako historick\u00fd pr\u00edklad bez praktick\u00e9ho ochrann\u00e9ho v\u00fdznamu.<\/p><p>V modernom biblickom v\u00fdskume sa Yam \u010doraz systematickej\u0161ie sprac\u00fava ako n\u00e1bo\u017eenskohistorick\u00e9 pozadie textov o stvoren\u00ed a boji s chaosom. Bernard Batto a John Day podrobne presk\u00famali v nieko\u013ek\u00fdch \u0161t\u00fadi\u00e1ch s\u00favislos\u0165 Yamovej trad\u00edcie s hebrejsk\u00fdm pr\u00edbehom o stvoren\u00ed.<\/p>\t\t\t\t\t\t\t\t<\/div>\n\t\t\t\t<\/div>\n\t\t\t\t\t<\/div>\n\t\t\t\t<\/div>\n\t\t<div class=\"elementor-element elementor-element-iwgw-yam-s8 e-flex e-con-boxed e-con e-parent\" data-id=\"iwgw-yam-s8\" data-element_type=\"container\" data-e-type=\"container\">\n\t\t\t\t\t<div class=\"e-con-inner\">\n\t\t\t\t<div class=\"elementor-element elementor-element-iwgw-yam-s8h elementor-widget elementor-widget-heading\" data-id=\"iwgw-yam-s8h\" data-element_type=\"widget\" data-e-type=\"widget\" data-widget_type=\"heading.default\">\n\t\t\t\t\t<h2 class=\"elementor-heading-title elementor-size-default\">Literat\u00fara a zdroje<\/h2>\t\t\t\t<\/div>\n\t\t<div class=\"elementor-element elementor-element-iwgw-yam-s8c e-con-full e-flex e-con e-child\" data-id=\"iwgw-yam-s8c\" data-element_type=\"container\" data-e-type=\"container\">\n\t\t\t\t<div class=\"elementor-element elementor-element-iwgw-yam-s8t elementor-widget elementor-widget-text-editor\" data-id=\"iwgw-yam-s8t\" data-element_type=\"widget\" data-e-type=\"widget\" data-widget_type=\"text-editor.default\">\n\t\t\t\t\t\t\t\t\t<p>Nasleduj\u00faci v\u00fdber zh\u0155\u0148a najd\u00f4le\u017eitej\u0161ie z\u00e1kladn\u00e9 diela v\u00fdskumu Yama. Zah\u0155\u0148a textov\u00e9 ed\u00edcie, historick\u00e9 synt\u00e9zy a \u0161t\u00fadie o hebrejsko-biblick\u00fdch paralel\u00e1ch. Ed\u00edcia Baalovho cyklu od Marka Smitha je z\u00e1kladom prim\u00e1rnych prame\u0148ov; John Day a Schwemer poskytuj\u00fa n\u00e1bo\u017eenskohistorick\u00fa kontextualiz\u00e1ciu. Mary Bachvarova poskytuje spojovaciu linku k gr\u00e9ckej trad\u00edcii.<\/p>\t\t\t\t\t\t\t\t<\/div>\n\t\t\t\t<\/div>\n\t\t\t\t\t<\/div>\n\t\t\t\t<\/div>\n\t\t<div class=\"elementor-element elementor-element-cp267ce5fe e-flex e-con-boxed e-con e-parent\" data-id=\"cp267ce5fe\" data-element_type=\"container\" data-e-type=\"container\">\n\t\t\t\t\t<div class=\"e-con-inner\">\n\t\t\t\t<div class=\"elementor-element elementor-element-cp2c5eeff3 elementor-widget elementor-widget-heading\" data-id=\"cp2c5eeff3\" data-element_type=\"widget\" data-e-type=\"widget\" data-widget_type=\"heading.default\">\n\t\t\t\t\t<h2 class=\"elementor-heading-title elementor-size-default\">Baalov cyklus z Ugaritu ako hlavn\u00fd prame\u0148<\/h2>\t\t\t\t<\/div>\n\t\t<div class=\"elementor-element elementor-element-cp24751ec0 e-flex e-con-boxed e-con e-child\" data-id=\"cp24751ec0\" data-element_type=\"container\" data-e-type=\"container\">\n\t\t\t\t\t<div class=\"e-con-inner\">\n\t\t\t\t<div class=\"elementor-element elementor-element-cp20cca71c elementor-widget elementor-widget-text-editor\" data-id=\"cp20cca71c\" data-element_type=\"widget\" data-e-type=\"widget\" data-widget_type=\"text-editor.default\">\n\t\t\t\t\t\t\t\t\t<p>Takmer v\u0161etko, \u010do mo\u017eno poveda\u0165 o <em>Yammu<\/em> ako o konaj\u00facej postave, poch\u00e1dza z jedin\u00e9ho textov\u00e9ho komplexu: takzvan\u00e9ho Baalovho cyklu, s\u00e9rie tabuliek p\u00edsan\u00fdch alfabetick\u00fdm klinov\u00fdm p\u00edsmom, ktor\u00e9 sa objavili po\u010das franc\u00fazskych vykop\u00e1vok pod veden\u00edm Clauda Schaeffera v rokoch 1929 a\u017e v 30. rokoch 20. storo\u010dia na n\u00e1leziska <em>Tell Ras \u0160amra<\/em> na s\u00fdrskom pobre\u017e\u00ed.<\/p><p>Tabu\u013eky s\u00fa dnes veden\u00e9 pod signat\u00farami KTU 1.1 a\u017e 1.6; epiz\u00f3da o Yamovi sa s\u00fastre\u010fuje na KTU 1.1 a 1.2. Pod\u013ea kolof\u00f3nu ich nap\u00edsal zapisovate\u013e Ilimilku, pravdepodobne v 14. alebo 13. storo\u010d\u00ed pred Kr.<\/p><p><span class=\"iwg-fachbegriff\" data-tooltip=\"Odovzd\u00e1vanie vedomost\u00ed a rozpr\u00e1van\u00ed z gener\u00e1cie na gener\u00e1ciu.\" tabindex=\"0\">Tradovanie<\/span> je nes\u00favisl\u00e9. Tabu\u013eka KTU 1.1 je silne po\u0161koden\u00e1, za\u010diatok konfliktu vo ve\u013ekej miere ch\u00fdba. S\u00favisl\u00e1 sc\u00e9na sa za\u010d\u00edna a\u017e v KTU 1.2: Yam vysiela poslov do zhroma\u017edenia bohov a po\u017eaduje vydanie Baala.<\/p><p>V\u00fdskum sa od prv\u00fdch vydan\u00ed Charlesa Virolleauda p\u00fdta, \u010di \u010fal\u0161ia, dnes straten\u00e1 tabu\u013eka obsahovala za\u010diatok konfliktu. Samotn\u00e9 poradie tabuliek nie je potvrden\u00e9 kolof\u00f3nmi, ale ide o rekon\u0161trukciu editorov.<\/p><p>Pre vedeck\u00fa pr\u00e1cu je t\u00e1to pramenn\u00e1 situ\u00e1cia rozhoduj\u00faca: Yam nie je postavou \u0161irokej, mnohohlasnej <span class=\"iwg-fachbegriff\" data-tooltip=\"Odovzd\u00e1vanie vedomost\u00ed a rozpr\u00e1van\u00ed z gener\u00e1cie na gener\u00e1ciu.\" tabindex=\"0\">trad\u00edcie<\/span>, ale je zachyten\u00fd takmer v\u00fdlu\u010dne z perspekt\u00edvy pro-baalovsk\u00e9ho rozpr\u00e1vania. V\u00fdroky o samostatnom Yamovom <span class=\"iwg-fachbegriff\" data-tooltip=\"S\u00fahrn n\u00e1bo\u017eensk\u00fdch \u00factov\u00fdch \u00fakonov vo\u010di bo\u017estvu alebo sv\u00e4tej postave.\" tabindex=\"0\">kulte<\/span>, o hymnoch adresovan\u00fdch jemu alebo o jeho \u00falohe mimo konfliktu s Baalom zost\u00e1vaj\u00fa preto spekulat\u00edvne.<\/p><p>\u0160tandardnou ed\u00edciou je dnes <em>Die keilalphabetischen Texte aus Ugarit<\/em> (KTU) od Manfrieda Dietricha, Oswalda Loretza a Joaqu\u00edna Sanmart\u00edna; \u010dasto pou\u017e\u00edvan\u00fd anglick\u00fd preklad s koment\u00e1rom poch\u00e1dza od Marka S. Smitha.<\/p>\t\t\t\t\t\t\t\t<\/div>\n\t\t\t\t\t<\/div>\n\t\t\t\t<\/div>\n\t\t\t\t\t<\/div>\n\t\t\t\t<\/div>\n\t\t<div class=\"elementor-element elementor-element-cp24e2e352 e-flex e-con-boxed e-con e-parent\" data-id=\"cp24e2e352\" data-element_type=\"container\" data-e-type=\"container\">\n\t\t\t\t\t<div class=\"e-con-inner\">\n\t\t\t\t<div class=\"elementor-element elementor-element-cp22d58ce9 elementor-widget elementor-widget-heading\" data-id=\"cp22d58ce9\" data-element_type=\"widget\" data-e-type=\"widget\" data-widget_type=\"heading.default\">\n\t\t\t\t\t<h2 class=\"elementor-heading-title elementor-size-default\">Zhroma\u017edenie bohov a Yamovo posolstvo<\/h2>\t\t\t\t<\/div>\n\t\t<div class=\"elementor-element elementor-element-cp248e4b3c e-flex e-con-boxed e-con e-child\" data-id=\"cp248e4b3c\" data-element_type=\"container\" data-e-type=\"container\">\n\t\t\t\t\t<div class=\"e-con-inner\">\n\t\t\t\t<div class=\"elementor-element elementor-element-cp220d4b7a elementor-widget elementor-widget-text-editor\" data-id=\"cp220d4b7a\" data-element_type=\"widget\" data-e-type=\"widget\" data-widget_type=\"text-editor.default\">\n\t\t\t\t\t\t\t\t\t<p>Najlep\u0161ie zachovan\u00e1 sc\u00e9na s Jamom (KTU 1.2 i) zobrazuje zasadnutie bohov pod veden\u00edm najvy\u0161\u0161ieho boha <em>Ela<\/em>. Jam vysiela dvoch poslov s po\u017eiadavkou, aby im vydali Baala ako trib\u00fatnika alebo zajatca.<\/p><p>Text d\u00e1va sc\u00e9ne presn\u00fa choreografiu: bohovia pri pr\u00edchode poslov skl\u00e1\u0148aj\u00fa hlavy na kolen\u00e1, gesto strachu. Baal im to vy\u010d\u00edta a vst\u00e1va.<\/p><p>El, patriarcha zhroma\u017edenia, reaguje \u00fastup\u010divo. Jama naz\u00fdva na viacer\u00fdch miestach svoj\u00edm ob\u013e\u00fabencom a zd\u00e1 sa ochotn\u00fd vyhovie\u0165 po\u017eiadavke, ke\u010f Baala ozna\u010d\u00ed za Jamovho sluhu.<\/p><p>Tento Elov postoj je hojne diskutovan\u00fdm bodom: ukazuje, \u017ee v ugaritskom <span class=\"iwg-fachbegriff\" data-tooltip=\"S\u00fahrn v\u0161etk\u00fdch bohov ur\u010dit\u00e9ho n\u00e1bo\u017eenstva alebo kult\u00fary.\" tabindex=\"0\">pante\u00f3ne<\/span> najvy\u0161\u0161\u00ed boh nie je toto\u017en\u00fd s v\u00ed\u0165azn\u00fdm bohom b\u00farky, a dod\u00e1va konfliktu politick\u00fd rozmer, takmer podobn\u00fd rodinn\u00e9mu sp\u043e\u0440\u0443 o tr\u00f3n.<\/p><p>Jam nesie v t\u00fdchto riadkoch pevn\u00e9 dvojit\u00e9 pomenovania. Okrem <em>ym<\/em> vystupuje aj ako <em>tpt nhr<\/em>, \u010do sa \u010dasto preklad\u00e1 ako \u201esudca Rieka&#8220; alebo \u201evl\u00e1dca Pr\u00fad&#8220;. Paraleln\u00e9 postavenie \u201emora&#8220; a \u201erieky&#8220; je typick\u00fd \u0161tylistick\u00fd prostriedok ugaritskej po\u00e9zie a jasne ukazuje, \u017ee Jam predstavuje cel\u00fd neskroten\u00fd \u017eivel vody, nielen otvoren\u00e9 more.<\/p><p>Sc\u00e9na sa kon\u010d\u00ed Baalov\u00fdm odmietnut\u00edm a jeho vyhl\u00e1sen\u00edm, \u017ee napadne poslov aj ich p\u00e1na. T\u00fdm tvor\u00ed bezprostredn\u00fa predohru k s\u00faboju, op\u00edsan\u00e9mu na tej istej tabu\u013eke v KTU 1.2 iv. K protipostave pozri aj <a href=\"https:\/\/iwell-guard.com\/sk\/?page_id=157965\">Baal-Hammona<\/a> ako neskor\u0161iu f\u00e9ni\u010dsk\u00fa podobu mena Baal.<\/p>\t\t\t\t\t\t\t\t<\/div>\n\t\t\t\t\t<\/div>\n\t\t\t\t<\/div>\n\t\t\t\t\t<\/div>\n\t\t\t\t<\/div>\n\t\t<div class=\"elementor-element elementor-element-iwgw-yam-lit e-flex e-con-boxed e-con e-parent\" data-id=\"iwgw-yam-lit\" data-element_type=\"container\" data-e-type=\"container\">\n\t\t\t\t\t<div class=\"e-con-inner\">\n\t\t\t\t<div class=\"elementor-element elementor-element-iwgw-yam-lith elementor-widget elementor-widget-heading\" data-id=\"iwgw-yam-lith\" data-element_type=\"widget\" data-e-type=\"widget\" data-widget_type=\"heading.default\">\n\t\t\t\t\t<h2 class=\"elementor-heading-title elementor-size-default\">Literat\u00fara (v\u00fdber)<\/h2>\t\t\t\t<\/div>\n\t\t<div class=\"elementor-element elementor-element-iwgw-yam-litc e-con-full e-flex e-con e-child\" data-id=\"iwgw-yam-litc\" data-element_type=\"container\" data-e-type=\"container\">\n\t\t\t\t<div class=\"elementor-element elementor-element-iwgw-yam-litt elementor-widget elementor-widget-text-editor\" data-id=\"iwgw-yam-litt\" data-element_type=\"widget\" data-e-type=\"widget\" data-widget_type=\"text-editor.default\">\n\t\t\t\t\t\t\t\t\t<div data-nosnippet=\"true\"><ul><li>Mark Smith \/ Wayne Pitard: <em>The Ugaritic Baal Cycle<\/em> (Leiden 1994\/2009)<\/li><li>John Day: <em>God&#8217;s Conflict with the Dragon and the Sea<\/em> (Cambridge 1985)<\/li><li>Daniel Schwemer: <em>Die Wettergottgestalten Mesopotamiens und Nordsyriens<\/em> (Wiesbaden 2001)<\/li><li>Mark Smith: <em>The Origins of Biblical Monotheism<\/em> (Oxford 2001)<\/li><li>Sabatino Moscati: <em>Die Ph\u00f6niker<\/em> (Stuttgart 1966)<\/li><li>Mary Bachvarova: <em>From Hittite to Homer<\/em> (Cambridge 2016)<\/li><\/ul><\/div>\t\t\t\t\t\t\t\t<\/div>\n\t\t\t\t<\/div>\n\t\t\t\t\t<\/div>\n\t\t\t\t<\/div>\n\t\t<div class=\"elementor-element elementor-element-iwgkw2-add-yam e-flex e-con-boxed e-con e-parent\" data-id=\"iwgkw2-add-yam\" data-element_type=\"container\" data-e-type=\"container\">\n\t\t\t\t\t<div class=\"e-con-inner\">\n\t\t\t\t<div class=\"elementor-element elementor-element-iwgkw2-add-yam-t elementor-widget elementor-widget-text-editor\" data-id=\"iwgkw2-add-yam-t\" data-element_type=\"widget\" data-e-type=\"widget\" data-widget_type=\"text-editor.default\">\n\t\t\t\t\t\t\t\t\t<p>V <em>ugaritskom<\/em> Baalovom cykle, zachovanom na hlinen\u00fdch tabu\u013ek\u00e1ch z Ras \u0160amry zo \u0161trn\u00e1steho storo\u010dia pred Kristom, vystupuje Jam ako boh mora a Baalov protivn\u00edk, ktor\u00e9ho tento napokon poraz\u00ed vrhac\u00edmi zbra\u0148ami Ajamur a Jagru\u0161.<\/p>\t\t\t\t\t\t\t\t<\/div>\n\t\t\t\t\t<\/div>\n\t\t\t\t<\/div>\n\t\t<div class=\"elementor-element elementor-element-iwgw-yam-kwd e-flex e-con-boxed e-con e-parent\" data-id=\"iwgw-yam-kwd\" data-element_type=\"container\" data-e-type=\"container\">\n\t\t\t\t\t<div class=\"e-con-inner\">\n\t\t<div class=\"elementor-element elementor-element-iwgw-yam-kwdc e-con-full e-flex e-con e-child\" data-id=\"iwgw-yam-kwdc\" data-element_type=\"container\" data-e-type=\"container\">\n\t\t\t\t<div class=\"elementor-element elementor-element-iwgw-yam-kwdt elementor-widget elementor-widget-text-editor\" data-id=\"iwgw-yam-kwdt\" data-element_type=\"widget\" data-e-type=\"widget\" data-widget_type=\"text-editor.default\">\n\t\t\t\t\t\t\t\t\t<p><em>S\u00favisiace k\u013e\u00fa\u010dov\u00e9 pojmy: Jam F\u00e9ni\u010dania boh mora Baalov cyklus Tannin Livjatan chaotick\u00e9 vody.<\/em><\/p>\t\t\t\t\t\t\t\t<\/div>\n\t\t\t\t<\/div>\n\t\t\t\t\t<\/div>\n\t\t\t\t<\/div>\n\t\t<div class=\"elementor-element elementor-element-iwgw-yam-cc e-flex e-con-boxed e-con e-parent\" data-id=\"iwgw-yam-cc\" data-element_type=\"container\" data-e-type=\"container\" id=\"iwg-cc-yam\">\n\t\t\t\t\t<div class=\"e-con-inner\">\n\t\t<div class=\"elementor-element elementor-element-iwgw-yam-ccinner e-flex e-con-boxed e-con e-parent\" data-id=\"iwgw-yam-ccinner\" data-element_type=\"container\" data-e-type=\"container\" data-settings=\"{&quot;background_background&quot;:&quot;classic&quot;}\">\n\t\t\t\t\t<div class=\"e-con-inner\">\n\t\t\t\t<div class=\"elementor-element elementor-element-iwgw-yam-cch elementor-widget elementor-widget-heading\" data-id=\"iwgw-yam-cch\" data-element_type=\"widget\" data-e-type=\"widget\" data-widget_type=\"heading.default\">\n\t\t\t\t\t<h2 class=\"elementor-heading-title elementor-size-default\">iWell Guard a ochrann\u00e9 trad\u00edcie<\/h2>\t\t\t\t<\/div>\n\t\t\t\t<div class=\"elementor-element elementor-element-iwgw-yam-cct elementor-widget elementor-widget-text-editor\" data-id=\"iwgw-yam-cct\" data-element_type=\"widget\" data-e-type=\"widget\" data-widget_type=\"text-editor.default\">\n\t\t\t\t\t\t\t\t\t<div data-nosnippet=\"true\"><p>iWell Guard nadv\u00e4zuje na kult\u00farno-historick\u00fa trad\u00edciu nosite\u013en\u00fdch ochrann\u00fdch predmetov, v trad\u00edcii <a href=\"https:\/\/iwell-guard.com\/sk\/fenicania-kartago-baal-tanit\/\">F\u00e9nicka<\/a> a mnoh\u00fdch \u010fal\u0161\u00edch kult\u00far po celom svete. 41 vrstiev, r\u00fddze zlato, platina, striebro, vyroben\u00e9 v Nemecku. 30-d\u0148ov\u00e1 mo\u017enos\u0165 vr\u00e1tenia.<\/p><\/div>\t\t\t\t\t\t\t\t<\/div>\n\t\t\t\t<div class=\"elementor-element elementor-element-iwgw-yam-ccb iwg-cc-button iwg-cc-cta-2026-05-13 elementor-widget elementor-widget-jet-button\" data-id=\"iwgw-yam-ccb\" data-element_type=\"widget\" data-e-type=\"widget\" data-widget_type=\"jet-button.default\">\n\t\t\t\t<div class=\"elementor-widget-container\">\n\t\t\t\t\t<div class=\"elementor-jet-button jet-elements\"><div class=\"jet-button__container\"><a class=\"jet-button__instance jet-button__instance--icon-left hover-effect-1\" href=\"\/ueber-iwell-guard\/?utm_source=iwell-guard.com&amp;utm_medium=info-box&amp;utm_campaign=wesen-tradition\"><div class=\"jet-button__plane jet-button__plane-normal\"><\/div><div class=\"jet-button__plane jet-button__plane-hover\"><\/div><div class=\"jet-button__state jet-button__state-normal\"><span class=\"jet-button__label\">Viac o iWell Guard<\/span><\/div><div class=\"jet-button__state jet-button__state-hover\"><span class=\"jet-button__label\">Viac o iWell Guard<\/span><\/div><\/a><\/div><\/div><style>.elementor-element.elementor-element-iwgw-yam-ccb .jet-button__instance{width:320px;height:56px;}.elementor-element.elementor-element-iwgw-yam-ccb .jet-button__state-normal .jet-button__label{text-align:center;margin:0px 0px 0px 0px;color:#1a1b20;font-family:Montserrat,sans-serif;font-size:13px;font-weight:400;letter-spacing:4px;line-height:1.714em;text-transform:uppercase;}.elementor-element.elementor-element-iwgw-yam-ccb .jet-button__state-hover .jet-button__label{text-align:center;margin:0px 0px 0px 0px;color:#FECC76;font-family:Montserrat,sans-serif;font-size:13px;font-weight:400;letter-spacing:4px;line-height:1.714em;text-transform:uppercase;}.elementor-element.elementor-element-iwgw-yam-ccb .jet-button__plane-normal{background-color:#FECC76;border-style:solid;border-color:#C99540;border-width:2px 2px 2px 2px;}.elementor-element.elementor-element-iwgw-yam-ccb .jet-button__plane-hover{background-color:rgba(0,0,0,0.55);border-style:solid;border-color:#FECC76;border-width:2px 2px 2px 2px;}<\/style>\t\t\t\t<\/div>\n\t\t\t\t<\/div>\n\t\t\t\t<div class=\"elementor-element elementor-element-iwgw-yam-ccd elementor-widget elementor-widget-text-editor\" data-id=\"iwgw-yam-ccd\" data-element_type=\"widget\" data-e-type=\"widget\" data-widget_type=\"text-editor.default\">\n\t\t\t\t\t\t\t\t\t<div data-nosnippet=\"true\"><p style=\"text-align:center;font-size:13px;opacity:0.7;margin-top:14px\" data-nosnippet=\"true\">Osobn\u00e9 sk\u00fasenosti sa m\u00f4\u017eu l\u00ed\u0161i\u0165. Nie je to zdravotn\u00edcka pom\u00f4cka. \u017diadny pr\u00eds\u013eub lie\u010denia.<\/p><\/div>\t\t\t\t\t\t\t\t<\/div>\n\t\t\t\t\t<\/div>\n\t\t\t\t<\/div>\n\t\t\t\t\t<\/div>\n\t\t\t\t<\/div>\n\t\t<div class=\"elementor-element elementor-element-iwgw-yam-disc e-flex e-con-boxed e-con e-parent\" data-id=\"iwgw-yam-disc\" data-element_type=\"container\" data-e-type=\"container\">\n\t\t\t\t\t<div class=\"e-con-inner\">\n\t\t\t\t<div class=\"elementor-element elementor-element-iwgw-yam-discw elementor-widget elementor-widget-html\" data-id=\"iwgw-yam-discw\" data-element_type=\"widget\" data-e-type=\"widget\" data-widget_type=\"html.default\">\n\t\t\t\t\t<footer data-nosnippet=\"true\" class=\"iwg-disclaimer-block\"><p data-nosnippet=\"true\">iWell Guard <strong>nie je zdravotn\u00edcka pom\u00f4cka<\/strong> a nenahr\u00e1dza lek\u00e1rske ani psychoterapeutick\u00e9 o\u0161etrenie. Religionistick\u00fd obsah predstavuje kult\u00farno-historick\u00e9 zaradenie, nie odpor\u00fa\u010danie duchovnej praxe.<\/p><\/footer>\t\t\t\t<\/div>\n\t\t\t\t\t<\/div>\n\t\t\t\t<\/div>\n\t\t\t\t<\/div>\n\t\t","protected":false},"excerpt":{"rendered":"","protected":false},"author":3,"featured_media":2854,"parent":0,"menu_order":0,"comment_status":"closed","ping_status":"closed","template":"elementor_header_footer","meta":{"_yoast_wpseo_focuskw":"Yam F\u00e9ni\u010dania boh mora Baal","_yoast_wpseo_title":"Yam \u2013 F\u00e9nick\u00fd boh mora, Baalov cyklus","_yoast_wpseo_metadesc":"Yam je f\u00e9nicko-ugaritsk\u00fd boh mora, hlavn\u00fd protivn\u00edk Baala v Baalovom cykle. Religionistick\u00e9 zaradenie s m\u00fdtom.","_yoast_wpseo_meta-robots-noindex":"","_yoast_wpseo_canonical":"","_angie_page":false,"gefaehrdungsstufe":"3","wesen_kultur":"phoenizisch","wesen_klasse":"geister","footnotes":""},"categories":[],"class_list":["post-157966","page","type-page","status-publish","has-post-thumbnail","hentry"],"yoast_head":"<!-- This site is optimized with the Yoast SEO Premium plugin v27.7 (Yoast SEO v28.3) - https:\/\/yoast.com\/product\/yoast-seo-premium-wordpress\/ -->\n<title>Yam \u2013 F\u00e9nick\u00fd boh mora, Baalov cyklus<\/title>\n<meta name=\"description\" content=\"Yam je f\u00e9nicko-ugaritsk\u00fd boh mora, hlavn\u00fd protivn\u00edk Baala v Baalovom cykle. Religionistick\u00e9 zaradenie s m\u00fdtom.\" \/>\n<meta name=\"robots\" content=\"index, follow, max-snippet:-1, max-image-preview:large, max-video-preview:-1\" \/>\n<link rel=\"canonical\" href=\"https:\/\/iwell-guard.com\/sk\/yam-fenicky-boh-mora\/\" \/>\n<meta property=\"og:locale\" content=\"sk_SK\" \/>\n<meta property=\"og:type\" content=\"article\" \/>\n<meta property=\"og:title\" content=\"Yam \u2013 F\u00e9nick\u00fd boh mora\" \/>\n<meta property=\"og:description\" content=\"Yam je f\u00e9nicko-ugaritsk\u00fd boh mora, hlavn\u00fd protivn\u00edk Baala v Baalovom cykle. Religionistick\u00e9 zaradenie s m\u00fdtom.\" \/>\n<meta property=\"og:url\" content=\"https:\/\/iwell-guard.com\/sk\/yam-fenicky-boh-mora\/\" \/>\n<meta property=\"og:site_name\" content=\"iWell Guard\" \/>\n<meta property=\"article:modified_time\" content=\"2026-09-04T22:47:16+00:00\" \/>\n<meta property=\"og:image\" content=\"https:\/\/iwell-guard.com\/wp-content\/uploads\/2026\/05\/goetter_phoenizisch_yam.webp\" \/>\n\t<meta property=\"og:image:width\" content=\"1024\" \/>\n\t<meta property=\"og:image:height\" content=\"1536\" \/>\n\t<meta property=\"og:image:type\" content=\"image\/webp\" \/>\n<meta name=\"twitter:card\" content=\"summary_large_image\" \/>\n<script type=\"application\/ld+json\" class=\"yoast-schema-graph\">{\"@context\":\"https:\\\/\\\/schema.org\",\"@graph\":[{\"@type\":\"WebPage\",\"@id\":\"https:\\\/\\\/iwell-guard.com\\\/sk\\\/yam-fenicky-boh-mora\\\/\",\"url\":\"https:\\\/\\\/iwell-guard.com\\\/sk\\\/yam-fenicky-boh-mora\\\/\",\"name\":\"Yam \u2013 F\u00e9nick\u00fd boh mora, Baalov cyklus\",\"isPartOf\":{\"@id\":\"https:\\\/\\\/iwell-guard.com\\\/sk\\\/#website\"},\"primaryImageOfPage\":{\"@id\":\"https:\\\/\\\/iwell-guard.com\\\/sk\\\/yam-fenicky-boh-mora\\\/#primaryimage\"},\"image\":{\"@id\":\"https:\\\/\\\/iwell-guard.com\\\/sk\\\/yam-fenicky-boh-mora\\\/#primaryimage\"},\"thumbnailUrl\":\"https:\\\/\\\/iwell-guard.com\\\/wp-content\\\/uploads\\\/2026\\\/05\\\/goetter_phoenizisch_yam.webp\",\"datePublished\":\"2026-09-04T22:20:07+00:00\",\"dateModified\":\"2026-09-04T22:47:16+00:00\",\"description\":\"Yam je f\u00e9nicko-ugaritsk\u00fd boh mora, hlavn\u00fd protivn\u00edk Baala v Baalovom cykle. Religionistick\u00e9 zaradenie s m\u00fdtom.\",\"breadcrumb\":{\"@id\":\"https:\\\/\\\/iwell-guard.com\\\/sk\\\/yam-fenicky-boh-mora\\\/#breadcrumb\"},\"inLanguage\":\"sk-SK\",\"potentialAction\":[{\"@type\":\"ReadAction\",\"target\":[\"https:\\\/\\\/iwell-guard.com\\\/sk\\\/yam-fenicky-boh-mora\\\/\"]}]},{\"@type\":\"ImageObject\",\"inLanguage\":\"sk-SK\",\"@id\":\"https:\\\/\\\/iwell-guard.com\\\/sk\\\/yam-fenicky-boh-mora\\\/#primaryimage\",\"url\":\"https:\\\/\\\/iwell-guard.com\\\/wp-content\\\/uploads\\\/2026\\\/05\\\/goetter_phoenizisch_yam.webp\",\"contentUrl\":\"https:\\\/\\\/iwell-guard.com\\\/wp-content\\\/uploads\\\/2026\\\/05\\\/goetter_phoenizisch_yam.webp\",\"width\":1024,\"height\":1536,\"caption\":\"Bohovia z f\u00e9nickej trad\u00edcie.\"},{\"@type\":\"BreadcrumbList\",\"@id\":\"https:\\\/\\\/iwell-guard.com\\\/sk\\\/yam-fenicky-boh-mora\\\/#breadcrumb\",\"itemListElement\":[{\"@type\":\"ListItem\",\"position\":1,\"name\":\"Start\",\"item\":\"https:\\\/\\\/iwell-guard.com\\\/sk\\\/?page_id=157572\"},{\"@type\":\"ListItem\",\"position\":2,\"name\":\"Yam \u2013 F\u00e9nick\u00fd boh mora\"}]},{\"@type\":\"WebSite\",\"@id\":\"https:\\\/\\\/iwell-guard.com\\\/sk\\\/#website\",\"url\":\"https:\\\/\\\/iwell-guard.com\\\/sk\\\/\",\"name\":\"iWell Guard\",\"description\":\"Schutz vor dunklen Einfl\u00fcssen\",\"publisher\":{\"@id\":\"https:\\\/\\\/iwell-guard.com\\\/sk\\\/#organization\"},\"potentialAction\":[{\"@type\":\"SearchAction\",\"target\":{\"@type\":\"EntryPoint\",\"urlTemplate\":\"https:\\\/\\\/iwell-guard.com\\\/sk\\\/?s={search_term_string}\"},\"query-input\":{\"@type\":\"PropertyValueSpecification\",\"valueRequired\":true,\"valueName\":\"search_term_string\"}}],\"inLanguage\":\"sk-SK\"},{\"@type\":\"Organization\",\"@id\":\"https:\\\/\\\/iwell-guard.com\\\/sk\\\/#organization\",\"name\":\"Ittermann electronic GmbH\",\"url\":\"https:\\\/\\\/iwell-guard.com\\\/sk\\\/\",\"logo\":{\"@type\":\"ImageObject\",\"inLanguage\":\"sk-SK\",\"@id\":\"https:\\\/\\\/iwell-guard.com\\\/sk\\\/#\\\/schema\\\/logo\\\/image\\\/\",\"url\":\"https:\\\/\\\/iwell-guard.com\\\/wp-content\\\/uploads\\\/2026\\\/05\\\/Ittermann-Logo-1182x237-1.png\",\"contentUrl\":\"https:\\\/\\\/iwell-guard.com\\\/wp-content\\\/uploads\\\/2026\\\/05\\\/Ittermann-Logo-1182x237-1.png\",\"width\":1182,\"height\":237,\"caption\":\"Ittermann electronic GmbH\"},\"image\":{\"@id\":\"https:\\\/\\\/iwell-guard.com\\\/sk\\\/#\\\/schema\\\/logo\\\/image\\\/\"},\"sameAs\":[\"https:\\\/\\\/pantip.com\\\/profile\\\/9367242\",\"https:\\\/\\\/micro.blog\\\/iwellguard\",\"https:\\\/\\\/www.diggerslist.com\\\/iwellguard\\\/about\",\"https:\\\/\\\/skitterphoto.com\\\/photographers\\\/2870314\\\/iwell-guard\",\"https:\\\/\\\/iwellguard.wordpress.com\\\/2026\\\/06\\\/06\\\/iwell-guard\\\/\",\"https:\\\/\\\/hub.docker.com\\\/u\\\/iwellguard\",\"https:\\\/\\\/www.pinterest.com\\\/iwellguard\\\/\",\"https:\\\/\\\/bit.ly\\\/m\\\/iwellguard\",\"https:\\\/\\\/entre-vos-mains.alsace.eu\\\/profiles\\\/iwellguard\\\/activity\",\"https:\\\/\\\/gravatar.com\\\/reallybeded8fd34\",\"https:\\\/\\\/naijamatta.com\\\/iwellguard\",\"https:\\\/\\\/www.goodreads.com\\\/iwellguard\",\"https:\\\/\\\/profile.hatena.ne.jp\\\/iwellguard\\\/\",\"https:\\\/\\\/experiment.com\\\/users\\\/iwellguard\",\"https:\\\/\\\/wakelet.com\\\/@iWellGuard82270\",\"https:\\\/\\\/www.chordie.com\\\/forum\\\/profile.php?id=2555664\",\"https:\\\/\\\/www.instapaper.com\\\/p\\\/17757966\",\"https:\\\/\\\/www.mapleprimes.com\\\/users\\\/iwellguard\",\"https:\\\/\\\/businesslistingplus.com\\\/profile\\\/iwell-guard\\\/\",\"https:\\\/\\\/telegra.ph\\\/iWell-Guard-06-06\",\"https:\\\/\\\/pbase.com\\\/iwellguard\\\/iwellguard\",\"https:\\\/\\\/b.hatena.ne.jp\\\/iwellguard\\\/20260607#bookmark-4788405196491818882\",\"https:\\\/\\\/fliphtml5.com\\\/home\\\/iwellguard\",\"https:\\\/\\\/anyflip.com\\\/homepage\\\/cmiwl#About\",\"https:\\\/\\\/transfur.com\\\/Users\\\/iwellguard\",\"http:\\\/\\\/delphi.larsbo.org\\\/user\\\/iwellguard\",\"https:\\\/\\\/jobs.lajobsportal.org\\\/profiles\\\/8380803-iwell-guard\",\"https:\\\/\\\/md.chaosdorf.de\\\/s\\\/jfbe5SBdJD\",\"https:\\\/\\\/www.lingvolive.com\\\/en-us\\\/profile\\\/9ecaeaca-ce11-4e51-9e71-01d55e2bff36\\\/translations\",\"https:\\\/\\\/www.fitday.com\\\/fitness\\\/forums\\\/members\\\/iwellguard.html\",\"https:\\\/\\\/www.mymeetbook.com\\\/iwellguard\",\"https:\\\/\\\/pxhere.com\\\/en\\\/photographer-me\\\/5040798\",\"https:\\\/\\\/disqus.com\\\/by\\\/iwellguard\\\/about\\\/\",\"https:\\\/\\\/pastelink.net\\\/hjwciqwq\",\"https:\\\/\\\/pubhtml5.com\\\/homepage\\\/scjhn\\\/\",\"https:\\\/\\\/www.bitchute.com\\\/channel\\\/2O2eOKzNqujT\",\"https:\\\/\\\/audiomack.com\\\/iwellguard\"]},{\"@type\":\"Article\",\"@id\":\"https:\\\/\\\/iwell-guard.com\\\/sk\\\/yam-fenicky-boh-mora\\\/#article\",\"isPartOf\":{\"@id\":\"https:\\\/\\\/iwell-guard.com\\\/sk\\\/yam-fenicky-boh-mora\\\/\"},\"author\":{\"name\":\"Ralf Ittermann\",\"@id\":\"https:\\\/\\\/iwell-guard.com\\\/sk\\\/#\\\/schema\\\/person\\\/ee2a27f1cac3406c7c6fb5820cb7349f\"},\"headline\":\"Yam \u2013 F\u00e9nick\u00fd boh mora\",\"datePublished\":\"2026-09-04T22:20:07+00:00\",\"dateModified\":\"2026-09-04T22:47:16+00:00\",\"mainEntityOfPage\":{\"@id\":\"https:\\\/\\\/iwell-guard.com\\\/sk\\\/yam-fenicky-boh-mora\\\/\"},\"publisher\":{\"@id\":\"https:\\\/\\\/iwell-guard.com\\\/sk\\\/#organization\"},\"image\":{\"@id\":\"https:\\\/\\\/iwell-guard.com\\\/sk\\\/yam-fenicky-boh-mora\\\/#primaryimage\"},\"thumbnailUrl\":\"https:\\\/\\\/iwell-guard.com\\\/wp-content\\\/uploads\\\/2026\\\/05\\\/goetter_phoenizisch_yam.webp\",\"inLanguage\":\"sk-SK\",\"description\":\"Yam je f\u00e9nicko-ugaritsk\u00fd boh mora, hlavn\u00fd protivn\u00edk Baala v Baalovom cykle. Religionistick\u00e9 zaradenie s m\u00fdtom.\"}]}<\/script>\n<!-- \/ Yoast SEO Premium plugin. -->","yoast_head_json":{"title":"Yam \u2013 F\u00e9nick\u00fd boh mora, Baalov cyklus","description":"Yam je f\u00e9nicko-ugaritsk\u00fd boh mora, hlavn\u00fd protivn\u00edk Baala v Baalovom cykle. Religionistick\u00e9 zaradenie s m\u00fdtom.","robots":{"index":"index","follow":"follow","max-snippet":"max-snippet:-1","max-image-preview":"max-image-preview:large","max-video-preview":"max-video-preview:-1"},"canonical":"https:\/\/iwell-guard.com\/sk\/yam-fenicky-boh-mora\/","og_locale":"sk_SK","og_type":"article","og_title":"Yam \u2013 F\u00e9nick\u00fd boh mora","og_description":"Yam je f\u00e9nicko-ugaritsk\u00fd boh mora, hlavn\u00fd protivn\u00edk Baala v Baalovom cykle. Religionistick\u00e9 zaradenie s m\u00fdtom.","og_url":"https:\/\/iwell-guard.com\/sk\/yam-fenicky-boh-mora\/","og_site_name":"iWell Guard","article_modified_time":"2026-09-04T22:47:16+00:00","og_image":[{"width":1024,"height":1536,"url":"https:\/\/iwell-guard.com\/wp-content\/uploads\/2026\/05\/goetter_phoenizisch_yam.webp","type":"image\/webp"}],"twitter_card":"summary_large_image","schema":{"@context":"https:\/\/schema.org","@graph":[{"@type":"Article","@id":"https:\/\/iwell-guard.com\/sk\/yam-fenicky-boh-mora\/#article","isPartOf":{"@id":"https:\/\/iwell-guard.com\/sk\/yam-fenicky-boh-mora\/"},"author":{"name":"Ralf Ittermann","@id":"https:\/\/iwell-guard.com\/sk\/#\/schema\/person\/ee2a27f1cac3406c7c6fb5820cb7349f"},"headline":"Yam \u2013 F\u00e9nick\u00fd boh mora","datePublished":"2026-09-04T22:20:07+00:00","dateModified":"2026-09-04T22:47:16+00:00","mainEntityOfPage":{"@id":"https:\/\/iwell-guard.com\/sk\/yam-fenicky-boh-mora\/"},"publisher":{"@id":"https:\/\/iwell-guard.com\/sk\/#organization"},"image":{"@id":"https:\/\/iwell-guard.com\/sk\/yam-fenicky-boh-mora\/#primaryimage"},"thumbnailUrl":"https:\/\/iwell-guard.com\/wp-content\/uploads\/2026\/05\/goetter_phoenizisch_yam.webp","inLanguage":"sk-SK","description":"Yam je f\u00e9nicko-ugaritsk\u00fd boh mora, hlavn\u00fd protivn\u00edk Baala v Baalovom cykle. Religionistick\u00e9 zaradenie s m\u00fdtom."},{"@type":"WebPage","@id":"https:\/\/iwell-guard.com\/sk\/yam-fenicky-boh-mora\/","url":"https:\/\/iwell-guard.com\/sk\/yam-fenicky-boh-mora\/","name":"Yam \u2013 F\u00e9nick\u00fd boh mora, Baalov cyklus","isPartOf":{"@id":"https:\/\/iwell-guard.com\/sk\/#website"},"primaryImageOfPage":{"@id":"https:\/\/iwell-guard.com\/sk\/yam-fenicky-boh-mora\/#primaryimage"},"image":{"@id":"https:\/\/iwell-guard.com\/sk\/yam-fenicky-boh-mora\/#primaryimage"},"thumbnailUrl":"https:\/\/iwell-guard.com\/wp-content\/uploads\/2026\/05\/goetter_phoenizisch_yam.webp","datePublished":"2026-09-04T22:20:07+00:00","dateModified":"2026-09-04T22:47:16+00:00","description":"Yam je f\u00e9nicko-ugaritsk\u00fd boh mora, hlavn\u00fd protivn\u00edk Baala v Baalovom cykle. Religionistick\u00e9 zaradenie s m\u00fdtom.","breadcrumb":{"@id":"https:\/\/iwell-guard.com\/sk\/yam-fenicky-boh-mora\/#breadcrumb"},"inLanguage":"sk-SK","potentialAction":[{"@type":"ReadAction","target":["https:\/\/iwell-guard.com\/sk\/yam-fenicky-boh-mora\/"]}]},{"@type":"ImageObject","inLanguage":"sk-SK","@id":"https:\/\/iwell-guard.com\/sk\/yam-fenicky-boh-mora\/#primaryimage","url":"https:\/\/iwell-guard.com\/wp-content\/uploads\/2026\/05\/goetter_phoenizisch_yam.webp","contentUrl":"https:\/\/iwell-guard.com\/wp-content\/uploads\/2026\/05\/goetter_phoenizisch_yam.webp","width":1024,"height":1536,"caption":"Bohovia z f\u00e9nickej trad\u00edcie."},{"@type":"BreadcrumbList","@id":"https:\/\/iwell-guard.com\/sk\/yam-fenicky-boh-mora\/#breadcrumb","itemListElement":[{"@type":"ListItem","position":1,"name":"Start","item":"https:\/\/iwell-guard.com\/sk\/?page_id=157572"},{"@type":"ListItem","position":2,"name":"Yam \u2013 F\u00e9nick\u00fd boh mora"}]},{"@type":"WebSite","@id":"https:\/\/iwell-guard.com\/sk\/#website","url":"https:\/\/iwell-guard.com\/sk\/","name":"iWell Guard","description":"Schutz vor dunklen Einfl\u00fcssen","publisher":{"@id":"https:\/\/iwell-guard.com\/sk\/#organization"},"potentialAction":[{"@type":"SearchAction","target":{"@type":"EntryPoint","urlTemplate":"https:\/\/iwell-guard.com\/sk\/?s={search_term_string}"},"query-input":{"@type":"PropertyValueSpecification","valueRequired":true,"valueName":"search_term_string"}}],"inLanguage":"sk-SK"},{"@type":"Organization","@id":"https:\/\/iwell-guard.com\/sk\/#organization","name":"Ittermann electronic GmbH","url":"https:\/\/iwell-guard.com\/sk\/","logo":{"@type":"ImageObject","inLanguage":"sk-SK","@id":"https:\/\/iwell-guard.com\/sk\/#\/schema\/logo\/image\/","url":"https:\/\/iwell-guard.com\/wp-content\/uploads\/2026\/05\/Ittermann-Logo-1182x237-1.png","contentUrl":"https:\/\/iwell-guard.com\/wp-content\/uploads\/2026\/05\/Ittermann-Logo-1182x237-1.png","width":1182,"height":237,"caption":"Ittermann electronic GmbH"},"image":{"@id":"https:\/\/iwell-guard.com\/sk\/#\/schema\/logo\/image\/"},"sameAs":["https:\/\/pantip.com\/profile\/9367242","https:\/\/micro.blog\/iwellguard","https:\/\/www.diggerslist.com\/iwellguard\/about","https:\/\/skitterphoto.com\/photographers\/2870314\/iwell-guard","https:\/\/iwellguard.wordpress.com\/2026\/06\/06\/iwell-guard\/","https:\/\/hub.docker.com\/u\/iwellguard","https:\/\/www.pinterest.com\/iwellguard\/","https:\/\/bit.ly\/m\/iwellguard","https:\/\/entre-vos-mains.alsace.eu\/profiles\/iwellguard\/activity","https:\/\/gravatar.com\/reallybeded8fd34","https:\/\/naijamatta.com\/iwellguard","https:\/\/www.goodreads.com\/iwellguard","https:\/\/profile.hatena.ne.jp\/iwellguard\/","https:\/\/experiment.com\/users\/iwellguard","https:\/\/wakelet.com\/@iWellGuard82270","https:\/\/www.chordie.com\/forum\/profile.php?id=2555664","https:\/\/www.instapaper.com\/p\/17757966","https:\/\/www.mapleprimes.com\/users\/iwellguard","https:\/\/businesslistingplus.com\/profile\/iwell-guard\/","https:\/\/telegra.ph\/iWell-Guard-06-06","https:\/\/pbase.com\/iwellguard\/iwellguard","https:\/\/b.hatena.ne.jp\/iwellguard\/20260607#bookmark-4788405196491818882","https:\/\/fliphtml5.com\/home\/iwellguard","https:\/\/anyflip.com\/homepage\/cmiwl#About","https:\/\/transfur.com\/Users\/iwellguard","http:\/\/delphi.larsbo.org\/user\/iwellguard","https:\/\/jobs.lajobsportal.org\/profiles\/8380803-iwell-guard","https:\/\/md.chaosdorf.de\/s\/jfbe5SBdJD","https:\/\/www.lingvolive.com\/en-us\/profile\/9ecaeaca-ce11-4e51-9e71-01d55e2bff36\/translations","https:\/\/www.fitday.com\/fitness\/forums\/members\/iwellguard.html","https:\/\/www.mymeetbook.com\/iwellguard","https:\/\/pxhere.com\/en\/photographer-me\/5040798","https:\/\/disqus.com\/by\/iwellguard\/about\/","https:\/\/pastelink.net\/hjwciqwq","https:\/\/pubhtml5.com\/homepage\/scjhn\/","https:\/\/www.bitchute.com\/channel\/2O2eOKzNqujT","https:\/\/audiomack.com\/iwellguard"]},{"@type":"Person","@id":"https:\/\/iwell-guard.com\/sk\/#\/schema\/person\/ee2a27f1cac3406c7c6fb5820cb7349f","name":"Ralf Ittermann","image":{"@type":"ImageObject","inLanguage":"sk-SK","@id":"https:\/\/secure.gravatar.com\/avatar\/073c0153e350a5005b68eb752b445fea71f6b24a26da9449ad7e155e6b446c9d?s=96&d=mm&r=g","url":"https:\/\/secure.gravatar.com\/avatar\/073c0153e350a5005b68eb752b445fea71f6b24a26da9449ad7e155e6b446c9d?s=96&d=mm&r=g","contentUrl":"https:\/\/secure.gravatar.com\/avatar\/073c0153e350a5005b68eb752b445fea71f6b24a26da9449ad7e155e6b446c9d?s=96&d=mm&r=g","caption":"Ralf Ittermann"},"givenName":"Ralf","familyName":"Ittermann","jobTitle":"Gesch\u00e4ftsf\u00fchrer und redaktioneller Verantwortlicher","url":"https:\/\/iwell-guard.com\/sk\/author\/claude\/","description":"Ralf Ittermann ist Gesch\u00e4ftsf\u00fchrer der Ittermann electronic GmbH und redaktioneller Verantwortlicher des iWell-Guard-Lexikons. Er verbindet langj\u00e4hrige Erfahrung in der Pr\u00e4zisionsfertigung mit medialer Praxis und religionsgeschichtlicher Quellenarbeit.","worksFor":{"@type":"Organization","name":"Ittermann electronic GmbH","url":"https:\/\/ittermann.de\/","address":{"@type":"PostalAddress","streetAddress":"K\u00f6hlergasse 16-18","postalCode":"99842","addressLocality":"Ruhla","addressCountry":"DE"}},"knowsAbout":["Religionsgeschichte","Mythologie","Mediale Praxis","Energetische Diagnostik","Schutzpraxis","Volksglauben","Westliche Esoterik"]},{"@type":"Article","@id":"https:\/\/iwell-guard.com\/sk\/yam-fenicky-boh-mora\/#article","isPartOf":{"@id":"https:\/\/iwell-guard.com\/sk\/yam-fenicky-boh-mora\/"},"author":{"name":"Ralf Ittermann","@id":"https:\/\/iwell-guard.com\/sk\/#\/schema\/person\/ee2a27f1cac3406c7c6fb5820cb7349f"},"headline":"Yam \u2013 F\u00e9nick\u00fd boh mora","datePublished":"2026-09-04T22:20:07+00:00","dateModified":"2026-09-04T22:47:16+00:00","mainEntityOfPage":{"@id":"https:\/\/iwell-guard.com\/sk\/yam-fenicky-boh-mora\/"},"publisher":{"@id":"https:\/\/iwell-guard.com\/sk\/#organization"},"image":{"@id":"https:\/\/iwell-guard.com\/sk\/yam-fenicky-boh-mora\/#primaryimage"},"thumbnailUrl":"https:\/\/iwell-guard.com\/wp-content\/uploads\/2026\/05\/goetter_phoenizisch_yam.webp","inLanguage":"sk-SK","description":"Yam je f\u00e9nicko-ugaritsk\u00fd boh mora, hlavn\u00fd protivn\u00edk Baala v Baalovom cykle. Religionistick\u00e9 zaradenie s m\u00fdtom."}]}},"_links":{"self":[{"href":"https:\/\/iwell-guard.com\/sk\/wp-json\/wp\/v2\/pages\/157966","targetHints":{"allow":["GET"]}}],"collection":[{"href":"https:\/\/iwell-guard.com\/sk\/wp-json\/wp\/v2\/pages"}],"about":[{"href":"https:\/\/iwell-guard.com\/sk\/wp-json\/wp\/v2\/types\/page"}],"author":[{"embeddable":true,"href":"https:\/\/iwell-guard.com\/sk\/wp-json\/wp\/v2\/users\/3"}],"replies":[{"embeddable":true,"href":"https:\/\/iwell-guard.com\/sk\/wp-json\/wp\/v2\/comments?post=157966"}],"version-history":[{"count":0,"href":"https:\/\/iwell-guard.com\/sk\/wp-json\/wp\/v2\/pages\/157966\/revisions"}],"wp:featuredmedia":[{"embeddable":true,"href":"https:\/\/iwell-guard.com\/sk\/wp-json\/wp\/v2\/media\/2854"}],"wp:attachment":[{"href":"https:\/\/iwell-guard.com\/sk\/wp-json\/wp\/v2\/media?parent=157966"}],"wp:term":[{"taxonomy":"category","embeddable":true,"href":"https:\/\/iwell-guard.com\/sk\/wp-json\/wp\/v2\/categories?post=157966"}],"curies":[{"name":"wp","href":"https:\/\/api.w.org\/{rel}","templated":true}]}}