{"id":157947,"date":"2026-09-04T22:19:47","date_gmt":"2026-09-04T22:19:47","guid":{"rendered":"https:\/\/iwell-guard.com\/?page_id=157947"},"modified":"2026-09-04T22:46:43","modified_gmt":"2026-09-04T22:46:43","slug":"vanth-etruska-demonka-podsvetia","status":"publish","type":"page","link":"https:\/\/iwell-guard.com\/sk\/vanth-etruska-demonka-podsvetia\/","title":{"rendered":"Vanth &#8211; Etrusk\u00e1 d\u00e9monka podsvetia"},"content":{"rendered":"\t\t<div data-elementor-type=\"wp-page\" data-elementor-id=\"157947\" class=\"elementor elementor-157947 elementor-2610 elementor-bc-flex-widget\" data-elementor-post-type=\"page\">\n\t\t\t\t<div class=\"elementor-element elementor-element-iwgw-vanth-hero e-flex e-con-boxed e-con e-parent\" data-id=\"iwgw-vanth-hero\" data-element_type=\"container\" data-e-type=\"container\" data-settings=\"{&quot;background_background&quot;:&quot;classic&quot;}\">\n\t\t\t\t\t<div class=\"e-con-inner\">\n\t\t<div class=\"elementor-element elementor-element-iwgw-vanth-hl e-flex e-con-boxed e-con e-child\" data-id=\"iwgw-vanth-hl\" data-element_type=\"container\" data-e-type=\"container\">\n\t\t\t\t\t<div class=\"e-con-inner\">\n\t\t<div class=\"elementor-element elementor-element-iwgw-vanth-htxt e-con-full e-flex e-con e-child\" data-id=\"iwgw-vanth-htxt\" data-element_type=\"container\" data-e-type=\"container\">\n\t\t\t\t<div class=\"elementor-element elementor-element-iwgw-vanth-h1 elementor-widget elementor-widget-heading\" data-id=\"iwgw-vanth-h1\" data-element_type=\"widget\" data-e-type=\"widget\" data-widget_type=\"heading.default\">\n\t\t\t\t\t<h1 class=\"elementor-heading-title elementor-size-default\">Vanth - Etrusk\u00e1 okr\u00eddlen\u00e1 d\u00e9monka a spolo\u010dn\u00ed\u010dka mrtvych<\/h1>\t\t\t\t<\/div>\n\t\t\t\t<div class=\"elementor-element elementor-element-iwgw-vanth-lead elementor-widget elementor-widget-text-editor\" data-id=\"iwgw-vanth-lead\" data-element_type=\"widget\" data-e-type=\"widget\" data-widget_type=\"text-editor.default\">\n\t\t\t\t\t\t\t\t\t<p>Vanth je v etruskom n\u00e1bo\u017eenstve okr\u00eddlen\u00e1 d\u00e9monka podsvetia, ktor\u00e1 vystupuje ako spolo\u010dn\u00ed\u010dka mrtvych a poslicka osudu. Na rozdiel od mu\u017esk\u00e9ho <span class=\"iwg-fachbegriff\" data-tooltip=\"Duchovn\u00e1 bytos\u0165, ktorej sa pripisuje \u0161kodliv\u00e9 alebo protire\u010div\u00e9 p\u00f4sobenie.\" tabindex=\"0\">d\u00e9mona<\/span> <a href=\"https:\/\/iwell-guard.com\/sk\/?page_id=157946\">Charuna<\/a> je zvy\u010dajne zobrazovan\u00e1 menej hrozivo, sk\u00f4r ako posolka osudu a sprievodky\u0148a. Toto zobrazenie popisuje jej religionistick\u00e9 postavenie v etruskom eschatologickom syst\u00e9me.<\/p>\t\t\t\t\t\t\t\t<\/div>\n\t\t\t\t<\/div>\n\t\t<div class=\"elementor-element elementor-element-iwgw-vanth-pillc e-con-full e-flex e-con e-child\" data-id=\"iwgw-vanth-pillc\" data-element_type=\"container\" data-e-type=\"container\">\n\t\t\t\t<div class=\"elementor-element elementor-element-iwgw-vanth-pills elementor-widget elementor-widget-html\" data-id=\"iwgw-vanth-pills\" data-element_type=\"widget\" data-e-type=\"widget\" data-widget_type=\"html.default\">\n\t\t\t\t\t<div class=\"iwg-pill-row\"><span class=\"iwg-klasse-badge\" tabindex=\"0\" data-tooltip=\"Bytos\u0165 smrti trad\u00edcie Etrusk\u00e1.\">Bytos\u0165 smrti<\/span><a href=\"https:\/\/iwell-guard.com\/sk\/etruske-nabozenstvo-haruspex-disciplina\/\" class=\"iwg-kultur-badge\" tabindex=\"0\" data-tooltip=\"Mytol\u00f3gia trad\u00edcie Etrusk\u00e1.\">Etrusk\u00e1<\/a><span class=\"iwg-tradition-badge\" tabindex=\"0\" data-tooltip=\"D\u00e9monka mrtvych.\">D\u00e9monka mrtvych<\/span><\/div>\t\t\t\t<\/div>\n\t\t\t\t<\/div>\n\t\t<div class=\"elementor-element elementor-element-iwgw-vanth-tocc e-con-full e-flex e-con e-child\" data-id=\"iwgw-vanth-tocc\" data-element_type=\"container\" data-e-type=\"container\">\n\t\t\t\t<div class=\"elementor-element elementor-element-iwgw-vanth-toc elementor-toc--minimized-on-tablet elementor-widget elementor-widget-table-of-contents\" data-id=\"iwgw-vanth-toc\" data-element_type=\"widget\" data-e-type=\"widget\" data-settings=\"{&quot;headings_by_tags&quot;:[&quot;h2&quot;,&quot;h3&quot;],&quot;minimize_box&quot;:&quot;yes&quot;,&quot;marker_view&quot;:&quot;bullets&quot;,&quot;no_headings_message&quot;:&quot;Na tejto str\\u00e1nke sa nena\\u0161li \\u017eiadne nadpisy.&quot;,&quot;exclude_headings_by_selector&quot;:[],&quot;icon&quot;:{&quot;value&quot;:&quot;fas fa-circle&quot;,&quot;library&quot;:&quot;fa-solid&quot;,&quot;rendered_tag&quot;:&quot;&lt;svg class=\\&quot;e-font-icon-svg e-fas-circle\\&quot; viewBox=\\&quot;0 0 512 512\\&quot; xmlns=\\&quot;http:\\\/\\\/www.w3.org\\\/2000\\\/svg\\&quot;&gt;&lt;path d=\\&quot;M256 8C119 8 8 119 8 256s111 248 248 248 248-111 248-248S393 8 256 8z\\&quot;&gt;&lt;\\\/path&gt;&lt;\\\/svg&gt;&quot;},&quot;minimized_on&quot;:&quot;tablet&quot;,&quot;hierarchical_view&quot;:&quot;yes&quot;,&quot;min_height&quot;:{&quot;unit&quot;:&quot;px&quot;,&quot;size&quot;:&quot;&quot;,&quot;sizes&quot;:[]},&quot;min_height_tablet&quot;:{&quot;unit&quot;:&quot;px&quot;,&quot;size&quot;:&quot;&quot;,&quot;sizes&quot;:[]},&quot;min_height_mobile&quot;:{&quot;unit&quot;:&quot;px&quot;,&quot;size&quot;:&quot;&quot;,&quot;sizes&quot;:[]}}\" data-widget_type=\"table-of-contents.default\">\n\t\t\t\t\t\t\t\t\t<div class=\"elementor-toc__header\">\n\t\t\t\t\t\t<h2 class=\"elementor-toc__header-title\">\n\t\t\t\tObsah\t\t\t<\/h2>\n\t\t\t\t\t\t\t\t\t\t<div class=\"elementor-toc__toggle-button elementor-toc__toggle-button--expand\" role=\"button\" tabindex=\"0\" aria-controls=\"elementor-toc__iwgw-vanth-toc\" aria-expanded=\"true\" aria-label=\"Open table of contents\"><svg aria-hidden=\"true\" class=\"e-font-icon-svg e-fas-chevron-down\" viewBox=\"0 0 448 512\" xmlns=\"http:\/\/www.w3.org\/2000\/svg\"><path d=\"M207.029 381.476L12.686 187.132c-9.373-9.373-9.373-24.569 0-33.941l22.667-22.667c9.357-9.357 24.522-9.375 33.901-.04L224 284.505l154.745-154.021c9.379-9.335 24.544-9.317 33.901.04l22.667 22.667c9.373 9.373 9.373 24.569 0 33.941L240.971 381.476c-9.373 9.372-24.569 9.372-33.942 0z\"><\/path><\/svg><\/div>\n\t\t\t\t<div class=\"elementor-toc__toggle-button elementor-toc__toggle-button--collapse\" role=\"button\" tabindex=\"0\" aria-controls=\"elementor-toc__iwgw-vanth-toc\" aria-expanded=\"true\" aria-label=\"Close table of contents\"><svg aria-hidden=\"true\" class=\"e-font-icon-svg e-fas-chevron-up\" viewBox=\"0 0 448 512\" xmlns=\"http:\/\/www.w3.org\/2000\/svg\"><path d=\"M240.971 130.524l194.343 194.343c9.373 9.373 9.373 24.569 0 33.941l-22.667 22.667c-9.357 9.357-24.522 9.375-33.901.04L224 227.495 69.255 381.516c-9.379 9.335-24.544 9.317-33.901-.04l-22.667-22.667c-9.373-9.373-9.373-24.569 0-33.941L207.03 130.525c9.372-9.373 24.568-9.373 33.941-.001z\"><\/path><\/svg><\/div>\n\t\t\t\t\t<\/div>\n\t\t\t\t<div id=\"elementor-toc__iwgw-vanth-toc\" class=\"elementor-toc__body\">\n\t\t\t<div class=\"elementor-toc__spinner-container\">\n\t\t\t\t<svg class=\"elementor-toc__spinner eicon-animation-spin e-font-icon-svg e-eicon-loading\" aria-hidden=\"true\" viewBox=\"0 0 1000 1000\" xmlns=\"http:\/\/www.w3.org\/2000\/svg\"><path d=\"M500 975V858C696 858 858 696 858 500S696 142 500 142 142 304 142 500H25C25 237 238 25 500 25S975 237 975 500 763 975 500 975Z\"><\/path><\/svg>\t\t\t<\/div>\n\t\t<\/div>\n\t\t\t\t\t\t<\/div>\n\t\t\t\t<\/div>\n\t\t\t\t\t<\/div>\n\t\t\t\t<\/div>\n\t\t<div class=\"elementor-element elementor-element-iwgw-vanth-hr e-con-full e-flex e-con e-child\" data-id=\"iwgw-vanth-hr\" data-element_type=\"container\" data-e-type=\"container\">\n\t\t\t\t<div class=\"elementor-element elementor-element-iwgw-vanth-heroimg iwg-hero-image elementor-widget elementor-widget-image\" data-id=\"iwgw-vanth-heroimg\" data-element_type=\"widget\" data-e-type=\"widget\" data-widget_type=\"image.default\">\n\t\t\t\t\t\t\t\t\t\t\t\t\t\t\t<img fetchpriority=\"high\" decoding=\"async\" width=\"683\" height=\"1024\" src=\"https:\/\/iwell-guard.com\/wp-content\/uploads\/2026\/05\/daemonen_etruskisch_vanth-683x1024.webp\" class=\"attachment-large size-large wp-image-159824\" alt=\"Vanth \u2013 d\u00e9moni z etruskej trad\u00edcie, historicko-ilustra\u010dn\u00e9 zobrazenie\" srcset=\"https:\/\/iwell-guard.com\/wp-content\/uploads\/2026\/05\/daemonen_etruskisch_vanth-683x1024.webp 683w, https:\/\/iwell-guard.com\/wp-content\/uploads\/2026\/05\/daemonen_etruskisch_vanth-200x300.webp 200w, https:\/\/iwell-guard.com\/wp-content\/uploads\/2026\/05\/daemonen_etruskisch_vanth-768x1152.webp 768w, https:\/\/iwell-guard.com\/wp-content\/uploads\/2026\/05\/daemonen_etruskisch_vanth.webp 1024w\" sizes=\"(max-width: 683px) 100vw, 683px\" \/>\t\t\t\t\t\t\t\t\t\t\t\t\t\t\t<\/div>\n\t\t\t\t<\/div>\n\t\t\t\t\t<\/div>\n\t\t\t\t<\/div>\n\t\t<div class=\"elementor-element elementor-element-iwgw-vanth-s0 e-flex e-con-boxed e-con e-parent\" data-id=\"iwgw-vanth-s0\" data-element_type=\"container\" data-e-type=\"container\">\n\t\t\t\t\t<div class=\"e-con-inner\">\n\t\t\t\t<div class=\"elementor-element elementor-element-iwgw-vanth-s0h elementor-widget elementor-widget-heading\" data-id=\"iwgw-vanth-s0h\" data-element_type=\"widget\" data-e-type=\"widget\" data-widget_type=\"heading.default\">\n\t\t\t\t\t<h2 class=\"elementor-heading-title elementor-size-default\">Zaradenie v etruskom pante\u00f3ne<\/h2>\t\t\t\t<\/div>\n\t\t<div class=\"elementor-element elementor-element-iwgw-vanth-s0c e-con-full e-flex e-con e-child\" data-id=\"iwgw-vanth-s0c\" data-element_type=\"container\" data-e-type=\"container\">\n\t\t\t\t<div class=\"elementor-element elementor-element-iwgw-vanth-s0t elementor-widget elementor-widget-text-editor\" data-id=\"iwgw-vanth-s0t\" data-element_type=\"widget\" data-e-type=\"widget\" data-widget_type=\"text-editor.default\">\n\t\t\t\t\t\t\t\t\t<p>Vanth patr\u00ed spolu s <a href=\"https:\/\/iwell-guard.com\/sk\/?page_id=157946\">Charunom<\/a> k v\u00fdznamn\u00fdm d\u00e9monom etrusk\u00e9ho podsvetia. \u010casto je zobrazovan\u00e1 ako spolo\u010dn\u00ed\u010dka mrtvych alebo posolka osudu. V etruskej eschatol\u00f3gii m\u00e1 pevn\u00e9 miesto a \u010dasto sa objavuje spolu s Charunom v sc\u00e9nach odl\u00fa\u010denia a sprievodu.<\/p><p>Larissa Bonfante a Erika Simon sa Vanth venovali vo svojich pr\u00e1cach o etruskom n\u00e1bo\u017eenstve. V etruskom v\u00fdtvarnom umen\u00ed je \u010dastou postavou, objavuje sa najm\u00e4 na sarkof\u00e1goch a v hrobov\u00fdch ma\u013eb\u00e1ch.<\/p><p>Etrusk\u00e9 n\u00e1bo\u017eenstvo, v ktorom m\u00e1 okr\u00eddlen\u00e1 sprievodky\u0148a mrtvych Vanth svoje miesto, je religionisticky obzvl\u00e1\u0161\u0165 plodn\u00e9 pr\u00e1ve preto, \u017ee stoj\u00ed medzi gr\u00e9cko-stredomorskou a italsko-r\u00edmskou <span class=\"iwg-fachbegriff\" data-tooltip=\"Odovzd\u00e1vanie vedomost\u00ed a rozpr\u00e1van\u00ed z gener\u00e1cie na gener\u00e1ciu.\" tabindex=\"0\">trad\u00edciou<\/span>.<\/p><p>Massimo Pallottino, Jacques Heurgon, Sybille Haynes, Mauro Cristofani a Giovanni Colonna vo svojich v\u00fdskumoch preuk\u00e1zali, \u017ee ide o samostatn\u00fa trad\u00edciu, nie o jednoduch\u00fd odvodok.<\/p><p>Skuto\u010dnos\u0165, \u017ee Vanth pln\u00ed presne vymedzen\u00fa \u00falohu sprievodkyne mrtvych, zodpoved\u00e1 etruskej <span class=\"iwg-fachbegriff\" data-tooltip=\"Vedeck\u00e1 n\u00e1uka o bohu a viere n\u00e1bo\u017eenstva.\" tabindex=\"0\">teol\u00f3gii<\/span>, ktor\u00e1 silne \u0161trukt\u00farovala svoj <span class=\"iwg-fachbegriff\" data-tooltip=\"S\u00fahrn bohov n\u00e1bo\u017eenstva alebo kult\u00fary.\" tabindex=\"0\">pante\u00f3n<\/span> a rozde\u013eovala funkcie. Star\u0161ia re\u010d o \u201ez\u00e1hadnej\u201c alebo \u201ecudzej\u201c viere Etruskov v bohov nezodpoved\u00e1 skuto\u010dnosti: ide o samostatn\u00fd variant stredomorsk\u00e9ho n\u00e1bo\u017eenstva.<\/p><p>Vanth pr\u00edkladne ukazuje, ako Etruskovia v dejin\u00e1ch italsk\u00e9ho n\u00e1bo\u017eenstva sprostredk\u00favali medzi gr\u00e9ckymi podnetmi a formuj\u00facim sa r\u00edmskym n\u00e1bo\u017eenstvom. T\u00e1to sprostredkuj\u00faca funkcia rob\u00ed jej <span class=\"iwg-fachbegriff\" data-tooltip=\"Odovzd\u00e1vanie vedomost\u00ed a rozpr\u00e1van\u00ed z gener\u00e1cie na gener\u00e1ciu.\" tabindex=\"0\">trad\u00edciu<\/span> vedecky obzvl\u00e1\u0161\u0165 zauj\u00edmavou.<\/p><p>Vanthina ope\u0159en\u00e1 podoba bola v minulosti r\u00fdchlo stoto\u017e\u0148ovan\u00e1 s gr\u00e9ckymi predlohami. Religionisticko-etnologick\u00fd v\u00fdskum posledn\u00fdch desa\u0165ro\u010d\u00ed v\u0161ak uznal etrusk\u00e9 n\u00e1bo\u017eenstvo za uzavret\u00fd, samostatn\u00fd syst\u00e9m a nahradil star\u0161iu tendenciu odvodzova\u0165 ho ako \u201ederivat\u00edvne\u201c z gr\u00e9ckeho n\u00e1bo\u017eenstva presnej\u0161\u00edm poh\u013eadom.<\/p>\t\t\t\t\t\t\t\t<\/div>\n\t\t\t\t<\/div>\n\t\t\t\t\t<\/div>\n\t\t\t\t<\/div>\n\t\t<div class=\"elementor-element elementor-element-iwgw-vanth-s1 e-flex e-con-boxed e-con e-parent\" data-id=\"iwgw-vanth-s1\" data-element_type=\"container\" data-e-type=\"container\">\n\t\t\t\t\t<div class=\"e-con-inner\">\n\t\t\t\t<div class=\"elementor-element elementor-element-iwgw-vanth-s1h elementor-widget elementor-widget-heading\" data-id=\"iwgw-vanth-s1h\" data-element_type=\"widget\" data-e-type=\"widget\" data-widget_type=\"heading.default\">\n\t\t\t\t\t<h2 class=\"elementor-heading-title elementor-size-default\">Meno a etymol\u00f3gia<\/h2>\t\t\t\t<\/div>\n\t\t<div class=\"elementor-element elementor-element-iwgw-vanth-s1c e-con-full e-flex e-con e-child\" data-id=\"iwgw-vanth-s1c\" data-element_type=\"container\" data-e-type=\"container\">\n\t\t\t\t<div class=\"elementor-element elementor-element-iwgw-vanth-s1t elementor-widget elementor-widget-text-editor\" data-id=\"iwgw-vanth-s1t\" data-element_type=\"widget\" data-e-type=\"widget\" data-widget_type=\"text-editor.default\">\n\t\t\t\t\t\t\t\t\t<p>Meno Vanth je dolo\u017een\u00e9 na etrusk\u00fdch v\u00fdtvarn\u00fdch dielach a n\u00e1pisoch. Bezpe\u010dn\u00fd etymologick\u00fd v\u00fdklad nebol rekon\u0161truovan\u00fd. Helmut Rixov diel <em>Editio Minor<\/em> dokumentuje jeho doklady.<\/p><p>Vanth sa niekedy objavuje v mno\u017enom \u010d\u00edsle, \u010do nazna\u010duje, \u017ee existovalo viacero d\u00e9moniek Vanth, podobne ako existovalo viacero d\u00e9monov Charun. T\u00e1to mno\u017enos\u0165 je religionisticko-fenomenologicky zauj\u00edmav\u00e1.<\/p><p>Meno Vanth sa vyskytuje na etrusk\u00fdch v\u00fdtvarn\u00fdch dielach, je v\u0161ak zap\u00edsan\u00e9 v jazyku, ktor\u00fd sa pova\u017euje za jazykovo izolovan\u00fd alebo by mohol patri\u0165 do predpokladanej \u201etyrs\u00e9nskej\u201c jazykovej rodiny spolu s lemnijsk\u00fdm a r\u00e9tskym jazykom. V\u00fdskum sa od 19. storo\u010dia sna\u017e\u00ed tieto texty roz\u0161ifrova\u0165, doteraz sa to v\u0161ak nepodarilo \u00faplne dokon\u010di\u0165.<\/p><p>Helmut Rixova Editio Minor tvor\u00ed z\u00e1kladn\u00fa epigrafick\u00fa zbierku etrusk\u00e9ho jazykov\u00e9ho korpusu a dokumentuje aj n\u00e1pisov\u00e9 doklady o Vanth. Dnes k tomu dop\u013a\u0148aj\u00fa Thesaurus Linguae Etruscae a online datab\u00e1za ETP (Etruscan Texts Project).<\/p><p>Ot\u00e1zka p\u00f4vodu Etruskov zost\u00e1va nevyrie\u0161en\u00e1: Herodotos uva\u017eoval o pris\u0165ahovan\u00ed z L\u00fddie, Dion\u00fdsios z Halikarnassu o dom\u00e1com italskom vzniku. Pre pochopenie post\u00e1v ako Vanth je to religionisticky relevantn\u00e9, preto\u017ee sa t\u00fdm otv\u00e1ra diskusia o mo\u017en\u00fdch s\u00favislostiach s malo\u00e1zijsk\u00fdmi kultami.<\/p><p>\u00dazke prepojenie jazykov\u00e9ho a n\u00e1pisn\u00e9ho v\u00fdskumu prospieva aj <span class=\"iwg-fachbegriff\" data-tooltip=\"Odovzd\u00e1vanie vedomost\u00ed a rozpr\u00e1van\u00ed z gener\u00e1cie na gener\u00e1ciu.\" tabindex=\"0\">trad\u00edcii<\/span> o Vanth: digit\u00e1lna ed\u00edcia etrusk\u00fdch textov v ETP (Etruscan Texts Project) v\u00fdrazne zjednodu\u0161uje porovn\u00e1vacie \u0161t\u00fadie. Marie-Laurence Haack a Vincent Jolivet tu poskytli smerodajn\u00e9 pr\u00edspevky.<\/p>\t\t\t\t\t\t\t\t<\/div>\n\t\t\t\t<\/div>\n\t\t\t\t\t<\/div>\n\t\t\t\t<\/div>\n\t\t<div class=\"elementor-element elementor-element-iwgw-vanth-s2 e-flex e-con-boxed e-con e-parent\" data-id=\"iwgw-vanth-s2\" data-element_type=\"container\" data-e-type=\"container\">\n\t\t\t\t\t<div class=\"e-con-inner\">\n\t\t\t\t<div class=\"elementor-element elementor-element-iwgw-vanth-s2h elementor-widget elementor-widget-heading\" data-id=\"iwgw-vanth-s2h\" data-element_type=\"widget\" data-e-type=\"widget\" data-widget_type=\"heading.default\">\n\t\t\t\t\t<h2 class=\"elementor-heading-title elementor-size-default\">Popis a ikonografia<\/h2>\t\t\t\t<\/div>\n\t\t<div class=\"elementor-element elementor-element-iwgw-vanth-s2c e-con-full e-flex e-con e-child\" data-id=\"iwgw-vanth-s2c\" data-element_type=\"container\" data-e-type=\"container\">\n\t\t\t\t<div class=\"elementor-element elementor-element-iwgw-vanth-s2t elementor-widget elementor-widget-text-editor\" data-id=\"iwgw-vanth-s2t\" data-element_type=\"widget\" data-e-type=\"widget\" data-widget_type=\"text-editor.default\">\n\t\t\t\t\t\t\t\t\t<p>Vanth je v etruskom umen\u00ed zobrazovan\u00e1 ako okr\u00eddlen\u00e1 \u017eena, \u010dasto s fak\u013eou alebo k\u013e\u00fa\u010dom. Jej perovit\u00e9 kr\u00eddla ju v\u00fdrazne odli\u0161uj\u00fa od gr\u00e9ckeho typu Char\u00f3na a stavaj\u00fa ju bli\u017e\u0161ie k gr\u00e9ckym Er\u00edni\u00e1m \u010di postav\u00e1m Er\u00f3ta. Spojenie s k\u013e\u00fa\u010dom odkazuje na jej funkciu str\u00e1\u017ekyne br\u00e1n podsvetia.<\/p><p>Na etrusk\u00fdch sarkof\u00e1goch a hrobov\u00fdch ma\u013eb\u00e1ch (Tomba dei Vipinana v Tarquinii) sa Vanth objavuje v mnoh\u00fdch sc\u00e9nach. Jej odev je \u010dasto kr\u00e1tky a opasan\u00fd, \u010do nazna\u010duje pohybov\u00fa vo\u013enos\u0165. Larissa Bonfante t\u00fato <span class=\"iwg-fachbegriff\" data-tooltip=\"N\u00e1uka o obrazov\u00fdch obsahoch a ich v\u00fdzname.\" tabindex=\"0\">ikonografiu<\/span> podrobne presk\u00famala.<\/p><p>Vanth je zachytite\u013en\u00e1 predov\u0161etk\u00fdm prostredn\u00edctvom v\u00fdtvarn\u00fdch diel, a etrusk\u00e9 v\u00fdtvarn\u00e9 umenie sa z h\u013eadiska fenomenol\u00f3gie n\u00e1bo\u017eenstva ukazuje ako mimoriadne bohat\u00fd zdroj: zrkadl\u00e1, v\u00e1zy, hrobov\u00e9 ma\u013eby a bronzy tvoria hlavn\u00e9 pramene. Larissa Bonfante t\u00fato obrazov\u00fa re\u010d vo svojich pr\u00e1cach oce\u0148uje ako samostatn\u00fa trad\u00edciu, nie iba ako odvodeninu.<\/p><p>Vanth sa \u010dasto objavuje v etrusk\u00fdch hrobov\u00fdch ma\u013eb\u00e1ch Tarquinie, Cerveteri a Vulci, ktor\u00e9 patria k najv\u00fdznamnej\u0161\u00edm prame\u0148om etrusk\u00e9ho n\u00e1bo\u017eenstva a eschatol\u00f3gie. V ich bankettov\u00fdch, tane\u010dn\u00fdch a hudobn\u00fdch v\u00fdjavoch, ako aj v mytologick\u00fdch sc\u00e9nach sa posmrtn\u00fd \u017eivot zobrazuje ako pokra\u010dovanie \u017eivota.<\/p><p>Vanth sa \u010dasto vyskytuje spolu s Charunom v sc\u00e9nach sprievodu, \u010do dokazuje sklon etruskej <span class=\"iwg-fachbegriff\" data-tooltip=\"N\u00e1uka o obrazov\u00fdch obsahoch a ich v\u00fdzname.\" tabindex=\"0\">ikonografie<\/span> k viacpostavov\u00fdm sc\u00e9nam, narat\u00edvnym s\u00favislostiam a symbolick\u00fdm zhusteniam. T\u00e1to obrazov\u00e1 re\u010d tvor\u00ed samostatn\u00fa oblas\u0165 etruskej n\u00e1bo\u017eenskej ikonografie.<\/p><p>Vanth sa niekedy objavuje vo viacer\u00fdch podob\u00e1ch a spolu s \u010fal\u0161\u00edmi postavami, \u010do dokazuje narat\u00edvnu hustotu etrusk\u00e9ho v\u00fdtvarn\u00e9ho umenia: jedin\u00e9 zrkadlo alebo v\u00e1za m\u00f4\u017ee nies\u0165 viacero mytologick\u00fdch odkazov naraz. Toto zhustenie n\u00fati v\u00fdskum k d\u00f4kladnej kontextovej anal\u00fdze.<\/p>\t\t\t\t\t\t\t\t<\/div>\n\t\t\t\t<\/div>\n\t\t\t\t\t<\/div>\n\t\t\t\t<\/div>\n\t\t<div class=\"elementor-element elementor-element-iwgw-vanth-s3 e-flex e-con-boxed e-con e-parent\" data-id=\"iwgw-vanth-s3\" data-element_type=\"container\" data-e-type=\"container\">\n\t\t\t\t\t<div class=\"e-con-inner\">\n\t\t\t\t<div class=\"elementor-element elementor-element-iwgw-vanth-s3h elementor-widget elementor-widget-heading\" data-id=\"iwgw-vanth-s3h\" data-element_type=\"widget\" data-e-type=\"widget\" data-widget_type=\"heading.default\">\n\t\t\t\t\t<h2 class=\"elementor-heading-title elementor-size-default\">Vanth v etruskej eschatol\u00f3gii<\/h2>\t\t\t\t<\/div>\n\t\t<div class=\"elementor-element elementor-element-iwgw-vanth-s3c e-con-full e-flex e-con e-child\" data-id=\"iwgw-vanth-s3c\" data-element_type=\"container\" data-e-type=\"container\">\n\t\t\t\t<div class=\"elementor-element elementor-element-iwgw-vanth-s3t elementor-widget elementor-widget-text-editor\" data-id=\"iwgw-vanth-s3t\" data-element_type=\"widget\" data-e-type=\"widget\" data-widget_type=\"text-editor.default\">\n\t\t\t\t\t\t\t\t\t<p>Vanth je s\u00fa\u010das\u0165ou zlo\u017eit\u00e9ho etrusk\u00e9ho syst\u00e9mu podsvetia. Sprev\u00e1dza mrtvych do podsvetia, niekedy sama, \u010dasto spolu s Charunom. Jej funkcia je sk\u00f4r funkciou &#8218;poslankyne osudu&#8216; ne\u017e akt\u00edvnej usmrcuj\u00facej bytosti: prich\u00e1dza, ke\u010f nastane \u010das, a sprev\u00e1dza.<\/p><p>Jean-Ren\u00e9 Jannot popisuje etrusk\u00fa predstavu podsvetia ako dobre \u0161trukt\u00farovan\u00fd syst\u00e9m s presne pridelen\u00fdmi funkciami d\u00e9monov. Vanth je v r\u00e1mci tohto syst\u00e9mu \u017eenskou sprievodky\u0148ou, zatia\u013e \u010do Charun je mu\u017esk\u00fdm vykon\u00e1vate\u013eom.<\/p><p>Etrusk\u00e1 <span class=\"iwg-fachbegriff\" data-tooltip=\"S\u00fabor tradovan\u00fdch rozpr\u00e1van\u00ed o bohoch v danej kult\u00fare.\" tabindex=\"0\">mytol\u00f3gia<\/span> sa nezachovala v podobe ucelen\u00e9ho rozpr\u00e1vania, ako ju pozn\u00e1me z gr\u00e9ckej a r\u00edmskej trad\u00edcie. Obraz Vanth vznik\u00e1 a\u017e zo s\u00fahrnu obrazov\u00fdch prame\u0148ov, n\u00e1pisov a gr\u00e9cko-r\u00edmskeho sekund\u00e1rneho podania, \u010do je stav pramenn\u00e9ho materi\u00e1lu vy\u017eaduj\u00faci metodick\u00fa obozretnos\u0165.<\/p><p>Vz\u0165ah medzi etruskou a gr\u00e9ckou <span class=\"iwg-fachbegriff\" data-tooltip=\"S\u00fabor tradovan\u00fdch rozpr\u00e1van\u00ed o bohoch v danej kult\u00fare.\" tabindex=\"0\">mytol\u00f3giou<\/span> je viacvrstvov\u00fd: na jednej strane Etruskovia prevzali gr\u00e9cke m\u00fdty o Achillovi, Odysseovi \u010di Oidipovi, na druhej strane ich svojr\u00e1zne pretvorili. Vanth, ktor\u00e1 nem\u00e1 presn\u00fd gr\u00e9cky ekvivalent, ukazuje toto svojr\u00e1zne stv\u00e1rnenie; adapt\u00e1cia je predmetom intenz\u00edvneho v\u00fdskumu.<\/p><p>Vanth sa pravidelne objavuje spolu s Charunom, \u010do zodpoved\u00e1 z\u00e1kladn\u00e9mu rysu etruskej <span class=\"iwg-fachbegriff\" data-tooltip=\"Vedn\u00e1 n\u00e1uka o Bohu a viere danej religie.\" tabindex=\"0\">teol\u00f3gie<\/span>: rade bohov (consensus deorum). Ani s\u00e1m Tinia nekon\u00e1 osamote, ale rad\u00ed sa s ostatn\u00fdmi bohmi. Tento koncept sa z h\u013eadiska fenomenol\u00f3gie n\u00e1bo\u017eenstva pova\u017euje za osobitos\u0165.<\/p><p>Ke\u010f\u017ee mytologick\u00e1 trad\u00edcia Etruskov sa nezachovala v uzavret\u00fdch rozpr\u00e1vaniach, mus\u00ed sa aj funkcia Vanth rekon\u0161truova\u0165 z obrazov\u00fdch sc\u00e9n, n\u00e1pisov a sekund\u00e1rnych prame\u0148ov. Osved\u010dilo sa pri tom spojenie etrusk\u00e9ho n\u00e1pisu, gr\u00e9ckeho obrazov\u00e9ho predlohy a kontextov\u00e9ho \u010d\u00edtania, ktor\u00e9 si vy\u017eaduje d\u00f4kladn\u00fa interpret\u00e1ciu.<\/p>\t\t\t\t\t\t\t\t<\/div>\n\t\t\t\t<\/div>\n\t\t\t\t\t<\/div>\n\t\t\t\t<\/div>\n\t\t<div class=\"elementor-element elementor-element-iwgw-vanth-s4 e-flex e-con-boxed e-con e-parent\" data-id=\"iwgw-vanth-s4\" data-element_type=\"container\" data-e-type=\"container\">\n\t\t\t\t\t<div class=\"e-con-inner\">\n\t\t\t\t<div class=\"elementor-element elementor-element-iwgw-vanth-s4h elementor-widget elementor-widget-heading\" data-id=\"iwgw-vanth-s4h\" data-element_type=\"widget\" data-e-type=\"widget\" data-widget_type=\"heading.default\">\n\t\t\t\t\t<h2 class=\"elementor-heading-title elementor-size-default\">Mytologick\u00e9 rozpr\u00e1vania<\/h2>\t\t\t\t<\/div>\n\t\t<div class=\"elementor-element elementor-element-iwgw-vanth-s4c e-con-full e-flex e-con e-child\" data-id=\"iwgw-vanth-s4c\" data-element_type=\"container\" data-e-type=\"container\">\n\t\t\t\t<div class=\"elementor-element elementor-element-iwgw-vanth-s4t elementor-widget elementor-widget-text-editor\" data-id=\"iwgw-vanth-s4t\" data-element_type=\"widget\" data-e-type=\"widget\" data-widget_type=\"text-editor.default\">\n\t\t\t\t\t\t\t\t\t<p>Pr\u00edbehy o Vanth sa zachovali predov\u0161etk\u00fdm v\u00fdtvarne. Na sarkof\u00e1goch a hrobov\u00fdch ma\u013eb\u00e1ch sa objavuje v sc\u00e9nach rozl\u00fa\u010dky: zomret\u00fd sa l\u00fa\u010di so \u017eiv\u00fdmi, Vanth ho odv\u00e1dza. Na niektor\u00fdch zobrazeniach sed\u00ed v zamyslenej p\u00f3ze na kameni a \u010dak\u00e1 na smr\u0165 \u010dloveka.<\/p><p>V etruskej adapt\u00e1cii gr\u00e9ckych m\u00fdtov sa Vanth niekedy objavuje v sc\u00e9nach, ktor\u00e9 nemaj\u00fa gr\u00e9cky ekvivalent, napr\u00edklad pri smrti Achilla. Toto samostatn\u00e9 zaradenie dokumentuje n\u00e1bo\u017eensk\u00fa svojr\u00e1znos\u0165 etruskej trad\u00edcie.<\/p><p>Disciplina Etrusca, etrusk\u00fd syst\u00e9m ve\u0161tenia, zah\u0155\u0148al pozorovanie vn\u00fatornost\u00ed (haruspicina), v\u00fdklad bleskov (fulguratio) a pozorovanie letu vt\u00e1kov (auspicia). Odovzdan\u00e1 Etruskami Rimanom zostala \u017eivou praxou a\u017e do 4. storo\u010dia n. l. a podrobne ju pop\u00edsali Cicero a Seneca.<\/p><p>\u0160pecializovan\u00e9 k\u0148azsk\u00e9 \u0161koly odovzd\u00e1vali Disciplina Etrusca \u010falej. Jej najd\u00f4le\u017eitej\u0161\u00edmi textami boli Libri Rituales, Libri Haruspicini a Libri Fulgurales. Nezachovali sa, ale prostredn\u00edctvom cit\u00e1ci\u00ed u Cicera, Festa a Macrobia s\u00fa \u010diasto\u010dne rekon\u0161truovate\u013en\u00e9.<\/p><p>Etrusk\u00fd <span class=\"iwg-fachbegriff\" data-tooltip=\"S\u00fabor n\u00e1bo\u017eensk\u00fdch uctievac\u00edch \u00fakonov vo\u010di bo\u017estvu alebo sv\u00e4tej postave.\" tabindex=\"0\">kult<\/span> bol viazan\u00fd na jednotliv\u00e9 mest\u00e1: Tarquinia, v ktorej hroboch sa Vanth \u010dasto objavuje, mala vlastn\u00e9 hlavn\u00e9 kulty a n\u00e1bo\u017eensk\u00e9 osobitosti, podobne aj Caere, Vulci, Veje, Clusium, Volsinii, Cortona, Perugia, Arezzo, Volterra, Populonia a Roselle.<\/p><p>Disciplina Etrusca tvor\u00ed koherentn\u00fd n\u00e1bo\u017eensko-divina\u010dn\u00fd syst\u00e9m a patr\u00ed k vysoko rozvinut\u00fdm ve\u0161tebn\u00fdm praktik\u00e1m <span class=\"iwg-fachbegriff\" data-tooltip=\"Epocha gr\u00e9ckej a r\u00edmskej kult\u00fary, pribli\u017ene od 800 pred n. l. do 600 n. l.\" tabindex=\"0\">antiky<\/span>. Systematicky prevzat\u00e1 Rimanmi sa praktikovala a\u017e do neskorej <span class=\"iwg-fachbegriff\" data-tooltip=\"Epocha gr\u00e9ckej a r\u00edmskej kult\u00fary, pribli\u017ene od 800 pred n. l. do 600 n. l.\" tabindex=\"0\">antiky<\/span>, \u010do predstavuje historicky pozoruhodn\u00fa kontinuitu.<\/p>\t\t\t\t\t\t\t\t<\/div>\n\t\t\t\t<\/div>\n\t\t\t\t\t<\/div>\n\t\t\t\t<\/div>\n\t\t<div class=\"elementor-element elementor-element-iwgw-vanth-s5 e-flex e-con-boxed e-con e-parent\" data-id=\"iwgw-vanth-s5\" data-element_type=\"container\" data-e-type=\"container\">\n\t\t\t\t\t<div class=\"e-con-inner\">\n\t\t\t\t<div class=\"elementor-element elementor-element-iwgw-vanth-s5h elementor-widget elementor-widget-heading\" data-id=\"iwgw-vanth-s5h\" data-element_type=\"widget\" data-e-type=\"widget\" data-widget_type=\"heading.default\">\n\t\t\t\t\t<h2 class=\"elementor-heading-title elementor-size-default\">Kult a ritu\u00e1ly<\/h2>\t\t\t\t<\/div>\n\t\t<div class=\"elementor-element elementor-element-iwgw-vanth-s5c e-con-full e-flex e-con e-child\" data-id=\"iwgw-vanth-s5c\" data-element_type=\"container\" data-e-type=\"container\">\n\t\t\t\t<div class=\"elementor-element elementor-element-iwgw-vanth-s5t elementor-widget elementor-widget-text-editor\" data-id=\"iwgw-vanth-s5t\" data-element_type=\"widget\" data-e-type=\"widget\" data-widget_type=\"text-editor.default\">\n\t\t\t\t\t\t\t\t\t<p>Vanth nebola uctievan\u00e1 v tom zmysle ako olympsk\u00ed bohovia, podobne ako Charun. Jej v\u00fdznam sa sp\u00e1jal predov\u0161etk\u00fdm s pohrebmi: obrazy Vanth zdobili sarkof\u00e1gy a urny na popel, a formuly spojen\u00e9 s Vanth sa pravdepodobne vyslovovali po\u010das pohrebn\u00fdch obradov.<\/p><p>Umiest\u0148ovanie zobrazen\u00ed Vanth do hrobov malo sympatetick\u00fa funkciu: mala u\u013eah\u010di\u0165 m\u0155tvemu cestu do podsvetia a zabezpe\u010di\u0165 pr\u00edtomnos\u0165 tejto d\u00e9monky.<\/p><p>Z architektonick\u00e9ho h\u013eadiska s\u00fa etrusk\u00e9 <span class=\"iwg-fachbegriff\" data-tooltip=\"Stavba sl\u00fa\u017eiaca na uctievanie jedn\u00e9ho alebo viacer\u00fdch bo\u017estiev.\" tabindex=\"0\">chr\u00e1my<\/span> svojr\u00e1zne: tuscansk\u00fd \u0161t\u00fdl predstavuje samostatn\u00fd st\u013apov\u00fd poriadok, ktor\u00fd popisuje Vitruvius v diele De Architectura. P\u00f4dorysy zd\u00f4raz\u0148uj\u00fa cellu a \u0161irok\u00fa predsie\u0148 a v\u00fdrazne sa tak odli\u0161uj\u00fa od gr\u00e9ckych vzorov.<\/p><p>Etrusk\u00e9 <span class=\"iwg-fachbegriff\" data-tooltip=\"Stavba sl\u00fa\u017eiaca na uctievanie jedn\u00e9ho alebo viacer\u00fdch bo\u017estiev.\" tabindex=\"0\">chr\u00e1my<\/span> boli \u010dasto stavan\u00e9 monument\u00e1lne. Za architektonick\u00fd d\u00f4kaz etruskej religiozity v ranom R\u00edme sa pova\u017euje Jupiterov <span class=\"iwg-fachbegriff\" data-tooltip=\"Stavba sl\u00fa\u017eiaca na uctievanie jedn\u00e9ho alebo viacer\u00fdch bo\u017estiev.\" tabindex=\"0\">chr\u00e1m<\/span> na Kapitole, ktor\u00fd vytvorili etrusk\u00ed architekti a umelci, predov\u0161etk\u00fdm Vulca z Veje.<\/p><p>Etrusk\u00e1 liga dvan\u00e1stich miest sa ka\u017edoro\u010dne stret\u00e1vala na n\u00e1bo\u017eenskom a politickom zhroma\u017eden\u00ed pri Fanum Voltumnae bl\u00edzko Volsini\u00ed. Voltumna, spojeneck\u00fd boh etrusk\u00e9ho zv\u00e4zu \u0161t\u00e1tov, mal pri tom mimoriadny n\u00e1bo\u017eensk\u00fd v\u00fdznam.<\/p><p>Etrusk\u00e9 <span class=\"iwg-fachbegriff\" data-tooltip=\"Stavba sl\u00fa\u017eiaca na uctievanie jedn\u00e9ho alebo viacer\u00fdch bo\u017estiev.\" tabindex=\"0\">chr\u00e1my<\/span> spo\u010d\u00edvali \u010dasto na tufov\u00fdch z\u00e1kladoch, mali dreven\u00e9 horn\u00e9 kon\u0161trukcie a boli zdoben\u00e9 terakotou. Sl\u00e1vna Apol\u00f3nova socha z Veje, dielo Vulcu, sa pova\u017euje za hlavn\u00fd architektonick\u00fd a n\u00e1bo\u017eensk\u00fd d\u00f4kaz tejto trad\u00edcie.<\/p>\t\t\t\t\t\t\t\t<\/div>\n\t\t\t\t<\/div>\n\t\t\t\t\t<\/div>\n\t\t\t\t<\/div>\n\t\t<div class=\"elementor-element elementor-element-iwgw-vanth-s6 e-flex e-con-boxed e-con e-parent\" data-id=\"iwgw-vanth-s6\" data-element_type=\"container\" data-e-type=\"container\">\n\t\t\t\t\t<div class=\"e-con-inner\">\n\t\t\t\t<div class=\"elementor-element elementor-element-iwgw-vanth-s6h elementor-widget elementor-widget-heading\" data-id=\"iwgw-vanth-s6h\" data-element_type=\"widget\" data-e-type=\"widget\" data-widget_type=\"heading.default\">\n\t\t\t\t\t<h2 class=\"elementor-heading-title elementor-size-default\">Ochrann\u00e9 trad\u00edcie<\/h2>\t\t\t\t<\/div>\n\t\t<div class=\"elementor-element elementor-element-iwgw-vanth-s6c e-con-full e-flex e-con e-child\" data-id=\"iwgw-vanth-s6c\" data-element_type=\"container\" data-e-type=\"container\">\n\t\t\t\t<div class=\"elementor-element elementor-element-iwgw-vanth-s6t elementor-widget elementor-widget-text-editor\" data-id=\"iwgw-vanth-s6t\" data-element_type=\"widget\" data-e-type=\"widget\" data-widget_type=\"text-editor.default\">\n\t\t\t\t\t\t\t\t\t<p>Vanth bola v ochrann\u00fdch s\u00favislostiach vz\u00fdvan\u00e1 predov\u0161etk\u00fdm pri pohrebn\u00fdch a sm\u00fato\u010dn\u00fdch obradoch. Nebola \u201eochranky\u0148ou\u201c v kladnom zmysle slova, ale nevyhnutnou spolo\u010dn\u00ed\u010dkou pri prechode zo \u017eivota do smrti.<\/p><p>Apotropajick\u00e9 praktiky proti pred\u010dasn\u00e9mu zjaveniu Vanth s\u00fa dolo\u017een\u00e9 menej ako v pr\u00edpade Charuna. Celkovo p\u00f4sob\u00ed menej hrozivo, sk\u00f4r ako prirodzen\u00e1 sila osudu.<\/p><p><span data-nosnippet>K etruskej ochrannej praxi patrilo mno\u017estvo apotropajick\u00fdch symbolov: amulety s falusom, zobrazenia Gorgony, symboly oka, bully a r\u00f4zne formuly. Ikonografiu t\u00fdchto ochrann\u00fdch symbolov spracovala Larissa Bonfante v diele Etruscan Mirrors (1980 a nasl.).<\/span><\/p><p>V etruskej kult\u00fare boli ve\u013emi roz\u0161\u00edren\u00e9 apotropajick\u00e9 symboly, ako oko Tinie, falick\u00e9 amulety a zobrazenia Gorgony. Zdobili <span class=\"iwg-fachbegriff\" data-tooltip=\"Stavba sl\u00fa\u017eiaca na uctievanie jedn\u00e9ho alebo viacer\u00fdch bo\u017estiev.\" tabindex=\"0\">chr\u00e1my<\/span>, hroby, dom\u00e1ce sv\u00e4tyne a osobn\u00e9 predmety; t\u00e1to prax pokra\u010dovala aj v r\u00edmskej a stredomorskej \u013eudovej viere.<\/p><p>Etrusk\u00e1 ochrann\u00e1 prax bola \u00fazko sp\u00e4t\u00e1 s Disciplina Etrusca. Pred d\u00f4le\u017eit\u00fdmi podujatiami, ako zalo\u017eenie mesta, vojensk\u00e9 \u0165a\u017eenie alebo stavba domu, sa pravidelne uskuto\u010d\u0148ovali ve\u0161tby.<\/p><p>V etruskom n\u00e1bo\u017eenstve s\u00fa ochrann\u00e1 trad\u00edcia a Disciplina Etrusca navz\u00e1jom pevne prepojen\u00e9. Kto vykon\u00e1val ochrann\u00fd ritu\u00e1l, \u010dasto z\u00e1rove\u0148 privolal haruspika alebo augura. Toto in\u0161titucion\u00e1lne spojenie je z vedeck\u00e9ho h\u013eadiska charakteristick\u00e9.<\/p>\t\t\t\t\t\t\t\t<\/div>\n\t\t\t\t<\/div>\n\t\t\t\t\t<\/div>\n\t\t\t\t<\/div>\n\t\t<div class=\"elementor-element elementor-element-iwgw-vanth-s7 e-flex e-con-boxed e-con e-parent\" data-id=\"iwgw-vanth-s7\" data-element_type=\"container\" data-e-type=\"container\">\n\t\t\t\t\t<div class=\"e-con-inner\">\n\t\t\t\t<div class=\"elementor-element elementor-element-iwgw-vanth-s7h elementor-widget elementor-widget-heading\" data-id=\"iwgw-vanth-s7h\" data-element_type=\"widget\" data-e-type=\"widget\" data-widget_type=\"heading.default\">\n\t\t\t\t\t<h2 class=\"elementor-heading-title elementor-size-default\">Paralely v in\u00fdch kult\u00farach<\/h2>\t\t\t\t<\/div>\n\t\t<div class=\"elementor-element elementor-element-iwgw-vanth-s7c e-con-full e-flex e-con e-child\" data-id=\"iwgw-vanth-s7c\" data-element_type=\"container\" data-e-type=\"container\">\n\t\t\t\t<div class=\"elementor-element elementor-element-iwgw-vanth-s7t elementor-widget elementor-widget-text-editor\" data-id=\"iwgw-vanth-s7t\" data-element_type=\"widget\" data-e-type=\"widget\" data-widget_type=\"text-editor.default\">\n\t\t\t\t\t\t\t\t\t<p>Vanth mo\u017eno v n\u00e1bo\u017eenskom porovnan\u00ed stava\u0165 ved\u013ea gr\u00e9ckych Er\u00edny\u00ed (F\u00fari\u00ed), seversk\u00fdch Valk\u00fdr, kres\u0165anskej trad\u00edcie \u201esv\u00e4t\u00e9ho pohrebu\u201c alebo ir\u00e1nskych da\u00e9n. Spolo\u010dn\u00e9 maj\u00fa to, \u017ee s\u00fa \u017eensk\u00fdmi spolo\u010dn\u00ed\u010dkami mrtvych alebo poslami osudu.<\/p><p>\u0160pecificky etrusk\u00fdm rysom Vanth je spojenie kr\u00eddel, fakle \u010di k\u013e\u00fa\u010da a funkcie sprievodkyne v jednej postave. T\u00e1to koncentr\u00e1cia je z h\u013eadiska fenomenol\u00f3gie n\u00e1bo\u017eenstva jedine\u010dn\u00e1.<\/p><p>Interpretatio Romana priradila etrusk\u00fdm bohom r\u00edmske men\u00e1: z Tinie sa stal Jupiter, z Uni Juno, z Menrvy Minerva. T\u00e1to identifik\u00e1cia bola v\u00e4\u010d\u0161inou len v\u00fdberov\u00e1, nikdy nie \u00fapln\u00e1; v\u00fdskum posledn\u00fdch p\u00e4\u0165desiat rokov sk\u00fama, \u010do z etruskej osobitosti pretrvalo.<\/p><p>Anat\u00f3lske, fenick\u00e9 a bl\u00edzkov\u00fdchodn\u00e9 trad\u00edcie sa v mnohom dot\u00fdkaj\u00fa etrusk\u00e9ho n\u00e1bo\u017eenstva. Fenick\u00e9 sprostredkovanie dokladaj\u00fa tabu\u013eky z Pyrgi; toto transmediter\u00e1nne prepojenie je d\u00f4le\u017eitou oblas\u0165ou v\u00fdskumu posledn\u00fdch desa\u0165ro\u010d\u00ed.<\/p><p>Z poh\u013eadu porovn\u00e1vacej religionistiky mo\u017eno etrusk\u00fd <span class=\"iwg-fachbegriff\" data-tooltip=\"S\u00fahrn n\u00e1bo\u017eensk\u00fdch \u00fakonov uctievania venovan\u00fdch bo\u017estvu alebo sv\u00e4tej postave.\" tabindex=\"0\">kult<\/span> zaradi\u0165 do stredomorskej n\u00e1bo\u017eenskej rodiny, sp\u00e4tej s Gr\u00e9ckom, Fen\u00edciou, Egyptom, Anat\u00f3liou a Latiom. Toto prepojenie je d\u00f4le\u017eit\u00fdm v\u00fdskumn\u00fdm po\u013eom.<\/p>\t\t\t\t\t\t\t\t<\/div>\n\t\t\t\t<\/div>\n\t\t\t\t\t<\/div>\n\t\t\t\t<\/div>\n\t\t<div class=\"elementor-element elementor-element-iwgw-vanth-s8 e-flex e-con-boxed e-con e-parent\" data-id=\"iwgw-vanth-s8\" data-element_type=\"container\" data-e-type=\"container\">\n\t\t\t\t\t<div class=\"e-con-inner\">\n\t\t\t\t<div class=\"elementor-element elementor-element-iwgw-vanth-s8h elementor-widget elementor-widget-heading\" data-id=\"iwgw-vanth-s8h\" data-element_type=\"widget\" data-e-type=\"widget\" data-widget_type=\"heading.default\">\n\t\t\t\t\t<h2 class=\"elementor-heading-title elementor-size-default\">S\u00fa\u010dasn\u00fd v\u00fdskum<\/h2>\t\t\t\t<\/div>\n\t\t<div class=\"elementor-element elementor-element-iwgw-vanth-s8c e-con-full e-flex e-con e-child\" data-id=\"iwgw-vanth-s8c\" data-element_type=\"container\" data-e-type=\"container\">\n\t\t\t\t<div class=\"elementor-element elementor-element-iwgw-vanth-s8t elementor-widget elementor-widget-text-editor\" data-id=\"iwgw-vanth-s8t\" data-element_type=\"widget\" data-e-type=\"widget\" data-widget_type=\"text-editor.default\">\n\t\t\t\t\t\t\t\t\t<p>V\u00fdskum Vanth za posledn\u00fdch 30 rokov v\u00fdrazne pokro\u010dil systematick\u00fdm spracovan\u00edm etrusk\u00fdch sarkof\u00e1gov a hrobov\u00fdch malieb. D\u00f4le\u017eit\u00e9 pr\u00edspevky priniesli Erika Simon, Cornelia Weber-Lehmann a Larissa Bonfante.<\/p><p>Vanth ako \u017eenskou postavou osudu, ktor\u00e1 nezodpoved\u00e1 klasick\u00fdm stereotypom \u201ematky\u201c alebo \u201emilenky\u201c, sa zaober\u00e1 aj feministick\u00e1 hist\u00f3ria n\u00e1bo\u017eenstva. T\u00e1to perspekt\u00edva otv\u00e1ra nov\u00e9 v\u00fdklady.<\/p><p>Etrusk\u00e9 n\u00e1bo\u017eenstvo je dnes predmetom medzin\u00e1rodn\u00e9ho v\u00fdskumu. K d\u00f4le\u017eit\u00fdm centr\u00e1m patria univerzity vo Florencii, R\u00edme (Sapienza), Pise, T\u00fcbingene a Princetone; jednotliv\u00fdm ot\u00e1zkam tohto n\u00e1bo\u017eenstva sa ka\u017edoro\u010dne venuje viacero medzin\u00e1rodn\u00fdch kongresov.<\/p><p>S\u00fa\u010dasn\u00e9 medzin\u00e1rodn\u00e9 v\u00fdskumn\u00e9 projekty zameran\u00e9 na etrusk\u00e9 n\u00e1bo\u017eenstvo vyu\u017e\u00edvaj\u00fa digit\u00e1lne met\u00f3dy: 3D skenovanie chr\u00e1mov a hrobov, datab\u00e1zy n\u00e1pisov a obrazov\u00fdch pramenov, ako aj GIS anal\u00fdzy etruskej s\u00eddliskovej \u0161trukt\u00fary. Z toho vypl\u00fdvaj\u00fa nov\u00e9 poznatky.<\/p><p>V\u00fdstavy vo Vatik\u00e1nskych m\u00faze\u00e1ch, v Museo Nazionale Etrusco di Villa Giulia a v Boston Museum of Fine Arts sprostredk\u00favaj\u00fa s\u00fa\u010dasn\u00fd etrusk\u00fd v\u00fdskum \u0161irokej verejnosti, podobne ako mnoh\u00e9 publik\u00e1cie.<\/p>\t\t\t\t\t\t\t\t<\/div>\n\t\t\t\t<\/div>\n\t\t\t\t\t<\/div>\n\t\t\t\t<\/div>\n\t\t<div class=\"elementor-element elementor-element-iwgw-vanth-s9 e-flex e-con-boxed e-con e-parent\" data-id=\"iwgw-vanth-s9\" data-element_type=\"container\" data-e-type=\"container\">\n\t\t\t\t\t<div class=\"e-con-inner\">\n\t\t\t\t<div class=\"elementor-element elementor-element-iwgw-vanth-s9h elementor-widget elementor-widget-heading\" data-id=\"iwgw-vanth-s9h\" data-element_type=\"widget\" data-e-type=\"widget\" data-widget_type=\"heading.default\">\n\t\t\t\t\t<h2 class=\"elementor-heading-title elementor-size-default\">Pramene a stav v\u00fdskumu<\/h2>\t\t\t\t<\/div>\n\t\t<div class=\"elementor-element elementor-element-iwgw-vanth-s9c e-con-full e-flex e-con e-child\" data-id=\"iwgw-vanth-s9c\" data-element_type=\"container\" data-e-type=\"container\">\n\t\t\t\t<div class=\"elementor-element elementor-element-iwgw-vanth-s9t elementor-widget elementor-widget-text-editor\" data-id=\"iwgw-vanth-s9t\" data-element_type=\"widget\" data-e-type=\"widget\" data-widget_type=\"text-editor.default\">\n\t\t\t\t\t\t\t\t\t<p>Najd\u00f4le\u017eitej\u0161\u00edmi prame\u0148mi pre v\u00fdskum Vanth s\u00fa etrusk\u00e9 sarkof\u00e1gy (Tarquinia, Volterra, Chiusi), hrobov\u00e9 ma\u013eby, popelnicov\u00e9 urny a n\u00e1pisy. Larissa Bonfante v diele <em>Etruscan Mythology<\/em> pon\u00faka dobr\u00fd preh\u013ead.<\/p><p>Hlb\u0161ie zaradenie do <a href=\"https:\/\/iwell-guard.com\/sk\/etruske-nabozenstvo-haruspex-disciplina\/\">etrusk\u00fdch n\u00e1bo\u017eensk\u00fdch dej\u00edn<\/a> ako celku ukazuje, ako treba Vanth ch\u00e1pa\u0165 vo vz\u0165ahovej sieti s Charunom, <a href=\"https:\/\/iwell-guard.com\/sk\/?page_id=157948\">Aitom<\/a> a \u010fal\u0161\u00edmi bytos\u0165ami podsvetia. Toto prepojenie je vedecky nevyhnutn\u00e9.<\/p><p>Pramenn\u00e1 situ\u00e1cia k etrusk\u00e9mu n\u00e1bo\u017eenstvu je nejednotn\u00e1: sah\u00e1 od epigrafick\u00fdch svedectiev, ako je Editio Minor od Helmuta Rixa, cez archeologick\u00e9 n\u00e1lezy a obrazov\u00e9 pramene a\u017e po sekund\u00e1rnu literat\u00faru. T\u00e1to viacpramenn\u00e1 situ\u00e1cia si vy\u017eaduje interdisciplin\u00e1rny pr\u00edstup, preto nov\u0161\u00ed v\u00fdskum systematicky prep\u00e1ja filol\u00f3giu, <span class=\"iwg-fachbegriff\" data-tooltip=\"Veda, ktor\u00e1 sk\u00fama minul\u00e9 kult\u00fary prostredn\u00edctvom materi\u00e1lnych n\u00e1lezov.\" tabindex=\"0\">archeol\u00f3giu<\/span>, <span class=\"iwg-fachbegriff\" data-tooltip=\"Veda, ktor\u00e1 sk\u00fama n\u00e1bo\u017eenstv\u00e1 porovn\u00e1vac\u00edm sp\u00f4sobom a bez viery.\" tabindex=\"0\">religionistiku<\/span> a antropol\u00f3giu.<\/p><p>Pramenn\u00e1 kritika k etrusk\u00e9mu n\u00e1bo\u017eenstvu vy\u017eaduje poznanie etrusk\u00fdch vlastn\u00fdch prame\u0148ov rovnako ako gr\u00e9cko-r\u00edmskej sekund\u00e1rnej trad\u00edcie. T\u00e1to dvojit\u00e1 perspekt\u00edva je n\u00e1ro\u010dn\u00e1, ale pre primeran\u00fa n\u00e1bo\u017eenskohistorick\u00fa rekon\u0161trukciu nevyhnutn\u00e1.<\/p><p>Kto chce hlb\u0161ie zaradi\u0165 etrusk\u00e9 n\u00e1bo\u017eensk\u00e9 dejiny, potrebuje pozna\u0165 epigrafick\u00e9, archeologick\u00e9 a liter\u00e1rne pramene, rovnako ako modern\u00fa <span class=\"iwg-fachbegriff\" data-tooltip=\"Veda, ktor\u00e1 sk\u00fama n\u00e1bo\u017eenstv\u00e1 porovn\u00e1vac\u00edm sp\u00f4sobom a bez viery.\" tabindex=\"0\">religionistiku<\/span>. Tak\u00e9to viacvrstvov\u00e9 sk\u00famanie je vo v\u00fdskume \u0161tandardom.<\/p>\t\t\t\t\t\t\t\t<\/div>\n\t\t\t\t<\/div>\n\t\t\t\t\t<\/div>\n\t\t\t\t<\/div>\n\t\t<div class=\"elementor-element elementor-element-cp2c4ef1fa e-flex e-con-boxed e-con e-parent\" data-id=\"cp2c4ef1fa\" data-element_type=\"container\" data-e-type=\"container\">\n\t\t\t\t\t<div class=\"e-con-inner\">\n\t\t\t\t<div class=\"elementor-element elementor-element-cp25c7ac94 elementor-widget elementor-widget-heading\" data-id=\"cp25c7ac94\" data-element_type=\"widget\" data-e-type=\"widget\" data-widget_type=\"heading.default\">\n\t\t\t\t\t<h2 class=\"elementor-heading-title elementor-size-default\">Vanth v hrobov\u00fdch ma\u013eb\u00e1ch v Tarquinii a Orviete<\/h2>\t\t\t\t<\/div>\n\t\t<div class=\"elementor-element elementor-element-cp2e7a473e e-flex e-con-boxed e-con e-child\" data-id=\"cp2e7a473e\" data-element_type=\"container\" data-e-type=\"container\">\n\t\t\t\t\t<div class=\"e-con-inner\">\n\t\t\t\t<div class=\"elementor-element elementor-element-cp2eda3d20 elementor-widget elementor-widget-text-editor\" data-id=\"cp2eda3d20\" data-element_type=\"widget\" data-e-type=\"widget\" data-widget_type=\"text-editor.default\">\n\t\t\t\t\t\t\t\t\t<p>Najd\u00f4le\u017eitej\u0161\u00edm prame\u0148om pre Vanth nie je text, ale v\u00fdtvarn\u00e9 umenie etrusk\u00fdch hrobov\u00fdch kom\u00f4r. V ma\u013eovan\u00fdch hroboch v Tarquinii, napr\u00edklad v <em>Tomba dell&#8217;Orco<\/em> zo 4. storo\u010dia pred Kristom, ako aj v <em>Tomba Golini<\/em> pri Orviete sa Vanth zjavuje ako okr\u00eddlen\u00e1 \u017eensk\u00e1 postava, ktor\u00e1 sprev\u00e1dza zosnul\u00e9ho na jeho ceste do podsvetia.<\/p><p>Zvy\u010dajne je zobrazovan\u00e1 ako mlad\u00e1 \u017eena, \u010dasto s obna\u017een\u00fdm hrudn\u00edkom, vo vysok\u00fdch \u010di\u017em\u00e1ch a s p\u00e1smi prehoden\u00fdmi cez plecia.<\/p><p>Charakteristick\u00e9 s\u00fa jej atrib\u00faty: horiaca fak\u013ea, ktorou svieti na tmav\u00fa cestu, had, ktor\u00e9ho m\u00e1 obto\u010den\u00e9ho okolo ruky, a niekedy k\u013e\u00fa\u010d alebo zvitok. Kr\u00eddla jej m\u00f4\u017eu vyrasta\u0165 z plec\u00ed alebo zo zadu.<\/p><p>Na rozdiel od gr\u00e9ckych Er\u00edny\u00ed, s ktor\u00fdmi sa ob\u010das porovn\u00e1va, nep\u00f4sob\u00ed Vanth vo v\u00fdtvarnom umen\u00ed predov\u0161etk\u00fdm hrozivo, ale sk\u00f4r ako pokojn\u00e1 sprievodky\u0148a, ktor\u00e1 sprev\u00e1dza prechod bez toho, aby ho trestala.<\/p><p>\u010casto sa objavuje spolo\u010dne s <a href=\"https:\/\/iwell-guard.com\/sk\/?page_id=157946\">Charunom<\/a>, d\u00e9monom podsvetia nosiacim kladivo, tak\u017ee tieto dve postavy tvoria opakuj\u00facu sa dvojicu etruskej ikonografie posmrtn\u00e9ho \u017eivota. V sc\u00e9nach bitiek alebo obetn\u00fdch \u00fakonov, napr\u00edklad pri usmrten\u00ed tr\u00f3jskych zajatcov v hrobke Tomba Fran\u00e7ois vo Vulci, stoj\u00ed Vanth ved\u013ea ako svedky\u0148a smrti. Vedecky je v\u00fdznamn\u00e9, \u017ee cel\u00fd obraz Vanth sa mus\u00ed rekon\u0161truova\u0165 z tejto archeologickej <span class=\"iwg-fachbegriff\" data-tooltip=\"Odovzd\u00e1vanie vedomost\u00ed a rozpr\u00e1van\u00ed z gener\u00e1cie na gener\u00e1ciu.\" tabindex=\"0\">trad\u00edcie<\/span>. Etruskovia nezanechali s\u00favisl\u00fa <span class=\"iwg-fachbegriff\" data-tooltip=\"S\u00fabor odovzdan\u00fdch rozpr\u00e1van\u00ed o bohoch ur\u010ditej kult\u00fary.\" tabindex=\"0\">mytol\u00f3giu<\/span>, ktor\u00e1 by sa n\u00e1m zachovala, a tak s\u00fa hrobov\u00e9 ma\u013eby spolu s reli\u00e9fnymi urnami a zrkadlami skuto\u010dn\u00fdm prim\u00e1rnym prame\u0148om pre v\u0161etko, \u010do sa o tejto bohyni m\u00f4\u017ee poveda\u0165.\t\t\t\t\t\t\t\t<\/div>\n\t\t\t\t\t<\/div>\n\t\t\t\t<\/div>\n\t\t\t\t\t<\/div>\n\t\t\t\t<\/div>\n\t\t<div class=\"elementor-element elementor-element-cp24932bc4 e-flex e-con-boxed e-con e-parent\" data-id=\"cp24932bc4\" data-element_type=\"container\" data-e-type=\"container\">\n\t\t\t\t\t<div class=\"e-con-inner\">\n\t\t\t\t<div class=\"elementor-element elementor-element-cp2d38051c elementor-widget elementor-widget-heading\" data-id=\"cp2d38051c\" data-element_type=\"widget\" data-e-type=\"widget\" data-widget_type=\"heading.default\">\n\t\t\t\t\t<h2 class=\"elementor-heading-title elementor-size-default\">N\u00e1pisov\u00e9 svedectv\u00e1 a ot\u00e1zka viacer\u00fdch post\u00e1v Vanth<\/h2>\t\t\t\t<\/div>\n\t\t<div class=\"elementor-element elementor-element-cp2e96bb04 e-flex e-con-boxed e-con e-child\" data-id=\"cp2e96bb04\" data-element_type=\"container\" data-e-type=\"container\">\n\t\t\t\t\t<div class=\"e-con-inner\">\n\t\t\t\t<div class=\"elementor-element elementor-element-cp2b1c1fdf elementor-widget elementor-widget-text-editor\" data-id=\"cp2b1c1fdf\" data-element_type=\"widget\" data-e-type=\"widget\" data-widget_type=\"text-editor.default\">\n\t\t\t\t\t\t\t\t\t<p>Okrem v\u00fdtvarn\u00e9ho umenia potvrdzuj\u00fa existenciu Vanth ako menovanej postavy n\u00e1pisy. Vo viacer\u00fdch hroboch a na bronzov\u00fdch zrkadl\u00e1ch je meno <em>van\u03b8<\/em> nap\u00edsan\u00e9 etrusk\u00fdm p\u00edsmom priamo pri zobrazenej postave, \u010do d\u00e1va ikonografickej identifik\u00e1cii pevn\u00fd z\u00e1klad.<\/p><p>Tieto podpisy s\u00fa metodicky rozhoduj\u00face, preto\u017ee nepochybne ozna\u010duj\u00fa okr\u00eddlen\u00fa \u017eensk\u00fa postavu ako Vanth a neponech\u00e1vaj\u00fa to na modern\u00fa interpret\u00e1ciu.<\/p><p>N\u00e1padn\u00fdm javom je, \u017ee v niektor\u00fdch zobrazeniach sa objavuje viacero okr\u00eddlen\u00fdch \u017eien, ktor\u00e9 m\u00f4\u017eu by\u0165 v\u0161etky ozna\u010den\u00e9 ako Vanth alebo vystupuj\u00fa v skupin\u00e1ch.<\/p><p>To vo v\u00fdskume vyvolalo ot\u00e1zku, \u010di je Vanth individu\u00e1lnym menom jedinej bohyne, alebo sk\u00f4r ozna\u010den\u00edm celej triedy bytost\u00ed podsvetia, podobne ako gr\u00e9cke slovo pre Er\u00ednye ozna\u010duje skupinu.<\/p><p>Jednozna\u010dn\u00fa odpove\u010f materi\u00e1l neumo\u017e\u0148uje; v\u00fdskum, napr\u00edklad u Ingrid Krauskopfovej a v pr\u00edslu\u0161n\u00fdch pr\u00edspevkoch <em>Lexicon Iconographicum Mythologiae Classicae<\/em>, ponech\u00e1va otvoren\u00e9 obe mo\u017enosti.<\/p><p>K tomu prispieva aj to, \u017ee Vanth sa ob\u010das objavuje s pr\u00edvlastkami alebo v spojen\u00ed s in\u00fdmi ozna\u010deniami bytost\u00ed, \u010do nazna\u010duje diferencovan\u00fa predstavu o d\u00e9monoch podsvetia. Ke\u010f\u017ee etrusk\u00fd jazyk je rozl\u00fa\u0161ten\u00fd len \u010diasto\u010dne a v\u00e4\u010d\u0161ina n\u00e1pisov je kr\u00e1tka, mnoh\u00e9 z t\u00fdchto svedectiev zost\u00e1vaj\u00fa \u0165a\u017eko vysvetlite\u013en\u00e9. Vedecky je situ\u00e1cia dvojn\u00e1sobne obmedzen\u00e1: obrazov\u00fd materi\u00e1l je bohat\u00fd, ale nem\u00fd, a texty s\u00fa stru\u010dn\u00e9 a jazykovo \u010dasto nie plne pochopite\u013en\u00e9. Ka\u017ed\u00e9 tvrdenie o povahe Vanth je rekon\u0161trukciou z t\u00fdchto dvoch ne\u00fapln\u00fdch l\u00edni\u00ed trad\u00edcie.\t\t\t\t\t\t\t\t<\/div>\n\t\t\t\t\t<\/div>\n\t\t\t\t<\/div>\n\t\t\t\t\t<\/div>\n\t\t\t\t<\/div>\n\t\t<div class=\"elementor-element elementor-element-cp2548b519 e-flex e-con-boxed e-con e-parent\" data-id=\"cp2548b519\" data-element_type=\"container\" data-e-type=\"container\">\n\t\t\t\t\t<div class=\"e-con-inner\">\n\t\t\t\t<div class=\"elementor-element elementor-element-cp29750e1e elementor-widget elementor-widget-heading\" data-id=\"cp29750e1e\" data-element_type=\"widget\" data-e-type=\"widget\" data-widget_type=\"heading.default\">\n\t\t\t\t\t<h2 class=\"elementor-heading-title elementor-size-default\">Vanth a etrusk\u00e1 predstava o sprev\u00e1dzanom prechode<\/h2>\t\t\t\t<\/div>\n\t\t<div class=\"elementor-element elementor-element-cp22032c6f e-flex e-con-boxed e-con e-child\" data-id=\"cp22032c6f\" data-element_type=\"container\" data-e-type=\"container\">\n\t\t\t\t\t<div class=\"e-con-inner\">\n\t\t\t\t<div class=\"elementor-element elementor-element-cp222c0f93 elementor-widget elementor-widget-text-editor\" data-id=\"cp222c0f93\" data-element_type=\"widget\" data-e-type=\"widget\" data-widget_type=\"text-editor.default\">\n\t\t\t\t\t\t\t\t\t<p>Frekvencia, s akou sa Vanth objavuje v hrobovom umen\u00ed, umo\u017e\u0148uje vyvodi\u0165 z\u00e1very o etruskom ch\u00e1pan\u00ed smrti ako sprev\u00e1dzan\u00e9ho prechodu.<\/p><p>Na rozdiel od gr\u00e9ckej predstavy, v ktorej du\u0161a podnik\u00e1 cestu do podsvetia v\u00e4\u010d\u0161inou sama, sa zd\u00e1, \u017ee Etruskovia ch\u00e1pali umieranie ako proces, po\u010das ktor\u00e9ho je zosnul\u00fd prijat\u00fd a veden\u00fd bytos\u0165ami, akou je Vanth. Jej fak\u013ea je obrazov\u00fdm znakom tejto sprievodnej funkcie.<\/p><p>V mnoh\u00fdch vyobrazeniach Vanth kr\u00e1\u010da pred zosnul\u00fdm alebo ho nasleduje, \u010dasto pe\u0161o pri voze alebo koni, ktor\u00fdm sa zosnul\u00fd pres\u00fava do podsvetia.<\/p><p>Sc\u00e9ny s mot\u00edvmi dver\u00ed a k\u013e\u00fa\u010dov nazna\u010duj\u00fa, \u017ee otv\u00e1ra br\u00e1nu podsvetia. T\u00fdm patr\u00ed do malej skupiny etrusk\u00fdch posmrtn\u00fdch bytost\u00ed, ktor\u00e9 prechod nedozeraj\u00fa ani netrestaj\u00fa, ale ho umo\u017e\u0148uj\u00fa a usporad\u00favaj\u00fa.<\/p><p>Tento v\u00fdklad podporuje aj umiestnenie v\u00fdjavov: Vanth sa objavuje na sten\u00e1ch, z\u00e1rubniach dver\u00ed a sarkof\u00e1goch, teda na prahoch samotn\u00e9ho hrobu, ktor\u00fd bol pod\u013ea etruskej predstavy z\u00e1rove\u0148 domom mrtv\u00e9ho a vstupom do podsvetia. Z vedeck\u00e9ho h\u013eadiska je Vanth teda sk\u00f4r prahovou ne\u017e trestaj\u00facou postavou. Star\u0161ie b\u00e1danie ju ob\u010das pr\u00edli\u0161 r\u00fdchlo stoto\u017e\u0148ovalo s trestaj\u00facimi Er\u00edniami alebo s anjelmi smrti; nov\u0161ie pr\u00e1ce, napr\u00edklad od Nancy de Grummond v diele <em>Etruscan Myth, Sacred History, and Legend<\/em> (2006), naopak zd\u00f4raz\u0148uj\u00fa jej pokojn\u00fd, sprievodn\u00fd charakter a varuj\u00fa pred nekritick\u00fdm pren\u00e1\u0161an\u00edm gr\u00e9ckych \u010di modern\u00fdch konceptov na etrusk\u00fd posmrtn\u00fd svet.\t\t\t\t\t\t\t\t<\/div>\n\t\t\t\t\t<\/div>\n\t\t\t\t<\/div>\n\t\t\t\t\t<\/div>\n\t\t\t\t<\/div>\n\t\t<div class=\"elementor-element elementor-element-iwgw-vanth-lit e-flex e-con-boxed e-con e-parent\" data-id=\"iwgw-vanth-lit\" data-element_type=\"container\" data-e-type=\"container\">\n\t\t\t\t\t<div class=\"e-con-inner\">\n\t\t\t\t<div class=\"elementor-element elementor-element-iwgw-vanth-lith elementor-widget elementor-widget-heading\" data-id=\"iwgw-vanth-lith\" data-element_type=\"widget\" data-e-type=\"widget\" data-widget_type=\"heading.default\">\n\t\t\t\t\t<h2 class=\"elementor-heading-title elementor-size-default\">Literat\u00fara (v\u00fdber)<\/h2>\t\t\t\t<\/div>\n\t\t<div class=\"elementor-element elementor-element-iwgw-vanth-litc e-con-full e-flex e-con e-child\" data-id=\"iwgw-vanth-litc\" data-element_type=\"container\" data-e-type=\"container\">\n\t\t\t\t<div class=\"elementor-element elementor-element-iwgw-vanth-litt elementor-widget elementor-widget-text-editor\" data-id=\"iwgw-vanth-litt\" data-element_type=\"widget\" data-e-type=\"widget\" data-widget_type=\"text-editor.default\">\n\t\t\t\t\t\t\t\t\t<ul><li>Larissa Bonfante: <em>Etruscan Mythology<\/em> (2006)<\/li><li>Stephan Steingr\u00e4ber: <em>Etruscan Painting<\/em> (1986)<\/li><li>Jean-Rene Jannot: <em>Religion in Ancient Etruria<\/em> (2005)<\/li><li>Erika Simon: <em>Die G\u00f6tter der R\u00f6mer und Etrusker<\/em><\/li><li>Cornelia Weber-Lehmann: Pr\u00edspevky k etrusk\u00e9mu sepulkr\u00e1lnemu umeniu<\/li><li><span data-nosnippet>Helmut Rix: <em>Etruscan Texts: Editio Minor<\/em> (1991)<\/span><\/li><\/ul>\t\t\t\t\t\t\t\t<\/div>\n\t\t\t\t<\/div>\n\t\t\t\t\t<\/div>\n\t\t\t\t<\/div>\n\t\t<div class=\"elementor-element elementor-element-iwgkw2-add-vanth e-flex e-con-boxed e-con e-parent\" data-id=\"iwgkw2-add-vanth\" data-element_type=\"container\" data-e-type=\"container\">\n\t\t\t\t\t<div class=\"e-con-inner\">\n\t\t\t\t<div class=\"elementor-element elementor-element-iwgkw2-add-vanth-t elementor-widget elementor-widget-text-editor\" data-id=\"iwgkw2-add-vanth-t\" data-element_type=\"widget\" data-e-type=\"widget\" data-widget_type=\"text-editor.default\">\n\t\t\t\t\t\t\t\t\t<p>Etrusk\u00fd <em><span class=\"iwg-fachbegriff\" data-tooltip=\"Tradovan\u00fd pr\u00edbeh o bohoch, p\u00f4vode a poriadku svet\u0430.\" tabindex=\"0\">m\u00fdtus<\/span><\/em> zobrazuje Vanth ako okr\u00eddlen\u00fa spolo\u010dn\u00ed\u010dku mrtvych, ktor\u00e1 s fak\u013eou a zvitkom potvrdzuje osud; jej vyobrazenia sa nach\u00e1dzaj\u00fa na sarkof\u00e1goch a hrobov\u00fdch ma\u013eb\u00e1ch zo \u0161tvrt\u00e9ho storo\u010dia pred Kristom.<\/p>\t\t\t\t\t\t\t\t<\/div>\n\t\t\t\t\t<\/div>\n\t\t\t\t<\/div>\n\t\t<div class=\"elementor-element elementor-element-iwgw-vanth-kwd e-flex e-con-boxed e-con e-parent\" data-id=\"iwgw-vanth-kwd\" data-element_type=\"container\" data-e-type=\"container\">\n\t\t\t\t\t<div class=\"e-con-inner\">\n\t\t<div class=\"elementor-element elementor-element-iwgw-vanth-kwdc e-con-full e-flex e-con e-child\" data-id=\"iwgw-vanth-kwdc\" data-element_type=\"container\" data-e-type=\"container\">\n\t\t\t\t<div class=\"elementor-element elementor-element-iwgw-vanth-kwdt elementor-widget elementor-widget-text-editor\" data-id=\"iwgw-vanth-kwdt\" data-element_type=\"widget\" data-e-type=\"widget\" data-widget_type=\"text-editor.default\">\n\t\t\t\t\t\t\t\t\t<p><em>S\u00favisiace k\u013e\u00fa\u010dov\u00e9 pojmy: Vanth Etruskovia d\u00e9monka smrti kr\u00eddla fak\u013ea k\u013e\u00fa\u010d Charun Tomba dei Vipinana.<\/em><\/p>\t\t\t\t\t\t\t\t<\/div>\n\t\t\t\t<\/div>\n\t\t\t\t\t<\/div>\n\t\t\t\t<\/div>\n\t\t<div class=\"elementor-element elementor-element-iwgw-vanth-cc e-flex e-con-boxed e-con e-parent\" data-id=\"iwgw-vanth-cc\" data-element_type=\"container\" data-e-type=\"container\" id=\"iwg-cc-vanth\">\n\t\t\t\t\t<div class=\"e-con-inner\">\n\t\t<div class=\"elementor-element elementor-element-iwgw-vanth-ccinner e-flex e-con-boxed e-con e-parent\" data-id=\"iwgw-vanth-ccinner\" data-element_type=\"container\" data-e-type=\"container\" data-settings=\"{&quot;background_background&quot;:&quot;classic&quot;}\">\n\t\t\t\t\t<div class=\"e-con-inner\">\n\t\t\t\t<div class=\"elementor-element elementor-element-iwgw-vanth-cch elementor-widget elementor-widget-heading\" data-id=\"iwgw-vanth-cch\" data-element_type=\"widget\" data-e-type=\"widget\" data-widget_type=\"heading.default\">\n\t\t\t\t\t<h2 class=\"elementor-heading-title elementor-size-default\">iWell Guard a ochrann\u00e9 trad\u00edcie<\/h2>\t\t\t\t<\/div>\n\t\t\t\t<div class=\"elementor-element elementor-element-iwgw-vanth-cct elementor-widget elementor-widget-text-editor\" data-id=\"iwgw-vanth-cct\" data-element_type=\"widget\" data-e-type=\"widget\" data-widget_type=\"text-editor.default\">\n\t\t\t\t\t\t\t\t\t<div data-nosnippet=\"true\"><p>iWell Guard nadv\u00e4zuje na kult\u00farno-historick\u00fa trad\u00edciu prenosn\u00fdch ochrann\u00fdch predmetov, v trad\u00edcii <a href=\"https:\/\/iwell-guard.com\/sk\/etruske-nabozenstvo-haruspex-disciplina\/\">Etruskov<\/a> a mnoh\u00fdch \u010fal\u0161\u00edch kult\u00far po celom svete. 41 vrstiev, r\u00fddze zlato, platina, striebro, vyroben\u00e9 v Nemecku. 30-d\u0148ov\u00e1 lehota na vr\u00e1tenie tovaru.<\/p><\/div>\t\t\t\t\t\t\t\t<\/div>\n\t\t\t\t<div class=\"elementor-element elementor-element-iwgw-vanth-ccb iwg-cc-button iwg-cc-cta-2026-05-13 elementor-widget elementor-widget-jet-button\" data-id=\"iwgw-vanth-ccb\" data-element_type=\"widget\" data-e-type=\"widget\" data-widget_type=\"jet-button.default\">\n\t\t\t\t<div class=\"elementor-widget-container\">\n\t\t\t\t\t<div class=\"elementor-jet-button jet-elements\"><div class=\"jet-button__container\"><a class=\"jet-button__instance jet-button__instance--icon-left hover-effect-1\" href=\"\/ueber-iwell-guard\/?utm_source=iwell-guard.com&amp;utm_medium=info-box&amp;utm_campaign=wesen-tradition\"><div class=\"jet-button__plane jet-button__plane-normal\"><\/div><div class=\"jet-button__plane jet-button__plane-hover\"><\/div><div class=\"jet-button__state jet-button__state-normal\"><span class=\"jet-button__label\">Viac o iWell Guard<\/span><\/div><div class=\"jet-button__state jet-button__state-hover\"><span class=\"jet-button__label\">Viac o iWell Guard<\/span><\/div><\/a><\/div><\/div><style>.elementor-element.elementor-element-iwgw-vanth-ccb .jet-button__instance{width:320px;height:56px;}.elementor-element.elementor-element-iwgw-vanth-ccb .jet-button__state-normal .jet-button__label{text-align:center;margin:0px 0px 0px 0px;color:#1a1b20;font-family:Montserrat,sans-serif;font-size:13px;font-weight:400;letter-spacing:4px;line-height:1.714em;text-transform:uppercase;}.elementor-element.elementor-element-iwgw-vanth-ccb .jet-button__state-hover .jet-button__label{text-align:center;margin:0px 0px 0px 0px;color:#FECC76;font-family:Montserrat,sans-serif;font-size:13px;font-weight:400;letter-spacing:4px;line-height:1.714em;text-transform:uppercase;}.elementor-element.elementor-element-iwgw-vanth-ccb .jet-button__plane-normal{background-color:#FECC76;border-style:solid;border-color:#C99540;border-width:2px 2px 2px 2px;}.elementor-element.elementor-element-iwgw-vanth-ccb .jet-button__plane-hover{background-color:rgba(0,0,0,0.55);border-style:solid;border-color:#FECC76;border-width:2px 2px 2px 2px;}<\/style>\t\t\t\t<\/div>\n\t\t\t\t<\/div>\n\t\t\t\t<div class=\"elementor-element elementor-element-iwgw-vanth-ccd elementor-widget elementor-widget-text-editor\" data-id=\"iwgw-vanth-ccd\" data-element_type=\"widget\" data-e-type=\"widget\" data-widget_type=\"text-editor.default\">\n\t\t\t\t\t\t\t\t\t<div data-nosnippet=\"true\"><p style=\"text-align:center;font-size:13px;opacity:0.7;margin-top:14px\" data-nosnippet=\"true\">Osobn\u00e9 sk\u00fasenosti sa m\u00f4\u017eu l\u00ed\u0161i\u0165. Nie je to zdravotn\u00edcka pom\u00f4cka. \u017diadny pr\u00eds\u013eub lie\u010denia.<\/p><\/div>\t\t\t\t\t\t\t\t<\/div>\n\t\t\t\t\t<\/div>\n\t\t\t\t<\/div>\n\t\t\t\t\t<\/div>\n\t\t\t\t<\/div>\n\t\t<div class=\"elementor-element elementor-element-iwgw-vanth-disc e-flex e-con-boxed e-con e-parent\" data-id=\"iwgw-vanth-disc\" data-element_type=\"container\" data-e-type=\"container\">\n\t\t\t\t\t<div class=\"e-con-inner\">\n\t\t\t\t<div class=\"elementor-element elementor-element-iwgw-vanth-discw elementor-widget elementor-widget-html\" data-id=\"iwgw-vanth-discw\" data-element_type=\"widget\" data-e-type=\"widget\" data-widget_type=\"html.default\">\n\t\t\t\t\t<footer data-nosnippet=\"true\" class=\"iwg-disclaimer-block\"><p data-nosnippet=\"true\">iWell Guard <strong>nie je zdravotn\u00edcka pom\u00f4cka<\/strong> a nenahr\u00e1dza lek\u00e1rske ani psychoterapeutick\u00e9 o\u0161etrenie. Religionistick\u00fd obsah predstavuje kult\u00farno-historick\u00e9 zaradenie, nie odpor\u00fa\u010danie duchovnej praxe.<\/p><\/footer>\t\t\t\t<\/div>\n\t\t\t\t\t<\/div>\n\t\t\t\t<\/div>\n\t\t\t\t<\/div>\n\t\t","protected":false},"excerpt":{"rendered":"","protected":false},"author":3,"featured_media":2814,"parent":0,"menu_order":0,"comment_status":"closed","ping_status":"closed","template":"elementor_header_footer","meta":{"_yoast_wpseo_focuskw":"Vanth Etruskovia","_yoast_wpseo_title":"Vanth - Etrusk\u00e1 d\u00e9monka, m\u00fdtus a kult","_yoast_wpseo_metadesc":"Vanth je etrusk\u00e1 okr\u00eddlen\u00e1 d\u00e9monka podsvetia, spolo\u010dn\u00ed\u010dka mrtvych. Religionistick\u00e9 zaradenie s m\u00fdtom a prame\u0148mi.","_yoast_wpseo_meta-robots-noindex":"","_yoast_wpseo_canonical":"","_angie_page":false,"gefaehrdungsstufe":"2","wesen_kultur":"etruskisch","wesen_klasse":"geister","footnotes":""},"categories":[],"class_list":["post-157947","page","type-page","status-publish","has-post-thumbnail","hentry"],"yoast_head":"<!-- This site is optimized with the Yoast SEO Premium plugin v27.7 (Yoast SEO v28.3) - https:\/\/yoast.com\/product\/yoast-seo-premium-wordpress\/ -->\n<title>Vanth - Etrusk\u00e1 d\u00e9monka, m\u00fdtus a kult<\/title>\n<meta name=\"description\" content=\"Vanth je etrusk\u00e1 okr\u00eddlen\u00e1 d\u00e9monka podsvetia, spolo\u010dn\u00ed\u010dka mrtvych. Religionistick\u00e9 zaradenie s m\u00fdtom a prame\u0148mi.\" \/>\n<meta name=\"robots\" content=\"index, follow, max-snippet:-1, max-image-preview:large, max-video-preview:-1\" \/>\n<link rel=\"canonical\" href=\"https:\/\/iwell-guard.com\/sk\/vanth-etruska-demonka-podsvetia\/\" \/>\n<meta property=\"og:locale\" content=\"sk_SK\" \/>\n<meta property=\"og:type\" content=\"article\" \/>\n<meta property=\"og:title\" content=\"Vanth - Etrusk\u00e1 d\u00e9monka podsvetia\" \/>\n<meta property=\"og:description\" content=\"Vanth je etrusk\u00e1 okr\u00eddlen\u00e1 d\u00e9monka podsvetia, spolo\u010dn\u00ed\u010dka mrtvych. Religionistick\u00e9 zaradenie s m\u00fdtom a prame\u0148mi.\" \/>\n<meta property=\"og:url\" content=\"https:\/\/iwell-guard.com\/sk\/vanth-etruska-demonka-podsvetia\/\" \/>\n<meta property=\"og:site_name\" content=\"iWell Guard\" \/>\n<meta property=\"article:modified_time\" content=\"2026-09-04T22:46:43+00:00\" \/>\n<meta property=\"og:image\" content=\"https:\/\/iwell-guard.com\/wp-content\/uploads\/2026\/05\/daemonen_etruskisch_vanth.webp\" \/>\n\t<meta property=\"og:image:width\" content=\"1024\" \/>\n\t<meta property=\"og:image:height\" content=\"1536\" \/>\n\t<meta property=\"og:image:type\" content=\"image\/webp\" \/>\n<meta name=\"twitter:card\" content=\"summary_large_image\" \/>\n<script type=\"application\/ld+json\" class=\"yoast-schema-graph\">{\"@context\":\"https:\\\/\\\/schema.org\",\"@graph\":[{\"@type\":\"WebPage\",\"@id\":\"https:\\\/\\\/iwell-guard.com\\\/sk\\\/vanth-etruska-demonka-podsvetia\\\/\",\"url\":\"https:\\\/\\\/iwell-guard.com\\\/sk\\\/vanth-etruska-demonka-podsvetia\\\/\",\"name\":\"Vanth - Etrusk\u00e1 d\u00e9monka, m\u00fdtus a kult\",\"isPartOf\":{\"@id\":\"https:\\\/\\\/iwell-guard.com\\\/sk\\\/#website\"},\"primaryImageOfPage\":{\"@id\":\"https:\\\/\\\/iwell-guard.com\\\/sk\\\/vanth-etruska-demonka-podsvetia\\\/#primaryimage\"},\"image\":{\"@id\":\"https:\\\/\\\/iwell-guard.com\\\/sk\\\/vanth-etruska-demonka-podsvetia\\\/#primaryimage\"},\"thumbnailUrl\":\"https:\\\/\\\/iwell-guard.com\\\/wp-content\\\/uploads\\\/2026\\\/05\\\/daemonen_etruskisch_vanth.webp\",\"datePublished\":\"2026-09-04T22:19:47+00:00\",\"dateModified\":\"2026-09-04T22:46:43+00:00\",\"description\":\"Vanth je etrusk\u00e1 okr\u00eddlen\u00e1 d\u00e9monka podsvetia, spolo\u010dn\u00ed\u010dka mrtvych. Religionistick\u00e9 zaradenie s m\u00fdtom a prame\u0148mi.\",\"breadcrumb\":{\"@id\":\"https:\\\/\\\/iwell-guard.com\\\/sk\\\/vanth-etruska-demonka-podsvetia\\\/#breadcrumb\"},\"inLanguage\":\"sk-SK\",\"potentialAction\":[{\"@type\":\"ReadAction\",\"target\":[\"https:\\\/\\\/iwell-guard.com\\\/sk\\\/vanth-etruska-demonka-podsvetia\\\/\"]}]},{\"@type\":\"ImageObject\",\"inLanguage\":\"sk-SK\",\"@id\":\"https:\\\/\\\/iwell-guard.com\\\/sk\\\/vanth-etruska-demonka-podsvetia\\\/#primaryimage\",\"url\":\"https:\\\/\\\/iwell-guard.com\\\/wp-content\\\/uploads\\\/2026\\\/05\\\/daemonen_etruskisch_vanth.webp\",\"contentUrl\":\"https:\\\/\\\/iwell-guard.com\\\/wp-content\\\/uploads\\\/2026\\\/05\\\/daemonen_etruskisch_vanth.webp\",\"width\":1024,\"height\":1536,\"caption\":\"D\u00e9moni z etruskej trad\u00edcie.\"},{\"@type\":\"BreadcrumbList\",\"@id\":\"https:\\\/\\\/iwell-guard.com\\\/sk\\\/vanth-etruska-demonka-podsvetia\\\/#breadcrumb\",\"itemListElement\":[{\"@type\":\"ListItem\",\"position\":1,\"name\":\"Start\",\"item\":\"https:\\\/\\\/iwell-guard.com\\\/sk\\\/?page_id=157572\"},{\"@type\":\"ListItem\",\"position\":2,\"name\":\"Vanth &#8211; Etrusk\u00e1 d\u00e9monka podsvetia\"}]},{\"@type\":\"WebSite\",\"@id\":\"https:\\\/\\\/iwell-guard.com\\\/sk\\\/#website\",\"url\":\"https:\\\/\\\/iwell-guard.com\\\/sk\\\/\",\"name\":\"iWell Guard\",\"description\":\"Schutz vor dunklen Einfl\u00fcssen\",\"publisher\":{\"@id\":\"https:\\\/\\\/iwell-guard.com\\\/sk\\\/#organization\"},\"potentialAction\":[{\"@type\":\"SearchAction\",\"target\":{\"@type\":\"EntryPoint\",\"urlTemplate\":\"https:\\\/\\\/iwell-guard.com\\\/sk\\\/?s={search_term_string}\"},\"query-input\":{\"@type\":\"PropertyValueSpecification\",\"valueRequired\":true,\"valueName\":\"search_term_string\"}}],\"inLanguage\":\"sk-SK\"},{\"@type\":\"Organization\",\"@id\":\"https:\\\/\\\/iwell-guard.com\\\/sk\\\/#organization\",\"name\":\"Ittermann electronic GmbH\",\"url\":\"https:\\\/\\\/iwell-guard.com\\\/sk\\\/\",\"logo\":{\"@type\":\"ImageObject\",\"inLanguage\":\"sk-SK\",\"@id\":\"https:\\\/\\\/iwell-guard.com\\\/sk\\\/#\\\/schema\\\/logo\\\/image\\\/\",\"url\":\"https:\\\/\\\/iwell-guard.com\\\/wp-content\\\/uploads\\\/2026\\\/05\\\/Ittermann-Logo-1182x237-1.png\",\"contentUrl\":\"https:\\\/\\\/iwell-guard.com\\\/wp-content\\\/uploads\\\/2026\\\/05\\\/Ittermann-Logo-1182x237-1.png\",\"width\":1182,\"height\":237,\"caption\":\"Ittermann electronic GmbH\"},\"image\":{\"@id\":\"https:\\\/\\\/iwell-guard.com\\\/sk\\\/#\\\/schema\\\/logo\\\/image\\\/\"},\"sameAs\":[\"https:\\\/\\\/pantip.com\\\/profile\\\/9367242\",\"https:\\\/\\\/micro.blog\\\/iwellguard\",\"https:\\\/\\\/www.diggerslist.com\\\/iwellguard\\\/about\",\"https:\\\/\\\/skitterphoto.com\\\/photographers\\\/2870314\\\/iwell-guard\",\"https:\\\/\\\/iwellguard.wordpress.com\\\/2026\\\/06\\\/06\\\/iwell-guard\\\/\",\"https:\\\/\\\/hub.docker.com\\\/u\\\/iwellguard\",\"https:\\\/\\\/www.pinterest.com\\\/iwellguard\\\/\",\"https:\\\/\\\/bit.ly\\\/m\\\/iwellguard\",\"https:\\\/\\\/entre-vos-mains.alsace.eu\\\/profiles\\\/iwellguard\\\/activity\",\"https:\\\/\\\/gravatar.com\\\/reallybeded8fd34\",\"https:\\\/\\\/naijamatta.com\\\/iwellguard\",\"https:\\\/\\\/www.goodreads.com\\\/iwellguard\",\"https:\\\/\\\/profile.hatena.ne.jp\\\/iwellguard\\\/\",\"https:\\\/\\\/experiment.com\\\/users\\\/iwellguard\",\"https:\\\/\\\/wakelet.com\\\/@iWellGuard82270\",\"https:\\\/\\\/www.chordie.com\\\/forum\\\/profile.php?id=2555664\",\"https:\\\/\\\/www.instapaper.com\\\/p\\\/17757966\",\"https:\\\/\\\/www.mapleprimes.com\\\/users\\\/iwellguard\",\"https:\\\/\\\/businesslistingplus.com\\\/profile\\\/iwell-guard\\\/\",\"https:\\\/\\\/telegra.ph\\\/iWell-Guard-06-06\",\"https:\\\/\\\/pbase.com\\\/iwellguard\\\/iwellguard\",\"https:\\\/\\\/b.hatena.ne.jp\\\/iwellguard\\\/20260607#bookmark-4788405196491818882\",\"https:\\\/\\\/fliphtml5.com\\\/home\\\/iwellguard\",\"https:\\\/\\\/anyflip.com\\\/homepage\\\/cmiwl#About\",\"https:\\\/\\\/transfur.com\\\/Users\\\/iwellguard\",\"http:\\\/\\\/delphi.larsbo.org\\\/user\\\/iwellguard\",\"https:\\\/\\\/jobs.lajobsportal.org\\\/profiles\\\/8380803-iwell-guard\",\"https:\\\/\\\/md.chaosdorf.de\\\/s\\\/jfbe5SBdJD\",\"https:\\\/\\\/www.lingvolive.com\\\/en-us\\\/profile\\\/9ecaeaca-ce11-4e51-9e71-01d55e2bff36\\\/translations\",\"https:\\\/\\\/www.fitday.com\\\/fitness\\\/forums\\\/members\\\/iwellguard.html\",\"https:\\\/\\\/www.mymeetbook.com\\\/iwellguard\",\"https:\\\/\\\/pxhere.com\\\/en\\\/photographer-me\\\/5040798\",\"https:\\\/\\\/disqus.com\\\/by\\\/iwellguard\\\/about\\\/\",\"https:\\\/\\\/pastelink.net\\\/hjwciqwq\",\"https:\\\/\\\/pubhtml5.com\\\/homepage\\\/scjhn\\\/\",\"https:\\\/\\\/www.bitchute.com\\\/channel\\\/2O2eOKzNqujT\",\"https:\\\/\\\/audiomack.com\\\/iwellguard\"]},{\"@type\":\"Article\",\"@id\":\"https:\\\/\\\/iwell-guard.com\\\/sk\\\/vanth-etruska-demonka-podsvetia\\\/#article\",\"isPartOf\":{\"@id\":\"https:\\\/\\\/iwell-guard.com\\\/sk\\\/vanth-etruska-demonka-podsvetia\\\/\"},\"author\":{\"name\":\"Ralf Ittermann\",\"@id\":\"https:\\\/\\\/iwell-guard.com\\\/sk\\\/#\\\/schema\\\/person\\\/ee2a27f1cac3406c7c6fb5820cb7349f\"},\"headline\":\"Vanth &#8211; Etrusk\u00e1 d\u00e9monka podsvetia\",\"datePublished\":\"2026-09-04T22:19:47+00:00\",\"dateModified\":\"2026-09-04T22:46:43+00:00\",\"mainEntityOfPage\":{\"@id\":\"https:\\\/\\\/iwell-guard.com\\\/sk\\\/vanth-etruska-demonka-podsvetia\\\/\"},\"publisher\":{\"@id\":\"https:\\\/\\\/iwell-guard.com\\\/sk\\\/#organization\"},\"image\":{\"@id\":\"https:\\\/\\\/iwell-guard.com\\\/sk\\\/vanth-etruska-demonka-podsvetia\\\/#primaryimage\"},\"thumbnailUrl\":\"https:\\\/\\\/iwell-guard.com\\\/wp-content\\\/uploads\\\/2026\\\/05\\\/daemonen_etruskisch_vanth.webp\",\"inLanguage\":\"sk-SK\",\"description\":\"Vanth je etrusk\u00e1 okr\u00eddlen\u00e1 d\u00e9monka podsvetia, spolo\u010dn\u00ed\u010dka mrtvych. Religionistick\u00e9 zaradenie s m\u00fdtom a prame\u0148mi.\"}]}<\/script>\n<!-- \/ Yoast SEO Premium plugin. -->","yoast_head_json":{"title":"Vanth - Etrusk\u00e1 d\u00e9monka, m\u00fdtus a kult","description":"Vanth je etrusk\u00e1 okr\u00eddlen\u00e1 d\u00e9monka podsvetia, spolo\u010dn\u00ed\u010dka mrtvych. Religionistick\u00e9 zaradenie s m\u00fdtom a prame\u0148mi.","robots":{"index":"index","follow":"follow","max-snippet":"max-snippet:-1","max-image-preview":"max-image-preview:large","max-video-preview":"max-video-preview:-1"},"canonical":"https:\/\/iwell-guard.com\/sk\/vanth-etruska-demonka-podsvetia\/","og_locale":"sk_SK","og_type":"article","og_title":"Vanth - Etrusk\u00e1 d\u00e9monka podsvetia","og_description":"Vanth je etrusk\u00e1 okr\u00eddlen\u00e1 d\u00e9monka podsvetia, spolo\u010dn\u00ed\u010dka mrtvych. Religionistick\u00e9 zaradenie s m\u00fdtom a prame\u0148mi.","og_url":"https:\/\/iwell-guard.com\/sk\/vanth-etruska-demonka-podsvetia\/","og_site_name":"iWell Guard","article_modified_time":"2026-09-04T22:46:43+00:00","og_image":[{"width":1024,"height":1536,"url":"https:\/\/iwell-guard.com\/wp-content\/uploads\/2026\/05\/daemonen_etruskisch_vanth.webp","type":"image\/webp"}],"twitter_card":"summary_large_image","schema":{"@context":"https:\/\/schema.org","@graph":[{"@type":"Article","@id":"https:\/\/iwell-guard.com\/sk\/vanth-etruska-demonka-podsvetia\/#article","isPartOf":{"@id":"https:\/\/iwell-guard.com\/sk\/vanth-etruska-demonka-podsvetia\/"},"author":{"name":"Ralf Ittermann","@id":"https:\/\/iwell-guard.com\/sk\/#\/schema\/person\/ee2a27f1cac3406c7c6fb5820cb7349f"},"headline":"Vanth &#8211; Etrusk\u00e1 d\u00e9monka podsvetia","datePublished":"2026-09-04T22:19:47+00:00","dateModified":"2026-09-04T22:46:43+00:00","mainEntityOfPage":{"@id":"https:\/\/iwell-guard.com\/sk\/vanth-etruska-demonka-podsvetia\/"},"publisher":{"@id":"https:\/\/iwell-guard.com\/sk\/#organization"},"image":{"@id":"https:\/\/iwell-guard.com\/sk\/vanth-etruska-demonka-podsvetia\/#primaryimage"},"thumbnailUrl":"https:\/\/iwell-guard.com\/wp-content\/uploads\/2026\/05\/daemonen_etruskisch_vanth.webp","inLanguage":"sk-SK","description":"Vanth je etrusk\u00e1 okr\u00eddlen\u00e1 d\u00e9monka podsvetia, spolo\u010dn\u00ed\u010dka mrtvych. Religionistick\u00e9 zaradenie s m\u00fdtom a prame\u0148mi."},{"@type":"WebPage","@id":"https:\/\/iwell-guard.com\/sk\/vanth-etruska-demonka-podsvetia\/","url":"https:\/\/iwell-guard.com\/sk\/vanth-etruska-demonka-podsvetia\/","name":"Vanth - Etrusk\u00e1 d\u00e9monka, m\u00fdtus a kult","isPartOf":{"@id":"https:\/\/iwell-guard.com\/sk\/#website"},"primaryImageOfPage":{"@id":"https:\/\/iwell-guard.com\/sk\/vanth-etruska-demonka-podsvetia\/#primaryimage"},"image":{"@id":"https:\/\/iwell-guard.com\/sk\/vanth-etruska-demonka-podsvetia\/#primaryimage"},"thumbnailUrl":"https:\/\/iwell-guard.com\/wp-content\/uploads\/2026\/05\/daemonen_etruskisch_vanth.webp","datePublished":"2026-09-04T22:19:47+00:00","dateModified":"2026-09-04T22:46:43+00:00","description":"Vanth je etrusk\u00e1 okr\u00eddlen\u00e1 d\u00e9monka podsvetia, spolo\u010dn\u00ed\u010dka mrtvych. Religionistick\u00e9 zaradenie s m\u00fdtom a prame\u0148mi.","breadcrumb":{"@id":"https:\/\/iwell-guard.com\/sk\/vanth-etruska-demonka-podsvetia\/#breadcrumb"},"inLanguage":"sk-SK","potentialAction":[{"@type":"ReadAction","target":["https:\/\/iwell-guard.com\/sk\/vanth-etruska-demonka-podsvetia\/"]}]},{"@type":"ImageObject","inLanguage":"sk-SK","@id":"https:\/\/iwell-guard.com\/sk\/vanth-etruska-demonka-podsvetia\/#primaryimage","url":"https:\/\/iwell-guard.com\/wp-content\/uploads\/2026\/05\/daemonen_etruskisch_vanth.webp","contentUrl":"https:\/\/iwell-guard.com\/wp-content\/uploads\/2026\/05\/daemonen_etruskisch_vanth.webp","width":1024,"height":1536,"caption":"D\u00e9moni z etruskej trad\u00edcie."},{"@type":"BreadcrumbList","@id":"https:\/\/iwell-guard.com\/sk\/vanth-etruska-demonka-podsvetia\/#breadcrumb","itemListElement":[{"@type":"ListItem","position":1,"name":"Start","item":"https:\/\/iwell-guard.com\/sk\/?page_id=157572"},{"@type":"ListItem","position":2,"name":"Vanth &#8211; Etrusk\u00e1 d\u00e9monka podsvetia"}]},{"@type":"WebSite","@id":"https:\/\/iwell-guard.com\/sk\/#website","url":"https:\/\/iwell-guard.com\/sk\/","name":"iWell Guard","description":"Schutz vor dunklen Einfl\u00fcssen","publisher":{"@id":"https:\/\/iwell-guard.com\/sk\/#organization"},"potentialAction":[{"@type":"SearchAction","target":{"@type":"EntryPoint","urlTemplate":"https:\/\/iwell-guard.com\/sk\/?s={search_term_string}"},"query-input":{"@type":"PropertyValueSpecification","valueRequired":true,"valueName":"search_term_string"}}],"inLanguage":"sk-SK"},{"@type":"Organization","@id":"https:\/\/iwell-guard.com\/sk\/#organization","name":"Ittermann electronic GmbH","url":"https:\/\/iwell-guard.com\/sk\/","logo":{"@type":"ImageObject","inLanguage":"sk-SK","@id":"https:\/\/iwell-guard.com\/sk\/#\/schema\/logo\/image\/","url":"https:\/\/iwell-guard.com\/wp-content\/uploads\/2026\/05\/Ittermann-Logo-1182x237-1.png","contentUrl":"https:\/\/iwell-guard.com\/wp-content\/uploads\/2026\/05\/Ittermann-Logo-1182x237-1.png","width":1182,"height":237,"caption":"Ittermann electronic GmbH"},"image":{"@id":"https:\/\/iwell-guard.com\/sk\/#\/schema\/logo\/image\/"},"sameAs":["https:\/\/pantip.com\/profile\/9367242","https:\/\/micro.blog\/iwellguard","https:\/\/www.diggerslist.com\/iwellguard\/about","https:\/\/skitterphoto.com\/photographers\/2870314\/iwell-guard","https:\/\/iwellguard.wordpress.com\/2026\/06\/06\/iwell-guard\/","https:\/\/hub.docker.com\/u\/iwellguard","https:\/\/www.pinterest.com\/iwellguard\/","https:\/\/bit.ly\/m\/iwellguard","https:\/\/entre-vos-mains.alsace.eu\/profiles\/iwellguard\/activity","https:\/\/gravatar.com\/reallybeded8fd34","https:\/\/naijamatta.com\/iwellguard","https:\/\/www.goodreads.com\/iwellguard","https:\/\/profile.hatena.ne.jp\/iwellguard\/","https:\/\/experiment.com\/users\/iwellguard","https:\/\/wakelet.com\/@iWellGuard82270","https:\/\/www.chordie.com\/forum\/profile.php?id=2555664","https:\/\/www.instapaper.com\/p\/17757966","https:\/\/www.mapleprimes.com\/users\/iwellguard","https:\/\/businesslistingplus.com\/profile\/iwell-guard\/","https:\/\/telegra.ph\/iWell-Guard-06-06","https:\/\/pbase.com\/iwellguard\/iwellguard","https:\/\/b.hatena.ne.jp\/iwellguard\/20260607#bookmark-4788405196491818882","https:\/\/fliphtml5.com\/home\/iwellguard","https:\/\/anyflip.com\/homepage\/cmiwl#About","https:\/\/transfur.com\/Users\/iwellguard","http:\/\/delphi.larsbo.org\/user\/iwellguard","https:\/\/jobs.lajobsportal.org\/profiles\/8380803-iwell-guard","https:\/\/md.chaosdorf.de\/s\/jfbe5SBdJD","https:\/\/www.lingvolive.com\/en-us\/profile\/9ecaeaca-ce11-4e51-9e71-01d55e2bff36\/translations","https:\/\/www.fitday.com\/fitness\/forums\/members\/iwellguard.html","https:\/\/www.mymeetbook.com\/iwellguard","https:\/\/pxhere.com\/en\/photographer-me\/5040798","https:\/\/disqus.com\/by\/iwellguard\/about\/","https:\/\/pastelink.net\/hjwciqwq","https:\/\/pubhtml5.com\/homepage\/scjhn\/","https:\/\/www.bitchute.com\/channel\/2O2eOKzNqujT","https:\/\/audiomack.com\/iwellguard"]},{"@type":"Person","@id":"https:\/\/iwell-guard.com\/sk\/#\/schema\/person\/ee2a27f1cac3406c7c6fb5820cb7349f","name":"Ralf Ittermann","image":{"@type":"ImageObject","inLanguage":"sk-SK","@id":"https:\/\/secure.gravatar.com\/avatar\/073c0153e350a5005b68eb752b445fea71f6b24a26da9449ad7e155e6b446c9d?s=96&d=mm&r=g","url":"https:\/\/secure.gravatar.com\/avatar\/073c0153e350a5005b68eb752b445fea71f6b24a26da9449ad7e155e6b446c9d?s=96&d=mm&r=g","contentUrl":"https:\/\/secure.gravatar.com\/avatar\/073c0153e350a5005b68eb752b445fea71f6b24a26da9449ad7e155e6b446c9d?s=96&d=mm&r=g","caption":"Ralf Ittermann"},"givenName":"Ralf","familyName":"Ittermann","jobTitle":"Gesch\u00e4ftsf\u00fchrer und redaktioneller Verantwortlicher","url":"https:\/\/iwell-guard.com\/sk\/author\/claude\/","description":"Ralf Ittermann ist Gesch\u00e4ftsf\u00fchrer der Ittermann electronic GmbH und redaktioneller Verantwortlicher des iWell-Guard-Lexikons. Er verbindet langj\u00e4hrige Erfahrung in der Pr\u00e4zisionsfertigung mit medialer Praxis und religionsgeschichtlicher Quellenarbeit.","worksFor":{"@type":"Organization","name":"Ittermann electronic GmbH","url":"https:\/\/ittermann.de\/","address":{"@type":"PostalAddress","streetAddress":"K\u00f6hlergasse 16-18","postalCode":"99842","addressLocality":"Ruhla","addressCountry":"DE"}},"knowsAbout":["Religionsgeschichte","Mythologie","Mediale Praxis","Energetische Diagnostik","Schutzpraxis","Volksglauben","Westliche Esoterik"]},{"@type":"Article","@id":"https:\/\/iwell-guard.com\/sk\/vanth-etruska-demonka-podsvetia\/#article","isPartOf":{"@id":"https:\/\/iwell-guard.com\/sk\/vanth-etruska-demonka-podsvetia\/"},"author":{"name":"Ralf Ittermann","@id":"https:\/\/iwell-guard.com\/sk\/#\/schema\/person\/ee2a27f1cac3406c7c6fb5820cb7349f"},"headline":"Vanth &#8211; Etrusk\u00e1 d\u00e9monka podsvetia","datePublished":"2026-09-04T22:19:47+00:00","dateModified":"2026-09-04T22:46:43+00:00","mainEntityOfPage":{"@id":"https:\/\/iwell-guard.com\/sk\/vanth-etruska-demonka-podsvetia\/"},"publisher":{"@id":"https:\/\/iwell-guard.com\/sk\/#organization"},"image":{"@id":"https:\/\/iwell-guard.com\/sk\/vanth-etruska-demonka-podsvetia\/#primaryimage"},"thumbnailUrl":"https:\/\/iwell-guard.com\/wp-content\/uploads\/2026\/05\/daemonen_etruskisch_vanth.webp","inLanguage":"sk-SK","description":"Vanth je etrusk\u00e1 okr\u00eddlen\u00e1 d\u00e9monka podsvetia, spolo\u010dn\u00ed\u010dka mrtvych. Religionistick\u00e9 zaradenie s m\u00fdtom a prame\u0148mi."}]}},"_links":{"self":[{"href":"https:\/\/iwell-guard.com\/sk\/wp-json\/wp\/v2\/pages\/157947","targetHints":{"allow":["GET"]}}],"collection":[{"href":"https:\/\/iwell-guard.com\/sk\/wp-json\/wp\/v2\/pages"}],"about":[{"href":"https:\/\/iwell-guard.com\/sk\/wp-json\/wp\/v2\/types\/page"}],"author":[{"embeddable":true,"href":"https:\/\/iwell-guard.com\/sk\/wp-json\/wp\/v2\/users\/3"}],"replies":[{"embeddable":true,"href":"https:\/\/iwell-guard.com\/sk\/wp-json\/wp\/v2\/comments?post=157947"}],"version-history":[{"count":0,"href":"https:\/\/iwell-guard.com\/sk\/wp-json\/wp\/v2\/pages\/157947\/revisions"}],"wp:featuredmedia":[{"embeddable":true,"href":"https:\/\/iwell-guard.com\/sk\/wp-json\/wp\/v2\/media\/2814"}],"wp:attachment":[{"href":"https:\/\/iwell-guard.com\/sk\/wp-json\/wp\/v2\/media?parent=157947"}],"wp:term":[{"taxonomy":"category","embeddable":true,"href":"https:\/\/iwell-guard.com\/sk\/wp-json\/wp\/v2\/categories?post=157947"}],"curies":[{"name":"wp","href":"https:\/\/api.w.org\/{rel}","templated":true}]}}