{"id":157914,"date":"2026-09-04T22:19:23","date_gmt":"2026-09-04T22:19:23","guid":{"rendered":"https:\/\/iwell-guard.com\/?page_id=157914"},"modified":"2026-09-04T22:45:42","modified_gmt":"2026-09-04T22:45:42","slug":"viracocha-stvoritelsky-boh-and","status":"publish","type":"page","link":"https:\/\/iwell-guard.com\/sk\/viracocha-stvoritelsky-boh-and\/","title":{"rendered":"Viracocha \u2013 stvorite\u013esk\u00fd boh \u00c1nd"},"content":{"rendered":"\t\t<div data-elementor-type=\"wp-page\" data-elementor-id=\"157914\" class=\"elementor elementor-157914 elementor-2576 elementor-bc-flex-widget\" data-elementor-post-type=\"page\">\n\t\t\t\t<div class=\"elementor-element elementor-element-iwgw-viracocha-hero e-flex e-con-boxed e-con e-parent\" data-id=\"iwgw-viracocha-hero\" data-element_type=\"container\" data-e-type=\"container\" data-settings=\"{&quot;background_background&quot;:&quot;classic&quot;}\">\n\t\t\t\t\t<div class=\"e-con-inner\">\n\t\t<div class=\"elementor-element elementor-element-iwgw-viracocha-hl e-flex e-con-boxed e-con e-child\" data-id=\"iwgw-viracocha-hl\" data-element_type=\"container\" data-e-type=\"container\">\n\t\t\t\t\t<div class=\"e-con-inner\">\n\t\t<div class=\"elementor-element elementor-element-iwgw-viracocha-htxt e-con-full e-flex e-con e-child\" data-id=\"iwgw-viracocha-htxt\" data-element_type=\"container\" data-e-type=\"container\">\n\t\t\t\t<div class=\"elementor-element elementor-element-iwgw-viracocha-h1 elementor-widget elementor-widget-heading\" data-id=\"iwgw-viracocha-h1\" data-element_type=\"widget\" data-e-type=\"widget\" data-widget_type=\"heading.default\">\n\t\t\t\t\t<h1 class=\"elementor-heading-title elementor-size-default\">Viracocha, stvorite\u013e a kozmick\u00fd usporiadate\u013e andsk\u00e9ho svet\u0430<\/h1>\t\t\t\t<\/div>\n\t\t\t\t<div class=\"elementor-element elementor-element-iwgw-viracocha-lead elementor-widget elementor-widget-text-editor\" data-id=\"iwgw-viracocha-lead\" data-element_type=\"widget\" data-e-type=\"widget\" data-widget_type=\"text-editor.default\">\n\t\t\t\t\t\t\t\t\t<p>Viracocha (v ke\u010du\u00e1n\u010dine: <em>Wiraqucha<\/em>) je v ran\u00fdch kronik\u00e1ch \u0161panielskeho Peru najvy\u0161\u0161\u00ed stvorite\u013esk\u00fd boh \u00c1nd, ktor\u00fd stvoril svet z jazera Titicaca a \u013eudstvo sformoval z kame\u0148a. V \u0161t\u00e1tnej <span class=\"iwg-fachbegriff\" data-tooltip=\"Vedeck\u00e1 n\u00e1uka o Bohu a viere danej religie.\" tabindex=\"0\">teol\u00f3gii<\/span> neskorej Inkskej r\u00ed\u0161e ust\u00fapil do \u00fazadia za <a href=\"https:\/\/iwell-guard.com\/sk\/?page_id=157911\">Intiho<\/a>, zostal v\u0161ak v\u00fdrazn\u00fd ako kozmologick\u00fd princ\u00edp.<\/p>\t\t\t\t\t\t\t\t<\/div>\n\t\t\t\t<\/div>\n\t\t<div class=\"elementor-element elementor-element-iwgw-viracocha-pillc e-con-full e-flex e-con e-child\" data-id=\"iwgw-viracocha-pillc\" data-element_type=\"container\" data-e-type=\"container\">\n\t\t\t\t<div class=\"elementor-element elementor-element-iwgw-viracocha-pills elementor-widget elementor-widget-html\" data-id=\"iwgw-viracocha-pills\" data-element_type=\"widget\" data-e-type=\"widget\" data-widget_type=\"html.default\">\n\t\t\t\t\t<div class=\"iwg-pill-row\"><span class=\"iwg-klasse-badge\" tabindex=\"0\" data-tooltip=\"Stvorite\u013e trad\u00edcie Andy \/ Inkovia.\">Stvorite\u013e<\/span><a href=\"https:\/\/iwell-guard.com\/sk\/?page_id=157901\" class=\"iwg-kultur-badge\" tabindex=\"0\" data-tooltip=\"Mytol\u00f3gia trad\u00edcie Andy \/ Inkovia.\">Andy \/ Inkovia<\/a><span class=\"iwg-tradition-badge\" tabindex=\"0\" data-tooltip=\"Stvorite\u013esk\u00fd boh.\">Stvorite\u013esk\u00fd boh<\/span><\/div>\t\t\t\t<\/div>\n\t\t\t\t<\/div>\n\t\t<div class=\"elementor-element elementor-element-iwgw-viracocha-tocc e-con-full e-flex e-con e-child\" data-id=\"iwgw-viracocha-tocc\" data-element_type=\"container\" data-e-type=\"container\">\n\t\t\t\t<div class=\"elementor-element elementor-element-iwgw-viracocha-toc elementor-toc--minimized-on-tablet elementor-widget elementor-widget-table-of-contents\" data-id=\"iwgw-viracocha-toc\" data-element_type=\"widget\" data-e-type=\"widget\" data-settings=\"{&quot;headings_by_tags&quot;:[&quot;h2&quot;,&quot;h3&quot;],&quot;minimize_box&quot;:&quot;yes&quot;,&quot;marker_view&quot;:&quot;bullets&quot;,&quot;no_headings_message&quot;:&quot;Na tejto str\\u00e1nke sa nena\\u0161li \\u017eiadne nadpisy.&quot;,&quot;exclude_headings_by_selector&quot;:[],&quot;icon&quot;:{&quot;value&quot;:&quot;fas fa-circle&quot;,&quot;library&quot;:&quot;fa-solid&quot;,&quot;rendered_tag&quot;:&quot;&lt;svg class=\\&quot;e-font-icon-svg e-fas-circle\\&quot; viewBox=\\&quot;0 0 512 512\\&quot; xmlns=\\&quot;http:\\\/\\\/www.w3.org\\\/2000\\\/svg\\&quot;&gt;&lt;path d=\\&quot;M256 8C119 8 8 119 8 256s111 248 248 248 248-111 248-248S393 8 256 8z\\&quot;&gt;&lt;\\\/path&gt;&lt;\\\/svg&gt;&quot;},&quot;minimized_on&quot;:&quot;tablet&quot;,&quot;hierarchical_view&quot;:&quot;yes&quot;,&quot;min_height&quot;:{&quot;unit&quot;:&quot;px&quot;,&quot;size&quot;:&quot;&quot;,&quot;sizes&quot;:[]},&quot;min_height_tablet&quot;:{&quot;unit&quot;:&quot;px&quot;,&quot;size&quot;:&quot;&quot;,&quot;sizes&quot;:[]},&quot;min_height_mobile&quot;:{&quot;unit&quot;:&quot;px&quot;,&quot;size&quot;:&quot;&quot;,&quot;sizes&quot;:[]}}\" data-widget_type=\"table-of-contents.default\">\n\t\t\t\t\t\t\t\t\t<div class=\"elementor-toc__header\">\n\t\t\t\t\t\t<h2 class=\"elementor-toc__header-title\">\n\t\t\t\tObsah\t\t\t<\/h2>\n\t\t\t\t\t\t\t\t\t\t<div class=\"elementor-toc__toggle-button elementor-toc__toggle-button--expand\" role=\"button\" tabindex=\"0\" aria-controls=\"elementor-toc__iwgw-viracocha-toc\" aria-expanded=\"true\" aria-label=\"Open table of contents\"><svg aria-hidden=\"true\" class=\"e-font-icon-svg e-fas-chevron-down\" viewBox=\"0 0 448 512\" xmlns=\"http:\/\/www.w3.org\/2000\/svg\"><path d=\"M207.029 381.476L12.686 187.132c-9.373-9.373-9.373-24.569 0-33.941l22.667-22.667c9.357-9.357 24.522-9.375 33.901-.04L224 284.505l154.745-154.021c9.379-9.335 24.544-9.317 33.901.04l22.667 22.667c9.373 9.373 9.373 24.569 0 33.941L240.971 381.476c-9.373 9.372-24.569 9.372-33.942 0z\"><\/path><\/svg><\/div>\n\t\t\t\t<div class=\"elementor-toc__toggle-button elementor-toc__toggle-button--collapse\" role=\"button\" tabindex=\"0\" aria-controls=\"elementor-toc__iwgw-viracocha-toc\" aria-expanded=\"true\" aria-label=\"Close table of contents\"><svg aria-hidden=\"true\" class=\"e-font-icon-svg e-fas-chevron-up\" viewBox=\"0 0 448 512\" xmlns=\"http:\/\/www.w3.org\/2000\/svg\"><path d=\"M240.971 130.524l194.343 194.343c9.373 9.373 9.373 24.569 0 33.941l-22.667 22.667c-9.357 9.357-24.522 9.375-33.901.04L224 227.495 69.255 381.516c-9.379 9.335-24.544 9.317-33.901-.04l-22.667-22.667c-9.373-9.373-9.373-24.569 0-33.941L207.03 130.525c9.372-9.373 24.568-9.373 33.941-.001z\"><\/path><\/svg><\/div>\n\t\t\t\t\t<\/div>\n\t\t\t\t<div id=\"elementor-toc__iwgw-viracocha-toc\" class=\"elementor-toc__body\">\n\t\t\t<div class=\"elementor-toc__spinner-container\">\n\t\t\t\t<svg class=\"elementor-toc__spinner eicon-animation-spin e-font-icon-svg e-eicon-loading\" aria-hidden=\"true\" viewBox=\"0 0 1000 1000\" xmlns=\"http:\/\/www.w3.org\/2000\/svg\"><path d=\"M500 975V858C696 858 858 696 858 500S696 142 500 142 142 304 142 500H25C25 237 238 25 500 25S975 237 975 500 763 975 500 975Z\"><\/path><\/svg>\t\t\t<\/div>\n\t\t<\/div>\n\t\t\t\t\t\t<\/div>\n\t\t\t\t<\/div>\n\t\t\t\t\t<\/div>\n\t\t\t\t<\/div>\n\t\t<div class=\"elementor-element elementor-element-iwgw-viracocha-hr e-con-full e-flex e-con e-child\" data-id=\"iwgw-viracocha-hr\" data-element_type=\"container\" data-e-type=\"container\">\n\t\t\t\t<div class=\"elementor-element elementor-element-iwgw-viracocha-heroimg iwg-hero-image elementor-widget elementor-widget-image\" data-id=\"iwgw-viracocha-heroimg\" data-element_type=\"widget\" data-e-type=\"widget\" data-widget_type=\"image.default\">\n\t\t\t\t\t\t\t\t\t\t\t\t\t\t\t<img fetchpriority=\"high\" decoding=\"async\" width=\"683\" height=\"1024\" src=\"https:\/\/iwell-guard.com\/wp-content\/uploads\/2026\/05\/goetter_anden-inka_viracocha-683x1024.webp\" class=\"attachment-large size-large wp-image-159850\" alt=\"Viracocha - bohovia z andsko-inkskej trad\u00edcie, historicko-ilustra\u010dn\u00e9 zobrazenie\" srcset=\"https:\/\/iwell-guard.com\/wp-content\/uploads\/2026\/05\/goetter_anden-inka_viracocha-683x1024.webp 683w, https:\/\/iwell-guard.com\/wp-content\/uploads\/2026\/05\/goetter_anden-inka_viracocha-200x300.webp 200w, https:\/\/iwell-guard.com\/wp-content\/uploads\/2026\/05\/goetter_anden-inka_viracocha-768x1152.webp 768w, https:\/\/iwell-guard.com\/wp-content\/uploads\/2026\/05\/goetter_anden-inka_viracocha.webp 1024w\" sizes=\"(max-width: 683px) 100vw, 683px\" \/>\t\t\t\t\t\t\t\t\t\t\t\t\t\t\t<\/div>\n\t\t\t\t<\/div>\n\t\t\t\t\t<\/div>\n\t\t\t\t<\/div>\n\t\t\t\t<section class=\"elementor-section elementor-top-section elementor-element elementor-element-sec-iwgcomp-viracocha elementor-section-boxed elementor-section-height-default elementor-section-height-default\" data-id=\"sec-iwgcomp-viracocha\" data-element_type=\"section\" data-e-type=\"section\">\n\t\t\t\t\t\t<div class=\"elementor-container elementor-column-gap-default\">\n\t\t\t\t\t<div class=\"elementor-column elementor-col-100 elementor-top-column elementor-element elementor-element-col-iwgcomp-viracocha\" data-id=\"col-iwgcomp-viracocha\" data-element_type=\"column\" data-e-type=\"column\">\n\t\t\t<div class=\"elementor-widget-wrap elementor-element-populated\">\n\t\t\t\t\t\t<div class=\"elementor-element elementor-element-iwgcomp-viracocha elementor-widget elementor-widget-text-editor\" data-id=\"iwgcomp-viracocha\" data-element_type=\"widget\" data-e-type=\"widget\" data-widget_type=\"text-editor.default\">\n\t\t\t\t\t\t\t\t\t<p>Viracocha, <strong>inksk\u00fd stvorite\u013esk\u00fd boh<\/strong>, sa pova\u017euje za najstar\u0161ie a najvy\u0161\u0161ie vysok\u00e9 bo\u017estvo inkskej <span class=\"iwg-fachbegriff\" data-tooltip=\"Predstava o stavbe a poriadku sveta v r\u00e1mci danej kult\u00fary.\" tabindex=\"0\">kozmol\u00f3gie<\/span>.<\/p>\t\t\t\t\t\t\t\t<\/div>\n\t\t\t\t\t<\/div>\n\t\t<\/div>\n\t\t\t\t\t<\/div>\n\t\t<\/section>\n\t\t<div class=\"elementor-element elementor-element-iwgw-viracocha-s0 e-flex e-con-boxed e-con e-parent\" data-id=\"iwgw-viracocha-s0\" data-element_type=\"container\" data-e-type=\"container\">\n\t\t\t\t\t<div class=\"e-con-inner\">\n\t\t\t\t<div class=\"elementor-element elementor-element-iwgw-viracocha-s0h elementor-widget elementor-widget-heading\" data-id=\"iwgw-viracocha-s0h\" data-element_type=\"widget\" data-e-type=\"widget\" data-widget_type=\"heading.default\">\n\t\t\t\t\t<h2 class=\"elementor-heading-title elementor-size-default\">Postavenie v andskom pante\u00f3ne<\/h2>\t\t\t\t<\/div>\n\t\t<div class=\"elementor-element elementor-element-iwgw-viracocha-s0c e-con-full e-flex e-con e-child\" data-id=\"iwgw-viracocha-s0c\" data-element_type=\"container\" data-e-type=\"container\">\n\t\t\t\t<div class=\"elementor-element elementor-element-iwgw-viracocha-s0t elementor-widget elementor-widget-text-editor\" data-id=\"iwgw-viracocha-s0t\" data-element_type=\"widget\" data-e-type=\"widget\" data-widget_type=\"text-editor.default\">\n\t\t\t\t\t\t\t\t\t<p>Viracocha je teologicky komplexn\u00e1 postava, ktor\u00e1 sa v kronik\u00e1ch objavuje pod mnoh\u00fdmi pr\u00eddomkami: <em>Apu Qun Tiqsi Wiraqucha<\/em>, <em>Pachayachachiq<\/em> (U\u010dite\u013e svet\u0430), <em>Illa Tiqsi Wiraqucha<\/em> (Sveteln\u00fd z\u00e1klad Wiraquchu). Tieto aspektov\u00e9 men\u00e1 treba pod\u013ea Pierra Duviola ch\u00e1pa\u0165 ako doklad p\u00f4vodnej andskej, filozoficko-\u0161pekulat\u00edvnej <span class=\"iwg-fachbegriff\" data-tooltip=\"Vedeck\u00e1 n\u00e1uka o Bohu a viere danej religie.\" tabindex=\"0\">teol\u00f3gie<\/span>, ktor\u00e1 p\u00f4sobila pod povrchom osobne ch\u00e1pan\u00e9ho vysok\u00e9ho kultu.<\/p><p>Ran\u00e9 kroniky (Cieza de Le\u00f3n, Sarmiento de Gamboa, Crist\u00f3bal de Molina) predstavuj\u00fa Viracochu ako najvy\u0161\u0161iu bytos\u0165 nadraden\u00fa v\u0161etk\u00fdm ostatn\u00fdm bo\u017estv\u00e1m.<\/p><p>Garcilaso de la Vega, ktor\u00fd p\u00ed\u0161e nesk\u00f4r a viac sa orientuje na inksk\u00fa neskor\u0161iu nadradenos\u0165 Intiho, popisuje vz\u0165ah komplikovanej\u0161ie: Inti je vidite\u013en\u00fd vl\u00e1dca, Viracocha nevidite\u013en\u00fd stvorite\u013e. Z religionistick\u00e9ho h\u013eadiska je tu rozpoznate\u013en\u00e9 teologick\u00e9 vrstvenie, v ktorom ved\u013ea seba existuje star\u0161ia viera v stvorite\u013esk\u00e9ho boha a mlad\u0161ia imperi\u00e1lna sol\u00e1rna <span class=\"iwg-fachbegriff\" data-tooltip=\"Vedeck\u00e1 n\u00e1uka o Bohu a viere danej religie.\" tabindex=\"0\">teol\u00f3gia<\/span>.<\/p><p>Zauj\u00edmav\u00e9 je, \u017ee v aymarskej oblasti bol Viracocha naz\u00fdvan\u00fd <em>Tunupa<\/em> alebo <em>Tonopa<\/em>, postava s vlastn\u00fdmi mytologick\u00fdmi pr\u00edbehmi, ktor\u00fa podrobne sk\u00famala religionistka Therese Bouysse-Cassagne v diele <em>Lluvias y cenizas<\/em> (1988).<\/p><p>U Aymarov je Tunupa menej jednozna\u010dne stvorite\u013eom ne\u017e inksk\u00fd Viracocha, m\u00e1 aj rysy podobn\u00e9 trickstrovi a je \u00fazko spojen\u00fd s vulkanizmom danej oblasti.<\/p>\t\t\t\t\t\t\t\t<\/div>\n\t\t\t\t<\/div>\n\t\t\t\t\t<\/div>\n\t\t\t\t<\/div>\n\t\t<div class=\"elementor-element elementor-element-iwgw-viracocha-s1 e-flex e-con-boxed e-con e-parent\" data-id=\"iwgw-viracocha-s1\" data-element_type=\"container\" data-e-type=\"container\">\n\t\t\t\t\t<div class=\"e-con-inner\">\n\t\t\t\t<div class=\"elementor-element elementor-element-iwgw-viracocha-s1h elementor-widget elementor-widget-heading\" data-id=\"iwgw-viracocha-s1h\" data-element_type=\"widget\" data-e-type=\"widget\" data-widget_type=\"heading.default\">\n\t\t\t\t\t<h2 class=\"elementor-heading-title elementor-size-default\">Meno a etymol\u00f3gia<\/h2>\t\t\t\t<\/div>\n\t\t<div class=\"elementor-element elementor-element-iwgw-viracocha-s1c e-con-full e-flex e-con e-child\" data-id=\"iwgw-viracocha-s1c\" data-element_type=\"container\" data-e-type=\"container\">\n\t\t\t\t<div class=\"elementor-element elementor-element-iwgw-viracocha-s1t elementor-widget elementor-widget-text-editor\" data-id=\"iwgw-viracocha-s1t\" data-element_type=\"widget\" data-e-type=\"widget\" data-widget_type=\"text-editor.default\">\n\t\t\t\t\t\t\t\t\t<p>Etymol\u00f3gia mena <em>Wiraqucha<\/em> je dlho sporn\u00e1. Garcilaso de la Vega ho odvodzuje od <em>wira<\/em> (tuk, smotana) a <em>qucha<\/em> (jazero) a preklad\u00e1 ho ako <em>tuk jazera<\/em> alebo <em>pena na vode<\/em>. T\u00e1to etymol\u00f3gia dobre zapad\u00e1 do <span class=\"iwg-fachbegriff\" data-tooltip=\"Tradi\u010dn\u00fd pr\u00edbeh o bohoch, p\u00f4vode vec\u00ed a poriadku svet\u0430.\" tabindex=\"0\">m\u00fdtu<\/span> o vodnom stvorite\u013eovi z Titicacy, jazykovedne v\u0161ak nie je nevyhnutn\u00e1.<\/p><p>Alternat\u00edvny v\u00fdklad sp\u00e1ja prv\u00fa slabiku so slovom <em>wila<\/em> (v aymar\u010dine: krv) a dospieva k v\u00fdkladu <em>krv jazera<\/em> alebo k predstave \u010dervenej, vulkanickej vody.<\/p><p>C\u00e9sar Itier vo svojich jazykovedn\u00fdch pr\u00e1cach (2008, 2013) upozornil na mo\u017en\u00fd tret\u00ed v\u00fdklad, pod\u013ea ktor\u00e9ho by <em>wira<\/em> mohlo poch\u00e1dza\u0165 zo starobyl\u00e9ho kore\u0148a <em>wir-<\/em> s v\u00fdznamom <em>\u017eiara<\/em> alebo <em>svetlo<\/em>, tak\u017ee Wiraqucha by bol <em>sveteln\u00e1 \u017eiara jazera<\/em>.<\/p><p>V koloni\u00e1lnom jazykovom \u00faze sa <em>wiraqucha<\/em> ve\u013emi r\u00fdchlo za\u010dalo pou\u017e\u00edva\u0165 ako oslovenie \u0160panielov, najsk\u00f4r preto, \u017ee Inkovia pova\u017eovali f\u00fazat\u00fdch dobyvate\u013eov za zjavenia f\u00fazat\u00e9ho stvorite\u013esk\u00e9ho boha, nesk\u00f4r ako v\u0161eobecn\u00e9 \u010destn\u00e9 oslovenie, ktor\u00e9 sa v niektor\u00fdch ke\u010du\u00e1nsky hovoriacich oblastiach dodnes pou\u017e\u00edva vo v\u00fdzname <em>p\u00e1n<\/em> alebo <em>se\u00f1or<\/em>.<\/p>\t\t\t\t\t\t\t\t<\/div>\n\t\t\t\t<\/div>\n\t\t\t\t\t<\/div>\n\t\t\t\t<\/div>\n\t\t<div class=\"elementor-element elementor-element-iwgw-viracocha-s2 e-flex e-con-boxed e-con e-parent\" data-id=\"iwgw-viracocha-s2\" data-element_type=\"container\" data-e-type=\"container\">\n\t\t\t\t\t<div class=\"e-con-inner\">\n\t\t\t\t<div class=\"elementor-element elementor-element-iwgw-viracocha-s2h elementor-widget elementor-widget-heading\" data-id=\"iwgw-viracocha-s2h\" data-element_type=\"widget\" data-e-type=\"widget\" data-widget_type=\"heading.default\">\n\t\t\t\t\t<h2 class=\"elementor-heading-title elementor-size-default\">Popis a ikonografia<\/h2>\t\t\t\t<\/div>\n\t\t<div class=\"elementor-element elementor-element-iwgw-viracocha-s2c e-con-full e-flex e-con e-child\" data-id=\"iwgw-viracocha-s2c\" data-element_type=\"container\" data-e-type=\"container\">\n\t\t\t\t<div class=\"elementor-element elementor-element-iwgw-viracocha-s2t elementor-widget elementor-widget-text-editor\" data-id=\"iwgw-viracocha-s2t\" data-element_type=\"widget\" data-e-type=\"widget\" data-widget_type=\"text-editor.default\">\n\t\t\t\t\t\t\t\t\t<p>Viracocha je v prame\u0148och nezvy\u010dajne \u010dasto opisovan\u00fd ako f\u00fazat\u00fd starec, ktor\u00fd putuje Andami s dlh\u00fdm pl\u00e1\u0161\u0165om, palicou a slne\u010dnou korunou.<\/p><p>Tento popis sa odli\u0161uje od typickej p\u00f4vodnej ikonografie \u00c1nd, v ktorej s\u00fa f\u00fazat\u00ed mu\u017ei prakticky nezn\u00e1mi, a viedol k star\u0161ej spekul\u00e1cii, \u017ee Viracocha je historickou ozvenou predkolumbovsk\u00e9ho n\u00e1v\u0161tevn\u00edka z Eur\u00e1zie. T\u00fato spekul\u00e1ciu modern\u00fd v\u00fdskum zavrhol.<\/p><p>Hlavn\u00fdm ikonografick\u00fdm prame\u0148om je sl\u00e1vna <em>Br\u00e1na Slnka z Tiwanaku<\/em> (asi 600 \u2013 1000 n. l.), v strede ktorej je vyobrazen\u00e1 centr\u00e1lna postava s korunou z l\u00fa\u010dov a symetricky rozpa\u017een\u00fdmi rukami, v ktor\u00fdch dr\u017e\u00ed dve palice (\u010dasto interpretovan\u00e9 ako vrhacie kopije).<\/p><p>T\u00e1to tzv. postava <em>Staffgod<\/em> sa v archeologickej literat\u00fare be\u017ene identifikuje s Viracochom, hoci emick\u00fd n\u00e1zov kult\u00fary Tiwanaku pre t\u00fato postavu sa nezachoval. Karen Wise a John Janusek vo svojom v\u00fdskume Tiwanaku opakovane vyz\u00fdvali na opatrnos\u0165 pri tejto identifik\u00e1cii.<\/p><p>Be\u017en\u00e9 je aj spojenie Viracochu s inksk\u00fdm hlavn\u00fdm mestom Cuzco a jeho centr\u00e1lnym <span class=\"iwg-fachbegriff\" data-tooltip=\"Stavba sl\u00fa\u017eiaca na uctievanie jedn\u00e9ho alebo viacer\u00fdch bo\u017estiev.\" tabindex=\"0\">chr\u00e1mom<\/span>, Coricanchou. Inka Pachacuti mal pod\u013ea Sarmienta v Coricanche postavi\u0165 vlastn\u00fa sochu Wiraquchu, celozlat\u00fa so\u0161ku, ktor\u00fa tam \u0160panieli v roku 1532 e\u0161te na\u0161li.<\/p>\t\t\t\t\t\t\t\t<\/div>\n\t\t\t\t<\/div>\n\t\t\t\t\t<\/div>\n\t\t\t\t<\/div>\n\t\t<div class=\"elementor-element elementor-element-iwgw-viracocha-s3 e-flex e-con-boxed e-con e-parent\" data-id=\"iwgw-viracocha-s3\" data-element_type=\"container\" data-e-type=\"container\">\n\t\t\t\t\t<div class=\"e-con-inner\">\n\t\t\t\t<div class=\"elementor-element elementor-element-iwgw-viracocha-s3h elementor-widget elementor-widget-heading\" data-id=\"iwgw-viracocha-s3h\" data-element_type=\"widget\" data-e-type=\"widget\" data-widget_type=\"heading.default\">\n\t\t\t\t\t<h2 class=\"elementor-heading-title elementor-size-default\">Mytologick\u00e9 rozpr\u00e1vania<\/h2>\t\t\t\t<\/div>\n\t\t<div class=\"elementor-element elementor-element-iwgw-viracocha-s3c e-con-full e-flex e-con e-child\" data-id=\"iwgw-viracocha-s3c\" data-element_type=\"container\" data-e-type=\"container\">\n\t\t\t\t<div class=\"elementor-element elementor-element-iwgw-viracocha-s3t elementor-widget elementor-widget-text-editor\" data-id=\"iwgw-viracocha-s3t\" data-element_type=\"widget\" data-e-type=\"widget\" data-widget_type=\"text-editor.default\">\n\t\t\t\t\t\t\t\t\t<p>Hlavn\u00fd m\u00fdtus sa za\u010d\u00edna vo f\u00e1ze svetovej temnoty. Viracocha sa zjav\u00ed na ostrove <em>Isla del Sol<\/em> v Titicackom jazere a najprv stvor\u00ed prv\u00e9 \u013eudstvo z kame\u0148a, ktor\u00e9 v\u0161ak pre neposlu\u0161nos\u0165 zni\u010d\u00ed vo ve\u013ekej potope.<\/p><p>Pod\u013ea Cristobala de Molinu potom v <em>Tiwanaku<\/em> vytvor\u00ed druh\u00e9 \u013eudstvo z hliny, ka\u017edej skupine ur\u010d\u00ed jazyk, odev a domovinu a vy\u0161le ich, aby putovali cez Andy.<\/p><p>N\u00e1sledne Viracocha s\u00e1m prech\u00e1dza Andami na sever, u\u010d\u00ed \u013eud\u00ed po\u013enohospod\u00e1rstvu, tk\u00e1\u010dstvu a n\u00e1bo\u017eenstvu a napokon op\u00fa\u0161\u0165a svet na pobre\u017e\u00ed Pacifiku, kr\u00e1\u010daj\u00fac po vode, k\u00fdm nezmizne smerom na z\u00e1pad.<\/p><p>T\u00fato z\u00e1vere\u010dn\u00fa epiz\u00f3du vylo\u017eili niektor\u00ed inksk\u00ed teol\u00f3govia tak, \u017ee Viracocha sa jedn\u00e9ho d\u0148a vr\u00e1ti zo z\u00e1padu, \u010do je mesi\u00e1\u0161ske o\u010dak\u00e1vanie, ktor\u00e9 bolo v prv\u00fdch rokoch \u0161panielskeho dob\u00fdvania kr\u00e1tko premietnut\u00e9 na konkvistadorov, \u010do tie\u017e \u010diasto\u010dne vysvet\u013euje r\u00fdchlu vojensk\u00fa por\u00e1\u017eku Inckej r\u00ed\u0161e.<\/p><p>Syn Viracochu sa v niektor\u00fdch prame\u0148och objavuje ako <em>Imaymana Viracocha<\/em> alebo <em>Tocapo Viracocha<\/em>, ktor\u00ed ako bratia alebo sprievodcovia stvorite\u013ea putuj\u00fa cez Andy a tvoria kozmick\u00fd poriadok.<\/p><p>T\u00e1to trojica Wiraquchov pripom\u00ednala \u0161panielskym kronik\u00e1rom kres\u0165ansk\u00fa Trojicu, \u010do viedlo k diskusi\u00e1m o mo\u017enej predkres\u0165anskej misii v And\u00e1ch, ktor\u00e1 v\u0161ak nie je historicky dok\u00e1zate\u013en\u00e1.<\/p><p>Osobitne d\u00f4le\u017eit\u00fdm prame\u0148om je <span class=\"iwg-fachbegriff\" data-tooltip=\"Tradovan\u00fd pr\u00edbeh o bohoch, p\u00f4vode a poriadku svet.\" tabindex=\"0\">m\u00fdtus<\/span> o <em>sopke Cacha<\/em>, zachyten\u00fd Ciezom de Leonom (1553): pod\u013ea neho Viracocha pri\u0161iel do Cachy, kde mu obyvatelia pre jeho cudz\u00ed vzh\u013ead neverili a napadli ho.<\/p><p>Stvorite\u013e nato zoslal z neba ohe\u0148 a vyp\u00e1lil krajinu, k\u00fdm obyvatelia Cachy neuznali svoju vinu a neprosili o odpustenie.<\/p><p>Archeologick\u00fd n\u00e1lez sope\u010dn\u00e9ho l\u00e1vov\u00e9ho po\u013ea pri Raqchi\/Cacha dal tomuto <span class=\"iwg-fachbegriff\" data-tooltip=\"Tradovan\u00fd pr\u00edbeh o bohoch, p\u00f4vode a poriadku svet.\" tabindex=\"0\">m\u00fdtu<\/span> vysvetlite\u013en\u00fd geologick\u00fd z\u00e1klad. Sarmiento de Gamboa uv\u00e1dza, \u017ee Inkovia na tomto mieste nesk\u00f4r postavili ve\u013ek\u00fd dvojchr\u00e1m s vysok\u00fdmi stenami z nep\u00e1len\u00fdch teh\u00e1l, ktor\u00fdch zvy\u0161ky e\u0161te dnes dominuj\u00fa \u00fadoliu.<\/p>\t\t\t\t\t\t\t\t<\/div>\n\t\t\t\t<\/div>\n\t\t\t\t\t<\/div>\n\t\t\t\t<\/div>\n\t\t<div class=\"elementor-element elementor-element-iwgw-viracocha-s4 e-flex e-con-boxed e-con e-parent\" data-id=\"iwgw-viracocha-s4\" data-element_type=\"container\" data-e-type=\"container\">\n\t\t\t\t\t<div class=\"e-con-inner\">\n\t\t\t\t<div class=\"elementor-element elementor-element-iwgw-viracocha-s4h elementor-widget elementor-widget-heading\" data-id=\"iwgw-viracocha-s4h\" data-element_type=\"widget\" data-e-type=\"widget\" data-widget_type=\"heading.default\">\n\t\t\t\t\t<h2 class=\"elementor-heading-title elementor-size-default\">Kult a uctievanie<\/h2>\t\t\t\t<\/div>\n\t\t<div class=\"elementor-element elementor-element-iwgw-viracocha-s4c e-con-full e-flex e-con e-child\" data-id=\"iwgw-viracocha-s4c\" data-element_type=\"container\" data-e-type=\"container\">\n\t\t\t\t<div class=\"elementor-element elementor-element-iwgw-viracocha-s4t elementor-widget elementor-widget-text-editor\" data-id=\"iwgw-viracocha-s4t\" data-element_type=\"widget\" data-e-type=\"widget\" data-widget_type=\"text-editor.default\">\n\t\t\t\t\t\t\t\t\t<p>\u0160pecifick\u00fd Viracochov <span class=\"iwg-fachbegriff\" data-tooltip=\"S\u00fahrn n\u00e1bo\u017eensk\u00fdch \u00factov\u00fdch \u00fakonov vo\u010di bo\u017estvu alebo posv\u00e4tnej postave.\" tabindex=\"0\">kult<\/span> bol menej in\u0161titucion\u00e1lne rozvinut\u00fd ne\u017e kult Inti. Hlavn\u00e9 kultov\u00e9 miesta sa nach\u00e1dzali v Coricanche v Cuscu, kde existovala samostatn\u00e1 Viracochova komora, ako aj v predinck\u00fdch sv\u00e4tyniach Pacaritambo, Tiwanaku a na ostrove Isla del Sol.<\/p><p>Aj ve\u013ek\u00fd kultov\u00fd komplex Pachacamac na peru\u00e1nskom pacifickom pobre\u017e\u00ed niektor\u00ed kronik\u00e1ri prira\u010fovali Viracochovi, hoci tam bol uctievan\u00fd sk\u00f4r ve\u0161teck\u00fd vrchn\u00fd boh <a href=\"https:\/\/iwell-guard.com\/sk\/?page_id=157915\">Pachakamak<\/a>.<\/p><p>Inka Pachacuti (vl\u00e1dol 1438, 1471) je pod\u013ea Sarmienta de Gamboa pova\u017eovan\u00fd za ve\u013ek\u00e9ho podporovate\u013ea Viracochovho kultu. Pachacuti mal vo viden\u00ed po\u010du\u0165 hlas Stvorite\u013ea a n\u00e1sledne dal postavi\u0165 <span class=\"iwg-fachbegriff\" data-tooltip=\"Stavba sl\u00fa\u017eiaca uctievaniu jedn\u00e9ho alebo viacer\u00fdch bo\u017estiev.\" tabindex=\"0\">chr\u00e1my<\/span> v Cuscu aj v oblasti Cacha.<\/p><p>Archeologick\u00fd komplex <em>Raqchi<\/em> pri San Pedro de Cacha s monument\u00e1lnymi hlinen\u00fdmi lo\u010fov\u00fdmi m\u00farmi sa tradi\u010dne stoto\u017e\u0148uje s ve\u013ek\u00fdm Viracochov\u00fdm <span class=\"iwg-fachbegriff\" data-tooltip=\"Stavba sl\u00fa\u017eiaca uctievaniu jedn\u00e9ho alebo viacer\u00fdch bo\u017estiev.\" tabindex=\"0\">chr\u00e1mom<\/span> postaven\u00fdm Pachacutim.<\/p><p>Ritu\u00e1lna obetn\u00e1 prax pre Viracochu zah\u0155\u0148ala obete l\u00e1m (be\u017en\u00e1 bola biela lama-klisna, na rozdiel od hnedej klisny obetovanej Inti), p\u00e1lenie kukuri\u010dn\u00fdch a koka listov, ako aj \u00faliatby \u010di\u010dhy. Na rozdiel od kultu Inti nebol pevne stanoven\u00fd \u010das d\u0148a, ke\u010f\u017ee Viracocha bol ch\u00e1pan\u00fd ako bytos\u0165 stojaca nad nebesk\u00fdmi telesami.<\/p>\t\t\t\t\t\t\t\t<\/div>\n\t\t\t\t<\/div>\n\t\t\t\t\t<\/div>\n\t\t\t\t<\/div>\n\t\t<div class=\"elementor-element elementor-element-iwgw-viracocha-s5 e-flex e-con-boxed e-con e-parent\" data-id=\"iwgw-viracocha-s5\" data-element_type=\"container\" data-e-type=\"container\">\n\t\t\t\t\t<div class=\"e-con-inner\">\n\t\t\t\t<div class=\"elementor-element elementor-element-iwgw-viracocha-s5h elementor-widget elementor-widget-heading\" data-id=\"iwgw-viracocha-s5h\" data-element_type=\"widget\" data-e-type=\"widget\" data-widget_type=\"heading.default\">\n\t\t\t\t\t<h2 class=\"elementor-heading-title elementor-size-default\">Ochrann\u00e1 prax a apotropaika<\/h2>\t\t\t\t<\/div>\n\t\t<div class=\"elementor-element elementor-element-iwgw-viracocha-s5c e-con-full e-flex e-con e-child\" data-id=\"iwgw-viracocha-s5c\" data-element_type=\"container\" data-e-type=\"container\">\n\t\t\t\t<div class=\"elementor-element elementor-element-iwgw-viracocha-s5t elementor-widget elementor-widget-text-editor\" data-id=\"iwgw-viracocha-s5t\" data-element_type=\"widget\" data-e-type=\"widget\" data-widget_type=\"text-editor.default\">\n\t\t\t\t\t\t\t\t\t<p>Konkr\u00e9tna ochrann\u00e1 prax spojen\u00e1 s Viracochom je v prame\u0148och len \u0165a\u017eko zachytite\u013en\u00e1. Boh stvorite\u013e bol v inckej <span class=\"iwg-fachbegriff\" data-tooltip=\"Vedeck\u00e1 n\u00e1uka o Bohu a viere v n\u00e1bo\u017eenstve.\" tabindex=\"0\">teol\u00f3gii<\/span> pr\u00edli\u0161 vzdialen\u00fd a v\u0161eobecn\u00fd, aby bol priamo vz\u00fdvan\u00fd v jednotliv\u00fdch \u017eivotn\u00fdch situ\u00e1ci\u00e1ch. Ochrann\u00e1 \u00facta patrila sk\u00f4r sprostredkovate\u013esk\u00fdm postav\u00e1m, Inti, <a href=\"https:\/\/iwell-guard.com\/sk\/?page_id=157916\">Illapovi<\/a> a miestnym horsk\u00fdm p\u00e1nom <em>Apu<\/em>, zatia\u013e \u010do Viracocha p\u00f4sobil ako pozadov\u00fd princ\u00edp poriadku.<\/p><p>V z\u00e1pisoch z <em>extirpaci\u00f3n de idolatr\u00edas<\/em> (17. storo\u010die) sa v\u0161ak opakovane spom\u00ednaj\u00fa dom\u00e1ce amulety v podobe mal\u00fdch kamenn\u00fdch fig\u00farok ozna\u010dovan\u00e9 ako <em>conopa<\/em> alebo <em>illa<\/em>, ktor\u00e9 vykazuj\u00fa s\u00favislosti s Viracochovou <span class=\"iwg-fachbegriff\" data-tooltip=\"Vedeck\u00e1 n\u00e1uka o Bohu a viere v n\u00e1bo\u017eenstve.\" tabindex=\"0\">teol\u00f3giou<\/span>.<\/p><p>Tieto kamenn\u00e9 fig\u00farky, v\u00e4\u010d\u0161inou v tvare mal\u00fdch l\u00e1m, kukurice alebo \u013eudsk\u00fdch post\u00e1v, boli pova\u017eovan\u00e9 za vtelenie tvorivej sily, ktor\u00e1 mala vst\u00fapi\u0165 do dom\u00e1cnosti a chr\u00e1ni\u0165 ju. Uchov\u00e1vali sa v spodn\u00fdch vrstv\u00e1ch stenovej v\u00fdplne alebo pod ohniskom a na sviatky sa poliali lam\u00edm tukom a chichou.<\/p><p>Z religionistick\u00e9ho h\u013eadiska je d\u00f4le\u017eit\u00e9, \u017ee t\u00e1to prax conopa nebola ch\u00e1pan\u00e1 magicko-vynucuj\u00faco, ale ako udr\u017eiavanie vz\u0165ahu k tvorivej svetovej podstate, ktor\u00e1 bola \u017eiv\u00e1 v dome, na poli a v st\u00e1de. Kontext iWell Guard popisuje t\u00fato prax ako historick\u00fd jav, nie ako odpor\u00fa\u010danie \u00fa\u010dinku.<\/p><p>V s\u00fa\u010dasnej \u013eudovej n\u00e1bo\u017eenskej praxi vysokohorsk\u00fdch komun\u00edt Peru a Bol\u00edvie sa kamenn\u00e9 fig\u00farky conopa v mnoh\u00fdch pr\u00edpadoch st\u00e1le pou\u017e\u00edvaj\u00fa pod nov\u00fdm n\u00e1zvom <em>illa<\/em>.<\/p><p>Pou\u017e\u00edvaj\u00fa ich najm\u00e4 pastieri, ktor\u00ed uchov\u00e1vaj\u00fa mal\u00e9 kamenn\u00e9 lamy alebo vyrez\u00e1van\u00e9 alpakov\u00e9 fig\u00farky pod prahom dver\u00ed alebo v sp\u00e1lni, aby zaistili zdravie st\u00e1da. Olivia Harris v diele <em>Of Bread and Blood<\/em> (2000) zdokumentovala pretrv\u00e1vaj\u00facu pr\u00edtomnos\u0165 tejto praxe v aymarsk\u00fdch dedin\u00e1ch Bol\u00edvie.<\/p>\t\t\t\t\t\t\t\t<\/div>\n\t\t\t\t<\/div>\n\t\t\t\t\t<\/div>\n\t\t\t\t<\/div>\n\t\t<div class=\"elementor-element elementor-element-iwgw-viracocha-s6 e-flex e-con-boxed e-con e-parent\" data-id=\"iwgw-viracocha-s6\" data-element_type=\"container\" data-e-type=\"container\">\n\t\t\t\t\t<div class=\"e-con-inner\">\n\t\t\t\t<div class=\"elementor-element elementor-element-iwgw-viracocha-s6h elementor-widget elementor-widget-heading\" data-id=\"iwgw-viracocha-s6h\" data-element_type=\"widget\" data-e-type=\"widget\" data-widget_type=\"heading.default\">\n\t\t\t\t\t<h2 class=\"elementor-heading-title elementor-size-default\">Paralely v in\u00fdch kult\u00farach<\/h2>\t\t\t\t<\/div>\n\t\t<div class=\"elementor-element elementor-element-iwgw-viracocha-s6c e-con-full e-flex e-con e-child\" data-id=\"iwgw-viracocha-s6c\" data-element_type=\"container\" data-e-type=\"container\">\n\t\t\t\t<div class=\"elementor-element elementor-element-iwgw-viracocha-s6t elementor-widget elementor-widget-text-editor\" data-id=\"iwgw-viracocha-s6t\" data-element_type=\"widget\" data-e-type=\"widget\" data-widget_type=\"text-editor.default\">\n\t\t\t\t\t\t\t\t\t<p>\u0160truktur\u00e1lne mo\u017eno Viracochu porovna\u0165 s in\u00fdmi postavami typu <em>deus otiosus<\/em> v dejin\u00e1ch n\u00e1bo\u017eenstva, teda so stvorite\u013esk\u00fdmi bohmi, ktor\u00ed po stvoren\u00ed ust\u00fapia do \u00fazadia a dost\u00e1vaj\u00fa menej priamy <span class=\"iwg-fachbegriff\" data-tooltip=\"S\u00fahrn n\u00e1bo\u017eensk\u00fdch \u00factov\u00fdch \u00fakonov vo\u010di bo\u017estvu alebo posv\u00e4tnej postave.\" tabindex=\"0\">kult<\/span> ne\u017e mlad\u0161\u00ed \u0161pecializovan\u00ed bohovia. Mircea Eliade op\u00edsal tento vzorec pre africk\u00e9 a sib\u00edrske n\u00e1bo\u017eenstv\u00e1; Pierre Duviols a Henrique Urbano ho aplikovali na Viracochu.<\/p><p>Pr\u00edbuzn\u00fdmi postavami s\u00fa napr\u00edklad starod\u00e1vny africk\u00fd vrchn\u00fd boh <em>Nyame<\/em> Akanov, polyn\u00e9zsky vrchn\u00fd boh <em>Io<\/em> Maorov alebo austr\u00e1lsko-aborigin\u00e1lny <em>Baiame<\/em>. Vo v\u0161etk\u00fdch t\u00fdchto pr\u00edpadoch nar\u00e1\u017eame na stvorite\u013ea, ktor\u00fd stiahnut\u00fd spo\u010d\u00edva na nebi, zatia\u013e \u010do ka\u017edodenn\u00e1 n\u00e1bo\u017eensk\u00e1 prax sa obracia k mlad\u0161\u00edm, bli\u017e\u0161\u00edm bo\u017estv\u00e1m.<\/p><p>V r\u00e1mci \u00c1nd je Viracocha \u00fazko sp\u00e4t\u00fd s pobre\u017en\u00fdm bohom Pachakamakom; v niektor\u00fdch kronik\u00e1ch s\u00fa obaja op\u00edsan\u00ed ako otec a syn alebo ako bratia.<\/p><p>Mary Eyzaguirre vo svojej pr\u00e1ci o kulte Pachakamaka (2003) podrobne sk\u00famala teologick\u00e9 prepojenie oboch vrchn\u00fdch bohov. Porovnate\u013en\u00e9 postavy stvorite\u013esk\u00e9ho boha n\u00e1jdeme v severoamerickom kontexte napr\u00edklad vo <a href=\"https:\/\/iwell-guard.com\/sk\/?page_id=157921\">Wakan Tanka<\/a> Lakotov a v postave star\u00e9ho otca <a href=\"https:\/\/iwell-guard.com\/sk\/?page_id=157924\">Tunkasila<\/a>.<\/p><p>Odborn\u00e1 diskusia o Viracochovi navy\u0161e nastolila ot\u00e1zku, do akej miery mo\u017eno teol\u00f3giu stvorenia v And\u00e1ch klasifikova\u0165 ako monoteistick\u00fa alebo polyteistick\u00fa.<\/p><p>Pierre Duviols v diele <em>Cultura andina y represion<\/em> (1986) argumentoval, \u017ee in\u010dasov\u00e1 <span class=\"iwg-fachbegriff\" data-tooltip=\"Vedeck\u00e9 u\u010denie o Bohu a o viere dan\u00e9ho n\u00e1bo\u017eenstva.\" tabindex=\"0\">teol\u00f3gia<\/span> nezodpoved\u00e1 ani klasick\u00e9mu <span class=\"iwg-fachbegriff\" data-tooltip=\"Viera v jedn\u00e9ho jedin\u00e9ho boha.\" tabindex=\"0\">monoteizmu<\/span>, ani klasick\u00e9mu <span class=\"iwg-fachbegriff\" data-tooltip=\"Viera vo viacero bohov.\" tabindex=\"0\">polyteizmu<\/span>, ale sk\u00f4r <em>henoteizmu<\/em>, v ktorom zost\u00e1va vrchn\u00fd boh v pozad\u00ed, zatia\u013e \u010do je uctievan\u00e9 mno\u017estvo ni\u017e\u0161\u00edch bytost\u00ed.<\/p><p>T\u00fato kateg\u00f3riu zaviedol Max Mueller v 19. storo\u010d\u00ed pre v\u00e9dsky hinduizmus a je prenosn\u00e1 aj na andsk\u00e9 pomery.<\/p><p>Aj porovnanie so staroperzsk\u00fdm <em>Ahura Mazdom<\/em>, mezopot\u00e1mskym <em>Anom<\/em> alebo starogr\u00e9ckym <em>Uranom<\/em> zanechalo stopy v odbornej literat\u00fare. Vo v\u0161etk\u00fdch troch pr\u00edpadoch ide o stvorite\u013esk\u00e9 postavy, ktor\u00e9 \u0161truktur\u00e1lne ustupuj\u00fa mlad\u0161\u00edm hlavn\u00fdm bohom (Mithra, Marduk, Zeus), a predsa zost\u00e1vaj\u00fa \u00fastredn\u00e9 v teologicko-filozofickej reflexii.<\/p>\t\t\t\t\t\t\t\t<\/div>\n\t\t\t\t<\/div>\n\t\t\t\t\t<\/div>\n\t\t\t\t<\/div>\n\t\t<div class=\"elementor-element elementor-element-iwgw-viracocha-s7 e-flex e-con-boxed e-con e-parent\" data-id=\"iwgw-viracocha-s7\" data-element_type=\"container\" data-e-type=\"container\">\n\t\t\t\t\t<div class=\"e-con-inner\">\n\t\t\t\t<div class=\"elementor-element elementor-element-iwgw-viracocha-s7h elementor-widget elementor-widget-heading\" data-id=\"iwgw-viracocha-s7h\" data-element_type=\"widget\" data-e-type=\"widget\" data-widget_type=\"heading.default\">\n\t\t\t\t\t<h2 class=\"elementor-heading-title elementor-size-default\">S\u00fa\u010dasn\u00e1 recepcia a v\u00fdskum<\/h2>\t\t\t\t<\/div>\n\t\t<div class=\"elementor-element elementor-element-iwgw-viracocha-s7c e-con-full e-flex e-con e-child\" data-id=\"iwgw-viracocha-s7c\" data-element_type=\"container\" data-e-type=\"container\">\n\t\t\t\t<div class=\"elementor-element elementor-element-iwgw-viracocha-s7t elementor-widget elementor-widget-text-editor\" data-id=\"iwgw-viracocha-s7t\" data-element_type=\"widget\" data-e-type=\"widget\" data-widget_type=\"text-editor.default\">\n\t\t\t\t\t\t\t\t\t<p><span class=\"iwg-fachbegriff\" data-tooltip=\"S\u00fahrn n\u00e1bo\u017eensk\u00fdch \u00fakonov uctievania venovan\u00fdch bo\u017estvu alebo sv\u00e4tej postave.\" tabindex=\"0\">Kult<\/span> Viracochu s dobyt\u00edm \u00fazemia v\u00e4\u010d\u0161inou zanikol. \u0160panielska misia r\u00fdchlo identifikovala stvorite\u013esk\u00e9ho boha s kres\u0165ansk\u00fdm Bohom, \u010do u\u013eah\u010dilo christianiz\u00e1ciu, ale z\u00e1rove\u0148 sp\u00f4sobilo, \u017ee samostatn\u00e9 uctievanie Viracochu vyprchalo.<\/p><p>V modern\u00fdch quechua-hovoriacich komunit\u00e1ch vyso\u010diny u\u017e <em>Wiraqucha<\/em> nie je samostatn\u00fdm predmetom kultu, ale ozna\u010den\u00edm pre katolicko-kres\u0165ansk\u00e9ho Boha (<em>Dios Wiraqucha<\/em>) alebo pre ctihodn\u00e9ho star\u00e9ho mu\u017ea.<\/p><p>V akademickom v\u00fdskume m\u00e1 Viracocha ako postava pre-imperi\u00e1lnej stvorite\u013eskej teol\u00f3gie \u010falej v\u00fdznam. Henrique Urbano (<em>Wiraqocha y Ayar<\/em>, 1981), Pierre Duviols, Therese Bouysse-Cassagne a Cesar Itier v posledn\u00fdch desa\u0165ro\u010diach uk\u00e1zali, ako \u0161panielski kronik\u00e1ri \u010d\u00edtali andsk\u00e9 koncepty <span class=\"iwg-fachbegriff\" data-tooltip=\"Vedeck\u00e1 n\u00e1uka o Bohu a viere n\u00e1bo\u017eenstva.\" tabindex=\"0\">teol\u00f3gie<\/span> cez kres\u0165ansk\u00fa optiku a \u010diasto\u010dne ich pretvorili.<\/p><p>Je preto metodicky n\u00e1ro\u010dn\u00e9 rekon\u0161truova\u0165 za kronik\u00e1rskymi prame\u0148mi prav\u00e9ho pre-inck\u00e9ho a inck\u00e9ho Viracochu.<\/p><p>Archeologicky v\u00fdskum <em>Staffgoda<\/em> v Tiwanaku, Chav\u00edne (so sl\u00e1vnym reli\u00e9fnym vyobrazen\u00edm na Raimondiho <span class=\"iwg-fachbegriff\" data-tooltip=\"Zvisle stojaca kamenn\u00e1 alebo dreven\u00e1 plat\u0148a s n\u00e1pisom alebo obrazom.\" tabindex=\"0\">st\u00e9le<\/span>) a Wari priniesol nov\u00e9 ind\u00edcie o mo\u017eno \u010faleko dozadu siahaj\u00facej kontinu\u00e1lnej trad\u00edcii stvorite\u013esk\u00e9ho boha.<\/p><p>Obl\u00fak od Chav\u00ednu (okolo 900 pred Kr.) cez Tiwanaku\/Wari (okolo 500, 1000 po Kr.) a\u017e po Inkov (1438, 1532) by, ak sa potvrd\u00ed, predstavoval jeden z dlh\u00fdch obl\u00fakov dej\u00edn n\u00e1bo\u017eenstva Latinskej Ameriky.<\/p><p>D\u00f4le\u017eit\u00fa nov\u0161iu v\u00fdskumn\u00fa l\u00edniu tvor\u00ed archeoastronomick\u00fd v\u00fdskum vz\u0165ahu Viracochu k hvezdnej obloge. Gary Urton v diele <em>At the Crossroads of the Earth and the Sky<\/em> (1981) uk\u00e1zal, \u017ee Inkovia ch\u00e1pali <em>Mlie\u010dnu dr\u00e1hu<\/em> (Mayu) ako kozmick\u00fa rieku, ktor\u00fa Wiraqucha vedie po nebi.<\/p><p>T\u00e1to kozmologick\u00e1 hlbok\u00e1 \u0161trukt\u00fara zostala po\u010das \u0161panielskej misie nepov\u0161imnut\u00e1 a stala sa pr\u00edstupnou a\u017e prostredn\u00edctvom modernej etnoastron\u00f3mie.<\/p>\t\t\t\t\t\t\t\t<\/div>\n\t\t\t\t<\/div>\n\t\t\t\t\t<\/div>\n\t\t\t\t<\/div>\n\t\t<div class=\"elementor-element elementor-element-iwgw-viracocha-s8 e-flex e-con-boxed e-con e-parent\" data-id=\"iwgw-viracocha-s8\" data-element_type=\"container\" data-e-type=\"container\">\n\t\t\t\t\t<div class=\"e-con-inner\">\n\t\t\t\t<div class=\"elementor-element elementor-element-iwgw-viracocha-s8h elementor-widget elementor-widget-heading\" data-id=\"iwgw-viracocha-s8h\" data-element_type=\"widget\" data-e-type=\"widget\" data-widget_type=\"heading.default\">\n\t\t\t\t\t<h2 class=\"elementor-heading-title elementor-size-default\">Literat\u00fara a zdroje<\/h2>\t\t\t\t<\/div>\n\t\t<div class=\"elementor-element elementor-element-iwgw-viracocha-s8c e-con-full e-flex e-con e-child\" data-id=\"iwgw-viracocha-s8c\" data-element_type=\"container\" data-e-type=\"container\">\n\t\t\t\t<div class=\"elementor-element elementor-element-iwgw-viracocha-s8t elementor-widget elementor-widget-text-editor\" data-id=\"iwgw-viracocha-s8t\" data-element_type=\"widget\" data-e-type=\"widget\" data-widget_type=\"text-editor.default\">\n\t\t\t\t\t\t\t\t\t<p>Nasleduj\u00faci v\u00fdber uv\u00e1dza k\u013e\u00fa\u010dov\u00e9 diela andskej etnol\u00f3gie a dejin n\u00e1bo\u017eenstva k ot\u00e1zke Viracochu, s osobitn\u00fdm zrete\u013eom na teologicko-filozofick\u00fa hlbok\u00fa vrstvu n\u00e1bo\u017eenstva inckej doby.<\/p>\t\t\t\t\t\t\t\t<\/div>\n\t\t\t\t<\/div>\n\t\t\t\t\t<\/div>\n\t\t\t\t<\/div>\n\t\t<div class=\"elementor-element elementor-element-cp20b19ce8 e-flex e-con-boxed e-con e-parent\" data-id=\"cp20b19ce8\" data-element_type=\"container\" data-e-type=\"container\">\n\t\t\t\t\t<div class=\"e-con-inner\">\n\t\t\t\t<div class=\"elementor-element elementor-element-cp2cd2ff6b elementor-widget elementor-widget-heading\" data-id=\"cp2cd2ff6b\" data-element_type=\"widget\" data-e-type=\"widget\" data-widget_type=\"heading.default\">\n\t\t\t\t\t<h2 class=\"elementor-heading-title elementor-size-default\">Viracocha v kronik\u00e1ch 16. storo\u010dia<\/h2>\t\t\t\t<\/div>\n\t\t<div class=\"elementor-element elementor-element-cp270124ee e-flex e-con-boxed e-con e-child\" data-id=\"cp270124ee\" data-element_type=\"container\" data-e-type=\"container\">\n\t\t\t\t\t<div class=\"e-con-inner\">\n\t\t\t\t<div class=\"elementor-element elementor-element-cp2c92af90 elementor-widget elementor-widget-text-editor\" data-id=\"cp2c92af90\" data-element_type=\"widget\" data-e-type=\"widget\" data-widget_type=\"text-editor.default\">\n\t\t\t\t\t\t\t\t\t<p>Takmer v\u0161etko, \u010do je o Viracochovi zn\u00e1me, poch\u00e1dza zo \u0161panielskych a mestick\u00fdch kron\u00edk nap\u00edsan\u00fdch po dobyt\u00ed Inckej r\u00ed\u0161e.<\/p><p>K najd\u00f4le\u017eitej\u0161\u00edm prame\u0148om patria diela Juana de Betanzosa, ktor\u00fd bol \u017eenat\u00fd so \u017eenou z inckej \u0161\u013eachty a p\u00edsal okolo roku 1551, Pedra Ciezu de Le\u00f3na, Crist\u00f3bala de Molinu z Cuska a rozsiahle dielo Bernab\u00e9 Coba zo 17. storo\u010dia.<\/p><p>Tieto texty sa v z\u00e1kladn\u00fdch rysoch zhoduj\u00fa, ale v jednotlivostiach sa od seba v\u00fdrazne odli\u0161uj\u00fa.<\/p><p>V kronik\u00e1ch sa Viracocha jav\u00ed ako stvorite\u013esk\u00e1 postava, ktor\u00e1 pri Titicackom jazere stvorila svet, Slnko, Mesiac a prv\u00fdch \u013eud\u00ed a potom putovala krajinou, a\u017e k\u00fdm sa nestratila v mori.<\/p><p>V\u00fdskum si u\u017e zav\u010dasu v\u0161imol, \u017ee toto rozpr\u00e1vanie m\u00f4\u017ee by\u0165 silne prisp\u00f4soben\u00e9 eur\u00f3pskym predstav\u00e1m. Niektor\u00ed kronik\u00e1ri mali tendenciu pribli\u017eova\u0165 Viracochu k najvy\u0161\u0161iemu, takmer monoteistick\u00e9mu bohu, \u010do vyhovovalo misijn\u00fdm z\u00e1ujmom n\u00e1js\u0165 spojovac\u00ed bod s kres\u0165ansk\u00fdm stvorite\u013eom.<\/p><p>Sabine MacCormackov\u00e1 a \u010fal\u0161\u00ed uk\u00e1zali, \u017ee kroniky Viracochu \u010diasto\u010dne stylizovali do abstraktnej najvy\u0161\u0161ej bytosti, ktor\u00e1 mo\u017eno v predkolon\u00e1lnom <span class=\"iwg-fachbegriff\" data-tooltip=\"S\u00fahrn n\u00e1bo\u017eensk\u00fdch \u00factov\u00fdch \u00fakonov vo\u010di bo\u017estvu alebo sv\u00e4tej postave.\" tabindex=\"0\">kulte<\/span> takto nest\u00e1la v centre. Vec s\u0165a\u017euje aj to, \u017ee Viracocha bol aj mnom historick\u00e9ho inck\u00e9ho panovn\u00edka a \u017ee \u0161panielski pozorovatelia oboch nie v\u017edy d\u00f4sledne rozli\u0161ovali.<\/p><p>V\u00e1\u017ena prezent\u00e1cia teda mus\u00ed zd\u00f4razni\u0165, \u017ee tradovan\u00fd obraz Viracochu obsahuje koloni\u00e1lny kon\u0161trukt, ktor\u00e9ho predkolon\u00e1lny z\u00e1klad sa d\u00e1 rekon\u0161truova\u0165 len s neistotou. K region\u00e1lnej n\u00e1bo\u017eenskej praxi Inkov pozri aj <a href=\"https:\/\/iwell-guard.com\/sk\/?page_id=157911\">Inti<\/a>.<\/p>\t\t\t\t\t\t\t\t<\/div>\n\t\t\t\t\t<\/div>\n\t\t\t\t<\/div>\n\t\t\t\t\t<\/div>\n\t\t\t\t<\/div>\n\t\t<div class=\"elementor-element elementor-element-cp287f08ac e-flex e-con-boxed e-con e-parent\" data-id=\"cp287f08ac\" data-element_type=\"container\" data-e-type=\"container\">\n\t\t\t\t\t<div class=\"e-con-inner\">\n\t\t\t\t<div class=\"elementor-element elementor-element-cp286b8694 elementor-widget elementor-widget-heading\" data-id=\"cp286b8694\" data-element_type=\"widget\" data-e-type=\"widget\" data-widget_type=\"heading.default\">\n\t\t\t\t\t<h2 class=\"elementor-heading-title elementor-size-default\">Spor o Viracochu ako najvy\u0161\u0161ieho boha<\/h2>\t\t\t\t<\/div>\n\t\t<div class=\"elementor-element elementor-element-cp2779dfd9 e-flex e-con-boxed e-con e-child\" data-id=\"cp2779dfd9\" data-element_type=\"container\" data-e-type=\"container\">\n\t\t\t\t\t<div class=\"e-con-inner\">\n\t\t\t\t<div class=\"elementor-element elementor-element-cp27b87720 elementor-widget elementor-widget-text-editor\" data-id=\"cp27b87720\" data-element_type=\"widget\" data-e-type=\"widget\" data-widget_type=\"text-editor.default\">\n\t\t\t\t\t\t\t\t\t<p>Dlhotrvaj\u00faca debata andsk\u00e9ho v\u00fdskumu sa t\u00fdka ot\u00e1zky, \u010di bol Viracocha v predkolon\u00e1lnej Inckej r\u00ed\u0161i najvy\u0161\u0161\u00edm bohom, ktor\u00fd st\u00e1l nad ostatn\u00fdmi bo\u017estvami.<\/p><p>V neskorom 19. a za\u010diatkom 20. storo\u010dia zast\u00e1vali niektor\u00ed v\u00fdskumn\u00edci n\u00e1zor, \u017ee Inkovia pod povrchom slne\u010dn\u00e9ho kultu uctievali abstraktn\u00e9ho stvorite\u013esk\u00e9ho boha, bl\u00edzkeho kres\u0165anskej predstave Boha. Tento poh\u013ead zapadal do te\u00f3ri\u00ed, ktor\u00e9 vo vyspel\u00fdch kult\u00farach vyh\u013ead\u00e1vali tendenciu k <span class=\"iwg-fachbegriff\" data-tooltip=\"Viera v jedin\u00e9ho boha.\" tabindex=\"0\">monoteizmu<\/span>.<\/p><p>Neskor\u0161\u00ed v\u00fdskum tento v\u00fdklad v\u00fdrazne relativizoval. Kritici ako Pierre Duviols a R. T. Zuidema upozornili, \u017ee pramene, ktor\u00e9 zobrazuj\u00fa Viracochu ako najvy\u0161\u0161ieho boha, s\u00fa takmer v\u0161etky ovplyvnen\u00e9 mision\u00e1rmi.<\/p><p>V skuto\u010dne dosved\u010denom <span class=\"iwg-fachbegriff\" data-tooltip=\"S\u00fahrn n\u00e1bo\u017eensk\u00fdch \u00factov\u00fdch \u00fakonov vo\u010di bo\u017estvu alebo sv\u00e4tej postave.\" tabindex=\"0\">kulte<\/span> Inkov st\u00e1l v centre \u0161t\u00e1tneho uctievania boh Slnka, s Coricanchou v Cuscu ako najd\u00f4le\u017eitej\u0161ou <span class=\"iwg-fachbegriff\" data-tooltip=\"Miesto zasv\u00e4ten\u00e9 uctievaniu bo\u017estva.\" tabindex=\"0\">sv\u00e4ty\u0148ou<\/span>. Viracocha mal s\u00edce <span class=\"iwg-fachbegriff\" data-tooltip=\"Stavba sl\u00fa\u017eiaca na uctievanie jedn\u00e9ho alebo viacer\u00fdch bo\u017estiev.\" tabindex=\"0\">chr\u00e1m<\/span> a <span class=\"iwg-fachbegriff\" data-tooltip=\"S\u00fahrn n\u00e1bo\u017eensk\u00fdch \u00factov\u00fdch \u00fakonov vo\u010di bo\u017estvu alebo sv\u00e4tej postave.\" tabindex=\"0\">kult<\/span>, ale jeho \u00fadajn\u00e9 nadradenos\u0165 nad v\u0161etk\u00fdmi ostatn\u00fdmi bo\u017estvami sa v prame\u0148och d\u00e1 len \u0165a\u017eko dok\u00e1za\u0165.<\/p><p>S\u00fa\u010dasn\u00fd v\u00fdskum sa prikl\u00e1\u0148a k strednej poz\u00edcii. Viracocha bol v\u00fdznamnou stvorite\u013eskou a p\u00f4vodnou postavou, ktorej uctievanie bolo region\u00e1lne a v ur\u010dit\u00fdch kontextoch d\u00f4le\u017eit\u00e9, ale nebol centrom monoteisticky po\u0148at\u00e9ho syst\u00e9mu.<\/p><p>Predstava o najvy\u0161\u0161om bohu Viracochovi sa dnes vo ve\u013ekej miere pova\u017euje za produkt koloni\u00e1lnej <span class=\"iwg-fachbegriff\" data-tooltip=\"Vedeck\u00e1 n\u00e1uka o Bohu a o viere n\u00e1bo\u017eenstva.\" tabindex=\"0\">teol\u00f3gie<\/span>, ktor\u00e1 v andinskom n\u00e1bo\u017eenstve h\u013eadala protiklad k vlastn\u00e9mu obrazu Boha.<\/p><p>Tento pr\u00edpad je v <span class=\"iwg-fachbegriff\" data-tooltip=\"Veda, ktor\u00e1 porovn\u00e1vaj\u00faco a bez viazanosti na vieru sk\u00fama n\u00e1bo\u017eenstv\u00e1.\" tabindex=\"0\">religionistike<\/span> \u010dasto uv\u00e1dzan\u00fdm pr\u00edkladom toho, ako m\u00f4\u017eu misijn\u00e9 z\u00e1ujmy formova\u0165 rekon\u0161trukciu zaniknut\u00e9ho n\u00e1bo\u017eenstva. Pre zobrazenie Viracochu to znamen\u00e1, \u017ee ka\u017ed\u00e9 tvrdenie o jeho postaven\u00ed v <span class=\"iwg-fachbegriff\" data-tooltip=\"S\u00fahrn bohov n\u00e1bo\u017eenstva alebo kult\u00fary.\" tabindex=\"0\">pante\u00f3ne<\/span> treba bra\u0165 s v\u00fdhradou.<\/p>\t\t\t\t\t\t\t\t<\/div>\n\t\t\t\t\t<\/div>\n\t\t\t\t<\/div>\n\t\t\t\t\t<\/div>\n\t\t\t\t<\/div>\n\t\t<div class=\"elementor-element elementor-element-iwgw-viracocha-lit e-flex e-con-boxed e-con e-parent\" data-id=\"iwgw-viracocha-lit\" data-element_type=\"container\" data-e-type=\"container\">\n\t\t\t\t\t<div class=\"e-con-inner\">\n\t\t\t\t<div class=\"elementor-element elementor-element-iwgw-viracocha-lith elementor-widget elementor-widget-heading\" data-id=\"iwgw-viracocha-lith\" data-element_type=\"widget\" data-e-type=\"widget\" data-widget_type=\"heading.default\">\n\t\t\t\t\t<h2 class=\"elementor-heading-title elementor-size-default\">Literat\u00fara (v\u00fdber)<\/h2>\t\t\t\t<\/div>\n\t\t<div class=\"elementor-element elementor-element-iwgw-viracocha-litc e-con-full e-flex e-con e-child\" data-id=\"iwgw-viracocha-litc\" data-element_type=\"container\" data-e-type=\"container\">\n\t\t\t\t<div class=\"elementor-element elementor-element-iwgw-viracocha-litt elementor-widget elementor-widget-text-editor\" data-id=\"iwgw-viracocha-litt\" data-element_type=\"widget\" data-e-type=\"widget\" data-widget_type=\"text-editor.default\">\n\t\t\t\t\t\t\t\t\t<ul><li>Henrique Urbano: <em>Wiraqocha y Ayar<\/em> (1981)<\/li><li>Pierre Duviols: <em>La lutte contre les religions autochtones<\/em> (1971)<\/li><li>Therese Bouysse-Cassagne: <em>Lluvias y cenizas<\/em> (1988)<\/li><li>Cesar Itier: <em>Les Incas<\/em> (2008)<\/li><li>Pedro Sarmiento de Gamboa: <em>Historia indica<\/em> (1572)<\/li><li>Cristobal de Molina: <em>Relacion de las fabulas y ritos de los Incas<\/em> (1575)<\/li><li>John Janusek: <em>Ancient Tiwanaku<\/em> (2008)<\/li><\/ul>\t\t\t\t\t\t\t\t<\/div>\n\t\t\t\t<\/div>\n\t\t\t\t\t<\/div>\n\t\t\t\t<\/div>\n\t\t<div class=\"elementor-element elementor-element-iwgkw2-add-viracocha e-flex e-con-boxed e-con e-parent\" data-id=\"iwgkw2-add-viracocha\" data-element_type=\"container\" data-e-type=\"container\">\n\t\t\t\t\t<div class=\"e-con-inner\">\n\t\t\t\t<div class=\"elementor-element elementor-element-iwgkw2-add-viracocha-t elementor-widget elementor-widget-text-editor\" data-id=\"iwgkw2-add-viracocha-t\" data-element_type=\"widget\" data-e-type=\"widget\" data-widget_type=\"text-editor.default\">\n\t\t\t\t\t\t\t\t\t<p>V andsk\u00fdch trad\u00edci\u00e1ch je Viracocha pova\u017eovan\u00fd za <em>kozmick\u00e9ho<\/em> <em>usporiadate\u013ea<\/em>, ktor\u00fd stanovil Slnko, Mesiac a hvezdy a stvoril \u013eud\u00ed z v\u00f4d jazera Titicaca; \u0161panielski kronik\u00e1ri Cieza de Le\u00f3n a Betanzos dokumentuj\u00fa tento <span class=\"iwg-fachbegriff\" data-tooltip=\"S\u00fahrn bohov n\u00e1bo\u017eenstva alebo kult\u00fary.\" tabindex=\"0\">pante\u00f3n<\/span>.<\/p>\t\t\t\t\t\t\t\t<\/div>\n\t\t\t\t\t<\/div>\n\t\t\t\t<\/div>\n\t\t<div class=\"elementor-element elementor-element-iwgw-viracocha-kwd e-flex e-con-boxed e-con e-parent\" data-id=\"iwgw-viracocha-kwd\" data-element_type=\"container\" data-e-type=\"container\">\n\t\t\t\t\t<div class=\"e-con-inner\">\n\t\t<div class=\"elementor-element elementor-element-iwgw-viracocha-kwdc e-con-full e-flex e-con e-child\" data-id=\"iwgw-viracocha-kwdc\" data-element_type=\"container\" data-e-type=\"container\">\n\t\t\t\t<div class=\"elementor-element elementor-element-iwgw-viracocha-kwdt elementor-widget elementor-widget-text-editor\" data-id=\"iwgw-viracocha-kwdt\" data-element_type=\"widget\" data-e-type=\"widget\" data-widget_type=\"text-editor.default\">\n\t\t\t\t\t\t\t\t\t<p><em>S\u00favisiace k\u013e\u00fa\u010dov\u00e9 pojmy: Viracocha Wiraqucha Tunupa Pachayachachiq Tiwanaku Staffgod Pacaritambo Raqchi Cacha.<\/em><\/p>\t\t\t\t\t\t\t\t<\/div>\n\t\t\t\t<\/div>\n\t\t\t\t\t<\/div>\n\t\t\t\t<\/div>\n\t\t<div class=\"elementor-element elementor-element-iwgw-viracocha-cc e-flex e-con-boxed e-con e-parent\" data-id=\"iwgw-viracocha-cc\" data-element_type=\"container\" data-e-type=\"container\" id=\"iwg-cc-viracocha\">\n\t\t\t\t\t<div class=\"e-con-inner\">\n\t\t<div class=\"elementor-element elementor-element-iwgw-viracocha-ccinner e-flex e-con-boxed e-con e-parent\" data-id=\"iwgw-viracocha-ccinner\" data-element_type=\"container\" data-e-type=\"container\" data-settings=\"{&quot;background_background&quot;:&quot;classic&quot;}\">\n\t\t\t\t\t<div class=\"e-con-inner\">\n\t\t\t\t<div class=\"elementor-element elementor-element-iwgw-viracocha-cch elementor-widget elementor-widget-heading\" data-id=\"iwgw-viracocha-cch\" data-element_type=\"widget\" data-e-type=\"widget\" data-widget_type=\"heading.default\">\n\t\t\t\t\t<h2 class=\"elementor-heading-title elementor-size-default\">iWell Guard a ochrann\u00e9 trad\u00edcie<\/h2>\t\t\t\t<\/div>\n\t\t\t\t<div class=\"elementor-element elementor-element-iwgw-viracocha-cct elementor-widget elementor-widget-text-editor\" data-id=\"iwgw-viracocha-cct\" data-element_type=\"widget\" data-e-type=\"widget\" data-widget_type=\"text-editor.default\">\n\t\t\t\t\t\t\t\t\t<div data-nosnippet=\"true\"><p>iWell Guard nadv\u00e4zuje na kult\u00farno-historick\u00fa trad\u00edciu nosite\u013en\u00fdch ochrann\u00fdch predmetov, v trad\u00edcii <a href=\"https:\/\/iwell-guard.com\/sk\/?page_id=157901\">Andy \/ Inkovia<\/a> a mnoh\u00fdch \u010fal\u0161\u00edch kult\u00far po celom svete. 41 vrstiev, skuto\u010dn\u00e9 zlato, platina, striebro, vyroben\u00e9 v Nemecku. 30-d\u0148ov\u00e1 lehota na vr\u00e1tenie.<\/p><\/div>\t\t\t\t\t\t\t\t<\/div>\n\t\t\t\t<div class=\"elementor-element elementor-element-iwgw-viracocha-ccb iwg-cc-button iwg-cc-cta-2026-05-13 elementor-widget elementor-widget-jet-button\" data-id=\"iwgw-viracocha-ccb\" data-element_type=\"widget\" data-e-type=\"widget\" data-widget_type=\"jet-button.default\">\n\t\t\t\t<div class=\"elementor-widget-container\">\n\t\t\t\t\t<div class=\"elementor-jet-button jet-elements\"><div class=\"jet-button__container\"><a class=\"jet-button__instance jet-button__instance--icon-left hover-effect-1\" href=\"\/ueber-iwell-guard\/?utm_source=iwell-guard.com&amp;utm_medium=info-box&amp;utm_campaign=wesen-tradition\"><div class=\"jet-button__plane jet-button__plane-normal\"><\/div><div class=\"jet-button__plane jet-button__plane-hover\"><\/div><div class=\"jet-button__state jet-button__state-normal\"><span class=\"jet-button__label\">Viac o iWell Guard<\/span><\/div><div class=\"jet-button__state jet-button__state-hover\"><span class=\"jet-button__label\">Viac o iWell Guard<\/span><\/div><\/a><\/div><\/div><style>.elementor-element.elementor-element-iwgw-viracocha-ccb .jet-button__instance{width:320px;height:56px;}.elementor-element.elementor-element-iwgw-viracocha-ccb .jet-button__state-normal .jet-button__label{text-align:center;margin:0px 0px 0px 0px;color:#1a1b20;font-family:Montserrat,sans-serif;font-size:13px;font-weight:400;letter-spacing:4px;line-height:1.714em;text-transform:uppercase;}.elementor-element.elementor-element-iwgw-viracocha-ccb .jet-button__state-hover .jet-button__label{text-align:center;margin:0px 0px 0px 0px;color:#FECC76;font-family:Montserrat,sans-serif;font-size:13px;font-weight:400;letter-spacing:4px;line-height:1.714em;text-transform:uppercase;}.elementor-element.elementor-element-iwgw-viracocha-ccb .jet-button__plane-normal{background-color:#FECC76;border-style:solid;border-color:#C99540;border-width:2px 2px 2px 2px;}.elementor-element.elementor-element-iwgw-viracocha-ccb .jet-button__plane-hover{background-color:rgba(0,0,0,0.55);border-style:solid;border-color:#FECC76;border-width:2px 2px 2px 2px;}<\/style>\t\t\t\t<\/div>\n\t\t\t\t<\/div>\n\t\t\t\t<div class=\"elementor-element elementor-element-iwgw-viracocha-ccd elementor-widget elementor-widget-text-editor\" data-id=\"iwgw-viracocha-ccd\" data-element_type=\"widget\" data-e-type=\"widget\" data-widget_type=\"text-editor.default\">\n\t\t\t\t\t\t\t\t\t<div data-nosnippet=\"true\"><p style=\"text-align:center;font-size:13px;opacity:0.7;margin-top:14px\" data-nosnippet=\"true\">Osobn\u00e9 sk\u00fasenosti sa m\u00f4\u017eu l\u00ed\u0161i\u0165. Nie je to zdravotn\u00edcka pom\u00f4cka. \u017diadny pr\u00eds\u013eub lie\u010denia.<\/p><\/div>\t\t\t\t\t\t\t\t<\/div>\n\t\t\t\t\t<\/div>\n\t\t\t\t<\/div>\n\t\t\t\t\t<\/div>\n\t\t\t\t<\/div>\n\t\t<div class=\"elementor-element elementor-element-iwgw-viracocha-disc e-flex e-con-boxed e-con e-parent\" data-id=\"iwgw-viracocha-disc\" data-element_type=\"container\" data-e-type=\"container\">\n\t\t\t\t\t<div class=\"e-con-inner\">\n\t\t\t\t<div class=\"elementor-element elementor-element-iwgw-viracocha-discw elementor-widget elementor-widget-html\" data-id=\"iwgw-viracocha-discw\" data-element_type=\"widget\" data-e-type=\"widget\" data-widget_type=\"html.default\">\n\t\t\t\t\t<footer data-nosnippet=\"true\" class=\"iwg-disclaimer-block\"><p data-nosnippet=\"true\">iWell Guard <strong>nie je zdravotn\u00edcka pom\u00f4cka<\/strong> a nenahr\u00e1dza lek\u00e1rske ani psychoterapeutick\u00e9 o\u0161etrenie. Religionistick\u00fd obsah predstavuje kult\u00farno-historick\u00e9 zaradenie, nie odpor\u00fa\u010danie duchovnej praxe.<\/p><\/footer>\t\t\t\t<\/div>\n\t\t\t\t\t<\/div>\n\t\t\t\t<\/div>\n\t\t\t\t<\/div>\n\t\t","protected":false},"excerpt":{"rendered":"","protected":false},"author":3,"featured_media":2684,"parent":0,"menu_order":0,"comment_status":"closed","ping_status":"closed","template":"elementor_header_footer","meta":{"_yoast_wpseo_focuskw":"Viracocha stvorite\u013esk\u00fd boh Inkov","_yoast_wpseo_title":"Viracocha \u2013 inksk\u00fd stvorite\u013esk\u00fd boh a m\u00fdtus","_yoast_wpseo_metadesc":"Viracocha, stvorite\u013esk\u00fd boh \u00c1nd, sa v ran\u00fdch kronik\u00e1ch pova\u017euje za najvy\u0161\u0161iu bytos\u0165 e\u0161te pred Intim. Religionistick\u00e9 zaradenie vr\u00e1tane kultu.","_yoast_wpseo_meta-robots-noindex":"","_yoast_wpseo_canonical":"","_angie_page":false,"gefaehrdungsstufe":"1","wesen_kultur":"anden-inka","wesen_klasse":"goetter","footnotes":""},"categories":[],"class_list":["post-157914","page","type-page","status-publish","has-post-thumbnail","hentry"],"yoast_head":"<!-- This site is optimized with the Yoast SEO Premium plugin v27.7 (Yoast SEO v28.3) - https:\/\/yoast.com\/product\/yoast-seo-premium-wordpress\/ -->\n<title>Viracocha \u2013 inksk\u00fd stvorite\u013esk\u00fd boh a m\u00fdtus<\/title>\n<meta name=\"description\" content=\"Viracocha, stvorite\u013esk\u00fd boh \u00c1nd, sa v ran\u00fdch kronik\u00e1ch pova\u017euje za najvy\u0161\u0161iu bytos\u0165 e\u0161te pred Intim. Religionistick\u00e9 zaradenie vr\u00e1tane kultu.\" \/>\n<meta name=\"robots\" content=\"index, follow, max-snippet:-1, max-image-preview:large, max-video-preview:-1\" \/>\n<link rel=\"canonical\" href=\"https:\/\/iwell-guard.com\/sk\/viracocha-stvoritelsky-boh-and\/\" \/>\n<meta property=\"og:locale\" content=\"sk_SK\" \/>\n<meta property=\"og:type\" content=\"article\" \/>\n<meta property=\"og:title\" content=\"Viracocha \u2013 stvorite\u013esk\u00fd boh \u00c1nd\" \/>\n<meta property=\"og:description\" content=\"Viracocha, stvorite\u013esk\u00fd boh \u00c1nd, sa v ran\u00fdch kronik\u00e1ch pova\u017euje za najvy\u0161\u0161iu bytos\u0165 e\u0161te pred Intim. Religionistick\u00e9 zaradenie vr\u00e1tane kultu.\" \/>\n<meta property=\"og:url\" content=\"https:\/\/iwell-guard.com\/sk\/viracocha-stvoritelsky-boh-and\/\" \/>\n<meta property=\"og:site_name\" content=\"iWell Guard\" \/>\n<meta property=\"article:modified_time\" content=\"2026-09-04T22:45:42+00:00\" \/>\n<meta property=\"og:image\" content=\"https:\/\/iwell-guard.com\/wp-content\/uploads\/2026\/05\/goetter_anden-inka_viracocha.webp\" \/>\n\t<meta property=\"og:image:width\" content=\"1024\" \/>\n\t<meta property=\"og:image:height\" content=\"1536\" \/>\n\t<meta property=\"og:image:type\" content=\"image\/webp\" \/>\n<meta name=\"twitter:card\" content=\"summary_large_image\" \/>\n<script type=\"application\/ld+json\" class=\"yoast-schema-graph\">{\"@context\":\"https:\\\/\\\/schema.org\",\"@graph\":[{\"@type\":\"WebPage\",\"@id\":\"https:\\\/\\\/iwell-guard.com\\\/sk\\\/viracocha-stvoritelsky-boh-and\\\/\",\"url\":\"https:\\\/\\\/iwell-guard.com\\\/sk\\\/viracocha-stvoritelsky-boh-and\\\/\",\"name\":\"Viracocha \u2013 inksk\u00fd stvorite\u013esk\u00fd boh a m\u00fdtus\",\"isPartOf\":{\"@id\":\"https:\\\/\\\/iwell-guard.com\\\/sk\\\/#website\"},\"primaryImageOfPage\":{\"@id\":\"https:\\\/\\\/iwell-guard.com\\\/sk\\\/viracocha-stvoritelsky-boh-and\\\/#primaryimage\"},\"image\":{\"@id\":\"https:\\\/\\\/iwell-guard.com\\\/sk\\\/viracocha-stvoritelsky-boh-and\\\/#primaryimage\"},\"thumbnailUrl\":\"https:\\\/\\\/iwell-guard.com\\\/wp-content\\\/uploads\\\/2026\\\/05\\\/goetter_anden-inka_viracocha.webp\",\"datePublished\":\"2026-09-04T22:19:23+00:00\",\"dateModified\":\"2026-09-04T22:45:42+00:00\",\"description\":\"Viracocha, stvorite\u013esk\u00fd boh \u00c1nd, sa v ran\u00fdch kronik\u00e1ch pova\u017euje za najvy\u0161\u0161iu bytos\u0165 e\u0161te pred Intim. Religionistick\u00e9 zaradenie vr\u00e1tane kultu.\",\"breadcrumb\":{\"@id\":\"https:\\\/\\\/iwell-guard.com\\\/sk\\\/viracocha-stvoritelsky-boh-and\\\/#breadcrumb\"},\"inLanguage\":\"sk-SK\",\"potentialAction\":[{\"@type\":\"ReadAction\",\"target\":[\"https:\\\/\\\/iwell-guard.com\\\/sk\\\/viracocha-stvoritelsky-boh-and\\\/\"]}]},{\"@type\":\"ImageObject\",\"inLanguage\":\"sk-SK\",\"@id\":\"https:\\\/\\\/iwell-guard.com\\\/sk\\\/viracocha-stvoritelsky-boh-and\\\/#primaryimage\",\"url\":\"https:\\\/\\\/iwell-guard.com\\\/wp-content\\\/uploads\\\/2026\\\/05\\\/goetter_anden-inka_viracocha.webp\",\"contentUrl\":\"https:\\\/\\\/iwell-guard.com\\\/wp-content\\\/uploads\\\/2026\\\/05\\\/goetter_anden-inka_viracocha.webp\",\"width\":1024,\"height\":1536,\"caption\":\"Bohovia z andsko-inkskej trad\u00edcie.\"},{\"@type\":\"BreadcrumbList\",\"@id\":\"https:\\\/\\\/iwell-guard.com\\\/sk\\\/viracocha-stvoritelsky-boh-and\\\/#breadcrumb\",\"itemListElement\":[{\"@type\":\"ListItem\",\"position\":1,\"name\":\"Start\",\"item\":\"https:\\\/\\\/iwell-guard.com\\\/sk\\\/?page_id=157572\"},{\"@type\":\"ListItem\",\"position\":2,\"name\":\"Viracocha \u2013 stvorite\u013esk\u00fd boh \u00c1nd\"}]},{\"@type\":\"WebSite\",\"@id\":\"https:\\\/\\\/iwell-guard.com\\\/sk\\\/#website\",\"url\":\"https:\\\/\\\/iwell-guard.com\\\/sk\\\/\",\"name\":\"iWell Guard\",\"description\":\"Schutz vor dunklen Einfl\u00fcssen\",\"publisher\":{\"@id\":\"https:\\\/\\\/iwell-guard.com\\\/sk\\\/#organization\"},\"potentialAction\":[{\"@type\":\"SearchAction\",\"target\":{\"@type\":\"EntryPoint\",\"urlTemplate\":\"https:\\\/\\\/iwell-guard.com\\\/sk\\\/?s={search_term_string}\"},\"query-input\":{\"@type\":\"PropertyValueSpecification\",\"valueRequired\":true,\"valueName\":\"search_term_string\"}}],\"inLanguage\":\"sk-SK\"},{\"@type\":\"Organization\",\"@id\":\"https:\\\/\\\/iwell-guard.com\\\/sk\\\/#organization\",\"name\":\"Ittermann electronic GmbH\",\"url\":\"https:\\\/\\\/iwell-guard.com\\\/sk\\\/\",\"logo\":{\"@type\":\"ImageObject\",\"inLanguage\":\"sk-SK\",\"@id\":\"https:\\\/\\\/iwell-guard.com\\\/sk\\\/#\\\/schema\\\/logo\\\/image\\\/\",\"url\":\"https:\\\/\\\/iwell-guard.com\\\/wp-content\\\/uploads\\\/2026\\\/05\\\/Ittermann-Logo-1182x237-1.png\",\"contentUrl\":\"https:\\\/\\\/iwell-guard.com\\\/wp-content\\\/uploads\\\/2026\\\/05\\\/Ittermann-Logo-1182x237-1.png\",\"width\":1182,\"height\":237,\"caption\":\"Ittermann electronic GmbH\"},\"image\":{\"@id\":\"https:\\\/\\\/iwell-guard.com\\\/sk\\\/#\\\/schema\\\/logo\\\/image\\\/\"},\"sameAs\":[\"https:\\\/\\\/pantip.com\\\/profile\\\/9367242\",\"https:\\\/\\\/micro.blog\\\/iwellguard\",\"https:\\\/\\\/www.diggerslist.com\\\/iwellguard\\\/about\",\"https:\\\/\\\/skitterphoto.com\\\/photographers\\\/2870314\\\/iwell-guard\",\"https:\\\/\\\/iwellguard.wordpress.com\\\/2026\\\/06\\\/06\\\/iwell-guard\\\/\",\"https:\\\/\\\/hub.docker.com\\\/u\\\/iwellguard\",\"https:\\\/\\\/www.pinterest.com\\\/iwellguard\\\/\",\"https:\\\/\\\/bit.ly\\\/m\\\/iwellguard\",\"https:\\\/\\\/entre-vos-mains.alsace.eu\\\/profiles\\\/iwellguard\\\/activity\",\"https:\\\/\\\/gravatar.com\\\/reallybeded8fd34\",\"https:\\\/\\\/naijamatta.com\\\/iwellguard\",\"https:\\\/\\\/www.goodreads.com\\\/iwellguard\",\"https:\\\/\\\/profile.hatena.ne.jp\\\/iwellguard\\\/\",\"https:\\\/\\\/experiment.com\\\/users\\\/iwellguard\",\"https:\\\/\\\/wakelet.com\\\/@iWellGuard82270\",\"https:\\\/\\\/www.chordie.com\\\/forum\\\/profile.php?id=2555664\",\"https:\\\/\\\/www.instapaper.com\\\/p\\\/17757966\",\"https:\\\/\\\/www.mapleprimes.com\\\/users\\\/iwellguard\",\"https:\\\/\\\/businesslistingplus.com\\\/profile\\\/iwell-guard\\\/\",\"https:\\\/\\\/telegra.ph\\\/iWell-Guard-06-06\",\"https:\\\/\\\/pbase.com\\\/iwellguard\\\/iwellguard\",\"https:\\\/\\\/b.hatena.ne.jp\\\/iwellguard\\\/20260607#bookmark-4788405196491818882\",\"https:\\\/\\\/fliphtml5.com\\\/home\\\/iwellguard\",\"https:\\\/\\\/anyflip.com\\\/homepage\\\/cmiwl#About\",\"https:\\\/\\\/transfur.com\\\/Users\\\/iwellguard\",\"http:\\\/\\\/delphi.larsbo.org\\\/user\\\/iwellguard\",\"https:\\\/\\\/jobs.lajobsportal.org\\\/profiles\\\/8380803-iwell-guard\",\"https:\\\/\\\/md.chaosdorf.de\\\/s\\\/jfbe5SBdJD\",\"https:\\\/\\\/www.lingvolive.com\\\/en-us\\\/profile\\\/9ecaeaca-ce11-4e51-9e71-01d55e2bff36\\\/translations\",\"https:\\\/\\\/www.fitday.com\\\/fitness\\\/forums\\\/members\\\/iwellguard.html\",\"https:\\\/\\\/www.mymeetbook.com\\\/iwellguard\",\"https:\\\/\\\/pxhere.com\\\/en\\\/photographer-me\\\/5040798\",\"https:\\\/\\\/disqus.com\\\/by\\\/iwellguard\\\/about\\\/\",\"https:\\\/\\\/pastelink.net\\\/hjwciqwq\",\"https:\\\/\\\/pubhtml5.com\\\/homepage\\\/scjhn\\\/\",\"https:\\\/\\\/www.bitchute.com\\\/channel\\\/2O2eOKzNqujT\",\"https:\\\/\\\/audiomack.com\\\/iwellguard\"]},{\"@type\":\"Article\",\"@id\":\"https:\\\/\\\/iwell-guard.com\\\/sk\\\/viracocha-stvoritelsky-boh-and\\\/#article\",\"isPartOf\":{\"@id\":\"https:\\\/\\\/iwell-guard.com\\\/sk\\\/viracocha-stvoritelsky-boh-and\\\/\"},\"author\":{\"name\":\"Ralf Ittermann\",\"@id\":\"https:\\\/\\\/iwell-guard.com\\\/sk\\\/#\\\/schema\\\/person\\\/ee2a27f1cac3406c7c6fb5820cb7349f\"},\"headline\":\"Viracocha \u2013 stvorite\u013esk\u00fd boh \u00c1nd\",\"datePublished\":\"2026-09-04T22:19:23+00:00\",\"dateModified\":\"2026-09-04T22:45:42+00:00\",\"mainEntityOfPage\":{\"@id\":\"https:\\\/\\\/iwell-guard.com\\\/sk\\\/viracocha-stvoritelsky-boh-and\\\/\"},\"publisher\":{\"@id\":\"https:\\\/\\\/iwell-guard.com\\\/sk\\\/#organization\"},\"image\":{\"@id\":\"https:\\\/\\\/iwell-guard.com\\\/sk\\\/viracocha-stvoritelsky-boh-and\\\/#primaryimage\"},\"thumbnailUrl\":\"https:\\\/\\\/iwell-guard.com\\\/wp-content\\\/uploads\\\/2026\\\/05\\\/goetter_anden-inka_viracocha.webp\",\"inLanguage\":\"sk-SK\",\"description\":\"Viracocha, stvorite\u013esk\u00fd boh \u00c1nd, sa v ran\u00fdch kronik\u00e1ch pova\u017euje za najvy\u0161\u0161iu bytos\u0165 e\u0161te pred Intim. Religionistick\u00e9 zaradenie vr\u00e1tane kultu.\"}]}<\/script>\n<!-- \/ Yoast SEO Premium plugin. -->","yoast_head_json":{"title":"Viracocha \u2013 inksk\u00fd stvorite\u013esk\u00fd boh a m\u00fdtus","description":"Viracocha, stvorite\u013esk\u00fd boh \u00c1nd, sa v ran\u00fdch kronik\u00e1ch pova\u017euje za najvy\u0161\u0161iu bytos\u0165 e\u0161te pred Intim. Religionistick\u00e9 zaradenie vr\u00e1tane kultu.","robots":{"index":"index","follow":"follow","max-snippet":"max-snippet:-1","max-image-preview":"max-image-preview:large","max-video-preview":"max-video-preview:-1"},"canonical":"https:\/\/iwell-guard.com\/sk\/viracocha-stvoritelsky-boh-and\/","og_locale":"sk_SK","og_type":"article","og_title":"Viracocha \u2013 stvorite\u013esk\u00fd boh \u00c1nd","og_description":"Viracocha, stvorite\u013esk\u00fd boh \u00c1nd, sa v ran\u00fdch kronik\u00e1ch pova\u017euje za najvy\u0161\u0161iu bytos\u0165 e\u0161te pred Intim. Religionistick\u00e9 zaradenie vr\u00e1tane kultu.","og_url":"https:\/\/iwell-guard.com\/sk\/viracocha-stvoritelsky-boh-and\/","og_site_name":"iWell Guard","article_modified_time":"2026-09-04T22:45:42+00:00","og_image":[{"width":1024,"height":1536,"url":"https:\/\/iwell-guard.com\/wp-content\/uploads\/2026\/05\/goetter_anden-inka_viracocha.webp","type":"image\/webp"}],"twitter_card":"summary_large_image","schema":{"@context":"https:\/\/schema.org","@graph":[{"@type":"Article","@id":"https:\/\/iwell-guard.com\/sk\/viracocha-stvoritelsky-boh-and\/#article","isPartOf":{"@id":"https:\/\/iwell-guard.com\/sk\/viracocha-stvoritelsky-boh-and\/"},"author":{"name":"Ralf Ittermann","@id":"https:\/\/iwell-guard.com\/sk\/#\/schema\/person\/ee2a27f1cac3406c7c6fb5820cb7349f"},"headline":"Viracocha \u2013 stvorite\u013esk\u00fd boh \u00c1nd","datePublished":"2026-09-04T22:19:23+00:00","dateModified":"2026-09-04T22:45:42+00:00","mainEntityOfPage":{"@id":"https:\/\/iwell-guard.com\/sk\/viracocha-stvoritelsky-boh-and\/"},"publisher":{"@id":"https:\/\/iwell-guard.com\/sk\/#organization"},"image":{"@id":"https:\/\/iwell-guard.com\/sk\/viracocha-stvoritelsky-boh-and\/#primaryimage"},"thumbnailUrl":"https:\/\/iwell-guard.com\/wp-content\/uploads\/2026\/05\/goetter_anden-inka_viracocha.webp","inLanguage":"sk-SK","description":"Viracocha, stvorite\u013esk\u00fd boh \u00c1nd, sa v ran\u00fdch kronik\u00e1ch pova\u017euje za najvy\u0161\u0161iu bytos\u0165 e\u0161te pred Intim. Religionistick\u00e9 zaradenie vr\u00e1tane kultu."},{"@type":"WebPage","@id":"https:\/\/iwell-guard.com\/sk\/viracocha-stvoritelsky-boh-and\/","url":"https:\/\/iwell-guard.com\/sk\/viracocha-stvoritelsky-boh-and\/","name":"Viracocha \u2013 inksk\u00fd stvorite\u013esk\u00fd boh a m\u00fdtus","isPartOf":{"@id":"https:\/\/iwell-guard.com\/sk\/#website"},"primaryImageOfPage":{"@id":"https:\/\/iwell-guard.com\/sk\/viracocha-stvoritelsky-boh-and\/#primaryimage"},"image":{"@id":"https:\/\/iwell-guard.com\/sk\/viracocha-stvoritelsky-boh-and\/#primaryimage"},"thumbnailUrl":"https:\/\/iwell-guard.com\/wp-content\/uploads\/2026\/05\/goetter_anden-inka_viracocha.webp","datePublished":"2026-09-04T22:19:23+00:00","dateModified":"2026-09-04T22:45:42+00:00","description":"Viracocha, stvorite\u013esk\u00fd boh \u00c1nd, sa v ran\u00fdch kronik\u00e1ch pova\u017euje za najvy\u0161\u0161iu bytos\u0165 e\u0161te pred Intim. Religionistick\u00e9 zaradenie vr\u00e1tane kultu.","breadcrumb":{"@id":"https:\/\/iwell-guard.com\/sk\/viracocha-stvoritelsky-boh-and\/#breadcrumb"},"inLanguage":"sk-SK","potentialAction":[{"@type":"ReadAction","target":["https:\/\/iwell-guard.com\/sk\/viracocha-stvoritelsky-boh-and\/"]}]},{"@type":"ImageObject","inLanguage":"sk-SK","@id":"https:\/\/iwell-guard.com\/sk\/viracocha-stvoritelsky-boh-and\/#primaryimage","url":"https:\/\/iwell-guard.com\/wp-content\/uploads\/2026\/05\/goetter_anden-inka_viracocha.webp","contentUrl":"https:\/\/iwell-guard.com\/wp-content\/uploads\/2026\/05\/goetter_anden-inka_viracocha.webp","width":1024,"height":1536,"caption":"Bohovia z andsko-inkskej trad\u00edcie."},{"@type":"BreadcrumbList","@id":"https:\/\/iwell-guard.com\/sk\/viracocha-stvoritelsky-boh-and\/#breadcrumb","itemListElement":[{"@type":"ListItem","position":1,"name":"Start","item":"https:\/\/iwell-guard.com\/sk\/?page_id=157572"},{"@type":"ListItem","position":2,"name":"Viracocha \u2013 stvorite\u013esk\u00fd boh \u00c1nd"}]},{"@type":"WebSite","@id":"https:\/\/iwell-guard.com\/sk\/#website","url":"https:\/\/iwell-guard.com\/sk\/","name":"iWell Guard","description":"Schutz vor dunklen Einfl\u00fcssen","publisher":{"@id":"https:\/\/iwell-guard.com\/sk\/#organization"},"potentialAction":[{"@type":"SearchAction","target":{"@type":"EntryPoint","urlTemplate":"https:\/\/iwell-guard.com\/sk\/?s={search_term_string}"},"query-input":{"@type":"PropertyValueSpecification","valueRequired":true,"valueName":"search_term_string"}}],"inLanguage":"sk-SK"},{"@type":"Organization","@id":"https:\/\/iwell-guard.com\/sk\/#organization","name":"Ittermann electronic GmbH","url":"https:\/\/iwell-guard.com\/sk\/","logo":{"@type":"ImageObject","inLanguage":"sk-SK","@id":"https:\/\/iwell-guard.com\/sk\/#\/schema\/logo\/image\/","url":"https:\/\/iwell-guard.com\/wp-content\/uploads\/2026\/05\/Ittermann-Logo-1182x237-1.png","contentUrl":"https:\/\/iwell-guard.com\/wp-content\/uploads\/2026\/05\/Ittermann-Logo-1182x237-1.png","width":1182,"height":237,"caption":"Ittermann electronic GmbH"},"image":{"@id":"https:\/\/iwell-guard.com\/sk\/#\/schema\/logo\/image\/"},"sameAs":["https:\/\/pantip.com\/profile\/9367242","https:\/\/micro.blog\/iwellguard","https:\/\/www.diggerslist.com\/iwellguard\/about","https:\/\/skitterphoto.com\/photographers\/2870314\/iwell-guard","https:\/\/iwellguard.wordpress.com\/2026\/06\/06\/iwell-guard\/","https:\/\/hub.docker.com\/u\/iwellguard","https:\/\/www.pinterest.com\/iwellguard\/","https:\/\/bit.ly\/m\/iwellguard","https:\/\/entre-vos-mains.alsace.eu\/profiles\/iwellguard\/activity","https:\/\/gravatar.com\/reallybeded8fd34","https:\/\/naijamatta.com\/iwellguard","https:\/\/www.goodreads.com\/iwellguard","https:\/\/profile.hatena.ne.jp\/iwellguard\/","https:\/\/experiment.com\/users\/iwellguard","https:\/\/wakelet.com\/@iWellGuard82270","https:\/\/www.chordie.com\/forum\/profile.php?id=2555664","https:\/\/www.instapaper.com\/p\/17757966","https:\/\/www.mapleprimes.com\/users\/iwellguard","https:\/\/businesslistingplus.com\/profile\/iwell-guard\/","https:\/\/telegra.ph\/iWell-Guard-06-06","https:\/\/pbase.com\/iwellguard\/iwellguard","https:\/\/b.hatena.ne.jp\/iwellguard\/20260607#bookmark-4788405196491818882","https:\/\/fliphtml5.com\/home\/iwellguard","https:\/\/anyflip.com\/homepage\/cmiwl#About","https:\/\/transfur.com\/Users\/iwellguard","http:\/\/delphi.larsbo.org\/user\/iwellguard","https:\/\/jobs.lajobsportal.org\/profiles\/8380803-iwell-guard","https:\/\/md.chaosdorf.de\/s\/jfbe5SBdJD","https:\/\/www.lingvolive.com\/en-us\/profile\/9ecaeaca-ce11-4e51-9e71-01d55e2bff36\/translations","https:\/\/www.fitday.com\/fitness\/forums\/members\/iwellguard.html","https:\/\/www.mymeetbook.com\/iwellguard","https:\/\/pxhere.com\/en\/photographer-me\/5040798","https:\/\/disqus.com\/by\/iwellguard\/about\/","https:\/\/pastelink.net\/hjwciqwq","https:\/\/pubhtml5.com\/homepage\/scjhn\/","https:\/\/www.bitchute.com\/channel\/2O2eOKzNqujT","https:\/\/audiomack.com\/iwellguard"]},{"@type":"Person","@id":"https:\/\/iwell-guard.com\/sk\/#\/schema\/person\/ee2a27f1cac3406c7c6fb5820cb7349f","name":"Ralf Ittermann","image":{"@type":"ImageObject","inLanguage":"sk-SK","@id":"https:\/\/secure.gravatar.com\/avatar\/073c0153e350a5005b68eb752b445fea71f6b24a26da9449ad7e155e6b446c9d?s=96&d=mm&r=g","url":"https:\/\/secure.gravatar.com\/avatar\/073c0153e350a5005b68eb752b445fea71f6b24a26da9449ad7e155e6b446c9d?s=96&d=mm&r=g","contentUrl":"https:\/\/secure.gravatar.com\/avatar\/073c0153e350a5005b68eb752b445fea71f6b24a26da9449ad7e155e6b446c9d?s=96&d=mm&r=g","caption":"Ralf Ittermann"},"givenName":"Ralf","familyName":"Ittermann","jobTitle":"Gesch\u00e4ftsf\u00fchrer und redaktioneller Verantwortlicher","url":"https:\/\/iwell-guard.com\/sk\/author\/claude\/","description":"Ralf Ittermann ist Gesch\u00e4ftsf\u00fchrer der Ittermann electronic GmbH und redaktioneller Verantwortlicher des iWell-Guard-Lexikons. Er verbindet langj\u00e4hrige Erfahrung in der Pr\u00e4zisionsfertigung mit medialer Praxis und religionsgeschichtlicher Quellenarbeit.","worksFor":{"@type":"Organization","name":"Ittermann electronic GmbH","url":"https:\/\/ittermann.de\/","address":{"@type":"PostalAddress","streetAddress":"K\u00f6hlergasse 16-18","postalCode":"99842","addressLocality":"Ruhla","addressCountry":"DE"}},"knowsAbout":["Religionsgeschichte","Mythologie","Mediale Praxis","Energetische Diagnostik","Schutzpraxis","Volksglauben","Westliche Esoterik"]},{"@type":"Article","@id":"https:\/\/iwell-guard.com\/sk\/viracocha-stvoritelsky-boh-and\/#article","isPartOf":{"@id":"https:\/\/iwell-guard.com\/sk\/viracocha-stvoritelsky-boh-and\/"},"author":{"name":"Ralf Ittermann","@id":"https:\/\/iwell-guard.com\/sk\/#\/schema\/person\/ee2a27f1cac3406c7c6fb5820cb7349f"},"headline":"Viracocha \u2013 stvorite\u013esk\u00fd boh \u00c1nd","datePublished":"2026-09-04T22:19:23+00:00","dateModified":"2026-09-04T22:45:42+00:00","mainEntityOfPage":{"@id":"https:\/\/iwell-guard.com\/sk\/viracocha-stvoritelsky-boh-and\/"},"publisher":{"@id":"https:\/\/iwell-guard.com\/sk\/#organization"},"image":{"@id":"https:\/\/iwell-guard.com\/sk\/viracocha-stvoritelsky-boh-and\/#primaryimage"},"thumbnailUrl":"https:\/\/iwell-guard.com\/wp-content\/uploads\/2026\/05\/goetter_anden-inka_viracocha.webp","inLanguage":"sk-SK","description":"Viracocha, stvorite\u013esk\u00fd boh \u00c1nd, sa v ran\u00fdch kronik\u00e1ch pova\u017euje za najvy\u0161\u0161iu bytos\u0165 e\u0161te pred Intim. Religionistick\u00e9 zaradenie vr\u00e1tane kultu."}]}},"_links":{"self":[{"href":"https:\/\/iwell-guard.com\/sk\/wp-json\/wp\/v2\/pages\/157914","targetHints":{"allow":["GET"]}}],"collection":[{"href":"https:\/\/iwell-guard.com\/sk\/wp-json\/wp\/v2\/pages"}],"about":[{"href":"https:\/\/iwell-guard.com\/sk\/wp-json\/wp\/v2\/types\/page"}],"author":[{"embeddable":true,"href":"https:\/\/iwell-guard.com\/sk\/wp-json\/wp\/v2\/users\/3"}],"replies":[{"embeddable":true,"href":"https:\/\/iwell-guard.com\/sk\/wp-json\/wp\/v2\/comments?post=157914"}],"version-history":[{"count":0,"href":"https:\/\/iwell-guard.com\/sk\/wp-json\/wp\/v2\/pages\/157914\/revisions"}],"wp:featuredmedia":[{"embeddable":true,"href":"https:\/\/iwell-guard.com\/sk\/wp-json\/wp\/v2\/media\/2684"}],"wp:attachment":[{"href":"https:\/\/iwell-guard.com\/sk\/wp-json\/wp\/v2\/media?parent=157914"}],"wp:term":[{"taxonomy":"category","embeddable":true,"href":"https:\/\/iwell-guard.com\/sk\/wp-json\/wp\/v2\/categories?post=157914"}],"curies":[{"name":"wp","href":"https:\/\/api.w.org\/{rel}","templated":true}]}}