{"id":157913,"date":"2026-09-04T22:19:22","date_gmt":"2026-09-04T22:19:22","guid":{"rendered":"https:\/\/iwell-guard.com\/?page_id=157913"},"modified":"2026-09-04T22:45:43","modified_gmt":"2026-09-04T22:45:43","slug":"mama-killa-mesacna-bohyna-inkov","status":"publish","type":"page","link":"https:\/\/iwell-guard.com\/sk\/mama-killa-mesacna-bohyna-inkov\/","title":{"rendered":"Mama Killa \u2013 mesa\u010dn\u00e1 bohy\u0148a Inkov"},"content":{"rendered":"\t\t<div data-elementor-type=\"wp-page\" data-elementor-id=\"157913\" class=\"elementor elementor-157913 elementor-2577 elementor-bc-flex-widget\" data-elementor-post-type=\"page\">\n\t\t\t\t<div class=\"elementor-element elementor-element-iwgw-mamakilla-hero e-flex e-con-boxed e-con e-parent\" data-id=\"iwgw-mamakilla-hero\" data-element_type=\"container\" data-e-type=\"container\" data-settings=\"{&quot;background_background&quot;:&quot;classic&quot;}\">\n\t\t\t\t\t<div class=\"e-con-inner\">\n\t\t<div class=\"elementor-element elementor-element-iwgw-mamakilla-hl e-flex e-con-boxed e-con e-child\" data-id=\"iwgw-mamakilla-hl\" data-element_type=\"container\" data-e-type=\"container\">\n\t\t\t\t\t<div class=\"e-con-inner\">\n\t\t<div class=\"elementor-element elementor-element-iwgw-mamakilla-htxt e-con-full e-flex e-con e-child\" data-id=\"iwgw-mamakilla-htxt\" data-element_type=\"container\" data-e-type=\"container\">\n\t\t\t\t<div class=\"elementor-element elementor-element-iwgw-mamakilla-h1 elementor-widget elementor-widget-heading\" data-id=\"iwgw-mamakilla-h1\" data-element_type=\"widget\" data-e-type=\"widget\" data-widget_type=\"heading.default\">\n\t\t\t\t\t<h1 class=\"elementor-heading-title elementor-size-default\">Mama Killa, mesa\u010dn\u00e1 bohy\u0148a a sestra-man\u017eelka slne\u010dn\u00e9ho boha<\/h1>\t\t\t\t<\/div>\n\t\t\t\t<div class=\"elementor-element elementor-element-iwgw-mamakilla-lead elementor-widget elementor-widget-text-editor\" data-id=\"iwgw-mamakilla-lead\" data-element_type=\"widget\" data-e-type=\"widget\" data-widget_type=\"text-editor.default\">\n\t\t\t\t\t\t\t\t\t<p>Mama Killa (ke\u010dua <em>Mama Killa<\/em>) je mesa\u010dn\u00e1 bohy\u0148a Inkov, sestra-man\u017eelka slne\u010dn\u00e9ho boha <a href=\"https:\/\/iwell-guard.com\/sk\/?page_id=157911\">Intiho<\/a> a patr\u00f3nka \u017eien, kalend\u00e1rneho poriadku \u010dasu a ritu\u00e1lnej \u010distoty. Jej chr\u00e1mov\u00e1 oblas\u0165 v Coricanche v Cuscu bola oblo\u017een\u00e1 strieborn\u00fdmi plat\u0148ami.<\/p>\t\t\t\t\t\t\t\t<\/div>\n\t\t\t\t<\/div>\n\t\t<div class=\"elementor-element elementor-element-iwgw-mamakilla-pillc e-con-full e-flex e-con e-child\" data-id=\"iwgw-mamakilla-pillc\" data-element_type=\"container\" data-e-type=\"container\">\n\t\t\t\t<div class=\"elementor-element elementor-element-iwgw-mamakilla-pills elementor-widget elementor-widget-html\" data-id=\"iwgw-mamakilla-pills\" data-element_type=\"widget\" data-e-type=\"widget\" data-widget_type=\"html.default\">\n\t\t\t\t\t<div class=\"iwg-pill-row\"><span class=\"iwg-klasse-badge\" tabindex=\"0\" data-tooltip=\"Bohy\u0148a trad\u00edcie Andy \/ Inkovia.\">Bohy\u0148a<\/span><a href=\"https:\/\/iwell-guard.com\/sk\/?page_id=157901\" class=\"iwg-kultur-badge\" tabindex=\"0\" data-tooltip=\"Mytol\u00f3gia trad\u00edcie Andy \/ Inkovia.\">Andy \/ Inkovia<\/a><span class=\"iwg-tradition-badge\" tabindex=\"0\" data-tooltip=\"Mesa\u010dn\u00e1 bohy\u0148a.\">Mesa\u010dn\u00e1 bohy\u0148a<\/span><\/div>\t\t\t\t<\/div>\n\t\t\t\t<\/div>\n\t\t<div class=\"elementor-element elementor-element-iwgw-mamakilla-tocc e-con-full e-flex e-con e-child\" data-id=\"iwgw-mamakilla-tocc\" data-element_type=\"container\" data-e-type=\"container\">\n\t\t\t\t<div class=\"elementor-element elementor-element-iwgw-mamakilla-toc elementor-toc--minimized-on-tablet elementor-widget elementor-widget-table-of-contents\" data-id=\"iwgw-mamakilla-toc\" data-element_type=\"widget\" data-e-type=\"widget\" data-settings=\"{&quot;headings_by_tags&quot;:[&quot;h2&quot;,&quot;h3&quot;],&quot;minimize_box&quot;:&quot;yes&quot;,&quot;marker_view&quot;:&quot;bullets&quot;,&quot;no_headings_message&quot;:&quot;Na tejto str\\u00e1nke sa nena\\u0161li \\u017eiadne nadpisy.&quot;,&quot;exclude_headings_by_selector&quot;:[],&quot;icon&quot;:{&quot;value&quot;:&quot;fas fa-circle&quot;,&quot;library&quot;:&quot;fa-solid&quot;,&quot;rendered_tag&quot;:&quot;&lt;svg class=\\&quot;e-font-icon-svg e-fas-circle\\&quot; viewBox=\\&quot;0 0 512 512\\&quot; xmlns=\\&quot;http:\\\/\\\/www.w3.org\\\/2000\\\/svg\\&quot;&gt;&lt;path d=\\&quot;M256 8C119 8 8 119 8 256s111 248 248 248 248-111 248-248S393 8 256 8z\\&quot;&gt;&lt;\\\/path&gt;&lt;\\\/svg&gt;&quot;},&quot;minimized_on&quot;:&quot;tablet&quot;,&quot;hierarchical_view&quot;:&quot;yes&quot;,&quot;min_height&quot;:{&quot;unit&quot;:&quot;px&quot;,&quot;size&quot;:&quot;&quot;,&quot;sizes&quot;:[]},&quot;min_height_tablet&quot;:{&quot;unit&quot;:&quot;px&quot;,&quot;size&quot;:&quot;&quot;,&quot;sizes&quot;:[]},&quot;min_height_mobile&quot;:{&quot;unit&quot;:&quot;px&quot;,&quot;size&quot;:&quot;&quot;,&quot;sizes&quot;:[]}}\" data-widget_type=\"table-of-contents.default\">\n\t\t\t\t\t\t\t\t\t<div class=\"elementor-toc__header\">\n\t\t\t\t\t\t<h2 class=\"elementor-toc__header-title\">\n\t\t\t\tObsah\t\t\t<\/h2>\n\t\t\t\t\t\t\t\t\t\t<div class=\"elementor-toc__toggle-button elementor-toc__toggle-button--expand\" role=\"button\" tabindex=\"0\" aria-controls=\"elementor-toc__iwgw-mamakilla-toc\" aria-expanded=\"true\" aria-label=\"Open table of contents\"><svg aria-hidden=\"true\" class=\"e-font-icon-svg e-fas-chevron-down\" viewBox=\"0 0 448 512\" xmlns=\"http:\/\/www.w3.org\/2000\/svg\"><path d=\"M207.029 381.476L12.686 187.132c-9.373-9.373-9.373-24.569 0-33.941l22.667-22.667c9.357-9.357 24.522-9.375 33.901-.04L224 284.505l154.745-154.021c9.379-9.335 24.544-9.317 33.901.04l22.667 22.667c9.373 9.373 9.373 24.569 0 33.941L240.971 381.476c-9.373 9.372-24.569 9.372-33.942 0z\"><\/path><\/svg><\/div>\n\t\t\t\t<div class=\"elementor-toc__toggle-button elementor-toc__toggle-button--collapse\" role=\"button\" tabindex=\"0\" aria-controls=\"elementor-toc__iwgw-mamakilla-toc\" aria-expanded=\"true\" aria-label=\"Close table of contents\"><svg aria-hidden=\"true\" class=\"e-font-icon-svg e-fas-chevron-up\" viewBox=\"0 0 448 512\" xmlns=\"http:\/\/www.w3.org\/2000\/svg\"><path d=\"M240.971 130.524l194.343 194.343c9.373 9.373 9.373 24.569 0 33.941l-22.667 22.667c-9.357 9.357-24.522 9.375-33.901.04L224 227.495 69.255 381.516c-9.379 9.335-24.544 9.317-33.901-.04l-22.667-22.667c-9.373-9.373-9.373-24.569 0-33.941L207.03 130.525c9.372-9.373 24.568-9.373 33.941-.001z\"><\/path><\/svg><\/div>\n\t\t\t\t\t<\/div>\n\t\t\t\t<div id=\"elementor-toc__iwgw-mamakilla-toc\" class=\"elementor-toc__body\">\n\t\t\t<div class=\"elementor-toc__spinner-container\">\n\t\t\t\t<svg class=\"elementor-toc__spinner eicon-animation-spin e-font-icon-svg e-eicon-loading\" aria-hidden=\"true\" viewBox=\"0 0 1000 1000\" xmlns=\"http:\/\/www.w3.org\/2000\/svg\"><path d=\"M500 975V858C696 858 858 696 858 500S696 142 500 142 142 304 142 500H25C25 237 238 25 500 25S975 237 975 500 763 975 500 975Z\"><\/path><\/svg>\t\t\t<\/div>\n\t\t<\/div>\n\t\t\t\t\t\t<\/div>\n\t\t\t\t<\/div>\n\t\t\t\t\t<\/div>\n\t\t\t\t<\/div>\n\t\t<div class=\"elementor-element elementor-element-iwgw-mamakilla-hr e-con-full e-flex e-con e-child\" data-id=\"iwgw-mamakilla-hr\" data-element_type=\"container\" data-e-type=\"container\">\n\t\t\t\t<div class=\"elementor-element elementor-element-iwgw-mamakilla-heroimg iwg-hero-image elementor-widget elementor-widget-image\" data-id=\"iwgw-mamakilla-heroimg\" data-element_type=\"widget\" data-e-type=\"widget\" data-widget_type=\"image.default\">\n\t\t\t\t\t\t\t\t\t\t\t\t\t\t\t<img fetchpriority=\"high\" decoding=\"async\" width=\"683\" height=\"1024\" src=\"https:\/\/iwell-guard.com\/wp-content\/uploads\/2026\/05\/goetter_anden-inka_mama-killa-683x1024.webp\" class=\"attachment-large size-large wp-image-159854\" alt=\"Mama Killa \u2013 bohy\u0148a z andsko-inkskej trad\u00edcie, historicko-ilustra\u010dn\u00e9 zobrazenie\" srcset=\"https:\/\/iwell-guard.com\/wp-content\/uploads\/2026\/05\/goetter_anden-inka_mama-killa-683x1024.webp 683w, https:\/\/iwell-guard.com\/wp-content\/uploads\/2026\/05\/goetter_anden-inka_mama-killa-200x300.webp 200w, https:\/\/iwell-guard.com\/wp-content\/uploads\/2026\/05\/goetter_anden-inka_mama-killa-768x1152.webp 768w, https:\/\/iwell-guard.com\/wp-content\/uploads\/2026\/05\/goetter_anden-inka_mama-killa.webp 1024w\" sizes=\"(max-width: 683px) 100vw, 683px\" \/>\t\t\t\t\t\t\t\t\t\t\t\t\t\t\t<\/div>\n\t\t\t\t<\/div>\n\t\t\t\t\t<\/div>\n\t\t\t\t<\/div>\n\t\t\t\t<section class=\"elementor-section elementor-top-section elementor-element elementor-element-sec-iwgcomp-mama-killa elementor-section-boxed elementor-section-height-default elementor-section-height-default\" data-id=\"sec-iwgcomp-mama-killa\" data-element_type=\"section\" data-e-type=\"section\">\n\t\t\t\t\t\t<div class=\"elementor-container elementor-column-gap-default\">\n\t\t\t\t\t<div class=\"elementor-column elementor-col-100 elementor-top-column elementor-element elementor-element-col-iwgcomp-mama-killa\" data-id=\"col-iwgcomp-mama-killa\" data-element_type=\"column\" data-e-type=\"column\">\n\t\t\t<div class=\"elementor-widget-wrap elementor-element-populated\">\n\t\t\t\t\t\t<div class=\"elementor-element elementor-element-iwgcomp-mama-killa elementor-widget elementor-widget-text-editor\" data-id=\"iwgcomp-mama-killa\" data-element_type=\"widget\" data-e-type=\"widget\" data-widget_type=\"text-editor.default\">\n\t\t\t\t\t\t\t\t\t<p>Mama Killa, <strong>insk\u00e1 mesa\u010dn\u00e1 bohy\u0148a<\/strong>, je pova\u017eovan\u00e1 za sestru a man\u017eelku Intiho a vl\u00e1dne no\u010dnej sf\u00e9re.<\/p>\t\t\t\t\t\t\t\t<\/div>\n\t\t\t\t\t<\/div>\n\t\t<\/div>\n\t\t\t\t\t<\/div>\n\t\t<\/section>\n\t\t<div class=\"elementor-element elementor-element-iwgw-mamakilla-s0 e-flex e-con-boxed e-con e-parent\" data-id=\"iwgw-mamakilla-s0\" data-element_type=\"container\" data-e-type=\"container\">\n\t\t\t\t\t<div class=\"e-con-inner\">\n\t\t\t\t<div class=\"elementor-element elementor-element-iwgw-mamakilla-s0h elementor-widget elementor-widget-heading\" data-id=\"iwgw-mamakilla-s0h\" data-element_type=\"widget\" data-e-type=\"widget\" data-widget_type=\"heading.default\">\n\t\t\t\t\t<h2 class=\"elementor-heading-title elementor-size-default\">Postavenie v andskom pante\u00f3ne<\/h2>\t\t\t\t<\/div>\n\t\t<div class=\"elementor-element elementor-element-iwgw-mamakilla-s0c e-con-full e-flex e-con e-child\" data-id=\"iwgw-mamakilla-s0c\" data-element_type=\"container\" data-e-type=\"container\">\n\t\t\t\t<div class=\"elementor-element elementor-element-iwgw-mamakilla-s0t elementor-widget elementor-widget-text-editor\" data-id=\"iwgw-mamakilla-s0t\" data-element_type=\"widget\" data-e-type=\"widget\" data-widget_type=\"text-editor.default\">\n\t\t\t\t\t\t\t\t\t<p>Mama Killa patr\u00ed k najvy\u0161\u0161\u00edm \u017eensk\u00fdm bo\u017estv\u00e1m insk\u00e9ho \u0161t\u00e1tneho kultu.<\/p><p>Garcilaso de la Vega ju vo svojich <em>Comentarios Reales<\/em> (1609) popisuje ako sestru a man\u017eelku <a href=\"https:\/\/iwell-guard.com\/sk\/?page_id=157911\">Intiho<\/a>; jej vlastn\u00e1 chr\u00e1mov\u00e1 oblas\u0165 v Coricanche v Cuscu sa nach\u00e1dzala priamo ved\u013ea Slne\u010dn\u00e9ho chr\u00e1mu, bola v\u0161ak oblo\u017een\u00e1 strieborn\u00fdmi plat\u0148ami namiesto zlata, \u010do bol d\u00f4sledn\u00fd ikonografick\u00fd v\u00fdraz podriaden\u00e9ho, a napriek tomu samostatn\u00e9ho postavenia mesa\u010dnej bohyne.<\/p><p>Z religionistick\u00e9ho h\u013eadiska sa zara\u010fuje do roz\u0161\u00edren\u00e9ho vzorca lun\u00e1rno-sol\u00e1rnych s\u00farodeneck\u00fdch p\u00e1rov, ktor\u00fd sa tiahne od staroegyptskej konstel\u00e1cie Hathor\/Re cez japonsk\u00e9 p\u00e1rovanie Tsukiyomi\/Amaterasu a\u017e po mezopot\u00e1msky vz\u0165ah I\u0161tar\/\u0160ama\u0161. V r\u00e1mci \u00c1nd tvor\u00ed \u017eensk\u00fd doplnok mu\u017esk\u00e9ho komplexu sol\u00e1rnej teol\u00f3gie a z\u00e1rove\u0148 definuje kultov\u00e9 postavenie vysoko postavenej <em>Coye<\/em>, hlavnej man\u017eelky Inku.<\/p><p>Catherine Allenov\u00e1 upozor\u0148uje, \u017ee Mama Killa je v modern\u00fdch ke\u010du\u00e1nsky hovoriacich dedin\u00e1ch pr\u00edtomn\u00e1 ove\u013ea menej ne\u017e <a href=\"https:\/\/iwell-guard.com\/sk\/?page_id=157912\">Pachamama<\/a>; p\u00f4sob\u00ed sk\u00f4r ako \u010dasovo-kalend\u00e1rny usporad\u00favaj\u00faci princ\u00edp, ktor\u00fd ur\u010duje \u010das sejby a zberu, ne\u017e ako osobne vz\u00fdvan\u00e9 ochrann\u00e9 bo\u017estvo.<\/p><p>Tento odstup sa vysvet\u013euje \u0161t\u00e1tno-imperi\u00e1lnym charakterom jej uctievania v inskej dobe, ktor\u00e9 po z\u00e1niku inskej politickej \u0161trukt\u00fary stratilo svoju in\u0161titucion\u00e1lnu oporu.<\/p><p>Insk\u00e9 hlavn\u00e9 mesto Cusco bolo kozmologicky rozdelen\u00e9 na <em>hanan<\/em> (horn\u00e9) a <em>hurin<\/em> (doln\u00e9) Cusco, ktor\u00e9 pod\u013ea Toma Zuidemu mali komplement\u00e1rne konot\u00e1cie mu\u017esk\u00e9\/\u017eensk\u00e9, sol\u00e1rne\/lun\u00e1rne.<\/p><p>Mama Killa bola uctievan\u00e1 najm\u00e4 v \u0161tvrtiach hurin-Cusca, ktor\u00e9 predstavovali doln\u00fa, vlhkej\u0161iu, \u017eenskej\u0161ie konotovan\u00fa polovicu mesta. Toto usporiadanie nebolo len form\u00e1lnou sch\u00e9mou, ale ur\u010dovalo pravidl\u00e1 uzatv\u00e1rania man\u017eelstiev, povinnosti medzi \u0161tvr\u0165ami a kalend\u00e1rne ritu\u00e1lne funkcie.<\/p>\t\t\t\t\t\t\t\t<\/div>\n\t\t\t\t<\/div>\n\t\t\t\t\t<\/div>\n\t\t\t\t<\/div>\n\t\t<div class=\"elementor-element elementor-element-iwgw-mamakilla-s1 e-flex e-con-boxed e-con e-parent\" data-id=\"iwgw-mamakilla-s1\" data-element_type=\"container\" data-e-type=\"container\">\n\t\t\t\t\t<div class=\"e-con-inner\">\n\t\t\t\t<div class=\"elementor-element elementor-element-iwgw-mamakilla-s1h elementor-widget elementor-widget-heading\" data-id=\"iwgw-mamakilla-s1h\" data-element_type=\"widget\" data-e-type=\"widget\" data-widget_type=\"heading.default\">\n\t\t\t\t\t<h2 class=\"elementor-heading-title elementor-size-default\">Meno a etymol\u00f3gia<\/h2>\t\t\t\t<\/div>\n\t\t<div class=\"elementor-element elementor-element-iwgw-mamakilla-s1c e-con-full e-flex e-con e-child\" data-id=\"iwgw-mamakilla-s1c\" data-element_type=\"container\" data-e-type=\"container\">\n\t\t\t\t<div class=\"elementor-element elementor-element-iwgw-mamakilla-s1t elementor-widget elementor-widget-text-editor\" data-id=\"iwgw-mamakilla-s1t\" data-element_type=\"widget\" data-e-type=\"widget\" data-widget_type=\"text-editor.default\">\n\t\t\t\t\t\t\t\t\t<p>Meno <em>Mama Killa<\/em> je jednoduch\u00fdm ke\u010du\u00e1nskym zlo\u017een\u00edm zo slov <em>mama<\/em> (matka, \u017eena, vysoko postaven\u00e1 \u017eena) a <em>killa<\/em> (mesiac, mesiac v zmysle \u010dasovej jednotky). Podobne ako pri <em>inti<\/em> ozna\u010duje toto slovo tak fyzick\u00e9 nebesk\u00e9 teleso, ako aj personifikovan\u00e9 <span class=\"iwg-fachbegriff\" data-tooltip=\"Bytos\u0165 uctievan\u00e1 ako bo\u017esk\u00e1 v r\u00e1mci n\u00e1bo\u017eenstva.\" tabindex=\"0\">bo\u017estvo<\/span>, \u010do je typick\u00e9 splynutie pr\u00edrodnej a numin\u00f3znej roviny v andskom myslen\u00ed.<\/p><p>Diego Gonzalez Holgu\u00edn uv\u00e1dza vo svojom <em>Vocabulario<\/em> (1608) v\u00fdznam slova <em>killa<\/em> ako <em>luna o mes<\/em>. Dvojzmysel mesiac\/mesiac (\u010dasov\u00e1 jednotka) je pr\u00edzna\u010dn\u00fd: Mama Killa nie je len mesa\u010dnou podobou na nebi, ale aj personifik\u00e1ciou kalend\u00e1rneho mesa\u010dn\u00e9ho \u010dasu, pod\u013ea ktor\u00e9ho sa riadi \u017eensk\u00e1 biol\u00f3gia, sejba a zber.<\/p><p>V oblasti Aymara sa nach\u00e1dza ekvivalent <em>Phaxsi Mama<\/em>, tie\u017e mesa\u010dn\u00e1 matka. Region\u00e1lny variant <em>Quilla<\/em> s dvojit\u00fdm <em>l<\/em> sa vyskytuje v niektor\u00fdch star\u0161\u00edch \u0161panielskych kronik\u00e1ch (Sarmiento, Cobo) a odr\u00e1\u017ea ran\u00fa pravopisn\u00fa prax \u0161panielskych mision\u00e1rov.<\/p><p>Jazykovohistoricky zauj\u00edmav\u00e1 je bl\u00edzka pr\u00edbuznos\u0165 slov <em>killa<\/em> a <em>killay<\/em>, ke\u010du\u00e1nskeho slovesa znamenaj\u00faceho <em>\u010daka\u0165<\/em> alebo <em>\u010daka\u0165 na<\/em>. Cesar Itier vo svojich jazykovedn\u00fdch pr\u00e1cach o inskej <span class=\"iwg-fachbegriff\" data-tooltip=\"Vedeck\u00e1 n\u00e1uka o Bohu a viere n\u00e1bo\u017eenstva.\" tabindex=\"0\">teol\u00f3gii<\/span> vyslovil hypot\u00e9zu, \u017ee <em>killa<\/em> p\u00f4vodne mohlo ozna\u010dova\u0165 \u010dakaciu f\u00e1zu medzi sejbami, po\u010das ktorej mesa\u010dn\u00e9 cykly \u0161trukturovali ro\u013en\u00edkom trpezlivos\u0165 medzi sejbou a zberom.<\/p><p>T\u00e1to hypot\u00e9za vysvet\u013euje nezvy\u010dajn\u00fa dvojit\u00fa funkciu mesa\u010dnej bohyne ako personifik\u00e1cie \u010dakacieho \u010dasu a kalend\u00e1rneho usporad\u00favaj\u00faceho princ\u00edpu sp\u00f4sobom, ktor\u00fd prevy\u0161uje \u010disto astronomick\u00fd v\u00fdklad.<\/p>\t\t\t\t\t\t\t\t<\/div>\n\t\t\t\t<\/div>\n\t\t\t\t\t<\/div>\n\t\t\t\t<\/div>\n\t\t<div class=\"elementor-element elementor-element-iwgw-mamakilla-s2 e-flex e-con-boxed e-con e-parent\" data-id=\"iwgw-mamakilla-s2\" data-element_type=\"container\" data-e-type=\"container\">\n\t\t\t\t\t<div class=\"e-con-inner\">\n\t\t\t\t<div class=\"elementor-element elementor-element-iwgw-mamakilla-s2h elementor-widget elementor-widget-heading\" data-id=\"iwgw-mamakilla-s2h\" data-element_type=\"widget\" data-e-type=\"widget\" data-widget_type=\"heading.default\">\n\t\t\t\t\t<h2 class=\"elementor-heading-title elementor-size-default\">Popis a ikonografia<\/h2>\t\t\t\t<\/div>\n\t\t<div class=\"elementor-element elementor-element-iwgw-mamakilla-s2c e-con-full e-flex e-con e-child\" data-id=\"iwgw-mamakilla-s2c\" data-element_type=\"container\" data-e-type=\"container\">\n\t\t\t\t<div class=\"elementor-element elementor-element-iwgw-mamakilla-s2t elementor-widget elementor-widget-text-editor\" data-id=\"iwgw-mamakilla-s2t\" data-element_type=\"widget\" data-e-type=\"widget\" data-widget_type=\"text-editor.default\">\n\t\t\t\t\t\t\t\t\t<p>Mama Killa je v prame\u0148och popisovan\u00e1 ako striebroleskl\u00fd kot\u00fa\u010d s antropomorfnou tv\u00e1rou, \u017eensk\u00fd protip\u00f3l zlat\u00e9ho Punchao Intiho. Tento striebren\u00fd kot\u00fa\u010d st\u00e1l v tzv. <em>Killakancha<\/em>, mesa\u010dnej komore Coricancha. Polo de Ondegardo a Bernab\u00e9 Cobo uv\u00e1dzaj\u00fa, \u017ee mesa\u010dn\u00fd kot\u00fa\u010d bol po \u0161panielskom dobyt\u00ed roztaven\u00fd, a preto sa nezachoval.<\/p><p>V koloni\u00e1lnom maliarstve cusque\u0148a sa Mama Killa \u010dasto objavuje ako \u017eensk\u00e1 postava so striebornou diad\u00e9mou v tvare mesa\u010dn\u00e9ho kot\u00fa\u010da, \u010dasto doprev\u00e1dzan\u00e1 stylizovanou hvezdnou oblohou. V niektor\u00fdch dielach cuzskej \u0161koly je zobrazen\u00e1 ako <em>synkr\u00e9za Panny M\u00e1rie, Pachamamy a Mama Killy<\/em>, napr\u00edklad na anjelsk\u00fdch ma\u013eb\u00e1ch kostola San Pedro v Andahuaylillas.<\/p><p>Zauj\u00edmav\u00e9 je astronomick\u00e9 pozorovanie mesa\u010dn\u00fdch \u0161kv\u0155n v inkskej <span class=\"iwg-fachbegriff\" data-tooltip=\"Vedeck\u00e1 n\u00e1uka o Bohu a viere n\u00e1bo\u017eenstva.\" tabindex=\"0\">teol\u00f3gii<\/span>: tmav\u00e9 \u0161kvrny na Mesiaci boli interpretovan\u00e9 ako li\u0161ka, ktor\u00e1 sa z l\u00e1sky privinula k Mama Kille a nav\u017edy sa vp\u00e1lila do jej tv\u00e1re. Tento pr\u00edbeh o mesa\u010dn\u00fdch \u0161kvrn\u00e1ch odovzdal Crist\u00f3bal de Molina a patr\u00ed k zriedkav\u00fdm zachovan\u00fdm inksk\u00fdm m\u00fdtom s astronomicko-etiologick\u00fdm charakterom.<\/p><p>Striebren\u00fd kot\u00fa\u010d Mama Killy v Killakanche mal pod\u013ea Garcilasa pribli\u017ene rovnak\u00fa ve\u013ekos\u0165 ako zlat\u00fd obraz Punchao patriaci Intimu.<\/p><p>Na rozdiel od Punchao, ktor\u00e9 sa vyn\u00e1\u0161alo z najsv\u00e4tej\u0161ej sv\u00e4tyne iba na sviatky, bol mesa\u010dn\u00fd kot\u00fa\u010d vidite\u013en\u00fd st\u00e1le, preto\u017ee mesa\u010dn\u00e1 <span class=\"iwg-fachbegriff\" data-tooltip=\"Vedeck\u00e1 n\u00e1uka o Bohu a viere n\u00e1bo\u017eenstva.\" tabindex=\"0\">teol\u00f3gia<\/span> netvorila \u0165a\u017eisko politickej sebaprezent\u00e1cie Inku, a preto nebolo potrebn\u00e9 jej zobrazenie obmedzova\u0165 tak striktne.<\/p><p>Na vn\u00fatorn\u00fdch sten\u00e1ch Killakanchy st\u00e1li okrem toho mumifikovan\u00e9 tel\u00e1 zosnul\u00fdch hlavn\u00fdch man\u017eeliek (<em>Mallqui Coya<\/em>), \u017eensk\u00fd protip\u00f3l gal\u00e9rie predkov Mallqui v chr\u00e1me Intiho.<\/p>\t\t\t\t\t\t\t\t<\/div>\n\t\t\t\t<\/div>\n\t\t\t\t\t<\/div>\n\t\t\t\t<\/div>\n\t\t<div class=\"elementor-element elementor-element-iwgw-mamakilla-s3 e-flex e-con-boxed e-con e-parent\" data-id=\"iwgw-mamakilla-s3\" data-element_type=\"container\" data-e-type=\"container\">\n\t\t\t\t\t<div class=\"e-con-inner\">\n\t\t\t\t<div class=\"elementor-element elementor-element-iwgw-mamakilla-s3h elementor-widget elementor-widget-heading\" data-id=\"iwgw-mamakilla-s3h\" data-element_type=\"widget\" data-e-type=\"widget\" data-widget_type=\"heading.default\">\n\t\t\t\t\t<h2 class=\"elementor-heading-title elementor-size-default\">Mytologick\u00e9 rozpr\u00e1vania<\/h2>\t\t\t\t<\/div>\n\t\t<div class=\"elementor-element elementor-element-iwgw-mamakilla-s3c e-con-full e-flex e-con e-child\" data-id=\"iwgw-mamakilla-s3c\" data-element_type=\"container\" data-e-type=\"container\">\n\t\t\t\t<div class=\"elementor-element elementor-element-iwgw-mamakilla-s3t elementor-widget elementor-widget-text-editor\" data-id=\"iwgw-mamakilla-s3t\" data-element_type=\"widget\" data-e-type=\"widget\" data-widget_type=\"text-editor.default\">\n\t\t\t\t\t\t\t\t\t<p>Najd\u00f4le\u017eitej\u0161\u00ed <span class=\"iwg-fachbegriff\" data-tooltip=\"Tradovan\u00fd pr\u00edbeh o bohoch, p\u00f4vode a poriadku svet.\" tabindex=\"0\">m\u00fdtus<\/span> o Mama Kille vysvet\u013euje zatmenia Mesiaca. Pod\u013ea Garcilasa de la Vegy Inkovia verili, \u017ee po\u010das zatmenia Mesiaca kozmick\u00fd <em>puma<\/em> alebo <em>had<\/em> napadne mesa\u010dn\u00fa bohy\u0148u a hroz\u00ed, \u017ee ju zhltne.<\/p><p>Aby tento \u00fatok odvr\u00e1tili, \u013eudia v Cuscu po\u010das noc\u00ed zatmenia Mesiaca robili ve\u013ek\u00fd hluk: bili na panvice, \u0161tekan\u00edm n\u00fatili psy, strie\u013eali \u0161\u00edpy smerom k Mesiacu a sna\u017eili sa tak za\u00fato\u010diace zviera zapla\u0161i\u0165. T\u00e1to prax je zaznamenan\u00e1 aj v kronike Felipe Guamana Poma de Ayala (1615).<\/p><p>\u010eal\u0161\u00ed pr\u00edbeh sp\u00e1ja Mama Killu s etiol\u00f3giou striebornych n\u00e1lez\u00edsk v And\u00e1ch. Pod\u013ea <span class=\"iwg-fachbegriff\" data-tooltip=\"Odovzd\u00e1vanie vedomost\u00ed a pr\u00edbehov medzi gener\u00e1ciami.\" tabindex=\"0\">trad\u00edcie<\/span> zaznamenanej kronik\u00e1rom Antoniom V\u00e1zquezom de Espinosa plakala Mama Killa strieborn\u00fdmi slzami, ktor\u00e9 v horsk\u00fdch trhlin\u00e1ch stuhli na strieborn\u00e9 \u017eily, mytick\u00e9 zd\u00f4vodnenie andsk\u00e9ho bohatstva na striebro, ktor\u00e9 nesk\u00f4r u\u010dinilo \u0161panielsku koloniz\u00e1ciu hospod\u00e1rsky l\u00e1kavou.<\/p><p>V m\u00fdtoch o \u017eivotnom cykle Inkov je Mama Killa patr\u00f3nkou \u017eenskej dospelosti. Pri prvom ritu\u00e1li men\u0161tru\u00e1cie mlad\u00e9ho diev\u010da\u0165a (<em>quikuchikuy<\/em>) sa vz\u00fdvala Mama Killa, rovnako pri svadb\u00e1ch a v \u0161estonedel\u00ed. Cobo uv\u00e1dza pevn\u00fd ritu\u00e1lny text, v ktorom sa mesa\u010dn\u00e1 bohy\u0148a prosila o ochranu matky a die\u0165a\u0165a.<\/p><p>Tret\u00ed mytologick\u00fd pr\u00edbeh sp\u00e1ja Mama Killu so zalo\u017een\u00edm Inkskej r\u00ed\u0161e. Pod\u013ea spr\u00e1vy Sarmienta de Gamboa mala Mama Ocllo, jedna z mytick\u00fdch sestier Manca C\u00e1paca, svoje meno od <em>Ocllo<\/em>-aspektu samotnej mesa\u010dnej bohyne.<\/p><p>Zakladate\u013eka r\u00ed\u0161e tak nebola len dc\u00e9rou Intiho, ale z\u00e1rove\u0148 manifest\u00e1ciou Mama Killy, teologick\u00fd kon\u0161trukt, ktor\u00fd dvojn\u00e1sobne zabezpe\u010doval legitimitu inkskej dynastie a legitimizoval postavenie Coya nielen krvou Slnka, ale aj krvou Mesiaca.<\/p>\t\t\t\t\t\t\t\t<\/div>\n\t\t\t\t<\/div>\n\t\t\t\t\t<\/div>\n\t\t\t\t<\/div>\n\t\t<div class=\"elementor-element elementor-element-iwgw-mamakilla-s4 e-flex e-con-boxed e-con e-parent\" data-id=\"iwgw-mamakilla-s4\" data-element_type=\"container\" data-e-type=\"container\">\n\t\t\t\t\t<div class=\"e-con-inner\">\n\t\t\t\t<div class=\"elementor-element elementor-element-iwgw-mamakilla-s4h elementor-widget elementor-widget-heading\" data-id=\"iwgw-mamakilla-s4h\" data-element_type=\"widget\" data-e-type=\"widget\" data-widget_type=\"heading.default\">\n\t\t\t\t\t<h2 class=\"elementor-heading-title elementor-size-default\">Kult a uctievanie<\/h2>\t\t\t\t<\/div>\n\t\t<div class=\"elementor-element elementor-element-iwgw-mamakilla-s4c e-con-full e-flex e-con e-child\" data-id=\"iwgw-mamakilla-s4c\" data-element_type=\"container\" data-e-type=\"container\">\n\t\t\t\t<div class=\"elementor-element elementor-element-iwgw-mamakilla-s4t elementor-widget elementor-widget-text-editor\" data-id=\"iwgw-mamakilla-s4t\" data-element_type=\"widget\" data-e-type=\"widget\" data-widget_type=\"text-editor.default\">\n\t\t\t\t\t\t\t\t\t<p>Mama-Killa-<span class=\"iwg-fachbegriff\" data-tooltip=\"S\u00fahrn n\u00e1bo\u017eensk\u00fdch \u00factov\u00fdch obradov vo\u010di bo\u017estvu alebo sv\u00e4tej postave.\" tabindex=\"0\">kult<\/span> bol in\u0161titucionalizovan\u00fd v Coricancha-<span class=\"iwg-fachbegriff\" data-tooltip=\"Stavba sl\u00fa\u017eiaca na uctievanie jedn\u00e9ho alebo viacer\u00fdch bo\u017estiev.\" tabindex=\"0\">chr\u00e1me<\/span> v Cuscu. Jeho person\u00e1l tvorili v\u00fdlu\u010dne \u017eeny, na \u010dele s hlavnou k\u0148a\u017ekou, ktorou bola pravidelne sestra vl\u00e1dnucej <em>Coya<\/em> (hlavnej man\u017eelky Inku). Tieto \u017eeny, <em>Acllacuna<\/em> (pozri tie\u017e <a href=\"https:\/\/iwell-guard.com\/sk\/?page_id=157911\">Inti<\/a>), tkali striebrom zdoben\u00e9 mesa\u010dn\u00e9 r\u00facha, varili chichu z bielej kukurice a vykon\u00e1vali mesa\u010dn\u00e9 ritu\u00e1ly.<\/p><p>Vrcholom kultov\u00e9ho roka bol septembrov\u00fd sviatok <em>Coya Raymi<\/em> (sviatok Coyy\/mesa\u010dnej bohyne), ktor\u00fd ozna\u010doval za\u010diatok cyklu siatia.<\/p><p>Po\u010das tohto sviatku sa konal aj \u010distiaci ritu\u00e1l <em>citua<\/em>, pri ktorom bojovn\u00edci inksk\u00e9ho hlavn\u00e9ho mesta pobehovali s fak\u013eami po uliciach, vyh\u00e1\u0148ali z mesta v\u0161etky zn\u00e1me choroby a zl\u00fdch duchov, medzi nimi \u0161kodliv\u00fdch <a href=\"https:\/\/iwell-guard.com\/sk\/?page_id=157917\">Supay<\/a>, a na konci ich symbolicky splavovali do \u0161tyroch svetov\u00fdch str\u00e1n.<\/p><p>Astronomick\u00e9 pozorovanie mesa\u010dn\u00fdch f\u00e1z bolo \u00falohou \u0161pecializovan\u00fdch k\u0148azov (<em>kallpa-rikoq<\/em>), ktor\u00ed na kamenn\u00fdch observat\u00f3ri\u00e1ch Cusca (napr. <em>Saqsaywaman<\/em>) ur\u010dovali mesa\u010dn\u00fd kalend\u00e1r. Brian Bauer v diele <em>The Sacred Landscape of the Inca<\/em> (1998) zrekon\u0161truoval topografiu t\u00fdchto mesa\u010dn\u00fdch observat\u00f3ri\u00ed.<\/p><p>Mesa\u010dn\u00fd sled sviatkov inksk\u00e9ho r\u00ed\u0161skeho roka mal pravideln\u00fd vz\u0165ah k Mama Kille: mesa\u010dn\u00fd kalend\u00e1r ur\u010doval \u010dasy siatia aj intern\u00e9 spr\u00e1vne peri\u00f3dy. Cieza de Le\u00f3n a Polo de Ondegardo popisuj\u00fa, \u017ee ka\u017ed\u00e1 mesa\u010dn\u00e1 f\u00e1za mala v riaden\u00ed r\u00ed\u0161e ur\u010dit\u00fa funkciu: spl\u0148 mesiaca pre sviatky a siatie, nov mesiaca pre \u010distiace obrady a sm\u00fatok.<\/p><p>T\u00e1to na Mesiaci zalo\u017een\u00e1 \u010dasov\u00e1 \u0161trukt\u00fara bola v zlo\u017eitom vz\u0165ahu k sol\u00e1rnej \u010dasovej \u0161trukt\u00fare ve\u013ek\u00fdch slne\u010dn\u00fdch sviatkov a vytv\u00e1rala dvojvrstvov\u00fd kalend\u00e1rny syst\u00e9m, ktor\u00e9ho \u00fapln\u00e1 rekon\u0161trukcia zamestn\u00e1va andsk\u00fd v\u00fdskum a\u017e do s\u00fa\u010dasnosti.<\/p>\t\t\t\t\t\t\t\t<\/div>\n\t\t\t\t<\/div>\n\t\t\t\t\t<\/div>\n\t\t\t\t<\/div>\n\t\t<div class=\"elementor-element elementor-element-iwgw-mamakilla-s5 e-flex e-con-boxed e-con e-parent\" data-id=\"iwgw-mamakilla-s5\" data-element_type=\"container\" data-e-type=\"container\">\n\t\t\t\t\t<div class=\"e-con-inner\">\n\t\t\t\t<div class=\"elementor-element elementor-element-iwgw-mamakilla-s5h elementor-widget elementor-widget-heading\" data-id=\"iwgw-mamakilla-s5h\" data-element_type=\"widget\" data-e-type=\"widget\" data-widget_type=\"heading.default\">\n\t\t\t\t\t<h2 class=\"elementor-heading-title elementor-size-default\">Ochrann\u00e1 prax a apotropaika<\/h2>\t\t\t\t<\/div>\n\t\t<div class=\"elementor-element elementor-element-iwgw-mamakilla-s5c e-con-full e-flex e-con e-child\" data-id=\"iwgw-mamakilla-s5c\" data-element_type=\"container\" data-e-type=\"container\">\n\t\t\t\t<div class=\"elementor-element elementor-element-iwgw-mamakilla-s5t elementor-widget elementor-widget-text-editor\" data-id=\"iwgw-mamakilla-s5t\" data-element_type=\"widget\" data-e-type=\"widget\" data-widget_type=\"text-editor.default\">\n\t\t\t\t\t\t\t\t\t<p>Mama Killa bola v inkskom obdob\u00ed vz\u00fdvan\u00e1 predov\u0161etk\u00fdm pri porodoch, chorob\u00e1ch \u017eien a pri no\u010dn\u00fdch cest\u00e1ch. Cobo hovor\u00ed o <span class=\"iwg-fachbegriff\" data-tooltip=\"Odovzd\u00e1van\u00fd zvyk, ktor\u00fd sa v spolo\u010denstve pravidelne opakuje.\" tabindex=\"0\">zvyku<\/span> vklada\u0165 v noci pred dlhou cestou strieborn\u00fa mincu (v inkskom obdob\u00ed strieborn\u00fd l\u00edstok) pod vank\u00fa\u0161, aby si tak vyprosili ochranu mesa\u010dnej bohyne.<\/p><p><span class=\"iwg-fachbegriff\" data-tooltip=\"Odvracaj\u00faci ne\u0161\u0165astie: o znakoch a predmetoch, ktor\u00e9 maj\u00fa odvr\u00e1ti\u0165 \u0161kodliv\u00e9 vplyvy.\" tabindex=\"0\">Apotropaicky<\/span> p\u00f4sobili proti no\u010dn\u00fdm mor\u00e1m a no\u010dn\u00fdm zl\u00fdm duchom, najm\u00e4 proti no\u010dn\u00fdm <a href=\"https:\/\/iwell-guard.com\/sk\/?page_id=157917\">Supayom<\/a>, mal\u00e9 strieborn\u00e9 amulety v tvare polmesiaca (<em>tumi<\/em>) alebo \u0161tylizovanej \u017eenskej postavy. Kladli sa de\u0165om pri sp\u00e1nku na \u010delo alebo sa upev\u0148ovali na r\u00e1m postele.<\/p><p>V dne\u0161n\u00fdch dedin\u00e1ch hovoriacich ke\u010du\u00e1nsky sa t\u00e1to prax vo ve\u013ekej miere preniesla do katol\u00edckej mari\u00e1nskej \u00facty. Medail\u00f3ny s M\u00e1riou, ktor\u00e9 nos\u00ed ve\u013ea andsk\u00fdch mesticov, funk\u010dne nahradili strieborn\u00e9 amulety Mama Killa. Etnol\u00f3gia n\u00e1bo\u017eenstva, predov\u0161etk\u00fdm pr\u00e1ce Olivie Harrisovej a Marisol de la Cadeny, t\u00fato funk\u010dn\u00fa kontinuitu pri s\u00fa\u010dasnom teologickom obrate podrobne pop\u00edsali.<\/p><p>Ve\u013emi \u0161pecifickou ochrannou praxou je pou\u017e\u00edvanie mesa\u010dn\u00e9ho striebra proti zatmeniam Mesiaca: v d\u0148och predpovedan\u00e9ho zatmenia nosili matky s mal\u00fdmi de\u0165mi strieborn\u00e9 \u010delenky, aby zabr\u00e1nili tomu, \u017ee \u00fato\u010diace zviera z\u00edska cez slabn\u00facu Mama Killa pr\u00edstup do svet \u017eiv\u00fdch.<\/p><p>T\u00fato prax popisuj\u00fa zhodne Cobo aj Albornoz, a ukazuje, ako sa astronomick\u00fd jav kozmologicky interpretoval a sp\u00e1jal s konkr\u00e9tnymi apotropaick\u00fdmi \u00fakonmi.<\/p>\t\t\t\t\t\t\t\t<\/div>\n\t\t\t\t<\/div>\n\t\t\t\t\t<\/div>\n\t\t\t\t<\/div>\n\t\t<div class=\"elementor-element elementor-element-iwgw-mamakilla-s6 e-flex e-con-boxed e-con e-parent\" data-id=\"iwgw-mamakilla-s6\" data-element_type=\"container\" data-e-type=\"container\">\n\t\t\t\t\t<div class=\"e-con-inner\">\n\t\t\t\t<div class=\"elementor-element elementor-element-iwgw-mamakilla-s6h elementor-widget elementor-widget-heading\" data-id=\"iwgw-mamakilla-s6h\" data-element_type=\"widget\" data-e-type=\"widget\" data-widget_type=\"heading.default\">\n\t\t\t\t\t<h2 class=\"elementor-heading-title elementor-size-default\">Paralely v in\u00fdch kult\u00farach<\/h2>\t\t\t\t<\/div>\n\t\t<div class=\"elementor-element elementor-element-iwgw-mamakilla-s6c e-con-full e-flex e-con e-child\" data-id=\"iwgw-mamakilla-s6c\" data-element_type=\"container\" data-e-type=\"container\">\n\t\t\t\t<div class=\"elementor-element elementor-element-iwgw-mamakilla-s6t elementor-widget elementor-widget-text-editor\" data-id=\"iwgw-mamakilla-s6t\" data-element_type=\"widget\" data-e-type=\"widget\" data-widget_type=\"text-editor.default\">\n\t\t\t\t\t\t\t\t\t<p>Mama Killa zapad\u00e1 do celosvetov\u00e9ho vzoru \u017eensk\u00fdch mesa\u010dn\u00fdch bo\u017estiev. \u0160truktur\u00e1lne porovnate\u013en\u00e9 s\u00fa gr\u00e9cka <em>Artemis-Selene<\/em>, r\u00edmska <em>Diana-Luna<\/em>, egyptsk\u00e1 <em>Isis<\/em> v jej lun\u00e1rnom aspekte, mezopot\u00e1msky vz\u0165ah <em>Nanna-Sin<\/em> a hinduistick\u00e1 postava <em>Chandra<\/em> (ktor\u00e1 je v\u0161ak koncipovan\u00e1 ako mu\u017esk\u00e1).<\/p><p>V r\u00e1mci Ameriky vykazuje Mama Killa podobnosti s azt\u00e9ckou mesa\u010dnou bohy\u0148ou <em>Coyolxauhqui<\/em>, ktor\u00fa v hlavnom azt\u00e9ckom <span class=\"iwg-fachbegriff\" data-tooltip=\"Odovzd\u00e1van\u00e9 rozpr\u00e1vanie o bohoch, p\u00f4vode a poriadku svetu.\" tabindex=\"0\">m\u00fdte<\/span> o zrode slnka Huitzilopochtliho jej brat rozsekal na kusy. Agres\u00edvna dynamika medzi Slnkom a Mesiacom je v azt\u00e9ckom m\u00fdte v\u00fdraznej\u0161ia ne\u017e v inkskom, kde je vz\u0165ah sestry-man\u017eelky po\u0148at\u00fd harmonickej\u0161ie.<\/p><p>Zauj\u00edmav\u00e9 je aj porovnanie so severoamerickou <a href=\"https:\/\/iwell-guard.com\/sk\/?page_id=157929\">Changing Woman<\/a> u Navajov, ktor\u00e1 takisto sp\u00e1ja \u017eivotn\u00fd cyklus, \u017eensk\u00fa dospelos\u0165 a kalend\u00e1rny \u010das v jednej postave, av\u0161ak bez \u0161pecificky lun\u00e1rneho rozmeru. Eliade vo svojom diele <em>Patterns in Comparative Religion<\/em> (1958) systematicky pop\u00edsal vzor mesiac-\u017eena.<\/p><p>V r\u00e1mci porovn\u00e1vacej perspekt\u00edvy inkskej doby s\u00fa \u010falej v\u00fdznamn\u00e9 aymarsk\u00e1 varianta <em>Phaxsi Mama<\/em> a severoandsk\u00e1 varianta n\u00e1bo\u017eenstva Cara pri Quite. T\u00e1to poznala mesa\u010dn\u00fa bohy\u0148u <em>Quilla<\/em>, ktorej <span class=\"iwg-fachbegriff\" data-tooltip=\"Stavba sl\u00fa\u017eiaca uctievaniu jedn\u00e9ho alebo viacer\u00fdch bo\u017estiev.\" tabindex=\"0\">chr\u00e1m<\/span> popisuje \u0161panielsky kronik\u00e1r Padre Velasco; existuj\u00fa teda ind\u00edcie predinkskej mesa\u010dnej <span class=\"iwg-fachbegriff\" data-tooltip=\"Vedeck\u00e1 n\u00e1uka o Bohu a viere danej n\u00e1bo\u017eenskej trad\u00edcie.\" tabindex=\"0\">teol\u00f3gie<\/span> v \u010falekom severe Tawantinsuyu.<\/p><p>Frank Salomon v diele <em>Native Lords of Quito<\/em> (1986) systematicky pop\u00edsal tento severoandsk\u00fd mesa\u010dn\u00fd kult a odl\u00ed\u0161il ho od inkskej \u0161t\u00e1tnej <span class=\"iwg-fachbegriff\" data-tooltip=\"Vedeck\u00e1 n\u00e1uka o Bohu a viere danej n\u00e1bo\u017eenskej trad\u00edcie.\" tabindex=\"0\">teol\u00f3gie<\/span>.<\/p>\t\t\t\t\t\t\t\t<\/div>\n\t\t\t\t<\/div>\n\t\t\t\t\t<\/div>\n\t\t\t\t<\/div>\n\t\t<div class=\"elementor-element elementor-element-iwgw-mamakilla-s7 e-flex e-con-boxed e-con e-parent\" data-id=\"iwgw-mamakilla-s7\" data-element_type=\"container\" data-e-type=\"container\">\n\t\t\t\t\t<div class=\"e-con-inner\">\n\t\t\t\t<div class=\"elementor-element elementor-element-iwgw-mamakilla-s7h elementor-widget elementor-widget-heading\" data-id=\"iwgw-mamakilla-s7h\" data-element_type=\"widget\" data-e-type=\"widget\" data-widget_type=\"heading.default\">\n\t\t\t\t\t<h2 class=\"elementor-heading-title elementor-size-default\">S\u00fa\u010dasn\u00e1 recepcia a v\u00fdskum<\/h2>\t\t\t\t<\/div>\n\t\t<div class=\"elementor-element elementor-element-iwgw-mamakilla-s7c e-con-full e-flex e-con e-child\" data-id=\"iwgw-mamakilla-s7c\" data-element_type=\"container\" data-e-type=\"container\">\n\t\t\t\t<div class=\"elementor-element elementor-element-iwgw-mamakilla-s7t elementor-widget elementor-widget-text-editor\" data-id=\"iwgw-mamakilla-s7t\" data-element_type=\"widget\" data-e-type=\"widget\" data-widget_type=\"text-editor.default\">\n\t\t\t\t\t\t\t\t\t<p>V modernom andskom priestore u\u017e Mama Killa nie je samostatn\u00fdm kultov\u00fdm objektom, \u017eije v\u0161ak \u010falej vo <span class=\"iwg-fachbegriff\" data-tooltip=\"Odovzd\u00e1van\u00e1 \u013eudov\u00e1 kult\u00fara so zvykmi, pr\u00edbehmi a pies\u0148ami.\" tabindex=\"0\">folkl\u00f3re<\/span>, na sviatkoch a v rast\u00facom domorodom kult\u00farnom hnut\u00ed. V rekon\u0161truovanom sviatku <em>Coya Raymi<\/em> (od 90. rokov 20. storo\u010dia o\u017eivenom v niektor\u00fdch dedin\u00e1ch okolo Cuska) je vz\u00fdvan\u00e1 ako patr\u00f3nka \u017eensk\u00e9ho princ\u00edpu a sejby.<\/p><p>V s\u00fa\u010dasnom akademickom v\u00fdskume nestoj\u00ed v popred\u00ed ani tak in\u0161titucion\u00e1lna mesa\u010dn\u00e1 <span class=\"iwg-fachbegriff\" data-tooltip=\"Vedeck\u00e1 n\u00e1uka o Bohu a viere danej n\u00e1bo\u017eenskej trad\u00edcie.\" tabindex=\"0\">teol\u00f3gia<\/span>, ako archeoastronomick\u00e1 ot\u00e1zka inksk\u00e9ho mesa\u010dn\u00e9ho kalend\u00e1ra.<\/p><p>Tom Zuidema v diele <em>The Calendar of the Incas<\/em> (2010, posmrtne) presadzoval t\u00e9zu, \u017ee Inkovia pou\u017e\u00edvali 328-d\u0148ov\u00fd mesa\u010dn\u00fd rok, ktor\u00fd zodpovedal 328 sv\u00e4tyniam huaca v syst\u00e9me ceque. T\u00e1to t\u00e9za je sporn\u00e1; Brian Bauer a Gary Urton ju \u010diasto\u010dne relativizovali.<\/p><p>Z religionistick\u00e9ho h\u013eadiska zost\u00e1va Mama Killa d\u00f4le\u017eit\u00fdm pr\u00edkladom in\u0161titucion\u00e1lneho \u017eensk\u00e9ho bo\u017estva v r\u00e1mci mu\u017emi dominovanej vyspelej kult\u00fary. Jej postavenie ukazuje, \u017ee Insk\u00e1 r\u00ed\u0161a nepoznala \u010dist\u00fa patriarch\u00e1lnu <span class=\"iwg-fachbegriff\" data-tooltip=\"Vedeck\u00e1 n\u00e1uka o Bohu a viere danej n\u00e1bo\u017eenskej trad\u00edcie.\" tabindex=\"0\">teol\u00f3giu<\/span>, ale rozvinula komplement\u00e1rne genderov\u00e9 \u0161trukt\u00fary, ktor\u00e9 sa politicky vyjadrovali v dvojici vl\u00e1dcov Coya-Inka a teologicky vo vz\u0165ahu man\u017eelsk\u00fdch s\u00farodencov Inti-Killa.<\/p><p>V s\u00fa\u010dasnom hnut\u00ed Pachakuti Mama v Bol\u00edvii a Peru sa Mama Killa navy\u0161e objavuje ako identifika\u010dn\u00e1 postava domorod\u00fdch feministiek. Autorky ako Domitila Barrios de Chungara a nesk\u00f4r Silvia Rivera Cusicanqui urobili z znovuobjavenia \u017eenskej komplementarity v andskom n\u00e1bo\u017eenskom syst\u00e9me predmet sociologick\u00e9ho v\u00fdskumu.<\/p><p>Postava Mama Killa tu nesl\u00fa\u017ei ako historick\u00e1 rekon\u0161trukcia kultov\u00e9ho objektu, ale ako symbolick\u00fd referen\u010dn\u00fd bod vlastn\u00e9ho domorod\u00e9ho poriadku pohlav\u00ed mimo eurocentrickej kritiky patriarch\u00e1tu.<\/p>\t\t\t\t\t\t\t\t<\/div>\n\t\t\t\t<\/div>\n\t\t\t\t\t<\/div>\n\t\t\t\t<\/div>\n\t\t<div class=\"elementor-element elementor-element-iwgw-mamakilla-s8 e-flex e-con-boxed e-con e-parent\" data-id=\"iwgw-mamakilla-s8\" data-element_type=\"container\" data-e-type=\"container\">\n\t\t\t\t\t<div class=\"e-con-inner\">\n\t\t\t\t<div class=\"elementor-element elementor-element-iwgw-mamakilla-s8h elementor-widget elementor-widget-heading\" data-id=\"iwgw-mamakilla-s8h\" data-element_type=\"widget\" data-e-type=\"widget\" data-widget_type=\"heading.default\">\n\t\t\t\t\t<h2 class=\"elementor-heading-title elementor-size-default\">Literat\u00fara a zdroje<\/h2>\t\t\t\t<\/div>\n\t\t<div class=\"elementor-element elementor-element-iwgw-mamakilla-s8c e-con-full e-flex e-con e-child\" data-id=\"iwgw-mamakilla-s8c\" data-element_type=\"container\" data-e-type=\"container\">\n\t\t\t\t<div class=\"elementor-element elementor-element-iwgw-mamakilla-s8t elementor-widget elementor-widget-text-editor\" data-id=\"iwgw-mamakilla-s8t\" data-element_type=\"widget\" data-e-type=\"widget\" data-widget_type=\"text-editor.default\">\n\t\t\t\t\t\t\t\t\t<p>Nasleduj\u00faci v\u00fdber uv\u00e1dza k\u013e\u00fa\u010dov\u00e9 diela andskej etnol\u00f3gie a dej\u00edn n\u00e1bo\u017eenstva o Mama Killa, so zameran\u00edm na archeoastronomick\u00e9 a genderovo-historick\u00e9 \u0161t\u00fadie.<\/p>\t\t\t\t\t\t\t\t<\/div>\n\t\t\t\t<\/div>\n\t\t\t\t\t<\/div>\n\t\t\t\t<\/div>\n\t\t<div class=\"elementor-element elementor-element-cp2d79402e e-flex e-con-boxed e-con e-parent\" data-id=\"cp2d79402e\" data-element_type=\"container\" data-e-type=\"container\">\n\t\t\t\t\t<div class=\"e-con-inner\">\n\t\t\t\t<div class=\"elementor-element elementor-element-cp236ff127 elementor-widget elementor-widget-heading\" data-id=\"cp236ff127\" data-element_type=\"widget\" data-e-type=\"widget\" data-widget_type=\"heading.default\">\n\t\t\t\t\t<h2 class=\"elementor-heading-title elementor-size-default\">Mama Killa v mesa\u010dnom kalend\u00e1ri a vo v\u00fdklade zatmenia Mesiaca<\/h2>\t\t\t\t<\/div>\n\t\t<div class=\"elementor-element elementor-element-cp26302e24 e-flex e-con-boxed e-con e-child\" data-id=\"cp26302e24\" data-element_type=\"container\" data-e-type=\"container\">\n\t\t\t\t\t<div class=\"e-con-inner\">\n\t\t\t\t<div class=\"elementor-element elementor-element-cp23bc8ee2 elementor-widget elementor-widget-text-editor\" data-id=\"cp23bc8ee2\" data-element_type=\"widget\" data-e-type=\"widget\" data-widget_type=\"text-editor.default\">\n\t\t\t\t\t\t\t\t\t<p>Mama Killa, mesa\u010dn\u00e1 bohy\u0148a Inkov, bola \u00fazko sp\u00e4t\u00e1 s meran\u00edm \u010dasu v r\u00ed\u0161i. Zatia\u013e \u010do slne\u010dn\u00fd boh <em>Inti<\/em> usporad\u00faval ro\u010dn\u00fd cyklus a ve\u013ek\u00e9 sviatky siatia a \u00farody, mesiac riadil krat\u0161\u00ed cyklus, pod\u013ea ktor\u00e9ho sa orientovali n\u00e1bo\u017eensk\u00e9 sviatky a pravdepodobne aj \u010dasti po\u013enohospod\u00e1rskeho kalend\u00e1ra.<\/p><p>\u0160panielski kronik\u00e1ri ako Bernab\u00e9 Cobo uv\u00e1dzaj\u00fa, \u017ee viacer\u00e9 sviatky vo sviato\u010dnom kalend\u00e1ri Cusca sa po\u010d\u00edtali pod\u013ea mesiaca, aj ke\u010f presn\u00e9 fungovanie inksk\u00e9ho kalend\u00e1ra je dodnes sporn\u00e9.<\/p><p>Osobitne v\u00fdpovedn\u00e9 s\u00fa spr\u00e1vy o v\u00fdklade zatmenia mesiaca. Kronik\u00e1ri uv\u00e1dzaj\u00fa, \u017ee Inkovia ch\u00e1pali zatemnenie mesiaca ako \u00fatok dravca, naj\u010dastej\u0161ie sa spom\u00edna puma alebo had, na Mama Killu.<\/p><p>Aby bohy\u0148u zachr\u00e1nili, \u013eudia robili hluk: bili do n\u00e1dob, kri\u010dali a nech\u00e1vali psy \u0161teka\u0165, aby \u00fato\u010diace zviera zahnali. T\u00e1to prax nie je \u0161pecifick\u00e1 pre Inkov, je dolo\u017een\u00e1 v mnoh\u00fdch kult\u00farach, ale jej svedectvo pre Andy ukazuje, \u017ee mesiac bol ch\u00e1pan\u00fd ako zranite\u013en\u00e1 bytos\u0165, ktor\u00e1 potrebuje starostlivos\u0165.<\/p><p>Z h\u013eadiska kritiky prame\u0148ov treba poznamena\u0165, \u017ee kronik\u00e1ri tieto ritu\u00e1ly \u010dasto opisovali z druhej ruky a so z\u00e1merom vykresli\u0165 andsk\u00e9 n\u00e1bo\u017eenstvo ako povery. Napriek tomu sa r\u00f4zne spr\u00e1vy v z\u00e1kladn\u00fdch rysoch zhoduj\u00fa, \u010do epiz\u00f3du rob\u00ed d\u00f4veryhodnou.<\/p><p>Strach o Mama Killu po\u010das zatmenia zrete\u013ene ukazuje jej postavenie ako garantky spo\u013eahliv\u00e9ho chodu \u010dasu, ktorej do\u010dasn\u00e9 zmiznutie bolo poci\u0165ovan\u00e9 ako kozmick\u00e9 ohrozenie. K slne\u010dnej strane tejto dvojice bo\u017estiev pozri pr\u00edspevok o <a href=\"https:\/\/iwell-guard.com\/sk\/?page_id=157911\">Inti<\/a>.<\/p>\t\t\t\t\t\t\t\t<\/div>\n\t\t\t\t\t<\/div>\n\t\t\t\t<\/div>\n\t\t\t\t\t<\/div>\n\t\t\t\t<\/div>\n\t\t<div class=\"elementor-element elementor-element-cp260f00e7 e-flex e-con-boxed e-con e-parent\" data-id=\"cp260f00e7\" data-element_type=\"container\" data-e-type=\"container\">\n\t\t\t\t\t<div class=\"e-con-inner\">\n\t\t\t\t<div class=\"elementor-element elementor-element-cp2d717866 elementor-widget elementor-widget-heading\" data-id=\"cp2d717866\" data-element_type=\"widget\" data-e-type=\"widget\" data-widget_type=\"heading.default\">\n\t\t\t\t\t<h2 class=\"elementor-heading-title elementor-size-default\">Mesa\u010dn\u00fd chr\u00e1m v Coricanche a striebrov\u00e1 ikonografia<\/h2>\t\t\t\t<\/div>\n\t\t<div class=\"elementor-element elementor-element-cp25918dee e-flex e-con-boxed e-con e-child\" data-id=\"cp25918dee\" data-element_type=\"container\" data-e-type=\"container\">\n\t\t\t\t\t<div class=\"e-con-inner\">\n\t\t\t\t<div class=\"elementor-element elementor-element-cp2a3e6774 elementor-widget elementor-widget-text-editor\" data-id=\"cp2a3e6774\" data-element_type=\"widget\" data-e-type=\"widget\" data-widget_type=\"text-editor.default\">\n\t\t\t\t\t\t\t\t\t<p>V Coricanche, centr\u00e1lnej <span class=\"iwg-fachbegriff\" data-tooltip=\"Miesto uctievania nejak\u00e9ho bo\u017estva.\" tabindex=\"0\">sv\u00e4tyni<\/span> Cusca, mala Mama Killa pod\u013ea zhodn\u00fdch spr\u00e1v kronik\u00e1rov vlastn\u00fa \u010das\u0165. Zatia\u013e \u010do chr\u00e1mov\u00e1 \u010das\u0165 <em>Inti<\/em> bola vybaven\u00e1 zlatom, kovom sp\u00e1jan\u00fdm so slnkom, pramene uv\u00e1dzaj\u00fa, \u017ee mesa\u010dn\u00e1 \u010das\u0165 bola oblo\u017een\u00e1 striebrom.<\/p><p>Garcilaso de la Vega, s\u00e1m syn inkskej matky, popisuje strieborn\u00fa misku alebo zobrazenie Mama Killy a zd\u00f4raz\u0148uje symboliku pohlav\u00ed: zlato a slnko ako mu\u017esk\u00e9, striebro a mesiac ako \u017eensk\u00e9.<\/p><p>Tieto spr\u00e1vy treba \u010d\u00edta\u0165 s opatrnos\u0165ou. Garcilaso nap\u00edsal svoje <em>Comentarios Reales<\/em> desa\u0165ro\u010dia po dobyt\u00ed v \u0160panielsku, z pam\u00e4ti a s \u017eelan\u00edm vykresli\u0165 inksk\u00fa minulos\u0165 d\u00f4stojne.<\/p><p>S\u00e1m Coricancha bol \u0160panielmi z ve\u013ekej \u010dasti zb\u00faran\u00fd; na jeho m\u00faroch stoj\u00ed dnes kl\u00e1\u0161tor Santo Domingo. Archeologicky sa teda striebrov\u00e9 oblo\u017eenie u\u017e ned\u00e1 overi\u0165, ale plienenie drah\u00fdch kovov dobyvate\u013emi je dobre zdokumentovan\u00e9, \u010do spr\u00e1vu rob\u00ed pravdepodobnou.<\/p><p>V tejto mesa\u010dnej \u010dasti sa pod\u013ea kronik\u00e1rov uchov\u00e1vali a uctievali aj mumifikovan\u00e9 tel\u00e1 zosnul\u00fdch <em>Coyas<\/em>, inksk\u00fdch kr\u00e1\u013eovien. Mama Killa tak nebola len kozmickou bohy\u0148ou, ale bola zapojen\u00e1 aj do uctievania predkov \u017eenskej vl\u00e1dnucej l\u00ednie.<\/p><p>Spojenie mesiaca, striebra, \u017eenskosti a kr\u00e1\u013eovskej l\u00ednie predkov ukazuje, \u017ee Mama Killa zast\u00e1vala v n\u00e1bo\u017eenskom syst\u00e9me Inkov jasne vymedzen\u00fa sf\u00e9ru, ktor\u00e1 bola komplement\u00e1rna k sf\u00e9re slne\u010dn\u00e9ho boha, bez toho, aby mu bola podriaden\u00e1 v zmysle \u00faplnej z\u00e1vislosti.<\/p>\t\t\t\t\t\t\t\t<\/div>\n\t\t\t\t\t<\/div>\n\t\t\t\t<\/div>\n\t\t\t\t\t<\/div>\n\t\t\t\t<\/div>\n\t\t<div class=\"elementor-element elementor-element-iwgw-mamakilla-lit e-flex e-con-boxed e-con e-parent\" data-id=\"iwgw-mamakilla-lit\" data-element_type=\"container\" data-e-type=\"container\">\n\t\t\t\t\t<div class=\"e-con-inner\">\n\t\t\t\t<div class=\"elementor-element elementor-element-iwgw-mamakilla-lith elementor-widget elementor-widget-heading\" data-id=\"iwgw-mamakilla-lith\" data-element_type=\"widget\" data-e-type=\"widget\" data-widget_type=\"heading.default\">\n\t\t\t\t\t<h2 class=\"elementor-heading-title elementor-size-default\">Literat\u00fara (v\u00fdber)<\/h2>\t\t\t\t<\/div>\n\t\t<div class=\"elementor-element elementor-element-iwgw-mamakilla-litc e-con-full e-flex e-con e-child\" data-id=\"iwgw-mamakilla-litc\" data-element_type=\"container\" data-e-type=\"container\">\n\t\t\t\t<div class=\"elementor-element elementor-element-iwgw-mamakilla-litt elementor-widget elementor-widget-text-editor\" data-id=\"iwgw-mamakilla-litt\" data-element_type=\"widget\" data-e-type=\"widget\" data-widget_type=\"text-editor.default\">\n\t\t\t\t\t\t\t\t\t<ul><li>Garcilaso de la Vega: <em>Comentarios Reales de los Incas<\/em> (1609)<\/li><li>Bernabe Cobo: <em>Historia del Nuevo Mundo<\/em> (1653)<\/li><li>Tom Zuidema: <em>The Calendar of the Incas<\/em> (2010)<\/li><li>Brian Bauer: <em>The Sacred Landscape of the Inca<\/em> (1998)<\/li><li>Felipe Guaman Poma de Ayala: <em>Nueva Coronica y Buen Gobierno<\/em> (1615)<\/li><li>Catherine Allen: <em>The Hold Life Has<\/em> (2002)<\/li><li>Sabine MacCormack: <em>Religion in the Andes<\/em> (1991)<\/li><\/ul>\t\t\t\t\t\t\t\t<\/div>\n\t\t\t\t<\/div>\n\t\t\t\t\t<\/div>\n\t\t\t\t<\/div>\n\t\t<div class=\"elementor-element elementor-element-iwgw-mamakilla-kwd e-flex e-con-boxed e-con e-parent\" data-id=\"iwgw-mamakilla-kwd\" data-element_type=\"container\" data-e-type=\"container\">\n\t\t\t\t\t<div class=\"e-con-inner\">\n\t\t<div class=\"elementor-element elementor-element-iwgw-mamakilla-kwdc e-con-full e-flex e-con e-child\" data-id=\"iwgw-mamakilla-kwdc\" data-element_type=\"container\" data-e-type=\"container\">\n\t\t\t\t<div class=\"elementor-element elementor-element-iwgw-mamakilla-kwdt elementor-widget elementor-widget-text-editor\" data-id=\"iwgw-mamakilla-kwdt\" data-element_type=\"widget\" data-e-type=\"widget\" data-widget_type=\"text-editor.default\">\n\t\t\t\t\t\t\t\t\t<p><em>S\u00favisiace k\u013e\u00fa\u010dov\u00e9 pojmy: Mama Killa Quilla Killakancha Coya Raymi Quikuchikuy Citua zatmenie mesiaca.<\/em><\/p>\t\t\t\t\t\t\t\t<\/div>\n\t\t\t\t<\/div>\n\t\t\t\t\t<\/div>\n\t\t\t\t<\/div>\n\t\t<div class=\"elementor-element elementor-element-iwgw-mamakilla-cc e-flex e-con-boxed e-con e-parent\" data-id=\"iwgw-mamakilla-cc\" data-element_type=\"container\" data-e-type=\"container\" id=\"iwg-cc-mama-killa\">\n\t\t\t\t\t<div class=\"e-con-inner\">\n\t\t<div class=\"elementor-element elementor-element-iwgw-mamakilla-ccinner e-flex e-con-boxed e-con e-parent\" data-id=\"iwgw-mamakilla-ccinner\" data-element_type=\"container\" data-e-type=\"container\" data-settings=\"{&quot;background_background&quot;:&quot;classic&quot;}\">\n\t\t\t\t\t<div class=\"e-con-inner\">\n\t\t\t\t<div class=\"elementor-element elementor-element-iwgw-mamakilla-cch elementor-widget elementor-widget-heading\" data-id=\"iwgw-mamakilla-cch\" data-element_type=\"widget\" data-e-type=\"widget\" data-widget_type=\"heading.default\">\n\t\t\t\t\t<h2 class=\"elementor-heading-title elementor-size-default\">iWell Guard a ochrann\u00e9 trad\u00edcie<\/h2>\t\t\t\t<\/div>\n\t\t\t\t<div class=\"elementor-element elementor-element-iwgw-mamakilla-cct elementor-widget elementor-widget-text-editor\" data-id=\"iwgw-mamakilla-cct\" data-element_type=\"widget\" data-e-type=\"widget\" data-widget_type=\"text-editor.default\">\n\t\t\t\t\t\t\t\t\t<div data-nosnippet=\"true\"><p>iWell Guard nadv\u00e4zuje na kult\u00farno-historick\u00fa trad\u00edciu nosite\u013en\u00fdch ochrann\u00fdch predmetov, v trad\u00edcii <a href=\"https:\/\/iwell-guard.com\/sk\/?page_id=157901\">Andy \/ Inkovia<\/a> a mnoh\u00fdch \u010fal\u0161\u00edch kult\u00far po celom svete. 41 vrstiev, skuto\u010dn\u00e9 zlato, platina, striebro, vyroben\u00e9 v Nemecku. 30-d\u0148ov\u00e1 lehota na vr\u00e1tenie.<\/p><\/div>\t\t\t\t\t\t\t\t<\/div>\n\t\t\t\t<div class=\"elementor-element elementor-element-iwgw-mamakilla-ccb iwg-cc-button iwg-cc-cta-2026-05-13 elementor-widget elementor-widget-jet-button\" data-id=\"iwgw-mamakilla-ccb\" data-element_type=\"widget\" data-e-type=\"widget\" data-widget_type=\"jet-button.default\">\n\t\t\t\t<div class=\"elementor-widget-container\">\n\t\t\t\t\t<div class=\"elementor-jet-button jet-elements\"><div class=\"jet-button__container\"><a class=\"jet-button__instance jet-button__instance--icon-left hover-effect-1\" href=\"\/ueber-iwell-guard\/?utm_source=iwell-guard.com&amp;utm_medium=info-box&amp;utm_campaign=wesen-tradition\"><div class=\"jet-button__plane jet-button__plane-normal\"><\/div><div class=\"jet-button__plane jet-button__plane-hover\"><\/div><div class=\"jet-button__state jet-button__state-normal\"><span class=\"jet-button__label\">Viac o iWell Guard<\/span><\/div><div class=\"jet-button__state jet-button__state-hover\"><span class=\"jet-button__label\">Viac o iWell Guard<\/span><\/div><\/a><\/div><\/div><style>.elementor-element.elementor-element-iwgw-mamakilla-ccb .jet-button__instance{width:320px;height:56px;}.elementor-element.elementor-element-iwgw-mamakilla-ccb .jet-button__state-normal .jet-button__label{text-align:center;margin:0px 0px 0px 0px;color:#1a1b20;font-family:Montserrat,sans-serif;font-size:13px;font-weight:400;letter-spacing:4px;line-height:1.714em;text-transform:uppercase;}.elementor-element.elementor-element-iwgw-mamakilla-ccb .jet-button__state-hover .jet-button__label{text-align:center;margin:0px 0px 0px 0px;color:#FECC76;font-family:Montserrat,sans-serif;font-size:13px;font-weight:400;letter-spacing:4px;line-height:1.714em;text-transform:uppercase;}.elementor-element.elementor-element-iwgw-mamakilla-ccb .jet-button__plane-normal{background-color:#FECC76;border-style:solid;border-color:#C99540;border-width:2px 2px 2px 2px;}.elementor-element.elementor-element-iwgw-mamakilla-ccb .jet-button__plane-hover{background-color:rgba(0,0,0,0.55);border-style:solid;border-color:#FECC76;border-width:2px 2px 2px 2px;}<\/style>\t\t\t\t<\/div>\n\t\t\t\t<\/div>\n\t\t\t\t<div class=\"elementor-element elementor-element-iwgw-mamakilla-ccd elementor-widget elementor-widget-text-editor\" data-id=\"iwgw-mamakilla-ccd\" data-element_type=\"widget\" data-e-type=\"widget\" data-widget_type=\"text-editor.default\">\n\t\t\t\t\t\t\t\t\t<div data-nosnippet=\"true\"><p style=\"text-align:center;font-size:13px;opacity:0.7;margin-top:14px\" data-nosnippet=\"true\">Osobn\u00e9 sk\u00fasenosti sa m\u00f4\u017eu l\u00ed\u0161i\u0165. Nie je to zdravotn\u00edcka pom\u00f4cka. \u017diadny pr\u00eds\u013eub lie\u010denia.<\/p><\/div>\t\t\t\t\t\t\t\t<\/div>\n\t\t\t\t\t<\/div>\n\t\t\t\t<\/div>\n\t\t\t\t\t<\/div>\n\t\t\t\t<\/div>\n\t\t<div class=\"elementor-element elementor-element-iwgw-mamakilla-disc e-flex e-con-boxed e-con e-parent\" data-id=\"iwgw-mamakilla-disc\" data-element_type=\"container\" data-e-type=\"container\">\n\t\t\t\t\t<div class=\"e-con-inner\">\n\t\t\t\t<div class=\"elementor-element elementor-element-iwgw-mamakilla-discw elementor-widget elementor-widget-html\" data-id=\"iwgw-mamakilla-discw\" data-element_type=\"widget\" data-e-type=\"widget\" data-widget_type=\"html.default\">\n\t\t\t\t\t<footer data-nosnippet=\"true\" class=\"iwg-disclaimer-block\"><p data-nosnippet=\"true\">iWell Guard <strong>nie je zdravotn\u00edcka pom\u00f4cka<\/strong> a nenahr\u00e1dza lek\u00e1rske ani psychoterapeutick\u00e9 o\u0161etrenie. Religionistick\u00fd obsah predstavuje kult\u00farno-historick\u00e9 zaradenie, nie odpor\u00fa\u010danie duchovnej praxe.<\/p><\/footer>\t\t\t\t<\/div>\n\t\t\t\t\t<\/div>\n\t\t\t\t<\/div>\n\t\t\t\t<\/div>\n\t\t","protected":false},"excerpt":{"rendered":"","protected":false},"author":3,"featured_media":2680,"parent":0,"menu_order":0,"comment_status":"closed","ping_status":"closed","template":"elementor_header_footer","meta":{"_yoast_wpseo_focuskw":"Mama Killa mesa\u010dn\u00e1 bohy\u0148a Inkovia","_yoast_wpseo_title":"Mama Killa \u2013 mesa\u010dn\u00e1 bohy\u0148a Inkov","_yoast_wpseo_metadesc":"Mama Killa, mesa\u010dn\u00e1 bohy\u0148a Inkov, je sestra-man\u017eelka Intiho a patr\u00f3nka \u017eien, kalend\u00e1ra a \u010dasu. Religionistick\u00e9 zaradenie.","_yoast_wpseo_meta-robots-noindex":"","_yoast_wpseo_canonical":"","_angie_page":false,"gefaehrdungsstufe":"","wesen_kultur":"","wesen_klasse":"","footnotes":""},"categories":[],"class_list":["post-157913","page","type-page","status-publish","has-post-thumbnail","hentry"],"yoast_head":"<!-- This site is optimized with the Yoast SEO Premium plugin v27.7 (Yoast SEO v28.3) - https:\/\/yoast.com\/product\/yoast-seo-premium-wordpress\/ -->\n<title>Mama Killa \u2013 mesa\u010dn\u00e1 bohy\u0148a Inkov<\/title>\n<meta name=\"description\" content=\"Mama Killa, mesa\u010dn\u00e1 bohy\u0148a Inkov, je sestra-man\u017eelka Intiho a patr\u00f3nka \u017eien, kalend\u00e1ra a \u010dasu. Religionistick\u00e9 zaradenie.\" \/>\n<meta name=\"robots\" content=\"index, follow, max-snippet:-1, max-image-preview:large, max-video-preview:-1\" \/>\n<link rel=\"canonical\" href=\"https:\/\/iwell-guard.com\/sk\/mama-killa-mesacna-bohyna-inkov\/\" \/>\n<meta property=\"og:locale\" content=\"sk_SK\" \/>\n<meta property=\"og:type\" content=\"article\" \/>\n<meta property=\"og:title\" content=\"Mama Killa \u2013 mesa\u010dn\u00e1 bohy\u0148a Inkov\" \/>\n<meta property=\"og:description\" content=\"Mama Killa, mesa\u010dn\u00e1 bohy\u0148a Inkov, je sestra-man\u017eelka Intiho a patr\u00f3nka \u017eien, kalend\u00e1ra a \u010dasu. Religionistick\u00e9 zaradenie.\" \/>\n<meta property=\"og:url\" content=\"https:\/\/iwell-guard.com\/sk\/mama-killa-mesacna-bohyna-inkov\/\" \/>\n<meta property=\"og:site_name\" content=\"iWell Guard\" \/>\n<meta property=\"article:modified_time\" content=\"2026-09-04T22:45:43+00:00\" \/>\n<meta property=\"og:image\" content=\"https:\/\/iwell-guard.com\/wp-content\/uploads\/2026\/05\/goetter_anden-inka_mama-killa.webp\" \/>\n\t<meta property=\"og:image:width\" content=\"1024\" \/>\n\t<meta property=\"og:image:height\" content=\"1536\" \/>\n\t<meta property=\"og:image:type\" content=\"image\/webp\" \/>\n<meta name=\"twitter:card\" content=\"summary_large_image\" \/>\n<script type=\"application\/ld+json\" class=\"yoast-schema-graph\">{\"@context\":\"https:\\\/\\\/schema.org\",\"@graph\":[{\"@type\":\"WebPage\",\"@id\":\"https:\\\/\\\/iwell-guard.com\\\/sk\\\/mama-killa-mesacna-bohyna-inkov\\\/\",\"url\":\"https:\\\/\\\/iwell-guard.com\\\/sk\\\/mama-killa-mesacna-bohyna-inkov\\\/\",\"name\":\"Mama Killa \u2013 mesa\u010dn\u00e1 bohy\u0148a Inkov\",\"isPartOf\":{\"@id\":\"https:\\\/\\\/iwell-guard.com\\\/sk\\\/#website\"},\"primaryImageOfPage\":{\"@id\":\"https:\\\/\\\/iwell-guard.com\\\/sk\\\/mama-killa-mesacna-bohyna-inkov\\\/#primaryimage\"},\"image\":{\"@id\":\"https:\\\/\\\/iwell-guard.com\\\/sk\\\/mama-killa-mesacna-bohyna-inkov\\\/#primaryimage\"},\"thumbnailUrl\":\"https:\\\/\\\/iwell-guard.com\\\/wp-content\\\/uploads\\\/2026\\\/05\\\/goetter_anden-inka_mama-killa.webp\",\"datePublished\":\"2026-09-04T22:19:22+00:00\",\"dateModified\":\"2026-09-04T22:45:43+00:00\",\"description\":\"Mama Killa, mesa\u010dn\u00e1 bohy\u0148a Inkov, je sestra-man\u017eelka Intiho a patr\u00f3nka \u017eien, kalend\u00e1ra a \u010dasu. Religionistick\u00e9 zaradenie.\",\"breadcrumb\":{\"@id\":\"https:\\\/\\\/iwell-guard.com\\\/sk\\\/mama-killa-mesacna-bohyna-inkov\\\/#breadcrumb\"},\"inLanguage\":\"sk-SK\",\"potentialAction\":[{\"@type\":\"ReadAction\",\"target\":[\"https:\\\/\\\/iwell-guard.com\\\/sk\\\/mama-killa-mesacna-bohyna-inkov\\\/\"]}]},{\"@type\":\"ImageObject\",\"inLanguage\":\"sk-SK\",\"@id\":\"https:\\\/\\\/iwell-guard.com\\\/sk\\\/mama-killa-mesacna-bohyna-inkov\\\/#primaryimage\",\"url\":\"https:\\\/\\\/iwell-guard.com\\\/wp-content\\\/uploads\\\/2026\\\/05\\\/goetter_anden-inka_mama-killa.webp\",\"contentUrl\":\"https:\\\/\\\/iwell-guard.com\\\/wp-content\\\/uploads\\\/2026\\\/05\\\/goetter_anden-inka_mama-killa.webp\",\"width\":1024,\"height\":1536,\"caption\":\"Bohovia z andsko-inkskej trad\u00edcie.\"},{\"@type\":\"BreadcrumbList\",\"@id\":\"https:\\\/\\\/iwell-guard.com\\\/sk\\\/mama-killa-mesacna-bohyna-inkov\\\/#breadcrumb\",\"itemListElement\":[{\"@type\":\"ListItem\",\"position\":1,\"name\":\"Start\",\"item\":\"https:\\\/\\\/iwell-guard.com\\\/sk\\\/?page_id=157572\"},{\"@type\":\"ListItem\",\"position\":2,\"name\":\"Mama Killa \u2013 mesa\u010dn\u00e1 bohy\u0148a Inkov\"}]},{\"@type\":\"WebSite\",\"@id\":\"https:\\\/\\\/iwell-guard.com\\\/sk\\\/#website\",\"url\":\"https:\\\/\\\/iwell-guard.com\\\/sk\\\/\",\"name\":\"iWell Guard\",\"description\":\"Schutz vor dunklen Einfl\u00fcssen\",\"publisher\":{\"@id\":\"https:\\\/\\\/iwell-guard.com\\\/sk\\\/#organization\"},\"potentialAction\":[{\"@type\":\"SearchAction\",\"target\":{\"@type\":\"EntryPoint\",\"urlTemplate\":\"https:\\\/\\\/iwell-guard.com\\\/sk\\\/?s={search_term_string}\"},\"query-input\":{\"@type\":\"PropertyValueSpecification\",\"valueRequired\":true,\"valueName\":\"search_term_string\"}}],\"inLanguage\":\"sk-SK\"},{\"@type\":\"Organization\",\"@id\":\"https:\\\/\\\/iwell-guard.com\\\/sk\\\/#organization\",\"name\":\"Ittermann electronic GmbH\",\"url\":\"https:\\\/\\\/iwell-guard.com\\\/sk\\\/\",\"logo\":{\"@type\":\"ImageObject\",\"inLanguage\":\"sk-SK\",\"@id\":\"https:\\\/\\\/iwell-guard.com\\\/sk\\\/#\\\/schema\\\/logo\\\/image\\\/\",\"url\":\"https:\\\/\\\/iwell-guard.com\\\/wp-content\\\/uploads\\\/2026\\\/05\\\/Ittermann-Logo-1182x237-1.png\",\"contentUrl\":\"https:\\\/\\\/iwell-guard.com\\\/wp-content\\\/uploads\\\/2026\\\/05\\\/Ittermann-Logo-1182x237-1.png\",\"width\":1182,\"height\":237,\"caption\":\"Ittermann electronic GmbH\"},\"image\":{\"@id\":\"https:\\\/\\\/iwell-guard.com\\\/sk\\\/#\\\/schema\\\/logo\\\/image\\\/\"},\"sameAs\":[\"https:\\\/\\\/pantip.com\\\/profile\\\/9367242\",\"https:\\\/\\\/micro.blog\\\/iwellguard\",\"https:\\\/\\\/www.diggerslist.com\\\/iwellguard\\\/about\",\"https:\\\/\\\/skitterphoto.com\\\/photographers\\\/2870314\\\/iwell-guard\",\"https:\\\/\\\/iwellguard.wordpress.com\\\/2026\\\/06\\\/06\\\/iwell-guard\\\/\",\"https:\\\/\\\/hub.docker.com\\\/u\\\/iwellguard\",\"https:\\\/\\\/www.pinterest.com\\\/iwellguard\\\/\",\"https:\\\/\\\/bit.ly\\\/m\\\/iwellguard\",\"https:\\\/\\\/entre-vos-mains.alsace.eu\\\/profiles\\\/iwellguard\\\/activity\",\"https:\\\/\\\/gravatar.com\\\/reallybeded8fd34\",\"https:\\\/\\\/naijamatta.com\\\/iwellguard\",\"https:\\\/\\\/www.goodreads.com\\\/iwellguard\",\"https:\\\/\\\/profile.hatena.ne.jp\\\/iwellguard\\\/\",\"https:\\\/\\\/experiment.com\\\/users\\\/iwellguard\",\"https:\\\/\\\/wakelet.com\\\/@iWellGuard82270\",\"https:\\\/\\\/www.chordie.com\\\/forum\\\/profile.php?id=2555664\",\"https:\\\/\\\/www.instapaper.com\\\/p\\\/17757966\",\"https:\\\/\\\/www.mapleprimes.com\\\/users\\\/iwellguard\",\"https:\\\/\\\/businesslistingplus.com\\\/profile\\\/iwell-guard\\\/\",\"https:\\\/\\\/telegra.ph\\\/iWell-Guard-06-06\",\"https:\\\/\\\/pbase.com\\\/iwellguard\\\/iwellguard\",\"https:\\\/\\\/b.hatena.ne.jp\\\/iwellguard\\\/20260607#bookmark-4788405196491818882\",\"https:\\\/\\\/fliphtml5.com\\\/home\\\/iwellguard\",\"https:\\\/\\\/anyflip.com\\\/homepage\\\/cmiwl#About\",\"https:\\\/\\\/transfur.com\\\/Users\\\/iwellguard\",\"http:\\\/\\\/delphi.larsbo.org\\\/user\\\/iwellguard\",\"https:\\\/\\\/jobs.lajobsportal.org\\\/profiles\\\/8380803-iwell-guard\",\"https:\\\/\\\/md.chaosdorf.de\\\/s\\\/jfbe5SBdJD\",\"https:\\\/\\\/www.lingvolive.com\\\/en-us\\\/profile\\\/9ecaeaca-ce11-4e51-9e71-01d55e2bff36\\\/translations\",\"https:\\\/\\\/www.fitday.com\\\/fitness\\\/forums\\\/members\\\/iwellguard.html\",\"https:\\\/\\\/www.mymeetbook.com\\\/iwellguard\",\"https:\\\/\\\/pxhere.com\\\/en\\\/photographer-me\\\/5040798\",\"https:\\\/\\\/disqus.com\\\/by\\\/iwellguard\\\/about\\\/\",\"https:\\\/\\\/pastelink.net\\\/hjwciqwq\",\"https:\\\/\\\/pubhtml5.com\\\/homepage\\\/scjhn\\\/\",\"https:\\\/\\\/www.bitchute.com\\\/channel\\\/2O2eOKzNqujT\",\"https:\\\/\\\/audiomack.com\\\/iwellguard\"]}]}<\/script>\n<!-- \/ Yoast SEO Premium plugin. -->","yoast_head_json":{"title":"Mama Killa \u2013 mesa\u010dn\u00e1 bohy\u0148a Inkov","description":"Mama Killa, mesa\u010dn\u00e1 bohy\u0148a Inkov, je sestra-man\u017eelka Intiho a patr\u00f3nka \u017eien, kalend\u00e1ra a \u010dasu. Religionistick\u00e9 zaradenie.","robots":{"index":"index","follow":"follow","max-snippet":"max-snippet:-1","max-image-preview":"max-image-preview:large","max-video-preview":"max-video-preview:-1"},"canonical":"https:\/\/iwell-guard.com\/sk\/mama-killa-mesacna-bohyna-inkov\/","og_locale":"sk_SK","og_type":"article","og_title":"Mama Killa \u2013 mesa\u010dn\u00e1 bohy\u0148a Inkov","og_description":"Mama Killa, mesa\u010dn\u00e1 bohy\u0148a Inkov, je sestra-man\u017eelka Intiho a patr\u00f3nka \u017eien, kalend\u00e1ra a \u010dasu. Religionistick\u00e9 zaradenie.","og_url":"https:\/\/iwell-guard.com\/sk\/mama-killa-mesacna-bohyna-inkov\/","og_site_name":"iWell Guard","article_modified_time":"2026-09-04T22:45:43+00:00","og_image":[{"width":1024,"height":1536,"url":"https:\/\/iwell-guard.com\/wp-content\/uploads\/2026\/05\/goetter_anden-inka_mama-killa.webp","type":"image\/webp"}],"twitter_card":"summary_large_image","schema":{"@context":"https:\/\/schema.org","@graph":[{"@type":"WebPage","@id":"https:\/\/iwell-guard.com\/sk\/mama-killa-mesacna-bohyna-inkov\/","url":"https:\/\/iwell-guard.com\/sk\/mama-killa-mesacna-bohyna-inkov\/","name":"Mama Killa \u2013 mesa\u010dn\u00e1 bohy\u0148a Inkov","isPartOf":{"@id":"https:\/\/iwell-guard.com\/sk\/#website"},"primaryImageOfPage":{"@id":"https:\/\/iwell-guard.com\/sk\/mama-killa-mesacna-bohyna-inkov\/#primaryimage"},"image":{"@id":"https:\/\/iwell-guard.com\/sk\/mama-killa-mesacna-bohyna-inkov\/#primaryimage"},"thumbnailUrl":"https:\/\/iwell-guard.com\/wp-content\/uploads\/2026\/05\/goetter_anden-inka_mama-killa.webp","datePublished":"2026-09-04T22:19:22+00:00","dateModified":"2026-09-04T22:45:43+00:00","description":"Mama Killa, mesa\u010dn\u00e1 bohy\u0148a Inkov, je sestra-man\u017eelka Intiho a patr\u00f3nka \u017eien, kalend\u00e1ra a \u010dasu. Religionistick\u00e9 zaradenie.","breadcrumb":{"@id":"https:\/\/iwell-guard.com\/sk\/mama-killa-mesacna-bohyna-inkov\/#breadcrumb"},"inLanguage":"sk-SK","potentialAction":[{"@type":"ReadAction","target":["https:\/\/iwell-guard.com\/sk\/mama-killa-mesacna-bohyna-inkov\/"]}]},{"@type":"ImageObject","inLanguage":"sk-SK","@id":"https:\/\/iwell-guard.com\/sk\/mama-killa-mesacna-bohyna-inkov\/#primaryimage","url":"https:\/\/iwell-guard.com\/wp-content\/uploads\/2026\/05\/goetter_anden-inka_mama-killa.webp","contentUrl":"https:\/\/iwell-guard.com\/wp-content\/uploads\/2026\/05\/goetter_anden-inka_mama-killa.webp","width":1024,"height":1536,"caption":"Bohovia z andsko-inkskej trad\u00edcie."},{"@type":"BreadcrumbList","@id":"https:\/\/iwell-guard.com\/sk\/mama-killa-mesacna-bohyna-inkov\/#breadcrumb","itemListElement":[{"@type":"ListItem","position":1,"name":"Start","item":"https:\/\/iwell-guard.com\/sk\/?page_id=157572"},{"@type":"ListItem","position":2,"name":"Mama Killa \u2013 mesa\u010dn\u00e1 bohy\u0148a Inkov"}]},{"@type":"WebSite","@id":"https:\/\/iwell-guard.com\/sk\/#website","url":"https:\/\/iwell-guard.com\/sk\/","name":"iWell Guard","description":"Schutz vor dunklen Einfl\u00fcssen","publisher":{"@id":"https:\/\/iwell-guard.com\/sk\/#organization"},"potentialAction":[{"@type":"SearchAction","target":{"@type":"EntryPoint","urlTemplate":"https:\/\/iwell-guard.com\/sk\/?s={search_term_string}"},"query-input":{"@type":"PropertyValueSpecification","valueRequired":true,"valueName":"search_term_string"}}],"inLanguage":"sk-SK"},{"@type":"Organization","@id":"https:\/\/iwell-guard.com\/sk\/#organization","name":"Ittermann electronic GmbH","url":"https:\/\/iwell-guard.com\/sk\/","logo":{"@type":"ImageObject","inLanguage":"sk-SK","@id":"https:\/\/iwell-guard.com\/sk\/#\/schema\/logo\/image\/","url":"https:\/\/iwell-guard.com\/wp-content\/uploads\/2026\/05\/Ittermann-Logo-1182x237-1.png","contentUrl":"https:\/\/iwell-guard.com\/wp-content\/uploads\/2026\/05\/Ittermann-Logo-1182x237-1.png","width":1182,"height":237,"caption":"Ittermann electronic GmbH"},"image":{"@id":"https:\/\/iwell-guard.com\/sk\/#\/schema\/logo\/image\/"},"sameAs":["https:\/\/pantip.com\/profile\/9367242","https:\/\/micro.blog\/iwellguard","https:\/\/www.diggerslist.com\/iwellguard\/about","https:\/\/skitterphoto.com\/photographers\/2870314\/iwell-guard","https:\/\/iwellguard.wordpress.com\/2026\/06\/06\/iwell-guard\/","https:\/\/hub.docker.com\/u\/iwellguard","https:\/\/www.pinterest.com\/iwellguard\/","https:\/\/bit.ly\/m\/iwellguard","https:\/\/entre-vos-mains.alsace.eu\/profiles\/iwellguard\/activity","https:\/\/gravatar.com\/reallybeded8fd34","https:\/\/naijamatta.com\/iwellguard","https:\/\/www.goodreads.com\/iwellguard","https:\/\/profile.hatena.ne.jp\/iwellguard\/","https:\/\/experiment.com\/users\/iwellguard","https:\/\/wakelet.com\/@iWellGuard82270","https:\/\/www.chordie.com\/forum\/profile.php?id=2555664","https:\/\/www.instapaper.com\/p\/17757966","https:\/\/www.mapleprimes.com\/users\/iwellguard","https:\/\/businesslistingplus.com\/profile\/iwell-guard\/","https:\/\/telegra.ph\/iWell-Guard-06-06","https:\/\/pbase.com\/iwellguard\/iwellguard","https:\/\/b.hatena.ne.jp\/iwellguard\/20260607#bookmark-4788405196491818882","https:\/\/fliphtml5.com\/home\/iwellguard","https:\/\/anyflip.com\/homepage\/cmiwl#About","https:\/\/transfur.com\/Users\/iwellguard","http:\/\/delphi.larsbo.org\/user\/iwellguard","https:\/\/jobs.lajobsportal.org\/profiles\/8380803-iwell-guard","https:\/\/md.chaosdorf.de\/s\/jfbe5SBdJD","https:\/\/www.lingvolive.com\/en-us\/profile\/9ecaeaca-ce11-4e51-9e71-01d55e2bff36\/translations","https:\/\/www.fitday.com\/fitness\/forums\/members\/iwellguard.html","https:\/\/www.mymeetbook.com\/iwellguard","https:\/\/pxhere.com\/en\/photographer-me\/5040798","https:\/\/disqus.com\/by\/iwellguard\/about\/","https:\/\/pastelink.net\/hjwciqwq","https:\/\/pubhtml5.com\/homepage\/scjhn\/","https:\/\/www.bitchute.com\/channel\/2O2eOKzNqujT","https:\/\/audiomack.com\/iwellguard"]}]}},"_links":{"self":[{"href":"https:\/\/iwell-guard.com\/sk\/wp-json\/wp\/v2\/pages\/157913","targetHints":{"allow":["GET"]}}],"collection":[{"href":"https:\/\/iwell-guard.com\/sk\/wp-json\/wp\/v2\/pages"}],"about":[{"href":"https:\/\/iwell-guard.com\/sk\/wp-json\/wp\/v2\/types\/page"}],"author":[{"embeddable":true,"href":"https:\/\/iwell-guard.com\/sk\/wp-json\/wp\/v2\/users\/3"}],"replies":[{"embeddable":true,"href":"https:\/\/iwell-guard.com\/sk\/wp-json\/wp\/v2\/comments?post=157913"}],"version-history":[{"count":0,"href":"https:\/\/iwell-guard.com\/sk\/wp-json\/wp\/v2\/pages\/157913\/revisions"}],"wp:featuredmedia":[{"embeddable":true,"href":"https:\/\/iwell-guard.com\/sk\/wp-json\/wp\/v2\/media\/2680"}],"wp:attachment":[{"href":"https:\/\/iwell-guard.com\/sk\/wp-json\/wp\/v2\/media?parent=157913"}],"wp:term":[{"taxonomy":"category","embeddable":true,"href":"https:\/\/iwell-guard.com\/sk\/wp-json\/wp\/v2\/categories?post=157913"}],"curies":[{"name":"wp","href":"https:\/\/api.w.org\/{rel}","templated":true}]}}