{"id":157911,"date":"2026-09-04T22:19:20","date_gmt":"2026-09-04T22:19:20","guid":{"rendered":"https:\/\/iwell-guard.com\/?page_id=157911"},"modified":"2026-09-04T22:45:38","modified_gmt":"2026-09-04T22:45:38","slug":"inti-slnecny-boh-inkov","status":"publish","type":"page","link":"https:\/\/iwell-guard.com\/sk\/inti-slnecny-boh-inkov\/","title":{"rendered":"Inti \u2013 slne\u010dn\u00fd boh Inkov"},"content":{"rendered":"\t\t<div data-elementor-type=\"wp-page\" data-elementor-id=\"157911\" class=\"elementor elementor-157911 elementor-2574 elementor-bc-flex-widget\" data-elementor-post-type=\"page\">\n\t\t\t\t<div class=\"elementor-element elementor-element-iwgw-inti-hero e-flex e-con-boxed e-con e-parent\" data-id=\"iwgw-inti-hero\" data-element_type=\"container\" data-e-type=\"container\" data-settings=\"{&quot;background_background&quot;:&quot;classic&quot;}\">\n\t\t\t\t\t<div class=\"e-con-inner\">\n\t\t<div class=\"elementor-element elementor-element-iwgw-inti-hl e-flex e-con-boxed e-con e-child\" data-id=\"iwgw-inti-hl\" data-element_type=\"container\" data-e-type=\"container\">\n\t\t\t\t\t<div class=\"e-con-inner\">\n\t\t<div class=\"elementor-element elementor-element-iwgw-inti-htxt e-con-full e-flex e-con e-child\" data-id=\"iwgw-inti-htxt\" data-element_type=\"container\" data-e-type=\"container\">\n\t\t\t\t<div class=\"elementor-element elementor-element-iwgw-inti-h1 elementor-widget elementor-widget-heading\" data-id=\"iwgw-inti-h1\" data-element_type=\"widget\" data-e-type=\"widget\" data-widget_type=\"heading.default\">\n\t\t\t\t\t<h1 class=\"elementor-heading-title elementor-size-default\">Inti, slne\u010dn\u00fd boh Inkov a praotec vl\u00e1dnucej dynastie<\/h1>\t\t\t\t<\/div>\n\t\t\t\t<div class=\"elementor-element elementor-element-iwgw-inti-lead elementor-widget elementor-widget-text-editor\" data-id=\"iwgw-inti-lead\" data-element_type=\"widget\" data-e-type=\"widget\" data-widget_type=\"text-editor.default\">\n\t\t\t\t\t\t\t\t\t<p>Inti, slne\u010dn\u00fd boh Inkov, je pova\u017eovan\u00fd za otca vl\u00e1dnucej dynastie a stoj\u00ed v centre ve\u013ek\u00e9ho slne\u010dn\u00e9ho sviatku Inti Raymi. Jeho <span class=\"iwg-fachbegriff\" data-tooltip=\"S\u00fahrn n\u00e1bo\u017eensk\u00fdch \u00factov\u00fdch \u00fakonov vo\u010di bo\u017estvu alebo sv\u00e4tej postave.\" tabindex=\"0\">kult<\/span> je centr\u00e1lnou s\u00fa\u010das\u0165ou andsk\u00fdch n\u00e1bo\u017eensk\u00fdch dej\u00edn a Inksk\u00e1 r\u00ed\u0161a ho pov\u00fd\u0161ila na ofici\u00e1lne \u0161t\u00e1tne n\u00e1bo\u017eenstvo.<\/p>\t\t\t\t\t\t\t\t<\/div>\n\t\t\t\t<\/div>\n\t\t<div class=\"elementor-element elementor-element-iwgw-inti-pillc e-con-full e-flex e-con e-child\" data-id=\"iwgw-inti-pillc\" data-element_type=\"container\" data-e-type=\"container\">\n\t\t\t\t<div class=\"elementor-element elementor-element-iwgw-inti-pills elementor-widget elementor-widget-html\" data-id=\"iwgw-inti-pills\" data-element_type=\"widget\" data-e-type=\"widget\" data-widget_type=\"html.default\">\n\t\t\t\t\t<div class=\"iwg-pill-row\"><span class=\"iwg-klasse-badge\" tabindex=\"0\" data-tooltip=\"Boh trad\u00edcie Andy \/ Inkovia.\">Boh<\/span><a href=\"https:\/\/iwell-guard.com\/sk\/?page_id=157901\" class=\"iwg-kultur-badge\" tabindex=\"0\" data-tooltip=\"Mytol\u00f3gia trad\u00edcie Andy \/ Inkovia.\">Andy \/ Inkovia<\/a><span class=\"iwg-tradition-badge\" tabindex=\"0\" data-tooltip=\"Vrchn\u00e9 bo\u017estvo.\">Vrchn\u00e9 bo\u017estvo<\/span><\/div>\t\t\t\t<\/div>\n\t\t\t\t<\/div>\n\t\t<div class=\"elementor-element elementor-element-iwgw-inti-tocc e-con-full e-flex e-con e-child\" data-id=\"iwgw-inti-tocc\" data-element_type=\"container\" data-e-type=\"container\">\n\t\t\t\t<div class=\"elementor-element elementor-element-iwgw-inti-toc elementor-toc--minimized-on-tablet elementor-widget elementor-widget-table-of-contents\" data-id=\"iwgw-inti-toc\" data-element_type=\"widget\" data-e-type=\"widget\" data-settings=\"{&quot;headings_by_tags&quot;:[&quot;h2&quot;,&quot;h3&quot;],&quot;minimize_box&quot;:&quot;yes&quot;,&quot;marker_view&quot;:&quot;bullets&quot;,&quot;no_headings_message&quot;:&quot;Na tejto str\\u00e1nke sa nena\\u0161li \\u017eiadne nadpisy.&quot;,&quot;exclude_headings_by_selector&quot;:[],&quot;icon&quot;:{&quot;value&quot;:&quot;fas fa-circle&quot;,&quot;library&quot;:&quot;fa-solid&quot;,&quot;rendered_tag&quot;:&quot;&lt;svg class=\\&quot;e-font-icon-svg e-fas-circle\\&quot; viewBox=\\&quot;0 0 512 512\\&quot; xmlns=\\&quot;http:\\\/\\\/www.w3.org\\\/2000\\\/svg\\&quot;&gt;&lt;path d=\\&quot;M256 8C119 8 8 119 8 256s111 248 248 248 248-111 248-248S393 8 256 8z\\&quot;&gt;&lt;\\\/path&gt;&lt;\\\/svg&gt;&quot;},&quot;minimized_on&quot;:&quot;tablet&quot;,&quot;hierarchical_view&quot;:&quot;yes&quot;,&quot;min_height&quot;:{&quot;unit&quot;:&quot;px&quot;,&quot;size&quot;:&quot;&quot;,&quot;sizes&quot;:[]},&quot;min_height_tablet&quot;:{&quot;unit&quot;:&quot;px&quot;,&quot;size&quot;:&quot;&quot;,&quot;sizes&quot;:[]},&quot;min_height_mobile&quot;:{&quot;unit&quot;:&quot;px&quot;,&quot;size&quot;:&quot;&quot;,&quot;sizes&quot;:[]}}\" data-widget_type=\"table-of-contents.default\">\n\t\t\t\t\t\t\t\t\t<div class=\"elementor-toc__header\">\n\t\t\t\t\t\t<h2 class=\"elementor-toc__header-title\">\n\t\t\t\tObsah\t\t\t<\/h2>\n\t\t\t\t\t\t\t\t\t\t<div class=\"elementor-toc__toggle-button elementor-toc__toggle-button--expand\" role=\"button\" tabindex=\"0\" aria-controls=\"elementor-toc__iwgw-inti-toc\" aria-expanded=\"true\" aria-label=\"Open table of contents\"><svg aria-hidden=\"true\" class=\"e-font-icon-svg e-fas-chevron-down\" viewBox=\"0 0 448 512\" xmlns=\"http:\/\/www.w3.org\/2000\/svg\"><path d=\"M207.029 381.476L12.686 187.132c-9.373-9.373-9.373-24.569 0-33.941l22.667-22.667c9.357-9.357 24.522-9.375 33.901-.04L224 284.505l154.745-154.021c9.379-9.335 24.544-9.317 33.901.04l22.667 22.667c9.373 9.373 9.373 24.569 0 33.941L240.971 381.476c-9.373 9.372-24.569 9.372-33.942 0z\"><\/path><\/svg><\/div>\n\t\t\t\t<div class=\"elementor-toc__toggle-button elementor-toc__toggle-button--collapse\" role=\"button\" tabindex=\"0\" aria-controls=\"elementor-toc__iwgw-inti-toc\" aria-expanded=\"true\" aria-label=\"Close table of contents\"><svg aria-hidden=\"true\" class=\"e-font-icon-svg e-fas-chevron-up\" viewBox=\"0 0 448 512\" xmlns=\"http:\/\/www.w3.org\/2000\/svg\"><path d=\"M240.971 130.524l194.343 194.343c9.373 9.373 9.373 24.569 0 33.941l-22.667 22.667c-9.357 9.357-24.522 9.375-33.901.04L224 227.495 69.255 381.516c-9.379 9.335-24.544 9.317-33.901-.04l-22.667-22.667c-9.373-9.373-9.373-24.569 0-33.941L207.03 130.525c9.372-9.373 24.568-9.373 33.941-.001z\"><\/path><\/svg><\/div>\n\t\t\t\t\t<\/div>\n\t\t\t\t<div id=\"elementor-toc__iwgw-inti-toc\" class=\"elementor-toc__body\">\n\t\t\t<div class=\"elementor-toc__spinner-container\">\n\t\t\t\t<svg class=\"elementor-toc__spinner eicon-animation-spin e-font-icon-svg e-eicon-loading\" aria-hidden=\"true\" viewBox=\"0 0 1000 1000\" xmlns=\"http:\/\/www.w3.org\/2000\/svg\"><path d=\"M500 975V858C696 858 858 696 858 500S696 142 500 142 142 304 142 500H25C25 237 238 25 500 25S975 237 975 500 763 975 500 975Z\"><\/path><\/svg>\t\t\t<\/div>\n\t\t<\/div>\n\t\t\t\t\t\t<\/div>\n\t\t\t\t<\/div>\n\t\t\t\t\t<\/div>\n\t\t\t\t<\/div>\n\t\t<div class=\"elementor-element elementor-element-iwgw-inti-hr e-con-full e-flex e-con e-child\" data-id=\"iwgw-inti-hr\" data-element_type=\"container\" data-e-type=\"container\">\n\t\t\t\t<div class=\"elementor-element elementor-element-iwgw-inti-heroimg iwg-hero-image elementor-widget elementor-widget-image\" data-id=\"iwgw-inti-heroimg\" data-element_type=\"widget\" data-e-type=\"widget\" data-widget_type=\"image.default\">\n\t\t\t\t\t\t\t\t\t\t\t\t\t\t\t<img fetchpriority=\"high\" decoding=\"async\" width=\"683\" height=\"1024\" src=\"https:\/\/iwell-guard.com\/wp-content\/uploads\/2026\/05\/goetter_anden-inka_inti-683x1024.webp\" class=\"attachment-large size-large wp-image-159856\" alt=\"Inti \u2013 bohovia z andsko-inckej trad\u00edcie, historicko-ilustra\u010dn\u00e9 zobrazenie\" srcset=\"https:\/\/iwell-guard.com\/wp-content\/uploads\/2026\/05\/goetter_anden-inka_inti-683x1024.webp 683w, https:\/\/iwell-guard.com\/wp-content\/uploads\/2026\/05\/goetter_anden-inka_inti-200x300.webp 200w, https:\/\/iwell-guard.com\/wp-content\/uploads\/2026\/05\/goetter_anden-inka_inti-768x1152.webp 768w, https:\/\/iwell-guard.com\/wp-content\/uploads\/2026\/05\/goetter_anden-inka_inti.webp 1024w\" sizes=\"(max-width: 683px) 100vw, 683px\" \/>\t\t\t\t\t\t\t\t\t\t\t\t\t\t\t<\/div>\n\t\t\t\t<\/div>\n\t\t\t\t\t<\/div>\n\t\t\t\t<\/div>\n\t\t\t\t<section class=\"elementor-section elementor-top-section elementor-element elementor-element-sec-iwgcomp-inti elementor-section-boxed elementor-section-height-default elementor-section-height-default\" data-id=\"sec-iwgcomp-inti\" data-element_type=\"section\" data-e-type=\"section\">\n\t\t\t\t\t\t<div class=\"elementor-container elementor-column-gap-default\">\n\t\t\t\t\t<div class=\"elementor-column elementor-col-100 elementor-top-column elementor-element elementor-element-col-iwgcomp-inti\" data-id=\"col-iwgcomp-inti\" data-element_type=\"column\" data-e-type=\"column\">\n\t\t\t<div class=\"elementor-widget-wrap elementor-element-populated\">\n\t\t\t\t\t\t<div class=\"elementor-element elementor-element-iwgcomp-inti elementor-widget elementor-widget-text-editor\" data-id=\"iwgcomp-inti\" data-element_type=\"widget\" data-e-type=\"widget\" data-widget_type=\"text-editor.default\">\n\t\t\t\t\t\t\t\t\t<p>Inti je <strong>inksk\u00fd slne\u010dn\u00fd boh<\/strong> a je centr\u00e1lnou postavou <span class=\"iwg-fachbegriff\" data-tooltip=\"S\u00fahrn bohov n\u00e1bo\u017eenstva alebo kult\u00fary.\" tabindex=\"0\">pante\u00f3nu<\/span> andskej vysokej kult\u00fary.<\/p>\t\t\t\t\t\t\t\t<\/div>\n\t\t\t\t\t<\/div>\n\t\t<\/div>\n\t\t\t\t\t<\/div>\n\t\t<\/section>\n\t\t<div class=\"elementor-element elementor-element-iwgw-inti-s0 e-flex e-con-boxed e-con e-parent\" data-id=\"iwgw-inti-s0\" data-element_type=\"container\" data-e-type=\"container\">\n\t\t\t\t\t<div class=\"e-con-inner\">\n\t\t\t\t<div class=\"elementor-element elementor-element-iwgw-inti-s0h elementor-widget elementor-widget-heading\" data-id=\"iwgw-inti-s0h\" data-element_type=\"widget\" data-e-type=\"widget\" data-widget_type=\"heading.default\">\n\t\t\t\t\t<h2 class=\"elementor-heading-title elementor-size-default\">Postavenie v andskom pante\u00f3ne<\/h2>\t\t\t\t<\/div>\n\t\t<div class=\"elementor-element elementor-element-iwgw-inti-s0c e-con-full e-flex e-con e-child\" data-id=\"iwgw-inti-s0c\" data-element_type=\"container\" data-e-type=\"container\">\n\t\t\t\t<div class=\"elementor-element elementor-element-iwgw-inti-s0t elementor-widget elementor-widget-text-editor\" data-id=\"iwgw-inti-s0t\" data-element_type=\"widget\" data-e-type=\"widget\" data-widget_type=\"text-editor.default\">\n\t\t\t\t\t\t\t\t\t<p>Inti (ke\u010dua: <em>inti<\/em>, slnko) tvor\u00ed v ofici\u00e1lnom <span class=\"iwg-fachbegriff\" data-tooltip=\"S\u00fahrn bohov jednotliv\u00e9ho n\u00e1bo\u017eenstva alebo kult\u00fary.\" tabindex=\"0\">pante\u00f3ne<\/span> Inckej r\u00ed\u0161e (Tawantinsuyu, cca 1438, 1533) jedno z \u00fastredn\u00fdch vysok\u00fdch bo\u017estiev a v koloni\u00e1lnych kronik\u00e1ch sa pravidelne objavuje popri stvorite\u013eskom bohovi <a href=\"https:\/\/iwell-guard.com\/sk\/?page_id=157914\">Viracochovi<\/a> a mesa\u010dnej bohyni <a href=\"https:\/\/iwell-guard.com\/sk\/?page_id=157913\">Mama Kille<\/a>.<\/p><p>Peru\u00e1nsky kronik\u00e1r Garcilaso de la Vega ho vo svojom diele <em>Comentarios Reales de los Incas<\/em> (1609) ozna\u010duje za vidite\u013en\u00fa tv\u00e1r najvy\u0161\u0161ej bytosti, ktor\u00e1 legitimizovala inck\u00fdch vl\u00e1dcov a organizovala r\u00ed\u0161u hospod\u00e1rsky aj kalend\u00e1rne.<\/p><p>Z religionistick\u00e9ho h\u013eadiska patr\u00ed Inti do skupiny dynastick\u00fdch sol\u00e1rnych teol\u00f3gi\u00ed, ak\u00e9 s\u00fa v porovnate\u013enej podobe zn\u00e1me zo starovek\u00e9ho egyptsk\u00e9ho kultu <span class=\"iwg-fachbegriff\" data-tooltip=\"S\u00fahrn n\u00e1bo\u017eensk\u00fdch \u00fakonov uctievania venovan\u00fdch bo\u017estvu alebo sv\u00e4tej bytosti.\" tabindex=\"0\">kultu<\/span> boha Re, z japonsk\u00e9ho kultu Amaterasu alebo z predo\u00e1zijsk\u00fdch slne\u010dn\u00fdch kultov.<\/p><p>Mircea Eliade vo svojom diele <em>Dejiny n\u00e1bo\u017eensk\u00fdch predst\u00e1v<\/em> opisuje tendenciu neskor\u00fdch vysok\u00fdch kult\u00far pov\u00fd\u0161i\u0165 slne\u010dn\u00e9 bo\u017estvo na z\u00e1ruku politick\u00e9ho poriadku; Inti do tohto vzoru zapad\u00e1. Inck\u00ed vl\u00e1dcovia niesli titul <em>Intip Churin<\/em> (syn slnka) a z neho odvodzovali svoj univerz\u00e1lny n\u00e1rok na vl\u00e1du nad andskou vyso\u010dinou a svetom <a href=\"https:\/\/iwell-guard.com\/sk\/?page_id=157901\">andsk\u00fdch Inkov<\/a>.<\/p><p>Pozoruhodn\u00e9 je, \u017ee Inti nemal v predinck\u00fdch vysok\u00fdch kult\u00farach \u00c1nd (Chav\u00edn, Moche, Tiwanaku, Wari) porovnate\u013ene v\u00fdznamn\u00e9 postavenie. A\u017e \u0161t\u00e1totvorn\u00e1 <span class=\"iwg-fachbegriff\" data-tooltip=\"Vedeck\u00e1 n\u00e1uka o Bohu a viere dan\u00e9ho n\u00e1bo\u017eenstva.\" tabindex=\"0\">teol\u00f3gia<\/span> Inckej r\u00ed\u0161e ho postavila na \u010delo vidite\u013en\u00e9ho pante\u00f3nu.<\/p><p>Catherine Allenov\u00e1 v diele <em>The Hold Life Has<\/em> (2002) poukazuje na to, \u017ee \u00facta k matke zemi <a href=\"https:\/\/iwell-guard.com\/sk\/?page_id=157912\">Pachamame<\/a> a miestnym horsk\u00fdm duchom apu je v mnoh\u00fdch obciach dodnes prakticky d\u00f4le\u017eitej\u0161ia ne\u017e vy\u0161\u0161ia sol\u00e1rna teol\u00f3gia Intiho, \u010do nazna\u010duje, \u017ee Inti p\u00f4sobil predov\u0161etk\u00fdm ako imperi\u00e1lne <span class=\"iwg-fachbegriff\" data-tooltip=\"Bytos\u0165 uctievan\u00e1 ako bo\u017esk\u00e1 v r\u00e1mci dan\u00e9ho n\u00e1bo\u017eenstva.\" tabindex=\"0\">bo\u017estvo<\/span>, zatia\u013e \u010do konkr\u00e9tny ka\u017edodenn\u00fd andsk\u00fd n\u00e1bo\u017eensk\u00fd \u017eivot ur\u010dovala sk\u00f4r matka zem a miestni horsk\u00ed p\u00e1ni.<\/p>\t\t\t\t\t\t\t\t<\/div>\n\t\t\t\t<\/div>\n\t\t\t\t\t<\/div>\n\t\t\t\t<\/div>\n\t\t<div class=\"elementor-element elementor-element-iwgw-inti-s1 e-flex e-con-boxed e-con e-parent\" data-id=\"iwgw-inti-s1\" data-element_type=\"container\" data-e-type=\"container\">\n\t\t\t\t\t<div class=\"e-con-inner\">\n\t\t\t\t<div class=\"elementor-element elementor-element-iwgw-inti-s1h elementor-widget elementor-widget-heading\" data-id=\"iwgw-inti-s1h\" data-element_type=\"widget\" data-e-type=\"widget\" data-widget_type=\"heading.default\">\n\t\t\t\t\t<h2 class=\"elementor-heading-title elementor-size-default\">Meno a etymol\u00f3gia<\/h2>\t\t\t\t<\/div>\n\t\t<div class=\"elementor-element elementor-element-iwgw-inti-s1c e-con-full e-flex e-con e-child\" data-id=\"iwgw-inti-s1c\" data-element_type=\"container\" data-e-type=\"container\">\n\t\t\t\t<div class=\"elementor-element elementor-element-iwgw-inti-s1t elementor-widget elementor-widget-text-editor\" data-id=\"iwgw-inti-s1t\" data-element_type=\"widget\" data-e-type=\"widget\" data-widget_type=\"text-editor.default\">\n\t\t\t\t\t\t\t\t\t<p>Meno <em>Inti<\/em> je od najstar\u0161\u00edch koloni\u00e1lnych ke\u010du\u00e1nskych slovn\u00edkov (Domingo de Santo Tom\u00e1s 1560, Diego Gonz\u00e1lez Holgu\u00edn 1608) dolo\u017een\u00e9 ako generick\u00e9 ozna\u010denie pre slnko ako nebesk\u00e9 teleso, ako aj pre personifikovan\u00e9 <span class=\"iwg-fachbegriff\" data-tooltip=\"Bytos\u0165 uctievan\u00e1 ako bo\u017esk\u00e1 v r\u00e1mci n\u00e1bo\u017eenstva.\" tabindex=\"0\">bo\u017estvo<\/span>.<\/p><p>Dvojak\u00fd v\u00fdznam, fyzick\u00e9 teleso a bo\u017esk\u00e1 osoba, je typick\u00fd pre andsk\u00e9 n\u00e1bo\u017eensk\u00e9 myslenie, v ktorom je oddelenie pr\u00edrodnej a numin\u00f3znej roviny menej ostr\u00e9 ne\u017e v eur\u00f3pskych teol\u00f3gi\u00e1ch.<\/p><p>Inti sa v prame\u0148och vyskytuje pod viacer\u00fdmi pr\u00edvlastkov\u00fdmi menami: <em>Apu Inti<\/em> (P\u00e1n Slnko), <em>Churi Inti<\/em> (Syn-Slnko), <em>Wayna Inti<\/em> (Mlad\u00e9 Slnko) a <em>Inti Illapa<\/em> (Hromov\u00e9 Slnko) ozna\u010duj\u00fa r\u00f4zne podoby, ktor\u00e9 kronik\u00e1r Juan de Betanzos vo svojom diele <em>Suma y narraci\u00f3n de los Incas<\/em> (1551) popisuje ako tri osoby troji\u010dnej slne\u010dnej teol\u00f3gie.<\/p><p>T\u00e1to trojica viedla religionistov ako Pierre Duviols k opatrnosti: kres\u0165ansk\u00e1 troji\u010dn\u00e1 n\u00e1uka \u0161panielskych kronik\u00e1rov tu mo\u017eno prekr\u00fdva p\u00f4vodn\u00fa indi\u00e1nsku viacpodobnos\u0165.<\/p><p>Najvy\u0161\u0161\u00ed n\u00e1zov sviatku <em>Inti Raymi<\/em> je ke\u010du\u00e1nske zlo\u017eenie slov <em>inti<\/em> a <em>raymi<\/em> (sviatok, sviato\u010dn\u00e9 zhroma\u017edenie). Ozna\u010duje sviatok slnovratu ju\u017enej zimy (j\u00fan) a od roku 1944 sa v Cuscu ka\u017edoro\u010dne znovu inscenuje ako rekon\u0161truovan\u00fd folkl\u00f3rny sviatok, av\u0161ak bez historickej praxe obetovania zvierat.<\/p><p>N\u00e1zov sviatku sa okrem toho ust\u00e1lil aj ako ozna\u010denie vlastn\u00e9ho andsk\u00e9ho po\u010d\u00edtania \u010dasu, v ktorom sa roky po\u010d\u00edtaj\u00fa od mytick\u00e9ho po\u010diatku r\u00ed\u0161e.<\/p>\t\t\t\t\t\t\t\t<\/div>\n\t\t\t\t<\/div>\n\t\t\t\t\t<\/div>\n\t\t\t\t<\/div>\n\t\t<div class=\"elementor-element elementor-element-iwgw-inti-s2 e-flex e-con-boxed e-con e-parent\" data-id=\"iwgw-inti-s2\" data-element_type=\"container\" data-e-type=\"container\">\n\t\t\t\t\t<div class=\"e-con-inner\">\n\t\t\t\t<div class=\"elementor-element elementor-element-iwgw-inti-s2h elementor-widget elementor-widget-heading\" data-id=\"iwgw-inti-s2h\" data-element_type=\"widget\" data-e-type=\"widget\" data-widget_type=\"heading.default\">\n\t\t\t\t\t<h2 class=\"elementor-heading-title elementor-size-default\">Popis a ikonografia<\/h2>\t\t\t\t<\/div>\n\t\t<div class=\"elementor-element elementor-element-iwgw-inti-s2c e-con-full e-flex e-con e-child\" data-id=\"iwgw-inti-s2c\" data-element_type=\"container\" data-e-type=\"container\">\n\t\t\t\t<div class=\"elementor-element elementor-element-iwgw-inti-s2t elementor-widget elementor-widget-text-editor\" data-id=\"iwgw-inti-s2t\" data-element_type=\"widget\" data-e-type=\"widget\" data-widget_type=\"text-editor.default\">\n\t\t\t\t\t\t\t\t\t<p>Ikonografick\u00e9 zobrazenie Intiho je v pred\u0161panielskych prame\u0148och dolo\u017een\u00e9 len fragment\u00e1rne, ke\u010f\u017ee Inck\u00e1 r\u00ed\u0161a nemala p\u00edsomn\u00fa obrazov\u00fa trad\u00edciu v u\u017e\u0161om zmysle slova.<\/p><p>Hlavn\u00fdm prame\u0148om je koloni\u00e1lne sekund\u00e1rne podanie a presl\u00e1ven\u00fd zlat\u00fd pl\u00e1t, ktor\u00fd mal by\u0165 umiestnen\u00fd v Chr\u00e1me slnka <em>Coricancha<\/em> v Cuscu: okr\u00fahly kot\u00fa\u010d lemovan\u00fd l\u00fa\u010dmi s antropomorfnou tv\u00e1rou, takzvan\u00e9 <em>Punchao<\/em>. Toto <span class=\"iwg-fachbegriff\" data-tooltip=\"Obrazov\u00e9 zobrazenie bo\u017estva uctievan\u00e9 v chr\u00e1me alebo sv\u00e4tyni.\" tabindex=\"0\">kultov\u00e9 zobrazenie<\/span> bolo pri dobyt\u00ed Vilcabamby v roku 1572 \u0160panielmi zhaban\u00e9 a odvezen\u00e9 do \u0160panielska, odvtedy je v\u0161ak nezvestn\u00e9.<\/p><p>Garcilaso de la Vega opisuje <span class=\"iwg-fachbegriff\" data-tooltip=\"Posv\u00e4tn\u00e9 miesto zasv\u00e4ten\u00e9 \u00facte k bo\u017estvu.\" tabindex=\"0\">sv\u00e4ty\u0148u<\/span> Coricancha ako vn\u00fatorn\u00fd priestor cel\u00fd oblo\u017een\u00fd zlat\u00fdmi plat\u0148ami. V jej strede st\u00e1lo Punchao, po bokoch s mumifikovan\u00fdmi telami zosnul\u00fdch inck\u00fdch vl\u00e1dcov (<em>mallqui<\/em>), ktor\u00ed boli pova\u017eovan\u00ed za ve\u010dne \u017eij\u00face stelesnenie Intiho rodokme\u0148a.<\/p><p>\u0160panielski kronik\u00e1ri Polo de Ondegardo a Crist\u00f3bal de Albornoz toto usporiadanie potvrdzuj\u00fa vo svojich in\u0161pek\u010dn\u00fdch spr\u00e1vach zo 60. rokov 16. storo\u010dia. Inck\u00ed dvorania sa na sviato\u010dn\u00e9 dni objavovali so zlat\u00fdmi korunami z l\u00fa\u010dov, ktor\u00e9 form\u00e1lne preberali podobu Punchao.<\/p><p>Na zachovan\u00fdch inck\u00fdch text\u00edli\u00e1ch, keroch (poh\u00e1rikoch na pitie) a koloni\u00e1lnych n\u00e1stenn\u00fdch ma\u013eb\u00e1ch (napr\u00edklad v cusskej \u0161kole) sa Inti v\u00e4\u010d\u0161inou zobrazuje ako zlat\u00e1 tv\u00e1r so zubat\u00fdmi l\u00fa\u010dmi, niekedy s vencom z klasov kukurice alebo quinoy.<\/p><p>Vo vrchn\u00fdch obrazov\u00fdch vrstv\u00e1ch koloni\u00e1lnych andsk\u00fdch malieb (napr. <em>Triumf sv\u00e4t\u00e9ho Michala<\/em>, cussk\u00e1 \u0161kola, 17. storo\u010die) sa ikonografia Intiho prel\u00edna s kres\u0165ansk\u00fdmi mot\u00edvmi <span class=\"iwg-fachbegriff\" data-tooltip=\"Nebesk\u00e1 poslova bytos\u0165 Boha v abrah\u00e1movsk\u00fdch n\u00e1bo\u017eenstv\u00e1ch.\" tabindex=\"0\">anjelov<\/span> a Sol Iustitiae, \u010do je ikonografick\u00e1 stopa synkretizmu, ktor\u00fa systematicky zdokumentovala histori\u010dka umenia Teresa Gisbertov\u00e1 v diele <em>Iconograf\u00eda y mitos ind\u00edgenas en el arte<\/em> (1980).<\/p>\t\t\t\t\t\t\t\t<\/div>\n\t\t\t\t<\/div>\n\t\t\t\t\t<\/div>\n\t\t\t\t<\/div>\n\t\t<div class=\"elementor-element elementor-element-iwgw-inti-s3 e-flex e-con-boxed e-con e-parent\" data-id=\"iwgw-inti-s3\" data-element_type=\"container\" data-e-type=\"container\">\n\t\t\t\t\t<div class=\"e-con-inner\">\n\t\t\t\t<div class=\"elementor-element elementor-element-iwgw-inti-s3h elementor-widget elementor-widget-heading\" data-id=\"iwgw-inti-s3h\" data-element_type=\"widget\" data-e-type=\"widget\" data-widget_type=\"heading.default\">\n\t\t\t\t\t<h2 class=\"elementor-heading-title elementor-size-default\">Mytologick\u00e9 rozpr\u00e1vania<\/h2>\t\t\t\t<\/div>\n\t\t<div class=\"elementor-element elementor-element-iwgw-inti-s3c e-con-full e-flex e-con e-child\" data-id=\"iwgw-inti-s3c\" data-element_type=\"container\" data-e-type=\"container\">\n\t\t\t\t<div class=\"elementor-element elementor-element-iwgw-inti-s3t elementor-widget elementor-widget-text-editor\" data-id=\"iwgw-inti-s3t\" data-element_type=\"widget\" data-e-type=\"widget\" data-widget_type=\"text-editor.default\">\n\t\t\t\t\t\t\t\t\t<p>Najd\u00f4le\u017eitej\u0161\u00edm <span class=\"iwg-fachbegriff\" data-tooltip=\"Tradovan\u00fd pr\u00edbeh o bohoch, p\u00f4vode a poriadku svete.\" tabindex=\"0\">m\u00fdtom<\/span> spojen\u00fdm s Intim je inksk\u00fd m\u00fdtus o p\u00f4vode z jazera Titicaca, dochovan\u00fd najm\u00e4 prostredn\u00edctvom Garcilasa de la Vega a Juana de Betanzos. Pod\u013ea neho sa Inti po obdob\u00ed svetovej temnoty vynor\u00ed z jazera Titicaca a vysiela svoje deti <em>Manco Capaca<\/em> a <em>Mama Ocllo<\/em>, aby \u013eud\u00ed nau\u010dili po\u013enohospod\u00e1rstvu, tk\u00e1\u010dstvu a n\u00e1bo\u017eensk\u00e9mu poriadku.<\/p><p>Na mieste, kde sa zlat\u00e1 palica Manca zabo\u0159\u00ed do zeme, m\u00e1 by\u0165 zalo\u017een\u00e9 mesto Cusco, neskor\u0161ie hlavn\u00e9 mesto Tawantinsuyu.<\/p><p>V paralelnej trad\u00edcii, ktor\u00fa zaznamenal Pedro Sarmiento de Gamboa v diele <em>Historia indica<\/em> (1572), sa Manco Capac a jeho s\u00farodenci naopak zjavuj\u00fa z jaskynn\u00e9ho syst\u00e9mu Pacaritambo pri Cuscu. Tieto dve trad\u00edcie o p\u00f4vode boli u\u017e v inkskej <span class=\"iwg-fachbegriff\" data-tooltip=\"Vedeck\u00e1 n\u00e1uka o Bohu a o viere n\u00e1bo\u017eenstva.\" tabindex=\"0\">teol\u00f3gii<\/span> zos\u00faladen\u00e9 tak, \u017ee udalos\u0165 pri Titicace bola vykladan\u00e1 ako kozmick\u00e1 a udalos\u0165 v Pacaritambo ako pozemsk\u00e1 f\u00e1za toho ist\u00e9ho poslania.<\/p><p>\u010eal\u0161ia mytologick\u00e1 l\u00ednia sp\u00e1ja Intiho so stvorite\u013esk\u00fdm bohom <a href=\"https:\/\/iwell-guard.com\/sk\/?page_id=157914\">Viracochom<\/a>. Pod\u013ea Cristobala de Molina (<em>Relacion de las fabulas y ritos de los Incas<\/em>, 1575) Viracocha pri Titicace stvor\u00ed slnko, mesiac a hvezdy a prik\u00e1\u017ee im vyda\u0165 sa na ich dr\u00e1hy po nebi.<\/p><p>Inti je tu druhotn\u00fdm v\u00fdtvorom vy\u0161\u0161ieho stvorite\u013esk\u00e9ho princ\u00edpu. T\u00fato kosmogonick\u00fa hierarchiu niektor\u00ed inksk\u00ed panovn\u00edci, predov\u0161etk\u00fdm <em>Pachacuti<\/em> (vl\u00e1dol 1438 \u2013 1471), preformulovali v prospech silnej\u0161ieho postavenia Intiho, \u010do nesk\u00f4r ur\u010dilo \u0161t\u00e1tnu teol\u00f3giu.<\/p><p>S Intim je mytologicky sp\u00e4t\u00e1 aj jeho s\u00farodenka a man\u017eelka <a href=\"https:\/\/iwell-guard.com\/sk\/?page_id=157913\">Mama Killa<\/a> (mesiac), ako aj boh hromu <a href=\"https:\/\/iwell-guard.com\/sk\/?page_id=157916\">Illapa<\/a>, ktor\u00fd je v niektor\u00fdch prame\u0148och ch\u00e1pan\u00fd ako aspekt alebo brat Intiho. Zatmenie mesiaca inksk\u00ed k\u0148azi vykladali ako \u00fatok kozmick\u00e9ho zviera\u0165a na Mama Killu, ktor\u00e9mu bolo treba \u010deli\u0165 hlukom a v\u00fdstrelmi \u0161\u00edpov.<\/p>\t\t\t\t\t\t\t\t<\/div>\n\t\t\t\t<\/div>\n\t\t\t\t\t<\/div>\n\t\t\t\t<\/div>\n\t\t<div class=\"elementor-element elementor-element-iwgw-inti-s4 e-flex e-con-boxed e-con e-parent\" data-id=\"iwgw-inti-s4\" data-element_type=\"container\" data-e-type=\"container\">\n\t\t\t\t\t<div class=\"e-con-inner\">\n\t\t\t\t<div class=\"elementor-element elementor-element-iwgw-inti-s4h elementor-widget elementor-widget-heading\" data-id=\"iwgw-inti-s4h\" data-element_type=\"widget\" data-e-type=\"widget\" data-widget_type=\"heading.default\">\n\t\t\t\t\t<h2 class=\"elementor-heading-title elementor-size-default\">Kult a uctievanie v Tawantinsuyu<\/h2>\t\t\t\t<\/div>\n\t\t<div class=\"elementor-element elementor-element-iwgw-inti-s4c e-con-full e-flex e-con e-child\" data-id=\"iwgw-inti-s4c\" data-element_type=\"container\" data-e-type=\"container\">\n\t\t\t\t<div class=\"elementor-element elementor-element-iwgw-inti-s4t elementor-widget elementor-widget-text-editor\" data-id=\"iwgw-inti-s4t\" data-element_type=\"widget\" data-e-type=\"widget\" data-widget_type=\"text-editor.default\">\n\t\t\t\t\t\t\t\t\t<p>\u0160t\u00e1tny Inti-<span class=\"iwg-fachbegriff\" data-tooltip=\"S\u00fahrn n\u00e1bo\u017eensk\u00fdch \u00factov\u00fdch \u00fakonov vo\u010di bo\u017estvu alebo posv\u00e4tnej postave.\" tabindex=\"0\">kult<\/span> bol v Inckej r\u00ed\u0161i prepracovane in\u0161titucionalizovan\u00fd. V jeho centre st\u00e1l Slne\u010dn\u00fd chr\u00e1m <em>Coricancha<\/em> (ke\u010du\u00e1nsky <em>quri kancha<\/em>, zlat\u00fd obvod) v Cuscu, ktor\u00e9ho z\u00e1klady dnes e\u0161te tvoria podstavec dominik\u00e1nskeho kl\u00e1\u0161tora Santo Domingo.<\/p><p>Tu sa opatrovali mumie inck\u00fdch panovn\u00edkov ako \u017eiv\u00ed predkovia, denne sa im obetovala potrava a po\u010das sviatkov ich nosili v procesi\u00e1ch po hlavnom n\u00e1mest\u00ed <em>Huacaypata<\/em>.<\/p><p><span class=\"iwg-fachbegriff\" data-tooltip=\"Stavba sl\u00fa\u017eiaca na uctievanie jedn\u00e9ho alebo viacer\u00fdch bo\u017estiev.\" tabindex=\"0\">Chr\u00e1mu<\/span> bolo pridelen\u00fdch viac ako 4 000 k\u0148azov a <em>Acllacuna<\/em>, vybran\u00e9 slne\u010dn\u00e9 panny.<\/p><p>Tie \u017eili v uzavret\u00fdch \u017eensk\u00fdch domoch (<em>acllahuasi<\/em>), tkali najjemnej\u0161ie l\u00e1tky (<em>cumbi<\/em>) pre <span class=\"iwg-fachbegriff\" data-tooltip=\"S\u00fahrn n\u00e1bo\u017eensk\u00fdch \u00factov\u00fdch \u00fakonov vo\u010di bo\u017estvu alebo posv\u00e4tnej postave.\" tabindex=\"0\">kult<\/span> a varili ritu\u00e1lne kukuri\u010dn\u00e9 pivo <em>chicha<\/em>. Skromne zachovan\u00e9 pozostatky Acllahuasi v Cuscu (dnes Santa Catalina) a inck\u00e9 n\u00e1pisy z Choquequirao d\u00e1vaj\u00fa predstavu o materi\u00e1lnom rozmere tohto \u017eensk\u00e9ho k\u0148azstva.<\/p><p>Vrcholom kultov\u00e9ho roka bol <em>Inti Raymi<\/em>, sl\u00e1vnos\u0165 slnovratu 21.\/24. j\u00fana. Inka s\u00e1m obetoval na hlavnom n\u00e1mest\u00ed Cusca lamy a mor\u010dat\u00e1, lial chichu zo zlatej misy a svoju <span class=\"iwg-fachbegriff\" data-tooltip=\"Slovn\u00e1 obr\u00e1tenie sa \u010dloveka k bo\u017estvu.\" tabindex=\"0\">modlitbu<\/span> smeroval k vych\u00e1dzaj\u00facemu slnku.<\/p><p>Polo de Ondegardo hovor\u00ed o procesi\u00e1ch pozd\u013a\u017e <em>ceque<\/em> l\u00edni\u00ed, radi\u00e1lne z Coricanchy vych\u00e1dzaj\u00faceho syst\u00e9mu l\u00edni\u00ed a <span class=\"iwg-fachbegriff\" data-tooltip=\"Posv\u00e4tn\u00e9 miesto zasv\u00e4ten\u00e9 uctievaniu bo\u017estva.\" tabindex=\"0\">sv\u00e4tyn\u00ed<\/span> zlo\u017een\u00e9ho z 41 priamych l\u00edni\u00ed a 328 takzvan\u00fdch huaca-sv\u00e4t\u00fd\u0148, ktor\u00fd Tom Zuidema prv\u00fdkr\u00e1t systematicky rekon\u0161truoval v diele <em>The Ceque System of Cuzco<\/em> (1964).<\/p><p>Okrem hlavn\u00e9ho kultu v Cuscu existovali region\u00e1lne slne\u010dn\u00e9 chr\u00e1my, napr\u00edklad vo Vilcashuamane, v Pachacamacu (v synkr\u00e9ze so star\u0161\u00edm or\u00e1kulov\u00fdm bohom <a href=\"https:\/\/iwell-guard.com\/sk\/?page_id=157915\">Pachakamakom<\/a>), na <em>Isla del Sol<\/em> v jazere Titicaca, ako aj v severoperu\u00e1nskej provincii Cajamarca.<\/p><p>Tieto region\u00e1lne sv\u00e4tyne boli navz\u00e1jom prepojen\u00e9 sie\u0165ou ciest <em>Qhapaq Nan<\/em> a tvorili imperi\u00e1lnu komunika\u010dn\u00fa sie\u0165, v ktorej sa slne\u010dn\u00e1 <span class=\"iwg-fachbegriff\" data-tooltip=\"Vedeck\u00e1 n\u00e1uka o Bohu a viere n\u00e1bo\u017eenstva.\" tabindex=\"0\">teol\u00f3gia<\/span> a administrat\u00edvna kontrola neoddelite\u013ene prepletali.<\/p>\t\t\t\t\t\t\t\t<\/div>\n\t\t\t\t<\/div>\n\t\t\t\t\t<\/div>\n\t\t\t\t<\/div>\n\t\t<div class=\"elementor-element elementor-element-iwgw-inti-s5 e-flex e-con-boxed e-con e-parent\" data-id=\"iwgw-inti-s5\" data-element_type=\"container\" data-e-type=\"container\">\n\t\t\t\t\t<div class=\"e-con-inner\">\n\t\t\t\t<div class=\"elementor-element elementor-element-iwgw-inti-s5h elementor-widget elementor-widget-heading\" data-id=\"iwgw-inti-s5h\" data-element_type=\"widget\" data-e-type=\"widget\" data-widget_type=\"heading.default\">\n\t\t\t\t\t<h2 class=\"elementor-heading-title elementor-size-default\">Ochrann\u00e1 prax a apotropaika<\/h2>\t\t\t\t<\/div>\n\t\t<div class=\"elementor-element elementor-element-iwgw-inti-s5c e-con-full e-flex e-con e-child\" data-id=\"iwgw-inti-s5c\" data-element_type=\"container\" data-e-type=\"container\">\n\t\t\t\t<div class=\"elementor-element elementor-element-iwgw-inti-s5t elementor-widget elementor-widget-text-editor\" data-id=\"iwgw-inti-s5t\" data-element_type=\"widget\" data-e-type=\"widget\" data-widget_type=\"text-editor.default\">\n\t\t\t\t\t\t\t\t\t<p>Kde Inti p\u00f4sobil ako imperi\u00e1lne vysok\u00e9 bo\u017estvo, existovala s\u00fa\u010dasne aj be\u017en\u00e1 sol\u00e1rna prax spojen\u00e1 s ka\u017edodenn\u00fdm \u017eivotom, ktor\u00e1 sa \u010diasto\u010dne zachovala a\u017e do dnes v dedin\u00e1ch vyso\u010diny okolo Cusca a v Bol\u00edvii. Ned\u00e1 sa ch\u00e1pa\u0165 v zmysle modern\u00fdch pr\u00eds\u013eubov \u00fa\u010dinku, ale dokumentuje ur\u010dit\u00fa n\u00e1bo\u017eensk\u00fa prax vn\u00edmania.<\/p><p>Catherine Allenov\u00e1 (<em>The Hold Life Has<\/em>, 2002) popisuje pre dedinu Sonqo napr\u00edklad, ako star\u0161ie \u017eeny r\u00e1no otv\u00e1raj\u00fa dvere smerom na v\u00fdchod a prv\u00fdm slne\u010dn\u00fdm l\u00fa\u010dom si prech\u00e1dzaj\u00fa po hlave, sprev\u00e1dzaj\u00fac to ke\u010du\u00e1nskym mumlan\u00edm, ktor\u00fdm prosia Inti o <em>samay<\/em> (\u017eivotn\u00fd dych).<\/p><p>V inckej praxi k\u0148azi pou\u017e\u00edvali zlat\u00e9 zrkadl\u00e1 na zaostrenie slne\u010dn\u00e9ho svetla a zap\u00e1lenie ritu\u00e1lneho oh\u0148a na <span class=\"iwg-fachbegriff\" data-tooltip=\"Vyv\u00fd\u0161en\u00e9 miesto alebo st\u00f4l na obete a n\u00e1bo\u017eensk\u00e9 \u00fakony.\" tabindex=\"0\">olt\u00e1ri<\/span> Coricanchy. Cobo popisuje pr\u00edslu\u0161n\u00e9 zariadenie s vyhladen\u00fdmi konk\u00e1vnymi zrkadlami.<\/p><p>Za <span class=\"iwg-fachbegriff\" data-tooltip=\"Odvracaj\u00faci ne\u0161\u0165astie: o znakoch a predmetoch, ktor\u00e9 maj\u00fa odvr\u00e1ti\u0165 \u0161kodliv\u00e9 vplyvy.\" tabindex=\"0\">apotropajn\u00e9<\/span> vo\u010di no\u010dn\u00fdm nebezpe\u010denstv\u00e1m, najm\u00e4 vo\u010di \u0161kodliv\u00fdm duchom, ktor\u00e9 sa v <span class=\"iwg-fachbegriff\" data-tooltip=\"Tradovan\u00fd pr\u00edbeh o bohoch, p\u00f4vode a poriadku svet.\" tabindex=\"0\">m\u00fdte<\/span> ozna\u010duj\u00fa ako <em>supay<\/em> (pozri <a href=\"https:\/\/iwell-guard.com\/sk\/?page_id=157917\">Supay<\/a>), sa pova\u017eovali slne\u010dn\u00e9 amulety zo zlat\u00e9ho plechu, nosen\u00e9 na hrudi ako <em>chacana<\/em> alebo ako okr\u00fahle repliky Punchao.<\/p><p>Z n\u00e1bo\u017eenskovedn\u00e9ho h\u013eadiska je d\u00f4le\u017eit\u00e9, \u017ee tieto praktiky sa nech\u00e1pali ako magick\u00e9 ovl\u00e1danie, ale ako <em>ayni<\/em>, vz\u00e1jomn\u00fd vz\u0165ah povinnosti. Kto r\u00e1no pozdrav\u00ed slnko, zara\u010fuje sa do reciprokej siete, ktor\u00e1 pod\u013ea andsk\u00e9ho ch\u00e1pania sp\u00e1ja \u010dloveka, predkov, hory a nebesk\u00e9 teles\u00e1.<\/p><p>Religionistick\u00fd etnol\u00f3g Frank Salomon vo svojej pr\u00e1ci <em>The Cord Keepers<\/em> (2004) uk\u00e1zal, ako t\u00e1to reciprok\u00e1 logika zasahuje a\u017e do modern\u00fdch ke\u010du\u00e1nskych komun\u00edt.<\/p>\t\t\t\t\t\t\t\t<\/div>\n\t\t\t\t<\/div>\n\t\t\t\t\t<\/div>\n\t\t\t\t<\/div>\n\t\t<div class=\"elementor-element elementor-element-iwgw-inti-s6 e-flex e-con-boxed e-con e-parent\" data-id=\"iwgw-inti-s6\" data-element_type=\"container\" data-e-type=\"container\">\n\t\t\t\t\t<div class=\"e-con-inner\">\n\t\t\t\t<div class=\"elementor-element elementor-element-iwgw-inti-s6h elementor-widget elementor-widget-heading\" data-id=\"iwgw-inti-s6h\" data-element_type=\"widget\" data-e-type=\"widget\" data-widget_type=\"heading.default\">\n\t\t\t\t\t<h2 class=\"elementor-heading-title elementor-size-default\">Paralely v in\u00fdch kult\u00farach<\/h2>\t\t\t\t<\/div>\n\t\t<div class=\"elementor-element elementor-element-iwgw-inti-s6c e-con-full e-flex e-con e-child\" data-id=\"iwgw-inti-s6c\" data-element_type=\"container\" data-e-type=\"container\">\n\t\t\t\t<div class=\"elementor-element elementor-element-iwgw-inti-s6t elementor-widget elementor-widget-text-editor\" data-id=\"iwgw-inti-s6t\" data-element_type=\"widget\" data-e-type=\"widget\" data-widget_type=\"text-editor.default\">\n\t\t\t\t\t\t\t\t\t<p>Vedecko-komparat\u00edvny v\u00fdskum od \u010dias Eduarda Selera a Konrada Theodora Preussa opakovane vypracoval paralely medzi Inti a in\u00fdmi dynastick\u00fdmi slne\u010dn\u00fdmi teol\u00f3giami. N\u00e1padn\u00e9 s\u00fa zvl\u00e1\u0161\u0165 \u0161truktur\u00e1lne podobnosti so starobyl\u00fdm egyptsk\u00fdm <span class=\"iwg-fachbegriff\" data-tooltip=\"S\u00fahrn n\u00e1bo\u017eensk\u00fdch \u00factov\u00fdch \u00fakonov vo\u010di bo\u017estvu alebo posv\u00e4tnej postave.\" tabindex=\"0\">kultom<\/span> Re resp. Atona, s japonsk\u00fdm <span class=\"iwg-fachbegriff\" data-tooltip=\"S\u00fahrn n\u00e1bo\u017eensk\u00fdch \u00factov\u00fdch \u00fakonov vo\u010di bo\u017estvu alebo posv\u00e4tnej postave.\" tabindex=\"0\">kultom<\/span> Amaterasu dynastie Yamato a s r\u00edmskou <span class=\"iwg-fachbegriff\" data-tooltip=\"Vedeck\u00e1 n\u00e1uka o Bohu a viere n\u00e1bo\u017eenstva.\" tabindex=\"0\">teol\u00f3giou<\/span> <em>Sol Invictus<\/em> z 3. storo\u010dia.<\/p><p>Vo v\u0161etk\u00fdch t\u00fdchto pr\u00edpadoch sa slnko jav\u00ed ako garant panovn\u00edckej dynastie, ako kalend\u00e1rny centr\u00e1lny princ\u00edp a ako ikonograficky dominantn\u00fd element \u0161t\u00e1tneho umenia. Franc\u00fazsky religionista Henri Frankfort v diele <em>Kingship and the Gods<\/em> (1948) pop\u00edsal \u0161truktur\u00e1lny model bo\u017esk\u00e9ho kr\u00e1\u013eovstva, v ktorom Inti, Re a Amaterasu zast\u00e1vaj\u00fa funk\u010dne porovnate\u013en\u00e9 poz\u00edcie.<\/p><p>Je v\u0161ak d\u00f4le\u017eit\u00e9 poznamena\u0165, \u017ee Frankfortov model neimplikuje genealogick\u00e9 spojenie medzi sol\u00e1rnymi teol\u00f3giami, ide o konvergentn\u00fd v\u00fdvoj za podobn\u00fdch soci\u00e1lno-\u0161truktur\u00e1lnych podmienok agr\u00e1rne zalo\u017eenej vysokej kult\u00fary.<\/p><p>V r\u00e1mci Ameriky vykazuje Inti v\u00fdrazn\u00e9 paralely s azt\u00e9ckym Huitzilopochtlim a s mezoamerick\u00fdm slne\u010dn\u00fdm bohom Tonatiuhom, bez toho, aby bolo mo\u017en\u00e9 dok\u00e1za\u0165 priamy kontakt kult\u00far pred rokom 1532. Andsk\u00e9 kult\u00farne komplexy zostali z ve\u013ekej \u010dasti izolovan\u00e9. V \u0161ir\u0161om americkom priestore je sol\u00e1rna hlavn\u00e1 postava menej pr\u00edtomn\u00e1: u severoamerick\u00fdch Lakotov predstavuje <a href=\"https:\/\/iwell-guard.com\/sk\/?page_id=157921\">Wakan Tanka<\/a> sk\u00f4r komplexn\u00fa, menej \u0161pecificky sol\u00e1rnu najvy\u0161\u0161iu bytos\u0165.<\/p>\t\t\t\t\t\t\t\t<\/div>\n\t\t\t\t<\/div>\n\t\t\t\t\t<\/div>\n\t\t\t\t<\/div>\n\t\t<div class=\"elementor-element elementor-element-iwgw-inti-s7 e-flex e-con-boxed e-con e-parent\" data-id=\"iwgw-inti-s7\" data-element_type=\"container\" data-e-type=\"container\">\n\t\t\t\t\t<div class=\"e-con-inner\">\n\t\t\t\t<div class=\"elementor-element elementor-element-iwgw-inti-s7h elementor-widget elementor-widget-heading\" data-id=\"iwgw-inti-s7h\" data-element_type=\"widget\" data-e-type=\"widget\" data-widget_type=\"heading.default\">\n\t\t\t\t\t<h2 class=\"elementor-heading-title elementor-size-default\">S\u00fa\u010dasn\u00e1 recepcia a v\u00fdskum<\/h2>\t\t\t\t<\/div>\n\t\t<div class=\"elementor-element elementor-element-iwgw-inti-s7c e-con-full e-flex e-con e-child\" data-id=\"iwgw-inti-s7c\" data-element_type=\"container\" data-e-type=\"container\">\n\t\t\t\t<div class=\"elementor-element elementor-element-iwgw-inti-s7t elementor-widget elementor-widget-text-editor\" data-id=\"iwgw-inti-s7t\" data-element_type=\"widget\" data-e-type=\"widget\" data-widget_type=\"text-editor.default\">\n\t\t\t\t\t\t\t\t\t<p>Po dobyt\u00ed v rokoch 1532, 1572 bol \u0161t\u00e1tny <span class=\"iwg-fachbegriff\" data-tooltip=\"S\u00fahrn n\u00e1bo\u017eensk\u00fdch \u00fakonov uctievania venovan\u00fdch bo\u017estvu alebo sv\u00e4tej bytosti.\" tabindex=\"0\">kult<\/span> Intiho systematicky potl\u00e1\u010dan\u00fd \u0161panielskou koloni\u00e1lnou spr\u00e1vou. Arcibiskup Bartolom\u00e9 Lobo Guerrero a jeho vizit\u00e1tor Francisco de \u00c1vila v 10. a 20. rokoch 17. storo\u010dia uskuto\u010dnili rozsiahle kampane <em>extirpaci\u00f3n de idolatr\u00edas<\/em>, v d\u00f4sledku ktor\u00fdch boli zni\u010den\u00e9 tis\u00edce sv\u00e4t\u00fd\u0148 huaca.<\/p><p>Napriek tomu sa slne\u010dn\u00fd kult zachoval v \u013eudov\u00fdch n\u00e1bo\u017eensk\u00fdch podob\u00e1ch, napr\u00edklad v horsk\u00fdch procesi\u00e1ch <em>Qoyllur Rit&#8217;i<\/em> pri Cuscu, kde sa posledn\u00fd rann\u00fd \u013ead z \u013eadovca (dnes v d\u00f4sledku klimatickej zmeny silno ustupuj\u00faci) ch\u00e1pe ako prejav Intiho.<\/p><p>Od roku 1944 sa v Cuscu ka\u017edoro\u010dne 24. j\u00fana kon\u00e1 sl\u00e1vnos\u0165 <em>Inti Raymi<\/em> ako rekon\u0161truovan\u00fd folkl\u00f3rny sviatok na pevnosti Sacsayhuam\u00e1n.<\/p><p>Toto inscenovanie poch\u00e1dza od peru\u00e1nskeho spisovate\u013ea Faustina Espinozu Navarra a vych\u00e1dza predov\u0161etk\u00fdm z opisov Garcilasa de la Vegu. M\u00e1 v\u00fdrazn\u00fd turistick\u00fd charakter, no z\u00e1rove\u0148 je aj kotvou znovuobjavenej domorodej identity (<em>movimiento indigenista<\/em>).<\/p><p>V s\u00fa\u010dasnom akademickom v\u00fdskume dnes nestoj\u00ed v popred\u00ed ani tak monolitick\u00fd <span class=\"iwg-fachbegriff\" data-tooltip=\"S\u00fahrn n\u00e1bo\u017eensk\u00fdch \u00fakonov uctievania venovan\u00fdch bo\u017estvu alebo sv\u00e4tej bytosti.\" tabindex=\"0\">kult<\/span> Intiho, ako sk\u00f4r ot\u00e1zka miestnej religiozity.<\/p><p>Frank Salomon, Tom Zuidema, Catherine Allenov\u00e1, Sabine MacCormackov\u00e1 (<em>Religion in the Andes<\/em>, 1991) a Brian Bauer (<em>The Sacred Landscape of the Inca<\/em>, 1998) uk\u00e1zali, ako sa \u0161t\u00e1tny slne\u010dn\u00fd kult na\u0161tepil na hust\u00fa sie\u0165 miestnych sv\u00e4t\u00fd\u0148 huaca a horskej \u00facty k apu a po roku 1532 p\u00f4sobil \u010falej v synkretickej podobe.<\/p><p>Aktu\u00e1lne archeoastronomick\u00e9 \u0161t\u00fadie kamenn\u00fdch sv\u00e4t\u00fd\u0148, ako je Machu Picchu (Reinhard 2007, Ziegler 2015), tento obraz priebe\u017ene spres\u0148uj\u00fa.<\/p>\t\t\t\t\t\t\t\t<\/div>\n\t\t\t\t<\/div>\n\t\t\t\t\t<\/div>\n\t\t\t\t<\/div>\n\t\t<div class=\"elementor-element elementor-element-iwgw-inti-s8 e-flex e-con-boxed e-con e-parent\" data-id=\"iwgw-inti-s8\" data-element_type=\"container\" data-e-type=\"container\">\n\t\t\t\t\t<div class=\"e-con-inner\">\n\t\t\t\t<div class=\"elementor-element elementor-element-iwgw-inti-s8h elementor-widget elementor-widget-heading\" data-id=\"iwgw-inti-s8h\" data-element_type=\"widget\" data-e-type=\"widget\" data-widget_type=\"heading.default\">\n\t\t\t\t\t<h2 class=\"elementor-heading-title elementor-size-default\">Literat\u00fara a zdroje<\/h2>\t\t\t\t<\/div>\n\t\t<div class=\"elementor-element elementor-element-iwgw-inti-s8c e-con-full e-flex e-con e-child\" data-id=\"iwgw-inti-s8c\" data-element_type=\"container\" data-e-type=\"container\">\n\t\t\t\t<div class=\"elementor-element elementor-element-iwgw-inti-s8t elementor-widget elementor-widget-text-editor\" data-id=\"iwgw-inti-s8t\" data-element_type=\"widget\" data-e-type=\"widget\" data-widget_type=\"text-editor.default\">\n\t\t\t\t\t\t\t\t\t<p>Nasleduj\u00faci v\u00fdber uv\u00e1dza hlavn\u00e9 historick\u00e9 pramene a modern\u00e9 vedeck\u00e9 \u0161t\u00fadie o <span class=\"iwg-fachbegriff\" data-tooltip=\"S\u00fahrn n\u00e1bo\u017eensk\u00fdch \u00factov\u00fdch \u00fakonov venovan\u00fdch bo\u017estvu alebo posv\u00e4tnej postave.\" tabindex=\"0\">kulte<\/span> boha Inti v Inckej r\u00ed\u0161i. Zah\u0155\u0148a koloni\u00e1lne kroniky 16. a 17. storo\u010dia a\u017e po diela modernej andskej etnol\u00f3gie a <span class=\"iwg-fachbegriff\" data-tooltip=\"Veda, ktor\u00e1 sk\u00fama minul\u00e9 kult\u00fary na z\u00e1klade hmotn\u00fdch n\u00e1lezov.\" tabindex=\"0\">archeol\u00f3gie<\/span>.<\/p>\t\t\t\t\t\t\t\t<\/div>\n\t\t\t\t<\/div>\n\t\t\t\t\t<\/div>\n\t\t\t\t<\/div>\n\t\t<div class=\"elementor-element elementor-element-cp2e221a20 e-flex e-con-boxed e-con e-parent\" data-id=\"cp2e221a20\" data-element_type=\"container\" data-e-type=\"container\">\n\t\t\t\t\t<div class=\"e-con-inner\">\n\t\t\t\t<div class=\"elementor-element elementor-element-cp28758ced elementor-widget elementor-widget-heading\" data-id=\"cp28758ced\" data-element_type=\"widget\" data-e-type=\"widget\" data-widget_type=\"heading.default\">\n\t\t\t\t\t<h2 class=\"elementor-heading-title elementor-size-default\">Inti Raymi ako \u0161t\u00e1tny sviatok Inkskej r\u00ed\u0161e<\/h2>\t\t\t\t<\/div>\n\t\t<div class=\"elementor-element elementor-element-cp264cc543 e-flex e-con-boxed e-con e-child\" data-id=\"cp264cc543\" data-element_type=\"container\" data-e-type=\"container\">\n\t\t\t\t\t<div class=\"e-con-inner\">\n\t\t\t\t<div class=\"elementor-element elementor-element-cp2c0825f5 elementor-widget elementor-widget-text-editor\" data-id=\"cp2c0825f5\" data-element_type=\"widget\" data-e-type=\"widget\" data-widget_type=\"text-editor.default\">\n\t\t\t\t\t\t\t\t\t<p>Najv\u00fdznamnej\u0161\u00edm zdokumentovan\u00fdm sviatkom slne\u010dn\u00e9ho kultu bol <em>Inti Raymi<\/em>, ktor\u00fd sa sl\u00e1vil po\u010das zimn\u00e9ho slnovratu v j\u00fani v Cuscu.<\/p><p>Je zn\u00e1my predov\u0161etk\u00fdm z opisu kronik\u00e1ra Crist\u00f3bala de Molina z Cusca, ktor\u00fd v 70. rokoch 16. storo\u010dia zaznamenal inck\u00e9 sviatky, ako aj z \u00fadajov Garcilasa de la Vegu a Bernab\u00e9ho Coba. Sviatok ozna\u010doval za\u010diatok nov\u00e9ho ro\u010dn\u00e9ho cyklu a sp\u00e1jal slnko, \u00farodnos\u0165 krajiny a vl\u00e1du Inku.<\/p><p>Pod\u013ea kron\u00edk sa \u0161\u013eachta zhroma\u017edila na centr\u00e1lnom n\u00e1mest\u00ed Cusca. Obetovali sa lamy, prin\u00e1\u0161ali sa dary kukurice a kukuri\u010dn\u00e9ho piva a slnku sa vzd\u00e1vala pocta v <span class=\"iwg-fachbegriff\" data-tooltip=\"Sl\u00e1vnostn\u00fd \u00fakon prebiehaj\u00faci pod\u013ea pevn\u00fdch pravidiel.\" tabindex=\"0\">cerem\u00f3nii<\/span>, v ktorej Inka ako syn slnka zohr\u00e1val v\u00fdsadn\u00e9 postavenie.<\/p><p>Sviatok tak z\u00e1rove\u0148 sl\u00fa\u017eil n\u00e1bo\u017eenskej \u00facte aj potvrdzoval politick\u00fd poriadok. \u0160panielska koloni\u00e1lna spr\u00e1va sviatok koncom 16. storo\u010dia zak\u00e1zala ako modloslu\u017ebu.<\/p><p>Dne\u0161n\u00fd <em>Inti Raymi<\/em>, ktor\u00fd sa od roku 1944 ka\u017edoro\u010dne kon\u00e1 v Cuscu, nie je nepretr\u017eit\u00fdm pokra\u010dovan\u00edm, ale modernou rekon\u0161trukciou. Vznikol z podnetu spisovate\u013ea a indigenistu Faustina Espinozu Navarra a opiera sa predov\u0161etk\u00fdm o text Garcilasa.<\/p><p>B\u00e1danie zara\u010fuje modern\u00fd sviatok do peru\u00e1nskeho indigenizmu 20. storo\u010dia, hnutia, ktor\u00e9 zd\u00f4raz\u0148ovalo inck\u00e9 dedi\u010dstvo ako z\u00e1klad n\u00e1rodnej identity. Ide teda o dobre zdokumentovan\u00fd pr\u00edpad, ke\u010f bol predkoloni\u00e1lny <span class=\"iwg-fachbegriff\" data-tooltip=\"Usporiadan\u00fd sled symbolick\u00fdch \u00fakonov s n\u00e1bo\u017eensk\u00fdm alebo kult\u00farnym v\u00fdznamom.\" tabindex=\"0\">ritu\u00e1l<\/span> na z\u00e1klade kron\u00edk znovu vytvoren\u00fd a stal sa prvkom modernej identity, bez toho, aby existovala nepretr\u017eit\u00e1 kultov\u00e1 <span class=\"iwg-fachbegriff\" data-tooltip=\"Odovzd\u00e1vanie vedomost\u00ed a rozpr\u00e1van\u00ed z gener\u00e1cie na gener\u00e1ciu.\" tabindex=\"0\">trad\u00edcia<\/span>.<\/p>\t\t\t\t\t\t\t\t<\/div>\n\t\t\t\t\t<\/div>\n\t\t\t\t<\/div>\n\t\t\t\t\t<\/div>\n\t\t\t\t<\/div>\n\t\t<div class=\"elementor-element elementor-element-cp220ba088 e-flex e-con-boxed e-con e-parent\" data-id=\"cp220ba088\" data-element_type=\"container\" data-e-type=\"container\">\n\t\t\t\t\t<div class=\"e-con-inner\">\n\t\t\t\t<div class=\"elementor-element elementor-element-cp2dc475fc elementor-widget elementor-widget-heading\" data-id=\"cp2dc475fc\" data-element_type=\"widget\" data-e-type=\"widget\" data-widget_type=\"heading.default\">\n\t\t\t\t\t<h2 class=\"elementor-heading-title elementor-size-default\">Coricancha a materi\u00e1lna trad\u00edcia kultu Slnka<\/h2>\t\t\t\t<\/div>\n\t\t<div class=\"elementor-element elementor-element-cp259331e8 e-flex e-con-boxed e-con e-child\" data-id=\"cp259331e8\" data-element_type=\"container\" data-e-type=\"container\">\n\t\t\t\t\t<div class=\"e-con-inner\">\n\t\t\t\t<div class=\"elementor-element elementor-element-cp2dcafdd8 elementor-widget elementor-widget-text-editor\" data-id=\"cp2dcafdd8\" data-element_type=\"widget\" data-e-type=\"widget\" data-widget_type=\"text-editor.default\">\n\t\t\t\t\t\t\t\t\t<p>\u00dastredn\u00fdm <span class=\"iwg-fachbegriff\" data-tooltip=\"Posv\u00e4tn\u00e9 miesto venovan\u00e9 \u00facte k bo\u017estvu.\" tabindex=\"0\">sv\u00e4tost\u00e1nkom<\/span> boha slnka bol <em>Coricancha<\/em> v Cuscu, ktor\u00e9ho n\u00e1zov mo\u017eno prelo\u017ei\u0165 ako Zlat\u00e9 n\u00e1dvorie alebo Zlat\u00e1 ohrada. \u0160panielske pramene ho opisuj\u00fa ako bohato zdoben\u00fd zlatom, so stenami, ktor\u00e9 boli \u00fadajne \u010diasto\u010dne oblo\u017een\u00e9 zlat\u00fdmi plat\u0148ami.<\/p><p>Po dobyt\u00ed bolo zlato roztaven\u00e9 a na z\u00e1kladoch sv\u00e4tyne postavili \u0160panieli kl\u00e1\u0161tor Santo Domingo. Mohutn\u00fd inck\u00fd kamenn\u00fd m\u00far sa zachoval dodnes a je vidite\u013en\u00fd v mestskom obraze Cusca.<\/p><p>Pre vedeck\u00e9 hodnotenie je <em>Coricancha<\/em> v\u00fdznamn\u00e1 preto, lebo predstavuje vz\u00e1cny pr\u00edpad, v ktorom sa sp\u00e1jaj\u00fa p\u00edsomn\u00e9 pramene a stavebn\u00e9 pozostatky. Zachovan\u00e1 architekt\u00fara umo\u017e\u0148uje z\u00e1very o usporiadan\u00ed priestorov, hoci presn\u00e1 funkcia jednotliv\u00fdch oblast\u00ed zost\u00e1va sporn\u00e1.<\/p><p>Diskutuje sa okrem in\u00e9ho o tom, \u017ee v <em>Coricanche<\/em> neboli umiestnen\u00e9 len slnko, ale viacero bo\u017estiev a tie\u017e zabalzamovan\u00e9 tel\u00e1 zosnul\u00fdch vl\u00e1dcov.<\/p><p>Astron\u00f3m a antropol\u00f3g R. T. Zuidema v s\u00e9rii pr\u00e1c zast\u00e1val t\u00e9zu, \u017ee z <em>Coricanchy<\/em> vych\u00e1dzal syst\u00e9m myslen\u00fdch l\u00edni\u00ed, takzvan\u00fdch <em>ceque<\/em>, na ktor\u00fdch le\u017eali po\u010detn\u00e9 sv\u00e4tyne v okol\u00ed Cusca. Tieto l\u00ednie mali ma\u0165 ritu\u00e1lnu aj kalend\u00e1rnu funkciu.<\/p><p>T\u00e1to t\u00e9za je vplyvn\u00e1, no nie nespochybnen\u00e1, ke\u010f\u017ee sa opiera preva\u017ene o zoznam sv\u00e4t\u00fd\u0148 u Bernab\u00e9ho Coba, ktor\u00e9ho interpret\u00e1cia je sporn\u00e1. <em>Coricancha<\/em> tak zost\u00e1va \u00fastredn\u00fdm, no len \u010diasto\u010dne presk\u00faman\u00fdm referen\u010dn\u00fdm bodom pre pochopenie slne\u010dn\u00e9ho kultu.<\/p>\t\t\t\t\t\t\t\t<\/div>\n\t\t\t\t\t<\/div>\n\t\t\t\t<\/div>\n\t\t\t\t\t<\/div>\n\t\t\t\t<\/div>\n\t\t<div class=\"elementor-element elementor-element-iwgw-inti-lit e-flex e-con-boxed e-con e-parent\" data-id=\"iwgw-inti-lit\" data-element_type=\"container\" data-e-type=\"container\">\n\t\t\t\t\t<div class=\"e-con-inner\">\n\t\t\t\t<div class=\"elementor-element elementor-element-iwgw-inti-lith elementor-widget elementor-widget-heading\" data-id=\"iwgw-inti-lith\" data-element_type=\"widget\" data-e-type=\"widget\" data-widget_type=\"heading.default\">\n\t\t\t\t\t<h2 class=\"elementor-heading-title elementor-size-default\">Literat\u00fara (v\u00fdber)<\/h2>\t\t\t\t<\/div>\n\t\t<div class=\"elementor-element elementor-element-iwgw-inti-litc e-con-full e-flex e-con e-child\" data-id=\"iwgw-inti-litc\" data-element_type=\"container\" data-e-type=\"container\">\n\t\t\t\t<div class=\"elementor-element elementor-element-iwgw-inti-litt elementor-widget elementor-widget-text-editor\" data-id=\"iwgw-inti-litt\" data-element_type=\"widget\" data-e-type=\"widget\" data-widget_type=\"text-editor.default\">\n\t\t\t\t\t\t\t\t\t<ul><li>Garcilaso de la Vega: <em>Comentarios Reales de los Incas<\/em> (1609)<\/li><li>Bernabe Cobo: <em>Historia del Nuevo Mundo<\/em> (1653)<\/li><li>Catherine Allen: <em>The Hold Life Has<\/em> (2002)<\/li><li>Tom Zuidema: <em>The Ceque System of Cuzco<\/em> (1964)<\/li><li>Sabine MacCormack: <em>Religion in the Andes<\/em> (1991)<\/li><li>Brian Bauer: <em>The Sacred Landscape of the Inca<\/em> (1998)<\/li><li>Teresa Gisbert: <em>Iconografia y mitos indigenas en el arte<\/em> (1980)<\/li><\/ul>\t\t\t\t\t\t\t\t<\/div>\n\t\t\t\t<\/div>\n\t\t\t\t\t<\/div>\n\t\t\t\t<\/div>\n\t\t<div class=\"elementor-element elementor-element-iwgkw2-add-inti e-flex e-con-boxed e-con e-parent\" data-id=\"iwgkw2-add-inti\" data-element_type=\"container\" data-e-type=\"container\">\n\t\t\t\t\t<div class=\"e-con-inner\">\n\t\t\t\t<div class=\"elementor-element elementor-element-iwgkw2-add-inti-t elementor-widget elementor-widget-text-editor\" data-id=\"iwgkw2-add-inti-t\" data-element_type=\"widget\" data-e-type=\"widget\" data-widget_type=\"text-editor.default\">\n\t\t\t\t\t\t\t\t\t<p>Ako <strong>praotec<\/strong> vl\u00e1dcov Inkov legitimizoval Inti kr\u00e1\u013eovsk\u00fd rod z Cusca a sp\u00e1jal politick\u00e9 centrum r\u00ed\u0161e s kozmick\u00fdm rodokme\u0148om p\u00f4vodu.<\/p>\t\t\t\t\t\t\t\t<\/div>\n\t\t\t\t\t<\/div>\n\t\t\t\t<\/div>\n\t\t<div class=\"elementor-element elementor-element-iwgw-inti-kwd e-flex e-con-boxed e-con e-parent\" data-id=\"iwgw-inti-kwd\" data-element_type=\"container\" data-e-type=\"container\">\n\t\t\t\t\t<div class=\"e-con-inner\">\n\t\t<div class=\"elementor-element elementor-element-iwgw-inti-kwdc e-con-full e-flex e-con e-child\" data-id=\"iwgw-inti-kwdc\" data-element_type=\"container\" data-e-type=\"container\">\n\t\t\t\t<div class=\"elementor-element elementor-element-iwgw-inti-kwdt elementor-widget elementor-widget-text-editor\" data-id=\"iwgw-inti-kwdt\" data-element_type=\"widget\" data-e-type=\"widget\" data-widget_type=\"text-editor.default\">\n\t\t\t\t\t\t\t\t\t<p><em>S\u00favisiace k\u013e\u00fa\u010dov\u00e9 pojmy: Inti Quechua Capac Inti Raymi Cusco Coricancha Pachakuti Punchao Tawantinsuyu.<\/em><\/p>\t\t\t\t\t\t\t\t<\/div>\n\t\t\t\t<\/div>\n\t\t\t\t\t<\/div>\n\t\t\t\t<\/div>\n\t\t<div class=\"elementor-element elementor-element-iwgw-inti-cc e-flex e-con-boxed e-con e-parent\" data-id=\"iwgw-inti-cc\" data-element_type=\"container\" data-e-type=\"container\" id=\"iwg-cc-inti\">\n\t\t\t\t\t<div class=\"e-con-inner\">\n\t\t<div class=\"elementor-element elementor-element-iwgw-inti-ccinner e-flex e-con-boxed e-con e-parent\" data-id=\"iwgw-inti-ccinner\" data-element_type=\"container\" data-e-type=\"container\" data-settings=\"{&quot;background_background&quot;:&quot;classic&quot;}\">\n\t\t\t\t\t<div class=\"e-con-inner\">\n\t\t\t\t<div class=\"elementor-element elementor-element-iwgw-inti-cch elementor-widget elementor-widget-heading\" data-id=\"iwgw-inti-cch\" data-element_type=\"widget\" data-e-type=\"widget\" data-widget_type=\"heading.default\">\n\t\t\t\t\t<h2 class=\"elementor-heading-title elementor-size-default\">iWell Guard a ochrann\u00e9 trad\u00edcie<\/h2>\t\t\t\t<\/div>\n\t\t\t\t<div class=\"elementor-element elementor-element-iwgw-inti-cct elementor-widget elementor-widget-text-editor\" data-id=\"iwgw-inti-cct\" data-element_type=\"widget\" data-e-type=\"widget\" data-widget_type=\"text-editor.default\">\n\t\t\t\t\t\t\t\t\t<div data-nosnippet=\"true\"><p>iWell Guard nadv\u00e4zuje na kult\u00farno-historick\u00fa trad\u00edciu nosite\u013en\u00fdch ochrann\u00fdch predmetov, v trad\u00edcii <a href=\"https:\/\/iwell-guard.com\/sk\/?page_id=157901\">Andy \/ Inkovia<\/a> a mnoh\u00fdch \u010fal\u0161\u00edch kult\u00far po celom svete. 41 vrstiev, skuto\u010dn\u00e9 zlato, platina, striebro, vyroben\u00e9 v Nemecku. 30-d\u0148ov\u00e1 lehota na vr\u00e1tenie.<\/p><\/div>\t\t\t\t\t\t\t\t<\/div>\n\t\t\t\t<div class=\"elementor-element elementor-element-iwgw-inti-ccb iwg-cc-button iwg-cc-cta-2026-05-13 elementor-widget elementor-widget-jet-button\" data-id=\"iwgw-inti-ccb\" data-element_type=\"widget\" data-e-type=\"widget\" data-widget_type=\"jet-button.default\">\n\t\t\t\t<div class=\"elementor-widget-container\">\n\t\t\t\t\t<div class=\"elementor-jet-button jet-elements\"><div class=\"jet-button__container\"><a class=\"jet-button__instance jet-button__instance--icon-left hover-effect-1\" href=\"\/ueber-iwell-guard\/?utm_source=iwell-guard.com&amp;utm_medium=info-box&amp;utm_campaign=wesen-tradition\"><div class=\"jet-button__plane jet-button__plane-normal\"><\/div><div class=\"jet-button__plane jet-button__plane-hover\"><\/div><div class=\"jet-button__state jet-button__state-normal\"><span class=\"jet-button__label\">Viac o iWell Guard<\/span><\/div><div class=\"jet-button__state jet-button__state-hover\"><span class=\"jet-button__label\">Viac o iWell Guard<\/span><\/div><\/a><\/div><\/div><style>.elementor-element.elementor-element-iwgw-inti-ccb .jet-button__instance{width:320px;height:56px;}.elementor-element.elementor-element-iwgw-inti-ccb .jet-button__state-normal .jet-button__label{text-align:center;margin:0px 0px 0px 0px;color:#1a1b20;font-family:Montserrat,sans-serif;font-size:13px;font-weight:400;letter-spacing:4px;line-height:1.714em;text-transform:uppercase;}.elementor-element.elementor-element-iwgw-inti-ccb .jet-button__state-hover .jet-button__label{text-align:center;margin:0px 0px 0px 0px;color:#FECC76;font-family:Montserrat,sans-serif;font-size:13px;font-weight:400;letter-spacing:4px;line-height:1.714em;text-transform:uppercase;}.elementor-element.elementor-element-iwgw-inti-ccb .jet-button__plane-normal{background-color:#FECC76;border-style:solid;border-color:#C99540;border-width:2px 2px 2px 2px;}.elementor-element.elementor-element-iwgw-inti-ccb .jet-button__plane-hover{background-color:rgba(0,0,0,0.55);border-style:solid;border-color:#FECC76;border-width:2px 2px 2px 2px;}<\/style>\t\t\t\t<\/div>\n\t\t\t\t<\/div>\n\t\t\t\t<div class=\"elementor-element elementor-element-iwgw-inti-ccd elementor-widget elementor-widget-text-editor\" data-id=\"iwgw-inti-ccd\" data-element_type=\"widget\" data-e-type=\"widget\" data-widget_type=\"text-editor.default\">\n\t\t\t\t\t\t\t\t\t<div data-nosnippet=\"true\"><p style=\"text-align:center;font-size:13px;opacity:0.7;margin-top:14px\" data-nosnippet=\"true\">Osobn\u00e9 sk\u00fasenosti sa m\u00f4\u017eu l\u00ed\u0161i\u0165. Nie je to zdravotn\u00edcka pom\u00f4cka. \u017diadny pr\u00eds\u013eub lie\u010denia.<\/p><\/div>\t\t\t\t\t\t\t\t<\/div>\n\t\t\t\t\t<\/div>\n\t\t\t\t<\/div>\n\t\t\t\t\t<\/div>\n\t\t\t\t<\/div>\n\t\t<div class=\"elementor-element elementor-element-iwgw-inti-disc e-flex e-con-boxed e-con e-parent\" data-id=\"iwgw-inti-disc\" data-element_type=\"container\" data-e-type=\"container\">\n\t\t\t\t\t<div class=\"e-con-inner\">\n\t\t\t\t<div class=\"elementor-element elementor-element-iwgw-inti-discw elementor-widget elementor-widget-html\" data-id=\"iwgw-inti-discw\" data-element_type=\"widget\" data-e-type=\"widget\" data-widget_type=\"html.default\">\n\t\t\t\t\t<footer data-nosnippet=\"true\" class=\"iwg-disclaimer-block\"><p data-nosnippet=\"true\">iWell Guard <strong>nie je zdravotn\u00edcka pom\u00f4cka<\/strong> a nenahr\u00e1dza lek\u00e1rske ani psychoterapeutick\u00e9 o\u0161etrenie. Religionistick\u00fd obsah predstavuje kult\u00farno-historick\u00e9 zaradenie, nie odpor\u00fa\u010danie duchovnej praxe.<\/p><\/footer>\t\t\t\t<\/div>\n\t\t\t\t\t<\/div>\n\t\t\t\t<\/div>\n\t\t\t\t<\/div>\n\t\t","protected":false},"excerpt":{"rendered":"","protected":false},"author":3,"featured_media":2678,"parent":0,"menu_order":0,"comment_status":"closed","ping_status":"closed","template":"elementor_header_footer","meta":{"_yoast_wpseo_focuskw":"Inti inksk\u00fd slne\u010dn\u00fd boh","_yoast_wpseo_title":"Inti \u2013 slne\u010dn\u00fd boh Inkov a pante\u00f3n","_yoast_wpseo_metadesc":"Inti, slne\u010dn\u00fd boh Inkov, je pova\u017eovan\u00fd za otca vl\u00e1dnucej dynastie a stred sviatku Inti Raymi, \u0161t\u00e1tneho kultu spolu s Viracochom a Mama Killa.","_yoast_wpseo_meta-robots-noindex":"","_yoast_wpseo_canonical":"","_angie_page":false,"gefaehrdungsstufe":"2","wesen_kultur":"anden-inka","wesen_klasse":"goetter","footnotes":""},"categories":[],"class_list":["post-157911","page","type-page","status-publish","has-post-thumbnail","hentry"],"yoast_head":"<!-- This site is optimized with the Yoast SEO Premium plugin v27.7 (Yoast SEO v28.3) - https:\/\/yoast.com\/product\/yoast-seo-premium-wordpress\/ -->\n<title>Inti \u2013 slne\u010dn\u00fd boh Inkov a pante\u00f3n<\/title>\n<meta name=\"description\" content=\"Inti, slne\u010dn\u00fd boh Inkov, je pova\u017eovan\u00fd za otca vl\u00e1dnucej dynastie a stred sviatku Inti Raymi, \u0161t\u00e1tneho kultu spolu s Viracochom a Mama Killa.\" \/>\n<meta name=\"robots\" content=\"index, follow, max-snippet:-1, max-image-preview:large, max-video-preview:-1\" \/>\n<link rel=\"canonical\" href=\"https:\/\/iwell-guard.com\/sk\/inti-slnecny-boh-inkov\/\" \/>\n<meta property=\"og:locale\" content=\"sk_SK\" \/>\n<meta property=\"og:type\" content=\"article\" \/>\n<meta property=\"og:title\" content=\"Inti \u2013 slne\u010dn\u00fd boh Inkov\" \/>\n<meta property=\"og:description\" content=\"Inti, slne\u010dn\u00fd boh Inkov, je pova\u017eovan\u00fd za otca vl\u00e1dnucej dynastie a stred sviatku Inti Raymi, \u0161t\u00e1tneho kultu spolu s Viracochom a Mama Killa.\" \/>\n<meta property=\"og:url\" content=\"https:\/\/iwell-guard.com\/sk\/inti-slnecny-boh-inkov\/\" \/>\n<meta property=\"og:site_name\" content=\"iWell Guard\" \/>\n<meta property=\"article:modified_time\" content=\"2026-09-04T22:45:38+00:00\" \/>\n<meta property=\"og:image\" content=\"https:\/\/iwell-guard.com\/wp-content\/uploads\/2026\/05\/goetter_anden-inka_inti.webp\" \/>\n\t<meta property=\"og:image:width\" content=\"1024\" \/>\n\t<meta property=\"og:image:height\" content=\"1536\" \/>\n\t<meta property=\"og:image:type\" content=\"image\/webp\" \/>\n<meta name=\"twitter:card\" content=\"summary_large_image\" \/>\n<script type=\"application\/ld+json\" class=\"yoast-schema-graph\">{\"@context\":\"https:\\\/\\\/schema.org\",\"@graph\":[{\"@type\":\"WebPage\",\"@id\":\"https:\\\/\\\/iwell-guard.com\\\/sk\\\/inti-slnecny-boh-inkov\\\/\",\"url\":\"https:\\\/\\\/iwell-guard.com\\\/sk\\\/inti-slnecny-boh-inkov\\\/\",\"name\":\"Inti \u2013 slne\u010dn\u00fd boh Inkov a pante\u00f3n\",\"isPartOf\":{\"@id\":\"https:\\\/\\\/iwell-guard.com\\\/sk\\\/#website\"},\"primaryImageOfPage\":{\"@id\":\"https:\\\/\\\/iwell-guard.com\\\/sk\\\/inti-slnecny-boh-inkov\\\/#primaryimage\"},\"image\":{\"@id\":\"https:\\\/\\\/iwell-guard.com\\\/sk\\\/inti-slnecny-boh-inkov\\\/#primaryimage\"},\"thumbnailUrl\":\"https:\\\/\\\/iwell-guard.com\\\/wp-content\\\/uploads\\\/2026\\\/05\\\/goetter_anden-inka_inti.webp\",\"datePublished\":\"2026-09-04T22:19:20+00:00\",\"dateModified\":\"2026-09-04T22:45:38+00:00\",\"description\":\"Inti, slne\u010dn\u00fd boh Inkov, je pova\u017eovan\u00fd za otca vl\u00e1dnucej dynastie a stred sviatku Inti Raymi, \u0161t\u00e1tneho kultu spolu s Viracochom a Mama Killa.\",\"breadcrumb\":{\"@id\":\"https:\\\/\\\/iwell-guard.com\\\/sk\\\/inti-slnecny-boh-inkov\\\/#breadcrumb\"},\"inLanguage\":\"sk-SK\",\"potentialAction\":[{\"@type\":\"ReadAction\",\"target\":[\"https:\\\/\\\/iwell-guard.com\\\/sk\\\/inti-slnecny-boh-inkov\\\/\"]}]},{\"@type\":\"ImageObject\",\"inLanguage\":\"sk-SK\",\"@id\":\"https:\\\/\\\/iwell-guard.com\\\/sk\\\/inti-slnecny-boh-inkov\\\/#primaryimage\",\"url\":\"https:\\\/\\\/iwell-guard.com\\\/wp-content\\\/uploads\\\/2026\\\/05\\\/goetter_anden-inka_inti.webp\",\"contentUrl\":\"https:\\\/\\\/iwell-guard.com\\\/wp-content\\\/uploads\\\/2026\\\/05\\\/goetter_anden-inka_inti.webp\",\"width\":1024,\"height\":1536,\"caption\":\"Bohovia z andsko-inkskej trad\u00edcie.\"},{\"@type\":\"BreadcrumbList\",\"@id\":\"https:\\\/\\\/iwell-guard.com\\\/sk\\\/inti-slnecny-boh-inkov\\\/#breadcrumb\",\"itemListElement\":[{\"@type\":\"ListItem\",\"position\":1,\"name\":\"Start\",\"item\":\"https:\\\/\\\/iwell-guard.com\\\/sk\\\/?page_id=157572\"},{\"@type\":\"ListItem\",\"position\":2,\"name\":\"Inti \u2013 slne\u010dn\u00fd boh Inkov\"}]},{\"@type\":\"WebSite\",\"@id\":\"https:\\\/\\\/iwell-guard.com\\\/sk\\\/#website\",\"url\":\"https:\\\/\\\/iwell-guard.com\\\/sk\\\/\",\"name\":\"iWell Guard\",\"description\":\"Schutz vor dunklen Einfl\u00fcssen\",\"publisher\":{\"@id\":\"https:\\\/\\\/iwell-guard.com\\\/sk\\\/#organization\"},\"potentialAction\":[{\"@type\":\"SearchAction\",\"target\":{\"@type\":\"EntryPoint\",\"urlTemplate\":\"https:\\\/\\\/iwell-guard.com\\\/sk\\\/?s={search_term_string}\"},\"query-input\":{\"@type\":\"PropertyValueSpecification\",\"valueRequired\":true,\"valueName\":\"search_term_string\"}}],\"inLanguage\":\"sk-SK\"},{\"@type\":\"Organization\",\"@id\":\"https:\\\/\\\/iwell-guard.com\\\/sk\\\/#organization\",\"name\":\"Ittermann electronic GmbH\",\"url\":\"https:\\\/\\\/iwell-guard.com\\\/sk\\\/\",\"logo\":{\"@type\":\"ImageObject\",\"inLanguage\":\"sk-SK\",\"@id\":\"https:\\\/\\\/iwell-guard.com\\\/sk\\\/#\\\/schema\\\/logo\\\/image\\\/\",\"url\":\"https:\\\/\\\/iwell-guard.com\\\/wp-content\\\/uploads\\\/2026\\\/05\\\/Ittermann-Logo-1182x237-1.png\",\"contentUrl\":\"https:\\\/\\\/iwell-guard.com\\\/wp-content\\\/uploads\\\/2026\\\/05\\\/Ittermann-Logo-1182x237-1.png\",\"width\":1182,\"height\":237,\"caption\":\"Ittermann electronic GmbH\"},\"image\":{\"@id\":\"https:\\\/\\\/iwell-guard.com\\\/sk\\\/#\\\/schema\\\/logo\\\/image\\\/\"},\"sameAs\":[\"https:\\\/\\\/pantip.com\\\/profile\\\/9367242\",\"https:\\\/\\\/micro.blog\\\/iwellguard\",\"https:\\\/\\\/www.diggerslist.com\\\/iwellguard\\\/about\",\"https:\\\/\\\/skitterphoto.com\\\/photographers\\\/2870314\\\/iwell-guard\",\"https:\\\/\\\/iwellguard.wordpress.com\\\/2026\\\/06\\\/06\\\/iwell-guard\\\/\",\"https:\\\/\\\/hub.docker.com\\\/u\\\/iwellguard\",\"https:\\\/\\\/www.pinterest.com\\\/iwellguard\\\/\",\"https:\\\/\\\/bit.ly\\\/m\\\/iwellguard\",\"https:\\\/\\\/entre-vos-mains.alsace.eu\\\/profiles\\\/iwellguard\\\/activity\",\"https:\\\/\\\/gravatar.com\\\/reallybeded8fd34\",\"https:\\\/\\\/naijamatta.com\\\/iwellguard\",\"https:\\\/\\\/www.goodreads.com\\\/iwellguard\",\"https:\\\/\\\/profile.hatena.ne.jp\\\/iwellguard\\\/\",\"https:\\\/\\\/experiment.com\\\/users\\\/iwellguard\",\"https:\\\/\\\/wakelet.com\\\/@iWellGuard82270\",\"https:\\\/\\\/www.chordie.com\\\/forum\\\/profile.php?id=2555664\",\"https:\\\/\\\/www.instapaper.com\\\/p\\\/17757966\",\"https:\\\/\\\/www.mapleprimes.com\\\/users\\\/iwellguard\",\"https:\\\/\\\/businesslistingplus.com\\\/profile\\\/iwell-guard\\\/\",\"https:\\\/\\\/telegra.ph\\\/iWell-Guard-06-06\",\"https:\\\/\\\/pbase.com\\\/iwellguard\\\/iwellguard\",\"https:\\\/\\\/b.hatena.ne.jp\\\/iwellguard\\\/20260607#bookmark-4788405196491818882\",\"https:\\\/\\\/fliphtml5.com\\\/home\\\/iwellguard\",\"https:\\\/\\\/anyflip.com\\\/homepage\\\/cmiwl#About\",\"https:\\\/\\\/transfur.com\\\/Users\\\/iwellguard\",\"http:\\\/\\\/delphi.larsbo.org\\\/user\\\/iwellguard\",\"https:\\\/\\\/jobs.lajobsportal.org\\\/profiles\\\/8380803-iwell-guard\",\"https:\\\/\\\/md.chaosdorf.de\\\/s\\\/jfbe5SBdJD\",\"https:\\\/\\\/www.lingvolive.com\\\/en-us\\\/profile\\\/9ecaeaca-ce11-4e51-9e71-01d55e2bff36\\\/translations\",\"https:\\\/\\\/www.fitday.com\\\/fitness\\\/forums\\\/members\\\/iwellguard.html\",\"https:\\\/\\\/www.mymeetbook.com\\\/iwellguard\",\"https:\\\/\\\/pxhere.com\\\/en\\\/photographer-me\\\/5040798\",\"https:\\\/\\\/disqus.com\\\/by\\\/iwellguard\\\/about\\\/\",\"https:\\\/\\\/pastelink.net\\\/hjwciqwq\",\"https:\\\/\\\/pubhtml5.com\\\/homepage\\\/scjhn\\\/\",\"https:\\\/\\\/www.bitchute.com\\\/channel\\\/2O2eOKzNqujT\",\"https:\\\/\\\/audiomack.com\\\/iwellguard\"]},{\"@type\":\"Article\",\"@id\":\"https:\\\/\\\/iwell-guard.com\\\/sk\\\/inti-slnecny-boh-inkov\\\/#article\",\"isPartOf\":{\"@id\":\"https:\\\/\\\/iwell-guard.com\\\/sk\\\/inti-slnecny-boh-inkov\\\/\"},\"author\":{\"name\":\"Ralf Ittermann\",\"@id\":\"https:\\\/\\\/iwell-guard.com\\\/sk\\\/#\\\/schema\\\/person\\\/ee2a27f1cac3406c7c6fb5820cb7349f\"},\"headline\":\"Inti \u2013 slne\u010dn\u00fd boh Inkov\",\"datePublished\":\"2026-09-04T22:19:20+00:00\",\"dateModified\":\"2026-09-04T22:45:38+00:00\",\"mainEntityOfPage\":{\"@id\":\"https:\\\/\\\/iwell-guard.com\\\/sk\\\/inti-slnecny-boh-inkov\\\/\"},\"publisher\":{\"@id\":\"https:\\\/\\\/iwell-guard.com\\\/sk\\\/#organization\"},\"image\":{\"@id\":\"https:\\\/\\\/iwell-guard.com\\\/sk\\\/inti-slnecny-boh-inkov\\\/#primaryimage\"},\"thumbnailUrl\":\"https:\\\/\\\/iwell-guard.com\\\/wp-content\\\/uploads\\\/2026\\\/05\\\/goetter_anden-inka_inti.webp\",\"inLanguage\":\"sk-SK\",\"description\":\"Inti, slne\u010dn\u00fd boh Inkov, je pova\u017eovan\u00fd za otca vl\u00e1dnucej dynastie a stred sviatku Inti Raymi, \u0161t\u00e1tneho kultu spolu s Viracochom a Mama Killa.\"}]}<\/script>\n<!-- \/ Yoast SEO Premium plugin. -->","yoast_head_json":{"title":"Inti \u2013 slne\u010dn\u00fd boh Inkov a pante\u00f3n","description":"Inti, slne\u010dn\u00fd boh Inkov, je pova\u017eovan\u00fd za otca vl\u00e1dnucej dynastie a stred sviatku Inti Raymi, \u0161t\u00e1tneho kultu spolu s Viracochom a Mama Killa.","robots":{"index":"index","follow":"follow","max-snippet":"max-snippet:-1","max-image-preview":"max-image-preview:large","max-video-preview":"max-video-preview:-1"},"canonical":"https:\/\/iwell-guard.com\/sk\/inti-slnecny-boh-inkov\/","og_locale":"sk_SK","og_type":"article","og_title":"Inti \u2013 slne\u010dn\u00fd boh Inkov","og_description":"Inti, slne\u010dn\u00fd boh Inkov, je pova\u017eovan\u00fd za otca vl\u00e1dnucej dynastie a stred sviatku Inti Raymi, \u0161t\u00e1tneho kultu spolu s Viracochom a Mama Killa.","og_url":"https:\/\/iwell-guard.com\/sk\/inti-slnecny-boh-inkov\/","og_site_name":"iWell Guard","article_modified_time":"2026-09-04T22:45:38+00:00","og_image":[{"width":1024,"height":1536,"url":"https:\/\/iwell-guard.com\/wp-content\/uploads\/2026\/05\/goetter_anden-inka_inti.webp","type":"image\/webp"}],"twitter_card":"summary_large_image","schema":{"@context":"https:\/\/schema.org","@graph":[{"@type":"Article","@id":"https:\/\/iwell-guard.com\/sk\/inti-slnecny-boh-inkov\/#article","isPartOf":{"@id":"https:\/\/iwell-guard.com\/sk\/inti-slnecny-boh-inkov\/"},"author":{"name":"Ralf Ittermann","@id":"https:\/\/iwell-guard.com\/sk\/#\/schema\/person\/ee2a27f1cac3406c7c6fb5820cb7349f"},"headline":"Inti \u2013 slne\u010dn\u00fd boh Inkov","datePublished":"2026-09-04T22:19:20+00:00","dateModified":"2026-09-04T22:45:38+00:00","mainEntityOfPage":{"@id":"https:\/\/iwell-guard.com\/sk\/inti-slnecny-boh-inkov\/"},"publisher":{"@id":"https:\/\/iwell-guard.com\/sk\/#organization"},"image":{"@id":"https:\/\/iwell-guard.com\/sk\/inti-slnecny-boh-inkov\/#primaryimage"},"thumbnailUrl":"https:\/\/iwell-guard.com\/wp-content\/uploads\/2026\/05\/goetter_anden-inka_inti.webp","inLanguage":"sk-SK","description":"Inti, slne\u010dn\u00fd boh Inkov, je pova\u017eovan\u00fd za otca vl\u00e1dnucej dynastie a stred sviatku Inti Raymi, \u0161t\u00e1tneho kultu spolu s Viracochom a Mama Killa."},{"@type":"WebPage","@id":"https:\/\/iwell-guard.com\/sk\/inti-slnecny-boh-inkov\/","url":"https:\/\/iwell-guard.com\/sk\/inti-slnecny-boh-inkov\/","name":"Inti \u2013 slne\u010dn\u00fd boh Inkov a pante\u00f3n","isPartOf":{"@id":"https:\/\/iwell-guard.com\/sk\/#website"},"primaryImageOfPage":{"@id":"https:\/\/iwell-guard.com\/sk\/inti-slnecny-boh-inkov\/#primaryimage"},"image":{"@id":"https:\/\/iwell-guard.com\/sk\/inti-slnecny-boh-inkov\/#primaryimage"},"thumbnailUrl":"https:\/\/iwell-guard.com\/wp-content\/uploads\/2026\/05\/goetter_anden-inka_inti.webp","datePublished":"2026-09-04T22:19:20+00:00","dateModified":"2026-09-04T22:45:38+00:00","description":"Inti, slne\u010dn\u00fd boh Inkov, je pova\u017eovan\u00fd za otca vl\u00e1dnucej dynastie a stred sviatku Inti Raymi, \u0161t\u00e1tneho kultu spolu s Viracochom a Mama Killa.","breadcrumb":{"@id":"https:\/\/iwell-guard.com\/sk\/inti-slnecny-boh-inkov\/#breadcrumb"},"inLanguage":"sk-SK","potentialAction":[{"@type":"ReadAction","target":["https:\/\/iwell-guard.com\/sk\/inti-slnecny-boh-inkov\/"]}]},{"@type":"ImageObject","inLanguage":"sk-SK","@id":"https:\/\/iwell-guard.com\/sk\/inti-slnecny-boh-inkov\/#primaryimage","url":"https:\/\/iwell-guard.com\/wp-content\/uploads\/2026\/05\/goetter_anden-inka_inti.webp","contentUrl":"https:\/\/iwell-guard.com\/wp-content\/uploads\/2026\/05\/goetter_anden-inka_inti.webp","width":1024,"height":1536,"caption":"Bohovia z andsko-inkskej trad\u00edcie."},{"@type":"BreadcrumbList","@id":"https:\/\/iwell-guard.com\/sk\/inti-slnecny-boh-inkov\/#breadcrumb","itemListElement":[{"@type":"ListItem","position":1,"name":"Start","item":"https:\/\/iwell-guard.com\/sk\/?page_id=157572"},{"@type":"ListItem","position":2,"name":"Inti \u2013 slne\u010dn\u00fd boh Inkov"}]},{"@type":"WebSite","@id":"https:\/\/iwell-guard.com\/sk\/#website","url":"https:\/\/iwell-guard.com\/sk\/","name":"iWell Guard","description":"Schutz vor dunklen Einfl\u00fcssen","publisher":{"@id":"https:\/\/iwell-guard.com\/sk\/#organization"},"potentialAction":[{"@type":"SearchAction","target":{"@type":"EntryPoint","urlTemplate":"https:\/\/iwell-guard.com\/sk\/?s={search_term_string}"},"query-input":{"@type":"PropertyValueSpecification","valueRequired":true,"valueName":"search_term_string"}}],"inLanguage":"sk-SK"},{"@type":"Organization","@id":"https:\/\/iwell-guard.com\/sk\/#organization","name":"Ittermann electronic GmbH","url":"https:\/\/iwell-guard.com\/sk\/","logo":{"@type":"ImageObject","inLanguage":"sk-SK","@id":"https:\/\/iwell-guard.com\/sk\/#\/schema\/logo\/image\/","url":"https:\/\/iwell-guard.com\/wp-content\/uploads\/2026\/05\/Ittermann-Logo-1182x237-1.png","contentUrl":"https:\/\/iwell-guard.com\/wp-content\/uploads\/2026\/05\/Ittermann-Logo-1182x237-1.png","width":1182,"height":237,"caption":"Ittermann electronic GmbH"},"image":{"@id":"https:\/\/iwell-guard.com\/sk\/#\/schema\/logo\/image\/"},"sameAs":["https:\/\/pantip.com\/profile\/9367242","https:\/\/micro.blog\/iwellguard","https:\/\/www.diggerslist.com\/iwellguard\/about","https:\/\/skitterphoto.com\/photographers\/2870314\/iwell-guard","https:\/\/iwellguard.wordpress.com\/2026\/06\/06\/iwell-guard\/","https:\/\/hub.docker.com\/u\/iwellguard","https:\/\/www.pinterest.com\/iwellguard\/","https:\/\/bit.ly\/m\/iwellguard","https:\/\/entre-vos-mains.alsace.eu\/profiles\/iwellguard\/activity","https:\/\/gravatar.com\/reallybeded8fd34","https:\/\/naijamatta.com\/iwellguard","https:\/\/www.goodreads.com\/iwellguard","https:\/\/profile.hatena.ne.jp\/iwellguard\/","https:\/\/experiment.com\/users\/iwellguard","https:\/\/wakelet.com\/@iWellGuard82270","https:\/\/www.chordie.com\/forum\/profile.php?id=2555664","https:\/\/www.instapaper.com\/p\/17757966","https:\/\/www.mapleprimes.com\/users\/iwellguard","https:\/\/businesslistingplus.com\/profile\/iwell-guard\/","https:\/\/telegra.ph\/iWell-Guard-06-06","https:\/\/pbase.com\/iwellguard\/iwellguard","https:\/\/b.hatena.ne.jp\/iwellguard\/20260607#bookmark-4788405196491818882","https:\/\/fliphtml5.com\/home\/iwellguard","https:\/\/anyflip.com\/homepage\/cmiwl#About","https:\/\/transfur.com\/Users\/iwellguard","http:\/\/delphi.larsbo.org\/user\/iwellguard","https:\/\/jobs.lajobsportal.org\/profiles\/8380803-iwell-guard","https:\/\/md.chaosdorf.de\/s\/jfbe5SBdJD","https:\/\/www.lingvolive.com\/en-us\/profile\/9ecaeaca-ce11-4e51-9e71-01d55e2bff36\/translations","https:\/\/www.fitday.com\/fitness\/forums\/members\/iwellguard.html","https:\/\/www.mymeetbook.com\/iwellguard","https:\/\/pxhere.com\/en\/photographer-me\/5040798","https:\/\/disqus.com\/by\/iwellguard\/about\/","https:\/\/pastelink.net\/hjwciqwq","https:\/\/pubhtml5.com\/homepage\/scjhn\/","https:\/\/www.bitchute.com\/channel\/2O2eOKzNqujT","https:\/\/audiomack.com\/iwellguard"]},{"@type":"Person","@id":"https:\/\/iwell-guard.com\/sk\/#\/schema\/person\/ee2a27f1cac3406c7c6fb5820cb7349f","name":"Ralf Ittermann","image":{"@type":"ImageObject","inLanguage":"sk-SK","@id":"https:\/\/secure.gravatar.com\/avatar\/073c0153e350a5005b68eb752b445fea71f6b24a26da9449ad7e155e6b446c9d?s=96&d=mm&r=g","url":"https:\/\/secure.gravatar.com\/avatar\/073c0153e350a5005b68eb752b445fea71f6b24a26da9449ad7e155e6b446c9d?s=96&d=mm&r=g","contentUrl":"https:\/\/secure.gravatar.com\/avatar\/073c0153e350a5005b68eb752b445fea71f6b24a26da9449ad7e155e6b446c9d?s=96&d=mm&r=g","caption":"Ralf Ittermann"},"givenName":"Ralf","familyName":"Ittermann","jobTitle":"Gesch\u00e4ftsf\u00fchrer und redaktioneller Verantwortlicher","url":"https:\/\/iwell-guard.com\/sk\/author\/claude\/","description":"Ralf Ittermann ist Gesch\u00e4ftsf\u00fchrer der Ittermann electronic GmbH und redaktioneller Verantwortlicher des iWell-Guard-Lexikons. Er verbindet langj\u00e4hrige Erfahrung in der Pr\u00e4zisionsfertigung mit medialer Praxis und religionsgeschichtlicher Quellenarbeit.","worksFor":{"@type":"Organization","name":"Ittermann electronic GmbH","url":"https:\/\/ittermann.de\/","address":{"@type":"PostalAddress","streetAddress":"K\u00f6hlergasse 16-18","postalCode":"99842","addressLocality":"Ruhla","addressCountry":"DE"}},"knowsAbout":["Religionsgeschichte","Mythologie","Mediale Praxis","Energetische Diagnostik","Schutzpraxis","Volksglauben","Westliche Esoterik"]},{"@type":"Article","@id":"https:\/\/iwell-guard.com\/sk\/inti-slnecny-boh-inkov\/#article","isPartOf":{"@id":"https:\/\/iwell-guard.com\/sk\/inti-slnecny-boh-inkov\/"},"author":{"name":"Ralf Ittermann","@id":"https:\/\/iwell-guard.com\/sk\/#\/schema\/person\/ee2a27f1cac3406c7c6fb5820cb7349f"},"headline":"Inti \u2013 slne\u010dn\u00fd boh Inkov","datePublished":"2026-09-04T22:19:20+00:00","dateModified":"2026-09-04T22:45:38+00:00","mainEntityOfPage":{"@id":"https:\/\/iwell-guard.com\/sk\/inti-slnecny-boh-inkov\/"},"publisher":{"@id":"https:\/\/iwell-guard.com\/sk\/#organization"},"image":{"@id":"https:\/\/iwell-guard.com\/sk\/inti-slnecny-boh-inkov\/#primaryimage"},"thumbnailUrl":"https:\/\/iwell-guard.com\/wp-content\/uploads\/2026\/05\/goetter_anden-inka_inti.webp","inLanguage":"sk-SK","description":"Inti, slne\u010dn\u00fd boh Inkov, je pova\u017eovan\u00fd za otca vl\u00e1dnucej dynastie a stred sviatku Inti Raymi, \u0161t\u00e1tneho kultu spolu s Viracochom a Mama Killa."}]}},"_links":{"self":[{"href":"https:\/\/iwell-guard.com\/sk\/wp-json\/wp\/v2\/pages\/157911","targetHints":{"allow":["GET"]}}],"collection":[{"href":"https:\/\/iwell-guard.com\/sk\/wp-json\/wp\/v2\/pages"}],"about":[{"href":"https:\/\/iwell-guard.com\/sk\/wp-json\/wp\/v2\/types\/page"}],"author":[{"embeddable":true,"href":"https:\/\/iwell-guard.com\/sk\/wp-json\/wp\/v2\/users\/3"}],"replies":[{"embeddable":true,"href":"https:\/\/iwell-guard.com\/sk\/wp-json\/wp\/v2\/comments?post=157911"}],"version-history":[{"count":0,"href":"https:\/\/iwell-guard.com\/sk\/wp-json\/wp\/v2\/pages\/157911\/revisions"}],"wp:featuredmedia":[{"embeddable":true,"href":"https:\/\/iwell-guard.com\/sk\/wp-json\/wp\/v2\/media\/2678"}],"wp:attachment":[{"href":"https:\/\/iwell-guard.com\/sk\/wp-json\/wp\/v2\/media?parent=157911"}],"wp:term":[{"taxonomy":"category","embeddable":true,"href":"https:\/\/iwell-guard.com\/sk\/wp-json\/wp\/v2\/categories?post=157911"}],"curies":[{"name":"wp","href":"https:\/\/api.w.org\/{rel}","templated":true}]}}