{"id":157892,"date":"2026-09-04T22:19:05","date_gmt":"2026-09-04T22:19:05","guid":{"rendered":"https:\/\/iwell-guard.com\/?page_id=157892"},"modified":"2026-09-04T22:45:11","modified_gmt":"2026-09-04T22:45:11","slug":"zle-oko","status":"publish","type":"page","link":"https:\/\/iwell-guard.com\/sk\/zle-oko\/","title":{"rendered":"Zl\u00e9 oko"},"content":{"rendered":"\t\t<div data-elementor-type=\"wp-page\" data-elementor-id=\"157892\" class=\"elementor elementor-157892 elementor-2466 elementor-bc-flex-widget\" data-elementor-post-type=\"page\">\n\t\t\t\t<div class=\"elementor-element elementor-element-azboehero e-flex e-con-boxed e-con e-parent\" data-id=\"azboehero\" data-element_type=\"container\" data-e-type=\"container\" data-settings=\"{&quot;background_background&quot;:&quot;classic&quot;}\">\n\t\t\t\t\t<div class=\"e-con-inner\">\n\t\t<div class=\"elementor-element elementor-element-azboelft e-flex e-con-boxed e-con e-parent\" data-id=\"azboelft\" data-element_type=\"container\" data-e-type=\"container\">\n\t\t\t\t\t<div class=\"e-con-inner\">\n\t\t<div class=\"elementor-element elementor-element-azboeh1c e-con-full e-flex e-con e-parent\" data-id=\"azboeh1c\" data-element_type=\"container\" data-e-type=\"container\">\n\t\t\t\t<div class=\"elementor-element elementor-element-azboeh1 elementor-widget elementor-widget-heading\" data-id=\"azboeh1\" data-element_type=\"widget\" data-e-type=\"widget\" data-widget_type=\"heading.default\">\n\t\t\t\t\t<h1 class=\"elementor-heading-title elementor-size-default\">Zl\u00e9 oko ako nevra\u017eiv\u00e1 viera kult\u00far<\/h1>\t\t\t\t<\/div>\n\t\t\t\t<div class=\"elementor-element elementor-element-azboelead elementor-widget elementor-widget-text-editor\" data-id=\"azboelead\" data-element_type=\"widget\" data-e-type=\"widget\" data-widget_type=\"text-editor.default\">\n\t\t\t\t\t\t\t\t\t<p>Zl\u00e9 oko, hebrejsky ayin hara, arabsky al-ayn, turecky nazar, italsky malocchio, je predstava, \u017ee jedin\u00fd nevra\u017eiv\u00fd poh\u013ead m\u00f4\u017ee in\u00e9mu \u010dloveku sp\u00f4sobi\u0165 \u0161kodu. T\u00e1to viera je zdokumentovan\u00e1 v viac ako \u0161es\u0165desiatich kult\u00farach a priniesla bohat\u00fd reperto\u00e1r ochrann\u00fdch predmetov.<\/p>\t\t\t\t\t\t\t\t<\/div>\n\t\t\t\t<\/div>\n\t\t<div class=\"elementor-element elementor-element-azboeplc e-con-full e-flex e-con e-parent\" data-id=\"azboeplc\" data-element_type=\"container\" data-e-type=\"container\">\n\t\t\t\t<div class=\"elementor-element elementor-element-azboepl elementor-widget elementor-widget-html\" data-id=\"azboepl\" data-element_type=\"widget\" data-e-type=\"widget\" data-widget_type=\"html.default\">\n\t\t\t\t\t<div class=\"iwg-pill-row\"><span class=\"iwg-klasse-badge\" tabindex=\"0\" data-tooltip=\"\u0160kodliv\u00e1 viera: predstava, \u017ee osoba m\u00f4\u017ee poh\u013eadom, slovom alebo \u010dinom sp\u00f4sobi\u0165 in\u00e9mu \u0161kodu. Antropologicky zdokumentovan\u00e1 vo viac ako \u0161es\u0165desiatich kult\u00farach, s vlastn\u00fdm reperto\u00e1rom ochrany.\">\u0160kodliv\u00e1 viera<\/span><span class=\"iwg-kultur-badge\" tabindex=\"0\" data-tooltip=\"Viera v zl\u00e9 oko je dolo\u017een\u00e1 celosvetovo, s \u0165a\u017eiskom v Stredomor\u00ed, na Bl\u00edzkom v\u00fdchode, v ju\u017enej \u00c1zii a v Latinskej Amerike. Najstar\u0161ie doklady sa datuj\u00fa do 3. tis\u00edcro\u010dia pred Kr.\">Stredomorie<\/span><\/div>\t\t\t\t<\/div>\n\t\t\t\t<\/div>\n\t\t<div class=\"elementor-element elementor-element-azboetoc e-con-full e-flex e-con e-parent\" data-id=\"azboetoc\" data-element_type=\"container\" data-e-type=\"container\">\n\t\t\t\t<div class=\"elementor-element elementor-element-azboet elementor-toc--minimized-on-tablet elementor-widget elementor-widget-table-of-contents\" data-id=\"azboet\" data-element_type=\"widget\" data-e-type=\"widget\" data-settings=\"{&quot;exclude_headings_by_selector&quot;:[],&quot;no_headings_message&quot;:&quot;Na tejto str\\u00e1nke sa nena\\u0161li \\u017eiadne nadpisy.&quot;,&quot;headings_by_tags&quot;:[&quot;h2&quot;,&quot;h3&quot;],&quot;marker_view&quot;:&quot;bullets&quot;,&quot;icon&quot;:{&quot;value&quot;:&quot;fas fa-circle&quot;,&quot;library&quot;:&quot;fa-solid&quot;,&quot;rendered_tag&quot;:&quot;&lt;svg class=\\&quot;e-font-icon-svg e-fas-circle\\&quot; viewBox=\\&quot;0 0 512 512\\&quot; xmlns=\\&quot;http:\\\/\\\/www.w3.org\\\/2000\\\/svg\\&quot;&gt;&lt;path d=\\&quot;M256 8C119 8 8 119 8 256s111 248 248 248 248-111 248-248S393 8 256 8z\\&quot;&gt;&lt;\\\/path&gt;&lt;\\\/svg&gt;&quot;},&quot;minimize_box&quot;:&quot;yes&quot;,&quot;minimized_on&quot;:&quot;tablet&quot;,&quot;hierarchical_view&quot;:&quot;yes&quot;,&quot;min_height&quot;:{&quot;unit&quot;:&quot;px&quot;,&quot;size&quot;:&quot;&quot;,&quot;sizes&quot;:[]},&quot;min_height_tablet&quot;:{&quot;unit&quot;:&quot;px&quot;,&quot;size&quot;:&quot;&quot;,&quot;sizes&quot;:[]},&quot;min_height_mobile&quot;:{&quot;unit&quot;:&quot;px&quot;,&quot;size&quot;:&quot;&quot;,&quot;sizes&quot;:[]}}\" data-widget_type=\"table-of-contents.default\">\n\t\t\t\t\t\t\t\t\t<div class=\"elementor-toc__header\">\n\t\t\t\t\t\t<h2 class=\"elementor-toc__header-title\">\n\t\t\t\tObsah\t\t\t<\/h2>\n\t\t\t\t\t\t\t\t\t\t<div class=\"elementor-toc__toggle-button elementor-toc__toggle-button--expand\" role=\"button\" tabindex=\"0\" aria-controls=\"elementor-toc__azboet\" aria-expanded=\"true\" aria-label=\"Open table of contents\"><svg aria-hidden=\"true\" class=\"e-font-icon-svg e-fas-chevron-down\" viewBox=\"0 0 448 512\" xmlns=\"http:\/\/www.w3.org\/2000\/svg\"><path d=\"M207.029 381.476L12.686 187.132c-9.373-9.373-9.373-24.569 0-33.941l22.667-22.667c9.357-9.357 24.522-9.375 33.901-.04L224 284.505l154.745-154.021c9.379-9.335 24.544-9.317 33.901.04l22.667 22.667c9.373 9.373 9.373 24.569 0 33.941L240.971 381.476c-9.373 9.372-24.569 9.372-33.942 0z\"><\/path><\/svg><\/div>\n\t\t\t\t<div class=\"elementor-toc__toggle-button elementor-toc__toggle-button--collapse\" role=\"button\" tabindex=\"0\" aria-controls=\"elementor-toc__azboet\" aria-expanded=\"true\" aria-label=\"Close table of contents\"><svg aria-hidden=\"true\" class=\"e-font-icon-svg e-fas-chevron-up\" viewBox=\"0 0 448 512\" xmlns=\"http:\/\/www.w3.org\/2000\/svg\"><path d=\"M240.971 130.524l194.343 194.343c9.373 9.373 9.373 24.569 0 33.941l-22.667 22.667c-9.357 9.357-24.522 9.375-33.901.04L224 227.495 69.255 381.516c-9.379 9.335-24.544 9.317-33.901-.04l-22.667-22.667c-9.373-9.373-9.373-24.569 0-33.941L207.03 130.525c9.372-9.373 24.568-9.373 33.941-.001z\"><\/path><\/svg><\/div>\n\t\t\t\t\t<\/div>\n\t\t\t\t<div id=\"elementor-toc__azboet\" class=\"elementor-toc__body\">\n\t\t\t<div class=\"elementor-toc__spinner-container\">\n\t\t\t\t<svg class=\"elementor-toc__spinner eicon-animation-spin e-font-icon-svg e-eicon-loading\" aria-hidden=\"true\" viewBox=\"0 0 1000 1000\" xmlns=\"http:\/\/www.w3.org\/2000\/svg\"><path d=\"M500 975V858C696 858 858 696 858 500S696 142 500 142 142 304 142 500H25C25 237 238 25 500 25S975 237 975 500 763 975 500 975Z\"><\/path><\/svg>\t\t\t<\/div>\n\t\t<\/div>\n\t\t\t\t\t\t<\/div>\n\t\t\t\t<\/div>\n\t\t\t\t\t<\/div>\n\t\t\t\t<\/div>\n\t\t<div class=\"elementor-element elementor-element-azboergt e-flex e-con-boxed e-con e-parent\" data-id=\"azboergt\" data-element_type=\"container\" data-e-type=\"container\" data-settings=\"{&quot;background_background&quot;:&quot;classic&quot;}\">\n\t\t\t\t\t<div class=\"e-con-inner\">\n\t\t\t\t<div class=\"elementor-element elementor-element-azboeimg iwg-hero-image elementor-widget elementor-widget-image\" data-id=\"azboeimg\" data-element_type=\"widget\" data-e-type=\"widget\" data-widget_type=\"image.default\">\n\t\t\t\t\t\t\t\t\t\t\t\t\t\t\t<img fetchpriority=\"high\" decoding=\"async\" width=\"683\" height=\"1024\" src=\"https:\/\/iwell-guard.com\/wp-content\/uploads\/2026\/05\/schutzsymbol_mediterran_boeser-blick-683x1024.webp\" class=\"attachment-large size-large wp-image-159864\" alt=\"Tri tradi\u010dn\u00e9 tureck\u00e9 ochrann\u00e9 o\u010di nazar boncu\u011fu z modr\u00e9ho skla s koncentrick\u00fdmi kruhmi na tmavom pozad\u00ed\" srcset=\"https:\/\/iwell-guard.com\/wp-content\/uploads\/2026\/05\/schutzsymbol_mediterran_boeser-blick-683x1024.webp 683w, https:\/\/iwell-guard.com\/wp-content\/uploads\/2026\/05\/schutzsymbol_mediterran_boeser-blick-200x300.webp 200w, https:\/\/iwell-guard.com\/wp-content\/uploads\/2026\/05\/schutzsymbol_mediterran_boeser-blick-768x1152.webp 768w, https:\/\/iwell-guard.com\/wp-content\/uploads\/2026\/05\/schutzsymbol_mediterran_boeser-blick.webp 1024w\" sizes=\"(max-width: 683px) 100vw, 683px\" \/>\t\t\t\t\t\t\t\t\t\t\t\t\t\t\t<\/div>\n\t\t\t\t\t<\/div>\n\t\t\t\t<\/div>\n\t\t\t\t\t<\/div>\n\t\t\t\t<\/div>\n\t\t<div class=\"elementor-element elementor-element-azboes1 e-flex e-con-boxed e-con e-parent\" data-id=\"azboes1\" data-element_type=\"container\" data-e-type=\"container\">\n\t\t\t\t\t<div class=\"e-con-inner\">\n\t\t\t\t<div class=\"elementor-element elementor-element-azboes1h elementor-widget elementor-widget-heading\" data-id=\"azboes1h\" data-element_type=\"widget\" data-e-type=\"widget\" data-widget_type=\"heading.default\">\n\t\t\t\t\t<h2 class=\"elementor-heading-title elementor-size-default\">\u010co je zl\u00e9 oko<\/h2>\t\t\t\t<\/div>\n\t\t<div class=\"elementor-element elementor-element-azboes1b e-con-full e-flex e-con e-parent\" data-id=\"azboes1b\" data-element_type=\"container\" data-e-type=\"container\">\n\t\t\t\t<div class=\"elementor-element elementor-element-azboes1t elementor-widget elementor-widget-text-editor\" data-id=\"azboes1t\" data-element_type=\"widget\" data-e-type=\"widget\" data-widget_type=\"text-editor.default\">\n\t\t\t\t\t\t\t\t\t<p>Zl\u00e9 oko je predstava, \u017ee \u010dlovek m\u00f4\u017ee jedin\u00fdm, \u010dasto z\u00e1vistliv\u00fdm alebo nevra\u017eiv\u00fdm poh\u013eadom sp\u00f4sobi\u0165 in\u00e9mu \u010dloveku \u0161kodu. \u0160koda sa v tradovan\u00fdch pr\u00edbehoch rozprestiera od choroby a ne\u0161\u0165astia a\u017e po smr\u0165, od rozliateho d\u017eb\u00e1nu mlieka a\u017e po skuto\u010dne zomret\u00e9ho doj\u010da\u0165a.<\/p><p>Viera v zl\u00e9 oko je jednou z najroz\u0161\u00edrenej\u0161\u00edch, a z\u00e1rove\u0148 jednou z najstar\u0161\u00edch predst\u00e1v o \u0161kodlivom p\u00f4soben\u00ed v \u013eudskej hist\u00f3rii. Americk\u00fd folklorista Alan Dundes ju zdokumentoval vo viac ako \u0161es\u0165desiatich kult\u00farach, od \u00cdrska po Indiu, od Maroka po Mexiko, v \u0161\u00edrke, ktor\u00fa dosahuje len m\u00e1lo in\u00fdch predst\u00e1v \u013eudovej viery.<\/p><p>V jadre stoj\u00ed model vysvet\u013eovania ne\u0161pecifikovan\u00e9ho ne\u0161\u0165astia. Ak die\u0165a n\u00e1hle onemocnie, krava prestane d\u00e1va\u0165 mlieko alebo sa svadba kon\u00e1 za nepriazniv\u00fdch znamen\u00ed, \u013eudov\u00e1 trad\u00edcia mnoh\u00fdch kult\u00far neh\u013ead\u00e1 najprv prirodzen\u00fd d\u00f4vod, ale soci\u00e1lny.<\/p><p>Kto sa pozeral? Kto chv\u00e1lil? Kto bol z\u00e1vistliv\u00fd? Z tohto p\u00e1trania po stop\u00e1ch sa vyvinul cel\u00fd komplex ochrann\u00fdch predmetov, obrann\u00fdch gest a prevent\u00edvnych prakt\u00edk.<\/p>\t\t\t\t\t\t\t\t<\/div>\n\t\t\t\t<\/div>\n\t\t\t\t\t<\/div>\n\t\t\t\t<\/div>\n\t\t<div class=\"elementor-element elementor-element-azboes2 e-flex e-con-boxed e-con e-parent\" data-id=\"azboes2\" data-element_type=\"container\" data-e-type=\"container\">\n\t\t\t\t\t<div class=\"e-con-inner\">\n\t\t\t\t<div class=\"elementor-element elementor-element-azboes2h elementor-widget elementor-widget-heading\" data-id=\"azboes2h\" data-element_type=\"widget\" data-e-type=\"widget\" data-widget_type=\"heading.default\">\n\t\t\t\t\t<h2 class=\"elementor-heading-title elementor-size-default\">N\u00e1zvy v kult\u00farach<\/h2>\t\t\t\t<\/div>\n\t\t<div class=\"elementor-element elementor-element-azboes2b e-con-full e-flex e-con e-parent\" data-id=\"azboes2b\" data-element_type=\"container\" data-e-type=\"container\">\n\t\t\t\t<div class=\"elementor-element elementor-element-azboes2t elementor-widget elementor-widget-text-editor\" data-id=\"azboes2t\" data-element_type=\"widget\" data-e-type=\"widget\" data-widget_type=\"text-editor.default\">\n\t\t\t\t\t\t\t\t\t<p>V hebrejskej jazykovej oblasti sa zl\u00e9 oko vol\u00e1 ayin hara, \u010do v preklade znamen\u00e1 jednoducho \u201ezl\u00e9 oko\u201c. V arabskej oblasti je to al-ayn, \u010dasto skr\u00e1tenina z al-ayn al-hasud, z\u00e1vistliv\u00e9 oko. V tureckej a perzskej jazykovej oblasti je to nazar alebo nazar boncu\u011fu, doslova \u201eperla poh\u013eadu\u201c, ako slovo ozna\u010duj\u00face s\u00fa\u010dasne vieru aj ochrann\u00fd predmet.<\/p><p>V gr\u00e9ckej kult\u00farnej oblasti je to mati, v talianskej malocchio, v \u0161panielskej mal de ojo, v rumunskej deochi. V juho\u00e1zijskej oblasti je to drishti dosha v sanskrtskom dedi\u010dstve, nazar v hindsko-urdskej oblasti.<\/p><p>T\u00e1to jazykov\u00e1 rozmanitos\u0165 dokazuje, \u017ee nejde o jedin\u00fa trad\u00edciu, ale o konvergentn\u00fa predstavu, ktor\u00e1 vznikla v mnoh\u00fdch n\u00e1bo\u017eenstv\u00e1ch a \u013eudov\u00fdch spolo\u010denstv\u00e1ch nez\u00e1visle alebo prostredn\u00edctvom vz\u00e1jomn\u00e9ho ovplyv\u0148ovania.<\/p>\t\t\t\t\t\t\t\t<\/div>\n\t\t\t\t<\/div>\n\t\t\t\t\t<\/div>\n\t\t\t\t<\/div>\n\t\t<div class=\"elementor-element elementor-element-azboes3 e-flex e-con-boxed e-con e-parent\" data-id=\"azboes3\" data-element_type=\"container\" data-e-type=\"container\">\n\t\t\t\t\t<div class=\"e-con-inner\">\n\t\t\t\t<div class=\"elementor-element elementor-element-azboes3h elementor-widget elementor-widget-heading\" data-id=\"azboes3h\" data-element_type=\"widget\" data-e-type=\"widget\" data-widget_type=\"heading.default\">\n\t\t\t\t\t<h2 class=\"elementor-heading-title elementor-size-default\">Ran\u00e9 doklady<\/h2>\t\t\t\t<\/div>\n\t\t<div class=\"elementor-element elementor-element-azboes3b e-con-full e-flex e-con e-parent\" data-id=\"azboes3b\" data-element_type=\"container\" data-e-type=\"container\">\n\t\t\t\t<div class=\"elementor-element elementor-element-azboes3t elementor-widget elementor-widget-text-editor\" data-id=\"azboes3t\" data-element_type=\"widget\" data-e-type=\"widget\" data-widget_type=\"text-editor.default\">\n\t\t\t\t\t\t\t\t\t<p>Najstar\u0161ie dolo\u017een\u00e9 zmienky o zlom oku sa datuj\u00fa do tretieho tis\u00edcro\u010dia pred na\u0161\u00edm letopo\u010dtom. Zo star\u00e9ho Sumeru a z Akkadu sa zachovali zakl\u00ednacie texty, ktor\u00e9 \u0161kodliv\u00e9 oko menuj\u00fa a vyslovuj\u00fa proti nemu ochrann\u00e9 formuly.<\/p><p>V starom Egypte patr\u00ed Horovo oko wadjet k najstar\u0161\u00edm ochrann\u00fdm symbolom obr\u00e1ten\u00fdm proti nebezpe\u010dn\u00e9mu oku. Amulety wadjet z fajansu a polodrahokamov sa nach\u00e1dzaj\u00fa v hroboch a obydliach z viacer\u00fdch dynasti\u00ed.<\/p><p>V Hebrejskej Biblii sa pojem ayin hara vyskytuje viackr\u00e1t, napr\u00edklad v Pr\u00edsloviach 23,6 a 28,22. V <span class=\"iwg-fachbegriff\" data-tooltip=\"Hlavn\u00e9 dielo rab\u00ednskeho judaizmu s v\u00fdkladom n\u00e1bo\u017eenskej trad\u00edcie.\" tabindex=\"0\">Talmude<\/span> sa zl\u00e9 oko podrobne rozober\u00e1 v Bava Metzia 107b.<\/p><p>Rabbi Jochanan, ved\u00faca osobnos\u0165 palest\u00ednskeho <span class=\"iwg-fachbegriff\" data-tooltip=\"Hlavn\u00e9 dielo rab\u00ednskeho judaizmu s v\u00fdkladom n\u00e1bo\u017eenskej trad\u00edcie.\" tabindex=\"0\">Talmudu<\/span>, tam hovor\u00ed, \u017ee zo sto zomret\u00fdch dev\u00e4\u0165desiatdev\u00e4\u0165 zomrelo v d\u00f4sledku zl\u00e9ho oka a len jeden z prirodzenej pr\u00ed\u010diny, v\u00fdrok, ktor\u00fd neskor\u0161\u00ed v\u00fdklad ch\u00e1pe ako r\u00e9torick\u00fa nads\u00e1dzku, ale z\u00e1rove\u0148 dokazuje, ak\u00fd v\u00fdznam sa tejto t\u00e9me prisudzoval.<\/p><p>V Kor\u00e1ne sa ochrana pred z\u00e1vistliv\u00fdmi bytos\u0165ami objavuje v s\u00fare 113 Al-Falaq a v s\u00fare 114 An-Nas, obe ochrann\u00e9 s\u00fary sa v islamskom be\u017enom \u017eivote recituj\u00fa proti al-ayn.<\/p>\t\t\t\t\t\t\t\t<\/div>\n\t\t\t\t<\/div>\n\t\t\t\t\t<\/div>\n\t\t\t\t<\/div>\n\t\t<div class=\"elementor-element elementor-element-azboes4 e-flex e-con-boxed e-con e-parent\" data-id=\"azboes4\" data-element_type=\"container\" data-e-type=\"container\">\n\t\t\t\t\t<div class=\"e-con-inner\">\n\t\t\t\t<div class=\"elementor-element elementor-element-azboes4h elementor-widget elementor-widget-heading\" data-id=\"azboes4h\" data-element_type=\"widget\" data-e-type=\"widget\" data-widget_type=\"heading.default\">\n\t\t\t\t\t<h2 class=\"elementor-heading-title elementor-size-default\">Antick\u00e9 p\u00edsomn\u00e9 pramene<\/h2>\t\t\t\t<\/div>\n\t\t<div class=\"elementor-element elementor-element-azboes4b e-con-full e-flex e-con e-parent\" data-id=\"azboes4b\" data-element_type=\"container\" data-e-type=\"container\">\n\t\t\t\t<div class=\"elementor-element elementor-element-azboes4t elementor-widget elementor-widget-text-editor\" data-id=\"azboes4t\" data-element_type=\"widget\" data-e-type=\"widget\" data-widget_type=\"text-editor.default\">\n\t\t\t\t\t\t\t\t\t<p>V gr\u00e9cko-r\u00edmskej <span class=\"iwg-fachbegriff\" data-tooltip=\"Epocha gr\u00e9ckej a r\u00edmskej kult\u00fary, pribli\u017ene od 800 pred Kr. do 600 po Kr.\" tabindex=\"0\">antike<\/span> popisuj\u00fa Pl\u00ednius Star\u0161\u00ed v diele Naturalis Historia a Plutarchos v Quaestiones Convivales zl\u00e9 oko ako fenom\u00e9n, ktor\u00fd treba bra\u0165 v\u00e1\u017ene.<\/p><p>Plutarchos mu venuje cel\u00e9 pojednanie, v ktorom rozober\u00e1 te\u00f3rie, ako by poh\u013ead mohol fyzicky p\u00f4sobi\u0165, napr\u00edklad prostredn\u00edctvom drobn\u00fdch \u010dast\u00edc, ktor\u00e9 oko vysiela. Tieto antick\u00e9 diskusie s\u00fa kult\u00farno-historicky d\u00f4le\u017eit\u00e9, preto\u017ee ukazuj\u00fa, \u017ee aj vzdelan\u00ed pozorovatelia t\u00fato vieru brali v\u00e1\u017ene.<\/p>\t\t\t\t\t\t\t\t<\/div>\n\t\t\t\t<\/div>\n\t\t\t\t\t<\/div>\n\t\t\t\t<\/div>\n\t\t<div class=\"elementor-element elementor-element-azboes5 e-flex e-con-boxed e-con e-parent\" data-id=\"azboes5\" data-element_type=\"container\" data-e-type=\"container\">\n\t\t\t\t\t<div class=\"e-con-inner\">\n\t\t\t\t<div class=\"elementor-element elementor-element-azboes5h elementor-widget elementor-widget-heading\" data-id=\"azboes5h\" data-element_type=\"widget\" data-e-type=\"widget\" data-widget_type=\"heading.default\">\n\t\t\t\t\t<h2 class=\"elementor-heading-title elementor-size-default\">Stredovek a \u013eudov\u00e1 viera<\/h2>\t\t\t\t<\/div>\n\t\t<div class=\"elementor-element elementor-element-azboes5b e-con-full e-flex e-con e-parent\" data-id=\"azboes5b\" data-element_type=\"container\" data-e-type=\"container\">\n\t\t\t\t<div class=\"elementor-element elementor-element-azboes5t elementor-widget elementor-widget-text-editor\" data-id=\"azboes5t\" data-element_type=\"widget\" data-e-type=\"widget\" data-widget_type=\"text-editor.default\">\n\t\t\t\t\t\t\t\t\t<p>V stredovekej Eur\u00f3pe sa zl\u00e9 oko st\u00e1va faktorom v procesoch proti \u010darodejnicam. \u017deny podozrievan\u00e9 z \u010darodejn\u00edctva boli \u010dasto obvi\u0148ovan\u00e9, \u017ee poh\u013eadom sp\u00f4sobili \u0161kodu, \u010di u\u017e na dobytku, na doj\u010dat\u00e1ch alebo na mu\u017eoch.<\/p><p>V Kladive na \u010darodejnice z roku 1486 sa zl\u00e9 oko rozober\u00e1 ako d\u00f4kazn\u00fd prostriedok. Toto spojenie <span class=\"iwg-fachbegriff\" data-tooltip=\"N\u00e1bo\u017eensk\u00e9 predstavy a zvyky be\u017en\u00e9 v ka\u017edodennom \u017eivote.\" tabindex=\"0\">\u013eudovej viery<\/span> a trestn\u00e9ho pr\u00e1va viedlo v ranom novoveku k mnoh\u00fdm ods\u00fadeniam.<\/p><p>V \u017eidovskej \u013eudovej trad\u00edcii sa s\u00fa\u010dasne vyvinuli rozsiahle ochrann\u00e9 praktiky, napr\u00edklad prip\u00e1janie formuly \u201ebli ayin hara\u201c, \u010do v preklade znamen\u00e1 pribli\u017ene \u201ebez zl\u00e9ho oka\u201c, po ka\u017edom pozit\u00edvnom v\u00fdroku o die\u0165ati alebo z\u00e1mere.<\/p><p>V arabskej oblasti sa pochvala dopl\u0148ovala slovom \u201emashallah\u201c, \u010do d\u00e1va chv\u00e1lu pod ochranu Boha a m\u00e1 tak chr\u00e1ni\u0165 pred hasud, z\u00e1vistliv\u00fdm pozorovate\u013eom.<\/p>\t\t\t\t\t\t\t\t<\/div>\n\t\t\t\t<\/div>\n\t\t\t\t\t<\/div>\n\t\t\t\t<\/div>\n\t\t<div class=\"elementor-element elementor-element-azboes6 e-flex e-con-boxed e-con e-parent\" data-id=\"azboes6\" data-element_type=\"container\" data-e-type=\"container\">\n\t\t\t\t\t<div class=\"e-con-inner\">\n\t\t\t\t<div class=\"elementor-element elementor-element-azboes6h elementor-widget elementor-widget-heading\" data-id=\"azboes6h\" data-element_type=\"widget\" data-e-type=\"widget\" data-widget_type=\"heading.default\">\n\t\t\t\t\t<h2 class=\"elementor-heading-title elementor-size-default\">Ochrann\u00e9 predmety proti zl\u00e9mu oku<\/h2>\t\t\t\t<\/div>\n\t\t<div class=\"elementor-element elementor-element-azboes6b e-con-full e-flex e-con e-parent\" data-id=\"azboes6b\" data-element_type=\"container\" data-e-type=\"container\">\n\t\t\t\t<div class=\"elementor-element elementor-element-azboes6t elementor-widget elementor-widget-text-editor\" data-id=\"azboes6t\" data-element_type=\"widget\" data-e-type=\"widget\" data-widget_type=\"text-editor.default\">\n\t\t\t\t\t\t\t\t\t<p>Proti zl\u00e9mu poh\u013eadu sa v priebehu tis\u00edcro\u010d\u00ed vyvinula cel\u00e1 paleta ochrann\u00fdch predmetov. Najzn\u00e1mej\u0161\u00edm je dnes pravdepodobne nazar boncu\u011fu, tureck\u00e9 modr\u00e9 sklenen\u00e9 oko s koncentrick\u00fdmi kruhmi v modrej, bielej a \u010diernej farbe.<\/p><p>Pova\u017euje sa za zobrazenie samotn\u00e9ho zl\u00e9ho oka, ktor\u00e9 odrazom vracia \u0161kodu sp\u00e4\u0165. V gr\u00e9ckom kult\u00farnom priestore sa mu hovor\u00ed mati, \u010dasto ide o mal\u00e9 modr\u00e9 oko na retiazke alebo n\u00e1ramku.<\/p><p>Do rovnakej ochrannej rodiny patr\u00ed aj <a href=\"https:\/\/iwell-guard.com\/sk\/?page_id=157893\" data-tooltip=\"Ochrann\u00e1 ruka s piatimi prstami, \u017eidovsko-arabsk\u00fd ochrann\u00fd symbol, patr\u00ed do rovnakej ochrannej rodiny.\">Hamsa<\/a>, ruka Fatimy alebo chamsa. \u010casto sa zobrazuje s okom uprostred, \u010d\u00edm sa jej ochrann\u00fd \u00fa\u010dinok zdvojn\u00e1sobuje. K tomu pristupuj\u00fa region\u00e1lne \u0161pecifick\u00e9 predmety, ako je taliansky cornicello, zvlnen\u00fd ro\u017eok z koralu alebo zlata, ktor\u00fd sa v ju\u017enom Taliansku nos\u00ed proti malocchio.<\/p><p>V \u017eidovskej \u013eudovej trad\u00edcii sa k tomu prid\u00e1vaj\u00fa \u010derven\u00e9 nite, ktor\u00e9 sa nosia na z\u00e1p\u00e4st\u00ed alebo pripev\u0148uj\u00fa na detsk\u00e9 kol\u00edsky. V juho\u00e1zijskom priestore s\u00fa to \u010dierne bodky z uhlia, ktor\u00e9 matky ma\u013euj\u00fa na \u010delo svojho die\u0165a\u0165a, mal\u00e9 \u00famyseln\u00e9 znetvorenia, ktor\u00e9 maj\u00fa pozorovate\u013eovmu oku odobra\u0165 d\u00f4vod na z\u00e1vis\u0165.<\/p>\t\t\t\t\t\t\t\t<\/div>\n\t\t\t\t<\/div>\n\t\t\t\t\t<\/div>\n\t\t\t\t<\/div>\n\t\t<div class=\"elementor-element elementor-element-azboes7 e-flex e-con-boxed e-con e-parent\" data-id=\"azboes7\" data-element_type=\"container\" data-e-type=\"container\">\n\t\t\t\t\t<div class=\"e-con-inner\">\n\t\t\t\t<div class=\"elementor-element elementor-element-azboes7h elementor-widget elementor-widget-heading\" data-id=\"azboes7h\" data-element_type=\"widget\" data-e-type=\"widget\" data-widget_type=\"heading.default\">\n\t\t\t\t\t<h2 class=\"elementor-heading-title elementor-size-default\">Ikonografia ochrann\u00e9ho oka<\/h2>\t\t\t\t<\/div>\n\t\t<div class=\"elementor-element elementor-element-azboes7b e-con-full e-flex e-con e-parent\" data-id=\"azboes7b\" data-element_type=\"container\" data-e-type=\"container\">\n\t\t\t\t<div class=\"elementor-element elementor-element-azboes7t elementor-widget elementor-widget-text-editor\" data-id=\"azboes7t\" data-element_type=\"widget\" data-e-type=\"widget\" data-widget_type=\"text-editor.default\">\n\t\t\t\t\t\t\t\t\t<p>Nazar boncu\u011fu m\u00e1 vlastn\u00fa obrazov\u00fa re\u010d. Koncentrick\u00e9 kruhy v modrej, svetlomodrej, bielej farbe a \u010dierny bod v strede tvoria oko, ktor\u00e9 odr\u00e1\u017ea poh\u013ead pozorovate\u013ea sp\u00e4\u0165.<\/p><p>Skl\u00e1rske dielne v tureckom meste \u0130zmir a jeho okol\u00ed zdokona\u013eovali t\u00fato formu po st\u00e1ro\u010dia. Podobn\u00e9 okn\u00e9 predmety sa nach\u00e1dzaj\u00fa aj v perzskom, gr\u00e9ckom a arm\u00e9nskom priestore, v\u0161etky vych\u00e1dzaj\u00fa z rovnakej my\u0161lienky apotropaick\u00e9ho zrkadla.<\/p><p>V modernom \u0161perk\u00e1rskom dizajne sa oko stalo univerz\u00e1lnym <span class=\"iwg-fachbegriff\" data-tooltip=\"Opakuj\u00faci sa obsahov\u00fd prvok v umen\u00ed alebo rozpr\u00e1van\u00ed.\" tabindex=\"0\">mot\u00edvom<\/span>, ktor\u00fd sa objavuje v kolekci\u00e1ch od Ameriky a\u017e po Austr\u00e1liu, \u010dasto bez toho, aby ho nositelia poznali v jeho p\u00f4vodnom n\u00e1bo\u017eenskom pozad\u00ed.<\/p>\t\t\t\t\t\t\t\t<\/div>\n\t\t\t\t<\/div>\n\t\t\t\t\t<\/div>\n\t\t\t\t<\/div>\n\t\t<div class=\"elementor-element elementor-element-azboes8 e-flex e-con-boxed e-con e-parent\" data-id=\"azboes8\" data-element_type=\"container\" data-e-type=\"container\">\n\t\t\t\t\t<div class=\"e-con-inner\">\n\t\t\t\t<div class=\"elementor-element elementor-element-azboes8h elementor-widget elementor-widget-heading\" data-id=\"azboes8h\" data-element_type=\"widget\" data-e-type=\"widget\" data-widget_type=\"heading.default\">\n\t\t\t\t\t<h2 class=\"elementor-heading-title elementor-size-default\">Gest\u00e1 obrany<\/h2>\t\t\t\t<\/div>\n\t\t<div class=\"elementor-element elementor-element-azboes8b e-con-full e-flex e-con e-parent\" data-id=\"azboes8b\" data-element_type=\"container\" data-e-type=\"container\">\n\t\t\t\t<div class=\"elementor-element elementor-element-azboes8t elementor-widget elementor-widget-text-editor\" data-id=\"azboes8t\" data-element_type=\"widget\" data-e-type=\"widget\" data-widget_type=\"text-editor.default\">\n\t\t\t\t\t\t\t\t\t<p>Okrem predmetov poznaj\u00fa mnoh\u00e9 kult\u00fary aj obrann\u00e9 gest\u00e1. V juhoeur\u00f3pskom priestore je mano fica p\u00e4st\u02dd so palcom vsunut\u00fdm medzi ukazov\u00e1k a prostredn\u00edk, v ju\u017enom Taliansku sa vyskytuje aj mano cornuta s vystret\u00fdm ukazov\u00e1kom a mal\u00ed\u010dkom a zohnut\u00fdmi prostredn\u00fdmi prstami.<\/p><p>Obe gest\u00e1 sa pova\u017euj\u00fa za ochrann\u00e9 formuly. V \u017eidovskej a islamskej trad\u00edcii je p\u013euvanie, \u010dasto trikr\u00e1t v symbolickom n\u00e1znaku, aktom obrany po nechcenej pochvale. So\u013e na prah dver\u00ed patr\u00ed k stredomorsk\u00fdm aj severoeur\u00f3pskym ochrann\u00fdm gest\u00e1m.<\/p>\t\t\t\t\t\t\t\t<\/div>\n\t\t\t\t<\/div>\n\t\t\t\t\t<\/div>\n\t\t\t\t<\/div>\n\t\t<div class=\"elementor-element elementor-element-azboes9 e-flex e-con-boxed e-con e-parent\" data-id=\"azboes9\" data-element_type=\"container\" data-e-type=\"container\">\n\t\t\t\t\t<div class=\"e-con-inner\">\n\t\t\t\t<div class=\"elementor-element elementor-element-azboes9h elementor-widget elementor-widget-heading\" data-id=\"azboes9h\" data-element_type=\"widget\" data-e-type=\"widget\" data-widget_type=\"heading.default\">\n\t\t\t\t\t<h2 class=\"elementor-heading-title elementor-size-default\">Religionistick\u00e9 zaradenie<\/h2>\t\t\t\t<\/div>\n\t\t<div class=\"elementor-element elementor-element-azboes9b e-con-full e-flex e-con e-parent\" data-id=\"azboes9b\" data-element_type=\"container\" data-e-type=\"container\">\n\t\t\t\t<div class=\"elementor-element elementor-element-azboes9t elementor-widget elementor-widget-text-editor\" data-id=\"azboes9t\" data-element_type=\"widget\" data-e-type=\"widget\" data-widget_type=\"text-editor.default\">\n\t\t\t\t\t\t\t\t\t<p><span data-nosnippet>Vedeck\u00e9 sk\u00famanie zl\u00e9ho poh\u013eadu sa za\u010d\u00edna v 19. storo\u010d\u00ed etnologick\u00fdmi cestopismi, ako ser\u00f3zna oblas\u0165 <span class=\"iwg-fachbegriff\" data-tooltip=\"Tradovan\u00e1 \u013eudov\u00e1 kult\u00fara so zvykmi, rozpr\u00e1vaniami a pies\u0148ami.\" tabindex=\"0\">folkl\u00f3ru<\/span> sa v\u0161ak ust\u00e1lilo a\u017e prostredn\u00edctvom \u0161t\u00fadi\u00ed Alana Dundesa v 80. rokoch 20. storo\u010dia. Jeho zborn\u00edk The Evil Eye, A <span class=\"iwg-fachbegriff\" data-tooltip=\"Tradovan\u00e1 \u013eudov\u00e1 kult\u00fara so zvykmi, rozpr\u00e1vaniami a pies\u0148ami.\" tabindex=\"0\">Folklore<\/span> Casebook z roku 1981 zh\u0155\u0148a tridsa\u0165 \u0161t\u00fadi\u00ed z r\u00f4znych kult\u00farnych okruhov.<\/span><\/p><p>Clarence Maloney priniesol v roku 1976 dielom The Evil Eye rozsiahlu etnologick\u00fa synt\u00e9zu.<\/p><p>John H. Elliott sk\u00famal tento jav v biblickom svete v svojej \u0161tvorzv\u00e4zkovej s\u00e9rii Beware the Evil Eye. Tento v\u00fdskum nezara\u010fuje vieru medzi povery, ale ako koherentn\u00fd kult\u00farny syst\u00e9m, ktor\u00fd pln\u00ed soci\u00e1lne funkcie, predov\u0161etk\u00fdm zvl\u00e1danie z\u00e1visti v spolo\u010denstv\u00e1ch s obmedzen\u00fdmi zdrojmi.<\/p>\t\t\t\t\t\t\t\t<\/div>\n\t\t\t\t<\/div>\n\t\t\t\t\t<\/div>\n\t\t\t\t<\/div>\n\t\t<div class=\"elementor-element elementor-element-azboes10 e-flex e-con-boxed e-con e-parent\" data-id=\"azboes10\" data-element_type=\"container\" data-e-type=\"container\">\n\t\t\t\t\t<div class=\"e-con-inner\">\n\t\t\t\t<div class=\"elementor-element elementor-element-azboes10h elementor-widget elementor-widget-heading\" data-id=\"azboes10h\" data-element_type=\"widget\" data-e-type=\"widget\" data-widget_type=\"heading.default\">\n\t\t\t\t\t<h2 class=\"elementor-heading-title elementor-size-default\">Popkult\u00fara a m\u00f3da<\/h2>\t\t\t\t<\/div>\n\t\t<div class=\"elementor-element elementor-element-azboes10b e-con-full e-flex e-con e-parent\" data-id=\"azboes10b\" data-element_type=\"container\" data-e-type=\"container\">\n\t\t\t\t<div class=\"elementor-element elementor-element-azboes10t elementor-widget elementor-widget-text-editor\" data-id=\"azboes10t\" data-element_type=\"widget\" data-e-type=\"widget\" data-widget_type=\"text-editor.default\">\n\t\t\t\t\t\t\t\t\t<p>Od 10. rokov 21. storo\u010dia je modr\u00e9 oko jedn\u00fdm z naj\u00faspe\u0161nej\u0161\u00edch \u0161perk\u00e1rskych mot\u00edvov v z\u00e1padnom mainstreame. Kim Kardashian ho pravidelne verejne nos\u00ed, Gigi Hadid ho tie\u017e nos\u00ed, mlad\u00e9 zna\u010dky z Istanbulu, At\u00e9n a Tel Avivu ho exportuj\u00fa do cel\u00e9ho svet.<\/p><p>Spojenie medzi m\u00f3dou a p\u00f4vodn\u00fdm ochrann\u00fdm v\u00fdznamom sa pri tom \u010dasto str\u00e1ca, \u010do u niektor\u00fdch kult\u00farnych historikov a z\u00e1stupcov p\u00f4vodn\u00fdch kult\u00far vyvolalo kritiku.<\/p><p>Trend z\u00e1rove\u0148 ukazuje, \u017ee <span class=\"iwg-fachbegriff\" data-tooltip=\"Znak, ktor\u00fd zastupuje predstavu alebo v\u00fdznam.\" tabindex=\"0\">symbol<\/span> m\u00e1 pre modern\u00fdch nosite\u013eov a nosite\u013eky v\u00fdznam, ktor\u00fd presahuje \u010dist\u00fa m\u00f3du. Oko ako pripomienka mo\u017enosti z\u00e1visti a t\u00fa\u017eby po ochrannom geste je zjavne predstava, ktor\u00e1 nemizne ani vo svete formovanom sekul\u00e1rnou vedou.<\/p>\t\t\t\t\t\t\t\t<\/div>\n\t\t\t\t<\/div>\n\t\t\t\t\t<\/div>\n\t\t\t\t<\/div>\n\t\t<div class=\"elementor-element elementor-element-azboes11 e-flex e-con-boxed e-con e-parent\" data-id=\"azboes11\" data-element_type=\"container\" data-e-type=\"container\">\n\t\t\t\t\t<div class=\"e-con-inner\">\n\t\t\t\t<div class=\"elementor-element elementor-element-azboes11h elementor-widget elementor-widget-heading\" data-id=\"azboes11h\" data-element_type=\"widget\" data-e-type=\"widget\" data-widget_type=\"heading.default\">\n\t\t\t\t\t<h2 class=\"elementor-heading-title elementor-size-default\">Zaradenie v lexik\u00f3ne iwell-guard<\/h2>\t\t\t\t<\/div>\n\t\t<div class=\"elementor-element elementor-element-azboes11b e-con-full e-flex e-con e-parent\" data-id=\"azboes11b\" data-element_type=\"container\" data-e-type=\"container\">\n\t\t\t\t<div class=\"elementor-element elementor-element-azboes11t elementor-widget elementor-widget-text-editor\" data-id=\"azboes11t\" data-element_type=\"widget\" data-e-type=\"widget\" data-widget_type=\"text-editor.default\">\n\t\t\t\t\t\t\t\t\t<p>Zl\u00fd poh\u013ead je v lexik\u00f3ne iwell-guard prierezovou polo\u017ekou.<\/p><p>Sp\u00e1ja ochrann\u00e9 predmety z viacer\u00fdch kult\u00far a poskytuje spolo\u010dn\u00e9 funk\u010dn\u00e9 pozadie pre mnoh\u00e9 nosen\u00e9 ochrann\u00e9 predmety, od pr\u00edveskov <a href=\"https:\/\/iwell-guard.com\/sk\/?page_id=157576\" data-tooltip=\"Mezopot\u00e1msky ochrann\u00fd d\u00e9mon, ktor\u00e9ho pr\u00edvesky mali chr\u00e1ni\u0165 tehotn\u00e9 \u017eeny pred Lama\u0161tu.\">Pazuzu<\/a> cez so\u0161ky <a href=\"https:\/\/iwell-guard.com\/sk\/?page_id=157583\" data-tooltip=\"Egyptsk\u00fd ochrann\u00fd boh pre rodiny, deti a tehotn\u00e9 \u017eeny.\">Besa<\/a> a\u017e po <a href=\"https:\/\/iwell-guard.com\/sk\/?page_id=157893\" data-tooltip=\"Ochrann\u00e1 ruka s piatimi prstami, \u017eidovsko-arabsk\u00fd ochrann\u00fd symbol, patr\u00ed do rovnakej ochrannej rodiny.\">Hamsu<\/a> a <a href=\"https:\/\/iwell-guard.com\/sk\/?page_id=157891\" data-tooltip=\"\u017didovsk\u00fd zvitok na dverovom r\u00e1miku, sestersk\u00fd ochrann\u00fd predmet.\">Mezuzu<\/a>. Kto pochop\u00ed zl\u00fd poh\u013ead ako koncept, lep\u0161ie pochop\u00ed aj to, pre\u010do sa tieto ochrann\u00e9 predmety nosili v tak mnoh\u00fdch kult\u00farach po tak dlh\u00fa dobu.<\/p>\t\t\t\t\t\t\t\t<\/div>\n\t\t\t\t<\/div>\n\t\t\t\t\t<\/div>\n\t\t\t\t<\/div>\n\t\t<div class=\"elementor-element elementor-element-azboes12 e-flex e-con-boxed e-con e-parent\" data-id=\"azboes12\" data-element_type=\"container\" data-e-type=\"container\">\n\t\t\t\t\t<div class=\"e-con-inner\">\n\t\t\t\t<div class=\"elementor-element elementor-element-azboes12h elementor-widget elementor-widget-heading\" data-id=\"azboes12h\" data-element_type=\"widget\" data-e-type=\"widget\" data-widget_type=\"heading.default\">\n\t\t\t\t\t<h2 class=\"elementor-heading-title elementor-size-default\">Literat\u00fara a zdroje<\/h2>\t\t\t\t<\/div>\n\t\t<div class=\"elementor-element elementor-element-azboes12b e-con-full e-flex e-con e-parent\" data-id=\"azboes12b\" data-element_type=\"container\" data-e-type=\"container\">\n\t\t\t\t<div class=\"elementor-element elementor-element-azboes12t elementor-widget elementor-widget-text-editor\" data-id=\"azboes12t\" data-element_type=\"widget\" data-e-type=\"widget\" data-widget_type=\"text-editor.default\">\n\t\t\t\t\t\t\t\t\t<footer class=\"iwg-literatura\"><ul><li><span data-nosnippet>Alan Dundes (ed.): The Evil Eye, A <span class=\"iwg-fachbegriff\" data-tooltip=\"Tradovan\u00e1 \u013eudov\u00e1 kult\u00fara so zvykmi, rozpr\u00e1vaniami a pies\u0148ami.\" tabindex=\"0\">Folklore<\/span> Casebook. Garland Publishing, New York 1981.<\/span><\/li><li><span data-nosnippet>Clarence Maloney (ed.): The Evil Eye. Columbia University Press, New York 1976.<\/span><\/li><li><span data-nosnippet>John H. Elliott: Beware the Evil Eye, The Evil Eye in the Bible and the Ancient World. 4 zv\u00e4zky, Cascade Books 2015 a\u017e 2017.<\/span><\/li><li>Plutarchos: Quaestiones Convivales 5,7. Diskusia o sp\u00f4sobe p\u00f4sobenia v obdob\u00ed <span class=\"iwg-fachbegriff\" data-tooltip=\"Epocha gr\u00e9ckej a r\u00edmskej kult\u00fary, pribli\u017ene 800 pred Kr. a\u017e 600 po Kr.\" tabindex=\"0\">antiky<\/span>.<\/li><li>Pl\u00ednius star\u0161\u00ed: Naturalis Historia 7,16. Spr\u00e1vy o po\u0161koden\u00ed o\u010d\u00ed z \u010dias <span class=\"iwg-fachbegriff\" data-tooltip=\"Epocha gr\u00e9ckej a r\u00edmskej kult\u00fary, pribli\u017ene 800 pred Kr. a\u017e 600 po Kr.\" tabindex=\"0\">antiky<\/span>.<\/li><li>Babylonsk\u00fd <span class=\"iwg-fachbegriff\" data-tooltip=\"Hlavn\u00e9 dielo rab\u00ednskeho judaizmu s v\u00fdkladom n\u00e1bo\u017eenskej trad\u00edcie.\" tabindex=\"0\">Talmud<\/span>, Bava Metzia 107b. Rab\u00ednska diskusia o ayin hara.<\/li><li><span data-nosnippet>Edward Westermarck: <span class=\"iwg-fachbegriff\" data-tooltip=\"Ust\u00e1len\u00fd s\u00fabor symbolick\u00fdch \u00fakonov s n\u00e1bo\u017eensk\u00fdm alebo kult\u00farnym v\u00fdznamom.\" tabindex=\"0\">Ritual<\/span> and Belief in Morocco. Macmillan, London 1926. Ran\u00e9 \u0161t\u00fadium o Maghrebe.<\/span><\/li><li><span data-nosnippet>Salim al-Hassani: The Evil Eye in Islamic Tradition. Foundation for Science, Technology and Civilisation 2010.<\/span><\/li><\/ul><p>Extern\u00e9 odkazy pre podrobn\u00fa str\u00e1nku:<\/p><ul><li>Z\u00e1znam JSTOR Dundes 1981<\/li><li>Z\u00e1znam Encyclopaedia Iranica \u201eCheshm-zakhm\u201c k perzsk\u00e9mu v\u00fdrazu<\/li><li>Z\u00e1znam Encyclopaedia Judaica \u201eEvil Eye\u201c<\/li><li>British Museum, zbierka apotropaick\u00fdch o\u010dn\u00fdch amuletov<\/li><li>Mus\u00e9e du Quai Branly Par\u00ed\u017e, zbierka ochrann\u00fdch predmetov zo Stredomoria<\/li><\/ul><\/footer>\t\t\t\t\t\t\t\t<\/div>\n\t\t\t\t<\/div>\n\t\t\t\t\t<\/div>\n\t\t\t\t<\/div>\n\t\t<div class=\"elementor-element elementor-element-azboes13 e-flex e-con-boxed e-con e-parent\" data-id=\"azboes13\" data-element_type=\"container\" data-e-type=\"container\">\n\t\t\t\t\t<div class=\"e-con-inner\">\n\t\t\t\t<div class=\"elementor-element elementor-element-azboes13h elementor-widget elementor-widget-heading\" data-id=\"azboes13h\" data-element_type=\"widget\" data-e-type=\"widget\" data-widget_type=\"heading.default\">\n\t\t\t\t\t<div class=\"elementor-heading-title elementor-size-default\">Disclaimer na konci str\u00e1nky<\/div>\t\t\t\t<\/div>\n\t\t<div class=\"elementor-element elementor-element-azboes13b e-con-full e-flex e-con e-parent\" data-id=\"azboes13b\" data-element_type=\"container\" data-e-type=\"container\">\n\t\t\t\t<div class=\"elementor-element elementor-element-azboes13t elementor-widget elementor-widget-text-editor\" data-id=\"azboes13t\" data-element_type=\"widget\" data-e-type=\"widget\" data-widget_type=\"text-editor.default\">\n\t\t\t\t\t\t\t\t\t<footer data-nosnippet=\"true\" class=\"iwg-disclaimer-block\"><p data-nosnippet=\"true\">Obsah na tejto str\u00e1nke predstavuje religionistick\u00e9 a kult\u00farno-historick\u00e9 zaradenie. iwell-guard nie je zdravotn\u00edcka pom\u00f4cka a nenahr\u00e1dza lek\u00e1rske ani psychoterapeutick\u00e9 o\u0161etrenie. Osobn\u00e9 vn\u00edmanie sa m\u00f4\u017ee l\u00ed\u0161i\u0165. \u017diadny pr\u00eds\u013eub uzdravenia.<\/p><\/footer>\t\t\t\t\t\t\t\t<\/div>\n\t\t\t\t<\/div>\n\t\t\t\t\t<\/div>\n\t\t\t\t<\/div>\n\t\t<div class=\"elementor-element elementor-element-azboecta e-flex e-con-boxed e-con e-parent\" data-id=\"azboecta\" data-element_type=\"container\" data-e-type=\"container\">\n\t\t\t\t\t<div class=\"e-con-inner\">\n\t\t\t\t<div class=\"elementor-element elementor-element-azboectab elementor-align-center elementor-widget elementor-widget-button\" data-id=\"azboectab\" data-element_type=\"widget\" data-e-type=\"widget\" data-widget_type=\"button.default\">\n\t\t\t\t\t\t\t\t\t\t<a class=\"elementor-button elementor-button-link elementor-size-md\" href=\"\/ueber-iwell-guard\/\">\n\t\t\t\t\t\t<span class=\"elementor-button-content-wrapper\">\n\t\t\t\t\t\t\t\t\t<span class=\"elementor-button-text\">Viac o iWell Guard<\/span>\n\t\t\t\t\t<\/span>\n\t\t\t\t\t<\/a>\n\t\t\t\t\t\t\t\t<\/div>\n\t\t\t\t\t<\/div>\n\t\t\t\t<\/div>\n\t\t<div class=\"elementor-element elementor-element-iwgkw-add-boeserblick e-flex e-con-boxed e-con e-parent\" data-id=\"iwgkw-add-boeserblick\" data-element_type=\"container\" data-e-type=\"container\">\n\t\t\t\t\t<div class=\"e-con-inner\">\n\t\t\t\t<div class=\"elementor-element elementor-element-iwgkw-add-boeserblick-t elementor-widget elementor-widget-text-editor\" data-id=\"iwgkw-add-boeserblick-t\" data-element_type=\"widget\" data-e-type=\"widget\" data-widget_type=\"text-editor.default\">\n\t\t\t\t\t\t\t\t\t<p>Porovnanie v\u00fdrazov <em>ayin hara<\/em>, <em>mati<\/em>, <em>malocchio<\/em> a <em>nazar<\/em> ukazuje, \u017ee <span class=\"iwg-fachbegriff\" data-tooltip=\"Roz\u0161\u00edren\u00e1 predstava, \u017ee z\u00e1vistliv\u00fd poh\u013ead inej osoby m\u00f4\u017ee sp\u00f4sobi\u0165 \u0161kodu.\" tabindex=\"0\">zl\u00e9 oko<\/span> nie je izolovanou predstavou jednej kult\u00fary, ale v\u00fdkladov\u00fdm modelom pre z\u00e1vis\u0165, \u0161kodu a ne\u0161\u0165astie, roz\u0161\u00edren\u00fdm v oblasti Stredomoria, Bl\u00edzkeho v\u00fdchodu a ju\u017enej Eur\u00f3py.<\/p><p>Porovnanie odha\u013euje rozdielne ochrann\u00e9 praktiky, formy <span class=\"iwg-fachbegriff\" data-tooltip=\"Nosen\u00fd predmet, ktor\u00e9mu sa pripisuje ochrann\u00fd, ne\u0161\u0165astie odvracaj\u00faci \u00fa\u010dinok.\" tabindex=\"0\">amuletu<\/span> a ritu\u00e1lne protiopatrenia, ktor\u00e9 s\u00fa v\u017edy zakotven\u00e9 v n\u00e1bo\u017eensk\u00fdch a jazykov\u00fdch dejin\u00e1ch pr\u00edslu\u0161nej kult\u00fary.<\/p>\t\t\t\t\t\t\t\t<\/div>\n\t\t\t\t\t<\/div>\n\t\t\t\t<\/div>\n\t\t\t\t<\/div>\n\t\t","protected":false},"excerpt":{"rendered":"","protected":false},"author":3,"featured_media":2472,"parent":0,"menu_order":0,"comment_status":"closed","ping_status":"closed","template":"elementor_header_footer","meta":{"_yoast_wpseo_focuskw":"zl\u00e9 oko","_yoast_wpseo_title":"Zl\u00e9 oko, ayin hara, mati, malocchio, nazar","_yoast_wpseo_metadesc":"Zl\u00e9 oko je jednou z najstar\u0161\u00edch a najroz\u0161\u00edrenej\u0161\u00edch predst\u00e1v o \u0161kodlivom p\u00f4soben\u00ed. Hist\u00f3ria, ochrann\u00e9 predmety","_yoast_wpseo_meta-robots-noindex":"","_yoast_wpseo_canonical":"","_angie_page":false,"gefaehrdungsstufe":"","wesen_kultur":"","wesen_klasse":"","footnotes":""},"categories":[],"class_list":["post-157892","page","type-page","status-publish","has-post-thumbnail","hentry"],"yoast_head":"<!-- This site is optimized with the Yoast SEO Premium plugin v27.7 (Yoast SEO v28.3) - https:\/\/yoast.com\/product\/yoast-seo-premium-wordpress\/ -->\n<title>Zl\u00e9 oko, ayin hara, mati, malocchio, nazar<\/title>\n<meta name=\"description\" content=\"Zl\u00e9 oko je jednou z najstar\u0161\u00edch a najroz\u0161\u00edrenej\u0161\u00edch predst\u00e1v o \u0161kodlivom p\u00f4soben\u00ed. Hist\u00f3ria, ochrann\u00e9 predmety\" \/>\n<meta name=\"robots\" content=\"index, follow, max-snippet:-1, max-image-preview:large, max-video-preview:-1\" \/>\n<link rel=\"canonical\" href=\"https:\/\/iwell-guard.com\/sk\/zle-oko\/\" \/>\n<meta property=\"og:locale\" content=\"sk_SK\" \/>\n<meta property=\"og:type\" content=\"article\" \/>\n<meta property=\"og:title\" content=\"Zl\u00e9 oko\" \/>\n<meta property=\"og:description\" content=\"Zl\u00e9 oko je jednou z najstar\u0161\u00edch a najroz\u0161\u00edrenej\u0161\u00edch predst\u00e1v o \u0161kodlivom p\u00f4soben\u00ed. Hist\u00f3ria, ochrann\u00e9 predmety\" \/>\n<meta property=\"og:url\" content=\"https:\/\/iwell-guard.com\/sk\/zle-oko\/\" \/>\n<meta property=\"og:site_name\" content=\"iWell Guard\" \/>\n<meta property=\"article:modified_time\" content=\"2026-09-04T22:45:11+00:00\" \/>\n<meta property=\"og:image\" content=\"https:\/\/iwell-guard.com\/wp-content\/uploads\/2026\/05\/schutzsymbol_mediterran_boeser-blick.webp\" \/>\n\t<meta property=\"og:image:width\" content=\"1024\" \/>\n\t<meta property=\"og:image:height\" content=\"1536\" \/>\n\t<meta property=\"og:image:type\" content=\"image\/webp\" \/>\n<meta name=\"twitter:card\" content=\"summary_large_image\" \/>\n<script type=\"application\/ld+json\" class=\"yoast-schema-graph\">{\"@context\":\"https:\\\/\\\/schema.org\",\"@graph\":[{\"@type\":\"WebPage\",\"@id\":\"https:\\\/\\\/iwell-guard.com\\\/sk\\\/zle-oko\\\/\",\"url\":\"https:\\\/\\\/iwell-guard.com\\\/sk\\\/zle-oko\\\/\",\"name\":\"Zl\u00e9 oko, ayin hara, mati, malocchio, nazar\",\"isPartOf\":{\"@id\":\"https:\\\/\\\/iwell-guard.com\\\/sk\\\/#website\"},\"primaryImageOfPage\":{\"@id\":\"https:\\\/\\\/iwell-guard.com\\\/sk\\\/zle-oko\\\/#primaryimage\"},\"image\":{\"@id\":\"https:\\\/\\\/iwell-guard.com\\\/sk\\\/zle-oko\\\/#primaryimage\"},\"thumbnailUrl\":\"https:\\\/\\\/iwell-guard.com\\\/wp-content\\\/uploads\\\/2026\\\/05\\\/schutzsymbol_mediterran_boeser-blick.webp\",\"datePublished\":\"2026-09-04T22:19:05+00:00\",\"dateModified\":\"2026-09-04T22:45:11+00:00\",\"description\":\"Zl\u00e9 oko je jednou z najstar\u0161\u00edch a najroz\u0161\u00edrenej\u0161\u00edch predst\u00e1v o \u0161kodlivom p\u00f4soben\u00ed. Hist\u00f3ria, ochrann\u00e9 predmety\",\"breadcrumb\":{\"@id\":\"https:\\\/\\\/iwell-guard.com\\\/sk\\\/zle-oko\\\/#breadcrumb\"},\"inLanguage\":\"sk-SK\",\"potentialAction\":[{\"@type\":\"ReadAction\",\"target\":[\"https:\\\/\\\/iwell-guard.com\\\/sk\\\/zle-oko\\\/\"]}]},{\"@type\":\"ImageObject\",\"inLanguage\":\"sk-SK\",\"@id\":\"https:\\\/\\\/iwell-guard.com\\\/sk\\\/zle-oko\\\/#primaryimage\",\"url\":\"https:\\\/\\\/iwell-guard.com\\\/wp-content\\\/uploads\\\/2026\\\/05\\\/schutzsymbol_mediterran_boeser-blick.webp\",\"contentUrl\":\"https:\\\/\\\/iwell-guard.com\\\/wp-content\\\/uploads\\\/2026\\\/05\\\/schutzsymbol_mediterran_boeser-blick.webp\",\"width\":1024,\"height\":1536,\"caption\":\"Tri tradi\u010dn\u00e9 tureck\u00e9 ochrann\u00e9 o\u010di nazar boncu\u011fu z modr\u00e9ho skla s koncentrick\u00fdmi kruhmi na tmavom pozad\u00ed\"},{\"@type\":\"BreadcrumbList\",\"@id\":\"https:\\\/\\\/iwell-guard.com\\\/sk\\\/zle-oko\\\/#breadcrumb\",\"itemListElement\":[{\"@type\":\"ListItem\",\"position\":1,\"name\":\"Start\",\"item\":\"https:\\\/\\\/iwell-guard.com\\\/sk\\\/?page_id=157572\"},{\"@type\":\"ListItem\",\"position\":2,\"name\":\"Zl\u00e9 oko\"}]},{\"@type\":\"WebSite\",\"@id\":\"https:\\\/\\\/iwell-guard.com\\\/sk\\\/#website\",\"url\":\"https:\\\/\\\/iwell-guard.com\\\/sk\\\/\",\"name\":\"iWell Guard\",\"description\":\"Schutz vor dunklen Einfl\u00fcssen\",\"publisher\":{\"@id\":\"https:\\\/\\\/iwell-guard.com\\\/sk\\\/#organization\"},\"potentialAction\":[{\"@type\":\"SearchAction\",\"target\":{\"@type\":\"EntryPoint\",\"urlTemplate\":\"https:\\\/\\\/iwell-guard.com\\\/sk\\\/?s={search_term_string}\"},\"query-input\":{\"@type\":\"PropertyValueSpecification\",\"valueRequired\":true,\"valueName\":\"search_term_string\"}}],\"inLanguage\":\"sk-SK\"},{\"@type\":\"Organization\",\"@id\":\"https:\\\/\\\/iwell-guard.com\\\/sk\\\/#organization\",\"name\":\"Ittermann electronic GmbH\",\"url\":\"https:\\\/\\\/iwell-guard.com\\\/sk\\\/\",\"logo\":{\"@type\":\"ImageObject\",\"inLanguage\":\"sk-SK\",\"@id\":\"https:\\\/\\\/iwell-guard.com\\\/sk\\\/#\\\/schema\\\/logo\\\/image\\\/\",\"url\":\"https:\\\/\\\/iwell-guard.com\\\/wp-content\\\/uploads\\\/2026\\\/05\\\/Ittermann-Logo-1182x237-1.png\",\"contentUrl\":\"https:\\\/\\\/iwell-guard.com\\\/wp-content\\\/uploads\\\/2026\\\/05\\\/Ittermann-Logo-1182x237-1.png\",\"width\":1182,\"height\":237,\"caption\":\"Ittermann electronic GmbH\"},\"image\":{\"@id\":\"https:\\\/\\\/iwell-guard.com\\\/sk\\\/#\\\/schema\\\/logo\\\/image\\\/\"},\"sameAs\":[\"https:\\\/\\\/pantip.com\\\/profile\\\/9367242\",\"https:\\\/\\\/micro.blog\\\/iwellguard\",\"https:\\\/\\\/www.diggerslist.com\\\/iwellguard\\\/about\",\"https:\\\/\\\/skitterphoto.com\\\/photographers\\\/2870314\\\/iwell-guard\",\"https:\\\/\\\/iwellguard.wordpress.com\\\/2026\\\/06\\\/06\\\/iwell-guard\\\/\",\"https:\\\/\\\/hub.docker.com\\\/u\\\/iwellguard\",\"https:\\\/\\\/www.pinterest.com\\\/iwellguard\\\/\",\"https:\\\/\\\/bit.ly\\\/m\\\/iwellguard\",\"https:\\\/\\\/entre-vos-mains.alsace.eu\\\/profiles\\\/iwellguard\\\/activity\",\"https:\\\/\\\/gravatar.com\\\/reallybeded8fd34\",\"https:\\\/\\\/naijamatta.com\\\/iwellguard\",\"https:\\\/\\\/www.goodreads.com\\\/iwellguard\",\"https:\\\/\\\/profile.hatena.ne.jp\\\/iwellguard\\\/\",\"https:\\\/\\\/experiment.com\\\/users\\\/iwellguard\",\"https:\\\/\\\/wakelet.com\\\/@iWellGuard82270\",\"https:\\\/\\\/www.chordie.com\\\/forum\\\/profile.php?id=2555664\",\"https:\\\/\\\/www.instapaper.com\\\/p\\\/17757966\",\"https:\\\/\\\/www.mapleprimes.com\\\/users\\\/iwellguard\",\"https:\\\/\\\/businesslistingplus.com\\\/profile\\\/iwell-guard\\\/\",\"https:\\\/\\\/telegra.ph\\\/iWell-Guard-06-06\",\"https:\\\/\\\/pbase.com\\\/iwellguard\\\/iwellguard\",\"https:\\\/\\\/b.hatena.ne.jp\\\/iwellguard\\\/20260607#bookmark-4788405196491818882\",\"https:\\\/\\\/fliphtml5.com\\\/home\\\/iwellguard\",\"https:\\\/\\\/anyflip.com\\\/homepage\\\/cmiwl#About\",\"https:\\\/\\\/transfur.com\\\/Users\\\/iwellguard\",\"http:\\\/\\\/delphi.larsbo.org\\\/user\\\/iwellguard\",\"https:\\\/\\\/jobs.lajobsportal.org\\\/profiles\\\/8380803-iwell-guard\",\"https:\\\/\\\/md.chaosdorf.de\\\/s\\\/jfbe5SBdJD\",\"https:\\\/\\\/www.lingvolive.com\\\/en-us\\\/profile\\\/9ecaeaca-ce11-4e51-9e71-01d55e2bff36\\\/translations\",\"https:\\\/\\\/www.fitday.com\\\/fitness\\\/forums\\\/members\\\/iwellguard.html\",\"https:\\\/\\\/www.mymeetbook.com\\\/iwellguard\",\"https:\\\/\\\/pxhere.com\\\/en\\\/photographer-me\\\/5040798\",\"https:\\\/\\\/disqus.com\\\/by\\\/iwellguard\\\/about\\\/\",\"https:\\\/\\\/pastelink.net\\\/hjwciqwq\",\"https:\\\/\\\/pubhtml5.com\\\/homepage\\\/scjhn\\\/\",\"https:\\\/\\\/www.bitchute.com\\\/channel\\\/2O2eOKzNqujT\",\"https:\\\/\\\/audiomack.com\\\/iwellguard\"]}]}<\/script>\n<!-- \/ Yoast SEO Premium plugin. -->","yoast_head_json":{"title":"Zl\u00e9 oko, ayin hara, mati, malocchio, nazar","description":"Zl\u00e9 oko je jednou z najstar\u0161\u00edch a najroz\u0161\u00edrenej\u0161\u00edch predst\u00e1v o \u0161kodlivom p\u00f4soben\u00ed. Hist\u00f3ria, ochrann\u00e9 predmety","robots":{"index":"index","follow":"follow","max-snippet":"max-snippet:-1","max-image-preview":"max-image-preview:large","max-video-preview":"max-video-preview:-1"},"canonical":"https:\/\/iwell-guard.com\/sk\/zle-oko\/","og_locale":"sk_SK","og_type":"article","og_title":"Zl\u00e9 oko","og_description":"Zl\u00e9 oko je jednou z najstar\u0161\u00edch a najroz\u0161\u00edrenej\u0161\u00edch predst\u00e1v o \u0161kodlivom p\u00f4soben\u00ed. Hist\u00f3ria, ochrann\u00e9 predmety","og_url":"https:\/\/iwell-guard.com\/sk\/zle-oko\/","og_site_name":"iWell Guard","article_modified_time":"2026-09-04T22:45:11+00:00","og_image":[{"width":1024,"height":1536,"url":"https:\/\/iwell-guard.com\/wp-content\/uploads\/2026\/05\/schutzsymbol_mediterran_boeser-blick.webp","type":"image\/webp"}],"twitter_card":"summary_large_image","schema":{"@context":"https:\/\/schema.org","@graph":[{"@type":"WebPage","@id":"https:\/\/iwell-guard.com\/sk\/zle-oko\/","url":"https:\/\/iwell-guard.com\/sk\/zle-oko\/","name":"Zl\u00e9 oko, ayin hara, mati, malocchio, nazar","isPartOf":{"@id":"https:\/\/iwell-guard.com\/sk\/#website"},"primaryImageOfPage":{"@id":"https:\/\/iwell-guard.com\/sk\/zle-oko\/#primaryimage"},"image":{"@id":"https:\/\/iwell-guard.com\/sk\/zle-oko\/#primaryimage"},"thumbnailUrl":"https:\/\/iwell-guard.com\/wp-content\/uploads\/2026\/05\/schutzsymbol_mediterran_boeser-blick.webp","datePublished":"2026-09-04T22:19:05+00:00","dateModified":"2026-09-04T22:45:11+00:00","description":"Zl\u00e9 oko je jednou z najstar\u0161\u00edch a najroz\u0161\u00edrenej\u0161\u00edch predst\u00e1v o \u0161kodlivom p\u00f4soben\u00ed. Hist\u00f3ria, ochrann\u00e9 predmety","breadcrumb":{"@id":"https:\/\/iwell-guard.com\/sk\/zle-oko\/#breadcrumb"},"inLanguage":"sk-SK","potentialAction":[{"@type":"ReadAction","target":["https:\/\/iwell-guard.com\/sk\/zle-oko\/"]}]},{"@type":"ImageObject","inLanguage":"sk-SK","@id":"https:\/\/iwell-guard.com\/sk\/zle-oko\/#primaryimage","url":"https:\/\/iwell-guard.com\/wp-content\/uploads\/2026\/05\/schutzsymbol_mediterran_boeser-blick.webp","contentUrl":"https:\/\/iwell-guard.com\/wp-content\/uploads\/2026\/05\/schutzsymbol_mediterran_boeser-blick.webp","width":1024,"height":1536,"caption":"Tri tradi\u010dn\u00e9 tureck\u00e9 ochrann\u00e9 o\u010di nazar boncu\u011fu z modr\u00e9ho skla s koncentrick\u00fdmi kruhmi na tmavom pozad\u00ed"},{"@type":"BreadcrumbList","@id":"https:\/\/iwell-guard.com\/sk\/zle-oko\/#breadcrumb","itemListElement":[{"@type":"ListItem","position":1,"name":"Start","item":"https:\/\/iwell-guard.com\/sk\/?page_id=157572"},{"@type":"ListItem","position":2,"name":"Zl\u00e9 oko"}]},{"@type":"WebSite","@id":"https:\/\/iwell-guard.com\/sk\/#website","url":"https:\/\/iwell-guard.com\/sk\/","name":"iWell Guard","description":"Schutz vor dunklen Einfl\u00fcssen","publisher":{"@id":"https:\/\/iwell-guard.com\/sk\/#organization"},"potentialAction":[{"@type":"SearchAction","target":{"@type":"EntryPoint","urlTemplate":"https:\/\/iwell-guard.com\/sk\/?s={search_term_string}"},"query-input":{"@type":"PropertyValueSpecification","valueRequired":true,"valueName":"search_term_string"}}],"inLanguage":"sk-SK"},{"@type":"Organization","@id":"https:\/\/iwell-guard.com\/sk\/#organization","name":"Ittermann electronic GmbH","url":"https:\/\/iwell-guard.com\/sk\/","logo":{"@type":"ImageObject","inLanguage":"sk-SK","@id":"https:\/\/iwell-guard.com\/sk\/#\/schema\/logo\/image\/","url":"https:\/\/iwell-guard.com\/wp-content\/uploads\/2026\/05\/Ittermann-Logo-1182x237-1.png","contentUrl":"https:\/\/iwell-guard.com\/wp-content\/uploads\/2026\/05\/Ittermann-Logo-1182x237-1.png","width":1182,"height":237,"caption":"Ittermann electronic GmbH"},"image":{"@id":"https:\/\/iwell-guard.com\/sk\/#\/schema\/logo\/image\/"},"sameAs":["https:\/\/pantip.com\/profile\/9367242","https:\/\/micro.blog\/iwellguard","https:\/\/www.diggerslist.com\/iwellguard\/about","https:\/\/skitterphoto.com\/photographers\/2870314\/iwell-guard","https:\/\/iwellguard.wordpress.com\/2026\/06\/06\/iwell-guard\/","https:\/\/hub.docker.com\/u\/iwellguard","https:\/\/www.pinterest.com\/iwellguard\/","https:\/\/bit.ly\/m\/iwellguard","https:\/\/entre-vos-mains.alsace.eu\/profiles\/iwellguard\/activity","https:\/\/gravatar.com\/reallybeded8fd34","https:\/\/naijamatta.com\/iwellguard","https:\/\/www.goodreads.com\/iwellguard","https:\/\/profile.hatena.ne.jp\/iwellguard\/","https:\/\/experiment.com\/users\/iwellguard","https:\/\/wakelet.com\/@iWellGuard82270","https:\/\/www.chordie.com\/forum\/profile.php?id=2555664","https:\/\/www.instapaper.com\/p\/17757966","https:\/\/www.mapleprimes.com\/users\/iwellguard","https:\/\/businesslistingplus.com\/profile\/iwell-guard\/","https:\/\/telegra.ph\/iWell-Guard-06-06","https:\/\/pbase.com\/iwellguard\/iwellguard","https:\/\/b.hatena.ne.jp\/iwellguard\/20260607#bookmark-4788405196491818882","https:\/\/fliphtml5.com\/home\/iwellguard","https:\/\/anyflip.com\/homepage\/cmiwl#About","https:\/\/transfur.com\/Users\/iwellguard","http:\/\/delphi.larsbo.org\/user\/iwellguard","https:\/\/jobs.lajobsportal.org\/profiles\/8380803-iwell-guard","https:\/\/md.chaosdorf.de\/s\/jfbe5SBdJD","https:\/\/www.lingvolive.com\/en-us\/profile\/9ecaeaca-ce11-4e51-9e71-01d55e2bff36\/translations","https:\/\/www.fitday.com\/fitness\/forums\/members\/iwellguard.html","https:\/\/www.mymeetbook.com\/iwellguard","https:\/\/pxhere.com\/en\/photographer-me\/5040798","https:\/\/disqus.com\/by\/iwellguard\/about\/","https:\/\/pastelink.net\/hjwciqwq","https:\/\/pubhtml5.com\/homepage\/scjhn\/","https:\/\/www.bitchute.com\/channel\/2O2eOKzNqujT","https:\/\/audiomack.com\/iwellguard"]}]}},"_links":{"self":[{"href":"https:\/\/iwell-guard.com\/sk\/wp-json\/wp\/v2\/pages\/157892","targetHints":{"allow":["GET"]}}],"collection":[{"href":"https:\/\/iwell-guard.com\/sk\/wp-json\/wp\/v2\/pages"}],"about":[{"href":"https:\/\/iwell-guard.com\/sk\/wp-json\/wp\/v2\/types\/page"}],"author":[{"embeddable":true,"href":"https:\/\/iwell-guard.com\/sk\/wp-json\/wp\/v2\/users\/3"}],"replies":[{"embeddable":true,"href":"https:\/\/iwell-guard.com\/sk\/wp-json\/wp\/v2\/comments?post=157892"}],"version-history":[{"count":0,"href":"https:\/\/iwell-guard.com\/sk\/wp-json\/wp\/v2\/pages\/157892\/revisions"}],"wp:featuredmedia":[{"embeddable":true,"href":"https:\/\/iwell-guard.com\/sk\/wp-json\/wp\/v2\/media\/2472"}],"wp:attachment":[{"href":"https:\/\/iwell-guard.com\/sk\/wp-json\/wp\/v2\/media?parent=157892"}],"wp:term":[{"taxonomy":"category","embeddable":true,"href":"https:\/\/iwell-guard.com\/sk\/wp-json\/wp\/v2\/categories?post=157892"}],"curies":[{"name":"wp","href":"https:\/\/api.w.org\/{rel}","templated":true}]}}