{"id":157886,"date":"2026-09-04T22:18:58","date_gmt":"2026-09-04T22:18:58","guid":{"rendered":"https:\/\/iwell-guard.com\/?page_id=157886"},"modified":"2026-09-04T22:44:57","modified_gmt":"2026-09-04T22:44:57","slug":"eter","status":"publish","type":"page","link":"https:\/\/iwell-guard.com\/sk\/eter\/","title":{"rendered":"\u00c9ter"},"content":{"rendered":"\t\t<div data-elementor-type=\"wp-page\" data-elementor-id=\"157886\" class=\"elementor elementor-157886 elementor-2454 elementor-bc-flex-widget\" data-elementor-post-type=\"page\">\n\t\t\t\t<div class=\"elementor-element elementor-element-hero44b488a e-flex e-con-boxed e-con e-parent\" data-id=\"hero44b488a\" data-element_type=\"container\" data-e-type=\"container\">\n\t\t\t\t\t<div class=\"e-con-inner\">\n\t\t\t\t<div class=\"elementor-element elementor-element-heroimga0b2f85 iwg-hero-image elementor-widget elementor-widget-image\" data-id=\"heroimga0b2f85\" data-element_type=\"widget\" data-e-type=\"widget\" data-widget_type=\"image.default\">\n\t\t\t\t\t\t\t\t\t\t\t\t\t\t\t<img fetchpriority=\"high\" decoding=\"async\" width=\"683\" height=\"1024\" src=\"https:\/\/iwell-guard.com\/wp-content\/uploads\/2026\/05\/praktiken_aether-683x1024.webp\" class=\"attachment-large size-large wp-image-159635\" alt=\"Aether \u2013 ilustr\u00e1cia praktiky Aether v historicko-m\u00fazejno-dokument\u00e1rnom \u0161t\u00fdle\" srcset=\"https:\/\/iwell-guard.com\/wp-content\/uploads\/2026\/05\/praktiken_aether-683x1024.webp 683w, https:\/\/iwell-guard.com\/wp-content\/uploads\/2026\/05\/praktiken_aether-200x300.webp 200w, https:\/\/iwell-guard.com\/wp-content\/uploads\/2026\/05\/praktiken_aether-768x1152.webp 768w, https:\/\/iwell-guard.com\/wp-content\/uploads\/2026\/05\/praktiken_aether.webp 1024w\" sizes=\"(max-width: 683px) 100vw, 683px\" \/>\t\t\t\t\t\t\t\t\t\t\t\t\t\t\t<\/div>\n\t\t\t\t\t<\/div>\n\t\t\t\t<\/div>\n\t\t\t\t<section class=\"elementor-section elementor-top-section elementor-element elementor-element-sec-aether elementor-section-boxed elementor-section-height-default elementor-section-height-default\" data-id=\"sec-aether\" data-element_type=\"section\" data-e-type=\"section\" id=\"sec-aether\">\n\t\t\t\t\t\t<div class=\"elementor-container elementor-column-gap-default\">\n\t\t\t\t\t<div class=\"elementor-column elementor-col-100 elementor-top-column elementor-element elementor-element-col-aether\" data-id=\"col-aether\" data-element_type=\"column\" data-e-type=\"column\" id=\"col-aether\">\n\t\t\t<div class=\"elementor-widget-wrap elementor-element-populated\">\n\t\t\t\t\t\t<div class=\"elementor-element elementor-element-wh-aether elementor-widget elementor-widget-heading\" data-id=\"wh-aether\" data-element_type=\"widget\" data-e-type=\"widget\" id=\"h1-aether\" data-widget_type=\"heading.default\">\n\t\t\t\t\t<h1 class=\"elementor-heading-title elementor-size-default\">\u00c9ter, jemn\u00e9 nosn\u00e9 m\u00e9dium staroveku a novoveku<\/h1>\t\t\t\t<\/div>\n\t\t\t\t<div class=\"elementor-element elementor-element-we-aether elementor-widget elementor-widget-text-editor\" data-id=\"we-aether\" data-element_type=\"widget\" data-e-type=\"widget\" data-widget_type=\"text-editor.default\">\n\t\t\t\t\t\t\t\t\t<p class=\"iwg-lead\"><strong>\u00c9ter<\/strong> ozna\u010duje v antickej pr\u00edrodnej filozofii jemn\u00e9 nosn\u00e9 m\u00e9dium, ktor\u00e9 vypl\u0148uje priestory medzi hrub\u00fdmi elementmi a ch\u00e1pe sa ako spojivo medzi hmotnou a duchovnou \u00farov\u0148ou skuto\u010dnosti. Pojem tvor\u00ed spojnicu od Aristotela cez stoikov a novoplatonikov a\u017e po novovek a kon\u010d\u00ed v modernej <span class=\"iwg-fachbegriff\" data-tooltip=\"S\u00faborn\u00e9 ozna\u010denie pre u\u010denia, ktor\u00e9 si n\u00e1rokuj\u00fa skryt\u00e9 poznanie pr\u00edstupn\u00e9 len zasv\u00e4ten\u00fdm.\" tabindex=\"0\">ezoterike<\/span>.<\/p>\n<h2 id=\"aristoteles\">Aristotelovsk\u00e9 korene<\/h2>\n<p>Aristoteles v diele <em>De caelo<\/em> (O nebi, 4. stor. pred n. l.) prid\u00e1va k \u0161tyrom podmesa\u010dn\u00fdm elementom, zemi, vode, vzduchu a oh\u0148u, piaty: \u00e9ter alebo <em>quinta essentia<\/em>. Ten sa nepohybuje priamo\u010diaro ako pozemsk\u00e9 elementy, ale kruhovo, a je preto z\u00e1kladnou l\u00e1tkou nebesk\u00fdch sf\u00e9r, hviezd a plan\u00e9t.<\/p><p>T\u00e1to n\u00e1uka formuje stredovek\u00fd obraz svet a\u017e do \u010dias Kopernika a poskytuje pojmov\u00fd z\u00e1klad pre v\u0161etky neskor\u0161ie diskusie o vz\u0165ahu hmoty a <span class=\"iwg-fachbegriff\" data-tooltip=\"Netelesn\u00e1 bytos\u0165, ktorej sa pripisuje p\u00f4sobenie vo svete.\" tabindex=\"0\">duchovnej podstaty<\/span>.<\/p>\n<h2 id=\"stoa\">Stoici a novoplatonici<\/h2>\n<p>Stoa identifikuje \u00e9ter s pneumou, najjemnej\u0161ou a najviac prenikaj\u00facou zo v\u0161etk\u00fdch l\u00e1tok, ktor\u00e1 sp\u00e1ja kozmos v podobe <em>sympatheia<\/em>.<\/p><p>Novoplatonizmus t\u00fato my\u0161lienku radikalizuje: Plotin a Proklos ch\u00e1pu \u00e9ter ako horn\u00e9 sveteln\u00e9 m\u00e9dium, ktor\u00fdm du\u0161a na svojej ceste z hmotn\u00e9ho svetla st\u00fapa sp\u00e4\u0165 k Jedn\u00e9mu. U Iamblicha sa \u00e9ter st\u00e1va preferovan\u00fdm priestorom rezonancie teurgickej praxe, bohovia sa neoslovuj\u00fa v kameni, ale v \u00e9terickom pr\u00fade.<\/p>\n<h2 id=\"frueneuzeit\">Novovek\u00e1 fyzika a kartezianizmus<\/h2>\n<p>Ren\u00e9 Descartes prevzal \u00e9ter ako nosi\u010d res extensa svojej v\u00edrovej fyziky. Newton sa cel\u00fd \u017eivot z\u00e1pasil s ot\u00e1zkou, \u010di je svetlo pren\u00e1\u0161an\u00e9 \u00e9terick\u00fdm m\u00e9diom, alebo m\u00f4\u017ee existova\u0165 bez nosnej l\u00e1tky.<\/p><p>V Newtonovej <em>Optike<\/em> sa \u00e9ter objavuje ako hypotetick\u00fd substr\u00e1t \u0161\u00edrenia svetla, ktor\u00fd mal pren\u00e1\u0161a\u0165 aj gravit\u00e1ciu. A\u017e do 19. storo\u010dia je sveteln\u00fd \u00e9ter samozrejmou s\u00fa\u010das\u0165ou pr\u00edrodovedn\u00e9ho teoretizovania.<\/p>\n<h2 id=\"michelson\">Dejiny vedy: Michelson-Morley a koniec \u00e9teru<\/h2>\n<p>Experiment Alberta Michelsona a Edwarda Morleyho (1887) mal zmera\u0165 pohyb Zeme vo\u010di nehybn\u00e9mu sveteln\u00e9mu \u00e9teru, \u017eiadny efekt sa v\u0161ak nezistil. So \u0161peci\u00e1lnou te\u00f3riou relativity Einsteina (1905) sa \u00e9ter ako fyzik\u00e1lna hypot\u00e9za st\u00e1va zbyto\u010dn\u00fdm.<\/p><p>Slovo z fyziky mizne, ale vracia sa ako metafora a v ezoterick\u00fdch kontextoch: u Teslu, v teozofii, v antropozofii Rudolfa Steinera.<\/p>\n<h2 id=\"theosophie\">Teozofia a modern\u00e1 <span class=\"iwg-fachbegriff\" data-tooltip=\"S\u00faborn\u00e9 ozna\u010denie pre u\u010denia, ktor\u00e9 si n\u00e1rokuj\u00fa skryt\u00e9 poznanie pr\u00edstupn\u00e9 len zasv\u00e4ten\u00fdm.\" tabindex=\"0\">ezoterika<\/span><\/h2>\n<p>Helena Blavatsk\u00e1 ozna\u010duje v <em>Tajnej doktr\u00edne<\/em> \u00e9ter ako <em>Ak\u00e1\u0161a<\/em>, v\u0161eprenikaj\u00face, nehmotn\u00e9 nosn\u00e9 m\u00e9dium v\u0161etkej pam\u00e4ti a st\u00f4p vedomia. Tento v\u00fdklad sp\u00e1ja <span class=\"iwg-fachbegriff\" data-tooltip=\"Epocha gr\u00e9ckej a r\u00edmskej kult\u00fary, pribli\u017ene od 800 pred n. l. do 600 n. l.\" tabindex=\"0\">antick\u00fa<\/span> <em>quinta essentia<\/em> s hinduistick\u00fdm sanskrtsk\u00fdm pojmom.<\/p><p>Steiner tento koncept prevzal a vypracoval diferencovan\u00fa n\u00e1uku o \u00e9terick\u00fdch tel\u00e1ch (\u017eivotn\u00fd \u00e9ter, zvukov\u00fd \u00e9ter, sveteln\u00fd \u00e9ter, tepeln\u00fd \u00e9ter), ktor\u00e1 sa v antropozofickej medic\u00edne a pedagogike uplat\u0148uje aj dnes.<\/p>\n<h2 id=\"einordnung\">Religionistick\u00e9 zaradenie<\/h2>\n<p>\u00c9ter je pr\u00edkladom s\u00e9mantick\u00e9ho prechodov\u00e9ho priestoru medzi antickou pr\u00edrodnou filozofiou, predmodernou <span class=\"iwg-fachbegriff\" data-tooltip=\"Predstava o stavbe a poriadku svet v r\u00e1mci danej kult\u00fary.\" tabindex=\"0\">kozmol\u00f3giou<\/span> a novovekou <span class=\"iwg-fachbegriff\" data-tooltip=\"S\u00faborn\u00e9 ozna\u010denie pre u\u010denia, ktor\u00e9 si n\u00e1rokuj\u00fa skryt\u00e9 poznanie pr\u00edstupn\u00e9 len zasv\u00e4ten\u00fdm.\" tabindex=\"0\">ezoterikou<\/span>. Religionistick\u00fd v\u00fdskum (Wouter Hanegraaff, <em>Esotericism and the Academy<\/em>, 2012) \u010dte pojmy ako \u00e9ter, pneuma, ak\u00e1\u0161a ako dvojice pojmov jednej z\u00e1padnej <em>traditio<\/em>, ktor\u00e1 sa od <span class=\"iwg-fachbegriff\" data-tooltip=\"Epocha gr\u00e9ckej a r\u00edmskej kult\u00fary, pribli\u017ene od 800 pred n. l. do 600 n. l.\" tabindex=\"0\">antiky<\/span> nepretr\u017eite prepisuje.<\/p><p>Pochopenie \u00e9teru je preto nevyhnutn\u00e9 pre zaradenie jazyka modern\u00fdch ochrann\u00fdch a lie\u010debn\u00fdch syst\u00e9mov, vr\u00e1tane iWell Guard, ktor\u00fd pracuje s konceptom jemn\u00fdch ochrann\u00fdch pol\u00ed.<\/p>\t\t\t\t\t\t\t\t<\/div>\n\t\t\t\t\t<\/div>\n\t\t<\/div>\n\t\t\t\t\t<\/div>\n\t\t<\/section>\n\t\t<div class=\"elementor-element elementor-element-iwgcd-aether-sec e-flex e-con-boxed e-con e-parent\" data-id=\"iwgcd-aether-sec\" data-element_type=\"container\" data-e-type=\"container\" id=\"iwg-cd-aether\">\n\t\t\t\t\t<div class=\"e-con-inner\">\n\t\t<div class=\"elementor-element elementor-element-iwgcd-aether-inner e-flex e-con-boxed e-con e-parent\" data-id=\"iwgcd-aether-inner\" data-element_type=\"container\" data-e-type=\"container\" data-settings=\"{&quot;background_background&quot;:&quot;classic&quot;}\">\n\t\t\t\t\t<div class=\"e-con-inner\">\n\t\t\t\t<div class=\"elementor-element elementor-element-iwgcd-aether-h elementor-widget elementor-widget-heading\" data-id=\"iwgcd-aether-h\" data-element_type=\"widget\" data-e-type=\"widget\" data-widget_type=\"heading.default\">\n\t\t\t\t\t<h2 class=\"elementor-heading-title elementor-size-default\">Spojenie v iWell Guard<\/h2>\t\t\t\t<\/div>\n\t\t\t\t<div class=\"elementor-element elementor-element-iwgcd-aether-t elementor-widget elementor-widget-text-editor\" data-id=\"iwgcd-aether-t\" data-element_type=\"widget\" data-e-type=\"widget\" data-widget_type=\"text-editor.default\">\n\t\t\t\t\t\t\t\t\t<p>\u00c9ter je v pon\u00edman\u00ed iWell Guard prenikaj\u00facim elementom stvorite\u013eskej energie, v ktorom afirma\u010dn\u00e9 moduly rozv\u00edjaj\u00fa svoj smer p\u00f4sobenia.<\/p>\t\t\t\t\t\t\t\t<\/div>\n\t\t\t\t<div class=\"elementor-element elementor-element-iwgcd-aether-b iwg-cd-button iwg-cd-cta-2026-05-13 elementor-widget elementor-widget-jet-button\" data-id=\"iwgcd-aether-b\" data-element_type=\"widget\" data-e-type=\"widget\" data-widget_type=\"jet-button.default\">\n\t\t\t\t<div class=\"elementor-widget-container\">\n\t\t\t\t\t<div class=\"elementor-jet-button jet-elements\"><div class=\"jet-button__container\"><a class=\"jet-button__instance jet-button__instance--icon-left hover-effect-1\" href=\"\/ueber-iwell-guard\/?utm_source=iwell-guard.com&amp;utm_medium=info-box&amp;utm_campaign=lichtwesen-kosmologie\"><div class=\"jet-button__plane jet-button__plane-normal\"><\/div><div class=\"jet-button__plane jet-button__plane-hover\"><\/div><div class=\"jet-button__state jet-button__state-normal\"><span class=\"jet-button__label\">\u0160trukt\u00fara a princ\u00edp fungovania<\/span><\/div><div class=\"jet-button__state jet-button__state-hover\"><span class=\"jet-button__label\">\u0160trukt\u00fara a princ\u00edp fungovania<\/span><\/div><\/a><\/div><\/div><style>.elementor-element.elementor-element-iwgcd-aether-b .jet-button__instance{width:320px;height:56px;}.elementor-element.elementor-element-iwgcd-aether-b .jet-button__state-normal .jet-button__label{text-align:center;margin:0px 0px 0px 0px;color:#1a1b20;font-family:Montserrat,sans-serif;font-size:13px;font-weight:400;letter-spacing:4px;line-height:1.714em;text-transform:uppercase;}.elementor-element.elementor-element-iwgcd-aether-b .jet-button__state-hover .jet-button__label{text-align:center;margin:0px 0px 0px 0px;color:#FECC76;font-family:Montserrat,sans-serif;font-size:13px;font-weight:400;letter-spacing:4px;line-height:1.714em;text-transform:uppercase;}.elementor-element.elementor-element-iwgcd-aether-b .jet-button__plane-normal{background-color:#FECC76;border-style:solid;border-color:#C99540;border-width:2px 2px 2px 2px;}.elementor-element.elementor-element-iwgcd-aether-b .jet-button__plane-hover{background-color:rgba(0,0,0,0.55);border-style:solid;border-color:#FECC76;border-width:2px 2px 2px 2px;}<\/style>\t\t\t\t<\/div>\n\t\t\t\t<\/div>\n\t\t\t\t<div class=\"elementor-element elementor-element-iwgcd-aether-d elementor-widget elementor-widget-text-editor\" data-id=\"iwgcd-aether-d\" data-element_type=\"widget\" data-e-type=\"widget\" data-widget_type=\"text-editor.default\">\n\t\t\t\t\t\t\t\t\t<div data-nosnippet=\"true\"><p style=\"text-align:center;font-size:13px;opacity:0.7;margin-top:14px\" data-nosnippet=\"true\">Smery \u00fa\u010dinku s\u00fa pop\u00edsan\u00e9 v\u00fdlu\u010dne funk\u010dne. Nie je zdravotn\u00edcka pom\u00f4cka. \u017diadny pr\u00eds\u013eub lie\u010dby.<\/p><\/div>\t\t\t\t\t\t\t\t<\/div>\n\t\t\t\t\t<\/div>\n\t\t\t\t<\/div>\n\t\t\t\t\t<\/div>\n\t\t\t\t<\/div>\n\t\t<div class=\"elementor-element elementor-element-cp56c2c6d e-flex e-con-boxed e-con e-parent\" data-id=\"cp56c2c6d\" data-element_type=\"container\" data-e-type=\"container\">\n\t\t\t\t\t<div class=\"e-con-inner\">\n\t\t\t\t<div class=\"elementor-element elementor-element-cp7120c07 elementor-widget elementor-widget-heading\" data-id=\"cp7120c07\" data-element_type=\"widget\" data-e-type=\"widget\" data-widget_type=\"heading.default\">\n\t\t\t\t\t<h2 class=\"elementor-heading-title elementor-size-default\">\u00c9ter v antickej kozmogonii<\/h2>\t\t\t\t<\/div>\n\t\t<div class=\"elementor-element elementor-element-cpd2d3a38 e-con-full e-flex e-con e-child\" data-id=\"cpd2d3a38\" data-element_type=\"container\" data-e-type=\"container\">\n\t\t\t\t<div class=\"elementor-element elementor-element-cp62342f9 elementor-widget elementor-widget-text-editor\" data-id=\"cp62342f9\" data-element_type=\"widget\" data-e-type=\"widget\" data-widget_type=\"text-editor.default\">\n\t\t\t\t\t\t\t\t\t<p>\u00c9ter je v gr\u00e9ckej a r\u00edmskej <span class=\"iwg-fachbegriff\" data-tooltip=\"Odovzd\u00e1vanie vedomost\u00ed a rozpr\u00e1van\u00ed z gener\u00e1cie na gener\u00e1ciu.\" tabindex=\"0\">trad\u00edcii<\/span> menej p\u00f4sobiacim <span class=\"iwg-fachbegriff\" data-tooltip=\"Bytos\u0165 uctievan\u00e1 ako bo\u017esk\u00e1 v r\u00e1mci ur\u010dit\u00e9ho n\u00e1bo\u017eenstva.\" tabindex=\"0\">bo\u017estvom<\/span> s vlastn\u00fdmi m\u00fdtmi a viac zosobnenou prvopo\u010diato\u010dnou danos\u0165ou svet\u0430. U Hesioda v <em>Theog\u00f3nii<\/em> patr\u00ed Aith\u00e9r k prv\u00fdm bytostiam, ktor\u00e9 vznikaj\u00fa na po\u010diatku svet\u0430.<\/p><p>Je tam die\u0165a\u0165om Nyx, noci, a Erebosa, temnoty, a jeho s\u00farodencom je Hemera, de\u0148. Zo tmy tak vzch\u00e1dza svetlo.<\/p><p>\u00c9ter tu neozna\u010duje vzduch, ktor\u00fd d\u00fdchame, ale horn\u00fa, \u010dist\u00fa, svetl\u00fa vrstvu neba, jasn\u00fa v\u00fd\u0161inu, v ktorej preb\u00fdvaj\u00fa bohovia a ktorou prenik\u00e1 svetlo d\u0148a.<\/p><p>Ni\u017e\u0161\u00ed, hmlist\u00fd vzduch v bl\u00edzkosti zeme volali Gr\u00e9ci naproti tomu <em>a\u00e9r<\/em>. Toto rozl\u00ed\u0161enie medzi \u010dist\u00fdm horn\u00fdm \u00e9terom a ni\u017e\u0161\u00edm, zakalen\u00fdm vzduchom sa tiahne celou <span class=\"iwg-fachbegriff\" data-tooltip=\"Obdobie gr\u00e9ckej a r\u00edmskej kult\u00fary, pribli\u017ene od roku 800 pred Kr. do roku 600 po Kr.\" tabindex=\"0\">antickou<\/span> predstavou svet\u0430.<\/p><p>Ako kozmogonick\u00e1 postava nem\u00e1 \u00c9ter vlastn\u00fd pr\u00edbeh, \u017eiadny v\u00fdznamn\u00fd <span class=\"iwg-fachbegriff\" data-tooltip=\"S\u00fahrn n\u00e1bo\u017eensk\u00fdch \u00factov\u00fdch prakt\u00edk vo\u010di bo\u017estvu alebo sv\u00e4tej postave.\" tabindex=\"0\">kult<\/span> a takmer \u017eiadnu <span class=\"iwg-fachbegriff\" data-tooltip=\"N\u00e1uka o obsahu obrazov a ich v\u00fdzname.\" tabindex=\"0\">ikonografiu<\/span>. Je prvkom n\u00e1uky o vzniku svet\u0430, stavebn\u00fdm kame\u0148om v snahe ran\u00fdch b\u00e1snikov odvodi\u0165 svet z usporiadan\u00e9ho sledu prvotn\u00fdch s\u00edl.<\/p><p>Orfick\u00e9 kozmog\u00f3nie, skupina alternat\u00edvnych n\u00e1uk o stvoren\u00ed, pripisuj\u00fa \u00c9teru miestami v\u00fdraznej\u0161iu \u00falohu a nech\u00e1vaj\u00fa z neho a z Chaosu vznikn\u00fa\u0165 svetov\u00e9 vajce. Z h\u013eadiska vedeck\u00e9ho poznania treba zd\u00f4razni\u0165, \u017ee \u00c9ter je predov\u0161etk\u00fdm pojmom teologickej a filozofickej spekul\u00e1cie, a nie <span class=\"iwg-fachbegriff\" data-tooltip=\"Bytos\u0165 uctievan\u00e1 ako bo\u017esk\u00e1 v r\u00e1mci ur\u010dit\u00e9ho n\u00e1bo\u017eenstva.\" tabindex=\"0\">bo\u017estvom<\/span> \u017eit\u00e9ho n\u00e1bo\u017eenstva.<\/p>\t\t\t\t\t\t\t\t<\/div>\n\t\t\t\t<\/div>\n\t\t\t\t\t<\/div>\n\t\t\t\t<\/div>\n\t\t<div class=\"elementor-element elementor-element-cp07fe2dc e-flex e-con-boxed e-con e-parent\" data-id=\"cp07fe2dc\" data-element_type=\"container\" data-e-type=\"container\">\n\t\t\t\t\t<div class=\"e-con-inner\">\n\t\t\t\t<div class=\"elementor-element elementor-element-cpdc66cdc elementor-widget elementor-widget-heading\" data-id=\"cpdc66cdc\" data-element_type=\"widget\" data-e-type=\"widget\" data-widget_type=\"heading.default\">\n\t\t\t\t\t<h2 class=\"elementor-heading-title elementor-size-default\">Od pojmu bo\u017estva k prvku pr\u00edrodnej filozofie<\/h2>\t\t\t\t<\/div>\n\t\t<div class=\"elementor-element elementor-element-cp5e4e309 e-con-full e-flex e-con e-child\" data-id=\"cp5e4e309\" data-element_type=\"container\" data-e-type=\"container\">\n\t\t\t\t<div class=\"elementor-element elementor-element-cpb09dd19 elementor-widget elementor-widget-text-editor\" data-id=\"cpb09dd19\" data-element_type=\"widget\" data-e-type=\"widget\" data-widget_type=\"text-editor.default\">\n\t\t\t\t\t\t\t\t\t<p>Skuto\u010dn\u00fd v\u00fdznam \u00e9teru sa nesp\u00e1ja s <span class=\"iwg-fachbegriff\" data-tooltip=\"Tradovan\u00fd pr\u00edbeh o bohoch, p\u00f4vode a usporiadan\u00ed svet\u0430.\" tabindex=\"0\">m\u00fdtom<\/span> a <span class=\"iwg-fachbegriff\" data-tooltip=\"S\u00fahrn n\u00e1bo\u017eensk\u00fdch \u00factov\u00fdch prakt\u00edk vo\u010di bo\u017estvu alebo sv\u00e4tej postave.\" tabindex=\"0\">kultom<\/span>, ale s filozofiou. Pr\u00e1ve tu sa zo svetlej nebeskej vrstvy stal z\u00e1kladn\u00fd pojem pr\u00edrodnej filozofie. Rozhoduj\u00faci krok urobil Aristoteles.<\/p><p>V svojej n\u00e1uke o prvkoch rozli\u0161uje \u0161tyri pozemsk\u00e9 prvky, zem, vodu, vzduch a ohe\u0148, od piateho, \u00e9teru, z ktor\u00e9ho s\u00fa zlo\u017een\u00e9 nebesk\u00e9 teles\u00e1 a nebesk\u00e9 sf\u00e9ry.<\/p><p>Tento aristotelovsk\u00fd \u00e9ter m\u00e1 osobit\u00e9 vlastnosti. Je nezni\u010dite\u013en\u00fd, nemenn\u00fd a nav\u017edy sa pohybuje po kruhu, na rozdiel od \u0161tyroch pozemsk\u00fdch prvkov, ktor\u00e9 sa pohybuj\u00fa priamo\u010diaro nahor alebo nadol a podliehaj\u00fa premene.<\/p><p>\u00c9terom vysvetlil Aristoteles, pre\u010do je nebo in\u00e9 povahy ne\u017e svet pod Mesiacom: ve\u010dn\u00e9, pravideln\u00e9 a dokonal\u00e9. Z tejto piatej substancie sa nesk\u00f4r odvodzuje aj pojem kvintesencie, piatej podstaty.<\/p><p>T\u00e1to n\u00e1uka formovala eur\u00f3psky obraz svet\u0430 takmer dve tis\u00edcro\u010dia. Prevzala ju stredovek\u00e1 pr\u00edrodn\u00e1 filozofia a stala sa pevnou s\u00fa\u010das\u0165ou aristotelovsky po\u0148at\u00e9ho kozmu. Aj po tom, \u010do sa tento obraz svet\u0430 v ranom novoveku rozpadol, zostalo slovo \u00e9ter pr\u00edtomn\u00e9 v pr\u00edrodn\u00fdch ved\u00e1ch.<\/p><p>Vo fyzike 17. a\u017e 19. storo\u010dia sl\u00fa\u017eil pojem <em>sveteln\u00fd \u00e9ter<\/em> ako predpokladan\u00e9 m\u00e9dium, v ktorom sa malo \u0161\u00edri\u0165 svetlo; a\u017e fyzika za\u010diatku 20. storo\u010dia t\u00fato predstavu opustila.<\/p><p>Dejiny \u00e9teru tak jasne ukazuj\u00fa, ako p\u00f4vodne mytologicko-n\u00e1bo\u017eensk\u00fd pojem pre\u0161iel cez filozofiu do vedy a ako v nej dlho pretrv\u00e1val.<\/p>\t\t\t\t\t\t\t\t<\/div>\n\t\t\t\t<\/div>\n\t\t\t\t\t<\/div>\n\t\t\t\t<\/div>\n\t\t\t\t<\/div>\n\t\t","protected":false},"excerpt":{"rendered":"","protected":false},"author":3,"featured_media":3395,"parent":0,"menu_order":0,"comment_status":"closed","ping_status":"closed","template":"elementor_header_footer","meta":{"_yoast_wpseo_focuskw":"\u00c9ter jemn\u00e9 nosn\u00e9 m\u00e9dium","_yoast_wpseo_title":"\u00c9ter \u2013 jemn\u00e9 nosn\u00e9 m\u00e9dium | iWell Guard","_yoast_wpseo_metadesc":"\u00c9ter je piaty element staroveku: Aristoteles, stoici, novoplatonici, novovek\u00e1 fyzika a modern\u00e1 teozofia.","_yoast_wpseo_meta-robots-noindex":"","_yoast_wpseo_canonical":"","_angie_page":false,"gefaehrdungsstufe":"","wesen_kultur":"","wesen_klasse":"","footnotes":""},"categories":[],"class_list":["post-157886","page","type-page","status-publish","has-post-thumbnail","hentry"],"yoast_head":"<!-- This site is optimized with the Yoast SEO Premium plugin v27.7 (Yoast SEO v28.3) - https:\/\/yoast.com\/product\/yoast-seo-premium-wordpress\/ -->\n<title>\u00c9ter \u2013 jemn\u00e9 nosn\u00e9 m\u00e9dium | iWell Guard<\/title>\n<meta name=\"description\" content=\"\u00c9ter je piaty element staroveku: Aristoteles, stoici, novoplatonici, novovek\u00e1 fyzika a modern\u00e1 teozofia.\" \/>\n<meta name=\"robots\" content=\"index, follow, max-snippet:-1, max-image-preview:large, max-video-preview:-1\" \/>\n<link rel=\"canonical\" href=\"https:\/\/iwell-guard.com\/sk\/eter\/\" \/>\n<meta property=\"og:locale\" content=\"sk_SK\" \/>\n<meta property=\"og:type\" content=\"article\" \/>\n<meta property=\"og:title\" content=\"\u00c9ter\" \/>\n<meta property=\"og:description\" content=\"\u00c9ter je piaty element staroveku: Aristoteles, stoici, novoplatonici, novovek\u00e1 fyzika a modern\u00e1 teozofia.\" \/>\n<meta property=\"og:url\" content=\"https:\/\/iwell-guard.com\/sk\/eter\/\" \/>\n<meta property=\"og:site_name\" content=\"iWell Guard\" \/>\n<meta property=\"article:modified_time\" content=\"2026-09-04T22:44:57+00:00\" \/>\n<meta property=\"og:image\" content=\"https:\/\/iwell-guard.com\/wp-content\/uploads\/2026\/05\/praktiken_aether.webp\" \/>\n\t<meta property=\"og:image:width\" content=\"1024\" \/>\n\t<meta property=\"og:image:height\" content=\"1536\" \/>\n\t<meta property=\"og:image:type\" content=\"image\/webp\" \/>\n<meta name=\"twitter:card\" content=\"summary_large_image\" \/>\n<script type=\"application\/ld+json\" class=\"yoast-schema-graph\">{\"@context\":\"https:\\\/\\\/schema.org\",\"@graph\":[{\"@type\":\"WebPage\",\"@id\":\"https:\\\/\\\/iwell-guard.com\\\/sk\\\/eter\\\/\",\"url\":\"https:\\\/\\\/iwell-guard.com\\\/sk\\\/eter\\\/\",\"name\":\"\u00c9ter \u2013 jemn\u00e9 nosn\u00e9 m\u00e9dium | iWell Guard\",\"isPartOf\":{\"@id\":\"https:\\\/\\\/iwell-guard.com\\\/sk\\\/#website\"},\"primaryImageOfPage\":{\"@id\":\"https:\\\/\\\/iwell-guard.com\\\/sk\\\/eter\\\/#primaryimage\"},\"image\":{\"@id\":\"https:\\\/\\\/iwell-guard.com\\\/sk\\\/eter\\\/#primaryimage\"},\"thumbnailUrl\":\"https:\\\/\\\/iwell-guard.com\\\/wp-content\\\/uploads\\\/2026\\\/05\\\/praktiken_aether.webp\",\"datePublished\":\"2026-09-04T22:18:58+00:00\",\"dateModified\":\"2026-09-04T22:44:57+00:00\",\"description\":\"\u00c9ter je piaty element staroveku: Aristoteles, stoici, novoplatonici, novovek\u00e1 fyzika a modern\u00e1 teozofia.\",\"breadcrumb\":{\"@id\":\"https:\\\/\\\/iwell-guard.com\\\/sk\\\/eter\\\/#breadcrumb\"},\"inLanguage\":\"sk-SK\",\"potentialAction\":[{\"@type\":\"ReadAction\",\"target\":[\"https:\\\/\\\/iwell-guard.com\\\/sk\\\/eter\\\/\"]}]},{\"@type\":\"ImageObject\",\"inLanguage\":\"sk-SK\",\"@id\":\"https:\\\/\\\/iwell-guard.com\\\/sk\\\/eter\\\/#primaryimage\",\"url\":\"https:\\\/\\\/iwell-guard.com\\\/wp-content\\\/uploads\\\/2026\\\/05\\\/praktiken_aether.webp\",\"contentUrl\":\"https:\\\/\\\/iwell-guard.com\\\/wp-content\\\/uploads\\\/2026\\\/05\\\/praktiken_aether.webp\",\"width\":1024,\"height\":1536,\"caption\":\"Praktika. Historicko-ilustrat\u00edvne zobrazenie.\"},{\"@type\":\"BreadcrumbList\",\"@id\":\"https:\\\/\\\/iwell-guard.com\\\/sk\\\/eter\\\/#breadcrumb\",\"itemListElement\":[{\"@type\":\"ListItem\",\"position\":1,\"name\":\"Start\",\"item\":\"https:\\\/\\\/iwell-guard.com\\\/sk\\\/?page_id=157572\"},{\"@type\":\"ListItem\",\"position\":2,\"name\":\"\u00c9ter\"}]},{\"@type\":\"WebSite\",\"@id\":\"https:\\\/\\\/iwell-guard.com\\\/sk\\\/#website\",\"url\":\"https:\\\/\\\/iwell-guard.com\\\/sk\\\/\",\"name\":\"iWell Guard\",\"description\":\"Schutz vor dunklen Einfl\u00fcssen\",\"publisher\":{\"@id\":\"https:\\\/\\\/iwell-guard.com\\\/sk\\\/#organization\"},\"potentialAction\":[{\"@type\":\"SearchAction\",\"target\":{\"@type\":\"EntryPoint\",\"urlTemplate\":\"https:\\\/\\\/iwell-guard.com\\\/sk\\\/?s={search_term_string}\"},\"query-input\":{\"@type\":\"PropertyValueSpecification\",\"valueRequired\":true,\"valueName\":\"search_term_string\"}}],\"inLanguage\":\"sk-SK\"},{\"@type\":\"Organization\",\"@id\":\"https:\\\/\\\/iwell-guard.com\\\/sk\\\/#organization\",\"name\":\"Ittermann electronic GmbH\",\"url\":\"https:\\\/\\\/iwell-guard.com\\\/sk\\\/\",\"logo\":{\"@type\":\"ImageObject\",\"inLanguage\":\"sk-SK\",\"@id\":\"https:\\\/\\\/iwell-guard.com\\\/sk\\\/#\\\/schema\\\/logo\\\/image\\\/\",\"url\":\"https:\\\/\\\/iwell-guard.com\\\/wp-content\\\/uploads\\\/2026\\\/05\\\/Ittermann-Logo-1182x237-1.png\",\"contentUrl\":\"https:\\\/\\\/iwell-guard.com\\\/wp-content\\\/uploads\\\/2026\\\/05\\\/Ittermann-Logo-1182x237-1.png\",\"width\":1182,\"height\":237,\"caption\":\"Ittermann electronic GmbH\"},\"image\":{\"@id\":\"https:\\\/\\\/iwell-guard.com\\\/sk\\\/#\\\/schema\\\/logo\\\/image\\\/\"},\"sameAs\":[\"https:\\\/\\\/pantip.com\\\/profile\\\/9367242\",\"https:\\\/\\\/micro.blog\\\/iwellguard\",\"https:\\\/\\\/www.diggerslist.com\\\/iwellguard\\\/about\",\"https:\\\/\\\/skitterphoto.com\\\/photographers\\\/2870314\\\/iwell-guard\",\"https:\\\/\\\/iwellguard.wordpress.com\\\/2026\\\/06\\\/06\\\/iwell-guard\\\/\",\"https:\\\/\\\/hub.docker.com\\\/u\\\/iwellguard\",\"https:\\\/\\\/www.pinterest.com\\\/iwellguard\\\/\",\"https:\\\/\\\/bit.ly\\\/m\\\/iwellguard\",\"https:\\\/\\\/entre-vos-mains.alsace.eu\\\/profiles\\\/iwellguard\\\/activity\",\"https:\\\/\\\/gravatar.com\\\/reallybeded8fd34\",\"https:\\\/\\\/naijamatta.com\\\/iwellguard\",\"https:\\\/\\\/www.goodreads.com\\\/iwellguard\",\"https:\\\/\\\/profile.hatena.ne.jp\\\/iwellguard\\\/\",\"https:\\\/\\\/experiment.com\\\/users\\\/iwellguard\",\"https:\\\/\\\/wakelet.com\\\/@iWellGuard82270\",\"https:\\\/\\\/www.chordie.com\\\/forum\\\/profile.php?id=2555664\",\"https:\\\/\\\/www.instapaper.com\\\/p\\\/17757966\",\"https:\\\/\\\/www.mapleprimes.com\\\/users\\\/iwellguard\",\"https:\\\/\\\/businesslistingplus.com\\\/profile\\\/iwell-guard\\\/\",\"https:\\\/\\\/telegra.ph\\\/iWell-Guard-06-06\",\"https:\\\/\\\/pbase.com\\\/iwellguard\\\/iwellguard\",\"https:\\\/\\\/b.hatena.ne.jp\\\/iwellguard\\\/20260607#bookmark-4788405196491818882\",\"https:\\\/\\\/fliphtml5.com\\\/home\\\/iwellguard\",\"https:\\\/\\\/anyflip.com\\\/homepage\\\/cmiwl#About\",\"https:\\\/\\\/transfur.com\\\/Users\\\/iwellguard\",\"http:\\\/\\\/delphi.larsbo.org\\\/user\\\/iwellguard\",\"https:\\\/\\\/jobs.lajobsportal.org\\\/profiles\\\/8380803-iwell-guard\",\"https:\\\/\\\/md.chaosdorf.de\\\/s\\\/jfbe5SBdJD\",\"https:\\\/\\\/www.lingvolive.com\\\/en-us\\\/profile\\\/9ecaeaca-ce11-4e51-9e71-01d55e2bff36\\\/translations\",\"https:\\\/\\\/www.fitday.com\\\/fitness\\\/forums\\\/members\\\/iwellguard.html\",\"https:\\\/\\\/www.mymeetbook.com\\\/iwellguard\",\"https:\\\/\\\/pxhere.com\\\/en\\\/photographer-me\\\/5040798\",\"https:\\\/\\\/disqus.com\\\/by\\\/iwellguard\\\/about\\\/\",\"https:\\\/\\\/pastelink.net\\\/hjwciqwq\",\"https:\\\/\\\/pubhtml5.com\\\/homepage\\\/scjhn\\\/\",\"https:\\\/\\\/www.bitchute.com\\\/channel\\\/2O2eOKzNqujT\",\"https:\\\/\\\/audiomack.com\\\/iwellguard\"]}]}<\/script>\n<!-- \/ Yoast SEO Premium plugin. -->","yoast_head_json":{"title":"\u00c9ter \u2013 jemn\u00e9 nosn\u00e9 m\u00e9dium | iWell Guard","description":"\u00c9ter je piaty element staroveku: Aristoteles, stoici, novoplatonici, novovek\u00e1 fyzika a modern\u00e1 teozofia.","robots":{"index":"index","follow":"follow","max-snippet":"max-snippet:-1","max-image-preview":"max-image-preview:large","max-video-preview":"max-video-preview:-1"},"canonical":"https:\/\/iwell-guard.com\/sk\/eter\/","og_locale":"sk_SK","og_type":"article","og_title":"\u00c9ter","og_description":"\u00c9ter je piaty element staroveku: Aristoteles, stoici, novoplatonici, novovek\u00e1 fyzika a modern\u00e1 teozofia.","og_url":"https:\/\/iwell-guard.com\/sk\/eter\/","og_site_name":"iWell Guard","article_modified_time":"2026-09-04T22:44:57+00:00","og_image":[{"width":1024,"height":1536,"url":"https:\/\/iwell-guard.com\/wp-content\/uploads\/2026\/05\/praktiken_aether.webp","type":"image\/webp"}],"twitter_card":"summary_large_image","schema":{"@context":"https:\/\/schema.org","@graph":[{"@type":"WebPage","@id":"https:\/\/iwell-guard.com\/sk\/eter\/","url":"https:\/\/iwell-guard.com\/sk\/eter\/","name":"\u00c9ter \u2013 jemn\u00e9 nosn\u00e9 m\u00e9dium | iWell Guard","isPartOf":{"@id":"https:\/\/iwell-guard.com\/sk\/#website"},"primaryImageOfPage":{"@id":"https:\/\/iwell-guard.com\/sk\/eter\/#primaryimage"},"image":{"@id":"https:\/\/iwell-guard.com\/sk\/eter\/#primaryimage"},"thumbnailUrl":"https:\/\/iwell-guard.com\/wp-content\/uploads\/2026\/05\/praktiken_aether.webp","datePublished":"2026-09-04T22:18:58+00:00","dateModified":"2026-09-04T22:44:57+00:00","description":"\u00c9ter je piaty element staroveku: Aristoteles, stoici, novoplatonici, novovek\u00e1 fyzika a modern\u00e1 teozofia.","breadcrumb":{"@id":"https:\/\/iwell-guard.com\/sk\/eter\/#breadcrumb"},"inLanguage":"sk-SK","potentialAction":[{"@type":"ReadAction","target":["https:\/\/iwell-guard.com\/sk\/eter\/"]}]},{"@type":"ImageObject","inLanguage":"sk-SK","@id":"https:\/\/iwell-guard.com\/sk\/eter\/#primaryimage","url":"https:\/\/iwell-guard.com\/wp-content\/uploads\/2026\/05\/praktiken_aether.webp","contentUrl":"https:\/\/iwell-guard.com\/wp-content\/uploads\/2026\/05\/praktiken_aether.webp","width":1024,"height":1536,"caption":"Praktika. Historicko-ilustrat\u00edvne zobrazenie."},{"@type":"BreadcrumbList","@id":"https:\/\/iwell-guard.com\/sk\/eter\/#breadcrumb","itemListElement":[{"@type":"ListItem","position":1,"name":"Start","item":"https:\/\/iwell-guard.com\/sk\/?page_id=157572"},{"@type":"ListItem","position":2,"name":"\u00c9ter"}]},{"@type":"WebSite","@id":"https:\/\/iwell-guard.com\/sk\/#website","url":"https:\/\/iwell-guard.com\/sk\/","name":"iWell Guard","description":"Schutz vor dunklen Einfl\u00fcssen","publisher":{"@id":"https:\/\/iwell-guard.com\/sk\/#organization"},"potentialAction":[{"@type":"SearchAction","target":{"@type":"EntryPoint","urlTemplate":"https:\/\/iwell-guard.com\/sk\/?s={search_term_string}"},"query-input":{"@type":"PropertyValueSpecification","valueRequired":true,"valueName":"search_term_string"}}],"inLanguage":"sk-SK"},{"@type":"Organization","@id":"https:\/\/iwell-guard.com\/sk\/#organization","name":"Ittermann electronic GmbH","url":"https:\/\/iwell-guard.com\/sk\/","logo":{"@type":"ImageObject","inLanguage":"sk-SK","@id":"https:\/\/iwell-guard.com\/sk\/#\/schema\/logo\/image\/","url":"https:\/\/iwell-guard.com\/wp-content\/uploads\/2026\/05\/Ittermann-Logo-1182x237-1.png","contentUrl":"https:\/\/iwell-guard.com\/wp-content\/uploads\/2026\/05\/Ittermann-Logo-1182x237-1.png","width":1182,"height":237,"caption":"Ittermann electronic GmbH"},"image":{"@id":"https:\/\/iwell-guard.com\/sk\/#\/schema\/logo\/image\/"},"sameAs":["https:\/\/pantip.com\/profile\/9367242","https:\/\/micro.blog\/iwellguard","https:\/\/www.diggerslist.com\/iwellguard\/about","https:\/\/skitterphoto.com\/photographers\/2870314\/iwell-guard","https:\/\/iwellguard.wordpress.com\/2026\/06\/06\/iwell-guard\/","https:\/\/hub.docker.com\/u\/iwellguard","https:\/\/www.pinterest.com\/iwellguard\/","https:\/\/bit.ly\/m\/iwellguard","https:\/\/entre-vos-mains.alsace.eu\/profiles\/iwellguard\/activity","https:\/\/gravatar.com\/reallybeded8fd34","https:\/\/naijamatta.com\/iwellguard","https:\/\/www.goodreads.com\/iwellguard","https:\/\/profile.hatena.ne.jp\/iwellguard\/","https:\/\/experiment.com\/users\/iwellguard","https:\/\/wakelet.com\/@iWellGuard82270","https:\/\/www.chordie.com\/forum\/profile.php?id=2555664","https:\/\/www.instapaper.com\/p\/17757966","https:\/\/www.mapleprimes.com\/users\/iwellguard","https:\/\/businesslistingplus.com\/profile\/iwell-guard\/","https:\/\/telegra.ph\/iWell-Guard-06-06","https:\/\/pbase.com\/iwellguard\/iwellguard","https:\/\/b.hatena.ne.jp\/iwellguard\/20260607#bookmark-4788405196491818882","https:\/\/fliphtml5.com\/home\/iwellguard","https:\/\/anyflip.com\/homepage\/cmiwl#About","https:\/\/transfur.com\/Users\/iwellguard","http:\/\/delphi.larsbo.org\/user\/iwellguard","https:\/\/jobs.lajobsportal.org\/profiles\/8380803-iwell-guard","https:\/\/md.chaosdorf.de\/s\/jfbe5SBdJD","https:\/\/www.lingvolive.com\/en-us\/profile\/9ecaeaca-ce11-4e51-9e71-01d55e2bff36\/translations","https:\/\/www.fitday.com\/fitness\/forums\/members\/iwellguard.html","https:\/\/www.mymeetbook.com\/iwellguard","https:\/\/pxhere.com\/en\/photographer-me\/5040798","https:\/\/disqus.com\/by\/iwellguard\/about\/","https:\/\/pastelink.net\/hjwciqwq","https:\/\/pubhtml5.com\/homepage\/scjhn\/","https:\/\/www.bitchute.com\/channel\/2O2eOKzNqujT","https:\/\/audiomack.com\/iwellguard"]}]}},"_links":{"self":[{"href":"https:\/\/iwell-guard.com\/sk\/wp-json\/wp\/v2\/pages\/157886","targetHints":{"allow":["GET"]}}],"collection":[{"href":"https:\/\/iwell-guard.com\/sk\/wp-json\/wp\/v2\/pages"}],"about":[{"href":"https:\/\/iwell-guard.com\/sk\/wp-json\/wp\/v2\/types\/page"}],"author":[{"embeddable":true,"href":"https:\/\/iwell-guard.com\/sk\/wp-json\/wp\/v2\/users\/3"}],"replies":[{"embeddable":true,"href":"https:\/\/iwell-guard.com\/sk\/wp-json\/wp\/v2\/comments?post=157886"}],"version-history":[{"count":0,"href":"https:\/\/iwell-guard.com\/sk\/wp-json\/wp\/v2\/pages\/157886\/revisions"}],"wp:featuredmedia":[{"embeddable":true,"href":"https:\/\/iwell-guard.com\/sk\/wp-json\/wp\/v2\/media\/3395"}],"wp:attachment":[{"href":"https:\/\/iwell-guard.com\/sk\/wp-json\/wp\/v2\/media?parent=157886"}],"wp:term":[{"taxonomy":"category","embeddable":true,"href":"https:\/\/iwell-guard.com\/sk\/wp-json\/wp\/v2\/categories?post=157886"}],"curies":[{"name":"wp","href":"https:\/\/api.w.org\/{rel}","templated":true}]}}